{"id":14698,"date":"2022-01-12T14:25:55","date_gmt":"2022-01-12T20:25:55","guid":{"rendered":"https:\/\/teec.org.mx\/web\/?page_id=14698"},"modified":"2023-01-16T12:14:11","modified_gmt":"2023-01-16T18:14:11","slug":"jdc-2022","status":"publish","type":"page","link":"https:\/\/teec.org.mx\/web\/jdc-2022\/","title":{"rendered":"JDC 2022"},"content":{"rendered":"\n<h3 class=\"has-text-align-center wp-block-heading\">Juicio para la protecci\u00f3n de los derechos pol\u00edticos-electorales de la ciudadan\u00eda<\/h3>\n\n\n\n<p>&nbsp;<\/p>\n<p style=\"text-align: center;\"><div class=\"supsystic-table-loader la-ball-beat la-2x\" style=\"color:#000000\"><div><\/div><div><\/div><div><\/div><\/div><div id=\"supsystic-table-68_10905\" class=\"supsystic-tables-wrap pagination-medium\" style=\" width:100%; visibility: hidden; \" data-table-width-fixed=\"100%\" data-table-width-mobile=\"100%\" ><div class=\"supsystic-tables-features\"><\/div><table id=\"supsystic-table-68\" class=\"supsystic-table border cell-border\" data-id=\"68\" data-view-id=\"68_10905\" data-title=\"JDC 2022\" data-currency-format=\"$1,000.00\" data-percent-format=\"10.00%\" data-date-format=\"DD.MM.YYYY\" data-time-format=\"HH:mm\" data-features=\"[&quot;info&quot;,&quot;paging&quot;,&quot;searching&quot;,&quot;after_table_loaded_script&quot;,&quot;import&quot;]\" data-search-value=\"\" data-head=\"on\" data-head-rows-count=\"1\" data-pagination-length=\"10,25,50,100,All\" data-auto-index=\"off\" data-searching-settings=\"{&quot;columnSearchPosition&quot;:&quot;bottom&quot;,&quot;minChars&quot;:&quot;0&quot;}\" data-lang=\"Spanish\" data-override=\"{&quot;emptyTable&quot;:&quot;&quot;,&quot;info&quot;:&quot;&quot;,&quot;infoEmpty&quot;:&quot;&quot;,&quot;infoFiltered&quot;:&quot;&quot;,&quot;lengthMenu&quot;:&quot;&quot;,&quot;search&quot;:&quot;&quot;,&quot;zeroRecords&quot;:&quot;&quot;,&quot;exportLabel&quot;:&quot;&quot;,&quot;file&quot;:&quot;Spanish&quot;}\" data-merged=\"[]\" data-responsive-mode=\"0\" data-from-history=\"0\" ><thead><tr><th data-cell-id=\"A1\" data-x=\"0\" data-y=\"1\" data-db-index=\"1\" class=\"htCenter bg-d49820 color-ffffff bold fsize-18\" data-cell-type=\"text\" data-original-value=\"FECHA Y HORA DE NOTIFICACI\u00d3N\" data-order=\"FECHA Y HORA DE NOTIFICACI\u00d3N\" style=\"min-width:21.9534%; \" >FECHA Y HORA DE NOTIFICACI\u00d3N <\/th><th data-cell-id=\"B1\" data-x=\"1\" data-y=\"1\" data-db-index=\"1\" class=\"htCenter bg-d49820 color-ffffff bold fsize-18\" data-cell-type=\"text\" data-original-value=\"PROMOVENTE\" data-order=\"PROMOVENTE\" style=\"min-width:28.9427%; \" >PROMOVENTE <\/th><th data-cell-id=\"C1\" data-x=\"2\" data-y=\"1\" data-db-index=\"1\" class=\"htCenter bg-d49820 color-ffffff bold fsize-18\" data-cell-type=\"text\" data-original-value=\"AUTORIDAD RESPONSABLE\" data-order=\"AUTORIDAD RESPONSABLE\" style=\"min-width:22.8495%; \" >AUTORIDAD RESPONSABLE <\/th><th data-cell-id=\"D1\" data-x=\"3\" data-y=\"1\" data-db-index=\"1\" class=\"htCenter bg-d49820 color-ffffff bold fsize-18\" data-cell-type=\"text\" data-original-value=\"ARCHIVO\" data-order=\"ARCHIVO\" style=\"min-width:26.2545%; \" >ARCHIVO <\/th><\/tr><\/thead><tbody><tr style=\"height:px\" ><td data-cell-id=\"A2\" data-x=\"0\" data-y=\"2\" data-db-index=\"2\" class=\"fsize-18\" data-cell-type=\"text\" data-original-value=\"21 DE DICIEMBRE DE 2022, A LAS 13:25 HORAS\" data-order=\"21 DE DICIEMBRE DE 2022, A LAS 13:25 HORAS\" >21 DE DICIEMBRE DE 2022, A LAS 13:25 HORAS <\/td><td data-cell-id=\"B2\" data-x=\"1\" data-y=\"2\" data-db-index=\"2\" class=\"fsize-18\" data-cell-type=\"text\" data-original-value=\"DATO PROTEGIDO\" data-order=\"DATO PROTEGIDO\" >DATO PROTEGIDO <\/td><td data-cell-id=\"C2\" data-x=\"2\" data-y=\"2\" data-db-index=\"2\" class=\"fsize-18\" data-cell-type=\"text\" data-original-value=\"ARMANDO JAVIER G\u00d3MEZ VELA, PRESIDENTE DEL COMIT\u00c9 DIRECTIVO MUNICIPAL DEL PAN\" data-order=\"ARMANDO JAVIER G\u00d3MEZ VELA, PRESIDENTE DEL COMIT\u00c9 DIRECTIVO MUNICIPAL DEL PAN\" >ARMANDO JAVIER G\u00d3MEZ VELA, PRESIDENTE DEL COMIT\u00c9 DIRECTIVO MUNICIPAL DEL PAN <\/td><td data-cell-id=\"D2\" data-x=\"3\" data-y=\"2\" data-db-index=\"2\" class=\"fsize-18\" data-cell-type=\"text\" data-original-value=\"&lt;a href=&quot;https:\/\/teec.org.mx\/web\/wp-content\/uploads\/2022\/12\/TEEC-JDC-8-2022-vp-21-12-2022.pdf&quot; target=&quot;_blank&quot;&gt;TEEC\/JDC\/8\/2022 (SE DECLARA FIRME Y VALEDERA EL ACUERDO PLENARIO)&lt;\/a&gt;\" data-order=\"&lt;a href=&quot;https:\/\/teec.org.mx\/web\/wp-content\/uploads\/2022\/12\/TEEC-JDC-8-2022-vp-21-12-2022.pdf&quot; target=&quot;_blank&quot;&gt;TEEC\/JDC\/8\/2022 (SE DECLARA FIRME Y VALEDERA EL ACUERDO PLENARIO)&lt;\/a&gt;\" ><a href=\"https:\/\/teec.org.mx\/web\/wp-content\/uploads\/2022\/12\/TEEC-JDC-8-2022-vp-21-12-2022.pdf\" target=\"_blank\">TEEC\/JDC\/8\/2022 (SE DECLARA FIRME Y VALEDERA EL ACUERDO PLENARIO)<\/a><\/td><\/tr><tr style=\"height:px\" ><td data-cell-id=\"A3\" data-x=\"0\" data-y=\"3\" data-db-index=\"3\" class=\"fsize-18\" data-cell-type=\"text\" data-original-value=\"13 DE DICIEMBRE DE 2022, A LAS 13:45 HORAS\" data-order=\"13 DE DICIEMBRE DE 2022, A LAS 13:45 HORAS\" >13 DE DICIEMBRE DE 2022, A LAS 13:45 HORAS <\/td><td data-cell-id=\"B3\" data-x=\"1\" data-y=\"3\" data-db-index=\"3\" class=\"fsize-18\" data-cell-type=\"text\" data-original-value=\"DATO PROTEGIDO\" data-order=\"DATO PROTEGIDO\" >DATO PROTEGIDO <\/td><td data-cell-id=\"C3\" data-x=\"2\" data-y=\"3\" data-db-index=\"3\" class=\"fsize-18\" data-cell-type=\"text\" data-original-value=\"ARMANDO JAVIER G\u00d3MEZ VELA, PRESIDENTE DEL COMIT\u00c9 DIRECTIVO MUNICIPAL DEL PAN\" data-order=\"ARMANDO JAVIER G\u00d3MEZ VELA, PRESIDENTE DEL COMIT\u00c9 DIRECTIVO MUNICIPAL DEL PAN\" >ARMANDO JAVIER G\u00d3MEZ VELA, PRESIDENTE DEL COMIT\u00c9 DIRECTIVO MUNICIPAL DEL PAN <\/td><td data-cell-id=\"D3\" data-x=\"3\" data-y=\"3\" data-db-index=\"3\" class=\"fsize-18\" data-cell-type=\"text\" data-original-value=\"&lt;a href=&quot;https:\/\/teec.org.mx\/web\/wp-content\/uploads\/2022\/12\/TEEC-JDC-8-2022-vp-acuerdo-plenario-13-12-2022.pdf&quot; target=&quot;_blank&quot;&gt;TEEC\/JDC\/8\/2022 (ACUERDO PLENARIO)&lt;\/a&gt;\" data-order=\"&lt;a href=&quot;https:\/\/teec.org.mx\/web\/wp-content\/uploads\/2022\/12\/TEEC-JDC-8-2022-vp-acuerdo-plenario-13-12-2022.pdf&quot; target=&quot;_blank&quot;&gt;TEEC\/JDC\/8\/2022 (ACUERDO PLENARIO)&lt;\/a&gt;\" ><a href=\"https:\/\/teec.org.mx\/web\/wp-content\/uploads\/2022\/12\/TEEC-JDC-8-2022-vp-acuerdo-plenario-13-12-2022.pdf\" target=\"_blank\">TEEC\/JDC\/8\/2022 (ACUERDO PLENARIO)<\/a><\/td><\/tr><tr style=\"height:px\" ><td data-cell-id=\"A4\" data-x=\"0\" data-y=\"4\" data-db-index=\"4\" class=\"fsize-18\" data-cell-type=\"text\" data-original-value=\"07 DE DICIEMBRE DE 2022, A LAS 14:00 HORAS\" data-order=\"07 DE DICIEMBRE DE 2022, A LAS 14:00 HORAS\" >07 DE DICIEMBRE DE 2022, A LAS 14:00 HORAS <\/td><td data-cell-id=\"B4\" data-x=\"1\" data-y=\"4\" data-db-index=\"4\" class=\"fsize-18\" data-cell-type=\"text\" data-original-value=\"DATO PROTEGIDO\" data-order=\"DATO PROTEGIDO\" >DATO PROTEGIDO <\/td><td data-cell-id=\"C4\" data-x=\"2\" data-y=\"4\" data-db-index=\"4\" class=\"fsize-18\" data-cell-type=\"text\" data-original-value=\"ARMANDO JAVIER G\u00d3MEZ VELA, PRESIDENTE DEL COMIT\u00c9 DIRECTIVO MUNICIPAL DEL PAN\" data-order=\"ARMANDO JAVIER G\u00d3MEZ VELA, PRESIDENTE DEL COMIT\u00c9 DIRECTIVO MUNICIPAL DEL PAN\" >ARMANDO JAVIER G\u00d3MEZ VELA, PRESIDENTE DEL COMIT\u00c9 DIRECTIVO MUNICIPAL DEL PAN <\/td><td data-cell-id=\"D4\" data-x=\"3\" data-y=\"4\" data-db-index=\"4\" class=\"fsize-18\" data-cell-type=\"text\" data-original-value=\"&lt;a href=&quot;https:\/\/teec.org.mx\/web\/wp-content\/uploads\/2022\/12\/TEEC-JDC-8-2022-vp-07-12-2022.pdf&quot; target=&quot;_blank&quot;&gt;TEEC\/JDC\/8\/2022 (SE FIJA FECHA Y HORA PARA SESION PRIVADA)&lt;\/a&gt;\" data-order=\"&lt;a href=&quot;https:\/\/teec.org.mx\/web\/wp-content\/uploads\/2022\/12\/TEEC-JDC-8-2022-vp-07-12-2022.pdf&quot; target=&quot;_blank&quot;&gt;TEEC\/JDC\/8\/2022 (SE FIJA FECHA Y HORA PARA SESION PRIVADA)&lt;\/a&gt;\" ><a href=\"https:\/\/teec.org.mx\/web\/wp-content\/uploads\/2022\/12\/TEEC-JDC-8-2022-vp-07-12-2022.pdf\" target=\"_blank\">TEEC\/JDC\/8\/2022 (SE FIJA FECHA Y HORA PARA SESION PRIVADA)<\/a><\/td><\/tr><tr style=\"height:px\" ><td data-cell-id=\"A5\" data-x=\"0\" data-y=\"5\" data-db-index=\"5\" class=\"fsize-18\" data-cell-type=\"text\" data-original-value=\"05 DE DICIEMBRE DE 2022, A LAS 12:30 HORAS\" data-order=\"05 DE DICIEMBRE DE 2022, A LAS 12:30 HORAS\" >05 DE DICIEMBRE DE 2022, A LAS 12:30 HORAS <\/td><td data-cell-id=\"B5\" data-x=\"1\" data-y=\"5\" data-db-index=\"5\" class=\"fsize-18\" data-cell-type=\"text\" data-original-value=\"DATO PROTEGIDO\" data-order=\"DATO PROTEGIDO\" >DATO PROTEGIDO <\/td><td data-cell-id=\"C5\" data-x=\"2\" data-y=\"5\" data-db-index=\"5\" class=\"fsize-18\" data-cell-type=\"text\" data-original-value=\"ARMANDO JAVIER G\u00d3MEZ VELA, PRESIDENTE DEL COMIT\u00c9 DIRECTIVO MUNICIPAL DEL PAN\" data-order=\"ARMANDO JAVIER G\u00d3MEZ VELA, PRESIDENTE DEL COMIT\u00c9 DIRECTIVO MUNICIPAL DEL PAN\" >ARMANDO JAVIER G\u00d3MEZ VELA, PRESIDENTE DEL COMIT\u00c9 DIRECTIVO MUNICIPAL DEL PAN <\/td><td data-cell-id=\"D5\" data-x=\"3\" data-y=\"5\" data-db-index=\"5\" class=\"fsize-18\" data-cell-type=\"text\" data-original-value=\"&lt;a href=&quot;https:\/\/teec.org.mx\/web\/wp-content\/uploads\/2022\/12\/TEEC-JDC-8-2022-vp-05-12-2022.pdf&quot; target=&quot;_blank&quot;&gt;TEEC\/JDC\/8\/2022 (ACUERDO DE RECEPCI\u00d3N Y ACUMULACI\u00d3N)&lt;\/a&gt;\" data-order=\"&lt;a href=&quot;https:\/\/teec.org.mx\/web\/wp-content\/uploads\/2022\/12\/TEEC-JDC-8-2022-vp-05-12-2022.pdf&quot; target=&quot;_blank&quot;&gt;TEEC\/JDC\/8\/2022 (ACUERDO DE RECEPCI\u00d3N Y ACUMULACI\u00d3N)&lt;\/a&gt;\" ><a href=\"https:\/\/teec.org.mx\/web\/wp-content\/uploads\/2022\/12\/TEEC-JDC-8-2022-vp-05-12-2022.pdf\" target=\"_blank\">TEEC\/JDC\/8\/2022 (ACUERDO DE RECEPCI\u00d3N Y ACUMULACI\u00d3N)<\/a><\/td><\/tr><tr style=\"height:px\" ><td data-cell-id=\"A6\" data-x=\"0\" data-y=\"6\" data-db-index=\"6\" class=\"fsize-18\" data-cell-type=\"text\" data-original-value=\"02 DE DICIEMBRE DE 2022, A LAS 13:30 HORAS\" data-order=\"02 DE DICIEMBRE DE 2022, A LAS 13:30 HORAS\" >02 DE DICIEMBRE DE 2022, A LAS 13:30 HORAS <\/td><td data-cell-id=\"B6\" data-x=\"1\" data-y=\"6\" data-db-index=\"6\" class=\"fsize-18\" data-cell-type=\"text\" data-original-value=\"DATO PROTEGIDO\" data-order=\"DATO PROTEGIDO\" >DATO PROTEGIDO <\/td><td data-cell-id=\"C6\" data-x=\"2\" data-y=\"6\" data-db-index=\"6\" class=\"fsize-18\" data-cell-type=\"text\" data-original-value=\"ARMANDO JAVIER G\u00d3MEZ VELA, PRESIDENTE DEL COMIT\u00c9 DIRECTIVO MUNICIPAL DEL PAN\" data-order=\"ARMANDO JAVIER G\u00d3MEZ VELA, PRESIDENTE DEL COMIT\u00c9 DIRECTIVO MUNICIPAL DEL PAN\" >ARMANDO JAVIER G\u00d3MEZ VELA, PRESIDENTE DEL COMIT\u00c9 DIRECTIVO MUNICIPAL DEL PAN <\/td><td data-cell-id=\"D6\" data-x=\"3\" data-y=\"6\" data-db-index=\"6\" class=\"fsize-18\" data-cell-type=\"text\" data-original-value=\"&lt;a href=&quot;https:\/\/teec.org.mx\/web\/wp-content\/uploads\/2022\/12\/TEEC-JDC-8-2022-vp-02-12-2022.pdf&quot; target=&quot;_blank&quot;&gt;TEEC\/JDC\/8\/2022 (ACUERDO DE TURNO DE DOCUMENTACI\u00d3N)&lt;\/a&gt;\" data-order=\"&lt;a href=&quot;https:\/\/teec.org.mx\/web\/wp-content\/uploads\/2022\/12\/TEEC-JDC-8-2022-vp-02-12-2022.pdf&quot; target=&quot;_blank&quot;&gt;TEEC\/JDC\/8\/2022 (ACUERDO DE TURNO DE DOCUMENTACI\u00d3N)&lt;\/a&gt;\" ><a href=\"https:\/\/teec.org.mx\/web\/wp-content\/uploads\/2022\/12\/TEEC-JDC-8-2022-vp-02-12-2022.pdf\" target=\"_blank\">TEEC\/JDC\/8\/2022 (ACUERDO DE TURNO DE DOCUMENTACI\u00d3N)<\/a><\/td><\/tr><tr style=\"height:px\" ><td data-cell-id=\"A7\" data-x=\"0\" data-y=\"7\" data-db-index=\"7\" class=\"fsize-18\" data-cell-type=\"text\" data-original-value=\"28 DE NOVIEMBRE DE 2022, A LAS 12:30 HORAS\" data-order=\"28 DE NOVIEMBRE DE 2022, A LAS 12:30 HORAS\" >28 DE NOVIEMBRE DE 2022, A LAS 12:30 HORAS <\/td><td data-cell-id=\"B7\" data-x=\"1\" data-y=\"7\" data-db-index=\"7\" class=\"fsize-18\" data-cell-type=\"text\" data-original-value=\"DATO PROTEGIDO \" data-order=\"DATO PROTEGIDO \" >DATO PROTEGIDO <\/td><td data-cell-id=\"C7\" data-x=\"2\" data-y=\"7\" data-db-index=\"7\" class=\"fsize-18\" data-cell-type=\"text\" data-original-value=\"ARMANDO JAVIER G\u00d3MEZ VELA, PRESIDENTE DEL COMIT\u00c9 DIRECTIVO MUNICIPAL DEL PAN\" data-order=\"ARMANDO JAVIER G\u00d3MEZ VELA, PRESIDENTE DEL COMIT\u00c9 DIRECTIVO MUNICIPAL DEL PAN\" >ARMANDO JAVIER G\u00d3MEZ VELA, PRESIDENTE DEL COMIT\u00c9 DIRECTIVO MUNICIPAL DEL PAN <\/td><td data-cell-id=\"D7\" data-x=\"3\" data-y=\"7\" data-db-index=\"7\" class=\"fsize-18\" data-cell-type=\"text\" data-original-value=\"&lt;a href=&quot;https:\/\/teec.org.mx\/web\/wp-content\/uploads\/2022\/11\/TEEC-JDC-8-2022-vp-28-11-2022.pdf&quot; target=&quot;_blank&quot;&gt;TEEC\/JDC\/8\/2022 (ACUERDO DE TURNO DE DOCUMENTACI\u00d3N)&lt;\/a&gt;\" data-order=\"&lt;a href=&quot;https:\/\/teec.org.mx\/web\/wp-content\/uploads\/2022\/11\/TEEC-JDC-8-2022-vp-28-11-2022.pdf&quot; target=&quot;_blank&quot;&gt;TEEC\/JDC\/8\/2022 (ACUERDO DE TURNO DE DOCUMENTACI\u00d3N)&lt;\/a&gt;\" ><a href=\"https:\/\/teec.org.mx\/web\/wp-content\/uploads\/2022\/11\/TEEC-JDC-8-2022-vp-28-11-2022.pdf\" target=\"_blank\">TEEC\/JDC\/8\/2022 (ACUERDO DE TURNO DE DOCUMENTACI\u00d3N)<\/a><\/td><\/tr><tr style=\"height:px\" ><td data-cell-id=\"A8\" data-x=\"0\" data-y=\"8\" data-db-index=\"8\" class=\"fsize-18\" data-cell-type=\"text\" data-original-value=\"18 DE NOVIEMBRE DE 2022, A LAS 14:20 HORAS\" data-order=\"18 DE NOVIEMBRE DE 2022, A LAS 14:20 HORAS\" >18 DE NOVIEMBRE DE 2022, A LAS 14:20 HORAS <\/td><td data-cell-id=\"B8\" data-x=\"1\" data-y=\"8\" data-db-index=\"8\" class=\"fsize-18\" data-cell-type=\"text\" data-original-value=\"DATO PROTEGIDO\" data-order=\"DATO PROTEGIDO\" >DATO PROTEGIDO <\/td><td data-cell-id=\"C8\" data-x=\"2\" data-y=\"8\" data-db-index=\"8\" class=\"fsize-18\" data-cell-type=\"text\" data-original-value=\"ARMANDO JAVIER G\u00d3MEZ VELA, PRESIDENTE DEL COMIT\u00c9 DIRECTIVO MUNICIPAL DEL PAN\" data-order=\"ARMANDO JAVIER G\u00d3MEZ VELA, PRESIDENTE DEL COMIT\u00c9 DIRECTIVO MUNICIPAL DEL PAN\" >ARMANDO JAVIER G\u00d3MEZ VELA, PRESIDENTE DEL COMIT\u00c9 DIRECTIVO MUNICIPAL DEL PAN <\/td><td data-cell-id=\"D8\" data-x=\"3\" data-y=\"8\" data-db-index=\"8\" class=\"fsize-18\" data-cell-type=\"text\" data-original-value=\"&lt;a href=&quot;https:\/\/teec.org.mx\/web\/wp-content\/uploads\/2022\/11\/TEEC-JDC-8-2022-2do-acu-vp-18-11-2022.pdf&quot; target=&quot;_blank&quot;&gt;TEEC\/JDC\/8\/2022 (ACUERDO DE RECEPCI\u00d3N Y RADICACI\u00d3N)&lt;\/a&gt;\" data-order=\"&lt;a href=&quot;https:\/\/teec.org.mx\/web\/wp-content\/uploads\/2022\/11\/TEEC-JDC-8-2022-2do-acu-vp-18-11-2022.pdf&quot; target=&quot;_blank&quot;&gt;TEEC\/JDC\/8\/2022 (ACUERDO DE RECEPCI\u00d3N Y RADICACI\u00d3N)&lt;\/a&gt;\" ><a href=\"https:\/\/teec.org.mx\/web\/wp-content\/uploads\/2022\/11\/TEEC-JDC-8-2022-2do-acu-vp-18-11-2022.pdf\" target=\"_blank\">TEEC\/JDC\/8\/2022 (ACUERDO DE RECEPCI\u00d3N Y RADICACI\u00d3N)<\/a><\/td><\/tr><tr style=\"height:px\" ><td data-cell-id=\"A9\" data-x=\"0\" data-y=\"9\" data-db-index=\"9\" class=\"fsize-18\" data-cell-type=\"text\" data-original-value=\"18 DE NOVIEMBRE DE 2022, A LAS 9:00 HORAS\" data-order=\"18 DE NOVIEMBRE DE 2022, A LAS 9:00 HORAS\" >18 DE NOVIEMBRE DE 2022, A LAS 9:00 HORAS <\/td><td data-cell-id=\"B9\" data-x=\"1\" data-y=\"9\" data-db-index=\"9\" class=\"fsize-18\" data-cell-type=\"text\" data-original-value=\"RITA DEL SOCORRO MOO CANUL\" data-order=\"RITA DEL SOCORRO MOO CANUL\" >RITA DEL SOCORRO MOO CANUL <\/td><td data-cell-id=\"C9\" data-x=\"2\" data-y=\"9\" data-db-index=\"9\" class=\"fsize-18\" data-cell-type=\"text\" data-original-value=\"ARMANDO JAVIER G\u00d3MEZ VELA, PRESIDENTE DEL COMIT\u00c9 DIRECTIVO MUNICIPAL DEL PAN\" data-order=\"ARMANDO JAVIER G\u00d3MEZ VELA, PRESIDENTE DEL COMIT\u00c9 DIRECTIVO MUNICIPAL DEL PAN\" >ARMANDO JAVIER G\u00d3MEZ VELA, PRESIDENTE DEL COMIT\u00c9 DIRECTIVO MUNICIPAL DEL PAN <\/td><td data-cell-id=\"D9\" data-x=\"3\" data-y=\"9\" data-db-index=\"9\" class=\"fsize-18\" data-cell-type=\"text\" data-original-value=\"&lt;a href=&quot;https:\/\/teec.org.mx\/web\/wp-content\/uploads\/2022\/11\/TEEC-JDC-8-2022-18-11-2022.pdf&quot; target=&quot;_blank&quot;&gt;TEEC\/JDC\/8\/2022 (ACUERDO DE TR\u00c1MITE Y TURNO)&lt;\/a&gt;\" data-order=\"&lt;a href=&quot;https:\/\/teec.org.mx\/web\/wp-content\/uploads\/2022\/11\/TEEC-JDC-8-2022-18-11-2022.pdf&quot; target=&quot;_blank&quot;&gt;TEEC\/JDC\/8\/2022 (ACUERDO DE TR\u00c1MITE Y TURNO)&lt;\/a&gt;\" ><a href=\"https:\/\/teec.org.mx\/web\/wp-content\/uploads\/2022\/11\/TEEC-JDC-8-2022-18-11-2022.pdf\" target=\"_blank\">TEEC\/JDC\/8\/2022 (ACUERDO DE TR\u00c1MITE Y TURNO)<\/a><\/td><\/tr><tr style=\"height:px\" ><td data-cell-id=\"A10\" data-x=\"0\" data-y=\"10\" data-db-index=\"10\" class=\"fsize-18\" data-cell-type=\"text\" data-original-value=\"11 DE NOVIEMBRE DE 2022, A LAS 13:15 HORAS\" data-order=\"11 DE NOVIEMBRE DE 2022, A LAS 13:15 HORAS\" >11 DE NOVIEMBRE DE 2022, A LAS 13:15 HORAS <\/td><td data-cell-id=\"B10\" data-x=\"1\" data-y=\"10\" data-db-index=\"10\" class=\"fsize-18\" data-cell-type=\"text\" data-original-value=\"PAUL ALFREDO ARCE ONTIVEROS\" data-order=\"PAUL ALFREDO ARCE ONTIVEROS\" >PAUL ALFREDO ARCE ONTIVEROS <\/td><td data-cell-id=\"C10\" data-x=\"2\" data-y=\"10\" data-db-index=\"10\" class=\"fsize-18\" data-cell-type=\"text\" data-original-value=\"SALA REGIONAL DEL TRIBUNAL ELECTORAL DE PODER JUDICIAL DE LA FEDERACI\u00d3N CORRESPONDIENTE A LA TERCERA CIRCUNSCRIPCI\u00d3N PLURINOMINAL, CON SEDE EN XALAPA, VERACRUZ\" data-order=\"SALA REGIONAL DEL TRIBUNAL ELECTORAL DE PODER JUDICIAL DE LA FEDERACI\u00d3N CORRESPONDIENTE A LA TERCERA CIRCUNSCRIPCI\u00d3N PLURINOMINAL, CON SEDE EN XALAPA, VERACRUZ\" >SALA REGIONAL DEL TRIBUNAL ELECTORAL DE PODER JUDICIAL DE LA FEDERACI\u00d3N CORRESPONDIENTE A LA TERCERA CIRCUNSCRIPCI\u00d3N PLURINOMINAL, CON SEDE EN XALAPA, VERACRUZ <\/td><td data-cell-id=\"D10\" data-x=\"3\" data-y=\"10\" data-db-index=\"10\" class=\"fsize-18\" data-cell-type=\"text\" data-original-value=\"&lt;a href=&quot;https:\/\/teec.org.mx\/web\/wp-content\/uploads\/2022\/11\/TEEC-JDC-7-2022-11-11-2022.pdf&quot; target=&quot;_blank&quot;&gt;TEEC\/JDC\/7\/2022 (EXPEDIENTE FEDERAL: SUP-REC-448\/2022, SE TIENE POR NOTIFICADO ESTE ORGANO JURISDICCIONAL ELECTORAL LOCAL)&lt;\/a&gt;\" data-order=\"&lt;a href=&quot;https:\/\/teec.org.mx\/web\/wp-content\/uploads\/2022\/11\/TEEC-JDC-7-2022-11-11-2022.pdf&quot; target=&quot;_blank&quot;&gt;TEEC\/JDC\/7\/2022 (EXPEDIENTE FEDERAL: SUP-REC-448\/2022, SE TIENE POR NOTIFICADO ESTE ORGANO JURISDICCIONAL ELECTORAL LOCAL)&lt;\/a&gt;\" ><a href=\"https:\/\/teec.org.mx\/web\/wp-content\/uploads\/2022\/11\/TEEC-JDC-7-2022-11-11-2022.pdf\" target=\"_blank\">TEEC\/JDC\/7\/2022 (EXPEDIENTE FEDERAL: SUP-REC-448\/2022, SE TIENE POR NOTIFICADO ESTE ORGANO JURISDICCIONAL ELECTORAL LOCAL)<\/a><\/td><\/tr><tr style=\"height:px\" ><td data-cell-id=\"A11\" data-x=\"0\" data-y=\"11\" data-db-index=\"11\" class=\"fsize-18\" data-cell-type=\"text\" data-original-value=\"10 DE NOVIEMBRE DE 2022, A LAS 13:40 HORAS\" data-order=\"10 DE NOVIEMBRE DE 2022, A LAS 13:40 HORAS\" >10 DE NOVIEMBRE DE 2022, A LAS 13:40 HORAS <\/td><td data-cell-id=\"B11\" data-x=\"1\" data-y=\"11\" data-db-index=\"11\" class=\"fsize-18\" data-cell-type=\"text\" data-original-value=\"RICARDO MIGUEL MEDINA FARF\u00c1N\" data-order=\"RICARDO MIGUEL MEDINA FARF\u00c1N\" >RICARDO MIGUEL MEDINA FARF\u00c1N <\/td><td data-cell-id=\"C11\" data-x=\"2\" data-y=\"11\" data-db-index=\"11\" class=\"fsize-18\" data-cell-type=\"text\" data-original-value=\"SALA REGIONAL DEL TRIBUNAL ELECTORAL DEL PODER JUDICIAL DE LA FEDERACION CORRESPONDIENTE A LA TERCERA CIRCUNSCRIPCION PLURINOMINAL, CON SEDE EN XALAPA. VERACRUZ\" data-order=\"SALA REGIONAL DEL TRIBUNAL ELECTORAL DEL PODER JUDICIAL DE LA FEDERACION CORRESPONDIENTE A LA TERCERA CIRCUNSCRIPCION PLURINOMINAL, CON SEDE EN XALAPA. VERACRUZ\" >SALA REGIONAL DEL TRIBUNAL ELECTORAL DEL PODER JUDICIAL DE LA FEDERACION CORRESPONDIENTE A LA TERCERA CIRCUNSCRIPCION PLURINOMINAL, CON SEDE EN XALAPA. VERACRUZ <\/td><td data-cell-id=\"D11\" data-x=\"3\" data-y=\"11\" data-db-index=\"11\" class=\"fsize-18\" data-cell-type=\"text\" data-original-value=\"&lt;a href=&quot;https:\/\/teec.org.mx\/web\/wp-content\/uploads\/2022\/11\/TEEC-JDC-5-2022-10-11-2022.pdf&quot; target=&quot;_blank&quot;&gt;TEEC\/JDC\/5\/2022 (EXPEDIENTE FEDERAL: SUP-REC-445\/2022, SE DA POR NOTIFICADO ESTE \u00d3RGANO JURISDICCIONAL ELECTORAL LOCAL)&lt;\/a&gt;\" data-order=\"&lt;a href=&quot;https:\/\/teec.org.mx\/web\/wp-content\/uploads\/2022\/11\/TEEC-JDC-5-2022-10-11-2022.pdf&quot; target=&quot;_blank&quot;&gt;TEEC\/JDC\/5\/2022 (EXPEDIENTE FEDERAL: SUP-REC-445\/2022, SE DA POR NOTIFICADO ESTE \u00d3RGANO JURISDICCIONAL ELECTORAL LOCAL)&lt;\/a&gt;\" ><a href=\"https:\/\/teec.org.mx\/web\/wp-content\/uploads\/2022\/11\/TEEC-JDC-5-2022-10-11-2022.pdf\" target=\"_blank\">TEEC\/JDC\/5\/2022 (EXPEDIENTE FEDERAL: SUP-REC-445\/2022, SE DA POR NOTIFICADO ESTE \u00d3RGANO JURISDICCIONAL ELECTORAL LOCAL)<\/a><\/td><\/tr><tr style=\"height:px\" ><td data-cell-id=\"A12\" data-x=\"0\" data-y=\"12\" data-db-index=\"12\" class=\"fsize-18\" data-cell-type=\"text\" data-original-value=\"03 DE NOVIEMBRE DE 2022, A LAS 14:40 HORAS\" data-order=\"03 DE NOVIEMBRE DE 2022, A LAS 14:40 HORAS\" >03 DE NOVIEMBRE DE 2022, A LAS 14:40 HORAS <\/td><td data-cell-id=\"B12\" data-x=\"1\" data-y=\"12\" data-db-index=\"12\" class=\"fsize-18\" data-cell-type=\"text\" data-original-value=\"PAUL ALFREDO ARCE ONTIVEROS, OTRAS Y OTROS\" data-order=\"PAUL ALFREDO ARCE ONTIVEROS, OTRAS Y OTROS\" >PAUL ALFREDO ARCE ONTIVEROS, OTRAS Y OTROS <\/td><td data-cell-id=\"C12\" data-x=\"2\" data-y=\"12\" data-db-index=\"12\" class=\"fsize-18\" data-cell-type=\"text\" data-original-value=\"TRIBUNAL ELECTORAL DEL ESTADO DE CAMPECHE\" data-order=\"TRIBUNAL ELECTORAL DEL ESTADO DE CAMPECHE\" >TRIBUNAL ELECTORAL DEL ESTADO DE CAMPECHE <\/td><td data-cell-id=\"D12\" data-x=\"3\" data-y=\"12\" data-db-index=\"12\" class=\"fsize-18\" data-cell-type=\"text\" data-original-value=\"&lt;a href=&quot;https:\/\/teec.org.mx\/web\/wp-content\/uploads\/2022\/11\/TEEC-JDC-7-2022-03-11-2022.pdf&quot; target=&quot;_blank&quot;&gt;TEEC\/JDC\/7\/2022 (EXPEDIENTE FEDERAL: SX-JDC-6859\/2022, SE TIENE POR NOTIFICADO ESTE ORGANO JURISDICCIONAL ELECTORAL LOCAL)&lt;\/a&gt;\" data-order=\"&lt;a href=&quot;https:\/\/teec.org.mx\/web\/wp-content\/uploads\/2022\/11\/TEEC-JDC-7-2022-03-11-2022.pdf&quot; target=&quot;_blank&quot;&gt;TEEC\/JDC\/7\/2022 (EXPEDIENTE FEDERAL: SX-JDC-6859\/2022, SE TIENE POR NOTIFICADO ESTE ORGANO JURISDICCIONAL ELECTORAL LOCAL)&lt;\/a&gt;\" ><a href=\"https:\/\/teec.org.mx\/web\/wp-content\/uploads\/2022\/11\/TEEC-JDC-7-2022-03-11-2022.pdf\" target=\"_blank\">TEEC\/JDC\/7\/2022 (EXPEDIENTE FEDERAL: SX-JDC-6859\/2022, SE TIENE POR NOTIFICADO ESTE ORGANO JURISDICCIONAL ELECTORAL LOCAL)<\/a><\/td><\/tr><tr style=\"height:px\" ><td data-cell-id=\"A13\" data-x=\"0\" data-y=\"13\" data-db-index=\"13\" class=\"fsize-18\" data-cell-type=\"text\" data-original-value=\"03 DE NOVIEMBRE DE 2022, A LAS 12:00 HORAS\" data-order=\"03 DE NOVIEMBRE DE 2022, A LAS 12:00 HORAS\" >03 DE NOVIEMBRE DE 2022, A LAS 12:00 HORAS <\/td><td data-cell-id=\"B13\" data-x=\"1\" data-y=\"13\" data-db-index=\"13\" class=\"fsize-18\" data-cell-type=\"text\" data-original-value=\"MARTHA FRANCISCA DE ATOCHA NAAL MU\u00d1OZ, EN CALIDAD DE PRIMERA REGIDORA DE EDUCACION, CULTURA Y DEPORTE, DE LA HONORABLE JUNTA MUNICPAL DE BECAL, CALKINI, CAMPECHE\" data-order=\"MARTHA FRANCISCA DE ATOCHA NAAL MU\u00d1OZ, EN CALIDAD DE PRIMERA REGIDORA DE EDUCACION, CULTURA Y DEPORTE, DE LA HONORABLE JUNTA MUNICPAL DE BECAL, CALKINI, CAMPECHE\" >MARTHA FRANCISCA DE ATOCHA NAAL MU\u00d1OZ, EN CALIDAD DE PRIMERA REGIDORA DE EDUCACION, CULTURA Y DEPORTE, DE LA HONORABLE JUNTA MUNICPAL DE BECAL, CALKINI, CAMPECHE <\/td><td data-cell-id=\"C13\" data-x=\"2\" data-y=\"13\" data-db-index=\"13\" class=\"fsize-18\" data-cell-type=\"text\" data-original-value=\"\u00c1NGEL OMAR OJEDA AGUILAR, PRESIDENTE DE LA HONORABLE JUNTA MUNICIPAL DE BECAL, CALKINI, CAMPECHE\" data-order=\"\u00c1NGEL OMAR OJEDA AGUILAR, PRESIDENTE DE LA HONORABLE JUNTA MUNICIPAL DE BECAL, CALKINI, CAMPECHE\" >\u00c1NGEL OMAR OJEDA AGUILAR, PRESIDENTE DE LA HONORABLE JUNTA MUNICIPAL DE BECAL, CALKINI, CAMPECHE <\/td><td data-cell-id=\"D13\" data-x=\"3\" data-y=\"13\" data-db-index=\"13\" class=\"fsize-18\" data-cell-type=\"text\" data-original-value=\"&lt;a href=&quot;https:\/\/teec.org.mx\/web\/wp-content\/uploads\/2022\/11\/TEEC-JDC-6-2022-03-11-2022.pdf&quot; target=&quot;_blank&quot;&gt;TEEC\/JDC\/6\/2022 (ACUERDO DE CUMPLIMIENTO DE SENTENCIA)&lt;\/a&gt;\" data-order=\"&lt;a href=&quot;https:\/\/teec.org.mx\/web\/wp-content\/uploads\/2022\/11\/TEEC-JDC-6-2022-03-11-2022.pdf&quot; target=&quot;_blank&quot;&gt;TEEC\/JDC\/6\/2022 (ACUERDO DE CUMPLIMIENTO DE SENTENCIA)&lt;\/a&gt;\" ><a href=\"https:\/\/teec.org.mx\/web\/wp-content\/uploads\/2022\/11\/TEEC-JDC-6-2022-03-11-2022.pdf\" target=\"_blank\">TEEC\/JDC\/6\/2022 (ACUERDO DE CUMPLIMIENTO DE SENTENCIA)<\/a><\/td><\/tr><tr style=\"height:px\" ><td data-cell-id=\"A14\" data-x=\"0\" data-y=\"14\" data-db-index=\"14\" class=\"fsize-18\" data-cell-type=\"text\" data-original-value=\"28 DE OCTUBRE DE 2022, A LAS 13:30 HORAS\" data-order=\"28 DE OCTUBRE DE 2022, A LAS 13:30 HORAS\" >28 DE OCTUBRE DE 2022, A LAS 13:30 HORAS <\/td><td data-cell-id=\"B14\" data-x=\"1\" data-y=\"14\" data-db-index=\"14\" class=\"fsize-18\" data-cell-type=\"text\" data-original-value=\"MARTHA FRANCISCA DE ATOCHA NAAL MU\u00d1OZ, EN CALIDAD DE PRIMERA REGIDORA DE EDUCACION, CULTURA Y DEPORTE, DE LA HONORABLE JUNTA MUNICPAL DE BECAL, CALKINI, CAMPECHE\" data-order=\"MARTHA FRANCISCA DE ATOCHA NAAL MU\u00d1OZ, EN CALIDAD DE PRIMERA REGIDORA DE EDUCACION, CULTURA Y DEPORTE, DE LA HONORABLE JUNTA MUNICPAL DE BECAL, CALKINI, CAMPECHE\" >MARTHA FRANCISCA DE ATOCHA NAAL MU\u00d1OZ, EN CALIDAD DE PRIMERA REGIDORA DE EDUCACION, CULTURA Y DEPORTE, DE LA HONORABLE JUNTA MUNICPAL DE BECAL, CALKINI, CAMPECHE <\/td><td data-cell-id=\"C14\" data-x=\"2\" data-y=\"14\" data-db-index=\"14\" class=\"fsize-18\" data-cell-type=\"text\" data-original-value=\"\u00c1NGEL OMAR OJEDA AGUILAR, PRESIDENTE DE LA HONORABLE JUNTA MUNICIPAL DE BECAL, CALKINI, CAMPECHE\" data-order=\"\u00c1NGEL OMAR OJEDA AGUILAR, PRESIDENTE DE LA HONORABLE JUNTA MUNICIPAL DE BECAL, CALKINI, CAMPECHE\" >\u00c1NGEL OMAR OJEDA AGUILAR, PRESIDENTE DE LA HONORABLE JUNTA MUNICIPAL DE BECAL, CALKINI, CAMPECHE <\/td><td data-cell-id=\"D14\" data-x=\"3\" data-y=\"14\" data-db-index=\"14\" class=\"fsize-18\" data-cell-type=\"text\" data-original-value=\"&lt;a href=&quot;https:\/\/teec.org.mx\/web\/wp-content\/uploads\/2022\/10\/TEEC-JDC-6-2022-28-10-2022.pdf&quot; target=&quot;_blank&quot;&gt;TEEC\/JDC\/6\/2022 (ACUERDO DE TURNO DE DOCUMENTACION)&lt;\/a&gt;\" data-order=\"&lt;a href=&quot;https:\/\/teec.org.mx\/web\/wp-content\/uploads\/2022\/10\/TEEC-JDC-6-2022-28-10-2022.pdf&quot; target=&quot;_blank&quot;&gt;TEEC\/JDC\/6\/2022 (ACUERDO DE TURNO DE DOCUMENTACION)&lt;\/a&gt;\" ><a href=\"https:\/\/teec.org.mx\/web\/wp-content\/uploads\/2022\/10\/TEEC-JDC-6-2022-28-10-2022.pdf\" target=\"_blank\">TEEC\/JDC\/6\/2022 (ACUERDO DE TURNO DE DOCUMENTACION)<\/a><\/td><\/tr><tr style=\"height:px\" ><td data-cell-id=\"A15\" data-x=\"0\" data-y=\"15\" data-db-index=\"15\" class=\"fsize-18\" data-cell-type=\"text\" data-original-value=\"27 DE OCTUBRE DE 2022, A LAS 14:30 HORAS\" data-order=\"27 DE OCTUBRE DE 2022, A LAS 14:30 HORAS\" >27 DE OCTUBRE DE 2022, A LAS 14:30 HORAS <\/td><td data-cell-id=\"B15\" data-x=\"1\" data-y=\"15\" data-db-index=\"15\" class=\"fsize-18\" data-cell-type=\"text\" data-original-value=\"MARTHA FRANCISCA DE ATOCHA NAAL MU\u00d1OZ, EN CALIDAD DE PRIMERA REGIDORA DE EDUCACION, CULTURA Y DEPORTE, DE LA HONORABLE JUNTA MUNICPAL DE BECAL, CALKINI, CAMPECHE\" data-order=\"MARTHA FRANCISCA DE ATOCHA NAAL MU\u00d1OZ, EN CALIDAD DE PRIMERA REGIDORA DE EDUCACION, CULTURA Y DEPORTE, DE LA HONORABLE JUNTA MUNICPAL DE BECAL, CALKINI, CAMPECHE\" >MARTHA FRANCISCA DE ATOCHA NAAL MU\u00d1OZ, EN CALIDAD DE PRIMERA REGIDORA DE EDUCACION, CULTURA Y DEPORTE, DE LA HONORABLE JUNTA MUNICPAL DE BECAL, CALKINI, CAMPECHE <\/td><td data-cell-id=\"C15\" data-x=\"2\" data-y=\"15\" data-db-index=\"15\" class=\"fsize-18\" data-cell-type=\"text\" data-original-value=\"\u00c1NGEL OMAR OJEDA AGUILAR, PRESIDENTE DE LA HONORABLE JUNTA MUNICIPAL DE BECAL, CALKINI, CAMPECHE\" data-order=\"\u00c1NGEL OMAR OJEDA AGUILAR, PRESIDENTE DE LA HONORABLE JUNTA MUNICIPAL DE BECAL, CALKINI, CAMPECHE\" >\u00c1NGEL OMAR OJEDA AGUILAR, PRESIDENTE DE LA HONORABLE JUNTA MUNICIPAL DE BECAL, CALKINI, CAMPECHE <\/td><td data-cell-id=\"D15\" data-x=\"3\" data-y=\"15\" data-db-index=\"15\" class=\"fsize-18\" data-cell-type=\"text\" data-original-value=\"&lt;a href=&quot;https:\/\/teec.org.mx\/web\/wp-content\/uploads\/2022\/10\/TEEC-JDC-6-2022-27-10-2022.pdf&quot; target=&quot;_blank&quot;&gt;TEEC\/JDC\/6\/2022 (SE DECLARA FIRME LA SENTENCIA)&lt;\/a&gt;\" data-order=\"&lt;a href=&quot;https:\/\/teec.org.mx\/web\/wp-content\/uploads\/2022\/10\/TEEC-JDC-6-2022-27-10-2022.pdf&quot; target=&quot;_blank&quot;&gt;TEEC\/JDC\/6\/2022 (SE DECLARA FIRME LA SENTENCIA)&lt;\/a&gt;\" ><a href=\"https:\/\/teec.org.mx\/web\/wp-content\/uploads\/2022\/10\/TEEC-JDC-6-2022-27-10-2022.pdf\" target=\"_blank\">TEEC\/JDC\/6\/2022 (SE DECLARA FIRME LA SENTENCIA)<\/a><\/td><\/tr><tr style=\"height:px\" ><td data-cell-id=\"A16\" data-x=\"0\" data-y=\"16\" data-db-index=\"16\" class=\"fsize-18\" data-cell-type=\"text\" data-original-value=\"27 DE OCTUBRE DE 2022, A LAS 12:30 HORAS\" data-order=\"27 DE OCTUBRE DE 2022, A LAS 12:30 HORAS\" >27 DE OCTUBRE DE 2022, A LAS 12:30 HORAS <\/td><td data-cell-id=\"B16\" data-x=\"1\" data-y=\"16\" data-db-index=\"16\" class=\"fsize-18\" data-cell-type=\"text\" data-original-value=\"RICARDO MIGUEL MEDINA FARF\u00c1N\" data-order=\"RICARDO MIGUEL MEDINA FARF\u00c1N\" >RICARDO MIGUEL MEDINA FARF\u00c1N <\/td><td data-cell-id=\"C16\" data-x=\"2\" data-y=\"16\" data-db-index=\"16\" class=\"fsize-18\" data-cell-type=\"text\" data-original-value=\"TRIBUNAL ELECTORAL DEL ESTADO DE CAMPECHE\" data-order=\"TRIBUNAL ELECTORAL DEL ESTADO DE CAMPECHE\" >TRIBUNAL ELECTORAL DEL ESTADO DE CAMPECHE <\/td><td data-cell-id=\"D16\" data-x=\"3\" data-y=\"16\" data-db-index=\"16\" class=\"fsize-18\" data-cell-type=\"text\" data-original-value=\"&lt;a href=&quot;https:\/\/teec.org.mx\/web\/wp-content\/uploads\/2022\/10\/TEEC-JDC-5-2022-27-10-2022.pdf&quot; target=&quot;_blank&quot;&gt;TEEC\/JDC\/5\/2022 (EXPEDIENTE FEDERAL: SX-JDC-6861\/2022, SE DA POR NOTIFICADO ESTE \u00d3RGANO JURISDICCIONAL ELECTORAL LOCAL)&lt;\/a&gt;\" data-order=\"&lt;a href=&quot;https:\/\/teec.org.mx\/web\/wp-content\/uploads\/2022\/10\/TEEC-JDC-5-2022-27-10-2022.pdf&quot; target=&quot;_blank&quot;&gt;TEEC\/JDC\/5\/2022 (EXPEDIENTE FEDERAL: SX-JDC-6861\/2022, SE DA POR NOTIFICADO ESTE \u00d3RGANO JURISDICCIONAL ELECTORAL LOCAL)&lt;\/a&gt;\" ><a href=\"https:\/\/teec.org.mx\/web\/wp-content\/uploads\/2022\/10\/TEEC-JDC-5-2022-27-10-2022.pdf\" target=\"_blank\">TEEC\/JDC\/5\/2022 (EXPEDIENTE FEDERAL: SX-JDC-6861\/2022, SE DA POR NOTIFICADO ESTE \u00d3RGANO JURISDICCIONAL ELECTORAL LOCAL)<\/a><\/td><\/tr><tr style=\"height:px\" ><td data-cell-id=\"A17\" data-x=\"0\" data-y=\"17\" data-db-index=\"17\" class=\"fsize-18\" data-cell-type=\"text\" data-original-value=\"24 DE OCTUBRE DE 2022, A LAS 13:40 HORAS\" data-order=\"24 DE OCTUBRE DE 2022, A LAS 13:40 HORAS\" >24 DE OCTUBRE DE 2022, A LAS 13:40 HORAS <\/td><td data-cell-id=\"B17\" data-x=\"1\" data-y=\"17\" data-db-index=\"17\" class=\"fsize-18\" data-cell-type=\"text\" data-original-value=\"PAUL ALFREDO ARCE ONTIVEROS, OTRAS Y OTROS\" data-order=\"PAUL ALFREDO ARCE ONTIVEROS, OTRAS Y OTROS\" >PAUL ALFREDO ARCE ONTIVEROS, OTRAS Y OTROS <\/td><td data-cell-id=\"C17\" data-x=\"2\" data-y=\"17\" data-db-index=\"17\" class=\"fsize-18\" data-cell-type=\"text\" data-original-value=\"TRIBUNAL ELECTORAL DEL ESTADO DE CAMPECH\" data-order=\"TRIBUNAL ELECTORAL DEL ESTADO DE CAMPECH\" >TRIBUNAL ELECTORAL DEL ESTADO DE CAMPECH <\/td><td data-cell-id=\"D17\" data-x=\"3\" data-y=\"17\" data-db-index=\"17\" class=\"fsize-18\" data-cell-type=\"text\" data-original-value=\"&lt;a href=&quot;https:\/\/teec.org.mx\/web\/wp-content\/uploads\/2022\/10\/TEEC-JDC-7-2022-24-10-2022.pdf&quot; target=&quot;_blank&quot;&gt;TEEC\/JDC\/7\/2022 (SE TIENE POR NOTIFICADO ESTE ORGANO JURISDICCIONAL ELECTORAL LOCAL)&lt;\/a&gt;\" data-order=\"&lt;a href=&quot;https:\/\/teec.org.mx\/web\/wp-content\/uploads\/2022\/10\/TEEC-JDC-7-2022-24-10-2022.pdf&quot; target=&quot;_blank&quot;&gt;TEEC\/JDC\/7\/2022 (SE TIENE POR NOTIFICADO ESTE ORGANO JURISDICCIONAL ELECTORAL LOCAL)&lt;\/a&gt;\" ><a href=\"https:\/\/teec.org.mx\/web\/wp-content\/uploads\/2022\/10\/TEEC-JDC-7-2022-24-10-2022.pdf\" target=\"_blank\">TEEC\/JDC\/7\/2022 (SE TIENE POR NOTIFICADO ESTE ORGANO JURISDICCIONAL ELECTORAL LOCAL)<\/a><\/td><\/tr><tr style=\"height:px\" ><td data-cell-id=\"A18\" data-x=\"0\" data-y=\"18\" data-db-index=\"18\" class=\"fsize-19\" data-cell-type=\"text\" data-original-value=\"19 DE OCTUBRE DE 2022, A LAS 10:40 HORAS\" data-order=\"19 DE OCTUBRE DE 2022, A LAS 10:40 HORAS\" >19 DE OCTUBRE DE 2022, A LAS 10:40 HORAS <\/td><td data-cell-id=\"B18\" data-x=\"1\" data-y=\"18\" data-db-index=\"18\" class=\"fsize-19\" data-cell-type=\"text\" data-original-value=\"MARTHA FRANCISCA DE ATOCHA NAAL MU\u00d1OZ, EN CALIDAD DE PRIMERA REGIDORA DE EDUCACION, CULTURA Y DEPORTE, DE LA HONORABLE JUNTA MUNICPAL DE BECAL, CALKINI, CAMPECHE\" data-order=\"MARTHA FRANCISCA DE ATOCHA NAAL MU\u00d1OZ, EN CALIDAD DE PRIMERA REGIDORA DE EDUCACION, CULTURA Y DEPORTE, DE LA HONORABLE JUNTA MUNICPAL DE BECAL, CALKINI, CAMPECHE\" >MARTHA FRANCISCA DE ATOCHA NAAL MU\u00d1OZ, EN CALIDAD DE PRIMERA REGIDORA DE EDUCACION, CULTURA Y DEPORTE, DE LA HONORABLE JUNTA MUNICPAL DE BECAL, CALKINI, CAMPECHE <\/td><td data-cell-id=\"C18\" data-x=\"2\" data-y=\"18\" data-db-index=\"18\" class=\"fsize-19\" data-cell-type=\"text\" data-original-value=\"\u00c1NGEL OMAR OJEDA AGUILAR, PRESIDENTE DE LA HONORABLE JUNTA MUNICIPAL DE BECAL, CALKINI, CAMPECHE\" data-order=\"\u00c1NGEL OMAR OJEDA AGUILAR, PRESIDENTE DE LA HONORABLE JUNTA MUNICIPAL DE BECAL, CALKINI, CAMPECHE\" >\u00c1NGEL OMAR OJEDA AGUILAR, PRESIDENTE DE LA HONORABLE JUNTA MUNICIPAL DE BECAL, CALKINI, CAMPECHE <\/td><td data-cell-id=\"D18\" data-x=\"3\" data-y=\"18\" data-db-index=\"18\" class=\"fsize-19\" data-cell-type=\"text\" data-original-value=\"&lt;a href=&quot;https:\/\/teec.org.mx\/web\/wp-content\/uploads\/2022\/10\/TEEC-JDC-6-2022-sentencia-19-10-2022.pdf&quot; target=&quot;_blank&quot;&gt;TEEC\/JDC\/6\/2022 (SENTENCIA)&lt;\/a&gt;\" data-order=\"&lt;a href=&quot;https:\/\/teec.org.mx\/web\/wp-content\/uploads\/2022\/10\/TEEC-JDC-6-2022-sentencia-19-10-2022.pdf&quot; target=&quot;_blank&quot;&gt;TEEC\/JDC\/6\/2022 (SENTENCIA)&lt;\/a&gt;\" ><a href=\"https:\/\/teec.org.mx\/web\/wp-content\/uploads\/2022\/10\/TEEC-JDC-6-2022-sentencia-19-10-2022.pdf\" target=\"_blank\">TEEC\/JDC\/6\/2022 (SENTENCIA)<\/a><\/td><\/tr><tr style=\"height:px\" ><td data-cell-id=\"A19\" data-x=\"0\" data-y=\"19\" data-db-index=\"19\" class=\"fsize-18\" data-cell-type=\"text\" data-original-value=\"17 DE OCTUBRE DE 2022, A LAS 13:55 HORAS\" data-order=\"17 DE OCTUBRE DE 2022, A LAS 13:55 HORAS\" >17 DE OCTUBRE DE 2022, A LAS 13:55 HORAS <\/td><td data-cell-id=\"B19\" data-x=\"1\" data-y=\"19\" data-db-index=\"19\" class=\"fsize-18\" data-cell-type=\"text\" data-original-value=\"LIRIO GUADALUPE SUAREZ AM\u00c9NDOL\" data-order=\"LIRIO GUADALUPE SUAREZ AM\u00c9NDOL\" >LIRIO GUADALUPE SUAREZ AM\u00c9NDOL <\/td><td data-cell-id=\"C19\" data-x=\"2\" data-y=\"19\" data-db-index=\"19\" class=\"fsize-18\" data-cell-type=\"text\" data-original-value=\"TRIBUNAL ELECTORAL DEL ESTADO DE CAMPECHE\" data-order=\"TRIBUNAL ELECTORAL DEL ESTADO DE CAMPECHE\" >TRIBUNAL ELECTORAL DEL ESTADO DE CAMPECHE <\/td><td data-cell-id=\"D19\" data-x=\"3\" data-y=\"19\" data-db-index=\"19\" class=\"fsize-18\" data-cell-type=\"text\" data-original-value=\"&lt;a href=&quot;https:\/\/teec.org.mx\/web\/wp-content\/uploads\/2022\/10\/TEEC-JDC-4-2022-17-10-2022.pdf&quot; target=&quot;_blank&quot;&gt;TEEC\/JDC\/4\/2022 (EXPEDIENTE FEDERAL: SX-JDC-6837\/2022, ACUERDO DE ACUMULACI\u00d3N)&lt;\/a&gt;\" data-order=\"&lt;a href=&quot;https:\/\/teec.org.mx\/web\/wp-content\/uploads\/2022\/10\/TEEC-JDC-4-2022-17-10-2022.pdf&quot; target=&quot;_blank&quot;&gt;TEEC\/JDC\/4\/2022 (EXPEDIENTE FEDERAL: SX-JDC-6837\/2022, ACUERDO DE ACUMULACI\u00d3N)&lt;\/a&gt;\" ><a href=\"https:\/\/teec.org.mx\/web\/wp-content\/uploads\/2022\/10\/TEEC-JDC-4-2022-17-10-2022.pdf\" target=\"_blank\">TEEC\/JDC\/4\/2022 (EXPEDIENTE FEDERAL: SX-JDC-6837\/2022, ACUERDO DE ACUMULACI\u00d3N)<\/a><\/td><\/tr><tr style=\"height:px\" ><td data-cell-id=\"A20\" data-x=\"0\" data-y=\"20\" data-db-index=\"20\" class=\"fsize-18\" data-cell-type=\"text\" data-original-value=\"17 DE OCTUBRE DE 2022, A LAS 13:00 HORAS\" data-order=\"17 DE OCTUBRE DE 2022, A LAS 13:00 HORAS\" >17 DE OCTUBRE DE 2022, A LAS 13:00 HORAS <\/td><td data-cell-id=\"B20\" data-x=\"1\" data-y=\"20\" data-db-index=\"20\" class=\"fsize-18\" data-cell-type=\"text\" data-original-value=\"MARTHA FRANCISCA DE ATOCHA NAAL MU\u00d1OZ, EN CALIDAD DE PRIMERA REGIDORA DE EDUCACION, CULTURA Y DEPORTE, DE LA HONORABLE JUNTA MUNICPAL DE BECAL, CALKINI, CAMPECHE\" data-order=\"MARTHA FRANCISCA DE ATOCHA NAAL MU\u00d1OZ, EN CALIDAD DE PRIMERA REGIDORA DE EDUCACION, CULTURA Y DEPORTE, DE LA HONORABLE JUNTA MUNICPAL DE BECAL, CALKINI, CAMPECHE\" >MARTHA FRANCISCA DE ATOCHA NAAL MU\u00d1OZ, EN CALIDAD DE PRIMERA REGIDORA DE EDUCACION, CULTURA Y DEPORTE, DE LA HONORABLE JUNTA MUNICPAL DE BECAL, CALKINI, CAMPECHE <\/td><td data-cell-id=\"C20\" data-x=\"2\" data-y=\"20\" data-db-index=\"20\" class=\"fsize-18\" data-cell-type=\"text\" data-original-value=\"\u00c1NGEL OMAR OJEDA AGUILAR, PRESIDENTE DE LA HONORABLE JUNTA MUNICIPAL DE BECAL, CALKINI, CAMPECHE\" data-order=\"\u00c1NGEL OMAR OJEDA AGUILAR, PRESIDENTE DE LA HONORABLE JUNTA MUNICIPAL DE BECAL, CALKINI, CAMPECHE\" >\u00c1NGEL OMAR OJEDA AGUILAR, PRESIDENTE DE LA HONORABLE JUNTA MUNICIPAL DE BECAL, CALKINI, CAMPECHE <\/td><td data-cell-id=\"D20\" data-x=\"3\" data-y=\"20\" data-db-index=\"20\" class=\"fsize-18\" data-cell-type=\"text\" data-original-value=\"&lt;a href=&quot;https:\/\/teec.org.mx\/web\/wp-content\/uploads\/2022\/10\/TEEC-JDC-6-2022-17-10-2022.pdf&quot; target=&quot;_blank&quot;&gt;TEEC\/JDC\/6\/2022 (ACUERDO DE CIERRE Y FIJACION DE FECHA Y HORA PARA SESION)&lt;\/a&gt;\" data-order=\"&lt;a href=&quot;https:\/\/teec.org.mx\/web\/wp-content\/uploads\/2022\/10\/TEEC-JDC-6-2022-17-10-2022.pdf&quot; target=&quot;_blank&quot;&gt;TEEC\/JDC\/6\/2022 (ACUERDO DE CIERRE Y FIJACION DE FECHA Y HORA PARA SESION)&lt;\/a&gt;\" ><a href=\"https:\/\/teec.org.mx\/web\/wp-content\/uploads\/2022\/10\/TEEC-JDC-6-2022-17-10-2022.pdf\" target=\"_blank\">TEEC\/JDC\/6\/2022 (ACUERDO DE CIERRE Y FIJACION DE FECHA Y HORA PARA SESION)<\/a><\/td><\/tr><tr style=\"height:px\" ><td data-cell-id=\"A21\" data-x=\"0\" data-y=\"21\" data-db-index=\"21\" class=\"fsize-18\" data-cell-type=\"text\" data-original-value=\"07 DE OCTUBRE DE 2022, A LAS 12:00 HORAS\" data-order=\"07 DE OCTUBRE DE 2022, A LAS 12:00 HORAS\" >07 DE OCTUBRE DE 2022, A LAS 12:00 HORAS <\/td><td data-cell-id=\"B21\" data-x=\"1\" data-y=\"21\" data-db-index=\"21\" class=\"fsize-18\" data-cell-type=\"text\" data-original-value=\"RICARDO MIGUEL MEDINA FARF\u00c1N\" data-order=\"RICARDO MIGUEL MEDINA FARF\u00c1N\" >RICARDO MIGUEL MEDINA FARF\u00c1N <\/td><td data-cell-id=\"C21\" data-x=\"2\" data-y=\"21\" data-db-index=\"21\" class=\"fsize-18\" data-cell-type=\"text\" data-original-value=\"TRIBUNAL ELECTORAL DEL ESTADO DE CAMPECHE\" data-order=\"TRIBUNAL ELECTORAL DEL ESTADO DE CAMPECHE\" >TRIBUNAL ELECTORAL DEL ESTADO DE CAMPECHE <\/td><td data-cell-id=\"D21\" data-x=\"3\" data-y=\"21\" data-db-index=\"21\" class=\"fsize-18\" data-cell-type=\"text\" data-original-value=\"&lt;a href=&quot;https:\/\/teec.org.mx\/web\/wp-content\/uploads\/2022\/10\/TEEC-JDC-5-2022-07-10-2022.pdf&quot; target=&quot;_blank&quot;&gt;TEEC\/JDC\/5\/2022 (EXPEDIENTE FEDERAL: SX-JE-176\/2022, SE DA POR NOTIFICADO ESTE \u00d3RGANO JURISDICCIONAL ELECTORAL LOCAL)&lt;\/a&gt;\" data-order=\"&lt;a href=&quot;https:\/\/teec.org.mx\/web\/wp-content\/uploads\/2022\/10\/TEEC-JDC-5-2022-07-10-2022.pdf&quot; target=&quot;_blank&quot;&gt;TEEC\/JDC\/5\/2022 (EXPEDIENTE FEDERAL: SX-JE-176\/2022, SE DA POR NOTIFICADO ESTE \u00d3RGANO JURISDICCIONAL ELECTORAL LOCAL)&lt;\/a&gt;\" ><a href=\"https:\/\/teec.org.mx\/web\/wp-content\/uploads\/2022\/10\/TEEC-JDC-5-2022-07-10-2022.pdf\" target=\"_blank\">TEEC\/JDC\/5\/2022 (EXPEDIENTE FEDERAL: SX-JE-176\/2022, SE DA POR NOTIFICADO ESTE \u00d3RGANO JURISDICCIONAL ELECTORAL LOCAL)<\/a><\/td><\/tr><tr style=\"height:px\" ><td data-cell-id=\"A22\" data-x=\"0\" data-y=\"22\" data-db-index=\"22\" class=\"fsize-18\" data-cell-type=\"text\" data-original-value=\"05 DE OCTUBRE DE 2022, A LAS 14:00 HORAS\" data-order=\"05 DE OCTUBRE DE 2022, A LAS 14:00 HORAS\" >05 DE OCTUBRE DE 2022, A LAS 14:00 HORAS <\/td><td data-cell-id=\"B22\" data-x=\"1\" data-y=\"22\" data-db-index=\"22\" class=\"fsize-18\" data-cell-type=\"text\" data-original-value=\"PAUL ALFREDO ARCE ONTIVEROS, OTRAS Y OTROS\" data-order=\"PAUL ALFREDO ARCE ONTIVEROS, OTRAS Y OTROS\" >PAUL ALFREDO ARCE ONTIVEROS, OTRAS Y OTROS <\/td><td data-cell-id=\"C22\" data-x=\"2\" data-y=\"22\" data-db-index=\"22\" class=\"fsize-18\" data-cell-type=\"text\" data-original-value=\"TRIBUNAL ELECTORAL DEL ESTADO DE CAMPECHE\" data-order=\"TRIBUNAL ELECTORAL DEL ESTADO DE CAMPECHE\" >TRIBUNAL ELECTORAL DEL ESTADO DE CAMPECHE <\/td><td data-cell-id=\"D22\" data-x=\"3\" data-y=\"22\" data-db-index=\"22\" class=\"fsize-18\" data-cell-type=\"text\" data-original-value=\"&lt;a href=&quot;https:\/\/teec.org.mx\/web\/wp-content\/uploads\/2022\/10\/TEEC-JDC-7-2022-05-10-2022.pdf&quot; target=&quot;_blank&quot;&gt;TEEC\/JDC\/7\/2022 (EXPEDIENTE FEDERAL: SX-JE-173\/2022, SE TIENE POR NOTIFICADO ESTE ORGANO JURISDICCIONAL ELECTORAL LOCAL)&lt;\/a&gt;\" data-order=\"&lt;a href=&quot;https:\/\/teec.org.mx\/web\/wp-content\/uploads\/2022\/10\/TEEC-JDC-7-2022-05-10-2022.pdf&quot; target=&quot;_blank&quot;&gt;TEEC\/JDC\/7\/2022 (EXPEDIENTE FEDERAL: SX-JE-173\/2022, SE TIENE POR NOTIFICADO ESTE ORGANO JURISDICCIONAL ELECTORAL LOCAL)&lt;\/a&gt;\" ><a href=\"https:\/\/teec.org.mx\/web\/wp-content\/uploads\/2022\/10\/TEEC-JDC-7-2022-05-10-2022.pdf\" target=\"_blank\">TEEC\/JDC\/7\/2022 (EXPEDIENTE FEDERAL: SX-JE-173\/2022, SE TIENE POR NOTIFICADO ESTE ORGANO JURISDICCIONAL ELECTORAL LOCAL)<\/a><\/td><\/tr><tr style=\"height:px\" ><td data-cell-id=\"A23\" data-x=\"0\" data-y=\"23\" data-db-index=\"23\" class=\"fsize-18\" data-cell-type=\"text\" data-original-value=\"05 DE OCTUBRE DE 2022, A LAS 12:50 HORAS\" data-order=\"05 DE OCTUBRE DE 2022, A LAS 12:50 HORAS\" >05 DE OCTUBRE DE 2022, A LAS 12:50 HORAS <\/td><td data-cell-id=\"B23\" data-x=\"1\" data-y=\"23\" data-db-index=\"23\" class=\"fsize-18\" data-cell-type=\"text\" data-original-value=\"RICARDO MIGUEL MEDINA FARF\u00c1N\" data-order=\"RICARDO MIGUEL MEDINA FARF\u00c1N\" >RICARDO MIGUEL MEDINA FARF\u00c1N <\/td><td data-cell-id=\"C23\" data-x=\"2\" data-y=\"23\" data-db-index=\"23\" class=\"fsize-18\" data-cell-type=\"text\" data-original-value=\"TRIBUNAL ELECTORAL DEL ESTADO DE CAMPECHE\" data-order=\"TRIBUNAL ELECTORAL DEL ESTADO DE CAMPECHE\" >TRIBUNAL ELECTORAL DEL ESTADO DE CAMPECHE <\/td><td data-cell-id=\"D23\" data-x=\"3\" data-y=\"23\" data-db-index=\"23\" class=\"fsize-18\" data-cell-type=\"text\" data-original-value=\"&lt;a href=&quot;https:\/\/teec.org.mx\/web\/wp-content\/uploads\/2022\/10\/TEEC-JDC-5-2022-05-10-2022.pdf&quot; target=&quot;_blank&quot;&gt;TEEC\/JDC\/5\/2022 (SE DA POR NOTIFICADO ESTE \u00d3RGANO JURISDICCIONAL ELECTORAL LOCAL)&lt;\/a&gt;\" data-order=\"&lt;a href=&quot;https:\/\/teec.org.mx\/web\/wp-content\/uploads\/2022\/10\/TEEC-JDC-5-2022-05-10-2022.pdf&quot; target=&quot;_blank&quot;&gt;TEEC\/JDC\/5\/2022 (SE DA POR NOTIFICADO ESTE \u00d3RGANO JURISDICCIONAL ELECTORAL LOCAL)&lt;\/a&gt;\" ><a href=\"https:\/\/teec.org.mx\/web\/wp-content\/uploads\/2022\/10\/TEEC-JDC-5-2022-05-10-2022.pdf\" target=\"_blank\">TEEC\/JDC\/5\/2022 (SE DA POR NOTIFICADO ESTE \u00d3RGANO JURISDICCIONAL ELECTORAL LOCAL)<\/a><\/td><\/tr><tr style=\"height:px\" ><td data-cell-id=\"A24\" data-x=\"0\" data-y=\"24\" data-db-index=\"24\" class=\"fsize-18\" data-cell-type=\"text\" data-original-value=\"04 DE OCTUBRE DE 2022, A LAS 11:30 HORAS\" data-order=\"04 DE OCTUBRE DE 2022, A LAS 11:30 HORAS\" >04 DE OCTUBRE DE 2022, A LAS 11:30 HORAS <\/td><td data-cell-id=\"B24\" data-x=\"1\" data-y=\"24\" data-db-index=\"24\" class=\"fsize-18\" data-cell-type=\"text\" data-original-value=\"PAUL ALFREDO ARCE ONTIVEROS, M\u00d3NICA FERN\u00c1NDEZ MONT\u00daFAR, DANIELA GUADALUPE MART\u00cdNEZ HERN\u00c1NDEZ, HIPSI MARISOL ESTRELLA GUILLERMO, JES\u00daS HUMBERTO AGUILAR D\u00cdAZ Y TERESA FAR\u00cdAS GONZ\u00c1LEZ\" data-order=\"PAUL ALFREDO ARCE ONTIVEROS, M\u00d3NICA FERN\u00c1NDEZ MONT\u00daFAR, DANIELA GUADALUPE MART\u00cdNEZ HERN\u00c1NDEZ, HIPSI MARISOL ESTRELLA GUILLERMO, JES\u00daS HUMBERTO AGUILAR D\u00cdAZ Y TERESA FAR\u00cdAS GONZ\u00c1LEZ\" >PAUL ALFREDO ARCE ONTIVEROS, M\u00d3NICA FERN\u00c1NDEZ MONT\u00daFAR, DANIELA GUADALUPE MART\u00cdNEZ HERN\u00c1NDEZ, HIPSI MARISOL ESTRELLA GUILLERMO, JES\u00daS HUMBERTO AGUILAR D\u00cdAZ Y TERESA FAR\u00cdAS GONZ\u00c1LEZ <\/td><td data-cell-id=\"C24\" data-x=\"2\" data-y=\"24\" data-db-index=\"24\" class=\"fsize-18\" data-cell-type=\"text\" data-original-value=\"TRIBUNAL ELECTORAL DEL ESTADO DE CAMPECHE\" data-order=\"TRIBUNAL ELECTORAL DEL ESTADO DE CAMPECHE\" >TRIBUNAL ELECTORAL DEL ESTADO DE CAMPECHE <\/td><td data-cell-id=\"D24\" data-x=\"3\" data-y=\"24\" data-db-index=\"24\" class=\"fsize-18\" data-cell-type=\"text\" data-original-value=\"&lt;a href=&quot;https:\/\/teec.org.mx\/web\/wp-content\/uploads\/2022\/10\/TEEC-JDC-7-2022-04-10-2022.pdf&quot; target=&quot;_blank&quot;&gt;TEEC\/JDC\/7\/2022 (EXPEDIENTE FEDERAL: SUP-JE-302\/2022, SE TIENE POR NOTIFICADO ESTE ORGANO JURISDICCIONAL ELECTORAL LOCAL)&lt;\/a&gt;\" data-order=\"&lt;a href=&quot;https:\/\/teec.org.mx\/web\/wp-content\/uploads\/2022\/10\/TEEC-JDC-7-2022-04-10-2022.pdf&quot; target=&quot;_blank&quot;&gt;TEEC\/JDC\/7\/2022 (EXPEDIENTE FEDERAL: SUP-JE-302\/2022, SE TIENE POR NOTIFICADO ESTE ORGANO JURISDICCIONAL ELECTORAL LOCAL)&lt;\/a&gt;\" ><a href=\"https:\/\/teec.org.mx\/web\/wp-content\/uploads\/2022\/10\/TEEC-JDC-7-2022-04-10-2022.pdf\" target=\"_blank\">TEEC\/JDC\/7\/2022 (EXPEDIENTE FEDERAL: SUP-JE-302\/2022, SE TIENE POR NOTIFICADO ESTE ORGANO JURISDICCIONAL ELECTORAL LOCAL)<\/a><\/td><\/tr><tr style=\"height:px\" ><td data-cell-id=\"A25\" data-x=\"0\" data-y=\"25\" data-db-index=\"25\" class=\"fsize-18\" data-cell-type=\"text\" data-original-value=\"03 DE OCTUBRE DE 2022, A LAS 14:20 HORAS\" data-order=\"03 DE OCTUBRE DE 2022, A LAS 14:20 HORAS\" >03 DE OCTUBRE DE 2022, A LAS 14:20 HORAS <\/td><td data-cell-id=\"B25\" data-x=\"1\" data-y=\"25\" data-db-index=\"25\" class=\"fsize-18\" data-cell-type=\"text\" data-original-value=\"PAUL ALFREDO ARCE ONTIVEROS, M\u00d3NICA FERN\u00c1NDEZ MONT\u00daFAR, DANIELA GUADALUPE MART\u00cdNEZ HERN\u00c1NDEZ, HIPSI MARISOL ESTRELLA GUILLERMO, JES\u00daS HUMBERTO AGUILAR D\u00cdAZ Y TERESA FAR\u00cdAS GONZ\u00c1LEZ\" data-order=\"PAUL ALFREDO ARCE ONTIVEROS, M\u00d3NICA FERN\u00c1NDEZ MONT\u00daFAR, DANIELA GUADALUPE MART\u00cdNEZ HERN\u00c1NDEZ, HIPSI MARISOL ESTRELLA GUILLERMO, JES\u00daS HUMBERTO AGUILAR D\u00cdAZ Y TERESA FAR\u00cdAS GONZ\u00c1LEZ\" >PAUL ALFREDO ARCE ONTIVEROS, M\u00d3NICA FERN\u00c1NDEZ MONT\u00daFAR, DANIELA GUADALUPE MART\u00cdNEZ HERN\u00c1NDEZ, HIPSI MARISOL ESTRELLA GUILLERMO, JES\u00daS HUMBERTO AGUILAR D\u00cdAZ Y TERESA FAR\u00cdAS GONZ\u00c1LEZ <\/td><td data-cell-id=\"C25\" data-x=\"2\" data-y=\"25\" data-db-index=\"25\" class=\"fsize-18\" data-cell-type=\"text\" data-original-value=\"TRIBUNAL ELECTORAL DEL ESTADO DE CAMPECH\" data-order=\"TRIBUNAL ELECTORAL DEL ESTADO DE CAMPECH\" >TRIBUNAL ELECTORAL DEL ESTADO DE CAMPECH <\/td><td data-cell-id=\"D25\" data-x=\"3\" data-y=\"25\" data-db-index=\"25\" class=\"fsize-18\" data-cell-type=\"text\" data-original-value=\"&lt;a href=&quot;https:\/\/teec.org.mx\/web\/wp-content\/uploads\/2022\/10\/TEEC-JDC-7-2022-03-10-2022.pdf&quot; target=&quot;_blank&quot;&gt;TEEC\/JDC\/7\/2022 (EXPEDIENTE FEDERAL: SUP-JE-302\/2022, SE DA TIENE POR NOTIFICADO ESTE ORGANO JURISDICCIONAL ELECTORAL LOCAL)&lt;\/a&gt;\" data-order=\"&lt;a href=&quot;https:\/\/teec.org.mx\/web\/wp-content\/uploads\/2022\/10\/TEEC-JDC-7-2022-03-10-2022.pdf&quot; target=&quot;_blank&quot;&gt;TEEC\/JDC\/7\/2022 (EXPEDIENTE FEDERAL: SUP-JE-302\/2022, SE DA TIENE POR NOTIFICADO ESTE ORGANO JURISDICCIONAL ELECTORAL LOCAL)&lt;\/a&gt;\" ><a href=\"https:\/\/teec.org.mx\/web\/wp-content\/uploads\/2022\/10\/TEEC-JDC-7-2022-03-10-2022.pdf\" target=\"_blank\">TEEC\/JDC\/7\/2022 (EXPEDIENTE FEDERAL: SUP-JE-302\/2022, SE DA TIENE POR NOTIFICADO ESTE ORGANO JURISDICCIONAL ELECTORAL LOCAL)<\/a><\/td><\/tr><tr style=\"height:px\" ><td data-cell-id=\"A26\" data-x=\"0\" data-y=\"26\" data-db-index=\"26\" class=\"fsize-18\" data-cell-type=\"text\" data-original-value=\"03 DE OCTUBRE DE 2022, A LAS 13:00 HORAS\" data-order=\"03 DE OCTUBRE DE 2022, A LAS 13:00 HORAS\" >03 DE OCTUBRE DE 2022, A LAS 13:00 HORAS <\/td><td data-cell-id=\"B26\" data-x=\"1\" data-y=\"26\" data-db-index=\"26\" class=\"fsize-18\" data-cell-type=\"text\" data-original-value=\"MARTHA FRANCISCA DE ATOCHA NAAL MU\u00d1OZ, EN CALIDAD DE PRIMERA REGIDORA DE EDUCACION, CULTURA Y DEPORTE, DE LA HONORABLE JUNTA MUNICPAL DE BECAL, CALKINI, CAMPECHE\" data-order=\"MARTHA FRANCISCA DE ATOCHA NAAL MU\u00d1OZ, EN CALIDAD DE PRIMERA REGIDORA DE EDUCACION, CULTURA Y DEPORTE, DE LA HONORABLE JUNTA MUNICPAL DE BECAL, CALKINI, CAMPECHE\" >MARTHA FRANCISCA DE ATOCHA NAAL MU\u00d1OZ, EN CALIDAD DE PRIMERA REGIDORA DE EDUCACION, CULTURA Y DEPORTE, DE LA HONORABLE JUNTA MUNICPAL DE BECAL, CALKINI, CAMPECHE <\/td><td data-cell-id=\"C26\" data-x=\"2\" data-y=\"26\" data-db-index=\"26\" class=\"fsize-18\" data-cell-type=\"text\" data-original-value=\"\u00c1NGEL OMAR OJEDA AGUILAR, PRESIDENTE DE LA HONORABLE JUNTA MUNICIPAL DE BECAL, CALKINI, CAMPECHE\" data-order=\"\u00c1NGEL OMAR OJEDA AGUILAR, PRESIDENTE DE LA HONORABLE JUNTA MUNICIPAL DE BECAL, CALKINI, CAMPECHE\" >\u00c1NGEL OMAR OJEDA AGUILAR, PRESIDENTE DE LA HONORABLE JUNTA MUNICIPAL DE BECAL, CALKINI, CAMPECHE <\/td><td data-cell-id=\"D26\" data-x=\"3\" data-y=\"26\" data-db-index=\"26\" class=\"fsize-18\" data-cell-type=\"text\" data-original-value=\"&lt;a href=&quot;https:\/\/teec.org.mx\/web\/wp-content\/uploads\/2022\/10\/TEEC-JDC-6-2022-2do-acu.-03-10-2022.pdf&quot; target=&quot;_blank&quot;&gt;TEEC\/JDC\/6\/2022 (ACUERDO DE ACUMULACION)&lt;\/a&gt;\" data-order=\"&lt;a href=&quot;https:\/\/teec.org.mx\/web\/wp-content\/uploads\/2022\/10\/TEEC-JDC-6-2022-2do-acu.-03-10-2022.pdf&quot; target=&quot;_blank&quot;&gt;TEEC\/JDC\/6\/2022 (ACUERDO DE ACUMULACION)&lt;\/a&gt;\" ><a href=\"https:\/\/teec.org.mx\/web\/wp-content\/uploads\/2022\/10\/TEEC-JDC-6-2022-2do-acu.-03-10-2022.pdf\" target=\"_blank\">TEEC\/JDC\/6\/2022 (ACUERDO DE ACUMULACION)<\/a><\/td><\/tr><tr style=\"height:px\" ><td data-cell-id=\"A27\" data-x=\"0\" data-y=\"27\" data-db-index=\"27\" class=\"fsize-18\" data-cell-type=\"text\" data-original-value=\"03 DE OCTUBREDE 2022, A LAS 11:35 HORAS\" data-order=\"03 DE OCTUBREDE 2022, A LAS 11:35 HORAS\" >03 DE OCTUBREDE 2022, A LAS 11:35 HORAS <\/td><td data-cell-id=\"B27\" data-x=\"1\" data-y=\"27\" data-db-index=\"27\" class=\"fsize-18\" data-cell-type=\"text\" data-original-value=\"MARTHA FRANCISCA DE ATOCHA NAAL MU\u00d1OZ, EN CALIDAD DE PRIMERA REGIDORA DE EDUCACION, CULTURA Y DEPORTE, DE LA HONORABLE JUNTA MUNICPAL DE BECAL, CALKINI, CAMPECHE\" data-order=\"MARTHA FRANCISCA DE ATOCHA NAAL MU\u00d1OZ, EN CALIDAD DE PRIMERA REGIDORA DE EDUCACION, CULTURA Y DEPORTE, DE LA HONORABLE JUNTA MUNICPAL DE BECAL, CALKINI, CAMPECHE\" >MARTHA FRANCISCA DE ATOCHA NAAL MU\u00d1OZ, EN CALIDAD DE PRIMERA REGIDORA DE EDUCACION, CULTURA Y DEPORTE, DE LA HONORABLE JUNTA MUNICPAL DE BECAL, CALKINI, CAMPECHE <\/td><td data-cell-id=\"C27\" data-x=\"2\" data-y=\"27\" data-db-index=\"27\" class=\"fsize-18\" data-cell-type=\"text\" data-original-value=\"\u00c1NGEL OMAR OJEDA AGUILAR, PRESIDENTE DE LA HONORABLE JUNTA MUNICIPAL DE BECAL, CALKINI, CAMPECHE\" data-order=\"\u00c1NGEL OMAR OJEDA AGUILAR, PRESIDENTE DE LA HONORABLE JUNTA MUNICIPAL DE BECAL, CALKINI, CAMPECHE\" >\u00c1NGEL OMAR OJEDA AGUILAR, PRESIDENTE DE LA HONORABLE JUNTA MUNICIPAL DE BECAL, CALKINI, CAMPECHE <\/td><td data-cell-id=\"D27\" data-x=\"3\" data-y=\"27\" data-db-index=\"27\" class=\"fsize-18\" data-cell-type=\"text\" data-original-value=\"&lt;a href=&quot;https:\/\/teec.org.mx\/web\/wp-content\/uploads\/2022\/10\/TEEC-JDC-6-2022-03-10-2022.pdf&quot; target=&quot;_blank&quot;&gt;TEEC\/JDC\/6\/2022 (ACUERDO DE TURNO DE DOCUMENTACI\u00d3N)&lt;\/a&gt;\" data-order=\"&lt;a href=&quot;https:\/\/teec.org.mx\/web\/wp-content\/uploads\/2022\/10\/TEEC-JDC-6-2022-03-10-2022.pdf&quot; target=&quot;_blank&quot;&gt;TEEC\/JDC\/6\/2022 (ACUERDO DE TURNO DE DOCUMENTACI\u00d3N)&lt;\/a&gt;\" ><a href=\"https:\/\/teec.org.mx\/web\/wp-content\/uploads\/2022\/10\/TEEC-JDC-6-2022-03-10-2022.pdf\" target=\"_blank\">TEEC\/JDC\/6\/2022 (ACUERDO DE TURNO DE DOCUMENTACI\u00d3N)<\/a><\/td><\/tr><tr style=\"height:px\" ><td data-cell-id=\"A28\" data-x=\"0\" data-y=\"28\" data-db-index=\"28\" class=\"fsize-18\" data-cell-type=\"text\" data-original-value=\"29 DE SEPTIEMBRE DE 2022, A LAS 13:00 HORAS\" data-order=\"29 DE SEPTIEMBRE DE 2022, A LAS 13:00 HORAS\" >29 DE SEPTIEMBRE DE 2022, A LAS 13:00 HORAS <\/td><td data-cell-id=\"B28\" data-x=\"1\" data-y=\"28\" data-db-index=\"28\" class=\"fsize-18\" data-cell-type=\"text\" data-original-value=\"MARTHA FRANCISCA DE ATOCHA NAAL MU\u00d1OZ, EN CALIDAD DE PRIMERA REGIDORA DE EDUCACION, CULTURA Y DEPORTE, DE LA HONORABLE JUNTA MUNICPAL DE BECAL, CALKINI, CAMPECHE\" data-order=\"MARTHA FRANCISCA DE ATOCHA NAAL MU\u00d1OZ, EN CALIDAD DE PRIMERA REGIDORA DE EDUCACION, CULTURA Y DEPORTE, DE LA HONORABLE JUNTA MUNICPAL DE BECAL, CALKINI, CAMPECHE\" >MARTHA FRANCISCA DE ATOCHA NAAL MU\u00d1OZ, EN CALIDAD DE PRIMERA REGIDORA DE EDUCACION, CULTURA Y DEPORTE, DE LA HONORABLE JUNTA MUNICPAL DE BECAL, CALKINI, CAMPECHE <\/td><td data-cell-id=\"C28\" data-x=\"2\" data-y=\"28\" data-db-index=\"28\" class=\"fsize-18\" data-cell-type=\"text\" data-original-value=\"\u00c1NGEL OMAR OJEDA AGUILAR, PRESIDENTE DE LA HONORABLE JUNTA MUNICIPAL DE BECAL, CALKINI, CAMPECHE\" data-order=\"\u00c1NGEL OMAR OJEDA AGUILAR, PRESIDENTE DE LA HONORABLE JUNTA MUNICIPAL DE BECAL, CALKINI, CAMPECHE\" >\u00c1NGEL OMAR OJEDA AGUILAR, PRESIDENTE DE LA HONORABLE JUNTA MUNICIPAL DE BECAL, CALKINI, CAMPECHE <\/td><td data-cell-id=\"D28\" data-x=\"3\" data-y=\"28\" data-db-index=\"28\" class=\"fsize-18\" data-cell-type=\"text\" data-original-value=\"&lt;a href=&quot;https:\/\/teec.org.mx\/web\/wp-content\/uploads\/2022\/09\/TEEC-JDC-6-2022-29-09-2022.pdf&quot; target=&quot;_blank&quot;&gt;TEEC\/JDC\/6\/2022 (ACUERDO DE AUDIENCIA DE ALEGATOS)&lt;\/a&gt;\" data-order=\"&lt;a href=&quot;https:\/\/teec.org.mx\/web\/wp-content\/uploads\/2022\/09\/TEEC-JDC-6-2022-29-09-2022.pdf&quot; target=&quot;_blank&quot;&gt;TEEC\/JDC\/6\/2022 (ACUERDO DE AUDIENCIA DE ALEGATOS)&lt;\/a&gt;\" ><a href=\"https:\/\/teec.org.mx\/web\/wp-content\/uploads\/2022\/09\/TEEC-JDC-6-2022-29-09-2022.pdf\" target=\"_blank\">TEEC\/JDC\/6\/2022 (ACUERDO DE AUDIENCIA DE ALEGATOS)<\/a><\/td><\/tr><tr style=\"height:px\" ><td data-cell-id=\"A29\" data-x=\"0\" data-y=\"29\" data-db-index=\"29\" class=\"fsize-18\" data-cell-type=\"text\" data-original-value=\"29 DE SEPTIEMBRE DE 2022, A LAS 9:45 HORAS\" data-order=\"29 DE SEPTIEMBRE DE 2022, A LAS 9:45 HORAS\" >29 DE SEPTIEMBRE DE 2022, A LAS 9:45 HORAS <\/td><td data-cell-id=\"B29\" data-x=\"1\" data-y=\"29\" data-db-index=\"29\" class=\"fsize-18\" data-cell-type=\"text\" data-original-value=\"PAUL ALFREDO ARCE ONTIVEROS, M\u00d3NICA FERN\u00c1NDEZ MONT\u00daFAR, DANIELA GUADALUPE MART\u00cdNEZ HERN\u00c1NDEZ, HIPSI MARISOL ESTRELLA GUILLERMO, JES\u00daS HUMBERTO AGUILAR D\u00cdAZ Y TERESA FAR\u00cdAS GONZ\u00c1LEZ\" data-order=\"PAUL ALFREDO ARCE ONTIVEROS, M\u00d3NICA FERN\u00c1NDEZ MONT\u00daFAR, DANIELA GUADALUPE MART\u00cdNEZ HERN\u00c1NDEZ, HIPSI MARISOL ESTRELLA GUILLERMO, JES\u00daS HUMBERTO AGUILAR D\u00cdAZ Y TERESA FAR\u00cdAS GONZ\u00c1LEZ\" >PAUL ALFREDO ARCE ONTIVEROS, M\u00d3NICA FERN\u00c1NDEZ MONT\u00daFAR, DANIELA GUADALUPE MART\u00cdNEZ HERN\u00c1NDEZ, HIPSI MARISOL ESTRELLA GUILLERMO, JES\u00daS HUMBERTO AGUILAR D\u00cdAZ Y TERESA FAR\u00cdAS GONZ\u00c1LEZ <\/td><td data-cell-id=\"C29\" data-x=\"2\" data-y=\"29\" data-db-index=\"29\" class=\"fsize-18\" data-cell-type=\"text\" data-original-value=\"TRIBUNAL ELECTORAL DEL ESTADO DE CAMPECHE\" data-order=\"TRIBUNAL ELECTORAL DEL ESTADO DE CAMPECHE\" >TRIBUNAL ELECTORAL DEL ESTADO DE CAMPECHE <\/td><td data-cell-id=\"D29\" data-x=\"3\" data-y=\"29\" data-db-index=\"29\" class=\"fsize-18\" data-cell-type=\"text\" data-original-value=\"&lt;a href=&quot;https:\/\/teec.org.mx\/web\/wp-content\/uploads\/2022\/09\/TEEC-JDC-7-2022-29-09-2022.pdf&quot; target=&quot;_blank&quot;&gt;TEEC\/JDC\/7\/2022 (CUADERNO DE ANTECEDENTES: SX-102\/2022, SE DA TIENE POR NOTIFICADO ESTE ORGANO JURISDICCIONAL ELECTORAL LOCAL)&lt;\/a&gt;\" data-order=\"&lt;a href=&quot;https:\/\/teec.org.mx\/web\/wp-content\/uploads\/2022\/09\/TEEC-JDC-7-2022-29-09-2022.pdf&quot; target=&quot;_blank&quot;&gt;TEEC\/JDC\/7\/2022 (CUADERNO DE ANTECEDENTES: SX-102\/2022, SE DA TIENE POR NOTIFICADO ESTE ORGANO JURISDICCIONAL ELECTORAL LOCAL)&lt;\/a&gt;\" ><a href=\"https:\/\/teec.org.mx\/web\/wp-content\/uploads\/2022\/09\/TEEC-JDC-7-2022-29-09-2022.pdf\" target=\"_blank\">TEEC\/JDC\/7\/2022 (CUADERNO DE ANTECEDENTES: SX-102\/2022, SE DA TIENE POR NOTIFICADO ESTE ORGANO JURISDICCIONAL ELECTORAL LOCAL)<\/a><\/td><\/tr><tr style=\"height:px\" ><td data-cell-id=\"A30\" data-x=\"0\" data-y=\"30\" data-db-index=\"30\" class=\"fsize-18\" data-cell-type=\"text\" data-original-value=\"28 DE SEPTIEMBRE DE 2022, A LAS 15:05 HORAS\" data-order=\"28 DE SEPTIEMBRE DE 2022, A LAS 15:05 HORAS\" >28 DE SEPTIEMBRE DE 2022, A LAS 15:05 HORAS <\/td><td data-cell-id=\"B30\" data-x=\"1\" data-y=\"30\" data-db-index=\"30\" class=\"fsize-18\" data-cell-type=\"text\" data-original-value=\"PAUL ALFREDO ARCE ONTIVEROS, M\u00d3NICA FERN\u00c1NDEZ MONT\u00daFAR, DANIELA GUADALUPE MART\u00cdNEZ HERN\u00c1NDEZ, HIPSI MARISOL ESTRELLA GUILLERMO, JES\u00daS HUMBERTO AGUILAR D\u00cdAZ Y TERESA FAR\u00cdAS GONZ\u00c1LEZ\" data-order=\"PAUL ALFREDO ARCE ONTIVEROS, M\u00d3NICA FERN\u00c1NDEZ MONT\u00daFAR, DANIELA GUADALUPE MART\u00cdNEZ HERN\u00c1NDEZ, HIPSI MARISOL ESTRELLA GUILLERMO, JES\u00daS HUMBERTO AGUILAR D\u00cdAZ Y TERESA FAR\u00cdAS GONZ\u00c1LEZ\" >PAUL ALFREDO ARCE ONTIVEROS, M\u00d3NICA FERN\u00c1NDEZ MONT\u00daFAR, DANIELA GUADALUPE MART\u00cdNEZ HERN\u00c1NDEZ, HIPSI MARISOL ESTRELLA GUILLERMO, JES\u00daS HUMBERTO AGUILAR D\u00cdAZ Y TERESA FAR\u00cdAS GONZ\u00c1LEZ <\/td><td data-cell-id=\"C30\" data-x=\"2\" data-y=\"30\" data-db-index=\"30\" class=\"fsize-18\" data-cell-type=\"text\" data-original-value=\"TRIBUNAL ELECTORAL DEL ESTADO DE CAMPECHE\" data-order=\"TRIBUNAL ELECTORAL DEL ESTADO DE CAMPECHE\" >TRIBUNAL ELECTORAL DEL ESTADO DE CAMPECHE <\/td><td data-cell-id=\"D30\" data-x=\"3\" data-y=\"30\" data-db-index=\"30\" class=\"fsize-18\" data-cell-type=\"text\" data-original-value=\"&lt;a href=&quot;https:\/\/teec.org.mx\/web\/wp-content\/uploads\/2022\/09\/TEEC-JDC-7-2022-28-09-2022.pdf&quot; target=&quot;_blank&quot;&gt;TEEC\/JDC\/7\/2022 (SE RETIRA CEDULA DE PUBLICITACI\u00d3N)&lt;\/a&gt;\" data-order=\"&lt;a href=&quot;https:\/\/teec.org.mx\/web\/wp-content\/uploads\/2022\/09\/TEEC-JDC-7-2022-28-09-2022.pdf&quot; target=&quot;_blank&quot;&gt;TEEC\/JDC\/7\/2022 (SE RETIRA CEDULA DE PUBLICITACI\u00d3N)&lt;\/a&gt;\" ><a href=\"https:\/\/teec.org.mx\/web\/wp-content\/uploads\/2022\/09\/TEEC-JDC-7-2022-28-09-2022.pdf\" target=\"_blank\">TEEC\/JDC\/7\/2022 (SE RETIRA CEDULA DE PUBLICITACI\u00d3N)<\/a><\/td><\/tr><tr style=\"height:px\" ><td data-cell-id=\"A31\" data-x=\"0\" data-y=\"31\" data-db-index=\"31\" class=\"fsize-18\" data-cell-type=\"text\" data-original-value=\"28 DE SEPTIEMBRE DE 2022, A LAS 14:50 HORAS\" data-order=\"28 DE SEPTIEMBRE DE 2022, A LAS 14:50 HORAS\" >28 DE SEPTIEMBRE DE 2022, A LAS 14:50 HORAS <\/td><td data-cell-id=\"B31\" data-x=\"1\" data-y=\"31\" data-db-index=\"31\" class=\"fsize-18\" data-cell-type=\"text\" data-original-value=\"RICARDO MIGUEL MEDINA FARF\u00c1N, EN SU CAR\u00c1CTER DE COORDINADOR DE GRUPO PARLAMENTARIO DEL PARTIDO REVOLUCIONARIO INSTITUCIONAL Y DIPUTADO INTEGRANTE DE LA LXIV LEGISLATURA DEL CONGRESO DE ESTADO\" data-order=\"RICARDO MIGUEL MEDINA FARF\u00c1N, EN SU CAR\u00c1CTER DE COORDINADOR DE GRUPO PARLAMENTARIO DEL PARTIDO REVOLUCIONARIO INSTITUCIONAL Y DIPUTADO INTEGRANTE DE LA LXIV LEGISLATURA DEL CONGRESO DE ESTADO\" >RICARDO MIGUEL MEDINA FARF\u00c1N, EN SU CAR\u00c1CTER DE COORDINADOR DE GRUPO PARLAMENTARIO DEL PARTIDO REVOLUCIONARIO INSTITUCIONAL Y DIPUTADO INTEGRANTE DE LA LXIV LEGISLATURA DEL CONGRESO DE ESTADO <\/td><td data-cell-id=\"C31\" data-x=\"2\" data-y=\"31\" data-db-index=\"31\" class=\"fsize-18\" data-cell-type=\"text\" data-original-value=\"TRIBUNAL ELECTORAL DEL ESTADO DE CAMPEC\" data-order=\"TRIBUNAL ELECTORAL DEL ESTADO DE CAMPEC\" >TRIBUNAL ELECTORAL DEL ESTADO DE CAMPEC <\/td><td data-cell-id=\"D31\" data-x=\"3\" data-y=\"31\" data-db-index=\"31\" class=\"fsize-18\" data-cell-type=\"text\" data-original-value=\"&lt;a href=&quot;https:\/\/teec.org.mx\/web\/wp-content\/uploads\/2022\/09\/TEEC-JDC-5-2022-2do-acu.-28-09-2022.pdf&quot; target=&quot;_blank&quot;&gt;TEEC\/JDC\/5\/2022 (RETIRO DE CEDULA DE PUBLICITACI\u00d3N)&lt;\/a&gt;\" data-order=\"&lt;a href=&quot;https:\/\/teec.org.mx\/web\/wp-content\/uploads\/2022\/09\/TEEC-JDC-5-2022-2do-acu.-28-09-2022.pdf&quot; target=&quot;_blank&quot;&gt;TEEC\/JDC\/5\/2022 (RETIRO DE CEDULA DE PUBLICITACI\u00d3N)&lt;\/a&gt;\" ><a href=\"https:\/\/teec.org.mx\/web\/wp-content\/uploads\/2022\/09\/TEEC-JDC-5-2022-2do-acu.-28-09-2022.pdf\" target=\"_blank\">TEEC\/JDC\/5\/2022 (RETIRO DE CEDULA DE PUBLICITACI\u00d3N)<\/a><\/td><\/tr><tr style=\"height:px\" ><td data-cell-id=\"A32\" data-x=\"0\" data-y=\"32\" data-db-index=\"32\" class=\"fsize-18\" data-cell-type=\"text\" data-original-value=\"28 DE SEPTIEMBRE DE 2022, A LAS 14:40 HORAS\" data-order=\"28 DE SEPTIEMBRE DE 2022, A LAS 14:40 HORAS\" >28 DE SEPTIEMBRE DE 2022, A LAS 14:40 HORAS <\/td><td data-cell-id=\"B32\" data-x=\"1\" data-y=\"32\" data-db-index=\"32\" class=\"fsize-18\" data-cell-type=\"text\" data-original-value=\"LIRIO GUADALUPE SUAREZ AM\u00c9NDOLA, EN SU CALIDAD DE PRESIDENTA DEL CONSEJO GENERAL DEL INSTITUTO ELECTORAL DEL ESTADO DE CAMPECHE, POR SU PROPIO Y PERSONAL DERECHO\" data-order=\"LIRIO GUADALUPE SUAREZ AM\u00c9NDOLA, EN SU CALIDAD DE PRESIDENTA DEL CONSEJO GENERAL DEL INSTITUTO ELECTORAL DEL ESTADO DE CAMPECHE, POR SU PROPIO Y PERSONAL DERECHO\" >LIRIO GUADALUPE SUAREZ AM\u00c9NDOLA, EN SU CALIDAD DE PRESIDENTA DEL CONSEJO GENERAL DEL INSTITUTO ELECTORAL DEL ESTADO DE CAMPECHE, POR SU PROPIO Y PERSONAL DERECHO <\/td><td data-cell-id=\"C32\" data-x=\"2\" data-y=\"32\" data-db-index=\"32\" class=\"fsize-18\" data-cell-type=\"text\" data-original-value=\"TRIBUNAL ELECTORAL DEL ESTADO DE CAMPECHE\" data-order=\"TRIBUNAL ELECTORAL DEL ESTADO DE CAMPECHE\" >TRIBUNAL ELECTORAL DEL ESTADO DE CAMPECHE <\/td><td data-cell-id=\"D32\" data-x=\"3\" data-y=\"32\" data-db-index=\"32\" class=\"fsize-18\" data-cell-type=\"text\" data-original-value=\"&lt;a href=&quot;https:\/\/teec.org.mx\/web\/wp-content\/uploads\/2022\/09\/TEEC-JDC-4-2022-28-09-2022.pdf&quot; target=&quot;_blank&quot;&gt;TEEC\/JDC\/4\/2022 (EXPEDIENTE FEDERAL: SX-JDC-6837\/2022, SE DA POR NOTIFICADO ESTE \u00d3RGANO JURISDICCIONAL ELECTORAL)&lt;\/a&gt;\" data-order=\"&lt;a href=&quot;https:\/\/teec.org.mx\/web\/wp-content\/uploads\/2022\/09\/TEEC-JDC-4-2022-28-09-2022.pdf&quot; target=&quot;_blank&quot;&gt;TEEC\/JDC\/4\/2022 (EXPEDIENTE FEDERAL: SX-JDC-6837\/2022, SE DA POR NOTIFICADO ESTE \u00d3RGANO JURISDICCIONAL ELECTORAL)&lt;\/a&gt;\" ><a href=\"https:\/\/teec.org.mx\/web\/wp-content\/uploads\/2022\/09\/TEEC-JDC-4-2022-28-09-2022.pdf\" target=\"_blank\">TEEC\/JDC\/4\/2022 (EXPEDIENTE FEDERAL: SX-JDC-6837\/2022, SE DA POR NOTIFICADO ESTE \u00d3RGANO JURISDICCIONAL ELECTORAL)<\/a><\/td><\/tr><tr style=\"height:px\" ><td data-cell-id=\"A33\" data-x=\"0\" data-y=\"33\" data-db-index=\"33\" class=\"fsize-18\" data-cell-type=\"text\" data-original-value=\"28 DE SEPTIEMBRE DE 2022, A LAS 13:20 HORAS\" data-order=\"28 DE SEPTIEMBRE DE 2022, A LAS 13:20 HORAS\" >28 DE SEPTIEMBRE DE 2022, A LAS 13:20 HORAS <\/td><td data-cell-id=\"B33\" data-x=\"1\" data-y=\"33\" data-db-index=\"33\" class=\"fsize-18\" data-cell-type=\"text\" data-original-value=\"RICARDO MIGUEL MEDINA FARF\u00c1N, EN SU CAR\u00c1CTER DE COORDINADOR DE GRUPO PARLAMENTARIO DEL PARTIDO REVOLUCIONARIO INSTITUCIONAL Y DIPUTADO INTEGRANTE DE LA LXIV LEGISLATURA DEL CONGRESO DE ESTADO\" data-order=\"RICARDO MIGUEL MEDINA FARF\u00c1N, EN SU CAR\u00c1CTER DE COORDINADOR DE GRUPO PARLAMENTARIO DEL PARTIDO REVOLUCIONARIO INSTITUCIONAL Y DIPUTADO INTEGRANTE DE LA LXIV LEGISLATURA DEL CONGRESO DE ESTADO\" >RICARDO MIGUEL MEDINA FARF\u00c1N, EN SU CAR\u00c1CTER DE COORDINADOR DE GRUPO PARLAMENTARIO DEL PARTIDO REVOLUCIONARIO INSTITUCIONAL Y DIPUTADO INTEGRANTE DE LA LXIV LEGISLATURA DEL CONGRESO DE ESTADO <\/td><td data-cell-id=\"C33\" data-x=\"2\" data-y=\"33\" data-db-index=\"33\" class=\"fsize-18\" data-cell-type=\"text\" data-original-value=\"TRIBUNAL ELECTORAL DEL ESTADO DE CAMPECHE\" data-order=\"TRIBUNAL ELECTORAL DEL ESTADO DE CAMPECHE\" >TRIBUNAL ELECTORAL DEL ESTADO DE CAMPECHE <\/td><td data-cell-id=\"D33\" data-x=\"3\" data-y=\"33\" data-db-index=\"33\" class=\"fsize-18\" data-cell-type=\"text\" data-original-value=\"&lt;a href=&quot;https:\/\/teec.org.mx\/web\/wp-content\/uploads\/2022\/09\/TEEC-JDC-5-2022-28-09-2022.pdf&quot; target=&quot;_blank&quot;&gt;TEEC\/JDC\/5\/2022 (RETIRO DE CEDULA DE PUBLICITACI\u00d3N)&lt;\/a&gt;\" data-order=\"&lt;a href=&quot;https:\/\/teec.org.mx\/web\/wp-content\/uploads\/2022\/09\/TEEC-JDC-5-2022-28-09-2022.pdf&quot; target=&quot;_blank&quot;&gt;TEEC\/JDC\/5\/2022 (RETIRO DE CEDULA DE PUBLICITACI\u00d3N)&lt;\/a&gt;\" ><a href=\"https:\/\/teec.org.mx\/web\/wp-content\/uploads\/2022\/09\/TEEC-JDC-5-2022-28-09-2022.pdf\" target=\"_blank\">TEEC\/JDC\/5\/2022 (RETIRO DE CEDULA DE PUBLICITACI\u00d3N)<\/a><\/td><\/tr><tr style=\"height:px\" ><td data-cell-id=\"A34\" data-x=\"0\" data-y=\"34\" data-db-index=\"34\" class=\"fsize-18\" data-cell-type=\"text\" data-original-value=\"23 DE SEPTIEMBRE DE 2022, A LAS 14:40 HORAS\" data-order=\"23 DE SEPTIEMBRE DE 2022, A LAS 14:40 HORAS\" >23 DE SEPTIEMBRE DE 2022, A LAS 14:40 HORAS <\/td><td data-cell-id=\"B34\" data-x=\"1\" data-y=\"34\" data-db-index=\"34\" class=\"fsize-18\" data-cell-type=\"text\" data-original-value=\"PAUL ALFREDO ARCE ONTIVEROS, M\u00d3NICA FERN\u00c1NDEZ MONT\u00daFAR, DANIELA GUADALUPE MART\u00cdNEZ HERN\u00c1NDEZ, HIPSI MARISOL ESTRELLA GUILLERMO, JES\u00daS HUMBERTO AGUILAR D\u00cdAZ Y TERESA FAR\u00cdAS GONZ\u00c1LEZ\" data-order=\"PAUL ALFREDO ARCE ONTIVEROS, M\u00d3NICA FERN\u00c1NDEZ MONT\u00daFAR, DANIELA GUADALUPE MART\u00cdNEZ HERN\u00c1NDEZ, HIPSI MARISOL ESTRELLA GUILLERMO, JES\u00daS HUMBERTO AGUILAR D\u00cdAZ Y TERESA FAR\u00cdAS GONZ\u00c1LEZ\" >PAUL ALFREDO ARCE ONTIVEROS, M\u00d3NICA FERN\u00c1NDEZ MONT\u00daFAR, DANIELA GUADALUPE MART\u00cdNEZ HERN\u00c1NDEZ, HIPSI MARISOL ESTRELLA GUILLERMO, JES\u00daS HUMBERTO AGUILAR D\u00cdAZ Y TERESA FAR\u00cdAS GONZ\u00c1LEZ <\/td><td data-cell-id=\"C34\" data-x=\"2\" data-y=\"34\" data-db-index=\"34\" class=\"fsize-18\" data-cell-type=\"text\" data-original-value=\"TRIBUNAL ELECTORAL DEL ESTADO DE CAMPECHE\" data-order=\"TRIBUNAL ELECTORAL DEL ESTADO DE CAMPECHE\" >TRIBUNAL ELECTORAL DEL ESTADO DE CAMPECHE <\/td><td data-cell-id=\"D34\" data-x=\"3\" data-y=\"34\" data-db-index=\"34\" class=\"fsize-18\" data-cell-type=\"text\" data-original-value=\"&lt;a href=&quot;https:\/\/teec.org.mx\/web\/wp-content\/uploads\/2022\/09\/TEEC-JDC-7-2022-23-09-2022.pdf&quot; target=&quot;_blank&quot;&gt;TEEC\/JDC\/7\/2022 (SE DA TRAMITE AL MEDIO DE IMPUGNACION FEDERAL)&lt;\/a&gt;\" data-order=\"&lt;a href=&quot;https:\/\/teec.org.mx\/web\/wp-content\/uploads\/2022\/09\/TEEC-JDC-7-2022-23-09-2022.pdf&quot; target=&quot;_blank&quot;&gt;TEEC\/JDC\/7\/2022 (SE DA TRAMITE AL MEDIO DE IMPUGNACION FEDERAL)&lt;\/a&gt;\" ><a href=\"https:\/\/teec.org.mx\/web\/wp-content\/uploads\/2022\/09\/TEEC-JDC-7-2022-23-09-2022.pdf\" target=\"_blank\">TEEC\/JDC\/7\/2022 (SE DA TRAMITE AL MEDIO DE IMPUGNACION FEDERAL)<\/a><\/td><\/tr><tr style=\"height:px\" ><td data-cell-id=\"A35\" data-x=\"0\" data-y=\"35\" data-db-index=\"35\" class=\"fsize-18\" data-cell-type=\"text\" data-original-value=\"23 DE SEPTIEMBRE DE 2022, A LAS 12:40 HORAS\" data-order=\"23 DE SEPTIEMBRE DE 2022, A LAS 12:40 HORAS\" >23 DE SEPTIEMBRE DE 2022, A LAS 12:40 HORAS <\/td><td data-cell-id=\"B35\" data-x=\"1\" data-y=\"35\" data-db-index=\"35\" class=\"fsize-18\" data-cell-type=\"text\" data-original-value=\"RICARDO MIGUEL MEDINA FARF\u00c1N, EN SU CAR\u00c1CTER DE COORDINADOR DE GRUPO PARLAMENTARIO DEL PARTIDO REVOLUCIONARIO INSTITUCIONAL Y DIPUTADO INTEGRANTE DE LA LXIV LEGISLATURA DEL CONGRESO DE ESTADO\" data-order=\"RICARDO MIGUEL MEDINA FARF\u00c1N, EN SU CAR\u00c1CTER DE COORDINADOR DE GRUPO PARLAMENTARIO DEL PARTIDO REVOLUCIONARIO INSTITUCIONAL Y DIPUTADO INTEGRANTE DE LA LXIV LEGISLATURA DEL CONGRESO DE ESTADO\" >RICARDO MIGUEL MEDINA FARF\u00c1N, EN SU CAR\u00c1CTER DE COORDINADOR DE GRUPO PARLAMENTARIO DEL PARTIDO REVOLUCIONARIO INSTITUCIONAL Y DIPUTADO INTEGRANTE DE LA LXIV LEGISLATURA DEL CONGRESO DE ESTADO <\/td><td data-cell-id=\"C35\" data-x=\"2\" data-y=\"35\" data-db-index=\"35\" class=\"fsize-18\" data-cell-type=\"text\" data-original-value=\"TRIBUNAL ELECTORAL DEL ESTADO DE CAMPECHE\" data-order=\"TRIBUNAL ELECTORAL DEL ESTADO DE CAMPECHE\" >TRIBUNAL ELECTORAL DEL ESTADO DE CAMPECHE <\/td><td data-cell-id=\"D35\" data-x=\"3\" data-y=\"35\" data-db-index=\"35\" class=\"fsize-18\" data-cell-type=\"text\" data-original-value=\"&lt;a href=&quot;https:\/\/teec.org.mx\/web\/wp-content\/uploads\/2022\/09\/TEEC-JDC-5-2022-23-09-2022.pdf&quot; target=&quot;_blank&quot;&gt;TEEC\/JDC\/5\/2022 (SE DA TR\u00c1MITE AL MEDIO DE IMPUGNACI\u00d3N)&lt;\/a&gt;\" data-order=\"&lt;a href=&quot;https:\/\/teec.org.mx\/web\/wp-content\/uploads\/2022\/09\/TEEC-JDC-5-2022-23-09-2022.pdf&quot; target=&quot;_blank&quot;&gt;TEEC\/JDC\/5\/2022 (SE DA TR\u00c1MITE AL MEDIO DE IMPUGNACI\u00d3N)&lt;\/a&gt;\" ><a href=\"https:\/\/teec.org.mx\/web\/wp-content\/uploads\/2022\/09\/TEEC-JDC-5-2022-23-09-2022.pdf\" target=\"_blank\">TEEC\/JDC\/5\/2022 (SE DA TR\u00c1MITE AL MEDIO DE IMPUGNACI\u00d3N)<\/a><\/td><\/tr><tr style=\"height:px\" ><td data-cell-id=\"A36\" data-x=\"0\" data-y=\"36\" data-db-index=\"36\" class=\"fsize-18\" data-cell-type=\"text\" data-original-value=\"23 DE SEPTIEMBRE DE 2022, A LAS 12:30 HORAS\" data-order=\"23 DE SEPTIEMBRE DE 2022, A LAS 12:30 HORAS\" >23 DE SEPTIEMBRE DE 2022, A LAS 12:30 HORAS <\/td><td data-cell-id=\"B36\" data-x=\"1\" data-y=\"36\" data-db-index=\"36\" class=\"fsize-18\" data-cell-type=\"text\" data-original-value=\"MARTHA FRANCISCA DE ATOCHA NAAL MU\u00d1OZ, EN CALIDAD DE PRIMERA REGIDORA DE EDUCACION, CULTURA Y DEPORTE, DE LA HONORABLE JUNTA MUNICPAL DE BECAL, CALKINI, CAMPECHE\" data-order=\"MARTHA FRANCISCA DE ATOCHA NAAL MU\u00d1OZ, EN CALIDAD DE PRIMERA REGIDORA DE EDUCACION, CULTURA Y DEPORTE, DE LA HONORABLE JUNTA MUNICPAL DE BECAL, CALKINI, CAMPECHE\" >MARTHA FRANCISCA DE ATOCHA NAAL MU\u00d1OZ, EN CALIDAD DE PRIMERA REGIDORA DE EDUCACION, CULTURA Y DEPORTE, DE LA HONORABLE JUNTA MUNICPAL DE BECAL, CALKINI, CAMPECHE <\/td><td data-cell-id=\"C36\" data-x=\"2\" data-y=\"36\" data-db-index=\"36\" class=\"fsize-18\" data-cell-type=\"text\" data-original-value=\"\u00c1NGEL OMAR OJEDA AGUILAR, PRESIDENTE DE LA HONORABLE JUNTA MUNICIPAL DE BECAL, CALKINI, CAMPECHE\" data-order=\"\u00c1NGEL OMAR OJEDA AGUILAR, PRESIDENTE DE LA HONORABLE JUNTA MUNICIPAL DE BECAL, CALKINI, CAMPECHE\" >\u00c1NGEL OMAR OJEDA AGUILAR, PRESIDENTE DE LA HONORABLE JUNTA MUNICIPAL DE BECAL, CALKINI, CAMPECHE <\/td><td data-cell-id=\"D36\" data-x=\"3\" data-y=\"36\" data-db-index=\"36\" class=\"fsize-18\" data-cell-type=\"text\" data-original-value=\"&lt;a href=&quot;https:\/\/teec.org.mx\/web\/wp-content\/uploads\/2022\/09\/TEEC-JDC-6-2022-23-09-2022.pdf&quot; target=&quot;_blank&quot;&gt;TEEC\/JDC\/6\/2022 (ACUERDO DE ACUMULACION)&lt;\/a&gt;\" data-order=\"&lt;a href=&quot;https:\/\/teec.org.mx\/web\/wp-content\/uploads\/2022\/09\/TEEC-JDC-6-2022-23-09-2022.pdf&quot; target=&quot;_blank&quot;&gt;TEEC\/JDC\/6\/2022 (ACUERDO DE ACUMULACION)&lt;\/a&gt;\" ><a href=\"https:\/\/teec.org.mx\/web\/wp-content\/uploads\/2022\/09\/TEEC-JDC-6-2022-23-09-2022.pdf\" target=\"_blank\">TEEC\/JDC\/6\/2022 (ACUERDO DE ACUMULACION)<\/a><\/td><\/tr><tr style=\"height:px\" ><td data-cell-id=\"A37\" data-x=\"0\" data-y=\"37\" data-db-index=\"37\" class=\"fsize-18\" data-cell-type=\"text\" data-original-value=\"22 DE SEPTIEMBRE DE 2022, A LAS 13:30 HORAS\" data-order=\"22 DE SEPTIEMBRE DE 2022, A LAS 13:30 HORAS\" >22 DE SEPTIEMBRE DE 2022, A LAS 13:30 HORAS <\/td><td data-cell-id=\"B37\" data-x=\"1\" data-y=\"37\" data-db-index=\"37\" class=\"fsize-18\" data-cell-type=\"text\" data-original-value=\"MARTHA FRANCISCA DE ATOCHA NAAL MU\u00d1OZ, EN CALIDAD DE PRIMERA REGIDORA DE EDUCACION, CULTURA Y DEPORTE, DE LA HONORABLE JUNTA MUNICPAL DE BECAL, CALKINI, CAMPECHE\" data-order=\"MARTHA FRANCISCA DE ATOCHA NAAL MU\u00d1OZ, EN CALIDAD DE PRIMERA REGIDORA DE EDUCACION, CULTURA Y DEPORTE, DE LA HONORABLE JUNTA MUNICPAL DE BECAL, CALKINI, CAMPECHE\" >MARTHA FRANCISCA DE ATOCHA NAAL MU\u00d1OZ, EN CALIDAD DE PRIMERA REGIDORA DE EDUCACION, CULTURA Y DEPORTE, DE LA HONORABLE JUNTA MUNICPAL DE BECAL, CALKINI, CAMPECHE <\/td><td data-cell-id=\"C37\" data-x=\"2\" data-y=\"37\" data-db-index=\"37\" class=\"fsize-18\" data-cell-type=\"text\" data-original-value=\"\u00c1NGEL OMAR OJEDA AGUILAR, PRESIDENTE DE LA HONORABLE JUNTA MUNICIPAL DE BECAL, CALKINI, CAMPECHE\" data-order=\"\u00c1NGEL OMAR OJEDA AGUILAR, PRESIDENTE DE LA HONORABLE JUNTA MUNICIPAL DE BECAL, CALKINI, CAMPECHE\" >\u00c1NGEL OMAR OJEDA AGUILAR, PRESIDENTE DE LA HONORABLE JUNTA MUNICIPAL DE BECAL, CALKINI, CAMPECHE <\/td><td data-cell-id=\"D37\" data-x=\"3\" data-y=\"37\" data-db-index=\"37\" class=\"fsize-18\" data-cell-type=\"text\" data-original-value=\"&lt;a href=&quot;https:\/\/teec.org.mx\/web\/wp-content\/uploads\/2022\/09\/TEEC-JDC-6-2022-22-09-2022.pdf&quot; target=&quot;_blank&quot;&gt;TEEC\/JDC\/6\/2022 (ACUERDO DE TURNO DE DOCUMENTACI\u00d3N)&lt;\/a&gt;\" data-order=\"&lt;a href=&quot;https:\/\/teec.org.mx\/web\/wp-content\/uploads\/2022\/09\/TEEC-JDC-6-2022-22-09-2022.pdf&quot; target=&quot;_blank&quot;&gt;TEEC\/JDC\/6\/2022 (ACUERDO DE TURNO DE DOCUMENTACI\u00d3N)&lt;\/a&gt;\" ><a href=\"https:\/\/teec.org.mx\/web\/wp-content\/uploads\/2022\/09\/TEEC-JDC-6-2022-22-09-2022.pdf\" target=\"_blank\">TEEC\/JDC\/6\/2022 (ACUERDO DE TURNO DE DOCUMENTACI\u00d3N)<\/a><\/td><\/tr><tr style=\"height:px\" ><td data-cell-id=\"A38\" data-x=\"0\" data-y=\"38\" data-db-index=\"38\" class=\"fsize-18\" data-cell-type=\"text\" data-original-value=\"21 DE SEPTIEMBRE DE 2022, A LAS 13:50 HORAS\" data-order=\"21 DE SEPTIEMBRE DE 2022, A LAS 13:50 HORAS\" >21 DE SEPTIEMBRE DE 2022, A LAS 13:50 HORAS <\/td><td data-cell-id=\"B38\" data-x=\"1\" data-y=\"38\" data-db-index=\"38\" class=\"fsize-18\" data-cell-type=\"text\" data-original-value=\"MARTHA FRANCISCA DE ATOCHA NAAL MU\u00d1OZ, EN CALIDAD DE PRIMERA REGIDORA DE EDUCACION, CULTURA Y DEPORTE, DE LA HONORABLE JUNTA MUNICPAL DE BECAL, CALKINI, CAMPECHE\" data-order=\"MARTHA FRANCISCA DE ATOCHA NAAL MU\u00d1OZ, EN CALIDAD DE PRIMERA REGIDORA DE EDUCACION, CULTURA Y DEPORTE, DE LA HONORABLE JUNTA MUNICPAL DE BECAL, CALKINI, CAMPECHE\" >MARTHA FRANCISCA DE ATOCHA NAAL MU\u00d1OZ, EN CALIDAD DE PRIMERA REGIDORA DE EDUCACION, CULTURA Y DEPORTE, DE LA HONORABLE JUNTA MUNICPAL DE BECAL, CALKINI, CAMPECHE <\/td><td data-cell-id=\"C38\" data-x=\"2\" data-y=\"38\" data-db-index=\"38\" class=\"fsize-18\" data-cell-type=\"text\" data-original-value=\"\u00c1NGEL OMAR OJEDA AGUILAR, PRESIDENTE DE LA HONORABLE JUNTA MUNICIPAL DE BECAL, CALKINI, CAMPECHE\" data-order=\"\u00c1NGEL OMAR OJEDA AGUILAR, PRESIDENTE DE LA HONORABLE JUNTA MUNICIPAL DE BECAL, CALKINI, CAMPECHE\" >\u00c1NGEL OMAR OJEDA AGUILAR, PRESIDENTE DE LA HONORABLE JUNTA MUNICIPAL DE BECAL, CALKINI, CAMPECHE <\/td><td data-cell-id=\"D38\" data-x=\"3\" data-y=\"38\" data-db-index=\"38\" class=\"fsize-18\" data-cell-type=\"text\" data-original-value=\"&lt;a href=&quot;https:\/\/teec.org.mx\/web\/wp-content\/uploads\/2022\/09\/TEEC-JDC-6-2022-3er-acu.-21-09-2022.pdf&quot; target=&quot;_blank&quot;&gt;TEEC\/JDC\/6\/2022 (ACUERDO DE ACUMULACION Y REQUERIMIENTO)&lt;\/a&gt;\" data-order=\"&lt;a href=&quot;https:\/\/teec.org.mx\/web\/wp-content\/uploads\/2022\/09\/TEEC-JDC-6-2022-3er-acu.-21-09-2022.pdf&quot; target=&quot;_blank&quot;&gt;TEEC\/JDC\/6\/2022 (ACUERDO DE ACUMULACION Y REQUERIMIENTO)&lt;\/a&gt;\" ><a href=\"https:\/\/teec.org.mx\/web\/wp-content\/uploads\/2022\/09\/TEEC-JDC-6-2022-3er-acu.-21-09-2022.pdf\" target=\"_blank\">TEEC\/JDC\/6\/2022 (ACUERDO DE ACUMULACION Y REQUERIMIENTO)<\/a><\/td><\/tr><tr style=\"height:px\" ><td data-cell-id=\"A39\" data-x=\"0\" data-y=\"39\" data-db-index=\"39\" class=\"fsize-18\" data-cell-type=\"text\" data-original-value=\"21 DE SEPTIEMBRE DE 2022, A LAS 13:00 HORAS\" data-order=\"21 DE SEPTIEMBRE DE 2022, A LAS 13:00 HORAS\" >21 DE SEPTIEMBRE DE 2022, A LAS 13:00 HORAS <\/td><td data-cell-id=\"B39\" data-x=\"1\" data-y=\"39\" data-db-index=\"39\" class=\"fsize-18\" data-cell-type=\"text\" data-original-value=\"MARTHA FRANCISCA DE ATOCHA NAAL MU\u00d1OZ, EN CALIDAD DE PRIMERA REGIDORA DE EDUCACION, CULTURA Y DEPORTE, DE LA HONORABLE JUNTA MUNICPAL DE BECAL, CALKINI, CAMPECHE\" data-order=\"MARTHA FRANCISCA DE ATOCHA NAAL MU\u00d1OZ, EN CALIDAD DE PRIMERA REGIDORA DE EDUCACION, CULTURA Y DEPORTE, DE LA HONORABLE JUNTA MUNICPAL DE BECAL, CALKINI, CAMPECHE\" >MARTHA FRANCISCA DE ATOCHA NAAL MU\u00d1OZ, EN CALIDAD DE PRIMERA REGIDORA DE EDUCACION, CULTURA Y DEPORTE, DE LA HONORABLE JUNTA MUNICPAL DE BECAL, CALKINI, CAMPECHE <\/td><td data-cell-id=\"C39\" data-x=\"2\" data-y=\"39\" data-db-index=\"39\" class=\"fsize-18\" data-cell-type=\"text\" data-original-value=\"\u00c1NGEL OMAR OJEDA AGUILAR, PRESIDENTE DE LA HONORABLE JUNTA MUNICIPAL DE BECAL, CALKINI, CAMPECHE\" data-order=\"\u00c1NGEL OMAR OJEDA AGUILAR, PRESIDENTE DE LA HONORABLE JUNTA MUNICIPAL DE BECAL, CALKINI, CAMPECHE\" >\u00c1NGEL OMAR OJEDA AGUILAR, PRESIDENTE DE LA HONORABLE JUNTA MUNICIPAL DE BECAL, CALKINI, CAMPECHE <\/td><td data-cell-id=\"D39\" data-x=\"3\" data-y=\"39\" data-db-index=\"39\" class=\"fsize-18\" data-cell-type=\"text\" data-original-value=\"&lt;a href=&quot;https:\/\/teec.org.mx\/web\/wp-content\/uploads\/2022\/09\/TEEC-JDC-6-2022-2do-acu.-21-09-2022.pdf&quot; target=&quot;_blank&quot;&gt;TEEC\/JDC\/6\/2022 (DESAHOGO DE PRUEBA T\u00c9CNICA)&lt;\/a&gt;\" data-order=\"&lt;a href=&quot;https:\/\/teec.org.mx\/web\/wp-content\/uploads\/2022\/09\/TEEC-JDC-6-2022-2do-acu.-21-09-2022.pdf&quot; target=&quot;_blank&quot;&gt;TEEC\/JDC\/6\/2022 (DESAHOGO DE PRUEBA T\u00c9CNICA)&lt;\/a&gt;\" ><a href=\"https:\/\/teec.org.mx\/web\/wp-content\/uploads\/2022\/09\/TEEC-JDC-6-2022-2do-acu.-21-09-2022.pdf\" target=\"_blank\">TEEC\/JDC\/6\/2022 (DESAHOGO DE PRUEBA T\u00c9CNICA)<\/a><\/td><\/tr><tr style=\"height:px\" ><td data-cell-id=\"A40\" data-x=\"0\" data-y=\"40\" data-db-index=\"40\" class=\"fsize-18\" data-cell-type=\"text\" data-original-value=\"21 DE SEPTIEMBRE DE 2022, A LAS 11:00 HORAS.\" data-order=\"21 DE SEPTIEMBRE DE 2022, A LAS 11:00 HORAS.\" >21 DE SEPTIEMBRE DE 2022, A LAS 11:00 HORAS. <\/td><td data-cell-id=\"B40\" data-x=\"1\" data-y=\"40\" data-db-index=\"40\" class=\"fsize-18\" data-cell-type=\"text\" data-original-value=\"MARTHA FRANCISCA DE ATOCHA NAAL MU\u00d1OZ, EN CALIDAD DE PRIMERA REGIDORA DE EDUCACION, CULTURA Y DEPORTE, DE LA HONORABLE JUNTA MUNICPAL DE BECAL, CALKINI, CAMPECHE\" data-order=\"MARTHA FRANCISCA DE ATOCHA NAAL MU\u00d1OZ, EN CALIDAD DE PRIMERA REGIDORA DE EDUCACION, CULTURA Y DEPORTE, DE LA HONORABLE JUNTA MUNICPAL DE BECAL, CALKINI, CAMPECHE\" >MARTHA FRANCISCA DE ATOCHA NAAL MU\u00d1OZ, EN CALIDAD DE PRIMERA REGIDORA DE EDUCACION, CULTURA Y DEPORTE, DE LA HONORABLE JUNTA MUNICPAL DE BECAL, CALKINI, CAMPECHE <\/td><td data-cell-id=\"C40\" data-x=\"2\" data-y=\"40\" data-db-index=\"40\" class=\"fsize-18\" data-cell-type=\"text\" data-original-value=\"\u00c1NGEL OMAR OJEDA AGUILAR, PRESIDENTE DE LA HONORABLE JUNTA MUNICIPAL DE BECAL, CALKINI, CAMPECHE\" data-order=\"\u00c1NGEL OMAR OJEDA AGUILAR, PRESIDENTE DE LA HONORABLE JUNTA MUNICIPAL DE BECAL, CALKINI, CAMPECHE\" >\u00c1NGEL OMAR OJEDA AGUILAR, PRESIDENTE DE LA HONORABLE JUNTA MUNICIPAL DE BECAL, CALKINI, CAMPECHE <\/td><td data-cell-id=\"D40\" data-x=\"3\" data-y=\"40\" data-db-index=\"40\" class=\"fsize-18\" data-cell-type=\"text\" data-original-value=\"&lt;a href=&quot;https:\/\/teec.org.mx\/web\/wp-content\/uploads\/2022\/09\/TEEC-JDC-6-2022-21-09-2022.pdf&quot; target=&quot;_blank&quot;&gt;TEEC\/JDC\/6\/2022 (ACUERDO DE TURNO DE DOCUMENTACI\u00d3N)&lt;\/a&gt;\" data-order=\"&lt;a href=&quot;https:\/\/teec.org.mx\/web\/wp-content\/uploads\/2022\/09\/TEEC-JDC-6-2022-21-09-2022.pdf&quot; target=&quot;_blank&quot;&gt;TEEC\/JDC\/6\/2022 (ACUERDO DE TURNO DE DOCUMENTACI\u00d3N)&lt;\/a&gt;\" ><a href=\"https:\/\/teec.org.mx\/web\/wp-content\/uploads\/2022\/09\/TEEC-JDC-6-2022-21-09-2022.pdf\" target=\"_blank\">TEEC\/JDC\/6\/2022 (ACUERDO DE TURNO DE DOCUMENTACI\u00d3N)<\/a><\/td><\/tr><tr style=\"height:px\" ><td data-cell-id=\"A41\" data-x=\"0\" data-y=\"41\" data-db-index=\"41\" class=\"fsize-18\" data-cell-type=\"text\" data-original-value=\"20 DE SEPTIEMBRE DE 2022, A LAS 13:20 HORAS\" data-order=\"20 DE SEPTIEMBRE DE 2022, A LAS 13:20 HORAS\" >20 DE SEPTIEMBRE DE 2022, A LAS 13:20 HORAS <\/td><td data-cell-id=\"B41\" data-x=\"1\" data-y=\"41\" data-db-index=\"41\" class=\"fsize-18\" data-cell-type=\"text\" data-original-value=\"MARTHA FRANCISCA DE ATOCHA NAAL MU\u00d1OZ, EN CALIDAD DE PRIMERA REGIDORA DE EDUCACION, CULTURA Y DEPORTE, DE LA HONORABLE JUNTA MUNICPAL DE BECAL, CALKINI, CAMPECHE\" data-order=\"MARTHA FRANCISCA DE ATOCHA NAAL MU\u00d1OZ, EN CALIDAD DE PRIMERA REGIDORA DE EDUCACION, CULTURA Y DEPORTE, DE LA HONORABLE JUNTA MUNICPAL DE BECAL, CALKINI, CAMPECHE\" >MARTHA FRANCISCA DE ATOCHA NAAL MU\u00d1OZ, EN CALIDAD DE PRIMERA REGIDORA DE EDUCACION, CULTURA Y DEPORTE, DE LA HONORABLE JUNTA MUNICPAL DE BECAL, CALKINI, CAMPECHE <\/td><td data-cell-id=\"C41\" data-x=\"2\" data-y=\"41\" data-db-index=\"41\" class=\"fsize-18\" data-cell-type=\"text\" data-original-value=\"\u00c1NGEL OMAR OJEDA AGUILAR, PRESIDENTE DE LA HONORABLE JUNTA MUNICIPAL DE BECAL, CALKINI, CAMPECHE\" data-order=\"\u00c1NGEL OMAR OJEDA AGUILAR, PRESIDENTE DE LA HONORABLE JUNTA MUNICIPAL DE BECAL, CALKINI, CAMPECHE\" >\u00c1NGEL OMAR OJEDA AGUILAR, PRESIDENTE DE LA HONORABLE JUNTA MUNICIPAL DE BECAL, CALKINI, CAMPECHE <\/td><td data-cell-id=\"D41\" data-x=\"3\" data-y=\"41\" data-db-index=\"41\" class=\"fsize-18\" data-cell-type=\"text\" data-original-value=\"&lt;a href=&quot;https:\/\/teec.org.mx\/web\/wp-content\/uploads\/2022\/09\/TEEC-JDC-6-2022-20-09-2022.pdf&quot; target=&quot;_blank&quot;&gt;TEEC\/JDC\/6\/2022 (ACUERDO DE TURNO DE DOCUMENTACI\u00d3N)&lt;\/a&gt;\" data-order=\"&lt;a href=&quot;https:\/\/teec.org.mx\/web\/wp-content\/uploads\/2022\/09\/TEEC-JDC-6-2022-20-09-2022.pdf&quot; target=&quot;_blank&quot;&gt;TEEC\/JDC\/6\/2022 (ACUERDO DE TURNO DE DOCUMENTACI\u00d3N)&lt;\/a&gt;\" ><a href=\"https:\/\/teec.org.mx\/web\/wp-content\/uploads\/2022\/09\/TEEC-JDC-6-2022-20-09-2022.pdf\" target=\"_blank\">TEEC\/JDC\/6\/2022 (ACUERDO DE TURNO DE DOCUMENTACI\u00d3N)<\/a><\/td><\/tr><tr style=\"height:px\" ><td data-cell-id=\"A42\" data-x=\"0\" data-y=\"42\" data-db-index=\"42\" class=\"fsize-18\" data-cell-type=\"text\" data-original-value=\"19 DE SEPTIEMBRE DE 2022, A LAS 13:30 HORAS\" data-order=\"19 DE SEPTIEMBRE DE 2022, A LAS 13:30 HORAS\" >19 DE SEPTIEMBRE DE 2022, A LAS 13:30 HORAS <\/td><td data-cell-id=\"B42\" data-x=\"1\" data-y=\"42\" data-db-index=\"42\" class=\"fsize-18\" data-cell-type=\"text\" data-original-value=\"LIRIO GUADALUPE SUAREZ AM\u00c9NDOLA, EN SU CALIDAD DE PRESIDENTA DEL CONSEJO GENERAL DEL INSTITUTO ELECTORAL DEL ESTADO DE CAMPECHE, POR SU PROPIO Y PERSONAL DERECHO\" data-order=\"LIRIO GUADALUPE SUAREZ AM\u00c9NDOLA, EN SU CALIDAD DE PRESIDENTA DEL CONSEJO GENERAL DEL INSTITUTO ELECTORAL DEL ESTADO DE CAMPECHE, POR SU PROPIO Y PERSONAL DERECHO\" >LIRIO GUADALUPE SUAREZ AM\u00c9NDOLA, EN SU CALIDAD DE PRESIDENTA DEL CONSEJO GENERAL DEL INSTITUTO ELECTORAL DEL ESTADO DE CAMPECHE, POR SU PROPIO Y PERSONAL DERECHO <\/td><td data-cell-id=\"C42\" data-x=\"2\" data-y=\"42\" data-db-index=\"42\" class=\"fsize-18\" data-cell-type=\"text\" data-original-value=\"TRIBUNAL ELECTORAL DEL ESTADO DE CAMPECHE\" data-order=\"TRIBUNAL ELECTORAL DEL ESTADO DE CAMPECHE\" >TRIBUNAL ELECTORAL DEL ESTADO DE CAMPECHE <\/td><td data-cell-id=\"D42\" data-x=\"3\" data-y=\"42\" data-db-index=\"42\" class=\"fsize-18\" data-cell-type=\"text\" data-original-value=\"&lt;a href=&quot;https:\/\/teec.org.mx\/web\/wp-content\/uploads\/2022\/09\/TEEC-JDC-4-2022-19-09-2022.pdf&quot; target=&quot;_blank&quot;&gt;TEEC\/JDC\/4\/2022 (EXPEDIENTE FEDERAL: SUP-JDC-1077\/2022, SE DA POR NOTIFICADO ESTE \u00d3RGANO JURISDICCIONAL ELECTORAL)&lt;\/a&gt;\" data-order=\"&lt;a href=&quot;https:\/\/teec.org.mx\/web\/wp-content\/uploads\/2022\/09\/TEEC-JDC-4-2022-19-09-2022.pdf&quot; target=&quot;_blank&quot;&gt;TEEC\/JDC\/4\/2022 (EXPEDIENTE FEDERAL: SUP-JDC-1077\/2022, SE DA POR NOTIFICADO ESTE \u00d3RGANO JURISDICCIONAL ELECTORAL)&lt;\/a&gt;\" ><a href=\"https:\/\/teec.org.mx\/web\/wp-content\/uploads\/2022\/09\/TEEC-JDC-4-2022-19-09-2022.pdf\" target=\"_blank\">TEEC\/JDC\/4\/2022 (EXPEDIENTE FEDERAL: SUP-JDC-1077\/2022, SE DA POR NOTIFICADO ESTE \u00d3RGANO JURISDICCIONAL ELECTORAL)<\/a><\/td><\/tr><tr style=\"height:px\" ><td data-cell-id=\"A43\" data-x=\"0\" data-y=\"43\" data-db-index=\"43\" class=\"fsize-18\" data-cell-type=\"text\" data-original-value=\"19 DE SEPTIEMBRE DE 2022, A LAS 13:00 HORAS\" data-order=\"19 DE SEPTIEMBRE DE 2022, A LAS 13:00 HORAS\" >19 DE SEPTIEMBRE DE 2022, A LAS 13:00 HORAS <\/td><td data-cell-id=\"B43\" data-x=\"1\" data-y=\"43\" data-db-index=\"43\" class=\"fsize-18\" data-cell-type=\"text\" data-original-value=\"PAUL ALFREDO ARCE ONTIVEROS Y OTROS\" data-order=\"PAUL ALFREDO ARCE ONTIVEROS Y OTROS\" >PAUL ALFREDO ARCE ONTIVEROS Y OTROS <\/td><td data-cell-id=\"C43\" data-x=\"2\" data-y=\"43\" data-db-index=\"43\" class=\"fsize-18\" data-cell-type=\"text\" data-original-value=\"DIPUTACI\u00d3N PERMANENTE DE LA LXIV LEGISLATURA DEL CONGRESO DEL ESTADO DE CAMPECHE Y JUNTA DE GOBIERNO Y ADMINISTRACIPON DE LA LXIV LEGISLATURA DEL CONGRESO DEL ESTADO DE CAMPECHE\" data-order=\"DIPUTACI\u00d3N PERMANENTE DE LA LXIV LEGISLATURA DEL CONGRESO DEL ESTADO DE CAMPECHE Y JUNTA DE GOBIERNO Y ADMINISTRACIPON DE LA LXIV LEGISLATURA DEL CONGRESO DEL ESTADO DE CAMPECHE\" >DIPUTACI\u00d3N PERMANENTE DE LA LXIV LEGISLATURA DEL CONGRESO DEL ESTADO DE CAMPECHE Y JUNTA DE GOBIERNO Y ADMINISTRACIPON DE LA LXIV LEGISLATURA DEL CONGRESO DEL ESTADO DE CAMPECHE <\/td><td data-cell-id=\"D43\" data-x=\"3\" data-y=\"43\" data-db-index=\"43\" class=\"fsize-18\" data-cell-type=\"text\" data-original-value=\"&lt;a href=&quot;https:\/\/teec.org.mx\/web\/wp-content\/uploads\/2022\/09\/TEEC-JDC-7-2022-sentencia-19-09-2022.pdf&quot; target=&quot;_blank&quot;&gt;TEEC\/JDC\/7\/2022 (SE DICT\u00d3 SENTENCIA)&lt;\/a&gt;\" data-order=\"&lt;a href=&quot;https:\/\/teec.org.mx\/web\/wp-content\/uploads\/2022\/09\/TEEC-JDC-7-2022-sentencia-19-09-2022.pdf&quot; target=&quot;_blank&quot;&gt;TEEC\/JDC\/7\/2022 (SE DICT\u00d3 SENTENCIA)&lt;\/a&gt;\" ><a href=\"https:\/\/teec.org.mx\/web\/wp-content\/uploads\/2022\/09\/TEEC-JDC-7-2022-sentencia-19-09-2022.pdf\" target=\"_blank\">TEEC\/JDC\/7\/2022 (SE DICT\u00d3 SENTENCIA)<\/a><\/td><\/tr><tr style=\"height:px\" ><td data-cell-id=\"A44\" data-x=\"0\" data-y=\"44\" data-db-index=\"44\" class=\"fsize-18\" data-cell-type=\"text\" data-original-value=\"19 DE SEPTIEMBRE DE 2022, A LAS 12:20 HORAS\" data-order=\"19 DE SEPTIEMBRE DE 2022, A LAS 12:20 HORAS\" >19 DE SEPTIEMBRE DE 2022, A LAS 12:20 HORAS <\/td><td data-cell-id=\"B44\" data-x=\"1\" data-y=\"44\" data-db-index=\"44\" class=\"fsize-18\" data-cell-type=\"text\" data-original-value=\"DIPUTADO RICARDO MIGUEL MEDINA FARF\u00c1N\" data-order=\"DIPUTADO RICARDO MIGUEL MEDINA FARF\u00c1N\" >DIPUTADO RICARDO MIGUEL MEDINA FARF\u00c1N <\/td><td data-cell-id=\"C44\" data-x=\"2\" data-y=\"44\" data-db-index=\"44\" class=\"fsize-18\" data-cell-type=\"text\" data-original-value=\"HONORABLE CONGRESO DEL ESTADO DE CAMPECHE\" data-order=\"HONORABLE CONGRESO DEL ESTADO DE CAMPECHE\" >HONORABLE CONGRESO DEL ESTADO DE CAMPECHE <\/td><td data-cell-id=\"D44\" data-x=\"3\" data-y=\"44\" data-db-index=\"44\" class=\"fsize-18\" data-cell-type=\"text\" data-original-value=\"&lt;a href=&quot;https:\/\/teec.org.mx\/web\/wp-content\/uploads\/2022\/09\/TEEC-JDC-5-2022-sentencia-19-09-2022.pdf&quot; target=&quot;_blank&quot;&gt;TEEC\/JDC\/5\/2022 (SE DICT\u00d3 SENTENCIA)&lt;\/a&gt;\" data-order=\"&lt;a href=&quot;https:\/\/teec.org.mx\/web\/wp-content\/uploads\/2022\/09\/TEEC-JDC-5-2022-sentencia-19-09-2022.pdf&quot; target=&quot;_blank&quot;&gt;TEEC\/JDC\/5\/2022 (SE DICT\u00d3 SENTENCIA)&lt;\/a&gt;\" ><a href=\"https:\/\/teec.org.mx\/web\/wp-content\/uploads\/2022\/09\/TEEC-JDC-5-2022-sentencia-19-09-2022.pdf\" target=\"_blank\">TEEC\/JDC\/5\/2022 (SE DICT\u00d3 SENTENCIA)<\/a><\/td><\/tr><tr style=\"height:px\" ><td data-cell-id=\"A45\" data-x=\"0\" data-y=\"45\" data-db-index=\"45\" class=\"fsize-18\" data-cell-type=\"text\" data-original-value=\"14 DE SEPTIEMBRE DE 2022, A LAS 11:30 HORAS.\" data-order=\"14 DE SEPTIEMBRE DE 2022, A LAS 11:30 HORAS.\" >14 DE SEPTIEMBRE DE 2022, A LAS 11:30 HORAS. <\/td><td data-cell-id=\"B45\" data-x=\"1\" data-y=\"45\" data-db-index=\"45\" class=\"fsize-18\" data-cell-type=\"text\" data-original-value=\"MARTHA FRANCISCA DE ATOCHA NAAL MU\u00d1OZ, EN CALIDAD DE PRIMERA REGIDORA DE EDUCACION, CULTURA Y DEPORTE, DE LA HONORABLE JUNTA MUNICPAL DE BECAL, CALKINI, CAMPECHE\" data-order=\"MARTHA FRANCISCA DE ATOCHA NAAL MU\u00d1OZ, EN CALIDAD DE PRIMERA REGIDORA DE EDUCACION, CULTURA Y DEPORTE, DE LA HONORABLE JUNTA MUNICPAL DE BECAL, CALKINI, CAMPECHE\" >MARTHA FRANCISCA DE ATOCHA NAAL MU\u00d1OZ, EN CALIDAD DE PRIMERA REGIDORA DE EDUCACION, CULTURA Y DEPORTE, DE LA HONORABLE JUNTA MUNICPAL DE BECAL, CALKINI, CAMPECHE <\/td><td data-cell-id=\"C45\" data-x=\"2\" data-y=\"45\" data-db-index=\"45\" class=\"fsize-18\" data-cell-type=\"text\" data-original-value=\"\u00c1NGEL OMAR OJEDA AGUILAR, PRESIDENTE DE LA HONORABLE JUNTA MUNICIPAL DE BECAL, CALKINI, CAMPECHE\" data-order=\"\u00c1NGEL OMAR OJEDA AGUILAR, PRESIDENTE DE LA HONORABLE JUNTA MUNICIPAL DE BECAL, CALKINI, CAMPECHE\" >\u00c1NGEL OMAR OJEDA AGUILAR, PRESIDENTE DE LA HONORABLE JUNTA MUNICIPAL DE BECAL, CALKINI, CAMPECHE <\/td><td data-cell-id=\"D45\" data-x=\"3\" data-y=\"45\" data-db-index=\"45\" class=\"fsize-18\" data-cell-type=\"text\" data-original-value=\"&lt;a href=&quot;https:\/\/teec.org.mx\/web\/wp-content\/uploads\/2022\/09\/TEEC-JDC-6-2022-14-09-2022.pdf&quot; target=&quot;_blank&quot;&gt;TEEC\/JDC\/6\/2022 (ACUERDO DE ADMISI\u00d3N Y REQUERIMIENTO)&lt;\/a&gt;\" data-order=\"&lt;a href=&quot;https:\/\/teec.org.mx\/web\/wp-content\/uploads\/2022\/09\/TEEC-JDC-6-2022-14-09-2022.pdf&quot; target=&quot;_blank&quot;&gt;TEEC\/JDC\/6\/2022 (ACUERDO DE ADMISI\u00d3N Y REQUERIMIENTO)&lt;\/a&gt;\" ><a href=\"https:\/\/teec.org.mx\/web\/wp-content\/uploads\/2022\/09\/TEEC-JDC-6-2022-14-09-2022.pdf\" target=\"_blank\">TEEC\/JDC\/6\/2022 (ACUERDO DE ADMISI\u00d3N Y REQUERIMIENTO)<\/a><\/td><\/tr><tr style=\"height:px\" ><td data-cell-id=\"A46\" data-x=\"0\" data-y=\"46\" data-db-index=\"46\" class=\"fsize-18\" data-cell-type=\"text\" data-original-value=\"13 DE SEPTIEMBRE DE 2022, A LAS 14:25 HORAS\" data-order=\"13 DE SEPTIEMBRE DE 2022, A LAS 14:25 HORAS\" >13 DE SEPTIEMBRE DE 2022, A LAS 14:25 HORAS <\/td><td data-cell-id=\"B46\" data-x=\"1\" data-y=\"46\" data-db-index=\"46\" class=\"fsize-18\" data-cell-type=\"text\" data-original-value=\"PAUL ALFREDO ARCE ONTIVEROS Y OTROS\" data-order=\"PAUL ALFREDO ARCE ONTIVEROS Y OTROS\" >PAUL ALFREDO ARCE ONTIVEROS Y OTROS <\/td><td data-cell-id=\"C46\" data-x=\"2\" data-y=\"46\" data-db-index=\"46\" class=\"fsize-18\" data-cell-type=\"text\" data-original-value=\"DIPUTACI\u00d3N PERMANENTE DE LA LXIV LEGISLATURA DEL CONGRESO DEL ESTADO DE CAMPECHE Y JUNTA DE GOBIERNO Y ADMINISTRACIPON DE LA LXIV LEGISLATURA DEL CONGRESO DEL ESTADO DE CAMPECHE\" data-order=\"DIPUTACI\u00d3N PERMANENTE DE LA LXIV LEGISLATURA DEL CONGRESO DEL ESTADO DE CAMPECHE Y JUNTA DE GOBIERNO Y ADMINISTRACIPON DE LA LXIV LEGISLATURA DEL CONGRESO DEL ESTADO DE CAMPECHE\" >DIPUTACI\u00d3N PERMANENTE DE LA LXIV LEGISLATURA DEL CONGRESO DEL ESTADO DE CAMPECHE Y JUNTA DE GOBIERNO Y ADMINISTRACIPON DE LA LXIV LEGISLATURA DEL CONGRESO DEL ESTADO DE CAMPECHE <\/td><td data-cell-id=\"D46\" data-x=\"3\" data-y=\"46\" data-db-index=\"46\" class=\"fsize-18\" data-cell-type=\"text\" data-original-value=\"&lt;a href=&quot;https:\/\/teec.org.mx\/web\/wp-content\/uploads\/2022\/09\/TEEC-JDC-7-2022-13-09-2022.pdf&quot; target=&quot;_blank&quot;&gt;TEEC\/JDC\/7\/2022 (ACUERDO DE ADMIS\u00cdON Y SE FIJA FECHA Y HORA PARA SESION)&lt;\/a&gt;\" data-order=\"&lt;a href=&quot;https:\/\/teec.org.mx\/web\/wp-content\/uploads\/2022\/09\/TEEC-JDC-7-2022-13-09-2022.pdf&quot; target=&quot;_blank&quot;&gt;TEEC\/JDC\/7\/2022 (ACUERDO DE ADMIS\u00cdON Y SE FIJA FECHA Y HORA PARA SESION)&lt;\/a&gt;\" ><a href=\"https:\/\/teec.org.mx\/web\/wp-content\/uploads\/2022\/09\/TEEC-JDC-7-2022-13-09-2022.pdf\" target=\"_blank\">TEEC\/JDC\/7\/2022 (ACUERDO DE ADMIS\u00cdON Y SE FIJA FECHA Y HORA PARA SESION)<\/a><\/td><\/tr><tr style=\"height:px\" ><td data-cell-id=\"A47\" data-x=\"0\" data-y=\"47\" data-db-index=\"47\" class=\"fsize-18\" data-cell-type=\"text\" data-original-value=\"13 DE SEPTIEMBRE DE 2022, A LAS 14:00 HORAS\" data-order=\"13 DE SEPTIEMBRE DE 2022, A LAS 14:00 HORAS\" >13 DE SEPTIEMBRE DE 2022, A LAS 14:00 HORAS <\/td><td data-cell-id=\"B47\" data-x=\"1\" data-y=\"47\" data-db-index=\"47\" class=\"fsize-18\" data-cell-type=\"text\" data-original-value=\"DIPUTADO RICARDO MIGUEL MEDINA FARF\u00c1N\" data-order=\"DIPUTADO RICARDO MIGUEL MEDINA FARF\u00c1N\" >DIPUTADO RICARDO MIGUEL MEDINA FARF\u00c1N <\/td><td data-cell-id=\"C47\" data-x=\"2\" data-y=\"47\" data-db-index=\"47\" class=\"fsize-18\" data-cell-type=\"text\" data-original-value=\"HONORABLE CONGRESO DEL ESTADO DE CAMPECHE\" data-order=\"HONORABLE CONGRESO DEL ESTADO DE CAMPECHE\" >HONORABLE CONGRESO DEL ESTADO DE CAMPECHE <\/td><td data-cell-id=\"D47\" data-x=\"3\" data-y=\"47\" data-db-index=\"47\" class=\"fsize-18\" data-cell-type=\"text\" data-original-value=\"&lt;a href=&quot;https:\/\/teec.org.mx\/web\/wp-content\/uploads\/2022\/09\/TEEC-JDC-5-2022-2do-acu.-13-09-2022.pdf&quot; target=&quot;_blank&quot;&gt;TEEC\/JDC\/5\/2022 (SE FIJA FECHA Y HORA PARA SESI\u00d3N)&lt;\/a&gt;\" data-order=\"&lt;a href=&quot;https:\/\/teec.org.mx\/web\/wp-content\/uploads\/2022\/09\/TEEC-JDC-5-2022-2do-acu.-13-09-2022.pdf&quot; target=&quot;_blank&quot;&gt;TEEC\/JDC\/5\/2022 (SE FIJA FECHA Y HORA PARA SESI\u00d3N)&lt;\/a&gt;\" ><a href=\"https:\/\/teec.org.mx\/web\/wp-content\/uploads\/2022\/09\/TEEC-JDC-5-2022-2do-acu.-13-09-2022.pdf\" target=\"_blank\">TEEC\/JDC\/5\/2022 (SE FIJA FECHA Y HORA PARA SESI\u00d3N)<\/a><\/td><\/tr><tr style=\"height:px\" ><td data-cell-id=\"A48\" data-x=\"0\" data-y=\"48\" data-db-index=\"48\" class=\"fsize-18\" data-cell-type=\"text\" data-original-value=\"13 DE SEPTIEMBRE DE 2022, A LAS 9:30 HORAS\" data-order=\"13 DE SEPTIEMBRE DE 2022, A LAS 9:30 HORAS\" >13 DE SEPTIEMBRE DE 2022, A LAS 9:30 HORAS <\/td><td data-cell-id=\"B48\" data-x=\"1\" data-y=\"48\" data-db-index=\"48\" class=\"fsize-18\" data-cell-type=\"text\" data-original-value=\"DIPUTADO RICARDO MIGUEL MEDINA FARF\u00c1N\" data-order=\"DIPUTADO RICARDO MIGUEL MEDINA FARF\u00c1N\" >DIPUTADO RICARDO MIGUEL MEDINA FARF\u00c1N <\/td><td data-cell-id=\"C48\" data-x=\"2\" data-y=\"48\" data-db-index=\"48\" class=\"fsize-18\" data-cell-type=\"text\" data-original-value=\"HONORABLE CONGRESO DEL ESTADO DE CAMPECHE\" data-order=\"HONORABLE CONGRESO DEL ESTADO DE CAMPECHE\" >HONORABLE CONGRESO DEL ESTADO DE CAMPECHE <\/td><td data-cell-id=\"D48\" data-x=\"3\" data-y=\"48\" data-db-index=\"48\" class=\"fsize-18\" data-cell-type=\"text\" data-original-value=\"&lt;a href=&quot;https:\/\/teec.org.mx\/web\/wp-content\/uploads\/2022\/09\/TEEC-JDC-5-2022-13-09-2022.pdf&quot; target=&quot;_blank&quot;&gt;TEEC\/JDC\/5\/2022 (ACUERDO DE CIERRE DE INSTRUCCI\u00d3N Y SOLICITUD DE FECHA Y HORA DE SESI\u00d3N)&lt;\/a&gt;\" data-order=\"&lt;a href=&quot;https:\/\/teec.org.mx\/web\/wp-content\/uploads\/2022\/09\/TEEC-JDC-5-2022-13-09-2022.pdf&quot; target=&quot;_blank&quot;&gt;TEEC\/JDC\/5\/2022 (ACUERDO DE CIERRE DE INSTRUCCI\u00d3N Y SOLICITUD DE FECHA Y HORA DE SESI\u00d3N)&lt;\/a&gt;\" ><a href=\"https:\/\/teec.org.mx\/web\/wp-content\/uploads\/2022\/09\/TEEC-JDC-5-2022-13-09-2022.pdf\" target=\"_blank\">TEEC\/JDC\/5\/2022 (ACUERDO DE CIERRE DE INSTRUCCI\u00d3N Y SOLICITUD DE FECHA Y HORA DE SESI\u00d3N)<\/a><\/td><\/tr><tr style=\"height:px\" ><td data-cell-id=\"A49\" data-x=\"0\" data-y=\"49\" data-db-index=\"49\" class=\"fsize-18\" data-cell-type=\"text\" data-original-value=\"12 DE SEPTIEMBRE DE 2022, A LAS 10:30 HORAS\" data-order=\"12 DE SEPTIEMBRE DE 2022, A LAS 10:30 HORAS\" >12 DE SEPTIEMBRE DE 2022, A LAS 10:30 HORAS <\/td><td data-cell-id=\"B49\" data-x=\"1\" data-y=\"49\" data-db-index=\"49\" class=\"fsize-18\" data-cell-type=\"text\" data-original-value=\"PAUL ALFREDO ARCE ONTIVEROS Y OTROS\" data-order=\"PAUL ALFREDO ARCE ONTIVEROS Y OTROS\" >PAUL ALFREDO ARCE ONTIVEROS Y OTROS <\/td><td data-cell-id=\"C49\" data-x=\"2\" data-y=\"49\" data-db-index=\"49\" class=\"fsize-18\" data-cell-type=\"text\" data-original-value=\"DIPUTACI\u00d3N PERMANENTE DE LA LXIV LEGISLATURA DEL CONGRESO DEL ESTADO DE CAMPECHE Y JUNTA DE GOBIERNO Y ADMINISTRACIPON DE LA LXIV LEGISLATURA DEL CONGRESO DEL ESTADO DE CAMPECHE\" data-order=\"DIPUTACI\u00d3N PERMANENTE DE LA LXIV LEGISLATURA DEL CONGRESO DEL ESTADO DE CAMPECHE Y JUNTA DE GOBIERNO Y ADMINISTRACIPON DE LA LXIV LEGISLATURA DEL CONGRESO DEL ESTADO DE CAMPECHE\" >DIPUTACI\u00d3N PERMANENTE DE LA LXIV LEGISLATURA DEL CONGRESO DEL ESTADO DE CAMPECHE Y JUNTA DE GOBIERNO Y ADMINISTRACIPON DE LA LXIV LEGISLATURA DEL CONGRESO DEL ESTADO DE CAMPECHE <\/td><td data-cell-id=\"D49\" data-x=\"3\" data-y=\"49\" data-db-index=\"49\" class=\"fsize-18\" data-cell-type=\"text\" data-original-value=\"&lt;a href=&quot;https:\/\/teec.org.mx\/web\/wp-content\/uploads\/2022\/09\/TEEC-JDC-7-2022-12-09-2022.pdf&quot; target=&quot;_blank&quot;&gt;TEEC\/JDC\/7\/2022 (ACUERDO CUMPLIMIENTO DE REQUERIMIENTO Y ACUMULACI\u00d3N)&lt;\/a&gt;\" data-order=\"&lt;a href=&quot;https:\/\/teec.org.mx\/web\/wp-content\/uploads\/2022\/09\/TEEC-JDC-7-2022-12-09-2022.pdf&quot; target=&quot;_blank&quot;&gt;TEEC\/JDC\/7\/2022 (ACUERDO CUMPLIMIENTO DE REQUERIMIENTO Y ACUMULACI\u00d3N)&lt;\/a&gt;\" ><a href=\"https:\/\/teec.org.mx\/web\/wp-content\/uploads\/2022\/09\/TEEC-JDC-7-2022-12-09-2022.pdf\" target=\"_blank\">TEEC\/JDC\/7\/2022 (ACUERDO CUMPLIMIENTO DE REQUERIMIENTO Y ACUMULACI\u00d3N)<\/a><\/td><\/tr><tr style=\"height:px\" ><td data-cell-id=\"A50\" data-x=\"0\" data-y=\"50\" data-db-index=\"50\" class=\"fsize-18\" data-cell-type=\"text\" data-original-value=\"09 DE SEPTIEMBRE DE 2022, A LAS 13:50 HORAS\" data-order=\"09 DE SEPTIEMBRE DE 2022, A LAS 13:50 HORAS\" >09 DE SEPTIEMBRE DE 2022, A LAS 13:50 HORAS <\/td><td data-cell-id=\"B50\" data-x=\"1\" data-y=\"50\" data-db-index=\"50\" class=\"fsize-18\" data-cell-type=\"text\" data-original-value=\"DIPUTADO RICARDO MIGUEL MEDINA FARF\u00c1N\" data-order=\"DIPUTADO RICARDO MIGUEL MEDINA FARF\u00c1N\" >DIPUTADO RICARDO MIGUEL MEDINA FARF\u00c1N <\/td><td data-cell-id=\"C50\" data-x=\"2\" data-y=\"50\" data-db-index=\"50\" class=\"fsize-18\" data-cell-type=\"text\" data-original-value=\"HONORABLE CONGRESO DEL ESTADO DE CAMPECHE\" data-order=\"HONORABLE CONGRESO DEL ESTADO DE CAMPECHE\" >HONORABLE CONGRESO DEL ESTADO DE CAMPECHE <\/td><td data-cell-id=\"D50\" data-x=\"3\" data-y=\"50\" data-db-index=\"50\" class=\"fsize-18\" data-cell-type=\"text\" data-original-value=\"&lt;a href=&quot;https:\/\/teec.org.mx\/web\/wp-content\/uploads\/2022\/09\/TEEC-JDC-5-2022-09-09-2022.pdf&quot; target=&quot;_blank&quot;&gt;TEEC\/JDC\/5\/2022 (DILIGENCIA DE DESAHOGO DE PRUEBA T\u00c9CNICA)&lt;\/a&gt;\" data-order=\"&lt;a href=&quot;https:\/\/teec.org.mx\/web\/wp-content\/uploads\/2022\/09\/TEEC-JDC-5-2022-09-09-2022.pdf&quot; target=&quot;_blank&quot;&gt;TEEC\/JDC\/5\/2022 (DILIGENCIA DE DESAHOGO DE PRUEBA T\u00c9CNICA)&lt;\/a&gt;\" ><a href=\"https:\/\/teec.org.mx\/web\/wp-content\/uploads\/2022\/09\/TEEC-JDC-5-2022-09-09-2022.pdf\" target=\"_blank\">TEEC\/JDC\/5\/2022 (DILIGENCIA DE DESAHOGO DE PRUEBA T\u00c9CNICA)<\/a><\/td><\/tr><tr style=\"height:px\" ><td data-cell-id=\"A51\" data-x=\"0\" data-y=\"51\" data-db-index=\"51\" class=\"fsize-18\" data-cell-type=\"text\" data-original-value=\"09 DE SEPTIEMBRE DE 2022, A LAS 12:20 HORAS\" data-order=\"09 DE SEPTIEMBRE DE 2022, A LAS 12:20 HORAS\" >09 DE SEPTIEMBRE DE 2022, A LAS 12:20 HORAS <\/td><td data-cell-id=\"B51\" data-x=\"1\" data-y=\"51\" data-db-index=\"51\" class=\"fsize-18\" data-cell-type=\"text\" data-original-value=\"PAUL ALFREDO ARCE ONTIVEROS Y OTROS\" data-order=\"PAUL ALFREDO ARCE ONTIVEROS Y OTROS\" >PAUL ALFREDO ARCE ONTIVEROS Y OTROS <\/td><td data-cell-id=\"C51\" data-x=\"2\" data-y=\"51\" data-db-index=\"51\" class=\"fsize-18\" data-cell-type=\"text\" data-original-value=\"DIPUTACI\u00d3N PERMANENTE DE LA LXIV LEGISLATURA DEL CONGRESO DEL ESTADO DE CAMPECHE Y JUNTA DE GOBIERNO Y ADMINISTRACIPON DE LA LXIV LEGISLATURA DEL CONGRESO DEL ESTADO DE CAMPECHE\" data-order=\"DIPUTACI\u00d3N PERMANENTE DE LA LXIV LEGISLATURA DEL CONGRESO DEL ESTADO DE CAMPECHE Y JUNTA DE GOBIERNO Y ADMINISTRACIPON DE LA LXIV LEGISLATURA DEL CONGRESO DEL ESTADO DE CAMPECHE\" >DIPUTACI\u00d3N PERMANENTE DE LA LXIV LEGISLATURA DEL CONGRESO DEL ESTADO DE CAMPECHE Y JUNTA DE GOBIERNO Y ADMINISTRACIPON DE LA LXIV LEGISLATURA DEL CONGRESO DEL ESTADO DE CAMPECHE <\/td><td data-cell-id=\"D51\" data-x=\"3\" data-y=\"51\" data-db-index=\"51\" class=\"fsize-18\" data-cell-type=\"text\" data-original-value=\"&lt;a href=&quot;https:\/\/teec.org.mx\/web\/wp-content\/uploads\/2022\/09\/TEEC-JDC-7-2022-09-09-2022.pdf&quot; target=&quot;_blank&quot;&gt;TEEC\/JDC\/7\/2022 (ACUERDO DE TURNO DE DOCUMENTACI\u00d3N)&lt;\/a&gt;\" data-order=\"&lt;a href=&quot;https:\/\/teec.org.mx\/web\/wp-content\/uploads\/2022\/09\/TEEC-JDC-7-2022-09-09-2022.pdf&quot; target=&quot;_blank&quot;&gt;TEEC\/JDC\/7\/2022 (ACUERDO DE TURNO DE DOCUMENTACI\u00d3N)&lt;\/a&gt;\" ><a href=\"https:\/\/teec.org.mx\/web\/wp-content\/uploads\/2022\/09\/TEEC-JDC-7-2022-09-09-2022.pdf\" target=\"_blank\">TEEC\/JDC\/7\/2022 (ACUERDO DE TURNO DE DOCUMENTACI\u00d3N)<\/a><\/td><\/tr><tr style=\"height:px\" ><td data-cell-id=\"A52\" data-x=\"0\" data-y=\"52\" data-db-index=\"52\" class=\"fsize-18\" data-cell-type=\"text\" data-original-value=\"08 DE SEPTIEMBRE DE 2022, A LAS 13:30 HORAS\" data-order=\"08 DE SEPTIEMBRE DE 2022, A LAS 13:30 HORAS\" >08 DE SEPTIEMBRE DE 2022, A LAS 13:30 HORAS <\/td><td data-cell-id=\"B52\" data-x=\"1\" data-y=\"52\" data-db-index=\"52\" class=\"fsize-18\" data-cell-type=\"text\" data-original-value=\"MARTHA FRANCISCA DE ATOCHA NAAL MU\u00d1OZ, EN CALIDAD DE PRIMERA REGIDORA DE EDUCACION, CULTURA Y DEPORTE, DE LA HONORABLE JUNTA MUNICPAL DE BECAL, CALKINI, CAMPECHE\" data-order=\"MARTHA FRANCISCA DE ATOCHA NAAL MU\u00d1OZ, EN CALIDAD DE PRIMERA REGIDORA DE EDUCACION, CULTURA Y DEPORTE, DE LA HONORABLE JUNTA MUNICPAL DE BECAL, CALKINI, CAMPECHE\" >MARTHA FRANCISCA DE ATOCHA NAAL MU\u00d1OZ, EN CALIDAD DE PRIMERA REGIDORA DE EDUCACION, CULTURA Y DEPORTE, DE LA HONORABLE JUNTA MUNICPAL DE BECAL, CALKINI, CAMPECHE <\/td><td data-cell-id=\"C52\" data-x=\"2\" data-y=\"52\" data-db-index=\"52\" class=\"fsize-18\" data-cell-type=\"text\" data-original-value=\"\u00c1NGEL OMAR OJEDA AGUILAR, PRESIDENTE DE LA HONORABLE JUNTA MUNICIPAL DE BECAL, CALKINI, CAMPECHE\" data-order=\"\u00c1NGEL OMAR OJEDA AGUILAR, PRESIDENTE DE LA HONORABLE JUNTA MUNICIPAL DE BECAL, CALKINI, CAMPECHE\" >\u00c1NGEL OMAR OJEDA AGUILAR, PRESIDENTE DE LA HONORABLE JUNTA MUNICIPAL DE BECAL, CALKINI, CAMPECHE <\/td><td data-cell-id=\"D52\" data-x=\"3\" data-y=\"52\" data-db-index=\"52\" class=\"fsize-18\" data-cell-type=\"text\" data-original-value=\"&lt;a href=&quot;https:\/\/teec.org.mx\/web\/wp-content\/uploads\/2022\/09\/TEEC-JDC-6-2022-08-09-2022.pdf&quot; target=&quot;_blank&quot;&gt;TEEC\/JDC\/6\/2022 (ACUERDO DE ACUMULACION)&lt;\/a&gt;\" data-order=\"&lt;a href=&quot;https:\/\/teec.org.mx\/web\/wp-content\/uploads\/2022\/09\/TEEC-JDC-6-2022-08-09-2022.pdf&quot; target=&quot;_blank&quot;&gt;TEEC\/JDC\/6\/2022 (ACUERDO DE ACUMULACION)&lt;\/a&gt;\" ><a href=\"https:\/\/teec.org.mx\/web\/wp-content\/uploads\/2022\/09\/TEEC-JDC-6-2022-08-09-2022.pdf\" target=\"_blank\">TEEC\/JDC\/6\/2022 (ACUERDO DE ACUMULACION)<\/a><\/td><\/tr><tr style=\"height:px\" ><td data-cell-id=\"A53\" data-x=\"0\" data-y=\"53\" data-db-index=\"53\" class=\"fsize-18\" data-cell-type=\"text\" data-original-value=\"07 DE SEPTIEMBRE DE 2022, A LAS 14:30 HORAS\" data-order=\"07 DE SEPTIEMBRE DE 2022, A LAS 14:30 HORAS\" >07 DE SEPTIEMBRE DE 2022, A LAS 14:30 HORAS <\/td><td data-cell-id=\"B53\" data-x=\"1\" data-y=\"53\" data-db-index=\"53\" class=\"fsize-18\" data-cell-type=\"text\" data-original-value=\"MARTHA FRANCISCA DE ATOCHA NAAL MU\u00d1OZ, EN CALIDAD DE PRIMERA REGIDORA DE EDUCACION, CULTURA Y DEPORTE, DE LA HONORABLE JUNTA MUNICPAL DE BECAL, CALKINI, CAMPECHE\" data-order=\"MARTHA FRANCISCA DE ATOCHA NAAL MU\u00d1OZ, EN CALIDAD DE PRIMERA REGIDORA DE EDUCACION, CULTURA Y DEPORTE, DE LA HONORABLE JUNTA MUNICPAL DE BECAL, CALKINI, CAMPECHE\" >MARTHA FRANCISCA DE ATOCHA NAAL MU\u00d1OZ, EN CALIDAD DE PRIMERA REGIDORA DE EDUCACION, CULTURA Y DEPORTE, DE LA HONORABLE JUNTA MUNICPAL DE BECAL, CALKINI, CAMPECHE <\/td><td data-cell-id=\"C53\" data-x=\"2\" data-y=\"53\" data-db-index=\"53\" class=\"fsize-18\" data-cell-type=\"text\" data-original-value=\"\u00c1NGEL OMAR OJEDA AGUILAR, PRESIDENTE DE LA HONORABLE JUNTA MUNICIPAL DE BECAL, CALKINI, CAMPECHE\" data-order=\"\u00c1NGEL OMAR OJEDA AGUILAR, PRESIDENTE DE LA HONORABLE JUNTA MUNICIPAL DE BECAL, CALKINI, CAMPECHE\" >\u00c1NGEL OMAR OJEDA AGUILAR, PRESIDENTE DE LA HONORABLE JUNTA MUNICIPAL DE BECAL, CALKINI, CAMPECHE <\/td><td data-cell-id=\"D53\" data-x=\"3\" data-y=\"53\" data-db-index=\"53\" class=\"fsize-18\" data-cell-type=\"text\" data-original-value=\"&lt;a href=&quot;https:\/\/teec.org.mx\/web\/wp-content\/uploads\/2022\/09\/TEEC-JDC-6-2022-07-09-2022.pdf&quot; target=&quot;_blank&quot;&gt;TEEC\/JDC\/6\/2022 (ACUERDO DE TURNO DE DOCUMENTACI\u00d3N)&lt;\/a&gt;\" data-order=\"&lt;a href=&quot;https:\/\/teec.org.mx\/web\/wp-content\/uploads\/2022\/09\/TEEC-JDC-6-2022-07-09-2022.pdf&quot; target=&quot;_blank&quot;&gt;TEEC\/JDC\/6\/2022 (ACUERDO DE TURNO DE DOCUMENTACI\u00d3N)&lt;\/a&gt;\" ><a href=\"https:\/\/teec.org.mx\/web\/wp-content\/uploads\/2022\/09\/TEEC-JDC-6-2022-07-09-2022.pdf\" target=\"_blank\">TEEC\/JDC\/6\/2022 (ACUERDO DE TURNO DE DOCUMENTACI\u00d3N)<\/a><\/td><\/tr><tr style=\"height:px\" ><td data-cell-id=\"A54\" data-x=\"0\" data-y=\"54\" data-db-index=\"54\" class=\"fsize-18\" data-cell-type=\"text\" data-original-value=\"07 DE SEPTIEMBRE DE 2022, A LAS 13:45 HORAS\" data-order=\"07 DE SEPTIEMBRE DE 2022, A LAS 13:45 HORAS\" >07 DE SEPTIEMBRE DE 2022, A LAS 13:45 HORAS <\/td><td data-cell-id=\"B54\" data-x=\"1\" data-y=\"54\" data-db-index=\"54\" class=\"fsize-18\" data-cell-type=\"text\" data-original-value=\"PAUL ALFREDO ARCE ONTIVEROS Y OTROS\" data-order=\"PAUL ALFREDO ARCE ONTIVEROS Y OTROS\" >PAUL ALFREDO ARCE ONTIVEROS Y OTROS <\/td><td data-cell-id=\"C54\" data-x=\"2\" data-y=\"54\" data-db-index=\"54\" class=\"fsize-18\" data-cell-type=\"text\" data-original-value=\"DIPUTACI\u00d3N PERMANENTE DE LA LXIV LEGISLATURA DEL CONGRESO DEL ESTADO DE CAMPECHE Y JUNTA DE GOBIERNO Y ADMINISTRACIPON DE LA LXIV LEGISLATURA DEL CONGRESO DEL ESTADO DE CAMPECHE\" data-order=\"DIPUTACI\u00d3N PERMANENTE DE LA LXIV LEGISLATURA DEL CONGRESO DEL ESTADO DE CAMPECHE Y JUNTA DE GOBIERNO Y ADMINISTRACIPON DE LA LXIV LEGISLATURA DEL CONGRESO DEL ESTADO DE CAMPECHE\" >DIPUTACI\u00d3N PERMANENTE DE LA LXIV LEGISLATURA DEL CONGRESO DEL ESTADO DE CAMPECHE Y JUNTA DE GOBIERNO Y ADMINISTRACIPON DE LA LXIV LEGISLATURA DEL CONGRESO DEL ESTADO DE CAMPECHE <\/td><td data-cell-id=\"D54\" data-x=\"3\" data-y=\"54\" data-db-index=\"54\" class=\"fsize-18\" data-cell-type=\"text\" data-original-value=\"&lt;a href=&quot;https:\/\/teec.org.mx\/web\/wp-content\/uploads\/2022\/09\/TEEC-JDC-7-2022-2do-acu.-07-09-2022.pdf&quot; target=&quot;_blank&quot;&gt;TEEC\/JDC\/7\/2022 (ACUERDO RECEPCI\u00d3N, RADICACI\u00d3N Y REQUERIMIENTO)&lt;\/a&gt;\" data-order=\"&lt;a href=&quot;https:\/\/teec.org.mx\/web\/wp-content\/uploads\/2022\/09\/TEEC-JDC-7-2022-2do-acu.-07-09-2022.pdf&quot; target=&quot;_blank&quot;&gt;TEEC\/JDC\/7\/2022 (ACUERDO RECEPCI\u00d3N, RADICACI\u00d3N Y REQUERIMIENTO)&lt;\/a&gt;\" ><a href=\"https:\/\/teec.org.mx\/web\/wp-content\/uploads\/2022\/09\/TEEC-JDC-7-2022-2do-acu.-07-09-2022.pdf\" target=\"_blank\">TEEC\/JDC\/7\/2022 (ACUERDO RECEPCI\u00d3N, RADICACI\u00d3N Y REQUERIMIENTO)<\/a><\/td><\/tr><tr style=\"height:px\" ><td data-cell-id=\"A55\" data-x=\"0\" data-y=\"55\" data-db-index=\"55\" class=\"fsize-18\" data-cell-type=\"text\" data-original-value=\"07 DE SEPTIEMBRE DE 2022, A LAS 11:00 HORAS\" data-order=\"07 DE SEPTIEMBRE DE 2022, A LAS 11:00 HORAS\" >07 DE SEPTIEMBRE DE 2022, A LAS 11:00 HORAS <\/td><td data-cell-id=\"B55\" data-x=\"1\" data-y=\"55\" data-db-index=\"55\" class=\"fsize-18\" data-cell-type=\"text\" data-original-value=\"DIPUTADO RICARDO MIGUEL MEDINA FARF\u00c1N\" data-order=\"DIPUTADO RICARDO MIGUEL MEDINA FARF\u00c1N\" >DIPUTADO RICARDO MIGUEL MEDINA FARF\u00c1N <\/td><td data-cell-id=\"C55\" data-x=\"2\" data-y=\"55\" data-db-index=\"55\" class=\"fsize-18\" data-cell-type=\"text\" data-original-value=\"HONORABLE CONGRESO DEL ESTADO DE CAMPECHE\" data-order=\"HONORABLE CONGRESO DEL ESTADO DE CAMPECHE\" >HONORABLE CONGRESO DEL ESTADO DE CAMPECHE <\/td><td data-cell-id=\"D55\" data-x=\"3\" data-y=\"55\" data-db-index=\"55\" class=\"fsize-18\" data-cell-type=\"text\" data-original-value=\"&lt;a href=&quot;https:\/\/teec.org.mx\/web\/wp-content\/uploads\/2022\/09\/TEEC-JDC-5-2022-2do-acu.-07-09-2022.pdf&quot; target=&quot;_blank&quot;&gt;TEEC\/JDC\/5\/2022 (ACUERDO DE ACUMULACI\u00d3N)&lt;\/a&gt;\" data-order=\"&lt;a href=&quot;https:\/\/teec.org.mx\/web\/wp-content\/uploads\/2022\/09\/TEEC-JDC-5-2022-2do-acu.-07-09-2022.pdf&quot; target=&quot;_blank&quot;&gt;TEEC\/JDC\/5\/2022 (ACUERDO DE ACUMULACI\u00d3N)&lt;\/a&gt;\" ><a href=\"https:\/\/teec.org.mx\/web\/wp-content\/uploads\/2022\/09\/TEEC-JDC-5-2022-2do-acu.-07-09-2022.pdf\" target=\"_blank\">TEEC\/JDC\/5\/2022 (ACUERDO DE ACUMULACI\u00d3N)<\/a><\/td><\/tr><tr style=\"height:px\" ><td data-cell-id=\"A56\" data-x=\"0\" data-y=\"56\" data-db-index=\"56\" class=\"fsize-18\" data-cell-type=\"text\" data-original-value=\"07 DE SEPTIEMBRE DE 2022, A LAS 10:45 HORAS\" data-order=\"07 DE SEPTIEMBRE DE 2022, A LAS 10:45 HORAS\" >07 DE SEPTIEMBRE DE 2022, A LAS 10:45 HORAS <\/td><td data-cell-id=\"B56\" data-x=\"1\" data-y=\"56\" data-db-index=\"56\" class=\"fsize-18\" data-cell-type=\"text\" data-original-value=\"PAUL ALFREDO ARCE ONTIVEROS Y OTROS\" data-order=\"PAUL ALFREDO ARCE ONTIVEROS Y OTROS\" >PAUL ALFREDO ARCE ONTIVEROS Y OTROS <\/td><td data-cell-id=\"C56\" data-x=\"2\" data-y=\"56\" data-db-index=\"56\" class=\"fsize-18\" data-cell-type=\"text\" data-original-value=\"DIPUTACI\u00d3N PERMANENTE DE LA LXIV LEGISLATURA DEL CONGRESO DEL ESTADO DE CAMPECHE Y JUNTA DE GOBIERNO Y ADMINISTRACIPON DE LA LXIV LEGISLATURA DEL CONGRESO DEL ESTADO DE CAMPECHE\" data-order=\"DIPUTACI\u00d3N PERMANENTE DE LA LXIV LEGISLATURA DEL CONGRESO DEL ESTADO DE CAMPECHE Y JUNTA DE GOBIERNO Y ADMINISTRACIPON DE LA LXIV LEGISLATURA DEL CONGRESO DEL ESTADO DE CAMPECHE\" >DIPUTACI\u00d3N PERMANENTE DE LA LXIV LEGISLATURA DEL CONGRESO DEL ESTADO DE CAMPECHE Y JUNTA DE GOBIERNO Y ADMINISTRACIPON DE LA LXIV LEGISLATURA DEL CONGRESO DEL ESTADO DE CAMPECHE <\/td><td data-cell-id=\"D56\" data-x=\"3\" data-y=\"56\" data-db-index=\"56\" class=\"fsize-18\" data-cell-type=\"text\" data-original-value=\"&lt;a href=&quot;https:\/\/teec.org.mx\/web\/wp-content\/uploads\/2022\/09\/TEEC-JDC-7-2022-07-09-2022.pdf&quot; target=&quot;_blank&quot;&gt;TEEC\/JDC\/7\/2022 (ACUERDO DE TURNO)&lt;\/a&gt;\" data-order=\"&lt;a href=&quot;https:\/\/teec.org.mx\/web\/wp-content\/uploads\/2022\/09\/TEEC-JDC-7-2022-07-09-2022.pdf&quot; target=&quot;_blank&quot;&gt;TEEC\/JDC\/7\/2022 (ACUERDO DE TURNO)&lt;\/a&gt;\" ><a href=\"https:\/\/teec.org.mx\/web\/wp-content\/uploads\/2022\/09\/TEEC-JDC-7-2022-07-09-2022.pdf\" target=\"_blank\">TEEC\/JDC\/7\/2022 (ACUERDO DE TURNO)<\/a><\/td><\/tr><tr style=\"height:px\" ><td data-cell-id=\"A57\" data-x=\"0\" data-y=\"57\" data-db-index=\"57\" class=\"fsize-18\" data-cell-type=\"text\" data-original-value=\"07 DE SEPTIEMBRE DE 2022, A LAS 10:00 HORAS\" data-order=\"07 DE SEPTIEMBRE DE 2022, A LAS 10:00 HORAS\" >07 DE SEPTIEMBRE DE 2022, A LAS 10:00 HORAS <\/td><td data-cell-id=\"B57\" data-x=\"1\" data-y=\"57\" data-db-index=\"57\" class=\"fsize-18\" data-cell-type=\"text\" data-original-value=\"DIPUTADO RICARDO MIGUEL MEDINA FARF\u00c1N\" data-order=\"DIPUTADO RICARDO MIGUEL MEDINA FARF\u00c1N\" >DIPUTADO RICARDO MIGUEL MEDINA FARF\u00c1N <\/td><td data-cell-id=\"C57\" data-x=\"2\" data-y=\"57\" data-db-index=\"57\" class=\"fsize-18\" data-cell-type=\"text\" data-original-value=\"HONORABLE CONGRESO DEL ESTADO DE CAMPECHE\" data-order=\"HONORABLE CONGRESO DEL ESTADO DE CAMPECHE\" >HONORABLE CONGRESO DEL ESTADO DE CAMPECHE <\/td><td data-cell-id=\"D57\" data-x=\"3\" data-y=\"57\" data-db-index=\"57\" class=\"fsize-18\" data-cell-type=\"text\" data-original-value=\"&lt;a href=&quot;https:\/\/teec.org.mx\/web\/wp-content\/uploads\/2022\/09\/TEEC-JDC-5-2022-07-09-2022.pdf&quot; target=&quot;_blank&quot;&gt;TEEC\/JDC\/5\/2022 (ACUERDO DE TURNO DE DOCUMENTACION)&lt;\/a&gt;\" data-order=\"&lt;a href=&quot;https:\/\/teec.org.mx\/web\/wp-content\/uploads\/2022\/09\/TEEC-JDC-5-2022-07-09-2022.pdf&quot; target=&quot;_blank&quot;&gt;TEEC\/JDC\/5\/2022 (ACUERDO DE TURNO DE DOCUMENTACION)&lt;\/a&gt;\" ><a href=\"https:\/\/teec.org.mx\/web\/wp-content\/uploads\/2022\/09\/TEEC-JDC-5-2022-07-09-2022.pdf\" target=\"_blank\">TEEC\/JDC\/5\/2022 (ACUERDO DE TURNO DE DOCUMENTACION)<\/a><\/td><\/tr><tr style=\"height:px\" ><td data-cell-id=\"A58\" data-x=\"0\" data-y=\"58\" data-db-index=\"58\" class=\"fsize-18\" data-cell-type=\"text\" data-original-value=\"05 DE SEPTIEMBRE DE 2022, A LAS 13:30 HORAS\" data-order=\"05 DE SEPTIEMBRE DE 2022, A LAS 13:30 HORAS\" >05 DE SEPTIEMBRE DE 2022, A LAS 13:30 HORAS <\/td><td data-cell-id=\"B58\" data-x=\"1\" data-y=\"58\" data-db-index=\"58\" class=\"fsize-18\" data-cell-type=\"text\" data-original-value=\"LIRIO GUADALUPE SUAREZ AM\u00c9NDOLA, EN SU CALIDAD DE PRESIDENTA DEL CONSEJO GENERAL DEL INSTITUTO ELECTORAL DEL ESTADO DE CAMPECHE, POR SU PROPIO Y PERSONAL DERECHO\" data-order=\"LIRIO GUADALUPE SUAREZ AM\u00c9NDOLA, EN SU CALIDAD DE PRESIDENTA DEL CONSEJO GENERAL DEL INSTITUTO ELECTORAL DEL ESTADO DE CAMPECHE, POR SU PROPIO Y PERSONAL DERECHO\" >LIRIO GUADALUPE SUAREZ AM\u00c9NDOLA, EN SU CALIDAD DE PRESIDENTA DEL CONSEJO GENERAL DEL INSTITUTO ELECTORAL DEL ESTADO DE CAMPECHE, POR SU PROPIO Y PERSONAL DERECHO <\/td><td data-cell-id=\"C58\" data-x=\"2\" data-y=\"58\" data-db-index=\"58\" class=\"fsize-18\" data-cell-type=\"text\" data-original-value=\"TRIBUNAL ELECTORAL DEL ESTADO DE CAMPECHE\" data-order=\"TRIBUNAL ELECTORAL DEL ESTADO DE CAMPECHE\" >TRIBUNAL ELECTORAL DEL ESTADO DE CAMPECHE <\/td><td data-cell-id=\"D58\" data-x=\"3\" data-y=\"58\" data-db-index=\"58\" class=\"fsize-18\" data-cell-type=\"text\" data-original-value=\"&lt;a href=&quot;https:\/\/teec.org.mx\/web\/wp-content\/uploads\/2022\/09\/TEEC-JDC-4-2022-2do-acu.-05-09-2022.pdf&quot; target=&quot;_blank&quot;&gt;TEEC\/JDC\/4\/2022 (CUADERNO DE ANTECEDENTES: SX-89\/2022, SE DA POR NOTIFICADO ESTE \u00d3RGANO JURISDICCIONAL ELECTORAL)&lt;\/a&gt;\" data-order=\"&lt;a href=&quot;https:\/\/teec.org.mx\/web\/wp-content\/uploads\/2022\/09\/TEEC-JDC-4-2022-2do-acu.-05-09-2022.pdf&quot; target=&quot;_blank&quot;&gt;TEEC\/JDC\/4\/2022 (CUADERNO DE ANTECEDENTES: SX-89\/2022, SE DA POR NOTIFICADO ESTE \u00d3RGANO JURISDICCIONAL ELECTORAL)&lt;\/a&gt;\" ><a href=\"https:\/\/teec.org.mx\/web\/wp-content\/uploads\/2022\/09\/TEEC-JDC-4-2022-2do-acu.-05-09-2022.pdf\" target=\"_blank\">TEEC\/JDC\/4\/2022 (CUADERNO DE ANTECEDENTES: SX-89\/2022, SE DA POR NOTIFICADO ESTE \u00d3RGANO JURISDICCIONAL ELECTORAL)<\/a><\/td><\/tr><tr style=\"height:px\" ><td data-cell-id=\"A59\" data-x=\"0\" data-y=\"59\" data-db-index=\"59\" class=\"fsize-18\" data-cell-type=\"text\" data-original-value=\"05 DE SEPTIEMBRE DE 2022, A LAS 10:50 HORAS\" data-order=\"05 DE SEPTIEMBRE DE 2022, A LAS 10:50 HORAS\" >05 DE SEPTIEMBRE DE 2022, A LAS 10:50 HORAS <\/td><td data-cell-id=\"B59\" data-x=\"1\" data-y=\"59\" data-db-index=\"59\" class=\"fsize-18\" data-cell-type=\"text\" data-original-value=\"LIRIO GUADALUPE SUAREZ AM\u00c9NDOLA, EN SU CALIDAD DE PRESIDENTA DEL CONSEJO GENERAL DEL INSTITUTO ELECTORAL DEL ESTADO DE CAMPECHE, POR SU PROPIO Y PERSONAL DERECHO\" data-order=\"LIRIO GUADALUPE SUAREZ AM\u00c9NDOLA, EN SU CALIDAD DE PRESIDENTA DEL CONSEJO GENERAL DEL INSTITUTO ELECTORAL DEL ESTADO DE CAMPECHE, POR SU PROPIO Y PERSONAL DERECHO\" >LIRIO GUADALUPE SUAREZ AM\u00c9NDOLA, EN SU CALIDAD DE PRESIDENTA DEL CONSEJO GENERAL DEL INSTITUTO ELECTORAL DEL ESTADO DE CAMPECHE, POR SU PROPIO Y PERSONAL DERECHO <\/td><td data-cell-id=\"C59\" data-x=\"2\" data-y=\"59\" data-db-index=\"59\" class=\"fsize-18\" data-cell-type=\"text\" data-original-value=\"TRIBUNAL ELECTORAL DEL ESTADO DE CAMPECHE\" data-order=\"TRIBUNAL ELECTORAL DEL ESTADO DE CAMPECHE\" >TRIBUNAL ELECTORAL DEL ESTADO DE CAMPECHE <\/td><td data-cell-id=\"D59\" data-x=\"3\" data-y=\"59\" data-db-index=\"59\" class=\"fsize-18\" data-cell-type=\"text\" data-original-value=\"&lt;a href=&quot;https:\/\/teec.org.mx\/web\/wp-content\/uploads\/2022\/09\/TEEC-JDC-4-2022-05-09-2022.pdf&quot; target=&quot;_blank&quot;&gt;TEEC\/JDC\/4\/2022 (RETIRO DE CEDULA Y PRESENTACI\u00d3N DE LOS ESCRITOS DE TERCEROS INTERESADOS)&lt;\/a&gt;\" data-order=\"&lt;a href=&quot;https:\/\/teec.org.mx\/web\/wp-content\/uploads\/2022\/09\/TEEC-JDC-4-2022-05-09-2022.pdf&quot; target=&quot;_blank&quot;&gt;TEEC\/JDC\/4\/2022 (RETIRO DE CEDULA Y PRESENTACI\u00d3N DE LOS ESCRITOS DE TERCEROS INTERESADOS)&lt;\/a&gt;\" ><a href=\"https:\/\/teec.org.mx\/web\/wp-content\/uploads\/2022\/09\/TEEC-JDC-4-2022-05-09-2022.pdf\" target=\"_blank\">TEEC\/JDC\/4\/2022 (RETIRO DE CEDULA Y PRESENTACI\u00d3N DE LOS ESCRITOS DE TERCEROS INTERESADOS)<\/a><\/td><\/tr><tr style=\"height:px\" ><td data-cell-id=\"A60\" data-x=\"0\" data-y=\"60\" data-db-index=\"60\" class=\"fsize-18\" data-cell-type=\"text\" data-original-value=\"05 DE SEPTIEMBRE DE 2022, A LAS 10:30 HORAS\" data-order=\"05 DE SEPTIEMBRE DE 2022, A LAS 10:30 HORAS\" >05 DE SEPTIEMBRE DE 2022, A LAS 10:30 HORAS <\/td><td data-cell-id=\"B60\" data-x=\"1\" data-y=\"60\" data-db-index=\"60\" class=\"fsize-18\" data-cell-type=\"text\" data-original-value=\"LIRIO GUADALUPE SU\u00c1REZ AM\u00c9NDOLA, LIRIO GUADALUPE SU\u00c1REZ AM\u00c9NDOLA, QUIEN SE OSTENTA COMO CONSEJERA PRESIENTA DEL INSTITUTO ELECTORAL DEL ESTADO DE CAMPECHE\" data-order=\"LIRIO GUADALUPE SU\u00c1REZ AM\u00c9NDOLA, LIRIO GUADALUPE SU\u00c1REZ AM\u00c9NDOLA, QUIEN SE OSTENTA COMO CONSEJERA PRESIENTA DEL INSTITUTO ELECTORAL DEL ESTADO DE CAMPECHE\" >LIRIO GUADALUPE SU\u00c1REZ AM\u00c9NDOLA, LIRIO GUADALUPE SU\u00c1REZ AM\u00c9NDOLA, QUIEN SE OSTENTA COMO CONSEJERA PRESIENTA DEL INSTITUTO ELECTORAL DEL ESTADO DE CAMPECHE <\/td><td data-cell-id=\"C60\" data-x=\"2\" data-y=\"60\" data-db-index=\"60\" class=\"fsize-18\" data-cell-type=\"text\" data-original-value=\"CONSEJERAS Y CONSEJEROS ELECTORALES DEL INSTITUTO ELECTORAL DEL ESTADO DE CAMPECHE\" data-order=\"CONSEJERAS Y CONSEJEROS ELECTORALES DEL INSTITUTO ELECTORAL DEL ESTADO DE CAMPECHE\" >CONSEJERAS Y CONSEJEROS ELECTORALES DEL INSTITUTO ELECTORAL DEL ESTADO DE CAMPECHE <\/td><td data-cell-id=\"D60\" data-x=\"3\" data-y=\"60\" data-db-index=\"60\" class=\"fsize-18\" data-cell-type=\"text\" data-original-value=\"&lt;a href=&quot;https:\/\/teec.org.mx\/web\/wp-content\/uploads\/2022\/09\/TEEC-JDC-3-2022-05-09-2022.pdf&quot; target=&quot;_blank&quot;&gt;TEEC\/JDC\/3\/2022 (SE DECLARA FIRME Y VALEDERO EL ACUERDO PLENARIO)&lt;\/a&gt;\" data-order=\"&lt;a href=&quot;https:\/\/teec.org.mx\/web\/wp-content\/uploads\/2022\/09\/TEEC-JDC-3-2022-05-09-2022.pdf&quot; target=&quot;_blank&quot;&gt;TEEC\/JDC\/3\/2022 (SE DECLARA FIRME Y VALEDERO EL ACUERDO PLENARIO)&lt;\/a&gt;\" ><a href=\"https:\/\/teec.org.mx\/web\/wp-content\/uploads\/2022\/09\/TEEC-JDC-3-2022-05-09-2022.pdf\" target=\"_blank\">TEEC\/JDC\/3\/2022 (SE DECLARA FIRME Y VALEDERO EL ACUERDO PLENARIO)<\/a><\/td><\/tr><tr style=\"height:px\" ><td data-cell-id=\"A61\" data-x=\"0\" data-y=\"61\" data-db-index=\"61\" class=\"fsize-18\" data-cell-type=\"text\" data-original-value=\"02 DE SEPTIEMBRE DE 2022, A LAS 10:40 HORAS\" data-order=\"02 DE SEPTIEMBRE DE 2022, A LAS 10:40 HORAS\" >02 DE SEPTIEMBRE DE 2022, A LAS 10:40 HORAS <\/td><td data-cell-id=\"B61\" data-x=\"1\" data-y=\"61\" data-db-index=\"61\" class=\"fsize-18\" data-cell-type=\"text\" data-original-value=\"MARTHA FRANCISCA DE ATOCHA NAAL MU\u00d1OZ, EN CALIDAD DE PRIMERA REGIDORA DE EDUCACION, CULTURA Y DEPORTE, DE LA HONORABLE JUNTA MUNICPAL DE BECAL, CALKINI, CAMPECHE\" data-order=\"MARTHA FRANCISCA DE ATOCHA NAAL MU\u00d1OZ, EN CALIDAD DE PRIMERA REGIDORA DE EDUCACION, CULTURA Y DEPORTE, DE LA HONORABLE JUNTA MUNICPAL DE BECAL, CALKINI, CAMPECHE\" >MARTHA FRANCISCA DE ATOCHA NAAL MU\u00d1OZ, EN CALIDAD DE PRIMERA REGIDORA DE EDUCACION, CULTURA Y DEPORTE, DE LA HONORABLE JUNTA MUNICPAL DE BECAL, CALKINI, CAMPECHE <\/td><td data-cell-id=\"C61\" data-x=\"2\" data-y=\"61\" data-db-index=\"61\" class=\"fsize-18\" data-cell-type=\"text\" data-original-value=\"\u00c1NGEL OMAR OJEDA AGUILAR, PRESIDENTE DE LA HONORABLE JUNTA MUNICIPAL DE BECAL, CALKINI, CAMPECHE\" data-order=\"\u00c1NGEL OMAR OJEDA AGUILAR, PRESIDENTE DE LA HONORABLE JUNTA MUNICIPAL DE BECAL, CALKINI, CAMPECHE\" >\u00c1NGEL OMAR OJEDA AGUILAR, PRESIDENTE DE LA HONORABLE JUNTA MUNICIPAL DE BECAL, CALKINI, CAMPECHE <\/td><td data-cell-id=\"D61\" data-x=\"3\" data-y=\"61\" data-db-index=\"61\" class=\"fsize-18\" data-cell-type=\"text\" data-original-value=\"&lt;a href=&quot;https:\/\/teec.org.mx\/web\/wp-content\/uploads\/2022\/09\/TEEC-JDC-6-2022-acu.-plenario-02-09-2022.pdf&quot; target=&quot;_blank&quot;&gt;TEEC\/JDC\/6\/2022 (ACUERDO PLENARIO)&lt;\/a&gt;\" data-order=\"&lt;a href=&quot;https:\/\/teec.org.mx\/web\/wp-content\/uploads\/2022\/09\/TEEC-JDC-6-2022-acu.-plenario-02-09-2022.pdf&quot; target=&quot;_blank&quot;&gt;TEEC\/JDC\/6\/2022 (ACUERDO PLENARIO)&lt;\/a&gt;\" ><a href=\"https:\/\/teec.org.mx\/web\/wp-content\/uploads\/2022\/09\/TEEC-JDC-6-2022-acu.-plenario-02-09-2022.pdf\" target=\"_blank\">TEEC\/JDC\/6\/2022 (ACUERDO PLENARIO)<\/a><\/td><\/tr><tr style=\"height:px\" ><td data-cell-id=\"A62\" data-x=\"0\" data-y=\"62\" data-db-index=\"62\" class=\"fsize-18\" data-cell-type=\"text\" data-original-value=\"01 DE SEPTIEMBRE DE 2022, A LAS 9:40 HORAS\" data-order=\"01 DE SEPTIEMBRE DE 2022, A LAS 9:40 HORAS\" >01 DE SEPTIEMBRE DE 2022, A LAS 9:40 HORAS <\/td><td data-cell-id=\"B62\" data-x=\"1\" data-y=\"62\" data-db-index=\"62\" class=\"fsize-18\" data-cell-type=\"text\" data-original-value=\"MARTHA FRANCISCA DE ATOCHA NAAL MU\u00d1OZ, EN CALIDAD DE PRIMERA REGIDORA DE EDUCACION, CULTURA Y DEPORTE, DE LA HONORABLE JUNTA MUNICPAL DE BECAL, CALKINI, CAMPECHE\" data-order=\"MARTHA FRANCISCA DE ATOCHA NAAL MU\u00d1OZ, EN CALIDAD DE PRIMERA REGIDORA DE EDUCACION, CULTURA Y DEPORTE, DE LA HONORABLE JUNTA MUNICPAL DE BECAL, CALKINI, CAMPECHE\" >MARTHA FRANCISCA DE ATOCHA NAAL MU\u00d1OZ, EN CALIDAD DE PRIMERA REGIDORA DE EDUCACION, CULTURA Y DEPORTE, DE LA HONORABLE JUNTA MUNICPAL DE BECAL, CALKINI, CAMPECHE <\/td><td data-cell-id=\"C62\" data-x=\"2\" data-y=\"62\" data-db-index=\"62\" class=\"fsize-18\" data-cell-type=\"text\" data-original-value=\"\u00c1NGEL OMAR OJEDA AGUILAR, PRESIDENTE DE LA HONORABLE JUNTA MUNICIPAL DE BECAL, CALKINI, CAMPECHE\" data-order=\"\u00c1NGEL OMAR OJEDA AGUILAR, PRESIDENTE DE LA HONORABLE JUNTA MUNICIPAL DE BECAL, CALKINI, CAMPECHE\" >\u00c1NGEL OMAR OJEDA AGUILAR, PRESIDENTE DE LA HONORABLE JUNTA MUNICIPAL DE BECAL, CALKINI, CAMPECHE <\/td><td data-cell-id=\"D62\" data-x=\"3\" data-y=\"62\" data-db-index=\"62\" class=\"fsize-18\" data-cell-type=\"text\" data-original-value=\"&lt;a href=&quot;https:\/\/teec.org.mx\/web\/wp-content\/uploads\/2022\/09\/TEEC-JDC-6-2022-01-09-2022.pdf&quot; target=&quot;_blank&quot;&gt;TEEC\/JDC\/6\/2022 (ACUERDO DE RECEPCI\u00d3N, RADICACI\u00d3N Y FIJACI\u00d3N DE FECHA Y HORA PARA SESI\u00d3N PRIVADA)&lt;\/a&gt;\" data-order=\"&lt;a href=&quot;https:\/\/teec.org.mx\/web\/wp-content\/uploads\/2022\/09\/TEEC-JDC-6-2022-01-09-2022.pdf&quot; target=&quot;_blank&quot;&gt;TEEC\/JDC\/6\/2022 (ACUERDO DE RECEPCI\u00d3N, RADICACI\u00d3N Y FIJACI\u00d3N DE FECHA Y HORA PARA SESI\u00d3N PRIVADA)&lt;\/a&gt;\" ><a href=\"https:\/\/teec.org.mx\/web\/wp-content\/uploads\/2022\/09\/TEEC-JDC-6-2022-01-09-2022.pdf\" target=\"_blank\">TEEC\/JDC\/6\/2022 (ACUERDO DE RECEPCI\u00d3N, RADICACI\u00d3N Y FIJACI\u00d3N DE FECHA Y HORA PARA SESI\u00d3N PRIVADA)<\/a><\/td><\/tr><tr style=\"height:px\" ><td data-cell-id=\"A63\" data-x=\"0\" data-y=\"63\" data-db-index=\"63\" class=\"fsize-18\" data-cell-type=\"text\" data-original-value=\"01 DE SEPTIEMBRE DE 2022, A LAS 9:15 HORAS\" data-order=\"01 DE SEPTIEMBRE DE 2022, A LAS 9:15 HORAS\" >01 DE SEPTIEMBRE DE 2022, A LAS 9:15 HORAS <\/td><td data-cell-id=\"B63\" data-x=\"1\" data-y=\"63\" data-db-index=\"63\" class=\"fsize-18\" data-cell-type=\"text\" data-original-value=\"DIPUTADO RICARDO MIGUEL MEDINA FARF\u00c1N\" data-order=\"DIPUTADO RICARDO MIGUEL MEDINA FARF\u00c1N\" >DIPUTADO RICARDO MIGUEL MEDINA FARF\u00c1N <\/td><td data-cell-id=\"C63\" data-x=\"2\" data-y=\"63\" data-db-index=\"63\" class=\"fsize-18\" data-cell-type=\"text\" data-original-value=\"HONORABLE CONGRESO DEL ESTADO DE CAMPECHE\" data-order=\"HONORABLE CONGRESO DEL ESTADO DE CAMPECHE\" >HONORABLE CONGRESO DEL ESTADO DE CAMPECHE <\/td><td data-cell-id=\"D63\" data-x=\"3\" data-y=\"63\" data-db-index=\"63\" class=\"fsize-18\" data-cell-type=\"text\" data-original-value=\"&lt;a href=&quot;https:\/\/teec.org.mx\/web\/wp-content\/uploads\/2022\/09\/TEEC-JDC-5-2022-01-09-2022.pdf&quot; target=&quot;_blank&quot;&gt;TEEC\/JDC\/5\/2022 (ACUERDO DE ADMISION Y SE ORDENA DESAHOGO DE PRUEBAS TECNICAS)&lt;\/a&gt;\" data-order=\"&lt;a href=&quot;https:\/\/teec.org.mx\/web\/wp-content\/uploads\/2022\/09\/TEEC-JDC-5-2022-01-09-2022.pdf&quot; target=&quot;_blank&quot;&gt;TEEC\/JDC\/5\/2022 (ACUERDO DE ADMISION Y SE ORDENA DESAHOGO DE PRUEBAS TECNICAS)&lt;\/a&gt;\" ><a href=\"https:\/\/teec.org.mx\/web\/wp-content\/uploads\/2022\/09\/TEEC-JDC-5-2022-01-09-2022.pdf\" target=\"_blank\">TEEC\/JDC\/5\/2022 (ACUERDO DE ADMISION Y SE ORDENA DESAHOGO DE PRUEBAS TECNICAS)<\/a><\/td><\/tr><tr style=\"height:px\" ><td data-cell-id=\"A64\" data-x=\"0\" data-y=\"64\" data-db-index=\"64\" class=\"fsize-18\" data-cell-type=\"text\" data-original-value=\"31 DE AGOSTO DE 2022, A LAS 11:50 HORAS\" data-order=\"31 DE AGOSTO DE 2022, A LAS 11:50 HORAS\" >31 DE AGOSTO DE 2022, A LAS 11:50 HORAS <\/td><td data-cell-id=\"B64\" data-x=\"1\" data-y=\"64\" data-db-index=\"64\" class=\"fsize-18\" data-cell-type=\"text\" data-original-value=\"C.P. MARTHA FRANCISCA DE ATOCHA NAAL MU\u00d1OZ, PRIMERA REGIDORA DE EDUCACION, CULTURA Y DEPORTE\" data-order=\"C.P. MARTHA FRANCISCA DE ATOCHA NAAL MU\u00d1OZ, PRIMERA REGIDORA DE EDUCACION, CULTURA Y DEPORTE\" >C.P. MARTHA FRANCISCA DE ATOCHA NAAL MU\u00d1OZ, PRIMERA REGIDORA DE EDUCACION, CULTURA Y DEPORTE <\/td><td data-cell-id=\"C64\" data-x=\"2\" data-y=\"64\" data-db-index=\"64\" class=\"fsize-18\" data-cell-type=\"text\" data-original-value=\"LIC. \u00c1NGEL OMAR OJEDA AGUILAR, PRESIDENTE DE LA H. JUNTA MUNICIPAL DE BECAL\" data-order=\"LIC. \u00c1NGEL OMAR OJEDA AGUILAR, PRESIDENTE DE LA H. JUNTA MUNICIPAL DE BECAL\" >LIC. \u00c1NGEL OMAR OJEDA AGUILAR, PRESIDENTE DE LA H. JUNTA MUNICIPAL DE BECAL <\/td><td data-cell-id=\"D64\" data-x=\"3\" data-y=\"64\" data-db-index=\"64\" class=\"fsize-18\" data-cell-type=\"text\" data-original-value=\"&lt;a href=&quot;https:\/\/teec.org.mx\/web\/wp-content\/uploads\/2022\/08\/TEEC-JDC-6-2022-31-08-2022.pdf&quot; target=&quot;_blank&quot;&gt;TEEC\/JDC\/6\/20 (ACUERDO DE TURNO)&lt;\/a&gt;\" data-order=\"&lt;a href=&quot;https:\/\/teec.org.mx\/web\/wp-content\/uploads\/2022\/08\/TEEC-JDC-6-2022-31-08-2022.pdf&quot; target=&quot;_blank&quot;&gt;TEEC\/JDC\/6\/20 (ACUERDO DE TURNO)&lt;\/a&gt;\" ><a href=\"https:\/\/teec.org.mx\/web\/wp-content\/uploads\/2022\/08\/TEEC-JDC-6-2022-31-08-2022.pdf\" target=\"_blank\">TEEC\/JDC\/6\/20 (ACUERDO DE TURNO)<\/a><\/td><\/tr><tr style=\"height:px\" ><td data-cell-id=\"A65\" data-x=\"0\" data-y=\"65\" data-db-index=\"65\" class=\"fsize-18\" data-cell-type=\"text\" data-original-value=\"31 DE AGOSTO DE 2022, A LAS 10:10 HORAS\" data-order=\"31 DE AGOSTO DE 2022, A LAS 10:10 HORAS\" >31 DE AGOSTO DE 2022, A LAS 10:10 HORAS <\/td><td data-cell-id=\"B65\" data-x=\"1\" data-y=\"65\" data-db-index=\"65\" class=\"fsize-18\" data-cell-type=\"text\" data-original-value=\"LIRIO GUADALUPE SUAREZ AM\u00c9NDOLA, EN SU CALIDAD DE PRESIDENTA DEL CONSEJO GENERAL DEL INSTITUTO ELECTORAL DEL ESTADO DE CAMPECHE, POR SU PROPIO Y PERSONAL DERECHO\" data-order=\"LIRIO GUADALUPE SUAREZ AM\u00c9NDOLA, EN SU CALIDAD DE PRESIDENTA DEL CONSEJO GENERAL DEL INSTITUTO ELECTORAL DEL ESTADO DE CAMPECHE, POR SU PROPIO Y PERSONAL DERECHO\" >LIRIO GUADALUPE SUAREZ AM\u00c9NDOLA, EN SU CALIDAD DE PRESIDENTA DEL CONSEJO GENERAL DEL INSTITUTO ELECTORAL DEL ESTADO DE CAMPECHE, POR SU PROPIO Y PERSONAL DERECHO <\/td><td data-cell-id=\"C65\" data-x=\"2\" data-y=\"65\" data-db-index=\"65\" class=\"fsize-18\" data-cell-type=\"text\" data-original-value=\"TRIBUNAL ELECTORAL DEL ESTADO DE CAMPECHE\" data-order=\"TRIBUNAL ELECTORAL DEL ESTADO DE CAMPECHE\" >TRIBUNAL ELECTORAL DEL ESTADO DE CAMPECHE <\/td><td data-cell-id=\"D65\" data-x=\"3\" data-y=\"65\" data-db-index=\"65\" class=\"fsize-18\" data-cell-type=\"text\" data-original-value=\"&lt;a href=&quot;https:\/\/teec.org.mx\/web\/wp-content\/uploads\/2022\/08\/TEEC-JDC-4-2022-31-08-2022.pdf&quot; target=&quot;_blank&quot;&gt;TEEC\/JDC\/4\/2022 (SE DA TR\u00c1MITE AL MEDIO DE IMPUGNACI\u00d3N)&lt;\/a&gt;\" data-order=\"&lt;a href=&quot;https:\/\/teec.org.mx\/web\/wp-content\/uploads\/2022\/08\/TEEC-JDC-4-2022-31-08-2022.pdf&quot; target=&quot;_blank&quot;&gt;TEEC\/JDC\/4\/2022 (SE DA TR\u00c1MITE AL MEDIO DE IMPUGNACI\u00d3N)&lt;\/a&gt;\" ><a href=\"https:\/\/teec.org.mx\/web\/wp-content\/uploads\/2022\/08\/TEEC-JDC-4-2022-31-08-2022.pdf\" target=\"_blank\">TEEC\/JDC\/4\/2022 (SE DA TR\u00c1MITE AL MEDIO DE IMPUGNACI\u00d3N)<\/a><\/td><\/tr><tr style=\"height:px\" ><td data-cell-id=\"A66\" data-x=\"0\" data-y=\"66\" data-db-index=\"66\" class=\"fsize-18\" data-cell-type=\"text\" data-original-value=\"29 DE AGOSTO DE 2022, A LAS 14:50 HORAS\" data-order=\"29 DE AGOSTO DE 2022, A LAS 14:50 HORAS\" >29 DE AGOSTO DE 2022, A LAS 14:50 HORAS <\/td><td data-cell-id=\"B66\" data-x=\"1\" data-y=\"66\" data-db-index=\"66\" class=\"fsize-18\" data-cell-type=\"text\" data-original-value=\"LIRIO GUADALUPE SU\u00c1REZ AM\u00c9NDOLA, LIRIO GUADALUPE SU\u00c1REZ AM\u00c9NDOLA, QUIEN SE OSTENTA COMO CONSEJERA PRESIENTA DEL INSTITUTO ELECTORAL DEL ESTADO DE CAMPECHE\" data-order=\"LIRIO GUADALUPE SU\u00c1REZ AM\u00c9NDOLA, LIRIO GUADALUPE SU\u00c1REZ AM\u00c9NDOLA, QUIEN SE OSTENTA COMO CONSEJERA PRESIENTA DEL INSTITUTO ELECTORAL DEL ESTADO DE CAMPECHE\" >LIRIO GUADALUPE SU\u00c1REZ AM\u00c9NDOLA, LIRIO GUADALUPE SU\u00c1REZ AM\u00c9NDOLA, QUIEN SE OSTENTA COMO CONSEJERA PRESIENTA DEL INSTITUTO ELECTORAL DEL ESTADO DE CAMPECHE <\/td><td data-cell-id=\"C66\" data-x=\"2\" data-y=\"66\" data-db-index=\"66\" class=\"fsize-18\" data-cell-type=\"text\" data-original-value=\"CONSEJERAS Y CONSEJEROS ELECTORALES DEL INSTITUTO ELECTORAL DEL ESTADO DE CAMPECHE\" data-order=\"CONSEJERAS Y CONSEJEROS ELECTORALES DEL INSTITUTO ELECTORAL DEL ESTADO DE CAMPECHE\" >CONSEJERAS Y CONSEJEROS ELECTORALES DEL INSTITUTO ELECTORAL DEL ESTADO DE CAMPECHE <\/td><td data-cell-id=\"D66\" data-x=\"3\" data-y=\"66\" data-db-index=\"66\" class=\"fsize-18\" data-cell-type=\"text\" data-original-value=\"&lt;a href=&quot;https:\/\/teec.org.mx\/web\/wp-content\/uploads\/2022\/08\/TEEC-JDC-3-2022-29-08-2022.pdf&quot; target=&quot;_blank&quot;&gt;TEEC\/JDC\/3\/2022 (ACUERDO DE ACUMULACION)&lt;\/a&gt;\" data-order=\"&lt;a href=&quot;https:\/\/teec.org.mx\/web\/wp-content\/uploads\/2022\/08\/TEEC-JDC-3-2022-29-08-2022.pdf&quot; target=&quot;_blank&quot;&gt;TEEC\/JDC\/3\/2022 (ACUERDO DE ACUMULACION)&lt;\/a&gt;\" ><a href=\"https:\/\/teec.org.mx\/web\/wp-content\/uploads\/2022\/08\/TEEC-JDC-3-2022-29-08-2022.pdf\" target=\"_blank\">TEEC\/JDC\/3\/2022 (ACUERDO DE ACUMULACION)<\/a><\/td><\/tr><tr style=\"height:px\" ><td data-cell-id=\"A67\" data-x=\"0\" data-y=\"67\" data-db-index=\"67\" class=\"fsize-18\" data-cell-type=\"text\" data-original-value=\"24 DE AGOSTO DE 2022, A LAS 13:50 HORAS\" data-order=\"24 DE AGOSTO DE 2022, A LAS 13:50 HORAS\" >24 DE AGOSTO DE 2022, A LAS 13:50 HORAS <\/td><td data-cell-id=\"B67\" data-x=\"1\" data-y=\"67\" data-db-index=\"67\" class=\"fsize-18\" data-cell-type=\"text\" data-original-value=\"DIPUTADO RICARDO MIGUEL MEDINA FARF\u00c1N\" data-order=\"DIPUTADO RICARDO MIGUEL MEDINA FARF\u00c1N\" >DIPUTADO RICARDO MIGUEL MEDINA FARF\u00c1N <\/td><td data-cell-id=\"C67\" data-x=\"2\" data-y=\"67\" data-db-index=\"67\" class=\"fsize-18\" data-cell-type=\"text\" data-original-value=\"HONORABLE CONGRESO DEL ESTADO DE CAMPECHE\" data-order=\"HONORABLE CONGRESO DEL ESTADO DE CAMPECHE\" >HONORABLE CONGRESO DEL ESTADO DE CAMPECHE <\/td><td data-cell-id=\"D67\" data-x=\"3\" data-y=\"67\" data-db-index=\"67\" class=\"fsize-18\" data-cell-type=\"text\" data-original-value=\"&lt;a href=&quot;https:\/\/teec.org.mx\/web\/wp-content\/uploads\/2022\/08\/TEEC-JDC-5-2022-2do-acu.-24-08-2022.pdf&quot; target=&quot;_blank&quot;&gt;TEEC\/JDC\/5\/2022 (ACUERDO DE RECEPCI\u00d3N Y RADICACI\u00d3N)&lt;\/a&gt;\" data-order=\"&lt;a href=&quot;https:\/\/teec.org.mx\/web\/wp-content\/uploads\/2022\/08\/TEEC-JDC-5-2022-2do-acu.-24-08-2022.pdf&quot; target=&quot;_blank&quot;&gt;TEEC\/JDC\/5\/2022 (ACUERDO DE RECEPCI\u00d3N Y RADICACI\u00d3N)&lt;\/a&gt;\" ><a href=\"https:\/\/teec.org.mx\/web\/wp-content\/uploads\/2022\/08\/TEEC-JDC-5-2022-2do-acu.-24-08-2022.pdf\" target=\"_blank\">TEEC\/JDC\/5\/2022 (ACUERDO DE RECEPCI\u00d3N Y RADICACI\u00d3N)<\/a><\/td><\/tr><tr style=\"height:px\" ><td data-cell-id=\"A68\" data-x=\"0\" data-y=\"68\" data-db-index=\"68\" class=\"fsize-18\" data-cell-type=\"text\" data-original-value=\"24 DE AGOSTO DE 2022, A LAS 12:45 HORAS\" data-order=\"24 DE AGOSTO DE 2022, A LAS 12:45 HORAS\" >24 DE AGOSTO DE 2022, A LAS 12:45 HORAS <\/td><td data-cell-id=\"B68\" data-x=\"1\" data-y=\"68\" data-db-index=\"68\" class=\"fsize-18\" data-cell-type=\"text\" data-original-value=\"DIPUTADO RICARDO MIGUEL MEDINA FARF\u00c1N\" data-order=\"DIPUTADO RICARDO MIGUEL MEDINA FARF\u00c1N\" >DIPUTADO RICARDO MIGUEL MEDINA FARF\u00c1N <\/td><td data-cell-id=\"C68\" data-x=\"2\" data-y=\"68\" data-db-index=\"68\" class=\"fsize-18\" data-cell-type=\"text\" data-original-value=\"HONORABLE CONGRESO DEL ESTADO DE CAMPECHE\" data-order=\"HONORABLE CONGRESO DEL ESTADO DE CAMPECHE\" >HONORABLE CONGRESO DEL ESTADO DE CAMPECHE <\/td><td data-cell-id=\"D68\" data-x=\"3\" data-y=\"68\" data-db-index=\"68\" class=\"fsize-18\" data-cell-type=\"text\" data-original-value=\"&lt;a href=&quot;https:\/\/teec.org.mx\/web\/wp-content\/uploads\/2022\/08\/TEEC-JDC-5-2022-24-08-2022.pdf&quot; target=&quot;_blank&quot;&gt;TEEC\/JDC\/5\/2022 (ACUERDO DE TURNO)&lt;\/a&gt;\" data-order=\"&lt;a href=&quot;https:\/\/teec.org.mx\/web\/wp-content\/uploads\/2022\/08\/TEEC-JDC-5-2022-24-08-2022.pdf&quot; target=&quot;_blank&quot;&gt;TEEC\/JDC\/5\/2022 (ACUERDO DE TURNO)&lt;\/a&gt;\" ><a href=\"https:\/\/teec.org.mx\/web\/wp-content\/uploads\/2022\/08\/TEEC-JDC-5-2022-24-08-2022.pdf\" target=\"_blank\">TEEC\/JDC\/5\/2022 (ACUERDO DE TURNO)<\/a><\/td><\/tr><tr style=\"height:px\" ><td data-cell-id=\"A69\" data-x=\"0\" data-y=\"69\" data-db-index=\"69\" class=\"fsize-18\" data-cell-type=\"text\" data-original-value=\"24 DE AGOSTO DE 2022, A LAS 11:30 HORAS\" data-order=\"24 DE AGOSTO DE 2022, A LAS 11:30 HORAS\" >24 DE AGOSTO DE 2022, A LAS 11:30 HORAS <\/td><td data-cell-id=\"B69\" data-x=\"1\" data-y=\"69\" data-db-index=\"69\" class=\"fsize-18\" data-cell-type=\"text\" data-original-value=\"JUAN CARLOS MENA ZAPATA, F\u00c1TIMA GISSELLE MEUNIER ROSAS, ABNER RONCES MEX, CLARA CONCEPCI\u00d3N CASTRO GOMEZ, DANNY ALBERTO G\u00d3NGORA MOO Y NADINE ABIGAIL MOGUEL CEBALLOS, EN CALIDAD DE CONSEJERAS Y CONSEJEROS ELECTORALES DEL INSTITUTO ELECTORAL DEL ESTADO DE CAMPECHE\" data-order=\"JUAN CARLOS MENA ZAPATA, F\u00c1TIMA GISSELLE MEUNIER ROSAS, ABNER RONCES MEX, CLARA CONCEPCI\u00d3N CASTRO GOMEZ, DANNY ALBERTO G\u00d3NGORA MOO Y NADINE ABIGAIL MOGUEL CEBALLOS, EN CALIDAD DE CONSEJERAS Y CONSEJEROS ELECTORALES DEL INSTITUTO ELECTORAL DEL ESTADO DE CAMPECHE\" >JUAN CARLOS MENA ZAPATA, F\u00c1TIMA GISSELLE MEUNIER ROSAS, ABNER RONCES MEX, CLARA CONCEPCI\u00d3N CASTRO GOMEZ, DANNY ALBERTO G\u00d3NGORA MOO Y NADINE ABIGAIL MOGUEL CEBALLOS, EN CALIDAD DE CONSEJERAS Y CONSEJEROS ELECTORALES DEL INSTITUTO ELECTORAL DEL ESTADO DE CAMPECHE <\/td><td data-cell-id=\"C69\" data-x=\"2\" data-y=\"69\" data-db-index=\"69\" class=\"fsize-18\" data-cell-type=\"text\" data-original-value=\"LIRIO GUADALUPE SUAREZ AM\u00c9NDOLA, EN SU CALIDAD DE PRESIDENTA DEL CONSEJO GENERAL DEL INSTITUTO ELECTORAL DEL ESTADO DE CAMPECHE\" data-order=\"LIRIO GUADALUPE SUAREZ AM\u00c9NDOLA, EN SU CALIDAD DE PRESIDENTA DEL CONSEJO GENERAL DEL INSTITUTO ELECTORAL DEL ESTADO DE CAMPECHE\" >LIRIO GUADALUPE SUAREZ AM\u00c9NDOLA, EN SU CALIDAD DE PRESIDENTA DEL CONSEJO GENERAL DEL INSTITUTO ELECTORAL DEL ESTADO DE CAMPECHE <\/td><td data-cell-id=\"D69\" data-x=\"3\" data-y=\"69\" data-db-index=\"69\" class=\"fsize-18\" data-cell-type=\"text\" data-original-value=\"&lt;a href=&quot;https:\/\/teec.org.mx\/web\/wp-content\/uploads\/2022\/08\/TEEC-JDC-4-2022-sentencia-24-08-2022.pdf&quot; target=&quot;_blank&quot;&gt;TEEC\/JDC\/4\/2022 (SENTENCIA)&lt;\/a&gt;\" data-order=\"&lt;a href=&quot;https:\/\/teec.org.mx\/web\/wp-content\/uploads\/2022\/08\/TEEC-JDC-4-2022-sentencia-24-08-2022.pdf&quot; target=&quot;_blank&quot;&gt;TEEC\/JDC\/4\/2022 (SENTENCIA)&lt;\/a&gt;\" ><a href=\"https:\/\/teec.org.mx\/web\/wp-content\/uploads\/2022\/08\/TEEC-JDC-4-2022-sentencia-24-08-2022.pdf\" target=\"_blank\">TEEC\/JDC\/4\/2022 (SENTENCIA)<\/a><\/td><\/tr><tr style=\"height:px\" ><td data-cell-id=\"A70\" data-x=\"0\" data-y=\"70\" data-db-index=\"70\" class=\"fsize-18\" data-cell-type=\"text\" data-original-value=\"23 DE AGOSTO DE 2022, A LAS 12:30 HORAS\" data-order=\"23 DE AGOSTO DE 2022, A LAS 12:30 HORAS\" >23 DE AGOSTO DE 2022, A LAS 12:30 HORAS <\/td><td data-cell-id=\"B70\" data-x=\"1\" data-y=\"70\" data-db-index=\"70\" class=\"fsize-18\" data-cell-type=\"text\" data-original-value=\"LIRIO GUADALUPE SU\u00c1REZ AM\u00c9NDOLA, LIRIO GUADALUPE SU\u00c1REZ AM\u00c9NDOLA, QUIEN SE OSTENTA COMO CONSEJERA PRESIENTA DEL INSTITUTO ELECTORAL DEL ESTADO DE CAMPECHE\" data-order=\"LIRIO GUADALUPE SU\u00c1REZ AM\u00c9NDOLA, LIRIO GUADALUPE SU\u00c1REZ AM\u00c9NDOLA, QUIEN SE OSTENTA COMO CONSEJERA PRESIENTA DEL INSTITUTO ELECTORAL DEL ESTADO DE CAMPECHE\" >LIRIO GUADALUPE SU\u00c1REZ AM\u00c9NDOLA, LIRIO GUADALUPE SU\u00c1REZ AM\u00c9NDOLA, QUIEN SE OSTENTA COMO CONSEJERA PRESIENTA DEL INSTITUTO ELECTORAL DEL ESTADO DE CAMPECHE <\/td><td data-cell-id=\"C70\" data-x=\"2\" data-y=\"70\" data-db-index=\"70\" class=\"fsize-18\" data-cell-type=\"text\" data-original-value=\"CONSEJERAS Y CONSEJEROS ELECTORALES DEL INSTITUTO ELECTORAL DEL ESTADO DE CAMPECHE\" data-order=\"CONSEJERAS Y CONSEJEROS ELECTORALES DEL INSTITUTO ELECTORAL DEL ESTADO DE CAMPECHE\" >CONSEJERAS Y CONSEJEROS ELECTORALES DEL INSTITUTO ELECTORAL DEL ESTADO DE CAMPECHE <\/td><td data-cell-id=\"D70\" data-x=\"3\" data-y=\"70\" data-db-index=\"70\" class=\"fsize-18\" data-cell-type=\"text\" data-original-value=\"&lt;a href=&quot;https:\/\/teec.org.mx\/web\/wp-content\/uploads\/2022\/08\/TEEC-JDC-3-2022-acu.-plenario-22-08-2022.pdf&quot; target=&quot;_blank&quot;&gt;TEEC\/JDC\/3\/202 (ACUERDO PLENARIO)&lt;\/a&gt;\" data-order=\"&lt;a href=&quot;https:\/\/teec.org.mx\/web\/wp-content\/uploads\/2022\/08\/TEEC-JDC-3-2022-acu.-plenario-22-08-2022.pdf&quot; target=&quot;_blank&quot;&gt;TEEC\/JDC\/3\/202 (ACUERDO PLENARIO)&lt;\/a&gt;\" ><a href=\"https:\/\/teec.org.mx\/web\/wp-content\/uploads\/2022\/08\/TEEC-JDC-3-2022-acu.-plenario-22-08-2022.pdf\" target=\"_blank\">TEEC\/JDC\/3\/202 (ACUERDO PLENARIO)<\/a><\/td><\/tr><tr style=\"height:px\" ><td data-cell-id=\"A71\" data-x=\"0\" data-y=\"71\" data-db-index=\"71\" class=\"fsize-18\" data-cell-type=\"text\" data-original-value=\"22 DE AGOSTO DE 2022, A LAS 14:00 HORAS\" data-order=\"22 DE AGOSTO DE 2022, A LAS 14:00 HORAS\" >22 DE AGOSTO DE 2022, A LAS 14:00 HORAS <\/td><td data-cell-id=\"B71\" data-x=\"1\" data-y=\"71\" data-db-index=\"71\" class=\"fsize-18\" data-cell-type=\"text\" data-original-value=\"LIRIO GUADALUPE SU\u00c1REZ AM\u00c9NDOLA, LIRIO GUADALUPE SU\u00c1REZ AM\u00c9NDOLA, QUIEN SE OSTENTA COMO CONSEJERA PRESIENTA DEL INSTITUTO ELECTORAL DEL ESTADO DE CAMPECHE\" data-order=\"LIRIO GUADALUPE SU\u00c1REZ AM\u00c9NDOLA, LIRIO GUADALUPE SU\u00c1REZ AM\u00c9NDOLA, QUIEN SE OSTENTA COMO CONSEJERA PRESIENTA DEL INSTITUTO ELECTORAL DEL ESTADO DE CAMPECHE\" >LIRIO GUADALUPE SU\u00c1REZ AM\u00c9NDOLA, LIRIO GUADALUPE SU\u00c1REZ AM\u00c9NDOLA, QUIEN SE OSTENTA COMO CONSEJERA PRESIENTA DEL INSTITUTO ELECTORAL DEL ESTADO DE CAMPECHE <\/td><td data-cell-id=\"C71\" data-x=\"2\" data-y=\"71\" data-db-index=\"71\" class=\"fsize-18\" data-cell-type=\"text\" data-original-value=\"CONSEJERAS Y CONSEJEROS ELECTORALES DEL INSTITUTO ELECTORAL DEL ESTADO DE CAMPECHE\" data-order=\"CONSEJERAS Y CONSEJEROS ELECTORALES DEL INSTITUTO ELECTORAL DEL ESTADO DE CAMPECHE\" >CONSEJERAS Y CONSEJEROS ELECTORALES DEL INSTITUTO ELECTORAL DEL ESTADO DE CAMPECHE <\/td><td data-cell-id=\"D71\" data-x=\"3\" data-y=\"71\" data-db-index=\"71\" class=\"fsize-18\" data-cell-type=\"text\" data-original-value=\"&lt;a href=&quot;https:\/\/teec.org.mx\/web\/wp-content\/uploads\/2022\/08\/TEEC-JDC-3-2022-23-08-22.pdf&quot; target=&quot;_blank&quot;&gt;TEEC\/JDC\/3\/2022 (ACUERDO DE ACUMULACION)&lt;\/a&gt;\" data-order=\"&lt;a href=&quot;https:\/\/teec.org.mx\/web\/wp-content\/uploads\/2022\/08\/TEEC-JDC-3-2022-23-08-22.pdf&quot; target=&quot;_blank&quot;&gt;TEEC\/JDC\/3\/2022 (ACUERDO DE ACUMULACION)&lt;\/a&gt;\" ><a href=\"https:\/\/teec.org.mx\/web\/wp-content\/uploads\/2022\/08\/TEEC-JDC-3-2022-23-08-22.pdf\" target=\"_blank\">TEEC\/JDC\/3\/2022 (ACUERDO DE ACUMULACION)<\/a><\/td><\/tr><tr style=\"height:px\" ><td data-cell-id=\"A72\" data-x=\"0\" data-y=\"72\" data-db-index=\"72\" class=\"fsize-18\" data-cell-type=\"text\" data-original-value=\"22 DE AGOSTO DE 2022, A LAS 14:45 HORAS\" data-order=\"22 DE AGOSTO DE 2022, A LAS 14:45 HORAS\" >22 DE AGOSTO DE 2022, A LAS 14:45 HORAS <\/td><td data-cell-id=\"B72\" data-x=\"1\" data-y=\"72\" data-db-index=\"72\" class=\"fsize-18\" data-cell-type=\"text\" data-original-value=\"JUAN CARLOS MENA ZAPATA, F\u00c1TIMA GISSELLE MEUNIER ROSAS, ABNER RONCES MEX, CLARA CONCEPCI\u00d3N CASTRO GOMEZ, DANNY ALBERTO G\u00d3NGORA MOO Y NADINE ABIGAIL MOGUEL CEBALLOS, EN CALIDAD DE CONSEJERAS Y CONSEJEROS ELECTORALES DEL INSTITUTO ELECTORAL DEL ESTADO DE CAMPECHE\" data-order=\"JUAN CARLOS MENA ZAPATA, F\u00c1TIMA GISSELLE MEUNIER ROSAS, ABNER RONCES MEX, CLARA CONCEPCI\u00d3N CASTRO GOMEZ, DANNY ALBERTO G\u00d3NGORA MOO Y NADINE ABIGAIL MOGUEL CEBALLOS, EN CALIDAD DE CONSEJERAS Y CONSEJEROS ELECTORALES DEL INSTITUTO ELECTORAL DEL ESTADO DE CAMPECHE\" >JUAN CARLOS MENA ZAPATA, F\u00c1TIMA GISSELLE MEUNIER ROSAS, ABNER RONCES MEX, CLARA CONCEPCI\u00d3N CASTRO GOMEZ, DANNY ALBERTO G\u00d3NGORA MOO Y NADINE ABIGAIL MOGUEL CEBALLOS, EN CALIDAD DE CONSEJERAS Y CONSEJEROS ELECTORALES DEL INSTITUTO ELECTORAL DEL ESTADO DE CAMPECHE <\/td><td data-cell-id=\"C72\" data-x=\"2\" data-y=\"72\" data-db-index=\"72\" class=\"fsize-18\" data-cell-type=\"text\" data-original-value=\"LIRIO GUADALUPE SUAREZ AM\u00c9NDOLA, EN SU CALIDAD DE PRESIDENTA DEL CONSEJO GENERAL DEL INSTITUTO ELECTORAL DEL ESTADO DE CAMPECHE\" data-order=\"LIRIO GUADALUPE SUAREZ AM\u00c9NDOLA, EN SU CALIDAD DE PRESIDENTA DEL CONSEJO GENERAL DEL INSTITUTO ELECTORAL DEL ESTADO DE CAMPECHE\" >LIRIO GUADALUPE SUAREZ AM\u00c9NDOLA, EN SU CALIDAD DE PRESIDENTA DEL CONSEJO GENERAL DEL INSTITUTO ELECTORAL DEL ESTADO DE CAMPECHE <\/td><td data-cell-id=\"D72\" data-x=\"3\" data-y=\"72\" data-db-index=\"72\" class=\"fsize-18\" data-cell-type=\"text\" data-original-value=\"&lt;a href=&quot;https:\/\/teec.org.mx\/web\/wp-content\/uploads\/2022\/08\/TEEC-JDC-4-2022-2do-acu.-22-08-2022.pdf&quot; target=&quot;_blank&quot;&gt;TEEC\/JDC\/4\/2022 (ACUERDO DE CUMPLIMIENTO, CIERRE Y FIJACI\u00d3N DE FECHA Y HORA)&lt;\/a&gt;\" data-order=\"&lt;a href=&quot;https:\/\/teec.org.mx\/web\/wp-content\/uploads\/2022\/08\/TEEC-JDC-4-2022-2do-acu.-22-08-2022.pdf&quot; target=&quot;_blank&quot;&gt;TEEC\/JDC\/4\/2022 (ACUERDO DE CUMPLIMIENTO, CIERRE Y FIJACI\u00d3N DE FECHA Y HORA)&lt;\/a&gt;\" ><a href=\"https:\/\/teec.org.mx\/web\/wp-content\/uploads\/2022\/08\/TEEC-JDC-4-2022-2do-acu.-22-08-2022.pdf\" target=\"_blank\">TEEC\/JDC\/4\/2022 (ACUERDO DE CUMPLIMIENTO, CIERRE Y FIJACI\u00d3N DE FECHA Y HORA)<\/a><\/td><\/tr><tr style=\"height:px\" ><td data-cell-id=\"A73\" data-x=\"0\" data-y=\"73\" data-db-index=\"73\" class=\"fsize-18\" data-cell-type=\"text\" data-original-value=\"22 DE AGOSTO DE 2022, A LAS 13:30 HORAS\" data-order=\"22 DE AGOSTO DE 2022, A LAS 13:30 HORAS\" >22 DE AGOSTO DE 2022, A LAS 13:30 HORAS <\/td><td data-cell-id=\"B73\" data-x=\"1\" data-y=\"73\" data-db-index=\"73\" class=\"fsize-18\" data-cell-type=\"text\" data-original-value=\"JUAN CARLOS MENA ZAPATA, F\u00c1TIMA GISSELLE MEUNIER ROSAS, ABNER RONCES MEX, CLARA CONCEPCI\u00d3N CASTRO GOMEZ, DANNY ALBERTO G\u00d3NGORA MOO Y NADINE ABIGAIL MOGUEL CEBALLOS, EN CALIDAD DE CONSEJERAS Y CONSEJEROS ELECTORALES DEL INSTITUTO ELECTORAL DEL ESTADO DE CAMPECHE\" data-order=\"JUAN CARLOS MENA ZAPATA, F\u00c1TIMA GISSELLE MEUNIER ROSAS, ABNER RONCES MEX, CLARA CONCEPCI\u00d3N CASTRO GOMEZ, DANNY ALBERTO G\u00d3NGORA MOO Y NADINE ABIGAIL MOGUEL CEBALLOS, EN CALIDAD DE CONSEJERAS Y CONSEJEROS ELECTORALES DEL INSTITUTO ELECTORAL DEL ESTADO DE CAMPECHE\" >JUAN CARLOS MENA ZAPATA, F\u00c1TIMA GISSELLE MEUNIER ROSAS, ABNER RONCES MEX, CLARA CONCEPCI\u00d3N CASTRO GOMEZ, DANNY ALBERTO G\u00d3NGORA MOO Y NADINE ABIGAIL MOGUEL CEBALLOS, EN CALIDAD DE CONSEJERAS Y CONSEJEROS ELECTORALES DEL INSTITUTO ELECTORAL DEL ESTADO DE CAMPECHE <\/td><td data-cell-id=\"C73\" data-x=\"2\" data-y=\"73\" data-db-index=\"73\" class=\"fsize-18\" data-cell-type=\"text\" data-original-value=\"LIRIO GUADALUPE SUAREZ AM\u00c9NDOLA, EN SU CALIDAD DE PRESIDENTA DEL CONSEJO GENERAL DEL INSTITUTO ELECTORAL DEL ESTADO DE CAMPECHE\" data-order=\"LIRIO GUADALUPE SUAREZ AM\u00c9NDOLA, EN SU CALIDAD DE PRESIDENTA DEL CONSEJO GENERAL DEL INSTITUTO ELECTORAL DEL ESTADO DE CAMPECHE\" >LIRIO GUADALUPE SUAREZ AM\u00c9NDOLA, EN SU CALIDAD DE PRESIDENTA DEL CONSEJO GENERAL DEL INSTITUTO ELECTORAL DEL ESTADO DE CAMPECHE <\/td><td data-cell-id=\"D73\" data-x=\"3\" data-y=\"73\" data-db-index=\"73\" class=\"fsize-18\" data-cell-type=\"text\" data-original-value=\"&lt;a href=&quot;https:\/\/teec.org.mx\/web\/wp-content\/uploads\/2022\/08\/TEEC-JDC-4-2022-22-08-2022.pdf&quot; target=&quot;_blank&quot;&gt;TEEC\/JDC\/4\/2022 (ACUERDO DE TURNO)&lt;\/a&gt;\" data-order=\"&lt;a href=&quot;https:\/\/teec.org.mx\/web\/wp-content\/uploads\/2022\/08\/TEEC-JDC-4-2022-22-08-2022.pdf&quot; target=&quot;_blank&quot;&gt;TEEC\/JDC\/4\/2022 (ACUERDO DE TURNO)&lt;\/a&gt;\" ><a href=\"https:\/\/teec.org.mx\/web\/wp-content\/uploads\/2022\/08\/TEEC-JDC-4-2022-22-08-2022.pdf\" target=\"_blank\">TEEC\/JDC\/4\/2022 (ACUERDO DE TURNO)<\/a><\/td><\/tr><tr style=\"height:px\" ><td data-cell-id=\"A74\" data-x=\"0\" data-y=\"74\" data-db-index=\"74\" class=\"fsize-18\" data-cell-type=\"text\" data-original-value=\"22 DE AGOSTO DE 2022, A LAS 10:30 HORAS\" data-order=\"22 DE AGOSTO DE 2022, A LAS 10:30 HORAS\" >22 DE AGOSTO DE 2022, A LAS 10:30 HORAS <\/td><td data-cell-id=\"B74\" data-x=\"1\" data-y=\"74\" data-db-index=\"74\" class=\"fsize-18\" data-cell-type=\"text\" data-original-value=\"LIRIO GUADALUPE SU\u00c1REZ AM\u00c9NDOLA, LIRIO GUADALUPE SU\u00c1REZ AM\u00c9NDOLA, QUIEN SE OSTENTA COMO CONSEJERA PRESIENTA DEL INSTITUTO ELECTORAL DEL ESTADO DE CAMPECHE\" data-order=\"LIRIO GUADALUPE SU\u00c1REZ AM\u00c9NDOLA, LIRIO GUADALUPE SU\u00c1REZ AM\u00c9NDOLA, QUIEN SE OSTENTA COMO CONSEJERA PRESIENTA DEL INSTITUTO ELECTORAL DEL ESTADO DE CAMPECHE\" >LIRIO GUADALUPE SU\u00c1REZ AM\u00c9NDOLA, LIRIO GUADALUPE SU\u00c1REZ AM\u00c9NDOLA, QUIEN SE OSTENTA COMO CONSEJERA PRESIENTA DEL INSTITUTO ELECTORAL DEL ESTADO DE CAMPECHE <\/td><td data-cell-id=\"C74\" data-x=\"2\" data-y=\"74\" data-db-index=\"74\" class=\"fsize-18\" data-cell-type=\"text\" data-original-value=\"CONSEJERAS Y CONSEJEROS ELECTORALES DEL INSTITUTO ELECTORAL DEL ESTADO DE CAMPECHE\" data-order=\"CONSEJERAS Y CONSEJEROS ELECTORALES DEL INSTITUTO ELECTORAL DEL ESTADO DE CAMPECHE\" >CONSEJERAS Y CONSEJEROS ELECTORALES DEL INSTITUTO ELECTORAL DEL ESTADO DE CAMPECHE <\/td><td data-cell-id=\"D74\" data-x=\"3\" data-y=\"74\" data-db-index=\"74\" class=\"fsize-18\" data-cell-type=\"text\" data-original-value=\"&lt;a href=&quot;https:\/\/teec.org.mx\/web\/wp-content\/uploads\/2022\/08\/TEEC-JDC-3-2022-2do-acu.-22-08-2022.pdf&quot; target=&quot;_blank&quot;&gt;TEEC\/JDC\/3\/2022 (SE FIJA FECHA Y HORA P\u00c1RA SESION PRIVADA)&lt;\/a&gt;\" data-order=\"&lt;a href=&quot;https:\/\/teec.org.mx\/web\/wp-content\/uploads\/2022\/08\/TEEC-JDC-3-2022-2do-acu.-22-08-2022.pdf&quot; target=&quot;_blank&quot;&gt;TEEC\/JDC\/3\/2022 (SE FIJA FECHA Y HORA P\u00c1RA SESION PRIVADA)&lt;\/a&gt;\" ><a href=\"https:\/\/teec.org.mx\/web\/wp-content\/uploads\/2022\/08\/TEEC-JDC-3-2022-2do-acu.-22-08-2022.pdf\" target=\"_blank\">TEEC\/JDC\/3\/2022 (SE FIJA FECHA Y HORA P\u00c1RA SESION PRIVADA)<\/a><\/td><\/tr><tr style=\"height:px\" ><td data-cell-id=\"A75\" data-x=\"0\" data-y=\"75\" data-db-index=\"75\" class=\"fsize-18\" data-cell-type=\"text\" data-original-value=\"22 DE AGOSTO DE 2022, A LAS 10:00 HORAS\" data-order=\"22 DE AGOSTO DE 2022, A LAS 10:00 HORAS\" >22 DE AGOSTO DE 2022, A LAS 10:00 HORAS <\/td><td data-cell-id=\"B75\" data-x=\"1\" data-y=\"75\" data-db-index=\"75\" class=\"fsize-18\" data-cell-type=\"text\" data-original-value=\"LIRIO GUADALUPE SU\u00c1REZ AM\u00c9NDOLA, LIRIO GUADALUPE SU\u00c1REZ AM\u00c9NDOLA, QUIEN SE OSTENTA COMO CONSEJERA PRESIENTA DEL INSTITUTO ELECTORAL DEL ESTADO DE CAMPECHE\" data-order=\"LIRIO GUADALUPE SU\u00c1REZ AM\u00c9NDOLA, LIRIO GUADALUPE SU\u00c1REZ AM\u00c9NDOLA, QUIEN SE OSTENTA COMO CONSEJERA PRESIENTA DEL INSTITUTO ELECTORAL DEL ESTADO DE CAMPECHE\" >LIRIO GUADALUPE SU\u00c1REZ AM\u00c9NDOLA, LIRIO GUADALUPE SU\u00c1REZ AM\u00c9NDOLA, QUIEN SE OSTENTA COMO CONSEJERA PRESIENTA DEL INSTITUTO ELECTORAL DEL ESTADO DE CAMPECHE <\/td><td data-cell-id=\"C75\" data-x=\"2\" data-y=\"75\" data-db-index=\"75\" class=\"fsize-18\" data-cell-type=\"text\" data-original-value=\"CONSEJERAS Y CONSEJEROS ELECTORALES DEL INSTITUTO ELECTORAL DEL ESTADO DE CAMPECHE\" data-order=\"CONSEJERAS Y CONSEJEROS ELECTORALES DEL INSTITUTO ELECTORAL DEL ESTADO DE CAMPECHE\" >CONSEJERAS Y CONSEJEROS ELECTORALES DEL INSTITUTO ELECTORAL DEL ESTADO DE CAMPECHE <\/td><td data-cell-id=\"D75\" data-x=\"3\" data-y=\"75\" data-db-index=\"75\" class=\"fsize-18\" data-cell-type=\"text\" data-original-value=\"&lt;a href=&quot;https:\/\/teec.org.mx\/web\/wp-content\/uploads\/2022\/08\/TEEC-JDC-3-2022-22-08-2022.pdf&quot; target=&quot;_blank&quot;&gt;TEEC\/JDC\/3\/2022 (ACUERDO DE RECEPCION Y SOLICITUD DE FECHA Y HORA P\u00c1RA SESION PRIVADA)&lt;\/a&gt;\" data-order=\"&lt;a href=&quot;https:\/\/teec.org.mx\/web\/wp-content\/uploads\/2022\/08\/TEEC-JDC-3-2022-22-08-2022.pdf&quot; target=&quot;_blank&quot;&gt;TEEC\/JDC\/3\/2022 (ACUERDO DE RECEPCION Y SOLICITUD DE FECHA Y HORA P\u00c1RA SESION PRIVADA)&lt;\/a&gt;\" ><a href=\"https:\/\/teec.org.mx\/web\/wp-content\/uploads\/2022\/08\/TEEC-JDC-3-2022-22-08-2022.pdf\" target=\"_blank\">TEEC\/JDC\/3\/2022 (ACUERDO DE RECEPCION Y SOLICITUD DE FECHA Y HORA P\u00c1RA SESION PRIVADA)<\/a><\/td><\/tr><tr style=\"height:px\" ><td data-cell-id=\"A76\" data-x=\"0\" data-y=\"76\" data-db-index=\"76\" class=\"fsize-18\" data-cell-type=\"text\" data-original-value=\"19 DE AGOSTO DE 2022, A LAS 14:00 HORAS\" data-order=\"19 DE AGOSTO DE 2022, A LAS 14:00 HORAS\" >19 DE AGOSTO DE 2022, A LAS 14:00 HORAS <\/td><td data-cell-id=\"B76\" data-x=\"1\" data-y=\"76\" data-db-index=\"76\" class=\"fsize-18\" data-cell-type=\"text\" data-original-value=\"JUAN CARLOS MENA ZAPATA, F\u00c1TIMA GISSELLE MEUNIER ROSAS, ABNER RONCES MEX, CLARA CONCEPCI\u00d3N CASTRO GOMEZ, DANNY ALBERTO G\u00d3NGORA MOO Y NADINE ABIGAIL MOGUEL CEBALLOS, EN CALIDAD DE CONSEJERAS Y CONSEJEROS ELECTORALES DEL INSTITUTO ELECTORAL DEL ESTADO DE CAMPECHE\" data-order=\"JUAN CARLOS MENA ZAPATA, F\u00c1TIMA GISSELLE MEUNIER ROSAS, ABNER RONCES MEX, CLARA CONCEPCI\u00d3N CASTRO GOMEZ, DANNY ALBERTO G\u00d3NGORA MOO Y NADINE ABIGAIL MOGUEL CEBALLOS, EN CALIDAD DE CONSEJERAS Y CONSEJEROS ELECTORALES DEL INSTITUTO ELECTORAL DEL ESTADO DE CAMPECHE\" >JUAN CARLOS MENA ZAPATA, F\u00c1TIMA GISSELLE MEUNIER ROSAS, ABNER RONCES MEX, CLARA CONCEPCI\u00d3N CASTRO GOMEZ, DANNY ALBERTO G\u00d3NGORA MOO Y NADINE ABIGAIL MOGUEL CEBALLOS, EN CALIDAD DE CONSEJERAS Y CONSEJEROS ELECTORALES DEL INSTITUTO ELECTORAL DEL ESTADO DE CAMPECHE <\/td><td data-cell-id=\"C76\" data-x=\"2\" data-y=\"76\" data-db-index=\"76\" class=\"fsize-18\" data-cell-type=\"text\" data-original-value=\"LIRIO GUADALUPE SUAREZ AM\u00c9NDOLA, EN SU CALIDAD DE PRESIDENTA DEL CONSEJO GENERAL DEL INSTITUTO ELECTORAL DEL ESTADO DE CAMPECHE\" data-order=\"LIRIO GUADALUPE SUAREZ AM\u00c9NDOLA, EN SU CALIDAD DE PRESIDENTA DEL CONSEJO GENERAL DEL INSTITUTO ELECTORAL DEL ESTADO DE CAMPECHE\" >LIRIO GUADALUPE SUAREZ AM\u00c9NDOLA, EN SU CALIDAD DE PRESIDENTA DEL CONSEJO GENERAL DEL INSTITUTO ELECTORAL DEL ESTADO DE CAMPECHE <\/td><td data-cell-id=\"D76\" data-x=\"3\" data-y=\"76\" data-db-index=\"76\" class=\"fsize-18\" data-cell-type=\"text\" data-original-value=\"&lt;a href=&quot;https:\/\/teec.org.mx\/web\/wp-content\/uploads\/2022\/08\/TEEC-JDC-4-2022-2do-acu.-19-08-2022.pdf&quot; target=&quot;_blank&quot;&gt;TEEC\/JDC\/4\/2022 (ACUERDO DE RECEPCI\u00d3N, RADICACI\u00d3N, ADMISI\u00d3N Y REQUERIMIENTO)&lt;\/a&gt;\" data-order=\"&lt;a href=&quot;https:\/\/teec.org.mx\/web\/wp-content\/uploads\/2022\/08\/TEEC-JDC-4-2022-2do-acu.-19-08-2022.pdf&quot; target=&quot;_blank&quot;&gt;TEEC\/JDC\/4\/2022 (ACUERDO DE RECEPCI\u00d3N, RADICACI\u00d3N, ADMISI\u00d3N Y REQUERIMIENTO)&lt;\/a&gt;\" ><a href=\"https:\/\/teec.org.mx\/web\/wp-content\/uploads\/2022\/08\/TEEC-JDC-4-2022-2do-acu.-19-08-2022.pdf\" target=\"_blank\">TEEC\/JDC\/4\/2022 (ACUERDO DE RECEPCI\u00d3N, RADICACI\u00d3N, ADMISI\u00d3N Y REQUERIMIENTO)<\/a><\/td><\/tr><tr style=\"height:px\" ><td data-cell-id=\"A77\" data-x=\"0\" data-y=\"77\" data-db-index=\"77\" class=\"fsize-18\" data-cell-type=\"text\" data-original-value=\"19 DE AGOSTO DE 2022, A LAS 13:30 HORAS\" data-order=\"19 DE AGOSTO DE 2022, A LAS 13:30 HORAS\" >19 DE AGOSTO DE 2022, A LAS 13:30 HORAS <\/td><td data-cell-id=\"B77\" data-x=\"1\" data-y=\"77\" data-db-index=\"77\" class=\"fsize-18\" data-cell-type=\"text\" data-original-value=\"JUAN CARLOS MENA ZAPATA, F\u00c1TIMA GISSELLE MEUNIER ROSAS, ABNER RONCES MEX, CLARA CONCEPCI\u00d3N CASTRO GOMEZ, DANNY ALBERTO G\u00d3NGORA MOO Y NADINE ABIGAIL MOGUEL CEBALLOS, EN CALIDAD DE CONSEJERAS Y CONSEJEROS ELECTORALES DEL INSTITUTO ELECTORAL DEL ESTADO DE CAMPECHE\" data-order=\"JUAN CARLOS MENA ZAPATA, F\u00c1TIMA GISSELLE MEUNIER ROSAS, ABNER RONCES MEX, CLARA CONCEPCI\u00d3N CASTRO GOMEZ, DANNY ALBERTO G\u00d3NGORA MOO Y NADINE ABIGAIL MOGUEL CEBALLOS, EN CALIDAD DE CONSEJERAS Y CONSEJEROS ELECTORALES DEL INSTITUTO ELECTORAL DEL ESTADO DE CAMPECHE\" >JUAN CARLOS MENA ZAPATA, F\u00c1TIMA GISSELLE MEUNIER ROSAS, ABNER RONCES MEX, CLARA CONCEPCI\u00d3N CASTRO GOMEZ, DANNY ALBERTO G\u00d3NGORA MOO Y NADINE ABIGAIL MOGUEL CEBALLOS, EN CALIDAD DE CONSEJERAS Y CONSEJEROS ELECTORALES DEL INSTITUTO ELECTORAL DEL ESTADO DE CAMPECHE <\/td><td data-cell-id=\"C77\" data-x=\"2\" data-y=\"77\" data-db-index=\"77\" class=\"fsize-18\" data-cell-type=\"text\" data-original-value=\"LIRIO GUADALUPE SUAREZ AM\u00c9NDOLA, EN SU CALIDAD DE PRESIDENTA DEL CONSEJO GENERAL DEL INSTITUTO ELECTORAL DEL ESTADO DE CAMPECHE\" data-order=\"LIRIO GUADALUPE SUAREZ AM\u00c9NDOLA, EN SU CALIDAD DE PRESIDENTA DEL CONSEJO GENERAL DEL INSTITUTO ELECTORAL DEL ESTADO DE CAMPECHE\" >LIRIO GUADALUPE SUAREZ AM\u00c9NDOLA, EN SU CALIDAD DE PRESIDENTA DEL CONSEJO GENERAL DEL INSTITUTO ELECTORAL DEL ESTADO DE CAMPECHE <\/td><td data-cell-id=\"D77\" data-x=\"3\" data-y=\"77\" data-db-index=\"77\" class=\"fsize-18\" data-cell-type=\"text\" data-original-value=\"&lt;a href=&quot;https:\/\/teec.org.mx\/web\/wp-content\/uploads\/2022\/08\/TEEC-JDC-4-2022-19-08-2022-1.pdf&quot; target=&quot;_blank&quot;&gt;TEEC\/JDC\/4\/2022 (ACUERDO DE TURNO)&lt;\/a&gt;\" data-order=\"&lt;a href=&quot;https:\/\/teec.org.mx\/web\/wp-content\/uploads\/2022\/08\/TEEC-JDC-4-2022-19-08-2022-1.pdf&quot; target=&quot;_blank&quot;&gt;TEEC\/JDC\/4\/2022 (ACUERDO DE TURNO)&lt;\/a&gt;\" ><a href=\"https:\/\/teec.org.mx\/web\/wp-content\/uploads\/2022\/08\/TEEC-JDC-4-2022-19-08-2022-1.pdf\" target=\"_blank\">TEEC\/JDC\/4\/2022 (ACUERDO DE TURNO)<\/a><\/td><\/tr><tr style=\"height:px\" ><td data-cell-id=\"A78\" data-x=\"0\" data-y=\"78\" data-db-index=\"78\" class=\"fsize-18\" data-cell-type=\"text\" data-original-value=\"19 DE AGOSTO DE 2022, A LAS 10:00 HORAS\" data-order=\"19 DE AGOSTO DE 2022, A LAS 10:00 HORAS\" >19 DE AGOSTO DE 2022, A LAS 10:00 HORAS <\/td><td data-cell-id=\"B78\" data-x=\"1\" data-y=\"78\" data-db-index=\"78\" class=\"fsize-18\" data-cell-type=\"text\" data-original-value=\"LIRIO GUADALUPE SU\u00c1REZ AM\u00c9NDOLA\" data-order=\"LIRIO GUADALUPE SU\u00c1REZ AM\u00c9NDOLA\" >LIRIO GUADALUPE SU\u00c1REZ AM\u00c9NDOLA <\/td><td data-cell-id=\"C78\" data-x=\"2\" data-y=\"78\" data-db-index=\"78\" class=\"fsize-18\" data-cell-type=\"text\" data-original-value=\"CONSEJERAS Y CONSEJEROS ELECTORALES DEL INSTITUTO ELECTORAL DEL ESTADO DE CAMPECHE\" data-order=\"CONSEJERAS Y CONSEJEROS ELECTORALES DEL INSTITUTO ELECTORAL DEL ESTADO DE CAMPECHE\" >CONSEJERAS Y CONSEJEROS ELECTORALES DEL INSTITUTO ELECTORAL DEL ESTADO DE CAMPECHE <\/td><td data-cell-id=\"D78\" data-x=\"3\" data-y=\"78\" data-db-index=\"78\" class=\"fsize-18\" data-cell-type=\"text\" data-original-value=\"&lt;a href=&quot;https:\/\/teec.org.mx\/web\/wp-content\/uploads\/2022\/08\/TEEC-JDC-3-2022-19-08-2022.pdf&quot; target=&quot;_blank&quot;&gt;TEEC\/JDC\/3\/2022 (ACUERDO DE TURNO)&lt;\/a&gt;\" data-order=\"&lt;a href=&quot;https:\/\/teec.org.mx\/web\/wp-content\/uploads\/2022\/08\/TEEC-JDC-3-2022-19-08-2022.pdf&quot; target=&quot;_blank&quot;&gt;TEEC\/JDC\/3\/2022 (ACUERDO DE TURNO)&lt;\/a&gt;\" ><a href=\"https:\/\/teec.org.mx\/web\/wp-content\/uploads\/2022\/08\/TEEC-JDC-3-2022-19-08-2022.pdf\" target=\"_blank\">TEEC\/JDC\/3\/2022 (ACUERDO DE TURNO)<\/a><\/td><\/tr><tr style=\"height:px\" ><td data-cell-id=\"A79\" data-x=\"0\" data-y=\"79\" data-db-index=\"79\" class=\"fsize-18\" data-cell-type=\"text\" data-original-value=\"27 DE ABRIL DE 2022, A LAS 14:25 HORAS\" data-order=\"27 DE ABRIL DE 2022, A LAS 14:25 HORAS\" >27 DE ABRIL DE 2022, A LAS 14:25 HORAS <\/td><td data-cell-id=\"B79\" data-x=\"1\" data-y=\"79\" data-db-index=\"79\" class=\"fsize-18\" data-cell-type=\"text\" data-original-value=\"LEOPOLDO ANDR\u00c9S HERN\u00c1NDEZ LEZAMA, EDUARDO JONATHAN VELA MAGA\u00d1A, MAR\u00cdA JES\u00daS MONTEJO \u00c1LVAREZ, SILVIA C\u00c1MARA LE\u00d3N, CARMEN CRUZ HERN\u00c1NDEZ MATEO, FRANCISCA Z\u00c1RATE L\u00d3PEZ, JULIO C\u00c9SAR PULIDO CONTRERAS Y JOS\u00c9 DANIEL HERN\u00c1NDEZ SOSA, QUIENES SE OSTENTAN COMO S\u00cdNDICO ADMINISTRATIVO Y REGIDORES DEL MUNICIPIO DE CARMEN, CAMPECHE, RESPECTIVAMENTE\" data-order=\"LEOPOLDO ANDR\u00c9S HERN\u00c1NDEZ LEZAMA, EDUARDO JONATHAN VELA MAGA\u00d1A, MAR\u00cdA JES\u00daS MONTEJO \u00c1LVAREZ, SILVIA C\u00c1MARA LE\u00d3N, CARMEN CRUZ HERN\u00c1NDEZ MATEO, FRANCISCA Z\u00c1RATE L\u00d3PEZ, JULIO C\u00c9SAR PULIDO CONTRERAS Y JOS\u00c9 DANIEL HERN\u00c1NDEZ SOSA, QUIENES SE OSTENTAN COMO S\u00cdNDICO ADMINISTRATIVO Y REGIDORES DEL MUNICIPIO DE CARMEN, CAMPECHE, RESPECTIVAMENTE\" >LEOPOLDO ANDR\u00c9S HERN\u00c1NDEZ LEZAMA, EDUARDO JONATHAN VELA MAGA\u00d1A, MAR\u00cdA JES\u00daS MONTEJO \u00c1LVAREZ, SILVIA C\u00c1MARA LE\u00d3N, CARMEN CRUZ HERN\u00c1NDEZ MATEO, FRANCISCA Z\u00c1RATE L\u00d3PEZ, JULIO C\u00c9SAR PULIDO CONTRERAS Y JOS\u00c9 DANIEL HERN\u00c1NDEZ SOSA, QUIENES SE OSTENTAN COMO S\u00cdNDICO ADMINISTRATIVO Y REGIDORES DEL MUNICIPIO DE CARMEN, CAMPECHE, RESPECTIVAMENTE <\/td><td data-cell-id=\"C79\" data-x=\"2\" data-y=\"79\" data-db-index=\"79\" class=\"fsize-18\" data-cell-type=\"text\" data-original-value=\"PRESIDENTE MUNICIPAL DE CARMEN, CAMPECHE PABLO GUTI\u00c9RREZ LAZARUS Y EL HONORABLE AYUNTAMIENTO DEL MUNICIPIO DE CARMEN, CAMPECHE\" data-order=\"PRESIDENTE MUNICIPAL DE CARMEN, CAMPECHE PABLO GUTI\u00c9RREZ LAZARUS Y EL HONORABLE AYUNTAMIENTO DEL MUNICIPIO DE CARMEN, CAMPECHE\" >PRESIDENTE MUNICIPAL DE CARMEN, CAMPECHE PABLO GUTI\u00c9RREZ LAZARUS Y EL HONORABLE AYUNTAMIENTO DEL MUNICIPIO DE CARMEN, CAMPECHE <\/td><td data-cell-id=\"D79\" data-x=\"3\" data-y=\"79\" data-db-index=\"79\" class=\"fsize-18\" data-cell-type=\"text\" data-original-value=\"&lt;a href=&quot;https:\/\/teec.org.mx\/web\/wp-content\/uploads\/2022\/04\/TEEC-JDC-2-2022-27-04-2022.pdf&quot; target=&quot;_blank&quot;&gt;TEEC\/JDC\/2\/2022 (ACUERDO DE SOLICITUD DE DOCUMENTACI\u00d3N)&lt;\/a&gt;\" data-order=\"&lt;a href=&quot;https:\/\/teec.org.mx\/web\/wp-content\/uploads\/2022\/04\/TEEC-JDC-2-2022-27-04-2022.pdf&quot; target=&quot;_blank&quot;&gt;TEEC\/JDC\/2\/2022 (ACUERDO DE SOLICITUD DE DOCUMENTACI\u00d3N)&lt;\/a&gt;\" ><a href=\"https:\/\/teec.org.mx\/web\/wp-content\/uploads\/2022\/04\/TEEC-JDC-2-2022-27-04-2022.pdf\" target=\"_blank\">TEEC\/JDC\/2\/2022 (ACUERDO DE SOLICITUD DE DOCUMENTACI\u00d3N)<\/a><\/td><\/tr><tr style=\"height:px\" ><td data-cell-id=\"A80\" data-x=\"0\" data-y=\"80\" data-db-index=\"80\" class=\"fsize-18\" data-cell-type=\"text\" data-original-value=\"31 DE MARZO DE 2022, A LAS 12:00 HORAS\" data-order=\"31 DE MARZO DE 2022, A LAS 12:00 HORAS\" >31 DE MARZO DE 2022, A LAS 12:00 HORAS <\/td><td data-cell-id=\"B80\" data-x=\"1\" data-y=\"80\" data-db-index=\"80\" class=\"fsize-18\" data-cell-type=\"text\" data-original-value=\"AYUNTAMIENTO DE CARMEN, CAMPECHE\" data-order=\"AYUNTAMIENTO DE CARMEN, CAMPECHE\" >AYUNTAMIENTO DE CARMEN, CAMPECHE <\/td><td data-cell-id=\"C80\" data-x=\"2\" data-y=\"80\" data-db-index=\"80\" class=\"fsize-18\" data-cell-type=\"text\" data-original-value=\"TRIBUNAL ELECTORAL DEL ESTADO DE CAMPECHE\" data-order=\"TRIBUNAL ELECTORAL DEL ESTADO DE CAMPECHE\" >TRIBUNAL ELECTORAL DEL ESTADO DE CAMPECHE <\/td><td data-cell-id=\"D80\" data-x=\"3\" data-y=\"80\" data-db-index=\"80\" class=\"fsize-18\" data-cell-type=\"text\" data-original-value=\"&lt;a href=&quot;https:\/\/teec.org.mx\/web\/wp-content\/uploads\/2022\/03\/TEEC-JDC-2-2022-31-03-2022.pdf&quot; target=&quot;_blank&quot;&gt;TEEC\/JDC\/2\/2022 (SE TIENE POR RECIBIDO EL EXPEDIENTE REMITIDO POR LA SALA XALAPA)&lt;\/a&gt;\" data-order=\"&lt;a href=&quot;https:\/\/teec.org.mx\/web\/wp-content\/uploads\/2022\/03\/TEEC-JDC-2-2022-31-03-2022.pdf&quot; target=&quot;_blank&quot;&gt;TEEC\/JDC\/2\/2022 (SE TIENE POR RECIBIDO EL EXPEDIENTE REMITIDO POR LA SALA XALAPA)&lt;\/a&gt;\" ><a href=\"https:\/\/teec.org.mx\/web\/wp-content\/uploads\/2022\/03\/TEEC-JDC-2-2022-31-03-2022.pdf\" target=\"_blank\">TEEC\/JDC\/2\/2022 (SE TIENE POR RECIBIDO EL EXPEDIENTE REMITIDO POR LA SALA XALAPA)<\/a><\/td><\/tr><tr style=\"height:px\" ><td data-cell-id=\"A81\" data-x=\"0\" data-y=\"81\" data-db-index=\"81\" class=\"fsize-18\" data-cell-type=\"text\" data-original-value=\"07 DE MARZO DE 2022, A LAS 13:50 HORAS\" data-order=\"07 DE MARZO DE 2022, A LAS 13:50 HORAS\" >07 DE MARZO DE 2022, A LAS 13:50 HORAS <\/td><td data-cell-id=\"B81\" data-x=\"1\" data-y=\"81\" data-db-index=\"81\" class=\"fsize-18\" data-cell-type=\"text\" data-original-value=\"AYUNTAMIENTO DE CARMEN, CAMPECHE\" data-order=\"AYUNTAMIENTO DE CARMEN, CAMPECHE\" >AYUNTAMIENTO DE CARMEN, CAMPECHE <\/td><td data-cell-id=\"C81\" data-x=\"2\" data-y=\"81\" data-db-index=\"81\" class=\"fsize-18\" data-cell-type=\"text\" data-original-value=\"TRIBUNAL ELECTORAL DEL ESTADO DE CAMPECHE\" data-order=\"TRIBUNAL ELECTORAL DEL ESTADO DE CAMPECHE\" >TRIBUNAL ELECTORAL DEL ESTADO DE CAMPECHE <\/td><td data-cell-id=\"D81\" data-x=\"3\" data-y=\"81\" data-db-index=\"81\" class=\"fsize-18\" data-cell-type=\"text\" data-original-value=\"&lt;a href=&quot;https:\/\/teec.org.mx\/web\/wp-content\/uploads\/2022\/03\/TEEC-JDC-2-2022-07-03-2022.pdf&quot; target=&quot;_blank&quot;&gt;TEEC\/JDC\/2\/2022 (SE DA POR NOTIFICADO ESTE \u00d3RGANO JURISDICCIONAL ELECTORAL LOCAL, DE LA SENTENCIA DICTADA POR LA SALA REGIONAL)&lt;\/a&gt;\" data-order=\"&lt;a href=&quot;https:\/\/teec.org.mx\/web\/wp-content\/uploads\/2022\/03\/TEEC-JDC-2-2022-07-03-2022.pdf&quot; target=&quot;_blank&quot;&gt;TEEC\/JDC\/2\/2022 (SE DA POR NOTIFICADO ESTE \u00d3RGANO JURISDICCIONAL ELECTORAL LOCAL, DE LA SENTENCIA DICTADA POR LA SALA REGIONAL)&lt;\/a&gt;\" ><a href=\"https:\/\/teec.org.mx\/web\/wp-content\/uploads\/2022\/03\/TEEC-JDC-2-2022-07-03-2022.pdf\" target=\"_blank\">TEEC\/JDC\/2\/2022 (SE DA POR NOTIFICADO ESTE \u00d3RGANO JURISDICCIONAL ELECTORAL LOCAL, DE LA SENTENCIA DICTADA POR LA SALA REGIONAL)<\/a><\/td><\/tr><tr style=\"height:px\" ><td data-cell-id=\"A82\" data-x=\"0\" data-y=\"82\" data-db-index=\"82\" class=\"fsize-18\" data-cell-type=\"text\" data-original-value=\"07 DE MARZO DE 2022, A LAS 11:42 HORAS\" data-order=\"07 DE MARZO DE 2022, A LAS 11:42 HORAS\" >07 DE MARZO DE 2022, A LAS 11:42 HORAS <\/td><td data-cell-id=\"B82\" data-x=\"1\" data-y=\"82\" data-db-index=\"82\" class=\"fsize-18\" data-cell-type=\"text\" data-original-value=\"EZEQUIEL MART\u00cdNEZ GARC\u00cdA Y ANA ISABEL S\u00c1NCHEZ CASTILLO, QUIENES SE OSTENTAN COMO PARTICIPANTES A LA COMISAR\u00cdA DE CHICBU, MUNICIPIO DEL CARMEN, CAMPECHE\" data-order=\"EZEQUIEL MART\u00cdNEZ GARC\u00cdA Y ANA ISABEL S\u00c1NCHEZ CASTILLO, QUIENES SE OSTENTAN COMO PARTICIPANTES A LA COMISAR\u00cdA DE CHICBU, MUNICIPIO DEL CARMEN, CAMPECHE\" >EZEQUIEL MART\u00cdNEZ GARC\u00cdA Y ANA ISABEL S\u00c1NCHEZ CASTILLO, QUIENES SE OSTENTAN COMO PARTICIPANTES A LA COMISAR\u00cdA DE CHICBU, MUNICIPIO DEL CARMEN, CAMPECHE <\/td><td data-cell-id=\"C82\" data-x=\"2\" data-y=\"82\" data-db-index=\"82\" class=\"fsize-18\" data-cell-type=\"text\" data-original-value=\"H. AYUNTAMIENTO DEL MUNICIPIO DE CARMEN, CAMPECHE, H. CABILDO AYUNTAMIENTO DEL MUNICIPIO DE CARMEN, CAMPECHE, Y PRESIDENTE MUNICIPAL DEL CARMEN, CAMPECHE\" data-order=\"H. AYUNTAMIENTO DEL MUNICIPIO DE CARMEN, CAMPECHE, H. CABILDO AYUNTAMIENTO DEL MUNICIPIO DE CARMEN, CAMPECHE, Y PRESIDENTE MUNICIPAL DEL CARMEN, CAMPECHE\" >H. AYUNTAMIENTO DEL MUNICIPIO DE CARMEN, CAMPECHE, H. CABILDO AYUNTAMIENTO DEL MUNICIPIO DE CARMEN, CAMPECHE, Y PRESIDENTE MUNICIPAL DEL CARMEN, CAMPECHE <\/td><td data-cell-id=\"D82\" data-x=\"3\" data-y=\"82\" data-db-index=\"82\" class=\"fsize-18\" data-cell-type=\"text\" data-original-value=\"&lt;a href=&quot;https:\/\/teec.org.mx\/web\/wp-content\/uploads\/2022\/03\/TEEC-JDC-28-2021-07-03-2022.pdf&quot; target=&quot;_blank&quot;&gt;TEEC\/JDC\/28\/2021 (SE DA CUMPLIMIENTO A LA SENTENCIA Y SE REMITE EL EXP. AL ARCHIVO)&lt;\/a&gt;\" data-order=\"&lt;a href=&quot;https:\/\/teec.org.mx\/web\/wp-content\/uploads\/2022\/03\/TEEC-JDC-28-2021-07-03-2022.pdf&quot; target=&quot;_blank&quot;&gt;TEEC\/JDC\/28\/2021 (SE DA CUMPLIMIENTO A LA SENTENCIA Y SE REMITE EL EXP. AL ARCHIVO)&lt;\/a&gt;\" ><a href=\"https:\/\/teec.org.mx\/web\/wp-content\/uploads\/2022\/03\/TEEC-JDC-28-2021-07-03-2022.pdf\" target=\"_blank\">TEEC\/JDC\/28\/2021 (SE DA CUMPLIMIENTO A LA SENTENCIA Y SE REMITE EL EXP. AL ARCHIVO)<\/a><\/td><\/tr><tr style=\"height:px\" ><td data-cell-id=\"A83\" data-x=\"0\" data-y=\"83\" data-db-index=\"83\" class=\"fsize-18\" data-cell-type=\"text\" data-original-value=\"04 DE MARZO DE 2022, A LAS 13:07 HORAS\" data-order=\"04 DE MARZO DE 2022, A LAS 13:07 HORAS\" >04 DE MARZO DE 2022, A LAS 13:07 HORAS <\/td><td data-cell-id=\"B83\" data-x=\"1\" data-y=\"83\" data-db-index=\"83\" class=\"fsize-18\" data-cell-type=\"text\" data-original-value=\"EZEQUIEL MART\u00cdNEZ GARC\u00cdA Y ANA ISABEL S\u00c1NCHEZ CASTILLO, QUIENES SE OSTENTAN COMO PARTICIPANTES A LA COMISAR\u00cdA DE CHICBU, MUNICIPIO DEL CARMEN, CAMPECHE\" data-order=\"EZEQUIEL MART\u00cdNEZ GARC\u00cdA Y ANA ISABEL S\u00c1NCHEZ CASTILLO, QUIENES SE OSTENTAN COMO PARTICIPANTES A LA COMISAR\u00cdA DE CHICBU, MUNICIPIO DEL CARMEN, CAMPECHE\" >EZEQUIEL MART\u00cdNEZ GARC\u00cdA Y ANA ISABEL S\u00c1NCHEZ CASTILLO, QUIENES SE OSTENTAN COMO PARTICIPANTES A LA COMISAR\u00cdA DE CHICBU, MUNICIPIO DEL CARMEN, CAMPECHE <\/td><td data-cell-id=\"C83\" data-x=\"2\" data-y=\"83\" data-db-index=\"83\" class=\"fsize-18\" data-cell-type=\"text\" data-original-value=\"H. AYUNTAMIENTO DEL MUNICIPIO DE CARMEN, CAMPECHE, H. CABILDO AYUNTAMIENTO DEL MUNICIPIO DE CARMEN, CAMPECHE, Y PRESIDENTE MUNICIPAL DEL CARMEN, CAMPECHE\" data-order=\"H. AYUNTAMIENTO DEL MUNICIPIO DE CARMEN, CAMPECHE, H. CABILDO AYUNTAMIENTO DEL MUNICIPIO DE CARMEN, CAMPECHE, Y PRESIDENTE MUNICIPAL DEL CARMEN, CAMPECHE\" >H. AYUNTAMIENTO DEL MUNICIPIO DE CARMEN, CAMPECHE, H. CABILDO AYUNTAMIENTO DEL MUNICIPIO DE CARMEN, CAMPECHE, Y PRESIDENTE MUNICIPAL DEL CARMEN, CAMPECHE <\/td><td data-cell-id=\"D83\" data-x=\"3\" data-y=\"83\" data-db-index=\"83\" class=\"fsize-18\" data-cell-type=\"text\" data-original-value=\"&lt;a href=&quot;https:\/\/teec.org.mx\/web\/wp-content\/uploads\/2022\/03\/TEEC-JDC-28-2021-04-03-2022.pdf&quot; target=&quot;_blank&quot;&gt;TEEC\/JDC\/28\/2021 (SE TURNA ESCRITO)&lt;\/a&gt;\" data-order=\"&lt;a href=&quot;https:\/\/teec.org.mx\/web\/wp-content\/uploads\/2022\/03\/TEEC-JDC-28-2021-04-03-2022.pdf&quot; target=&quot;_blank&quot;&gt;TEEC\/JDC\/28\/2021 (SE TURNA ESCRITO)&lt;\/a&gt;\" ><a href=\"https:\/\/teec.org.mx\/web\/wp-content\/uploads\/2022\/03\/TEEC-JDC-28-2021-04-03-2022.pdf\" target=\"_blank\">TEEC\/JDC\/28\/2021 (SE TURNA ESCRITO)<\/a><\/td><\/tr><tr style=\"height:px\" ><td data-cell-id=\"A84\" data-x=\"0\" data-y=\"84\" data-db-index=\"84\" class=\"fsize-18\" data-cell-type=\"text\" data-original-value=\"23 DE FEBRERO DE 2022, A LAS 11:19 HORAS\" data-order=\"23 DE FEBRERO DE 2022, A LAS 11:19 HORAS\" >23 DE FEBRERO DE 2022, A LAS 11:19 HORAS <\/td><td data-cell-id=\"B84\" data-x=\"1\" data-y=\"84\" data-db-index=\"84\" class=\"fsize-18\" data-cell-type=\"text\" data-original-value=\"JORGE MANUEL RODR\u00cdGUEZ SABIDO, QUIEN SE OSTENTA COMO APODERADO GENERAL PARA PLEITOS Y COBRANZAS DEL MUNICIPIO DE CARMEN, CAMPECHE\" data-order=\"JORGE MANUEL RODR\u00cdGUEZ SABIDO, QUIEN SE OSTENTA COMO APODERADO GENERAL PARA PLEITOS Y COBRANZAS DEL MUNICIPIO DE CARMEN, CAMPECHE\" >JORGE MANUEL RODR\u00cdGUEZ SABIDO, QUIEN SE OSTENTA COMO APODERADO GENERAL PARA PLEITOS Y COBRANZAS DEL MUNICIPIO DE CARMEN, CAMPECHE <\/td><td data-cell-id=\"C84\" data-x=\"2\" data-y=\"84\" data-db-index=\"84\" class=\"fsize-18\" data-cell-type=\"text\" data-original-value=\"TRIBUNAL ELECTORAL DEL ESTADO DE CAMPECHE\" data-order=\"TRIBUNAL ELECTORAL DEL ESTADO DE CAMPECHE\" >TRIBUNAL ELECTORAL DEL ESTADO DE CAMPECHE <\/td><td data-cell-id=\"D84\" data-x=\"3\" data-y=\"84\" data-db-index=\"84\" class=\"fsize-18\" data-cell-type=\"text\" data-original-value=\"&lt;a href=&quot;https:\/\/teec.org.mx\/web\/wp-content\/uploads\/2022\/02\/TEEC-JDC-2-2022-23-02-2022.pdf&quot; target=&quot;_blank&quot;&gt;TEEC\/JDC\/2\/2022 (SE REMITE A SALA XALAPA ESCRITO DE DESISTIMIENTO)&lt;\/a&gt;\" data-order=\"&lt;a href=&quot;https:\/\/teec.org.mx\/web\/wp-content\/uploads\/2022\/02\/TEEC-JDC-2-2022-23-02-2022.pdf&quot; target=&quot;_blank&quot;&gt;TEEC\/JDC\/2\/2022 (SE REMITE A SALA XALAPA ESCRITO DE DESISTIMIENTO)&lt;\/a&gt;\" ><a href=\"https:\/\/teec.org.mx\/web\/wp-content\/uploads\/2022\/02\/TEEC-JDC-2-2022-23-02-2022.pdf\" target=\"_blank\">TEEC\/JDC\/2\/2022 (SE REMITE A SALA XALAPA ESCRITO DE DESISTIMIENTO)<\/a><\/td><\/tr><tr style=\"height:px\" ><td data-cell-id=\"A85\" data-x=\"0\" data-y=\"85\" data-db-index=\"85\" class=\"fsize-18\" data-cell-type=\"text\" data-original-value=\"22 DE FEBRERO DE 2022, A LAS 13:30 HORAS\" data-order=\"22 DE FEBRERO DE 2022, A LAS 13:30 HORAS\" >22 DE FEBRERO DE 2022, A LAS 13:30 HORAS <\/td><td data-cell-id=\"B85\" data-x=\"1\" data-y=\"85\" data-db-index=\"85\" class=\"fsize-18\" data-cell-type=\"text\" data-original-value=\"EZEQUIEL MART\u00cdNEZ GARC\u00cdA Y ANA ISABEL S\u00c1NCHEZ CASTILLO, QUIENES SE OSTENTAN COMO PARTICIPANTES A LA COMISAR\u00cdA DE CHICBU, MUNICIPIO DEL CARMEN, CAMPECHE\" data-order=\"EZEQUIEL MART\u00cdNEZ GARC\u00cdA Y ANA ISABEL S\u00c1NCHEZ CASTILLO, QUIENES SE OSTENTAN COMO PARTICIPANTES A LA COMISAR\u00cdA DE CHICBU, MUNICIPIO DEL CARMEN, CAMPECHE\" >EZEQUIEL MART\u00cdNEZ GARC\u00cdA Y ANA ISABEL S\u00c1NCHEZ CASTILLO, QUIENES SE OSTENTAN COMO PARTICIPANTES A LA COMISAR\u00cdA DE CHICBU, MUNICIPIO DEL CARMEN, CAMPECHE <\/td><td data-cell-id=\"C85\" data-x=\"2\" data-y=\"85\" data-db-index=\"85\" class=\"fsize-18\" data-cell-type=\"text\" data-original-value=\"H. AYUNTAMIENTO DEL MUNICIPIO DE CARMEN, CAMPECHE, H. CABILDO AYUNTAMIENTO DEL MUNICIPIO DE CARMEN, CAMPECHE, Y PRESIDENTE MUNICIPAL DEL CARMEN, CAMPECHE\" data-order=\"H. AYUNTAMIENTO DEL MUNICIPIO DE CARMEN, CAMPECHE, H. CABILDO AYUNTAMIENTO DEL MUNICIPIO DE CARMEN, CAMPECHE, Y PRESIDENTE MUNICIPAL DEL CARMEN, CAMPECHE\" >H. AYUNTAMIENTO DEL MUNICIPIO DE CARMEN, CAMPECHE, H. CABILDO AYUNTAMIENTO DEL MUNICIPIO DE CARMEN, CAMPECHE, Y PRESIDENTE MUNICIPAL DEL CARMEN, CAMPECHE <\/td><td data-cell-id=\"D85\" data-x=\"3\" data-y=\"85\" data-db-index=\"85\" class=\"fsize-18\" data-cell-type=\"text\" data-original-value=\"&lt;a href=&quot;https:\/\/teec.org.mx\/web\/wp-content\/uploads\/2022\/02\/TEEC-JDC-28-2021-22-02-2021.pdf&quot; target=&quot;_blank&quot;&gt;TEEC\/JDC\/28\/2021 (ACUERDO DE ACUMULACI\u00d3N)&lt;\/a&gt;\" data-order=\"&lt;a href=&quot;https:\/\/teec.org.mx\/web\/wp-content\/uploads\/2022\/02\/TEEC-JDC-28-2021-22-02-2021.pdf&quot; target=&quot;_blank&quot;&gt;TEEC\/JDC\/28\/2021 (ACUERDO DE ACUMULACI\u00d3N)&lt;\/a&gt;\" ><a href=\"https:\/\/teec.org.mx\/web\/wp-content\/uploads\/2022\/02\/TEEC-JDC-28-2021-22-02-2021.pdf\" target=\"_blank\">TEEC\/JDC\/28\/2021 (ACUERDO DE ACUMULACI\u00d3N)<\/a><\/td><\/tr><tr style=\"height:px\" ><td data-cell-id=\"A86\" data-x=\"0\" data-y=\"86\" data-db-index=\"86\" class=\"fsize-18\" data-cell-type=\"text\" data-original-value=\"21 DE FEBRERO DE 2022, A LAS 16:40 HORAS\" data-order=\"21 DE FEBRERO DE 2022, A LAS 16:40 HORAS\" >21 DE FEBRERO DE 2022, A LAS 16:40 HORAS <\/td><td data-cell-id=\"B86\" data-x=\"1\" data-y=\"86\" data-db-index=\"86\" class=\"fsize-18\" data-cell-type=\"text\" data-original-value=\"JORGE MANUEL RODR\u00cdGUEZ SABIDO, QUIEN SE OSTENTA COMO APODERADO GENERAL PARA PLEITOS Y COBRANZAS DEL MUNICIPIO DE CARMEN, CAMPECHE\" data-order=\"JORGE MANUEL RODR\u00cdGUEZ SABIDO, QUIEN SE OSTENTA COMO APODERADO GENERAL PARA PLEITOS Y COBRANZAS DEL MUNICIPIO DE CARMEN, CAMPECHE\" >JORGE MANUEL RODR\u00cdGUEZ SABIDO, QUIEN SE OSTENTA COMO APODERADO GENERAL PARA PLEITOS Y COBRANZAS DEL MUNICIPIO DE CARMEN, CAMPECHE <\/td><td data-cell-id=\"C86\" data-x=\"2\" data-y=\"86\" data-db-index=\"86\" class=\"fsize-18\" data-cell-type=\"text\" data-original-value=\"TRIBUNAL ELECTORAL DEL ESTADO DE CAMPECHE\" data-order=\"TRIBUNAL ELECTORAL DEL ESTADO DE CAMPECHE\" >TRIBUNAL ELECTORAL DEL ESTADO DE CAMPECHE <\/td><td data-cell-id=\"D86\" data-x=\"3\" data-y=\"86\" data-db-index=\"86\" class=\"fsize-18\" data-cell-type=\"text\" data-original-value=\"&lt;a href=&quot;https:\/\/teec.org.mx\/web\/wp-content\/uploads\/2022\/02\/TEEC-JDC-2-2022-2do-acu.-21-02-2022.pdf&quot; target=&quot;_blank&quot;&gt;TEEC\/JDC\/2\/2022 (SE INFORMA RETIRO DE CEDULA Y NO COMPARECENCIA DE TERCERO INTERESADO)&lt;\/a&gt;\" data-order=\"&lt;a href=&quot;https:\/\/teec.org.mx\/web\/wp-content\/uploads\/2022\/02\/TEEC-JDC-2-2022-2do-acu.-21-02-2022.pdf&quot; target=&quot;_blank&quot;&gt;TEEC\/JDC\/2\/2022 (SE INFORMA RETIRO DE CEDULA Y NO COMPARECENCIA DE TERCERO INTERESADO)&lt;\/a&gt;\" ><a href=\"https:\/\/teec.org.mx\/web\/wp-content\/uploads\/2022\/02\/TEEC-JDC-2-2022-2do-acu.-21-02-2022.pdf\" target=\"_blank\">TEEC\/JDC\/2\/2022 (SE INFORMA RETIRO DE CEDULA Y NO COMPARECENCIA DE TERCERO INTERESADO)<\/a><\/td><\/tr><tr style=\"height:px\" ><td data-cell-id=\"A87\" data-x=\"0\" data-y=\"87\" data-db-index=\"87\" class=\"fsize-18\" data-cell-type=\"text\" data-original-value=\"21 DE FEBRERO DE 2022, A LAS 15:00 HORAS\" data-order=\"21 DE FEBRERO DE 2022, A LAS 15:00 HORAS\" >21 DE FEBRERO DE 2022, A LAS 15:00 HORAS <\/td><td data-cell-id=\"B87\" data-x=\"1\" data-y=\"87\" data-db-index=\"87\" class=\"fsize-18\" data-cell-type=\"text\" data-original-value=\"LEOPOLDO ANDR\u00c9S HERN\u00c1NDEZ LEZAMA, EDUARDO JONATHAN VELA MAGA\u00d1A, MAR\u00cdA JES\u00daS MONTEJO \u00c1LVAREZ, SILVIA C\u00c1MARA LE\u00d3N, CARMEN CRUZ HERN\u00c1NDEZ MATEO, FRANCISCA Z\u00c1RATE L\u00d3PEZ, JULIO C\u00c9SAR PULIDO CONTRERAS Y JOS\u00c9 DANIEL HERN\u00c1NDEZ SOSA, QUIENES SE OSTENTAN COMO S\u00cdNDICO ADMINISTRATIVO Y REGIDORES DEL HONORABLE AYUNTAMIENTO DEL MUNICIPIO DE CARMEN, CAMPECHE, RESPECTIVAMENTE\" data-order=\"LEOPOLDO ANDR\u00c9S HERN\u00c1NDEZ LEZAMA, EDUARDO JONATHAN VELA MAGA\u00d1A, MAR\u00cdA JES\u00daS MONTEJO \u00c1LVAREZ, SILVIA C\u00c1MARA LE\u00d3N, CARMEN CRUZ HERN\u00c1NDEZ MATEO, FRANCISCA Z\u00c1RATE L\u00d3PEZ, JULIO C\u00c9SAR PULIDO CONTRERAS Y JOS\u00c9 DANIEL HERN\u00c1NDEZ SOSA, QUIENES SE OSTENTAN COMO S\u00cdNDICO ADMINISTRATIVO Y REGIDORES DEL HONORABLE AYUNTAMIENTO DEL MUNICIPIO DE CARMEN, CAMPECHE, RESPECTIVAMENTE\" >LEOPOLDO ANDR\u00c9S HERN\u00c1NDEZ LEZAMA, EDUARDO JONATHAN VELA MAGA\u00d1A, MAR\u00cdA JES\u00daS MONTEJO \u00c1LVAREZ, SILVIA C\u00c1MARA LE\u00d3N, CARMEN CRUZ HERN\u00c1NDEZ MATEO, FRANCISCA Z\u00c1RATE L\u00d3PEZ, JULIO C\u00c9SAR PULIDO CONTRERAS Y JOS\u00c9 DANIEL HERN\u00c1NDEZ SOSA, QUIENES SE OSTENTAN COMO S\u00cdNDICO ADMINISTRATIVO Y REGIDORES DEL HONORABLE AYUNTAMIENTO DEL MUNICIPIO DE CARMEN, CAMPECHE, RESPECTIVAMENTE <\/td><td data-cell-id=\"C87\" data-x=\"2\" data-y=\"87\" data-db-index=\"87\" class=\"fsize-18\" data-cell-type=\"text\" data-original-value=\"PRESIDENTE MUNICIPAL DE CARMEN, CAMPECHE, PABLO GUTI\u00c9RREZ LAZARUS Y EL HONORABLE AYUNTAMIENTO DEL MUNICIPIO DE CARMEN, CAMPECHE\" data-order=\"PRESIDENTE MUNICIPAL DE CARMEN, CAMPECHE, PABLO GUTI\u00c9RREZ LAZARUS Y EL HONORABLE AYUNTAMIENTO DEL MUNICIPIO DE CARMEN, CAMPECHE\" >PRESIDENTE MUNICIPAL DE CARMEN, CAMPECHE, PABLO GUTI\u00c9RREZ LAZARUS Y EL HONORABLE AYUNTAMIENTO DEL MUNICIPIO DE CARMEN, CAMPECHE <\/td><td data-cell-id=\"D87\" data-x=\"3\" data-y=\"87\" data-db-index=\"87\" class=\"fsize-18\" data-cell-type=\"text\" data-original-value=\"&lt;a href=&quot;https:\/\/teec.org.mx\/web\/wp-content\/uploads\/2022\/02\/TEEC-JDC-2-2022-2do-acu.-bis-21-02-2022.pdf&quot; target=&quot;_blank&quot;&gt;TEEC\/JDC\/2\/2022 (ACUERDO DE CUMPLIMIENTO DE SENTENCIA)&lt;\/a&gt;\" data-order=\"&lt;a href=&quot;https:\/\/teec.org.mx\/web\/wp-content\/uploads\/2022\/02\/TEEC-JDC-2-2022-2do-acu.-bis-21-02-2022.pdf&quot; target=&quot;_blank&quot;&gt;TEEC\/JDC\/2\/2022 (ACUERDO DE CUMPLIMIENTO DE SENTENCIA)&lt;\/a&gt;\" ><a href=\"https:\/\/teec.org.mx\/web\/wp-content\/uploads\/2022\/02\/TEEC-JDC-2-2022-2do-acu.-bis-21-02-2022.pdf\" target=\"_blank\">TEEC\/JDC\/2\/2022 (ACUERDO DE CUMPLIMIENTO DE SENTENCIA)<\/a><\/td><\/tr><tr style=\"height:px\" ><td data-cell-id=\"A88\" data-x=\"0\" data-y=\"88\" data-db-index=\"88\" class=\"fsize-18\" data-cell-type=\"text\" data-original-value=\"21 DE FEBRERO DE 2022, A LAS 12:41 HORAS\" data-order=\"21 DE FEBRERO DE 2022, A LAS 12:41 HORAS\" >21 DE FEBRERO DE 2022, A LAS 12:41 HORAS <\/td><td data-cell-id=\"B88\" data-x=\"1\" data-y=\"88\" data-db-index=\"88\" class=\"fsize-18\" data-cell-type=\"text\" data-original-value=\"EZEQUIEL MART\u00cdNEZ GARC\u00cdA Y ANA ISABEL S\u00c1NCHEZ CASTILLO, QUIENES SE OSTENTAN COMO PARTICIPANTES A LA COMISAR\u00cdA DE CHICBU, MUNICIPIO DEL CARMEN, CAMPECHE\" data-order=\"EZEQUIEL MART\u00cdNEZ GARC\u00cdA Y ANA ISABEL S\u00c1NCHEZ CASTILLO, QUIENES SE OSTENTAN COMO PARTICIPANTES A LA COMISAR\u00cdA DE CHICBU, MUNICIPIO DEL CARMEN, CAMPECHE\" >EZEQUIEL MART\u00cdNEZ GARC\u00cdA Y ANA ISABEL S\u00c1NCHEZ CASTILLO, QUIENES SE OSTENTAN COMO PARTICIPANTES A LA COMISAR\u00cdA DE CHICBU, MUNICIPIO DEL CARMEN, CAMPECHE <\/td><td data-cell-id=\"C88\" data-x=\"2\" data-y=\"88\" data-db-index=\"88\" class=\"fsize-18\" data-cell-type=\"text\" data-original-value=\"H. AYUNTAMIENTO DEL MUNICIPIO DE CARMEN, CAMPECHE, H. CABILDO AYUNTAMIENTO DEL MUNICIPIO DE CARMEN, CAMPECHE, Y PRESIDENTE MUNICIPAL DEL CARMEN, CAMPECHE\" data-order=\"H. AYUNTAMIENTO DEL MUNICIPIO DE CARMEN, CAMPECHE, H. CABILDO AYUNTAMIENTO DEL MUNICIPIO DE CARMEN, CAMPECHE, Y PRESIDENTE MUNICIPAL DEL CARMEN, CAMPECHE\" >H. AYUNTAMIENTO DEL MUNICIPIO DE CARMEN, CAMPECHE, H. CABILDO AYUNTAMIENTO DEL MUNICIPIO DE CARMEN, CAMPECHE, Y PRESIDENTE MUNICIPAL DEL CARMEN, CAMPECHE <\/td><td data-cell-id=\"D88\" data-x=\"3\" data-y=\"88\" data-db-index=\"88\" class=\"fsize-18\" data-cell-type=\"text\" data-original-value=\"&lt;a href=&quot;https:\/\/teec.org.mx\/web\/wp-content\/uploads\/2022\/02\/TEEC-JDC-28-2021-21-02-2022.pdf&quot; target=&quot;_blank&quot;&gt;TEEC\/JDC\/28\/2021 (SE TURNA OFICIO)&lt;\/a&gt;\" data-order=\"&lt;a href=&quot;https:\/\/teec.org.mx\/web\/wp-content\/uploads\/2022\/02\/TEEC-JDC-28-2021-21-02-2022.pdf&quot; target=&quot;_blank&quot;&gt;TEEC\/JDC\/28\/2021 (SE TURNA OFICIO)&lt;\/a&gt;\" ><a href=\"https:\/\/teec.org.mx\/web\/wp-content\/uploads\/2022\/02\/TEEC-JDC-28-2021-21-02-2022.pdf\" target=\"_blank\">TEEC\/JDC\/28\/2021 (SE TURNA OFICIO)<\/a><\/td><\/tr><tr style=\"height:px\" ><td data-cell-id=\"A89\" data-x=\"0\" data-y=\"89\" data-db-index=\"89\" class=\"fsize-18\" data-cell-type=\"text\" data-original-value=\"21 DE FEBRERO DE 2022, A LAS 11:10 HORAS\" data-order=\"21 DE FEBRERO DE 2022, A LAS 11:10 HORAS\" >21 DE FEBRERO DE 2022, A LAS 11:10 HORAS <\/td><td data-cell-id=\"B89\" data-x=\"1\" data-y=\"89\" data-db-index=\"89\" class=\"fsize-18\" data-cell-type=\"text\" data-original-value=\"LEOPOLDO ANDR\u00c9S HERN\u00c1NDEZ LEZAMA, EDUARDO JONATHAN VELA MAGA\u00d1A, MAR\u00cdA JES\u00daS MONTEJO \u00c1LVAREZ, SILVIA C\u00c1MARA LE\u00d3N, CARMEN CRUZ HERN\u00c1NDEZ MATEO, FRANCISCA Z\u00c1RATE L\u00d3PEZ, JULIO C\u00c9SAR PULIDO CONTRERAS Y JOS\u00c9 DANIEL HERN\u00c1NDEZ SOSA, QUIENES SE OSTENTAN COMO S\u00cdNDICO ADMINISTRATIVO Y REGIDORES DEL HONORABLE AYUNTAMIENTO DEL MUNICIPIO DE CARMEN, CAMPECHE, RESPECTIVAMENTE\" data-order=\"LEOPOLDO ANDR\u00c9S HERN\u00c1NDEZ LEZAMA, EDUARDO JONATHAN VELA MAGA\u00d1A, MAR\u00cdA JES\u00daS MONTEJO \u00c1LVAREZ, SILVIA C\u00c1MARA LE\u00d3N, CARMEN CRUZ HERN\u00c1NDEZ MATEO, FRANCISCA Z\u00c1RATE L\u00d3PEZ, JULIO C\u00c9SAR PULIDO CONTRERAS Y JOS\u00c9 DANIEL HERN\u00c1NDEZ SOSA, QUIENES SE OSTENTAN COMO S\u00cdNDICO ADMINISTRATIVO Y REGIDORES DEL HONORABLE AYUNTAMIENTO DEL MUNICIPIO DE CARMEN, CAMPECHE, RESPECTIVAMENTE\" >LEOPOLDO ANDR\u00c9S HERN\u00c1NDEZ LEZAMA, EDUARDO JONATHAN VELA MAGA\u00d1A, MAR\u00cdA JES\u00daS MONTEJO \u00c1LVAREZ, SILVIA C\u00c1MARA LE\u00d3N, CARMEN CRUZ HERN\u00c1NDEZ MATEO, FRANCISCA Z\u00c1RATE L\u00d3PEZ, JULIO C\u00c9SAR PULIDO CONTRERAS Y JOS\u00c9 DANIEL HERN\u00c1NDEZ SOSA, QUIENES SE OSTENTAN COMO S\u00cdNDICO ADMINISTRATIVO Y REGIDORES DEL HONORABLE AYUNTAMIENTO DEL MUNICIPIO DE CARMEN, CAMPECHE, RESPECTIVAMENTE <\/td><td data-cell-id=\"C89\" data-x=\"2\" data-y=\"89\" data-db-index=\"89\" class=\"fsize-18\" data-cell-type=\"text\" data-original-value=\"PRESIDENTE MUNICIPAL DE CARMEN, CAMPECHE, PABLO GUTI\u00c9RREZ LAZARUS Y EL HONORABLE AYUNTAMIENTO DEL MUNICIPIO DE CARMEN, CAMPECHE\" data-order=\"PRESIDENTE MUNICIPAL DE CARMEN, CAMPECHE, PABLO GUTI\u00c9RREZ LAZARUS Y EL HONORABLE AYUNTAMIENTO DEL MUNICIPIO DE CARMEN, CAMPECHE\" >PRESIDENTE MUNICIPAL DE CARMEN, CAMPECHE, PABLO GUTI\u00c9RREZ LAZARUS Y EL HONORABLE AYUNTAMIENTO DEL MUNICIPIO DE CARMEN, CAMPECHE <\/td><td data-cell-id=\"D89\" data-x=\"3\" data-y=\"89\" data-db-index=\"89\" class=\"fsize-18\" data-cell-type=\"text\" data-original-value=\"&lt;a href=&quot;https:\/\/teec.org.mx\/web\/wp-content\/uploads\/2022\/02\/TEEC-JDC-2-2022-21-02-2022.pdf&quot; target=&quot;_blank&quot;&gt;TEEC\/JDC\/2\/2022 (QUEDESE EL ESCRITO Y ANEXOS DE CUMPLIMIENTO DE SENTENCIA EN LA PONENCIA DE LA MAGISTRADA PRESIDENTA E INSTRUCTORA)&lt;\/a&gt;\" data-order=\"&lt;a href=&quot;https:\/\/teec.org.mx\/web\/wp-content\/uploads\/2022\/02\/TEEC-JDC-2-2022-21-02-2022.pdf&quot; target=&quot;_blank&quot;&gt;TEEC\/JDC\/2\/2022 (QUEDESE EL ESCRITO Y ANEXOS DE CUMPLIMIENTO DE SENTENCIA EN LA PONENCIA DE LA MAGISTRADA PRESIDENTA E INSTRUCTORA)&lt;\/a&gt;\" ><a href=\"https:\/\/teec.org.mx\/web\/wp-content\/uploads\/2022\/02\/TEEC-JDC-2-2022-21-02-2022.pdf\" target=\"_blank\">TEEC\/JDC\/2\/2022 (QUEDESE EL ESCRITO Y ANEXOS DE CUMPLIMIENTO DE SENTENCIA EN LA PONENCIA DE LA MAGISTRADA PRESIDENTA E INSTRUCTORA)<\/a><\/td><\/tr><tr style=\"height:px\" ><td data-cell-id=\"A90\" data-x=\"0\" data-y=\"90\" data-db-index=\"90\" class=\"fsize-18\" data-cell-type=\"text\" data-original-value=\"17 DE FEBRERO DE 2022, A LAS 11:04 HORAS\" data-order=\"17 DE FEBRERO DE 2022, A LAS 11:04 HORAS\" >17 DE FEBRERO DE 2022, A LAS 11:04 HORAS <\/td><td data-cell-id=\"B90\" data-x=\"1\" data-y=\"90\" data-db-index=\"90\" class=\"fsize-18\" data-cell-type=\"text\" data-original-value=\"EZEQUIEL MART\u00cdNEZ GARC\u00cdA Y ANA ISABEL S\u00c1NCHEZ CASTILLO, QUIENES SE OSTENTAN COMO PARTICIPANTES A LA COMISAR\u00cdA DE CHICBU, MUNICIPIO DEL CARMEN, CAMPECHE\" data-order=\"EZEQUIEL MART\u00cdNEZ GARC\u00cdA Y ANA ISABEL S\u00c1NCHEZ CASTILLO, QUIENES SE OSTENTAN COMO PARTICIPANTES A LA COMISAR\u00cdA DE CHICBU, MUNICIPIO DEL CARMEN, CAMPECHE\" >EZEQUIEL MART\u00cdNEZ GARC\u00cdA Y ANA ISABEL S\u00c1NCHEZ CASTILLO, QUIENES SE OSTENTAN COMO PARTICIPANTES A LA COMISAR\u00cdA DE CHICBU, MUNICIPIO DEL CARMEN, CAMPECHE <\/td><td data-cell-id=\"C90\" data-x=\"2\" data-y=\"90\" data-db-index=\"90\" class=\"fsize-18\" data-cell-type=\"text\" data-original-value=\"H. AYUNTAMIENTO DEL MUNICIPIO DE CARMEN, CAMPECHE, H. CABILDO AYUNTAMIENTO DEL MUNICIPIO DE CARMEN, CAMPECHE, Y PRESIDENTE MUNICIPAL DEL CARMEN, CAMPECHE\" data-order=\"H. AYUNTAMIENTO DEL MUNICIPIO DE CARMEN, CAMPECHE, H. CABILDO AYUNTAMIENTO DEL MUNICIPIO DE CARMEN, CAMPECHE, Y PRESIDENTE MUNICIPAL DEL CARMEN, CAMPECHE\" >H. AYUNTAMIENTO DEL MUNICIPIO DE CARMEN, CAMPECHE, H. CABILDO AYUNTAMIENTO DEL MUNICIPIO DE CARMEN, CAMPECHE, Y PRESIDENTE MUNICIPAL DEL CARMEN, CAMPECHE <\/td><td data-cell-id=\"D90\" data-x=\"3\" data-y=\"90\" data-db-index=\"90\" class=\"fsize-18\" data-cell-type=\"text\" data-original-value=\"&lt;a href=&quot;https:\/\/teec.org.mx\/web\/wp-content\/uploads\/2022\/02\/TEEC-JDC-28-2021-17-02-2022.pdf&quot; target=&quot;_blank&quot;&gt;TEEC\/JDC\/28\/2021 (ACUERDO DE REQUERIMIENTO)&lt;\/a&gt;\" data-order=\"&lt;a href=&quot;https:\/\/teec.org.mx\/web\/wp-content\/uploads\/2022\/02\/TEEC-JDC-28-2021-17-02-2022.pdf&quot; target=&quot;_blank&quot;&gt;TEEC\/JDC\/28\/2021 (ACUERDO DE REQUERIMIENTO)&lt;\/a&gt;\" ><a href=\"https:\/\/teec.org.mx\/web\/wp-content\/uploads\/2022\/02\/TEEC-JDC-28-2021-17-02-2022.pdf\" target=\"_blank\">TEEC\/JDC\/28\/2021 (ACUERDO DE REQUERIMIENTO)<\/a><\/td><\/tr><tr style=\"height:px\" ><td data-cell-id=\"A91\" data-x=\"0\" data-y=\"91\" data-db-index=\"91\" class=\"fsize-18\" data-cell-type=\"text\" data-original-value=\"16 DE FEBRERO DE 2022, A LAS 16:10 HORAS\" data-order=\"16 DE FEBRERO DE 2022, A LAS 16:10 HORAS\" >16 DE FEBRERO DE 2022, A LAS 16:10 HORAS <\/td><td data-cell-id=\"B91\" data-x=\"1\" data-y=\"91\" data-db-index=\"91\" class=\"fsize-18\" data-cell-type=\"text\" data-original-value=\"JORGE MANUEL RODR\u00cdGUEZ SABIDO, QUIEN SE OSTENTA COMO APODERADO GENERAL PARA PLEITOS Y COBRANZAS DEL MUNICIPIO DE CARMEN, CAMPECHE\" data-order=\"JORGE MANUEL RODR\u00cdGUEZ SABIDO, QUIEN SE OSTENTA COMO APODERADO GENERAL PARA PLEITOS Y COBRANZAS DEL MUNICIPIO DE CARMEN, CAMPECHE\" >JORGE MANUEL RODR\u00cdGUEZ SABIDO, QUIEN SE OSTENTA COMO APODERADO GENERAL PARA PLEITOS Y COBRANZAS DEL MUNICIPIO DE CARMEN, CAMPECHE <\/td><td data-cell-id=\"C91\" data-x=\"2\" data-y=\"91\" data-db-index=\"91\" class=\"fsize-18\" data-cell-type=\"text\" data-original-value=\"TRIBUNAL ELECTORAL DEL ESTADO DE CAMPECHE\" data-order=\"TRIBUNAL ELECTORAL DEL ESTADO DE CAMPECHE\" >TRIBUNAL ELECTORAL DEL ESTADO DE CAMPECHE <\/td><td data-cell-id=\"D91\" data-x=\"3\" data-y=\"91\" data-db-index=\"91\" class=\"fsize-18\" data-cell-type=\"text\" data-original-value=\"&lt;a href=&quot;https:\/\/teec.org.mx\/web\/wp-content\/uploads\/2022\/02\/TEEC-JDC-2-2022-16-02-2022.pdf&quot; target=&quot;_blank&quot;&gt;TEEC\/JDC\/2\/2022 (TRAMITE DE MEDIO DE IMPUGNACI\u00d3N FEDERAL)&lt;\/a&gt;\" data-order=\"&lt;a href=&quot;https:\/\/teec.org.mx\/web\/wp-content\/uploads\/2022\/02\/TEEC-JDC-2-2022-16-02-2022.pdf&quot; target=&quot;_blank&quot;&gt;TEEC\/JDC\/2\/2022 (TRAMITE DE MEDIO DE IMPUGNACI\u00d3N FEDERAL)&lt;\/a&gt;\" ><a href=\"https:\/\/teec.org.mx\/web\/wp-content\/uploads\/2022\/02\/TEEC-JDC-2-2022-16-02-2022.pdf\" target=\"_blank\">TEEC\/JDC\/2\/2022 (TRAMITE DE MEDIO DE IMPUGNACI\u00d3N FEDERAL)<\/a><\/td><\/tr><tr style=\"height:px\" ><td data-cell-id=\"A92\" data-x=\"0\" data-y=\"92\" data-db-index=\"92\" class=\"fsize-18\" data-cell-type=\"text\" data-original-value=\"16 DE FEBERERO DE 2022, A LAS 12:40 HORAS\" data-order=\"16 DE FEBERERO DE 2022, A LAS 12:40 HORAS\" >16 DE FEBERERO DE 2022, A LAS 12:40 HORAS <\/td><td data-cell-id=\"B92\" data-x=\"1\" data-y=\"92\" data-db-index=\"92\" class=\"fsize-18\" data-cell-type=\"text\" data-original-value=\"ALFONSO ALEJANDRO DUR\u00c1N REYES, S\u00cdNDICO DE ASUNTOS JUR\u00cdDICOS, EN REPRESENTACI\u00d3N DEL MUNICIPIO DE CAMPECHE\" data-order=\"ALFONSO ALEJANDRO DUR\u00c1N REYES, S\u00cdNDICO DE ASUNTOS JUR\u00cdDICOS, EN REPRESENTACI\u00d3N DEL MUNICIPIO DE CAMPECHE\" >ALFONSO ALEJANDRO DUR\u00c1N REYES, S\u00cdNDICO DE ASUNTOS JUR\u00cdDICOS, EN REPRESENTACI\u00d3N DEL MUNICIPIO DE CAMPECHE <\/td><td data-cell-id=\"C92\" data-x=\"2\" data-y=\"92\" data-db-index=\"92\" class=\"fsize-18\" data-cell-type=\"text\" data-original-value=\"TRIBUNAL ELECTORAL DEL ESTADO DE CAMPECHE\" data-order=\"TRIBUNAL ELECTORAL DEL ESTADO DE CAMPECHE\" >TRIBUNAL ELECTORAL DEL ESTADO DE CAMPECHE <\/td><td data-cell-id=\"D92\" data-x=\"3\" data-y=\"92\" data-db-index=\"92\" class=\"fsize-18\" data-cell-type=\"text\" data-original-value=\"&lt;a href=&quot;https:\/\/teec.org.mx\/web\/wp-content\/uploads\/2022\/02\/TEEC-JDC-19-2020-16-02-2022.pdf&quot; target=&quot;_blank&quot;&gt;TEEC\/JDC\/19\/2020 (SE TIENE POR RECIBIDO EL CUADERNO ACCESORIO REMITIDO POR LA SALA REGIONAL)&lt;\/a&gt;\" data-order=\"&lt;a href=&quot;https:\/\/teec.org.mx\/web\/wp-content\/uploads\/2022\/02\/TEEC-JDC-19-2020-16-02-2022.pdf&quot; target=&quot;_blank&quot;&gt;TEEC\/JDC\/19\/2020 (SE TIENE POR RECIBIDO EL CUADERNO ACCESORIO REMITIDO POR LA SALA REGIONAL)&lt;\/a&gt;\" ><a href=\"https:\/\/teec.org.mx\/web\/wp-content\/uploads\/2022\/02\/TEEC-JDC-19-2020-16-02-2022.pdf\" target=\"_blank\">TEEC\/JDC\/19\/2020 (SE TIENE POR RECIBIDO EL CUADERNO ACCESORIO REMITIDO POR LA SALA REGIONAL)<\/a><\/td><\/tr><tr style=\"height:px\" ><td data-cell-id=\"A93\" data-x=\"0\" data-y=\"93\" data-db-index=\"93\" class=\"fsize-18\" data-cell-type=\"text\" data-original-value=\"16 DE FEBRERO DE 2022, A LAS 12:19 HORAS\" data-order=\"16 DE FEBRERO DE 2022, A LAS 12:19 HORAS\" >16 DE FEBRERO DE 2022, A LAS 12:19 HORAS <\/td><td data-cell-id=\"B93\" data-x=\"1\" data-y=\"93\" data-db-index=\"93\" class=\"fsize-18\" data-cell-type=\"text\" data-original-value=\"CARLOS ENRIQUE UCAN YAM Y OTRAS\" data-order=\"CARLOS ENRIQUE UCAN YAM Y OTRAS\" >CARLOS ENRIQUE UCAN YAM Y OTRAS <\/td><td data-cell-id=\"C93\" data-x=\"2\" data-y=\"93\" data-db-index=\"93\" class=\"fsize-18\" data-cell-type=\"text\" data-original-value=\"TRIBUNAL ELECTORAL DEL ESTADO DE CAMPECHE\" data-order=\"TRIBUNAL ELECTORAL DEL ESTADO DE CAMPECHE\" >TRIBUNAL ELECTORAL DEL ESTADO DE CAMPECHE <\/td><td data-cell-id=\"D93\" data-x=\"3\" data-y=\"93\" data-db-index=\"93\" class=\"fsize-18\" data-cell-type=\"text\" data-original-value=\"&lt;a href=&quot;https:\/\/teec.org.mx\/web\/wp-content\/uploads\/2022\/02\/TEEC-JDC-15-2020-y-acum.-16-02-2022.pdf&quot; target=&quot;_blank&quot;&gt;TEEC\/JDC\/15\/2020 Y ACUMULADO (SE TIENE POR RECIBIDO EL CUADERNO ACCESORIO REMITIDO POR LA SALA REGIONAL)&lt;\/a&gt;\" data-order=\"&lt;a href=&quot;https:\/\/teec.org.mx\/web\/wp-content\/uploads\/2022\/02\/TEEC-JDC-15-2020-y-acum.-16-02-2022.pdf&quot; target=&quot;_blank&quot;&gt;TEEC\/JDC\/15\/2020 Y ACUMULADO (SE TIENE POR RECIBIDO EL CUADERNO ACCESORIO REMITIDO POR LA SALA REGIONAL)&lt;\/a&gt;\" ><a href=\"https:\/\/teec.org.mx\/web\/wp-content\/uploads\/2022\/02\/TEEC-JDC-15-2020-y-acum.-16-02-2022.pdf\" target=\"_blank\">TEEC\/JDC\/15\/2020 Y ACUMULADO (SE TIENE POR RECIBIDO EL CUADERNO ACCESORIO REMITIDO POR LA SALA REGIONAL)<\/a><\/td><\/tr><tr style=\"height:px\" ><td data-cell-id=\"A94\" data-x=\"0\" data-y=\"94\" data-db-index=\"94\" class=\"fsize-18\" data-cell-type=\"text\" data-original-value=\"15 DE FEBRERO DE 2022, A LAS 14:50 HORAS\" data-order=\"15 DE FEBRERO DE 2022, A LAS 14:50 HORAS\" >15 DE FEBRERO DE 2022, A LAS 14:50 HORAS <\/td><td data-cell-id=\"B94\" data-x=\"1\" data-y=\"94\" data-db-index=\"94\" class=\"fsize-18\" data-cell-type=\"text\" data-original-value=\"LEOPOLDO ANDR\u00c9S HERN\u00c1NDEZ LEZAMA, EDUARDO JONATHAN VELA MAGA\u00d1A, MAR\u00cdA JES\u00daS MONTEJO \u00c1LVAREZ, SILVIA C\u00c1MARA LE\u00d3N, CARMEN CRUZ HERN\u00c1NDEZ MATEO, FRANCISCA Z\u00c1RATE L\u00d3PEZ, JULIO C\u00c9SAR PULIDO CONTRERAS Y JOS\u00c9 DANIEL HERN\u00c1NDEZ SOSA, QUIENES SE OSTENTAN COMO S\u00cdNDICO ADMINISTRATIVO Y REGIDORES DEL HONORABLE AYUNTAMIENTO DEL MUNICIPIO DE CARMEN, CAMPECHE, RESPECTIVAMENTE\" data-order=\"LEOPOLDO ANDR\u00c9S HERN\u00c1NDEZ LEZAMA, EDUARDO JONATHAN VELA MAGA\u00d1A, MAR\u00cdA JES\u00daS MONTEJO \u00c1LVAREZ, SILVIA C\u00c1MARA LE\u00d3N, CARMEN CRUZ HERN\u00c1NDEZ MATEO, FRANCISCA Z\u00c1RATE L\u00d3PEZ, JULIO C\u00c9SAR PULIDO CONTRERAS Y JOS\u00c9 DANIEL HERN\u00c1NDEZ SOSA, QUIENES SE OSTENTAN COMO S\u00cdNDICO ADMINISTRATIVO Y REGIDORES DEL HONORABLE AYUNTAMIENTO DEL MUNICIPIO DE CARMEN, CAMPECHE, RESPECTIVAMENTE\" >LEOPOLDO ANDR\u00c9S HERN\u00c1NDEZ LEZAMA, EDUARDO JONATHAN VELA MAGA\u00d1A, MAR\u00cdA JES\u00daS MONTEJO \u00c1LVAREZ, SILVIA C\u00c1MARA LE\u00d3N, CARMEN CRUZ HERN\u00c1NDEZ MATEO, FRANCISCA Z\u00c1RATE L\u00d3PEZ, JULIO C\u00c9SAR PULIDO CONTRERAS Y JOS\u00c9 DANIEL HERN\u00c1NDEZ SOSA, QUIENES SE OSTENTAN COMO S\u00cdNDICO ADMINISTRATIVO Y REGIDORES DEL HONORABLE AYUNTAMIENTO DEL MUNICIPIO DE CARMEN, CAMPECHE, RESPECTIVAMENTE <\/td><td data-cell-id=\"C94\" data-x=\"2\" data-y=\"94\" data-db-index=\"94\" class=\"fsize-18\" data-cell-type=\"text\" data-original-value=\"PRESIDENTE MUNICIPAL DE CARMEN, CAMPECHE, PABLO GUTI\u00c9RREZ LAZARUS Y EL HONORABLE AYUNTAMIENTO DEL MUNICIPIO DE CARMEN, CAMPECHE\" data-order=\"PRESIDENTE MUNICIPAL DE CARMEN, CAMPECHE, PABLO GUTI\u00c9RREZ LAZARUS Y EL HONORABLE AYUNTAMIENTO DEL MUNICIPIO DE CARMEN, CAMPECHE\" >PRESIDENTE MUNICIPAL DE CARMEN, CAMPECHE, PABLO GUTI\u00c9RREZ LAZARUS Y EL HONORABLE AYUNTAMIENTO DEL MUNICIPIO DE CARMEN, CAMPECHE <\/td><td data-cell-id=\"D94\" data-x=\"3\" data-y=\"94\" data-db-index=\"94\" class=\"fsize-18\" data-cell-type=\"text\" data-original-value=\"&lt;a href=&quot;https:\/\/teec.org.mx\/web\/wp-content\/uploads\/2022\/02\/TEEC-JDC-2-2022-15-02-2022.pdf&quot; target=&quot;_blank&quot;&gt;TEEC\/JDC\/2\/2022 (ACUERDO DE ACUMULACI\u00d3N)&lt;\/a&gt;\" data-order=\"&lt;a href=&quot;https:\/\/teec.org.mx\/web\/wp-content\/uploads\/2022\/02\/TEEC-JDC-2-2022-15-02-2022.pdf&quot; target=&quot;_blank&quot;&gt;TEEC\/JDC\/2\/2022 (ACUERDO DE ACUMULACI\u00d3N)&lt;\/a&gt;\" ><a href=\"https:\/\/teec.org.mx\/web\/wp-content\/uploads\/2022\/02\/TEEC-JDC-2-2022-15-02-2022.pdf\" target=\"_blank\">TEEC\/JDC\/2\/2022 (ACUERDO DE ACUMULACI\u00d3N)<\/a><\/td><\/tr><tr style=\"height:px\" ><td data-cell-id=\"A95\" data-x=\"0\" data-y=\"95\" data-db-index=\"95\" class=\"fsize-18\" data-cell-type=\"text\" data-original-value=\"15 DE FEBRERO DE 2022, A LAS 14:30 HORAS\" data-order=\"15 DE FEBRERO DE 2022, A LAS 14:30 HORAS\" >15 DE FEBRERO DE 2022, A LAS 14:30 HORAS <\/td><td data-cell-id=\"B95\" data-x=\"1\" data-y=\"95\" data-db-index=\"95\" class=\"fsize-18\" data-cell-type=\"text\" data-original-value=\"MARIA NARCISA DZUL CAUICH\" data-order=\"MARIA NARCISA DZUL CAUICH\" >MARIA NARCISA DZUL CAUICH <\/td><td data-cell-id=\"C95\" data-x=\"2\" data-y=\"95\" data-db-index=\"95\" class=\"fsize-18\" data-cell-type=\"text\" data-original-value=\"JOS\u00c9 DOLORES BRITO PECH, PRESIDENTE MUNICIPAL DEL HONORABLE AYUNTAMIENTO DE HECELCHAK\u00c1N, CAMPECHE, Y CABILDO DEL H. AYUNTAMIENTO DEL MUNICIPIO DE HECELCHAK\u00c1N, CAMPECHE\" data-order=\"JOS\u00c9 DOLORES BRITO PECH, PRESIDENTE MUNICIPAL DEL HONORABLE AYUNTAMIENTO DE HECELCHAK\u00c1N, CAMPECHE, Y CABILDO DEL H. AYUNTAMIENTO DEL MUNICIPIO DE HECELCHAK\u00c1N, CAMPECHE\" >JOS\u00c9 DOLORES BRITO PECH, PRESIDENTE MUNICIPAL DEL HONORABLE AYUNTAMIENTO DE HECELCHAK\u00c1N, CAMPECHE, Y CABILDO DEL H. AYUNTAMIENTO DEL MUNICIPIO DE HECELCHAK\u00c1N, CAMPECHE <\/td><td data-cell-id=\"D95\" data-x=\"3\" data-y=\"95\" data-db-index=\"95\" class=\"fsize-18\" data-cell-type=\"text\" data-original-value=\"&lt;a href=&quot;https:\/\/teec.org.mx\/web\/wp-content\/uploads\/2022\/02\/TEEC-JDC-1-2022-15-02-2022.pdf&quot; target=&quot;_blank&quot;&gt;TEEC\/JDC\/1\/2022 (QUEDA FIRME LA SENTENCIA)&lt;\/a&gt;\" data-order=\"&lt;a href=&quot;https:\/\/teec.org.mx\/web\/wp-content\/uploads\/2022\/02\/TEEC-JDC-1-2022-15-02-2022.pdf&quot; target=&quot;_blank&quot;&gt;TEEC\/JDC\/1\/2022 (QUEDA FIRME LA SENTENCIA)&lt;\/a&gt;\" ><a href=\"https:\/\/teec.org.mx\/web\/wp-content\/uploads\/2022\/02\/TEEC-JDC-1-2022-15-02-2022.pdf\" target=\"_blank\">TEEC\/JDC\/1\/2022 (QUEDA FIRME LA SENTENCIA)<\/a><\/td><\/tr><tr style=\"height:px\" ><td data-cell-id=\"A96\" data-x=\"0\" data-y=\"96\" data-db-index=\"96\" class=\"fsize-18\" data-cell-type=\"text\" data-original-value=\"15 DE FEBRERO DE 2022, A LAS 9:50 HORAS\" data-order=\"15 DE FEBRERO DE 2022, A LAS 9:50 HORAS\" >15 DE FEBRERO DE 2022, A LAS 9:50 HORAS <\/td><td data-cell-id=\"B96\" data-x=\"1\" data-y=\"96\" data-db-index=\"96\" class=\"fsize-18\" data-cell-type=\"text\" data-original-value=\"EZEQUIEL MART\u00cdNEZ GARC\u00cdA Y ANA ISABEL S\u00c1NCHEZ CASTILLO, QUIENES SE OSTENTAN COMO PARTICIPANTES A LA COMISAR\u00cdA DE CHICBU, MUNICIPIO DEL CARMEN, CAMPECHE\" data-order=\"EZEQUIEL MART\u00cdNEZ GARC\u00cdA Y ANA ISABEL S\u00c1NCHEZ CASTILLO, QUIENES SE OSTENTAN COMO PARTICIPANTES A LA COMISAR\u00cdA DE CHICBU, MUNICIPIO DEL CARMEN, CAMPECHE\" >EZEQUIEL MART\u00cdNEZ GARC\u00cdA Y ANA ISABEL S\u00c1NCHEZ CASTILLO, QUIENES SE OSTENTAN COMO PARTICIPANTES A LA COMISAR\u00cdA DE CHICBU, MUNICIPIO DEL CARMEN, CAMPECHE <\/td><td data-cell-id=\"C96\" data-x=\"2\" data-y=\"96\" data-db-index=\"96\" class=\"fsize-18\" data-cell-type=\"text\" data-original-value=\"H. AYUNTAMIENTO DEL MUNICIPIO DE CARMEN, CAMPECHE, H. CABILDO AYUNTAMIENTO DEL MUNICIPIO DE CARMEN, CAMPECHE, Y PRESIDENTE MUNICIPAL DEL CARMEN, CAMPECHE\" data-order=\"H. AYUNTAMIENTO DEL MUNICIPIO DE CARMEN, CAMPECHE, H. CABILDO AYUNTAMIENTO DEL MUNICIPIO DE CARMEN, CAMPECHE, Y PRESIDENTE MUNICIPAL DEL CARMEN, CAMPECHE\" >H. AYUNTAMIENTO DEL MUNICIPIO DE CARMEN, CAMPECHE, H. CABILDO AYUNTAMIENTO DEL MUNICIPIO DE CARMEN, CAMPECHE, Y PRESIDENTE MUNICIPAL DEL CARMEN, CAMPECHE <\/td><td data-cell-id=\"D96\" data-x=\"3\" data-y=\"96\" data-db-index=\"96\" class=\"fsize-18\" data-cell-type=\"text\" data-original-value=\"&lt;a href=&quot;https:\/\/teec.org.mx\/web\/wp-content\/uploads\/2022\/02\/TEEC-JDC-28-2021-15-02-2022.pdf&quot; target=&quot;_blank&quot;&gt;TEEC\/JDC\/28\/2021 (SE TURNA ESCRITO)&lt;\/a&gt;\" data-order=\"&lt;a href=&quot;https:\/\/teec.org.mx\/web\/wp-content\/uploads\/2022\/02\/TEEC-JDC-28-2021-15-02-2022.pdf&quot; target=&quot;_blank&quot;&gt;TEEC\/JDC\/28\/2021 (SE TURNA ESCRITO)&lt;\/a&gt;\" ><a href=\"https:\/\/teec.org.mx\/web\/wp-content\/uploads\/2022\/02\/TEEC-JDC-28-2021-15-02-2022.pdf\" target=\"_blank\">TEEC\/JDC\/28\/2021 (SE TURNA ESCRITO)<\/a><\/td><\/tr><tr style=\"height:px\" ><td data-cell-id=\"A97\" data-x=\"0\" data-y=\"97\" data-db-index=\"97\" class=\"fsize-18\" data-cell-type=\"text\" data-original-value=\"11 DE FEBRERO DE 2022, A LAS 12:00 HORAS\" data-order=\"11 DE FEBRERO DE 2022, A LAS 12:00 HORAS\" >11 DE FEBRERO DE 2022, A LAS 12:00 HORAS <\/td><td data-cell-id=\"B97\" data-x=\"1\" data-y=\"97\" data-db-index=\"97\" class=\"fsize-18\" data-cell-type=\"text\" data-original-value=\"LEOPOLDO ANDR\u00c9S HERN\u00c1NDEZ LEZAMA, EDUARDO JONATHAN VELA MAGA\u00d1A, MAR\u00cdA JES\u00daS MONTEJO \u00c1LVAREZ, SILVIA C\u00c1MARA LE\u00d3N, CARMEN CRUZ HERN\u00c1NDEZ MATEO, FRANCISCA Z\u00c1RATE L\u00d3PEZ, JULIO C\u00c9SAR PULIDO CONTRERAS Y JOS\u00c9 DANIEL HERN\u00c1NDEZ SOSA, QUIENES SE OSTENTAN COMO S\u00cdNDICO ADMINISTRATIVO Y REGIDORES DEL MUNICIPIO DE CARMEN, CAMPECHE, RESPECTIVAMENTE\" data-order=\"LEOPOLDO ANDR\u00c9S HERN\u00c1NDEZ LEZAMA, EDUARDO JONATHAN VELA MAGA\u00d1A, MAR\u00cdA JES\u00daS MONTEJO \u00c1LVAREZ, SILVIA C\u00c1MARA LE\u00d3N, CARMEN CRUZ HERN\u00c1NDEZ MATEO, FRANCISCA Z\u00c1RATE L\u00d3PEZ, JULIO C\u00c9SAR PULIDO CONTRERAS Y JOS\u00c9 DANIEL HERN\u00c1NDEZ SOSA, QUIENES SE OSTENTAN COMO S\u00cdNDICO ADMINISTRATIVO Y REGIDORES DEL MUNICIPIO DE CARMEN, CAMPECHE, RESPECTIVAMENTE\" >LEOPOLDO ANDR\u00c9S HERN\u00c1NDEZ LEZAMA, EDUARDO JONATHAN VELA MAGA\u00d1A, MAR\u00cdA JES\u00daS MONTEJO \u00c1LVAREZ, SILVIA C\u00c1MARA LE\u00d3N, CARMEN CRUZ HERN\u00c1NDEZ MATEO, FRANCISCA Z\u00c1RATE L\u00d3PEZ, JULIO C\u00c9SAR PULIDO CONTRERAS Y JOS\u00c9 DANIEL HERN\u00c1NDEZ SOSA, QUIENES SE OSTENTAN COMO S\u00cdNDICO ADMINISTRATIVO Y REGIDORES DEL MUNICIPIO DE CARMEN, CAMPECHE, RESPECTIVAMENTE <\/td><td data-cell-id=\"C97\" data-x=\"2\" data-y=\"97\" data-db-index=\"97\" class=\"fsize-18\" data-cell-type=\"text\" data-original-value=\"PRESIDENTE MUNICIPAL DE CARMEN, CAMPECHE PABLO GUTI\u00c9RREZ LAZARUS Y EL HONORABLE AYUNTAMIENTO DEL MUNICIPIO DE CARMEN, CAMPECHE\" data-order=\"PRESIDENTE MUNICIPAL DE CARMEN, CAMPECHE PABLO GUTI\u00c9RREZ LAZARUS Y EL HONORABLE AYUNTAMIENTO DEL MUNICIPIO DE CARMEN, CAMPECHE\" >PRESIDENTE MUNICIPAL DE CARMEN, CAMPECHE PABLO GUTI\u00c9RREZ LAZARUS Y EL HONORABLE AYUNTAMIENTO DEL MUNICIPIO DE CARMEN, CAMPECHE <\/td><td data-cell-id=\"D97\" data-x=\"3\" data-y=\"97\" data-db-index=\"97\" class=\"fsize-18\" data-cell-type=\"text\" data-original-value=\"&lt;a href=&quot;https:\/\/teec.org.mx\/web\/wp-content\/uploads\/2022\/02\/TEEC-JDC-2-2022-sentencia-11-02-2022.pdf&quot; target=&quot;_blank&quot;&gt;TEEC\/JDC\/2\/2022 (SENTENCIA)&lt;\/a&gt;\" data-order=\"&lt;a href=&quot;https:\/\/teec.org.mx\/web\/wp-content\/uploads\/2022\/02\/TEEC-JDC-2-2022-sentencia-11-02-2022.pdf&quot; target=&quot;_blank&quot;&gt;TEEC\/JDC\/2\/2022 (SENTENCIA)&lt;\/a&gt;\" ><a href=\"https:\/\/teec.org.mx\/web\/wp-content\/uploads\/2022\/02\/TEEC-JDC-2-2022-sentencia-11-02-2022.pdf\" target=\"_blank\">TEEC\/JDC\/2\/2022 (SENTENCIA)<\/a><\/td><\/tr><tr style=\"height:px\" ><td data-cell-id=\"A98\" data-x=\"0\" data-y=\"98\" data-db-index=\"98\" class=\"fsize-18\" data-cell-type=\"text\" data-original-value=\"09 DE FEBRERO DE 2022, A LAS 13:25 HORAS\" data-order=\"09 DE FEBRERO DE 2022, A LAS 13:25 HORAS\" >09 DE FEBRERO DE 2022, A LAS 13:25 HORAS <\/td><td data-cell-id=\"B98\" data-x=\"1\" data-y=\"98\" data-db-index=\"98\" class=\"fsize-18\" data-cell-type=\"text\" data-original-value=\"LEOPOLDO ANDR\u00c9S HERN\u00c1NDEZ LEZAMA, EDUARDO JONATHAN VELA MAGA\u00d1A, MAR\u00cdA JES\u00daS MONTEJO \u00c1LVAREZ, SILVIA C\u00c1MARA LE\u00d3N, CARMEN CRUZ HERN\u00c1NDEZ MATEO, FRANCISCA Z\u00c1RATE L\u00d3PEZ, JULIO C\u00c9SAR PULIDO CONTRERAS Y JOS\u00c9 DANIEL HERN\u00c1NDEZ SOSA, QUIENES SE OSTENTAN COMO S\u00cdNDICO ADMINISTRATIVO Y REGIDORES DEL MUNICIPIO DE CARMEN, CAMPECHE, RESPECTIVAMENTE\" data-order=\"LEOPOLDO ANDR\u00c9S HERN\u00c1NDEZ LEZAMA, EDUARDO JONATHAN VELA MAGA\u00d1A, MAR\u00cdA JES\u00daS MONTEJO \u00c1LVAREZ, SILVIA C\u00c1MARA LE\u00d3N, CARMEN CRUZ HERN\u00c1NDEZ MATEO, FRANCISCA Z\u00c1RATE L\u00d3PEZ, JULIO C\u00c9SAR PULIDO CONTRERAS Y JOS\u00c9 DANIEL HERN\u00c1NDEZ SOSA, QUIENES SE OSTENTAN COMO S\u00cdNDICO ADMINISTRATIVO Y REGIDORES DEL MUNICIPIO DE CARMEN, CAMPECHE, RESPECTIVAMENTE\" >LEOPOLDO ANDR\u00c9S HERN\u00c1NDEZ LEZAMA, EDUARDO JONATHAN VELA MAGA\u00d1A, MAR\u00cdA JES\u00daS MONTEJO \u00c1LVAREZ, SILVIA C\u00c1MARA LE\u00d3N, CARMEN CRUZ HERN\u00c1NDEZ MATEO, FRANCISCA Z\u00c1RATE L\u00d3PEZ, JULIO C\u00c9SAR PULIDO CONTRERAS Y JOS\u00c9 DANIEL HERN\u00c1NDEZ SOSA, QUIENES SE OSTENTAN COMO S\u00cdNDICO ADMINISTRATIVO Y REGIDORES DEL MUNICIPIO DE CARMEN, CAMPECHE, RESPECTIVAMENTE <\/td><td data-cell-id=\"C98\" data-x=\"2\" data-y=\"98\" data-db-index=\"98\" class=\"fsize-18\" data-cell-type=\"text\" data-original-value=\"PRESIDENTE MUNICIPAL DE CARMEN, CAMPECHE PABLO GUTI\u00c9RREZ LAZARUS Y EL HONORABLE AYUNTAMIENTO DEL MUNICIPIO DE CARMEN, CAMPECHE\" data-order=\"PRESIDENTE MUNICIPAL DE CARMEN, CAMPECHE PABLO GUTI\u00c9RREZ LAZARUS Y EL HONORABLE AYUNTAMIENTO DEL MUNICIPIO DE CARMEN, CAMPECHE\" >PRESIDENTE MUNICIPAL DE CARMEN, CAMPECHE PABLO GUTI\u00c9RREZ LAZARUS Y EL HONORABLE AYUNTAMIENTO DEL MUNICIPIO DE CARMEN, CAMPECHE <\/td><td data-cell-id=\"D98\" data-x=\"3\" data-y=\"98\" data-db-index=\"98\" class=\"fsize-18\" data-cell-type=\"text\" data-original-value=\"&lt;a href=&quot;https:\/\/teec.org.mx\/web\/wp-content\/uploads\/2022\/02\/TEEC-JDC-2-2022-09-02-2022.pdf&quot; target=&quot;_blank&quot;&gt;TEEC\/JDC\/2\/2022 (ACUERDO DE CIERRE DE INSTRUCCCI\u00d3N Y SE FIJA FECHA Y HORA PARA SESI\u00d3N PUBLICA VIRTUAL)&lt;\/a&gt;\" data-order=\"&lt;a href=&quot;https:\/\/teec.org.mx\/web\/wp-content\/uploads\/2022\/02\/TEEC-JDC-2-2022-09-02-2022.pdf&quot; target=&quot;_blank&quot;&gt;TEEC\/JDC\/2\/2022 (ACUERDO DE CIERRE DE INSTRUCCCI\u00d3N Y SE FIJA FECHA Y HORA PARA SESI\u00d3N PUBLICA VIRTUAL)&lt;\/a&gt;\" ><a href=\"https:\/\/teec.org.mx\/web\/wp-content\/uploads\/2022\/02\/TEEC-JDC-2-2022-09-02-2022.pdf\" target=\"_blank\">TEEC\/JDC\/2\/2022 (ACUERDO DE CIERRE DE INSTRUCCCI\u00d3N Y SE FIJA FECHA Y HORA PARA SESI\u00d3N PUBLICA VIRTUAL)<\/a><\/td><\/tr><tr style=\"height:px\" ><td data-cell-id=\"A99\" data-x=\"0\" data-y=\"99\" data-db-index=\"99\" class=\"fsize-18\" data-cell-type=\"text\" data-original-value=\"04 DE FEBRERO DE 2022, A LAS 15:10 HORAS\" data-order=\"04 DE FEBRERO DE 2022, A LAS 15:10 HORAS\" >04 DE FEBRERO DE 2022, A LAS 15:10 HORAS <\/td><td data-cell-id=\"B99\" data-x=\"1\" data-y=\"99\" data-db-index=\"99\" class=\"fsize-18\" data-cell-type=\"text\" data-original-value=\"EZEQUIEL MART\u00cdNEZ GARC\u00cdA Y ANA ISABEL S\u00c1NCHEZ CASTILLO, QUIENES SE OSTENTAN COMO PARTICIPANTES A LA COMISAR\u00cdA DE CHICBUL, MUNICIPIO DEL CARMEN, CAMPECHE\" data-order=\"EZEQUIEL MART\u00cdNEZ GARC\u00cdA Y ANA ISABEL S\u00c1NCHEZ CASTILLO, QUIENES SE OSTENTAN COMO PARTICIPANTES A LA COMISAR\u00cdA DE CHICBUL, MUNICIPIO DEL CARMEN, CAMPECHE\" >EZEQUIEL MART\u00cdNEZ GARC\u00cdA Y ANA ISABEL S\u00c1NCHEZ CASTILLO, QUIENES SE OSTENTAN COMO PARTICIPANTES A LA COMISAR\u00cdA DE CHICBUL, MUNICIPIO DEL CARMEN, CAMPECHE <\/td><td data-cell-id=\"C99\" data-x=\"2\" data-y=\"99\" data-db-index=\"99\" class=\"fsize-18\" data-cell-type=\"text\" data-original-value=\"H. AYUNTAMIENTO DEL MUNICIPIO DE CARMEN, CAMPECHE, H. CABILDO AYUNTAMIENTO DEL MUNICIPIO DE CARMEN, CAMPECHE, PRESIDENTE MUNICIPAL DEL CARMEN, CAMPECHE\" data-order=\"H. AYUNTAMIENTO DEL MUNICIPIO DE CARMEN, CAMPECHE, H. CABILDO AYUNTAMIENTO DEL MUNICIPIO DE CARMEN, CAMPECHE, PRESIDENTE MUNICIPAL DEL CARMEN, CAMPECHE\" >H. AYUNTAMIENTO DEL MUNICIPIO DE CARMEN, CAMPECHE, H. CABILDO AYUNTAMIENTO DEL MUNICIPIO DE CARMEN, CAMPECHE, PRESIDENTE MUNICIPAL DEL CARMEN, CAMPECHE <\/td><td data-cell-id=\"D99\" data-x=\"3\" data-y=\"99\" data-db-index=\"99\" class=\"fsize-18\" data-cell-type=\"text\" data-original-value=\"&lt;a href=&quot;https:\/\/teec.org.mx\/web\/wp-content\/uploads\/2022\/02\/TEEC-JDC-28-2021-sentencia-04-02-2022.pdf&quot; target=&quot;_blank&quot;&gt;TEEC\/JDC\/28\/2021 (SENTENCIA)&lt;\/a&gt;\" data-order=\"&lt;a href=&quot;https:\/\/teec.org.mx\/web\/wp-content\/uploads\/2022\/02\/TEEC-JDC-28-2021-sentencia-04-02-2022.pdf&quot; target=&quot;_blank&quot;&gt;TEEC\/JDC\/28\/2021 (SENTENCIA)&lt;\/a&gt;\" ><a href=\"https:\/\/teec.org.mx\/web\/wp-content\/uploads\/2022\/02\/TEEC-JDC-28-2021-sentencia-04-02-2022.pdf\" target=\"_blank\">TEEC\/JDC\/28\/2021 (SENTENCIA)<\/a><\/td><\/tr><tr style=\"height:px\" ><td data-cell-id=\"A100\" data-x=\"0\" data-y=\"100\" data-db-index=\"100\" class=\"fsize-18\" data-cell-type=\"text\" data-original-value=\"04 DE FEBRERO DE 2022, A LAS 14:25 HORAS\" data-order=\"04 DE FEBRERO DE 2022, A LAS 14:25 HORAS\" >04 DE FEBRERO DE 2022, A LAS 14:25 HORAS <\/td><td data-cell-id=\"B100\" data-x=\"1\" data-y=\"100\" data-db-index=\"100\" class=\"fsize-18\" data-cell-type=\"text\" data-original-value=\"MARIA NARCISA DZUL CAUICH\" data-order=\"MARIA NARCISA DZUL CAUICH\" >MARIA NARCISA DZUL CAUICH <\/td><td data-cell-id=\"C100\" data-x=\"2\" data-y=\"100\" data-db-index=\"100\" class=\"fsize-18\" data-cell-type=\"text\" data-original-value=\"JOS\u00c9 DOLORES BRITO PECH, PRESIDENTE MUNICIPAL DEL HONORABLE AYUNTAMIENTO DE HECELCHAK\u00c1N, CAMPECHE, Y CABILDO DEL H. AYUNTAMIENTO DEL MUNICIPIO DE HECELCHAK\u00c1N, CAMPECHE\" data-order=\"JOS\u00c9 DOLORES BRITO PECH, PRESIDENTE MUNICIPAL DEL HONORABLE AYUNTAMIENTO DE HECELCHAK\u00c1N, CAMPECHE, Y CABILDO DEL H. AYUNTAMIENTO DEL MUNICIPIO DE HECELCHAK\u00c1N, CAMPECHE\" >JOS\u00c9 DOLORES BRITO PECH, PRESIDENTE MUNICIPAL DEL HONORABLE AYUNTAMIENTO DE HECELCHAK\u00c1N, CAMPECHE, Y CABILDO DEL H. AYUNTAMIENTO DEL MUNICIPIO DE HECELCHAK\u00c1N, CAMPECHE <\/td><td data-cell-id=\"D100\" data-x=\"3\" data-y=\"100\" data-db-index=\"100\" class=\"fsize-18\" data-cell-type=\"text\" data-original-value=\"&lt;a href=&quot;https:\/\/teec.org.mx\/web\/wp-content\/uploads\/2022\/02\/TEEC-JDC-1-2022-Sentencia-04-02-2022.pdf&quot; target=&quot;_blank&quot;&gt;TEEC\/JDC\/1\/2022 (SENTENCIA)&lt;\/a&gt;\" data-order=\"&lt;a href=&quot;https:\/\/teec.org.mx\/web\/wp-content\/uploads\/2022\/02\/TEEC-JDC-1-2022-Sentencia-04-02-2022.pdf&quot; target=&quot;_blank&quot;&gt;TEEC\/JDC\/1\/2022 (SENTENCIA)&lt;\/a&gt;\" ><a href=\"https:\/\/teec.org.mx\/web\/wp-content\/uploads\/2022\/02\/TEEC-JDC-1-2022-Sentencia-04-02-2022.pdf\" target=\"_blank\">TEEC\/JDC\/1\/2022 (SENTENCIA)<\/a><\/td><\/tr><tr style=\"height:px\" ><td data-cell-id=\"A101\" data-x=\"0\" data-y=\"101\" data-db-index=\"101\" class=\"fsize-18\" data-cell-type=\"text\" data-original-value=\"03 DE FEBRERO DE 2022, A LAS 11:50 HORAS\" data-order=\"03 DE FEBRERO DE 2022, A LAS 11:50 HORAS\" >03 DE FEBRERO DE 2022, A LAS 11:50 HORAS <\/td><td data-cell-id=\"B101\" data-x=\"1\" data-y=\"101\" data-db-index=\"101\" class=\"fsize-18\" data-cell-type=\"text\" data-original-value=\"MARIA NARCISA DZUL CAUICH\" data-order=\"MARIA NARCISA DZUL CAUICH\" >MARIA NARCISA DZUL CAUICH <\/td><td data-cell-id=\"C101\" data-x=\"2\" data-y=\"101\" data-db-index=\"101\" class=\"fsize-18\" data-cell-type=\"text\" data-original-value=\"JOS\u00c9 DOLORES BRITO PECH, PRESIDENTE MUNICIPAL DEL HONORABLE AYUNTAMIENTO DE HECELCHAK\u00c1N, CAMPECHE, Y CABILDO DEL H. AYUNTAMIENTO DEL MUNICIPIO DE HECELCHAK\u00c1N, CAMPECHE\" data-order=\"JOS\u00c9 DOLORES BRITO PECH, PRESIDENTE MUNICIPAL DEL HONORABLE AYUNTAMIENTO DE HECELCHAK\u00c1N, CAMPECHE, Y CABILDO DEL H. AYUNTAMIENTO DEL MUNICIPIO DE HECELCHAK\u00c1N, CAMPECHE\" >JOS\u00c9 DOLORES BRITO PECH, PRESIDENTE MUNICIPAL DEL HONORABLE AYUNTAMIENTO DE HECELCHAK\u00c1N, CAMPECHE, Y CABILDO DEL H. AYUNTAMIENTO DEL MUNICIPIO DE HECELCHAK\u00c1N, CAMPECHE <\/td><td data-cell-id=\"D101\" data-x=\"3\" data-y=\"101\" data-db-index=\"101\" class=\"fsize-18\" data-cell-type=\"text\" data-original-value=\"&lt;a href=&quot;https:\/\/teec.org.mx\/web\/wp-content\/uploads\/2022\/02\/TEEC-JDC-1-2022-2do-acu.-03-02-2022.pdf&quot; target=&quot;_blank&quot;&gt;TEEC\/JDC\/1\/2022 (SE FIJA FECHA Y HORA PARA SESI\u00d3N P\u00daBLICA VIRTUAL)&lt;\/a&gt;\" data-order=\"&lt;a href=&quot;https:\/\/teec.org.mx\/web\/wp-content\/uploads\/2022\/02\/TEEC-JDC-1-2022-2do-acu.-03-02-2022.pdf&quot; target=&quot;_blank&quot;&gt;TEEC\/JDC\/1\/2022 (SE FIJA FECHA Y HORA PARA SESI\u00d3N P\u00daBLICA VIRTUAL)&lt;\/a&gt;\" ><a href=\"https:\/\/teec.org.mx\/web\/wp-content\/uploads\/2022\/02\/TEEC-JDC-1-2022-2do-acu.-03-02-2022.pdf\" target=\"_blank\">TEEC\/JDC\/1\/2022 (SE FIJA FECHA Y HORA PARA SESI\u00d3N P\u00daBLICA VIRTUAL)<\/a><\/td><\/tr><tr style=\"height:px\" ><td data-cell-id=\"A102\" data-x=\"0\" data-y=\"102\" data-db-index=\"102\" class=\"fsize-18\" data-cell-type=\"text\" data-original-value=\"03 DE FEBRERO DE 2022, A LAS 11:35 HORAS\" data-order=\"03 DE FEBRERO DE 2022, A LAS 11:35 HORAS\" >03 DE FEBRERO DE 2022, A LAS 11:35 HORAS <\/td><td data-cell-id=\"B102\" data-x=\"1\" data-y=\"102\" data-db-index=\"102\" class=\"fsize-18\" data-cell-type=\"text\" data-original-value=\"EZEQUIEL MART\u00cdNEZ GARC\u00cdA Y ANA ISABEL S\u00c1NCHEZ CASTILLO, QUIENES SE OSTENTAN COMO PARTICIPANTES A LA COMISAR\u00cdA DE CHICBUL, MUNICIPIO DEL CARMEN, CAMPECHE\" data-order=\"EZEQUIEL MART\u00cdNEZ GARC\u00cdA Y ANA ISABEL S\u00c1NCHEZ CASTILLO, QUIENES SE OSTENTAN COMO PARTICIPANTES A LA COMISAR\u00cdA DE CHICBUL, MUNICIPIO DEL CARMEN, CAMPECHE\" >EZEQUIEL MART\u00cdNEZ GARC\u00cdA Y ANA ISABEL S\u00c1NCHEZ CASTILLO, QUIENES SE OSTENTAN COMO PARTICIPANTES A LA COMISAR\u00cdA DE CHICBUL, MUNICIPIO DEL CARMEN, CAMPECHE <\/td><td data-cell-id=\"C102\" data-x=\"2\" data-y=\"102\" data-db-index=\"102\" class=\"fsize-18\" data-cell-type=\"text\" data-original-value=\"H. AYUNTAMIENTO DEL MUNICIPIO DE CARMEN, CAMPECHE, H. CABILDO AYUNTAMIENTO DEL MUNICIPIO DE CARMEN, CAMPECHE, PRESIDENTE MUNICIPAL DEL CARMEN, CAMPECHE\" data-order=\"H. AYUNTAMIENTO DEL MUNICIPIO DE CARMEN, CAMPECHE, H. CABILDO AYUNTAMIENTO DEL MUNICIPIO DE CARMEN, CAMPECHE, PRESIDENTE MUNICIPAL DEL CARMEN, CAMPECHE\" >H. AYUNTAMIENTO DEL MUNICIPIO DE CARMEN, CAMPECHE, H. CABILDO AYUNTAMIENTO DEL MUNICIPIO DE CARMEN, CAMPECHE, PRESIDENTE MUNICIPAL DEL CARMEN, CAMPECHE <\/td><td data-cell-id=\"D102\" data-x=\"3\" data-y=\"102\" data-db-index=\"102\" class=\"fsize-18\" data-cell-type=\"text\" data-original-value=\"&lt;a href=&quot;https:\/\/teec.org.mx\/web\/wp-content\/uploads\/2022\/02\/TEEC-JDC-28-2021-2do-acu.-03-02-2022.pdf&quot; target=&quot;_blank&quot;&gt;TEEC\/JDC\/28\/2021 (SE FIJA FECHA Y HORA PARA SESI\u00d3N P\u00daBLICA VIRTUAL)&lt;\/a&gt;\" data-order=\"&lt;a href=&quot;https:\/\/teec.org.mx\/web\/wp-content\/uploads\/2022\/02\/TEEC-JDC-28-2021-2do-acu.-03-02-2022.pdf&quot; target=&quot;_blank&quot;&gt;TEEC\/JDC\/28\/2021 (SE FIJA FECHA Y HORA PARA SESI\u00d3N P\u00daBLICA VIRTUAL)&lt;\/a&gt;\" ><a href=\"https:\/\/teec.org.mx\/web\/wp-content\/uploads\/2022\/02\/TEEC-JDC-28-2021-2do-acu.-03-02-2022.pdf\" target=\"_blank\">TEEC\/JDC\/28\/2021 (SE FIJA FECHA Y HORA PARA SESI\u00d3N P\u00daBLICA VIRTUAL)<\/a><\/td><\/tr><tr style=\"height:px\" ><td data-cell-id=\"A103\" data-x=\"0\" data-y=\"103\" data-db-index=\"103\" class=\"fsize-18\" data-cell-type=\"text\" data-original-value=\"03 DE FEBRERO DE 2022, A LAS 10:55 HORAS\" data-order=\"03 DE FEBRERO DE 2022, A LAS 10:55 HORAS\" >03 DE FEBRERO DE 2022, A LAS 10:55 HORAS <\/td><td data-cell-id=\"B103\" data-x=\"1\" data-y=\"103\" data-db-index=\"103\" class=\"fsize-18\" data-cell-type=\"text\" data-original-value=\"MARIA NARCISA DZUL CAUICH\" data-order=\"MARIA NARCISA DZUL CAUICH\" >MARIA NARCISA DZUL CAUICH <\/td><td data-cell-id=\"C103\" data-x=\"2\" data-y=\"103\" data-db-index=\"103\" class=\"fsize-18\" data-cell-type=\"text\" data-original-value=\"JOS\u00c9 DOLORES BRITO PECH, PRESIDENTE MUNICIPAL DEL HONORABLE AYUNTAMIENTO DE HECELCHAK\u00c1N, CAMPECHE, Y CABILDO DEL H. AYUNTAMIENTO DEL MUNICIPIO DE HECELCHAK\u00c1N, CAMPECHE\" data-order=\"JOS\u00c9 DOLORES BRITO PECH, PRESIDENTE MUNICIPAL DEL HONORABLE AYUNTAMIENTO DE HECELCHAK\u00c1N, CAMPECHE, Y CABILDO DEL H. AYUNTAMIENTO DEL MUNICIPIO DE HECELCHAK\u00c1N, CAMPECHE\" >JOS\u00c9 DOLORES BRITO PECH, PRESIDENTE MUNICIPAL DEL HONORABLE AYUNTAMIENTO DE HECELCHAK\u00c1N, CAMPECHE, Y CABILDO DEL H. AYUNTAMIENTO DEL MUNICIPIO DE HECELCHAK\u00c1N, CAMPECHE <\/td><td data-cell-id=\"D103\" data-x=\"3\" data-y=\"103\" data-db-index=\"103\" class=\"fsize-18\" data-cell-type=\"text\" data-original-value=\"&lt;a href=&quot;https:\/\/teec.org.mx\/web\/wp-content\/uploads\/2022\/02\/TEEC-JDC-1-2022-1er-acu.-03-02-2022.pdf&quot; target=&quot;_blank&quot;&gt;TEEC\/JDC\/1\/2022 (SOLICITUD DE FECHA Y HORA PARA SESI\u00d3N P\u00daBLICA VIRTUAL)&lt;\/a&gt;\" data-order=\"&lt;a href=&quot;https:\/\/teec.org.mx\/web\/wp-content\/uploads\/2022\/02\/TEEC-JDC-1-2022-1er-acu.-03-02-2022.pdf&quot; target=&quot;_blank&quot;&gt;TEEC\/JDC\/1\/2022 (SOLICITUD DE FECHA Y HORA PARA SESI\u00d3N P\u00daBLICA VIRTUAL)&lt;\/a&gt;\" ><a href=\"https:\/\/teec.org.mx\/web\/wp-content\/uploads\/2022\/02\/TEEC-JDC-1-2022-1er-acu.-03-02-2022.pdf\" target=\"_blank\">TEEC\/JDC\/1\/2022 (SOLICITUD DE FECHA Y HORA PARA SESI\u00d3N P\u00daBLICA VIRTUAL)<\/a><\/td><\/tr><tr style=\"height:px\" ><td data-cell-id=\"A104\" data-x=\"0\" data-y=\"104\" data-db-index=\"104\" class=\"fsize-18\" data-cell-type=\"text\" data-original-value=\"03 DE FEBRERO DE 2022, A LAS 10:45 HORAS\" data-order=\"03 DE FEBRERO DE 2022, A LAS 10:45 HORAS\" >03 DE FEBRERO DE 2022, A LAS 10:45 HORAS <\/td><td data-cell-id=\"B104\" data-x=\"1\" data-y=\"104\" data-db-index=\"104\" class=\"fsize-18\" data-cell-type=\"text\" data-original-value=\"EZEQUIEL MART\u00cdNEZ GARC\u00cdA Y ANA ISABEL S\u00c1NCHEZ CASTILLO, QUIENES SE OSTENTAN COMO PARTICIPANTES A LA COMISAR\u00cdA DE CHICBUL, MUNICIPIO DEL CARMEN, CAMPECHE\" data-order=\"EZEQUIEL MART\u00cdNEZ GARC\u00cdA Y ANA ISABEL S\u00c1NCHEZ CASTILLO, QUIENES SE OSTENTAN COMO PARTICIPANTES A LA COMISAR\u00cdA DE CHICBUL, MUNICIPIO DEL CARMEN, CAMPECHE\" >EZEQUIEL MART\u00cdNEZ GARC\u00cdA Y ANA ISABEL S\u00c1NCHEZ CASTILLO, QUIENES SE OSTENTAN COMO PARTICIPANTES A LA COMISAR\u00cdA DE CHICBUL, MUNICIPIO DEL CARMEN, CAMPECHE <\/td><td data-cell-id=\"C104\" data-x=\"2\" data-y=\"104\" data-db-index=\"104\" class=\"fsize-18\" data-cell-type=\"text\" data-original-value=\"H. AYUNTAMIENTO DEL MUNICIPIO DE CARMEN, CAMPECHE, H. CABILDO AYUNTAMIENTO DEL MUNICIPIO DE CARMEN, CAMPECHE, Y\/O PRESIDENTE MUNICIPAL DEL CARMEN, CAMPECHE\" data-order=\"H. AYUNTAMIENTO DEL MUNICIPIO DE CARMEN, CAMPECHE, H. CABILDO AYUNTAMIENTO DEL MUNICIPIO DE CARMEN, CAMPECHE, Y\/O PRESIDENTE MUNICIPAL DEL CARMEN, CAMPECHE\" >H. AYUNTAMIENTO DEL MUNICIPIO DE CARMEN, CAMPECHE, H. CABILDO AYUNTAMIENTO DEL MUNICIPIO DE CARMEN, CAMPECHE, Y\/O PRESIDENTE MUNICIPAL DEL CARMEN, CAMPECHE <\/td><td data-cell-id=\"D104\" data-x=\"3\" data-y=\"104\" data-db-index=\"104\" class=\"fsize-18\" data-cell-type=\"text\" data-original-value=\"&lt;a href=&quot;https:\/\/teec.org.mx\/web\/wp-content\/uploads\/2022\/02\/TEEC-JDC-28-2021-1er-acu.-03-02-2022.pdf&quot; target=&quot;_blank&quot;&gt;TEEC\/JDC\/28\/2021 (SOLICITUD DE FECHA Y HORA PARA SESI\u00d3N P\u00daBLICA VIRTUAL)&lt;\/a&gt;\" data-order=\"&lt;a href=&quot;https:\/\/teec.org.mx\/web\/wp-content\/uploads\/2022\/02\/TEEC-JDC-28-2021-1er-acu.-03-02-2022.pdf&quot; target=&quot;_blank&quot;&gt;TEEC\/JDC\/28\/2021 (SOLICITUD DE FECHA Y HORA PARA SESI\u00d3N P\u00daBLICA VIRTUAL)&lt;\/a&gt;\" ><a href=\"https:\/\/teec.org.mx\/web\/wp-content\/uploads\/2022\/02\/TEEC-JDC-28-2021-1er-acu.-03-02-2022.pdf\" target=\"_blank\">TEEC\/JDC\/28\/2021 (SOLICITUD DE FECHA Y HORA PARA SESI\u00d3N P\u00daBLICA VIRTUAL)<\/a><\/td><\/tr><tr style=\"height:px\" ><td data-cell-id=\"A105\" data-x=\"0\" data-y=\"105\" data-db-index=\"105\" class=\"fsize-18\" data-cell-type=\"text\" data-original-value=\"31 DE ENERO DE 2022, A LAS 12:00 HORAS\" data-order=\"31 DE ENERO DE 2022, A LAS 12:00 HORAS\" >31 DE ENERO DE 2022, A LAS 12:00 HORAS <\/td><td data-cell-id=\"B105\" data-x=\"1\" data-y=\"105\" data-db-index=\"105\" class=\"fsize-18\" data-cell-type=\"text\" data-original-value=\"LEOPOLDO ANDR\u00c9S HERN\u00c1NDEZ LEZAMA, EDUARDO JONATHAN VELA MAGA\u00d1A, MAR\u00cdA JES\u00daS MONTEJO \u00c1LVAREZ, SILVIA C\u00c1MARA LE\u00d3N, CARMEN CRUZ HERN\u00c1NDEZ MATEO, FRANCISCA Z\u00c1RATE L\u00d3PEZ, JULIO C\u00c9SAR PULIDO CONTRERAS Y JOS\u00c9 DANIEL HERN\u00c1NDEZ SOSA, QUIENES SE OSTENTAN COMO S\u00cdNDICO ADMINISTRATIVO Y REGIDORES DEL MUNICIPIO DE CARMEN, CAMPECHE, RESPECTIVAMENTE\" data-order=\"LEOPOLDO ANDR\u00c9S HERN\u00c1NDEZ LEZAMA, EDUARDO JONATHAN VELA MAGA\u00d1A, MAR\u00cdA JES\u00daS MONTEJO \u00c1LVAREZ, SILVIA C\u00c1MARA LE\u00d3N, CARMEN CRUZ HERN\u00c1NDEZ MATEO, FRANCISCA Z\u00c1RATE L\u00d3PEZ, JULIO C\u00c9SAR PULIDO CONTRERAS Y JOS\u00c9 DANIEL HERN\u00c1NDEZ SOSA, QUIENES SE OSTENTAN COMO S\u00cdNDICO ADMINISTRATIVO Y REGIDORES DEL MUNICIPIO DE CARMEN, CAMPECHE, RESPECTIVAMENTE\" >LEOPOLDO ANDR\u00c9S HERN\u00c1NDEZ LEZAMA, EDUARDO JONATHAN VELA MAGA\u00d1A, MAR\u00cdA JES\u00daS MONTEJO \u00c1LVAREZ, SILVIA C\u00c1MARA LE\u00d3N, CARMEN CRUZ HERN\u00c1NDEZ MATEO, FRANCISCA Z\u00c1RATE L\u00d3PEZ, JULIO C\u00c9SAR PULIDO CONTRERAS Y JOS\u00c9 DANIEL HERN\u00c1NDEZ SOSA, QUIENES SE OSTENTAN COMO S\u00cdNDICO ADMINISTRATIVO Y REGIDORES DEL MUNICIPIO DE CARMEN, CAMPECHE, RESPECTIVAMENTE <\/td><td data-cell-id=\"C105\" data-x=\"2\" data-y=\"105\" data-db-index=\"105\" class=\"fsize-18\" data-cell-type=\"text\" data-original-value=\"PRESIDENTE MUNICIPAL DE CARMEN, CAMPECHE PABLO GUTI\u00c9RREZ LAZARUS Y EL HONORABLE AYUNTAMIENTO DEL MUNICIPIO DE CARMEN, CAMPECHE\" data-order=\"PRESIDENTE MUNICIPAL DE CARMEN, CAMPECHE PABLO GUTI\u00c9RREZ LAZARUS Y EL HONORABLE AYUNTAMIENTO DEL MUNICIPIO DE CARMEN, CAMPECHE\" >PRESIDENTE MUNICIPAL DE CARMEN, CAMPECHE PABLO GUTI\u00c9RREZ LAZARUS Y EL HONORABLE AYUNTAMIENTO DEL MUNICIPIO DE CARMEN, CAMPECHE <\/td><td data-cell-id=\"D105\" data-x=\"3\" data-y=\"105\" data-db-index=\"105\" class=\"fsize-18\" data-cell-type=\"text\" data-original-value=\"&lt;a href=&quot;https:\/\/teec.org.mx\/web\/wp-content\/uploads\/2022\/01\/TEEC-JDC-2-2022-31-01-2022.pdf&quot; target=&quot;_blank&quot;&gt;TEEC\/JDC\/2\/2022 (ACUERDO DE ADMISI\u00d3N)&lt;\/a&gt;\" data-order=\"&lt;a href=&quot;https:\/\/teec.org.mx\/web\/wp-content\/uploads\/2022\/01\/TEEC-JDC-2-2022-31-01-2022.pdf&quot; target=&quot;_blank&quot;&gt;TEEC\/JDC\/2\/2022 (ACUERDO DE ADMISI\u00d3N)&lt;\/a&gt;\" ><a href=\"https:\/\/teec.org.mx\/web\/wp-content\/uploads\/2022\/01\/TEEC-JDC-2-2022-31-01-2022.pdf\" target=\"_blank\">TEEC\/JDC\/2\/2022 (ACUERDO DE ADMISI\u00d3N)<\/a><\/td><\/tr><tr style=\"height:px\" ><td data-cell-id=\"A106\" data-x=\"0\" data-y=\"106\" data-db-index=\"106\" class=\"fsize-18\" data-cell-type=\"text\" data-original-value=\"26 DE ENERO DE 2022, A LAS 12:10 HORAS\" data-order=\"26 DE ENERO DE 2022, A LAS 12:10 HORAS\" >26 DE ENERO DE 2022, A LAS 12:10 HORAS <\/td><td data-cell-id=\"B106\" data-x=\"1\" data-y=\"106\" data-db-index=\"106\" class=\"fsize-18\" data-cell-type=\"text\" data-original-value=\"SANTOS ELIGIO KANTUN MARTIN, QUIEN SE OSTENTA COMO CANDIDATO DE LA PLANILLA DORADA A LA COMISAR\u00cdA MUNICIPAL DE XMABEN, HOPELCH\u00c9N CAMPECHE\" data-order=\"SANTOS ELIGIO KANTUN MARTIN, QUIEN SE OSTENTA COMO CANDIDATO DE LA PLANILLA DORADA A LA COMISAR\u00cdA MUNICIPAL DE XMABEN, HOPELCH\u00c9N CAMPECHE\" >SANTOS ELIGIO KANTUN MARTIN, QUIEN SE OSTENTA COMO CANDIDATO DE LA PLANILLA DORADA A LA COMISAR\u00cdA MUNICIPAL DE XMABEN, HOPELCH\u00c9N CAMPECHE <\/td><td data-cell-id=\"C106\" data-x=\"2\" data-y=\"106\" data-db-index=\"106\" class=\"fsize-18\" data-cell-type=\"text\" data-original-value=\"H. AYUNTAMIENTO DEL MUNICIPIO DE HOPELCH\u00c9N, CAMPECHE, SECRETARIO DEL H. AYUNTAMIENTO DEL MUNICIPIO DEL HOPELCH\u00c9N, CAMPECHE, H. CABILDO H. AYUNTAMIENTO DEL MUNICIPIO DEL HOPELCH\u00c9N, CAMPECHE\" data-order=\"H. AYUNTAMIENTO DEL MUNICIPIO DE HOPELCH\u00c9N, CAMPECHE, SECRETARIO DEL H. AYUNTAMIENTO DEL MUNICIPIO DEL HOPELCH\u00c9N, CAMPECHE, H. CABILDO H. AYUNTAMIENTO DEL MUNICIPIO DEL HOPELCH\u00c9N, CAMPECHE\" >H. AYUNTAMIENTO DEL MUNICIPIO DE HOPELCH\u00c9N, CAMPECHE, SECRETARIO DEL H. AYUNTAMIENTO DEL MUNICIPIO DEL HOPELCH\u00c9N, CAMPECHE, H. CABILDO H. AYUNTAMIENTO DEL MUNICIPIO DEL HOPELCH\u00c9N, CAMPECHE <\/td><td data-cell-id=\"D106\" data-x=\"3\" data-y=\"106\" data-db-index=\"106\" class=\"fsize-18\" data-cell-type=\"text\" data-original-value=\"&lt;a href=&quot;https:\/\/teec.org.mx\/web\/wp-content\/uploads\/2022\/01\/TEEC-JDC-30-2021-26-01-2022.pdf&quot; target=&quot;_blank&quot;&gt;TEEC\/JDC\/30\/2021 (QUEDA FIRME LA SENTENCIA)&lt;\/a&gt;\" data-order=\"&lt;a href=&quot;https:\/\/teec.org.mx\/web\/wp-content\/uploads\/2022\/01\/TEEC-JDC-30-2021-26-01-2022.pdf&quot; target=&quot;_blank&quot;&gt;TEEC\/JDC\/30\/2021 (QUEDA FIRME LA SENTENCIA)&lt;\/a&gt;\" ><a href=\"https:\/\/teec.org.mx\/web\/wp-content\/uploads\/2022\/01\/TEEC-JDC-30-2021-26-01-2022.pdf\" target=\"_blank\">TEEC\/JDC\/30\/2021 (QUEDA FIRME LA SENTENCIA)<\/a><\/td><\/tr><tr style=\"height:px\" ><td data-cell-id=\"A107\" data-x=\"0\" data-y=\"107\" data-db-index=\"107\" class=\"fsize-18\" data-cell-type=\"text\" data-original-value=\"26 DE ENERO DE 2021, A LAS 11:45 HORAS\" data-order=\"26 DE ENERO DE 2021, A LAS 11:45 HORAS\" >26 DE ENERO DE 2021, A LAS 11:45 HORAS <\/td><td data-cell-id=\"B107\" data-x=\"1\" data-y=\"107\" data-db-index=\"107\" class=\"fsize-18\" data-cell-type=\"text\" data-original-value=\"MARIO ALBERTO ABURTO MONTOY, CANDIDATO DE LA PLANILLA NEGRA EN EL PROCESO DE LA ELECCI\u00d3N DE COMISARIOS MUNICIPALES DE LA LOCALIDAD DE SAMUL\u00c1\" data-order=\"MARIO ALBERTO ABURTO MONTOY, CANDIDATO DE LA PLANILLA NEGRA EN EL PROCESO DE LA ELECCI\u00d3N DE COMISARIOS MUNICIPALES DE LA LOCALIDAD DE SAMUL\u00c1\" >MARIO ALBERTO ABURTO MONTOY, CANDIDATO DE LA PLANILLA NEGRA EN EL PROCESO DE LA ELECCI\u00d3N DE COMISARIOS MUNICIPALES DE LA LOCALIDAD DE SAMUL\u00c1 <\/td><td data-cell-id=\"C107\" data-x=\"2\" data-y=\"107\" data-db-index=\"107\" class=\"fsize-18\" data-cell-type=\"text\" data-original-value=\"HONORABLE AYUNTAMIENTO DEL MUNICIPIO DE CAMPECHE, CAMPECHE\" data-order=\"HONORABLE AYUNTAMIENTO DEL MUNICIPIO DE CAMPECHE, CAMPECHE\" >HONORABLE AYUNTAMIENTO DEL MUNICIPIO DE CAMPECHE, CAMPECHE <\/td><td data-cell-id=\"D107\" data-x=\"3\" data-y=\"107\" data-db-index=\"107\" class=\"fsize-18\" data-cell-type=\"text\" data-original-value=\"&lt;a href=&quot;https:\/\/teec.org.mx\/web\/wp-content\/uploads\/2022\/01\/TEEC-JDC-27-2021-26-01-2022.pdf&quot; target=&quot;_blank&quot;&gt;TEEC\/JDC\/27\/2021 (QUEDA FIRME LA SENTENCIA)&lt;\/a&gt;\" data-order=\"&lt;a href=&quot;https:\/\/teec.org.mx\/web\/wp-content\/uploads\/2022\/01\/TEEC-JDC-27-2021-26-01-2022.pdf&quot; target=&quot;_blank&quot;&gt;TEEC\/JDC\/27\/2021 (QUEDA FIRME LA SENTENCIA)&lt;\/a&gt;\" ><a href=\"https:\/\/teec.org.mx\/web\/wp-content\/uploads\/2022\/01\/TEEC-JDC-27-2021-26-01-2022.pdf\" target=\"_blank\">TEEC\/JDC\/27\/2021 (QUEDA FIRME LA SENTENCIA)<\/a><\/td><\/tr><tr style=\"height:px\" ><td data-cell-id=\"A108\" data-x=\"0\" data-y=\"108\" data-db-index=\"108\" class=\"fsize-18\" data-cell-type=\"text\" data-original-value=\"26 DE ENERO DE 2022, A LAS 10:56 HORAS\" data-order=\"26 DE ENERO DE 2022, A LAS 10:56 HORAS\" >26 DE ENERO DE 2022, A LAS 10:56 HORAS <\/td><td data-cell-id=\"B108\" data-x=\"1\" data-y=\"108\" data-db-index=\"108\" class=\"fsize-18\" data-cell-type=\"text\" data-original-value=\"CARLOS JAVIER DZUL AKE, QUIEN SE OSTENTA COMO CANDIDATO PROPIETARIO POR LA F\u00d3RMULA DE LA PLANILLA BLANCA PARA LA ELECCI\u00d3N DE COMISARIO MUNICIPAL DE LA LOCALIDAD DE BACABCH\u00c9N, MUNICIPIO DE DZITBALCH\u00c9\" data-order=\"CARLOS JAVIER DZUL AKE, QUIEN SE OSTENTA COMO CANDIDATO PROPIETARIO POR LA F\u00d3RMULA DE LA PLANILLA BLANCA PARA LA ELECCI\u00d3N DE COMISARIO MUNICIPAL DE LA LOCALIDAD DE BACABCH\u00c9N, MUNICIPIO DE DZITBALCH\u00c9\" >CARLOS JAVIER DZUL AKE, QUIEN SE OSTENTA COMO CANDIDATO PROPIETARIO POR LA F\u00d3RMULA DE LA PLANILLA BLANCA PARA LA ELECCI\u00d3N DE COMISARIO MUNICIPAL DE LA LOCALIDAD DE BACABCH\u00c9N, MUNICIPIO DE DZITBALCH\u00c9 <\/td><td data-cell-id=\"C108\" data-x=\"2\" data-y=\"108\" data-db-index=\"108\" class=\"fsize-18\" data-cell-type=\"text\" data-original-value=\"H. AYUNTAMIENTO DEL MUNICIPIO DE DZITBALCH\u00c9, CAMPECHE\" data-order=\"H. AYUNTAMIENTO DEL MUNICIPIO DE DZITBALCH\u00c9, CAMPECHE\" >H. AYUNTAMIENTO DEL MUNICIPIO DE DZITBALCH\u00c9, CAMPECHE <\/td><td data-cell-id=\"D108\" data-x=\"3\" data-y=\"108\" data-db-index=\"108\" class=\"fsize-18\" data-cell-type=\"text\" data-original-value=\"&lt;a href=&quot;https:\/\/teec.org.mx\/web\/wp-content\/uploads\/2022\/01\/TEEC-JDC-29-2021-26-01-2022.pdf&quot; target=&quot;_blank&quot;&gt;TEEC\/JDC\/29\/2021 (QUEDA FIRME LA SENTENCIA)&lt;\/a&gt;\" data-order=\"&lt;a href=&quot;https:\/\/teec.org.mx\/web\/wp-content\/uploads\/2022\/01\/TEEC-JDC-29-2021-26-01-2022.pdf&quot; target=&quot;_blank&quot;&gt;TEEC\/JDC\/29\/2021 (QUEDA FIRME LA SENTENCIA)&lt;\/a&gt;\" ><a href=\"https:\/\/teec.org.mx\/web\/wp-content\/uploads\/2022\/01\/TEEC-JDC-29-2021-26-01-2022.pdf\" target=\"_blank\">TEEC\/JDC\/29\/2021 (QUEDA FIRME LA SENTENCIA)<\/a><\/td><\/tr><tr style=\"height:px\" ><td data-cell-id=\"A109\" data-x=\"0\" data-y=\"109\" data-db-index=\"109\" class=\"fsize-18\" data-cell-type=\"text\" data-original-value=\"25 DE ENERO DE 2022, A LAS 14:35 HORAS\" data-order=\"25 DE ENERO DE 2022, A LAS 14:35 HORAS\" >25 DE ENERO DE 2022, A LAS 14:35 HORAS <\/td><td data-cell-id=\"B109\" data-x=\"1\" data-y=\"109\" data-db-index=\"109\" class=\"fsize-18\" data-cell-type=\"text\" data-original-value=\"EZEQUIEL MART\u00cdNEZ GARC\u00cdA Y ANA ISABEL S\u00c1NCHEZ CASTILLO, QUIENES SE OSTENTAN COMO PARTICIPANTES A LA COMISAR\u00cdA DE CHICBUL, MUNICIPIO DEL CARMEN, CAMPECHE\" data-order=\"EZEQUIEL MART\u00cdNEZ GARC\u00cdA Y ANA ISABEL S\u00c1NCHEZ CASTILLO, QUIENES SE OSTENTAN COMO PARTICIPANTES A LA COMISAR\u00cdA DE CHICBUL, MUNICIPIO DEL CARMEN, CAMPECHE\" >EZEQUIEL MART\u00cdNEZ GARC\u00cdA Y ANA ISABEL S\u00c1NCHEZ CASTILLO, QUIENES SE OSTENTAN COMO PARTICIPANTES A LA COMISAR\u00cdA DE CHICBUL, MUNICIPIO DEL CARMEN, CAMPECHE <\/td><td data-cell-id=\"C109\" data-x=\"2\" data-y=\"109\" data-db-index=\"109\" class=\"fsize-18\" data-cell-type=\"text\" data-original-value=\"H. AYUNTAMIENTO DEL MUNICIPIO DE CARMEN, CAMPECHE, H. CABILDO AYUNTAMIENTO DEL MUNICIPIO DE CARMEN, CAMPECHE, Y PRESIDENTE MUNICIPAL DEL CARMEN, CAMPECHE\" data-order=\"H. AYUNTAMIENTO DEL MUNICIPIO DE CARMEN, CAMPECHE, H. CABILDO AYUNTAMIENTO DEL MUNICIPIO DE CARMEN, CAMPECHE, Y PRESIDENTE MUNICIPAL DEL CARMEN, CAMPECHE\" >H. AYUNTAMIENTO DEL MUNICIPIO DE CARMEN, CAMPECHE, H. CABILDO AYUNTAMIENTO DEL MUNICIPIO DE CARMEN, CAMPECHE, Y PRESIDENTE MUNICIPAL DEL CARMEN, CAMPECHE <\/td><td data-cell-id=\"D109\" data-x=\"3\" data-y=\"109\" data-db-index=\"109\" class=\"fsize-18\" data-cell-type=\"text\" data-original-value=\"&lt;a href=&quot;https:\/\/teec.org.mx\/web\/wp-content\/uploads\/2022\/01\/TEEC-JDC-28-2022-desahogo-pruebas-tecnicas-25-01-2022.pdf&quot; target=&quot;_blank&quot;&gt;TEEC\/JDC\/28\/2021 (DILIGENCIA DE DESAHOGO DE PRUEBA T\u00c9CNICA)&lt;\/a&gt;\" data-order=\"&lt;a href=&quot;https:\/\/teec.org.mx\/web\/wp-content\/uploads\/2022\/01\/TEEC-JDC-28-2022-desahogo-pruebas-tecnicas-25-01-2022.pdf&quot; target=&quot;_blank&quot;&gt;TEEC\/JDC\/28\/2021 (DILIGENCIA DE DESAHOGO DE PRUEBA T\u00c9CNICA)&lt;\/a&gt;\" ><a href=\"https:\/\/teec.org.mx\/web\/wp-content\/uploads\/2022\/01\/TEEC-JDC-28-2022-desahogo-pruebas-tecnicas-25-01-2022.pdf\" target=\"_blank\">TEEC\/JDC\/28\/2021 (DILIGENCIA DE DESAHOGO DE PRUEBA T\u00c9CNICA)<\/a><\/td><\/tr><tr style=\"height:px\" ><td data-cell-id=\"A110\" data-x=\"0\" data-y=\"110\" data-db-index=\"110\" class=\"fsize-18\" data-cell-type=\"text\" data-original-value=\"25 DE ENERO DE 2021, A LAS 10:30 HORAS\" data-order=\"25 DE ENERO DE 2021, A LAS 10:30 HORAS\" >25 DE ENERO DE 2021, A LAS 10:30 HORAS <\/td><td data-cell-id=\"B110\" data-x=\"1\" data-y=\"110\" data-db-index=\"110\" class=\"fsize-18\" data-cell-type=\"text\" data-original-value=\"EZEQUIEL MART\u00cdNEZ GARC\u00cdA Y ANA ISABEL S\u00c1NCHEZ CASTILLO, QUIENES SE OSTENTAN COMO PARTICIPANTES A LA COMISAR\u00cdA DE CHICBU, MUNICIPIO DEL CARMEN, CAMPECHE\" data-order=\"EZEQUIEL MART\u00cdNEZ GARC\u00cdA Y ANA ISABEL S\u00c1NCHEZ CASTILLO, QUIENES SE OSTENTAN COMO PARTICIPANTES A LA COMISAR\u00cdA DE CHICBU, MUNICIPIO DEL CARMEN, CAMPECHE\" >EZEQUIEL MART\u00cdNEZ GARC\u00cdA Y ANA ISABEL S\u00c1NCHEZ CASTILLO, QUIENES SE OSTENTAN COMO PARTICIPANTES A LA COMISAR\u00cdA DE CHICBU, MUNICIPIO DEL CARMEN, CAMPECHE <\/td><td data-cell-id=\"C110\" data-x=\"2\" data-y=\"110\" data-db-index=\"110\" class=\"fsize-18\" data-cell-type=\"text\" data-original-value=\"H. AYUNTAMIENTO DEL MUNICIPIO DE CARMEN, CAMPECHE, H. CABILDO AYUNTAMIENTO DEL MUNICIPIO DE CARMEN, CAMPECHE, Y PRESIDENTE MUNICIPAL DEL CARMEN, CAMPECHE\" data-order=\"H. AYUNTAMIENTO DEL MUNICIPIO DE CARMEN, CAMPECHE, H. CABILDO AYUNTAMIENTO DEL MUNICIPIO DE CARMEN, CAMPECHE, Y PRESIDENTE MUNICIPAL DEL CARMEN, CAMPECHE\" >H. AYUNTAMIENTO DEL MUNICIPIO DE CARMEN, CAMPECHE, H. CABILDO AYUNTAMIENTO DEL MUNICIPIO DE CARMEN, CAMPECHE, Y PRESIDENTE MUNICIPAL DEL CARMEN, CAMPECHE <\/td><td data-cell-id=\"D110\" data-x=\"3\" data-y=\"110\" data-db-index=\"110\" class=\"fsize-18\" data-cell-type=\"text\" data-original-value=\"&lt;a href=&quot;https:\/\/teec.org.mx\/web\/wp-content\/uploads\/2022\/01\/TEEC-JDC-28-2021-diligencia-25-01-2022.pdf&quot; target=&quot;_blank&quot;&gt;TEEC\/JDC\/28\/2021 (DILIGENCIA DE RATIFICACI\u00d3N DE FIRMAS)&lt;\/a&gt;\" data-order=\"&lt;a href=&quot;https:\/\/teec.org.mx\/web\/wp-content\/uploads\/2022\/01\/TEEC-JDC-28-2021-diligencia-25-01-2022.pdf&quot; target=&quot;_blank&quot;&gt;TEEC\/JDC\/28\/2021 (DILIGENCIA DE RATIFICACI\u00d3N DE FIRMAS)&lt;\/a&gt;\" ><a href=\"https:\/\/teec.org.mx\/web\/wp-content\/uploads\/2022\/01\/TEEC-JDC-28-2021-diligencia-25-01-2022.pdf\" target=\"_blank\">TEEC\/JDC\/28\/2021 (DILIGENCIA DE RATIFICACI\u00d3N DE FIRMAS)<\/a><\/td><\/tr><tr style=\"height:px\" ><td data-cell-id=\"A111\" data-x=\"0\" data-y=\"111\" data-db-index=\"111\" class=\"fsize-18\" data-cell-type=\"text\" data-original-value=\"24 DE ENERO DE 2022, A LAS 13:50 HORAS\" data-order=\"24 DE ENERO DE 2022, A LAS 13:50 HORAS\" >24 DE ENERO DE 2022, A LAS 13:50 HORAS <\/td><td data-cell-id=\"B111\" data-x=\"1\" data-y=\"111\" data-db-index=\"111\" class=\"fsize-18\" data-cell-type=\"text\" data-original-value=\"LEOPOLDO ANDR\u00c9S HERN\u00c1NDEZ LEZAMA, EDUARDO JONATHAN VELA MAGA\u00d1A, MAR\u00cdA JES\u00daS MONTEJO \u00c1LVAREZ, SILVIA C\u00c1MARA LE\u00d3N, CARMEN CRUZ HERN\u00c1NDEZ MATEO, FRANCISCA Z\u00c1RATE L\u00d3PEZ, JULIO C\u00c9SAR PULIDO CONTRERAS Y JOS\u00c9 DANIEL HERN\u00c1NDEZ SOSA, QUIENES SE OSTENTAN COMO S\u00cdNDICO ADMINISTRATIVO Y REGIDORES DEL MUNICIPIO DE CARMEN, CAMPECHE, RESPECTIVAMENTE\" data-order=\"LEOPOLDO ANDR\u00c9S HERN\u00c1NDEZ LEZAMA, EDUARDO JONATHAN VELA MAGA\u00d1A, MAR\u00cdA JES\u00daS MONTEJO \u00c1LVAREZ, SILVIA C\u00c1MARA LE\u00d3N, CARMEN CRUZ HERN\u00c1NDEZ MATEO, FRANCISCA Z\u00c1RATE L\u00d3PEZ, JULIO C\u00c9SAR PULIDO CONTRERAS Y JOS\u00c9 DANIEL HERN\u00c1NDEZ SOSA, QUIENES SE OSTENTAN COMO S\u00cdNDICO ADMINISTRATIVO Y REGIDORES DEL MUNICIPIO DE CARMEN, CAMPECHE, RESPECTIVAMENTE\" >LEOPOLDO ANDR\u00c9S HERN\u00c1NDEZ LEZAMA, EDUARDO JONATHAN VELA MAGA\u00d1A, MAR\u00cdA JES\u00daS MONTEJO \u00c1LVAREZ, SILVIA C\u00c1MARA LE\u00d3N, CARMEN CRUZ HERN\u00c1NDEZ MATEO, FRANCISCA Z\u00c1RATE L\u00d3PEZ, JULIO C\u00c9SAR PULIDO CONTRERAS Y JOS\u00c9 DANIEL HERN\u00c1NDEZ SOSA, QUIENES SE OSTENTAN COMO S\u00cdNDICO ADMINISTRATIVO Y REGIDORES DEL MUNICIPIO DE CARMEN, CAMPECHE, RESPECTIVAMENTE <\/td><td data-cell-id=\"C111\" data-x=\"2\" data-y=\"111\" data-db-index=\"111\" class=\"fsize-18\" data-cell-type=\"text\" data-original-value=\"PRESIDENTE MUNICIPAL DE CARMEN, CAMPECHE PABLO GUTI\u00c9RREZ LAZARUS Y EL HONORABLE AYUNTAMIENTO DEL MUNICIPIO DE CARMEN, CAMPECHE\" data-order=\"PRESIDENTE MUNICIPAL DE CARMEN, CAMPECHE PABLO GUTI\u00c9RREZ LAZARUS Y EL HONORABLE AYUNTAMIENTO DEL MUNICIPIO DE CARMEN, CAMPECHE\" >PRESIDENTE MUNICIPAL DE CARMEN, CAMPECHE PABLO GUTI\u00c9RREZ LAZARUS Y EL HONORABLE AYUNTAMIENTO DEL MUNICIPIO DE CARMEN, CAMPECHE <\/td><td data-cell-id=\"D111\" data-x=\"3\" data-y=\"111\" data-db-index=\"111\" class=\"fsize-18\" data-cell-type=\"text\" data-original-value=\"&lt;a href=&quot;https:\/\/teec.org.mx\/web\/wp-content\/uploads\/2022\/01\/TEEC-JDC-2-2022-24-01-2022.pdf&quot; target=&quot;_blank&quot;&gt;TEEC\/JDC\/2\/2022 (ACUERDO DE RECEPCI\u00d3N Y RADICACI\u00d3N)&lt;\/a&gt;\" data-order=\"&lt;a href=&quot;https:\/\/teec.org.mx\/web\/wp-content\/uploads\/2022\/01\/TEEC-JDC-2-2022-24-01-2022.pdf&quot; target=&quot;_blank&quot;&gt;TEEC\/JDC\/2\/2022 (ACUERDO DE RECEPCI\u00d3N Y RADICACI\u00d3N)&lt;\/a&gt;\" ><a href=\"https:\/\/teec.org.mx\/web\/wp-content\/uploads\/2022\/01\/TEEC-JDC-2-2022-24-01-2022.pdf\" target=\"_blank\">TEEC\/JDC\/2\/2022 (ACUERDO DE RECEPCI\u00d3N Y RADICACI\u00d3N)<\/a><\/td><\/tr><tr style=\"height:px\" ><td data-cell-id=\"A112\" data-x=\"0\" data-y=\"112\" data-db-index=\"112\" class=\"fsize-18\" data-cell-type=\"text\" data-original-value=\"21 DE ENERO DE 2022, A LAS 12:15 HORAS\" data-order=\"21 DE ENERO DE 2022, A LAS 12:15 HORAS\" >21 DE ENERO DE 2022, A LAS 12:15 HORAS <\/td><td data-cell-id=\"B112\" data-x=\"1\" data-y=\"112\" data-db-index=\"112\" class=\"fsize-18\" data-cell-type=\"text\" data-original-value=\"LEOPOLDO ANDR\u00c9S HERN\u00c1NDEZ LEZAMA, EDUARDO JONATHAN VELA MAGA\u00d1A, MAR\u00cdA JES\u00daS MONTEJO \u00c1LVAREZ, SILVIA C\u00c1MARA LE\u00d3N, CARMEN CRUZ HERN\u00c1NDEZ MATEO, FRANCISCA Z\u00c1RATE L\u00d3PEZ, JULIO C\u00c9SAR PULIDO CONTRERAS Y JOS\u00c9 DANIEL HERN\u00c1NDEZ SOSA, QUIENES SE OSTENTAN COMO S\u00cdNDICO ADMINISTRATIVO Y REGIDORES POR EL PRINCIPIO DE REPRESENTACI\u00d3N PROPORCIONAL Y ELECCI\u00d3N POPULAR, RESPECTIVAMENTE DEL MUNICIPIO DE CARMEN, CAMPECHE\" data-order=\"LEOPOLDO ANDR\u00c9S HERN\u00c1NDEZ LEZAMA, EDUARDO JONATHAN VELA MAGA\u00d1A, MAR\u00cdA JES\u00daS MONTEJO \u00c1LVAREZ, SILVIA C\u00c1MARA LE\u00d3N, CARMEN CRUZ HERN\u00c1NDEZ MATEO, FRANCISCA Z\u00c1RATE L\u00d3PEZ, JULIO C\u00c9SAR PULIDO CONTRERAS Y JOS\u00c9 DANIEL HERN\u00c1NDEZ SOSA, QUIENES SE OSTENTAN COMO S\u00cdNDICO ADMINISTRATIVO Y REGIDORES POR EL PRINCIPIO DE REPRESENTACI\u00d3N PROPORCIONAL Y ELECCI\u00d3N POPULAR, RESPECTIVAMENTE DEL MUNICIPIO DE CARMEN, CAMPECHE\" >LEOPOLDO ANDR\u00c9S HERN\u00c1NDEZ LEZAMA, EDUARDO JONATHAN VELA MAGA\u00d1A, MAR\u00cdA JES\u00daS MONTEJO \u00c1LVAREZ, SILVIA C\u00c1MARA LE\u00d3N, CARMEN CRUZ HERN\u00c1NDEZ MATEO, FRANCISCA Z\u00c1RATE L\u00d3PEZ, JULIO C\u00c9SAR PULIDO CONTRERAS Y JOS\u00c9 DANIEL HERN\u00c1NDEZ SOSA, QUIENES SE OSTENTAN COMO S\u00cdNDICO ADMINISTRATIVO Y REGIDORES POR EL PRINCIPIO DE REPRESENTACI\u00d3N PROPORCIONAL Y ELECCI\u00d3N POPULAR, RESPECTIVAMENTE DEL MUNICIPIO DE CARMEN, CAMPECHE <\/td><td data-cell-id=\"C112\" data-x=\"2\" data-y=\"112\" data-db-index=\"112\" class=\"fsize-18\" data-cell-type=\"text\" data-original-value=\"LIC. PABLO GUTI\u00c9RREZ LAZARUS (PRESIDENTE MUNICIPAL DE CARMEN) Y AYUNTAMIENTO DEL MUNICIPIO DE CARMEN, CAMPECHE.\u201d (SIC)\" data-order=\"LIC. PABLO GUTI\u00c9RREZ LAZARUS (PRESIDENTE MUNICIPAL DE CARMEN) Y AYUNTAMIENTO DEL MUNICIPIO DE CARMEN, CAMPECHE.\u201d (SIC)\" >LIC. PABLO GUTI\u00c9RREZ LAZARUS (PRESIDENTE MUNICIPAL DE CARMEN) Y AYUNTAMIENTO DEL MUNICIPIO DE CARMEN, CAMPECHE.\u201d (SIC) <\/td><td data-cell-id=\"D112\" data-x=\"3\" data-y=\"112\" data-db-index=\"112\" class=\"fsize-18\" data-cell-type=\"text\" data-original-value=\"&lt;a href=&quot;https:\/\/teec.org.mx\/web\/wp-content\/uploads\/2022\/01\/TEEC-JDC-2-2022-21-01-2022.pdf&quot; target=&quot;_blank&quot;&gt;TEEC\/JDC\/2\/2022 (ACUERDO DE TURNO)&lt;\/a&gt;\" data-order=\"&lt;a href=&quot;https:\/\/teec.org.mx\/web\/wp-content\/uploads\/2022\/01\/TEEC-JDC-2-2022-21-01-2022.pdf&quot; target=&quot;_blank&quot;&gt;TEEC\/JDC\/2\/2022 (ACUERDO DE TURNO)&lt;\/a&gt;\" ><a href=\"https:\/\/teec.org.mx\/web\/wp-content\/uploads\/2022\/01\/TEEC-JDC-2-2022-21-01-2022.pdf\" target=\"_blank\">TEEC\/JDC\/2\/2022 (ACUERDO DE TURNO)<\/a><\/td><\/tr><tr style=\"height:px\" ><td data-cell-id=\"A113\" data-x=\"0\" data-y=\"113\" data-db-index=\"113\" class=\"fsize-18\" data-cell-type=\"text\" data-original-value=\"20 DE ENERO DE 2022, A LAS 11:05 HORAS\" data-order=\"20 DE ENERO DE 2022, A LAS 11:05 HORAS\" >20 DE ENERO DE 2022, A LAS 11:05 HORAS <\/td><td data-cell-id=\"B113\" data-x=\"1\" data-y=\"113\" data-db-index=\"113\" class=\"fsize-18\" data-cell-type=\"text\" data-original-value=\"MARIA NARCISA DZUL CAUICH\" data-order=\"MARIA NARCISA DZUL CAUICH\" >MARIA NARCISA DZUL CAUICH <\/td><td data-cell-id=\"C113\" data-x=\"2\" data-y=\"113\" data-db-index=\"113\" class=\"fsize-18\" data-cell-type=\"text\" data-original-value=\"JOS\u00c9 DOLORES BRITO PECH, PRESIDENTE DEL H. AYUNTAMIENTO DEL MUNICIPIO DE HECELCHAK\u00c1N, CAMPECHE, CABILDO DEL H. AYUNTAMIENTO DEL MUNICIPIO DE HECELCHAK\u00c1N, CAMPECHE\" data-order=\"JOS\u00c9 DOLORES BRITO PECH, PRESIDENTE DEL H. AYUNTAMIENTO DEL MUNICIPIO DE HECELCHAK\u00c1N, CAMPECHE, CABILDO DEL H. AYUNTAMIENTO DEL MUNICIPIO DE HECELCHAK\u00c1N, CAMPECHE\" >JOS\u00c9 DOLORES BRITO PECH, PRESIDENTE DEL H. AYUNTAMIENTO DEL MUNICIPIO DE HECELCHAK\u00c1N, CAMPECHE, CABILDO DEL H. AYUNTAMIENTO DEL MUNICIPIO DE HECELCHAK\u00c1N, CAMPECHE <\/td><td data-cell-id=\"D113\" data-x=\"3\" data-y=\"113\" data-db-index=\"113\" class=\"fsize-18\" data-cell-type=\"text\" data-original-value=\"&lt;a href=&quot;https:\/\/teec.org.mx\/web\/wp-content\/uploads\/2022\/01\/TEEC-JDC-1-2022-20-01-2022.pdf&quot; target=&quot;_blank&quot;&gt;TEEC\/JDC\/1\/2022 (ACUERDO DE ADMISI\u00d3N)&lt;\/a&gt;\" data-order=\"&lt;a href=&quot;https:\/\/teec.org.mx\/web\/wp-content\/uploads\/2022\/01\/TEEC-JDC-1-2022-20-01-2022.pdf&quot; target=&quot;_blank&quot;&gt;TEEC\/JDC\/1\/2022 (ACUERDO DE ADMISI\u00d3N)&lt;\/a&gt;\" ><a href=\"https:\/\/teec.org.mx\/web\/wp-content\/uploads\/2022\/01\/TEEC-JDC-1-2022-20-01-2022.pdf\" target=\"_blank\">TEEC\/JDC\/1\/2022 (ACUERDO DE ADMISI\u00d3N)<\/a><\/td><\/tr><tr style=\"height:px\" ><td data-cell-id=\"A114\" data-x=\"0\" data-y=\"114\" data-db-index=\"114\" class=\"fsize-18\" data-cell-type=\"text\" data-original-value=\"19 DE ENERO DE 2021, A LAS 14:05 HORAS\" data-order=\"19 DE ENERO DE 2021, A LAS 14:05 HORAS\" >19 DE ENERO DE 2021, A LAS 14:05 HORAS <\/td><td data-cell-id=\"B114\" data-x=\"1\" data-y=\"114\" data-db-index=\"114\" class=\"fsize-18\" data-cell-type=\"text\" data-original-value=\"EZEQUIEL MART\u00cdNEZ GARC\u00cdA Y ANA ISABEL S\u00c1NCHEZ CASTILLO, QUIENES SE OSTENTAN COMO PARTICIPANTES A LA COMISAR\u00cdA DE CHICBU, MUNICIPIO DEL CARMEN, CAMPECHE\" data-order=\"EZEQUIEL MART\u00cdNEZ GARC\u00cdA Y ANA ISABEL S\u00c1NCHEZ CASTILLO, QUIENES SE OSTENTAN COMO PARTICIPANTES A LA COMISAR\u00cdA DE CHICBU, MUNICIPIO DEL CARMEN, CAMPECHE\" >EZEQUIEL MART\u00cdNEZ GARC\u00cdA Y ANA ISABEL S\u00c1NCHEZ CASTILLO, QUIENES SE OSTENTAN COMO PARTICIPANTES A LA COMISAR\u00cdA DE CHICBU, MUNICIPIO DEL CARMEN, CAMPECHE <\/td><td data-cell-id=\"C114\" data-x=\"2\" data-y=\"114\" data-db-index=\"114\" class=\"fsize-18\" data-cell-type=\"text\" data-original-value=\"H. AYUNTAMIENTO DEL MUNICIPIO DE CARMEN, CAMPECHE, H. CABILDO AYUNTAMIENTO DEL MUNICIPIO DE CARMEN, CAMPECHE, Y PRESIDENTE MUNICIPAL DEL CARMEN, CAMPECHE\" data-order=\"H. AYUNTAMIENTO DEL MUNICIPIO DE CARMEN, CAMPECHE, H. CABILDO AYUNTAMIENTO DEL MUNICIPIO DE CARMEN, CAMPECHE, Y PRESIDENTE MUNICIPAL DEL CARMEN, CAMPECHE\" >H. AYUNTAMIENTO DEL MUNICIPIO DE CARMEN, CAMPECHE, H. CABILDO AYUNTAMIENTO DEL MUNICIPIO DE CARMEN, CAMPECHE, Y PRESIDENTE MUNICIPAL DEL CARMEN, CAMPECHE <\/td><td data-cell-id=\"D114\" data-x=\"3\" data-y=\"114\" data-db-index=\"114\" class=\"fsize-18\" data-cell-type=\"text\" data-original-value=\"&lt;a href=&quot;https:\/\/teec.org.mx\/web\/wp-content\/uploads\/2022\/01\/TEEC-JDC-28-2021-19-01-2022.pdf&quot; target=&quot;_blank&quot;&gt;TEEC\/JDC\/28\/2021 (SE FIJA FECHA Y HORA PARA RATIFICACI\u00d3N DE FIRMAS)&lt;\/a&gt;\" data-order=\"&lt;a href=&quot;https:\/\/teec.org.mx\/web\/wp-content\/uploads\/2022\/01\/TEEC-JDC-28-2021-19-01-2022.pdf&quot; target=&quot;_blank&quot;&gt;TEEC\/JDC\/28\/2021 (SE FIJA FECHA Y HORA PARA RATIFICACI\u00d3N DE FIRMAS)&lt;\/a&gt;\" ><a href=\"https:\/\/teec.org.mx\/web\/wp-content\/uploads\/2022\/01\/TEEC-JDC-28-2021-19-01-2022.pdf\" target=\"_blank\">TEEC\/JDC\/28\/2021 (SE FIJA FECHA Y HORA PARA RATIFICACI\u00d3N DE FIRMAS)<\/a><\/td><\/tr><tr style=\"height:px\" ><td data-cell-id=\"A115\" data-x=\"0\" data-y=\"115\" data-db-index=\"115\" class=\"fsize-18\" data-cell-type=\"text\" data-original-value=\"19 DE ENERO DE 2022, A LAS 13:15 HORAS\" data-order=\"19 DE ENERO DE 2022, A LAS 13:15 HORAS\" >19 DE ENERO DE 2022, A LAS 13:15 HORAS <\/td><td data-cell-id=\"B115\" data-x=\"1\" data-y=\"115\" data-db-index=\"115\" class=\"fsize-18\" data-cell-type=\"text\" data-original-value=\"SANTOS ELIGIO KANTUN MARTIN, QUIEN SE OSTENTA COMO CANDIDATO DE LA PLANILLA DORADA A LA COMISAR\u00cdA MUNICIPAL DE XMABEN, HOPELCH\u00c9N CAMPECHE\" data-order=\"SANTOS ELIGIO KANTUN MARTIN, QUIEN SE OSTENTA COMO CANDIDATO DE LA PLANILLA DORADA A LA COMISAR\u00cdA MUNICIPAL DE XMABEN, HOPELCH\u00c9N CAMPECHE\" >SANTOS ELIGIO KANTUN MARTIN, QUIEN SE OSTENTA COMO CANDIDATO DE LA PLANILLA DORADA A LA COMISAR\u00cdA MUNICIPAL DE XMABEN, HOPELCH\u00c9N CAMPECHE <\/td><td data-cell-id=\"C115\" data-x=\"2\" data-y=\"115\" data-db-index=\"115\" class=\"fsize-18\" data-cell-type=\"text\" data-original-value=\"H. AYUNTAMIENTO DEL MUNICIPIO DE HOPELCH\u00c9N, CAMPECHE, SECRETARIO DEL H. AYUNTAMIENTO DEL MUNICIPIO DEL HOPELCH\u00c9N, CAMPECHE, H. CABILDO H. AYUNTAMIENTO DEL MUNICIPIO DEL HOPELCH\u00c9N, CAMPECHE\" data-order=\"H. AYUNTAMIENTO DEL MUNICIPIO DE HOPELCH\u00c9N, CAMPECHE, SECRETARIO DEL H. AYUNTAMIENTO DEL MUNICIPIO DEL HOPELCH\u00c9N, CAMPECHE, H. CABILDO H. AYUNTAMIENTO DEL MUNICIPIO DEL HOPELCH\u00c9N, CAMPECHE\" >H. AYUNTAMIENTO DEL MUNICIPIO DE HOPELCH\u00c9N, CAMPECHE, SECRETARIO DEL H. AYUNTAMIENTO DEL MUNICIPIO DEL HOPELCH\u00c9N, CAMPECHE, H. CABILDO H. AYUNTAMIENTO DEL MUNICIPIO DEL HOPELCH\u00c9N, CAMPECHE <\/td><td data-cell-id=\"D115\" data-x=\"3\" data-y=\"115\" data-db-index=\"115\" class=\"fsize-18\" data-cell-type=\"text\" data-original-value=\"&lt;a href=&quot;https:\/\/teec.org.mx\/web\/wp-content\/uploads\/2022\/01\/TEEC-JDC-30-2021-sentencia-19-01-2022.pdf&quot; target=&quot;_blank&quot;&gt;TEEC\/JDC\/30\/2021 (SENTENCIA)&lt;\/a&gt;\" data-order=\"&lt;a href=&quot;https:\/\/teec.org.mx\/web\/wp-content\/uploads\/2022\/01\/TEEC-JDC-30-2021-sentencia-19-01-2022.pdf&quot; target=&quot;_blank&quot;&gt;TEEC\/JDC\/30\/2021 (SENTENCIA)&lt;\/a&gt;\" ><a href=\"https:\/\/teec.org.mx\/web\/wp-content\/uploads\/2022\/01\/TEEC-JDC-30-2021-sentencia-19-01-2022.pdf\" target=\"_blank\">TEEC\/JDC\/30\/2021 (SENTENCIA)<\/a><\/td><\/tr><tr style=\"height:px\" ><td data-cell-id=\"A116\" data-x=\"0\" data-y=\"116\" data-db-index=\"116\" class=\"fsize-18\" data-cell-type=\"text\" data-original-value=\"19 DE ENERO DE 2022, A LAS 12:50 HORAS\" data-order=\"19 DE ENERO DE 2022, A LAS 12:50 HORAS\" >19 DE ENERO DE 2022, A LAS 12:50 HORAS <\/td><td data-cell-id=\"B116\" data-x=\"1\" data-y=\"116\" data-db-index=\"116\" class=\"fsize-18\" data-cell-type=\"text\" data-original-value=\"MARIO ALBERTO ABURTO MONTOY, CANDIDATO DE LA PLANILLA NEGRA EN EL PROCESO DE LA ELECCI\u00d3N DE COMISARIOS MUNICIPALES DE LA LOCALIDAD DE SAMUL\u00c1\" data-order=\"MARIO ALBERTO ABURTO MONTOY, CANDIDATO DE LA PLANILLA NEGRA EN EL PROCESO DE LA ELECCI\u00d3N DE COMISARIOS MUNICIPALES DE LA LOCALIDAD DE SAMUL\u00c1\" >MARIO ALBERTO ABURTO MONTOY, CANDIDATO DE LA PLANILLA NEGRA EN EL PROCESO DE LA ELECCI\u00d3N DE COMISARIOS MUNICIPALES DE LA LOCALIDAD DE SAMUL\u00c1 <\/td><td data-cell-id=\"C116\" data-x=\"2\" data-y=\"116\" data-db-index=\"116\" class=\"fsize-18\" data-cell-type=\"text\" data-original-value=\"HONORABLE AYUNTAMIENTO DEL MUNICIPIO DE CAMPECHE, CAMPECHE\" data-order=\"HONORABLE AYUNTAMIENTO DEL MUNICIPIO DE CAMPECHE, CAMPECHE\" >HONORABLE AYUNTAMIENTO DEL MUNICIPIO DE CAMPECHE, CAMPECHE <\/td><td data-cell-id=\"D116\" data-x=\"3\" data-y=\"116\" data-db-index=\"116\" class=\"fsize-18\" data-cell-type=\"text\" data-original-value=\"&lt;a href=&quot;https:\/\/teec.org.mx\/web\/wp-content\/uploads\/2022\/01\/TEEC-JDC-27-2021-sentencia-19-01-2022.pdf&quot; target=&quot;_blank&quot;&gt;TEEC\/JDC\/27\/2021 (SENTENCIA)&lt;\/a&gt;\" data-order=\"&lt;a href=&quot;https:\/\/teec.org.mx\/web\/wp-content\/uploads\/2022\/01\/TEEC-JDC-27-2021-sentencia-19-01-2022.pdf&quot; target=&quot;_blank&quot;&gt;TEEC\/JDC\/27\/2021 (SENTENCIA)&lt;\/a&gt;\" ><a href=\"https:\/\/teec.org.mx\/web\/wp-content\/uploads\/2022\/01\/TEEC-JDC-27-2021-sentencia-19-01-2022.pdf\" target=\"_blank\">TEEC\/JDC\/27\/2021 (SENTENCIA)<\/a><\/td><\/tr><tr style=\"height:px\" ><td data-cell-id=\"A117\" data-x=\"0\" data-y=\"117\" data-db-index=\"117\" class=\"fsize-18\" data-cell-type=\"text\" data-original-value=\"18 DE ENERO DE 2022, A LAS 13:25 HORAS\" data-order=\"18 DE ENERO DE 2022, A LAS 13:25 HORAS\" >18 DE ENERO DE 2022, A LAS 13:25 HORAS <\/td><td data-cell-id=\"B117\" data-x=\"1\" data-y=\"117\" data-db-index=\"117\" class=\"fsize-18\" data-cell-type=\"text\" data-original-value=\"CARLOS JAVIER DZUL AKE, QUIEN SE OSTENTA COMO CANDIDATO PROPIETARIO POR LA F\u00d3RMULA DE LA PLANILLA BLANCA PARA LA ELECCI\u00d3N DE COMISARIO MUNICIPAL DE LA LOCALIDAD DE BACABCH\u00c9N, MUNICIPIO DE DZITBALCH\u00c9\" data-order=\"CARLOS JAVIER DZUL AKE, QUIEN SE OSTENTA COMO CANDIDATO PROPIETARIO POR LA F\u00d3RMULA DE LA PLANILLA BLANCA PARA LA ELECCI\u00d3N DE COMISARIO MUNICIPAL DE LA LOCALIDAD DE BACABCH\u00c9N, MUNICIPIO DE DZITBALCH\u00c9\" >CARLOS JAVIER DZUL AKE, QUIEN SE OSTENTA COMO CANDIDATO PROPIETARIO POR LA F\u00d3RMULA DE LA PLANILLA BLANCA PARA LA ELECCI\u00d3N DE COMISARIO MUNICIPAL DE LA LOCALIDAD DE BACABCH\u00c9N, MUNICIPIO DE DZITBALCH\u00c9 <\/td><td data-cell-id=\"C117\" data-x=\"2\" data-y=\"117\" data-db-index=\"117\" class=\"fsize-18\" data-cell-type=\"text\" data-original-value=\"H. AYUNTAMIENTO DEL MUNICIPIO DE DZITBALCH\u00c9, CAMPECHE\" data-order=\"H. AYUNTAMIENTO DEL MUNICIPIO DE DZITBALCH\u00c9, CAMPECHE\" >H. AYUNTAMIENTO DEL MUNICIPIO DE DZITBALCH\u00c9, CAMPECHE <\/td><td data-cell-id=\"D117\" data-x=\"3\" data-y=\"117\" data-db-index=\"117\" class=\"fsize-18\" data-cell-type=\"text\" data-original-value=\"&lt;a href=&quot;https:\/\/teec.org.mx\/web\/wp-content\/uploads\/2022\/01\/TEEC-JDC-29-2021-sentencia-18-01-2022.pdf&quot; target=&quot;_blank&quot;&gt;TEEC\/JDC\/29\/2021 (SENTENCIA)&lt;\/a&gt;\" data-order=\"&lt;a href=&quot;https:\/\/teec.org.mx\/web\/wp-content\/uploads\/2022\/01\/TEEC-JDC-29-2021-sentencia-18-01-2022.pdf&quot; target=&quot;_blank&quot;&gt;TEEC\/JDC\/29\/2021 (SENTENCIA)&lt;\/a&gt;\" ><a href=\"https:\/\/teec.org.mx\/web\/wp-content\/uploads\/2022\/01\/TEEC-JDC-29-2021-sentencia-18-01-2022.pdf\" target=\"_blank\">TEEC\/JDC\/29\/2021 (SENTENCIA)<\/a><\/td><\/tr><tr style=\"height:px\" ><td data-cell-id=\"A118\" data-x=\"0\" data-y=\"118\" data-db-index=\"118\" class=\"fsize-18\" data-cell-type=\"text\" data-original-value=\"18 DE ENERO DE 2022, A LAS 12:00 HORAS\" data-order=\"18 DE ENERO DE 2022, A LAS 12:00 HORAS\" >18 DE ENERO DE 2022, A LAS 12:00 HORAS <\/td><td data-cell-id=\"B118\" data-x=\"1\" data-y=\"118\" data-db-index=\"118\" class=\"fsize-18\" data-cell-type=\"text\" data-original-value=\"SANTOS ELIGIO KANTUN MARTIN, QUIEN SE OSTENTA COMO CANDIDATO DE LA PLANILLA DORADA A LA COMISAR\u00cdA MUNICIPAL DE XMABEN, HOPELCH\u00c9N CAMPECHE\" data-order=\"SANTOS ELIGIO KANTUN MARTIN, QUIEN SE OSTENTA COMO CANDIDATO DE LA PLANILLA DORADA A LA COMISAR\u00cdA MUNICIPAL DE XMABEN, HOPELCH\u00c9N CAMPECHE\" >SANTOS ELIGIO KANTUN MARTIN, QUIEN SE OSTENTA COMO CANDIDATO DE LA PLANILLA DORADA A LA COMISAR\u00cdA MUNICIPAL DE XMABEN, HOPELCH\u00c9N CAMPECHE <\/td><td data-cell-id=\"C118\" data-x=\"2\" data-y=\"118\" data-db-index=\"118\" class=\"fsize-18\" data-cell-type=\"text\" data-original-value=\"H. AYUNTAMIENTO DEL MUNICIPIO DE HOPELCH\u00c9N, CAMPECHE, SECRETARIO DEL H. AYUNTAMIENTO DEL MUNICIPIO DEL HOPELCH\u00c9N, CAMPECHE, H. CABILDO H. AYUNTAMIENTO DEL MUNICIPIO DEL HOPELCH\u00c9N, CAMPECHE\" data-order=\"H. AYUNTAMIENTO DEL MUNICIPIO DE HOPELCH\u00c9N, CAMPECHE, SECRETARIO DEL H. AYUNTAMIENTO DEL MUNICIPIO DEL HOPELCH\u00c9N, CAMPECHE, H. CABILDO H. AYUNTAMIENTO DEL MUNICIPIO DEL HOPELCH\u00c9N, CAMPECHE\" >H. AYUNTAMIENTO DEL MUNICIPIO DE HOPELCH\u00c9N, CAMPECHE, SECRETARIO DEL H. AYUNTAMIENTO DEL MUNICIPIO DEL HOPELCH\u00c9N, CAMPECHE, H. CABILDO H. AYUNTAMIENTO DEL MUNICIPIO DEL HOPELCH\u00c9N, CAMPECHE <\/td><td data-cell-id=\"D118\" data-x=\"3\" data-y=\"118\" data-db-index=\"118\" class=\"fsize-18\" data-cell-type=\"text\" data-original-value=\"&lt;a href=&quot;https:\/\/teec.org.mx\/web\/wp-content\/uploads\/2022\/01\/TEEC-JDC-30-2021-18-01-2022.pdf&quot; target=&quot;_blank&quot;&gt;TEEC\/JDC\/30\/2021 (SE FIJA FECHA Y HORA PARA SESI\u00d3N PUBLICA VIRTUAL)&lt;\/a&gt;\" data-order=\"&lt;a href=&quot;https:\/\/teec.org.mx\/web\/wp-content\/uploads\/2022\/01\/TEEC-JDC-30-2021-18-01-2022.pdf&quot; target=&quot;_blank&quot;&gt;TEEC\/JDC\/30\/2021 (SE FIJA FECHA Y HORA PARA SESI\u00d3N PUBLICA VIRTUAL)&lt;\/a&gt;\" ><a href=\"https:\/\/teec.org.mx\/web\/wp-content\/uploads\/2022\/01\/TEEC-JDC-30-2021-18-01-2022.pdf\" target=\"_blank\">TEEC\/JDC\/30\/2021 (SE FIJA FECHA Y HORA PARA SESI\u00d3N PUBLICA VIRTUAL)<\/a><\/td><\/tr><tr style=\"height:px\" ><td data-cell-id=\"A119\" data-x=\"0\" data-y=\"119\" data-db-index=\"119\" class=\"fsize-18\" data-cell-type=\"text\" data-original-value=\"18 DE ENERO DE 2021, A LAS 11:30 HORAS\" data-order=\"18 DE ENERO DE 2021, A LAS 11:30 HORAS\" >18 DE ENERO DE 2021, A LAS 11:30 HORAS <\/td><td data-cell-id=\"B119\" data-x=\"1\" data-y=\"119\" data-db-index=\"119\" class=\"fsize-18\" data-cell-type=\"text\" data-original-value=\"MARIO ALBERTO ABURTO MONTOY, CANDIDATO DE LA PLANILLA NEGRA EN EL PROCESO DE LA ELECCI\u00d3N DE COMISARIOS MUNICIPALES DE LA LOCALIDAD DE SAMUL\u00c1\" data-order=\"MARIO ALBERTO ABURTO MONTOY, CANDIDATO DE LA PLANILLA NEGRA EN EL PROCESO DE LA ELECCI\u00d3N DE COMISARIOS MUNICIPALES DE LA LOCALIDAD DE SAMUL\u00c1\" >MARIO ALBERTO ABURTO MONTOY, CANDIDATO DE LA PLANILLA NEGRA EN EL PROCESO DE LA ELECCI\u00d3N DE COMISARIOS MUNICIPALES DE LA LOCALIDAD DE SAMUL\u00c1 <\/td><td data-cell-id=\"C119\" data-x=\"2\" data-y=\"119\" data-db-index=\"119\" class=\"fsize-18\" data-cell-type=\"text\" data-original-value=\"HONORABLE AYUNTAMIENTO DEL MUNICIPIO DE CAMPECHE, CAMPECHE\" data-order=\"HONORABLE AYUNTAMIENTO DEL MUNICIPIO DE CAMPECHE, CAMPECHE\" >HONORABLE AYUNTAMIENTO DEL MUNICIPIO DE CAMPECHE, CAMPECHE <\/td><td data-cell-id=\"D119\" data-x=\"3\" data-y=\"119\" data-db-index=\"119\" class=\"fsize-18\" data-cell-type=\"text\" data-original-value=\"&lt;a href=&quot;https:\/\/teec.org.mx\/web\/wp-content\/uploads\/2022\/01\/TEEC-JDC-27-2021-18-01-2022.pdf&quot; target=&quot;_blank&quot;&gt;TEEC\/JDC\/27\/2021 (SE FIJA FECHA Y HORA PARA SESI\u00d3N P\u00daBLICA VIRTUAL)&lt;\/a&gt;\" data-order=\"&lt;a href=&quot;https:\/\/teec.org.mx\/web\/wp-content\/uploads\/2022\/01\/TEEC-JDC-27-2021-18-01-2022.pdf&quot; target=&quot;_blank&quot;&gt;TEEC\/JDC\/27\/2021 (SE FIJA FECHA Y HORA PARA SESI\u00d3N P\u00daBLICA VIRTUAL)&lt;\/a&gt;\" ><a href=\"https:\/\/teec.org.mx\/web\/wp-content\/uploads\/2022\/01\/TEEC-JDC-27-2021-18-01-2022.pdf\" target=\"_blank\">TEEC\/JDC\/27\/2021 (SE FIJA FECHA Y HORA PARA SESI\u00d3N P\u00daBLICA VIRTUAL)<\/a><\/td><\/tr><tr style=\"height:px\" ><td data-cell-id=\"A120\" data-x=\"0\" data-y=\"120\" data-db-index=\"120\" class=\"fsize-18\" data-cell-type=\"text\" data-original-value=\"17 DE ENERO DE 2021, A LAS 11:05 HORAS\" data-order=\"17 DE ENERO DE 2021, A LAS 11:05 HORAS\" >17 DE ENERO DE 2021, A LAS 11:05 HORAS <\/td><td data-cell-id=\"B120\" data-x=\"1\" data-y=\"120\" data-db-index=\"120\" class=\"fsize-18\" data-cell-type=\"text\" data-original-value=\"MARIO ALBERTO ABURTO MONTOY, CANDIDATO DE LA PLANILLA NEGRA EN EL PROCESO DE LA ELECCI\u00d3N DE COMISARIOS MUNICIPALES DE LA LOCALIDAD DE SAMUL\u00c1\" data-order=\"MARIO ALBERTO ABURTO MONTOY, CANDIDATO DE LA PLANILLA NEGRA EN EL PROCESO DE LA ELECCI\u00d3N DE COMISARIOS MUNICIPALES DE LA LOCALIDAD DE SAMUL\u00c1\" >MARIO ALBERTO ABURTO MONTOY, CANDIDATO DE LA PLANILLA NEGRA EN EL PROCESO DE LA ELECCI\u00d3N DE COMISARIOS MUNICIPALES DE LA LOCALIDAD DE SAMUL\u00c1 <\/td><td data-cell-id=\"C120\" data-x=\"2\" data-y=\"120\" data-db-index=\"120\" class=\"fsize-18\" data-cell-type=\"text\" data-original-value=\"HONORABLE AYUNTAMIENTO DEL MUNICIPIO DE CAMPECHE, CAMPECHE\" data-order=\"HONORABLE AYUNTAMIENTO DEL MUNICIPIO DE CAMPECHE, CAMPECHE\" >HONORABLE AYUNTAMIENTO DEL MUNICIPIO DE CAMPECHE, CAMPECHE <\/td><td data-cell-id=\"D120\" data-x=\"3\" data-y=\"120\" data-db-index=\"120\" class=\"fsize-18\" data-cell-type=\"text\" data-original-value=\"&lt;a href=&quot;https:\/\/teec.org.mx\/web\/wp-content\/uploads\/2022\/01\/TEEC-JDC-27-2021-17-01-2022.pdf&quot; target=&quot;_blank&quot;&gt;TEEC\/JDC\/27\/202 (ACUERDO DE CIERRE DE INSTRUCCI\u00d3N)&lt;\/a&gt;\" data-order=\"&lt;a href=&quot;https:\/\/teec.org.mx\/web\/wp-content\/uploads\/2022\/01\/TEEC-JDC-27-2021-17-01-2022.pdf&quot; target=&quot;_blank&quot;&gt;TEEC\/JDC\/27\/202 (ACUERDO DE CIERRE DE INSTRUCCI\u00d3N)&lt;\/a&gt;\" ><a href=\"https:\/\/teec.org.mx\/web\/wp-content\/uploads\/2022\/01\/TEEC-JDC-27-2021-17-01-2022.pdf\" target=\"_blank\">TEEC\/JDC\/27\/202 (ACUERDO DE CIERRE DE INSTRUCCI\u00d3N)<\/a><\/td><\/tr><tr style=\"height:px\" ><td data-cell-id=\"A121\" data-x=\"0\" data-y=\"121\" data-db-index=\"121\" class=\"fsize-18\" data-cell-type=\"text\" data-original-value=\"14 DE ENERO DE 2022, A LAS 11:20 HORAS\" data-order=\"14 DE ENERO DE 2022, A LAS 11:20 HORAS\" >14 DE ENERO DE 2022, A LAS 11:20 HORAS <\/td><td data-cell-id=\"B121\" data-x=\"1\" data-y=\"121\" data-db-index=\"121\" class=\"fsize-18\" data-cell-type=\"text\" data-original-value=\"MARIA NARCISA DZUL CAUICH\" data-order=\"MARIA NARCISA DZUL CAUICH\" >MARIA NARCISA DZUL CAUICH <\/td><td data-cell-id=\"C121\" data-x=\"2\" data-y=\"121\" data-db-index=\"121\" class=\"fsize-18\" data-cell-type=\"text\" data-original-value=\"JOS\u00c9 DOLORES BRITO PECH, PRESIDENTE MUNICIPAL DEL HONORABLE AYUNTAMIENTO DE HECELCHAK\u00c1N, CAMPECHE, Y CABILDO DEL H. AYUNTAMIENTO DEL MUNICIPIO DE HECELCHAK\u00c1N, CAMPECHE\" data-order=\"JOS\u00c9 DOLORES BRITO PECH, PRESIDENTE MUNICIPAL DEL HONORABLE AYUNTAMIENTO DE HECELCHAK\u00c1N, CAMPECHE, Y CABILDO DEL H. AYUNTAMIENTO DEL MUNICIPIO DE HECELCHAK\u00c1N, CAMPECHE\" >JOS\u00c9 DOLORES BRITO PECH, PRESIDENTE MUNICIPAL DEL HONORABLE AYUNTAMIENTO DE HECELCHAK\u00c1N, CAMPECHE, Y CABILDO DEL H. AYUNTAMIENTO DEL MUNICIPIO DE HECELCHAK\u00c1N, CAMPECHE <\/td><td data-cell-id=\"D121\" data-x=\"3\" data-y=\"121\" data-db-index=\"121\" class=\"fsize-18\" data-cell-type=\"text\" data-original-value=\"&lt;a href=&quot;https:\/\/teec.org.mx\/web\/wp-content\/uploads\/2022\/01\/TEEC-JDC-1-2022-14-01-2022.pdf&quot; target=&quot;_blank&quot;&gt;TEEC\/JDC\/1\/2022 (ACUERDO DE RECEPCI\u00d3N Y RADICACI\u00d3N)&lt;\/a&gt;\" data-order=\"&lt;a href=&quot;https:\/\/teec.org.mx\/web\/wp-content\/uploads\/2022\/01\/TEEC-JDC-1-2022-14-01-2022.pdf&quot; target=&quot;_blank&quot;&gt;TEEC\/JDC\/1\/2022 (ACUERDO DE RECEPCI\u00d3N Y RADICACI\u00d3N)&lt;\/a&gt;\" ><a href=\"https:\/\/teec.org.mx\/web\/wp-content\/uploads\/2022\/01\/TEEC-JDC-1-2022-14-01-2022.pdf\" target=\"_blank\">TEEC\/JDC\/1\/2022 (ACUERDO DE RECEPCI\u00d3N Y RADICACI\u00d3N)<\/a><\/td><\/tr><tr style=\"height:px\" ><td data-cell-id=\"A122\" data-x=\"0\" data-y=\"122\" data-db-index=\"122\" class=\"fsize-18\" data-cell-type=\"text\" data-original-value=\"12 DE ENERO DE 2022, A LAS 12:55 HORAS\" data-order=\"12 DE ENERO DE 2022, A LAS 12:55 HORAS\" >12 DE ENERO DE 2022, A LAS 12:55 HORAS <\/td><td data-cell-id=\"B122\" data-x=\"1\" data-y=\"122\" data-db-index=\"122\" class=\"fsize-18\" data-cell-type=\"text\" data-original-value=\"CARLOS JAVIER DZUL AKE, QUIEN SE OSTENTA COMO CANDIDATO PROPIETARIO POR LA F\u00d3RMULA DE LA PLANILLA BLANCA PARA LA ELECCI\u00d3N DE COMISARIO MUNICIPAL DE LA LOCALIDAD DE BACABCH\u00c9N, MUNICIPIO DE DZIBALCH\u00c9\" data-order=\"CARLOS JAVIER DZUL AKE, QUIEN SE OSTENTA COMO CANDIDATO PROPIETARIO POR LA F\u00d3RMULA DE LA PLANILLA BLANCA PARA LA ELECCI\u00d3N DE COMISARIO MUNICIPAL DE LA LOCALIDAD DE BACABCH\u00c9N, MUNICIPIO DE DZIBALCH\u00c9\" >CARLOS JAVIER DZUL AKE, QUIEN SE OSTENTA COMO CANDIDATO PROPIETARIO POR LA F\u00d3RMULA DE LA PLANILLA BLANCA PARA LA ELECCI\u00d3N DE COMISARIO MUNICIPAL DE LA LOCALIDAD DE BACABCH\u00c9N, MUNICIPIO DE DZIBALCH\u00c9 <\/td><td data-cell-id=\"C122\" data-x=\"2\" data-y=\"122\" data-db-index=\"122\" class=\"fsize-18\" data-cell-type=\"text\" data-original-value=\"H. AYUNTAMIENTO DEL MUNICIPIO DE DZIBALCH\u00c9, CAMPECHE\" data-order=\"H. AYUNTAMIENTO DEL MUNICIPIO DE DZIBALCH\u00c9, CAMPECHE\" >H. AYUNTAMIENTO DEL MUNICIPIO DE DZIBALCH\u00c9, CAMPECHE <\/td><td data-cell-id=\"D122\" data-x=\"3\" data-y=\"122\" data-db-index=\"122\" class=\"fsize-18\" data-cell-type=\"text\" data-original-value=\"&lt;a href=&quot;https:\/\/teec.org.mx\/web\/wp-content\/uploads\/2022\/01\/TEEC-JDC-29-2021-12-01-2022.pdf&quot; target=&quot;_blank&quot;&gt;TEEC\/JDC\/29\/2021 (ACUERDO DE RECEPCI\u00d3N, RADICACI\u00d3N Y SE FIJA FECHA Y HORA PARA SESI\u00d3N)&lt;\/a&gt;\" data-order=\"&lt;a href=&quot;https:\/\/teec.org.mx\/web\/wp-content\/uploads\/2022\/01\/TEEC-JDC-29-2021-12-01-2022.pdf&quot; target=&quot;_blank&quot;&gt;TEEC\/JDC\/29\/2021 (ACUERDO DE RECEPCI\u00d3N, RADICACI\u00d3N Y SE FIJA FECHA Y HORA PARA SESI\u00d3N)&lt;\/a&gt;\" ><a href=\"https:\/\/teec.org.mx\/web\/wp-content\/uploads\/2022\/01\/TEEC-JDC-29-2021-12-01-2022.pdf\" target=\"_blank\">TEEC\/JDC\/29\/2021 (ACUERDO DE RECEPCI\u00d3N, RADICACI\u00d3N Y SE FIJA FECHA Y HORA PARA SESI\u00d3N)<\/a><\/td><\/tr><tr style=\"height:px\" ><td data-cell-id=\"A123\" data-x=\"0\" data-y=\"123\" data-db-index=\"123\" class=\"fsize-18\" data-cell-type=\"text\" data-original-value=\"12 DE ENERO DE 2022, A LAS 11:10 HORAS\" data-order=\"12 DE ENERO DE 2022, A LAS 11:10 HORAS\" >12 DE ENERO DE 2022, A LAS 11:10 HORAS <\/td><td data-cell-id=\"B123\" data-x=\"1\" data-y=\"123\" data-db-index=\"123\" class=\"fsize-18\" data-cell-type=\"text\" data-original-value=\"MARIA NARCISA DZUL CAUICH\" data-order=\"MARIA NARCISA DZUL CAUICH\" >MARIA NARCISA DZUL CAUICH <\/td><td data-cell-id=\"C123\" data-x=\"2\" data-y=\"123\" data-db-index=\"123\" class=\"fsize-18\" data-cell-type=\"text\" data-original-value=\"JOS\u00c9 DOLORES BRITO PECH, PRESIDENTE DEL H. AYUNTAMIENTO DEL MUNICIPIO DE HECELCHAK\u00c1N, CAMPECHE, CABILDO DEL H. AYUNTAMIENTO DEL MUNICIPIO DE HECELCHAK\u00c1N, CAMPECHE\" data-order=\"JOS\u00c9 DOLORES BRITO PECH, PRESIDENTE DEL H. AYUNTAMIENTO DEL MUNICIPIO DE HECELCHAK\u00c1N, CAMPECHE, CABILDO DEL H. AYUNTAMIENTO DEL MUNICIPIO DE HECELCHAK\u00c1N, CAMPECHE\" >JOS\u00c9 DOLORES BRITO PECH, PRESIDENTE DEL H. AYUNTAMIENTO DEL MUNICIPIO DE HECELCHAK\u00c1N, CAMPECHE, CABILDO DEL H. AYUNTAMIENTO DEL MUNICIPIO DE HECELCHAK\u00c1N, CAMPECHE <\/td><td data-cell-id=\"D123\" data-x=\"3\" data-y=\"123\" data-db-index=\"123\" class=\"fsize-18\" data-cell-type=\"text\" data-original-value=\"&lt;a href=&quot;https:\/\/teec.org.mx\/web\/wp-content\/uploads\/2022\/01\/TEEC-JDC-1-2022-12-01-2022.pdf&quot; target=&quot;_blank&quot;&gt;TEEC\/JDC\/1\/2022 (ACUERDO DE TURNO)&lt;\/a&gt;\" data-order=\"&lt;a href=&quot;https:\/\/teec.org.mx\/web\/wp-content\/uploads\/2022\/01\/TEEC-JDC-1-2022-12-01-2022.pdf&quot; target=&quot;_blank&quot;&gt;TEEC\/JDC\/1\/2022 (ACUERDO DE TURNO)&lt;\/a&gt;\" ><a href=\"https:\/\/teec.org.mx\/web\/wp-content\/uploads\/2022\/01\/TEEC-JDC-1-2022-12-01-2022.pdf\" target=\"_blank\">TEEC\/JDC\/1\/2022 (ACUERDO DE TURNO)<\/a><\/td><\/tr><tr style=\"height:px\" ><td data-cell-id=\"A124\" data-x=\"0\" data-y=\"124\" data-db-index=\"124\" class=\"fsize-18\" data-cell-type=\"text\" data-original-value=\"12 DE ENERO DE 2021, A LAS 11:55 HORAS\" data-order=\"12 DE ENERO DE 2021, A LAS 11:55 HORAS\" >12 DE ENERO DE 2021, A LAS 11:55 HORAS <\/td><td data-cell-id=\"B124\" data-x=\"1\" data-y=\"124\" data-db-index=\"124\" class=\"fsize-18\" data-cell-type=\"text\" data-original-value=\"MARIO ALBERTO ABURTO MONTOY, CANDIDATO DE LA PLANILLA NEGRA EN EL PROCESO DE LA ELECCI\u00d3N DE COMISARIOS MUNICIPALES DE LA LOCALIDAD DE SAMUL\u00c1\" data-order=\"MARIO ALBERTO ABURTO MONTOY, CANDIDATO DE LA PLANILLA NEGRA EN EL PROCESO DE LA ELECCI\u00d3N DE COMISARIOS MUNICIPALES DE LA LOCALIDAD DE SAMUL\u00c1\" >MARIO ALBERTO ABURTO MONTOY, CANDIDATO DE LA PLANILLA NEGRA EN EL PROCESO DE LA ELECCI\u00d3N DE COMISARIOS MUNICIPALES DE LA LOCALIDAD DE SAMUL\u00c1 <\/td><td data-cell-id=\"C124\" data-x=\"2\" data-y=\"124\" data-db-index=\"124\" class=\"fsize-18\" data-cell-type=\"text\" data-original-value=\"HONORABLE AYUNTAMIENTO DEL MUNICIPIO DE CAMPECHE, CAMPECHE\" data-order=\"HONORABLE AYUNTAMIENTO DEL MUNICIPIO DE CAMPECHE, CAMPECHE\" >HONORABLE AYUNTAMIENTO DEL MUNICIPIO DE CAMPECHE, CAMPECHE <\/td><td data-cell-id=\"D124\" data-x=\"3\" data-y=\"124\" data-db-index=\"124\" class=\"fsize-18\" data-cell-type=\"text\" data-original-value=\"&lt;a href=&quot;https:\/\/teec.org.mx\/web\/wp-content\/uploads\/2022\/01\/TEEC-JDC-27-2021-12-01-2022.pdf&quot; target=&quot;_blank&quot;&gt;TEEC\/JDC\/27\/2021 (ACUERDO DE ACUMULACI\u00d3N DE DOCUMENTO)&lt;\/a&gt;\" data-order=\"&lt;a href=&quot;https:\/\/teec.org.mx\/web\/wp-content\/uploads\/2022\/01\/TEEC-JDC-27-2021-12-01-2022.pdf&quot; target=&quot;_blank&quot;&gt;TEEC\/JDC\/27\/2021 (ACUERDO DE ACUMULACI\u00d3N DE DOCUMENTO)&lt;\/a&gt;\" ><a href=\"https:\/\/teec.org.mx\/web\/wp-content\/uploads\/2022\/01\/TEEC-JDC-27-2021-12-01-2022.pdf\" target=\"_blank\">TEEC\/JDC\/27\/2021 (ACUERDO DE ACUMULACI\u00d3N DE DOCUMENTO)<\/a><\/td><\/tr><tr style=\"height:px\" ><td data-cell-id=\"A125\" data-x=\"0\" data-y=\"125\" data-db-index=\"125\" class=\"fsize-18\" data-cell-type=\"text\" data-original-value=\"12 DE ENERO DE 2021, A LAS 11:30 HORAS\" data-order=\"12 DE ENERO DE 2021, A LAS 11:30 HORAS\" >12 DE ENERO DE 2021, A LAS 11:30 HORAS <\/td><td data-cell-id=\"B125\" data-x=\"1\" data-y=\"125\" data-db-index=\"125\" class=\"fsize-18\" data-cell-type=\"text\" data-original-value=\"SANTOS ELIGIO KANTUN MARTIN, QUIEN SE OSTENTA COMO CANDIDATO DE LA PLANILLA DORADA A LA COMISAR\u00cdA MUNICIPAL DE XMABEN, HOPELCH\u00c9N CAMPECHE\" data-order=\"SANTOS ELIGIO KANTUN MARTIN, QUIEN SE OSTENTA COMO CANDIDATO DE LA PLANILLA DORADA A LA COMISAR\u00cdA MUNICIPAL DE XMABEN, HOPELCH\u00c9N CAMPECHE\" >SANTOS ELIGIO KANTUN MARTIN, QUIEN SE OSTENTA COMO CANDIDATO DE LA PLANILLA DORADA A LA COMISAR\u00cdA MUNICIPAL DE XMABEN, HOPELCH\u00c9N CAMPECHE <\/td><td data-cell-id=\"C125\" data-x=\"2\" data-y=\"125\" data-db-index=\"125\" class=\"fsize-18\" data-cell-type=\"text\" data-original-value=\"H. AYUNTAMIENTO DEL MUNICIPIO DE HOPELCH\u00c9N, CAMPECHE, SECRETARIO DEL H. AYUNTAMIENTO DEL MUNICIPIO DEL HOPELCH\u00c9N, CAMPECHE, H. CABILDO H. AYUNTAMIENTO DEL MUNICIPIO DEL HOPELCH\u00c9N, CAMPECHE\" data-order=\"H. AYUNTAMIENTO DEL MUNICIPIO DE HOPELCH\u00c9N, CAMPECHE, SECRETARIO DEL H. AYUNTAMIENTO DEL MUNICIPIO DEL HOPELCH\u00c9N, CAMPECHE, H. CABILDO H. AYUNTAMIENTO DEL MUNICIPIO DEL HOPELCH\u00c9N, CAMPECHE\" >H. AYUNTAMIENTO DEL MUNICIPIO DE HOPELCH\u00c9N, CAMPECHE, SECRETARIO DEL H. AYUNTAMIENTO DEL MUNICIPIO DEL HOPELCH\u00c9N, CAMPECHE, H. CABILDO H. AYUNTAMIENTO DEL MUNICIPIO DEL HOPELCH\u00c9N, CAMPECHE <\/td><td data-cell-id=\"D125\" data-x=\"3\" data-y=\"125\" data-db-index=\"125\" class=\"fsize-18\" data-cell-type=\"text\" data-original-value=\"&lt;a href=&quot;https:\/\/teec.org.mx\/web\/wp-content\/uploads\/2022\/01\/TEEC-JDC-30-2021-12-01-22.pdf&quot; target=&quot;_blank&quot;&gt;TEEC\/JDC\/30\/2021 (ACUERDO DE ACUMULACI\u00d3N)&lt;\/a&gt;\" data-order=\"&lt;a href=&quot;https:\/\/teec.org.mx\/web\/wp-content\/uploads\/2022\/01\/TEEC-JDC-30-2021-12-01-22.pdf&quot; target=&quot;_blank&quot;&gt;TEEC\/JDC\/30\/2021 (ACUERDO DE ACUMULACI\u00d3N)&lt;\/a&gt;\" ><a href=\"https:\/\/teec.org.mx\/web\/wp-content\/uploads\/2022\/01\/TEEC-JDC-30-2021-12-01-22.pdf\" target=\"_blank\">TEEC\/JDC\/30\/2021 (ACUERDO DE ACUMULACI\u00d3N)<\/a><\/td><\/tr><\/tbody><\/table><!-- \/#supsystic-table-68.supsystic-table --><div class=\"stbConditionsData\" ><\/div><\/div><!-- \/.supsystic-tables-wrap --><!-- Tables Generator by Supsystic --><!-- Version:1.10.47 --><!-- http:\/\/supsystic.com\/ --><a title=\"WordPress Responsive Table\" style=\"display:none;\" href=\"https:\/\/supsystic.com\/plugins\/wordpress-data-table-plugin\/?utm_medium=love_link\" target=\"_blank\">WordPress Responsive Table<\/a><\/p>\n\n\n\n<p><\/p>\n","protected":false},"excerpt":{"rendered":"<p>Juicio para la protecci\u00f3n de los derechos pol\u00edticos-electorales de la ciudadan\u00eda &nbsp;<\/p>\n","protected":false},"author":1,"featured_media":0,"parent":0,"menu_order":0,"comment_status":"closed","ping_status":"closed","template":"","meta":{"footnotes":""},"yst_prominent_words":[],"_links":{"self":[{"href":"https:\/\/teec.org.mx\/web\/wp-json\/wp\/v2\/pages\/14698"}],"collection":[{"href":"https:\/\/teec.org.mx\/web\/wp-json\/wp\/v2\/pages"}],"about":[{"href":"https:\/\/teec.org.mx\/web\/wp-json\/wp\/v2\/types\/page"}],"author":[{"embeddable":true,"href":"https:\/\/teec.org.mx\/web\/wp-json\/wp\/v2\/users\/1"}],"replies":[{"embeddable":true,"href":"https:\/\/teec.org.mx\/web\/wp-json\/wp\/v2\/comments?post=14698"}],"version-history":[{"count":2,"href":"https:\/\/teec.org.mx\/web\/wp-json\/wp\/v2\/pages\/14698\/revisions"}],"predecessor-version":[{"id":17227,"href":"https:\/\/teec.org.mx\/web\/wp-json\/wp\/v2\/pages\/14698\/revisions\/17227"}],"wp:attachment":[{"href":"https:\/\/teec.org.mx\/web\/wp-json\/wp\/v2\/media?parent=14698"}],"wp:term":[{"taxonomy":"yst_prominent_words","embeddable":true,"href":"https:\/\/teec.org.mx\/web\/wp-json\/wp\/v2\/yst_prominent_words?post=14698"}],"curies":[{"name":"wp","href":"https:\/\/api.w.org\/{rel}","templated":true}]}}