{"id":14705,"date":"2022-01-12T14:45:13","date_gmt":"2022-01-12T20:45:13","guid":{"rendered":"https:\/\/teec.org.mx\/web\/?page_id=14705"},"modified":"2022-01-12T14:54:18","modified_gmt":"2022-01-12T20:54:18","slug":"inc-2022","status":"publish","type":"page","link":"https:\/\/teec.org.mx\/web\/inc-2022\/","title":{"rendered":"INC 2022"},"content":{"rendered":"\n<h2 class=\"has-text-align-center wp-block-heading\">Cuaderno Incidental 2022<\/h2>\n\n\n\n<p>&nbsp;<\/p>\n<p style=\"text-align: center;\"><div class=\"supsystic-table-loader la-ball-beat la-2x\" style=\"color:#000000\"><div><\/div><div><\/div><div><\/div><\/div><div id=\"supsystic-table-69_7485\" class=\"supsystic-tables-wrap pagination-large\" style=\" width:100%; visibility: hidden; \" data-table-width-fixed=\"100%\" data-table-width-mobile=\"100%\" ><div class=\"supsystic-tables-features\"><\/div><table id=\"supsystic-table-69\" class=\"supsystic-table border cell-border\" data-id=\"69\" data-view-id=\"69_7485\" data-title=\"INC 2022\" data-currency-format=\"$1,000.00\" data-percent-format=\"10.00%\" data-date-format=\"DD.MM.YYYY\" data-time-format=\"HH:mm\" data-features=\"[&quot;info&quot;,&quot;paging&quot;,&quot;searching&quot;,&quot;after_table_loaded_script&quot;,&quot;import&quot;]\" data-search-value=\"\" data-head=\"on\" data-head-rows-count=\"1\" data-pagination-length=\"10,25,50,100,All\" data-auto-index=\"off\" data-searching-settings=\"{&quot;columnSearchPosition&quot;:&quot;bottom&quot;,&quot;minChars&quot;:&quot;0&quot;}\" data-lang=\"Spanish\" data-override=\"{&quot;emptyTable&quot;:&quot;&quot;,&quot;info&quot;:&quot;&quot;,&quot;infoEmpty&quot;:&quot;&quot;,&quot;infoFiltered&quot;:&quot;&quot;,&quot;lengthMenu&quot;:&quot;&quot;,&quot;search&quot;:&quot;&quot;,&quot;zeroRecords&quot;:&quot;&quot;,&quot;exportLabel&quot;:&quot;&quot;,&quot;file&quot;:&quot;Spanish&quot;}\" data-merged=\"[]\" data-responsive-mode=\"0\" data-from-history=\"0\" ><thead><tr><th data-cell-id=\"A1\" data-x=\"0\" data-y=\"1\" data-db-index=\"1\" class=\"bg-d49820 color-ffffff bold htCenter fsize-20\" data-cell-type=\"text\" data-original-value=\"FECHA Y HORA DE NOTIFICACI\u00d3N\" data-order=\"FECHA Y HORA DE NOTIFICACI\u00d3N\" style=\"min-width:22.6514%; \" >FECHA Y HORA DE NOTIFICACI\u00d3N <\/th><th data-cell-id=\"B1\" data-x=\"1\" data-y=\"1\" data-db-index=\"1\" class=\"bg-d49820 color-ffffff bold htCenter fsize-20\" data-cell-type=\"text\" data-original-value=\"PROMOVENTE\" data-order=\"PROMOVENTE\" style=\"min-width:27.2169%; \" >PROMOVENTE <\/th><th data-cell-id=\"C1\" data-x=\"2\" data-y=\"1\" data-db-index=\"1\" class=\"bg-d49820 color-ffffff bold htCenter fsize-20\" data-cell-type=\"text\" data-original-value=\"AUTORIDAD RESPONSABLE\" data-order=\"AUTORIDAD RESPONSABLE\" style=\"min-width:27.8314%; \" >AUTORIDAD RESPONSABLE <\/th><th data-cell-id=\"D1\" data-x=\"3\" data-y=\"1\" data-db-index=\"1\" class=\"bg-d49820 color-ffffff bold htCenter fsize-20\" data-cell-type=\"text\" data-original-value=\"ARCHIVO\" data-order=\"ARCHIVO\" style=\"min-width:22.3003%; \" >ARCHIVO <\/th><\/tr><\/thead><tbody><tr style=\"height:px\" ><td data-cell-id=\"A2\" data-x=\"0\" data-y=\"2\" data-db-index=\"2\" class=\"fsize-18\" data-cell-type=\"text\" data-original-value=\"23 DE DICIEMBRE DE 2022, A LAS 11:30 HORAS\" data-order=\"23 DE DICIEMBRE DE 2022, A LAS 11:30 HORAS\" >23 DE DICIEMBRE DE 2022, A LAS 11:30 HORAS <\/td><td data-cell-id=\"B2\" data-x=\"1\" data-y=\"2\" data-db-index=\"2\" class=\"fsize-18\" data-cell-type=\"text\" data-original-value=\"JOS\u00c9 DEL CARMEN SEGOVIA CRUZ, QUIEN SE OSTENTA COMO DIRIGENTE DEL PARTIDO DE LA REVOLUCI\u00d3N DEMOCR\u00c1TICA EN CAMPECHE\" data-order=\"JOS\u00c9 DEL CARMEN SEGOVIA CRUZ, QUIEN SE OSTENTA COMO DIRIGENTE DEL PARTIDO DE LA REVOLUCI\u00d3N DEMOCR\u00c1TICA EN CAMPECHE\" >JOS\u00c9 DEL CARMEN SEGOVIA CRUZ, QUIEN SE OSTENTA COMO DIRIGENTE DEL PARTIDO DE LA REVOLUCI\u00d3N DEMOCR\u00c1TICA EN CAMPECHE <\/td><td data-cell-id=\"C2\" data-x=\"2\" data-y=\"2\" data-db-index=\"2\" class=\"fsize-18\" data-cell-type=\"text\" data-original-value=\"INSTITUTO ELECTORAL DEL ESTADO DE CAMPECHE\" data-order=\"INSTITUTO ELECTORAL DEL ESTADO DE CAMPECHE\" >INSTITUTO ELECTORAL DEL ESTADO DE CAMPECHE <\/td><td data-cell-id=\"D2\" data-x=\"3\" data-y=\"2\" data-db-index=\"2\" class=\"fsize-18\" data-cell-type=\"text\" data-original-value=\"&lt;a href=&quot;https:\/\/teec.org.mx\/web\/wp-content\/uploads\/2022\/12\/TEEC-JE-1-2022-INC-Acuerdo-Plenario-23-12-2022.pdf&quot; target=&quot;_blank&quot;&gt;TEEC\/JE\/1\/2022\/ (ACUERDO PLENARIO)&lt;\/a&gt;\" data-order=\"&lt;a href=&quot;https:\/\/teec.org.mx\/web\/wp-content\/uploads\/2022\/12\/TEEC-JE-1-2022-INC-Acuerdo-Plenario-23-12-2022.pdf&quot; target=&quot;_blank&quot;&gt;TEEC\/JE\/1\/2022\/ (ACUERDO PLENARIO)&lt;\/a&gt;\" ><a href=\"https:\/\/teec.org.mx\/web\/wp-content\/uploads\/2022\/12\/TEEC-JE-1-2022-INC-Acuerdo-Plenario-23-12-2022.pdf\" target=\"_blank\">TEEC\/JE\/1\/2022\/ (ACUERDO PLENARIO)<\/a><\/td><\/tr><tr style=\"height:px\" ><td data-cell-id=\"A3\" data-x=\"0\" data-y=\"3\" data-db-index=\"3\" class=\"fsize-18\" data-cell-type=\"text\" data-original-value=\"22 DE DICIEMBRE DE 2022, A LAS 14:00 HORAS\" data-order=\"22 DE DICIEMBRE DE 2022, A LAS 14:00 HORAS\" >22 DE DICIEMBRE DE 2022, A LAS 14:00 HORAS <\/td><td data-cell-id=\"B3\" data-x=\"1\" data-y=\"3\" data-db-index=\"3\" class=\"fsize-18\" data-cell-type=\"text\" data-original-value=\"ELIA GEORGINA SALAVARRIA ZETINA\" data-order=\"ELIA GEORGINA SALAVARRIA ZETINA\" >ELIA GEORGINA SALAVARRIA ZETINA <\/td><td data-cell-id=\"C3\" data-x=\"2\" data-y=\"3\" data-db-index=\"3\" class=\"fsize-18\" data-cell-type=\"text\" data-original-value=\"JUNTA GENERAL EJECUTIVA DEL INSTITUTO ELECTORAL DEL ESTADO DE CAMPECHE\" data-order=\"JUNTA GENERAL EJECUTIVA DEL INSTITUTO ELECTORAL DEL ESTADO DE CAMPECHE\" >JUNTA GENERAL EJECUTIVA DEL INSTITUTO ELECTORAL DEL ESTADO DE CAMPECHE <\/td><td data-cell-id=\"D3\" data-x=\"3\" data-y=\"3\" data-db-index=\"3\" class=\"fsize-18\" data-cell-type=\"text\" data-original-value=\"&lt;a href=&quot;https:\/\/teec.org.mx\/web\/wp-content\/uploads\/2022\/12\/TEEC-JE-7-2022-INC-22-12-2022.pdf&quot; target=&quot;_blank&quot;&gt;TEEC\/JE\/7\/2022\/INC (ACUERDO DE FINIQUITO Y ARCHIVO)&lt;\/a&gt;\" data-order=\"&lt;a href=&quot;https:\/\/teec.org.mx\/web\/wp-content\/uploads\/2022\/12\/TEEC-JE-7-2022-INC-22-12-2022.pdf&quot; target=&quot;_blank&quot;&gt;TEEC\/JE\/7\/2022\/INC (ACUERDO DE FINIQUITO Y ARCHIVO)&lt;\/a&gt;\" ><a href=\"https:\/\/teec.org.mx\/web\/wp-content\/uploads\/2022\/12\/TEEC-JE-7-2022-INC-22-12-2022.pdf\" target=\"_blank\">TEEC\/JE\/7\/2022\/INC (ACUERDO DE FINIQUITO Y ARCHIVO)<\/a><\/td><\/tr><tr style=\"height:px\" ><td data-cell-id=\"A4\" data-x=\"0\" data-y=\"4\" data-db-index=\"4\" class=\"fsize-18\" data-cell-type=\"text\" data-original-value=\"21 DE DICIEMBRE DE 2022, A LAS 14:40 HORAS\" data-order=\"21 DE DICIEMBRE DE 2022, A LAS 14:40 HORAS\" >21 DE DICIEMBRE DE 2022, A LAS 14:40 HORAS <\/td><td data-cell-id=\"B4\" data-x=\"1\" data-y=\"4\" data-db-index=\"4\" class=\"fsize-18\" data-cell-type=\"text\" data-original-value=\"JOS\u00c9 DEL CARMEN SEGOVIA CRUZ, QUIEN SE OSTENTA COMO DIRIGENTE DEL PARTIDO DE LA REVOLUCI\u00d3N DEMOCR\u00c1TICA EN CAMPECHE\" data-order=\"JOS\u00c9 DEL CARMEN SEGOVIA CRUZ, QUIEN SE OSTENTA COMO DIRIGENTE DEL PARTIDO DE LA REVOLUCI\u00d3N DEMOCR\u00c1TICA EN CAMPECHE\" >JOS\u00c9 DEL CARMEN SEGOVIA CRUZ, QUIEN SE OSTENTA COMO DIRIGENTE DEL PARTIDO DE LA REVOLUCI\u00d3N DEMOCR\u00c1TICA EN CAMPECHE <\/td><td data-cell-id=\"C4\" data-x=\"2\" data-y=\"4\" data-db-index=\"4\" class=\"fsize-18\" data-cell-type=\"text\" data-original-value=\"INSTITUTO ELECTORAL DEL ESTADO DE CAMPECHE\" data-order=\"INSTITUTO ELECTORAL DEL ESTADO DE CAMPECHE\" >INSTITUTO ELECTORAL DEL ESTADO DE CAMPECHE <\/td><td data-cell-id=\"D4\" data-x=\"3\" data-y=\"4\" data-db-index=\"4\" class=\"fsize-18\" data-cell-type=\"text\" data-original-value=\"&lt;a href=&quot;https:\/\/teec.org.mx\/web\/wp-content\/uploads\/2022\/12\/TEEC-JE-1-2022-INC-2do-acu-21-12-2022.pdf&quot; target=&quot;_blank&quot;&gt;TEEC\/JE\/1\/2022\/INC (SE FIJA FECHA Y HORA PARA SESI\u00d3N PRIVADA)&lt;\/a&gt;\" data-order=\"&lt;a href=&quot;https:\/\/teec.org.mx\/web\/wp-content\/uploads\/2022\/12\/TEEC-JE-1-2022-INC-2do-acu-21-12-2022.pdf&quot; target=&quot;_blank&quot;&gt;TEEC\/JE\/1\/2022\/INC (SE FIJA FECHA Y HORA PARA SESI\u00d3N PRIVADA)&lt;\/a&gt;\" ><a href=\"https:\/\/teec.org.mx\/web\/wp-content\/uploads\/2022\/12\/TEEC-JE-1-2022-INC-2do-acu-21-12-2022.pdf\" target=\"_blank\">TEEC\/JE\/1\/2022\/INC (SE FIJA FECHA Y HORA PARA SESI\u00d3N PRIVADA)<\/a><\/td><\/tr><tr style=\"height:px\" ><td data-cell-id=\"A5\" data-x=\"0\" data-y=\"5\" data-db-index=\"5\" class=\"fsize-18\" data-cell-type=\"text\" data-original-value=\"21 DE DICIEMBRE DE 2022, A LAS 14:20 HORAS\" data-order=\"21 DE DICIEMBRE DE 2022, A LAS 14:20 HORAS\" >21 DE DICIEMBRE DE 2022, A LAS 14:20 HORAS <\/td><td data-cell-id=\"B5\" data-x=\"1\" data-y=\"5\" data-db-index=\"5\" class=\"fsize-18\" data-cell-type=\"text\" data-original-value=\"JOS\u00c9 DEL CARMEN SEGOVIA CRUZ, QUIEN SE OSTENTA COMO DIRIGENTE DEL PARTIDO DE LA REVOLUCI\u00d3N DEMOCR\u00c1TICA EN CAMPECHE\" data-order=\"JOS\u00c9 DEL CARMEN SEGOVIA CRUZ, QUIEN SE OSTENTA COMO DIRIGENTE DEL PARTIDO DE LA REVOLUCI\u00d3N DEMOCR\u00c1TICA EN CAMPECHE\" >JOS\u00c9 DEL CARMEN SEGOVIA CRUZ, QUIEN SE OSTENTA COMO DIRIGENTE DEL PARTIDO DE LA REVOLUCI\u00d3N DEMOCR\u00c1TICA EN CAMPECHE <\/td><td data-cell-id=\"C5\" data-x=\"2\" data-y=\"5\" data-db-index=\"5\" class=\"fsize-18\" data-cell-type=\"text\" data-original-value=\"INSTITUTO ELECTORAL DEL ESTADO DE CAMPECHE\" data-order=\"INSTITUTO ELECTORAL DEL ESTADO DE CAMPECHE\" >INSTITUTO ELECTORAL DEL ESTADO DE CAMPECHE <\/td><td data-cell-id=\"D5\" data-x=\"3\" data-y=\"5\" data-db-index=\"5\" class=\"fsize-18\" data-cell-type=\"text\" data-original-value=\"&lt;a href=&quot;https:\/\/teec.org.mx\/web\/wp-content\/uploads\/2022\/12\/TEEC-JE-1-2022-INC-1er-acu-21-12-2022.pdf&quot; target=&quot;_blank&quot;&gt;TEEC\/JE\/1\/2022\/INC (SOLICITUD DE FECHA Y HORA PARA SESI\u00d3N PRIVADA)&lt;\/a&gt;\" data-order=\"&lt;a href=&quot;https:\/\/teec.org.mx\/web\/wp-content\/uploads\/2022\/12\/TEEC-JE-1-2022-INC-1er-acu-21-12-2022.pdf&quot; target=&quot;_blank&quot;&gt;TEEC\/JE\/1\/2022\/INC (SOLICITUD DE FECHA Y HORA PARA SESI\u00d3N PRIVADA)&lt;\/a&gt;\" ><a href=\"https:\/\/teec.org.mx\/web\/wp-content\/uploads\/2022\/12\/TEEC-JE-1-2022-INC-1er-acu-21-12-2022.pdf\" target=\"_blank\">TEEC\/JE\/1\/2022\/INC (SOLICITUD DE FECHA Y HORA PARA SESI\u00d3N PRIVADA)<\/a><\/td><\/tr><tr style=\"height:px\" ><td data-cell-id=\"A6\" data-x=\"0\" data-y=\"6\" data-db-index=\"6\" class=\"fsize-18\" data-cell-type=\"text\" data-original-value=\"21 DE DICIEMBRE DE 2022, A LAS 13:50 HORAS\" data-order=\"21 DE DICIEMBRE DE 2022, A LAS 13:50 HORAS\" >21 DE DICIEMBRE DE 2022, A LAS 13:50 HORAS <\/td><td data-cell-id=\"B6\" data-x=\"1\" data-y=\"6\" data-db-index=\"6\" class=\"fsize-18\" data-cell-type=\"text\" data-original-value=\"ELIA GEORGINA SALAVARRIA ZETINA\" data-order=\"ELIA GEORGINA SALAVARRIA ZETINA\" >ELIA GEORGINA SALAVARRIA ZETINA <\/td><td data-cell-id=\"C6\" data-x=\"2\" data-y=\"6\" data-db-index=\"6\" class=\"fsize-18\" data-cell-type=\"text\" data-original-value=\"JUNTA GENERAL EJECUTIVA DEL INSTITUTO ELECTORAL DEL ESTADO DE CAMPECHE\" data-order=\"JUNTA GENERAL EJECUTIVA DEL INSTITUTO ELECTORAL DEL ESTADO DE CAMPECHE\" >JUNTA GENERAL EJECUTIVA DEL INSTITUTO ELECTORAL DEL ESTADO DE CAMPECHE <\/td><td data-cell-id=\"D6\" data-x=\"3\" data-y=\"6\" data-db-index=\"6\" class=\"fsize-18\" data-cell-type=\"text\" data-original-value=\"&lt;a href=&quot;https:\/\/teec.org.mx\/web\/wp-content\/uploads\/2022\/12\/TEEC-JE-7-2022-INC-21-12-2022.pdf&quot; target=&quot;_blank&quot;&gt;TEEC\/JE\/7\/2022\/INC (SE DECLARA FIRME Y VALEDERA EL ACUERDO PLENARIO)&lt;\/a&gt;\" data-order=\"&lt;a href=&quot;https:\/\/teec.org.mx\/web\/wp-content\/uploads\/2022\/12\/TEEC-JE-7-2022-INC-21-12-2022.pdf&quot; target=&quot;_blank&quot;&gt;TEEC\/JE\/7\/2022\/INC (SE DECLARA FIRME Y VALEDERA EL ACUERDO PLENARIO)&lt;\/a&gt;\" ><a href=\"https:\/\/teec.org.mx\/web\/wp-content\/uploads\/2022\/12\/TEEC-JE-7-2022-INC-21-12-2022.pdf\" target=\"_blank\">TEEC\/JE\/7\/2022\/INC (SE DECLARA FIRME Y VALEDERA EL ACUERDO PLENARIO)<\/a><\/td><\/tr><tr style=\"height:px\" ><td data-cell-id=\"A7\" data-x=\"0\" data-y=\"7\" data-db-index=\"7\" class=\"fsize-18\" data-cell-type=\"text\" data-original-value=\"20 DE DICIEMBRE DE 2022, A LAS 11:20 HORAS\" data-order=\"20 DE DICIEMBRE DE 2022, A LAS 11:20 HORAS\" >20 DE DICIEMBRE DE 2022, A LAS 11:20 HORAS <\/td><td data-cell-id=\"B7\" data-x=\"1\" data-y=\"7\" data-db-index=\"7\" class=\"fsize-18\" data-cell-type=\"text\" data-original-value=\"ELIA GEORGINA SALAVARRIA ZETINA\" data-order=\"ELIA GEORGINA SALAVARRIA ZETINA\" >ELIA GEORGINA SALAVARRIA ZETINA <\/td><td data-cell-id=\"C7\" data-x=\"2\" data-y=\"7\" data-db-index=\"7\" class=\"fsize-18\" data-cell-type=\"text\" data-original-value=\"JUNTA GENERAL EJECUTIVA DEL INSTITUTO ELECTORAL DEL ESTADO DE CAMPECHE\" data-order=\"JUNTA GENERAL EJECUTIVA DEL INSTITUTO ELECTORAL DEL ESTADO DE CAMPECHE\" >JUNTA GENERAL EJECUTIVA DEL INSTITUTO ELECTORAL DEL ESTADO DE CAMPECHE <\/td><td data-cell-id=\"D7\" data-x=\"3\" data-y=\"7\" data-db-index=\"7\" class=\"fsize-18\" data-cell-type=\"text\" data-original-value=\"&lt;a href=&quot;https:\/\/teec.org.mx\/web\/wp-content\/uploads\/2022\/12\/TEEC-JE-7-2022-INC-20-12-2022.pdf&quot; target=&quot;_blank&quot;&gt;TEEC\/JE\/7\/2022\/INC (ACUERDO DE ACUMULACI\u00d3N Y VISTA)&lt;\/a&gt;\" data-order=\"&lt;a href=&quot;https:\/\/teec.org.mx\/web\/wp-content\/uploads\/2022\/12\/TEEC-JE-7-2022-INC-20-12-2022.pdf&quot; target=&quot;_blank&quot;&gt;TEEC\/JE\/7\/2022\/INC (ACUERDO DE ACUMULACI\u00d3N Y VISTA)&lt;\/a&gt;\" ><a href=\"https:\/\/teec.org.mx\/web\/wp-content\/uploads\/2022\/12\/TEEC-JE-7-2022-INC-20-12-2022.pdf\" target=\"_blank\">TEEC\/JE\/7\/2022\/INC (ACUERDO DE ACUMULACI\u00d3N Y VISTA)<\/a><\/td><\/tr><tr style=\"height:px\" ><td data-cell-id=\"A8\" data-x=\"0\" data-y=\"8\" data-db-index=\"8\" class=\"fsize-18\" data-cell-type=\"text\" data-original-value=\"16 DE DICIEMBRE DE 2022, A LAS 14:00 HORAS\" data-order=\"16 DE DICIEMBRE DE 2022, A LAS 14:00 HORAS\" >16 DE DICIEMBRE DE 2022, A LAS 14:00 HORAS <\/td><td data-cell-id=\"B8\" data-x=\"1\" data-y=\"8\" data-db-index=\"8\" class=\"fsize-18\" data-cell-type=\"text\" data-original-value=\"JOS\u00c9 DEL CARMEN SEGOVIA CRUZ, QUIEN SE OSTENTA COMO DIRIGENTE DEL PARTIDO DE LA REVOLUCI\u00d3N DEMOCR\u00c1TICA EN CAMPECHE\" data-order=\"JOS\u00c9 DEL CARMEN SEGOVIA CRUZ, QUIEN SE OSTENTA COMO DIRIGENTE DEL PARTIDO DE LA REVOLUCI\u00d3N DEMOCR\u00c1TICA EN CAMPECHE\" >JOS\u00c9 DEL CARMEN SEGOVIA CRUZ, QUIEN SE OSTENTA COMO DIRIGENTE DEL PARTIDO DE LA REVOLUCI\u00d3N DEMOCR\u00c1TICA EN CAMPECHE <\/td><td data-cell-id=\"C8\" data-x=\"2\" data-y=\"8\" data-db-index=\"8\" class=\"fsize-18\" data-cell-type=\"text\" data-original-value=\"INSTITUTO ELECTORAL DEL ESTADO DE CAMPECHE\" data-order=\"INSTITUTO ELECTORAL DEL ESTADO DE CAMPECHE\" >INSTITUTO ELECTORAL DEL ESTADO DE CAMPECHE <\/td><td data-cell-id=\"D8\" data-x=\"3\" data-y=\"8\" data-db-index=\"8\" class=\"fsize-18\" data-cell-type=\"text\" data-original-value=\"&lt;a href=&quot;https:\/\/teec.org.mx\/web\/wp-content\/uploads\/2022\/12\/TEEC-JE-1-2022-INC-16-12-2022.pdf&quot; target=&quot;_blank&quot;&gt;TEEC\/JE\/1\/2022\/INC (SE DIFIERE FECHA Y HORA DE SESI\u00d3N PRIVADA)&lt;\/a&gt;\" data-order=\"&lt;a href=&quot;https:\/\/teec.org.mx\/web\/wp-content\/uploads\/2022\/12\/TEEC-JE-1-2022-INC-16-12-2022.pdf&quot; target=&quot;_blank&quot;&gt;TEEC\/JE\/1\/2022\/INC (SE DIFIERE FECHA Y HORA DE SESI\u00d3N PRIVADA)&lt;\/a&gt;\" ><a href=\"https:\/\/teec.org.mx\/web\/wp-content\/uploads\/2022\/12\/TEEC-JE-1-2022-INC-16-12-2022.pdf\" target=\"_blank\">TEEC\/JE\/1\/2022\/INC (SE DIFIERE FECHA Y HORA DE SESI\u00d3N PRIVADA)<\/a><\/td><\/tr><tr style=\"height:px\" ><td data-cell-id=\"A9\" data-x=\"0\" data-y=\"9\" data-db-index=\"9\" class=\"fsize-18\" data-cell-type=\"text\" data-original-value=\"16 DE DICIEMBRE DE 2022, A LAS 13:30 HORAS\" data-order=\"16 DE DICIEMBRE DE 2022, A LAS 13:30 HORAS\" >16 DE DICIEMBRE DE 2022, A LAS 13:30 HORAS <\/td><td data-cell-id=\"B9\" data-x=\"1\" data-y=\"9\" data-db-index=\"9\" class=\"fsize-18\" data-cell-type=\"text\" data-original-value=\"JUAN CARLOS MENA ZAPATA Y OTROS\" data-order=\"JUAN CARLOS MENA ZAPATA Y OTROS\" >JUAN CARLOS MENA ZAPATA Y OTROS <\/td><td data-cell-id=\"C9\" data-x=\"2\" data-y=\"9\" data-db-index=\"9\" class=\"fsize-18\" data-cell-type=\"text\" data-original-value=\"JUNTA GENERAL EJECUTIVA DEL INSTITUTO ELECTORAL DEL ESTADO DE CAMPECHE\" data-order=\"JUNTA GENERAL EJECUTIVA DEL INSTITUTO ELECTORAL DEL ESTADO DE CAMPECHE\" >JUNTA GENERAL EJECUTIVA DEL INSTITUTO ELECTORAL DEL ESTADO DE CAMPECHE <\/td><td data-cell-id=\"D9\" data-x=\"3\" data-y=\"9\" data-db-index=\"9\" class=\"fsize-18\" data-cell-type=\"text\" data-original-value=\"&lt;a href=&quot;https:\/\/teec.org.mx\/web\/wp-content\/uploads\/2022\/12\/TEEC-JE-7-2022-INC-16-12-2022.pdf&quot; target=&quot;_blank&quot;&gt;TEEC\/JE\/7\/2022\/INC (ACUERDO DE TURNO DE DOCUMENTACI\u00d3N )&lt;\/a&gt;\" data-order=\"&lt;a href=&quot;https:\/\/teec.org.mx\/web\/wp-content\/uploads\/2022\/12\/TEEC-JE-7-2022-INC-16-12-2022.pdf&quot; target=&quot;_blank&quot;&gt;TEEC\/JE\/7\/2022\/INC (ACUERDO DE TURNO DE DOCUMENTACI\u00d3N )&lt;\/a&gt;\" ><a href=\"https:\/\/teec.org.mx\/web\/wp-content\/uploads\/2022\/12\/TEEC-JE-7-2022-INC-16-12-2022.pdf\" target=\"_blank\">TEEC\/JE\/7\/2022\/INC (ACUERDO DE TURNO DE DOCUMENTACI\u00d3N )<\/a><\/td><\/tr><tr style=\"height:px\" ><td data-cell-id=\"A10\" data-x=\"0\" data-y=\"10\" data-db-index=\"10\" class=\"fsize-18\" data-cell-type=\"text\" data-original-value=\"14 DE DICIEMBRE DE 2022, A LAS 12:00 HORAS\" data-order=\"14 DE DICIEMBRE DE 2022, A LAS 12:00 HORAS\" >14 DE DICIEMBRE DE 2022, A LAS 12:00 HORAS <\/td><td data-cell-id=\"B10\" data-x=\"1\" data-y=\"10\" data-db-index=\"10\" class=\"fsize-18\" data-cell-type=\"text\" data-original-value=\"JOS\u00c9 DEL CARMEN SEGOVIA CRUZ, QUIEN SE OSTENTA COMO DIRIGENTE DEL PARTIDO DE LA REVOLUCI\u00d3N DEMOCR\u00c1TICA EN CAMPECHE\" data-order=\"JOS\u00c9 DEL CARMEN SEGOVIA CRUZ, QUIEN SE OSTENTA COMO DIRIGENTE DEL PARTIDO DE LA REVOLUCI\u00d3N DEMOCR\u00c1TICA EN CAMPECHE\" >JOS\u00c9 DEL CARMEN SEGOVIA CRUZ, QUIEN SE OSTENTA COMO DIRIGENTE DEL PARTIDO DE LA REVOLUCI\u00d3N DEMOCR\u00c1TICA EN CAMPECHE <\/td><td data-cell-id=\"C10\" data-x=\"2\" data-y=\"10\" data-db-index=\"10\" class=\"fsize-18\" data-cell-type=\"text\" data-original-value=\"INSTITUTO ELECTORAL DEL ESTADO DE CAMPECHE\" data-order=\"INSTITUTO ELECTORAL DEL ESTADO DE CAMPECHE\" >INSTITUTO ELECTORAL DEL ESTADO DE CAMPECHE <\/td><td data-cell-id=\"D10\" data-x=\"3\" data-y=\"10\" data-db-index=\"10\" class=\"fsize-18\" data-cell-type=\"text\" data-original-value=\"&lt;a href=&quot;https:\/\/teec.org.mx\/web\/wp-content\/uploads\/2022\/12\/TEEC-JE-1-2022-INC-14-12-2022.pdf&quot; target=&quot;_blank&quot;&gt;TEEC\/JE\/1\/2022\/INC (SE FIJA FECHA Y HORA PARA SESI\u00d3N PRIVADA)&lt;\/a&gt;\" data-order=\"&lt;a href=&quot;https:\/\/teec.org.mx\/web\/wp-content\/uploads\/2022\/12\/TEEC-JE-1-2022-INC-14-12-2022.pdf&quot; target=&quot;_blank&quot;&gt;TEEC\/JE\/1\/2022\/INC (SE FIJA FECHA Y HORA PARA SESI\u00d3N PRIVADA)&lt;\/a&gt;\" ><a href=\"https:\/\/teec.org.mx\/web\/wp-content\/uploads\/2022\/12\/TEEC-JE-1-2022-INC-14-12-2022.pdf\" target=\"_blank\">TEEC\/JE\/1\/2022\/INC (SE FIJA FECHA Y HORA PARA SESI\u00d3N PRIVADA)<\/a><\/td><\/tr><tr style=\"height:px\" ><td data-cell-id=\"A11\" data-x=\"0\" data-y=\"11\" data-db-index=\"11\" class=\"fsize-18\" data-cell-type=\"text\" data-original-value=\"13 DE DICIEMBRE DE 2022, A LAS 14:30 HORAS\" data-order=\"13 DE DICIEMBRE DE 2022, A LAS 14:30 HORAS\" >13 DE DICIEMBRE DE 2022, A LAS 14:30 HORAS <\/td><td data-cell-id=\"B11\" data-x=\"1\" data-y=\"11\" data-db-index=\"11\" class=\"fsize-18\" data-cell-type=\"text\" data-original-value=\"JOS\u00c9 DEL CARMEN SEGOVIA CRUZ, QUIEN SE OSTENTA COMO DIRIGENTE DEL PARTIDO DE LA REVOLUCI\u00d3N DEMOCR\u00c1TICA EN CAMPECHE\" data-order=\"JOS\u00c9 DEL CARMEN SEGOVIA CRUZ, QUIEN SE OSTENTA COMO DIRIGENTE DEL PARTIDO DE LA REVOLUCI\u00d3N DEMOCR\u00c1TICA EN CAMPECHE\" >JOS\u00c9 DEL CARMEN SEGOVIA CRUZ, QUIEN SE OSTENTA COMO DIRIGENTE DEL PARTIDO DE LA REVOLUCI\u00d3N DEMOCR\u00c1TICA EN CAMPECHE <\/td><td data-cell-id=\"C11\" data-x=\"2\" data-y=\"11\" data-db-index=\"11\" class=\"fsize-18\" data-cell-type=\"text\" data-original-value=\"INSTITUTO ELECTORAL DEL ESTADO DE CAMPECHE\" data-order=\"INSTITUTO ELECTORAL DEL ESTADO DE CAMPECHE\" >INSTITUTO ELECTORAL DEL ESTADO DE CAMPECHE <\/td><td data-cell-id=\"D11\" data-x=\"3\" data-y=\"11\" data-db-index=\"11\" class=\"fsize-18\" data-cell-type=\"text\" data-original-value=\"&lt;a href=&quot;https:\/\/teec.org.mx\/web\/wp-content\/uploads\/2022\/12\/TEEC-JE-1-2022-INC-13-12-2022.pdf&quot; target=&quot;_blank&quot;&gt;TEEC\/JE\/1\/2022\/INC (ACUERDO DE RECEPCI\u00d3N, RADICACI\u00d3N Y FECHA Y HORA PEA SESI\u00d3N PRIVADA)&lt;\/a&gt;\" data-order=\"&lt;a href=&quot;https:\/\/teec.org.mx\/web\/wp-content\/uploads\/2022\/12\/TEEC-JE-1-2022-INC-13-12-2022.pdf&quot; target=&quot;_blank&quot;&gt;TEEC\/JE\/1\/2022\/INC (ACUERDO DE RECEPCI\u00d3N, RADICACI\u00d3N Y FECHA Y HORA PEA SESI\u00d3N PRIVADA)&lt;\/a&gt;\" ><a href=\"https:\/\/teec.org.mx\/web\/wp-content\/uploads\/2022\/12\/TEEC-JE-1-2022-INC-13-12-2022.pdf\" target=\"_blank\">TEEC\/JE\/1\/2022\/INC (ACUERDO DE RECEPCI\u00d3N, RADICACI\u00d3N Y FECHA Y HORA PEA SESI\u00d3N PRIVADA)<\/a><\/td><\/tr><tr style=\"height:px\" ><td data-cell-id=\"A12\" data-x=\"0\" data-y=\"12\" data-db-index=\"12\" class=\"fsize-18\" data-cell-type=\"text\" data-original-value=\"13 DE DICIEMBRE DE 2022, A LAS 11:40 HORAS\" data-order=\"13 DE DICIEMBRE DE 2022, A LAS 11:40 HORAS\" >13 DE DICIEMBRE DE 2022, A LAS 11:40 HORAS <\/td><td data-cell-id=\"B12\" data-x=\"1\" data-y=\"12\" data-db-index=\"12\" class=\"fsize-18\" data-cell-type=\"text\" data-original-value=\"JUAN CARLOS MENA ZAPATA Y OTROS\" data-order=\"JUAN CARLOS MENA ZAPATA Y OTROS\" >JUAN CARLOS MENA ZAPATA Y OTROS <\/td><td data-cell-id=\"C12\" data-x=\"2\" data-y=\"12\" data-db-index=\"12\" class=\"fsize-18\" data-cell-type=\"text\" data-original-value=\"JUNTA GENERAL EJECUTIVA DEL INSTITUTO ELECTORAL DEL ESTADO DE CAMPECHE\" data-order=\"JUNTA GENERAL EJECUTIVA DEL INSTITUTO ELECTORAL DEL ESTADO DE CAMPECHE\" >JUNTA GENERAL EJECUTIVA DEL INSTITUTO ELECTORAL DEL ESTADO DE CAMPECHE <\/td><td data-cell-id=\"D12\" data-x=\"3\" data-y=\"12\" data-db-index=\"12\" class=\"fsize-18\" data-cell-type=\"text\" data-original-value=\"&lt;a href=&quot;https:\/\/teec.org.mx\/web\/wp-content\/uploads\/2022\/12\/TEEC-JE-7-2022-INC-acuerdo-plenario-13-12-2022.pdf&quot; target=&quot;_blank&quot;&gt;TEEC\/JE\/7\/2022\/INC (ACUERDO PLENARIO)&lt;\/a&gt;\" data-order=\"&lt;a href=&quot;https:\/\/teec.org.mx\/web\/wp-content\/uploads\/2022\/12\/TEEC-JE-7-2022-INC-acuerdo-plenario-13-12-2022.pdf&quot; target=&quot;_blank&quot;&gt;TEEC\/JE\/7\/2022\/INC (ACUERDO PLENARIO)&lt;\/a&gt;\" ><a href=\"https:\/\/teec.org.mx\/web\/wp-content\/uploads\/2022\/12\/TEEC-JE-7-2022-INC-acuerdo-plenario-13-12-2022.pdf\" target=\"_blank\">TEEC\/JE\/7\/2022\/INC (ACUERDO PLENARIO)<\/a><\/td><\/tr><tr style=\"height:px\" ><td data-cell-id=\"A13\" data-x=\"0\" data-y=\"13\" data-db-index=\"13\" class=\"fsize-18\" data-cell-type=\"text\" data-original-value=\"07 DE DICIEMBRE DE 2022, A LAS 14:40 HORAS\" data-order=\"07 DE DICIEMBRE DE 2022, A LAS 14:40 HORAS\" >07 DE DICIEMBRE DE 2022, A LAS 14:40 HORAS <\/td><td data-cell-id=\"B13\" data-x=\"1\" data-y=\"13\" data-db-index=\"13\" class=\"fsize-18\" data-cell-type=\"text\" data-original-value=\"JUAN CARLOS MENA ZAPATA Y OTROS\" data-order=\"JUAN CARLOS MENA ZAPATA Y OTROS\" >JUAN CARLOS MENA ZAPATA Y OTROS <\/td><td data-cell-id=\"C13\" data-x=\"2\" data-y=\"13\" data-db-index=\"13\" class=\"fsize-18\" data-cell-type=\"text\" data-original-value=\"JUNTA GENERAL EJECUTIVA DEL INSTITUTO ELECTORAL DEL ESTADO DE CAMPECHE\" data-order=\"JUNTA GENERAL EJECUTIVA DEL INSTITUTO ELECTORAL DEL ESTADO DE CAMPECHE\" >JUNTA GENERAL EJECUTIVA DEL INSTITUTO ELECTORAL DEL ESTADO DE CAMPECHE <\/td><td data-cell-id=\"D13\" data-x=\"3\" data-y=\"13\" data-db-index=\"13\" class=\"fsize-18\" data-cell-type=\"text\" data-original-value=\"&lt;a href=&quot;https:\/\/teec.org.mx\/web\/wp-content\/uploads\/2022\/12\/TEEC-JE-7-2022-INC-2do-acu-07-12-2022.pdf&quot; target=&quot;_blank&quot;&gt;TEEC\/JE\/7\/2022\/INC (SE FIJA FECHA Y HORA PARA SESI\u00d3N PRIVADA)&lt;\/a&gt;\" data-order=\"&lt;a href=&quot;https:\/\/teec.org.mx\/web\/wp-content\/uploads\/2022\/12\/TEEC-JE-7-2022-INC-2do-acu-07-12-2022.pdf&quot; target=&quot;_blank&quot;&gt;TEEC\/JE\/7\/2022\/INC (SE FIJA FECHA Y HORA PARA SESI\u00d3N PRIVADA)&lt;\/a&gt;\" ><a href=\"https:\/\/teec.org.mx\/web\/wp-content\/uploads\/2022\/12\/TEEC-JE-7-2022-INC-2do-acu-07-12-2022.pdf\" target=\"_blank\">TEEC\/JE\/7\/2022\/INC (SE FIJA FECHA Y HORA PARA SESI\u00d3N PRIVADA)<\/a><\/td><\/tr><tr style=\"height:px\" ><td data-cell-id=\"A14\" data-x=\"0\" data-y=\"14\" data-db-index=\"14\" class=\"fsize-18\" data-cell-type=\"text\" data-original-value=\"07 DE DICIEMBRE DE 2022, A LAS 13:40 HORAS\" data-order=\"07 DE DICIEMBRE DE 2022, A LAS 13:40 HORAS\" >07 DE DICIEMBRE DE 2022, A LAS 13:40 HORAS <\/td><td data-cell-id=\"B14\" data-x=\"1\" data-y=\"14\" data-db-index=\"14\" class=\"fsize-18\" data-cell-type=\"text\" data-original-value=\"JOS\u00c9 DEL CARMEN SEGOVIA CRUZ, QUIEN SE OSTENTA COMO DIRIGENTE DEL PARTIDO DE LA REVOLUCI\u00d3N DEMOCR\u00c1TICA EN CAMPECHE\" data-order=\"JOS\u00c9 DEL CARMEN SEGOVIA CRUZ, QUIEN SE OSTENTA COMO DIRIGENTE DEL PARTIDO DE LA REVOLUCI\u00d3N DEMOCR\u00c1TICA EN CAMPECHE\" >JOS\u00c9 DEL CARMEN SEGOVIA CRUZ, QUIEN SE OSTENTA COMO DIRIGENTE DEL PARTIDO DE LA REVOLUCI\u00d3N DEMOCR\u00c1TICA EN CAMPECHE <\/td><td data-cell-id=\"C14\" data-x=\"2\" data-y=\"14\" data-db-index=\"14\" class=\"fsize-18\" data-cell-type=\"text\" data-original-value=\"INSTITUTO ELECTORAL DEL ESTADO DE CAMPECHE\" data-order=\"INSTITUTO ELECTORAL DEL ESTADO DE CAMPECHE\" >INSTITUTO ELECTORAL DEL ESTADO DE CAMPECHE <\/td><td data-cell-id=\"D14\" data-x=\"3\" data-y=\"14\" data-db-index=\"14\" class=\"fsize-18\" data-cell-type=\"text\" data-original-value=\"&lt;a href=&quot;https:\/\/teec.org.mx\/web\/wp-content\/uploads\/2022\/12\/TEEC-JE-1-2022-INC-07-12-2022.pdf&quot; target=&quot;_blank&quot;&gt;TEEC\/JE\/1\/2022\/INC (ACUERDO DE TURNO)&lt;\/a&gt;\" data-order=\"&lt;a href=&quot;https:\/\/teec.org.mx\/web\/wp-content\/uploads\/2022\/12\/TEEC-JE-1-2022-INC-07-12-2022.pdf&quot; target=&quot;_blank&quot;&gt;TEEC\/JE\/1\/2022\/INC (ACUERDO DE TURNO)&lt;\/a&gt;\" ><a href=\"https:\/\/teec.org.mx\/web\/wp-content\/uploads\/2022\/12\/TEEC-JE-1-2022-INC-07-12-2022.pdf\" target=\"_blank\">TEEC\/JE\/1\/2022\/INC (ACUERDO DE TURNO)<\/a><\/td><\/tr><tr style=\"height:px\" ><td data-cell-id=\"A15\" data-x=\"0\" data-y=\"15\" data-db-index=\"15\" class=\"fsize-18\" data-cell-type=\"text\" data-original-value=\"07 DE DICIEMBRE DE 2022, A LAS 10:00 HORAS\" data-order=\"07 DE DICIEMBRE DE 2022, A LAS 10:00 HORAS\" >07 DE DICIEMBRE DE 2022, A LAS 10:00 HORAS <\/td><td data-cell-id=\"B15\" data-x=\"1\" data-y=\"15\" data-db-index=\"15\" class=\"fsize-18\" data-cell-type=\"text\" data-original-value=\"ELIA GEORGINA SALAVARRIA ZETINA\" data-order=\"ELIA GEORGINA SALAVARRIA ZETINA\" >ELIA GEORGINA SALAVARRIA ZETINA <\/td><td data-cell-id=\"C15\" data-x=\"2\" data-y=\"15\" data-db-index=\"15\" class=\"fsize-18\" data-cell-type=\"text\" data-original-value=\"JUAN CARLOS MENA ZAPATA Y OTROS\" data-order=\"JUAN CARLOS MENA ZAPATA Y OTROS\" >JUAN CARLOS MENA ZAPATA Y OTROS <\/td><td data-cell-id=\"D15\" data-x=\"3\" data-y=\"15\" data-db-index=\"15\" class=\"fsize-18\" data-cell-type=\"text\" data-original-value=\"&lt;a href=&quot;https:\/\/teec.org.mx\/web\/wp-content\/uploads\/2022\/12\/TEEC-JE-7-2022-INC-1er-acu-07-12-2022.pdf&quot; target=&quot;_blank&quot;&gt;TEEC\/JE\/7\/2022\/INC (ACUERDO DE ADMISI\u00d3N, CIERRE DE INSTRUCCI\u00d3N Y SOLICITUD DE FECHA Y HORA PARA SESI\u00d3N PRIVADA)&lt;\/a&gt;\" data-order=\"&lt;a href=&quot;https:\/\/teec.org.mx\/web\/wp-content\/uploads\/2022\/12\/TEEC-JE-7-2022-INC-1er-acu-07-12-2022.pdf&quot; target=&quot;_blank&quot;&gt;TEEC\/JE\/7\/2022\/INC (ACUERDO DE ADMISI\u00d3N, CIERRE DE INSTRUCCI\u00d3N Y SOLICITUD DE FECHA Y HORA PARA SESI\u00d3N PRIVADA)&lt;\/a&gt;\" ><a href=\"https:\/\/teec.org.mx\/web\/wp-content\/uploads\/2022\/12\/TEEC-JE-7-2022-INC-1er-acu-07-12-2022.pdf\" target=\"_blank\">TEEC\/JE\/7\/2022\/INC (ACUERDO DE ADMISI\u00d3N, CIERRE DE INSTRUCCI\u00d3N Y SOLICITUD DE FECHA Y HORA PARA SESI\u00d3N PRIVADA)<\/a><\/td><\/tr><tr style=\"height:px\" ><td data-cell-id=\"A16\" data-x=\"0\" data-y=\"16\" data-db-index=\"16\" class=\"fsize-18\" data-cell-type=\"text\" data-original-value=\"05 DE DICIEMBRE DE 2022, A LAS 13:00 HORAS\" data-order=\"05 DE DICIEMBRE DE 2022, A LAS 13:00 HORAS\" >05 DE DICIEMBRE DE 2022, A LAS 13:00 HORAS <\/td><td data-cell-id=\"B16\" data-x=\"1\" data-y=\"16\" data-db-index=\"16\" class=\"fsize-18\" data-cell-type=\"text\" data-original-value=\"JUAN CARLOS MENA ZAPATA Y OTROS\" data-order=\"JUAN CARLOS MENA ZAPATA Y OTROS\" >JUAN CARLOS MENA ZAPATA Y OTROS <\/td><td data-cell-id=\"C16\" data-x=\"2\" data-y=\"16\" data-db-index=\"16\" class=\"fsize-18\" data-cell-type=\"text\" data-original-value=\"JUNTA GENERAL EJECUTIVA DEL INSTITUTO ELECTORAL DEL ESTADO DE CAMPECHE\" data-order=\"JUNTA GENERAL EJECUTIVA DEL INSTITUTO ELECTORAL DEL ESTADO DE CAMPECHE\" >JUNTA GENERAL EJECUTIVA DEL INSTITUTO ELECTORAL DEL ESTADO DE CAMPECHE <\/td><td data-cell-id=\"D16\" data-x=\"3\" data-y=\"16\" data-db-index=\"16\" class=\"fsize-18\" data-cell-type=\"text\" data-original-value=\"&lt;a href=&quot;https:\/\/teec.org.mx\/web\/wp-content\/uploads\/2022\/12\/TEEC-JE-7-2022-INC-2do-acu-05-12-2022.pdf&quot; target=&quot;_blank&quot;&gt;TEEC\/JE\/7\/2022\/INC (SE ORDENA EXPEDIR COPIAS CERTIFICADAS)&lt;\/a&gt;\" data-order=\"&lt;a href=&quot;https:\/\/teec.org.mx\/web\/wp-content\/uploads\/2022\/12\/TEEC-JE-7-2022-INC-2do-acu-05-12-2022.pdf&quot; target=&quot;_blank&quot;&gt;TEEC\/JE\/7\/2022\/INC (SE ORDENA EXPEDIR COPIAS CERTIFICADAS)&lt;\/a&gt;\" ><a href=\"https:\/\/teec.org.mx\/web\/wp-content\/uploads\/2022\/12\/TEEC-JE-7-2022-INC-2do-acu-05-12-2022.pdf\" target=\"_blank\">TEEC\/JE\/7\/2022\/INC (SE ORDENA EXPEDIR COPIAS CERTIFICADAS)<\/a><\/td><\/tr><tr style=\"height:px\" ><td data-cell-id=\"A17\" data-x=\"0\" data-y=\"17\" data-db-index=\"17\" class=\"fsize-18\" data-cell-type=\"text\" data-original-value=\"05 DE DICIEMBRE DE 2022, A LAS 11:30 HORAS\" data-order=\"05 DE DICIEMBRE DE 2022, A LAS 11:30 HORAS\" >05 DE DICIEMBRE DE 2022, A LAS 11:30 HORAS <\/td><td data-cell-id=\"B17\" data-x=\"1\" data-y=\"17\" data-db-index=\"17\" class=\"fsize-18\" data-cell-type=\"text\" data-original-value=\"JUAN CARLOS MENA ZAPATA Y OTROS\" data-order=\"JUAN CARLOS MENA ZAPATA Y OTROS\" >JUAN CARLOS MENA ZAPATA Y OTROS <\/td><td data-cell-id=\"C17\" data-x=\"2\" data-y=\"17\" data-db-index=\"17\" class=\"fsize-18\" data-cell-type=\"text\" data-original-value=\"JUNTA GENERAL EJECUTIVA DEL INSTITUTO ELECTORAL DEL ESTADO DE CAMPECHE\" data-order=\"JUNTA GENERAL EJECUTIVA DEL INSTITUTO ELECTORAL DEL ESTADO DE CAMPECHE\" >JUNTA GENERAL EJECUTIVA DEL INSTITUTO ELECTORAL DEL ESTADO DE CAMPECHE <\/td><td data-cell-id=\"D17\" data-x=\"3\" data-y=\"17\" data-db-index=\"17\" class=\"fsize-18\" data-cell-type=\"text\" data-original-value=\"&lt;a href=&quot;https:\/\/teec.org.mx\/web\/wp-content\/uploads\/2022\/12\/TEEC-JE-7-2022-INC-05-12-2022.pdf&quot; target=&quot;_blank&quot;&gt;TEEC\/JE\/7\/2022\/INC (ACUERDO DE TURNO DE DOCUMENTACI\u00d3N)&lt;\/a&gt;\" data-order=\"&lt;a href=&quot;https:\/\/teec.org.mx\/web\/wp-content\/uploads\/2022\/12\/TEEC-JE-7-2022-INC-05-12-2022.pdf&quot; target=&quot;_blank&quot;&gt;TEEC\/JE\/7\/2022\/INC (ACUERDO DE TURNO DE DOCUMENTACI\u00d3N)&lt;\/a&gt;\" ><a href=\"https:\/\/teec.org.mx\/web\/wp-content\/uploads\/2022\/12\/TEEC-JE-7-2022-INC-05-12-2022.pdf\" target=\"_blank\">TEEC\/JE\/7\/2022\/INC (ACUERDO DE TURNO DE DOCUMENTACI\u00d3N)<\/a><\/td><\/tr><tr style=\"height:px\" ><td data-cell-id=\"A18\" data-x=\"0\" data-y=\"18\" data-db-index=\"18\" class=\"fsize-18\" data-cell-type=\"text\" data-original-value=\"23 DE NOVIEMBRE DE 2022, A LAS 10:30 HORAS\" data-order=\"23 DE NOVIEMBRE DE 2022, A LAS 10:30 HORAS\" >23 DE NOVIEMBRE DE 2022, A LAS 10:30 HORAS <\/td><td data-cell-id=\"B18\" data-x=\"1\" data-y=\"18\" data-db-index=\"18\" class=\"fsize-18\" data-cell-type=\"text\" data-original-value=\"JUAN CARLOS MENA ZAPATA Y OTROS\" data-order=\"JUAN CARLOS MENA ZAPATA Y OTROS\" >JUAN CARLOS MENA ZAPATA Y OTROS <\/td><td data-cell-id=\"C18\" data-x=\"2\" data-y=\"18\" data-db-index=\"18\" class=\"fsize-18\" data-cell-type=\"text\" data-original-value=\"JUNTA GENERAL EJECUTIVA DEL INSTITUTO ELECTORAL DEL ESTADO DE CAMPECHE\" data-order=\"JUNTA GENERAL EJECUTIVA DEL INSTITUTO ELECTORAL DEL ESTADO DE CAMPECHE\" >JUNTA GENERAL EJECUTIVA DEL INSTITUTO ELECTORAL DEL ESTADO DE CAMPECHE <\/td><td data-cell-id=\"D18\" data-x=\"3\" data-y=\"18\" data-db-index=\"18\" class=\"fsize-18\" data-cell-type=\"text\" data-original-value=\"&lt;a href=&quot;https:\/\/teec.org.mx\/web\/wp-content\/uploads\/2022\/11\/TEEC-JE-7-2022-INC-23-11-2022.pdf&quot; target=&quot;_blank&quot;&gt;TEEC\/JE\/7\/2022\/INC (ACUERDO DE TURNO DE DOCUMENTACI\u00d3N)&lt;\/a&gt;\" data-order=\"&lt;a href=&quot;https:\/\/teec.org.mx\/web\/wp-content\/uploads\/2022\/11\/TEEC-JE-7-2022-INC-23-11-2022.pdf&quot; target=&quot;_blank&quot;&gt;TEEC\/JE\/7\/2022\/INC (ACUERDO DE TURNO DE DOCUMENTACI\u00d3N)&lt;\/a&gt;\" ><a href=\"https:\/\/teec.org.mx\/web\/wp-content\/uploads\/2022\/11\/TEEC-JE-7-2022-INC-23-11-2022.pdf\" target=\"_blank\">TEEC\/JE\/7\/2022\/INC (ACUERDO DE TURNO DE DOCUMENTACI\u00d3N)<\/a><\/td><\/tr><tr style=\"height:px\" ><td data-cell-id=\"A19\" data-x=\"0\" data-y=\"19\" data-db-index=\"19\" class=\"fsize-18\" data-cell-type=\"text\" data-original-value=\"17 NOVIEMBRE DE 2022, A LAS 12:00 HORAS\" data-order=\"17 NOVIEMBRE DE 2022, A LAS 12:00 HORAS\" >17 NOVIEMBRE DE 2022, A LAS 12:00 HORAS <\/td><td data-cell-id=\"B19\" data-x=\"1\" data-y=\"19\" data-db-index=\"19\" class=\"fsize-18\" data-cell-type=\"text\" data-original-value=\"JUAN CARLOS MENA ZAPATA Y OTROS\" data-order=\"JUAN CARLOS MENA ZAPATA Y OTROS\" >JUAN CARLOS MENA ZAPATA Y OTROS <\/td><td data-cell-id=\"C19\" data-x=\"2\" data-y=\"19\" data-db-index=\"19\" class=\"fsize-18\" data-cell-type=\"text\" data-original-value=\"JUNTA GENERAL EJECUTIVA DEL INSTITUTO ELECTORAL DEL ESTADO DE CAMPECHE\" data-order=\"JUNTA GENERAL EJECUTIVA DEL INSTITUTO ELECTORAL DEL ESTADO DE CAMPECHE\" >JUNTA GENERAL EJECUTIVA DEL INSTITUTO ELECTORAL DEL ESTADO DE CAMPECHE <\/td><td data-cell-id=\"D19\" data-x=\"3\" data-y=\"19\" data-db-index=\"19\" class=\"fsize-18\" data-cell-type=\"text\" data-original-value=\"&lt;a href=&quot;https:\/\/teec.org.mx\/web\/wp-content\/uploads\/2022\/11\/TEEC-JE-7-2022-INC-17-11-2022.pdf&quot; target=&quot;_blank&quot;&gt;TEEC\/JE\/7\/2022\/INC (ACUERDO DE ACUMULACI\u00d3N Y VISTA)&lt;\/a&gt;\" data-order=\"&lt;a href=&quot;https:\/\/teec.org.mx\/web\/wp-content\/uploads\/2022\/11\/TEEC-JE-7-2022-INC-17-11-2022.pdf&quot; target=&quot;_blank&quot;&gt;TEEC\/JE\/7\/2022\/INC (ACUERDO DE ACUMULACI\u00d3N Y VISTA)&lt;\/a&gt;\" ><a href=\"https:\/\/teec.org.mx\/web\/wp-content\/uploads\/2022\/11\/TEEC-JE-7-2022-INC-17-11-2022.pdf\" target=\"_blank\">TEEC\/JE\/7\/2022\/INC (ACUERDO DE ACUMULACI\u00d3N Y VISTA)<\/a><\/td><\/tr><tr style=\"height:px\" ><td data-cell-id=\"A20\" data-x=\"0\" data-y=\"20\" data-db-index=\"20\" class=\"fsize-18\" data-cell-type=\"text\" data-original-value=\"16 DE NOVIEMBRE DE 2022, A LAS 13:30 HORAS\" data-order=\"16 DE NOVIEMBRE DE 2022, A LAS 13:30 HORAS\" >16 DE NOVIEMBRE DE 2022, A LAS 13:30 HORAS <\/td><td data-cell-id=\"B20\" data-x=\"1\" data-y=\"20\" data-db-index=\"20\" class=\"fsize-18\" data-cell-type=\"text\" data-original-value=\"JUAN CARLOS MENA ZAPATA Y OTROS\" data-order=\"JUAN CARLOS MENA ZAPATA Y OTROS\" >JUAN CARLOS MENA ZAPATA Y OTROS <\/td><td data-cell-id=\"C20\" data-x=\"2\" data-y=\"20\" data-db-index=\"20\" class=\"fsize-18\" data-cell-type=\"text\" data-original-value=\"JUNTA GENERAL EJECUTIVA DEL INSTITUTO ELECTORAL DEL ESTADO DE CAMPECHE\" data-order=\"JUNTA GENERAL EJECUTIVA DEL INSTITUTO ELECTORAL DEL ESTADO DE CAMPECHE\" >JUNTA GENERAL EJECUTIVA DEL INSTITUTO ELECTORAL DEL ESTADO DE CAMPECHE <\/td><td data-cell-id=\"D20\" data-x=\"3\" data-y=\"20\" data-db-index=\"20\" class=\"fsize-18\" data-cell-type=\"text\" data-original-value=\"&lt;a href=&quot;https:\/\/teec.org.mx\/web\/wp-content\/uploads\/2022\/11\/TEEC-JE-7-2022-INC-16-11-2022.pdf&quot; target=&quot;_blank&quot;&gt;TEEC\/JE\/7\/2022\/INC (ACUERDO DE TURNO DE DOCUMENTACI\u00d3N)&lt;\/a&gt;\" data-order=\"&lt;a href=&quot;https:\/\/teec.org.mx\/web\/wp-content\/uploads\/2022\/11\/TEEC-JE-7-2022-INC-16-11-2022.pdf&quot; target=&quot;_blank&quot;&gt;TEEC\/JE\/7\/2022\/INC (ACUERDO DE TURNO DE DOCUMENTACI\u00d3N)&lt;\/a&gt;\" ><a href=\"https:\/\/teec.org.mx\/web\/wp-content\/uploads\/2022\/11\/TEEC-JE-7-2022-INC-16-11-2022.pdf\" target=\"_blank\">TEEC\/JE\/7\/2022\/INC (ACUERDO DE TURNO DE DOCUMENTACI\u00d3N)<\/a><\/td><\/tr><tr style=\"height:px\" ><td data-cell-id=\"A21\" data-x=\"0\" data-y=\"21\" data-db-index=\"21\" class=\"fsize-18\" data-cell-type=\"text\" data-original-value=\"15 NOVIEMBRE DE 2022, A LAS 12:30 HORAS\" data-order=\"15 NOVIEMBRE DE 2022, A LAS 12:30 HORAS\" >15 NOVIEMBRE DE 2022, A LAS 12:30 HORAS <\/td><td data-cell-id=\"B21\" data-x=\"1\" data-y=\"21\" data-db-index=\"21\" class=\"fsize-18\" data-cell-type=\"text\" data-original-value=\"JUAN CARLOS MENA ZAPATA Y OTROS\" data-order=\"JUAN CARLOS MENA ZAPATA Y OTROS\" >JUAN CARLOS MENA ZAPATA Y OTROS <\/td><td data-cell-id=\"C21\" data-x=\"2\" data-y=\"21\" data-db-index=\"21\" class=\"fsize-18\" data-cell-type=\"text\" data-original-value=\"JUNTA GENERAL EJECUTIVA DEL INSTITUTO ELECTORAL DEL ESTADO DE CAMPECHE\" data-order=\"JUNTA GENERAL EJECUTIVA DEL INSTITUTO ELECTORAL DEL ESTADO DE CAMPECHE\" >JUNTA GENERAL EJECUTIVA DEL INSTITUTO ELECTORAL DEL ESTADO DE CAMPECHE <\/td><td data-cell-id=\"D21\" data-x=\"3\" data-y=\"21\" data-db-index=\"21\" class=\"fsize-18\" data-cell-type=\"text\" data-original-value=\"&lt;a href=&quot;https:\/\/teec.org.mx\/web\/wp-content\/uploads\/2022\/11\/TEEC-JE-7-2022-INC-15-11-2022.pdf&quot; target=&quot;_blank&quot;&gt;TEEC\/JE\/7\/2022\/INC (ACUERDO DE REQUERIMIENTO)&lt;\/a&gt;\" data-order=\"&lt;a href=&quot;https:\/\/teec.org.mx\/web\/wp-content\/uploads\/2022\/11\/TEEC-JE-7-2022-INC-15-11-2022.pdf&quot; target=&quot;_blank&quot;&gt;TEEC\/JE\/7\/2022\/INC (ACUERDO DE REQUERIMIENTO)&lt;\/a&gt;\" ><a href=\"https:\/\/teec.org.mx\/web\/wp-content\/uploads\/2022\/11\/TEEC-JE-7-2022-INC-15-11-2022.pdf\" target=\"_blank\">TEEC\/JE\/7\/2022\/INC (ACUERDO DE REQUERIMIENTO)<\/a><\/td><\/tr><tr style=\"height:px\" ><td data-cell-id=\"A22\" data-x=\"0\" data-y=\"22\" data-db-index=\"22\" class=\"fsize-18\" data-cell-type=\"text\" data-original-value=\"10 NOVIEMBRE DE 2022, A LAS 12:40 HORAS\" data-order=\"10 NOVIEMBRE DE 2022, A LAS 12:40 HORAS\" >10 NOVIEMBRE DE 2022, A LAS 12:40 HORAS <\/td><td data-cell-id=\"B22\" data-x=\"1\" data-y=\"22\" data-db-index=\"22\" class=\"fsize-18\" data-cell-type=\"text\" data-original-value=\"JUAN CARLOS MENA ZAPATA Y OTROS\" data-order=\"JUAN CARLOS MENA ZAPATA Y OTROS\" >JUAN CARLOS MENA ZAPATA Y OTROS <\/td><td data-cell-id=\"C22\" data-x=\"2\" data-y=\"22\" data-db-index=\"22\" class=\"fsize-18\" data-cell-type=\"text\" data-original-value=\"JUNTA GENERAL EJECUTIVA DEL INSTITUTO ELECTORAL DEL ESTADO DE CAMPECHE\" data-order=\"JUNTA GENERAL EJECUTIVA DEL INSTITUTO ELECTORAL DEL ESTADO DE CAMPECHE\" >JUNTA GENERAL EJECUTIVA DEL INSTITUTO ELECTORAL DEL ESTADO DE CAMPECHE <\/td><td data-cell-id=\"D22\" data-x=\"3\" data-y=\"22\" data-db-index=\"22\" class=\"fsize-18\" data-cell-type=\"text\" data-original-value=\"&lt;a href=&quot;https:\/\/teec.org.mx\/web\/wp-content\/uploads\/2022\/11\/TEEC-JE-7-2022-INC-10-11-2022.pdf&quot; target=&quot;_blank&quot;&gt;TEEC\/JE\/7\/2022\/INC (ACUERDO DE REQUERIMIENTO)&lt;\/a&gt;\" data-order=\"&lt;a href=&quot;https:\/\/teec.org.mx\/web\/wp-content\/uploads\/2022\/11\/TEEC-JE-7-2022-INC-10-11-2022.pdf&quot; target=&quot;_blank&quot;&gt;TEEC\/JE\/7\/2022\/INC (ACUERDO DE REQUERIMIENTO)&lt;\/a&gt;\" ><a href=\"https:\/\/teec.org.mx\/web\/wp-content\/uploads\/2022\/11\/TEEC-JE-7-2022-INC-10-11-2022.pdf\" target=\"_blank\">TEEC\/JE\/7\/2022\/INC (ACUERDO DE REQUERIMIENTO)<\/a><\/td><\/tr><tr style=\"height:px\" ><td data-cell-id=\"A23\" data-x=\"0\" data-y=\"23\" data-db-index=\"23\" class=\"fsize-18\" data-cell-type=\"text\" data-original-value=\"09 DE NOVIEMBRE DE 2022, A LAS 13:30 HORAS\" data-order=\"09 DE NOVIEMBRE DE 2022, A LAS 13:30 HORAS\" >09 DE NOVIEMBRE DE 2022, A LAS 13:30 HORAS <\/td><td data-cell-id=\"B23\" data-x=\"1\" data-y=\"23\" data-db-index=\"23\" class=\"fsize-18\" data-cell-type=\"text\" data-original-value=\"JUAN CARLOS MENA ZAPATA Y OTROS\" data-order=\"JUAN CARLOS MENA ZAPATA Y OTROS\" >JUAN CARLOS MENA ZAPATA Y OTROS <\/td><td data-cell-id=\"C23\" data-x=\"2\" data-y=\"23\" data-db-index=\"23\" class=\"fsize-18\" data-cell-type=\"text\" data-original-value=\"JUNTA GENERAL EJECUTIVA DEL INSTITUTO ELECTORAL DEL ESTADO DE CAMPECHE\" data-order=\"JUNTA GENERAL EJECUTIVA DEL INSTITUTO ELECTORAL DEL ESTADO DE CAMPECHE\" >JUNTA GENERAL EJECUTIVA DEL INSTITUTO ELECTORAL DEL ESTADO DE CAMPECHE <\/td><td data-cell-id=\"D23\" data-x=\"3\" data-y=\"23\" data-db-index=\"23\" class=\"fsize-18\" data-cell-type=\"text\" data-original-value=\"&lt;a href=&quot;https:\/\/teec.org.mx\/web\/wp-content\/uploads\/2022\/11\/TEEC-JE-7-2022-INC-09-11-2022.pdf&quot; target=&quot;_blank&quot;&gt;TEEC\/JE\/7\/2022\/INC (ACUERDO DE TURNO DE DOCUMENTACI\u00d3N)&lt;\/a&gt;\" data-order=\"&lt;a href=&quot;https:\/\/teec.org.mx\/web\/wp-content\/uploads\/2022\/11\/TEEC-JE-7-2022-INC-09-11-2022.pdf&quot; target=&quot;_blank&quot;&gt;TEEC\/JE\/7\/2022\/INC (ACUERDO DE TURNO DE DOCUMENTACI\u00d3N)&lt;\/a&gt;\" ><a href=\"https:\/\/teec.org.mx\/web\/wp-content\/uploads\/2022\/11\/TEEC-JE-7-2022-INC-09-11-2022.pdf\" target=\"_blank\">TEEC\/JE\/7\/2022\/INC (ACUERDO DE TURNO DE DOCUMENTACI\u00d3N)<\/a><\/td><\/tr><tr style=\"height:px\" ><td data-cell-id=\"A24\" data-x=\"0\" data-y=\"24\" data-db-index=\"24\" class=\"fsize-18\" data-cell-type=\"text\" data-original-value=\"04 DE NOVIEMBRE DE 2022, A LAS 12:45 HORAS\" data-order=\"04 DE NOVIEMBRE DE 2022, A LAS 12:45 HORAS\" >04 DE NOVIEMBRE DE 2022, A LAS 12:45 HORAS <\/td><td data-cell-id=\"B24\" data-x=\"1\" data-y=\"24\" data-db-index=\"24\" class=\"fsize-18\" data-cell-type=\"text\" data-original-value=\"JUAN CARLOS MENA ZAPATA Y OTROS\" data-order=\"JUAN CARLOS MENA ZAPATA Y OTROS\" >JUAN CARLOS MENA ZAPATA Y OTROS <\/td><td data-cell-id=\"C24\" data-x=\"2\" data-y=\"24\" data-db-index=\"24\" class=\"fsize-18\" data-cell-type=\"text\" data-original-value=\"JUNTA GENERAL EJECUTIVA DEL INSTITUTO ELECTORAL DEL ESTADO DE CAMPECHE\" data-order=\"JUNTA GENERAL EJECUTIVA DEL INSTITUTO ELECTORAL DEL ESTADO DE CAMPECHE\" >JUNTA GENERAL EJECUTIVA DEL INSTITUTO ELECTORAL DEL ESTADO DE CAMPECHE <\/td><td data-cell-id=\"D24\" data-x=\"3\" data-y=\"24\" data-db-index=\"24\" class=\"fsize-18\" data-cell-type=\"text\" data-original-value=\"&lt;a href=&quot;https:\/\/teec.org.mx\/web\/wp-content\/uploads\/2022\/11\/TEEC-JE-7-2022-INC-04-11-2022.pdf&quot; target=&quot;_blank&quot;&gt;TEEC\/JE\/7\/2022\/INC (ACUERDO DE REQUERIMIENTO)&lt;\/a&gt;\" data-order=\"&lt;a href=&quot;https:\/\/teec.org.mx\/web\/wp-content\/uploads\/2022\/11\/TEEC-JE-7-2022-INC-04-11-2022.pdf&quot; target=&quot;_blank&quot;&gt;TEEC\/JE\/7\/2022\/INC (ACUERDO DE REQUERIMIENTO)&lt;\/a&gt;\" ><a href=\"https:\/\/teec.org.mx\/web\/wp-content\/uploads\/2022\/11\/TEEC-JE-7-2022-INC-04-11-2022.pdf\" target=\"_blank\">TEEC\/JE\/7\/2022\/INC (ACUERDO DE REQUERIMIENTO)<\/a><\/td><\/tr><tr style=\"height:px\" ><td data-cell-id=\"A25\" data-x=\"0\" data-y=\"25\" data-db-index=\"25\" class=\"fsize-18\" data-cell-type=\"text\" data-original-value=\"03 DE NOVIEMBRE DE 2022, A LAS 12:30 HORAS\" data-order=\"03 DE NOVIEMBRE DE 2022, A LAS 12:30 HORAS\" >03 DE NOVIEMBRE DE 2022, A LAS 12:30 HORAS <\/td><td data-cell-id=\"B25\" data-x=\"1\" data-y=\"25\" data-db-index=\"25\" class=\"fsize-18\" data-cell-type=\"text\" data-original-value=\"JUAN CARLOS MENA ZAPATA Y OTROS\" data-order=\"JUAN CARLOS MENA ZAPATA Y OTROS\" >JUAN CARLOS MENA ZAPATA Y OTROS <\/td><td data-cell-id=\"C25\" data-x=\"2\" data-y=\"25\" data-db-index=\"25\" class=\"fsize-18\" data-cell-type=\"text\" data-original-value=\"JUNTA GENERAL EJECUTIVA DEL INSTITUTO ELECTORAL DEL ESTADO DE CAMPECHE\" data-order=\"JUNTA GENERAL EJECUTIVA DEL INSTITUTO ELECTORAL DEL ESTADO DE CAMPECHE\" >JUNTA GENERAL EJECUTIVA DEL INSTITUTO ELECTORAL DEL ESTADO DE CAMPECHE <\/td><td data-cell-id=\"D25\" data-x=\"3\" data-y=\"25\" data-db-index=\"25\" class=\"fsize-18\" data-cell-type=\"text\" data-original-value=\"&lt;a href=&quot;https:\/\/teec.org.mx\/web\/wp-content\/uploads\/2022\/11\/TEEC-JE-7-2022-INC-03-11-2022.pdf&quot; target=&quot;_blank&quot;&gt;TEEC\/JE\/7\/2022\/INC (ACUERDO DE ACUMULACION)&lt;\/a&gt;\" data-order=\"&lt;a href=&quot;https:\/\/teec.org.mx\/web\/wp-content\/uploads\/2022\/11\/TEEC-JE-7-2022-INC-03-11-2022.pdf&quot; target=&quot;_blank&quot;&gt;TEEC\/JE\/7\/2022\/INC (ACUERDO DE ACUMULACION)&lt;\/a&gt;\" ><a href=\"https:\/\/teec.org.mx\/web\/wp-content\/uploads\/2022\/11\/TEEC-JE-7-2022-INC-03-11-2022.pdf\" target=\"_blank\">TEEC\/JE\/7\/2022\/INC (ACUERDO DE ACUMULACION)<\/a><\/td><\/tr><tr style=\"height:px\" ><td data-cell-id=\"A26\" data-x=\"0\" data-y=\"26\" data-db-index=\"26\" class=\"fsize-18\" data-cell-type=\"text\" data-original-value=\"28 DE OCTUBRE DE 2022, A LAS 10:40 HORAS\" data-order=\"28 DE OCTUBRE DE 2022, A LAS 10:40 HORAS\" >28 DE OCTUBRE DE 2022, A LAS 10:40 HORAS <\/td><td data-cell-id=\"B26\" data-x=\"1\" data-y=\"26\" data-db-index=\"26\" class=\"fsize-18\" data-cell-type=\"text\" data-original-value=\"JUAN CARLOS MENA ZAPATA Y OTROS\" data-order=\"JUAN CARLOS MENA ZAPATA Y OTROS\" >JUAN CARLOS MENA ZAPATA Y OTROS <\/td><td data-cell-id=\"C26\" data-x=\"2\" data-y=\"26\" data-db-index=\"26\" class=\"fsize-18\" data-cell-type=\"text\" data-original-value=\"JUNTA GENERAL EJECUTIVA DEL INSTITUTO ELECTORAL DEL ESTADO DE CAMPECHE\" data-order=\"JUNTA GENERAL EJECUTIVA DEL INSTITUTO ELECTORAL DEL ESTADO DE CAMPECHE\" >JUNTA GENERAL EJECUTIVA DEL INSTITUTO ELECTORAL DEL ESTADO DE CAMPECHE <\/td><td data-cell-id=\"D26\" data-x=\"3\" data-y=\"26\" data-db-index=\"26\" class=\"fsize-18\" data-cell-type=\"text\" data-original-value=\"&lt;a href=&quot;https:\/\/teec.org.mx\/web\/wp-content\/uploads\/2022\/10\/TEEC-JE-7-2022-INC-28-10-2022.pdf&quot; target=&quot;_blank&quot;&gt;TEEC\/JE\/7\/2022\/INC (ACUERDO DE TURNO DE DOCUMENTACI\u00d3N)&lt;\/a&gt;\" data-order=\"&lt;a href=&quot;https:\/\/teec.org.mx\/web\/wp-content\/uploads\/2022\/10\/TEEC-JE-7-2022-INC-28-10-2022.pdf&quot; target=&quot;_blank&quot;&gt;TEEC\/JE\/7\/2022\/INC (ACUERDO DE TURNO DE DOCUMENTACI\u00d3N)&lt;\/a&gt;\" ><a href=\"https:\/\/teec.org.mx\/web\/wp-content\/uploads\/2022\/10\/TEEC-JE-7-2022-INC-28-10-2022.pdf\" target=\"_blank\">TEEC\/JE\/7\/2022\/INC (ACUERDO DE TURNO DE DOCUMENTACI\u00d3N)<\/a><\/td><\/tr><tr style=\"height:px\" ><td data-cell-id=\"A27\" data-x=\"0\" data-y=\"27\" data-db-index=\"27\" class=\"fsize-18\" data-cell-type=\"text\" data-original-value=\"24 DE OCTUBRE DE 2022, A LAS 12:00 HORAS.\" data-order=\"24 DE OCTUBRE DE 2022, A LAS 12:00 HORAS.\" >24 DE OCTUBRE DE 2022, A LAS 12:00 HORAS. <\/td><td data-cell-id=\"B27\" data-x=\"1\" data-y=\"27\" data-db-index=\"27\" class=\"fsize-18\" data-cell-type=\"text\" data-original-value=\"JUAN CARLOS MENA ZAPATA Y OTROS\" data-order=\"JUAN CARLOS MENA ZAPATA Y OTROS\" >JUAN CARLOS MENA ZAPATA Y OTROS <\/td><td data-cell-id=\"C27\" data-x=\"2\" data-y=\"27\" data-db-index=\"27\" class=\"fsize-18\" data-cell-type=\"text\" data-original-value=\"JUNTA GENERAL EJECUTIVA DEL INSTITUTO ELECTORAL DEL ESTADO DE CAMPECHE\" data-order=\"JUNTA GENERAL EJECUTIVA DEL INSTITUTO ELECTORAL DEL ESTADO DE CAMPECHE\" >JUNTA GENERAL EJECUTIVA DEL INSTITUTO ELECTORAL DEL ESTADO DE CAMPECHE <\/td><td data-cell-id=\"D27\" data-x=\"3\" data-y=\"27\" data-db-index=\"27\" class=\"fsize-18\" data-cell-type=\"text\" data-original-value=\"&lt;a href=&quot;https:\/\/teec.org.mx\/web\/wp-content\/uploads\/2022\/10\/TEEC-JE-7-2022-INC-24-10-2022.pdf&quot; target=&quot;_blank&quot;&gt;TEEC\/JE\/7\/2022\/INC (ACUERDO DE RECEPCI\u00d3N Y REQUERIMIENTO)&lt;\/a&gt;\" data-order=\"&lt;a href=&quot;https:\/\/teec.org.mx\/web\/wp-content\/uploads\/2022\/10\/TEEC-JE-7-2022-INC-24-10-2022.pdf&quot; target=&quot;_blank&quot;&gt;TEEC\/JE\/7\/2022\/INC (ACUERDO DE RECEPCI\u00d3N Y REQUERIMIENTO)&lt;\/a&gt;\" ><a href=\"https:\/\/teec.org.mx\/web\/wp-content\/uploads\/2022\/10\/TEEC-JE-7-2022-INC-24-10-2022.pdf\" target=\"_blank\">TEEC\/JE\/7\/2022\/INC (ACUERDO DE RECEPCI\u00d3N Y REQUERIMIENTO)<\/a><\/td><\/tr><tr style=\"height:px\" ><td data-cell-id=\"A28\" data-x=\"0\" data-y=\"28\" data-db-index=\"28\" class=\"fsize-18\" data-cell-type=\"text\" data-original-value=\"21 DE OCTUBRE DE 2022, A LAS 14:40 HORAS\" data-order=\"21 DE OCTUBRE DE 2022, A LAS 14:40 HORAS\" >21 DE OCTUBRE DE 2022, A LAS 14:40 HORAS <\/td><td data-cell-id=\"B28\" data-x=\"1\" data-y=\"28\" data-db-index=\"28\" class=\"fsize-18\" data-cell-type=\"text\" data-original-value=\"JUAN CARLOS MENA ZAPATA Y OTROS\" data-order=\"JUAN CARLOS MENA ZAPATA Y OTROS\" >JUAN CARLOS MENA ZAPATA Y OTROS <\/td><td data-cell-id=\"C28\" data-x=\"2\" data-y=\"28\" data-db-index=\"28\" class=\"fsize-18\" data-cell-type=\"text\" data-original-value=\"JUNTA GENERAL EJECUTIVA DEL INSTITUTO ELECTORAL DEL ESTADO DE CAMPECHE\" data-order=\"JUNTA GENERAL EJECUTIVA DEL INSTITUTO ELECTORAL DEL ESTADO DE CAMPECHE\" >JUNTA GENERAL EJECUTIVA DEL INSTITUTO ELECTORAL DEL ESTADO DE CAMPECHE <\/td><td data-cell-id=\"D28\" data-x=\"3\" data-y=\"28\" data-db-index=\"28\" class=\"fsize-18\" data-cell-type=\"text\" data-original-value=\"&lt;a href=&quot;https:\/\/teec.org.mx\/web\/wp-content\/uploads\/2022\/10\/TEEC-JE-7-2022-INC-21-10-2022.pdf&quot; target=&quot;_blank&quot;&gt;TEEC\/JE\/7\/2022\/INC (ACUERDO DE TURNO)&lt;\/a&gt;\" data-order=\"&lt;a href=&quot;https:\/\/teec.org.mx\/web\/wp-content\/uploads\/2022\/10\/TEEC-JE-7-2022-INC-21-10-2022.pdf&quot; target=&quot;_blank&quot;&gt;TEEC\/JE\/7\/2022\/INC (ACUERDO DE TURNO)&lt;\/a&gt;\" ><a href=\"https:\/\/teec.org.mx\/web\/wp-content\/uploads\/2022\/10\/TEEC-JE-7-2022-INC-21-10-2022.pdf\" target=\"_blank\">TEEC\/JE\/7\/2022\/INC (ACUERDO DE TURNO)<\/a><\/td><\/tr><tr style=\"height:px\" ><td data-cell-id=\"A29\" data-x=\"0\" data-y=\"29\" data-db-index=\"29\" class=\"fsize-18\" data-cell-type=\"text\" data-original-value=\"22 DE AGOSTO DE 2022, A LAS 11:40 HORAS\" data-order=\"22 DE AGOSTO DE 2022, A LAS 11:40 HORAS\" >22 DE AGOSTO DE 2022, A LAS 11:40 HORAS <\/td><td data-cell-id=\"B29\" data-x=\"1\" data-y=\"29\" data-db-index=\"29\" class=\"fsize-18\" data-cell-type=\"text\" data-original-value=\"DIPUTADO RICARDO MIGUEL MEDINA FARF\u00c1N\" data-order=\"DIPUTADO RICARDO MIGUEL MEDINA FARF\u00c1N\" >DIPUTADO RICARDO MIGUEL MEDINA FARF\u00c1N <\/td><td data-cell-id=\"C29\" data-x=\"2\" data-y=\"29\" data-db-index=\"29\" class=\"fsize-18\" data-cell-type=\"text\" data-original-value=\"HONORABLE CONGRESO DEL ESTADO DE CAMPECHE\" data-order=\"HONORABLE CONGRESO DEL ESTADO DE CAMPECHE\" >HONORABLE CONGRESO DEL ESTADO DE CAMPECHE <\/td><td data-cell-id=\"D29\" data-x=\"3\" data-y=\"29\" data-db-index=\"29\" class=\"fsize-18\" data-cell-type=\"text\" data-original-value=\"&lt;a href=&quot;https:\/\/teec.org.mx\/web\/wp-content\/uploads\/2022\/08\/TEEC-EXP-6-2022-INC-22-08-2022.pdf&quot; target=&quot;_blank&quot;&gt;TEEC\/EXP\/6\/2022\/INC (SE DICTO SENTENCIA INCIDENTAL)&lt;\/a&gt;\" data-order=\"&lt;a href=&quot;https:\/\/teec.org.mx\/web\/wp-content\/uploads\/2022\/08\/TEEC-EXP-6-2022-INC-22-08-2022.pdf&quot; target=&quot;_blank&quot;&gt;TEEC\/EXP\/6\/2022\/INC (SE DICTO SENTENCIA INCIDENTAL)&lt;\/a&gt;\" ><a href=\"https:\/\/teec.org.mx\/web\/wp-content\/uploads\/2022\/08\/TEEC-EXP-6-2022-INC-22-08-2022.pdf\" target=\"_blank\">TEEC\/EXP\/6\/2022\/INC (SE DICTO SENTENCIA INCIDENTAL)<\/a><\/td><\/tr><tr style=\"height:px\" ><td data-cell-id=\"A30\" data-x=\"0\" data-y=\"30\" data-db-index=\"30\" class=\"fsize-18\" data-cell-type=\"text\" data-original-value=\"19 DE AGOSTO DE 2022, A LAS 14:40 HORAS\" data-order=\"19 DE AGOSTO DE 2022, A LAS 14:40 HORAS\" >19 DE AGOSTO DE 2022, A LAS 14:40 HORAS <\/td><td data-cell-id=\"B30\" data-x=\"1\" data-y=\"30\" data-db-index=\"30\" class=\"fsize-18\" data-cell-type=\"text\" data-original-value=\"DIPUTADO RICARDO MIGUEL MEDINA FARF\u00c1N\" data-order=\"DIPUTADO RICARDO MIGUEL MEDINA FARF\u00c1N\" >DIPUTADO RICARDO MIGUEL MEDINA FARF\u00c1N <\/td><td data-cell-id=\"C30\" data-x=\"2\" data-y=\"30\" data-db-index=\"30\" class=\"fsize-18\" data-cell-type=\"text\" data-original-value=\"H. CONGRESO DEL ESTADO DE CAMPECHE \" data-order=\"H. CONGRESO DEL ESTADO DE CAMPECHE \" >H. CONGRESO DEL ESTADO DE CAMPECHE <\/td><td data-cell-id=\"D30\" data-x=\"3\" data-y=\"30\" data-db-index=\"30\" class=\"fsize-18\" data-cell-type=\"text\" data-original-value=\"&lt;a href=&quot;https:\/\/teec.org.mx\/web\/wp-content\/uploads\/2022\/08\/TEEC-EXP-6-2022-INC-2do-acu.-19-08-2022.pdf&quot; target=&quot;_blank&quot;&gt;TEEC\/EXP\/6\/2022\/INC (SE FIJA FECHA Y HORA PARA SESI\u00d3N PRIVADA)&lt;\/a&gt;\" data-order=\"&lt;a href=&quot;https:\/\/teec.org.mx\/web\/wp-content\/uploads\/2022\/08\/TEEC-EXP-6-2022-INC-2do-acu.-19-08-2022.pdf&quot; target=&quot;_blank&quot;&gt;TEEC\/EXP\/6\/2022\/INC (SE FIJA FECHA Y HORA PARA SESI\u00d3N PRIVADA)&lt;\/a&gt;\" ><a href=\"https:\/\/teec.org.mx\/web\/wp-content\/uploads\/2022\/08\/TEEC-EXP-6-2022-INC-2do-acu.-19-08-2022.pdf\" target=\"_blank\">TEEC\/EXP\/6\/2022\/INC (SE FIJA FECHA Y HORA PARA SESI\u00d3N PRIVADA)<\/a><\/td><\/tr><tr style=\"height:px\" ><td data-cell-id=\"A31\" data-x=\"0\" data-y=\"31\" data-db-index=\"31\" class=\"fsize-18\" data-cell-type=\"text\" data-original-value=\"19 DE AGOSTO DE 2022, A LAS 13:20 HORAS\" data-order=\"19 DE AGOSTO DE 2022, A LAS 13:20 HORAS\" >19 DE AGOSTO DE 2022, A LAS 13:20 HORAS <\/td><td data-cell-id=\"B31\" data-x=\"1\" data-y=\"31\" data-db-index=\"31\" class=\"fsize-18\" data-cell-type=\"text\" data-original-value=\"DIPUTADO RICARDO MIGUEL MEDINA FARF\u00c1N\" data-order=\"DIPUTADO RICARDO MIGUEL MEDINA FARF\u00c1N\" >DIPUTADO RICARDO MIGUEL MEDINA FARF\u00c1N <\/td><td data-cell-id=\"C31\" data-x=\"2\" data-y=\"31\" data-db-index=\"31\" class=\"fsize-18\" data-cell-type=\"text\" data-original-value=\"\" data-order=\"\" ><\/td><td data-cell-id=\"D31\" data-x=\"3\" data-y=\"31\" data-db-index=\"31\" class=\"fsize-18\" data-cell-type=\"text\" data-original-value=\"&lt;a href=&quot;https:\/\/teec.org.mx\/web\/wp-content\/uploads\/2022\/08\/TEEC-EXP-6-2022-INC-19-08-2022.pdf&quot; target=&quot;_blank&quot;&gt;TEEC\/EXP\/6\/2022\/INC (ACUERDO DE RECEPCI\u00d3N, RADICACI\u00d3N Y SOLICITUD DE FECHA Y HORA DE SESI\u00d3N PRIVADA)&lt;\/a&gt;\" data-order=\"&lt;a href=&quot;https:\/\/teec.org.mx\/web\/wp-content\/uploads\/2022\/08\/TEEC-EXP-6-2022-INC-19-08-2022.pdf&quot; target=&quot;_blank&quot;&gt;TEEC\/EXP\/6\/2022\/INC (ACUERDO DE RECEPCI\u00d3N, RADICACI\u00d3N Y SOLICITUD DE FECHA Y HORA DE SESI\u00d3N PRIVADA)&lt;\/a&gt;\" ><a href=\"https:\/\/teec.org.mx\/web\/wp-content\/uploads\/2022\/08\/TEEC-EXP-6-2022-INC-19-08-2022.pdf\" target=\"_blank\">TEEC\/EXP\/6\/2022\/INC (ACUERDO DE RECEPCI\u00d3N, RADICACI\u00d3N Y SOLICITUD DE FECHA Y HORA DE SESI\u00d3N PRIVADA)<\/a><\/td><\/tr><tr style=\"height:px\" ><td data-cell-id=\"A32\" data-x=\"0\" data-y=\"32\" data-db-index=\"32\" class=\"fsize-18\" data-cell-type=\"text\" data-original-value=\"18 DE AGOSTO DE 2022, A LAS 13:30 HORAS\" data-order=\"18 DE AGOSTO DE 2022, A LAS 13:30 HORAS\" >18 DE AGOSTO DE 2022, A LAS 13:30 HORAS <\/td><td data-cell-id=\"B32\" data-x=\"1\" data-y=\"32\" data-db-index=\"32\" class=\"fsize-18\" data-cell-type=\"text\" data-original-value=\"DIPUTADO RICARDO MIGUEL MEDINA FARF\u00c1N\" data-order=\"DIPUTADO RICARDO MIGUEL MEDINA FARF\u00c1N\" >DIPUTADO RICARDO MIGUEL MEDINA FARF\u00c1N <\/td><td data-cell-id=\"C32\" data-x=\"2\" data-y=\"32\" data-db-index=\"32\" class=\"fsize-18\" data-cell-type=\"text\" data-original-value=\"\" data-order=\"\" ><\/td><td data-cell-id=\"D32\" data-x=\"3\" data-y=\"32\" data-db-index=\"32\" class=\"fsize-18\" data-cell-type=\"text\" data-original-value=\"&lt;a href=&quot;https:\/\/teec.org.mx\/web\/wp-content\/uploads\/2022\/08\/TEEC-EXP-6-2022-INC-18-08-2022.pdf&quot; target=&quot;_blank&quot;&gt;TEEC\/EXP\/6\/2022\/INC (SE ABRE CUADERNO INCIDENTAL)&lt;\/a&gt;\" data-order=\"&lt;a href=&quot;https:\/\/teec.org.mx\/web\/wp-content\/uploads\/2022\/08\/TEEC-EXP-6-2022-INC-18-08-2022.pdf&quot; target=&quot;_blank&quot;&gt;TEEC\/EXP\/6\/2022\/INC (SE ABRE CUADERNO INCIDENTAL)&lt;\/a&gt;\" ><a href=\"https:\/\/teec.org.mx\/web\/wp-content\/uploads\/2022\/08\/TEEC-EXP-6-2022-INC-18-08-2022.pdf\" target=\"_blank\">TEEC\/EXP\/6\/2022\/INC (SE ABRE CUADERNO INCIDENTAL)<\/a><\/td><\/tr><tr style=\"height:px\" ><td data-cell-id=\"A33\" data-x=\"0\" data-y=\"33\" data-db-index=\"33\" class=\"fsize-18\" data-cell-type=\"text\" data-original-value=\"13 DE JUNIO DE 2022, A LAS 13:20 HORAS\" data-order=\"13 DE JUNIO DE 2022, A LAS 13:20 HORAS\" >13 DE JUNIO DE 2022, A LAS 13:20 HORAS <\/td><td data-cell-id=\"B33\" data-x=\"1\" data-y=\"33\" data-db-index=\"33\" class=\"fsize-18\" data-cell-type=\"text\" data-original-value=\"JOS\u00c9 ANTONIO HAAS CHAN, QUIEN SE OSTENTA COMO ASPIRANTE A AGENTE MUNICIPAL DE KANKI, MUNICIPIO DE TENABO, CAMPECHE\" data-order=\"JOS\u00c9 ANTONIO HAAS CHAN, QUIEN SE OSTENTA COMO ASPIRANTE A AGENTE MUNICIPAL DE KANKI, MUNICIPIO DE TENABO, CAMPECHE\" >JOS\u00c9 ANTONIO HAAS CHAN, QUIEN SE OSTENTA COMO ASPIRANTE A AGENTE MUNICIPAL DE KANKI, MUNICIPIO DE TENABO, CAMPECHE <\/td><td data-cell-id=\"C33\" data-x=\"2\" data-y=\"33\" data-db-index=\"33\" class=\"fsize-18\" data-cell-type=\"text\" data-original-value=\"H. AYUNTAMIENTO DEL MUNICIPIO DE TENABO, CAMPECHE, KARLA DEL ROSARIO UC TUZ, PRESIDENTA DEL H. AYUNTAMIENTO DEL MUNICIPIO DE TENABO, CAMPECHE, ERICK DE LA CRUZ EUAN CAAMAL, SECRETARIO DEL H. AYUNTAMIENTO DEL MUNICIPIO DE TENABO, CAMPECHE\" data-order=\"H. AYUNTAMIENTO DEL MUNICIPIO DE TENABO, CAMPECHE, KARLA DEL ROSARIO UC TUZ, PRESIDENTA DEL H. AYUNTAMIENTO DEL MUNICIPIO DE TENABO, CAMPECHE, ERICK DE LA CRUZ EUAN CAAMAL, SECRETARIO DEL H. AYUNTAMIENTO DEL MUNICIPIO DE TENABO, CAMPECHE\" >H. AYUNTAMIENTO DEL MUNICIPIO DE TENABO, CAMPECHE, KARLA DEL ROSARIO UC TUZ, PRESIDENTA DEL H. AYUNTAMIENTO DEL MUNICIPIO DE TENABO, CAMPECHE, ERICK DE LA CRUZ EUAN CAAMAL, SECRETARIO DEL H. AYUNTAMIENTO DEL MUNICIPIO DE TENABO, CAMPECHE <\/td><td data-cell-id=\"D33\" data-x=\"3\" data-y=\"33\" data-db-index=\"33\" class=\"fsize-18\" data-cell-type=\"text\" data-original-value=\"&lt;a href=&quot;https:\/\/teec.org.mx\/web\/wp-content\/uploads\/2022\/06\/TEEC-JDC-25-2021-INC-13-06-2022.pdf&quot; target=&quot;_blank&quot;&gt;TEEC\/JDC\/25\/2021\/INC (ACUERDO DE ACUMULACI\u00d3N)&lt;\/a&gt;\" data-order=\"&lt;a href=&quot;https:\/\/teec.org.mx\/web\/wp-content\/uploads\/2022\/06\/TEEC-JDC-25-2021-INC-13-06-2022.pdf&quot; target=&quot;_blank&quot;&gt;TEEC\/JDC\/25\/2021\/INC (ACUERDO DE ACUMULACI\u00d3N)&lt;\/a&gt;\" ><a href=\"https:\/\/teec.org.mx\/web\/wp-content\/uploads\/2022\/06\/TEEC-JDC-25-2021-INC-13-06-2022.pdf\" target=\"_blank\">TEEC\/JDC\/25\/2021\/INC (ACUERDO DE ACUMULACI\u00d3N)<\/a><\/td><\/tr><tr style=\"height:px\" ><td data-cell-id=\"A34\" data-x=\"0\" data-y=\"34\" data-db-index=\"34\" class=\"fsize-18\" data-cell-type=\"text\" data-original-value=\"10 DE MARZO DE 2022, A LAS 13:25 HORAS\" data-order=\"10 DE MARZO DE 2022, A LAS 13:25 HORAS\" >10 DE MARZO DE 2022, A LAS 13:25 HORAS <\/td><td data-cell-id=\"B34\" data-x=\"1\" data-y=\"34\" data-db-index=\"34\" class=\"fsize-18\" data-cell-type=\"text\" data-original-value=\"JOS\u00c9 ANTONIO HAAS CHAN, QUIEN SE OSTENTA COMO ASPIRANTE A AGENTE MUNICIPAL DE KANKI, MUNICIPIO DE TENABO, CAMPECHE\" data-order=\"JOS\u00c9 ANTONIO HAAS CHAN, QUIEN SE OSTENTA COMO ASPIRANTE A AGENTE MUNICIPAL DE KANKI, MUNICIPIO DE TENABO, CAMPECHE\" >JOS\u00c9 ANTONIO HAAS CHAN, QUIEN SE OSTENTA COMO ASPIRANTE A AGENTE MUNICIPAL DE KANKI, MUNICIPIO DE TENABO, CAMPECHE <\/td><td data-cell-id=\"C34\" data-x=\"2\" data-y=\"34\" data-db-index=\"34\" class=\"fsize-18\" data-cell-type=\"text\" data-original-value=\"JOS\u00c9 ANTONIO HAAS CHAN, QUIEN SE OSTENTA COMO ASPIRANTE A AGENTE MUNICIPAL DE KANKI, MUNICIPIO DE TENABO, CAMPECHE\" data-order=\"JOS\u00c9 ANTONIO HAAS CHAN, QUIEN SE OSTENTA COMO ASPIRANTE A AGENTE MUNICIPAL DE KANKI, MUNICIPIO DE TENABO, CAMPECHE\" >JOS\u00c9 ANTONIO HAAS CHAN, QUIEN SE OSTENTA COMO ASPIRANTE A AGENTE MUNICIPAL DE KANKI, MUNICIPIO DE TENABO, CAMPECHE <\/td><td data-cell-id=\"D34\" data-x=\"3\" data-y=\"34\" data-db-index=\"34\" class=\"fsize-18\" data-cell-type=\"text\" data-original-value=\"&lt;a href=&quot;https:\/\/teec.org.mx\/web\/wp-content\/uploads\/2022\/03\/TEEC-JDC-25-2021-INC-10-03-2022.pdf&quot; target=&quot;_blank&quot;&gt;TEEC\/JDC\/25\/2021\/INC (SE GIRA OFICIO A SEAFI Y SE ARCHVA EL EXP)&lt;\/a&gt;\" data-order=\"&lt;a href=&quot;https:\/\/teec.org.mx\/web\/wp-content\/uploads\/2022\/03\/TEEC-JDC-25-2021-INC-10-03-2022.pdf&quot; target=&quot;_blank&quot;&gt;TEEC\/JDC\/25\/2021\/INC (SE GIRA OFICIO A SEAFI Y SE ARCHVA EL EXP)&lt;\/a&gt;\" ><a href=\"https:\/\/teec.org.mx\/web\/wp-content\/uploads\/2022\/03\/TEEC-JDC-25-2021-INC-10-03-2022.pdf\" target=\"_blank\">TEEC\/JDC\/25\/2021\/INC (SE GIRA OFICIO A SEAFI Y SE ARCHVA EL EXP)<\/a><\/td><\/tr><tr style=\"height:px\" ><td data-cell-id=\"A35\" data-x=\"0\" data-y=\"35\" data-db-index=\"35\" class=\"fsize-18\" data-cell-type=\"text\" data-original-value=\"08 DE MARZO DE 2022, A LAS 13:26 HORAS\" data-order=\"08 DE MARZO DE 2022, A LAS 13:26 HORAS\" >08 DE MARZO DE 2022, A LAS 13:26 HORAS <\/td><td data-cell-id=\"B35\" data-x=\"1\" data-y=\"35\" data-db-index=\"35\" class=\"fsize-18\" data-cell-type=\"text\" data-original-value=\"JOS\u00c9 ANTONIO HAAS CHAN, QUIEN SE OSTENTA COMO ASPIRANTE A AGENTE MUNICIPAL DE KANKI, MUNICIPIO DE TENABO, CAMPECHE\" data-order=\"JOS\u00c9 ANTONIO HAAS CHAN, QUIEN SE OSTENTA COMO ASPIRANTE A AGENTE MUNICIPAL DE KANKI, MUNICIPIO DE TENABO, CAMPECHE\" >JOS\u00c9 ANTONIO HAAS CHAN, QUIEN SE OSTENTA COMO ASPIRANTE A AGENTE MUNICIPAL DE KANKI, MUNICIPIO DE TENABO, CAMPECHE <\/td><td data-cell-id=\"C35\" data-x=\"2\" data-y=\"35\" data-db-index=\"35\" class=\"fsize-18\" data-cell-type=\"text\" data-original-value=\"H. AYUNTAMIENTO DEL MUNICIPIO DE TENABO, CAMPECHE, KARLA DEL ROSARIO UC TUZ, PRESIDENTA DEL H. AYUNTAMIENTO DEL MUNICIPIO DE TENABO, CAMPECHE, ERICK DE LA CRUZ EUAN CAAMAL, SECRETARIO DEL H. AYUNTAMIENTO DEL MUNICIPIO DE TENABO, CAMPECHE\" data-order=\"H. AYUNTAMIENTO DEL MUNICIPIO DE TENABO, CAMPECHE, KARLA DEL ROSARIO UC TUZ, PRESIDENTA DEL H. AYUNTAMIENTO DEL MUNICIPIO DE TENABO, CAMPECHE, ERICK DE LA CRUZ EUAN CAAMAL, SECRETARIO DEL H. AYUNTAMIENTO DEL MUNICIPIO DE TENABO, CAMPECHE\" >H. AYUNTAMIENTO DEL MUNICIPIO DE TENABO, CAMPECHE, KARLA DEL ROSARIO UC TUZ, PRESIDENTA DEL H. AYUNTAMIENTO DEL MUNICIPIO DE TENABO, CAMPECHE, ERICK DE LA CRUZ EUAN CAAMAL, SECRETARIO DEL H. AYUNTAMIENTO DEL MUNICIPIO DE TENABO, CAMPECHE <\/td><td data-cell-id=\"D35\" data-x=\"3\" data-y=\"35\" data-db-index=\"35\" class=\"fsize-18\" data-cell-type=\"text\" data-original-value=\"&lt;a href=&quot;https:\/\/teec.org.mx\/web\/wp-content\/uploads\/2022\/03\/TEEC-JDC-25-2021-INC-2do-acu.-08-03-2022.pdf&quot; target=&quot;_blank&quot;&gt;TEEC\/JDC\/25\/2021\/INC (SE ACUMULA DOCUMENTACI\u00d3N)&lt;\/a&gt;\" data-order=\"&lt;a href=&quot;https:\/\/teec.org.mx\/web\/wp-content\/uploads\/2022\/03\/TEEC-JDC-25-2021-INC-2do-acu.-08-03-2022.pdf&quot; target=&quot;_blank&quot;&gt;TEEC\/JDC\/25\/2021\/INC (SE ACUMULA DOCUMENTACI\u00d3N)&lt;\/a&gt;\" ><a href=\"https:\/\/teec.org.mx\/web\/wp-content\/uploads\/2022\/03\/TEEC-JDC-25-2021-INC-2do-acu.-08-03-2022.pdf\" target=\"_blank\">TEEC\/JDC\/25\/2021\/INC (SE ACUMULA DOCUMENTACI\u00d3N)<\/a><\/td><\/tr><tr style=\"height:px\" ><td data-cell-id=\"A36\" data-x=\"0\" data-y=\"36\" data-db-index=\"36\" class=\"fsize-18\" data-cell-type=\"text\" data-original-value=\"08 DE MARZO DE 2022, A LAS 12:30 HORAS\" data-order=\"08 DE MARZO DE 2022, A LAS 12:30 HORAS\" >08 DE MARZO DE 2022, A LAS 12:30 HORAS <\/td><td data-cell-id=\"B36\" data-x=\"1\" data-y=\"36\" data-db-index=\"36\" class=\"fsize-18\" data-cell-type=\"text\" data-original-value=\"JOS\u00c9 ANTONIO HAAS CHAN, QUIEN SE OSTENTA COMO ASPIRANTE A AGENTE MUNICIPAL DE KANKI, MUNICIPIO DE TENABO, CAMPECHE\" data-order=\"JOS\u00c9 ANTONIO HAAS CHAN, QUIEN SE OSTENTA COMO ASPIRANTE A AGENTE MUNICIPAL DE KANKI, MUNICIPIO DE TENABO, CAMPECHE\" >JOS\u00c9 ANTONIO HAAS CHAN, QUIEN SE OSTENTA COMO ASPIRANTE A AGENTE MUNICIPAL DE KANKI, MUNICIPIO DE TENABO, CAMPECHE <\/td><td data-cell-id=\"C36\" data-x=\"2\" data-y=\"36\" data-db-index=\"36\" class=\"fsize-18\" data-cell-type=\"text\" data-original-value=\"H. AYUNTAMIENTO DEL MUNICIPIO DE TENABO, CAMPECHE, KARLA DEL ROSARIO UC TUZ, PRESIDENTA DEL H. AYUNTAMIENTO DEL MUNICIPIO DE TENABO, CAMPECHE, ERICK DE LA CRUZ EUAN CAAMAL, SECRETARIO DEL H. AYUNTAMIENTO DEL MUNICIPIO DE TENABO, CAMPECHE\" data-order=\"H. AYUNTAMIENTO DEL MUNICIPIO DE TENABO, CAMPECHE, KARLA DEL ROSARIO UC TUZ, PRESIDENTA DEL H. AYUNTAMIENTO DEL MUNICIPIO DE TENABO, CAMPECHE, ERICK DE LA CRUZ EUAN CAAMAL, SECRETARIO DEL H. AYUNTAMIENTO DEL MUNICIPIO DE TENABO, CAMPECHE\" >H. AYUNTAMIENTO DEL MUNICIPIO DE TENABO, CAMPECHE, KARLA DEL ROSARIO UC TUZ, PRESIDENTA DEL H. AYUNTAMIENTO DEL MUNICIPIO DE TENABO, CAMPECHE, ERICK DE LA CRUZ EUAN CAAMAL, SECRETARIO DEL H. AYUNTAMIENTO DEL MUNICIPIO DE TENABO, CAMPECHE <\/td><td data-cell-id=\"D36\" data-x=\"3\" data-y=\"36\" data-db-index=\"36\" class=\"fsize-18\" data-cell-type=\"text\" data-original-value=\"&lt;a href=&quot;https:\/\/teec.org.mx\/web\/wp-content\/uploads\/2022\/03\/TEEC-JDC-25-2021-INC-08-03-2022.pdf&quot; target=&quot;_blank&quot;&gt;TEEC\/JDC\/25\/2021\/INC (SE TURNA ESCRITO)&lt;\/a&gt;\" data-order=\"&lt;a href=&quot;https:\/\/teec.org.mx\/web\/wp-content\/uploads\/2022\/03\/TEEC-JDC-25-2021-INC-08-03-2022.pdf&quot; target=&quot;_blank&quot;&gt;TEEC\/JDC\/25\/2021\/INC (SE TURNA ESCRITO)&lt;\/a&gt;\" ><a href=\"https:\/\/teec.org.mx\/web\/wp-content\/uploads\/2022\/03\/TEEC-JDC-25-2021-INC-08-03-2022.pdf\" target=\"_blank\">TEEC\/JDC\/25\/2021\/INC (SE TURNA ESCRITO)<\/a><\/td><\/tr><tr style=\"height:px\" ><td data-cell-id=\"A37\" data-x=\"0\" data-y=\"37\" data-db-index=\"37\" class=\"fsize-18\" data-cell-type=\"text\" data-original-value=\"07 DE MARZO DE 2022, A LAS 10:44 HORAS\" data-order=\"07 DE MARZO DE 2022, A LAS 10:44 HORAS\" >07 DE MARZO DE 2022, A LAS 10:44 HORAS <\/td><td data-cell-id=\"B37\" data-x=\"1\" data-y=\"37\" data-db-index=\"37\" class=\"fsize-18\" data-cell-type=\"text\" data-original-value=\"AYUNTAMIENTO DEL MUNICIPIO DE TENABO, CAMPECHE\" data-order=\"AYUNTAMIENTO DEL MUNICIPIO DE TENABO, CAMPECHE\" >AYUNTAMIENTO DEL MUNICIPIO DE TENABO, CAMPECHE <\/td><td data-cell-id=\"C37\" data-x=\"2\" data-y=\"37\" data-db-index=\"37\" class=\"fsize-18\" data-cell-type=\"text\" data-original-value=\"TRIBUNAL ELECTORAL DEL ESTADO DE CAMPECHE\" data-order=\"TRIBUNAL ELECTORAL DEL ESTADO DE CAMPECHE\" >TRIBUNAL ELECTORAL DEL ESTADO DE CAMPECHE <\/td><td data-cell-id=\"D37\" data-x=\"3\" data-y=\"37\" data-db-index=\"37\" class=\"fsize-18\" data-cell-type=\"text\" data-original-value=\"&lt;a href=&quot;https:\/\/teec.org.mx\/web\/wp-content\/uploads\/2022\/03\/TEEC-JDC-25-2021-INC-07-03-2022.pdf&quot; target=&quot;_blank&quot;&gt;TEEC\/JDC\/25\/2021\/INC (SE TIENE POR RECIBIDO LOS EXPEDIENTES REMITIDOS POR LA SALA REGIONAL)&lt;\/a&gt;\" data-order=\"&lt;a href=&quot;https:\/\/teec.org.mx\/web\/wp-content\/uploads\/2022\/03\/TEEC-JDC-25-2021-INC-07-03-2022.pdf&quot; target=&quot;_blank&quot;&gt;TEEC\/JDC\/25\/2021\/INC (SE TIENE POR RECIBIDO LOS EXPEDIENTES REMITIDOS POR LA SALA REGIONAL)&lt;\/a&gt;\" ><a href=\"https:\/\/teec.org.mx\/web\/wp-content\/uploads\/2022\/03\/TEEC-JDC-25-2021-INC-07-03-2022.pdf\" target=\"_blank\">TEEC\/JDC\/25\/2021\/INC (SE TIENE POR RECIBIDO LOS EXPEDIENTES REMITIDOS POR LA SALA REGIONAL)<\/a><\/td><\/tr><tr style=\"height:px\" ><td data-cell-id=\"A38\" data-x=\"0\" data-y=\"38\" data-db-index=\"38\" class=\"fsize-18\" data-cell-type=\"text\" data-original-value=\"03 DE MARZO DE 2022, A LAS 13:10 HORAS\" data-order=\"03 DE MARZO DE 2022, A LAS 13:10 HORAS\" >03 DE MARZO DE 2022, A LAS 13:10 HORAS <\/td><td data-cell-id=\"B38\" data-x=\"1\" data-y=\"38\" data-db-index=\"38\" class=\"fsize-18\" data-cell-type=\"text\" data-original-value=\"AYUNTAMIENTO DEL MUNICIPIO DE TENABO, CAMPECHE\" data-order=\"AYUNTAMIENTO DEL MUNICIPIO DE TENABO, CAMPECHE\" >AYUNTAMIENTO DEL MUNICIPIO DE TENABO, CAMPECHE <\/td><td data-cell-id=\"C38\" data-x=\"2\" data-y=\"38\" data-db-index=\"38\" class=\"fsize-18\" data-cell-type=\"text\" data-original-value=\"TRIBUNAL ELECTORAL DEL ESTADO DE CAMPECHE\" data-order=\"TRIBUNAL ELECTORAL DEL ESTADO DE CAMPECHE\" >TRIBUNAL ELECTORAL DEL ESTADO DE CAMPECHE <\/td><td data-cell-id=\"D38\" data-x=\"3\" data-y=\"38\" data-db-index=\"38\" class=\"fsize-18\" data-cell-type=\"text\" data-original-value=\"&lt;a href=&quot;https:\/\/teec.org.mx\/web\/wp-content\/uploads\/2022\/03\/TEEC-JDC-25-2021-INC-03-03-2022.pdf&quot; target=&quot;_blank&quot;&gt;TEEC\/JDC\/25\/2021\/INC (SE DA POR NOTIFICADO ESTE ORGANO JURISDICCIONAL ELECTORAL LOCAL, DE LA SENTENCIA DICTADA POR LA SALA REGIONAL)&lt;\/a&gt;\" data-order=\"&lt;a href=&quot;https:\/\/teec.org.mx\/web\/wp-content\/uploads\/2022\/03\/TEEC-JDC-25-2021-INC-03-03-2022.pdf&quot; target=&quot;_blank&quot;&gt;TEEC\/JDC\/25\/2021\/INC (SE DA POR NOTIFICADO ESTE ORGANO JURISDICCIONAL ELECTORAL LOCAL, DE LA SENTENCIA DICTADA POR LA SALA REGIONAL)&lt;\/a&gt;\" ><a href=\"https:\/\/teec.org.mx\/web\/wp-content\/uploads\/2022\/03\/TEEC-JDC-25-2021-INC-03-03-2022.pdf\" target=\"_blank\">TEEC\/JDC\/25\/2021\/INC (SE DA POR NOTIFICADO ESTE ORGANO JURISDICCIONAL ELECTORAL LOCAL, DE LA SENTENCIA DICTADA POR LA SALA REGIONAL)<\/a><\/td><\/tr><tr style=\"height:px\" ><td data-cell-id=\"A39\" data-x=\"0\" data-y=\"39\" data-db-index=\"39\" class=\"fsize-18\" data-cell-type=\"text\" data-original-value=\"23 DE FEBRERO DE 2022, A LAS 12:35 HORAS\" data-order=\"23 DE FEBRERO DE 2022, A LAS 12:35 HORAS\" >23 DE FEBRERO DE 2022, A LAS 12:35 HORAS <\/td><td data-cell-id=\"B39\" data-x=\"1\" data-y=\"39\" data-db-index=\"39\" class=\"fsize-18\" data-cell-type=\"text\" data-original-value=\"JOS\u00c9 ANTONIO HAAS CHAN, QUIEN SE OSTENTA COMO ASPIRANTE A AGENTE MUNICIPAL DE KANKI, MUNICIPIO DE TENABO, CAMPECHE\" data-order=\"JOS\u00c9 ANTONIO HAAS CHAN, QUIEN SE OSTENTA COMO ASPIRANTE A AGENTE MUNICIPAL DE KANKI, MUNICIPIO DE TENABO, CAMPECHE\" >JOS\u00c9 ANTONIO HAAS CHAN, QUIEN SE OSTENTA COMO ASPIRANTE A AGENTE MUNICIPAL DE KANKI, MUNICIPIO DE TENABO, CAMPECHE <\/td><td data-cell-id=\"C39\" data-x=\"2\" data-y=\"39\" data-db-index=\"39\" class=\"fsize-18\" data-cell-type=\"text\" data-original-value=\"H. AYUNTAMIENTO DEL MUNICIPIO DE TENABO, CAMPECHE, KARLA DEL ROSARIO UC TUZ, PRESIDENTA DEL H. AYUNTAMIENTO DEL MUNICIPIO DE TENABO, CAMPECHE, ERICK DE LA CRUZ EUAN CAAMAL, SECRETARIO DEL H. AYUNTAMIENTO DEL MUNICIPIO DE TENABO, CAMPECHE\" data-order=\"H. AYUNTAMIENTO DEL MUNICIPIO DE TENABO, CAMPECHE, KARLA DEL ROSARIO UC TUZ, PRESIDENTA DEL H. AYUNTAMIENTO DEL MUNICIPIO DE TENABO, CAMPECHE, ERICK DE LA CRUZ EUAN CAAMAL, SECRETARIO DEL H. AYUNTAMIENTO DEL MUNICIPIO DE TENABO, CAMPECHE\" >H. AYUNTAMIENTO DEL MUNICIPIO DE TENABO, CAMPECHE, KARLA DEL ROSARIO UC TUZ, PRESIDENTA DEL H. AYUNTAMIENTO DEL MUNICIPIO DE TENABO, CAMPECHE, ERICK DE LA CRUZ EUAN CAAMAL, SECRETARIO DEL H. AYUNTAMIENTO DEL MUNICIPIO DE TENABO, CAMPECHE <\/td><td data-cell-id=\"D39\" data-x=\"3\" data-y=\"39\" data-db-index=\"39\" class=\"fsize-18\" data-cell-type=\"text\" data-original-value=\"&lt;a href=&quot;https:\/\/teec.org.mx\/web\/wp-content\/uploads\/2022\/02\/TEEC-JDC-25-2021-INC-2do-acu.-23-02-2022.pdf&quot; target=&quot;_blank&quot;&gt;TEEC\/JDC\/25\/2021\/INC (SE EXPIDEN COPIAS)&lt;\/a&gt;\" data-order=\"&lt;a href=&quot;https:\/\/teec.org.mx\/web\/wp-content\/uploads\/2022\/02\/TEEC-JDC-25-2021-INC-2do-acu.-23-02-2022.pdf&quot; target=&quot;_blank&quot;&gt;TEEC\/JDC\/25\/2021\/INC (SE EXPIDEN COPIAS)&lt;\/a&gt;\" ><a href=\"https:\/\/teec.org.mx\/web\/wp-content\/uploads\/2022\/02\/TEEC-JDC-25-2021-INC-2do-acu.-23-02-2022.pdf\" target=\"_blank\">TEEC\/JDC\/25\/2021\/INC (SE EXPIDEN COPIAS)<\/a><\/td><\/tr><tr style=\"height:px\" ><td data-cell-id=\"A40\" data-x=\"0\" data-y=\"40\" data-db-index=\"40\" class=\"fsize-18\" data-cell-type=\"text\" data-original-value=\"23 DE FEBRERO DE 2022, A LAS 11:00 HORAS\" data-order=\"23 DE FEBRERO DE 2022, A LAS 11:00 HORAS\" >23 DE FEBRERO DE 2022, A LAS 11:00 HORAS <\/td><td data-cell-id=\"B40\" data-x=\"1\" data-y=\"40\" data-db-index=\"40\" class=\"fsize-18\" data-cell-type=\"text\" data-original-value=\"JOS\u00c9 ANTONIO HAAS CHAN, QUIEN SE OSTENTA COMO ASPIRANTE A AGENTE MUNICIPAL DE KANKI, MUNICIPIO DE TENABO, CAMPECHE\" data-order=\"JOS\u00c9 ANTONIO HAAS CHAN, QUIEN SE OSTENTA COMO ASPIRANTE A AGENTE MUNICIPAL DE KANKI, MUNICIPIO DE TENABO, CAMPECHE\" >JOS\u00c9 ANTONIO HAAS CHAN, QUIEN SE OSTENTA COMO ASPIRANTE A AGENTE MUNICIPAL DE KANKI, MUNICIPIO DE TENABO, CAMPECHE <\/td><td data-cell-id=\"C40\" data-x=\"2\" data-y=\"40\" data-db-index=\"40\" class=\"fsize-18\" data-cell-type=\"text\" data-original-value=\"H. AYUNTAMIENTO DEL MUNICIPIO DE TENABO, CAMPECHE, KARLA DEL ROSARIO UC TUZ, PRESIDENTA DEL H. AYUNTAMIENTO DEL MUNICIPIO DE TENABO, CAMPECHE, ERICK DE LA CRUZ EUAN CAAMAL, SECRETARIO DEL H. AYUNTAMIENTO DEL MUNICIPIO DE TENABO, CAMPECHE\" data-order=\"H. AYUNTAMIENTO DEL MUNICIPIO DE TENABO, CAMPECHE, KARLA DEL ROSARIO UC TUZ, PRESIDENTA DEL H. AYUNTAMIENTO DEL MUNICIPIO DE TENABO, CAMPECHE, ERICK DE LA CRUZ EUAN CAAMAL, SECRETARIO DEL H. AYUNTAMIENTO DEL MUNICIPIO DE TENABO, CAMPECHE\" >H. AYUNTAMIENTO DEL MUNICIPIO DE TENABO, CAMPECHE, KARLA DEL ROSARIO UC TUZ, PRESIDENTA DEL H. AYUNTAMIENTO DEL MUNICIPIO DE TENABO, CAMPECHE, ERICK DE LA CRUZ EUAN CAAMAL, SECRETARIO DEL H. AYUNTAMIENTO DEL MUNICIPIO DE TENABO, CAMPECHE <\/td><td data-cell-id=\"D40\" data-x=\"3\" data-y=\"40\" data-db-index=\"40\" class=\"fsize-18\" data-cell-type=\"text\" data-original-value=\"&lt;a href=&quot;https:\/\/teec.org.mx\/web\/wp-content\/uploads\/2022\/02\/TEEC-JDC-25-2021-INC-23-02-2022.pdf&quot; target=&quot;_blank&quot;&gt;TEEC\/JDC\/25\/2021\/INC (SE TURNA ESCRITO)&lt;\/a&gt;\" data-order=\"&lt;a href=&quot;https:\/\/teec.org.mx\/web\/wp-content\/uploads\/2022\/02\/TEEC-JDC-25-2021-INC-23-02-2022.pdf&quot; target=&quot;_blank&quot;&gt;TEEC\/JDC\/25\/2021\/INC (SE TURNA ESCRITO)&lt;\/a&gt;\" ><a href=\"https:\/\/teec.org.mx\/web\/wp-content\/uploads\/2022\/02\/TEEC-JDC-25-2021-INC-23-02-2022.pdf\" target=\"_blank\">TEEC\/JDC\/25\/2021\/INC (SE TURNA ESCRITO)<\/a><\/td><\/tr><tr style=\"height:px\" ><td data-cell-id=\"A41\" data-x=\"0\" data-y=\"41\" data-db-index=\"41\" class=\"fsize-18\" data-cell-type=\"text\" data-original-value=\"21 DE FEBRERO DE 2022, A LAS 14:11 HORAS\" data-order=\"21 DE FEBRERO DE 2022, A LAS 14:11 HORAS\" >21 DE FEBRERO DE 2022, A LAS 14:11 HORAS <\/td><td data-cell-id=\"B41\" data-x=\"1\" data-y=\"41\" data-db-index=\"41\" class=\"fsize-18\" data-cell-type=\"text\" data-original-value=\"JOS\u00c9 ANTONIO HAAS CHAN, QUIEN SE OSTENTA COMO ASPIRANTE A AGENTE MUNICIPAL DE KANKI, MUNICIPIO DE TENABO, CAMPECHE\" data-order=\"JOS\u00c9 ANTONIO HAAS CHAN, QUIEN SE OSTENTA COMO ASPIRANTE A AGENTE MUNICIPAL DE KANKI, MUNICIPIO DE TENABO, CAMPECHE\" >JOS\u00c9 ANTONIO HAAS CHAN, QUIEN SE OSTENTA COMO ASPIRANTE A AGENTE MUNICIPAL DE KANKI, MUNICIPIO DE TENABO, CAMPECHE <\/td><td data-cell-id=\"C41\" data-x=\"2\" data-y=\"41\" data-db-index=\"41\" class=\"fsize-18\" data-cell-type=\"text\" data-original-value=\"H. AYUNTAMIENTO DEL MUNICIPIO DE TENABO, CAMPECHE, KARLA DEL ROSARIO UC TUZ, PRESIDENTA DEL H. AYUNTAMIENTO DEL MUNICIPIO DE TENABO, CAMPECHE, ERICK DE LA CRUZ EUAN CAAMAL, SECRETARIO DEL H. AYUNTAMIENTO DEL MUNICIPIO DE TENABO, CAMPECHE\" data-order=\"H. AYUNTAMIENTO DEL MUNICIPIO DE TENABO, CAMPECHE, KARLA DEL ROSARIO UC TUZ, PRESIDENTA DEL H. AYUNTAMIENTO DEL MUNICIPIO DE TENABO, CAMPECHE, ERICK DE LA CRUZ EUAN CAAMAL, SECRETARIO DEL H. AYUNTAMIENTO DEL MUNICIPIO DE TENABO, CAMPECHE\" >H. AYUNTAMIENTO DEL MUNICIPIO DE TENABO, CAMPECHE, KARLA DEL ROSARIO UC TUZ, PRESIDENTA DEL H. AYUNTAMIENTO DEL MUNICIPIO DE TENABO, CAMPECHE, ERICK DE LA CRUZ EUAN CAAMAL, SECRETARIO DEL H. AYUNTAMIENTO DEL MUNICIPIO DE TENABO, CAMPECHE <\/td><td data-cell-id=\"D41\" data-x=\"3\" data-y=\"41\" data-db-index=\"41\" class=\"fsize-18\" data-cell-type=\"text\" data-original-value=\"&lt;a href=&quot;https:\/\/teec.org.mx\/web\/wp-content\/uploads\/2022\/02\/TEEC-JDC-25-2021-INC-2do-acu.-21-02-2022.pdf&quot; target=&quot;_blank&quot;&gt;TEEC\/JDC\/25\/2021\/INC (SE ACUMULA CUMPLIMIENTO DE SENTENCIA, SE DA VISTA AL PROMOVENTE Y SE INFORMA A SALA XALAPA)&lt;\/a&gt;\" data-order=\"&lt;a href=&quot;https:\/\/teec.org.mx\/web\/wp-content\/uploads\/2022\/02\/TEEC-JDC-25-2021-INC-2do-acu.-21-02-2022.pdf&quot; target=&quot;_blank&quot;&gt;TEEC\/JDC\/25\/2021\/INC (SE ACUMULA CUMPLIMIENTO DE SENTENCIA, SE DA VISTA AL PROMOVENTE Y SE INFORMA A SALA XALAPA)&lt;\/a&gt;\" ><a href=\"https:\/\/teec.org.mx\/web\/wp-content\/uploads\/2022\/02\/TEEC-JDC-25-2021-INC-2do-acu.-21-02-2022.pdf\" target=\"_blank\">TEEC\/JDC\/25\/2021\/INC (SE ACUMULA CUMPLIMIENTO DE SENTENCIA, SE DA VISTA AL PROMOVENTE Y SE INFORMA A SALA XALAPA)<\/a><\/td><\/tr><tr style=\"height:px\" ><td data-cell-id=\"A42\" data-x=\"0\" data-y=\"42\" data-db-index=\"42\" class=\"fsize-18\" data-cell-type=\"text\" data-original-value=\"21 DE FEBRERO DE 2022, A LAS 10:40 HORAS\" data-order=\"21 DE FEBRERO DE 2022, A LAS 10:40 HORAS\" >21 DE FEBRERO DE 2022, A LAS 10:40 HORAS <\/td><td data-cell-id=\"B42\" data-x=\"1\" data-y=\"42\" data-db-index=\"42\" class=\"fsize-18\" data-cell-type=\"text\" data-original-value=\"JOS\u00c9 ANTONIO HAAS CHAN, QUIEN SE OSTENTA COMO ASPIRANTE A AGENTE MUNICIPAL DE KANKI, MUNICIPIO DE TENABO, CAMPECHE\" data-order=\"JOS\u00c9 ANTONIO HAAS CHAN, QUIEN SE OSTENTA COMO ASPIRANTE A AGENTE MUNICIPAL DE KANKI, MUNICIPIO DE TENABO, CAMPECHE\" >JOS\u00c9 ANTONIO HAAS CHAN, QUIEN SE OSTENTA COMO ASPIRANTE A AGENTE MUNICIPAL DE KANKI, MUNICIPIO DE TENABO, CAMPECHE <\/td><td data-cell-id=\"C42\" data-x=\"2\" data-y=\"42\" data-db-index=\"42\" class=\"fsize-18\" data-cell-type=\"text\" data-original-value=\"H. AYUNTAMIENTO DEL MUNICIPIO DE TENABO, CAMPECHE, KARLA DEL ROSARIO UC TUZ, PRESIDENTA DEL H. AYUNTAMIENTO DEL MUNICIPIO DE TENABO, CAMPECHE, ERICK DE LA CRUZ EUAN CAAMAL, SECRETARIO DEL H. AYUNTAMIENTO DEL MUNICIPIO DE TENABO, CAMPECHE\" data-order=\"H. AYUNTAMIENTO DEL MUNICIPIO DE TENABO, CAMPECHE, KARLA DEL ROSARIO UC TUZ, PRESIDENTA DEL H. AYUNTAMIENTO DEL MUNICIPIO DE TENABO, CAMPECHE, ERICK DE LA CRUZ EUAN CAAMAL, SECRETARIO DEL H. AYUNTAMIENTO DEL MUNICIPIO DE TENABO, CAMPECHE\" >H. AYUNTAMIENTO DEL MUNICIPIO DE TENABO, CAMPECHE, KARLA DEL ROSARIO UC TUZ, PRESIDENTA DEL H. AYUNTAMIENTO DEL MUNICIPIO DE TENABO, CAMPECHE, ERICK DE LA CRUZ EUAN CAAMAL, SECRETARIO DEL H. AYUNTAMIENTO DEL MUNICIPIO DE TENABO, CAMPECHE <\/td><td data-cell-id=\"D42\" data-x=\"3\" data-y=\"42\" data-db-index=\"42\" class=\"fsize-18\" data-cell-type=\"text\" data-original-value=\"&lt;a href=&quot;https:\/\/teec.org.mx\/web\/wp-content\/uploads\/2022\/02\/TEEC-JDC-25-2021-INC-21-02-2022.pdf&quot; target=&quot;_blank&quot;&gt;TEEC\/JDC\/25\/2021\/INC (SE TURNA OFICIO)&lt;\/a&gt;\" data-order=\"&lt;a href=&quot;https:\/\/teec.org.mx\/web\/wp-content\/uploads\/2022\/02\/TEEC-JDC-25-2021-INC-21-02-2022.pdf&quot; target=&quot;_blank&quot;&gt;TEEC\/JDC\/25\/2021\/INC (SE TURNA OFICIO)&lt;\/a&gt;\" ><a href=\"https:\/\/teec.org.mx\/web\/wp-content\/uploads\/2022\/02\/TEEC-JDC-25-2021-INC-21-02-2022.pdf\" target=\"_blank\">TEEC\/JDC\/25\/2021\/INC (SE TURNA OFICIO)<\/a><\/td><\/tr><tr style=\"height:px\" ><td data-cell-id=\"A43\" data-x=\"0\" data-y=\"43\" data-db-index=\"43\" class=\"fsize-18\" data-cell-type=\"text\" data-original-value=\"17 DE FEBRERO DE 2022, A LAS 12:03 HORAS\" data-order=\"17 DE FEBRERO DE 2022, A LAS 12:03 HORAS\" >17 DE FEBRERO DE 2022, A LAS 12:03 HORAS <\/td><td data-cell-id=\"B43\" data-x=\"1\" data-y=\"43\" data-db-index=\"43\" class=\"fsize-18\" data-cell-type=\"text\" data-original-value=\"YALE CHAN MOO Y OTROS\" data-order=\"YALE CHAN MOO Y OTROS\" >YALE CHAN MOO Y OTROS <\/td><td data-cell-id=\"C43\" data-x=\"2\" data-y=\"43\" data-db-index=\"43\" class=\"fsize-18\" data-cell-type=\"text\" data-original-value=\"SALA REGIONAL DEL TRIBUNAL ELECTORAL DEL PODER JUDICIAL DE LA FEDERACI\u00d3N, CORRESPONDIENTE A LA TERCERA CIRCUNSCRIPCI\u00d3N PLURINOMINAL, CON SEDE EN XALAPA, VERACRUZ\" data-order=\"SALA REGIONAL DEL TRIBUNAL ELECTORAL DEL PODER JUDICIAL DE LA FEDERACI\u00d3N, CORRESPONDIENTE A LA TERCERA CIRCUNSCRIPCI\u00d3N PLURINOMINAL, CON SEDE EN XALAPA, VERACRUZ\" >SALA REGIONAL DEL TRIBUNAL ELECTORAL DEL PODER JUDICIAL DE LA FEDERACI\u00d3N, CORRESPONDIENTE A LA TERCERA CIRCUNSCRIPCI\u00d3N PLURINOMINAL, CON SEDE EN XALAPA, VERACRUZ <\/td><td data-cell-id=\"D43\" data-x=\"3\" data-y=\"43\" data-db-index=\"43\" class=\"fsize-18\" data-cell-type=\"text\" data-original-value=\"&lt;a href=&quot;https:\/\/teec.org.mx\/web\/wp-content\/uploads\/2022\/02\/TEEC-JDC-25-2021-INC-17-02-2022.pdf&quot; target=&quot;_blank&quot;&gt;TEEC\/JDC\/25\/2021\/INC (SE DA POR NOTIFICADO ESTE \u00d3RGANO JURISDICCIONAL LOCAL DE LA SENTENCIA EMITIDA POR LA SALA SUPERIOR)&lt;\/a&gt;\" data-order=\"&lt;a href=&quot;https:\/\/teec.org.mx\/web\/wp-content\/uploads\/2022\/02\/TEEC-JDC-25-2021-INC-17-02-2022.pdf&quot; target=&quot;_blank&quot;&gt;TEEC\/JDC\/25\/2021\/INC (SE DA POR NOTIFICADO ESTE \u00d3RGANO JURISDICCIONAL LOCAL DE LA SENTENCIA EMITIDA POR LA SALA SUPERIOR)&lt;\/a&gt;\" ><a href=\"https:\/\/teec.org.mx\/web\/wp-content\/uploads\/2022\/02\/TEEC-JDC-25-2021-INC-17-02-2022.pdf\" target=\"_blank\">TEEC\/JDC\/25\/2021\/INC (SE DA POR NOTIFICADO ESTE \u00d3RGANO JURISDICCIONAL LOCAL DE LA SENTENCIA EMITIDA POR LA SALA SUPERIOR)<\/a><\/td><\/tr><tr style=\"height:px\" ><td data-cell-id=\"A44\" data-x=\"0\" data-y=\"44\" data-db-index=\"44\" class=\"fsize-18\" data-cell-type=\"text\" data-original-value=\"16 DE FEBRERO DE 2022, A LAS 11:53 HORAS\" data-order=\"16 DE FEBRERO DE 2022, A LAS 11:53 HORAS\" >16 DE FEBRERO DE 2022, A LAS 11:53 HORAS <\/td><td data-cell-id=\"B44\" data-x=\"1\" data-y=\"44\" data-db-index=\"44\" class=\"fsize-18\" data-cell-type=\"text\" data-original-value=\"MARITZA DALILA EHU\u00c1N ROSALES Y OTROS\" data-order=\"MARITZA DALILA EHU\u00c1N ROSALES Y OTROS\" >MARITZA DALILA EHU\u00c1N ROSALES Y OTROS <\/td><td data-cell-id=\"C44\" data-x=\"2\" data-y=\"44\" data-db-index=\"44\" class=\"fsize-18\" data-cell-type=\"text\" data-original-value=\"TRIBUNAL ELECTORAL DEL ESTADO DE CAMPECHE\" data-order=\"TRIBUNAL ELECTORAL DEL ESTADO DE CAMPECHE\" >TRIBUNAL ELECTORAL DEL ESTADO DE CAMPECHE <\/td><td data-cell-id=\"D44\" data-x=\"3\" data-y=\"44\" data-db-index=\"44\" class=\"fsize-18\" data-cell-type=\"text\" data-original-value=\"&lt;a href=&quot;https:\/\/teec.org.mx\/web\/wp-content\/uploads\/2022\/02\/TEEC-JDC-25-2021-INC-16-02-2022.pdf&quot; target=&quot;_blank&quot;&gt;TEEC\/JDC\/25\/2021\/INC (SE TIENE POR RECIBIDO CUADERNO ACCESORIO REMITIDO POR LA SALA REGIONAL)&lt;\/a&gt;\" data-order=\"&lt;a href=&quot;https:\/\/teec.org.mx\/web\/wp-content\/uploads\/2022\/02\/TEEC-JDC-25-2021-INC-16-02-2022.pdf&quot; target=&quot;_blank&quot;&gt;TEEC\/JDC\/25\/2021\/INC (SE TIENE POR RECIBIDO CUADERNO ACCESORIO REMITIDO POR LA SALA REGIONAL)&lt;\/a&gt;\" ><a href=\"https:\/\/teec.org.mx\/web\/wp-content\/uploads\/2022\/02\/TEEC-JDC-25-2021-INC-16-02-2022.pdf\" target=\"_blank\">TEEC\/JDC\/25\/2021\/INC (SE TIENE POR RECIBIDO CUADERNO ACCESORIO REMITIDO POR LA SALA REGIONAL)<\/a><\/td><\/tr><tr style=\"height:px\" ><td data-cell-id=\"A45\" data-x=\"0\" data-y=\"45\" data-db-index=\"45\" class=\"fsize-18\" data-cell-type=\"text\" data-original-value=\"11 DE FEBRERO DE 2022, A LAS 14:40 HORAS\" data-order=\"11 DE FEBRERO DE 2022, A LAS 14:40 HORAS\" >11 DE FEBRERO DE 2022, A LAS 14:40 HORAS <\/td><td data-cell-id=\"B45\" data-x=\"1\" data-y=\"45\" data-db-index=\"45\" class=\"fsize-18\" data-cell-type=\"text\" data-original-value=\"ON\u00c9SIMO DAR\u00cdO L\u00d3PEZ SOLIS, QUIEN SE OSTENTA COMO APODERADO LEGAL DEL H. AYUNTAMIENTO DEL MUNICIPIO DE TENABO, CAMPECHE\" data-order=\"ON\u00c9SIMO DAR\u00cdO L\u00d3PEZ SOLIS, QUIEN SE OSTENTA COMO APODERADO LEGAL DEL H. AYUNTAMIENTO DEL MUNICIPIO DE TENABO, CAMPECHE\" >ON\u00c9SIMO DAR\u00cdO L\u00d3PEZ SOLIS, QUIEN SE OSTENTA COMO APODERADO LEGAL DEL H. AYUNTAMIENTO DEL MUNICIPIO DE TENABO, CAMPECHE <\/td><td data-cell-id=\"C45\" data-x=\"2\" data-y=\"45\" data-db-index=\"45\" class=\"fsize-18\" data-cell-type=\"text\" data-original-value=\"TRIBUNAL ELECTORAL DEL ESTADO DE CAMPECHE\" data-order=\"TRIBUNAL ELECTORAL DEL ESTADO DE CAMPECHE\" >TRIBUNAL ELECTORAL DEL ESTADO DE CAMPECHE <\/td><td data-cell-id=\"D45\" data-x=\"3\" data-y=\"45\" data-db-index=\"45\" class=\"fsize-18\" data-cell-type=\"text\" data-original-value=\"&lt;a href=&quot;https:\/\/teec.org.mx\/web\/wp-content\/uploads\/2022\/02\/TEEC-JDC-25-2021-INC-11-02-2022.pdf&quot; target=&quot;_blank&quot;&gt;TEEC\/JDC\/25\/2021\/INC (SE INFORMA RETIRO DE CED. Y NO COMPARECENCIA DE TERCERO INTERESADO)&lt;\/a&gt;\" data-order=\"&lt;a href=&quot;https:\/\/teec.org.mx\/web\/wp-content\/uploads\/2022\/02\/TEEC-JDC-25-2021-INC-11-02-2022.pdf&quot; target=&quot;_blank&quot;&gt;TEEC\/JDC\/25\/2021\/INC (SE INFORMA RETIRO DE CED. Y NO COMPARECENCIA DE TERCERO INTERESADO)&lt;\/a&gt;\" ><a href=\"https:\/\/teec.org.mx\/web\/wp-content\/uploads\/2022\/02\/TEEC-JDC-25-2021-INC-11-02-2022.pdf\" target=\"_blank\">TEEC\/JDC\/25\/2021\/INC (SE INFORMA RETIRO DE CED. Y NO COMPARECENCIA DE TERCERO INTERESADO)<\/a><\/td><\/tr><tr style=\"height:px\" ><td data-cell-id=\"A46\" data-x=\"0\" data-y=\"46\" data-db-index=\"46\" class=\"fsize-18\" data-cell-type=\"text\" data-original-value=\"08 DE FEBRERO DE 2022, A LAS 14:10 HORAS\" data-order=\"08 DE FEBRERO DE 2022, A LAS 14:10 HORAS\" >08 DE FEBRERO DE 2022, A LAS 14:10 HORAS <\/td><td data-cell-id=\"B46\" data-x=\"1\" data-y=\"46\" data-db-index=\"46\" class=\"fsize-18\" data-cell-type=\"text\" data-original-value=\"ON\u00c9SIMO DAR\u00cdO L\u00d3PEZ SOLIS, QUIEN SE OSTENTA COMO APODERADO LEGAL DEL H. AYUNTAMIENTO DEL MUNICIPIO DE TENABO, CAMPECHE\" data-order=\"ON\u00c9SIMO DAR\u00cdO L\u00d3PEZ SOLIS, QUIEN SE OSTENTA COMO APODERADO LEGAL DEL H. AYUNTAMIENTO DEL MUNICIPIO DE TENABO, CAMPECHE\" >ON\u00c9SIMO DAR\u00cdO L\u00d3PEZ SOLIS, QUIEN SE OSTENTA COMO APODERADO LEGAL DEL H. AYUNTAMIENTO DEL MUNICIPIO DE TENABO, CAMPECHE <\/td><td data-cell-id=\"C46\" data-x=\"2\" data-y=\"46\" data-db-index=\"46\" class=\"fsize-18\" data-cell-type=\"text\" data-original-value=\"TRIBUNAL ELECTORAL DEL ESTADO DE CAMPECHE\" data-order=\"TRIBUNAL ELECTORAL DEL ESTADO DE CAMPECHE\" >TRIBUNAL ELECTORAL DEL ESTADO DE CAMPECHE <\/td><td data-cell-id=\"D46\" data-x=\"3\" data-y=\"46\" data-db-index=\"46\" class=\"fsize-18\" data-cell-type=\"text\" data-original-value=\"&lt;a href=&quot;https:\/\/teec.org.mx\/web\/wp-content\/uploads\/2022\/02\/TEEC-JDC-25-2021-INC-08-02-2022.pdf&quot; target=&quot;_blank&quot;&gt;TEEC\/JDC\/25\/2021\/INC (TRAMITE DE MEDIO FEDERAL)&lt;\/a&gt;\" data-order=\"&lt;a href=&quot;https:\/\/teec.org.mx\/web\/wp-content\/uploads\/2022\/02\/TEEC-JDC-25-2021-INC-08-02-2022.pdf&quot; target=&quot;_blank&quot;&gt;TEEC\/JDC\/25\/2021\/INC (TRAMITE DE MEDIO FEDERAL)&lt;\/a&gt;\" ><a href=\"https:\/\/teec.org.mx\/web\/wp-content\/uploads\/2022\/02\/TEEC-JDC-25-2021-INC-08-02-2022.pdf\" target=\"_blank\">TEEC\/JDC\/25\/2021\/INC (TRAMITE DE MEDIO FEDERAL)<\/a><\/td><\/tr><tr style=\"height:px\" ><td data-cell-id=\"A47\" data-x=\"0\" data-y=\"47\" data-db-index=\"47\" class=\"fsize-18\" data-cell-type=\"text\" data-original-value=\"04 DE FEBRERO DE 2022, A LAS 15:00 HORAS\" data-order=\"04 DE FEBRERO DE 2022, A LAS 15:00 HORAS\" >04 DE FEBRERO DE 2022, A LAS 15:00 HORAS <\/td><td data-cell-id=\"B47\" data-x=\"1\" data-y=\"47\" data-db-index=\"47\" class=\"fsize-18\" data-cell-type=\"text\" data-original-value=\"JOS\u00c9 ANTONIO HAAS CHAN, QUIEN SE OSTENTA COMO ASPIRANTE A AGENTE MUNICIPAL DE KANKI, MUNICIPIO DE TENABO, CAMPECHE\" data-order=\"JOS\u00c9 ANTONIO HAAS CHAN, QUIEN SE OSTENTA COMO ASPIRANTE A AGENTE MUNICIPAL DE KANKI, MUNICIPIO DE TENABO, CAMPECHE\" >JOS\u00c9 ANTONIO HAAS CHAN, QUIEN SE OSTENTA COMO ASPIRANTE A AGENTE MUNICIPAL DE KANKI, MUNICIPIO DE TENABO, CAMPECHE <\/td><td data-cell-id=\"C47\" data-x=\"2\" data-y=\"47\" data-db-index=\"47\" class=\"fsize-18\" data-cell-type=\"text\" data-original-value=\"H. AYUNTAMIENTO DEL MUNICIPIO DE TENABO, CAMPECHE, KARLA DEL ROSARIO UC TUZ, PRESIDENTA DEL H. AYUNTAMIENTO DEL MUNICIPIO DE TENABO, CAMPECHE, ERICK DE LA CRUZ EUAN CAAMAL, SECRETARIO DEL H. AYUNTAMIENTO DEL MUNICIPIO DE TENABO, CAMPECHE\" data-order=\"H. AYUNTAMIENTO DEL MUNICIPIO DE TENABO, CAMPECHE, KARLA DEL ROSARIO UC TUZ, PRESIDENTA DEL H. AYUNTAMIENTO DEL MUNICIPIO DE TENABO, CAMPECHE, ERICK DE LA CRUZ EUAN CAAMAL, SECRETARIO DEL H. AYUNTAMIENTO DEL MUNICIPIO DE TENABO, CAMPECHE\" >H. AYUNTAMIENTO DEL MUNICIPIO DE TENABO, CAMPECHE, KARLA DEL ROSARIO UC TUZ, PRESIDENTA DEL H. AYUNTAMIENTO DEL MUNICIPIO DE TENABO, CAMPECHE, ERICK DE LA CRUZ EUAN CAAMAL, SECRETARIO DEL H. AYUNTAMIENTO DEL MUNICIPIO DE TENABO, CAMPECHE <\/td><td data-cell-id=\"D47\" data-x=\"3\" data-y=\"47\" data-db-index=\"47\" class=\"fsize-18\" data-cell-type=\"text\" data-original-value=\"&lt;a href=&quot;https:\/\/teec.org.mx\/web\/wp-content\/uploads\/2022\/02\/TEEC-JDC-25-2021-INC-04-02-2022.pdf&quot; target=&quot;_blank&quot;&gt;TEEC\/JDC\/25\/2021\/INC (ACUERDO DE ACUMULACION)&lt;\/a&gt;\" data-order=\"&lt;a href=&quot;https:\/\/teec.org.mx\/web\/wp-content\/uploads\/2022\/02\/TEEC-JDC-25-2021-INC-04-02-2022.pdf&quot; target=&quot;_blank&quot;&gt;TEEC\/JDC\/25\/2021\/INC (ACUERDO DE ACUMULACION)&lt;\/a&gt;\" ><a href=\"https:\/\/teec.org.mx\/web\/wp-content\/uploads\/2022\/02\/TEEC-JDC-25-2021-INC-04-02-2022.pdf\" target=\"_blank\">TEEC\/JDC\/25\/2021\/INC (ACUERDO DE ACUMULACION)<\/a><\/td><\/tr><tr style=\"height:px\" ><td data-cell-id=\"A48\" data-x=\"0\" data-y=\"48\" data-db-index=\"48\" class=\"fsize-18\" data-cell-type=\"text\" data-original-value=\"04 DE FEBRERO DE 2022, A LAS 13:40 HORAS\" data-order=\"04 DE FEBRERO DE 2022, A LAS 13:40 HORAS\" >04 DE FEBRERO DE 2022, A LAS 13:40 HORAS <\/td><td data-cell-id=\"B48\" data-x=\"1\" data-y=\"48\" data-db-index=\"48\" class=\"fsize-18\" data-cell-type=\"text\" data-original-value=\"JOS\u00c9 ANTONIO HAAS CHAN, QUIEN SE OSTENTA COMO ASPIRANTE A AGENTE MUNICIPAL DE KANKI, MUNICIPIO DE TENABO, CAMPECHE\" data-order=\"JOS\u00c9 ANTONIO HAAS CHAN, QUIEN SE OSTENTA COMO ASPIRANTE A AGENTE MUNICIPAL DE KANKI, MUNICIPIO DE TENABO, CAMPECHE\" >JOS\u00c9 ANTONIO HAAS CHAN, QUIEN SE OSTENTA COMO ASPIRANTE A AGENTE MUNICIPAL DE KANKI, MUNICIPIO DE TENABO, CAMPECHE <\/td><td data-cell-id=\"C48\" data-x=\"2\" data-y=\"48\" data-db-index=\"48\" class=\"fsize-18\" data-cell-type=\"text\" data-original-value=\"H. AYUNTAMIENTO DEL MUNICIPIO DE TENABO, CAMPECHE, KARLA DEL ROSARIO UC TUZ, PRESIDENTA DEL H. AYUNTAMIENTO DEL MUNICIPIO DE TENABO, CAMPECHE, ERICK DE LA CRUZ EUAN CAAMAL, SECRETARIO DEL H. AYUNTAMIENTO DEL MUNICIPIO DE TENABO, CAMPECHE\" data-order=\"H. AYUNTAMIENTO DEL MUNICIPIO DE TENABO, CAMPECHE, KARLA DEL ROSARIO UC TUZ, PRESIDENTA DEL H. AYUNTAMIENTO DEL MUNICIPIO DE TENABO, CAMPECHE, ERICK DE LA CRUZ EUAN CAAMAL, SECRETARIO DEL H. AYUNTAMIENTO DEL MUNICIPIO DE TENABO, CAMPECHE\" >H. AYUNTAMIENTO DEL MUNICIPIO DE TENABO, CAMPECHE, KARLA DEL ROSARIO UC TUZ, PRESIDENTA DEL H. AYUNTAMIENTO DEL MUNICIPIO DE TENABO, CAMPECHE, ERICK DE LA CRUZ EUAN CAAMAL, SECRETARIO DEL H. AYUNTAMIENTO DEL MUNICIPIO DE TENABO, CAMPECHE <\/td><td data-cell-id=\"D48\" data-x=\"3\" data-y=\"48\" data-db-index=\"48\" class=\"fsize-18\" data-cell-type=\"text\" data-original-value=\"&lt;a href=&quot;https:\/\/teec.org.mx\/web\/wp-content\/uploads\/2022\/02\/TEEC-JDC-25-2021-INC-Acu.-Plenario-04-02-2022.pdf&quot; target=&quot;_blank&quot;&gt;TEEC\/JDC\/25\/2021\/INC (ACUERDO PLENARIO)&lt;\/a&gt;\" data-order=\"&lt;a href=&quot;https:\/\/teec.org.mx\/web\/wp-content\/uploads\/2022\/02\/TEEC-JDC-25-2021-INC-Acu.-Plenario-04-02-2022.pdf&quot; target=&quot;_blank&quot;&gt;TEEC\/JDC\/25\/2021\/INC (ACUERDO PLENARIO)&lt;\/a&gt;\" ><a href=\"https:\/\/teec.org.mx\/web\/wp-content\/uploads\/2022\/02\/TEEC-JDC-25-2021-INC-Acu.-Plenario-04-02-2022.pdf\" target=\"_blank\">TEEC\/JDC\/25\/2021\/INC (ACUERDO PLENARIO)<\/a><\/td><\/tr><tr style=\"height:px\" ><td data-cell-id=\"A49\" data-x=\"0\" data-y=\"49\" data-db-index=\"49\" class=\"fsize-18\" data-cell-type=\"text\" data-original-value=\"02 DE FEBRERO DE 2022, A LAS 14:20 HORAS\" data-order=\"02 DE FEBRERO DE 2022, A LAS 14:20 HORAS\" >02 DE FEBRERO DE 2022, A LAS 14:20 HORAS <\/td><td data-cell-id=\"B49\" data-x=\"1\" data-y=\"49\" data-db-index=\"49\" class=\"fsize-18\" data-cell-type=\"text\" data-original-value=\"JOS\u00c9 ANTONIO HAAS CHAN, QUIEN SE OSTENTA COMO ASPIRANTE A AGENTE MUNICIPAL DE KANKI, MUNICIPIO DE TENABO, CAMPECHE\" data-order=\"JOS\u00c9 ANTONIO HAAS CHAN, QUIEN SE OSTENTA COMO ASPIRANTE A AGENTE MUNICIPAL DE KANKI, MUNICIPIO DE TENABO, CAMPECHE\" >JOS\u00c9 ANTONIO HAAS CHAN, QUIEN SE OSTENTA COMO ASPIRANTE A AGENTE MUNICIPAL DE KANKI, MUNICIPIO DE TENABO, CAMPECHE <\/td><td data-cell-id=\"C49\" data-x=\"2\" data-y=\"49\" data-db-index=\"49\" class=\"fsize-18\" data-cell-type=\"text\" data-original-value=\"H. AYUNTAMIENTO DEL MUNICIPIO DE TENABO, CAMPECHE, KARLA DEL ROSARIO UC TUZ, PRESIDENTA DEL H. AYUNTAMIENTO DEL MUNICIPIO DE TENABO, CAMPECHE, ERICK DE LA CRUZ EUAN CAAMAL, SECRETARIO DEL H. AYUNTAMIENTO DEL MUNICIPIO DE TENABO, CAMPECHE\" data-order=\"H. AYUNTAMIENTO DEL MUNICIPIO DE TENABO, CAMPECHE, KARLA DEL ROSARIO UC TUZ, PRESIDENTA DEL H. AYUNTAMIENTO DEL MUNICIPIO DE TENABO, CAMPECHE, ERICK DE LA CRUZ EUAN CAAMAL, SECRETARIO DEL H. AYUNTAMIENTO DEL MUNICIPIO DE TENABO, CAMPECHE\" >H. AYUNTAMIENTO DEL MUNICIPIO DE TENABO, CAMPECHE, KARLA DEL ROSARIO UC TUZ, PRESIDENTA DEL H. AYUNTAMIENTO DEL MUNICIPIO DE TENABO, CAMPECHE, ERICK DE LA CRUZ EUAN CAAMAL, SECRETARIO DEL H. AYUNTAMIENTO DEL MUNICIPIO DE TENABO, CAMPECHE <\/td><td data-cell-id=\"D49\" data-x=\"3\" data-y=\"49\" data-db-index=\"49\" class=\"fsize-18\" data-cell-type=\"text\" data-original-value=\"&lt;a href=&quot;https:\/\/teec.org.mx\/web\/wp-content\/uploads\/2022\/02\/TEEC-JDC-25-2021-INC-2do-acu.-02-02-2022.pdf&quot; target=&quot;_blank&quot;&gt;TEEC\/JDC\/25\/2021\/INC (SE FIJA FECHA Y HORA PARA SESI\u00d3N PUBLICA VIRTUAL)&lt;\/a&gt;\" data-order=\"&lt;a href=&quot;https:\/\/teec.org.mx\/web\/wp-content\/uploads\/2022\/02\/TEEC-JDC-25-2021-INC-2do-acu.-02-02-2022.pdf&quot; target=&quot;_blank&quot;&gt;TEEC\/JDC\/25\/2021\/INC (SE FIJA FECHA Y HORA PARA SESI\u00d3N PUBLICA VIRTUAL)&lt;\/a&gt;\" ><a href=\"https:\/\/teec.org.mx\/web\/wp-content\/uploads\/2022\/02\/TEEC-JDC-25-2021-INC-2do-acu.-02-02-2022.pdf\" target=\"_blank\">TEEC\/JDC\/25\/2021\/INC (SE FIJA FECHA Y HORA PARA SESI\u00d3N PUBLICA VIRTUAL)<\/a><\/td><\/tr><tr style=\"height:px\" ><td data-cell-id=\"A50\" data-x=\"0\" data-y=\"50\" data-db-index=\"50\" class=\"fsize-18\" data-cell-type=\"text\" data-original-value=\"02 DE FEBRERO DE 2022, A LAS 13:50 HORAS\" data-order=\"02 DE FEBRERO DE 2022, A LAS 13:50 HORAS\" >02 DE FEBRERO DE 2022, A LAS 13:50 HORAS <\/td><td data-cell-id=\"B50\" data-x=\"1\" data-y=\"50\" data-db-index=\"50\" class=\"fsize-18\" data-cell-type=\"text\" data-original-value=\"JOS\u00c9 ANTONIO HAAS CHAN, QUIEN SE OSTENTA COMO ASPIRANTE A AGENTE MUNICIPAL DE KANKI, MUNICIPIO DE TENABO, CAMPECHE\" data-order=\"JOS\u00c9 ANTONIO HAAS CHAN, QUIEN SE OSTENTA COMO ASPIRANTE A AGENTE MUNICIPAL DE KANKI, MUNICIPIO DE TENABO, CAMPECHE\" >JOS\u00c9 ANTONIO HAAS CHAN, QUIEN SE OSTENTA COMO ASPIRANTE A AGENTE MUNICIPAL DE KANKI, MUNICIPIO DE TENABO, CAMPECHE <\/td><td data-cell-id=\"C50\" data-x=\"2\" data-y=\"50\" data-db-index=\"50\" class=\"fsize-18\" data-cell-type=\"text\" data-original-value=\"H. AYUNTAMIENTO DEL MUNICIPIO DE TENABO, CAMPECHE, KARLA DEL ROSARIO UC TUZ, PRESIDENTA DEL H. AYUNTAMIENTO DEL MUNICIPIO DE TENABO, CAMPECHE, ERICK DE LA CRUZ EUAN CAAMAL, SECRETARIO DEL H. AYUNTAMIENTO DEL MUNICIPIO DE TENABO, CAMPECHE\" data-order=\"H. AYUNTAMIENTO DEL MUNICIPIO DE TENABO, CAMPECHE, KARLA DEL ROSARIO UC TUZ, PRESIDENTA DEL H. AYUNTAMIENTO DEL MUNICIPIO DE TENABO, CAMPECHE, ERICK DE LA CRUZ EUAN CAAMAL, SECRETARIO DEL H. AYUNTAMIENTO DEL MUNICIPIO DE TENABO, CAMPECHE\" >H. AYUNTAMIENTO DEL MUNICIPIO DE TENABO, CAMPECHE, KARLA DEL ROSARIO UC TUZ, PRESIDENTA DEL H. AYUNTAMIENTO DEL MUNICIPIO DE TENABO, CAMPECHE, ERICK DE LA CRUZ EUAN CAAMAL, SECRETARIO DEL H. AYUNTAMIENTO DEL MUNICIPIO DE TENABO, CAMPECHE <\/td><td data-cell-id=\"D50\" data-x=\"3\" data-y=\"50\" data-db-index=\"50\" class=\"fsize-18\" data-cell-type=\"text\" data-original-value=\"&lt;a href=&quot;https:\/\/teec.org.mx\/web\/wp-content\/uploads\/2022\/02\/TEEC-JDC-25-2021-INC-1er-acu.-02-02-2022.pdf&quot; target=&quot;_blank&quot;&gt;TEEC\/JDC\/25\/2021\/INC (SE SOLICITA FECHA Y HORA PARA SESI\u00d3N PUBLICA VIRTUAL)&lt;\/a&gt;\" data-order=\"&lt;a href=&quot;https:\/\/teec.org.mx\/web\/wp-content\/uploads\/2022\/02\/TEEC-JDC-25-2021-INC-1er-acu.-02-02-2022.pdf&quot; target=&quot;_blank&quot;&gt;TEEC\/JDC\/25\/2021\/INC (SE SOLICITA FECHA Y HORA PARA SESI\u00d3N PUBLICA VIRTUAL)&lt;\/a&gt;\" ><a href=\"https:\/\/teec.org.mx\/web\/wp-content\/uploads\/2022\/02\/TEEC-JDC-25-2021-INC-1er-acu.-02-02-2022.pdf\" target=\"_blank\">TEEC\/JDC\/25\/2021\/INC (SE SOLICITA FECHA Y HORA PARA SESI\u00d3N PUBLICA VIRTUAL)<\/a><\/td><\/tr><tr style=\"height:px\" ><td data-cell-id=\"A51\" data-x=\"0\" data-y=\"51\" data-db-index=\"51\" class=\"fsize-18\" data-cell-type=\"text\" data-original-value=\"26 DE ENERO DE 2022, A LAS 11:15 HORAS\" data-order=\"26 DE ENERO DE 2022, A LAS 11:15 HORAS\" >26 DE ENERO DE 2022, A LAS 11:15 HORAS <\/td><td data-cell-id=\"B51\" data-x=\"1\" data-y=\"51\" data-db-index=\"51\" class=\"fsize-18\" data-cell-type=\"text\" data-original-value=\"JOS\u00c9 ANTONIO HAAS CHAN, QUIEN SE OSTENTA COMO ASPIRANTE A AGENTE MUNICIPAL DE KANKI, MUNICIPIO DE TENABO, CAMPECHE\" data-order=\"JOS\u00c9 ANTONIO HAAS CHAN, QUIEN SE OSTENTA COMO ASPIRANTE A AGENTE MUNICIPAL DE KANKI, MUNICIPIO DE TENABO, CAMPECHE\" >JOS\u00c9 ANTONIO HAAS CHAN, QUIEN SE OSTENTA COMO ASPIRANTE A AGENTE MUNICIPAL DE KANKI, MUNICIPIO DE TENABO, CAMPECHE <\/td><td data-cell-id=\"C51\" data-x=\"2\" data-y=\"51\" data-db-index=\"51\" class=\"fsize-18\" data-cell-type=\"text\" data-original-value=\"H. AYUNTAMIENTO DEL MUNICIPIO DE TENABO, CAMPECHE, KARLA DEL ROSARIO UC TUZ, PRESIDENTA DEL H. AYUNTAMIENTO DEL MUNICIPIO DE TENABO, CAMPECHE, ERICK DE LA CRUZ EUAN CAAMAL, SECRETARIO DEL H. AYUNTAMIENTO DEL MUNICIPIO DE TENABO, CAMPECHE\" data-order=\"H. AYUNTAMIENTO DEL MUNICIPIO DE TENABO, CAMPECHE, KARLA DEL ROSARIO UC TUZ, PRESIDENTA DEL H. AYUNTAMIENTO DEL MUNICIPIO DE TENABO, CAMPECHE, ERICK DE LA CRUZ EUAN CAAMAL, SECRETARIO DEL H. AYUNTAMIENTO DEL MUNICIPIO DE TENABO, CAMPECHE\" >H. AYUNTAMIENTO DEL MUNICIPIO DE TENABO, CAMPECHE, KARLA DEL ROSARIO UC TUZ, PRESIDENTA DEL H. AYUNTAMIENTO DEL MUNICIPIO DE TENABO, CAMPECHE, ERICK DE LA CRUZ EUAN CAAMAL, SECRETARIO DEL H. AYUNTAMIENTO DEL MUNICIPIO DE TENABO, CAMPECHE <\/td><td data-cell-id=\"D51\" data-x=\"3\" data-y=\"51\" data-db-index=\"51\" class=\"fsize-18\" data-cell-type=\"text\" data-original-value=\"&lt;a href=&quot;https:\/\/teec.org.mx\/web\/wp-content\/uploads\/2022\/01\/TEEC-JDC-25-2021-INC-26-01-2021.pdf&quot; target=&quot;_blank&quot;&gt;TEEC\/JDC\/25\/2021\/INC (QUEDA FIRME EL ACUERDO PLENARIO)&lt;\/a&gt;\" data-order=\"&lt;a href=&quot;https:\/\/teec.org.mx\/web\/wp-content\/uploads\/2022\/01\/TEEC-JDC-25-2021-INC-26-01-2021.pdf&quot; target=&quot;_blank&quot;&gt;TEEC\/JDC\/25\/2021\/INC (QUEDA FIRME EL ACUERDO PLENARIO)&lt;\/a&gt;\" ><a href=\"https:\/\/teec.org.mx\/web\/wp-content\/uploads\/2022\/01\/TEEC-JDC-25-2021-INC-26-01-2021.pdf\" target=\"_blank\">TEEC\/JDC\/25\/2021\/INC (QUEDA FIRME EL ACUERDO PLENARIO)<\/a><\/td><\/tr><tr style=\"height:px\" ><td data-cell-id=\"A52\" data-x=\"0\" data-y=\"52\" data-db-index=\"52\" class=\"fsize-18\" data-cell-type=\"text\" data-original-value=\"24 DE ENERO DE 2022, A LAS 13:30 HORAS\" data-order=\"24 DE ENERO DE 2022, A LAS 13:30 HORAS\" >24 DE ENERO DE 2022, A LAS 13:30 HORAS <\/td><td data-cell-id=\"B52\" data-x=\"1\" data-y=\"52\" data-db-index=\"52\" class=\"fsize-18\" data-cell-type=\"text\" data-original-value=\"MARITZA DALILA EHU\u00c1N ROSALES Y OTROS\" data-order=\"MARITZA DALILA EHU\u00c1N ROSALES Y OTROS\" >MARITZA DALILA EHU\u00c1N ROSALES Y OTROS <\/td><td data-cell-id=\"C52\" data-x=\"2\" data-y=\"52\" data-db-index=\"52\" class=\"fsize-18\" data-cell-type=\"text\" data-original-value=\"TRIBUNAL ELECTORAL DEL ESTADO DE CAMPECHE\" data-order=\"TRIBUNAL ELECTORAL DEL ESTADO DE CAMPECHE\" >TRIBUNAL ELECTORAL DEL ESTADO DE CAMPECHE <\/td><td data-cell-id=\"D52\" data-x=\"3\" data-y=\"52\" data-db-index=\"52\" class=\"fsize-18\" data-cell-type=\"text\" data-original-value=\"&lt;a href=&quot;https:\/\/teec.org.mx\/web\/wp-content\/uploads\/2022\/01\/TEEC-JDC-25-2021-INC-24-01-2022.pdf&quot; target=&quot;_blank&quot;&gt;TEEC\/JDC\/25\/2021\/INC (SE DA POR NOT. ESTE ORGANO JURISDICCIONAL ELECTORAL LOCAL DEL CONTENIDO DE LA SENTENCIA DE FECHA VEINTIUNO DE ENERO DE 2022)&lt;\/a&gt;\" data-order=\"&lt;a href=&quot;https:\/\/teec.org.mx\/web\/wp-content\/uploads\/2022\/01\/TEEC-JDC-25-2021-INC-24-01-2022.pdf&quot; target=&quot;_blank&quot;&gt;TEEC\/JDC\/25\/2021\/INC (SE DA POR NOT. ESTE ORGANO JURISDICCIONAL ELECTORAL LOCAL DEL CONTENIDO DE LA SENTENCIA DE FECHA VEINTIUNO DE ENERO DE 2022)&lt;\/a&gt;\" ><a href=\"https:\/\/teec.org.mx\/web\/wp-content\/uploads\/2022\/01\/TEEC-JDC-25-2021-INC-24-01-2022.pdf\" target=\"_blank\">TEEC\/JDC\/25\/2021\/INC (SE DA POR NOT. ESTE ORGANO JURISDICCIONAL ELECTORAL LOCAL DEL CONTENIDO DE LA SENTENCIA DE FECHA VEINTIUNO DE ENERO DE 2022)<\/a><\/td><\/tr><tr style=\"height:px\" ><td data-cell-id=\"A53\" data-x=\"0\" data-y=\"53\" data-db-index=\"53\" class=\"fsize-18\" data-cell-type=\"text\" data-original-value=\"18 DE ENERO DE 2022, A LAS 13:50 HORAS\" data-order=\"18 DE ENERO DE 2022, A LAS 13:50 HORAS\" >18 DE ENERO DE 2022, A LAS 13:50 HORAS <\/td><td data-cell-id=\"B53\" data-x=\"1\" data-y=\"53\" data-db-index=\"53\" class=\"fsize-18\" data-cell-type=\"text\" data-original-value=\"JOS\u00c9 ANTONIO HAAS CHAN, QUIEN SE OSTENTA COMO ASPIRANTE A AGENTE MUNICIPAL DE KANKI, MUNICIPIO DE TENABO, CAMPECHE\" data-order=\"JOS\u00c9 ANTONIO HAAS CHAN, QUIEN SE OSTENTA COMO ASPIRANTE A AGENTE MUNICIPAL DE KANKI, MUNICIPIO DE TENABO, CAMPECHE\" >JOS\u00c9 ANTONIO HAAS CHAN, QUIEN SE OSTENTA COMO ASPIRANTE A AGENTE MUNICIPAL DE KANKI, MUNICIPIO DE TENABO, CAMPECHE <\/td><td data-cell-id=\"C53\" data-x=\"2\" data-y=\"53\" data-db-index=\"53\" class=\"fsize-18\" data-cell-type=\"text\" data-original-value=\"H. AYUNTAMIENTO DEL MUNICIPIO DE TENABO, CAMPECHE, KARLA DEL ROSARIO UC TUZ, PRESIDENTA DEL H. AYUNTAMIENTO DEL MUNICIPIO DE TENABO, CAMPECHE, ERICK DE LA CRUZ EUAN CAAMAL, SECRETARIO DEL H. AYUNTAMIENTO DEL MUNICIPIO DE TENABO, CAMPECHE\" data-order=\"H. AYUNTAMIENTO DEL MUNICIPIO DE TENABO, CAMPECHE, KARLA DEL ROSARIO UC TUZ, PRESIDENTA DEL H. AYUNTAMIENTO DEL MUNICIPIO DE TENABO, CAMPECHE, ERICK DE LA CRUZ EUAN CAAMAL, SECRETARIO DEL H. AYUNTAMIENTO DEL MUNICIPIO DE TENABO, CAMPECHE\" >H. AYUNTAMIENTO DEL MUNICIPIO DE TENABO, CAMPECHE, KARLA DEL ROSARIO UC TUZ, PRESIDENTA DEL H. AYUNTAMIENTO DEL MUNICIPIO DE TENABO, CAMPECHE, ERICK DE LA CRUZ EUAN CAAMAL, SECRETARIO DEL H. AYUNTAMIENTO DEL MUNICIPIO DE TENABO, CAMPECHE <\/td><td data-cell-id=\"D53\" data-x=\"3\" data-y=\"53\" data-db-index=\"53\" class=\"fsize-18\" data-cell-type=\"text\" data-original-value=\"&lt;a href=&quot;https:\/\/teec.org.mx\/web\/wp-content\/uploads\/2022\/01\/TEEC-JDC-25-2021-INC-Acu.-Plenario-18-01-2022.pdf&quot; target=&quot;_blank&quot;&gt;TEEC\/JDC\/25\/2021\/INC (ACUERDO PLENARIO)&lt;\/a&gt;\" data-order=\"&lt;a href=&quot;https:\/\/teec.org.mx\/web\/wp-content\/uploads\/2022\/01\/TEEC-JDC-25-2021-INC-Acu.-Plenario-18-01-2022.pdf&quot; target=&quot;_blank&quot;&gt;TEEC\/JDC\/25\/2021\/INC (ACUERDO PLENARIO)&lt;\/a&gt;\" ><a href=\"https:\/\/teec.org.mx\/web\/wp-content\/uploads\/2022\/01\/TEEC-JDC-25-2021-INC-Acu.-Plenario-18-01-2022.pdf\" target=\"_blank\">TEEC\/JDC\/25\/2021\/INC (ACUERDO PLENARIO)<\/a><\/td><\/tr><tr style=\"height:px\" ><td data-cell-id=\"A54\" data-x=\"0\" data-y=\"54\" data-db-index=\"54\" class=\"fsize-18\" data-cell-type=\"text\" data-original-value=\"17 DE ENERO DE 2022, A LAS 17:10 HORAS\" data-order=\"17 DE ENERO DE 2022, A LAS 17:10 HORAS\" >17 DE ENERO DE 2022, A LAS 17:10 HORAS <\/td><td data-cell-id=\"B54\" data-x=\"1\" data-y=\"54\" data-db-index=\"54\" class=\"fsize-18\" data-cell-type=\"text\" data-original-value=\"GRICERIO ESCAMILLA TUZ, QUIEN SE OSTENTA COMO COMO CIUDADANO CAMPECHANO Y AGENTE MUNICIPAL DE LA LOCALIDAD DE SANTA RITA CORRALCH\u00c9, DESIGNADO POR EL H. AYUNTAMIENTO DEL MUNICIPIO DE TENABO, ESTADO DE CAMPECHE\" data-order=\"GRICERIO ESCAMILLA TUZ, QUIEN SE OSTENTA COMO COMO CIUDADANO CAMPECHANO Y AGENTE MUNICIPAL DE LA LOCALIDAD DE SANTA RITA CORRALCH\u00c9, DESIGNADO POR EL H. AYUNTAMIENTO DEL MUNICIPIO DE TENABO, ESTADO DE CAMPECHE\" >GRICERIO ESCAMILLA TUZ, QUIEN SE OSTENTA COMO COMO CIUDADANO CAMPECHANO Y AGENTE MUNICIPAL DE LA LOCALIDAD DE SANTA RITA CORRALCH\u00c9, DESIGNADO POR EL H. AYUNTAMIENTO DEL MUNICIPIO DE TENABO, ESTADO DE CAMPECHE <\/td><td data-cell-id=\"C54\" data-x=\"2\" data-y=\"54\" data-db-index=\"54\" class=\"fsize-18\" data-cell-type=\"text\" data-original-value=\"TRIBUNAL ELECTORAL DEL ESTADO DE CAMPECHE\" data-order=\"TRIBUNAL ELECTORAL DEL ESTADO DE CAMPECHE\" >TRIBUNAL ELECTORAL DEL ESTADO DE CAMPECHE <\/td><td data-cell-id=\"D54\" data-x=\"3\" data-y=\"54\" data-db-index=\"54\" class=\"fsize-18\" data-cell-type=\"text\" data-original-value=\"&lt;a href=&quot;https:\/\/teec.org.mx\/web\/wp-content\/uploads\/2022\/01\/TEEC-JDC-25-2021-INC-6to-acu.-17-01-2022.pdf&quot; target=&quot;_blank&quot;&gt;TEEC\/JDC\/25\/2021\/INC (SE COMUNICA RETIRO DE C\u00c9DULA Y NO COMPARECENCIA DE TERCERO INTERESADO)&lt;\/a&gt;\" data-order=\"&lt;a href=&quot;https:\/\/teec.org.mx\/web\/wp-content\/uploads\/2022\/01\/TEEC-JDC-25-2021-INC-6to-acu.-17-01-2022.pdf&quot; target=&quot;_blank&quot;&gt;TEEC\/JDC\/25\/2021\/INC (SE COMUNICA RETIRO DE C\u00c9DULA Y NO COMPARECENCIA DE TERCERO INTERESADO)&lt;\/a&gt;\" ><a href=\"https:\/\/teec.org.mx\/web\/wp-content\/uploads\/2022\/01\/TEEC-JDC-25-2021-INC-6to-acu.-17-01-2022.pdf\" target=\"_blank\">TEEC\/JDC\/25\/2021\/INC (SE COMUNICA RETIRO DE C\u00c9DULA Y NO COMPARECENCIA DE TERCERO INTERESADO)<\/a><\/td><\/tr><tr style=\"height:px\" ><td data-cell-id=\"A55\" data-x=\"0\" data-y=\"55\" data-db-index=\"55\" class=\"fsize-18\" data-cell-type=\"text\" data-original-value=\"17 DE ENERO DE 2022, A LAS 17:00 HORAS\" data-order=\"17 DE ENERO DE 2022, A LAS 17:00 HORAS\" >17 DE ENERO DE 2022, A LAS 17:00 HORAS <\/td><td data-cell-id=\"B55\" data-x=\"1\" data-y=\"55\" data-db-index=\"55\" class=\"fsize-18\" data-cell-type=\"text\" data-original-value=\"GASPAR EFRAIN CHAN ORD\u00d3\u00d1EZ, QUIEN SE OSTENTA COMO COMO CIUDADANO CAMPECHANO Y AGENTE MUNICIPAL DE LA LOCALIDAD DE KANK\u00cd, DESIGNADO POR EL H. AYUNTAMIENTO DEL MUNICIPIO DE TENABO, ESTADO DE CAMPECHE\" data-order=\"GASPAR EFRAIN CHAN ORD\u00d3\u00d1EZ, QUIEN SE OSTENTA COMO COMO CIUDADANO CAMPECHANO Y AGENTE MUNICIPAL DE LA LOCALIDAD DE KANK\u00cd, DESIGNADO POR EL H. AYUNTAMIENTO DEL MUNICIPIO DE TENABO, ESTADO DE CAMPECHE\" >GASPAR EFRAIN CHAN ORD\u00d3\u00d1EZ, QUIEN SE OSTENTA COMO COMO CIUDADANO CAMPECHANO Y AGENTE MUNICIPAL DE LA LOCALIDAD DE KANK\u00cd, DESIGNADO POR EL H. AYUNTAMIENTO DEL MUNICIPIO DE TENABO, ESTADO DE CAMPECHE <\/td><td data-cell-id=\"C55\" data-x=\"2\" data-y=\"55\" data-db-index=\"55\" class=\"fsize-18\" data-cell-type=\"text\" data-original-value=\"TRIBUNAL ELECTORAL DEL ESTADO DE CAMPECHE\" data-order=\"TRIBUNAL ELECTORAL DEL ESTADO DE CAMPECHE\" >TRIBUNAL ELECTORAL DEL ESTADO DE CAMPECHE <\/td><td data-cell-id=\"D55\" data-x=\"3\" data-y=\"55\" data-db-index=\"55\" class=\"fsize-18\" data-cell-type=\"text\" data-original-value=\"&lt;a href=&quot;https:\/\/teec.org.mx\/web\/wp-content\/uploads\/2022\/01\/TEEC-JDC-25-2021-INC-5to-acu.-17-01-2022.pdf&quot; target=&quot;_blank&quot;&gt;TEEC\/JDC\/25\/2021\/INC (SE COMUNICA RETIRO DE C\u00c9DULA Y NO COMPARECENCIA DE TERCERO INTERESADO)&lt;\/a&gt;\" data-order=\"&lt;a href=&quot;https:\/\/teec.org.mx\/web\/wp-content\/uploads\/2022\/01\/TEEC-JDC-25-2021-INC-5to-acu.-17-01-2022.pdf&quot; target=&quot;_blank&quot;&gt;TEEC\/JDC\/25\/2021\/INC (SE COMUNICA RETIRO DE C\u00c9DULA Y NO COMPARECENCIA DE TERCERO INTERESADO)&lt;\/a&gt;\" ><a href=\"https:\/\/teec.org.mx\/web\/wp-content\/uploads\/2022\/01\/TEEC-JDC-25-2021-INC-5to-acu.-17-01-2022.pdf\" target=\"_blank\">TEEC\/JDC\/25\/2021\/INC (SE COMUNICA RETIRO DE C\u00c9DULA Y NO COMPARECENCIA DE TERCERO INTERESADO)<\/a><\/td><\/tr><tr style=\"height:px\" ><td data-cell-id=\"A56\" data-x=\"0\" data-y=\"56\" data-db-index=\"56\" class=\"fsize-18\" data-cell-type=\"text\" data-original-value=\"17 DE ENERO DE 2022, A LAS 16:55 HORAS\" data-order=\"17 DE ENERO DE 2022, A LAS 16:55 HORAS\" >17 DE ENERO DE 2022, A LAS 16:55 HORAS <\/td><td data-cell-id=\"B56\" data-x=\"1\" data-y=\"56\" data-db-index=\"56\" class=\"fsize-18\" data-cell-type=\"text\" data-original-value=\"JUAN FRANCISCO VELUETA M\u00c9NDEZ, QUIEN SE OSTENTA COMO COMO CIUDADANO CAMPECHANO Y AGENTE MUNICIPAL DE LA LOCALIDAD DE X\u00b4KUMCHEIL, DESIGNADO POR EL H. AYUNTAMIENTO DEL MUNICIPIO DE TENABO, ESTADO DE CAMPECHE\" data-order=\"JUAN FRANCISCO VELUETA M\u00c9NDEZ, QUIEN SE OSTENTA COMO COMO CIUDADANO CAMPECHANO Y AGENTE MUNICIPAL DE LA LOCALIDAD DE X\u00b4KUMCHEIL, DESIGNADO POR EL H. AYUNTAMIENTO DEL MUNICIPIO DE TENABO, ESTADO DE CAMPECHE\" >JUAN FRANCISCO VELUETA M\u00c9NDEZ, QUIEN SE OSTENTA COMO COMO CIUDADANO CAMPECHANO Y AGENTE MUNICIPAL DE LA LOCALIDAD DE X\u00b4KUMCHEIL, DESIGNADO POR EL H. AYUNTAMIENTO DEL MUNICIPIO DE TENABO, ESTADO DE CAMPECHE <\/td><td data-cell-id=\"C56\" data-x=\"2\" data-y=\"56\" data-db-index=\"56\" class=\"fsize-18\" data-cell-type=\"text\" data-original-value=\"TRIBUNAL ELECTORAL DEL ESTADO DE CAMPECHE\" data-order=\"TRIBUNAL ELECTORAL DEL ESTADO DE CAMPECHE\" >TRIBUNAL ELECTORAL DEL ESTADO DE CAMPECHE <\/td><td data-cell-id=\"D56\" data-x=\"3\" data-y=\"56\" data-db-index=\"56\" class=\"fsize-18\" data-cell-type=\"text\" data-original-value=\"&lt;a href=&quot;https:\/\/teec.org.mx\/web\/wp-content\/uploads\/2022\/01\/TEEC-JDC-25-2021-INC-4to-acu.-17-01-2022.pdf&quot; target=&quot;_blank&quot;&gt;TEEC\/JDC\/25\/2021\/INC (SE COMUNICA RETIRO DE C\u00c9DULA Y NO COMPARECENCIA DE TERCERO INTERESADO)&lt;\/a&gt;\" data-order=\"&lt;a href=&quot;https:\/\/teec.org.mx\/web\/wp-content\/uploads\/2022\/01\/TEEC-JDC-25-2021-INC-4to-acu.-17-01-2022.pdf&quot; target=&quot;_blank&quot;&gt;TEEC\/JDC\/25\/2021\/INC (SE COMUNICA RETIRO DE C\u00c9DULA Y NO COMPARECENCIA DE TERCERO INTERESADO)&lt;\/a&gt;\" ><a href=\"https:\/\/teec.org.mx\/web\/wp-content\/uploads\/2022\/01\/TEEC-JDC-25-2021-INC-4to-acu.-17-01-2022.pdf\" target=\"_blank\">TEEC\/JDC\/25\/2021\/INC (SE COMUNICA RETIRO DE C\u00c9DULA Y NO COMPARECENCIA DE TERCERO INTERESADO)<\/a><\/td><\/tr><tr style=\"height:px\" ><td data-cell-id=\"A57\" data-x=\"0\" data-y=\"57\" data-db-index=\"57\" class=\"fsize-18\" data-cell-type=\"text\" data-original-value=\"17 DE ENERO DE 2022, A LAS 16:45 HORAS\" data-order=\"17 DE ENERO DE 2022, A LAS 16:45 HORAS\" >17 DE ENERO DE 2022, A LAS 16:45 HORAS <\/td><td data-cell-id=\"B57\" data-x=\"1\" data-y=\"57\" data-db-index=\"57\" class=\"fsize-18\" data-cell-type=\"text\" data-original-value=\"ON\u00c9SIMO DAR\u00cdO L\u00d3PEZ SOLIS, QUIEN SE OSTENTA COMO APODERADO LEGAL DEL H. AYUNTAMIENTO DEL MUNICIPIO DE TENABO, CAMPECHE\" data-order=\"ON\u00c9SIMO DAR\u00cdO L\u00d3PEZ SOLIS, QUIEN SE OSTENTA COMO APODERADO LEGAL DEL H. AYUNTAMIENTO DEL MUNICIPIO DE TENABO, CAMPECHE\" >ON\u00c9SIMO DAR\u00cdO L\u00d3PEZ SOLIS, QUIEN SE OSTENTA COMO APODERADO LEGAL DEL H. AYUNTAMIENTO DEL MUNICIPIO DE TENABO, CAMPECHE <\/td><td data-cell-id=\"C57\" data-x=\"2\" data-y=\"57\" data-db-index=\"57\" class=\"fsize-18\" data-cell-type=\"text\" data-original-value=\"TRIBUNAL ELECTORAL DEL ESTADO DE CAMPECHE\" data-order=\"TRIBUNAL ELECTORAL DEL ESTADO DE CAMPECHE\" >TRIBUNAL ELECTORAL DEL ESTADO DE CAMPECHE <\/td><td data-cell-id=\"D57\" data-x=\"3\" data-y=\"57\" data-db-index=\"57\" class=\"fsize-18\" data-cell-type=\"text\" data-original-value=\"&lt;a href=&quot;https:\/\/teec.org.mx\/web\/wp-content\/uploads\/2022\/01\/TEEC-JDC-25-2021-INC-3er-acu.-17-01-2022.pdf&quot; target=&quot;_blank&quot;&gt;TEEC\/JDC\/25\/2021\/INC (SE COMUNICA RETIRO DE C\u00c9DULA Y NO COMPARECENCIA DE TERCERO INTERESADO)&lt;\/a&gt;\" data-order=\"&lt;a href=&quot;https:\/\/teec.org.mx\/web\/wp-content\/uploads\/2022\/01\/TEEC-JDC-25-2021-INC-3er-acu.-17-01-2022.pdf&quot; target=&quot;_blank&quot;&gt;TEEC\/JDC\/25\/2021\/INC (SE COMUNICA RETIRO DE C\u00c9DULA Y NO COMPARECENCIA DE TERCERO INTERESADO)&lt;\/a&gt;\" ><a href=\"https:\/\/teec.org.mx\/web\/wp-content\/uploads\/2022\/01\/TEEC-JDC-25-2021-INC-3er-acu.-17-01-2022.pdf\" target=\"_blank\">TEEC\/JDC\/25\/2021\/INC (SE COMUNICA RETIRO DE C\u00c9DULA Y NO COMPARECENCIA DE TERCERO INTERESADO)<\/a><\/td><\/tr><tr style=\"height:px\" ><td data-cell-id=\"A58\" data-x=\"0\" data-y=\"58\" data-db-index=\"58\" class=\"fsize-18\" data-cell-type=\"text\" data-original-value=\"17 DE ENERO DE 2022, A LAS 16:35 HORAS\" data-order=\"17 DE ENERO DE 2022, A LAS 16:35 HORAS\" >17 DE ENERO DE 2022, A LAS 16:35 HORAS <\/td><td data-cell-id=\"B58\" data-x=\"1\" data-y=\"58\" data-db-index=\"58\" class=\"fsize-18\" data-cell-type=\"text\" data-original-value=\"YALE CHAN MOO, QUIEN SE OSTENTA COMO COMO CIUDADANO CAMPECHANO Y AGENTE MUNICIPAL DE LA LOCALIDAD DE SAN PEDRO CORRALCH\u00c9, DESIGNADO POR EL H. AYUNTAMIENTO DEL MUNICIPIO DE TENABO, ESTADO DE CAMPECHE\" data-order=\"YALE CHAN MOO, QUIEN SE OSTENTA COMO COMO CIUDADANO CAMPECHANO Y AGENTE MUNICIPAL DE LA LOCALIDAD DE SAN PEDRO CORRALCH\u00c9, DESIGNADO POR EL H. AYUNTAMIENTO DEL MUNICIPIO DE TENABO, ESTADO DE CAMPECHE\" >YALE CHAN MOO, QUIEN SE OSTENTA COMO COMO CIUDADANO CAMPECHANO Y AGENTE MUNICIPAL DE LA LOCALIDAD DE SAN PEDRO CORRALCH\u00c9, DESIGNADO POR EL H. AYUNTAMIENTO DEL MUNICIPIO DE TENABO, ESTADO DE CAMPECHE <\/td><td data-cell-id=\"C58\" data-x=\"2\" data-y=\"58\" data-db-index=\"58\" class=\"fsize-18\" data-cell-type=\"text\" data-original-value=\"TRIBUNAL ELECTORAL DEL ESTADO DE CAMPECHE\" data-order=\"TRIBUNAL ELECTORAL DEL ESTADO DE CAMPECHE\" >TRIBUNAL ELECTORAL DEL ESTADO DE CAMPECHE <\/td><td data-cell-id=\"D58\" data-x=\"3\" data-y=\"58\" data-db-index=\"58\" class=\"fsize-18\" data-cell-type=\"text\" data-original-value=\"&lt;a href=&quot;https:\/\/teec.org.mx\/web\/wp-content\/uploads\/2022\/01\/TEEC-JDC-25-2021-INC-2do-acu.-17-01-2022.pdf&quot; target=&quot;_blank&quot;&gt;TEEC\/JDC\/25\/2021\/INC (SE COMUNICA RETIRO DE C\u00c9DULA Y NO COMPARECENCIA DE TERCERO INTERESADO)&lt;\/a&gt;\" data-order=\"&lt;a href=&quot;https:\/\/teec.org.mx\/web\/wp-content\/uploads\/2022\/01\/TEEC-JDC-25-2021-INC-2do-acu.-17-01-2022.pdf&quot; target=&quot;_blank&quot;&gt;TEEC\/JDC\/25\/2021\/INC (SE COMUNICA RETIRO DE C\u00c9DULA Y NO COMPARECENCIA DE TERCERO INTERESADO)&lt;\/a&gt;\" ><a href=\"https:\/\/teec.org.mx\/web\/wp-content\/uploads\/2022\/01\/TEEC-JDC-25-2021-INC-2do-acu.-17-01-2022.pdf\" target=\"_blank\">TEEC\/JDC\/25\/2021\/INC (SE COMUNICA RETIRO DE C\u00c9DULA Y NO COMPARECENCIA DE TERCERO INTERESADO)<\/a><\/td><\/tr><tr style=\"height:px\" ><td data-cell-id=\"A59\" data-x=\"0\" data-y=\"59\" data-db-index=\"59\" class=\"fsize-18\" data-cell-type=\"text\" data-original-value=\"17 DE ENERO DE 2022, A LAS 16:25 HRS\" data-order=\"17 DE ENERO DE 2022, A LAS 16:25 HRS\" >17 DE ENERO DE 2022, A LAS 16:25 HRS <\/td><td data-cell-id=\"B59\" data-x=\"1\" data-y=\"59\" data-db-index=\"59\" class=\"fsize-18\" data-cell-type=\"text\" data-original-value=\"MARITZA DALILA EHU\u00c1N, QUIEN SE OSTENTA COMO COMO CIUDADANA CAMPECHANA Y AGENTE MUNICIPAL DE LA LOCALIDAD DE SANTA ROSA, DESIGNADA POR EL H. AYUNTAMIENTO DEL MUNICIPIO DE TENABO, ESTADO DE CAMPECHE\" data-order=\"MARITZA DALILA EHU\u00c1N, QUIEN SE OSTENTA COMO COMO CIUDADANA CAMPECHANA Y AGENTE MUNICIPAL DE LA LOCALIDAD DE SANTA ROSA, DESIGNADA POR EL H. AYUNTAMIENTO DEL MUNICIPIO DE TENABO, ESTADO DE CAMPECHE\" >MARITZA DALILA EHU\u00c1N, QUIEN SE OSTENTA COMO COMO CIUDADANA CAMPECHANA Y AGENTE MUNICIPAL DE LA LOCALIDAD DE SANTA ROSA, DESIGNADA POR EL H. AYUNTAMIENTO DEL MUNICIPIO DE TENABO, ESTADO DE CAMPECHE <\/td><td data-cell-id=\"C59\" data-x=\"2\" data-y=\"59\" data-db-index=\"59\" class=\"fsize-18\" data-cell-type=\"text\" data-original-value=\"TRIBUNAL ELECTORAL DEL ESTADO DE CAMPECHE\" data-order=\"TRIBUNAL ELECTORAL DEL ESTADO DE CAMPECHE\" >TRIBUNAL ELECTORAL DEL ESTADO DE CAMPECHE <\/td><td data-cell-id=\"D59\" data-x=\"3\" data-y=\"59\" data-db-index=\"59\" class=\"fsize-18\" data-cell-type=\"text\" data-original-value=\"&lt;a href=&quot;https:\/\/teec.org.mx\/web\/wp-content\/uploads\/2022\/01\/TEEC-JDC-25-2021-INC-1er-acu.-17-01-2022.pdf&quot; target=&quot;_blank&quot;&gt;TEEC\/JDC\/25\/2021\/INC (SE COMUNICA RETIRO DE C\u00c9DULA Y NO COMPARECENCIA DE TERCERO INTERESADO)&lt;\/a&gt;\" data-order=\"&lt;a href=&quot;https:\/\/teec.org.mx\/web\/wp-content\/uploads\/2022\/01\/TEEC-JDC-25-2021-INC-1er-acu.-17-01-2022.pdf&quot; target=&quot;_blank&quot;&gt;TEEC\/JDC\/25\/2021\/INC (SE COMUNICA RETIRO DE C\u00c9DULA Y NO COMPARECENCIA DE TERCERO INTERESADO)&lt;\/a&gt;\" ><a href=\"https:\/\/teec.org.mx\/web\/wp-content\/uploads\/2022\/01\/TEEC-JDC-25-2021-INC-1er-acu.-17-01-2022.pdf\" target=\"_blank\">TEEC\/JDC\/25\/2021\/INC (SE COMUNICA RETIRO DE C\u00c9DULA Y NO COMPARECENCIA DE TERCERO INTERESADO)<\/a><\/td><\/tr><tr style=\"height:px\" ><td data-cell-id=\"A60\" data-x=\"0\" data-y=\"60\" data-db-index=\"60\" class=\"fsize-18\" data-cell-type=\"text\" data-original-value=\"13 DE ENERO DE 2022, A LAS 17:00 HORAS\" data-order=\"13 DE ENERO DE 2022, A LAS 17:00 HORAS\" >13 DE ENERO DE 2022, A LAS 17:00 HORAS <\/td><td data-cell-id=\"B60\" data-x=\"1\" data-y=\"60\" data-db-index=\"60\" class=\"fsize-18\" data-cell-type=\"text\" data-original-value=\"ON\u00c9SIMO DAR\u00cdO L\u00d3PEZ SOL\u00cdS Y OTROS\" data-order=\"ON\u00c9SIMO DAR\u00cdO L\u00d3PEZ SOL\u00cdS Y OTROS\" >ON\u00c9SIMO DAR\u00cdO L\u00d3PEZ SOL\u00cdS Y OTROS <\/td><td data-cell-id=\"C60\" data-x=\"2\" data-y=\"60\" data-db-index=\"60\" class=\"fsize-18\" data-cell-type=\"text\" data-original-value=\"SALA REGIONAL DEL TRIBUNAL ELECTORAL DEL PODER JUDICIAL DE LA FEDERACI\u00d3N, CORRESPONDIENTE A LA TERCERA CIRCUNSCRIPCI\u00d3N PLURINOMINAL, CON SEDE EN XALAPA, VERACRUZ\" data-order=\"SALA REGIONAL DEL TRIBUNAL ELECTORAL DEL PODER JUDICIAL DE LA FEDERACI\u00d3N, CORRESPONDIENTE A LA TERCERA CIRCUNSCRIPCI\u00d3N PLURINOMINAL, CON SEDE EN XALAPA, VERACRUZ\" >SALA REGIONAL DEL TRIBUNAL ELECTORAL DEL PODER JUDICIAL DE LA FEDERACI\u00d3N, CORRESPONDIENTE A LA TERCERA CIRCUNSCRIPCI\u00d3N PLURINOMINAL, CON SEDE EN XALAPA, VERACRUZ <\/td><td data-cell-id=\"D60\" data-x=\"3\" data-y=\"60\" data-db-index=\"60\" class=\"fsize-18\" data-cell-type=\"text\" data-original-value=\"&lt;a href=&quot;https:\/\/teec.org.mx\/web\/wp-content\/uploads\/2022\/01\/TEEC-JDC-25-2021-INC-2do-acu.-13-01-2022.pdf&quot; target=&quot;_blank&quot;&gt;TEEC\/JDC\/25\/2021\/INC (SE TIENE POR NOTIFICADA ESTA AUTORIDAD DE LA SENTENCIA DE LA SALA SUPERIOR)&lt;\/a&gt;\" data-order=\"&lt;a href=&quot;https:\/\/teec.org.mx\/web\/wp-content\/uploads\/2022\/01\/TEEC-JDC-25-2021-INC-2do-acu.-13-01-2022.pdf&quot; target=&quot;_blank&quot;&gt;TEEC\/JDC\/25\/2021\/INC (SE TIENE POR NOTIFICADA ESTA AUTORIDAD DE LA SENTENCIA DE LA SALA SUPERIOR)&lt;\/a&gt;\" ><a href=\"https:\/\/teec.org.mx\/web\/wp-content\/uploads\/2022\/01\/TEEC-JDC-25-2021-INC-2do-acu.-13-01-2022.pdf\" target=\"_blank\">TEEC\/JDC\/25\/2021\/INC (SE TIENE POR NOTIFICADA ESTA AUTORIDAD DE LA SENTENCIA DE LA SALA SUPERIOR)<\/a><\/td><\/tr><tr style=\"height:px\" ><td data-cell-id=\"A61\" data-x=\"0\" data-y=\"61\" data-db-index=\"61\" class=\"fsize-18\" data-cell-type=\"text\" data-original-value=\"13 DE ENERO DE 2022, A LAS 13:05 HORAS\" data-order=\"13 DE ENERO DE 2022, A LAS 13:05 HORAS\" >13 DE ENERO DE 2022, A LAS 13:05 HORAS <\/td><td data-cell-id=\"B61\" data-x=\"1\" data-y=\"61\" data-db-index=\"61\" class=\"fsize-18\" data-cell-type=\"text\" data-original-value=\"JOS\u00c9 ANTONIO HAAS CHAN, QUIEN SE OSTENTA COMO ASPIRANTE A AGENTE MUNICIPAL DE KANKI, MUNICIPIO DE TENABO, CAMPECHE\" data-order=\"JOS\u00c9 ANTONIO HAAS CHAN, QUIEN SE OSTENTA COMO ASPIRANTE A AGENTE MUNICIPAL DE KANKI, MUNICIPIO DE TENABO, CAMPECHE\" >JOS\u00c9 ANTONIO HAAS CHAN, QUIEN SE OSTENTA COMO ASPIRANTE A AGENTE MUNICIPAL DE KANKI, MUNICIPIO DE TENABO, CAMPECHE <\/td><td data-cell-id=\"C61\" data-x=\"2\" data-y=\"61\" data-db-index=\"61\" class=\"fsize-18\" data-cell-type=\"text\" data-original-value=\"H. AYUNTAMIENTO DEL MUNICIPIO DE TENABO, CAMPECHE, KARLA DEL ROSARIO UC TUZ, PRESIDENTA DEL H. AYUNTAMIENTO DEL MUNICIPIO DE TENABO, CAMPECHE, ERICK DE LA CRUZ EUAN CAAMAL, SECRETARIO DEL H. AYUNTAMIENTO DEL MUNICIPIO DE TENABO, CAMPECHE\" data-order=\"H. AYUNTAMIENTO DEL MUNICIPIO DE TENABO, CAMPECHE, KARLA DEL ROSARIO UC TUZ, PRESIDENTA DEL H. AYUNTAMIENTO DEL MUNICIPIO DE TENABO, CAMPECHE, ERICK DE LA CRUZ EUAN CAAMAL, SECRETARIO DEL H. AYUNTAMIENTO DEL MUNICIPIO DE TENABO, CAMPECHE\" >H. AYUNTAMIENTO DEL MUNICIPIO DE TENABO, CAMPECHE, KARLA DEL ROSARIO UC TUZ, PRESIDENTA DEL H. AYUNTAMIENTO DEL MUNICIPIO DE TENABO, CAMPECHE, ERICK DE LA CRUZ EUAN CAAMAL, SECRETARIO DEL H. AYUNTAMIENTO DEL MUNICIPIO DE TENABO, CAMPECHE <\/td><td data-cell-id=\"D61\" data-x=\"3\" data-y=\"61\" data-db-index=\"61\" class=\"fsize-18\" data-cell-type=\"text\" data-original-value=\"&lt;a href=&quot;https:\/\/teec.org.mx\/web\/wp-content\/uploads\/2022\/01\/TEEC-JDC-25-2021-INC-13-01-2022.pdf&quot; target=&quot;_blank&quot;&gt;TEEC\/JDC\/25\/2021\/INC (SE FIJA FECHA Y HORA PARA SESI\u00d3N PUBLICA VIRTUAL)&lt;\/a&gt;\" data-order=\"&lt;a href=&quot;https:\/\/teec.org.mx\/web\/wp-content\/uploads\/2022\/01\/TEEC-JDC-25-2021-INC-13-01-2022.pdf&quot; target=&quot;_blank&quot;&gt;TEEC\/JDC\/25\/2021\/INC (SE FIJA FECHA Y HORA PARA SESI\u00d3N PUBLICA VIRTUAL)&lt;\/a&gt;\" ><a href=\"https:\/\/teec.org.mx\/web\/wp-content\/uploads\/2022\/01\/TEEC-JDC-25-2021-INC-13-01-2022.pdf\" target=\"_blank\">TEEC\/JDC\/25\/2021\/INC (SE FIJA FECHA Y HORA PARA SESI\u00d3N PUBLICA VIRTUAL)<\/a><\/td><\/tr><tr style=\"height:px\" ><td data-cell-id=\"A62\" data-x=\"0\" data-y=\"62\" data-db-index=\"62\" class=\"fsize-18\" data-cell-type=\"text\" data-original-value=\"12 DE ENERO DE 2022, A LAS 16:00 HORAS\" data-order=\"12 DE ENERO DE 2022, A LAS 16:00 HORAS\" >12 DE ENERO DE 2022, A LAS 16:00 HORAS <\/td><td data-cell-id=\"B62\" data-x=\"1\" data-y=\"62\" data-db-index=\"62\" class=\"fsize-18\" data-cell-type=\"text\" data-original-value=\"GRICERIO ESCAMILLA TUZ, QUIEN SE OSTENTA COMO COMO CIUDADANO CAMPECHANO Y AGENTE MUNICIPAL DE LA LOCALIDAD DE SANTA RITA CORRALCH\u00c9, DESIGNADO POR EL H. AYUNTAMIENTO DEL MUNICIPIO DE TENABO, ESTADO DE CAMPECHE\" data-order=\"GRICERIO ESCAMILLA TUZ, QUIEN SE OSTENTA COMO COMO CIUDADANO CAMPECHANO Y AGENTE MUNICIPAL DE LA LOCALIDAD DE SANTA RITA CORRALCH\u00c9, DESIGNADO POR EL H. AYUNTAMIENTO DEL MUNICIPIO DE TENABO, ESTADO DE CAMPECHE\" >GRICERIO ESCAMILLA TUZ, QUIEN SE OSTENTA COMO COMO CIUDADANO CAMPECHANO Y AGENTE MUNICIPAL DE LA LOCALIDAD DE SANTA RITA CORRALCH\u00c9, DESIGNADO POR EL H. AYUNTAMIENTO DEL MUNICIPIO DE TENABO, ESTADO DE CAMPECHE <\/td><td data-cell-id=\"C62\" data-x=\"2\" data-y=\"62\" data-db-index=\"62\" class=\"fsize-18\" data-cell-type=\"text\" data-original-value=\"TRIBUNAL ELECTORAL DEL ESTADO DE CAMPECHE\" data-order=\"TRIBUNAL ELECTORAL DEL ESTADO DE CAMPECHE\" >TRIBUNAL ELECTORAL DEL ESTADO DE CAMPECHE <\/td><td data-cell-id=\"D62\" data-x=\"3\" data-y=\"62\" data-db-index=\"62\" class=\"fsize-18\" data-cell-type=\"text\" data-original-value=\"&lt;a href=&quot;https:\/\/teec.org.mx\/web\/wp-content\/uploads\/2022\/01\/TEEC-JDC-25-2021-INC-6to-acu.-12-01-2022.pdf&quot; target=&quot;_blank&quot;&gt;TEEC\/JDC\/25\/2021\/INC (TRAMITE DE MEDIO IMPUGNACI\u00d3N FEDERAL)&lt;\/a&gt;\" data-order=\"&lt;a href=&quot;https:\/\/teec.org.mx\/web\/wp-content\/uploads\/2022\/01\/TEEC-JDC-25-2021-INC-6to-acu.-12-01-2022.pdf&quot; target=&quot;_blank&quot;&gt;TEEC\/JDC\/25\/2021\/INC (TRAMITE DE MEDIO IMPUGNACI\u00d3N FEDERAL)&lt;\/a&gt;\" ><a href=\"https:\/\/teec.org.mx\/web\/wp-content\/uploads\/2022\/01\/TEEC-JDC-25-2021-INC-6to-acu.-12-01-2022.pdf\" target=\"_blank\">TEEC\/JDC\/25\/2021\/INC (TRAMITE DE MEDIO IMPUGNACI\u00d3N FEDERAL)<\/a><\/td><\/tr><tr style=\"height:px\" ><td data-cell-id=\"A63\" data-x=\"0\" data-y=\"63\" data-db-index=\"63\" class=\"fsize-18\" data-cell-type=\"text\" data-original-value=\"12 DE ENERO DE 2022, A LAS 15:55 HORAS\" data-order=\"12 DE ENERO DE 2022, A LAS 15:55 HORAS\" >12 DE ENERO DE 2022, A LAS 15:55 HORAS <\/td><td data-cell-id=\"B63\" data-x=\"1\" data-y=\"63\" data-db-index=\"63\" class=\"fsize-18\" data-cell-type=\"text\" data-original-value=\"GASPAR EFRAIN CHAN ORD\u00d3\u00d1EZ, QUIEN SE OSTENTA COMO COMO CIUDADANO CAMPECHANO Y AGENTE MUNICIPAL DE LA LOCALIDAD DE KANK\u00cd, DESIGNADO POR EL H. AYUNTAMIENTO DEL MUNICIPIO DE TENABO, ESTADO DE CAMPECHE\" data-order=\"GASPAR EFRAIN CHAN ORD\u00d3\u00d1EZ, QUIEN SE OSTENTA COMO COMO CIUDADANO CAMPECHANO Y AGENTE MUNICIPAL DE LA LOCALIDAD DE KANK\u00cd, DESIGNADO POR EL H. AYUNTAMIENTO DEL MUNICIPIO DE TENABO, ESTADO DE CAMPECHE\" >GASPAR EFRAIN CHAN ORD\u00d3\u00d1EZ, QUIEN SE OSTENTA COMO COMO CIUDADANO CAMPECHANO Y AGENTE MUNICIPAL DE LA LOCALIDAD DE KANK\u00cd, DESIGNADO POR EL H. AYUNTAMIENTO DEL MUNICIPIO DE TENABO, ESTADO DE CAMPECHE <\/td><td data-cell-id=\"C63\" data-x=\"2\" data-y=\"63\" data-db-index=\"63\" class=\"fsize-18\" data-cell-type=\"text\" data-original-value=\"TRIBUNAL ELECTORAL DEL ESTADO DE CAMPECHE\" data-order=\"TRIBUNAL ELECTORAL DEL ESTADO DE CAMPECHE\" >TRIBUNAL ELECTORAL DEL ESTADO DE CAMPECHE <\/td><td data-cell-id=\"D63\" data-x=\"3\" data-y=\"63\" data-db-index=\"63\" class=\"fsize-18\" data-cell-type=\"text\" data-original-value=\"&lt;a href=&quot;https:\/\/teec.org.mx\/web\/wp-content\/uploads\/2022\/01\/TEEC-JDC-25-2021-INC-5to-acu.-12-01-2022.pdf&quot; target=&quot;_blank&quot;&gt;TEEC\/JDC\/25\/2021\/INC (TRAMITE DE MEDIO IMPUGNACI\u00d3N FEDERAL)&lt;\/a&gt;\" data-order=\"&lt;a href=&quot;https:\/\/teec.org.mx\/web\/wp-content\/uploads\/2022\/01\/TEEC-JDC-25-2021-INC-5to-acu.-12-01-2022.pdf&quot; target=&quot;_blank&quot;&gt;TEEC\/JDC\/25\/2021\/INC (TRAMITE DE MEDIO IMPUGNACI\u00d3N FEDERAL)&lt;\/a&gt;\" ><a href=\"https:\/\/teec.org.mx\/web\/wp-content\/uploads\/2022\/01\/TEEC-JDC-25-2021-INC-5to-acu.-12-01-2022.pdf\" target=\"_blank\">TEEC\/JDC\/25\/2021\/INC (TRAMITE DE MEDIO IMPUGNACI\u00d3N FEDERAL)<\/a><\/td><\/tr><tr style=\"height:px\" ><td data-cell-id=\"A64\" data-x=\"0\" data-y=\"64\" data-db-index=\"64\" class=\"fsize-18\" data-cell-type=\"text\" data-original-value=\"12 DE ENERO DE 2022, A LAS 15:50 HORAS\" data-order=\"12 DE ENERO DE 2022, A LAS 15:50 HORAS\" >12 DE ENERO DE 2022, A LAS 15:50 HORAS <\/td><td data-cell-id=\"B64\" data-x=\"1\" data-y=\"64\" data-db-index=\"64\" class=\"fsize-18\" data-cell-type=\"text\" data-original-value=\"JUAN FRANCISCO VELUETA M\u00c9NDEZ, QUIEN SE OSTENTA COMO COMO CIUDADANO CAMPECHANO Y AGENTE MUNICIPAL DE LA LOCALIDAD DE X\u00b4KUMCHEIL, DESIGNADO POR EL H. AYUNTAMIENTO DEL MUNICIPIO DE TENABO, ESTADO DE CAMPECHE\" data-order=\"JUAN FRANCISCO VELUETA M\u00c9NDEZ, QUIEN SE OSTENTA COMO COMO CIUDADANO CAMPECHANO Y AGENTE MUNICIPAL DE LA LOCALIDAD DE X\u00b4KUMCHEIL, DESIGNADO POR EL H. AYUNTAMIENTO DEL MUNICIPIO DE TENABO, ESTADO DE CAMPECHE\" >JUAN FRANCISCO VELUETA M\u00c9NDEZ, QUIEN SE OSTENTA COMO COMO CIUDADANO CAMPECHANO Y AGENTE MUNICIPAL DE LA LOCALIDAD DE X\u00b4KUMCHEIL, DESIGNADO POR EL H. AYUNTAMIENTO DEL MUNICIPIO DE TENABO, ESTADO DE CAMPECHE <\/td><td data-cell-id=\"C64\" data-x=\"2\" data-y=\"64\" data-db-index=\"64\" class=\"fsize-18\" data-cell-type=\"text\" data-original-value=\"TRIBUNAL ELECTORAL DEL ESTADO DE CAMPECHE\" data-order=\"TRIBUNAL ELECTORAL DEL ESTADO DE CAMPECHE\" >TRIBUNAL ELECTORAL DEL ESTADO DE CAMPECHE <\/td><td data-cell-id=\"D64\" data-x=\"3\" data-y=\"64\" data-db-index=\"64\" class=\"fsize-18\" data-cell-type=\"text\" data-original-value=\"&lt;a href=&quot;https:\/\/teec.org.mx\/web\/wp-content\/uploads\/2022\/01\/TEEC-JDC-25-2021-INC-4to-acu.-12-01-2022.pdf&quot; target=&quot;_blank&quot;&gt;TEEC\/JDC\/25\/2021\/INC (TRAMITE DE MEDIO IMPUGNACI\u00d3N FEDERAL)&lt;\/a&gt;\" data-order=\"&lt;a href=&quot;https:\/\/teec.org.mx\/web\/wp-content\/uploads\/2022\/01\/TEEC-JDC-25-2021-INC-4to-acu.-12-01-2022.pdf&quot; target=&quot;_blank&quot;&gt;TEEC\/JDC\/25\/2021\/INC (TRAMITE DE MEDIO IMPUGNACI\u00d3N FEDERAL)&lt;\/a&gt;\" ><a href=\"https:\/\/teec.org.mx\/web\/wp-content\/uploads\/2022\/01\/TEEC-JDC-25-2021-INC-4to-acu.-12-01-2022.pdf\" target=\"_blank\">TEEC\/JDC\/25\/2021\/INC (TRAMITE DE MEDIO IMPUGNACI\u00d3N FEDERAL)<\/a><\/td><\/tr><tr style=\"height:px\" ><td data-cell-id=\"A65\" data-x=\"0\" data-y=\"65\" data-db-index=\"65\" class=\"fsize-18\" data-cell-type=\"text\" data-original-value=\"12 DE ENERO DE 2022, A LAS 15:45 HORAS\" data-order=\"12 DE ENERO DE 2022, A LAS 15:45 HORAS\" >12 DE ENERO DE 2022, A LAS 15:45 HORAS <\/td><td data-cell-id=\"B65\" data-x=\"1\" data-y=\"65\" data-db-index=\"65\" class=\"fsize-18\" data-cell-type=\"text\" data-original-value=\"ON\u00c9SIMO DAR\u00cdO L\u00d3PEZ SOLIS, QUIEN SE OSTENTA COMO APODERADO LEGAL DEL H. AYUNTAMIENTO DEL MUNICIPIO DE TENABO, CAMPECHE\" data-order=\"ON\u00c9SIMO DAR\u00cdO L\u00d3PEZ SOLIS, QUIEN SE OSTENTA COMO APODERADO LEGAL DEL H. AYUNTAMIENTO DEL MUNICIPIO DE TENABO, CAMPECHE\" >ON\u00c9SIMO DAR\u00cdO L\u00d3PEZ SOLIS, QUIEN SE OSTENTA COMO APODERADO LEGAL DEL H. AYUNTAMIENTO DEL MUNICIPIO DE TENABO, CAMPECHE <\/td><td data-cell-id=\"C65\" data-x=\"2\" data-y=\"65\" data-db-index=\"65\" class=\"fsize-18\" data-cell-type=\"text\" data-original-value=\"TRIBUNAL ELECTORAL DEL ESTADO DE CAMPECHE\" data-order=\"TRIBUNAL ELECTORAL DEL ESTADO DE CAMPECHE\" >TRIBUNAL ELECTORAL DEL ESTADO DE CAMPECHE <\/td><td data-cell-id=\"D65\" data-x=\"3\" data-y=\"65\" data-db-index=\"65\" class=\"fsize-18\" data-cell-type=\"text\" data-original-value=\"&lt;a href=&quot;https:\/\/teec.org.mx\/web\/wp-content\/uploads\/2022\/01\/TEEC-JDC-25-2021-INC-3er-acu.-12-01-2022.pdf&quot; target=&quot;_blank&quot;&gt;TEEC\/JDC\/25\/2021\/INC (TRAMITE DE MEDIO IMPUGNACI\u00d3N FEDERAL)&lt;\/a&gt;\" data-order=\"&lt;a href=&quot;https:\/\/teec.org.mx\/web\/wp-content\/uploads\/2022\/01\/TEEC-JDC-25-2021-INC-3er-acu.-12-01-2022.pdf&quot; target=&quot;_blank&quot;&gt;TEEC\/JDC\/25\/2021\/INC (TRAMITE DE MEDIO IMPUGNACI\u00d3N FEDERAL)&lt;\/a&gt;\" ><a href=\"https:\/\/teec.org.mx\/web\/wp-content\/uploads\/2022\/01\/TEEC-JDC-25-2021-INC-3er-acu.-12-01-2022.pdf\" target=\"_blank\">TEEC\/JDC\/25\/2021\/INC (TRAMITE DE MEDIO IMPUGNACI\u00d3N FEDERAL)<\/a><\/td><\/tr><tr style=\"height:px\" ><td data-cell-id=\"A66\" data-x=\"0\" data-y=\"66\" data-db-index=\"66\" class=\"fsize-18\" data-cell-type=\"text\" data-original-value=\"12 DE ENERO DE 2022, A LAS 15:40 HORAS\" data-order=\"12 DE ENERO DE 2022, A LAS 15:40 HORAS\" >12 DE ENERO DE 2022, A LAS 15:40 HORAS <\/td><td data-cell-id=\"B66\" data-x=\"1\" data-y=\"66\" data-db-index=\"66\" class=\"fsize-18\" data-cell-type=\"text\" data-original-value=\"YALE CHAN MOO, QUIEN SE OSTENTA COMO COMO CIUDADANO CAMPECHANO Y AGENTE MUNICIPAL DE LA LOCALIDAD DE SAN PEDRO CORRALCH\u00c9, DESIGNADO POR EL H. AYUNTAMIENTO DEL MUNICIPIO DE TENABO, ESTADO DE CAMPECHE\" data-order=\"YALE CHAN MOO, QUIEN SE OSTENTA COMO COMO CIUDADANO CAMPECHANO Y AGENTE MUNICIPAL DE LA LOCALIDAD DE SAN PEDRO CORRALCH\u00c9, DESIGNADO POR EL H. AYUNTAMIENTO DEL MUNICIPIO DE TENABO, ESTADO DE CAMPECHE\" >YALE CHAN MOO, QUIEN SE OSTENTA COMO COMO CIUDADANO CAMPECHANO Y AGENTE MUNICIPAL DE LA LOCALIDAD DE SAN PEDRO CORRALCH\u00c9, DESIGNADO POR EL H. AYUNTAMIENTO DEL MUNICIPIO DE TENABO, ESTADO DE CAMPECHE <\/td><td data-cell-id=\"C66\" data-x=\"2\" data-y=\"66\" data-db-index=\"66\" class=\"fsize-18\" data-cell-type=\"text\" data-original-value=\"TRIBUNAL ELECTORAL DEL ESTADO DE CAMPECHE\" data-order=\"TRIBUNAL ELECTORAL DEL ESTADO DE CAMPECHE\" >TRIBUNAL ELECTORAL DEL ESTADO DE CAMPECHE <\/td><td data-cell-id=\"D66\" data-x=\"3\" data-y=\"66\" data-db-index=\"66\" class=\"fsize-18\" data-cell-type=\"text\" data-original-value=\"&lt;a href=&quot;https:\/\/teec.org.mx\/web\/wp-content\/uploads\/2022\/01\/TEEC-JDC-25-2021-INC-2do-acu.-12-01-2022.pdf&quot; target=&quot;_blank&quot;&gt;TEEC\/JDC\/25\/2021\/INC (TRAMITE DE MEDIO IMPUGNACI\u00d3N FEDERAL)&lt;\/a&gt;\" data-order=\"&lt;a href=&quot;https:\/\/teec.org.mx\/web\/wp-content\/uploads\/2022\/01\/TEEC-JDC-25-2021-INC-2do-acu.-12-01-2022.pdf&quot; target=&quot;_blank&quot;&gt;TEEC\/JDC\/25\/2021\/INC (TRAMITE DE MEDIO IMPUGNACI\u00d3N FEDERAL)&lt;\/a&gt;\" ><a href=\"https:\/\/teec.org.mx\/web\/wp-content\/uploads\/2022\/01\/TEEC-JDC-25-2021-INC-2do-acu.-12-01-2022.pdf\" target=\"_blank\">TEEC\/JDC\/25\/2021\/INC (TRAMITE DE MEDIO IMPUGNACI\u00d3N FEDERAL)<\/a><\/td><\/tr><tr style=\"height:px\" ><td data-cell-id=\"A67\" data-x=\"0\" data-y=\"67\" data-db-index=\"67\" class=\"fsize-18\" data-cell-type=\"text\" data-original-value=\"12 DE ENERO DE 2022, A LAS 15:20 HORAS\" data-order=\"12 DE ENERO DE 2022, A LAS 15:20 HORAS\" >12 DE ENERO DE 2022, A LAS 15:20 HORAS <\/td><td data-cell-id=\"B67\" data-x=\"1\" data-y=\"67\" data-db-index=\"67\" class=\"fsize-18\" data-cell-type=\"text\" data-original-value=\"MARITZA DALILA EHU\u00c1N, QUIEN SE OSTENTA COMO COMO CIUDADANA CAMPECHANA Y AGENTE MUNICIPAL DE LA LOCALIDAD DE SANTA ROSA, DESIGNADA POR EL H. AYUNTAMIENTO DEL MUNICIPIO DE TENABO, ESTADO DE CAMPECHE\" data-order=\"MARITZA DALILA EHU\u00c1N, QUIEN SE OSTENTA COMO COMO CIUDADANA CAMPECHANA Y AGENTE MUNICIPAL DE LA LOCALIDAD DE SANTA ROSA, DESIGNADA POR EL H. AYUNTAMIENTO DEL MUNICIPIO DE TENABO, ESTADO DE CAMPECHE\" >MARITZA DALILA EHU\u00c1N, QUIEN SE OSTENTA COMO COMO CIUDADANA CAMPECHANA Y AGENTE MUNICIPAL DE LA LOCALIDAD DE SANTA ROSA, DESIGNADA POR EL H. AYUNTAMIENTO DEL MUNICIPIO DE TENABO, ESTADO DE CAMPECHE <\/td><td data-cell-id=\"C67\" data-x=\"2\" data-y=\"67\" data-db-index=\"67\" class=\"fsize-18\" data-cell-type=\"text\" data-original-value=\"TRIBUNAL ELECTORAL DEL ESTADO DE CAMPECHE\" data-order=\"TRIBUNAL ELECTORAL DEL ESTADO DE CAMPECHE\" >TRIBUNAL ELECTORAL DEL ESTADO DE CAMPECHE <\/td><td data-cell-id=\"D67\" data-x=\"3\" data-y=\"67\" data-db-index=\"67\" class=\"fsize-18\" data-cell-type=\"text\" data-original-value=\"&lt;a href=&quot;https:\/\/teec.org.mx\/web\/wp-content\/uploads\/2022\/01\/TEEC-JDC-25-2021-INC-1er-acu.-12-01-2022.pdf&quot; target=&quot;_blank&quot;&gt;TEEC\/JDC\/25\/2021\/INC (TRAMITE DE MEDIO DE IMPUGNACI\u00d3N FEDERAL)&lt;\/a&gt;\" data-order=\"&lt;a href=&quot;https:\/\/teec.org.mx\/web\/wp-content\/uploads\/2022\/01\/TEEC-JDC-25-2021-INC-1er-acu.-12-01-2022.pdf&quot; target=&quot;_blank&quot;&gt;TEEC\/JDC\/25\/2021\/INC (TRAMITE DE MEDIO DE IMPUGNACI\u00d3N FEDERAL)&lt;\/a&gt;\" ><a href=\"https:\/\/teec.org.mx\/web\/wp-content\/uploads\/2022\/01\/TEEC-JDC-25-2021-INC-1er-acu.-12-01-2022.pdf\" target=\"_blank\">TEEC\/JDC\/25\/2021\/INC (TRAMITE DE MEDIO DE IMPUGNACI\u00d3N FEDERAL)<\/a><\/td><\/tr><tr style=\"height:px\" ><td data-cell-id=\"A68\" data-x=\"0\" data-y=\"68\" data-db-index=\"68\" class=\"fsize-18\" data-cell-type=\"text\" data-original-value=\"12 DE ENERO DE 2022, A LAS 11:20 HORAS\" data-order=\"12 DE ENERO DE 2022, A LAS 11:20 HORAS\" >12 DE ENERO DE 2022, A LAS 11:20 HORAS <\/td><td data-cell-id=\"B68\" data-x=\"1\" data-y=\"68\" data-db-index=\"68\" class=\"fsize-18\" data-cell-type=\"text\" data-original-value=\"AYUNTAMIENTO DE TENABO, CAMPECHE, OTRA Y OTROS\" data-order=\"AYUNTAMIENTO DE TENABO, CAMPECHE, OTRA Y OTROS\" >AYUNTAMIENTO DE TENABO, CAMPECHE, OTRA Y OTROS <\/td><td data-cell-id=\"C68\" data-x=\"2\" data-y=\"68\" data-db-index=\"68\" class=\"fsize-18\" data-cell-type=\"text\" data-original-value=\"TRIBUNAL ELECTORAL DEL ESTADO DE CAMPECHE\" data-order=\"TRIBUNAL ELECTORAL DEL ESTADO DE CAMPECHE\" >TRIBUNAL ELECTORAL DEL ESTADO DE CAMPECHE <\/td><td data-cell-id=\"D68\" data-x=\"3\" data-y=\"68\" data-db-index=\"68\" class=\"fsize-18\" data-cell-type=\"text\" data-original-value=\"&lt;a href=&quot;https:\/\/teec.org.mx\/web\/wp-content\/uploads\/2022\/01\/TEEC-JDC-25-2021-INC-12-01-2022.pdf&quot; target=&quot;_blank&quot;&gt;TEEC\/JDC\/25\/2021\/INC (SE TIENE POR NOTIFICADO ESTE ORGANO JURISDICCIONAL LOCAL, LA SENTENCIA DE LA SALA REGIONAL)&lt;\/a&gt;\" data-order=\"&lt;a href=&quot;https:\/\/teec.org.mx\/web\/wp-content\/uploads\/2022\/01\/TEEC-JDC-25-2021-INC-12-01-2022.pdf&quot; target=&quot;_blank&quot;&gt;TEEC\/JDC\/25\/2021\/INC (SE TIENE POR NOTIFICADO ESTE ORGANO JURISDICCIONAL LOCAL, LA SENTENCIA DE LA SALA REGIONAL)&lt;\/a&gt;\" ><a href=\"https:\/\/teec.org.mx\/web\/wp-content\/uploads\/2022\/01\/TEEC-JDC-25-2021-INC-12-01-2022.pdf\" target=\"_blank\">TEEC\/JDC\/25\/2021\/INC (SE TIENE POR NOTIFICADO ESTE ORGANO JURISDICCIONAL LOCAL, LA SENTENCIA DE LA SALA REGIONAL)<\/a><\/td><\/tr><\/tbody><\/table><!-- \/#supsystic-table-69.supsystic-table --><div class=\"stbConditionsData\" ><\/div><\/div><!-- \/.supsystic-tables-wrap --><!-- Tables Generator by Supsystic --><!-- Version:1.10.47 --><!-- http:\/\/supsystic.com\/ --><a title=\"WordPress Responsive Table\" style=\"display:none;\" href=\"https:\/\/supsystic.com\/plugins\/wordpress-data-table-plugin\/?utm_medium=love_link\" target=\"_blank\">WordPress Responsive Table<\/a><\/p>\n<p>&nbsp;<\/p>\n","protected":false},"excerpt":{"rendered":"<p>Cuaderno Incidental 2022 &nbsp; &nbsp;<\/p>\n","protected":false},"author":1,"featured_media":0,"parent":0,"menu_order":0,"comment_status":"closed","ping_status":"closed","template":"","meta":{"footnotes":""},"yst_prominent_words":[],"_links":{"self":[{"href":"https:\/\/teec.org.mx\/web\/wp-json\/wp\/v2\/pages\/14705"}],"collection":[{"href":"https:\/\/teec.org.mx\/web\/wp-json\/wp\/v2\/pages"}],"about":[{"href":"https:\/\/teec.org.mx\/web\/wp-json\/wp\/v2\/types\/page"}],"author":[{"embeddable":true,"href":"https:\/\/teec.org.mx\/web\/wp-json\/wp\/v2\/users\/1"}],"replies":[{"embeddable":true,"href":"https:\/\/teec.org.mx\/web\/wp-json\/wp\/v2\/comments?post=14705"}],"version-history":[{"count":1,"href":"https:\/\/teec.org.mx\/web\/wp-json\/wp\/v2\/pages\/14705\/revisions"}],"predecessor-version":[{"id":14706,"href":"https:\/\/teec.org.mx\/web\/wp-json\/wp\/v2\/pages\/14705\/revisions\/14706"}],"wp:attachment":[{"href":"https:\/\/teec.org.mx\/web\/wp-json\/wp\/v2\/media?parent=14705"}],"wp:term":[{"taxonomy":"yst_prominent_words","embeddable":true,"href":"https:\/\/teec.org.mx\/web\/wp-json\/wp\/v2\/yst_prominent_words?post=14705"}],"curies":[{"name":"wp","href":"https:\/\/api.w.org\/{rel}","templated":true}]}}