{"id":14747,"date":"2022-01-13T14:33:13","date_gmt":"2022-01-13T20:33:13","guid":{"rendered":"https:\/\/teec.org.mx\/web\/?page_id=14747"},"modified":"2022-01-13T14:33:50","modified_gmt":"2022-01-13T20:33:50","slug":"expedientillos-2022","status":"publish","type":"page","link":"https:\/\/teec.org.mx\/web\/expedientillos-2022\/","title":{"rendered":"Expedientillos 2022"},"content":{"rendered":"\n<h3 class=\"has-text-align-center wp-block-heading\">Expedientillos 2022<\/h3>\n\n\n\n<p>&nbsp;<\/p>\n<p style=\"text-align: center;\"><div class=\"supsystic-table-loader la-ball-beat la-2x\" style=\"color:#000000\"><div><\/div><div><\/div><div><\/div><\/div><div id=\"supsystic-table-71_6155\" class=\"supsystic-tables-wrap pagination-small\" style=\" width:100%; visibility: hidden; \" data-table-width-fixed=\"100%\" data-table-width-mobile=\"100%\" ><div class=\"supsystic-tables-features\"><\/div><table id=\"supsystic-table-71\" class=\"supsystic-table border cell-border\" data-id=\"71\" data-view-id=\"71_6155\" data-title=\"Expedientillos 2022\" data-currency-format=\"$1,000.00\" data-percent-format=\"10.00%\" data-date-format=\"DD.MM.YYYY\" data-time-format=\"HH:mm\" data-features=\"[&quot;info&quot;,&quot;paging&quot;,&quot;searching&quot;,&quot;after_table_loaded_script&quot;,&quot;import&quot;]\" data-search-value=\"\" data-head=\"on\" data-head-rows-count=\"1\" data-pagination-length=\"10,25,50,100,All\" data-auto-index=\"off\" data-searching-settings=\"{&quot;columnSearchPosition&quot;:&quot;bottom&quot;,&quot;minChars&quot;:&quot;0&quot;}\" data-lang=\"Spanish\" data-override=\"{&quot;emptyTable&quot;:&quot;&quot;,&quot;info&quot;:&quot;&quot;,&quot;infoEmpty&quot;:&quot;&quot;,&quot;infoFiltered&quot;:&quot;&quot;,&quot;lengthMenu&quot;:&quot;&quot;,&quot;search&quot;:&quot;&quot;,&quot;zeroRecords&quot;:&quot;&quot;,&quot;exportLabel&quot;:&quot;&quot;,&quot;file&quot;:&quot;Spanish&quot;}\" data-merged=\"[]\" data-responsive-mode=\"0\" data-from-history=\"0\" ><thead><tr><th data-cell-id=\"A1\" data-x=\"0\" data-y=\"1\" data-db-index=\"1\" class=\"bg-d49820 bold htCenter color-f7f4f7 fsize-18\" data-cell-type=\"text\" data-original-value=\"FECHA Y HORA DE NOTIFICACI\u00d3N\" data-order=\"FECHA Y HORA DE NOTIFICACI\u00d3N\" style=\"min-width:26.7318%; \" >FECHA Y HORA DE NOTIFICACI\u00d3N <\/th><th data-cell-id=\"B1\" data-x=\"1\" data-y=\"1\" data-db-index=\"1\" class=\"bg-d49820 bold htCenter color-f7f4f7 fsize-18\" data-cell-type=\"text\" data-original-value=\"ACTOR\" data-order=\"ACTOR\" style=\"min-width:42.7176%; \" >ACTOR <\/th><th data-cell-id=\"C1\" data-x=\"2\" data-y=\"1\" data-db-index=\"1\" class=\"bg-d49820 bold htCenter color-f7f4f7 fsize-18\" data-cell-type=\"text\" data-original-value=\"ARCHIVO\" data-order=\"ARCHIVO\" style=\"min-width:30.5506%; \" >ARCHIVO <\/th><\/tr><\/thead><tbody><tr style=\"height:px\" ><td data-cell-id=\"A2\" data-x=\"0\" data-y=\"2\" data-db-index=\"2\" class=\"fsize-18\" data-cell-type=\"text\" data-original-value=\"22 DE DICIEMBRE DE 2022, A LAS 14:40 HORAS\" data-order=\"22 DE DICIEMBRE DE 2022, A LAS 14:40 HORAS\" >22 DE DICIEMBRE DE 2022, A LAS 14:40 HORAS <\/td><td data-cell-id=\"B2\" data-x=\"1\" data-y=\"2\" data-db-index=\"2\" class=\"fsize-18\" data-cell-type=\"text\" data-original-value=\"INSTITUTO ELECTORAL DEL ESTADO DE CAMPECHE\" data-order=\"INSTITUTO ELECTORAL DEL ESTADO DE CAMPECHE\" >INSTITUTO ELECTORAL DEL ESTADO DE CAMPECHE <\/td><td data-cell-id=\"C2\" data-x=\"2\" data-y=\"2\" data-db-index=\"2\" class=\"fsize-18\" data-cell-type=\"text\" data-original-value=\"&lt;a href=&quot;https:\/\/teec.org.mx\/web\/wp-content\/uploads\/2022\/12\/TEEC-EXP-11-2022-22-12-2022.pdf&quot; target=&quot;_blank&quot;&gt;TEEC\/EXP\/11\/2022 (ACUERDO DE TR\u00c1MITE)&lt;\/a&gt;\" data-order=\"&lt;a href=&quot;https:\/\/teec.org.mx\/web\/wp-content\/uploads\/2022\/12\/TEEC-EXP-11-2022-22-12-2022.pdf&quot; target=&quot;_blank&quot;&gt;TEEC\/EXP\/11\/2022 (ACUERDO DE TR\u00c1MITE)&lt;\/a&gt;\" ><a href=\"https:\/\/teec.org.mx\/web\/wp-content\/uploads\/2022\/12\/TEEC-EXP-11-2022-22-12-2022.pdf\" target=\"_blank\">TEEC\/EXP\/11\/2022 (ACUERDO DE TR\u00c1MITE)<\/a><\/td><\/tr><tr style=\"height:px\" ><td data-cell-id=\"A3\" data-x=\"0\" data-y=\"3\" data-db-index=\"3\" class=\"fsize-18\" data-cell-type=\"text\" data-original-value=\"07 DE DICIEMBRE DE 2022, A LAS 12:00 HORAS\" data-order=\"07 DE DICIEMBRE DE 2022, A LAS 12:00 HORAS\" >07 DE DICIEMBRE DE 2022, A LAS 12:00 HORAS <\/td><td data-cell-id=\"B3\" data-x=\"1\" data-y=\"3\" data-db-index=\"3\" class=\"fsize-18\" data-cell-type=\"text\" data-original-value=\"ERICK ALEJANDRO REYES LE\u00d3N, REPRESENTANTE PROPIETARIO DEL PARTIDO POL\u00cdTICO MORENA EN EL ESTADO DE CAMPECHE\" data-order=\"ERICK ALEJANDRO REYES LE\u00d3N, REPRESENTANTE PROPIETARIO DEL PARTIDO POL\u00cdTICO MORENA EN EL ESTADO DE CAMPECHE\" >ERICK ALEJANDRO REYES LE\u00d3N, REPRESENTANTE PROPIETARIO DEL PARTIDO POL\u00cdTICO MORENA EN EL ESTADO DE CAMPECHE <\/td><td data-cell-id=\"C3\" data-x=\"2\" data-y=\"3\" data-db-index=\"3\" class=\"fsize-18\" data-cell-type=\"text\" data-original-value=\"&lt;a href=&quot;https:\/\/teec.org.mx\/web\/wp-content\/uploads\/2022\/12\/TEEC-EXP-10-2022-07-12-2022.pdf&quot; target=&quot;_blank&quot;&gt;TEEC\/EXP\/10\/2022 (ACUERDO DE TR\u00c1MITE)&lt;\/a&gt;\" data-order=\"&lt;a href=&quot;https:\/\/teec.org.mx\/web\/wp-content\/uploads\/2022\/12\/TEEC-EXP-10-2022-07-12-2022.pdf&quot; target=&quot;_blank&quot;&gt;TEEC\/EXP\/10\/2022 (ACUERDO DE TR\u00c1MITE)&lt;\/a&gt;\" ><a href=\"https:\/\/teec.org.mx\/web\/wp-content\/uploads\/2022\/12\/TEEC-EXP-10-2022-07-12-2022.pdf\" target=\"_blank\">TEEC\/EXP\/10\/2022 (ACUERDO DE TR\u00c1MITE)<\/a><\/td><\/tr><tr style=\"height:px\" ><td data-cell-id=\"A4\" data-x=\"0\" data-y=\"4\" data-db-index=\"4\" class=\"fsize-18\" data-cell-type=\"text\" data-original-value=\"28 DE SEPTIEMBRE DE 2022, A LAS 11:20 HORAS\" data-order=\"28 DE SEPTIEMBRE DE 2022, A LAS 11:20 HORAS\" >28 DE SEPTIEMBRE DE 2022, A LAS 11:20 HORAS <\/td><td data-cell-id=\"B4\" data-x=\"1\" data-y=\"4\" data-db-index=\"4\" class=\"fsize-18\" data-cell-type=\"text\" data-original-value=\"ALEX ABRAHAM NAAL QUINTAL, REPRESENTANTE SUPLENTE DE MOVIMIENTO CIUDADANO ANTE EL CONSEJO GENERAL DEL INSTITUTO ELECTORAL DEL ESTADO DE CAMPECHE\" data-order=\"ALEX ABRAHAM NAAL QUINTAL, REPRESENTANTE SUPLENTE DE MOVIMIENTO CIUDADANO ANTE EL CONSEJO GENERAL DEL INSTITUTO ELECTORAL DEL ESTADO DE CAMPECHE\" >ALEX ABRAHAM NAAL QUINTAL, REPRESENTANTE SUPLENTE DE MOVIMIENTO CIUDADANO ANTE EL CONSEJO GENERAL DEL INSTITUTO ELECTORAL DEL ESTADO DE CAMPECHE <\/td><td data-cell-id=\"C4\" data-x=\"2\" data-y=\"4\" data-db-index=\"4\" class=\"fsize-18\" data-cell-type=\"text\" data-original-value=\"&lt;a href=&quot;https:\/\/teec.org.mx\/web\/wp-content\/uploads\/2022\/09\/TEEC-EXP-8-2022-28-09-2022.pdf&quot; target=&quot;_blank&quot;&gt;TEEC\/EXP\/8\/2022 (ACUERDO DE TR\u00c1MITE)&lt;\/a&gt;\" data-order=\"&lt;a href=&quot;https:\/\/teec.org.mx\/web\/wp-content\/uploads\/2022\/09\/TEEC-EXP-8-2022-28-09-2022.pdf&quot; target=&quot;_blank&quot;&gt;TEEC\/EXP\/8\/2022 (ACUERDO DE TR\u00c1MITE)&lt;\/a&gt;\" ><a href=\"https:\/\/teec.org.mx\/web\/wp-content\/uploads\/2022\/09\/TEEC-EXP-8-2022-28-09-2022.pdf\" target=\"_blank\">TEEC\/EXP\/8\/2022 (ACUERDO DE TR\u00c1MITE)<\/a><\/td><\/tr><tr style=\"height:px\" ><td data-cell-id=\"A5\" data-x=\"0\" data-y=\"5\" data-db-index=\"5\" class=\"fsize-18\" data-cell-type=\"text\" data-original-value=\"28 DE SEPTIEMBRE DE 2022, A LAS 11:00 HORAS\" data-order=\"28 DE SEPTIEMBRE DE 2022, A LAS 11:00 HORAS\" >28 DE SEPTIEMBRE DE 2022, A LAS 11:00 HORAS <\/td><td data-cell-id=\"B5\" data-x=\"1\" data-y=\"5\" data-db-index=\"5\" class=\"fsize-18\" data-cell-type=\"text\" data-original-value=\"ALEX ABRAHAM NAAL QUINTAL, REPRESENTANTE SUPLENTE DE MOVIMIENTO CIUDADANO ANTE EL CONSEJO GENERAL DEL INSTITUTO ELECTORAL DEL ESTADO DE CAMPECHE\" data-order=\"ALEX ABRAHAM NAAL QUINTAL, REPRESENTANTE SUPLENTE DE MOVIMIENTO CIUDADANO ANTE EL CONSEJO GENERAL DEL INSTITUTO ELECTORAL DEL ESTADO DE CAMPECHE\" >ALEX ABRAHAM NAAL QUINTAL, REPRESENTANTE SUPLENTE DE MOVIMIENTO CIUDADANO ANTE EL CONSEJO GENERAL DEL INSTITUTO ELECTORAL DEL ESTADO DE CAMPECHE <\/td><td data-cell-id=\"C5\" data-x=\"2\" data-y=\"5\" data-db-index=\"5\" class=\"fsize-18\" data-cell-type=\"text\" data-original-value=\"&lt;a href=&quot;https:\/\/teec.org.mx\/web\/wp-content\/uploads\/2022\/09\/TEEC-EXP-7-2022-28-09-2022.pdf&quot; target=&quot;_blank&quot;&gt;TEEC\/EXP\/7\/2022 (ACUERDO DE TR\u00c1MITE)&lt;\/a&gt;\" data-order=\"&lt;a href=&quot;https:\/\/teec.org.mx\/web\/wp-content\/uploads\/2022\/09\/TEEC-EXP-7-2022-28-09-2022.pdf&quot; target=&quot;_blank&quot;&gt;TEEC\/EXP\/7\/2022 (ACUERDO DE TR\u00c1MITE)&lt;\/a&gt;\" ><a href=\"https:\/\/teec.org.mx\/web\/wp-content\/uploads\/2022\/09\/TEEC-EXP-7-2022-28-09-2022.pdf\" target=\"_blank\">TEEC\/EXP\/7\/2022 (ACUERDO DE TR\u00c1MITE)<\/a><\/td><\/tr><tr style=\"height:px\" ><td data-cell-id=\"A6\" data-x=\"0\" data-y=\"6\" data-db-index=\"6\" class=\"fsize-18\" data-cell-type=\"text\" data-original-value=\"16 DE AGOSTO DE 2022, A LAS 12:50 HORAS\" data-order=\"16 DE AGOSTO DE 2022, A LAS 12:50 HORAS\" >16 DE AGOSTO DE 2022, A LAS 12:50 HORAS <\/td><td data-cell-id=\"B6\" data-x=\"1\" data-y=\"6\" data-db-index=\"6\" class=\"fsize-18\" data-cell-type=\"text\" data-original-value=\"DIPUTADO RICARDO MIGUEL MEDINA FARF\u00c1N\" data-order=\"DIPUTADO RICARDO MIGUEL MEDINA FARF\u00c1N\" >DIPUTADO RICARDO MIGUEL MEDINA FARF\u00c1N <\/td><td data-cell-id=\"C6\" data-x=\"2\" data-y=\"6\" data-db-index=\"6\" class=\"fsize-18\" data-cell-type=\"text\" data-original-value=\"&lt;a href=&quot;https:\/\/teec.org.mx\/web\/wp-content\/uploads\/2022\/08\/TEEC-EXP-6-2022-16-08-2022.pdf&quot; target=&quot;_blank&quot;&gt;TEEC\/EXP\/6\/2022 (SE REMITE DOCUMENTACI\u00d3N PARA TR\u00c1MITE)&lt;\/a&gt;\" data-order=\"&lt;a href=&quot;https:\/\/teec.org.mx\/web\/wp-content\/uploads\/2022\/08\/TEEC-EXP-6-2022-16-08-2022.pdf&quot; target=&quot;_blank&quot;&gt;TEEC\/EXP\/6\/2022 (SE REMITE DOCUMENTACI\u00d3N PARA TR\u00c1MITE)&lt;\/a&gt;\" ><a href=\"https:\/\/teec.org.mx\/web\/wp-content\/uploads\/2022\/08\/TEEC-EXP-6-2022-16-08-2022.pdf\" target=\"_blank\">TEEC\/EXP\/6\/2022 (SE REMITE DOCUMENTACI\u00d3N PARA TR\u00c1MITE)<\/a><\/td><\/tr><tr style=\"height:px\" ><td data-cell-id=\"A7\" data-x=\"0\" data-y=\"7\" data-db-index=\"7\" class=\"fsize-18\" data-cell-type=\"text\" data-original-value=\"09 DE MAYO DE 2022, A LAS 12:50 HORAS\" data-order=\"09 DE MAYO DE 2022, A LAS 12:50 HORAS\" >09 DE MAYO DE 2022, A LAS 12:50 HORAS <\/td><td data-cell-id=\"B7\" data-x=\"1\" data-y=\"7\" data-db-index=\"7\" class=\"fsize-18\" data-cell-type=\"text\" data-original-value=\"INSTITUTO ELECTORAL DEL ESTADO DE CAMPECHE\" data-order=\"INSTITUTO ELECTORAL DEL ESTADO DE CAMPECHE\" >INSTITUTO ELECTORAL DEL ESTADO DE CAMPECHE <\/td><td data-cell-id=\"C7\" data-x=\"2\" data-y=\"7\" data-db-index=\"7\" class=\"fsize-18\" data-cell-type=\"text\" data-original-value=\"&lt;a href=&quot;https:\/\/teec.org.mx\/web\/wp-content\/uploads\/2022\/05\/TEEC-EXP-5-2022-09-05-2022.pdf&quot; target=&quot;_blank&quot;&gt;TEEC\/EXP\/5\/2022 (SE REMITE DOCUMENTACI\u00d3N PARA TR\u00c1MITE)&lt;\/a&gt;\" data-order=\"&lt;a href=&quot;https:\/\/teec.org.mx\/web\/wp-content\/uploads\/2022\/05\/TEEC-EXP-5-2022-09-05-2022.pdf&quot; target=&quot;_blank&quot;&gt;TEEC\/EXP\/5\/2022 (SE REMITE DOCUMENTACI\u00d3N PARA TR\u00c1MITE)&lt;\/a&gt;\" ><a href=\"https:\/\/teec.org.mx\/web\/wp-content\/uploads\/2022\/05\/TEEC-EXP-5-2022-09-05-2022.pdf\" target=\"_blank\">TEEC\/EXP\/5\/2022 (SE REMITE DOCUMENTACI\u00d3N PARA TR\u00c1MITE)<\/a><\/td><\/tr><tr style=\"height:px\" ><td data-cell-id=\"A8\" data-x=\"0\" data-y=\"8\" data-db-index=\"8\" class=\"fsize-18\" data-cell-type=\"text\" data-original-value=\"03 DE MAYO DE 2022, A LAS 11:30 HORAS\" data-order=\"03 DE MAYO DE 2022, A LAS 11:30 HORAS\" >03 DE MAYO DE 2022, A LAS 11:30 HORAS <\/td><td data-cell-id=\"B8\" data-x=\"1\" data-y=\"8\" data-db-index=\"8\" class=\"fsize-18\" data-cell-type=\"text\" data-original-value=\"INSTITUTO ELECTORAL DEL ESTADO DE CAMPECHE\" data-order=\"INSTITUTO ELECTORAL DEL ESTADO DE CAMPECHE\" >INSTITUTO ELECTORAL DEL ESTADO DE CAMPECHE <\/td><td data-cell-id=\"C8\" data-x=\"2\" data-y=\"8\" data-db-index=\"8\" class=\"fsize-18\" data-cell-type=\"text\" data-original-value=\"&lt;a href=&quot;https:\/\/teec.org.mx\/web\/wp-content\/uploads\/2022\/05\/TEEC-EXP-5-2022-03-05-2022.pdf&quot; target=&quot;_blank&quot;&gt;TEEC\/EXP\/5\/2022 (SE REQUIERE A LA AUT. RESP. TRAMITE DE MEDIO DE IMPUGNACI\u00d3N)&lt;\/a&gt;\" data-order=\"&lt;a href=&quot;https:\/\/teec.org.mx\/web\/wp-content\/uploads\/2022\/05\/TEEC-EXP-5-2022-03-05-2022.pdf&quot; target=&quot;_blank&quot;&gt;TEEC\/EXP\/5\/2022 (SE REQUIERE A LA AUT. RESP. TRAMITE DE MEDIO DE IMPUGNACI\u00d3N)&lt;\/a&gt;\" ><a href=\"https:\/\/teec.org.mx\/web\/wp-content\/uploads\/2022\/05\/TEEC-EXP-5-2022-03-05-2022.pdf\" target=\"_blank\">TEEC\/EXP\/5\/2022 (SE REQUIERE A LA AUT. RESP. TRAMITE DE MEDIO DE IMPUGNACI\u00d3N)<\/a><\/td><\/tr><tr style=\"height:px\" ><td data-cell-id=\"A9\" data-x=\"0\" data-y=\"9\" data-db-index=\"9\" class=\"fsize-18\" data-cell-type=\"text\" data-original-value=\"25 DE MARZO DE 2022, A LAS 13:05 HORAS\" data-order=\"25 DE MARZO DE 2022, A LAS 13:05 HORAS\" >25 DE MARZO DE 2022, A LAS 13:05 HORAS <\/td><td data-cell-id=\"B9\" data-x=\"1\" data-y=\"9\" data-db-index=\"9\" class=\"fsize-18\" data-cell-type=\"text\" data-original-value=\"ABIGAIL GUTI\u00c9RREZ MORALES\" data-order=\"ABIGAIL GUTI\u00c9RREZ MORALES\" >ABIGAIL GUTI\u00c9RREZ MORALES <\/td><td data-cell-id=\"C9\" data-x=\"2\" data-y=\"9\" data-db-index=\"9\" class=\"fsize-18\" data-cell-type=\"text\" data-original-value=\"&lt;a href=&quot;https:\/\/teec.org.mx\/web\/wp-content\/uploads\/2022\/03\/TEEC-EXP-4-2022-25-03-2022.pdf&quot; target=&quot;_blank&quot;&gt;TEEC\/EXP\/4\/2022 (SE REQUIERE A LA AUT. RESP. TRAMITE DE MEDIO DE IMPUGNACI\u00d3N)&lt;\/a&gt;\" data-order=\"&lt;a href=&quot;https:\/\/teec.org.mx\/web\/wp-content\/uploads\/2022\/03\/TEEC-EXP-4-2022-25-03-2022.pdf&quot; target=&quot;_blank&quot;&gt;TEEC\/EXP\/4\/2022 (SE REQUIERE A LA AUT. RESP. TRAMITE DE MEDIO DE IMPUGNACI\u00d3N)&lt;\/a&gt;\" ><a href=\"https:\/\/teec.org.mx\/web\/wp-content\/uploads\/2022\/03\/TEEC-EXP-4-2022-25-03-2022.pdf\" target=\"_blank\">TEEC\/EXP\/4\/2022 (SE REQUIERE A LA AUT. RESP. TRAMITE DE MEDIO DE IMPUGNACI\u00d3N)<\/a><\/td><\/tr><tr style=\"height:px\" ><td data-cell-id=\"A10\" data-x=\"0\" data-y=\"10\" data-db-index=\"10\" class=\"fsize-18\" data-cell-type=\"text\" data-original-value=\"16 DE FEBRERO DE 2022, A LAS 12:57 HORAS\" data-order=\"16 DE FEBRERO DE 2022, A LAS 12:57 HORAS\" >16 DE FEBRERO DE 2022, A LAS 12:57 HORAS <\/td><td data-cell-id=\"B10\" data-x=\"1\" data-y=\"10\" data-db-index=\"10\" class=\"fsize-18\" data-cell-type=\"text\" data-original-value=\"BRENDA NOEMY DOM\u00cdNGUEZ AK\u00c9\" data-order=\"BRENDA NOEMY DOM\u00cdNGUEZ AK\u00c9\" >BRENDA NOEMY DOM\u00cdNGUEZ AK\u00c9 <\/td><td data-cell-id=\"C10\" data-x=\"2\" data-y=\"10\" data-db-index=\"10\" class=\"fsize-18\" data-cell-type=\"text\" data-original-value=\"&lt;a href=&quot;https:\/\/teec.org.mx\/web\/wp-content\/uploads\/2022\/02\/TEEC-EXP-106-2021-16-02-2022.pdf&quot; target=&quot;_blank&quot;&gt;TEEC\/EXP\/106\/2021 (SE REMITE EXPEDIENTILLO AL ARCHIVO)&lt;\/a&gt;\" data-order=\"&lt;a href=&quot;https:\/\/teec.org.mx\/web\/wp-content\/uploads\/2022\/02\/TEEC-EXP-106-2021-16-02-2022.pdf&quot; target=&quot;_blank&quot;&gt;TEEC\/EXP\/106\/2021 (SE REMITE EXPEDIENTILLO AL ARCHIVO)&lt;\/a&gt;\" ><a href=\"https:\/\/teec.org.mx\/web\/wp-content\/uploads\/2022\/02\/TEEC-EXP-106-2021-16-02-2022.pdf\" target=\"_blank\">TEEC\/EXP\/106\/2021 (SE REMITE EXPEDIENTILLO AL ARCHIVO)<\/a><\/td><\/tr><tr style=\"height:px\" ><td data-cell-id=\"A11\" data-x=\"0\" data-y=\"11\" data-db-index=\"11\" class=\"fsize-18\" data-cell-type=\"text\" data-original-value=\"11 DE FEBRERO DE 2022, A LAS 12:55 HORAS\" data-order=\"11 DE FEBRERO DE 2022, A LAS 12:55 HORAS\" >11 DE FEBRERO DE 2022, A LAS 12:55 HORAS <\/td><td data-cell-id=\"B11\" data-x=\"1\" data-y=\"11\" data-db-index=\"11\" class=\"fsize-18\" data-cell-type=\"text\" data-original-value=\"ABIGAIL GUTI\u00c9RREZ MORALES\" data-order=\"ABIGAIL GUTI\u00c9RREZ MORALES\" >ABIGAIL GUTI\u00c9RREZ MORALES <\/td><td data-cell-id=\"C11\" data-x=\"2\" data-y=\"11\" data-db-index=\"11\" class=\"fsize-18\" data-cell-type=\"text\" data-original-value=\"&lt;a href=&quot;https:\/\/teec.org.mx\/web\/wp-content\/uploads\/2022\/02\/TEEC-EXP-3-2022-11-02-2022.pdf&quot; target=&quot;_blank&quot;&gt;TEEC\/EXP\/3\/2022 (SE REQUIERE A LA AUT. RESP. TRAMITE DE MEDIO DE IMPUGNACI\u00d3N)&lt;\/a&gt;\" data-order=\"&lt;a href=&quot;https:\/\/teec.org.mx\/web\/wp-content\/uploads\/2022\/02\/TEEC-EXP-3-2022-11-02-2022.pdf&quot; target=&quot;_blank&quot;&gt;TEEC\/EXP\/3\/2022 (SE REQUIERE A LA AUT. RESP. TRAMITE DE MEDIO DE IMPUGNACI\u00d3N)&lt;\/a&gt;\" ><a href=\"https:\/\/teec.org.mx\/web\/wp-content\/uploads\/2022\/02\/TEEC-EXP-3-2022-11-02-2022.pdf\" target=\"_blank\">TEEC\/EXP\/3\/2022 (SE REQUIERE A LA AUT. RESP. TRAMITE DE MEDIO DE IMPUGNACI\u00d3N)<\/a><\/td><\/tr><tr style=\"height:px\" ><td data-cell-id=\"A12\" data-x=\"0\" data-y=\"12\" data-db-index=\"12\" class=\"fsize-18\" data-cell-type=\"text\" data-original-value=\"27 DE ENERO DE 2022, A LAS 13:10 HORAS\" data-order=\"27 DE ENERO DE 2022, A LAS 13:10 HORAS\" >27 DE ENERO DE 2022, A LAS 13:10 HORAS <\/td><td data-cell-id=\"B12\" data-x=\"1\" data-y=\"12\" data-db-index=\"12\" class=\"fsize-18\" data-cell-type=\"text\" data-original-value=\"RA\u00daL MUCU CHOC, JES\u00daS PABLO MENDOZA, \u00c1NGEL MUCU QUINICH, MAT\u00cdAS RAM\u00cdREZ GER\u00d3NIMO, TOM\u00c1S L\u00d3PEZ SUCUQU\u00cd, F\u00c9LIX MAT\u00cdAS MENDOZA, ARNULFO L\u00d3PEZ V\u00c1ZQUEZ\" data-order=\"RA\u00daL MUCU CHOC, JES\u00daS PABLO MENDOZA, \u00c1NGEL MUCU QUINICH, MAT\u00cdAS RAM\u00cdREZ GER\u00d3NIMO, TOM\u00c1S L\u00d3PEZ SUCUQU\u00cd, F\u00c9LIX MAT\u00cdAS MENDOZA, ARNULFO L\u00d3PEZ V\u00c1ZQUEZ\" >RA\u00daL MUCU CHOC, JES\u00daS PABLO MENDOZA, \u00c1NGEL MUCU QUINICH, MAT\u00cdAS RAM\u00cdREZ GER\u00d3NIMO, TOM\u00c1S L\u00d3PEZ SUCUQU\u00cd, F\u00c9LIX MAT\u00cdAS MENDOZA, ARNULFO L\u00d3PEZ V\u00c1ZQUEZ <\/td><td data-cell-id=\"C12\" data-x=\"2\" data-y=\"12\" data-db-index=\"12\" class=\"fsize-18\" data-cell-type=\"text\" data-original-value=\"&lt;a href=&quot;https:\/\/teec.org.mx\/web\/wp-content\/uploads\/2022\/01\/TEEC-EXP-2-2022-27-01-2022.pdf&quot; target=&quot;_blank&quot;&gt;TEEC\/EXP\/2\/2022 (SE REQUIERE A LA AUT. RESP. TRAMITE DE MEDIO DE IMPUGNACI\u00d3N)&lt;\/a&gt;\" data-order=\"&lt;a href=&quot;https:\/\/teec.org.mx\/web\/wp-content\/uploads\/2022\/01\/TEEC-EXP-2-2022-27-01-2022.pdf&quot; target=&quot;_blank&quot;&gt;TEEC\/EXP\/2\/2022 (SE REQUIERE A LA AUT. RESP. TRAMITE DE MEDIO DE IMPUGNACI\u00d3N)&lt;\/a&gt;\" ><a href=\"https:\/\/teec.org.mx\/web\/wp-content\/uploads\/2022\/01\/TEEC-EXP-2-2022-27-01-2022.pdf\" target=\"_blank\">TEEC\/EXP\/2\/2022 (SE REQUIERE A LA AUT. RESP. TRAMITE DE MEDIO DE IMPUGNACI\u00d3N)<\/a><\/td><\/tr><tr style=\"height:px\" ><td data-cell-id=\"A13\" data-x=\"0\" data-y=\"13\" data-db-index=\"13\" class=\"fsize-18\" data-cell-type=\"text\" data-original-value=\"13 DE ENERO DE 2022, A LAS 17:20 HORAS\" data-order=\"13 DE ENERO DE 2022, A LAS 17:20 HORAS\" >13 DE ENERO DE 2022, A LAS 17:20 HORAS <\/td><td data-cell-id=\"B13\" data-x=\"1\" data-y=\"13\" data-db-index=\"13\" class=\"fsize-18\" data-cell-type=\"text\" data-original-value=\"BRENDA NOEMY DOM\u00cdNGUEZ AK\u00c9\" data-order=\"BRENDA NOEMY DOM\u00cdNGUEZ AK\u00c9\" >BRENDA NOEMY DOM\u00cdNGUEZ AK\u00c9 <\/td><td data-cell-id=\"C13\" data-x=\"2\" data-y=\"13\" data-db-index=\"13\" class=\"fsize-18\" data-cell-type=\"text\" data-original-value=\"&lt;a href=&quot;https:\/\/teec.org.mx\/web\/wp-content\/uploads\/2022\/01\/TEEC-EXP-106-2021-13-01-2022.pdf&quot; target=&quot;_blank&quot;&gt;TEEC\/EXP\/106\/2021 (SE DA POR NOTIFICADO ESTE ORGANO JURISDICCIONAL DE LA SENTENCIA DE LA SALA SUPERIOR)&lt;\/a&gt;\" data-order=\"&lt;a href=&quot;https:\/\/teec.org.mx\/web\/wp-content\/uploads\/2022\/01\/TEEC-EXP-106-2021-13-01-2022.pdf&quot; target=&quot;_blank&quot;&gt;TEEC\/EXP\/106\/2021 (SE DA POR NOTIFICADO ESTE ORGANO JURISDICCIONAL DE LA SENTENCIA DE LA SALA SUPERIOR)&lt;\/a&gt;\" ><a href=\"https:\/\/teec.org.mx\/web\/wp-content\/uploads\/2022\/01\/TEEC-EXP-106-2021-13-01-2022.pdf\" target=\"_blank\">TEEC\/EXP\/106\/2021 (SE DA POR NOTIFICADO ESTE ORGANO JURISDICCIONAL DE LA SENTENCIA DE LA SALA SUPERIOR)<\/a><\/td><\/tr><tr style=\"height:px\" ><td data-cell-id=\"A14\" data-x=\"0\" data-y=\"14\" data-db-index=\"14\" class=\"fsize-18\" data-cell-type=\"text\" data-original-value=\"13 DE ENERO DE 2022, A LAS 14:00 HORAS\" data-order=\"13 DE ENERO DE 2022, A LAS 14:00 HORAS\" >13 DE ENERO DE 2022, A LAS 14:00 HORAS <\/td><td data-cell-id=\"B14\" data-x=\"1\" data-y=\"14\" data-db-index=\"14\" class=\"fsize-18\" data-cell-type=\"text\" data-original-value=\"LEOPOLDO ANDR\u00c9S HERN\u00c1NDEZ LEZAMA, EDUARDO JONATHAN VELA MAGA\u00d1A, MAR\u00cdA JES\u00daS MONTEJO \u00c1LVAREZ, SILVIA C\u00c1MARA LE\u00d3N, CARMEN CRUZ HERN\u00c1NDEZ MATEO, FRANCISCA Z\u00c1RATE L\u00d3PEZ, JULIO C\u00c9SAR PULIDO CONTRERAS Y JOS\u00c9 DANIEL HERN\u00c1NDEZ SOSA, QUIENES SE OSTENTAN COMO S\u00cdNDICO ADMINISTRATIVO Y REGIDORES POR EL PRINICIPIO DE REPRESENTACI\u00d3N PROPORCIONAL Y ELECCI\u00d3N POPULAR, RESPECTIVAMENTE DEL MUNICIPIO DE CARMEN, CAMPECHE\" data-order=\"LEOPOLDO ANDR\u00c9S HERN\u00c1NDEZ LEZAMA, EDUARDO JONATHAN VELA MAGA\u00d1A, MAR\u00cdA JES\u00daS MONTEJO \u00c1LVAREZ, SILVIA C\u00c1MARA LE\u00d3N, CARMEN CRUZ HERN\u00c1NDEZ MATEO, FRANCISCA Z\u00c1RATE L\u00d3PEZ, JULIO C\u00c9SAR PULIDO CONTRERAS Y JOS\u00c9 DANIEL HERN\u00c1NDEZ SOSA, QUIENES SE OSTENTAN COMO S\u00cdNDICO ADMINISTRATIVO Y REGIDORES POR EL PRINICIPIO DE REPRESENTACI\u00d3N PROPORCIONAL Y ELECCI\u00d3N POPULAR, RESPECTIVAMENTE DEL MUNICIPIO DE CARMEN, CAMPECHE\" >LEOPOLDO ANDR\u00c9S HERN\u00c1NDEZ LEZAMA, EDUARDO JONATHAN VELA MAGA\u00d1A, MAR\u00cdA JES\u00daS MONTEJO \u00c1LVAREZ, SILVIA C\u00c1MARA LE\u00d3N, CARMEN CRUZ HERN\u00c1NDEZ MATEO, FRANCISCA Z\u00c1RATE L\u00d3PEZ, JULIO C\u00c9SAR PULIDO CONTRERAS Y JOS\u00c9 DANIEL HERN\u00c1NDEZ SOSA, QUIENES SE OSTENTAN COMO S\u00cdNDICO ADMINISTRATIVO Y REGIDORES POR EL PRINICIPIO DE REPRESENTACI\u00d3N PROPORCIONAL Y ELECCI\u00d3N POPULAR, RESPECTIVAMENTE DEL MUNICIPIO DE CARMEN, CAMPECHE <\/td><td data-cell-id=\"C14\" data-x=\"2\" data-y=\"14\" data-db-index=\"14\" class=\"fsize-18\" data-cell-type=\"text\" data-original-value=\"&lt;a href=&quot;https:\/\/teec.org.mx\/web\/wp-content\/uploads\/2022\/01\/TEEC-EXP-1-2022-13-01-2022.pdf&quot; target=&quot;_blank&quot;&gt;TEEC\/EXP\/1\/2022 (SE REQUIERE A LA AUT. RESP. TRAMITE DE MEDIO DE IMPUGNACI\u00d3N)&lt;\/a&gt;\" data-order=\"&lt;a href=&quot;https:\/\/teec.org.mx\/web\/wp-content\/uploads\/2022\/01\/TEEC-EXP-1-2022-13-01-2022.pdf&quot; target=&quot;_blank&quot;&gt;TEEC\/EXP\/1\/2022 (SE REQUIERE A LA AUT. RESP. TRAMITE DE MEDIO DE IMPUGNACI\u00d3N)&lt;\/a&gt;\" ><a href=\"https:\/\/teec.org.mx\/web\/wp-content\/uploads\/2022\/01\/TEEC-EXP-1-2022-13-01-2022.pdf\" target=\"_blank\">TEEC\/EXP\/1\/2022 (SE REQUIERE A LA AUT. RESP. TRAMITE DE MEDIO DE IMPUGNACI\u00d3N)<\/a><\/td><\/tr><\/tbody><\/table><!-- \/#supsystic-table-71.supsystic-table --><div class=\"stbConditionsData\" ><\/div><\/div><!-- \/.supsystic-tables-wrap --><!-- Tables Generator by Supsystic --><!-- Version:1.10.47 --><!-- http:\/\/supsystic.com\/ --><a title=\"WordPress Responsive Table\" style=\"display:none;\" href=\"https:\/\/supsystic.com\/plugins\/wordpress-data-table-plugin\/?utm_medium=love_link\" target=\"_blank\">WordPress Responsive Table<\/a><\/p>\n<p>&nbsp;<\/p>\n","protected":false},"excerpt":{"rendered":"<p>Expedientillos 2022 &nbsp; &nbsp;<\/p>\n","protected":false},"author":1,"featured_media":0,"parent":0,"menu_order":0,"comment_status":"closed","ping_status":"closed","template":"","meta":{"footnotes":""},"yst_prominent_words":[],"_links":{"self":[{"href":"https:\/\/teec.org.mx\/web\/wp-json\/wp\/v2\/pages\/14747"}],"collection":[{"href":"https:\/\/teec.org.mx\/web\/wp-json\/wp\/v2\/pages"}],"about":[{"href":"https:\/\/teec.org.mx\/web\/wp-json\/wp\/v2\/types\/page"}],"author":[{"embeddable":true,"href":"https:\/\/teec.org.mx\/web\/wp-json\/wp\/v2\/users\/1"}],"replies":[{"embeddable":true,"href":"https:\/\/teec.org.mx\/web\/wp-json\/wp\/v2\/comments?post=14747"}],"version-history":[{"count":1,"href":"https:\/\/teec.org.mx\/web\/wp-json\/wp\/v2\/pages\/14747\/revisions"}],"predecessor-version":[{"id":14749,"href":"https:\/\/teec.org.mx\/web\/wp-json\/wp\/v2\/pages\/14747\/revisions\/14749"}],"wp:attachment":[{"href":"https:\/\/teec.org.mx\/web\/wp-json\/wp\/v2\/media?parent=14747"}],"wp:term":[{"taxonomy":"yst_prominent_words","embeddable":true,"href":"https:\/\/teec.org.mx\/web\/wp-json\/wp\/v2\/yst_prominent_words?post=14747"}],"curies":[{"name":"wp","href":"https:\/\/api.w.org\/{rel}","templated":true}]}}