{"id":14762,"date":"2022-01-17T14:12:31","date_gmt":"2022-01-17T20:12:31","guid":{"rendered":"https:\/\/teec.org.mx\/web\/?page_id=14762"},"modified":"2023-01-16T11:45:57","modified_gmt":"2023-01-16T17:45:57","slug":"rap-2022","status":"publish","type":"page","link":"https:\/\/teec.org.mx\/web\/rap-2022\/","title":{"rendered":"RAP 2022"},"content":{"rendered":"\n<h3 class=\"has-text-align-center wp-block-heading\">Recursos de apelaci\u00f3n 2022<\/h3>\n\n\n\n<p>&nbsp;<\/p>\n<p style=\"text-align: center;\"><div class=\"supsystic-table-loader la-ball-beat la-2x\" style=\"color:#000000\"><div><\/div><div><\/div><div><\/div><\/div><div id=\"supsystic-table-72_18683\" class=\"supsystic-tables-wrap pagination-medium\" style=\" width:100%; visibility: hidden; \" data-table-width-fixed=\"100%\" data-table-width-mobile=\"100%\" ><div class=\"supsystic-tables-features\"><\/div><table id=\"supsystic-table-72\" class=\"supsystic-table border cell-border\" data-id=\"72\" data-view-id=\"72_18683\" data-title=\"RAP 2022\" data-currency-format=\"$1,000.00\" data-percent-format=\"10.00%\" data-date-format=\"DD.MM.YYYY\" data-time-format=\"HH:mm\" data-features=\"[&quot;info&quot;,&quot;paging&quot;,&quot;searching&quot;,&quot;after_table_loaded_script&quot;,&quot;import&quot;]\" data-search-value=\"\" data-head=\"on\" data-head-rows-count=\"1\" data-pagination-length=\"10,25,50,100,All\" data-auto-index=\"off\" data-searching-settings=\"{&quot;columnSearchPosition&quot;:&quot;bottom&quot;,&quot;minChars&quot;:&quot;0&quot;}\" data-lang=\"Spanish\" data-override=\"{&quot;emptyTable&quot;:&quot;&quot;,&quot;info&quot;:&quot;&quot;,&quot;infoEmpty&quot;:&quot;&quot;,&quot;infoFiltered&quot;:&quot;&quot;,&quot;lengthMenu&quot;:&quot;&quot;,&quot;search&quot;:&quot;&quot;,&quot;zeroRecords&quot;:&quot;&quot;,&quot;exportLabel&quot;:&quot;&quot;,&quot;file&quot;:&quot;Spanish&quot;}\" data-merged=\"[]\" data-responsive-mode=\"0\" data-from-history=\"0\" ><thead><tr><th data-cell-id=\"A1\" data-x=\"0\" data-y=\"1\" data-db-index=\"1\" class=\"htCenter color-ffffff bold bg-d49820 fsize-18\" data-cell-type=\"text\" data-original-value=\"FECHA Y HORA DE NOTIFICACI\u00d3N\" data-order=\"FECHA Y HORA DE NOTIFICACI\u00d3N\" style=\"min-width:21.0806%; \" >FECHA Y HORA DE NOTIFICACI\u00d3N <\/th><th data-cell-id=\"B1\" data-x=\"1\" data-y=\"1\" data-db-index=\"1\" class=\"htCenter bg-d49820 color-ffffff bold fsize-18\" data-cell-type=\"text\" data-original-value=\"ACTOR\" data-order=\"ACTOR\" style=\"min-width:29.2294%; \" >ACTOR <\/th><th data-cell-id=\"C1\" data-x=\"2\" data-y=\"1\" data-db-index=\"1\" class=\"bg-d49820 color-ffffff bold fsize-18\" data-cell-type=\"text\" data-original-value=\"AUTORIDAD RESPONSABLE \" data-order=\"AUTORIDAD RESPONSABLE \" style=\"min-width:24.6236%; \" >AUTORIDAD RESPONSABLE <\/th><th data-cell-id=\"D1\" data-x=\"3\" data-y=\"1\" data-db-index=\"1\" class=\"htCenter bg-d49820 color-ffffff bold fsize-18\" data-cell-type=\"text\" data-original-value=\"ARCHIVO\" data-order=\"ARCHIVO\" style=\"min-width:25.0664%; \" >ARCHIVO <\/th><\/tr><\/thead><tbody><tr style=\"height:px\" ><td data-cell-id=\"A2\" data-x=\"0\" data-y=\"2\" data-db-index=\"2\" class=\"fsize-18\" data-cell-type=\"text\" data-original-value=\"19 DE DICIEMBRE DE 2022, A LAS 10:00 HORAS\" data-order=\"19 DE DICIEMBRE DE 2022, A LAS 10:00 HORAS\" >19 DE DICIEMBRE DE 2022, A LAS 10:00 HORAS <\/td><td data-cell-id=\"B2\" data-x=\"1\" data-y=\"2\" data-db-index=\"2\" class=\"fsize-18\" data-cell-type=\"text\" data-original-value=\"ERICK ALEJANDRO REYES LE\u00d3N, EN SU CALIDAD DE REPRESENTANTE PROPIETARIO DEL PARTIDO POL\u00cdTICO MORENA EN EL ESTADO DE CAMPECHE, ANTE EL CONSEJO GENERAL DEL INSTITUTO ELECTORAL DEL ESTADO DE CAMPECHE\" data-order=\"ERICK ALEJANDRO REYES LE\u00d3N, EN SU CALIDAD DE REPRESENTANTE PROPIETARIO DEL PARTIDO POL\u00cdTICO MORENA EN EL ESTADO DE CAMPECHE, ANTE EL CONSEJO GENERAL DEL INSTITUTO ELECTORAL DEL ESTADO DE CAMPECHE\" >ERICK ALEJANDRO REYES LE\u00d3N, EN SU CALIDAD DE REPRESENTANTE PROPIETARIO DEL PARTIDO POL\u00cdTICO MORENA EN EL ESTADO DE CAMPECHE, ANTE EL CONSEJO GENERAL DEL INSTITUTO ELECTORAL DEL ESTADO DE CAMPECHE <\/td><td data-cell-id=\"C2\" data-x=\"2\" data-y=\"2\" data-db-index=\"2\" class=\"fsize-18\" data-cell-type=\"text\" data-original-value=\"DIRECCI\u00d3N EJECUTIVA DE ADMINISTRACI\u00d3N, PRERROGATIVAS DE PARTIDOS Y AGRUPACIONES POL\u00cdTICAS DEL INSTITUTO ELECTORAL DEL ESTADO DE CAMPECHE\" data-order=\"DIRECCI\u00d3N EJECUTIVA DE ADMINISTRACI\u00d3N, PRERROGATIVAS DE PARTIDOS Y AGRUPACIONES POL\u00cdTICAS DEL INSTITUTO ELECTORAL DEL ESTADO DE CAMPECHE\" >DIRECCI\u00d3N EJECUTIVA DE ADMINISTRACI\u00d3N, PRERROGATIVAS DE PARTIDOS Y AGRUPACIONES POL\u00cdTICAS DEL INSTITUTO ELECTORAL DEL ESTADO DE CAMPECHE <\/td><td data-cell-id=\"D2\" data-x=\"3\" data-y=\"2\" data-db-index=\"2\" class=\"fsize-18\" data-cell-type=\"text\" data-original-value=\"&lt;a href=&quot;https:\/\/teec.org.mx\/web\/wp-content\/uploads\/2022\/12\/TEEC-RAP-14-2022-19-12-2022.pdf&quot; target=&quot;_blank&quot;&gt;TEEC\/RAP\/14\/2022 (ACUERDO DE RECEPCI\u00d3N Y RADICACI\u00d3N)&lt;\/a&gt;\" data-order=\"&lt;a href=&quot;https:\/\/teec.org.mx\/web\/wp-content\/uploads\/2022\/12\/TEEC-RAP-14-2022-19-12-2022.pdf&quot; target=&quot;_blank&quot;&gt;TEEC\/RAP\/14\/2022 (ACUERDO DE RECEPCI\u00d3N Y RADICACI\u00d3N)&lt;\/a&gt;\" ><a href=\"https:\/\/teec.org.mx\/web\/wp-content\/uploads\/2022\/12\/TEEC-RAP-14-2022-19-12-2022.pdf\" target=\"_blank\">TEEC\/RAP\/14\/2022 (ACUERDO DE RECEPCI\u00d3N Y RADICACI\u00d3N)<\/a><\/td><\/tr><tr style=\"height:px\" ><td data-cell-id=\"A3\" data-x=\"0\" data-y=\"3\" data-db-index=\"3\" class=\"fsize-18\" data-cell-type=\"text\" data-original-value=\"15 DE DICIEMBRE DE 2022, A LAS 12:00 HORAS\" data-order=\"15 DE DICIEMBRE DE 2022, A LAS 12:00 HORAS\" >15 DE DICIEMBRE DE 2022, A LAS 12:00 HORAS <\/td><td data-cell-id=\"B3\" data-x=\"1\" data-y=\"3\" data-db-index=\"3\" class=\"fsize-18\" data-cell-type=\"text\" data-original-value=\"ERICK ALEJANDRO REYES LE\u00d3N, REPRESENTANTE PROPIETARIO DEL PARTIDO POL\u00cdTICO MORENA EN EL ESTADO DE CAMPECHE\" data-order=\"ERICK ALEJANDRO REYES LE\u00d3N, REPRESENTANTE PROPIETARIO DEL PARTIDO POL\u00cdTICO MORENA EN EL ESTADO DE CAMPECHE\" >ERICK ALEJANDRO REYES LE\u00d3N, REPRESENTANTE PROPIETARIO DEL PARTIDO POL\u00cdTICO MORENA EN EL ESTADO DE CAMPECHE <\/td><td data-cell-id=\"C3\" data-x=\"2\" data-y=\"3\" data-db-index=\"3\" class=\"fsize-18\" data-cell-type=\"text\" data-original-value=\"DIRECCI\u00d3N EJECUTIVA DE ADMINISTRACI\u00d3N, PRERROGATIVAS DE PARTIDOS Y AGRUPACIONES POL\u00cdTICAS DEL INSTITUTO ELECTORAL DEL ESTADO DE CAMPECHE\" data-order=\"DIRECCI\u00d3N EJECUTIVA DE ADMINISTRACI\u00d3N, PRERROGATIVAS DE PARTIDOS Y AGRUPACIONES POL\u00cdTICAS DEL INSTITUTO ELECTORAL DEL ESTADO DE CAMPECHE\" >DIRECCI\u00d3N EJECUTIVA DE ADMINISTRACI\u00d3N, PRERROGATIVAS DE PARTIDOS Y AGRUPACIONES POL\u00cdTICAS DEL INSTITUTO ELECTORAL DEL ESTADO DE CAMPECHE <\/td><td data-cell-id=\"D3\" data-x=\"3\" data-y=\"3\" data-db-index=\"3\" class=\"fsize-18\" data-cell-type=\"text\" data-original-value=\"&lt;a href=&quot;https:\/\/teec.org.mx\/web\/wp-content\/uploads\/2022\/12\/TEEC-RAP-14-2022-15-12-2022.pdf&quot; target=&quot;_blank&quot;&gt;TEEC\/RAP\/14\/2022 (ACUERDO DE TURNO)&lt;\/a&gt;\" data-order=\"&lt;a href=&quot;https:\/\/teec.org.mx\/web\/wp-content\/uploads\/2022\/12\/TEEC-RAP-14-2022-15-12-2022.pdf&quot; target=&quot;_blank&quot;&gt;TEEC\/RAP\/14\/2022 (ACUERDO DE TURNO)&lt;\/a&gt;\" ><a href=\"https:\/\/teec.org.mx\/web\/wp-content\/uploads\/2022\/12\/TEEC-RAP-14-2022-15-12-2022.pdf\" target=\"_blank\">TEEC\/RAP\/14\/2022 (ACUERDO DE TURNO)<\/a><\/td><\/tr><tr style=\"height:px\" ><td data-cell-id=\"A4\" data-x=\"0\" data-y=\"4\" data-db-index=\"4\" class=\"fsize-18\" data-cell-type=\"text\" data-original-value=\"07 DE DICIEMBRE DE 2022, A LAS 13:00 HORAS\" data-order=\"07 DE DICIEMBRE DE 2022, A LAS 13:00 HORAS\" >07 DE DICIEMBRE DE 2022, A LAS 13:00 HORAS <\/td><td data-cell-id=\"B4\" data-x=\"1\" data-y=\"4\" data-db-index=\"4\" class=\"fsize-18\" data-cell-type=\"text\" data-original-value=\"DATO PROTEGIDO\" data-order=\"DATO PROTEGIDO\" >DATO PROTEGIDO <\/td><td data-cell-id=\"C4\" data-x=\"2\" data-y=\"4\" data-db-index=\"4\" class=\"fsize-18\" data-cell-type=\"text\" data-original-value=\"JUNTA GENERAL EJECUTIVA DEL INSTITUTO ELECTORAL DEL ESTADO DE CAMPECHE\" data-order=\"JUNTA GENERAL EJECUTIVA DEL INSTITUTO ELECTORAL DEL ESTADO DE CAMPECHE\" >JUNTA GENERAL EJECUTIVA DEL INSTITUTO ELECTORAL DEL ESTADO DE CAMPECHE <\/td><td data-cell-id=\"D4\" data-x=\"3\" data-y=\"4\" data-db-index=\"4\" class=\"fsize-18\" data-cell-type=\"text\" data-original-value=\"&lt;a href=&quot;https:\/\/teec.org.mx\/web\/wp-content\/uploads\/2022\/12\/TEEC-RAP-11-2022-vp-07-12-2022.pdf&quot; target=&quot;_blank&quot;&gt;TEEC\/RAP\/11\/2022 (ACUERDO DE ACUMULACI\u00d3N)&lt;\/a&gt;\" data-order=\"&lt;a href=&quot;https:\/\/teec.org.mx\/web\/wp-content\/uploads\/2022\/12\/TEEC-RAP-11-2022-vp-07-12-2022.pdf&quot; target=&quot;_blank&quot;&gt;TEEC\/RAP\/11\/2022 (ACUERDO DE ACUMULACI\u00d3N)&lt;\/a&gt;\" ><a href=\"https:\/\/teec.org.mx\/web\/wp-content\/uploads\/2022\/12\/TEEC-RAP-11-2022-vp-07-12-2022.pdf\" target=\"_blank\">TEEC\/RAP\/11\/2022 (ACUERDO DE ACUMULACI\u00d3N)<\/a><\/td><\/tr><tr style=\"height:px\" ><td data-cell-id=\"A5\" data-x=\"0\" data-y=\"5\" data-db-index=\"5\" class=\"fsize-18\" data-cell-type=\"text\" data-original-value=\"30 DE NOVIEMBRE DE 2022, A LAS 12:55 HORAS\" data-order=\"30 DE NOVIEMBRE DE 2022, A LAS 12:55 HORAS\" >30 DE NOVIEMBRE DE 2022, A LAS 12:55 HORAS <\/td><td data-cell-id=\"B5\" data-x=\"1\" data-y=\"5\" data-db-index=\"5\" class=\"fsize-18\" data-cell-type=\"text\" data-original-value=\"DATO PROTEGIDO\" data-order=\"DATO PROTEGIDO\" >DATO PROTEGIDO <\/td><td data-cell-id=\"C5\" data-x=\"2\" data-y=\"5\" data-db-index=\"5\" class=\"fsize-18\" data-cell-type=\"text\" data-original-value=\"JUNTA GENERAL EJECUTIVA DEL INSTITUTO ELECTORAL DEL ESTADO DE CAMPECHE\" data-order=\"JUNTA GENERAL EJECUTIVA DEL INSTITUTO ELECTORAL DEL ESTADO DE CAMPECHE\" >JUNTA GENERAL EJECUTIVA DEL INSTITUTO ELECTORAL DEL ESTADO DE CAMPECHE <\/td><td data-cell-id=\"D5\" data-x=\"3\" data-y=\"5\" data-db-index=\"5\" class=\"fsize-18\" data-cell-type=\"text\" data-original-value=\"&lt;a href=&quot;https:\/\/teec.org.mx\/web\/wp-content\/uploads\/2022\/11\/TEEC-RAP-12-2022-vp-30-11-2022.pdf&quot; target=&quot;_blank&quot;&gt;TEEC\/RAP\/12\/2022 (SE DECLARA FIRME Y VALEDERA LA SENTENCIA)&lt;\/a&gt;\" data-order=\"&lt;a href=&quot;https:\/\/teec.org.mx\/web\/wp-content\/uploads\/2022\/11\/TEEC-RAP-12-2022-vp-30-11-2022.pdf&quot; target=&quot;_blank&quot;&gt;TEEC\/RAP\/12\/2022 (SE DECLARA FIRME Y VALEDERA LA SENTENCIA)&lt;\/a&gt;\" ><a href=\"https:\/\/teec.org.mx\/web\/wp-content\/uploads\/2022\/11\/TEEC-RAP-12-2022-vp-30-11-2022.pdf\" target=\"_blank\">TEEC\/RAP\/12\/2022 (SE DECLARA FIRME Y VALEDERA LA SENTENCIA)<\/a><\/td><\/tr><tr style=\"height:px\" ><td data-cell-id=\"A6\" data-x=\"0\" data-y=\"6\" data-db-index=\"6\" class=\"fsize-18\" data-cell-type=\"text\" data-original-value=\"29 DE NOVIEMBRE DE 2022, A LAS 12:40 HORAS\" data-order=\"29 DE NOVIEMBRE DE 2022, A LAS 12:40 HORAS\" >29 DE NOVIEMBRE DE 2022, A LAS 12:40 HORAS <\/td><td data-cell-id=\"B6\" data-x=\"1\" data-y=\"6\" data-db-index=\"6\" class=\"fsize-18\" data-cell-type=\"text\" data-original-value=\"DATO PROTEGIDO\" data-order=\"DATO PROTEGIDO\" >DATO PROTEGIDO <\/td><td data-cell-id=\"C6\" data-x=\"2\" data-y=\"6\" data-db-index=\"6\" class=\"fsize-18\" data-cell-type=\"text\" data-original-value=\"JUNTA GENERAL EJECUTIVA DEL INSTITUTO ELECTORAL DEL ESTADO DE CAMPECHE\" data-order=\"JUNTA GENERAL EJECUTIVA DEL INSTITUTO ELECTORAL DEL ESTADO DE CAMPECHE\" >JUNTA GENERAL EJECUTIVA DEL INSTITUTO ELECTORAL DEL ESTADO DE CAMPECHE <\/td><td data-cell-id=\"D6\" data-x=\"3\" data-y=\"6\" data-db-index=\"6\" class=\"fsize-18\" data-cell-type=\"text\" data-original-value=\"&lt;a href=&quot;https:\/\/teec.org.mx\/web\/wp-content\/uploads\/2022\/11\/TEEC-RAP-11-2022-vp-29-11-2022.pdf&quot; target=&quot;_blank&quot;&gt;TEEC\/RAP\/11\/2022 (SE DECLARA FIRME Y VALEDERA LA SENTENCIA)&lt;\/a&gt;\" data-order=\"&lt;a href=&quot;https:\/\/teec.org.mx\/web\/wp-content\/uploads\/2022\/11\/TEEC-RAP-11-2022-vp-29-11-2022.pdf&quot; target=&quot;_blank&quot;&gt;TEEC\/RAP\/11\/2022 (SE DECLARA FIRME Y VALEDERA LA SENTENCIA)&lt;\/a&gt;\" ><a href=\"https:\/\/teec.org.mx\/web\/wp-content\/uploads\/2022\/11\/TEEC-RAP-11-2022-vp-29-11-2022.pdf\" target=\"_blank\">TEEC\/RAP\/11\/2022 (SE DECLARA FIRME Y VALEDERA LA SENTENCIA)<\/a><\/td><\/tr><tr style=\"height:px\" ><td data-cell-id=\"A7\" data-x=\"0\" data-y=\"7\" data-db-index=\"7\" class=\"fsize-18\" data-cell-type=\"text\" data-original-value=\"29 DE NOVIEMBRE DE 2022, A LAS 12:00 HORAS\" data-order=\"29 DE NOVIEMBRE DE 2022, A LAS 12:00 HORAS\" >29 DE NOVIEMBRE DE 2022, A LAS 12:00 HORAS <\/td><td data-cell-id=\"B7\" data-x=\"1\" data-y=\"7\" data-db-index=\"7\" class=\"fsize-18\" data-cell-type=\"text\" data-original-value=\"DATO PROTEGIDO\" data-order=\"DATO PROTEGIDO\" >DATO PROTEGIDO <\/td><td data-cell-id=\"C7\" data-x=\"2\" data-y=\"7\" data-db-index=\"7\" class=\"fsize-18\" data-cell-type=\"text\" data-original-value=\"JUNTA GENERAL EJECUTIVA DEL INSTITUTO ELECTORAL DEL ESTADO DE CAMPECHE\" data-order=\"JUNTA GENERAL EJECUTIVA DEL INSTITUTO ELECTORAL DEL ESTADO DE CAMPECHE\" >JUNTA GENERAL EJECUTIVA DEL INSTITUTO ELECTORAL DEL ESTADO DE CAMPECHE <\/td><td data-cell-id=\"D7\" data-x=\"3\" data-y=\"7\" data-db-index=\"7\" class=\"fsize-18\" data-cell-type=\"text\" data-original-value=\"&lt;a href=&quot;https:\/\/teec.org.mx\/web\/wp-content\/uploads\/2022\/11\/TEEC-RAP-13-2022-vp-29-11-2022.pdf&quot; target=&quot;_blank&quot;&gt;TEEC\/RAP\/13\/2022 (SE DECLARA FIRME Y VALEDERA LA SENTENCIA)&lt;\/a&gt;\" data-order=\"&lt;a href=&quot;https:\/\/teec.org.mx\/web\/wp-content\/uploads\/2022\/11\/TEEC-RAP-13-2022-vp-29-11-2022.pdf&quot; target=&quot;_blank&quot;&gt;TEEC\/RAP\/13\/2022 (SE DECLARA FIRME Y VALEDERA LA SENTENCIA)&lt;\/a&gt;\" ><a href=\"https:\/\/teec.org.mx\/web\/wp-content\/uploads\/2022\/11\/TEEC-RAP-13-2022-vp-29-11-2022.pdf\" target=\"_blank\">TEEC\/RAP\/13\/2022 (SE DECLARA FIRME Y VALEDERA LA SENTENCIA)<\/a><\/td><\/tr><tr style=\"height:px\" ><td data-cell-id=\"A8\" data-x=\"0\" data-y=\"8\" data-db-index=\"8\" class=\"fsize-18\" data-cell-type=\"text\" data-original-value=\"25 DE NOVIEMBRE DE 2022, A LAS 14:00 HORAS\" data-order=\"25 DE NOVIEMBRE DE 2022, A LAS 14:00 HORAS\" >25 DE NOVIEMBRE DE 2022, A LAS 14:00 HORAS <\/td><td data-cell-id=\"B8\" data-x=\"1\" data-y=\"8\" data-db-index=\"8\" class=\"fsize-18\" data-cell-type=\"text\" data-original-value=\"DATO PROTEGIDO\" data-order=\"DATO PROTEGIDO\" >DATO PROTEGIDO <\/td><td data-cell-id=\"C8\" data-x=\"2\" data-y=\"8\" data-db-index=\"8\" class=\"fsize-18\" data-cell-type=\"text\" data-original-value=\"JUNTA GENERAL EJECUTIVA DEL INSTITUTO ELECTORAL DEL ESTADO DE CAMPECHE\" data-order=\"JUNTA GENERAL EJECUTIVA DEL INSTITUTO ELECTORAL DEL ESTADO DE CAMPECHE\" >JUNTA GENERAL EJECUTIVA DEL INSTITUTO ELECTORAL DEL ESTADO DE CAMPECHE <\/td><td data-cell-id=\"D8\" data-x=\"3\" data-y=\"8\" data-db-index=\"8\" class=\"fsize-18\" data-cell-type=\"text\" data-original-value=\"&lt;a href=&quot;https:\/\/teec.org.mx\/web\/wp-content\/uploads\/2022\/11\/TEEC-RAP-13-2022-vp-25-11-2022.pdf&quot; target=&quot;_blank&quot;&gt;TEEC\/RAP\/13\/2022 (ACUERDO DE ACUMULACI\u00d3N)&lt;\/a&gt;\" data-order=\"&lt;a href=&quot;https:\/\/teec.org.mx\/web\/wp-content\/uploads\/2022\/11\/TEEC-RAP-13-2022-vp-25-11-2022.pdf&quot; target=&quot;_blank&quot;&gt;TEEC\/RAP\/13\/2022 (ACUERDO DE ACUMULACI\u00d3N)&lt;\/a&gt;\" ><a href=\"https:\/\/teec.org.mx\/web\/wp-content\/uploads\/2022\/11\/TEEC-RAP-13-2022-vp-25-11-2022.pdf\" target=\"_blank\">TEEC\/RAP\/13\/2022 (ACUERDO DE ACUMULACI\u00d3N)<\/a><\/td><\/tr><tr style=\"height:px\" ><td data-cell-id=\"A9\" data-x=\"0\" data-y=\"9\" data-db-index=\"9\" class=\"fsize-18\" data-cell-type=\"text\" data-original-value=\"18 DE NOVIEMBRE DE 2022, A LAS 14:00 HORAS\" data-order=\"18 DE NOVIEMBRE DE 2022, A LAS 14:00 HORAS\" >18 DE NOVIEMBRE DE 2022, A LAS 14:00 HORAS <\/td><td data-cell-id=\"B9\" data-x=\"1\" data-y=\"9\" data-db-index=\"9\" class=\"fsize-18\" data-cell-type=\"text\" data-original-value=\"DATO PROTEGIDO\" data-order=\"DATO PROTEGIDO\" >DATO PROTEGIDO <\/td><td data-cell-id=\"C9\" data-x=\"2\" data-y=\"9\" data-db-index=\"9\" class=\"fsize-18\" data-cell-type=\"text\" data-original-value=\"JUNTA GENERAL EJECUTIVA DEL INSTITUTO ELECTORAL DEL ESTADO DE CAMPECHE\" data-order=\"JUNTA GENERAL EJECUTIVA DEL INSTITUTO ELECTORAL DEL ESTADO DE CAMPECHE\" >JUNTA GENERAL EJECUTIVA DEL INSTITUTO ELECTORAL DEL ESTADO DE CAMPECHE <\/td><td data-cell-id=\"D9\" data-x=\"3\" data-y=\"9\" data-db-index=\"9\" class=\"fsize-18\" data-cell-type=\"text\" data-original-value=\"&lt;a href=&quot;https:\/\/teec.org.mx\/web\/wp-content\/uploads\/2022\/11\/TEEC-RAP-13-2022-sentencia-vp-18-11-2022.pdf&quot; target=&quot;_blank&quot;&gt;TEEC\/RAP\/13\/2022 (SE DICT\u00d3 SENTENCIA)&lt;\/a&gt;\" data-order=\"&lt;a href=&quot;https:\/\/teec.org.mx\/web\/wp-content\/uploads\/2022\/11\/TEEC-RAP-13-2022-sentencia-vp-18-11-2022.pdf&quot; target=&quot;_blank&quot;&gt;TEEC\/RAP\/13\/2022 (SE DICT\u00d3 SENTENCIA)&lt;\/a&gt;\" ><a href=\"https:\/\/teec.org.mx\/web\/wp-content\/uploads\/2022\/11\/TEEC-RAP-13-2022-sentencia-vp-18-11-2022.pdf\" target=\"_blank\">TEEC\/RAP\/13\/2022 (SE DICT\u00d3 SENTENCIA)<\/a><\/td><\/tr><tr style=\"height:px\" ><td data-cell-id=\"A10\" data-x=\"0\" data-y=\"10\" data-db-index=\"10\" class=\"fsize-18\" data-cell-type=\"text\" data-original-value=\"18 DE NOVIEMBRE DE 2022, A LAS 13:30 HORAS\" data-order=\"18 DE NOVIEMBRE DE 2022, A LAS 13:30 HORAS\" >18 DE NOVIEMBRE DE 2022, A LAS 13:30 HORAS <\/td><td data-cell-id=\"B10\" data-x=\"1\" data-y=\"10\" data-db-index=\"10\" class=\"fsize-18\" data-cell-type=\"text\" data-original-value=\"DATO PROTEGIDO \" data-order=\"DATO PROTEGIDO \" >DATO PROTEGIDO <\/td><td data-cell-id=\"C10\" data-x=\"2\" data-y=\"10\" data-db-index=\"10\" class=\"fsize-18\" data-cell-type=\"text\" data-original-value=\"JUNTA GENERAL EJECUTIVA DEL INSTITUTO ELECTORAL DEL ESTADO DE CAMPECHE\" data-order=\"JUNTA GENERAL EJECUTIVA DEL INSTITUTO ELECTORAL DEL ESTADO DE CAMPECHE\" >JUNTA GENERAL EJECUTIVA DEL INSTITUTO ELECTORAL DEL ESTADO DE CAMPECHE <\/td><td data-cell-id=\"D10\" data-x=\"3\" data-y=\"10\" data-db-index=\"10\" class=\"fsize-18\" data-cell-type=\"text\" data-original-value=\"&lt;a href=&quot;https:\/\/teec.org.mx\/web\/wp-content\/uploads\/2022\/11\/TEEC-RAP-12-2022-sentencia-vp-18-11-2022.pdf&quot; target=&quot;_blank&quot;&gt;TEEC\/RAP\/12\/2022 (SE DICT\u00d3 SENTENCIA DEFINITIVA)&lt;\/a&gt;\" data-order=\"&lt;a href=&quot;https:\/\/teec.org.mx\/web\/wp-content\/uploads\/2022\/11\/TEEC-RAP-12-2022-sentencia-vp-18-11-2022.pdf&quot; target=&quot;_blank&quot;&gt;TEEC\/RAP\/12\/2022 (SE DICT\u00d3 SENTENCIA DEFINITIVA)&lt;\/a&gt;\" ><a href=\"https:\/\/teec.org.mx\/web\/wp-content\/uploads\/2022\/11\/TEEC-RAP-12-2022-sentencia-vp-18-11-2022.pdf\" target=\"_blank\">TEEC\/RAP\/12\/2022 (SE DICT\u00d3 SENTENCIA DEFINITIVA)<\/a><\/td><\/tr><tr style=\"height:px\" ><td data-cell-id=\"A11\" data-x=\"0\" data-y=\"11\" data-db-index=\"11\" class=\"fsize-18\" data-cell-type=\"text\" data-original-value=\"18 DE NOVIEMBRE DE 2022, A LAS 12:30 HORAS\" data-order=\"18 DE NOVIEMBRE DE 2022, A LAS 12:30 HORAS\" >18 DE NOVIEMBRE DE 2022, A LAS 12:30 HORAS <\/td><td data-cell-id=\"B11\" data-x=\"1\" data-y=\"11\" data-db-index=\"11\" class=\"fsize-18\" data-cell-type=\"text\" data-original-value=\"DATO PROTEGIDO\" data-order=\"DATO PROTEGIDO\" >DATO PROTEGIDO <\/td><td data-cell-id=\"C11\" data-x=\"2\" data-y=\"11\" data-db-index=\"11\" class=\"fsize-18\" data-cell-type=\"text\" data-original-value=\"JUNTA GENERAL EJECUTIVA DEL INSTITUTO ELECTORAL DEL ESTADO DE CAMPECHE\" data-order=\"JUNTA GENERAL EJECUTIVA DEL INSTITUTO ELECTORAL DEL ESTADO DE CAMPECHE\" >JUNTA GENERAL EJECUTIVA DEL INSTITUTO ELECTORAL DEL ESTADO DE CAMPECHE <\/td><td data-cell-id=\"D11\" data-x=\"3\" data-y=\"11\" data-db-index=\"11\" class=\"fsize-18\" data-cell-type=\"text\" data-original-value=\"&lt;a href=&quot;https:\/\/teec.org.mx\/web\/wp-content\/uploads\/2022\/11\/TEEC-RAP-11-2022-sentencia-vp-18-11-2022.pdf&quot; target=&quot;_blank&quot;&gt;TEEC\/RAP\/11\/2022 (SE DICT\u00d3 SENTENCIA DEFINITIVA)&lt;\/a&gt;\" data-order=\"&lt;a href=&quot;https:\/\/teec.org.mx\/web\/wp-content\/uploads\/2022\/11\/TEEC-RAP-11-2022-sentencia-vp-18-11-2022.pdf&quot; target=&quot;_blank&quot;&gt;TEEC\/RAP\/11\/2022 (SE DICT\u00d3 SENTENCIA DEFINITIVA)&lt;\/a&gt;\" ><a href=\"https:\/\/teec.org.mx\/web\/wp-content\/uploads\/2022\/11\/TEEC-RAP-11-2022-sentencia-vp-18-11-2022.pdf\" target=\"_blank\">TEEC\/RAP\/11\/2022 (SE DICT\u00d3 SENTENCIA DEFINITIVA)<\/a><\/td><\/tr><tr style=\"height:px\" ><td data-cell-id=\"A12\" data-x=\"0\" data-y=\"12\" data-db-index=\"12\" class=\"fsize-18\" data-cell-type=\"text\" data-original-value=\"17 DE NOVIEMBRE DE 2022, A LAS 9:30 HORAS\" data-order=\"17 DE NOVIEMBRE DE 2022, A LAS 9:30 HORAS\" >17 DE NOVIEMBRE DE 2022, A LAS 9:30 HORAS <\/td><td data-cell-id=\"B12\" data-x=\"1\" data-y=\"12\" data-db-index=\"12\" class=\"fsize-18\" data-cell-type=\"text\" data-original-value=\"DATO PROTEGIDO\" data-order=\"DATO PROTEGIDO\" >DATO PROTEGIDO <\/td><td data-cell-id=\"C12\" data-x=\"2\" data-y=\"12\" data-db-index=\"12\" class=\"fsize-18\" data-cell-type=\"text\" data-original-value=\"JUNTA GENERAL EJECUTIVA DEL INSTITUTO ELECTORAL DEL ESTADO DE CAMPECHE\" data-order=\"JUNTA GENERAL EJECUTIVA DEL INSTITUTO ELECTORAL DEL ESTADO DE CAMPECHE\" >JUNTA GENERAL EJECUTIVA DEL INSTITUTO ELECTORAL DEL ESTADO DE CAMPECHE <\/td><td data-cell-id=\"D12\" data-x=\"3\" data-y=\"12\" data-db-index=\"12\" class=\"fsize-18\" data-cell-type=\"text\" data-original-value=\"&lt;a href=&quot;https:\/\/teec.org.mx\/web\/wp-content\/uploads\/2022\/11\/TEEC-RAP-11-2022-vp-17-11-2022.pdf&quot; target=&quot;_blank&quot;&gt;TEEC\/RAP\/11\/2022 (SE FIJA FECHA Y HORA PARA SESION)&lt;\/a&gt;\" data-order=\"&lt;a href=&quot;https:\/\/teec.org.mx\/web\/wp-content\/uploads\/2022\/11\/TEEC-RAP-11-2022-vp-17-11-2022.pdf&quot; target=&quot;_blank&quot;&gt;TEEC\/RAP\/11\/2022 (SE FIJA FECHA Y HORA PARA SESION)&lt;\/a&gt;\" ><a href=\"https:\/\/teec.org.mx\/web\/wp-content\/uploads\/2022\/11\/TEEC-RAP-11-2022-vp-17-11-2022.pdf\" target=\"_blank\">TEEC\/RAP\/11\/2022 (SE FIJA FECHA Y HORA PARA SESION)<\/a><\/td><\/tr><tr style=\"height:px\" ><td data-cell-id=\"A13\" data-x=\"0\" data-y=\"13\" data-db-index=\"13\" class=\"fsize-18\" data-cell-type=\"text\" data-original-value=\"16 DE NOVIEMBRE DE 2022, A LAS 14:50 HORAS\" data-order=\"16 DE NOVIEMBRE DE 2022, A LAS 14:50 HORAS\" >16 DE NOVIEMBRE DE 2022, A LAS 14:50 HORAS <\/td><td data-cell-id=\"B13\" data-x=\"1\" data-y=\"13\" data-db-index=\"13\" class=\"fsize-18\" data-cell-type=\"text\" data-original-value=\"DATO PROTEGIDO\" data-order=\"DATO PROTEGIDO\" >DATO PROTEGIDO <\/td><td data-cell-id=\"C13\" data-x=\"2\" data-y=\"13\" data-db-index=\"13\" class=\"fsize-18\" data-cell-type=\"text\" data-original-value=\"JUNTA GENERAL EJECUTIVA DEL INSTITUTO ELECTORAL DEL ESTADO DE CAMPECHE\" data-order=\"JUNTA GENERAL EJECUTIVA DEL INSTITUTO ELECTORAL DEL ESTADO DE CAMPECHE\" >JUNTA GENERAL EJECUTIVA DEL INSTITUTO ELECTORAL DEL ESTADO DE CAMPECHE <\/td><td data-cell-id=\"D13\" data-x=\"3\" data-y=\"13\" data-db-index=\"13\" class=\"fsize-18\" data-cell-type=\"text\" data-original-value=\"&lt;a href=&quot;https:\/\/teec.org.mx\/web\/wp-content\/uploads\/2022\/11\/TEEC-RAP-11-2022-vp-3er-acu-16-11-2022.pdf&quot; target=&quot;_blank&quot;&gt;TEEC\/RAP\/11\/2022 (CIERRE DE INSTRUCCCION Y SE SOLICITA FECHA Y HORA PARA SESION)&lt;\/a&gt;\" data-order=\"&lt;a href=&quot;https:\/\/teec.org.mx\/web\/wp-content\/uploads\/2022\/11\/TEEC-RAP-11-2022-vp-3er-acu-16-11-2022.pdf&quot; target=&quot;_blank&quot;&gt;TEEC\/RAP\/11\/2022 (CIERRE DE INSTRUCCCION Y SE SOLICITA FECHA Y HORA PARA SESION)&lt;\/a&gt;\" ><a href=\"https:\/\/teec.org.mx\/web\/wp-content\/uploads\/2022\/11\/TEEC-RAP-11-2022-vp-3er-acu-16-11-2022.pdf\" target=\"_blank\">TEEC\/RAP\/11\/2022 (CIERRE DE INSTRUCCCION Y SE SOLICITA FECHA Y HORA PARA SESION)<\/a><\/td><\/tr><tr style=\"height:px\" ><td data-cell-id=\"A14\" data-x=\"0\" data-y=\"14\" data-db-index=\"14\" class=\"fsize-18\" data-cell-type=\"text\" data-original-value=\"16 DE NOVIEMBRE DE 2022, A LAS 14:30 HORAS\" data-order=\"16 DE NOVIEMBRE DE 2022, A LAS 14:30 HORAS\" >16 DE NOVIEMBRE DE 2022, A LAS 14:30 HORAS <\/td><td data-cell-id=\"B14\" data-x=\"1\" data-y=\"14\" data-db-index=\"14\" class=\"fsize-18\" data-cell-type=\"text\" data-original-value=\"DATO PROTEGIDO\" data-order=\"DATO PROTEGIDO\" >DATO PROTEGIDO <\/td><td data-cell-id=\"C14\" data-x=\"2\" data-y=\"14\" data-db-index=\"14\" class=\"fsize-18\" data-cell-type=\"text\" data-original-value=\"JUNTA GENERAL EJECUTIVA DEL INSTITUTO ELECTORAL DEL ESTADO DE CAMPECHE\" data-order=\"JUNTA GENERAL EJECUTIVA DEL INSTITUTO ELECTORAL DEL ESTADO DE CAMPECHE\" >JUNTA GENERAL EJECUTIVA DEL INSTITUTO ELECTORAL DEL ESTADO DE CAMPECHE <\/td><td data-cell-id=\"D14\" data-x=\"3\" data-y=\"14\" data-db-index=\"14\" class=\"fsize-18\" data-cell-type=\"text\" data-original-value=\"&lt;a href=&quot;https:\/\/teec.org.mx\/web\/wp-content\/uploads\/2022\/11\/TEEC-RAP-13-2022-vp-16-11-2022.pdf&quot; target=&quot;_blank&quot;&gt;TEEC\/RAP\/13\/2022 (CIERRE DE INSTRUCCI\u00d3N Y SE FIJA FECHA Y HORA PARA SESION)&lt;\/a&gt;\" data-order=\"&lt;a href=&quot;https:\/\/teec.org.mx\/web\/wp-content\/uploads\/2022\/11\/TEEC-RAP-13-2022-vp-16-11-2022.pdf&quot; target=&quot;_blank&quot;&gt;TEEC\/RAP\/13\/2022 (CIERRE DE INSTRUCCI\u00d3N Y SE FIJA FECHA Y HORA PARA SESION)&lt;\/a&gt;\" ><a href=\"https:\/\/teec.org.mx\/web\/wp-content\/uploads\/2022\/11\/TEEC-RAP-13-2022-vp-16-11-2022.pdf\" target=\"_blank\">TEEC\/RAP\/13\/2022 (CIERRE DE INSTRUCCI\u00d3N Y SE FIJA FECHA Y HORA PARA SESION)<\/a><\/td><\/tr><tr style=\"height:px\" ><td data-cell-id=\"A15\" data-x=\"0\" data-y=\"15\" data-db-index=\"15\" class=\"fsize-18\" data-cell-type=\"text\" data-original-value=\"16 DE NOVIEMBRE DE 2022, A LAS 14:15 HORAS\" data-order=\"16 DE NOVIEMBRE DE 2022, A LAS 14:15 HORAS\" >16 DE NOVIEMBRE DE 2022, A LAS 14:15 HORAS <\/td><td data-cell-id=\"B15\" data-x=\"1\" data-y=\"15\" data-db-index=\"15\" class=\"fsize-18\" data-cell-type=\"text\" data-original-value=\"DATO PROTEGIDO \" data-order=\"DATO PROTEGIDO \" >DATO PROTEGIDO <\/td><td data-cell-id=\"C15\" data-x=\"2\" data-y=\"15\" data-db-index=\"15\" class=\"fsize-18\" data-cell-type=\"text\" data-original-value=\"JUNTA GENERAL EJECUTIVA DEL INSTITUTO ELECTORAL DEL ESTADO DE CAMPECHE\" data-order=\"JUNTA GENERAL EJECUTIVA DEL INSTITUTO ELECTORAL DEL ESTADO DE CAMPECHE\" >JUNTA GENERAL EJECUTIVA DEL INSTITUTO ELECTORAL DEL ESTADO DE CAMPECHE <\/td><td data-cell-id=\"D15\" data-x=\"3\" data-y=\"15\" data-db-index=\"15\" class=\"fsize-18\" data-cell-type=\"text\" data-original-value=\"&lt;a href=&quot;https:\/\/teec.org.mx\/web\/wp-content\/uploads\/2022\/11\/TEEC-RAP-12-2022-vp-2do-acu-16-11-2022.pdf&quot; target=&quot;_blank&quot;&gt;TEEC\/RAP\/12\/2022 (SE FIJA FECHA Y HORA PARA SESI\u00d3N)&lt;\/a&gt;\" data-order=\"&lt;a href=&quot;https:\/\/teec.org.mx\/web\/wp-content\/uploads\/2022\/11\/TEEC-RAP-12-2022-vp-2do-acu-16-11-2022.pdf&quot; target=&quot;_blank&quot;&gt;TEEC\/RAP\/12\/2022 (SE FIJA FECHA Y HORA PARA SESI\u00d3N)&lt;\/a&gt;\" ><a href=\"https:\/\/teec.org.mx\/web\/wp-content\/uploads\/2022\/11\/TEEC-RAP-12-2022-vp-2do-acu-16-11-2022.pdf\" target=\"_blank\">TEEC\/RAP\/12\/2022 (SE FIJA FECHA Y HORA PARA SESI\u00d3N)<\/a><\/td><\/tr><tr style=\"height:px\" ><td data-cell-id=\"A16\" data-x=\"0\" data-y=\"16\" data-db-index=\"16\" class=\"fsize-18\" data-cell-type=\"text\" data-original-value=\"16 DE NOVIEMBRE DE 2022, A LAS 13:55 HORAS\" data-order=\"16 DE NOVIEMBRE DE 2022, A LAS 13:55 HORAS\" >16 DE NOVIEMBRE DE 2022, A LAS 13:55 HORAS <\/td><td data-cell-id=\"B16\" data-x=\"1\" data-y=\"16\" data-db-index=\"16\" class=\"fsize-18\" data-cell-type=\"text\" data-original-value=\"DATO PROTEGIDO\" data-order=\"DATO PROTEGIDO\" >DATO PROTEGIDO <\/td><td data-cell-id=\"C16\" data-x=\"2\" data-y=\"16\" data-db-index=\"16\" class=\"fsize-18\" data-cell-type=\"text\" data-original-value=\"JUNTA GENERAL EJECUTIVA DEL INSTITUTO ELECTORAL DEL ESTADO DE CAMPECHE\" data-order=\"JUNTA GENERAL EJECUTIVA DEL INSTITUTO ELECTORAL DEL ESTADO DE CAMPECHE\" >JUNTA GENERAL EJECUTIVA DEL INSTITUTO ELECTORAL DEL ESTADO DE CAMPECHE <\/td><td data-cell-id=\"D16\" data-x=\"3\" data-y=\"16\" data-db-index=\"16\" class=\"fsize-18\" data-cell-type=\"text\" data-original-value=\"&lt;a href=&quot;https:\/\/teec.org.mx\/web\/wp-content\/uploads\/2022\/11\/TEEC-RAP-11-2022-vp-2do-acu-16-11-2022.pdf&quot; target=&quot;_blank&quot;&gt;TEEC\/RAP\/11\/2022 (DILIGENCIA DE DESAHOGO DE PRUEBAS TECNICAS)&lt;\/a&gt;\" data-order=\"&lt;a href=&quot;https:\/\/teec.org.mx\/web\/wp-content\/uploads\/2022\/11\/TEEC-RAP-11-2022-vp-2do-acu-16-11-2022.pdf&quot; target=&quot;_blank&quot;&gt;TEEC\/RAP\/11\/2022 (DILIGENCIA DE DESAHOGO DE PRUEBAS TECNICAS)&lt;\/a&gt;\" ><a href=\"https:\/\/teec.org.mx\/web\/wp-content\/uploads\/2022\/11\/TEEC-RAP-11-2022-vp-2do-acu-16-11-2022.pdf\" target=\"_blank\">TEEC\/RAP\/11\/2022 (DILIGENCIA DE DESAHOGO DE PRUEBAS TECNICAS)<\/a><\/td><\/tr><tr style=\"height:px\" ><td data-cell-id=\"A17\" data-x=\"0\" data-y=\"17\" data-db-index=\"17\" class=\"fsize-18\" data-cell-type=\"text\" data-original-value=\"16 DE NOVIEMBRE DE 2022, A LAS 11:00 HORAS\" data-order=\"16 DE NOVIEMBRE DE 2022, A LAS 11:00 HORAS\" >16 DE NOVIEMBRE DE 2022, A LAS 11:00 HORAS <\/td><td data-cell-id=\"B17\" data-x=\"1\" data-y=\"17\" data-db-index=\"17\" class=\"fsize-18\" data-cell-type=\"text\" data-original-value=\"DATO PROTEGIDO\" data-order=\"DATO PROTEGIDO\" >DATO PROTEGIDO <\/td><td data-cell-id=\"C17\" data-x=\"2\" data-y=\"17\" data-db-index=\"17\" class=\"fsize-18\" data-cell-type=\"text\" data-original-value=\"JUNTA GENERAL EJECUTIVA DEL INSTITUTO ELECTORAL DEL ESTADO DE CAMPECHE\" data-order=\"JUNTA GENERAL EJECUTIVA DEL INSTITUTO ELECTORAL DEL ESTADO DE CAMPECHE\" >JUNTA GENERAL EJECUTIVA DEL INSTITUTO ELECTORAL DEL ESTADO DE CAMPECHE <\/td><td data-cell-id=\"D17\" data-x=\"3\" data-y=\"17\" data-db-index=\"17\" class=\"fsize-18\" data-cell-type=\"text\" data-original-value=\"&lt;a href=&quot;https:\/\/teec.org.mx\/web\/wp-content\/uploads\/2022\/11\/TEEC-RAP-12-2022-vp-16-11-2022.pdf&quot; target=&quot;_blank&quot;&gt;TEEC\/RAP\/12\/2022 (ACUERDO DE INSTRUCCI\u00d3N Y SOLICITUD DE FECHA Y HORA PARA SESI\u00d3N)&lt;\/a&gt;\" data-order=\"&lt;a href=&quot;https:\/\/teec.org.mx\/web\/wp-content\/uploads\/2022\/11\/TEEC-RAP-12-2022-vp-16-11-2022.pdf&quot; target=&quot;_blank&quot;&gt;TEEC\/RAP\/12\/2022 (ACUERDO DE INSTRUCCI\u00d3N Y SOLICITUD DE FECHA Y HORA PARA SESI\u00d3N)&lt;\/a&gt;\" ><a href=\"https:\/\/teec.org.mx\/web\/wp-content\/uploads\/2022\/11\/TEEC-RAP-12-2022-vp-16-11-2022.pdf\" target=\"_blank\">TEEC\/RAP\/12\/2022 (ACUERDO DE INSTRUCCI\u00d3N Y SOLICITUD DE FECHA Y HORA PARA SESI\u00d3N)<\/a><\/td><\/tr><tr style=\"height:px\" ><td data-cell-id=\"A18\" data-x=\"0\" data-y=\"18\" data-db-index=\"18\" class=\"fsize-18\" data-cell-type=\"text\" data-original-value=\"16 DE NOVIEMBRE DE 2022, A LAS 9:30 HORAS\" data-order=\"16 DE NOVIEMBRE DE 2022, A LAS 9:30 HORAS\" >16 DE NOVIEMBRE DE 2022, A LAS 9:30 HORAS <\/td><td data-cell-id=\"B18\" data-x=\"1\" data-y=\"18\" data-db-index=\"18\" class=\"fsize-18\" data-cell-type=\"text\" data-original-value=\"DATO PROTEGIDO\" data-order=\"DATO PROTEGIDO\" >DATO PROTEGIDO <\/td><td data-cell-id=\"C18\" data-x=\"2\" data-y=\"18\" data-db-index=\"18\" class=\"fsize-18\" data-cell-type=\"text\" data-original-value=\"JUNTA GENERAL EJECUTIVA DEL INSTITUTO ELECTORAL DEL ESTADO DE CAMPECHE\" data-order=\"JUNTA GENERAL EJECUTIVA DEL INSTITUTO ELECTORAL DEL ESTADO DE CAMPECHE\" >JUNTA GENERAL EJECUTIVA DEL INSTITUTO ELECTORAL DEL ESTADO DE CAMPECHE <\/td><td data-cell-id=\"D18\" data-x=\"3\" data-y=\"18\" data-db-index=\"18\" class=\"fsize-18\" data-cell-type=\"text\" data-original-value=\"&lt;a href=&quot;https:\/\/teec.org.mx\/web\/wp-content\/uploads\/2022\/11\/TEEC-RAP-11-2022-vp-16-11-2022.pdf&quot; target=&quot;_blank&quot;&gt;TEEC\/RAP\/11\/2022 (ACUERDO DE ACUMULACI\u00d3N)&lt;\/a&gt;\" data-order=\"&lt;a href=&quot;https:\/\/teec.org.mx\/web\/wp-content\/uploads\/2022\/11\/TEEC-RAP-11-2022-vp-16-11-2022.pdf&quot; target=&quot;_blank&quot;&gt;TEEC\/RAP\/11\/2022 (ACUERDO DE ACUMULACI\u00d3N)&lt;\/a&gt;\" ><a href=\"https:\/\/teec.org.mx\/web\/wp-content\/uploads\/2022\/11\/TEEC-RAP-11-2022-vp-16-11-2022.pdf\" target=\"_blank\">TEEC\/RAP\/11\/2022 (ACUERDO DE ACUMULACI\u00d3N)<\/a><\/td><\/tr><tr style=\"height:px\" ><td data-cell-id=\"A19\" data-x=\"0\" data-y=\"19\" data-db-index=\"19\" class=\"fsize-18\" data-cell-type=\"text\" data-original-value=\"15 DE NOVIEMBRE DE 2022, A LAS 14:20 HORAS\" data-order=\"15 DE NOVIEMBRE DE 2022, A LAS 14:20 HORAS\" >15 DE NOVIEMBRE DE 2022, A LAS 14:20 HORAS <\/td><td data-cell-id=\"B19\" data-x=\"1\" data-y=\"19\" data-db-index=\"19\" class=\"fsize-18\" data-cell-type=\"text\" data-original-value=\"DATO PROTEGIDO\" data-order=\"DATO PROTEGIDO\" >DATO PROTEGIDO <\/td><td data-cell-id=\"C19\" data-x=\"2\" data-y=\"19\" data-db-index=\"19\" class=\"fsize-18\" data-cell-type=\"text\" data-original-value=\"JUNTA GENERAL EJECUTIVA DEL INSTITUTO ELECTORAL DEL ESTADO DE CAMPECHE\" data-order=\"JUNTA GENERAL EJECUTIVA DEL INSTITUTO ELECTORAL DEL ESTADO DE CAMPECHE\" >JUNTA GENERAL EJECUTIVA DEL INSTITUTO ELECTORAL DEL ESTADO DE CAMPECHE <\/td><td data-cell-id=\"D19\" data-x=\"3\" data-y=\"19\" data-db-index=\"19\" class=\"fsize-18\" data-cell-type=\"text\" data-original-value=\"&lt;a href=&quot;https:\/\/teec.org.mx\/web\/wp-content\/uploads\/2022\/11\/TEEC-RAP-13-2022-vp-15-11-2022.pdf&quot; target=&quot;_blank&quot;&gt;TEEC\/RAP\/13\/2022 (ACUERDO DE ACUMULACI\u00d3N)&lt;\/a&gt;\" data-order=\"&lt;a href=&quot;https:\/\/teec.org.mx\/web\/wp-content\/uploads\/2022\/11\/TEEC-RAP-13-2022-vp-15-11-2022.pdf&quot; target=&quot;_blank&quot;&gt;TEEC\/RAP\/13\/2022 (ACUERDO DE ACUMULACI\u00d3N)&lt;\/a&gt;\" ><a href=\"https:\/\/teec.org.mx\/web\/wp-content\/uploads\/2022\/11\/TEEC-RAP-13-2022-vp-15-11-2022.pdf\" target=\"_blank\">TEEC\/RAP\/13\/2022 (ACUERDO DE ACUMULACI\u00d3N)<\/a><\/td><\/tr><tr style=\"height:px\" ><td data-cell-id=\"A20\" data-x=\"0\" data-y=\"20\" data-db-index=\"20\" class=\"fsize-18\" data-cell-type=\"text\" data-original-value=\"15 DE NOVIEMBRE DE 2022, A LAS 14:00 HORAS\" data-order=\"15 DE NOVIEMBRE DE 2022, A LAS 14:00 HORAS\" >15 DE NOVIEMBRE DE 2022, A LAS 14:00 HORAS <\/td><td data-cell-id=\"B20\" data-x=\"1\" data-y=\"20\" data-db-index=\"20\" class=\"fsize-18\" data-cell-type=\"text\" data-original-value=\"ALEX ABRAHAM NAAL QUINTAL, EN SU CALIDAD DE REPRESENTANTE SUPLENTE ANTE EL CONSEJO GENERAL DEL INSTITUTO ELECTORAL DEL ESTADO DE CAMPECHE DEL PARTIDO POLITICO MOVIMIENTO CIUDADANO Y ELISEO FERN\u00c1NDEZ MONTUFAR\" data-order=\"ALEX ABRAHAM NAAL QUINTAL, EN SU CALIDAD DE REPRESENTANTE SUPLENTE ANTE EL CONSEJO GENERAL DEL INSTITUTO ELECTORAL DEL ESTADO DE CAMPECHE DEL PARTIDO POLITICO MOVIMIENTO CIUDADANO Y ELISEO FERN\u00c1NDEZ MONTUFAR\" >ALEX ABRAHAM NAAL QUINTAL, EN SU CALIDAD DE REPRESENTANTE SUPLENTE ANTE EL CONSEJO GENERAL DEL INSTITUTO ELECTORAL DEL ESTADO DE CAMPECHE DEL PARTIDO POLITICO MOVIMIENTO CIUDADANO Y ELISEO FERN\u00c1NDEZ MONTUFAR <\/td><td data-cell-id=\"C20\" data-x=\"2\" data-y=\"20\" data-db-index=\"20\" class=\"fsize-18\" data-cell-type=\"text\" data-original-value=\"JUNTA GENERAL EJECUTIVA DEL INSTITUTO ELECTORAL DEL ESTADO DE CAMPECHE\" data-order=\"JUNTA GENERAL EJECUTIVA DEL INSTITUTO ELECTORAL DEL ESTADO DE CAMPECHE\" >JUNTA GENERAL EJECUTIVA DEL INSTITUTO ELECTORAL DEL ESTADO DE CAMPECHE <\/td><td data-cell-id=\"D20\" data-x=\"3\" data-y=\"20\" data-db-index=\"20\" class=\"fsize-18\" data-cell-type=\"text\" data-original-value=\"&lt;a href=&quot;https:\/\/teec.org.mx\/web\/wp-content\/uploads\/2022\/11\/TEEC-RAP-7-2022-15-11-2022.pdf&quot; target=&quot;_blank&quot;&gt;TEEC\/RAP\/7\/2022 Y SUS ACUMULADOS TEEC\/RAP\/8\/2022 Y TEEC\/RAP\/9\/2022 (ACUERDO SE DECLARA FIRME Y VALEDERA LA SENTENCIA)&lt;\/a&gt;\" data-order=\"&lt;a href=&quot;https:\/\/teec.org.mx\/web\/wp-content\/uploads\/2022\/11\/TEEC-RAP-7-2022-15-11-2022.pdf&quot; target=&quot;_blank&quot;&gt;TEEC\/RAP\/7\/2022 Y SUS ACUMULADOS TEEC\/RAP\/8\/2022 Y TEEC\/RAP\/9\/2022 (ACUERDO SE DECLARA FIRME Y VALEDERA LA SENTENCIA)&lt;\/a&gt;\" ><a href=\"https:\/\/teec.org.mx\/web\/wp-content\/uploads\/2022\/11\/TEEC-RAP-7-2022-15-11-2022.pdf\" target=\"_blank\">TEEC\/RAP\/7\/2022 Y SUS ACUMULADOS TEEC\/RAP\/8\/2022 Y TEEC\/RAP\/9\/2022 (ACUERDO SE DECLARA FIRME Y VALEDERA LA SENTENCIA)<\/a><\/td><\/tr><tr style=\"height:px\" ><td data-cell-id=\"A21\" data-x=\"0\" data-y=\"21\" data-db-index=\"21\" class=\"fsize-18\" data-cell-type=\"text\" data-original-value=\"15 DE NOVIEMBRE DE 2022, A LAS 10:30 HORAS\" data-order=\"15 DE NOVIEMBRE DE 2022, A LAS 10:30 HORAS\" >15 DE NOVIEMBRE DE 2022, A LAS 10:30 HORAS <\/td><td data-cell-id=\"B21\" data-x=\"1\" data-y=\"21\" data-db-index=\"21\" class=\"fsize-18\" data-cell-type=\"text\" data-original-value=\"ALEX ABRAHAM NAAL QUINTAL, EN SU CALIDAD DE REPRESENTANTE SUPLENTE ANTE EL CONSEJO GENERAL DEL INSTITUTO ELECTORAL DEL ESTADO DE CAMPECHE DEL PARTIDO POLITICO MOVIMIENTO CIUDADANO\" data-order=\"ALEX ABRAHAM NAAL QUINTAL, EN SU CALIDAD DE REPRESENTANTE SUPLENTE ANTE EL CONSEJO GENERAL DEL INSTITUTO ELECTORAL DEL ESTADO DE CAMPECHE DEL PARTIDO POLITICO MOVIMIENTO CIUDADANO\" >ALEX ABRAHAM NAAL QUINTAL, EN SU CALIDAD DE REPRESENTANTE SUPLENTE ANTE EL CONSEJO GENERAL DEL INSTITUTO ELECTORAL DEL ESTADO DE CAMPECHE DEL PARTIDO POLITICO MOVIMIENTO CIUDADANO <\/td><td data-cell-id=\"C21\" data-x=\"2\" data-y=\"21\" data-db-index=\"21\" class=\"fsize-18\" data-cell-type=\"text\" data-original-value=\"JUNTA GENERAL EJECUTIVA DEL INSTITUTO ELECTORAL DEL ESTADO DE CAMPECHE\" data-order=\"JUNTA GENERAL EJECUTIVA DEL INSTITUTO ELECTORAL DEL ESTADO DE CAMPECHE\" >JUNTA GENERAL EJECUTIVA DEL INSTITUTO ELECTORAL DEL ESTADO DE CAMPECHE <\/td><td data-cell-id=\"D21\" data-x=\"3\" data-y=\"21\" data-db-index=\"21\" class=\"fsize-18\" data-cell-type=\"text\" data-original-value=\"&lt;a href=&quot;https:\/\/teec.org.mx\/web\/wp-content\/uploads\/2022\/11\/TEEC-RAP-6-2022-15-11-2022.pdf&quot; target=&quot;_blank&quot;&gt;TEEC\/RAP\/6\/2022 Y SU ACUMULADO TEEC\/RAP\/10\/2022 (ACUERDO SE DECLARA FIRME Y VALEDERO LA SENTENCIA)&lt;\/a&gt;\" data-order=\"&lt;a href=&quot;https:\/\/teec.org.mx\/web\/wp-content\/uploads\/2022\/11\/TEEC-RAP-6-2022-15-11-2022.pdf&quot; target=&quot;_blank&quot;&gt;TEEC\/RAP\/6\/2022 Y SU ACUMULADO TEEC\/RAP\/10\/2022 (ACUERDO SE DECLARA FIRME Y VALEDERO LA SENTENCIA)&lt;\/a&gt;\" ><a href=\"https:\/\/teec.org.mx\/web\/wp-content\/uploads\/2022\/11\/TEEC-RAP-6-2022-15-11-2022.pdf\" target=\"_blank\">TEEC\/RAP\/6\/2022 Y SU ACUMULADO TEEC\/RAP\/10\/2022 (ACUERDO SE DECLARA FIRME Y VALEDERO LA SENTENCIA)<\/a><\/td><\/tr><tr style=\"height:px\" ><td data-cell-id=\"A22\" data-x=\"0\" data-y=\"22\" data-db-index=\"22\" class=\"fsize-18\" data-cell-type=\"text\" data-original-value=\"11 DE NOVIEMBRE DE 2022, A LAS 13:00 HORAS\" data-order=\"11 DE NOVIEMBRE DE 2022, A LAS 13:00 HORAS\" >11 DE NOVIEMBRE DE 2022, A LAS 13:00 HORAS <\/td><td data-cell-id=\"B22\" data-x=\"1\" data-y=\"22\" data-db-index=\"22\" class=\"fsize-18\" data-cell-type=\"text\" data-original-value=\"C\u00c9SAR CUAUHT\u00c9MOC S\u00c1NCHEZ CABRERA, EN CALIDAD DE DIRECTOR GENERAL DE LO CONTENCIOSO DE LA CONSEJER\u00cdA JUR\u00cdDICA DEL PODER EJECUTIVO DEL ESTADO DE CAMPECHE EN REPRESENTACI\u00d3N DE LA GOBERNADORA CONSTITUCIONAL DEL ESTADO DE CAMPECHE\" data-order=\"C\u00c9SAR CUAUHT\u00c9MOC S\u00c1NCHEZ CABRERA, EN CALIDAD DE DIRECTOR GENERAL DE LO CONTENCIOSO DE LA CONSEJER\u00cdA JUR\u00cdDICA DEL PODER EJECUTIVO DEL ESTADO DE CAMPECHE EN REPRESENTACI\u00d3N DE LA GOBERNADORA CONSTITUCIONAL DEL ESTADO DE CAMPECHE\" >C\u00c9SAR CUAUHT\u00c9MOC S\u00c1NCHEZ CABRERA, EN CALIDAD DE DIRECTOR GENERAL DE LO CONTENCIOSO DE LA CONSEJER\u00cdA JUR\u00cdDICA DEL PODER EJECUTIVO DEL ESTADO DE CAMPECHE EN REPRESENTACI\u00d3N DE LA GOBERNADORA CONSTITUCIONAL DEL ESTADO DE CAMPECHE <\/td><td data-cell-id=\"C22\" data-x=\"2\" data-y=\"22\" data-db-index=\"22\" class=\"fsize-18\" data-cell-type=\"text\" data-original-value=\"JUNTA GENERAL EJECUTIVA DEL INSTITUTO ELECTORAL DEL ESTADO DE CAMPECHE\" data-order=\"JUNTA GENERAL EJECUTIVA DEL INSTITUTO ELECTORAL DEL ESTADO DE CAMPECHE\" >JUNTA GENERAL EJECUTIVA DEL INSTITUTO ELECTORAL DEL ESTADO DE CAMPECHE <\/td><td data-cell-id=\"D22\" data-x=\"3\" data-y=\"22\" data-db-index=\"22\" class=\"fsize-18\" data-cell-type=\"text\" data-original-value=\"&lt;a href=&quot;https:\/\/teec.org.mx\/web\/wp-content\/uploads\/2022\/11\/TEEC-RAP-13-2022-11-11-2022.pdf&quot; target=&quot;_blank&quot;&gt;TEEC\/RAP\/13\/2022 (ACUERDO DE TURNO DE DOCUMENTACI\u00d3N)&lt;\/a&gt;\" data-order=\"&lt;a href=&quot;https:\/\/teec.org.mx\/web\/wp-content\/uploads\/2022\/11\/TEEC-RAP-13-2022-11-11-2022.pdf&quot; target=&quot;_blank&quot;&gt;TEEC\/RAP\/13\/2022 (ACUERDO DE TURNO DE DOCUMENTACI\u00d3N)&lt;\/a&gt;\" ><a href=\"https:\/\/teec.org.mx\/web\/wp-content\/uploads\/2022\/11\/TEEC-RAP-13-2022-11-11-2022.pdf\" target=\"_blank\">TEEC\/RAP\/13\/2022 (ACUERDO DE TURNO DE DOCUMENTACI\u00d3N)<\/a><\/td><\/tr><tr style=\"height:px\" ><td data-cell-id=\"A23\" data-x=\"0\" data-y=\"23\" data-db-index=\"23\" class=\"fsize-18\" data-cell-type=\"text\" data-original-value=\"09 DE NOVIEMBRE DE 2022, A LAS 13:15 HORAS\" data-order=\"09 DE NOVIEMBRE DE 2022, A LAS 13:15 HORAS\" >09 DE NOVIEMBRE DE 2022, A LAS 13:15 HORAS <\/td><td data-cell-id=\"B23\" data-x=\"1\" data-y=\"23\" data-db-index=\"23\" class=\"fsize-18\" data-cell-type=\"text\" data-original-value=\"C\u00c9SAR CUAUHT\u00c9MOC S\u00c1NCHEZ CABRERA, EN CALIDAD DE DIRECTOR GENERAL DE LO CONTENCIOSO DE LA CONSEJER\u00cdA JUR\u00cdDICA DEL PODER EJECUTIVO DEL ESTADO DE CAMPECHE EN REPRESENTACI\u00d3N DE LA GOBERNADORA CONSTITUCIONAL DEL ESTADO DE CAMPECHE\" data-order=\"C\u00c9SAR CUAUHT\u00c9MOC S\u00c1NCHEZ CABRERA, EN CALIDAD DE DIRECTOR GENERAL DE LO CONTENCIOSO DE LA CONSEJER\u00cdA JUR\u00cdDICA DEL PODER EJECUTIVO DEL ESTADO DE CAMPECHE EN REPRESENTACI\u00d3N DE LA GOBERNADORA CONSTITUCIONAL DEL ESTADO DE CAMPECHE\" >C\u00c9SAR CUAUHT\u00c9MOC S\u00c1NCHEZ CABRERA, EN CALIDAD DE DIRECTOR GENERAL DE LO CONTENCIOSO DE LA CONSEJER\u00cdA JUR\u00cdDICA DEL PODER EJECUTIVO DEL ESTADO DE CAMPECHE EN REPRESENTACI\u00d3N DE LA GOBERNADORA CONSTITUCIONAL DEL ESTADO DE CAMPECHE <\/td><td data-cell-id=\"C23\" data-x=\"2\" data-y=\"23\" data-db-index=\"23\" class=\"fsize-18\" data-cell-type=\"text\" data-original-value=\"JUNTA GENERAL EJECUTIVA DEL INSTITUTO ELECTORAL DEL ESTADO DE CAMPECHE\" data-order=\"JUNTA GENERAL EJECUTIVA DEL INSTITUTO ELECTORAL DEL ESTADO DE CAMPECHE\" >JUNTA GENERAL EJECUTIVA DEL INSTITUTO ELECTORAL DEL ESTADO DE CAMPECHE <\/td><td data-cell-id=\"D23\" data-x=\"3\" data-y=\"23\" data-db-index=\"23\" class=\"fsize-18\" data-cell-type=\"text\" data-original-value=\"&lt;a href=&quot;https:\/\/teec.org.mx\/web\/wp-content\/uploads\/2022\/11\/TEEC-RAP-12-2022-09-11-2022.pdf&quot; target=&quot;_blank&quot;&gt;TEEC\/RAP\/12\/2022 (ACUERDO DE TURNO DE DOCUMENTACI\u00d3N)&lt;\/a&gt;\" data-order=\"&lt;a href=&quot;https:\/\/teec.org.mx\/web\/wp-content\/uploads\/2022\/11\/TEEC-RAP-12-2022-09-11-2022.pdf&quot; target=&quot;_blank&quot;&gt;TEEC\/RAP\/12\/2022 (ACUERDO DE TURNO DE DOCUMENTACI\u00d3N)&lt;\/a&gt;\" ><a href=\"https:\/\/teec.org.mx\/web\/wp-content\/uploads\/2022\/11\/TEEC-RAP-12-2022-09-11-2022.pdf\" target=\"_blank\">TEEC\/RAP\/12\/2022 (ACUERDO DE TURNO DE DOCUMENTACI\u00d3N)<\/a><\/td><\/tr><tr style=\"height:px\" ><td data-cell-id=\"A24\" data-x=\"0\" data-y=\"24\" data-db-index=\"24\" class=\"fsize-18\" data-cell-type=\"text\" data-original-value=\"09 DE NOVIEMBRE DE 2022, A LAS 12:50 HORAS\" data-order=\"09 DE NOVIEMBRE DE 2022, A LAS 12:50 HORAS\" >09 DE NOVIEMBRE DE 2022, A LAS 12:50 HORAS <\/td><td data-cell-id=\"B24\" data-x=\"1\" data-y=\"24\" data-db-index=\"24\" class=\"fsize-18\" data-cell-type=\"text\" data-original-value=\"C\u00c9SAR CUAUHT\u00c9MOC S\u00c1NCHEZ CABRERA, EN CALIDAD DE DIRECTOR GENERAL DE LO CONTENCIOSO DE LA CONSEJER\u00cdA JUR\u00cdDICA DEL PODER EJECUTIVO DEL ESTADO DE CAMPECHE EN REPRESENTACI\u00d3N DE LA GOBERNADORA CONSTITUCIONAL DEL ESTADO DE CAMPECHE\" data-order=\"C\u00c9SAR CUAUHT\u00c9MOC S\u00c1NCHEZ CABRERA, EN CALIDAD DE DIRECTOR GENERAL DE LO CONTENCIOSO DE LA CONSEJER\u00cdA JUR\u00cdDICA DEL PODER EJECUTIVO DEL ESTADO DE CAMPECHE EN REPRESENTACI\u00d3N DE LA GOBERNADORA CONSTITUCIONAL DEL ESTADO DE CAMPECHE\" >C\u00c9SAR CUAUHT\u00c9MOC S\u00c1NCHEZ CABRERA, EN CALIDAD DE DIRECTOR GENERAL DE LO CONTENCIOSO DE LA CONSEJER\u00cdA JUR\u00cdDICA DEL PODER EJECUTIVO DEL ESTADO DE CAMPECHE EN REPRESENTACI\u00d3N DE LA GOBERNADORA CONSTITUCIONAL DEL ESTADO DE CAMPECHE <\/td><td data-cell-id=\"C24\" data-x=\"2\" data-y=\"24\" data-db-index=\"24\" class=\"fsize-18\" data-cell-type=\"text\" data-original-value=\"JUNTA GENERAL EJECUTIVA DEL INSTITUTO ELECTORAL DEL ESTADO DE CAMPECHE\" data-order=\"JUNTA GENERAL EJECUTIVA DEL INSTITUTO ELECTORAL DEL ESTADO DE CAMPECHE\" >JUNTA GENERAL EJECUTIVA DEL INSTITUTO ELECTORAL DEL ESTADO DE CAMPECHE <\/td><td data-cell-id=\"D24\" data-x=\"3\" data-y=\"24\" data-db-index=\"24\" class=\"fsize-18\" data-cell-type=\"text\" data-original-value=\"&lt;a href=&quot;https:\/\/teec.org.mx\/web\/wp-content\/uploads\/2022\/11\/TEEC-RAP-11-2022-09-11-2022.pdf&quot; target=&quot;_blank&quot;&gt;TEEC\/RAP\/11\/2022 (ACUERDO DE TURNO DE DOCUMENTACI\u00d3N)&lt;\/a&gt;\" data-order=\"&lt;a href=&quot;https:\/\/teec.org.mx\/web\/wp-content\/uploads\/2022\/11\/TEEC-RAP-11-2022-09-11-2022.pdf&quot; target=&quot;_blank&quot;&gt;TEEC\/RAP\/11\/2022 (ACUERDO DE TURNO DE DOCUMENTACI\u00d3N)&lt;\/a&gt;\" ><a href=\"https:\/\/teec.org.mx\/web\/wp-content\/uploads\/2022\/11\/TEEC-RAP-11-2022-09-11-2022.pdf\" target=\"_blank\">TEEC\/RAP\/11\/2022 (ACUERDO DE TURNO DE DOCUMENTACI\u00d3N)<\/a><\/td><\/tr><tr style=\"height:px\" ><td data-cell-id=\"A25\" data-x=\"0\" data-y=\"25\" data-db-index=\"25\" class=\"fsize-18\" data-cell-type=\"text\" data-original-value=\"08 DE NOVIEMBRE DE 2022, A LAS 11:30 HORAS\" data-order=\"08 DE NOVIEMBRE DE 2022, A LAS 11:30 HORAS\" >08 DE NOVIEMBRE DE 2022, A LAS 11:30 HORAS <\/td><td data-cell-id=\"B25\" data-x=\"1\" data-y=\"25\" data-db-index=\"25\" class=\"fsize-18\" data-cell-type=\"text\" data-original-value=\"ALEX ABRAHAM NAAL QUINTAL, EN SU CALIDAD DE REPRESENTANTE SUPLENTE ANTE EL CONSEJO GENERAL DEL INSTITUTO ELECTORAL DEL ESTADO DE CAMPECHE DEL PARTIDO POLITICO MOVIMIENTO CIUDADANO\" data-order=\"ALEX ABRAHAM NAAL QUINTAL, EN SU CALIDAD DE REPRESENTANTE SUPLENTE ANTE EL CONSEJO GENERAL DEL INSTITUTO ELECTORAL DEL ESTADO DE CAMPECHE DEL PARTIDO POLITICO MOVIMIENTO CIUDADANO\" >ALEX ABRAHAM NAAL QUINTAL, EN SU CALIDAD DE REPRESENTANTE SUPLENTE ANTE EL CONSEJO GENERAL DEL INSTITUTO ELECTORAL DEL ESTADO DE CAMPECHE DEL PARTIDO POLITICO MOVIMIENTO CIUDADANO <\/td><td data-cell-id=\"C25\" data-x=\"2\" data-y=\"25\" data-db-index=\"25\" class=\"fsize-18\" data-cell-type=\"text\" data-original-value=\"JUNTA GENERAL EJECUTIVA DEL INSTITUTO ELECTORAL DEL ESTADO DE CAMPECHE\" data-order=\"JUNTA GENERAL EJECUTIVA DEL INSTITUTO ELECTORAL DEL ESTADO DE CAMPECHE\" >JUNTA GENERAL EJECUTIVA DEL INSTITUTO ELECTORAL DEL ESTADO DE CAMPECHE <\/td><td data-cell-id=\"D25\" data-x=\"3\" data-y=\"25\" data-db-index=\"25\" class=\"fsize-18\" data-cell-type=\"text\" data-original-value=\"&lt;a href=&quot;https:\/\/teec.org.mx\/web\/wp-content\/uploads\/2022\/11\/TEEC-RAP-6-2022-y-acum.-sentencia-08-11-2022.pdf&quot; target=&quot;_blank&quot;&gt;TEEC\/RAP\/6\/2022 Y SU ACUMULADO TEEC\/RAP\/10\/2022 (SENTENCIA)&lt;\/a&gt;\" data-order=\"&lt;a href=&quot;https:\/\/teec.org.mx\/web\/wp-content\/uploads\/2022\/11\/TEEC-RAP-6-2022-y-acum.-sentencia-08-11-2022.pdf&quot; target=&quot;_blank&quot;&gt;TEEC\/RAP\/6\/2022 Y SU ACUMULADO TEEC\/RAP\/10\/2022 (SENTENCIA)&lt;\/a&gt;\" ><a href=\"https:\/\/teec.org.mx\/web\/wp-content\/uploads\/2022\/11\/TEEC-RAP-6-2022-y-acum.-sentencia-08-11-2022.pdf\" target=\"_blank\">TEEC\/RAP\/6\/2022 Y SU ACUMULADO TEEC\/RAP\/10\/2022 (SENTENCIA)<\/a><\/td><\/tr><tr style=\"height:px\" ><td data-cell-id=\"A26\" data-x=\"0\" data-y=\"26\" data-db-index=\"26\" class=\"fsize-18\" data-cell-type=\"text\" data-original-value=\"07 DE NOVIEMBRE DE 2022, A LAS 12:00 HORAS\" data-order=\"07 DE NOVIEMBRE DE 2022, A LAS 12:00 HORAS\" >07 DE NOVIEMBRE DE 2022, A LAS 12:00 HORAS <\/td><td data-cell-id=\"B26\" data-x=\"1\" data-y=\"26\" data-db-index=\"26\" class=\"fsize-18\" data-cell-type=\"text\" data-original-value=\"C\u00c9SAR CUAUHT\u00c9MOC S\u00c1NCHEZ CABRERA, EN CALIDAD DE DIRECTOR GENERAL DE LO CONTENCIOSO DE LA CONSEJER\u00cdA JUR\u00cdDICA DEL PODER EJECUTIVO DEL ESTADO DE CAMPECHE EN REPRESENTACI\u00d3N DE LA GOBERNADORA CONSTITUCIONAL DEL ESTADO DE CAMPECHE, LAYDA ELENA SANSORES SAN ROMAN\" data-order=\"C\u00c9SAR CUAUHT\u00c9MOC S\u00c1NCHEZ CABRERA, EN CALIDAD DE DIRECTOR GENERAL DE LO CONTENCIOSO DE LA CONSEJER\u00cdA JUR\u00cdDICA DEL PODER EJECUTIVO DEL ESTADO DE CAMPECHE EN REPRESENTACI\u00d3N DE LA GOBERNADORA CONSTITUCIONAL DEL ESTADO DE CAMPECHE, LAYDA ELENA SANSORES SAN ROMAN\" >C\u00c9SAR CUAUHT\u00c9MOC S\u00c1NCHEZ CABRERA, EN CALIDAD DE DIRECTOR GENERAL DE LO CONTENCIOSO DE LA CONSEJER\u00cdA JUR\u00cdDICA DEL PODER EJECUTIVO DEL ESTADO DE CAMPECHE EN REPRESENTACI\u00d3N DE LA GOBERNADORA CONSTITUCIONAL DEL ESTADO DE CAMPECHE, LAYDA ELENA SANSORES SAN ROMAN <\/td><td data-cell-id=\"C26\" data-x=\"2\" data-y=\"26\" data-db-index=\"26\" class=\"fsize-18\" data-cell-type=\"text\" data-original-value=\"JUNTA GENERAL EJECUTIVA DEL INSTITUTO ELECTORAL DEL ESTADO DE CAMPECHE\" data-order=\"JUNTA GENERAL EJECUTIVA DEL INSTITUTO ELECTORAL DEL ESTADO DE CAMPECHE\" >JUNTA GENERAL EJECUTIVA DEL INSTITUTO ELECTORAL DEL ESTADO DE CAMPECHE <\/td><td data-cell-id=\"D26\" data-x=\"3\" data-y=\"26\" data-db-index=\"26\" class=\"fsize-18\" data-cell-type=\"text\" data-original-value=\"&lt;a href=&quot;https:\/\/teec.org.mx\/web\/wp-content\/uploads\/2022\/11\/TEEC-RAP-13-2022-07-11-2022.pdf&quot; target=&quot;_blank&quot;&gt;TEEC\/RAP\/13\/2022 (ACUERDO DE ADMSI\u00d3N Y DATOS PERSONALES)&lt;\/a&gt;\" data-order=\"&lt;a href=&quot;https:\/\/teec.org.mx\/web\/wp-content\/uploads\/2022\/11\/TEEC-RAP-13-2022-07-11-2022.pdf&quot; target=&quot;_blank&quot;&gt;TEEC\/RAP\/13\/2022 (ACUERDO DE ADMSI\u00d3N Y DATOS PERSONALES)&lt;\/a&gt;\" ><a href=\"https:\/\/teec.org.mx\/web\/wp-content\/uploads\/2022\/11\/TEEC-RAP-13-2022-07-11-2022.pdf\" target=\"_blank\">TEEC\/RAP\/13\/2022 (ACUERDO DE ADMSI\u00d3N Y DATOS PERSONALES)<\/a><\/td><\/tr><tr style=\"height:px\" ><td data-cell-id=\"A27\" data-x=\"0\" data-y=\"27\" data-db-index=\"27\" class=\"fsize-18\" data-cell-type=\"text\" data-original-value=\"04 DE NOVIEMBRE DE 2022, A LAS 14:30 HORAS\" data-order=\"04 DE NOVIEMBRE DE 2022, A LAS 14:30 HORAS\" >04 DE NOVIEMBRE DE 2022, A LAS 14:30 HORAS <\/td><td data-cell-id=\"B27\" data-x=\"1\" data-y=\"27\" data-db-index=\"27\" class=\"fsize-18\" data-cell-type=\"text\" data-original-value=\"C\u00c9SAR CUAUHT\u00c9MOC S\u00c1NCHEZ CABRERA, EN CALIDAD DE DIRECTOR GENERAL DE LO CONTENCIOSO DE LA CONSEJER\u00cdA JUR\u00cdDICA DEL PODER EJECUTIVO DEL ESTADO DE CAMPECHE EN REPRESENTACI\u00d3N DE LA GOBERNADORA CONSTITUCIONAL DEL ESTADO DE CAMPECHE\" data-order=\"C\u00c9SAR CUAUHT\u00c9MOC S\u00c1NCHEZ CABRERA, EN CALIDAD DE DIRECTOR GENERAL DE LO CONTENCIOSO DE LA CONSEJER\u00cdA JUR\u00cdDICA DEL PODER EJECUTIVO DEL ESTADO DE CAMPECHE EN REPRESENTACI\u00d3N DE LA GOBERNADORA CONSTITUCIONAL DEL ESTADO DE CAMPECHE\" >C\u00c9SAR CUAUHT\u00c9MOC S\u00c1NCHEZ CABRERA, EN CALIDAD DE DIRECTOR GENERAL DE LO CONTENCIOSO DE LA CONSEJER\u00cdA JUR\u00cdDICA DEL PODER EJECUTIVO DEL ESTADO DE CAMPECHE EN REPRESENTACI\u00d3N DE LA GOBERNADORA CONSTITUCIONAL DEL ESTADO DE CAMPECHE <\/td><td data-cell-id=\"C27\" data-x=\"2\" data-y=\"27\" data-db-index=\"27\" class=\"fsize-18\" data-cell-type=\"text\" data-original-value=\"JUNTA GENERAL EJECUTIVA DEL INSTITUTO ELECTORAL DEL ESTADO DE CAMPECHE\" data-order=\"JUNTA GENERAL EJECUTIVA DEL INSTITUTO ELECTORAL DEL ESTADO DE CAMPECHE\" >JUNTA GENERAL EJECUTIVA DEL INSTITUTO ELECTORAL DEL ESTADO DE CAMPECHE <\/td><td data-cell-id=\"D27\" data-x=\"3\" data-y=\"27\" data-db-index=\"27\" class=\"fsize-18\" data-cell-type=\"text\" data-original-value=\"&lt;a href=&quot;https:\/\/teec.org.mx\/web\/wp-content\/uploads\/2022\/11\/TEEC-RAP-11-2022-04-11-2022.pdf&quot; target=&quot;_blank&quot;&gt;TEEC\/RAP\/11\/2022 (ACUERDO DE ADMISI\u00d3N)&lt;\/a&gt;\" data-order=\"&lt;a href=&quot;https:\/\/teec.org.mx\/web\/wp-content\/uploads\/2022\/11\/TEEC-RAP-11-2022-04-11-2022.pdf&quot; target=&quot;_blank&quot;&gt;TEEC\/RAP\/11\/2022 (ACUERDO DE ADMISI\u00d3N)&lt;\/a&gt;\" ><a href=\"https:\/\/teec.org.mx\/web\/wp-content\/uploads\/2022\/11\/TEEC-RAP-11-2022-04-11-2022.pdf\" target=\"_blank\">TEEC\/RAP\/11\/2022 (ACUERDO DE ADMISI\u00d3N)<\/a><\/td><\/tr><tr style=\"height:px\" ><td data-cell-id=\"A28\" data-x=\"0\" data-y=\"28\" data-db-index=\"28\" class=\"fsize-18\" data-cell-type=\"text\" data-original-value=\"04 DE NOVIEMBRE DE 2022, A LAS 14:15 HORAS\" data-order=\"04 DE NOVIEMBRE DE 2022, A LAS 14:15 HORAS\" >04 DE NOVIEMBRE DE 2022, A LAS 14:15 HORAS <\/td><td data-cell-id=\"B28\" data-x=\"1\" data-y=\"28\" data-db-index=\"28\" class=\"fsize-18\" data-cell-type=\"text\" data-original-value=\"ALEX ABRAHAM NAAL QUINTAL, EN SU CALIDAD DE REPRESENTANTE SUPLENTE ANTE EL CONSEJO GENERAL DEL INSTITUTO ELECTORAL DEL ESTADO DE CAMPECHE DEL PARTIDO POLITICO MOVIMIENTO CIUDADANO\" data-order=\"ALEX ABRAHAM NAAL QUINTAL, EN SU CALIDAD DE REPRESENTANTE SUPLENTE ANTE EL CONSEJO GENERAL DEL INSTITUTO ELECTORAL DEL ESTADO DE CAMPECHE DEL PARTIDO POLITICO MOVIMIENTO CIUDADANO\" >ALEX ABRAHAM NAAL QUINTAL, EN SU CALIDAD DE REPRESENTANTE SUPLENTE ANTE EL CONSEJO GENERAL DEL INSTITUTO ELECTORAL DEL ESTADO DE CAMPECHE DEL PARTIDO POLITICO MOVIMIENTO CIUDADANO <\/td><td data-cell-id=\"C28\" data-x=\"2\" data-y=\"28\" data-db-index=\"28\" class=\"fsize-18\" data-cell-type=\"text\" data-original-value=\"JUNTA GENERAL EJECUTIVA DEL INSTITUTO ELECTORAL DEL ESTADO DE CAMPECHE\" data-order=\"JUNTA GENERAL EJECUTIVA DEL INSTITUTO ELECTORAL DEL ESTADO DE CAMPECHE\" >JUNTA GENERAL EJECUTIVA DEL INSTITUTO ELECTORAL DEL ESTADO DE CAMPECHE <\/td><td data-cell-id=\"D28\" data-x=\"3\" data-y=\"28\" data-db-index=\"28\" class=\"fsize-18\" data-cell-type=\"text\" data-original-value=\"&lt;a href=&quot;https:\/\/teec.org.mx\/web\/wp-content\/uploads\/2022\/11\/TEEC-RAP-6-2022-2do-acu-04-11-2022.pdf&quot; target=&quot;_blank&quot;&gt;TEEC\/RAP\/6\/2022 Y SU ACUMULADO TEEC\/RAP\/10\/2022 (SE FIJA FECHA Y HORA PARA SESION)&lt;\/a&gt;\" data-order=\"&lt;a href=&quot;https:\/\/teec.org.mx\/web\/wp-content\/uploads\/2022\/11\/TEEC-RAP-6-2022-2do-acu-04-11-2022.pdf&quot; target=&quot;_blank&quot;&gt;TEEC\/RAP\/6\/2022 Y SU ACUMULADO TEEC\/RAP\/10\/2022 (SE FIJA FECHA Y HORA PARA SESION)&lt;\/a&gt;\" ><a href=\"https:\/\/teec.org.mx\/web\/wp-content\/uploads\/2022\/11\/TEEC-RAP-6-2022-2do-acu-04-11-2022.pdf\" target=\"_blank\">TEEC\/RAP\/6\/2022 Y SU ACUMULADO TEEC\/RAP\/10\/2022 (SE FIJA FECHA Y HORA PARA SESION)<\/a><\/td><\/tr><tr style=\"height:px\" ><td data-cell-id=\"A29\" data-x=\"0\" data-y=\"29\" data-db-index=\"29\" class=\"fsize-18\" data-cell-type=\"text\" data-original-value=\"04 DE NOVIEMBRE DE 2022, A LAS 13:45 HORAS\" data-order=\"04 DE NOVIEMBRE DE 2022, A LAS 13:45 HORAS\" >04 DE NOVIEMBRE DE 2022, A LAS 13:45 HORAS <\/td><td data-cell-id=\"B29\" data-x=\"1\" data-y=\"29\" data-db-index=\"29\" class=\"fsize-18\" data-cell-type=\"text\" data-original-value=\"ALEX ABRAHAM NAAL QUINTAL, EN SU CALIDAD DE REPRESENTANTE SUPLENTE ANTE EL CONSEJO GENERAL DEL INSTITUTO ELECTORAL DEL ESTADO DE CAMPECHE DEL PARTIDO POLITICO MOVIMIENTO CIUDADANO\" data-order=\"ALEX ABRAHAM NAAL QUINTAL, EN SU CALIDAD DE REPRESENTANTE SUPLENTE ANTE EL CONSEJO GENERAL DEL INSTITUTO ELECTORAL DEL ESTADO DE CAMPECHE DEL PARTIDO POLITICO MOVIMIENTO CIUDADANO\" >ALEX ABRAHAM NAAL QUINTAL, EN SU CALIDAD DE REPRESENTANTE SUPLENTE ANTE EL CONSEJO GENERAL DEL INSTITUTO ELECTORAL DEL ESTADO DE CAMPECHE DEL PARTIDO POLITICO MOVIMIENTO CIUDADANO <\/td><td data-cell-id=\"C29\" data-x=\"2\" data-y=\"29\" data-db-index=\"29\" class=\"fsize-18\" data-cell-type=\"text\" data-original-value=\"JUNTA GENERAL EJECUTIVA DEL INSTITUTO ELECTORAL DEL ESTADO DE CAMPECHE\" data-order=\"JUNTA GENERAL EJECUTIVA DEL INSTITUTO ELECTORAL DEL ESTADO DE CAMPECHE\" >JUNTA GENERAL EJECUTIVA DEL INSTITUTO ELECTORAL DEL ESTADO DE CAMPECHE <\/td><td data-cell-id=\"D29\" data-x=\"3\" data-y=\"29\" data-db-index=\"29\" class=\"fsize-18\" data-cell-type=\"text\" data-original-value=\"&lt;a href=&quot;https:\/\/teec.org.mx\/web\/wp-content\/uploads\/2022\/11\/TEEC-RAP-6-2022-04-11-2022.pdf&quot; target=&quot;_blank&quot;&gt;TEEC\/RAP\/6\/2022 Y SU ACUMULADO TEEC\/RAP\/10\/2022 (ACUERDO DE CIERRE DE INSTRUCCI\u00d3N Y SOLICITUD DE FECHA Y HORA)&lt;\/a&gt;\" data-order=\"&lt;a href=&quot;https:\/\/teec.org.mx\/web\/wp-content\/uploads\/2022\/11\/TEEC-RAP-6-2022-04-11-2022.pdf&quot; target=&quot;_blank&quot;&gt;TEEC\/RAP\/6\/2022 Y SU ACUMULADO TEEC\/RAP\/10\/2022 (ACUERDO DE CIERRE DE INSTRUCCI\u00d3N Y SOLICITUD DE FECHA Y HORA)&lt;\/a&gt;\" ><a href=\"https:\/\/teec.org.mx\/web\/wp-content\/uploads\/2022\/11\/TEEC-RAP-6-2022-04-11-2022.pdf\" target=\"_blank\">TEEC\/RAP\/6\/2022 Y SU ACUMULADO TEEC\/RAP\/10\/2022 (ACUERDO DE CIERRE DE INSTRUCCI\u00d3N Y SOLICITUD DE FECHA Y HORA)<\/a><\/td><\/tr><tr style=\"height:px\" ><td data-cell-id=\"A30\" data-x=\"0\" data-y=\"30\" data-db-index=\"30\" class=\"fsize-18\" data-cell-type=\"text\" data-original-value=\"04 DE OCTUBRE DE 2022, A LAS 13:00 HORAS\" data-order=\"04 DE OCTUBRE DE 2022, A LAS 13:00 HORAS\" >04 DE OCTUBRE DE 2022, A LAS 13:00 HORAS <\/td><td data-cell-id=\"B30\" data-x=\"1\" data-y=\"30\" data-db-index=\"30\" class=\"fsize-18\" data-cell-type=\"text\" data-original-value=\"ALEX ABRAHAM NAAL QUINTAL, EN SU CALIDAD DE REPRESENTANTE SUPLENTE ANTE EL CONSEJO GENERAL DEL INSTITUTO ELECTORAL DEL ESTADO DE CAMPECHE DEL PARTIDO POLITICO MOVIMIENTO CIUDADANO Y ELISEO FERN\u00c1NDEZ MONTUFAR\" data-order=\"ALEX ABRAHAM NAAL QUINTAL, EN SU CALIDAD DE REPRESENTANTE SUPLENTE ANTE EL CONSEJO GENERAL DEL INSTITUTO ELECTORAL DEL ESTADO DE CAMPECHE DEL PARTIDO POLITICO MOVIMIENTO CIUDADANO Y ELISEO FERN\u00c1NDEZ MONTUFAR\" >ALEX ABRAHAM NAAL QUINTAL, EN SU CALIDAD DE REPRESENTANTE SUPLENTE ANTE EL CONSEJO GENERAL DEL INSTITUTO ELECTORAL DEL ESTADO DE CAMPECHE DEL PARTIDO POLITICO MOVIMIENTO CIUDADANO Y ELISEO FERN\u00c1NDEZ MONTUFAR <\/td><td data-cell-id=\"C30\" data-x=\"2\" data-y=\"30\" data-db-index=\"30\" class=\"fsize-18\" data-cell-type=\"text\" data-original-value=\"JUNTA GENERAL EJECUTIVA DEL INSTITUTO ELECTORAL DEL ESTADO DE CAMPECHE\" data-order=\"JUNTA GENERAL EJECUTIVA DEL INSTITUTO ELECTORAL DEL ESTADO DE CAMPECHE\" >JUNTA GENERAL EJECUTIVA DEL INSTITUTO ELECTORAL DEL ESTADO DE CAMPECHE <\/td><td data-cell-id=\"D30\" data-x=\"3\" data-y=\"30\" data-db-index=\"30\" class=\"fsize-18\" data-cell-type=\"text\" data-original-value=\"&lt;a href=&quot;https:\/\/teec.org.mx\/web\/wp-content\/uploads\/2022\/11\/TEEC-RAP-7-2022-y-acum.-sentencia-04-11-2022.pdf&quot; target=&quot;_blank&quot;&gt;TEEC\/RAP\/7\/2022 Y SUS ACUMULADOS TEEC\/RAP\/8\/2022 Y TEEC\/RAP\/9\/2022 (SENTENCIA)&lt;\/a&gt;\" data-order=\"&lt;a href=&quot;https:\/\/teec.org.mx\/web\/wp-content\/uploads\/2022\/11\/TEEC-RAP-7-2022-y-acum.-sentencia-04-11-2022.pdf&quot; target=&quot;_blank&quot;&gt;TEEC\/RAP\/7\/2022 Y SUS ACUMULADOS TEEC\/RAP\/8\/2022 Y TEEC\/RAP\/9\/2022 (SENTENCIA)&lt;\/a&gt;\" ><a href=\"https:\/\/teec.org.mx\/web\/wp-content\/uploads\/2022\/11\/TEEC-RAP-7-2022-y-acum.-sentencia-04-11-2022.pdf\" target=\"_blank\">TEEC\/RAP\/7\/2022 Y SUS ACUMULADOS TEEC\/RAP\/8\/2022 Y TEEC\/RAP\/9\/2022 (SENTENCIA)<\/a><\/td><\/tr><tr style=\"height:px\" ><td data-cell-id=\"A31\" data-x=\"0\" data-y=\"31\" data-db-index=\"31\" class=\"fsize-18\" data-cell-type=\"text\" data-original-value=\"04 DE NOVIEMBRE DE 2022, A LAS 10:00 HORAS\" data-order=\"04 DE NOVIEMBRE DE 2022, A LAS 10:00 HORAS\" >04 DE NOVIEMBRE DE 2022, A LAS 10:00 HORAS <\/td><td data-cell-id=\"B31\" data-x=\"1\" data-y=\"31\" data-db-index=\"31\" class=\"fsize-18\" data-cell-type=\"text\" data-original-value=\"C\u00c9SAR CUAUHT\u00c9MOC S\u00c1NCHEZ CABRERA, EN CALIDAD DE DIRECTOR GENERAL DE LO CONTENCIOSO DE LA CONSEJER\u00cdA JUR\u00cdDICA DEL PODER EJECUTIVO DEL ESTADO DE CAMPECHE EN REPRESENTACI\u00d3N DE LA GOBERNADORA CONSTITUCIONAL DEL ESTADO DE CAMPECHE\" data-order=\"C\u00c9SAR CUAUHT\u00c9MOC S\u00c1NCHEZ CABRERA, EN CALIDAD DE DIRECTOR GENERAL DE LO CONTENCIOSO DE LA CONSEJER\u00cdA JUR\u00cdDICA DEL PODER EJECUTIVO DEL ESTADO DE CAMPECHE EN REPRESENTACI\u00d3N DE LA GOBERNADORA CONSTITUCIONAL DEL ESTADO DE CAMPECHE\" >C\u00c9SAR CUAUHT\u00c9MOC S\u00c1NCHEZ CABRERA, EN CALIDAD DE DIRECTOR GENERAL DE LO CONTENCIOSO DE LA CONSEJER\u00cdA JUR\u00cdDICA DEL PODER EJECUTIVO DEL ESTADO DE CAMPECHE EN REPRESENTACI\u00d3N DE LA GOBERNADORA CONSTITUCIONAL DEL ESTADO DE CAMPECHE <\/td><td data-cell-id=\"C31\" data-x=\"2\" data-y=\"31\" data-db-index=\"31\" class=\"fsize-18\" data-cell-type=\"text\" data-original-value=\"JUNTA GENERAL EJECUTIVA DEL INSTITUTO ELECTORAL DEL ESTADO DE CAMPECHE\" data-order=\"JUNTA GENERAL EJECUTIVA DEL INSTITUTO ELECTORAL DEL ESTADO DE CAMPECHE\" >JUNTA GENERAL EJECUTIVA DEL INSTITUTO ELECTORAL DEL ESTADO DE CAMPECHE <\/td><td data-cell-id=\"D31\" data-x=\"3\" data-y=\"31\" data-db-index=\"31\" class=\"fsize-18\" data-cell-type=\"text\" data-original-value=\"&lt;a href=&quot;https:\/\/teec.org.mx\/web\/wp-content\/uploads\/2022\/11\/TEEC-RAP-12-2022-04-11-2022.pdf&quot; target=&quot;_blank&quot;&gt;TEEC\/RAP\/12\/2022 (ACUERDO DE ADMISI\u00d3N)&lt;\/a&gt;\" data-order=\"&lt;a href=&quot;https:\/\/teec.org.mx\/web\/wp-content\/uploads\/2022\/11\/TEEC-RAP-12-2022-04-11-2022.pdf&quot; target=&quot;_blank&quot;&gt;TEEC\/RAP\/12\/2022 (ACUERDO DE ADMISI\u00d3N)&lt;\/a&gt;\" ><a href=\"https:\/\/teec.org.mx\/web\/wp-content\/uploads\/2022\/11\/TEEC-RAP-12-2022-04-11-2022.pdf\" target=\"_blank\">TEEC\/RAP\/12\/2022 (ACUERDO DE ADMISI\u00d3N)<\/a><\/td><\/tr><tr style=\"height:px\" ><td data-cell-id=\"A32\" data-x=\"0\" data-y=\"32\" data-db-index=\"32\" class=\"fsize-18\" data-cell-type=\"text\" data-original-value=\"28 DE OCTUBRE DE 2022, A LAS 12:00 HORAS\" data-order=\"28 DE OCTUBRE DE 2022, A LAS 12:00 HORAS\" >28 DE OCTUBRE DE 2022, A LAS 12:00 HORAS <\/td><td data-cell-id=\"B32\" data-x=\"1\" data-y=\"32\" data-db-index=\"32\" class=\"fsize-18\" data-cell-type=\"text\" data-original-value=\"ALEX ABRAHAM NAAL QUINTAL, EN SU CALIDAD DE REPRESENTANTE SUPLENTE ANTE EL CONSEJO GENERAL DEL INSTITUTO ELECTORAL DEL ESTADO DE CAMPECHE DEL PARTIDO POLITICO MOVIMIENTO CIUDADANO Y ELISEO FERN\u00c1NDEZ MONTUFAR\" data-order=\"ALEX ABRAHAM NAAL QUINTAL, EN SU CALIDAD DE REPRESENTANTE SUPLENTE ANTE EL CONSEJO GENERAL DEL INSTITUTO ELECTORAL DEL ESTADO DE CAMPECHE DEL PARTIDO POLITICO MOVIMIENTO CIUDADANO Y ELISEO FERN\u00c1NDEZ MONTUFAR\" >ALEX ABRAHAM NAAL QUINTAL, EN SU CALIDAD DE REPRESENTANTE SUPLENTE ANTE EL CONSEJO GENERAL DEL INSTITUTO ELECTORAL DEL ESTADO DE CAMPECHE DEL PARTIDO POLITICO MOVIMIENTO CIUDADANO Y ELISEO FERN\u00c1NDEZ MONTUFAR <\/td><td data-cell-id=\"C32\" data-x=\"2\" data-y=\"32\" data-db-index=\"32\" class=\"fsize-18\" data-cell-type=\"text\" data-original-value=\"JUNTA GENERAL EJECUTIVA DEL INSTITUTO ELECTORAL DEL ESTADO DE CAMPECHE\" data-order=\"JUNTA GENERAL EJECUTIVA DEL INSTITUTO ELECTORAL DEL ESTADO DE CAMPECHE\" >JUNTA GENERAL EJECUTIVA DEL INSTITUTO ELECTORAL DEL ESTADO DE CAMPECHE <\/td><td data-cell-id=\"D32\" data-x=\"3\" data-y=\"32\" data-db-index=\"32\" class=\"fsize-18\" data-cell-type=\"text\" data-original-value=\"&lt;a href=&quot;https:\/\/teec.org.mx\/web\/wp-content\/uploads\/2022\/10\/TEEC-RAP-7-2022-28-10-2022.pdf&quot; target=&quot;_blank&quot;&gt;TEEC\/RAP\/7\/2022 Y SUS ACUMULADOS TEEC\/RAP\/8\/2022 Y TEEC\/RAP\/9\/2022 (ACUERDO CIERRE DE INSTRUCCI\u00d3N Y FIJACI\u00d3N DE FECHA Y HORA)&lt;\/a&gt;\" data-order=\"&lt;a href=&quot;https:\/\/teec.org.mx\/web\/wp-content\/uploads\/2022\/10\/TEEC-RAP-7-2022-28-10-2022.pdf&quot; target=&quot;_blank&quot;&gt;TEEC\/RAP\/7\/2022 Y SUS ACUMULADOS TEEC\/RAP\/8\/2022 Y TEEC\/RAP\/9\/2022 (ACUERDO CIERRE DE INSTRUCCI\u00d3N Y FIJACI\u00d3N DE FECHA Y HORA)&lt;\/a&gt;\" ><a href=\"https:\/\/teec.org.mx\/web\/wp-content\/uploads\/2022\/10\/TEEC-RAP-7-2022-28-10-2022.pdf\" target=\"_blank\">TEEC\/RAP\/7\/2022 Y SUS ACUMULADOS TEEC\/RAP\/8\/2022 Y TEEC\/RAP\/9\/2022 (ACUERDO CIERRE DE INSTRUCCI\u00d3N Y FIJACI\u00d3N DE FECHA Y HORA)<\/a><\/td><\/tr><tr style=\"height:px\" ><td data-cell-id=\"A33\" data-x=\"0\" data-y=\"33\" data-db-index=\"33\" class=\"fsize-18\" data-cell-type=\"text\" data-original-value=\"26 DE OCTUBRE DE 2022, A LAS 11:15 HORAS\" data-order=\"26 DE OCTUBRE DE 2022, A LAS 11:15 HORAS\" >26 DE OCTUBRE DE 2022, A LAS 11:15 HORAS <\/td><td data-cell-id=\"B33\" data-x=\"1\" data-y=\"33\" data-db-index=\"33\" class=\"fsize-18\" data-cell-type=\"text\" data-original-value=\"C\u00c9SAR CUAUHT\u00c9MOC S\u00c1NCHEZ CABRERA, EN CALIDAD DE DIRECTOR GENERAL DE LO CONTENCIOSO DE LA CONSEJER\u00cdA JUR\u00cdDICA DEL PODER EJECUTIVO DEL ESTADO DE CAMPECHE EN REPRESENTACI\u00d3N DE LA GOBERNADORA CONSTITUCIONAL DEL ESTADO DE CAMPECHE\" data-order=\"C\u00c9SAR CUAUHT\u00c9MOC S\u00c1NCHEZ CABRERA, EN CALIDAD DE DIRECTOR GENERAL DE LO CONTENCIOSO DE LA CONSEJER\u00cdA JUR\u00cdDICA DEL PODER EJECUTIVO DEL ESTADO DE CAMPECHE EN REPRESENTACI\u00d3N DE LA GOBERNADORA CONSTITUCIONAL DEL ESTADO DE CAMPECHE\" >C\u00c9SAR CUAUHT\u00c9MOC S\u00c1NCHEZ CABRERA, EN CALIDAD DE DIRECTOR GENERAL DE LO CONTENCIOSO DE LA CONSEJER\u00cdA JUR\u00cdDICA DEL PODER EJECUTIVO DEL ESTADO DE CAMPECHE EN REPRESENTACI\u00d3N DE LA GOBERNADORA CONSTITUCIONAL DEL ESTADO DE CAMPECHE <\/td><td data-cell-id=\"C33\" data-x=\"2\" data-y=\"33\" data-db-index=\"33\" class=\"fsize-18\" data-cell-type=\"text\" data-original-value=\"JUNTA GENERAL EJECUTIVA DEL INSTITUTO ELECTORAL DEL ESTADO DE CAMPECHE\" data-order=\"JUNTA GENERAL EJECUTIVA DEL INSTITUTO ELECTORAL DEL ESTADO DE CAMPECHE\" >JUNTA GENERAL EJECUTIVA DEL INSTITUTO ELECTORAL DEL ESTADO DE CAMPECHE <\/td><td data-cell-id=\"D33\" data-x=\"3\" data-y=\"33\" data-db-index=\"33\" class=\"fsize-18\" data-cell-type=\"text\" data-original-value=\"&lt;a href=&quot;https:\/\/teec.org.mx\/web\/wp-content\/uploads\/2022\/10\/TEEC-RAP-11-2022-26-10-2022.pdf&quot; target=&quot;_blank&quot;&gt;TEEC\/RAP\/11\/2022 (ACUERDO DE RECEPCI\u00d3N Y RADICACI\u00d3N)&lt;\/a&gt;\" data-order=\"&lt;a href=&quot;https:\/\/teec.org.mx\/web\/wp-content\/uploads\/2022\/10\/TEEC-RAP-11-2022-26-10-2022.pdf&quot; target=&quot;_blank&quot;&gt;TEEC\/RAP\/11\/2022 (ACUERDO DE RECEPCI\u00d3N Y RADICACI\u00d3N)&lt;\/a&gt;\" ><a href=\"https:\/\/teec.org.mx\/web\/wp-content\/uploads\/2022\/10\/TEEC-RAP-11-2022-26-10-2022.pdf\" target=\"_blank\">TEEC\/RAP\/11\/2022 (ACUERDO DE RECEPCI\u00d3N Y RADICACI\u00d3N)<\/a><\/td><\/tr><tr style=\"height:px\" ><td data-cell-id=\"A34\" data-x=\"0\" data-y=\"34\" data-db-index=\"34\" class=\"fsize-18\" data-cell-type=\"text\" data-original-value=\"26 DE OCTUBRE DE 2022, A LAS 10:30 HORAS\" data-order=\"26 DE OCTUBRE DE 2022, A LAS 10:30 HORAS\" >26 DE OCTUBRE DE 2022, A LAS 10:30 HORAS <\/td><td data-cell-id=\"B34\" data-x=\"1\" data-y=\"34\" data-db-index=\"34\" class=\"fsize-18\" data-cell-type=\"text\" data-original-value=\"C\u00c9SAR CUAUHT\u00c9MOC S\u00c1NCHEZ CABRERA, EN CALIDAD DE DIRECTOR GENERAL DE LO CONTENCIOSO DE LA CONSEJER\u00cdA JUR\u00cdDICA DEL PODER EJECUTIVO DEL ESTADO DE CAMPECHE EN REPRESENTACI\u00d3N DE LA GOBERNADORA CONSTITUCIONAL DEL ESTADO DE CAMPECHE, LAYDA ELENA SANSORES SAN ROMAN\" data-order=\"C\u00c9SAR CUAUHT\u00c9MOC S\u00c1NCHEZ CABRERA, EN CALIDAD DE DIRECTOR GENERAL DE LO CONTENCIOSO DE LA CONSEJER\u00cdA JUR\u00cdDICA DEL PODER EJECUTIVO DEL ESTADO DE CAMPECHE EN REPRESENTACI\u00d3N DE LA GOBERNADORA CONSTITUCIONAL DEL ESTADO DE CAMPECHE, LAYDA ELENA SANSORES SAN ROMAN\" >C\u00c9SAR CUAUHT\u00c9MOC S\u00c1NCHEZ CABRERA, EN CALIDAD DE DIRECTOR GENERAL DE LO CONTENCIOSO DE LA CONSEJER\u00cdA JUR\u00cdDICA DEL PODER EJECUTIVO DEL ESTADO DE CAMPECHE EN REPRESENTACI\u00d3N DE LA GOBERNADORA CONSTITUCIONAL DEL ESTADO DE CAMPECHE, LAYDA ELENA SANSORES SAN ROMAN <\/td><td data-cell-id=\"C34\" data-x=\"2\" data-y=\"34\" data-db-index=\"34\" class=\"fsize-18\" data-cell-type=\"text\" data-original-value=\"JUNTA GENERAL EJECUTIVA DEL INSTITUTO ELECTORAL DEL ESTADO DE CAMPECHE\" data-order=\"JUNTA GENERAL EJECUTIVA DEL INSTITUTO ELECTORAL DEL ESTADO DE CAMPECHE\" >JUNTA GENERAL EJECUTIVA DEL INSTITUTO ELECTORAL DEL ESTADO DE CAMPECHE <\/td><td data-cell-id=\"D34\" data-x=\"3\" data-y=\"34\" data-db-index=\"34\" class=\"fsize-18\" data-cell-type=\"text\" data-original-value=\"&lt;a href=&quot;https:\/\/teec.org.mx\/web\/wp-content\/uploads\/2022\/10\/TEEC-RAP-13-2022-26-10-2022.pdf&quot; target=&quot;_blank&quot;&gt;TEEC\/RAP\/13\/2022 (ACUERDO DE RECEPCI\u00d3N Y RADICACI\u00d3N)&lt;\/a&gt;\" data-order=\"&lt;a href=&quot;https:\/\/teec.org.mx\/web\/wp-content\/uploads\/2022\/10\/TEEC-RAP-13-2022-26-10-2022.pdf&quot; target=&quot;_blank&quot;&gt;TEEC\/RAP\/13\/2022 (ACUERDO DE RECEPCI\u00d3N Y RADICACI\u00d3N)&lt;\/a&gt;\" ><a href=\"https:\/\/teec.org.mx\/web\/wp-content\/uploads\/2022\/10\/TEEC-RAP-13-2022-26-10-2022.pdf\" target=\"_blank\">TEEC\/RAP\/13\/2022 (ACUERDO DE RECEPCI\u00d3N Y RADICACI\u00d3N)<\/a><\/td><\/tr><tr style=\"height:px\" ><td data-cell-id=\"A35\" data-x=\"0\" data-y=\"35\" data-db-index=\"35\" class=\"fsize-18\" data-cell-type=\"text\" data-original-value=\"25 DE OCTUBRE DE 2022, A LAS 14:30 HORAS\" data-order=\"25 DE OCTUBRE DE 2022, A LAS 14:30 HORAS\" >25 DE OCTUBRE DE 2022, A LAS 14:30 HORAS <\/td><td data-cell-id=\"B35\" data-x=\"1\" data-y=\"35\" data-db-index=\"35\" class=\"fsize-18\" data-cell-type=\"text\" data-original-value=\"ALEX ABRAHAM NAAL QUINTAL, EN SU CALIDAD DE REPRESENTANTE SUPLENTE ANTE EL CONSEJO GENERAL DEL INSTITUTO ELECTORAL DEL ESTADO DE CAMPECHE DEL PARTIDO POLITICO MOVIMIENTO CIUDADANO Y ELISEO FERN\u00c1NDEZ MONTUFAR\" data-order=\"ALEX ABRAHAM NAAL QUINTAL, EN SU CALIDAD DE REPRESENTANTE SUPLENTE ANTE EL CONSEJO GENERAL DEL INSTITUTO ELECTORAL DEL ESTADO DE CAMPECHE DEL PARTIDO POLITICO MOVIMIENTO CIUDADANO Y ELISEO FERN\u00c1NDEZ MONTUFAR\" >ALEX ABRAHAM NAAL QUINTAL, EN SU CALIDAD DE REPRESENTANTE SUPLENTE ANTE EL CONSEJO GENERAL DEL INSTITUTO ELECTORAL DEL ESTADO DE CAMPECHE DEL PARTIDO POLITICO MOVIMIENTO CIUDADANO Y ELISEO FERN\u00c1NDEZ MONTUFAR <\/td><td data-cell-id=\"C35\" data-x=\"2\" data-y=\"35\" data-db-index=\"35\" class=\"fsize-18\" data-cell-type=\"text\" data-original-value=\"JUNTA GENERAL EJECUTIVA DEL INSTITUTO ELECTORAL DEL ESTADO DE CAMPECHE\" data-order=\"JUNTA GENERAL EJECUTIVA DEL INSTITUTO ELECTORAL DEL ESTADO DE CAMPECHE\" >JUNTA GENERAL EJECUTIVA DEL INSTITUTO ELECTORAL DEL ESTADO DE CAMPECHE <\/td><td data-cell-id=\"D35\" data-x=\"3\" data-y=\"35\" data-db-index=\"35\" class=\"fsize-18\" data-cell-type=\"text\" data-original-value=\"&lt;a href=&quot;https:\/\/teec.org.mx\/web\/wp-content\/uploads\/2022\/10\/TEEC-RAP-7-2022-y-acum.-25-10-2022.pdf&quot; target=&quot;_blank&quot;&gt;TEEC\/RAP\/7\/2022 Y SUS ACUMULADOS TEEC\/RAP\/8\/2022 Y TEEC\/RAP\/9\/2022 (ACUERDO DE CUMPLIMIENTO DE REQUERIMIENTO Y ACUMULACI\u00d3N)&lt;\/a&gt;\" data-order=\"&lt;a href=&quot;https:\/\/teec.org.mx\/web\/wp-content\/uploads\/2022\/10\/TEEC-RAP-7-2022-y-acum.-25-10-2022.pdf&quot; target=&quot;_blank&quot;&gt;TEEC\/RAP\/7\/2022 Y SUS ACUMULADOS TEEC\/RAP\/8\/2022 Y TEEC\/RAP\/9\/2022 (ACUERDO DE CUMPLIMIENTO DE REQUERIMIENTO Y ACUMULACI\u00d3N)&lt;\/a&gt;\" ><a href=\"https:\/\/teec.org.mx\/web\/wp-content\/uploads\/2022\/10\/TEEC-RAP-7-2022-y-acum.-25-10-2022.pdf\" target=\"_blank\">TEEC\/RAP\/7\/2022 Y SUS ACUMULADOS TEEC\/RAP\/8\/2022 Y TEEC\/RAP\/9\/2022 (ACUERDO DE CUMPLIMIENTO DE REQUERIMIENTO Y ACUMULACI\u00d3N)<\/a><\/td><\/tr><tr style=\"height:px\" ><td data-cell-id=\"A36\" data-x=\"0\" data-y=\"36\" data-db-index=\"36\" class=\"fsize-18\" data-cell-type=\"text\" data-original-value=\"25 DE OCTUBRE DE 2022, A LAS 11:45 HORAS\" data-order=\"25 DE OCTUBRE DE 2022, A LAS 11:45 HORAS\" >25 DE OCTUBRE DE 2022, A LAS 11:45 HORAS <\/td><td data-cell-id=\"B36\" data-x=\"1\" data-y=\"36\" data-db-index=\"36\" class=\"fsize-18\" data-cell-type=\"text\" data-original-value=\"C\u00c9SAR CUAUHT\u00c9MOC S\u00c1NCHEZ CABRERA, EN CALIDAD DE DIRECTOR GENERAL DE LO CONTENCIOSO DE LA CONSEJER\u00cdA JUR\u00cdDICA DEL PODER EJECUTIVO DEL ESTADO DE CAMPECHE EN REPRESENTACI\u00d3N DE LA GOBERNADORA CONSTITUCIONAL DEL ESTADO DE CAMPECHE\" data-order=\"C\u00c9SAR CUAUHT\u00c9MOC S\u00c1NCHEZ CABRERA, EN CALIDAD DE DIRECTOR GENERAL DE LO CONTENCIOSO DE LA CONSEJER\u00cdA JUR\u00cdDICA DEL PODER EJECUTIVO DEL ESTADO DE CAMPECHE EN REPRESENTACI\u00d3N DE LA GOBERNADORA CONSTITUCIONAL DEL ESTADO DE CAMPECHE\" >C\u00c9SAR CUAUHT\u00c9MOC S\u00c1NCHEZ CABRERA, EN CALIDAD DE DIRECTOR GENERAL DE LO CONTENCIOSO DE LA CONSEJER\u00cdA JUR\u00cdDICA DEL PODER EJECUTIVO DEL ESTADO DE CAMPECHE EN REPRESENTACI\u00d3N DE LA GOBERNADORA CONSTITUCIONAL DEL ESTADO DE CAMPECHE <\/td><td data-cell-id=\"C36\" data-x=\"2\" data-y=\"36\" data-db-index=\"36\" class=\"fsize-18\" data-cell-type=\"text\" data-original-value=\"JUNTA GENERAL EJECUTIVA DEL INSTITUTO ELECTORAL DEL ESTADO DE CAMPECHE\" data-order=\"JUNTA GENERAL EJECUTIVA DEL INSTITUTO ELECTORAL DEL ESTADO DE CAMPECHE\" >JUNTA GENERAL EJECUTIVA DEL INSTITUTO ELECTORAL DEL ESTADO DE CAMPECHE <\/td><td data-cell-id=\"D36\" data-x=\"3\" data-y=\"36\" data-db-index=\"36\" class=\"fsize-18\" data-cell-type=\"text\" data-original-value=\"&lt;a href=&quot;https:\/\/teec.org.mx\/web\/wp-content\/uploads\/2022\/10\/TEEC-RAP-12-2022-25-10-2022.pdf&quot; target=&quot;_blank&quot;&gt;TEEC\/RAP\/12\/2022 (ACUERDO DE TURNO DE DOCUMENTACI\u00d3N)&lt;\/a&gt;\" data-order=\"&lt;a href=&quot;https:\/\/teec.org.mx\/web\/wp-content\/uploads\/2022\/10\/TEEC-RAP-12-2022-25-10-2022.pdf&quot; target=&quot;_blank&quot;&gt;TEEC\/RAP\/12\/2022 (ACUERDO DE TURNO DE DOCUMENTACI\u00d3N)&lt;\/a&gt;\" ><a href=\"https:\/\/teec.org.mx\/web\/wp-content\/uploads\/2022\/10\/TEEC-RAP-12-2022-25-10-2022.pdf\" target=\"_blank\">TEEC\/RAP\/12\/2022 (ACUERDO DE TURNO DE DOCUMENTACI\u00d3N)<\/a><\/td><\/tr><tr style=\"height:px\" ><td data-cell-id=\"A37\" data-x=\"0\" data-y=\"37\" data-db-index=\"37\" class=\"fsize-18\" data-cell-type=\"text\" data-original-value=\"25 DE OCTUBRE DE 2022, A LAS 10:00 HORAS\" data-order=\"25 DE OCTUBRE DE 2022, A LAS 10:00 HORAS\" >25 DE OCTUBRE DE 2022, A LAS 10:00 HORAS <\/td><td data-cell-id=\"B37\" data-x=\"1\" data-y=\"37\" data-db-index=\"37\" class=\"fsize-18\" data-cell-type=\"text\" data-original-value=\"C\u00c9SAR CUAUHT\u00c9MOC S\u00c1NCHEZ CABRERA, EN CALIDAD DE DIRECTOR GENERAL DE LO CONTENCIOSO DE LA CONSEJER\u00cdA JUR\u00cdDICA DEL PODER EJECUTIVO DEL ESTADO DE CAMPECHE EN REPRESENTACI\u00d3N DE LA GOBERNADORA CONSTITUCIONAL DEL ESTADO DE CAMPECHE\" data-order=\"C\u00c9SAR CUAUHT\u00c9MOC S\u00c1NCHEZ CABRERA, EN CALIDAD DE DIRECTOR GENERAL DE LO CONTENCIOSO DE LA CONSEJER\u00cdA JUR\u00cdDICA DEL PODER EJECUTIVO DEL ESTADO DE CAMPECHE EN REPRESENTACI\u00d3N DE LA GOBERNADORA CONSTITUCIONAL DEL ESTADO DE CAMPECHE\" >C\u00c9SAR CUAUHT\u00c9MOC S\u00c1NCHEZ CABRERA, EN CALIDAD DE DIRECTOR GENERAL DE LO CONTENCIOSO DE LA CONSEJER\u00cdA JUR\u00cdDICA DEL PODER EJECUTIVO DEL ESTADO DE CAMPECHE EN REPRESENTACI\u00d3N DE LA GOBERNADORA CONSTITUCIONAL DEL ESTADO DE CAMPECHE <\/td><td data-cell-id=\"C37\" data-x=\"2\" data-y=\"37\" data-db-index=\"37\" class=\"fsize-18\" data-cell-type=\"text\" data-original-value=\"JUNTA GENERAL EJECUTIVA DEL INSTITUTO ELECTORAL DEL ESTADO DE CAMPECHE\" data-order=\"JUNTA GENERAL EJECUTIVA DEL INSTITUTO ELECTORAL DEL ESTADO DE CAMPECHE\" >JUNTA GENERAL EJECUTIVA DEL INSTITUTO ELECTORAL DEL ESTADO DE CAMPECHE <\/td><td data-cell-id=\"D37\" data-x=\"3\" data-y=\"37\" data-db-index=\"37\" class=\"fsize-18\" data-cell-type=\"text\" data-original-value=\"&lt;a href=&quot;https:\/\/teec.org.mx\/web\/wp-content\/uploads\/2022\/10\/TEEC-RAP-13-2022-25-10-2022.pdf&quot; target=&quot;_blank&quot;&gt;TEEC\/RAP\/13\/2022 (ACUERDO DE TURNO)&lt;\/a&gt;\" data-order=\"&lt;a href=&quot;https:\/\/teec.org.mx\/web\/wp-content\/uploads\/2022\/10\/TEEC-RAP-13-2022-25-10-2022.pdf&quot; target=&quot;_blank&quot;&gt;TEEC\/RAP\/13\/2022 (ACUERDO DE TURNO)&lt;\/a&gt;\" ><a href=\"https:\/\/teec.org.mx\/web\/wp-content\/uploads\/2022\/10\/TEEC-RAP-13-2022-25-10-2022.pdf\" target=\"_blank\">TEEC\/RAP\/13\/2022 (ACUERDO DE TURNO)<\/a><\/td><\/tr><tr style=\"height:px\" ><td data-cell-id=\"A38\" data-x=\"0\" data-y=\"38\" data-db-index=\"38\" class=\"fsize-18\" data-cell-type=\"text\" data-original-value=\"24 DE OCTUBRE DE 2022, A LAS 14:45 HORAS\" data-order=\"24 DE OCTUBRE DE 2022, A LAS 14:45 HORAS\" >24 DE OCTUBRE DE 2022, A LAS 14:45 HORAS <\/td><td data-cell-id=\"B38\" data-x=\"1\" data-y=\"38\" data-db-index=\"38\" class=\"fsize-18\" data-cell-type=\"text\" data-original-value=\"ALEX ABRAHAM NAAL QUINTAL, EN SU CALIDAD DE REPRESENTANTE SUPLENTE ANTE EL CONSEJO GENERAL DEL INSTITUTO ELECTORAL DEL ESTADO DE CAMPECHE DEL PARTIDO POLITICO MOVIMIENTO CIUDADANO Y ELISEO FERN\u00c1NDEZ MONTUFAR\" data-order=\"ALEX ABRAHAM NAAL QUINTAL, EN SU CALIDAD DE REPRESENTANTE SUPLENTE ANTE EL CONSEJO GENERAL DEL INSTITUTO ELECTORAL DEL ESTADO DE CAMPECHE DEL PARTIDO POLITICO MOVIMIENTO CIUDADANO Y ELISEO FERN\u00c1NDEZ MONTUFAR\" >ALEX ABRAHAM NAAL QUINTAL, EN SU CALIDAD DE REPRESENTANTE SUPLENTE ANTE EL CONSEJO GENERAL DEL INSTITUTO ELECTORAL DEL ESTADO DE CAMPECHE DEL PARTIDO POLITICO MOVIMIENTO CIUDADANO Y ELISEO FERN\u00c1NDEZ MONTUFAR <\/td><td data-cell-id=\"C38\" data-x=\"2\" data-y=\"38\" data-db-index=\"38\" class=\"fsize-18\" data-cell-type=\"text\" data-original-value=\"JUNTA GENERAL EJECUTIVA DEL INSTITUTO ELECTORAL DEL ESTADO DE CAMPECHE\" data-order=\"JUNTA GENERAL EJECUTIVA DEL INSTITUTO ELECTORAL DEL ESTADO DE CAMPECHE\" >JUNTA GENERAL EJECUTIVA DEL INSTITUTO ELECTORAL DEL ESTADO DE CAMPECHE <\/td><td data-cell-id=\"D38\" data-x=\"3\" data-y=\"38\" data-db-index=\"38\" class=\"fsize-18\" data-cell-type=\"text\" data-original-value=\"&lt;a href=&quot;https:\/\/teec.org.mx\/web\/wp-content\/uploads\/2022\/10\/TEEC-RAP-7-2022-y-acum.-24-10-2022.pdf&quot; target=&quot;_blank&quot;&gt;TEEC\/RAP\/7\/2022 Y SUS ACUMULADOS TEEC\/RAP\/8\/2022 Y TEEC\/RAP\/9\/2022 (ACUERDO DE TURNO DE DOCUMENTACI\u00d3N)&lt;\/a&gt;\" data-order=\"&lt;a href=&quot;https:\/\/teec.org.mx\/web\/wp-content\/uploads\/2022\/10\/TEEC-RAP-7-2022-y-acum.-24-10-2022.pdf&quot; target=&quot;_blank&quot;&gt;TEEC\/RAP\/7\/2022 Y SUS ACUMULADOS TEEC\/RAP\/8\/2022 Y TEEC\/RAP\/9\/2022 (ACUERDO DE TURNO DE DOCUMENTACI\u00d3N)&lt;\/a&gt;\" ><a href=\"https:\/\/teec.org.mx\/web\/wp-content\/uploads\/2022\/10\/TEEC-RAP-7-2022-y-acum.-24-10-2022.pdf\" target=\"_blank\">TEEC\/RAP\/7\/2022 Y SUS ACUMULADOS TEEC\/RAP\/8\/2022 Y TEEC\/RAP\/9\/2022 (ACUERDO DE TURNO DE DOCUMENTACI\u00d3N)<\/a><\/td><\/tr><tr style=\"height:px\" ><td data-cell-id=\"A39\" data-x=\"0\" data-y=\"39\" data-db-index=\"39\" class=\"fsize-18\" data-cell-type=\"text\" data-original-value=\"24 DE OCTUBRE DE 2022, A LAS 10:30 HORAS\" data-order=\"24 DE OCTUBRE DE 2022, A LAS 10:30 HORAS\" >24 DE OCTUBRE DE 2022, A LAS 10:30 HORAS <\/td><td data-cell-id=\"B39\" data-x=\"1\" data-y=\"39\" data-db-index=\"39\" class=\"fsize-18\" data-cell-type=\"text\" data-original-value=\"C\u00c9SAR CUAUHT\u00c9MOC S\u00c1NCHEZ CABRERA, EN CALIDAD DE DIRECTOR GENERAL DE LO CONTENCIOSO DE LA CONSEJER\u00cdA JUR\u00cdDICA DEL PODER EJECUTIVO DEL ESTADO DE CAMPECHE EN REPRESENTACI\u00d3N DE LA GOBERNADORA CONSTITUCIONAL DEL ESTADO DE CAMPECHE\" data-order=\"C\u00c9SAR CUAUHT\u00c9MOC S\u00c1NCHEZ CABRERA, EN CALIDAD DE DIRECTOR GENERAL DE LO CONTENCIOSO DE LA CONSEJER\u00cdA JUR\u00cdDICA DEL PODER EJECUTIVO DEL ESTADO DE CAMPECHE EN REPRESENTACI\u00d3N DE LA GOBERNADORA CONSTITUCIONAL DEL ESTADO DE CAMPECHE\" >C\u00c9SAR CUAUHT\u00c9MOC S\u00c1NCHEZ CABRERA, EN CALIDAD DE DIRECTOR GENERAL DE LO CONTENCIOSO DE LA CONSEJER\u00cdA JUR\u00cdDICA DEL PODER EJECUTIVO DEL ESTADO DE CAMPECHE EN REPRESENTACI\u00d3N DE LA GOBERNADORA CONSTITUCIONAL DEL ESTADO DE CAMPECHE <\/td><td data-cell-id=\"C39\" data-x=\"2\" data-y=\"39\" data-db-index=\"39\" class=\"fsize-18\" data-cell-type=\"text\" data-original-value=\"JUNTA GENERAL EJECUTIVA DEL INSTITUTO ELECTORAL DEL ESTADO DE CAMPECHE\" data-order=\"JUNTA GENERAL EJECUTIVA DEL INSTITUTO ELECTORAL DEL ESTADO DE CAMPECHE\" >JUNTA GENERAL EJECUTIVA DEL INSTITUTO ELECTORAL DEL ESTADO DE CAMPECHE <\/td><td data-cell-id=\"D39\" data-x=\"3\" data-y=\"39\" data-db-index=\"39\" class=\"fsize-18\" data-cell-type=\"text\" data-original-value=\"&lt;a href=&quot;https:\/\/teec.org.mx\/web\/wp-content\/uploads\/2022\/10\/TEEC-RAP-12-2022-24-10-2022.pdf&quot; target=&quot;_blank&quot;&gt;TEEC\/RAP\/12\/2022 (ACUERDO DE TURNO)&lt;\/a&gt;\" data-order=\"&lt;a href=&quot;https:\/\/teec.org.mx\/web\/wp-content\/uploads\/2022\/10\/TEEC-RAP-12-2022-24-10-2022.pdf&quot; target=&quot;_blank&quot;&gt;TEEC\/RAP\/12\/2022 (ACUERDO DE TURNO)&lt;\/a&gt;\" ><a href=\"https:\/\/teec.org.mx\/web\/wp-content\/uploads\/2022\/10\/TEEC-RAP-12-2022-24-10-2022.pdf\" target=\"_blank\">TEEC\/RAP\/12\/2022 (ACUERDO DE TURNO)<\/a><\/td><\/tr><tr style=\"height:px\" ><td data-cell-id=\"A40\" data-x=\"0\" data-y=\"40\" data-db-index=\"40\" class=\"fsize-18\" data-cell-type=\"text\" data-original-value=\"24 DE OCTUBRE DE 2022, A LAS 10:15 HORAS\" data-order=\"24 DE OCTUBRE DE 2022, A LAS 10:15 HORAS\" >24 DE OCTUBRE DE 2022, A LAS 10:15 HORAS <\/td><td data-cell-id=\"B40\" data-x=\"1\" data-y=\"40\" data-db-index=\"40\" class=\"fsize-18\" data-cell-type=\"text\" data-original-value=\"C\u00c9SAR CUAUHT\u00c9MOC S\u00c1NCHEZ CABRERA, EN CALIDAD DE DIRECTOR GENERAL DE LO CONTENCIOSO DE LA CONSEJER\u00cdA JUR\u00cdDICA DEL PODER EJECUTIVO DEL ESTADO DE CAMPECHE EN REPRESENTACI\u00d3N DE LA GOBERNADORA CONSTITUCIONAL DEL ESTADO DE CAMPECHE\" data-order=\"C\u00c9SAR CUAUHT\u00c9MOC S\u00c1NCHEZ CABRERA, EN CALIDAD DE DIRECTOR GENERAL DE LO CONTENCIOSO DE LA CONSEJER\u00cdA JUR\u00cdDICA DEL PODER EJECUTIVO DEL ESTADO DE CAMPECHE EN REPRESENTACI\u00d3N DE LA GOBERNADORA CONSTITUCIONAL DEL ESTADO DE CAMPECHE\" >C\u00c9SAR CUAUHT\u00c9MOC S\u00c1NCHEZ CABRERA, EN CALIDAD DE DIRECTOR GENERAL DE LO CONTENCIOSO DE LA CONSEJER\u00cdA JUR\u00cdDICA DEL PODER EJECUTIVO DEL ESTADO DE CAMPECHE EN REPRESENTACI\u00d3N DE LA GOBERNADORA CONSTITUCIONAL DEL ESTADO DE CAMPECHE <\/td><td data-cell-id=\"C40\" data-x=\"2\" data-y=\"40\" data-db-index=\"40\" class=\"fsize-18\" data-cell-type=\"text\" data-original-value=\"JUNTA GENERAL EJECUTIVA DEL INSTITUTO ELECTORAL DEL ESTADO DE CAMPECHE\" data-order=\"JUNTA GENERAL EJECUTIVA DEL INSTITUTO ELECTORAL DEL ESTADO DE CAMPECHE\" >JUNTA GENERAL EJECUTIVA DEL INSTITUTO ELECTORAL DEL ESTADO DE CAMPECHE <\/td><td data-cell-id=\"D40\" data-x=\"3\" data-y=\"40\" data-db-index=\"40\" class=\"fsize-18\" data-cell-type=\"text\" data-original-value=\"&lt;a href=&quot;https:\/\/teec.org.mx\/web\/wp-content\/uploads\/2022\/10\/TEEC-RAP-11-2022-24-10-2022.pdf&quot; target=&quot;_blank&quot;&gt;TEEC\/RAP\/11\/2022 (ACUERDO DE TURNO)&lt;\/a&gt;\" data-order=\"&lt;a href=&quot;https:\/\/teec.org.mx\/web\/wp-content\/uploads\/2022\/10\/TEEC-RAP-11-2022-24-10-2022.pdf&quot; target=&quot;_blank&quot;&gt;TEEC\/RAP\/11\/2022 (ACUERDO DE TURNO)&lt;\/a&gt;\" ><a href=\"https:\/\/teec.org.mx\/web\/wp-content\/uploads\/2022\/10\/TEEC-RAP-11-2022-24-10-2022.pdf\" target=\"_blank\">TEEC\/RAP\/11\/2022 (ACUERDO DE TURNO)<\/a><\/td><\/tr><tr style=\"height:px\" ><td data-cell-id=\"A41\" data-x=\"0\" data-y=\"41\" data-db-index=\"41\" class=\"fsize-18\" data-cell-type=\"text\" data-original-value=\"21 DE OCTUBRE DE 2022, A LAS 12:45 HORAS\" data-order=\"21 DE OCTUBRE DE 2022, A LAS 12:45 HORAS\" >21 DE OCTUBRE DE 2022, A LAS 12:45 HORAS <\/td><td data-cell-id=\"B41\" data-x=\"1\" data-y=\"41\" data-db-index=\"41\" class=\"fsize-18\" data-cell-type=\"text\" data-original-value=\"ALEX ABRAHAM NAAL QUINTAL, EN SU CALIDAD DE REPRESENTANTE SUPLENTE ANTE EL CONSEJO GENERAL DEL INSTITUTO ELECTORAL DEL ESTADO DE CAMPECHE DEL PARTIDO POLITICO MOVIMIENTO CIUDADANO\" data-order=\"ALEX ABRAHAM NAAL QUINTAL, EN SU CALIDAD DE REPRESENTANTE SUPLENTE ANTE EL CONSEJO GENERAL DEL INSTITUTO ELECTORAL DEL ESTADO DE CAMPECHE DEL PARTIDO POLITICO MOVIMIENTO CIUDADANO\" >ALEX ABRAHAM NAAL QUINTAL, EN SU CALIDAD DE REPRESENTANTE SUPLENTE ANTE EL CONSEJO GENERAL DEL INSTITUTO ELECTORAL DEL ESTADO DE CAMPECHE DEL PARTIDO POLITICO MOVIMIENTO CIUDADANO <\/td><td data-cell-id=\"C41\" data-x=\"2\" data-y=\"41\" data-db-index=\"41\" class=\"fsize-18\" data-cell-type=\"text\" data-original-value=\"JUNTA GENERAL EJECUTIVA DEL INSTITUTO ELECTORAL DEL ESTADO DE CAMPECHE\" data-order=\"JUNTA GENERAL EJECUTIVA DEL INSTITUTO ELECTORAL DEL ESTADO DE CAMPECHE\" >JUNTA GENERAL EJECUTIVA DEL INSTITUTO ELECTORAL DEL ESTADO DE CAMPECHE <\/td><td data-cell-id=\"D41\" data-x=\"3\" data-y=\"41\" data-db-index=\"41\" class=\"fsize-18\" data-cell-type=\"text\" data-original-value=\"&lt;a href=&quot;https:\/\/teec.org.mx\/web\/wp-content\/uploads\/2022\/10\/TEEC-RAP-6-2022-2do-acu.-21-10-202.pdf&quot; target=&quot;_blank&quot;&gt;TEEC\/RAP\/6\/2022 Y SU ACUMULADO TEEC\/RAP\/10\/2022 (ACUERDO DE ACUMULACI\u00d3N Y ADMISI\u00d3N)&lt;\/a&gt;\" data-order=\"&lt;a href=&quot;https:\/\/teec.org.mx\/web\/wp-content\/uploads\/2022\/10\/TEEC-RAP-6-2022-2do-acu.-21-10-202.pdf&quot; target=&quot;_blank&quot;&gt;TEEC\/RAP\/6\/2022 Y SU ACUMULADO TEEC\/RAP\/10\/2022 (ACUERDO DE ACUMULACI\u00d3N Y ADMISI\u00d3N)&lt;\/a&gt;\" ><a href=\"https:\/\/teec.org.mx\/web\/wp-content\/uploads\/2022\/10\/TEEC-RAP-6-2022-2do-acu.-21-10-202.pdf\" target=\"_blank\">TEEC\/RAP\/6\/2022 Y SU ACUMULADO TEEC\/RAP\/10\/2022 (ACUERDO DE ACUMULACI\u00d3N Y ADMISI\u00d3N)<\/a><\/td><\/tr><tr style=\"height:px\" ><td data-cell-id=\"A42\" data-x=\"0\" data-y=\"42\" data-db-index=\"42\" class=\"fsize-18\" data-cell-type=\"text\" data-original-value=\"21 DE OCTUBRE DE 2022, A LAS 11:45 HORAS\" data-order=\"21 DE OCTUBRE DE 2022, A LAS 11:45 HORAS\" >21 DE OCTUBRE DE 2022, A LAS 11:45 HORAS <\/td><td data-cell-id=\"B42\" data-x=\"1\" data-y=\"42\" data-db-index=\"42\" class=\"fsize-18\" data-cell-type=\"text\" data-original-value=\"ALEX ABRAHAM NAAL QUINTAL, EN SU CALIDAD DE REPRESENTANTE SUPLENTE ANTE EL CONSEJO GENERAL DEL INSTITUTO ELECTORAL DEL ESTADO DE CAMPECHE DEL PARTIDO POLITICO MOVIMIENTO CIUDADANO\" data-order=\"ALEX ABRAHAM NAAL QUINTAL, EN SU CALIDAD DE REPRESENTANTE SUPLENTE ANTE EL CONSEJO GENERAL DEL INSTITUTO ELECTORAL DEL ESTADO DE CAMPECHE DEL PARTIDO POLITICO MOVIMIENTO CIUDADANO\" >ALEX ABRAHAM NAAL QUINTAL, EN SU CALIDAD DE REPRESENTANTE SUPLENTE ANTE EL CONSEJO GENERAL DEL INSTITUTO ELECTORAL DEL ESTADO DE CAMPECHE DEL PARTIDO POLITICO MOVIMIENTO CIUDADANO <\/td><td data-cell-id=\"C42\" data-x=\"2\" data-y=\"42\" data-db-index=\"42\" class=\"fsize-18\" data-cell-type=\"text\" data-original-value=\"JUNTA GENERAL EJECUTIVA DEL INSTITUTO ELECTORAL DEL ESTADO DE CAMPECHE\" data-order=\"JUNTA GENERAL EJECUTIVA DEL INSTITUTO ELECTORAL DEL ESTADO DE CAMPECHE\" >JUNTA GENERAL EJECUTIVA DEL INSTITUTO ELECTORAL DEL ESTADO DE CAMPECHE <\/td><td data-cell-id=\"D42\" data-x=\"3\" data-y=\"42\" data-db-index=\"42\" class=\"fsize-18\" data-cell-type=\"text\" data-original-value=\"&lt;a href=&quot;https:\/\/teec.org.mx\/web\/wp-content\/uploads\/2022\/10\/TEEC-RAP-6-2022-21-10-2022.pdf&quot; target=&quot;_blank&quot;&gt;TEEC\/RAP\/6\/2022 Y SU ACUMULADO TEEC\/RAP\/10\/2022 (ACUERDO DE TURNO DE DOCUMENTACI\u00d3N)&lt;\/a&gt;\" data-order=\"&lt;a href=&quot;https:\/\/teec.org.mx\/web\/wp-content\/uploads\/2022\/10\/TEEC-RAP-6-2022-21-10-2022.pdf&quot; target=&quot;_blank&quot;&gt;TEEC\/RAP\/6\/2022 Y SU ACUMULADO TEEC\/RAP\/10\/2022 (ACUERDO DE TURNO DE DOCUMENTACI\u00d3N)&lt;\/a&gt;\" ><a href=\"https:\/\/teec.org.mx\/web\/wp-content\/uploads\/2022\/10\/TEEC-RAP-6-2022-21-10-2022.pdf\" target=\"_blank\">TEEC\/RAP\/6\/2022 Y SU ACUMULADO TEEC\/RAP\/10\/2022 (ACUERDO DE TURNO DE DOCUMENTACI\u00d3N)<\/a><\/td><\/tr><tr style=\"height:px\" ><td data-cell-id=\"A43\" data-x=\"0\" data-y=\"43\" data-db-index=\"43\" class=\"fsize-18\" data-cell-type=\"text\" data-original-value=\"20 DE OCTUBRE DE 2022, A LAS 10:30 HORAS\" data-order=\"20 DE OCTUBRE DE 2022, A LAS 10:30 HORAS\" >20 DE OCTUBRE DE 2022, A LAS 10:30 HORAS <\/td><td data-cell-id=\"B43\" data-x=\"1\" data-y=\"43\" data-db-index=\"43\" class=\"fsize-18\" data-cell-type=\"text\" data-original-value=\"ALEX ABRAHAM NAAL QUINTAL, EN SU CALIDAD DE REPRESENTANTE SUPLENTE ANTE EL CONSEJO GENERAL DEL INSTITUTO ELECTORAL DEL ESTADO DE CAMPECHE DEL PARTIDO POLITICO MOVIMIENTO CIUDADANO Y ELISEO FERN\u00c1NDEZ MONTUFAR\" data-order=\"ALEX ABRAHAM NAAL QUINTAL, EN SU CALIDAD DE REPRESENTANTE SUPLENTE ANTE EL CONSEJO GENERAL DEL INSTITUTO ELECTORAL DEL ESTADO DE CAMPECHE DEL PARTIDO POLITICO MOVIMIENTO CIUDADANO Y ELISEO FERN\u00c1NDEZ MONTUFAR\" >ALEX ABRAHAM NAAL QUINTAL, EN SU CALIDAD DE REPRESENTANTE SUPLENTE ANTE EL CONSEJO GENERAL DEL INSTITUTO ELECTORAL DEL ESTADO DE CAMPECHE DEL PARTIDO POLITICO MOVIMIENTO CIUDADANO Y ELISEO FERN\u00c1NDEZ MONTUFAR <\/td><td data-cell-id=\"C43\" data-x=\"2\" data-y=\"43\" data-db-index=\"43\" class=\"fsize-18\" data-cell-type=\"text\" data-original-value=\"JUNTA GENERAL EJECUTIVA DEL INSTITUTO ELECTORAL DEL ESTADO DE CAMPECHE\" data-order=\"JUNTA GENERAL EJECUTIVA DEL INSTITUTO ELECTORAL DEL ESTADO DE CAMPECHE\" >JUNTA GENERAL EJECUTIVA DEL INSTITUTO ELECTORAL DEL ESTADO DE CAMPECHE <\/td><td data-cell-id=\"D43\" data-x=\"3\" data-y=\"43\" data-db-index=\"43\" class=\"fsize-18\" data-cell-type=\"text\" data-original-value=\"&lt;a href=&quot;https:\/\/teec.org.mx\/web\/wp-content\/uploads\/2022\/10\/TEEC-RAP-7-2022-20-10-2022.pdf&quot; target=&quot;_blank&quot;&gt;TEEC\/RAP\/7\/2022 Y SUS ACUMULADOS TEEC\/RAP\/8\/2022 Y TEEC\/RAP\/9\/2022 (ACUERDO DE REQUERIMIENTO)&lt;\/a&gt;\" data-order=\"&lt;a href=&quot;https:\/\/teec.org.mx\/web\/wp-content\/uploads\/2022\/10\/TEEC-RAP-7-2022-20-10-2022.pdf&quot; target=&quot;_blank&quot;&gt;TEEC\/RAP\/7\/2022 Y SUS ACUMULADOS TEEC\/RAP\/8\/2022 Y TEEC\/RAP\/9\/2022 (ACUERDO DE REQUERIMIENTO)&lt;\/a&gt;\" ><a href=\"https:\/\/teec.org.mx\/web\/wp-content\/uploads\/2022\/10\/TEEC-RAP-7-2022-20-10-2022.pdf\" target=\"_blank\">TEEC\/RAP\/7\/2022 Y SUS ACUMULADOS TEEC\/RAP\/8\/2022 Y TEEC\/RAP\/9\/2022 (ACUERDO DE REQUERIMIENTO)<\/a><\/td><\/tr><tr style=\"height:px\" ><td data-cell-id=\"A44\" data-x=\"0\" data-y=\"44\" data-db-index=\"44\" class=\"fsize-18\" data-cell-type=\"text\" data-original-value=\"17 DE OCTUBRE DE 2022, A LAS 14:45 HORAS\" data-order=\"17 DE OCTUBRE DE 2022, A LAS 14:45 HORAS\" >17 DE OCTUBRE DE 2022, A LAS 14:45 HORAS <\/td><td data-cell-id=\"B44\" data-x=\"1\" data-y=\"44\" data-db-index=\"44\" class=\"fsize-18\" data-cell-type=\"text\" data-original-value=\"ALEX ABRAHAM NAAL QUINTAL, EN SU CALIDAD DE REPRESENTANTE SUPLENTE ANTE EL CONSEJO GENERAL DEL INSTITUTO ELECTORAL DEL ESTADO DE CAMPECHE DEL PARTIDO POLITICO MOVIMIENTO CIUDADANO\" data-order=\"ALEX ABRAHAM NAAL QUINTAL, EN SU CALIDAD DE REPRESENTANTE SUPLENTE ANTE EL CONSEJO GENERAL DEL INSTITUTO ELECTORAL DEL ESTADO DE CAMPECHE DEL PARTIDO POLITICO MOVIMIENTO CIUDADANO\" >ALEX ABRAHAM NAAL QUINTAL, EN SU CALIDAD DE REPRESENTANTE SUPLENTE ANTE EL CONSEJO GENERAL DEL INSTITUTO ELECTORAL DEL ESTADO DE CAMPECHE DEL PARTIDO POLITICO MOVIMIENTO CIUDADANO <\/td><td data-cell-id=\"C44\" data-x=\"2\" data-y=\"44\" data-db-index=\"44\" class=\"fsize-18\" data-cell-type=\"text\" data-original-value=\"JUNTA GENERAL EJECUTIVA DEL INSTITUTO ELECTORAL DEL ESTADO DE CAMPECHE\" data-order=\"JUNTA GENERAL EJECUTIVA DEL INSTITUTO ELECTORAL DEL ESTADO DE CAMPECHE\" >JUNTA GENERAL EJECUTIVA DEL INSTITUTO ELECTORAL DEL ESTADO DE CAMPECHE <\/td><td data-cell-id=\"D44\" data-x=\"3\" data-y=\"44\" data-db-index=\"44\" class=\"fsize-18\" data-cell-type=\"text\" data-original-value=\"&lt;a href=&quot;https:\/\/teec.org.mx\/web\/wp-content\/uploads\/2022\/10\/TEEC-RAP-6-2022-y-acum.-17-10-2022.pdf&quot; target=&quot;_blank&quot;&gt;TEEC\/RAP\/6\/2022 Y SU ACUMULADO TEEC\/RAP\/10\/2022 (ACUERDO DE REQUERIMIENTO)&lt;\/a&gt;\" data-order=\"&lt;a href=&quot;https:\/\/teec.org.mx\/web\/wp-content\/uploads\/2022\/10\/TEEC-RAP-6-2022-y-acum.-17-10-2022.pdf&quot; target=&quot;_blank&quot;&gt;TEEC\/RAP\/6\/2022 Y SU ACUMULADO TEEC\/RAP\/10\/2022 (ACUERDO DE REQUERIMIENTO)&lt;\/a&gt;\" ><a href=\"https:\/\/teec.org.mx\/web\/wp-content\/uploads\/2022\/10\/TEEC-RAP-6-2022-y-acum.-17-10-2022.pdf\" target=\"_blank\">TEEC\/RAP\/6\/2022 Y SU ACUMULADO TEEC\/RAP\/10\/2022 (ACUERDO DE REQUERIMIENTO)<\/a><\/td><\/tr><tr style=\"height:px\" ><td data-cell-id=\"A45\" data-x=\"0\" data-y=\"45\" data-db-index=\"45\" class=\"fsize-18\" data-cell-type=\"text\" data-original-value=\"17 DE OCTUBRE DE 2022, A LAS 14:20 HORAS\" data-order=\"17 DE OCTUBRE DE 2022, A LAS 14:20 HORAS\" >17 DE OCTUBRE DE 2022, A LAS 14:20 HORAS <\/td><td data-cell-id=\"B45\" data-x=\"1\" data-y=\"45\" data-db-index=\"45\" class=\"fsize-18\" data-cell-type=\"text\" data-original-value=\"ELISEO FERN\u00c1NDEZ MONT\u00daFAR, EN SU CAR\u00c1CTER DE CIUDADANO\" data-order=\"ELISEO FERN\u00c1NDEZ MONT\u00daFAR, EN SU CAR\u00c1CTER DE CIUDADANO\" >ELISEO FERN\u00c1NDEZ MONT\u00daFAR, EN SU CAR\u00c1CTER DE CIUDADANO <\/td><td data-cell-id=\"C45\" data-x=\"2\" data-y=\"45\" data-db-index=\"45\" class=\"fsize-18\" data-cell-type=\"text\" data-original-value=\"TRIBUNAL ELECTORAL DEL ESTADO DE CAMPECHE\" data-order=\"TRIBUNAL ELECTORAL DEL ESTADO DE CAMPECHE\" >TRIBUNAL ELECTORAL DEL ESTADO DE CAMPECHE <\/td><td data-cell-id=\"D45\" data-x=\"3\" data-y=\"45\" data-db-index=\"45\" class=\"fsize-18\" data-cell-type=\"text\" data-original-value=\"&lt;a href=&quot;https:\/\/teec.org.mx\/web\/wp-content\/uploads\/2022\/10\/TEEC-PES-3-2022-17-10-2022.pdf&quot; target=&quot;_blank&quot;&gt;TEEC\/RAP\/4\/2022 (ACUERDO DE ACUMULACI\u00d3N)&lt;\/a&gt;\" data-order=\"&lt;a href=&quot;https:\/\/teec.org.mx\/web\/wp-content\/uploads\/2022\/10\/TEEC-PES-3-2022-17-10-2022.pdf&quot; target=&quot;_blank&quot;&gt;TEEC\/RAP\/4\/2022 (ACUERDO DE ACUMULACI\u00d3N)&lt;\/a&gt;\" ><a href=\"https:\/\/teec.org.mx\/web\/wp-content\/uploads\/2022\/10\/TEEC-PES-3-2022-17-10-2022.pdf\" target=\"_blank\">TEEC\/RAP\/4\/2022 (ACUERDO DE ACUMULACI\u00d3N)<\/a><\/td><\/tr><tr style=\"height:px\" ><td data-cell-id=\"A46\" data-x=\"0\" data-y=\"46\" data-db-index=\"46\" class=\"fsize-18\" data-cell-type=\"text\" data-original-value=\"14 DE OCTUBRE DE 2022, A LAS 14:00 HORAS\" data-order=\"14 DE OCTUBRE DE 2022, A LAS 14:00 HORAS\" >14 DE OCTUBRE DE 2022, A LAS 14:00 HORAS <\/td><td data-cell-id=\"B46\" data-x=\"1\" data-y=\"46\" data-db-index=\"46\" class=\"fsize-18\" data-cell-type=\"text\" data-original-value=\"ALEX ABRAHAM NAAL QUINTAL, EN SU CALIDAD DE REPRESENTANTE SUPLENTE ANTE EL CONSEJO GENERAL DEL INSTITUTO ELECTORAL DEL ESTADO DE CAMPECHE DEL PARTIDO POLITICO MOVIMIENTO CIUDADANO Y ELISEO FERN\u00c1NDEZ MONTUFAR\" data-order=\"ALEX ABRAHAM NAAL QUINTAL, EN SU CALIDAD DE REPRESENTANTE SUPLENTE ANTE EL CONSEJO GENERAL DEL INSTITUTO ELECTORAL DEL ESTADO DE CAMPECHE DEL PARTIDO POLITICO MOVIMIENTO CIUDADANO Y ELISEO FERN\u00c1NDEZ MONTUFAR\" >ALEX ABRAHAM NAAL QUINTAL, EN SU CALIDAD DE REPRESENTANTE SUPLENTE ANTE EL CONSEJO GENERAL DEL INSTITUTO ELECTORAL DEL ESTADO DE CAMPECHE DEL PARTIDO POLITICO MOVIMIENTO CIUDADANO Y ELISEO FERN\u00c1NDEZ MONTUFAR <\/td><td data-cell-id=\"C46\" data-x=\"2\" data-y=\"46\" data-db-index=\"46\" class=\"fsize-18\" data-cell-type=\"text\" data-original-value=\"JUNTA GENERAL EJECUTIVA DEL INSTITUTO ELECTORAL DEL ESTADO DE CAMPECHE\" data-order=\"JUNTA GENERAL EJECUTIVA DEL INSTITUTO ELECTORAL DEL ESTADO DE CAMPECHE\" >JUNTA GENERAL EJECUTIVA DEL INSTITUTO ELECTORAL DEL ESTADO DE CAMPECHE <\/td><td data-cell-id=\"D46\" data-x=\"3\" data-y=\"46\" data-db-index=\"46\" class=\"fsize-18\" data-cell-type=\"text\" data-original-value=\"&lt;a href=&quot;https:\/\/teec.org.mx\/web\/wp-content\/uploads\/2022\/10\/TEEC-RAP-7-2022-y-acum.-14-10-2022.pdf&quot; target=&quot;_blank&quot;&gt;TEEC\/RAP\/7\/2022 Y SUS ACUMULADOS TEEC\/RAP\/8\/2022 y TEEC\/RAP\/9\/2022 (ACUERDO DE ADMISI\u00d3N)&lt;\/a&gt;\" data-order=\"&lt;a href=&quot;https:\/\/teec.org.mx\/web\/wp-content\/uploads\/2022\/10\/TEEC-RAP-7-2022-y-acum.-14-10-2022.pdf&quot; target=&quot;_blank&quot;&gt;TEEC\/RAP\/7\/2022 Y SUS ACUMULADOS TEEC\/RAP\/8\/2022 y TEEC\/RAP\/9\/2022 (ACUERDO DE ADMISI\u00d3N)&lt;\/a&gt;\" ><a href=\"https:\/\/teec.org.mx\/web\/wp-content\/uploads\/2022\/10\/TEEC-RAP-7-2022-y-acum.-14-10-2022.pdf\" target=\"_blank\">TEEC\/RAP\/7\/2022 Y SUS ACUMULADOS TEEC\/RAP\/8\/2022 y TEEC\/RAP\/9\/2022 (ACUERDO DE ADMISI\u00d3N)<\/a><\/td><\/tr><tr style=\"height:px\" ><td data-cell-id=\"A47\" data-x=\"0\" data-y=\"47\" data-db-index=\"47\" class=\"fsize-18\" data-cell-type=\"text\" data-original-value=\"12 DE OCTUBRE DE 2022, A LAS 12:30 HORAS\" data-order=\"12 DE OCTUBRE DE 2022, A LAS 12:30 HORAS\" >12 DE OCTUBRE DE 2022, A LAS 12:30 HORAS <\/td><td data-cell-id=\"B47\" data-x=\"1\" data-y=\"47\" data-db-index=\"47\" class=\"fsize-18\" data-cell-type=\"text\" data-original-value=\"ALEX ABRAHAM NAAL QUINTAL, EN SU CALIDAD DE REPRESENTANTE SUPLENTE ANTE EL CONSEJO GENERAL DEL INSTITUTO ELECTORAL DEL ESTADO DE CAMPECHE DEL PARTIDO POLITICO MOVIMIENTO CIUDADANO\" data-order=\"ALEX ABRAHAM NAAL QUINTAL, EN SU CALIDAD DE REPRESENTANTE SUPLENTE ANTE EL CONSEJO GENERAL DEL INSTITUTO ELECTORAL DEL ESTADO DE CAMPECHE DEL PARTIDO POLITICO MOVIMIENTO CIUDADANO\" >ALEX ABRAHAM NAAL QUINTAL, EN SU CALIDAD DE REPRESENTANTE SUPLENTE ANTE EL CONSEJO GENERAL DEL INSTITUTO ELECTORAL DEL ESTADO DE CAMPECHE DEL PARTIDO POLITICO MOVIMIENTO CIUDADANO <\/td><td data-cell-id=\"C47\" data-x=\"2\" data-y=\"47\" data-db-index=\"47\" class=\"fsize-18\" data-cell-type=\"text\" data-original-value=\"JUNTA GENERAL EJECUTIVA DEL INSTITUTO ELECTORAL DEL ESTADO DE CAMPECHE\" data-order=\"JUNTA GENERAL EJECUTIVA DEL INSTITUTO ELECTORAL DEL ESTADO DE CAMPECHE\" >JUNTA GENERAL EJECUTIVA DEL INSTITUTO ELECTORAL DEL ESTADO DE CAMPECHE <\/td><td data-cell-id=\"D47\" data-x=\"3\" data-y=\"47\" data-db-index=\"47\" class=\"fsize-18\" data-cell-type=\"text\" data-original-value=\"&lt;a href=&quot;https:\/\/teec.org.mx\/web\/wp-content\/uploads\/2022\/10\/TEEC-RAP-6-2022-y-acum.-acu.-plenario-12-10-2022.pdf&quot; target=&quot;_blank&quot;&gt;TEEC\/RAP\/6\/2022 Y SU ACUMULADO TEEC\/RAP\/10\/2022 (ACUERDO PLENARIO DE ACUMULACION)&lt;\/a&gt;\" data-order=\"&lt;a href=&quot;https:\/\/teec.org.mx\/web\/wp-content\/uploads\/2022\/10\/TEEC-RAP-6-2022-y-acum.-acu.-plenario-12-10-2022.pdf&quot; target=&quot;_blank&quot;&gt;TEEC\/RAP\/6\/2022 Y SU ACUMULADO TEEC\/RAP\/10\/2022 (ACUERDO PLENARIO DE ACUMULACION)&lt;\/a&gt;\" ><a href=\"https:\/\/teec.org.mx\/web\/wp-content\/uploads\/2022\/10\/TEEC-RAP-6-2022-y-acum.-acu.-plenario-12-10-2022.pdf\" target=\"_blank\">TEEC\/RAP\/6\/2022 Y SU ACUMULADO TEEC\/RAP\/10\/2022 (ACUERDO PLENARIO DE ACUMULACION)<\/a><\/td><\/tr><tr style=\"height:px\" ><td data-cell-id=\"A48\" data-x=\"0\" data-y=\"48\" data-db-index=\"48\" class=\"fsize-18\" data-cell-type=\"text\" data-original-value=\"12 DE OCTUBRE DE 2022, A LAS 10:40 HORAS\" data-order=\"12 DE OCTUBRE DE 2022, A LAS 10:40 HORAS\" >12 DE OCTUBRE DE 2022, A LAS 10:40 HORAS <\/td><td data-cell-id=\"B48\" data-x=\"1\" data-y=\"48\" data-db-index=\"48\" class=\"fsize-18\" data-cell-type=\"text\" data-original-value=\"ALEX ABRAHAM NAAL QUINTAL, EN SU CALIDAD DE REPRESENTANTE SUPLENTE ANTE EL CONSEJO GENERAL DEL INSTITUTO ELECTORAL DEL ESTADO DE CAMPECHE DEL PARTIDO POLITICO MOVIMIENTO CIUDADANO Y ELISEO FERN\u00c1NDEZ MONTUFAR\" data-order=\"ALEX ABRAHAM NAAL QUINTAL, EN SU CALIDAD DE REPRESENTANTE SUPLENTE ANTE EL CONSEJO GENERAL DEL INSTITUTO ELECTORAL DEL ESTADO DE CAMPECHE DEL PARTIDO POLITICO MOVIMIENTO CIUDADANO Y ELISEO FERN\u00c1NDEZ MONTUFAR\" >ALEX ABRAHAM NAAL QUINTAL, EN SU CALIDAD DE REPRESENTANTE SUPLENTE ANTE EL CONSEJO GENERAL DEL INSTITUTO ELECTORAL DEL ESTADO DE CAMPECHE DEL PARTIDO POLITICO MOVIMIENTO CIUDADANO Y ELISEO FERN\u00c1NDEZ MONTUFAR <\/td><td data-cell-id=\"C48\" data-x=\"2\" data-y=\"48\" data-db-index=\"48\" class=\"fsize-18\" data-cell-type=\"text\" data-original-value=\"JUNTA GENERAL EJECUTIVA DEL INSTITUTO ELECTORAL DEL ESTADO DE CAMPECHE\" data-order=\"JUNTA GENERAL EJECUTIVA DEL INSTITUTO ELECTORAL DEL ESTADO DE CAMPECHE\" >JUNTA GENERAL EJECUTIVA DEL INSTITUTO ELECTORAL DEL ESTADO DE CAMPECHE <\/td><td data-cell-id=\"D48\" data-x=\"3\" data-y=\"48\" data-db-index=\"48\" class=\"fsize-18\" data-cell-type=\"text\" data-original-value=\"&lt;a href=&quot;https:\/\/teec.org.mx\/web\/wp-content\/uploads\/2022\/10\/TEEC-RAP-7-2022-y-acum.-acu.-plenario-12-10-2022.pdf&quot; target=&quot;_blank&quot;&gt;TEEC\/RAP\/7\/2022 Y SUS ACUMULADOS TEEC\/RAP\/8\/2022 y TEEC\/RAP\/9\/2022 (ACUERDO PLENARIO)&lt;\/a&gt;\" data-order=\"&lt;a href=&quot;https:\/\/teec.org.mx\/web\/wp-content\/uploads\/2022\/10\/TEEC-RAP-7-2022-y-acum.-acu.-plenario-12-10-2022.pdf&quot; target=&quot;_blank&quot;&gt;TEEC\/RAP\/7\/2022 Y SUS ACUMULADOS TEEC\/RAP\/8\/2022 y TEEC\/RAP\/9\/2022 (ACUERDO PLENARIO)&lt;\/a&gt;\" ><a href=\"https:\/\/teec.org.mx\/web\/wp-content\/uploads\/2022\/10\/TEEC-RAP-7-2022-y-acum.-acu.-plenario-12-10-2022.pdf\" target=\"_blank\">TEEC\/RAP\/7\/2022 Y SUS ACUMULADOS TEEC\/RAP\/8\/2022 y TEEC\/RAP\/9\/2022 (ACUERDO PLENARIO)<\/a><\/td><\/tr><tr style=\"height:px\" ><td data-cell-id=\"A49\" data-x=\"0\" data-y=\"49\" data-db-index=\"49\" class=\"fsize-18\" data-cell-type=\"text\" data-original-value=\"10 DE OCTUBRE DE 2022, A LAS 15:20 HORAS\" data-order=\"10 DE OCTUBRE DE 2022, A LAS 15:20 HORAS\" >10 DE OCTUBRE DE 2022, A LAS 15:20 HORAS <\/td><td data-cell-id=\"B49\" data-x=\"1\" data-y=\"49\" data-db-index=\"49\" class=\"fsize-18\" data-cell-type=\"text\" data-original-value=\"LICENCIADO JOS\u00c9 CLEMENTE MARRERO ORTIZ, APODERADO LEGAL DEL LICENCIADO RAFAEL ALEJANDRO MORENO C\u00c1RDENAS Y POR EL LICENCIADO JUAN GUALBERTO ALONZO REBOLLEDO, REPRESENTANTE PROPIETARIO DEL PARTIDO REVOLUCIONARIO INSTITUCIONAL ANTE EL CONSEJO GENERAL DEL INSTITUTO ELECTORAL DEL ESTADO DE CAMPECHE\" data-order=\"LICENCIADO JOS\u00c9 CLEMENTE MARRERO ORTIZ, APODERADO LEGAL DEL LICENCIADO RAFAEL ALEJANDRO MORENO C\u00c1RDENAS Y POR EL LICENCIADO JUAN GUALBERTO ALONZO REBOLLEDO, REPRESENTANTE PROPIETARIO DEL PARTIDO REVOLUCIONARIO INSTITUCIONAL ANTE EL CONSEJO GENERAL DEL INSTITUTO ELECTORAL DEL ESTADO DE CAMPECHE\" >LICENCIADO JOS\u00c9 CLEMENTE MARRERO ORTIZ, APODERADO LEGAL DEL LICENCIADO RAFAEL ALEJANDRO MORENO C\u00c1RDENAS Y POR EL LICENCIADO JUAN GUALBERTO ALONZO REBOLLEDO, REPRESENTANTE PROPIETARIO DEL PARTIDO REVOLUCIONARIO INSTITUCIONAL ANTE EL CONSEJO GENERAL DEL INSTITUTO ELECTORAL DEL ESTADO DE CAMPECHE <\/td><td data-cell-id=\"C49\" data-x=\"2\" data-y=\"49\" data-db-index=\"49\" class=\"fsize-18\" data-cell-type=\"text\" data-original-value=\"JUNTA GENERAL EJECUTIVA DEL INSTITUTO ELECTORAL DEL ESTADO DE CAMPECHE\" data-order=\"JUNTA GENERAL EJECUTIVA DEL INSTITUTO ELECTORAL DEL ESTADO DE CAMPECHE\" >JUNTA GENERAL EJECUTIVA DEL INSTITUTO ELECTORAL DEL ESTADO DE CAMPECHE <\/td><td data-cell-id=\"D49\" data-x=\"3\" data-y=\"49\" data-db-index=\"49\" class=\"fsize-18\" data-cell-type=\"text\" data-original-value=\"&lt;a href=&quot;https:\/\/teec.org.mx\/web\/wp-content\/uploads\/2022\/10\/TEEC-RAP-5-2022-2do-acu-10-10-2022.pdf&quot; target=&quot;_blank&quot;&gt;TEEC\/RAP\/5\/2022 (ACUERDO DE ACUMULACI\u00d3N)&lt;\/a&gt;\" data-order=\"&lt;a href=&quot;https:\/\/teec.org.mx\/web\/wp-content\/uploads\/2022\/10\/TEEC-RAP-5-2022-2do-acu-10-10-2022.pdf&quot; target=&quot;_blank&quot;&gt;TEEC\/RAP\/5\/2022 (ACUERDO DE ACUMULACI\u00d3N)&lt;\/a&gt;\" ><a href=\"https:\/\/teec.org.mx\/web\/wp-content\/uploads\/2022\/10\/TEEC-RAP-5-2022-2do-acu-10-10-2022.pdf\" target=\"_blank\">TEEC\/RAP\/5\/2022 (ACUERDO DE ACUMULACI\u00d3N)<\/a><\/td><\/tr><tr style=\"height:px\" ><td data-cell-id=\"A50\" data-x=\"0\" data-y=\"50\" data-db-index=\"50\" class=\"fsize-18\" data-cell-type=\"text\" data-original-value=\"10 DE OCTUBRE DE 2022, A LAS 15:00 HORAS\" data-order=\"10 DE OCTUBRE DE 2022, A LAS 15:00 HORAS\" >10 DE OCTUBRE DE 2022, A LAS 15:00 HORAS <\/td><td data-cell-id=\"B50\" data-x=\"1\" data-y=\"50\" data-db-index=\"50\" class=\"fsize-18\" data-cell-type=\"text\" data-original-value=\"LICENCIADO JOS\u00c9 CLEMENTE MARRERO ORTIZ, APODERADO LEGAL DEL LICENCIADO RAFAEL ALEJANDRO MORENO C\u00c1RDENAS Y POR EL LICENCIADO JUAN GUALBERTO ALONZO REBOLLEDO, REPRESENTANTE PROPIETARIO DEL PARTIDO REVOLUCIONARIO INSTITUCIONAL ANTE EL CONSEJO GENERAL DEL INSTITUTO ELECTORAL DEL ESTADO DE CAMPECHE\" data-order=\"LICENCIADO JOS\u00c9 CLEMENTE MARRERO ORTIZ, APODERADO LEGAL DEL LICENCIADO RAFAEL ALEJANDRO MORENO C\u00c1RDENAS Y POR EL LICENCIADO JUAN GUALBERTO ALONZO REBOLLEDO, REPRESENTANTE PROPIETARIO DEL PARTIDO REVOLUCIONARIO INSTITUCIONAL ANTE EL CONSEJO GENERAL DEL INSTITUTO ELECTORAL DEL ESTADO DE CAMPECHE\" >LICENCIADO JOS\u00c9 CLEMENTE MARRERO ORTIZ, APODERADO LEGAL DEL LICENCIADO RAFAEL ALEJANDRO MORENO C\u00c1RDENAS Y POR EL LICENCIADO JUAN GUALBERTO ALONZO REBOLLEDO, REPRESENTANTE PROPIETARIO DEL PARTIDO REVOLUCIONARIO INSTITUCIONAL ANTE EL CONSEJO GENERAL DEL INSTITUTO ELECTORAL DEL ESTADO DE CAMPECHE <\/td><td data-cell-id=\"C50\" data-x=\"2\" data-y=\"50\" data-db-index=\"50\" class=\"fsize-18\" data-cell-type=\"text\" data-original-value=\"JUNTA GENERAL EJECUTIVA DEL INSTITUTO ELECTORAL DEL ESTADO DE CAMPECHE\" data-order=\"JUNTA GENERAL EJECUTIVA DEL INSTITUTO ELECTORAL DEL ESTADO DE CAMPECHE\" >JUNTA GENERAL EJECUTIVA DEL INSTITUTO ELECTORAL DEL ESTADO DE CAMPECHE <\/td><td data-cell-id=\"D50\" data-x=\"3\" data-y=\"50\" data-db-index=\"50\" class=\"fsize-18\" data-cell-type=\"text\" data-original-value=\"&lt;a href=&quot;https:\/\/teec.org.mx\/web\/wp-content\/uploads\/2022\/10\/TEEC-RAP-5-2022-10-10-2022.pdf&quot; target=&quot;_blank&quot;&gt;TEEC\/RAP\/5\/2022 (ACUERDO DE TURNO DE DOCUMENTACI\u00d3N)&lt;\/a&gt;\" data-order=\"&lt;a href=&quot;https:\/\/teec.org.mx\/web\/wp-content\/uploads\/2022\/10\/TEEC-RAP-5-2022-10-10-2022.pdf&quot; target=&quot;_blank&quot;&gt;TEEC\/RAP\/5\/2022 (ACUERDO DE TURNO DE DOCUMENTACI\u00d3N)&lt;\/a&gt;\" ><a href=\"https:\/\/teec.org.mx\/web\/wp-content\/uploads\/2022\/10\/TEEC-RAP-5-2022-10-10-2022.pdf\" target=\"_blank\">TEEC\/RAP\/5\/2022 (ACUERDO DE TURNO DE DOCUMENTACI\u00d3N)<\/a><\/td><\/tr><tr style=\"height:px\" ><td data-cell-id=\"A51\" data-x=\"0\" data-y=\"51\" data-db-index=\"51\" class=\"fsize-18\" data-cell-type=\"text\" data-original-value=\"10 DE OCTUBRE DE 2022, A LAS 14:50 HORAS\" data-order=\"10 DE OCTUBRE DE 2022, A LAS 14:50 HORAS\" >10 DE OCTUBRE DE 2022, A LAS 14:50 HORAS <\/td><td data-cell-id=\"B51\" data-x=\"1\" data-y=\"51\" data-db-index=\"51\" class=\"fsize-18\" data-cell-type=\"text\" data-original-value=\"ALEX ABRAHAM NAAL QUINTAL, EN SU CALIDAD DE REPRESENTANTE SUPLENTE ANTE EL CONSEJO GENERAL DEL INSTITUTO ELECTORAL DEL ESTADO DE CAMPECHE DEL PARTIDO POLITICO MOVIMIENTO CIUDADANO\" data-order=\"ALEX ABRAHAM NAAL QUINTAL, EN SU CALIDAD DE REPRESENTANTE SUPLENTE ANTE EL CONSEJO GENERAL DEL INSTITUTO ELECTORAL DEL ESTADO DE CAMPECHE DEL PARTIDO POLITICO MOVIMIENTO CIUDADANO\" >ALEX ABRAHAM NAAL QUINTAL, EN SU CALIDAD DE REPRESENTANTE SUPLENTE ANTE EL CONSEJO GENERAL DEL INSTITUTO ELECTORAL DEL ESTADO DE CAMPECHE DEL PARTIDO POLITICO MOVIMIENTO CIUDADANO <\/td><td data-cell-id=\"C51\" data-x=\"2\" data-y=\"51\" data-db-index=\"51\" class=\"fsize-18\" data-cell-type=\"text\" data-original-value=\"JUNTA GENERAL EJECUTIVA DEL INSTITUTO ELECTORAL DEL ESTADO DE CAMPECHE\" data-order=\"JUNTA GENERAL EJECUTIVA DEL INSTITUTO ELECTORAL DEL ESTADO DE CAMPECHE\" >JUNTA GENERAL EJECUTIVA DEL INSTITUTO ELECTORAL DEL ESTADO DE CAMPECHE <\/td><td data-cell-id=\"D51\" data-x=\"3\" data-y=\"51\" data-db-index=\"51\" class=\"fsize-18\" data-cell-type=\"text\" data-original-value=\"&lt;a href=&quot;https:\/\/teec.org.mx\/web\/wp-content\/uploads\/2022\/10\/TEEC-RAP-10-2022-3er-acu-10-10-2022.pdf&quot; target=&quot;_blank&quot;&gt;TEEC\/RAP\/10\/2022 (SE FIJA FECHA Y HORA PARA SESI\u00d3N PRIVADA)&lt;\/a&gt;\" data-order=\"&lt;a href=&quot;https:\/\/teec.org.mx\/web\/wp-content\/uploads\/2022\/10\/TEEC-RAP-10-2022-3er-acu-10-10-2022.pdf&quot; target=&quot;_blank&quot;&gt;TEEC\/RAP\/10\/2022 (SE FIJA FECHA Y HORA PARA SESI\u00d3N PRIVADA)&lt;\/a&gt;\" ><a href=\"https:\/\/teec.org.mx\/web\/wp-content\/uploads\/2022\/10\/TEEC-RAP-10-2022-3er-acu-10-10-2022.pdf\" target=\"_blank\">TEEC\/RAP\/10\/2022 (SE FIJA FECHA Y HORA PARA SESI\u00d3N PRIVADA)<\/a><\/td><\/tr><tr style=\"height:px\" ><td data-cell-id=\"A52\" data-x=\"0\" data-y=\"52\" data-db-index=\"52\" class=\"fsize-18\" data-cell-type=\"text\" data-original-value=\"10 DE OCTUBRE DE 2022, A LAS 14:40 HORAS\" data-order=\"10 DE OCTUBRE DE 2022, A LAS 14:40 HORAS\" >10 DE OCTUBRE DE 2022, A LAS 14:40 HORAS <\/td><td data-cell-id=\"B52\" data-x=\"1\" data-y=\"52\" data-db-index=\"52\" class=\"fsize-18\" data-cell-type=\"text\" data-original-value=\"ALEX ABRAHAM NAAL QUINTAL, EN SU CALIDAD DE REPRESENTANTE SUPLENTE ANTE EL CONSEJO GENERAL DEL INSTITUTO ELECTORAL DEL ESTADO DE CAMPECHE DEL PARTIDO POLITICO MOVIMIENTO CIUDADANO\" data-order=\"ALEX ABRAHAM NAAL QUINTAL, EN SU CALIDAD DE REPRESENTANTE SUPLENTE ANTE EL CONSEJO GENERAL DEL INSTITUTO ELECTORAL DEL ESTADO DE CAMPECHE DEL PARTIDO POLITICO MOVIMIENTO CIUDADANO\" >ALEX ABRAHAM NAAL QUINTAL, EN SU CALIDAD DE REPRESENTANTE SUPLENTE ANTE EL CONSEJO GENERAL DEL INSTITUTO ELECTORAL DEL ESTADO DE CAMPECHE DEL PARTIDO POLITICO MOVIMIENTO CIUDADANO <\/td><td data-cell-id=\"C52\" data-x=\"2\" data-y=\"52\" data-db-index=\"52\" class=\"fsize-18\" data-cell-type=\"text\" data-original-value=\"JUNTA GENERAL EJECUTIVA DEL INSTITUTO ELECTORAL DEL ESTADO DE CAMPECHE\" data-order=\"JUNTA GENERAL EJECUTIVA DEL INSTITUTO ELECTORAL DEL ESTADO DE CAMPECHE\" >JUNTA GENERAL EJECUTIVA DEL INSTITUTO ELECTORAL DEL ESTADO DE CAMPECHE <\/td><td data-cell-id=\"D52\" data-x=\"3\" data-y=\"52\" data-db-index=\"52\" class=\"fsize-18\" data-cell-type=\"text\" data-original-value=\"&lt;a href=&quot;https:\/\/teec.org.mx\/web\/wp-content\/uploads\/2022\/10\/TEEC-RAP-6-2022-2do-acu-10-10-2022.pdf&quot; target=&quot;_blank&quot;&gt;TEEC\/RAP\/6\/2022 (SE FIJA FECHA Y HORA PARA SESI\u00d3N PRIVADA)&lt;\/a&gt;\" data-order=\"&lt;a href=&quot;https:\/\/teec.org.mx\/web\/wp-content\/uploads\/2022\/10\/TEEC-RAP-6-2022-2do-acu-10-10-2022.pdf&quot; target=&quot;_blank&quot;&gt;TEEC\/RAP\/6\/2022 (SE FIJA FECHA Y HORA PARA SESI\u00d3N PRIVADA)&lt;\/a&gt;\" ><a href=\"https:\/\/teec.org.mx\/web\/wp-content\/uploads\/2022\/10\/TEEC-RAP-6-2022-2do-acu-10-10-2022.pdf\" target=\"_blank\">TEEC\/RAP\/6\/2022 (SE FIJA FECHA Y HORA PARA SESI\u00d3N PRIVADA)<\/a><\/td><\/tr><tr style=\"height:px\" ><td data-cell-id=\"A53\" data-x=\"0\" data-y=\"53\" data-db-index=\"53\" class=\"fsize-18\" data-cell-type=\"text\" data-original-value=\"10 DE OCTUBRE DE 2022, A LAS 14:15 HORAS\" data-order=\"10 DE OCTUBRE DE 2022, A LAS 14:15 HORAS\" >10 DE OCTUBRE DE 2022, A LAS 14:15 HORAS <\/td><td data-cell-id=\"B53\" data-x=\"1\" data-y=\"53\" data-db-index=\"53\" class=\"fsize-18\" data-cell-type=\"text\" data-original-value=\"ALEX ABRAHAM NAAL QUINTAL, EN SU CALIDAD DE REPRESENTANTE SUPLENTE ANTE EL CONSEJO GENERAL DEL INSTITUTO ELECTORAL DEL ESTADO DE CAMPECHE DEL PARTIDO POLITICO MOVIMIENTO CIUDADANO\" data-order=\"ALEX ABRAHAM NAAL QUINTAL, EN SU CALIDAD DE REPRESENTANTE SUPLENTE ANTE EL CONSEJO GENERAL DEL INSTITUTO ELECTORAL DEL ESTADO DE CAMPECHE DEL PARTIDO POLITICO MOVIMIENTO CIUDADANO\" >ALEX ABRAHAM NAAL QUINTAL, EN SU CALIDAD DE REPRESENTANTE SUPLENTE ANTE EL CONSEJO GENERAL DEL INSTITUTO ELECTORAL DEL ESTADO DE CAMPECHE DEL PARTIDO POLITICO MOVIMIENTO CIUDADANO <\/td><td data-cell-id=\"C53\" data-x=\"2\" data-y=\"53\" data-db-index=\"53\" class=\"fsize-18\" data-cell-type=\"text\" data-original-value=\"JUNTA GENERAL EJECUTIVA DEL INSTITUTO ELECTORAL DEL ESTADO DE CAMPECHE\" data-order=\"JUNTA GENERAL EJECUTIVA DEL INSTITUTO ELECTORAL DEL ESTADO DE CAMPECHE\" >JUNTA GENERAL EJECUTIVA DEL INSTITUTO ELECTORAL DEL ESTADO DE CAMPECHE <\/td><td data-cell-id=\"D53\" data-x=\"3\" data-y=\"53\" data-db-index=\"53\" class=\"fsize-18\" data-cell-type=\"text\" data-original-value=\"&lt;a href=&quot;https:\/\/teec.org.mx\/web\/wp-content\/uploads\/2022\/10\/TEEC-RAP-10-2022-2do-acu-10-10-2022.pdf&quot; target=&quot;_blank&quot;&gt;TEEC\/RAP\/10\/2022 (ACUERDO DE RECEPCI\u00d3N, RADICACI\u00d3N Y SOLICITUD DE FECHA Y HORA PARA SESI\u00d3N PRIVADA)&lt;\/a&gt;\" data-order=\"&lt;a href=&quot;https:\/\/teec.org.mx\/web\/wp-content\/uploads\/2022\/10\/TEEC-RAP-10-2022-2do-acu-10-10-2022.pdf&quot; target=&quot;_blank&quot;&gt;TEEC\/RAP\/10\/2022 (ACUERDO DE RECEPCI\u00d3N, RADICACI\u00d3N Y SOLICITUD DE FECHA Y HORA PARA SESI\u00d3N PRIVADA)&lt;\/a&gt;\" ><a href=\"https:\/\/teec.org.mx\/web\/wp-content\/uploads\/2022\/10\/TEEC-RAP-10-2022-2do-acu-10-10-2022.pdf\" target=\"_blank\">TEEC\/RAP\/10\/2022 (ACUERDO DE RECEPCI\u00d3N, RADICACI\u00d3N Y SOLICITUD DE FECHA Y HORA PARA SESI\u00d3N PRIVADA)<\/a><\/td><\/tr><tr style=\"height:px\" ><td data-cell-id=\"A54\" data-x=\"0\" data-y=\"54\" data-db-index=\"54\" class=\"fsize-18\" data-cell-type=\"text\" data-original-value=\"10 DE OCTUBRE DE 2022, A LAS 14:00 HORAS\" data-order=\"10 DE OCTUBRE DE 2022, A LAS 14:00 HORAS\" >10 DE OCTUBRE DE 2022, A LAS 14:00 HORAS <\/td><td data-cell-id=\"B54\" data-x=\"1\" data-y=\"54\" data-db-index=\"54\" class=\"fsize-18\" data-cell-type=\"text\" data-original-value=\"ALEX ABRAHAM NAAL QUINTAL, EN SU CALIDAD DE REPRESENTANTE SUPLENTE ANTE EL CONSEJO GENERAL DEL INSTITUTO ELECTORAL DEL ESTADO DE CAMPECHE DEL PARTIDO POLITICO MOVIMIENTO CIUDADANO\" data-order=\"ALEX ABRAHAM NAAL QUINTAL, EN SU CALIDAD DE REPRESENTANTE SUPLENTE ANTE EL CONSEJO GENERAL DEL INSTITUTO ELECTORAL DEL ESTADO DE CAMPECHE DEL PARTIDO POLITICO MOVIMIENTO CIUDADANO\" >ALEX ABRAHAM NAAL QUINTAL, EN SU CALIDAD DE REPRESENTANTE SUPLENTE ANTE EL CONSEJO GENERAL DEL INSTITUTO ELECTORAL DEL ESTADO DE CAMPECHE DEL PARTIDO POLITICO MOVIMIENTO CIUDADANO <\/td><td data-cell-id=\"C54\" data-x=\"2\" data-y=\"54\" data-db-index=\"54\" class=\"fsize-18\" data-cell-type=\"text\" data-original-value=\"JUNTA GENERAL EJECUTIVA DEL INSTITUTO ELECTORAL DEL ESTADO DE CAMPECHE\" data-order=\"JUNTA GENERAL EJECUTIVA DEL INSTITUTO ELECTORAL DEL ESTADO DE CAMPECHE\" >JUNTA GENERAL EJECUTIVA DEL INSTITUTO ELECTORAL DEL ESTADO DE CAMPECHE <\/td><td data-cell-id=\"D54\" data-x=\"3\" data-y=\"54\" data-db-index=\"54\" class=\"fsize-18\" data-cell-type=\"text\" data-original-value=\"&lt;a href=&quot;https:\/\/teec.org.mx\/web\/wp-content\/uploads\/2022\/10\/TEEC-RAP-6-2022-10-10-2022.pdf&quot; target=&quot;_blank&quot;&gt;TEEC\/RAP\/6\/2022 (ACUERDO DE RECEPCI\u00d3N, RADICACI\u00d3N Y SOLICITUD DE FECHA Y HORA PARA SESI\u00d3N PRIVADA)&lt;\/a&gt;\" data-order=\"&lt;a href=&quot;https:\/\/teec.org.mx\/web\/wp-content\/uploads\/2022\/10\/TEEC-RAP-6-2022-10-10-2022.pdf&quot; target=&quot;_blank&quot;&gt;TEEC\/RAP\/6\/2022 (ACUERDO DE RECEPCI\u00d3N, RADICACI\u00d3N Y SOLICITUD DE FECHA Y HORA PARA SESI\u00d3N PRIVADA)&lt;\/a&gt;\" ><a href=\"https:\/\/teec.org.mx\/web\/wp-content\/uploads\/2022\/10\/TEEC-RAP-6-2022-10-10-2022.pdf\" target=\"_blank\">TEEC\/RAP\/6\/2022 (ACUERDO DE RECEPCI\u00d3N, RADICACI\u00d3N Y SOLICITUD DE FECHA Y HORA PARA SESI\u00d3N PRIVADA)<\/a><\/td><\/tr><tr style=\"height:px\" ><td data-cell-id=\"A55\" data-x=\"0\" data-y=\"55\" data-db-index=\"55\" class=\"fsize-18\" data-cell-type=\"text\" data-original-value=\"10 DE OCTUBRE DE 2022, A LAS 13:20 HORAS\" data-order=\"10 DE OCTUBRE DE 2022, A LAS 13:20 HORAS\" >10 DE OCTUBRE DE 2022, A LAS 13:20 HORAS <\/td><td data-cell-id=\"B55\" data-x=\"1\" data-y=\"55\" data-db-index=\"55\" class=\"fsize-18\" data-cell-type=\"text\" data-original-value=\"ALEX ABRAHAM NAAL QUINTAL, EN SU CALIDAD DE REPRESENTANTE SUPLENTE ANTE EL CONSEJO GENERAL DEL INSTITUTO ELECTORAL DEL ESTADO DE CAMPECHE DEL PARTIDO POLITICO MOVIMIENTO CIUDADANO\" data-order=\"ALEX ABRAHAM NAAL QUINTAL, EN SU CALIDAD DE REPRESENTANTE SUPLENTE ANTE EL CONSEJO GENERAL DEL INSTITUTO ELECTORAL DEL ESTADO DE CAMPECHE DEL PARTIDO POLITICO MOVIMIENTO CIUDADANO\" >ALEX ABRAHAM NAAL QUINTAL, EN SU CALIDAD DE REPRESENTANTE SUPLENTE ANTE EL CONSEJO GENERAL DEL INSTITUTO ELECTORAL DEL ESTADO DE CAMPECHE DEL PARTIDO POLITICO MOVIMIENTO CIUDADANO <\/td><td data-cell-id=\"C55\" data-x=\"2\" data-y=\"55\" data-db-index=\"55\" class=\"fsize-18\" data-cell-type=\"text\" data-original-value=\"JUNTA GENERAL EJECUTIVA DEL INSTITUTO ELECTORAL DEL ESTADO DE CAMPECHE\" data-order=\"JUNTA GENERAL EJECUTIVA DEL INSTITUTO ELECTORAL DEL ESTADO DE CAMPECHE\" >JUNTA GENERAL EJECUTIVA DEL INSTITUTO ELECTORAL DEL ESTADO DE CAMPECHE <\/td><td data-cell-id=\"D55\" data-x=\"3\" data-y=\"55\" data-db-index=\"55\" class=\"fsize-18\" data-cell-type=\"text\" data-original-value=\"&lt;a href=&quot;https:\/\/teec.org.mx\/web\/wp-content\/uploads\/2022\/10\/TEEC-RAP-9-2022-2do-acu-10-10-2022.pdf&quot; target=&quot;_blank&quot;&gt;TEEC\/RAP\/9\/2022 (ACUERDO DE RECEPCI\u00d3N, RADICACI\u00d3N Y SE FIJA FECHA Y HORA PARA SESI\u00d3N PRIVADA)&lt;\/a&gt;\" data-order=\"&lt;a href=&quot;https:\/\/teec.org.mx\/web\/wp-content\/uploads\/2022\/10\/TEEC-RAP-9-2022-2do-acu-10-10-2022.pdf&quot; target=&quot;_blank&quot;&gt;TEEC\/RAP\/9\/2022 (ACUERDO DE RECEPCI\u00d3N, RADICACI\u00d3N Y SE FIJA FECHA Y HORA PARA SESI\u00d3N PRIVADA)&lt;\/a&gt;\" ><a href=\"https:\/\/teec.org.mx\/web\/wp-content\/uploads\/2022\/10\/TEEC-RAP-9-2022-2do-acu-10-10-2022.pdf\" target=\"_blank\">TEEC\/RAP\/9\/2022 (ACUERDO DE RECEPCI\u00d3N, RADICACI\u00d3N Y SE FIJA FECHA Y HORA PARA SESI\u00d3N PRIVADA)<\/a><\/td><\/tr><tr style=\"height:px\" ><td data-cell-id=\"A56\" data-x=\"0\" data-y=\"56\" data-db-index=\"56\" class=\"fsize-18\" data-cell-type=\"text\" data-original-value=\"10 DE OCTUBRE DE 2022, A LAS 12:50 HORAS\" data-order=\"10 DE OCTUBRE DE 2022, A LAS 12:50 HORAS\" >10 DE OCTUBRE DE 2022, A LAS 12:50 HORAS <\/td><td data-cell-id=\"B56\" data-x=\"1\" data-y=\"56\" data-db-index=\"56\" class=\"fsize-18\" data-cell-type=\"text\" data-original-value=\"ELISEO FERN\u00c1NDEZ MONTUFAR \" data-order=\"ELISEO FERN\u00c1NDEZ MONTUFAR \" >ELISEO FERN\u00c1NDEZ MONTUFAR <\/td><td data-cell-id=\"C56\" data-x=\"2\" data-y=\"56\" data-db-index=\"56\" class=\"fsize-18\" data-cell-type=\"text\" data-original-value=\"JUNTA GENERAL EJECUTIVA DEL INSTITUTO ELECTORAL DEL ESTADO DE CAMPECHE\" data-order=\"JUNTA GENERAL EJECUTIVA DEL INSTITUTO ELECTORAL DEL ESTADO DE CAMPECHE\" >JUNTA GENERAL EJECUTIVA DEL INSTITUTO ELECTORAL DEL ESTADO DE CAMPECHE <\/td><td data-cell-id=\"D56\" data-x=\"3\" data-y=\"56\" data-db-index=\"56\" class=\"fsize-18\" data-cell-type=\"text\" data-original-value=\"&lt;a href=&quot;https:\/\/teec.org.mx\/web\/wp-content\/uploads\/2022\/10\/TEEC-RAP-8-2022-10-10-2022.pdf&quot; target=&quot;_blank&quot;&gt;TEEC\/RAP\/8\/2022 (SE FIJA FECHA Y HORA PARA SESI\u00d3N PRIVADA)&lt;\/a&gt;\" data-order=\"&lt;a href=&quot;https:\/\/teec.org.mx\/web\/wp-content\/uploads\/2022\/10\/TEEC-RAP-8-2022-10-10-2022.pdf&quot; target=&quot;_blank&quot;&gt;TEEC\/RAP\/8\/2022 (SE FIJA FECHA Y HORA PARA SESI\u00d3N PRIVADA)&lt;\/a&gt;\" ><a href=\"https:\/\/teec.org.mx\/web\/wp-content\/uploads\/2022\/10\/TEEC-RAP-8-2022-10-10-2022.pdf\" target=\"_blank\">TEEC\/RAP\/8\/2022 (SE FIJA FECHA Y HORA PARA SESI\u00d3N PRIVADA)<\/a><\/td><\/tr><tr style=\"height:px\" ><td data-cell-id=\"A57\" data-x=\"0\" data-y=\"57\" data-db-index=\"57\" class=\"fsize-18\" data-cell-type=\"text\" data-original-value=\"10 DE OCTUBRE DE 2022, A LAS 12:40 HORAS\" data-order=\"10 DE OCTUBRE DE 2022, A LAS 12:40 HORAS\" >10 DE OCTUBRE DE 2022, A LAS 12:40 HORAS <\/td><td data-cell-id=\"B57\" data-x=\"1\" data-y=\"57\" data-db-index=\"57\" class=\"fsize-18\" data-cell-type=\"text\" data-original-value=\"ALEX ABRAHAM NAAL QUINTAL, EN SU CALIDAD DE REPRESENTANTE SUPLENTE ANTE EL CONSEJO GENERAL DEL INSTITUTO ELECTORAL DEL ESTADO DE CAMPECHE DEL PARTIDO POLITICO MOVIMIENTO CIUDADANO\" data-order=\"ALEX ABRAHAM NAAL QUINTAL, EN SU CALIDAD DE REPRESENTANTE SUPLENTE ANTE EL CONSEJO GENERAL DEL INSTITUTO ELECTORAL DEL ESTADO DE CAMPECHE DEL PARTIDO POLITICO MOVIMIENTO CIUDADANO\" >ALEX ABRAHAM NAAL QUINTAL, EN SU CALIDAD DE REPRESENTANTE SUPLENTE ANTE EL CONSEJO GENERAL DEL INSTITUTO ELECTORAL DEL ESTADO DE CAMPECHE DEL PARTIDO POLITICO MOVIMIENTO CIUDADANO <\/td><td data-cell-id=\"C57\" data-x=\"2\" data-y=\"57\" data-db-index=\"57\" class=\"fsize-18\" data-cell-type=\"text\" data-original-value=\"JUNTA GENERAL EJECUTIVA DEL INSTITUTO ELECTORAL DEL ESTADO DE CAMPECHE\" data-order=\"JUNTA GENERAL EJECUTIVA DEL INSTITUTO ELECTORAL DEL ESTADO DE CAMPECHE\" >JUNTA GENERAL EJECUTIVA DEL INSTITUTO ELECTORAL DEL ESTADO DE CAMPECHE <\/td><td data-cell-id=\"D57\" data-x=\"3\" data-y=\"57\" data-db-index=\"57\" class=\"fsize-18\" data-cell-type=\"text\" data-original-value=\"&lt;a href=&quot;https:\/\/teec.org.mx\/web\/wp-content\/uploads\/2022\/10\/TEEC-RAP-7-2022-10-10-2022.pdf&quot; target=&quot;_blank&quot;&gt;TEEC\/RAP\/7\/2022 (SE FIJA FECHA Y HORA PARA SESI\u00d3N PRIVADA)&lt;\/a&gt;\" data-order=\"&lt;a href=&quot;https:\/\/teec.org.mx\/web\/wp-content\/uploads\/2022\/10\/TEEC-RAP-7-2022-10-10-2022.pdf&quot; target=&quot;_blank&quot;&gt;TEEC\/RAP\/7\/2022 (SE FIJA FECHA Y HORA PARA SESI\u00d3N PRIVADA)&lt;\/a&gt;\" ><a href=\"https:\/\/teec.org.mx\/web\/wp-content\/uploads\/2022\/10\/TEEC-RAP-7-2022-10-10-2022.pdf\" target=\"_blank\">TEEC\/RAP\/7\/2022 (SE FIJA FECHA Y HORA PARA SESI\u00d3N PRIVADA)<\/a><\/td><\/tr><tr style=\"height:px\" ><td data-cell-id=\"A58\" data-x=\"0\" data-y=\"58\" data-db-index=\"58\" class=\"fsize-18\" data-cell-type=\"text\" data-original-value=\"10 DE OCTUBRE DE 2022, A LAS 10:15 HORAS\" data-order=\"10 DE OCTUBRE DE 2022, A LAS 10:15 HORAS\" >10 DE OCTUBRE DE 2022, A LAS 10:15 HORAS <\/td><td data-cell-id=\"B58\" data-x=\"1\" data-y=\"58\" data-db-index=\"58\" class=\"fsize-18\" data-cell-type=\"text\" data-original-value=\"ALEX ABRAHAM NAAL QUINTAL, EN SU CALIDAD DE REPRESENTANTE SUPLENTE ANTE EL CONSEJO GENERAL DEL INSTITUTO ELECTORAL DEL ESTADO DE CAMPECHE DEL PARTIDO POLITICO MOVIMIENTO CIUDADANO\" data-order=\"ALEX ABRAHAM NAAL QUINTAL, EN SU CALIDAD DE REPRESENTANTE SUPLENTE ANTE EL CONSEJO GENERAL DEL INSTITUTO ELECTORAL DEL ESTADO DE CAMPECHE DEL PARTIDO POLITICO MOVIMIENTO CIUDADANO\" >ALEX ABRAHAM NAAL QUINTAL, EN SU CALIDAD DE REPRESENTANTE SUPLENTE ANTE EL CONSEJO GENERAL DEL INSTITUTO ELECTORAL DEL ESTADO DE CAMPECHE DEL PARTIDO POLITICO MOVIMIENTO CIUDADANO <\/td><td data-cell-id=\"C58\" data-x=\"2\" data-y=\"58\" data-db-index=\"58\" class=\"fsize-18\" data-cell-type=\"text\" data-original-value=\"JUNTA GENERAL EJECUTIVA DEL INSTITUTO ELECTORAL DEL ESTADO DE CAMPECHE\" data-order=\"JUNTA GENERAL EJECUTIVA DEL INSTITUTO ELECTORAL DEL ESTADO DE CAMPECHE\" >JUNTA GENERAL EJECUTIVA DEL INSTITUTO ELECTORAL DEL ESTADO DE CAMPECHE <\/td><td data-cell-id=\"D58\" data-x=\"3\" data-y=\"58\" data-db-index=\"58\" class=\"fsize-18\" data-cell-type=\"text\" data-original-value=\"&lt;a href=&quot;https:\/\/teec.org.mx\/web\/wp-content\/uploads\/2022\/10\/TEEC-RAP-10-2022-10-10-2022.pdf&quot; target=&quot;_blank&quot;&gt;TEEC\/RAP\/10\/2022 (ACUERDO DE TURNO)&lt;\/a&gt;\" data-order=\"&lt;a href=&quot;https:\/\/teec.org.mx\/web\/wp-content\/uploads\/2022\/10\/TEEC-RAP-10-2022-10-10-2022.pdf&quot; target=&quot;_blank&quot;&gt;TEEC\/RAP\/10\/2022 (ACUERDO DE TURNO)&lt;\/a&gt;\" ><a href=\"https:\/\/teec.org.mx\/web\/wp-content\/uploads\/2022\/10\/TEEC-RAP-10-2022-10-10-2022.pdf\" target=\"_blank\">TEEC\/RAP\/10\/2022 (ACUERDO DE TURNO)<\/a><\/td><\/tr><tr style=\"height:px\" ><td data-cell-id=\"A59\" data-x=\"0\" data-y=\"59\" data-db-index=\"59\" class=\"fsize-18\" data-cell-type=\"text\" data-original-value=\"10 DE OCTUBRE DE 2022, A LAS 10:00 HORAS\" data-order=\"10 DE OCTUBRE DE 2022, A LAS 10:00 HORAS\" >10 DE OCTUBRE DE 2022, A LAS 10:00 HORAS <\/td><td data-cell-id=\"B59\" data-x=\"1\" data-y=\"59\" data-db-index=\"59\" class=\"fsize-18\" data-cell-type=\"text\" data-original-value=\"ALEX ABRAHAM NAAL QUINTAL, EN SU CALIDAD DE REPRESENTANTE SUPLENTE ANTE EL CONSEJO GENERAL DEL INSTITUTO ELECTORAL DEL ESTADO DE CAMPECHE DEL PARTIDO POLITICO MOVIMIENTO CIUDADANO\" data-order=\"ALEX ABRAHAM NAAL QUINTAL, EN SU CALIDAD DE REPRESENTANTE SUPLENTE ANTE EL CONSEJO GENERAL DEL INSTITUTO ELECTORAL DEL ESTADO DE CAMPECHE DEL PARTIDO POLITICO MOVIMIENTO CIUDADANO\" >ALEX ABRAHAM NAAL QUINTAL, EN SU CALIDAD DE REPRESENTANTE SUPLENTE ANTE EL CONSEJO GENERAL DEL INSTITUTO ELECTORAL DEL ESTADO DE CAMPECHE DEL PARTIDO POLITICO MOVIMIENTO CIUDADANO <\/td><td data-cell-id=\"C59\" data-x=\"2\" data-y=\"59\" data-db-index=\"59\" class=\"fsize-18\" data-cell-type=\"text\" data-original-value=\"JUNTA GENERAL EJECUTIVA DEL INSTITUTO ELECTORAL DEL ESTADO DE CAMPECHE\" data-order=\"JUNTA GENERAL EJECUTIVA DEL INSTITUTO ELECTORAL DEL ESTADO DE CAMPECHE\" >JUNTA GENERAL EJECUTIVA DEL INSTITUTO ELECTORAL DEL ESTADO DE CAMPECHE <\/td><td data-cell-id=\"D59\" data-x=\"3\" data-y=\"59\" data-db-index=\"59\" class=\"fsize-18\" data-cell-type=\"text\" data-original-value=\"&lt;a href=&quot;https:\/\/teec.org.mx\/web\/wp-content\/uploads\/2022\/10\/TEEC-RAP-9-2022-10-10-2022.pdf&quot; target=&quot;_blank&quot;&gt;TEEC\/RAP\/9\/2022 (ACUERDO DE TURNO)&lt;\/a&gt;\" data-order=\"&lt;a href=&quot;https:\/\/teec.org.mx\/web\/wp-content\/uploads\/2022\/10\/TEEC-RAP-9-2022-10-10-2022.pdf&quot; target=&quot;_blank&quot;&gt;TEEC\/RAP\/9\/2022 (ACUERDO DE TURNO)&lt;\/a&gt;\" ><a href=\"https:\/\/teec.org.mx\/web\/wp-content\/uploads\/2022\/10\/TEEC-RAP-9-2022-10-10-2022.pdf\" target=\"_blank\">TEEC\/RAP\/9\/2022 (ACUERDO DE TURNO)<\/a><\/td><\/tr><tr style=\"height:px\" ><td data-cell-id=\"A60\" data-x=\"0\" data-y=\"60\" data-db-index=\"60\" class=\"fsize-18\" data-cell-type=\"text\" data-original-value=\"06 DE OCTUBRE DE 2022, A LAS 12:30 HORAS\" data-order=\"06 DE OCTUBRE DE 2022, A LAS 12:30 HORAS\" >06 DE OCTUBRE DE 2022, A LAS 12:30 HORAS <\/td><td data-cell-id=\"B60\" data-x=\"1\" data-y=\"60\" data-db-index=\"60\" class=\"fsize-18\" data-cell-type=\"text\" data-original-value=\"ELISEO FERN\u00c1NDEZ MONTUFAR\" data-order=\"ELISEO FERN\u00c1NDEZ MONTUFAR\" >ELISEO FERN\u00c1NDEZ MONTUFAR <\/td><td data-cell-id=\"C60\" data-x=\"2\" data-y=\"60\" data-db-index=\"60\" class=\"fsize-18\" data-cell-type=\"text\" data-original-value=\"JUNTA GENERAL EJECUTIVA DEL INSTITUTO ELECTORAL DEL ESTADO DE CAMPECHE\" data-order=\"JUNTA GENERAL EJECUTIVA DEL INSTITUTO ELECTORAL DEL ESTADO DE CAMPECHE\" >JUNTA GENERAL EJECUTIVA DEL INSTITUTO ELECTORAL DEL ESTADO DE CAMPECHE <\/td><td data-cell-id=\"D60\" data-x=\"3\" data-y=\"60\" data-db-index=\"60\" class=\"fsize-18\" data-cell-type=\"text\" data-original-value=\"&lt;a href=&quot;https:\/\/teec.org.mx\/web\/wp-content\/uploads\/2022\/10\/TEEC-RAP-8-2022-06-10-2022.pdf&quot; target=&quot;_blank&quot;&gt;TEEC\/RAP\/8\/2022 (ACUERDO DE RECEPCI\u00d3N Y RADICACI\u00d3N)&lt;\/a&gt;\" data-order=\"&lt;a href=&quot;https:\/\/teec.org.mx\/web\/wp-content\/uploads\/2022\/10\/TEEC-RAP-8-2022-06-10-2022.pdf&quot; target=&quot;_blank&quot;&gt;TEEC\/RAP\/8\/2022 (ACUERDO DE RECEPCI\u00d3N Y RADICACI\u00d3N)&lt;\/a&gt;\" ><a href=\"https:\/\/teec.org.mx\/web\/wp-content\/uploads\/2022\/10\/TEEC-RAP-8-2022-06-10-2022.pdf\" target=\"_blank\">TEEC\/RAP\/8\/2022 (ACUERDO DE RECEPCI\u00d3N Y RADICACI\u00d3N)<\/a><\/td><\/tr><tr style=\"height:px\" ><td data-cell-id=\"A61\" data-x=\"0\" data-y=\"61\" data-db-index=\"61\" class=\"fsize-18\" data-cell-type=\"text\" data-original-value=\"06 DE OCTUBRE DE 2022, A LAS 12:00 HORAS\" data-order=\"06 DE OCTUBRE DE 2022, A LAS 12:00 HORAS\" >06 DE OCTUBRE DE 2022, A LAS 12:00 HORAS <\/td><td data-cell-id=\"B61\" data-x=\"1\" data-y=\"61\" data-db-index=\"61\" class=\"fsize-18\" data-cell-type=\"text\" data-original-value=\"ALEX ABRAHAM NAAL QUINTAL, EN SU CALIDAD DE REPRESENTANTE SUPLENTE ANTE EL CONSEJO GENERAL DEL INSTITUTO ELECTORAL DEL ESTADO DE CAMPECHE DEL PARTIDO POLITICO MOVIMIENTO CIUDADANO\" data-order=\"ALEX ABRAHAM NAAL QUINTAL, EN SU CALIDAD DE REPRESENTANTE SUPLENTE ANTE EL CONSEJO GENERAL DEL INSTITUTO ELECTORAL DEL ESTADO DE CAMPECHE DEL PARTIDO POLITICO MOVIMIENTO CIUDADANO\" >ALEX ABRAHAM NAAL QUINTAL, EN SU CALIDAD DE REPRESENTANTE SUPLENTE ANTE EL CONSEJO GENERAL DEL INSTITUTO ELECTORAL DEL ESTADO DE CAMPECHE DEL PARTIDO POLITICO MOVIMIENTO CIUDADANO <\/td><td data-cell-id=\"C61\" data-x=\"2\" data-y=\"61\" data-db-index=\"61\" class=\"fsize-18\" data-cell-type=\"text\" data-original-value=\"JUNTA GENERAL EJECUTIVA DEL INSTITUTO ELECTORAL DEL ESTADO DE CAMPECHE\" data-order=\"JUNTA GENERAL EJECUTIVA DEL INSTITUTO ELECTORAL DEL ESTADO DE CAMPECHE\" >JUNTA GENERAL EJECUTIVA DEL INSTITUTO ELECTORAL DEL ESTADO DE CAMPECHE <\/td><td data-cell-id=\"D61\" data-x=\"3\" data-y=\"61\" data-db-index=\"61\" class=\"fsize-18\" data-cell-type=\"text\" data-original-value=\"&lt;a href=&quot;https:\/\/teec.org.mx\/web\/wp-content\/uploads\/2022\/10\/TEEC-RAP-7-2022-06-2022.pdf&quot; target=&quot;_blank&quot;&gt;TEEC\/RAP\/7\/2022 (ACUERDO DE RECEPCI\u00d3N Y RADICACI\u00d3N)&lt;\/a&gt;\" data-order=\"&lt;a href=&quot;https:\/\/teec.org.mx\/web\/wp-content\/uploads\/2022\/10\/TEEC-RAP-7-2022-06-2022.pdf&quot; target=&quot;_blank&quot;&gt;TEEC\/RAP\/7\/2022 (ACUERDO DE RECEPCI\u00d3N Y RADICACI\u00d3N)&lt;\/a&gt;\" ><a href=\"https:\/\/teec.org.mx\/web\/wp-content\/uploads\/2022\/10\/TEEC-RAP-7-2022-06-2022.pdf\" target=\"_blank\">TEEC\/RAP\/7\/2022 (ACUERDO DE RECEPCI\u00d3N Y RADICACI\u00d3N)<\/a><\/td><\/tr><tr style=\"height:px\" ><td data-cell-id=\"A62\" data-x=\"0\" data-y=\"62\" data-db-index=\"62\" class=\"fsize-18\" data-cell-type=\"text\" data-original-value=\"05 DE OCTUBRE DE 2022, A LAS 12:35 HORAS\" data-order=\"05 DE OCTUBRE DE 2022, A LAS 12:35 HORAS\" >05 DE OCTUBRE DE 2022, A LAS 12:35 HORAS <\/td><td data-cell-id=\"B62\" data-x=\"1\" data-y=\"62\" data-db-index=\"62\" class=\"fsize-18\" data-cell-type=\"text\" data-original-value=\"ELISEO FERN\u00c1NDEZ MONTUFAR \" data-order=\"ELISEO FERN\u00c1NDEZ MONTUFAR \" >ELISEO FERN\u00c1NDEZ MONTUFAR <\/td><td data-cell-id=\"C62\" data-x=\"2\" data-y=\"62\" data-db-index=\"62\" class=\"fsize-18\" data-cell-type=\"text\" data-original-value=\"JUNTA GENERAL EJECUTIVA DEL INSTITUTO ELECTORAL DEL ESTADO DE CAMPECHE\" data-order=\"JUNTA GENERAL EJECUTIVA DEL INSTITUTO ELECTORAL DEL ESTADO DE CAMPECHE\" >JUNTA GENERAL EJECUTIVA DEL INSTITUTO ELECTORAL DEL ESTADO DE CAMPECHE <\/td><td data-cell-id=\"D62\" data-x=\"3\" data-y=\"62\" data-db-index=\"62\" class=\"fsize-18\" data-cell-type=\"text\" data-original-value=\"&lt;a href=&quot;https:\/\/teec.org.mx\/web\/wp-content\/uploads\/2022\/10\/TEEC-RAP-8-2022-05-10-2022.pdf&quot; target=&quot;_blank&quot;&gt;TEEC\/RAP\/8\/2022 (ACUERDO DE TURNO)&lt;\/a&gt;\" data-order=\"&lt;a href=&quot;https:\/\/teec.org.mx\/web\/wp-content\/uploads\/2022\/10\/TEEC-RAP-8-2022-05-10-2022.pdf&quot; target=&quot;_blank&quot;&gt;TEEC\/RAP\/8\/2022 (ACUERDO DE TURNO)&lt;\/a&gt;\" ><a href=\"https:\/\/teec.org.mx\/web\/wp-content\/uploads\/2022\/10\/TEEC-RAP-8-2022-05-10-2022.pdf\" target=\"_blank\">TEEC\/RAP\/8\/2022 (ACUERDO DE TURNO)<\/a><\/td><\/tr><tr style=\"height:px\" ><td data-cell-id=\"A63\" data-x=\"0\" data-y=\"63\" data-db-index=\"63\" class=\"fsize-18\" data-cell-type=\"text\" data-original-value=\"05 DE OCTUBRE DE 2022, A LAS 12:20 HORAS\" data-order=\"05 DE OCTUBRE DE 2022, A LAS 12:20 HORAS\" >05 DE OCTUBRE DE 2022, A LAS 12:20 HORAS <\/td><td data-cell-id=\"B63\" data-x=\"1\" data-y=\"63\" data-db-index=\"63\" class=\"fsize-18\" data-cell-type=\"text\" data-original-value=\"ALEX ABRAHAM NAAL QUINTAL, EN SU CALIDAD DE REPRESENTANTE SUPLENTE ANTE EL CONSEJO GENERAL DEL INSTITUTO ELECTORAL DEL ESTADO DE CAMPECHE DEL PARTIDO POLITICO MOVIMIENTO CIUDADANO\" data-order=\"ALEX ABRAHAM NAAL QUINTAL, EN SU CALIDAD DE REPRESENTANTE SUPLENTE ANTE EL CONSEJO GENERAL DEL INSTITUTO ELECTORAL DEL ESTADO DE CAMPECHE DEL PARTIDO POLITICO MOVIMIENTO CIUDADANO\" >ALEX ABRAHAM NAAL QUINTAL, EN SU CALIDAD DE REPRESENTANTE SUPLENTE ANTE EL CONSEJO GENERAL DEL INSTITUTO ELECTORAL DEL ESTADO DE CAMPECHE DEL PARTIDO POLITICO MOVIMIENTO CIUDADANO <\/td><td data-cell-id=\"C63\" data-x=\"2\" data-y=\"63\" data-db-index=\"63\" class=\"fsize-18\" data-cell-type=\"text\" data-original-value=\"JUNTA GENERAL EJECUTIVA DEL INSTITUTO ELECTORAL DEL ESTADO DE CAMPECHE\" data-order=\"JUNTA GENERAL EJECUTIVA DEL INSTITUTO ELECTORAL DEL ESTADO DE CAMPECHE\" >JUNTA GENERAL EJECUTIVA DEL INSTITUTO ELECTORAL DEL ESTADO DE CAMPECHE <\/td><td data-cell-id=\"D63\" data-x=\"3\" data-y=\"63\" data-db-index=\"63\" class=\"fsize-18\" data-cell-type=\"text\" data-original-value=\"&lt;a href=&quot;https:\/\/teec.org.mx\/web\/wp-content\/uploads\/2022\/10\/TEEC-RAP-7-2022-05-10-2022.pdf&quot; target=&quot;_blank&quot;&gt;TEEC\/RAP\/7\/2022 (ACUERDO DE TURNO)&lt;\/a&gt;\" data-order=\"&lt;a href=&quot;https:\/\/teec.org.mx\/web\/wp-content\/uploads\/2022\/10\/TEEC-RAP-7-2022-05-10-2022.pdf&quot; target=&quot;_blank&quot;&gt;TEEC\/RAP\/7\/2022 (ACUERDO DE TURNO)&lt;\/a&gt;\" ><a href=\"https:\/\/teec.org.mx\/web\/wp-content\/uploads\/2022\/10\/TEEC-RAP-7-2022-05-10-2022.pdf\" target=\"_blank\">TEEC\/RAP\/7\/2022 (ACUERDO DE TURNO)<\/a><\/td><\/tr><tr style=\"height:px\" ><td data-cell-id=\"A64\" data-x=\"0\" data-y=\"64\" data-db-index=\"64\" class=\"fsize-18\" data-cell-type=\"text\" data-original-value=\"05 DE OCTUBRE DE 2022, A LAS 12:00 HORAS\" data-order=\"05 DE OCTUBRE DE 2022, A LAS 12:00 HORAS\" >05 DE OCTUBRE DE 2022, A LAS 12:00 HORAS <\/td><td data-cell-id=\"B64\" data-x=\"1\" data-y=\"64\" data-db-index=\"64\" class=\"fsize-18\" data-cell-type=\"text\" data-original-value=\"ALEX ABRAHAM NAAL QUINTAL, EN SU CALIDAD DE REPRESENTANTE SUPLENTE ANTE EL CONSEJO GENERAL DEL INSTITUTO ELECTORAL DEL ESTADO DE CAMPECHE DEL PARTIDO POLITICO MOVIMIENTO CIUDADANO\" data-order=\"ALEX ABRAHAM NAAL QUINTAL, EN SU CALIDAD DE REPRESENTANTE SUPLENTE ANTE EL CONSEJO GENERAL DEL INSTITUTO ELECTORAL DEL ESTADO DE CAMPECHE DEL PARTIDO POLITICO MOVIMIENTO CIUDADANO\" >ALEX ABRAHAM NAAL QUINTAL, EN SU CALIDAD DE REPRESENTANTE SUPLENTE ANTE EL CONSEJO GENERAL DEL INSTITUTO ELECTORAL DEL ESTADO DE CAMPECHE DEL PARTIDO POLITICO MOVIMIENTO CIUDADANO <\/td><td data-cell-id=\"C64\" data-x=\"2\" data-y=\"64\" data-db-index=\"64\" class=\"fsize-18\" data-cell-type=\"text\" data-original-value=\"JUNTA GENERAL EJECUTIVA DEL INSTITUTO ELECTORAL DEL ESTADO DE CAMPECHE\" data-order=\"JUNTA GENERAL EJECUTIVA DEL INSTITUTO ELECTORAL DEL ESTADO DE CAMPECHE\" >JUNTA GENERAL EJECUTIVA DEL INSTITUTO ELECTORAL DEL ESTADO DE CAMPECHE <\/td><td data-cell-id=\"D64\" data-x=\"3\" data-y=\"64\" data-db-index=\"64\" class=\"fsize-18\" data-cell-type=\"text\" data-original-value=\"&lt;a href=&quot;https:\/\/teec.org.mx\/web\/wp-content\/uploads\/2022\/10\/TEEC-RAP-6-2022-05-10-2022.pdf&quot; target=&quot;_blank&quot;&gt;TEEC\/RAP\/6\/2022 (ACUERDO DE TURNO)&lt;\/a&gt;\" data-order=\"&lt;a href=&quot;https:\/\/teec.org.mx\/web\/wp-content\/uploads\/2022\/10\/TEEC-RAP-6-2022-05-10-2022.pdf&quot; target=&quot;_blank&quot;&gt;TEEC\/RAP\/6\/2022 (ACUERDO DE TURNO)&lt;\/a&gt;\" ><a href=\"https:\/\/teec.org.mx\/web\/wp-content\/uploads\/2022\/10\/TEEC-RAP-6-2022-05-10-2022.pdf\" target=\"_blank\">TEEC\/RAP\/6\/2022 (ACUERDO DE TURNO)<\/a><\/td><\/tr><tr style=\"height:px\" ><td data-cell-id=\"A65\" data-x=\"0\" data-y=\"65\" data-db-index=\"65\" class=\"fsize-18\" data-cell-type=\"text\" data-original-value=\"03 DE OCTUBRE DE 2022, A LAS 13:20 HORAS\" data-order=\"03 DE OCTUBRE DE 2022, A LAS 13:20 HORAS\" >03 DE OCTUBRE DE 2022, A LAS 13:20 HORAS <\/td><td data-cell-id=\"B65\" data-x=\"1\" data-y=\"65\" data-db-index=\"65\" class=\"fsize-18\" data-cell-type=\"text\" data-original-value=\"LICENCIADO JOS\u00c9 CLEMENTE MARRERO ORTIZ, APODERADO LEGAL DEL LICENCIADO RAFAEL ALEJANDRO MORENO C\u00c1RDENAS Y POR EL LICENCIADO JUAN GUALBERTO ALONZO REBOLLEDO, REPRESENTANTE PROPIETARIO DEL PARTIDO REVOLUCIONARIO INSTITUCIONAL ANTE EL CONSEJO GENERAL DEL INSTITUTO ELECTORAL DEL ESTADO DE CAMPECHE\" data-order=\"LICENCIADO JOS\u00c9 CLEMENTE MARRERO ORTIZ, APODERADO LEGAL DEL LICENCIADO RAFAEL ALEJANDRO MORENO C\u00c1RDENAS Y POR EL LICENCIADO JUAN GUALBERTO ALONZO REBOLLEDO, REPRESENTANTE PROPIETARIO DEL PARTIDO REVOLUCIONARIO INSTITUCIONAL ANTE EL CONSEJO GENERAL DEL INSTITUTO ELECTORAL DEL ESTADO DE CAMPECHE\" >LICENCIADO JOS\u00c9 CLEMENTE MARRERO ORTIZ, APODERADO LEGAL DEL LICENCIADO RAFAEL ALEJANDRO MORENO C\u00c1RDENAS Y POR EL LICENCIADO JUAN GUALBERTO ALONZO REBOLLEDO, REPRESENTANTE PROPIETARIO DEL PARTIDO REVOLUCIONARIO INSTITUCIONAL ANTE EL CONSEJO GENERAL DEL INSTITUTO ELECTORAL DEL ESTADO DE CAMPECHE <\/td><td data-cell-id=\"C65\" data-x=\"2\" data-y=\"65\" data-db-index=\"65\" class=\"fsize-18\" data-cell-type=\"text\" data-original-value=\"JUNTA GENERAL EJECUTIVA DEL INSTITUTO ELECTORAL DEL ESTADO DE CAMPECHE\" data-order=\"JUNTA GENERAL EJECUTIVA DEL INSTITUTO ELECTORAL DEL ESTADO DE CAMPECHE\" >JUNTA GENERAL EJECUTIVA DEL INSTITUTO ELECTORAL DEL ESTADO DE CAMPECHE <\/td><td data-cell-id=\"D65\" data-x=\"3\" data-y=\"65\" data-db-index=\"65\" class=\"fsize-18\" data-cell-type=\"text\" data-original-value=\"&lt;a href=&quot;https:\/\/teec.org.mx\/web\/wp-content\/uploads\/2022\/10\/TEEC-RAP-5-2022-03-10-2022.pdf&quot; target=&quot;_blank&quot;&gt;TEEC\/RAP\/5\/2022 (SE DECLARA FIRME Y VALEDERA LA SENTENCIA)&lt;\/a&gt;\" data-order=\"&lt;a href=&quot;https:\/\/teec.org.mx\/web\/wp-content\/uploads\/2022\/10\/TEEC-RAP-5-2022-03-10-2022.pdf&quot; target=&quot;_blank&quot;&gt;TEEC\/RAP\/5\/2022 (SE DECLARA FIRME Y VALEDERA LA SENTENCIA)&lt;\/a&gt;\" ><a href=\"https:\/\/teec.org.mx\/web\/wp-content\/uploads\/2022\/10\/TEEC-RAP-5-2022-03-10-2022.pdf\" target=\"_blank\">TEEC\/RAP\/5\/2022 (SE DECLARA FIRME Y VALEDERA LA SENTENCIA)<\/a><\/td><\/tr><tr style=\"height:px\" ><td data-cell-id=\"A66\" data-x=\"0\" data-y=\"66\" data-db-index=\"66\" class=\"fsize-18\" data-cell-type=\"text\" data-original-value=\"28 DE SEPTIEMBRE DE 2022, A LAS 9:30 HORAS\" data-order=\"28 DE SEPTIEMBRE DE 2022, A LAS 9:30 HORAS\" >28 DE SEPTIEMBRE DE 2022, A LAS 9:30 HORAS <\/td><td data-cell-id=\"B66\" data-x=\"1\" data-y=\"66\" data-db-index=\"66\" class=\"fsize-18\" data-cell-type=\"text\" data-original-value=\"ELISEO FERN\u00c1NDEZ MONT\u00daFAR\" data-order=\"ELISEO FERN\u00c1NDEZ MONT\u00daFAR\" >ELISEO FERN\u00c1NDEZ MONT\u00daFAR <\/td><td data-cell-id=\"C66\" data-x=\"2\" data-y=\"66\" data-db-index=\"66\" class=\"fsize-18\" data-cell-type=\"text\" data-original-value=\"TRIBUNAL ELECTORAL DEL ESTADO DE CAMPECHE\" data-order=\"TRIBUNAL ELECTORAL DEL ESTADO DE CAMPECHE\" >TRIBUNAL ELECTORAL DEL ESTADO DE CAMPECHE <\/td><td data-cell-id=\"D66\" data-x=\"3\" data-y=\"66\" data-db-index=\"66\" class=\"fsize-18\" data-cell-type=\"text\" data-original-value=\"&lt;a href=&quot;https:\/\/teec.org.mx\/web\/wp-content\/uploads\/2022\/09\/TEEC-RAP-4-2022-28-09-2022.pdf&quot; target=&quot;_blank&quot;&gt;TEEC\/RAP\/4\/2022 (EXPEDIENTE FEDERAL: SX-JE-151\/2022, SE DA POR NOTIFICADO ESTE \u00d3RGANO JURISDICCIONAL ELECTORAL LOCAL)&lt;\/a&gt;\" data-order=\"&lt;a href=&quot;https:\/\/teec.org.mx\/web\/wp-content\/uploads\/2022\/09\/TEEC-RAP-4-2022-28-09-2022.pdf&quot; target=&quot;_blank&quot;&gt;TEEC\/RAP\/4\/2022 (EXPEDIENTE FEDERAL: SX-JE-151\/2022, SE DA POR NOTIFICADO ESTE \u00d3RGANO JURISDICCIONAL ELECTORAL LOCAL)&lt;\/a&gt;\" ><a href=\"https:\/\/teec.org.mx\/web\/wp-content\/uploads\/2022\/09\/TEEC-RAP-4-2022-28-09-2022.pdf\" target=\"_blank\">TEEC\/RAP\/4\/2022 (EXPEDIENTE FEDERAL: SX-JE-151\/2022, SE DA POR NOTIFICADO ESTE \u00d3RGANO JURISDICCIONAL ELECTORAL LOCAL)<\/a><\/td><\/tr><tr style=\"height:px\" ><td data-cell-id=\"A67\" data-x=\"0\" data-y=\"67\" data-db-index=\"67\" class=\"fsize-18\" data-cell-type=\"text\" data-original-value=\"23 DE SEPTIEMBRE DE 2022, A LAS 11:45 HORAS\" data-order=\"23 DE SEPTIEMBRE DE 2022, A LAS 11:45 HORAS\" >23 DE SEPTIEMBRE DE 2022, A LAS 11:45 HORAS <\/td><td data-cell-id=\"B67\" data-x=\"1\" data-y=\"67\" data-db-index=\"67\" class=\"fsize-18\" data-cell-type=\"text\" data-original-value=\"LICENCIADO JOS\u00c9 CLEMENTE MARRERO ORTIZ, APODERADO LEGAL DEL LICENCIADO RAFAEL ALEJANDRO MORENO C\u00c1RDENAS Y POR EL LICENCIADO JUAN GUALBERTO ALONZO REBOLLEDO, REPRESENTANTE PROPIETARIO DEL PARTIDO REVOLUCIONARIO INSTITUCIONAL ANTE EL CONSEJO GENERAL DEL INSTITUTO ELECTORAL DEL ESTADO DE CAMPECHE\" data-order=\"LICENCIADO JOS\u00c9 CLEMENTE MARRERO ORTIZ, APODERADO LEGAL DEL LICENCIADO RAFAEL ALEJANDRO MORENO C\u00c1RDENAS Y POR EL LICENCIADO JUAN GUALBERTO ALONZO REBOLLEDO, REPRESENTANTE PROPIETARIO DEL PARTIDO REVOLUCIONARIO INSTITUCIONAL ANTE EL CONSEJO GENERAL DEL INSTITUTO ELECTORAL DEL ESTADO DE CAMPECHE\" >LICENCIADO JOS\u00c9 CLEMENTE MARRERO ORTIZ, APODERADO LEGAL DEL LICENCIADO RAFAEL ALEJANDRO MORENO C\u00c1RDENAS Y POR EL LICENCIADO JUAN GUALBERTO ALONZO REBOLLEDO, REPRESENTANTE PROPIETARIO DEL PARTIDO REVOLUCIONARIO INSTITUCIONAL ANTE EL CONSEJO GENERAL DEL INSTITUTO ELECTORAL DEL ESTADO DE CAMPECHE <\/td><td data-cell-id=\"C67\" data-x=\"2\" data-y=\"67\" data-db-index=\"67\" class=\"fsize-18\" data-cell-type=\"text\" data-original-value=\"JUNTA GENERAL EJECUTIVA DEL INSTITUTO ELECTORAL DEL ESTADO DE CAMPECHE\" data-order=\"JUNTA GENERAL EJECUTIVA DEL INSTITUTO ELECTORAL DEL ESTADO DE CAMPECHE\" >JUNTA GENERAL EJECUTIVA DEL INSTITUTO ELECTORAL DEL ESTADO DE CAMPECHE <\/td><td data-cell-id=\"D67\" data-x=\"3\" data-y=\"67\" data-db-index=\"67\" class=\"fsize-18\" data-cell-type=\"text\" data-original-value=\"&lt;a href=&quot;https:\/\/teec.org.mx\/web\/wp-content\/uploads\/2022\/09\/TEEC-RAP-5-2022-sentencia-23-09-2022.pdf&quot; target=&quot;_blank&quot;&gt;TEEC\/RAP\/5\/2022 (SE DICT\u00d3 SENTENCIA)&lt;\/a&gt;\" data-order=\"&lt;a href=&quot;https:\/\/teec.org.mx\/web\/wp-content\/uploads\/2022\/09\/TEEC-RAP-5-2022-sentencia-23-09-2022.pdf&quot; target=&quot;_blank&quot;&gt;TEEC\/RAP\/5\/2022 (SE DICT\u00d3 SENTENCIA)&lt;\/a&gt;\" ><a href=\"https:\/\/teec.org.mx\/web\/wp-content\/uploads\/2022\/09\/TEEC-RAP-5-2022-sentencia-23-09-2022.pdf\" target=\"_blank\">TEEC\/RAP\/5\/2022 (SE DICT\u00d3 SENTENCIA)<\/a><\/td><\/tr><tr style=\"height:px\" ><td data-cell-id=\"A68\" data-x=\"0\" data-y=\"68\" data-db-index=\"68\" class=\"fsize-18\" data-cell-type=\"text\" data-original-value=\"21 DE SEPTIEMBRE DE 2022, A LAS 14:45 HORAS\" data-order=\"21 DE SEPTIEMBRE DE 2022, A LAS 14:45 HORAS\" >21 DE SEPTIEMBRE DE 2022, A LAS 14:45 HORAS <\/td><td data-cell-id=\"B68\" data-x=\"1\" data-y=\"68\" data-db-index=\"68\" class=\"fsize-18\" data-cell-type=\"text\" data-original-value=\"LICENCIADO JOS\u00c9 CLEMENTE MARRERO ORTIZ, APODERADO LEGAL DEL LICENCIADO RAFAEL ALEJANDRO MORENO C\u00c1RDENAS Y POR EL LICENCIADO JUAN GUALBERTO ALONZO REBOLLEDO, REPRESENTANTE PROPIETARIO DEL PARTIDO REVOLUCIONARIO INSTITUCIONAL ANTE EL CONSEJO GENERAL DEL INSTITUTO ELECTORAL DEL ESTADO DE CAMPECHE\" data-order=\"LICENCIADO JOS\u00c9 CLEMENTE MARRERO ORTIZ, APODERADO LEGAL DEL LICENCIADO RAFAEL ALEJANDRO MORENO C\u00c1RDENAS Y POR EL LICENCIADO JUAN GUALBERTO ALONZO REBOLLEDO, REPRESENTANTE PROPIETARIO DEL PARTIDO REVOLUCIONARIO INSTITUCIONAL ANTE EL CONSEJO GENERAL DEL INSTITUTO ELECTORAL DEL ESTADO DE CAMPECHE\" >LICENCIADO JOS\u00c9 CLEMENTE MARRERO ORTIZ, APODERADO LEGAL DEL LICENCIADO RAFAEL ALEJANDRO MORENO C\u00c1RDENAS Y POR EL LICENCIADO JUAN GUALBERTO ALONZO REBOLLEDO, REPRESENTANTE PROPIETARIO DEL PARTIDO REVOLUCIONARIO INSTITUCIONAL ANTE EL CONSEJO GENERAL DEL INSTITUTO ELECTORAL DEL ESTADO DE CAMPECHE <\/td><td data-cell-id=\"C68\" data-x=\"2\" data-y=\"68\" data-db-index=\"68\" class=\"fsize-18\" data-cell-type=\"text\" data-original-value=\"JUNTA GENERAL EJECUTIVA DEL INSTITUTO ELECTORAL DEL ESTADO DE CAMPECHE\" data-order=\"JUNTA GENERAL EJECUTIVA DEL INSTITUTO ELECTORAL DEL ESTADO DE CAMPECHE\" >JUNTA GENERAL EJECUTIVA DEL INSTITUTO ELECTORAL DEL ESTADO DE CAMPECHE <\/td><td data-cell-id=\"D68\" data-x=\"3\" data-y=\"68\" data-db-index=\"68\" class=\"fsize-18\" data-cell-type=\"text\" data-original-value=\"&lt;a href=&quot;https:\/\/teec.org.mx\/web\/wp-content\/uploads\/2022\/09\/TEEC-RAP-5-2022-2do-acu.-21-09-2022.pdf&quot; target=&quot;_blank&quot;&gt;TEEC\/RAP\/5\/2022 (SE FIJA FECHA Y HORA PARA SESI\u00d3N)&lt;\/a&gt;\" data-order=\"&lt;a href=&quot;https:\/\/teec.org.mx\/web\/wp-content\/uploads\/2022\/09\/TEEC-RAP-5-2022-2do-acu.-21-09-2022.pdf&quot; target=&quot;_blank&quot;&gt;TEEC\/RAP\/5\/2022 (SE FIJA FECHA Y HORA PARA SESI\u00d3N)&lt;\/a&gt;\" ><a href=\"https:\/\/teec.org.mx\/web\/wp-content\/uploads\/2022\/09\/TEEC-RAP-5-2022-2do-acu.-21-09-2022.pdf\" target=\"_blank\">TEEC\/RAP\/5\/2022 (SE FIJA FECHA Y HORA PARA SESI\u00d3N)<\/a><\/td><\/tr><tr style=\"height:px\" ><td data-cell-id=\"A69\" data-x=\"0\" data-y=\"69\" data-db-index=\"69\" class=\"fsize-18\" data-cell-type=\"text\" data-original-value=\"21 DE SEPTIEMBRE DE 2022, A LAS 14:25 HORAS\" data-order=\"21 DE SEPTIEMBRE DE 2022, A LAS 14:25 HORAS\" >21 DE SEPTIEMBRE DE 2022, A LAS 14:25 HORAS <\/td><td data-cell-id=\"B69\" data-x=\"1\" data-y=\"69\" data-db-index=\"69\" class=\"fsize-18\" data-cell-type=\"text\" data-original-value=\"LICENCIADO JOS\u00c9 CLEMENTE MARRERO ORTIZ, APODERADO LEGAL DEL LICENCIADO RAFAEL ALEJANDRO MORENO C\u00c1RDENAS Y POR EL LICENCIADO JUAN GUALBERTO ALONZO REBOLLEDO, REPRESENTANTE PROPIETARIO DEL PARTIDO REVOLUCIONARIO INSTITUCIONAL ANTE EL CONSEJO GENERAL DEL INSTITUTO ELECTORAL DEL ESTADO DE CAMPECHE\" data-order=\"LICENCIADO JOS\u00c9 CLEMENTE MARRERO ORTIZ, APODERADO LEGAL DEL LICENCIADO RAFAEL ALEJANDRO MORENO C\u00c1RDENAS Y POR EL LICENCIADO JUAN GUALBERTO ALONZO REBOLLEDO, REPRESENTANTE PROPIETARIO DEL PARTIDO REVOLUCIONARIO INSTITUCIONAL ANTE EL CONSEJO GENERAL DEL INSTITUTO ELECTORAL DEL ESTADO DE CAMPECHE\" >LICENCIADO JOS\u00c9 CLEMENTE MARRERO ORTIZ, APODERADO LEGAL DEL LICENCIADO RAFAEL ALEJANDRO MORENO C\u00c1RDENAS Y POR EL LICENCIADO JUAN GUALBERTO ALONZO REBOLLEDO, REPRESENTANTE PROPIETARIO DEL PARTIDO REVOLUCIONARIO INSTITUCIONAL ANTE EL CONSEJO GENERAL DEL INSTITUTO ELECTORAL DEL ESTADO DE CAMPECHE <\/td><td data-cell-id=\"C69\" data-x=\"2\" data-y=\"69\" data-db-index=\"69\" class=\"fsize-18\" data-cell-type=\"text\" data-original-value=\"JUNTA GENERAL EJECUTIVA DEL INSTITUTO ELECTORAL DEL ESTADO DE CAMPECHE\" data-order=\"JUNTA GENERAL EJECUTIVA DEL INSTITUTO ELECTORAL DEL ESTADO DE CAMPECHE\" >JUNTA GENERAL EJECUTIVA DEL INSTITUTO ELECTORAL DEL ESTADO DE CAMPECHE <\/td><td data-cell-id=\"D69\" data-x=\"3\" data-y=\"69\" data-db-index=\"69\" class=\"fsize-18\" data-cell-type=\"text\" data-original-value=\"&lt;a href=&quot;https:\/\/teec.org.mx\/web\/wp-content\/uploads\/2022\/09\/TEEC-RAP-5-2022-21-09-2022.pdf&quot; target=&quot;_blank&quot;&gt;TEEC\/RAP\/5\/2022 (ACUERDO DE CIERRE DE INSTRUCCI\u00d3N Y SOLICITUD DE FECHA Y HORA PARA SESI\u00d3N)&lt;\/a&gt;\" data-order=\"&lt;a href=&quot;https:\/\/teec.org.mx\/web\/wp-content\/uploads\/2022\/09\/TEEC-RAP-5-2022-21-09-2022.pdf&quot; target=&quot;_blank&quot;&gt;TEEC\/RAP\/5\/2022 (ACUERDO DE CIERRE DE INSTRUCCI\u00d3N Y SOLICITUD DE FECHA Y HORA PARA SESI\u00d3N)&lt;\/a&gt;\" ><a href=\"https:\/\/teec.org.mx\/web\/wp-content\/uploads\/2022\/09\/TEEC-RAP-5-2022-21-09-2022.pdf\" target=\"_blank\">TEEC\/RAP\/5\/2022 (ACUERDO DE CIERRE DE INSTRUCCI\u00d3N Y SOLICITUD DE FECHA Y HORA PARA SESI\u00d3N)<\/a><\/td><\/tr><tr style=\"height:px\" ><td data-cell-id=\"A70\" data-x=\"0\" data-y=\"70\" data-db-index=\"70\" class=\"fsize-18\" data-cell-type=\"text\" data-original-value=\"13 DE SEPTIEMBRE DE 2022, A LAS 15:40 HORAS\" data-order=\"13 DE SEPTIEMBRE DE 2022, A LAS 15:40 HORAS\" >13 DE SEPTIEMBRE DE 2022, A LAS 15:40 HORAS <\/td><td data-cell-id=\"B70\" data-x=\"1\" data-y=\"70\" data-db-index=\"70\" class=\"fsize-18\" data-cell-type=\"text\" data-original-value=\"ELISEO FERN\u00c1NDEZ MONT\u00daFAR\" data-order=\"ELISEO FERN\u00c1NDEZ MONT\u00daFAR\" >ELISEO FERN\u00c1NDEZ MONT\u00daFAR <\/td><td data-cell-id=\"C70\" data-x=\"2\" data-y=\"70\" data-db-index=\"70\" class=\"fsize-18\" data-cell-type=\"text\" data-original-value=\"TRIBUNAL ELECTORAL DEL ESTADO DE CAMPECHE\" data-order=\"TRIBUNAL ELECTORAL DEL ESTADO DE CAMPECHE\" >TRIBUNAL ELECTORAL DEL ESTADO DE CAMPECHE <\/td><td data-cell-id=\"D70\" data-x=\"3\" data-y=\"70\" data-db-index=\"70\" class=\"fsize-18\" data-cell-type=\"text\" data-original-value=\"&lt;a href=&quot;https:\/\/teec.org.mx\/web\/wp-content\/uploads\/2022\/09\/TEEC-RAP-4-2022-3er-acu.-13-09-2022.pdf&quot; target=&quot;_blank&quot;&gt;TEEC\/RAP\/4\/2022 (SE RETIRA CEDULA DE PUBLICITACI\u00d3N)&lt;\/a&gt;\" data-order=\"&lt;a href=&quot;https:\/\/teec.org.mx\/web\/wp-content\/uploads\/2022\/09\/TEEC-RAP-4-2022-3er-acu.-13-09-2022.pdf&quot; target=&quot;_blank&quot;&gt;TEEC\/RAP\/4\/2022 (SE RETIRA CEDULA DE PUBLICITACI\u00d3N)&lt;\/a&gt;\" ><a href=\"https:\/\/teec.org.mx\/web\/wp-content\/uploads\/2022\/09\/TEEC-RAP-4-2022-3er-acu.-13-09-2022.pdf\" target=\"_blank\">TEEC\/RAP\/4\/2022 (SE RETIRA CEDULA DE PUBLICITACI\u00d3N)<\/a><\/td><\/tr><tr style=\"height:px\" ><td data-cell-id=\"A71\" data-x=\"0\" data-y=\"71\" data-db-index=\"71\" class=\"fsize-18\" data-cell-type=\"text\" data-original-value=\"13 DE SEPTIEMBRE DE 2022, A LAS 14:55 HORAS\" data-order=\"13 DE SEPTIEMBRE DE 2022, A LAS 14:55 HORAS\" >13 DE SEPTIEMBRE DE 2022, A LAS 14:55 HORAS <\/td><td data-cell-id=\"B71\" data-x=\"1\" data-y=\"71\" data-db-index=\"71\" class=\"fsize-18\" data-cell-type=\"text\" data-original-value=\"ELISEO FERN\u00c1NDEZ MONT\u00daFAR, EN SU CAR\u00c1CTER DE CIUDADANO\" data-order=\"ELISEO FERN\u00c1NDEZ MONT\u00daFAR, EN SU CAR\u00c1CTER DE CIUDADANO\" >ELISEO FERN\u00c1NDEZ MONT\u00daFAR, EN SU CAR\u00c1CTER DE CIUDADANO <\/td><td data-cell-id=\"C71\" data-x=\"2\" data-y=\"71\" data-db-index=\"71\" class=\"fsize-18\" data-cell-type=\"text\" data-original-value=\"JUNTA GENERAL EJECUTIVA DEL INSTITUTO ELECTORAL DEL ESTADO DE CAMPECHE\" data-order=\"JUNTA GENERAL EJECUTIVA DEL INSTITUTO ELECTORAL DEL ESTADO DE CAMPECHE\" >JUNTA GENERAL EJECUTIVA DEL INSTITUTO ELECTORAL DEL ESTADO DE CAMPECHE <\/td><td data-cell-id=\"D71\" data-x=\"3\" data-y=\"71\" data-db-index=\"71\" class=\"fsize-18\" data-cell-type=\"text\" data-original-value=\"&lt;a href=&quot;https:\/\/teec.org.mx\/web\/wp-content\/uploads\/2022\/09\/TEEC-RAP-4-2022-2do-acu.-13-09-2022.pdf&quot; target=&quot;_blank&quot;&gt;TEEC\/RAP\/4\/2022 (ACUERDO DE ACUMULACI\u00d3N)&lt;\/a&gt;\" data-order=\"&lt;a href=&quot;https:\/\/teec.org.mx\/web\/wp-content\/uploads\/2022\/09\/TEEC-RAP-4-2022-2do-acu.-13-09-2022.pdf&quot; target=&quot;_blank&quot;&gt;TEEC\/RAP\/4\/2022 (ACUERDO DE ACUMULACI\u00d3N)&lt;\/a&gt;\" ><a href=\"https:\/\/teec.org.mx\/web\/wp-content\/uploads\/2022\/09\/TEEC-RAP-4-2022-2do-acu.-13-09-2022.pdf\" target=\"_blank\">TEEC\/RAP\/4\/2022 (ACUERDO DE ACUMULACI\u00d3N)<\/a><\/td><\/tr><tr style=\"height:px\" ><td data-cell-id=\"A72\" data-x=\"0\" data-y=\"72\" data-db-index=\"72\" class=\"fsize-18\" data-cell-type=\"text\" data-original-value=\"13 DE SEPTIEMBRE DE 2022, A LAS 14:45 HORAS\" data-order=\"13 DE SEPTIEMBRE DE 2022, A LAS 14:45 HORAS\" >13 DE SEPTIEMBRE DE 2022, A LAS 14:45 HORAS <\/td><td data-cell-id=\"B72\" data-x=\"1\" data-y=\"72\" data-db-index=\"72\" class=\"fsize-18\" data-cell-type=\"text\" data-original-value=\"ELISEO FERN\u00c1NDEZ MONT\u00daFAR, EN SU CAR\u00c1CTER DE CIUDADANO\" data-order=\"ELISEO FERN\u00c1NDEZ MONT\u00daFAR, EN SU CAR\u00c1CTER DE CIUDADANO\" >ELISEO FERN\u00c1NDEZ MONT\u00daFAR, EN SU CAR\u00c1CTER DE CIUDADANO <\/td><td data-cell-id=\"C72\" data-x=\"2\" data-y=\"72\" data-db-index=\"72\" class=\"fsize-18\" data-cell-type=\"text\" data-original-value=\"JUNTA GENERAL EJECUTIVA DEL INSTITUTO ELECTORAL DEL ESTADO DE CAMPECHE\" data-order=\"JUNTA GENERAL EJECUTIVA DEL INSTITUTO ELECTORAL DEL ESTADO DE CAMPECHE\" >JUNTA GENERAL EJECUTIVA DEL INSTITUTO ELECTORAL DEL ESTADO DE CAMPECHE <\/td><td data-cell-id=\"D72\" data-x=\"3\" data-y=\"72\" data-db-index=\"72\" class=\"fsize-18\" data-cell-type=\"text\" data-original-value=\"&lt;a href=&quot;https:\/\/teec.org.mx\/web\/wp-content\/uploads\/2022\/09\/TEEC-RAP-4-2022-13-09-2022.pdf&quot; target=&quot;_blank&quot;&gt;TEEC\/RAP\/4\/2022 (ACUERDO DE TURNO DE DOCUMENTACI\u00d3N)&lt;\/a&gt;\" data-order=\"&lt;a href=&quot;https:\/\/teec.org.mx\/web\/wp-content\/uploads\/2022\/09\/TEEC-RAP-4-2022-13-09-2022.pdf&quot; target=&quot;_blank&quot;&gt;TEEC\/RAP\/4\/2022 (ACUERDO DE TURNO DE DOCUMENTACI\u00d3N)&lt;\/a&gt;\" ><a href=\"https:\/\/teec.org.mx\/web\/wp-content\/uploads\/2022\/09\/TEEC-RAP-4-2022-13-09-2022.pdf\" target=\"_blank\">TEEC\/RAP\/4\/2022 (ACUERDO DE TURNO DE DOCUMENTACI\u00d3N)<\/a><\/td><\/tr><tr style=\"height:px\" ><td data-cell-id=\"A73\" data-x=\"0\" data-y=\"73\" data-db-index=\"73\" class=\"fsize-18\" data-cell-type=\"text\" data-original-value=\"08 DE SEPTIEMBRE DE 2022, A LAS 15:15 HORAS\" data-order=\"08 DE SEPTIEMBRE DE 2022, A LAS 15:15 HORAS\" >08 DE SEPTIEMBRE DE 2022, A LAS 15:15 HORAS <\/td><td data-cell-id=\"B73\" data-x=\"1\" data-y=\"73\" data-db-index=\"73\" class=\"fsize-18\" data-cell-type=\"text\" data-original-value=\"ELISEO FERN\u00c1NDEZ MONT\u00daFAR\" data-order=\"ELISEO FERN\u00c1NDEZ MONT\u00daFAR\" >ELISEO FERN\u00c1NDEZ MONT\u00daFAR <\/td><td data-cell-id=\"C73\" data-x=\"2\" data-y=\"73\" data-db-index=\"73\" class=\"fsize-18\" data-cell-type=\"text\" data-original-value=\"TRIBUNAL ELECTORAL DEL ESTADO DE CAMPECHE\" data-order=\"TRIBUNAL ELECTORAL DEL ESTADO DE CAMPECHE\" >TRIBUNAL ELECTORAL DEL ESTADO DE CAMPECHE <\/td><td data-cell-id=\"D73\" data-x=\"3\" data-y=\"73\" data-db-index=\"73\" class=\"fsize-18\" data-cell-type=\"text\" data-original-value=\"&lt;a href=&quot;https:\/\/teec.org.mx\/web\/wp-content\/uploads\/2022\/09\/TEEC-RAP-4-2022-08-09-2022.pdf&quot; target=&quot;_blank&quot;&gt;TEEC\/RAP\/4\/2022 (SE DA TRAMITE EL MEDIO DE IMPUGNACION)&lt;\/a&gt;\" data-order=\"&lt;a href=&quot;https:\/\/teec.org.mx\/web\/wp-content\/uploads\/2022\/09\/TEEC-RAP-4-2022-08-09-2022.pdf&quot; target=&quot;_blank&quot;&gt;TEEC\/RAP\/4\/2022 (SE DA TRAMITE EL MEDIO DE IMPUGNACION)&lt;\/a&gt;\" ><a href=\"https:\/\/teec.org.mx\/web\/wp-content\/uploads\/2022\/09\/TEEC-RAP-4-2022-08-09-2022.pdf\" target=\"_blank\">TEEC\/RAP\/4\/2022 (SE DA TRAMITE EL MEDIO DE IMPUGNACION)<\/a><\/td><\/tr><tr style=\"height:px\" ><td data-cell-id=\"A74\" data-x=\"0\" data-y=\"74\" data-db-index=\"74\" class=\"fsize-18\" data-cell-type=\"text\" data-original-value=\"07 DE SEPTIEMBRE DE 2022, A LAS 11:30 HORAS\" data-order=\"07 DE SEPTIEMBRE DE 2022, A LAS 11:30 HORAS\" >07 DE SEPTIEMBRE DE 2022, A LAS 11:30 HORAS <\/td><td data-cell-id=\"B74\" data-x=\"1\" data-y=\"74\" data-db-index=\"74\" class=\"fsize-18\" data-cell-type=\"text\" data-original-value=\"LICENCIADO JOS\u00c9 CLEMENTE MARRERO ORTIZ, APODERADO LEGAL DEL LICENCIADO RAFAEL ALEJANDRO MORENO C\u00c1RDENAS Y POR EL LICENCIADO JUAN GUALBERTO ALONZO REBOLLEDO, REPRESENTANTE PROPIETARIO DEL PARTIDO REVOLUCIONARIO INSTITUCIONAL ANTE EL CONSEJO GENERAL DEL INSTITUTO ELECTORAL DEL ESTADO DE CAMPECHE\" data-order=\"LICENCIADO JOS\u00c9 CLEMENTE MARRERO ORTIZ, APODERADO LEGAL DEL LICENCIADO RAFAEL ALEJANDRO MORENO C\u00c1RDENAS Y POR EL LICENCIADO JUAN GUALBERTO ALONZO REBOLLEDO, REPRESENTANTE PROPIETARIO DEL PARTIDO REVOLUCIONARIO INSTITUCIONAL ANTE EL CONSEJO GENERAL DEL INSTITUTO ELECTORAL DEL ESTADO DE CAMPECHE\" >LICENCIADO JOS\u00c9 CLEMENTE MARRERO ORTIZ, APODERADO LEGAL DEL LICENCIADO RAFAEL ALEJANDRO MORENO C\u00c1RDENAS Y POR EL LICENCIADO JUAN GUALBERTO ALONZO REBOLLEDO, REPRESENTANTE PROPIETARIO DEL PARTIDO REVOLUCIONARIO INSTITUCIONAL ANTE EL CONSEJO GENERAL DEL INSTITUTO ELECTORAL DEL ESTADO DE CAMPECHE <\/td><td data-cell-id=\"C74\" data-x=\"2\" data-y=\"74\" data-db-index=\"74\" class=\"fsize-18\" data-cell-type=\"text\" data-original-value=\"JUNTA GENERAL EJECUTIVA DEL INSTITUTO ELECTORAL DEL ESTADO DE CAMPECHE\" data-order=\"JUNTA GENERAL EJECUTIVA DEL INSTITUTO ELECTORAL DEL ESTADO DE CAMPECHE\" >JUNTA GENERAL EJECUTIVA DEL INSTITUTO ELECTORAL DEL ESTADO DE CAMPECHE <\/td><td data-cell-id=\"D74\" data-x=\"3\" data-y=\"74\" data-db-index=\"74\" class=\"fsize-18\" data-cell-type=\"text\" data-original-value=\"&lt;a href=&quot;https:\/\/teec.org.mx\/web\/wp-content\/uploads\/2022\/09\/TEEC-RAP-5-2022-07-09-2022.pdf&quot; target=&quot;_blank&quot;&gt;TEEC\/RAP\/5\/2022 (ACUERDO DE ADMISI\u00d3N)&lt;\/a&gt;\" data-order=\"&lt;a href=&quot;https:\/\/teec.org.mx\/web\/wp-content\/uploads\/2022\/09\/TEEC-RAP-5-2022-07-09-2022.pdf&quot; target=&quot;_blank&quot;&gt;TEEC\/RAP\/5\/2022 (ACUERDO DE ADMISI\u00d3N)&lt;\/a&gt;\" ><a href=\"https:\/\/teec.org.mx\/web\/wp-content\/uploads\/2022\/09\/TEEC-RAP-5-2022-07-09-2022.pdf\" target=\"_blank\">TEEC\/RAP\/5\/2022 (ACUERDO DE ADMISI\u00d3N)<\/a><\/td><\/tr><tr style=\"height:px\" ><td data-cell-id=\"A75\" data-x=\"0\" data-y=\"75\" data-db-index=\"75\" class=\"fsize-18\" data-cell-type=\"text\" data-original-value=\"02 DE SEPTIEMBRE DE 2022, A LAS 13:00 HORAS\" data-order=\"02 DE SEPTIEMBRE DE 2022, A LAS 13:00 HORAS\" >02 DE SEPTIEMBRE DE 2022, A LAS 13:00 HORAS <\/td><td data-cell-id=\"B75\" data-x=\"1\" data-y=\"75\" data-db-index=\"75\" class=\"fsize-18\" data-cell-type=\"text\" data-original-value=\"ELISEO FERN\u00c1NDEZ MONT\u00daFAR, EN SU CAR\u00c1CTER DE CIUDADANO\" data-order=\"ELISEO FERN\u00c1NDEZ MONT\u00daFAR, EN SU CAR\u00c1CTER DE CIUDADANO\" >ELISEO FERN\u00c1NDEZ MONT\u00daFAR, EN SU CAR\u00c1CTER DE CIUDADANO <\/td><td data-cell-id=\"C75\" data-x=\"2\" data-y=\"75\" data-db-index=\"75\" class=\"fsize-18\" data-cell-type=\"text\" data-original-value=\"JUNTA GENERAL EJECUTIVA DEL INSTITUTO ELECTORAL DEL ESTADO DE CAMPECHE\" data-order=\"JUNTA GENERAL EJECUTIVA DEL INSTITUTO ELECTORAL DEL ESTADO DE CAMPECHE\" >JUNTA GENERAL EJECUTIVA DEL INSTITUTO ELECTORAL DEL ESTADO DE CAMPECHE <\/td><td data-cell-id=\"D75\" data-x=\"3\" data-y=\"75\" data-db-index=\"75\" class=\"fsize-18\" data-cell-type=\"text\" data-original-value=\"&lt;a href=&quot;https:\/\/teec.org.mx\/web\/wp-content\/uploads\/2022\/09\/TEEC-RAP-4-2022-sentencia-02-09-2022.pdf&quot; target=&quot;_blank&quot;&gt;TEEC\/RAP\/4\/2022 (SE DICT\u00d3 SENTENCIA)&lt;\/a&gt;\" data-order=\"&lt;a href=&quot;https:\/\/teec.org.mx\/web\/wp-content\/uploads\/2022\/09\/TEEC-RAP-4-2022-sentencia-02-09-2022.pdf&quot; target=&quot;_blank&quot;&gt;TEEC\/RAP\/4\/2022 (SE DICT\u00d3 SENTENCIA)&lt;\/a&gt;\" ><a href=\"https:\/\/teec.org.mx\/web\/wp-content\/uploads\/2022\/09\/TEEC-RAP-4-2022-sentencia-02-09-2022.pdf\" target=\"_blank\">TEEC\/RAP\/4\/2022 (SE DICT\u00d3 SENTENCIA)<\/a><\/td><\/tr><tr style=\"height:px\" ><td data-cell-id=\"A76\" data-x=\"0\" data-y=\"76\" data-db-index=\"76\" class=\"fsize-18\" data-cell-type=\"text\" data-original-value=\"01 DE SEPTIEMBRE DE 2022, A LAS 10:30 HORAS\" data-order=\"01 DE SEPTIEMBRE DE 2022, A LAS 10:30 HORAS\" >01 DE SEPTIEMBRE DE 2022, A LAS 10:30 HORAS <\/td><td data-cell-id=\"B76\" data-x=\"1\" data-y=\"76\" data-db-index=\"76\" class=\"fsize-18\" data-cell-type=\"text\" data-original-value=\"ELISEO FERN\u00c1NDEZ MONT\u00daFAR, EN SU CAR\u00c1CTER DE CIUDADANO\" data-order=\"ELISEO FERN\u00c1NDEZ MONT\u00daFAR, EN SU CAR\u00c1CTER DE CIUDADANO\" >ELISEO FERN\u00c1NDEZ MONT\u00daFAR, EN SU CAR\u00c1CTER DE CIUDADANO <\/td><td data-cell-id=\"C76\" data-x=\"2\" data-y=\"76\" data-db-index=\"76\" class=\"fsize-18\" data-cell-type=\"text\" data-original-value=\"JUNTA GENERAL EJECUTIVA DEL INSTITUTO ELECTORAL DEL ESTADO DE CAMPECHE\" data-order=\"JUNTA GENERAL EJECUTIVA DEL INSTITUTO ELECTORAL DEL ESTADO DE CAMPECHE\" >JUNTA GENERAL EJECUTIVA DEL INSTITUTO ELECTORAL DEL ESTADO DE CAMPECHE <\/td><td data-cell-id=\"D76\" data-x=\"3\" data-y=\"76\" data-db-index=\"76\" class=\"fsize-18\" data-cell-type=\"text\" data-original-value=\"&lt;a href=&quot;https:\/\/teec.org.mx\/web\/wp-content\/uploads\/2022\/09\/TEEC-RAP-4-2022-2do-acu.-01-09-2022.pdf&quot; target=&quot;_blank&quot;&gt;TEEC\/RAP\/4\/2022 (SE FIJA FECHA Y HORA PARA SESI\u00d3N P\u00daBLICA)&lt;\/a&gt;\" data-order=\"&lt;a href=&quot;https:\/\/teec.org.mx\/web\/wp-content\/uploads\/2022\/09\/TEEC-RAP-4-2022-2do-acu.-01-09-2022.pdf&quot; target=&quot;_blank&quot;&gt;TEEC\/RAP\/4\/2022 (SE FIJA FECHA Y HORA PARA SESI\u00d3N P\u00daBLICA)&lt;\/a&gt;\" ><a href=\"https:\/\/teec.org.mx\/web\/wp-content\/uploads\/2022\/09\/TEEC-RAP-4-2022-2do-acu.-01-09-2022.pdf\" target=\"_blank\">TEEC\/RAP\/4\/2022 (SE FIJA FECHA Y HORA PARA SESI\u00d3N P\u00daBLICA)<\/a><\/td><\/tr><tr style=\"height:px\" ><td data-cell-id=\"A77\" data-x=\"0\" data-y=\"77\" data-db-index=\"77\" class=\"fsize-18\" data-cell-type=\"text\" data-original-value=\"01 DE SEPTIEMBRE DE 2022, A LAS 09:00 HORAS\" data-order=\"01 DE SEPTIEMBRE DE 2022, A LAS 09:00 HORAS\" >01 DE SEPTIEMBRE DE 2022, A LAS 09:00 HORAS <\/td><td data-cell-id=\"B77\" data-x=\"1\" data-y=\"77\" data-db-index=\"77\" class=\"fsize-18\" data-cell-type=\"text\" data-original-value=\"ELISEO FERN\u00c1NDEZ MONT\u00daFAR, EN SU CAR\u00c1CTER DE CIUDADANO\" data-order=\"ELISEO FERN\u00c1NDEZ MONT\u00daFAR, EN SU CAR\u00c1CTER DE CIUDADANO\" >ELISEO FERN\u00c1NDEZ MONT\u00daFAR, EN SU CAR\u00c1CTER DE CIUDADANO <\/td><td data-cell-id=\"C77\" data-x=\"2\" data-y=\"77\" data-db-index=\"77\" class=\"fsize-18\" data-cell-type=\"text\" data-original-value=\"JUNTA GENERAL EJECUTIVA DEL INSTITUTO ELECTORAL DEL ESTADO DE CAMPECHE\" data-order=\"JUNTA GENERAL EJECUTIVA DEL INSTITUTO ELECTORAL DEL ESTADO DE CAMPECHE\" >JUNTA GENERAL EJECUTIVA DEL INSTITUTO ELECTORAL DEL ESTADO DE CAMPECHE <\/td><td data-cell-id=\"D77\" data-x=\"3\" data-y=\"77\" data-db-index=\"77\" class=\"fsize-18\" data-cell-type=\"text\" data-original-value=\"&lt;a href=&quot;https:\/\/teec.org.mx\/web\/wp-content\/uploads\/2022\/09\/TEEC-RAP-4-2022-01-09-2022.pdf&quot; target=&quot;_blank&quot;&gt;TEEC\/RAP\/4\/2022 (ACUERDO DE CIERRE DE INSTRUCCI\u00d3N Y SOLICITUD DE FECHA Y HORA PARA SESI\u00d3N)&lt;\/a&gt;\" data-order=\"&lt;a href=&quot;https:\/\/teec.org.mx\/web\/wp-content\/uploads\/2022\/09\/TEEC-RAP-4-2022-01-09-2022.pdf&quot; target=&quot;_blank&quot;&gt;TEEC\/RAP\/4\/2022 (ACUERDO DE CIERRE DE INSTRUCCI\u00d3N Y SOLICITUD DE FECHA Y HORA PARA SESI\u00d3N)&lt;\/a&gt;\" ><a href=\"https:\/\/teec.org.mx\/web\/wp-content\/uploads\/2022\/09\/TEEC-RAP-4-2022-01-09-2022.pdf\" target=\"_blank\">TEEC\/RAP\/4\/2022 (ACUERDO DE CIERRE DE INSTRUCCI\u00d3N Y SOLICITUD DE FECHA Y HORA PARA SESI\u00d3N)<\/a><\/td><\/tr><tr style=\"height:px\" ><td data-cell-id=\"A78\" data-x=\"0\" data-y=\"78\" data-db-index=\"78\" class=\"fsize-18\" data-cell-type=\"text\" data-original-value=\"30 DE AGOSTO DE 2022, A LAS 10:30 HORAS\" data-order=\"30 DE AGOSTO DE 2022, A LAS 10:30 HORAS\" >30 DE AGOSTO DE 2022, A LAS 10:30 HORAS <\/td><td data-cell-id=\"B78\" data-x=\"1\" data-y=\"78\" data-db-index=\"78\" class=\"fsize-18\" data-cell-type=\"text\" data-original-value=\"LICENCIADO JOS\u00c9 CLEMENTE MARRERO ORTIZ, APODERADO LEGAL DEL LICENCIADO RAFAEL ALEJANDRO MORENO C\u00c1RDENAS Y POR EL LICENCIADO JUAN GUALBERTO ALONZO REBOLLEDO, REPRESENTANTE PROPIETARIO DEL PARTIDO REVOLUCIONARIO INSTITUCIONAL ANTE EL CONSEJO GENERAL DEL INSTITUTO ELECTORAL DEL ESTADO DE CAMPECHE\" data-order=\"LICENCIADO JOS\u00c9 CLEMENTE MARRERO ORTIZ, APODERADO LEGAL DEL LICENCIADO RAFAEL ALEJANDRO MORENO C\u00c1RDENAS Y POR EL LICENCIADO JUAN GUALBERTO ALONZO REBOLLEDO, REPRESENTANTE PROPIETARIO DEL PARTIDO REVOLUCIONARIO INSTITUCIONAL ANTE EL CONSEJO GENERAL DEL INSTITUTO ELECTORAL DEL ESTADO DE CAMPECHE\" >LICENCIADO JOS\u00c9 CLEMENTE MARRERO ORTIZ, APODERADO LEGAL DEL LICENCIADO RAFAEL ALEJANDRO MORENO C\u00c1RDENAS Y POR EL LICENCIADO JUAN GUALBERTO ALONZO REBOLLEDO, REPRESENTANTE PROPIETARIO DEL PARTIDO REVOLUCIONARIO INSTITUCIONAL ANTE EL CONSEJO GENERAL DEL INSTITUTO ELECTORAL DEL ESTADO DE CAMPECHE <\/td><td data-cell-id=\"C78\" data-x=\"2\" data-y=\"78\" data-db-index=\"78\" class=\"fsize-18\" data-cell-type=\"text\" data-original-value=\"JUNTA GENERAL EJECUTIVA DEL INSTITUTO ELECTORAL DEL ESTADO DE CAMPECHE\" data-order=\"JUNTA GENERAL EJECUTIVA DEL INSTITUTO ELECTORAL DEL ESTADO DE CAMPECHE\" >JUNTA GENERAL EJECUTIVA DEL INSTITUTO ELECTORAL DEL ESTADO DE CAMPECHE <\/td><td data-cell-id=\"D78\" data-x=\"3\" data-y=\"78\" data-db-index=\"78\" class=\"fsize-18\" data-cell-type=\"text\" data-original-value=\"&lt;a href=&quot;https:\/\/teec.org.mx\/web\/wp-content\/uploads\/2022\/08\/TEEC-RAP-5-2022-30-08-2022.pdf&quot; target=&quot;_blank&quot;&gt;TEEC\/RAP\/5\/2022 (ACUERDO DE TURNO)&lt;\/a&gt;\" data-order=\"&lt;a href=&quot;https:\/\/teec.org.mx\/web\/wp-content\/uploads\/2022\/08\/TEEC-RAP-5-2022-30-08-2022.pdf&quot; target=&quot;_blank&quot;&gt;TEEC\/RAP\/5\/2022 (ACUERDO DE TURNO)&lt;\/a&gt;\" ><a href=\"https:\/\/teec.org.mx\/web\/wp-content\/uploads\/2022\/08\/TEEC-RAP-5-2022-30-08-2022.pdf\" target=\"_blank\">TEEC\/RAP\/5\/2022 (ACUERDO DE TURNO)<\/a><\/td><\/tr><tr style=\"height:px\" ><td data-cell-id=\"A79\" data-x=\"0\" data-y=\"79\" data-db-index=\"79\" class=\"fsize-18\" data-cell-type=\"text\" data-original-value=\"23 DE AGOSTO DE 2022, A LAS 14:20 HORAS\" data-order=\"23 DE AGOSTO DE 2022, A LAS 14:20 HORAS\" >23 DE AGOSTO DE 2022, A LAS 14:20 HORAS <\/td><td data-cell-id=\"B79\" data-x=\"1\" data-y=\"79\" data-db-index=\"79\" class=\"fsize-18\" data-cell-type=\"text\" data-original-value=\"ELISEO FERN\u00c1NDEZ MONT\u00daFAR, EN SU CAR\u00c1CTER DE CIUDADANO\" data-order=\"ELISEO FERN\u00c1NDEZ MONT\u00daFAR, EN SU CAR\u00c1CTER DE CIUDADANO\" >ELISEO FERN\u00c1NDEZ MONT\u00daFAR, EN SU CAR\u00c1CTER DE CIUDADANO <\/td><td data-cell-id=\"C79\" data-x=\"2\" data-y=\"79\" data-db-index=\"79\" class=\"fsize-18\" data-cell-type=\"text\" data-original-value=\"JUNTA GENERAL EJECUTIVA DEL INSTITUTO ELECTORAL DEL ESTADO DE CAMPECHE\" data-order=\"JUNTA GENERAL EJECUTIVA DEL INSTITUTO ELECTORAL DEL ESTADO DE CAMPECHE\" >JUNTA GENERAL EJECUTIVA DEL INSTITUTO ELECTORAL DEL ESTADO DE CAMPECHE <\/td><td data-cell-id=\"D79\" data-x=\"3\" data-y=\"79\" data-db-index=\"79\" class=\"fsize-18\" data-cell-type=\"text\" data-original-value=\"&lt;a href=&quot;https:\/\/teec.org.mx\/web\/wp-content\/uploads\/2022\/08\/TEEC-RAP-4-2022-2do-acu.-23-08-2022.pdf&quot; target=&quot;_blank&quot;&gt;TEEC\/RAP\/4\/2022 (ACUERDO DE ACUMULACION)&lt;\/a&gt;\" data-order=\"&lt;a href=&quot;https:\/\/teec.org.mx\/web\/wp-content\/uploads\/2022\/08\/TEEC-RAP-4-2022-2do-acu.-23-08-2022.pdf&quot; target=&quot;_blank&quot;&gt;TEEC\/RAP\/4\/2022 (ACUERDO DE ACUMULACION)&lt;\/a&gt;\" ><a href=\"https:\/\/teec.org.mx\/web\/wp-content\/uploads\/2022\/08\/TEEC-RAP-4-2022-2do-acu.-23-08-2022.pdf\" target=\"_blank\">TEEC\/RAP\/4\/2022 (ACUERDO DE ACUMULACION)<\/a><\/td><\/tr><tr style=\"height:px\" ><td data-cell-id=\"A80\" data-x=\"0\" data-y=\"80\" data-db-index=\"80\" class=\"fsize-18\" data-cell-type=\"text\" data-original-value=\"23 DE AGOSTO DE 2022, A LAS 14:00 HORAS\" data-order=\"23 DE AGOSTO DE 2022, A LAS 14:00 HORAS\" >23 DE AGOSTO DE 2022, A LAS 14:00 HORAS <\/td><td data-cell-id=\"B80\" data-x=\"1\" data-y=\"80\" data-db-index=\"80\" class=\"fsize-18\" data-cell-type=\"text\" data-original-value=\"ELISEO FERN\u00c1NDEZ MONT\u00daFAR, EN SU CAR\u00c1CTER DE CIUDADANO\" data-order=\"ELISEO FERN\u00c1NDEZ MONT\u00daFAR, EN SU CAR\u00c1CTER DE CIUDADANO\" >ELISEO FERN\u00c1NDEZ MONT\u00daFAR, EN SU CAR\u00c1CTER DE CIUDADANO <\/td><td data-cell-id=\"C80\" data-x=\"2\" data-y=\"80\" data-db-index=\"80\" class=\"fsize-18\" data-cell-type=\"text\" data-original-value=\"JUNTA GENERAL EJECUTIVA DEL INSTITUTO ELECTORAL DEL ESTADO DE CAMPECHE\" data-order=\"JUNTA GENERAL EJECUTIVA DEL INSTITUTO ELECTORAL DEL ESTADO DE CAMPECHE\" >JUNTA GENERAL EJECUTIVA DEL INSTITUTO ELECTORAL DEL ESTADO DE CAMPECHE <\/td><td data-cell-id=\"D80\" data-x=\"3\" data-y=\"80\" data-db-index=\"80\" class=\"fsize-18\" data-cell-type=\"text\" data-original-value=\"&lt;a href=&quot;https:\/\/teec.org.mx\/web\/wp-content\/uploads\/2022\/08\/TEEC-RAP-4-2022-23-08-2022.pdf&quot; target=&quot;_blank&quot;&gt;TEEC\/RAP\/4\/2022 (ACUERDO DE TURNO DE DOCUMENTACI\u00d3N)&lt;\/a&gt;\" data-order=\"&lt;a href=&quot;https:\/\/teec.org.mx\/web\/wp-content\/uploads\/2022\/08\/TEEC-RAP-4-2022-23-08-2022.pdf&quot; target=&quot;_blank&quot;&gt;TEEC\/RAP\/4\/2022 (ACUERDO DE TURNO DE DOCUMENTACI\u00d3N)&lt;\/a&gt;\" ><a href=\"https:\/\/teec.org.mx\/web\/wp-content\/uploads\/2022\/08\/TEEC-RAP-4-2022-23-08-2022.pdf\" target=\"_blank\">TEEC\/RAP\/4\/2022 (ACUERDO DE TURNO DE DOCUMENTACI\u00d3N)<\/a><\/td><\/tr><tr style=\"height:px\" ><td data-cell-id=\"A81\" data-x=\"0\" data-y=\"81\" data-db-index=\"81\" class=\"fsize-18\" data-cell-type=\"text\" data-original-value=\"22 DE AGOSTO DE 2022, A LAS 15:00 HORAS\" data-order=\"22 DE AGOSTO DE 2022, A LAS 15:00 HORAS\" >22 DE AGOSTO DE 2022, A LAS 15:00 HORAS <\/td><td data-cell-id=\"B81\" data-x=\"1\" data-y=\"81\" data-db-index=\"81\" class=\"fsize-18\" data-cell-type=\"text\" data-original-value=\"ELISEO FERN\u00c1NDEZ MONT\u00daFAR, EN SU CAR\u00c1CTER DE CIUDADANO\" data-order=\"ELISEO FERN\u00c1NDEZ MONT\u00daFAR, EN SU CAR\u00c1CTER DE CIUDADANO\" >ELISEO FERN\u00c1NDEZ MONT\u00daFAR, EN SU CAR\u00c1CTER DE CIUDADANO <\/td><td data-cell-id=\"C81\" data-x=\"2\" data-y=\"81\" data-db-index=\"81\" class=\"fsize-18\" data-cell-type=\"text\" data-original-value=\"JUNTA GENERAL EJECUTIVA DEL INSTITUTO ELECTORAL DEL ESTADO DE CAMPECHE\" data-order=\"JUNTA GENERAL EJECUTIVA DEL INSTITUTO ELECTORAL DEL ESTADO DE CAMPECHE\" >JUNTA GENERAL EJECUTIVA DEL INSTITUTO ELECTORAL DEL ESTADO DE CAMPECHE <\/td><td data-cell-id=\"D81\" data-x=\"3\" data-y=\"81\" data-db-index=\"81\" class=\"fsize-18\" data-cell-type=\"text\" data-original-value=\"&lt;a href=&quot;https:\/\/teec.org.mx\/web\/wp-content\/uploads\/2022\/08\/TEEC-RAP-4-2022-22-08-2022.pdf&quot; target=&quot;_blank&quot;&gt;TEEC\/RAP\/4\/2022 (ACUERDO DE REQUERIMIENTO)&lt;\/a&gt;\" data-order=\"&lt;a href=&quot;https:\/\/teec.org.mx\/web\/wp-content\/uploads\/2022\/08\/TEEC-RAP-4-2022-22-08-2022.pdf&quot; target=&quot;_blank&quot;&gt;TEEC\/RAP\/4\/2022 (ACUERDO DE REQUERIMIENTO)&lt;\/a&gt;\" ><a href=\"https:\/\/teec.org.mx\/web\/wp-content\/uploads\/2022\/08\/TEEC-RAP-4-2022-22-08-2022.pdf\" target=\"_blank\">TEEC\/RAP\/4\/2022 (ACUERDO DE REQUERIMIENTO)<\/a><\/td><\/tr><tr style=\"height:px\" ><td data-cell-id=\"A82\" data-x=\"0\" data-y=\"82\" data-db-index=\"82\" class=\"fsize-18\" data-cell-type=\"text\" data-original-value=\"18 DE AGOSTO DE 2022, A LAS 10:30 HORAS\" data-order=\"18 DE AGOSTO DE 2022, A LAS 10:30 HORAS\" >18 DE AGOSTO DE 2022, A LAS 10:30 HORAS <\/td><td data-cell-id=\"B82\" data-x=\"1\" data-y=\"82\" data-db-index=\"82\" class=\"fsize-18\" data-cell-type=\"text\" data-original-value=\"ELISEO FERN\u00c1NDEZ MONT\u00daFAR, EN SU CAR\u00c1CTER DE CIUDADANO\" data-order=\"ELISEO FERN\u00c1NDEZ MONT\u00daFAR, EN SU CAR\u00c1CTER DE CIUDADANO\" >ELISEO FERN\u00c1NDEZ MONT\u00daFAR, EN SU CAR\u00c1CTER DE CIUDADANO <\/td><td data-cell-id=\"C82\" data-x=\"2\" data-y=\"82\" data-db-index=\"82\" class=\"fsize-18\" data-cell-type=\"text\" data-original-value=\"JUNTA GENERAL EJECUTIVA DEL INSTITUTO ELECTORAL DEL ESTADO DE CAMPECHE\" data-order=\"JUNTA GENERAL EJECUTIVA DEL INSTITUTO ELECTORAL DEL ESTADO DE CAMPECHE\" >JUNTA GENERAL EJECUTIVA DEL INSTITUTO ELECTORAL DEL ESTADO DE CAMPECHE <\/td><td data-cell-id=\"D82\" data-x=\"3\" data-y=\"82\" data-db-index=\"82\" class=\"fsize-18\" data-cell-type=\"text\" data-original-value=\"&lt;a href=&quot;https:\/\/teec.org.mx\/web\/wp-content\/uploads\/2022\/08\/TEEC-RAP-4-2022-18-08-2022.pdf&quot; target=&quot;_blank&quot;&gt;TEEC\/RAP\/4\/2022 (ACUERDO DE ADMIS\u00cdON)&lt;\/a&gt;\" data-order=\"&lt;a href=&quot;https:\/\/teec.org.mx\/web\/wp-content\/uploads\/2022\/08\/TEEC-RAP-4-2022-18-08-2022.pdf&quot; target=&quot;_blank&quot;&gt;TEEC\/RAP\/4\/2022 (ACUERDO DE ADMIS\u00cdON)&lt;\/a&gt;\" ><a href=\"https:\/\/teec.org.mx\/web\/wp-content\/uploads\/2022\/08\/TEEC-RAP-4-2022-18-08-2022.pdf\" target=\"_blank\">TEEC\/RAP\/4\/2022 (ACUERDO DE ADMIS\u00cdON)<\/a><\/td><\/tr><tr style=\"height:px\" ><td data-cell-id=\"A83\" data-x=\"0\" data-y=\"83\" data-db-index=\"83\" class=\"fsize-18\" data-cell-type=\"text\" data-original-value=\"10 DE AGOSTO DE 2022, A LAS 10:30 HORAS\" data-order=\"10 DE AGOSTO DE 2022, A LAS 10:30 HORAS\" >10 DE AGOSTO DE 2022, A LAS 10:30 HORAS <\/td><td data-cell-id=\"B83\" data-x=\"1\" data-y=\"83\" data-db-index=\"83\" class=\"fsize-18\" data-cell-type=\"text\" data-original-value=\"ELISEO FERN\u00c1NDEZ MONT\u00daFAR, EN SU CAR\u00c1CTER DE CIUDADANO\" data-order=\"ELISEO FERN\u00c1NDEZ MONT\u00daFAR, EN SU CAR\u00c1CTER DE CIUDADANO\" >ELISEO FERN\u00c1NDEZ MONT\u00daFAR, EN SU CAR\u00c1CTER DE CIUDADANO <\/td><td data-cell-id=\"C83\" data-x=\"2\" data-y=\"83\" data-db-index=\"83\" class=\"fsize-18\" data-cell-type=\"text\" data-original-value=\"JUNTA GENERAL EJECUTIVA DEL INSTITUTO ELECTORAL DEL ESTADO DE CAMPECHE\" data-order=\"JUNTA GENERAL EJECUTIVA DEL INSTITUTO ELECTORAL DEL ESTADO DE CAMPECHE\" >JUNTA GENERAL EJECUTIVA DEL INSTITUTO ELECTORAL DEL ESTADO DE CAMPECHE <\/td><td data-cell-id=\"D83\" data-x=\"3\" data-y=\"83\" data-db-index=\"83\" class=\"fsize-18\" data-cell-type=\"text\" data-original-value=\"&lt;a href=&quot;https:\/\/teec.org.mx\/web\/wp-content\/uploads\/2022\/08\/TEEC-RAP-4-2022-10-08-2022.pdf&quot; target=&quot;_blank&quot;&gt;TEEC\/RAP\/4\/2022 (ACUERDO DE TURNO DE DOCUMENTACI\u00d3N)&lt;\/a&gt;\" data-order=\"&lt;a href=&quot;https:\/\/teec.org.mx\/web\/wp-content\/uploads\/2022\/08\/TEEC-RAP-4-2022-10-08-2022.pdf&quot; target=&quot;_blank&quot;&gt;TEEC\/RAP\/4\/2022 (ACUERDO DE TURNO DE DOCUMENTACI\u00d3N)&lt;\/a&gt;\" ><a href=\"https:\/\/teec.org.mx\/web\/wp-content\/uploads\/2022\/08\/TEEC-RAP-4-2022-10-08-2022.pdf\" target=\"_blank\">TEEC\/RAP\/4\/2022 (ACUERDO DE TURNO DE DOCUMENTACI\u00d3N)<\/a><\/td><\/tr><tr style=\"height:px\" ><td data-cell-id=\"A84\" data-x=\"0\" data-y=\"84\" data-db-index=\"84\" class=\"fsize-18\" data-cell-type=\"text\" data-original-value=\"08 DE AGOSTO DE 2022, A LAS 14:10 HORAS\" data-order=\"08 DE AGOSTO DE 2022, A LAS 14:10 HORAS\" >08 DE AGOSTO DE 2022, A LAS 14:10 HORAS <\/td><td data-cell-id=\"B84\" data-x=\"1\" data-y=\"84\" data-db-index=\"84\" class=\"fsize-18\" data-cell-type=\"text\" data-original-value=\"ELISEO FERN\u00c1NDEZ MONT\u00daFAR, EN SU CAR\u00c1CTER DE CIUDADANO\" data-order=\"ELISEO FERN\u00c1NDEZ MONT\u00daFAR, EN SU CAR\u00c1CTER DE CIUDADANO\" >ELISEO FERN\u00c1NDEZ MONT\u00daFAR, EN SU CAR\u00c1CTER DE CIUDADANO <\/td><td data-cell-id=\"C84\" data-x=\"2\" data-y=\"84\" data-db-index=\"84\" class=\"fsize-18\" data-cell-type=\"text\" data-original-value=\"JUNTA GENERAL EJECUTIVA DEL INSTITUTO ELECTORAL DEL ESTADO DE CAMPECHE\" data-order=\"JUNTA GENERAL EJECUTIVA DEL INSTITUTO ELECTORAL DEL ESTADO DE CAMPECHE\" >JUNTA GENERAL EJECUTIVA DEL INSTITUTO ELECTORAL DEL ESTADO DE CAMPECHE <\/td><td data-cell-id=\"D84\" data-x=\"3\" data-y=\"84\" data-db-index=\"84\" class=\"fsize-18\" data-cell-type=\"text\" data-original-value=\"&lt;a href=&quot;https:\/\/teec.org.mx\/web\/wp-content\/uploads\/2022\/08\/TEEC-RAP-4-2022-08-08-2022.pdf&quot; target=&quot;_blank&quot;&gt;TEEC\/RAP\/4\/2022 (ACUERDO DE TURNO)&lt;\/a&gt;\" data-order=\"&lt;a href=&quot;https:\/\/teec.org.mx\/web\/wp-content\/uploads\/2022\/08\/TEEC-RAP-4-2022-08-08-2022.pdf&quot; target=&quot;_blank&quot;&gt;TEEC\/RAP\/4\/2022 (ACUERDO DE TURNO)&lt;\/a&gt;\" ><a href=\"https:\/\/teec.org.mx\/web\/wp-content\/uploads\/2022\/08\/TEEC-RAP-4-2022-08-08-2022.pdf\" target=\"_blank\">TEEC\/RAP\/4\/2022 (ACUERDO DE TURNO)<\/a><\/td><\/tr><tr style=\"height:px\" ><td data-cell-id=\"A85\" data-x=\"0\" data-y=\"85\" data-db-index=\"85\" class=\"fsize-18\" data-cell-type=\"text\" data-original-value=\"11 DE MAYO DE 2022, A LAS 12:50 HORAS\" data-order=\"11 DE MAYO DE 2022, A LAS 12:50 HORAS\" >11 DE MAYO DE 2022, A LAS 12:50 HORAS <\/td><td data-cell-id=\"B85\" data-x=\"1\" data-y=\"85\" data-db-index=\"85\" class=\"fsize-18\" data-cell-type=\"text\" data-original-value=\"ABIGAIL GUTI\u00c9RREZ MORALES\" data-order=\"ABIGAIL GUTI\u00c9RREZ MORALES\" >ABIGAIL GUTI\u00c9RREZ MORALES <\/td><td data-cell-id=\"C85\" data-x=\"2\" data-y=\"85\" data-db-index=\"85\" class=\"fsize-18\" data-cell-type=\"text\" data-original-value=\"JUNTA GENERAL EJECUTIVA DEL INSTITUTO ELECTORAL DEL ESTADO DE CAMPECHE\" data-order=\"JUNTA GENERAL EJECUTIVA DEL INSTITUTO ELECTORAL DEL ESTADO DE CAMPECHE\" >JUNTA GENERAL EJECUTIVA DEL INSTITUTO ELECTORAL DEL ESTADO DE CAMPECHE <\/td><td data-cell-id=\"D85\" data-x=\"3\" data-y=\"85\" data-db-index=\"85\" class=\"fsize-18\" data-cell-type=\"text\" data-original-value=\"&lt;a href=&quot;https:\/\/teec.org.mx\/web\/wp-content\/uploads\/2022\/05\/TEEC-RAP-3-2022-11-05-2022.pdf&quot; target=&quot;_blank&quot;&gt;TEEC\/RAP\/3\/2022 (SE DECLARA FIRME Y VALEDERA LA SENTENCIA)&lt;\/a&gt;\" data-order=\"&lt;a href=&quot;https:\/\/teec.org.mx\/web\/wp-content\/uploads\/2022\/05\/TEEC-RAP-3-2022-11-05-2022.pdf&quot; target=&quot;_blank&quot;&gt;TEEC\/RAP\/3\/2022 (SE DECLARA FIRME Y VALEDERA LA SENTENCIA)&lt;\/a&gt;\" ><a href=\"https:\/\/teec.org.mx\/web\/wp-content\/uploads\/2022\/05\/TEEC-RAP-3-2022-11-05-2022.pdf\" target=\"_blank\">TEEC\/RAP\/3\/2022 (SE DECLARA FIRME Y VALEDERA LA SENTENCIA)<\/a><\/td><\/tr><tr style=\"height:px\" ><td data-cell-id=\"A86\" data-x=\"0\" data-y=\"86\" data-db-index=\"86\" class=\"fsize-18\" data-cell-type=\"text\" data-original-value=\"09 DE MAYO DE 2022, A LAS 12:20 HORAS\" data-order=\"09 DE MAYO DE 2022, A LAS 12:20 HORAS\" >09 DE MAYO DE 2022, A LAS 12:20 HORAS <\/td><td data-cell-id=\"B86\" data-x=\"1\" data-y=\"86\" data-db-index=\"86\" class=\"fsize-18\" data-cell-type=\"text\" data-original-value=\"ABIGAIL GUTI\u00c9RREZ MORALES\" data-order=\"ABIGAIL GUTI\u00c9RREZ MORALES\" >ABIGAIL GUTI\u00c9RREZ MORALES <\/td><td data-cell-id=\"C86\" data-x=\"2\" data-y=\"86\" data-db-index=\"86\" class=\"fsize-18\" data-cell-type=\"text\" data-original-value=\"JUNTA GENERAL EJECUTIVA DEL INSTITUTO ELECTORAL DEL ESTADO DE CAMPECHE\" data-order=\"JUNTA GENERAL EJECUTIVA DEL INSTITUTO ELECTORAL DEL ESTADO DE CAMPECHE\" >JUNTA GENERAL EJECUTIVA DEL INSTITUTO ELECTORAL DEL ESTADO DE CAMPECHE <\/td><td data-cell-id=\"D86\" data-x=\"3\" data-y=\"86\" data-db-index=\"86\" class=\"fsize-18\" data-cell-type=\"text\" data-original-value=\"&lt;a href=&quot;https:\/\/teec.org.mx\/web\/wp-content\/uploads\/2022\/05\/TEEC-RAP-3-2022-2do-acu.-09-05-2022.pdf&quot; target=&quot;_blank&quot;&gt;TEEC\/RAP\/3\/2022 (ACUERDO DE CUMPLIMIENTO DE SENTENCIA)&lt;\/a&gt;\" data-order=\"&lt;a href=&quot;https:\/\/teec.org.mx\/web\/wp-content\/uploads\/2022\/05\/TEEC-RAP-3-2022-2do-acu.-09-05-2022.pdf&quot; target=&quot;_blank&quot;&gt;TEEC\/RAP\/3\/2022 (ACUERDO DE CUMPLIMIENTO DE SENTENCIA)&lt;\/a&gt;\" ><a href=\"https:\/\/teec.org.mx\/web\/wp-content\/uploads\/2022\/05\/TEEC-RAP-3-2022-2do-acu.-09-05-2022.pdf\" target=\"_blank\">TEEC\/RAP\/3\/2022 (ACUERDO DE CUMPLIMIENTO DE SENTENCIA)<\/a><\/td><\/tr><tr style=\"height:px\" ><td data-cell-id=\"A87\" data-x=\"0\" data-y=\"87\" data-db-index=\"87\" class=\"fsize-18\" data-cell-type=\"text\" data-original-value=\"09 DE MAYO DE 2022, A LAS 10:20 HORAS\" data-order=\"09 DE MAYO DE 2022, A LAS 10:20 HORAS\" >09 DE MAYO DE 2022, A LAS 10:20 HORAS <\/td><td data-cell-id=\"B87\" data-x=\"1\" data-y=\"87\" data-db-index=\"87\" class=\"fsize-18\" data-cell-type=\"text\" data-original-value=\"ABIGAIL GUTI\u00c9RREZ MORALES\" data-order=\"ABIGAIL GUTI\u00c9RREZ MORALES\" >ABIGAIL GUTI\u00c9RREZ MORALES <\/td><td data-cell-id=\"C87\" data-x=\"2\" data-y=\"87\" data-db-index=\"87\" class=\"fsize-18\" data-cell-type=\"text\" data-original-value=\"JUNTA GENERAL EJECUTIVA DEL INSTITUTO ELECTORAL DEL ESTADO DE CAMPECHE\" data-order=\"JUNTA GENERAL EJECUTIVA DEL INSTITUTO ELECTORAL DEL ESTADO DE CAMPECHE\" >JUNTA GENERAL EJECUTIVA DEL INSTITUTO ELECTORAL DEL ESTADO DE CAMPECHE <\/td><td data-cell-id=\"D87\" data-x=\"3\" data-y=\"87\" data-db-index=\"87\" class=\"fsize-18\" data-cell-type=\"text\" data-original-value=\"&lt;a href=&quot;https:\/\/teec.org.mx\/web\/wp-content\/uploads\/2022\/05\/TEEC-RAP-3-2022-1er-acu.-09-05-2022.pdf&quot; target=&quot;_blank&quot;&gt;TEEC\/RAP\/3\/2022 (ACUERDO DE TURNO DE DOCUMENTACION)&lt;\/a&gt;\" data-order=\"&lt;a href=&quot;https:\/\/teec.org.mx\/web\/wp-content\/uploads\/2022\/05\/TEEC-RAP-3-2022-1er-acu.-09-05-2022.pdf&quot; target=&quot;_blank&quot;&gt;TEEC\/RAP\/3\/2022 (ACUERDO DE TURNO DE DOCUMENTACION)&lt;\/a&gt;\" ><a href=\"https:\/\/teec.org.mx\/web\/wp-content\/uploads\/2022\/05\/TEEC-RAP-3-2022-1er-acu.-09-05-2022.pdf\" target=\"_blank\">TEEC\/RAP\/3\/2022 (ACUERDO DE TURNO DE DOCUMENTACION)<\/a><\/td><\/tr><tr style=\"height:px\" ><td data-cell-id=\"A88\" data-x=\"0\" data-y=\"88\" data-db-index=\"88\" class=\"fsize-18\" data-cell-type=\"text\" data-original-value=\"03 DE MAYO DE 2022, A LAS 12:45 HORAS\" data-order=\"03 DE MAYO DE 2022, A LAS 12:45 HORAS\" >03 DE MAYO DE 2022, A LAS 12:45 HORAS <\/td><td data-cell-id=\"B88\" data-x=\"1\" data-y=\"88\" data-db-index=\"88\" class=\"fsize-18\" data-cell-type=\"text\" data-original-value=\"ABIGAIL GUTI\u00c9RREZ MORALES\" data-order=\"ABIGAIL GUTI\u00c9RREZ MORALES\" >ABIGAIL GUTI\u00c9RREZ MORALES <\/td><td data-cell-id=\"C88\" data-x=\"2\" data-y=\"88\" data-db-index=\"88\" class=\"fsize-18\" data-cell-type=\"text\" data-original-value=\"JUNTA GENERAL EJECUTIVA DEL INSTITUTO ELECTORAL DEL ESTADO DE CAMPECHE\" data-order=\"JUNTA GENERAL EJECUTIVA DEL INSTITUTO ELECTORAL DEL ESTADO DE CAMPECHE\" >JUNTA GENERAL EJECUTIVA DEL INSTITUTO ELECTORAL DEL ESTADO DE CAMPECHE <\/td><td data-cell-id=\"D88\" data-x=\"3\" data-y=\"88\" data-db-index=\"88\" class=\"fsize-18\" data-cell-type=\"text\" data-original-value=\"&lt;a href=&quot;https:\/\/teec.org.mx\/web\/wp-content\/uploads\/2022\/05\/TEEC-RAP-3-2022-sentencia-03-05-2022.pdf&quot; target=&quot;_blank&quot;&gt;TEEC\/RAP\/3\/2022 (SE DICTO SENTENCIA)&lt;\/a&gt;\" data-order=\"&lt;a href=&quot;https:\/\/teec.org.mx\/web\/wp-content\/uploads\/2022\/05\/TEEC-RAP-3-2022-sentencia-03-05-2022.pdf&quot; target=&quot;_blank&quot;&gt;TEEC\/RAP\/3\/2022 (SE DICTO SENTENCIA)&lt;\/a&gt;\" ><a href=\"https:\/\/teec.org.mx\/web\/wp-content\/uploads\/2022\/05\/TEEC-RAP-3-2022-sentencia-03-05-2022.pdf\" target=\"_blank\">TEEC\/RAP\/3\/2022 (SE DICTO SENTENCIA)<\/a><\/td><\/tr><tr style=\"height:px\" ><td data-cell-id=\"A89\" data-x=\"0\" data-y=\"89\" data-db-index=\"89\" class=\"fsize-18\" data-cell-type=\"text\" data-original-value=\"29 DE ABRIL DE 2022, A LAS 14:00 HORAS\" data-order=\"29 DE ABRIL DE 2022, A LAS 14:00 HORAS\" >29 DE ABRIL DE 2022, A LAS 14:00 HORAS <\/td><td data-cell-id=\"B89\" data-x=\"1\" data-y=\"89\" data-db-index=\"89\" class=\"fsize-18\" data-cell-type=\"text\" data-original-value=\"ABIGAIL GUTI\u00c9RREZ MORALES\" data-order=\"ABIGAIL GUTI\u00c9RREZ MORALES\" >ABIGAIL GUTI\u00c9RREZ MORALES <\/td><td data-cell-id=\"C89\" data-x=\"2\" data-y=\"89\" data-db-index=\"89\" class=\"fsize-18\" data-cell-type=\"text\" data-original-value=\"JUNTA GENERAL EJECUTIVA DEL INSTITUTO ELECTORAL DEL ESTADO DE CAMPECHE\" data-order=\"JUNTA GENERAL EJECUTIVA DEL INSTITUTO ELECTORAL DEL ESTADO DE CAMPECHE\" >JUNTA GENERAL EJECUTIVA DEL INSTITUTO ELECTORAL DEL ESTADO DE CAMPECHE <\/td><td data-cell-id=\"D89\" data-x=\"3\" data-y=\"89\" data-db-index=\"89\" class=\"fsize-18\" data-cell-type=\"text\" data-original-value=\"&lt;a href=&quot;https:\/\/teec.org.mx\/web\/wp-content\/uploads\/2022\/04\/TEEC-RAP-3-2022-2do-acu.-29-04-2022.pdf&quot; target=&quot;_blank&quot;&gt;TEEC\/RAP\/3\/2022 (ACUERDO SE FIJA FECHA Y HORA PARA SESI\u00d3N)&lt;\/a&gt;\" data-order=\"&lt;a href=&quot;https:\/\/teec.org.mx\/web\/wp-content\/uploads\/2022\/04\/TEEC-RAP-3-2022-2do-acu.-29-04-2022.pdf&quot; target=&quot;_blank&quot;&gt;TEEC\/RAP\/3\/2022 (ACUERDO SE FIJA FECHA Y HORA PARA SESI\u00d3N)&lt;\/a&gt;\" ><a href=\"https:\/\/teec.org.mx\/web\/wp-content\/uploads\/2022\/04\/TEEC-RAP-3-2022-2do-acu.-29-04-2022.pdf\" target=\"_blank\">TEEC\/RAP\/3\/2022 (ACUERDO SE FIJA FECHA Y HORA PARA SESI\u00d3N)<\/a><\/td><\/tr><tr style=\"height:px\" ><td data-cell-id=\"A90\" data-x=\"0\" data-y=\"90\" data-db-index=\"90\" class=\"fsize-18\" data-cell-type=\"text\" data-original-value=\"29 DE ABRIL DE 2022, A LAS 12:50 HORAS\" data-order=\"29 DE ABRIL DE 2022, A LAS 12:50 HORAS\" >29 DE ABRIL DE 2022, A LAS 12:50 HORAS <\/td><td data-cell-id=\"B90\" data-x=\"1\" data-y=\"90\" data-db-index=\"90\" class=\"fsize-18\" data-cell-type=\"text\" data-original-value=\"ABIGAIL GUTI\u00c9RREZ MORALES\" data-order=\"ABIGAIL GUTI\u00c9RREZ MORALES\" >ABIGAIL GUTI\u00c9RREZ MORALES <\/td><td data-cell-id=\"C90\" data-x=\"2\" data-y=\"90\" data-db-index=\"90\" class=\"fsize-18\" data-cell-type=\"text\" data-original-value=\"JUNTA GENERAL EJECUTIVA DEL INSTITUTO ELECTORAL DEL ESTADO DE CAMPECHE\" data-order=\"JUNTA GENERAL EJECUTIVA DEL INSTITUTO ELECTORAL DEL ESTADO DE CAMPECHE\" >JUNTA GENERAL EJECUTIVA DEL INSTITUTO ELECTORAL DEL ESTADO DE CAMPECHE <\/td><td data-cell-id=\"D90\" data-x=\"3\" data-y=\"90\" data-db-index=\"90\" class=\"fsize-18\" data-cell-type=\"text\" data-original-value=\"&lt;a href=&quot;https:\/\/teec.org.mx\/web\/wp-content\/uploads\/2022\/04\/TEEC-RAP-3-2022-1er-acu.-29-04-2022.pdf&quot; target=&quot;_blank&quot;&gt;TEEC\/RAP\/3\/2022 (ACUERDO DE SOLICITUD DE FECHA Y HORA PARA SESI\u00d3N)&lt;\/a&gt;\" data-order=\"&lt;a href=&quot;https:\/\/teec.org.mx\/web\/wp-content\/uploads\/2022\/04\/TEEC-RAP-3-2022-1er-acu.-29-04-2022.pdf&quot; target=&quot;_blank&quot;&gt;TEEC\/RAP\/3\/2022 (ACUERDO DE SOLICITUD DE FECHA Y HORA PARA SESI\u00d3N)&lt;\/a&gt;\" ><a href=\"https:\/\/teec.org.mx\/web\/wp-content\/uploads\/2022\/04\/TEEC-RAP-3-2022-1er-acu.-29-04-2022.pdf\" target=\"_blank\">TEEC\/RAP\/3\/2022 (ACUERDO DE SOLICITUD DE FECHA Y HORA PARA SESI\u00d3N)<\/a><\/td><\/tr><tr style=\"height:px\" ><td data-cell-id=\"A91\" data-x=\"0\" data-y=\"91\" data-db-index=\"91\" class=\"fsize-18\" data-cell-type=\"text\" data-original-value=\"11 DE ABRIL DE 2022, A LAS 13:50 HORAS\" data-order=\"11 DE ABRIL DE 2022, A LAS 13:50 HORAS\" >11 DE ABRIL DE 2022, A LAS 13:50 HORAS <\/td><td data-cell-id=\"B91\" data-x=\"1\" data-y=\"91\" data-db-index=\"91\" class=\"fsize-18\" data-cell-type=\"text\" data-original-value=\"ABIGAIL GUTI\u00c9RREZ MORALES\" data-order=\"ABIGAIL GUTI\u00c9RREZ MORALES\" >ABIGAIL GUTI\u00c9RREZ MORALES <\/td><td data-cell-id=\"C91\" data-x=\"2\" data-y=\"91\" data-db-index=\"91\" class=\"fsize-18\" data-cell-type=\"text\" data-original-value=\"JUNTA GENERAL EJECUTIVA DEL INSTITUTO ELECTORAL DEL ESTADO DE CAMPECHE\" data-order=\"JUNTA GENERAL EJECUTIVA DEL INSTITUTO ELECTORAL DEL ESTADO DE CAMPECHE\" >JUNTA GENERAL EJECUTIVA DEL INSTITUTO ELECTORAL DEL ESTADO DE CAMPECHE <\/td><td data-cell-id=\"D91\" data-x=\"3\" data-y=\"91\" data-db-index=\"91\" class=\"fsize-18\" data-cell-type=\"text\" data-original-value=\"&lt;a href=&quot;https:\/\/teec.org.mx\/web\/wp-content\/uploads\/2022\/04\/TEEC-RAP-3-2022-11-04-2022.pdf&quot; target=&quot;_blank&quot;&gt;TEEC\/RAP\/3\/2022 (ACUERDO DE RECEPCI\u00d3N, RADICACI\u00d3N, ADMISI\u00d3N Y APERTURA DE INSTRUCCI\u00d3N)&lt;\/a&gt;\" data-order=\"&lt;a href=&quot;https:\/\/teec.org.mx\/web\/wp-content\/uploads\/2022\/04\/TEEC-RAP-3-2022-11-04-2022.pdf&quot; target=&quot;_blank&quot;&gt;TEEC\/RAP\/3\/2022 (ACUERDO DE RECEPCI\u00d3N, RADICACI\u00d3N, ADMISI\u00d3N Y APERTURA DE INSTRUCCI\u00d3N)&lt;\/a&gt;\" ><a href=\"https:\/\/teec.org.mx\/web\/wp-content\/uploads\/2022\/04\/TEEC-RAP-3-2022-11-04-2022.pdf\" target=\"_blank\">TEEC\/RAP\/3\/2022 (ACUERDO DE RECEPCI\u00d3N, RADICACI\u00d3N, ADMISI\u00d3N Y APERTURA DE INSTRUCCI\u00d3N)<\/a><\/td><\/tr><tr style=\"height:px\" ><td data-cell-id=\"A92\" data-x=\"0\" data-y=\"92\" data-db-index=\"92\" class=\"fsize-18\" data-cell-type=\"text\" data-original-value=\"04 DE ABRIL DE 2022, A LAS 10:10 HORAS\" data-order=\"04 DE ABRIL DE 2022, A LAS 10:10 HORAS\" >04 DE ABRIL DE 2022, A LAS 10:10 HORAS <\/td><td data-cell-id=\"B92\" data-x=\"1\" data-y=\"92\" data-db-index=\"92\" class=\"fsize-18\" data-cell-type=\"text\" data-original-value=\"ABIGAIL GUTI\u00c9RREZ MORALES\" data-order=\"ABIGAIL GUTI\u00c9RREZ MORALES\" >ABIGAIL GUTI\u00c9RREZ MORALES <\/td><td data-cell-id=\"C92\" data-x=\"2\" data-y=\"92\" data-db-index=\"92\" class=\"fsize-18\" data-cell-type=\"text\" data-original-value=\"JUNTA GENERAL EJECUTIVA DEL INSTITUTO ELECTORAL DEL ESTADO DE CAMPECHE\" data-order=\"JUNTA GENERAL EJECUTIVA DEL INSTITUTO ELECTORAL DEL ESTADO DE CAMPECHE\" >JUNTA GENERAL EJECUTIVA DEL INSTITUTO ELECTORAL DEL ESTADO DE CAMPECHE <\/td><td data-cell-id=\"D92\" data-x=\"3\" data-y=\"92\" data-db-index=\"92\" class=\"fsize-18\" data-cell-type=\"text\" data-original-value=\"&lt;a href=&quot;https:\/\/teec.org.mx\/web\/wp-content\/uploads\/2022\/04\/TEEC-RAP-3-2022-04-04-2022.pdf&quot; target=&quot;_blank&quot;&gt;TEEC\/RAP\/3\/2022 (ACUERDO DE TURNO)&lt;\/a&gt;\" data-order=\"&lt;a href=&quot;https:\/\/teec.org.mx\/web\/wp-content\/uploads\/2022\/04\/TEEC-RAP-3-2022-04-04-2022.pdf&quot; target=&quot;_blank&quot;&gt;TEEC\/RAP\/3\/2022 (ACUERDO DE TURNO)&lt;\/a&gt;\" ><a href=\"https:\/\/teec.org.mx\/web\/wp-content\/uploads\/2022\/04\/TEEC-RAP-3-2022-04-04-2022.pdf\" target=\"_blank\">TEEC\/RAP\/3\/2022 (ACUERDO DE TURNO)<\/a><\/td><\/tr><tr style=\"height:px\" ><td data-cell-id=\"A93\" data-x=\"0\" data-y=\"93\" data-db-index=\"93\" class=\"fsize-18\" data-cell-type=\"text\" data-original-value=\"23 DE MARZO DE 2022, A LAS 14:50 HORAS\" data-order=\"23 DE MARZO DE 2022, A LAS 14:50 HORAS\" >23 DE MARZO DE 2022, A LAS 14:50 HORAS <\/td><td data-cell-id=\"B93\" data-x=\"1\" data-y=\"93\" data-db-index=\"93\" class=\"fsize-18\" data-cell-type=\"text\" data-original-value=\"ABIGAIL GUTI\u00c9RREZ MORALES\" data-order=\"ABIGAIL GUTI\u00c9RREZ MORALES\" >ABIGAIL GUTI\u00c9RREZ MORALES <\/td><td data-cell-id=\"C93\" data-x=\"2\" data-y=\"93\" data-db-index=\"93\" class=\"fsize-18\" data-cell-type=\"text\" data-original-value=\"JUNTA GENERAL EJECUTIVA DEL INSTITUTO ELECTORAL DEL ESTADO DE CAMPECHE\" data-order=\"JUNTA GENERAL EJECUTIVA DEL INSTITUTO ELECTORAL DEL ESTADO DE CAMPECHE\" >JUNTA GENERAL EJECUTIVA DEL INSTITUTO ELECTORAL DEL ESTADO DE CAMPECHE <\/td><td data-cell-id=\"D93\" data-x=\"3\" data-y=\"93\" data-db-index=\"93\" class=\"fsize-18\" data-cell-type=\"text\" data-original-value=\"&lt;a href=&quot;https:\/\/teec.org.mx\/web\/wp-content\/uploads\/2022\/03\/TEEC-RAP-2-2022-2do-acu.-23-03-2022.pdf&quot; target=&quot;_blank&quot;&gt;TEEC\/RAP\/2\/2022 (CUMPLIMIENTO DE SENTENCIA)&lt;\/a&gt;\" data-order=\"&lt;a href=&quot;https:\/\/teec.org.mx\/web\/wp-content\/uploads\/2022\/03\/TEEC-RAP-2-2022-2do-acu.-23-03-2022.pdf&quot; target=&quot;_blank&quot;&gt;TEEC\/RAP\/2\/2022 (CUMPLIMIENTO DE SENTENCIA)&lt;\/a&gt;\" ><a href=\"https:\/\/teec.org.mx\/web\/wp-content\/uploads\/2022\/03\/TEEC-RAP-2-2022-2do-acu.-23-03-2022.pdf\" target=\"_blank\">TEEC\/RAP\/2\/2022 (CUMPLIMIENTO DE SENTENCIA)<\/a><\/td><\/tr><tr style=\"height:px\" ><td data-cell-id=\"A94\" data-x=\"0\" data-y=\"94\" data-db-index=\"94\" class=\"fsize-18\" data-cell-type=\"text\" data-original-value=\"23 DE MARZO DE 2022, A LAS 14:10 HORAS\" data-order=\"23 DE MARZO DE 2022, A LAS 14:10 HORAS\" >23 DE MARZO DE 2022, A LAS 14:10 HORAS <\/td><td data-cell-id=\"B94\" data-x=\"1\" data-y=\"94\" data-db-index=\"94\" class=\"fsize-18\" data-cell-type=\"text\" data-original-value=\"ABIGAIL GUTI\u00c9RREZ MORALES\" data-order=\"ABIGAIL GUTI\u00c9RREZ MORALES\" >ABIGAIL GUTI\u00c9RREZ MORALES <\/td><td data-cell-id=\"C94\" data-x=\"2\" data-y=\"94\" data-db-index=\"94\" class=\"fsize-18\" data-cell-type=\"text\" data-original-value=\"JUNTA GENERAL EJECUTIVA DEL INSTITUTO ELECTORAL DEL ESTADO DE CAMPECHE\" data-order=\"JUNTA GENERAL EJECUTIVA DEL INSTITUTO ELECTORAL DEL ESTADO DE CAMPECHE\" >JUNTA GENERAL EJECUTIVA DEL INSTITUTO ELECTORAL DEL ESTADO DE CAMPECHE <\/td><td data-cell-id=\"D94\" data-x=\"3\" data-y=\"94\" data-db-index=\"94\" class=\"fsize-18\" data-cell-type=\"text\" data-original-value=\"&lt;a href=&quot;https:\/\/teec.org.mx\/web\/wp-content\/uploads\/2022\/03\/TEEC-RAP-2-2022-23-03-2022.pdf&quot; target=&quot;_blank&quot;&gt;TEEC\/RAP\/2\/2022 (ACUERDO SE TURNA OFICIO)&lt;\/a&gt;\" data-order=\"&lt;a href=&quot;https:\/\/teec.org.mx\/web\/wp-content\/uploads\/2022\/03\/TEEC-RAP-2-2022-23-03-2022.pdf&quot; target=&quot;_blank&quot;&gt;TEEC\/RAP\/2\/2022 (ACUERDO SE TURNA OFICIO)&lt;\/a&gt;\" ><a href=\"https:\/\/teec.org.mx\/web\/wp-content\/uploads\/2022\/03\/TEEC-RAP-2-2022-23-03-2022.pdf\" target=\"_blank\">TEEC\/RAP\/2\/2022 (ACUERDO SE TURNA OFICIO)<\/a><\/td><\/tr><tr style=\"height:px\" ><td data-cell-id=\"A95\" data-x=\"0\" data-y=\"95\" data-db-index=\"95\" class=\"fsize-18\" data-cell-type=\"text\" data-original-value=\"22 DE MARZO DE 2022, A LAS 14:00 HORAS\" data-order=\"22 DE MARZO DE 2022, A LAS 14:00 HORAS\" >22 DE MARZO DE 2022, A LAS 14:00 HORAS <\/td><td data-cell-id=\"B95\" data-x=\"1\" data-y=\"95\" data-db-index=\"95\" class=\"fsize-18\" data-cell-type=\"text\" data-original-value=\"ABIGAIL GUTI\u00c9RREZ MORALES\" data-order=\"ABIGAIL GUTI\u00c9RREZ MORALES\" >ABIGAIL GUTI\u00c9RREZ MORALES <\/td><td data-cell-id=\"C95\" data-x=\"2\" data-y=\"95\" data-db-index=\"95\" class=\"fsize-18\" data-cell-type=\"text\" data-original-value=\"JUNTA GENERAL EJECUTIVA DEL INSTITUTO ELECTORAL DEL ESTADO DE CAMPECHE\" data-order=\"JUNTA GENERAL EJECUTIVA DEL INSTITUTO ELECTORAL DEL ESTADO DE CAMPECHE\" >JUNTA GENERAL EJECUTIVA DEL INSTITUTO ELECTORAL DEL ESTADO DE CAMPECHE <\/td><td data-cell-id=\"D95\" data-x=\"3\" data-y=\"95\" data-db-index=\"95\" class=\"fsize-18\" data-cell-type=\"text\" data-original-value=\"&lt;a href=&quot;https:\/\/teec.org.mx\/web\/wp-content\/uploads\/2022\/03\/TEEC-RAP-2-2022-sentencia-22-03-2022.pdf&quot; target=&quot;_blank&quot;&gt;TEEC\/RAP\/2\/2022 (SENTENCIA)&lt;\/a&gt;\" data-order=\"&lt;a href=&quot;https:\/\/teec.org.mx\/web\/wp-content\/uploads\/2022\/03\/TEEC-RAP-2-2022-sentencia-22-03-2022.pdf&quot; target=&quot;_blank&quot;&gt;TEEC\/RAP\/2\/2022 (SENTENCIA)&lt;\/a&gt;\" ><a href=\"https:\/\/teec.org.mx\/web\/wp-content\/uploads\/2022\/03\/TEEC-RAP-2-2022-sentencia-22-03-2022.pdf\" target=\"_blank\">TEEC\/RAP\/2\/2022 (SENTENCIA)<\/a><\/td><\/tr><tr style=\"height:px\" ><td data-cell-id=\"A96\" data-x=\"0\" data-y=\"96\" data-db-index=\"96\" class=\"fsize-18\" data-cell-type=\"text\" data-original-value=\"18 DE MARZO DE 2022, A LAS 10:15 HORAS\" data-order=\"18 DE MARZO DE 2022, A LAS 10:15 HORAS\" >18 DE MARZO DE 2022, A LAS 10:15 HORAS <\/td><td data-cell-id=\"B96\" data-x=\"1\" data-y=\"96\" data-db-index=\"96\" class=\"fsize-18\" data-cell-type=\"text\" data-original-value=\"ABIGAIL GUTI\u00c9RREZ MORALES\" data-order=\"ABIGAIL GUTI\u00c9RREZ MORALES\" >ABIGAIL GUTI\u00c9RREZ MORALES <\/td><td data-cell-id=\"C96\" data-x=\"2\" data-y=\"96\" data-db-index=\"96\" class=\"fsize-18\" data-cell-type=\"text\" data-original-value=\"JUNTA GENERAL EJECUTIVA DEL INSTITUTO ELECTORAL DEL ESTADO DE CAMPECHE\" data-order=\"JUNTA GENERAL EJECUTIVA DEL INSTITUTO ELECTORAL DEL ESTADO DE CAMPECHE\" >JUNTA GENERAL EJECUTIVA DEL INSTITUTO ELECTORAL DEL ESTADO DE CAMPECHE <\/td><td data-cell-id=\"D96\" data-x=\"3\" data-y=\"96\" data-db-index=\"96\" class=\"fsize-18\" data-cell-type=\"text\" data-original-value=\"&lt;a href=&quot;https:\/\/teec.org.mx\/web\/wp-content\/uploads\/2022\/03\/TEEC-RAP-2-2022-18-03-2022.pdf&quot; target=&quot;_blank&quot;&gt;TEEC\/RAP\/2\/2022 (ACUERDO SE FIJA FECHA Y HORA PARA SESI\u00d3N P\u00daBLICA VIRTUAL)&lt;\/a&gt;\" data-order=\"&lt;a href=&quot;https:\/\/teec.org.mx\/web\/wp-content\/uploads\/2022\/03\/TEEC-RAP-2-2022-18-03-2022.pdf&quot; target=&quot;_blank&quot;&gt;TEEC\/RAP\/2\/2022 (ACUERDO SE FIJA FECHA Y HORA PARA SESI\u00d3N P\u00daBLICA VIRTUAL)&lt;\/a&gt;\" ><a href=\"https:\/\/teec.org.mx\/web\/wp-content\/uploads\/2022\/03\/TEEC-RAP-2-2022-18-03-2022.pdf\" target=\"_blank\">TEEC\/RAP\/2\/2022 (ACUERDO SE FIJA FECHA Y HORA PARA SESI\u00d3N P\u00daBLICA VIRTUAL)<\/a><\/td><\/tr><tr style=\"height:px\" ><td data-cell-id=\"A97\" data-x=\"0\" data-y=\"97\" data-db-index=\"97\" class=\"fsize-18\" data-cell-type=\"text\" data-original-value=\"17 DE MARZO DE 2022, A LAS 14:00 HORAS\" data-order=\"17 DE MARZO DE 2022, A LAS 14:00 HORAS\" >17 DE MARZO DE 2022, A LAS 14:00 HORAS <\/td><td data-cell-id=\"B97\" data-x=\"1\" data-y=\"97\" data-db-index=\"97\" class=\"fsize-18\" data-cell-type=\"text\" data-original-value=\"ABIGAIL GUTI\u00c9RREZ MORALES\" data-order=\"ABIGAIL GUTI\u00c9RREZ MORALES\" >ABIGAIL GUTI\u00c9RREZ MORALES <\/td><td data-cell-id=\"C97\" data-x=\"2\" data-y=\"97\" data-db-index=\"97\" class=\"fsize-18\" data-cell-type=\"text\" data-original-value=\"JUNTA GENERAL EJECUTIVA DEL INSTITUTO ELECTORAL DEL ESTADO DE CAMPECHE\" data-order=\"JUNTA GENERAL EJECUTIVA DEL INSTITUTO ELECTORAL DEL ESTADO DE CAMPECHE\" >JUNTA GENERAL EJECUTIVA DEL INSTITUTO ELECTORAL DEL ESTADO DE CAMPECHE <\/td><td data-cell-id=\"D97\" data-x=\"3\" data-y=\"97\" data-db-index=\"97\" class=\"fsize-18\" data-cell-type=\"text\" data-original-value=\"&lt;a href=&quot;https:\/\/teec.org.mx\/web\/wp-content\/uploads\/2022\/03\/TEEC-RAP-2-2022-17-09-2022.pdf&quot; target=&quot;_blank&quot;&gt;TEEC\/RAP\/2\/2022 (ACUERDO DE SOLICITUD DE FECHA Y HORA PARA SESI\u00d3N DE PLENO)&lt;\/a&gt;\" data-order=\"&lt;a href=&quot;https:\/\/teec.org.mx\/web\/wp-content\/uploads\/2022\/03\/TEEC-RAP-2-2022-17-09-2022.pdf&quot; target=&quot;_blank&quot;&gt;TEEC\/RAP\/2\/2022 (ACUERDO DE SOLICITUD DE FECHA Y HORA PARA SESI\u00d3N DE PLENO)&lt;\/a&gt;\" ><a href=\"https:\/\/teec.org.mx\/web\/wp-content\/uploads\/2022\/03\/TEEC-RAP-2-2022-17-09-2022.pdf\" target=\"_blank\">TEEC\/RAP\/2\/2022 (ACUERDO DE SOLICITUD DE FECHA Y HORA PARA SESI\u00d3N DE PLENO)<\/a><\/td><\/tr><tr style=\"height:px\" ><td data-cell-id=\"A98\" data-x=\"0\" data-y=\"98\" data-db-index=\"98\" class=\"fsize-18\" data-cell-type=\"text\" data-original-value=\"10 DE MARZO DE 2022, A LAS 11:10 HORAS\" data-order=\"10 DE MARZO DE 2022, A LAS 11:10 HORAS\" >10 DE MARZO DE 2022, A LAS 11:10 HORAS <\/td><td data-cell-id=\"B98\" data-x=\"1\" data-y=\"98\" data-db-index=\"98\" class=\"fsize-18\" data-cell-type=\"text\" data-original-value=\"ABIGAIL GUTI\u00c9RREZ MORALES\" data-order=\"ABIGAIL GUTI\u00c9RREZ MORALES\" >ABIGAIL GUTI\u00c9RREZ MORALES <\/td><td data-cell-id=\"C98\" data-x=\"2\" data-y=\"98\" data-db-index=\"98\" class=\"fsize-18\" data-cell-type=\"text\" data-original-value=\"JUNTA GENERAL EJECUTIVA DEL INSTITUTO ELECTORAL DEL ESTADO DE CAMPECHE\" data-order=\"JUNTA GENERAL EJECUTIVA DEL INSTITUTO ELECTORAL DEL ESTADO DE CAMPECHE\" >JUNTA GENERAL EJECUTIVA DEL INSTITUTO ELECTORAL DEL ESTADO DE CAMPECHE <\/td><td data-cell-id=\"D98\" data-x=\"3\" data-y=\"98\" data-db-index=\"98\" class=\"fsize-18\" data-cell-type=\"text\" data-original-value=\"&lt;a href=&quot;https:\/\/teec.org.mx\/web\/wp-content\/uploads\/2022\/03\/TEEC-RAP-2-2022-10-03-2022.pdf&quot; target=&quot;_blank&quot;&gt;TEEC\/RAP\/2\/2022 (ACUERDO DE ADMISI\u00d3N)&lt;\/a&gt;\" data-order=\"&lt;a href=&quot;https:\/\/teec.org.mx\/web\/wp-content\/uploads\/2022\/03\/TEEC-RAP-2-2022-10-03-2022.pdf&quot; target=&quot;_blank&quot;&gt;TEEC\/RAP\/2\/2022 (ACUERDO DE ADMISI\u00d3N)&lt;\/a&gt;\" ><a href=\"https:\/\/teec.org.mx\/web\/wp-content\/uploads\/2022\/03\/TEEC-RAP-2-2022-10-03-2022.pdf\" target=\"_blank\">TEEC\/RAP\/2\/2022 (ACUERDO DE ADMISI\u00d3N)<\/a><\/td><\/tr><tr style=\"height:px\" ><td data-cell-id=\"A99\" data-x=\"0\" data-y=\"99\" data-db-index=\"99\" class=\"fsize-18\" data-cell-type=\"text\" data-original-value=\"03 DE MARZO DE 2022, A LAS 12:51 HORAS\" data-order=\"03 DE MARZO DE 2022, A LAS 12:51 HORAS\" >03 DE MARZO DE 2022, A LAS 12:51 HORAS <\/td><td data-cell-id=\"B99\" data-x=\"1\" data-y=\"99\" data-db-index=\"99\" class=\"fsize-18\" data-cell-type=\"text\" data-original-value=\"ABIGAIL GUTI\u00c9RREZ MORALES\" data-order=\"ABIGAIL GUTI\u00c9RREZ MORALES\" >ABIGAIL GUTI\u00c9RREZ MORALES <\/td><td data-cell-id=\"C99\" data-x=\"2\" data-y=\"99\" data-db-index=\"99\" class=\"fsize-18\" data-cell-type=\"text\" data-original-value=\"JUNTA GENERAL EJECUTIVA DEL INSTITUTO ELECTORAL DEL ESTADO DE CAMPECHE\" data-order=\"JUNTA GENERAL EJECUTIVA DEL INSTITUTO ELECTORAL DEL ESTADO DE CAMPECHE\" >JUNTA GENERAL EJECUTIVA DEL INSTITUTO ELECTORAL DEL ESTADO DE CAMPECHE <\/td><td data-cell-id=\"D99\" data-x=\"3\" data-y=\"99\" data-db-index=\"99\" class=\"fsize-18\" data-cell-type=\"text\" data-original-value=\"&lt;a href=&quot;https:\/\/teec.org.mx\/web\/wp-content\/uploads\/2022\/03\/TEEC-RAP-2-2022-03-03-2022.pdf&quot; target=&quot;_blank&quot;&gt;TEEC\/RAP\/2\/2022 (ACUERDO DE RECEPCI\u00d3N Y RADICACI\u00d3N)&lt;\/a&gt;\" data-order=\"&lt;a href=&quot;https:\/\/teec.org.mx\/web\/wp-content\/uploads\/2022\/03\/TEEC-RAP-2-2022-03-03-2022.pdf&quot; target=&quot;_blank&quot;&gt;TEEC\/RAP\/2\/2022 (ACUERDO DE RECEPCI\u00d3N Y RADICACI\u00d3N)&lt;\/a&gt;\" ><a href=\"https:\/\/teec.org.mx\/web\/wp-content\/uploads\/2022\/03\/TEEC-RAP-2-2022-03-03-2022.pdf\" target=\"_blank\">TEEC\/RAP\/2\/2022 (ACUERDO DE RECEPCI\u00d3N Y RADICACI\u00d3N)<\/a><\/td><\/tr><tr style=\"height:px\" ><td data-cell-id=\"A100\" data-x=\"0\" data-y=\"100\" data-db-index=\"100\" class=\"fsize-18\" data-cell-type=\"text\" data-original-value=\"25 DE FEBRERO DE 2022, A LAS 14:00 HORAS\" data-order=\"25 DE FEBRERO DE 2022, A LAS 14:00 HORAS\" >25 DE FEBRERO DE 2022, A LAS 14:00 HORAS <\/td><td data-cell-id=\"B100\" data-x=\"1\" data-y=\"100\" data-db-index=\"100\" class=\"fsize-18\" data-cell-type=\"text\" data-original-value=\"ABIGAIL GUTI\u00c9RREZ MORALES\" data-order=\"ABIGAIL GUTI\u00c9RREZ MORALES\" >ABIGAIL GUTI\u00c9RREZ MORALES <\/td><td data-cell-id=\"C100\" data-x=\"2\" data-y=\"100\" data-db-index=\"100\" class=\"fsize-18\" data-cell-type=\"text\" data-original-value=\"JUNTA GENERAL EJECUTIVA DEL INSTITUTO ELECTORAL DEL ESTADO DE CAMPECHE\" data-order=\"JUNTA GENERAL EJECUTIVA DEL INSTITUTO ELECTORAL DEL ESTADO DE CAMPECHE\" >JUNTA GENERAL EJECUTIVA DEL INSTITUTO ELECTORAL DEL ESTADO DE CAMPECHE <\/td><td data-cell-id=\"D100\" data-x=\"3\" data-y=\"100\" data-db-index=\"100\" class=\"fsize-18\" data-cell-type=\"text\" data-original-value=\"&lt;a href=&quot;https:\/\/teec.org.mx\/web\/wp-content\/uploads\/2022\/02\/TEEC-RAP-2-2022-25-02-2022.pdf&quot; target=&quot;_blank&quot;&gt;TEEC\/RAP\/2\/2022 (ACUERDO DE TURNO)&lt;\/a&gt;\" data-order=\"&lt;a href=&quot;https:\/\/teec.org.mx\/web\/wp-content\/uploads\/2022\/02\/TEEC-RAP-2-2022-25-02-2022.pdf&quot; target=&quot;_blank&quot;&gt;TEEC\/RAP\/2\/2022 (ACUERDO DE TURNO)&lt;\/a&gt;\" ><a href=\"https:\/\/teec.org.mx\/web\/wp-content\/uploads\/2022\/02\/TEEC-RAP-2-2022-25-02-2022.pdf\" target=\"_blank\">TEEC\/RAP\/2\/2022 (ACUERDO DE TURNO)<\/a><\/td><\/tr><tr style=\"height:px\" ><td data-cell-id=\"A101\" data-x=\"0\" data-y=\"101\" data-db-index=\"101\" class=\"fsize-18\" data-cell-type=\"text\" data-original-value=\"16 DE FEBRERO DE 2022, A LAS 13:18 HORAS\" data-order=\"16 DE FEBRERO DE 2022, A LAS 13:18 HORAS\" >16 DE FEBRERO DE 2022, A LAS 13:18 HORAS <\/td><td data-cell-id=\"B101\" data-x=\"1\" data-y=\"101\" data-db-index=\"101\" class=\"fsize-18\" data-cell-type=\"text\" data-original-value=\"ANA MAR\u00cdA L\u00d3PEZ HERN\u00c1NDEZ, CON EL CAR\u00c1CTER DE REPRESENTANTE PROPIETARIO DEL PARTIDO DEL TRABAJO ANTE EL CONSEJO GENERAL DEL INSTITUTO ELECTORAL DEL ESTADO DE CAMPECHE\" data-order=\"ANA MAR\u00cdA L\u00d3PEZ HERN\u00c1NDEZ, CON EL CAR\u00c1CTER DE REPRESENTANTE PROPIETARIO DEL PARTIDO DEL TRABAJO ANTE EL CONSEJO GENERAL DEL INSTITUTO ELECTORAL DEL ESTADO DE CAMPECHE\" >ANA MAR\u00cdA L\u00d3PEZ HERN\u00c1NDEZ, CON EL CAR\u00c1CTER DE REPRESENTANTE PROPIETARIO DEL PARTIDO DEL TRABAJO ANTE EL CONSEJO GENERAL DEL INSTITUTO ELECTORAL DEL ESTADO DE CAMPECHE <\/td><td data-cell-id=\"C101\" data-x=\"2\" data-y=\"101\" data-db-index=\"101\" class=\"fsize-18\" data-cell-type=\"text\" data-original-value=\"CONSEJO GENERAL DEL INSTITUTO ELECTORAL DEL ESTADO DE CAMPECHE\" data-order=\"CONSEJO GENERAL DEL INSTITUTO ELECTORAL DEL ESTADO DE CAMPECHE\" >CONSEJO GENERAL DEL INSTITUTO ELECTORAL DEL ESTADO DE CAMPECHE <\/td><td data-cell-id=\"D101\" data-x=\"3\" data-y=\"101\" data-db-index=\"101\" class=\"fsize-18\" data-cell-type=\"text\" data-original-value=\"&lt;a href=&quot;https:\/\/teec.org.mx\/web\/wp-content\/uploads\/2022\/02\/TEEC-RAP-23-2021-16-02-2022.pdf&quot; target=&quot;_blank&quot;&gt;TEEC\/RAP\/23\/2021 (SE REMITE EL EXPEDIENTE AL ARCHIVO)&lt;\/a&gt;\" data-order=\"&lt;a href=&quot;https:\/\/teec.org.mx\/web\/wp-content\/uploads\/2022\/02\/TEEC-RAP-23-2021-16-02-2022.pdf&quot; target=&quot;_blank&quot;&gt;TEEC\/RAP\/23\/2021 (SE REMITE EL EXPEDIENTE AL ARCHIVO)&lt;\/a&gt;\" ><a href=\"https:\/\/teec.org.mx\/web\/wp-content\/uploads\/2022\/02\/TEEC-RAP-23-2021-16-02-2022.pdf\" target=\"_blank\">TEEC\/RAP\/23\/2021 (SE REMITE EL EXPEDIENTE AL ARCHIVO)<\/a><\/td><\/tr><tr style=\"height:px\" ><td data-cell-id=\"A102\" data-x=\"0\" data-y=\"102\" data-db-index=\"102\" class=\"fsize-18\" data-cell-type=\"text\" data-original-value=\"15 DE FEBRERO DE 2021, A LAS 11:03 HORAS\" data-order=\"15 DE FEBRERO DE 2021, A LAS 11:03 HORAS\" >15 DE FEBRERO DE 2021, A LAS 11:03 HORAS <\/td><td data-cell-id=\"B102\" data-x=\"1\" data-y=\"102\" data-db-index=\"102\" class=\"fsize-18\" data-cell-type=\"text\" data-original-value=\"PARTIDO DEL TRABAJO\" data-order=\"PARTIDO DEL TRABAJO\" >PARTIDO DEL TRABAJO <\/td><td data-cell-id=\"C102\" data-x=\"2\" data-y=\"102\" data-db-index=\"102\" class=\"fsize-18\" data-cell-type=\"text\" data-original-value=\"SALA REGIONAL DEL TRIBUNAL ELECTORAL DEL PODER JUDICIAL DE LA FEDERACI\u00d3N, CORRESPONDIENTE A LA TERCERA CIRCUNSCRIPCI\u00d3N PLURINOMINAL, CON SEDE EN XALAPA, VERACRUZ\" data-order=\"SALA REGIONAL DEL TRIBUNAL ELECTORAL DEL PODER JUDICIAL DE LA FEDERACI\u00d3N, CORRESPONDIENTE A LA TERCERA CIRCUNSCRIPCI\u00d3N PLURINOMINAL, CON SEDE EN XALAPA, VERACRUZ\" >SALA REGIONAL DEL TRIBUNAL ELECTORAL DEL PODER JUDICIAL DE LA FEDERACI\u00d3N, CORRESPONDIENTE A LA TERCERA CIRCUNSCRIPCI\u00d3N PLURINOMINAL, CON SEDE EN XALAPA, VERACRUZ <\/td><td data-cell-id=\"D102\" data-x=\"3\" data-y=\"102\" data-db-index=\"102\" class=\"fsize-18\" data-cell-type=\"text\" data-original-value=\"&lt;a href=&quot;https:\/\/teec.org.mx\/web\/wp-content\/uploads\/2022\/02\/TEEC-RAP-23-2021-15-02-2022.pdf&quot; target=&quot;_blank&quot;&gt;TEEC\/RAP\/23\/2021 (SE TIENE POR NOTIFICADA ESTA AUTORIDAD DE LA SENTENCIA DE LA SALA SUPERIOR)&lt;\/a&gt;\" data-order=\"&lt;a href=&quot;https:\/\/teec.org.mx\/web\/wp-content\/uploads\/2022\/02\/TEEC-RAP-23-2021-15-02-2022.pdf&quot; target=&quot;_blank&quot;&gt;TEEC\/RAP\/23\/2021 (SE TIENE POR NOTIFICADA ESTA AUTORIDAD DE LA SENTENCIA DE LA SALA SUPERIOR)&lt;\/a&gt;\" ><a href=\"https:\/\/teec.org.mx\/web\/wp-content\/uploads\/2022\/02\/TEEC-RAP-23-2021-15-02-2022.pdf\" target=\"_blank\">TEEC\/RAP\/23\/2021 (SE TIENE POR NOTIFICADA ESTA AUTORIDAD DE LA SENTENCIA DE LA SALA SUPERIOR)<\/a><\/td><\/tr><tr style=\"height:px\" ><td data-cell-id=\"A103\" data-x=\"0\" data-y=\"103\" data-db-index=\"103\" class=\"fsize-18\" data-cell-type=\"text\" data-original-value=\"27 DE ENERO DE 2022, A LAS 11:25 HORAS\" data-order=\"27 DE ENERO DE 2022, A LAS 11:25 HORAS\" >27 DE ENERO DE 2022, A LAS 11:25 HORAS <\/td><td data-cell-id=\"B103\" data-x=\"1\" data-y=\"103\" data-db-index=\"103\" class=\"fsize-18\" data-cell-type=\"text\" data-original-value=\"JOS\u00c9 DEL CARMEN SEGOVIA CRUZ, QUIEN SE OSTENTA COMO DIRIGENTE DEL PARTIDO DE LA REVOLUCI\u00d3N DEMOCR\u00c1TICA EN CAMPECHE\" data-order=\"JOS\u00c9 DEL CARMEN SEGOVIA CRUZ, QUIEN SE OSTENTA COMO DIRIGENTE DEL PARTIDO DE LA REVOLUCI\u00d3N DEMOCR\u00c1TICA EN CAMPECHE\" >JOS\u00c9 DEL CARMEN SEGOVIA CRUZ, QUIEN SE OSTENTA COMO DIRIGENTE DEL PARTIDO DE LA REVOLUCI\u00d3N DEMOCR\u00c1TICA EN CAMPECHE <\/td><td data-cell-id=\"C103\" data-x=\"2\" data-y=\"103\" data-db-index=\"103\" class=\"fsize-18\" data-cell-type=\"text\" data-original-value=\"INSTITUTO ELECTORAL DEL ESTADO DE CAMPECHE\" data-order=\"INSTITUTO ELECTORAL DEL ESTADO DE CAMPECHE\" >INSTITUTO ELECTORAL DEL ESTADO DE CAMPECHE <\/td><td data-cell-id=\"D103\" data-x=\"3\" data-y=\"103\" data-db-index=\"103\" class=\"fsize-18\" data-cell-type=\"text\" data-original-value=\"&lt;a href=&quot;https:\/\/teec.org.mx\/web\/wp-content\/uploads\/2022\/01\/TEEC-RAP-1-2022-acu.-plenario-27-01-2022.pdf&quot; target=&quot;_blank&quot;&gt;TEEC\/RAP\/1\/2022 (ACUERDO PLENARIO DE REENCAUZAMIENTO)&lt;\/a&gt;\" data-order=\"&lt;a href=&quot;https:\/\/teec.org.mx\/web\/wp-content\/uploads\/2022\/01\/TEEC-RAP-1-2022-acu.-plenario-27-01-2022.pdf&quot; target=&quot;_blank&quot;&gt;TEEC\/RAP\/1\/2022 (ACUERDO PLENARIO DE REENCAUZAMIENTO)&lt;\/a&gt;\" ><a href=\"https:\/\/teec.org.mx\/web\/wp-content\/uploads\/2022\/01\/TEEC-RAP-1-2022-acu.-plenario-27-01-2022.pdf\" target=\"_blank\">TEEC\/RAP\/1\/2022 (ACUERDO PLENARIO DE REENCAUZAMIENTO)<\/a><\/td><\/tr><tr style=\"height:px\" ><td data-cell-id=\"A104\" data-x=\"0\" data-y=\"104\" data-db-index=\"104\" class=\"fsize-18\" data-cell-type=\"text\" data-original-value=\"25 DE ENERO DE 2022, A LAS 10:55 HORAS\" data-order=\"25 DE ENERO DE 2022, A LAS 10:55 HORAS\" >25 DE ENERO DE 2022, A LAS 10:55 HORAS <\/td><td data-cell-id=\"B104\" data-x=\"1\" data-y=\"104\" data-db-index=\"104\" class=\"fsize-18\" data-cell-type=\"text\" data-original-value=\"JOS\u00c9 DEL CARMEN SEGOVIA CRUZ, QUIEN SE OSTENTA COMO DIRIGENTE DEL PARTIDO DE LA REVOLUCI\u00d3N DEMOCR\u00c1TICA EN CAMPECHE\" data-order=\"JOS\u00c9 DEL CARMEN SEGOVIA CRUZ, QUIEN SE OSTENTA COMO DIRIGENTE DEL PARTIDO DE LA REVOLUCI\u00d3N DEMOCR\u00c1TICA EN CAMPECHE\" >JOS\u00c9 DEL CARMEN SEGOVIA CRUZ, QUIEN SE OSTENTA COMO DIRIGENTE DEL PARTIDO DE LA REVOLUCI\u00d3N DEMOCR\u00c1TICA EN CAMPECHE <\/td><td data-cell-id=\"C104\" data-x=\"2\" data-y=\"104\" data-db-index=\"104\" class=\"fsize-18\" data-cell-type=\"text\" data-original-value=\"INSTITUTO ELECTORAL DEL ESTADO DE CAMPECHE\" data-order=\"INSTITUTO ELECTORAL DEL ESTADO DE CAMPECHE\" >INSTITUTO ELECTORAL DEL ESTADO DE CAMPECHE <\/td><td data-cell-id=\"D104\" data-x=\"3\" data-y=\"104\" data-db-index=\"104\" class=\"fsize-18\" data-cell-type=\"text\" data-original-value=\"&lt;a href=&quot;https:\/\/teec.org.mx\/web\/wp-content\/uploads\/2022\/01\/TEEC-RAP-1-2022-2do.-acu.-25-01-2022.pdf&quot; target=&quot;_blank&quot;&gt;TEEC\/RAP\/1\/2022 (SE FIJA FECHA Y HORA PARA SESI\u00d3N PRIVADA)&lt;\/a&gt;\" data-order=\"&lt;a href=&quot;https:\/\/teec.org.mx\/web\/wp-content\/uploads\/2022\/01\/TEEC-RAP-1-2022-2do.-acu.-25-01-2022.pdf&quot; target=&quot;_blank&quot;&gt;TEEC\/RAP\/1\/2022 (SE FIJA FECHA Y HORA PARA SESI\u00d3N PRIVADA)&lt;\/a&gt;\" ><a href=\"https:\/\/teec.org.mx\/web\/wp-content\/uploads\/2022\/01\/TEEC-RAP-1-2022-2do.-acu.-25-01-2022.pdf\" target=\"_blank\">TEEC\/RAP\/1\/2022 (SE FIJA FECHA Y HORA PARA SESI\u00d3N PRIVADA)<\/a><\/td><\/tr><tr style=\"height:px\" ><td data-cell-id=\"A105\" data-x=\"0\" data-y=\"105\" data-db-index=\"105\" class=\"fsize-18\" data-cell-type=\"text\" data-original-value=\"25 DE ENERO DE 2022, A LAS 10:15 HORAS\" data-order=\"25 DE ENERO DE 2022, A LAS 10:15 HORAS\" >25 DE ENERO DE 2022, A LAS 10:15 HORAS <\/td><td data-cell-id=\"B105\" data-x=\"1\" data-y=\"105\" data-db-index=\"105\" class=\"fsize-18\" data-cell-type=\"text\" data-original-value=\"JOS\u00c9 DEL CARMEN SEGOVIA CRUZ, QUIEN SE OSTENTA COMO DIRIGENTE DEL PARTIDO DE LA REVOLUCI\u00d3N DEMOCR\u00c1TICA EN CAMPECHE\" data-order=\"JOS\u00c9 DEL CARMEN SEGOVIA CRUZ, QUIEN SE OSTENTA COMO DIRIGENTE DEL PARTIDO DE LA REVOLUCI\u00d3N DEMOCR\u00c1TICA EN CAMPECHE\" >JOS\u00c9 DEL CARMEN SEGOVIA CRUZ, QUIEN SE OSTENTA COMO DIRIGENTE DEL PARTIDO DE LA REVOLUCI\u00d3N DEMOCR\u00c1TICA EN CAMPECHE <\/td><td data-cell-id=\"C105\" data-x=\"2\" data-y=\"105\" data-db-index=\"105\" class=\"fsize-18\" data-cell-type=\"text\" data-original-value=\"INSTITUTO ELECTORAL DEL ESTADO DE CAMPECHE\" data-order=\"INSTITUTO ELECTORAL DEL ESTADO DE CAMPECHE\" >INSTITUTO ELECTORAL DEL ESTADO DE CAMPECHE <\/td><td data-cell-id=\"D105\" data-x=\"3\" data-y=\"105\" data-db-index=\"105\" class=\"fsize-18\" data-cell-type=\"text\" data-original-value=\"&lt;a href=&quot;https:\/\/teec.org.mx\/web\/wp-content\/uploads\/2022\/01\/TEEC-RAP-1-2022-1er-acu.-25-01-2022.pdf&quot; target=&quot;_blank&quot;&gt;TEEC\/RAP\/1\/2022 (ACUERDO DE RECEPCI\u00d3N, RADICACI\u00d3N Y SOLICITUD DE FECHA Y HORA PARA SESI\u00d3N PRIVADA)&lt;\/a&gt;\" data-order=\"&lt;a href=&quot;https:\/\/teec.org.mx\/web\/wp-content\/uploads\/2022\/01\/TEEC-RAP-1-2022-1er-acu.-25-01-2022.pdf&quot; target=&quot;_blank&quot;&gt;TEEC\/RAP\/1\/2022 (ACUERDO DE RECEPCI\u00d3N, RADICACI\u00d3N Y SOLICITUD DE FECHA Y HORA PARA SESI\u00d3N PRIVADA)&lt;\/a&gt;\" ><a href=\"https:\/\/teec.org.mx\/web\/wp-content\/uploads\/2022\/01\/TEEC-RAP-1-2022-1er-acu.-25-01-2022.pdf\" target=\"_blank\">TEEC\/RAP\/1\/2022 (ACUERDO DE RECEPCI\u00d3N, RADICACI\u00d3N Y SOLICITUD DE FECHA Y HORA PARA SESI\u00d3N PRIVADA)<\/a><\/td><\/tr><tr style=\"height:px\" ><td data-cell-id=\"A106\" data-x=\"0\" data-y=\"106\" data-db-index=\"106\" class=\"fsize-18\" data-cell-type=\"text\" data-original-value=\"18 DE ENERO DE 2022, A LAS 12:40 HORAS\" data-order=\"18 DE ENERO DE 2022, A LAS 12:40 HORAS\" >18 DE ENERO DE 2022, A LAS 12:40 HORAS <\/td><td data-cell-id=\"B106\" data-x=\"1\" data-y=\"106\" data-db-index=\"106\" class=\"fsize-18\" data-cell-type=\"text\" data-original-value=\"JOS\u00c9 DEL CARMEN SEGOVIA CRUZ, QUIEN SE OSTENTA COMO DIRIGENTE DEL PRD EN CAMPECHE\" data-order=\"JOS\u00c9 DEL CARMEN SEGOVIA CRUZ, QUIEN SE OSTENTA COMO DIRIGENTE DEL PRD EN CAMPECHE\" >JOS\u00c9 DEL CARMEN SEGOVIA CRUZ, QUIEN SE OSTENTA COMO DIRIGENTE DEL PRD EN CAMPECHE <\/td><td data-cell-id=\"C106\" data-x=\"2\" data-y=\"106\" data-db-index=\"106\" class=\"fsize-18\" data-cell-type=\"text\" data-original-value=\"INSTITUTO ELECTORAL DEL ESTADO DE CAMPECHE\" data-order=\"INSTITUTO ELECTORAL DEL ESTADO DE CAMPECHE\" >INSTITUTO ELECTORAL DEL ESTADO DE CAMPECHE <\/td><td data-cell-id=\"D106\" data-x=\"3\" data-y=\"106\" data-db-index=\"106\" class=\"fsize-18\" data-cell-type=\"text\" data-original-value=\"&lt;a href=&quot;https:\/\/teec.org.mx\/web\/wp-content\/uploads\/2022\/01\/TEEC-RAP-1-2022-18-01-2022.pdf&quot; target=&quot;_blank&quot;&gt;TEEC\/RAP\/1\/2022 (ACUERDO DE TURNO)&lt;\/a&gt;\" data-order=\"&lt;a href=&quot;https:\/\/teec.org.mx\/web\/wp-content\/uploads\/2022\/01\/TEEC-RAP-1-2022-18-01-2022.pdf&quot; target=&quot;_blank&quot;&gt;TEEC\/RAP\/1\/2022 (ACUERDO DE TURNO)&lt;\/a&gt;\" ><a href=\"https:\/\/teec.org.mx\/web\/wp-content\/uploads\/2022\/01\/TEEC-RAP-1-2022-18-01-2022.pdf\" target=\"_blank\">TEEC\/RAP\/1\/2022 (ACUERDO DE TURNO)<\/a><\/td><\/tr><tr style=\"height:px\" ><td data-cell-id=\"A107\" data-x=\"0\" data-y=\"107\" data-db-index=\"107\" class=\"fsize-18\" data-cell-type=\"text\" data-original-value=\"17 DE ENERO DE 2021, A LAS 13:40 HORAS\" data-order=\"17 DE ENERO DE 2021, A LAS 13:40 HORAS\" >17 DE ENERO DE 2021, A LAS 13:40 HORAS <\/td><td data-cell-id=\"B107\" data-x=\"1\" data-y=\"107\" data-db-index=\"107\" class=\"fsize-18\" data-cell-type=\"text\" data-original-value=\"PARTIDO DEL TRABAJO\" data-order=\"PARTIDO DEL TRABAJO\" >PARTIDO DEL TRABAJO <\/td><td data-cell-id=\"C107\" data-x=\"2\" data-y=\"107\" data-db-index=\"107\" class=\"fsize-18\" data-cell-type=\"text\" data-original-value=\"TRIBUNAL ELECTORAL DEL ESTADO DE CAMPECHE\" data-order=\"TRIBUNAL ELECTORAL DEL ESTADO DE CAMPECHE\" >TRIBUNAL ELECTORAL DEL ESTADO DE CAMPECHE <\/td><td data-cell-id=\"D107\" data-x=\"3\" data-y=\"107\" data-db-index=\"107\" class=\"fsize-18\" data-cell-type=\"text\" data-original-value=\"&lt;a href=&quot;https:\/\/teec.org.mx\/web\/wp-content\/uploads\/2022\/01\/TEEC-RAP-23-2021-17-01-2022.pdf&quot; target=&quot;_blank&quot;&gt;TEEC\/RAP\/23\/2021 (SE TIENE POR RECIBIDO EL EXPEDIENTE REMITIDO POR SALA REGIONAL)&lt;\/a&gt;\" data-order=\"&lt;a href=&quot;https:\/\/teec.org.mx\/web\/wp-content\/uploads\/2022\/01\/TEEC-RAP-23-2021-17-01-2022.pdf&quot; target=&quot;_blank&quot;&gt;TEEC\/RAP\/23\/2021 (SE TIENE POR RECIBIDO EL EXPEDIENTE REMITIDO POR SALA REGIONAL)&lt;\/a&gt;\" ><a href=\"https:\/\/teec.org.mx\/web\/wp-content\/uploads\/2022\/01\/TEEC-RAP-23-2021-17-01-2022.pdf\" target=\"_blank\">TEEC\/RAP\/23\/2021 (SE TIENE POR RECIBIDO EL EXPEDIENTE REMITIDO POR SALA REGIONAL)<\/a><\/td><\/tr><tr style=\"height:px\" ><td data-cell-id=\"A108\" data-x=\"0\" data-y=\"108\" data-db-index=\"108\" class=\"fsize-18\" data-cell-type=\"text\" data-original-value=\"17 DE ENERO DE 2021, A LAS 10:30 HORAS\" data-order=\"17 DE ENERO DE 2021, A LAS 10:30 HORAS\" >17 DE ENERO DE 2021, A LAS 10:30 HORAS <\/td><td data-cell-id=\"B108\" data-x=\"1\" data-y=\"108\" data-db-index=\"108\" class=\"fsize-18\" data-cell-type=\"text\" data-original-value=\"LETICIA BERNAL ZAMORA, QUIEN SE OSTENTA COMO SECRETARIA GENERAL DEL COMIT\u00c9 DIRECTIVO ESTATAL DEL PARTIDO POL\u00cdTICO DENOMINADO FUERZA POR M\u00c9XICO\" data-order=\"LETICIA BERNAL ZAMORA, QUIEN SE OSTENTA COMO SECRETARIA GENERAL DEL COMIT\u00c9 DIRECTIVO ESTATAL DEL PARTIDO POL\u00cdTICO DENOMINADO FUERZA POR M\u00c9XICO\" >LETICIA BERNAL ZAMORA, QUIEN SE OSTENTA COMO SECRETARIA GENERAL DEL COMIT\u00c9 DIRECTIVO ESTATAL DEL PARTIDO POL\u00cdTICO DENOMINADO FUERZA POR M\u00c9XICO <\/td><td data-cell-id=\"C108\" data-x=\"2\" data-y=\"108\" data-db-index=\"108\" class=\"fsize-18\" data-cell-type=\"text\" data-original-value=\"CONSEJO GENERAL DEL INSTITUTO ELECTORAL DEL ESTADO DE CAMPECHE\" data-order=\"CONSEJO GENERAL DEL INSTITUTO ELECTORAL DEL ESTADO DE CAMPECHE\" >CONSEJO GENERAL DEL INSTITUTO ELECTORAL DEL ESTADO DE CAMPECHE <\/td><td data-cell-id=\"D108\" data-x=\"3\" data-y=\"108\" data-db-index=\"108\" class=\"fsize-18\" data-cell-type=\"text\" data-original-value=\"&lt;a href=&quot;https:\/\/teec.org.mx\/web\/wp-content\/uploads\/2022\/01\/TEEC-RAP-24-2021-17-01-2022.pdf&quot; target=&quot;_blank&quot;&gt;TEEC\/RAP\/24\/2021 (QUEDA FIRME LA SENTENCIA)&lt;\/a&gt;\" data-order=\"&lt;a href=&quot;https:\/\/teec.org.mx\/web\/wp-content\/uploads\/2022\/01\/TEEC-RAP-24-2021-17-01-2022.pdf&quot; target=&quot;_blank&quot;&gt;TEEC\/RAP\/24\/2021 (QUEDA FIRME LA SENTENCIA)&lt;\/a&gt;\" ><a href=\"https:\/\/teec.org.mx\/web\/wp-content\/uploads\/2022\/01\/TEEC-RAP-24-2021-17-01-2022.pdf\" target=\"_blank\">TEEC\/RAP\/24\/2021 (QUEDA FIRME LA SENTENCIA)<\/a><\/td><\/tr><\/tbody><\/table><!-- \/#supsystic-table-72.supsystic-table --><div class=\"stbConditionsData\" ><\/div><\/div><!-- \/.supsystic-tables-wrap --><!-- Tables Generator by Supsystic --><!-- Version:1.10.47 --><!-- http:\/\/supsystic.com\/ --><a title=\"WordPress Responsive Table\" style=\"display:none;\" href=\"https:\/\/supsystic.com\/plugins\/wordpress-data-table-plugin\/?utm_medium=love_link\" target=\"_blank\">WordPress Responsive Table<\/a><\/p>\n<p>&nbsp;<\/p>\n\n\n\n<p><\/p>\n","protected":false},"excerpt":{"rendered":"<p>Recursos de apelaci\u00f3n 2022 &nbsp; &nbsp;<\/p>\n","protected":false},"author":1,"featured_media":0,"parent":0,"menu_order":0,"comment_status":"closed","ping_status":"closed","template":"","meta":{"footnotes":""},"yst_prominent_words":[],"_links":{"self":[{"href":"https:\/\/teec.org.mx\/web\/wp-json\/wp\/v2\/pages\/14762"}],"collection":[{"href":"https:\/\/teec.org.mx\/web\/wp-json\/wp\/v2\/pages"}],"about":[{"href":"https:\/\/teec.org.mx\/web\/wp-json\/wp\/v2\/types\/page"}],"author":[{"embeddable":true,"href":"https:\/\/teec.org.mx\/web\/wp-json\/wp\/v2\/users\/1"}],"replies":[{"embeddable":true,"href":"https:\/\/teec.org.mx\/web\/wp-json\/wp\/v2\/comments?post=14762"}],"version-history":[{"count":1,"href":"https:\/\/teec.org.mx\/web\/wp-json\/wp\/v2\/pages\/14762\/revisions"}],"predecessor-version":[{"id":14763,"href":"https:\/\/teec.org.mx\/web\/wp-json\/wp\/v2\/pages\/14762\/revisions\/14763"}],"wp:attachment":[{"href":"https:\/\/teec.org.mx\/web\/wp-json\/wp\/v2\/media?parent=14762"}],"wp:term":[{"taxonomy":"yst_prominent_words","embeddable":true,"href":"https:\/\/teec.org.mx\/web\/wp-json\/wp\/v2\/yst_prominent_words?post=14762"}],"curies":[{"name":"wp","href":"https:\/\/api.w.org\/{rel}","templated":true}]}}