{"id":14903,"date":"2022-01-27T13:41:45","date_gmt":"2022-01-27T19:41:45","guid":{"rendered":"https:\/\/teec.org.mx\/web\/?page_id=14903"},"modified":"2022-01-27T13:43:13","modified_gmt":"2022-01-27T19:43:13","slug":"je-2022","status":"publish","type":"page","link":"https:\/\/teec.org.mx\/web\/je-2022\/","title":{"rendered":"JE 2022"},"content":{"rendered":"\n<h2 class=\"has-text-align-center wp-block-heading\">Juicios Electorales 2022<\/h2>\n\n\n\n<p>&nbsp;<\/p>\n<p style=\"text-align: center;\"><div class=\"supsystic-table-loader la-ball-beat la-2x\" style=\"color:#000000\"><div><\/div><div><\/div><div><\/div><\/div><div id=\"supsystic-table-77_98453\" class=\"supsystic-tables-wrap pagination-medium\" style=\" width:100%; visibility: hidden; \" data-table-width-fixed=\"100%\" data-table-width-mobile=\"100%\" ><div class=\"supsystic-tables-features\"><\/div><table id=\"supsystic-table-77\" class=\"supsystic-table border cell-border\" data-id=\"77\" data-view-id=\"77_98453\" data-title=\"JE 2022\" data-currency-format=\"$1,000.00\" data-percent-format=\"10.00%\" data-date-format=\"DD.MM.YYYY\" data-time-format=\"HH:mm\" data-features=\"[&quot;info&quot;,&quot;paging&quot;,&quot;searching&quot;,&quot;after_table_loaded_script&quot;,&quot;import&quot;]\" data-search-value=\"\" data-head=\"on\" data-head-rows-count=\"1\" data-pagination-length=\"10,25,50,100,All\" data-auto-index=\"off\" data-searching-settings=\"{&quot;columnSearchPosition&quot;:&quot;bottom&quot;,&quot;minChars&quot;:&quot;0&quot;}\" data-lang=\"Spanish\" data-override=\"{&quot;emptyTable&quot;:&quot;&quot;,&quot;info&quot;:&quot;&quot;,&quot;infoEmpty&quot;:&quot;&quot;,&quot;infoFiltered&quot;:&quot;&quot;,&quot;lengthMenu&quot;:&quot;&quot;,&quot;search&quot;:&quot;&quot;,&quot;zeroRecords&quot;:&quot;&quot;,&quot;exportLabel&quot;:&quot;&quot;,&quot;file&quot;:&quot;Spanish&quot;}\" data-merged=\"[]\" data-responsive-mode=\"0\" data-from-history=\"0\" ><thead><tr><th data-cell-id=\"A1\" data-x=\"0\" data-y=\"1\" data-db-index=\"1\" class=\"htCenter bg-d49820 color-ffffff bold fsize-20\" data-cell-type=\"text\" data-original-value=\"FECHA Y HORA DE NOTIFICACI\u00d3N\" data-order=\"FECHA Y HORA DE NOTIFICACI\u00d3N\" style=\"min-width:21.9534%; \" >FECHA Y HORA DE NOTIFICACI\u00d3N <\/th><th data-cell-id=\"B1\" data-x=\"1\" data-y=\"1\" data-db-index=\"1\" class=\"htCenter bg-d49820 color-ffffff bold fsize-20\" data-cell-type=\"text\" data-original-value=\"PROMOVENTE\" data-order=\"PROMOVENTE\" style=\"min-width:28.9427%; \" >PROMOVENTE <\/th><th data-cell-id=\"C1\" data-x=\"2\" data-y=\"1\" data-db-index=\"1\" class=\"htCenter bg-d49820 color-ffffff bold fsize-20\" data-cell-type=\"text\" data-original-value=\"AUTORIDAD RESPONSABLE\" data-order=\"AUTORIDAD RESPONSABLE\" style=\"min-width:22.8495%; \" >AUTORIDAD RESPONSABLE <\/th><th data-cell-id=\"D1\" data-x=\"3\" data-y=\"1\" data-db-index=\"1\" class=\"htCenter bg-d49820 color-ffffff bold fsize-20\" data-cell-type=\"text\" data-original-value=\"ARCHIVO\" data-order=\"ARCHIVO\" style=\"min-width:26.2545%; \" >ARCHIVO <\/th><\/tr><\/thead><tbody><tr style=\"height:px\" ><td data-cell-id=\"A2\" data-x=\"0\" data-y=\"2\" data-db-index=\"2\" class=\"fsize-18\" data-cell-type=\"text\" data-original-value=\"21 DE DICIEMBRE DE 2022, A LAS 14:00 HORAS\" data-order=\"21 DE DICIEMBRE DE 2022, A LAS 14:00 HORAS\" >21 DE DICIEMBRE DE 2022, A LAS 14:00 HORAS <\/td><td data-cell-id=\"B2\" data-x=\"1\" data-y=\"2\" data-db-index=\"2\" class=\"fsize-18\" data-cell-type=\"text\" data-original-value=\"DANNY ALBERTO G\u00d3NGORA MOO, EN CALIDAD DE CONSEJERO ELECTORAL DEL INSTITUTO ELECTORAL DEL ESTADO DE CAMPECHE\" data-order=\"DANNY ALBERTO G\u00d3NGORA MOO, EN CALIDAD DE CONSEJERO ELECTORAL DEL INSTITUTO ELECTORAL DEL ESTADO DE CAMPECHE\" >DANNY ALBERTO G\u00d3NGORA MOO, EN CALIDAD DE CONSEJERO ELECTORAL DEL INSTITUTO ELECTORAL DEL ESTADO DE CAMPECHE <\/td><td data-cell-id=\"C2\" data-x=\"2\" data-y=\"2\" data-db-index=\"2\" class=\"fsize-18\" data-cell-type=\"text\" data-original-value=\"JUNTA GENERAL EJECUTIVA DEL INSTITUTO ELECTORAL DEL ESTADO DE CAMPECHE\" data-order=\"JUNTA GENERAL EJECUTIVA DEL INSTITUTO ELECTORAL DEL ESTADO DE CAMPECHE\" >JUNTA GENERAL EJECUTIVA DEL INSTITUTO ELECTORAL DEL ESTADO DE CAMPECHE <\/td><td data-cell-id=\"D2\" data-x=\"3\" data-y=\"2\" data-db-index=\"2\" class=\"fsize-18\" data-cell-type=\"text\" data-original-value=\"&lt;a href=&quot;https:\/\/teec.org.mx\/web\/wp-content\/uploads\/2022\/12\/TEEC-JE-20-2022-21-12-2022.pdf&quot; target=&quot;_blank&quot;&gt;TEEC\/JE\/20\/2022 (SE DECLARA FIRME Y VALEDERA LA SENTENCIA)&lt;\/a&gt;\" data-order=\"&lt;a href=&quot;https:\/\/teec.org.mx\/web\/wp-content\/uploads\/2022\/12\/TEEC-JE-20-2022-21-12-2022.pdf&quot; target=&quot;_blank&quot;&gt;TEEC\/JE\/20\/2022 (SE DECLARA FIRME Y VALEDERA LA SENTENCIA)&lt;\/a&gt;\" ><a href=\"https:\/\/teec.org.mx\/web\/wp-content\/uploads\/2022\/12\/TEEC-JE-20-2022-21-12-2022.pdf\" target=\"_blank\">TEEC\/JE\/20\/2022 (SE DECLARA FIRME Y VALEDERA LA SENTENCIA)<\/a><\/td><\/tr><tr style=\"height:px\" ><td data-cell-id=\"A3\" data-x=\"0\" data-y=\"3\" data-db-index=\"3\" class=\"fsize-18\" data-cell-type=\"text\" data-original-value=\"16 DE DICIEMBRE DE 2022, A LAS 12:50 HORAS\" data-order=\"16 DE DICIEMBRE DE 2022, A LAS 12:50 HORAS\" >16 DE DICIEMBRE DE 2022, A LAS 12:50 HORAS <\/td><td data-cell-id=\"B3\" data-x=\"1\" data-y=\"3\" data-db-index=\"3\" class=\"fsize-18\" data-cell-type=\"text\" data-original-value=\"JOS\u00c9 DEL CARMEN SEGOVIA CRUZ, QUIEN SE OSTENTA COMO DIRIGENTE DEL PARTIDO DE LA REVOLUCI\u00d3N DEMOCR\u00c1TICA EN CAMPECHE\" data-order=\"JOS\u00c9 DEL CARMEN SEGOVIA CRUZ, QUIEN SE OSTENTA COMO DIRIGENTE DEL PARTIDO DE LA REVOLUCI\u00d3N DEMOCR\u00c1TICA EN CAMPECHE\" >JOS\u00c9 DEL CARMEN SEGOVIA CRUZ, QUIEN SE OSTENTA COMO DIRIGENTE DEL PARTIDO DE LA REVOLUCI\u00d3N DEMOCR\u00c1TICA EN CAMPECHE <\/td><td data-cell-id=\"C3\" data-x=\"2\" data-y=\"3\" data-db-index=\"3\" class=\"fsize-18\" data-cell-type=\"text\" data-original-value=\"INSTITUTO ELECTORAL DEL ESTADO DE CAMPECHE\" data-order=\"INSTITUTO ELECTORAL DEL ESTADO DE CAMPECHE\" >INSTITUTO ELECTORAL DEL ESTADO DE CAMPECHE <\/td><td data-cell-id=\"D3\" data-x=\"3\" data-y=\"3\" data-db-index=\"3\" class=\"fsize-18\" data-cell-type=\"text\" data-original-value=\"&lt;a href=&quot;https:\/\/teec.org.mx\/web\/wp-content\/uploads\/2022\/12\/TEEC-JE-1-2022-2do-acu-16-12-2022.pdf&quot; target=&quot;_blank&quot;&gt;TEEC\/JE\/1\/2022 (ACUERDO DE ACUMULACI\u00d3N Y VISTA)&lt;\/a&gt;\" data-order=\"&lt;a href=&quot;https:\/\/teec.org.mx\/web\/wp-content\/uploads\/2022\/12\/TEEC-JE-1-2022-2do-acu-16-12-2022.pdf&quot; target=&quot;_blank&quot;&gt;TEEC\/JE\/1\/2022 (ACUERDO DE ACUMULACI\u00d3N Y VISTA)&lt;\/a&gt;\" ><a href=\"https:\/\/teec.org.mx\/web\/wp-content\/uploads\/2022\/12\/TEEC-JE-1-2022-2do-acu-16-12-2022.pdf\" target=\"_blank\">TEEC\/JE\/1\/2022 (ACUERDO DE ACUMULACI\u00d3N Y VISTA)<\/a><\/td><\/tr><tr style=\"height:px\" ><td data-cell-id=\"A4\" data-x=\"0\" data-y=\"4\" data-db-index=\"4\" class=\"fsize-18\" data-cell-type=\"text\" data-original-value=\"16 DE DICIEMBRE DE 2022, A LAS 9:00 HORAS\" data-order=\"16 DE DICIEMBRE DE 2022, A LAS 9:00 HORAS\" >16 DE DICIEMBRE DE 2022, A LAS 9:00 HORAS <\/td><td data-cell-id=\"B4\" data-x=\"1\" data-y=\"4\" data-db-index=\"4\" class=\"fsize-18\" data-cell-type=\"text\" data-original-value=\"JOS\u00c9 DEL CARMEN SEGOVIA CRUZ, QUIEN SE OSTENTA COMO DIRIGENTE DEL PARTIDO DE LA REVOLUCI\u00d3N DEMOCR\u00c1TICA EN CAMPECHE\" data-order=\"JOS\u00c9 DEL CARMEN SEGOVIA CRUZ, QUIEN SE OSTENTA COMO DIRIGENTE DEL PARTIDO DE LA REVOLUCI\u00d3N DEMOCR\u00c1TICA EN CAMPECHE\" >JOS\u00c9 DEL CARMEN SEGOVIA CRUZ, QUIEN SE OSTENTA COMO DIRIGENTE DEL PARTIDO DE LA REVOLUCI\u00d3N DEMOCR\u00c1TICA EN CAMPECHE <\/td><td data-cell-id=\"C4\" data-x=\"2\" data-y=\"4\" data-db-index=\"4\" class=\"fsize-18\" data-cell-type=\"text\" data-original-value=\"INSTITUTO ELECTORAL DEL ESTADO DE CAMPECHE\" data-order=\"INSTITUTO ELECTORAL DEL ESTADO DE CAMPECHE\" >INSTITUTO ELECTORAL DEL ESTADO DE CAMPECHE <\/td><td data-cell-id=\"D4\" data-x=\"3\" data-y=\"4\" data-db-index=\"4\" class=\"fsize-18\" data-cell-type=\"text\" data-original-value=\"&lt;a href=&quot;https:\/\/teec.org.mx\/web\/wp-content\/uploads\/2022\/12\/TEEC-JE-1-2022-16-12-2022.pdf&quot; target=&quot;_blank&quot;&gt;TEEC\/JE\/1\/2022 (ACUERDO DE TURNO DE DOCUMENTACI\u00d3N)&lt;\/a&gt;\" data-order=\"&lt;a href=&quot;https:\/\/teec.org.mx\/web\/wp-content\/uploads\/2022\/12\/TEEC-JE-1-2022-16-12-2022.pdf&quot; target=&quot;_blank&quot;&gt;TEEC\/JE\/1\/2022 (ACUERDO DE TURNO DE DOCUMENTACI\u00d3N)&lt;\/a&gt;\" ><a href=\"https:\/\/teec.org.mx\/web\/wp-content\/uploads\/2022\/12\/TEEC-JE-1-2022-16-12-2022.pdf\" target=\"_blank\">TEEC\/JE\/1\/2022 (ACUERDO DE TURNO DE DOCUMENTACI\u00d3N)<\/a><\/td><\/tr><tr style=\"height:px\" ><td data-cell-id=\"A5\" data-x=\"0\" data-y=\"5\" data-db-index=\"5\" class=\"fsize-18\" data-cell-type=\"text\" data-original-value=\"13 DE DICIEMBRE DE 2022, A LAS 12:30 HORAS\" data-order=\"13 DE DICIEMBRE DE 2022, A LAS 12:30 HORAS\" >13 DE DICIEMBRE DE 2022, A LAS 12:30 HORAS <\/td><td data-cell-id=\"B5\" data-x=\"1\" data-y=\"5\" data-db-index=\"5\" class=\"fsize-18\" data-cell-type=\"text\" data-original-value=\"DANNY ALBERTO G\u00d3NGORA MOO, EN CALIDAD DE CONSEJERO ELECTORAL DEL INSTITUTO ELECTORAL DEL ESTADO DE CAMPECHE\" data-order=\"DANNY ALBERTO G\u00d3NGORA MOO, EN CALIDAD DE CONSEJERO ELECTORAL DEL INSTITUTO ELECTORAL DEL ESTADO DE CAMPECHE\" >DANNY ALBERTO G\u00d3NGORA MOO, EN CALIDAD DE CONSEJERO ELECTORAL DEL INSTITUTO ELECTORAL DEL ESTADO DE CAMPECHE <\/td><td data-cell-id=\"C5\" data-x=\"2\" data-y=\"5\" data-db-index=\"5\" class=\"fsize-18\" data-cell-type=\"text\" data-original-value=\"JUNTA GENERAL EJECUTIVA DEL INSTITUTO ELECTORAL DEL ESTADO DE CAMPECHE\" data-order=\"JUNTA GENERAL EJECUTIVA DEL INSTITUTO ELECTORAL DEL ESTADO DE CAMPECHE\" >JUNTA GENERAL EJECUTIVA DEL INSTITUTO ELECTORAL DEL ESTADO DE CAMPECHE <\/td><td data-cell-id=\"D5\" data-x=\"3\" data-y=\"5\" data-db-index=\"5\" class=\"fsize-18\" data-cell-type=\"text\" data-original-value=\"&lt;a href=&quot;https:\/\/teec.org.mx\/web\/wp-content\/uploads\/2022\/12\/TEEC-JE-20-2022-sentencia-13-12-2022.pdf&quot; target=&quot;_blank&quot;&gt;TEEC\/JE\/20\/2022 (SE LLEV\u00d3 A CABO SESI\u00d3N P\u00daBLICA Y SE DICT\u00d3 SENTENCIA)&lt;\/a&gt;\" data-order=\"&lt;a href=&quot;https:\/\/teec.org.mx\/web\/wp-content\/uploads\/2022\/12\/TEEC-JE-20-2022-sentencia-13-12-2022.pdf&quot; target=&quot;_blank&quot;&gt;TEEC\/JE\/20\/2022 (SE LLEV\u00d3 A CABO SESI\u00d3N P\u00daBLICA Y SE DICT\u00d3 SENTENCIA)&lt;\/a&gt;\" ><a href=\"https:\/\/teec.org.mx\/web\/wp-content\/uploads\/2022\/12\/TEEC-JE-20-2022-sentencia-13-12-2022.pdf\" target=\"_blank\">TEEC\/JE\/20\/2022 (SE LLEV\u00d3 A CABO SESI\u00d3N P\u00daBLICA Y SE DICT\u00d3 SENTENCIA)<\/a><\/td><\/tr><tr style=\"height:px\" ><td data-cell-id=\"A6\" data-x=\"0\" data-y=\"6\" data-db-index=\"6\" class=\"fsize-18\" data-cell-type=\"text\" data-original-value=\"07 DE DICIEMBRE DE 2022, A LAS 14:55 HORAS\" data-order=\"07 DE DICIEMBRE DE 2022, A LAS 14:55 HORAS\" >07 DE DICIEMBRE DE 2022, A LAS 14:55 HORAS <\/td><td data-cell-id=\"B6\" data-x=\"1\" data-y=\"6\" data-db-index=\"6\" class=\"fsize-18\" data-cell-type=\"text\" data-original-value=\"DANNY ALBERTO G\u00d3NGORA MOO, EN CALIDAD DE CONSEJERO ELECTORAL DEL INSTITUTO ELECTORAL DEL ESTADO DE CAMPECHE\" data-order=\"DANNY ALBERTO G\u00d3NGORA MOO, EN CALIDAD DE CONSEJERO ELECTORAL DEL INSTITUTO ELECTORAL DEL ESTADO DE CAMPECHE\" >DANNY ALBERTO G\u00d3NGORA MOO, EN CALIDAD DE CONSEJERO ELECTORAL DEL INSTITUTO ELECTORAL DEL ESTADO DE CAMPECHE <\/td><td data-cell-id=\"C6\" data-x=\"2\" data-y=\"6\" data-db-index=\"6\" class=\"fsize-18\" data-cell-type=\"text\" data-original-value=\"JUNTA GENERAL EJECUTIVA DEL INSTITUTO ELECTORAL DEL ESTADO DE CAMPECHE\" data-order=\"JUNTA GENERAL EJECUTIVA DEL INSTITUTO ELECTORAL DEL ESTADO DE CAMPECHE\" >JUNTA GENERAL EJECUTIVA DEL INSTITUTO ELECTORAL DEL ESTADO DE CAMPECHE <\/td><td data-cell-id=\"D6\" data-x=\"3\" data-y=\"6\" data-db-index=\"6\" class=\"fsize-18\" data-cell-type=\"text\" data-original-value=\"&lt;a href=&quot;https:\/\/teec.org.mx\/web\/wp-content\/uploads\/2022\/12\/TEEC-JE-20-2022-2do-acu-07-12-2022.pdf&quot; target=&quot;_blank&quot;&gt;TEEC\/JE\/20\/2022 (SE FIJA FECHA Y HORA PARA SESION P\u00daBLICA)&lt;\/a&gt;\" data-order=\"&lt;a href=&quot;https:\/\/teec.org.mx\/web\/wp-content\/uploads\/2022\/12\/TEEC-JE-20-2022-2do-acu-07-12-2022.pdf&quot; target=&quot;_blank&quot;&gt;TEEC\/JE\/20\/2022 (SE FIJA FECHA Y HORA PARA SESION P\u00daBLICA)&lt;\/a&gt;\" ><a href=\"https:\/\/teec.org.mx\/web\/wp-content\/uploads\/2022\/12\/TEEC-JE-20-2022-2do-acu-07-12-2022.pdf\" target=\"_blank\">TEEC\/JE\/20\/2022 (SE FIJA FECHA Y HORA PARA SESION P\u00daBLICA)<\/a><\/td><\/tr><tr style=\"height:px\" ><td data-cell-id=\"A7\" data-x=\"0\" data-y=\"7\" data-db-index=\"7\" class=\"fsize-18\" data-cell-type=\"text\" data-original-value=\"07 DE DICIEMBRE DE 2022, A LAS 10:30 HORAS\" data-order=\"07 DE DICIEMBRE DE 2022, A LAS 10:30 HORAS\" >07 DE DICIEMBRE DE 2022, A LAS 10:30 HORAS <\/td><td data-cell-id=\"B7\" data-x=\"1\" data-y=\"7\" data-db-index=\"7\" class=\"fsize-18\" data-cell-type=\"text\" data-original-value=\"DANNY ALBERTO G\u00d3NGORA MOO, EN CALIDAD DE CONSEJERO ELECTORAL DEL INSTITUTO ELECTORAL DEL ESTADO DE CAMPECHE\" data-order=\"DANNY ALBERTO G\u00d3NGORA MOO, EN CALIDAD DE CONSEJERO ELECTORAL DEL INSTITUTO ELECTORAL DEL ESTADO DE CAMPECHE\" >DANNY ALBERTO G\u00d3NGORA MOO, EN CALIDAD DE CONSEJERO ELECTORAL DEL INSTITUTO ELECTORAL DEL ESTADO DE CAMPECHE <\/td><td data-cell-id=\"C7\" data-x=\"2\" data-y=\"7\" data-db-index=\"7\" class=\"fsize-18\" data-cell-type=\"text\" data-original-value=\"JUNTA GENERAL EJECUTIVA DEL INSTITUTO ELECTORAL DEL ESTADO DE CAMPECHE\" data-order=\"JUNTA GENERAL EJECUTIVA DEL INSTITUTO ELECTORAL DEL ESTADO DE CAMPECHE\" >JUNTA GENERAL EJECUTIVA DEL INSTITUTO ELECTORAL DEL ESTADO DE CAMPECHE <\/td><td data-cell-id=\"D7\" data-x=\"3\" data-y=\"7\" data-db-index=\"7\" class=\"fsize-18\" data-cell-type=\"text\" data-original-value=\"&lt;a href=&quot;https:\/\/teec.org.mx\/web\/wp-content\/uploads\/2022\/12\/TEEC-JE-20-2022-1er-acu-07-12-2022.pdf&quot; target=&quot;_blank&quot;&gt;TEEC\/JE\/20\/2022 (ACUERDO DE CIERRE DE INSTRUCCI\u00d3N Y SOLICITUD DE FECHA Y HORA PARA SESION P\u00daBLICA)&lt;\/a&gt;\" data-order=\"&lt;a href=&quot;https:\/\/teec.org.mx\/web\/wp-content\/uploads\/2022\/12\/TEEC-JE-20-2022-1er-acu-07-12-2022.pdf&quot; target=&quot;_blank&quot;&gt;TEEC\/JE\/20\/2022 (ACUERDO DE CIERRE DE INSTRUCCI\u00d3N Y SOLICITUD DE FECHA Y HORA PARA SESION P\u00daBLICA)&lt;\/a&gt;\" ><a href=\"https:\/\/teec.org.mx\/web\/wp-content\/uploads\/2022\/12\/TEEC-JE-20-2022-1er-acu-07-12-2022.pdf\" target=\"_blank\">TEEC\/JE\/20\/2022 (ACUERDO DE CIERRE DE INSTRUCCI\u00d3N Y SOLICITUD DE FECHA Y HORA PARA SESION P\u00daBLICA)<\/a><\/td><\/tr><tr style=\"height:px\" ><td data-cell-id=\"A8\" data-x=\"0\" data-y=\"8\" data-db-index=\"8\" class=\"fsize-18\" data-cell-type=\"text\" data-original-value=\"02 DE DICIEMBRE DE 2022, A LAS 10:50 HORAS\" data-order=\"02 DE DICIEMBRE DE 2022, A LAS 10:50 HORAS\" >02 DE DICIEMBRE DE 2022, A LAS 10:50 HORAS <\/td><td data-cell-id=\"B8\" data-x=\"1\" data-y=\"8\" data-db-index=\"8\" class=\"fsize-18\" data-cell-type=\"text\" data-original-value=\"JOS\u00c9 DEL CARMEN SEGOVIA CRUZ, QUIEN SE OSTENTA COMO DIRIGENTE DEL PARTIDO DE LA REVOLUCI\u00d3N DEMOCR\u00c1TICA EN CAMPECHE\" data-order=\"JOS\u00c9 DEL CARMEN SEGOVIA CRUZ, QUIEN SE OSTENTA COMO DIRIGENTE DEL PARTIDO DE LA REVOLUCI\u00d3N DEMOCR\u00c1TICA EN CAMPECHE\" >JOS\u00c9 DEL CARMEN SEGOVIA CRUZ, QUIEN SE OSTENTA COMO DIRIGENTE DEL PARTIDO DE LA REVOLUCI\u00d3N DEMOCR\u00c1TICA EN CAMPECHE <\/td><td data-cell-id=\"C8\" data-x=\"2\" data-y=\"8\" data-db-index=\"8\" class=\"fsize-18\" data-cell-type=\"text\" data-original-value=\"INSTITUTO ELECTORAL DEL ESTADO DE CAMPECHE\" data-order=\"INSTITUTO ELECTORAL DEL ESTADO DE CAMPECHE\" >INSTITUTO ELECTORAL DEL ESTADO DE CAMPECHE <\/td><td data-cell-id=\"D8\" data-x=\"3\" data-y=\"8\" data-db-index=\"8\" class=\"fsize-18\" data-cell-type=\"text\" data-original-value=\"&lt;a href=&quot;https:\/\/teec.org.mx\/web\/wp-content\/uploads\/2022\/12\/TEEC-JE-1-2022-02-12-2022.pdf&quot; target=&quot;_blank&quot;&gt;TEEC\/JE\/1\/2022 (ACUERDO DE ACUMULACI\u00d3N)&lt;\/a&gt;\" data-order=\"&lt;a href=&quot;https:\/\/teec.org.mx\/web\/wp-content\/uploads\/2022\/12\/TEEC-JE-1-2022-02-12-2022.pdf&quot; target=&quot;_blank&quot;&gt;TEEC\/JE\/1\/2022 (ACUERDO DE ACUMULACI\u00d3N)&lt;\/a&gt;\" ><a href=\"https:\/\/teec.org.mx\/web\/wp-content\/uploads\/2022\/12\/TEEC-JE-1-2022-02-12-2022.pdf\" target=\"_blank\">TEEC\/JE\/1\/2022 (ACUERDO DE ACUMULACI\u00d3N)<\/a><\/td><\/tr><tr style=\"height:px\" ><td data-cell-id=\"A9\" data-x=\"0\" data-y=\"9\" data-db-index=\"9\" class=\"fsize-18\" data-cell-type=\"text\" data-original-value=\"01 DE DICIEMBRE DE 2022, A LAS 14:00 HORAS\" data-order=\"01 DE DICIEMBRE DE 2022, A LAS 14:00 HORAS\" >01 DE DICIEMBRE DE 2022, A LAS 14:00 HORAS <\/td><td data-cell-id=\"B9\" data-x=\"1\" data-y=\"9\" data-db-index=\"9\" class=\"fsize-18\" data-cell-type=\"text\" data-original-value=\"C\u00c9SAR ISMAEL MART\u00cdN EHU\u00c1N, REPRESENTANTE SUPLENTE DEL PARTIDO ACCI\u00d3N ACIONAL, ANTE EL CONSEJO GENERAL DEL INSTITUO ELECTORAL DEL ESTADO DE CAMPECHE\" data-order=\"C\u00c9SAR ISMAEL MART\u00cdN EHU\u00c1N, REPRESENTANTE SUPLENTE DEL PARTIDO ACCI\u00d3N ACIONAL, ANTE EL CONSEJO GENERAL DEL INSTITUO ELECTORAL DEL ESTADO DE CAMPECHE\" >C\u00c9SAR ISMAEL MART\u00cdN EHU\u00c1N, REPRESENTANTE SUPLENTE DEL PARTIDO ACCI\u00d3N ACIONAL, ANTE EL CONSEJO GENERAL DEL INSTITUO ELECTORAL DEL ESTADO DE CAMPECHE <\/td><td data-cell-id=\"C9\" data-x=\"2\" data-y=\"9\" data-db-index=\"9\" class=\"fsize-18\" data-cell-type=\"text\" data-original-value=\"CONSEJO GENERAL DEL INSTITUTO ELECTORAL DEL ESTADO DE CAMPECHE\" data-order=\"CONSEJO GENERAL DEL INSTITUTO ELECTORAL DEL ESTADO DE CAMPECHE\" >CONSEJO GENERAL DEL INSTITUTO ELECTORAL DEL ESTADO DE CAMPECHE <\/td><td data-cell-id=\"D9\" data-x=\"3\" data-y=\"9\" data-db-index=\"9\" class=\"fsize-18\" data-cell-type=\"text\" data-original-value=\"&lt;a href=&quot;https:\/\/teec.org.mx\/web\/wp-content\/uploads\/2022\/12\/TEEC-JE-19-2022-01-12-2022.pdf&quot; target=&quot;_blank&quot;&gt;TEEC\/JE\/19\/2022 (QUEDA FIRME LA SENTENCIA)&lt;\/a&gt;\" data-order=\"&lt;a href=&quot;https:\/\/teec.org.mx\/web\/wp-content\/uploads\/2022\/12\/TEEC-JE-19-2022-01-12-2022.pdf&quot; target=&quot;_blank&quot;&gt;TEEC\/JE\/19\/2022 (QUEDA FIRME LA SENTENCIA)&lt;\/a&gt;\" ><a href=\"https:\/\/teec.org.mx\/web\/wp-content\/uploads\/2022\/12\/TEEC-JE-19-2022-01-12-2022.pdf\" target=\"_blank\">TEEC\/JE\/19\/2022 (QUEDA FIRME LA SENTENCIA)<\/a><\/td><\/tr><tr style=\"height:px\" ><td data-cell-id=\"A10\" data-x=\"0\" data-y=\"10\" data-db-index=\"10\" class=\"fsize-18\" data-cell-type=\"text\" data-original-value=\"01 DE DICIEMBRE DE 2022, A LAS 12:40 HORAS\" data-order=\"01 DE DICIEMBRE DE 2022, A LAS 12:40 HORAS\" >01 DE DICIEMBRE DE 2022, A LAS 12:40 HORAS <\/td><td data-cell-id=\"B10\" data-x=\"1\" data-y=\"10\" data-db-index=\"10\" class=\"fsize-18\" data-cell-type=\"text\" data-original-value=\"JOS\u00c9 DEL CARMEN SEGOVIA CRUZ, QUIEN SE OSTENTA COMO DIRIGENTE DEL PARTIDO DE LA REVOLUCI\u00d3N DEMOCR\u00c1TICA EN CAMPECHE\" data-order=\"JOS\u00c9 DEL CARMEN SEGOVIA CRUZ, QUIEN SE OSTENTA COMO DIRIGENTE DEL PARTIDO DE LA REVOLUCI\u00d3N DEMOCR\u00c1TICA EN CAMPECHE\" >JOS\u00c9 DEL CARMEN SEGOVIA CRUZ, QUIEN SE OSTENTA COMO DIRIGENTE DEL PARTIDO DE LA REVOLUCI\u00d3N DEMOCR\u00c1TICA EN CAMPECHE <\/td><td data-cell-id=\"C10\" data-x=\"2\" data-y=\"10\" data-db-index=\"10\" class=\"fsize-18\" data-cell-type=\"text\" data-original-value=\"INSTITUTO ELECTORAL DEL ESTADO DE CAMPECHE\" data-order=\"INSTITUTO ELECTORAL DEL ESTADO DE CAMPECHE\" >INSTITUTO ELECTORAL DEL ESTADO DE CAMPECHE <\/td><td data-cell-id=\"D10\" data-x=\"3\" data-y=\"10\" data-db-index=\"10\" class=\"fsize-18\" data-cell-type=\"text\" data-original-value=\"&lt;a href=&quot;https:\/\/teec.org.mx\/web\/wp-content\/uploads\/2022\/12\/TEEC-JE-1-2022-01-12-2022.pdf&quot; target=&quot;_blank&quot;&gt;TEEC\/JE\/1\/2022 (ACUERDO DE TURNO DE DOCUMENTACI\u00d3N)&lt;\/a&gt;\" data-order=\"&lt;a href=&quot;https:\/\/teec.org.mx\/web\/wp-content\/uploads\/2022\/12\/TEEC-JE-1-2022-01-12-2022.pdf&quot; target=&quot;_blank&quot;&gt;TEEC\/JE\/1\/2022 (ACUERDO DE TURNO DE DOCUMENTACI\u00d3N)&lt;\/a&gt;\" ><a href=\"https:\/\/teec.org.mx\/web\/wp-content\/uploads\/2022\/12\/TEEC-JE-1-2022-01-12-2022.pdf\" target=\"_blank\">TEEC\/JE\/1\/2022 (ACUERDO DE TURNO DE DOCUMENTACI\u00d3N)<\/a><\/td><\/tr><tr style=\"height:px\" ><td data-cell-id=\"A11\" data-x=\"0\" data-y=\"11\" data-db-index=\"11\" class=\"fsize-18\" data-cell-type=\"text\" data-original-value=\"29 DE NOVIEMBRE DE 2022, A LAS 10:00 HORAS\" data-order=\"29 DE NOVIEMBRE DE 2022, A LAS 10:00 HORAS\" >29 DE NOVIEMBRE DE 2022, A LAS 10:00 HORAS <\/td><td data-cell-id=\"B11\" data-x=\"1\" data-y=\"11\" data-db-index=\"11\" class=\"fsize-18\" data-cell-type=\"text\" data-original-value=\"JOS\u00c9 DEL CARMEN SEGOVIA CRUZ, QUIEN SE OSTENTA COMO DIRIGENTE DEL PARTIDO DE LA REVOLUCI\u00d3N DEMOCR\u00c1TICA EN CAMPECHE\" data-order=\"JOS\u00c9 DEL CARMEN SEGOVIA CRUZ, QUIEN SE OSTENTA COMO DIRIGENTE DEL PARTIDO DE LA REVOLUCI\u00d3N DEMOCR\u00c1TICA EN CAMPECHE\" >JOS\u00c9 DEL CARMEN SEGOVIA CRUZ, QUIEN SE OSTENTA COMO DIRIGENTE DEL PARTIDO DE LA REVOLUCI\u00d3N DEMOCR\u00c1TICA EN CAMPECHE <\/td><td data-cell-id=\"C11\" data-x=\"2\" data-y=\"11\" data-db-index=\"11\" class=\"fsize-18\" data-cell-type=\"text\" data-original-value=\"INSTITUTO ELECTORAL DEL ESTADO DE CAMPECHE\" data-order=\"INSTITUTO ELECTORAL DEL ESTADO DE CAMPECHE\" >INSTITUTO ELECTORAL DEL ESTADO DE CAMPECHE <\/td><td data-cell-id=\"D11\" data-x=\"3\" data-y=\"11\" data-db-index=\"11\" class=\"fsize-18\" data-cell-type=\"text\" data-original-value=\"&lt;a href=&quot;https:\/\/teec.org.mx\/web\/wp-content\/uploads\/2022\/11\/TEEC-JE-1-2022-29-11-2022.pdf&quot; target=&quot;_blank&quot;&gt;TEEC\/JE\/1\/2022 (ACUERDO DE REQUERIMIENTO)&lt;\/a&gt;\" data-order=\"&lt;a href=&quot;https:\/\/teec.org.mx\/web\/wp-content\/uploads\/2022\/11\/TEEC-JE-1-2022-29-11-2022.pdf&quot; target=&quot;_blank&quot;&gt;TEEC\/JE\/1\/2022 (ACUERDO DE REQUERIMIENTO)&lt;\/a&gt;\" ><a href=\"https:\/\/teec.org.mx\/web\/wp-content\/uploads\/2022\/11\/TEEC-JE-1-2022-29-11-2022.pdf\" target=\"_blank\">TEEC\/JE\/1\/2022 (ACUERDO DE REQUERIMIENTO)<\/a><\/td><\/tr><tr style=\"height:px\" ><td data-cell-id=\"A12\" data-x=\"0\" data-y=\"12\" data-db-index=\"12\" class=\"fsize-18\" data-cell-type=\"text\" data-original-value=\"24 DE NOVIEMBRE DE 2022, A LAS 12:30 HORAS\" data-order=\"24 DE NOVIEMBRE DE 2022, A LAS 12:30 HORAS\" >24 DE NOVIEMBRE DE 2022, A LAS 12:30 HORAS <\/td><td data-cell-id=\"B12\" data-x=\"1\" data-y=\"12\" data-db-index=\"12\" class=\"fsize-18\" data-cell-type=\"text\" data-original-value=\"CLAUDIA G\u00d3NGORA RAM\u00cdREZ\" data-order=\"CLAUDIA G\u00d3NGORA RAM\u00cdREZ\" >CLAUDIA G\u00d3NGORA RAM\u00cdREZ <\/td><td data-cell-id=\"C12\" data-x=\"2\" data-y=\"12\" data-db-index=\"12\" class=\"fsize-18\" data-cell-type=\"text\" data-original-value=\"LA SALA REGIONAL DEL TRIBUNAL ELECTORAL DEL PODER JUDICIAL DE LA FEDERATION CORRESPONDIENTE A LA TERCERA CIRCUNSCRIPCION PLURINOMINAL, CON SEDE EN XALAPA, VERACRUZ\" data-order=\"LA SALA REGIONAL DEL TRIBUNAL ELECTORAL DEL PODER JUDICIAL DE LA FEDERATION CORRESPONDIENTE A LA TERCERA CIRCUNSCRIPCION PLURINOMINAL, CON SEDE EN XALAPA, VERACRUZ\" >LA SALA REGIONAL DEL TRIBUNAL ELECTORAL DEL PODER JUDICIAL DE LA FEDERATION CORRESPONDIENTE A LA TERCERA CIRCUNSCRIPCION PLURINOMINAL, CON SEDE EN XALAPA, VERACRUZ <\/td><td data-cell-id=\"D12\" data-x=\"3\" data-y=\"12\" data-db-index=\"12\" class=\"fsize-18\" data-cell-type=\"text\" data-original-value=\"&lt;a href=&quot;https:\/\/teec.org.mx\/web\/wp-content\/uploads\/2022\/11\/TEEC-JE-18-2022-24-11-2022.pdf&quot; target=&quot;_blank&quot;&gt;TEEC\/JE\/18\/2022 (EXPEDIENTE: SUP-REC-459-2022 Y SUP-REC462\/2022 ACUMULADOS, SE DA POR NOTIFICADO ESTE \u00d3RGANO JURISDICCIONAL LOCAL)&lt;\/a&gt;\" data-order=\"&lt;a href=&quot;https:\/\/teec.org.mx\/web\/wp-content\/uploads\/2022\/11\/TEEC-JE-18-2022-24-11-2022.pdf&quot; target=&quot;_blank&quot;&gt;TEEC\/JE\/18\/2022 (EXPEDIENTE: SUP-REC-459-2022 Y SUP-REC462\/2022 ACUMULADOS, SE DA POR NOTIFICADO ESTE \u00d3RGANO JURISDICCIONAL LOCAL)&lt;\/a&gt;\" ><a href=\"https:\/\/teec.org.mx\/web\/wp-content\/uploads\/2022\/11\/TEEC-JE-18-2022-24-11-2022.pdf\" target=\"_blank\">TEEC\/JE\/18\/2022 (EXPEDIENTE: SUP-REC-459-2022 Y SUP-REC462\/2022 ACUMULADOS, SE DA POR NOTIFICADO ESTE \u00d3RGANO JURISDICCIONAL LOCAL)<\/a><\/td><\/tr><tr style=\"height:px\" ><td data-cell-id=\"A13\" data-x=\"0\" data-y=\"13\" data-db-index=\"13\" class=\"fsize-18\" data-cell-type=\"text\" data-original-value=\"24 DE NOVIEMBRE DE 2022, A LAS 11:30 HORAS\" data-order=\"24 DE NOVIEMBRE DE 2022, A LAS 11:30 HORAS\" >24 DE NOVIEMBRE DE 2022, A LAS 11:30 HORAS <\/td><td data-cell-id=\"B13\" data-x=\"1\" data-y=\"13\" data-db-index=\"13\" class=\"fsize-18\" data-cell-type=\"text\" data-original-value=\"DANNY ALBERTO G\u00d3NGORA MOO, EN CALIDAD DE CONSEJERO ELECTORAL DEL INSTITUTO ELECTORAL DEL ESTADO DE CAMPECHE\" data-order=\"DANNY ALBERTO G\u00d3NGORA MOO, EN CALIDAD DE CONSEJERO ELECTORAL DEL INSTITUTO ELECTORAL DEL ESTADO DE CAMPECHE\" >DANNY ALBERTO G\u00d3NGORA MOO, EN CALIDAD DE CONSEJERO ELECTORAL DEL INSTITUTO ELECTORAL DEL ESTADO DE CAMPECHE <\/td><td data-cell-id=\"C13\" data-x=\"2\" data-y=\"13\" data-db-index=\"13\" class=\"fsize-18\" data-cell-type=\"text\" data-original-value=\"JUNTA GENERAL EJECUTIVA DEL INSTITUTO ELECTORAL DEL ESTADO DE CAMPECHE\" data-order=\"JUNTA GENERAL EJECUTIVA DEL INSTITUTO ELECTORAL DEL ESTADO DE CAMPECHE\" >JUNTA GENERAL EJECUTIVA DEL INSTITUTO ELECTORAL DEL ESTADO DE CAMPECHE <\/td><td data-cell-id=\"D13\" data-x=\"3\" data-y=\"13\" data-db-index=\"13\" class=\"fsize-18\" data-cell-type=\"text\" data-original-value=\"&lt;a href=&quot;https:\/\/teec.org.mx\/web\/wp-content\/uploads\/2022\/11\/TEEC-JE-20-2022-2do-acu.-21-11-2022.pdf&quot; target=&quot;_blank&quot;&gt;TEEC\/JE\/20\/2022 (ACUERDO DE ADMISI\u00d3N)&lt;\/a&gt;\" data-order=\"&lt;a href=&quot;https:\/\/teec.org.mx\/web\/wp-content\/uploads\/2022\/11\/TEEC-JE-20-2022-2do-acu.-21-11-2022.pdf&quot; target=&quot;_blank&quot;&gt;TEEC\/JE\/20\/2022 (ACUERDO DE ADMISI\u00d3N)&lt;\/a&gt;\" ><a href=\"https:\/\/teec.org.mx\/web\/wp-content\/uploads\/2022\/11\/TEEC-JE-20-2022-2do-acu.-21-11-2022.pdf\" target=\"_blank\">TEEC\/JE\/20\/2022 (ACUERDO DE ADMISI\u00d3N)<\/a><\/td><\/tr><tr style=\"height:px\" ><td data-cell-id=\"A14\" data-x=\"0\" data-y=\"14\" data-db-index=\"14\" class=\"fsize-18\" data-cell-type=\"text\" data-original-value=\"24 DE NOVIEMBRE DE 2022, A LAS 10:00 HORAS\" data-order=\"24 DE NOVIEMBRE DE 2022, A LAS 10:00 HORAS\" >24 DE NOVIEMBRE DE 2022, A LAS 10:00 HORAS <\/td><td data-cell-id=\"B14\" data-x=\"1\" data-y=\"14\" data-db-index=\"14\" class=\"fsize-18\" data-cell-type=\"text\" data-original-value=\"DANNY ALBERTO G\u00d3NGORA MOO, EN CALIDAD DE CONSEJERO ELECTORAL DEL INSTITUTO ELECTORAL DEL ESTADO DE CAMPECHE\" data-order=\"DANNY ALBERTO G\u00d3NGORA MOO, EN CALIDAD DE CONSEJERO ELECTORAL DEL INSTITUTO ELECTORAL DEL ESTADO DE CAMPECHE\" >DANNY ALBERTO G\u00d3NGORA MOO, EN CALIDAD DE CONSEJERO ELECTORAL DEL INSTITUTO ELECTORAL DEL ESTADO DE CAMPECHE <\/td><td data-cell-id=\"C14\" data-x=\"2\" data-y=\"14\" data-db-index=\"14\" class=\"fsize-18\" data-cell-type=\"text\" data-original-value=\"JUNTA GENERAL EJECUTIVA DEL INSTITUTO ELECTORAL DEL ESTADO DE CAMPECHE\" data-order=\"JUNTA GENERAL EJECUTIVA DEL INSTITUTO ELECTORAL DEL ESTADO DE CAMPECHE\" >JUNTA GENERAL EJECUTIVA DEL INSTITUTO ELECTORAL DEL ESTADO DE CAMPECHE <\/td><td data-cell-id=\"D14\" data-x=\"3\" data-y=\"14\" data-db-index=\"14\" class=\"fsize-18\" data-cell-type=\"text\" data-original-value=\"&lt;a href=&quot;https:\/\/teec.org.mx\/web\/wp-content\/uploads\/2022\/11\/TEEC-JE-20-2022-24-11-2022.pdf&quot; target=&quot;_blank&quot;&gt;TEEC\/JE\/20\/2022 (ACUERDO DE TURNO DE DOCUMENTACI\u00d3N)&lt;\/a&gt;\" data-order=\"&lt;a href=&quot;https:\/\/teec.org.mx\/web\/wp-content\/uploads\/2022\/11\/TEEC-JE-20-2022-24-11-2022.pdf&quot; target=&quot;_blank&quot;&gt;TEEC\/JE\/20\/2022 (ACUERDO DE TURNO DE DOCUMENTACI\u00d3N)&lt;\/a&gt;\" ><a href=\"https:\/\/teec.org.mx\/web\/wp-content\/uploads\/2022\/11\/TEEC-JE-20-2022-24-11-2022.pdf\" target=\"_blank\">TEEC\/JE\/20\/2022 (ACUERDO DE TURNO DE DOCUMENTACI\u00d3N)<\/a><\/td><\/tr><tr style=\"height:px\" ><td data-cell-id=\"A15\" data-x=\"0\" data-y=\"15\" data-db-index=\"15\" class=\"fsize-18\" data-cell-type=\"text\" data-original-value=\"23 NOVIEMBRE DE 2022, A LAS 13:45 HORAS\" data-order=\"23 NOVIEMBRE DE 2022, A LAS 13:45 HORAS\" >23 NOVIEMBRE DE 2022, A LAS 13:45 HORAS <\/td><td data-cell-id=\"B15\" data-x=\"1\" data-y=\"15\" data-db-index=\"15\" class=\"fsize-18\" data-cell-type=\"text\" data-original-value=\"JUAN CARLOS MENA ZAPATA Y OTROS\" data-order=\"JUAN CARLOS MENA ZAPATA Y OTROS\" >JUAN CARLOS MENA ZAPATA Y OTROS <\/td><td data-cell-id=\"C15\" data-x=\"2\" data-y=\"15\" data-db-index=\"15\" class=\"fsize-18\" data-cell-type=\"text\" data-original-value=\"JUNTA GENERAL EJECUTIVA DEL INSTITUTO ELECTORAL DEL ESTADO DE CAMPECHE\" data-order=\"JUNTA GENERAL EJECUTIVA DEL INSTITUTO ELECTORAL DEL ESTADO DE CAMPECHE\" >JUNTA GENERAL EJECUTIVA DEL INSTITUTO ELECTORAL DEL ESTADO DE CAMPECHE <\/td><td data-cell-id=\"D15\" data-x=\"3\" data-y=\"15\" data-db-index=\"15\" class=\"fsize-18\" data-cell-type=\"text\" data-original-value=\"&lt;a href=&quot;https:\/\/teec.org.mx\/web\/wp-content\/uploads\/2022\/11\/TEEC-JE-7-2022-INC-2do-acu.-23-11-2022.pdf&quot; target=&quot;_blank&quot;&gt;TEEC\/JE\/7\/2022\/INC (ACUERDO DE ACUMULACI\u00d3N Y SE FIJA FECHA Y HORA PARA ENTREGA DE CHEQUE)&lt;\/a&gt;\" data-order=\"&lt;a href=&quot;https:\/\/teec.org.mx\/web\/wp-content\/uploads\/2022\/11\/TEEC-JE-7-2022-INC-2do-acu.-23-11-2022.pdf&quot; target=&quot;_blank&quot;&gt;TEEC\/JE\/7\/2022\/INC (ACUERDO DE ACUMULACI\u00d3N Y SE FIJA FECHA Y HORA PARA ENTREGA DE CHEQUE)&lt;\/a&gt;\" ><a href=\"https:\/\/teec.org.mx\/web\/wp-content\/uploads\/2022\/11\/TEEC-JE-7-2022-INC-2do-acu.-23-11-2022.pdf\" target=\"_blank\">TEEC\/JE\/7\/2022\/INC (ACUERDO DE ACUMULACI\u00d3N Y SE FIJA FECHA Y HORA PARA ENTREGA DE CHEQUE)<\/a><\/td><\/tr><tr style=\"height:px\" ><td data-cell-id=\"A16\" data-x=\"0\" data-y=\"16\" data-db-index=\"16\" class=\"fsize-18\" data-cell-type=\"text\" data-original-value=\"23 DE NOVIEMBRE DE 2022, A LAS 12:50 HORAS\" data-order=\"23 DE NOVIEMBRE DE 2022, A LAS 12:50 HORAS\" >23 DE NOVIEMBRE DE 2022, A LAS 12:50 HORAS <\/td><td data-cell-id=\"B16\" data-x=\"1\" data-y=\"16\" data-db-index=\"16\" class=\"fsize-18\" data-cell-type=\"text\" data-original-value=\"CLAUDIA G\u00d3NGORA RAM\u00cdREZ\" data-order=\"CLAUDIA G\u00d3NGORA RAM\u00cdREZ\" >CLAUDIA G\u00d3NGORA RAM\u00cdREZ <\/td><td data-cell-id=\"C16\" data-x=\"2\" data-y=\"16\" data-db-index=\"16\" class=\"fsize-18\" data-cell-type=\"text\" data-original-value=\"TRIBUNAL ELECTORAL DEL ESTADO DE CAMPECHE\" data-order=\"TRIBUNAL ELECTORAL DEL ESTADO DE CAMPECHE\" >TRIBUNAL ELECTORAL DEL ESTADO DE CAMPECHE <\/td><td data-cell-id=\"D16\" data-x=\"3\" data-y=\"16\" data-db-index=\"16\" class=\"fsize-18\" data-cell-type=\"text\" data-original-value=\"&lt;a href=&quot;https:\/\/teec.org.mx\/web\/wp-content\/uploads\/2022\/11\/TEEC-JE-18-2022-23-11-2022.pdf&quot; target=&quot;_blank&quot;&gt;TEEC\/JE\/18\/2022 (EXPEDIENTE FEDERAL: SX-JDC-6909-2022, SE DA POR NOTIFICADO ESTE \u00d3RGANO JURISDICCIONAL LOCAL)&lt;\/a&gt;\" data-order=\"&lt;a href=&quot;https:\/\/teec.org.mx\/web\/wp-content\/uploads\/2022\/11\/TEEC-JE-18-2022-23-11-2022.pdf&quot; target=&quot;_blank&quot;&gt;TEEC\/JE\/18\/2022 (EXPEDIENTE FEDERAL: SX-JDC-6909-2022, SE DA POR NOTIFICADO ESTE \u00d3RGANO JURISDICCIONAL LOCAL)&lt;\/a&gt;\" ><a href=\"https:\/\/teec.org.mx\/web\/wp-content\/uploads\/2022\/11\/TEEC-JE-18-2022-23-11-2022.pdf\" target=\"_blank\">TEEC\/JE\/18\/2022 (EXPEDIENTE FEDERAL: SX-JDC-6909-2022, SE DA POR NOTIFICADO ESTE \u00d3RGANO JURISDICCIONAL LOCAL)<\/a><\/td><\/tr><tr style=\"height:px\" ><td data-cell-id=\"A17\" data-x=\"0\" data-y=\"17\" data-db-index=\"17\" class=\"fsize-18\" data-cell-type=\"text\" data-original-value=\"23 DE NOVIEMBRE DE 2022, A LAS 12:00 HORAS\" data-order=\"23 DE NOVIEMBRE DE 2022, A LAS 12:00 HORAS\" >23 DE NOVIEMBRE DE 2022, A LAS 12:00 HORAS <\/td><td data-cell-id=\"B17\" data-x=\"1\" data-y=\"17\" data-db-index=\"17\" class=\"fsize-18\" data-cell-type=\"text\" data-original-value=\"C\u00c9SAR ISMAEL MART\u00cdN EHU\u00c1N, REPRESENTANTE SUPLENTE DEL PARTIDO ACCI\u00d3N ACIONAL, ANTE EL CONSEJO GENERAL DEL INSTITUO ELECTORAL DEL ESTADO DE CAMPECHE\" data-order=\"C\u00c9SAR ISMAEL MART\u00cdN EHU\u00c1N, REPRESENTANTE SUPLENTE DEL PARTIDO ACCI\u00d3N ACIONAL, ANTE EL CONSEJO GENERAL DEL INSTITUO ELECTORAL DEL ESTADO DE CAMPECHE\" >C\u00c9SAR ISMAEL MART\u00cdN EHU\u00c1N, REPRESENTANTE SUPLENTE DEL PARTIDO ACCI\u00d3N ACIONAL, ANTE EL CONSEJO GENERAL DEL INSTITUO ELECTORAL DEL ESTADO DE CAMPECHE <\/td><td data-cell-id=\"C17\" data-x=\"2\" data-y=\"17\" data-db-index=\"17\" class=\"fsize-18\" data-cell-type=\"text\" data-original-value=\"CONSEJO GENERAL DEL INSTITUTO ELECTORAL DEL ESTADO DE CAMPECHE\" data-order=\"CONSEJO GENERAL DEL INSTITUTO ELECTORAL DEL ESTADO DE CAMPECHE\" >CONSEJO GENERAL DEL INSTITUTO ELECTORAL DEL ESTADO DE CAMPECHE <\/td><td data-cell-id=\"D17\" data-x=\"3\" data-y=\"17\" data-db-index=\"17\" class=\"fsize-18\" data-cell-type=\"text\" data-original-value=\"&lt;a href=&quot;https:\/\/teec.org.mx\/web\/wp-content\/uploads\/2022\/11\/TEEC-JE-19-2022-sentencia-23-11-2022.pdf&quot; target=&quot;_blank&quot;&gt;TEEC\/JE\/19\/2022 (SENTENCIA)&lt;\/a&gt;\" data-order=\"&lt;a href=&quot;https:\/\/teec.org.mx\/web\/wp-content\/uploads\/2022\/11\/TEEC-JE-19-2022-sentencia-23-11-2022.pdf&quot; target=&quot;_blank&quot;&gt;TEEC\/JE\/19\/2022 (SENTENCIA)&lt;\/a&gt;\" ><a href=\"https:\/\/teec.org.mx\/web\/wp-content\/uploads\/2022\/11\/TEEC-JE-19-2022-sentencia-23-11-2022.pdf\" target=\"_blank\">TEEC\/JE\/19\/2022 (SENTENCIA)<\/a><\/td><\/tr><tr style=\"height:px\" ><td data-cell-id=\"A18\" data-x=\"0\" data-y=\"18\" data-db-index=\"18\" class=\"fsize-18\" data-cell-type=\"text\" data-original-value=\"22 DE NOVIEMBRE DE 2022, A LAS 11:00 HORAS\" data-order=\"22 DE NOVIEMBRE DE 2022, A LAS 11:00 HORAS\" >22 DE NOVIEMBRE DE 2022, A LAS 11:00 HORAS <\/td><td data-cell-id=\"B18\" data-x=\"1\" data-y=\"18\" data-db-index=\"18\" class=\"fsize-18\" data-cell-type=\"text\" data-original-value=\"C\u00c9SAR ISMAEL MART\u00cdN EHU\u00c1N, REPRESENTANTE SUPLENTE DEL PARTIDO ACCI\u00d3N ACIONAL, ANTE EL CONSEJO GENERAL DEL INSTITUO ELECTORAL DEL ESTADO DE CAMPECHE\" data-order=\"C\u00c9SAR ISMAEL MART\u00cdN EHU\u00c1N, REPRESENTANTE SUPLENTE DEL PARTIDO ACCI\u00d3N ACIONAL, ANTE EL CONSEJO GENERAL DEL INSTITUO ELECTORAL DEL ESTADO DE CAMPECHE\" >C\u00c9SAR ISMAEL MART\u00cdN EHU\u00c1N, REPRESENTANTE SUPLENTE DEL PARTIDO ACCI\u00d3N ACIONAL, ANTE EL CONSEJO GENERAL DEL INSTITUO ELECTORAL DEL ESTADO DE CAMPECHE <\/td><td data-cell-id=\"C18\" data-x=\"2\" data-y=\"18\" data-db-index=\"18\" class=\"fsize-18\" data-cell-type=\"text\" data-original-value=\"CONSEJO GENERAL DEL INSTITUTO ELECTORAL DEL ESTADO DE CAMPECHE\" data-order=\"CONSEJO GENERAL DEL INSTITUTO ELECTORAL DEL ESTADO DE CAMPECHE\" >CONSEJO GENERAL DEL INSTITUTO ELECTORAL DEL ESTADO DE CAMPECHE <\/td><td data-cell-id=\"D18\" data-x=\"3\" data-y=\"18\" data-db-index=\"18\" class=\"fsize-18\" data-cell-type=\"text\" data-original-value=\"&lt;a href=&quot;https:\/\/teec.org.mx\/web\/wp-content\/uploads\/2022\/11\/TEEC-JE-19-2022-2do-acu-22-11-2022.pdf&quot; target=&quot;_blank&quot;&gt;TEEC\/JE\/19\/2022 (SE FIJA FECHA Y HORA DE SESI\u00d3N)&lt;\/a&gt;\" data-order=\"&lt;a href=&quot;https:\/\/teec.org.mx\/web\/wp-content\/uploads\/2022\/11\/TEEC-JE-19-2022-2do-acu-22-11-2022.pdf&quot; target=&quot;_blank&quot;&gt;TEEC\/JE\/19\/2022 (SE FIJA FECHA Y HORA DE SESI\u00d3N)&lt;\/a&gt;\" ><a href=\"https:\/\/teec.org.mx\/web\/wp-content\/uploads\/2022\/11\/TEEC-JE-19-2022-2do-acu-22-11-2022.pdf\" target=\"_blank\">TEEC\/JE\/19\/2022 (SE FIJA FECHA Y HORA DE SESI\u00d3N)<\/a><\/td><\/tr><tr style=\"height:px\" ><td data-cell-id=\"A19\" data-x=\"0\" data-y=\"19\" data-db-index=\"19\" class=\"fsize-18\" data-cell-type=\"text\" data-original-value=\"22 DE NOVIEMBRE DE 2022, A LAS 10:30 HORAS\" data-order=\"22 DE NOVIEMBRE DE 2022, A LAS 10:30 HORAS\" >22 DE NOVIEMBRE DE 2022, A LAS 10:30 HORAS <\/td><td data-cell-id=\"B19\" data-x=\"1\" data-y=\"19\" data-db-index=\"19\" class=\"fsize-18\" data-cell-type=\"text\" data-original-value=\"C\u00c9SAR ISMAEL MART\u00cdN EHU\u00c1N, REPRESENTANTE SUPLENTE DEL PARTIDO ACCI\u00d3N ACIONAL, ANTE EL CONSEJO GENERAL DEL INSTITUO ELECTORAL DEL ESTADO DE CAMPECHE\" data-order=\"C\u00c9SAR ISMAEL MART\u00cdN EHU\u00c1N, REPRESENTANTE SUPLENTE DEL PARTIDO ACCI\u00d3N ACIONAL, ANTE EL CONSEJO GENERAL DEL INSTITUO ELECTORAL DEL ESTADO DE CAMPECHE\" >C\u00c9SAR ISMAEL MART\u00cdN EHU\u00c1N, REPRESENTANTE SUPLENTE DEL PARTIDO ACCI\u00d3N ACIONAL, ANTE EL CONSEJO GENERAL DEL INSTITUO ELECTORAL DEL ESTADO DE CAMPECHE <\/td><td data-cell-id=\"C19\" data-x=\"2\" data-y=\"19\" data-db-index=\"19\" class=\"fsize-18\" data-cell-type=\"text\" data-original-value=\"CONSEJO GENERAL DEL INSTITUTO ELECTORAL DEL ESTADO DE CAMPECHE\" data-order=\"CONSEJO GENERAL DEL INSTITUTO ELECTORAL DEL ESTADO DE CAMPECHE\" >CONSEJO GENERAL DEL INSTITUTO ELECTORAL DEL ESTADO DE CAMPECHE <\/td><td data-cell-id=\"D19\" data-x=\"3\" data-y=\"19\" data-db-index=\"19\" class=\"fsize-18\" data-cell-type=\"text\" data-original-value=\"&lt;a href=&quot;https:\/\/teec.org.mx\/web\/wp-content\/uploads\/2022\/11\/TEEC-JE-19-2022-22-11-22.pdf&quot; target=&quot;_blank&quot;&gt;TEEC\/JE\/19\/2022 (ACUERDO DE CIERRE DE INSTRUCCI\u00d3N Y SOLICITUD DE FECHA Y HORA DE SESI\u00d3N)&lt;\/a&gt;\" data-order=\"&lt;a href=&quot;https:\/\/teec.org.mx\/web\/wp-content\/uploads\/2022\/11\/TEEC-JE-19-2022-22-11-22.pdf&quot; target=&quot;_blank&quot;&gt;TEEC\/JE\/19\/2022 (ACUERDO DE CIERRE DE INSTRUCCI\u00d3N Y SOLICITUD DE FECHA Y HORA DE SESI\u00d3N)&lt;\/a&gt;\" ><a href=\"https:\/\/teec.org.mx\/web\/wp-content\/uploads\/2022\/11\/TEEC-JE-19-2022-22-11-22.pdf\" target=\"_blank\">TEEC\/JE\/19\/2022 (ACUERDO DE CIERRE DE INSTRUCCI\u00d3N Y SOLICITUD DE FECHA Y HORA DE SESI\u00d3N)<\/a><\/td><\/tr><tr style=\"height:px\" ><td data-cell-id=\"A20\" data-x=\"0\" data-y=\"20\" data-db-index=\"20\" class=\"fsize-18\" data-cell-type=\"text\" data-original-value=\"18 DE NOVIEMBRE DE 2022, A LAS 14:30 HORAS\" data-order=\"18 DE NOVIEMBRE DE 2022, A LAS 14:30 HORAS\" >18 DE NOVIEMBRE DE 2022, A LAS 14:30 HORAS <\/td><td data-cell-id=\"B20\" data-x=\"1\" data-y=\"20\" data-db-index=\"20\" class=\"fsize-18\" data-cell-type=\"text\" data-original-value=\"DANNY ALBERTO G\u00d3NGORA MOO, EN CALIDAD DE CONSEJERO ELECTORAL DEL INSTITUTO ELECTORAL DEL ESTADO DE CAMPECHE\" data-order=\"DANNY ALBERTO G\u00d3NGORA MOO, EN CALIDAD DE CONSEJERO ELECTORAL DEL INSTITUTO ELECTORAL DEL ESTADO DE CAMPECHE\" >DANNY ALBERTO G\u00d3NGORA MOO, EN CALIDAD DE CONSEJERO ELECTORAL DEL INSTITUTO ELECTORAL DEL ESTADO DE CAMPECHE <\/td><td data-cell-id=\"C20\" data-x=\"2\" data-y=\"20\" data-db-index=\"20\" class=\"fsize-18\" data-cell-type=\"text\" data-original-value=\"JUNTA GENERAL EJECUTIVA DEL INSTITUTO ELECTORAL DEL ESTADO DE CAMPECHE\" data-order=\"JUNTA GENERAL EJECUTIVA DEL INSTITUTO ELECTORAL DEL ESTADO DE CAMPECHE\" >JUNTA GENERAL EJECUTIVA DEL INSTITUTO ELECTORAL DEL ESTADO DE CAMPECHE <\/td><td data-cell-id=\"D20\" data-x=\"3\" data-y=\"20\" data-db-index=\"20\" class=\"fsize-18\" data-cell-type=\"text\" data-original-value=\"&lt;a href=&quot;https:\/\/teec.org.mx\/web\/wp-content\/uploads\/2022\/11\/TEEC-JE-20-2022-18-11-2022.pdf&quot; target=&quot;_blank&quot;&gt;TEEC\/JE\/20\/2022 (ACUERDO DE RECEPCI\u00d3N, RADICACI\u00d3N Y DATOS PERSONALES)&lt;\/a&gt;\" data-order=\"&lt;a href=&quot;https:\/\/teec.org.mx\/web\/wp-content\/uploads\/2022\/11\/TEEC-JE-20-2022-18-11-2022.pdf&quot; target=&quot;_blank&quot;&gt;TEEC\/JE\/20\/2022 (ACUERDO DE RECEPCI\u00d3N, RADICACI\u00d3N Y DATOS PERSONALES)&lt;\/a&gt;\" ><a href=\"https:\/\/teec.org.mx\/web\/wp-content\/uploads\/2022\/11\/TEEC-JE-20-2022-18-11-2022.pdf\" target=\"_blank\">TEEC\/JE\/20\/2022 (ACUERDO DE RECEPCI\u00d3N, RADICACI\u00d3N Y DATOS PERSONALES)<\/a><\/td><\/tr><tr style=\"height:px\" ><td data-cell-id=\"A21\" data-x=\"0\" data-y=\"21\" data-db-index=\"21\" class=\"fsize-18\" data-cell-type=\"text\" data-original-value=\"17 DE NOVIEMBRE DE 2022, A LAS 10:20 HORAS\" data-order=\"17 DE NOVIEMBRE DE 2022, A LAS 10:20 HORAS\" >17 DE NOVIEMBRE DE 2022, A LAS 10:20 HORAS <\/td><td data-cell-id=\"B21\" data-x=\"1\" data-y=\"21\" data-db-index=\"21\" class=\"fsize-18\" data-cell-type=\"text\" data-original-value=\"C\u00c9SAR ISMAEL MART\u00cdN EHU\u00c1N, REPRESENTANTE SUPLENTE DEL PARTIDO ACCI\u00d3N ACIONAL, ANTE EL CONSEJO GENERAL DEL INSTITUO ELECTORAL DEL ESTADO DE CAMPECHE\" data-order=\"C\u00c9SAR ISMAEL MART\u00cdN EHU\u00c1N, REPRESENTANTE SUPLENTE DEL PARTIDO ACCI\u00d3N ACIONAL, ANTE EL CONSEJO GENERAL DEL INSTITUO ELECTORAL DEL ESTADO DE CAMPECHE\" >C\u00c9SAR ISMAEL MART\u00cdN EHU\u00c1N, REPRESENTANTE SUPLENTE DEL PARTIDO ACCI\u00d3N ACIONAL, ANTE EL CONSEJO GENERAL DEL INSTITUO ELECTORAL DEL ESTADO DE CAMPECHE <\/td><td data-cell-id=\"C21\" data-x=\"2\" data-y=\"21\" data-db-index=\"21\" class=\"fsize-18\" data-cell-type=\"text\" data-original-value=\"CONSEJO GENERAL DEL INSTITUTO ELECTORAL DEL ESTADO DE CAMPECHE\" data-order=\"CONSEJO GENERAL DEL INSTITUTO ELECTORAL DEL ESTADO DE CAMPECHE\" >CONSEJO GENERAL DEL INSTITUTO ELECTORAL DEL ESTADO DE CAMPECHE <\/td><td data-cell-id=\"D21\" data-x=\"3\" data-y=\"21\" data-db-index=\"21\" class=\"fsize-18\" data-cell-type=\"text\" data-original-value=\"&lt;a href=&quot;https:\/\/teec.org.mx\/web\/wp-content\/uploads\/2022\/11\/TEEC-JE-19-2022-17-11-2022.pdf&quot; target=&quot;_blank&quot;&gt;TEEC\/JE\/19\/2022 (ACUERDO DE TURNO DE DOCUMENTACI\u00d3N)&lt;\/a&gt;\" data-order=\"&lt;a href=&quot;https:\/\/teec.org.mx\/web\/wp-content\/uploads\/2022\/11\/TEEC-JE-19-2022-17-11-2022.pdf&quot; target=&quot;_blank&quot;&gt;TEEC\/JE\/19\/2022 (ACUERDO DE TURNO DE DOCUMENTACI\u00d3N)&lt;\/a&gt;\" ><a href=\"https:\/\/teec.org.mx\/web\/wp-content\/uploads\/2022\/11\/TEEC-JE-19-2022-17-11-2022.pdf\" target=\"_blank\">TEEC\/JE\/19\/2022 (ACUERDO DE TURNO DE DOCUMENTACI\u00d3N)<\/a><\/td><\/tr><tr style=\"height:px\" ><td data-cell-id=\"A22\" data-x=\"0\" data-y=\"22\" data-db-index=\"22\" class=\"fsize-18\" data-cell-type=\"text\" data-original-value=\"15 DE NOVIEMBRE DE 2022, A LAS 14:30 HORAS\" data-order=\"15 DE NOVIEMBRE DE 2022, A LAS 14:30 HORAS\" >15 DE NOVIEMBRE DE 2022, A LAS 14:30 HORAS <\/td><td data-cell-id=\"B22\" data-x=\"1\" data-y=\"22\" data-db-index=\"22\" class=\"fsize-18\" data-cell-type=\"text\" data-original-value=\"DANNY ALBERTO G\u00d3NGORA MOO, EN CALIDAD DE CONSEJERO ELECTORAL DEL INSTITUTO ELECTORAL DEL ESTADO DE CAMPECHE\" data-order=\"DANNY ALBERTO G\u00d3NGORA MOO, EN CALIDAD DE CONSEJERO ELECTORAL DEL INSTITUTO ELECTORAL DEL ESTADO DE CAMPECHE\" >DANNY ALBERTO G\u00d3NGORA MOO, EN CALIDAD DE CONSEJERO ELECTORAL DEL INSTITUTO ELECTORAL DEL ESTADO DE CAMPECHE <\/td><td data-cell-id=\"C22\" data-x=\"2\" data-y=\"22\" data-db-index=\"22\" class=\"fsize-18\" data-cell-type=\"text\" data-original-value=\"JUNTA GENERAL EJECUTIVA DEL INSTITUTO ELECTORAL DEL ESTADO DE CAMPECHE\" data-order=\"JUNTA GENERAL EJECUTIVA DEL INSTITUTO ELECTORAL DEL ESTADO DE CAMPECHE\" >JUNTA GENERAL EJECUTIVA DEL INSTITUTO ELECTORAL DEL ESTADO DE CAMPECHE <\/td><td data-cell-id=\"D22\" data-x=\"3\" data-y=\"22\" data-db-index=\"22\" class=\"fsize-18\" data-cell-type=\"text\" data-original-value=\"&lt;a href=&quot;https:\/\/teec.org.mx\/web\/wp-content\/uploads\/2022\/11\/TEEC-JE-20-2022-15-11-2022.pdf&quot; target=&quot;_blank&quot;&gt;TEEC\/JE\/20\/2022 (ACUERDO DE TURNO)&lt;\/a&gt;\" data-order=\"&lt;a href=&quot;https:\/\/teec.org.mx\/web\/wp-content\/uploads\/2022\/11\/TEEC-JE-20-2022-15-11-2022.pdf&quot; target=&quot;_blank&quot;&gt;TEEC\/JE\/20\/2022 (ACUERDO DE TURNO)&lt;\/a&gt;\" ><a href=\"https:\/\/teec.org.mx\/web\/wp-content\/uploads\/2022\/11\/TEEC-JE-20-2022-15-11-2022.pdf\" target=\"_blank\">TEEC\/JE\/20\/2022 (ACUERDO DE TURNO)<\/a><\/td><\/tr><tr style=\"height:px\" ><td data-cell-id=\"A23\" data-x=\"0\" data-y=\"23\" data-db-index=\"23\" class=\"fsize-18\" data-cell-type=\"text\" data-original-value=\"14 DE NOVIEMBRE DE 2022, A LAS 12:30 HORAS\" data-order=\"14 DE NOVIEMBRE DE 2022, A LAS 12:30 HORAS\" >14 DE NOVIEMBRE DE 2022, A LAS 12:30 HORAS <\/td><td data-cell-id=\"B23\" data-x=\"1\" data-y=\"23\" data-db-index=\"23\" class=\"fsize-18\" data-cell-type=\"text\" data-original-value=\"C\u00c9SAR ISMAEL MART\u00cdN EHU\u00c1N, REPRESENTANTE SUPLENTE DEL PARTIDO ACCI\u00d3N ACIONAL, ANTE EL CONSEJO GENERAL DEL INSTITUO ELECTORAL DEL ESTADO DE CAMPECHE\" data-order=\"C\u00c9SAR ISMAEL MART\u00cdN EHU\u00c1N, REPRESENTANTE SUPLENTE DEL PARTIDO ACCI\u00d3N ACIONAL, ANTE EL CONSEJO GENERAL DEL INSTITUO ELECTORAL DEL ESTADO DE CAMPECHE\" >C\u00c9SAR ISMAEL MART\u00cdN EHU\u00c1N, REPRESENTANTE SUPLENTE DEL PARTIDO ACCI\u00d3N ACIONAL, ANTE EL CONSEJO GENERAL DEL INSTITUO ELECTORAL DEL ESTADO DE CAMPECHE <\/td><td data-cell-id=\"C23\" data-x=\"2\" data-y=\"23\" data-db-index=\"23\" class=\"fsize-18\" data-cell-type=\"text\" data-original-value=\"CONSEJO GENERAL DEL INSTITUTO ELECTORAL DEL ESTADO DE CAMPECHE\" data-order=\"CONSEJO GENERAL DEL INSTITUTO ELECTORAL DEL ESTADO DE CAMPECHE\" >CONSEJO GENERAL DEL INSTITUTO ELECTORAL DEL ESTADO DE CAMPECHE <\/td><td data-cell-id=\"D23\" data-x=\"3\" data-y=\"23\" data-db-index=\"23\" class=\"fsize-18\" data-cell-type=\"text\" data-original-value=\"&lt;a href=&quot;https:\/\/teec.org.mx\/web\/wp-content\/uploads\/2022\/11\/TEEC-JE-19-2022-14-11-2022.pdf&quot; target=&quot;_blank&quot;&gt;TEEC\/JE\/19\/2022 (ACUERDO DE REQUERIMIENTO, DILIGENCIA PARA MEJOR PROVEER Y ADMISI\u00d3N)&lt;\/a&gt;\" data-order=\"&lt;a href=&quot;https:\/\/teec.org.mx\/web\/wp-content\/uploads\/2022\/11\/TEEC-JE-19-2022-14-11-2022.pdf&quot; target=&quot;_blank&quot;&gt;TEEC\/JE\/19\/2022 (ACUERDO DE REQUERIMIENTO, DILIGENCIA PARA MEJOR PROVEER Y ADMISI\u00d3N)&lt;\/a&gt;\" ><a href=\"https:\/\/teec.org.mx\/web\/wp-content\/uploads\/2022\/11\/TEEC-JE-19-2022-14-11-2022.pdf\" target=\"_blank\">TEEC\/JE\/19\/2022 (ACUERDO DE REQUERIMIENTO, DILIGENCIA PARA MEJOR PROVEER Y ADMISI\u00d3N)<\/a><\/td><\/tr><tr style=\"height:px\" ><td data-cell-id=\"A24\" data-x=\"0\" data-y=\"24\" data-db-index=\"24\" class=\"fsize-18\" data-cell-type=\"text\" data-original-value=\"10 DE NOVIEMBRE DE 2022, A LAS 14:00 HORAS\" data-order=\"10 DE NOVIEMBRE DE 2022, A LAS 14:00 HORAS\" >10 DE NOVIEMBRE DE 2022, A LAS 14:00 HORAS <\/td><td data-cell-id=\"B24\" data-x=\"1\" data-y=\"24\" data-db-index=\"24\" class=\"fsize-18\" data-cell-type=\"text\" data-original-value=\"CLAUDIA G\u00d3NGORA RAM\u00cdREZ\" data-order=\"CLAUDIA G\u00d3NGORA RAM\u00cdREZ\" >CLAUDIA G\u00d3NGORA RAM\u00cdREZ <\/td><td data-cell-id=\"C24\" data-x=\"2\" data-y=\"24\" data-db-index=\"24\" class=\"fsize-18\" data-cell-type=\"text\" data-original-value=\"TRIBUNAL ELECTORAL DEL ESTADO DE CAMPECHE\" data-order=\"TRIBUNAL ELECTORAL DEL ESTADO DE CAMPECHE\" >TRIBUNAL ELECTORAL DEL ESTADO DE CAMPECHE <\/td><td data-cell-id=\"D24\" data-x=\"3\" data-y=\"24\" data-db-index=\"24\" class=\"fsize-18\" data-cell-type=\"text\" data-original-value=\"&lt;a href=&quot;https:\/\/teec.org.mx\/web\/wp-content\/uploads\/2022\/11\/TEEC-JE-18-2022-10-11-2022.pdf&quot; target=&quot;_blank&quot;&gt;TEEC\/JE\/18\/2022 (EXPEDIENTE FEDERAL: SX-JDC-6909-2022, SE DA POR NOTIFICADO ESTE \u00d3RGANO JURISDICCIONAL LOCAL)&lt;\/a&gt;\" data-order=\"&lt;a href=&quot;https:\/\/teec.org.mx\/web\/wp-content\/uploads\/2022\/11\/TEEC-JE-18-2022-10-11-2022.pdf&quot; target=&quot;_blank&quot;&gt;TEEC\/JE\/18\/2022 (EXPEDIENTE FEDERAL: SX-JDC-6909-2022, SE DA POR NOTIFICADO ESTE \u00d3RGANO JURISDICCIONAL LOCAL)&lt;\/a&gt;\" ><a href=\"https:\/\/teec.org.mx\/web\/wp-content\/uploads\/2022\/11\/TEEC-JE-18-2022-10-11-2022.pdf\" target=\"_blank\">TEEC\/JE\/18\/2022 (EXPEDIENTE FEDERAL: SX-JDC-6909-2022, SE DA POR NOTIFICADO ESTE \u00d3RGANO JURISDICCIONAL LOCAL)<\/a><\/td><\/tr><tr style=\"height:px\" ><td data-cell-id=\"A25\" data-x=\"0\" data-y=\"25\" data-db-index=\"25\" class=\"fsize-18\" data-cell-type=\"text\" data-original-value=\"07 DE NOVIEMBRE DE 2022, A LAS 12:30 HORAS\" data-order=\"07 DE NOVIEMBRE DE 2022, A LAS 12:30 HORAS\" >07 DE NOVIEMBRE DE 2022, A LAS 12:30 HORAS <\/td><td data-cell-id=\"B25\" data-x=\"1\" data-y=\"25\" data-db-index=\"25\" class=\"fsize-18\" data-cell-type=\"text\" data-original-value=\"C\u00c9SAR ISMAEL MART\u00cdN EHU\u00c1N, REPRESENTANTE SUPLENTE DEL PARTIDO ACCI\u00d3N ACIONAL, ANTE EL CONSEJO GENERAL DEL INSTITUO ELECTORAL DEL ESTADO DE CAMPECHE\" data-order=\"C\u00c9SAR ISMAEL MART\u00cdN EHU\u00c1N, REPRESENTANTE SUPLENTE DEL PARTIDO ACCI\u00d3N ACIONAL, ANTE EL CONSEJO GENERAL DEL INSTITUO ELECTORAL DEL ESTADO DE CAMPECHE\" >C\u00c9SAR ISMAEL MART\u00cdN EHU\u00c1N, REPRESENTANTE SUPLENTE DEL PARTIDO ACCI\u00d3N ACIONAL, ANTE EL CONSEJO GENERAL DEL INSTITUO ELECTORAL DEL ESTADO DE CAMPECHE <\/td><td data-cell-id=\"C25\" data-x=\"2\" data-y=\"25\" data-db-index=\"25\" class=\"fsize-18\" data-cell-type=\"text\" data-original-value=\"CONSEJO GENERAL DEL INSTITUTO ELECTORAL DEL ESTADO DE CAMPECHE\" data-order=\"CONSEJO GENERAL DEL INSTITUTO ELECTORAL DEL ESTADO DE CAMPECHE\" >CONSEJO GENERAL DEL INSTITUTO ELECTORAL DEL ESTADO DE CAMPECHE <\/td><td data-cell-id=\"D25\" data-x=\"3\" data-y=\"25\" data-db-index=\"25\" class=\"fsize-18\" data-cell-type=\"text\" data-original-value=\"&lt;a href=&quot;https:\/\/teec.org.mx\/web\/wp-content\/uploads\/2022\/11\/TEEC-JE-19-2022-07-11-2022.pdf&quot; target=&quot;_blank&quot;&gt;TEEC\/JE\/19\/2022 (ACUERDO DE RECEPCI\u00d3N Y RADICACI\u00d3N)&lt;\/a&gt;\" data-order=\"&lt;a href=&quot;https:\/\/teec.org.mx\/web\/wp-content\/uploads\/2022\/11\/TEEC-JE-19-2022-07-11-2022.pdf&quot; target=&quot;_blank&quot;&gt;TEEC\/JE\/19\/2022 (ACUERDO DE RECEPCI\u00d3N Y RADICACI\u00d3N)&lt;\/a&gt;\" ><a href=\"https:\/\/teec.org.mx\/web\/wp-content\/uploads\/2022\/11\/TEEC-JE-19-2022-07-11-2022.pdf\" target=\"_blank\">TEEC\/JE\/19\/2022 (ACUERDO DE RECEPCI\u00d3N Y RADICACI\u00d3N)<\/a><\/td><\/tr><tr style=\"height:px\" ><td data-cell-id=\"A26\" data-x=\"0\" data-y=\"26\" data-db-index=\"26\" class=\"fsize-18\" data-cell-type=\"text\" data-original-value=\"04 DE NOVIEMBRE DE 2022, A LAS 13:30 HORAS\" data-order=\"04 DE NOVIEMBRE DE 2022, A LAS 13:30 HORAS\" >04 DE NOVIEMBRE DE 2022, A LAS 13:30 HORAS <\/td><td data-cell-id=\"B26\" data-x=\"1\" data-y=\"26\" data-db-index=\"26\" class=\"fsize-18\" data-cell-type=\"text\" data-original-value=\"C\u00c9SAR ISMAEL MART\u00cdN EHU\u00c1N, REPRESENTANTE SUPLENTE DEL PARTIDO ACCI\u00d3N ACIONAL, ANTE EL CONSEJO GENERAL DEL INSTITUO ELECTORAL DEL ESTADO DE CAMPECHE\" data-order=\"C\u00c9SAR ISMAEL MART\u00cdN EHU\u00c1N, REPRESENTANTE SUPLENTE DEL PARTIDO ACCI\u00d3N ACIONAL, ANTE EL CONSEJO GENERAL DEL INSTITUO ELECTORAL DEL ESTADO DE CAMPECHE\" >C\u00c9SAR ISMAEL MART\u00cdN EHU\u00c1N, REPRESENTANTE SUPLENTE DEL PARTIDO ACCI\u00d3N ACIONAL, ANTE EL CONSEJO GENERAL DEL INSTITUO ELECTORAL DEL ESTADO DE CAMPECHE <\/td><td data-cell-id=\"C26\" data-x=\"2\" data-y=\"26\" data-db-index=\"26\" class=\"fsize-18\" data-cell-type=\"text\" data-original-value=\"CONSEJO GENERAL DEL INSTITUTO ELECTORAL DEL ESTADO DE CAMPECHE\" data-order=\"CONSEJO GENERAL DEL INSTITUTO ELECTORAL DEL ESTADO DE CAMPECHE\" >CONSEJO GENERAL DEL INSTITUTO ELECTORAL DEL ESTADO DE CAMPECHE <\/td><td data-cell-id=\"D26\" data-x=\"3\" data-y=\"26\" data-db-index=\"26\" class=\"fsize-18\" data-cell-type=\"text\" data-original-value=\"&lt;a href=&quot;https:\/\/teec.org.mx\/web\/wp-content\/uploads\/2022\/11\/TEEC-JE-19-2022-04-11-2022.pdf&quot; target=&quot;_blank&quot;&gt;TEEC\/JE\/19\/2022 (ACUERDO DE TURNO)&lt;\/a&gt;\" data-order=\"&lt;a href=&quot;https:\/\/teec.org.mx\/web\/wp-content\/uploads\/2022\/11\/TEEC-JE-19-2022-04-11-2022.pdf&quot; target=&quot;_blank&quot;&gt;TEEC\/JE\/19\/2022 (ACUERDO DE TURNO)&lt;\/a&gt;\" ><a href=\"https:\/\/teec.org.mx\/web\/wp-content\/uploads\/2022\/11\/TEEC-JE-19-2022-04-11-2022.pdf\" target=\"_blank\">TEEC\/JE\/19\/2022 (ACUERDO DE TURNO)<\/a><\/td><\/tr><tr style=\"height:px\" ><td data-cell-id=\"A27\" data-x=\"0\" data-y=\"27\" data-db-index=\"27\" class=\"fsize-18\" data-cell-type=\"text\" data-original-value=\"04 DE NOVIEMBRE DE 2022, A LAS 12:00 HORAS\" data-order=\"04 DE NOVIEMBRE DE 2022, A LAS 12:00 HORAS\" >04 DE NOVIEMBRE DE 2022, A LAS 12:00 HORAS <\/td><td data-cell-id=\"B27\" data-x=\"1\" data-y=\"27\" data-db-index=\"27\" class=\"fsize-18\" data-cell-type=\"text\" data-original-value=\"CLAUDIA G\u00d3NGORA RAM\u00cdREZ\" data-order=\"CLAUDIA G\u00d3NGORA RAM\u00cdREZ\" >CLAUDIA G\u00d3NGORA RAM\u00cdREZ <\/td><td data-cell-id=\"C27\" data-x=\"2\" data-y=\"27\" data-db-index=\"27\" class=\"fsize-18\" data-cell-type=\"text\" data-original-value=\"TRIBUNAL ELECTORAL DEL ESTADO DE CAMPECHE\" data-order=\"TRIBUNAL ELECTORAL DEL ESTADO DE CAMPECHE\" >TRIBUNAL ELECTORAL DEL ESTADO DE CAMPECHE <\/td><td data-cell-id=\"D27\" data-x=\"3\" data-y=\"27\" data-db-index=\"27\" class=\"fsize-18\" data-cell-type=\"text\" data-original-value=\"&lt;a href=&quot;https:\/\/teec.org.mx\/web\/wp-content\/uploads\/2022\/11\/TEEC-JE-18-2022-04-11-2022.pdf&quot; target=&quot;_blank&quot;&gt;TEEC\/JE\/18\/2022 (SE DA POR NOTIFICADO ESTE \u00d3RGANO JURISDICCIONAL LOCAL)&lt;\/a&gt;\" data-order=\"&lt;a href=&quot;https:\/\/teec.org.mx\/web\/wp-content\/uploads\/2022\/11\/TEEC-JE-18-2022-04-11-2022.pdf&quot; target=&quot;_blank&quot;&gt;TEEC\/JE\/18\/2022 (SE DA POR NOTIFICADO ESTE \u00d3RGANO JURISDICCIONAL LOCAL)&lt;\/a&gt;\" ><a href=\"https:\/\/teec.org.mx\/web\/wp-content\/uploads\/2022\/11\/TEEC-JE-18-2022-04-11-2022.pdf\" target=\"_blank\">TEEC\/JE\/18\/2022 (SE DA POR NOTIFICADO ESTE \u00d3RGANO JURISDICCIONAL LOCAL)<\/a><\/td><\/tr><tr style=\"height:px\" ><td data-cell-id=\"A28\" data-x=\"0\" data-y=\"28\" data-db-index=\"28\" class=\"fsize-18\" data-cell-type=\"text\" data-original-value=\"03 DE NOVIEMBRE DE 2022, A LAS 11:15 HORAS\" data-order=\"03 DE NOVIEMBRE DE 2022, A LAS 11:15 HORAS\" >03 DE NOVIEMBRE DE 2022, A LAS 11:15 HORAS <\/td><td data-cell-id=\"B28\" data-x=\"1\" data-y=\"28\" data-db-index=\"28\" class=\"fsize-18\" data-cell-type=\"text\" data-original-value=\"CLAUDIA G\u00d3NGORA RAM\u00cdREZ\" data-order=\"CLAUDIA G\u00d3NGORA RAM\u00cdREZ\" >CLAUDIA G\u00d3NGORA RAM\u00cdREZ <\/td><td data-cell-id=\"C28\" data-x=\"2\" data-y=\"28\" data-db-index=\"28\" class=\"fsize-18\" data-cell-type=\"text\" data-original-value=\"CONSEJO GENERAL DEL INSTITUTO ELECTORAL DEL ESTADO DE CAMPECHE\" data-order=\"CONSEJO GENERAL DEL INSTITUTO ELECTORAL DEL ESTADO DE CAMPECHE\" >CONSEJO GENERAL DEL INSTITUTO ELECTORAL DEL ESTADO DE CAMPECHE <\/td><td data-cell-id=\"D28\" data-x=\"3\" data-y=\"28\" data-db-index=\"28\" class=\"fsize-18\" data-cell-type=\"text\" data-original-value=\"&lt;a href=&quot;https:\/\/teec.org.mx\/web\/wp-content\/uploads\/2022\/11\/TEEC-JE-18-2022-03-11-2022.pdf&quot; target=&quot;_blank&quot;&gt;TEEC\/JE\/18\/2022 (RETIRO DE CEDULA DE PUBLITACION)&lt;\/a&gt;\" data-order=\"&lt;a href=&quot;https:\/\/teec.org.mx\/web\/wp-content\/uploads\/2022\/11\/TEEC-JE-18-2022-03-11-2022.pdf&quot; target=&quot;_blank&quot;&gt;TEEC\/JE\/18\/2022 (RETIRO DE CEDULA DE PUBLITACION)&lt;\/a&gt;\" ><a href=\"https:\/\/teec.org.mx\/web\/wp-content\/uploads\/2022\/11\/TEEC-JE-18-2022-03-11-2022.pdf\" target=\"_blank\">TEEC\/JE\/18\/2022 (RETIRO DE CEDULA DE PUBLITACION)<\/a><\/td><\/tr><tr style=\"height:px\" ><td data-cell-id=\"A29\" data-x=\"0\" data-y=\"29\" data-db-index=\"29\" class=\"fsize-18\" data-cell-type=\"text\" data-original-value=\"26 de OCTUBRE DE 2022, A LAS 10:00 HORAS\" data-order=\"26 de OCTUBRE DE 2022, A LAS 10:00 HORAS\" >26 de OCTUBRE DE 2022, A LAS 10:00 HORAS <\/td><td data-cell-id=\"B29\" data-x=\"1\" data-y=\"29\" data-db-index=\"29\" class=\"fsize-18\" data-cell-type=\"text\" data-original-value=\"CLAUDIA G\u00d3NGORA RAM\u00cdREZ\" data-order=\"CLAUDIA G\u00d3NGORA RAM\u00cdREZ\" >CLAUDIA G\u00d3NGORA RAM\u00cdREZ <\/td><td data-cell-id=\"C29\" data-x=\"2\" data-y=\"29\" data-db-index=\"29\" class=\"fsize-18\" data-cell-type=\"text\" data-original-value=\"TRIBUNAL ELECTORAL DEL ESTADO DE CAMPECHE\" data-order=\"TRIBUNAL ELECTORAL DEL ESTADO DE CAMPECHE\" >TRIBUNAL ELECTORAL DEL ESTADO DE CAMPECHE <\/td><td data-cell-id=\"D29\" data-x=\"3\" data-y=\"29\" data-db-index=\"29\" class=\"fsize-18\" data-cell-type=\"text\" data-original-value=\"&lt;a href=&quot;https:\/\/teec.org.mx\/web\/wp-content\/uploads\/2022\/10\/TEEC-JE-18-2022-26-10-2022.pdf&quot; target=&quot;_blank&quot;&gt;TEEC\/JE\/18\/2022 (SE DA TRAMITE AL MEDIO DE IMPUGNACION FEDERAL)&lt;\/a&gt;\" data-order=\"&lt;a href=&quot;https:\/\/teec.org.mx\/web\/wp-content\/uploads\/2022\/10\/TEEC-JE-18-2022-26-10-2022.pdf&quot; target=&quot;_blank&quot;&gt;TEEC\/JE\/18\/2022 (SE DA TRAMITE AL MEDIO DE IMPUGNACION FEDERAL)&lt;\/a&gt;\" ><a href=\"https:\/\/teec.org.mx\/web\/wp-content\/uploads\/2022\/10\/TEEC-JE-18-2022-26-10-2022.pdf\" target=\"_blank\">TEEC\/JE\/18\/2022 (SE DA TRAMITE AL MEDIO DE IMPUGNACION FEDERAL)<\/a><\/td><\/tr><tr style=\"height:px\" ><td data-cell-id=\"A30\" data-x=\"0\" data-y=\"30\" data-db-index=\"30\" class=\"fsize-18\" data-cell-type=\"text\" data-original-value=\"19 DE OCTUBRE DE 2022, A LAS 11:30 HORAS\" data-order=\"19 DE OCTUBRE DE 2022, A LAS 11:30 HORAS\" >19 DE OCTUBRE DE 2022, A LAS 11:30 HORAS <\/td><td data-cell-id=\"B30\" data-x=\"1\" data-y=\"30\" data-db-index=\"30\" class=\"fsize-18\" data-cell-type=\"text\" data-original-value=\"CLAUDIA G\u00d3NGORA RAM\u00cdREZ\" data-order=\"CLAUDIA G\u00d3NGORA RAM\u00cdREZ\" >CLAUDIA G\u00d3NGORA RAM\u00cdREZ <\/td><td data-cell-id=\"C30\" data-x=\"2\" data-y=\"30\" data-db-index=\"30\" class=\"fsize-18\" data-cell-type=\"text\" data-original-value=\"CONSEJO GENERAL DEL INSTITUTO ELECTORAL DEL ESTADO DE CAMPECHE\" data-order=\"CONSEJO GENERAL DEL INSTITUTO ELECTORAL DEL ESTADO DE CAMPECHE\" >CONSEJO GENERAL DEL INSTITUTO ELECTORAL DEL ESTADO DE CAMPECHE <\/td><td data-cell-id=\"D30\" data-x=\"3\" data-y=\"30\" data-db-index=\"30\" class=\"fsize-18\" data-cell-type=\"text\" data-original-value=\"&lt;a href=&quot;https:\/\/teec.org.mx\/web\/wp-content\/uploads\/2022\/10\/TEEC-JE-18-2022-sentencia-19-10-2022.pdf&quot; target=&quot;_blank&quot;&gt;TEEC\/JE\/18\/2022 (SENTENCIA)&lt;\/a&gt;\" data-order=\"&lt;a href=&quot;https:\/\/teec.org.mx\/web\/wp-content\/uploads\/2022\/10\/TEEC-JE-18-2022-sentencia-19-10-2022.pdf&quot; target=&quot;_blank&quot;&gt;TEEC\/JE\/18\/2022 (SENTENCIA)&lt;\/a&gt;\" ><a href=\"https:\/\/teec.org.mx\/web\/wp-content\/uploads\/2022\/10\/TEEC-JE-18-2022-sentencia-19-10-2022.pdf\" target=\"_blank\">TEEC\/JE\/18\/2022 (SENTENCIA)<\/a><\/td><\/tr><tr style=\"height:px\" ><td data-cell-id=\"A31\" data-x=\"0\" data-y=\"31\" data-db-index=\"31\" class=\"fsize-18\" data-cell-type=\"text\" data-original-value=\"18 DE OCTUBRE DE 2022, A LAS 10:00 HORAS\" data-order=\"18 DE OCTUBRE DE 2022, A LAS 10:00 HORAS\" >18 DE OCTUBRE DE 2022, A LAS 10:00 HORAS <\/td><td data-cell-id=\"B31\" data-x=\"1\" data-y=\"31\" data-db-index=\"31\" class=\"fsize-18\" data-cell-type=\"text\" data-original-value=\"LIRIO GUADALUPE SUAREZ AMENDOLA\" data-order=\"LIRIO GUADALUPE SUAREZ AMENDOLA\" >LIRIO GUADALUPE SUAREZ AMENDOLA <\/td><td data-cell-id=\"C31\" data-x=\"2\" data-y=\"31\" data-db-index=\"31\" class=\"fsize-18\" data-cell-type=\"text\" data-original-value=\"TRIBUNAL ELECTORAL DEL ESTADO DE CAMPECHE\" data-order=\"TRIBUNAL ELECTORAL DEL ESTADO DE CAMPECHE\" >TRIBUNAL ELECTORAL DEL ESTADO DE CAMPECHE <\/td><td data-cell-id=\"D31\" data-x=\"3\" data-y=\"31\" data-db-index=\"31\" class=\"fsize-18\" data-cell-type=\"text\" data-original-value=\"&lt;a href=&quot;https:\/\/teec.org.mx\/web\/wp-content\/uploads\/2022\/10\/TEEC-JE-9-2022-18-10-2022.pdf&quot; target=&quot;_blank&quot;&gt;TEEC\/JE\/9\/2022 Y ACUMULADOS TEEC\/JE\/10\/2022, TEEC\/JE\/11\/2022, TEEC\/JE\/12\/2022, TEEC\/JE\/13\/2022, TEEC\/JE\/14\/2022 Y TEEC\/JE\/15\/2022 (ACUERDO DE ACUMULACI\u00d3N)&lt;\/a&gt;\" data-order=\"&lt;a href=&quot;https:\/\/teec.org.mx\/web\/wp-content\/uploads\/2022\/10\/TEEC-JE-9-2022-18-10-2022.pdf&quot; target=&quot;_blank&quot;&gt;TEEC\/JE\/9\/2022 Y ACUMULADOS TEEC\/JE\/10\/2022, TEEC\/JE\/11\/2022, TEEC\/JE\/12\/2022, TEEC\/JE\/13\/2022, TEEC\/JE\/14\/2022 Y TEEC\/JE\/15\/2022 (ACUERDO DE ACUMULACI\u00d3N)&lt;\/a&gt;\" ><a href=\"https:\/\/teec.org.mx\/web\/wp-content\/uploads\/2022\/10\/TEEC-JE-9-2022-18-10-2022.pdf\" target=\"_blank\">TEEC\/JE\/9\/2022 Y ACUMULADOS TEEC\/JE\/10\/2022, TEEC\/JE\/11\/2022, TEEC\/JE\/12\/2022, TEEC\/JE\/13\/2022, TEEC\/JE\/14\/2022 Y TEEC\/JE\/15\/2022 (ACUERDO DE ACUMULACI\u00d3N)<\/a><\/td><\/tr><tr style=\"height:px\" ><td data-cell-id=\"A32\" data-x=\"0\" data-y=\"32\" data-db-index=\"32\" class=\"fsize-18\" data-cell-type=\"text\" data-original-value=\"17 DE OCTUBRE DE 2022, A LAS 11:00 HORAS\" data-order=\"17 DE OCTUBRE DE 2022, A LAS 11:00 HORAS\" >17 DE OCTUBRE DE 2022, A LAS 11:00 HORAS <\/td><td data-cell-id=\"B32\" data-x=\"1\" data-y=\"32\" data-db-index=\"32\" class=\"fsize-18\" data-cell-type=\"text\" data-original-value=\"CLAUDIA G\u00d3NGORA RAM\u00cdREZ\" data-order=\"CLAUDIA G\u00d3NGORA RAM\u00cdREZ\" >CLAUDIA G\u00d3NGORA RAM\u00cdREZ <\/td><td data-cell-id=\"C32\" data-x=\"2\" data-y=\"32\" data-db-index=\"32\" class=\"fsize-18\" data-cell-type=\"text\" data-original-value=\"CONSEJO GENERAL DEL INSTITUTO ELECTORAL DEL ESTADO DE CAMPECHE\" data-order=\"CONSEJO GENERAL DEL INSTITUTO ELECTORAL DEL ESTADO DE CAMPECHE\" >CONSEJO GENERAL DEL INSTITUTO ELECTORAL DEL ESTADO DE CAMPECHE <\/td><td data-cell-id=\"D32\" data-x=\"3\" data-y=\"32\" data-db-index=\"32\" class=\"fsize-18\" data-cell-type=\"text\" data-original-value=\"&lt;a href=&quot;https:\/\/teec.org.mx\/web\/wp-content\/uploads\/2022\/10\/TEEC-JE-18-2022-17-10-2022.pdf&quot; target=&quot;_blank&quot;&gt;TEEC\/JE\/18\/2022 (SE FIJA FECHA Y HORA DE SESION PUBLICA VIRTUAL)&lt;\/a&gt;\" data-order=\"&lt;a href=&quot;https:\/\/teec.org.mx\/web\/wp-content\/uploads\/2022\/10\/TEEC-JE-18-2022-17-10-2022.pdf&quot; target=&quot;_blank&quot;&gt;TEEC\/JE\/18\/2022 (SE FIJA FECHA Y HORA DE SESION PUBLICA VIRTUAL)&lt;\/a&gt;\" ><a href=\"https:\/\/teec.org.mx\/web\/wp-content\/uploads\/2022\/10\/TEEC-JE-18-2022-17-10-2022.pdf\" target=\"_blank\">TEEC\/JE\/18\/2022 (SE FIJA FECHA Y HORA DE SESION PUBLICA VIRTUAL)<\/a><\/td><\/tr><tr style=\"height:px\" ><td data-cell-id=\"A33\" data-x=\"0\" data-y=\"33\" data-db-index=\"33\" class=\"fsize-18\" data-cell-type=\"text\" data-original-value=\"14 DE OCTUBRE DE 2022, A LAS 14:15 HORAS\" data-order=\"14 DE OCTUBRE DE 2022, A LAS 14:15 HORAS\" >14 DE OCTUBRE DE 2022, A LAS 14:15 HORAS <\/td><td data-cell-id=\"B33\" data-x=\"1\" data-y=\"33\" data-db-index=\"33\" class=\"fsize-18\" data-cell-type=\"text\" data-original-value=\"CLAUDIA G\u00d3NGORA RAM\u00cdREZ\" data-order=\"CLAUDIA G\u00d3NGORA RAM\u00cdREZ\" >CLAUDIA G\u00d3NGORA RAM\u00cdREZ <\/td><td data-cell-id=\"C33\" data-x=\"2\" data-y=\"33\" data-db-index=\"33\" class=\"fsize-18\" data-cell-type=\"text\" data-original-value=\"CONSEJO GENERAL DEL INSTITUTO ELECTORAL DEL ESTADO DE CAMPECHE\" data-order=\"CONSEJO GENERAL DEL INSTITUTO ELECTORAL DEL ESTADO DE CAMPECHE\" >CONSEJO GENERAL DEL INSTITUTO ELECTORAL DEL ESTADO DE CAMPECHE <\/td><td data-cell-id=\"D33\" data-x=\"3\" data-y=\"33\" data-db-index=\"33\" class=\"fsize-18\" data-cell-type=\"text\" data-original-value=\"&lt;a href=&quot;https:\/\/teec.org.mx\/web\/wp-content\/uploads\/2022\/10\/TEEC-JE-18-2022-2do-acu.-14-10-2022.pdf&quot; target=&quot;_blank&quot;&gt;TEEC\/JE\/18\/2022 (ACUERDO ACUMULACION, CIERRE DE INSTRUCCI\u00d3N Y SOLICITUD DE FECHA Y HORA DE SESION)&lt;\/a&gt;\" data-order=\"&lt;a href=&quot;https:\/\/teec.org.mx\/web\/wp-content\/uploads\/2022\/10\/TEEC-JE-18-2022-2do-acu.-14-10-2022.pdf&quot; target=&quot;_blank&quot;&gt;TEEC\/JE\/18\/2022 (ACUERDO ACUMULACION, CIERRE DE INSTRUCCI\u00d3N Y SOLICITUD DE FECHA Y HORA DE SESION)&lt;\/a&gt;\" ><a href=\"https:\/\/teec.org.mx\/web\/wp-content\/uploads\/2022\/10\/TEEC-JE-18-2022-2do-acu.-14-10-2022.pdf\" target=\"_blank\">TEEC\/JE\/18\/2022 (ACUERDO ACUMULACION, CIERRE DE INSTRUCCI\u00d3N Y SOLICITUD DE FECHA Y HORA DE SESION)<\/a><\/td><\/tr><tr style=\"height:px\" ><td data-cell-id=\"A34\" data-x=\"0\" data-y=\"34\" data-db-index=\"34\" class=\"fsize-18\" data-cell-type=\"text\" data-original-value=\"14 DE OCTUBRE DE 2022, A LAS 13:00 HORAS\" data-order=\"14 DE OCTUBRE DE 2022, A LAS 13:00 HORAS\" >14 DE OCTUBRE DE 2022, A LAS 13:00 HORAS <\/td><td data-cell-id=\"B34\" data-x=\"1\" data-y=\"34\" data-db-index=\"34\" class=\"fsize-18\" data-cell-type=\"text\" data-original-value=\"CLAUDIA G\u00d3NGORA RAM\u00cdREZ\" data-order=\"CLAUDIA G\u00d3NGORA RAM\u00cdREZ\" >CLAUDIA G\u00d3NGORA RAM\u00cdREZ <\/td><td data-cell-id=\"C34\" data-x=\"2\" data-y=\"34\" data-db-index=\"34\" class=\"fsize-18\" data-cell-type=\"text\" data-original-value=\"CONSEJO GENERAL DEL INSTITUTO ELECTORAL DEL ESTADO DE CAMPECHE\" data-order=\"CONSEJO GENERAL DEL INSTITUTO ELECTORAL DEL ESTADO DE CAMPECHE\" >CONSEJO GENERAL DEL INSTITUTO ELECTORAL DEL ESTADO DE CAMPECHE <\/td><td data-cell-id=\"D34\" data-x=\"3\" data-y=\"34\" data-db-index=\"34\" class=\"fsize-18\" data-cell-type=\"text\" data-original-value=\"&lt;a href=&quot;https:\/\/teec.org.mx\/web\/wp-content\/uploads\/2022\/10\/TEEC-JE-18-2022-14-10-2022.pdf&quot; target=&quot;_blank&quot;&gt;TEEC\/JE\/18\/2022 (ACUERDO DE TURNO DE DOCUMENTACION)&lt;\/a&gt;\" data-order=\"&lt;a href=&quot;https:\/\/teec.org.mx\/web\/wp-content\/uploads\/2022\/10\/TEEC-JE-18-2022-14-10-2022.pdf&quot; target=&quot;_blank&quot;&gt;TEEC\/JE\/18\/2022 (ACUERDO DE TURNO DE DOCUMENTACION)&lt;\/a&gt;\" ><a href=\"https:\/\/teec.org.mx\/web\/wp-content\/uploads\/2022\/10\/TEEC-JE-18-2022-14-10-2022.pdf\" target=\"_blank\">TEEC\/JE\/18\/2022 (ACUERDO DE TURNO DE DOCUMENTACION)<\/a><\/td><\/tr><tr style=\"height:px\" ><td data-cell-id=\"A35\" data-x=\"0\" data-y=\"35\" data-db-index=\"35\" class=\"fsize-18\" data-cell-type=\"text\" data-original-value=\"10 DE OCTUBRE DE 2022, A LAS 12:00 HORAS\" data-order=\"10 DE OCTUBRE DE 2022, A LAS 12:00 HORAS\" >10 DE OCTUBRE DE 2022, A LAS 12:00 HORAS <\/td><td data-cell-id=\"B35\" data-x=\"1\" data-y=\"35\" data-db-index=\"35\" class=\"fsize-18\" data-cell-type=\"text\" data-original-value=\"LIRIO GUADALUPE SUAREZ AM\u00c9NDOLA\" data-order=\"LIRIO GUADALUPE SUAREZ AM\u00c9NDOLA\" >LIRIO GUADALUPE SUAREZ AM\u00c9NDOLA <\/td><td data-cell-id=\"C35\" data-x=\"2\" data-y=\"35\" data-db-index=\"35\" class=\"fsize-18\" data-cell-type=\"text\" data-original-value=\"TRIBUNAL ELECTORAL DEL ESTADO DE CAMPECHE\" data-order=\"TRIBUNAL ELECTORAL DEL ESTADO DE CAMPECHE\" >TRIBUNAL ELECTORAL DEL ESTADO DE CAMPECHE <\/td><td data-cell-id=\"D35\" data-x=\"3\" data-y=\"35\" data-db-index=\"35\" class=\"fsize-18\" data-cell-type=\"text\" data-original-value=\"&lt;a href=&quot;https:\/\/teec.org.mx\/web\/wp-content\/uploads\/2022\/10\/TEEC-JE-8-2022-10-10-2022.pdf&quot; target=&quot;_blank&quot;&gt;TEEC\/JE\/8\/2022 (SE DA POR NOTIFICADO ESTE \u00d3RGANO JURISDICCIONAL ELECTORAL LOCAL)&lt;\/a&gt;\" data-order=\"&lt;a href=&quot;https:\/\/teec.org.mx\/web\/wp-content\/uploads\/2022\/10\/TEEC-JE-8-2022-10-10-2022.pdf&quot; target=&quot;_blank&quot;&gt;TEEC\/JE\/8\/2022 (SE DA POR NOTIFICADO ESTE \u00d3RGANO JURISDICCIONAL ELECTORAL LOCAL)&lt;\/a&gt;\" ><a href=\"https:\/\/teec.org.mx\/web\/wp-content\/uploads\/2022\/10\/TEEC-JE-8-2022-10-10-2022.pdf\" target=\"_blank\">TEEC\/JE\/8\/2022 (SE DA POR NOTIFICADO ESTE \u00d3RGANO JURISDICCIONAL ELECTORAL LOCAL)<\/a><\/td><\/tr><tr style=\"height:px\" ><td data-cell-id=\"A36\" data-x=\"0\" data-y=\"36\" data-db-index=\"36\" class=\"fsize-18\" data-cell-type=\"text\" data-original-value=\"29 DE SEPTIEMBRE DE 2022, A LAS 10:00 HORAS\" data-order=\"29 DE SEPTIEMBRE DE 2022, A LAS 10:00 HORAS\" >29 DE SEPTIEMBRE DE 2022, A LAS 10:00 HORAS <\/td><td data-cell-id=\"B36\" data-x=\"1\" data-y=\"36\" data-db-index=\"36\" class=\"fsize-18\" data-cell-type=\"text\" data-original-value=\"JOS\u00c9 DEL CARMEN SEGOVIA CRUZ, QUIEN SE OSTENTA COMO DIRIGENTE DEL PARTIDO DE LA REVOLUCI\u00d3N DEMOCR\u00c1TICA EN CAMPECHE\" data-order=\"JOS\u00c9 DEL CARMEN SEGOVIA CRUZ, QUIEN SE OSTENTA COMO DIRIGENTE DEL PARTIDO DE LA REVOLUCI\u00d3N DEMOCR\u00c1TICA EN CAMPECHE\" >JOS\u00c9 DEL CARMEN SEGOVIA CRUZ, QUIEN SE OSTENTA COMO DIRIGENTE DEL PARTIDO DE LA REVOLUCI\u00d3N DEMOCR\u00c1TICA EN CAMPECHE <\/td><td data-cell-id=\"C36\" data-x=\"2\" data-y=\"36\" data-db-index=\"36\" class=\"fsize-18\" data-cell-type=\"text\" data-original-value=\"INSTITUTO ELECTORAL DEL ESTADO DE CAMPECHE\" data-order=\"INSTITUTO ELECTORAL DEL ESTADO DE CAMPECHE\" >INSTITUTO ELECTORAL DEL ESTADO DE CAMPECHE <\/td><td data-cell-id=\"D36\" data-x=\"3\" data-y=\"36\" data-db-index=\"36\" class=\"fsize-18\" data-cell-type=\"text\" data-original-value=\"&lt;a href=&quot;https:\/\/teec.org.mx\/web\/wp-content\/uploads\/2022\/09\/TEEC-JE-1-2022-29-09-2022.pdf&quot; target=&quot;_blank&quot;&gt;TEEC\/JE\/1\/2022 (ACUERDO DE ACUMULACI\u00d3N)&lt;\/a&gt;\" data-order=\"&lt;a href=&quot;https:\/\/teec.org.mx\/web\/wp-content\/uploads\/2022\/09\/TEEC-JE-1-2022-29-09-2022.pdf&quot; target=&quot;_blank&quot;&gt;TEEC\/JE\/1\/2022 (ACUERDO DE ACUMULACI\u00d3N)&lt;\/a&gt;\" ><a href=\"https:\/\/teec.org.mx\/web\/wp-content\/uploads\/2022\/09\/TEEC-JE-1-2022-29-09-2022.pdf\" target=\"_blank\">TEEC\/JE\/1\/2022 (ACUERDO DE ACUMULACI\u00d3N)<\/a><\/td><\/tr><tr style=\"height:px\" ><td data-cell-id=\"A37\" data-x=\"0\" data-y=\"37\" data-db-index=\"37\" class=\"fsize-18\" data-cell-type=\"text\" data-original-value=\"28 DE SEPTIEMBRE DE 2022, A LAS 10:40 HORAS\" data-order=\"28 DE SEPTIEMBRE DE 2022, A LAS 10:40 HORAS\" >28 DE SEPTIEMBRE DE 2022, A LAS 10:40 HORAS <\/td><td data-cell-id=\"B37\" data-x=\"1\" data-y=\"37\" data-db-index=\"37\" class=\"fsize-18\" data-cell-type=\"text\" data-original-value=\"JOS\u00c9 DEL CARMEN SEGOVIA CRUZ, QUIEN SE OSTENTA COMO DIRIGENTE DEL PARTIDO DE LA REVOLUCI\u00d3N DEMOCR\u00c1TICA EN CAMPECHE\" data-order=\"JOS\u00c9 DEL CARMEN SEGOVIA CRUZ, QUIEN SE OSTENTA COMO DIRIGENTE DEL PARTIDO DE LA REVOLUCI\u00d3N DEMOCR\u00c1TICA EN CAMPECHE\" >JOS\u00c9 DEL CARMEN SEGOVIA CRUZ, QUIEN SE OSTENTA COMO DIRIGENTE DEL PARTIDO DE LA REVOLUCI\u00d3N DEMOCR\u00c1TICA EN CAMPECHE <\/td><td data-cell-id=\"C37\" data-x=\"2\" data-y=\"37\" data-db-index=\"37\" class=\"fsize-18\" data-cell-type=\"text\" data-original-value=\"INSTITUTO ELECTORAL DEL ESTADO DE CAMPECHE\" data-order=\"INSTITUTO ELECTORAL DEL ESTADO DE CAMPECHE\" >INSTITUTO ELECTORAL DEL ESTADO DE CAMPECHE <\/td><td data-cell-id=\"D37\" data-x=\"3\" data-y=\"37\" data-db-index=\"37\" class=\"fsize-18\" data-cell-type=\"text\" data-original-value=\"&lt;a href=&quot;https:\/\/teec.org.mx\/web\/wp-content\/uploads\/2022\/09\/TEEC-JE-1-2022-28-09-2022.pdf&quot; target=&quot;_blank&quot;&gt;TEEC\/JE\/1\/2022 (ACUERDO DE TURNO DE DOCUMENTACI\u00d3N)&lt;\/a&gt;\" data-order=\"&lt;a href=&quot;https:\/\/teec.org.mx\/web\/wp-content\/uploads\/2022\/09\/TEEC-JE-1-2022-28-09-2022.pdf&quot; target=&quot;_blank&quot;&gt;TEEC\/JE\/1\/2022 (ACUERDO DE TURNO DE DOCUMENTACI\u00d3N)&lt;\/a&gt;\" ><a href=\"https:\/\/teec.org.mx\/web\/wp-content\/uploads\/2022\/09\/TEEC-JE-1-2022-28-09-2022.pdf\" target=\"_blank\">TEEC\/JE\/1\/2022 (ACUERDO DE TURNO DE DOCUMENTACI\u00d3N)<\/a><\/td><\/tr><tr style=\"height:px\" ><td data-cell-id=\"A38\" data-x=\"0\" data-y=\"38\" data-db-index=\"38\" class=\"fsize-18\" data-cell-type=\"text\" data-original-value=\"27 DE SEPTIEMBRE DE 2022, A LAS 12:30 HORAS\" data-order=\"27 DE SEPTIEMBRE DE 2022, A LAS 12:30 HORAS\" >27 DE SEPTIEMBRE DE 2022, A LAS 12:30 HORAS <\/td><td data-cell-id=\"B38\" data-x=\"1\" data-y=\"38\" data-db-index=\"38\" class=\"fsize-18\" data-cell-type=\"text\" data-original-value=\"CLAUDIA G\u00d3NGORA RAM\u00cdREZ\" data-order=\"CLAUDIA G\u00d3NGORA RAM\u00cdREZ\" >CLAUDIA G\u00d3NGORA RAM\u00cdREZ <\/td><td data-cell-id=\"C38\" data-x=\"2\" data-y=\"38\" data-db-index=\"38\" class=\"fsize-18\" data-cell-type=\"text\" data-original-value=\"CONSEJO GENERAL DEL INSTITUTO ELECTORAL DEL ESTADO DE CAMPECHE\" data-order=\"CONSEJO GENERAL DEL INSTITUTO ELECTORAL DEL ESTADO DE CAMPECHE\" >CONSEJO GENERAL DEL INSTITUTO ELECTORAL DEL ESTADO DE CAMPECHE <\/td><td data-cell-id=\"D38\" data-x=\"3\" data-y=\"38\" data-db-index=\"38\" class=\"fsize-18\" data-cell-type=\"text\" data-original-value=\"&lt;a href=&quot;https:\/\/teec.org.mx\/web\/wp-content\/uploads\/2022\/09\/TEEC-JE-18-2022-27-09-2022.pdf&quot; target=&quot;_blank&quot;&gt;TEEC\/JE\/18\/2022 (ACUERDO DE ADMISI\u00d3N)&lt;\/a&gt;\" data-order=\"&lt;a href=&quot;https:\/\/teec.org.mx\/web\/wp-content\/uploads\/2022\/09\/TEEC-JE-18-2022-27-09-2022.pdf&quot; target=&quot;_blank&quot;&gt;TEEC\/JE\/18\/2022 (ACUERDO DE ADMISI\u00d3N)&lt;\/a&gt;\" ><a href=\"https:\/\/teec.org.mx\/web\/wp-content\/uploads\/2022\/09\/TEEC-JE-18-2022-27-09-2022.pdf\" target=\"_blank\">TEEC\/JE\/18\/2022 (ACUERDO DE ADMISI\u00d3N)<\/a><\/td><\/tr><tr style=\"height:px\" ><td data-cell-id=\"A39\" data-x=\"0\" data-y=\"39\" data-db-index=\"39\" class=\"fsize-18\" data-cell-type=\"text\" data-original-value=\"26 DE SEPTIEMBRE DE 2022, A LAS 13:30 HORAS\" data-order=\"26 DE SEPTIEMBRE DE 2022, A LAS 13:30 HORAS\" >26 DE SEPTIEMBRE DE 2022, A LAS 13:30 HORAS <\/td><td data-cell-id=\"B39\" data-x=\"1\" data-y=\"39\" data-db-index=\"39\" class=\"fsize-18\" data-cell-type=\"text\" data-original-value=\"FABIOLA MAULE\u00d3N PEREZ, EN SU CALIDAD DE SECRETARIA EJECUTIVA DEL CONSEJO GENERAL DEL INSTITUTO ELECTORAL DEL ESTADO DE CAMPECHE, POR PROPIO Y PERSONAL DERECHO\" data-order=\"FABIOLA MAULE\u00d3N PEREZ, EN SU CALIDAD DE SECRETARIA EJECUTIVA DEL CONSEJO GENERAL DEL INSTITUTO ELECTORAL DEL ESTADO DE CAMPECHE, POR PROPIO Y PERSONAL DERECHO\" >FABIOLA MAULE\u00d3N PEREZ, EN SU CALIDAD DE SECRETARIA EJECUTIVA DEL CONSEJO GENERAL DEL INSTITUTO ELECTORAL DEL ESTADO DE CAMPECHE, POR PROPIO Y PERSONAL DERECHO <\/td><td data-cell-id=\"C39\" data-x=\"2\" data-y=\"39\" data-db-index=\"39\" class=\"fsize-18\" data-cell-type=\"text\" data-original-value=\"TRIBUNAL ELECTORAL DEL ESTADO DE CAMPECHE\" data-order=\"TRIBUNAL ELECTORAL DEL ESTADO DE CAMPECHE\" >TRIBUNAL ELECTORAL DEL ESTADO DE CAMPECHE <\/td><td data-cell-id=\"D39\" data-x=\"3\" data-y=\"39\" data-db-index=\"39\" class=\"fsize-18\" data-cell-type=\"text\" data-original-value=\"&lt;a href=&quot;https:\/\/teec.org.mx\/web\/wp-content\/uploads\/2022\/09\/TEEC-JE-8-2022-26-09-2022.pdf&quot; target=&quot;_blank&quot;&gt;TEEC\/JE\/8\/2022 (EXPEDIENTE FEDERAL: SX-JE-140\/2022, SE DA POR NOTIFICADO ESTE \u00d3RGANO JURISDICCIONAL ELECTORAL)&lt;\/a&gt;\" data-order=\"&lt;a href=&quot;https:\/\/teec.org.mx\/web\/wp-content\/uploads\/2022\/09\/TEEC-JE-8-2022-26-09-2022.pdf&quot; target=&quot;_blank&quot;&gt;TEEC\/JE\/8\/2022 (EXPEDIENTE FEDERAL: SX-JE-140\/2022, SE DA POR NOTIFICADO ESTE \u00d3RGANO JURISDICCIONAL ELECTORAL)&lt;\/a&gt;\" ><a href=\"https:\/\/teec.org.mx\/web\/wp-content\/uploads\/2022\/09\/TEEC-JE-8-2022-26-09-2022.pdf\" target=\"_blank\">TEEC\/JE\/8\/2022 (EXPEDIENTE FEDERAL: SX-JE-140\/2022, SE DA POR NOTIFICADO ESTE \u00d3RGANO JURISDICCIONAL ELECTORAL)<\/a><\/td><\/tr><tr style=\"height:px\" ><td data-cell-id=\"A40\" data-x=\"0\" data-y=\"40\" data-db-index=\"40\" class=\"fsize-18\" data-cell-type=\"text\" data-original-value=\"22 DE SEPTIEMBRE DE 2022, A LAS 14:45 HORAS\" data-order=\"22 DE SEPTIEMBRE DE 2022, A LAS 14:45 HORAS\" >22 DE SEPTIEMBRE DE 2022, A LAS 14:45 HORAS <\/td><td data-cell-id=\"B40\" data-x=\"1\" data-y=\"40\" data-db-index=\"40\" class=\"fsize-18\" data-cell-type=\"text\" data-original-value=\"JUAN CARLOS MENA ZAPATA Y OTROS\" data-order=\"JUAN CARLOS MENA ZAPATA Y OTROS\" >JUAN CARLOS MENA ZAPATA Y OTROS <\/td><td data-cell-id=\"C40\" data-x=\"2\" data-y=\"40\" data-db-index=\"40\" class=\"fsize-18\" data-cell-type=\"text\" data-original-value=\"INSTITUTO ELECTORAL DEL ESTADO DE CAMPECHE\" data-order=\"INSTITUTO ELECTORAL DEL ESTADO DE CAMPECHE\" >INSTITUTO ELECTORAL DEL ESTADO DE CAMPECHE <\/td><td data-cell-id=\"D40\" data-x=\"3\" data-y=\"40\" data-db-index=\"40\" class=\"fsize-18\" data-cell-type=\"text\" data-original-value=\"&lt;a href=&quot;https:\/\/teec.org.mx\/web\/wp-content\/uploads\/2022\/09\/TEEC-JE-7-2022-2do-acu.-22-09-2022.pdf&quot; target=&quot;_blank&quot;&gt;TEEC\/JE\/7\/2022 (SE ORDENA EXPEDIR COPIAS DIGITALES)&lt;\/a&gt;\" data-order=\"&lt;a href=&quot;https:\/\/teec.org.mx\/web\/wp-content\/uploads\/2022\/09\/TEEC-JE-7-2022-2do-acu.-22-09-2022.pdf&quot; target=&quot;_blank&quot;&gt;TEEC\/JE\/7\/2022 (SE ORDENA EXPEDIR COPIAS DIGITALES)&lt;\/a&gt;\" ><a href=\"https:\/\/teec.org.mx\/web\/wp-content\/uploads\/2022\/09\/TEEC-JE-7-2022-2do-acu.-22-09-2022.pdf\" target=\"_blank\">TEEC\/JE\/7\/2022 (SE ORDENA EXPEDIR COPIAS DIGITALES)<\/a><\/td><\/tr><tr style=\"height:px\" ><td data-cell-id=\"A41\" data-x=\"0\" data-y=\"41\" data-db-index=\"41\" class=\"fsize-18\" data-cell-type=\"text\" data-original-value=\"22 DE SEPTIEMBRE DE 2022, A LAS 14:20 HORAS\" data-order=\"22 DE SEPTIEMBRE DE 2022, A LAS 14:20 HORAS\" >22 DE SEPTIEMBRE DE 2022, A LAS 14:20 HORAS <\/td><td data-cell-id=\"B41\" data-x=\"1\" data-y=\"41\" data-db-index=\"41\" class=\"fsize-18\" data-cell-type=\"text\" data-original-value=\"CONSEJERA PRESIDENTA DEL CONSEJO GENERAL DEL INSTITUTO ELECTORAL DEL ESTADO DE CAMPECHE\" data-order=\"CONSEJERA PRESIDENTA DEL CONSEJO GENERAL DEL INSTITUTO ELECTORAL DEL ESTADO DE CAMPECHE\" >CONSEJERA PRESIDENTA DEL CONSEJO GENERAL DEL INSTITUTO ELECTORAL DEL ESTADO DE CAMPECHE <\/td><td data-cell-id=\"C41\" data-x=\"2\" data-y=\"41\" data-db-index=\"41\" class=\"fsize-18\" data-cell-type=\"text\" data-original-value=\"TRIBUNAL ELECTORAL DEL ESTADO DE CAMPECHE\" data-order=\"TRIBUNAL ELECTORAL DEL ESTADO DE CAMPECHE\" >TRIBUNAL ELECTORAL DEL ESTADO DE CAMPECHE <\/td><td data-cell-id=\"D41\" data-x=\"3\" data-y=\"41\" data-db-index=\"41\" class=\"fsize-18\" data-cell-type=\"text\" data-original-value=\"&lt;a href=&quot;https:\/\/teec.org.mx\/web\/wp-content\/uploads\/2022\/09\/TEEC-JE-9-2022-22-09-2022.pdf&quot; target=&quot;_blank&quot;&gt;TEEC\/JE\/9\/2022 Y ACUMULADOS TEEC\/JE\/10\/2022, TEEC\/JE\/11\/2022, TEEC\/JE\/12\/2022, TEEC\/JE\/13\/2022, TEEC\/JE\/14\/2022 Y TEEC\/JE\/15\/2022 (EXPEDIENTE FEDERAL: SUP-JE\/296-2022, SE DA POR NOTIFICADO ESTE \u00d3RGANO JURISDICCIONAL LOCAL)&lt;\/a&gt;\" data-order=\"&lt;a href=&quot;https:\/\/teec.org.mx\/web\/wp-content\/uploads\/2022\/09\/TEEC-JE-9-2022-22-09-2022.pdf&quot; target=&quot;_blank&quot;&gt;TEEC\/JE\/9\/2022 Y ACUMULADOS TEEC\/JE\/10\/2022, TEEC\/JE\/11\/2022, TEEC\/JE\/12\/2022, TEEC\/JE\/13\/2022, TEEC\/JE\/14\/2022 Y TEEC\/JE\/15\/2022 (EXPEDIENTE FEDERAL: SUP-JE\/296-2022, SE DA POR NOTIFICADO ESTE \u00d3RGANO JURISDICCIONAL LOCAL)&lt;\/a&gt;\" ><a href=\"https:\/\/teec.org.mx\/web\/wp-content\/uploads\/2022\/09\/TEEC-JE-9-2022-22-09-2022.pdf\" target=\"_blank\">TEEC\/JE\/9\/2022 Y ACUMULADOS TEEC\/JE\/10\/2022, TEEC\/JE\/11\/2022, TEEC\/JE\/12\/2022, TEEC\/JE\/13\/2022, TEEC\/JE\/14\/2022 Y TEEC\/JE\/15\/2022 (EXPEDIENTE FEDERAL: SUP-JE\/296-2022, SE DA POR NOTIFICADO ESTE \u00d3RGANO JURISDICCIONAL LOCAL)<\/a><\/td><\/tr><tr style=\"height:px\" ><td data-cell-id=\"A42\" data-x=\"0\" data-y=\"42\" data-db-index=\"42\" class=\"fsize-18\" data-cell-type=\"text\" data-original-value=\"22 DE SEPTIEMBRE DE 2022, A LAS 13:55 HORAS\" data-order=\"22 DE SEPTIEMBRE DE 2022, A LAS 13:55 HORAS\" >22 DE SEPTIEMBRE DE 2022, A LAS 13:55 HORAS <\/td><td data-cell-id=\"B42\" data-x=\"1\" data-y=\"42\" data-db-index=\"42\" class=\"fsize-18\" data-cell-type=\"text\" data-original-value=\"JUAN CARLOS MENA ZAPATA Y OTROS\" data-order=\"JUAN CARLOS MENA ZAPATA Y OTROS\" >JUAN CARLOS MENA ZAPATA Y OTROS <\/td><td data-cell-id=\"C42\" data-x=\"2\" data-y=\"42\" data-db-index=\"42\" class=\"fsize-18\" data-cell-type=\"text\" data-original-value=\"INSTITUTO ELECTORAL DEL ESTADO DE CAMPECHE\" data-order=\"INSTITUTO ELECTORAL DEL ESTADO DE CAMPECHE\" >INSTITUTO ELECTORAL DEL ESTADO DE CAMPECHE <\/td><td data-cell-id=\"D42\" data-x=\"3\" data-y=\"42\" data-db-index=\"42\" class=\"fsize-18\" data-cell-type=\"text\" data-original-value=\"&lt;a href=&quot;https:\/\/teec.org.mx\/web\/wp-content\/uploads\/2022\/09\/TEEC-JE-7-2022-22-09-2022.pdf&quot; target=&quot;_blank&quot;&gt;TEEC\/JE\/7\/2022 (ACUERDO DE TURNO DE DOCUMENTACI\u00d3N)&lt;\/a&gt;\" data-order=\"&lt;a href=&quot;https:\/\/teec.org.mx\/web\/wp-content\/uploads\/2022\/09\/TEEC-JE-7-2022-22-09-2022.pdf&quot; target=&quot;_blank&quot;&gt;TEEC\/JE\/7\/2022 (ACUERDO DE TURNO DE DOCUMENTACI\u00d3N)&lt;\/a&gt;\" ><a href=\"https:\/\/teec.org.mx\/web\/wp-content\/uploads\/2022\/09\/TEEC-JE-7-2022-22-09-2022.pdf\" target=\"_blank\">TEEC\/JE\/7\/2022 (ACUERDO DE TURNO DE DOCUMENTACI\u00d3N)<\/a><\/td><\/tr><tr style=\"height:px\" ><td data-cell-id=\"A43\" data-x=\"0\" data-y=\"43\" data-db-index=\"43\" class=\"fsize-18\" data-cell-type=\"text\" data-original-value=\"21 DE SEPTIEMBRE DE 2022, A LAS 14:15 HORAS\" data-order=\"21 DE SEPTIEMBRE DE 2022, A LAS 14:15 HORAS\" >21 DE SEPTIEMBRE DE 2022, A LAS 14:15 HORAS <\/td><td data-cell-id=\"B43\" data-x=\"1\" data-y=\"43\" data-db-index=\"43\" class=\"fsize-18\" data-cell-type=\"text\" data-original-value=\"CLAUDIA G\u00d3NGORA RAM\u00cdREZ\" data-order=\"CLAUDIA G\u00d3NGORA RAM\u00cdREZ\" >CLAUDIA G\u00d3NGORA RAM\u00cdREZ <\/td><td data-cell-id=\"C43\" data-x=\"2\" data-y=\"43\" data-db-index=\"43\" class=\"fsize-18\" data-cell-type=\"text\" data-original-value=\"CONSEJO GENERAL DEL INSTITUTO ELECTORAL DEL ESTADO DE CAMPECHE\" data-order=\"CONSEJO GENERAL DEL INSTITUTO ELECTORAL DEL ESTADO DE CAMPECHE\" >CONSEJO GENERAL DEL INSTITUTO ELECTORAL DEL ESTADO DE CAMPECHE <\/td><td data-cell-id=\"D43\" data-x=\"3\" data-y=\"43\" data-db-index=\"43\" class=\"fsize-18\" data-cell-type=\"text\" data-original-value=\"&lt;a href=&quot;https:\/\/teec.org.mx\/web\/wp-content\/uploads\/2022\/09\/TEEC-JE-18-2022-21-09-2022.pdf&quot; target=&quot;_blank&quot;&gt;TEEC\/JE\/18\/2022 (ACUERDO DE RECEPCI\u00d3N Y RADICACI\u00d3N)&lt;\/a&gt;\" data-order=\"&lt;a href=&quot;https:\/\/teec.org.mx\/web\/wp-content\/uploads\/2022\/09\/TEEC-JE-18-2022-21-09-2022.pdf&quot; target=&quot;_blank&quot;&gt;TEEC\/JE\/18\/2022 (ACUERDO DE RECEPCI\u00d3N Y RADICACI\u00d3N)&lt;\/a&gt;\" ><a href=\"https:\/\/teec.org.mx\/web\/wp-content\/uploads\/2022\/09\/TEEC-JE-18-2022-21-09-2022.pdf\" target=\"_blank\">TEEC\/JE\/18\/2022 (ACUERDO DE RECEPCI\u00d3N Y RADICACI\u00d3N)<\/a><\/td><\/tr><tr style=\"height:px\" ><td data-cell-id=\"A44\" data-x=\"0\" data-y=\"44\" data-db-index=\"44\" class=\"fsize-18\" data-cell-type=\"text\" data-original-value=\"19 DE SEPTIEMBRE DE 2022, A LAS 14:30 HORAS\" data-order=\"19 DE SEPTIEMBRE DE 2022, A LAS 14:30 HORAS\" >19 DE SEPTIEMBRE DE 2022, A LAS 14:30 HORAS <\/td><td data-cell-id=\"B44\" data-x=\"1\" data-y=\"44\" data-db-index=\"44\" class=\"fsize-18\" data-cell-type=\"text\" data-original-value=\"FABIOLA MAULE\u00d3N PEREZ, EN SU CALIDAD DE SECRETARIA EJECUTIVA DEL CONSEJO GENERAL DEL INSTITUTO ELECTORAL DEL ESTADO DE CAMPECHE, POR PROPIO Y PERSONAL DERECHO\" data-order=\"FABIOLA MAULE\u00d3N PEREZ, EN SU CALIDAD DE SECRETARIA EJECUTIVA DEL CONSEJO GENERAL DEL INSTITUTO ELECTORAL DEL ESTADO DE CAMPECHE, POR PROPIO Y PERSONAL DERECHO\" >FABIOLA MAULE\u00d3N PEREZ, EN SU CALIDAD DE SECRETARIA EJECUTIVA DEL CONSEJO GENERAL DEL INSTITUTO ELECTORAL DEL ESTADO DE CAMPECHE, POR PROPIO Y PERSONAL DERECHO <\/td><td data-cell-id=\"C44\" data-x=\"2\" data-y=\"44\" data-db-index=\"44\" class=\"fsize-18\" data-cell-type=\"text\" data-original-value=\"TRIBUNAL ELECTORAL DEL ESTADO DE CAMPECHE\" data-order=\"TRIBUNAL ELECTORAL DEL ESTADO DE CAMPECHE\" >TRIBUNAL ELECTORAL DEL ESTADO DE CAMPECHE <\/td><td data-cell-id=\"D44\" data-x=\"3\" data-y=\"44\" data-db-index=\"44\" class=\"fsize-18\" data-cell-type=\"text\" data-original-value=\"&lt;a href=&quot;https:\/\/teec.org.mx\/web\/wp-content\/uploads\/2022\/09\/TEEC-JE-8-2022-2do-acu.-19-09-2022.pdf&quot; target=&quot;_blank&quot;&gt;TEEC\/JE\/8\/202 (EXPEDIENTE FEDERAL: SX-JE-140\/2022, SE DA POR NOTIFICADO ESTE \u00d3RGANO JURISDICCIONAL ELECTORAL)&lt;\/a&gt;\" data-order=\"&lt;a href=&quot;https:\/\/teec.org.mx\/web\/wp-content\/uploads\/2022\/09\/TEEC-JE-8-2022-2do-acu.-19-09-2022.pdf&quot; target=&quot;_blank&quot;&gt;TEEC\/JE\/8\/202 (EXPEDIENTE FEDERAL: SX-JE-140\/2022, SE DA POR NOTIFICADO ESTE \u00d3RGANO JURISDICCIONAL ELECTORAL)&lt;\/a&gt;\" ><a href=\"https:\/\/teec.org.mx\/web\/wp-content\/uploads\/2022\/09\/TEEC-JE-8-2022-2do-acu.-19-09-2022.pdf\" target=\"_blank\">TEEC\/JE\/8\/202 (EXPEDIENTE FEDERAL: SX-JE-140\/2022, SE DA POR NOTIFICADO ESTE \u00d3RGANO JURISDICCIONAL ELECTORAL)<\/a><\/td><\/tr><tr style=\"height:px\" ><td data-cell-id=\"A45\" data-x=\"0\" data-y=\"45\" data-db-index=\"45\" class=\"fsize-18\" data-cell-type=\"text\" data-original-value=\"19 DE SEPTIEMBRE DE 2022, A LAS 14:15 HORAS\" data-order=\"19 DE SEPTIEMBRE DE 2022, A LAS 14:15 HORAS\" >19 DE SEPTIEMBRE DE 2022, A LAS 14:15 HORAS <\/td><td data-cell-id=\"B45\" data-x=\"1\" data-y=\"45\" data-db-index=\"45\" class=\"fsize-18\" data-cell-type=\"text\" data-original-value=\"LIRIO GUADALUPE SUAREZ AM\u00c9NDOLA, EN SU CALIDAD DE CONSEJERA PRESIDENTA DEL CONSEJO GENERAL DEL INSTITUTO ELECTORAL DEL ESTADO DE CAMPECHE Y FABIOLA MAULE\u00d3N P\u00c9REZ, EN SU CALIDAD DE SECRETARIA EJECUTIVA DEL CONSEJO GENERAL DEL INSTITUTO ELECTORAL DEL ESTADO DE CAMPECHE\" data-order=\"LIRIO GUADALUPE SUAREZ AM\u00c9NDOLA, EN SU CALIDAD DE CONSEJERA PRESIDENTA DEL CONSEJO GENERAL DEL INSTITUTO ELECTORAL DEL ESTADO DE CAMPECHE Y FABIOLA MAULE\u00d3N P\u00c9REZ, EN SU CALIDAD DE SECRETARIA EJECUTIVA DEL CONSEJO GENERAL DEL INSTITUTO ELECTORAL DEL ESTADO DE CAMPECHE\" >LIRIO GUADALUPE SUAREZ AM\u00c9NDOLA, EN SU CALIDAD DE CONSEJERA PRESIDENTA DEL CONSEJO GENERAL DEL INSTITUTO ELECTORAL DEL ESTADO DE CAMPECHE Y FABIOLA MAULE\u00d3N P\u00c9REZ, EN SU CALIDAD DE SECRETARIA EJECUTIVA DEL CONSEJO GENERAL DEL INSTITUTO ELECTORAL DEL ESTADO DE CAMPECHE <\/td><td data-cell-id=\"C45\" data-x=\"2\" data-y=\"45\" data-db-index=\"45\" class=\"fsize-18\" data-cell-type=\"text\" data-original-value=\"TRIBUNAL ELECTORAL DEL ESTADO DE CAMPECHE\" data-order=\"TRIBUNAL ELECTORAL DEL ESTADO DE CAMPECHE\" >TRIBUNAL ELECTORAL DEL ESTADO DE CAMPECHE <\/td><td data-cell-id=\"D45\" data-x=\"3\" data-y=\"45\" data-db-index=\"45\" class=\"fsize-18\" data-cell-type=\"text\" data-original-value=\"&lt;a href=&quot;https:\/\/teec.org.mx\/web\/wp-content\/uploads\/2022\/09\/TEEC-JE-8-2022-19-09-2022.pdf&quot; target=&quot;_blank&quot;&gt;TEEC\/JE\/8\/2022 (EXPEDIENTE FEDERAL: SX-JE-139\/2022, SE DA POR NOTIFICADO ESTE \u00d3RGANO JURISDICCIONAL ELECTORAL LOCAL)&lt;\/a&gt;\" data-order=\"&lt;a href=&quot;https:\/\/teec.org.mx\/web\/wp-content\/uploads\/2022\/09\/TEEC-JE-8-2022-19-09-2022.pdf&quot; target=&quot;_blank&quot;&gt;TEEC\/JE\/8\/2022 (EXPEDIENTE FEDERAL: SX-JE-139\/2022, SE DA POR NOTIFICADO ESTE \u00d3RGANO JURISDICCIONAL ELECTORAL LOCAL)&lt;\/a&gt;\" ><a href=\"https:\/\/teec.org.mx\/web\/wp-content\/uploads\/2022\/09\/TEEC-JE-8-2022-19-09-2022.pdf\" target=\"_blank\">TEEC\/JE\/8\/2022 (EXPEDIENTE FEDERAL: SX-JE-139\/2022, SE DA POR NOTIFICADO ESTE \u00d3RGANO JURISDICCIONAL ELECTORAL LOCAL)<\/a><\/td><\/tr><tr style=\"height:px\" ><td data-cell-id=\"A46\" data-x=\"0\" data-y=\"46\" data-db-index=\"46\" class=\"fsize-18\" data-cell-type=\"text\" data-original-value=\"19 DE SEPTIEMBRE DE 2022, A LAS 10:00 HORAS\" data-order=\"19 DE SEPTIEMBRE DE 2022, A LAS 10:00 HORAS\" >19 DE SEPTIEMBRE DE 2022, A LAS 10:00 HORAS <\/td><td data-cell-id=\"B46\" data-x=\"1\" data-y=\"46\" data-db-index=\"46\" class=\"fsize-18\" data-cell-type=\"text\" data-original-value=\"CLAUDIA G\u00d3NGORA RAM\u00cdREZ\" data-order=\"CLAUDIA G\u00d3NGORA RAM\u00cdREZ\" >CLAUDIA G\u00d3NGORA RAM\u00cdREZ <\/td><td data-cell-id=\"C46\" data-x=\"2\" data-y=\"46\" data-db-index=\"46\" class=\"fsize-18\" data-cell-type=\"text\" data-original-value=\"CONSEJO GENERAL DEL INSTITUTO ELECTORAL DEL ESTADO DE CAMPECHE\" data-order=\"CONSEJO GENERAL DEL INSTITUTO ELECTORAL DEL ESTADO DE CAMPECHE\" >CONSEJO GENERAL DEL INSTITUTO ELECTORAL DEL ESTADO DE CAMPECHE <\/td><td data-cell-id=\"D46\" data-x=\"3\" data-y=\"46\" data-db-index=\"46\" class=\"fsize-18\" data-cell-type=\"text\" data-original-value=\"&lt;a href=&quot;https:\/\/teec.org.mx\/web\/wp-content\/uploads\/2022\/09\/TEEC-JE-18-2022-19-09-2022.pdf&quot; target=&quot;_blank&quot;&gt;TEEC\/JE\/18\/2022 (ACUERDO DE TURNO)&lt;\/a&gt;\" data-order=\"&lt;a href=&quot;https:\/\/teec.org.mx\/web\/wp-content\/uploads\/2022\/09\/TEEC-JE-18-2022-19-09-2022.pdf&quot; target=&quot;_blank&quot;&gt;TEEC\/JE\/18\/2022 (ACUERDO DE TURNO)&lt;\/a&gt;\" ><a href=\"https:\/\/teec.org.mx\/web\/wp-content\/uploads\/2022\/09\/TEEC-JE-18-2022-19-09-2022.pdf\" target=\"_blank\">TEEC\/JE\/18\/2022 (ACUERDO DE TURNO)<\/a><\/td><\/tr><tr style=\"height:px\" ><td data-cell-id=\"A47\" data-x=\"0\" data-y=\"47\" data-db-index=\"47\" class=\"fsize-18\" data-cell-type=\"text\" data-original-value=\"14 DE SEPTIEMBRE DE 2022, A LAS 13:00 HORAS\" data-order=\"14 DE SEPTIEMBRE DE 2022, A LAS 13:00 HORAS\" >14 DE SEPTIEMBRE DE 2022, A LAS 13:00 HORAS <\/td><td data-cell-id=\"B47\" data-x=\"1\" data-y=\"47\" data-db-index=\"47\" class=\"fsize-18\" data-cell-type=\"text\" data-original-value=\"LIRIO GUADALUPE SU\u00c1REZ AM\u00c9NDOLA, EN SU CALIDAD DE CONSEJERA PRESIDENTA DEL CONSEJO GENERAL DEL INSTITUTO ELECTORAL DEL ESTADO DE CAMPECHE\" data-order=\"LIRIO GUADALUPE SU\u00c1REZ AM\u00c9NDOLA, EN SU CALIDAD DE CONSEJERA PRESIDENTA DEL CONSEJO GENERAL DEL INSTITUTO ELECTORAL DEL ESTADO DE CAMPECHE\" >LIRIO GUADALUPE SU\u00c1REZ AM\u00c9NDOLA, EN SU CALIDAD DE CONSEJERA PRESIDENTA DEL CONSEJO GENERAL DEL INSTITUTO ELECTORAL DEL ESTADO DE CAMPECHE <\/td><td data-cell-id=\"C47\" data-x=\"2\" data-y=\"47\" data-db-index=\"47\" class=\"fsize-18\" data-cell-type=\"text\" data-original-value=\"TRIBUNAL ELECTORAL DEL ESTADO DE CAMPECHE\" data-order=\"TRIBUNAL ELECTORAL DEL ESTADO DE CAMPECHE\" >TRIBUNAL ELECTORAL DEL ESTADO DE CAMPECHE <\/td><td data-cell-id=\"D47\" data-x=\"3\" data-y=\"47\" data-db-index=\"47\" class=\"fsize-18\" data-cell-type=\"text\" data-original-value=\"&lt;a href=&quot;https:\/\/teec.org.mx\/web\/wp-content\/uploads\/2022\/09\/TEEC-JE-9-2022-2do-acu.-14-09-2022.pdf&quot; target=&quot;_blank&quot;&gt;TEEC\/JE\/9\/2022 Y ACUMULADOS TEEC\/JE\/10\/2022, TEEC\/JE\/11\/2022, TEEC\/JE\/12\/2022, TEEC\/JE\/13\/2022, TEEC\/JE\/14\/2022 Y TEEC\/JE\/15\/2022 (SE DA POR NOTIFICADO ESTE \u00d3RGANO JURISDICCIONAL LOCAL)&lt;\/a&gt;\" data-order=\"&lt;a href=&quot;https:\/\/teec.org.mx\/web\/wp-content\/uploads\/2022\/09\/TEEC-JE-9-2022-2do-acu.-14-09-2022.pdf&quot; target=&quot;_blank&quot;&gt;TEEC\/JE\/9\/2022 Y ACUMULADOS TEEC\/JE\/10\/2022, TEEC\/JE\/11\/2022, TEEC\/JE\/12\/2022, TEEC\/JE\/13\/2022, TEEC\/JE\/14\/2022 Y TEEC\/JE\/15\/2022 (SE DA POR NOTIFICADO ESTE \u00d3RGANO JURISDICCIONAL LOCAL)&lt;\/a&gt;\" ><a href=\"https:\/\/teec.org.mx\/web\/wp-content\/uploads\/2022\/09\/TEEC-JE-9-2022-2do-acu.-14-09-2022.pdf\" target=\"_blank\">TEEC\/JE\/9\/2022 Y ACUMULADOS TEEC\/JE\/10\/2022, TEEC\/JE\/11\/2022, TEEC\/JE\/12\/2022, TEEC\/JE\/13\/2022, TEEC\/JE\/14\/2022 Y TEEC\/JE\/15\/2022 (SE DA POR NOTIFICADO ESTE \u00d3RGANO JURISDICCIONAL LOCAL)<\/a><\/td><\/tr><tr style=\"height:px\" ><td data-cell-id=\"A48\" data-x=\"0\" data-y=\"48\" data-db-index=\"48\" class=\"fsize-18\" data-cell-type=\"text\" data-original-value=\"14 DE SEPTIEMBRE DE 2022, A LAS 11:00 HORAS\" data-order=\"14 DE SEPTIEMBRE DE 2022, A LAS 11:00 HORAS\" >14 DE SEPTIEMBRE DE 2022, A LAS 11:00 HORAS <\/td><td data-cell-id=\"B48\" data-x=\"1\" data-y=\"48\" data-db-index=\"48\" class=\"fsize-18\" data-cell-type=\"text\" data-original-value=\"LIRIO GUADALUPE SU\u00c1REZ AM\u00c9NDOLA, EN SU CALIDAD DE CONSEJERA PRESIDENTA DEL CONSEJO GENERAL DEL INSTITUTO ELECTORAL DEL ESTADO DE CAMPECHE\" data-order=\"LIRIO GUADALUPE SU\u00c1REZ AM\u00c9NDOLA, EN SU CALIDAD DE CONSEJERA PRESIDENTA DEL CONSEJO GENERAL DEL INSTITUTO ELECTORAL DEL ESTADO DE CAMPECHE\" >LIRIO GUADALUPE SU\u00c1REZ AM\u00c9NDOLA, EN SU CALIDAD DE CONSEJERA PRESIDENTA DEL CONSEJO GENERAL DEL INSTITUTO ELECTORAL DEL ESTADO DE CAMPECHE <\/td><td data-cell-id=\"C48\" data-x=\"2\" data-y=\"48\" data-db-index=\"48\" class=\"fsize-18\" data-cell-type=\"text\" data-original-value=\"TRIBUNAL ELECTORAL DEL ESTADO DE CAMPECHE\" data-order=\"TRIBUNAL ELECTORAL DEL ESTADO DE CAMPECHE\" >TRIBUNAL ELECTORAL DEL ESTADO DE CAMPECHE <\/td><td data-cell-id=\"D48\" data-x=\"3\" data-y=\"48\" data-db-index=\"48\" class=\"fsize-18\" data-cell-type=\"text\" data-original-value=\"&lt;a href=&quot;https:\/\/teec.org.mx\/web\/wp-content\/uploads\/2022\/09\/TEEC-JE-9-2022-14-09-2022.pdf&quot; target=&quot;_blank&quot;&gt;TEEC\/JE\/9\/2022 Y ACUMULADOS TEEC\/JE\/10\/2022, TEEC\/JE\/11\/2022, TEEC\/JE\/12\/2022, TEEC\/JE\/13\/2022, TEEC\/JE\/14\/2022 Y TEEC\/JE\/15\/2022 (CUADERNO DE ANTECEDENTES: SX-97\/2022, SE RETIRA CEDULA DE PUBLICITACI\u00d3N)&lt;\/a&gt;\" data-order=\"&lt;a href=&quot;https:\/\/teec.org.mx\/web\/wp-content\/uploads\/2022\/09\/TEEC-JE-9-2022-14-09-2022.pdf&quot; target=&quot;_blank&quot;&gt;TEEC\/JE\/9\/2022 Y ACUMULADOS TEEC\/JE\/10\/2022, TEEC\/JE\/11\/2022, TEEC\/JE\/12\/2022, TEEC\/JE\/13\/2022, TEEC\/JE\/14\/2022 Y TEEC\/JE\/15\/2022 (CUADERNO DE ANTECEDENTES: SX-97\/2022, SE RETIRA CEDULA DE PUBLICITACI\u00d3N)&lt;\/a&gt;\" ><a href=\"https:\/\/teec.org.mx\/web\/wp-content\/uploads\/2022\/09\/TEEC-JE-9-2022-14-09-2022.pdf\" target=\"_blank\">TEEC\/JE\/9\/2022 Y ACUMULADOS TEEC\/JE\/10\/2022, TEEC\/JE\/11\/2022, TEEC\/JE\/12\/2022, TEEC\/JE\/13\/2022, TEEC\/JE\/14\/2022 Y TEEC\/JE\/15\/2022 (CUADERNO DE ANTECEDENTES: SX-97\/2022, SE RETIRA CEDULA DE PUBLICITACI\u00d3N)<\/a><\/td><\/tr><tr style=\"height:px\" ><td data-cell-id=\"A49\" data-x=\"0\" data-y=\"49\" data-db-index=\"49\" class=\"fsize-18\" data-cell-type=\"text\" data-original-value=\"09 DE SEPTIEMBRE DE 2022, A LAS 10:15 HORAS\" data-order=\"09 DE SEPTIEMBRE DE 2022, A LAS 10:15 HORAS\" >09 DE SEPTIEMBRE DE 2022, A LAS 10:15 HORAS <\/td><td data-cell-id=\"B49\" data-x=\"1\" data-y=\"49\" data-db-index=\"49\" class=\"fsize-18\" data-cell-type=\"text\" data-original-value=\"LIRIO GUADALUPE SU\u00c1REZ AM\u00c9NDOLA, EN SU CALIDAD DE CONSEJERA PRESIDENTA DEL CONSEJO GENERAL DEL INSTITUTO ELECTORAL DEL ESTADO DE CAMPECHE\" data-order=\"LIRIO GUADALUPE SU\u00c1REZ AM\u00c9NDOLA, EN SU CALIDAD DE CONSEJERA PRESIDENTA DEL CONSEJO GENERAL DEL INSTITUTO ELECTORAL DEL ESTADO DE CAMPECHE\" >LIRIO GUADALUPE SU\u00c1REZ AM\u00c9NDOLA, EN SU CALIDAD DE CONSEJERA PRESIDENTA DEL CONSEJO GENERAL DEL INSTITUTO ELECTORAL DEL ESTADO DE CAMPECHE <\/td><td data-cell-id=\"C49\" data-x=\"2\" data-y=\"49\" data-db-index=\"49\" class=\"fsize-18\" data-cell-type=\"text\" data-original-value=\"TRIBUNAL ELECTORAL DEL ESTADO DE CAMPECHE\" data-order=\"TRIBUNAL ELECTORAL DEL ESTADO DE CAMPECHE\" >TRIBUNAL ELECTORAL DEL ESTADO DE CAMPECHE <\/td><td data-cell-id=\"D49\" data-x=\"3\" data-y=\"49\" data-db-index=\"49\" class=\"fsize-18\" data-cell-type=\"text\" data-original-value=\"&lt;a href=&quot;https:\/\/teec.org.mx\/web\/wp-content\/uploads\/2022\/09\/TEEC-JE-9-2022-09-09-2022.pdf&quot; target=&quot;_blank&quot;&gt;TEEC\/JE\/9\/2022 Y ACUMULADOS TEEC\/JE\/10\/2022, TEEC\/JE\/11\/2022, TEEC\/JE\/12\/2022, TEEC\/JE\/13\/2022, TEEC\/JE\/14\/2022 Y TEEC\/JE\/15\/2022 (SE DA TRAMITE AL MEDIO DE IMPUGNACION)&lt;\/a&gt;\" data-order=\"&lt;a href=&quot;https:\/\/teec.org.mx\/web\/wp-content\/uploads\/2022\/09\/TEEC-JE-9-2022-09-09-2022.pdf&quot; target=&quot;_blank&quot;&gt;TEEC\/JE\/9\/2022 Y ACUMULADOS TEEC\/JE\/10\/2022, TEEC\/JE\/11\/2022, TEEC\/JE\/12\/2022, TEEC\/JE\/13\/2022, TEEC\/JE\/14\/2022 Y TEEC\/JE\/15\/2022 (SE DA TRAMITE AL MEDIO DE IMPUGNACION)&lt;\/a&gt;\" ><a href=\"https:\/\/teec.org.mx\/web\/wp-content\/uploads\/2022\/09\/TEEC-JE-9-2022-09-09-2022.pdf\" target=\"_blank\">TEEC\/JE\/9\/2022 Y ACUMULADOS TEEC\/JE\/10\/2022, TEEC\/JE\/11\/2022, TEEC\/JE\/12\/2022, TEEC\/JE\/13\/2022, TEEC\/JE\/14\/2022 Y TEEC\/JE\/15\/2022 (SE DA TRAMITE AL MEDIO DE IMPUGNACION)<\/a><\/td><\/tr><tr style=\"height:px\" ><td data-cell-id=\"A50\" data-x=\"0\" data-y=\"50\" data-db-index=\"50\" class=\"fsize-18\" data-cell-type=\"text\" data-original-value=\"08 DE SEPTIEMBRE DE 2022, A LAS 13:00 HORAS\" data-order=\"08 DE SEPTIEMBRE DE 2022, A LAS 13:00 HORAS\" >08 DE SEPTIEMBRE DE 2022, A LAS 13:00 HORAS <\/td><td data-cell-id=\"B50\" data-x=\"1\" data-y=\"50\" data-db-index=\"50\" class=\"fsize-18\" data-cell-type=\"text\" data-original-value=\"JUAN CARLOS MENA ZAPATA Y OTROS\" data-order=\"JUAN CARLOS MENA ZAPATA Y OTROS\" >JUAN CARLOS MENA ZAPATA Y OTROS <\/td><td data-cell-id=\"C50\" data-x=\"2\" data-y=\"50\" data-db-index=\"50\" class=\"fsize-18\" data-cell-type=\"text\" data-original-value=\"INSTITUTO ELECTORAL DEL ESTADO DE CAMPECHE\" data-order=\"INSTITUTO ELECTORAL DEL ESTADO DE CAMPECHE\" >INSTITUTO ELECTORAL DEL ESTADO DE CAMPECHE <\/td><td data-cell-id=\"D50\" data-x=\"3\" data-y=\"50\" data-db-index=\"50\" class=\"fsize-18\" data-cell-type=\"text\" data-original-value=\"&lt;a href=&quot;https:\/\/teec.org.mx\/web\/wp-content\/uploads\/2022\/09\/TEEC-JE-7-2022-08-09-2022.pdf&quot; target=&quot;_blank&quot;&gt;TEEC\/JE\/7\/2022 (ACUERDO DE ACUMULACION)&lt;\/a&gt;\" data-order=\"&lt;a href=&quot;https:\/\/teec.org.mx\/web\/wp-content\/uploads\/2022\/09\/TEEC-JE-7-2022-08-09-2022.pdf&quot; target=&quot;_blank&quot;&gt;TEEC\/JE\/7\/2022 (ACUERDO DE ACUMULACION)&lt;\/a&gt;\" ><a href=\"https:\/\/teec.org.mx\/web\/wp-content\/uploads\/2022\/09\/TEEC-JE-7-2022-08-09-2022.pdf\" target=\"_blank\">TEEC\/JE\/7\/2022 (ACUERDO DE ACUMULACION)<\/a><\/td><\/tr><tr style=\"height:px\" ><td data-cell-id=\"A51\" data-x=\"0\" data-y=\"51\" data-db-index=\"51\" class=\"fsize-18\" data-cell-type=\"text\" data-original-value=\"07 DE SEPTIEMBRE DE 2022, A LAS 14:55 HORAS\" data-order=\"07 DE SEPTIEMBRE DE 2022, A LAS 14:55 HORAS\" >07 DE SEPTIEMBRE DE 2022, A LAS 14:55 HORAS <\/td><td data-cell-id=\"B51\" data-x=\"1\" data-y=\"51\" data-db-index=\"51\" class=\"fsize-18\" data-cell-type=\"text\" data-original-value=\"JUAN CARLOS MENA ZAPATA Y OTROS\" data-order=\"JUAN CARLOS MENA ZAPATA Y OTROS\" >JUAN CARLOS MENA ZAPATA Y OTROS <\/td><td data-cell-id=\"C51\" data-x=\"2\" data-y=\"51\" data-db-index=\"51\" class=\"fsize-18\" data-cell-type=\"text\" data-original-value=\"INSTITUTO ELECTORAL DEL ESTADO DE CAMPECHE\" data-order=\"INSTITUTO ELECTORAL DEL ESTADO DE CAMPECHE\" >INSTITUTO ELECTORAL DEL ESTADO DE CAMPECHE <\/td><td data-cell-id=\"D51\" data-x=\"3\" data-y=\"51\" data-db-index=\"51\" class=\"fsize-18\" data-cell-type=\"text\" data-original-value=\"&lt;a href=&quot;https:\/\/teec.org.mx\/web\/wp-content\/uploads\/2022\/09\/TEEC-JE-7-2022-07-09-2022.pdf&quot; target=&quot;_blank&quot;&gt;TEEC\/JE\/7\/2022 (ACUERDO DE TURNO DE DOCUMENTACI\u00d3N)&lt;\/a&gt;\" data-order=\"&lt;a href=&quot;https:\/\/teec.org.mx\/web\/wp-content\/uploads\/2022\/09\/TEEC-JE-7-2022-07-09-2022.pdf&quot; target=&quot;_blank&quot;&gt;TEEC\/JE\/7\/2022 (ACUERDO DE TURNO DE DOCUMENTACI\u00d3N)&lt;\/a&gt;\" ><a href=\"https:\/\/teec.org.mx\/web\/wp-content\/uploads\/2022\/09\/TEEC-JE-7-2022-07-09-2022.pdf\" target=\"_blank\">TEEC\/JE\/7\/2022 (ACUERDO DE TURNO DE DOCUMENTACI\u00d3N)<\/a><\/td><\/tr><tr style=\"height:px\" ><td data-cell-id=\"A52\" data-x=\"0\" data-y=\"52\" data-db-index=\"52\" class=\"fsize-18\" data-cell-type=\"text\" data-original-value=\"06 DE SEPTIEMBRE DE 2022, A LAS 10:45 HORAS\" data-order=\"06 DE SEPTIEMBRE DE 2022, A LAS 10:45 HORAS\" >06 DE SEPTIEMBRE DE 2022, A LAS 10:45 HORAS <\/td><td data-cell-id=\"B52\" data-x=\"1\" data-y=\"52\" data-db-index=\"52\" class=\"fsize-18\" data-cell-type=\"text\" data-original-value=\"PAUL ALFREDO ARCE ONTIVEROS, EN SU CAR\u00c1CTER DE COORDINADOR PARLAMENTARIO DE MOVIMIENTO CIUDADANO, VICEPRESIDENTE DE LA DIPUTACI\u00d3N PERMANENTE Y VICEPRESIDENTE DE LA JUNTA DE GOBIERNO Y ADMINISTRACI\u00d3N; M\u00d3NICA FERN\u00c1NDEZ MONT\u00daFAR, EN SU CAR\u00c1CTER DE SUBCOORDINADORA PARLAMENTARIO DE MOVIMIENTO CIUDADANO; DANIELA GUADALUPE MART\u00cdNEZ HERN\u00c1NDEZ, EN SU CAR\u00c1CTER DE DIPUTADA ELECTA POR EL DISTRITO 02; HIPSI MARISOL ESTRELLA GUILLERMO, EN SU CAR\u00c1CTER DE DIPUTADA ELECTA POR EL DISTRITO 03; C. JES\u00daS HUMBERTO AGUILAR D\u00cdAZ, EN SU CAR\u00c1CTER DE DIPUTADO ELECTO POR EL DISTRITO 04 Y, TERESA FAR\u00cdAS GONZ\u00c1LEZ, EN SU CAR\u00c1CTER DE DIPUTADA ELECTA POR EL PRINCIPIO DE REPRESENTACI\u00d3N PROPORCIONAL\" data-order=\"PAUL ALFREDO ARCE ONTIVEROS, EN SU CAR\u00c1CTER DE COORDINADOR PARLAMENTARIO DE MOVIMIENTO CIUDADANO, VICEPRESIDENTE DE LA DIPUTACI\u00d3N PERMANENTE Y VICEPRESIDENTE DE LA JUNTA DE GOBIERNO Y ADMINISTRACI\u00d3N; M\u00d3NICA FERN\u00c1NDEZ MONT\u00daFAR, EN SU CAR\u00c1CTER DE SUBCOORDINADORA PARLAMENTARIO DE MOVIMIENTO CIUDADANO; DANIELA GUADALUPE MART\u00cdNEZ HERN\u00c1NDEZ, EN SU CAR\u00c1CTER DE DIPUTADA ELECTA POR EL DISTRITO 02; HIPSI MARISOL ESTRELLA GUILLERMO, EN SU CAR\u00c1CTER DE DIPUTADA ELECTA POR EL DISTRITO 03; C. JES\u00daS HUMBERTO AGUILAR D\u00cdAZ, EN SU CAR\u00c1CTER DE DIPUTADO ELECTO POR EL DISTRITO 04 Y, TERESA FAR\u00cdAS GONZ\u00c1LEZ, EN SU CAR\u00c1CTER DE DIPUTADA ELECTA POR EL PRINCIPIO DE REPRESENTACI\u00d3N PROPORCIONAL\" >PAUL ALFREDO ARCE ONTIVEROS, EN SU CAR\u00c1CTER DE COORDINADOR PARLAMENTARIO DE MOVIMIENTO CIUDADANO, VICEPRESIDENTE DE LA DIPUTACI\u00d3N PERMANENTE Y VICEPRESIDENTE DE LA JUNTA DE GOBIERNO Y ADMINISTRACI\u00d3N; M\u00d3NICA FERN\u00c1NDEZ MONT\u00daFAR, EN SU CAR\u00c1CTER DE SUBCOORDINADORA PARLAMENTARIO DE MOVIMIENTO CIUDADANO; DANIELA GUADALUPE MART\u00cdNEZ HERN\u00c1NDEZ, EN SU CAR\u00c1CTER DE DIPUTADA ELECTA POR EL DISTRITO 02; HIPSI MARISOL ESTRELLA GUILLERMO, EN SU CAR\u00c1CTER DE DIPUTADA ELECTA POR EL DISTRITO 03; C. JES\u00daS HUMBERTO AGUILAR D\u00cdAZ, EN SU CAR\u00c1CTER DE DIPUTADO ELECTO POR EL DISTRITO 04 Y, TERESA FAR\u00cdAS GONZ\u00c1LEZ, EN SU CAR\u00c1CTER DE DIPUTADA ELECTA POR EL PRINCIPIO DE REPRESENTACI\u00d3N PROPORCIONAL <\/td><td data-cell-id=\"C52\" data-x=\"2\" data-y=\"52\" data-db-index=\"52\" class=\"fsize-18\" data-cell-type=\"text\" data-original-value=\"DIPUTACI\u00d3N PERMANENTE DE LA LXIV LEGISLATURA DEL CONGRESO DEL ESTADO DE CAMPECHE Y LA JUNTA DE GOBIERNO Y ADMINISTRACION DE LA LXIV LEGISLATURA DEL CONGRESO DEL ESTADO DE CAMPECHE\" data-order=\"DIPUTACI\u00d3N PERMANENTE DE LA LXIV LEGISLATURA DEL CONGRESO DEL ESTADO DE CAMPECHE Y LA JUNTA DE GOBIERNO Y ADMINISTRACION DE LA LXIV LEGISLATURA DEL CONGRESO DEL ESTADO DE CAMPECHE\" >DIPUTACI\u00d3N PERMANENTE DE LA LXIV LEGISLATURA DEL CONGRESO DEL ESTADO DE CAMPECHE Y LA JUNTA DE GOBIERNO Y ADMINISTRACION DE LA LXIV LEGISLATURA DEL CONGRESO DEL ESTADO DE CAMPECHE <\/td><td data-cell-id=\"D52\" data-x=\"3\" data-y=\"52\" data-db-index=\"52\" class=\"fsize-18\" data-cell-type=\"text\" data-original-value=\"&lt;a href=&quot;https:\/\/teec.org.mx\/web\/wp-content\/uploads\/2022\/09\/TEEC-JE-17-2022-06-09-2022.pdf&quot; target=&quot;_blank&quot;&gt;TEEC\/JE\/17\/2022 (ACUERDO PLENARIO DE REENCAUZAMIENTO)&lt;\/a&gt;\" data-order=\"&lt;a href=&quot;https:\/\/teec.org.mx\/web\/wp-content\/uploads\/2022\/09\/TEEC-JE-17-2022-06-09-2022.pdf&quot; target=&quot;_blank&quot;&gt;TEEC\/JE\/17\/2022 (ACUERDO PLENARIO DE REENCAUZAMIENTO)&lt;\/a&gt;\" ><a href=\"https:\/\/teec.org.mx\/web\/wp-content\/uploads\/2022\/09\/TEEC-JE-17-2022-06-09-2022.pdf\" target=\"_blank\">TEEC\/JE\/17\/2022 (ACUERDO PLENARIO DE REENCAUZAMIENTO)<\/a><\/td><\/tr><tr style=\"height:px\" ><td data-cell-id=\"A53\" data-x=\"0\" data-y=\"53\" data-db-index=\"53\" class=\"fsize-18\" data-cell-type=\"text\" data-original-value=\"05 DE SEPTIEMBRE DE 2022, A LAS 11:30 HORAS\" data-order=\"05 DE SEPTIEMBRE DE 2022, A LAS 11:30 HORAS\" >05 DE SEPTIEMBRE DE 2022, A LAS 11:30 HORAS <\/td><td data-cell-id=\"B53\" data-x=\"1\" data-y=\"53\" data-db-index=\"53\" class=\"fsize-18\" data-cell-type=\"text\" data-original-value=\"PAUL ALFREDO ARCE ONTIVEROS, EN SU CAR\u00c1CTER DE COORDINADOR PARLAMENTARIO DE MOVIMIENTO CIUDADANO, VICEPRESIDENTE DE LA DIPUTACI\u00d3N PERMANENTE Y VICEPRESIDENTE DE LA JUNTA DE GOBIERNO Y ADMINISTRACI\u00d3N; M\u00d3NICA FERN\u00c1NDEZ MONT\u00daFAR, EN SU CAR\u00c1CTER DE SUBCOORDINADORA PARLAMENTARIO DE MOVIMIENTO CIUDADANO; DANIELA GUADALUPE MART\u00cdNEZ HERN\u00c1NDEZ, EN SU CAR\u00c1CTER DE DIPUTADA ELECTA POR EL DISTRITO 02; HIPSI MARISOL ESTRELLA GUILLERMO, EN SU CAR\u00c1CTER DE DIPUTADA ELECTA POR EL DISTRITO 03; C. JES\u00daS HUMBERTO AGUILAR D\u00cdAZ, EN SU CAR\u00c1CTER DE DIPUTADO ELECTO POR EL DISTRITO 04 Y, TERESA FAR\u00cdAS GONZ\u00c1LEZ, EN SU CAR\u00c1CTER DE DIPUTADA ELECTA POR EL PRINCIPIO DE REPRESENTACI\u00d3N PROPORCIONAL\" data-order=\"PAUL ALFREDO ARCE ONTIVEROS, EN SU CAR\u00c1CTER DE COORDINADOR PARLAMENTARIO DE MOVIMIENTO CIUDADANO, VICEPRESIDENTE DE LA DIPUTACI\u00d3N PERMANENTE Y VICEPRESIDENTE DE LA JUNTA DE GOBIERNO Y ADMINISTRACI\u00d3N; M\u00d3NICA FERN\u00c1NDEZ MONT\u00daFAR, EN SU CAR\u00c1CTER DE SUBCOORDINADORA PARLAMENTARIO DE MOVIMIENTO CIUDADANO; DANIELA GUADALUPE MART\u00cdNEZ HERN\u00c1NDEZ, EN SU CAR\u00c1CTER DE DIPUTADA ELECTA POR EL DISTRITO 02; HIPSI MARISOL ESTRELLA GUILLERMO, EN SU CAR\u00c1CTER DE DIPUTADA ELECTA POR EL DISTRITO 03; C. JES\u00daS HUMBERTO AGUILAR D\u00cdAZ, EN SU CAR\u00c1CTER DE DIPUTADO ELECTO POR EL DISTRITO 04 Y, TERESA FAR\u00cdAS GONZ\u00c1LEZ, EN SU CAR\u00c1CTER DE DIPUTADA ELECTA POR EL PRINCIPIO DE REPRESENTACI\u00d3N PROPORCIONAL\" >PAUL ALFREDO ARCE ONTIVEROS, EN SU CAR\u00c1CTER DE COORDINADOR PARLAMENTARIO DE MOVIMIENTO CIUDADANO, VICEPRESIDENTE DE LA DIPUTACI\u00d3N PERMANENTE Y VICEPRESIDENTE DE LA JUNTA DE GOBIERNO Y ADMINISTRACI\u00d3N; M\u00d3NICA FERN\u00c1NDEZ MONT\u00daFAR, EN SU CAR\u00c1CTER DE SUBCOORDINADORA PARLAMENTARIO DE MOVIMIENTO CIUDADANO; DANIELA GUADALUPE MART\u00cdNEZ HERN\u00c1NDEZ, EN SU CAR\u00c1CTER DE DIPUTADA ELECTA POR EL DISTRITO 02; HIPSI MARISOL ESTRELLA GUILLERMO, EN SU CAR\u00c1CTER DE DIPUTADA ELECTA POR EL DISTRITO 03; C. JES\u00daS HUMBERTO AGUILAR D\u00cdAZ, EN SU CAR\u00c1CTER DE DIPUTADO ELECTO POR EL DISTRITO 04 Y, TERESA FAR\u00cdAS GONZ\u00c1LEZ, EN SU CAR\u00c1CTER DE DIPUTADA ELECTA POR EL PRINCIPIO DE REPRESENTACI\u00d3N PROPORCIONAL <\/td><td data-cell-id=\"C53\" data-x=\"2\" data-y=\"53\" data-db-index=\"53\" class=\"fsize-18\" data-cell-type=\"text\" data-original-value=\"DIPUTACI\u00d3N PERMANENTE DE LA LXIV LEGISLATURA DEL CONGRESO DEL ESTADO DE CAMPECHE Y LA JUNTA DE GOBIERNO Y ADMINISTRACION DE LA LXIV LEGISLATURA DEL CONGRESO DEL ESTADO DE CAMPECHE\" data-order=\"DIPUTACI\u00d3N PERMANENTE DE LA LXIV LEGISLATURA DEL CONGRESO DEL ESTADO DE CAMPECHE Y LA JUNTA DE GOBIERNO Y ADMINISTRACION DE LA LXIV LEGISLATURA DEL CONGRESO DEL ESTADO DE CAMPECHE\" >DIPUTACI\u00d3N PERMANENTE DE LA LXIV LEGISLATURA DEL CONGRESO DEL ESTADO DE CAMPECHE Y LA JUNTA DE GOBIERNO Y ADMINISTRACION DE LA LXIV LEGISLATURA DEL CONGRESO DEL ESTADO DE CAMPECHE <\/td><td data-cell-id=\"D53\" data-x=\"3\" data-y=\"53\" data-db-index=\"53\" class=\"fsize-18\" data-cell-type=\"text\" data-original-value=\"&lt;a href=&quot;https:\/\/teec.org.mx\/web\/wp-content\/uploads\/2022\/09\/TEEC-JE-17-2022-05-09-2022.pdf&quot; target=&quot;_blank&quot;&gt;TEEC\/JE\/17\/2022 (ACUERDO DE TURNO DE DOCUMENTACI\u00d3N)&lt;\/a&gt;\" data-order=\"&lt;a href=&quot;https:\/\/teec.org.mx\/web\/wp-content\/uploads\/2022\/09\/TEEC-JE-17-2022-05-09-2022.pdf&quot; target=&quot;_blank&quot;&gt;TEEC\/JE\/17\/2022 (ACUERDO DE TURNO DE DOCUMENTACI\u00d3N)&lt;\/a&gt;\" ><a href=\"https:\/\/teec.org.mx\/web\/wp-content\/uploads\/2022\/09\/TEEC-JE-17-2022-05-09-2022.pdf\" target=\"_blank\">TEEC\/JE\/17\/2022 (ACUERDO DE TURNO DE DOCUMENTACI\u00d3N)<\/a><\/td><\/tr><tr style=\"height:px\" ><td data-cell-id=\"A54\" data-x=\"0\" data-y=\"54\" data-db-index=\"54\" class=\"fsize-18\" data-cell-type=\"text\" data-original-value=\"02 DE SEPTIEMBRE DE 2022, A LAS 13:30 HORAS\" data-order=\"02 DE SEPTIEMBRE DE 2022, A LAS 13:30 HORAS\" >02 DE SEPTIEMBRE DE 2022, A LAS 13:30 HORAS <\/td><td data-cell-id=\"B54\" data-x=\"1\" data-y=\"54\" data-db-index=\"54\" class=\"fsize-18\" data-cell-type=\"text\" data-original-value=\"JUAN CARLOS MENA ZAPATA Y OTROS\" data-order=\"JUAN CARLOS MENA ZAPATA Y OTROS\" >JUAN CARLOS MENA ZAPATA Y OTROS <\/td><td data-cell-id=\"C54\" data-x=\"2\" data-y=\"54\" data-db-index=\"54\" class=\"fsize-18\" data-cell-type=\"text\" data-original-value=\"INSTITUTO ELECTORAL DEL ESTADO DE CAMPECHE\" data-order=\"INSTITUTO ELECTORAL DEL ESTADO DE CAMPECHE\" >INSTITUTO ELECTORAL DEL ESTADO DE CAMPECHE <\/td><td data-cell-id=\"D54\" data-x=\"3\" data-y=\"54\" data-db-index=\"54\" class=\"fsize-18\" data-cell-type=\"text\" data-original-value=\"&lt;a href=&quot;https:\/\/teec.org.mx\/web\/wp-content\/uploads\/2022\/09\/TEEC-JE-7-2022-2do-acu.-02-09-2022.pdf&quot; target=&quot;_blank&quot;&gt;TEEC\/JE\/7\/2022 (ACUERDO DE REQUERIMIENTO)&lt;\/a&gt;\" data-order=\"&lt;a href=&quot;https:\/\/teec.org.mx\/web\/wp-content\/uploads\/2022\/09\/TEEC-JE-7-2022-2do-acu.-02-09-2022.pdf&quot; target=&quot;_blank&quot;&gt;TEEC\/JE\/7\/2022 (ACUERDO DE REQUERIMIENTO)&lt;\/a&gt;\" ><a href=\"https:\/\/teec.org.mx\/web\/wp-content\/uploads\/2022\/09\/TEEC-JE-7-2022-2do-acu.-02-09-2022.pdf\" target=\"_blank\">TEEC\/JE\/7\/2022 (ACUERDO DE REQUERIMIENTO)<\/a><\/td><\/tr><tr style=\"height:px\" ><td data-cell-id=\"A55\" data-x=\"0\" data-y=\"55\" data-db-index=\"55\" class=\"fsize-18\" data-cell-type=\"text\" data-original-value=\"02 DE SEPTIEMBRE DE 2022, A LAS 12:00 HORAS\" data-order=\"02 DE SEPTIEMBRE DE 2022, A LAS 12:00 HORAS\" >02 DE SEPTIEMBRE DE 2022, A LAS 12:00 HORAS <\/td><td data-cell-id=\"B55\" data-x=\"1\" data-y=\"55\" data-db-index=\"55\" class=\"fsize-18\" data-cell-type=\"text\" data-original-value=\"JUAN CARLOS MENA ZAPATA, F\u00c1TIMA GISSELLE MEUNIER ROSAS, ABNER RONCES MEX, CLARA CONCEPCI\u00d3N CASTRO G\u00d3MEZ, DANNY ALBERTO G\u00d3NGORA MOO Y NADINE ABIGAIL MOGUEL CEBALLOS, EN SU CALIDAD DE CONSEJERAS Y CONSEJEROS ELECTORALES DEL INSTITUTO ELECTORAL DEL ESTADO DE CAMPECHE\" data-order=\"JUAN CARLOS MENA ZAPATA, F\u00c1TIMA GISSELLE MEUNIER ROSAS, ABNER RONCES MEX, CLARA CONCEPCI\u00d3N CASTRO G\u00d3MEZ, DANNY ALBERTO G\u00d3NGORA MOO Y NADINE ABIGAIL MOGUEL CEBALLOS, EN SU CALIDAD DE CONSEJERAS Y CONSEJEROS ELECTORALES DEL INSTITUTO ELECTORAL DEL ESTADO DE CAMPECHE\" >JUAN CARLOS MENA ZAPATA, F\u00c1TIMA GISSELLE MEUNIER ROSAS, ABNER RONCES MEX, CLARA CONCEPCI\u00d3N CASTRO G\u00d3MEZ, DANNY ALBERTO G\u00d3NGORA MOO Y NADINE ABIGAIL MOGUEL CEBALLOS, EN SU CALIDAD DE CONSEJERAS Y CONSEJEROS ELECTORALES DEL INSTITUTO ELECTORAL DEL ESTADO DE CAMPECHE <\/td><td data-cell-id=\"C55\" data-x=\"2\" data-y=\"55\" data-db-index=\"55\" class=\"fsize-18\" data-cell-type=\"text\" data-original-value=\"LIRIO GUADALUPE SUAREZ AMENDOLA EN SU CAR\u00c1CTER DE CONSEJERA PRESIDENTA DEL CONSEJO GENERAL DEL INSTITUTO ELECTORAL DEL ESTADO DE CAMPECHE\" data-order=\"LIRIO GUADALUPE SUAREZ AMENDOLA EN SU CAR\u00c1CTER DE CONSEJERA PRESIDENTA DEL CONSEJO GENERAL DEL INSTITUTO ELECTORAL DEL ESTADO DE CAMPECHE\" >LIRIO GUADALUPE SUAREZ AMENDOLA EN SU CAR\u00c1CTER DE CONSEJERA PRESIDENTA DEL CONSEJO GENERAL DEL INSTITUTO ELECTORAL DEL ESTADO DE CAMPECHE <\/td><td data-cell-id=\"D55\" data-x=\"3\" data-y=\"55\" data-db-index=\"55\" class=\"fsize-18\" data-cell-type=\"text\" data-original-value=\"&lt;a href=&quot;https:\/\/teec.org.mx\/web\/wp-content\/uploads\/2022\/09\/TEEC-JE-9-2022-sentencia-02-09-2022.pdf&quot; target=&quot;_blank&quot;&gt;TEEC\/JE\/9\/2022 Y ACUMULADOS TEEC\/JE\/10\/2022, TEEC\/JE\/11\/2022, TEEC\/JE\/12\/2022, TEEC\/JE\/13\/2022, TEEC\/JE\/14\/2022 Y TEEC\/JE\/15\/2022 (SE DICTO SENTENCIA)&lt;\/a&gt;\" data-order=\"&lt;a href=&quot;https:\/\/teec.org.mx\/web\/wp-content\/uploads\/2022\/09\/TEEC-JE-9-2022-sentencia-02-09-2022.pdf&quot; target=&quot;_blank&quot;&gt;TEEC\/JE\/9\/2022 Y ACUMULADOS TEEC\/JE\/10\/2022, TEEC\/JE\/11\/2022, TEEC\/JE\/12\/2022, TEEC\/JE\/13\/2022, TEEC\/JE\/14\/2022 Y TEEC\/JE\/15\/2022 (SE DICTO SENTENCIA)&lt;\/a&gt;\" ><a href=\"https:\/\/teec.org.mx\/web\/wp-content\/uploads\/2022\/09\/TEEC-JE-9-2022-sentencia-02-09-2022.pdf\" target=\"_blank\">TEEC\/JE\/9\/2022 Y ACUMULADOS TEEC\/JE\/10\/2022, TEEC\/JE\/11\/2022, TEEC\/JE\/12\/2022, TEEC\/JE\/13\/2022, TEEC\/JE\/14\/2022 Y TEEC\/JE\/15\/2022 (SE DICTO SENTENCIA)<\/a><\/td><\/tr><tr style=\"height:px\" ><td data-cell-id=\"A56\" data-x=\"0\" data-y=\"56\" data-db-index=\"56\" class=\"fsize-18\" data-cell-type=\"text\" data-original-value=\"02 DE SEPTIEMBRE DE 2022, A LAS 10:00 HORAS\" data-order=\"02 DE SEPTIEMBRE DE 2022, A LAS 10:00 HORAS\" >02 DE SEPTIEMBRE DE 2022, A LAS 10:00 HORAS <\/td><td data-cell-id=\"B56\" data-x=\"1\" data-y=\"56\" data-db-index=\"56\" class=\"fsize-18\" data-cell-type=\"text\" data-original-value=\"PAUL ALFREDO ARCE ONTIVEROS, EN SU CAR\u00c1CTER DE COORDINADOR PARLAMENTARIO DE MOVIMIENTO CIUDADANO, VICEPRESIDENTE DE LA DIPUTACI\u00d3N PERMANENTE Y VICEPRESIDENTE DE LA JUNTA DE GOBIERNO Y ADMINISTRACI\u00d3N; M\u00d3NICA FERN\u00c1NDEZ MONT\u00daFAR, EN SU CAR\u00c1CTER DE SUBCOORDINADORA PARLAMENTARIO DE MOVIMIENTO CIUDADANO; DANIELA GUADALUPE MART\u00cdNEZ HERN\u00c1NDEZ, EN SU CAR\u00c1CTER DE DIPUTADA ELECTA POR EL DISTRITO 02; HIPSI MARISOL ESTRELLA GUILLERMO, EN SU CAR\u00c1CTER DE DIPUTADA ELECTA POR EL DISTRITO 03; C. JES\u00daS HUMBERTO AGUILAR D\u00cdAZ, EN SU CAR\u00c1CTER DE DIPUTADO ELECTO POR EL DISTRITO 04 Y, TERESA FAR\u00cdAS GONZ\u00c1LEZ, EN SU CAR\u00c1CTER DE DIPUTADA ELECTA POR EL PRINCIPIO DE REPRESENTACI\u00d3N PROPORCIONAL\" data-order=\"PAUL ALFREDO ARCE ONTIVEROS, EN SU CAR\u00c1CTER DE COORDINADOR PARLAMENTARIO DE MOVIMIENTO CIUDADANO, VICEPRESIDENTE DE LA DIPUTACI\u00d3N PERMANENTE Y VICEPRESIDENTE DE LA JUNTA DE GOBIERNO Y ADMINISTRACI\u00d3N; M\u00d3NICA FERN\u00c1NDEZ MONT\u00daFAR, EN SU CAR\u00c1CTER DE SUBCOORDINADORA PARLAMENTARIO DE MOVIMIENTO CIUDADANO; DANIELA GUADALUPE MART\u00cdNEZ HERN\u00c1NDEZ, EN SU CAR\u00c1CTER DE DIPUTADA ELECTA POR EL DISTRITO 02; HIPSI MARISOL ESTRELLA GUILLERMO, EN SU CAR\u00c1CTER DE DIPUTADA ELECTA POR EL DISTRITO 03; C. JES\u00daS HUMBERTO AGUILAR D\u00cdAZ, EN SU CAR\u00c1CTER DE DIPUTADO ELECTO POR EL DISTRITO 04 Y, TERESA FAR\u00cdAS GONZ\u00c1LEZ, EN SU CAR\u00c1CTER DE DIPUTADA ELECTA POR EL PRINCIPIO DE REPRESENTACI\u00d3N PROPORCIONAL\" >PAUL ALFREDO ARCE ONTIVEROS, EN SU CAR\u00c1CTER DE COORDINADOR PARLAMENTARIO DE MOVIMIENTO CIUDADANO, VICEPRESIDENTE DE LA DIPUTACI\u00d3N PERMANENTE Y VICEPRESIDENTE DE LA JUNTA DE GOBIERNO Y ADMINISTRACI\u00d3N; M\u00d3NICA FERN\u00c1NDEZ MONT\u00daFAR, EN SU CAR\u00c1CTER DE SUBCOORDINADORA PARLAMENTARIO DE MOVIMIENTO CIUDADANO; DANIELA GUADALUPE MART\u00cdNEZ HERN\u00c1NDEZ, EN SU CAR\u00c1CTER DE DIPUTADA ELECTA POR EL DISTRITO 02; HIPSI MARISOL ESTRELLA GUILLERMO, EN SU CAR\u00c1CTER DE DIPUTADA ELECTA POR EL DISTRITO 03; C. JES\u00daS HUMBERTO AGUILAR D\u00cdAZ, EN SU CAR\u00c1CTER DE DIPUTADO ELECTO POR EL DISTRITO 04 Y, TERESA FAR\u00cdAS GONZ\u00c1LEZ, EN SU CAR\u00c1CTER DE DIPUTADA ELECTA POR EL PRINCIPIO DE REPRESENTACI\u00d3N PROPORCIONAL <\/td><td data-cell-id=\"C56\" data-x=\"2\" data-y=\"56\" data-db-index=\"56\" class=\"fsize-18\" data-cell-type=\"text\" data-original-value=\"DIPUTACI\u00d3N PERMANENTE DE LA LXIV LEGISLATURA DEL CONGRESO DEL ESTADO DE CAMPECHE Y LA JUNTA DE GOBIERNO Y ADMINISTRACION DE LA LXIV LEGISLATURA DEL CONGRESO DEL ESTADO DE CAMPECHE\" data-order=\"DIPUTACI\u00d3N PERMANENTE DE LA LXIV LEGISLATURA DEL CONGRESO DEL ESTADO DE CAMPECHE Y LA JUNTA DE GOBIERNO Y ADMINISTRACION DE LA LXIV LEGISLATURA DEL CONGRESO DEL ESTADO DE CAMPECHE\" >DIPUTACI\u00d3N PERMANENTE DE LA LXIV LEGISLATURA DEL CONGRESO DEL ESTADO DE CAMPECHE Y LA JUNTA DE GOBIERNO Y ADMINISTRACION DE LA LXIV LEGISLATURA DEL CONGRESO DEL ESTADO DE CAMPECHE <\/td><td data-cell-id=\"D56\" data-x=\"3\" data-y=\"56\" data-db-index=\"56\" class=\"fsize-18\" data-cell-type=\"text\" data-original-value=\"&lt;a href=&quot;https:\/\/teec.org.mx\/web\/wp-content\/uploads\/2022\/09\/TEEC-JE-17-2022-02-09-2022.pdf&quot; target=&quot;_blank&quot;&gt;TEEC\/JE\/17\/2022 (ACUERDO DE ACUMULACI\u00d3N Y SE FIJA FECHA Y HOARA PARA SESI\u00d3N PRIVADA)&lt;\/a&gt;\" data-order=\"&lt;a href=&quot;https:\/\/teec.org.mx\/web\/wp-content\/uploads\/2022\/09\/TEEC-JE-17-2022-02-09-2022.pdf&quot; target=&quot;_blank&quot;&gt;TEEC\/JE\/17\/2022 (ACUERDO DE ACUMULACI\u00d3N Y SE FIJA FECHA Y HOARA PARA SESI\u00d3N PRIVADA)&lt;\/a&gt;\" ><a href=\"https:\/\/teec.org.mx\/web\/wp-content\/uploads\/2022\/09\/TEEC-JE-17-2022-02-09-2022.pdf\" target=\"_blank\">TEEC\/JE\/17\/2022 (ACUERDO DE ACUMULACI\u00d3N Y SE FIJA FECHA Y HOARA PARA SESI\u00d3N PRIVADA)<\/a><\/td><\/tr><tr style=\"height:px\" ><td data-cell-id=\"A57\" data-x=\"0\" data-y=\"57\" data-db-index=\"57\" class=\"fsize-18\" data-cell-type=\"text\" data-original-value=\"02 DE SEPTIEMBRE DE 2022, A LAS 09:30 HORAS\" data-order=\"02 DE SEPTIEMBRE DE 2022, A LAS 09:30 HORAS\" >02 DE SEPTIEMBRE DE 2022, A LAS 09:30 HORAS <\/td><td data-cell-id=\"B57\" data-x=\"1\" data-y=\"57\" data-db-index=\"57\" class=\"fsize-18\" data-cell-type=\"text\" data-original-value=\"JUAN CARLOS MENA ZAPATA Y OTROS\" data-order=\"JUAN CARLOS MENA ZAPATA Y OTROS\" >JUAN CARLOS MENA ZAPATA Y OTROS <\/td><td data-cell-id=\"C57\" data-x=\"2\" data-y=\"57\" data-db-index=\"57\" class=\"fsize-18\" data-cell-type=\"text\" data-original-value=\"INSTITUTO ELECTORAL DEL ESTADO DE CAMPECHE\" data-order=\"INSTITUTO ELECTORAL DEL ESTADO DE CAMPECHE\" >INSTITUTO ELECTORAL DEL ESTADO DE CAMPECHE <\/td><td data-cell-id=\"D57\" data-x=\"3\" data-y=\"57\" data-db-index=\"57\" class=\"fsize-18\" data-cell-type=\"text\" data-original-value=\"&lt;a href=&quot;https:\/\/teec.org.mx\/web\/wp-content\/uploads\/2022\/09\/TEEC-JE-7-2022-02-09-2022.pdf&quot; target=&quot;_blank&quot;&gt;TEEC\/JE\/7\/2022 (ACUERDO DE TURNO DE DOCUMENTACI\u00d3N)&lt;\/a&gt;\" data-order=\"&lt;a href=&quot;https:\/\/teec.org.mx\/web\/wp-content\/uploads\/2022\/09\/TEEC-JE-7-2022-02-09-2022.pdf&quot; target=&quot;_blank&quot;&gt;TEEC\/JE\/7\/2022 (ACUERDO DE TURNO DE DOCUMENTACI\u00d3N)&lt;\/a&gt;\" ><a href=\"https:\/\/teec.org.mx\/web\/wp-content\/uploads\/2022\/09\/TEEC-JE-7-2022-02-09-2022.pdf\" target=\"_blank\">TEEC\/JE\/7\/2022 (ACUERDO DE TURNO DE DOCUMENTACI\u00d3N)<\/a><\/td><\/tr><tr style=\"height:px\" ><td data-cell-id=\"A58\" data-x=\"0\" data-y=\"58\" data-db-index=\"58\" class=\"fsize-18\" data-cell-type=\"text\" data-original-value=\"01 DE SEPTIEMBRE DE 2022, A LAS 13:00 HORAS\" data-order=\"01 DE SEPTIEMBRE DE 2022, A LAS 13:00 HORAS\" >01 DE SEPTIEMBRE DE 2022, A LAS 13:00 HORAS <\/td><td data-cell-id=\"B58\" data-x=\"1\" data-y=\"58\" data-db-index=\"58\" class=\"fsize-18\" data-cell-type=\"text\" data-original-value=\"PAUL ALFREDO ARCE ONTIVEROS, EN SU CAR\u00c1CTER DE COORDINADOR PARLAMENTARIO DE MOVIMIENTO CIUDADANO, VICEPRESIDENTE DE LA DIPUTACI\u00d3N PERMANENTE Y VICEPRESIDENTE DE LA JUNTA DE GOBIERNO Y ADMINISTRACI\u00d3N; M\u00d3NICA FERN\u00c1NDEZ MONT\u00daFAR, EN SU CAR\u00c1CTER DE SUBCOORDINADORA PARLAMENTARIO DE MOVIMIENTO CIUDADANO; DANIELA GUADALUPE MART\u00cdNEZ HERN\u00c1NDEZ, EN SU CAR\u00c1CTER DE DIPUTADA ELECTA POR EL DISTRITO 02; HIPSI MARISOL ESTRELLA GUILLERMO, EN SU CAR\u00c1CTER DE DIPUTADA ELECTA POR EL DISTRITO 03; C. JES\u00daS HUMBERTO AGUILAR D\u00cdAZ, EN SU CAR\u00c1CTER DE DIPUTADO ELECTO POR EL DISTRITO 04 Y, TERESA FAR\u00cdAS GONZ\u00c1LEZ, EN SU CAR\u00c1CTER DE DIPUTADA ELECTA POR EL PRINCIPIO DE REPRESENTACI\u00d3N PROPORCIONAL\" data-order=\"PAUL ALFREDO ARCE ONTIVEROS, EN SU CAR\u00c1CTER DE COORDINADOR PARLAMENTARIO DE MOVIMIENTO CIUDADANO, VICEPRESIDENTE DE LA DIPUTACI\u00d3N PERMANENTE Y VICEPRESIDENTE DE LA JUNTA DE GOBIERNO Y ADMINISTRACI\u00d3N; M\u00d3NICA FERN\u00c1NDEZ MONT\u00daFAR, EN SU CAR\u00c1CTER DE SUBCOORDINADORA PARLAMENTARIO DE MOVIMIENTO CIUDADANO; DANIELA GUADALUPE MART\u00cdNEZ HERN\u00c1NDEZ, EN SU CAR\u00c1CTER DE DIPUTADA ELECTA POR EL DISTRITO 02; HIPSI MARISOL ESTRELLA GUILLERMO, EN SU CAR\u00c1CTER DE DIPUTADA ELECTA POR EL DISTRITO 03; C. JES\u00daS HUMBERTO AGUILAR D\u00cdAZ, EN SU CAR\u00c1CTER DE DIPUTADO ELECTO POR EL DISTRITO 04 Y, TERESA FAR\u00cdAS GONZ\u00c1LEZ, EN SU CAR\u00c1CTER DE DIPUTADA ELECTA POR EL PRINCIPIO DE REPRESENTACI\u00d3N PROPORCIONAL\" >PAUL ALFREDO ARCE ONTIVEROS, EN SU CAR\u00c1CTER DE COORDINADOR PARLAMENTARIO DE MOVIMIENTO CIUDADANO, VICEPRESIDENTE DE LA DIPUTACI\u00d3N PERMANENTE Y VICEPRESIDENTE DE LA JUNTA DE GOBIERNO Y ADMINISTRACI\u00d3N; M\u00d3NICA FERN\u00c1NDEZ MONT\u00daFAR, EN SU CAR\u00c1CTER DE SUBCOORDINADORA PARLAMENTARIO DE MOVIMIENTO CIUDADANO; DANIELA GUADALUPE MART\u00cdNEZ HERN\u00c1NDEZ, EN SU CAR\u00c1CTER DE DIPUTADA ELECTA POR EL DISTRITO 02; HIPSI MARISOL ESTRELLA GUILLERMO, EN SU CAR\u00c1CTER DE DIPUTADA ELECTA POR EL DISTRITO 03; C. JES\u00daS HUMBERTO AGUILAR D\u00cdAZ, EN SU CAR\u00c1CTER DE DIPUTADO ELECTO POR EL DISTRITO 04 Y, TERESA FAR\u00cdAS GONZ\u00c1LEZ, EN SU CAR\u00c1CTER DE DIPUTADA ELECTA POR EL PRINCIPIO DE REPRESENTACI\u00d3N PROPORCIONAL <\/td><td data-cell-id=\"C58\" data-x=\"2\" data-y=\"58\" data-db-index=\"58\" class=\"fsize-18\" data-cell-type=\"text\" data-original-value=\"DIPUTACI\u00d3N PERMANENTE DE LA LXIV LEGISLATURA DEL CONGRESO DEL ESTADO DE CAMPECHE Y LA JUNTA DE GOBIERNO Y ADMINISTRACION DE LA LXIV LEGISLATURA DEL CONGRESO DEL ESTADO DE CAMPECHE\" data-order=\"DIPUTACI\u00d3N PERMANENTE DE LA LXIV LEGISLATURA DEL CONGRESO DEL ESTADO DE CAMPECHE Y LA JUNTA DE GOBIERNO Y ADMINISTRACION DE LA LXIV LEGISLATURA DEL CONGRESO DEL ESTADO DE CAMPECHE\" >DIPUTACI\u00d3N PERMANENTE DE LA LXIV LEGISLATURA DEL CONGRESO DEL ESTADO DE CAMPECHE Y LA JUNTA DE GOBIERNO Y ADMINISTRACION DE LA LXIV LEGISLATURA DEL CONGRESO DEL ESTADO DE CAMPECHE <\/td><td data-cell-id=\"D58\" data-x=\"3\" data-y=\"58\" data-db-index=\"58\" class=\"fsize-18\" data-cell-type=\"text\" data-original-value=\"&lt;a href=&quot;https:\/\/teec.org.mx\/web\/wp-content\/uploads\/2022\/09\/TEEC-JE-17-2022-01-09-2022.pdf&quot; target=&quot;_blank&quot;&gt;TEEC\/JE\/17\/2022 (ACUERDO DE TURNO DE DOCUMENTACI\u00d3N)&lt;\/a&gt;\" data-order=\"&lt;a href=&quot;https:\/\/teec.org.mx\/web\/wp-content\/uploads\/2022\/09\/TEEC-JE-17-2022-01-09-2022.pdf&quot; target=&quot;_blank&quot;&gt;TEEC\/JE\/17\/2022 (ACUERDO DE TURNO DE DOCUMENTACI\u00d3N)&lt;\/a&gt;\" ><a href=\"https:\/\/teec.org.mx\/web\/wp-content\/uploads\/2022\/09\/TEEC-JE-17-2022-01-09-2022.pdf\" target=\"_blank\">TEEC\/JE\/17\/2022 (ACUERDO DE TURNO DE DOCUMENTACI\u00d3N)<\/a><\/td><\/tr><tr style=\"height:px\" ><td data-cell-id=\"A59\" data-x=\"0\" data-y=\"59\" data-db-index=\"59\" class=\"fsize-18\" data-cell-type=\"text\" data-original-value=\"31 DE AGOSTO DE 2022, A LAS 12:30 HORAS\" data-order=\"31 DE AGOSTO DE 2022, A LAS 12:30 HORAS\" >31 DE AGOSTO DE 2022, A LAS 12:30 HORAS <\/td><td data-cell-id=\"B59\" data-x=\"1\" data-y=\"59\" data-db-index=\"59\" class=\"fsize-18\" data-cell-type=\"text\" data-original-value=\"PAUL ALFREDO ARCE ONTIVEROS, EN SU CAR\u00c1CTER DE COORDINADOR PARLAMENTARIO DE MOVIMIENTO CIUDADANO, VICEPRESIDENTE DE LA DIPUTACI\u00d3N PERMANENTE Y VICEPRESIDENTE DE LA JUNTA DE GOBIERNO Y ADMINISTRACI\u00d3N; M\u00d3NICA FERN\u00c1NDEZ MONT\u00daFAR, EN SU CAR\u00c1CTER DE SUBCOORDINADORA PARLAMENTARIO DE MOVIMIENTO CIUDADANO; DANIELA GUADALUPE MART\u00cdNEZ HERN\u00c1NDEZ, EN SU CAR\u00c1CTER DE DIPUTADA ELECTA POR EL DISTRITO 02; HIPSI MARISOL ESTRELLA GUILLERMO, EN SU CAR\u00c1CTER DE DIPUTADA ELECTA POR EL DISTRITO 03; C. JES\u00daS HUMBERTO AGUILAR D\u00cdAZ, EN SU CAR\u00c1CTER DE DIPUTADO ELECTO POR EL DISTRITO 04 Y, TERESA FAR\u00cdAS GONZ\u00c1LEZ, EN SU CAR\u00c1CTER DE DIPUTADA ELECTA POR EL PRINCIPIO DE REPRESENTACI\u00d3N PROPORCIONAL\" data-order=\"PAUL ALFREDO ARCE ONTIVEROS, EN SU CAR\u00c1CTER DE COORDINADOR PARLAMENTARIO DE MOVIMIENTO CIUDADANO, VICEPRESIDENTE DE LA DIPUTACI\u00d3N PERMANENTE Y VICEPRESIDENTE DE LA JUNTA DE GOBIERNO Y ADMINISTRACI\u00d3N; M\u00d3NICA FERN\u00c1NDEZ MONT\u00daFAR, EN SU CAR\u00c1CTER DE SUBCOORDINADORA PARLAMENTARIO DE MOVIMIENTO CIUDADANO; DANIELA GUADALUPE MART\u00cdNEZ HERN\u00c1NDEZ, EN SU CAR\u00c1CTER DE DIPUTADA ELECTA POR EL DISTRITO 02; HIPSI MARISOL ESTRELLA GUILLERMO, EN SU CAR\u00c1CTER DE DIPUTADA ELECTA POR EL DISTRITO 03; C. JES\u00daS HUMBERTO AGUILAR D\u00cdAZ, EN SU CAR\u00c1CTER DE DIPUTADO ELECTO POR EL DISTRITO 04 Y, TERESA FAR\u00cdAS GONZ\u00c1LEZ, EN SU CAR\u00c1CTER DE DIPUTADA ELECTA POR EL PRINCIPIO DE REPRESENTACI\u00d3N PROPORCIONAL\" >PAUL ALFREDO ARCE ONTIVEROS, EN SU CAR\u00c1CTER DE COORDINADOR PARLAMENTARIO DE MOVIMIENTO CIUDADANO, VICEPRESIDENTE DE LA DIPUTACI\u00d3N PERMANENTE Y VICEPRESIDENTE DE LA JUNTA DE GOBIERNO Y ADMINISTRACI\u00d3N; M\u00d3NICA FERN\u00c1NDEZ MONT\u00daFAR, EN SU CAR\u00c1CTER DE SUBCOORDINADORA PARLAMENTARIO DE MOVIMIENTO CIUDADANO; DANIELA GUADALUPE MART\u00cdNEZ HERN\u00c1NDEZ, EN SU CAR\u00c1CTER DE DIPUTADA ELECTA POR EL DISTRITO 02; HIPSI MARISOL ESTRELLA GUILLERMO, EN SU CAR\u00c1CTER DE DIPUTADA ELECTA POR EL DISTRITO 03; C. JES\u00daS HUMBERTO AGUILAR D\u00cdAZ, EN SU CAR\u00c1CTER DE DIPUTADO ELECTO POR EL DISTRITO 04 Y, TERESA FAR\u00cdAS GONZ\u00c1LEZ, EN SU CAR\u00c1CTER DE DIPUTADA ELECTA POR EL PRINCIPIO DE REPRESENTACI\u00d3N PROPORCIONAL <\/td><td data-cell-id=\"C59\" data-x=\"2\" data-y=\"59\" data-db-index=\"59\" class=\"fsize-18\" data-cell-type=\"text\" data-original-value=\"DIPUTACI\u00d3N PERMANENTE DE LA LXIV LEGISLATURA DEL CONGRESO DEL ESTADO DE CAMPECHE Y LA JUNTA DE GOBIERNO Y ADMINISTRACION DE LA LXIV LEGISLATURA DEL CONGRESO DEL ESTADO DE CAMPECHE\" data-order=\"DIPUTACI\u00d3N PERMANENTE DE LA LXIV LEGISLATURA DEL CONGRESO DEL ESTADO DE CAMPECHE Y LA JUNTA DE GOBIERNO Y ADMINISTRACION DE LA LXIV LEGISLATURA DEL CONGRESO DEL ESTADO DE CAMPECHE\" >DIPUTACI\u00d3N PERMANENTE DE LA LXIV LEGISLATURA DEL CONGRESO DEL ESTADO DE CAMPECHE Y LA JUNTA DE GOBIERNO Y ADMINISTRACION DE LA LXIV LEGISLATURA DEL CONGRESO DEL ESTADO DE CAMPECHE <\/td><td data-cell-id=\"D59\" data-x=\"3\" data-y=\"59\" data-db-index=\"59\" class=\"fsize-18\" data-cell-type=\"text\" data-original-value=\"&lt;a href=&quot;https:\/\/teec.org.mx\/web\/wp-content\/uploads\/2022\/08\/TEEC-JE-17-2022-2do-acu.-31-08-2022.pdf&quot; target=&quot;_blank&quot;&gt;TEEC\/JE\/17\/2022 (ACUERDO DE ACUMULACI\u00d3N)&lt;\/a&gt;\" data-order=\"&lt;a href=&quot;https:\/\/teec.org.mx\/web\/wp-content\/uploads\/2022\/08\/TEEC-JE-17-2022-2do-acu.-31-08-2022.pdf&quot; target=&quot;_blank&quot;&gt;TEEC\/JE\/17\/2022 (ACUERDO DE ACUMULACI\u00d3N)&lt;\/a&gt;\" ><a href=\"https:\/\/teec.org.mx\/web\/wp-content\/uploads\/2022\/08\/TEEC-JE-17-2022-2do-acu.-31-08-2022.pdf\" target=\"_blank\">TEEC\/JE\/17\/2022 (ACUERDO DE ACUMULACI\u00d3N)<\/a><\/td><\/tr><tr style=\"height:px\" ><td data-cell-id=\"A60\" data-x=\"0\" data-y=\"60\" data-db-index=\"60\" class=\"fsize-18\" data-cell-type=\"text\" data-original-value=\"31 DE AGOSTO DE 2022, A LAS 11:35 HORAS\" data-order=\"31 DE AGOSTO DE 2022, A LAS 11:35 HORAS\" >31 DE AGOSTO DE 2022, A LAS 11:35 HORAS <\/td><td data-cell-id=\"B60\" data-x=\"1\" data-y=\"60\" data-db-index=\"60\" class=\"fsize-18\" data-cell-type=\"text\" data-original-value=\"PAUL ALFREDO ARCE ONTIVEROS, EN SU CAR\u00c1CTER DE COORDINADOR PARLAMENTARIO DE MOVIMIENTO CIUDADANO, VICEPRESIDENTE DE LA DIPUTACI\u00d3N PERMANENTE Y VICEPRESIDENTE DE LA JUNTA DE GOBIERNO Y ADMINISTRACI\u00d3N; M\u00d3NICA FERN\u00c1NDEZ MONT\u00daFAR, EN SU CAR\u00c1CTER DE SUBCOORDINADORA PARLAMENTARIO DE MOVIMIENTO CIUDADANO; DANIELA GUADALUPE MART\u00cdNEZ HERN\u00c1NDEZ, EN SU CAR\u00c1CTER DE DIPUTADA ELECTA POR EL DISTRITO 02; HIPSI MARISOL ESTRELLA GUILLERMO, EN SU CAR\u00c1CTER DE DIPUTADA ELECTA POR EL DISTRITO 03; C. JES\u00daS HUMBERTO AGUILAR D\u00cdAZ, EN SU CAR\u00c1CTER DE DIPUTADO ELECTO POR EL DISTRITO 04 Y, TERESA FAR\u00cdAS GONZ\u00c1LEZ, EN SU CAR\u00c1CTER DE DIPUTADA ELECTA POR EL PRINCIPIO DE REPRESENTACI\u00d3N PROPORCIONAL\" data-order=\"PAUL ALFREDO ARCE ONTIVEROS, EN SU CAR\u00c1CTER DE COORDINADOR PARLAMENTARIO DE MOVIMIENTO CIUDADANO, VICEPRESIDENTE DE LA DIPUTACI\u00d3N PERMANENTE Y VICEPRESIDENTE DE LA JUNTA DE GOBIERNO Y ADMINISTRACI\u00d3N; M\u00d3NICA FERN\u00c1NDEZ MONT\u00daFAR, EN SU CAR\u00c1CTER DE SUBCOORDINADORA PARLAMENTARIO DE MOVIMIENTO CIUDADANO; DANIELA GUADALUPE MART\u00cdNEZ HERN\u00c1NDEZ, EN SU CAR\u00c1CTER DE DIPUTADA ELECTA POR EL DISTRITO 02; HIPSI MARISOL ESTRELLA GUILLERMO, EN SU CAR\u00c1CTER DE DIPUTADA ELECTA POR EL DISTRITO 03; C. JES\u00daS HUMBERTO AGUILAR D\u00cdAZ, EN SU CAR\u00c1CTER DE DIPUTADO ELECTO POR EL DISTRITO 04 Y, TERESA FAR\u00cdAS GONZ\u00c1LEZ, EN SU CAR\u00c1CTER DE DIPUTADA ELECTA POR EL PRINCIPIO DE REPRESENTACI\u00d3N PROPORCIONAL\" >PAUL ALFREDO ARCE ONTIVEROS, EN SU CAR\u00c1CTER DE COORDINADOR PARLAMENTARIO DE MOVIMIENTO CIUDADANO, VICEPRESIDENTE DE LA DIPUTACI\u00d3N PERMANENTE Y VICEPRESIDENTE DE LA JUNTA DE GOBIERNO Y ADMINISTRACI\u00d3N; M\u00d3NICA FERN\u00c1NDEZ MONT\u00daFAR, EN SU CAR\u00c1CTER DE SUBCOORDINADORA PARLAMENTARIO DE MOVIMIENTO CIUDADANO; DANIELA GUADALUPE MART\u00cdNEZ HERN\u00c1NDEZ, EN SU CAR\u00c1CTER DE DIPUTADA ELECTA POR EL DISTRITO 02; HIPSI MARISOL ESTRELLA GUILLERMO, EN SU CAR\u00c1CTER DE DIPUTADA ELECTA POR EL DISTRITO 03; C. JES\u00daS HUMBERTO AGUILAR D\u00cdAZ, EN SU CAR\u00c1CTER DE DIPUTADO ELECTO POR EL DISTRITO 04 Y, TERESA FAR\u00cdAS GONZ\u00c1LEZ, EN SU CAR\u00c1CTER DE DIPUTADA ELECTA POR EL PRINCIPIO DE REPRESENTACI\u00d3N PROPORCIONAL <\/td><td data-cell-id=\"C60\" data-x=\"2\" data-y=\"60\" data-db-index=\"60\" class=\"fsize-18\" data-cell-type=\"text\" data-original-value=\"DIPUTACI\u00d3N PERMANENTE DE LA LXIV LEGISLATURA DEL CONGRESO DEL ESTADO DE CAMPECHE Y LA JUNTA DE GOBIERNO Y ADMINISTRACION DE LA LXIV LEGISLATURA DEL CONGRESO DEL ESTADO DE CAMPECHE\" data-order=\"DIPUTACI\u00d3N PERMANENTE DE LA LXIV LEGISLATURA DEL CONGRESO DEL ESTADO DE CAMPECHE Y LA JUNTA DE GOBIERNO Y ADMINISTRACION DE LA LXIV LEGISLATURA DEL CONGRESO DEL ESTADO DE CAMPECHE\" >DIPUTACI\u00d3N PERMANENTE DE LA LXIV LEGISLATURA DEL CONGRESO DEL ESTADO DE CAMPECHE Y LA JUNTA DE GOBIERNO Y ADMINISTRACION DE LA LXIV LEGISLATURA DEL CONGRESO DEL ESTADO DE CAMPECHE <\/td><td data-cell-id=\"D60\" data-x=\"3\" data-y=\"60\" data-db-index=\"60\" class=\"fsize-18\" data-cell-type=\"text\" data-original-value=\"&lt;a href=&quot;https:\/\/teec.org.mx\/web\/wp-content\/uploads\/2022\/08\/TEEC-JE-17-2022-31-08-2022.pdf&quot; target=&quot;_blank&quot;&gt;TEEC\/JE\/17\/2022 (ACUERDO DE TURNO DE DOCUMENTACI\u00d3N)&lt;\/a&gt;\" data-order=\"&lt;a href=&quot;https:\/\/teec.org.mx\/web\/wp-content\/uploads\/2022\/08\/TEEC-JE-17-2022-31-08-2022.pdf&quot; target=&quot;_blank&quot;&gt;TEEC\/JE\/17\/2022 (ACUERDO DE TURNO DE DOCUMENTACI\u00d3N)&lt;\/a&gt;\" ><a href=\"https:\/\/teec.org.mx\/web\/wp-content\/uploads\/2022\/08\/TEEC-JE-17-2022-31-08-2022.pdf\" target=\"_blank\">TEEC\/JE\/17\/2022 (ACUERDO DE TURNO DE DOCUMENTACI\u00d3N)<\/a><\/td><\/tr><tr style=\"height:px\" ><td data-cell-id=\"A61\" data-x=\"0\" data-y=\"61\" data-db-index=\"61\" class=\"fsize-18\" data-cell-type=\"text\" data-original-value=\"31 DE AGOSTO DE 2022, A LAS 11:00 HORAS\" data-order=\"31 DE AGOSTO DE 2022, A LAS 11:00 HORAS\" >31 DE AGOSTO DE 2022, A LAS 11:00 HORAS <\/td><td data-cell-id=\"B61\" data-x=\"1\" data-y=\"61\" data-db-index=\"61\" class=\"fsize-18\" data-cell-type=\"text\" data-original-value=\"JUAN CARLOS MENA ZAPATA, F\u00c1TIMA GISSELLE MEUNIER ROSAS, ABNER RONCES MEX, CLARA CONCEPCI\u00d3N CASTRO G\u00d3MEZ, DANNY ALBERTO G\u00d3NGORA MOO Y NADINE ABIGAIL MOGUEL CEBALLOS, EN SU CALIDAD DE CONSEJERAS Y CONSEJEROS ELECTORALES DEL INSTITUTO ELECTORAL DEL ESTADO DE CAMPECHE\" data-order=\"JUAN CARLOS MENA ZAPATA, F\u00c1TIMA GISSELLE MEUNIER ROSAS, ABNER RONCES MEX, CLARA CONCEPCI\u00d3N CASTRO G\u00d3MEZ, DANNY ALBERTO G\u00d3NGORA MOO Y NADINE ABIGAIL MOGUEL CEBALLOS, EN SU CALIDAD DE CONSEJERAS Y CONSEJEROS ELECTORALES DEL INSTITUTO ELECTORAL DEL ESTADO DE CAMPECHE\" >JUAN CARLOS MENA ZAPATA, F\u00c1TIMA GISSELLE MEUNIER ROSAS, ABNER RONCES MEX, CLARA CONCEPCI\u00d3N CASTRO G\u00d3MEZ, DANNY ALBERTO G\u00d3NGORA MOO Y NADINE ABIGAIL MOGUEL CEBALLOS, EN SU CALIDAD DE CONSEJERAS Y CONSEJEROS ELECTORALES DEL INSTITUTO ELECTORAL DEL ESTADO DE CAMPECHE <\/td><td data-cell-id=\"C61\" data-x=\"2\" data-y=\"61\" data-db-index=\"61\" class=\"fsize-18\" data-cell-type=\"text\" data-original-value=\"LIRIO GUADALUPE SUAREZ AMENDOLA EN SU CAR\u00c1CTER DE CONSEJERA PRESIDENTA DEL CONSEJO GENERAL DEL INSTITUTO ELECTORAL DEL ESTADO DE CAMPECHE\" data-order=\"LIRIO GUADALUPE SUAREZ AMENDOLA EN SU CAR\u00c1CTER DE CONSEJERA PRESIDENTA DEL CONSEJO GENERAL DEL INSTITUTO ELECTORAL DEL ESTADO DE CAMPECHE\" >LIRIO GUADALUPE SUAREZ AMENDOLA EN SU CAR\u00c1CTER DE CONSEJERA PRESIDENTA DEL CONSEJO GENERAL DEL INSTITUTO ELECTORAL DEL ESTADO DE CAMPECHE <\/td><td data-cell-id=\"D61\" data-x=\"3\" data-y=\"61\" data-db-index=\"61\" class=\"fsize-18\" data-cell-type=\"text\" data-original-value=\"&lt;a href=&quot;https:\/\/teec.org.mx\/web\/wp-content\/uploads\/2022\/08\/TEEC-JE-9-2022-2do-acu.-31-08-2022.pdf&quot; target=&quot;_blank&quot;&gt;TEEC\/JE\/9\/2022 Y ACUMULADOS TEEC\/JE\/10\/2022, TEEC\/JE\/11\/2022, TEEC\/JE\/12\/2022, TEEC\/JE\/13\/2022, TEEC\/JE\/14\/2022 Y TEEC\/JE\/15\/2022 (SE FIJA FECHA Y HORA PARA SESI\u00d3N P\u00daBLICA VIRTUAL)&lt;\/a&gt;\" data-order=\"&lt;a href=&quot;https:\/\/teec.org.mx\/web\/wp-content\/uploads\/2022\/08\/TEEC-JE-9-2022-2do-acu.-31-08-2022.pdf&quot; target=&quot;_blank&quot;&gt;TEEC\/JE\/9\/2022 Y ACUMULADOS TEEC\/JE\/10\/2022, TEEC\/JE\/11\/2022, TEEC\/JE\/12\/2022, TEEC\/JE\/13\/2022, TEEC\/JE\/14\/2022 Y TEEC\/JE\/15\/2022 (SE FIJA FECHA Y HORA PARA SESI\u00d3N P\u00daBLICA VIRTUAL)&lt;\/a&gt;\" ><a href=\"https:\/\/teec.org.mx\/web\/wp-content\/uploads\/2022\/08\/TEEC-JE-9-2022-2do-acu.-31-08-2022.pdf\" target=\"_blank\">TEEC\/JE\/9\/2022 Y ACUMULADOS TEEC\/JE\/10\/2022, TEEC\/JE\/11\/2022, TEEC\/JE\/12\/2022, TEEC\/JE\/13\/2022, TEEC\/JE\/14\/2022 Y TEEC\/JE\/15\/2022 (SE FIJA FECHA Y HORA PARA SESI\u00d3N P\u00daBLICA VIRTUAL)<\/a><\/td><\/tr><tr style=\"height:px\" ><td data-cell-id=\"A62\" data-x=\"0\" data-y=\"62\" data-db-index=\"62\" class=\"fsize-18\" data-cell-type=\"text\" data-original-value=\"31 DE AGOSTO DE 2022, A LAS 9:30 HORAS\" data-order=\"31 DE AGOSTO DE 2022, A LAS 9:30 HORAS\" >31 DE AGOSTO DE 2022, A LAS 9:30 HORAS <\/td><td data-cell-id=\"B62\" data-x=\"1\" data-y=\"62\" data-db-index=\"62\" class=\"fsize-18\" data-cell-type=\"text\" data-original-value=\"JUAN CARLOS MENA ZAPATA, F\u00c1TIMA GISSELLE MEUNIER ROSAS, ABNER RONCES MEX, CLARA CONCEPCI\u00d3N CASTRO G\u00d3MEZ, DANNY ALBERTO G\u00d3NGORA MOO Y NADINE ABIGAIL MOGUEL CEBALLOS, EN SU CALIDAD DE CONSEJERAS Y CONSEJEROS ELECTORALES DEL INSTITUTO ELECTORAL DEL ESTADO DE CAMPECHE\" data-order=\"JUAN CARLOS MENA ZAPATA, F\u00c1TIMA GISSELLE MEUNIER ROSAS, ABNER RONCES MEX, CLARA CONCEPCI\u00d3N CASTRO G\u00d3MEZ, DANNY ALBERTO G\u00d3NGORA MOO Y NADINE ABIGAIL MOGUEL CEBALLOS, EN SU CALIDAD DE CONSEJERAS Y CONSEJEROS ELECTORALES DEL INSTITUTO ELECTORAL DEL ESTADO DE CAMPECHE\" >JUAN CARLOS MENA ZAPATA, F\u00c1TIMA GISSELLE MEUNIER ROSAS, ABNER RONCES MEX, CLARA CONCEPCI\u00d3N CASTRO G\u00d3MEZ, DANNY ALBERTO G\u00d3NGORA MOO Y NADINE ABIGAIL MOGUEL CEBALLOS, EN SU CALIDAD DE CONSEJERAS Y CONSEJEROS ELECTORALES DEL INSTITUTO ELECTORAL DEL ESTADO DE CAMPECHE <\/td><td data-cell-id=\"C62\" data-x=\"2\" data-y=\"62\" data-db-index=\"62\" class=\"fsize-18\" data-cell-type=\"text\" data-original-value=\"LIRIO GUADALUPE SUAREZ AMENDOLA EN SU CAR\u00c1CTER DE CONSEJERA PRESIDENTA DEL CONSEJO GENERAL DEL INSTITUTO ELECTORAL DEL ESTADO DE CAMPECHE\" data-order=\"LIRIO GUADALUPE SUAREZ AMENDOLA EN SU CAR\u00c1CTER DE CONSEJERA PRESIDENTA DEL CONSEJO GENERAL DEL INSTITUTO ELECTORAL DEL ESTADO DE CAMPECHE\" >LIRIO GUADALUPE SUAREZ AMENDOLA EN SU CAR\u00c1CTER DE CONSEJERA PRESIDENTA DEL CONSEJO GENERAL DEL INSTITUTO ELECTORAL DEL ESTADO DE CAMPECHE <\/td><td data-cell-id=\"D62\" data-x=\"3\" data-y=\"62\" data-db-index=\"62\" class=\"fsize-18\" data-cell-type=\"text\" data-original-value=\"&lt;a href=&quot;https:\/\/teec.org.mx\/web\/wp-content\/uploads\/2022\/08\/TEEC-JE-9-2022-31-08-2022.pdf&quot; target=&quot;_blank&quot;&gt;TEEC\/JE\/9\/2022 Y ACUMULADOS TEEC\/JE\/10\/2022, TEEC\/JE\/11\/2022, TEEC\/JE\/12\/2022, TEEC\/JE\/13\/2022, TEEC\/JE\/14\/2022 Y TEEC\/JE\/15\/2022 (ACUERDO DE CIERRE DE INSTRUCCI\u00d3N Y SOLICITUD DE FECHA Y HORA DE SESI\u00d3N P\u00daBLICA)&lt;\/a&gt;\" data-order=\"&lt;a href=&quot;https:\/\/teec.org.mx\/web\/wp-content\/uploads\/2022\/08\/TEEC-JE-9-2022-31-08-2022.pdf&quot; target=&quot;_blank&quot;&gt;TEEC\/JE\/9\/2022 Y ACUMULADOS TEEC\/JE\/10\/2022, TEEC\/JE\/11\/2022, TEEC\/JE\/12\/2022, TEEC\/JE\/13\/2022, TEEC\/JE\/14\/2022 Y TEEC\/JE\/15\/2022 (ACUERDO DE CIERRE DE INSTRUCCI\u00d3N Y SOLICITUD DE FECHA Y HORA DE SESI\u00d3N P\u00daBLICA)&lt;\/a&gt;\" ><a href=\"https:\/\/teec.org.mx\/web\/wp-content\/uploads\/2022\/08\/TEEC-JE-9-2022-31-08-2022.pdf\" target=\"_blank\">TEEC\/JE\/9\/2022 Y ACUMULADOS TEEC\/JE\/10\/2022, TEEC\/JE\/11\/2022, TEEC\/JE\/12\/2022, TEEC\/JE\/13\/2022, TEEC\/JE\/14\/2022 Y TEEC\/JE\/15\/2022 (ACUERDO DE CIERRE DE INSTRUCCI\u00d3N Y SOLICITUD DE FECHA Y HORA DE SESI\u00d3N P\u00daBLICA)<\/a><\/td><\/tr><tr style=\"height:px\" ><td data-cell-id=\"A63\" data-x=\"0\" data-y=\"63\" data-db-index=\"63\" class=\"fsize-18\" data-cell-type=\"text\" data-original-value=\"30 DE AGOSTO DE 2022, A LAS 13:00 HORAS\" data-order=\"30 DE AGOSTO DE 2022, A LAS 13:00 HORAS\" >30 DE AGOSTO DE 2022, A LAS 13:00 HORAS <\/td><td data-cell-id=\"B63\" data-x=\"1\" data-y=\"63\" data-db-index=\"63\" class=\"fsize-18\" data-cell-type=\"text\" data-original-value=\"PAUL ALFREDO ARCE ONTIVEROS, EN SU CAR\u00c1CTER DE COORDINADOR PARLAMENTARIO DE MOVIMIENTO CIUDADANO, VICEPRESIDENTE DE LA DIPUTACI\u00d3N PERMANENTE Y VICEPRESIDENTE DE LA JUNTA DE GOBIERNO Y ADMINISTRACI\u00d3N; M\u00d3NICA FERN\u00c1NDEZ MONT\u00daFAR, EN SU CAR\u00c1CTER DE SUBCOORDINADORA PARLAMENTARIO DE MOVIMIENTO CIUDADANO; DANIELA GUADALUPE MART\u00cdNEZ HERN\u00c1NDEZ, EN SU CAR\u00c1CTER DE DIPUTADA ELECTA POR EL DISTRITO 02; HIPSI MARISOL ESTRELLA GUILLERMO, EN SU CAR\u00c1CTER DE DIPUTADA ELECTA POR EL DISTRITO 03; C. JES\u00daS HUMBERTO AGUILAR D\u00cdAZ, EN SU CAR\u00c1CTER DE DIPUTADO ELECTO POR EL DISTRITO 04 Y, TERESA FAR\u00cdAS GONZ\u00c1LEZ, EN SU CAR\u00c1CTER DE DIPUTADA ELECTA POR EL PRINCIPIO DE REPRESENTACI\u00d3N PROPORCIONAL\" data-order=\"PAUL ALFREDO ARCE ONTIVEROS, EN SU CAR\u00c1CTER DE COORDINADOR PARLAMENTARIO DE MOVIMIENTO CIUDADANO, VICEPRESIDENTE DE LA DIPUTACI\u00d3N PERMANENTE Y VICEPRESIDENTE DE LA JUNTA DE GOBIERNO Y ADMINISTRACI\u00d3N; M\u00d3NICA FERN\u00c1NDEZ MONT\u00daFAR, EN SU CAR\u00c1CTER DE SUBCOORDINADORA PARLAMENTARIO DE MOVIMIENTO CIUDADANO; DANIELA GUADALUPE MART\u00cdNEZ HERN\u00c1NDEZ, EN SU CAR\u00c1CTER DE DIPUTADA ELECTA POR EL DISTRITO 02; HIPSI MARISOL ESTRELLA GUILLERMO, EN SU CAR\u00c1CTER DE DIPUTADA ELECTA POR EL DISTRITO 03; C. JES\u00daS HUMBERTO AGUILAR D\u00cdAZ, EN SU CAR\u00c1CTER DE DIPUTADO ELECTO POR EL DISTRITO 04 Y, TERESA FAR\u00cdAS GONZ\u00c1LEZ, EN SU CAR\u00c1CTER DE DIPUTADA ELECTA POR EL PRINCIPIO DE REPRESENTACI\u00d3N PROPORCIONAL\" >PAUL ALFREDO ARCE ONTIVEROS, EN SU CAR\u00c1CTER DE COORDINADOR PARLAMENTARIO DE MOVIMIENTO CIUDADANO, VICEPRESIDENTE DE LA DIPUTACI\u00d3N PERMANENTE Y VICEPRESIDENTE DE LA JUNTA DE GOBIERNO Y ADMINISTRACI\u00d3N; M\u00d3NICA FERN\u00c1NDEZ MONT\u00daFAR, EN SU CAR\u00c1CTER DE SUBCOORDINADORA PARLAMENTARIO DE MOVIMIENTO CIUDADANO; DANIELA GUADALUPE MART\u00cdNEZ HERN\u00c1NDEZ, EN SU CAR\u00c1CTER DE DIPUTADA ELECTA POR EL DISTRITO 02; HIPSI MARISOL ESTRELLA GUILLERMO, EN SU CAR\u00c1CTER DE DIPUTADA ELECTA POR EL DISTRITO 03; C. JES\u00daS HUMBERTO AGUILAR D\u00cdAZ, EN SU CAR\u00c1CTER DE DIPUTADO ELECTO POR EL DISTRITO 04 Y, TERESA FAR\u00cdAS GONZ\u00c1LEZ, EN SU CAR\u00c1CTER DE DIPUTADA ELECTA POR EL PRINCIPIO DE REPRESENTACI\u00d3N PROPORCIONAL <\/td><td data-cell-id=\"C63\" data-x=\"2\" data-y=\"63\" data-db-index=\"63\" class=\"fsize-18\" data-cell-type=\"text\" data-original-value=\"DIPUTACI\u00d3N PERMANENTE DE LA LXIV LEGISLATURA DEL CONGRESO DEL ESTADO DE CAMPECHE Y LA JUNTA DE GOBIERNO Y ADMINISTRACION DE LA LXIV LEGISLATURA DEL CONGRESO DEL ESTADO DE CAMPECHE\" data-order=\"DIPUTACI\u00d3N PERMANENTE DE LA LXIV LEGISLATURA DEL CONGRESO DEL ESTADO DE CAMPECHE Y LA JUNTA DE GOBIERNO Y ADMINISTRACION DE LA LXIV LEGISLATURA DEL CONGRESO DEL ESTADO DE CAMPECHE\" >DIPUTACI\u00d3N PERMANENTE DE LA LXIV LEGISLATURA DEL CONGRESO DEL ESTADO DE CAMPECHE Y LA JUNTA DE GOBIERNO Y ADMINISTRACION DE LA LXIV LEGISLATURA DEL CONGRESO DEL ESTADO DE CAMPECHE <\/td><td data-cell-id=\"D63\" data-x=\"3\" data-y=\"63\" data-db-index=\"63\" class=\"fsize-18\" data-cell-type=\"text\" data-original-value=\"&lt;a href=&quot;https:\/\/teec.org.mx\/web\/wp-content\/uploads\/2022\/08\/TEEC-JE-17-2022-30-08-2022.pdf&quot; target=&quot;_blank&quot;&gt;TEEC\/JE\/17\/2022 (ACUERDO DE RECEPCI\u00d3N Y RADICACI\u00d3N)&lt;\/a&gt;\" data-order=\"&lt;a href=&quot;https:\/\/teec.org.mx\/web\/wp-content\/uploads\/2022\/08\/TEEC-JE-17-2022-30-08-2022.pdf&quot; target=&quot;_blank&quot;&gt;TEEC\/JE\/17\/2022 (ACUERDO DE RECEPCI\u00d3N Y RADICACI\u00d3N)&lt;\/a&gt;\" ><a href=\"https:\/\/teec.org.mx\/web\/wp-content\/uploads\/2022\/08\/TEEC-JE-17-2022-30-08-2022.pdf\" target=\"_blank\">TEEC\/JE\/17\/2022 (ACUERDO DE RECEPCI\u00d3N Y RADICACI\u00d3N)<\/a><\/td><\/tr><tr style=\"height:px\" ><td data-cell-id=\"A64\" data-x=\"0\" data-y=\"64\" data-db-index=\"64\" class=\"fsize-18\" data-cell-type=\"text\" data-original-value=\"30 DE AGOSTO DE 2022, A LAS 11:40 HORAS\" data-order=\"30 DE AGOSTO DE 2022, A LAS 11:40 HORAS\" >30 DE AGOSTO DE 2022, A LAS 11:40 HORAS <\/td><td data-cell-id=\"B64\" data-x=\"1\" data-y=\"64\" data-db-index=\"64\" class=\"fsize-18\" data-cell-type=\"text\" data-original-value=\"LIRIO GUADALUPE SUAREZ AM\u00c9NDOLA, EN SU CALIDAD DE CONSEJERA PRESIDENTA DEL CONSEJO GENERAL DEL INSTITUTO ELECTORAL DEL ESTADO DE CAMPECHE Y FABIOLA MAULE\u00d3N P\u00c9REZ, EN SU CALIDAD DE SECRETARIA EJECUTIVA DEL CONSEJO GENERAL DEL INSTITUTO ELECTORAL DEL ESTADO DE CAMPECHE\" data-order=\"LIRIO GUADALUPE SUAREZ AM\u00c9NDOLA, EN SU CALIDAD DE CONSEJERA PRESIDENTA DEL CONSEJO GENERAL DEL INSTITUTO ELECTORAL DEL ESTADO DE CAMPECHE Y FABIOLA MAULE\u00d3N P\u00c9REZ, EN SU CALIDAD DE SECRETARIA EJECUTIVA DEL CONSEJO GENERAL DEL INSTITUTO ELECTORAL DEL ESTADO DE CAMPECHE\" >LIRIO GUADALUPE SUAREZ AM\u00c9NDOLA, EN SU CALIDAD DE CONSEJERA PRESIDENTA DEL CONSEJO GENERAL DEL INSTITUTO ELECTORAL DEL ESTADO DE CAMPECHE Y FABIOLA MAULE\u00d3N P\u00c9REZ, EN SU CALIDAD DE SECRETARIA EJECUTIVA DEL CONSEJO GENERAL DEL INSTITUTO ELECTORAL DEL ESTADO DE CAMPECHE <\/td><td data-cell-id=\"C64\" data-x=\"2\" data-y=\"64\" data-db-index=\"64\" class=\"fsize-18\" data-cell-type=\"text\" data-original-value=\"TRIBUNAL ELECTORAL DEL ESTADO DE CAMPECHE\" data-order=\"TRIBUNAL ELECTORAL DEL ESTADO DE CAMPECHE\" >TRIBUNAL ELECTORAL DEL ESTADO DE CAMPECHE <\/td><td data-cell-id=\"D64\" data-x=\"3\" data-y=\"64\" data-db-index=\"64\" class=\"fsize-18\" data-cell-type=\"text\" data-original-value=\"&lt;a href=&quot;https:\/\/teec.org.mx\/web\/wp-content\/uploads\/2022\/08\/TEEC-JE-8-2022-30-08-2022.pdf&quot; target=&quot;_blank&quot;&gt;TEEC\/JE\/8\/2022 (SUP-JE-281\/2022 Y ACUMULADO, SE DA POR NOTIFICADO ESTE \u00d3RGANO JURISDICCIONAL ELECTORAL LOCAL)&lt;\/a&gt;\" data-order=\"&lt;a href=&quot;https:\/\/teec.org.mx\/web\/wp-content\/uploads\/2022\/08\/TEEC-JE-8-2022-30-08-2022.pdf&quot; target=&quot;_blank&quot;&gt;TEEC\/JE\/8\/2022 (SUP-JE-281\/2022 Y ACUMULADO, SE DA POR NOTIFICADO ESTE \u00d3RGANO JURISDICCIONAL ELECTORAL LOCAL)&lt;\/a&gt;\" ><a href=\"https:\/\/teec.org.mx\/web\/wp-content\/uploads\/2022\/08\/TEEC-JE-8-2022-30-08-2022.pdf\" target=\"_blank\">TEEC\/JE\/8\/2022 (SUP-JE-281\/2022 Y ACUMULADO, SE DA POR NOTIFICADO ESTE \u00d3RGANO JURISDICCIONAL ELECTORAL LOCAL)<\/a><\/td><\/tr><tr style=\"height:px\" ><td data-cell-id=\"A65\" data-x=\"0\" data-y=\"65\" data-db-index=\"65\" class=\"fsize-18\" data-cell-type=\"text\" data-original-value=\"29 DE AGOSTO DE 2022, A LAS 14:15 HORAS\" data-order=\"29 DE AGOSTO DE 2022, A LAS 14:15 HORAS\" >29 DE AGOSTO DE 2022, A LAS 14:15 HORAS <\/td><td data-cell-id=\"B65\" data-x=\"1\" data-y=\"65\" data-db-index=\"65\" class=\"fsize-18\" data-cell-type=\"text\" data-original-value=\"JUAN CARLOS MENA ZAPATA Y OTROS\" data-order=\"JUAN CARLOS MENA ZAPATA Y OTROS\" >JUAN CARLOS MENA ZAPATA Y OTROS <\/td><td data-cell-id=\"C65\" data-x=\"2\" data-y=\"65\" data-db-index=\"65\" class=\"fsize-18\" data-cell-type=\"text\" data-original-value=\"INSTITUTO ELECTORAL DEL ESTADO DE CAMPECHE\" data-order=\"INSTITUTO ELECTORAL DEL ESTADO DE CAMPECHE\" >INSTITUTO ELECTORAL DEL ESTADO DE CAMPECHE <\/td><td data-cell-id=\"D65\" data-x=\"3\" data-y=\"65\" data-db-index=\"65\" class=\"fsize-18\" data-cell-type=\"text\" data-original-value=\"&lt;a href=&quot;https:\/\/teec.org.mx\/web\/wp-content\/uploads\/2022\/08\/TEEC-JE-7-2022-2do-acu.-29-08-2022.pdf&quot; target=&quot;_blank&quot;&gt;TEEC\/JE\/7\/2022 (ACUERDO DE REQUERIMIENTO)&lt;\/a&gt;\" data-order=\"&lt;a href=&quot;https:\/\/teec.org.mx\/web\/wp-content\/uploads\/2022\/08\/TEEC-JE-7-2022-2do-acu.-29-08-2022.pdf&quot; target=&quot;_blank&quot;&gt;TEEC\/JE\/7\/2022 (ACUERDO DE REQUERIMIENTO)&lt;\/a&gt;\" ><a href=\"https:\/\/teec.org.mx\/web\/wp-content\/uploads\/2022\/08\/TEEC-JE-7-2022-2do-acu.-29-08-2022.pdf\" target=\"_blank\">TEEC\/JE\/7\/2022 (ACUERDO DE REQUERIMIENTO)<\/a><\/td><\/tr><tr style=\"height:px\" ><td data-cell-id=\"A66\" data-x=\"0\" data-y=\"66\" data-db-index=\"66\" class=\"fsize-18\" data-cell-type=\"text\" data-original-value=\"29 DE AGOSTO DE 2022, A LAS 13:00 HORAS\" data-order=\"29 DE AGOSTO DE 2022, A LAS 13:00 HORAS\" >29 DE AGOSTO DE 2022, A LAS 13:00 HORAS <\/td><td data-cell-id=\"B66\" data-x=\"1\" data-y=\"66\" data-db-index=\"66\" class=\"fsize-18\" data-cell-type=\"text\" data-original-value=\"PAUL ALFREDO ARCE ONTIVEROS, EN SU CAR\u00c1CTER DE COORDINADOR PARLAMENTARIO DE MOVIMIENTO CIUDADANO, VICEPRESIDENTE DE LA DIPUTACI\u00d3N PERMANENTE Y VICEPRESIDENTE DE LA JUNTA DE GOBIERNO Y ADMINISTRACI\u00d3N; M\u00d3NICA FERN\u00c1NDEZ MONT\u00daFAR, EN SU CAR\u00c1CTER DE SUBCOORDINADORA PARLAMENTARIO DE MOVIMIENTO CIUDADANO; DANIELA GUADALUPE MART\u00cdNEZ HERN\u00c1NDEZ, EN SU CAR\u00c1CTER DE DIPUTADA ELECTA POR EL DISTRITO 02; HIPSI MARISOL ESTRELLA GUILLERMO EN SU CAR\u00c1CTER DE DIPUTADA ELECTA POR EL DISTRITO 03; C. JES\u00daS HUMBERTO AGUILAR D\u00cdAZ EN SU CAR\u00c1CTER DE DIPUTADO ELECTO POR EL DISTRITO 04 Y, TERESA FAR\u00cdAS GONZ\u00c1LEZ EN SU CAR\u00c1CTER DE DIPUTADA ELECTA POR EL PRINCIPIO DE REPRESENTACI\u00d3N PROPORCIONAL\" data-order=\"PAUL ALFREDO ARCE ONTIVEROS, EN SU CAR\u00c1CTER DE COORDINADOR PARLAMENTARIO DE MOVIMIENTO CIUDADANO, VICEPRESIDENTE DE LA DIPUTACI\u00d3N PERMANENTE Y VICEPRESIDENTE DE LA JUNTA DE GOBIERNO Y ADMINISTRACI\u00d3N; M\u00d3NICA FERN\u00c1NDEZ MONT\u00daFAR, EN SU CAR\u00c1CTER DE SUBCOORDINADORA PARLAMENTARIO DE MOVIMIENTO CIUDADANO; DANIELA GUADALUPE MART\u00cdNEZ HERN\u00c1NDEZ, EN SU CAR\u00c1CTER DE DIPUTADA ELECTA POR EL DISTRITO 02; HIPSI MARISOL ESTRELLA GUILLERMO EN SU CAR\u00c1CTER DE DIPUTADA ELECTA POR EL DISTRITO 03; C. JES\u00daS HUMBERTO AGUILAR D\u00cdAZ EN SU CAR\u00c1CTER DE DIPUTADO ELECTO POR EL DISTRITO 04 Y, TERESA FAR\u00cdAS GONZ\u00c1LEZ EN SU CAR\u00c1CTER DE DIPUTADA ELECTA POR EL PRINCIPIO DE REPRESENTACI\u00d3N PROPORCIONAL\" >PAUL ALFREDO ARCE ONTIVEROS, EN SU CAR\u00c1CTER DE COORDINADOR PARLAMENTARIO DE MOVIMIENTO CIUDADANO, VICEPRESIDENTE DE LA DIPUTACI\u00d3N PERMANENTE Y VICEPRESIDENTE DE LA JUNTA DE GOBIERNO Y ADMINISTRACI\u00d3N; M\u00d3NICA FERN\u00c1NDEZ MONT\u00daFAR, EN SU CAR\u00c1CTER DE SUBCOORDINADORA PARLAMENTARIO DE MOVIMIENTO CIUDADANO; DANIELA GUADALUPE MART\u00cdNEZ HERN\u00c1NDEZ, EN SU CAR\u00c1CTER DE DIPUTADA ELECTA POR EL DISTRITO 02; HIPSI MARISOL ESTRELLA GUILLERMO EN SU CAR\u00c1CTER DE DIPUTADA ELECTA POR EL DISTRITO 03; C. JES\u00daS HUMBERTO AGUILAR D\u00cdAZ EN SU CAR\u00c1CTER DE DIPUTADO ELECTO POR EL DISTRITO 04 Y, TERESA FAR\u00cdAS GONZ\u00c1LEZ EN SU CAR\u00c1CTER DE DIPUTADA ELECTA POR EL PRINCIPIO DE REPRESENTACI\u00d3N PROPORCIONAL <\/td><td data-cell-id=\"C66\" data-x=\"2\" data-y=\"66\" data-db-index=\"66\" class=\"fsize-18\" data-cell-type=\"text\" data-original-value=\"DIPUTACI\u00d3N PERMANENTE DE LA LXIV LEGISLATURA DEL CONGRESO DEL ESTADO DE CAMPECHE Y JUNTA DE GOBIERNO Y ADMINISTRACIPON DE LA LXIV LEGISLATURA DEL CONGRESO DEL ESTADO DE CAMPECHE\" data-order=\"DIPUTACI\u00d3N PERMANENTE DE LA LXIV LEGISLATURA DEL CONGRESO DEL ESTADO DE CAMPECHE Y JUNTA DE GOBIERNO Y ADMINISTRACIPON DE LA LXIV LEGISLATURA DEL CONGRESO DEL ESTADO DE CAMPECHE\" >DIPUTACI\u00d3N PERMANENTE DE LA LXIV LEGISLATURA DEL CONGRESO DEL ESTADO DE CAMPECHE Y JUNTA DE GOBIERNO Y ADMINISTRACIPON DE LA LXIV LEGISLATURA DEL CONGRESO DEL ESTADO DE CAMPECHE <\/td><td data-cell-id=\"D66\" data-x=\"3\" data-y=\"66\" data-db-index=\"66\" class=\"fsize-18\" data-cell-type=\"text\" data-original-value=\"&lt;a href=&quot;https:\/\/teec.org.mx\/web\/wp-content\/uploads\/2022\/08\/TEEC-JE-17-2022-29-08-2022.pdf&quot; target=&quot;_blank&quot;&gt;TEEC\/JE\/17\/2022 (ACUERDO DE TURNO)&lt;\/a&gt;\" data-order=\"&lt;a href=&quot;https:\/\/teec.org.mx\/web\/wp-content\/uploads\/2022\/08\/TEEC-JE-17-2022-29-08-2022.pdf&quot; target=&quot;_blank&quot;&gt;TEEC\/JE\/17\/2022 (ACUERDO DE TURNO)&lt;\/a&gt;\" ><a href=\"https:\/\/teec.org.mx\/web\/wp-content\/uploads\/2022\/08\/TEEC-JE-17-2022-29-08-2022.pdf\" target=\"_blank\">TEEC\/JE\/17\/2022 (ACUERDO DE TURNO)<\/a><\/td><\/tr><tr style=\"height:px\" ><td data-cell-id=\"A67\" data-x=\"0\" data-y=\"67\" data-db-index=\"67\" class=\"fsize-18\" data-cell-type=\"text\" data-original-value=\"29 DE AGOSTO DE 2022, A LAS 10:30 HORAS\" data-order=\"29 DE AGOSTO DE 2022, A LAS 10:30 HORAS\" >29 DE AGOSTO DE 2022, A LAS 10:30 HORAS <\/td><td data-cell-id=\"B67\" data-x=\"1\" data-y=\"67\" data-db-index=\"67\" class=\"fsize-18\" data-cell-type=\"text\" data-original-value=\"JUAN CARLOS MENA ZAPATA Y OTROS\" data-order=\"JUAN CARLOS MENA ZAPATA Y OTROS\" >JUAN CARLOS MENA ZAPATA Y OTROS <\/td><td data-cell-id=\"C67\" data-x=\"2\" data-y=\"67\" data-db-index=\"67\" class=\"fsize-18\" data-cell-type=\"text\" data-original-value=\"INSTITUTO ELECTORAL DEL ESTADO DE CAMPECHE\" data-order=\"INSTITUTO ELECTORAL DEL ESTADO DE CAMPECHE\" >INSTITUTO ELECTORAL DEL ESTADO DE CAMPECHE <\/td><td data-cell-id=\"D67\" data-x=\"3\" data-y=\"67\" data-db-index=\"67\" class=\"fsize-18\" data-cell-type=\"text\" data-original-value=\"&lt;a href=&quot;https:\/\/teec.org.mx\/web\/wp-content\/uploads\/2022\/08\/TEEC-JE-7-2022-29-08-2022.pdf&quot; target=&quot;_blank&quot;&gt;TEEC\/JE\/7\/2022 (ACUERDO DE TURNO DE DOCUMENTACI\u00d3N)&lt;\/a&gt;\" data-order=\"&lt;a href=&quot;https:\/\/teec.org.mx\/web\/wp-content\/uploads\/2022\/08\/TEEC-JE-7-2022-29-08-2022.pdf&quot; target=&quot;_blank&quot;&gt;TEEC\/JE\/7\/2022 (ACUERDO DE TURNO DE DOCUMENTACI\u00d3N)&lt;\/a&gt;\" ><a href=\"https:\/\/teec.org.mx\/web\/wp-content\/uploads\/2022\/08\/TEEC-JE-7-2022-29-08-2022.pdf\" target=\"_blank\">TEEC\/JE\/7\/2022 (ACUERDO DE TURNO DE DOCUMENTACI\u00d3N)<\/a><\/td><\/tr><tr style=\"height:px\" ><td data-cell-id=\"A68\" data-x=\"0\" data-y=\"68\" data-db-index=\"68\" class=\"fsize-18\" data-cell-type=\"text\" data-original-value=\"19 DE AGOSTO DE 2022, A LAS 14:55 HORAS\" data-order=\"19 DE AGOSTO DE 2022, A LAS 14:55 HORAS\" >19 DE AGOSTO DE 2022, A LAS 14:55 HORAS <\/td><td data-cell-id=\"B68\" data-x=\"1\" data-y=\"68\" data-db-index=\"68\" class=\"fsize-18\" data-cell-type=\"text\" data-original-value=\"CONSEJERA PRESIDENTA Y SECRETARIA EJECUTIVA, AMBAS DEL INSTITUTO ELECTORAL DEL ESTADO DE CAMPECHE\" data-order=\"CONSEJERA PRESIDENTA Y SECRETARIA EJECUTIVA, AMBAS DEL INSTITUTO ELECTORAL DEL ESTADO DE CAMPECHE\" >CONSEJERA PRESIDENTA Y SECRETARIA EJECUTIVA, AMBAS DEL INSTITUTO ELECTORAL DEL ESTADO DE CAMPECHE <\/td><td data-cell-id=\"C68\" data-x=\"2\" data-y=\"68\" data-db-index=\"68\" class=\"fsize-18\" data-cell-type=\"text\" data-original-value=\"TRIBUNAL ELCTORAL DEL ESTADO DE CAMPECHE\" data-order=\"TRIBUNAL ELCTORAL DEL ESTADO DE CAMPECHE\" >TRIBUNAL ELCTORAL DEL ESTADO DE CAMPECHE <\/td><td data-cell-id=\"D68\" data-x=\"3\" data-y=\"68\" data-db-index=\"68\" class=\"fsize-18\" data-cell-type=\"text\" data-original-value=\"&lt;a href=&quot;https:\/\/teec.org.mx\/web\/wp-content\/uploads\/2022\/08\/TEEC-JE-7-2022-19-08-2022.pdf&quot; target=&quot;_blank&quot;&gt;TEEC\/JE\/7\/2022 (SE DA POR NOTIFICADO ESTE \u00d3RGANO JURISDICCIONAL ELECTORAL LOCAL)&lt;\/a&gt;\" data-order=\"&lt;a href=&quot;https:\/\/teec.org.mx\/web\/wp-content\/uploads\/2022\/08\/TEEC-JE-7-2022-19-08-2022.pdf&quot; target=&quot;_blank&quot;&gt;TEEC\/JE\/7\/2022 (SE DA POR NOTIFICADO ESTE \u00d3RGANO JURISDICCIONAL ELECTORAL LOCAL)&lt;\/a&gt;\" ><a href=\"https:\/\/teec.org.mx\/web\/wp-content\/uploads\/2022\/08\/TEEC-JE-7-2022-19-08-2022.pdf\" target=\"_blank\">TEEC\/JE\/7\/2022 (SE DA POR NOTIFICADO ESTE \u00d3RGANO JURISDICCIONAL ELECTORAL LOCAL)<\/a><\/td><\/tr><tr style=\"height:px\" ><td data-cell-id=\"A69\" data-x=\"0\" data-y=\"69\" data-db-index=\"69\" class=\"fsize-18\" data-cell-type=\"text\" data-original-value=\"19 DE AGOSTO DE 2022, A LAS 12:00 HORAS\" data-order=\"19 DE AGOSTO DE 2022, A LAS 12:00 HORAS\" >19 DE AGOSTO DE 2022, A LAS 12:00 HORAS <\/td><td data-cell-id=\"B69\" data-x=\"1\" data-y=\"69\" data-db-index=\"69\" class=\"fsize-18\" data-cell-type=\"text\" data-original-value=\"JUAN CARLOS MENA ZAPATA, F\u00c1TIMA GISSELLE MEUNIER ROSAS, ABNER RONCES MEX, CLARA CONCEPCI\u00d3N CASTRO GOMEZ, DANNY ALBERTO G\u00d3NGORA MOO Y NADINE ABIGAIL MOGUEL CEBALLOS, EN CALIDAD DE CONSEJERAS Y CONSEJEROS ELECTORALES DEL INSTITUTO ELECTORAL DEL ESTADO DE CAMPECHE\" data-order=\"JUAN CARLOS MENA ZAPATA, F\u00c1TIMA GISSELLE MEUNIER ROSAS, ABNER RONCES MEX, CLARA CONCEPCI\u00d3N CASTRO GOMEZ, DANNY ALBERTO G\u00d3NGORA MOO Y NADINE ABIGAIL MOGUEL CEBALLOS, EN CALIDAD DE CONSEJERAS Y CONSEJEROS ELECTORALES DEL INSTITUTO ELECTORAL DEL ESTADO DE CAMPECHE\" >JUAN CARLOS MENA ZAPATA, F\u00c1TIMA GISSELLE MEUNIER ROSAS, ABNER RONCES MEX, CLARA CONCEPCI\u00d3N CASTRO GOMEZ, DANNY ALBERTO G\u00d3NGORA MOO Y NADINE ABIGAIL MOGUEL CEBALLOS, EN CALIDAD DE CONSEJERAS Y CONSEJEROS ELECTORALES DEL INSTITUTO ELECTORAL DEL ESTADO DE CAMPECHE <\/td><td data-cell-id=\"C69\" data-x=\"2\" data-y=\"69\" data-db-index=\"69\" class=\"fsize-18\" data-cell-type=\"text\" data-original-value=\"LIRIO GUADALUPE SUAREZ AM\u00c9NDOLA, EN SU CALIDAD DE PRESIDENTA DEL CONSEJO GENERAL DEL INSTITUTO ELECTORAL DEL ESTADO DE CAMPECHE\" data-order=\"LIRIO GUADALUPE SUAREZ AM\u00c9NDOLA, EN SU CALIDAD DE PRESIDENTA DEL CONSEJO GENERAL DEL INSTITUTO ELECTORAL DEL ESTADO DE CAMPECHE\" >LIRIO GUADALUPE SUAREZ AM\u00c9NDOLA, EN SU CALIDAD DE PRESIDENTA DEL CONSEJO GENERAL DEL INSTITUTO ELECTORAL DEL ESTADO DE CAMPECHE <\/td><td data-cell-id=\"D69\" data-x=\"3\" data-y=\"69\" data-db-index=\"69\" class=\"fsize-18\" data-cell-type=\"text\" data-original-value=\"&lt;a href=&quot;https:\/\/teec.org.mx\/web\/wp-content\/uploads\/2022\/08\/TEEC-JE-16-2022-19-08-2022.pdf&quot; target=&quot;_blank&quot;&gt;TEEC\/JE\/16\/2022 (ACUERDO PLENARIO DE REENCAUZAMIENTO)&lt;\/a&gt;\" data-order=\"&lt;a href=&quot;https:\/\/teec.org.mx\/web\/wp-content\/uploads\/2022\/08\/TEEC-JE-16-2022-19-08-2022.pdf&quot; target=&quot;_blank&quot;&gt;TEEC\/JE\/16\/2022 (ACUERDO PLENARIO DE REENCAUZAMIENTO)&lt;\/a&gt;\" ><a href=\"https:\/\/teec.org.mx\/web\/wp-content\/uploads\/2022\/08\/TEEC-JE-16-2022-19-08-2022.pdf\" target=\"_blank\">TEEC\/JE\/16\/2022 (ACUERDO PLENARIO DE REENCAUZAMIENTO)<\/a><\/td><\/tr><tr style=\"height:px\" ><td data-cell-id=\"A70\" data-x=\"0\" data-y=\"70\" data-db-index=\"70\" class=\"fsize-18\" data-cell-type=\"text\" data-original-value=\"19 DE AGOSTO DE 2022, A LAS 10:55 HORAS\" data-order=\"19 DE AGOSTO DE 2022, A LAS 10:55 HORAS\" >19 DE AGOSTO DE 2022, A LAS 10:55 HORAS <\/td><td data-cell-id=\"B70\" data-x=\"1\" data-y=\"70\" data-db-index=\"70\" class=\"fsize-18\" data-cell-type=\"text\" data-original-value=\"FABIOLA MAULE\u00d3N PEREZ, EN SU CALIDAD DE SECRETARIA EJECUTIVA DEL CONSEJO GENERAL DEL INSTITUTO ELECTORAL DEL ESTADO DE CAMPECHE, POR PROPIO Y PERSONAL DERECHO\" data-order=\"FABIOLA MAULE\u00d3N PEREZ, EN SU CALIDAD DE SECRETARIA EJECUTIVA DEL CONSEJO GENERAL DEL INSTITUTO ELECTORAL DEL ESTADO DE CAMPECHE, POR PROPIO Y PERSONAL DERECHO\" >FABIOLA MAULE\u00d3N PEREZ, EN SU CALIDAD DE SECRETARIA EJECUTIVA DEL CONSEJO GENERAL DEL INSTITUTO ELECTORAL DEL ESTADO DE CAMPECHE, POR PROPIO Y PERSONAL DERECHO <\/td><td data-cell-id=\"C70\" data-x=\"2\" data-y=\"70\" data-db-index=\"70\" class=\"fsize-18\" data-cell-type=\"text\" data-original-value=\"TRIBUNAL ELECTORAL DEL ESTADO DE CAMPECHE\" data-order=\"TRIBUNAL ELECTORAL DEL ESTADO DE CAMPECHE\" >TRIBUNAL ELECTORAL DEL ESTADO DE CAMPECHE <\/td><td data-cell-id=\"D70\" data-x=\"3\" data-y=\"70\" data-db-index=\"70\" class=\"fsize-18\" data-cell-type=\"text\" data-original-value=\"&lt;a href=&quot;https:\/\/teec.org.mx\/web\/wp-content\/uploads\/2022\/08\/TEEC-JE-8-2022-2do-acue.-19-08-2022.pdf&quot; target=&quot;_blank&quot;&gt;TEEC\/JE\/8\/2022 (SE RETIRA CEDULA DE PUBLICITACI\u00d3N Y SE DA AVISO DE INTERPOSICI\u00d3N DE ESCRITO DE TERCERO INTERESADO)&lt;\/a&gt;\" data-order=\"&lt;a href=&quot;https:\/\/teec.org.mx\/web\/wp-content\/uploads\/2022\/08\/TEEC-JE-8-2022-2do-acue.-19-08-2022.pdf&quot; target=&quot;_blank&quot;&gt;TEEC\/JE\/8\/2022 (SE RETIRA CEDULA DE PUBLICITACI\u00d3N Y SE DA AVISO DE INTERPOSICI\u00d3N DE ESCRITO DE TERCERO INTERESADO)&lt;\/a&gt;\" ><a href=\"https:\/\/teec.org.mx\/web\/wp-content\/uploads\/2022\/08\/TEEC-JE-8-2022-2do-acue.-19-08-2022.pdf\" target=\"_blank\">TEEC\/JE\/8\/2022 (SE RETIRA CEDULA DE PUBLICITACI\u00d3N Y SE DA AVISO DE INTERPOSICI\u00d3N DE ESCRITO DE TERCERO INTERESADO)<\/a><\/td><\/tr><tr style=\"height:px\" ><td data-cell-id=\"A71\" data-x=\"0\" data-y=\"71\" data-db-index=\"71\" class=\"fsize-18\" data-cell-type=\"text\" data-original-value=\"19 DE AGOSTO DE 2022, A LAS 10:40 HORAS\" data-order=\"19 DE AGOSTO DE 2022, A LAS 10:40 HORAS\" >19 DE AGOSTO DE 2022, A LAS 10:40 HORAS <\/td><td data-cell-id=\"B71\" data-x=\"1\" data-y=\"71\" data-db-index=\"71\" class=\"fsize-18\" data-cell-type=\"text\" data-original-value=\"LIRIO GUADALUPE SUAREZ AM\u00c9NDOLA, EN SU CALIDAD DE CONSEJERA PRESIDENTA DEL CONSEJO GENERAL DEL INSTITUTO ELECTORAL DEL ESTADO DE CAMPECHE, POR PROPIO Y PERSONAL DERECHO\" data-order=\"LIRIO GUADALUPE SUAREZ AM\u00c9NDOLA, EN SU CALIDAD DE CONSEJERA PRESIDENTA DEL CONSEJO GENERAL DEL INSTITUTO ELECTORAL DEL ESTADO DE CAMPECHE, POR PROPIO Y PERSONAL DERECHO\" >LIRIO GUADALUPE SUAREZ AM\u00c9NDOLA, EN SU CALIDAD DE CONSEJERA PRESIDENTA DEL CONSEJO GENERAL DEL INSTITUTO ELECTORAL DEL ESTADO DE CAMPECHE, POR PROPIO Y PERSONAL DERECHO <\/td><td data-cell-id=\"C71\" data-x=\"2\" data-y=\"71\" data-db-index=\"71\" class=\"fsize-18\" data-cell-type=\"text\" data-original-value=\"TRIBUNAL ELECTORAL DEL ESTADO DE CAMPECHE\" data-order=\"TRIBUNAL ELECTORAL DEL ESTADO DE CAMPECHE\" >TRIBUNAL ELECTORAL DEL ESTADO DE CAMPECHE <\/td><td data-cell-id=\"D71\" data-x=\"3\" data-y=\"71\" data-db-index=\"71\" class=\"fsize-18\" data-cell-type=\"text\" data-original-value=\"&lt;a href=&quot;https:\/\/teec.org.mx\/web\/wp-content\/uploads\/2022\/08\/TEEC-JE-8-2022-1er-acu.-19-08-2022.pdf&quot; target=&quot;_blank&quot;&gt;TEEC\/JE\/8\/2022 (SE RETIRA CEDULA DE PUBLICITACI\u00d3N Y SE DA AVISO DE INTERPOSICI\u00d3N DE ESCRITO DE TERCERO INTERESADO)&lt;\/a&gt;\" data-order=\"&lt;a href=&quot;https:\/\/teec.org.mx\/web\/wp-content\/uploads\/2022\/08\/TEEC-JE-8-2022-1er-acu.-19-08-2022.pdf&quot; target=&quot;_blank&quot;&gt;TEEC\/JE\/8\/2022 (SE RETIRA CEDULA DE PUBLICITACI\u00d3N Y SE DA AVISO DE INTERPOSICI\u00d3N DE ESCRITO DE TERCERO INTERESADO)&lt;\/a&gt;\" ><a href=\"https:\/\/teec.org.mx\/web\/wp-content\/uploads\/2022\/08\/TEEC-JE-8-2022-1er-acu.-19-08-2022.pdf\" target=\"_blank\">TEEC\/JE\/8\/2022 (SE RETIRA CEDULA DE PUBLICITACI\u00d3N Y SE DA AVISO DE INTERPOSICI\u00d3N DE ESCRITO DE TERCERO INTERESADO)<\/a><\/td><\/tr><tr style=\"height:px\" ><td data-cell-id=\"A72\" data-x=\"0\" data-y=\"72\" data-db-index=\"72\" class=\"fsize-18\" data-cell-type=\"text\" data-original-value=\"17 DE AGOSTO DE 2022, A LAS 13:50 HORAS\" data-order=\"17 DE AGOSTO DE 2022, A LAS 13:50 HORAS\" >17 DE AGOSTO DE 2022, A LAS 13:50 HORAS <\/td><td data-cell-id=\"B72\" data-x=\"1\" data-y=\"72\" data-db-index=\"72\" class=\"fsize-18\" data-cell-type=\"text\" data-original-value=\"JUAN CARLOS MENA ZAPATA, F\u00c1TIMA GISSELLE MEUNIER ROSAS, ABNER RONCES MEX, CLARA CONCEPCI\u00d3N CASTRO G\u00d3MEZ, DANNY ALBERTO G\u00d3NGORA MOO Y NADINE ABIGAIL MOGUEL CEBALLOS, EN SU CALIDAD DE CONSEJERAS Y CONSEJEROS ELECTORALES DEL INSTITUTO ELECTORAL DEL ESTADO DE CAMPECHE\" data-order=\"JUAN CARLOS MENA ZAPATA, F\u00c1TIMA GISSELLE MEUNIER ROSAS, ABNER RONCES MEX, CLARA CONCEPCI\u00d3N CASTRO G\u00d3MEZ, DANNY ALBERTO G\u00d3NGORA MOO Y NADINE ABIGAIL MOGUEL CEBALLOS, EN SU CALIDAD DE CONSEJERAS Y CONSEJEROS ELECTORALES DEL INSTITUTO ELECTORAL DEL ESTADO DE CAMPECHE\" >JUAN CARLOS MENA ZAPATA, F\u00c1TIMA GISSELLE MEUNIER ROSAS, ABNER RONCES MEX, CLARA CONCEPCI\u00d3N CASTRO G\u00d3MEZ, DANNY ALBERTO G\u00d3NGORA MOO Y NADINE ABIGAIL MOGUEL CEBALLOS, EN SU CALIDAD DE CONSEJERAS Y CONSEJEROS ELECTORALES DEL INSTITUTO ELECTORAL DEL ESTADO DE CAMPECHE <\/td><td data-cell-id=\"C72\" data-x=\"2\" data-y=\"72\" data-db-index=\"72\" class=\"fsize-18\" data-cell-type=\"text\" data-original-value=\"LIRIO GUADALUPE SUAREZ AMENDOLA EN SU CAR\u00c1CTER DE CONSEJERA PRESIDENTA DEL CONSEJO GENERAL DEL INSTITUTO ELECTORAL DEL ESTADO DE CAMPECHE\" data-order=\"LIRIO GUADALUPE SUAREZ AMENDOLA EN SU CAR\u00c1CTER DE CONSEJERA PRESIDENTA DEL CONSEJO GENERAL DEL INSTITUTO ELECTORAL DEL ESTADO DE CAMPECHE\" >LIRIO GUADALUPE SUAREZ AMENDOLA EN SU CAR\u00c1CTER DE CONSEJERA PRESIDENTA DEL CONSEJO GENERAL DEL INSTITUTO ELECTORAL DEL ESTADO DE CAMPECHE <\/td><td data-cell-id=\"D72\" data-x=\"3\" data-y=\"72\" data-db-index=\"72\" class=\"fsize-18\" data-cell-type=\"text\" data-original-value=\"&lt;a href=&quot;https:\/\/teec.org.mx\/web\/wp-content\/uploads\/2022\/08\/TEEC-JE-9-2022-17-08-2022.pdf&quot; target=&quot;_blank&quot;&gt;TEEC\/JE\/9\/2022 Y ACUMULADOS TEEC\/JE\/10\/2022, TEEC\/JE\/11\/2022, TEEC\/JE\/12\/2022, TEEC\/JE\/13\/2022, TEEC\/JE\/14\/2022 Y TEEC\/JE\/15\/2022 (ACUERDO DE ADMISI\u00d3N)&lt;\/a&gt;\" data-order=\"&lt;a href=&quot;https:\/\/teec.org.mx\/web\/wp-content\/uploads\/2022\/08\/TEEC-JE-9-2022-17-08-2022.pdf&quot; target=&quot;_blank&quot;&gt;TEEC\/JE\/9\/2022 Y ACUMULADOS TEEC\/JE\/10\/2022, TEEC\/JE\/11\/2022, TEEC\/JE\/12\/2022, TEEC\/JE\/13\/2022, TEEC\/JE\/14\/2022 Y TEEC\/JE\/15\/2022 (ACUERDO DE ADMISI\u00d3N)&lt;\/a&gt;\" ><a href=\"https:\/\/teec.org.mx\/web\/wp-content\/uploads\/2022\/08\/TEEC-JE-9-2022-17-08-2022.pdf\" target=\"_blank\">TEEC\/JE\/9\/2022 Y ACUMULADOS TEEC\/JE\/10\/2022, TEEC\/JE\/11\/2022, TEEC\/JE\/12\/2022, TEEC\/JE\/13\/2022, TEEC\/JE\/14\/2022 Y TEEC\/JE\/15\/2022 (ACUERDO DE ADMISI\u00d3N)<\/a><\/td><\/tr><tr style=\"height:px\" ><td data-cell-id=\"A73\" data-x=\"0\" data-y=\"73\" data-db-index=\"73\" class=\"fsize-18\" data-cell-type=\"text\" data-original-value=\"17 DE AGOSTO DE 2022, A LAS 13:30 HORAS\" data-order=\"17 DE AGOSTO DE 2022, A LAS 13:30 HORAS\" >17 DE AGOSTO DE 2022, A LAS 13:30 HORAS <\/td><td data-cell-id=\"B73\" data-x=\"1\" data-y=\"73\" data-db-index=\"73\" class=\"fsize-18\" data-cell-type=\"text\" data-original-value=\"JUAN CARLOS MENA ZAPATA, F\u00c1TIMA GISSELLE MEUNIER ROSAS, ABNER RONCES MEX, CLARA CONCEPCI\u00d3N CASTRO GOMEZ, DANNY ALBERTO G\u00d3NGORA MOO Y NADINE ABIGAIL MOGUEL CEBALLOS, EN CALIDAD DE CONSEJERAS Y CONSEJEROS ELECTORALES DEL INSTITUTO ELECTORAL DEL ESTADO DE CAMPECHE\" data-order=\"JUAN CARLOS MENA ZAPATA, F\u00c1TIMA GISSELLE MEUNIER ROSAS, ABNER RONCES MEX, CLARA CONCEPCI\u00d3N CASTRO GOMEZ, DANNY ALBERTO G\u00d3NGORA MOO Y NADINE ABIGAIL MOGUEL CEBALLOS, EN CALIDAD DE CONSEJERAS Y CONSEJEROS ELECTORALES DEL INSTITUTO ELECTORAL DEL ESTADO DE CAMPECHE\" >JUAN CARLOS MENA ZAPATA, F\u00c1TIMA GISSELLE MEUNIER ROSAS, ABNER RONCES MEX, CLARA CONCEPCI\u00d3N CASTRO GOMEZ, DANNY ALBERTO G\u00d3NGORA MOO Y NADINE ABIGAIL MOGUEL CEBALLOS, EN CALIDAD DE CONSEJERAS Y CONSEJEROS ELECTORALES DEL INSTITUTO ELECTORAL DEL ESTADO DE CAMPECHE <\/td><td data-cell-id=\"C73\" data-x=\"2\" data-y=\"73\" data-db-index=\"73\" class=\"fsize-18\" data-cell-type=\"text\" data-original-value=\"LIRIO GUADALUPE SUAREZ AM\u00c9NDOLA, EN SU CALIDAD DE PRESIDENTA DEL CONSEJO GENERAL DEL INSTITUTO ELECTORAL DEL ESTADO DE CAMPECHE\" data-order=\"LIRIO GUADALUPE SUAREZ AM\u00c9NDOLA, EN SU CALIDAD DE PRESIDENTA DEL CONSEJO GENERAL DEL INSTITUTO ELECTORAL DEL ESTADO DE CAMPECHE\" >LIRIO GUADALUPE SUAREZ AM\u00c9NDOLA, EN SU CALIDAD DE PRESIDENTA DEL CONSEJO GENERAL DEL INSTITUTO ELECTORAL DEL ESTADO DE CAMPECHE <\/td><td data-cell-id=\"D73\" data-x=\"3\" data-y=\"73\" data-db-index=\"73\" class=\"fsize-18\" data-cell-type=\"text\" data-original-value=\"&lt;a href=&quot;https:\/\/teec.org.mx\/web\/wp-content\/uploads\/2022\/08\/TEEC-JE-16-2022-17-08-2022.pdf&quot; target=&quot;_blank&quot;&gt;TEEC\/JE\/16\/2022 (ACUERDO DE RECEPCI\u00d3N, RADICACI\u00d3N Y SE FIJA FECHA Y HORA PARA SESI\u00d3N PRIVADA)&lt;\/a&gt;\" data-order=\"&lt;a href=&quot;https:\/\/teec.org.mx\/web\/wp-content\/uploads\/2022\/08\/TEEC-JE-16-2022-17-08-2022.pdf&quot; target=&quot;_blank&quot;&gt;TEEC\/JE\/16\/2022 (ACUERDO DE RECEPCI\u00d3N, RADICACI\u00d3N Y SE FIJA FECHA Y HORA PARA SESI\u00d3N PRIVADA)&lt;\/a&gt;\" ><a href=\"https:\/\/teec.org.mx\/web\/wp-content\/uploads\/2022\/08\/TEEC-JE-16-2022-17-08-2022.pdf\" target=\"_blank\">TEEC\/JE\/16\/2022 (ACUERDO DE RECEPCI\u00d3N, RADICACI\u00d3N Y SE FIJA FECHA Y HORA PARA SESI\u00d3N PRIVADA)<\/a><\/td><\/tr><tr style=\"height:px\" ><td data-cell-id=\"A74\" data-x=\"0\" data-y=\"74\" data-db-index=\"74\" class=\"fsize-18\" data-cell-type=\"text\" data-original-value=\"16 DE AGOSTO DE 2022, A LAS 10:30 HORAS\" data-order=\"16 DE AGOSTO DE 2022, A LAS 10:30 HORAS\" >16 DE AGOSTO DE 2022, A LAS 10:30 HORAS <\/td><td data-cell-id=\"B74\" data-x=\"1\" data-y=\"74\" data-db-index=\"74\" class=\"fsize-18\" data-cell-type=\"text\" data-original-value=\"FABIOLA MAULE\u00d3N PEREZ, EN SU CALIDAD DE SECRETARIA EJECUTIVA DEL CONSEJO GENERAL DEL INSTITUTO ELECTORAL DEL ESTADO DE CAMPECHE, POR PROPIO Y PERSONAL DERECHO\" data-order=\"FABIOLA MAULE\u00d3N PEREZ, EN SU CALIDAD DE SECRETARIA EJECUTIVA DEL CONSEJO GENERAL DEL INSTITUTO ELECTORAL DEL ESTADO DE CAMPECHE, POR PROPIO Y PERSONAL DERECHO\" >FABIOLA MAULE\u00d3N PEREZ, EN SU CALIDAD DE SECRETARIA EJECUTIVA DEL CONSEJO GENERAL DEL INSTITUTO ELECTORAL DEL ESTADO DE CAMPECHE, POR PROPIO Y PERSONAL DERECHO <\/td><td data-cell-id=\"C74\" data-x=\"2\" data-y=\"74\" data-db-index=\"74\" class=\"fsize-18\" data-cell-type=\"text\" data-original-value=\"TRIBUNAL ELECTORAL DEL ESTADO DE CAMPECHE\" data-order=\"TRIBUNAL ELECTORAL DEL ESTADO DE CAMPECHE\" >TRIBUNAL ELECTORAL DEL ESTADO DE CAMPECHE <\/td><td data-cell-id=\"D74\" data-x=\"3\" data-y=\"74\" data-db-index=\"74\" class=\"fsize-18\" data-cell-type=\"text\" data-original-value=\"&lt;a href=&quot;https:\/\/teec.org.mx\/web\/wp-content\/uploads\/2022\/08\/TEEC-JE-8-2022-2do-acue.-16-08-2022.pdf&quot; target=&quot;_blank&quot;&gt;TEEC\/JE\/8\/2022 (SE DA TR\u00c1MITE AL MEDIO DE IMPUGNACI\u00d3N FEDERAL)&lt;\/a&gt;\" data-order=\"&lt;a href=&quot;https:\/\/teec.org.mx\/web\/wp-content\/uploads\/2022\/08\/TEEC-JE-8-2022-2do-acue.-16-08-2022.pdf&quot; target=&quot;_blank&quot;&gt;TEEC\/JE\/8\/2022 (SE DA TR\u00c1MITE AL MEDIO DE IMPUGNACI\u00d3N FEDERAL)&lt;\/a&gt;\" ><a href=\"https:\/\/teec.org.mx\/web\/wp-content\/uploads\/2022\/08\/TEEC-JE-8-2022-2do-acue.-16-08-2022.pdf\" target=\"_blank\">TEEC\/JE\/8\/2022 (SE DA TR\u00c1MITE AL MEDIO DE IMPUGNACI\u00d3N FEDERAL)<\/a><\/td><\/tr><tr style=\"height:px\" ><td data-cell-id=\"A75\" data-x=\"0\" data-y=\"75\" data-db-index=\"75\" class=\"fsize-18\" data-cell-type=\"text\" data-original-value=\"16 DE AGOSTO DE 2022, A LAS 10:10 HORAS\" data-order=\"16 DE AGOSTO DE 2022, A LAS 10:10 HORAS\" >16 DE AGOSTO DE 2022, A LAS 10:10 HORAS <\/td><td data-cell-id=\"B75\" data-x=\"1\" data-y=\"75\" data-db-index=\"75\" class=\"fsize-18\" data-cell-type=\"text\" data-original-value=\"LIRIO GUADALUPE SUAREZ AM\u00c9NDOLA, EN SU CALIDAD DE CONSEJERA PRESIDENTA DEL CONSEJO GENERAL DEL INSTITUTO ELECTORAL DEL ESTADO DE CAMPECHE, POR PROPIO Y PERSONAL DERECHO\" data-order=\"LIRIO GUADALUPE SUAREZ AM\u00c9NDOLA, EN SU CALIDAD DE CONSEJERA PRESIDENTA DEL CONSEJO GENERAL DEL INSTITUTO ELECTORAL DEL ESTADO DE CAMPECHE, POR PROPIO Y PERSONAL DERECHO\" >LIRIO GUADALUPE SUAREZ AM\u00c9NDOLA, EN SU CALIDAD DE CONSEJERA PRESIDENTA DEL CONSEJO GENERAL DEL INSTITUTO ELECTORAL DEL ESTADO DE CAMPECHE, POR PROPIO Y PERSONAL DERECHO <\/td><td data-cell-id=\"C75\" data-x=\"2\" data-y=\"75\" data-db-index=\"75\" class=\"fsize-18\" data-cell-type=\"text\" data-original-value=\"TRIBUNAL ELECTORAL DEL ESTADO DE CAMPECHE\" data-order=\"TRIBUNAL ELECTORAL DEL ESTADO DE CAMPECHE\" >TRIBUNAL ELECTORAL DEL ESTADO DE CAMPECHE <\/td><td data-cell-id=\"D75\" data-x=\"3\" data-y=\"75\" data-db-index=\"75\" class=\"fsize-18\" data-cell-type=\"text\" data-original-value=\"&lt;a href=&quot;https:\/\/teec.org.mx\/web\/wp-content\/uploads\/2022\/08\/TEEC-JE-8-2022-1er-acue.-16-08-2022.pdf&quot; target=&quot;_blank&quot;&gt;TEEC\/JE\/8\/2022 (SE DA TR\u00c1MITE AL MEDIO DE IMPUGNACI\u00d3N FEDERAL)&lt;\/a&gt;\" data-order=\"&lt;a href=&quot;https:\/\/teec.org.mx\/web\/wp-content\/uploads\/2022\/08\/TEEC-JE-8-2022-1er-acue.-16-08-2022.pdf&quot; target=&quot;_blank&quot;&gt;TEEC\/JE\/8\/2022 (SE DA TR\u00c1MITE AL MEDIO DE IMPUGNACI\u00d3N FEDERAL)&lt;\/a&gt;\" ><a href=\"https:\/\/teec.org.mx\/web\/wp-content\/uploads\/2022\/08\/TEEC-JE-8-2022-1er-acue.-16-08-2022.pdf\" target=\"_blank\">TEEC\/JE\/8\/2022 (SE DA TR\u00c1MITE AL MEDIO DE IMPUGNACI\u00d3N FEDERAL)<\/a><\/td><\/tr><tr style=\"height:px\" ><td data-cell-id=\"A76\" data-x=\"0\" data-y=\"76\" data-db-index=\"76\" class=\"fsize-18\" data-cell-type=\"text\" data-original-value=\"15 DE AGOSTO DE 2022, A LAS 14:00 HORAS\" data-order=\"15 DE AGOSTO DE 2022, A LAS 14:00 HORAS\" >15 DE AGOSTO DE 2022, A LAS 14:00 HORAS <\/td><td data-cell-id=\"B76\" data-x=\"1\" data-y=\"76\" data-db-index=\"76\" class=\"fsize-18\" data-cell-type=\"text\" data-original-value=\"JUAN CARLOS MENA ZAPATA, F\u00c1TIMA GISSELLE MEUNIER ROSAS, ABNER RONCES MEX, CLARA CONCEPCI\u00d3N CASTRO GOMEZ, DANNY ALBERTO G\u00d3NGORA MOO Y NADINE ABIGAIL MOGUEL CEBALLOS, EN CALIDAD DE CONSEJERAS Y CONSEJEROS ELECTORALES DEL INSTITUTO ELECTORAL DEL ESTADO DE CAMPECHE\" data-order=\"JUAN CARLOS MENA ZAPATA, F\u00c1TIMA GISSELLE MEUNIER ROSAS, ABNER RONCES MEX, CLARA CONCEPCI\u00d3N CASTRO GOMEZ, DANNY ALBERTO G\u00d3NGORA MOO Y NADINE ABIGAIL MOGUEL CEBALLOS, EN CALIDAD DE CONSEJERAS Y CONSEJEROS ELECTORALES DEL INSTITUTO ELECTORAL DEL ESTADO DE CAMPECHE\" >JUAN CARLOS MENA ZAPATA, F\u00c1TIMA GISSELLE MEUNIER ROSAS, ABNER RONCES MEX, CLARA CONCEPCI\u00d3N CASTRO GOMEZ, DANNY ALBERTO G\u00d3NGORA MOO Y NADINE ABIGAIL MOGUEL CEBALLOS, EN CALIDAD DE CONSEJERAS Y CONSEJEROS ELECTORALES DEL INSTITUTO ELECTORAL DEL ESTADO DE CAMPECHE <\/td><td data-cell-id=\"C76\" data-x=\"2\" data-y=\"76\" data-db-index=\"76\" class=\"fsize-18\" data-cell-type=\"text\" data-original-value=\"CONSEJERA PRESIDENTA DEL CONSEJO GENERAL DEL INSTITUTO ELECTORAL DEL ESTADO DE CAMPECHE\" data-order=\"CONSEJERA PRESIDENTA DEL CONSEJO GENERAL DEL INSTITUTO ELECTORAL DEL ESTADO DE CAMPECHE\" >CONSEJERA PRESIDENTA DEL CONSEJO GENERAL DEL INSTITUTO ELECTORAL DEL ESTADO DE CAMPECHE <\/td><td data-cell-id=\"D76\" data-x=\"3\" data-y=\"76\" data-db-index=\"76\" class=\"fsize-18\" data-cell-type=\"text\" data-original-value=\"&lt;a href=&quot;https:\/\/teec.org.mx\/web\/wp-content\/uploads\/2022\/08\/TEEC-JE-16-2022-15-08-2022.pdf&quot; target=&quot;_blank&quot;&gt;TEEC\/JE\/16\/2022 (ACUERDO DE TURNO)&lt;\/a&gt;\" data-order=\"&lt;a href=&quot;https:\/\/teec.org.mx\/web\/wp-content\/uploads\/2022\/08\/TEEC-JE-16-2022-15-08-2022.pdf&quot; target=&quot;_blank&quot;&gt;TEEC\/JE\/16\/2022 (ACUERDO DE TURNO)&lt;\/a&gt;\" ><a href=\"https:\/\/teec.org.mx\/web\/wp-content\/uploads\/2022\/08\/TEEC-JE-16-2022-15-08-2022.pdf\" target=\"_blank\">TEEC\/JE\/16\/2022 (ACUERDO DE TURNO)<\/a><\/td><\/tr><tr style=\"height:px\" ><td data-cell-id=\"A77\" data-x=\"0\" data-y=\"77\" data-db-index=\"77\" class=\"fsize-18\" data-cell-type=\"text\" data-original-value=\"15 DE AGOSTO DE 2022, A LAS 10:00 HORAS\" data-order=\"15 DE AGOSTO DE 2022, A LAS 10:00 HORAS\" >15 DE AGOSTO DE 2022, A LAS 10:00 HORAS <\/td><td data-cell-id=\"B77\" data-x=\"1\" data-y=\"77\" data-db-index=\"77\" class=\"fsize-18\" data-cell-type=\"text\" data-original-value=\"JUAN CARLOS MENA ZAPATA Y OTROS\" data-order=\"JUAN CARLOS MENA ZAPATA Y OTROS\" >JUAN CARLOS MENA ZAPATA Y OTROS <\/td><td data-cell-id=\"C77\" data-x=\"2\" data-y=\"77\" data-db-index=\"77\" class=\"fsize-18\" data-cell-type=\"text\" data-original-value=\"SECRETARIA EJECUTIVA DEL CONSEJO GENERAL DEL INSTITUTO ELECTORAL DEL ESTADO DE CAMPECHE\" data-order=\"SECRETARIA EJECUTIVA DEL CONSEJO GENERAL DEL INSTITUTO ELECTORAL DEL ESTADO DE CAMPECHE\" >SECRETARIA EJECUTIVA DEL CONSEJO GENERAL DEL INSTITUTO ELECTORAL DEL ESTADO DE CAMPECHE <\/td><td data-cell-id=\"D77\" data-x=\"3\" data-y=\"77\" data-db-index=\"77\" class=\"fsize-18\" data-cell-type=\"text\" data-original-value=\"&lt;a href=&quot;https:\/\/teec.org.mx\/web\/wp-content\/uploads\/2022\/08\/TEEC-JE-8-2022-15-08-2022.pdf&quot; target=&quot;_blank&quot;&gt;TEEC\/JE\/8\/2022 (ACUERDO DE ACUMULACI\u00d3N)&lt;\/a&gt;\" data-order=\"&lt;a href=&quot;https:\/\/teec.org.mx\/web\/wp-content\/uploads\/2022\/08\/TEEC-JE-8-2022-15-08-2022.pdf&quot; target=&quot;_blank&quot;&gt;TEEC\/JE\/8\/2022 (ACUERDO DE ACUMULACI\u00d3N)&lt;\/a&gt;\" ><a href=\"https:\/\/teec.org.mx\/web\/wp-content\/uploads\/2022\/08\/TEEC-JE-8-2022-15-08-2022.pdf\" target=\"_blank\">TEEC\/JE\/8\/2022 (ACUERDO DE ACUMULACI\u00d3N)<\/a><\/td><\/tr><tr style=\"height:px\" ><td data-cell-id=\"A78\" data-x=\"0\" data-y=\"78\" data-db-index=\"78\" class=\"fsize-18\" data-cell-type=\"text\" data-original-value=\"11 DE AGOSTO DE 2022, A LAS 12:20 HORAS\" data-order=\"11 DE AGOSTO DE 2022, A LAS 12:20 HORAS\" >11 DE AGOSTO DE 2022, A LAS 12:20 HORAS <\/td><td data-cell-id=\"B78\" data-x=\"1\" data-y=\"78\" data-db-index=\"78\" class=\"fsize-18\" data-cell-type=\"text\" data-original-value=\"JUAN CARLOS MENA ZAPATA, F\u00c1TIMA GISSELLE MEUNIER ROSAS, ABNER RONCES MEX, CLARA CONCEPCI\u00d3N CASTRO G\u00d3MEZ, DANNY ALBERTO G\u00d3NGORA MOO Y NADINE ABIGAIL MOGUEL CEBALLOS, EN SU CALIDAD DE CONSEJERAS Y CONSEJEROS ELECTORALES DEL INSTITUTO ELECTORAL DEL ESTADO DE CAMPECHE\" data-order=\"JUAN CARLOS MENA ZAPATA, F\u00c1TIMA GISSELLE MEUNIER ROSAS, ABNER RONCES MEX, CLARA CONCEPCI\u00d3N CASTRO G\u00d3MEZ, DANNY ALBERTO G\u00d3NGORA MOO Y NADINE ABIGAIL MOGUEL CEBALLOS, EN SU CALIDAD DE CONSEJERAS Y CONSEJEROS ELECTORALES DEL INSTITUTO ELECTORAL DEL ESTADO DE CAMPECHE\" >JUAN CARLOS MENA ZAPATA, F\u00c1TIMA GISSELLE MEUNIER ROSAS, ABNER RONCES MEX, CLARA CONCEPCI\u00d3N CASTRO G\u00d3MEZ, DANNY ALBERTO G\u00d3NGORA MOO Y NADINE ABIGAIL MOGUEL CEBALLOS, EN SU CALIDAD DE CONSEJERAS Y CONSEJEROS ELECTORALES DEL INSTITUTO ELECTORAL DEL ESTADO DE CAMPECHE <\/td><td data-cell-id=\"C78\" data-x=\"2\" data-y=\"78\" data-db-index=\"78\" class=\"fsize-18\" data-cell-type=\"text\" data-original-value=\"LIRIO GUADALUPE SUAREZ AMENDOLA EN SU CAR\u00c1CTER DE CONSEJERA PRESIDENTA DEL CONSEJO GENERAL DEL INSTITUTO ELECTORAL DEL ESTADO DE CAMPECHE\" data-order=\"LIRIO GUADALUPE SUAREZ AMENDOLA EN SU CAR\u00c1CTER DE CONSEJERA PRESIDENTA DEL CONSEJO GENERAL DEL INSTITUTO ELECTORAL DEL ESTADO DE CAMPECHE\" >LIRIO GUADALUPE SUAREZ AMENDOLA EN SU CAR\u00c1CTER DE CONSEJERA PRESIDENTA DEL CONSEJO GENERAL DEL INSTITUTO ELECTORAL DEL ESTADO DE CAMPECHE <\/td><td data-cell-id=\"D78\" data-x=\"3\" data-y=\"78\" data-db-index=\"78\" class=\"fsize-18\" data-cell-type=\"text\" data-original-value=\"&lt;a href=&quot;https:\/\/teec.org.mx\/web\/wp-content\/uploads\/2022\/08\/TEEC-JE-9-2022-y-acum.-Acu.-Plenario-11-08-2022.pdf&quot; target=&quot;_blank&quot;&gt;TEEC\/JE\/9\/2022 Y ACUMULADOS TEEC\/JE\/10\/2022, TEEC\/JE\/11\/2022, TEEC\/JE\/12\/2022, TEEC\/JE\/13\/2022, TEEC\/JE\/14\/2022 Y TEEC\/JE\/15\/2022 (ACUERDO PLENARIO)&lt;\/a&gt;\" data-order=\"&lt;a href=&quot;https:\/\/teec.org.mx\/web\/wp-content\/uploads\/2022\/08\/TEEC-JE-9-2022-y-acum.-Acu.-Plenario-11-08-2022.pdf&quot; target=&quot;_blank&quot;&gt;TEEC\/JE\/9\/2022 Y ACUMULADOS TEEC\/JE\/10\/2022, TEEC\/JE\/11\/2022, TEEC\/JE\/12\/2022, TEEC\/JE\/13\/2022, TEEC\/JE\/14\/2022 Y TEEC\/JE\/15\/2022 (ACUERDO PLENARIO)&lt;\/a&gt;\" ><a href=\"https:\/\/teec.org.mx\/web\/wp-content\/uploads\/2022\/08\/TEEC-JE-9-2022-y-acum.-Acu.-Plenario-11-08-2022.pdf\" target=\"_blank\">TEEC\/JE\/9\/2022 Y ACUMULADOS TEEC\/JE\/10\/2022, TEEC\/JE\/11\/2022, TEEC\/JE\/12\/2022, TEEC\/JE\/13\/2022, TEEC\/JE\/14\/2022 Y TEEC\/JE\/15\/2022 (ACUERDO PLENARIO)<\/a><\/td><\/tr><tr style=\"height:px\" ><td data-cell-id=\"A79\" data-x=\"0\" data-y=\"79\" data-db-index=\"79\" class=\"fsize-18\" data-cell-type=\"text\" data-original-value=\"10 DE AGOSTO DE 2022, A LAS 13:40 HORAS\" data-order=\"10 DE AGOSTO DE 2022, A LAS 13:40 HORAS\" >10 DE AGOSTO DE 2022, A LAS 13:40 HORAS <\/td><td data-cell-id=\"B79\" data-x=\"1\" data-y=\"79\" data-db-index=\"79\" class=\"fsize-18\" data-cell-type=\"text\" data-original-value=\"JUAN CARLOS MENA ZAPATA, EN CALIDAD DE CONSEJERO ELECTORAL DEL INSTITUTO ELECTORAL DEL ESTADO DE CAMPECHE\" data-order=\"JUAN CARLOS MENA ZAPATA, EN CALIDAD DE CONSEJERO ELECTORAL DEL INSTITUTO ELECTORAL DEL ESTADO DE CAMPECHE\" >JUAN CARLOS MENA ZAPATA, EN CALIDAD DE CONSEJERO ELECTORAL DEL INSTITUTO ELECTORAL DEL ESTADO DE CAMPECHE <\/td><td data-cell-id=\"C79\" data-x=\"2\" data-y=\"79\" data-db-index=\"79\" class=\"fsize-18\" data-cell-type=\"text\" data-original-value=\"LIRIO GIADALUPE SUAREZ AMENDOLA CONSEJERA PRESIDENTA DEL CONSEJO GENERAL DEL INSTITUTO ELECTORAL DEL ESTADO DE CAMPECHE\" data-order=\"LIRIO GIADALUPE SUAREZ AMENDOLA CONSEJERA PRESIDENTA DEL CONSEJO GENERAL DEL INSTITUTO ELECTORAL DEL ESTADO DE CAMPECHE\" >LIRIO GIADALUPE SUAREZ AMENDOLA CONSEJERA PRESIDENTA DEL CONSEJO GENERAL DEL INSTITUTO ELECTORAL DEL ESTADO DE CAMPECHE <\/td><td data-cell-id=\"D79\" data-x=\"3\" data-y=\"79\" data-db-index=\"79\" class=\"fsize-18\" data-cell-type=\"text\" data-original-value=\"&lt;a href=&quot;https:\/\/teec.org.mx\/web\/wp-content\/uploads\/2022\/08\/TEEC-JE-15-2022-2do-acu-10-08-2022.pdf&quot; target=&quot;_blank&quot;&gt;TEEC\/JE\/15\/2022 (SE FIJA FECHA Y HORA PARA SESI\u00d3N PRIVADA)&lt;\/a&gt;\" data-order=\"&lt;a href=&quot;https:\/\/teec.org.mx\/web\/wp-content\/uploads\/2022\/08\/TEEC-JE-15-2022-2do-acu-10-08-2022.pdf&quot; target=&quot;_blank&quot;&gt;TEEC\/JE\/15\/2022 (SE FIJA FECHA Y HORA PARA SESI\u00d3N PRIVADA)&lt;\/a&gt;\" ><a href=\"https:\/\/teec.org.mx\/web\/wp-content\/uploads\/2022\/08\/TEEC-JE-15-2022-2do-acu-10-08-2022.pdf\" target=\"_blank\">TEEC\/JE\/15\/2022 (SE FIJA FECHA Y HORA PARA SESI\u00d3N PRIVADA)<\/a><\/td><\/tr><tr style=\"height:px\" ><td data-cell-id=\"A80\" data-x=\"0\" data-y=\"80\" data-db-index=\"80\" class=\"fsize-18\" data-cell-type=\"text\" data-original-value=\"10 DE AGOSTO DE 2022, A LAS 13:30 HORAS\" data-order=\"10 DE AGOSTO DE 2022, A LAS 13:30 HORAS\" >10 DE AGOSTO DE 2022, A LAS 13:30 HORAS <\/td><td data-cell-id=\"B80\" data-x=\"1\" data-y=\"80\" data-db-index=\"80\" class=\"fsize-18\" data-cell-type=\"text\" data-original-value=\"DANNY ALBERTO G\u00d3NGORA MOO, EN CALIDAD DE CONSEJERO ELECTORAL DEL INSTITUTO ELECTORAL DEL ESTADO DE CAMPECHE\" data-order=\"DANNY ALBERTO G\u00d3NGORA MOO, EN CALIDAD DE CONSEJERO ELECTORAL DEL INSTITUTO ELECTORAL DEL ESTADO DE CAMPECHE\" >DANNY ALBERTO G\u00d3NGORA MOO, EN CALIDAD DE CONSEJERO ELECTORAL DEL INSTITUTO ELECTORAL DEL ESTADO DE CAMPECHE <\/td><td data-cell-id=\"C80\" data-x=\"2\" data-y=\"80\" data-db-index=\"80\" class=\"fsize-18\" data-cell-type=\"text\" data-original-value=\"LIRIO GUADALUPE SUAREZ AMENDOLA EN SU CAR\u00c1CTER DE CONSEJERA PRESIDENTA DEL CONSEJO GENERAL DEL INSTITUTO ELECTORAL DEL ESTADO DE CAMPECHE\" data-order=\"LIRIO GUADALUPE SUAREZ AMENDOLA EN SU CAR\u00c1CTER DE CONSEJERA PRESIDENTA DEL CONSEJO GENERAL DEL INSTITUTO ELECTORAL DEL ESTADO DE CAMPECHE\" >LIRIO GUADALUPE SUAREZ AMENDOLA EN SU CAR\u00c1CTER DE CONSEJERA PRESIDENTA DEL CONSEJO GENERAL DEL INSTITUTO ELECTORAL DEL ESTADO DE CAMPECHE <\/td><td data-cell-id=\"D80\" data-x=\"3\" data-y=\"80\" data-db-index=\"80\" class=\"fsize-18\" data-cell-type=\"text\" data-original-value=\"&lt;a href=&quot;https:\/\/teec.org.mx\/web\/wp-content\/uploads\/2022\/08\/TEEC-JE-14-2022-2do-acu-10-08-2022.pdf&quot; target=&quot;_blank&quot;&gt;TEEC\/JE\/14\/2022 (SE FIJA FECHA Y HORA PARA SESI\u00d3N PRIVADA)&lt;\/a&gt;\" data-order=\"&lt;a href=&quot;https:\/\/teec.org.mx\/web\/wp-content\/uploads\/2022\/08\/TEEC-JE-14-2022-2do-acu-10-08-2022.pdf&quot; target=&quot;_blank&quot;&gt;TEEC\/JE\/14\/2022 (SE FIJA FECHA Y HORA PARA SESI\u00d3N PRIVADA)&lt;\/a&gt;\" ><a href=\"https:\/\/teec.org.mx\/web\/wp-content\/uploads\/2022\/08\/TEEC-JE-14-2022-2do-acu-10-08-2022.pdf\" target=\"_blank\">TEEC\/JE\/14\/2022 (SE FIJA FECHA Y HORA PARA SESI\u00d3N PRIVADA)<\/a><\/td><\/tr><tr style=\"height:px\" ><td data-cell-id=\"A81\" data-x=\"0\" data-y=\"81\" data-db-index=\"81\" class=\"fsize-18\" data-cell-type=\"text\" data-original-value=\"10 DE AGOSTO DE 2022, A LAS 13:20 HORAS\" data-order=\"10 DE AGOSTO DE 2022, A LAS 13:20 HORAS\" >10 DE AGOSTO DE 2022, A LAS 13:20 HORAS <\/td><td data-cell-id=\"B81\" data-x=\"1\" data-y=\"81\" data-db-index=\"81\" class=\"fsize-18\" data-cell-type=\"text\" data-original-value=\"CLARA CONCEPCI\u00d3N CASTRO G\u00d3MEZ, EN CALIDAD DE CONSEJERA ELECTORAL DEL INSTITUTO ELECTORAL DEL ESTADO DE CAMPECHE\" data-order=\"CLARA CONCEPCI\u00d3N CASTRO G\u00d3MEZ, EN CALIDAD DE CONSEJERA ELECTORAL DEL INSTITUTO ELECTORAL DEL ESTADO DE CAMPECHE\" >CLARA CONCEPCI\u00d3N CASTRO G\u00d3MEZ, EN CALIDAD DE CONSEJERA ELECTORAL DEL INSTITUTO ELECTORAL DEL ESTADO DE CAMPECHE <\/td><td data-cell-id=\"C81\" data-x=\"2\" data-y=\"81\" data-db-index=\"81\" class=\"fsize-18\" data-cell-type=\"text\" data-original-value=\"LIRIO GUADALUPE SUAREZ AMENDOLA EN SU CAR\u00c1CTER DE CONSEJERA PRESIDENTA DEL CONSEJO GENERAL DEL INSTITUTO ELECTORAL DEL ESTADO DE CAMPECHE\" data-order=\"LIRIO GUADALUPE SUAREZ AMENDOLA EN SU CAR\u00c1CTER DE CONSEJERA PRESIDENTA DEL CONSEJO GENERAL DEL INSTITUTO ELECTORAL DEL ESTADO DE CAMPECHE\" >LIRIO GUADALUPE SUAREZ AMENDOLA EN SU CAR\u00c1CTER DE CONSEJERA PRESIDENTA DEL CONSEJO GENERAL DEL INSTITUTO ELECTORAL DEL ESTADO DE CAMPECHE <\/td><td data-cell-id=\"D81\" data-x=\"3\" data-y=\"81\" data-db-index=\"81\" class=\"fsize-18\" data-cell-type=\"text\" data-original-value=\"&lt;a href=&quot;https:\/\/teec.org.mx\/web\/wp-content\/uploads\/2022\/08\/TEEC-JE-13-2022-2do-acu-10-08-2022.pdf&quot; target=&quot;_blank&quot;&gt;TEEC\/JE\/13\/2022 (SE FIJA FECHA Y HORA PARA SESI\u00d3N PRIVADA)&lt;\/a&gt;\" data-order=\"&lt;a href=&quot;https:\/\/teec.org.mx\/web\/wp-content\/uploads\/2022\/08\/TEEC-JE-13-2022-2do-acu-10-08-2022.pdf&quot; target=&quot;_blank&quot;&gt;TEEC\/JE\/13\/2022 (SE FIJA FECHA Y HORA PARA SESI\u00d3N PRIVADA)&lt;\/a&gt;\" ><a href=\"https:\/\/teec.org.mx\/web\/wp-content\/uploads\/2022\/08\/TEEC-JE-13-2022-2do-acu-10-08-2022.pdf\" target=\"_blank\">TEEC\/JE\/13\/2022 (SE FIJA FECHA Y HORA PARA SESI\u00d3N PRIVADA)<\/a><\/td><\/tr><tr style=\"height:px\" ><td data-cell-id=\"A82\" data-x=\"0\" data-y=\"82\" data-db-index=\"82\" class=\"fsize-18\" data-cell-type=\"text\" data-original-value=\"10 DE AGOSTO DE 2022, A LAS 13:10 HORAS\" data-order=\"10 DE AGOSTO DE 2022, A LAS 13:10 HORAS\" >10 DE AGOSTO DE 2022, A LAS 13:10 HORAS <\/td><td data-cell-id=\"B82\" data-x=\"1\" data-y=\"82\" data-db-index=\"82\" class=\"fsize-18\" data-cell-type=\"text\" data-original-value=\"ABNER RONCES MEX, EN CALIDAD DE CONSEJERO ELECTORAL DEL INSTITUTO ELECTORAL DEL ESTADO DE CAMPECHE\" data-order=\"ABNER RONCES MEX, EN CALIDAD DE CONSEJERO ELECTORAL DEL INSTITUTO ELECTORAL DEL ESTADO DE CAMPECHE\" >ABNER RONCES MEX, EN CALIDAD DE CONSEJERO ELECTORAL DEL INSTITUTO ELECTORAL DEL ESTADO DE CAMPECHE <\/td><td data-cell-id=\"C82\" data-x=\"2\" data-y=\"82\" data-db-index=\"82\" class=\"fsize-18\" data-cell-type=\"text\" data-original-value=\"LIRIO GUADALUPE SUAREZ AMENDOLA EN SU CAR\u00c1CTER DE CONSEJERA PRESIDENTA DEL CONSEJO GENERAL DEL INSTITUTO ELECTORAL DEL ESTADO DE CAMPECHE\" data-order=\"LIRIO GUADALUPE SUAREZ AMENDOLA EN SU CAR\u00c1CTER DE CONSEJERA PRESIDENTA DEL CONSEJO GENERAL DEL INSTITUTO ELECTORAL DEL ESTADO DE CAMPECHE\" >LIRIO GUADALUPE SUAREZ AMENDOLA EN SU CAR\u00c1CTER DE CONSEJERA PRESIDENTA DEL CONSEJO GENERAL DEL INSTITUTO ELECTORAL DEL ESTADO DE CAMPECHE <\/td><td data-cell-id=\"D82\" data-x=\"3\" data-y=\"82\" data-db-index=\"82\" class=\"fsize-18\" data-cell-type=\"text\" data-original-value=\"&lt;a href=&quot;https:\/\/teec.org.mx\/web\/wp-content\/uploads\/2022\/08\/TEEC-JE-12-2022-2do-acu-10-08-2022.pdf&quot; target=&quot;_blank&quot;&gt;TEEC\/JE\/12\/2022 (SE FIJA FECHA Y PARA PARA SESI\u00d3N PRIVADA)&lt;\/a&gt;\" data-order=\"&lt;a href=&quot;https:\/\/teec.org.mx\/web\/wp-content\/uploads\/2022\/08\/TEEC-JE-12-2022-2do-acu-10-08-2022.pdf&quot; target=&quot;_blank&quot;&gt;TEEC\/JE\/12\/2022 (SE FIJA FECHA Y PARA PARA SESI\u00d3N PRIVADA)&lt;\/a&gt;\" ><a href=\"https:\/\/teec.org.mx\/web\/wp-content\/uploads\/2022\/08\/TEEC-JE-12-2022-2do-acu-10-08-2022.pdf\" target=\"_blank\">TEEC\/JE\/12\/2022 (SE FIJA FECHA Y PARA PARA SESI\u00d3N PRIVADA)<\/a><\/td><\/tr><tr style=\"height:px\" ><td data-cell-id=\"A83\" data-x=\"0\" data-y=\"83\" data-db-index=\"83\" class=\"fsize-18\" data-cell-type=\"text\" data-original-value=\"10 DE AGOSTO DE 2022, A LAS 13:00 HORAS.\" data-order=\"10 DE AGOSTO DE 2022, A LAS 13:00 HORAS.\" >10 DE AGOSTO DE 2022, A LAS 13:00 HORAS. <\/td><td data-cell-id=\"B83\" data-x=\"1\" data-y=\"83\" data-db-index=\"83\" class=\"fsize-18\" data-cell-type=\"text\" data-original-value=\"F\u00c1TIMA GISSELLE MEUNIER ROSAS, EN CALIDAD DE CONSEJERA ELECTORAL DEL INSTITUTO ELECTORAL DEL ESTADO DE CAMPECHE\" data-order=\"F\u00c1TIMA GISSELLE MEUNIER ROSAS, EN CALIDAD DE CONSEJERA ELECTORAL DEL INSTITUTO ELECTORAL DEL ESTADO DE CAMPECHE\" >F\u00c1TIMA GISSELLE MEUNIER ROSAS, EN CALIDAD DE CONSEJERA ELECTORAL DEL INSTITUTO ELECTORAL DEL ESTADO DE CAMPECHE <\/td><td data-cell-id=\"C83\" data-x=\"2\" data-y=\"83\" data-db-index=\"83\" class=\"fsize-18\" data-cell-type=\"text\" data-original-value=\"LIRIO GUADALUPE SUAREZ AMENDOLA EN SU CAR\u00c1CTER DE CONSEJERA PRESIDENTA DEL CONSEJO GENERAL DEL INSTITUTO ELECTORAL DEL ESTADO DE CAMPECHE\" data-order=\"LIRIO GUADALUPE SUAREZ AMENDOLA EN SU CAR\u00c1CTER DE CONSEJERA PRESIDENTA DEL CONSEJO GENERAL DEL INSTITUTO ELECTORAL DEL ESTADO DE CAMPECHE\" >LIRIO GUADALUPE SUAREZ AMENDOLA EN SU CAR\u00c1CTER DE CONSEJERA PRESIDENTA DEL CONSEJO GENERAL DEL INSTITUTO ELECTORAL DEL ESTADO DE CAMPECHE <\/td><td data-cell-id=\"D83\" data-x=\"3\" data-y=\"83\" data-db-index=\"83\" class=\"fsize-18\" data-cell-type=\"text\" data-original-value=\"&lt;a href=&quot;https:\/\/teec.org.mx\/web\/wp-content\/uploads\/2022\/08\/TEEC-JE-11-2022-2do-acu-10-08-2022.pdf&quot; target=&quot;_blank&quot;&gt;TEEC\/JE\/11\/2022 (SE FIJA FECHA Y HORA PARA SESI\u00d3N PRIVADA)&lt;\/a&gt;\" data-order=\"&lt;a href=&quot;https:\/\/teec.org.mx\/web\/wp-content\/uploads\/2022\/08\/TEEC-JE-11-2022-2do-acu-10-08-2022.pdf&quot; target=&quot;_blank&quot;&gt;TEEC\/JE\/11\/2022 (SE FIJA FECHA Y HORA PARA SESI\u00d3N PRIVADA)&lt;\/a&gt;\" ><a href=\"https:\/\/teec.org.mx\/web\/wp-content\/uploads\/2022\/08\/TEEC-JE-11-2022-2do-acu-10-08-2022.pdf\" target=\"_blank\">TEEC\/JE\/11\/2022 (SE FIJA FECHA Y HORA PARA SESI\u00d3N PRIVADA)<\/a><\/td><\/tr><tr style=\"height:px\" ><td data-cell-id=\"A84\" data-x=\"0\" data-y=\"84\" data-db-index=\"84\" class=\"fsize-18\" data-cell-type=\"text\" data-original-value=\"10 DE AGOSTO DE 2022, A LAS 12:50 HORAS\" data-order=\"10 DE AGOSTO DE 2022, A LAS 12:50 HORAS\" >10 DE AGOSTO DE 2022, A LAS 12:50 HORAS <\/td><td data-cell-id=\"B84\" data-x=\"1\" data-y=\"84\" data-db-index=\"84\" class=\"fsize-18\" data-cell-type=\"text\" data-original-value=\"NADINE ABIGAIL MOGUEL CEBALLOS, EN CALIDAD DE CONSEJERA ELECTORAL DEL INSTITUTO ELECTORAL DEL ESTADO DE CAMPECHE\" data-order=\"NADINE ABIGAIL MOGUEL CEBALLOS, EN CALIDAD DE CONSEJERA ELECTORAL DEL INSTITUTO ELECTORAL DEL ESTADO DE CAMPECHE\" >NADINE ABIGAIL MOGUEL CEBALLOS, EN CALIDAD DE CONSEJERA ELECTORAL DEL INSTITUTO ELECTORAL DEL ESTADO DE CAMPECHE <\/td><td data-cell-id=\"C84\" data-x=\"2\" data-y=\"84\" data-db-index=\"84\" class=\"fsize-18\" data-cell-type=\"text\" data-original-value=\"LIRIO GUADALUPE SUAREZ AMENDOLA EN SU CAR\u00c1CTER DE CONSEJERA PRESIDENTA DEL CONSEJO GENERAL DEL INSTITUTO ELECTORAL DEL ESTADO DE CAMPECHE\" data-order=\"LIRIO GUADALUPE SUAREZ AMENDOLA EN SU CAR\u00c1CTER DE CONSEJERA PRESIDENTA DEL CONSEJO GENERAL DEL INSTITUTO ELECTORAL DEL ESTADO DE CAMPECHE\" >LIRIO GUADALUPE SUAREZ AMENDOLA EN SU CAR\u00c1CTER DE CONSEJERA PRESIDENTA DEL CONSEJO GENERAL DEL INSTITUTO ELECTORAL DEL ESTADO DE CAMPECHE <\/td><td data-cell-id=\"D84\" data-x=\"3\" data-y=\"84\" data-db-index=\"84\" class=\"fsize-18\" data-cell-type=\"text\" data-original-value=\"&lt;a href=&quot;https:\/\/teec.org.mx\/web\/wp-content\/uploads\/2022\/08\/TEEC-JE-10-2022-2do-acu-10-08-2022.pdf&quot; target=&quot;_blank&quot;&gt;TEEC\/JE\/10\/2022 (SE FIJA FECHA Y HORA PARA SESION PRIVADA)&lt;\/a&gt;\" data-order=\"&lt;a href=&quot;https:\/\/teec.org.mx\/web\/wp-content\/uploads\/2022\/08\/TEEC-JE-10-2022-2do-acu-10-08-2022.pdf&quot; target=&quot;_blank&quot;&gt;TEEC\/JE\/10\/2022 (SE FIJA FECHA Y HORA PARA SESION PRIVADA)&lt;\/a&gt;\" ><a href=\"https:\/\/teec.org.mx\/web\/wp-content\/uploads\/2022\/08\/TEEC-JE-10-2022-2do-acu-10-08-2022.pdf\" target=\"_blank\">TEEC\/JE\/10\/2022 (SE FIJA FECHA Y HORA PARA SESION PRIVADA)<\/a><\/td><\/tr><tr style=\"height:px\" ><td data-cell-id=\"A85\" data-x=\"0\" data-y=\"85\" data-db-index=\"85\" class=\"fsize-18\" data-cell-type=\"text\" data-original-value=\"10 DE AGOSTO DE 2022, A LAS 12:40 HORAS\" data-order=\"10 DE AGOSTO DE 2022, A LAS 12:40 HORAS\" >10 DE AGOSTO DE 2022, A LAS 12:40 HORAS <\/td><td data-cell-id=\"B85\" data-x=\"1\" data-y=\"85\" data-db-index=\"85\" class=\"fsize-18\" data-cell-type=\"text\" data-original-value=\"JUAN CARLOS MENA ZAPATA Y OTROS\" data-order=\"JUAN CARLOS MENA ZAPATA Y OTROS\" >JUAN CARLOS MENA ZAPATA Y OTROS <\/td><td data-cell-id=\"C85\" data-x=\"2\" data-y=\"85\" data-db-index=\"85\" class=\"fsize-18\" data-cell-type=\"text\" data-original-value=\"LIRIO GUADALUPE SUAREZ AMENDOLA EN SU CAR\u00c1CTER DE CONSEJERA PRESIDENTA DEL CONSEJO GENERAL DEL INSTITUTO ELECTORAL DEL ESTADO DE CAMPECHE\" data-order=\"LIRIO GUADALUPE SUAREZ AMENDOLA EN SU CAR\u00c1CTER DE CONSEJERA PRESIDENTA DEL CONSEJO GENERAL DEL INSTITUTO ELECTORAL DEL ESTADO DE CAMPECHE\" >LIRIO GUADALUPE SUAREZ AMENDOLA EN SU CAR\u00c1CTER DE CONSEJERA PRESIDENTA DEL CONSEJO GENERAL DEL INSTITUTO ELECTORAL DEL ESTADO DE CAMPECHE <\/td><td data-cell-id=\"D85\" data-x=\"3\" data-y=\"85\" data-db-index=\"85\" class=\"fsize-18\" data-cell-type=\"text\" data-original-value=\"&lt;a href=&quot;https:\/\/teec.org.mx\/web\/wp-content\/uploads\/2022\/08\/TEEC-JE-9-2022-2do-acu.-10-08-2022.pdf&quot; target=&quot;_blank&quot;&gt;TEEC\/JE\/9\/2022 (SE FIJA FECHA Y HORA PARA SESI\u00d3N PRIVADA)&lt;\/a&gt;\" data-order=\"&lt;a href=&quot;https:\/\/teec.org.mx\/web\/wp-content\/uploads\/2022\/08\/TEEC-JE-9-2022-2do-acu.-10-08-2022.pdf&quot; target=&quot;_blank&quot;&gt;TEEC\/JE\/9\/2022 (SE FIJA FECHA Y HORA PARA SESI\u00d3N PRIVADA)&lt;\/a&gt;\" ><a href=\"https:\/\/teec.org.mx\/web\/wp-content\/uploads\/2022\/08\/TEEC-JE-9-2022-2do-acu.-10-08-2022.pdf\" target=\"_blank\">TEEC\/JE\/9\/2022 (SE FIJA FECHA Y HORA PARA SESI\u00d3N PRIVADA)<\/a><\/td><\/tr><tr style=\"height:px\" ><td data-cell-id=\"A86\" data-x=\"0\" data-y=\"86\" data-db-index=\"86\" class=\"fsize-18\" data-cell-type=\"text\" data-original-value=\"10 DE AGOSTO DE 2022, A LAS 12:30 HORAS\" data-order=\"10 DE AGOSTO DE 2022, A LAS 12:30 HORAS\" >10 DE AGOSTO DE 2022, A LAS 12:30 HORAS <\/td><td data-cell-id=\"B86\" data-x=\"1\" data-y=\"86\" data-db-index=\"86\" class=\"fsize-18\" data-cell-type=\"text\" data-original-value=\"JUAN CARLOS MENA ZAPATA, EN CALIDAD DE CONSEJERO ELECTORAL DEL INSTITUTO ELECTORAL DEL ESTADO DE CAMPECHE\" data-order=\"JUAN CARLOS MENA ZAPATA, EN CALIDAD DE CONSEJERO ELECTORAL DEL INSTITUTO ELECTORAL DEL ESTADO DE CAMPECHE\" >JUAN CARLOS MENA ZAPATA, EN CALIDAD DE CONSEJERO ELECTORAL DEL INSTITUTO ELECTORAL DEL ESTADO DE CAMPECHE <\/td><td data-cell-id=\"C86\" data-x=\"2\" data-y=\"86\" data-db-index=\"86\" class=\"fsize-18\" data-cell-type=\"text\" data-original-value=\"LIRIO GIADALUPE SUAREZ AMENDOLA CONSEJERA PRESIDENTA DEL CONSEJO GENERAL DEL INSTITUTO ELECTORAL DEL ESTADO DE CAMPECHE\" data-order=\"LIRIO GIADALUPE SUAREZ AMENDOLA CONSEJERA PRESIDENTA DEL CONSEJO GENERAL DEL INSTITUTO ELECTORAL DEL ESTADO DE CAMPECHE\" >LIRIO GIADALUPE SUAREZ AMENDOLA CONSEJERA PRESIDENTA DEL CONSEJO GENERAL DEL INSTITUTO ELECTORAL DEL ESTADO DE CAMPECHE <\/td><td data-cell-id=\"D86\" data-x=\"3\" data-y=\"86\" data-db-index=\"86\" class=\"fsize-18\" data-cell-type=\"text\" data-original-value=\"&lt;a href=&quot;https:\/\/teec.org.mx\/web\/wp-content\/uploads\/2022\/08\/TEEC-JE-15-2022-10-08-2022.pdf&quot; target=&quot;_blank&quot;&gt;TEEC\/JE\/15\/2022 (ACUERDO DE SOLICITUD DE FECHA Y HORA PARA SESI\u00d3N PRIVADA)&lt;\/a&gt;\" data-order=\"&lt;a href=&quot;https:\/\/teec.org.mx\/web\/wp-content\/uploads\/2022\/08\/TEEC-JE-15-2022-10-08-2022.pdf&quot; target=&quot;_blank&quot;&gt;TEEC\/JE\/15\/2022 (ACUERDO DE SOLICITUD DE FECHA Y HORA PARA SESI\u00d3N PRIVADA)&lt;\/a&gt;\" ><a href=\"https:\/\/teec.org.mx\/web\/wp-content\/uploads\/2022\/08\/TEEC-JE-15-2022-10-08-2022.pdf\" target=\"_blank\">TEEC\/JE\/15\/2022 (ACUERDO DE SOLICITUD DE FECHA Y HORA PARA SESI\u00d3N PRIVADA)<\/a><\/td><\/tr><tr style=\"height:px\" ><td data-cell-id=\"A87\" data-x=\"0\" data-y=\"87\" data-db-index=\"87\" class=\"fsize-18\" data-cell-type=\"text\" data-original-value=\"10 DE AGOSTO DE 2022, A LAS 12:15 HORAS\" data-order=\"10 DE AGOSTO DE 2022, A LAS 12:15 HORAS\" >10 DE AGOSTO DE 2022, A LAS 12:15 HORAS <\/td><td data-cell-id=\"B87\" data-x=\"1\" data-y=\"87\" data-db-index=\"87\" class=\"fsize-18\" data-cell-type=\"text\" data-original-value=\"DANNY ALBERTO G\u00d3NGORA MOO, EN CALIDAD DE CONSEJERO ELECTORAL DEL INSTITUTO ELECTORAL DEL ESTADO DE CAMPECHE\" data-order=\"DANNY ALBERTO G\u00d3NGORA MOO, EN CALIDAD DE CONSEJERO ELECTORAL DEL INSTITUTO ELECTORAL DEL ESTADO DE CAMPECHE\" >DANNY ALBERTO G\u00d3NGORA MOO, EN CALIDAD DE CONSEJERO ELECTORAL DEL INSTITUTO ELECTORAL DEL ESTADO DE CAMPECHE <\/td><td data-cell-id=\"C87\" data-x=\"2\" data-y=\"87\" data-db-index=\"87\" class=\"fsize-18\" data-cell-type=\"text\" data-original-value=\"LIRIO GUADALUPE SUAREZ AMENDOLA EN SU CAR\u00c1CTER DE CONSEJERA PRESIDENTA DEL CONSEJO GENERAL DEL INSTITUTO ELECTORAL DEL ESTADO DE CAMPECHE\" data-order=\"LIRIO GUADALUPE SUAREZ AMENDOLA EN SU CAR\u00c1CTER DE CONSEJERA PRESIDENTA DEL CONSEJO GENERAL DEL INSTITUTO ELECTORAL DEL ESTADO DE CAMPECHE\" >LIRIO GUADALUPE SUAREZ AMENDOLA EN SU CAR\u00c1CTER DE CONSEJERA PRESIDENTA DEL CONSEJO GENERAL DEL INSTITUTO ELECTORAL DEL ESTADO DE CAMPECHE <\/td><td data-cell-id=\"D87\" data-x=\"3\" data-y=\"87\" data-db-index=\"87\" class=\"fsize-18\" data-cell-type=\"text\" data-original-value=\"&lt;a href=&quot;https:\/\/teec.org.mx\/web\/wp-content\/uploads\/2022\/08\/TEEC-JE-14-2022-10-08-2022.pdf&quot; target=&quot;_blank&quot;&gt;TEEC\/JE\/14\/2022 (ACUERDO DE SOLICITUD DE FECHA Y HORA PARA SESI\u00d3N PRIVADA)&lt;\/a&gt;\" data-order=\"&lt;a href=&quot;https:\/\/teec.org.mx\/web\/wp-content\/uploads\/2022\/08\/TEEC-JE-14-2022-10-08-2022.pdf&quot; target=&quot;_blank&quot;&gt;TEEC\/JE\/14\/2022 (ACUERDO DE SOLICITUD DE FECHA Y HORA PARA SESI\u00d3N PRIVADA)&lt;\/a&gt;\" ><a href=\"https:\/\/teec.org.mx\/web\/wp-content\/uploads\/2022\/08\/TEEC-JE-14-2022-10-08-2022.pdf\" target=\"_blank\">TEEC\/JE\/14\/2022 (ACUERDO DE SOLICITUD DE FECHA Y HORA PARA SESI\u00d3N PRIVADA)<\/a><\/td><\/tr><tr style=\"height:px\" ><td data-cell-id=\"A88\" data-x=\"0\" data-y=\"88\" data-db-index=\"88\" class=\"fsize-18\" data-cell-type=\"text\" data-original-value=\"10 DE AGOSTO DE 2022, A LAS 12:00 HORAS\" data-order=\"10 DE AGOSTO DE 2022, A LAS 12:00 HORAS\" >10 DE AGOSTO DE 2022, A LAS 12:00 HORAS <\/td><td data-cell-id=\"B88\" data-x=\"1\" data-y=\"88\" data-db-index=\"88\" class=\"fsize-18\" data-cell-type=\"text\" data-original-value=\"CLARA CONCEPCI\u00d3N CASTRO G\u00d3MEZ, EN CALIDAD DE CONSEJERA ELECTORAL DEL INSTITUTO ELECTORAL DEL ESTADO DE CAMPECHE \" data-order=\"CLARA CONCEPCI\u00d3N CASTRO G\u00d3MEZ, EN CALIDAD DE CONSEJERA ELECTORAL DEL INSTITUTO ELECTORAL DEL ESTADO DE CAMPECHE \" >CLARA CONCEPCI\u00d3N CASTRO G\u00d3MEZ, EN CALIDAD DE CONSEJERA ELECTORAL DEL INSTITUTO ELECTORAL DEL ESTADO DE CAMPECHE <\/td><td data-cell-id=\"C88\" data-x=\"2\" data-y=\"88\" data-db-index=\"88\" class=\"fsize-18\" data-cell-type=\"text\" data-original-value=\"LIRIO GUADALUPE SUAREZ AMENDOLA EN SU CAR\u00c1CTER DE CONSEJERA PRESIDENTA DEL CONSEJO GENERAL DEL INSTITUTO ELECTORAL DEL ESTADO DE CAMPECHE\" data-order=\"LIRIO GUADALUPE SUAREZ AMENDOLA EN SU CAR\u00c1CTER DE CONSEJERA PRESIDENTA DEL CONSEJO GENERAL DEL INSTITUTO ELECTORAL DEL ESTADO DE CAMPECHE\" >LIRIO GUADALUPE SUAREZ AMENDOLA EN SU CAR\u00c1CTER DE CONSEJERA PRESIDENTA DEL CONSEJO GENERAL DEL INSTITUTO ELECTORAL DEL ESTADO DE CAMPECHE <\/td><td data-cell-id=\"D88\" data-x=\"3\" data-y=\"88\" data-db-index=\"88\" class=\"fsize-18\" data-cell-type=\"text\" data-original-value=\"&lt;a href=&quot;https:\/\/teec.org.mx\/web\/wp-content\/uploads\/2022\/08\/TEEC-JE-13-2022-10-08-2022.pdf&quot; target=&quot;_blank&quot;&gt;TEEC\/JE\/13\/2022 (ACUERDO DE SOLICITUD DE FECHA Y HORA PARA SESI\u00d3N PRIVADA)&lt;\/a&gt;\" data-order=\"&lt;a href=&quot;https:\/\/teec.org.mx\/web\/wp-content\/uploads\/2022\/08\/TEEC-JE-13-2022-10-08-2022.pdf&quot; target=&quot;_blank&quot;&gt;TEEC\/JE\/13\/2022 (ACUERDO DE SOLICITUD DE FECHA Y HORA PARA SESI\u00d3N PRIVADA)&lt;\/a&gt;\" ><a href=\"https:\/\/teec.org.mx\/web\/wp-content\/uploads\/2022\/08\/TEEC-JE-13-2022-10-08-2022.pdf\" target=\"_blank\">TEEC\/JE\/13\/2022 (ACUERDO DE SOLICITUD DE FECHA Y HORA PARA SESI\u00d3N PRIVADA)<\/a><\/td><\/tr><tr style=\"height:px\" ><td data-cell-id=\"A89\" data-x=\"0\" data-y=\"89\" data-db-index=\"89\" class=\"fsize-18\" data-cell-type=\"text\" data-original-value=\"10 DE AGOSTO DE 2022, A LAS 11:45 HORAS\" data-order=\"10 DE AGOSTO DE 2022, A LAS 11:45 HORAS\" >10 DE AGOSTO DE 2022, A LAS 11:45 HORAS <\/td><td data-cell-id=\"B89\" data-x=\"1\" data-y=\"89\" data-db-index=\"89\" class=\"fsize-18\" data-cell-type=\"text\" data-original-value=\"ABNER RONCES MEX, EN CALIDAD DE CONSEJERO ELECTORAL DEL INSTITUTO ELECTORAL DEL ESTADO DE CAMPECHE\" data-order=\"ABNER RONCES MEX, EN CALIDAD DE CONSEJERO ELECTORAL DEL INSTITUTO ELECTORAL DEL ESTADO DE CAMPECHE\" >ABNER RONCES MEX, EN CALIDAD DE CONSEJERO ELECTORAL DEL INSTITUTO ELECTORAL DEL ESTADO DE CAMPECHE <\/td><td data-cell-id=\"C89\" data-x=\"2\" data-y=\"89\" data-db-index=\"89\" class=\"fsize-18\" data-cell-type=\"text\" data-original-value=\"CONSEJERA PRESIDENTA DEL CONSEJO GENERAL DEL INSTITUTO ELECTORAL DEL ESTADO DE CAMPECHE\" data-order=\"CONSEJERA PRESIDENTA DEL CONSEJO GENERAL DEL INSTITUTO ELECTORAL DEL ESTADO DE CAMPECHE\" >CONSEJERA PRESIDENTA DEL CONSEJO GENERAL DEL INSTITUTO ELECTORAL DEL ESTADO DE CAMPECHE <\/td><td data-cell-id=\"D89\" data-x=\"3\" data-y=\"89\" data-db-index=\"89\" class=\"fsize-18\" data-cell-type=\"text\" data-original-value=\"&lt;a href=&quot;https:\/\/teec.org.mx\/web\/wp-content\/uploads\/2022\/08\/TEEC-JE-12-2022-10-08-2022.pdf&quot; target=&quot;_blank&quot;&gt;TEEC\/JE\/12\/2022 (ACUERDO DE SOLITUD DE FECHA Y PARA PARA SESI\u00d3N PRIVADA)&lt;\/a&gt;\" data-order=\"&lt;a href=&quot;https:\/\/teec.org.mx\/web\/wp-content\/uploads\/2022\/08\/TEEC-JE-12-2022-10-08-2022.pdf&quot; target=&quot;_blank&quot;&gt;TEEC\/JE\/12\/2022 (ACUERDO DE SOLITUD DE FECHA Y PARA PARA SESI\u00d3N PRIVADA)&lt;\/a&gt;\" ><a href=\"https:\/\/teec.org.mx\/web\/wp-content\/uploads\/2022\/08\/TEEC-JE-12-2022-10-08-2022.pdf\" target=\"_blank\">TEEC\/JE\/12\/2022 (ACUERDO DE SOLITUD DE FECHA Y PARA PARA SESI\u00d3N PRIVADA)<\/a><\/td><\/tr><tr style=\"height:px\" ><td data-cell-id=\"A90\" data-x=\"0\" data-y=\"90\" data-db-index=\"90\" class=\"fsize-18\" data-cell-type=\"text\" data-original-value=\"10 DE AGOSTO DE 2022, A LAS 11:30 HORAS\" data-order=\"10 DE AGOSTO DE 2022, A LAS 11:30 HORAS\" >10 DE AGOSTO DE 2022, A LAS 11:30 HORAS <\/td><td data-cell-id=\"B90\" data-x=\"1\" data-y=\"90\" data-db-index=\"90\" class=\"fsize-18\" data-cell-type=\"text\" data-original-value=\"F\u00c1TIMA GISSELLE MEUNIER ROSAS, EN CALIDAD DE CONSEJERA ELECTORAL DEL INSTITUTO ELECTORAL DEL ESTADO DE CAMPECHE\" data-order=\"F\u00c1TIMA GISSELLE MEUNIER ROSAS, EN CALIDAD DE CONSEJERA ELECTORAL DEL INSTITUTO ELECTORAL DEL ESTADO DE CAMPECHE\" >F\u00c1TIMA GISSELLE MEUNIER ROSAS, EN CALIDAD DE CONSEJERA ELECTORAL DEL INSTITUTO ELECTORAL DEL ESTADO DE CAMPECHE <\/td><td data-cell-id=\"C90\" data-x=\"2\" data-y=\"90\" data-db-index=\"90\" class=\"fsize-18\" data-cell-type=\"text\" data-original-value=\"LIRIO GUADALUPE SUAREZ AMENDOLA EN SU CAR\u00c1CTER DE CONSEJERA PRESIDENTA DEL CONSEJO GENERAL DEL INSTITUTO ELECTORAL DEL ESTADO DE CAMPECHE\" data-order=\"LIRIO GUADALUPE SUAREZ AMENDOLA EN SU CAR\u00c1CTER DE CONSEJERA PRESIDENTA DEL CONSEJO GENERAL DEL INSTITUTO ELECTORAL DEL ESTADO DE CAMPECHE\" >LIRIO GUADALUPE SUAREZ AMENDOLA EN SU CAR\u00c1CTER DE CONSEJERA PRESIDENTA DEL CONSEJO GENERAL DEL INSTITUTO ELECTORAL DEL ESTADO DE CAMPECHE <\/td><td data-cell-id=\"D90\" data-x=\"3\" data-y=\"90\" data-db-index=\"90\" class=\"fsize-18\" data-cell-type=\"text\" data-original-value=\"&lt;a href=&quot;https:\/\/teec.org.mx\/web\/wp-content\/uploads\/2022\/08\/TEEC-JE-11-2022-10-08-2022.pdf&quot; target=&quot;_blank&quot;&gt;TEEC\/JE\/11\/2022 (ACUERDO DE SOLICITUD DE FECHA Y HORA PARA SESI\u00d3N PRIVADA)&lt;\/a&gt;\" data-order=\"&lt;a href=&quot;https:\/\/teec.org.mx\/web\/wp-content\/uploads\/2022\/08\/TEEC-JE-11-2022-10-08-2022.pdf&quot; target=&quot;_blank&quot;&gt;TEEC\/JE\/11\/2022 (ACUERDO DE SOLICITUD DE FECHA Y HORA PARA SESI\u00d3N PRIVADA)&lt;\/a&gt;\" ><a href=\"https:\/\/teec.org.mx\/web\/wp-content\/uploads\/2022\/08\/TEEC-JE-11-2022-10-08-2022.pdf\" target=\"_blank\">TEEC\/JE\/11\/2022 (ACUERDO DE SOLICITUD DE FECHA Y HORA PARA SESI\u00d3N PRIVADA)<\/a><\/td><\/tr><tr style=\"height:px\" ><td data-cell-id=\"A91\" data-x=\"0\" data-y=\"91\" data-db-index=\"91\" class=\"fsize-18\" data-cell-type=\"text\" data-original-value=\"10 DE AGOSTO DE 2022, A LAS 11:15 HORAS\" data-order=\"10 DE AGOSTO DE 2022, A LAS 11:15 HORAS\" >10 DE AGOSTO DE 2022, A LAS 11:15 HORAS <\/td><td data-cell-id=\"B91\" data-x=\"1\" data-y=\"91\" data-db-index=\"91\" class=\"fsize-18\" data-cell-type=\"text\" data-original-value=\"NADINE ABIGAIL MOGUEL CEBALLOS, EN CALIDAD DE CONSEJERA ELECTORAL DEL INSTITUTO ELECTORAL DEL ESTADO DE CAMPECHE\" data-order=\"NADINE ABIGAIL MOGUEL CEBALLOS, EN CALIDAD DE CONSEJERA ELECTORAL DEL INSTITUTO ELECTORAL DEL ESTADO DE CAMPECHE\" >NADINE ABIGAIL MOGUEL CEBALLOS, EN CALIDAD DE CONSEJERA ELECTORAL DEL INSTITUTO ELECTORAL DEL ESTADO DE CAMPECHE <\/td><td data-cell-id=\"C91\" data-x=\"2\" data-y=\"91\" data-db-index=\"91\" class=\"fsize-18\" data-cell-type=\"text\" data-original-value=\"LIRIO GUADALUPE SUAREZ AMENDOLA EN SU CAR\u00c1CTER DE CONSEJERA PRESIDENTA DEL CONSEJO GENERAL DEL INSTITUTO ELECTORAL DEL ESTADO DE CAMPECHE\" data-order=\"LIRIO GUADALUPE SUAREZ AMENDOLA EN SU CAR\u00c1CTER DE CONSEJERA PRESIDENTA DEL CONSEJO GENERAL DEL INSTITUTO ELECTORAL DEL ESTADO DE CAMPECHE\" >LIRIO GUADALUPE SUAREZ AMENDOLA EN SU CAR\u00c1CTER DE CONSEJERA PRESIDENTA DEL CONSEJO GENERAL DEL INSTITUTO ELECTORAL DEL ESTADO DE CAMPECHE <\/td><td data-cell-id=\"D91\" data-x=\"3\" data-y=\"91\" data-db-index=\"91\" class=\"fsize-18\" data-cell-type=\"text\" data-original-value=\"&lt;a href=&quot;https:\/\/teec.org.mx\/web\/wp-content\/uploads\/2022\/08\/TEEC-JE-10-2022-10-08-2022.pdf&quot; target=&quot;_blank&quot;&gt;TEEC\/JE\/10\/2022 (ACUERDO DE SOLICITUD DE FECHA Y HORA PARA SESI\u00d3N PRIVADA)&lt;\/a&gt;\" data-order=\"&lt;a href=&quot;https:\/\/teec.org.mx\/web\/wp-content\/uploads\/2022\/08\/TEEC-JE-10-2022-10-08-2022.pdf&quot; target=&quot;_blank&quot;&gt;TEEC\/JE\/10\/2022 (ACUERDO DE SOLICITUD DE FECHA Y HORA PARA SESI\u00d3N PRIVADA)&lt;\/a&gt;\" ><a href=\"https:\/\/teec.org.mx\/web\/wp-content\/uploads\/2022\/08\/TEEC-JE-10-2022-10-08-2022.pdf\" target=\"_blank\">TEEC\/JE\/10\/2022 (ACUERDO DE SOLICITUD DE FECHA Y HORA PARA SESI\u00d3N PRIVADA)<\/a><\/td><\/tr><tr style=\"height:px\" ><td data-cell-id=\"A92\" data-x=\"0\" data-y=\"92\" data-db-index=\"92\" class=\"fsize-18\" data-cell-type=\"text\" data-original-value=\"10 DE AGOSTO DE 2022, A LAS 11:00 HORAS\" data-order=\"10 DE AGOSTO DE 2022, A LAS 11:00 HORAS\" >10 DE AGOSTO DE 2022, A LAS 11:00 HORAS <\/td><td data-cell-id=\"B92\" data-x=\"1\" data-y=\"92\" data-db-index=\"92\" class=\"fsize-18\" data-cell-type=\"text\" data-original-value=\"JUAN CARLOS MENA ZAPATA Y OTROS\" data-order=\"JUAN CARLOS MENA ZAPATA Y OTROS\" >JUAN CARLOS MENA ZAPATA Y OTROS <\/td><td data-cell-id=\"C92\" data-x=\"2\" data-y=\"92\" data-db-index=\"92\" class=\"fsize-18\" data-cell-type=\"text\" data-original-value=\"LIRIO GUADALUPE SUAREZ AMENDOLA, EN SU CAR\u00c1CTER DE CONSEJERA PRESIDENTA DEL CONSEJO GENERAL DEL INSTITUTO ELECTORAL DEL ESTADO DE CAMPECHE\" data-order=\"LIRIO GUADALUPE SUAREZ AMENDOLA, EN SU CAR\u00c1CTER DE CONSEJERA PRESIDENTA DEL CONSEJO GENERAL DEL INSTITUTO ELECTORAL DEL ESTADO DE CAMPECHE\" >LIRIO GUADALUPE SUAREZ AMENDOLA, EN SU CAR\u00c1CTER DE CONSEJERA PRESIDENTA DEL CONSEJO GENERAL DEL INSTITUTO ELECTORAL DEL ESTADO DE CAMPECHE <\/td><td data-cell-id=\"D92\" data-x=\"3\" data-y=\"92\" data-db-index=\"92\" class=\"fsize-18\" data-cell-type=\"text\" data-original-value=\"&lt;a href=&quot;https:\/\/teec.org.mx\/web\/wp-content\/uploads\/2022\/08\/TEEC-JE-9-2022-10-08-2022.pdf&quot; target=&quot;_blank&quot;&gt;TEEC\/JE\/9\/2022 (ACUERDO DE SOLICITUD DE FECHA Y HORA PARA SESI\u00d3N)&lt;\/a&gt;\" data-order=\"&lt;a href=&quot;https:\/\/teec.org.mx\/web\/wp-content\/uploads\/2022\/08\/TEEC-JE-9-2022-10-08-2022.pdf&quot; target=&quot;_blank&quot;&gt;TEEC\/JE\/9\/2022 (ACUERDO DE SOLICITUD DE FECHA Y HORA PARA SESI\u00d3N)&lt;\/a&gt;\" ><a href=\"https:\/\/teec.org.mx\/web\/wp-content\/uploads\/2022\/08\/TEEC-JE-9-2022-10-08-2022.pdf\" target=\"_blank\">TEEC\/JE\/9\/2022 (ACUERDO DE SOLICITUD DE FECHA Y HORA PARA SESI\u00d3N)<\/a><\/td><\/tr><tr style=\"height:px\" ><td data-cell-id=\"A93\" data-x=\"0\" data-y=\"93\" data-db-index=\"93\" class=\"fsize-18\" data-cell-type=\"text\" data-original-value=\"09 DE AGOSTO DE 2022, A LAS 12:15 HORAS\" data-order=\"09 DE AGOSTO DE 2022, A LAS 12:15 HORAS\" >09 DE AGOSTO DE 2022, A LAS 12:15 HORAS <\/td><td data-cell-id=\"B93\" data-x=\"1\" data-y=\"93\" data-db-index=\"93\" class=\"fsize-18\" data-cell-type=\"text\" data-original-value=\"JUAN CARLOS MENA ZAPATA Y OTROS\" data-order=\"JUAN CARLOS MENA ZAPATA Y OTROS\" >JUAN CARLOS MENA ZAPATA Y OTROS <\/td><td data-cell-id=\"C93\" data-x=\"2\" data-y=\"93\" data-db-index=\"93\" class=\"fsize-18\" data-cell-type=\"text\" data-original-value=\"SECRETARIA EJECUTIVA DEL CONSEJO GENERAL DEL INSTITUTO ELECTORAL DEL ESTADO DE CAMPECHE\" data-order=\"SECRETARIA EJECUTIVA DEL CONSEJO GENERAL DEL INSTITUTO ELECTORAL DEL ESTADO DE CAMPECHE\" >SECRETARIA EJECUTIVA DEL CONSEJO GENERAL DEL INSTITUTO ELECTORAL DEL ESTADO DE CAMPECHE <\/td><td data-cell-id=\"D93\" data-x=\"3\" data-y=\"93\" data-db-index=\"93\" class=\"fsize-18\" data-cell-type=\"text\" data-original-value=\"&lt;a href=&quot;https:\/\/teec.org.mx\/web\/wp-content\/uploads\/2022\/08\/TEEC-JE-8-2022-acu.-plenario-09-08-2022.pdf&quot; target=&quot;_blank&quot;&gt;TEEC\/JE\/8\/2022 (ACUERDO PLENARIO)&lt;\/a&gt;\" data-order=\"&lt;a href=&quot;https:\/\/teec.org.mx\/web\/wp-content\/uploads\/2022\/08\/TEEC-JE-8-2022-acu.-plenario-09-08-2022.pdf&quot; target=&quot;_blank&quot;&gt;TEEC\/JE\/8\/2022 (ACUERDO PLENARIO)&lt;\/a&gt;\" ><a href=\"https:\/\/teec.org.mx\/web\/wp-content\/uploads\/2022\/08\/TEEC-JE-8-2022-acu.-plenario-09-08-2022.pdf\" target=\"_blank\">TEEC\/JE\/8\/2022 (ACUERDO PLENARIO)<\/a><\/td><\/tr><tr style=\"height:px\" ><td data-cell-id=\"A94\" data-x=\"0\" data-y=\"94\" data-db-index=\"94\" class=\"fsize-18\" data-cell-type=\"text\" data-original-value=\"08 DE AGOSTO DE 2022, A LAS 13:55 HORAS\" data-order=\"08 DE AGOSTO DE 2022, A LAS 13:55 HORAS\" >08 DE AGOSTO DE 2022, A LAS 13:55 HORAS <\/td><td data-cell-id=\"B94\" data-x=\"1\" data-y=\"94\" data-db-index=\"94\" class=\"fsize-18\" data-cell-type=\"text\" data-original-value=\"JUAN CARLOS MENA ZAPATA, EN CALIDAD DE CONSEJERO ELECTORAL DEL INSTITUTO ELECTORAL DEL ESTADO DE CAMPECHE\" data-order=\"JUAN CARLOS MENA ZAPATA, EN CALIDAD DE CONSEJERO ELECTORAL DEL INSTITUTO ELECTORAL DEL ESTADO DE CAMPECHE\" >JUAN CARLOS MENA ZAPATA, EN CALIDAD DE CONSEJERO ELECTORAL DEL INSTITUTO ELECTORAL DEL ESTADO DE CAMPECHE <\/td><td data-cell-id=\"C94\" data-x=\"2\" data-y=\"94\" data-db-index=\"94\" class=\"fsize-18\" data-cell-type=\"text\" data-original-value=\"LIRIO GIADALUPE SUAREZ AMENDOLA CONSEJERA PRESIDENTA DEL CONSEJO GENERAL DEL INSTITUTO ELECTORAL DEL ESTADO DE CAMPECHE\" data-order=\"LIRIO GIADALUPE SUAREZ AMENDOLA CONSEJERA PRESIDENTA DEL CONSEJO GENERAL DEL INSTITUTO ELECTORAL DEL ESTADO DE CAMPECHE\" >LIRIO GIADALUPE SUAREZ AMENDOLA CONSEJERA PRESIDENTA DEL CONSEJO GENERAL DEL INSTITUTO ELECTORAL DEL ESTADO DE CAMPECHE <\/td><td data-cell-id=\"D94\" data-x=\"3\" data-y=\"94\" data-db-index=\"94\" class=\"fsize-18\" data-cell-type=\"text\" data-original-value=\"&lt;a href=&quot;https:\/\/teec.org.mx\/web\/wp-content\/uploads\/2022\/08\/TEEC-JE-15-2022-08-08-2022.pdf&quot; target=&quot;_blank&quot;&gt;TEEC\/JE\/15\/2022 (ACUERDO DE RECEPCION Y RADICACION)&lt;\/a&gt;\" data-order=\"&lt;a href=&quot;https:\/\/teec.org.mx\/web\/wp-content\/uploads\/2022\/08\/TEEC-JE-15-2022-08-08-2022.pdf&quot; target=&quot;_blank&quot;&gt;TEEC\/JE\/15\/2022 (ACUERDO DE RECEPCION Y RADICACION)&lt;\/a&gt;\" ><a href=\"https:\/\/teec.org.mx\/web\/wp-content\/uploads\/2022\/08\/TEEC-JE-15-2022-08-08-2022.pdf\" target=\"_blank\">TEEC\/JE\/15\/2022 (ACUERDO DE RECEPCION Y RADICACION)<\/a><\/td><\/tr><tr style=\"height:px\" ><td data-cell-id=\"A95\" data-x=\"0\" data-y=\"95\" data-db-index=\"95\" class=\"fsize-18\" data-cell-type=\"text\" data-original-value=\"08 DE AGOSTO DE 2022, A LAS 13:40 HORAS\" data-order=\"08 DE AGOSTO DE 2022, A LAS 13:40 HORAS\" >08 DE AGOSTO DE 2022, A LAS 13:40 HORAS <\/td><td data-cell-id=\"B95\" data-x=\"1\" data-y=\"95\" data-db-index=\"95\" class=\"fsize-18\" data-cell-type=\"text\" data-original-value=\"DANNY ALBERTO G\u00d3NGORA MOO, EN CALIDAD DE CONSEJERO ELECTORAL DEL INSTITUTO ELECTORAL DEL ESTADO DE CAMPECHE\" data-order=\"DANNY ALBERTO G\u00d3NGORA MOO, EN CALIDAD DE CONSEJERO ELECTORAL DEL INSTITUTO ELECTORAL DEL ESTADO DE CAMPECHE\" >DANNY ALBERTO G\u00d3NGORA MOO, EN CALIDAD DE CONSEJERO ELECTORAL DEL INSTITUTO ELECTORAL DEL ESTADO DE CAMPECHE <\/td><td data-cell-id=\"C95\" data-x=\"2\" data-y=\"95\" data-db-index=\"95\" class=\"fsize-18\" data-cell-type=\"text\" data-original-value=\"LIRIO GUADALUPE SUAREZ AMENDOLA EN SU CAR\u00c1CTER DE CONSEJERA PRESIDENTA DEL CONSEJO GENERAL DEL INSTITUTO ELECTORAL DEL ESTADO DE CAMPECHE.\" data-order=\"LIRIO GUADALUPE SUAREZ AMENDOLA EN SU CAR\u00c1CTER DE CONSEJERA PRESIDENTA DEL CONSEJO GENERAL DEL INSTITUTO ELECTORAL DEL ESTADO DE CAMPECHE.\" >LIRIO GUADALUPE SUAREZ AMENDOLA EN SU CAR\u00c1CTER DE CONSEJERA PRESIDENTA DEL CONSEJO GENERAL DEL INSTITUTO ELECTORAL DEL ESTADO DE CAMPECHE. <\/td><td data-cell-id=\"D95\" data-x=\"3\" data-y=\"95\" data-db-index=\"95\" class=\"fsize-18\" data-cell-type=\"text\" data-original-value=\"&lt;a href=&quot;https:\/\/teec.org.mx\/web\/wp-content\/uploads\/2022\/08\/TEEC-JE-14-2022-08-08-2022.pdf&quot; target=&quot;_blank&quot;&gt;TEEC\/JE\/14\/2022 (ACUERDO DE RECEPCION Y RADICACION)&lt;\/a&gt;\" data-order=\"&lt;a href=&quot;https:\/\/teec.org.mx\/web\/wp-content\/uploads\/2022\/08\/TEEC-JE-14-2022-08-08-2022.pdf&quot; target=&quot;_blank&quot;&gt;TEEC\/JE\/14\/2022 (ACUERDO DE RECEPCION Y RADICACION)&lt;\/a&gt;\" ><a href=\"https:\/\/teec.org.mx\/web\/wp-content\/uploads\/2022\/08\/TEEC-JE-14-2022-08-08-2022.pdf\" target=\"_blank\">TEEC\/JE\/14\/2022 (ACUERDO DE RECEPCION Y RADICACION)<\/a><\/td><\/tr><tr style=\"height:px\" ><td data-cell-id=\"A96\" data-x=\"0\" data-y=\"96\" data-db-index=\"96\" class=\"fsize-18\" data-cell-type=\"text\" data-original-value=\"08 DE AGOSTO DE 2022, A LAS 13:25 HORAS\" data-order=\"08 DE AGOSTO DE 2022, A LAS 13:25 HORAS\" >08 DE AGOSTO DE 2022, A LAS 13:25 HORAS <\/td><td data-cell-id=\"B96\" data-x=\"1\" data-y=\"96\" data-db-index=\"96\" class=\"fsize-18\" data-cell-type=\"text\" data-original-value=\"CLARA CONCEPCI\u00d3N CASTRO G\u00d3MEZ, EN CALIDAD DE CONSEJERA ELECTORAL DEL INSTITUTO ELECTORAL DEL ESTADO DE CAMPECHE \" data-order=\"CLARA CONCEPCI\u00d3N CASTRO G\u00d3MEZ, EN CALIDAD DE CONSEJERA ELECTORAL DEL INSTITUTO ELECTORAL DEL ESTADO DE CAMPECHE \" >CLARA CONCEPCI\u00d3N CASTRO G\u00d3MEZ, EN CALIDAD DE CONSEJERA ELECTORAL DEL INSTITUTO ELECTORAL DEL ESTADO DE CAMPECHE <\/td><td data-cell-id=\"C96\" data-x=\"2\" data-y=\"96\" data-db-index=\"96\" class=\"fsize-18\" data-cell-type=\"text\" data-original-value=\"LIRIO GUADALUPE SUAREZ AMENDOLA EN SU CAR\u00c1CTER DE CONSEJERA PRESIDENTA DEL CONSEJO GENERAL DEL INSTITUTO ELECTORAL DEL ESTADO DE CAMPEC\" data-order=\"LIRIO GUADALUPE SUAREZ AMENDOLA EN SU CAR\u00c1CTER DE CONSEJERA PRESIDENTA DEL CONSEJO GENERAL DEL INSTITUTO ELECTORAL DEL ESTADO DE CAMPEC\" >LIRIO GUADALUPE SUAREZ AMENDOLA EN SU CAR\u00c1CTER DE CONSEJERA PRESIDENTA DEL CONSEJO GENERAL DEL INSTITUTO ELECTORAL DEL ESTADO DE CAMPEC <\/td><td data-cell-id=\"D96\" data-x=\"3\" data-y=\"96\" data-db-index=\"96\" class=\"fsize-18\" data-cell-type=\"text\" data-original-value=\"&lt;a href=&quot;https:\/\/teec.org.mx\/web\/wp-content\/uploads\/2022\/08\/TEEC-JE-13-2022-08-08-2022.pdf&quot; target=&quot;_blank&quot;&gt;TEEC\/JE\/13\/2022 (ACUERDO DE RECEPCION Y RADICACION)&lt;\/a&gt;\" data-order=\"&lt;a href=&quot;https:\/\/teec.org.mx\/web\/wp-content\/uploads\/2022\/08\/TEEC-JE-13-2022-08-08-2022.pdf&quot; target=&quot;_blank&quot;&gt;TEEC\/JE\/13\/2022 (ACUERDO DE RECEPCION Y RADICACION)&lt;\/a&gt;\" ><a href=\"https:\/\/teec.org.mx\/web\/wp-content\/uploads\/2022\/08\/TEEC-JE-13-2022-08-08-2022.pdf\" target=\"_blank\">TEEC\/JE\/13\/2022 (ACUERDO DE RECEPCION Y RADICACION)<\/a><\/td><\/tr><tr style=\"height:px\" ><td data-cell-id=\"A97\" data-x=\"0\" data-y=\"97\" data-db-index=\"97\" class=\"fsize-18\" data-cell-type=\"text\" data-original-value=\"08 DE AGOSTO DE 2022, A LAS 13:15 HORAS\" data-order=\"08 DE AGOSTO DE 2022, A LAS 13:15 HORAS\" >08 DE AGOSTO DE 2022, A LAS 13:15 HORAS <\/td><td data-cell-id=\"B97\" data-x=\"1\" data-y=\"97\" data-db-index=\"97\" class=\"fsize-18\" data-cell-type=\"text\" data-original-value=\"ABNER RONCES MEX, EN CALIDAD DE CONSEJERO ELECTORAL DEL INSTITUTO ELECTORAL DEL ESTADO DE CAMPECHE\" data-order=\"ABNER RONCES MEX, EN CALIDAD DE CONSEJERO ELECTORAL DEL INSTITUTO ELECTORAL DEL ESTADO DE CAMPECHE\" >ABNER RONCES MEX, EN CALIDAD DE CONSEJERO ELECTORAL DEL INSTITUTO ELECTORAL DEL ESTADO DE CAMPECHE <\/td><td data-cell-id=\"C97\" data-x=\"2\" data-y=\"97\" data-db-index=\"97\" class=\"fsize-18\" data-cell-type=\"text\" data-original-value=\"CONSEJERA PRESIDENTA DEL CONSEJO GENERAL DEL INSTITUTO ELECTORAL DEL ESTADO DE CAMPECHE\" data-order=\"CONSEJERA PRESIDENTA DEL CONSEJO GENERAL DEL INSTITUTO ELECTORAL DEL ESTADO DE CAMPECHE\" >CONSEJERA PRESIDENTA DEL CONSEJO GENERAL DEL INSTITUTO ELECTORAL DEL ESTADO DE CAMPECHE <\/td><td data-cell-id=\"D97\" data-x=\"3\" data-y=\"97\" data-db-index=\"97\" class=\"fsize-18\" data-cell-type=\"text\" data-original-value=\"&lt;a href=&quot;https:\/\/teec.org.mx\/web\/wp-content\/uploads\/2022\/08\/TEEC-JE-12-2022-08-08-2022.pdf&quot; target=&quot;_blank&quot;&gt;TEEC\/JE\/12\/2022 (ACUERDO DE RECEPCION Y RADICACION)&lt;\/a&gt;\" data-order=\"&lt;a href=&quot;https:\/\/teec.org.mx\/web\/wp-content\/uploads\/2022\/08\/TEEC-JE-12-2022-08-08-2022.pdf&quot; target=&quot;_blank&quot;&gt;TEEC\/JE\/12\/2022 (ACUERDO DE RECEPCION Y RADICACION)&lt;\/a&gt;\" ><a href=\"https:\/\/teec.org.mx\/web\/wp-content\/uploads\/2022\/08\/TEEC-JE-12-2022-08-08-2022.pdf\" target=\"_blank\">TEEC\/JE\/12\/2022 (ACUERDO DE RECEPCION Y RADICACION)<\/a><\/td><\/tr><tr style=\"height:px\" ><td data-cell-id=\"A98\" data-x=\"0\" data-y=\"98\" data-db-index=\"98\" class=\"fsize-18\" data-cell-type=\"text\" data-original-value=\"08 DE AGOSTO DE 2022, A LAS 12:55 HORAS\" data-order=\"08 DE AGOSTO DE 2022, A LAS 12:55 HORAS\" >08 DE AGOSTO DE 2022, A LAS 12:55 HORAS <\/td><td data-cell-id=\"B98\" data-x=\"1\" data-y=\"98\" data-db-index=\"98\" class=\"fsize-18\" data-cell-type=\"text\" data-original-value=\"F\u00c1TIMA GISSELLE MEUNIER ROSAS, EN CALIDAD DE CONSEJERA ELECTORAL DEL INSTITUTO ELECTORAL DEL ESTADO DE CAMPECHE\" data-order=\"F\u00c1TIMA GISSELLE MEUNIER ROSAS, EN CALIDAD DE CONSEJERA ELECTORAL DEL INSTITUTO ELECTORAL DEL ESTADO DE CAMPECHE\" >F\u00c1TIMA GISSELLE MEUNIER ROSAS, EN CALIDAD DE CONSEJERA ELECTORAL DEL INSTITUTO ELECTORAL DEL ESTADO DE CAMPECHE <\/td><td data-cell-id=\"C98\" data-x=\"2\" data-y=\"98\" data-db-index=\"98\" class=\"fsize-18\" data-cell-type=\"text\" data-original-value=\"LIRIO GUADALUPE SUAREZ AMENDOLA EN SU CAR\u00c1CTER DE CONSEJERA PRESIDENTA DEL CONSEJO GENERAL DEL INSTITUTO ELECTORAL DEL ESTADO DE CAMPECHE\" data-order=\"LIRIO GUADALUPE SUAREZ AMENDOLA EN SU CAR\u00c1CTER DE CONSEJERA PRESIDENTA DEL CONSEJO GENERAL DEL INSTITUTO ELECTORAL DEL ESTADO DE CAMPECHE\" >LIRIO GUADALUPE SUAREZ AMENDOLA EN SU CAR\u00c1CTER DE CONSEJERA PRESIDENTA DEL CONSEJO GENERAL DEL INSTITUTO ELECTORAL DEL ESTADO DE CAMPECHE <\/td><td data-cell-id=\"D98\" data-x=\"3\" data-y=\"98\" data-db-index=\"98\" class=\"fsize-18\" data-cell-type=\"text\" data-original-value=\"&lt;a href=&quot;https:\/\/teec.org.mx\/web\/wp-content\/uploads\/2022\/08\/TEEC-JE-11-2022-08-08-2022.pdf&quot; target=&quot;_blank&quot;&gt;TEEC\/JE\/11\/2022 (ACUERDO DE RECEPECION Y RADICACION)&lt;\/a&gt;\" data-order=\"&lt;a href=&quot;https:\/\/teec.org.mx\/web\/wp-content\/uploads\/2022\/08\/TEEC-JE-11-2022-08-08-2022.pdf&quot; target=&quot;_blank&quot;&gt;TEEC\/JE\/11\/2022 (ACUERDO DE RECEPECION Y RADICACION)&lt;\/a&gt;\" ><a href=\"https:\/\/teec.org.mx\/web\/wp-content\/uploads\/2022\/08\/TEEC-JE-11-2022-08-08-2022.pdf\" target=\"_blank\">TEEC\/JE\/11\/2022 (ACUERDO DE RECEPECION Y RADICACION)<\/a><\/td><\/tr><tr style=\"height:px\" ><td data-cell-id=\"A99\" data-x=\"0\" data-y=\"99\" data-db-index=\"99\" class=\"fsize-18\" data-cell-type=\"text\" data-original-value=\"08 DE AGOSTO DE 2022, A LAS 12:40 HORAS\" data-order=\"08 DE AGOSTO DE 2022, A LAS 12:40 HORAS\" >08 DE AGOSTO DE 2022, A LAS 12:40 HORAS <\/td><td data-cell-id=\"B99\" data-x=\"1\" data-y=\"99\" data-db-index=\"99\" class=\"fsize-18\" data-cell-type=\"text\" data-original-value=\"NADINE ABIGAIL MOGUEL CEBALLOS, EN CALIDAD DE CONSEJERA ELECTORAL DEL INSTITUTO ELECTORAL DEL ESTADO DE CAMPECHE\" data-order=\"NADINE ABIGAIL MOGUEL CEBALLOS, EN CALIDAD DE CONSEJERA ELECTORAL DEL INSTITUTO ELECTORAL DEL ESTADO DE CAMPECHE\" >NADINE ABIGAIL MOGUEL CEBALLOS, EN CALIDAD DE CONSEJERA ELECTORAL DEL INSTITUTO ELECTORAL DEL ESTADO DE CAMPECHE <\/td><td data-cell-id=\"C99\" data-x=\"2\" data-y=\"99\" data-db-index=\"99\" class=\"fsize-18\" data-cell-type=\"text\" data-original-value=\"LIRIO GUADALUPE SUAREZ AMENDOLA EN SU CAR\u00c1CTER DE CONSEJERA PRESIDENTA DEL CONSEJO GENERAL DEL INSTITUTO ELECTORAL DEL ESTADO DE CAMPECHE\" data-order=\"LIRIO GUADALUPE SUAREZ AMENDOLA EN SU CAR\u00c1CTER DE CONSEJERA PRESIDENTA DEL CONSEJO GENERAL DEL INSTITUTO ELECTORAL DEL ESTADO DE CAMPECHE\" >LIRIO GUADALUPE SUAREZ AMENDOLA EN SU CAR\u00c1CTER DE CONSEJERA PRESIDENTA DEL CONSEJO GENERAL DEL INSTITUTO ELECTORAL DEL ESTADO DE CAMPECHE <\/td><td data-cell-id=\"D99\" data-x=\"3\" data-y=\"99\" data-db-index=\"99\" class=\"fsize-18\" data-cell-type=\"text\" data-original-value=\"&lt;a href=&quot;https:\/\/teec.org.mx\/web\/wp-content\/uploads\/2022\/08\/TEEC-JE-10-2022-08-08-2020.pdf&quot; target=&quot;_blank&quot;&gt;TEEC\/JE\/10\/2022 (ACUERDO DE RECEPCION Y RADICACION)&lt;\/a&gt;\" data-order=\"&lt;a href=&quot;https:\/\/teec.org.mx\/web\/wp-content\/uploads\/2022\/08\/TEEC-JE-10-2022-08-08-2020.pdf&quot; target=&quot;_blank&quot;&gt;TEEC\/JE\/10\/2022 (ACUERDO DE RECEPCION Y RADICACION)&lt;\/a&gt;\" ><a href=\"https:\/\/teec.org.mx\/web\/wp-content\/uploads\/2022\/08\/TEEC-JE-10-2022-08-08-2020.pdf\" target=\"_blank\">TEEC\/JE\/10\/2022 (ACUERDO DE RECEPCION Y RADICACION)<\/a><\/td><\/tr><tr style=\"height:px\" ><td data-cell-id=\"A100\" data-x=\"0\" data-y=\"100\" data-db-index=\"100\" class=\"fsize-18\" data-cell-type=\"text\" data-original-value=\"08 DE AGOSTO DE 2022, A LAS 12:20 HORAS\" data-order=\"08 DE AGOSTO DE 2022, A LAS 12:20 HORAS\" >08 DE AGOSTO DE 2022, A LAS 12:20 HORAS <\/td><td data-cell-id=\"B100\" data-x=\"1\" data-y=\"100\" data-db-index=\"100\" class=\"fsize-18\" data-cell-type=\"text\" data-original-value=\"JUAN CARLOS MENA ZAPATA Y OTROS\" data-order=\"JUAN CARLOS MENA ZAPATA Y OTROS\" >JUAN CARLOS MENA ZAPATA Y OTROS <\/td><td data-cell-id=\"C100\" data-x=\"2\" data-y=\"100\" data-db-index=\"100\" class=\"fsize-18\" data-cell-type=\"text\" data-original-value=\"LIRIO GUADALUPE SUAREZ AMENDOLA, EN SU CAR\u00c1CTER DE CONSEJERA PRESIDENTA DEL CONSEJO GENERAL DEL INSTITUTO ELECTORAL DEL ESTADO DE CAMPECHE\" data-order=\"LIRIO GUADALUPE SUAREZ AMENDOLA, EN SU CAR\u00c1CTER DE CONSEJERA PRESIDENTA DEL CONSEJO GENERAL DEL INSTITUTO ELECTORAL DEL ESTADO DE CAMPECHE\" >LIRIO GUADALUPE SUAREZ AMENDOLA, EN SU CAR\u00c1CTER DE CONSEJERA PRESIDENTA DEL CONSEJO GENERAL DEL INSTITUTO ELECTORAL DEL ESTADO DE CAMPECHE <\/td><td data-cell-id=\"D100\" data-x=\"3\" data-y=\"100\" data-db-index=\"100\" class=\"fsize-18\" data-cell-type=\"text\" data-original-value=\"&lt;a href=&quot;https:\/\/teec.org.mx\/web\/wp-content\/uploads\/2022\/08\/TEEC-JE-9-2022-08-08-2022.pdf&quot; target=&quot;_blank&quot;&gt;TEEC\/JE\/9\/2022 (ACUERDO DE RECEPCI\u00d3N Y RADICACI\u00d3N)&lt;\/a&gt;\" data-order=\"&lt;a href=&quot;https:\/\/teec.org.mx\/web\/wp-content\/uploads\/2022\/08\/TEEC-JE-9-2022-08-08-2022.pdf&quot; target=&quot;_blank&quot;&gt;TEEC\/JE\/9\/2022 (ACUERDO DE RECEPCI\u00d3N Y RADICACI\u00d3N)&lt;\/a&gt;\" ><a href=\"https:\/\/teec.org.mx\/web\/wp-content\/uploads\/2022\/08\/TEEC-JE-9-2022-08-08-2022.pdf\" target=\"_blank\">TEEC\/JE\/9\/2022 (ACUERDO DE RECEPCI\u00d3N Y RADICACI\u00d3N)<\/a><\/td><\/tr><tr style=\"height:px\" ><td data-cell-id=\"A101\" data-x=\"0\" data-y=\"101\" data-db-index=\"101\" class=\"fsize-18\" data-cell-type=\"text\" data-original-value=\"08 DE AGOSTO DE 2022, A LAS 12:00 HORAS\" data-order=\"08 DE AGOSTO DE 2022, A LAS 12:00 HORAS\" >08 DE AGOSTO DE 2022, A LAS 12:00 HORAS <\/td><td data-cell-id=\"B101\" data-x=\"1\" data-y=\"101\" data-db-index=\"101\" class=\"fsize-18\" data-cell-type=\"text\" data-original-value=\"JUAN CARLOS MENA ZAPATA Y OTROS\" data-order=\"JUAN CARLOS MENA ZAPATA Y OTROS\" >JUAN CARLOS MENA ZAPATA Y OTROS <\/td><td data-cell-id=\"C101\" data-x=\"2\" data-y=\"101\" data-db-index=\"101\" class=\"fsize-18\" data-cell-type=\"text\" data-original-value=\"SECRETARIA EJECUTIVA DEL CONSEJO GENERAL DEL INSTITUTO ELECTORAL DEL ESTADO DE CAMPECHE\" data-order=\"SECRETARIA EJECUTIVA DEL CONSEJO GENERAL DEL INSTITUTO ELECTORAL DEL ESTADO DE CAMPECHE\" >SECRETARIA EJECUTIVA DEL CONSEJO GENERAL DEL INSTITUTO ELECTORAL DEL ESTADO DE CAMPECHE <\/td><td data-cell-id=\"D101\" data-x=\"3\" data-y=\"101\" data-db-index=\"101\" class=\"fsize-18\" data-cell-type=\"text\" data-original-value=\"&lt;a href=&quot;https:\/\/teec.org.mx\/web\/wp-content\/uploads\/2022\/08\/TEEC-JE-8-2022-08-08-2022.pdf&quot; target=&quot;_blank&quot;&gt;TEEC\/JE\/8\/2022 (SE FIJA FECHA Y HORA PARA SESION PRIVADA)&lt;\/a&gt;\" data-order=\"&lt;a href=&quot;https:\/\/teec.org.mx\/web\/wp-content\/uploads\/2022\/08\/TEEC-JE-8-2022-08-08-2022.pdf&quot; target=&quot;_blank&quot;&gt;TEEC\/JE\/8\/2022 (SE FIJA FECHA Y HORA PARA SESION PRIVADA)&lt;\/a&gt;\" ><a href=\"https:\/\/teec.org.mx\/web\/wp-content\/uploads\/2022\/08\/TEEC-JE-8-2022-08-08-2022.pdf\" target=\"_blank\">TEEC\/JE\/8\/2022 (SE FIJA FECHA Y HORA PARA SESION PRIVADA)<\/a><\/td><\/tr><tr style=\"height:px\" ><td data-cell-id=\"A102\" data-x=\"0\" data-y=\"102\" data-db-index=\"102\" class=\"fsize-18\" data-cell-type=\"text\" data-original-value=\"05 DE AGOSTO DE 2022, A LAS 12:00 HORAS\" data-order=\"05 DE AGOSTO DE 2022, A LAS 12:00 HORAS\" >05 DE AGOSTO DE 2022, A LAS 12:00 HORAS <\/td><td data-cell-id=\"B102\" data-x=\"1\" data-y=\"102\" data-db-index=\"102\" class=\"fsize-18\" data-cell-type=\"text\" data-original-value=\"JUAN CARLOS MENA ZAPATA, EN CALIDAD DE CONSEJERO ELECTORAL DEL INSTITUTO ELECTORAL DEL ESTADO DE CAMPECHE\" data-order=\"JUAN CARLOS MENA ZAPATA, EN CALIDAD DE CONSEJERO ELECTORAL DEL INSTITUTO ELECTORAL DEL ESTADO DE CAMPECHE\" >JUAN CARLOS MENA ZAPATA, EN CALIDAD DE CONSEJERO ELECTORAL DEL INSTITUTO ELECTORAL DEL ESTADO DE CAMPECHE <\/td><td data-cell-id=\"C102\" data-x=\"2\" data-y=\"102\" data-db-index=\"102\" class=\"fsize-18\" data-cell-type=\"text\" data-original-value=\"CONSEJERA PRESIDENTA DEL CONSEJO GENERAL DEL INSTITUTO ELECTORAL DEL ESTADO DE CAMPECHE\" data-order=\"CONSEJERA PRESIDENTA DEL CONSEJO GENERAL DEL INSTITUTO ELECTORAL DEL ESTADO DE CAMPECHE\" >CONSEJERA PRESIDENTA DEL CONSEJO GENERAL DEL INSTITUTO ELECTORAL DEL ESTADO DE CAMPECHE <\/td><td data-cell-id=\"D102\" data-x=\"3\" data-y=\"102\" data-db-index=\"102\" class=\"fsize-18\" data-cell-type=\"text\" data-original-value=\"&lt;a href=&quot;https:\/\/teec.org.mx\/web\/wp-content\/uploads\/2022\/08\/TEEC-JE-15-2022-05-08-2022.pdf&quot; target=&quot;_blank&quot;&gt;TEEC\/JE\/15\/2022 (ACUERDO DE TURNO)&lt;\/a&gt;\" data-order=\"&lt;a href=&quot;https:\/\/teec.org.mx\/web\/wp-content\/uploads\/2022\/08\/TEEC-JE-15-2022-05-08-2022.pdf&quot; target=&quot;_blank&quot;&gt;TEEC\/JE\/15\/2022 (ACUERDO DE TURNO)&lt;\/a&gt;\" ><a href=\"https:\/\/teec.org.mx\/web\/wp-content\/uploads\/2022\/08\/TEEC-JE-15-2022-05-08-2022.pdf\" target=\"_blank\">TEEC\/JE\/15\/2022 (ACUERDO DE TURNO)<\/a><\/td><\/tr><tr style=\"height:px\" ><td data-cell-id=\"A103\" data-x=\"0\" data-y=\"103\" data-db-index=\"103\" class=\"fsize-18\" data-cell-type=\"text\" data-original-value=\"05 DE AGOSTO DE 2022, A LAS 11:40 HORAS\" data-order=\"05 DE AGOSTO DE 2022, A LAS 11:40 HORAS\" >05 DE AGOSTO DE 2022, A LAS 11:40 HORAS <\/td><td data-cell-id=\"B103\" data-x=\"1\" data-y=\"103\" data-db-index=\"103\" class=\"fsize-18\" data-cell-type=\"text\" data-original-value=\"DANNY ALBERTO G\u00d3NGORA MOO, EN CALIDAD DE CONSEJERO ELECTORAL DEL INSTITUTO ELECTORAL DEL ESTADO DE CAMPECHE\" data-order=\"DANNY ALBERTO G\u00d3NGORA MOO, EN CALIDAD DE CONSEJERO ELECTORAL DEL INSTITUTO ELECTORAL DEL ESTADO DE CAMPECHE\" >DANNY ALBERTO G\u00d3NGORA MOO, EN CALIDAD DE CONSEJERO ELECTORAL DEL INSTITUTO ELECTORAL DEL ESTADO DE CAMPECHE <\/td><td data-cell-id=\"C103\" data-x=\"2\" data-y=\"103\" data-db-index=\"103\" class=\"fsize-18\" data-cell-type=\"text\" data-original-value=\"CONSEJERA PRESIDENTA DEL CONSEJO GENERAL DEL INSTITUTO ELECTORAL DEL ESTADO DE CAMPECHE\" data-order=\"CONSEJERA PRESIDENTA DEL CONSEJO GENERAL DEL INSTITUTO ELECTORAL DEL ESTADO DE CAMPECHE\" >CONSEJERA PRESIDENTA DEL CONSEJO GENERAL DEL INSTITUTO ELECTORAL DEL ESTADO DE CAMPECHE <\/td><td data-cell-id=\"D103\" data-x=\"3\" data-y=\"103\" data-db-index=\"103\" class=\"fsize-18\" data-cell-type=\"text\" data-original-value=\"&lt;a href=&quot;https:\/\/teec.org.mx\/web\/wp-content\/uploads\/2022\/08\/TEEC-JE-14-2022-05-08-2022.pdf&quot; target=&quot;_blank&quot;&gt;TEEC\/JE\/14\/2022 (ACUERDO DE TURNO)&lt;\/a&gt;\" data-order=\"&lt;a href=&quot;https:\/\/teec.org.mx\/web\/wp-content\/uploads\/2022\/08\/TEEC-JE-14-2022-05-08-2022.pdf&quot; target=&quot;_blank&quot;&gt;TEEC\/JE\/14\/2022 (ACUERDO DE TURNO)&lt;\/a&gt;\" ><a href=\"https:\/\/teec.org.mx\/web\/wp-content\/uploads\/2022\/08\/TEEC-JE-14-2022-05-08-2022.pdf\" target=\"_blank\">TEEC\/JE\/14\/2022 (ACUERDO DE TURNO)<\/a><\/td><\/tr><tr style=\"height:px\" ><td data-cell-id=\"A104\" data-x=\"0\" data-y=\"104\" data-db-index=\"104\" class=\"fsize-18\" data-cell-type=\"text\" data-original-value=\"05 DE AGOSTO DE 2022, A LAS 11:20 HORAS\" data-order=\"05 DE AGOSTO DE 2022, A LAS 11:20 HORAS\" >05 DE AGOSTO DE 2022, A LAS 11:20 HORAS <\/td><td data-cell-id=\"B104\" data-x=\"1\" data-y=\"104\" data-db-index=\"104\" class=\"fsize-18\" data-cell-type=\"text\" data-original-value=\"CLARA CONCEPCI\u00d3N CASTRO G\u00d3MEZ, EN CALIDAD DE CONSEJERA ELECTORAL DEL INSTITUTO ELECTORAL DEL ESTADO DE CAMPECHE\" data-order=\"CLARA CONCEPCI\u00d3N CASTRO G\u00d3MEZ, EN CALIDAD DE CONSEJERA ELECTORAL DEL INSTITUTO ELECTORAL DEL ESTADO DE CAMPECHE\" >CLARA CONCEPCI\u00d3N CASTRO G\u00d3MEZ, EN CALIDAD DE CONSEJERA ELECTORAL DEL INSTITUTO ELECTORAL DEL ESTADO DE CAMPECHE <\/td><td data-cell-id=\"C104\" data-x=\"2\" data-y=\"104\" data-db-index=\"104\" class=\"fsize-18\" data-cell-type=\"text\" data-original-value=\"CONSEJERA PRESIDENTA DEL CONSEJO GENERAL DEL INSTITUTO ELECTORAL DEL ESTADO DE CAMPECHE\" data-order=\"CONSEJERA PRESIDENTA DEL CONSEJO GENERAL DEL INSTITUTO ELECTORAL DEL ESTADO DE CAMPECHE\" >CONSEJERA PRESIDENTA DEL CONSEJO GENERAL DEL INSTITUTO ELECTORAL DEL ESTADO DE CAMPECHE <\/td><td data-cell-id=\"D104\" data-x=\"3\" data-y=\"104\" data-db-index=\"104\" class=\"fsize-18\" data-cell-type=\"text\" data-original-value=\"&lt;a href=&quot;https:\/\/teec.org.mx\/web\/wp-content\/uploads\/2022\/08\/TEEC-JE-13-2022-05-08-2022.pdf&quot; target=&quot;_blank&quot;&gt;TEEC\/JE\/13\/2022 (ACUERDO DE TURNO)&lt;\/a&gt;\" data-order=\"&lt;a href=&quot;https:\/\/teec.org.mx\/web\/wp-content\/uploads\/2022\/08\/TEEC-JE-13-2022-05-08-2022.pdf&quot; target=&quot;_blank&quot;&gt;TEEC\/JE\/13\/2022 (ACUERDO DE TURNO)&lt;\/a&gt;\" ><a href=\"https:\/\/teec.org.mx\/web\/wp-content\/uploads\/2022\/08\/TEEC-JE-13-2022-05-08-2022.pdf\" target=\"_blank\">TEEC\/JE\/13\/2022 (ACUERDO DE TURNO)<\/a><\/td><\/tr><tr style=\"height:px\" ><td data-cell-id=\"A105\" data-x=\"0\" data-y=\"105\" data-db-index=\"105\" class=\"fsize-18\" data-cell-type=\"text\" data-original-value=\"05 DE AGOSTO DE 2022, A LAS 11:00 HORAS\" data-order=\"05 DE AGOSTO DE 2022, A LAS 11:00 HORAS\" >05 DE AGOSTO DE 2022, A LAS 11:00 HORAS <\/td><td data-cell-id=\"B105\" data-x=\"1\" data-y=\"105\" data-db-index=\"105\" class=\"fsize-18\" data-cell-type=\"text\" data-original-value=\"ABNER RONCES MEX, EN CALIDAD DE CONSEJERO ELECTORAL DEL INSTITUTO ELECTORAL DEL ESTADO DE CAMPECHE\" data-order=\"ABNER RONCES MEX, EN CALIDAD DE CONSEJERO ELECTORAL DEL INSTITUTO ELECTORAL DEL ESTADO DE CAMPECHE\" >ABNER RONCES MEX, EN CALIDAD DE CONSEJERO ELECTORAL DEL INSTITUTO ELECTORAL DEL ESTADO DE CAMPECHE <\/td><td data-cell-id=\"C105\" data-x=\"2\" data-y=\"105\" data-db-index=\"105\" class=\"fsize-18\" data-cell-type=\"text\" data-original-value=\"CONSEJERA PRESIDENTA DEL CONSEJO GENERAL DEL INSTITUTO ELECTORAL DEL ESTADO DE CAMPECHE\" data-order=\"CONSEJERA PRESIDENTA DEL CONSEJO GENERAL DEL INSTITUTO ELECTORAL DEL ESTADO DE CAMPECHE\" >CONSEJERA PRESIDENTA DEL CONSEJO GENERAL DEL INSTITUTO ELECTORAL DEL ESTADO DE CAMPECHE <\/td><td data-cell-id=\"D105\" data-x=\"3\" data-y=\"105\" data-db-index=\"105\" class=\"fsize-18\" data-cell-type=\"text\" data-original-value=\"&lt;a href=&quot;https:\/\/teec.org.mx\/web\/wp-content\/uploads\/2022\/08\/TEEC-JE-12-2022-05-08-2022.pdf&quot; target=&quot;_blank&quot;&gt;TEEC\/JE\/12\/2022 (ACUERDO DE TURNO)&lt;\/a&gt;\" data-order=\"&lt;a href=&quot;https:\/\/teec.org.mx\/web\/wp-content\/uploads\/2022\/08\/TEEC-JE-12-2022-05-08-2022.pdf&quot; target=&quot;_blank&quot;&gt;TEEC\/JE\/12\/2022 (ACUERDO DE TURNO)&lt;\/a&gt;\" ><a href=\"https:\/\/teec.org.mx\/web\/wp-content\/uploads\/2022\/08\/TEEC-JE-12-2022-05-08-2022.pdf\" target=\"_blank\">TEEC\/JE\/12\/2022 (ACUERDO DE TURNO)<\/a><\/td><\/tr><tr style=\"height:px\" ><td data-cell-id=\"A106\" data-x=\"0\" data-y=\"106\" data-db-index=\"106\" class=\"fsize-18\" data-cell-type=\"text\" data-original-value=\"05 DE AGOSTO DE 2022, A LAS 10:45 HORAS\" data-order=\"05 DE AGOSTO DE 2022, A LAS 10:45 HORAS\" >05 DE AGOSTO DE 2022, A LAS 10:45 HORAS <\/td><td data-cell-id=\"B106\" data-x=\"1\" data-y=\"106\" data-db-index=\"106\" class=\"fsize-18\" data-cell-type=\"text\" data-original-value=\"F\u00c1TIMA GISSELLE MEUNIER ROSAS, EN CALIDAD DE CONSEJERA ELECTORAL DEL INSTITUTO ELECTORAL DEL ESTADO DE CAMPECHE\" data-order=\"F\u00c1TIMA GISSELLE MEUNIER ROSAS, EN CALIDAD DE CONSEJERA ELECTORAL DEL INSTITUTO ELECTORAL DEL ESTADO DE CAMPECHE\" >F\u00c1TIMA GISSELLE MEUNIER ROSAS, EN CALIDAD DE CONSEJERA ELECTORAL DEL INSTITUTO ELECTORAL DEL ESTADO DE CAMPECHE <\/td><td data-cell-id=\"C106\" data-x=\"2\" data-y=\"106\" data-db-index=\"106\" class=\"fsize-18\" data-cell-type=\"text\" data-original-value=\"CONSEJERA PRESIDENTA DEL CONSEJO GENERAL DEL INSTITUTO ELECTORAL DEL ESTADO DE CAMPECHE\" data-order=\"CONSEJERA PRESIDENTA DEL CONSEJO GENERAL DEL INSTITUTO ELECTORAL DEL ESTADO DE CAMPECHE\" >CONSEJERA PRESIDENTA DEL CONSEJO GENERAL DEL INSTITUTO ELECTORAL DEL ESTADO DE CAMPECHE <\/td><td data-cell-id=\"D106\" data-x=\"3\" data-y=\"106\" data-db-index=\"106\" class=\"fsize-18\" data-cell-type=\"text\" data-original-value=\"&lt;a href=&quot;https:\/\/teec.org.mx\/web\/wp-content\/uploads\/2022\/08\/TEEC-JE-11-2022-05-08-2022.pdf&quot; target=&quot;_blank&quot;&gt;TEEC\/JE\/11\/2022 (ACUERDO DE TURNO)&lt;\/a&gt;\" data-order=\"&lt;a href=&quot;https:\/\/teec.org.mx\/web\/wp-content\/uploads\/2022\/08\/TEEC-JE-11-2022-05-08-2022.pdf&quot; target=&quot;_blank&quot;&gt;TEEC\/JE\/11\/2022 (ACUERDO DE TURNO)&lt;\/a&gt;\" ><a href=\"https:\/\/teec.org.mx\/web\/wp-content\/uploads\/2022\/08\/TEEC-JE-11-2022-05-08-2022.pdf\" target=\"_blank\">TEEC\/JE\/11\/2022 (ACUERDO DE TURNO)<\/a><\/td><\/tr><tr style=\"height:px\" ><td data-cell-id=\"A107\" data-x=\"0\" data-y=\"107\" data-db-index=\"107\" class=\"fsize-18\" data-cell-type=\"text\" data-original-value=\"05 DE AGOSTO DE 2022, A LAS 10:25 HORAS\" data-order=\"05 DE AGOSTO DE 2022, A LAS 10:25 HORAS\" >05 DE AGOSTO DE 2022, A LAS 10:25 HORAS <\/td><td data-cell-id=\"B107\" data-x=\"1\" data-y=\"107\" data-db-index=\"107\" class=\"fsize-18\" data-cell-type=\"text\" data-original-value=\"NADINE ABIGAIL MOGUEL CEBALLOS, EN CALIDAD DE CONSEJERA ELECTORAL DEL INSTITUTO ELECTORAL DEL ESTADO DE CAMPECHE\" data-order=\"NADINE ABIGAIL MOGUEL CEBALLOS, EN CALIDAD DE CONSEJERA ELECTORAL DEL INSTITUTO ELECTORAL DEL ESTADO DE CAMPECHE\" >NADINE ABIGAIL MOGUEL CEBALLOS, EN CALIDAD DE CONSEJERA ELECTORAL DEL INSTITUTO ELECTORAL DEL ESTADO DE CAMPECHE <\/td><td data-cell-id=\"C107\" data-x=\"2\" data-y=\"107\" data-db-index=\"107\" class=\"fsize-18\" data-cell-type=\"text\" data-original-value=\"CONSEJERA PRESIDENTA DEL CONSEJO GENERAL DEL INSTITUTO ELECTORAL DEL ESTADO DE CAMPECHE\" data-order=\"CONSEJERA PRESIDENTA DEL CONSEJO GENERAL DEL INSTITUTO ELECTORAL DEL ESTADO DE CAMPECHE\" >CONSEJERA PRESIDENTA DEL CONSEJO GENERAL DEL INSTITUTO ELECTORAL DEL ESTADO DE CAMPECHE <\/td><td data-cell-id=\"D107\" data-x=\"3\" data-y=\"107\" data-db-index=\"107\" class=\"fsize-18\" data-cell-type=\"text\" data-original-value=\"&lt;a href=&quot;https:\/\/teec.org.mx\/web\/wp-content\/uploads\/2022\/08\/TEEC-JE-10-2022-05-08-2022.pdf&quot; target=&quot;_blank&quot;&gt;TEEC\/JE\/10\/2022 (ACUERDO DE TURNO)&lt;\/a&gt;\" data-order=\"&lt;a href=&quot;https:\/\/teec.org.mx\/web\/wp-content\/uploads\/2022\/08\/TEEC-JE-10-2022-05-08-2022.pdf&quot; target=&quot;_blank&quot;&gt;TEEC\/JE\/10\/2022 (ACUERDO DE TURNO)&lt;\/a&gt;\" ><a href=\"https:\/\/teec.org.mx\/web\/wp-content\/uploads\/2022\/08\/TEEC-JE-10-2022-05-08-2022.pdf\" target=\"_blank\">TEEC\/JE\/10\/2022 (ACUERDO DE TURNO)<\/a><\/td><\/tr><tr style=\"height:px\" ><td data-cell-id=\"A108\" data-x=\"0\" data-y=\"108\" data-db-index=\"108\" class=\"fsize-18\" data-cell-type=\"text\" data-original-value=\"05 DE AGOSTO DE 2022, A LAS 10:00 HORAS\" data-order=\"05 DE AGOSTO DE 2022, A LAS 10:00 HORAS\" >05 DE AGOSTO DE 2022, A LAS 10:00 HORAS <\/td><td data-cell-id=\"B108\" data-x=\"1\" data-y=\"108\" data-db-index=\"108\" class=\"fsize-18\" data-cell-type=\"text\" data-original-value=\"JUAN CARLOS MENA ZAPATA Y OTROS\" data-order=\"JUAN CARLOS MENA ZAPATA Y OTROS\" >JUAN CARLOS MENA ZAPATA Y OTROS <\/td><td data-cell-id=\"C108\" data-x=\"2\" data-y=\"108\" data-db-index=\"108\" class=\"fsize-18\" data-cell-type=\"text\" data-original-value=\"CONSEJERA PRESIDENTA DEL CONSEJO GENERAL DEL INSTITUTO ELECTORAL DEL ESTADO DE CAMPECHE\" data-order=\"CONSEJERA PRESIDENTA DEL CONSEJO GENERAL DEL INSTITUTO ELECTORAL DEL ESTADO DE CAMPECHE\" >CONSEJERA PRESIDENTA DEL CONSEJO GENERAL DEL INSTITUTO ELECTORAL DEL ESTADO DE CAMPECHE <\/td><td data-cell-id=\"D108\" data-x=\"3\" data-y=\"108\" data-db-index=\"108\" class=\"fsize-18\" data-cell-type=\"text\" data-original-value=\"&lt;a href=&quot;https:\/\/teec.org.mx\/web\/wp-content\/uploads\/2022\/08\/TEEC-JE-9-2022-05-08-2022.pdf&quot; target=&quot;_blank&quot;&gt;TEEC\/JE\/9\/2022 (ACUERDO DE TURNO)&lt;\/a&gt;\" data-order=\"&lt;a href=&quot;https:\/\/teec.org.mx\/web\/wp-content\/uploads\/2022\/08\/TEEC-JE-9-2022-05-08-2022.pdf&quot; target=&quot;_blank&quot;&gt;TEEC\/JE\/9\/2022 (ACUERDO DE TURNO)&lt;\/a&gt;\" ><a href=\"https:\/\/teec.org.mx\/web\/wp-content\/uploads\/2022\/08\/TEEC-JE-9-2022-05-08-2022.pdf\" target=\"_blank\">TEEC\/JE\/9\/2022 (ACUERDO DE TURNO)<\/a><\/td><\/tr><tr style=\"height:px\" ><td data-cell-id=\"A109\" data-x=\"0\" data-y=\"109\" data-db-index=\"109\" class=\"fsize-18\" data-cell-type=\"text\" data-original-value=\"04 DE AGOSTO DE 2022, A LAS 14:00 HORAS\" data-order=\"04 DE AGOSTO DE 2022, A LAS 14:00 HORAS\" >04 DE AGOSTO DE 2022, A LAS 14:00 HORAS <\/td><td data-cell-id=\"B109\" data-x=\"1\" data-y=\"109\" data-db-index=\"109\" class=\"fsize-18\" data-cell-type=\"text\" data-original-value=\"JOS\u00c9 DEL CARMEN SEGOVIA CRUZ, QUIEN SE OSTENTA COMO DIRIGENTE DEL PARTIDO DE LA REVOLUCI\u00d3N DEMOCR\u00c1TICA EN CAMPECHE\" data-order=\"JOS\u00c9 DEL CARMEN SEGOVIA CRUZ, QUIEN SE OSTENTA COMO DIRIGENTE DEL PARTIDO DE LA REVOLUCI\u00d3N DEMOCR\u00c1TICA EN CAMPECHE\" >JOS\u00c9 DEL CARMEN SEGOVIA CRUZ, QUIEN SE OSTENTA COMO DIRIGENTE DEL PARTIDO DE LA REVOLUCI\u00d3N DEMOCR\u00c1TICA EN CAMPECHE <\/td><td data-cell-id=\"C109\" data-x=\"2\" data-y=\"109\" data-db-index=\"109\" class=\"fsize-18\" data-cell-type=\"text\" data-original-value=\"INSTITUTO ELECTORAL DEL ESTADO DE CAMPECHE\" data-order=\"INSTITUTO ELECTORAL DEL ESTADO DE CAMPECHE\" >INSTITUTO ELECTORAL DEL ESTADO DE CAMPECHE <\/td><td data-cell-id=\"D109\" data-x=\"3\" data-y=\"109\" data-db-index=\"109\" class=\"fsize-18\" data-cell-type=\"text\" data-original-value=\"&lt;a href=&quot;https:\/\/teec.org.mx\/web\/wp-content\/uploads\/2022\/08\/TEEC-JE-1-2022-2do-acu-04-08-2022.pdf&quot; target=&quot;_blank&quot;&gt;TEEC\/JE\/1\/2022 (ACUERDO DE ACUMULACI\u00d3N)&lt;\/a&gt;\" data-order=\"&lt;a href=&quot;https:\/\/teec.org.mx\/web\/wp-content\/uploads\/2022\/08\/TEEC-JE-1-2022-2do-acu-04-08-2022.pdf&quot; target=&quot;_blank&quot;&gt;TEEC\/JE\/1\/2022 (ACUERDO DE ACUMULACI\u00d3N)&lt;\/a&gt;\" ><a href=\"https:\/\/teec.org.mx\/web\/wp-content\/uploads\/2022\/08\/TEEC-JE-1-2022-2do-acu-04-08-2022.pdf\" target=\"_blank\">TEEC\/JE\/1\/2022 (ACUERDO DE ACUMULACI\u00d3N)<\/a><\/td><\/tr><tr style=\"height:px\" ><td data-cell-id=\"A110\" data-x=\"0\" data-y=\"110\" data-db-index=\"110\" class=\"fsize-18\" data-cell-type=\"text\" data-original-value=\"04 DE AGOSTO DE 2022, A LAS 11:30 HORAS\" data-order=\"04 DE AGOSTO DE 2022, A LAS 11:30 HORAS\" >04 DE AGOSTO DE 2022, A LAS 11:30 HORAS <\/td><td data-cell-id=\"B110\" data-x=\"1\" data-y=\"110\" data-db-index=\"110\" class=\"fsize-18\" data-cell-type=\"text\" data-original-value=\"JUAN CARLOS MENA ZAPATA Y OTROS\" data-order=\"JUAN CARLOS MENA ZAPATA Y OTROS\" >JUAN CARLOS MENA ZAPATA Y OTROS <\/td><td data-cell-id=\"C110\" data-x=\"2\" data-y=\"110\" data-db-index=\"110\" class=\"fsize-18\" data-cell-type=\"text\" data-original-value=\"SECRETARIA EJECUTIVA DEL CONSEJO GENERAL DEL INSTITUTO ELECTORAL DEL ESTADO DE CAMPECHE\" data-order=\"SECRETARIA EJECUTIVA DEL CONSEJO GENERAL DEL INSTITUTO ELECTORAL DEL ESTADO DE CAMPECHE\" >SECRETARIA EJECUTIVA DEL CONSEJO GENERAL DEL INSTITUTO ELECTORAL DEL ESTADO DE CAMPECHE <\/td><td data-cell-id=\"D110\" data-x=\"3\" data-y=\"110\" data-db-index=\"110\" class=\"fsize-18\" data-cell-type=\"text\" data-original-value=\"&lt;a href=&quot;https:\/\/teec.org.mx\/web\/wp-content\/uploads\/2022\/08\/TEEC-JE-8-2022-2do-acu-04-08-2022.pdf&quot; target=&quot;_blank&quot;&gt;TEEC\/JE\/8\/2022 (ACUERDO DE ACUMULACI\u00d3N)&lt;\/a&gt;\" data-order=\"&lt;a href=&quot;https:\/\/teec.org.mx\/web\/wp-content\/uploads\/2022\/08\/TEEC-JE-8-2022-2do-acu-04-08-2022.pdf&quot; target=&quot;_blank&quot;&gt;TEEC\/JE\/8\/2022 (ACUERDO DE ACUMULACI\u00d3N)&lt;\/a&gt;\" ><a href=\"https:\/\/teec.org.mx\/web\/wp-content\/uploads\/2022\/08\/TEEC-JE-8-2022-2do-acu-04-08-2022.pdf\" target=\"_blank\">TEEC\/JE\/8\/2022 (ACUERDO DE ACUMULACI\u00d3N)<\/a><\/td><\/tr><tr style=\"height:px\" ><td data-cell-id=\"A111\" data-x=\"0\" data-y=\"111\" data-db-index=\"111\" class=\"fsize-18\" data-cell-type=\"text\" data-original-value=\"04 DE AGOSTO DE 2022, A LAS 10:30 HORAS\" data-order=\"04 DE AGOSTO DE 2022, A LAS 10:30 HORAS\" >04 DE AGOSTO DE 2022, A LAS 10:30 HORAS <\/td><td data-cell-id=\"B111\" data-x=\"1\" data-y=\"111\" data-db-index=\"111\" class=\"fsize-18\" data-cell-type=\"text\" data-original-value=\"JUAN CARLOS MENA ZAPATA Y OTROS\" data-order=\"JUAN CARLOS MENA ZAPATA Y OTROS\" >JUAN CARLOS MENA ZAPATA Y OTROS <\/td><td data-cell-id=\"C111\" data-x=\"2\" data-y=\"111\" data-db-index=\"111\" class=\"fsize-18\" data-cell-type=\"text\" data-original-value=\"SECRETARIA EJECUTIVA DEL CONSEJO GENERAL DEL INSTITUTO ELECTORAL DEL ESTADO DE CAMPECHE\" data-order=\"SECRETARIA EJECUTIVA DEL CONSEJO GENERAL DEL INSTITUTO ELECTORAL DEL ESTADO DE CAMPECHE\" >SECRETARIA EJECUTIVA DEL CONSEJO GENERAL DEL INSTITUTO ELECTORAL DEL ESTADO DE CAMPECHE <\/td><td data-cell-id=\"D111\" data-x=\"3\" data-y=\"111\" data-db-index=\"111\" class=\"fsize-18\" data-cell-type=\"text\" data-original-value=\"&lt;a href=&quot;https:\/\/teec.org.mx\/web\/wp-content\/uploads\/2022\/08\/TEEC-JE-8-2022-04-08-2022.pdf&quot; target=&quot;_blank&quot;&gt;TEEC\/JE\/8\/2022 (ACUERDO DE TURNO DE DOCUMENTACI\u00d3N)&lt;\/a&gt;\" data-order=\"&lt;a href=&quot;https:\/\/teec.org.mx\/web\/wp-content\/uploads\/2022\/08\/TEEC-JE-8-2022-04-08-2022.pdf&quot; target=&quot;_blank&quot;&gt;TEEC\/JE\/8\/2022 (ACUERDO DE TURNO DE DOCUMENTACI\u00d3N)&lt;\/a&gt;\" ><a href=\"https:\/\/teec.org.mx\/web\/wp-content\/uploads\/2022\/08\/TEEC-JE-8-2022-04-08-2022.pdf\" target=\"_blank\">TEEC\/JE\/8\/2022 (ACUERDO DE TURNO DE DOCUMENTACI\u00d3N)<\/a><\/td><\/tr><tr style=\"height:px\" ><td data-cell-id=\"A112\" data-x=\"0\" data-y=\"112\" data-db-index=\"112\" class=\"fsize-18\" data-cell-type=\"text\" data-original-value=\"04 DE AGOSTO DE 2022, A LAS 10:00 HORAS.\" data-order=\"04 DE AGOSTO DE 2022, A LAS 10:00 HORAS.\" >04 DE AGOSTO DE 2022, A LAS 10:00 HORAS. <\/td><td data-cell-id=\"B112\" data-x=\"1\" data-y=\"112\" data-db-index=\"112\" class=\"fsize-18\" data-cell-type=\"text\" data-original-value=\"JOS\u00c9 DEL CARMEN SEGOVIA CRUZ, QUIEN SE OSTENTA COMO DIRIGENTE DEL PARTIDO DE LA REVOLUCI\u00d3N DEMOCR\u00c1TICA EN CAMPECHE\" data-order=\"JOS\u00c9 DEL CARMEN SEGOVIA CRUZ, QUIEN SE OSTENTA COMO DIRIGENTE DEL PARTIDO DE LA REVOLUCI\u00d3N DEMOCR\u00c1TICA EN CAMPECHE\" >JOS\u00c9 DEL CARMEN SEGOVIA CRUZ, QUIEN SE OSTENTA COMO DIRIGENTE DEL PARTIDO DE LA REVOLUCI\u00d3N DEMOCR\u00c1TICA EN CAMPECHE <\/td><td data-cell-id=\"C112\" data-x=\"2\" data-y=\"112\" data-db-index=\"112\" class=\"fsize-18\" data-cell-type=\"text\" data-original-value=\"INSTITUTO ELECTORAL DEL ESTADO DE CAMPECHE\" data-order=\"INSTITUTO ELECTORAL DEL ESTADO DE CAMPECHE\" >INSTITUTO ELECTORAL DEL ESTADO DE CAMPECHE <\/td><td data-cell-id=\"D112\" data-x=\"3\" data-y=\"112\" data-db-index=\"112\" class=\"fsize-18\" data-cell-type=\"text\" data-original-value=\"&lt;a href=&quot;https:\/\/teec.org.mx\/web\/wp-content\/uploads\/2022\/08\/TEEC-JE-1-2022-04-08-2022.pdf&quot; target=&quot;_blank&quot;&gt;TEEC\/JE\/1\/2022 (ACUERDO DE TURNO DE DOCUMENTACI\u00d3N)&lt;\/a&gt;\" data-order=\"&lt;a href=&quot;https:\/\/teec.org.mx\/web\/wp-content\/uploads\/2022\/08\/TEEC-JE-1-2022-04-08-2022.pdf&quot; target=&quot;_blank&quot;&gt;TEEC\/JE\/1\/2022 (ACUERDO DE TURNO DE DOCUMENTACI\u00d3N)&lt;\/a&gt;\" ><a href=\"https:\/\/teec.org.mx\/web\/wp-content\/uploads\/2022\/08\/TEEC-JE-1-2022-04-08-2022.pdf\" target=\"_blank\">TEEC\/JE\/1\/2022 (ACUERDO DE TURNO DE DOCUMENTACI\u00d3N)<\/a><\/td><\/tr><tr style=\"height:px\" ><td data-cell-id=\"A113\" data-x=\"0\" data-y=\"113\" data-db-index=\"113\" class=\"fsize-18\" data-cell-type=\"text\" data-original-value=\"02 DE AGOSTO DE 2022, A LAS 12:00 HORAS.\" data-order=\"02 DE AGOSTO DE 2022, A LAS 12:00 HORAS.\" >02 DE AGOSTO DE 2022, A LAS 12:00 HORAS. <\/td><td data-cell-id=\"B113\" data-x=\"1\" data-y=\"113\" data-db-index=\"113\" class=\"fsize-18\" data-cell-type=\"text\" data-original-value=\"JUAN CARLOS MENA ZAPATA Y OTROS\" data-order=\"JUAN CARLOS MENA ZAPATA Y OTROS\" >JUAN CARLOS MENA ZAPATA Y OTROS <\/td><td data-cell-id=\"C113\" data-x=\"2\" data-y=\"113\" data-db-index=\"113\" class=\"fsize-18\" data-cell-type=\"text\" data-original-value=\"SECRETARIA EJECUTIVA DEL CONSEJO GENERAL DEL INSTITUTO ELECTORAL DEL ESTADO DE CAMPECHE\" data-order=\"SECRETARIA EJECUTIVA DEL CONSEJO GENERAL DEL INSTITUTO ELECTORAL DEL ESTADO DE CAMPECHE\" >SECRETARIA EJECUTIVA DEL CONSEJO GENERAL DEL INSTITUTO ELECTORAL DEL ESTADO DE CAMPECHE <\/td><td data-cell-id=\"D113\" data-x=\"3\" data-y=\"113\" data-db-index=\"113\" class=\"fsize-18\" data-cell-type=\"text\" data-original-value=\"&lt;a href=&quot;https:\/\/teec.org.mx\/web\/wp-content\/uploads\/2022\/08\/TEEC-JE-8-2022-02-08-2022.pdf&quot; target=&quot;_blank&quot;&gt;TEEC\/JE\/8\/2022 (ACUERDO DE RECEPCI\u00d3N Y RADICACI\u00d3N)&lt;\/a&gt;\" data-order=\"&lt;a href=&quot;https:\/\/teec.org.mx\/web\/wp-content\/uploads\/2022\/08\/TEEC-JE-8-2022-02-08-2022.pdf&quot; target=&quot;_blank&quot;&gt;TEEC\/JE\/8\/2022 (ACUERDO DE RECEPCI\u00d3N Y RADICACI\u00d3N)&lt;\/a&gt;\" ><a href=\"https:\/\/teec.org.mx\/web\/wp-content\/uploads\/2022\/08\/TEEC-JE-8-2022-02-08-2022.pdf\" target=\"_blank\">TEEC\/JE\/8\/2022 (ACUERDO DE RECEPCI\u00d3N Y RADICACI\u00d3N)<\/a><\/td><\/tr><tr style=\"height:px\" ><td data-cell-id=\"A114\" data-x=\"0\" data-y=\"114\" data-db-index=\"114\" class=\"fsize-18\" data-cell-type=\"text\" data-original-value=\"01 DE AGOSTO DE 2022, A LAS 10:00 HORAS\" data-order=\"01 DE AGOSTO DE 2022, A LAS 10:00 HORAS\" >01 DE AGOSTO DE 2022, A LAS 10:00 HORAS <\/td><td data-cell-id=\"B114\" data-x=\"1\" data-y=\"114\" data-db-index=\"114\" class=\"fsize-18\" data-cell-type=\"text\" data-original-value=\"JUAN CARLOS MENA ZAPATA Y OTROS\" data-order=\"JUAN CARLOS MENA ZAPATA Y OTROS\" >JUAN CARLOS MENA ZAPATA Y OTROS <\/td><td data-cell-id=\"C114\" data-x=\"2\" data-y=\"114\" data-db-index=\"114\" class=\"fsize-18\" data-cell-type=\"text\" data-original-value=\"SECRETARIA EJECUTIVA DEL CONSEJO GENERAL DEL INSTITUTO ELECTORAL DEL ESTADO DE CAMPECHE\" data-order=\"SECRETARIA EJECUTIVA DEL CONSEJO GENERAL DEL INSTITUTO ELECTORAL DEL ESTADO DE CAMPECHE\" >SECRETARIA EJECUTIVA DEL CONSEJO GENERAL DEL INSTITUTO ELECTORAL DEL ESTADO DE CAMPECHE <\/td><td data-cell-id=\"D114\" data-x=\"3\" data-y=\"114\" data-db-index=\"114\" class=\"fsize-18\" data-cell-type=\"text\" data-original-value=\"&lt;a href=&quot;https:\/\/teec.org.mx\/web\/wp-content\/uploads\/2022\/08\/TEEC-JE-8-2022-01-08-2022.pdf&quot; target=&quot;_blank&quot;&gt;TEEC\/JE\/8\/2022 (ACUERDO DE TURNO)&lt;\/a&gt;\" data-order=\"&lt;a href=&quot;https:\/\/teec.org.mx\/web\/wp-content\/uploads\/2022\/08\/TEEC-JE-8-2022-01-08-2022.pdf&quot; target=&quot;_blank&quot;&gt;TEEC\/JE\/8\/2022 (ACUERDO DE TURNO)&lt;\/a&gt;\" ><a href=\"https:\/\/teec.org.mx\/web\/wp-content\/uploads\/2022\/08\/TEEC-JE-8-2022-01-08-2022.pdf\" target=\"_blank\">TEEC\/JE\/8\/2022 (ACUERDO DE TURNO)<\/a><\/td><\/tr><tr style=\"height:px\" ><td data-cell-id=\"A115\" data-x=\"0\" data-y=\"115\" data-db-index=\"115\" class=\"fsize-18\" data-cell-type=\"text\" data-original-value=\"26 DE JULIO DE 2022, A LAS 13:50 HORAS\" data-order=\"26 DE JULIO DE 2022, A LAS 13:50 HORAS\" >26 DE JULIO DE 2022, A LAS 13:50 HORAS <\/td><td data-cell-id=\"B115\" data-x=\"1\" data-y=\"115\" data-db-index=\"115\" class=\"fsize-18\" data-cell-type=\"text\" data-original-value=\"JOS\u00c9 DEL CARMEN SEGOVIA CRUZ, QUIEN SE OSTENTA COMO DIRIGENTE DEL PARTIDO DE LA REVOLUCI\u00d3N DEMOCR\u00c1TICA EN CAMPECHE\" data-order=\"JOS\u00c9 DEL CARMEN SEGOVIA CRUZ, QUIEN SE OSTENTA COMO DIRIGENTE DEL PARTIDO DE LA REVOLUCI\u00d3N DEMOCR\u00c1TICA EN CAMPECHE\" >JOS\u00c9 DEL CARMEN SEGOVIA CRUZ, QUIEN SE OSTENTA COMO DIRIGENTE DEL PARTIDO DE LA REVOLUCI\u00d3N DEMOCR\u00c1TICA EN CAMPECHE <\/td><td data-cell-id=\"C115\" data-x=\"2\" data-y=\"115\" data-db-index=\"115\" class=\"fsize-18\" data-cell-type=\"text\" data-original-value=\"INSTITUTO ELECTORAL DEL ESTADO DE CAMPECHE\" data-order=\"INSTITUTO ELECTORAL DEL ESTADO DE CAMPECHE\" >INSTITUTO ELECTORAL DEL ESTADO DE CAMPECHE <\/td><td data-cell-id=\"D115\" data-x=\"3\" data-y=\"115\" data-db-index=\"115\" class=\"fsize-18\" data-cell-type=\"text\" data-original-value=\"&lt;a href=&quot;https:\/\/teec.org.mx\/web\/wp-content\/uploads\/2022\/07\/TEEC-JE-1-2022-26-06-2022.pdf&quot; target=&quot;_blank&quot;&gt;TEEC\/JE\/1\/2022 (ACUERDO DE ACUMULACI\u00d3N)&lt;\/a&gt;\" data-order=\"&lt;a href=&quot;https:\/\/teec.org.mx\/web\/wp-content\/uploads\/2022\/07\/TEEC-JE-1-2022-26-06-2022.pdf&quot; target=&quot;_blank&quot;&gt;TEEC\/JE\/1\/2022 (ACUERDO DE ACUMULACI\u00d3N)&lt;\/a&gt;\" ><a href=\"https:\/\/teec.org.mx\/web\/wp-content\/uploads\/2022\/07\/TEEC-JE-1-2022-26-06-2022.pdf\" target=\"_blank\">TEEC\/JE\/1\/2022 (ACUERDO DE ACUMULACI\u00d3N)<\/a><\/td><\/tr><tr style=\"height:px\" ><td data-cell-id=\"A116\" data-x=\"0\" data-y=\"116\" data-db-index=\"116\" class=\"fsize-18\" data-cell-type=\"text\" data-original-value=\"25 DE JULIO DE 2022, A LAS 11:40 HORAS\" data-order=\"25 DE JULIO DE 2022, A LAS 11:40 HORAS\" >25 DE JULIO DE 2022, A LAS 11:40 HORAS <\/td><td data-cell-id=\"B116\" data-x=\"1\" data-y=\"116\" data-db-index=\"116\" class=\"fsize-18\" data-cell-type=\"text\" data-original-value=\"JOS\u00c9 DEL CARMEN SEGOVIA CRUZ, QUIEN SE OSTENTA COMO DIRIGENTE DEL PARTIDO DE LA REVOLUCI\u00d3N DEMOCR\u00c1TICA EN CAMPECHE\" data-order=\"JOS\u00c9 DEL CARMEN SEGOVIA CRUZ, QUIEN SE OSTENTA COMO DIRIGENTE DEL PARTIDO DE LA REVOLUCI\u00d3N DEMOCR\u00c1TICA EN CAMPECHE\" >JOS\u00c9 DEL CARMEN SEGOVIA CRUZ, QUIEN SE OSTENTA COMO DIRIGENTE DEL PARTIDO DE LA REVOLUCI\u00d3N DEMOCR\u00c1TICA EN CAMPECHE <\/td><td data-cell-id=\"C116\" data-x=\"2\" data-y=\"116\" data-db-index=\"116\" class=\"fsize-18\" data-cell-type=\"text\" data-original-value=\"INSTITUTO ELECTORAL DEL ESTADO DE CAMPECHE\" data-order=\"INSTITUTO ELECTORAL DEL ESTADO DE CAMPECHE\" >INSTITUTO ELECTORAL DEL ESTADO DE CAMPECHE <\/td><td data-cell-id=\"D116\" data-x=\"3\" data-y=\"116\" data-db-index=\"116\" class=\"fsize-18\" data-cell-type=\"text\" data-original-value=\"&lt;a href=&quot;https:\/\/teec.org.mx\/web\/wp-content\/uploads\/2022\/07\/TEEC-JE-1-2022-25-07-2022.pdf&quot; target=&quot;_blank&quot;&gt;TEEC\/JE\/1\/2022 (ACUERDO DE TURNO DE DOCUMENTACI\u00d3N)&lt;\/a&gt;\" data-order=\"&lt;a href=&quot;https:\/\/teec.org.mx\/web\/wp-content\/uploads\/2022\/07\/TEEC-JE-1-2022-25-07-2022.pdf&quot; target=&quot;_blank&quot;&gt;TEEC\/JE\/1\/2022 (ACUERDO DE TURNO DE DOCUMENTACI\u00d3N)&lt;\/a&gt;\" ><a href=\"https:\/\/teec.org.mx\/web\/wp-content\/uploads\/2022\/07\/TEEC-JE-1-2022-25-07-2022.pdf\" target=\"_blank\">TEEC\/JE\/1\/2022 (ACUERDO DE TURNO DE DOCUMENTACI\u00d3N)<\/a><\/td><\/tr><tr style=\"height:px\" ><td data-cell-id=\"A117\" data-x=\"0\" data-y=\"117\" data-db-index=\"117\" class=\"fsize-18\" data-cell-type=\"text\" data-original-value=\"21 DE JULIO DE 2022, A LAS 11:42 HORAS\" data-order=\"21 DE JULIO DE 2022, A LAS 11:42 HORAS\" >21 DE JULIO DE 2022, A LAS 11:42 HORAS <\/td><td data-cell-id=\"B117\" data-x=\"1\" data-y=\"117\" data-db-index=\"117\" class=\"fsize-18\" data-cell-type=\"text\" data-original-value=\"INSTITUTO ELECTORAL DEL ESTADO DE CAMPECHE\" data-order=\"INSTITUTO ELECTORAL DEL ESTADO DE CAMPECHE\" >INSTITUTO ELECTORAL DEL ESTADO DE CAMPECHE <\/td><td data-cell-id=\"C117\" data-x=\"2\" data-y=\"117\" data-db-index=\"117\" class=\"fsize-18\" data-cell-type=\"text\" data-original-value=\"TRIBUNAL ELECTORAL DEL ESTADO DE CAMPECHE\" data-order=\"TRIBUNAL ELECTORAL DEL ESTADO DE CAMPECHE\" >TRIBUNAL ELECTORAL DEL ESTADO DE CAMPECHE <\/td><td data-cell-id=\"D117\" data-x=\"3\" data-y=\"117\" data-db-index=\"117\" class=\"fsize-18\" data-cell-type=\"text\" data-original-value=\"&lt;a href=&quot;https:\/\/teec.org.mx\/web\/wp-content\/uploads\/2022\/07\/TEEC-JE-7-2022-2do-acu.-21-07-2022.pdf&quot; target=&quot;_blank&quot;&gt;TEEC\/JE\/7\/2022 (CUADERNO DE ANTECEDENTES: SX-77\/2022, SE DA POR NOTIFICADO ESTE ORGANO LOCAL JURISDICCIONAL)&lt;\/a&gt;\" data-order=\"&lt;a href=&quot;https:\/\/teec.org.mx\/web\/wp-content\/uploads\/2022\/07\/TEEC-JE-7-2022-2do-acu.-21-07-2022.pdf&quot; target=&quot;_blank&quot;&gt;TEEC\/JE\/7\/2022 (CUADERNO DE ANTECEDENTES: SX-77\/2022, SE DA POR NOTIFICADO ESTE ORGANO LOCAL JURISDICCIONAL)&lt;\/a&gt;\" ><a href=\"https:\/\/teec.org.mx\/web\/wp-content\/uploads\/2022\/07\/TEEC-JE-7-2022-2do-acu.-21-07-2022.pdf\" target=\"_blank\">TEEC\/JE\/7\/2022 (CUADERNO DE ANTECEDENTES: SX-77\/2022, SE DA POR NOTIFICADO ESTE ORGANO LOCAL JURISDICCIONAL)<\/a><\/td><\/tr><tr style=\"height:px\" ><td data-cell-id=\"A118\" data-x=\"0\" data-y=\"118\" data-db-index=\"118\" class=\"fsize-18\" data-cell-type=\"text\" data-original-value=\"21 DE JULIO DE 2022, A LAS 11:20 HORAS\" data-order=\"21 DE JULIO DE 2022, A LAS 11:20 HORAS\" >21 DE JULIO DE 2022, A LAS 11:20 HORAS <\/td><td data-cell-id=\"B118\" data-x=\"1\" data-y=\"118\" data-db-index=\"118\" class=\"fsize-18\" data-cell-type=\"text\" data-original-value=\"INSTITUTO ELECTORAL DEL ESTADO DE CAMPECHE\" data-order=\"INSTITUTO ELECTORAL DEL ESTADO DE CAMPECHE\" >INSTITUTO ELECTORAL DEL ESTADO DE CAMPECHE <\/td><td data-cell-id=\"C118\" data-x=\"2\" data-y=\"118\" data-db-index=\"118\" class=\"fsize-18\" data-cell-type=\"text\" data-original-value=\"TRIBUNAL ELECTORAL DEL ESTADO DE CAMPECHE\" data-order=\"TRIBUNAL ELECTORAL DEL ESTADO DE CAMPECHE\" >TRIBUNAL ELECTORAL DEL ESTADO DE CAMPECHE <\/td><td data-cell-id=\"D118\" data-x=\"3\" data-y=\"118\" data-db-index=\"118\" class=\"fsize-18\" data-cell-type=\"text\" data-original-value=\"&lt;a href=&quot;https:\/\/teec.org.mx\/web\/wp-content\/uploads\/2022\/07\/TEEC-JE-7-2022-21-07-2022.pdf&quot; target=&quot;_blank&quot;&gt;TEEC\/JE\/7\/2022 (RETIRO DE CEDULA DE PUBLICITACION Y ESCRITO DE TERCERO INTERESADO)&lt;\/a&gt;\" data-order=\"&lt;a href=&quot;https:\/\/teec.org.mx\/web\/wp-content\/uploads\/2022\/07\/TEEC-JE-7-2022-21-07-2022.pdf&quot; target=&quot;_blank&quot;&gt;TEEC\/JE\/7\/2022 (RETIRO DE CEDULA DE PUBLICITACION Y ESCRITO DE TERCERO INTERESADO)&lt;\/a&gt;\" ><a href=\"https:\/\/teec.org.mx\/web\/wp-content\/uploads\/2022\/07\/TEEC-JE-7-2022-21-07-2022.pdf\" target=\"_blank\">TEEC\/JE\/7\/2022 (RETIRO DE CEDULA DE PUBLICITACION Y ESCRITO DE TERCERO INTERESADO)<\/a><\/td><\/tr><tr style=\"height:px\" ><td data-cell-id=\"A119\" data-x=\"0\" data-y=\"119\" data-db-index=\"119\" class=\"fsize-18\" data-cell-type=\"text\" data-original-value=\"19 DE JULIO DE 2022, A LAS 12:40 HORAS\" data-order=\"19 DE JULIO DE 2022, A LAS 12:40 HORAS\" >19 DE JULIO DE 2022, A LAS 12:40 HORAS <\/td><td data-cell-id=\"B119\" data-x=\"1\" data-y=\"119\" data-db-index=\"119\" class=\"fsize-18\" data-cell-type=\"text\" data-original-value=\"JUAN CARLOS MENA ZAPATA Y OTROS\" data-order=\"JUAN CARLOS MENA ZAPATA Y OTROS\" >JUAN CARLOS MENA ZAPATA Y OTROS <\/td><td data-cell-id=\"C119\" data-x=\"2\" data-y=\"119\" data-db-index=\"119\" class=\"fsize-18\" data-cell-type=\"text\" data-original-value=\"INSTITUTO ELECTORAL DEL ESTADO DE CAMPECHE\" data-order=\"INSTITUTO ELECTORAL DEL ESTADO DE CAMPECHE\" >INSTITUTO ELECTORAL DEL ESTADO DE CAMPECHE <\/td><td data-cell-id=\"D119\" data-x=\"3\" data-y=\"119\" data-db-index=\"119\" class=\"fsize-18\" data-cell-type=\"text\" data-original-value=\"&lt;a href=&quot;https:\/\/teec.org.mx\/web\/wp-content\/uploads\/2022\/07\/TEEC-JE-7-2022-2do-acu.-19-07-2022.pdf&quot; target=&quot;_blank&quot;&gt;TEEC\/JE\/7\/2022 (SE ORDENA EXPEDIR COPIAS SIMPLES)&lt;\/a&gt;\" data-order=\"&lt;a href=&quot;https:\/\/teec.org.mx\/web\/wp-content\/uploads\/2022\/07\/TEEC-JE-7-2022-2do-acu.-19-07-2022.pdf&quot; target=&quot;_blank&quot;&gt;TEEC\/JE\/7\/2022 (SE ORDENA EXPEDIR COPIAS SIMPLES)&lt;\/a&gt;\" ><a href=\"https:\/\/teec.org.mx\/web\/wp-content\/uploads\/2022\/07\/TEEC-JE-7-2022-2do-acu.-19-07-2022.pdf\" target=\"_blank\">TEEC\/JE\/7\/2022 (SE ORDENA EXPEDIR COPIAS SIMPLES)<\/a><\/td><\/tr><tr style=\"height:px\" ><td data-cell-id=\"A120\" data-x=\"0\" data-y=\"120\" data-db-index=\"120\" class=\"fsize-18\" data-cell-type=\"text\" data-original-value=\"19 DE JULIO DE 2022, A LAS 11:55 HORAS\" data-order=\"19 DE JULIO DE 2022, A LAS 11:55 HORAS\" >19 DE JULIO DE 2022, A LAS 11:55 HORAS <\/td><td data-cell-id=\"B120\" data-x=\"1\" data-y=\"120\" data-db-index=\"120\" class=\"fsize-18\" data-cell-type=\"text\" data-original-value=\"JUAN CARLOS MENA ZAPATA Y OTROS\" data-order=\"JUAN CARLOS MENA ZAPATA Y OTROS\" >JUAN CARLOS MENA ZAPATA Y OTROS <\/td><td data-cell-id=\"C120\" data-x=\"2\" data-y=\"120\" data-db-index=\"120\" class=\"fsize-18\" data-cell-type=\"text\" data-original-value=\"INSTITUTO ELECTORAL DEL ESTADO DE CAMPECHE\" data-order=\"INSTITUTO ELECTORAL DEL ESTADO DE CAMPECHE\" >INSTITUTO ELECTORAL DEL ESTADO DE CAMPECHE <\/td><td data-cell-id=\"D120\" data-x=\"3\" data-y=\"120\" data-db-index=\"120\" class=\"fsize-18\" data-cell-type=\"text\" data-original-value=\"&lt;a href=&quot;https:\/\/teec.org.mx\/web\/wp-content\/uploads\/2022\/07\/TEEC-JE-7-2022-19-07-2022.pdf&quot; target=&quot;_blank&quot;&gt;TEEC\/JE\/7\/2022 (ACUERDO DE TURNO DE DOCUMENTACI\u00d3N)&lt;\/a&gt;\" data-order=\"&lt;a href=&quot;https:\/\/teec.org.mx\/web\/wp-content\/uploads\/2022\/07\/TEEC-JE-7-2022-19-07-2022.pdf&quot; target=&quot;_blank&quot;&gt;TEEC\/JE\/7\/2022 (ACUERDO DE TURNO DE DOCUMENTACI\u00d3N)&lt;\/a&gt;\" ><a href=\"https:\/\/teec.org.mx\/web\/wp-content\/uploads\/2022\/07\/TEEC-JE-7-2022-19-07-2022.pdf\" target=\"_blank\">TEEC\/JE\/7\/2022 (ACUERDO DE TURNO DE DOCUMENTACI\u00d3N)<\/a><\/td><\/tr><tr style=\"height:px\" ><td data-cell-id=\"A121\" data-x=\"0\" data-y=\"121\" data-db-index=\"121\" class=\"fsize-18\" data-cell-type=\"text\" data-original-value=\"18 DE JULIO DE 2022, A LAS 10:30 HORAS.\" data-order=\"18 DE JULIO DE 2022, A LAS 10:30 HORAS.\" >18 DE JULIO DE 2022, A LAS 10:30 HORAS. <\/td><td data-cell-id=\"B121\" data-x=\"1\" data-y=\"121\" data-db-index=\"121\" class=\"fsize-18\" data-cell-type=\"text\" data-original-value=\"INSTITUTO ELECTORAL DEL ESTADO DE CAMPECHE\" data-order=\"INSTITUTO ELECTORAL DEL ESTADO DE CAMPECHE\" >INSTITUTO ELECTORAL DEL ESTADO DE CAMPECHE <\/td><td data-cell-id=\"C121\" data-x=\"2\" data-y=\"121\" data-db-index=\"121\" class=\"fsize-18\" data-cell-type=\"text\" data-original-value=\"TRIBUNAL ELECTORAL DEL ESTADO DE CAMPECHE\" data-order=\"TRIBUNAL ELECTORAL DEL ESTADO DE CAMPECHE\" >TRIBUNAL ELECTORAL DEL ESTADO DE CAMPECHE <\/td><td data-cell-id=\"D121\" data-x=\"3\" data-y=\"121\" data-db-index=\"121\" class=\"fsize-18\" data-cell-type=\"text\" data-original-value=\"&lt;a href=&quot;https:\/\/teec.org.mx\/web\/wp-content\/uploads\/2022\/07\/TEEC-JE-7-2022-18-07-2022.pdf&quot; target=&quot;_blank&quot;&gt;TEEC\/JE\/7\/2022 (SE DA TR\u00c1MITE AL MEDIO DE IMPUGNACI\u00d3N)&lt;\/a&gt;\" data-order=\"&lt;a href=&quot;https:\/\/teec.org.mx\/web\/wp-content\/uploads\/2022\/07\/TEEC-JE-7-2022-18-07-2022.pdf&quot; target=&quot;_blank&quot;&gt;TEEC\/JE\/7\/2022 (SE DA TR\u00c1MITE AL MEDIO DE IMPUGNACI\u00d3N)&lt;\/a&gt;\" ><a href=\"https:\/\/teec.org.mx\/web\/wp-content\/uploads\/2022\/07\/TEEC-JE-7-2022-18-07-2022.pdf\" target=\"_blank\">TEEC\/JE\/7\/2022 (SE DA TR\u00c1MITE AL MEDIO DE IMPUGNACI\u00d3N)<\/a><\/td><\/tr><tr style=\"height:px\" ><td data-cell-id=\"A122\" data-x=\"0\" data-y=\"122\" data-db-index=\"122\" class=\"fsize-18\" data-cell-type=\"text\" data-original-value=\"14 DE JULIO DE 2022, A LAS 11:20 HORAS\" data-order=\"14 DE JULIO DE 2022, A LAS 11:20 HORAS\" >14 DE JULIO DE 2022, A LAS 11:20 HORAS <\/td><td data-cell-id=\"B122\" data-x=\"1\" data-y=\"122\" data-db-index=\"122\" class=\"fsize-18\" data-cell-type=\"text\" data-original-value=\"INSTITUTO ELECTORAL DEL ESTADO DE CAMPECHE\" data-order=\"INSTITUTO ELECTORAL DEL ESTADO DE CAMPECHE\" >INSTITUTO ELECTORAL DEL ESTADO DE CAMPECHE <\/td><td data-cell-id=\"C122\" data-x=\"2\" data-y=\"122\" data-db-index=\"122\" class=\"fsize-18\" data-cell-type=\"text\" data-original-value=\"SECRETAR\u00cdA DE ADMINISTRACI\u00d3N Y FINANZAS DEL ESTADO DE CAMPECHE\" data-order=\"SECRETAR\u00cdA DE ADMINISTRACI\u00d3N Y FINANZAS DEL ESTADO DE CAMPECHE\" >SECRETAR\u00cdA DE ADMINISTRACI\u00d3N Y FINANZAS DEL ESTADO DE CAMPECHE <\/td><td data-cell-id=\"D122\" data-x=\"3\" data-y=\"122\" data-db-index=\"122\" class=\"fsize-18\" data-cell-type=\"text\" data-original-value=\"&lt;a href=&quot;https:\/\/teec.org.mx\/web\/wp-content\/uploads\/2022\/07\/TEEC-JE-6-2022-14-07-2022.pdf&quot; target=&quot;_blank&quot;&gt;TEEC\/JE\/6\/2022 (PARA CONOCIMIENTO)&lt;\/a&gt;\" data-order=\"&lt;a href=&quot;https:\/\/teec.org.mx\/web\/wp-content\/uploads\/2022\/07\/TEEC-JE-6-2022-14-07-2022.pdf&quot; target=&quot;_blank&quot;&gt;TEEC\/JE\/6\/2022 (PARA CONOCIMIENTO)&lt;\/a&gt;\" ><a href=\"https:\/\/teec.org.mx\/web\/wp-content\/uploads\/2022\/07\/TEEC-JE-6-2022-14-07-2022.pdf\" target=\"_blank\">TEEC\/JE\/6\/2022 (PARA CONOCIMIENTO)<\/a><\/td><\/tr><tr style=\"height:px\" ><td data-cell-id=\"A123\" data-x=\"0\" data-y=\"123\" data-db-index=\"123\" class=\"fsize-18\" data-cell-type=\"text\" data-original-value=\"11 DE JULIO DE 2022, A LAS 12:40 HORAS\" data-order=\"11 DE JULIO DE 2022, A LAS 12:40 HORAS\" >11 DE JULIO DE 2022, A LAS 12:40 HORAS <\/td><td data-cell-id=\"B123\" data-x=\"1\" data-y=\"123\" data-db-index=\"123\" class=\"fsize-18\" data-cell-type=\"text\" data-original-value=\"JUAN CARLOS MENA ZAPATA Y OTROS\" data-order=\"JUAN CARLOS MENA ZAPATA Y OTROS\" >JUAN CARLOS MENA ZAPATA Y OTROS <\/td><td data-cell-id=\"C123\" data-x=\"2\" data-y=\"123\" data-db-index=\"123\" class=\"fsize-18\" data-cell-type=\"text\" data-original-value=\"INSTITUTO ELECTORAL DEL ESTADO DE CAMPECHE\" data-order=\"INSTITUTO ELECTORAL DEL ESTADO DE CAMPECHE\" >INSTITUTO ELECTORAL DEL ESTADO DE CAMPECHE <\/td><td data-cell-id=\"D123\" data-x=\"3\" data-y=\"123\" data-db-index=\"123\" class=\"fsize-18\" data-cell-type=\"text\" data-original-value=\"&lt;a href=&quot;https:\/\/teec.org.mx\/web\/wp-content\/uploads\/2022\/07\/TEEC-JE-7-2022-sentencia-11-07-2022.pdf&quot; target=&quot;_blank&quot;&gt;TEEC\/JE\/7\/2022 (SENTENCIA)&lt;\/a&gt;\" data-order=\"&lt;a href=&quot;https:\/\/teec.org.mx\/web\/wp-content\/uploads\/2022\/07\/TEEC-JE-7-2022-sentencia-11-07-2022.pdf&quot; target=&quot;_blank&quot;&gt;TEEC\/JE\/7\/2022 (SENTENCIA)&lt;\/a&gt;\" ><a href=\"https:\/\/teec.org.mx\/web\/wp-content\/uploads\/2022\/07\/TEEC-JE-7-2022-sentencia-11-07-2022.pdf\" target=\"_blank\">TEEC\/JE\/7\/2022 (SENTENCIA)<\/a><\/td><\/tr><tr style=\"height:px\" ><td data-cell-id=\"A124\" data-x=\"0\" data-y=\"124\" data-db-index=\"124\" class=\"fsize-18\" data-cell-type=\"text\" data-original-value=\"08 DE JULIO DE 2022, A LAS 14:40 HORAS\" data-order=\"08 DE JULIO DE 2022, A LAS 14:40 HORAS\" >08 DE JULIO DE 2022, A LAS 14:40 HORAS <\/td><td data-cell-id=\"B124\" data-x=\"1\" data-y=\"124\" data-db-index=\"124\" class=\"fsize-18\" data-cell-type=\"text\" data-original-value=\"INSTITUTO ELECTORAL DEL ESTADO DE CAMPECHE\" data-order=\"INSTITUTO ELECTORAL DEL ESTADO DE CAMPECHE\" >INSTITUTO ELECTORAL DEL ESTADO DE CAMPECHE <\/td><td data-cell-id=\"C124\" data-x=\"2\" data-y=\"124\" data-db-index=\"124\" class=\"fsize-18\" data-cell-type=\"text\" data-original-value=\"TRIBUNAL ELECTORAL DEL ESTADO DE CAMPECHE\" data-order=\"TRIBUNAL ELECTORAL DEL ESTADO DE CAMPECHE\" >TRIBUNAL ELECTORAL DEL ESTADO DE CAMPECHE <\/td><td data-cell-id=\"D124\" data-x=\"3\" data-y=\"124\" data-db-index=\"124\" class=\"fsize-18\" data-cell-type=\"text\" data-original-value=\"&lt;a href=&quot;https:\/\/teec.org.mx\/web\/wp-content\/uploads\/2022\/07\/TEEC-JE-6-2022-08-07-2022.pdf&quot; target=&quot;_blank&quot;&gt;TEEC\/JE\/6\/2022 (SE DA POR NOTIFICADO ESTE \u00d3RGANO JURISDICCIONAL)&lt;\/a&gt;\" data-order=\"&lt;a href=&quot;https:\/\/teec.org.mx\/web\/wp-content\/uploads\/2022\/07\/TEEC-JE-6-2022-08-07-2022.pdf&quot; target=&quot;_blank&quot;&gt;TEEC\/JE\/6\/2022 (SE DA POR NOTIFICADO ESTE \u00d3RGANO JURISDICCIONAL)&lt;\/a&gt;\" ><a href=\"https:\/\/teec.org.mx\/web\/wp-content\/uploads\/2022\/07\/TEEC-JE-6-2022-08-07-2022.pdf\" target=\"_blank\">TEEC\/JE\/6\/2022 (SE DA POR NOTIFICADO ESTE \u00d3RGANO JURISDICCIONAL)<\/a><\/td><\/tr><tr style=\"height:px\" ><td data-cell-id=\"A125\" data-x=\"0\" data-y=\"125\" data-db-index=\"125\" class=\"fsize-18\" data-cell-type=\"text\" data-original-value=\"08 DE JULIO DE 2022, A LAS 14:30 HORAS\" data-order=\"08 DE JULIO DE 2022, A LAS 14:30 HORAS\" >08 DE JULIO DE 2022, A LAS 14:30 HORAS <\/td><td data-cell-id=\"B125\" data-x=\"1\" data-y=\"125\" data-db-index=\"125\" class=\"fsize-18\" data-cell-type=\"text\" data-original-value=\"INSTITUTO ELECTORAL DEL ESTADO DE CAMPECHE\" data-order=\"INSTITUTO ELECTORAL DEL ESTADO DE CAMPECHE\" >INSTITUTO ELECTORAL DEL ESTADO DE CAMPECHE <\/td><td data-cell-id=\"C125\" data-x=\"2\" data-y=\"125\" data-db-index=\"125\" class=\"fsize-18\" data-cell-type=\"text\" data-original-value=\"TRIBUNAL ELECTORALDEL ESTADO DE CAMPECHE\" data-order=\"TRIBUNAL ELECTORALDEL ESTADO DE CAMPECHE\" >TRIBUNAL ELECTORALDEL ESTADO DE CAMPECHE <\/td><td data-cell-id=\"D125\" data-x=\"3\" data-y=\"125\" data-db-index=\"125\" class=\"fsize-18\" data-cell-type=\"text\" data-original-value=\"&lt;a href=&quot;https:\/\/teec.org.mx\/web\/wp-content\/uploads\/2022\/07\/TEEC-JE-4-2022-y-acum.-TEEC-JE-5-2022-08-07-2022.pdf&quot; target=&quot;_blank&quot;&gt;TEEC\/JE\/4\/2022 Y SU ACUMULADO TEEC\/JE\/5\/2022 (SE TIENE POR RECIBIDO EL EXPEDIENTE, REMITIDO POR LA SALA REGIONAL XALAPA)&lt;\/a&gt;\" data-order=\"&lt;a href=&quot;https:\/\/teec.org.mx\/web\/wp-content\/uploads\/2022\/07\/TEEC-JE-4-2022-y-acum.-TEEC-JE-5-2022-08-07-2022.pdf&quot; target=&quot;_blank&quot;&gt;TEEC\/JE\/4\/2022 Y SU ACUMULADO TEEC\/JE\/5\/2022 (SE TIENE POR RECIBIDO EL EXPEDIENTE, REMITIDO POR LA SALA REGIONAL XALAPA)&lt;\/a&gt;\" ><a href=\"https:\/\/teec.org.mx\/web\/wp-content\/uploads\/2022\/07\/TEEC-JE-4-2022-y-acum.-TEEC-JE-5-2022-08-07-2022.pdf\" target=\"_blank\">TEEC\/JE\/4\/2022 Y SU ACUMULADO TEEC\/JE\/5\/2022 (SE TIENE POR RECIBIDO EL EXPEDIENTE, REMITIDO POR LA SALA REGIONAL XALAPA)<\/a><\/td><\/tr><tr style=\"height:px\" ><td data-cell-id=\"A126\" data-x=\"0\" data-y=\"126\" data-db-index=\"126\" class=\"fsize-18\" data-cell-type=\"text\" data-original-value=\"07 DE JULIO DE 2022, A LAS 10:05 HORAS\" data-order=\"07 DE JULIO DE 2022, A LAS 10:05 HORAS\" >07 DE JULIO DE 2022, A LAS 10:05 HORAS <\/td><td data-cell-id=\"B126\" data-x=\"1\" data-y=\"126\" data-db-index=\"126\" class=\"fsize-18\" data-cell-type=\"text\" data-original-value=\"JUAN CARLOS MENA ZAPATA Y OTROS\" data-order=\"JUAN CARLOS MENA ZAPATA Y OTROS\" >JUAN CARLOS MENA ZAPATA Y OTROS <\/td><td data-cell-id=\"C126\" data-x=\"2\" data-y=\"126\" data-db-index=\"126\" class=\"fsize-18\" data-cell-type=\"text\" data-original-value=\"INSTITUTO ELECTORAL DEL ESTADO DE CAMPECHE\" data-order=\"INSTITUTO ELECTORAL DEL ESTADO DE CAMPECHE\" >INSTITUTO ELECTORAL DEL ESTADO DE CAMPECHE <\/td><td data-cell-id=\"D126\" data-x=\"3\" data-y=\"126\" data-db-index=\"126\" class=\"fsize-18\" data-cell-type=\"text\" data-original-value=\"&lt;a href=&quot;https:\/\/teec.org.mx\/web\/wp-content\/uploads\/2022\/07\/TEEC-JE-7-2022-07-07-2022.pdf&quot; target=&quot;_blank&quot;&gt;TEEC\/JE\/7\/2022 (ACUERDO DE FIJACI\u00d3N DE FECHA Y HORA)&lt;\/a&gt;\" data-order=\"&lt;a href=&quot;https:\/\/teec.org.mx\/web\/wp-content\/uploads\/2022\/07\/TEEC-JE-7-2022-07-07-2022.pdf&quot; target=&quot;_blank&quot;&gt;TEEC\/JE\/7\/2022 (ACUERDO DE FIJACI\u00d3N DE FECHA Y HORA)&lt;\/a&gt;\" ><a href=\"https:\/\/teec.org.mx\/web\/wp-content\/uploads\/2022\/07\/TEEC-JE-7-2022-07-07-2022.pdf\" target=\"_blank\">TEEC\/JE\/7\/2022 (ACUERDO DE FIJACI\u00d3N DE FECHA Y HORA)<\/a><\/td><\/tr><tr style=\"height:px\" ><td data-cell-id=\"A127\" data-x=\"0\" data-y=\"127\" data-db-index=\"127\" class=\"fsize-18\" data-cell-type=\"text\" data-original-value=\"06 DE JULIO DE 2022, A LAS 13:15 HORAS\" data-order=\"06 DE JULIO DE 2022, A LAS 13:15 HORAS\" >06 DE JULIO DE 2022, A LAS 13:15 HORAS <\/td><td data-cell-id=\"B127\" data-x=\"1\" data-y=\"127\" data-db-index=\"127\" class=\"fsize-18\" data-cell-type=\"text\" data-original-value=\"JUAN CARLOS MENA ZAPATA Y OTROS\" data-order=\"JUAN CARLOS MENA ZAPATA Y OTROS\" >JUAN CARLOS MENA ZAPATA Y OTROS <\/td><td data-cell-id=\"C127\" data-x=\"2\" data-y=\"127\" data-db-index=\"127\" class=\"fsize-18\" data-cell-type=\"text\" data-original-value=\"INSTITUTO ELECTORAL DEL ESTADO DE CAMPECHE\" data-order=\"INSTITUTO ELECTORAL DEL ESTADO DE CAMPECHE\" >INSTITUTO ELECTORAL DEL ESTADO DE CAMPECHE <\/td><td data-cell-id=\"D127\" data-x=\"3\" data-y=\"127\" data-db-index=\"127\" class=\"fsize-18\" data-cell-type=\"text\" data-original-value=\"&lt;a href=&quot;https:\/\/teec.org.mx\/web\/wp-content\/uploads\/2022\/07\/TEEC-JE-7-2022-06-07-2022.pdf&quot; target=&quot;_blank&quot;&gt;TEEC\/JE\/7\/2022 (ACUERDO DE CIERRE DE INSTRUCCI\u00d3N Y SOLICITUD DE FECHA Y HORA DE SESI\u00d3N P\u00daBLICA VIRTUAL DE PLENO)&lt;\/a&gt;\" data-order=\"&lt;a href=&quot;https:\/\/teec.org.mx\/web\/wp-content\/uploads\/2022\/07\/TEEC-JE-7-2022-06-07-2022.pdf&quot; target=&quot;_blank&quot;&gt;TEEC\/JE\/7\/2022 (ACUERDO DE CIERRE DE INSTRUCCI\u00d3N Y SOLICITUD DE FECHA Y HORA DE SESI\u00d3N P\u00daBLICA VIRTUAL DE PLENO)&lt;\/a&gt;\" ><a href=\"https:\/\/teec.org.mx\/web\/wp-content\/uploads\/2022\/07\/TEEC-JE-7-2022-06-07-2022.pdf\" target=\"_blank\">TEEC\/JE\/7\/2022 (ACUERDO DE CIERRE DE INSTRUCCI\u00d3N Y SOLICITUD DE FECHA Y HORA DE SESI\u00d3N P\u00daBLICA VIRTUAL DE PLENO)<\/a><\/td><\/tr><tr style=\"height:px\" ><td data-cell-id=\"A128\" data-x=\"0\" data-y=\"128\" data-db-index=\"128\" class=\"fsize-18\" data-cell-type=\"text\" data-original-value=\"28 DE JUNIO DE 2022, A LAS 13:00 HORAS\" data-order=\"28 DE JUNIO DE 2022, A LAS 13:00 HORAS\" >28 DE JUNIO DE 2022, A LAS 13:00 HORAS <\/td><td data-cell-id=\"B128\" data-x=\"1\" data-y=\"128\" data-db-index=\"128\" class=\"fsize-18\" data-cell-type=\"text\" data-original-value=\"JUAN CARLOS MENA ZAPATA Y OTROS\" data-order=\"JUAN CARLOS MENA ZAPATA Y OTROS\" >JUAN CARLOS MENA ZAPATA Y OTROS <\/td><td data-cell-id=\"C128\" data-x=\"2\" data-y=\"128\" data-db-index=\"128\" class=\"fsize-18\" data-cell-type=\"text\" data-original-value=\"INSTITUTO ELECTORAL DEL ESTADO DE CAMPECHE\" data-order=\"INSTITUTO ELECTORAL DEL ESTADO DE CAMPECHE\" >INSTITUTO ELECTORAL DEL ESTADO DE CAMPECHE <\/td><td data-cell-id=\"D128\" data-x=\"3\" data-y=\"128\" data-db-index=\"128\" class=\"fsize-18\" data-cell-type=\"text\" data-original-value=\"&lt;a href=&quot;https:\/\/teec.org.mx\/web\/wp-content\/uploads\/2022\/06\/TEEC-JE-7-2022-28-06-2022.pdf&quot; target=&quot;_blank&quot;&gt;TEEC\/JE\/7\/2022 (ACUERDO DE ADMISI\u00d3N)&lt;\/a&gt;\" data-order=\"&lt;a href=&quot;https:\/\/teec.org.mx\/web\/wp-content\/uploads\/2022\/06\/TEEC-JE-7-2022-28-06-2022.pdf&quot; target=&quot;_blank&quot;&gt;TEEC\/JE\/7\/2022 (ACUERDO DE ADMISI\u00d3N)&lt;\/a&gt;\" ><a href=\"https:\/\/teec.org.mx\/web\/wp-content\/uploads\/2022\/06\/TEEC-JE-7-2022-28-06-2022.pdf\" target=\"_blank\">TEEC\/JE\/7\/2022 (ACUERDO DE ADMISI\u00d3N)<\/a><\/td><\/tr><tr style=\"height:px\" ><td data-cell-id=\"A129\" data-x=\"0\" data-y=\"129\" data-db-index=\"129\" class=\"fsize-18\" data-cell-type=\"text\" data-original-value=\"21 DE JUNIO DE 2022, A LAS 14:30 HORAS\" data-order=\"21 DE JUNIO DE 2022, A LAS 14:30 HORAS\" >21 DE JUNIO DE 2022, A LAS 14:30 HORAS <\/td><td data-cell-id=\"B129\" data-x=\"1\" data-y=\"129\" data-db-index=\"129\" class=\"fsize-18\" data-cell-type=\"text\" data-original-value=\"INSTITUTO ELECTORAL DEL ESTADO DE CAMPECHE\" data-order=\"INSTITUTO ELECTORAL DEL ESTADO DE CAMPECHE\" >INSTITUTO ELECTORAL DEL ESTADO DE CAMPECHE <\/td><td data-cell-id=\"C129\" data-x=\"2\" data-y=\"129\" data-db-index=\"129\" class=\"fsize-18\" data-cell-type=\"text\" data-original-value=\"TRIBUNAL ELECTORAL DEL ESTADO DE CAMPECHE\" data-order=\"TRIBUNAL ELECTORAL DEL ESTADO DE CAMPECHE\" >TRIBUNAL ELECTORAL DEL ESTADO DE CAMPECHE <\/td><td data-cell-id=\"D129\" data-x=\"3\" data-y=\"129\" data-db-index=\"129\" class=\"fsize-18\" data-cell-type=\"text\" data-original-value=\"&lt;a href=&quot;https:\/\/teec.org.mx\/web\/wp-content\/uploads\/2022\/06\/TEEC-JE-6-2022-2do-acu.-21-06-2022.pdf&quot; target=&quot;_blank&quot;&gt;TEEC\/JE\/6\/2022 (CUADERNO DE ANTECEDENTES: SX-69\/2022, SE RETIRA CEDULA DE PUBLICITACI\u00d3N Y SE REMITE ESCRITO DE TERCERO INTERESADO)&lt;\/a&gt;\" data-order=\"&lt;a href=&quot;https:\/\/teec.org.mx\/web\/wp-content\/uploads\/2022\/06\/TEEC-JE-6-2022-2do-acu.-21-06-2022.pdf&quot; target=&quot;_blank&quot;&gt;TEEC\/JE\/6\/2022 (CUADERNO DE ANTECEDENTES: SX-69\/2022, SE RETIRA CEDULA DE PUBLICITACI\u00d3N Y SE REMITE ESCRITO DE TERCERO INTERESADO)&lt;\/a&gt;\" ><a href=\"https:\/\/teec.org.mx\/web\/wp-content\/uploads\/2022\/06\/TEEC-JE-6-2022-2do-acu.-21-06-2022.pdf\" target=\"_blank\">TEEC\/JE\/6\/2022 (CUADERNO DE ANTECEDENTES: SX-69\/2022, SE RETIRA CEDULA DE PUBLICITACI\u00d3N Y SE REMITE ESCRITO DE TERCERO INTERESADO)<\/a><\/td><\/tr><tr style=\"height:px\" ><td data-cell-id=\"A130\" data-x=\"0\" data-y=\"130\" data-db-index=\"130\" class=\"fsize-18\" data-cell-type=\"text\" data-original-value=\"21 DE JUNIO DE 2022, A LAS 12:00 HORAS\" data-order=\"21 DE JUNIO DE 2022, A LAS 12:00 HORAS\" >21 DE JUNIO DE 2022, A LAS 12:00 HORAS <\/td><td data-cell-id=\"B130\" data-x=\"1\" data-y=\"130\" data-db-index=\"130\" class=\"fsize-18\" data-cell-type=\"text\" data-original-value=\"INSTITUTO ELECTORAL DEL ESTADO DE CAMPECHE\" data-order=\"INSTITUTO ELECTORAL DEL ESTADO DE CAMPECHE\" >INSTITUTO ELECTORAL DEL ESTADO DE CAMPECHE <\/td><td data-cell-id=\"C130\" data-x=\"2\" data-y=\"130\" data-db-index=\"130\" class=\"fsize-18\" data-cell-type=\"text\" data-original-value=\"TRIBUNAL ELECTORAL DEL ESTADO DE CAMPECHE\" data-order=\"TRIBUNAL ELECTORAL DEL ESTADO DE CAMPECHE\" >TRIBUNAL ELECTORAL DEL ESTADO DE CAMPECHE <\/td><td data-cell-id=\"D130\" data-x=\"3\" data-y=\"130\" data-db-index=\"130\" class=\"fsize-18\" data-cell-type=\"text\" data-original-value=\"&lt;a href=&quot;https:\/\/teec.org.mx\/web\/wp-content\/uploads\/2022\/06\/TEEC-JE-6-2022-1er-acu.-21-06-2022.pdf&quot; target=&quot;_blank&quot;&gt;TEEC\/JE\/6\/2022 (CUADERNO DE ANTECEDENTES: SX-69\/2022, SE DA POR NOTIFICADO ESTE \u00d3RGANO JURISDICCIONAL)&lt;\/a&gt;\" data-order=\"&lt;a href=&quot;https:\/\/teec.org.mx\/web\/wp-content\/uploads\/2022\/06\/TEEC-JE-6-2022-1er-acu.-21-06-2022.pdf&quot; target=&quot;_blank&quot;&gt;TEEC\/JE\/6\/2022 (CUADERNO DE ANTECEDENTES: SX-69\/2022, SE DA POR NOTIFICADO ESTE \u00d3RGANO JURISDICCIONAL)&lt;\/a&gt;\" ><a href=\"https:\/\/teec.org.mx\/web\/wp-content\/uploads\/2022\/06\/TEEC-JE-6-2022-1er-acu.-21-06-2022.pdf\" target=\"_blank\">TEEC\/JE\/6\/2022 (CUADERNO DE ANTECEDENTES: SX-69\/2022, SE DA POR NOTIFICADO ESTE \u00d3RGANO JURISDICCIONAL)<\/a><\/td><\/tr><tr style=\"height:px\" ><td data-cell-id=\"A131\" data-x=\"0\" data-y=\"131\" data-db-index=\"131\" class=\"fsize-18\" data-cell-type=\"text\" data-original-value=\"20 DE JUNIO DE 2022, A LAS 12:30 HORAS\" data-order=\"20 DE JUNIO DE 2022, A LAS 12:30 HORAS\" >20 DE JUNIO DE 2022, A LAS 12:30 HORAS <\/td><td data-cell-id=\"B131\" data-x=\"1\" data-y=\"131\" data-db-index=\"131\" class=\"fsize-18\" data-cell-type=\"text\" data-original-value=\"JUAN CARLOS MENA ZAPATA Y OTROS\" data-order=\"JUAN CARLOS MENA ZAPATA Y OTROS\" >JUAN CARLOS MENA ZAPATA Y OTROS <\/td><td data-cell-id=\"C131\" data-x=\"2\" data-y=\"131\" data-db-index=\"131\" class=\"fsize-18\" data-cell-type=\"text\" data-original-value=\"INSTITUTO ELECTORAL DEL ESTADO DE CAMPECHE\" data-order=\"INSTITUTO ELECTORAL DEL ESTADO DE CAMPECHE\" >INSTITUTO ELECTORAL DEL ESTADO DE CAMPECHE <\/td><td data-cell-id=\"D131\" data-x=\"3\" data-y=\"131\" data-db-index=\"131\" class=\"fsize-18\" data-cell-type=\"text\" data-original-value=\"&lt;a href=&quot;https:\/\/teec.org.mx\/web\/wp-content\/uploads\/2022\/06\/TEEC-JE-7-2022-3er-acu.-20-06-2022.pdf&quot; target=&quot;_blank&quot;&gt;TEEC\/JE\/7\/2022 (SE ORDENA EXPEDIR COPIAS CERTIFICADAS)&lt;\/a&gt;\" data-order=\"&lt;a href=&quot;https:\/\/teec.org.mx\/web\/wp-content\/uploads\/2022\/06\/TEEC-JE-7-2022-3er-acu.-20-06-2022.pdf&quot; target=&quot;_blank&quot;&gt;TEEC\/JE\/7\/2022 (SE ORDENA EXPEDIR COPIAS CERTIFICADAS)&lt;\/a&gt;\" ><a href=\"https:\/\/teec.org.mx\/web\/wp-content\/uploads\/2022\/06\/TEEC-JE-7-2022-3er-acu.-20-06-2022.pdf\" target=\"_blank\">TEEC\/JE\/7\/2022 (SE ORDENA EXPEDIR COPIAS CERTIFICADAS)<\/a><\/td><\/tr><tr style=\"height:px\" ><td data-cell-id=\"A132\" data-x=\"0\" data-y=\"132\" data-db-index=\"132\" class=\"fsize-18\" data-cell-type=\"text\" data-original-value=\"20 DE JUNIO DE 2022, A LAS 11:30 HORAS\" data-order=\"20 DE JUNIO DE 2022, A LAS 11:30 HORAS\" >20 DE JUNIO DE 2022, A LAS 11:30 HORAS <\/td><td data-cell-id=\"B132\" data-x=\"1\" data-y=\"132\" data-db-index=\"132\" class=\"fsize-18\" data-cell-type=\"text\" data-original-value=\"JUAN CARLOS MENA ZAPATA Y OTROS\" data-order=\"JUAN CARLOS MENA ZAPATA Y OTROS\" >JUAN CARLOS MENA ZAPATA Y OTROS <\/td><td data-cell-id=\"C132\" data-x=\"2\" data-y=\"132\" data-db-index=\"132\" class=\"fsize-18\" data-cell-type=\"text\" data-original-value=\"INSTITUTO ELECTORAL DEL ESTADO DE CAMPECHE\" data-order=\"INSTITUTO ELECTORAL DEL ESTADO DE CAMPECHE\" >INSTITUTO ELECTORAL DEL ESTADO DE CAMPECHE <\/td><td data-cell-id=\"D132\" data-x=\"3\" data-y=\"132\" data-db-index=\"132\" class=\"fsize-18\" data-cell-type=\"text\" data-original-value=\"&lt;a href=&quot;https:\/\/teec.org.mx\/web\/wp-content\/uploads\/2022\/06\/TEEC-JE-7-2022-2do-acu.-20-06-2022.pdf&quot; target=&quot;_blank&quot;&gt;TEEC\/JE\/7\/2022 (ACUERDO DE PLENARIO DE MEDIDAS CAUTELARES)&lt;\/a&gt;\" data-order=\"&lt;a href=&quot;https:\/\/teec.org.mx\/web\/wp-content\/uploads\/2022\/06\/TEEC-JE-7-2022-2do-acu.-20-06-2022.pdf&quot; target=&quot;_blank&quot;&gt;TEEC\/JE\/7\/2022 (ACUERDO DE PLENARIO DE MEDIDAS CAUTELARES)&lt;\/a&gt;\" ><a href=\"https:\/\/teec.org.mx\/web\/wp-content\/uploads\/2022\/06\/TEEC-JE-7-2022-2do-acu.-20-06-2022.pdf\" target=\"_blank\">TEEC\/JE\/7\/2022 (ACUERDO DE PLENARIO DE MEDIDAS CAUTELARES)<\/a><\/td><\/tr><tr style=\"height:px\" ><td data-cell-id=\"A133\" data-x=\"0\" data-y=\"133\" data-db-index=\"133\" class=\"fsize-18\" data-cell-type=\"text\" data-original-value=\"20 DE JUNIO DE 2022, A LAS 10:50 HORAS\" data-order=\"20 DE JUNIO DE 2022, A LAS 10:50 HORAS\" >20 DE JUNIO DE 2022, A LAS 10:50 HORAS <\/td><td data-cell-id=\"B133\" data-x=\"1\" data-y=\"133\" data-db-index=\"133\" class=\"fsize-18\" data-cell-type=\"text\" data-original-value=\"JUAN CARLOS MENA ZAPATA Y OTROS\" data-order=\"JUAN CARLOS MENA ZAPATA Y OTROS\" >JUAN CARLOS MENA ZAPATA Y OTROS <\/td><td data-cell-id=\"C133\" data-x=\"2\" data-y=\"133\" data-db-index=\"133\" class=\"fsize-18\" data-cell-type=\"text\" data-original-value=\"INSTITUTO ELECTORAL DEL ESTADO DE CAMPECHE\" data-order=\"INSTITUTO ELECTORAL DEL ESTADO DE CAMPECHE\" >INSTITUTO ELECTORAL DEL ESTADO DE CAMPECHE <\/td><td data-cell-id=\"D133\" data-x=\"3\" data-y=\"133\" data-db-index=\"133\" class=\"fsize-18\" data-cell-type=\"text\" data-original-value=\"&lt;a href=&quot;https:\/\/teec.org.mx\/web\/wp-content\/uploads\/2022\/06\/TEEC-JE-7-2022-20-jun-2022.pdf&quot; target=&quot;_blank&quot;&gt;TEEC\/JE\/7\/2022 (ACUERDO DE TURNO DE DOCUMENTACI\u00d3N)&lt;\/a&gt;\" data-order=\"&lt;a href=&quot;https:\/\/teec.org.mx\/web\/wp-content\/uploads\/2022\/06\/TEEC-JE-7-2022-20-jun-2022.pdf&quot; target=&quot;_blank&quot;&gt;TEEC\/JE\/7\/2022 (ACUERDO DE TURNO DE DOCUMENTACI\u00d3N)&lt;\/a&gt;\" ><a href=\"https:\/\/teec.org.mx\/web\/wp-content\/uploads\/2022\/06\/TEEC-JE-7-2022-20-jun-2022.pdf\" target=\"_blank\">TEEC\/JE\/7\/2022 (ACUERDO DE TURNO DE DOCUMENTACI\u00d3N)<\/a><\/td><\/tr><tr style=\"height:px\" ><td data-cell-id=\"A134\" data-x=\"0\" data-y=\"134\" data-db-index=\"134\" class=\"fsize-18\" data-cell-type=\"text\" data-original-value=\"17 DE JUNIO DE 2022, A LAS 14:30 HORAS\" data-order=\"17 DE JUNIO DE 2022, A LAS 14:30 HORAS\" >17 DE JUNIO DE 2022, A LAS 14:30 HORAS <\/td><td data-cell-id=\"B134\" data-x=\"1\" data-y=\"134\" data-db-index=\"134\" class=\"fsize-18\" data-cell-type=\"text\" data-original-value=\"JUAN CARLOS MENA ZAPATA Y OTROS\" data-order=\"JUAN CARLOS MENA ZAPATA Y OTROS\" >JUAN CARLOS MENA ZAPATA Y OTROS <\/td><td data-cell-id=\"C134\" data-x=\"2\" data-y=\"134\" data-db-index=\"134\" class=\"fsize-18\" data-cell-type=\"text\" data-original-value=\"INSTITUTO ELECTORAL DEL ESTADO DE CAMPECHE\" data-order=\"INSTITUTO ELECTORAL DEL ESTADO DE CAMPECHE\" >INSTITUTO ELECTORAL DEL ESTADO DE CAMPECHE <\/td><td data-cell-id=\"D134\" data-x=\"3\" data-y=\"134\" data-db-index=\"134\" class=\"fsize-18\" data-cell-type=\"text\" data-original-value=\"&lt;a href=&quot;https:\/\/teec.org.mx\/web\/wp-content\/uploads\/2022\/06\/TEEC-JE-7-2022-17-06-2022.pdf&quot; target=&quot;_blank&quot;&gt;TEEC\/JE\/7\/2022 (ACUERDO DE TURNO DE DOCUMENTACI\u00d3N)&lt;\/a&gt;\" data-order=\"&lt;a href=&quot;https:\/\/teec.org.mx\/web\/wp-content\/uploads\/2022\/06\/TEEC-JE-7-2022-17-06-2022.pdf&quot; target=&quot;_blank&quot;&gt;TEEC\/JE\/7\/2022 (ACUERDO DE TURNO DE DOCUMENTACI\u00d3N)&lt;\/a&gt;\" ><a href=\"https:\/\/teec.org.mx\/web\/wp-content\/uploads\/2022\/06\/TEEC-JE-7-2022-17-06-2022.pdf\" target=\"_blank\">TEEC\/JE\/7\/2022 (ACUERDO DE TURNO DE DOCUMENTACI\u00d3N)<\/a><\/td><\/tr><tr style=\"height:px\" ><td data-cell-id=\"A135\" data-x=\"0\" data-y=\"135\" data-db-index=\"135\" class=\"fsize-18\" data-cell-type=\"text\" data-original-value=\"16 DE JUNIO DE 2022, A LAS 14:55 HORAS\" data-order=\"16 DE JUNIO DE 2022, A LAS 14:55 HORAS\" >16 DE JUNIO DE 2022, A LAS 14:55 HORAS <\/td><td data-cell-id=\"B135\" data-x=\"1\" data-y=\"135\" data-db-index=\"135\" class=\"fsize-18\" data-cell-type=\"text\" data-original-value=\"JUAN CARLOS MENA ZAPATA Y OTROS\" data-order=\"JUAN CARLOS MENA ZAPATA Y OTROS\" >JUAN CARLOS MENA ZAPATA Y OTROS <\/td><td data-cell-id=\"C135\" data-x=\"2\" data-y=\"135\" data-db-index=\"135\" class=\"fsize-18\" data-cell-type=\"text\" data-original-value=\"INSTITUTO ELECTORAL DEL ESTADO DE CAMPECHE\" data-order=\"INSTITUTO ELECTORAL DEL ESTADO DE CAMPECHE\" >INSTITUTO ELECTORAL DEL ESTADO DE CAMPECHE <\/td><td data-cell-id=\"D135\" data-x=\"3\" data-y=\"135\" data-db-index=\"135\" class=\"fsize-18\" data-cell-type=\"text\" data-original-value=\"&lt;a href=&quot;https:\/\/teec.org.mx\/web\/wp-content\/uploads\/2022\/06\/TEEC-JE-7-2022-2do-acu.-16-06-2022.pdf&quot; target=&quot;_blank&quot;&gt;TEEC\/JE\/7\/2022 (SE FIJA FECHA Y HORA PARA SESI\u00d3N PRIVADA)&lt;\/a&gt;\" data-order=\"&lt;a href=&quot;https:\/\/teec.org.mx\/web\/wp-content\/uploads\/2022\/06\/TEEC-JE-7-2022-2do-acu.-16-06-2022.pdf&quot; target=&quot;_blank&quot;&gt;TEEC\/JE\/7\/2022 (SE FIJA FECHA Y HORA PARA SESI\u00d3N PRIVADA)&lt;\/a&gt;\" ><a href=\"https:\/\/teec.org.mx\/web\/wp-content\/uploads\/2022\/06\/TEEC-JE-7-2022-2do-acu.-16-06-2022.pdf\" target=\"_blank\">TEEC\/JE\/7\/2022 (SE FIJA FECHA Y HORA PARA SESI\u00d3N PRIVADA)<\/a><\/td><\/tr><tr style=\"height:px\" ><td data-cell-id=\"A136\" data-x=\"0\" data-y=\"136\" data-db-index=\"136\" class=\"fsize-18\" data-cell-type=\"text\" data-original-value=\"16 DE JUNIO DE 2022, A LAS 14:30 HORAS\" data-order=\"16 DE JUNIO DE 2022, A LAS 14:30 HORAS\" >16 DE JUNIO DE 2022, A LAS 14:30 HORAS <\/td><td data-cell-id=\"B136\" data-x=\"1\" data-y=\"136\" data-db-index=\"136\" class=\"fsize-18\" data-cell-type=\"text\" data-original-value=\"JUAN CARLOS MENA ZAPATA Y OTROS\" data-order=\"JUAN CARLOS MENA ZAPATA Y OTROS\" >JUAN CARLOS MENA ZAPATA Y OTROS <\/td><td data-cell-id=\"C136\" data-x=\"2\" data-y=\"136\" data-db-index=\"136\" class=\"fsize-18\" data-cell-type=\"text\" data-original-value=\"INSTITUTO ELECTORAL DEL ESTADO DE CAMPECHE\" data-order=\"INSTITUTO ELECTORAL DEL ESTADO DE CAMPECHE\" >INSTITUTO ELECTORAL DEL ESTADO DE CAMPECHE <\/td><td data-cell-id=\"D136\" data-x=\"3\" data-y=\"136\" data-db-index=\"136\" class=\"fsize-18\" data-cell-type=\"text\" data-original-value=\"&lt;a href=&quot;https:\/\/teec.org.mx\/web\/wp-content\/uploads\/2022\/06\/TEEC-JE-7-2022-16-06-2022.pdf&quot; target=&quot;_blank&quot;&gt;TEEC\/JE\/7\/2022 (ACUERDO DE RADICACI\u00d3N)&lt;\/a&gt;\" data-order=\"&lt;a href=&quot;https:\/\/teec.org.mx\/web\/wp-content\/uploads\/2022\/06\/TEEC-JE-7-2022-16-06-2022.pdf&quot; target=&quot;_blank&quot;&gt;TEEC\/JE\/7\/2022 (ACUERDO DE RADICACI\u00d3N)&lt;\/a&gt;\" ><a href=\"https:\/\/teec.org.mx\/web\/wp-content\/uploads\/2022\/06\/TEEC-JE-7-2022-16-06-2022.pdf\" target=\"_blank\">TEEC\/JE\/7\/2022 (ACUERDO DE RADICACI\u00d3N)<\/a><\/td><\/tr><tr style=\"height:px\" ><td data-cell-id=\"A137\" data-x=\"0\" data-y=\"137\" data-db-index=\"137\" class=\"fsize-18\" data-cell-type=\"text\" data-original-value=\"16 DE JUNIO DE 2022, A LAS 13:50 HORAS\" data-order=\"16 DE JUNIO DE 2022, A LAS 13:50 HORAS\" >16 DE JUNIO DE 2022, A LAS 13:50 HORAS <\/td><td data-cell-id=\"B137\" data-x=\"1\" data-y=\"137\" data-db-index=\"137\" class=\"fsize-18\" data-cell-type=\"text\" data-original-value=\"INSTITUTO ELECTORAL DEL ESTADO DE CAMPECHE\" data-order=\"INSTITUTO ELECTORAL DEL ESTADO DE CAMPECHE\" >INSTITUTO ELECTORAL DEL ESTADO DE CAMPECHE <\/td><td data-cell-id=\"C137\" data-x=\"2\" data-y=\"137\" data-db-index=\"137\" class=\"fsize-18\" data-cell-type=\"text\" data-original-value=\"TRIBUNAL ELECTORAL DEL ESTADO DE CAMPECHE\" data-order=\"TRIBUNAL ELECTORAL DEL ESTADO DE CAMPECHE\" >TRIBUNAL ELECTORAL DEL ESTADO DE CAMPECHE <\/td><td data-cell-id=\"D137\" data-x=\"3\" data-y=\"137\" data-db-index=\"137\" class=\"fsize-18\" data-cell-type=\"text\" data-original-value=\"&lt;a href=&quot;https:\/\/teec.org.mx\/web\/wp-content\/uploads\/2022\/06\/TEEC-JE-6-2022-16-06-2022.pdf&quot; target=&quot;_blank&quot;&gt;TEEC\/JE\/6\/2022 (SE DA TR\u00c1MITE AL MEDIO DE IMPUGNACI\u00d3N)&lt;\/a&gt;\" data-order=\"&lt;a href=&quot;https:\/\/teec.org.mx\/web\/wp-content\/uploads\/2022\/06\/TEEC-JE-6-2022-16-06-2022.pdf&quot; target=&quot;_blank&quot;&gt;TEEC\/JE\/6\/2022 (SE DA TR\u00c1MITE AL MEDIO DE IMPUGNACI\u00d3N)&lt;\/a&gt;\" ><a href=\"https:\/\/teec.org.mx\/web\/wp-content\/uploads\/2022\/06\/TEEC-JE-6-2022-16-06-2022.pdf\" target=\"_blank\">TEEC\/JE\/6\/2022 (SE DA TR\u00c1MITE AL MEDIO DE IMPUGNACI\u00d3N)<\/a><\/td><\/tr><tr style=\"height:px\" ><td data-cell-id=\"A138\" data-x=\"0\" data-y=\"138\" data-db-index=\"138\" class=\"fsize-18\" data-cell-type=\"text\" data-original-value=\"16 DE JUNIO DE 2022, A LAS 11:30 HORAS\" data-order=\"16 DE JUNIO DE 2022, A LAS 11:30 HORAS\" >16 DE JUNIO DE 2022, A LAS 11:30 HORAS <\/td><td data-cell-id=\"B138\" data-x=\"1\" data-y=\"138\" data-db-index=\"138\" class=\"fsize-18\" data-cell-type=\"text\" data-original-value=\"INSTITUTO ELECTORAL DEL ESTADO DE CAMPECHE\" data-order=\"INSTITUTO ELECTORAL DEL ESTADO DE CAMPECHE\" >INSTITUTO ELECTORAL DEL ESTADO DE CAMPECHE <\/td><td data-cell-id=\"C138\" data-x=\"2\" data-y=\"138\" data-db-index=\"138\" class=\"fsize-18\" data-cell-type=\"text\" data-original-value=\"TRIBUNAL ELECTORAL DEL ESTADO DE CAMPECHE\" data-order=\"TRIBUNAL ELECTORAL DEL ESTADO DE CAMPECHE\" >TRIBUNAL ELECTORAL DEL ESTADO DE CAMPECHE <\/td><td data-cell-id=\"D138\" data-x=\"3\" data-y=\"138\" data-db-index=\"138\" class=\"fsize-18\" data-cell-type=\"text\" data-original-value=\"&lt;a href=&quot;https:\/\/teec.org.mx\/web\/wp-content\/uploads\/2022\/06\/TEEC-JE-4-2022-y-acum.-TEEC-JE-5-2022-16-06-2022.pdf&quot; target=&quot;_blank&quot;&gt;TEEC\/JE\/4\/2022 Y SU ACUMULADO TEEC\/JE\/5\/2022 (EXPEDIENTE FEDERAL: SUP-JE-189\/2022, SE DA POR NOTIFICADO ESTE \u00d3RGANO JURISDICCIONAL ELECTORAL LOCAL)&lt;\/a&gt;\" data-order=\"&lt;a href=&quot;https:\/\/teec.org.mx\/web\/wp-content\/uploads\/2022\/06\/TEEC-JE-4-2022-y-acum.-TEEC-JE-5-2022-16-06-2022.pdf&quot; target=&quot;_blank&quot;&gt;TEEC\/JE\/4\/2022 Y SU ACUMULADO TEEC\/JE\/5\/2022 (EXPEDIENTE FEDERAL: SUP-JE-189\/2022, SE DA POR NOTIFICADO ESTE \u00d3RGANO JURISDICCIONAL ELECTORAL LOCAL)&lt;\/a&gt;\" ><a href=\"https:\/\/teec.org.mx\/web\/wp-content\/uploads\/2022\/06\/TEEC-JE-4-2022-y-acum.-TEEC-JE-5-2022-16-06-2022.pdf\" target=\"_blank\">TEEC\/JE\/4\/2022 Y SU ACUMULADO TEEC\/JE\/5\/2022 (EXPEDIENTE FEDERAL: SUP-JE-189\/2022, SE DA POR NOTIFICADO ESTE \u00d3RGANO JURISDICCIONAL ELECTORAL LOCAL)<\/a><\/td><\/tr><tr style=\"height:px\" ><td data-cell-id=\"A139\" data-x=\"0\" data-y=\"139\" data-db-index=\"139\" class=\"fsize-18\" data-cell-type=\"text\" data-original-value=\"14 DE JUNIO DE 2022, A LAS 11:00 HORAS\" data-order=\"14 DE JUNIO DE 2022, A LAS 11:00 HORAS\" >14 DE JUNIO DE 2022, A LAS 11:00 HORAS <\/td><td data-cell-id=\"B139\" data-x=\"1\" data-y=\"139\" data-db-index=\"139\" class=\"fsize-18\" data-cell-type=\"text\" data-original-value=\"INSTITUTO ELECTORAL DEL ESTADO DE CAMPECHE\" data-order=\"INSTITUTO ELECTORAL DEL ESTADO DE CAMPECHE\" >INSTITUTO ELECTORAL DEL ESTADO DE CAMPECHE <\/td><td data-cell-id=\"C139\" data-x=\"2\" data-y=\"139\" data-db-index=\"139\" class=\"fsize-18\" data-cell-type=\"text\" data-original-value=\"TRIBUNAL ELECTORALDEL ESTADO DE CAMPECHE\" data-order=\"TRIBUNAL ELECTORALDEL ESTADO DE CAMPECHE\" >TRIBUNAL ELECTORALDEL ESTADO DE CAMPECHE <\/td><td data-cell-id=\"D139\" data-x=\"3\" data-y=\"139\" data-db-index=\"139\" class=\"fsize-18\" data-cell-type=\"text\" data-original-value=\"&lt;a href=&quot;https:\/\/teec.org.mx\/web\/wp-content\/uploads\/2022\/06\/TEEC-JE-4-2022-y-acum.-TEEC-JE-5-2022-14-06-2022.pdf&quot; target=&quot;_blank&quot;&gt;TEEC\/JE\/4\/2022 Y SU ACUMULADO TEEC\/JE\/5\/2022 (EXPEDIENTE FEDERAL: SUP-JRC-58\/2022, SE DA POR NOTIFICADO ESTE \u00d3RGANO JURISDICCIONAL ELECTORAL LOCAL)&lt;\/a&gt;\" data-order=\"&lt;a href=&quot;https:\/\/teec.org.mx\/web\/wp-content\/uploads\/2022\/06\/TEEC-JE-4-2022-y-acum.-TEEC-JE-5-2022-14-06-2022.pdf&quot; target=&quot;_blank&quot;&gt;TEEC\/JE\/4\/2022 Y SU ACUMULADO TEEC\/JE\/5\/2022 (EXPEDIENTE FEDERAL: SUP-JRC-58\/2022, SE DA POR NOTIFICADO ESTE \u00d3RGANO JURISDICCIONAL ELECTORAL LOCAL)&lt;\/a&gt;\" ><a href=\"https:\/\/teec.org.mx\/web\/wp-content\/uploads\/2022\/06\/TEEC-JE-4-2022-y-acum.-TEEC-JE-5-2022-14-06-2022.pdf\" target=\"_blank\">TEEC\/JE\/4\/2022 Y SU ACUMULADO TEEC\/JE\/5\/2022 (EXPEDIENTE FEDERAL: SUP-JRC-58\/2022, SE DA POR NOTIFICADO ESTE \u00d3RGANO JURISDICCIONAL ELECTORAL LOCAL)<\/a><\/td><\/tr><tr style=\"height:px\" ><td data-cell-id=\"A140\" data-x=\"0\" data-y=\"140\" data-db-index=\"140\" class=\"fsize-18\" data-cell-type=\"text\" data-original-value=\"13 DE JUNIO DE 2022, A LAS 12:30 HORAS\" data-order=\"13 DE JUNIO DE 2022, A LAS 12:30 HORAS\" >13 DE JUNIO DE 2022, A LAS 12:30 HORAS <\/td><td data-cell-id=\"B140\" data-x=\"1\" data-y=\"140\" data-db-index=\"140\" class=\"fsize-18\" data-cell-type=\"text\" data-original-value=\"JUAN CARLOS MENA ZAPATA Y OTROS\" data-order=\"JUAN CARLOS MENA ZAPATA Y OTROS\" >JUAN CARLOS MENA ZAPATA Y OTROS <\/td><td data-cell-id=\"C140\" data-x=\"2\" data-y=\"140\" data-db-index=\"140\" class=\"fsize-18\" data-cell-type=\"text\" data-original-value=\"INSTITUTO ELECTORAL DEL ESTADO DE CAMPECHE\" data-order=\"INSTITUTO ELECTORAL DEL ESTADO DE CAMPECHE\" >INSTITUTO ELECTORAL DEL ESTADO DE CAMPECHE <\/td><td data-cell-id=\"D140\" data-x=\"3\" data-y=\"140\" data-db-index=\"140\" class=\"fsize-18\" data-cell-type=\"text\" data-original-value=\"&lt;a href=&quot;https:\/\/teec.org.mx\/web\/wp-content\/uploads\/2022\/06\/TEEC-JE-7-2022-13-06-2022.pdf&quot; target=&quot;_blank&quot;&gt;TEEC\/JE\/7\/2022 (ACUERDO DE RECEPCI\u00d3N)&lt;\/a&gt;\" data-order=\"&lt;a href=&quot;https:\/\/teec.org.mx\/web\/wp-content\/uploads\/2022\/06\/TEEC-JE-7-2022-13-06-2022.pdf&quot; target=&quot;_blank&quot;&gt;TEEC\/JE\/7\/2022 (ACUERDO DE RECEPCI\u00d3N)&lt;\/a&gt;\" ><a href=\"https:\/\/teec.org.mx\/web\/wp-content\/uploads\/2022\/06\/TEEC-JE-7-2022-13-06-2022.pdf\" target=\"_blank\">TEEC\/JE\/7\/2022 (ACUERDO DE RECEPCI\u00d3N)<\/a><\/td><\/tr><tr style=\"height:px\" ><td data-cell-id=\"A141\" data-x=\"0\" data-y=\"141\" data-db-index=\"141\" class=\"fsize-18\" data-cell-type=\"text\" data-original-value=\"10 DE JUNIO DE 2022, A LAS 12:30 HORAS\" data-order=\"10 DE JUNIO DE 2022, A LAS 12:30 HORAS\" >10 DE JUNIO DE 2022, A LAS 12:30 HORAS <\/td><td data-cell-id=\"B141\" data-x=\"1\" data-y=\"141\" data-db-index=\"141\" class=\"fsize-18\" data-cell-type=\"text\" data-original-value=\"INSTITUTO ELECTORAL DEL ESTADO DE CAMPECHE\" data-order=\"INSTITUTO ELECTORAL DEL ESTADO DE CAMPECHE\" >INSTITUTO ELECTORAL DEL ESTADO DE CAMPECHE <\/td><td data-cell-id=\"C141\" data-x=\"2\" data-y=\"141\" data-db-index=\"141\" class=\"fsize-18\" data-cell-type=\"text\" data-original-value=\"SECRETAR\u00cdA DE ADMINISTRACI\u00d3N Y FINANZAS DEL ESTADO DE CAMPECHE\" data-order=\"SECRETAR\u00cdA DE ADMINISTRACI\u00d3N Y FINANZAS DEL ESTADO DE CAMPECHE\" >SECRETAR\u00cdA DE ADMINISTRACI\u00d3N Y FINANZAS DEL ESTADO DE CAMPECHE <\/td><td data-cell-id=\"D141\" data-x=\"3\" data-y=\"141\" data-db-index=\"141\" class=\"fsize-18\" data-cell-type=\"text\" data-original-value=\"&lt;a href=&quot;https:\/\/teec.org.mx\/web\/wp-content\/uploads\/2022\/06\/TEEC-JE-6-2022-sentencia-10-06-2022.pdf&quot; target=&quot;_blank&quot;&gt;TEEC\/JE\/6\/2022 (SE DICT\u00d3 SENTENCIA)&lt;\/a&gt;\" data-order=\"&lt;a href=&quot;https:\/\/teec.org.mx\/web\/wp-content\/uploads\/2022\/06\/TEEC-JE-6-2022-sentencia-10-06-2022.pdf&quot; target=&quot;_blank&quot;&gt;TEEC\/JE\/6\/2022 (SE DICT\u00d3 SENTENCIA)&lt;\/a&gt;\" ><a href=\"https:\/\/teec.org.mx\/web\/wp-content\/uploads\/2022\/06\/TEEC-JE-6-2022-sentencia-10-06-2022.pdf\" target=\"_blank\">TEEC\/JE\/6\/2022 (SE DICT\u00d3 SENTENCIA)<\/a><\/td><\/tr><tr style=\"height:px\" ><td data-cell-id=\"A142\" data-x=\"0\" data-y=\"142\" data-db-index=\"142\" class=\"fsize-18\" data-cell-type=\"text\" data-original-value=\"10 DE JUNIO DE 2022, A LAS 12:30 HORAS\" data-order=\"10 DE JUNIO DE 2022, A LAS 12:30 HORAS\" >10 DE JUNIO DE 2022, A LAS 12:30 HORAS <\/td><td data-cell-id=\"B142\" data-x=\"1\" data-y=\"142\" data-db-index=\"142\" class=\"fsize-18\" data-cell-type=\"text\" data-original-value=\"JUAN CARLOS MENA ZAPATA Y OTROS\" data-order=\"JUAN CARLOS MENA ZAPATA Y OTROS\" >JUAN CARLOS MENA ZAPATA Y OTROS <\/td><td data-cell-id=\"C142\" data-x=\"2\" data-y=\"142\" data-db-index=\"142\" class=\"fsize-18\" data-cell-type=\"text\" data-original-value=\"JUNTA GENERAL EJECUTIVA DEL INSTITUTO ELECTORAL DEL ESTADO DE CAMPECHE\" data-order=\"JUNTA GENERAL EJECUTIVA DEL INSTITUTO ELECTORAL DEL ESTADO DE CAMPECHE\" >JUNTA GENERAL EJECUTIVA DEL INSTITUTO ELECTORAL DEL ESTADO DE CAMPECHE <\/td><td data-cell-id=\"D142\" data-x=\"3\" data-y=\"142\" data-db-index=\"142\" class=\"fsize-18\" data-cell-type=\"text\" data-original-value=\"&lt;a href=&quot;https:\/\/teec.org.mx\/web\/wp-content\/uploads\/2022\/06\/TEEC-JE-7-2022-09-06-2022.pdf&quot; target=&quot;_blank&quot;&gt;TEEC\/JE\/7\/2022 (ACUERDO DE TURNO DE DOCUMENTACI\u00d3N)&lt;\/a&gt;\" data-order=\"&lt;a href=&quot;https:\/\/teec.org.mx\/web\/wp-content\/uploads\/2022\/06\/TEEC-JE-7-2022-09-06-2022.pdf&quot; target=&quot;_blank&quot;&gt;TEEC\/JE\/7\/2022 (ACUERDO DE TURNO DE DOCUMENTACI\u00d3N)&lt;\/a&gt;\" ><a href=\"https:\/\/teec.org.mx\/web\/wp-content\/uploads\/2022\/06\/TEEC-JE-7-2022-09-06-2022.pdf\" target=\"_blank\">TEEC\/JE\/7\/2022 (ACUERDO DE TURNO DE DOCUMENTACI\u00d3N)<\/a><\/td><\/tr><tr style=\"height:px\" ><td data-cell-id=\"A143\" data-x=\"0\" data-y=\"143\" data-db-index=\"143\" class=\"fsize-18\" data-cell-type=\"text\" data-original-value=\"08 DE JUNIO DE 2022, A LAS 14:30 HORAS\" data-order=\"08 DE JUNIO DE 2022, A LAS 14:30 HORAS\" >08 DE JUNIO DE 2022, A LAS 14:30 HORAS <\/td><td data-cell-id=\"B143\" data-x=\"1\" data-y=\"143\" data-db-index=\"143\" class=\"fsize-18\" data-cell-type=\"text\" data-original-value=\"INSTITUTO ELECTORAL DEL ESTADO DE CAMPECHE\" data-order=\"INSTITUTO ELECTORAL DEL ESTADO DE CAMPECHE\" >INSTITUTO ELECTORAL DEL ESTADO DE CAMPECHE <\/td><td data-cell-id=\"C143\" data-x=\"2\" data-y=\"143\" data-db-index=\"143\" class=\"fsize-18\" data-cell-type=\"text\" data-original-value=\"SECRETAR\u00cdA DE ADMINISTRACI\u00d3N Y FINANZAS DEL ESTADO DE CAMPECHE\" data-order=\"SECRETAR\u00cdA DE ADMINISTRACI\u00d3N Y FINANZAS DEL ESTADO DE CAMPECHE\" >SECRETAR\u00cdA DE ADMINISTRACI\u00d3N Y FINANZAS DEL ESTADO DE CAMPECHE <\/td><td data-cell-id=\"D143\" data-x=\"3\" data-y=\"143\" data-db-index=\"143\" class=\"fsize-18\" data-cell-type=\"text\" data-original-value=\"&lt;a href=&quot;https:\/\/teec.org.mx\/web\/wp-content\/uploads\/2022\/06\/TEEC-JE-6-2022-2do-acu.-08-06-2022.pdf&quot; target=&quot;_blank&quot;&gt;TEEC\/JE\/6\/2022 (SE FIJA FECHA Y HORA PARA SESI\u00d3N PUBLICA)&lt;\/a&gt;\" data-order=\"&lt;a href=&quot;https:\/\/teec.org.mx\/web\/wp-content\/uploads\/2022\/06\/TEEC-JE-6-2022-2do-acu.-08-06-2022.pdf&quot; target=&quot;_blank&quot;&gt;TEEC\/JE\/6\/2022 (SE FIJA FECHA Y HORA PARA SESI\u00d3N PUBLICA)&lt;\/a&gt;\" ><a href=\"https:\/\/teec.org.mx\/web\/wp-content\/uploads\/2022\/06\/TEEC-JE-6-2022-2do-acu.-08-06-2022.pdf\" target=\"_blank\">TEEC\/JE\/6\/2022 (SE FIJA FECHA Y HORA PARA SESI\u00d3N PUBLICA)<\/a><\/td><\/tr><tr style=\"height:px\" ><td data-cell-id=\"A144\" data-x=\"0\" data-y=\"144\" data-db-index=\"144\" class=\"fsize-18\" data-cell-type=\"text\" data-original-value=\"08 DE JUNIO DE 2022, A LAS 14:00 HORAS\" data-order=\"08 DE JUNIO DE 2022, A LAS 14:00 HORAS\" >08 DE JUNIO DE 2022, A LAS 14:00 HORAS <\/td><td data-cell-id=\"B144\" data-x=\"1\" data-y=\"144\" data-db-index=\"144\" class=\"fsize-18\" data-cell-type=\"text\" data-original-value=\"JUAN CARLOS MENA ZAPATA Y OTROS\" data-order=\"JUAN CARLOS MENA ZAPATA Y OTROS\" >JUAN CARLOS MENA ZAPATA Y OTROS <\/td><td data-cell-id=\"C144\" data-x=\"2\" data-y=\"144\" data-db-index=\"144\" class=\"fsize-18\" data-cell-type=\"text\" data-original-value=\"JUNTA GENERAL EJECUTIVA DEL INSTITUTO ELECTORAL DEL ESTADO DE CAMPECHE\" data-order=\"JUNTA GENERAL EJECUTIVA DEL INSTITUTO ELECTORAL DEL ESTADO DE CAMPECHE\" >JUNTA GENERAL EJECUTIVA DEL INSTITUTO ELECTORAL DEL ESTADO DE CAMPECHE <\/td><td data-cell-id=\"D144\" data-x=\"3\" data-y=\"144\" data-db-index=\"144\" class=\"fsize-18\" data-cell-type=\"text\" data-original-value=\"&lt;a href=&quot;https:\/\/teec.org.mx\/web\/wp-content\/uploads\/2022\/06\/TEEC-JE-7-2022-08-06-2022.pdf&quot; target=&quot;_blank&quot;&gt;TEEC\/JE\/7\/2022 (ACUERDO DE TURNO)&lt;\/a&gt;\" data-order=\"&lt;a href=&quot;https:\/\/teec.org.mx\/web\/wp-content\/uploads\/2022\/06\/TEEC-JE-7-2022-08-06-2022.pdf&quot; target=&quot;_blank&quot;&gt;TEEC\/JE\/7\/2022 (ACUERDO DE TURNO)&lt;\/a&gt;\" ><a href=\"https:\/\/teec.org.mx\/web\/wp-content\/uploads\/2022\/06\/TEEC-JE-7-2022-08-06-2022.pdf\" target=\"_blank\">TEEC\/JE\/7\/2022 (ACUERDO DE TURNO)<\/a><\/td><\/tr><tr style=\"height:px\" ><td data-cell-id=\"A145\" data-x=\"0\" data-y=\"145\" data-db-index=\"145\" class=\"fsize-18\" data-cell-type=\"text\" data-original-value=\"08 DE JUNIO DE 2022, A LAS 12:50 HORAS\" data-order=\"08 DE JUNIO DE 2022, A LAS 12:50 HORAS\" >08 DE JUNIO DE 2022, A LAS 12:50 HORAS <\/td><td data-cell-id=\"B145\" data-x=\"1\" data-y=\"145\" data-db-index=\"145\" class=\"fsize-18\" data-cell-type=\"text\" data-original-value=\"INSTITUTO ELECTORAL DEL ESTADO DE CAMPECHE\" data-order=\"INSTITUTO ELECTORAL DEL ESTADO DE CAMPECHE\" >INSTITUTO ELECTORAL DEL ESTADO DE CAMPECHE <\/td><td data-cell-id=\"C145\" data-x=\"2\" data-y=\"145\" data-db-index=\"145\" class=\"fsize-18\" data-cell-type=\"text\" data-original-value=\"SECRETAR\u00cdA DE ADMINISTRACI\u00d3N Y FINANZAS DEL ESTADO DE CAMPECHE\" data-order=\"SECRETAR\u00cdA DE ADMINISTRACI\u00d3N Y FINANZAS DEL ESTADO DE CAMPECHE\" >SECRETAR\u00cdA DE ADMINISTRACI\u00d3N Y FINANZAS DEL ESTADO DE CAMPECHE <\/td><td data-cell-id=\"D145\" data-x=\"3\" data-y=\"145\" data-db-index=\"145\" class=\"fsize-18\" data-cell-type=\"text\" data-original-value=\"&lt;a href=&quot;https:\/\/teec.org.mx\/web\/wp-content\/uploads\/2022\/06\/TEEC-JE-6-2022-1er-acu.-08-06-2022.pdf&quot; target=&quot;_blank&quot;&gt;TEEC\/JE\/6\/2022 (ACUERDO DE CIERRE DE INSTRUCCI\u00d3N Y SOLICITUD DE FECHA Y HORA DE SESI\u00d3N)&lt;\/a&gt;\" data-order=\"&lt;a href=&quot;https:\/\/teec.org.mx\/web\/wp-content\/uploads\/2022\/06\/TEEC-JE-6-2022-1er-acu.-08-06-2022.pdf&quot; target=&quot;_blank&quot;&gt;TEEC\/JE\/6\/2022 (ACUERDO DE CIERRE DE INSTRUCCI\u00d3N Y SOLICITUD DE FECHA Y HORA DE SESI\u00d3N)&lt;\/a&gt;\" ><a href=\"https:\/\/teec.org.mx\/web\/wp-content\/uploads\/2022\/06\/TEEC-JE-6-2022-1er-acu.-08-06-2022.pdf\" target=\"_blank\">TEEC\/JE\/6\/2022 (ACUERDO DE CIERRE DE INSTRUCCI\u00d3N Y SOLICITUD DE FECHA Y HORA DE SESI\u00d3N)<\/a><\/td><\/tr><tr style=\"height:px\" ><td data-cell-id=\"A146\" data-x=\"0\" data-y=\"146\" data-db-index=\"146\" class=\"fsize-18\" data-cell-type=\"text\" data-original-value=\"06 DE JUNIO DE 2022, A LAS 16:15 HORAS\" data-order=\"06 DE JUNIO DE 2022, A LAS 16:15 HORAS\" >06 DE JUNIO DE 2022, A LAS 16:15 HORAS <\/td><td data-cell-id=\"B146\" data-x=\"1\" data-y=\"146\" data-db-index=\"146\" class=\"fsize-18\" data-cell-type=\"text\" data-original-value=\"INSTITUTO ELECTORAL DEL ESTADO DE CAMPECHE\" data-order=\"INSTITUTO ELECTORAL DEL ESTADO DE CAMPECHE\" >INSTITUTO ELECTORAL DEL ESTADO DE CAMPECHE <\/td><td data-cell-id=\"C146\" data-x=\"2\" data-y=\"146\" data-db-index=\"146\" class=\"fsize-18\" data-cell-type=\"text\" data-original-value=\"TRIBUNAL ELECTORALDEL ESTADO DE CAMPECHE\" data-order=\"TRIBUNAL ELECTORALDEL ESTADO DE CAMPECHE\" >TRIBUNAL ELECTORALDEL ESTADO DE CAMPECHE <\/td><td data-cell-id=\"D146\" data-x=\"3\" data-y=\"146\" data-db-index=\"146\" class=\"fsize-18\" data-cell-type=\"text\" data-original-value=\"&lt;a href=&quot;https:\/\/teec.org.mx\/web\/wp-content\/uploads\/2022\/06\/TEEC-JE-4-2022-y-acum.-TEEC-JE-5-2022-2do-acu.-06-06-2022.pdf&quot; target=&quot;_blank&quot;&gt;TEEC\/JE\/4\/2022 Y SU ACUMULADO TEEC\/JE\/5\/2022 (CUADERNO DE ANTECEDENTES: SX-64\/2022, SE RETIRA CEDULA DE PUBLICITACI\u00d3N)&lt;\/a&gt;\" data-order=\"&lt;a href=&quot;https:\/\/teec.org.mx\/web\/wp-content\/uploads\/2022\/06\/TEEC-JE-4-2022-y-acum.-TEEC-JE-5-2022-2do-acu.-06-06-2022.pdf&quot; target=&quot;_blank&quot;&gt;TEEC\/JE\/4\/2022 Y SU ACUMULADO TEEC\/JE\/5\/2022 (CUADERNO DE ANTECEDENTES: SX-64\/2022, SE RETIRA CEDULA DE PUBLICITACI\u00d3N)&lt;\/a&gt;\" ><a href=\"https:\/\/teec.org.mx\/web\/wp-content\/uploads\/2022\/06\/TEEC-JE-4-2022-y-acum.-TEEC-JE-5-2022-2do-acu.-06-06-2022.pdf\" target=\"_blank\">TEEC\/JE\/4\/2022 Y SU ACUMULADO TEEC\/JE\/5\/2022 (CUADERNO DE ANTECEDENTES: SX-64\/2022, SE RETIRA CEDULA DE PUBLICITACI\u00d3N)<\/a><\/td><\/tr><tr style=\"height:px\" ><td data-cell-id=\"A147\" data-x=\"0\" data-y=\"147\" data-db-index=\"147\" class=\"fsize-18\" data-cell-type=\"text\" data-original-value=\"06 DE JUNIO DE 2022, A LAS 11:30 HORAS\" data-order=\"06 DE JUNIO DE 2022, A LAS 11:30 HORAS\" >06 DE JUNIO DE 2022, A LAS 11:30 HORAS <\/td><td data-cell-id=\"B147\" data-x=\"1\" data-y=\"147\" data-db-index=\"147\" class=\"fsize-18\" data-cell-type=\"text\" data-original-value=\"INSTITUTO ELECTORAL DEL ESTADO DE CAMPECHE\" data-order=\"INSTITUTO ELECTORAL DEL ESTADO DE CAMPECHE\" >INSTITUTO ELECTORAL DEL ESTADO DE CAMPECHE <\/td><td data-cell-id=\"C147\" data-x=\"2\" data-y=\"147\" data-db-index=\"147\" class=\"fsize-18\" data-cell-type=\"text\" data-original-value=\"TRIBUNAL ELECTORALDEL ESTADO DE CAMPECHE\" data-order=\"TRIBUNAL ELECTORALDEL ESTADO DE CAMPECHE\" >TRIBUNAL ELECTORALDEL ESTADO DE CAMPECHE <\/td><td data-cell-id=\"D147\" data-x=\"3\" data-y=\"147\" data-db-index=\"147\" class=\"fsize-18\" data-cell-type=\"text\" data-original-value=\"&lt;a href=&quot;https:\/\/teec.org.mx\/web\/wp-content\/uploads\/2022\/06\/TEEC-JE-4-2022-y-acum.-TEEC-JE-5-2022-06-06-2022.pdf&quot; target=&quot;_blank&quot;&gt;TEEC\/JE\/4\/2022 Y SU ACUMULADO TEEC\/JE\/5\/2022 (CUADERNO DE ANTECEDENTES: SX-64\/2022, SE DA POR NOTIFICADO ESTE \u00d3RGANO JURISDICCIONAL)&lt;\/a&gt;\" data-order=\"&lt;a href=&quot;https:\/\/teec.org.mx\/web\/wp-content\/uploads\/2022\/06\/TEEC-JE-4-2022-y-acum.-TEEC-JE-5-2022-06-06-2022.pdf&quot; target=&quot;_blank&quot;&gt;TEEC\/JE\/4\/2022 Y SU ACUMULADO TEEC\/JE\/5\/2022 (CUADERNO DE ANTECEDENTES: SX-64\/2022, SE DA POR NOTIFICADO ESTE \u00d3RGANO JURISDICCIONAL)&lt;\/a&gt;\" ><a href=\"https:\/\/teec.org.mx\/web\/wp-content\/uploads\/2022\/06\/TEEC-JE-4-2022-y-acum.-TEEC-JE-5-2022-06-06-2022.pdf\" target=\"_blank\">TEEC\/JE\/4\/2022 Y SU ACUMULADO TEEC\/JE\/5\/2022 (CUADERNO DE ANTECEDENTES: SX-64\/2022, SE DA POR NOTIFICADO ESTE \u00d3RGANO JURISDICCIONAL)<\/a><\/td><\/tr><tr style=\"height:px\" ><td data-cell-id=\"A148\" data-x=\"0\" data-y=\"148\" data-db-index=\"148\" class=\"fsize-18\" data-cell-type=\"text\" data-original-value=\"01 DE JUNIO DE 2022, A LAS 15:45 HORAS\" data-order=\"01 DE JUNIO DE 2022, A LAS 15:45 HORAS\" >01 DE JUNIO DE 2022, A LAS 15:45 HORAS <\/td><td data-cell-id=\"B148\" data-x=\"1\" data-y=\"148\" data-db-index=\"148\" class=\"fsize-18\" data-cell-type=\"text\" data-original-value=\"INSTITUTO ELECTORAL DEL ESTADO DE CAMPECHE\" data-order=\"INSTITUTO ELECTORAL DEL ESTADO DE CAMPECHE\" >INSTITUTO ELECTORAL DEL ESTADO DE CAMPECHE <\/td><td data-cell-id=\"C148\" data-x=\"2\" data-y=\"148\" data-db-index=\"148\" class=\"fsize-18\" data-cell-type=\"text\" data-original-value=\"TRIBUNAL ELECTORALDEL ESTADO DE CAMPECHE\" data-order=\"TRIBUNAL ELECTORALDEL ESTADO DE CAMPECHE\" >TRIBUNAL ELECTORALDEL ESTADO DE CAMPECHE <\/td><td data-cell-id=\"D148\" data-x=\"3\" data-y=\"148\" data-db-index=\"148\" class=\"fsize-18\" data-cell-type=\"text\" data-original-value=\"&lt;a href=&quot;https:\/\/teec.org.mx\/web\/wp-content\/uploads\/2022\/06\/TEEC-JE-4-2022-y-acum.-TEEC-JE-5-2022-01-06-2022.pdf&quot; target=&quot;_blank&quot;&gt;TEEC\/JE\/4\/2022 Y SU ACUMULADO TEEC\/JE\/5\/2022 (ACUERDO DE TRAMITE DE MEDIO DE IMPUGNACI\u00d3N)&lt;\/a&gt;\" data-order=\"&lt;a href=&quot;https:\/\/teec.org.mx\/web\/wp-content\/uploads\/2022\/06\/TEEC-JE-4-2022-y-acum.-TEEC-JE-5-2022-01-06-2022.pdf&quot; target=&quot;_blank&quot;&gt;TEEC\/JE\/4\/2022 Y SU ACUMULADO TEEC\/JE\/5\/2022 (ACUERDO DE TRAMITE DE MEDIO DE IMPUGNACI\u00d3N)&lt;\/a&gt;\" ><a href=\"https:\/\/teec.org.mx\/web\/wp-content\/uploads\/2022\/06\/TEEC-JE-4-2022-y-acum.-TEEC-JE-5-2022-01-06-2022.pdf\" target=\"_blank\">TEEC\/JE\/4\/2022 Y SU ACUMULADO TEEC\/JE\/5\/2022 (ACUERDO DE TRAMITE DE MEDIO DE IMPUGNACI\u00d3N)<\/a><\/td><\/tr><tr style=\"height:px\" ><td data-cell-id=\"A149\" data-x=\"0\" data-y=\"149\" data-db-index=\"149\" class=\"fsize-18\" data-cell-type=\"text\" data-original-value=\"31 DE MAYO DE 2022, A LAS 12:40 HORAS\" data-order=\"31 DE MAYO DE 2022, A LAS 12:40 HORAS\" >31 DE MAYO DE 2022, A LAS 12:40 HORAS <\/td><td data-cell-id=\"B149\" data-x=\"1\" data-y=\"149\" data-db-index=\"149\" class=\"fsize-18\" data-cell-type=\"text\" data-original-value=\"INSTITUTO ELECTORAL DEL ESTADO DE CAMPECHE\" data-order=\"INSTITUTO ELECTORAL DEL ESTADO DE CAMPECHE\" >INSTITUTO ELECTORAL DEL ESTADO DE CAMPECHE <\/td><td data-cell-id=\"C149\" data-x=\"2\" data-y=\"149\" data-db-index=\"149\" class=\"fsize-18\" data-cell-type=\"text\" data-original-value=\"SECRETAR\u00cdA DE ADMINISTRACI\u00d3N Y FINANZAS DEL ESTADO DE CAMPECHE\" data-order=\"SECRETAR\u00cdA DE ADMINISTRACI\u00d3N Y FINANZAS DEL ESTADO DE CAMPECHE\" >SECRETAR\u00cdA DE ADMINISTRACI\u00d3N Y FINANZAS DEL ESTADO DE CAMPECHE <\/td><td data-cell-id=\"D149\" data-x=\"3\" data-y=\"149\" data-db-index=\"149\" class=\"fsize-18\" data-cell-type=\"text\" data-original-value=\"&lt;a href=&quot;https:\/\/teec.org.mx\/web\/wp-content\/uploads\/2022\/05\/TEEC-JE-6-2022-2do-acu.-31-05-2022.pdf&quot; target=&quot;_blank&quot;&gt;TEEC\/JE\/6\/2022 (ACUERDO DE ACUMULACI\u00d3N)&lt;\/a&gt;\" data-order=\"&lt;a href=&quot;https:\/\/teec.org.mx\/web\/wp-content\/uploads\/2022\/05\/TEEC-JE-6-2022-2do-acu.-31-05-2022.pdf&quot; target=&quot;_blank&quot;&gt;TEEC\/JE\/6\/2022 (ACUERDO DE ACUMULACI\u00d3N)&lt;\/a&gt;\" ><a href=\"https:\/\/teec.org.mx\/web\/wp-content\/uploads\/2022\/05\/TEEC-JE-6-2022-2do-acu.-31-05-2022.pdf\" target=\"_blank\">TEEC\/JE\/6\/2022 (ACUERDO DE ACUMULACI\u00d3N)<\/a><\/td><\/tr><tr style=\"height:px\" ><td data-cell-id=\"A150\" data-x=\"0\" data-y=\"150\" data-db-index=\"150\" class=\"fsize-18\" data-cell-type=\"text\" data-original-value=\"31 DE MAYO DE 2022, A LAS 12:15 HORAS\" data-order=\"31 DE MAYO DE 2022, A LAS 12:15 HORAS\" >31 DE MAYO DE 2022, A LAS 12:15 HORAS <\/td><td data-cell-id=\"B150\" data-x=\"1\" data-y=\"150\" data-db-index=\"150\" class=\"fsize-18\" data-cell-type=\"text\" data-original-value=\"INSTITUTO ELECTORAL DEL ESTADO DE CAMPECHE\" data-order=\"INSTITUTO ELECTORAL DEL ESTADO DE CAMPECHE\" >INSTITUTO ELECTORAL DEL ESTADO DE CAMPECHE <\/td><td data-cell-id=\"C150\" data-x=\"2\" data-y=\"150\" data-db-index=\"150\" class=\"fsize-18\" data-cell-type=\"text\" data-original-value=\"SECRETAR\u00cdA DE ADMINISTRACI\u00d3N Y FINANZAS DE LA ADMINISTRACI\u00d3N DEL ESTADO DE CAMPECHE\" data-order=\"SECRETAR\u00cdA DE ADMINISTRACI\u00d3N Y FINANZAS DE LA ADMINISTRACI\u00d3N DEL ESTADO DE CAMPECHE\" >SECRETAR\u00cdA DE ADMINISTRACI\u00d3N Y FINANZAS DE LA ADMINISTRACI\u00d3N DEL ESTADO DE CAMPECHE <\/td><td data-cell-id=\"D150\" data-x=\"3\" data-y=\"150\" data-db-index=\"150\" class=\"fsize-18\" data-cell-type=\"text\" data-original-value=\"&lt;a href=&quot;https:\/\/teec.org.mx\/web\/wp-content\/uploads\/2022\/05\/TEEC-JE-4-2022-y-acum.-TEEC-JE-5-2022-31-05-2022.pdf&quot; target=&quot;_blank&quot;&gt;TEEC\/JE\/4\/2022 Y SU ACUMULADO TEEC\/JE\/5\/2022 (ACUERDO DE CUMPLIMIENTO)&lt;\/a&gt;\" data-order=\"&lt;a href=&quot;https:\/\/teec.org.mx\/web\/wp-content\/uploads\/2022\/05\/TEEC-JE-4-2022-y-acum.-TEEC-JE-5-2022-31-05-2022.pdf&quot; target=&quot;_blank&quot;&gt;TEEC\/JE\/4\/2022 Y SU ACUMULADO TEEC\/JE\/5\/2022 (ACUERDO DE CUMPLIMIENTO)&lt;\/a&gt;\" ><a href=\"https:\/\/teec.org.mx\/web\/wp-content\/uploads\/2022\/05\/TEEC-JE-4-2022-y-acum.-TEEC-JE-5-2022-31-05-2022.pdf\" target=\"_blank\">TEEC\/JE\/4\/2022 Y SU ACUMULADO TEEC\/JE\/5\/2022 (ACUERDO DE CUMPLIMIENTO)<\/a><\/td><\/tr><tr style=\"height:px\" ><td data-cell-id=\"A151\" data-x=\"0\" data-y=\"151\" data-db-index=\"151\" class=\"fsize-18\" data-cell-type=\"text\" data-original-value=\"31 DE MAYO DE 2022, A LAS 11:30 HORAS\" data-order=\"31 DE MAYO DE 2022, A LAS 11:30 HORAS\" >31 DE MAYO DE 2022, A LAS 11:30 HORAS <\/td><td data-cell-id=\"B151\" data-x=\"1\" data-y=\"151\" data-db-index=\"151\" class=\"fsize-18\" data-cell-type=\"text\" data-original-value=\"INSTITUTO ELECTORAL DEL ESTADO DE CAMPECHE\" data-order=\"INSTITUTO ELECTORAL DEL ESTADO DE CAMPECHE\" >INSTITUTO ELECTORAL DEL ESTADO DE CAMPECHE <\/td><td data-cell-id=\"C151\" data-x=\"2\" data-y=\"151\" data-db-index=\"151\" class=\"fsize-18\" data-cell-type=\"text\" data-original-value=\"SECRETAR\u00cdA DE ADMINISTRACI\u00d3N Y FINANZAS DEL ESTADO DE CAMPECHE\" data-order=\"SECRETAR\u00cdA DE ADMINISTRACI\u00d3N Y FINANZAS DEL ESTADO DE CAMPECHE\" >SECRETAR\u00cdA DE ADMINISTRACI\u00d3N Y FINANZAS DEL ESTADO DE CAMPECHE <\/td><td data-cell-id=\"D151\" data-x=\"3\" data-y=\"151\" data-db-index=\"151\" class=\"fsize-18\" data-cell-type=\"text\" data-original-value=\"&lt;a href=&quot;https:\/\/teec.org.mx\/web\/wp-content\/uploads\/2022\/05\/TEEC-JE-6-2022-31-05-2022.pdf&quot; target=&quot;_blank&quot;&gt;TEEC\/JE\/6\/2022 (TURNO DE DOCUMENTACI\u00d3N)&lt;\/a&gt;\" data-order=\"&lt;a href=&quot;https:\/\/teec.org.mx\/web\/wp-content\/uploads\/2022\/05\/TEEC-JE-6-2022-31-05-2022.pdf&quot; target=&quot;_blank&quot;&gt;TEEC\/JE\/6\/2022 (TURNO DE DOCUMENTACI\u00d3N)&lt;\/a&gt;\" ><a href=\"https:\/\/teec.org.mx\/web\/wp-content\/uploads\/2022\/05\/TEEC-JE-6-2022-31-05-2022.pdf\" target=\"_blank\">TEEC\/JE\/6\/2022 (TURNO DE DOCUMENTACI\u00d3N)<\/a><\/td><\/tr><tr style=\"height:px\" ><td data-cell-id=\"A152\" data-x=\"0\" data-y=\"152\" data-db-index=\"152\" class=\"fsize-18\" data-cell-type=\"text\" data-original-value=\"30 DE MAYO DE 2022, A LAS 12:30 HORAS.\" data-order=\"30 DE MAYO DE 2022, A LAS 12:30 HORAS.\" >30 DE MAYO DE 2022, A LAS 12:30 HORAS. <\/td><td data-cell-id=\"B152\" data-x=\"1\" data-y=\"152\" data-db-index=\"152\" class=\"fsize-18\" data-cell-type=\"text\" data-original-value=\"INSTITUTO ELECTORAL DEL ESTADO DE CAMPECHE\" data-order=\"INSTITUTO ELECTORAL DEL ESTADO DE CAMPECHE\" >INSTITUTO ELECTORAL DEL ESTADO DE CAMPECHE <\/td><td data-cell-id=\"C152\" data-x=\"2\" data-y=\"152\" data-db-index=\"152\" class=\"fsize-18\" data-cell-type=\"text\" data-original-value=\"SECRETAR\u00cdA DE ADMINISTRACI\u00d3N Y FINANZAS DE LA ADMINISTRACI\u00d3N DEL ESTADO DE CAMPECHE\" data-order=\"SECRETAR\u00cdA DE ADMINISTRACI\u00d3N Y FINANZAS DE LA ADMINISTRACI\u00d3N DEL ESTADO DE CAMPECHE\" >SECRETAR\u00cdA DE ADMINISTRACI\u00d3N Y FINANZAS DE LA ADMINISTRACI\u00d3N DEL ESTADO DE CAMPECHE <\/td><td data-cell-id=\"D152\" data-x=\"3\" data-y=\"152\" data-db-index=\"152\" class=\"fsize-18\" data-cell-type=\"text\" data-original-value=\"&lt;a href=&quot;https:\/\/teec.org.mx\/web\/wp-content\/uploads\/2022\/05\/TEEC-JE-4-2022-y-acum.-TEEC-JE-5-2022-30-05-2022.pdf&quot; target=&quot;_blank&quot;&gt;TEEC\/JE\/4\/2022 Y SU ACUMULADO TEEC\/JE\/5\/2022 (SE TURNA DOCUMENTACI\u00d3N)&lt;\/a&gt;\" data-order=\"&lt;a href=&quot;https:\/\/teec.org.mx\/web\/wp-content\/uploads\/2022\/05\/TEEC-JE-4-2022-y-acum.-TEEC-JE-5-2022-30-05-2022.pdf&quot; target=&quot;_blank&quot;&gt;TEEC\/JE\/4\/2022 Y SU ACUMULADO TEEC\/JE\/5\/2022 (SE TURNA DOCUMENTACI\u00d3N)&lt;\/a&gt;\" ><a href=\"https:\/\/teec.org.mx\/web\/wp-content\/uploads\/2022\/05\/TEEC-JE-4-2022-y-acum.-TEEC-JE-5-2022-30-05-2022.pdf\" target=\"_blank\">TEEC\/JE\/4\/2022 Y SU ACUMULADO TEEC\/JE\/5\/2022 (SE TURNA DOCUMENTACI\u00d3N)<\/a><\/td><\/tr><tr style=\"height:px\" ><td data-cell-id=\"A153\" data-x=\"0\" data-y=\"153\" data-db-index=\"153\" class=\"fsize-18\" data-cell-type=\"text\" data-original-value=\"27 DE MAYO DE 2022, A LAS 13:30 HORAS\" data-order=\"27 DE MAYO DE 2022, A LAS 13:30 HORAS\" >27 DE MAYO DE 2022, A LAS 13:30 HORAS <\/td><td data-cell-id=\"B153\" data-x=\"1\" data-y=\"153\" data-db-index=\"153\" class=\"fsize-18\" data-cell-type=\"text\" data-original-value=\"JOS\u00c9 DEL CARMEN SEGOVIA CRUZ, QUIEN SE OSTENTA COMO DIRIGENTE DEL PARTIDO DE LA REVOLUCI\u00d3N DEMOCR\u00c1TICA EN CAMPECHE\" data-order=\"JOS\u00c9 DEL CARMEN SEGOVIA CRUZ, QUIEN SE OSTENTA COMO DIRIGENTE DEL PARTIDO DE LA REVOLUCI\u00d3N DEMOCR\u00c1TICA EN CAMPECHE\" >JOS\u00c9 DEL CARMEN SEGOVIA CRUZ, QUIEN SE OSTENTA COMO DIRIGENTE DEL PARTIDO DE LA REVOLUCI\u00d3N DEMOCR\u00c1TICA EN CAMPECHE <\/td><td data-cell-id=\"C153\" data-x=\"2\" data-y=\"153\" data-db-index=\"153\" class=\"fsize-18\" data-cell-type=\"text\" data-original-value=\"INSTITUTO ELECTORAL DEL ESTADO DE CAMPECHE\" data-order=\"INSTITUTO ELECTORAL DEL ESTADO DE CAMPECHE\" >INSTITUTO ELECTORAL DEL ESTADO DE CAMPECHE <\/td><td data-cell-id=\"D153\" data-x=\"3\" data-y=\"153\" data-db-index=\"153\" class=\"fsize-18\" data-cell-type=\"text\" data-original-value=\"&lt;a href=&quot;https:\/\/teec.org.mx\/web\/wp-content\/uploads\/2022\/05\/TEEC-JE-1-2022-2do-acu.-27-05-2022.pdf&quot; target=&quot;_blank&quot;&gt;TEEC\/JE\/1\/2022 (ACUERDO DE ACUMULACI\u00d3N)&lt;\/a&gt;\" data-order=\"&lt;a href=&quot;https:\/\/teec.org.mx\/web\/wp-content\/uploads\/2022\/05\/TEEC-JE-1-2022-2do-acu.-27-05-2022.pdf&quot; target=&quot;_blank&quot;&gt;TEEC\/JE\/1\/2022 (ACUERDO DE ACUMULACI\u00d3N)&lt;\/a&gt;\" ><a href=\"https:\/\/teec.org.mx\/web\/wp-content\/uploads\/2022\/05\/TEEC-JE-1-2022-2do-acu.-27-05-2022.pdf\" target=\"_blank\">TEEC\/JE\/1\/2022 (ACUERDO DE ACUMULACI\u00d3N)<\/a><\/td><\/tr><tr style=\"height:px\" ><td data-cell-id=\"A154\" data-x=\"0\" data-y=\"154\" data-db-index=\"154\" class=\"fsize-18\" data-cell-type=\"text\" data-original-value=\"27 DE MAYO DE 2022, A LAS 11:20 HORAS\" data-order=\"27 DE MAYO DE 2022, A LAS 11:20 HORAS\" >27 DE MAYO DE 2022, A LAS 11:20 HORAS <\/td><td data-cell-id=\"B154\" data-x=\"1\" data-y=\"154\" data-db-index=\"154\" class=\"fsize-18\" data-cell-type=\"text\" data-original-value=\"JOS\u00c9 DEL CARMEN SEGOVIA CRUZ, QUIEN SE OSTENTA COMO DIRIGENTE DEL PARTIDO DE LA REVOLUCI\u00d3N DEMOCR\u00c1TICA EN CAMPECHE\" data-order=\"JOS\u00c9 DEL CARMEN SEGOVIA CRUZ, QUIEN SE OSTENTA COMO DIRIGENTE DEL PARTIDO DE LA REVOLUCI\u00d3N DEMOCR\u00c1TICA EN CAMPECHE\" >JOS\u00c9 DEL CARMEN SEGOVIA CRUZ, QUIEN SE OSTENTA COMO DIRIGENTE DEL PARTIDO DE LA REVOLUCI\u00d3N DEMOCR\u00c1TICA EN CAMPECHE <\/td><td data-cell-id=\"C154\" data-x=\"2\" data-y=\"154\" data-db-index=\"154\" class=\"fsize-18\" data-cell-type=\"text\" data-original-value=\"INSTITUTO ELECTORAL DEL ESTADO DE CAMPECHE\" data-order=\"INSTITUTO ELECTORAL DEL ESTADO DE CAMPECHE\" >INSTITUTO ELECTORAL DEL ESTADO DE CAMPECHE <\/td><td data-cell-id=\"D154\" data-x=\"3\" data-y=\"154\" data-db-index=\"154\" class=\"fsize-18\" data-cell-type=\"text\" data-original-value=\"&lt;a href=&quot;https:\/\/teec.org.mx\/web\/wp-content\/uploads\/2022\/05\/TEEC-JE-1-2022-27-05-2022.pdf&quot; target=&quot;_blank&quot;&gt;TEEC\/JE\/1\/2022 (ACUERDO DE TURNO DE DOCUMENTACI\u00d3N)&lt;\/a&gt;\" data-order=\"&lt;a href=&quot;https:\/\/teec.org.mx\/web\/wp-content\/uploads\/2022\/05\/TEEC-JE-1-2022-27-05-2022.pdf&quot; target=&quot;_blank&quot;&gt;TEEC\/JE\/1\/2022 (ACUERDO DE TURNO DE DOCUMENTACI\u00d3N)&lt;\/a&gt;\" ><a href=\"https:\/\/teec.org.mx\/web\/wp-content\/uploads\/2022\/05\/TEEC-JE-1-2022-27-05-2022.pdf\" target=\"_blank\">TEEC\/JE\/1\/2022 (ACUERDO DE TURNO DE DOCUMENTACI\u00d3N)<\/a><\/td><\/tr><tr style=\"height:px\" ><td data-cell-id=\"A155\" data-x=\"0\" data-y=\"155\" data-db-index=\"155\" class=\"fsize-18\" data-cell-type=\"text\" data-original-value=\"26 DE MAYO DE 2022, A LAS 11:45 HORAS\" data-order=\"26 DE MAYO DE 2022, A LAS 11:45 HORAS\" >26 DE MAYO DE 2022, A LAS 11:45 HORAS <\/td><td data-cell-id=\"B155\" data-x=\"1\" data-y=\"155\" data-db-index=\"155\" class=\"fsize-18\" data-cell-type=\"text\" data-original-value=\"INSTITUTO ELECTORAL DEL ESTADO DE CAMPECHE\" data-order=\"INSTITUTO ELECTORAL DEL ESTADO DE CAMPECHE\" >INSTITUTO ELECTORAL DEL ESTADO DE CAMPECHE <\/td><td data-cell-id=\"C155\" data-x=\"2\" data-y=\"155\" data-db-index=\"155\" class=\"fsize-18\" data-cell-type=\"text\" data-original-value=\"SECRETAR\u00cdA DE ADMINISTRACI\u00d3N Y FINANZAS DEL ESTADO DE CAMPECHE\" data-order=\"SECRETAR\u00cdA DE ADMINISTRACI\u00d3N Y FINANZAS DEL ESTADO DE CAMPECHE\" >SECRETAR\u00cdA DE ADMINISTRACI\u00d3N Y FINANZAS DEL ESTADO DE CAMPECHE <\/td><td data-cell-id=\"D155\" data-x=\"3\" data-y=\"155\" data-db-index=\"155\" class=\"fsize-18\" data-cell-type=\"text\" data-original-value=\"&lt;a href=&quot;https:\/\/teec.org.mx\/web\/wp-content\/uploads\/2022\/05\/TEEC-JE-4-2022-y-acum.-TEEC-JE-5-2022-sentencia-26-05-2022.pdf&quot; target=&quot;_blank&quot;&gt;TEEC\/JE\/4\/2022 y su acumulado TEEC\/JE\/5\/2022 (SE DICT\u00d3 SENTENCIA)&lt;\/a&gt;\" data-order=\"&lt;a href=&quot;https:\/\/teec.org.mx\/web\/wp-content\/uploads\/2022\/05\/TEEC-JE-4-2022-y-acum.-TEEC-JE-5-2022-sentencia-26-05-2022.pdf&quot; target=&quot;_blank&quot;&gt;TEEC\/JE\/4\/2022 y su acumulado TEEC\/JE\/5\/2022 (SE DICT\u00d3 SENTENCIA)&lt;\/a&gt;\" ><a href=\"https:\/\/teec.org.mx\/web\/wp-content\/uploads\/2022\/05\/TEEC-JE-4-2022-y-acum.-TEEC-JE-5-2022-sentencia-26-05-2022.pdf\" target=\"_blank\">TEEC\/JE\/4\/2022 y su acumulado TEEC\/JE\/5\/2022 (SE DICT\u00d3 SENTENCIA)<\/a><\/td><\/tr><tr style=\"height:px\" ><td data-cell-id=\"A156\" data-x=\"0\" data-y=\"156\" data-db-index=\"156\" class=\"fsize-18\" data-cell-type=\"text\" data-original-value=\"25 DE MAYO DE 2022, A LAS 12:20 HORAS\" data-order=\"25 DE MAYO DE 2022, A LAS 12:20 HORAS\" >25 DE MAYO DE 2022, A LAS 12:20 HORAS <\/td><td data-cell-id=\"B156\" data-x=\"1\" data-y=\"156\" data-db-index=\"156\" class=\"fsize-18\" data-cell-type=\"text\" data-original-value=\"INSTITUTO ELECTORAL DEL ESTADO DE CAMPECHE\" data-order=\"INSTITUTO ELECTORAL DEL ESTADO DE CAMPECHE\" >INSTITUTO ELECTORAL DEL ESTADO DE CAMPECHE <\/td><td data-cell-id=\"C156\" data-x=\"2\" data-y=\"156\" data-db-index=\"156\" class=\"fsize-18\" data-cell-type=\"text\" data-original-value=\"SECRETAR\u00cdA DE ADMINISTRACI\u00d3N Y FINANZAS DEL ESTADO DE CAMPECHE\" data-order=\"SECRETAR\u00cdA DE ADMINISTRACI\u00d3N Y FINANZAS DEL ESTADO DE CAMPECHE\" >SECRETAR\u00cdA DE ADMINISTRACI\u00d3N Y FINANZAS DEL ESTADO DE CAMPECHE <\/td><td data-cell-id=\"D156\" data-x=\"3\" data-y=\"156\" data-db-index=\"156\" class=\"fsize-18\" data-cell-type=\"text\" data-original-value=\"&lt;a href=&quot;https:\/\/teec.org.mx\/web\/wp-content\/uploads\/2022\/05\/TEEC-JE-6-2022-25-05-2022.pdf&quot; target=&quot;_blank&quot;&gt;TEEC\/JE\/6\/2022 (SE DECLARA FIRME EL ACUERDO PLENARIO)&lt;\/a&gt;\" data-order=\"&lt;a href=&quot;https:\/\/teec.org.mx\/web\/wp-content\/uploads\/2022\/05\/TEEC-JE-6-2022-25-05-2022.pdf&quot; target=&quot;_blank&quot;&gt;TEEC\/JE\/6\/2022 (SE DECLARA FIRME EL ACUERDO PLENARIO)&lt;\/a&gt;\" ><a href=\"https:\/\/teec.org.mx\/web\/wp-content\/uploads\/2022\/05\/TEEC-JE-6-2022-25-05-2022.pdf\" target=\"_blank\">TEEC\/JE\/6\/2022 (SE DECLARA FIRME EL ACUERDO PLENARIO)<\/a><\/td><\/tr><tr style=\"height:px\" ><td data-cell-id=\"A157\" data-x=\"0\" data-y=\"157\" data-db-index=\"157\" class=\"fsize-18\" data-cell-type=\"text\" data-original-value=\"25 DE MAYO DE 2022, A LAS 10:20 HORAS\" data-order=\"25 DE MAYO DE 2022, A LAS 10:20 HORAS\" >25 DE MAYO DE 2022, A LAS 10:20 HORAS <\/td><td data-cell-id=\"B157\" data-x=\"1\" data-y=\"157\" data-db-index=\"157\" class=\"fsize-18\" data-cell-type=\"text\" data-original-value=\"JOS\u00c9 DEL CARMEN SEGOVIA CRUZ, QUIEN SE OSTENTA COMO DIRIGENTE DEL PARTIDO DE LA REVOLUCI\u00d3N DEMOCR\u00c1TICA EN CAMPECHE\" data-order=\"JOS\u00c9 DEL CARMEN SEGOVIA CRUZ, QUIEN SE OSTENTA COMO DIRIGENTE DEL PARTIDO DE LA REVOLUCI\u00d3N DEMOCR\u00c1TICA EN CAMPECHE\" >JOS\u00c9 DEL CARMEN SEGOVIA CRUZ, QUIEN SE OSTENTA COMO DIRIGENTE DEL PARTIDO DE LA REVOLUCI\u00d3N DEMOCR\u00c1TICA EN CAMPECHE <\/td><td data-cell-id=\"C157\" data-x=\"2\" data-y=\"157\" data-db-index=\"157\" class=\"fsize-18\" data-cell-type=\"text\" data-original-value=\"INSTITUTO ELECTORAL DEL ESTADO DE CAMPECHE\" data-order=\"INSTITUTO ELECTORAL DEL ESTADO DE CAMPECHE\" >INSTITUTO ELECTORAL DEL ESTADO DE CAMPECHE <\/td><td data-cell-id=\"D157\" data-x=\"3\" data-y=\"157\" data-db-index=\"157\" class=\"fsize-18\" data-cell-type=\"text\" data-original-value=\"&lt;a href=&quot;https:\/\/teec.org.mx\/web\/wp-content\/uploads\/2022\/05\/TEEC-JE-1-2022-25-05-2022.pdf&quot; target=&quot;_blank&quot;&gt;TEEC\/JE\/1\/2022 (ACUERDO DE TURNO DE DOCUMENTACI\u00d3N)&lt;\/a&gt;\" data-order=\"&lt;a href=&quot;https:\/\/teec.org.mx\/web\/wp-content\/uploads\/2022\/05\/TEEC-JE-1-2022-25-05-2022.pdf&quot; target=&quot;_blank&quot;&gt;TEEC\/JE\/1\/2022 (ACUERDO DE TURNO DE DOCUMENTACI\u00d3N)&lt;\/a&gt;\" ><a href=\"https:\/\/teec.org.mx\/web\/wp-content\/uploads\/2022\/05\/TEEC-JE-1-2022-25-05-2022.pdf\" target=\"_blank\">TEEC\/JE\/1\/2022 (ACUERDO DE TURNO DE DOCUMENTACI\u00d3N)<\/a><\/td><\/tr><tr style=\"height:px\" ><td data-cell-id=\"A158\" data-x=\"0\" data-y=\"158\" data-db-index=\"158\" class=\"fsize-18\" data-cell-type=\"text\" data-original-value=\"24 DE MAYO DE 2022, A LAS 12:15 HORAS\" data-order=\"24 DE MAYO DE 2022, A LAS 12:15 HORAS\" >24 DE MAYO DE 2022, A LAS 12:15 HORAS <\/td><td data-cell-id=\"B158\" data-x=\"1\" data-y=\"158\" data-db-index=\"158\" class=\"fsize-18\" data-cell-type=\"text\" data-original-value=\"INSTITUTO ELECTORAL DEL ESTADO DE CAMPECHE\" data-order=\"INSTITUTO ELECTORAL DEL ESTADO DE CAMPECHE\" >INSTITUTO ELECTORAL DEL ESTADO DE CAMPECHE <\/td><td data-cell-id=\"C158\" data-x=\"2\" data-y=\"158\" data-db-index=\"158\" class=\"fsize-18\" data-cell-type=\"text\" data-original-value=\"SECRETAR\u00cdA DE ADMINISTRACI\u00d3N Y FINANZAS DEL ESTADO DE CAMPECHE\" data-order=\"SECRETAR\u00cdA DE ADMINISTRACI\u00d3N Y FINANZAS DEL ESTADO DE CAMPECHE\" >SECRETAR\u00cdA DE ADMINISTRACI\u00d3N Y FINANZAS DEL ESTADO DE CAMPECHE <\/td><td data-cell-id=\"D158\" data-x=\"3\" data-y=\"158\" data-db-index=\"158\" class=\"fsize-18\" data-cell-type=\"text\" data-original-value=\"&lt;a href=&quot;https:\/\/teec.org.mx\/web\/wp-content\/uploads\/2022\/05\/TEEC-JE-5-2022-24-05-2022.pdf&quot; target=&quot;_blank&quot;&gt;TEEC\/JE\/5\/2022 (SE FIJA FECHA Y HORA PARA SESI\u00d3N)&lt;\/a&gt;\" data-order=\"&lt;a href=&quot;https:\/\/teec.org.mx\/web\/wp-content\/uploads\/2022\/05\/TEEC-JE-5-2022-24-05-2022.pdf&quot; target=&quot;_blank&quot;&gt;TEEC\/JE\/5\/2022 (SE FIJA FECHA Y HORA PARA SESI\u00d3N)&lt;\/a&gt;\" ><a href=\"https:\/\/teec.org.mx\/web\/wp-content\/uploads\/2022\/05\/TEEC-JE-5-2022-24-05-2022.pdf\" target=\"_blank\">TEEC\/JE\/5\/2022 (SE FIJA FECHA Y HORA PARA SESI\u00d3N)<\/a><\/td><\/tr><tr style=\"height:px\" ><td data-cell-id=\"A159\" data-x=\"0\" data-y=\"159\" data-db-index=\"159\" class=\"fsize-18\" data-cell-type=\"text\" data-original-value=\"24 DE MAYO DE 2022, A LAS 12:00 HORAS\" data-order=\"24 DE MAYO DE 2022, A LAS 12:00 HORAS\" >24 DE MAYO DE 2022, A LAS 12:00 HORAS <\/td><td data-cell-id=\"B159\" data-x=\"1\" data-y=\"159\" data-db-index=\"159\" class=\"fsize-18\" data-cell-type=\"text\" data-original-value=\"INSTITUTO ELECTORAL DEL ESTADO DE CAMPECHE\" data-order=\"INSTITUTO ELECTORAL DEL ESTADO DE CAMPECHE\" >INSTITUTO ELECTORAL DEL ESTADO DE CAMPECHE <\/td><td data-cell-id=\"C159\" data-x=\"2\" data-y=\"159\" data-db-index=\"159\" class=\"fsize-18\" data-cell-type=\"text\" data-original-value=\"SECRETAR\u00cdA DE ADMINISTRACI\u00d3N Y FINANZAS DEL ESTADO DE CAMPECHE\" data-order=\"SECRETAR\u00cdA DE ADMINISTRACI\u00d3N Y FINANZAS DEL ESTADO DE CAMPECHE\" >SECRETAR\u00cdA DE ADMINISTRACI\u00d3N Y FINANZAS DEL ESTADO DE CAMPECHE <\/td><td data-cell-id=\"D159\" data-x=\"3\" data-y=\"159\" data-db-index=\"159\" class=\"fsize-18\" data-cell-type=\"text\" data-original-value=\"&lt;a href=&quot;https:\/\/teec.org.mx\/web\/wp-content\/uploads\/2022\/05\/TEEC-JE-4-2022-24-05-2022.pdf&quot; target=&quot;_blank&quot;&gt;TEEC\/JE\/4\/2022 (SE FIJA FECHA Y HORA PARA SESI\u00d3N)&lt;\/a&gt;\" data-order=\"&lt;a href=&quot;https:\/\/teec.org.mx\/web\/wp-content\/uploads\/2022\/05\/TEEC-JE-4-2022-24-05-2022.pdf&quot; target=&quot;_blank&quot;&gt;TEEC\/JE\/4\/2022 (SE FIJA FECHA Y HORA PARA SESI\u00d3N)&lt;\/a&gt;\" ><a href=\"https:\/\/teec.org.mx\/web\/wp-content\/uploads\/2022\/05\/TEEC-JE-4-2022-24-05-2022.pdf\" target=\"_blank\">TEEC\/JE\/4\/2022 (SE FIJA FECHA Y HORA PARA SESI\u00d3N)<\/a><\/td><\/tr><tr style=\"height:px\" ><td data-cell-id=\"A160\" data-x=\"0\" data-y=\"160\" data-db-index=\"160\" class=\"fsize-18\" data-cell-type=\"text\" data-original-value=\"18 DE MAYO DE 2022, A LAS 10:00 HORAS\" data-order=\"18 DE MAYO DE 2022, A LAS 10:00 HORAS\" >18 DE MAYO DE 2022, A LAS 10:00 HORAS <\/td><td data-cell-id=\"B160\" data-x=\"1\" data-y=\"160\" data-db-index=\"160\" class=\"fsize-18\" data-cell-type=\"text\" data-original-value=\"INSTITUTO ELECTORAL DEL ESTADO DE CAMPECHE\" data-order=\"INSTITUTO ELECTORAL DEL ESTADO DE CAMPECHE\" >INSTITUTO ELECTORAL DEL ESTADO DE CAMPECHE <\/td><td data-cell-id=\"C160\" data-x=\"2\" data-y=\"160\" data-db-index=\"160\" class=\"fsize-18\" data-cell-type=\"text\" data-original-value=\"SECRETAR\u00cdA DE ADMINISTRACI\u00d3N Y FINANZAS DEL ESTADO DE CAMPECHE\" data-order=\"SECRETAR\u00cdA DE ADMINISTRACI\u00d3N Y FINANZAS DEL ESTADO DE CAMPECHE\" >SECRETAR\u00cdA DE ADMINISTRACI\u00d3N Y FINANZAS DEL ESTADO DE CAMPECHE <\/td><td data-cell-id=\"D160\" data-x=\"3\" data-y=\"160\" data-db-index=\"160\" class=\"fsize-18\" data-cell-type=\"text\" data-original-value=\"&lt;a href=&quot;https:\/\/teec.org.mx\/web\/wp-content\/uploads\/2022\/05\/TEEC-JE-6-2022-18-05-2022.pdf&quot; target=&quot;_blank&quot;&gt;TEEC\/JE\/6\/2022 (ACUERDO DE ADMIS\u00cdON)&lt;\/a&gt;\" data-order=\"&lt;a href=&quot;https:\/\/teec.org.mx\/web\/wp-content\/uploads\/2022\/05\/TEEC-JE-6-2022-18-05-2022.pdf&quot; target=&quot;_blank&quot;&gt;TEEC\/JE\/6\/2022 (ACUERDO DE ADMIS\u00cdON)&lt;\/a&gt;\" ><a href=\"https:\/\/teec.org.mx\/web\/wp-content\/uploads\/2022\/05\/TEEC-JE-6-2022-18-05-2022.pdf\" target=\"_blank\">TEEC\/JE\/6\/2022 (ACUERDO DE ADMIS\u00cdON)<\/a><\/td><\/tr><tr style=\"height:px\" ><td data-cell-id=\"A161\" data-x=\"0\" data-y=\"161\" data-db-index=\"161\" class=\"fsize-18\" data-cell-type=\"text\" data-original-value=\"17 DE MAYO DE 2022, A LAS 13:25 HORAS\" data-order=\"17 DE MAYO DE 2022, A LAS 13:25 HORAS\" >17 DE MAYO DE 2022, A LAS 13:25 HORAS <\/td><td data-cell-id=\"B161\" data-x=\"1\" data-y=\"161\" data-db-index=\"161\" class=\"fsize-18\" data-cell-type=\"text\" data-original-value=\"INSTITUTO ELECTORAL DEL ESTADO DE CAMPECHE\" data-order=\"INSTITUTO ELECTORAL DEL ESTADO DE CAMPECHE\" >INSTITUTO ELECTORAL DEL ESTADO DE CAMPECHE <\/td><td data-cell-id=\"C161\" data-x=\"2\" data-y=\"161\" data-db-index=\"161\" class=\"fsize-18\" data-cell-type=\"text\" data-original-value=\"SECRETAR\u00cdA DE ADMINISTRACI\u00d3N Y FINANZAS DEL ESTADO DE CAMPECHE\" data-order=\"SECRETAR\u00cdA DE ADMINISTRACI\u00d3N Y FINANZAS DEL ESTADO DE CAMPECHE\" >SECRETAR\u00cdA DE ADMINISTRACI\u00d3N Y FINANZAS DEL ESTADO DE CAMPECHE <\/td><td data-cell-id=\"D161\" data-x=\"3\" data-y=\"161\" data-db-index=\"161\" class=\"fsize-18\" data-cell-type=\"text\" data-original-value=\"&lt;a href=&quot;https:\/\/teec.org.mx\/web\/wp-content\/uploads\/2022\/05\/TEEC-JE-6-2022-17-05-2022.pdf&quot; target=&quot;_blank&quot;&gt;PARTIDO DE LA REVOLUCI\u00d3N DEMOCR\u00c1TICA (ACUERDO PLENARIO DE MEDIDAS CAUTELARES)&lt;\/a&gt;\" data-order=\"&lt;a href=&quot;https:\/\/teec.org.mx\/web\/wp-content\/uploads\/2022\/05\/TEEC-JE-6-2022-17-05-2022.pdf&quot; target=&quot;_blank&quot;&gt;PARTIDO DE LA REVOLUCI\u00d3N DEMOCR\u00c1TICA (ACUERDO PLENARIO DE MEDIDAS CAUTELARES)&lt;\/a&gt;\" ><a href=\"https:\/\/teec.org.mx\/web\/wp-content\/uploads\/2022\/05\/TEEC-JE-6-2022-17-05-2022.pdf\" target=\"_blank\">PARTIDO DE LA REVOLUCI\u00d3N DEMOCR\u00c1TICA (ACUERDO PLENARIO DE MEDIDAS CAUTELARES)<\/a><\/td><\/tr><tr style=\"height:px\" ><td data-cell-id=\"A162\" data-x=\"0\" data-y=\"162\" data-db-index=\"162\" class=\"fsize-18\" data-cell-type=\"text\" data-original-value=\"16 DE MAYO DE 2022, A LAS 13:30 HORAS\" data-order=\"16 DE MAYO DE 2022, A LAS 13:30 HORAS\" >16 DE MAYO DE 2022, A LAS 13:30 HORAS <\/td><td data-cell-id=\"B162\" data-x=\"1\" data-y=\"162\" data-db-index=\"162\" class=\"fsize-18\" data-cell-type=\"text\" data-original-value=\"INSTITUTO ELECTORAL DEL ESTADO DE CAMPECHE\" data-order=\"INSTITUTO ELECTORAL DEL ESTADO DE CAMPECHE\" >INSTITUTO ELECTORAL DEL ESTADO DE CAMPECHE <\/td><td data-cell-id=\"C162\" data-x=\"2\" data-y=\"162\" data-db-index=\"162\" class=\"fsize-18\" data-cell-type=\"text\" data-original-value=\"SECRETAR\u00cdA DE ADMINISTRACI\u00d3N Y FINANZAS DEL ESTADO DE CAMPECHE\" data-order=\"SECRETAR\u00cdA DE ADMINISTRACI\u00d3N Y FINANZAS DEL ESTADO DE CAMPECHE\" >SECRETAR\u00cdA DE ADMINISTRACI\u00d3N Y FINANZAS DEL ESTADO DE CAMPECHE <\/td><td data-cell-id=\"D162\" data-x=\"3\" data-y=\"162\" data-db-index=\"162\" class=\"fsize-18\" data-cell-type=\"text\" data-original-value=\"&lt;a href=&quot;https:\/\/teec.org.mx\/web\/wp-content\/uploads\/2022\/05\/TEEC-JE-6-2022-3er-acu.-16-05-2022.pdf&quot; target=&quot;_blank&quot;&gt;TEEC\/JE\/6\/2022 (SE FIJA FECHA Y HORA PARA SESI\u00d3N PRIVADA)&lt;\/a&gt;\" data-order=\"&lt;a href=&quot;https:\/\/teec.org.mx\/web\/wp-content\/uploads\/2022\/05\/TEEC-JE-6-2022-3er-acu.-16-05-2022.pdf&quot; target=&quot;_blank&quot;&gt;TEEC\/JE\/6\/2022 (SE FIJA FECHA Y HORA PARA SESI\u00d3N PRIVADA)&lt;\/a&gt;\" ><a href=\"https:\/\/teec.org.mx\/web\/wp-content\/uploads\/2022\/05\/TEEC-JE-6-2022-3er-acu.-16-05-2022.pdf\" target=\"_blank\">TEEC\/JE\/6\/2022 (SE FIJA FECHA Y HORA PARA SESI\u00d3N PRIVADA)<\/a><\/td><\/tr><tr style=\"height:px\" ><td data-cell-id=\"A163\" data-x=\"0\" data-y=\"163\" data-db-index=\"163\" class=\"fsize-18\" data-cell-type=\"text\" data-original-value=\"16 DE MAYO DE 2022, A LAS 13:00 HORAS\" data-order=\"16 DE MAYO DE 2022, A LAS 13:00 HORAS\" >16 DE MAYO DE 2022, A LAS 13:00 HORAS <\/td><td data-cell-id=\"B163\" data-x=\"1\" data-y=\"163\" data-db-index=\"163\" class=\"fsize-18\" data-cell-type=\"text\" data-original-value=\"INSTITUTO ELECTORAL DEL ESTADO DE CAMPECHE\" data-order=\"INSTITUTO ELECTORAL DEL ESTADO DE CAMPECHE\" >INSTITUTO ELECTORAL DEL ESTADO DE CAMPECHE <\/td><td data-cell-id=\"C163\" data-x=\"2\" data-y=\"163\" data-db-index=\"163\" class=\"fsize-18\" data-cell-type=\"text\" data-original-value=\"SECRETAR\u00cdA DE ADMINISTRACI\u00d3N Y FINANZAS DEL ESTADO DE CAMPECHE\" data-order=\"SECRETAR\u00cdA DE ADMINISTRACI\u00d3N Y FINANZAS DEL ESTADO DE CAMPECHE\" >SECRETAR\u00cdA DE ADMINISTRACI\u00d3N Y FINANZAS DEL ESTADO DE CAMPECHE <\/td><td data-cell-id=\"D163\" data-x=\"3\" data-y=\"163\" data-db-index=\"163\" class=\"fsize-18\" data-cell-type=\"text\" data-original-value=\"&lt;a href=&quot;https:\/\/teec.org.mx\/web\/wp-content\/uploads\/2022\/05\/TEEC-JE-6-2022-2do-acu-16-05-2022.pdf&quot; target=&quot;_blank&quot;&gt;TEEC\/JE\/6\/2022 (ACUERDO CUMPLIMIENTO DE REQUERIMIENTO, ACUMULACI\u00d3N Y SOLICITUD DE FECHA Y HORA DE SESI\u00d3N PRIVADA)&lt;\/a&gt;\" data-order=\"&lt;a href=&quot;https:\/\/teec.org.mx\/web\/wp-content\/uploads\/2022\/05\/TEEC-JE-6-2022-2do-acu-16-05-2022.pdf&quot; target=&quot;_blank&quot;&gt;TEEC\/JE\/6\/2022 (ACUERDO CUMPLIMIENTO DE REQUERIMIENTO, ACUMULACI\u00d3N Y SOLICITUD DE FECHA Y HORA DE SESI\u00d3N PRIVADA)&lt;\/a&gt;\" ><a href=\"https:\/\/teec.org.mx\/web\/wp-content\/uploads\/2022\/05\/TEEC-JE-6-2022-2do-acu-16-05-2022.pdf\" target=\"_blank\">TEEC\/JE\/6\/2022 (ACUERDO CUMPLIMIENTO DE REQUERIMIENTO, ACUMULACI\u00d3N Y SOLICITUD DE FECHA Y HORA DE SESI\u00d3N PRIVADA)<\/a><\/td><\/tr><tr style=\"height:px\" ><td data-cell-id=\"A164\" data-x=\"0\" data-y=\"164\" data-db-index=\"164\" class=\"fsize-18\" data-cell-type=\"text\" data-original-value=\"16 DE MAYO DE 2022, A LAS 12:00 HORAS\" data-order=\"16 DE MAYO DE 2022, A LAS 12:00 HORAS\" >16 DE MAYO DE 2022, A LAS 12:00 HORAS <\/td><td data-cell-id=\"B164\" data-x=\"1\" data-y=\"164\" data-db-index=\"164\" class=\"fsize-18\" data-cell-type=\"text\" data-original-value=\"INSTITUTO ELECTORAL DEL ESTADO DE CAMPECHE\" data-order=\"INSTITUTO ELECTORAL DEL ESTADO DE CAMPECHE\" >INSTITUTO ELECTORAL DEL ESTADO DE CAMPECHE <\/td><td data-cell-id=\"C164\" data-x=\"2\" data-y=\"164\" data-db-index=\"164\" class=\"fsize-18\" data-cell-type=\"text\" data-original-value=\"SECRETAR\u00cdA DE ADMINISTRACI\u00d3N Y FINANZAS DEL ESTADO DE CAMPECHE\" data-order=\"SECRETAR\u00cdA DE ADMINISTRACI\u00d3N Y FINANZAS DEL ESTADO DE CAMPECHE\" >SECRETAR\u00cdA DE ADMINISTRACI\u00d3N Y FINANZAS DEL ESTADO DE CAMPECHE <\/td><td data-cell-id=\"D164\" data-x=\"3\" data-y=\"164\" data-db-index=\"164\" class=\"fsize-18\" data-cell-type=\"text\" data-original-value=\"&lt;a href=&quot;https:\/\/teec.org.mx\/web\/wp-content\/uploads\/2022\/05\/TEEC-JE-6-2022-16-05-2022.pdf&quot; target=&quot;_blank&quot;&gt;TEEC\/JE\/6\/2022 (TURNO DE DOCUMENTACI\u00d3N)&lt;\/a&gt;\" data-order=\"&lt;a href=&quot;https:\/\/teec.org.mx\/web\/wp-content\/uploads\/2022\/05\/TEEC-JE-6-2022-16-05-2022.pdf&quot; target=&quot;_blank&quot;&gt;TEEC\/JE\/6\/2022 (TURNO DE DOCUMENTACI\u00d3N)&lt;\/a&gt;\" ><a href=\"https:\/\/teec.org.mx\/web\/wp-content\/uploads\/2022\/05\/TEEC-JE-6-2022-16-05-2022.pdf\" target=\"_blank\">TEEC\/JE\/6\/2022 (TURNO DE DOCUMENTACI\u00d3N)<\/a><\/td><\/tr><tr style=\"height:px\" ><td data-cell-id=\"A165\" data-x=\"0\" data-y=\"165\" data-db-index=\"165\" class=\"fsize-18\" data-cell-type=\"text\" data-original-value=\"12 DE MAYO DE 2022, A LAS 10:40 HORAS\" data-order=\"12 DE MAYO DE 2022, A LAS 10:40 HORAS\" >12 DE MAYO DE 2022, A LAS 10:40 HORAS <\/td><td data-cell-id=\"B165\" data-x=\"1\" data-y=\"165\" data-db-index=\"165\" class=\"fsize-18\" data-cell-type=\"text\" data-original-value=\"INSTITUTO ELECTORAL DEL ESTADO DE CAMPECHE\" data-order=\"INSTITUTO ELECTORAL DEL ESTADO DE CAMPECHE\" >INSTITUTO ELECTORAL DEL ESTADO DE CAMPECHE <\/td><td data-cell-id=\"C165\" data-x=\"2\" data-y=\"165\" data-db-index=\"165\" class=\"fsize-18\" data-cell-type=\"text\" data-original-value=\"SECRETARIO DE ADMINISTRACI\u00d3N Y FINANZAS DEL ESTADO DE CAMPECHE\" data-order=\"SECRETARIO DE ADMINISTRACI\u00d3N Y FINANZAS DEL ESTADO DE CAMPECHE\" >SECRETARIO DE ADMINISTRACI\u00d3N Y FINANZAS DEL ESTADO DE CAMPECHE <\/td><td data-cell-id=\"D165\" data-x=\"3\" data-y=\"165\" data-db-index=\"165\" class=\"fsize-18\" data-cell-type=\"text\" data-original-value=\"&lt;a href=&quot;https:\/\/teec.org.mx\/web\/wp-content\/uploads\/2022\/05\/TEEC-JE-6-2022-12-05-2022.pdf&quot; target=&quot;_blank&quot;&gt;TEEC\/JE\/6\/2022 (ACUERDO DE TURNO DE DOCUMENTACI\u00d3N)&lt;\/a&gt;\" data-order=\"&lt;a href=&quot;https:\/\/teec.org.mx\/web\/wp-content\/uploads\/2022\/05\/TEEC-JE-6-2022-12-05-2022.pdf&quot; target=&quot;_blank&quot;&gt;TEEC\/JE\/6\/2022 (ACUERDO DE TURNO DE DOCUMENTACI\u00d3N)&lt;\/a&gt;\" ><a href=\"https:\/\/teec.org.mx\/web\/wp-content\/uploads\/2022\/05\/TEEC-JE-6-2022-12-05-2022.pdf\" target=\"_blank\">TEEC\/JE\/6\/2022 (ACUERDO DE TURNO DE DOCUMENTACI\u00d3N)<\/a><\/td><\/tr><tr style=\"height:px\" ><td data-cell-id=\"A166\" data-x=\"0\" data-y=\"166\" data-db-index=\"166\" class=\"fsize-18\" data-cell-type=\"text\" data-original-value=\"11 DE MAYO DE 2022, A LAS 13:20 HORAS\" data-order=\"11 DE MAYO DE 2022, A LAS 13:20 HORAS\" >11 DE MAYO DE 2022, A LAS 13:20 HORAS <\/td><td data-cell-id=\"B166\" data-x=\"1\" data-y=\"166\" data-db-index=\"166\" class=\"fsize-18\" data-cell-type=\"text\" data-original-value=\"INSTITUTO ELECTORAL DEL ESTADO DE CAMPECHE\" data-order=\"INSTITUTO ELECTORAL DEL ESTADO DE CAMPECHE\" >INSTITUTO ELECTORAL DEL ESTADO DE CAMPECHE <\/td><td data-cell-id=\"C166\" data-x=\"2\" data-y=\"166\" data-db-index=\"166\" class=\"fsize-18\" data-cell-type=\"text\" data-original-value=\"SECRETARIO DE ADMINISTRACI\u00d3N Y FINANZAS DEL ESTADO DE CAMPECHE\" data-order=\"SECRETARIO DE ADMINISTRACI\u00d3N Y FINANZAS DEL ESTADO DE CAMPECHE\" >SECRETARIO DE ADMINISTRACI\u00d3N Y FINANZAS DEL ESTADO DE CAMPECHE <\/td><td data-cell-id=\"D166\" data-x=\"3\" data-y=\"166\" data-db-index=\"166\" class=\"fsize-18\" data-cell-type=\"text\" data-original-value=\"&lt;a href=&quot;https:\/\/teec.org.mx\/web\/wp-content\/uploads\/2022\/05\/TEEC-JE-6-2022-2do-acu.-11-05-2022.pdf&quot; target=&quot;_blank&quot;&gt;TEEC\/JE\/6\/2022 (ACUERDO DE RECEPCI\u00d3N, RADICACI\u00d3N, ACUMULACI\u00d3N Y REQUERIMIENTO)&lt;\/a&gt;\" data-order=\"&lt;a href=&quot;https:\/\/teec.org.mx\/web\/wp-content\/uploads\/2022\/05\/TEEC-JE-6-2022-2do-acu.-11-05-2022.pdf&quot; target=&quot;_blank&quot;&gt;TEEC\/JE\/6\/2022 (ACUERDO DE RECEPCI\u00d3N, RADICACI\u00d3N, ACUMULACI\u00d3N Y REQUERIMIENTO)&lt;\/a&gt;\" ><a href=\"https:\/\/teec.org.mx\/web\/wp-content\/uploads\/2022\/05\/TEEC-JE-6-2022-2do-acu.-11-05-2022.pdf\" target=\"_blank\">TEEC\/JE\/6\/2022 (ACUERDO DE RECEPCI\u00d3N, RADICACI\u00d3N, ACUMULACI\u00d3N Y REQUERIMIENTO)<\/a><\/td><\/tr><tr style=\"height:px\" ><td data-cell-id=\"A167\" data-x=\"0\" data-y=\"167\" data-db-index=\"167\" class=\"fsize-18\" data-cell-type=\"text\" data-original-value=\"11 DE MAYO DE 2022, A LAS 11:00 HORAS\" data-order=\"11 DE MAYO DE 2022, A LAS 11:00 HORAS\" >11 DE MAYO DE 2022, A LAS 11:00 HORAS <\/td><td data-cell-id=\"B167\" data-x=\"1\" data-y=\"167\" data-db-index=\"167\" class=\"fsize-18\" data-cell-type=\"text\" data-original-value=\"INSTITUTO ELECTORAL DEL ESTADO DE CAMPECHE\" data-order=\"INSTITUTO ELECTORAL DEL ESTADO DE CAMPECHE\" >INSTITUTO ELECTORAL DEL ESTADO DE CAMPECHE <\/td><td data-cell-id=\"C167\" data-x=\"2\" data-y=\"167\" data-db-index=\"167\" class=\"fsize-18\" data-cell-type=\"text\" data-original-value=\"SECRETAR\u00cdA DE ADMINISTRACI\u00d3N Y FINANZAS DEL ESTADO DE CAMPECHE\" data-order=\"SECRETAR\u00cdA DE ADMINISTRACI\u00d3N Y FINANZAS DEL ESTADO DE CAMPECHE\" >SECRETAR\u00cdA DE ADMINISTRACI\u00d3N Y FINANZAS DEL ESTADO DE CAMPECHE <\/td><td data-cell-id=\"D167\" data-x=\"3\" data-y=\"167\" data-db-index=\"167\" class=\"fsize-18\" data-cell-type=\"text\" data-original-value=\"&lt;a href=&quot;https:\/\/teec.org.mx\/web\/wp-content\/uploads\/2022\/05\/TEEC-JE-6-2022-11-05-2022.pdf&quot; target=&quot;_blank&quot;&gt;TEEC\/JE\/6\/2022 (TURNO DE DOCUMENTACI\u00d3N)&lt;\/a&gt;\" data-order=\"&lt;a href=&quot;https:\/\/teec.org.mx\/web\/wp-content\/uploads\/2022\/05\/TEEC-JE-6-2022-11-05-2022.pdf&quot; target=&quot;_blank&quot;&gt;TEEC\/JE\/6\/2022 (TURNO DE DOCUMENTACI\u00d3N)&lt;\/a&gt;\" ><a href=\"https:\/\/teec.org.mx\/web\/wp-content\/uploads\/2022\/05\/TEEC-JE-6-2022-11-05-2022.pdf\" target=\"_blank\">TEEC\/JE\/6\/2022 (TURNO DE DOCUMENTACI\u00d3N)<\/a><\/td><\/tr><tr style=\"height:px\" ><td data-cell-id=\"A168\" data-x=\"0\" data-y=\"168\" data-db-index=\"168\" class=\"fsize-18\" data-cell-type=\"text\" data-original-value=\"10 DE MAYO DE 2022, A LAS 10:00 HORAS\" data-order=\"10 DE MAYO DE 2022, A LAS 10:00 HORAS\" >10 DE MAYO DE 2022, A LAS 10:00 HORAS <\/td><td data-cell-id=\"B168\" data-x=\"1\" data-y=\"168\" data-db-index=\"168\" class=\"fsize-18\" data-cell-type=\"text\" data-original-value=\"INSTITUTO ELECTORAL DEL ESTADO DE CAMPECHE\" data-order=\"INSTITUTO ELECTORAL DEL ESTADO DE CAMPECHE\" >INSTITUTO ELECTORAL DEL ESTADO DE CAMPECHE <\/td><td data-cell-id=\"C168\" data-x=\"2\" data-y=\"168\" data-db-index=\"168\" class=\"fsize-18\" data-cell-type=\"text\" data-original-value=\"SECRETARIO DE ADMINISTRACI\u00d3N Y FINANZAS DEL ESTADO DE CAMPECHE\" data-order=\"SECRETARIO DE ADMINISTRACI\u00d3N Y FINANZAS DEL ESTADO DE CAMPECHE\" >SECRETARIO DE ADMINISTRACI\u00d3N Y FINANZAS DEL ESTADO DE CAMPECHE <\/td><td data-cell-id=\"D168\" data-x=\"3\" data-y=\"168\" data-db-index=\"168\" class=\"fsize-18\" data-cell-type=\"text\" data-original-value=\"&lt;a href=&quot;https:\/\/teec.org.mx\/web\/wp-content\/uploads\/2022\/05\/TEEC-JE-6-2022-10-05-2022.pdf&quot; target=&quot;_blank&quot;&gt;TEEC\/JE\/6\/2022 (ACUERDO DE TURNO)&lt;\/a&gt;\" data-order=\"&lt;a href=&quot;https:\/\/teec.org.mx\/web\/wp-content\/uploads\/2022\/05\/TEEC-JE-6-2022-10-05-2022.pdf&quot; target=&quot;_blank&quot;&gt;TEEC\/JE\/6\/2022 (ACUERDO DE TURNO)&lt;\/a&gt;\" ><a href=\"https:\/\/teec.org.mx\/web\/wp-content\/uploads\/2022\/05\/TEEC-JE-6-2022-10-05-2022.pdf\" target=\"_blank\">TEEC\/JE\/6\/2022 (ACUERDO DE TURNO)<\/a><\/td><\/tr><tr style=\"height:px\" ><td data-cell-id=\"A169\" data-x=\"0\" data-y=\"169\" data-db-index=\"169\" class=\"fsize-18\" data-cell-type=\"text\" data-original-value=\"28 DE ABRIL DE 2022, A LAS 12:20 HORAS\" data-order=\"28 DE ABRIL DE 2022, A LAS 12:20 HORAS\" >28 DE ABRIL DE 2022, A LAS 12:20 HORAS <\/td><td data-cell-id=\"B169\" data-x=\"1\" data-y=\"169\" data-db-index=\"169\" class=\"fsize-18\" data-cell-type=\"text\" data-original-value=\"INSTITUTO ELECTORAL DEL ESTADO DE CAMPECHE\" data-order=\"INSTITUTO ELECTORAL DEL ESTADO DE CAMPECHE\" >INSTITUTO ELECTORAL DEL ESTADO DE CAMPECHE <\/td><td data-cell-id=\"C169\" data-x=\"2\" data-y=\"169\" data-db-index=\"169\" class=\"fsize-18\" data-cell-type=\"text\" data-original-value=\"SECRETAR\u00cdA DE ADMINISTRACI\u00d3N Y FINANZAS DEL ESTADO DE CAMPECHE\" data-order=\"SECRETAR\u00cdA DE ADMINISTRACI\u00d3N Y FINANZAS DEL ESTADO DE CAMPECHE\" >SECRETAR\u00cdA DE ADMINISTRACI\u00d3N Y FINANZAS DEL ESTADO DE CAMPECHE <\/td><td data-cell-id=\"D169\" data-x=\"3\" data-y=\"169\" data-db-index=\"169\" class=\"fsize-18\" data-cell-type=\"text\" data-original-value=\"&lt;a href=&quot;https:\/\/teec.org.mx\/web\/wp-content\/uploads\/2022\/04\/TEEC-JE-5-2022-28-04-2022.pdf&quot; target=&quot;_blank&quot;&gt;TEEC\/JE\/5\/2022 (ACUERDO DE ADMIS\u00d3N)&lt;\/a&gt;\" data-order=\"&lt;a href=&quot;https:\/\/teec.org.mx\/web\/wp-content\/uploads\/2022\/04\/TEEC-JE-5-2022-28-04-2022.pdf&quot; target=&quot;_blank&quot;&gt;TEEC\/JE\/5\/2022 (ACUERDO DE ADMIS\u00d3N)&lt;\/a&gt;\" ><a href=\"https:\/\/teec.org.mx\/web\/wp-content\/uploads\/2022\/04\/TEEC-JE-5-2022-28-04-2022.pdf\" target=\"_blank\">TEEC\/JE\/5\/2022 (ACUERDO DE ADMIS\u00d3N)<\/a><\/td><\/tr><tr style=\"height:px\" ><td data-cell-id=\"A170\" data-x=\"0\" data-y=\"170\" data-db-index=\"170\" class=\"fsize-18\" data-cell-type=\"text\" data-original-value=\"28 DE ABRIL DE 2022, A LAS 12:08 HORAS\" data-order=\"28 DE ABRIL DE 2022, A LAS 12:08 HORAS\" >28 DE ABRIL DE 2022, A LAS 12:08 HORAS <\/td><td data-cell-id=\"B170\" data-x=\"1\" data-y=\"170\" data-db-index=\"170\" class=\"fsize-18\" data-cell-type=\"text\" data-original-value=\"INSTITUTO ELECTORAL DEL ESTADO DE CAMPECHE\" data-order=\"INSTITUTO ELECTORAL DEL ESTADO DE CAMPECHE\" >INSTITUTO ELECTORAL DEL ESTADO DE CAMPECHE <\/td><td data-cell-id=\"C170\" data-x=\"2\" data-y=\"170\" data-db-index=\"170\" class=\"fsize-18\" data-cell-type=\"text\" data-original-value=\"SECRETAR\u00cdA DE ADMINISTRACI\u00d3N Y FINANZAS DEL ESTADO DE CAMPECHE\" data-order=\"SECRETAR\u00cdA DE ADMINISTRACI\u00d3N Y FINANZAS DEL ESTADO DE CAMPECHE\" >SECRETAR\u00cdA DE ADMINISTRACI\u00d3N Y FINANZAS DEL ESTADO DE CAMPECHE <\/td><td data-cell-id=\"D170\" data-x=\"3\" data-y=\"170\" data-db-index=\"170\" class=\"fsize-18\" data-cell-type=\"text\" data-original-value=\"&lt;a href=&quot;https:\/\/teec.org.mx\/web\/wp-content\/uploads\/2022\/04\/TEEC-JE-4-2022-28-04-2022.pdf&quot; target=&quot;_blank&quot;&gt;TEEC\/JE\/4\/2022 (ACUERDO DE ADMISI\u00d3N)&lt;\/a&gt;\" data-order=\"&lt;a href=&quot;https:\/\/teec.org.mx\/web\/wp-content\/uploads\/2022\/04\/TEEC-JE-4-2022-28-04-2022.pdf&quot; target=&quot;_blank&quot;&gt;TEEC\/JE\/4\/2022 (ACUERDO DE ADMISI\u00d3N)&lt;\/a&gt;\" ><a href=\"https:\/\/teec.org.mx\/web\/wp-content\/uploads\/2022\/04\/TEEC-JE-4-2022-28-04-2022.pdf\" target=\"_blank\">TEEC\/JE\/4\/2022 (ACUERDO DE ADMISI\u00d3N)<\/a><\/td><\/tr><tr style=\"height:px\" ><td data-cell-id=\"A171\" data-x=\"0\" data-y=\"171\" data-db-index=\"171\" class=\"fsize-18\" data-cell-type=\"text\" data-original-value=\"26 DE ABRIL DE 2022, A LAS 11:50 HORAS\" data-order=\"26 DE ABRIL DE 2022, A LAS 11:50 HORAS\" >26 DE ABRIL DE 2022, A LAS 11:50 HORAS <\/td><td data-cell-id=\"B171\" data-x=\"1\" data-y=\"171\" data-db-index=\"171\" class=\"fsize-18\" data-cell-type=\"text\" data-original-value=\"INSTITUTO ELECTORAL DEL ESTADO DE CAMPECHE\" data-order=\"INSTITUTO ELECTORAL DEL ESTADO DE CAMPECHE\" >INSTITUTO ELECTORAL DEL ESTADO DE CAMPECHE <\/td><td data-cell-id=\"C171\" data-x=\"2\" data-y=\"171\" data-db-index=\"171\" class=\"fsize-18\" data-cell-type=\"text\" data-original-value=\"SECRETAR\u00cdA DE ADMINISTRACI\u00d3N Y FINANZAS DEL ESTADO DE CAMPECHE\" data-order=\"SECRETAR\u00cdA DE ADMINISTRACI\u00d3N Y FINANZAS DEL ESTADO DE CAMPECHE\" >SECRETAR\u00cdA DE ADMINISTRACI\u00d3N Y FINANZAS DEL ESTADO DE CAMPECHE <\/td><td data-cell-id=\"D171\" data-x=\"3\" data-y=\"171\" data-db-index=\"171\" class=\"fsize-18\" data-cell-type=\"text\" data-original-value=\"&lt;a href=&quot;https:\/\/teec.org.mx\/web\/wp-content\/uploads\/2022\/04\/TEEC-JE-5-2022-26-04-2022.pdf&quot; target=&quot;_blank&quot;&gt;TEEC\/JE\/5\/2022 (ACUERDO DE CUMPLIMIENTO)&lt;\/a&gt;\" data-order=\"&lt;a href=&quot;https:\/\/teec.org.mx\/web\/wp-content\/uploads\/2022\/04\/TEEC-JE-5-2022-26-04-2022.pdf&quot; target=&quot;_blank&quot;&gt;TEEC\/JE\/5\/2022 (ACUERDO DE CUMPLIMIENTO)&lt;\/a&gt;\" ><a href=\"https:\/\/teec.org.mx\/web\/wp-content\/uploads\/2022\/04\/TEEC-JE-5-2022-26-04-2022.pdf\" target=\"_blank\">TEEC\/JE\/5\/2022 (ACUERDO DE CUMPLIMIENTO)<\/a><\/td><\/tr><tr style=\"height:px\" ><td data-cell-id=\"A172\" data-x=\"0\" data-y=\"172\" data-db-index=\"172\" class=\"fsize-18\" data-cell-type=\"text\" data-original-value=\"26 DE ABRIL DE 2022, A LAS 11:38 HORAS\" data-order=\"26 DE ABRIL DE 2022, A LAS 11:38 HORAS\" >26 DE ABRIL DE 2022, A LAS 11:38 HORAS <\/td><td data-cell-id=\"B172\" data-x=\"1\" data-y=\"172\" data-db-index=\"172\" class=\"fsize-18\" data-cell-type=\"text\" data-original-value=\"INSTITUTO ELECTORAL DEL ESTADO DE CAMPECHE\" data-order=\"INSTITUTO ELECTORAL DEL ESTADO DE CAMPECHE\" >INSTITUTO ELECTORAL DEL ESTADO DE CAMPECHE <\/td><td data-cell-id=\"C172\" data-x=\"2\" data-y=\"172\" data-db-index=\"172\" class=\"fsize-18\" data-cell-type=\"text\" data-original-value=\"SECRETAR\u00cdA DE ADMINISTRACI\u00d3N Y FINANZAS DEL ESTADO DE CAMPECHE\" data-order=\"SECRETAR\u00cdA DE ADMINISTRACI\u00d3N Y FINANZAS DEL ESTADO DE CAMPECHE\" >SECRETAR\u00cdA DE ADMINISTRACI\u00d3N Y FINANZAS DEL ESTADO DE CAMPECHE <\/td><td data-cell-id=\"D172\" data-x=\"3\" data-y=\"172\" data-db-index=\"172\" class=\"fsize-18\" data-cell-type=\"text\" data-original-value=\"&lt;a href=&quot;https:\/\/teec.org.mx\/web\/wp-content\/uploads\/2022\/04\/TEEC-JE-4-2022-26-04-2022.pdf&quot; target=&quot;_blank&quot;&gt;TEEC\/JE\/4\/2022 (ACUERDO DE CUMPLIMIENTO)&lt;\/a&gt;\" data-order=\"&lt;a href=&quot;https:\/\/teec.org.mx\/web\/wp-content\/uploads\/2022\/04\/TEEC-JE-4-2022-26-04-2022.pdf&quot; target=&quot;_blank&quot;&gt;TEEC\/JE\/4\/2022 (ACUERDO DE CUMPLIMIENTO)&lt;\/a&gt;\" ><a href=\"https:\/\/teec.org.mx\/web\/wp-content\/uploads\/2022\/04\/TEEC-JE-4-2022-26-04-2022.pdf\" target=\"_blank\">TEEC\/JE\/4\/2022 (ACUERDO DE CUMPLIMIENTO)<\/a><\/td><\/tr><tr style=\"height:px\" ><td data-cell-id=\"A173\" data-x=\"0\" data-y=\"173\" data-db-index=\"173\" class=\"fsize-18\" data-cell-type=\"text\" data-original-value=\"22 DE ABRIL DE 2022, A LAS 13:40 HORAS\" data-order=\"22 DE ABRIL DE 2022, A LAS 13:40 HORAS\" >22 DE ABRIL DE 2022, A LAS 13:40 HORAS <\/td><td data-cell-id=\"B173\" data-x=\"1\" data-y=\"173\" data-db-index=\"173\" class=\"fsize-18\" data-cell-type=\"text\" data-original-value=\"INSTITUTO ELECTORAL DEL ESTADO DE CAMPECHE\" data-order=\"INSTITUTO ELECTORAL DEL ESTADO DE CAMPECHE\" >INSTITUTO ELECTORAL DEL ESTADO DE CAMPECHE <\/td><td data-cell-id=\"C173\" data-x=\"2\" data-y=\"173\" data-db-index=\"173\" class=\"fsize-18\" data-cell-type=\"text\" data-original-value=\"SECRETAR\u00cdA DE ADMINISTRACI\u00d3N Y FINANZAS DEL ESTADO DE CAMPECHE\" data-order=\"SECRETAR\u00cdA DE ADMINISTRACI\u00d3N Y FINANZAS DEL ESTADO DE CAMPECHE\" >SECRETAR\u00cdA DE ADMINISTRACI\u00d3N Y FINANZAS DEL ESTADO DE CAMPECHE <\/td><td data-cell-id=\"D173\" data-x=\"3\" data-y=\"173\" data-db-index=\"173\" class=\"fsize-18\" data-cell-type=\"text\" data-original-value=\"&lt;a href=&quot;https:\/\/teec.org.mx\/web\/wp-content\/uploads\/2022\/04\/TEEC-JE-5-2022-22-abr-2022.pdf&quot; target=&quot;_blank&quot;&gt;TEEC\/JE\/5\/2022 (ACUERDO DE TURNO DE DOCUMENTACI\u00d3N A PONENCIA)&lt;\/a&gt;\" data-order=\"&lt;a href=&quot;https:\/\/teec.org.mx\/web\/wp-content\/uploads\/2022\/04\/TEEC-JE-5-2022-22-abr-2022.pdf&quot; target=&quot;_blank&quot;&gt;TEEC\/JE\/5\/2022 (ACUERDO DE TURNO DE DOCUMENTACI\u00d3N A PONENCIA)&lt;\/a&gt;\" ><a href=\"https:\/\/teec.org.mx\/web\/wp-content\/uploads\/2022\/04\/TEEC-JE-5-2022-22-abr-2022.pdf\" target=\"_blank\">TEEC\/JE\/5\/2022 (ACUERDO DE TURNO DE DOCUMENTACI\u00d3N A PONENCIA)<\/a><\/td><\/tr><tr style=\"height:px\" ><td data-cell-id=\"A174\" data-x=\"0\" data-y=\"174\" data-db-index=\"174\" class=\"fsize-18\" data-cell-type=\"text\" data-original-value=\"22 DE ABRIL DE 2022, A LAS 13:30 HORAS\" data-order=\"22 DE ABRIL DE 2022, A LAS 13:30 HORAS\" >22 DE ABRIL DE 2022, A LAS 13:30 HORAS <\/td><td data-cell-id=\"B174\" data-x=\"1\" data-y=\"174\" data-db-index=\"174\" class=\"fsize-18\" data-cell-type=\"text\" data-original-value=\"INSTITUTO ELECTORAL DEL ESTADO DE CAMPECHE\" data-order=\"INSTITUTO ELECTORAL DEL ESTADO DE CAMPECHE\" >INSTITUTO ELECTORAL DEL ESTADO DE CAMPECHE <\/td><td data-cell-id=\"C174\" data-x=\"2\" data-y=\"174\" data-db-index=\"174\" class=\"fsize-18\" data-cell-type=\"text\" data-original-value=\"SECRETAR\u00cdA DE ADMINISTRACI\u00d3N Y FINANZAS DEL ESTADO DE CAMPECHE\" data-order=\"SECRETAR\u00cdA DE ADMINISTRACI\u00d3N Y FINANZAS DEL ESTADO DE CAMPECHE\" >SECRETAR\u00cdA DE ADMINISTRACI\u00d3N Y FINANZAS DEL ESTADO DE CAMPECHE <\/td><td data-cell-id=\"D174\" data-x=\"3\" data-y=\"174\" data-db-index=\"174\" class=\"fsize-18\" data-cell-type=\"text\" data-original-value=\"&lt;a href=&quot;https:\/\/teec.org.mx\/web\/wp-content\/uploads\/2022\/04\/TEEC-JE-4-2022-22-04-2022.pdf&quot; target=&quot;_blank&quot;&gt;TEEC\/JE\/4\/2022 (ACUERDO DE TURNO DE DOCUMENTACI\u00d3N A PONENCIA)&lt;\/a&gt;\" data-order=\"&lt;a href=&quot;https:\/\/teec.org.mx\/web\/wp-content\/uploads\/2022\/04\/TEEC-JE-4-2022-22-04-2022.pdf&quot; target=&quot;_blank&quot;&gt;TEEC\/JE\/4\/2022 (ACUERDO DE TURNO DE DOCUMENTACI\u00d3N A PONENCIA)&lt;\/a&gt;\" ><a href=\"https:\/\/teec.org.mx\/web\/wp-content\/uploads\/2022\/04\/TEEC-JE-4-2022-22-04-2022.pdf\" target=\"_blank\">TEEC\/JE\/4\/2022 (ACUERDO DE TURNO DE DOCUMENTACI\u00d3N A PONENCIA)<\/a><\/td><\/tr><tr style=\"height:px\" ><td data-cell-id=\"A175\" data-x=\"0\" data-y=\"175\" data-db-index=\"175\" class=\"fsize-18\" data-cell-type=\"text\" data-original-value=\"21 DE ABRIL DE 2022, A LAS 13:20 HORAS\" data-order=\"21 DE ABRIL DE 2022, A LAS 13:20 HORAS\" >21 DE ABRIL DE 2022, A LAS 13:20 HORAS <\/td><td data-cell-id=\"B175\" data-x=\"1\" data-y=\"175\" data-db-index=\"175\" class=\"fsize-18\" data-cell-type=\"text\" data-original-value=\"INSTITUTO ELECTORAL DEL ESTADO DE CAMPECHE\" data-order=\"INSTITUTO ELECTORAL DEL ESTADO DE CAMPECHE\" >INSTITUTO ELECTORAL DEL ESTADO DE CAMPECHE <\/td><td data-cell-id=\"C175\" data-x=\"2\" data-y=\"175\" data-db-index=\"175\" class=\"fsize-18\" data-cell-type=\"text\" data-original-value=\"SECRETAR\u00cdA DE ADMINISTRACI\u00d3N Y FINANZAS DEL ESTADO DE CAMPECHE\" data-order=\"SECRETAR\u00cdA DE ADMINISTRACI\u00d3N Y FINANZAS DEL ESTADO DE CAMPECHE\" >SECRETAR\u00cdA DE ADMINISTRACI\u00d3N Y FINANZAS DEL ESTADO DE CAMPECHE <\/td><td data-cell-id=\"D175\" data-x=\"3\" data-y=\"175\" data-db-index=\"175\" class=\"fsize-18\" data-cell-type=\"text\" data-original-value=\"&lt;a href=&quot;https:\/\/teec.org.mx\/web\/wp-content\/uploads\/2022\/04\/TEEC-JE-5-2022-21-04-2022.pdf&quot; target=&quot;_blank&quot;&gt;TEEC\/JE\/5\/2022 (ACUERDO DE CUMPLIMIENTO PARCIAL Y REQUERIMIENTO)&lt;\/a&gt;\" data-order=\"&lt;a href=&quot;https:\/\/teec.org.mx\/web\/wp-content\/uploads\/2022\/04\/TEEC-JE-5-2022-21-04-2022.pdf&quot; target=&quot;_blank&quot;&gt;TEEC\/JE\/5\/2022 (ACUERDO DE CUMPLIMIENTO PARCIAL Y REQUERIMIENTO)&lt;\/a&gt;\" ><a href=\"https:\/\/teec.org.mx\/web\/wp-content\/uploads\/2022\/04\/TEEC-JE-5-2022-21-04-2022.pdf\" target=\"_blank\">TEEC\/JE\/5\/2022 (ACUERDO DE CUMPLIMIENTO PARCIAL Y REQUERIMIENTO)<\/a><\/td><\/tr><tr style=\"height:px\" ><td data-cell-id=\"A176\" data-x=\"0\" data-y=\"176\" data-db-index=\"176\" class=\"fsize-18\" data-cell-type=\"text\" data-original-value=\"21 DE ABRIL DE 2022, A LAS 13:05 HORAS\" data-order=\"21 DE ABRIL DE 2022, A LAS 13:05 HORAS\" >21 DE ABRIL DE 2022, A LAS 13:05 HORAS <\/td><td data-cell-id=\"B176\" data-x=\"1\" data-y=\"176\" data-db-index=\"176\" class=\"fsize-18\" data-cell-type=\"text\" data-original-value=\"INSTITUTO ELECTORAL DEL ESTADO DE CAMPECHE\" data-order=\"INSTITUTO ELECTORAL DEL ESTADO DE CAMPECHE\" >INSTITUTO ELECTORAL DEL ESTADO DE CAMPECHE <\/td><td data-cell-id=\"C176\" data-x=\"2\" data-y=\"176\" data-db-index=\"176\" class=\"fsize-18\" data-cell-type=\"text\" data-original-value=\"SECRETAR\u00cdA DE ADMINISTRACI\u00d3N Y FINANZAS DEL ESTADO DE CAMPECHE\" data-order=\"SECRETAR\u00cdA DE ADMINISTRACI\u00d3N Y FINANZAS DEL ESTADO DE CAMPECHE\" >SECRETAR\u00cdA DE ADMINISTRACI\u00d3N Y FINANZAS DEL ESTADO DE CAMPECHE <\/td><td data-cell-id=\"D176\" data-x=\"3\" data-y=\"176\" data-db-index=\"176\" class=\"fsize-18\" data-cell-type=\"text\" data-original-value=\"&lt;a href=&quot;https:\/\/teec.org.mx\/web\/wp-content\/uploads\/2022\/04\/TEEC-JE-4-2022-21-04-2022.pdf&quot; target=&quot;_blank&quot;&gt;TEEC\/JE\/4\/2022 (ACUERDO CUMPLIMIENTO Y REQUERIMIENTO)&lt;\/a&gt;\" data-order=\"&lt;a href=&quot;https:\/\/teec.org.mx\/web\/wp-content\/uploads\/2022\/04\/TEEC-JE-4-2022-21-04-2022.pdf&quot; target=&quot;_blank&quot;&gt;TEEC\/JE\/4\/2022 (ACUERDO CUMPLIMIENTO Y REQUERIMIENTO)&lt;\/a&gt;\" ><a href=\"https:\/\/teec.org.mx\/web\/wp-content\/uploads\/2022\/04\/TEEC-JE-4-2022-21-04-2022.pdf\" target=\"_blank\">TEEC\/JE\/4\/2022 (ACUERDO CUMPLIMIENTO Y REQUERIMIENTO)<\/a><\/td><\/tr><tr style=\"height:px\" ><td data-cell-id=\"A177\" data-x=\"0\" data-y=\"177\" data-db-index=\"177\" class=\"fsize-18\" data-cell-type=\"text\" data-original-value=\"20 DE ABRIL DE 2022, A LAS 14:50 HORAS\" data-order=\"20 DE ABRIL DE 2022, A LAS 14:50 HORAS\" >20 DE ABRIL DE 2022, A LAS 14:50 HORAS <\/td><td data-cell-id=\"B177\" data-x=\"1\" data-y=\"177\" data-db-index=\"177\" class=\"fsize-18\" data-cell-type=\"text\" data-original-value=\"INSTITUTO ELECTORAL DEL ESTADO DE CAMPECHE\" data-order=\"INSTITUTO ELECTORAL DEL ESTADO DE CAMPECHE\" >INSTITUTO ELECTORAL DEL ESTADO DE CAMPECHE <\/td><td data-cell-id=\"C177\" data-x=\"2\" data-y=\"177\" data-db-index=\"177\" class=\"fsize-18\" data-cell-type=\"text\" data-original-value=\"SECRETAR\u00cdA DE ADMINISTRACI\u00d3N Y FINANZAS DEL ESTADO DE CAMPECHE\" data-order=\"SECRETAR\u00cdA DE ADMINISTRACI\u00d3N Y FINANZAS DEL ESTADO DE CAMPECHE\" >SECRETAR\u00cdA DE ADMINISTRACI\u00d3N Y FINANZAS DEL ESTADO DE CAMPECHE <\/td><td data-cell-id=\"D177\" data-x=\"3\" data-y=\"177\" data-db-index=\"177\" class=\"fsize-18\" data-cell-type=\"text\" data-original-value=\"&lt;a href=&quot;https:\/\/teec.org.mx\/web\/wp-content\/uploads\/2022\/04\/TEEC-JE-4-2022-20-04-2022.pdf&quot; target=&quot;_blank&quot;&gt;TEEC\/JE\/4\/2022 (ACUERDO DE CUMPLIMIENTO DE REQUERIMIENTO)&lt;\/a&gt;\" data-order=\"&lt;a href=&quot;https:\/\/teec.org.mx\/web\/wp-content\/uploads\/2022\/04\/TEEC-JE-4-2022-20-04-2022.pdf&quot; target=&quot;_blank&quot;&gt;TEEC\/JE\/4\/2022 (ACUERDO DE CUMPLIMIENTO DE REQUERIMIENTO)&lt;\/a&gt;\" ><a href=\"https:\/\/teec.org.mx\/web\/wp-content\/uploads\/2022\/04\/TEEC-JE-4-2022-20-04-2022.pdf\" target=\"_blank\">TEEC\/JE\/4\/2022 (ACUERDO DE CUMPLIMIENTO DE REQUERIMIENTO)<\/a><\/td><\/tr><tr style=\"height:px\" ><td data-cell-id=\"A178\" data-x=\"0\" data-y=\"178\" data-db-index=\"178\" class=\"fsize-18\" data-cell-type=\"text\" data-original-value=\"20 DE ABRIL DE 2022, A LAS 14:30 HORAS\" data-order=\"20 DE ABRIL DE 2022, A LAS 14:30 HORAS\" >20 DE ABRIL DE 2022, A LAS 14:30 HORAS <\/td><td data-cell-id=\"B178\" data-x=\"1\" data-y=\"178\" data-db-index=\"178\" class=\"fsize-18\" data-cell-type=\"text\" data-original-value=\"INSTITUTO ELECTORAL DEL ESTADO DE CAMPECHE\" data-order=\"INSTITUTO ELECTORAL DEL ESTADO DE CAMPECHE\" >INSTITUTO ELECTORAL DEL ESTADO DE CAMPECHE <\/td><td data-cell-id=\"C178\" data-x=\"2\" data-y=\"178\" data-db-index=\"178\" class=\"fsize-18\" data-cell-type=\"text\" data-original-value=\"SECRETAR\u00cdA DE ADMINISTRACI\u00d3N Y FINANZAS DEL ESTADO DE CAMPECHE\" data-order=\"SECRETAR\u00cdA DE ADMINISTRACI\u00d3N Y FINANZAS DEL ESTADO DE CAMPECHE\" >SECRETAR\u00cdA DE ADMINISTRACI\u00d3N Y FINANZAS DEL ESTADO DE CAMPECHE <\/td><td data-cell-id=\"D178\" data-x=\"3\" data-y=\"178\" data-db-index=\"178\" class=\"fsize-18\" data-cell-type=\"text\" data-original-value=\"&lt;a href=&quot;https:\/\/teec.org.mx\/web\/wp-content\/uploads\/2022\/04\/TEEC-JE-5-2022-20-04-2022.pdf&quot; target=&quot;_blank&quot;&gt;TEEC\/JE\/5\/2022 (ACUERDO DE CUMPLIMIENTO DE REQUERIMIENTO)&lt;\/a&gt;\" data-order=\"&lt;a href=&quot;https:\/\/teec.org.mx\/web\/wp-content\/uploads\/2022\/04\/TEEC-JE-5-2022-20-04-2022.pdf&quot; target=&quot;_blank&quot;&gt;TEEC\/JE\/5\/2022 (ACUERDO DE CUMPLIMIENTO DE REQUERIMIENTO)&lt;\/a&gt;\" ><a href=\"https:\/\/teec.org.mx\/web\/wp-content\/uploads\/2022\/04\/TEEC-JE-5-2022-20-04-2022.pdf\" target=\"_blank\">TEEC\/JE\/5\/2022 (ACUERDO DE CUMPLIMIENTO DE REQUERIMIENTO)<\/a><\/td><\/tr><tr style=\"height:px\" ><td data-cell-id=\"A179\" data-x=\"0\" data-y=\"179\" data-db-index=\"179\" class=\"fsize-18\" data-cell-type=\"text\" data-original-value=\"19 DE ABRIL DE 2022, A LAS 14:00 HORAS\" data-order=\"19 DE ABRIL DE 2022, A LAS 14:00 HORAS\" >19 DE ABRIL DE 2022, A LAS 14:00 HORAS <\/td><td data-cell-id=\"B179\" data-x=\"1\" data-y=\"179\" data-db-index=\"179\" class=\"fsize-18\" data-cell-type=\"text\" data-original-value=\"INSTITUTO ELECTORAL DEL ESTADO DE CAMPECHE\" data-order=\"INSTITUTO ELECTORAL DEL ESTADO DE CAMPECHE\" >INSTITUTO ELECTORAL DEL ESTADO DE CAMPECHE <\/td><td data-cell-id=\"C179\" data-x=\"2\" data-y=\"179\" data-db-index=\"179\" class=\"fsize-18\" data-cell-type=\"text\" data-original-value=\"SECRETAR\u00cdA DE ADMINISTRACI\u00d3N Y FINANZAS DEL ESTADO DE CAMPECHE\" data-order=\"SECRETAR\u00cdA DE ADMINISTRACI\u00d3N Y FINANZAS DEL ESTADO DE CAMPECHE\" >SECRETAR\u00cdA DE ADMINISTRACI\u00d3N Y FINANZAS DEL ESTADO DE CAMPECHE <\/td><td data-cell-id=\"D179\" data-x=\"3\" data-y=\"179\" data-db-index=\"179\" class=\"fsize-18\" data-cell-type=\"text\" data-original-value=\"&lt;a href=&quot;https:\/\/teec.org.mx\/web\/wp-content\/uploads\/2022\/04\/TEEC-JE-5-2022-19-042022.pdf&quot; target=&quot;_blank&quot;&gt;TEEC\/JE\/5\/2022 (ACUERDO DE RECEPCI\u00d3N, RADICACI\u00d3N Y REQUERIMIENTO)&lt;\/a&gt;\" data-order=\"&lt;a href=&quot;https:\/\/teec.org.mx\/web\/wp-content\/uploads\/2022\/04\/TEEC-JE-5-2022-19-042022.pdf&quot; target=&quot;_blank&quot;&gt;TEEC\/JE\/5\/2022 (ACUERDO DE RECEPCI\u00d3N, RADICACI\u00d3N Y REQUERIMIENTO)&lt;\/a&gt;\" ><a href=\"https:\/\/teec.org.mx\/web\/wp-content\/uploads\/2022\/04\/TEEC-JE-5-2022-19-042022.pdf\" target=\"_blank\">TEEC\/JE\/5\/2022 (ACUERDO DE RECEPCI\u00d3N, RADICACI\u00d3N Y REQUERIMIENTO)<\/a><\/td><\/tr><tr style=\"height:px\" ><td data-cell-id=\"A180\" data-x=\"0\" data-y=\"180\" data-db-index=\"180\" class=\"fsize-18\" data-cell-type=\"text\" data-original-value=\"18 DE ABRIL DE 2022, A LAS 14:07 HORAS\" data-order=\"18 DE ABRIL DE 2022, A LAS 14:07 HORAS\" >18 DE ABRIL DE 2022, A LAS 14:07 HORAS <\/td><td data-cell-id=\"B180\" data-x=\"1\" data-y=\"180\" data-db-index=\"180\" class=\"fsize-18\" data-cell-type=\"text\" data-original-value=\"INSTITUTO ELECTORAL DEL ESTADO DE CAMPECHE\" data-order=\"INSTITUTO ELECTORAL DEL ESTADO DE CAMPECHE\" >INSTITUTO ELECTORAL DEL ESTADO DE CAMPECHE <\/td><td data-cell-id=\"C180\" data-x=\"2\" data-y=\"180\" data-db-index=\"180\" class=\"fsize-18\" data-cell-type=\"text\" data-original-value=\"SECRETARIO DE ADMINISTRACI\u00d3N Y FINANZAS DEL ESTADO DE CAMPECHE\" data-order=\"SECRETARIO DE ADMINISTRACI\u00d3N Y FINANZAS DEL ESTADO DE CAMPECHE\" >SECRETARIO DE ADMINISTRACI\u00d3N Y FINANZAS DEL ESTADO DE CAMPECHE <\/td><td data-cell-id=\"D180\" data-x=\"3\" data-y=\"180\" data-db-index=\"180\" class=\"fsize-18\" data-cell-type=\"text\" data-original-value=\"&lt;a href=&quot;https:\/\/teec.org.mx\/web\/wp-content\/uploads\/2022\/04\/TEEC-JE-5-2022-18-04-2022.pdf&quot; target=&quot;_blank&quot;&gt;TEEC\/JE\/5\/2022 (ACUERDO DE TURNO)&lt;\/a&gt;\" data-order=\"&lt;a href=&quot;https:\/\/teec.org.mx\/web\/wp-content\/uploads\/2022\/04\/TEEC-JE-5-2022-18-04-2022.pdf&quot; target=&quot;_blank&quot;&gt;TEEC\/JE\/5\/2022 (ACUERDO DE TURNO)&lt;\/a&gt;\" ><a href=\"https:\/\/teec.org.mx\/web\/wp-content\/uploads\/2022\/04\/TEEC-JE-5-2022-18-04-2022.pdf\" target=\"_blank\">TEEC\/JE\/5\/2022 (ACUERDO DE TURNO)<\/a><\/td><\/tr><tr style=\"height:px\" ><td data-cell-id=\"A181\" data-x=\"0\" data-y=\"181\" data-db-index=\"181\" class=\"fsize-18\" data-cell-type=\"text\" data-original-value=\"18 DE ABRIL DE 2022, A LAS 12:52 HORAS\" data-order=\"18 DE ABRIL DE 2022, A LAS 12:52 HORAS\" >18 DE ABRIL DE 2022, A LAS 12:52 HORAS <\/td><td data-cell-id=\"B181\" data-x=\"1\" data-y=\"181\" data-db-index=\"181\" class=\"fsize-18\" data-cell-type=\"text\" data-original-value=\"INSTITUTO ELECTORAL DEL ESTADO DE CAMPECHE\" data-order=\"INSTITUTO ELECTORAL DEL ESTADO DE CAMPECHE\" >INSTITUTO ELECTORAL DEL ESTADO DE CAMPECHE <\/td><td data-cell-id=\"C181\" data-x=\"2\" data-y=\"181\" data-db-index=\"181\" class=\"fsize-18\" data-cell-type=\"text\" data-original-value=\"SECRETAR\u00cdA DE ADMINISTRACI\u00d3N Y FINANZAS DEL GOBIERNO DEL ESTADO DE CAMPECHE\" data-order=\"SECRETAR\u00cdA DE ADMINISTRACI\u00d3N Y FINANZAS DEL GOBIERNO DEL ESTADO DE CAMPECHE\" >SECRETAR\u00cdA DE ADMINISTRACI\u00d3N Y FINANZAS DEL GOBIERNO DEL ESTADO DE CAMPECHE <\/td><td data-cell-id=\"D181\" data-x=\"3\" data-y=\"181\" data-db-index=\"181\" class=\"fsize-18\" data-cell-type=\"text\" data-original-value=\"&lt;a href=&quot;https:\/\/teec.org.mx\/web\/wp-content\/uploads\/2022\/04\/TEEC-JE-4-2022-18-04-2022.pdf&quot; target=&quot;_blank&quot;&gt;TEEC\/JE\/4\/2022 (ACUERDO DE RECEPCI\u00d3N, RADICACI\u00d3N, ACUMULACI\u00d3N Y REQUERIMIENTO)&lt;\/a&gt;\" data-order=\"&lt;a href=&quot;https:\/\/teec.org.mx\/web\/wp-content\/uploads\/2022\/04\/TEEC-JE-4-2022-18-04-2022.pdf&quot; target=&quot;_blank&quot;&gt;TEEC\/JE\/4\/2022 (ACUERDO DE RECEPCI\u00d3N, RADICACI\u00d3N, ACUMULACI\u00d3N Y REQUERIMIENTO)&lt;\/a&gt;\" ><a href=\"https:\/\/teec.org.mx\/web\/wp-content\/uploads\/2022\/04\/TEEC-JE-4-2022-18-04-2022.pdf\" target=\"_blank\">TEEC\/JE\/4\/2022 (ACUERDO DE RECEPCI\u00d3N, RADICACI\u00d3N, ACUMULACI\u00d3N Y REQUERIMIENTO)<\/a><\/td><\/tr><tr style=\"height:px\" ><td data-cell-id=\"A182\" data-x=\"0\" data-y=\"182\" data-db-index=\"182\" class=\"fsize-18\" data-cell-type=\"text\" data-original-value=\"12 DE ABRIL DE 2022, A LAS 12:15 HORAS\" data-order=\"12 DE ABRIL DE 2022, A LAS 12:15 HORAS\" >12 DE ABRIL DE 2022, A LAS 12:15 HORAS <\/td><td data-cell-id=\"B182\" data-x=\"1\" data-y=\"182\" data-db-index=\"182\" class=\"fsize-18\" data-cell-type=\"text\" data-original-value=\"INSTITUTO ELECTORAL DEL ESTADO DE CAMPECHE\" data-order=\"INSTITUTO ELECTORAL DEL ESTADO DE CAMPECHE\" >INSTITUTO ELECTORAL DEL ESTADO DE CAMPECHE <\/td><td data-cell-id=\"C182\" data-x=\"2\" data-y=\"182\" data-db-index=\"182\" class=\"fsize-18\" data-cell-type=\"text\" data-original-value=\"SECRETARIO DE ADMINISTRACI\u00d3N Y FINANZAS DEL ESTADO DE CAMPECHE\" data-order=\"SECRETARIO DE ADMINISTRACI\u00d3N Y FINANZAS DEL ESTADO DE CAMPECHE\" >SECRETARIO DE ADMINISTRACI\u00d3N Y FINANZAS DEL ESTADO DE CAMPECHE <\/td><td data-cell-id=\"D182\" data-x=\"3\" data-y=\"182\" data-db-index=\"182\" class=\"fsize-18\" data-cell-type=\"text\" data-original-value=\"&lt;a href=&quot;https:\/\/teec.org.mx\/web\/wp-content\/uploads\/2022\/04\/TEEC-JE-4-2022-13-04-2022.pdf&quot; target=&quot;_blank&quot;&gt;TEEC\/JE\/4\/2022 (ACUERDO DE TURNO)&lt;\/a&gt;\" data-order=\"&lt;a href=&quot;https:\/\/teec.org.mx\/web\/wp-content\/uploads\/2022\/04\/TEEC-JE-4-2022-13-04-2022.pdf&quot; target=&quot;_blank&quot;&gt;TEEC\/JE\/4\/2022 (ACUERDO DE TURNO)&lt;\/a&gt;\" ><a href=\"https:\/\/teec.org.mx\/web\/wp-content\/uploads\/2022\/04\/TEEC-JE-4-2022-13-04-2022.pdf\" target=\"_blank\">TEEC\/JE\/4\/2022 (ACUERDO DE TURNO)<\/a><\/td><\/tr><tr style=\"height:px\" ><td data-cell-id=\"A183\" data-x=\"0\" data-y=\"183\" data-db-index=\"183\" class=\"fsize-18\" data-cell-type=\"text\" data-original-value=\"04 DE ABRIL DE 2022, A LAS 14:00 HORAS\" data-order=\"04 DE ABRIL DE 2022, A LAS 14:00 HORAS\" >04 DE ABRIL DE 2022, A LAS 14:00 HORAS <\/td><td data-cell-id=\"B183\" data-x=\"1\" data-y=\"183\" data-db-index=\"183\" class=\"fsize-18\" data-cell-type=\"text\" data-original-value=\"JOS\u00c9 DEL CARMEN SEGOVIA CRUZ, QUIEN SE OSTENTA COMO DIRIGENTE DEL PARTIDO DE LA REVOLUCI\u00d3N DEMOCR\u00c1TICA EN CAMPECHE\" data-order=\"JOS\u00c9 DEL CARMEN SEGOVIA CRUZ, QUIEN SE OSTENTA COMO DIRIGENTE DEL PARTIDO DE LA REVOLUCI\u00d3N DEMOCR\u00c1TICA EN CAMPECHE\" >JOS\u00c9 DEL CARMEN SEGOVIA CRUZ, QUIEN SE OSTENTA COMO DIRIGENTE DEL PARTIDO DE LA REVOLUCI\u00d3N DEMOCR\u00c1TICA EN CAMPECHE <\/td><td data-cell-id=\"C183\" data-x=\"2\" data-y=\"183\" data-db-index=\"183\" class=\"fsize-18\" data-cell-type=\"text\" data-original-value=\"INSTITUTO ELECTORAL DEL ESTADO DE CAMPECHE\" data-order=\"INSTITUTO ELECTORAL DEL ESTADO DE CAMPECHE\" >INSTITUTO ELECTORAL DEL ESTADO DE CAMPECHE <\/td><td data-cell-id=\"D183\" data-x=\"3\" data-y=\"183\" data-db-index=\"183\" class=\"fsize-18\" data-cell-type=\"text\" data-original-value=\"&lt;a href=&quot;https:\/\/teec.org.mx\/web\/wp-content\/uploads\/2022\/04\/TEEC-JE-1-2022-04-04-2022.pdf&quot; target=&quot;_blank&quot;&gt;TEEC\/JE\/1\/2022 (SE COMUNICA AL ACTOR DEL CONTENIDO DEL OFICIO Y DOCUMENTACI\u00d3N ADJUNTA, PARA SU CONOCIMIENTO)&lt;\/a&gt;\" data-order=\"&lt;a href=&quot;https:\/\/teec.org.mx\/web\/wp-content\/uploads\/2022\/04\/TEEC-JE-1-2022-04-04-2022.pdf&quot; target=&quot;_blank&quot;&gt;TEEC\/JE\/1\/2022 (SE COMUNICA AL ACTOR DEL CONTENIDO DEL OFICIO Y DOCUMENTACI\u00d3N ADJUNTA, PARA SU CONOCIMIENTO)&lt;\/a&gt;\" ><a href=\"https:\/\/teec.org.mx\/web\/wp-content\/uploads\/2022\/04\/TEEC-JE-1-2022-04-04-2022.pdf\" target=\"_blank\">TEEC\/JE\/1\/2022 (SE COMUNICA AL ACTOR DEL CONTENIDO DEL OFICIO Y DOCUMENTACI\u00d3N ADJUNTA, PARA SU CONOCIMIENTO)<\/a><\/td><\/tr><tr style=\"height:px\" ><td data-cell-id=\"A184\" data-x=\"0\" data-y=\"184\" data-db-index=\"184\" class=\"fsize-18\" data-cell-type=\"text\" data-original-value=\"01 DE ABRIL DE 2022, A LAS 12:15 HORAS\" data-order=\"01 DE ABRIL DE 2022, A LAS 12:15 HORAS\" >01 DE ABRIL DE 2022, A LAS 12:15 HORAS <\/td><td data-cell-id=\"B184\" data-x=\"1\" data-y=\"184\" data-db-index=\"184\" class=\"fsize-18\" data-cell-type=\"text\" data-original-value=\"JOS\u00c9 DEL CARMEN SEGOVIA CRUZ, QUIEN SE OSTENTA COMO DIRIGENTE DEL PARTIDO DE LA REVOLUCI\u00d3N DEMOCR\u00c1TICA EN CAMPECHE\" data-order=\"JOS\u00c9 DEL CARMEN SEGOVIA CRUZ, QUIEN SE OSTENTA COMO DIRIGENTE DEL PARTIDO DE LA REVOLUCI\u00d3N DEMOCR\u00c1TICA EN CAMPECHE\" >JOS\u00c9 DEL CARMEN SEGOVIA CRUZ, QUIEN SE OSTENTA COMO DIRIGENTE DEL PARTIDO DE LA REVOLUCI\u00d3N DEMOCR\u00c1TICA EN CAMPECHE <\/td><td data-cell-id=\"C184\" data-x=\"2\" data-y=\"184\" data-db-index=\"184\" class=\"fsize-18\" data-cell-type=\"text\" data-original-value=\"INSTITUTO ELECTORAL DEL ESTADO DE CAMPECHE\" data-order=\"INSTITUTO ELECTORAL DEL ESTADO DE CAMPECHE\" >INSTITUTO ELECTORAL DEL ESTADO DE CAMPECHE <\/td><td data-cell-id=\"D184\" data-x=\"3\" data-y=\"184\" data-db-index=\"184\" class=\"fsize-18\" data-cell-type=\"text\" data-original-value=\"&lt;a href=&quot;https:\/\/teec.org.mx\/web\/wp-content\/uploads\/2022\/04\/TEEC-JE-1-2022-2do-acu.-01-04-2022.pdf&quot; target=&quot;_blank&quot;&gt;TEEC\/JE\/1\/2022 (ACUERDO SE TURNA OFICIO)&lt;\/a&gt;\" data-order=\"&lt;a href=&quot;https:\/\/teec.org.mx\/web\/wp-content\/uploads\/2022\/04\/TEEC-JE-1-2022-2do-acu.-01-04-2022.pdf&quot; target=&quot;_blank&quot;&gt;TEEC\/JE\/1\/2022 (ACUERDO SE TURNA OFICIO)&lt;\/a&gt;\" ><a href=\"https:\/\/teec.org.mx\/web\/wp-content\/uploads\/2022\/04\/TEEC-JE-1-2022-2do-acu.-01-04-2022.pdf\" target=\"_blank\">TEEC\/JE\/1\/2022 (ACUERDO SE TURNA OFICIO)<\/a><\/td><\/tr><tr style=\"height:px\" ><td data-cell-id=\"A185\" data-x=\"0\" data-y=\"185\" data-db-index=\"185\" class=\"fsize-18\" data-cell-type=\"text\" data-original-value=\"01 DE ABRIL DE 2022, A LAS 10:11 HORAS\" data-order=\"01 DE ABRIL DE 2022, A LAS 10:11 HORAS\" >01 DE ABRIL DE 2022, A LAS 10:11 HORAS <\/td><td data-cell-id=\"B185\" data-x=\"1\" data-y=\"185\" data-db-index=\"185\" class=\"fsize-18\" data-cell-type=\"text\" data-original-value=\"JOS\u00c9 DEL CARMEN SEGOVIA CRUZ, QUIEN SE OSTENTA COMO DIRIGENTE DEL PARTIDO DE LA REVOLUCI\u00d3N DEMOCR\u00c1TICA EN CAMPECHE\" data-order=\"JOS\u00c9 DEL CARMEN SEGOVIA CRUZ, QUIEN SE OSTENTA COMO DIRIGENTE DEL PARTIDO DE LA REVOLUCI\u00d3N DEMOCR\u00c1TICA EN CAMPECHE\" >JOS\u00c9 DEL CARMEN SEGOVIA CRUZ, QUIEN SE OSTENTA COMO DIRIGENTE DEL PARTIDO DE LA REVOLUCI\u00d3N DEMOCR\u00c1TICA EN CAMPECHE <\/td><td data-cell-id=\"C185\" data-x=\"2\" data-y=\"185\" data-db-index=\"185\" class=\"fsize-18\" data-cell-type=\"text\" data-original-value=\"INSTITUTO ELECTORAL DEL ESTADO DE CAMPECHE\" data-order=\"INSTITUTO ELECTORAL DEL ESTADO DE CAMPECHE\" >INSTITUTO ELECTORAL DEL ESTADO DE CAMPECHE <\/td><td data-cell-id=\"D185\" data-x=\"3\" data-y=\"185\" data-db-index=\"185\" class=\"fsize-18\" data-cell-type=\"text\" data-original-value=\"&lt;a href=&quot;https:\/\/teec.org.mx\/web\/wp-content\/uploads\/2022\/04\/TEEC-JE-1-2022-01-04-2022.pdf&quot; target=&quot;_blank&quot;&gt;TEEC\/JE\/1\/2022 (QUEDA FIRMA LA SENTENCIA)&lt;\/a&gt;\" data-order=\"&lt;a href=&quot;https:\/\/teec.org.mx\/web\/wp-content\/uploads\/2022\/04\/TEEC-JE-1-2022-01-04-2022.pdf&quot; target=&quot;_blank&quot;&gt;TEEC\/JE\/1\/2022 (QUEDA FIRMA LA SENTENCIA)&lt;\/a&gt;\" ><a href=\"https:\/\/teec.org.mx\/web\/wp-content\/uploads\/2022\/04\/TEEC-JE-1-2022-01-04-2022.pdf\" target=\"_blank\">TEEC\/JE\/1\/2022 (QUEDA FIRMA LA SENTENCIA)<\/a><\/td><\/tr><tr style=\"height:px\" ><td data-cell-id=\"A186\" data-x=\"0\" data-y=\"186\" data-db-index=\"186\" class=\"fsize-18\" data-cell-type=\"text\" data-original-value=\"24 DE MARZO DE 2022, A LAS 13:15 HORAS\" data-order=\"24 DE MARZO DE 2022, A LAS 13:15 HORAS\" >24 DE MARZO DE 2022, A LAS 13:15 HORAS <\/td><td data-cell-id=\"B186\" data-x=\"1\" data-y=\"186\" data-db-index=\"186\" class=\"fsize-18\" data-cell-type=\"text\" data-original-value=\"JOS\u00c9 DEL CARMEN SEGOVIA CRUZ, QUIEN SE OSTENTA COMO DIRIGENTE DEL PARTIDO DE LA REVOLUCI\u00d3N DEMOCR\u00c1TICA EN CAMPECHE\" data-order=\"JOS\u00c9 DEL CARMEN SEGOVIA CRUZ, QUIEN SE OSTENTA COMO DIRIGENTE DEL PARTIDO DE LA REVOLUCI\u00d3N DEMOCR\u00c1TICA EN CAMPECHE\" >JOS\u00c9 DEL CARMEN SEGOVIA CRUZ, QUIEN SE OSTENTA COMO DIRIGENTE DEL PARTIDO DE LA REVOLUCI\u00d3N DEMOCR\u00c1TICA EN CAMPECHE <\/td><td data-cell-id=\"C186\" data-x=\"2\" data-y=\"186\" data-db-index=\"186\" class=\"fsize-18\" data-cell-type=\"text\" data-original-value=\"INSTITUTO ELECTORAL DEL ESTADO DE CAMPECHE\" data-order=\"INSTITUTO ELECTORAL DEL ESTADO DE CAMPECHE\" >INSTITUTO ELECTORAL DEL ESTADO DE CAMPECHE <\/td><td data-cell-id=\"D186\" data-x=\"3\" data-y=\"186\" data-db-index=\"186\" class=\"fsize-18\" data-cell-type=\"text\" data-original-value=\"&lt;a href=&quot;https:\/\/teec.org.mx\/web\/wp-content\/uploads\/2022\/03\/TEEC-JE-1-2022-sentencia-24-03-2022.pdf&quot; target=&quot;_blank&quot;&gt;TEEC\/JE\/1\/2022 (SENTENCIA)&lt;\/a&gt;\" data-order=\"&lt;a href=&quot;https:\/\/teec.org.mx\/web\/wp-content\/uploads\/2022\/03\/TEEC-JE-1-2022-sentencia-24-03-2022.pdf&quot; target=&quot;_blank&quot;&gt;TEEC\/JE\/1\/2022 (SENTENCIA)&lt;\/a&gt;\" ><a href=\"https:\/\/teec.org.mx\/web\/wp-content\/uploads\/2022\/03\/TEEC-JE-1-2022-sentencia-24-03-2022.pdf\" target=\"_blank\">TEEC\/JE\/1\/2022 (SENTENCIA)<\/a><\/td><\/tr><tr style=\"height:px\" ><td data-cell-id=\"A187\" data-x=\"0\" data-y=\"187\" data-db-index=\"187\" class=\"fsize-17\" data-cell-type=\"text\" data-original-value=\"22 DE MARZO DE 2022, A LAS 10:45 HORAS\" data-order=\"22 DE MARZO DE 2022, A LAS 10:45 HORAS\" >22 DE MARZO DE 2022, A LAS 10:45 HORAS <\/td><td data-cell-id=\"B187\" data-x=\"1\" data-y=\"187\" data-db-index=\"187\" class=\"fsize-17\" data-cell-type=\"text\" data-original-value=\"JOS\u00c9 DEL CARMEN SEGOVIA CRUZ, QUIEN SE OSTENTA COMO DIRIGENTE DEL PARTIDO DE LA REVOLUCI\u00d3N DEMOCR\u00c1TICA EN CAMPECHE\" data-order=\"JOS\u00c9 DEL CARMEN SEGOVIA CRUZ, QUIEN SE OSTENTA COMO DIRIGENTE DEL PARTIDO DE LA REVOLUCI\u00d3N DEMOCR\u00c1TICA EN CAMPECHE\" >JOS\u00c9 DEL CARMEN SEGOVIA CRUZ, QUIEN SE OSTENTA COMO DIRIGENTE DEL PARTIDO DE LA REVOLUCI\u00d3N DEMOCR\u00c1TICA EN CAMPECHE <\/td><td data-cell-id=\"C187\" data-x=\"2\" data-y=\"187\" data-db-index=\"187\" class=\"fsize-17\" data-cell-type=\"text\" data-original-value=\"INSTITUTO ELECTORAL DEL ESTADO DE CAMPECHE\" data-order=\"INSTITUTO ELECTORAL DEL ESTADO DE CAMPECHE\" >INSTITUTO ELECTORAL DEL ESTADO DE CAMPECHE <\/td><td data-cell-id=\"D187\" data-x=\"3\" data-y=\"187\" data-db-index=\"187\" class=\"fsize-17\" data-cell-type=\"text\" data-original-value=\"&lt;a href=&quot;https:\/\/teec.org.mx\/web\/wp-content\/uploads\/2022\/03\/TEEC-JE-1-2022-2do-acu.-22-03-2022.pdf&quot; target=&quot;_blank&quot;&gt;TEEC\/JE\/1\/2022 (SE FIJA FECHA Y HORA PARA SESI\u00d3N P\u00daBLICA VIRTUAL DE PLENO)&lt;\/a&gt;\" data-order=\"&lt;a href=&quot;https:\/\/teec.org.mx\/web\/wp-content\/uploads\/2022\/03\/TEEC-JE-1-2022-2do-acu.-22-03-2022.pdf&quot; target=&quot;_blank&quot;&gt;TEEC\/JE\/1\/2022 (SE FIJA FECHA Y HORA PARA SESI\u00d3N P\u00daBLICA VIRTUAL DE PLENO)&lt;\/a&gt;\" ><a href=\"https:\/\/teec.org.mx\/web\/wp-content\/uploads\/2022\/03\/TEEC-JE-1-2022-2do-acu.-22-03-2022.pdf\" target=\"_blank\">TEEC\/JE\/1\/2022 (SE FIJA FECHA Y HORA PARA SESI\u00d3N P\u00daBLICA VIRTUAL DE PLENO)<\/a><\/td><\/tr><tr style=\"height:px\" ><td data-cell-id=\"A188\" data-x=\"0\" data-y=\"188\" data-db-index=\"188\" class=\"fsize-18\" data-cell-type=\"text\" data-original-value=\"22 DE MARZO DE 2022, A LAS 9:55 HORAS\" data-order=\"22 DE MARZO DE 2022, A LAS 9:55 HORAS\" >22 DE MARZO DE 2022, A LAS 9:55 HORAS <\/td><td data-cell-id=\"B188\" data-x=\"1\" data-y=\"188\" data-db-index=\"188\" class=\"fsize-18\" data-cell-type=\"text\" data-original-value=\"JOS\u00c9 DEL CARMEN SEGOVIA CRUZ, QUIEN SE OSTENTA COMO DIRIGENTE DEL PARTIDO DE LA REVOLUCI\u00d3N DEMOCR\u00c1TICA EN CAMPECHE\" data-order=\"JOS\u00c9 DEL CARMEN SEGOVIA CRUZ, QUIEN SE OSTENTA COMO DIRIGENTE DEL PARTIDO DE LA REVOLUCI\u00d3N DEMOCR\u00c1TICA EN CAMPECHE\" >JOS\u00c9 DEL CARMEN SEGOVIA CRUZ, QUIEN SE OSTENTA COMO DIRIGENTE DEL PARTIDO DE LA REVOLUCI\u00d3N DEMOCR\u00c1TICA EN CAMPECHE <\/td><td data-cell-id=\"C188\" data-x=\"2\" data-y=\"188\" data-db-index=\"188\" class=\"fsize-18\" data-cell-type=\"text\" data-original-value=\"INSTITUTO ELECTORAL DEL ESTADO DE CAMPECHE\" data-order=\"INSTITUTO ELECTORAL DEL ESTADO DE CAMPECHE\" >INSTITUTO ELECTORAL DEL ESTADO DE CAMPECHE <\/td><td data-cell-id=\"D188\" data-x=\"3\" data-y=\"188\" data-db-index=\"188\" class=\"fsize-18\" data-cell-type=\"text\" data-original-value=\"&lt;a href=&quot;https:\/\/teec.org.mx\/web\/wp-content\/uploads\/2022\/03\/TEEC-JE-1-2022-1er-acu.-22-03-2022.pdf&quot; target=&quot;_blank&quot;&gt;TEEC\/JE\/1\/2022 (CIERRE DE INSTRUCCI\u00d3N Y SOLICITUD DE FECHA Y HORA PARA SESI\u00d3N P\u00daBLICA VIRTUAL DE PLENO)&lt;\/a&gt;\" data-order=\"&lt;a href=&quot;https:\/\/teec.org.mx\/web\/wp-content\/uploads\/2022\/03\/TEEC-JE-1-2022-1er-acu.-22-03-2022.pdf&quot; target=&quot;_blank&quot;&gt;TEEC\/JE\/1\/2022 (CIERRE DE INSTRUCCI\u00d3N Y SOLICITUD DE FECHA Y HORA PARA SESI\u00d3N P\u00daBLICA VIRTUAL DE PLENO)&lt;\/a&gt;\" ><a href=\"https:\/\/teec.org.mx\/web\/wp-content\/uploads\/2022\/03\/TEEC-JE-1-2022-1er-acu.-22-03-2022.pdf\" target=\"_blank\">TEEC\/JE\/1\/2022 (CIERRE DE INSTRUCCI\u00d3N Y SOLICITUD DE FECHA Y HORA PARA SESI\u00d3N P\u00daBLICA VIRTUAL DE PLENO)<\/a><\/td><\/tr><tr style=\"height:px\" ><td data-cell-id=\"A189\" data-x=\"0\" data-y=\"189\" data-db-index=\"189\" class=\"fsize-18\" data-cell-type=\"text\" data-original-value=\"16 DE MARZO DE 2022, A LAS 13:50 HORAS\" data-order=\"16 DE MARZO DE 2022, A LAS 13:50 HORAS\" >16 DE MARZO DE 2022, A LAS 13:50 HORAS <\/td><td data-cell-id=\"B189\" data-x=\"1\" data-y=\"189\" data-db-index=\"189\" class=\"fsize-18\" data-cell-type=\"text\" data-original-value=\"JOS\u00c9 DEL CARMEN SEGOVIA CRUZ, QUIEN SE OSTENTA COMO DIRIGENTE DEL PARTIDO DE LA REVOLUCI\u00d3N DEMOCR\u00c1TICA EN CAMPECHE\" data-order=\"JOS\u00c9 DEL CARMEN SEGOVIA CRUZ, QUIEN SE OSTENTA COMO DIRIGENTE DEL PARTIDO DE LA REVOLUCI\u00d3N DEMOCR\u00c1TICA EN CAMPECHE\" >JOS\u00c9 DEL CARMEN SEGOVIA CRUZ, QUIEN SE OSTENTA COMO DIRIGENTE DEL PARTIDO DE LA REVOLUCI\u00d3N DEMOCR\u00c1TICA EN CAMPECHE <\/td><td data-cell-id=\"C189\" data-x=\"2\" data-y=\"189\" data-db-index=\"189\" class=\"fsize-18\" data-cell-type=\"text\" data-original-value=\"INSTITUTO ELECTORAL DEL ESTADO DE CAMPECH\" data-order=\"INSTITUTO ELECTORAL DEL ESTADO DE CAMPECH\" >INSTITUTO ELECTORAL DEL ESTADO DE CAMPECH <\/td><td data-cell-id=\"D189\" data-x=\"3\" data-y=\"189\" data-db-index=\"189\" class=\"fsize-18\" data-cell-type=\"text\" data-original-value=\"&lt;a href=&quot;https:\/\/teec.org.mx\/web\/wp-content\/uploads\/2022\/03\/TEEC-JE-1-2022-16-03-2022.pdf&quot; target=&quot;_blank&quot;&gt;TEEC\/JE\/1\/2022 (ACUERDO DE ACUMULACI\u00d3N)&lt;\/a&gt;\" data-order=\"&lt;a href=&quot;https:\/\/teec.org.mx\/web\/wp-content\/uploads\/2022\/03\/TEEC-JE-1-2022-16-03-2022.pdf&quot; target=&quot;_blank&quot;&gt;TEEC\/JE\/1\/2022 (ACUERDO DE ACUMULACI\u00d3N)&lt;\/a&gt;\" ><a href=\"https:\/\/teec.org.mx\/web\/wp-content\/uploads\/2022\/03\/TEEC-JE-1-2022-16-03-2022.pdf\" target=\"_blank\">TEEC\/JE\/1\/2022 (ACUERDO DE ACUMULACI\u00d3N)<\/a><\/td><\/tr><tr style=\"height:px\" ><td data-cell-id=\"A190\" data-x=\"0\" data-y=\"190\" data-db-index=\"190\" class=\"fsize-18\" data-cell-type=\"text\" data-original-value=\"15 DE MARZO DE 2022, A LAS 13:25 HORAS\" data-order=\"15 DE MARZO DE 2022, A LAS 13:25 HORAS\" >15 DE MARZO DE 2022, A LAS 13:25 HORAS <\/td><td data-cell-id=\"B190\" data-x=\"1\" data-y=\"190\" data-db-index=\"190\" class=\"fsize-18\" data-cell-type=\"text\" data-original-value=\"JOS\u00c9 DEL CARMEN SEGOVIA CRUZ, QUIEN SE OSTENTA COMO DIRIGENTE DEL PARTIDO DE LA REVOLUCI\u00d3N DEMOCR\u00c1TICA EN CAMPECHE\" data-order=\"JOS\u00c9 DEL CARMEN SEGOVIA CRUZ, QUIEN SE OSTENTA COMO DIRIGENTE DEL PARTIDO DE LA REVOLUCI\u00d3N DEMOCR\u00c1TICA EN CAMPECHE\" >JOS\u00c9 DEL CARMEN SEGOVIA CRUZ, QUIEN SE OSTENTA COMO DIRIGENTE DEL PARTIDO DE LA REVOLUCI\u00d3N DEMOCR\u00c1TICA EN CAMPECHE <\/td><td data-cell-id=\"C190\" data-x=\"2\" data-y=\"190\" data-db-index=\"190\" class=\"fsize-18\" data-cell-type=\"text\" data-original-value=\"INSTITUTO ELECTORAL DEL ESTADO DE CAMPECHE\" data-order=\"INSTITUTO ELECTORAL DEL ESTADO DE CAMPECHE\" >INSTITUTO ELECTORAL DEL ESTADO DE CAMPECHE <\/td><td data-cell-id=\"D190\" data-x=\"3\" data-y=\"190\" data-db-index=\"190\" class=\"fsize-18\" data-cell-type=\"text\" data-original-value=\"&lt;a href=&quot;https:\/\/teec.org.mx\/web\/wp-content\/uploads\/2022\/03\/TEEC-JE-1-2022-2do-acu.-15-03-2022.pdf&quot; target=&quot;_blank&quot;&gt;TEEC\/JE\/1\/2022 (ACUERDO SE TURNA ESCRITO)&lt;\/a&gt;\" data-order=\"&lt;a href=&quot;https:\/\/teec.org.mx\/web\/wp-content\/uploads\/2022\/03\/TEEC-JE-1-2022-2do-acu.-15-03-2022.pdf&quot; target=&quot;_blank&quot;&gt;TEEC\/JE\/1\/2022 (ACUERDO SE TURNA ESCRITO)&lt;\/a&gt;\" ><a href=\"https:\/\/teec.org.mx\/web\/wp-content\/uploads\/2022\/03\/TEEC-JE-1-2022-2do-acu.-15-03-2022.pdf\" target=\"_blank\">TEEC\/JE\/1\/2022 (ACUERDO SE TURNA ESCRITO)<\/a><\/td><\/tr><tr style=\"height:px\" ><td data-cell-id=\"A191\" data-x=\"0\" data-y=\"191\" data-db-index=\"191\" class=\"fsize-18\" data-cell-type=\"text\" data-original-value=\"15 DE MARZO DE 2022, A LAS 10:30 HORAS\" data-order=\"15 DE MARZO DE 2022, A LAS 10:30 HORAS\" >15 DE MARZO DE 2022, A LAS 10:30 HORAS <\/td><td data-cell-id=\"B191\" data-x=\"1\" data-y=\"191\" data-db-index=\"191\" class=\"fsize-18\" data-cell-type=\"text\" data-original-value=\"JOS\u00c9 DEL CARMEN SEGOVIA CRUZ, QUIEN SE OSTENTA COMO DIRIGENTE DEL PARTIDO DE LA REVOLUCI\u00d3N DEMOCR\u00c1TICA EN CAMPECHE\" data-order=\"JOS\u00c9 DEL CARMEN SEGOVIA CRUZ, QUIEN SE OSTENTA COMO DIRIGENTE DEL PARTIDO DE LA REVOLUCI\u00d3N DEMOCR\u00c1TICA EN CAMPECHE\" >JOS\u00c9 DEL CARMEN SEGOVIA CRUZ, QUIEN SE OSTENTA COMO DIRIGENTE DEL PARTIDO DE LA REVOLUCI\u00d3N DEMOCR\u00c1TICA EN CAMPECHE <\/td><td data-cell-id=\"C191\" data-x=\"2\" data-y=\"191\" data-db-index=\"191\" class=\"fsize-18\" data-cell-type=\"text\" data-original-value=\"INSTITUTO ELECTORAL DEL ESTADO DE CAMPECHE\" data-order=\"INSTITUTO ELECTORAL DEL ESTADO DE CAMPECHE\" >INSTITUTO ELECTORAL DEL ESTADO DE CAMPECHE <\/td><td data-cell-id=\"D191\" data-x=\"3\" data-y=\"191\" data-db-index=\"191\" class=\"fsize-18\" data-cell-type=\"text\" data-original-value=\"&lt;a href=&quot;https:\/\/teec.org.mx\/web\/wp-content\/uploads\/2022\/03\/TEEC-JE-1-2022-15-03-2022.pdf&quot; target=&quot;_blank&quot;&gt;TEEC\/JE\/1\/2022 (ACUERDO DE ADMISI\u00d3N)&lt;\/a&gt;\" data-order=\"&lt;a href=&quot;https:\/\/teec.org.mx\/web\/wp-content\/uploads\/2022\/03\/TEEC-JE-1-2022-15-03-2022.pdf&quot; target=&quot;_blank&quot;&gt;TEEC\/JE\/1\/2022 (ACUERDO DE ADMISI\u00d3N)&lt;\/a&gt;\" ><a href=\"https:\/\/teec.org.mx\/web\/wp-content\/uploads\/2022\/03\/TEEC-JE-1-2022-15-03-2022.pdf\" target=\"_blank\">TEEC\/JE\/1\/2022 (ACUERDO DE ADMISI\u00d3N)<\/a><\/td><\/tr><tr style=\"height:px\" ><td data-cell-id=\"A192\" data-x=\"0\" data-y=\"192\" data-db-index=\"192\" class=\"fsize-18\" data-cell-type=\"text\" data-original-value=\"14 DE MARZO DE 2022, A LAS 14:00 HORAS\" data-order=\"14 DE MARZO DE 2022, A LAS 14:00 HORAS\" >14 DE MARZO DE 2022, A LAS 14:00 HORAS <\/td><td data-cell-id=\"B192\" data-x=\"1\" data-y=\"192\" data-db-index=\"192\" class=\"fsize-18\" data-cell-type=\"text\" data-original-value=\"JOS\u00c9 DEL CARMEN SEGOVIA CRUZ, QUIEN SE OSTENTA COMO DIRIGENTE DEL PARTIDO DE LA REVOLUCI\u00d3N DEMOCR\u00c1TICA EN CAMPECHE\" data-order=\"JOS\u00c9 DEL CARMEN SEGOVIA CRUZ, QUIEN SE OSTENTA COMO DIRIGENTE DEL PARTIDO DE LA REVOLUCI\u00d3N DEMOCR\u00c1TICA EN CAMPECHE\" >JOS\u00c9 DEL CARMEN SEGOVIA CRUZ, QUIEN SE OSTENTA COMO DIRIGENTE DEL PARTIDO DE LA REVOLUCI\u00d3N DEMOCR\u00c1TICA EN CAMPECHE <\/td><td data-cell-id=\"C192\" data-x=\"2\" data-y=\"192\" data-db-index=\"192\" class=\"fsize-18\" data-cell-type=\"text\" data-original-value=\"INSTITUTO ELECTORAL DEL ESTADO DE CAMPECHE\" data-order=\"INSTITUTO ELECTORAL DEL ESTADO DE CAMPECHE\" >INSTITUTO ELECTORAL DEL ESTADO DE CAMPECHE <\/td><td data-cell-id=\"D192\" data-x=\"3\" data-y=\"192\" data-db-index=\"192\" class=\"fsize-18\" data-cell-type=\"text\" data-original-value=\"&lt;a href=&quot;https:\/\/teec.org.mx\/web\/wp-content\/uploads\/2022\/03\/TEEC-JE-1-2022-2do-acu.-14-03-2022.pdf&quot; target=&quot;_blank&quot;&gt;TEEC\/JE\/1\/2022 (ACUMULACI\u00d3N DE DOCUMENTACI\u00d3N)&lt;\/a&gt;\" data-order=\"&lt;a href=&quot;https:\/\/teec.org.mx\/web\/wp-content\/uploads\/2022\/03\/TEEC-JE-1-2022-2do-acu.-14-03-2022.pdf&quot; target=&quot;_blank&quot;&gt;TEEC\/JE\/1\/2022 (ACUMULACI\u00d3N DE DOCUMENTACI\u00d3N)&lt;\/a&gt;\" ><a href=\"https:\/\/teec.org.mx\/web\/wp-content\/uploads\/2022\/03\/TEEC-JE-1-2022-2do-acu.-14-03-2022.pdf\" target=\"_blank\">TEEC\/JE\/1\/2022 (ACUMULACI\u00d3N DE DOCUMENTACI\u00d3N)<\/a><\/td><\/tr><tr style=\"height:px\" ><td data-cell-id=\"A193\" data-x=\"0\" data-y=\"193\" data-db-index=\"193\" class=\"fsize-18\" data-cell-type=\"text\" data-original-value=\"14 DE MARZO DE 2022, A LAS 11:50 HORAS\" data-order=\"14 DE MARZO DE 2022, A LAS 11:50 HORAS\" >14 DE MARZO DE 2022, A LAS 11:50 HORAS <\/td><td data-cell-id=\"B193\" data-x=\"1\" data-y=\"193\" data-db-index=\"193\" class=\"fsize-18\" data-cell-type=\"text\" data-original-value=\"JOS\u00c9 DEL CARMEN SEGOVIA CRUZ, QUIEN SE OSTENTA COMO DIRIGENTE DEL PARTIDO DE LA REVOLUCI\u00d3N DEMOCR\u00c1TICA EN CAMPECHE\" data-order=\"JOS\u00c9 DEL CARMEN SEGOVIA CRUZ, QUIEN SE OSTENTA COMO DIRIGENTE DEL PARTIDO DE LA REVOLUCI\u00d3N DEMOCR\u00c1TICA EN CAMPECHE\" >JOS\u00c9 DEL CARMEN SEGOVIA CRUZ, QUIEN SE OSTENTA COMO DIRIGENTE DEL PARTIDO DE LA REVOLUCI\u00d3N DEMOCR\u00c1TICA EN CAMPECHE <\/td><td data-cell-id=\"C193\" data-x=\"2\" data-y=\"193\" data-db-index=\"193\" class=\"fsize-18\" data-cell-type=\"text\" data-original-value=\"INSTITUTO ELECTORAL DEL ESTADO DE CAMPECHE\" data-order=\"INSTITUTO ELECTORAL DEL ESTADO DE CAMPECHE\" >INSTITUTO ELECTORAL DEL ESTADO DE CAMPECHE <\/td><td data-cell-id=\"D193\" data-x=\"3\" data-y=\"193\" data-db-index=\"193\" class=\"fsize-18\" data-cell-type=\"text\" data-original-value=\"&lt;a href=&quot;https:\/\/teec.org.mx\/web\/wp-content\/uploads\/2022\/03\/TEEC-JE-1-2022-1er-acu.-14-03-2022.pdf&quot; target=&quot;_blank&quot;&gt;TEEC\/JE\/1\/2022 (ACUERDO SE TURNA OFICIOS)&lt;\/a&gt;\" data-order=\"&lt;a href=&quot;https:\/\/teec.org.mx\/web\/wp-content\/uploads\/2022\/03\/TEEC-JE-1-2022-1er-acu.-14-03-2022.pdf&quot; target=&quot;_blank&quot;&gt;TEEC\/JE\/1\/2022 (ACUERDO SE TURNA OFICIOS)&lt;\/a&gt;\" ><a href=\"https:\/\/teec.org.mx\/web\/wp-content\/uploads\/2022\/03\/TEEC-JE-1-2022-1er-acu.-14-03-2022.pdf\" target=\"_blank\">TEEC\/JE\/1\/2022 (ACUERDO SE TURNA OFICIOS)<\/a><\/td><\/tr><tr style=\"height:px\" ><td data-cell-id=\"A194\" data-x=\"0\" data-y=\"194\" data-db-index=\"194\" class=\"fsize-18\" data-cell-type=\"text\" data-original-value=\"08 DE MARZO DE 2022, A LAS 14:35 HORAS\" data-order=\"08 DE MARZO DE 2022, A LAS 14:35 HORAS\" >08 DE MARZO DE 2022, A LAS 14:35 HORAS <\/td><td data-cell-id=\"B194\" data-x=\"1\" data-y=\"194\" data-db-index=\"194\" class=\"fsize-18\" data-cell-type=\"text\" data-original-value=\"JOS\u00c9 DEL CARMEN SEGOVIA CRUZ, QUIEN SE OSTENTA COMO DIRIGENTE DEL PARTIDO DE LA REVOLUCI\u00d3N DEMOCR\u00c1TICA EN CAMPECHE\" data-order=\"JOS\u00c9 DEL CARMEN SEGOVIA CRUZ, QUIEN SE OSTENTA COMO DIRIGENTE DEL PARTIDO DE LA REVOLUCI\u00d3N DEMOCR\u00c1TICA EN CAMPECHE\" >JOS\u00c9 DEL CARMEN SEGOVIA CRUZ, QUIEN SE OSTENTA COMO DIRIGENTE DEL PARTIDO DE LA REVOLUCI\u00d3N DEMOCR\u00c1TICA EN CAMPECHE <\/td><td data-cell-id=\"C194\" data-x=\"2\" data-y=\"194\" data-db-index=\"194\" class=\"fsize-18\" data-cell-type=\"text\" data-original-value=\"INSTITUTO ELECTORAL DEL ESTADO DE CAMPECHE\" data-order=\"INSTITUTO ELECTORAL DEL ESTADO DE CAMPECHE\" >INSTITUTO ELECTORAL DEL ESTADO DE CAMPECHE <\/td><td data-cell-id=\"D194\" data-x=\"3\" data-y=\"194\" data-db-index=\"194\" class=\"fsize-18\" data-cell-type=\"text\" data-original-value=\"&lt;a href=&quot;https:\/\/teec.org.mx\/web\/wp-content\/uploads\/2022\/03\/TEEC-JE-1-2022-2do-acu.-08-03-2022.pdf&quot; target=&quot;_blank&quot;&gt;TEEC\/JE\/1\/2022 (ACUERDO DE REQUERIMIENTO)&lt;\/a&gt;\" data-order=\"&lt;a href=&quot;https:\/\/teec.org.mx\/web\/wp-content\/uploads\/2022\/03\/TEEC-JE-1-2022-2do-acu.-08-03-2022.pdf&quot; target=&quot;_blank&quot;&gt;TEEC\/JE\/1\/2022 (ACUERDO DE REQUERIMIENTO)&lt;\/a&gt;\" ><a href=\"https:\/\/teec.org.mx\/web\/wp-content\/uploads\/2022\/03\/TEEC-JE-1-2022-2do-acu.-08-03-2022.pdf\" target=\"_blank\">TEEC\/JE\/1\/2022 (ACUERDO DE REQUERIMIENTO)<\/a><\/td><\/tr><tr style=\"height:px\" ><td data-cell-id=\"A195\" data-x=\"0\" data-y=\"195\" data-db-index=\"195\" class=\"fsize-18\" data-cell-type=\"text\" data-original-value=\"08 DE MARZO DE 2022, A LAS 10:44 HORAS\" data-order=\"08 DE MARZO DE 2022, A LAS 10:44 HORAS\" >08 DE MARZO DE 2022, A LAS 10:44 HORAS <\/td><td data-cell-id=\"B195\" data-x=\"1\" data-y=\"195\" data-db-index=\"195\" class=\"fsize-18\" data-cell-type=\"text\" data-original-value=\"JOS\u00c9 DEL CARMEN SEGOVIA CRUZ, QUIEN SE OSTENTA COMO DIRIGENTE DEL PARTIDO DE LA REVOLUCI\u00d3N DEMOCR\u00c1TICA EN CAMPECHE\" data-order=\"JOS\u00c9 DEL CARMEN SEGOVIA CRUZ, QUIEN SE OSTENTA COMO DIRIGENTE DEL PARTIDO DE LA REVOLUCI\u00d3N DEMOCR\u00c1TICA EN CAMPECHE\" >JOS\u00c9 DEL CARMEN SEGOVIA CRUZ, QUIEN SE OSTENTA COMO DIRIGENTE DEL PARTIDO DE LA REVOLUCI\u00d3N DEMOCR\u00c1TICA EN CAMPECHE <\/td><td data-cell-id=\"C195\" data-x=\"2\" data-y=\"195\" data-db-index=\"195\" class=\"fsize-18\" data-cell-type=\"text\" data-original-value=\"INSTITUTO ELECTORAL DEL ESTADO DE CAMPECHE\" data-order=\"INSTITUTO ELECTORAL DEL ESTADO DE CAMPECHE\" >INSTITUTO ELECTORAL DEL ESTADO DE CAMPECHE <\/td><td data-cell-id=\"D195\" data-x=\"3\" data-y=\"195\" data-db-index=\"195\" class=\"fsize-18\" data-cell-type=\"text\" data-original-value=\"&lt;a href=&quot;https:\/\/teec.org.mx\/web\/wp-content\/uploads\/2022\/03\/TEEC-JE-1-2022-08-03-2022.pdf&quot; target=&quot;_blank&quot;&gt;TEEC\/JE\/1\/2022 (ACUERDO SE TURNA ESCRITO)&lt;\/a&gt;\" data-order=\"&lt;a href=&quot;https:\/\/teec.org.mx\/web\/wp-content\/uploads\/2022\/03\/TEEC-JE-1-2022-08-03-2022.pdf&quot; target=&quot;_blank&quot;&gt;TEEC\/JE\/1\/2022 (ACUERDO SE TURNA ESCRITO)&lt;\/a&gt;\" ><a href=\"https:\/\/teec.org.mx\/web\/wp-content\/uploads\/2022\/03\/TEEC-JE-1-2022-08-03-2022.pdf\" target=\"_blank\">TEEC\/JE\/1\/2022 (ACUERDO SE TURNA ESCRITO)<\/a><\/td><\/tr><tr style=\"height:px\" ><td data-cell-id=\"A196\" data-x=\"0\" data-y=\"196\" data-db-index=\"196\" class=\"fsize-18\" data-cell-type=\"text\" data-original-value=\"03 DE MARZO DE 2022, A LAS 14:00 HORAS\" data-order=\"03 DE MARZO DE 2022, A LAS 14:00 HORAS\" >03 DE MARZO DE 2022, A LAS 14:00 HORAS <\/td><td data-cell-id=\"B196\" data-x=\"1\" data-y=\"196\" data-db-index=\"196\" class=\"fsize-18\" data-cell-type=\"text\" data-original-value=\"JOS\u00c9 DEL CARMEN SEGOVIA CRUZ, QUIEN SE OSTENTA COMO DIRIGENTE DEL PARTIDO DE LA REVOLUCI\u00d3N DEMOCR\u00c1TICA EN CAMPECHE\" data-order=\"JOS\u00c9 DEL CARMEN SEGOVIA CRUZ, QUIEN SE OSTENTA COMO DIRIGENTE DEL PARTIDO DE LA REVOLUCI\u00d3N DEMOCR\u00c1TICA EN CAMPECHE\" >JOS\u00c9 DEL CARMEN SEGOVIA CRUZ, QUIEN SE OSTENTA COMO DIRIGENTE DEL PARTIDO DE LA REVOLUCI\u00d3N DEMOCR\u00c1TICA EN CAMPECHE <\/td><td data-cell-id=\"C196\" data-x=\"2\" data-y=\"196\" data-db-index=\"196\" class=\"fsize-18\" data-cell-type=\"text\" data-original-value=\"INSTITUTO ELECTORAL DEL ESTADO DE CAMPECHE\" data-order=\"INSTITUTO ELECTORAL DEL ESTADO DE CAMPECHE\" >INSTITUTO ELECTORAL DEL ESTADO DE CAMPECHE <\/td><td data-cell-id=\"D196\" data-x=\"3\" data-y=\"196\" data-db-index=\"196\" class=\"fsize-18\" data-cell-type=\"text\" data-original-value=\"&lt;a href=&quot;https:\/\/teec.org.mx\/web\/wp-content\/uploads\/2022\/03\/TEEC-JE-1-2022-03-03-2022.pdf&quot; target=&quot;_blank&quot;&gt;TEEC\/JE\/1\/2022 (SE DA VISTA AL ACTOR CON LA DOCUMENTACI\u00d3N ACUMULADA)&lt;\/a&gt;\" data-order=\"&lt;a href=&quot;https:\/\/teec.org.mx\/web\/wp-content\/uploads\/2022\/03\/TEEC-JE-1-2022-03-03-2022.pdf&quot; target=&quot;_blank&quot;&gt;TEEC\/JE\/1\/2022 (SE DA VISTA AL ACTOR CON LA DOCUMENTACI\u00d3N ACUMULADA)&lt;\/a&gt;\" ><a href=\"https:\/\/teec.org.mx\/web\/wp-content\/uploads\/2022\/03\/TEEC-JE-1-2022-03-03-2022.pdf\" target=\"_blank\">TEEC\/JE\/1\/2022 (SE DA VISTA AL ACTOR CON LA DOCUMENTACI\u00d3N ACUMULADA)<\/a><\/td><\/tr><tr style=\"height:px\" ><td data-cell-id=\"A197\" data-x=\"0\" data-y=\"197\" data-db-index=\"197\" class=\"fsize-18\" data-cell-type=\"text\" data-original-value=\"25 DE FEBRERO DE 2022, A LAS 15:00 HORAS\" data-order=\"25 DE FEBRERO DE 2022, A LAS 15:00 HORAS\" >25 DE FEBRERO DE 2022, A LAS 15:00 HORAS <\/td><td data-cell-id=\"B197\" data-x=\"1\" data-y=\"197\" data-db-index=\"197\" class=\"fsize-18\" data-cell-type=\"text\" data-original-value=\"JOS\u00c9 DEL CARMEN SEGOVIA CRUZ, QUIEN SE OSTENTA COMO DIRIGENTE DEL PARTIDO DE LA REVOLUCI\u00d3N DEMOCR\u00c1TICA EN CAMPECHE\" data-order=\"JOS\u00c9 DEL CARMEN SEGOVIA CRUZ, QUIEN SE OSTENTA COMO DIRIGENTE DEL PARTIDO DE LA REVOLUCI\u00d3N DEMOCR\u00c1TICA EN CAMPECHE\" >JOS\u00c9 DEL CARMEN SEGOVIA CRUZ, QUIEN SE OSTENTA COMO DIRIGENTE DEL PARTIDO DE LA REVOLUCI\u00d3N DEMOCR\u00c1TICA EN CAMPECHE <\/td><td data-cell-id=\"C197\" data-x=\"2\" data-y=\"197\" data-db-index=\"197\" class=\"fsize-18\" data-cell-type=\"text\" data-original-value=\"INSTITUTO ELECTORAL DEL ESTADO DE CAMPECHE\" data-order=\"INSTITUTO ELECTORAL DEL ESTADO DE CAMPECHE\" >INSTITUTO ELECTORAL DEL ESTADO DE CAMPECHE <\/td><td data-cell-id=\"D197\" data-x=\"3\" data-y=\"197\" data-db-index=\"197\" class=\"fsize-18\" data-cell-type=\"text\" data-original-value=\"&lt;a href=&quot;https:\/\/teec.org.mx\/web\/wp-content\/uploads\/2022\/02\/TEEC-JE-1-2022-25-02-2022.pdf&quot; target=&quot;_blank&quot;&gt;TEEC\/JE\/1\/2022 (ACUERDO SE TURNA OFICIO)&lt;\/a&gt;\" data-order=\"&lt;a href=&quot;https:\/\/teec.org.mx\/web\/wp-content\/uploads\/2022\/02\/TEEC-JE-1-2022-25-02-2022.pdf&quot; target=&quot;_blank&quot;&gt;TEEC\/JE\/1\/2022 (ACUERDO SE TURNA OFICIO)&lt;\/a&gt;\" ><a href=\"https:\/\/teec.org.mx\/web\/wp-content\/uploads\/2022\/02\/TEEC-JE-1-2022-25-02-2022.pdf\" target=\"_blank\">TEEC\/JE\/1\/2022 (ACUERDO SE TURNA OFICIO)<\/a><\/td><\/tr><tr style=\"height:px\" ><td data-cell-id=\"A198\" data-x=\"0\" data-y=\"198\" data-db-index=\"198\" class=\"fsize-18\" data-cell-type=\"text\" data-original-value=\"25 DE FEBRERO DE 2022, A LAS 12:05 HORAS\" data-order=\"25 DE FEBRERO DE 2022, A LAS 12:05 HORAS\" >25 DE FEBRERO DE 2022, A LAS 12:05 HORAS <\/td><td data-cell-id=\"B198\" data-x=\"1\" data-y=\"198\" data-db-index=\"198\" class=\"fsize-18\" data-cell-type=\"text\" data-original-value=\"ABIGAIL GUTI\u00c9RREZ MORALES\" data-order=\"ABIGAIL GUTI\u00c9RREZ MORALES\" >ABIGAIL GUTI\u00c9RREZ MORALES <\/td><td data-cell-id=\"C198\" data-x=\"2\" data-y=\"198\" data-db-index=\"198\" class=\"fsize-18\" data-cell-type=\"text\" data-original-value=\"JUNTA GENERAL EJECUTIVA DEL INSTITUTO ELECTORAL DEL ESTADO DE CAMPECHE\" data-order=\"JUNTA GENERAL EJECUTIVA DEL INSTITUTO ELECTORAL DEL ESTADO DE CAMPECHE\" >JUNTA GENERAL EJECUTIVA DEL INSTITUTO ELECTORAL DEL ESTADO DE CAMPECHE <\/td><td data-cell-id=\"D198\" data-x=\"3\" data-y=\"198\" data-db-index=\"198\" class=\"fsize-18\" data-cell-type=\"text\" data-original-value=\"&lt;a href=&quot;https:\/\/teec.org.mx\/web\/wp-content\/uploads\/2022\/02\/TEEC-JE-3-2022-Acu.-Plenario-25-02-2022.pdf&quot; target=&quot;_blank&quot;&gt;TEEC\/JE\/3\/2022 (ACUERDO PLENARIO DE REENCAUZAMIENTO)&lt;\/a&gt;\" data-order=\"&lt;a href=&quot;https:\/\/teec.org.mx\/web\/wp-content\/uploads\/2022\/02\/TEEC-JE-3-2022-Acu.-Plenario-25-02-2022.pdf&quot; target=&quot;_blank&quot;&gt;TEEC\/JE\/3\/2022 (ACUERDO PLENARIO DE REENCAUZAMIENTO)&lt;\/a&gt;\" ><a href=\"https:\/\/teec.org.mx\/web\/wp-content\/uploads\/2022\/02\/TEEC-JE-3-2022-Acu.-Plenario-25-02-2022.pdf\" target=\"_blank\">TEEC\/JE\/3\/2022 (ACUERDO PLENARIO DE REENCAUZAMIENTO)<\/a><\/td><\/tr><tr style=\"height:px\" ><td data-cell-id=\"A199\" data-x=\"0\" data-y=\"199\" data-db-index=\"199\" class=\"fsize-18\" data-cell-type=\"text\" data-original-value=\"24 DE FEBRERO DE 2022, A LAS 11:40 HORAS\" data-order=\"24 DE FEBRERO DE 2022, A LAS 11:40 HORAS\" >24 DE FEBRERO DE 2022, A LAS 11:40 HORAS <\/td><td data-cell-id=\"B199\" data-x=\"1\" data-y=\"199\" data-db-index=\"199\" class=\"fsize-18\" data-cell-type=\"text\" data-original-value=\"ABIGAIL GUTI\u00c9RREZ MORALES\" data-order=\"ABIGAIL GUTI\u00c9RREZ MORALES\" >ABIGAIL GUTI\u00c9RREZ MORALES <\/td><td data-cell-id=\"C199\" data-x=\"2\" data-y=\"199\" data-db-index=\"199\" class=\"fsize-18\" data-cell-type=\"text\" data-original-value=\"JUNTA GENERAL EJECUTIVA DEL INSTITUTO ELECTORAL DEL ESTADO DE CAMPECHE\" data-order=\"JUNTA GENERAL EJECUTIVA DEL INSTITUTO ELECTORAL DEL ESTADO DE CAMPECHE\" >JUNTA GENERAL EJECUTIVA DEL INSTITUTO ELECTORAL DEL ESTADO DE CAMPECHE <\/td><td data-cell-id=\"D199\" data-x=\"3\" data-y=\"199\" data-db-index=\"199\" class=\"fsize-18\" data-cell-type=\"text\" data-original-value=\"&lt;a href=&quot;https:\/\/teec.org.mx\/web\/wp-content\/uploads\/2022\/02\/TEEC-JE-3-2022-2do-acu.-24-02-2022.pdf&quot; target=&quot;_blank&quot;&gt;TEEC\/JE\/3\/2022 (SE FIJA FECHA Y HORA PARA SESI\u00d3N PRIVADA)&lt;\/a&gt;\" data-order=\"&lt;a href=&quot;https:\/\/teec.org.mx\/web\/wp-content\/uploads\/2022\/02\/TEEC-JE-3-2022-2do-acu.-24-02-2022.pdf&quot; target=&quot;_blank&quot;&gt;TEEC\/JE\/3\/2022 (SE FIJA FECHA Y HORA PARA SESI\u00d3N PRIVADA)&lt;\/a&gt;\" ><a href=\"https:\/\/teec.org.mx\/web\/wp-content\/uploads\/2022\/02\/TEEC-JE-3-2022-2do-acu.-24-02-2022.pdf\" target=\"_blank\">TEEC\/JE\/3\/2022 (SE FIJA FECHA Y HORA PARA SESI\u00d3N PRIVADA)<\/a><\/td><\/tr><tr style=\"height:px\" ><td data-cell-id=\"A200\" data-x=\"0\" data-y=\"200\" data-db-index=\"200\" class=\"fsize-18\" data-cell-type=\"text\" data-original-value=\"24 DE FEBRERO DE 2022, A LAS 10:30 HORAS\" data-order=\"24 DE FEBRERO DE 2022, A LAS 10:30 HORAS\" >24 DE FEBRERO DE 2022, A LAS 10:30 HORAS <\/td><td data-cell-id=\"B200\" data-x=\"1\" data-y=\"200\" data-db-index=\"200\" class=\"fsize-18\" data-cell-type=\"text\" data-original-value=\"ABIGAIL GUTI\u00c9RREZ MORALES\" data-order=\"ABIGAIL GUTI\u00c9RREZ MORALES\" >ABIGAIL GUTI\u00c9RREZ MORALES <\/td><td data-cell-id=\"C200\" data-x=\"2\" data-y=\"200\" data-db-index=\"200\" class=\"fsize-18\" data-cell-type=\"text\" data-original-value=\"JUNTA GENERAL EJECUTIVA DEL INSTITUTO ELECTORAL DEL ESTADO DE CAMPECHE\" data-order=\"JUNTA GENERAL EJECUTIVA DEL INSTITUTO ELECTORAL DEL ESTADO DE CAMPECHE\" >JUNTA GENERAL EJECUTIVA DEL INSTITUTO ELECTORAL DEL ESTADO DE CAMPECHE <\/td><td data-cell-id=\"D200\" data-x=\"3\" data-y=\"200\" data-db-index=\"200\" class=\"fsize-18\" data-cell-type=\"text\" data-original-value=\"&lt;a href=&quot;https:\/\/teec.org.mx\/web\/wp-content\/uploads\/2022\/02\/TEEC-JE-3-2022-1er-acu.-24-02-2022.pdf&quot; target=&quot;_blank&quot;&gt;TEEC\/JE\/3\/2022 (ACUERDO DE SOL. DE FECHA Y HORA PARA SESI\u00d3N PRIVADA)&lt;\/a&gt;\" data-order=\"&lt;a href=&quot;https:\/\/teec.org.mx\/web\/wp-content\/uploads\/2022\/02\/TEEC-JE-3-2022-1er-acu.-24-02-2022.pdf&quot; target=&quot;_blank&quot;&gt;TEEC\/JE\/3\/2022 (ACUERDO DE SOL. DE FECHA Y HORA PARA SESI\u00d3N PRIVADA)&lt;\/a&gt;\" ><a href=\"https:\/\/teec.org.mx\/web\/wp-content\/uploads\/2022\/02\/TEEC-JE-3-2022-1er-acu.-24-02-2022.pdf\" target=\"_blank\">TEEC\/JE\/3\/2022 (ACUERDO DE SOL. DE FECHA Y HORA PARA SESI\u00d3N PRIVADA)<\/a><\/td><\/tr><tr style=\"height:px\" ><td data-cell-id=\"A201\" data-x=\"0\" data-y=\"201\" data-db-index=\"201\" class=\"fsize-18\" data-cell-type=\"text\" data-original-value=\"24 DE FEBRERO DE 2022, A LAS 10:10 HORAS\" data-order=\"24 DE FEBRERO DE 2022, A LAS 10:10 HORAS\" >24 DE FEBRERO DE 2022, A LAS 10:10 HORAS <\/td><td data-cell-id=\"B201\" data-x=\"1\" data-y=\"201\" data-db-index=\"201\" class=\"fsize-18\" data-cell-type=\"text\" data-original-value=\"JOS\u00c9 DEL CARMEN SEGOVIA CRUZ, QUIEN SE OSTENTA COMO DIRIGENTE DEL PARTIDO DE LA REVOLUCI\u00d3N DEMOCR\u00c1TICA EN CAMPECHE\" data-order=\"JOS\u00c9 DEL CARMEN SEGOVIA CRUZ, QUIEN SE OSTENTA COMO DIRIGENTE DEL PARTIDO DE LA REVOLUCI\u00d3N DEMOCR\u00c1TICA EN CAMPECHE\" >JOS\u00c9 DEL CARMEN SEGOVIA CRUZ, QUIEN SE OSTENTA COMO DIRIGENTE DEL PARTIDO DE LA REVOLUCI\u00d3N DEMOCR\u00c1TICA EN CAMPECHE <\/td><td data-cell-id=\"C201\" data-x=\"2\" data-y=\"201\" data-db-index=\"201\" class=\"fsize-18\" data-cell-type=\"text\" data-original-value=\"INSTITUTO ELECTORAL DEL ESTADO DE CAMPECHE\" data-order=\"INSTITUTO ELECTORAL DEL ESTADO DE CAMPECHE\" >INSTITUTO ELECTORAL DEL ESTADO DE CAMPECHE <\/td><td data-cell-id=\"D201\" data-x=\"3\" data-y=\"201\" data-db-index=\"201\" class=\"fsize-18\" data-cell-type=\"text\" data-original-value=\"&lt;a href=&quot;https:\/\/teec.org.mx\/web\/wp-content\/uploads\/2022\/02\/TEEC-JE-1-2022-24-02-2022.pdf&quot; target=&quot;_blank&quot;&gt;TEEC\/JE\/1\/2022 (ACUERDO SE TURNA OFICIO)&lt;\/a&gt;\" data-order=\"&lt;a href=&quot;https:\/\/teec.org.mx\/web\/wp-content\/uploads\/2022\/02\/TEEC-JE-1-2022-24-02-2022.pdf&quot; target=&quot;_blank&quot;&gt;TEEC\/JE\/1\/2022 (ACUERDO SE TURNA OFICIO)&lt;\/a&gt;\" ><a href=\"https:\/\/teec.org.mx\/web\/wp-content\/uploads\/2022\/02\/TEEC-JE-1-2022-24-02-2022.pdf\" target=\"_blank\">TEEC\/JE\/1\/2022 (ACUERDO SE TURNA OFICIO)<\/a><\/td><\/tr><tr style=\"height:px\" ><td data-cell-id=\"A202\" data-x=\"0\" data-y=\"202\" data-db-index=\"202\" class=\"fsize-18\" data-cell-type=\"text\" data-original-value=\"22 DE FEBRERO DE 2022, A LAS 11:25 HORAS\" data-order=\"22 DE FEBRERO DE 2022, A LAS 11:25 HORAS\" >22 DE FEBRERO DE 2022, A LAS 11:25 HORAS <\/td><td data-cell-id=\"B202\" data-x=\"1\" data-y=\"202\" data-db-index=\"202\" class=\"fsize-18\" data-cell-type=\"text\" data-original-value=\"RA\u00daL MUCU CHOC, JES\u00daS PABLO MENDOZA, \u00c1NGEL MUCU QUINICH, MAT\u00cdAS RAM\u00cdREZ GER\u00d3NIMO, TOM\u00c1S L\u00d3PEZ SUCUQU\u00cd, F\u00c9LIX MAT\u00cdAS MENDOZA, ARNULFO L\u00d3PEZ V\u00c1ZQUEZ\" data-order=\"RA\u00daL MUCU CHOC, JES\u00daS PABLO MENDOZA, \u00c1NGEL MUCU QUINICH, MAT\u00cdAS RAM\u00cdREZ GER\u00d3NIMO, TOM\u00c1S L\u00d3PEZ SUCUQU\u00cd, F\u00c9LIX MAT\u00cdAS MENDOZA, ARNULFO L\u00d3PEZ V\u00c1ZQUEZ\" >RA\u00daL MUCU CHOC, JES\u00daS PABLO MENDOZA, \u00c1NGEL MUCU QUINICH, MAT\u00cdAS RAM\u00cdREZ GER\u00d3NIMO, TOM\u00c1S L\u00d3PEZ SUCUQU\u00cd, F\u00c9LIX MAT\u00cdAS MENDOZA, ARNULFO L\u00d3PEZ V\u00c1ZQUEZ <\/td><td data-cell-id=\"C202\" data-x=\"2\" data-y=\"202\" data-db-index=\"202\" class=\"fsize-18\" data-cell-type=\"text\" data-original-value=\"H. AYUNTAMIENTO DEL MUNICIPIO DE CHAMPOT\u00d3N, CAMPECHE\" data-order=\"H. AYUNTAMIENTO DEL MUNICIPIO DE CHAMPOT\u00d3N, CAMPECHE\" >H. AYUNTAMIENTO DEL MUNICIPIO DE CHAMPOT\u00d3N, CAMPECHE <\/td><td data-cell-id=\"D202\" data-x=\"3\" data-y=\"202\" data-db-index=\"202\" class=\"fsize-18\" data-cell-type=\"text\" data-original-value=\"&lt;a href=&quot;https:\/\/teec.org.mx\/web\/wp-content\/uploads\/2022\/02\/TEEC-JE-2-2022-22-02-2022.pdf&quot; target=&quot;_blank&quot;&gt;TEEC\/JE\/2\/2022 (ACUERDO DE ACUMULACI\u00d3N)&lt;\/a&gt;\" data-order=\"&lt;a href=&quot;https:\/\/teec.org.mx\/web\/wp-content\/uploads\/2022\/02\/TEEC-JE-2-2022-22-02-2022.pdf&quot; target=&quot;_blank&quot;&gt;TEEC\/JE\/2\/2022 (ACUERDO DE ACUMULACI\u00d3N)&lt;\/a&gt;\" ><a href=\"https:\/\/teec.org.mx\/web\/wp-content\/uploads\/2022\/02\/TEEC-JE-2-2022-22-02-2022.pdf\" target=\"_blank\">TEEC\/JE\/2\/2022 (ACUERDO DE ACUMULACI\u00d3N)<\/a><\/td><\/tr><tr style=\"height:px\" ><td data-cell-id=\"A203\" data-x=\"0\" data-y=\"203\" data-db-index=\"203\" class=\"fsize-18\" data-cell-type=\"text\" data-original-value=\"22 DE FEBRERO DE 2022, A LAS 10:05 HORAS\" data-order=\"22 DE FEBRERO DE 2022, A LAS 10:05 HORAS\" >22 DE FEBRERO DE 2022, A LAS 10:05 HORAS <\/td><td data-cell-id=\"B203\" data-x=\"1\" data-y=\"203\" data-db-index=\"203\" class=\"fsize-18\" data-cell-type=\"text\" data-original-value=\"JOS\u00c9 DEL CARMEN SEGOVIA CRUZ, QUIEN SE OSTENTA COMO DIRIGENTE DEL PARTIDO DE LA REVOLUCI\u00d3N DEMOCR\u00c1TICA EN CAMPECHE\" data-order=\"JOS\u00c9 DEL CARMEN SEGOVIA CRUZ, QUIEN SE OSTENTA COMO DIRIGENTE DEL PARTIDO DE LA REVOLUCI\u00d3N DEMOCR\u00c1TICA EN CAMPECHE\" >JOS\u00c9 DEL CARMEN SEGOVIA CRUZ, QUIEN SE OSTENTA COMO DIRIGENTE DEL PARTIDO DE LA REVOLUCI\u00d3N DEMOCR\u00c1TICA EN CAMPECHE <\/td><td data-cell-id=\"C203\" data-x=\"2\" data-y=\"203\" data-db-index=\"203\" class=\"fsize-18\" data-cell-type=\"text\" data-original-value=\"INSTITUTO ELECTORAL DEL ESTADO DE CAMPECHE\" data-order=\"INSTITUTO ELECTORAL DEL ESTADO DE CAMPECHE\" >INSTITUTO ELECTORAL DEL ESTADO DE CAMPECHE <\/td><td data-cell-id=\"D203\" data-x=\"3\" data-y=\"203\" data-db-index=\"203\" class=\"fsize-18\" data-cell-type=\"text\" data-original-value=\"&lt;a href=&quot;https:\/\/teec.org.mx\/web\/wp-content\/uploads\/2022\/02\/TEEC-JE-1-2022-22-02-2022.pdf&quot; target=&quot;_blank&quot;&gt;TEEC\/JE\/1\/2022 (ACUERDO DE REQUERIMIENTO)&lt;\/a&gt;\" data-order=\"&lt;a href=&quot;https:\/\/teec.org.mx\/web\/wp-content\/uploads\/2022\/02\/TEEC-JE-1-2022-22-02-2022.pdf&quot; target=&quot;_blank&quot;&gt;TEEC\/JE\/1\/2022 (ACUERDO DE REQUERIMIENTO)&lt;\/a&gt;\" ><a href=\"https:\/\/teec.org.mx\/web\/wp-content\/uploads\/2022\/02\/TEEC-JE-1-2022-22-02-2022.pdf\" target=\"_blank\">TEEC\/JE\/1\/2022 (ACUERDO DE REQUERIMIENTO)<\/a><\/td><\/tr><tr style=\"height:px\" ><td data-cell-id=\"A204\" data-x=\"0\" data-y=\"204\" data-db-index=\"204\" class=\"fsize-18\" data-cell-type=\"text\" data-original-value=\"21 DE FEBRERO DE 2022, A LAS 12:27 HORAS\" data-order=\"21 DE FEBRERO DE 2022, A LAS 12:27 HORAS\" >21 DE FEBRERO DE 2022, A LAS 12:27 HORAS <\/td><td data-cell-id=\"B204\" data-x=\"1\" data-y=\"204\" data-db-index=\"204\" class=\"fsize-18\" data-cell-type=\"text\" data-original-value=\"RA\u00daL MUCU CHOC\" data-order=\"RA\u00daL MUCU CHOC\" >RA\u00daL MUCU CHOC <\/td><td data-cell-id=\"C204\" data-x=\"2\" data-y=\"204\" data-db-index=\"204\" class=\"fsize-18\" data-cell-type=\"text\" data-original-value=\"H. AYUNTAMIENTO DEL MUNICIPIO DE CHAMPOT\u00d3N, CAMPECHE\" data-order=\"H. AYUNTAMIENTO DEL MUNICIPIO DE CHAMPOT\u00d3N, CAMPECHE\" >H. AYUNTAMIENTO DEL MUNICIPIO DE CHAMPOT\u00d3N, CAMPECHE <\/td><td data-cell-id=\"D204\" data-x=\"3\" data-y=\"204\" data-db-index=\"204\" class=\"fsize-18\" data-cell-type=\"text\" data-original-value=\"&lt;a href=&quot;https:\/\/teec.org.mx\/web\/wp-content\/uploads\/2022\/02\/TEEC-JE-2-2022-21-02-2022.pdf&quot; target=&quot;_blank&quot;&gt;TEEC\/JE\/2\/2022 (ACUERDO SE TURNA OFICIO)&lt;\/a&gt;\" data-order=\"&lt;a href=&quot;https:\/\/teec.org.mx\/web\/wp-content\/uploads\/2022\/02\/TEEC-JE-2-2022-21-02-2022.pdf&quot; target=&quot;_blank&quot;&gt;TEEC\/JE\/2\/2022 (ACUERDO SE TURNA OFICIO)&lt;\/a&gt;\" ><a href=\"https:\/\/teec.org.mx\/web\/wp-content\/uploads\/2022\/02\/TEEC-JE-2-2022-21-02-2022.pdf\" target=\"_blank\">TEEC\/JE\/2\/2022 (ACUERDO SE TURNA OFICIO)<\/a><\/td><\/tr><tr style=\"height:px\" ><td data-cell-id=\"A205\" data-x=\"0\" data-y=\"205\" data-db-index=\"205\" class=\"fsize-18\" data-cell-type=\"text\" data-original-value=\"21 DE FEBRERO DE 2022, A LAS 12:18 HORAS\" data-order=\"21 DE FEBRERO DE 2022, A LAS 12:18 HORAS\" >21 DE FEBRERO DE 2022, A LAS 12:18 HORAS <\/td><td data-cell-id=\"B205\" data-x=\"1\" data-y=\"205\" data-db-index=\"205\" class=\"fsize-18\" data-cell-type=\"text\" data-original-value=\"JOS\u00c9 DEL CARMEN SEGOVIA CRUZ, QUIEN SE OSTENTA COMO DIRIGENTE DEL PARTIDO DE LA REVOLUCI\u00d3N DEMOCR\u00c1TICA EN CAMPECHE\" data-order=\"JOS\u00c9 DEL CARMEN SEGOVIA CRUZ, QUIEN SE OSTENTA COMO DIRIGENTE DEL PARTIDO DE LA REVOLUCI\u00d3N DEMOCR\u00c1TICA EN CAMPECHE\" >JOS\u00c9 DEL CARMEN SEGOVIA CRUZ, QUIEN SE OSTENTA COMO DIRIGENTE DEL PARTIDO DE LA REVOLUCI\u00d3N DEMOCR\u00c1TICA EN CAMPECHE <\/td><td data-cell-id=\"C205\" data-x=\"2\" data-y=\"205\" data-db-index=\"205\" class=\"fsize-18\" data-cell-type=\"text\" data-original-value=\"INSTITUTO ELECTORAL DEL ESTADO DE CAMPECHE\" data-order=\"INSTITUTO ELECTORAL DEL ESTADO DE CAMPECHE\" >INSTITUTO ELECTORAL DEL ESTADO DE CAMPECHE <\/td><td data-cell-id=\"D205\" data-x=\"3\" data-y=\"205\" data-db-index=\"205\" class=\"fsize-18\" data-cell-type=\"text\" data-original-value=\"&lt;a href=&quot;https:\/\/teec.org.mx\/web\/wp-content\/uploads\/2022\/02\/TEEC-JE-1-2022-21-02-2022.pdf&quot; target=&quot;_blank&quot;&gt;TEEC\/JE\/1\/2022 (ACUERDO SE TURNA OFICIO)&lt;\/a&gt;\" data-order=\"&lt;a href=&quot;https:\/\/teec.org.mx\/web\/wp-content\/uploads\/2022\/02\/TEEC-JE-1-2022-21-02-2022.pdf&quot; target=&quot;_blank&quot;&gt;TEEC\/JE\/1\/2022 (ACUERDO SE TURNA OFICIO)&lt;\/a&gt;\" ><a href=\"https:\/\/teec.org.mx\/web\/wp-content\/uploads\/2022\/02\/TEEC-JE-1-2022-21-02-2022.pdf\" target=\"_blank\">TEEC\/JE\/1\/2022 (ACUERDO SE TURNA OFICIO)<\/a><\/td><\/tr><tr style=\"height:px\" ><td data-cell-id=\"A206\" data-x=\"0\" data-y=\"206\" data-db-index=\"206\" class=\"fsize-18\" data-cell-type=\"text\" data-original-value=\"21 DE FEBRERO DE 2022, A LAS 11:30 HORAS\" data-order=\"21 DE FEBRERO DE 2022, A LAS 11:30 HORAS\" >21 DE FEBRERO DE 2022, A LAS 11:30 HORAS <\/td><td data-cell-id=\"B206\" data-x=\"1\" data-y=\"206\" data-db-index=\"206\" class=\"fsize-18\" data-cell-type=\"text\" data-original-value=\"ABIGAIL GUTI\u00c9RREZ MORALES\" data-order=\"ABIGAIL GUTI\u00c9RREZ MORALES\" >ABIGAIL GUTI\u00c9RREZ MORALES <\/td><td data-cell-id=\"C206\" data-x=\"2\" data-y=\"206\" data-db-index=\"206\" class=\"fsize-18\" data-cell-type=\"text\" data-original-value=\"JUNTA GENERAL EJECUTIVA DEL INSTITUTO ELECTORAL DEL ESTADO DE CAMPECHE\" data-order=\"JUNTA GENERAL EJECUTIVA DEL INSTITUTO ELECTORAL DEL ESTADO DE CAMPECHE\" >JUNTA GENERAL EJECUTIVA DEL INSTITUTO ELECTORAL DEL ESTADO DE CAMPECHE <\/td><td data-cell-id=\"D206\" data-x=\"3\" data-y=\"206\" data-db-index=\"206\" class=\"fsize-18\" data-cell-type=\"text\" data-original-value=\"&lt;a href=&quot;https:\/\/teec.org.mx\/web\/wp-content\/uploads\/2022\/02\/TEEC-JE-3-2022-21-02-2022.pdf&quot; target=&quot;_blank&quot;&gt;TEEC\/JE\/3\/2022 (ACUERDO DE TURNO)&lt;\/a&gt;\" data-order=\"&lt;a href=&quot;https:\/\/teec.org.mx\/web\/wp-content\/uploads\/2022\/02\/TEEC-JE-3-2022-21-02-2022.pdf&quot; target=&quot;_blank&quot;&gt;TEEC\/JE\/3\/2022 (ACUERDO DE TURNO)&lt;\/a&gt;\" ><a href=\"https:\/\/teec.org.mx\/web\/wp-content\/uploads\/2022\/02\/TEEC-JE-3-2022-21-02-2022.pdf\" target=\"_blank\">TEEC\/JE\/3\/2022 (ACUERDO DE TURNO)<\/a><\/td><\/tr><tr style=\"height:px\" ><td data-cell-id=\"A207\" data-x=\"0\" data-y=\"207\" data-db-index=\"207\" class=\"fsize-18\" data-cell-type=\"text\" data-original-value=\"16 DE FEBRERO DE 2022, A LAS 10:00 HORAS\" data-order=\"16 DE FEBRERO DE 2022, A LAS 10:00 HORAS\" >16 DE FEBRERO DE 2022, A LAS 10:00 HORAS <\/td><td data-cell-id=\"B207\" data-x=\"1\" data-y=\"207\" data-db-index=\"207\" class=\"fsize-18\" data-cell-type=\"text\" data-original-value=\"JOS\u00c9 DEL CARMEN SEGOVIA CRUZ, QUIEN SE OSTENTA COMO DIRIGENTE DEL PARTIDO DE LA REVOLUCI\u00d3N DEMOCR\u00c1TICA EN CAMPECHE\" data-order=\"JOS\u00c9 DEL CARMEN SEGOVIA CRUZ, QUIEN SE OSTENTA COMO DIRIGENTE DEL PARTIDO DE LA REVOLUCI\u00d3N DEMOCR\u00c1TICA EN CAMPECHE\" >JOS\u00c9 DEL CARMEN SEGOVIA CRUZ, QUIEN SE OSTENTA COMO DIRIGENTE DEL PARTIDO DE LA REVOLUCI\u00d3N DEMOCR\u00c1TICA EN CAMPECHE <\/td><td data-cell-id=\"C207\" data-x=\"2\" data-y=\"207\" data-db-index=\"207\" class=\"fsize-18\" data-cell-type=\"text\" data-original-value=\"INSTITUTO ELECTORAL DEL ESTADO DE CAMPECHE\" data-order=\"INSTITUTO ELECTORAL DEL ESTADO DE CAMPECHE\" >INSTITUTO ELECTORAL DEL ESTADO DE CAMPECHE <\/td><td data-cell-id=\"D207\" data-x=\"3\" data-y=\"207\" data-db-index=\"207\" class=\"fsize-18\" data-cell-type=\"text\" data-original-value=\"&lt;a href=&quot;https:\/\/teec.org.mx\/web\/wp-content\/uploads\/2022\/02\/TEEC-JE-1-2022-16-02-2022.pdf&quot; target=&quot;_blank&quot;&gt;TEEC\/JE\/1\/2022 (ACUERDO DE REQUERIMIENTO)&lt;\/a&gt;\" data-order=\"&lt;a href=&quot;https:\/\/teec.org.mx\/web\/wp-content\/uploads\/2022\/02\/TEEC-JE-1-2022-16-02-2022.pdf&quot; target=&quot;_blank&quot;&gt;TEEC\/JE\/1\/2022 (ACUERDO DE REQUERIMIENTO)&lt;\/a&gt;\" ><a href=\"https:\/\/teec.org.mx\/web\/wp-content\/uploads\/2022\/02\/TEEC-JE-1-2022-16-02-2022.pdf\" target=\"_blank\">TEEC\/JE\/1\/2022 (ACUERDO DE REQUERIMIENTO)<\/a><\/td><\/tr><tr style=\"height:px\" ><td data-cell-id=\"A208\" data-x=\"0\" data-y=\"208\" data-db-index=\"208\" class=\"fsize-18\" data-cell-type=\"text\" data-original-value=\"15 DE FEBRERO DE 2022, A LAS 9:40 HORAS\" data-order=\"15 DE FEBRERO DE 2022, A LAS 9:40 HORAS\" >15 DE FEBRERO DE 2022, A LAS 9:40 HORAS <\/td><td data-cell-id=\"B208\" data-x=\"1\" data-y=\"208\" data-db-index=\"208\" class=\"fsize-18\" data-cell-type=\"text\" data-original-value=\"JOS\u00c9 DEL CARMEN SEGOVIA CRUZ, QUIEN SE OSTENTA COMO DIRIGENTE DEL PARTIDO DE LA REVOLUCI\u00d3N DEMOCR\u00c1TICA EN CAMPECHE\" data-order=\"JOS\u00c9 DEL CARMEN SEGOVIA CRUZ, QUIEN SE OSTENTA COMO DIRIGENTE DEL PARTIDO DE LA REVOLUCI\u00d3N DEMOCR\u00c1TICA EN CAMPECHE\" >JOS\u00c9 DEL CARMEN SEGOVIA CRUZ, QUIEN SE OSTENTA COMO DIRIGENTE DEL PARTIDO DE LA REVOLUCI\u00d3N DEMOCR\u00c1TICA EN CAMPECHE <\/td><td data-cell-id=\"C208\" data-x=\"2\" data-y=\"208\" data-db-index=\"208\" class=\"fsize-18\" data-cell-type=\"text\" data-original-value=\"INSTITUTO ELECTORAL DEL ESTADO DE CAMPECHE\" data-order=\"INSTITUTO ELECTORAL DEL ESTADO DE CAMPECHE\" >INSTITUTO ELECTORAL DEL ESTADO DE CAMPECHE <\/td><td data-cell-id=\"D208\" data-x=\"3\" data-y=\"208\" data-db-index=\"208\" class=\"fsize-18\" data-cell-type=\"text\" data-original-value=\"&lt;a href=&quot;https:\/\/teec.org.mx\/web\/wp-content\/uploads\/2022\/02\/TEEC-JE-1-2022-15-02-2022.pdf&quot; target=&quot;_blank&quot;&gt;TEEC\/JE\/1\/2022 (ACUERDO SE TURNA ESCRITO)&lt;\/a&gt;\" data-order=\"&lt;a href=&quot;https:\/\/teec.org.mx\/web\/wp-content\/uploads\/2022\/02\/TEEC-JE-1-2022-15-02-2022.pdf&quot; target=&quot;_blank&quot;&gt;TEEC\/JE\/1\/2022 (ACUERDO SE TURNA ESCRITO)&lt;\/a&gt;\" ><a href=\"https:\/\/teec.org.mx\/web\/wp-content\/uploads\/2022\/02\/TEEC-JE-1-2022-15-02-2022.pdf\" target=\"_blank\">TEEC\/JE\/1\/2022 (ACUERDO SE TURNA ESCRITO)<\/a><\/td><\/tr><tr style=\"height:px\" ><td data-cell-id=\"A209\" data-x=\"0\" data-y=\"209\" data-db-index=\"209\" class=\"fsize-18\" data-cell-type=\"text\" data-original-value=\"15 DE FEBRERO DE 2022, A LAS 10:05 HORAS\" data-order=\"15 DE FEBRERO DE 2022, A LAS 10:05 HORAS\" >15 DE FEBRERO DE 2022, A LAS 10:05 HORAS <\/td><td data-cell-id=\"B209\" data-x=\"1\" data-y=\"209\" data-db-index=\"209\" class=\"fsize-18\" data-cell-type=\"text\" data-original-value=\"RA\u00daL MUCU CHOC\" data-order=\"RA\u00daL MUCU CHOC\" >RA\u00daL MUCU CHOC <\/td><td data-cell-id=\"C209\" data-x=\"2\" data-y=\"209\" data-db-index=\"209\" class=\"fsize-18\" data-cell-type=\"text\" data-original-value=\"H. AYUNTAMIENTO DEL MUNICIPIO DE CHAMPOT\u00d3N, CAMPECHE\" data-order=\"H. AYUNTAMIENTO DEL MUNICIPIO DE CHAMPOT\u00d3N, CAMPECHE\" >H. AYUNTAMIENTO DEL MUNICIPIO DE CHAMPOT\u00d3N, CAMPECHE <\/td><td data-cell-id=\"D209\" data-x=\"3\" data-y=\"209\" data-db-index=\"209\" class=\"fsize-18\" data-cell-type=\"text\" data-original-value=\"&lt;a href=&quot;https:\/\/teec.org.mx\/web\/wp-content\/uploads\/2022\/02\/TEEC-JE-2-2022-Acu.-Plenario-15-02-2022.pdf&quot; target=&quot;_blank&quot;&gt;TEEC\/JE\/2\/2022 (ACUERDO PLENARIO)&lt;\/a&gt;\" data-order=\"&lt;a href=&quot;https:\/\/teec.org.mx\/web\/wp-content\/uploads\/2022\/02\/TEEC-JE-2-2022-Acu.-Plenario-15-02-2022.pdf&quot; target=&quot;_blank&quot;&gt;TEEC\/JE\/2\/2022 (ACUERDO PLENARIO)&lt;\/a&gt;\" ><a href=\"https:\/\/teec.org.mx\/web\/wp-content\/uploads\/2022\/02\/TEEC-JE-2-2022-Acu.-Plenario-15-02-2022.pdf\" target=\"_blank\">TEEC\/JE\/2\/2022 (ACUERDO PLENARIO)<\/a><\/td><\/tr><tr style=\"height:px\" ><td data-cell-id=\"A210\" data-x=\"0\" data-y=\"210\" data-db-index=\"210\" class=\"fsize-18\" data-cell-type=\"text\" data-original-value=\"11 DE FEBRERO DE 2022, A LAS 10:28 HORAS\" data-order=\"11 DE FEBRERO DE 2022, A LAS 10:28 HORAS\" >11 DE FEBRERO DE 2022, A LAS 10:28 HORAS <\/td><td data-cell-id=\"B210\" data-x=\"1\" data-y=\"210\" data-db-index=\"210\" class=\"fsize-18\" data-cell-type=\"text\" data-original-value=\"RA\u00daL MUCU CHOC\" data-order=\"RA\u00daL MUCU CHOC\" >RA\u00daL MUCU CHOC <\/td><td data-cell-id=\"C210\" data-x=\"2\" data-y=\"210\" data-db-index=\"210\" class=\"fsize-18\" data-cell-type=\"text\" data-original-value=\"H. AYUNTAMIENTO DEL MUNICIPIO DE CHAMPOT\u00d3N, CAMPECHE\" data-order=\"H. AYUNTAMIENTO DEL MUNICIPIO DE CHAMPOT\u00d3N, CAMPECHE\" >H. AYUNTAMIENTO DEL MUNICIPIO DE CHAMPOT\u00d3N, CAMPECHE <\/td><td data-cell-id=\"D210\" data-x=\"3\" data-y=\"210\" data-db-index=\"210\" class=\"fsize-18\" data-cell-type=\"text\" data-original-value=\"&lt;a href=&quot;https:\/\/teec.org.mx\/web\/wp-content\/uploads\/2022\/02\/TEEC-JE-2-2022-11-02-2022.pdf&quot; target=&quot;_blank&quot;&gt;TEEC\/JE\/2\/2022 (SE FIJA FECHA Y HORA PARA SESI\u00d3N PRIVADA)&lt;\/a&gt;\" data-order=\"&lt;a href=&quot;https:\/\/teec.org.mx\/web\/wp-content\/uploads\/2022\/02\/TEEC-JE-2-2022-11-02-2022.pdf&quot; target=&quot;_blank&quot;&gt;TEEC\/JE\/2\/2022 (SE FIJA FECHA Y HORA PARA SESI\u00d3N PRIVADA)&lt;\/a&gt;\" ><a href=\"https:\/\/teec.org.mx\/web\/wp-content\/uploads\/2022\/02\/TEEC-JE-2-2022-11-02-2022.pdf\" target=\"_blank\">TEEC\/JE\/2\/2022 (SE FIJA FECHA Y HORA PARA SESI\u00d3N PRIVADA)<\/a><\/td><\/tr><tr style=\"height:px\" ><td data-cell-id=\"A211\" data-x=\"0\" data-y=\"211\" data-db-index=\"211\" class=\"fsize-18\" data-cell-type=\"text\" data-original-value=\"10 DE FEBRERO DE 2022, A LAS 14:15 HORAS\" data-order=\"10 DE FEBRERO DE 2022, A LAS 14:15 HORAS\" >10 DE FEBRERO DE 2022, A LAS 14:15 HORAS <\/td><td data-cell-id=\"B211\" data-x=\"1\" data-y=\"211\" data-db-index=\"211\" class=\"fsize-18\" data-cell-type=\"text\" data-original-value=\"JOS\u00c9 DEL CARMEN SEGOVIA CRUZ, QUIEN SE OSTENTA COMO DIRIGENTE DEL PARTIDO DE LA REVOLUCI\u00d3N DEMOCR\u00c1TICA EN CAMPECHE\" data-order=\"JOS\u00c9 DEL CARMEN SEGOVIA CRUZ, QUIEN SE OSTENTA COMO DIRIGENTE DEL PARTIDO DE LA REVOLUCI\u00d3N DEMOCR\u00c1TICA EN CAMPECHE\" >JOS\u00c9 DEL CARMEN SEGOVIA CRUZ, QUIEN SE OSTENTA COMO DIRIGENTE DEL PARTIDO DE LA REVOLUCI\u00d3N DEMOCR\u00c1TICA EN CAMPECHE <\/td><td data-cell-id=\"C211\" data-x=\"2\" data-y=\"211\" data-db-index=\"211\" class=\"fsize-18\" data-cell-type=\"text\" data-original-value=\"INSTITUTO ELECTORAL DEL ESTADO DE CAMPECHE\" data-order=\"INSTITUTO ELECTORAL DEL ESTADO DE CAMPECHE\" >INSTITUTO ELECTORAL DEL ESTADO DE CAMPECHE <\/td><td data-cell-id=\"D211\" data-x=\"3\" data-y=\"211\" data-db-index=\"211\" class=\"fsize-18\" data-cell-type=\"text\" data-original-value=\"&lt;a href=&quot;https:\/\/teec.org.mx\/web\/wp-content\/uploads\/2022\/02\/TEEC-JE-1-2022-10-02-2022.pdf&quot; target=&quot;_blank&quot;&gt;TEEC\/JE\/1\/2022 (ACUERDO SE TURNA ESCRITO)&lt;\/a&gt;\" data-order=\"&lt;a href=&quot;https:\/\/teec.org.mx\/web\/wp-content\/uploads\/2022\/02\/TEEC-JE-1-2022-10-02-2022.pdf&quot; target=&quot;_blank&quot;&gt;TEEC\/JE\/1\/2022 (ACUERDO SE TURNA ESCRITO)&lt;\/a&gt;\" ><a href=\"https:\/\/teec.org.mx\/web\/wp-content\/uploads\/2022\/02\/TEEC-JE-1-2022-10-02-2022.pdf\" target=\"_blank\">TEEC\/JE\/1\/2022 (ACUERDO SE TURNA ESCRITO)<\/a><\/td><\/tr><tr style=\"height:px\" ><td data-cell-id=\"A212\" data-x=\"0\" data-y=\"212\" data-db-index=\"212\" class=\"fsize-18\" data-cell-type=\"text\" data-original-value=\"10 DE FEBRERO DE 2022, A LAS 14:00 HORAS\" data-order=\"10 DE FEBRERO DE 2022, A LAS 14:00 HORAS\" >10 DE FEBRERO DE 2022, A LAS 14:00 HORAS <\/td><td data-cell-id=\"B212\" data-x=\"1\" data-y=\"212\" data-db-index=\"212\" class=\"fsize-18\" data-cell-type=\"text\" data-original-value=\"RA\u00daL MUCU CHOC\" data-order=\"RA\u00daL MUCU CHOC\" >RA\u00daL MUCU CHOC <\/td><td data-cell-id=\"C212\" data-x=\"2\" data-y=\"212\" data-db-index=\"212\" class=\"fsize-18\" data-cell-type=\"text\" data-original-value=\"H. AYUNTAMIENTO DEL MUNICIPIO DE CHAMPOT\u00d3N, CAMPECHE\" data-order=\"H. AYUNTAMIENTO DEL MUNICIPIO DE CHAMPOT\u00d3N, CAMPECHE\" >H. AYUNTAMIENTO DEL MUNICIPIO DE CHAMPOT\u00d3N, CAMPECHE <\/td><td data-cell-id=\"D212\" data-x=\"3\" data-y=\"212\" data-db-index=\"212\" class=\"fsize-18\" data-cell-type=\"text\" data-original-value=\"&lt;a href=&quot;https:\/\/teec.org.mx\/web\/wp-content\/uploads\/2022\/02\/TEEC-JE-2-2022-10-02-2022.pdf&quot; target=&quot;_blank&quot;&gt;TEEC\/JE\/2\/2022 (CUMPLIMIENTO DE REQUERIMIENTO Y SOL. DE FEHCA Y HORA PARA SESI\u00d3N PRIVADA)&lt;\/a&gt;\" data-order=\"&lt;a href=&quot;https:\/\/teec.org.mx\/web\/wp-content\/uploads\/2022\/02\/TEEC-JE-2-2022-10-02-2022.pdf&quot; target=&quot;_blank&quot;&gt;TEEC\/JE\/2\/2022 (CUMPLIMIENTO DE REQUERIMIENTO Y SOL. DE FEHCA Y HORA PARA SESI\u00d3N PRIVADA)&lt;\/a&gt;\" ><a href=\"https:\/\/teec.org.mx\/web\/wp-content\/uploads\/2022\/02\/TEEC-JE-2-2022-10-02-2022.pdf\" target=\"_blank\">TEEC\/JE\/2\/2022 (CUMPLIMIENTO DE REQUERIMIENTO Y SOL. DE FEHCA Y HORA PARA SESI\u00d3N PRIVADA)<\/a><\/td><\/tr><tr style=\"height:px\" ><td data-cell-id=\"A213\" data-x=\"0\" data-y=\"213\" data-db-index=\"213\" class=\"fsize-18\" data-cell-type=\"text\" data-original-value=\"09 DE FEBRERO DE 2022, A LAS 13:15 HORAS\" data-order=\"09 DE FEBRERO DE 2022, A LAS 13:15 HORAS\" >09 DE FEBRERO DE 2022, A LAS 13:15 HORAS <\/td><td data-cell-id=\"B213\" data-x=\"1\" data-y=\"213\" data-db-index=\"213\" class=\"fsize-18\" data-cell-type=\"text\" data-original-value=\"RA\u00daL MUCU CH\" data-order=\"RA\u00daL MUCU CH\" >RA\u00daL MUCU CH <\/td><td data-cell-id=\"C213\" data-x=\"2\" data-y=\"213\" data-db-index=\"213\" class=\"fsize-18\" data-cell-type=\"text\" data-original-value=\"H. AYUNTAMIENTO DEL MUNICIPIO DE CHAMPOT\u00d3N, CAMPECHE\" data-order=\"H. AYUNTAMIENTO DEL MUNICIPIO DE CHAMPOT\u00d3N, CAMPECHE\" >H. AYUNTAMIENTO DEL MUNICIPIO DE CHAMPOT\u00d3N, CAMPECHE <\/td><td data-cell-id=\"D213\" data-x=\"3\" data-y=\"213\" data-db-index=\"213\" class=\"fsize-18\" data-cell-type=\"text\" data-original-value=\"&lt;a href=&quot;https:\/\/teec.org.mx\/web\/wp-content\/uploads\/2022\/02\/TEEC-JE-2-2022-09-02-2022.pdf&quot; target=&quot;_blank&quot;&gt;TEEC\/JE\/2\/2022 (ACUERDO SE TURNA ESCRITO)&lt;\/a&gt;\" data-order=\"&lt;a href=&quot;https:\/\/teec.org.mx\/web\/wp-content\/uploads\/2022\/02\/TEEC-JE-2-2022-09-02-2022.pdf&quot; target=&quot;_blank&quot;&gt;TEEC\/JE\/2\/2022 (ACUERDO SE TURNA ESCRITO)&lt;\/a&gt;\" ><a href=\"https:\/\/teec.org.mx\/web\/wp-content\/uploads\/2022\/02\/TEEC-JE-2-2022-09-02-2022.pdf\" target=\"_blank\">TEEC\/JE\/2\/2022 (ACUERDO SE TURNA ESCRITO)<\/a><\/td><\/tr><tr style=\"height:px\" ><td data-cell-id=\"A214\" data-x=\"0\" data-y=\"214\" data-db-index=\"214\" class=\"fsize-18\" data-cell-type=\"text\" data-original-value=\"09 DE FEBRERO DE 2022, A LAS 13:00 HORAS\" data-order=\"09 DE FEBRERO DE 2022, A LAS 13:00 HORAS\" >09 DE FEBRERO DE 2022, A LAS 13:00 HORAS <\/td><td data-cell-id=\"B214\" data-x=\"1\" data-y=\"214\" data-db-index=\"214\" class=\"fsize-18\" data-cell-type=\"text\" data-original-value=\"JOS\u00c9 DEL CARMEN SEGOVIA CRUZ, QUIEN SE OSTENTA COMO DIRIGENTE DEL PARTIDO DE LA REVOLUCI\u00d3N DEMOCR\u00c1TICA EN CAMPECHE\" data-order=\"JOS\u00c9 DEL CARMEN SEGOVIA CRUZ, QUIEN SE OSTENTA COMO DIRIGENTE DEL PARTIDO DE LA REVOLUCI\u00d3N DEMOCR\u00c1TICA EN CAMPECHE\" >JOS\u00c9 DEL CARMEN SEGOVIA CRUZ, QUIEN SE OSTENTA COMO DIRIGENTE DEL PARTIDO DE LA REVOLUCI\u00d3N DEMOCR\u00c1TICA EN CAMPECHE <\/td><td data-cell-id=\"C214\" data-x=\"2\" data-y=\"214\" data-db-index=\"214\" class=\"fsize-18\" data-cell-type=\"text\" data-original-value=\"INSTITUTO ELECTORAL DEL ESTADO DE CAMPECHE\" data-order=\"INSTITUTO ELECTORAL DEL ESTADO DE CAMPECHE\" >INSTITUTO ELECTORAL DEL ESTADO DE CAMPECHE <\/td><td data-cell-id=\"D214\" data-x=\"3\" data-y=\"214\" data-db-index=\"214\" class=\"fsize-18\" data-cell-type=\"text\" data-original-value=\"&lt;a href=&quot;https:\/\/teec.org.mx\/web\/wp-content\/uploads\/2022\/02\/TEEC-JE-1-2022-09-02-2022.pdf&quot; target=&quot;_blank&quot;&gt;TEEC\/JE\/1\/2022 (ACUERDO SE TURNA ESCRITO)&lt;\/a&gt;\" data-order=\"&lt;a href=&quot;https:\/\/teec.org.mx\/web\/wp-content\/uploads\/2022\/02\/TEEC-JE-1-2022-09-02-2022.pdf&quot; target=&quot;_blank&quot;&gt;TEEC\/JE\/1\/2022 (ACUERDO SE TURNA ESCRITO)&lt;\/a&gt;\" ><a href=\"https:\/\/teec.org.mx\/web\/wp-content\/uploads\/2022\/02\/TEEC-JE-1-2022-09-02-2022.pdf\" target=\"_blank\">TEEC\/JE\/1\/2022 (ACUERDO SE TURNA ESCRITO)<\/a><\/td><\/tr><tr style=\"height:px\" ><td data-cell-id=\"A215\" data-x=\"0\" data-y=\"215\" data-db-index=\"215\" class=\"fsize-18\" data-cell-type=\"text\" data-original-value=\"08 DE FEBRERO DE 2022, A LAS 10:30 HORAS\" data-order=\"08 DE FEBRERO DE 2022, A LAS 10:30 HORAS\" >08 DE FEBRERO DE 2022, A LAS 10:30 HORAS <\/td><td data-cell-id=\"B215\" data-x=\"1\" data-y=\"215\" data-db-index=\"215\" class=\"fsize-18\" data-cell-type=\"text\" data-original-value=\"JOS\u00c9 DEL CARMEN SEGOVIA CRUZ, QUIEN SE OSTENTA COMO DIRIGENTE DEL PARTIDO DE LA REVOLUCI\u00d3N DEMOCR\u00c1TICA EN CAMPECHE\" data-order=\"JOS\u00c9 DEL CARMEN SEGOVIA CRUZ, QUIEN SE OSTENTA COMO DIRIGENTE DEL PARTIDO DE LA REVOLUCI\u00d3N DEMOCR\u00c1TICA EN CAMPECHE\" >JOS\u00c9 DEL CARMEN SEGOVIA CRUZ, QUIEN SE OSTENTA COMO DIRIGENTE DEL PARTIDO DE LA REVOLUCI\u00d3N DEMOCR\u00c1TICA EN CAMPECHE <\/td><td data-cell-id=\"C215\" data-x=\"2\" data-y=\"215\" data-db-index=\"215\" class=\"fsize-18\" data-cell-type=\"text\" data-original-value=\"INSTITUTO ELECTORAL DEL ESTADO DE CAMPECHE\" data-order=\"INSTITUTO ELECTORAL DEL ESTADO DE CAMPECHE\" >INSTITUTO ELECTORAL DEL ESTADO DE CAMPECHE <\/td><td data-cell-id=\"D215\" data-x=\"3\" data-y=\"215\" data-db-index=\"215\" class=\"fsize-18\" data-cell-type=\"text\" data-original-value=\"&lt;a href=&quot;https:\/\/teec.org.mx\/web\/wp-content\/uploads\/2022\/02\/TEEC-JE-1-2022-08-02-2022.pdf&quot; target=&quot;_blank&quot;&gt;TEEC\/JE\/1\/2022 (ACUERDO DE RECEPCI\u00d3N, RADICACI\u00d3N Y REQUERIMIENTO)&lt;\/a&gt;\" data-order=\"&lt;a href=&quot;https:\/\/teec.org.mx\/web\/wp-content\/uploads\/2022\/02\/TEEC-JE-1-2022-08-02-2022.pdf&quot; target=&quot;_blank&quot;&gt;TEEC\/JE\/1\/2022 (ACUERDO DE RECEPCI\u00d3N, RADICACI\u00d3N Y REQUERIMIENTO)&lt;\/a&gt;\" ><a href=\"https:\/\/teec.org.mx\/web\/wp-content\/uploads\/2022\/02\/TEEC-JE-1-2022-08-02-2022.pdf\" target=\"_blank\">TEEC\/JE\/1\/2022 (ACUERDO DE RECEPCI\u00d3N, RADICACI\u00d3N Y REQUERIMIENTO)<\/a><\/td><\/tr><tr style=\"height:px\" ><td data-cell-id=\"A216\" data-x=\"0\" data-y=\"216\" data-db-index=\"216\" class=\"fsize-18\" data-cell-type=\"text\" data-original-value=\"04 DE FEBRERO DE 2022, A LAS 11:10 HORAS\" data-order=\"04 DE FEBRERO DE 2022, A LAS 11:10 HORAS\" >04 DE FEBRERO DE 2022, A LAS 11:10 HORAS <\/td><td data-cell-id=\"B216\" data-x=\"1\" data-y=\"216\" data-db-index=\"216\" class=\"fsize-18\" data-cell-type=\"text\" data-original-value=\"RA\u00daL MUCU CHOC\" data-order=\"RA\u00daL MUCU CHOC\" >RA\u00daL MUCU CHOC <\/td><td data-cell-id=\"C216\" data-x=\"2\" data-y=\"216\" data-db-index=\"216\" class=\"fsize-18\" data-cell-type=\"text\" data-original-value=\"H. AYUNTAMIENTO DEL MUNICIPIO DE CHAMPOT\u00d3N, CAMPECHE\" data-order=\"H. AYUNTAMIENTO DEL MUNICIPIO DE CHAMPOT\u00d3N, CAMPECHE\" >H. AYUNTAMIENTO DEL MUNICIPIO DE CHAMPOT\u00d3N, CAMPECHE <\/td><td data-cell-id=\"D216\" data-x=\"3\" data-y=\"216\" data-db-index=\"216\" class=\"fsize-18\" data-cell-type=\"text\" data-original-value=\"&lt;a href=&quot;https:\/\/teec.org.mx\/web\/wp-content\/uploads\/2022\/02\/TEEC-JE-2-2022-04-02-2022.pdf&quot; target=&quot;_blank&quot;&gt;TEEC\/JE\/2\/2022 (REQUERIMIENTO)&lt;\/a&gt;\" data-order=\"&lt;a href=&quot;https:\/\/teec.org.mx\/web\/wp-content\/uploads\/2022\/02\/TEEC-JE-2-2022-04-02-2022.pdf&quot; target=&quot;_blank&quot;&gt;TEEC\/JE\/2\/2022 (REQUERIMIENTO)&lt;\/a&gt;\" ><a href=\"https:\/\/teec.org.mx\/web\/wp-content\/uploads\/2022\/02\/TEEC-JE-2-2022-04-02-2022.pdf\" target=\"_blank\">TEEC\/JE\/2\/2022 (REQUERIMIENTO)<\/a><\/td><\/tr><tr style=\"height:px\" ><td data-cell-id=\"A217\" data-x=\"0\" data-y=\"217\" data-db-index=\"217\" class=\"fsize-18\" data-cell-type=\"text\" data-original-value=\"01 DE FEBRERO DE 2022, A LAS 14:00 HORAS\" data-order=\"01 DE FEBRERO DE 2022, A LAS 14:00 HORAS\" >01 DE FEBRERO DE 2022, A LAS 14:00 HORAS <\/td><td data-cell-id=\"B217\" data-x=\"1\" data-y=\"217\" data-db-index=\"217\" class=\"fsize-18\" data-cell-type=\"text\" data-original-value=\"RA\u00daL MUCU CHOC, JES\u00daS PABLO MENDOZA, \u00c1NGEL MUCU QUINICH, MAT\u00cdAS RAM\u00cdREZ GER\u00d3NIMO, TOM\u00c1S L\u00d3PEZ SUCUQU\u00cd, F\u00c9LIX MAT\u00cdAS MENDOZA, ARNULFO L\u00d3PEZ V\u00c1ZQUEZ\" data-order=\"RA\u00daL MUCU CHOC, JES\u00daS PABLO MENDOZA, \u00c1NGEL MUCU QUINICH, MAT\u00cdAS RAM\u00cdREZ GER\u00d3NIMO, TOM\u00c1S L\u00d3PEZ SUCUQU\u00cd, F\u00c9LIX MAT\u00cdAS MENDOZA, ARNULFO L\u00d3PEZ V\u00c1ZQUEZ\" >RA\u00daL MUCU CHOC, JES\u00daS PABLO MENDOZA, \u00c1NGEL MUCU QUINICH, MAT\u00cdAS RAM\u00cdREZ GER\u00d3NIMO, TOM\u00c1S L\u00d3PEZ SUCUQU\u00cd, F\u00c9LIX MAT\u00cdAS MENDOZA, ARNULFO L\u00d3PEZ V\u00c1ZQUEZ <\/td><td data-cell-id=\"C217\" data-x=\"2\" data-y=\"217\" data-db-index=\"217\" class=\"fsize-18\" data-cell-type=\"text\" data-original-value=\"H. AYUNTAMIENTO DEL MUNICIPIO DE CHAMPOT\u00d3N, CAMPECHE\" data-order=\"H. AYUNTAMIENTO DEL MUNICIPIO DE CHAMPOT\u00d3N, CAMPECHE\" >H. AYUNTAMIENTO DEL MUNICIPIO DE CHAMPOT\u00d3N, CAMPECHE <\/td><td data-cell-id=\"D217\" data-x=\"3\" data-y=\"217\" data-db-index=\"217\" class=\"fsize-18\" data-cell-type=\"text\" data-original-value=\"&lt;a href=&quot;https:\/\/teec.org.mx\/web\/wp-content\/uploads\/2022\/02\/TEEC-JE-2-2022-01-02-2022.pdf&quot; target=&quot;_blank&quot;&gt;TEEC\/JE\/2\/2022 (ACUERDO DE TURNO)&lt;\/a&gt;\" data-order=\"&lt;a href=&quot;https:\/\/teec.org.mx\/web\/wp-content\/uploads\/2022\/02\/TEEC-JE-2-2022-01-02-2022.pdf&quot; target=&quot;_blank&quot;&gt;TEEC\/JE\/2\/2022 (ACUERDO DE TURNO)&lt;\/a&gt;\" ><a href=\"https:\/\/teec.org.mx\/web\/wp-content\/uploads\/2022\/02\/TEEC-JE-2-2022-01-02-2022.pdf\" target=\"_blank\">TEEC\/JE\/2\/2022 (ACUERDO DE TURNO)<\/a><\/td><\/tr><tr style=\"height:px\" ><td data-cell-id=\"A218\" data-x=\"0\" data-y=\"218\" data-db-index=\"218\" class=\"fsize-18\" data-cell-type=\"text\" data-original-value=\"27 DE ENERO DE 2022, A LAS 12:20 HORAS\" data-order=\"27 DE ENERO DE 2022, A LAS 12:20 HORAS\" >27 DE ENERO DE 2022, A LAS 12:20 HORAS <\/td><td data-cell-id=\"B218\" data-x=\"1\" data-y=\"218\" data-db-index=\"218\" class=\"fsize-18\" data-cell-type=\"text\" data-original-value=\"JOS\u00c9 DEL CARMEN SEGOVIA CRUZ, QUIEN SE OSTENTA COMO DIRIGENTE DEL PARTIDO DE LA REVOLUCI\u00d3N DEMOCR\u00c1TICA EN CAMPECHE\" data-order=\"JOS\u00c9 DEL CARMEN SEGOVIA CRUZ, QUIEN SE OSTENTA COMO DIRIGENTE DEL PARTIDO DE LA REVOLUCI\u00d3N DEMOCR\u00c1TICA EN CAMPECHE\" >JOS\u00c9 DEL CARMEN SEGOVIA CRUZ, QUIEN SE OSTENTA COMO DIRIGENTE DEL PARTIDO DE LA REVOLUCI\u00d3N DEMOCR\u00c1TICA EN CAMPECHE <\/td><td data-cell-id=\"C218\" data-x=\"2\" data-y=\"218\" data-db-index=\"218\" class=\"fsize-18\" data-cell-type=\"text\" data-original-value=\"INSTITUTO ELECTORAL DEL ESTADO DE CAMPECHE\" data-order=\"INSTITUTO ELECTORAL DEL ESTADO DE CAMPECHE\" >INSTITUTO ELECTORAL DEL ESTADO DE CAMPECHE <\/td><td data-cell-id=\"D218\" data-x=\"3\" data-y=\"218\" data-db-index=\"218\" class=\"fsize-18\" data-cell-type=\"text\" data-original-value=\"&lt;a href=&quot;https:\/\/teec.org.mx\/web\/wp-content\/uploads\/2022\/01\/TEEC-JE-1-2022-27-01-2022.pdf&quot; target=&quot;_blank&quot;&gt;TEEC\/JE\/1\/2022 (ACUERDO DE TURNO)&lt;\/a&gt;\" data-order=\"&lt;a href=&quot;https:\/\/teec.org.mx\/web\/wp-content\/uploads\/2022\/01\/TEEC-JE-1-2022-27-01-2022.pdf&quot; target=&quot;_blank&quot;&gt;TEEC\/JE\/1\/2022 (ACUERDO DE TURNO)&lt;\/a&gt;\" ><a href=\"https:\/\/teec.org.mx\/web\/wp-content\/uploads\/2022\/01\/TEEC-JE-1-2022-27-01-2022.pdf\" target=\"_blank\">TEEC\/JE\/1\/2022 (ACUERDO DE TURNO)<\/a><\/td><\/tr><\/tbody><\/table><!-- \/#supsystic-table-77.supsystic-table --><div class=\"stbConditionsData\" ><\/div><\/div><!-- \/.supsystic-tables-wrap --><!-- Tables Generator by Supsystic --><!-- Version:1.10.47 --><!-- http:\/\/supsystic.com\/ --><a title=\"WordPress Responsive Table\" style=\"display:none;\" href=\"https:\/\/supsystic.com\/plugins\/wordpress-data-table-plugin\/?utm_medium=love_link\" target=\"_blank\">WordPress Responsive Table<\/a><\/p>\n<p>&nbsp;<\/p>\n\n\n\n<p><\/p>\n","protected":false},"excerpt":{"rendered":"<p>Juicios Electorales 2022 &nbsp; &nbsp;<\/p>\n","protected":false},"author":1,"featured_media":0,"parent":0,"menu_order":0,"comment_status":"closed","ping_status":"closed","template":"","meta":{"footnotes":""},"yst_prominent_words":[],"_links":{"self":[{"href":"https:\/\/teec.org.mx\/web\/wp-json\/wp\/v2\/pages\/14903"}],"collection":[{"href":"https:\/\/teec.org.mx\/web\/wp-json\/wp\/v2\/pages"}],"about":[{"href":"https:\/\/teec.org.mx\/web\/wp-json\/wp\/v2\/types\/page"}],"author":[{"embeddable":true,"href":"https:\/\/teec.org.mx\/web\/wp-json\/wp\/v2\/users\/1"}],"replies":[{"embeddable":true,"href":"https:\/\/teec.org.mx\/web\/wp-json\/wp\/v2\/comments?post=14903"}],"version-history":[{"count":1,"href":"https:\/\/teec.org.mx\/web\/wp-json\/wp\/v2\/pages\/14903\/revisions"}],"predecessor-version":[{"id":14904,"href":"https:\/\/teec.org.mx\/web\/wp-json\/wp\/v2\/pages\/14903\/revisions\/14904"}],"wp:attachment":[{"href":"https:\/\/teec.org.mx\/web\/wp-json\/wp\/v2\/media?parent=14903"}],"wp:term":[{"taxonomy":"yst_prominent_words","embeddable":true,"href":"https:\/\/teec.org.mx\/web\/wp-json\/wp\/v2\/yst_prominent_words?post=14903"}],"curies":[{"name":"wp","href":"https:\/\/api.w.org\/{rel}","templated":true}]}}