{"id":17222,"date":"2023-01-16T11:42:46","date_gmt":"2023-01-16T17:42:46","guid":{"rendered":"https:\/\/teec.org.mx\/web\/?page_id=17222"},"modified":"2024-01-02T14:09:52","modified_gmt":"2024-01-02T20:09:52","slug":"rap-2023","status":"publish","type":"page","link":"https:\/\/teec.org.mx\/web\/rap-2023\/","title":{"rendered":"RAP 2023"},"content":{"rendered":"\n<h2 class=\"wp-block-heading has-text-align-center\">Recursos de apelaci\u00f3n 2023<\/h2>\n\n\n<p>\u00a0<\/p>\n<p style=\"text-align: center;\"><div class=\"supsystic-table-loader la-ball-beat la-2x\" style=\"color:#000000\"><div><\/div><div><\/div><div><\/div><\/div><div id=\"supsystic-table-83_6619\" class=\"supsystic-tables-wrap pagination-medium\" style=\" width:100%; visibility: hidden; \" data-table-width-fixed=\"100%\" data-table-width-mobile=\"100%\" ><div class=\"supsystic-tables-features\"><\/div><table id=\"supsystic-table-83\" class=\"supsystic-table border cell-border\" data-id=\"83\" data-view-id=\"83_6619\" data-title=\"RAP 2023\" data-currency-format=\"$1,000.00\" data-percent-format=\"10.00%\" data-date-format=\"DD.MM.YYYY\" data-time-format=\"HH:mm\" data-features=\"[&quot;info&quot;,&quot;paging&quot;,&quot;searching&quot;,&quot;after_table_loaded_script&quot;]\" data-search-value=\"\" data-head=\"on\" data-head-rows-count=\"1\" data-pagination-length=\"10,25,50,100,All\" data-auto-index=\"off\" data-searching-settings=\"{&quot;columnSearchPosition&quot;:&quot;bottom&quot;,&quot;minChars&quot;:&quot;0&quot;}\" data-lang=\"Spanish\" data-override=\"{&quot;emptyTable&quot;:&quot;&quot;,&quot;info&quot;:&quot;&quot;,&quot;infoEmpty&quot;:&quot;&quot;,&quot;infoFiltered&quot;:&quot;&quot;,&quot;lengthMenu&quot;:&quot;&quot;,&quot;search&quot;:&quot;&quot;,&quot;previous&quot;:&quot;&quot;,&quot;next&quot;:&quot;&quot;,&quot;zeroRecords&quot;:&quot;&quot;,&quot;exportLabel&quot;:&quot;&quot;,&quot;file&quot;:&quot;Spanish&quot;}\" data-merged=\"[]\" data-responsive-mode=\"0\" data-from-history=\"0\" ><thead><tr><th data-cell-id=\"A1\" data-x=\"0\" data-y=\"1\" data-db-index=\"1\" class=\"htCenter color-ffffff bold bg-d49820 fsize-18\" data-cell-type=\"text\" data-original-value=\"FECHA Y HORA DE NOTIFICACI\u00d3N\" data-order=\"FECHA Y HORA DE NOTIFICACI\u00d3N\" style=\"min-width:22.3055%; \" >FECHA Y HORA DE NOTIFICACI\u00d3N <\/th><th data-cell-id=\"B1\" data-x=\"1\" data-y=\"1\" data-db-index=\"1\" class=\"htCenter bg-d49820 color-ffffff bold fsize-18\" data-cell-type=\"text\" data-original-value=\"ACTOR\" data-order=\"ACTOR\" style=\"min-width:27.6476%; \" >ACTOR <\/th><th data-cell-id=\"C1\" data-x=\"2\" data-y=\"1\" data-db-index=\"1\" class=\"bg-d49820 color-ffffff bold fsize-18\" data-cell-type=\"text\" data-original-value=\"AUTORIDAD RESPONSABLE \" data-order=\"AUTORIDAD RESPONSABLE \" style=\"min-width:23.5239%; \" >AUTORIDAD RESPONSABLE <\/th><th data-cell-id=\"D1\" data-x=\"3\" data-y=\"1\" data-db-index=\"1\" class=\"htCenter bg-d49820 color-ffffff bold fsize-18\" data-cell-type=\"text\" data-original-value=\"ARCHIVO\" data-order=\"ARCHIVO\" style=\"min-width:26.523%; \" >ARCHIVO <\/th><\/tr><\/thead><tbody><tr style=\"height:px\" ><td data-cell-id=\"A2\" data-x=\"0\" data-y=\"2\" data-db-index=\"2\" class=\"fsize-18\" data-cell-type=\"text\" data-original-value=\"05 DE ABRIL DE 2024, A LAS 13:20 HORAS\" data-order=\"05 DE ABRIL DE 2024, A LAS 13:20 HORAS\" >05 DE ABRIL DE 2024, A LAS 13:20 HORAS <\/td><td data-cell-id=\"B2\" data-x=\"1\" data-y=\"2\" data-db-index=\"2\" class=\"fsize-18\" data-cell-type=\"text\" data-original-value=\"MARCO ANTONIO S\u00c1NCHEZ ABNAAL, REPRESENTANTE PROPIETARIO DEL PARTIDO POL\u00cdTICO LOCAL ESPACIO DEMOCR\u00c1TICO DE CAMPECHE\" data-order=\"MARCO ANTONIO S\u00c1NCHEZ ABNAAL, REPRESENTANTE PROPIETARIO DEL PARTIDO POL\u00cdTICO LOCAL ESPACIO DEMOCR\u00c1TICO DE CAMPECHE\" >MARCO ANTONIO S\u00c1NCHEZ ABNAAL, REPRESENTANTE PROPIETARIO DEL PARTIDO POL\u00cdTICO LOCAL ESPACIO DEMOCR\u00c1TICO DE CAMPECHE <\/td><td data-cell-id=\"C2\" data-x=\"2\" data-y=\"2\" data-db-index=\"2\" class=\"fsize-18\" data-cell-type=\"text\" data-original-value=\"CONSEJO GENERAL DEL INSTITUTO ELECTORAL DEL ESTADO DE CAMPECHE\" data-order=\"CONSEJO GENERAL DEL INSTITUTO ELECTORAL DEL ESTADO DE CAMPECHE\" >CONSEJO GENERAL DEL INSTITUTO ELECTORAL DEL ESTADO DE CAMPECHE <\/td><td data-cell-id=\"D2\" data-x=\"3\" data-y=\"2\" data-db-index=\"2\" class=\"fsize-18\" data-cell-type=\"text\" data-original-value=\"&lt;a href=&quot;https:\/\/teec.org.mx\/web\/wp-content\/uploads\/2024\/04\/TEEC-RAP-6-2024-2do-acu-05-04-2024.pdf&quot; target=&quot;_blank&quot;&gt;TEEC\/RAP\/6\/2024 (SE FIJA FECHA Y HORA PARA SESI\u00d3N PUBLICA)&lt;\/a&gt;\" data-order=\"&lt;a href=&quot;https:\/\/teec.org.mx\/web\/wp-content\/uploads\/2024\/04\/TEEC-RAP-6-2024-2do-acu-05-04-2024.pdf&quot; target=&quot;_blank&quot;&gt;TEEC\/RAP\/6\/2024 (SE FIJA FECHA Y HORA PARA SESI\u00d3N PUBLICA)&lt;\/a&gt;\" ><a href=\"https:\/\/teec.org.mx\/web\/wp-content\/uploads\/2024\/04\/TEEC-RAP-6-2024-2do-acu-05-04-2024.pdf\" target=\"_blank\">TEEC\/RAP\/6\/2024 (SE FIJA FECHA Y HORA PARA SESI\u00d3N PUBLICA)<\/a><\/td><\/tr><tr style=\"height:px\" ><td data-cell-id=\"A3\" data-x=\"0\" data-y=\"3\" data-db-index=\"3\" class=\"fsize-18\" data-cell-type=\"text\" data-original-value=\"05 DE ABRIL DE 2024, A LAS 12:40 HORAS\" data-order=\"05 DE ABRIL DE 2024, A LAS 12:40 HORAS\" >05 DE ABRIL DE 2024, A LAS 12:40 HORAS <\/td><td data-cell-id=\"B3\" data-x=\"1\" data-y=\"3\" data-db-index=\"3\" class=\"fsize-18\" data-cell-type=\"text\" data-original-value=\"MARCO ANTONIO SANCHEZ ABNAAL, EN SU CAR\u00c1CTER DE REPRESENTANTE PROPIETARIO DEL PARTIDO ESPACIO DEMOCR\u00c1TICO DE CAMPECHE, ANTE EL CONSEJO GENERAL DEL INSTITUTO ELECTORAL DEL ESTADO\" data-order=\"MARCO ANTONIO SANCHEZ ABNAAL, EN SU CAR\u00c1CTER DE REPRESENTANTE PROPIETARIO DEL PARTIDO ESPACIO DEMOCR\u00c1TICO DE CAMPECHE, ANTE EL CONSEJO GENERAL DEL INSTITUTO ELECTORAL DEL ESTADO\" >MARCO ANTONIO SANCHEZ ABNAAL, EN SU CAR\u00c1CTER DE REPRESENTANTE PROPIETARIO DEL PARTIDO ESPACIO DEMOCR\u00c1TICO DE CAMPECHE, ANTE EL CONSEJO GENERAL DEL INSTITUTO ELECTORAL DEL ESTADO <\/td><td data-cell-id=\"C3\" data-x=\"2\" data-y=\"3\" data-db-index=\"3\" class=\"fsize-18\" data-cell-type=\"text\" data-original-value=\"CONSEJO GENERAL DEL INSTITUTO ELECTORAL DEL ESTADO DE CAMPECHE\" data-order=\"CONSEJO GENERAL DEL INSTITUTO ELECTORAL DEL ESTADO DE CAMPECHE\" >CONSEJO GENERAL DEL INSTITUTO ELECTORAL DEL ESTADO DE CAMPECHE <\/td><td data-cell-id=\"D3\" data-x=\"3\" data-y=\"3\" data-db-index=\"3\" class=\"fsize-18\" data-cell-type=\"text\" data-original-value=\"&lt;a href=&quot;https:\/\/teec.org.mx\/web\/wp-content\/uploads\/2024\/04\/TEEC-RAP-6-2024-05-04-2024.pdf&quot; target=&quot;_blank&quot;&gt;TEEC\/RAP\/6\/2024 (ACUERDO DE CIERRE DE INSTRUCCI\u00d3N Y SOLICITUD DE FECHA Y HORA)&lt;\/a&gt;\" data-order=\"&lt;a href=&quot;https:\/\/teec.org.mx\/web\/wp-content\/uploads\/2024\/04\/TEEC-RAP-6-2024-05-04-2024.pdf&quot; target=&quot;_blank&quot;&gt;TEEC\/RAP\/6\/2024 (ACUERDO DE CIERRE DE INSTRUCCI\u00d3N Y SOLICITUD DE FECHA Y HORA)&lt;\/a&gt;\" ><a href=\"https:\/\/teec.org.mx\/web\/wp-content\/uploads\/2024\/04\/TEEC-RAP-6-2024-05-04-2024.pdf\" target=\"_blank\">TEEC\/RAP\/6\/2024 (ACUERDO DE CIERRE DE INSTRUCCI\u00d3N Y SOLICITUD DE FECHA Y HORA)<\/a><\/td><\/tr><tr style=\"height:px\" ><td data-cell-id=\"A4\" data-x=\"0\" data-y=\"4\" data-db-index=\"4\" class=\"fsize-18\" data-cell-type=\"text\" data-original-value=\"29 DE DICIEMBRE DE 2023, A LAS 15:35 HORAS\" data-order=\"29 DE DICIEMBRE DE 2023, A LAS 15:35 HORAS\" >29 DE DICIEMBRE DE 2023, A LAS 15:35 HORAS <\/td><td data-cell-id=\"B4\" data-x=\"1\" data-y=\"4\" data-db-index=\"4\" class=\"fsize-18\" data-cell-type=\"text\" data-original-value=\"LEANDRO EUGENIO DZIB REYES\" data-order=\"LEANDRO EUGENIO DZIB REYES\" >LEANDRO EUGENIO DZIB REYES <\/td><td data-cell-id=\"C4\" data-x=\"2\" data-y=\"4\" data-db-index=\"4\" class=\"fsize-18\" data-cell-type=\"text\" data-original-value=\"TRIBUNAL ELECTORAL DEL ESTADO DE CAMPECHE\" data-order=\"TRIBUNAL ELECTORAL DEL ESTADO DE CAMPECHE\" >TRIBUNAL ELECTORAL DEL ESTADO DE CAMPECHE <\/td><td data-cell-id=\"D4\" data-x=\"3\" data-y=\"4\" data-db-index=\"4\" class=\"fsize-18\" data-cell-type=\"text\" data-original-value=\"&lt;a href=&quot;https:\/\/teec.org.mx\/web\/wp-content\/uploads\/2023\/12\/TEEC-RAP-32-2023-y-acum-3er-acu-29-12-2023.pdf&quot; target=&quot;_blank&quot;&gt;TEEC\/RAP\/32\/2023 Y SUS ACUMULADOS TEEC\/RAP\/33\/2023, TEEC\/RAP\/34\/2023 y TEEC\/RAP\/35\/2023 (EXPEDIENTE FEDERAL: SX-JDC-404\/2023, SE COMUNICA C\u00c9DULA DE RETIRO Y COMPARECENCIA DE TERCERO INTERESADO)&lt;\/a&gt;\" data-order=\"&lt;a href=&quot;https:\/\/teec.org.mx\/web\/wp-content\/uploads\/2023\/12\/TEEC-RAP-32-2023-y-acum-3er-acu-29-12-2023.pdf&quot; target=&quot;_blank&quot;&gt;TEEC\/RAP\/32\/2023 Y SUS ACUMULADOS TEEC\/RAP\/33\/2023, TEEC\/RAP\/34\/2023 y TEEC\/RAP\/35\/2023 (EXPEDIENTE FEDERAL: SX-JDC-404\/2023, SE COMUNICA C\u00c9DULA DE RETIRO Y COMPARECENCIA DE TERCERO INTERESADO)&lt;\/a&gt;\" ><a href=\"https:\/\/teec.org.mx\/web\/wp-content\/uploads\/2023\/12\/TEEC-RAP-32-2023-y-acum-3er-acu-29-12-2023.pdf\" target=\"_blank\">TEEC\/RAP\/32\/2023 Y SUS ACUMULADOS TEEC\/RAP\/33\/2023, TEEC\/RAP\/34\/2023 y TEEC\/RAP\/35\/2023 (EXPEDIENTE FEDERAL: SX-JDC-404\/2023, SE COMUNICA C\u00c9DULA DE RETIRO Y COMPARECENCIA DE TERCERO INTERESADO)<\/a><\/td><\/tr><tr style=\"height:px\" ><td data-cell-id=\"A5\" data-x=\"0\" data-y=\"5\" data-db-index=\"5\" class=\"fsize-18\" data-cell-type=\"text\" data-original-value=\"29 DE DICIEMBRE DE 2023, A LAS 15:20 HORAS\" data-order=\"29 DE DICIEMBRE DE 2023, A LAS 15:20 HORAS\" >29 DE DICIEMBRE DE 2023, A LAS 15:20 HORAS <\/td><td data-cell-id=\"B5\" data-x=\"1\" data-y=\"5\" data-db-index=\"5\" class=\"fsize-18\" data-cell-type=\"text\" data-original-value=\"ABRAHAM ALBERTO MARTINEZ CAAMAL\" data-order=\"ABRAHAM ALBERTO MARTINEZ CAAMAL\" >ABRAHAM ALBERTO MARTINEZ CAAMAL <\/td><td data-cell-id=\"C5\" data-x=\"2\" data-y=\"5\" data-db-index=\"5\" class=\"fsize-18\" data-cell-type=\"text\" data-original-value=\"TRIBUNAL ELECTORAL DEL ESTADO DE CAMPECHE\" data-order=\"TRIBUNAL ELECTORAL DEL ESTADO DE CAMPECHE\" >TRIBUNAL ELECTORAL DEL ESTADO DE CAMPECHE <\/td><td data-cell-id=\"D5\" data-x=\"3\" data-y=\"5\" data-db-index=\"5\" class=\"fsize-18\" data-cell-type=\"text\" data-original-value=\"&lt;a href=&quot;https:\/\/teec.org.mx\/web\/wp-content\/uploads\/2023\/12\/TEEC-RAP-32-2023-y-acum-2do-acu-29-12-2023.pdf&quot; target=&quot;_blank&quot;&gt;TEEC\/RAP\/32\/2023 Y SUS ACUMULADOS TEEC\/RAP\/33\/2023, TEEC\/RAP\/34\/2023 y TEEC\/RAP\/35\/2023 (EXPEDIENTE FEDERAL: SX-JDC-406\/2023, SE COMUNICA C\u00c9DULA DE RETIRO Y COMPARECENCIA DE TERCERO INTERESADO)&lt;\/a&gt;\" data-order=\"&lt;a href=&quot;https:\/\/teec.org.mx\/web\/wp-content\/uploads\/2023\/12\/TEEC-RAP-32-2023-y-acum-2do-acu-29-12-2023.pdf&quot; target=&quot;_blank&quot;&gt;TEEC\/RAP\/32\/2023 Y SUS ACUMULADOS TEEC\/RAP\/33\/2023, TEEC\/RAP\/34\/2023 y TEEC\/RAP\/35\/2023 (EXPEDIENTE FEDERAL: SX-JDC-406\/2023, SE COMUNICA C\u00c9DULA DE RETIRO Y COMPARECENCIA DE TERCERO INTERESADO)&lt;\/a&gt;\" ><a href=\"https:\/\/teec.org.mx\/web\/wp-content\/uploads\/2023\/12\/TEEC-RAP-32-2023-y-acum-2do-acu-29-12-2023.pdf\" target=\"_blank\">TEEC\/RAP\/32\/2023 Y SUS ACUMULADOS TEEC\/RAP\/33\/2023, TEEC\/RAP\/34\/2023 y TEEC\/RAP\/35\/2023 (EXPEDIENTE FEDERAL: SX-JDC-406\/2023, SE COMUNICA C\u00c9DULA DE RETIRO Y COMPARECENCIA DE TERCERO INTERESADO)<\/a><\/td><\/tr><tr style=\"height:px\" ><td data-cell-id=\"A6\" data-x=\"0\" data-y=\"6\" data-db-index=\"6\" class=\"fsize-18\" data-cell-type=\"text\" data-original-value=\"29 DE DICIEMBRE DE 2023, A LAS 14:45 HORAS\" data-order=\"29 DE DICIEMBRE DE 2023, A LAS 14:45 HORAS\" >29 DE DICIEMBRE DE 2023, A LAS 14:45 HORAS <\/td><td data-cell-id=\"B6\" data-x=\"1\" data-y=\"6\" data-db-index=\"6\" class=\"fsize-18\" data-cell-type=\"text\" data-original-value=\"CARLOS ERNESTO MART\u00cdNEZ CAAMAL\" data-order=\"CARLOS ERNESTO MART\u00cdNEZ CAAMAL\" >CARLOS ERNESTO MART\u00cdNEZ CAAMAL <\/td><td data-cell-id=\"C6\" data-x=\"2\" data-y=\"6\" data-db-index=\"6\" class=\"fsize-18\" data-cell-type=\"text\" data-original-value=\"TRIBUNAL ELECTORAL DEL ESTADO DE CAMPECHE\" data-order=\"TRIBUNAL ELECTORAL DEL ESTADO DE CAMPECHE\" >TRIBUNAL ELECTORAL DEL ESTADO DE CAMPECHE <\/td><td data-cell-id=\"D6\" data-x=\"3\" data-y=\"6\" data-db-index=\"6\" class=\"fsize-18\" data-cell-type=\"text\" data-original-value=\"&lt;a href=&quot;https:\/\/teec.org.mx\/web\/wp-content\/uploads\/2023\/12\/TEEC-RAP-32-2023-y-acum-29-12-2023.pdf&quot; target=&quot;_blank&quot;&gt;TEEC\/RAP\/32\/2023 Y SUS ACUMULADOS TEEC\/RAP\/33\/2023, TEEC\/RAP\/34\/2023 y TEEC\/RAP\/35\/2023 (EXPEDIENTE FEDERAL: SX-JDC-404\/2023, SE COMUNICA C\u00c9DULA DE RETIRO Y COMPARECENCIA DE TERCERO INTERESADO)&lt;\/a&gt;\" data-order=\"&lt;a href=&quot;https:\/\/teec.org.mx\/web\/wp-content\/uploads\/2023\/12\/TEEC-RAP-32-2023-y-acum-29-12-2023.pdf&quot; target=&quot;_blank&quot;&gt;TEEC\/RAP\/32\/2023 Y SUS ACUMULADOS TEEC\/RAP\/33\/2023, TEEC\/RAP\/34\/2023 y TEEC\/RAP\/35\/2023 (EXPEDIENTE FEDERAL: SX-JDC-404\/2023, SE COMUNICA C\u00c9DULA DE RETIRO Y COMPARECENCIA DE TERCERO INTERESADO)&lt;\/a&gt;\" ><a href=\"https:\/\/teec.org.mx\/web\/wp-content\/uploads\/2023\/12\/TEEC-RAP-32-2023-y-acum-29-12-2023.pdf\" target=\"_blank\">TEEC\/RAP\/32\/2023 Y SUS ACUMULADOS TEEC\/RAP\/33\/2023, TEEC\/RAP\/34\/2023 y TEEC\/RAP\/35\/2023 (EXPEDIENTE FEDERAL: SX-JDC-404\/2023, SE COMUNICA C\u00c9DULA DE RETIRO Y COMPARECENCIA DE TERCERO INTERESADO)<\/a><\/td><\/tr><tr style=\"height:px\" ><td data-cell-id=\"A7\" data-x=\"0\" data-y=\"7\" data-db-index=\"7\" class=\"fsize-18\" data-cell-type=\"text\" data-original-value=\"26 DE DICIEMBRE DE 2023, A LAS 15:15 HORAS\" data-order=\"26 DE DICIEMBRE DE 2023, A LAS 15:15 HORAS\" >26 DE DICIEMBRE DE 2023, A LAS 15:15 HORAS <\/td><td data-cell-id=\"B7\" data-x=\"1\" data-y=\"7\" data-db-index=\"7\" class=\"fsize-18\" data-cell-type=\"text\" data-original-value=\"LEANDRO EUGENIO DZIB REYES\" data-order=\"LEANDRO EUGENIO DZIB REYES\" >LEANDRO EUGENIO DZIB REYES <\/td><td data-cell-id=\"C7\" data-x=\"2\" data-y=\"7\" data-db-index=\"7\" class=\"fsize-18\" data-cell-type=\"text\" data-original-value=\"TRIBUNAL ELECTORAL DEL ESTADO DE CAMPECHE\" data-order=\"TRIBUNAL ELECTORAL DEL ESTADO DE CAMPECHE\" >TRIBUNAL ELECTORAL DEL ESTADO DE CAMPECHE <\/td><td data-cell-id=\"D7\" data-x=\"3\" data-y=\"7\" data-db-index=\"7\" class=\"fsize-18\" data-cell-type=\"text\" data-original-value=\"&lt;a href=&quot;https:\/\/teec.org.mx\/web\/wp-content\/uploads\/2023\/12\/TEEC-RAP-32-2023-y-acum-3er-acu-26-12-2023.pdf&quot; target=&quot;_blank&quot;&gt;TEEC\/RAP\/32\/2023 Y SUS ACUMULADOS TEEC\/RAP\/33\/2023, TEEC\/RAP\/34\/2023 y TEEC\/RAP\/35\/2023 (EXPEDIENTE FEDERAL: SX-JDC-405\/2023, SE DA TRAMITE A MEDIO FEDERAL)&lt;\/a&gt;\" data-order=\"&lt;a href=&quot;https:\/\/teec.org.mx\/web\/wp-content\/uploads\/2023\/12\/TEEC-RAP-32-2023-y-acum-3er-acu-26-12-2023.pdf&quot; target=&quot;_blank&quot;&gt;TEEC\/RAP\/32\/2023 Y SUS ACUMULADOS TEEC\/RAP\/33\/2023, TEEC\/RAP\/34\/2023 y TEEC\/RAP\/35\/2023 (EXPEDIENTE FEDERAL: SX-JDC-405\/2023, SE DA TRAMITE A MEDIO FEDERAL)&lt;\/a&gt;\" ><a href=\"https:\/\/teec.org.mx\/web\/wp-content\/uploads\/2023\/12\/TEEC-RAP-32-2023-y-acum-3er-acu-26-12-2023.pdf\" target=\"_blank\">TEEC\/RAP\/32\/2023 Y SUS ACUMULADOS TEEC\/RAP\/33\/2023, TEEC\/RAP\/34\/2023 y TEEC\/RAP\/35\/2023 (EXPEDIENTE FEDERAL: SX-JDC-405\/2023, SE DA TRAMITE A MEDIO FEDERAL)<\/a><\/td><\/tr><tr style=\"height:px\" ><td data-cell-id=\"A8\" data-x=\"0\" data-y=\"8\" data-db-index=\"8\" class=\"fsize-18\" data-cell-type=\"text\" data-original-value=\"26 DE DICIEMBRE DE 2023, A LAS 14:55 HORAS\" data-order=\"26 DE DICIEMBRE DE 2023, A LAS 14:55 HORAS\" >26 DE DICIEMBRE DE 2023, A LAS 14:55 HORAS <\/td><td data-cell-id=\"B8\" data-x=\"1\" data-y=\"8\" data-db-index=\"8\" class=\"fsize-18\" data-cell-type=\"text\" data-original-value=\"ABRAHAM ALBERTO MART\u00cdNEZ CAAMAL\" data-order=\"ABRAHAM ALBERTO MART\u00cdNEZ CAAMAL\" >ABRAHAM ALBERTO MART\u00cdNEZ CAAMAL <\/td><td data-cell-id=\"C8\" data-x=\"2\" data-y=\"8\" data-db-index=\"8\" class=\"fsize-18\" data-cell-type=\"text\" data-original-value=\"TRIBUNAL ELECTORAL DEL ESTADO DE CAMPECHE\" data-order=\"TRIBUNAL ELECTORAL DEL ESTADO DE CAMPECHE\" >TRIBUNAL ELECTORAL DEL ESTADO DE CAMPECHE <\/td><td data-cell-id=\"D8\" data-x=\"3\" data-y=\"8\" data-db-index=\"8\" class=\"fsize-18\" data-cell-type=\"text\" data-original-value=\"&lt;a href=&quot;https:\/\/teec.org.mx\/web\/wp-content\/uploads\/2023\/12\/TEEC-RAP-32-2023-y-acum-2do-acu-26-12-2023.pdf&quot; target=&quot;_blank&quot;&gt;TEEC\/RAP\/32\/2023 Y SUS ACUMULADOS TEEC\/RAP\/33\/2023, TEEC\/RAP\/34\/2023 y TEEC\/RAP\/35\/2023 (EXPEDIENTE FEDERAL: SX-JDC-406\/2023, SE DA TRAMITE A MEDIO FEDERAL)&lt;\/a&gt;\" data-order=\"&lt;a href=&quot;https:\/\/teec.org.mx\/web\/wp-content\/uploads\/2023\/12\/TEEC-RAP-32-2023-y-acum-2do-acu-26-12-2023.pdf&quot; target=&quot;_blank&quot;&gt;TEEC\/RAP\/32\/2023 Y SUS ACUMULADOS TEEC\/RAP\/33\/2023, TEEC\/RAP\/34\/2023 y TEEC\/RAP\/35\/2023 (EXPEDIENTE FEDERAL: SX-JDC-406\/2023, SE DA TRAMITE A MEDIO FEDERAL)&lt;\/a&gt;\" ><a href=\"https:\/\/teec.org.mx\/web\/wp-content\/uploads\/2023\/12\/TEEC-RAP-32-2023-y-acum-2do-acu-26-12-2023.pdf\" target=\"_blank\">TEEC\/RAP\/32\/2023 Y SUS ACUMULADOS TEEC\/RAP\/33\/2023, TEEC\/RAP\/34\/2023 y TEEC\/RAP\/35\/2023 (EXPEDIENTE FEDERAL: SX-JDC-406\/2023, SE DA TRAMITE A MEDIO FEDERAL)<\/a><\/td><\/tr><tr style=\"height:px\" ><td data-cell-id=\"A9\" data-x=\"0\" data-y=\"9\" data-db-index=\"9\" class=\"fsize-18\" data-cell-type=\"text\" data-original-value=\"26 DE DICIEMBRE DE 2023, A LAS 14:25 HORAS\" data-order=\"26 DE DICIEMBRE DE 2023, A LAS 14:25 HORAS\" >26 DE DICIEMBRE DE 2023, A LAS 14:25 HORAS <\/td><td data-cell-id=\"B9\" data-x=\"1\" data-y=\"9\" data-db-index=\"9\" class=\"fsize-18\" data-cell-type=\"text\" data-original-value=\"CARLOS ERNESTO MART\u00cdNEZ CAAMAL\" data-order=\"CARLOS ERNESTO MART\u00cdNEZ CAAMAL\" >CARLOS ERNESTO MART\u00cdNEZ CAAMAL <\/td><td data-cell-id=\"C9\" data-x=\"2\" data-y=\"9\" data-db-index=\"9\" class=\"fsize-18\" data-cell-type=\"text\" data-original-value=\"TRIBUNAL ELECTORAL DEL ESTADO DE CAMPECHE\" data-order=\"TRIBUNAL ELECTORAL DEL ESTADO DE CAMPECHE\" >TRIBUNAL ELECTORAL DEL ESTADO DE CAMPECHE <\/td><td data-cell-id=\"D9\" data-x=\"3\" data-y=\"9\" data-db-index=\"9\" class=\"fsize-18\" data-cell-type=\"text\" data-original-value=\"&lt;a href=&quot;https:\/\/teec.org.mx\/web\/wp-content\/uploads\/2023\/12\/TEEC-RAP-32-2023-y-acum-26-12-2023.pdf&quot; target=&quot;_blank&quot;&gt;TEEC\/RAP\/32\/2023 Y SUS ACUMULADOS TEEC\/RAP\/33\/2023, TEEC\/RAP\/34\/2023 Y TEEC\/RAP\/35\/ (TR\u00c1MITE DE MEDIO FEDERAL)&lt;\/a&gt;\" data-order=\"&lt;a href=&quot;https:\/\/teec.org.mx\/web\/wp-content\/uploads\/2023\/12\/TEEC-RAP-32-2023-y-acum-26-12-2023.pdf&quot; target=&quot;_blank&quot;&gt;TEEC\/RAP\/32\/2023 Y SUS ACUMULADOS TEEC\/RAP\/33\/2023, TEEC\/RAP\/34\/2023 Y TEEC\/RAP\/35\/ (TR\u00c1MITE DE MEDIO FEDERAL)&lt;\/a&gt;\" ><a href=\"https:\/\/teec.org.mx\/web\/wp-content\/uploads\/2023\/12\/TEEC-RAP-32-2023-y-acum-26-12-2023.pdf\" target=\"_blank\">TEEC\/RAP\/32\/2023 Y SUS ACUMULADOS TEEC\/RAP\/33\/2023, TEEC\/RAP\/34\/2023 Y TEEC\/RAP\/35\/ (TR\u00c1MITE DE MEDIO FEDERAL)<\/a><\/td><\/tr><tr style=\"height:px\" ><td data-cell-id=\"A10\" data-x=\"0\" data-y=\"10\" data-db-index=\"10\" class=\"fsize-18\" data-cell-type=\"text\" data-original-value=\"22 DE DICIEMBRE DE 2023, A LAS 11:02 HORAS\" data-order=\"22 DE DICIEMBRE DE 2023, A LAS 11:02 HORAS\" >22 DE DICIEMBRE DE 2023, A LAS 11:02 HORAS <\/td><td data-cell-id=\"B10\" data-x=\"1\" data-y=\"10\" data-db-index=\"10\" class=\"fsize-18\" data-cell-type=\"text\" data-original-value=\"PEDRO ESTRADA C\u00d3RDOVA, REPRESENTANTE DEL PARTIDO POL\u00cdTICO NACIONAL MOVIMIENTO CIUDADANO ANTE EL CONSEJO GENERAL DEL INSTITUTO ELECTORAL DEL ESTADO DE CAMPECHE\" data-order=\"PEDRO ESTRADA C\u00d3RDOVA, REPRESENTANTE DEL PARTIDO POL\u00cdTICO NACIONAL MOVIMIENTO CIUDADANO ANTE EL CONSEJO GENERAL DEL INSTITUTO ELECTORAL DEL ESTADO DE CAMPECHE\" >PEDRO ESTRADA C\u00d3RDOVA, REPRESENTANTE DEL PARTIDO POL\u00cdTICO NACIONAL MOVIMIENTO CIUDADANO ANTE EL CONSEJO GENERAL DEL INSTITUTO ELECTORAL DEL ESTADO DE CAMPECHE <\/td><td data-cell-id=\"C10\" data-x=\"2\" data-y=\"10\" data-db-index=\"10\" class=\"fsize-18\" data-cell-type=\"text\" data-original-value=\"CONSEJO GENERAL DEL INSTITUTO ELECTORAL DEL ESTADO DE CAMPECHE\" data-order=\"CONSEJO GENERAL DEL INSTITUTO ELECTORAL DEL ESTADO DE CAMPECHE\" >CONSEJO GENERAL DEL INSTITUTO ELECTORAL DEL ESTADO DE CAMPECHE <\/td><td data-cell-id=\"D10\" data-x=\"3\" data-y=\"10\" data-db-index=\"10\" class=\"fsize-18\" data-cell-type=\"text\" data-original-value=\"&lt;a href=&quot;https:\/\/teec.org.mx\/web\/wp-content\/uploads\/2023\/12\/TEEC-RAP-30-2023-22-12-2023.pdf&quot; target=&quot;_blank&quot;&gt;TEEC\/RAP\/30\/2023 (SE DECLARA FIRME Y VALEDERA)&lt;\/a&gt;\" data-order=\"&lt;a href=&quot;https:\/\/teec.org.mx\/web\/wp-content\/uploads\/2023\/12\/TEEC-RAP-30-2023-22-12-2023.pdf&quot; target=&quot;_blank&quot;&gt;TEEC\/RAP\/30\/2023 (SE DECLARA FIRME Y VALEDERA)&lt;\/a&gt;\" ><a href=\"https:\/\/teec.org.mx\/web\/wp-content\/uploads\/2023\/12\/TEEC-RAP-30-2023-22-12-2023.pdf\" target=\"_blank\">TEEC\/RAP\/30\/2023 (SE DECLARA FIRME Y VALEDERA)<\/a><\/td><\/tr><tr style=\"height:px\" ><td data-cell-id=\"A11\" data-x=\"0\" data-y=\"11\" data-db-index=\"11\" class=\"fsize-18\" data-cell-type=\"text\" data-original-value=\"21 DE DICIEMBRE DE 2023, A LAS 13:00 HORAS\" data-order=\"21 DE DICIEMBRE DE 2023, A LAS 13:00 HORAS\" >21 DE DICIEMBRE DE 2023, A LAS 13:00 HORAS <\/td><td data-cell-id=\"B11\" data-x=\"1\" data-y=\"11\" data-db-index=\"11\" class=\"fsize-18\" data-cell-type=\"text\" data-original-value=\"CARLOS PLATA GONZ\u00c1LEZ, REPRESENTANTE LEGAL DE LA ORGANIZACI\u00d3N \u201cCAMPECHE LIBRE, A.C.\u201d Y REPRESENTANTE PROPIETARIO DEL PARTIDO CAMPECHE LIBRE ANTE EL CONSEJO GENERAL DEL INSTITUTO ELECTORAL DEL ESTADO DE CAMPECHE\" data-order=\"CARLOS PLATA GONZ\u00c1LEZ, REPRESENTANTE LEGAL DE LA ORGANIZACI\u00d3N \u201cCAMPECHE LIBRE, A.C.\u201d Y REPRESENTANTE PROPIETARIO DEL PARTIDO CAMPECHE LIBRE ANTE EL CONSEJO GENERAL DEL INSTITUTO ELECTORAL DEL ESTADO DE CAMPECHE\" >CARLOS PLATA GONZ\u00c1LEZ, REPRESENTANTE LEGAL DE LA ORGANIZACI\u00d3N \u201cCAMPECHE LIBRE, A.C.\u201d Y REPRESENTANTE PROPIETARIO DEL PARTIDO CAMPECHE LIBRE ANTE EL CONSEJO GENERAL DEL INSTITUTO ELECTORAL DEL ESTADO DE CAMPECHE <\/td><td data-cell-id=\"C11\" data-x=\"2\" data-y=\"11\" data-db-index=\"11\" class=\"fsize-18\" data-cell-type=\"text\" data-original-value=\"CONSEJO GENERAL EJECUTIVO DE INSTITUTO ELECTORAL DEL ESTADO DE CAMPECHE\" data-order=\"CONSEJO GENERAL EJECUTIVO DE INSTITUTO ELECTORAL DEL ESTADO DE CAMPECHE\" >CONSEJO GENERAL EJECUTIVO DE INSTITUTO ELECTORAL DEL ESTADO DE CAMPECHE <\/td><td data-cell-id=\"D11\" data-x=\"3\" data-y=\"11\" data-db-index=\"11\" class=\"fsize-18\" data-cell-type=\"text\" data-original-value=\"&lt;a href=&quot;https:\/\/teec.org.mx\/web\/wp-content\/uploads\/2023\/12\/TEEC-RAP-38-2023-21-12-2023.pdf&quot; target=&quot;_blank&quot;&gt;TEEC\/RAP\/38\/2023 (ACUERDO DE CUMPLIMIENTO Y ACUMULACI\u00d3N)&lt;\/a&gt;\" data-order=\"&lt;a href=&quot;https:\/\/teec.org.mx\/web\/wp-content\/uploads\/2023\/12\/TEEC-RAP-38-2023-21-12-2023.pdf&quot; target=&quot;_blank&quot;&gt;TEEC\/RAP\/38\/2023 (ACUERDO DE CUMPLIMIENTO Y ACUMULACI\u00d3N)&lt;\/a&gt;\" ><a href=\"https:\/\/teec.org.mx\/web\/wp-content\/uploads\/2023\/12\/TEEC-RAP-38-2023-21-12-2023.pdf\" target=\"_blank\">TEEC\/RAP\/38\/2023 (ACUERDO DE CUMPLIMIENTO Y ACUMULACI\u00d3N)<\/a><\/td><\/tr><tr style=\"height:px\" ><td data-cell-id=\"A12\" data-x=\"0\" data-y=\"12\" data-db-index=\"12\" class=\"fsize-18\" data-cell-type=\"text\" data-original-value=\"21 DE DICIEMBRE DE 2023, A LAS 11:44 HORAS\" data-order=\"21 DE DICIEMBRE DE 2023, A LAS 11:44 HORAS\" >21 DE DICIEMBRE DE 2023, A LAS 11:44 HORAS <\/td><td data-cell-id=\"B12\" data-x=\"1\" data-y=\"12\" data-db-index=\"12\" class=\"fsize-18\" data-cell-type=\"text\" data-original-value=\"PEDRO ESTRADA C\u00d3RDOVA, REPRESENTANTE ANTE EL CONSEJO GENERAL DEL INSTITUTO ELECTORAL DEL ESTADO DE CAMPECHE DEL PARTIDO POL\u00cdTICO NACIONAL MOVIMIENTO CIUDADANO\" data-order=\"PEDRO ESTRADA C\u00d3RDOVA, REPRESENTANTE ANTE EL CONSEJO GENERAL DEL INSTITUTO ELECTORAL DEL ESTADO DE CAMPECHE DEL PARTIDO POL\u00cdTICO NACIONAL MOVIMIENTO CIUDADANO\" >PEDRO ESTRADA C\u00d3RDOVA, REPRESENTANTE ANTE EL CONSEJO GENERAL DEL INSTITUTO ELECTORAL DEL ESTADO DE CAMPECHE DEL PARTIDO POL\u00cdTICO NACIONAL MOVIMIENTO CIUDADANO <\/td><td data-cell-id=\"C12\" data-x=\"2\" data-y=\"12\" data-db-index=\"12\" class=\"fsize-18\" data-cell-type=\"text\" data-original-value=\"CONSEJO GENERAL DEL INSTITUTO ELECTORAL DEL ESTADO DE CAMPECHE\" data-order=\"CONSEJO GENERAL DEL INSTITUTO ELECTORAL DEL ESTADO DE CAMPECHE\" >CONSEJO GENERAL DEL INSTITUTO ELECTORAL DEL ESTADO DE CAMPECHE <\/td><td data-cell-id=\"D12\" data-x=\"3\" data-y=\"12\" data-db-index=\"12\" class=\"fsize-18\" data-cell-type=\"text\" data-original-value=\"&lt;a href=&quot;https:\/\/teec.org.mx\/web\/wp-content\/uploads\/2023\/12\/TEEC-RAP-31-2023-21-12-2023.pdf&quot; target=&quot;_blank&quot;&gt;TEEC\/RAP\/31\/2023 (QUEDA FIRME LA SENTENCIA)&lt;\/a&gt;\" data-order=\"&lt;a href=&quot;https:\/\/teec.org.mx\/web\/wp-content\/uploads\/2023\/12\/TEEC-RAP-31-2023-21-12-2023.pdf&quot; target=&quot;_blank&quot;&gt;TEEC\/RAP\/31\/2023 (QUEDA FIRME LA SENTENCIA)&lt;\/a&gt;\" ><a href=\"https:\/\/teec.org.mx\/web\/wp-content\/uploads\/2023\/12\/TEEC-RAP-31-2023-21-12-2023.pdf\" target=\"_blank\">TEEC\/RAP\/31\/2023 (QUEDA FIRME LA SENTENCIA)<\/a><\/td><\/tr><tr style=\"height:px\" ><td data-cell-id=\"A13\" data-x=\"0\" data-y=\"13\" data-db-index=\"13\" class=\"fsize-18\" data-cell-type=\"text\" data-original-value=\"21 DE DICIEMBRE DE 2023, A LAS 11:28 HORAS\" data-order=\"21 DE DICIEMBRE DE 2023, A LAS 11:28 HORAS\" >21 DE DICIEMBRE DE 2023, A LAS 11:28 HORAS <\/td><td data-cell-id=\"B13\" data-x=\"1\" data-y=\"13\" data-db-index=\"13\" class=\"fsize-18\" data-cell-type=\"text\" data-original-value=\"ANTONIO G\u00d3MEZ SAUCEDO, EN SU CALIDAD DE REPRESENTANTE DEL PARTIDO DEL TRABAJO ANTE EL CONSEJO GENERAL DEL INSTITUTO ELECTORAL DEL ESTADO DE CAMPECHE\" data-order=\"ANTONIO G\u00d3MEZ SAUCEDO, EN SU CALIDAD DE REPRESENTANTE DEL PARTIDO DEL TRABAJO ANTE EL CONSEJO GENERAL DEL INSTITUTO ELECTORAL DEL ESTADO DE CAMPECHE\" >ANTONIO G\u00d3MEZ SAUCEDO, EN SU CALIDAD DE REPRESENTANTE DEL PARTIDO DEL TRABAJO ANTE EL CONSEJO GENERAL DEL INSTITUTO ELECTORAL DEL ESTADO DE CAMPECHE <\/td><td data-cell-id=\"C13\" data-x=\"2\" data-y=\"13\" data-db-index=\"13\" class=\"fsize-18\" data-cell-type=\"text\" data-original-value=\"DIRECCI\u00d3N EJECUTIVA DE ADMINISTRACI\u00d3N, PRERROGATIVAS DE PARTIDOS Y AGRUPACIONES POL\u00cdTICAS DEL INSTITUTO ELECTORAL DEL ESTADO DE CAMPECHE\" data-order=\"DIRECCI\u00d3N EJECUTIVA DE ADMINISTRACI\u00d3N, PRERROGATIVAS DE PARTIDOS Y AGRUPACIONES POL\u00cdTICAS DEL INSTITUTO ELECTORAL DEL ESTADO DE CAMPECHE\" >DIRECCI\u00d3N EJECUTIVA DE ADMINISTRACI\u00d3N, PRERROGATIVAS DE PARTIDOS Y AGRUPACIONES POL\u00cdTICAS DEL INSTITUTO ELECTORAL DEL ESTADO DE CAMPECHE <\/td><td data-cell-id=\"D13\" data-x=\"3\" data-y=\"13\" data-db-index=\"13\" class=\"fsize-18\" data-cell-type=\"text\" data-original-value=\"&lt;a href=&quot;https:\/\/teec.org.mx\/web\/wp-content\/uploads\/2023\/12\/TEEC-RAP-1-2023-21-12-2023.pdf&quot; target=&quot;_blank&quot;&gt;TEEC\/RAP\/1\/2023 (QUEDA FIRME EL ACUERDO PLENARIO)&lt;\/a&gt;\" data-order=\"&lt;a href=&quot;https:\/\/teec.org.mx\/web\/wp-content\/uploads\/2023\/12\/TEEC-RAP-1-2023-21-12-2023.pdf&quot; target=&quot;_blank&quot;&gt;TEEC\/RAP\/1\/2023 (QUEDA FIRME EL ACUERDO PLENARIO)&lt;\/a&gt;\" ><a href=\"https:\/\/teec.org.mx\/web\/wp-content\/uploads\/2023\/12\/TEEC-RAP-1-2023-21-12-2023.pdf\" target=\"_blank\">TEEC\/RAP\/1\/2023 (QUEDA FIRME EL ACUERDO PLENARIO)<\/a><\/td><\/tr><tr style=\"height:px\" ><td data-cell-id=\"A14\" data-x=\"0\" data-y=\"14\" data-db-index=\"14\" class=\"fsize-18\" data-cell-type=\"text\" data-original-value=\"19 DE DICIEMBRE DE 2023, A LAS 12:30 HORAS\" data-order=\"19 DE DICIEMBRE DE 2023, A LAS 12:30 HORAS\" >19 DE DICIEMBRE DE 2023, A LAS 12:30 HORAS <\/td><td data-cell-id=\"B14\" data-x=\"1\" data-y=\"14\" data-db-index=\"14\" class=\"fsize-18\" data-cell-type=\"text\" data-original-value=\"CARLOS PLATA GONZ\u00c1LEZ\" data-order=\"CARLOS PLATA GONZ\u00c1LEZ\" >CARLOS PLATA GONZ\u00c1LEZ <\/td><td data-cell-id=\"C14\" data-x=\"2\" data-y=\"14\" data-db-index=\"14\" class=\"fsize-18\" data-cell-type=\"text\" data-original-value=\"CONSEJO GENERAL EJECUTIVO DE INSTITUTO ELECTORAL DEL ESTADO DE CAMPECHE\" data-order=\"CONSEJO GENERAL EJECUTIVO DE INSTITUTO ELECTORAL DEL ESTADO DE CAMPECHE\" >CONSEJO GENERAL EJECUTIVO DE INSTITUTO ELECTORAL DEL ESTADO DE CAMPECHE <\/td><td data-cell-id=\"D14\" data-x=\"3\" data-y=\"14\" data-db-index=\"14\" class=\"fsize-18\" data-cell-type=\"text\" data-original-value=\"&lt;a href=&quot;https:\/\/teec.org.mx\/web\/wp-content\/uploads\/2023\/12\/TEEC-RAP-38-2023-19-12-2023.pdf&quot; target=&quot;_blank&quot;&gt;TEEC\/RAP\/38\/2023 (ACUERDO DE TURNO)&lt;\/a&gt;\" data-order=\"&lt;a href=&quot;https:\/\/teec.org.mx\/web\/wp-content\/uploads\/2023\/12\/TEEC-RAP-38-2023-19-12-2023.pdf&quot; target=&quot;_blank&quot;&gt;TEEC\/RAP\/38\/2023 (ACUERDO DE TURNO)&lt;\/a&gt;\" ><a href=\"https:\/\/teec.org.mx\/web\/wp-content\/uploads\/2023\/12\/TEEC-RAP-38-2023-19-12-2023.pdf\" target=\"_blank\">TEEC\/RAP\/38\/2023 (ACUERDO DE TURNO)<\/a><\/td><\/tr><tr style=\"height:px\" ><td data-cell-id=\"A15\" data-x=\"0\" data-y=\"15\" data-db-index=\"15\" class=\"fsize-18\" data-cell-type=\"text\" data-original-value=\"18 DE DICIEMBRE DE 2023, A LAS 13:20 HORAS\" data-order=\"18 DE DICIEMBRE DE 2023, A LAS 13:20 HORAS\" >18 DE DICIEMBRE DE 2023, A LAS 13:20 HORAS <\/td><td data-cell-id=\"B15\" data-x=\"1\" data-y=\"15\" data-db-index=\"15\" class=\"fsize-18\" data-cell-type=\"text\" data-original-value=\"MARCO ANTONIO SANCHEZ ABNAAL, REPRESENTANTE PROPIETARIO DEL PARTIDO LOCAL ESPACIO DEMOCR\u00c1TICO DE CAMPECHE\" data-order=\"MARCO ANTONIO SANCHEZ ABNAAL, REPRESENTANTE PROPIETARIO DEL PARTIDO LOCAL ESPACIO DEMOCR\u00c1TICO DE CAMPECHE\" >MARCO ANTONIO SANCHEZ ABNAAL, REPRESENTANTE PROPIETARIO DEL PARTIDO LOCAL ESPACIO DEMOCR\u00c1TICO DE CAMPECHE <\/td><td data-cell-id=\"C15\" data-x=\"2\" data-y=\"15\" data-db-index=\"15\" class=\"fsize-18\" data-cell-type=\"text\" data-original-value=\"CONSEJO GENERAL EJECUTIVO DE INSTITUTO ELECTORAL DEL ESTADO DE CAMPECHE\" data-order=\"CONSEJO GENERAL EJECUTIVO DE INSTITUTO ELECTORAL DEL ESTADO DE CAMPECHE\" >CONSEJO GENERAL EJECUTIVO DE INSTITUTO ELECTORAL DEL ESTADO DE CAMPECHE <\/td><td data-cell-id=\"D15\" data-x=\"3\" data-y=\"15\" data-db-index=\"15\" class=\"fsize-18\" data-cell-type=\"text\" data-original-value=\"&lt;a href=&quot;https:\/\/teec.org.mx\/web\/wp-content\/uploads\/2023\/12\/TEEC-RAP-37-2023-18-12-2023.pdf&quot; target=&quot;_blank&quot;&gt;TEEC\/RAP\/37\/2023 (ACUERDO DE CUMPLIMIENTO Y ACUMULACI\u00d3N)&lt;\/a&gt;\" data-order=\"&lt;a href=&quot;https:\/\/teec.org.mx\/web\/wp-content\/uploads\/2023\/12\/TEEC-RAP-37-2023-18-12-2023.pdf&quot; target=&quot;_blank&quot;&gt;TEEC\/RAP\/37\/2023 (ACUERDO DE CUMPLIMIENTO Y ACUMULACI\u00d3N)&lt;\/a&gt;\" ><a href=\"https:\/\/teec.org.mx\/web\/wp-content\/uploads\/2023\/12\/TEEC-RAP-37-2023-18-12-2023.pdf\" target=\"_blank\">TEEC\/RAP\/37\/2023 (ACUERDO DE CUMPLIMIENTO Y ACUMULACI\u00d3N)<\/a><\/td><\/tr><tr style=\"height:px\" ><td data-cell-id=\"A16\" data-x=\"0\" data-y=\"16\" data-db-index=\"16\" class=\"fsize-18\" data-cell-type=\"text\" data-original-value=\"18 DE DICIEMBRE DE 2023, A LAS 12:20 HORAS\" data-order=\"18 DE DICIEMBRE DE 2023, A LAS 12:20 HORAS\" >18 DE DICIEMBRE DE 2023, A LAS 12:20 HORAS <\/td><td data-cell-id=\"B16\" data-x=\"1\" data-y=\"16\" data-db-index=\"16\" class=\"fsize-18\" data-cell-type=\"text\" data-original-value=\"ABRAHAM ALBERTO MART\u00cdNEZ CAAMAL, LEANDRO EUGENIO DZIB REYES, CARLOS ERNESTO MART\u00cdNEZ CAAMAL Y JES\u00daS HUBERT CARRERA PAL\u00cd\" data-order=\"ABRAHAM ALBERTO MART\u00cdNEZ CAAMAL, LEANDRO EUGENIO DZIB REYES, CARLOS ERNESTO MART\u00cdNEZ CAAMAL Y JES\u00daS HUBERT CARRERA PAL\u00cd\" >ABRAHAM ALBERTO MART\u00cdNEZ CAAMAL, LEANDRO EUGENIO DZIB REYES, CARLOS ERNESTO MART\u00cdNEZ CAAMAL Y JES\u00daS HUBERT CARRERA PAL\u00cd <\/td><td data-cell-id=\"C16\" data-x=\"2\" data-y=\"16\" data-db-index=\"16\" class=\"fsize-18\" data-cell-type=\"text\" data-original-value=\"JUNTA GENERAL EJECUTIVA DEL INSTITUTO ELECTORAL DEL ESTADO DE CAMPECHE\" data-order=\"JUNTA GENERAL EJECUTIVA DEL INSTITUTO ELECTORAL DEL ESTADO DE CAMPECHE\" >JUNTA GENERAL EJECUTIVA DEL INSTITUTO ELECTORAL DEL ESTADO DE CAMPECHE <\/td><td data-cell-id=\"D16\" data-x=\"3\" data-y=\"16\" data-db-index=\"16\" class=\"fsize-18\" data-cell-type=\"text\" data-original-value=\"&lt;a href=&quot;https:\/\/teec.org.mx\/web\/wp-content\/uploads\/2023\/12\/TEEC-RAP-32-2023-y-sus-acum.-sentencia-18-12-2023.pdf&quot; target=&quot;_blank&quot;&gt;TEEC\/RAP\/32\/2023 Y SUS ACUMULADOS TEEC\/RAP\/33\/2023, TEEC\/RAP\/34\/2023 Y TEEC\/RAP\/35\/2023 (SENTENCIA)&lt;\/a&gt;\" data-order=\"&lt;a href=&quot;https:\/\/teec.org.mx\/web\/wp-content\/uploads\/2023\/12\/TEEC-RAP-32-2023-y-sus-acum.-sentencia-18-12-2023.pdf&quot; target=&quot;_blank&quot;&gt;TEEC\/RAP\/32\/2023 Y SUS ACUMULADOS TEEC\/RAP\/33\/2023, TEEC\/RAP\/34\/2023 Y TEEC\/RAP\/35\/2023 (SENTENCIA)&lt;\/a&gt;\" ><a href=\"https:\/\/teec.org.mx\/web\/wp-content\/uploads\/2023\/12\/TEEC-RAP-32-2023-y-sus-acum.-sentencia-18-12-2023.pdf\" target=\"_blank\">TEEC\/RAP\/32\/2023 Y SUS ACUMULADOS TEEC\/RAP\/33\/2023, TEEC\/RAP\/34\/2023 Y TEEC\/RAP\/35\/2023 (SENTENCIA)<\/a><\/td><\/tr><tr style=\"height:px\" ><td data-cell-id=\"A17\" data-x=\"0\" data-y=\"17\" data-db-index=\"17\" class=\"fsize-18\" data-cell-type=\"text\" data-original-value=\"18 DE DICIEMBRE DE 2023, A LAS 12:03 HORAS\" data-order=\"18 DE DICIEMBRE DE 2023, A LAS 12:03 HORAS\" >18 DE DICIEMBRE DE 2023, A LAS 12:03 HORAS <\/td><td data-cell-id=\"B17\" data-x=\"1\" data-y=\"17\" data-db-index=\"17\" class=\"fsize-18\" data-cell-type=\"text\" data-original-value=\"ANTONIO G\u00d3MEZ SAUCEDO, EN SU CALIDAD DE REPRESENTANTE PROPIETARIO DEL PARTIDO DEL TRABAJO ANTE EL CONSEJO GENERAL DEL INSTITUTO ELECTORAL DEL ESTADO DE CAMPECHE\" data-order=\"ANTONIO G\u00d3MEZ SAUCEDO, EN SU CALIDAD DE REPRESENTANTE PROPIETARIO DEL PARTIDO DEL TRABAJO ANTE EL CONSEJO GENERAL DEL INSTITUTO ELECTORAL DEL ESTADO DE CAMPECHE\" >ANTONIO G\u00d3MEZ SAUCEDO, EN SU CALIDAD DE REPRESENTANTE PROPIETARIO DEL PARTIDO DEL TRABAJO ANTE EL CONSEJO GENERAL DEL INSTITUTO ELECTORAL DEL ESTADO DE CAMPECHE <\/td><td data-cell-id=\"C17\" data-x=\"2\" data-y=\"17\" data-db-index=\"17\" class=\"fsize-18\" data-cell-type=\"text\" data-original-value=\"CONSEJO GENERAL DEL INSTITUTO ELECTORAL DEL ESTADO DE CAMPECHE\" data-order=\"CONSEJO GENERAL DEL INSTITUTO ELECTORAL DEL ESTADO DE CAMPECHE\" >CONSEJO GENERAL DEL INSTITUTO ELECTORAL DEL ESTADO DE CAMPECHE <\/td><td data-cell-id=\"D17\" data-x=\"3\" data-y=\"17\" data-db-index=\"17\" class=\"fsize-18\" data-cell-type=\"text\" data-original-value=\"&lt;a href=&quot;https:\/\/teec.org.mx\/web\/wp-content\/uploads\/2023\/12\/TEEC-RAP-36-2023-sentencia-18-12-2023.pdf&quot; target=&quot;_blank&quot;&gt;TEEC\/RAP\/36\/2023 (SENTENCIA)&lt;\/a&gt;\" data-order=\"&lt;a href=&quot;https:\/\/teec.org.mx\/web\/wp-content\/uploads\/2023\/12\/TEEC-RAP-36-2023-sentencia-18-12-2023.pdf&quot; target=&quot;_blank&quot;&gt;TEEC\/RAP\/36\/2023 (SENTENCIA)&lt;\/a&gt;\" ><a href=\"https:\/\/teec.org.mx\/web\/wp-content\/uploads\/2023\/12\/TEEC-RAP-36-2023-sentencia-18-12-2023.pdf\" target=\"_blank\">TEEC\/RAP\/36\/2023 (SENTENCIA)<\/a><\/td><\/tr><tr style=\"height:px\" ><td data-cell-id=\"A18\" data-x=\"0\" data-y=\"18\" data-db-index=\"18\" class=\"fsize-18\" data-cell-type=\"text\" data-original-value=\"18 DE DICIEMBRE DE 2023, A LAS 10:50 HORAS\" data-order=\"18 DE DICIEMBRE DE 2023, A LAS 10:50 HORAS\" >18 DE DICIEMBRE DE 2023, A LAS 10:50 HORAS <\/td><td data-cell-id=\"B18\" data-x=\"1\" data-y=\"18\" data-db-index=\"18\" class=\"fsize-18\" data-cell-type=\"text\" data-original-value=\"JONHAIRO ALA\u00cdN MENA JIM\u00c9NEZ\" data-order=\"JONHAIRO ALA\u00cdN MENA JIM\u00c9NEZ\" >JONHAIRO ALA\u00cdN MENA JIM\u00c9NEZ <\/td><td data-cell-id=\"C18\" data-x=\"2\" data-y=\"18\" data-db-index=\"18\" class=\"fsize-18\" data-cell-type=\"text\" data-original-value=\"TRIBUNAL ELECTORAL DEL ESTADO DE CAMPECH\" data-order=\"TRIBUNAL ELECTORAL DEL ESTADO DE CAMPECH\" >TRIBUNAL ELECTORAL DEL ESTADO DE CAMPECH <\/td><td data-cell-id=\"D18\" data-x=\"3\" data-y=\"18\" data-db-index=\"18\" class=\"fsize-18\" data-cell-type=\"text\" data-original-value=\"&lt;a href=&quot;https:\/\/teec.org.mx\/web\/wp-content\/uploads\/2023\/12\/TEEC-JDC-22-2023-18-12-2023.pdf&quot; target=&quot;_blank&quot;&gt;TEEC\/JDC\/22\/2023 (SE DA POR NOTIFICADO ESTE \u00d3RGANO JURISDICCIONAL ELECTORAL LOCAL)&lt;\/a&gt;\" data-order=\"&lt;a href=&quot;https:\/\/teec.org.mx\/web\/wp-content\/uploads\/2023\/12\/TEEC-JDC-22-2023-18-12-2023.pdf&quot; target=&quot;_blank&quot;&gt;TEEC\/JDC\/22\/2023 (SE DA POR NOTIFICADO ESTE \u00d3RGANO JURISDICCIONAL ELECTORAL LOCAL)&lt;\/a&gt;\" ><a href=\"https:\/\/teec.org.mx\/web\/wp-content\/uploads\/2023\/12\/TEEC-JDC-22-2023-18-12-2023.pdf\" target=\"_blank\">TEEC\/JDC\/22\/2023 (SE DA POR NOTIFICADO ESTE \u00d3RGANO JURISDICCIONAL ELECTORAL LOCAL)<\/a><\/td><\/tr><tr style=\"height:px\" ><td data-cell-id=\"A19\" data-x=\"0\" data-y=\"19\" data-db-index=\"19\" class=\"fsize-18\" data-cell-type=\"text\" data-original-value=\"15 DE DICIEMBRE DE 2023, A LAS 16:00 HORAS\" data-order=\"15 DE DICIEMBRE DE 2023, A LAS 16:00 HORAS\" >15 DE DICIEMBRE DE 2023, A LAS 16:00 HORAS <\/td><td data-cell-id=\"B19\" data-x=\"1\" data-y=\"19\" data-db-index=\"19\" class=\"fsize-18\" data-cell-type=\"text\" data-original-value=\"MARCO ANTONIO SANCHEZ ABNAAL, REPRESENTANTE PROPIETARIO DEL PARTIDO LOCAL ESPACIO DEMOCR\u00c1TICO DE CAMPECHE\" data-order=\"MARCO ANTONIO SANCHEZ ABNAAL, REPRESENTANTE PROPIETARIO DEL PARTIDO LOCAL ESPACIO DEMOCR\u00c1TICO DE CAMPECHE\" >MARCO ANTONIO SANCHEZ ABNAAL, REPRESENTANTE PROPIETARIO DEL PARTIDO LOCAL ESPACIO DEMOCR\u00c1TICO DE CAMPECHE <\/td><td data-cell-id=\"C19\" data-x=\"2\" data-y=\"19\" data-db-index=\"19\" class=\"fsize-18\" data-cell-type=\"text\" data-original-value=\"CONSEJO GENERAL EJECUTIVO DE INSTITUTO ELECTORAL DEL ESTADO DE CAMPECHE\" data-order=\"CONSEJO GENERAL EJECUTIVO DE INSTITUTO ELECTORAL DEL ESTADO DE CAMPECHE\" >CONSEJO GENERAL EJECUTIVO DE INSTITUTO ELECTORAL DEL ESTADO DE CAMPECHE <\/td><td data-cell-id=\"D19\" data-x=\"3\" data-y=\"19\" data-db-index=\"19\" class=\"fsize-18\" data-cell-type=\"text\" data-original-value=\"&lt;a href=&quot;https:\/\/teec.org.mx\/web\/wp-content\/uploads\/2023\/12\/TEEC-RAP-37-2023-15-12-2023.pdf&quot; target=&quot;_blank&quot;&gt;TEEC\/RAP\/37\/2023 (ACUERDO DE TURNO DE DOCUMENTACI\u00d3N)&lt;\/a&gt;\" data-order=\"&lt;a href=&quot;https:\/\/teec.org.mx\/web\/wp-content\/uploads\/2023\/12\/TEEC-RAP-37-2023-15-12-2023.pdf&quot; target=&quot;_blank&quot;&gt;TEEC\/RAP\/37\/2023 (ACUERDO DE TURNO DE DOCUMENTACI\u00d3N)&lt;\/a&gt;\" ><a href=\"https:\/\/teec.org.mx\/web\/wp-content\/uploads\/2023\/12\/TEEC-RAP-37-2023-15-12-2023.pdf\" target=\"_blank\">TEEC\/RAP\/37\/2023 (ACUERDO DE TURNO DE DOCUMENTACI\u00d3N)<\/a><\/td><\/tr><tr style=\"height:px\" ><td data-cell-id=\"A20\" data-x=\"0\" data-y=\"20\" data-db-index=\"20\" class=\"fsize-18\" data-cell-type=\"text\" data-original-value=\"15 DE DICIEMBRE DE 2023, A LAS 15:50 HORAS\" data-order=\"15 DE DICIEMBRE DE 2023, A LAS 15:50 HORAS\" >15 DE DICIEMBRE DE 2023, A LAS 15:50 HORAS <\/td><td data-cell-id=\"B20\" data-x=\"1\" data-y=\"20\" data-db-index=\"20\" class=\"fsize-18\" data-cell-type=\"text\" data-original-value=\"CARLOS PLATA GONZ\u00c1LEZ, REPRESENTANTE LEGAL DE LA ORGANIZACI\u00d3N \u201cCAMPECHE LIBRE, A.C.\u201d Y REPRESENTANTEPROPIETARIO DEL PARTIDO CAMPECHE LIBRE ANTE EL CONSEJO GENERAL DEL INSTITUTO ELECTORAL DEL ESTADO DE CAMPECHE\" data-order=\"CARLOS PLATA GONZ\u00c1LEZ, REPRESENTANTE LEGAL DE LA ORGANIZACI\u00d3N \u201cCAMPECHE LIBRE, A.C.\u201d Y REPRESENTANTEPROPIETARIO DEL PARTIDO CAMPECHE LIBRE ANTE EL CONSEJO GENERAL DEL INSTITUTO ELECTORAL DEL ESTADO DE CAMPECHE\" >CARLOS PLATA GONZ\u00c1LEZ, REPRESENTANTE LEGAL DE LA ORGANIZACI\u00d3N \u201cCAMPECHE LIBRE, A.C.\u201d Y REPRESENTANTEPROPIETARIO DEL PARTIDO CAMPECHE LIBRE ANTE EL CONSEJO GENERAL DEL INSTITUTO ELECTORAL DEL ESTADO DE CAMPECHE <\/td><td data-cell-id=\"C20\" data-x=\"2\" data-y=\"20\" data-db-index=\"20\" class=\"fsize-18\" data-cell-type=\"text\" data-original-value=\"CONSEJO GENERAL EJECUTIVO DE INSTITUTO ELECTORAL DEL ESTADO DE CAMPECHE\" data-order=\"CONSEJO GENERAL EJECUTIVO DE INSTITUTO ELECTORAL DEL ESTADO DE CAMPECHE\" >CONSEJO GENERAL EJECUTIVO DE INSTITUTO ELECTORAL DEL ESTADO DE CAMPECHE <\/td><td data-cell-id=\"D20\" data-x=\"3\" data-y=\"20\" data-db-index=\"20\" class=\"fsize-18\" data-cell-type=\"text\" data-original-value=\"&lt;a href=&quot;https:\/\/teec.org.mx\/web\/wp-content\/uploads\/2023\/12\/TEEC-RAP-39-2023-15-12-2023.pdf&quot; target=&quot;_blank&quot;&gt;TEEC\/RAP\/39\/2023 (ACUERDO DE ADMISI\u00d3N)&lt;\/a&gt;\" data-order=\"&lt;a href=&quot;https:\/\/teec.org.mx\/web\/wp-content\/uploads\/2023\/12\/TEEC-RAP-39-2023-15-12-2023.pdf&quot; target=&quot;_blank&quot;&gt;TEEC\/RAP\/39\/2023 (ACUERDO DE ADMISI\u00d3N)&lt;\/a&gt;\" ><a href=\"https:\/\/teec.org.mx\/web\/wp-content\/uploads\/2023\/12\/TEEC-RAP-39-2023-15-12-2023.pdf\" target=\"_blank\">TEEC\/RAP\/39\/2023 (ACUERDO DE ADMISI\u00d3N)<\/a><\/td><\/tr><tr style=\"height:px\" ><td data-cell-id=\"A21\" data-x=\"0\" data-y=\"21\" data-db-index=\"21\" class=\"fsize-18\" data-cell-type=\"text\" data-original-value=\"15 DE DICIEMBRE DE 2023, A LAS 15:30 HORAS\" data-order=\"15 DE DICIEMBRE DE 2023, A LAS 15:30 HORAS\" >15 DE DICIEMBRE DE 2023, A LAS 15:30 HORAS <\/td><td data-cell-id=\"B21\" data-x=\"1\" data-y=\"21\" data-db-index=\"21\" class=\"fsize-18\" data-cell-type=\"text\" data-original-value=\"CARLOS PLATA GONZ\u00c1LEZ, REPRESENTANTE LEGAL DE LA ORGANIZACI\u00d3N \u201cCAMPECHE LIBRE, A.C.\u201d Y REPRESENTANTEPROPIETARIO DEL PARTIDO CAMPECHE LIBRE ANTE EL CONSEJO GENERAL DEL INSTITUTO ELECTORAL DEL ESTADO DE CAMPECHE\" data-order=\"CARLOS PLATA GONZ\u00c1LEZ, REPRESENTANTE LEGAL DE LA ORGANIZACI\u00d3N \u201cCAMPECHE LIBRE, A.C.\u201d Y REPRESENTANTEPROPIETARIO DEL PARTIDO CAMPECHE LIBRE ANTE EL CONSEJO GENERAL DEL INSTITUTO ELECTORAL DEL ESTADO DE CAMPECHE\" >CARLOS PLATA GONZ\u00c1LEZ, REPRESENTANTE LEGAL DE LA ORGANIZACI\u00d3N \u201cCAMPECHE LIBRE, A.C.\u201d Y REPRESENTANTEPROPIETARIO DEL PARTIDO CAMPECHE LIBRE ANTE EL CONSEJO GENERAL DEL INSTITUTO ELECTORAL DEL ESTADO DE CAMPECHE <\/td><td data-cell-id=\"C21\" data-x=\"2\" data-y=\"21\" data-db-index=\"21\" class=\"fsize-18\" data-cell-type=\"text\" data-original-value=\"CONSEJO GENERAL EJECUTIVO DE INSTITUTO ELECTORAL DEL ESTADO DE CAMPECHE\" data-order=\"CONSEJO GENERAL EJECUTIVO DE INSTITUTO ELECTORAL DEL ESTADO DE CAMPECHE\" >CONSEJO GENERAL EJECUTIVO DE INSTITUTO ELECTORAL DEL ESTADO DE CAMPECHE <\/td><td data-cell-id=\"D21\" data-x=\"3\" data-y=\"21\" data-db-index=\"21\" class=\"fsize-18\" data-cell-type=\"text\" data-original-value=\"&lt;a href=&quot;https:\/\/teec.org.mx\/web\/wp-content\/uploads\/2023\/12\/TEEC-RAP-38-2023-15-12-2023.pdf&quot; target=&quot;_blank&quot;&gt;TEEC\/RAP\/38\/2023 (ACUERDO DE ADMISI\u00d3N)&lt;\/a&gt;\" data-order=\"&lt;a href=&quot;https:\/\/teec.org.mx\/web\/wp-content\/uploads\/2023\/12\/TEEC-RAP-38-2023-15-12-2023.pdf&quot; target=&quot;_blank&quot;&gt;TEEC\/RAP\/38\/2023 (ACUERDO DE ADMISI\u00d3N)&lt;\/a&gt;\" ><a href=\"https:\/\/teec.org.mx\/web\/wp-content\/uploads\/2023\/12\/TEEC-RAP-38-2023-15-12-2023.pdf\" target=\"_blank\">TEEC\/RAP\/38\/2023 (ACUERDO DE ADMISI\u00d3N)<\/a><\/td><\/tr><tr style=\"height:px\" ><td data-cell-id=\"A22\" data-x=\"0\" data-y=\"22\" data-db-index=\"22\" class=\"fsize-18\" data-cell-type=\"text\" data-original-value=\"15 DE DICIEMBRE DE 2023, A LAS 15:00 HORAS\" data-order=\"15 DE DICIEMBRE DE 2023, A LAS 15:00 HORAS\" >15 DE DICIEMBRE DE 2023, A LAS 15:00 HORAS <\/td><td data-cell-id=\"B22\" data-x=\"1\" data-y=\"22\" data-db-index=\"22\" class=\"fsize-18\" data-cell-type=\"text\" data-original-value=\"ANTONIO G\u00d3MEZ SAUCEDO EN SU CALIDAD DE REPRESENTANTE PROPIETARIO DEL PARTIDO DEL TRABAJO ANTE EL CONSEJO GENERAL DEL INSTITUTO ELECTORAL DEL ESTADO DE CAMPECHE\" data-order=\"ANTONIO G\u00d3MEZ SAUCEDO EN SU CALIDAD DE REPRESENTANTE PROPIETARIO DEL PARTIDO DEL TRABAJO ANTE EL CONSEJO GENERAL DEL INSTITUTO ELECTORAL DEL ESTADO DE CAMPECHE\" >ANTONIO G\u00d3MEZ SAUCEDO EN SU CALIDAD DE REPRESENTANTE PROPIETARIO DEL PARTIDO DEL TRABAJO ANTE EL CONSEJO GENERAL DEL INSTITUTO ELECTORAL DEL ESTADO DE CAMPECHE <\/td><td data-cell-id=\"C22\" data-x=\"2\" data-y=\"22\" data-db-index=\"22\" class=\"fsize-18\" data-cell-type=\"text\" data-original-value=\"CONSEJO GENERAL DEL INSTITUTO ELECTORAL DEL ESTADO DE CAMPECHE\" data-order=\"CONSEJO GENERAL DEL INSTITUTO ELECTORAL DEL ESTADO DE CAMPECHE\" >CONSEJO GENERAL DEL INSTITUTO ELECTORAL DEL ESTADO DE CAMPECHE <\/td><td data-cell-id=\"D22\" data-x=\"3\" data-y=\"22\" data-db-index=\"22\" class=\"fsize-18\" data-cell-type=\"text\" data-original-value=\"&lt;a href=&quot;https:\/\/teec.org.mx\/web\/wp-content\/uploads\/2023\/12\/TEEC-RAP-36-2023-2do-acu-15-12-2023.pdf&quot; target=&quot;_blank&quot;&gt;TEEC\/RAP\/36\/2023 (ACUERDO DE TURNO DE ACUMULACI\u00d3N)&lt;\/a&gt;\" data-order=\"&lt;a href=&quot;https:\/\/teec.org.mx\/web\/wp-content\/uploads\/2023\/12\/TEEC-RAP-36-2023-2do-acu-15-12-2023.pdf&quot; target=&quot;_blank&quot;&gt;TEEC\/RAP\/36\/2023 (ACUERDO DE TURNO DE ACUMULACI\u00d3N)&lt;\/a&gt;\" ><a href=\"https:\/\/teec.org.mx\/web\/wp-content\/uploads\/2023\/12\/TEEC-RAP-36-2023-2do-acu-15-12-2023.pdf\" target=\"_blank\">TEEC\/RAP\/36\/2023 (ACUERDO DE TURNO DE ACUMULACI\u00d3N)<\/a><\/td><\/tr><tr style=\"height:px\" ><td data-cell-id=\"A23\" data-x=\"0\" data-y=\"23\" data-db-index=\"23\" class=\"fsize-18\" data-cell-type=\"text\" data-original-value=\"15 DE DICIEMBRE DE 2023, A LAS 13:30 HORAS\" data-order=\"15 DE DICIEMBRE DE 2023, A LAS 13:30 HORAS\" >15 DE DICIEMBRE DE 2023, A LAS 13:30 HORAS <\/td><td data-cell-id=\"B23\" data-x=\"1\" data-y=\"23\" data-db-index=\"23\" class=\"fsize-18\" data-cell-type=\"text\" data-original-value=\"ANTONIO G\u00d3MEZ SAUCEDO EN SU CALIDAD DE REPRESENTANTE PROPIETARIO DEL PARTIDO DEL TRABAJO ANTE EL CONSEJO GENERAL DEL INSTITUTO ELECTORAL DEL ESTADO DE CAMPECHE\" data-order=\"ANTONIO G\u00d3MEZ SAUCEDO EN SU CALIDAD DE REPRESENTANTE PROPIETARIO DEL PARTIDO DEL TRABAJO ANTE EL CONSEJO GENERAL DEL INSTITUTO ELECTORAL DEL ESTADO DE CAMPECHE\" >ANTONIO G\u00d3MEZ SAUCEDO EN SU CALIDAD DE REPRESENTANTE PROPIETARIO DEL PARTIDO DEL TRABAJO ANTE EL CONSEJO GENERAL DEL INSTITUTO ELECTORAL DEL ESTADO DE CAMPECHE <\/td><td data-cell-id=\"C23\" data-x=\"2\" data-y=\"23\" data-db-index=\"23\" class=\"fsize-18\" data-cell-type=\"text\" data-original-value=\"CONSEJO GENERAL DEL INSTITUTO ELECTORAL DEL ESTADO DE CAMPECHE\" data-order=\"CONSEJO GENERAL DEL INSTITUTO ELECTORAL DEL ESTADO DE CAMPECHE\" >CONSEJO GENERAL DEL INSTITUTO ELECTORAL DEL ESTADO DE CAMPECHE <\/td><td data-cell-id=\"D23\" data-x=\"3\" data-y=\"23\" data-db-index=\"23\" class=\"fsize-18\" data-cell-type=\"text\" data-original-value=\"&lt;a href=&quot;https:\/\/teec.org.mx\/web\/wp-content\/uploads\/2023\/12\/TEEC-RAP-36-2023-15-12-2023.pdf&quot; target=&quot;_blank&quot;&gt;TEEC\/RAP\/36\/2023 (ACUERDO DE TURNO DE DOCUMENTACI\u00d3N)&lt;\/a&gt;\" data-order=\"&lt;a href=&quot;https:\/\/teec.org.mx\/web\/wp-content\/uploads\/2023\/12\/TEEC-RAP-36-2023-15-12-2023.pdf&quot; target=&quot;_blank&quot;&gt;TEEC\/RAP\/36\/2023 (ACUERDO DE TURNO DE DOCUMENTACI\u00d3N)&lt;\/a&gt;\" ><a href=\"https:\/\/teec.org.mx\/web\/wp-content\/uploads\/2023\/12\/TEEC-RAP-36-2023-15-12-2023.pdf\" target=\"_blank\">TEEC\/RAP\/36\/2023 (ACUERDO DE TURNO DE DOCUMENTACI\u00d3N)<\/a><\/td><\/tr><tr style=\"height:px\" ><td data-cell-id=\"A24\" data-x=\"0\" data-y=\"24\" data-db-index=\"24\" class=\"fsize-18\" data-cell-type=\"text\" data-original-value=\"15 DE DICIEMBRE DE 2023, A LAS 12:00 HORAS\" data-order=\"15 DE DICIEMBRE DE 2023, A LAS 12:00 HORAS\" >15 DE DICIEMBRE DE 2023, A LAS 12:00 HORAS <\/td><td data-cell-id=\"B24\" data-x=\"1\" data-y=\"24\" data-db-index=\"24\" class=\"fsize-18\" data-cell-type=\"text\" data-original-value=\"JES\u00daS HUBERT CARRERA PAL\u00cd\" data-order=\"JES\u00daS HUBERT CARRERA PAL\u00cd\" >JES\u00daS HUBERT CARRERA PAL\u00cd <\/td><td data-cell-id=\"C24\" data-x=\"2\" data-y=\"24\" data-db-index=\"24\" class=\"fsize-18\" data-cell-type=\"text\" data-original-value=\"JUNTA GENERAL EJECUTIVA DEL INSTITUTO ELECTORAL DEL ESTADO DE CAMPECHE\" data-order=\"JUNTA GENERAL EJECUTIVA DEL INSTITUTO ELECTORAL DEL ESTADO DE CAMPECHE\" >JUNTA GENERAL EJECUTIVA DEL INSTITUTO ELECTORAL DEL ESTADO DE CAMPECHE <\/td><td data-cell-id=\"D24\" data-x=\"3\" data-y=\"24\" data-db-index=\"24\" class=\"fsize-18\" data-cell-type=\"text\" data-original-value=\"&lt;a href=&quot;https:\/\/teec.org.mx\/web\/wp-content\/uploads\/2023\/12\/TEEC-RAP-35-2023-15-12-2023.pdf&quot; target=&quot;_blank&quot;&gt;TEEC\/RAP\/35\/2023 (SE FIJA FECHA Y HORA PARA SESI\u00d3N P\u00daBLICA)&lt;\/a&gt;\" data-order=\"&lt;a href=&quot;https:\/\/teec.org.mx\/web\/wp-content\/uploads\/2023\/12\/TEEC-RAP-35-2023-15-12-2023.pdf&quot; target=&quot;_blank&quot;&gt;TEEC\/RAP\/35\/2023 (SE FIJA FECHA Y HORA PARA SESI\u00d3N P\u00daBLICA)&lt;\/a&gt;\" ><a href=\"https:\/\/teec.org.mx\/web\/wp-content\/uploads\/2023\/12\/TEEC-RAP-35-2023-15-12-2023.pdf\" target=\"_blank\">TEEC\/RAP\/35\/2023 (SE FIJA FECHA Y HORA PARA SESI\u00d3N P\u00daBLICA)<\/a><\/td><\/tr><tr style=\"height:px\" ><td data-cell-id=\"A25\" data-x=\"0\" data-y=\"25\" data-db-index=\"25\" class=\"fsize-18\" data-cell-type=\"text\" data-original-value=\"15 DE DICIEMBRE DE 2023, A LAS 11:50 HORAS\" data-order=\"15 DE DICIEMBRE DE 2023, A LAS 11:50 HORAS\" >15 DE DICIEMBRE DE 2023, A LAS 11:50 HORAS <\/td><td data-cell-id=\"B25\" data-x=\"1\" data-y=\"25\" data-db-index=\"25\" class=\"fsize-18\" data-cell-type=\"text\" data-original-value=\"MOVIMIENTO CIUDADANO\" data-order=\"MOVIMIENTO CIUDADANO\" >MOVIMIENTO CIUDADANO <\/td><td data-cell-id=\"C25\" data-x=\"2\" data-y=\"25\" data-db-index=\"25\" class=\"fsize-18\" data-cell-type=\"text\" data-original-value=\"TRIBUNAL ELECTORAL DEL ESTADO DE CAMPECHE\" data-order=\"TRIBUNAL ELECTORAL DEL ESTADO DE CAMPECHE\" >TRIBUNAL ELECTORAL DEL ESTADO DE CAMPECHE <\/td><td data-cell-id=\"D25\" data-x=\"3\" data-y=\"25\" data-db-index=\"25\" class=\"fsize-18\" data-cell-type=\"text\" data-original-value=\"&lt;a href=&quot;https:\/\/teec.org.mx\/web\/wp-content\/uploads\/2023\/12\/TEEC-RAP-29-2023-15-12-2023.pdf&quot; target=&quot;_blank&quot;&gt;TEEC\/RAP\/29\/2023 (SE DA POR NOTIFICADO ESTE \u00d3RGANO JURISDICCIONAL ELECTORAL LOCAL)&lt;\/a&gt;\" data-order=\"&lt;a href=&quot;https:\/\/teec.org.mx\/web\/wp-content\/uploads\/2023\/12\/TEEC-RAP-29-2023-15-12-2023.pdf&quot; target=&quot;_blank&quot;&gt;TEEC\/RAP\/29\/2023 (SE DA POR NOTIFICADO ESTE \u00d3RGANO JURISDICCIONAL ELECTORAL LOCAL)&lt;\/a&gt;\" ><a href=\"https:\/\/teec.org.mx\/web\/wp-content\/uploads\/2023\/12\/TEEC-RAP-29-2023-15-12-2023.pdf\" target=\"_blank\">TEEC\/RAP\/29\/2023 (SE DA POR NOTIFICADO ESTE \u00d3RGANO JURISDICCIONAL ELECTORAL LOCAL)<\/a><\/td><\/tr><tr style=\"height:px\" ><td data-cell-id=\"A26\" data-x=\"0\" data-y=\"26\" data-db-index=\"26\" class=\"fsize-18\" data-cell-type=\"text\" data-original-value=\"15 DE DICIEMBRE DE 2023, A LAS 11:50 HORAS\" data-order=\"15 DE DICIEMBRE DE 2023, A LAS 11:50 HORAS\" >15 DE DICIEMBRE DE 2023, A LAS 11:50 HORAS <\/td><td data-cell-id=\"B26\" data-x=\"1\" data-y=\"26\" data-db-index=\"26\" class=\"fsize-18\" data-cell-type=\"text\" data-original-value=\"CARLOS ERNESTO MART\u00cdNEZ CAAMAL\" data-order=\"CARLOS ERNESTO MART\u00cdNEZ CAAMAL\" >CARLOS ERNESTO MART\u00cdNEZ CAAMAL <\/td><td data-cell-id=\"C26\" data-x=\"2\" data-y=\"26\" data-db-index=\"26\" class=\"fsize-18\" data-cell-type=\"text\" data-original-value=\"JUNTA GENERAL EJECUTIVA DEL INSTITUTO ELECTORAL DEL ESTADO DE CAMPECHE\" data-order=\"JUNTA GENERAL EJECUTIVA DEL INSTITUTO ELECTORAL DEL ESTADO DE CAMPECHE\" >JUNTA GENERAL EJECUTIVA DEL INSTITUTO ELECTORAL DEL ESTADO DE CAMPECHE <\/td><td data-cell-id=\"D26\" data-x=\"3\" data-y=\"26\" data-db-index=\"26\" class=\"fsize-18\" data-cell-type=\"text\" data-original-value=\"&lt;a href=&quot;https:\/\/teec.org.mx\/web\/wp-content\/uploads\/2023\/12\/TEEC-RAP-34-2023-15-12-2023.pdf&quot; target=&quot;_blank&quot;&gt;TEEC\/RAP\/34\/2023 (SE FIJA FECHA Y HORA PARA SESI\u00d3N P\u00daBLICA)&lt;\/a&gt;\" data-order=\"&lt;a href=&quot;https:\/\/teec.org.mx\/web\/wp-content\/uploads\/2023\/12\/TEEC-RAP-34-2023-15-12-2023.pdf&quot; target=&quot;_blank&quot;&gt;TEEC\/RAP\/34\/2023 (SE FIJA FECHA Y HORA PARA SESI\u00d3N P\u00daBLICA)&lt;\/a&gt;\" ><a href=\"https:\/\/teec.org.mx\/web\/wp-content\/uploads\/2023\/12\/TEEC-RAP-34-2023-15-12-2023.pdf\" target=\"_blank\">TEEC\/RAP\/34\/2023 (SE FIJA FECHA Y HORA PARA SESI\u00d3N P\u00daBLICA)<\/a><\/td><\/tr><tr style=\"height:px\" ><td data-cell-id=\"A27\" data-x=\"0\" data-y=\"27\" data-db-index=\"27\" class=\"fsize-18\" data-cell-type=\"text\" data-original-value=\"15 DE DICIEMBRE DE 2023, A LAS 11:43 HORAS\" data-order=\"15 DE DICIEMBRE DE 2023, A LAS 11:43 HORAS\" >15 DE DICIEMBRE DE 2023, A LAS 11:43 HORAS <\/td><td data-cell-id=\"B27\" data-x=\"1\" data-y=\"27\" data-db-index=\"27\" class=\"fsize-18\" data-cell-type=\"text\" data-original-value=\"LEANDRO EUGENIO DZIB REYES\" data-order=\"LEANDRO EUGENIO DZIB REYES\" >LEANDRO EUGENIO DZIB REYES <\/td><td data-cell-id=\"C27\" data-x=\"2\" data-y=\"27\" data-db-index=\"27\" class=\"fsize-18\" data-cell-type=\"text\" data-original-value=\"JUNTA GENERAL EJECUTIVA DEL INSTITUTO ELECTORAL DEL ESTADO DE CAMPECHE\" data-order=\"JUNTA GENERAL EJECUTIVA DEL INSTITUTO ELECTORAL DEL ESTADO DE CAMPECHE\" >JUNTA GENERAL EJECUTIVA DEL INSTITUTO ELECTORAL DEL ESTADO DE CAMPECHE <\/td><td data-cell-id=\"D27\" data-x=\"3\" data-y=\"27\" data-db-index=\"27\" class=\"fsize-18\" data-cell-type=\"text\" data-original-value=\"&lt;a href=&quot;https:\/\/teec.org.mx\/web\/wp-content\/uploads\/2023\/12\/TEEC-RAP-33-2023-15-12-2023.pdf&quot; target=&quot;_blank&quot;&gt;TEEC\/RAP\/33\/2023 (SE FIJA FECHA Y HORA PARA SESI\u00d3N P\u00daBLICA)&lt;\/a&gt;\" data-order=\"&lt;a href=&quot;https:\/\/teec.org.mx\/web\/wp-content\/uploads\/2023\/12\/TEEC-RAP-33-2023-15-12-2023.pdf&quot; target=&quot;_blank&quot;&gt;TEEC\/RAP\/33\/2023 (SE FIJA FECHA Y HORA PARA SESI\u00d3N P\u00daBLICA)&lt;\/a&gt;\" ><a href=\"https:\/\/teec.org.mx\/web\/wp-content\/uploads\/2023\/12\/TEEC-RAP-33-2023-15-12-2023.pdf\" target=\"_blank\">TEEC\/RAP\/33\/2023 (SE FIJA FECHA Y HORA PARA SESI\u00d3N P\u00daBLICA)<\/a><\/td><\/tr><tr style=\"height:px\" ><td data-cell-id=\"A28\" data-x=\"0\" data-y=\"28\" data-db-index=\"28\" class=\"fsize-18\" data-cell-type=\"text\" data-original-value=\"15 DE DICIEMBRE DE 2023, A LAS 11:35 HORAS\" data-order=\"15 DE DICIEMBRE DE 2023, A LAS 11:35 HORAS\" >15 DE DICIEMBRE DE 2023, A LAS 11:35 HORAS <\/td><td data-cell-id=\"B28\" data-x=\"1\" data-y=\"28\" data-db-index=\"28\" class=\"fsize-18\" data-cell-type=\"text\" data-original-value=\"ABRAHAM ALBERTO MART\u00cdNEZ CAAMAL\" data-order=\"ABRAHAM ALBERTO MART\u00cdNEZ CAAMAL\" >ABRAHAM ALBERTO MART\u00cdNEZ CAAMAL <\/td><td data-cell-id=\"C28\" data-x=\"2\" data-y=\"28\" data-db-index=\"28\" class=\"fsize-18\" data-cell-type=\"text\" data-original-value=\"JUNTA GENERAL EJECUTIVA DEL INSTITUTO ELECTORAL DEL ESTADO DE CAMPECHE\" data-order=\"JUNTA GENERAL EJECUTIVA DEL INSTITUTO ELECTORAL DEL ESTADO DE CAMPECHE\" >JUNTA GENERAL EJECUTIVA DEL INSTITUTO ELECTORAL DEL ESTADO DE CAMPECHE <\/td><td data-cell-id=\"D28\" data-x=\"3\" data-y=\"28\" data-db-index=\"28\" class=\"fsize-18\" data-cell-type=\"text\" data-original-value=\"&lt;a href=&quot;https:\/\/teec.org.mx\/web\/wp-content\/uploads\/2023\/12\/TEEC-RAP-32-2023-15-12-2023.pdf&quot; target=&quot;_blank&quot;&gt;TEEC\/RAP\/32\/2023 (SE FIJA FECHA Y HORA PARA SESI\u00d3N P\u00daBLICA)&lt;\/a&gt;\" data-order=\"&lt;a href=&quot;https:\/\/teec.org.mx\/web\/wp-content\/uploads\/2023\/12\/TEEC-RAP-32-2023-15-12-2023.pdf&quot; target=&quot;_blank&quot;&gt;TEEC\/RAP\/32\/2023 (SE FIJA FECHA Y HORA PARA SESI\u00d3N P\u00daBLICA)&lt;\/a&gt;\" ><a href=\"https:\/\/teec.org.mx\/web\/wp-content\/uploads\/2023\/12\/TEEC-RAP-32-2023-15-12-2023.pdf\" target=\"_blank\">TEEC\/RAP\/32\/2023 (SE FIJA FECHA Y HORA PARA SESI\u00d3N P\u00daBLICA)<\/a><\/td><\/tr><tr style=\"height:px\" ><td data-cell-id=\"A29\" data-x=\"0\" data-y=\"29\" data-db-index=\"29\" class=\"fsize-18\" data-cell-type=\"text\" data-original-value=\"14 DE DICIEMBRE DE 2023, A LAS 14:55 HORAS\" data-order=\"14 DE DICIEMBRE DE 2023, A LAS 14:55 HORAS\" >14 DE DICIEMBRE DE 2023, A LAS 14:55 HORAS <\/td><td data-cell-id=\"B29\" data-x=\"1\" data-y=\"29\" data-db-index=\"29\" class=\"fsize-18\" data-cell-type=\"text\" data-original-value=\"ANTONIO G\u00d3MEZ SAUCEDO, EN SU CALIDAD DE REPRESENTANTE PROPIETARIO DEL PARTIDO DEL TRABAJO ANTE EL CONSEJO GENERAL DEL INSTITUTO ELECTORAL DEL ESTADO DE CAMPECHE\" data-order=\"ANTONIO G\u00d3MEZ SAUCEDO, EN SU CALIDAD DE REPRESENTANTE PROPIETARIO DEL PARTIDO DEL TRABAJO ANTE EL CONSEJO GENERAL DEL INSTITUTO ELECTORAL DEL ESTADO DE CAMPECHE\" >ANTONIO G\u00d3MEZ SAUCEDO, EN SU CALIDAD DE REPRESENTANTE PROPIETARIO DEL PARTIDO DEL TRABAJO ANTE EL CONSEJO GENERAL DEL INSTITUTO ELECTORAL DEL ESTADO DE CAMPECHE <\/td><td data-cell-id=\"C29\" data-x=\"2\" data-y=\"29\" data-db-index=\"29\" class=\"fsize-18\" data-cell-type=\"text\" data-original-value=\"CONSEJO GENERAL DEL INSTITUTO ELECTORAL DEL ESTADO DE CAMPECHE\" data-order=\"CONSEJO GENERAL DEL INSTITUTO ELECTORAL DEL ESTADO DE CAMPECHE\" >CONSEJO GENERAL DEL INSTITUTO ELECTORAL DEL ESTADO DE CAMPECHE <\/td><td data-cell-id=\"D29\" data-x=\"3\" data-y=\"29\" data-db-index=\"29\" class=\"fsize-18\" data-cell-type=\"text\" data-original-value=\"&lt;a href=&quot;https:\/\/teec.org.mx\/web\/wp-content\/uploads\/2023\/12\/TEEC-RAP-36-2023-2do-acu-14-12-2023.pdf&quot; target=&quot;_blank&quot;&gt;TEEC\/RAP\/36\/2023 (ACUERDO SE FIJA FECHA Y HORA PARA SESI\u00d3N P\u00daBLICA)&lt;\/a&gt;\" data-order=\"&lt;a href=&quot;https:\/\/teec.org.mx\/web\/wp-content\/uploads\/2023\/12\/TEEC-RAP-36-2023-2do-acu-14-12-2023.pdf&quot; target=&quot;_blank&quot;&gt;TEEC\/RAP\/36\/2023 (ACUERDO SE FIJA FECHA Y HORA PARA SESI\u00d3N P\u00daBLICA)&lt;\/a&gt;\" ><a href=\"https:\/\/teec.org.mx\/web\/wp-content\/uploads\/2023\/12\/TEEC-RAP-36-2023-2do-acu-14-12-2023.pdf\" target=\"_blank\">TEEC\/RAP\/36\/2023 (ACUERDO SE FIJA FECHA Y HORA PARA SESI\u00d3N P\u00daBLICA)<\/a><\/td><\/tr><tr style=\"height:px\" ><td data-cell-id=\"A30\" data-x=\"0\" data-y=\"30\" data-db-index=\"30\" class=\"fsize-18\" data-cell-type=\"text\" data-original-value=\"14 DE DICIEMBRE DE 2023, A LAS 13:55 HORAS\" data-order=\"14 DE DICIEMBRE DE 2023, A LAS 13:55 HORAS\" >14 DE DICIEMBRE DE 2023, A LAS 13:55 HORAS <\/td><td data-cell-id=\"B30\" data-x=\"1\" data-y=\"30\" data-db-index=\"30\" class=\"fsize-18\" data-cell-type=\"text\" data-original-value=\"MARCO ANTONIO SANCHEZ ABNAAL, REPRESENTANTE PROPIETARIO DEL PARTIDO LOCAL ESPACIO DEMOCR\u00c1TICO DE CAMPECHE\" data-order=\"MARCO ANTONIO SANCHEZ ABNAAL, REPRESENTANTE PROPIETARIO DEL PARTIDO LOCAL ESPACIO DEMOCR\u00c1TICO DE CAMPECHE\" >MARCO ANTONIO SANCHEZ ABNAAL, REPRESENTANTE PROPIETARIO DEL PARTIDO LOCAL ESPACIO DEMOCR\u00c1TICO DE CAMPECHE <\/td><td data-cell-id=\"C30\" data-x=\"2\" data-y=\"30\" data-db-index=\"30\" class=\"fsize-18\" data-cell-type=\"text\" data-original-value=\"CONSEJO GENERAL EJECUTIVO DE INSTITUTO ELECTORAL DEL ESTADO DE CAMPECHE\" data-order=\"CONSEJO GENERAL EJECUTIVO DE INSTITUTO ELECTORAL DEL ESTADO DE CAMPECHE\" >CONSEJO GENERAL EJECUTIVO DE INSTITUTO ELECTORAL DEL ESTADO DE CAMPECHE <\/td><td data-cell-id=\"D30\" data-x=\"3\" data-y=\"30\" data-db-index=\"30\" class=\"fsize-18\" data-cell-type=\"text\" data-original-value=\"&lt;a href=&quot;https:\/\/teec.org.mx\/web\/wp-content\/uploads\/2023\/12\/TEEC-RAP-37-2023-14-12-2023.pdf&quot; target=&quot;_blank&quot;&gt;TEEC\/RAP\/37\/2023 (ACUERDO DE REQUERIMIENTO)&lt;\/a&gt;\" data-order=\"&lt;a href=&quot;https:\/\/teec.org.mx\/web\/wp-content\/uploads\/2023\/12\/TEEC-RAP-37-2023-14-12-2023.pdf&quot; target=&quot;_blank&quot;&gt;TEEC\/RAP\/37\/2023 (ACUERDO DE REQUERIMIENTO)&lt;\/a&gt;\" ><a href=\"https:\/\/teec.org.mx\/web\/wp-content\/uploads\/2023\/12\/TEEC-RAP-37-2023-14-12-2023.pdf\" target=\"_blank\">TEEC\/RAP\/37\/2023 (ACUERDO DE REQUERIMIENTO)<\/a><\/td><\/tr><tr style=\"height:px\" ><td data-cell-id=\"A31\" data-x=\"0\" data-y=\"31\" data-db-index=\"31\" class=\"fsize-18\" data-cell-type=\"text\" data-original-value=\"14 DE DICIEMBRE DE 2023, A LAS 11:54 HORAS\" data-order=\"14 DE DICIEMBRE DE 2023, A LAS 11:54 HORAS\" >14 DE DICIEMBRE DE 2023, A LAS 11:54 HORAS <\/td><td data-cell-id=\"B31\" data-x=\"1\" data-y=\"31\" data-db-index=\"31\" class=\"fsize-18\" data-cell-type=\"text\" data-original-value=\"ANTONIO G\u00d3MEZ SAUCEDO, EN SU CALIDAD DE REPRESENTANTE PROPIETARIO DEL PARTIDO DEL TRABAJO ANTE EL CONSEJO GENERAL DEL INSTITUTO ELECTORAL DEL ESTADO DE CAMPECHE\" data-order=\"ANTONIO G\u00d3MEZ SAUCEDO, EN SU CALIDAD DE REPRESENTANTE PROPIETARIO DEL PARTIDO DEL TRABAJO ANTE EL CONSEJO GENERAL DEL INSTITUTO ELECTORAL DEL ESTADO DE CAMPECHE\" >ANTONIO G\u00d3MEZ SAUCEDO, EN SU CALIDAD DE REPRESENTANTE PROPIETARIO DEL PARTIDO DEL TRABAJO ANTE EL CONSEJO GENERAL DEL INSTITUTO ELECTORAL DEL ESTADO DE CAMPECHE <\/td><td data-cell-id=\"C31\" data-x=\"2\" data-y=\"31\" data-db-index=\"31\" class=\"fsize-18\" data-cell-type=\"text\" data-original-value=\"CONSEJO GENERAL DEL INSTITUTO ELECTORAL DEL ESTADO DE CAMPECHE\" data-order=\"CONSEJO GENERAL DEL INSTITUTO ELECTORAL DEL ESTADO DE CAMPECHE\" >CONSEJO GENERAL DEL INSTITUTO ELECTORAL DEL ESTADO DE CAMPECHE <\/td><td data-cell-id=\"D31\" data-x=\"3\" data-y=\"31\" data-db-index=\"31\" class=\"fsize-18\" data-cell-type=\"text\" data-original-value=\"&lt;a href=&quot;https:\/\/teec.org.mx\/web\/wp-content\/uploads\/2023\/12\/TEEC-RAP-36-2023-14-12-2023.pdf&quot; target=&quot;_blank&quot;&gt;TEEC\/RAP\/36\/2023 (ACUERDO DE CIERRE DE INSTRUCCI\u00d3N Y SE FIJA FECHA Y HORA PARA SESI\u00d3N P\u00daBLICA)&lt;\/a&gt;\" data-order=\"&lt;a href=&quot;https:\/\/teec.org.mx\/web\/wp-content\/uploads\/2023\/12\/TEEC-RAP-36-2023-14-12-2023.pdf&quot; target=&quot;_blank&quot;&gt;TEEC\/RAP\/36\/2023 (ACUERDO DE CIERRE DE INSTRUCCI\u00d3N Y SE FIJA FECHA Y HORA PARA SESI\u00d3N P\u00daBLICA)&lt;\/a&gt;\" ><a href=\"https:\/\/teec.org.mx\/web\/wp-content\/uploads\/2023\/12\/TEEC-RAP-36-2023-14-12-2023.pdf\" target=\"_blank\">TEEC\/RAP\/36\/2023 (ACUERDO DE CIERRE DE INSTRUCCI\u00d3N Y SE FIJA FECHA Y HORA PARA SESI\u00d3N P\u00daBLICA)<\/a><\/td><\/tr><tr style=\"height:px\" ><td data-cell-id=\"A32\" data-x=\"0\" data-y=\"32\" data-db-index=\"32\" class=\"fsize-18\" data-cell-type=\"text\" data-original-value=\"14 DE DICIEMBRE DE 2023, A LAS 10:38 HORAS\" data-order=\"14 DE DICIEMBRE DE 2023, A LAS 10:38 HORAS\" >14 DE DICIEMBRE DE 2023, A LAS 10:38 HORAS <\/td><td data-cell-id=\"B32\" data-x=\"1\" data-y=\"32\" data-db-index=\"32\" class=\"fsize-18\" data-cell-type=\"text\" data-original-value=\"CARLOS PLATA GONZ\u00c1LEZ\" data-order=\"CARLOS PLATA GONZ\u00c1LEZ\" >CARLOS PLATA GONZ\u00c1LEZ <\/td><td data-cell-id=\"C32\" data-x=\"2\" data-y=\"32\" data-db-index=\"32\" class=\"fsize-18\" data-cell-type=\"text\" data-original-value=\"CONSEJO GENERAL DEL INSTITUTO ELECTORAL DEL ESTADO DE CAMPECHE\" data-order=\"CONSEJO GENERAL DEL INSTITUTO ELECTORAL DEL ESTADO DE CAMPECHE\" >CONSEJO GENERAL DEL INSTITUTO ELECTORAL DEL ESTADO DE CAMPECHE <\/td><td data-cell-id=\"D32\" data-x=\"3\" data-y=\"32\" data-db-index=\"32\" class=\"fsize-18\" data-cell-type=\"text\" data-original-value=\"&lt;a href=&quot;https:\/\/teec.org.mx\/web\/wp-content\/uploads\/2023\/12\/TEEC-RAP-39-2023-14-12-2023.pdf&quot; target=&quot;_blank&quot;&gt;TEEC\/RAP\/39\/2023 (ACUERDO DE RECEPCI\u00d3N Y RADICACI\u00d3N)&lt;\/a&gt;\" data-order=\"&lt;a href=&quot;https:\/\/teec.org.mx\/web\/wp-content\/uploads\/2023\/12\/TEEC-RAP-39-2023-14-12-2023.pdf&quot; target=&quot;_blank&quot;&gt;TEEC\/RAP\/39\/2023 (ACUERDO DE RECEPCI\u00d3N Y RADICACI\u00d3N)&lt;\/a&gt;\" ><a href=\"https:\/\/teec.org.mx\/web\/wp-content\/uploads\/2023\/12\/TEEC-RAP-39-2023-14-12-2023.pdf\" target=\"_blank\">TEEC\/RAP\/39\/2023 (ACUERDO DE RECEPCI\u00d3N Y RADICACI\u00d3N)<\/a><\/td><\/tr><tr style=\"height:px\" ><td data-cell-id=\"A33\" data-x=\"0\" data-y=\"33\" data-db-index=\"33\" class=\"fsize-18\" data-cell-type=\"text\" data-original-value=\"14 DE DICIEMBRE DE 2023, A LAS 10:27 HORAS\" data-order=\"14 DE DICIEMBRE DE 2023, A LAS 10:27 HORAS\" >14 DE DICIEMBRE DE 2023, A LAS 10:27 HORAS <\/td><td data-cell-id=\"B33\" data-x=\"1\" data-y=\"33\" data-db-index=\"33\" class=\"fsize-18\" data-cell-type=\"text\" data-original-value=\"CARLOS PLATA GONZ\u00c1LEZ\" data-order=\"CARLOS PLATA GONZ\u00c1LEZ\" >CARLOS PLATA GONZ\u00c1LEZ <\/td><td data-cell-id=\"C33\" data-x=\"2\" data-y=\"33\" data-db-index=\"33\" class=\"fsize-18\" data-cell-type=\"text\" data-original-value=\"CONSEJO GENERAL DEL INSTITUTO ELECTORAL DEL ESTADO DE CAMPECHE\" data-order=\"CONSEJO GENERAL DEL INSTITUTO ELECTORAL DEL ESTADO DE CAMPECHE\" >CONSEJO GENERAL DEL INSTITUTO ELECTORAL DEL ESTADO DE CAMPECHE <\/td><td data-cell-id=\"D33\" data-x=\"3\" data-y=\"33\" data-db-index=\"33\" class=\"fsize-18\" data-cell-type=\"text\" data-original-value=\"&lt;a href=&quot;https:\/\/teec.org.mx\/web\/wp-content\/uploads\/2023\/12\/TEEC-RAP-38-2023-14-12-2023.pdf&quot; target=&quot;_blank&quot;&gt;TEEC\/RAP\/38\/2023 (ACUERDO DE RECEPCI\u00d3N Y RADICACI\u00d3N)&lt;\/a&gt;\" data-order=\"&lt;a href=&quot;https:\/\/teec.org.mx\/web\/wp-content\/uploads\/2023\/12\/TEEC-RAP-38-2023-14-12-2023.pdf&quot; target=&quot;_blank&quot;&gt;TEEC\/RAP\/38\/2023 (ACUERDO DE RECEPCI\u00d3N Y RADICACI\u00d3N)&lt;\/a&gt;\" ><a href=\"https:\/\/teec.org.mx\/web\/wp-content\/uploads\/2023\/12\/TEEC-RAP-38-2023-14-12-2023.pdf\" target=\"_blank\">TEEC\/RAP\/38\/2023 (ACUERDO DE RECEPCI\u00d3N Y RADICACI\u00d3N)<\/a><\/td><\/tr><tr style=\"height:px\" ><td data-cell-id=\"A34\" data-x=\"0\" data-y=\"34\" data-db-index=\"34\" class=\"fsize-18\" data-cell-type=\"text\" data-original-value=\"14 DE DICIEMBRE DE 2023, A LAS 10:16 HORAS\" data-order=\"14 DE DICIEMBRE DE 2023, A LAS 10:16 HORAS\" >14 DE DICIEMBRE DE 2023, A LAS 10:16 HORAS <\/td><td data-cell-id=\"B34\" data-x=\"1\" data-y=\"34\" data-db-index=\"34\" class=\"fsize-18\" data-cell-type=\"text\" data-original-value=\"JES\u00daS HUBERT CARRERA PAL\u00cd\" data-order=\"JES\u00daS HUBERT CARRERA PAL\u00cd\" >JES\u00daS HUBERT CARRERA PAL\u00cd <\/td><td data-cell-id=\"C34\" data-x=\"2\" data-y=\"34\" data-db-index=\"34\" class=\"fsize-18\" data-cell-type=\"text\" data-original-value=\"JUNTA GENERAL EJECUTIVA DEL INSTITUTO ELECTORAL DEL ESTADO DE CAMPECHE\" data-order=\"JUNTA GENERAL EJECUTIVA DEL INSTITUTO ELECTORAL DEL ESTADO DE CAMPECHE\" >JUNTA GENERAL EJECUTIVA DEL INSTITUTO ELECTORAL DEL ESTADO DE CAMPECHE <\/td><td data-cell-id=\"D34\" data-x=\"3\" data-y=\"34\" data-db-index=\"34\" class=\"fsize-18\" data-cell-type=\"text\" data-original-value=\"&lt;a href=&quot;https:\/\/teec.org.mx\/web\/wp-content\/uploads\/2023\/12\/TEEC-RAP-35-2023-14-12-2023.pdf&quot; target=&quot;_blank&quot;&gt;TEEC\/RAP\/35\/2023 (ACUERDO DE CIERRE DE INSTRUCCI\u00d3N Y SOLICITUD DE FECHA Y HORA PARA SESI\u00d3N P\u00daBLICA)&lt;\/a&gt;\" data-order=\"&lt;a href=&quot;https:\/\/teec.org.mx\/web\/wp-content\/uploads\/2023\/12\/TEEC-RAP-35-2023-14-12-2023.pdf&quot; target=&quot;_blank&quot;&gt;TEEC\/RAP\/35\/2023 (ACUERDO DE CIERRE DE INSTRUCCI\u00d3N Y SOLICITUD DE FECHA Y HORA PARA SESI\u00d3N P\u00daBLICA)&lt;\/a&gt;\" ><a href=\"https:\/\/teec.org.mx\/web\/wp-content\/uploads\/2023\/12\/TEEC-RAP-35-2023-14-12-2023.pdf\" target=\"_blank\">TEEC\/RAP\/35\/2023 (ACUERDO DE CIERRE DE INSTRUCCI\u00d3N Y SOLICITUD DE FECHA Y HORA PARA SESI\u00d3N P\u00daBLICA)<\/a><\/td><\/tr><tr style=\"height:px\" ><td data-cell-id=\"A35\" data-x=\"0\" data-y=\"35\" data-db-index=\"35\" class=\"fsize-18\" data-cell-type=\"text\" data-original-value=\"14 DE DICIEMBRE DE 2023, A LAS 10:08 HORAS\" data-order=\"14 DE DICIEMBRE DE 2023, A LAS 10:08 HORAS\" >14 DE DICIEMBRE DE 2023, A LAS 10:08 HORAS <\/td><td data-cell-id=\"B35\" data-x=\"1\" data-y=\"35\" data-db-index=\"35\" class=\"fsize-18\" data-cell-type=\"text\" data-original-value=\"CARLOS ERNESTO MART\u00cdNEZ CAAMAL\" data-order=\"CARLOS ERNESTO MART\u00cdNEZ CAAMAL\" >CARLOS ERNESTO MART\u00cdNEZ CAAMAL <\/td><td data-cell-id=\"C35\" data-x=\"2\" data-y=\"35\" data-db-index=\"35\" class=\"fsize-18\" data-cell-type=\"text\" data-original-value=\"JUNTA GENERAL EJECUTIVA DEL INSTITUTO ELECTORAL DEL ESTADO DE CAMPECHE\" data-order=\"JUNTA GENERAL EJECUTIVA DEL INSTITUTO ELECTORAL DEL ESTADO DE CAMPECHE\" >JUNTA GENERAL EJECUTIVA DEL INSTITUTO ELECTORAL DEL ESTADO DE CAMPECHE <\/td><td data-cell-id=\"D35\" data-x=\"3\" data-y=\"35\" data-db-index=\"35\" class=\"fsize-18\" data-cell-type=\"text\" data-original-value=\"&lt;a href=&quot;https:\/\/teec.org.mx\/web\/wp-content\/uploads\/2023\/12\/TEEC-RAP-34-2023-14-12-2023.pdf&quot; target=&quot;_blank&quot;&gt;TEEC\/RAP\/34\/2023 (ACUERDO DE CIERRE DE INSTRUCCI\u00d3N Y SOLICITUD DE FECHA Y HORA PARA SESI\u00d3N P\u00daBLICA)&lt;\/a&gt;\" data-order=\"&lt;a href=&quot;https:\/\/teec.org.mx\/web\/wp-content\/uploads\/2023\/12\/TEEC-RAP-34-2023-14-12-2023.pdf&quot; target=&quot;_blank&quot;&gt;TEEC\/RAP\/34\/2023 (ACUERDO DE CIERRE DE INSTRUCCI\u00d3N Y SOLICITUD DE FECHA Y HORA PARA SESI\u00d3N P\u00daBLICA)&lt;\/a&gt;\" ><a href=\"https:\/\/teec.org.mx\/web\/wp-content\/uploads\/2023\/12\/TEEC-RAP-34-2023-14-12-2023.pdf\" target=\"_blank\">TEEC\/RAP\/34\/2023 (ACUERDO DE CIERRE DE INSTRUCCI\u00d3N Y SOLICITUD DE FECHA Y HORA PARA SESI\u00d3N P\u00daBLICA)<\/a><\/td><\/tr><tr style=\"height:px\" ><td data-cell-id=\"A36\" data-x=\"0\" data-y=\"36\" data-db-index=\"36\" class=\"fsize-18\" data-cell-type=\"text\" data-original-value=\"14 DE DICIEMBRE DE 2023, A LAS 10:00 HORAS\" data-order=\"14 DE DICIEMBRE DE 2023, A LAS 10:00 HORAS\" >14 DE DICIEMBRE DE 2023, A LAS 10:00 HORAS <\/td><td data-cell-id=\"B36\" data-x=\"1\" data-y=\"36\" data-db-index=\"36\" class=\"fsize-18\" data-cell-type=\"text\" data-original-value=\"LEANDRO EUGENIO DZIB REYES\" data-order=\"LEANDRO EUGENIO DZIB REYES\" >LEANDRO EUGENIO DZIB REYES <\/td><td data-cell-id=\"C36\" data-x=\"2\" data-y=\"36\" data-db-index=\"36\" class=\"fsize-18\" data-cell-type=\"text\" data-original-value=\"JUNTA GENERAL EJECUTIVA DEL INSTITUTO ELECTORAL DEL ESTADO DE CAMPECHE\" data-order=\"JUNTA GENERAL EJECUTIVA DEL INSTITUTO ELECTORAL DEL ESTADO DE CAMPECHE\" >JUNTA GENERAL EJECUTIVA DEL INSTITUTO ELECTORAL DEL ESTADO DE CAMPECHE <\/td><td data-cell-id=\"D36\" data-x=\"3\" data-y=\"36\" data-db-index=\"36\" class=\"fsize-18\" data-cell-type=\"text\" data-original-value=\"&lt;a href=&quot;https:\/\/teec.org.mx\/web\/wp-content\/uploads\/2023\/12\/TEEC-RAP-33-2023-14-12-2023.pdf&quot; target=&quot;_blank&quot;&gt;TEEC\/RAP\/33\/2023 (ACUERDO DE CIERRE DE INSTRUCCI\u00d3N Y SOLICITUD DE FECHA Y HORA PARA SESI\u00d3N P\u00daBLICA)&lt;\/a&gt;\" data-order=\"&lt;a href=&quot;https:\/\/teec.org.mx\/web\/wp-content\/uploads\/2023\/12\/TEEC-RAP-33-2023-14-12-2023.pdf&quot; target=&quot;_blank&quot;&gt;TEEC\/RAP\/33\/2023 (ACUERDO DE CIERRE DE INSTRUCCI\u00d3N Y SOLICITUD DE FECHA Y HORA PARA SESI\u00d3N P\u00daBLICA)&lt;\/a&gt;\" ><a href=\"https:\/\/teec.org.mx\/web\/wp-content\/uploads\/2023\/12\/TEEC-RAP-33-2023-14-12-2023.pdf\" target=\"_blank\">TEEC\/RAP\/33\/2023 (ACUERDO DE CIERRE DE INSTRUCCI\u00d3N Y SOLICITUD DE FECHA Y HORA PARA SESI\u00d3N P\u00daBLICA)<\/a><\/td><\/tr><tr style=\"height:px\" ><td data-cell-id=\"A37\" data-x=\"0\" data-y=\"37\" data-db-index=\"37\" class=\"fsize-18\" data-cell-type=\"text\" data-original-value=\"14 DE DICIEMBRE DE 2023, A LAS 9:50 HORAS\" data-order=\"14 DE DICIEMBRE DE 2023, A LAS 9:50 HORAS\" >14 DE DICIEMBRE DE 2023, A LAS 9:50 HORAS <\/td><td data-cell-id=\"B37\" data-x=\"1\" data-y=\"37\" data-db-index=\"37\" class=\"fsize-18\" data-cell-type=\"text\" data-original-value=\"ABRAHAM ALBERTO MART\u00cdNEZ CAAMAL\" data-order=\"ABRAHAM ALBERTO MART\u00cdNEZ CAAMAL\" >ABRAHAM ALBERTO MART\u00cdNEZ CAAMAL <\/td><td data-cell-id=\"C37\" data-x=\"2\" data-y=\"37\" data-db-index=\"37\" class=\"fsize-18\" data-cell-type=\"text\" data-original-value=\"JUNTA GENERAL EJECUTIVA DEL INSTITUTO ELECTORAL DEL ESTADO DE CAMPECHE\" data-order=\"JUNTA GENERAL EJECUTIVA DEL INSTITUTO ELECTORAL DEL ESTADO DE CAMPECHE\" >JUNTA GENERAL EJECUTIVA DEL INSTITUTO ELECTORAL DEL ESTADO DE CAMPECHE <\/td><td data-cell-id=\"D37\" data-x=\"3\" data-y=\"37\" data-db-index=\"37\" class=\"fsize-18\" data-cell-type=\"text\" data-original-value=\"&lt;a href=&quot;https:\/\/teec.org.mx\/web\/wp-content\/uploads\/2023\/12\/TEEC-RAP-32-2023-14-12-2023.pdf&quot; target=&quot;_blank&quot;&gt;TEEC\/RAP\/32\/2023 (ACUERDO DE CIERREDE INSTRUCCI\u00d3N Y SOLICITUD DE FECHA Y HORA PARA SESI\u00d3N P\u00daBLICA)&lt;\/a&gt;\" data-order=\"&lt;a href=&quot;https:\/\/teec.org.mx\/web\/wp-content\/uploads\/2023\/12\/TEEC-RAP-32-2023-14-12-2023.pdf&quot; target=&quot;_blank&quot;&gt;TEEC\/RAP\/32\/2023 (ACUERDO DE CIERREDE INSTRUCCI\u00d3N Y SOLICITUD DE FECHA Y HORA PARA SESI\u00d3N P\u00daBLICA)&lt;\/a&gt;\" ><a href=\"https:\/\/teec.org.mx\/web\/wp-content\/uploads\/2023\/12\/TEEC-RAP-32-2023-14-12-2023.pdf\" target=\"_blank\">TEEC\/RAP\/32\/2023 (ACUERDO DE CIERREDE INSTRUCCI\u00d3N Y SOLICITUD DE FECHA Y HORA PARA SESI\u00d3N P\u00daBLICA)<\/a><\/td><\/tr><tr style=\"height:px\" ><td data-cell-id=\"A38\" data-x=\"0\" data-y=\"38\" data-db-index=\"38\" class=\"fsize-18\" data-cell-type=\"text\" data-original-value=\"13 DE DICIEMBRE DE 2023, A LAS 12:25 HORAS\" data-order=\"13 DE DICIEMBRE DE 2023, A LAS 12:25 HORAS\" >13 DE DICIEMBRE DE 2023, A LAS 12:25 HORAS <\/td><td data-cell-id=\"B38\" data-x=\"1\" data-y=\"38\" data-db-index=\"38\" class=\"fsize-18\" data-cell-type=\"text\" data-original-value=\"PEDRO ESTRADA C\u00d3RDOVA, REPRESENTANTE ANTE EL CONSEJO GENERAL DEL INSTITUTO ELECTORAL DEL ESTADO DE CAMPECHE DEL PARTIDO POL\u00cdTICO NACIONAL MOVIMIENTO CIUDADANO\" data-order=\"PEDRO ESTRADA C\u00d3RDOVA, REPRESENTANTE ANTE EL CONSEJO GENERAL DEL INSTITUTO ELECTORAL DEL ESTADO DE CAMPECHE DEL PARTIDO POL\u00cdTICO NACIONAL MOVIMIENTO CIUDADANO\" >PEDRO ESTRADA C\u00d3RDOVA, REPRESENTANTE ANTE EL CONSEJO GENERAL DEL INSTITUTO ELECTORAL DEL ESTADO DE CAMPECHE DEL PARTIDO POL\u00cdTICO NACIONAL MOVIMIENTO CIUDADANO <\/td><td data-cell-id=\"C38\" data-x=\"2\" data-y=\"38\" data-db-index=\"38\" class=\"fsize-18\" data-cell-type=\"text\" data-original-value=\"CONSEJO GENERAL DEL INSTITUTO ELECTORAL DEL ESTADO DE CAMPECHE\" data-order=\"CONSEJO GENERAL DEL INSTITUTO ELECTORAL DEL ESTADO DE CAMPECHE\" >CONSEJO GENERAL DEL INSTITUTO ELECTORAL DEL ESTADO DE CAMPECHE <\/td><td data-cell-id=\"D38\" data-x=\"3\" data-y=\"38\" data-db-index=\"38\" class=\"fsize-18\" data-cell-type=\"text\" data-original-value=\"&lt;a href=&quot;https:\/\/teec.org.mx\/web\/wp-content\/uploads\/2023\/12\/TEEC-RAP-31-2023-setencia-13-12-2023.pdf&quot; target=&quot;_blank&quot;&gt;TEEC\/RAP\/31\/2023 (SENTENCIA)&lt;\/a&gt;\" data-order=\"&lt;a href=&quot;https:\/\/teec.org.mx\/web\/wp-content\/uploads\/2023\/12\/TEEC-RAP-31-2023-setencia-13-12-2023.pdf&quot; target=&quot;_blank&quot;&gt;TEEC\/RAP\/31\/2023 (SENTENCIA)&lt;\/a&gt;\" ><a href=\"https:\/\/teec.org.mx\/web\/wp-content\/uploads\/2023\/12\/TEEC-RAP-31-2023-setencia-13-12-2023.pdf\" target=\"_blank\">TEEC\/RAP\/31\/2023 (SENTENCIA)<\/a><\/td><\/tr><tr style=\"height:px\" ><td data-cell-id=\"A39\" data-x=\"0\" data-y=\"39\" data-db-index=\"39\" class=\"fsize-18\" data-cell-type=\"text\" data-original-value=\"13 DE DICIEMBRE DE 2023, A LAS 12:20 HORAS\" data-order=\"13 DE DICIEMBRE DE 2023, A LAS 12:20 HORAS\" >13 DE DICIEMBRE DE 2023, A LAS 12:20 HORAS <\/td><td data-cell-id=\"B39\" data-x=\"1\" data-y=\"39\" data-db-index=\"39\" class=\"fsize-18\" data-cell-type=\"text\" data-original-value=\"PEDRO ESTRADA C\u00d3RDOVA, REPRESENTANTE DEL PARTIDO POL\u00cdTICO MOVIMIENTO CIUDADANO ANTE EL CONSEJO GENERAL DEL INSTITUTO ELECTORAL DEL ESTADO DE CAMPECHE\" data-order=\"PEDRO ESTRADA C\u00d3RDOVA, REPRESENTANTE DEL PARTIDO POL\u00cdTICO MOVIMIENTO CIUDADANO ANTE EL CONSEJO GENERAL DEL INSTITUTO ELECTORAL DEL ESTADO DE CAMPECHE\" >PEDRO ESTRADA C\u00d3RDOVA, REPRESENTANTE DEL PARTIDO POL\u00cdTICO MOVIMIENTO CIUDADANO ANTE EL CONSEJO GENERAL DEL INSTITUTO ELECTORAL DEL ESTADO DE CAMPECHE <\/td><td data-cell-id=\"C39\" data-x=\"2\" data-y=\"39\" data-db-index=\"39\" class=\"fsize-18\" data-cell-type=\"text\" data-original-value=\"CONSEJO GENERAL DEL INSTITUTO ELECTORAL DEL ESTADO DE CAMPECHE\" data-order=\"CONSEJO GENERAL DEL INSTITUTO ELECTORAL DEL ESTADO DE CAMPECHE\" >CONSEJO GENERAL DEL INSTITUTO ELECTORAL DEL ESTADO DE CAMPECHE <\/td><td data-cell-id=\"D39\" data-x=\"3\" data-y=\"39\" data-db-index=\"39\" class=\"fsize-18\" data-cell-type=\"text\" data-original-value=\"&lt;a href=&quot;https:\/\/teec.org.mx\/web\/wp-content\/uploads\/2023\/12\/TEEC-RAP-30-2023-sentencia-13-12-2023.pdf&quot; target=&quot;_blank&quot;&gt;TEEC\/RAP\/30\/2023 (SENTENCIA)&lt;\/a&gt;\" data-order=\"&lt;a href=&quot;https:\/\/teec.org.mx\/web\/wp-content\/uploads\/2023\/12\/TEEC-RAP-30-2023-sentencia-13-12-2023.pdf&quot; target=&quot;_blank&quot;&gt;TEEC\/RAP\/30\/2023 (SENTENCIA)&lt;\/a&gt;\" ><a href=\"https:\/\/teec.org.mx\/web\/wp-content\/uploads\/2023\/12\/TEEC-RAP-30-2023-sentencia-13-12-2023.pdf\" target=\"_blank\">TEEC\/RAP\/30\/2023 (SENTENCIA)<\/a><\/td><\/tr><tr style=\"height:px\" ><td data-cell-id=\"A40\" data-x=\"0\" data-y=\"40\" data-db-index=\"40\" class=\"fsize-18\" data-cell-type=\"text\" data-original-value=\"11 DE DICIEMBRE DE 2023, A LAS 15:30 HORAS\" data-order=\"11 DE DICIEMBRE DE 2023, A LAS 15:30 HORAS\" >11 DE DICIEMBRE DE 2023, A LAS 15:30 HORAS <\/td><td data-cell-id=\"B40\" data-x=\"1\" data-y=\"40\" data-db-index=\"40\" class=\"fsize-18\" data-cell-type=\"text\" data-original-value=\"PEDRO ESTRADA C\u00d3RDOVA EN SU CALIDAD DE REPRESENTANTE ANTE EL CONSEJO GENERAL DEL INSTITUTO ELECTORAL DEL ESTADO DE CAMPECHE DEL PARTIDO POL\u00cdTICO NACIONAL MOVIMIENTO CIUDADANO\" data-order=\"PEDRO ESTRADA C\u00d3RDOVA EN SU CALIDAD DE REPRESENTANTE ANTE EL CONSEJO GENERAL DEL INSTITUTO ELECTORAL DEL ESTADO DE CAMPECHE DEL PARTIDO POL\u00cdTICO NACIONAL MOVIMIENTO CIUDADANO\" >PEDRO ESTRADA C\u00d3RDOVA EN SU CALIDAD DE REPRESENTANTE ANTE EL CONSEJO GENERAL DEL INSTITUTO ELECTORAL DEL ESTADO DE CAMPECHE DEL PARTIDO POL\u00cdTICO NACIONAL MOVIMIENTO CIUDADANO <\/td><td data-cell-id=\"C40\" data-x=\"2\" data-y=\"40\" data-db-index=\"40\" class=\"fsize-18\" data-cell-type=\"text\" data-original-value=\"CONSEJO GENERAL DEL INSTITUTO ELECTORAL DEL ESTADO DE CAMPECHE\" data-order=\"CONSEJO GENERAL DEL INSTITUTO ELECTORAL DEL ESTADO DE CAMPECHE\" >CONSEJO GENERAL DEL INSTITUTO ELECTORAL DEL ESTADO DE CAMPECHE <\/td><td data-cell-id=\"D40\" data-x=\"3\" data-y=\"40\" data-db-index=\"40\" class=\"fsize-18\" data-cell-type=\"text\" data-original-value=\"&lt;a href=&quot;https:\/\/teec.org.mx\/web\/wp-content\/uploads\/2023\/12\/TEEC-RAP-31-2023-2do-acu-11-12-2023.pdf&quot; target=&quot;_blank&quot;&gt;TEEC\/RAP\/31\/2023 (ACUERDO DE ACUMULACI\u00d3N)&lt;\/a&gt;\" data-order=\"&lt;a href=&quot;https:\/\/teec.org.mx\/web\/wp-content\/uploads\/2023\/12\/TEEC-RAP-31-2023-2do-acu-11-12-2023.pdf&quot; target=&quot;_blank&quot;&gt;TEEC\/RAP\/31\/2023 (ACUERDO DE ACUMULACI\u00d3N)&lt;\/a&gt;\" ><a href=\"https:\/\/teec.org.mx\/web\/wp-content\/uploads\/2023\/12\/TEEC-RAP-31-2023-2do-acu-11-12-2023.pdf\" target=\"_blank\">TEEC\/RAP\/31\/2023 (ACUERDO DE ACUMULACI\u00d3N)<\/a><\/td><\/tr><tr style=\"height:px\" ><td data-cell-id=\"A41\" data-x=\"0\" data-y=\"41\" data-db-index=\"41\" class=\"fsize-18\" data-cell-type=\"text\" data-original-value=\"11 DE DICIEMBRE DE 2023, A LAS 14:30 HORAS\" data-order=\"11 DE DICIEMBRE DE 2023, A LAS 14:30 HORAS\" >11 DE DICIEMBRE DE 2023, A LAS 14:30 HORAS <\/td><td data-cell-id=\"B41\" data-x=\"1\" data-y=\"41\" data-db-index=\"41\" class=\"fsize-18\" data-cell-type=\"text\" data-original-value=\"ANTONIO G\u00d3MEZ SAUCEDO, EN SU CALIDAD DE REPRESENTANTE PROPIETARIO DEL PARTIDO DEL TRABAJO ANTE EL CONSEJO GENERAL DEL INSTITUTO ELECTORAL DEL ESTADO DE CAMPECHE\" data-order=\"ANTONIO G\u00d3MEZ SAUCEDO, EN SU CALIDAD DE REPRESENTANTE PROPIETARIO DEL PARTIDO DEL TRABAJO ANTE EL CONSEJO GENERAL DEL INSTITUTO ELECTORAL DEL ESTADO DE CAMPECHE\" >ANTONIO G\u00d3MEZ SAUCEDO, EN SU CALIDAD DE REPRESENTANTE PROPIETARIO DEL PARTIDO DEL TRABAJO ANTE EL CONSEJO GENERAL DEL INSTITUTO ELECTORAL DEL ESTADO DE CAMPECHE <\/td><td data-cell-id=\"C41\" data-x=\"2\" data-y=\"41\" data-db-index=\"41\" class=\"fsize-18\" data-cell-type=\"text\" data-original-value=\"CONSEJO GENERAL DEL INSTITUTO ELECTORAL DEL ESTADO DE CAMPECHE\" data-order=\"CONSEJO GENERAL DEL INSTITUTO ELECTORAL DEL ESTADO DE CAMPECHE\" >CONSEJO GENERAL DEL INSTITUTO ELECTORAL DEL ESTADO DE CAMPECHE <\/td><td data-cell-id=\"D41\" data-x=\"3\" data-y=\"41\" data-db-index=\"41\" class=\"fsize-18\" data-cell-type=\"text\" data-original-value=\"&lt;a href=&quot;https:\/\/teec.org.mx\/web\/wp-content\/uploads\/2023\/12\/TEEC-RAP-36-2023-11-12-2023.pdf&quot; target=&quot;_blank&quot;&gt;TEEC\/RAP\/36\/2023 (ACUERDO DE CUMPLIMIENTO Y ADMISI\u00d3N)&lt;\/a&gt;\" data-order=\"&lt;a href=&quot;https:\/\/teec.org.mx\/web\/wp-content\/uploads\/2023\/12\/TEEC-RAP-36-2023-11-12-2023.pdf&quot; target=&quot;_blank&quot;&gt;TEEC\/RAP\/36\/2023 (ACUERDO DE CUMPLIMIENTO Y ADMISI\u00d3N)&lt;\/a&gt;\" ><a href=\"https:\/\/teec.org.mx\/web\/wp-content\/uploads\/2023\/12\/TEEC-RAP-36-2023-11-12-2023.pdf\" target=\"_blank\">TEEC\/RAP\/36\/2023 (ACUERDO DE CUMPLIMIENTO Y ADMISI\u00d3N)<\/a><\/td><\/tr><tr style=\"height:px\" ><td data-cell-id=\"A42\" data-x=\"0\" data-y=\"42\" data-db-index=\"42\" class=\"fsize-18\" data-cell-type=\"text\" data-original-value=\"11 DE DICIEMBRE DE 2023, A LAS 13:34 HORAS\" data-order=\"11 DE DICIEMBRE DE 2023, A LAS 13:34 HORAS\" >11 DE DICIEMBRE DE 2023, A LAS 13:34 HORAS <\/td><td data-cell-id=\"B42\" data-x=\"1\" data-y=\"42\" data-db-index=\"42\" class=\"fsize-18\" data-cell-type=\"text\" data-original-value=\"PEDRO ESTRADA C\u00d3RDOVA EN SU CALIDAD DE REPRESENTANTE ANTE EL CONSEJO GENERAL DEL INSTITUTO ELECTORAL DEL ESTADO DE CAMPECHE DEL PARTIDO POL\u00cdTICO NACIONAL MOVIMIENTO CIUDADANO\" data-order=\"PEDRO ESTRADA C\u00d3RDOVA EN SU CALIDAD DE REPRESENTANTE ANTE EL CONSEJO GENERAL DEL INSTITUTO ELECTORAL DEL ESTADO DE CAMPECHE DEL PARTIDO POL\u00cdTICO NACIONAL MOVIMIENTO CIUDADANO\" >PEDRO ESTRADA C\u00d3RDOVA EN SU CALIDAD DE REPRESENTANTE ANTE EL CONSEJO GENERAL DEL INSTITUTO ELECTORAL DEL ESTADO DE CAMPECHE DEL PARTIDO POL\u00cdTICO NACIONAL MOVIMIENTO CIUDADANO <\/td><td data-cell-id=\"C42\" data-x=\"2\" data-y=\"42\" data-db-index=\"42\" class=\"fsize-18\" data-cell-type=\"text\" data-original-value=\"CONSEJO GENERAL DEL INSTITUTO ELECTORAL DEL ESTADO DE CAMPECHE\" data-order=\"CONSEJO GENERAL DEL INSTITUTO ELECTORAL DEL ESTADO DE CAMPECHE\" >CONSEJO GENERAL DEL INSTITUTO ELECTORAL DEL ESTADO DE CAMPECHE <\/td><td data-cell-id=\"D42\" data-x=\"3\" data-y=\"42\" data-db-index=\"42\" class=\"fsize-18\" data-cell-type=\"text\" data-original-value=\"&lt;a href=&quot;https:\/\/teec.org.mx\/web\/wp-content\/uploads\/2023\/12\/TEEC-RAP-31-2023-11-12-2023.pdf&quot; target=&quot;_blank&quot;&gt;TEEC\/RAP\/31\/2023 (ACUERDO DE CUMPLIMIENTO, ACUMULACI\u00d3N, CIERRE DE INSTRUCCI\u00d3N Y SE FIJA FECHA Y HORA PARA SESI\u00d3N)&lt;\/a&gt;\" data-order=\"&lt;a href=&quot;https:\/\/teec.org.mx\/web\/wp-content\/uploads\/2023\/12\/TEEC-RAP-31-2023-11-12-2023.pdf&quot; target=&quot;_blank&quot;&gt;TEEC\/RAP\/31\/2023 (ACUERDO DE CUMPLIMIENTO, ACUMULACI\u00d3N, CIERRE DE INSTRUCCI\u00d3N Y SE FIJA FECHA Y HORA PARA SESI\u00d3N)&lt;\/a&gt;\" ><a href=\"https:\/\/teec.org.mx\/web\/wp-content\/uploads\/2023\/12\/TEEC-RAP-31-2023-11-12-2023.pdf\" target=\"_blank\">TEEC\/RAP\/31\/2023 (ACUERDO DE CUMPLIMIENTO, ACUMULACI\u00d3N, CIERRE DE INSTRUCCI\u00d3N Y SE FIJA FECHA Y HORA PARA SESI\u00d3N)<\/a><\/td><\/tr><tr style=\"height:px\" ><td data-cell-id=\"A43\" data-x=\"0\" data-y=\"43\" data-db-index=\"43\" class=\"fsize-18\" data-cell-type=\"text\" data-original-value=\"08 DE DICIEMBRE DE 2023, A LAS 14:54 HORAS\" data-order=\"08 DE DICIEMBRE DE 2023, A LAS 14:54 HORAS\" >08 DE DICIEMBRE DE 2023, A LAS 14:54 HORAS <\/td><td data-cell-id=\"B43\" data-x=\"1\" data-y=\"43\" data-db-index=\"43\" class=\"fsize-18\" data-cell-type=\"text\" data-original-value=\"LIRIO GUADALUPE SUAREZ AM\u00c9NDOLA Y OTRO\" data-order=\"LIRIO GUADALUPE SUAREZ AM\u00c9NDOLA Y OTRO\" >LIRIO GUADALUPE SUAREZ AM\u00c9NDOLA Y OTRO <\/td><td data-cell-id=\"C43\" data-x=\"2\" data-y=\"43\" data-db-index=\"43\" class=\"fsize-18\" data-cell-type=\"text\" data-original-value=\"TRIBUNAL ELECTORAL DEL ESTADO DE CAMPECHE\" data-order=\"TRIBUNAL ELECTORAL DEL ESTADO DE CAMPECHE\" >TRIBUNAL ELECTORAL DEL ESTADO DE CAMPECHE <\/td><td data-cell-id=\"D43\" data-x=\"3\" data-y=\"43\" data-db-index=\"43\" class=\"fsize-18\" data-cell-type=\"text\" data-original-value=\"&lt;a href=&quot;https:\/\/teec.org.mx\/web\/wp-content\/uploads\/2023\/12\/TEEC-RAP-23-2023-08-12-2023.pdf&quot; target=&quot;_blank&quot;&gt;TEEC\/RAP\/23\/2023 (SE TIENE POR RECIBIDO LOS EXPEDIENTE QUE REMITE LA SALA REGIONAL XALAPA)&lt;\/a&gt;\" data-order=\"&lt;a href=&quot;https:\/\/teec.org.mx\/web\/wp-content\/uploads\/2023\/12\/TEEC-RAP-23-2023-08-12-2023.pdf&quot; target=&quot;_blank&quot;&gt;TEEC\/RAP\/23\/2023 (SE TIENE POR RECIBIDO LOS EXPEDIENTE QUE REMITE LA SALA REGIONAL XALAPA)&lt;\/a&gt;\" ><a href=\"https:\/\/teec.org.mx\/web\/wp-content\/uploads\/2023\/12\/TEEC-RAP-23-2023-08-12-2023.pdf\" target=\"_blank\">TEEC\/RAP\/23\/2023 (SE TIENE POR RECIBIDO LOS EXPEDIENTE QUE REMITE LA SALA REGIONAL XALAPA)<\/a><\/td><\/tr><tr style=\"height:px\" ><td data-cell-id=\"A44\" data-x=\"0\" data-y=\"44\" data-db-index=\"44\" class=\"fsize-18\" data-cell-type=\"text\" data-original-value=\"08 DE DICIEMBRE DE 2023, A LAS 14:50 HORAS\" data-order=\"08 DE DICIEMBRE DE 2023, A LAS 14:50 HORAS\" >08 DE DICIEMBRE DE 2023, A LAS 14:50 HORAS <\/td><td data-cell-id=\"B44\" data-x=\"1\" data-y=\"44\" data-db-index=\"44\" class=\"fsize-18\" data-cell-type=\"text\" data-original-value=\"PARTIDO ACCI\u00d3N NACIONAL\" data-order=\"PARTIDO ACCI\u00d3N NACIONAL\" >PARTIDO ACCI\u00d3N NACIONAL <\/td><td data-cell-id=\"C44\" data-x=\"2\" data-y=\"44\" data-db-index=\"44\" class=\"fsize-18\" data-cell-type=\"text\" data-original-value=\"TRIBUNAL ELECTORAL DEL ESTADO DE CAMPECHE\" data-order=\"TRIBUNAL ELECTORAL DEL ESTADO DE CAMPECHE\" >TRIBUNAL ELECTORAL DEL ESTADO DE CAMPECHE <\/td><td data-cell-id=\"D44\" data-x=\"3\" data-y=\"44\" data-db-index=\"44\" class=\"fsize-18\" data-cell-type=\"text\" data-original-value=\"&lt;a href=&quot;https:\/\/teec.org.mx\/web\/wp-content\/uploads\/2023\/12\/TEEC-RAP-25-2023-y-acum-08-12-2023.pdf&quot; target=&quot;_blank&quot;&gt;TEEC\/RAP\/25\/2023 Y SUS ACUMULADOS TEEC\/RAP\/26\/2023, TEEC\/RAP\/27\/2023 Y TEEC\/RAP\/28\/2023 (SE DA POR NOTIFICADO ESTE \u00d3RGANO JURISDICCIONAL ELECTORAL LOCAL ACUERDO DE SALA XALAPA)&lt;\/a&gt;\" data-order=\"&lt;a href=&quot;https:\/\/teec.org.mx\/web\/wp-content\/uploads\/2023\/12\/TEEC-RAP-25-2023-y-acum-08-12-2023.pdf&quot; target=&quot;_blank&quot;&gt;TEEC\/RAP\/25\/2023 Y SUS ACUMULADOS TEEC\/RAP\/26\/2023, TEEC\/RAP\/27\/2023 Y TEEC\/RAP\/28\/2023 (SE DA POR NOTIFICADO ESTE \u00d3RGANO JURISDICCIONAL ELECTORAL LOCAL ACUERDO DE SALA XALAPA)&lt;\/a&gt;\" ><a href=\"https:\/\/teec.org.mx\/web\/wp-content\/uploads\/2023\/12\/TEEC-RAP-25-2023-y-acum-08-12-2023.pdf\" target=\"_blank\">TEEC\/RAP\/25\/2023 Y SUS ACUMULADOS TEEC\/RAP\/26\/2023, TEEC\/RAP\/27\/2023 Y TEEC\/RAP\/28\/2023 (SE DA POR NOTIFICADO ESTE \u00d3RGANO JURISDICCIONAL ELECTORAL LOCAL ACUERDO DE SALA XALAPA)<\/a><\/td><\/tr><tr style=\"height:px\" ><td data-cell-id=\"A45\" data-x=\"0\" data-y=\"45\" data-db-index=\"45\" class=\"fsize-18\" data-cell-type=\"text\" data-original-value=\"08 DE DICIEMBRE DE 2023, A LAS 13:50 HORAS\" data-order=\"08 DE DICIEMBRE DE 2023, A LAS 13:50 HORAS\" >08 DE DICIEMBRE DE 2023, A LAS 13:50 HORAS <\/td><td data-cell-id=\"B45\" data-x=\"1\" data-y=\"45\" data-db-index=\"45\" class=\"fsize-18\" data-cell-type=\"text\" data-original-value=\"PEDRO ESTRADA C\u00d3RDOVA, REPRESENTANTE DEL PARTIDO POL\u00cdTICO MOVIMIENTO CIUDADANO ANTE EL CONSEJO GENERAL DEL INSTITUTO ELECTORAL DEL ESTADO DE CAMPECHE\" data-order=\"PEDRO ESTRADA C\u00d3RDOVA, REPRESENTANTE DEL PARTIDO POL\u00cdTICO MOVIMIENTO CIUDADANO ANTE EL CONSEJO GENERAL DEL INSTITUTO ELECTORAL DEL ESTADO DE CAMPECHE\" >PEDRO ESTRADA C\u00d3RDOVA, REPRESENTANTE DEL PARTIDO POL\u00cdTICO MOVIMIENTO CIUDADANO ANTE EL CONSEJO GENERAL DEL INSTITUTO ELECTORAL DEL ESTADO DE CAMPECHE <\/td><td data-cell-id=\"C45\" data-x=\"2\" data-y=\"45\" data-db-index=\"45\" class=\"fsize-18\" data-cell-type=\"text\" data-original-value=\"CONSEJO GENERAL DEL INSTITUTO ELECTORAL DEL ESTADO DE CAMPECHE\" data-order=\"CONSEJO GENERAL DEL INSTITUTO ELECTORAL DEL ESTADO DE CAMPECHE\" >CONSEJO GENERAL DEL INSTITUTO ELECTORAL DEL ESTADO DE CAMPECHE <\/td><td data-cell-id=\"D45\" data-x=\"3\" data-y=\"45\" data-db-index=\"45\" class=\"fsize-18\" data-cell-type=\"text\" data-original-value=\"&lt;a href=&quot;https:\/\/teec.org.mx\/web\/wp-content\/uploads\/2023\/12\/TEEC-RAP-30-2023-08-12-2023.pdf&quot; target=&quot;_blank&quot;&gt;TEEC\/RAP\/30\/2023 (SE FIJA FECHA Y HORA PARA SESI\u00d3N P\u00daBLICA)&lt;\/a&gt;\" data-order=\"&lt;a href=&quot;https:\/\/teec.org.mx\/web\/wp-content\/uploads\/2023\/12\/TEEC-RAP-30-2023-08-12-2023.pdf&quot; target=&quot;_blank&quot;&gt;TEEC\/RAP\/30\/2023 (SE FIJA FECHA Y HORA PARA SESI\u00d3N P\u00daBLICA)&lt;\/a&gt;\" ><a href=\"https:\/\/teec.org.mx\/web\/wp-content\/uploads\/2023\/12\/TEEC-RAP-30-2023-08-12-2023.pdf\" target=\"_blank\">TEEC\/RAP\/30\/2023 (SE FIJA FECHA Y HORA PARA SESI\u00d3N P\u00daBLICA)<\/a><\/td><\/tr><tr style=\"height:px\" ><td data-cell-id=\"A46\" data-x=\"0\" data-y=\"46\" data-db-index=\"46\" class=\"fsize-18\" data-cell-type=\"text\" data-original-value=\"08 DE DICIEMBRE DE 2023, A LAS 13:30 HORAS\" data-order=\"08 DE DICIEMBRE DE 2023, A LAS 13:30 HORAS\" >08 DE DICIEMBRE DE 2023, A LAS 13:30 HORAS <\/td><td data-cell-id=\"B46\" data-x=\"1\" data-y=\"46\" data-db-index=\"46\" class=\"fsize-18\" data-cell-type=\"text\" data-original-value=\"PEDRO ESTRADA C\u00d3RDOVA EN SU CALIDAD DE REPRESENTANTE ANTE EL CONSEJO GENERAL DEL INSTITUTO ELECTORAL DEL ESTADO DE CAMPECHE DEL PARTIDO POL\u00cdTICO NACIONAL MOVIMIENTO CIUDADANO\" data-order=\"PEDRO ESTRADA C\u00d3RDOVA EN SU CALIDAD DE REPRESENTANTE ANTE EL CONSEJO GENERAL DEL INSTITUTO ELECTORAL DEL ESTADO DE CAMPECHE DEL PARTIDO POL\u00cdTICO NACIONAL MOVIMIENTO CIUDADANO\" >PEDRO ESTRADA C\u00d3RDOVA EN SU CALIDAD DE REPRESENTANTE ANTE EL CONSEJO GENERAL DEL INSTITUTO ELECTORAL DEL ESTADO DE CAMPECHE DEL PARTIDO POL\u00cdTICO NACIONAL MOVIMIENTO CIUDADANO <\/td><td data-cell-id=\"C46\" data-x=\"2\" data-y=\"46\" data-db-index=\"46\" class=\"fsize-18\" data-cell-type=\"text\" data-original-value=\"CONSEJO GENERAL DEL INSTITUTO ELECTORAL DEL ESTADO DE CAMPECHE\" data-order=\"CONSEJO GENERAL DEL INSTITUTO ELECTORAL DEL ESTADO DE CAMPECHE\" >CONSEJO GENERAL DEL INSTITUTO ELECTORAL DEL ESTADO DE CAMPECHE <\/td><td data-cell-id=\"D46\" data-x=\"3\" data-y=\"46\" data-db-index=\"46\" class=\"fsize-18\" data-cell-type=\"text\" data-original-value=\"&lt;a href=&quot;https:\/\/teec.org.mx\/web\/wp-content\/uploads\/2023\/12\/TEEC-RAP-31-2023-08-12-2023.pdf&quot; target=&quot;_blank&quot;&gt;TEEC\/RAP\/31\/2023 (ACUERDO DE TURNO DE DOCUMENTACI\u00d3N)&lt;\/a&gt;\" data-order=\"&lt;a href=&quot;https:\/\/teec.org.mx\/web\/wp-content\/uploads\/2023\/12\/TEEC-RAP-31-2023-08-12-2023.pdf&quot; target=&quot;_blank&quot;&gt;TEEC\/RAP\/31\/2023 (ACUERDO DE TURNO DE DOCUMENTACI\u00d3N)&lt;\/a&gt;\" ><a href=\"https:\/\/teec.org.mx\/web\/wp-content\/uploads\/2023\/12\/TEEC-RAP-31-2023-08-12-2023.pdf\" target=\"_blank\">TEEC\/RAP\/31\/2023 (ACUERDO DE TURNO DE DOCUMENTACI\u00d3N)<\/a><\/td><\/tr><tr style=\"height:px\" ><td data-cell-id=\"A47\" data-x=\"0\" data-y=\"47\" data-db-index=\"47\" class=\"fsize-18\" data-cell-type=\"text\" data-original-value=\"08 DE DICIEMBRE DE 2023, A LAS 12:20 HORAS\" data-order=\"08 DE DICIEMBRE DE 2023, A LAS 12:20 HORAS\" >08 DE DICIEMBRE DE 2023, A LAS 12:20 HORAS <\/td><td data-cell-id=\"B47\" data-x=\"1\" data-y=\"47\" data-db-index=\"47\" class=\"fsize-18\" data-cell-type=\"text\" data-original-value=\"ANTONIO G\u00d3MEZ SAUCEDO, EN SU CALIDAD DE REPRESENTANTE PROPIETARIO DEL PARTIDO DEL TRABAJO ANTE EL CONSEJO GENERAL DEL INSTITUTO ELECTORAL DEL ESTADO DE CAMPECHE\" data-order=\"ANTONIO G\u00d3MEZ SAUCEDO, EN SU CALIDAD DE REPRESENTANTE PROPIETARIO DEL PARTIDO DEL TRABAJO ANTE EL CONSEJO GENERAL DEL INSTITUTO ELECTORAL DEL ESTADO DE CAMPECHE\" >ANTONIO G\u00d3MEZ SAUCEDO, EN SU CALIDAD DE REPRESENTANTE PROPIETARIO DEL PARTIDO DEL TRABAJO ANTE EL CONSEJO GENERAL DEL INSTITUTO ELECTORAL DEL ESTADO DE CAMPECHE <\/td><td data-cell-id=\"C47\" data-x=\"2\" data-y=\"47\" data-db-index=\"47\" class=\"fsize-18\" data-cell-type=\"text\" data-original-value=\"CONSEJO GENERAL DEL INSTITUTO ELECTORAL DEL ESTADO DE CAMPECHE\" data-order=\"CONSEJO GENERAL DEL INSTITUTO ELECTORAL DEL ESTADO DE CAMPECHE\" >CONSEJO GENERAL DEL INSTITUTO ELECTORAL DEL ESTADO DE CAMPECHE <\/td><td data-cell-id=\"D47\" data-x=\"3\" data-y=\"47\" data-db-index=\"47\" class=\"fsize-18\" data-cell-type=\"text\" data-original-value=\"&lt;a href=&quot;https:\/\/teec.org.mx\/web\/wp-content\/uploads\/2023\/12\/TEEC-RAP-36-2023-08-12-2023.pdf&quot; target=&quot;_blank&quot;&gt;TEEC\/RAP\/36\/2023 (DILIGENCIA DE DESAHOGO DE INSPECCI\u00d3N OCULAR)&lt;\/a&gt;\" data-order=\"&lt;a href=&quot;https:\/\/teec.org.mx\/web\/wp-content\/uploads\/2023\/12\/TEEC-RAP-36-2023-08-12-2023.pdf&quot; target=&quot;_blank&quot;&gt;TEEC\/RAP\/36\/2023 (DILIGENCIA DE DESAHOGO DE INSPECCI\u00d3N OCULAR)&lt;\/a&gt;\" ><a href=\"https:\/\/teec.org.mx\/web\/wp-content\/uploads\/2023\/12\/TEEC-RAP-36-2023-08-12-2023.pdf\" target=\"_blank\">TEEC\/RAP\/36\/2023 (DILIGENCIA DE DESAHOGO DE INSPECCI\u00d3N OCULAR)<\/a><\/td><\/tr><tr style=\"height:px\" ><td data-cell-id=\"A48\" data-x=\"0\" data-y=\"48\" data-db-index=\"48\" class=\"fsize-18\" data-cell-type=\"text\" data-original-value=\"07 DE DICIEMBRE DE 2023, A LAS 14:02 HORAS\" data-order=\"07 DE DICIEMBRE DE 2023, A LAS 14:02 HORAS\" >07 DE DICIEMBRE DE 2023, A LAS 14:02 HORAS <\/td><td data-cell-id=\"B48\" data-x=\"1\" data-y=\"48\" data-db-index=\"48\" class=\"fsize-18\" data-cell-type=\"text\" data-original-value=\"JES\u00daS HUBERT CARRERA PAL\u00cd\" data-order=\"JES\u00daS HUBERT CARRERA PAL\u00cd\" >JES\u00daS HUBERT CARRERA PAL\u00cd <\/td><td data-cell-id=\"C48\" data-x=\"2\" data-y=\"48\" data-db-index=\"48\" class=\"fsize-18\" data-cell-type=\"text\" data-original-value=\"JUNTA GENERAL EJECUTIVA DEL INSTITUTO ELECTORAL DEL ESTADO DE CAMPECHE\" data-order=\"JUNTA GENERAL EJECUTIVA DEL INSTITUTO ELECTORAL DEL ESTADO DE CAMPECHE\" >JUNTA GENERAL EJECUTIVA DEL INSTITUTO ELECTORAL DEL ESTADO DE CAMPECHE <\/td><td data-cell-id=\"D48\" data-x=\"3\" data-y=\"48\" data-db-index=\"48\" class=\"fsize-18\" data-cell-type=\"text\" data-original-value=\"&lt;a href=&quot;https:\/\/teec.org.mx\/web\/wp-content\/uploads\/2023\/12\/TEEC-RAP-35-2023-07-12-2023.pdf&quot; target=&quot;_blank&quot;&gt;TEEC\/RAP\/35\/2023 (ACUERDO DE NO OPOSICI\u00d3N DE DATOS PERSONALES)&lt;\/a&gt;\" data-order=\"&lt;a href=&quot;https:\/\/teec.org.mx\/web\/wp-content\/uploads\/2023\/12\/TEEC-RAP-35-2023-07-12-2023.pdf&quot; target=&quot;_blank&quot;&gt;TEEC\/RAP\/35\/2023 (ACUERDO DE NO OPOSICI\u00d3N DE DATOS PERSONALES)&lt;\/a&gt;\" ><a href=\"https:\/\/teec.org.mx\/web\/wp-content\/uploads\/2023\/12\/TEEC-RAP-35-2023-07-12-2023.pdf\" target=\"_blank\">TEEC\/RAP\/35\/2023 (ACUERDO DE NO OPOSICI\u00d3N DE DATOS PERSONALES)<\/a><\/td><\/tr><tr style=\"height:px\" ><td data-cell-id=\"A49\" data-x=\"0\" data-y=\"49\" data-db-index=\"49\" class=\"fsize-18\" data-cell-type=\"text\" data-original-value=\"07 DE DICIEMBRE DE 2023, A LAS 13:48 HORAS\" data-order=\"07 DE DICIEMBRE DE 2023, A LAS 13:48 HORAS\" >07 DE DICIEMBRE DE 2023, A LAS 13:48 HORAS <\/td><td data-cell-id=\"B49\" data-x=\"1\" data-y=\"49\" data-db-index=\"49\" class=\"fsize-18\" data-cell-type=\"text\" data-original-value=\"CARLOS ERNESTO MART\u00cdNEZ CAAMAL\" data-order=\"CARLOS ERNESTO MART\u00cdNEZ CAAMAL\" >CARLOS ERNESTO MART\u00cdNEZ CAAMAL <\/td><td data-cell-id=\"C49\" data-x=\"2\" data-y=\"49\" data-db-index=\"49\" class=\"fsize-18\" data-cell-type=\"text\" data-original-value=\"JUNTA GENERAL EJECUTIVA DEL INSTITUTO ELECTORAL DEL ESTADO DE CAMPECHE\" data-order=\"JUNTA GENERAL EJECUTIVA DEL INSTITUTO ELECTORAL DEL ESTADO DE CAMPECHE\" >JUNTA GENERAL EJECUTIVA DEL INSTITUTO ELECTORAL DEL ESTADO DE CAMPECHE <\/td><td data-cell-id=\"D49\" data-x=\"3\" data-y=\"49\" data-db-index=\"49\" class=\"fsize-18\" data-cell-type=\"text\" data-original-value=\"&lt;a href=&quot;https:\/\/teec.org.mx\/web\/wp-content\/uploads\/2023\/12\/TEEC-RAP-34-2023-07-12-2023.pdf&quot; target=&quot;_blank&quot;&gt;TEEC\/RAP\/34\/2023 (ACUERDO DE NO OPOSICI\u00d3N DE DATOS PERSONALES)&lt;\/a&gt;\" data-order=\"&lt;a href=&quot;https:\/\/teec.org.mx\/web\/wp-content\/uploads\/2023\/12\/TEEC-RAP-34-2023-07-12-2023.pdf&quot; target=&quot;_blank&quot;&gt;TEEC\/RAP\/34\/2023 (ACUERDO DE NO OPOSICI\u00d3N DE DATOS PERSONALES)&lt;\/a&gt;\" ><a href=\"https:\/\/teec.org.mx\/web\/wp-content\/uploads\/2023\/12\/TEEC-RAP-34-2023-07-12-2023.pdf\" target=\"_blank\">TEEC\/RAP\/34\/2023 (ACUERDO DE NO OPOSICI\u00d3N DE DATOS PERSONALES)<\/a><\/td><\/tr><tr style=\"height:px\" ><td data-cell-id=\"A50\" data-x=\"0\" data-y=\"50\" data-db-index=\"50\" class=\"fsize-18\" data-cell-type=\"text\" data-original-value=\"07 DE DICIEMBRE DE 2023, A LAS 13:40 HORAS\" data-order=\"07 DE DICIEMBRE DE 2023, A LAS 13:40 HORAS\" >07 DE DICIEMBRE DE 2023, A LAS 13:40 HORAS <\/td><td data-cell-id=\"B50\" data-x=\"1\" data-y=\"50\" data-db-index=\"50\" class=\"fsize-18\" data-cell-type=\"text\" data-original-value=\"LEANDRO EUGENIO DZIB REYES\" data-order=\"LEANDRO EUGENIO DZIB REYES\" >LEANDRO EUGENIO DZIB REYES <\/td><td data-cell-id=\"C50\" data-x=\"2\" data-y=\"50\" data-db-index=\"50\" class=\"fsize-18\" data-cell-type=\"text\" data-original-value=\"JUNTA GENERAL EJECUTIVA DEL INSTITUTO ELECTORAL DEL ESTADO DE CAMPECHE\" data-order=\"JUNTA GENERAL EJECUTIVA DEL INSTITUTO ELECTORAL DEL ESTADO DE CAMPECHE\" >JUNTA GENERAL EJECUTIVA DEL INSTITUTO ELECTORAL DEL ESTADO DE CAMPECHE <\/td><td data-cell-id=\"D50\" data-x=\"3\" data-y=\"50\" data-db-index=\"50\" class=\"fsize-18\" data-cell-type=\"text\" data-original-value=\"&lt;a href=&quot;https:\/\/teec.org.mx\/web\/wp-content\/uploads\/2023\/12\/TEEC-RAP-33-2023-07-12-2023.pdf&quot; target=&quot;_blank&quot;&gt;TEEC\/RAP\/33\/2023 (ACUERDO DE NO OPOSICI\u00d3N DE DATOS PERSONALES)&lt;\/a&gt;\" data-order=\"&lt;a href=&quot;https:\/\/teec.org.mx\/web\/wp-content\/uploads\/2023\/12\/TEEC-RAP-33-2023-07-12-2023.pdf&quot; target=&quot;_blank&quot;&gt;TEEC\/RAP\/33\/2023 (ACUERDO DE NO OPOSICI\u00d3N DE DATOS PERSONALES)&lt;\/a&gt;\" ><a href=\"https:\/\/teec.org.mx\/web\/wp-content\/uploads\/2023\/12\/TEEC-RAP-33-2023-07-12-2023.pdf\" target=\"_blank\">TEEC\/RAP\/33\/2023 (ACUERDO DE NO OPOSICI\u00d3N DE DATOS PERSONALES)<\/a><\/td><\/tr><tr style=\"height:px\" ><td data-cell-id=\"A51\" data-x=\"0\" data-y=\"51\" data-db-index=\"51\" class=\"fsize-18\" data-cell-type=\"text\" data-original-value=\"07 DE DICIEMBRE DE 2023, A LAS 13:33 HORAS\" data-order=\"07 DE DICIEMBRE DE 2023, A LAS 13:33 HORAS\" >07 DE DICIEMBRE DE 2023, A LAS 13:33 HORAS <\/td><td data-cell-id=\"B51\" data-x=\"1\" data-y=\"51\" data-db-index=\"51\" class=\"fsize-18\" data-cell-type=\"text\" data-original-value=\"ABRAHAM ALBERTO MART\u00cdNEZ CAAMAL\" data-order=\"ABRAHAM ALBERTO MART\u00cdNEZ CAAMAL\" >ABRAHAM ALBERTO MART\u00cdNEZ CAAMAL <\/td><td data-cell-id=\"C51\" data-x=\"2\" data-y=\"51\" data-db-index=\"51\" class=\"fsize-18\" data-cell-type=\"text\" data-original-value=\"JUNTA GENERAL EJECUTIVA DEL INSTITUTO ELECTORAL DEL ESTADO DE CAMPECHE\" data-order=\"JUNTA GENERAL EJECUTIVA DEL INSTITUTO ELECTORAL DEL ESTADO DE CAMPECHE\" >JUNTA GENERAL EJECUTIVA DEL INSTITUTO ELECTORAL DEL ESTADO DE CAMPECHE <\/td><td data-cell-id=\"D51\" data-x=\"3\" data-y=\"51\" data-db-index=\"51\" class=\"fsize-18\" data-cell-type=\"text\" data-original-value=\"&lt;a href=&quot;https:\/\/teec.org.mx\/web\/wp-content\/uploads\/2023\/12\/TEEC-RAP-32-2023-07-12-2023.pdf&quot; target=&quot;_blank&quot;&gt;TEEC\/RAP\/32\/2023 (ACUERDO DE NO OPOSICI\u00d3N DE DATOS PERSONALES)&lt;\/a&gt;\" data-order=\"&lt;a href=&quot;https:\/\/teec.org.mx\/web\/wp-content\/uploads\/2023\/12\/TEEC-RAP-32-2023-07-12-2023.pdf&quot; target=&quot;_blank&quot;&gt;TEEC\/RAP\/32\/2023 (ACUERDO DE NO OPOSICI\u00d3N DE DATOS PERSONALES)&lt;\/a&gt;\" ><a href=\"https:\/\/teec.org.mx\/web\/wp-content\/uploads\/2023\/12\/TEEC-RAP-32-2023-07-12-2023.pdf\" target=\"_blank\">TEEC\/RAP\/32\/2023 (ACUERDO DE NO OPOSICI\u00d3N DE DATOS PERSONALES)<\/a><\/td><\/tr><tr style=\"height:px\" ><td data-cell-id=\"A52\" data-x=\"0\" data-y=\"52\" data-db-index=\"52\" class=\"fsize-18\" data-cell-type=\"text\" data-original-value=\"06 DE DICIEMBRE DE 2023, A LAS 14:10 HORAS\" data-order=\"06 DE DICIEMBRE DE 2023, A LAS 14:10 HORAS\" >06 DE DICIEMBRE DE 2023, A LAS 14:10 HORAS <\/td><td data-cell-id=\"B52\" data-x=\"1\" data-y=\"52\" data-db-index=\"52\" class=\"fsize-18\" data-cell-type=\"text\" data-original-value=\"MARCO ANTONIO SANCHEZ ABNAAL, REPRESENTANTE PROPIETARIO DEL PARTIDO LOCAL ESPACIO DEMOCR\u00c1TICO DE CAMPECHE\" data-order=\"MARCO ANTONIO SANCHEZ ABNAAL, REPRESENTANTE PROPIETARIO DEL PARTIDO LOCAL ESPACIO DEMOCR\u00c1TICO DE CAMPECHE\" >MARCO ANTONIO SANCHEZ ABNAAL, REPRESENTANTE PROPIETARIO DEL PARTIDO LOCAL ESPACIO DEMOCR\u00c1TICO DE CAMPECHE <\/td><td data-cell-id=\"C52\" data-x=\"2\" data-y=\"52\" data-db-index=\"52\" class=\"fsize-18\" data-cell-type=\"text\" data-original-value=\"CONSEJO GENERAL EJECUTIVO DE INSTITUTO ELECTORAL DEL ESTADO DE CAMPECHE\" data-order=\"CONSEJO GENERAL EJECUTIVO DE INSTITUTO ELECTORAL DEL ESTADO DE CAMPECHE\" >CONSEJO GENERAL EJECUTIVO DE INSTITUTO ELECTORAL DEL ESTADO DE CAMPECHE <\/td><td data-cell-id=\"D52\" data-x=\"3\" data-y=\"52\" data-db-index=\"52\" class=\"fsize-18\" data-cell-type=\"text\" data-original-value=\"&lt;a href=&quot;https:\/\/teec.org.mx\/web\/wp-content\/uploads\/2023\/12\/TEEC-RAP-37-2023-06-12-2023.pdf&quot; target=&quot;_blank&quot;&gt;TEEC\/RAP\/37\/2023 (ACUERDO DE RECEPCI\u00d3N, RADICACI\u00d3N Y RESERVA DE ADMISI\u00d3N)&lt;\/a&gt;\" data-order=\"&lt;a href=&quot;https:\/\/teec.org.mx\/web\/wp-content\/uploads\/2023\/12\/TEEC-RAP-37-2023-06-12-2023.pdf&quot; target=&quot;_blank&quot;&gt;TEEC\/RAP\/37\/2023 (ACUERDO DE RECEPCI\u00d3N, RADICACI\u00d3N Y RESERVA DE ADMISI\u00d3N)&lt;\/a&gt;\" ><a href=\"https:\/\/teec.org.mx\/web\/wp-content\/uploads\/2023\/12\/TEEC-RAP-37-2023-06-12-2023.pdf\" target=\"_blank\">TEEC\/RAP\/37\/2023 (ACUERDO DE RECEPCI\u00d3N, RADICACI\u00d3N Y RESERVA DE ADMISI\u00d3N)<\/a><\/td><\/tr><tr style=\"height:px\" ><td data-cell-id=\"A53\" data-x=\"0\" data-y=\"53\" data-db-index=\"53\" class=\"fsize-18\" data-cell-type=\"text\" data-original-value=\"06 DE DICIEMBRE DE 2023, A LAS 14:00 HORAS\" data-order=\"06 DE DICIEMBRE DE 2023, A LAS 14:00 HORAS\" >06 DE DICIEMBRE DE 2023, A LAS 14:00 HORAS <\/td><td data-cell-id=\"B53\" data-x=\"1\" data-y=\"53\" data-db-index=\"53\" class=\"fsize-18\" data-cell-type=\"text\" data-original-value=\"PEDRO ESTRADA C\u00d3RDOVA EN SU CALIDAD DE REPRESENTANTE ANTE EL CONSEJO GENERAL DEL INSTITUTO ELECTORAL DEL ESTADO DE CAMPECHE DEL PARTIDO POL\u00cdTICO NACIONAL MOVIMIENTO CIUDADANO\" data-order=\"PEDRO ESTRADA C\u00d3RDOVA EN SU CALIDAD DE REPRESENTANTE ANTE EL CONSEJO GENERAL DEL INSTITUTO ELECTORAL DEL ESTADO DE CAMPECHE DEL PARTIDO POL\u00cdTICO NACIONAL MOVIMIENTO CIUDADANO\" >PEDRO ESTRADA C\u00d3RDOVA EN SU CALIDAD DE REPRESENTANTE ANTE EL CONSEJO GENERAL DEL INSTITUTO ELECTORAL DEL ESTADO DE CAMPECHE DEL PARTIDO POL\u00cdTICO NACIONAL MOVIMIENTO CIUDADANO <\/td><td data-cell-id=\"C53\" data-x=\"2\" data-y=\"53\" data-db-index=\"53\" class=\"fsize-18\" data-cell-type=\"text\" data-original-value=\"CONSEJO GENERAL DEL INSTITUTO ELECTORAL DEL ESTADO DE CAMPECHE\" data-order=\"CONSEJO GENERAL DEL INSTITUTO ELECTORAL DEL ESTADO DE CAMPECHE\" >CONSEJO GENERAL DEL INSTITUTO ELECTORAL DEL ESTADO DE CAMPECHE <\/td><td data-cell-id=\"D53\" data-x=\"3\" data-y=\"53\" data-db-index=\"53\" class=\"fsize-18\" data-cell-type=\"text\" data-original-value=\"&lt;a href=&quot;https:\/\/teec.org.mx\/web\/wp-content\/uploads\/2023\/12\/TEEC-RAP-31-2023-06-12-2023.pdf&quot; target=&quot;_blank&quot;&gt;TEEC\/RAP\/31\/2023 (ACUERDO DE REQUERIMIENTO)&lt;\/a&gt;\" data-order=\"&lt;a href=&quot;https:\/\/teec.org.mx\/web\/wp-content\/uploads\/2023\/12\/TEEC-RAP-31-2023-06-12-2023.pdf&quot; target=&quot;_blank&quot;&gt;TEEC\/RAP\/31\/2023 (ACUERDO DE REQUERIMIENTO)&lt;\/a&gt;\" ><a href=\"https:\/\/teec.org.mx\/web\/wp-content\/uploads\/2023\/12\/TEEC-RAP-31-2023-06-12-2023.pdf\" target=\"_blank\">TEEC\/RAP\/31\/2023 (ACUERDO DE REQUERIMIENTO)<\/a><\/td><\/tr><tr style=\"height:px\" ><td data-cell-id=\"A54\" data-x=\"0\" data-y=\"54\" data-db-index=\"54\" class=\"fsize-18\" data-cell-type=\"text\" data-original-value=\"06 DE DICIEMBRE DE 2023, A LAS 13:44 HORAS\" data-order=\"06 DE DICIEMBRE DE 2023, A LAS 13:44 HORAS\" >06 DE DICIEMBRE DE 2023, A LAS 13:44 HORAS <\/td><td data-cell-id=\"B54\" data-x=\"1\" data-y=\"54\" data-db-index=\"54\" class=\"fsize-18\" data-cell-type=\"text\" data-original-value=\"CARLOS PLATA GONZ\u00c1LEZ\" data-order=\"CARLOS PLATA GONZ\u00c1LEZ\" >CARLOS PLATA GONZ\u00c1LEZ <\/td><td data-cell-id=\"C54\" data-x=\"2\" data-y=\"54\" data-db-index=\"54\" class=\"fsize-18\" data-cell-type=\"text\" data-original-value=\"CONSEJO GENERAL DEL INSTITUTO ELECTORAL DEL ESTADO DE CAMPECHE\" data-order=\"CONSEJO GENERAL DEL INSTITUTO ELECTORAL DEL ESTADO DE CAMPECHE\" >CONSEJO GENERAL DEL INSTITUTO ELECTORAL DEL ESTADO DE CAMPECHE <\/td><td data-cell-id=\"D54\" data-x=\"3\" data-y=\"54\" data-db-index=\"54\" class=\"fsize-18\" data-cell-type=\"text\" data-original-value=\"&lt;a href=&quot;https:\/\/teec.org.mx\/web\/wp-content\/uploads\/2023\/12\/TEEC-RAP-39-2023-06-12-2023.pdf&quot; target=&quot;_blank&quot;&gt;TEEC\/RAP\/39\/2023 (ACUERDO DE TURNO)&lt;\/a&gt;\" data-order=\"&lt;a href=&quot;https:\/\/teec.org.mx\/web\/wp-content\/uploads\/2023\/12\/TEEC-RAP-39-2023-06-12-2023.pdf&quot; target=&quot;_blank&quot;&gt;TEEC\/RAP\/39\/2023 (ACUERDO DE TURNO)&lt;\/a&gt;\" ><a href=\"https:\/\/teec.org.mx\/web\/wp-content\/uploads\/2023\/12\/TEEC-RAP-39-2023-06-12-2023.pdf\" target=\"_blank\">TEEC\/RAP\/39\/2023 (ACUERDO DE TURNO)<\/a><\/td><\/tr><tr style=\"height:px\" ><td data-cell-id=\"A55\" data-x=\"0\" data-y=\"55\" data-db-index=\"55\" class=\"fsize-18\" data-cell-type=\"text\" data-original-value=\"06 DE DICIEMBRE DE 2023, A LAS 13:15 HORAS\" data-order=\"06 DE DICIEMBRE DE 2023, A LAS 13:15 HORAS\" >06 DE DICIEMBRE DE 2023, A LAS 13:15 HORAS <\/td><td data-cell-id=\"B55\" data-x=\"1\" data-y=\"55\" data-db-index=\"55\" class=\"fsize-18\" data-cell-type=\"text\" data-original-value=\"CARLOS PLATA GONZ\u00c1LEZ\" data-order=\"CARLOS PLATA GONZ\u00c1LEZ\" >CARLOS PLATA GONZ\u00c1LEZ <\/td><td data-cell-id=\"C55\" data-x=\"2\" data-y=\"55\" data-db-index=\"55\" class=\"fsize-18\" data-cell-type=\"text\" data-original-value=\"CONSEJO GENERAL DEL INSTITUTO ELECTORAL DEL ESTADO DE CAMPECHE\" data-order=\"CONSEJO GENERAL DEL INSTITUTO ELECTORAL DEL ESTADO DE CAMPECHE\" >CONSEJO GENERAL DEL INSTITUTO ELECTORAL DEL ESTADO DE CAMPECHE <\/td><td data-cell-id=\"D55\" data-x=\"3\" data-y=\"55\" data-db-index=\"55\" class=\"fsize-18\" data-cell-type=\"text\" data-original-value=\"&lt;a href=&quot;https:\/\/teec.org.mx\/web\/wp-content\/uploads\/2023\/12\/TEEC-RAP-38-2023-06-12-2023.pdf&quot; target=&quot;_blank&quot;&gt;TEEC\/RAP\/38\/2023 (ACUERDO DE TURNO)&lt;\/a&gt;\" data-order=\"&lt;a href=&quot;https:\/\/teec.org.mx\/web\/wp-content\/uploads\/2023\/12\/TEEC-RAP-38-2023-06-12-2023.pdf&quot; target=&quot;_blank&quot;&gt;TEEC\/RAP\/38\/2023 (ACUERDO DE TURNO)&lt;\/a&gt;\" ><a href=\"https:\/\/teec.org.mx\/web\/wp-content\/uploads\/2023\/12\/TEEC-RAP-38-2023-06-12-2023.pdf\" target=\"_blank\">TEEC\/RAP\/38\/2023 (ACUERDO DE TURNO)<\/a><\/td><\/tr><tr style=\"height:px\" ><td data-cell-id=\"A56\" data-x=\"0\" data-y=\"56\" data-db-index=\"56\" class=\"fsize-18\" data-cell-type=\"text\" data-original-value=\"06 DE DICIEMBRE DE 2023, A LAS 12:50 HORAS\" data-order=\"06 DE DICIEMBRE DE 2023, A LAS 12:50 HORAS\" >06 DE DICIEMBRE DE 2023, A LAS 12:50 HORAS <\/td><td data-cell-id=\"B56\" data-x=\"1\" data-y=\"56\" data-db-index=\"56\" class=\"fsize-18\" data-cell-type=\"text\" data-original-value=\"PEDRO ESTRADA C\u00d3RDOVA, REPRESENTANTE DEL PARTIDO POL\u00cdTICO NACIONAL MOVIMIENTO CIUDADANO ANTE EL CONSEJO GENERAL DEL INSTITUTO ELECTORAL DEL ESTADO DE CAMPECHE\" data-order=\"PEDRO ESTRADA C\u00d3RDOVA, REPRESENTANTE DEL PARTIDO POL\u00cdTICO NACIONAL MOVIMIENTO CIUDADANO ANTE EL CONSEJO GENERAL DEL INSTITUTO ELECTORAL DEL ESTADO DE CAMPECHE\" >PEDRO ESTRADA C\u00d3RDOVA, REPRESENTANTE DEL PARTIDO POL\u00cdTICO NACIONAL MOVIMIENTO CIUDADANO ANTE EL CONSEJO GENERAL DEL INSTITUTO ELECTORAL DEL ESTADO DE CAMPECHE <\/td><td data-cell-id=\"C56\" data-x=\"2\" data-y=\"56\" data-db-index=\"56\" class=\"fsize-18\" data-cell-type=\"text\" data-original-value=\"CONSEJO GENERAL DEL INSTITUTO ELECTORAL DEL ESTADO DE CAMPECHE\" data-order=\"CONSEJO GENERAL DEL INSTITUTO ELECTORAL DEL ESTADO DE CAMPECHE\" >CONSEJO GENERAL DEL INSTITUTO ELECTORAL DEL ESTADO DE CAMPECHE <\/td><td data-cell-id=\"D56\" data-x=\"3\" data-y=\"56\" data-db-index=\"56\" class=\"fsize-18\" data-cell-type=\"text\" data-original-value=\"&lt;a href=&quot;https:\/\/teec.org.mx\/web\/wp-content\/uploads\/2023\/12\/TEEC-RAP-30-2023-06-12-2023.pdf&quot; target=&quot;_blank&quot;&gt;TEEC\/RAP\/30\/2023 (ACUERDO DE SOLICITUD DE FECHA Y HORA)&lt;\/a&gt;\" data-order=\"&lt;a href=&quot;https:\/\/teec.org.mx\/web\/wp-content\/uploads\/2023\/12\/TEEC-RAP-30-2023-06-12-2023.pdf&quot; target=&quot;_blank&quot;&gt;TEEC\/RAP\/30\/2023 (ACUERDO DE SOLICITUD DE FECHA Y HORA)&lt;\/a&gt;\" ><a href=\"https:\/\/teec.org.mx\/web\/wp-content\/uploads\/2023\/12\/TEEC-RAP-30-2023-06-12-2023.pdf\" target=\"_blank\">TEEC\/RAP\/30\/2023 (ACUERDO DE SOLICITUD DE FECHA Y HORA)<\/a><\/td><\/tr><tr style=\"height:px\" ><td data-cell-id=\"A57\" data-x=\"0\" data-y=\"57\" data-db-index=\"57\" class=\"fsize-18\" data-cell-type=\"text\" data-original-value=\"06 DE DICIEMBRE DE 2023, A LAS 12:00 HORAS\" data-order=\"06 DE DICIEMBRE DE 2023, A LAS 12:00 HORAS\" >06 DE DICIEMBRE DE 2023, A LAS 12:00 HORAS <\/td><td data-cell-id=\"B57\" data-x=\"1\" data-y=\"57\" data-db-index=\"57\" class=\"fsize-18\" data-cell-type=\"text\" data-original-value=\"ANTONIO G\u00d3MEZ SAUCEDO, EN SU CALIDAD DE REPRESENTANTE PROPIETARIO DEL PARTIDO DEL TRABAJO ANTE EL CONSEJO GENERAL DEL INSTITUTO ELECTORAL DEL ESTADO DE CAMPECH\" data-order=\"ANTONIO G\u00d3MEZ SAUCEDO, EN SU CALIDAD DE REPRESENTANTE PROPIETARIO DEL PARTIDO DEL TRABAJO ANTE EL CONSEJO GENERAL DEL INSTITUTO ELECTORAL DEL ESTADO DE CAMPECH\" >ANTONIO G\u00d3MEZ SAUCEDO, EN SU CALIDAD DE REPRESENTANTE PROPIETARIO DEL PARTIDO DEL TRABAJO ANTE EL CONSEJO GENERAL DEL INSTITUTO ELECTORAL DEL ESTADO DE CAMPECH <\/td><td data-cell-id=\"C57\" data-x=\"2\" data-y=\"57\" data-db-index=\"57\" class=\"fsize-18\" data-cell-type=\"text\" data-original-value=\"CONSEJO GENERAL DEL INSTITUTO ELECTORAL DEL ESTADO DE CAMPECHE\" data-order=\"CONSEJO GENERAL DEL INSTITUTO ELECTORAL DEL ESTADO DE CAMPECHE\" >CONSEJO GENERAL DEL INSTITUTO ELECTORAL DEL ESTADO DE CAMPECHE <\/td><td data-cell-id=\"D57\" data-x=\"3\" data-y=\"57\" data-db-index=\"57\" class=\"fsize-18\" data-cell-type=\"text\" data-original-value=\"&lt;a href=&quot;https:\/\/teec.org.mx\/web\/wp-content\/uploads\/2023\/12\/TEEC-RAP-36-2023-06-12-2023.pdf&quot; target=&quot;_blank&quot;&gt;TEEC\/RAP\/36\/2023 (ACUERDO DE CUMPLIMIENTO, ACUMULACI\u00d3N Y SE FIJA FECHA Y HORA PARA DESAHOGO DE PRUEBA T\u00c9CNICA)&lt;\/a&gt;\" data-order=\"&lt;a href=&quot;https:\/\/teec.org.mx\/web\/wp-content\/uploads\/2023\/12\/TEEC-RAP-36-2023-06-12-2023.pdf&quot; target=&quot;_blank&quot;&gt;TEEC\/RAP\/36\/2023 (ACUERDO DE CUMPLIMIENTO, ACUMULACI\u00d3N Y SE FIJA FECHA Y HORA PARA DESAHOGO DE PRUEBA T\u00c9CNICA)&lt;\/a&gt;\" ><a href=\"https:\/\/teec.org.mx\/web\/wp-content\/uploads\/2023\/12\/TEEC-RAP-36-2023-06-12-2023.pdf\" target=\"_blank\">TEEC\/RAP\/36\/2023 (ACUERDO DE CUMPLIMIENTO, ACUMULACI\u00d3N Y SE FIJA FECHA Y HORA PARA DESAHOGO DE PRUEBA T\u00c9CNICA)<\/a><\/td><\/tr><tr style=\"height:px\" ><td data-cell-id=\"A58\" data-x=\"0\" data-y=\"58\" data-db-index=\"58\" class=\"fsize-18\" data-cell-type=\"text\" data-original-value=\"05 DE DICIEMBRE DE 2023, A LAS 14:50 HORAS\" data-order=\"05 DE DICIEMBRE DE 2023, A LAS 14:50 HORAS\" >05 DE DICIEMBRE DE 2023, A LAS 14:50 HORAS <\/td><td data-cell-id=\"B58\" data-x=\"1\" data-y=\"58\" data-db-index=\"58\" class=\"fsize-18\" data-cell-type=\"text\" data-original-value=\"MARCO ANTONIO SANCHEZ ABNAAL, REPRESENTANTE PROPIETARIO DEL PARTIDO LOCAL ESPACIO DEMOCR\u00c1TICO DE CAMPECHE\" data-order=\"MARCO ANTONIO SANCHEZ ABNAAL, REPRESENTANTE PROPIETARIO DEL PARTIDO LOCAL ESPACIO DEMOCR\u00c1TICO DE CAMPECHE\" >MARCO ANTONIO SANCHEZ ABNAAL, REPRESENTANTE PROPIETARIO DEL PARTIDO LOCAL ESPACIO DEMOCR\u00c1TICO DE CAMPECHE <\/td><td data-cell-id=\"C58\" data-x=\"2\" data-y=\"58\" data-db-index=\"58\" class=\"fsize-18\" data-cell-type=\"text\" data-original-value=\"CONSEJO GENERAL EJECUTIVO DE INSTITUTO ELECTORAL DEL ESTADO DE CAMPECHE\" data-order=\"CONSEJO GENERAL EJECUTIVO DE INSTITUTO ELECTORAL DEL ESTADO DE CAMPECHE\" >CONSEJO GENERAL EJECUTIVO DE INSTITUTO ELECTORAL DEL ESTADO DE CAMPECHE <\/td><td data-cell-id=\"D58\" data-x=\"3\" data-y=\"58\" data-db-index=\"58\" class=\"fsize-18\" data-cell-type=\"text\" data-original-value=\"&lt;a href=&quot;https:\/\/teec.org.mx\/web\/wp-content\/uploads\/2023\/12\/TEEC-RAP-37-2023-05-12-2023.pdf&quot; target=&quot;_blank&quot;&gt;TEEC\/RAP\/37\/2023 (ACUERDO DE TURNO)&lt;\/a&gt;\" data-order=\"&lt;a href=&quot;https:\/\/teec.org.mx\/web\/wp-content\/uploads\/2023\/12\/TEEC-RAP-37-2023-05-12-2023.pdf&quot; target=&quot;_blank&quot;&gt;TEEC\/RAP\/37\/2023 (ACUERDO DE TURNO)&lt;\/a&gt;\" ><a href=\"https:\/\/teec.org.mx\/web\/wp-content\/uploads\/2023\/12\/TEEC-RAP-37-2023-05-12-2023.pdf\" target=\"_blank\">TEEC\/RAP\/37\/2023 (ACUERDO DE TURNO)<\/a><\/td><\/tr><tr style=\"height:px\" ><td data-cell-id=\"A59\" data-x=\"0\" data-y=\"59\" data-db-index=\"59\" class=\"fsize-18\" data-cell-type=\"text\" data-original-value=\"01 DE DICIEMBRE DE 2023, A LAS 13:15 HORAS\" data-order=\"01 DE DICIEMBRE DE 2023, A LAS 13:15 HORAS\" >01 DE DICIEMBRE DE 2023, A LAS 13:15 HORAS <\/td><td data-cell-id=\"B59\" data-x=\"1\" data-y=\"59\" data-db-index=\"59\" class=\"fsize-18\" data-cell-type=\"text\" data-original-value=\"ANTONIO G\u00d3MEZ SAUCEDO EN SU CALIDAD DE REPRESENTANTE PROPIETARIO DEL PARTIDO DEL TRABAJO ANTE EL CONSEJO GENERAL DEL INSTITUTO ELECTORAL DEL ESTADO DE CAMPECHE\" data-order=\"ANTONIO G\u00d3MEZ SAUCEDO EN SU CALIDAD DE REPRESENTANTE PROPIETARIO DEL PARTIDO DEL TRABAJO ANTE EL CONSEJO GENERAL DEL INSTITUTO ELECTORAL DEL ESTADO DE CAMPECHE\" >ANTONIO G\u00d3MEZ SAUCEDO EN SU CALIDAD DE REPRESENTANTE PROPIETARIO DEL PARTIDO DEL TRABAJO ANTE EL CONSEJO GENERAL DEL INSTITUTO ELECTORAL DEL ESTADO DE CAMPECHE <\/td><td data-cell-id=\"C59\" data-x=\"2\" data-y=\"59\" data-db-index=\"59\" class=\"fsize-18\" data-cell-type=\"text\" data-original-value=\"CONSEJO GENERAL DEL INSTITUTO ELECTORAL DEL ESTADO DE CAMPECHE\" data-order=\"CONSEJO GENERAL DEL INSTITUTO ELECTORAL DEL ESTADO DE CAMPECHE\" >CONSEJO GENERAL DEL INSTITUTO ELECTORAL DEL ESTADO DE CAMPECHE <\/td><td data-cell-id=\"D59\" data-x=\"3\" data-y=\"59\" data-db-index=\"59\" class=\"fsize-18\" data-cell-type=\"text\" data-original-value=\"&lt;a href=&quot;https:\/\/teec.org.mx\/web\/wp-content\/uploads\/2023\/12\/TEEC-RAP-36-2023-01-12-2023.pdf&quot; target=&quot;_blank&quot;&gt;TEEC\/RAP\/36\/2023 (ACUERDO DE TURNO DE DOCUMENTACI\u00d3N)&lt;\/a&gt;\" data-order=\"&lt;a href=&quot;https:\/\/teec.org.mx\/web\/wp-content\/uploads\/2023\/12\/TEEC-RAP-36-2023-01-12-2023.pdf&quot; target=&quot;_blank&quot;&gt;TEEC\/RAP\/36\/2023 (ACUERDO DE TURNO DE DOCUMENTACI\u00d3N)&lt;\/a&gt;\" ><a href=\"https:\/\/teec.org.mx\/web\/wp-content\/uploads\/2023\/12\/TEEC-RAP-36-2023-01-12-2023.pdf\" target=\"_blank\">TEEC\/RAP\/36\/2023 (ACUERDO DE TURNO DE DOCUMENTACI\u00d3N)<\/a><\/td><\/tr><tr style=\"height:px\" ><td data-cell-id=\"A60\" data-x=\"0\" data-y=\"60\" data-db-index=\"60\" class=\"fsize-18\" data-cell-type=\"text\" data-original-value=\"30 DE NOVIEMBRE DE 2023, A LAS 14:55 HORAS\" data-order=\"30 DE NOVIEMBRE DE 2023, A LAS 14:55 HORAS\" >30 DE NOVIEMBRE DE 2023, A LAS 14:55 HORAS <\/td><td data-cell-id=\"B60\" data-x=\"1\" data-y=\"60\" data-db-index=\"60\" class=\"fsize-18\" data-cell-type=\"text\" data-original-value=\"JESUS HUBERT CARRERA PAL\u00cd\" data-order=\"JESUS HUBERT CARRERA PAL\u00cd\" >JESUS HUBERT CARRERA PAL\u00cd <\/td><td data-cell-id=\"C60\" data-x=\"2\" data-y=\"60\" data-db-index=\"60\" class=\"fsize-18\" data-cell-type=\"text\" data-original-value=\"JUNTA GENERAL EJECUTIVA DEL INSTITUTO ELECTORAL DEL ESTADO DE CAMPECHE\" data-order=\"JUNTA GENERAL EJECUTIVA DEL INSTITUTO ELECTORAL DEL ESTADO DE CAMPECHE\" >JUNTA GENERAL EJECUTIVA DEL INSTITUTO ELECTORAL DEL ESTADO DE CAMPECHE <\/td><td data-cell-id=\"D60\" data-x=\"3\" data-y=\"60\" data-db-index=\"60\" class=\"fsize-18\" data-cell-type=\"text\" data-original-value=\"&lt;a href=&quot;https:\/\/teec.org.mx\/web\/wp-content\/uploads\/2023\/11\/TEEC-RAP-35-2023-30-11-2023.pdf&quot; target=&quot;_blank&quot;&gt;TEEC\/RAP\/35\/2023 (ACUERDO DE ADMISI\u00d3N)&lt;\/a&gt;\" data-order=\"&lt;a href=&quot;https:\/\/teec.org.mx\/web\/wp-content\/uploads\/2023\/11\/TEEC-RAP-35-2023-30-11-2023.pdf&quot; target=&quot;_blank&quot;&gt;TEEC\/RAP\/35\/2023 (ACUERDO DE ADMISI\u00d3N)&lt;\/a&gt;\" ><a href=\"https:\/\/teec.org.mx\/web\/wp-content\/uploads\/2023\/11\/TEEC-RAP-35-2023-30-11-2023.pdf\" target=\"_blank\">TEEC\/RAP\/35\/2023 (ACUERDO DE ADMISI\u00d3N)<\/a><\/td><\/tr><tr style=\"height:px\" ><td data-cell-id=\"A61\" data-x=\"0\" data-y=\"61\" data-db-index=\"61\" class=\"fsize-18\" data-cell-type=\"text\" data-original-value=\"30 DE NOVIEMBRE DE 2023, A LAS 14:40 HORAS\" data-order=\"30 DE NOVIEMBRE DE 2023, A LAS 14:40 HORAS\" >30 DE NOVIEMBRE DE 2023, A LAS 14:40 HORAS <\/td><td data-cell-id=\"B61\" data-x=\"1\" data-y=\"61\" data-db-index=\"61\" class=\"fsize-18\" data-cell-type=\"text\" data-original-value=\"CARLOS ERNESTO MART\u00cdNEZ CAAMAL\" data-order=\"CARLOS ERNESTO MART\u00cdNEZ CAAMAL\" >CARLOS ERNESTO MART\u00cdNEZ CAAMAL <\/td><td data-cell-id=\"C61\" data-x=\"2\" data-y=\"61\" data-db-index=\"61\" class=\"fsize-18\" data-cell-type=\"text\" data-original-value=\"JUNTA GENERAL EJECUTIVA DEL INSTITUTO ELECTORAL DEL ESTADO DE CAMPECHE\" data-order=\"JUNTA GENERAL EJECUTIVA DEL INSTITUTO ELECTORAL DEL ESTADO DE CAMPECHE\" >JUNTA GENERAL EJECUTIVA DEL INSTITUTO ELECTORAL DEL ESTADO DE CAMPECHE <\/td><td data-cell-id=\"D61\" data-x=\"3\" data-y=\"61\" data-db-index=\"61\" class=\"fsize-18\" data-cell-type=\"text\" data-original-value=\"&lt;a href=&quot;https:\/\/teec.org.mx\/web\/wp-content\/uploads\/2023\/11\/TEEC-RAP-34-2023-30-11-2023.pdf&quot; target=&quot;_blank&quot;&gt;TEEC\/RAP\/34\/2023 (ACUERDO DE ADMISI\u00d3N)&lt;\/a&gt;\" data-order=\"&lt;a href=&quot;https:\/\/teec.org.mx\/web\/wp-content\/uploads\/2023\/11\/TEEC-RAP-34-2023-30-11-2023.pdf&quot; target=&quot;_blank&quot;&gt;TEEC\/RAP\/34\/2023 (ACUERDO DE ADMISI\u00d3N)&lt;\/a&gt;\" ><a href=\"https:\/\/teec.org.mx\/web\/wp-content\/uploads\/2023\/11\/TEEC-RAP-34-2023-30-11-2023.pdf\" target=\"_blank\">TEEC\/RAP\/34\/2023 (ACUERDO DE ADMISI\u00d3N)<\/a><\/td><\/tr><tr style=\"height:px\" ><td data-cell-id=\"A62\" data-x=\"0\" data-y=\"62\" data-db-index=\"62\" class=\"fsize-18\" data-cell-type=\"text\" data-original-value=\"30 DE NOVIEMBRE DE 2023, A LAS 14:20 HORAS\" data-order=\"30 DE NOVIEMBRE DE 2023, A LAS 14:20 HORAS\" >30 DE NOVIEMBRE DE 2023, A LAS 14:20 HORAS <\/td><td data-cell-id=\"B62\" data-x=\"1\" data-y=\"62\" data-db-index=\"62\" class=\"fsize-18\" data-cell-type=\"text\" data-original-value=\"LEANDRO EUGENIO DZIB REYES\" data-order=\"LEANDRO EUGENIO DZIB REYES\" >LEANDRO EUGENIO DZIB REYES <\/td><td data-cell-id=\"C62\" data-x=\"2\" data-y=\"62\" data-db-index=\"62\" class=\"fsize-18\" data-cell-type=\"text\" data-original-value=\"JUNTA GENERAL EJECUTIVA DEL INSTITUTO ELECTORAL DEL ESTADO DE CAMPECHE\" data-order=\"JUNTA GENERAL EJECUTIVA DEL INSTITUTO ELECTORAL DEL ESTADO DE CAMPECHE\" >JUNTA GENERAL EJECUTIVA DEL INSTITUTO ELECTORAL DEL ESTADO DE CAMPECHE <\/td><td data-cell-id=\"D62\" data-x=\"3\" data-y=\"62\" data-db-index=\"62\" class=\"fsize-18\" data-cell-type=\"text\" data-original-value=\"&lt;a href=&quot;https:\/\/teec.org.mx\/web\/wp-content\/uploads\/2023\/11\/TEEC-RAP-33-2023-30-11-2023.pdf&quot; target=&quot;_blank&quot;&gt;TEEC\/RAP\/33\/2023 (ACUERDO DE ADMISI\u00d3N)&lt;\/a&gt;&lt;a href=&quot;https:\/\/teec.org.mx\/web\/wp-content\/uploads\/2023\/11\/TEEC-RAP-33-2023-30-11-2023.pdf&quot; target=&quot;_blank&quot;&gt;TEEC\/RAP\/33\/2023 (ACUERDO DE ADMISI\u00d3N)&lt;\/a&gt;\" data-order=\"&lt;a href=&quot;https:\/\/teec.org.mx\/web\/wp-content\/uploads\/2023\/11\/TEEC-RAP-33-2023-30-11-2023.pdf&quot; target=&quot;_blank&quot;&gt;TEEC\/RAP\/33\/2023 (ACUERDO DE ADMISI\u00d3N)&lt;\/a&gt;&lt;a href=&quot;https:\/\/teec.org.mx\/web\/wp-content\/uploads\/2023\/11\/TEEC-RAP-33-2023-30-11-2023.pdf&quot; target=&quot;_blank&quot;&gt;TEEC\/RAP\/33\/2023 (ACUERDO DE ADMISI\u00d3N)&lt;\/a&gt;\" ><a href=\"https:\/\/teec.org.mx\/web\/wp-content\/uploads\/2023\/11\/TEEC-RAP-33-2023-30-11-2023.pdf\" target=\"_blank\">TEEC\/RAP\/33\/2023 (ACUERDO DE ADMISI\u00d3N)<\/a><a href=\"https:\/\/teec.org.mx\/web\/wp-content\/uploads\/2023\/11\/TEEC-RAP-33-2023-30-11-2023.pdf\" target=\"_blank\">TEEC\/RAP\/33\/2023 (ACUERDO DE ADMISI\u00d3N)<\/a><\/td><\/tr><tr style=\"height:px\" ><td data-cell-id=\"A63\" data-x=\"0\" data-y=\"63\" data-db-index=\"63\" class=\"fsize-18\" data-cell-type=\"text\" data-original-value=\"30 DE NOVIEMBRE DE 2023, A LAS 14:00 HORAS\" data-order=\"30 DE NOVIEMBRE DE 2023, A LAS 14:00 HORAS\" >30 DE NOVIEMBRE DE 2023, A LAS 14:00 HORAS <\/td><td data-cell-id=\"B63\" data-x=\"1\" data-y=\"63\" data-db-index=\"63\" class=\"fsize-18\" data-cell-type=\"text\" data-original-value=\"ABRAHAM ALBERTO MART\u00cdNEZ CAAMAL\" data-order=\"ABRAHAM ALBERTO MART\u00cdNEZ CAAMAL\" >ABRAHAM ALBERTO MART\u00cdNEZ CAAMAL <\/td><td data-cell-id=\"C63\" data-x=\"2\" data-y=\"63\" data-db-index=\"63\" class=\"fsize-18\" data-cell-type=\"text\" data-original-value=\"JUNTA GENERAL EJECUTIVA DEL INSTITUTO ELECTORAL DEL ESTADO DE CAMPECHE\" data-order=\"JUNTA GENERAL EJECUTIVA DEL INSTITUTO ELECTORAL DEL ESTADO DE CAMPECHE\" >JUNTA GENERAL EJECUTIVA DEL INSTITUTO ELECTORAL DEL ESTADO DE CAMPECHE <\/td><td data-cell-id=\"D63\" data-x=\"3\" data-y=\"63\" data-db-index=\"63\" class=\"fsize-18\" data-cell-type=\"text\" data-original-value=\"&lt;a href=&quot;https:\/\/teec.org.mx\/web\/wp-content\/uploads\/2023\/11\/TEEC-RAP-32-2023-30-11-2023.pdf&quot; target=&quot;_blank&quot;&gt;TEEC\/RAP\/32\/2023 (ACUERDO DE ADMISI\u00d3N)&lt;\/a&gt;\" data-order=\"&lt;a href=&quot;https:\/\/teec.org.mx\/web\/wp-content\/uploads\/2023\/11\/TEEC-RAP-32-2023-30-11-2023.pdf&quot; target=&quot;_blank&quot;&gt;TEEC\/RAP\/32\/2023 (ACUERDO DE ADMISI\u00d3N)&lt;\/a&gt;\" ><a href=\"https:\/\/teec.org.mx\/web\/wp-content\/uploads\/2023\/11\/TEEC-RAP-32-2023-30-11-2023.pdf\" target=\"_blank\">TEEC\/RAP\/32\/2023 (ACUERDO DE ADMISI\u00d3N)<\/a><\/td><\/tr><tr style=\"height:px\" ><td data-cell-id=\"A64\" data-x=\"0\" data-y=\"64\" data-db-index=\"64\" class=\"fsize-18\" data-cell-type=\"text\" data-original-value=\"30 DE NOVIEMBRE DE 2023, A LAS 11:30 HORAS\" data-order=\"30 DE NOVIEMBRE DE 2023, A LAS 11:30 HORAS\" >30 DE NOVIEMBRE DE 2023, A LAS 11:30 HORAS <\/td><td data-cell-id=\"B64\" data-x=\"1\" data-y=\"64\" data-db-index=\"64\" class=\"fsize-18\" data-cell-type=\"text\" data-original-value=\"PEDRO ESTRADA C\u00d3RDOVA REPRESENTANTE DEL PARTIDO MOVIMIENTO CIUDADANO ANTE EL CONSEJO GENERAL DEL INSTITUTO ELECTORAL DEL ESTADO DE CAMPECHE\" data-order=\"PEDRO ESTRADA C\u00d3RDOVA REPRESENTANTE DEL PARTIDO MOVIMIENTO CIUDADANO ANTE EL CONSEJO GENERAL DEL INSTITUTO ELECTORAL DEL ESTADO DE CAMPECHE\" >PEDRO ESTRADA C\u00d3RDOVA REPRESENTANTE DEL PARTIDO MOVIMIENTO CIUDADANO ANTE EL CONSEJO GENERAL DEL INSTITUTO ELECTORAL DEL ESTADO DE CAMPECHE <\/td><td data-cell-id=\"C64\" data-x=\"2\" data-y=\"64\" data-db-index=\"64\" class=\"fsize-18\" data-cell-type=\"text\" data-original-value=\"TRIBUNAL ELECTORAL DEL ESTADO DE CAMPECHE\" data-order=\"TRIBUNAL ELECTORAL DEL ESTADO DE CAMPECHE\" >TRIBUNAL ELECTORAL DEL ESTADO DE CAMPECHE <\/td><td data-cell-id=\"D64\" data-x=\"3\" data-y=\"64\" data-db-index=\"64\" class=\"fsize-18\" data-cell-type=\"text\" data-original-value=\"&lt;a href=&quot;https:\/\/teec.org.mx\/web\/wp-content\/uploads\/2023\/11\/TEEC-RAP-29-2023-30-11-2023.pdf&quot; target=&quot;_blank&quot;&gt;TEEC\/RAP\/29\/2023 (SE COMUNICA C\u00c9DULA DE RETIRO Y COMPARECENCIA DE TERCERO INETERESADO)&lt;\/a&gt;\" data-order=\"&lt;a href=&quot;https:\/\/teec.org.mx\/web\/wp-content\/uploads\/2023\/11\/TEEC-RAP-29-2023-30-11-2023.pdf&quot; target=&quot;_blank&quot;&gt;TEEC\/RAP\/29\/2023 (SE COMUNICA C\u00c9DULA DE RETIRO Y COMPARECENCIA DE TERCERO INETERESADO)&lt;\/a&gt;\" ><a href=\"https:\/\/teec.org.mx\/web\/wp-content\/uploads\/2023\/11\/TEEC-RAP-29-2023-30-11-2023.pdf\" target=\"_blank\">TEEC\/RAP\/29\/2023 (SE COMUNICA C\u00c9DULA DE RETIRO Y COMPARECENCIA DE TERCERO INETERESADO)<\/a><\/td><\/tr><tr style=\"height:px\" ><td data-cell-id=\"A65\" data-x=\"0\" data-y=\"65\" data-db-index=\"65\" class=\"fsize-18\" data-cell-type=\"text\" data-original-value=\"29 DE NOVIEMBRE DE 2023, A LAS 13:30 HORAS\" data-order=\"29 DE NOVIEMBRE DE 2023, A LAS 13:30 HORAS\" >29 DE NOVIEMBRE DE 2023, A LAS 13:30 HORAS <\/td><td data-cell-id=\"B65\" data-x=\"1\" data-y=\"65\" data-db-index=\"65\" class=\"fsize-18\" data-cell-type=\"text\" data-original-value=\"ANTONIO G\u00d3MEZ SAUCEDO, EN SU CALIDAD DE REPRESENTANTE PROPIETARIO DEL PARTIDO DEL TRABAJO ANTE EL CONSEJO GENERAL DEL INSTITUTO ELECTORAL DEL ESTADO DE CAMPECHE\" data-order=\"ANTONIO G\u00d3MEZ SAUCEDO, EN SU CALIDAD DE REPRESENTANTE PROPIETARIO DEL PARTIDO DEL TRABAJO ANTE EL CONSEJO GENERAL DEL INSTITUTO ELECTORAL DEL ESTADO DE CAMPECHE\" >ANTONIO G\u00d3MEZ SAUCEDO, EN SU CALIDAD DE REPRESENTANTE PROPIETARIO DEL PARTIDO DEL TRABAJO ANTE EL CONSEJO GENERAL DEL INSTITUTO ELECTORAL DEL ESTADO DE CAMPECHE <\/td><td data-cell-id=\"C65\" data-x=\"2\" data-y=\"65\" data-db-index=\"65\" class=\"fsize-18\" data-cell-type=\"text\" data-original-value=\"CONSEJO GENERAL DEL INSTITUTO ELECTORAL DEL ESTADO DE CAMPECHE\" data-order=\"CONSEJO GENERAL DEL INSTITUTO ELECTORAL DEL ESTADO DE CAMPECHE\" >CONSEJO GENERAL DEL INSTITUTO ELECTORAL DEL ESTADO DE CAMPECHE <\/td><td data-cell-id=\"D65\" data-x=\"3\" data-y=\"65\" data-db-index=\"65\" class=\"fsize-18\" data-cell-type=\"text\" data-original-value=\"&lt;a href=&quot;https:\/\/teec.org.mx\/web\/wp-content\/uploads\/2023\/11\/TEEC-RAP-36-2023-29-11-2023.pdf&quot; target=&quot;_blank&quot;&gt;TEEC\/RAP\/36\/2023 (ACUERDO DE REQUERIMIENTO)&lt;\/a&gt;\" data-order=\"&lt;a href=&quot;https:\/\/teec.org.mx\/web\/wp-content\/uploads\/2023\/11\/TEEC-RAP-36-2023-29-11-2023.pdf&quot; target=&quot;_blank&quot;&gt;TEEC\/RAP\/36\/2023 (ACUERDO DE REQUERIMIENTO)&lt;\/a&gt;\" ><a href=\"https:\/\/teec.org.mx\/web\/wp-content\/uploads\/2023\/11\/TEEC-RAP-36-2023-29-11-2023.pdf\" target=\"_blank\">TEEC\/RAP\/36\/2023 (ACUERDO DE REQUERIMIENTO)<\/a><\/td><\/tr><tr style=\"height:px\" ><td data-cell-id=\"A66\" data-x=\"0\" data-y=\"66\" data-db-index=\"66\" class=\"fsize-18\" data-cell-type=\"text\" data-original-value=\"29 DE NOVIEMBRE DE 2023, A LAS 12:34 HORAS\" data-order=\"29 DE NOVIEMBRE DE 2023, A LAS 12:34 HORAS\" >29 DE NOVIEMBRE DE 2023, A LAS 12:34 HORAS <\/td><td data-cell-id=\"B66\" data-x=\"1\" data-y=\"66\" data-db-index=\"66\" class=\"fsize-18\" data-cell-type=\"text\" data-original-value=\"ANTONIO G\u00d3MEZ SAUCEDO, EN SU CALIDAD DE REPRESENTANTE DEL PARTIDO DEL TRABAJO ANTE EL CONSEJO GENERAL DEL INSTITUTO ELECTORAL DEL ESTADO DE CAMPECHE\" data-order=\"ANTONIO G\u00d3MEZ SAUCEDO, EN SU CALIDAD DE REPRESENTANTE DEL PARTIDO DEL TRABAJO ANTE EL CONSEJO GENERAL DEL INSTITUTO ELECTORAL DEL ESTADO DE CAMPECHE\" >ANTONIO G\u00d3MEZ SAUCEDO, EN SU CALIDAD DE REPRESENTANTE DEL PARTIDO DEL TRABAJO ANTE EL CONSEJO GENERAL DEL INSTITUTO ELECTORAL DEL ESTADO DE CAMPECHE <\/td><td data-cell-id=\"C66\" data-x=\"2\" data-y=\"66\" data-db-index=\"66\" class=\"fsize-18\" data-cell-type=\"text\" data-original-value=\"DIRECCI\u00d3N EJECUTIVA DE ADMINISTRACI\u00d3N, PRERROGATIVAS DE PARTIDOS Y AGRUPACIONES POL\u00cdTICAS DEL INSTITUTO ELECTORAL DEL ESTADO DE CAMPECHE\" data-order=\"DIRECCI\u00d3N EJECUTIVA DE ADMINISTRACI\u00d3N, PRERROGATIVAS DE PARTIDOS Y AGRUPACIONES POL\u00cdTICAS DEL INSTITUTO ELECTORAL DEL ESTADO DE CAMPECHE\" >DIRECCI\u00d3N EJECUTIVA DE ADMINISTRACI\u00d3N, PRERROGATIVAS DE PARTIDOS Y AGRUPACIONES POL\u00cdTICAS DEL INSTITUTO ELECTORAL DEL ESTADO DE CAMPECHE <\/td><td data-cell-id=\"D66\" data-x=\"3\" data-y=\"66\" data-db-index=\"66\" class=\"fsize-18\" data-cell-type=\"text\" data-original-value=\"&lt;a href=&quot;https:\/\/teec.org.mx\/web\/wp-content\/uploads\/2023\/11\/TEEC-RAP-1-2023-Acuerdo-Plenario-29-11-2023.pdf&quot; target=&quot;_blank&quot;&gt;TEEC\/RAP\/1\/2023 (ACUERDO PLENARIO)&lt;\/a&gt;\" data-order=\"&lt;a href=&quot;https:\/\/teec.org.mx\/web\/wp-content\/uploads\/2023\/11\/TEEC-RAP-1-2023-Acuerdo-Plenario-29-11-2023.pdf&quot; target=&quot;_blank&quot;&gt;TEEC\/RAP\/1\/2023 (ACUERDO PLENARIO)&lt;\/a&gt;\" ><a href=\"https:\/\/teec.org.mx\/web\/wp-content\/uploads\/2023\/11\/TEEC-RAP-1-2023-Acuerdo-Plenario-29-11-2023.pdf\" target=\"_blank\">TEEC\/RAP\/1\/2023 (ACUERDO PLENARIO)<\/a><\/td><\/tr><tr style=\"height:px\" ><td data-cell-id=\"A67\" data-x=\"0\" data-y=\"67\" data-db-index=\"67\" class=\"fsize-18\" data-cell-type=\"text\" data-original-value=\"28 DE NOVIEMBRE DE 2023, A LAS 12:42 HORAS\" data-order=\"28 DE NOVIEMBRE DE 2023, A LAS 12:42 HORAS\" >28 DE NOVIEMBRE DE 2023, A LAS 12:42 HORAS <\/td><td data-cell-id=\"B67\" data-x=\"1\" data-y=\"67\" data-db-index=\"67\" class=\"fsize-18\" data-cell-type=\"text\" data-original-value=\"PEDRO ESTRADA C\u00d3RDOVA, REPRESENTANTE DEL PARTIDO POL\u00cdTICO MOVIMIENTO CIUDADANO ANTE EL CONSEJO GENERAL DEL INSTITUTO ELECTORAL DEL ESTADO DE CAMPECHE\" data-order=\"PEDRO ESTRADA C\u00d3RDOVA, REPRESENTANTE DEL PARTIDO POL\u00cdTICO MOVIMIENTO CIUDADANO ANTE EL CONSEJO GENERAL DEL INSTITUTO ELECTORAL DEL ESTADO DE CAMPECHE\" >PEDRO ESTRADA C\u00d3RDOVA, REPRESENTANTE DEL PARTIDO POL\u00cdTICO MOVIMIENTO CIUDADANO ANTE EL CONSEJO GENERAL DEL INSTITUTO ELECTORAL DEL ESTADO DE CAMPECHE <\/td><td data-cell-id=\"C67\" data-x=\"2\" data-y=\"67\" data-db-index=\"67\" class=\"fsize-18\" data-cell-type=\"text\" data-original-value=\"CONSEJO GENERAL DEL INSTITUTO ELECTORAL DEL ESTADO DE CAMPECHE\" data-order=\"CONSEJO GENERAL DEL INSTITUTO ELECTORAL DEL ESTADO DE CAMPECHE\" >CONSEJO GENERAL DEL INSTITUTO ELECTORAL DEL ESTADO DE CAMPECHE <\/td><td data-cell-id=\"D67\" data-x=\"3\" data-y=\"67\" data-db-index=\"67\" class=\"fsize-18\" data-cell-type=\"text\" data-original-value=\"&lt;a href=&quot;https:\/\/teec.org.mx\/web\/wp-content\/uploads\/2023\/11\/TEEC-RAP-30-2023-28-11-2023.pdf&quot; target=&quot;_blank&quot;&gt;TEEC\/RAP\/30\/2023 (ACUERDO DE NO OPOSICI\u00d3N DE DATOS PERSONALES)&lt;\/a&gt;\" data-order=\"&lt;a href=&quot;https:\/\/teec.org.mx\/web\/wp-content\/uploads\/2023\/11\/TEEC-RAP-30-2023-28-11-2023.pdf&quot; target=&quot;_blank&quot;&gt;TEEC\/RAP\/30\/2023 (ACUERDO DE NO OPOSICI\u00d3N DE DATOS PERSONALES)&lt;\/a&gt;\" ><a href=\"https:\/\/teec.org.mx\/web\/wp-content\/uploads\/2023\/11\/TEEC-RAP-30-2023-28-11-2023.pdf\" target=\"_blank\">TEEC\/RAP\/30\/2023 (ACUERDO DE NO OPOSICI\u00d3N DE DATOS PERSONALES)<\/a><\/td><\/tr><tr style=\"height:px\" ><td data-cell-id=\"A68\" data-x=\"0\" data-y=\"68\" data-db-index=\"68\" class=\"fsize-18\" data-cell-type=\"text\" data-original-value=\"28 DE NOVIEMBRE DE 2023, A LAS 12:24 HORAS\" data-order=\"28 DE NOVIEMBRE DE 2023, A LAS 12:24 HORAS\" >28 DE NOVIEMBRE DE 2023, A LAS 12:24 HORAS <\/td><td data-cell-id=\"B68\" data-x=\"1\" data-y=\"68\" data-db-index=\"68\" class=\"fsize-18\" data-cell-type=\"text\" data-original-value=\"ANTONIO G\u00d3MEZ SAUCEDO, EN SU CALIDAD DE REPRESENTANTE DEL PARTIDO DEL TRABAJO ANTE EL CONSEJO GENERAL DEL INSTITUTO ELECTORAL DEL ESTADO DE CAMPECHE\" data-order=\"ANTONIO G\u00d3MEZ SAUCEDO, EN SU CALIDAD DE REPRESENTANTE DEL PARTIDO DEL TRABAJO ANTE EL CONSEJO GENERAL DEL INSTITUTO ELECTORAL DEL ESTADO DE CAMPECHE\" >ANTONIO G\u00d3MEZ SAUCEDO, EN SU CALIDAD DE REPRESENTANTE DEL PARTIDO DEL TRABAJO ANTE EL CONSEJO GENERAL DEL INSTITUTO ELECTORAL DEL ESTADO DE CAMPECHE <\/td><td data-cell-id=\"C68\" data-x=\"2\" data-y=\"68\" data-db-index=\"68\" class=\"fsize-18\" data-cell-type=\"text\" data-original-value=\"DIRECCI\u00d3N EJECUTIVA DE ADMINISTRACI\u00d3N, PRERROGATIVAS DE PARTIDOS Y AGRUPACIONES POL\u00cdTICAS DEL INSTITUTO ELECTORAL DEL ESTADO DE CAMPECHE\" data-order=\"DIRECCI\u00d3N EJECUTIVA DE ADMINISTRACI\u00d3N, PRERROGATIVAS DE PARTIDOS Y AGRUPACIONES POL\u00cdTICAS DEL INSTITUTO ELECTORAL DEL ESTADO DE CAMPECHE\" >DIRECCI\u00d3N EJECUTIVA DE ADMINISTRACI\u00d3N, PRERROGATIVAS DE PARTIDOS Y AGRUPACIONES POL\u00cdTICAS DEL INSTITUTO ELECTORAL DEL ESTADO DE CAMPECHE <\/td><td data-cell-id=\"D68\" data-x=\"3\" data-y=\"68\" data-db-index=\"68\" class=\"fsize-18\" data-cell-type=\"text\" data-original-value=\"&lt;a href=&quot;https:\/\/teec.org.mx\/web\/wp-content\/uploads\/2023\/11\/TEEC-RAP-1-2023-28-11-2023.pdf&quot; target=&quot;_blank&quot;&gt;TEEC\/RAP\/1\/2023 (SE FIJA FECHA Y HORA PARA SESI\u00d3N PRIVADA)&lt;\/a&gt;\" data-order=\"&lt;a href=&quot;https:\/\/teec.org.mx\/web\/wp-content\/uploads\/2023\/11\/TEEC-RAP-1-2023-28-11-2023.pdf&quot; target=&quot;_blank&quot;&gt;TEEC\/RAP\/1\/2023 (SE FIJA FECHA Y HORA PARA SESI\u00d3N PRIVADA)&lt;\/a&gt;\" ><a href=\"https:\/\/teec.org.mx\/web\/wp-content\/uploads\/2023\/11\/TEEC-RAP-1-2023-28-11-2023.pdf\" target=\"_blank\">TEEC\/RAP\/1\/2023 (SE FIJA FECHA Y HORA PARA SESI\u00d3N PRIVADA)<\/a><\/td><\/tr><tr style=\"height:px\" ><td data-cell-id=\"A69\" data-x=\"0\" data-y=\"69\" data-db-index=\"69\" class=\"fsize-18\" data-cell-type=\"text\" data-original-value=\"27 DE NOVIEMBRE DE 2023, A LAS 13: 10 HORAS\" data-order=\"27 DE NOVIEMBRE DE 2023, A LAS 13: 10 HORAS\" >27 DE NOVIEMBRE DE 2023, A LAS 13: 10 HORAS <\/td><td data-cell-id=\"B69\" data-x=\"1\" data-y=\"69\" data-db-index=\"69\" class=\"fsize-18\" data-cell-type=\"text\" data-original-value=\"PEDRO ESTRADA C\u00d3RDOVA EN SU CALIDAD DE REPRESENTANTE ANTE EL CONSEJO GENERAL DEL INSTITUTO ELECTORAL DEL ESTADO DE CAMPECHE DEL PARTIDO POL\u00cdTICO NACIONAL MOVIMIENTO CIUDADANO\" data-order=\"PEDRO ESTRADA C\u00d3RDOVA EN SU CALIDAD DE REPRESENTANTE ANTE EL CONSEJO GENERAL DEL INSTITUTO ELECTORAL DEL ESTADO DE CAMPECHE DEL PARTIDO POL\u00cdTICO NACIONAL MOVIMIENTO CIUDADANO\" >PEDRO ESTRADA C\u00d3RDOVA EN SU CALIDAD DE REPRESENTANTE ANTE EL CONSEJO GENERAL DEL INSTITUTO ELECTORAL DEL ESTADO DE CAMPECHE DEL PARTIDO POL\u00cdTICO NACIONAL MOVIMIENTO CIUDADANO <\/td><td data-cell-id=\"C69\" data-x=\"2\" data-y=\"69\" data-db-index=\"69\" class=\"fsize-18\" data-cell-type=\"text\" data-original-value=\"CONSEJO GENERAL DEL INSTITUTO ELECTORAL DEL ESTADO DE CAMPECHE\" data-order=\"CONSEJO GENERAL DEL INSTITUTO ELECTORAL DEL ESTADO DE CAMPECHE\" >CONSEJO GENERAL DEL INSTITUTO ELECTORAL DEL ESTADO DE CAMPECHE <\/td><td data-cell-id=\"D69\" data-x=\"3\" data-y=\"69\" data-db-index=\"69\" class=\"fsize-18\" data-cell-type=\"text\" data-original-value=\"&lt;a href=&quot;https:\/\/teec.org.mx\/web\/wp-content\/uploads\/2023\/11\/TEEC-RAP-31-2023-27-11-2023.pdf&quot; target=&quot;_blank&quot;&gt;TEEC\/RAP\/31\/2023 (ACUERDO DE ADMISI\u00d3N)&lt;\/a&gt;\" data-order=\"&lt;a href=&quot;https:\/\/teec.org.mx\/web\/wp-content\/uploads\/2023\/11\/TEEC-RAP-31-2023-27-11-2023.pdf&quot; target=&quot;_blank&quot;&gt;TEEC\/RAP\/31\/2023 (ACUERDO DE ADMISI\u00d3N)&lt;\/a&gt;\" ><a href=\"https:\/\/teec.org.mx\/web\/wp-content\/uploads\/2023\/11\/TEEC-RAP-31-2023-27-11-2023.pdf\" target=\"_blank\">TEEC\/RAP\/31\/2023 (ACUERDO DE ADMISI\u00d3N)<\/a><\/td><\/tr><tr style=\"height:px\" ><td data-cell-id=\"A70\" data-x=\"0\" data-y=\"70\" data-db-index=\"70\" class=\"fsize-18\" data-cell-type=\"text\" data-original-value=\"27 DE NOVIEMBRE DE 2023, A LAS 13:03 HORAS\" data-order=\"27 DE NOVIEMBRE DE 2023, A LAS 13:03 HORAS\" >27 DE NOVIEMBRE DE 2023, A LAS 13:03 HORAS <\/td><td data-cell-id=\"B70\" data-x=\"1\" data-y=\"70\" data-db-index=\"70\" class=\"fsize-18\" data-cell-type=\"text\" data-original-value=\"ANTONIO G\u00d3MEZ SAUCEDO, EN SU CALIDAD DE REPRESENTANTE DEL PARTIDO DEL TRABAJO ANTE EL CONSEJO GENERAL DEL INSTITUTO ELECTORAL DEL ESTADO DE CAMPECHE\" data-order=\"ANTONIO G\u00d3MEZ SAUCEDO, EN SU CALIDAD DE REPRESENTANTE DEL PARTIDO DEL TRABAJO ANTE EL CONSEJO GENERAL DEL INSTITUTO ELECTORAL DEL ESTADO DE CAMPECHE\" >ANTONIO G\u00d3MEZ SAUCEDO, EN SU CALIDAD DE REPRESENTANTE DEL PARTIDO DEL TRABAJO ANTE EL CONSEJO GENERAL DEL INSTITUTO ELECTORAL DEL ESTADO DE CAMPECHE <\/td><td data-cell-id=\"C70\" data-x=\"2\" data-y=\"70\" data-db-index=\"70\" class=\"fsize-18\" data-cell-type=\"text\" data-original-value=\"DIRECCI\u00d3N EJECUTIVA DE ADMINISTRACI\u00d3N, PRERROGATIVAS DE PARTIDOS Y AGRUPACIONES POL\u00cdTICAS DEL INSTITUTO ELECTORAL DEL ESTADO DE CAMPECHE\" data-order=\"DIRECCI\u00d3N EJECUTIVA DE ADMINISTRACI\u00d3N, PRERROGATIVAS DE PARTIDOS Y AGRUPACIONES POL\u00cdTICAS DEL INSTITUTO ELECTORAL DEL ESTADO DE CAMPECHE\" >DIRECCI\u00d3N EJECUTIVA DE ADMINISTRACI\u00d3N, PRERROGATIVAS DE PARTIDOS Y AGRUPACIONES POL\u00cdTICAS DEL INSTITUTO ELECTORAL DEL ESTADO DE CAMPECHE <\/td><td data-cell-id=\"D70\" data-x=\"3\" data-y=\"70\" data-db-index=\"70\" class=\"fsize-18\" data-cell-type=\"text\" data-original-value=\"&lt;a href=&quot;https:\/\/teec.org.mx\/web\/wp-content\/uploads\/2023\/11\/TEEC-RAP-1-2023-27-11-2023.pdf&quot; target=&quot;_blank&quot;&gt;TEEC\/RAP\/1\/2023 (ACUERDO DE RECEPCI\u00d3N Y ACUMULACI\u00d3N)&lt;\/a&gt;\" data-order=\"&lt;a href=&quot;https:\/\/teec.org.mx\/web\/wp-content\/uploads\/2023\/11\/TEEC-RAP-1-2023-27-11-2023.pdf&quot; target=&quot;_blank&quot;&gt;TEEC\/RAP\/1\/2023 (ACUERDO DE RECEPCI\u00d3N Y ACUMULACI\u00d3N)&lt;\/a&gt;\" ><a href=\"https:\/\/teec.org.mx\/web\/wp-content\/uploads\/2023\/11\/TEEC-RAP-1-2023-27-11-2023.pdf\" target=\"_blank\">TEEC\/RAP\/1\/2023 (ACUERDO DE RECEPCI\u00d3N Y ACUMULACI\u00d3N)<\/a><\/td><\/tr><tr style=\"height:px\" ><td data-cell-id=\"A71\" data-x=\"0\" data-y=\"71\" data-db-index=\"71\" class=\"fsize-18\" data-cell-type=\"text\" data-original-value=\"27 DE NOVIEMBRE DE 2023, A LAS 12:55 HORAS\" data-order=\"27 DE NOVIEMBRE DE 2023, A LAS 12:55 HORAS\" >27 DE NOVIEMBRE DE 2023, A LAS 12:55 HORAS <\/td><td data-cell-id=\"B71\" data-x=\"1\" data-y=\"71\" data-db-index=\"71\" class=\"fsize-18\" data-cell-type=\"text\" data-original-value=\"ANTONIO G\u00d3MEZ SAUCEDO, EN SU CALIDAD DE REPRESENTANTE PROPIETARIO DEL PARTIDO DEL TRABAJO ANTE EL CONSEJO GENERAL DEL INSTITUTO ELECTORAL DEL ESTADO DE CAMPECHE\" data-order=\"ANTONIO G\u00d3MEZ SAUCEDO, EN SU CALIDAD DE REPRESENTANTE PROPIETARIO DEL PARTIDO DEL TRABAJO ANTE EL CONSEJO GENERAL DEL INSTITUTO ELECTORAL DEL ESTADO DE CAMPECHE\" >ANTONIO G\u00d3MEZ SAUCEDO, EN SU CALIDAD DE REPRESENTANTE PROPIETARIO DEL PARTIDO DEL TRABAJO ANTE EL CONSEJO GENERAL DEL INSTITUTO ELECTORAL DEL ESTADO DE CAMPECHE <\/td><td data-cell-id=\"C71\" data-x=\"2\" data-y=\"71\" data-db-index=\"71\" class=\"fsize-18\" data-cell-type=\"text\" data-original-value=\"CONSEJO GENERAL DEL INSTITUTO ELECTORAL DEL ESTADO DE CAMPECHE\" data-order=\"CONSEJO GENERAL DEL INSTITUTO ELECTORAL DEL ESTADO DE CAMPECHE\" >CONSEJO GENERAL DEL INSTITUTO ELECTORAL DEL ESTADO DE CAMPECHE <\/td><td data-cell-id=\"D71\" data-x=\"3\" data-y=\"71\" data-db-index=\"71\" class=\"fsize-18\" data-cell-type=\"text\" data-original-value=\"&lt;a href=&quot;https:\/\/teec.org.mx\/web\/wp-content\/uploads\/2023\/11\/TEEC-RAP-36-2023-2do-acu-27-11-2023.pdf&quot; target=&quot;_blank&quot;&gt;TEEC\/RAP\/36\/2023 (ACUERDO DE RECEPCI\u00d3N Y RADICACI\u00d3N)&lt;\/a&gt;\" data-order=\"&lt;a href=&quot;https:\/\/teec.org.mx\/web\/wp-content\/uploads\/2023\/11\/TEEC-RAP-36-2023-2do-acu-27-11-2023.pdf&quot; target=&quot;_blank&quot;&gt;TEEC\/RAP\/36\/2023 (ACUERDO DE RECEPCI\u00d3N Y RADICACI\u00d3N)&lt;\/a&gt;\" ><a href=\"https:\/\/teec.org.mx\/web\/wp-content\/uploads\/2023\/11\/TEEC-RAP-36-2023-2do-acu-27-11-2023.pdf\" target=\"_blank\">TEEC\/RAP\/36\/2023 (ACUERDO DE RECEPCI\u00d3N Y RADICACI\u00d3N)<\/a><\/td><\/tr><tr style=\"height:px\" ><td data-cell-id=\"A72\" data-x=\"0\" data-y=\"72\" data-db-index=\"72\" class=\"fsize-18\" data-cell-type=\"text\" data-original-value=\"27 DE NOVIEMBRE DE 2023, A LAS 12:00 HORAS\" data-order=\"27 DE NOVIEMBRE DE 2023, A LAS 12:00 HORAS\" >27 DE NOVIEMBRE DE 2023, A LAS 12:00 HORAS <\/td><td data-cell-id=\"B72\" data-x=\"1\" data-y=\"72\" data-db-index=\"72\" class=\"fsize-18\" data-cell-type=\"text\" data-original-value=\"JES\u00daS HUBERT CARRERA PAL\u00cd\" data-order=\"JES\u00daS HUBERT CARRERA PAL\u00cd\" >JES\u00daS HUBERT CARRERA PAL\u00cd <\/td><td data-cell-id=\"C72\" data-x=\"2\" data-y=\"72\" data-db-index=\"72\" class=\"fsize-18\" data-cell-type=\"text\" data-original-value=\"JUNTA GENERAL EJECUTIVA DEL INSTITUTO ELECTORAL DEL ESTADO DE CAMPECHE\" data-order=\"JUNTA GENERAL EJECUTIVA DEL INSTITUTO ELECTORAL DEL ESTADO DE CAMPECHE\" >JUNTA GENERAL EJECUTIVA DEL INSTITUTO ELECTORAL DEL ESTADO DE CAMPECHE <\/td><td data-cell-id=\"D72\" data-x=\"3\" data-y=\"72\" data-db-index=\"72\" class=\"fsize-18\" data-cell-type=\"text\" data-original-value=\"&lt;a href=&quot;https:\/\/teec.org.mx\/web\/wp-content\/uploads\/2023\/11\/TEEC-RAP-35-2023-27-11-2023.pdf&quot; target=&quot;_blank&quot;&gt;TEEC\/RAP\/35\/2023 (ACUERDO DE TURNO DE DOCUMENTACI\u00d3N)&lt;\/a&gt;\" data-order=\"&lt;a href=&quot;https:\/\/teec.org.mx\/web\/wp-content\/uploads\/2023\/11\/TEEC-RAP-35-2023-27-11-2023.pdf&quot; target=&quot;_blank&quot;&gt;TEEC\/RAP\/35\/2023 (ACUERDO DE TURNO DE DOCUMENTACI\u00d3N)&lt;\/a&gt;\" ><a href=\"https:\/\/teec.org.mx\/web\/wp-content\/uploads\/2023\/11\/TEEC-RAP-35-2023-27-11-2023.pdf\" target=\"_blank\">TEEC\/RAP\/35\/2023 (ACUERDO DE TURNO DE DOCUMENTACI\u00d3N)<\/a><\/td><\/tr><tr style=\"height:px\" ><td data-cell-id=\"A73\" data-x=\"0\" data-y=\"73\" data-db-index=\"73\" class=\"fsize-18\" data-cell-type=\"text\" data-original-value=\"27 DE NOVIEMBRE DE 2023, A LAS 11:50 HORAS\" data-order=\"27 DE NOVIEMBRE DE 2023, A LAS 11:50 HORAS\" >27 DE NOVIEMBRE DE 2023, A LAS 11:50 HORAS <\/td><td data-cell-id=\"B73\" data-x=\"1\" data-y=\"73\" data-db-index=\"73\" class=\"fsize-18\" data-cell-type=\"text\" data-original-value=\"CARLOS ERNESTO MART\u00cdNEZ CAAMAL\" data-order=\"CARLOS ERNESTO MART\u00cdNEZ CAAMAL\" >CARLOS ERNESTO MART\u00cdNEZ CAAMAL <\/td><td data-cell-id=\"C73\" data-x=\"2\" data-y=\"73\" data-db-index=\"73\" class=\"fsize-18\" data-cell-type=\"text\" data-original-value=\"JUNTA GENERAL EJECUTIVA DEL INSTITUTO ELECTORAL DEL ESTADO DE CAMPECHE\" data-order=\"JUNTA GENERAL EJECUTIVA DEL INSTITUTO ELECTORAL DEL ESTADO DE CAMPECHE\" >JUNTA GENERAL EJECUTIVA DEL INSTITUTO ELECTORAL DEL ESTADO DE CAMPECHE <\/td><td data-cell-id=\"D73\" data-x=\"3\" data-y=\"73\" data-db-index=\"73\" class=\"fsize-18\" data-cell-type=\"text\" data-original-value=\"&lt;a href=&quot;https:\/\/teec.org.mx\/web\/wp-content\/uploads\/2023\/11\/TEEC-RAP-34-2023-27-11-2023.pdf&quot; target=&quot;_blank&quot;&gt;TEEC\/RAP\/34\/2023 (ACUERDO DE TURNO DE DOCUMENTACI\u00d3N)&lt;\/a&gt;\" data-order=\"&lt;a href=&quot;https:\/\/teec.org.mx\/web\/wp-content\/uploads\/2023\/11\/TEEC-RAP-34-2023-27-11-2023.pdf&quot; target=&quot;_blank&quot;&gt;TEEC\/RAP\/34\/2023 (ACUERDO DE TURNO DE DOCUMENTACI\u00d3N)&lt;\/a&gt;\" ><a href=\"https:\/\/teec.org.mx\/web\/wp-content\/uploads\/2023\/11\/TEEC-RAP-34-2023-27-11-2023.pdf\" target=\"_blank\">TEEC\/RAP\/34\/2023 (ACUERDO DE TURNO DE DOCUMENTACI\u00d3N)<\/a><\/td><\/tr><tr style=\"height:px\" ><td data-cell-id=\"A74\" data-x=\"0\" data-y=\"74\" data-db-index=\"74\" class=\"fsize-18\" data-cell-type=\"text\" data-original-value=\"27 DE NOVIEMBRE DE 2023, A LAS 11:50 HORAS\" data-order=\"27 DE NOVIEMBRE DE 2023, A LAS 11:50 HORAS\" >27 DE NOVIEMBRE DE 2023, A LAS 11:50 HORAS <\/td><td data-cell-id=\"B74\" data-x=\"1\" data-y=\"74\" data-db-index=\"74\" class=\"fsize-18\" data-cell-type=\"text\" data-original-value=\"ANTONIO G\u00d3MEZ SAUCEDO EN SU CALIDAD DE REPRESENTANTE PROPIETARIO DEL PARTIDO DEL TRABAJO ANTE EL CONSEJO GENERAL DEL INSTITUTO ELECTORAL DEL ESTADO DE CAMPECHE\" data-order=\"ANTONIO G\u00d3MEZ SAUCEDO EN SU CALIDAD DE REPRESENTANTE PROPIETARIO DEL PARTIDO DEL TRABAJO ANTE EL CONSEJO GENERAL DEL INSTITUTO ELECTORAL DEL ESTADO DE CAMPECHE\" >ANTONIO G\u00d3MEZ SAUCEDO EN SU CALIDAD DE REPRESENTANTE PROPIETARIO DEL PARTIDO DEL TRABAJO ANTE EL CONSEJO GENERAL DEL INSTITUTO ELECTORAL DEL ESTADO DE CAMPECHE <\/td><td data-cell-id=\"C74\" data-x=\"2\" data-y=\"74\" data-db-index=\"74\" class=\"fsize-18\" data-cell-type=\"text\" data-original-value=\"CONSEJO GENERAL DEL INSTITUTO ELECTORAL DEL ESTADO DE CAMPECHE\" data-order=\"CONSEJO GENERAL DEL INSTITUTO ELECTORAL DEL ESTADO DE CAMPECHE\" >CONSEJO GENERAL DEL INSTITUTO ELECTORAL DEL ESTADO DE CAMPECHE <\/td><td data-cell-id=\"D74\" data-x=\"3\" data-y=\"74\" data-db-index=\"74\" class=\"fsize-18\" data-cell-type=\"text\" data-original-value=\"&lt;a href=&quot;https:\/\/teec.org.mx\/web\/wp-content\/uploads\/2023\/11\/TEEC-RAP-36-2023-27-11-2023.pdf&quot; target=&quot;_blank&quot;&gt;TEEC\/RAP\/36\/2023 (ACUERDO DE TURNO)&lt;\/a&gt;\" data-order=\"&lt;a href=&quot;https:\/\/teec.org.mx\/web\/wp-content\/uploads\/2023\/11\/TEEC-RAP-36-2023-27-11-2023.pdf&quot; target=&quot;_blank&quot;&gt;TEEC\/RAP\/36\/2023 (ACUERDO DE TURNO)&lt;\/a&gt;\" ><a href=\"https:\/\/teec.org.mx\/web\/wp-content\/uploads\/2023\/11\/TEEC-RAP-36-2023-27-11-2023.pdf\" target=\"_blank\">TEEC\/RAP\/36\/2023 (ACUERDO DE TURNO)<\/a><\/td><\/tr><tr style=\"height:px\" ><td data-cell-id=\"A75\" data-x=\"0\" data-y=\"75\" data-db-index=\"75\" class=\"fsize-18\" data-cell-type=\"text\" data-original-value=\"27 DE NOVIEMBRE DE 2023, A LAS 11:40 HORAS\" data-order=\"27 DE NOVIEMBRE DE 2023, A LAS 11:40 HORAS\" >27 DE NOVIEMBRE DE 2023, A LAS 11:40 HORAS <\/td><td data-cell-id=\"B75\" data-x=\"1\" data-y=\"75\" data-db-index=\"75\" class=\"fsize-18\" data-cell-type=\"text\" data-original-value=\"LEANDRO EUGENIO DZIB REYES\" data-order=\"LEANDRO EUGENIO DZIB REYES\" >LEANDRO EUGENIO DZIB REYES <\/td><td data-cell-id=\"C75\" data-x=\"2\" data-y=\"75\" data-db-index=\"75\" class=\"fsize-18\" data-cell-type=\"text\" data-original-value=\"JUNTA GENERAL EJECUTIVA DEL INSTITUTO ELECTORAL DEL ESTADO DE CAMPECHE\" data-order=\"JUNTA GENERAL EJECUTIVA DEL INSTITUTO ELECTORAL DEL ESTADO DE CAMPECHE\" >JUNTA GENERAL EJECUTIVA DEL INSTITUTO ELECTORAL DEL ESTADO DE CAMPECHE <\/td><td data-cell-id=\"D75\" data-x=\"3\" data-y=\"75\" data-db-index=\"75\" class=\"fsize-18\" data-cell-type=\"text\" data-original-value=\"&lt;a href=&quot;https:\/\/teec.org.mx\/web\/wp-content\/uploads\/2023\/11\/TEEC-RAP-33-2023-27-11-2023.pdf&quot; target=&quot;_blank&quot;&gt;TEEC\/RAP\/33\/2023 (ACUERDO DE TURNO DE DOCUMENTACI\u00d3N)&lt;\/a&gt;\" data-order=\"&lt;a href=&quot;https:\/\/teec.org.mx\/web\/wp-content\/uploads\/2023\/11\/TEEC-RAP-33-2023-27-11-2023.pdf&quot; target=&quot;_blank&quot;&gt;TEEC\/RAP\/33\/2023 (ACUERDO DE TURNO DE DOCUMENTACI\u00d3N)&lt;\/a&gt;\" ><a href=\"https:\/\/teec.org.mx\/web\/wp-content\/uploads\/2023\/11\/TEEC-RAP-33-2023-27-11-2023.pdf\" target=\"_blank\">TEEC\/RAP\/33\/2023 (ACUERDO DE TURNO DE DOCUMENTACI\u00d3N)<\/a><\/td><\/tr><tr style=\"height:px\" ><td data-cell-id=\"A76\" data-x=\"0\" data-y=\"76\" data-db-index=\"76\" class=\"fsize-18\" data-cell-type=\"text\" data-original-value=\"27 DE NOVIEMBRE DE 2023, A LAS 11:30 HORAS\" data-order=\"27 DE NOVIEMBRE DE 2023, A LAS 11:30 HORAS\" >27 DE NOVIEMBRE DE 2023, A LAS 11:30 HORAS <\/td><td data-cell-id=\"B76\" data-x=\"1\" data-y=\"76\" data-db-index=\"76\" class=\"fsize-18\" data-cell-type=\"text\" data-original-value=\"ABRAHAM ALBERTO MART\u00cdNEZ CAAMAL\" data-order=\"ABRAHAM ALBERTO MART\u00cdNEZ CAAMAL\" >ABRAHAM ALBERTO MART\u00cdNEZ CAAMAL <\/td><td data-cell-id=\"C76\" data-x=\"2\" data-y=\"76\" data-db-index=\"76\" class=\"fsize-18\" data-cell-type=\"text\" data-original-value=\"JUNTA GENERAL EJECUTIVA DEL INSTITUTO ELECTORAL DEL ESTADO DE CAMPECHE\" data-order=\"JUNTA GENERAL EJECUTIVA DEL INSTITUTO ELECTORAL DEL ESTADO DE CAMPECHE\" >JUNTA GENERAL EJECUTIVA DEL INSTITUTO ELECTORAL DEL ESTADO DE CAMPECHE <\/td><td data-cell-id=\"D76\" data-x=\"3\" data-y=\"76\" data-db-index=\"76\" class=\"fsize-18\" data-cell-type=\"text\" data-original-value=\"&lt;a href=&quot;https:\/\/teec.org.mx\/web\/wp-content\/uploads\/2023\/11\/TEEC-RAP-32-2023-27-11-2023.pdf&quot; target=&quot;_blank&quot;&gt;TEEC\/RAP\/32\/2023 (ACUERDO DE TURNO DE DOCUMENTACI\u00d3N)&lt;\/a&gt;\" data-order=\"&lt;a href=&quot;https:\/\/teec.org.mx\/web\/wp-content\/uploads\/2023\/11\/TEEC-RAP-32-2023-27-11-2023.pdf&quot; target=&quot;_blank&quot;&gt;TEEC\/RAP\/32\/2023 (ACUERDO DE TURNO DE DOCUMENTACI\u00d3N)&lt;\/a&gt;\" ><a href=\"https:\/\/teec.org.mx\/web\/wp-content\/uploads\/2023\/11\/TEEC-RAP-32-2023-27-11-2023.pdf\" target=\"_blank\">TEEC\/RAP\/32\/2023 (ACUERDO DE TURNO DE DOCUMENTACI\u00d3N)<\/a><\/td><\/tr><tr style=\"height:px\" ><td data-cell-id=\"A77\" data-x=\"0\" data-y=\"77\" data-db-index=\"77\" class=\"fsize-18\" data-cell-type=\"text\" data-original-value=\"27 DE NOVIEMBRE DE 2023, A LAS 10:40 HORAS\" data-order=\"27 DE NOVIEMBRE DE 2023, A LAS 10:40 HORAS\" >27 DE NOVIEMBRE DE 2023, A LAS 10:40 HORAS <\/td><td data-cell-id=\"B77\" data-x=\"1\" data-y=\"77\" data-db-index=\"77\" class=\"fsize-18\" data-cell-type=\"text\" data-original-value=\"PEDRO ESTRADA C\u00d3RDOVA REPRESENTANTE DEL PARTIDO MOVIMIENTO CIUDADANO ANTE EL CONSEJO GENERAL DEL INSTITUTO ELECTORAL DEL ESTADO DE CAMPECHE\" data-order=\"PEDRO ESTRADA C\u00d3RDOVA REPRESENTANTE DEL PARTIDO MOVIMIENTO CIUDADANO ANTE EL CONSEJO GENERAL DEL INSTITUTO ELECTORAL DEL ESTADO DE CAMPECHE\" >PEDRO ESTRADA C\u00d3RDOVA REPRESENTANTE DEL PARTIDO MOVIMIENTO CIUDADANO ANTE EL CONSEJO GENERAL DEL INSTITUTO ELECTORAL DEL ESTADO DE CAMPECHE <\/td><td data-cell-id=\"C77\" data-x=\"2\" data-y=\"77\" data-db-index=\"77\" class=\"fsize-18\" data-cell-type=\"text\" data-original-value=\"TRIBUNAL ELECTORAL DEL ESTADO DE CAMPECHE\" data-order=\"TRIBUNAL ELECTORAL DEL ESTADO DE CAMPECHE\" >TRIBUNAL ELECTORAL DEL ESTADO DE CAMPECHE <\/td><td data-cell-id=\"D77\" data-x=\"3\" data-y=\"77\" data-db-index=\"77\" class=\"fsize-18\" data-cell-type=\"text\" data-original-value=\"&lt;a href=&quot;https:\/\/teec.org.mx\/web\/wp-content\/uploads\/2023\/11\/TEEC-RAP-29-2023-27-11-2023.pdf&quot; target=&quot;_blank&quot;&gt;TEEC\/RAP\/29\/2023 (SE DA TR\u00c1MITE A MEDIO DE IMPUGNACI\u00d3N FEDERAL)&lt;\/a&gt;\" data-order=\"&lt;a href=&quot;https:\/\/teec.org.mx\/web\/wp-content\/uploads\/2023\/11\/TEEC-RAP-29-2023-27-11-2023.pdf&quot; target=&quot;_blank&quot;&gt;TEEC\/RAP\/29\/2023 (SE DA TR\u00c1MITE A MEDIO DE IMPUGNACI\u00d3N FEDERAL)&lt;\/a&gt;\" ><a href=\"https:\/\/teec.org.mx\/web\/wp-content\/uploads\/2023\/11\/TEEC-RAP-29-2023-27-11-2023.pdf\" target=\"_blank\">TEEC\/RAP\/29\/2023 (SE DA TR\u00c1MITE A MEDIO DE IMPUGNACI\u00d3N FEDERAL)<\/a><\/td><\/tr><tr style=\"height:px\" ><td data-cell-id=\"A78\" data-x=\"0\" data-y=\"78\" data-db-index=\"78\" class=\"fsize-18\" data-cell-type=\"text\" data-original-value=\"24 DE NOVIEMBRE DE 2023, A LAS 11:20 HORAS\" data-order=\"24 DE NOVIEMBRE DE 2023, A LAS 11:20 HORAS\" >24 DE NOVIEMBRE DE 2023, A LAS 11:20 HORAS <\/td><td data-cell-id=\"B78\" data-x=\"1\" data-y=\"78\" data-db-index=\"78\" class=\"fsize-18\" data-cell-type=\"text\" data-original-value=\"PEDRO ESTRADA C\u00d3RDOVA, REPRESENTANTE DEL PARTIDO POL\u00cdTICO NACIONAL MOVIMIENTO CIUDADANO ANTE EL CONSEJO GENERAL DEL INSTITUTO ELECTORAL DEL ESTADO DE CAMPECHE\" data-order=\"PEDRO ESTRADA C\u00d3RDOVA, REPRESENTANTE DEL PARTIDO POL\u00cdTICO NACIONAL MOVIMIENTO CIUDADANO ANTE EL CONSEJO GENERAL DEL INSTITUTO ELECTORAL DEL ESTADO DE CAMPECHE\" >PEDRO ESTRADA C\u00d3RDOVA, REPRESENTANTE DEL PARTIDO POL\u00cdTICO NACIONAL MOVIMIENTO CIUDADANO ANTE EL CONSEJO GENERAL DEL INSTITUTO ELECTORAL DEL ESTADO DE CAMPECHE <\/td><td data-cell-id=\"C78\" data-x=\"2\" data-y=\"78\" data-db-index=\"78\" class=\"fsize-18\" data-cell-type=\"text\" data-original-value=\"CONSEJO GENERAL DEL INSTITUTO ELECTORAL DEL ESTADO DE CAMPECHE\" data-order=\"CONSEJO GENERAL DEL INSTITUTO ELECTORAL DEL ESTADO DE CAMPECHE\" >CONSEJO GENERAL DEL INSTITUTO ELECTORAL DEL ESTADO DE CAMPECHE <\/td><td data-cell-id=\"D78\" data-x=\"3\" data-y=\"78\" data-db-index=\"78\" class=\"fsize-18\" data-cell-type=\"text\" data-original-value=\"&lt;a href=&quot;https:\/\/teec.org.mx\/web\/wp-content\/uploads\/2023\/11\/TEEC-RAP-30-2023-24-11-2023.pdf&quot; target=&quot;_blank&quot;&gt;TEEC\/RAP\/30\/2023 (DILIGENCIA DE INSPECCI\u00d3N)&lt;\/a&gt;\" data-order=\"&lt;a href=&quot;https:\/\/teec.org.mx\/web\/wp-content\/uploads\/2023\/11\/TEEC-RAP-30-2023-24-11-2023.pdf&quot; target=&quot;_blank&quot;&gt;TEEC\/RAP\/30\/2023 (DILIGENCIA DE INSPECCI\u00d3N)&lt;\/a&gt;\" ><a href=\"https:\/\/teec.org.mx\/web\/wp-content\/uploads\/2023\/11\/TEEC-RAP-30-2023-24-11-2023.pdf\" target=\"_blank\">TEEC\/RAP\/30\/2023 (DILIGENCIA DE INSPECCI\u00d3N)<\/a><\/td><\/tr><tr style=\"height:px\" ><td data-cell-id=\"A79\" data-x=\"0\" data-y=\"79\" data-db-index=\"79\" class=\"fsize-18\" data-cell-type=\"text\" data-original-value=\"23 DE NOVIEMBRE DE 2023, A LAS 14:37 HORAS\" data-order=\"23 DE NOVIEMBRE DE 2023, A LAS 14:37 HORAS\" >23 DE NOVIEMBRE DE 2023, A LAS 14:37 HORAS <\/td><td data-cell-id=\"B79\" data-x=\"1\" data-y=\"79\" data-db-index=\"79\" class=\"fsize-18\" data-cell-type=\"text\" data-original-value=\"ANTONIO G\u00d3MEZ SAUCEDO, EN SU CALIDAD DE REPRESENTANTE DEL PARTIDO DEL TRABAJO ANTE EL CONSEJO GENERAL DEL INSTITUTO ELECTORAL DEL ESTADO DE CAMPECHE\" data-order=\"ANTONIO G\u00d3MEZ SAUCEDO, EN SU CALIDAD DE REPRESENTANTE DEL PARTIDO DEL TRABAJO ANTE EL CONSEJO GENERAL DEL INSTITUTO ELECTORAL DEL ESTADO DE CAMPECHE\" >ANTONIO G\u00d3MEZ SAUCEDO, EN SU CALIDAD DE REPRESENTANTE DEL PARTIDO DEL TRABAJO ANTE EL CONSEJO GENERAL DEL INSTITUTO ELECTORAL DEL ESTADO DE CAMPECHE <\/td><td data-cell-id=\"C79\" data-x=\"2\" data-y=\"79\" data-db-index=\"79\" class=\"fsize-18\" data-cell-type=\"text\" data-original-value=\"DIRECCI\u00d3N EJECUTIVA DE ADMINISTRACI\u00d3N, PRERROGATIVAS DE PARTIDOS Y AGRUPACIONES POL\u00cdTICAS DEL INSTITUTO ELECTORAL DEL ESTADO DE CAMPECHE\" data-order=\"DIRECCI\u00d3N EJECUTIVA DE ADMINISTRACI\u00d3N, PRERROGATIVAS DE PARTIDOS Y AGRUPACIONES POL\u00cdTICAS DEL INSTITUTO ELECTORAL DEL ESTADO DE CAMPECHE\" >DIRECCI\u00d3N EJECUTIVA DE ADMINISTRACI\u00d3N, PRERROGATIVAS DE PARTIDOS Y AGRUPACIONES POL\u00cdTICAS DEL INSTITUTO ELECTORAL DEL ESTADO DE CAMPECHE <\/td><td data-cell-id=\"D79\" data-x=\"3\" data-y=\"79\" data-db-index=\"79\" class=\"fsize-18\" data-cell-type=\"text\" data-original-value=\"&lt;a href=&quot;https:\/\/teec.org.mx\/web\/wp-content\/uploads\/2023\/11\/TEEC-RAP-1-2023-23-11-2023.pdf&quot; target=&quot;_blank&quot;&gt;TEEC\/RAP\/1\/2023 (SE TURNA DOCUMENTACI\u00d3N)&lt;\/a&gt;\" data-order=\"&lt;a href=&quot;https:\/\/teec.org.mx\/web\/wp-content\/uploads\/2023\/11\/TEEC-RAP-1-2023-23-11-2023.pdf&quot; target=&quot;_blank&quot;&gt;TEEC\/RAP\/1\/2023 (SE TURNA DOCUMENTACI\u00d3N)&lt;\/a&gt;\" ><a href=\"https:\/\/teec.org.mx\/web\/wp-content\/uploads\/2023\/11\/TEEC-RAP-1-2023-23-11-2023.pdf\" target=\"_blank\">TEEC\/RAP\/1\/2023 (SE TURNA DOCUMENTACI\u00d3N)<\/a><\/td><\/tr><tr style=\"height:px\" ><td data-cell-id=\"A80\" data-x=\"0\" data-y=\"80\" data-db-index=\"80\" class=\"fsize-18\" data-cell-type=\"text\" data-original-value=\"23 DE NOVIEMBRE DE 2023, A LAS 13:25 HORAS\" data-order=\"23 DE NOVIEMBRE DE 2023, A LAS 13:25 HORAS\" >23 DE NOVIEMBRE DE 2023, A LAS 13:25 HORAS <\/td><td data-cell-id=\"B80\" data-x=\"1\" data-y=\"80\" data-db-index=\"80\" class=\"fsize-18\" data-cell-type=\"text\" data-original-value=\"PARTIDO ACCI\u00d3N NACIONAL\" data-order=\"PARTIDO ACCI\u00d3N NACIONAL\" >PARTIDO ACCI\u00d3N NACIONAL <\/td><td data-cell-id=\"C80\" data-x=\"2\" data-y=\"80\" data-db-index=\"80\" class=\"fsize-18\" data-cell-type=\"text\" data-original-value=\"TRIBUNAL ELECTORAL DEL ESTADO DE CAMPECHE\" data-order=\"TRIBUNAL ELECTORAL DEL ESTADO DE CAMPECHE\" >TRIBUNAL ELECTORAL DEL ESTADO DE CAMPECHE <\/td><td data-cell-id=\"D80\" data-x=\"3\" data-y=\"80\" data-db-index=\"80\" class=\"fsize-18\" data-cell-type=\"text\" data-original-value=\"&lt;a href=&quot;https:\/\/teec.org.mx\/web\/wp-content\/uploads\/2023\/11\/TEEC-RAP-25-2023-SX-JRC-27-2023-23-11-2023.pdf&quot; target=&quot;_blank&quot;&gt;TEEC\/RAP\/25\/2023 (EXPEDIENTE FEDERAL: SX-JRC-27-2023, SE DA POR NOTIFICADO ESTE \u00d3RGANO JURISDICCIONAL ELECTORAL LOCAL)&lt;\/a&gt;\" data-order=\"&lt;a href=&quot;https:\/\/teec.org.mx\/web\/wp-content\/uploads\/2023\/11\/TEEC-RAP-25-2023-SX-JRC-27-2023-23-11-2023.pdf&quot; target=&quot;_blank&quot;&gt;TEEC\/RAP\/25\/2023 (EXPEDIENTE FEDERAL: SX-JRC-27-2023, SE DA POR NOTIFICADO ESTE \u00d3RGANO JURISDICCIONAL ELECTORAL LOCAL)&lt;\/a&gt;\" ><a href=\"https:\/\/teec.org.mx\/web\/wp-content\/uploads\/2023\/11\/TEEC-RAP-25-2023-SX-JRC-27-2023-23-11-2023.pdf\" target=\"_blank\">TEEC\/RAP\/25\/2023 (EXPEDIENTE FEDERAL: SX-JRC-27-2023, SE DA POR NOTIFICADO ESTE \u00d3RGANO JURISDICCIONAL ELECTORAL LOCAL)<\/a><\/td><\/tr><tr style=\"height:px\" ><td data-cell-id=\"A81\" data-x=\"0\" data-y=\"81\" data-db-index=\"81\" class=\"fsize-18\" data-cell-type=\"text\" data-original-value=\"23 DE NOVIEMBRE DE 2023, A LAS 13:05 HORAS\" data-order=\"23 DE NOVIEMBRE DE 2023, A LAS 13:05 HORAS\" >23 DE NOVIEMBRE DE 2023, A LAS 13:05 HORAS <\/td><td data-cell-id=\"B81\" data-x=\"1\" data-y=\"81\" data-db-index=\"81\" class=\"fsize-18\" data-cell-type=\"text\" data-original-value=\"PARTIDO REVOLUCIONARIO INSTITUCIONAL\" data-order=\"PARTIDO REVOLUCIONARIO INSTITUCIONAL\" >PARTIDO REVOLUCIONARIO INSTITUCIONAL <\/td><td data-cell-id=\"C81\" data-x=\"2\" data-y=\"81\" data-db-index=\"81\" class=\"fsize-18\" data-cell-type=\"text\" data-original-value=\"TRIBUNAL ELECTORAL DEL ESTADO DE CAMPECHE\" data-order=\"TRIBUNAL ELECTORAL DEL ESTADO DE CAMPECHE\" >TRIBUNAL ELECTORAL DEL ESTADO DE CAMPECHE <\/td><td data-cell-id=\"D81\" data-x=\"3\" data-y=\"81\" data-db-index=\"81\" class=\"fsize-18\" data-cell-type=\"text\" data-original-value=\"&lt;a href=&quot;https:\/\/teec.org.mx\/web\/wp-content\/uploads\/2023\/11\/TEEC-RAP-23-2023-SX-JE-162-2023-23-11-2023.pdf&quot; target=&quot;_blank&quot;&gt;TEEC\/RAP\/23\/2023 (EXPEDIENTE FEDERAL: SX-JE-162\/2023, SE DA POR NOTIFICADO ESTE \u00d3RGANO JURISDICCIONAL ELECTORAL LOCAL)&lt;\/a&gt;\" data-order=\"&lt;a href=&quot;https:\/\/teec.org.mx\/web\/wp-content\/uploads\/2023\/11\/TEEC-RAP-23-2023-SX-JE-162-2023-23-11-2023.pdf&quot; target=&quot;_blank&quot;&gt;TEEC\/RAP\/23\/2023 (EXPEDIENTE FEDERAL: SX-JE-162\/2023, SE DA POR NOTIFICADO ESTE \u00d3RGANO JURISDICCIONAL ELECTORAL LOCAL)&lt;\/a&gt;\" ><a href=\"https:\/\/teec.org.mx\/web\/wp-content\/uploads\/2023\/11\/TEEC-RAP-23-2023-SX-JE-162-2023-23-11-2023.pdf\" target=\"_blank\">TEEC\/RAP\/23\/2023 (EXPEDIENTE FEDERAL: SX-JE-162\/2023, SE DA POR NOTIFICADO ESTE \u00d3RGANO JURISDICCIONAL ELECTORAL LOCAL)<\/a><\/td><\/tr><tr style=\"height:px\" ><td data-cell-id=\"A82\" data-x=\"0\" data-y=\"82\" data-db-index=\"82\" class=\"fsize-18\" data-cell-type=\"text\" data-original-value=\"23 DE NOVIEMBRE DE 2023, A LAS 12:45 HORAS\" data-order=\"23 DE NOVIEMBRE DE 2023, A LAS 12:45 HORAS\" >23 DE NOVIEMBRE DE 2023, A LAS 12:45 HORAS <\/td><td data-cell-id=\"B82\" data-x=\"1\" data-y=\"82\" data-db-index=\"82\" class=\"fsize-18\" data-cell-type=\"text\" data-original-value=\"LIRIO GUADALUPE SU\u00c1REZ AM\u00c9NDOLA E ISMAEL ENRIQUE ARJONA P\u00c9REZ\" data-order=\"LIRIO GUADALUPE SU\u00c1REZ AM\u00c9NDOLA E ISMAEL ENRIQUE ARJONA P\u00c9REZ\" >LIRIO GUADALUPE SU\u00c1REZ AM\u00c9NDOLA E ISMAEL ENRIQUE ARJONA P\u00c9REZ <\/td><td data-cell-id=\"C82\" data-x=\"2\" data-y=\"82\" data-db-index=\"82\" class=\"fsize-18\" data-cell-type=\"text\" data-original-value=\"TRIBUNAL ELECTORAL DEL ESTADO DE CAMPECHE\" data-order=\"TRIBUNAL ELECTORAL DEL ESTADO DE CAMPECHE\" >TRIBUNAL ELECTORAL DEL ESTADO DE CAMPECHE <\/td><td data-cell-id=\"D82\" data-x=\"3\" data-y=\"82\" data-db-index=\"82\" class=\"fsize-18\" data-cell-type=\"text\" data-original-value=\"&lt;a href=&quot;https:\/\/teec.org.mx\/web\/wp-content\/uploads\/2023\/11\/TEEC-JE-8-2023-y-acum-23-11-2023.pdf&quot; target=&quot;_blank&quot;&gt;TEEC\/JE\/8\/2023 Y SU ACUMULADO TEEC\/RAP\/21\/2023 (SE DA POR NOTIFICADO ESTE \u00d3RGANO JURISDICCIONAL ELECTORAL LOCAL)&lt;\/a&gt;\" data-order=\"&lt;a href=&quot;https:\/\/teec.org.mx\/web\/wp-content\/uploads\/2023\/11\/TEEC-JE-8-2023-y-acum-23-11-2023.pdf&quot; target=&quot;_blank&quot;&gt;TEEC\/JE\/8\/2023 Y SU ACUMULADO TEEC\/RAP\/21\/2023 (SE DA POR NOTIFICADO ESTE \u00d3RGANO JURISDICCIONAL ELECTORAL LOCAL)&lt;\/a&gt;\" ><a href=\"https:\/\/teec.org.mx\/web\/wp-content\/uploads\/2023\/11\/TEEC-JE-8-2023-y-acum-23-11-2023.pdf\" target=\"_blank\">TEEC\/JE\/8\/2023 Y SU ACUMULADO TEEC\/RAP\/21\/2023 (SE DA POR NOTIFICADO ESTE \u00d3RGANO JURISDICCIONAL ELECTORAL LOCAL)<\/a><\/td><\/tr><tr style=\"height:px\" ><td data-cell-id=\"A83\" data-x=\"0\" data-y=\"83\" data-db-index=\"83\" class=\"fsize-18\" data-cell-type=\"text\" data-original-value=\"23 DE NOVIEMBRE DE 2023, A LAS 11:20 HORAS\" data-order=\"23 DE NOVIEMBRE DE 2023, A LAS 11:20 HORAS\" >23 DE NOVIEMBRE DE 2023, A LAS 11:20 HORAS <\/td><td data-cell-id=\"B83\" data-x=\"1\" data-y=\"83\" data-db-index=\"83\" class=\"fsize-18\" data-cell-type=\"text\" data-original-value=\"PEDRO ESTRADA C\u00d3RDOVA, REPRESENTANTE DEL PARTIDO POL\u00cdTICO NACIONAL MOVIMIENTO CIUDADANO ANTE EL CONSEJO GENERAL DEL INSTITUTO ELECTORAL DEL ESTADO DE CAMPECHE\" data-order=\"PEDRO ESTRADA C\u00d3RDOVA, REPRESENTANTE DEL PARTIDO POL\u00cdTICO NACIONAL MOVIMIENTO CIUDADANO ANTE EL CONSEJO GENERAL DEL INSTITUTO ELECTORAL DEL ESTADO DE CAMPECHE\" >PEDRO ESTRADA C\u00d3RDOVA, REPRESENTANTE DEL PARTIDO POL\u00cdTICO NACIONAL MOVIMIENTO CIUDADANO ANTE EL CONSEJO GENERAL DEL INSTITUTO ELECTORAL DEL ESTADO DE CAMPECHE <\/td><td data-cell-id=\"C83\" data-x=\"2\" data-y=\"83\" data-db-index=\"83\" class=\"fsize-18\" data-cell-type=\"text\" data-original-value=\"CONSEJO GENERAL DEL INSTITUTO ELECTORAL DEL ESTADO DE CAMPECHE\" data-order=\"CONSEJO GENERAL DEL INSTITUTO ELECTORAL DEL ESTADO DE CAMPECHE\" >CONSEJO GENERAL DEL INSTITUTO ELECTORAL DEL ESTADO DE CAMPECHE <\/td><td data-cell-id=\"D83\" data-x=\"3\" data-y=\"83\" data-db-index=\"83\" class=\"fsize-18\" data-cell-type=\"text\" data-original-value=\"&lt;a href=&quot;https:\/\/teec.org.mx\/web\/wp-content\/uploads\/2023\/11\/TEEC-RAP-30-2023-23-11-2023.pdf&quot; target=&quot;_blank&quot;&gt;TEEC\/RAP\/30\/2023 (ACUERDO DE RECEPCI\u00d3M, RADICACI\u00d3N Y ADMISI\u00d3N)&lt;\/a&gt;\" data-order=\"&lt;a href=&quot;https:\/\/teec.org.mx\/web\/wp-content\/uploads\/2023\/11\/TEEC-RAP-30-2023-23-11-2023.pdf&quot; target=&quot;_blank&quot;&gt;TEEC\/RAP\/30\/2023 (ACUERDO DE RECEPCI\u00d3M, RADICACI\u00d3N Y ADMISI\u00d3N)&lt;\/a&gt;\" ><a href=\"https:\/\/teec.org.mx\/web\/wp-content\/uploads\/2023\/11\/TEEC-RAP-30-2023-23-11-2023.pdf\" target=\"_blank\">TEEC\/RAP\/30\/2023 (ACUERDO DE RECEPCI\u00d3M, RADICACI\u00d3N Y ADMISI\u00d3N)<\/a><\/td><\/tr><tr style=\"height:px\" ><td data-cell-id=\"A84\" data-x=\"0\" data-y=\"84\" data-db-index=\"84\" class=\"fsize-18\" data-cell-type=\"text\" data-original-value=\"22 DE NOVIEMBRE DE 2023, A LAS 13:07 HORAS\" data-order=\"22 DE NOVIEMBRE DE 2023, A LAS 13:07 HORAS\" >22 DE NOVIEMBRE DE 2023, A LAS 13:07 HORAS <\/td><td data-cell-id=\"B84\" data-x=\"1\" data-y=\"84\" data-db-index=\"84\" class=\"fsize-18\" data-cell-type=\"text\" data-original-value=\"ALONDRA ANAHI POOL UC Y OTRA\" data-order=\"ALONDRA ANAHI POOL UC Y OTRA\" >ALONDRA ANAHI POOL UC Y OTRA <\/td><td data-cell-id=\"C84\" data-x=\"2\" data-y=\"84\" data-db-index=\"84\" class=\"fsize-18\" data-cell-type=\"text\" data-original-value=\"TRIBUNAL ELECTORAL DEL ESTADO DE CAMPECHE\" data-order=\"TRIBUNAL ELECTORAL DEL ESTADO DE CAMPECHE\" >TRIBUNAL ELECTORAL DEL ESTADO DE CAMPECHE <\/td><td data-cell-id=\"D84\" data-x=\"3\" data-y=\"84\" data-db-index=\"84\" class=\"fsize-18\" data-cell-type=\"text\" data-original-value=\"&lt;a href=&quot;https:\/\/teec.org.mx\/web\/wp-content\/uploads\/2023\/11\/TEEC-RAP-9-2023-y-acum-22-11-2023.pdf&quot; target=&quot;_blank&quot;&gt;TEEC\/RAP\/9\/2023, TEEC\/RAP\/10\/2023, TEEC\/RAP\/11\/2023, TEEC\/RAP\/12\/2023 Y TEEC\/RAP\/13\/2023 (SE TIENEN POR RECIBIDOS LOS CUADERNOS ACCESORIOS REMITIDOS POR LA SALA REGIONAL XALAPA)&lt;\/a&gt;\" data-order=\"&lt;a href=&quot;https:\/\/teec.org.mx\/web\/wp-content\/uploads\/2023\/11\/TEEC-RAP-9-2023-y-acum-22-11-2023.pdf&quot; target=&quot;_blank&quot;&gt;TEEC\/RAP\/9\/2023, TEEC\/RAP\/10\/2023, TEEC\/RAP\/11\/2023, TEEC\/RAP\/12\/2023 Y TEEC\/RAP\/13\/2023 (SE TIENEN POR RECIBIDOS LOS CUADERNOS ACCESORIOS REMITIDOS POR LA SALA REGIONAL XALAPA)&lt;\/a&gt;\" ><a href=\"https:\/\/teec.org.mx\/web\/wp-content\/uploads\/2023\/11\/TEEC-RAP-9-2023-y-acum-22-11-2023.pdf\" target=\"_blank\">TEEC\/RAP\/9\/2023, TEEC\/RAP\/10\/2023, TEEC\/RAP\/11\/2023, TEEC\/RAP\/12\/2023 Y TEEC\/RAP\/13\/2023 (SE TIENEN POR RECIBIDOS LOS CUADERNOS ACCESORIOS REMITIDOS POR LA SALA REGIONAL XALAPA)<\/a><\/td><\/tr><tr style=\"height:px\" ><td data-cell-id=\"A85\" data-x=\"0\" data-y=\"85\" data-db-index=\"85\" class=\"fsize-18\" data-cell-type=\"text\" data-original-value=\"22 DE NOVIEMBRE DE 2023, A LAS 12:50 HORAS\" data-order=\"22 DE NOVIEMBRE DE 2023, A LAS 12:50 HORAS\" >22 DE NOVIEMBRE DE 2023, A LAS 12:50 HORAS <\/td><td data-cell-id=\"B85\" data-x=\"1\" data-y=\"85\" data-db-index=\"85\" class=\"fsize-18\" data-cell-type=\"text\" data-original-value=\"MOVIMIENTO LABORISTA\" data-order=\"MOVIMIENTO LABORISTA\" >MOVIMIENTO LABORISTA <\/td><td data-cell-id=\"C85\" data-x=\"2\" data-y=\"85\" data-db-index=\"85\" class=\"fsize-18\" data-cell-type=\"text\" data-original-value=\"TRIBUNAL ELECTORAL DEL ESTADO DE CAMPECHE\" data-order=\"TRIBUNAL ELECTORAL DEL ESTADO DE CAMPECHE\" >TRIBUNAL ELECTORAL DEL ESTADO DE CAMPECHE <\/td><td data-cell-id=\"D85\" data-x=\"3\" data-y=\"85\" data-db-index=\"85\" class=\"fsize-18\" data-cell-type=\"text\" data-original-value=\"&lt;a href=&quot;https:\/\/teec.org.mx\/web\/wp-content\/uploads\/2023\/11\/TEEC-RAP-17-2023-y-acum-22-11-2023.pdf&quot; target=&quot;_blank&quot;&gt;TEEC\/RAP\/17\/2023, TEEC\/RAP\/18\/2023, TEEC\/RAP\/19\/2023 Y TEEC\/RAP\/20\/2023 (SE TIENE POR RECIBIDO LOS CUADERNOS ACCESORIOS REMITIDOS POR LA SALA REGIONAL XALAPA)&lt;\/a&gt;\" data-order=\"&lt;a href=&quot;https:\/\/teec.org.mx\/web\/wp-content\/uploads\/2023\/11\/TEEC-RAP-17-2023-y-acum-22-11-2023.pdf&quot; target=&quot;_blank&quot;&gt;TEEC\/RAP\/17\/2023, TEEC\/RAP\/18\/2023, TEEC\/RAP\/19\/2023 Y TEEC\/RAP\/20\/2023 (SE TIENE POR RECIBIDO LOS CUADERNOS ACCESORIOS REMITIDOS POR LA SALA REGIONAL XALAPA)&lt;\/a&gt;\" ><a href=\"https:\/\/teec.org.mx\/web\/wp-content\/uploads\/2023\/11\/TEEC-RAP-17-2023-y-acum-22-11-2023.pdf\" target=\"_blank\">TEEC\/RAP\/17\/2023, TEEC\/RAP\/18\/2023, TEEC\/RAP\/19\/2023 Y TEEC\/RAP\/20\/2023 (SE TIENE POR RECIBIDO LOS CUADERNOS ACCESORIOS REMITIDOS POR LA SALA REGIONAL XALAPA)<\/a><\/td><\/tr><tr style=\"height:px\" ><td data-cell-id=\"A86\" data-x=\"0\" data-y=\"86\" data-db-index=\"86\" class=\"fsize-18\" data-cell-type=\"text\" data-original-value=\"22 DE NOVIEMBRE DE 2023, A LAS 12:50 HORAS\" data-order=\"22 DE NOVIEMBRE DE 2023, A LAS 12:50 HORAS\" >22 DE NOVIEMBRE DE 2023, A LAS 12:50 HORAS <\/td><td data-cell-id=\"B86\" data-x=\"1\" data-y=\"86\" data-db-index=\"86\" class=\"fsize-18\" data-cell-type=\"text\" data-original-value=\"JESUS HUBERT CARRERA PAL\u00cd\" data-order=\"JESUS HUBERT CARRERA PAL\u00cd\" >JESUS HUBERT CARRERA PAL\u00cd <\/td><td data-cell-id=\"C86\" data-x=\"2\" data-y=\"86\" data-db-index=\"86\" class=\"fsize-18\" data-cell-type=\"text\" data-original-value=\"JUNTA GENERAL EJECUTIVA DEL INSTITUTO ELECTORAL DEL ESTADO DE CAMPECHE\" data-order=\"JUNTA GENERAL EJECUTIVA DEL INSTITUTO ELECTORAL DEL ESTADO DE CAMPECHE\" >JUNTA GENERAL EJECUTIVA DEL INSTITUTO ELECTORAL DEL ESTADO DE CAMPECHE <\/td><td data-cell-id=\"D86\" data-x=\"3\" data-y=\"86\" data-db-index=\"86\" class=\"fsize-18\" data-cell-type=\"text\" data-original-value=\"&lt;a href=&quot;https:\/\/teec.org.mx\/web\/wp-content\/uploads\/2023\/11\/TEEC-RAP-35-2023-22-11-2023.pdf&quot; target=&quot;_blank&quot;&gt;TEEC\/RAP\/35\/2023 (ACUERDO DE TURNO)&lt;\/a&gt;\" data-order=\"&lt;a href=&quot;https:\/\/teec.org.mx\/web\/wp-content\/uploads\/2023\/11\/TEEC-RAP-35-2023-22-11-2023.pdf&quot; target=&quot;_blank&quot;&gt;TEEC\/RAP\/35\/2023 (ACUERDO DE TURNO)&lt;\/a&gt;\" ><a href=\"https:\/\/teec.org.mx\/web\/wp-content\/uploads\/2023\/11\/TEEC-RAP-35-2023-22-11-2023.pdf\" target=\"_blank\">TEEC\/RAP\/35\/2023 (ACUERDO DE TURNO)<\/a><\/td><\/tr><tr style=\"height:px\" ><td data-cell-id=\"A87\" data-x=\"0\" data-y=\"87\" data-db-index=\"87\" class=\"fsize-18\" data-cell-type=\"text\" data-original-value=\"22 DE NOVIEMBRE DE 2023, A LAS 12:30 HORAS\" data-order=\"22 DE NOVIEMBRE DE 2023, A LAS 12:30 HORAS\" >22 DE NOVIEMBRE DE 2023, A LAS 12:30 HORAS <\/td><td data-cell-id=\"B87\" data-x=\"1\" data-y=\"87\" data-db-index=\"87\" class=\"fsize-18\" data-cell-type=\"text\" data-original-value=\"CARLOS ERNESTO MART\u00cdNEZ CAAMAL\" data-order=\"CARLOS ERNESTO MART\u00cdNEZ CAAMAL\" >CARLOS ERNESTO MART\u00cdNEZ CAAMAL <\/td><td data-cell-id=\"C87\" data-x=\"2\" data-y=\"87\" data-db-index=\"87\" class=\"fsize-18\" data-cell-type=\"text\" data-original-value=\"JUNTA GENERAL EJECUTIVA DEL INSTITUTO ELECTORAL DEL ESTADO DE CAMPECHE\" data-order=\"JUNTA GENERAL EJECUTIVA DEL INSTITUTO ELECTORAL DEL ESTADO DE CAMPECHE\" >JUNTA GENERAL EJECUTIVA DEL INSTITUTO ELECTORAL DEL ESTADO DE CAMPECHE <\/td><td data-cell-id=\"D87\" data-x=\"3\" data-y=\"87\" data-db-index=\"87\" class=\"fsize-18\" data-cell-type=\"text\" data-original-value=\"&lt;a href=&quot;https:\/\/teec.org.mx\/web\/wp-content\/uploads\/2023\/11\/TEEC-RAP-34-2023-22-11-2023.pdf&quot; target=&quot;_blank&quot;&gt;TEEC\/RAP\/34\/2023 (ACUERDO DE TURNO)&lt;\/a&gt;\" data-order=\"&lt;a href=&quot;https:\/\/teec.org.mx\/web\/wp-content\/uploads\/2023\/11\/TEEC-RAP-34-2023-22-11-2023.pdf&quot; target=&quot;_blank&quot;&gt;TEEC\/RAP\/34\/2023 (ACUERDO DE TURNO)&lt;\/a&gt;\" ><a href=\"https:\/\/teec.org.mx\/web\/wp-content\/uploads\/2023\/11\/TEEC-RAP-34-2023-22-11-2023.pdf\" target=\"_blank\">TEEC\/RAP\/34\/2023 (ACUERDO DE TURNO)<\/a><\/td><\/tr><tr style=\"height:px\" ><td data-cell-id=\"A88\" data-x=\"0\" data-y=\"88\" data-db-index=\"88\" class=\"fsize-18\" data-cell-type=\"text\" data-original-value=\"22 DE NOVIEMBRE DE 2023, A LAS 12:20 HORAS\" data-order=\"22 DE NOVIEMBRE DE 2023, A LAS 12:20 HORAS\" >22 DE NOVIEMBRE DE 2023, A LAS 12:20 HORAS <\/td><td data-cell-id=\"B88\" data-x=\"1\" data-y=\"88\" data-db-index=\"88\" class=\"fsize-18\" data-cell-type=\"text\" data-original-value=\"LEANDRO EUGENIO DZIB REYES\" data-order=\"LEANDRO EUGENIO DZIB REYES\" >LEANDRO EUGENIO DZIB REYES <\/td><td data-cell-id=\"C88\" data-x=\"2\" data-y=\"88\" data-db-index=\"88\" class=\"fsize-18\" data-cell-type=\"text\" data-original-value=\"JUNTA GENERAL EJECUTIVA DEL INSTITUTO ELECTORAL DEL ESTADO DE CAMPECHE\" data-order=\"JUNTA GENERAL EJECUTIVA DEL INSTITUTO ELECTORAL DEL ESTADO DE CAMPECHE\" >JUNTA GENERAL EJECUTIVA DEL INSTITUTO ELECTORAL DEL ESTADO DE CAMPECHE <\/td><td data-cell-id=\"D88\" data-x=\"3\" data-y=\"88\" data-db-index=\"88\" class=\"fsize-18\" data-cell-type=\"text\" data-original-value=\"&lt;a href=&quot;https:\/\/teec.org.mx\/web\/wp-content\/uploads\/2023\/11\/TEEC-RAP-33-2O23-22-11-2023.pdf&quot; target=&quot;_blank&quot;&gt;TEEC\/RAP\/33\/2023 (ACUERDO DE TURNO)&lt;\/a&gt;\" data-order=\"&lt;a href=&quot;https:\/\/teec.org.mx\/web\/wp-content\/uploads\/2023\/11\/TEEC-RAP-33-2O23-22-11-2023.pdf&quot; target=&quot;_blank&quot;&gt;TEEC\/RAP\/33\/2023 (ACUERDO DE TURNO)&lt;\/a&gt;\" ><a href=\"https:\/\/teec.org.mx\/web\/wp-content\/uploads\/2023\/11\/TEEC-RAP-33-2O23-22-11-2023.pdf\" target=\"_blank\">TEEC\/RAP\/33\/2023 (ACUERDO DE TURNO)<\/a><\/td><\/tr><tr style=\"height:px\" ><td data-cell-id=\"A89\" data-x=\"0\" data-y=\"89\" data-db-index=\"89\" class=\"fsize-18\" data-cell-type=\"text\" data-original-value=\"22 DE NOVIEMBRE DE 2023, A LAS 12:10 HORAS\" data-order=\"22 DE NOVIEMBRE DE 2023, A LAS 12:10 HORAS\" >22 DE NOVIEMBRE DE 2023, A LAS 12:10 HORAS <\/td><td data-cell-id=\"B89\" data-x=\"1\" data-y=\"89\" data-db-index=\"89\" class=\"fsize-18\" data-cell-type=\"text\" data-original-value=\"ABRAHAM ALBERTO MART\u00cdNEZ CAAMAL\" data-order=\"ABRAHAM ALBERTO MART\u00cdNEZ CAAMAL\" >ABRAHAM ALBERTO MART\u00cdNEZ CAAMAL <\/td><td data-cell-id=\"C89\" data-x=\"2\" data-y=\"89\" data-db-index=\"89\" class=\"fsize-18\" data-cell-type=\"text\" data-original-value=\"JUNTA GENERAL EJECUTIVA DEL INSTITUTO ELECTORAL DEL ESTADO DE CAMPECHE\" data-order=\"JUNTA GENERAL EJECUTIVA DEL INSTITUTO ELECTORAL DEL ESTADO DE CAMPECHE\" >JUNTA GENERAL EJECUTIVA DEL INSTITUTO ELECTORAL DEL ESTADO DE CAMPECHE <\/td><td data-cell-id=\"D89\" data-x=\"3\" data-y=\"89\" data-db-index=\"89\" class=\"fsize-18\" data-cell-type=\"text\" data-original-value=\"&lt;a href=&quot;https:\/\/teec.org.mx\/web\/wp-content\/uploads\/2023\/11\/TEEC-RAP-32-2023-22-11-2023.pdf&quot; target=&quot;_blank&quot;&gt;TEEC\/RAP\/32\/2023 (ACUERDO DE TURNO)&lt;\/a&gt;\" data-order=\"&lt;a href=&quot;https:\/\/teec.org.mx\/web\/wp-content\/uploads\/2023\/11\/TEEC-RAP-32-2023-22-11-2023.pdf&quot; target=&quot;_blank&quot;&gt;TEEC\/RAP\/32\/2023 (ACUERDO DE TURNO)&lt;\/a&gt;\" ><a href=\"https:\/\/teec.org.mx\/web\/wp-content\/uploads\/2023\/11\/TEEC-RAP-32-2023-22-11-2023.pdf\" target=\"_blank\">TEEC\/RAP\/32\/2023 (ACUERDO DE TURNO)<\/a><\/td><\/tr><tr style=\"height:px\" ><td data-cell-id=\"A90\" data-x=\"0\" data-y=\"90\" data-db-index=\"90\" class=\"fsize-18\" data-cell-type=\"text\" data-original-value=\"21 DE NOVIEMBRE DE 2023, A LAS 13:10 HORAS\" data-order=\"21 DE NOVIEMBRE DE 2023, A LAS 13:10 HORAS\" >21 DE NOVIEMBRE DE 2023, A LAS 13:10 HORAS <\/td><td data-cell-id=\"B90\" data-x=\"1\" data-y=\"90\" data-db-index=\"90\" class=\"fsize-18\" data-cell-type=\"text\" data-original-value=\"JOS\u00c9 CLEMENTE MARRERO ORTIZ Y JUAN GUALBERTO ALONZO REBOLLEDO EN CALIDAD DE APODERADOS LEGALES DE RAFAEL ALEJANDRO MORENO C\u00c1RDENAS Y PARTIDO REVOLUCIONARIO INSTITUCIONAL\" data-order=\"JOS\u00c9 CLEMENTE MARRERO ORTIZ Y JUAN GUALBERTO ALONZO REBOLLEDO EN CALIDAD DE APODERADOS LEGALES DE RAFAEL ALEJANDRO MORENO C\u00c1RDENAS Y PARTIDO REVOLUCIONARIO INSTITUCIONAL\" >JOS\u00c9 CLEMENTE MARRERO ORTIZ Y JUAN GUALBERTO ALONZO REBOLLEDO EN CALIDAD DE APODERADOS LEGALES DE RAFAEL ALEJANDRO MORENO C\u00c1RDENAS Y PARTIDO REVOLUCIONARIO INSTITUCIONAL <\/td><td data-cell-id=\"C90\" data-x=\"2\" data-y=\"90\" data-db-index=\"90\" class=\"fsize-18\" data-cell-type=\"text\" data-original-value=\"JUNTA GENERAL EJECUTIVA DEL INSTITUTO ELECTORAL DEL ESTADO DE CAMPECHE\" data-order=\"JUNTA GENERAL EJECUTIVA DEL INSTITUTO ELECTORAL DEL ESTADO DE CAMPECHE\" >JUNTA GENERAL EJECUTIVA DEL INSTITUTO ELECTORAL DEL ESTADO DE CAMPECHE <\/td><td data-cell-id=\"D90\" data-x=\"3\" data-y=\"90\" data-db-index=\"90\" class=\"fsize-18\" data-cell-type=\"text\" data-original-value=\"&lt;a href=&quot;https:\/\/teec.org.mx\/web\/wp-content\/uploads\/2023\/11\/TEEC-RAP-23-2023-21-11-2023.pdf&quot; target=&quot;_blank&quot;&gt;TEEC\/RAP\/23\/2023 (ACUERDO DE ACUMULACI\u00d3N)&lt;\/a&gt;\" data-order=\"&lt;a href=&quot;https:\/\/teec.org.mx\/web\/wp-content\/uploads\/2023\/11\/TEEC-RAP-23-2023-21-11-2023.pdf&quot; target=&quot;_blank&quot;&gt;TEEC\/RAP\/23\/2023 (ACUERDO DE ACUMULACI\u00d3N)&lt;\/a&gt;\" ><a href=\"https:\/\/teec.org.mx\/web\/wp-content\/uploads\/2023\/11\/TEEC-RAP-23-2023-21-11-2023.pdf\" target=\"_blank\">TEEC\/RAP\/23\/2023 (ACUERDO DE ACUMULACI\u00d3N)<\/a><\/td><\/tr><tr style=\"height:px\" ><td data-cell-id=\"A91\" data-x=\"0\" data-y=\"91\" data-db-index=\"91\" class=\"fsize-18\" data-cell-type=\"text\" data-original-value=\"17 DE NOVIEMBRE DE 2023, A LAS 11:58 HORAS\" data-order=\"17 DE NOVIEMBRE DE 2023, A LAS 11:58 HORAS\" >17 DE NOVIEMBRE DE 2023, A LAS 11:58 HORAS <\/td><td data-cell-id=\"B91\" data-x=\"1\" data-y=\"91\" data-db-index=\"91\" class=\"fsize-18\" data-cell-type=\"text\" data-original-value=\"PEDRO ESTRADA C\u00d3RDOVA, REPRESENTANTE PROPIETARIO DEL PARTIDO POL\u00cdTICO MOVIMIENTO CIUDADANO ANTE EL CONSEJO GENERAL DEL INSTITUTO ELECTORAL DEL ESTADO DE CAMPECHE\" data-order=\"PEDRO ESTRADA C\u00d3RDOVA, REPRESENTANTE PROPIETARIO DEL PARTIDO POL\u00cdTICO MOVIMIENTO CIUDADANO ANTE EL CONSEJO GENERAL DEL INSTITUTO ELECTORAL DEL ESTADO DE CAMPECHE\" >PEDRO ESTRADA C\u00d3RDOVA, REPRESENTANTE PROPIETARIO DEL PARTIDO POL\u00cdTICO MOVIMIENTO CIUDADANO ANTE EL CONSEJO GENERAL DEL INSTITUTO ELECTORAL DEL ESTADO DE CAMPECHE <\/td><td data-cell-id=\"C91\" data-x=\"2\" data-y=\"91\" data-db-index=\"91\" class=\"fsize-18\" data-cell-type=\"text\" data-original-value=\"JUNTA GENERAL EJECUTIVA DEL INSTITUTO ELECTORAL DEL ESTADO DE CAMPECHE\" data-order=\"JUNTA GENERAL EJECUTIVA DEL INSTITUTO ELECTORAL DEL ESTADO DE CAMPECHE\" >JUNTA GENERAL EJECUTIVA DEL INSTITUTO ELECTORAL DEL ESTADO DE CAMPECHE <\/td><td data-cell-id=\"D91\" data-x=\"3\" data-y=\"91\" data-db-index=\"91\" class=\"fsize-18\" data-cell-type=\"text\" data-original-value=\"&lt;a href=&quot;https:\/\/teec.org.mx\/web\/wp-content\/uploads\/2023\/11\/TEEC-RAP-29-2023-sentencia-17-11-2023.pdf&quot; target=&quot;_blank&quot;&gt;TEEC\/RAP\/29\/2023 (SENTENCIA)&lt;\/a&gt;\" data-order=\"&lt;a href=&quot;https:\/\/teec.org.mx\/web\/wp-content\/uploads\/2023\/11\/TEEC-RAP-29-2023-sentencia-17-11-2023.pdf&quot; target=&quot;_blank&quot;&gt;TEEC\/RAP\/29\/2023 (SENTENCIA)&lt;\/a&gt;\" ><a href=\"https:\/\/teec.org.mx\/web\/wp-content\/uploads\/2023\/11\/TEEC-RAP-29-2023-sentencia-17-11-2023.pdf\" target=\"_blank\">TEEC\/RAP\/29\/2023 (SENTENCIA)<\/a><\/td><\/tr><tr style=\"height:px\" ><td data-cell-id=\"A92\" data-x=\"0\" data-y=\"92\" data-db-index=\"92\" class=\"fsize-18\" data-cell-type=\"text\" data-original-value=\"17 DE NOVIEMBRE DE 2023, A LAS 12:00 HORAS\" data-order=\"17 DE NOVIEMBRE DE 2023, A LAS 12:00 HORAS\" >17 DE NOVIEMBRE DE 2023, A LAS 12:00 HORAS <\/td><td data-cell-id=\"B92\" data-x=\"1\" data-y=\"92\" data-db-index=\"92\" class=\"fsize-18\" data-cell-type=\"text\" data-original-value=\"C\u00c9SAR ISMAEL MART\u00cdN EHU\u00c1N\" data-order=\"C\u00c9SAR ISMAEL MART\u00cdN EHU\u00c1N\" >C\u00c9SAR ISMAEL MART\u00cdN EHU\u00c1N <\/td><td data-cell-id=\"C92\" data-x=\"2\" data-y=\"92\" data-db-index=\"92\" class=\"fsize-18\" data-cell-type=\"text\" data-original-value=\"TRIBUNAL ELECTORAL DEL ESTADO DE CAMPECHE\" data-order=\"TRIBUNAL ELECTORAL DEL ESTADO DE CAMPECHE\" >TRIBUNAL ELECTORAL DEL ESTADO DE CAMPECHE <\/td><td data-cell-id=\"D92\" data-x=\"3\" data-y=\"92\" data-db-index=\"92\" class=\"fsize-18\" data-cell-type=\"text\" data-original-value=\"&lt;a href=&quot;https:\/\/teec.org.mx\/web\/wp-content\/uploads\/2023\/11\/TEEC-RAP-25-2023-y-acum.-17-11-2023.pdf&quot; target=&quot;_blank&quot;&gt;TEEC\/RAP\/25\/2023 Y SUS ACUMULADOS TEEC\/RAP\/26\/2023, TEEC\/RAP\/27\/2023 y TEEC\/RAP\/28\/2023 (SE COMUNICA C\u00c9DULA DE RETIRO)&lt;\/a&gt;\" data-order=\"&lt;a href=&quot;https:\/\/teec.org.mx\/web\/wp-content\/uploads\/2023\/11\/TEEC-RAP-25-2023-y-acum.-17-11-2023.pdf&quot; target=&quot;_blank&quot;&gt;TEEC\/RAP\/25\/2023 Y SUS ACUMULADOS TEEC\/RAP\/26\/2023, TEEC\/RAP\/27\/2023 y TEEC\/RAP\/28\/2023 (SE COMUNICA C\u00c9DULA DE RETIRO)&lt;\/a&gt;\" ><a href=\"https:\/\/teec.org.mx\/web\/wp-content\/uploads\/2023\/11\/TEEC-RAP-25-2023-y-acum.-17-11-2023.pdf\" target=\"_blank\">TEEC\/RAP\/25\/2023 Y SUS ACUMULADOS TEEC\/RAP\/26\/2023, TEEC\/RAP\/27\/2023 y TEEC\/RAP\/28\/2023 (SE COMUNICA C\u00c9DULA DE RETIRO)<\/a><\/td><\/tr><tr style=\"height:px\" ><td data-cell-id=\"A93\" data-x=\"0\" data-y=\"93\" data-db-index=\"93\" class=\"fsize-18\" data-cell-type=\"text\" data-original-value=\"17 DE NOVIEMBRE DE 2023, A LAS 10:00 HORAS\" data-order=\"17 DE NOVIEMBRE DE 2023, A LAS 10:00 HORAS\" >17 DE NOVIEMBRE DE 2023, A LAS 10:00 HORAS <\/td><td data-cell-id=\"B93\" data-x=\"1\" data-y=\"93\" data-db-index=\"93\" class=\"fsize-18\" data-cell-type=\"text\" data-original-value=\"LIRIO GUADALUPE SU\u00c1REZ AM\u00c9NDOLA Y OTRO\" data-order=\"LIRIO GUADALUPE SU\u00c1REZ AM\u00c9NDOLA Y OTRO\" >LIRIO GUADALUPE SU\u00c1REZ AM\u00c9NDOLA Y OTRO <\/td><td data-cell-id=\"C93\" data-x=\"2\" data-y=\"93\" data-db-index=\"93\" class=\"fsize-18\" data-cell-type=\"text\" data-original-value=\"TRIBUNAL ELECTORAL DEL ESTADO DE CAMPECHE\" data-order=\"TRIBUNAL ELECTORAL DEL ESTADO DE CAMPECHE\" >TRIBUNAL ELECTORAL DEL ESTADO DE CAMPECHE <\/td><td data-cell-id=\"D93\" data-x=\"3\" data-y=\"93\" data-db-index=\"93\" class=\"fsize-18\" data-cell-type=\"text\" data-original-value=\"&lt;a href=&quot;https:\/\/teec.org.mx\/web\/wp-content\/uploads\/2023\/11\/TEEC-RAP-23-2023-SX-JE-163-2023-17-11-2023.pdf&quot; target=&quot;_blank&quot;&gt;TEEC\/RAP\/23\/2023 (EXPEDIENTE FEDERAL: SX-JE-163\/2023, SE DA POR NOTIFICADO ESTE \u00d3RGANO JURISDICCIONAL ELECTORAL LOCAL)&lt;\/a&gt;\" data-order=\"&lt;a href=&quot;https:\/\/teec.org.mx\/web\/wp-content\/uploads\/2023\/11\/TEEC-RAP-23-2023-SX-JE-163-2023-17-11-2023.pdf&quot; target=&quot;_blank&quot;&gt;TEEC\/RAP\/23\/2023 (EXPEDIENTE FEDERAL: SX-JE-163\/2023, SE DA POR NOTIFICADO ESTE \u00d3RGANO JURISDICCIONAL ELECTORAL LOCAL)&lt;\/a&gt;\" ><a href=\"https:\/\/teec.org.mx\/web\/wp-content\/uploads\/2023\/11\/TEEC-RAP-23-2023-SX-JE-163-2023-17-11-2023.pdf\" target=\"_blank\">TEEC\/RAP\/23\/2023 (EXPEDIENTE FEDERAL: SX-JE-163\/2023, SE DA POR NOTIFICADO ESTE \u00d3RGANO JURISDICCIONAL ELECTORAL LOCAL)<\/a><\/td><\/tr><tr style=\"height:px\" ><td data-cell-id=\"A94\" data-x=\"0\" data-y=\"94\" data-db-index=\"94\" class=\"fsize-18\" data-cell-type=\"text\" data-original-value=\"16 DE NOVIEMBRE DE 2023, A LAS 13: 00 HORAS\" data-order=\"16 DE NOVIEMBRE DE 2023, A LAS 13: 00 HORAS\" >16 DE NOVIEMBRE DE 2023, A LAS 13: 00 HORAS <\/td><td data-cell-id=\"B94\" data-x=\"1\" data-y=\"94\" data-db-index=\"94\" class=\"fsize-18\" data-cell-type=\"text\" data-original-value=\"PEDRO ESTRADA C\u00d3RDOVA EN SU CALIDAD DE REPRESENTANTE ANTE EL CONSEJO GENERAL DEL INSTITUTO ELECTORAL DEL ESTADO DE CAMPECHE DEL PARTIDO POL\u00cdTICO NACIONAL MOVIMIENTO CIUDADANO\" data-order=\"PEDRO ESTRADA C\u00d3RDOVA EN SU CALIDAD DE REPRESENTANTE ANTE EL CONSEJO GENERAL DEL INSTITUTO ELECTORAL DEL ESTADO DE CAMPECHE DEL PARTIDO POL\u00cdTICO NACIONAL MOVIMIENTO CIUDADANO\" >PEDRO ESTRADA C\u00d3RDOVA EN SU CALIDAD DE REPRESENTANTE ANTE EL CONSEJO GENERAL DEL INSTITUTO ELECTORAL DEL ESTADO DE CAMPECHE DEL PARTIDO POL\u00cdTICO NACIONAL MOVIMIENTO CIUDADANO <\/td><td data-cell-id=\"C94\" data-x=\"2\" data-y=\"94\" data-db-index=\"94\" class=\"fsize-18\" data-cell-type=\"text\" data-original-value=\"CONSEJO GENERAL DEL INSTITUTO ELECTORAL DEL ESTADO DE CAMPECHE\" data-order=\"CONSEJO GENERAL DEL INSTITUTO ELECTORAL DEL ESTADO DE CAMPECHE\" >CONSEJO GENERAL DEL INSTITUTO ELECTORAL DEL ESTADO DE CAMPECHE <\/td><td data-cell-id=\"D94\" data-x=\"3\" data-y=\"94\" data-db-index=\"94\" class=\"fsize-18\" data-cell-type=\"text\" data-original-value=\"&lt;a href=&quot;https:\/\/teec.org.mx\/web\/wp-content\/uploads\/2023\/11\/TEEC-RAP-31-2023-2do-acu-16-11-2023.pdf&quot; target=&quot;_blank&quot;&gt;TEEC\/RAP\/31\/2023 (ACUERDO DE RECEPCI\u00d3N, RADICACI\u00d3N Y RESERVA DE ADMISI\u00d3N)&lt;\/a&gt;\" data-order=\"&lt;a href=&quot;https:\/\/teec.org.mx\/web\/wp-content\/uploads\/2023\/11\/TEEC-RAP-31-2023-2do-acu-16-11-2023.pdf&quot; target=&quot;_blank&quot;&gt;TEEC\/RAP\/31\/2023 (ACUERDO DE RECEPCI\u00d3N, RADICACI\u00d3N Y RESERVA DE ADMISI\u00d3N)&lt;\/a&gt;\" ><a href=\"https:\/\/teec.org.mx\/web\/wp-content\/uploads\/2023\/11\/TEEC-RAP-31-2023-2do-acu-16-11-2023.pdf\" target=\"_blank\">TEEC\/RAP\/31\/2023 (ACUERDO DE RECEPCI\u00d3N, RADICACI\u00d3N Y RESERVA DE ADMISI\u00d3N)<\/a><\/td><\/tr><tr style=\"height:px\" ><td data-cell-id=\"A95\" data-x=\"0\" data-y=\"95\" data-db-index=\"95\" class=\"fsize-18\" data-cell-type=\"text\" data-original-value=\"16 DE NOVIEMBRE DE 2023, A LAS 10:30 HORAS\" data-order=\"16 DE NOVIEMBRE DE 2023, A LAS 10:30 HORAS\" >16 DE NOVIEMBRE DE 2023, A LAS 10:30 HORAS <\/td><td data-cell-id=\"B95\" data-x=\"1\" data-y=\"95\" data-db-index=\"95\" class=\"fsize-18\" data-cell-type=\"text\" data-original-value=\"PEDRO ESTRADA C\u00d3RDOVA, REPRESENTANTE PROPIETARIO DEL PARTIDO POL\u00cdTICO MOVIMIENTO CIUDADANO ANTE EL CONSEJO GENERAL DEL INSTITUTO ELECTORAL DEL ESTADO DE CAMPECHE\" data-order=\"PEDRO ESTRADA C\u00d3RDOVA, REPRESENTANTE PROPIETARIO DEL PARTIDO POL\u00cdTICO MOVIMIENTO CIUDADANO ANTE EL CONSEJO GENERAL DEL INSTITUTO ELECTORAL DEL ESTADO DE CAMPECHE\" >PEDRO ESTRADA C\u00d3RDOVA, REPRESENTANTE PROPIETARIO DEL PARTIDO POL\u00cdTICO MOVIMIENTO CIUDADANO ANTE EL CONSEJO GENERAL DEL INSTITUTO ELECTORAL DEL ESTADO DE CAMPECHE <\/td><td data-cell-id=\"C95\" data-x=\"2\" data-y=\"95\" data-db-index=\"95\" class=\"fsize-18\" data-cell-type=\"text\" data-original-value=\"JUNTA GENERAL EJECUTIVA DEL INSTITUTO ELECTORAL DEL ESTADO DE CAMPECHE\" data-order=\"JUNTA GENERAL EJECUTIVA DEL INSTITUTO ELECTORAL DEL ESTADO DE CAMPECHE\" >JUNTA GENERAL EJECUTIVA DEL INSTITUTO ELECTORAL DEL ESTADO DE CAMPECHE <\/td><td data-cell-id=\"D95\" data-x=\"3\" data-y=\"95\" data-db-index=\"95\" class=\"fsize-18\" data-cell-type=\"text\" data-original-value=\"&lt;a href=&quot;https:\/\/teec.org.mx\/web\/wp-content\/uploads\/2023\/11\/TEEC-RAP-29-2023-16-11-2023.pdf&quot; target=&quot;_blank&quot;&gt;TEEC\/RAP\/29\/2023 (SE FIJA FECHA Y HORA PARA SESI\u00d3N)&lt;\/a&gt;\" data-order=\"&lt;a href=&quot;https:\/\/teec.org.mx\/web\/wp-content\/uploads\/2023\/11\/TEEC-RAP-29-2023-16-11-2023.pdf&quot; target=&quot;_blank&quot;&gt;TEEC\/RAP\/29\/2023 (SE FIJA FECHA Y HORA PARA SESI\u00d3N)&lt;\/a&gt;\" ><a href=\"https:\/\/teec.org.mx\/web\/wp-content\/uploads\/2023\/11\/TEEC-RAP-29-2023-16-11-2023.pdf\" target=\"_blank\">TEEC\/RAP\/29\/2023 (SE FIJA FECHA Y HORA PARA SESI\u00d3N)<\/a><\/td><\/tr><tr style=\"height:px\" ><td data-cell-id=\"A96\" data-x=\"0\" data-y=\"96\" data-db-index=\"96\" class=\"fsize-18\" data-cell-type=\"text\" data-original-value=\"16 DE NOVIEMBRE DE 2023, A LAS 10:05 HORAS\" data-order=\"16 DE NOVIEMBRE DE 2023, A LAS 10:05 HORAS\" >16 DE NOVIEMBRE DE 2023, A LAS 10:05 HORAS <\/td><td data-cell-id=\"B96\" data-x=\"1\" data-y=\"96\" data-db-index=\"96\" class=\"fsize-18\" data-cell-type=\"text\" data-original-value=\"PEDRO ESTRADA C\u00d3RDOVA EN SU CALIDAD DE REPRESENTANTE ANTE EL CONSEJO GENERAL DEL INSTITUTO ELECTORAL DEL ESTADO DE CAMPECHE DEL PARTIDO POL\u00cdTICO NACIONAL MOVIMIENTO CIUDADANO\" data-order=\"PEDRO ESTRADA C\u00d3RDOVA EN SU CALIDAD DE REPRESENTANTE ANTE EL CONSEJO GENERAL DEL INSTITUTO ELECTORAL DEL ESTADO DE CAMPECHE DEL PARTIDO POL\u00cdTICO NACIONAL MOVIMIENTO CIUDADANO\" >PEDRO ESTRADA C\u00d3RDOVA EN SU CALIDAD DE REPRESENTANTE ANTE EL CONSEJO GENERAL DEL INSTITUTO ELECTORAL DEL ESTADO DE CAMPECHE DEL PARTIDO POL\u00cdTICO NACIONAL MOVIMIENTO CIUDADANO <\/td><td data-cell-id=\"C96\" data-x=\"2\" data-y=\"96\" data-db-index=\"96\" class=\"fsize-18\" data-cell-type=\"text\" data-original-value=\"CONSEJO GENERAL DEL INSTITUTO ELECTORAL DEL ESTADO DE CAMPECHE\" data-order=\"CONSEJO GENERAL DEL INSTITUTO ELECTORAL DEL ESTADO DE CAMPECHE\" >CONSEJO GENERAL DEL INSTITUTO ELECTORAL DEL ESTADO DE CAMPECHE <\/td><td data-cell-id=\"D96\" data-x=\"3\" data-y=\"96\" data-db-index=\"96\" class=\"fsize-18\" data-cell-type=\"text\" data-original-value=\"&lt;a href=&quot;https:\/\/teec.org.mx\/web\/wp-content\/uploads\/2023\/11\/TEEC-RAP-31-2023-16-11-2023.pdf&quot; target=&quot;_blank&quot;&gt;TEEC\/RAP\/31\/2023 (ACUERDO DE TURNO)&lt;\/a&gt;\" data-order=\"&lt;a href=&quot;https:\/\/teec.org.mx\/web\/wp-content\/uploads\/2023\/11\/TEEC-RAP-31-2023-16-11-2023.pdf&quot; target=&quot;_blank&quot;&gt;TEEC\/RAP\/31\/2023 (ACUERDO DE TURNO)&lt;\/a&gt;\" ><a href=\"https:\/\/teec.org.mx\/web\/wp-content\/uploads\/2023\/11\/TEEC-RAP-31-2023-16-11-2023.pdf\" target=\"_blank\">TEEC\/RAP\/31\/2023 (ACUERDO DE TURNO)<\/a><\/td><\/tr><tr style=\"height:px\" ><td data-cell-id=\"A97\" data-x=\"0\" data-y=\"97\" data-db-index=\"97\" class=\"fsize-18\" data-cell-type=\"text\" data-original-value=\"15 DE NOVIEMBRE DE 2023, A LAS 13:32 HORAS\" data-order=\"15 DE NOVIEMBRE DE 2023, A LAS 13:32 HORAS\" >15 DE NOVIEMBRE DE 2023, A LAS 13:32 HORAS <\/td><td data-cell-id=\"B97\" data-x=\"1\" data-y=\"97\" data-db-index=\"97\" class=\"fsize-18\" data-cell-type=\"text\" data-original-value=\"PEDRO ESTRADA C\u00d3RDOVA, REPRESENTANTE PROPIETARIO DEL PARTIDO POL\u00cdTICO MOVIMIENTO CIUDADANO ANTE EL CONSEJO GENERAL DEL INSTITUTO ELECTORAL DEL ESTADO DE CAMPECHE\" data-order=\"PEDRO ESTRADA C\u00d3RDOVA, REPRESENTANTE PROPIETARIO DEL PARTIDO POL\u00cdTICO MOVIMIENTO CIUDADANO ANTE EL CONSEJO GENERAL DEL INSTITUTO ELECTORAL DEL ESTADO DE CAMPECHE\" >PEDRO ESTRADA C\u00d3RDOVA, REPRESENTANTE PROPIETARIO DEL PARTIDO POL\u00cdTICO MOVIMIENTO CIUDADANO ANTE EL CONSEJO GENERAL DEL INSTITUTO ELECTORAL DEL ESTADO DE CAMPECHE <\/td><td data-cell-id=\"C97\" data-x=\"2\" data-y=\"97\" data-db-index=\"97\" class=\"fsize-18\" data-cell-type=\"text\" data-original-value=\"JUNTA GENERAL EJECUTIVA DEL INSTITUTO ELECTORAL DEL ESTADO DE CAMPECHE\" data-order=\"JUNTA GENERAL EJECUTIVA DEL INSTITUTO ELECTORAL DEL ESTADO DE CAMPECHE\" >JUNTA GENERAL EJECUTIVA DEL INSTITUTO ELECTORAL DEL ESTADO DE CAMPECHE <\/td><td data-cell-id=\"D97\" data-x=\"3\" data-y=\"97\" data-db-index=\"97\" class=\"fsize-18\" data-cell-type=\"text\" data-original-value=\"&lt;a href=&quot;https:\/\/teec.org.mx\/web\/wp-content\/uploads\/2023\/11\/TEEC-RAP-29-2023-15-11-2023.pdf&quot; target=&quot;_blank&quot;&gt;TEEC\/RAP\/29\/2023 (ACUERDO DE CUMPLIMIENTO, ACUMULACI\u00d3N, CIERRE DE INSTRUCCI\u00d3N Y SOLICITUD DE FECHA Y HORA PARA SESI\u00d3N)&lt;\/a&gt;\" data-order=\"&lt;a href=&quot;https:\/\/teec.org.mx\/web\/wp-content\/uploads\/2023\/11\/TEEC-RAP-29-2023-15-11-2023.pdf&quot; target=&quot;_blank&quot;&gt;TEEC\/RAP\/29\/2023 (ACUERDO DE CUMPLIMIENTO, ACUMULACI\u00d3N, CIERRE DE INSTRUCCI\u00d3N Y SOLICITUD DE FECHA Y HORA PARA SESI\u00d3N)&lt;\/a&gt;\" ><a href=\"https:\/\/teec.org.mx\/web\/wp-content\/uploads\/2023\/11\/TEEC-RAP-29-2023-15-11-2023.pdf\" target=\"_blank\">TEEC\/RAP\/29\/2023 (ACUERDO DE CUMPLIMIENTO, ACUMULACI\u00d3N, CIERRE DE INSTRUCCI\u00d3N Y SOLICITUD DE FECHA Y HORA PARA SESI\u00d3N)<\/a><\/td><\/tr><tr style=\"height:px\" ><td data-cell-id=\"A98\" data-x=\"0\" data-y=\"98\" data-db-index=\"98\" class=\"fsize-18\" data-cell-type=\"text\" data-original-value=\"14 DE NOVIEMBRE DE 2023, A LAS 14:34 HORAS\" data-order=\"14 DE NOVIEMBRE DE 2023, A LAS 14:34 HORAS\" >14 DE NOVIEMBRE DE 2023, A LAS 14:34 HORAS <\/td><td data-cell-id=\"B98\" data-x=\"1\" data-y=\"98\" data-db-index=\"98\" class=\"fsize-18\" data-cell-type=\"text\" data-original-value=\"PEDRO ESTRADA C\u00d3RDOVA EN SU CALIDAD DE REPRESENTANTE ANTE EL CONSEJO GENERAL DEL INSTITUTO ELECTORAL DEL ESTADO DE CAMPECHE DEL PARTIDO POL\u00cdTICO NACIONAL MOVIMIENTO CIUDADANO\" data-order=\"PEDRO ESTRADA C\u00d3RDOVA EN SU CALIDAD DE REPRESENTANTE ANTE EL CONSEJO GENERAL DEL INSTITUTO ELECTORAL DEL ESTADO DE CAMPECHE DEL PARTIDO POL\u00cdTICO NACIONAL MOVIMIENTO CIUDADANO\" >PEDRO ESTRADA C\u00d3RDOVA EN SU CALIDAD DE REPRESENTANTE ANTE EL CONSEJO GENERAL DEL INSTITUTO ELECTORAL DEL ESTADO DE CAMPECHE DEL PARTIDO POL\u00cdTICO NACIONAL MOVIMIENTO CIUDADANO <\/td><td data-cell-id=\"C98\" data-x=\"2\" data-y=\"98\" data-db-index=\"98\" class=\"fsize-18\" data-cell-type=\"text\" data-original-value=\"CONSEJO GENERAL DEL INSTITUTO ELECTORAL DEL ESTADO DE CAMPECHE\" data-order=\"CONSEJO GENERAL DEL INSTITUTO ELECTORAL DEL ESTADO DE CAMPECHE\" >CONSEJO GENERAL DEL INSTITUTO ELECTORAL DEL ESTADO DE CAMPECHE <\/td><td data-cell-id=\"D98\" data-x=\"3\" data-y=\"98\" data-db-index=\"98\" class=\"fsize-18\" data-cell-type=\"text\" data-original-value=\"&lt;a href=&quot;https:\/\/teec.org.mx\/web\/wp-content\/uploads\/2023\/11\/TEEC-RAP-30-2023-14-11-2023.pdf&quot; target=&quot;_blank&quot;&gt;TEEC\/RAP\/30\/2023 (ACUERDO DE TURNO)&lt;\/a&gt;\" data-order=\"&lt;a href=&quot;https:\/\/teec.org.mx\/web\/wp-content\/uploads\/2023\/11\/TEEC-RAP-30-2023-14-11-2023.pdf&quot; target=&quot;_blank&quot;&gt;TEEC\/RAP\/30\/2023 (ACUERDO DE TURNO)&lt;\/a&gt;\" ><a href=\"https:\/\/teec.org.mx\/web\/wp-content\/uploads\/2023\/11\/TEEC-RAP-30-2023-14-11-2023.pdf\" target=\"_blank\">TEEC\/RAP\/30\/2023 (ACUERDO DE TURNO)<\/a><\/td><\/tr><tr style=\"height:px\" ><td data-cell-id=\"A99\" data-x=\"0\" data-y=\"99\" data-db-index=\"99\" class=\"fsize-18\" data-cell-type=\"text\" data-original-value=\"14 DE NOVIEMBRE DE 2023, A LAS 14:17 HORAS\" data-order=\"14 DE NOVIEMBRE DE 2023, A LAS 14:17 HORAS\" >14 DE NOVIEMBRE DE 2023, A LAS 14:17 HORAS <\/td><td data-cell-id=\"B99\" data-x=\"1\" data-y=\"99\" data-db-index=\"99\" class=\"fsize-18\" data-cell-type=\"text\" data-original-value=\"PEDRO ESTRADA C\u00d3RDOVA, REPRESENTANTE PROPIETARIO DEL PARTIDO POL\u00cdTICO MOVIMIENTO CIUDADANO ANTE EL CONSEJO GENERAL DEL INSTITUTO ELECTORAL DEL ESTADO DE CAMPECHE\" data-order=\"PEDRO ESTRADA C\u00d3RDOVA, REPRESENTANTE PROPIETARIO DEL PARTIDO POL\u00cdTICO MOVIMIENTO CIUDADANO ANTE EL CONSEJO GENERAL DEL INSTITUTO ELECTORAL DEL ESTADO DE CAMPECHE\" >PEDRO ESTRADA C\u00d3RDOVA, REPRESENTANTE PROPIETARIO DEL PARTIDO POL\u00cdTICO MOVIMIENTO CIUDADANO ANTE EL CONSEJO GENERAL DEL INSTITUTO ELECTORAL DEL ESTADO DE CAMPECHE <\/td><td data-cell-id=\"C99\" data-x=\"2\" data-y=\"99\" data-db-index=\"99\" class=\"fsize-18\" data-cell-type=\"text\" data-original-value=\"JUNTA GENERAL EJECUTIVA DEL INSTITUTO ELECTORAL DEL ESTADO DE CAMPECHE\" data-order=\"JUNTA GENERAL EJECUTIVA DEL INSTITUTO ELECTORAL DEL ESTADO DE CAMPECHE\" >JUNTA GENERAL EJECUTIVA DEL INSTITUTO ELECTORAL DEL ESTADO DE CAMPECHE <\/td><td data-cell-id=\"D99\" data-x=\"3\" data-y=\"99\" data-db-index=\"99\" class=\"fsize-18\" data-cell-type=\"text\" data-original-value=\"&lt;a href=&quot;https:\/\/teec.org.mx\/web\/wp-content\/uploads\/2023\/11\/TEEC-RAP-29-2023-14-11-2023.pdf&quot; target=&quot;_blank&quot;&gt;TEEC\/RAP\/29\/2023 (SE TURNA DOCUMENTACI\u00d3N)&lt;\/a&gt;\" data-order=\"&lt;a href=&quot;https:\/\/teec.org.mx\/web\/wp-content\/uploads\/2023\/11\/TEEC-RAP-29-2023-14-11-2023.pdf&quot; target=&quot;_blank&quot;&gt;TEEC\/RAP\/29\/2023 (SE TURNA DOCUMENTACI\u00d3N)&lt;\/a&gt;\" ><a href=\"https:\/\/teec.org.mx\/web\/wp-content\/uploads\/2023\/11\/TEEC-RAP-29-2023-14-11-2023.pdf\" target=\"_blank\">TEEC\/RAP\/29\/2023 (SE TURNA DOCUMENTACI\u00d3N)<\/a><\/td><\/tr><tr style=\"height:px\" ><td data-cell-id=\"A100\" data-x=\"0\" data-y=\"100\" data-db-index=\"100\" class=\"fsize-18\" data-cell-type=\"text\" data-original-value=\"14 DE NOVIEMBRE DE 2023, A LAS 10:40 HORAS\" data-order=\"14 DE NOVIEMBRE DE 2023, A LAS 10:40 HORAS\" >14 DE NOVIEMBRE DE 2023, A LAS 10:40 HORAS <\/td><td data-cell-id=\"B100\" data-x=\"1\" data-y=\"100\" data-db-index=\"100\" class=\"fsize-18\" data-cell-type=\"text\" data-original-value=\"C\u00c9SAR ISMAEL MART\u00cdN EHU\u00c1N, REPRESENTANTE DEL PARTIDO ACCION NACIONAL ANTE EL CONSEJO GENERAL DEL INSTITUTO ELECTORAL DEL ESTADO DE CAMPECHE\" data-order=\"C\u00c9SAR ISMAEL MART\u00cdN EHU\u00c1N, REPRESENTANTE DEL PARTIDO ACCION NACIONAL ANTE EL CONSEJO GENERAL DEL INSTITUTO ELECTORAL DEL ESTADO DE CAMPECHE\" >C\u00c9SAR ISMAEL MART\u00cdN EHU\u00c1N, REPRESENTANTE DEL PARTIDO ACCION NACIONAL ANTE EL CONSEJO GENERAL DEL INSTITUTO ELECTORAL DEL ESTADO DE CAMPECHE <\/td><td data-cell-id=\"C100\" data-x=\"2\" data-y=\"100\" data-db-index=\"100\" class=\"fsize-18\" data-cell-type=\"text\" data-original-value=\"TRIBUNAL ELECTORAL DEL ESTADO DE CAMPECHE\" data-order=\"TRIBUNAL ELECTORAL DEL ESTADO DE CAMPECHE\" >TRIBUNAL ELECTORAL DEL ESTADO DE CAMPECHE <\/td><td data-cell-id=\"D100\" data-x=\"3\" data-y=\"100\" data-db-index=\"100\" class=\"fsize-18\" data-cell-type=\"text\" data-original-value=\"&lt;a href=&quot;https:\/\/teec.org.mx\/web\/wp-content\/uploads\/2023\/11\/TEEC-RAP-25-2023-y-acum-14-11-2023.pdf&quot; target=&quot;_blank&quot;&gt;TEEC\/RAP\/25\/2023 Y SUS ACUMULADOS TEEC\/RAP\/26\/2023, TEEC\/RAP\/27\/2023 Y TEEC\/RAP\/28\/2023 (TR\u00c1MITE DEL MEDIO DE IMPUGNACI\u00d3N FEDERAL)&lt;\/a&gt;\" data-order=\"&lt;a href=&quot;https:\/\/teec.org.mx\/web\/wp-content\/uploads\/2023\/11\/TEEC-RAP-25-2023-y-acum-14-11-2023.pdf&quot; target=&quot;_blank&quot;&gt;TEEC\/RAP\/25\/2023 Y SUS ACUMULADOS TEEC\/RAP\/26\/2023, TEEC\/RAP\/27\/2023 Y TEEC\/RAP\/28\/2023 (TR\u00c1MITE DEL MEDIO DE IMPUGNACI\u00d3N FEDERAL)&lt;\/a&gt;\" ><a href=\"https:\/\/teec.org.mx\/web\/wp-content\/uploads\/2023\/11\/TEEC-RAP-25-2023-y-acum-14-11-2023.pdf\" target=\"_blank\">TEEC\/RAP\/25\/2023 Y SUS ACUMULADOS TEEC\/RAP\/26\/2023, TEEC\/RAP\/27\/2023 Y TEEC\/RAP\/28\/2023 (TR\u00c1MITE DEL MEDIO DE IMPUGNACI\u00d3N FEDERAL)<\/a><\/td><\/tr><tr style=\"height:px\" ><td data-cell-id=\"A101\" data-x=\"0\" data-y=\"101\" data-db-index=\"101\" class=\"fsize-18\" data-cell-type=\"text\" data-original-value=\"13 DE NOVIEMBRE DE 2023, A LAS 9:30 HORAS\" data-order=\"13 DE NOVIEMBRE DE 2023, A LAS 9:30 HORAS\" >13 DE NOVIEMBRE DE 2023, A LAS 9:30 HORAS <\/td><td data-cell-id=\"B101\" data-x=\"1\" data-y=\"101\" data-db-index=\"101\" class=\"fsize-18\" data-cell-type=\"text\" data-original-value=\"PEDRO ESTRADA C\u00d3RDOVA, REPRESENTANTE PROPIETARIO DEL PARTIDO POL\u00cdTICO MOVIMIENTO CIUDADANO ANTE EL CONSEJO GENERAL DEL INSTITUTO ELECTORAL DEL ESTADO DE CAMPECHE\" data-order=\"PEDRO ESTRADA C\u00d3RDOVA, REPRESENTANTE PROPIETARIO DEL PARTIDO POL\u00cdTICO MOVIMIENTO CIUDADANO ANTE EL CONSEJO GENERAL DEL INSTITUTO ELECTORAL DEL ESTADO DE CAMPECHE\" >PEDRO ESTRADA C\u00d3RDOVA, REPRESENTANTE PROPIETARIO DEL PARTIDO POL\u00cdTICO MOVIMIENTO CIUDADANO ANTE EL CONSEJO GENERAL DEL INSTITUTO ELECTORAL DEL ESTADO DE CAMPECHE <\/td><td data-cell-id=\"C101\" data-x=\"2\" data-y=\"101\" data-db-index=\"101\" class=\"fsize-18\" data-cell-type=\"text\" data-original-value=\"JUNTA GENERAL EJECUTIVA DEL INSTITUTO ELECTORAL DEL ESTADO DE CAMPECHE\" data-order=\"JUNTA GENERAL EJECUTIVA DEL INSTITUTO ELECTORAL DEL ESTADO DE CAMPECHE\" >JUNTA GENERAL EJECUTIVA DEL INSTITUTO ELECTORAL DEL ESTADO DE CAMPECHE <\/td><td data-cell-id=\"D101\" data-x=\"3\" data-y=\"101\" data-db-index=\"101\" class=\"fsize-18\" data-cell-type=\"text\" data-original-value=\"&lt;a href=&quot;https:\/\/teec.org.mx\/web\/wp-content\/uploads\/2023\/11\/TEEC-RAP-29-2023-13-11-2023.pdf&quot; target=&quot;_blank&quot;&gt;TEEC\/RAP\/29\/2023 (ACUERDO DE ADMISI\u00d3N Y REQUERIMIENTO)&lt;\/a&gt;\" data-order=\"&lt;a href=&quot;https:\/\/teec.org.mx\/web\/wp-content\/uploads\/2023\/11\/TEEC-RAP-29-2023-13-11-2023.pdf&quot; target=&quot;_blank&quot;&gt;TEEC\/RAP\/29\/2023 (ACUERDO DE ADMISI\u00d3N Y REQUERIMIENTO)&lt;\/a&gt;\" ><a href=\"https:\/\/teec.org.mx\/web\/wp-content\/uploads\/2023\/11\/TEEC-RAP-29-2023-13-11-2023.pdf\" target=\"_blank\">TEEC\/RAP\/29\/2023 (ACUERDO DE ADMISI\u00d3N Y REQUERIMIENTO)<\/a><\/td><\/tr><tr style=\"height:px\" ><td data-cell-id=\"A102\" data-x=\"0\" data-y=\"102\" data-db-index=\"102\" class=\"fsize-18\" data-cell-type=\"text\" data-original-value=\"09 DE NOVIEMBRE DE 2023, A LAS 12:00 HORAS\" data-order=\"09 DE NOVIEMBRE DE 2023, A LAS 12:00 HORAS\" >09 DE NOVIEMBRE DE 2023, A LAS 12:00 HORAS <\/td><td data-cell-id=\"B102\" data-x=\"1\" data-y=\"102\" data-db-index=\"102\" class=\"fsize-18\" data-cell-type=\"text\" data-original-value=\"RAFAEL ALEJANDRO MORENO C\u00c1RDENAS Y EL PARTIDO REVOLUCIONARIO INSTITUCIONAL, CONSEJERA PRESIDENTA DEL INSTITUTO ELECTORAL DEL ESTADO DE CAMPECHE, TITULAR DEL DESPACHO DEL CONSEJO GENERAL Y LA JUNTA GENERAL EJECUTIVA\" data-order=\"RAFAEL ALEJANDRO MORENO C\u00c1RDENAS Y EL PARTIDO REVOLUCIONARIO INSTITUCIONAL, CONSEJERA PRESIDENTA DEL INSTITUTO ELECTORAL DEL ESTADO DE CAMPECHE, TITULAR DEL DESPACHO DEL CONSEJO GENERAL Y LA JUNTA GENERAL EJECUTIVA\" >RAFAEL ALEJANDRO MORENO C\u00c1RDENAS Y EL PARTIDO REVOLUCIONARIO INSTITUCIONAL, CONSEJERA PRESIDENTA DEL INSTITUTO ELECTORAL DEL ESTADO DE CAMPECHE, TITULAR DEL DESPACHO DEL CONSEJO GENERAL Y LA JUNTA GENERAL EJECUTIVA <\/td><td data-cell-id=\"C102\" data-x=\"2\" data-y=\"102\" data-db-index=\"102\" class=\"fsize-18\" data-cell-type=\"text\" data-original-value=\"TRIBUNAL ELECTORAL DEL ESTADO DE CAMPECHE\" data-order=\"TRIBUNAL ELECTORAL DEL ESTADO DE CAMPECHE\" >TRIBUNAL ELECTORAL DEL ESTADO DE CAMPECHE <\/td><td data-cell-id=\"D102\" data-x=\"3\" data-y=\"102\" data-db-index=\"102\" class=\"fsize-18\" data-cell-type=\"text\" data-original-value=\"&lt;a href=&quot;https:\/\/teec.org.mx\/web\/wp-content\/uploads\/2023\/11\/TEEC-RAP-23-2023-09-11-2023.pdf&quot; target=&quot;_blank&quot;&gt;TEEC\/RAP\/23\/2023 (EXPEDIENTE FEDERAL: SUP-JE-1476\/2023, SE DA POR NOTIFICADO ESTE \u00d3RGANO JURISDICCIONAL ELECTORAL LOCAL)&lt;\/a&gt;\" data-order=\"&lt;a href=&quot;https:\/\/teec.org.mx\/web\/wp-content\/uploads\/2023\/11\/TEEC-RAP-23-2023-09-11-2023.pdf&quot; target=&quot;_blank&quot;&gt;TEEC\/RAP\/23\/2023 (EXPEDIENTE FEDERAL: SUP-JE-1476\/2023, SE DA POR NOTIFICADO ESTE \u00d3RGANO JURISDICCIONAL ELECTORAL LOCAL)&lt;\/a&gt;\" ><a href=\"https:\/\/teec.org.mx\/web\/wp-content\/uploads\/2023\/11\/TEEC-RAP-23-2023-09-11-2023.pdf\" target=\"_blank\">TEEC\/RAP\/23\/2023 (EXPEDIENTE FEDERAL: SUP-JE-1476\/2023, SE DA POR NOTIFICADO ESTE \u00d3RGANO JURISDICCIONAL ELECTORAL LOCAL)<\/a><\/td><\/tr><tr style=\"height:px\" ><td data-cell-id=\"A103\" data-x=\"0\" data-y=\"103\" data-db-index=\"103\" class=\"fsize-18\" data-cell-type=\"text\" data-original-value=\"07 DE NOVIEMBRE DE 2023, A LAS 11:45 HORAS\" data-order=\"07 DE NOVIEMBRE DE 2023, A LAS 11:45 HORAS\" >07 DE NOVIEMBRE DE 2023, A LAS 11:45 HORAS <\/td><td data-cell-id=\"B103\" data-x=\"1\" data-y=\"103\" data-db-index=\"103\" class=\"fsize-18\" data-cell-type=\"text\" data-original-value=\"PARTIDO REVOLUCIONARIO INSTITUCIONAL, PARTIDO POL\u00cdTICO NACIONAL MOVIMIENTO CIUDADANO, PARTIDO ACCION NACIONAL Y PARTIDO DE LA REVOLUCI\u00d3N DEMOCR\u00c1TICA, A TRAV\u00c9S DE SUS REPRESENTANTES ANTE EL CONSEJO GENERAL DEL INSTITUTO ELECTORAL DEL ESTADO DE CAMPECHE\" data-order=\"PARTIDO REVOLUCIONARIO INSTITUCIONAL, PARTIDO POL\u00cdTICO NACIONAL MOVIMIENTO CIUDADANO, PARTIDO ACCION NACIONAL Y PARTIDO DE LA REVOLUCI\u00d3N DEMOCR\u00c1TICA, A TRAV\u00c9S DE SUS REPRESENTANTES ANTE EL CONSEJO GENERAL DEL INSTITUTO ELECTORAL DEL ESTADO DE CAMPECHE\" >PARTIDO REVOLUCIONARIO INSTITUCIONAL, PARTIDO POL\u00cdTICO NACIONAL MOVIMIENTO CIUDADANO, PARTIDO ACCION NACIONAL Y PARTIDO DE LA REVOLUCI\u00d3N DEMOCR\u00c1TICA, A TRAV\u00c9S DE SUS REPRESENTANTES ANTE EL CONSEJO GENERAL DEL INSTITUTO ELECTORAL DEL ESTADO DE CAMPECHE <\/td><td data-cell-id=\"C103\" data-x=\"2\" data-y=\"103\" data-db-index=\"103\" class=\"fsize-18\" data-cell-type=\"text\" data-original-value=\"CONSEJO GENERAL DEL INSTITUTO ELECTORAL DEL ESTADO DE CAMPECHE\" data-order=\"CONSEJO GENERAL DEL INSTITUTO ELECTORAL DEL ESTADO DE CAMPECHE\" >CONSEJO GENERAL DEL INSTITUTO ELECTORAL DEL ESTADO DE CAMPECHE <\/td><td data-cell-id=\"D103\" data-x=\"3\" data-y=\"103\" data-db-index=\"103\" class=\"fsize-18\" data-cell-type=\"text\" data-original-value=\"&lt;a href=&quot;https:\/\/teec.org.mx\/web\/wp-content\/uploads\/2023\/11\/TEEC-RAP-25-2023-y-acum-sentencia-07-11-2023.pdf&quot; target=&quot;_blank&quot;&gt;TEEC\/RAP\/25\/2023 Y SUS ACUMULADOS TEEC\/RAP\/26\/2023, TEEC\/RAP\/27\/2023 Y TEEC\/RAP\/28\/2023 (SENTENCIA)&lt;\/a&gt;\" data-order=\"&lt;a href=&quot;https:\/\/teec.org.mx\/web\/wp-content\/uploads\/2023\/11\/TEEC-RAP-25-2023-y-acum-sentencia-07-11-2023.pdf&quot; target=&quot;_blank&quot;&gt;TEEC\/RAP\/25\/2023 Y SUS ACUMULADOS TEEC\/RAP\/26\/2023, TEEC\/RAP\/27\/2023 Y TEEC\/RAP\/28\/2023 (SENTENCIA)&lt;\/a&gt;\" ><a href=\"https:\/\/teec.org.mx\/web\/wp-content\/uploads\/2023\/11\/TEEC-RAP-25-2023-y-acum-sentencia-07-11-2023.pdf\" target=\"_blank\">TEEC\/RAP\/25\/2023 Y SUS ACUMULADOS TEEC\/RAP\/26\/2023, TEEC\/RAP\/27\/2023 Y TEEC\/RAP\/28\/2023 (SENTENCIA)<\/a><\/td><\/tr><tr style=\"height:px\" ><td data-cell-id=\"A104\" data-x=\"0\" data-y=\"104\" data-db-index=\"104\" class=\"fsize-18\" data-cell-type=\"text\" data-original-value=\"07 DE NOVIEMBRE DE 2023, A LAS 10:15 HORAS\" data-order=\"07 DE NOVIEMBRE DE 2023, A LAS 10:15 HORAS\" >07 DE NOVIEMBRE DE 2023, A LAS 10:15 HORAS <\/td><td data-cell-id=\"B104\" data-x=\"1\" data-y=\"104\" data-db-index=\"104\" class=\"fsize-18\" data-cell-type=\"text\" data-original-value=\"CESAR ISMAEL MART\u00cdN EHU\u00c1N, REPRESENTANTE PROPIETARIO DEL PARTIDO ACCI\u00d3N NACIONAL ANTE EL CONSEJO GENERAL DEL INSTITUTO ELECTORAL DEL ESTADO DE CAMPECHE Y PEDRO ESTRADA C\u00d3RDOVA, REPRESENTANTE PROPIETARIO DEL PARTIDO MOVIMIENTO CIUDADANO ANTE EL CONSEJO GENERAL DEL INSTITUTO ELECTORAL DEL ESTADO DE CAMPECHE\" data-order=\"CESAR ISMAEL MART\u00cdN EHU\u00c1N, REPRESENTANTE PROPIETARIO DEL PARTIDO ACCI\u00d3N NACIONAL ANTE EL CONSEJO GENERAL DEL INSTITUTO ELECTORAL DEL ESTADO DE CAMPECHE Y PEDRO ESTRADA C\u00d3RDOVA, REPRESENTANTE PROPIETARIO DEL PARTIDO MOVIMIENTO CIUDADANO ANTE EL CONSEJO GENERAL DEL INSTITUTO ELECTORAL DEL ESTADO DE CAMPECHE\" >CESAR ISMAEL MART\u00cdN EHU\u00c1N, REPRESENTANTE PROPIETARIO DEL PARTIDO ACCI\u00d3N NACIONAL ANTE EL CONSEJO GENERAL DEL INSTITUTO ELECTORAL DEL ESTADO DE CAMPECHE Y PEDRO ESTRADA C\u00d3RDOVA, REPRESENTANTE PROPIETARIO DEL PARTIDO MOVIMIENTO CIUDADANO ANTE EL CONSEJO GENERAL DEL INSTITUTO ELECTORAL DEL ESTADO DE CAMPECHE <\/td><td data-cell-id=\"C104\" data-x=\"2\" data-y=\"104\" data-db-index=\"104\" class=\"fsize-18\" data-cell-type=\"text\" data-original-value=\"CONSEJO GENERAL DEL INSTITUTO ELECTORAL DEL ESTADO DE CAMPECHE\" data-order=\"CONSEJO GENERAL DEL INSTITUTO ELECTORAL DEL ESTADO DE CAMPECHE\" >CONSEJO GENERAL DEL INSTITUTO ELECTORAL DEL ESTADO DE CAMPECHE <\/td><td data-cell-id=\"D104\" data-x=\"3\" data-y=\"104\" data-db-index=\"104\" class=\"fsize-18\" data-cell-type=\"text\" data-original-value=\"&lt;a href=&quot;https:\/\/teec.org.mx\/web\/wp-content\/uploads\/2023\/11\/TEEC-RAP-2-2023-u-acum-07-11-2023.pdf&quot; target=&quot;_blank&quot;&gt;TEEC\/RAP\/2\/2023 Y SU ACUMULADO TEEC\/RAP\/3\/2023 (ACUERDO DE ACUMULACI\u00d3N)&lt;\/a&gt;\" data-order=\"&lt;a href=&quot;https:\/\/teec.org.mx\/web\/wp-content\/uploads\/2023\/11\/TEEC-RAP-2-2023-u-acum-07-11-2023.pdf&quot; target=&quot;_blank&quot;&gt;TEEC\/RAP\/2\/2023 Y SU ACUMULADO TEEC\/RAP\/3\/2023 (ACUERDO DE ACUMULACI\u00d3N)&lt;\/a&gt;\" ><a href=\"https:\/\/teec.org.mx\/web\/wp-content\/uploads\/2023\/11\/TEEC-RAP-2-2023-u-acum-07-11-2023.pdf\" target=\"_blank\">TEEC\/RAP\/2\/2023 Y SU ACUMULADO TEEC\/RAP\/3\/2023 (ACUERDO DE ACUMULACI\u00d3N)<\/a><\/td><\/tr><tr style=\"height:px\" ><td data-cell-id=\"A105\" data-x=\"0\" data-y=\"105\" data-db-index=\"105\" class=\"fsize-18\" data-cell-type=\"text\" data-original-value=\"06 DE NOVIEMBRE DE 2023, A LAS 12:45 HORAS\" data-order=\"06 DE NOVIEMBRE DE 2023, A LAS 12:45 HORAS\" >06 DE NOVIEMBRE DE 2023, A LAS 12:45 HORAS <\/td><td data-cell-id=\"B105\" data-x=\"1\" data-y=\"105\" data-db-index=\"105\" class=\"fsize-18\" data-cell-type=\"text\" data-original-value=\"PARTIDO ACCION NACIONAL\" data-order=\"PARTIDO ACCION NACIONAL\" >PARTIDO ACCION NACIONAL <\/td><td data-cell-id=\"C105\" data-x=\"2\" data-y=\"105\" data-db-index=\"105\" class=\"fsize-18\" data-cell-type=\"text\" data-original-value=\"CONSEJO GENERAL DEL INSTITUTO ELECTORAL DEL ESTADO DE CAMPECHE\" data-order=\"CONSEJO GENERAL DEL INSTITUTO ELECTORAL DEL ESTADO DE CAMPECHE\" >CONSEJO GENERAL DEL INSTITUTO ELECTORAL DEL ESTADO DE CAMPECHE <\/td><td data-cell-id=\"D105\" data-x=\"3\" data-y=\"105\" data-db-index=\"105\" class=\"fsize-18\" data-cell-type=\"text\" data-original-value=\"&lt;a href=&quot;https:\/\/teec.org.mx\/web\/wp-content\/uploads\/2023\/11\/TEEC-RAP-28-2023-06-11-2023.pdf&quot; target=&quot;_blank&quot;&gt;TEEC\/RAP\/28\/2023 (ACUERDO DE CIERRE DE INSTRUCCI\u00d3N Y FIJACI\u00d3N DE FECHA Y HORA)&lt;\/a&gt;\" data-order=\"&lt;a href=&quot;https:\/\/teec.org.mx\/web\/wp-content\/uploads\/2023\/11\/TEEC-RAP-28-2023-06-11-2023.pdf&quot; target=&quot;_blank&quot;&gt;TEEC\/RAP\/28\/2023 (ACUERDO DE CIERRE DE INSTRUCCI\u00d3N Y FIJACI\u00d3N DE FECHA Y HORA)&lt;\/a&gt;\" ><a href=\"https:\/\/teec.org.mx\/web\/wp-content\/uploads\/2023\/11\/TEEC-RAP-28-2023-06-11-2023.pdf\" target=\"_blank\">TEEC\/RAP\/28\/2023 (ACUERDO DE CIERRE DE INSTRUCCI\u00d3N Y FIJACI\u00d3N DE FECHA Y HORA)<\/a><\/td><\/tr><tr style=\"height:px\" ><td data-cell-id=\"A106\" data-x=\"0\" data-y=\"106\" data-db-index=\"106\" class=\"fsize-18\" data-cell-type=\"text\" data-original-value=\"06 DE NOVIEMBRE DE 2023, A LAS 12:29 HORAS\" data-order=\"06 DE NOVIEMBRE DE 2023, A LAS 12:29 HORAS\" >06 DE NOVIEMBRE DE 2023, A LAS 12:29 HORAS <\/td><td data-cell-id=\"B106\" data-x=\"1\" data-y=\"106\" data-db-index=\"106\" class=\"fsize-18\" data-cell-type=\"text\" data-original-value=\"PARTIDO DE LA REVOLUCI\u00d3N DEMOCR\u00c1TICA\" data-order=\"PARTIDO DE LA REVOLUCI\u00d3N DEMOCR\u00c1TICA\" >PARTIDO DE LA REVOLUCI\u00d3N DEMOCR\u00c1TICA <\/td><td data-cell-id=\"C106\" data-x=\"2\" data-y=\"106\" data-db-index=\"106\" class=\"fsize-18\" data-cell-type=\"text\" data-original-value=\"CONSEJO GENERAL DEL INSTITUTO ELECTORAL DEL ESTADO DE CAMPECHE\" data-order=\"CONSEJO GENERAL DEL INSTITUTO ELECTORAL DEL ESTADO DE CAMPECHE\" >CONSEJO GENERAL DEL INSTITUTO ELECTORAL DEL ESTADO DE CAMPECHE <\/td><td data-cell-id=\"D106\" data-x=\"3\" data-y=\"106\" data-db-index=\"106\" class=\"fsize-18\" data-cell-type=\"text\" data-original-value=\"&lt;a href=&quot;https:\/\/teec.org.mx\/web\/wp-content\/uploads\/2023\/11\/TEEC-RAP-27-2028-06-11-2023.pdf&quot; target=&quot;_blank&quot;&gt;TEEC\/RAP\/27\/2023 (ACUERDO DE CIERRE DE INSTRUCCI\u00d3N Y SE FIJA FECHA Y HORA PARA SESI\u00d3N)&lt;\/a&gt;\" data-order=\"&lt;a href=&quot;https:\/\/teec.org.mx\/web\/wp-content\/uploads\/2023\/11\/TEEC-RAP-27-2028-06-11-2023.pdf&quot; target=&quot;_blank&quot;&gt;TEEC\/RAP\/27\/2023 (ACUERDO DE CIERRE DE INSTRUCCI\u00d3N Y SE FIJA FECHA Y HORA PARA SESI\u00d3N)&lt;\/a&gt;\" ><a href=\"https:\/\/teec.org.mx\/web\/wp-content\/uploads\/2023\/11\/TEEC-RAP-27-2028-06-11-2023.pdf\" target=\"_blank\">TEEC\/RAP\/27\/2023 (ACUERDO DE CIERRE DE INSTRUCCI\u00d3N Y SE FIJA FECHA Y HORA PARA SESI\u00d3N)<\/a><\/td><\/tr><tr style=\"height:px\" ><td data-cell-id=\"A107\" data-x=\"0\" data-y=\"107\" data-db-index=\"107\" class=\"fsize-18\" data-cell-type=\"text\" data-original-value=\"06 DE NOVIEMBRE DE 2023, A LAS 11:50 HORAS\" data-order=\"06 DE NOVIEMBRE DE 2023, A LAS 11:50 HORAS\" >06 DE NOVIEMBRE DE 2023, A LAS 11:50 HORAS <\/td><td data-cell-id=\"B107\" data-x=\"1\" data-y=\"107\" data-db-index=\"107\" class=\"fsize-18\" data-cell-type=\"text\" data-original-value=\"JOS\u00c9 CLEMENTE MARRERO ORTIZ Y JUAN GUALBERTO ALONZO REBOLLEDO EN CALIDAD DE APODERADOS LEGALES DE RAFAEL ALEJANDRO MORENO C\u00c1RDENAS\" data-order=\"JOS\u00c9 CLEMENTE MARRERO ORTIZ Y JUAN GUALBERTO ALONZO REBOLLEDO EN CALIDAD DE APODERADOS LEGALES DE RAFAEL ALEJANDRO MORENO C\u00c1RDENAS\" >JOS\u00c9 CLEMENTE MARRERO ORTIZ Y JUAN GUALBERTO ALONZO REBOLLEDO EN CALIDAD DE APODERADOS LEGALES DE RAFAEL ALEJANDRO MORENO C\u00c1RDENAS <\/td><td data-cell-id=\"C107\" data-x=\"2\" data-y=\"107\" data-db-index=\"107\" class=\"fsize-18\" data-cell-type=\"text\" data-original-value=\"JUNTA GENERAL EJECUTIVA DEL INSTITUTO ELECTORAL DEL ESTADO DE CAMPECHE\" data-order=\"JUNTA GENERAL EJECUTIVA DEL INSTITUTO ELECTORAL DEL ESTADO DE CAMPECHE\" >JUNTA GENERAL EJECUTIVA DEL INSTITUTO ELECTORAL DEL ESTADO DE CAMPECHE <\/td><td data-cell-id=\"D107\" data-x=\"3\" data-y=\"107\" data-db-index=\"107\" class=\"fsize-18\" data-cell-type=\"text\" data-original-value=\"&lt;a href=&quot;https:\/\/teec.org.mx\/web\/wp-content\/uploads\/2023\/11\/TEEC-RAP-23-2023-06-11-2023.pdf&quot; target=&quot;_blank&quot;&gt;TEEC\/RAP\/23\/2023 (ACUERDO DE ACUMULACI\u00d3N)&lt;\/a&gt;\" data-order=\"&lt;a href=&quot;https:\/\/teec.org.mx\/web\/wp-content\/uploads\/2023\/11\/TEEC-RAP-23-2023-06-11-2023.pdf&quot; target=&quot;_blank&quot;&gt;TEEC\/RAP\/23\/2023 (ACUERDO DE ACUMULACI\u00d3N)&lt;\/a&gt;\" ><a href=\"https:\/\/teec.org.mx\/web\/wp-content\/uploads\/2023\/11\/TEEC-RAP-23-2023-06-11-2023.pdf\" target=\"_blank\">TEEC\/RAP\/23\/2023 (ACUERDO DE ACUMULACI\u00d3N)<\/a><\/td><\/tr><tr style=\"height:px\" ><td data-cell-id=\"A108\" data-x=\"0\" data-y=\"108\" data-db-index=\"108\" class=\"fsize-18\" data-cell-type=\"text\" data-original-value=\"06 DE NOVIEMBRE DE 2023, A LAS 11:25 HORAS\" data-order=\"06 DE NOVIEMBRE DE 2023, A LAS 11:25 HORAS\" >06 DE NOVIEMBRE DE 2023, A LAS 11:25 HORAS <\/td><td data-cell-id=\"B108\" data-x=\"1\" data-y=\"108\" data-db-index=\"108\" class=\"fsize-18\" data-cell-type=\"text\" data-original-value=\"PARTIDO POL\u00cdTICO NACIONAL MOVIMIENTO CIUDADANO\" data-order=\"PARTIDO POL\u00cdTICO NACIONAL MOVIMIENTO CIUDADANO\" >PARTIDO POL\u00cdTICO NACIONAL MOVIMIENTO CIUDADANO <\/td><td data-cell-id=\"C108\" data-x=\"2\" data-y=\"108\" data-db-index=\"108\" class=\"fsize-18\" data-cell-type=\"text\" data-original-value=\"CONSEJO GENERAL DEL INSTITUTO ELECTORAL DEL ESTADO DE CAMPECHE\" data-order=\"CONSEJO GENERAL DEL INSTITUTO ELECTORAL DEL ESTADO DE CAMPECHE\" >CONSEJO GENERAL DEL INSTITUTO ELECTORAL DEL ESTADO DE CAMPECHE <\/td><td data-cell-id=\"D108\" data-x=\"3\" data-y=\"108\" data-db-index=\"108\" class=\"fsize-18\" data-cell-type=\"text\" data-original-value=\"&lt;a href=&quot;https:\/\/teec.org.mx\/web\/wp-content\/uploads\/2023\/11\/TEEC-RAP-26-2023-06-11-2023.pdf&quot; target=&quot;_blank&quot;&gt;TEEC\/RAP\/26\/2023 (ACUERDO DE CIERRE DE INSTRUCCI\u00d3N Y SE FIJA FECHA Y HORA PARA SESI\u00d3N)&lt;\/a&gt;\" data-order=\"&lt;a href=&quot;https:\/\/teec.org.mx\/web\/wp-content\/uploads\/2023\/11\/TEEC-RAP-26-2023-06-11-2023.pdf&quot; target=&quot;_blank&quot;&gt;TEEC\/RAP\/26\/2023 (ACUERDO DE CIERRE DE INSTRUCCI\u00d3N Y SE FIJA FECHA Y HORA PARA SESI\u00d3N)&lt;\/a&gt;\" ><a href=\"https:\/\/teec.org.mx\/web\/wp-content\/uploads\/2023\/11\/TEEC-RAP-26-2023-06-11-2023.pdf\" target=\"_blank\">TEEC\/RAP\/26\/2023 (ACUERDO DE CIERRE DE INSTRUCCI\u00d3N Y SE FIJA FECHA Y HORA PARA SESI\u00d3N)<\/a><\/td><\/tr><tr style=\"height:px\" ><td data-cell-id=\"A109\" data-x=\"0\" data-y=\"109\" data-db-index=\"109\" class=\"fsize-18\" data-cell-type=\"text\" data-original-value=\"06 DE NOVIEMBRE DE 2023, A LAS 11:15 HORAS\" data-order=\"06 DE NOVIEMBRE DE 2023, A LAS 11:15 HORAS\" >06 DE NOVIEMBRE DE 2023, A LAS 11:15 HORAS <\/td><td data-cell-id=\"B109\" data-x=\"1\" data-y=\"109\" data-db-index=\"109\" class=\"fsize-18\" data-cell-type=\"text\" data-original-value=\"JUAN GUALBERTO ALONZO REBOLLEDO, EN SU CAR\u00c1CTER DE REPRESENTANTE PROPIETARIO DEL PARTIDO REVOLUCIONARIO INSTITUCIONAL ANTE EL CONSEJO GENERAL DEL INSTITUTO ELECTORAL DEL ESTADO DE CAMPECHE\" data-order=\"JUAN GUALBERTO ALONZO REBOLLEDO, EN SU CAR\u00c1CTER DE REPRESENTANTE PROPIETARIO DEL PARTIDO REVOLUCIONARIO INSTITUCIONAL ANTE EL CONSEJO GENERAL DEL INSTITUTO ELECTORAL DEL ESTADO DE CAMPECHE\" >JUAN GUALBERTO ALONZO REBOLLEDO, EN SU CAR\u00c1CTER DE REPRESENTANTE PROPIETARIO DEL PARTIDO REVOLUCIONARIO INSTITUCIONAL ANTE EL CONSEJO GENERAL DEL INSTITUTO ELECTORAL DEL ESTADO DE CAMPECHE <\/td><td data-cell-id=\"C109\" data-x=\"2\" data-y=\"109\" data-db-index=\"109\" class=\"fsize-18\" data-cell-type=\"text\" data-original-value=\"CONSEJO GENERAL DEL INSTITUTO ELECTORAL DEL ESTADO DE CAMPECHE\" data-order=\"CONSEJO GENERAL DEL INSTITUTO ELECTORAL DEL ESTADO DE CAMPECHE\" >CONSEJO GENERAL DEL INSTITUTO ELECTORAL DEL ESTADO DE CAMPECHE <\/td><td data-cell-id=\"D109\" data-x=\"3\" data-y=\"109\" data-db-index=\"109\" class=\"fsize-18\" data-cell-type=\"text\" data-original-value=\"&lt;a href=&quot;https:\/\/teec.org.mx\/web\/wp-content\/uploads\/2023\/11\/TEEC-RAP-25-2023-06-11-2023.pdf&quot; target=&quot;_blank&quot;&gt;TEEC\/RAP\/25\/2023 (ACUERDO DE CUMPLIMIENTO, ACUMULACI\u00d3N, CIERRE DE INSTRUCCI\u00d3N Y SE FIJA FECHA Y HORA PARA SESI\u00d3N)&lt;\/a&gt;\" data-order=\"&lt;a href=&quot;https:\/\/teec.org.mx\/web\/wp-content\/uploads\/2023\/11\/TEEC-RAP-25-2023-06-11-2023.pdf&quot; target=&quot;_blank&quot;&gt;TEEC\/RAP\/25\/2023 (ACUERDO DE CUMPLIMIENTO, ACUMULACI\u00d3N, CIERRE DE INSTRUCCI\u00d3N Y SE FIJA FECHA Y HORA PARA SESI\u00d3N)&lt;\/a&gt;\" ><a href=\"https:\/\/teec.org.mx\/web\/wp-content\/uploads\/2023\/11\/TEEC-RAP-25-2023-06-11-2023.pdf\" target=\"_blank\">TEEC\/RAP\/25\/2023 (ACUERDO DE CUMPLIMIENTO, ACUMULACI\u00d3N, CIERRE DE INSTRUCCI\u00d3N Y SE FIJA FECHA Y HORA PARA SESI\u00d3N)<\/a><\/td><\/tr><tr style=\"height:px\" ><td data-cell-id=\"A110\" data-x=\"0\" data-y=\"110\" data-db-index=\"110\" class=\"fsize-18\" data-cell-type=\"text\" data-original-value=\"31 DE OCTUBRE DE 2023, A LAS 13:20 HORAS\" data-order=\"31 DE OCTUBRE DE 2023, A LAS 13:20 HORAS\" >31 DE OCTUBRE DE 2023, A LAS 13:20 HORAS <\/td><td data-cell-id=\"B110\" data-x=\"1\" data-y=\"110\" data-db-index=\"110\" class=\"fsize-18\" data-cell-type=\"text\" data-original-value=\"CESAR ISMAEL MART\u00cdN EHU\u00c1N, REPRESENTANTE PROPIETARIO DEL PARTIDO ACCI\u00d3N NACIONAL ANTE EL CONSEJO GENERAL DEL INSTITUTO ELECTORAL DEL ESTADO DE CAMPECHE Y PEDRO ESTRADA C\u00d3RDOVA\" data-order=\"CESAR ISMAEL MART\u00cdN EHU\u00c1N, REPRESENTANTE PROPIETARIO DEL PARTIDO ACCI\u00d3N NACIONAL ANTE EL CONSEJO GENERAL DEL INSTITUTO ELECTORAL DEL ESTADO DE CAMPECHE Y PEDRO ESTRADA C\u00d3RDOVA\" >CESAR ISMAEL MART\u00cdN EHU\u00c1N, REPRESENTANTE PROPIETARIO DEL PARTIDO ACCI\u00d3N NACIONAL ANTE EL CONSEJO GENERAL DEL INSTITUTO ELECTORAL DEL ESTADO DE CAMPECHE Y PEDRO ESTRADA C\u00d3RDOVA <\/td><td data-cell-id=\"C110\" data-x=\"2\" data-y=\"110\" data-db-index=\"110\" class=\"fsize-18\" data-cell-type=\"text\" data-original-value=\"CONSEJO GENERAL DEL INSTITUTO ELECTORAL DEL ESTADO DE CAMPECHE\" data-order=\"CONSEJO GENERAL DEL INSTITUTO ELECTORAL DEL ESTADO DE CAMPECHE\" >CONSEJO GENERAL DEL INSTITUTO ELECTORAL DEL ESTADO DE CAMPECHE <\/td><td data-cell-id=\"D110\" data-x=\"3\" data-y=\"110\" data-db-index=\"110\" class=\"fsize-18\" data-cell-type=\"text\" data-original-value=\"&lt;a href=&quot;https:\/\/teec.org.mx\/web\/wp-content\/uploads\/2023\/10\/TEEC-RAP-2-2023-y-acum-31-10-2023.pdf&quot; target=&quot;_blank&quot;&gt;TEEC\/RAP\/2\/2023 Y SU ACUMULADO TEEC\/RAP\/3\/2023 (SE TURNA DOCUMENTACI\u00d3N)&lt;\/a&gt;\" data-order=\"&lt;a href=&quot;https:\/\/teec.org.mx\/web\/wp-content\/uploads\/2023\/10\/TEEC-RAP-2-2023-y-acum-31-10-2023.pdf&quot; target=&quot;_blank&quot;&gt;TEEC\/RAP\/2\/2023 Y SU ACUMULADO TEEC\/RAP\/3\/2023 (SE TURNA DOCUMENTACI\u00d3N)&lt;\/a&gt;\" ><a href=\"https:\/\/teec.org.mx\/web\/wp-content\/uploads\/2023\/10\/TEEC-RAP-2-2023-y-acum-31-10-2023.pdf\" target=\"_blank\">TEEC\/RAP\/2\/2023 Y SU ACUMULADO TEEC\/RAP\/3\/2023 (SE TURNA DOCUMENTACI\u00d3N)<\/a><\/td><\/tr><tr style=\"height:px\" ><td data-cell-id=\"A111\" data-x=\"0\" data-y=\"111\" data-db-index=\"111\" class=\"fsize-18\" data-cell-type=\"text\" data-original-value=\"31 DE OCTUBRE DE 2023, A LAS 13:06 HORAS\" data-order=\"31 DE OCTUBRE DE 2023, A LAS 13:06 HORAS\" >31 DE OCTUBRE DE 2023, A LAS 13:06 HORAS <\/td><td data-cell-id=\"B111\" data-x=\"1\" data-y=\"111\" data-db-index=\"111\" class=\"fsize-18\" data-cell-type=\"text\" data-original-value=\"JUAN GUALBERTO ALONZO REBOLLEDO, EN SU CAR\u00c1CTER DE REPRESENTANTE PROPIETARIO DEL PARTIDO REVOLUCIONARIO INSTITUCIONAL ANTE EL CONSEJO GENERAL DEL INSTITUTO ELECTORAL DEL ESTADO DE CAMPECHE\" data-order=\"JUAN GUALBERTO ALONZO REBOLLEDO, EN SU CAR\u00c1CTER DE REPRESENTANTE PROPIETARIO DEL PARTIDO REVOLUCIONARIO INSTITUCIONAL ANTE EL CONSEJO GENERAL DEL INSTITUTO ELECTORAL DEL ESTADO DE CAMPECHE\" >JUAN GUALBERTO ALONZO REBOLLEDO, EN SU CAR\u00c1CTER DE REPRESENTANTE PROPIETARIO DEL PARTIDO REVOLUCIONARIO INSTITUCIONAL ANTE EL CONSEJO GENERAL DEL INSTITUTO ELECTORAL DEL ESTADO DE CAMPECHE <\/td><td data-cell-id=\"C111\" data-x=\"2\" data-y=\"111\" data-db-index=\"111\" class=\"fsize-18\" data-cell-type=\"text\" data-original-value=\"CONSEJO GENERAL DEL INSTITUTO ELECTORAL DEL ESTADO DE CAMPECHE\" data-order=\"CONSEJO GENERAL DEL INSTITUTO ELECTORAL DEL ESTADO DE CAMPECHE\" >CONSEJO GENERAL DEL INSTITUTO ELECTORAL DEL ESTADO DE CAMPECHE <\/td><td data-cell-id=\"D111\" data-x=\"3\" data-y=\"111\" data-db-index=\"111\" class=\"fsize-18\" data-cell-type=\"text\" data-original-value=\"&lt;a href=&quot;https:\/\/teec.org.mx\/web\/wp-content\/uploads\/2023\/10\/TEEC-RAP-25-2023-2do-acu-31-10-2023.pdf&quot; target=&quot;_blank&quot;&gt;TEEC\/RAP\/25\/2023 (ACUERDO SE TURNA DOCUMENTACI\u00d3N)&lt;\/a&gt;\" data-order=\"&lt;a href=&quot;https:\/\/teec.org.mx\/web\/wp-content\/uploads\/2023\/10\/TEEC-RAP-25-2023-2do-acu-31-10-2023.pdf&quot; target=&quot;_blank&quot;&gt;TEEC\/RAP\/25\/2023 (ACUERDO SE TURNA DOCUMENTACI\u00d3N)&lt;\/a&gt;\" ><a href=\"https:\/\/teec.org.mx\/web\/wp-content\/uploads\/2023\/10\/TEEC-RAP-25-2023-2do-acu-31-10-2023.pdf\" target=\"_blank\">TEEC\/RAP\/25\/2023 (ACUERDO SE TURNA DOCUMENTACI\u00d3N)<\/a><\/td><\/tr><tr style=\"height:px\" ><td data-cell-id=\"A112\" data-x=\"0\" data-y=\"112\" data-db-index=\"112\" class=\"fsize-18\" data-cell-type=\"text\" data-original-value=\"31 DE OCTUBRE DE 2023, A LAS 12:40 HORAS\" data-order=\"31 DE OCTUBRE DE 2023, A LAS 12:40 HORAS\" >31 DE OCTUBRE DE 2023, A LAS 12:40 HORAS <\/td><td data-cell-id=\"B112\" data-x=\"1\" data-y=\"112\" data-db-index=\"112\" class=\"fsize-18\" data-cell-type=\"text\" data-original-value=\"PEDRO ESTRADA C\u00d3RDOVA QUIEN SE OSTENTA COMO REPRESENTANTE PROPIETARIO DEL PARTIDO MOVIMIENTO CIUDADANO ANTE EL CONSEJO GENERAL DEL INSTITUTO ELECTORAL DEL ESTADO DE CAMPECHE\" data-order=\"PEDRO ESTRADA C\u00d3RDOVA QUIEN SE OSTENTA COMO REPRESENTANTE PROPIETARIO DEL PARTIDO MOVIMIENTO CIUDADANO ANTE EL CONSEJO GENERAL DEL INSTITUTO ELECTORAL DEL ESTADO DE CAMPECHE\" >PEDRO ESTRADA C\u00d3RDOVA QUIEN SE OSTENTA COMO REPRESENTANTE PROPIETARIO DEL PARTIDO MOVIMIENTO CIUDADANO ANTE EL CONSEJO GENERAL DEL INSTITUTO ELECTORAL DEL ESTADO DE CAMPECHE <\/td><td data-cell-id=\"C112\" data-x=\"2\" data-y=\"112\" data-db-index=\"112\" class=\"fsize-18\" data-cell-type=\"text\" data-original-value=\"JUNTA GENERAL EJECUTIVA DEL INSTITUTO ELECTORAL DEL ESTADO DE CAMPECHE\" data-order=\"JUNTA GENERAL EJECUTIVA DEL INSTITUTO ELECTORAL DEL ESTADO DE CAMPECHE\" >JUNTA GENERAL EJECUTIVA DEL INSTITUTO ELECTORAL DEL ESTADO DE CAMPECHE <\/td><td data-cell-id=\"D112\" data-x=\"3\" data-y=\"112\" data-db-index=\"112\" class=\"fsize-18\" data-cell-type=\"text\" data-original-value=\"&lt;a href=&quot;https:\/\/teec.org.mx\/web\/wp-content\/uploads\/2023\/10\/TEEC-RAP-29-2023-31-10-2023.pdf&quot; target=&quot;_blank&quot;&gt;TEEC\/RAP\/29\/2023 (ACUERDO DE RECEPCI\u00d3N Y RADICACI\u00d3N)&lt;\/a&gt;\" data-order=\"&lt;a href=&quot;https:\/\/teec.org.mx\/web\/wp-content\/uploads\/2023\/10\/TEEC-RAP-29-2023-31-10-2023.pdf&quot; target=&quot;_blank&quot;&gt;TEEC\/RAP\/29\/2023 (ACUERDO DE RECEPCI\u00d3N Y RADICACI\u00d3N)&lt;\/a&gt;\" ><a href=\"https:\/\/teec.org.mx\/web\/wp-content\/uploads\/2023\/10\/TEEC-RAP-29-2023-31-10-2023.pdf\" target=\"_blank\">TEEC\/RAP\/29\/2023 (ACUERDO DE RECEPCI\u00d3N Y RADICACI\u00d3N)<\/a><\/td><\/tr><tr style=\"height:px\" ><td data-cell-id=\"A113\" data-x=\"0\" data-y=\"113\" data-db-index=\"113\" class=\"fsize-18\" data-cell-type=\"text\" data-original-value=\"31 DE OCTUBRE DE 2023, A LAS 12:09 HORAS\" data-order=\"31 DE OCTUBRE DE 2023, A LAS 12:09 HORAS\" >31 DE OCTUBRE DE 2023, A LAS 12:09 HORAS <\/td><td data-cell-id=\"B113\" data-x=\"1\" data-y=\"113\" data-db-index=\"113\" class=\"fsize-18\" data-cell-type=\"text\" data-original-value=\"PARTIDO ACCION NACIONAL\" data-order=\"PARTIDO ACCION NACIONAL\" >PARTIDO ACCION NACIONAL <\/td><td data-cell-id=\"C113\" data-x=\"2\" data-y=\"113\" data-db-index=\"113\" class=\"fsize-18\" data-cell-type=\"text\" data-original-value=\"CONSEJO GENERAL DEL INSTITUTO ELECTORAL DEL ESTADO DE CAMPECH\" data-order=\"CONSEJO GENERAL DEL INSTITUTO ELECTORAL DEL ESTADO DE CAMPECH\" >CONSEJO GENERAL DEL INSTITUTO ELECTORAL DEL ESTADO DE CAMPECH <\/td><td data-cell-id=\"D113\" data-x=\"3\" data-y=\"113\" data-db-index=\"113\" class=\"fsize-18\" data-cell-type=\"text\" data-original-value=\"&lt;a href=&quot;https:\/\/teec.org.mx\/web\/wp-content\/uploads\/2023\/10\/TEEC-RAP-28-2023-31-10-2023.pdf&quot; target=&quot;_blank&quot;&gt;TEEC\/RAP\/28\/2023 (ACUERDO DE ADMISI\u00d3N)&lt;\/a&gt;\" data-order=\"&lt;a href=&quot;https:\/\/teec.org.mx\/web\/wp-content\/uploads\/2023\/10\/TEEC-RAP-28-2023-31-10-2023.pdf&quot; target=&quot;_blank&quot;&gt;TEEC\/RAP\/28\/2023 (ACUERDO DE ADMISI\u00d3N)&lt;\/a&gt;\" ><a href=\"https:\/\/teec.org.mx\/web\/wp-content\/uploads\/2023\/10\/TEEC-RAP-28-2023-31-10-2023.pdf\" target=\"_blank\">TEEC\/RAP\/28\/2023 (ACUERDO DE ADMISI\u00d3N)<\/a><\/td><\/tr><tr style=\"height:px\" ><td data-cell-id=\"A114\" data-x=\"0\" data-y=\"114\" data-db-index=\"114\" class=\"fsize-18\" data-cell-type=\"text\" data-original-value=\"31 DE OCTUBRE DE 2023, A LAS 12:15 HORAS\" data-order=\"31 DE OCTUBRE DE 2023, A LAS 12:15 HORAS\" >31 DE OCTUBRE DE 2023, A LAS 12:15 HORAS <\/td><td data-cell-id=\"B114\" data-x=\"1\" data-y=\"114\" data-db-index=\"114\" class=\"fsize-18\" data-cell-type=\"text\" data-original-value=\"PARTIDO POL\u00cdTICO NACIONAL MOVIMIENTO CIUDADANO\" data-order=\"PARTIDO POL\u00cdTICO NACIONAL MOVIMIENTO CIUDADANO\" >PARTIDO POL\u00cdTICO NACIONAL MOVIMIENTO CIUDADANO <\/td><td data-cell-id=\"C114\" data-x=\"2\" data-y=\"114\" data-db-index=\"114\" class=\"fsize-18\" data-cell-type=\"text\" data-original-value=\"CONSEJO GENERAL DEL INSTITUTO ELECTORAL DEL ESTADO DE CAMPECHE\" data-order=\"CONSEJO GENERAL DEL INSTITUTO ELECTORAL DEL ESTADO DE CAMPECHE\" >CONSEJO GENERAL DEL INSTITUTO ELECTORAL DEL ESTADO DE CAMPECHE <\/td><td data-cell-id=\"D114\" data-x=\"3\" data-y=\"114\" data-db-index=\"114\" class=\"fsize-18\" data-cell-type=\"text\" data-original-value=\"&lt;a href=&quot;https:\/\/teec.org.mx\/web\/wp-content\/uploads\/2023\/10\/TEEC-RAP-26-2023-31-10-2023.pdf&quot; target=&quot;_blank&quot;&gt;TEEC\/RAP\/26\/2023 (ACUERDO DE ADMISI\u00d3N)&lt;\/a&gt;\" data-order=\"&lt;a href=&quot;https:\/\/teec.org.mx\/web\/wp-content\/uploads\/2023\/10\/TEEC-RAP-26-2023-31-10-2023.pdf&quot; target=&quot;_blank&quot;&gt;TEEC\/RAP\/26\/2023 (ACUERDO DE ADMISI\u00d3N)&lt;\/a&gt;\" ><a href=\"https:\/\/teec.org.mx\/web\/wp-content\/uploads\/2023\/10\/TEEC-RAP-26-2023-31-10-2023.pdf\" target=\"_blank\">TEEC\/RAP\/26\/2023 (ACUERDO DE ADMISI\u00d3N)<\/a><\/td><\/tr><tr style=\"height:px\" ><td data-cell-id=\"A115\" data-x=\"0\" data-y=\"115\" data-db-index=\"115\" class=\"fsize-18\" data-cell-type=\"text\" data-original-value=\"31 DE OCTUBRE DE 2023, A LAS 11:50 HORAS\" data-order=\"31 DE OCTUBRE DE 2023, A LAS 11:50 HORAS\" >31 DE OCTUBRE DE 2023, A LAS 11:50 HORAS <\/td><td data-cell-id=\"B115\" data-x=\"1\" data-y=\"115\" data-db-index=\"115\" class=\"fsize-18\" data-cell-type=\"text\" data-original-value=\"JUAN GUALBERTO ALONZO REBOLLEDO, REPRESENTANTE PROPIETARIO DEL PARTIDO REVOLUCIONARIO INSTITUCIONAL ANTE EL CONSEJO GENERAL DEL INSTITUTO ELECTORAL DEL ESTADO DE CAMPECHE\" data-order=\"JUAN GUALBERTO ALONZO REBOLLEDO, REPRESENTANTE PROPIETARIO DEL PARTIDO REVOLUCIONARIO INSTITUCIONAL ANTE EL CONSEJO GENERAL DEL INSTITUTO ELECTORAL DEL ESTADO DE CAMPECHE\" >JUAN GUALBERTO ALONZO REBOLLEDO, REPRESENTANTE PROPIETARIO DEL PARTIDO REVOLUCIONARIO INSTITUCIONAL ANTE EL CONSEJO GENERAL DEL INSTITUTO ELECTORAL DEL ESTADO DE CAMPECHE <\/td><td data-cell-id=\"C115\" data-x=\"2\" data-y=\"115\" data-db-index=\"115\" class=\"fsize-18\" data-cell-type=\"text\" data-original-value=\"CONSEJO GENERAL DEL INSTITUTO ELECTORAL DEL ESTADO DE CAMPECHE\" data-order=\"CONSEJO GENERAL DEL INSTITUTO ELECTORAL DEL ESTADO DE CAMPECHE\" >CONSEJO GENERAL DEL INSTITUTO ELECTORAL DEL ESTADO DE CAMPECHE <\/td><td data-cell-id=\"D115\" data-x=\"3\" data-y=\"115\" data-db-index=\"115\" class=\"fsize-18\" data-cell-type=\"text\" data-original-value=\"&lt;a href=&quot;https:\/\/teec.org.mx\/web\/wp-content\/uploads\/2023\/10\/TEEC-RAP-25-2023-31-10-2023.pdf&quot; target=&quot;_blank&quot;&gt;TEEC\/RAP\/25\/2023 (ACUERDO DE ADMISI\u00d3N)&lt;\/a&gt;\" data-order=\"&lt;a href=&quot;https:\/\/teec.org.mx\/web\/wp-content\/uploads\/2023\/10\/TEEC-RAP-25-2023-31-10-2023.pdf&quot; target=&quot;_blank&quot;&gt;TEEC\/RAP\/25\/2023 (ACUERDO DE ADMISI\u00d3N)&lt;\/a&gt;\" ><a href=\"https:\/\/teec.org.mx\/web\/wp-content\/uploads\/2023\/10\/TEEC-RAP-25-2023-31-10-2023.pdf\" target=\"_blank\">TEEC\/RAP\/25\/2023 (ACUERDO DE ADMISI\u00d3N)<\/a><\/td><\/tr><tr style=\"height:px\" ><td data-cell-id=\"A116\" data-x=\"0\" data-y=\"116\" data-db-index=\"116\" class=\"fsize-18\" data-cell-type=\"text\" data-original-value=\"31 DE OCTUBRE DE 2023, A LAS 11:49 HORAS\" data-order=\"31 DE OCTUBRE DE 2023, A LAS 11:49 HORAS\" >31 DE OCTUBRE DE 2023, A LAS 11:49 HORAS <\/td><td data-cell-id=\"B116\" data-x=\"1\" data-y=\"116\" data-db-index=\"116\" class=\"fsize-18\" data-cell-type=\"text\" data-original-value=\"PARTIDO DE LA REVOLUCI\u00d3N DEMOCR\u00c1TICA\" data-order=\"PARTIDO DE LA REVOLUCI\u00d3N DEMOCR\u00c1TICA\" >PARTIDO DE LA REVOLUCI\u00d3N DEMOCR\u00c1TICA <\/td><td data-cell-id=\"C116\" data-x=\"2\" data-y=\"116\" data-db-index=\"116\" class=\"fsize-18\" data-cell-type=\"text\" data-original-value=\"CONSEJO GENERAL DEL INSTITUTO ELECTORAL DEL ESTADO DE CAMPECHE\" data-order=\"CONSEJO GENERAL DEL INSTITUTO ELECTORAL DEL ESTADO DE CAMPECHE\" >CONSEJO GENERAL DEL INSTITUTO ELECTORAL DEL ESTADO DE CAMPECHE <\/td><td data-cell-id=\"D116\" data-x=\"3\" data-y=\"116\" data-db-index=\"116\" class=\"fsize-18\" data-cell-type=\"text\" data-original-value=\"&lt;a href=&quot;https:\/\/teec.org.mx\/web\/wp-content\/uploads\/2023\/10\/TEEC-RAP-27-2023-31-10-2023.pdf&quot; target=&quot;_blank&quot;&gt;TEEC\/RAP\/27\/2023 (ACUERDO DE ADMISI\u00d3N)&lt;\/a&gt;\" data-order=\"&lt;a href=&quot;https:\/\/teec.org.mx\/web\/wp-content\/uploads\/2023\/10\/TEEC-RAP-27-2023-31-10-2023.pdf&quot; target=&quot;_blank&quot;&gt;TEEC\/RAP\/27\/2023 (ACUERDO DE ADMISI\u00d3N)&lt;\/a&gt;\" ><a href=\"https:\/\/teec.org.mx\/web\/wp-content\/uploads\/2023\/10\/TEEC-RAP-27-2023-31-10-2023.pdf\" target=\"_blank\">TEEC\/RAP\/27\/2023 (ACUERDO DE ADMISI\u00d3N)<\/a><\/td><\/tr><tr style=\"height:px\" ><td data-cell-id=\"A117\" data-x=\"0\" data-y=\"117\" data-db-index=\"117\" class=\"fsize-18\" data-cell-type=\"text\" data-original-value=\"31 DE OCTUBRE DE 2023, A LAS 11:32 HORAS\" data-order=\"31 DE OCTUBRE DE 2023, A LAS 11:32 HORAS\" >31 DE OCTUBRE DE 2023, A LAS 11:32 HORAS <\/td><td data-cell-id=\"B117\" data-x=\"1\" data-y=\"117\" data-db-index=\"117\" class=\"fsize-18\" data-cell-type=\"text\" data-original-value=\"LIRIO GUADALUPE SUAREZ AM\u00c9NDOLA Y OTRO\" data-order=\"LIRIO GUADALUPE SUAREZ AM\u00c9NDOLA Y OTRO\" >LIRIO GUADALUPE SUAREZ AM\u00c9NDOLA Y OTRO <\/td><td data-cell-id=\"C117\" data-x=\"2\" data-y=\"117\" data-db-index=\"117\" class=\"fsize-18\" data-cell-type=\"text\" data-original-value=\"TRIBUNAL ELECTORAL DEL ESTADO DE CAMPECHE\" data-order=\"TRIBUNAL ELECTORAL DEL ESTADO DE CAMPECHE\" >TRIBUNAL ELECTORAL DEL ESTADO DE CAMPECHE <\/td><td data-cell-id=\"D117\" data-x=\"3\" data-y=\"117\" data-db-index=\"117\" class=\"fsize-18\" data-cell-type=\"text\" data-original-value=\"&lt;a href=&quot;https:\/\/teec.org.mx\/web\/wp-content\/uploads\/2023\/10\/TEEC-RAP-23-2023-31-10-2023.pdf&quot; target=&quot;_blank&quot;&gt;TEEC\/RAP\/23\/2023 (SE DA POR NOTIFICADO ESTE ORGANO JURISDICCIONAL ELECTORAL LOCAL DEL CONTENIDO DEL ACUERDO DE SALA XALAPA)&lt;\/a&gt;\" data-order=\"&lt;a href=&quot;https:\/\/teec.org.mx\/web\/wp-content\/uploads\/2023\/10\/TEEC-RAP-23-2023-31-10-2023.pdf&quot; target=&quot;_blank&quot;&gt;TEEC\/RAP\/23\/2023 (SE DA POR NOTIFICADO ESTE ORGANO JURISDICCIONAL ELECTORAL LOCAL DEL CONTENIDO DEL ACUERDO DE SALA XALAPA)&lt;\/a&gt;\" ><a href=\"https:\/\/teec.org.mx\/web\/wp-content\/uploads\/2023\/10\/TEEC-RAP-23-2023-31-10-2023.pdf\" target=\"_blank\">TEEC\/RAP\/23\/2023 (SE DA POR NOTIFICADO ESTE ORGANO JURISDICCIONAL ELECTORAL LOCAL DEL CONTENIDO DEL ACUERDO DE SALA XALAPA)<\/a><\/td><\/tr><tr style=\"height:px\" ><td data-cell-id=\"A118\" data-x=\"0\" data-y=\"118\" data-db-index=\"118\" class=\"fsize-18\" data-cell-type=\"text\" data-original-value=\"30 DE OCTUBRE DE 2023, A LAS 13:50 HORAS\" data-order=\"30 DE OCTUBRE DE 2023, A LAS 13:50 HORAS\" >30 DE OCTUBRE DE 2023, A LAS 13:50 HORAS <\/td><td data-cell-id=\"B118\" data-x=\"1\" data-y=\"118\" data-db-index=\"118\" class=\"fsize-18\" data-cell-type=\"text\" data-original-value=\"C\u00c9SAR ISMAEL MART\u00cdN EHU\u00c1N, REPRESENTANTE PROPIETARIO DEL PARTIDO ACCI\u00d3N NACIONAL\" data-order=\"C\u00c9SAR ISMAEL MART\u00cdN EHU\u00c1N, REPRESENTANTE PROPIETARIO DEL PARTIDO ACCI\u00d3N NACIONAL\" >C\u00c9SAR ISMAEL MART\u00cdN EHU\u00c1N, REPRESENTANTE PROPIETARIO DEL PARTIDO ACCI\u00d3N NACIONAL <\/td><td data-cell-id=\"C118\" data-x=\"2\" data-y=\"118\" data-db-index=\"118\" class=\"fsize-18\" data-cell-type=\"text\" data-original-value=\"CONSEJO GENERAL DEL INSTITUTO ELECTORAL DEL ESTADO DE CAMPECHE\" data-order=\"CONSEJO GENERAL DEL INSTITUTO ELECTORAL DEL ESTADO DE CAMPECHE\" >CONSEJO GENERAL DEL INSTITUTO ELECTORAL DEL ESTADO DE CAMPECHE <\/td><td data-cell-id=\"D118\" data-x=\"3\" data-y=\"118\" data-db-index=\"118\" class=\"fsize-18\" data-cell-type=\"text\" data-original-value=\"&lt;a href=&quot;https:\/\/teec.org.mx\/web\/wp-content\/uploads\/2023\/10\/TEEC-RAP-24-2023-30-10-2023.pdf&quot; target=&quot;_blank&quot;&gt;TEEC\/RAP\/24\/2023 (SE DECLARA FIRME Y VALEDERA)&lt;\/a&gt;\" data-order=\"&lt;a href=&quot;https:\/\/teec.org.mx\/web\/wp-content\/uploads\/2023\/10\/TEEC-RAP-24-2023-30-10-2023.pdf&quot; target=&quot;_blank&quot;&gt;TEEC\/RAP\/24\/2023 (SE DECLARA FIRME Y VALEDERA)&lt;\/a&gt;\" ><a href=\"https:\/\/teec.org.mx\/web\/wp-content\/uploads\/2023\/10\/TEEC-RAP-24-2023-30-10-2023.pdf\" target=\"_blank\">TEEC\/RAP\/24\/2023 (SE DECLARA FIRME Y VALEDERA)<\/a><\/td><\/tr><tr style=\"height:px\" ><td data-cell-id=\"A119\" data-x=\"0\" data-y=\"119\" data-db-index=\"119\" class=\"fsize-18\" data-cell-type=\"text\" data-original-value=\"30 DE OCTUBRE DE 2023, A LAS 13:30 HORAS\" data-order=\"30 DE OCTUBRE DE 2023, A LAS 13:30 HORAS\" >30 DE OCTUBRE DE 2023, A LAS 13:30 HORAS <\/td><td data-cell-id=\"B119\" data-x=\"1\" data-y=\"119\" data-db-index=\"119\" class=\"fsize-18\" data-cell-type=\"text\" data-original-value=\"PEDRO ESTRADA C\u00d3RDOVA EN SU CALIDAD DE REPRESENTANTE ANTE EL CONSEJO GENERAL DEL INSTITUTO ELECTORAL DEL ESTADO DE CAMPECHE DEL PARTIDO POL\u00cdTICO NACIONAL MOVIMIENTO NACIONAL MOVIMIENTO CIUDADANO\" data-order=\"PEDRO ESTRADA C\u00d3RDOVA EN SU CALIDAD DE REPRESENTANTE ANTE EL CONSEJO GENERAL DEL INSTITUTO ELECTORAL DEL ESTADO DE CAMPECHE DEL PARTIDO POL\u00cdTICO NACIONAL MOVIMIENTO NACIONAL MOVIMIENTO CIUDADANO\" >PEDRO ESTRADA C\u00d3RDOVA EN SU CALIDAD DE REPRESENTANTE ANTE EL CONSEJO GENERAL DEL INSTITUTO ELECTORAL DEL ESTADO DE CAMPECHE DEL PARTIDO POL\u00cdTICO NACIONAL MOVIMIENTO NACIONAL MOVIMIENTO CIUDADANO <\/td><td data-cell-id=\"C119\" data-x=\"2\" data-y=\"119\" data-db-index=\"119\" class=\"fsize-18\" data-cell-type=\"text\" data-original-value=\"JUNTA GENERAL EJECUTIVA DEL INSTITUTO ELECTORAL DEL ESTADO DE CAMPECHE\" data-order=\"JUNTA GENERAL EJECUTIVA DEL INSTITUTO ELECTORAL DEL ESTADO DE CAMPECHE\" >JUNTA GENERAL EJECUTIVA DEL INSTITUTO ELECTORAL DEL ESTADO DE CAMPECHE <\/td><td data-cell-id=\"D119\" data-x=\"3\" data-y=\"119\" data-db-index=\"119\" class=\"fsize-18\" data-cell-type=\"text\" data-original-value=\"&lt;a href=&quot;https:\/\/teec.org.mx\/web\/wp-content\/uploads\/2023\/10\/TEEC-RAP-29-2023-30-10-2023.pdf&quot; target=&quot;_blank&quot;&gt;TEEC\/RAP\/29\/2023 (ACUERDO DE TURNO)&lt;\/a&gt;\" data-order=\"&lt;a href=&quot;https:\/\/teec.org.mx\/web\/wp-content\/uploads\/2023\/10\/TEEC-RAP-29-2023-30-10-2023.pdf&quot; target=&quot;_blank&quot;&gt;TEEC\/RAP\/29\/2023 (ACUERDO DE TURNO)&lt;\/a&gt;\" ><a href=\"https:\/\/teec.org.mx\/web\/wp-content\/uploads\/2023\/10\/TEEC-RAP-29-2023-30-10-2023.pdf\" target=\"_blank\">TEEC\/RAP\/29\/2023 (ACUERDO DE TURNO)<\/a><\/td><\/tr><tr style=\"height:px\" ><td data-cell-id=\"A120\" data-x=\"0\" data-y=\"120\" data-db-index=\"120\" class=\"fsize-18\" data-cell-type=\"text\" data-original-value=\"30 DE OCTUBRE DE 2023, A LAS 12:40 HORAS\" data-order=\"30 DE OCTUBRE DE 2023, A LAS 12:40 HORAS\" >30 DE OCTUBRE DE 2023, A LAS 12:40 HORAS <\/td><td data-cell-id=\"B120\" data-x=\"1\" data-y=\"120\" data-db-index=\"120\" class=\"fsize-18\" data-cell-type=\"text\" data-original-value=\"PARTIDO ACCION NACIONAL\" data-order=\"PARTIDO ACCION NACIONAL\" >PARTIDO ACCION NACIONAL <\/td><td data-cell-id=\"C120\" data-x=\"2\" data-y=\"120\" data-db-index=\"120\" class=\"fsize-18\" data-cell-type=\"text\" data-original-value=\"CONSEJO GENERAL DEL INSTITUTO ELECTORAL DEL ESTADO DE CAMPECHE\" data-order=\"CONSEJO GENERAL DEL INSTITUTO ELECTORAL DEL ESTADO DE CAMPECHE\" >CONSEJO GENERAL DEL INSTITUTO ELECTORAL DEL ESTADO DE CAMPECHE <\/td><td data-cell-id=\"D120\" data-x=\"3\" data-y=\"120\" data-db-index=\"120\" class=\"fsize-18\" data-cell-type=\"text\" data-original-value=\"&lt;a href=&quot;https:\/\/teec.org.mx\/web\/wp-content\/uploads\/2023\/10\/TEEC-RAP-28-2023-2do-acu-30-10-2023.pdf&quot; target=&quot;_blank&quot;&gt;TEEC\/RAP\/28\/2023 (ACUERDO DE RECEPCI\u00d3N Y RADICACI\u00d3N)&lt;\/a&gt;\" data-order=\"&lt;a href=&quot;https:\/\/teec.org.mx\/web\/wp-content\/uploads\/2023\/10\/TEEC-RAP-28-2023-2do-acu-30-10-2023.pdf&quot; target=&quot;_blank&quot;&gt;TEEC\/RAP\/28\/2023 (ACUERDO DE RECEPCI\u00d3N Y RADICACI\u00d3N)&lt;\/a&gt;\" ><a href=\"https:\/\/teec.org.mx\/web\/wp-content\/uploads\/2023\/10\/TEEC-RAP-28-2023-2do-acu-30-10-2023.pdf\" target=\"_blank\">TEEC\/RAP\/28\/2023 (ACUERDO DE RECEPCI\u00d3N Y RADICACI\u00d3N)<\/a><\/td><\/tr><tr style=\"height:px\" ><td data-cell-id=\"A121\" data-x=\"0\" data-y=\"121\" data-db-index=\"121\" class=\"fsize-18\" data-cell-type=\"text\" data-original-value=\"30 DE OCTUBRE DE 2023, A LAS 12:20 HORAS\" data-order=\"30 DE OCTUBRE DE 2023, A LAS 12:20 HORAS\" >30 DE OCTUBRE DE 2023, A LAS 12:20 HORAS <\/td><td data-cell-id=\"B121\" data-x=\"1\" data-y=\"121\" data-db-index=\"121\" class=\"fsize-18\" data-cell-type=\"text\" data-original-value=\"PARTIDO DE LA REVOLUCI\u00d3N DEMOCR\u00c1TICA\" data-order=\"PARTIDO DE LA REVOLUCI\u00d3N DEMOCR\u00c1TICA\" >PARTIDO DE LA REVOLUCI\u00d3N DEMOCR\u00c1TICA <\/td><td data-cell-id=\"C121\" data-x=\"2\" data-y=\"121\" data-db-index=\"121\" class=\"fsize-18\" data-cell-type=\"text\" data-original-value=\"CONSEJO GENERAL DEL INSTITUTO ELECTORAL DEL ESTADO DE CAMPECHE\" data-order=\"CONSEJO GENERAL DEL INSTITUTO ELECTORAL DEL ESTADO DE CAMPECHE\" >CONSEJO GENERAL DEL INSTITUTO ELECTORAL DEL ESTADO DE CAMPECHE <\/td><td data-cell-id=\"D121\" data-x=\"3\" data-y=\"121\" data-db-index=\"121\" class=\"fsize-18\" data-cell-type=\"text\" data-original-value=\"&lt;a href=&quot;https:\/\/teec.org.mx\/web\/wp-content\/uploads\/2023\/10\/TEEC-RAP-27-2023-2do-acu-30-10-2023.pdf&quot; target=&quot;_blank&quot;&gt;TEEC\/RAP\/27\/2023 (ACUERDO DE RECEPCI\u00d3N Y RADICACI\u00d3N)&lt;\/a&gt;\" data-order=\"&lt;a href=&quot;https:\/\/teec.org.mx\/web\/wp-content\/uploads\/2023\/10\/TEEC-RAP-27-2023-2do-acu-30-10-2023.pdf&quot; target=&quot;_blank&quot;&gt;TEEC\/RAP\/27\/2023 (ACUERDO DE RECEPCI\u00d3N Y RADICACI\u00d3N)&lt;\/a&gt;\" ><a href=\"https:\/\/teec.org.mx\/web\/wp-content\/uploads\/2023\/10\/TEEC-RAP-27-2023-2do-acu-30-10-2023.pdf\" target=\"_blank\">TEEC\/RAP\/27\/2023 (ACUERDO DE RECEPCI\u00d3N Y RADICACI\u00d3N)<\/a><\/td><\/tr><tr style=\"height:px\" ><td data-cell-id=\"A122\" data-x=\"0\" data-y=\"122\" data-db-index=\"122\" class=\"fsize-18\" data-cell-type=\"text\" data-original-value=\"30 DE OCTUBRE DE 2023, A LAS 12:00 HORAS\" data-order=\"30 DE OCTUBRE DE 2023, A LAS 12:00 HORAS\" >30 DE OCTUBRE DE 2023, A LAS 12:00 HORAS <\/td><td data-cell-id=\"B122\" data-x=\"1\" data-y=\"122\" data-db-index=\"122\" class=\"fsize-18\" data-cell-type=\"text\" data-original-value=\"JUAN GUALBERTO ALONZO REBOLLEDO, EN SU CAR\u00c1CTER DE REPRESENTANTE PROPIETARIO DEL PARTIDO REVOLUCIONARIO INSTITUCIONAL ANTE EL CONSEJO GENERAL DEL INSTITUTO ELECTORAL DEL ESTADO DE CAMPECHE\" data-order=\"JUAN GUALBERTO ALONZO REBOLLEDO, EN SU CAR\u00c1CTER DE REPRESENTANTE PROPIETARIO DEL PARTIDO REVOLUCIONARIO INSTITUCIONAL ANTE EL CONSEJO GENERAL DEL INSTITUTO ELECTORAL DEL ESTADO DE CAMPECHE\" >JUAN GUALBERTO ALONZO REBOLLEDO, EN SU CAR\u00c1CTER DE REPRESENTANTE PROPIETARIO DEL PARTIDO REVOLUCIONARIO INSTITUCIONAL ANTE EL CONSEJO GENERAL DEL INSTITUTO ELECTORAL DEL ESTADO DE CAMPECHE <\/td><td data-cell-id=\"C122\" data-x=\"2\" data-y=\"122\" data-db-index=\"122\" class=\"fsize-18\" data-cell-type=\"text\" data-original-value=\"CONSEJO GENERAL DEL INSTITUTO ELECTORAL DEL ESTADO DE CAMPECHE\" data-order=\"CONSEJO GENERAL DEL INSTITUTO ELECTORAL DEL ESTADO DE CAMPECHE\" >CONSEJO GENERAL DEL INSTITUTO ELECTORAL DEL ESTADO DE CAMPECHE <\/td><td data-cell-id=\"D122\" data-x=\"3\" data-y=\"122\" data-db-index=\"122\" class=\"fsize-18\" data-cell-type=\"text\" data-original-value=\"&lt;a href=&quot;https:\/\/teec.org.mx\/web\/wp-content\/uploads\/2023\/10\/TEEC-RAP-25-2023-30-10-2023.pdf&quot; target=&quot;_blank&quot;&gt;TEEC\/RAP\/25\/2023 (ACUERDO DE REQUERIMIENTO)&lt;\/a&gt;\" data-order=\"&lt;a href=&quot;https:\/\/teec.org.mx\/web\/wp-content\/uploads\/2023\/10\/TEEC-RAP-25-2023-30-10-2023.pdf&quot; target=&quot;_blank&quot;&gt;TEEC\/RAP\/25\/2023 (ACUERDO DE REQUERIMIENTO)&lt;\/a&gt;\" ><a href=\"https:\/\/teec.org.mx\/web\/wp-content\/uploads\/2023\/10\/TEEC-RAP-25-2023-30-10-2023.pdf\" target=\"_blank\">TEEC\/RAP\/25\/2023 (ACUERDO DE REQUERIMIENTO)<\/a><\/td><\/tr><tr style=\"height:px\" ><td data-cell-id=\"A123\" data-x=\"0\" data-y=\"123\" data-db-index=\"123\" class=\"fsize-18\" data-cell-type=\"text\" data-original-value=\"30 DE OCTUBRE DE 2023, A LAS 11:45 HORAS\" data-order=\"30 DE OCTUBRE DE 2023, A LAS 11:45 HORAS\" >30 DE OCTUBRE DE 2023, A LAS 11:45 HORAS <\/td><td data-cell-id=\"B123\" data-x=\"1\" data-y=\"123\" data-db-index=\"123\" class=\"fsize-18\" data-cell-type=\"text\" data-original-value=\"LIRIO GUADALUPE SUAREZ AM\u00c9NDOLA, DAVID ANTONIO HERN\u00c1NDEZ FLORES Y ERICK JOEL PRIETO DZUL, PRESIDENTA DE LA JUNTA GENERAL EJECUTIVA Y TITULAR DE LA UNIDAD DE TECNOLOG\u00cdAS, SISTEMAS Y C\u00d3MPUTO TODOS DEL INSTITUTO ELECTORAL DEL ESTADO DE CAMPECHE\" data-order=\"LIRIO GUADALUPE SUAREZ AM\u00c9NDOLA, DAVID ANTONIO HERN\u00c1NDEZ FLORES Y ERICK JOEL PRIETO DZUL, PRESIDENTA DE LA JUNTA GENERAL EJECUTIVA Y TITULAR DE LA UNIDAD DE TECNOLOG\u00cdAS, SISTEMAS Y C\u00d3MPUTO TODOS DEL INSTITUTO ELECTORAL DEL ESTADO DE CAMPECHE\" >LIRIO GUADALUPE SUAREZ AM\u00c9NDOLA, DAVID ANTONIO HERN\u00c1NDEZ FLORES Y ERICK JOEL PRIETO DZUL, PRESIDENTA DE LA JUNTA GENERAL EJECUTIVA Y TITULAR DE LA UNIDAD DE TECNOLOG\u00cdAS, SISTEMAS Y C\u00d3MPUTO TODOS DEL INSTITUTO ELECTORAL DEL ESTADO DE CAMPECHE <\/td><td data-cell-id=\"C123\" data-x=\"2\" data-y=\"123\" data-db-index=\"123\" class=\"fsize-18\" data-cell-type=\"text\" data-original-value=\"TRIBUNAL ELECTORAL DEL ESTADO DE CAMPECHE\" data-order=\"TRIBUNAL ELECTORAL DEL ESTADO DE CAMPECHE\" >TRIBUNAL ELECTORAL DEL ESTADO DE CAMPECHE <\/td><td data-cell-id=\"D123\" data-x=\"3\" data-y=\"123\" data-db-index=\"123\" class=\"fsize-18\" data-cell-type=\"text\" data-original-value=\"&lt;a href=&quot;https:\/\/teec.org.mx\/web\/wp-content\/uploads\/2023\/10\/TEEC-RAP-23-2023-2do-acu-30-10-2023.pdf&quot; target=&quot;_blank&quot;&gt;TEEC\/RAP\/23\/2023 (SE INFORMA C\u00c9DULA DE RETIRO Y NO COMPARECENCIA DE TERCERO INTERESADO)&lt;\/a&gt;\" data-order=\"&lt;a href=&quot;https:\/\/teec.org.mx\/web\/wp-content\/uploads\/2023\/10\/TEEC-RAP-23-2023-2do-acu-30-10-2023.pdf&quot; target=&quot;_blank&quot;&gt;TEEC\/RAP\/23\/2023 (SE INFORMA C\u00c9DULA DE RETIRO Y NO COMPARECENCIA DE TERCERO INTERESADO)&lt;\/a&gt;\" ><a href=\"https:\/\/teec.org.mx\/web\/wp-content\/uploads\/2023\/10\/TEEC-RAP-23-2023-2do-acu-30-10-2023.pdf\" target=\"_blank\">TEEC\/RAP\/23\/2023 (SE INFORMA C\u00c9DULA DE RETIRO Y NO COMPARECENCIA DE TERCERO INTERESADO)<\/a><\/td><\/tr><tr style=\"height:px\" ><td data-cell-id=\"A124\" data-x=\"0\" data-y=\"124\" data-db-index=\"124\" class=\"fsize-18\" data-cell-type=\"text\" data-original-value=\"30 DE OCTUBRE DE 2023, A LAS 11:07 HORAS\" data-order=\"30 DE OCTUBRE DE 2023, A LAS 11:07 HORAS\" >30 DE OCTUBRE DE 2023, A LAS 11:07 HORAS <\/td><td data-cell-id=\"B124\" data-x=\"1\" data-y=\"124\" data-db-index=\"124\" class=\"fsize-18\" data-cell-type=\"text\" data-original-value=\"PARTIDO REVOLUCIONARIO INSTITUCIONAL\" data-order=\"PARTIDO REVOLUCIONARIO INSTITUCIONAL\" >PARTIDO REVOLUCIONARIO INSTITUCIONAL <\/td><td data-cell-id=\"C124\" data-x=\"2\" data-y=\"124\" data-db-index=\"124\" class=\"fsize-18\" data-cell-type=\"text\" data-original-value=\"TRIBUNAL ELECTORAL DEL ESTADO DE CAMPECHE\" data-order=\"TRIBUNAL ELECTORAL DEL ESTADO DE CAMPECHE\" >TRIBUNAL ELECTORAL DEL ESTADO DE CAMPECHE <\/td><td data-cell-id=\"D124\" data-x=\"3\" data-y=\"124\" data-db-index=\"124\" class=\"fsize-18\" data-cell-type=\"text\" data-original-value=\"&lt;a href=&quot;https:\/\/teec.org.mx\/web\/wp-content\/uploads\/2023\/10\/TEEC-RAP-23-2023-30-10-2023.pdf&quot; target=&quot;_blank&quot;&gt;TEEC\/RAP\/23\/2023 (SE DA POR NOTIFICADO ESTE ORGANO JURISDICCIONAL ELECTORAL LOCAL DEL ACUERDO DE SALA XALAPA)&lt;\/a&gt;\" data-order=\"&lt;a href=&quot;https:\/\/teec.org.mx\/web\/wp-content\/uploads\/2023\/10\/TEEC-RAP-23-2023-30-10-2023.pdf&quot; target=&quot;_blank&quot;&gt;TEEC\/RAP\/23\/2023 (SE DA POR NOTIFICADO ESTE ORGANO JURISDICCIONAL ELECTORAL LOCAL DEL ACUERDO DE SALA XALAPA)&lt;\/a&gt;\" ><a href=\"https:\/\/teec.org.mx\/web\/wp-content\/uploads\/2023\/10\/TEEC-RAP-23-2023-30-10-2023.pdf\" target=\"_blank\">TEEC\/RAP\/23\/2023 (SE DA POR NOTIFICADO ESTE ORGANO JURISDICCIONAL ELECTORAL LOCAL DEL ACUERDO DE SALA XALAPA)<\/a><\/td><\/tr><tr style=\"height:px\" ><td data-cell-id=\"A125\" data-x=\"0\" data-y=\"125\" data-db-index=\"125\" class=\"fsize-18\" data-cell-type=\"text\" data-original-value=\"30 DE OCTUBRE DE 2023, A LAS 9:25 HORAS\" data-order=\"30 DE OCTUBRE DE 2023, A LAS 9:25 HORAS\" >30 DE OCTUBRE DE 2023, A LAS 9:25 HORAS <\/td><td data-cell-id=\"B125\" data-x=\"1\" data-y=\"125\" data-db-index=\"125\" class=\"fsize-18\" data-cell-type=\"text\" data-original-value=\"PARTIDO ACCION NACIONAL\" data-order=\"PARTIDO ACCION NACIONAL\" >PARTIDO ACCION NACIONAL <\/td><td data-cell-id=\"C125\" data-x=\"2\" data-y=\"125\" data-db-index=\"125\" class=\"fsize-18\" data-cell-type=\"text\" data-original-value=\"CONSEJO GENERAL DEL INSTITUTO ELECTORAL DEL ESTADO DE CAMPECHE\" data-order=\"CONSEJO GENERAL DEL INSTITUTO ELECTORAL DEL ESTADO DE CAMPECHE\" >CONSEJO GENERAL DEL INSTITUTO ELECTORAL DEL ESTADO DE CAMPECHE <\/td><td data-cell-id=\"D125\" data-x=\"3\" data-y=\"125\" data-db-index=\"125\" class=\"fsize-18\" data-cell-type=\"text\" data-original-value=\"&lt;a href=&quot;https:\/\/teec.org.mx\/web\/wp-content\/uploads\/2023\/10\/TEEC-RAP-28-2023-30-10-2023.pdf&quot; target=&quot;_blank&quot;&gt;TEEC\/RAP\/28\/2023 (ACUERDO DE TURNO)&lt;\/a&gt;\" data-order=\"&lt;a href=&quot;https:\/\/teec.org.mx\/web\/wp-content\/uploads\/2023\/10\/TEEC-RAP-28-2023-30-10-2023.pdf&quot; target=&quot;_blank&quot;&gt;TEEC\/RAP\/28\/2023 (ACUERDO DE TURNO)&lt;\/a&gt;\" ><a href=\"https:\/\/teec.org.mx\/web\/wp-content\/uploads\/2023\/10\/TEEC-RAP-28-2023-30-10-2023.pdf\" target=\"_blank\">TEEC\/RAP\/28\/2023 (ACUERDO DE TURNO)<\/a><\/td><\/tr><tr style=\"height:px\" ><td data-cell-id=\"A126\" data-x=\"0\" data-y=\"126\" data-db-index=\"126\" class=\"fsize-18\" data-cell-type=\"text\" data-original-value=\"30 DE OCTUBRE DE 2023, A LAS 9:10 HORAS\" data-order=\"30 DE OCTUBRE DE 2023, A LAS 9:10 HORAS\" >30 DE OCTUBRE DE 2023, A LAS 9:10 HORAS <\/td><td data-cell-id=\"B126\" data-x=\"1\" data-y=\"126\" data-db-index=\"126\" class=\"fsize-18\" data-cell-type=\"text\" data-original-value=\"PARTIDO DE LA REVOLUCI\u00d3N DEMOCR\u00c1TICA\" data-order=\"PARTIDO DE LA REVOLUCI\u00d3N DEMOCR\u00c1TICA\" >PARTIDO DE LA REVOLUCI\u00d3N DEMOCR\u00c1TICA <\/td><td data-cell-id=\"C126\" data-x=\"2\" data-y=\"126\" data-db-index=\"126\" class=\"fsize-18\" data-cell-type=\"text\" data-original-value=\"CONSEJO GENERAL DEL INSTITUTO ELECTORAL DEL ESTADO DE CAMPECHE\" data-order=\"CONSEJO GENERAL DEL INSTITUTO ELECTORAL DEL ESTADO DE CAMPECHE\" >CONSEJO GENERAL DEL INSTITUTO ELECTORAL DEL ESTADO DE CAMPECHE <\/td><td data-cell-id=\"D126\" data-x=\"3\" data-y=\"126\" data-db-index=\"126\" class=\"fsize-18\" data-cell-type=\"text\" data-original-value=\"&lt;a href=&quot;https:\/\/teec.org.mx\/web\/wp-content\/uploads\/2023\/10\/TEEC-RAP-27-2023-30-10-2023.pdf&quot; target=&quot;_blank&quot;&gt;TEEC\/RAP\/27\/2023 (ACUERDO DE TURNO)&lt;\/a&gt;\" data-order=\"&lt;a href=&quot;https:\/\/teec.org.mx\/web\/wp-content\/uploads\/2023\/10\/TEEC-RAP-27-2023-30-10-2023.pdf&quot; target=&quot;_blank&quot;&gt;TEEC\/RAP\/27\/2023 (ACUERDO DE TURNO)&lt;\/a&gt;\" ><a href=\"https:\/\/teec.org.mx\/web\/wp-content\/uploads\/2023\/10\/TEEC-RAP-27-2023-30-10-2023.pdf\" target=\"_blank\">TEEC\/RAP\/27\/2023 (ACUERDO DE TURNO)<\/a><\/td><\/tr><tr style=\"height:px\" ><td data-cell-id=\"A127\" data-x=\"0\" data-y=\"127\" data-db-index=\"127\" class=\"fsize-18\" data-cell-type=\"text\" data-original-value=\"26 DE OCTUBRE DE 2023, A LAS 15:00 HORAS\" data-order=\"26 DE OCTUBRE DE 2023, A LAS 15:00 HORAS\" >26 DE OCTUBRE DE 2023, A LAS 15:00 HORAS <\/td><td data-cell-id=\"B127\" data-x=\"1\" data-y=\"127\" data-db-index=\"127\" class=\"fsize-18\" data-cell-type=\"text\" data-original-value=\"RAFAEL ALEJANDRO MORENO C\u00c1RDENAS Y PARTIDO REVOLUCIONARIO INSTITUCIONAL\" data-order=\"RAFAEL ALEJANDRO MORENO C\u00c1RDENAS Y PARTIDO REVOLUCIONARIO INSTITUCIONAL\" >RAFAEL ALEJANDRO MORENO C\u00c1RDENAS Y PARTIDO REVOLUCIONARIO INSTITUCIONAL <\/td><td data-cell-id=\"C127\" data-x=\"2\" data-y=\"127\" data-db-index=\"127\" class=\"fsize-18\" data-cell-type=\"text\" data-original-value=\"TRIBUNAL ELECTORAL DEL ESTADO DE CAMPECHE\" data-order=\"TRIBUNAL ELECTORAL DEL ESTADO DE CAMPECHE\" >TRIBUNAL ELECTORAL DEL ESTADO DE CAMPECHE <\/td><td data-cell-id=\"D127\" data-x=\"3\" data-y=\"127\" data-db-index=\"127\" class=\"fsize-18\" data-cell-type=\"text\" data-original-value=\"&lt;a href=&quot;https:\/\/teec.org.mx\/web\/wp-content\/uploads\/2023\/10\/TEEC-RAP-23-2023-26-10-2023.pdf&quot; target=&quot;_blank&quot;&gt;TEEC\/RAP\/23\/2023 (SE COMUNICA C\u00c9DULA DE RETIRO Y COMPARECENCIA DE TERCERO INTERESADO)&lt;\/a&gt;\" data-order=\"&lt;a href=&quot;https:\/\/teec.org.mx\/web\/wp-content\/uploads\/2023\/10\/TEEC-RAP-23-2023-26-10-2023.pdf&quot; target=&quot;_blank&quot;&gt;TEEC\/RAP\/23\/2023 (SE COMUNICA C\u00c9DULA DE RETIRO Y COMPARECENCIA DE TERCERO INTERESADO)&lt;\/a&gt;\" ><a href=\"https:\/\/teec.org.mx\/web\/wp-content\/uploads\/2023\/10\/TEEC-RAP-23-2023-26-10-2023.pdf\" target=\"_blank\">TEEC\/RAP\/23\/2023 (SE COMUNICA C\u00c9DULA DE RETIRO Y COMPARECENCIA DE TERCERO INTERESADO)<\/a><\/td><\/tr><tr style=\"height:px\" ><td data-cell-id=\"A128\" data-x=\"0\" data-y=\"128\" data-db-index=\"128\" class=\"fsize-18\" data-cell-type=\"text\" data-original-value=\"25 DE OCTUBRE DE 2023, A LAS 12:48 HORAS\" data-order=\"25 DE OCTUBRE DE 2023, A LAS 12:48 HORAS\" >25 DE OCTUBRE DE 2023, A LAS 12:48 HORAS <\/td><td data-cell-id=\"B128\" data-x=\"1\" data-y=\"128\" data-db-index=\"128\" class=\"fsize-18\" data-cell-type=\"text\" data-original-value=\"PARTIDO POL\u00cdTICO NACIONAL MOVIMIENTO CIUDADANO\" data-order=\"PARTIDO POL\u00cdTICO NACIONAL MOVIMIENTO CIUDADANO\" >PARTIDO POL\u00cdTICO NACIONAL MOVIMIENTO CIUDADANO <\/td><td data-cell-id=\"C128\" data-x=\"2\" data-y=\"128\" data-db-index=\"128\" class=\"fsize-18\" data-cell-type=\"text\" data-original-value=\"CONSEJO GENERAL DEL INSTITUTO ELECTORAL DEL ESTADO DE CAMPECHE\" data-order=\"CONSEJO GENERAL DEL INSTITUTO ELECTORAL DEL ESTADO DE CAMPECHE\" >CONSEJO GENERAL DEL INSTITUTO ELECTORAL DEL ESTADO DE CAMPECHE <\/td><td data-cell-id=\"D128\" data-x=\"3\" data-y=\"128\" data-db-index=\"128\" class=\"fsize-18\" data-cell-type=\"text\" data-original-value=\"&lt;a href=&quot;https:\/\/teec.org.mx\/web\/wp-content\/uploads\/2023\/10\/TEEC-RAP-26-2023-25-10-2023.pdf&quot; target=&quot;_blank&quot;&gt;TEEC\/RAP\/26\/2023 (ACUERDO DE RECEPCI\u00d3N Y RADICACI\u00d3N)&lt;\/a&gt;\" data-order=\"&lt;a href=&quot;https:\/\/teec.org.mx\/web\/wp-content\/uploads\/2023\/10\/TEEC-RAP-26-2023-25-10-2023.pdf&quot; target=&quot;_blank&quot;&gt;TEEC\/RAP\/26\/2023 (ACUERDO DE RECEPCI\u00d3N Y RADICACI\u00d3N)&lt;\/a&gt;\" ><a href=\"https:\/\/teec.org.mx\/web\/wp-content\/uploads\/2023\/10\/TEEC-RAP-26-2023-25-10-2023.pdf\" target=\"_blank\">TEEC\/RAP\/26\/2023 (ACUERDO DE RECEPCI\u00d3N Y RADICACI\u00d3N)<\/a><\/td><\/tr><tr style=\"height:px\" ><td data-cell-id=\"A129\" data-x=\"0\" data-y=\"129\" data-db-index=\"129\" class=\"fsize-18\" data-cell-type=\"text\" data-original-value=\"25 DE OCTUBRE DE 2023, A LAS 10:40 HORAS\" data-order=\"25 DE OCTUBRE DE 2023, A LAS 10:40 HORAS\" >25 DE OCTUBRE DE 2023, A LAS 10:40 HORAS <\/td><td data-cell-id=\"B129\" data-x=\"1\" data-y=\"129\" data-db-index=\"129\" class=\"fsize-18\" data-cell-type=\"text\" data-original-value=\"ALONDRA ANAH\u00cd POOL UC Y OTRA\" data-order=\"ALONDRA ANAH\u00cd POOL UC Y OTRA\" >ALONDRA ANAH\u00cd POOL UC Y OTRA <\/td><td data-cell-id=\"C129\" data-x=\"2\" data-y=\"129\" data-db-index=\"129\" class=\"fsize-18\" data-cell-type=\"text\" data-original-value=\"TRIBUNAL ELECTORAL DEL ESTADO DE CAMPECHE\" data-order=\"TRIBUNAL ELECTORAL DEL ESTADO DE CAMPECHE\" >TRIBUNAL ELECTORAL DEL ESTADO DE CAMPECHE <\/td><td data-cell-id=\"D129\" data-x=\"3\" data-y=\"129\" data-db-index=\"129\" class=\"fsize-18\" data-cell-type=\"text\" data-original-value=\"&lt;a href=&quot;https:\/\/teec.org.mx\/web\/wp-content\/uploads\/2023\/10\/TEEC-RAP-9-2023-y-acum-25-10-2023.pdf&quot; target=&quot;_blank&quot;&gt;TEEC\/RAP\/9\/2023, Y ACUMULADOS TEEC\/RAP\/10\/2023, TEEC\/RAP\/11\/2023, TEEC\/RAP\/12\/2023 Y TEEC\/RAP\/13\/2023 (SE DA POR NOTIFICADO ESTE \u00d3RGANO JURISDICCIONAL ELECTORAL LOCAL)&lt;\/a&gt;\" data-order=\"&lt;a href=&quot;https:\/\/teec.org.mx\/web\/wp-content\/uploads\/2023\/10\/TEEC-RAP-9-2023-y-acum-25-10-2023.pdf&quot; target=&quot;_blank&quot;&gt;TEEC\/RAP\/9\/2023, Y ACUMULADOS TEEC\/RAP\/10\/2023, TEEC\/RAP\/11\/2023, TEEC\/RAP\/12\/2023 Y TEEC\/RAP\/13\/2023 (SE DA POR NOTIFICADO ESTE \u00d3RGANO JURISDICCIONAL ELECTORAL LOCAL)&lt;\/a&gt;\" ><a href=\"https:\/\/teec.org.mx\/web\/wp-content\/uploads\/2023\/10\/TEEC-RAP-9-2023-y-acum-25-10-2023.pdf\" target=\"_blank\">TEEC\/RAP\/9\/2023, Y ACUMULADOS TEEC\/RAP\/10\/2023, TEEC\/RAP\/11\/2023, TEEC\/RAP\/12\/2023 Y TEEC\/RAP\/13\/2023 (SE DA POR NOTIFICADO ESTE \u00d3RGANO JURISDICCIONAL ELECTORAL LOCAL)<\/a><\/td><\/tr><tr style=\"height:px\" ><td data-cell-id=\"A130\" data-x=\"0\" data-y=\"130\" data-db-index=\"130\" class=\"fsize-18\" data-cell-type=\"text\" data-original-value=\"25 DE OCTUBRE DE 2023, A LAS 10:15 HORAS\" data-order=\"25 DE OCTUBRE DE 2023, A LAS 10:15 HORAS\" >25 DE OCTUBRE DE 2023, A LAS 10:15 HORAS <\/td><td data-cell-id=\"B130\" data-x=\"1\" data-y=\"130\" data-db-index=\"130\" class=\"fsize-18\" data-cell-type=\"text\" data-original-value=\"MOVIMIENTO LABORISTA CAMPECHE A.C.\" data-order=\"MOVIMIENTO LABORISTA CAMPECHE A.C.\" >MOVIMIENTO LABORISTA CAMPECHE A.C. <\/td><td data-cell-id=\"C130\" data-x=\"2\" data-y=\"130\" data-db-index=\"130\" class=\"fsize-18\" data-cell-type=\"text\" data-original-value=\"TRIBUNAL ELECTORAL DEL ESTADO DE CAMPECHE\" data-order=\"TRIBUNAL ELECTORAL DEL ESTADO DE CAMPECHE\" >TRIBUNAL ELECTORAL DEL ESTADO DE CAMPECHE <\/td><td data-cell-id=\"D130\" data-x=\"3\" data-y=\"130\" data-db-index=\"130\" class=\"fsize-18\" data-cell-type=\"text\" data-original-value=\"&lt;a href=&quot;https:\/\/teec.org.mx\/web\/wp-content\/uploads\/2023\/10\/TEEC-RAP-17-2023-y-acum-25-10-2023.pdf&quot; target=&quot;_blank&quot;&gt;TEEC\/RAP\/17\/2023 Y SUS ACUMULADOS TEEC\/RAP\/18\/2023, TEEC\/RAP\/19\/2023 Y TEEC\/RAP\/20\/2023 (SE DA POR NOTIFICADO ESTE \u00d3RGANO JURISDICCIONAL ELECTORAL LOCAL)&lt;\/a&gt;\" data-order=\"&lt;a href=&quot;https:\/\/teec.org.mx\/web\/wp-content\/uploads\/2023\/10\/TEEC-RAP-17-2023-y-acum-25-10-2023.pdf&quot; target=&quot;_blank&quot;&gt;TEEC\/RAP\/17\/2023 Y SUS ACUMULADOS TEEC\/RAP\/18\/2023, TEEC\/RAP\/19\/2023 Y TEEC\/RAP\/20\/2023 (SE DA POR NOTIFICADO ESTE \u00d3RGANO JURISDICCIONAL ELECTORAL LOCAL)&lt;\/a&gt;\" ><a href=\"https:\/\/teec.org.mx\/web\/wp-content\/uploads\/2023\/10\/TEEC-RAP-17-2023-y-acum-25-10-2023.pdf\" target=\"_blank\">TEEC\/RAP\/17\/2023 Y SUS ACUMULADOS TEEC\/RAP\/18\/2023, TEEC\/RAP\/19\/2023 Y TEEC\/RAP\/20\/2023 (SE DA POR NOTIFICADO ESTE \u00d3RGANO JURISDICCIONAL ELECTORAL LOCAL)<\/a><\/td><\/tr><tr style=\"height:px\" ><td data-cell-id=\"A131\" data-x=\"0\" data-y=\"131\" data-db-index=\"131\" class=\"fsize-18\" data-cell-type=\"text\" data-original-value=\"25 DE OCTUBRE DE 2023, A LAS 10:00 HORAS\" data-order=\"25 DE OCTUBRE DE 2023, A LAS 10:00 HORAS\" >25 DE OCTUBRE DE 2023, A LAS 10:00 HORAS <\/td><td data-cell-id=\"B131\" data-x=\"1\" data-y=\"131\" data-db-index=\"131\" class=\"fsize-18\" data-cell-type=\"text\" data-original-value=\"JUNTA GENERAL EJECUTIVA DEL INSTITUTO ELECTORAL DEL ESTADO DE CAMPECHE\" data-order=\"JUNTA GENERAL EJECUTIVA DEL INSTITUTO ELECTORAL DEL ESTADO DE CAMPECHE\" >JUNTA GENERAL EJECUTIVA DEL INSTITUTO ELECTORAL DEL ESTADO DE CAMPECHE <\/td><td data-cell-id=\"C131\" data-x=\"2\" data-y=\"131\" data-db-index=\"131\" class=\"fsize-18\" data-cell-type=\"text\" data-original-value=\"TRIBUNAL ELECTORAL DEL ESTADO DE CAMPECHE\" data-order=\"TRIBUNAL ELECTORAL DEL ESTADO DE CAMPECHE\" >TRIBUNAL ELECTORAL DEL ESTADO DE CAMPECHE <\/td><td data-cell-id=\"D131\" data-x=\"3\" data-y=\"131\" data-db-index=\"131\" class=\"fsize-18\" data-cell-type=\"text\" data-original-value=\"&lt;a href=&quot;https:\/\/teec.org.mx\/web\/wp-content\/uploads\/2023\/10\/TEEC-RAP-23-2023-25-10-2023.pdf&quot; target=&quot;_blank&quot;&gt;TEEC\/RAP\/23\/2023 (TR\u00c1MITE DE MEDIO DE IMPUGNACI\u00d3N FEDERAL)&lt;\/a&gt;\" data-order=\"&lt;a href=&quot;https:\/\/teec.org.mx\/web\/wp-content\/uploads\/2023\/10\/TEEC-RAP-23-2023-25-10-2023.pdf&quot; target=&quot;_blank&quot;&gt;TEEC\/RAP\/23\/2023 (TR\u00c1MITE DE MEDIO DE IMPUGNACI\u00d3N FEDERAL)&lt;\/a&gt;\" ><a href=\"https:\/\/teec.org.mx\/web\/wp-content\/uploads\/2023\/10\/TEEC-RAP-23-2023-25-10-2023.pdf\" target=\"_blank\">TEEC\/RAP\/23\/2023 (TR\u00c1MITE DE MEDIO DE IMPUGNACI\u00d3N FEDERAL)<\/a><\/td><\/tr><tr style=\"height:px\" ><td data-cell-id=\"A132\" data-x=\"0\" data-y=\"132\" data-db-index=\"132\" class=\"fsize-18\" data-cell-type=\"text\" data-original-value=\"24 DE OCTUBRE DE 2023, A LAS 14:10 HORAS\" data-order=\"24 DE OCTUBRE DE 2023, A LAS 14:10 HORAS\" >24 DE OCTUBRE DE 2023, A LAS 14:10 HORAS <\/td><td data-cell-id=\"B132\" data-x=\"1\" data-y=\"132\" data-db-index=\"132\" class=\"fsize-18\" data-cell-type=\"text\" data-original-value=\"MOVIMIENTO CIUDADANO\" data-order=\"MOVIMIENTO CIUDADANO\" >MOVIMIENTO CIUDADANO <\/td><td data-cell-id=\"C132\" data-x=\"2\" data-y=\"132\" data-db-index=\"132\" class=\"fsize-18\" data-cell-type=\"text\" data-original-value=\"CONSEJO GENERAL DEL INSTITUTO ELECTORAL DEL ESTADO DE CAMPECHE\" data-order=\"CONSEJO GENERAL DEL INSTITUTO ELECTORAL DEL ESTADO DE CAMPECHE\" >CONSEJO GENERAL DEL INSTITUTO ELECTORAL DEL ESTADO DE CAMPECHE <\/td><td data-cell-id=\"D132\" data-x=\"3\" data-y=\"132\" data-db-index=\"132\" class=\"fsize-18\" data-cell-type=\"text\" data-original-value=\"&lt;a href=&quot;https:\/\/teec.org.mx\/web\/wp-content\/uploads\/2023\/10\/TEEC-RAP-26-2023-24-10-2023.pdf&quot; target=&quot;_blank&quot;&gt;TEEC\/RAP\/26\/2023 (ACUERDO DE TURNO)&lt;\/a&gt;\" data-order=\"&lt;a href=&quot;https:\/\/teec.org.mx\/web\/wp-content\/uploads\/2023\/10\/TEEC-RAP-26-2023-24-10-2023.pdf&quot; target=&quot;_blank&quot;&gt;TEEC\/RAP\/26\/2023 (ACUERDO DE TURNO)&lt;\/a&gt;\" ><a href=\"https:\/\/teec.org.mx\/web\/wp-content\/uploads\/2023\/10\/TEEC-RAP-26-2023-24-10-2023.pdf\" target=\"_blank\">TEEC\/RAP\/26\/2023 (ACUERDO DE TURNO)<\/a><\/td><\/tr><tr style=\"height:px\" ><td data-cell-id=\"A133\" data-x=\"0\" data-y=\"133\" data-db-index=\"133\" class=\"fsize-18\" data-cell-type=\"text\" data-original-value=\"23 DE OCTUBRE DE 2023, A LAS 13:10 HORAS\" data-order=\"23 DE OCTUBRE DE 2023, A LAS 13:10 HORAS\" >23 DE OCTUBRE DE 2023, A LAS 13:10 HORAS <\/td><td data-cell-id=\"B133\" data-x=\"1\" data-y=\"133\" data-db-index=\"133\" class=\"fsize-18\" data-cell-type=\"text\" data-original-value=\"RAFAEL ALEJANDRO MORENO C\u00c1RDENAS Y PARTIDO REVOLUCIONARIO INSTITUCIONAL\" data-order=\"RAFAEL ALEJANDRO MORENO C\u00c1RDENAS Y PARTIDO REVOLUCIONARIO INSTITUCIONAL\" >RAFAEL ALEJANDRO MORENO C\u00c1RDENAS Y PARTIDO REVOLUCIONARIO INSTITUCIONAL <\/td><td data-cell-id=\"C133\" data-x=\"2\" data-y=\"133\" data-db-index=\"133\" class=\"fsize-18\" data-cell-type=\"text\" data-original-value=\"TRIBUNAL ELECTORAL DEL ESTADO DE CAMPECHE\" data-order=\"TRIBUNAL ELECTORAL DEL ESTADO DE CAMPECHE\" >TRIBUNAL ELECTORAL DEL ESTADO DE CAMPECHE <\/td><td data-cell-id=\"D133\" data-x=\"3\" data-y=\"133\" data-db-index=\"133\" class=\"fsize-18\" data-cell-type=\"text\" data-original-value=\"&lt;a href=&quot;https:\/\/teec.org.mx\/web\/wp-content\/uploads\/2023\/10\/TEEC-RAP-23-2023-23-10-2023.pdf&quot; target=&quot;_blank&quot;&gt;TEEC\/RAP\/23\/2023 (TR\u00c1MITE DE MEDIO DE IMPUGNACI\u00d3N FEDERAL)&lt;\/a&gt;\" data-order=\"&lt;a href=&quot;https:\/\/teec.org.mx\/web\/wp-content\/uploads\/2023\/10\/TEEC-RAP-23-2023-23-10-2023.pdf&quot; target=&quot;_blank&quot;&gt;TEEC\/RAP\/23\/2023 (TR\u00c1MITE DE MEDIO DE IMPUGNACI\u00d3N FEDERAL)&lt;\/a&gt;\" ><a href=\"https:\/\/teec.org.mx\/web\/wp-content\/uploads\/2023\/10\/TEEC-RAP-23-2023-23-10-2023.pdf\" target=\"_blank\">TEEC\/RAP\/23\/2023 (TR\u00c1MITE DE MEDIO DE IMPUGNACI\u00d3N FEDERAL)<\/a><\/td><\/tr><tr style=\"height:px\" ><td data-cell-id=\"A134\" data-x=\"0\" data-y=\"134\" data-db-index=\"134\" class=\"fsize-18\" data-cell-type=\"text\" data-original-value=\"18 DE OCTUBRE DE 2023, A LAS 12:40 HORAS\" data-order=\"18 DE OCTUBRE DE 2023, A LAS 12:40 HORAS\" >18 DE OCTUBRE DE 2023, A LAS 12:40 HORAS <\/td><td data-cell-id=\"B134\" data-x=\"1\" data-y=\"134\" data-db-index=\"134\" class=\"fsize-18\" data-cell-type=\"text\" data-original-value=\"JOSE CLEMENTE MARRERO ORTIZ, EN CALIDAD DE APODERADO LEGAL DE RAFAEL ALEJANDRO MORENO C\u00c1RDENAS Y JUAN GUALBERTO ALONZO REBOLLEDO, EN SU CAR\u00c1CTER DE REPRESENTANTE PROPIETARIO DEL PARTIDO REVOLUCIONARIO INSTITUCIONAL ANTE EL CONSEJO GENERAL DEL INSTITUTO ELECTORAL DEL ESTADO DE CAMPECHE\" data-order=\"JOSE CLEMENTE MARRERO ORTIZ, EN CALIDAD DE APODERADO LEGAL DE RAFAEL ALEJANDRO MORENO C\u00c1RDENAS Y JUAN GUALBERTO ALONZO REBOLLEDO, EN SU CAR\u00c1CTER DE REPRESENTANTE PROPIETARIO DEL PARTIDO REVOLUCIONARIO INSTITUCIONAL ANTE EL CONSEJO GENERAL DEL INSTITUTO ELECTORAL DEL ESTADO DE CAMPECHE\" >JOSE CLEMENTE MARRERO ORTIZ, EN CALIDAD DE APODERADO LEGAL DE RAFAEL ALEJANDRO MORENO C\u00c1RDENAS Y JUAN GUALBERTO ALONZO REBOLLEDO, EN SU CAR\u00c1CTER DE REPRESENTANTE PROPIETARIO DEL PARTIDO REVOLUCIONARIO INSTITUCIONAL ANTE EL CONSEJO GENERAL DEL INSTITUTO ELECTORAL DEL ESTADO DE CAMPECHE <\/td><td data-cell-id=\"C134\" data-x=\"2\" data-y=\"134\" data-db-index=\"134\" class=\"fsize-18\" data-cell-type=\"text\" data-original-value=\"JUNTA GENERAL EJECUTIVA DEL INSTITUTO ELECTORAL DEL ESTADO DE CAMPECHE\" data-order=\"JUNTA GENERAL EJECUTIVA DEL INSTITUTO ELECTORAL DEL ESTADO DE CAMPECHE\" >JUNTA GENERAL EJECUTIVA DEL INSTITUTO ELECTORAL DEL ESTADO DE CAMPECHE <\/td><td data-cell-id=\"D134\" data-x=\"3\" data-y=\"134\" data-db-index=\"134\" class=\"fsize-18\" data-cell-type=\"text\" data-original-value=\"&lt;a href=&quot;https:\/\/teec.org.mx\/web\/wp-content\/uploads\/2023\/10\/TEEC-RAP-23-2023-sentencia-18-10-2023.pdf&quot; target=&quot;_blank&quot;&gt;TEEC\/RAP\/23\/2023 (SENTENCIA)&lt;\/a&gt;\" data-order=\"&lt;a href=&quot;https:\/\/teec.org.mx\/web\/wp-content\/uploads\/2023\/10\/TEEC-RAP-23-2023-sentencia-18-10-2023.pdf&quot; target=&quot;_blank&quot;&gt;TEEC\/RAP\/23\/2023 (SENTENCIA)&lt;\/a&gt;\" ><a href=\"https:\/\/teec.org.mx\/web\/wp-content\/uploads\/2023\/10\/TEEC-RAP-23-2023-sentencia-18-10-2023.pdf\" target=\"_blank\">TEEC\/RAP\/23\/2023 (SENTENCIA)<\/a><\/td><\/tr><tr style=\"height:px\" ><td data-cell-id=\"A135\" data-x=\"0\" data-y=\"135\" data-db-index=\"135\" class=\"fsize-18\" data-cell-type=\"text\" data-original-value=\"17 DE OCTUBRE DE 2023, A LAS 14:40 HORAS\" data-order=\"17 DE OCTUBRE DE 2023, A LAS 14:40 HORAS\" >17 DE OCTUBRE DE 2023, A LAS 14:40 HORAS <\/td><td data-cell-id=\"B135\" data-x=\"1\" data-y=\"135\" data-db-index=\"135\" class=\"fsize-18\" data-cell-type=\"text\" data-original-value=\"C\u00c9SAR ISMAEL MART\u00cdN EHU\u00c1N, REPRESENTANTE PROPIETARIO DEL PARTIDO ACCI\u00d3N NACIONAL\" data-order=\"C\u00c9SAR ISMAEL MART\u00cdN EHU\u00c1N, REPRESENTANTE PROPIETARIO DEL PARTIDO ACCI\u00d3N NACIONAL\" >C\u00c9SAR ISMAEL MART\u00cdN EHU\u00c1N, REPRESENTANTE PROPIETARIO DEL PARTIDO ACCI\u00d3N NACIONAL <\/td><td data-cell-id=\"C135\" data-x=\"2\" data-y=\"135\" data-db-index=\"135\" class=\"fsize-18\" data-cell-type=\"text\" data-original-value=\"CONSEJO GENERAL DEL INSTITUTO ELECTORAL DEL ESTADO DE CAMPECHE\" data-order=\"CONSEJO GENERAL DEL INSTITUTO ELECTORAL DEL ESTADO DE CAMPECHE\" >CONSEJO GENERAL DEL INSTITUTO ELECTORAL DEL ESTADO DE CAMPECHE <\/td><td data-cell-id=\"D135\" data-x=\"3\" data-y=\"135\" data-db-index=\"135\" class=\"fsize-18\" data-cell-type=\"text\" data-original-value=\"&lt;a href=&quot;https:\/\/teec.org.mx\/web\/wp-content\/uploads\/2023\/10\/TEEC-RAP-24-2023-sentencia-17-10-2023.pdf&quot; target=&quot;_blank&quot;&gt;TEEC\/RAP\/24\/2023 (SENTENCIA)&lt;\/a&gt;\" data-order=\"&lt;a href=&quot;https:\/\/teec.org.mx\/web\/wp-content\/uploads\/2023\/10\/TEEC-RAP-24-2023-sentencia-17-10-2023.pdf&quot; target=&quot;_blank&quot;&gt;TEEC\/RAP\/24\/2023 (SENTENCIA)&lt;\/a&gt;\" ><a href=\"https:\/\/teec.org.mx\/web\/wp-content\/uploads\/2023\/10\/TEEC-RAP-24-2023-sentencia-17-10-2023.pdf\" target=\"_blank\">TEEC\/RAP\/24\/2023 (SENTENCIA)<\/a><\/td><\/tr><tr style=\"height:px\" ><td data-cell-id=\"A136\" data-x=\"0\" data-y=\"136\" data-db-index=\"136\" class=\"fsize-18\" data-cell-type=\"text\" data-original-value=\"17 DE OCTUBRE DE 2023, A LAS 13:26 HORAS\" data-order=\"17 DE OCTUBRE DE 2023, A LAS 13:26 HORAS\" >17 DE OCTUBRE DE 2023, A LAS 13:26 HORAS <\/td><td data-cell-id=\"B136\" data-x=\"1\" data-y=\"136\" data-db-index=\"136\" class=\"fsize-18\" data-cell-type=\"text\" data-original-value=\"JUAN GUALBERTO ALONZO REBOLLEDO, EN SU CAR\u00c1CTER DE REPRESENTANTE PROPIETARIO DEL PARTIDO REVOLUCIONARIO INSTITUCIONAL ANTE EL CONSEJO GENERAL DEL INSTITUTO ELECTORAL DEL ESTADO DE CAMPECHE\" data-order=\"JUAN GUALBERTO ALONZO REBOLLEDO, EN SU CAR\u00c1CTER DE REPRESENTANTE PROPIETARIO DEL PARTIDO REVOLUCIONARIO INSTITUCIONAL ANTE EL CONSEJO GENERAL DEL INSTITUTO ELECTORAL DEL ESTADO DE CAMPECHE\" >JUAN GUALBERTO ALONZO REBOLLEDO, EN SU CAR\u00c1CTER DE REPRESENTANTE PROPIETARIO DEL PARTIDO REVOLUCIONARIO INSTITUCIONAL ANTE EL CONSEJO GENERAL DEL INSTITUTO ELECTORAL DEL ESTADO DE CAMPECHE <\/td><td data-cell-id=\"C136\" data-x=\"2\" data-y=\"136\" data-db-index=\"136\" class=\"fsize-18\" data-cell-type=\"text\" data-original-value=\"CONSEJO GENERAL DEL INSTITUTO ELECTORAL DEL ESTADO DE CAMPECHE\" data-order=\"CONSEJO GENERAL DEL INSTITUTO ELECTORAL DEL ESTADO DE CAMPECHE\" >CONSEJO GENERAL DEL INSTITUTO ELECTORAL DEL ESTADO DE CAMPECHE <\/td><td data-cell-id=\"D136\" data-x=\"3\" data-y=\"136\" data-db-index=\"136\" class=\"fsize-18\" data-cell-type=\"text\" data-original-value=\"&lt;a href=&quot;https:\/\/teec.org.mx\/web\/wp-content\/uploads\/2023\/10\/TEEC-RAP-25-2023-17-10-2023.pdf&quot; target=&quot;_blank&quot;&gt;TEEC\/RAP\/25\/2023 (ACUERDO DE RECEPCI\u00d3N, RADICACI\u00d3N Y RESERVA DE ADMISI\u00d3N)&lt;\/a&gt;\" data-order=\"&lt;a href=&quot;https:\/\/teec.org.mx\/web\/wp-content\/uploads\/2023\/10\/TEEC-RAP-25-2023-17-10-2023.pdf&quot; target=&quot;_blank&quot;&gt;TEEC\/RAP\/25\/2023 (ACUERDO DE RECEPCI\u00d3N, RADICACI\u00d3N Y RESERVA DE ADMISI\u00d3N)&lt;\/a&gt;\" ><a href=\"https:\/\/teec.org.mx\/web\/wp-content\/uploads\/2023\/10\/TEEC-RAP-25-2023-17-10-2023.pdf\" target=\"_blank\">TEEC\/RAP\/25\/2023 (ACUERDO DE RECEPCI\u00d3N, RADICACI\u00d3N Y RESERVA DE ADMISI\u00d3N)<\/a><\/td><\/tr><tr style=\"height:px\" ><td data-cell-id=\"A137\" data-x=\"0\" data-y=\"137\" data-db-index=\"137\" class=\"fsize-18\" data-cell-type=\"text\" data-original-value=\"16 DE OCTUBRE DE 2023, A LAS 13:00 HORAS\" data-order=\"16 DE OCTUBRE DE 2023, A LAS 13:00 HORAS\" >16 DE OCTUBRE DE 2023, A LAS 13:00 HORAS <\/td><td data-cell-id=\"B137\" data-x=\"1\" data-y=\"137\" data-db-index=\"137\" class=\"fsize-18\" data-cell-type=\"text\" data-original-value=\"JUAN GUALBERTO ALONZO REBOLLEDO REPRESENTANTE PROPIETARIO DEL PARTIDO REVOLUCIONARIO INSTITUCIONAL\" data-order=\"JUAN GUALBERTO ALONZO REBOLLEDO REPRESENTANTE PROPIETARIO DEL PARTIDO REVOLUCIONARIO INSTITUCIONAL\" >JUAN GUALBERTO ALONZO REBOLLEDO REPRESENTANTE PROPIETARIO DEL PARTIDO REVOLUCIONARIO INSTITUCIONAL <\/td><td data-cell-id=\"C137\" data-x=\"2\" data-y=\"137\" data-db-index=\"137\" class=\"fsize-18\" data-cell-type=\"text\" data-original-value=\"CONSEJO GENERAL DEL INSTITUTO ELECTORAL DEL ESTADO DE CAMPECHE\" data-order=\"CONSEJO GENERAL DEL INSTITUTO ELECTORAL DEL ESTADO DE CAMPECHE\" >CONSEJO GENERAL DEL INSTITUTO ELECTORAL DEL ESTADO DE CAMPECHE <\/td><td data-cell-id=\"D137\" data-x=\"3\" data-y=\"137\" data-db-index=\"137\" class=\"fsize-18\" data-cell-type=\"text\" data-original-value=\"&lt;a href=&quot;https:\/\/teec.org.mx\/web\/wp-content\/uploads\/2023\/10\/TEEC-RAP-25-2023-16-10-2023.pdf&quot; target=&quot;_blank&quot;&gt;TEEC\/RAP\/25\/2023 (ACUERDO DE TURNO)&lt;\/a&gt;\" data-order=\"&lt;a href=&quot;https:\/\/teec.org.mx\/web\/wp-content\/uploads\/2023\/10\/TEEC-RAP-25-2023-16-10-2023.pdf&quot; target=&quot;_blank&quot;&gt;TEEC\/RAP\/25\/2023 (ACUERDO DE TURNO)&lt;\/a&gt;\" ><a href=\"https:\/\/teec.org.mx\/web\/wp-content\/uploads\/2023\/10\/TEEC-RAP-25-2023-16-10-2023.pdf\" target=\"_blank\">TEEC\/RAP\/25\/2023 (ACUERDO DE TURNO)<\/a><\/td><\/tr><tr style=\"height:px\" ><td data-cell-id=\"A138\" data-x=\"0\" data-y=\"138\" data-db-index=\"138\" class=\"fsize-18\" data-cell-type=\"text\" data-original-value=\"13 DE OCTUBRE DE 2023, A LAS 14:03 HORAS\" data-order=\"13 DE OCTUBRE DE 2023, A LAS 14:03 HORAS\" >13 DE OCTUBRE DE 2023, A LAS 14:03 HORAS <\/td><td data-cell-id=\"B138\" data-x=\"1\" data-y=\"138\" data-db-index=\"138\" class=\"fsize-18\" data-cell-type=\"text\" data-original-value=\"C\u00c9SAR ISMAEL MART\u00cdN EHU\u00c1N, REPRESENTANTE PROPIETARIO DEL PARTIDO ACCI\u00d3N NACIONAL\" data-order=\"C\u00c9SAR ISMAEL MART\u00cdN EHU\u00c1N, REPRESENTANTE PROPIETARIO DEL PARTIDO ACCI\u00d3N NACIONAL\" >C\u00c9SAR ISMAEL MART\u00cdN EHU\u00c1N, REPRESENTANTE PROPIETARIO DEL PARTIDO ACCI\u00d3N NACIONAL <\/td><td data-cell-id=\"C138\" data-x=\"2\" data-y=\"138\" data-db-index=\"138\" class=\"fsize-18\" data-cell-type=\"text\" data-original-value=\"CONSEJO GENERAL DEL INSTITUTO ELECTORAL DEL ESTADO DE CAMPECHE\" data-order=\"CONSEJO GENERAL DEL INSTITUTO ELECTORAL DEL ESTADO DE CAMPECHE\" >CONSEJO GENERAL DEL INSTITUTO ELECTORAL DEL ESTADO DE CAMPECHE <\/td><td data-cell-id=\"D138\" data-x=\"3\" data-y=\"138\" data-db-index=\"138\" class=\"fsize-18\" data-cell-type=\"text\" data-original-value=\"&lt;a href=&quot;https:\/\/teec.org.mx\/web\/wp-content\/uploads\/2023\/10\/TEEC-RAP-24-2023-13-10-2023.pdf&quot; target=&quot;_blank&quot;&gt;TEEC\/RAP\/24\/2023 (ACUERDO DE CIERRE Y FIJACI\u00d3N DE FECHA Y HORA)&lt;\/a&gt;\" data-order=\"&lt;a href=&quot;https:\/\/teec.org.mx\/web\/wp-content\/uploads\/2023\/10\/TEEC-RAP-24-2023-13-10-2023.pdf&quot; target=&quot;_blank&quot;&gt;TEEC\/RAP\/24\/2023 (ACUERDO DE CIERRE Y FIJACI\u00d3N DE FECHA Y HORA)&lt;\/a&gt;\" ><a href=\"https:\/\/teec.org.mx\/web\/wp-content\/uploads\/2023\/10\/TEEC-RAP-24-2023-13-10-2023.pdf\" target=\"_blank\">TEEC\/RAP\/24\/2023 (ACUERDO DE CIERRE Y FIJACI\u00d3N DE FECHA Y HORA)<\/a><\/td><\/tr><tr style=\"height:px\" ><td data-cell-id=\"A139\" data-x=\"0\" data-y=\"139\" data-db-index=\"139\" class=\"fsize-18\" data-cell-type=\"text\" data-original-value=\"13 DE OCTUBRE DE 2023, A LAS 13:27 HORAS\" data-order=\"13 DE OCTUBRE DE 2023, A LAS 13:27 HORAS\" >13 DE OCTUBRE DE 2023, A LAS 13:27 HORAS <\/td><td data-cell-id=\"B139\" data-x=\"1\" data-y=\"139\" data-db-index=\"139\" class=\"fsize-18\" data-cell-type=\"text\" data-original-value=\"JOSE CLEMENTE MARRERO ORTIZ, EN CALIDAD DE APODERADO LEGAL DE RAFAEL ALEJANDRO MORENO C\u00c1RDENAS Y JUAN GUALBERTO ALONZO REBOLLEDO, EN SU CAR\u00c1CTER DE REPRESENTANTE PROPIETARIO DEL PARTIDO REVOLUCIONARIO INSTITUCIONAL ANTE EL CONSEJO GENERAL DEL INSTITUTO ELECTORAL DEL ESTADO DE CAMPECHE\" data-order=\"JOSE CLEMENTE MARRERO ORTIZ, EN CALIDAD DE APODERADO LEGAL DE RAFAEL ALEJANDRO MORENO C\u00c1RDENAS Y JUAN GUALBERTO ALONZO REBOLLEDO, EN SU CAR\u00c1CTER DE REPRESENTANTE PROPIETARIO DEL PARTIDO REVOLUCIONARIO INSTITUCIONAL ANTE EL CONSEJO GENERAL DEL INSTITUTO ELECTORAL DEL ESTADO DE CAMPECHE\" >JOSE CLEMENTE MARRERO ORTIZ, EN CALIDAD DE APODERADO LEGAL DE RAFAEL ALEJANDRO MORENO C\u00c1RDENAS Y JUAN GUALBERTO ALONZO REBOLLEDO, EN SU CAR\u00c1CTER DE REPRESENTANTE PROPIETARIO DEL PARTIDO REVOLUCIONARIO INSTITUCIONAL ANTE EL CONSEJO GENERAL DEL INSTITUTO ELECTORAL DEL ESTADO DE CAMPECHE <\/td><td data-cell-id=\"C139\" data-x=\"2\" data-y=\"139\" data-db-index=\"139\" class=\"fsize-18\" data-cell-type=\"text\" data-original-value=\"JUNTA GENERAL EJECUTIVA DEL INSTITUTO ELECTORAL DEL ESTADO DE CAMPECHE\" data-order=\"JUNTA GENERAL EJECUTIVA DEL INSTITUTO ELECTORAL DEL ESTADO DE CAMPECHE\" >JUNTA GENERAL EJECUTIVA DEL INSTITUTO ELECTORAL DEL ESTADO DE CAMPECHE <\/td><td data-cell-id=\"D139\" data-x=\"3\" data-y=\"139\" data-db-index=\"139\" class=\"fsize-18\" data-cell-type=\"text\" data-original-value=\"&lt;a href=&quot;https:\/\/teec.org.mx\/web\/wp-content\/uploads\/2023\/10\/TEEC-RAP-23-2023-13-10-2023.pdf&quot; target=&quot;_blank&quot;&gt;TEEC\/RAP\/23\/2023 (ACUERDO DE CUMPLIMIENTO, ACUMULACI\u00d3N Y FIJACI\u00d3N DE FECHA Y HORA PARA SESI\u00d3N)&lt;\/a&gt;\" data-order=\"&lt;a href=&quot;https:\/\/teec.org.mx\/web\/wp-content\/uploads\/2023\/10\/TEEC-RAP-23-2023-13-10-2023.pdf&quot; target=&quot;_blank&quot;&gt;TEEC\/RAP\/23\/2023 (ACUERDO DE CUMPLIMIENTO, ACUMULACI\u00d3N Y FIJACI\u00d3N DE FECHA Y HORA PARA SESI\u00d3N)&lt;\/a&gt;\" ><a href=\"https:\/\/teec.org.mx\/web\/wp-content\/uploads\/2023\/10\/TEEC-RAP-23-2023-13-10-2023.pdf\" target=\"_blank\">TEEC\/RAP\/23\/2023 (ACUERDO DE CUMPLIMIENTO, ACUMULACI\u00d3N Y FIJACI\u00d3N DE FECHA Y HORA PARA SESI\u00d3N)<\/a><\/td><\/tr><tr style=\"height:px\" ><td data-cell-id=\"A140\" data-x=\"0\" data-y=\"140\" data-db-index=\"140\" class=\"fsize-18\" data-cell-type=\"text\" data-original-value=\"13 DE OCTUBRE DE 2023, A LAS 10:48 HORAS\" data-order=\"13 DE OCTUBRE DE 2023, A LAS 10:48 HORAS\" >13 DE OCTUBRE DE 2023, A LAS 10:48 HORAS <\/td><td data-cell-id=\"B140\" data-x=\"1\" data-y=\"140\" data-db-index=\"140\" class=\"fsize-18\" data-cell-type=\"text\" data-original-value=\"CESAR ISMAEL MART\u00cdN EHU\u00c1N, REPRESENTANTE PROPIETARIO DEL PARTIDO ACCI\u00d3N NACIONAL ANTE EL CONSEJO GENERAL DEL INSTITUTO ELECTORAL DEL ESTADO DE CAMPECHE Y PEDRO ESTRADA C\u00d3RDOVA, REPRESENTANTE PROPIETARIO DEL PARTIDO MOVIMIENTO CIUDADANO ANTE EL CONSEJO GENERAL DEL INSTITUTO ELECTORAL DEL ESTADO DE CAMPECHE\" data-order=\"CESAR ISMAEL MART\u00cdN EHU\u00c1N, REPRESENTANTE PROPIETARIO DEL PARTIDO ACCI\u00d3N NACIONAL ANTE EL CONSEJO GENERAL DEL INSTITUTO ELECTORAL DEL ESTADO DE CAMPECHE Y PEDRO ESTRADA C\u00d3RDOVA, REPRESENTANTE PROPIETARIO DEL PARTIDO MOVIMIENTO CIUDADANO ANTE EL CONSEJO GENERAL DEL INSTITUTO ELECTORAL DEL ESTADO DE CAMPECHE\" >CESAR ISMAEL MART\u00cdN EHU\u00c1N, REPRESENTANTE PROPIETARIO DEL PARTIDO ACCI\u00d3N NACIONAL ANTE EL CONSEJO GENERAL DEL INSTITUTO ELECTORAL DEL ESTADO DE CAMPECHE Y PEDRO ESTRADA C\u00d3RDOVA, REPRESENTANTE PROPIETARIO DEL PARTIDO MOVIMIENTO CIUDADANO ANTE EL CONSEJO GENERAL DEL INSTITUTO ELECTORAL DEL ESTADO DE CAMPECHE <\/td><td data-cell-id=\"C140\" data-x=\"2\" data-y=\"140\" data-db-index=\"140\" class=\"fsize-18\" data-cell-type=\"text\" data-original-value=\"CONSEJO GENERAL DEL INSTITUTO ELECTORAL DEL ESTADO DE CAMPECHE\" data-order=\"CONSEJO GENERAL DEL INSTITUTO ELECTORAL DEL ESTADO DE CAMPECHE\" >CONSEJO GENERAL DEL INSTITUTO ELECTORAL DEL ESTADO DE CAMPECHE <\/td><td data-cell-id=\"D140\" data-x=\"3\" data-y=\"140\" data-db-index=\"140\" class=\"fsize-18\" data-cell-type=\"text\" data-original-value=\"&lt;a href=&quot;https:\/\/teec.org.mx\/web\/wp-content\/uploads\/2023\/10\/TEEC-RAP-2-2023-y-acum-13-10-2023.pdf&quot; target=&quot;_blank&quot;&gt;TEEC\/RAP\/2\/2023 Y SU ACUMULADO TEEC\/RAP\/3\/2023 (ACUERDO DE ACUMULACI\u00d3N DE DOCUMENTACI\u00d3N)&lt;\/a&gt;\" data-order=\"&lt;a href=&quot;https:\/\/teec.org.mx\/web\/wp-content\/uploads\/2023\/10\/TEEC-RAP-2-2023-y-acum-13-10-2023.pdf&quot; target=&quot;_blank&quot;&gt;TEEC\/RAP\/2\/2023 Y SU ACUMULADO TEEC\/RAP\/3\/2023 (ACUERDO DE ACUMULACI\u00d3N DE DOCUMENTACI\u00d3N)&lt;\/a&gt;\" ><a href=\"https:\/\/teec.org.mx\/web\/wp-content\/uploads\/2023\/10\/TEEC-RAP-2-2023-y-acum-13-10-2023.pdf\" target=\"_blank\">TEEC\/RAP\/2\/2023 Y SU ACUMULADO TEEC\/RAP\/3\/2023 (ACUERDO DE ACUMULACI\u00d3N DE DOCUMENTACI\u00d3N)<\/a><\/td><\/tr><tr style=\"height:px\" ><td data-cell-id=\"A141\" data-x=\"0\" data-y=\"141\" data-db-index=\"141\" class=\"fsize-18\" data-cell-type=\"text\" data-original-value=\"12 DE OCTUBRE DE 2023, A LAS 12:40 HORAS\" data-order=\"12 DE OCTUBRE DE 2023, A LAS 12:40 HORAS\" >12 DE OCTUBRE DE 2023, A LAS 12:40 HORAS <\/td><td data-cell-id=\"B141\" data-x=\"1\" data-y=\"141\" data-db-index=\"141\" class=\"fsize-18\" data-cell-type=\"text\" data-original-value=\"C\u00c9SAR ISMAEL MART\u00cdN EHU\u00c1N, REPRESENTANTE PROPIETARIO DEL PARTIDO ACCI\u00d3N NACIONAL\" data-order=\"C\u00c9SAR ISMAEL MART\u00cdN EHU\u00c1N, REPRESENTANTE PROPIETARIO DEL PARTIDO ACCI\u00d3N NACIONAL\" >C\u00c9SAR ISMAEL MART\u00cdN EHU\u00c1N, REPRESENTANTE PROPIETARIO DEL PARTIDO ACCI\u00d3N NACIONAL <\/td><td data-cell-id=\"C141\" data-x=\"2\" data-y=\"141\" data-db-index=\"141\" class=\"fsize-18\" data-cell-type=\"text\" data-original-value=\"CONSEJO GENERAL DEL INSTITUTO ELECTORAL DEL ESTADO DE CAMPECHE\" data-order=\"CONSEJO GENERAL DEL INSTITUTO ELECTORAL DEL ESTADO DE CAMPECHE\" >CONSEJO GENERAL DEL INSTITUTO ELECTORAL DEL ESTADO DE CAMPECHE <\/td><td data-cell-id=\"D141\" data-x=\"3\" data-y=\"141\" data-db-index=\"141\" class=\"fsize-18\" data-cell-type=\"text\" data-original-value=\"&lt;a href=&quot;https:\/\/teec.org.mx\/web\/wp-content\/uploads\/2023\/10\/TEEC-RAP-24-2023-12-10-2023.pdf&quot; target=&quot;_blank&quot;&gt;TEEC\/RAP\/24\/2023 (SE TURNA DOCUMENTACI\u00d3N)&lt;\/a&gt;\" data-order=\"&lt;a href=&quot;https:\/\/teec.org.mx\/web\/wp-content\/uploads\/2023\/10\/TEEC-RAP-24-2023-12-10-2023.pdf&quot; target=&quot;_blank&quot;&gt;TEEC\/RAP\/24\/2023 (SE TURNA DOCUMENTACI\u00d3N)&lt;\/a&gt;\" ><a href=\"https:\/\/teec.org.mx\/web\/wp-content\/uploads\/2023\/10\/TEEC-RAP-24-2023-12-10-2023.pdf\" target=\"_blank\">TEEC\/RAP\/24\/2023 (SE TURNA DOCUMENTACI\u00d3N)<\/a><\/td><\/tr><tr style=\"height:px\" ><td data-cell-id=\"A142\" data-x=\"0\" data-y=\"142\" data-db-index=\"142\" class=\"fsize-18\" data-cell-type=\"text\" data-original-value=\"12 DE OCTUBRE DE 2023, A LAS 12:15 HORAS\" data-order=\"12 DE OCTUBRE DE 2023, A LAS 12:15 HORAS\" >12 DE OCTUBRE DE 2023, A LAS 12:15 HORAS <\/td><td data-cell-id=\"B142\" data-x=\"1\" data-y=\"142\" data-db-index=\"142\" class=\"fsize-18\" data-cell-type=\"text\" data-original-value=\"CESAR ISMAEL MART\u00cdN EHU\u00c1N, REPRESENTANTE PROPIETARIO DEL PARTIDO ACCI\u00d3N NACIONAL ANTE EL CONSEJO GENERAL DEL INSTITUTO ELECTORAL DEL ESTADO DE CAMPECHE Y PEDRO ESTRADA C\u00d3RDOVA\" data-order=\"CESAR ISMAEL MART\u00cdN EHU\u00c1N, REPRESENTANTE PROPIETARIO DEL PARTIDO ACCI\u00d3N NACIONAL ANTE EL CONSEJO GENERAL DEL INSTITUTO ELECTORAL DEL ESTADO DE CAMPECHE Y PEDRO ESTRADA C\u00d3RDOVA\" >CESAR ISMAEL MART\u00cdN EHU\u00c1N, REPRESENTANTE PROPIETARIO DEL PARTIDO ACCI\u00d3N NACIONAL ANTE EL CONSEJO GENERAL DEL INSTITUTO ELECTORAL DEL ESTADO DE CAMPECHE Y PEDRO ESTRADA C\u00d3RDOVA <\/td><td data-cell-id=\"C142\" data-x=\"2\" data-y=\"142\" data-db-index=\"142\" class=\"fsize-18\" data-cell-type=\"text\" data-original-value=\"CONSEJO GENERAL DEL INSTITUTO ELECTORAL DEL ESTADO DE CAMPECHE\" data-order=\"CONSEJO GENERAL DEL INSTITUTO ELECTORAL DEL ESTADO DE CAMPECHE\" >CONSEJO GENERAL DEL INSTITUTO ELECTORAL DEL ESTADO DE CAMPECHE <\/td><td data-cell-id=\"D142\" data-x=\"3\" data-y=\"142\" data-db-index=\"142\" class=\"fsize-18\" data-cell-type=\"text\" data-original-value=\"&lt;a href=&quot;https:\/\/teec.org.mx\/web\/wp-content\/uploads\/2023\/10\/TEEC-RAP-2-2023-y-acum.-12-10-2023.pdf&quot; target=&quot;_blank&quot;&gt;TEEC\/RAP\/2\/2023 Y SU ACUMULADO TEEC\/RAP\/3\/2023 (SE TURNA DOCUMENTACI\u00d3N)&lt;\/a&gt;\" data-order=\"&lt;a href=&quot;https:\/\/teec.org.mx\/web\/wp-content\/uploads\/2023\/10\/TEEC-RAP-2-2023-y-acum.-12-10-2023.pdf&quot; target=&quot;_blank&quot;&gt;TEEC\/RAP\/2\/2023 Y SU ACUMULADO TEEC\/RAP\/3\/2023 (SE TURNA DOCUMENTACI\u00d3N)&lt;\/a&gt;\" ><a href=\"https:\/\/teec.org.mx\/web\/wp-content\/uploads\/2023\/10\/TEEC-RAP-2-2023-y-acum.-12-10-2023.pdf\" target=\"_blank\">TEEC\/RAP\/2\/2023 Y SU ACUMULADO TEEC\/RAP\/3\/2023 (SE TURNA DOCUMENTACI\u00d3N)<\/a><\/td><\/tr><tr style=\"height:px\" ><td data-cell-id=\"A143\" data-x=\"0\" data-y=\"143\" data-db-index=\"143\" class=\"fsize-18\" data-cell-type=\"text\" data-original-value=\"10 DE OCTUBRE DE 2023, A LAS 13:50 HORAS\" data-order=\"10 DE OCTUBRE DE 2023, A LAS 13:50 HORAS\" >10 DE OCTUBRE DE 2023, A LAS 13:50 HORAS <\/td><td data-cell-id=\"B143\" data-x=\"1\" data-y=\"143\" data-db-index=\"143\" class=\"fsize-18\" data-cell-type=\"text\" data-original-value=\"JOS\u00c9 CLEMENTE MARRERO ORTIZ Y JUAN GUALBERTO ALONZO REBOLLEDO EN CALIDAD DE APODERADOS LEGALES DE RAFAEL ALEJANDRO MORENO C\u00c1RDENAS\" data-order=\"JOS\u00c9 CLEMENTE MARRERO ORTIZ Y JUAN GUALBERTO ALONZO REBOLLEDO EN CALIDAD DE APODERADOS LEGALES DE RAFAEL ALEJANDRO MORENO C\u00c1RDENAS\" >JOS\u00c9 CLEMENTE MARRERO ORTIZ Y JUAN GUALBERTO ALONZO REBOLLEDO EN CALIDAD DE APODERADOS LEGALES DE RAFAEL ALEJANDRO MORENO C\u00c1RDENAS <\/td><td data-cell-id=\"C143\" data-x=\"2\" data-y=\"143\" data-db-index=\"143\" class=\"fsize-18\" data-cell-type=\"text\" data-original-value=\"JUNTA GENERAL EJECUTIVA DEL INSTITUTO ELECTORAL DEL ESTADO DE CAMPECHE\" data-order=\"JUNTA GENERAL EJECUTIVA DEL INSTITUTO ELECTORAL DEL ESTADO DE CAMPECHE\" >JUNTA GENERAL EJECUTIVA DEL INSTITUTO ELECTORAL DEL ESTADO DE CAMPECHE <\/td><td data-cell-id=\"D143\" data-x=\"3\" data-y=\"143\" data-db-index=\"143\" class=\"fsize-18\" data-cell-type=\"text\" data-original-value=\"&lt;a href=&quot;https:\/\/teec.org.mx\/web\/wp-content\/uploads\/2023\/10\/TEEC-RAP-23-2023-10-10-2023.pdf&quot; target=&quot;_blank&quot;&gt;TEEC\/RAP\/23\/2023 (ACUERDO DE ACUMULACI\u00d3N)&lt;\/a&gt;\" data-order=\"&lt;a href=&quot;https:\/\/teec.org.mx\/web\/wp-content\/uploads\/2023\/10\/TEEC-RAP-23-2023-10-10-2023.pdf&quot; target=&quot;_blank&quot;&gt;TEEC\/RAP\/23\/2023 (ACUERDO DE ACUMULACI\u00d3N)&lt;\/a&gt;\" ><a href=\"https:\/\/teec.org.mx\/web\/wp-content\/uploads\/2023\/10\/TEEC-RAP-23-2023-10-10-2023.pdf\" target=\"_blank\">TEEC\/RAP\/23\/2023 (ACUERDO DE ACUMULACI\u00d3N)<\/a><\/td><\/tr><tr style=\"height:px\" ><td data-cell-id=\"A144\" data-x=\"0\" data-y=\"144\" data-db-index=\"144\" class=\"fsize-18\" data-cell-type=\"text\" data-original-value=\"10 DE OCTUBRE DE 2023, A LAS 12:30 HORAS\" data-order=\"10 DE OCTUBRE DE 2023, A LAS 12:30 HORAS\" >10 DE OCTUBRE DE 2023, A LAS 12:30 HORAS <\/td><td data-cell-id=\"B144\" data-x=\"1\" data-y=\"144\" data-db-index=\"144\" class=\"fsize-18\" data-cell-type=\"text\" data-original-value=\"MARCO ANTONIO S\u00c1NCHEZ ABNAAL Y EFRAIN CABALLERO SANDOVAL REPRESENTANTES LEGALES DE \u201cESPACIO DEMOCR\u00c1TICO EN CAMPECHE\u201d\" data-order=\"MARCO ANTONIO S\u00c1NCHEZ ABNAAL Y EFRAIN CABALLERO SANDOVAL REPRESENTANTES LEGALES DE \u201cESPACIO DEMOCR\u00c1TICO EN CAMPECHE\u201d\" >MARCO ANTONIO S\u00c1NCHEZ ABNAAL Y EFRAIN CABALLERO SANDOVAL REPRESENTANTES LEGALES DE \u201cESPACIO DEMOCR\u00c1TICO EN CAMPECHE\u201d <\/td><td data-cell-id=\"C144\" data-x=\"2\" data-y=\"144\" data-db-index=\"144\" class=\"fsize-18\" data-cell-type=\"text\" data-original-value=\"TRIBUNAL ELECTORAL DEL ESTADO DE CAMPECHE\" data-order=\"TRIBUNAL ELECTORAL DEL ESTADO DE CAMPECHE\" >TRIBUNAL ELECTORAL DEL ESTADO DE CAMPECHE <\/td><td data-cell-id=\"D144\" data-x=\"3\" data-y=\"144\" data-db-index=\"144\" class=\"fsize-18\" data-cell-type=\"text\" data-original-value=\"&lt;a href=&quot;https:\/\/teec.org.mx\/web\/wp-content\/uploads\/2023\/10\/TEEC-RAP-9-2023-y-acum-3er-acu-10-10-2023.pdf&quot; target=&quot;_blank&quot;&gt;TEEC\/RAP\/9\/2023, Y ACUMULADOS TEEC\/RAP\/10\/2023, TEEC\/RAP\/11\/2023, TEEC\/RAP\/12\/2023 Y TEEC\/RAP\/13\/2023 (SE RETIRA C\u00c9DULA DE PUB. Y COMPARECE TERCERO INT.)&lt;\/a&gt;\" data-order=\"&lt;a href=&quot;https:\/\/teec.org.mx\/web\/wp-content\/uploads\/2023\/10\/TEEC-RAP-9-2023-y-acum-3er-acu-10-10-2023.pdf&quot; target=&quot;_blank&quot;&gt;TEEC\/RAP\/9\/2023, Y ACUMULADOS TEEC\/RAP\/10\/2023, TEEC\/RAP\/11\/2023, TEEC\/RAP\/12\/2023 Y TEEC\/RAP\/13\/2023 (SE RETIRA C\u00c9DULA DE PUB. Y COMPARECE TERCERO INT.)&lt;\/a&gt;\" ><a href=\"https:\/\/teec.org.mx\/web\/wp-content\/uploads\/2023\/10\/TEEC-RAP-9-2023-y-acum-3er-acu-10-10-2023.pdf\" target=\"_blank\">TEEC\/RAP\/9\/2023, Y ACUMULADOS TEEC\/RAP\/10\/2023, TEEC\/RAP\/11\/2023, TEEC\/RAP\/12\/2023 Y TEEC\/RAP\/13\/2023 (SE RETIRA C\u00c9DULA DE PUB. Y COMPARECE TERCERO INT.)<\/a><\/td><\/tr><tr style=\"height:px\" ><td data-cell-id=\"A145\" data-x=\"0\" data-y=\"145\" data-db-index=\"145\" class=\"fsize-18\" data-cell-type=\"text\" data-original-value=\"10 DE OCTUBRE DE 2023, A LAS 12:10 HORAS\" data-order=\"10 DE OCTUBRE DE 2023, A LAS 12:10 HORAS\" >10 DE OCTUBRE DE 2023, A LAS 12:10 HORAS <\/td><td data-cell-id=\"B145\" data-x=\"1\" data-y=\"145\" data-db-index=\"145\" class=\"fsize-18\" data-cell-type=\"text\" data-original-value=\"MARCO ANTONIO S\u00c1NCHEZ ABNAAL Y EFRAIN CABALLERO SANDOVAL REPRESENTANTES LEGALES DE \u201cESPACIO DEMOCR\u00c1TICO EN CAMPECHE\u201d\" data-order=\"MARCO ANTONIO S\u00c1NCHEZ ABNAAL Y EFRAIN CABALLERO SANDOVAL REPRESENTANTES LEGALES DE \u201cESPACIO DEMOCR\u00c1TICO EN CAMPECHE\u201d\" >MARCO ANTONIO S\u00c1NCHEZ ABNAAL Y EFRAIN CABALLERO SANDOVAL REPRESENTANTES LEGALES DE \u201cESPACIO DEMOCR\u00c1TICO EN CAMPECHE\u201d <\/td><td data-cell-id=\"C145\" data-x=\"2\" data-y=\"145\" data-db-index=\"145\" class=\"fsize-18\" data-cell-type=\"text\" data-original-value=\"TRIBUNAL ELECTORAL DEL ESTADO DE CAMPECHE\" data-order=\"TRIBUNAL ELECTORAL DEL ESTADO DE CAMPECHE\" >TRIBUNAL ELECTORAL DEL ESTADO DE CAMPECHE <\/td><td data-cell-id=\"D145\" data-x=\"3\" data-y=\"145\" data-db-index=\"145\" class=\"fsize-18\" data-cell-type=\"text\" data-original-value=\"&lt;a href=&quot;https:\/\/teec.org.mx\/web\/wp-content\/uploads\/2023\/10\/TEEC-RAP-9-2023-y-acum-2do-acu-10-10-2023.pdf&quot; target=&quot;_blank&quot;&gt;TEEC\/RAP\/9\/2023, Y ACUMULADOS TEEC\/RAP\/10\/2023, TEEC\/RAP\/11\/2023, TEEC\/RAP\/12\/2023 Y TEEC\/RAP\/13\/2023 (SE RETIRA C\u00c9DULA DE PUB. Y COMPARECE TERCERO INT.)&lt;\/a&gt;\" data-order=\"&lt;a href=&quot;https:\/\/teec.org.mx\/web\/wp-content\/uploads\/2023\/10\/TEEC-RAP-9-2023-y-acum-2do-acu-10-10-2023.pdf&quot; target=&quot;_blank&quot;&gt;TEEC\/RAP\/9\/2023, Y ACUMULADOS TEEC\/RAP\/10\/2023, TEEC\/RAP\/11\/2023, TEEC\/RAP\/12\/2023 Y TEEC\/RAP\/13\/2023 (SE RETIRA C\u00c9DULA DE PUB. Y COMPARECE TERCERO INT.)&lt;\/a&gt;\" ><a href=\"https:\/\/teec.org.mx\/web\/wp-content\/uploads\/2023\/10\/TEEC-RAP-9-2023-y-acum-2do-acu-10-10-2023.pdf\" target=\"_blank\">TEEC\/RAP\/9\/2023, Y ACUMULADOS TEEC\/RAP\/10\/2023, TEEC\/RAP\/11\/2023, TEEC\/RAP\/12\/2023 Y TEEC\/RAP\/13\/2023 (SE RETIRA C\u00c9DULA DE PUB. Y COMPARECE TERCERO INT.)<\/a><\/td><\/tr><tr style=\"height:px\" ><td data-cell-id=\"A146\" data-x=\"0\" data-y=\"146\" data-db-index=\"146\" class=\"fsize-18\" data-cell-type=\"text\" data-original-value=\"10 DE OCTUBRE DE 2023, A LAS 11:45 HORAS\" data-order=\"10 DE OCTUBRE DE 2023, A LAS 11:45 HORAS\" >10 DE OCTUBRE DE 2023, A LAS 11:45 HORAS <\/td><td data-cell-id=\"B146\" data-x=\"1\" data-y=\"146\" data-db-index=\"146\" class=\"fsize-18\" data-cell-type=\"text\" data-original-value=\"ALONDRA ANAHI POOL UC\" data-order=\"ALONDRA ANAHI POOL UC\" >ALONDRA ANAHI POOL UC <\/td><td data-cell-id=\"C146\" data-x=\"2\" data-y=\"146\" data-db-index=\"146\" class=\"fsize-18\" data-cell-type=\"text\" data-original-value=\"TRIBUNAL ELECTORAL DEL ESTADO DE CAMPECHE\" data-order=\"TRIBUNAL ELECTORAL DEL ESTADO DE CAMPECHE\" >TRIBUNAL ELECTORAL DEL ESTADO DE CAMPECHE <\/td><td data-cell-id=\"D146\" data-x=\"3\" data-y=\"146\" data-db-index=\"146\" class=\"fsize-18\" data-cell-type=\"text\" data-original-value=\"&lt;a href=&quot;https:\/\/teec.org.mx\/web\/wp-content\/uploads\/2023\/10\/TEEC-RAP-9-2023-y-acum-1er-acu-10-10-2023.pdf&quot; target=&quot;_blank&quot;&gt;TEEC\/RAP\/9\/2023, Y ACUMULADOS TEEC\/RAP\/10\/2023, TEEC\/RAP\/11\/2023, TEEC\/RAP\/12\/2023 Y TEEC\/RAP\/13\/2023 (SE RETIRA C\u00c9DULA DE PUB. Y COMPARECE TERCERO INT.)&lt;\/a&gt;\" data-order=\"&lt;a href=&quot;https:\/\/teec.org.mx\/web\/wp-content\/uploads\/2023\/10\/TEEC-RAP-9-2023-y-acum-1er-acu-10-10-2023.pdf&quot; target=&quot;_blank&quot;&gt;TEEC\/RAP\/9\/2023, Y ACUMULADOS TEEC\/RAP\/10\/2023, TEEC\/RAP\/11\/2023, TEEC\/RAP\/12\/2023 Y TEEC\/RAP\/13\/2023 (SE RETIRA C\u00c9DULA DE PUB. Y COMPARECE TERCERO INT.)&lt;\/a&gt;\" ><a href=\"https:\/\/teec.org.mx\/web\/wp-content\/uploads\/2023\/10\/TEEC-RAP-9-2023-y-acum-1er-acu-10-10-2023.pdf\" target=\"_blank\">TEEC\/RAP\/9\/2023, Y ACUMULADOS TEEC\/RAP\/10\/2023, TEEC\/RAP\/11\/2023, TEEC\/RAP\/12\/2023 Y TEEC\/RAP\/13\/2023 (SE RETIRA C\u00c9DULA DE PUB. Y COMPARECE TERCERO INT.)<\/a><\/td><\/tr><tr style=\"height:px\" ><td data-cell-id=\"A147\" data-x=\"0\" data-y=\"147\" data-db-index=\"147\" class=\"fsize-18\" data-cell-type=\"text\" data-original-value=\"10 DE OCTUBRE DE 2023, A LAS 11:35 HORAS\" data-order=\"10 DE OCTUBRE DE 2023, A LAS 11:35 HORAS\" >10 DE OCTUBRE DE 2023, A LAS 11:35 HORAS <\/td><td data-cell-id=\"B147\" data-x=\"1\" data-y=\"147\" data-db-index=\"147\" class=\"fsize-18\" data-cell-type=\"text\" data-original-value=\"MOVIMIENTO LABORISTA A.C.\" data-order=\"MOVIMIENTO LABORISTA A.C.\" >MOVIMIENTO LABORISTA A.C. <\/td><td data-cell-id=\"C147\" data-x=\"2\" data-y=\"147\" data-db-index=\"147\" class=\"fsize-18\" data-cell-type=\"text\" data-original-value=\"TRIBUNAL ELECTORAL DEL ESTADO DE CAMPECHE\" data-order=\"TRIBUNAL ELECTORAL DEL ESTADO DE CAMPECHE\" >TRIBUNAL ELECTORAL DEL ESTADO DE CAMPECHE <\/td><td data-cell-id=\"D147\" data-x=\"3\" data-y=\"147\" data-db-index=\"147\" class=\"fsize-18\" data-cell-type=\"text\" data-original-value=\"&lt;a href=&quot;https:\/\/teec.org.mx\/web\/wp-content\/uploads\/2023\/10\/TEEC-RAP-17-2023-y-acum-10-10-2023.pdf&quot; target=&quot;_blank&quot;&gt;TEEC\/RAP\/17\/2023 Y SUS ACUMULADOS TEEC\/RAP\/18\/2023, TEEC\/RAP\/19\/2023 Y TEEC\/RAP\/20\/2023 (SE RETIRA C\u00c9DULA DE PUB. Y COMPARECE TERCERO INT.)&lt;\/a&gt;\" data-order=\"&lt;a href=&quot;https:\/\/teec.org.mx\/web\/wp-content\/uploads\/2023\/10\/TEEC-RAP-17-2023-y-acum-10-10-2023.pdf&quot; target=&quot;_blank&quot;&gt;TEEC\/RAP\/17\/2023 Y SUS ACUMULADOS TEEC\/RAP\/18\/2023, TEEC\/RAP\/19\/2023 Y TEEC\/RAP\/20\/2023 (SE RETIRA C\u00c9DULA DE PUB. Y COMPARECE TERCERO INT.)&lt;\/a&gt;\" ><a href=\"https:\/\/teec.org.mx\/web\/wp-content\/uploads\/2023\/10\/TEEC-RAP-17-2023-y-acum-10-10-2023.pdf\" target=\"_blank\">TEEC\/RAP\/17\/2023 Y SUS ACUMULADOS TEEC\/RAP\/18\/2023, TEEC\/RAP\/19\/2023 Y TEEC\/RAP\/20\/2023 (SE RETIRA C\u00c9DULA DE PUB. Y COMPARECE TERCERO INT.)<\/a><\/td><\/tr><tr style=\"height:px\" ><td data-cell-id=\"A148\" data-x=\"0\" data-y=\"148\" data-db-index=\"148\" class=\"fsize-18\" data-cell-type=\"text\" data-original-value=\"10 DE OCTUBRE DE 2023, A LAS 11:44 HORAS\" data-order=\"10 DE OCTUBRE DE 2023, A LAS 11:44 HORAS\" >10 DE OCTUBRE DE 2023, A LAS 11:44 HORAS <\/td><td data-cell-id=\"B148\" data-x=\"1\" data-y=\"148\" data-db-index=\"148\" class=\"fsize-18\" data-cell-type=\"text\" data-original-value=\"ANTONIO G\u00d3MEZ SAUCEDO, EN SU CALIDAD DE REPRESENTANTE DEL PARTIDO DEL TRABAJO ANTE EL CONSEJO GENERAL DEL INSTITUTO ELECTORAL DEL ESTADO DE CAMPECHE\" data-order=\"ANTONIO G\u00d3MEZ SAUCEDO, EN SU CALIDAD DE REPRESENTANTE DEL PARTIDO DEL TRABAJO ANTE EL CONSEJO GENERAL DEL INSTITUTO ELECTORAL DEL ESTADO DE CAMPECHE\" >ANTONIO G\u00d3MEZ SAUCEDO, EN SU CALIDAD DE REPRESENTANTE DEL PARTIDO DEL TRABAJO ANTE EL CONSEJO GENERAL DEL INSTITUTO ELECTORAL DEL ESTADO DE CAMPECHE <\/td><td data-cell-id=\"C148\" data-x=\"2\" data-y=\"148\" data-db-index=\"148\" class=\"fsize-18\" data-cell-type=\"text\" data-original-value=\"DIRECCI\u00d3N EJECUTIVA DE ADMINISTRACI\u00d3N, PRERROGATIVAS DE PARTIDOS Y AGRUPACIONES POL\u00cdTICAS DEL INSTITUTO ELECTORAL DEL ESTADO DE CAMPECHE\" data-order=\"DIRECCI\u00d3N EJECUTIVA DE ADMINISTRACI\u00d3N, PRERROGATIVAS DE PARTIDOS Y AGRUPACIONES POL\u00cdTICAS DEL INSTITUTO ELECTORAL DEL ESTADO DE CAMPECHE\" >DIRECCI\u00d3N EJECUTIVA DE ADMINISTRACI\u00d3N, PRERROGATIVAS DE PARTIDOS Y AGRUPACIONES POL\u00cdTICAS DEL INSTITUTO ELECTORAL DEL ESTADO DE CAMPECHE <\/td><td data-cell-id=\"D148\" data-x=\"3\" data-y=\"148\" data-db-index=\"148\" class=\"fsize-18\" data-cell-type=\"text\" data-original-value=\"&lt;a href=&quot;https:\/\/teec.org.mx\/web\/wp-content\/uploads\/2023\/10\/TEEC-RAP-1-2023-Acuerdo-Plenario-10-10-2023.pdf&quot; target=&quot;_blank&quot;&gt;TEEC\/RAP\/1\/2023 (ACUERDO PLENARIO)&lt;\/a&gt;\" data-order=\"&lt;a href=&quot;https:\/\/teec.org.mx\/web\/wp-content\/uploads\/2023\/10\/TEEC-RAP-1-2023-Acuerdo-Plenario-10-10-2023.pdf&quot; target=&quot;_blank&quot;&gt;TEEC\/RAP\/1\/2023 (ACUERDO PLENARIO)&lt;\/a&gt;\" ><a href=\"https:\/\/teec.org.mx\/web\/wp-content\/uploads\/2023\/10\/TEEC-RAP-1-2023-Acuerdo-Plenario-10-10-2023.pdf\" target=\"_blank\">TEEC\/RAP\/1\/2023 (ACUERDO PLENARIO)<\/a><\/td><\/tr><tr style=\"height:px\" ><td data-cell-id=\"A149\" data-x=\"0\" data-y=\"149\" data-db-index=\"149\" class=\"fsize-18\" data-cell-type=\"text\" data-original-value=\"09 DE OCTUBRE DE 2023, A LAS 14:04 HORAS\" data-order=\"09 DE OCTUBRE DE 2023, A LAS 14:04 HORAS\" >09 DE OCTUBRE DE 2023, A LAS 14:04 HORAS <\/td><td data-cell-id=\"B149\" data-x=\"1\" data-y=\"149\" data-db-index=\"149\" class=\"fsize-18\" data-cell-type=\"text\" data-original-value=\"C\u00c9SAR ISMAEL MART\u00cdN EHU\u00c1N, REPRESENTANTE PROPIETARIO DEL PARTIDO ACCI\u00d3N NACIONAL\" data-order=\"C\u00c9SAR ISMAEL MART\u00cdN EHU\u00c1N, REPRESENTANTE PROPIETARIO DEL PARTIDO ACCI\u00d3N NACIONAL\" >C\u00c9SAR ISMAEL MART\u00cdN EHU\u00c1N, REPRESENTANTE PROPIETARIO DEL PARTIDO ACCI\u00d3N NACIONAL <\/td><td data-cell-id=\"C149\" data-x=\"2\" data-y=\"149\" data-db-index=\"149\" class=\"fsize-18\" data-cell-type=\"text\" data-original-value=\"CONSEJO GENERAL DEL INSTITUTO ELECTORAL DEL ESTADO DE CAMPECHE\" data-order=\"CONSEJO GENERAL DEL INSTITUTO ELECTORAL DEL ESTADO DE CAMPECHE\" >CONSEJO GENERAL DEL INSTITUTO ELECTORAL DEL ESTADO DE CAMPECHE <\/td><td data-cell-id=\"D149\" data-x=\"3\" data-y=\"149\" data-db-index=\"149\" class=\"fsize-18\" data-cell-type=\"text\" data-original-value=\"&lt;a href=&quot;https:\/\/teec.org.mx\/web\/wp-content\/uploads\/2023\/10\/TEEC-RAP-24-2023-09-10-2023.pdf&quot; target=&quot;_blank&quot;&gt;TEEC\/RAP\/24\/2023 (ACUERDO DE ADMISI\u00d3N)&lt;\/a&gt;\" data-order=\"&lt;a href=&quot;https:\/\/teec.org.mx\/web\/wp-content\/uploads\/2023\/10\/TEEC-RAP-24-2023-09-10-2023.pdf&quot; target=&quot;_blank&quot;&gt;TEEC\/RAP\/24\/2023 (ACUERDO DE ADMISI\u00d3N)&lt;\/a&gt;\" ><a href=\"https:\/\/teec.org.mx\/web\/wp-content\/uploads\/2023\/10\/TEEC-RAP-24-2023-09-10-2023.pdf\" target=\"_blank\">TEEC\/RAP\/24\/2023 (ACUERDO DE ADMISI\u00d3N)<\/a><\/td><\/tr><tr style=\"height:px\" ><td data-cell-id=\"A150\" data-x=\"0\" data-y=\"150\" data-db-index=\"150\" class=\"fsize-18\" data-cell-type=\"text\" data-original-value=\"09 DE OCTUBRE DE 2023, A LAS 11:55 HORAS\" data-order=\"09 DE OCTUBRE DE 2023, A LAS 11:55 HORAS\" >09 DE OCTUBRE DE 2023, A LAS 11:55 HORAS <\/td><td data-cell-id=\"B150\" data-x=\"1\" data-y=\"150\" data-db-index=\"150\" class=\"fsize-18\" data-cell-type=\"text\" data-original-value=\"ANTONIO G\u00d3MEZ SAUCEDO, EN SU CALIDAD DE REPRESENTANTE PROPIETARIO DEL PARTIDO DEL TRABAJO ANTE EL CONSEJO GENERAL DEL INSTITUTO ELECTORAL DEL ESTADO DE CAMPECHE\" data-order=\"ANTONIO G\u00d3MEZ SAUCEDO, EN SU CALIDAD DE REPRESENTANTE PROPIETARIO DEL PARTIDO DEL TRABAJO ANTE EL CONSEJO GENERAL DEL INSTITUTO ELECTORAL DEL ESTADO DE CAMPECHE\" >ANTONIO G\u00d3MEZ SAUCEDO, EN SU CALIDAD DE REPRESENTANTE PROPIETARIO DEL PARTIDO DEL TRABAJO ANTE EL CONSEJO GENERAL DEL INSTITUTO ELECTORAL DEL ESTADO DE CAMPECHE <\/td><td data-cell-id=\"C150\" data-x=\"2\" data-y=\"150\" data-db-index=\"150\" class=\"fsize-18\" data-cell-type=\"text\" data-original-value=\"DIRECCI\u00d3N EJECUTIVA DE ADMINISTRACI\u00d3N, PRERROGATIVAS DE PARTIDOS Y AGRUPACIONES POL\u00cdTICAS DEL INSTITUTO ELECTORAL DEL ESTADO DE CAMPECHE\" data-order=\"DIRECCI\u00d3N EJECUTIVA DE ADMINISTRACI\u00d3N, PRERROGATIVAS DE PARTIDOS Y AGRUPACIONES POL\u00cdTICAS DEL INSTITUTO ELECTORAL DEL ESTADO DE CAMPECHE\" >DIRECCI\u00d3N EJECUTIVA DE ADMINISTRACI\u00d3N, PRERROGATIVAS DE PARTIDOS Y AGRUPACIONES POL\u00cdTICAS DEL INSTITUTO ELECTORAL DEL ESTADO DE CAMPECHE <\/td><td data-cell-id=\"D150\" data-x=\"3\" data-y=\"150\" data-db-index=\"150\" class=\"fsize-18\" data-cell-type=\"text\" data-original-value=\"&lt;a href=&quot;https:\/\/teec.org.mx\/web\/wp-content\/uploads\/2023\/10\/TEEC-RAP-1-2023-09-10-2023.pdf&quot; target=&quot;_blank&quot;&gt;TEEC\/RAP\/1\/2023 (ACUERDO DE FIJACI\u00d3N DE FECHA Y HORA)&lt;\/a&gt;\" data-order=\"&lt;a href=&quot;https:\/\/teec.org.mx\/web\/wp-content\/uploads\/2023\/10\/TEEC-RAP-1-2023-09-10-2023.pdf&quot; target=&quot;_blank&quot;&gt;TEEC\/RAP\/1\/2023 (ACUERDO DE FIJACI\u00d3N DE FECHA Y HORA)&lt;\/a&gt;\" ><a href=\"https:\/\/teec.org.mx\/web\/wp-content\/uploads\/2023\/10\/TEEC-RAP-1-2023-09-10-2023.pdf\" target=\"_blank\">TEEC\/RAP\/1\/2023 (ACUERDO DE FIJACI\u00d3N DE FECHA Y HORA)<\/a><\/td><\/tr><tr style=\"height:px\" ><td data-cell-id=\"A151\" data-x=\"0\" data-y=\"151\" data-db-index=\"151\" class=\"fsize-18\" data-cell-type=\"text\" data-original-value=\"06 DE OCTUBRE DE 2023, A LAS 13:18 HORAS\" data-order=\"06 DE OCTUBRE DE 2023, A LAS 13:18 HORAS\" >06 DE OCTUBRE DE 2023, A LAS 13:18 HORAS <\/td><td data-cell-id=\"B151\" data-x=\"1\" data-y=\"151\" data-db-index=\"151\" class=\"fsize-18\" data-cell-type=\"text\" data-original-value=\"JOSE CLEMENTE MARRERO ORTIZ, EN CALIDAD DE APODERADO LEGAL DE RAFAEL ALEJANDRO MORENO C\u00c1RDENAS Y JUAN GUALBERTO ALONZO REBOLLEDO, EN SU CAR\u00c1CTER DE REPRESENTANTE PROPIETARIO DEL PARTIDO REVOLUCIONARIO INSTITUCIONAL ANTE EL CONSEJO GENERAL DEL INSTITUTO ELECTORAL DEL ESTADO DE CAMPECHE\" data-order=\"JOSE CLEMENTE MARRERO ORTIZ, EN CALIDAD DE APODERADO LEGAL DE RAFAEL ALEJANDRO MORENO C\u00c1RDENAS Y JUAN GUALBERTO ALONZO REBOLLEDO, EN SU CAR\u00c1CTER DE REPRESENTANTE PROPIETARIO DEL PARTIDO REVOLUCIONARIO INSTITUCIONAL ANTE EL CONSEJO GENERAL DEL INSTITUTO ELECTORAL DEL ESTADO DE CAMPECHE\" >JOSE CLEMENTE MARRERO ORTIZ, EN CALIDAD DE APODERADO LEGAL DE RAFAEL ALEJANDRO MORENO C\u00c1RDENAS Y JUAN GUALBERTO ALONZO REBOLLEDO, EN SU CAR\u00c1CTER DE REPRESENTANTE PROPIETARIO DEL PARTIDO REVOLUCIONARIO INSTITUCIONAL ANTE EL CONSEJO GENERAL DEL INSTITUTO ELECTORAL DEL ESTADO DE CAMPECHE <\/td><td data-cell-id=\"C151\" data-x=\"2\" data-y=\"151\" data-db-index=\"151\" class=\"fsize-18\" data-cell-type=\"text\" data-original-value=\"JUNTA GENERAL EJECUTIVA DEL INSTITUTO ELECTORAL DEL ESTADO DE CAMPECHE\" data-order=\"JUNTA GENERAL EJECUTIVA DEL INSTITUTO ELECTORAL DEL ESTADO DE CAMPECHE\" >JUNTA GENERAL EJECUTIVA DEL INSTITUTO ELECTORAL DEL ESTADO DE CAMPECHE <\/td><td data-cell-id=\"D151\" data-x=\"3\" data-y=\"151\" data-db-index=\"151\" class=\"fsize-18\" data-cell-type=\"text\" data-original-value=\"&lt;a href=&quot;https:\/\/teec.org.mx\/web\/wp-content\/uploads\/2023\/10\/TEEC-RAP-23-2023-2do-acu-06-10-2023.pdf&quot; target=&quot;_blank&quot;&gt;TEEC\/RAP\/23\/2023 (ACUERDO DE ADMISI\u00d3N)&lt;\/a&gt;\" data-order=\"&lt;a href=&quot;https:\/\/teec.org.mx\/web\/wp-content\/uploads\/2023\/10\/TEEC-RAP-23-2023-2do-acu-06-10-2023.pdf&quot; target=&quot;_blank&quot;&gt;TEEC\/RAP\/23\/2023 (ACUERDO DE ADMISI\u00d3N)&lt;\/a&gt;\" ><a href=\"https:\/\/teec.org.mx\/web\/wp-content\/uploads\/2023\/10\/TEEC-RAP-23-2023-2do-acu-06-10-2023.pdf\" target=\"_blank\">TEEC\/RAP\/23\/2023 (ACUERDO DE ADMISI\u00d3N)<\/a><\/td><\/tr><tr style=\"height:px\" ><td data-cell-id=\"A152\" data-x=\"0\" data-y=\"152\" data-db-index=\"152\" class=\"fsize-18\" data-cell-type=\"text\" data-original-value=\"06 DE OCTUBRE DE 2023, A LAS 12:03 HORAS\" data-order=\"06 DE OCTUBRE DE 2023, A LAS 12:03 HORAS\" >06 DE OCTUBRE DE 2023, A LAS 12:03 HORAS <\/td><td data-cell-id=\"B152\" data-x=\"1\" data-y=\"152\" data-db-index=\"152\" class=\"fsize-18\" data-cell-type=\"text\" data-original-value=\"JOSE CLEMENTE MARRERO ORTIZ, EN CALIDAD DE APODERADO LEGAL DE RAFAEL ALEJANDRO MORENO C\u00c1RDENAS Y JUAN GUALBERTO ALONZO REBOLLEDO, EN SU CAR\u00c1CTER DE REPRESENTANTE PROPIETARIO DEL PARTIDO REVOLUCIONARIO INSTITUCIONAL ANTE EL CONSEJO GENERAL DEL INSTITUTO ELECTORAL DEL ESTADO DE CAMPECHE\" data-order=\"JOSE CLEMENTE MARRERO ORTIZ, EN CALIDAD DE APODERADO LEGAL DE RAFAEL ALEJANDRO MORENO C\u00c1RDENAS Y JUAN GUALBERTO ALONZO REBOLLEDO, EN SU CAR\u00c1CTER DE REPRESENTANTE PROPIETARIO DEL PARTIDO REVOLUCIONARIO INSTITUCIONAL ANTE EL CONSEJO GENERAL DEL INSTITUTO ELECTORAL DEL ESTADO DE CAMPECHE\" >JOSE CLEMENTE MARRERO ORTIZ, EN CALIDAD DE APODERADO LEGAL DE RAFAEL ALEJANDRO MORENO C\u00c1RDENAS Y JUAN GUALBERTO ALONZO REBOLLEDO, EN SU CAR\u00c1CTER DE REPRESENTANTE PROPIETARIO DEL PARTIDO REVOLUCIONARIO INSTITUCIONAL ANTE EL CONSEJO GENERAL DEL INSTITUTO ELECTORAL DEL ESTADO DE CAMPECHE <\/td><td data-cell-id=\"C152\" data-x=\"2\" data-y=\"152\" data-db-index=\"152\" class=\"fsize-18\" data-cell-type=\"text\" data-original-value=\"JUNTA GENERAL EJECUTIVA DEL INSTITUTO ELECTORAL DEL ESTADO DE CAMPECHE\" data-order=\"JUNTA GENERAL EJECUTIVA DEL INSTITUTO ELECTORAL DEL ESTADO DE CAMPECHE\" >JUNTA GENERAL EJECUTIVA DEL INSTITUTO ELECTORAL DEL ESTADO DE CAMPECHE <\/td><td data-cell-id=\"D152\" data-x=\"3\" data-y=\"152\" data-db-index=\"152\" class=\"fsize-18\" data-cell-type=\"text\" data-original-value=\"&lt;a href=&quot;https:\/\/teec.org.mx\/web\/wp-content\/uploads\/2023\/10\/TEEC-RAP-23-2023-06-10-2023.pdf&quot; target=&quot;_blank&quot;&gt;TEEC\/RAP\/23\/2023 (ACUERDO DE ACUMULACI\u00d3N)&lt;\/a&gt;\" data-order=\"&lt;a href=&quot;https:\/\/teec.org.mx\/web\/wp-content\/uploads\/2023\/10\/TEEC-RAP-23-2023-06-10-2023.pdf&quot; target=&quot;_blank&quot;&gt;TEEC\/RAP\/23\/2023 (ACUERDO DE ACUMULACI\u00d3N)&lt;\/a&gt;\" ><a href=\"https:\/\/teec.org.mx\/web\/wp-content\/uploads\/2023\/10\/TEEC-RAP-23-2023-06-10-2023.pdf\" target=\"_blank\">TEEC\/RAP\/23\/2023 (ACUERDO DE ACUMULACI\u00d3N)<\/a><\/td><\/tr><tr style=\"height:px\" ><td data-cell-id=\"A153\" data-x=\"0\" data-y=\"153\" data-db-index=\"153\" class=\"fsize-18\" data-cell-type=\"text\" data-original-value=\"05 DE OCTUBRE DE 2023, A LAS 14:17 HORAS\" data-order=\"05 DE OCTUBRE DE 2023, A LAS 14:17 HORAS\" >05 DE OCTUBRE DE 2023, A LAS 14:17 HORAS <\/td><td data-cell-id=\"B153\" data-x=\"1\" data-y=\"153\" data-db-index=\"153\" class=\"fsize-18\" data-cell-type=\"text\" data-original-value=\"LAYDA ELENA SANSORES SAN ROM\u00c1N\" data-order=\"LAYDA ELENA SANSORES SAN ROM\u00c1N\" >LAYDA ELENA SANSORES SAN ROM\u00c1N <\/td><td data-cell-id=\"C153\" data-x=\"2\" data-y=\"153\" data-db-index=\"153\" class=\"fsize-18\" data-cell-type=\"text\" data-original-value=\"MAGISTRADA PRESIDENTA DEL TRIBUNAL ELECTORAL DEL ESTADO DE CAMPECHE\" data-order=\"MAGISTRADA PRESIDENTA DEL TRIBUNAL ELECTORAL DEL ESTADO DE CAMPECHE\" >MAGISTRADA PRESIDENTA DEL TRIBUNAL ELECTORAL DEL ESTADO DE CAMPECHE <\/td><td data-cell-id=\"D153\" data-x=\"3\" data-y=\"153\" data-db-index=\"153\" class=\"fsize-18\" data-cell-type=\"text\" data-original-value=\"&lt;a href=&quot;https:\/\/teec.org.mx\/web\/wp-content\/uploads\/2023\/10\/TEEC-RAP-23-2023-2do-acu-05-10-2023.pdf&quot; target=&quot;_blank&quot;&gt;TEEC\/RAP\/23\/2023 (SE TIENE POR NOTIFICADO ESTA AUTORIDAD DEL ACUERDO DE SALA REGIONAL XALAPA)&lt;\/a&gt;\" data-order=\"&lt;a href=&quot;https:\/\/teec.org.mx\/web\/wp-content\/uploads\/2023\/10\/TEEC-RAP-23-2023-2do-acu-05-10-2023.pdf&quot; target=&quot;_blank&quot;&gt;TEEC\/RAP\/23\/2023 (SE TIENE POR NOTIFICADO ESTA AUTORIDAD DEL ACUERDO DE SALA REGIONAL XALAPA)&lt;\/a&gt;\" ><a href=\"https:\/\/teec.org.mx\/web\/wp-content\/uploads\/2023\/10\/TEEC-RAP-23-2023-2do-acu-05-10-2023.pdf\" target=\"_blank\">TEEC\/RAP\/23\/2023 (SE TIENE POR NOTIFICADO ESTA AUTORIDAD DEL ACUERDO DE SALA REGIONAL XALAPA)<\/a><\/td><\/tr><tr style=\"height:px\" ><td data-cell-id=\"A154\" data-x=\"0\" data-y=\"154\" data-db-index=\"154\" class=\"fsize-18\" data-cell-type=\"text\" data-original-value=\"05 DE OCTUBRE DE 2023, A LAS 11:12 HORAS\" data-order=\"05 DE OCTUBRE DE 2023, A LAS 11:12 HORAS\" >05 DE OCTUBRE DE 2023, A LAS 11:12 HORAS <\/td><td data-cell-id=\"B154\" data-x=\"1\" data-y=\"154\" data-db-index=\"154\" class=\"fsize-18\" data-cell-type=\"text\" data-original-value=\"MARCO ANTONIO S\u00c1NCHEZ ABNAAL Y EFRAIN CABALLERO SANDOVAL\" data-order=\"MARCO ANTONIO S\u00c1NCHEZ ABNAAL Y EFRAIN CABALLERO SANDOVAL\" >MARCO ANTONIO S\u00c1NCHEZ ABNAAL Y EFRAIN CABALLERO SANDOVAL <\/td><td data-cell-id=\"C154\" data-x=\"2\" data-y=\"154\" data-db-index=\"154\" class=\"fsize-18\" data-cell-type=\"text\" data-original-value=\"TRIBUNAL ELECTORAL DEL ESTADO DE CAMPECHE\" data-order=\"TRIBUNAL ELECTORAL DEL ESTADO DE CAMPECHE\" >TRIBUNAL ELECTORAL DEL ESTADO DE CAMPECHE <\/td><td data-cell-id=\"D154\" data-x=\"3\" data-y=\"154\" data-db-index=\"154\" class=\"fsize-18\" data-cell-type=\"text\" data-original-value=\"&lt;a href=&quot;https:\/\/teec.org.mx\/web\/wp-content\/uploads\/2023\/10\/TEEC-RAP-9-2023-y-acum-3er-acu-05-10-2023.pdf&quot; target=&quot;_blank&quot;&gt;TEEC\/RAP\/9\/2023, TEEC\/RAP\/10\/2023, TEEC\/RAP\/11\/2023, TEEC\/RAP\/12\/2023 Y TEEC\/RAP\/13\/2023 (TR\u00c1MITE DE MEDIO DE IMPUGNACI\u00d3N)&lt;\/a&gt;\" data-order=\"&lt;a href=&quot;https:\/\/teec.org.mx\/web\/wp-content\/uploads\/2023\/10\/TEEC-RAP-9-2023-y-acum-3er-acu-05-10-2023.pdf&quot; target=&quot;_blank&quot;&gt;TEEC\/RAP\/9\/2023, TEEC\/RAP\/10\/2023, TEEC\/RAP\/11\/2023, TEEC\/RAP\/12\/2023 Y TEEC\/RAP\/13\/2023 (TR\u00c1MITE DE MEDIO DE IMPUGNACI\u00d3N)&lt;\/a&gt;\" ><a href=\"https:\/\/teec.org.mx\/web\/wp-content\/uploads\/2023\/10\/TEEC-RAP-9-2023-y-acum-3er-acu-05-10-2023.pdf\" target=\"_blank\">TEEC\/RAP\/9\/2023, TEEC\/RAP\/10\/2023, TEEC\/RAP\/11\/2023, TEEC\/RAP\/12\/2023 Y TEEC\/RAP\/13\/2023 (TR\u00c1MITE DE MEDIO DE IMPUGNACI\u00d3N)<\/a><\/td><\/tr><tr style=\"height:px\" ><td data-cell-id=\"A155\" data-x=\"0\" data-y=\"155\" data-db-index=\"155\" class=\"fsize-18\" data-cell-type=\"text\" data-original-value=\"05 DE OCTUBRE DE 2023, A LAS 10:57 HORAS\" data-order=\"05 DE OCTUBRE DE 2023, A LAS 10:57 HORAS\" >05 DE OCTUBRE DE 2023, A LAS 10:57 HORAS <\/td><td data-cell-id=\"B155\" data-x=\"1\" data-y=\"155\" data-db-index=\"155\" class=\"fsize-18\" data-cell-type=\"text\" data-original-value=\"MARCO ANTONIO S\u00c1NCHEZ ABNAAL Y EFRAIN CABALLERO SANDOVAL\" data-order=\"MARCO ANTONIO S\u00c1NCHEZ ABNAAL Y EFRAIN CABALLERO SANDOVAL\" >MARCO ANTONIO S\u00c1NCHEZ ABNAAL Y EFRAIN CABALLERO SANDOVAL <\/td><td data-cell-id=\"C155\" data-x=\"2\" data-y=\"155\" data-db-index=\"155\" class=\"fsize-18\" data-cell-type=\"text\" data-original-value=\"TRIBUNAL ELECTORAL DEL ESTADO DE CAMPECHE\" data-order=\"TRIBUNAL ELECTORAL DEL ESTADO DE CAMPECHE\" >TRIBUNAL ELECTORAL DEL ESTADO DE CAMPECHE <\/td><td data-cell-id=\"D155\" data-x=\"3\" data-y=\"155\" data-db-index=\"155\" class=\"fsize-18\" data-cell-type=\"text\" data-original-value=\"&lt;a href=&quot;https:\/\/teec.org.mx\/web\/wp-content\/uploads\/2023\/10\/TEEC-RAP-9-2023-y-acum-2do-acu-05-10-2023.pdf&quot; target=&quot;_blank&quot;&gt;TEEC\/RAP\/9\/2023, TEEC\/RAP\/10\/2023, TEEC\/RAP\/11\/2023, TEEC\/RAP\/12\/2023 Y TEEC\/RAP\/13\/2023 (TR\u00c1MITE DE MEDIO DE IMPUGNACI\u00d3N)&lt;\/a&gt;\" data-order=\"&lt;a href=&quot;https:\/\/teec.org.mx\/web\/wp-content\/uploads\/2023\/10\/TEEC-RAP-9-2023-y-acum-2do-acu-05-10-2023.pdf&quot; target=&quot;_blank&quot;&gt;TEEC\/RAP\/9\/2023, TEEC\/RAP\/10\/2023, TEEC\/RAP\/11\/2023, TEEC\/RAP\/12\/2023 Y TEEC\/RAP\/13\/2023 (TR\u00c1MITE DE MEDIO DE IMPUGNACI\u00d3N)&lt;\/a&gt;\" ><a href=\"https:\/\/teec.org.mx\/web\/wp-content\/uploads\/2023\/10\/TEEC-RAP-9-2023-y-acum-2do-acu-05-10-2023.pdf\" target=\"_blank\">TEEC\/RAP\/9\/2023, TEEC\/RAP\/10\/2023, TEEC\/RAP\/11\/2023, TEEC\/RAP\/12\/2023 Y TEEC\/RAP\/13\/2023 (TR\u00c1MITE DE MEDIO DE IMPUGNACI\u00d3N)<\/a><\/td><\/tr><tr style=\"height:px\" ><td data-cell-id=\"A156\" data-x=\"0\" data-y=\"156\" data-db-index=\"156\" class=\"fsize-18\" data-cell-type=\"text\" data-original-value=\"05 DE OCTUBRE DE 2023, A LAS 10:35 HORAS\" data-order=\"05 DE OCTUBRE DE 2023, A LAS 10:35 HORAS\" >05 DE OCTUBRE DE 2023, A LAS 10:35 HORAS <\/td><td data-cell-id=\"B156\" data-x=\"1\" data-y=\"156\" data-db-index=\"156\" class=\"fsize-18\" data-cell-type=\"text\" data-original-value=\"ALONDRA ANAHI POOL UC\" data-order=\"ALONDRA ANAHI POOL UC\" >ALONDRA ANAHI POOL UC <\/td><td data-cell-id=\"C156\" data-x=\"2\" data-y=\"156\" data-db-index=\"156\" class=\"fsize-18\" data-cell-type=\"text\" data-original-value=\"TRIBUNAL ELECTORAL DEL ESTADO DE CAMPECHE\" data-order=\"TRIBUNAL ELECTORAL DEL ESTADO DE CAMPECHE\" >TRIBUNAL ELECTORAL DEL ESTADO DE CAMPECHE <\/td><td data-cell-id=\"D156\" data-x=\"3\" data-y=\"156\" data-db-index=\"156\" class=\"fsize-18\" data-cell-type=\"text\" data-original-value=\"&lt;a href=&quot;https:\/\/teec.org.mx\/web\/wp-content\/uploads\/2023\/10\/TEEC-RAP-9-2023-y-acum-05-10-2023.pdf&quot; target=&quot;_blank&quot;&gt;TEEC\/RAP\/9\/2023, TEEC\/RAP\/10\/2023, TEEC\/RAP\/11\/2023, TEEC\/RAP\/12\/2023 Y TEEC\/RAP\/13\/2023 (TR\u00c1MITE DE MEDIO DE IMPUGNACI\u00d3N)&lt;\/a&gt;\" data-order=\"&lt;a href=&quot;https:\/\/teec.org.mx\/web\/wp-content\/uploads\/2023\/10\/TEEC-RAP-9-2023-y-acum-05-10-2023.pdf&quot; target=&quot;_blank&quot;&gt;TEEC\/RAP\/9\/2023, TEEC\/RAP\/10\/2023, TEEC\/RAP\/11\/2023, TEEC\/RAP\/12\/2023 Y TEEC\/RAP\/13\/2023 (TR\u00c1MITE DE MEDIO DE IMPUGNACI\u00d3N)&lt;\/a&gt;\" ><a href=\"https:\/\/teec.org.mx\/web\/wp-content\/uploads\/2023\/10\/TEEC-RAP-9-2023-y-acum-05-10-2023.pdf\" target=\"_blank\">TEEC\/RAP\/9\/2023, TEEC\/RAP\/10\/2023, TEEC\/RAP\/11\/2023, TEEC\/RAP\/12\/2023 Y TEEC\/RAP\/13\/2023 (TR\u00c1MITE DE MEDIO DE IMPUGNACI\u00d3N)<\/a><\/td><\/tr><tr style=\"height:px\" ><td data-cell-id=\"A157\" data-x=\"0\" data-y=\"157\" data-db-index=\"157\" class=\"fsize-18\" data-cell-type=\"text\" data-original-value=\"05 DE OCTUBRE DE 2023, A LAS 10:15 HORAS\" data-order=\"05 DE OCTUBRE DE 2023, A LAS 10:15 HORAS\" >05 DE OCTUBRE DE 2023, A LAS 10:15 HORAS <\/td><td data-cell-id=\"B157\" data-x=\"1\" data-y=\"157\" data-db-index=\"157\" class=\"fsize-18\" data-cell-type=\"text\" data-original-value=\"MOVIMIENTO LABORISTA A.C.\" data-order=\"MOVIMIENTO LABORISTA A.C.\" >MOVIMIENTO LABORISTA A.C. <\/td><td data-cell-id=\"C157\" data-x=\"2\" data-y=\"157\" data-db-index=\"157\" class=\"fsize-18\" data-cell-type=\"text\" data-original-value=\"TRIBUNAL ELECTORAL DEL ESTADO DE CAMPECHE\" data-order=\"TRIBUNAL ELECTORAL DEL ESTADO DE CAMPECHE\" >TRIBUNAL ELECTORAL DEL ESTADO DE CAMPECHE <\/td><td data-cell-id=\"D157\" data-x=\"3\" data-y=\"157\" data-db-index=\"157\" class=\"fsize-18\" data-cell-type=\"text\" data-original-value=\"&lt;a href=&quot;https:\/\/teec.org.mx\/web\/wp-content\/uploads\/2023\/10\/TEEC-RAP-17-2023-y-acum-05-10-2023.pdf&quot; target=&quot;_blank&quot;&gt;TEEC\/RAP\/17\/2023, TEEC\/RAP\/18\/2023, TEEC\/RAP\/19\/2023 Y TEEC\/RAP\/20\/2023 (TR\u00c1MITE DE MEDIO FEDERAL)&lt;\/a&gt;\" data-order=\"&lt;a href=&quot;https:\/\/teec.org.mx\/web\/wp-content\/uploads\/2023\/10\/TEEC-RAP-17-2023-y-acum-05-10-2023.pdf&quot; target=&quot;_blank&quot;&gt;TEEC\/RAP\/17\/2023, TEEC\/RAP\/18\/2023, TEEC\/RAP\/19\/2023 Y TEEC\/RAP\/20\/2023 (TR\u00c1MITE DE MEDIO FEDERAL)&lt;\/a&gt;\" ><a href=\"https:\/\/teec.org.mx\/web\/wp-content\/uploads\/2023\/10\/TEEC-RAP-17-2023-y-acum-05-10-2023.pdf\" target=\"_blank\">TEEC\/RAP\/17\/2023, TEEC\/RAP\/18\/2023, TEEC\/RAP\/19\/2023 Y TEEC\/RAP\/20\/2023 (TR\u00c1MITE DE MEDIO FEDERAL)<\/a><\/td><\/tr><tr style=\"height:px\" ><td data-cell-id=\"A158\" data-x=\"0\" data-y=\"158\" data-db-index=\"158\" class=\"fsize-18\" data-cell-type=\"text\" data-original-value=\"05 DE OCTUBRE DE 2023, A LAS 11:14 HORAS\" data-order=\"05 DE OCTUBRE DE 2023, A LAS 11:14 HORAS\" >05 DE OCTUBRE DE 2023, A LAS 11:14 HORAS <\/td><td data-cell-id=\"B158\" data-x=\"1\" data-y=\"158\" data-db-index=\"158\" class=\"fsize-18\" data-cell-type=\"text\" data-original-value=\"JOSE CLEMENTE MARRERO ORTIZ, EN CALIDAD DE APODERADO LEGAL DE RAFAEL ALEJANDRO MORENO C\u00c1RDENAS Y JUAN GUALBERTO ALONZO REBOLLEDO, EN SU CAR\u00c1CTER DE REPRESENTANTE PROPIETARIO DEL PARTIDO REVOLUCIONARIO INSTITUCIONAL ANTE EL CONSEJO GENERAL DEL INSTITUTO ELECTORAL DEL ESTADO DE CAMPECHE\" data-order=\"JOSE CLEMENTE MARRERO ORTIZ, EN CALIDAD DE APODERADO LEGAL DE RAFAEL ALEJANDRO MORENO C\u00c1RDENAS Y JUAN GUALBERTO ALONZO REBOLLEDO, EN SU CAR\u00c1CTER DE REPRESENTANTE PROPIETARIO DEL PARTIDO REVOLUCIONARIO INSTITUCIONAL ANTE EL CONSEJO GENERAL DEL INSTITUTO ELECTORAL DEL ESTADO DE CAMPECHE\" >JOSE CLEMENTE MARRERO ORTIZ, EN CALIDAD DE APODERADO LEGAL DE RAFAEL ALEJANDRO MORENO C\u00c1RDENAS Y JUAN GUALBERTO ALONZO REBOLLEDO, EN SU CAR\u00c1CTER DE REPRESENTANTE PROPIETARIO DEL PARTIDO REVOLUCIONARIO INSTITUCIONAL ANTE EL CONSEJO GENERAL DEL INSTITUTO ELECTORAL DEL ESTADO DE CAMPECHE <\/td><td data-cell-id=\"C158\" data-x=\"2\" data-y=\"158\" data-db-index=\"158\" class=\"fsize-18\" data-cell-type=\"text\" data-original-value=\"JUNTA GENERAL EJECUTIVA DEL INSTITUTO ELECTORAL DEL ESTADO DE CAMPECHE\" data-order=\"JUNTA GENERAL EJECUTIVA DEL INSTITUTO ELECTORAL DEL ESTADO DE CAMPECHE\" >JUNTA GENERAL EJECUTIVA DEL INSTITUTO ELECTORAL DEL ESTADO DE CAMPECHE <\/td><td data-cell-id=\"D158\" data-x=\"3\" data-y=\"158\" data-db-index=\"158\" class=\"fsize-18\" data-cell-type=\"text\" data-original-value=\"&lt;a href=&quot;https:\/\/teec.org.mx\/web\/wp-content\/uploads\/2023\/10\/TEEC-RAP-23-2023-05-10-2023.pdf&quot; target=&quot;_blank&quot;&gt;TEEC\/RAP\/23\/2023 (ACUERDO SE TURNA DOCUMENTACI\u00d3N)&lt;\/a&gt;\" data-order=\"&lt;a href=&quot;https:\/\/teec.org.mx\/web\/wp-content\/uploads\/2023\/10\/TEEC-RAP-23-2023-05-10-2023.pdf&quot; target=&quot;_blank&quot;&gt;TEEC\/RAP\/23\/2023 (ACUERDO SE TURNA DOCUMENTACI\u00d3N)&lt;\/a&gt;\" ><a href=\"https:\/\/teec.org.mx\/web\/wp-content\/uploads\/2023\/10\/TEEC-RAP-23-2023-05-10-2023.pdf\" target=\"_blank\">TEEC\/RAP\/23\/2023 (ACUERDO SE TURNA DOCUMENTACI\u00d3N)<\/a><\/td><\/tr><tr style=\"height:px\" ><td data-cell-id=\"A159\" data-x=\"0\" data-y=\"159\" data-db-index=\"159\" class=\"fsize-18\" data-cell-type=\"text\" data-original-value=\"04 DE OCTUBRE DE 2023, A LAS 10:50 HORAS\" data-order=\"04 DE OCTUBRE DE 2023, A LAS 10:50 HORAS\" >04 DE OCTUBRE DE 2023, A LAS 10:50 HORAS <\/td><td data-cell-id=\"B159\" data-x=\"1\" data-y=\"159\" data-db-index=\"159\" class=\"fsize-18\" data-cell-type=\"text\" data-original-value=\"JUAN GUALBERTO ALONZO REBOLLEDO, REPRESENTANTE PROPIETARIO DEL PARTIDO REVOLUCIONARIO INSTITUCIONAL ANTE EL CONSEJO GENERAL DEL INSTITUTO ELECTORAL DEL ESTADO DE CAMPECHE, PEDRO ESTRADA C\u00d3RDOVA, REPRESENTANTE PROPIETARIO DEL PARTIDO MOVIMIENTO CIUDADANO ANTE EL CONSEJO GENERAL DEL INSTITUTO ELECTORAL DEL ESTADO DE CAMPECHE, C\u00c9SAR ISMAEL MART\u00cdN EHU\u00c1N, REPRESENTANTE PROPIETARIO DEL PARTIDO ACCI\u00d3N NACIONAL ANTE EL CONSEJO GENERAL DEL INSTITUTO ELECTORAL DEL ESTADO DE CAMPECHE\" data-order=\"JUAN GUALBERTO ALONZO REBOLLEDO, REPRESENTANTE PROPIETARIO DEL PARTIDO REVOLUCIONARIO INSTITUCIONAL ANTE EL CONSEJO GENERAL DEL INSTITUTO ELECTORAL DEL ESTADO DE CAMPECHE, PEDRO ESTRADA C\u00d3RDOVA, REPRESENTANTE PROPIETARIO DEL PARTIDO MOVIMIENTO CIUDADANO ANTE EL CONSEJO GENERAL DEL INSTITUTO ELECTORAL DEL ESTADO DE CAMPECHE, C\u00c9SAR ISMAEL MART\u00cdN EHU\u00c1N, REPRESENTANTE PROPIETARIO DEL PARTIDO ACCI\u00d3N NACIONAL ANTE EL CONSEJO GENERAL DEL INSTITUTO ELECTORAL DEL ESTADO DE CAMPECHE\" >JUAN GUALBERTO ALONZO REBOLLEDO, REPRESENTANTE PROPIETARIO DEL PARTIDO REVOLUCIONARIO INSTITUCIONAL ANTE EL CONSEJO GENERAL DEL INSTITUTO ELECTORAL DEL ESTADO DE CAMPECHE, PEDRO ESTRADA C\u00d3RDOVA, REPRESENTANTE PROPIETARIO DEL PARTIDO MOVIMIENTO CIUDADANO ANTE EL CONSEJO GENERAL DEL INSTITUTO ELECTORAL DEL ESTADO DE CAMPECHE, C\u00c9SAR ISMAEL MART\u00cdN EHU\u00c1N, REPRESENTANTE PROPIETARIO DEL PARTIDO ACCI\u00d3N NACIONAL ANTE EL CONSEJO GENERAL DEL INSTITUTO ELECTORAL DEL ESTADO DE CAMPECHE <\/td><td data-cell-id=\"C159\" data-x=\"2\" data-y=\"159\" data-db-index=\"159\" class=\"fsize-18\" data-cell-type=\"text\" data-original-value=\"CONSEJO GENERAL DEL INSTITUTO ELECTORAL DEL ESTADO DE CAMPECHE\" data-order=\"CONSEJO GENERAL DEL INSTITUTO ELECTORAL DEL ESTADO DE CAMPECHE\" >CONSEJO GENERAL DEL INSTITUTO ELECTORAL DEL ESTADO DE CAMPECHE <\/td><td data-cell-id=\"D159\" data-x=\"3\" data-y=\"159\" data-db-index=\"159\" class=\"fsize-18\" data-cell-type=\"text\" data-original-value=\"&lt;a href=&quot;https:\/\/teec.org.mx\/web\/wp-content\/uploads\/2023\/10\/TEEC-RAP-14-2023-y-acum-04-10-2023.pdf&quot; target=&quot;_blank&quot;&gt;TEEC\/RAP\/14\/2023 Y SUS ACUMULADOS TEEC\/RAP\/15\/2023 Y TEEC\/RAP\/16\/2023 (SE DECLARA FIRME Y VALEDERA)&lt;\/a&gt;\" data-order=\"&lt;a href=&quot;https:\/\/teec.org.mx\/web\/wp-content\/uploads\/2023\/10\/TEEC-RAP-14-2023-y-acum-04-10-2023.pdf&quot; target=&quot;_blank&quot;&gt;TEEC\/RAP\/14\/2023 Y SUS ACUMULADOS TEEC\/RAP\/15\/2023 Y TEEC\/RAP\/16\/2023 (SE DECLARA FIRME Y VALEDERA)&lt;\/a&gt;\" ><a href=\"https:\/\/teec.org.mx\/web\/wp-content\/uploads\/2023\/10\/TEEC-RAP-14-2023-y-acum-04-10-2023.pdf\" target=\"_blank\">TEEC\/RAP\/14\/2023 Y SUS ACUMULADOS TEEC\/RAP\/15\/2023 Y TEEC\/RAP\/16\/2023 (SE DECLARA FIRME Y VALEDERA)<\/a><\/td><\/tr><tr style=\"height:px\" ><td data-cell-id=\"A160\" data-x=\"0\" data-y=\"160\" data-db-index=\"160\" class=\"fsize-18\" data-cell-type=\"text\" data-original-value=\"03 DE OCTUBRE DE 2023, A LAS 12:30 HORAS\" data-order=\"03 DE OCTUBRE DE 2023, A LAS 12:30 HORAS\" >03 DE OCTUBRE DE 2023, A LAS 12:30 HORAS <\/td><td data-cell-id=\"B160\" data-x=\"1\" data-y=\"160\" data-db-index=\"160\" class=\"fsize-18\" data-cell-type=\"text\" data-original-value=\"C\u00c9SAR ISMAEL MART\u00cdN EHU\u00c1N, JUAN GUALBERTO ALONZO REBOLLEDO, MAR\u00cdA DEL CARMEN P\u00c9REZ L\u00d3PEZ, PEDRO ESTRADA C\u00d3RDOVA Y ERGI DANIEL PE\u00d1A MACIEL, QUIENES SE OSTENTAN COMO REPRESENTANTES PROPIETARIOS DE LOS PARTIDOS POLITICOS ACCI\u00d3N NACIONAL, REVOLUCIONARIO INSTITUCIONAL, DE LA REVOLUCI\u00d3N DEMOCR\u00c1TICA, MOVIMIENTO CIUDADANO Y ENCUENTRO SOLIDARIO, RESPECTIVAMENTE ANTE EL CONSEJO GENERAL DEL INSTITUTO ELECTORAL DEL ESTADO DE CAMPECHE\" data-order=\"C\u00c9SAR ISMAEL MART\u00cdN EHU\u00c1N, JUAN GUALBERTO ALONZO REBOLLEDO, MAR\u00cdA DEL CARMEN P\u00c9REZ L\u00d3PEZ, PEDRO ESTRADA C\u00d3RDOVA Y ERGI DANIEL PE\u00d1A MACIEL, QUIENES SE OSTENTAN COMO REPRESENTANTES PROPIETARIOS DE LOS PARTIDOS POLITICOS ACCI\u00d3N NACIONAL, REVOLUCIONARIO INSTITUCIONAL, DE LA REVOLUCI\u00d3N DEMOCR\u00c1TICA, MOVIMIENTO CIUDADANO Y ENCUENTRO SOLIDARIO, RESPECTIVAMENTE ANTE EL CONSEJO GENERAL DEL INSTITUTO ELECTORAL DEL ESTADO DE CAMPECHE\" >C\u00c9SAR ISMAEL MART\u00cdN EHU\u00c1N, JUAN GUALBERTO ALONZO REBOLLEDO, MAR\u00cdA DEL CARMEN P\u00c9REZ L\u00d3PEZ, PEDRO ESTRADA C\u00d3RDOVA Y ERGI DANIEL PE\u00d1A MACIEL, QUIENES SE OSTENTAN COMO REPRESENTANTES PROPIETARIOS DE LOS PARTIDOS POLITICOS ACCI\u00d3N NACIONAL, REVOLUCIONARIO INSTITUCIONAL, DE LA REVOLUCI\u00d3N DEMOCR\u00c1TICA, MOVIMIENTO CIUDADANO Y ENCUENTRO SOLIDARIO, RESPECTIVAMENTE ANTE EL CONSEJO GENERAL DEL INSTITUTO ELECTORAL DEL ESTADO DE CAMPECHE <\/td><td data-cell-id=\"C160\" data-x=\"2\" data-y=\"160\" data-db-index=\"160\" class=\"fsize-18\" data-cell-type=\"text\" data-original-value=\"CONSEJO GENERAL DEL INSTITUTO ELECTORAL DEL ESTADO DE CAMPECHE\" data-order=\"CONSEJO GENERAL DEL INSTITUTO ELECTORAL DEL ESTADO DE CAMPECHE\" >CONSEJO GENERAL DEL INSTITUTO ELECTORAL DEL ESTADO DE CAMPECHE <\/td><td data-cell-id=\"D160\" data-x=\"3\" data-y=\"160\" data-db-index=\"160\" class=\"fsize-18\" data-cell-type=\"text\" data-original-value=\"&lt;a href=&quot;https:\/\/teec.org.mx\/web\/wp-content\/uploads\/2023\/10\/TEEC-RAP-9-2023-y-acum-2do-acu-03-10-2023.pdf&quot; target=&quot;_blank&quot;&gt;TEEC\/RAP\/9\/2023 Y ACUMULADOS TEEC\/RAP\/10\/2023, TEEC\/RAP\/11\/2023, TEEC\/RAP\/12\/2023 Y TEEC\/RAP\/13\/2023 (ACUERDO DE EXPEDICI\u00d3N DE COPIAS CERTIFICADAS)&lt;\/a&gt;\" data-order=\"&lt;a href=&quot;https:\/\/teec.org.mx\/web\/wp-content\/uploads\/2023\/10\/TEEC-RAP-9-2023-y-acum-2do-acu-03-10-2023.pdf&quot; target=&quot;_blank&quot;&gt;TEEC\/RAP\/9\/2023 Y ACUMULADOS TEEC\/RAP\/10\/2023, TEEC\/RAP\/11\/2023, TEEC\/RAP\/12\/2023 Y TEEC\/RAP\/13\/2023 (ACUERDO DE EXPEDICI\u00d3N DE COPIAS CERTIFICADAS)&lt;\/a&gt;\" ><a href=\"https:\/\/teec.org.mx\/web\/wp-content\/uploads\/2023\/10\/TEEC-RAP-9-2023-y-acum-2do-acu-03-10-2023.pdf\" target=\"_blank\">TEEC\/RAP\/9\/2023 Y ACUMULADOS TEEC\/RAP\/10\/2023, TEEC\/RAP\/11\/2023, TEEC\/RAP\/12\/2023 Y TEEC\/RAP\/13\/2023 (ACUERDO DE EXPEDICI\u00d3N DE COPIAS CERTIFICADAS)<\/a><\/td><\/tr><tr style=\"height:px\" ><td data-cell-id=\"A161\" data-x=\"0\" data-y=\"161\" data-db-index=\"161\" class=\"fsize-18\" data-cell-type=\"text\" data-original-value=\"03 DE OCTUBRE DE 2023, A LAS 10:30 HORAS\" data-order=\"03 DE OCTUBRE DE 2023, A LAS 10:30 HORAS\" >03 DE OCTUBRE DE 2023, A LAS 10:30 HORAS <\/td><td data-cell-id=\"B161\" data-x=\"1\" data-y=\"161\" data-db-index=\"161\" class=\"fsize-18\" data-cell-type=\"text\" data-original-value=\"C\u00c9SAR ISMAEL MART\u00cdN EHU\u00c1N, JUAN GUALBERTO ALONZO REBOLLEDO, MAR\u00cdA DEL CARMEN P\u00c9REZ L\u00d3PEZ, PEDRO ESTRADA C\u00d3RDOVA Y ERGI DANIEL PE\u00d1A MACIEL, QUIENES SE OSTENTAN COMO REPRESENTANTES PROPIETARIOS DE LOS PARTIDOS POLITICOS ACCI\u00d3N NACIONAL, REVOLUCIONARIO INSTITUCIONAL, DE LA REVOLUCI\u00d3N DEMOCR\u00c1TICA, MOVIMIENTO CIUDADANO Y ENCUENTRO SOLIDARIO, RESPECTIVAMENTE ANTE EL CONSEJO GENERAL DEL INSTITUTO ELECTORAL DEL ESTADO DE CAMPECHE\" data-order=\"C\u00c9SAR ISMAEL MART\u00cdN EHU\u00c1N, JUAN GUALBERTO ALONZO REBOLLEDO, MAR\u00cdA DEL CARMEN P\u00c9REZ L\u00d3PEZ, PEDRO ESTRADA C\u00d3RDOVA Y ERGI DANIEL PE\u00d1A MACIEL, QUIENES SE OSTENTAN COMO REPRESENTANTES PROPIETARIOS DE LOS PARTIDOS POLITICOS ACCI\u00d3N NACIONAL, REVOLUCIONARIO INSTITUCIONAL, DE LA REVOLUCI\u00d3N DEMOCR\u00c1TICA, MOVIMIENTO CIUDADANO Y ENCUENTRO SOLIDARIO, RESPECTIVAMENTE ANTE EL CONSEJO GENERAL DEL INSTITUTO ELECTORAL DEL ESTADO DE CAMPECHE\" >C\u00c9SAR ISMAEL MART\u00cdN EHU\u00c1N, JUAN GUALBERTO ALONZO REBOLLEDO, MAR\u00cdA DEL CARMEN P\u00c9REZ L\u00d3PEZ, PEDRO ESTRADA C\u00d3RDOVA Y ERGI DANIEL PE\u00d1A MACIEL, QUIENES SE OSTENTAN COMO REPRESENTANTES PROPIETARIOS DE LOS PARTIDOS POLITICOS ACCI\u00d3N NACIONAL, REVOLUCIONARIO INSTITUCIONAL, DE LA REVOLUCI\u00d3N DEMOCR\u00c1TICA, MOVIMIENTO CIUDADANO Y ENCUENTRO SOLIDARIO, RESPECTIVAMENTE ANTE EL CONSEJO GENERAL DEL INSTITUTO ELECTORAL DEL ESTADO DE CAMPECHE <\/td><td data-cell-id=\"C161\" data-x=\"2\" data-y=\"161\" data-db-index=\"161\" class=\"fsize-18\" data-cell-type=\"text\" data-original-value=\"CONSEJO GENERAL DEL INSTITUTO ELECTORAL DEL ESTADO DE CAMPECHE\" data-order=\"CONSEJO GENERAL DEL INSTITUTO ELECTORAL DEL ESTADO DE CAMPECHE\" >CONSEJO GENERAL DEL INSTITUTO ELECTORAL DEL ESTADO DE CAMPECHE <\/td><td data-cell-id=\"D161\" data-x=\"3\" data-y=\"161\" data-db-index=\"161\" class=\"fsize-18\" data-cell-type=\"text\" data-original-value=\"&lt;a href=&quot;https:\/\/teec.org.mx\/web\/wp-content\/uploads\/2023\/10\/TEEC-RAP-9-2023-y-acum-03-10-2023.pdf&quot; target=&quot;_blank&quot;&gt;TEEC\/RAP\/9\/2023 Y ACUMULADOS TEEC\/RAP\/10\/2023, TEEC\/RAP\/11\/2023, TEEC\/RAP\/12\/2023 Y TEEC\/RAP\/13\/2023 (ACUERDO DE TURNO DE DOCUMENTACI\u00d3N)&lt;\/a&gt;\" data-order=\"&lt;a href=&quot;https:\/\/teec.org.mx\/web\/wp-content\/uploads\/2023\/10\/TEEC-RAP-9-2023-y-acum-03-10-2023.pdf&quot; target=&quot;_blank&quot;&gt;TEEC\/RAP\/9\/2023 Y ACUMULADOS TEEC\/RAP\/10\/2023, TEEC\/RAP\/11\/2023, TEEC\/RAP\/12\/2023 Y TEEC\/RAP\/13\/2023 (ACUERDO DE TURNO DE DOCUMENTACI\u00d3N)&lt;\/a&gt;\" ><a href=\"https:\/\/teec.org.mx\/web\/wp-content\/uploads\/2023\/10\/TEEC-RAP-9-2023-y-acum-03-10-2023.pdf\" target=\"_blank\">TEEC\/RAP\/9\/2023 Y ACUMULADOS TEEC\/RAP\/10\/2023, TEEC\/RAP\/11\/2023, TEEC\/RAP\/12\/2023 Y TEEC\/RAP\/13\/2023 (ACUERDO DE TURNO DE DOCUMENTACI\u00d3N)<\/a><\/td><\/tr><tr style=\"height:px\" ><td data-cell-id=\"A162\" data-x=\"0\" data-y=\"162\" data-db-index=\"162\" class=\"fsize-18\" data-cell-type=\"text\" data-original-value=\"02 DE OCTUBRE DE 2023, A LAS 14:43 HORAS\" data-order=\"02 DE OCTUBRE DE 2023, A LAS 14:43 HORAS\" >02 DE OCTUBRE DE 2023, A LAS 14:43 HORAS <\/td><td data-cell-id=\"B162\" data-x=\"1\" data-y=\"162\" data-db-index=\"162\" class=\"fsize-18\" data-cell-type=\"text\" data-original-value=\"ANTONIO G\u00d3MEZ SAUCEDO, EN SU CALIDAD DE REPRESENTANTE PROPIETARIO DEL PARTIDO DEL TRABAJO ANTE EL CONSEJO GENERAL DEL INSTITUTO ELECTORAL DEL ESTADO DE CAMPECHE\" data-order=\"ANTONIO G\u00d3MEZ SAUCEDO, EN SU CALIDAD DE REPRESENTANTE PROPIETARIO DEL PARTIDO DEL TRABAJO ANTE EL CONSEJO GENERAL DEL INSTITUTO ELECTORAL DEL ESTADO DE CAMPECHE\" >ANTONIO G\u00d3MEZ SAUCEDO, EN SU CALIDAD DE REPRESENTANTE PROPIETARIO DEL PARTIDO DEL TRABAJO ANTE EL CONSEJO GENERAL DEL INSTITUTO ELECTORAL DEL ESTADO DE CAMPECHE <\/td><td data-cell-id=\"C162\" data-x=\"2\" data-y=\"162\" data-db-index=\"162\" class=\"fsize-18\" data-cell-type=\"text\" data-original-value=\"DIRECCI\u00d3N EJECUTIVA DE ADMINISTRACI\u00d3N, PRERROGATIVAS DE PARTIDOS Y ASOCIACIONES POL\u00cdTICAS DEL INSTITUTO ELECTORAL DEL ESTADO DE CAMPECHE\" data-order=\"DIRECCI\u00d3N EJECUTIVA DE ADMINISTRACI\u00d3N, PRERROGATIVAS DE PARTIDOS Y ASOCIACIONES POL\u00cdTICAS DEL INSTITUTO ELECTORAL DEL ESTADO DE CAMPECHE\" >DIRECCI\u00d3N EJECUTIVA DE ADMINISTRACI\u00d3N, PRERROGATIVAS DE PARTIDOS Y ASOCIACIONES POL\u00cdTICAS DEL INSTITUTO ELECTORAL DEL ESTADO DE CAMPECHE <\/td><td data-cell-id=\"D162\" data-x=\"3\" data-y=\"162\" data-db-index=\"162\" class=\"fsize-18\" data-cell-type=\"text\" data-original-value=\"&lt;a href=&quot;https:\/\/teec.org.mx\/web\/wp-content\/uploads\/2023\/10\/TEEC-RAP-1-2023-02-10-2023.pdf&quot; target=&quot;_blank&quot;&gt;TEEC\/RAP\/1\/2023 (ACUERDO DE RECEPCI\u00d3N Y ACUMULACI\u00d3N)&lt;\/a&gt;\" data-order=\"&lt;a href=&quot;https:\/\/teec.org.mx\/web\/wp-content\/uploads\/2023\/10\/TEEC-RAP-1-2023-02-10-2023.pdf&quot; target=&quot;_blank&quot;&gt;TEEC\/RAP\/1\/2023 (ACUERDO DE RECEPCI\u00d3N Y ACUMULACI\u00d3N)&lt;\/a&gt;\" ><a href=\"https:\/\/teec.org.mx\/web\/wp-content\/uploads\/2023\/10\/TEEC-RAP-1-2023-02-10-2023.pdf\" target=\"_blank\">TEEC\/RAP\/1\/2023 (ACUERDO DE RECEPCI\u00d3N Y ACUMULACI\u00d3N)<\/a><\/td><\/tr><tr style=\"height:px\" ><td data-cell-id=\"A163\" data-x=\"0\" data-y=\"163\" data-db-index=\"163\" class=\"fsize-18\" data-cell-type=\"text\" data-original-value=\"29 DE SEPTIEMBRE DE 2023, A LAS 14:49 HORAS\" data-order=\"29 DE SEPTIEMBRE DE 2023, A LAS 14:49 HORAS\" >29 DE SEPTIEMBRE DE 2023, A LAS 14:49 HORAS <\/td><td data-cell-id=\"B163\" data-x=\"1\" data-y=\"163\" data-db-index=\"163\" class=\"fsize-18\" data-cell-type=\"text\" data-original-value=\"JOSE CLEMENTE MARRERO ORTIZ, EN CALIDAD DE APODERADO LEGAL DE RAFAEL ALEJANDRO MORENO C\u00c1RDENAS Y JUAN GUALBERTO ALONZO REBOLLEDO, EN SU CAR\u00c1CTER DE REPRESENTANTE PROPIETARIO DEL PARTIDO REVOLUCIONARIO INSTITUCIONAL ANTE EL CONSEJO GENERAL DEL INSTITUTO ELECTORAL DEL ESTADO DE CAMPECHE\" data-order=\"JOSE CLEMENTE MARRERO ORTIZ, EN CALIDAD DE APODERADO LEGAL DE RAFAEL ALEJANDRO MORENO C\u00c1RDENAS Y JUAN GUALBERTO ALONZO REBOLLEDO, EN SU CAR\u00c1CTER DE REPRESENTANTE PROPIETARIO DEL PARTIDO REVOLUCIONARIO INSTITUCIONAL ANTE EL CONSEJO GENERAL DEL INSTITUTO ELECTORAL DEL ESTADO DE CAMPECHE\" >JOSE CLEMENTE MARRERO ORTIZ, EN CALIDAD DE APODERADO LEGAL DE RAFAEL ALEJANDRO MORENO C\u00c1RDENAS Y JUAN GUALBERTO ALONZO REBOLLEDO, EN SU CAR\u00c1CTER DE REPRESENTANTE PROPIETARIO DEL PARTIDO REVOLUCIONARIO INSTITUCIONAL ANTE EL CONSEJO GENERAL DEL INSTITUTO ELECTORAL DEL ESTADO DE CAMPECHE <\/td><td data-cell-id=\"C163\" data-x=\"2\" data-y=\"163\" data-db-index=\"163\" class=\"fsize-18\" data-cell-type=\"text\" data-original-value=\"JUNTA GENERAL EJECUTIVA DEL INSTITUTO ELECTORAL DEL ESTADO DE CAMPECHE\" data-order=\"JUNTA GENERAL EJECUTIVA DEL INSTITUTO ELECTORAL DEL ESTADO DE CAMPECHE\" >JUNTA GENERAL EJECUTIVA DEL INSTITUTO ELECTORAL DEL ESTADO DE CAMPECHE <\/td><td data-cell-id=\"D163\" data-x=\"3\" data-y=\"163\" data-db-index=\"163\" class=\"fsize-18\" data-cell-type=\"text\" data-original-value=\"&lt;a href=&quot;https:\/\/teec.org.mx\/web\/wp-content\/uploads\/2023\/09\/TEEC-RAP-23-2023-2do-acu-29-09-2023.pdf&quot; target=&quot;_blank&quot;&gt;TEEC\/RAP\/23\/2023 (ACUERDO CUMPLIMIENTO Y ACUMULACI\u00d3N)&lt;\/a&gt;\" data-order=\"&lt;a href=&quot;https:\/\/teec.org.mx\/web\/wp-content\/uploads\/2023\/09\/TEEC-RAP-23-2023-2do-acu-29-09-2023.pdf&quot; target=&quot;_blank&quot;&gt;TEEC\/RAP\/23\/2023 (ACUERDO CUMPLIMIENTO Y ACUMULACI\u00d3N)&lt;\/a&gt;\" ><a href=\"https:\/\/teec.org.mx\/web\/wp-content\/uploads\/2023\/09\/TEEC-RAP-23-2023-2do-acu-29-09-2023.pdf\" target=\"_blank\">TEEC\/RAP\/23\/2023 (ACUERDO CUMPLIMIENTO Y ACUMULACI\u00d3N)<\/a><\/td><\/tr><tr style=\"height:px\" ><td data-cell-id=\"A164\" data-x=\"0\" data-y=\"164\" data-db-index=\"164\" class=\"fsize-18\" data-cell-type=\"text\" data-original-value=\"29 DE SEPTIEMBRE DE 2023, A LAS 14:20 HORAS\" data-order=\"29 DE SEPTIEMBRE DE 2023, A LAS 14:20 HORAS\" >29 DE SEPTIEMBRE DE 2023, A LAS 14:20 HORAS <\/td><td data-cell-id=\"B164\" data-x=\"1\" data-y=\"164\" data-db-index=\"164\" class=\"fsize-18\" data-cell-type=\"text\" data-original-value=\"C\u00c9SAR ISMAEL MART\u00cdN EHU\u00c1N, REPRESENTANTE PROPIETARIO DEL PARTIDO ACCI\u00d3N NACIONAL\" data-order=\"C\u00c9SAR ISMAEL MART\u00cdN EHU\u00c1N, REPRESENTANTE PROPIETARIO DEL PARTIDO ACCI\u00d3N NACIONAL\" >C\u00c9SAR ISMAEL MART\u00cdN EHU\u00c1N, REPRESENTANTE PROPIETARIO DEL PARTIDO ACCI\u00d3N NACIONAL <\/td><td data-cell-id=\"C164\" data-x=\"2\" data-y=\"164\" data-db-index=\"164\" class=\"fsize-18\" data-cell-type=\"text\" data-original-value=\"CONSEJO GENERAL DEL INSTITUTO ELECTORAL DEL ESTADO DE CAMPECHE\" data-order=\"CONSEJO GENERAL DEL INSTITUTO ELECTORAL DEL ESTADO DE CAMPECHE\" >CONSEJO GENERAL DEL INSTITUTO ELECTORAL DEL ESTADO DE CAMPECHE <\/td><td data-cell-id=\"D164\" data-x=\"3\" data-y=\"164\" data-db-index=\"164\" class=\"fsize-18\" data-cell-type=\"text\" data-original-value=\"&lt;a href=&quot;https:\/\/teec.org.mx\/web\/wp-content\/uploads\/2023\/09\/TEEC-RAP-24-2023-29-09-2023.pdf&quot; target=&quot;_blank&quot;&gt;TEEC\/RAP\/24\/2023 (ACUERDO DE RECEPCI\u00d3N Y RADICACI\u00d3N)&lt;\/a&gt;\" data-order=\"&lt;a href=&quot;https:\/\/teec.org.mx\/web\/wp-content\/uploads\/2023\/09\/TEEC-RAP-24-2023-29-09-2023.pdf&quot; target=&quot;_blank&quot;&gt;TEEC\/RAP\/24\/2023 (ACUERDO DE RECEPCI\u00d3N Y RADICACI\u00d3N)&lt;\/a&gt;\" ><a href=\"https:\/\/teec.org.mx\/web\/wp-content\/uploads\/2023\/09\/TEEC-RAP-24-2023-29-09-2023.pdf\" target=\"_blank\">TEEC\/RAP\/24\/2023 (ACUERDO DE RECEPCI\u00d3N Y RADICACI\u00d3N)<\/a><\/td><\/tr><tr style=\"height:px\" ><td data-cell-id=\"A165\" data-x=\"0\" data-y=\"165\" data-db-index=\"165\" class=\"fsize-18\" data-cell-type=\"text\" data-original-value=\"29 DE SEPTIEMBRE DE 2023, A LAS 14:10 HORAS\" data-order=\"29 DE SEPTIEMBRE DE 2023, A LAS 14:10 HORAS\" >29 DE SEPTIEMBRE DE 2023, A LAS 14:10 HORAS <\/td><td data-cell-id=\"B165\" data-x=\"1\" data-y=\"165\" data-db-index=\"165\" class=\"fsize-18\" data-cell-type=\"text\" data-original-value=\"JOS\u00c9 CLEMENTE MARRERO ORTIZ Y JUAN GUALBERTO ALONZO REBOLLEDO EN CALIDAD DE APODERADOS LEGALES DE RAFAEL ALEJANDRO MORENO C\u00c1RDENAS\" data-order=\"JOS\u00c9 CLEMENTE MARRERO ORTIZ Y JUAN GUALBERTO ALONZO REBOLLEDO EN CALIDAD DE APODERADOS LEGALES DE RAFAEL ALEJANDRO MORENO C\u00c1RDENAS\" >JOS\u00c9 CLEMENTE MARRERO ORTIZ Y JUAN GUALBERTO ALONZO REBOLLEDO EN CALIDAD DE APODERADOS LEGALES DE RAFAEL ALEJANDRO MORENO C\u00c1RDENAS <\/td><td data-cell-id=\"C165\" data-x=\"2\" data-y=\"165\" data-db-index=\"165\" class=\"fsize-18\" data-cell-type=\"text\" data-original-value=\"JUNTA GENERAL EJECUTIVA DEL INSTITUTO ELECTORAL DEL ESTADO DE CAMPECHE\" data-order=\"JUNTA GENERAL EJECUTIVA DEL INSTITUTO ELECTORAL DEL ESTADO DE CAMPECHE\" >JUNTA GENERAL EJECUTIVA DEL INSTITUTO ELECTORAL DEL ESTADO DE CAMPECHE <\/td><td data-cell-id=\"D165\" data-x=\"3\" data-y=\"165\" data-db-index=\"165\" class=\"fsize-18\" data-cell-type=\"text\" data-original-value=\"&lt;a href=&quot;https:\/\/teec.org.mx\/web\/wp-content\/uploads\/2023\/09\/TEEC-RAP-23-2023-29-09-2023.pdf&quot; target=&quot;_blank&quot;&gt;TEEC\/RAP\/23\/2023 (ACUERDO DE TURNO)&lt;\/a&gt;\" data-order=\"&lt;a href=&quot;https:\/\/teec.org.mx\/web\/wp-content\/uploads\/2023\/09\/TEEC-RAP-23-2023-29-09-2023.pdf&quot; target=&quot;_blank&quot;&gt;TEEC\/RAP\/23\/2023 (ACUERDO DE TURNO)&lt;\/a&gt;\" ><a href=\"https:\/\/teec.org.mx\/web\/wp-content\/uploads\/2023\/09\/TEEC-RAP-23-2023-29-09-2023.pdf\" target=\"_blank\">TEEC\/RAP\/23\/2023 (ACUERDO DE TURNO)<\/a><\/td><\/tr><tr style=\"height:px\" ><td data-cell-id=\"A166\" data-x=\"0\" data-y=\"166\" data-db-index=\"166\" class=\"fsize-18\" data-cell-type=\"text\" data-original-value=\"28 DE SEPTIEMBRE DE 2023, A LAS 14:58 HORAS\" data-order=\"28 DE SEPTIEMBRE DE 2023, A LAS 14:58 HORAS\" >28 DE SEPTIEMBRE DE 2023, A LAS 14:58 HORAS <\/td><td data-cell-id=\"B166\" data-x=\"1\" data-y=\"166\" data-db-index=\"166\" class=\"fsize-18\" data-cell-type=\"text\" data-original-value=\"ANTONIO G\u00d3MEZ SAUCEDO, EN SU CALIDAD DE REPRESENTANTE DEL PARTIDO DEL TRABAJO ANTE EL CONSEJO GENERAL DEL IEEC\" data-order=\"ANTONIO G\u00d3MEZ SAUCEDO, EN SU CALIDAD DE REPRESENTANTE DEL PARTIDO DEL TRABAJO ANTE EL CONSEJO GENERAL DEL IEEC\" >ANTONIO G\u00d3MEZ SAUCEDO, EN SU CALIDAD DE REPRESENTANTE DEL PARTIDO DEL TRABAJO ANTE EL CONSEJO GENERAL DEL IEEC <\/td><td data-cell-id=\"C166\" data-x=\"2\" data-y=\"166\" data-db-index=\"166\" class=\"fsize-18\" data-cell-type=\"text\" data-original-value=\"DIRECCI\u00d3N EJECUTIVA DE ADMINISTRACI\u00d3N, PRERROGATIVAS DE PARTIDOS Y ASOCIACIONES POL\u00cdTICAS DEL INSTITUTO ELECTORAL DEL ESTADO DE CAMPECHE\" data-order=\"DIRECCI\u00d3N EJECUTIVA DE ADMINISTRACI\u00d3N, PRERROGATIVAS DE PARTIDOS Y ASOCIACIONES POL\u00cdTICAS DEL INSTITUTO ELECTORAL DEL ESTADO DE CAMPECHE\" >DIRECCI\u00d3N EJECUTIVA DE ADMINISTRACI\u00d3N, PRERROGATIVAS DE PARTIDOS Y ASOCIACIONES POL\u00cdTICAS DEL INSTITUTO ELECTORAL DEL ESTADO DE CAMPECHE <\/td><td data-cell-id=\"D166\" data-x=\"3\" data-y=\"166\" data-db-index=\"166\" class=\"fsize-18\" data-cell-type=\"text\" data-original-value=\"&lt;a href=&quot;https:\/\/teec.org.mx\/web\/wp-content\/uploads\/2023\/09\/TEEC-RAP-1-2023-28-09-2023.pdf&quot; target=&quot;_blank&quot;&gt;TEEC\/RAP\/1\/2023 (ACUERDO DE TURNO)&lt;\/a&gt;\" data-order=\"&lt;a href=&quot;https:\/\/teec.org.mx\/web\/wp-content\/uploads\/2023\/09\/TEEC-RAP-1-2023-28-09-2023.pdf&quot; target=&quot;_blank&quot;&gt;TEEC\/RAP\/1\/2023 (ACUERDO DE TURNO)&lt;\/a&gt;\" ><a href=\"https:\/\/teec.org.mx\/web\/wp-content\/uploads\/2023\/09\/TEEC-RAP-1-2023-28-09-2023.pdf\" target=\"_blank\">TEEC\/RAP\/1\/2023 (ACUERDO DE TURNO)<\/a><\/td><\/tr><tr style=\"height:px\" ><td data-cell-id=\"A167\" data-x=\"0\" data-y=\"167\" data-db-index=\"167\" class=\"fsize-18\" data-cell-type=\"text\" data-original-value=\"28 DE SEPTIEMBRE DE 2023, A LAS 14:40 HORAS\" data-order=\"28 DE SEPTIEMBRE DE 2023, A LAS 14:40 HORAS\" >28 DE SEPTIEMBRE DE 2023, A LAS 14:40 HORAS <\/td><td data-cell-id=\"B167\" data-x=\"1\" data-y=\"167\" data-db-index=\"167\" class=\"fsize-18\" data-cell-type=\"text\" data-original-value=\"LAYDA ELENA SANSORES SAN ROM\u00c1N\" data-order=\"LAYDA ELENA SANSORES SAN ROM\u00c1N\" >LAYDA ELENA SANSORES SAN ROM\u00c1N <\/td><td data-cell-id=\"C167\" data-x=\"2\" data-y=\"167\" data-db-index=\"167\" class=\"fsize-18\" data-cell-type=\"text\" data-original-value=\"TRIBUNAL ELECTORAL DEL ESTADO DE CAMPECHE\" data-order=\"TRIBUNAL ELECTORAL DEL ESTADO DE CAMPECHE\" >TRIBUNAL ELECTORAL DEL ESTADO DE CAMPECHE <\/td><td data-cell-id=\"D167\" data-x=\"3\" data-y=\"167\" data-db-index=\"167\" class=\"fsize-18\" data-cell-type=\"text\" data-original-value=\"&lt;a href=&quot;https:\/\/teec.org.mx\/web\/wp-content\/uploads\/2023\/09\/TEEC-RAP-23-2023-28-09-2023.pdf&quot; target=&quot;_blank&quot;&gt;TEEC\/RAP\/23\/2023 (EXPEDIENTE FEDERAL: SUP-JE-1451\/2023, SE DA POR NOTIFICADO ESTE \u00d3RGANO JURISDICCIONAL ELECTORAL LOCAL)&lt;\/a&gt;\" data-order=\"&lt;a href=&quot;https:\/\/teec.org.mx\/web\/wp-content\/uploads\/2023\/09\/TEEC-RAP-23-2023-28-09-2023.pdf&quot; target=&quot;_blank&quot;&gt;TEEC\/RAP\/23\/2023 (EXPEDIENTE FEDERAL: SUP-JE-1451\/2023, SE DA POR NOTIFICADO ESTE \u00d3RGANO JURISDICCIONAL ELECTORAL LOCAL)&lt;\/a&gt;\" ><a href=\"https:\/\/teec.org.mx\/web\/wp-content\/uploads\/2023\/09\/TEEC-RAP-23-2023-28-09-2023.pdf\" target=\"_blank\">TEEC\/RAP\/23\/2023 (EXPEDIENTE FEDERAL: SUP-JE-1451\/2023, SE DA POR NOTIFICADO ESTE \u00d3RGANO JURISDICCIONAL ELECTORAL LOCAL)<\/a><\/td><\/tr><tr style=\"height:px\" ><td data-cell-id=\"A168\" data-x=\"0\" data-y=\"168\" data-db-index=\"168\" class=\"fsize-18\" data-cell-type=\"text\" data-original-value=\"28 DE SEPTIEMBRE DE 2023, A LAS 12:30 HORAS\" data-order=\"28 DE SEPTIEMBRE DE 2023, A LAS 12:30 HORAS\" >28 DE SEPTIEMBRE DE 2023, A LAS 12:30 HORAS <\/td><td data-cell-id=\"B168\" data-x=\"1\" data-y=\"168\" data-db-index=\"168\" class=\"fsize-18\" data-cell-type=\"text\" data-original-value=\"PARTIDO ENCUENTRO SOLIDARIO, PARTIDO ACCI\u00d3N NACIONAL, PARTIDO REVOLUCIONARIO INSTITUCIONAL Y PARTIDO DE LA REVOLUCI\u00d3N DEMOCR\u00c1TICA\" data-order=\"PARTIDO ENCUENTRO SOLIDARIO, PARTIDO ACCI\u00d3N NACIONAL, PARTIDO REVOLUCIONARIO INSTITUCIONAL Y PARTIDO DE LA REVOLUCI\u00d3N DEMOCR\u00c1TICA\" >PARTIDO ENCUENTRO SOLIDARIO, PARTIDO ACCI\u00d3N NACIONAL, PARTIDO REVOLUCIONARIO INSTITUCIONAL Y PARTIDO DE LA REVOLUCI\u00d3N DEMOCR\u00c1TICA <\/td><td data-cell-id=\"C168\" data-x=\"2\" data-y=\"168\" data-db-index=\"168\" class=\"fsize-18\" data-cell-type=\"text\" data-original-value=\"CONSEJO GENERAL DEL INSTITUTO ELECTORAL DEL ESTADO DE CAMPECHE\" data-order=\"CONSEJO GENERAL DEL INSTITUTO ELECTORAL DEL ESTADO DE CAMPECHE\" >CONSEJO GENERAL DEL INSTITUTO ELECTORAL DEL ESTADO DE CAMPECHE <\/td><td data-cell-id=\"D168\" data-x=\"3\" data-y=\"168\" data-db-index=\"168\" class=\"fsize-18\" data-cell-type=\"text\" data-original-value=\"&lt;a href=&quot;https:\/\/teec.org.mx\/web\/wp-content\/uploads\/2023\/09\/TEEC-RAP-17-2023-y-acum-sentencia-28-09-2023.pdf&quot; target=&quot;_blank&quot;&gt;TEEC\/RAP\/17\/2023, Y ACUMULADOS TEEC\/RAP\/18\/2023, TEEC\/RAP\/19\/2023 Y TEEC\/RAP\/20\/2023&lt;\/a&gt;\" data-order=\"&lt;a href=&quot;https:\/\/teec.org.mx\/web\/wp-content\/uploads\/2023\/09\/TEEC-RAP-17-2023-y-acum-sentencia-28-09-2023.pdf&quot; target=&quot;_blank&quot;&gt;TEEC\/RAP\/17\/2023, Y ACUMULADOS TEEC\/RAP\/18\/2023, TEEC\/RAP\/19\/2023 Y TEEC\/RAP\/20\/2023&lt;\/a&gt;\" ><a href=\"https:\/\/teec.org.mx\/web\/wp-content\/uploads\/2023\/09\/TEEC-RAP-17-2023-y-acum-sentencia-28-09-2023.pdf\" target=\"_blank\">TEEC\/RAP\/17\/2023, Y ACUMULADOS TEEC\/RAP\/18\/2023, TEEC\/RAP\/19\/2023 Y TEEC\/RAP\/20\/2023<\/a><\/td><\/tr><tr style=\"height:px\" ><td data-cell-id=\"A169\" data-x=\"0\" data-y=\"169\" data-db-index=\"169\" class=\"fsize-18\" data-cell-type=\"text\" data-original-value=\"28 DE SEPTIEMBRE DE 2023, A LAS 12:10 HORAS\" data-order=\"28 DE SEPTIEMBRE DE 2023, A LAS 12:10 HORAS\" >28 DE SEPTIEMBRE DE 2023, A LAS 12:10 HORAS <\/td><td data-cell-id=\"B169\" data-x=\"1\" data-y=\"169\" data-db-index=\"169\" class=\"fsize-18\" data-cell-type=\"text\" data-original-value=\"C\u00c9SAR ISMAEL MART\u00cdN EHU\u00c1N, JUAN GUALBERTO ALONZO REBOLLEDO, MAR\u00cdA DEL CARMEN P\u00c9REZ L\u00d3PEZ, PEDRO ESTRADA C\u00d3RDOVA Y ERGI DANIEL PE\u00d1A MACIEL, QUIENES SE OSTENTA COMO REPRESENTANTES PPROPIETARIOS DE LOS PARTIDOS POL\u00cdTICOS ACCI\u00d3N NACIONAL, REVOLUCIONARIO INSTITUCIONAL, DE LA REVOLUCI\u00d3N DEMOCR\u00c1TICA, MOVIMIENTO CIUDADANO Y ENCUENTRO SOLIDARIO, RESPECTIVAMENTE, ANTE EL CONSEJO GENERAL DEL INSTITUTO ELECTORAL DEL ESTADO DE CAMPECHE\" data-order=\"C\u00c9SAR ISMAEL MART\u00cdN EHU\u00c1N, JUAN GUALBERTO ALONZO REBOLLEDO, MAR\u00cdA DEL CARMEN P\u00c9REZ L\u00d3PEZ, PEDRO ESTRADA C\u00d3RDOVA Y ERGI DANIEL PE\u00d1A MACIEL, QUIENES SE OSTENTA COMO REPRESENTANTES PPROPIETARIOS DE LOS PARTIDOS POL\u00cdTICOS ACCI\u00d3N NACIONAL, REVOLUCIONARIO INSTITUCIONAL, DE LA REVOLUCI\u00d3N DEMOCR\u00c1TICA, MOVIMIENTO CIUDADANO Y ENCUENTRO SOLIDARIO, RESPECTIVAMENTE, ANTE EL CONSEJO GENERAL DEL INSTITUTO ELECTORAL DEL ESTADO DE CAMPECHE\" >C\u00c9SAR ISMAEL MART\u00cdN EHU\u00c1N, JUAN GUALBERTO ALONZO REBOLLEDO, MAR\u00cdA DEL CARMEN P\u00c9REZ L\u00d3PEZ, PEDRO ESTRADA C\u00d3RDOVA Y ERGI DANIEL PE\u00d1A MACIEL, QUIENES SE OSTENTA COMO REPRESENTANTES PPROPIETARIOS DE LOS PARTIDOS POL\u00cdTICOS ACCI\u00d3N NACIONAL, REVOLUCIONARIO INSTITUCIONAL, DE LA REVOLUCI\u00d3N DEMOCR\u00c1TICA, MOVIMIENTO CIUDADANO Y ENCUENTRO SOLIDARIO, RESPECTIVAMENTE, ANTE EL CONSEJO GENERAL DEL INSTITUTO ELECTORAL DEL ESTADO DE CAMPECHE <\/td><td data-cell-id=\"C169\" data-x=\"2\" data-y=\"169\" data-db-index=\"169\" class=\"fsize-18\" data-cell-type=\"text\" data-original-value=\"CONSEJO GENERAL DEL INSTITUTO ELECTORAL DEL ESTADO DE CAMPECHE\" data-order=\"CONSEJO GENERAL DEL INSTITUTO ELECTORAL DEL ESTADO DE CAMPECHE\" >CONSEJO GENERAL DEL INSTITUTO ELECTORAL DEL ESTADO DE CAMPECHE <\/td><td data-cell-id=\"D169\" data-x=\"3\" data-y=\"169\" data-db-index=\"169\" class=\"fsize-18\" data-cell-type=\"text\" data-original-value=\"&lt;a href=&quot;https:\/\/teec.org.mx\/web\/wp-content\/uploads\/2023\/09\/TEEC-RAP-9-2023-y-acum-sentencia-28-09-2023.pdf&quot; target=&quot;_blank&quot;&gt;TEEC\/RAP\/9\/2023 Y ACUMULADOS TEEC\/RAP\/10\/2023, TEEC\/RAP\/11\/2023, TEEC\/RAP\/12\/2023 Y TEEC\/RAP\/13\/2023 (SENTENCIA)&lt;\/a&gt;\" data-order=\"&lt;a href=&quot;https:\/\/teec.org.mx\/web\/wp-content\/uploads\/2023\/09\/TEEC-RAP-9-2023-y-acum-sentencia-28-09-2023.pdf&quot; target=&quot;_blank&quot;&gt;TEEC\/RAP\/9\/2023 Y ACUMULADOS TEEC\/RAP\/10\/2023, TEEC\/RAP\/11\/2023, TEEC\/RAP\/12\/2023 Y TEEC\/RAP\/13\/2023 (SENTENCIA)&lt;\/a&gt;\" ><a href=\"https:\/\/teec.org.mx\/web\/wp-content\/uploads\/2023\/09\/TEEC-RAP-9-2023-y-acum-sentencia-28-09-2023.pdf\" target=\"_blank\">TEEC\/RAP\/9\/2023 Y ACUMULADOS TEEC\/RAP\/10\/2023, TEEC\/RAP\/11\/2023, TEEC\/RAP\/12\/2023 Y TEEC\/RAP\/13\/2023 (SENTENCIA)<\/a><\/td><\/tr><tr style=\"height:px\" ><td data-cell-id=\"A170\" data-x=\"0\" data-y=\"170\" data-db-index=\"170\" class=\"fsize-18\" data-cell-type=\"text\" data-original-value=\"27 DE SEPTIEMBRE DE 2023, A LAS 13:00 HORAS\" data-order=\"27 DE SEPTIEMBRE DE 2023, A LAS 13:00 HORAS\" >27 DE SEPTIEMBRE DE 2023, A LAS 13:00 HORAS <\/td><td data-cell-id=\"B170\" data-x=\"1\" data-y=\"170\" data-db-index=\"170\" class=\"fsize-18\" data-cell-type=\"text\" data-original-value=\"JOS\u00c9 CLEMENTE MARRERO ORTIZ Y JUAN GUALBERTO ALONZO REBOLLEDO EN CALIDAD DE APODERADOS LEGALES DE RAFAEL ALEJANDRO MORENO C\u00c1RDENAS\" data-order=\"JOS\u00c9 CLEMENTE MARRERO ORTIZ Y JUAN GUALBERTO ALONZO REBOLLEDO EN CALIDAD DE APODERADOS LEGALES DE RAFAEL ALEJANDRO MORENO C\u00c1RDENAS\" >JOS\u00c9 CLEMENTE MARRERO ORTIZ Y JUAN GUALBERTO ALONZO REBOLLEDO EN CALIDAD DE APODERADOS LEGALES DE RAFAEL ALEJANDRO MORENO C\u00c1RDENAS <\/td><td data-cell-id=\"C170\" data-x=\"2\" data-y=\"170\" data-db-index=\"170\" class=\"fsize-18\" data-cell-type=\"text\" data-original-value=\"JUNTA GENERAL EJECUTIVA DEL INSTITUTO ELECTORAL DEL ESTADO DE CAMPECHE\" data-order=\"JUNTA GENERAL EJECUTIVA DEL INSTITUTO ELECTORAL DEL ESTADO DE CAMPECHE\" >JUNTA GENERAL EJECUTIVA DEL INSTITUTO ELECTORAL DEL ESTADO DE CAMPECHE <\/td><td data-cell-id=\"D170\" data-x=\"3\" data-y=\"170\" data-db-index=\"170\" class=\"fsize-18\" data-cell-type=\"text\" data-original-value=\"&lt;a href=&quot;https:\/\/teec.org.mx\/web\/wp-content\/uploads\/2023\/09\/TEEC-RAP-23-2023-27-09-2023.pdf&quot; target=&quot;_blank&quot;&gt;TEEC\/RAP\/23\/2023 (ACUERDO DE ACUMULACI\u00d3N)&lt;\/a&gt;\" data-order=\"&lt;a href=&quot;https:\/\/teec.org.mx\/web\/wp-content\/uploads\/2023\/09\/TEEC-RAP-23-2023-27-09-2023.pdf&quot; target=&quot;_blank&quot;&gt;TEEC\/RAP\/23\/2023 (ACUERDO DE ACUMULACI\u00d3N)&lt;\/a&gt;\" ><a href=\"https:\/\/teec.org.mx\/web\/wp-content\/uploads\/2023\/09\/TEEC-RAP-23-2023-27-09-2023.pdf\" target=\"_blank\">TEEC\/RAP\/23\/2023 (ACUERDO DE ACUMULACI\u00d3N)<\/a><\/td><\/tr><tr style=\"height:px\" ><td data-cell-id=\"A171\" data-x=\"0\" data-y=\"171\" data-db-index=\"171\" class=\"fsize-18\" data-cell-type=\"text\" data-original-value=\"27 DE SEPTIEMBRE DE 2023, A LAS 12:15 HORAS\" data-order=\"27 DE SEPTIEMBRE DE 2023, A LAS 12:15 HORAS\" >27 DE SEPTIEMBRE DE 2023, A LAS 12:15 HORAS <\/td><td data-cell-id=\"B171\" data-x=\"1\" data-y=\"171\" data-db-index=\"171\" class=\"fsize-18\" data-cell-type=\"text\" data-original-value=\"C\u00c9SAR ISMAEL MART\u00cdN EHU\u00c1N, REPRESENTANTE PROPIETARIO DEL PARTIDO ACCI\u00d3N NACIONAL\" data-order=\"C\u00c9SAR ISMAEL MART\u00cdN EHU\u00c1N, REPRESENTANTE PROPIETARIO DEL PARTIDO ACCI\u00d3N NACIONAL\" >C\u00c9SAR ISMAEL MART\u00cdN EHU\u00c1N, REPRESENTANTE PROPIETARIO DEL PARTIDO ACCI\u00d3N NACIONAL <\/td><td data-cell-id=\"C171\" data-x=\"2\" data-y=\"171\" data-db-index=\"171\" class=\"fsize-18\" data-cell-type=\"text\" data-original-value=\"CONSEJO GENERAL DEL INSTITUTO ELECTORAL DEL ESTADO DE CAMPECHE\" data-order=\"CONSEJO GENERAL DEL INSTITUTO ELECTORAL DEL ESTADO DE CAMPECHE\" >CONSEJO GENERAL DEL INSTITUTO ELECTORAL DEL ESTADO DE CAMPECHE <\/td><td data-cell-id=\"D171\" data-x=\"3\" data-y=\"171\" data-db-index=\"171\" class=\"fsize-18\" data-cell-type=\"text\" data-original-value=\"&lt;a href=&quot;https:\/\/teec.org.mx\/web\/wp-content\/uploads\/2023\/09\/TEEC-RAP-24-2023-27-09-2023.pdf&quot; target=&quot;_blank&quot;&gt;TEEC\/RAP\/24\/2023 (ACUERDO DE TURNO)&lt;\/a&gt;\" data-order=\"&lt;a href=&quot;https:\/\/teec.org.mx\/web\/wp-content\/uploads\/2023\/09\/TEEC-RAP-24-2023-27-09-2023.pdf&quot; target=&quot;_blank&quot;&gt;TEEC\/RAP\/24\/2023 (ACUERDO DE TURNO)&lt;\/a&gt;\" ><a href=\"https:\/\/teec.org.mx\/web\/wp-content\/uploads\/2023\/09\/TEEC-RAP-24-2023-27-09-2023.pdf\" target=\"_blank\">TEEC\/RAP\/24\/2023 (ACUERDO DE TURNO)<\/a><\/td><\/tr><tr style=\"height:px\" ><td data-cell-id=\"A172\" data-x=\"0\" data-y=\"172\" data-db-index=\"172\" class=\"fsize-18\" data-cell-type=\"text\" data-original-value=\"27 DE SEPTIEMBRE DE 2023, A LAS 11:30 HORAS\" data-order=\"27 DE SEPTIEMBRE DE 2023, A LAS 11:30 HORAS\" >27 DE SEPTIEMBRE DE 2023, A LAS 11:30 HORAS <\/td><td data-cell-id=\"B172\" data-x=\"1\" data-y=\"172\" data-db-index=\"172\" class=\"fsize-18\" data-cell-type=\"text\" data-original-value=\"C\u00c9SAR ISMAEL MART\u00cdN EHU\u00c1N, JUAN GUALBERTO ALONZO REBOLLEDO, MAR\u00cdA DEL CARMEN P\u00c9REZ L\u00d3PEZ, PEDRO ESTRADA C\u00d3RDOVA Y ERGI DANIEL PE\u00d1A MACIEL, QUIENES SE OSTENTA COMO REPRESENTANTES PPROPIETARIOS DE LOS PARTIDOS POL\u00cdTICOS ACCI\u00d3N NACIONAL, REVOLUCIONARIO INSTITUCIONAL, DE LA REVOLUCI\u00d3N DEMOCR\u00c1TICA, MOVIMIENTO CIUDADANO Y ENCUENTRO SOLIDARIO, RESPECTIVAMENTE, ANTE EL CONSEJO GENERAL DEL INSTITUTO ELECTORAL DEL ESTADO DE CAMPECHE\" data-order=\"C\u00c9SAR ISMAEL MART\u00cdN EHU\u00c1N, JUAN GUALBERTO ALONZO REBOLLEDO, MAR\u00cdA DEL CARMEN P\u00c9REZ L\u00d3PEZ, PEDRO ESTRADA C\u00d3RDOVA Y ERGI DANIEL PE\u00d1A MACIEL, QUIENES SE OSTENTA COMO REPRESENTANTES PPROPIETARIOS DE LOS PARTIDOS POL\u00cdTICOS ACCI\u00d3N NACIONAL, REVOLUCIONARIO INSTITUCIONAL, DE LA REVOLUCI\u00d3N DEMOCR\u00c1TICA, MOVIMIENTO CIUDADANO Y ENCUENTRO SOLIDARIO, RESPECTIVAMENTE, ANTE EL CONSEJO GENERAL DEL INSTITUTO ELECTORAL DEL ESTADO DE CAMPECHE\" >C\u00c9SAR ISMAEL MART\u00cdN EHU\u00c1N, JUAN GUALBERTO ALONZO REBOLLEDO, MAR\u00cdA DEL CARMEN P\u00c9REZ L\u00d3PEZ, PEDRO ESTRADA C\u00d3RDOVA Y ERGI DANIEL PE\u00d1A MACIEL, QUIENES SE OSTENTA COMO REPRESENTANTES PPROPIETARIOS DE LOS PARTIDOS POL\u00cdTICOS ACCI\u00d3N NACIONAL, REVOLUCIONARIO INSTITUCIONAL, DE LA REVOLUCI\u00d3N DEMOCR\u00c1TICA, MOVIMIENTO CIUDADANO Y ENCUENTRO SOLIDARIO, RESPECTIVAMENTE, ANTE EL CONSEJO GENERAL DEL INSTITUTO ELECTORAL DEL ESTADO DE CAMPECHE <\/td><td data-cell-id=\"C172\" data-x=\"2\" data-y=\"172\" data-db-index=\"172\" class=\"fsize-18\" data-cell-type=\"text\" data-original-value=\"CONSEJO GENERAL DEL INSTITUTO ELECTORAL DEL ESTADO DE CAMPECHE\" data-order=\"CONSEJO GENERAL DEL INSTITUTO ELECTORAL DEL ESTADO DE CAMPECHE\" >CONSEJO GENERAL DEL INSTITUTO ELECTORAL DEL ESTADO DE CAMPECHE <\/td><td data-cell-id=\"D172\" data-x=\"3\" data-y=\"172\" data-db-index=\"172\" class=\"fsize-18\" data-cell-type=\"text\" data-original-value=\"&lt;a href=&quot;https:\/\/teec.org.mx\/web\/wp-content\/uploads\/2023\/09\/TEEC-RAP-9-2023-y-acum-27-09-2023.pdf&quot; target=&quot;_blank&quot;&gt;TEEC\/RAP\/9\/2023 Y ACUMULADOS TEEC\/RAP\/10\/2023, TEEC\/RAP\/11\/2023, TEEC\/RAP\/12\/2023 Y TEEC\/RAP\/13\/2023 (ACUERDO SE FIJA FECHA Y HORA PARA SESI\u00d3N P\u00daBLICA)&lt;\/a&gt;\" data-order=\"&lt;a href=&quot;https:\/\/teec.org.mx\/web\/wp-content\/uploads\/2023\/09\/TEEC-RAP-9-2023-y-acum-27-09-2023.pdf&quot; target=&quot;_blank&quot;&gt;TEEC\/RAP\/9\/2023 Y ACUMULADOS TEEC\/RAP\/10\/2023, TEEC\/RAP\/11\/2023, TEEC\/RAP\/12\/2023 Y TEEC\/RAP\/13\/2023 (ACUERDO SE FIJA FECHA Y HORA PARA SESI\u00d3N P\u00daBLICA)&lt;\/a&gt;\" ><a href=\"https:\/\/teec.org.mx\/web\/wp-content\/uploads\/2023\/09\/TEEC-RAP-9-2023-y-acum-27-09-2023.pdf\" target=\"_blank\">TEEC\/RAP\/9\/2023 Y ACUMULADOS TEEC\/RAP\/10\/2023, TEEC\/RAP\/11\/2023, TEEC\/RAP\/12\/2023 Y TEEC\/RAP\/13\/2023 (ACUERDO SE FIJA FECHA Y HORA PARA SESI\u00d3N P\u00daBLICA)<\/a><\/td><\/tr><tr style=\"height:px\" ><td data-cell-id=\"A173\" data-x=\"0\" data-y=\"173\" data-db-index=\"173\" class=\"fsize-18\" data-cell-type=\"text\" data-original-value=\"26 DE SEPTIEMBRE DE 2023, A LAS 14:59 HORAS\" data-order=\"26 DE SEPTIEMBRE DE 2023, A LAS 14:59 HORAS\" >26 DE SEPTIEMBRE DE 2023, A LAS 14:59 HORAS <\/td><td data-cell-id=\"B173\" data-x=\"1\" data-y=\"173\" data-db-index=\"173\" class=\"fsize-18\" data-cell-type=\"text\" data-original-value=\"JOS\u00c9 CLEMENTE MARRERO ORTIZ, EN CALIDAD DE APODERADO LEGAL DE RAFAEL ALEJANDRO MORENO C\u00c1RDENAS Y JUAN GUALBERTO ALONZO REBOLLEDO EN SU CAR\u00c1CTER DE REPRESENTANTE PROPIETARIO DEL PARTIDO REVOLUCIONARIO INSTITUCIONAL ANTE EL CONSEJO GENERAL DEL INSTITUTO ELECTORAL DEL ESTADO DE CAMPECHE\" data-order=\"JOS\u00c9 CLEMENTE MARRERO ORTIZ, EN CALIDAD DE APODERADO LEGAL DE RAFAEL ALEJANDRO MORENO C\u00c1RDENAS Y JUAN GUALBERTO ALONZO REBOLLEDO EN SU CAR\u00c1CTER DE REPRESENTANTE PROPIETARIO DEL PARTIDO REVOLUCIONARIO INSTITUCIONAL ANTE EL CONSEJO GENERAL DEL INSTITUTO ELECTORAL DEL ESTADO DE CAMPECHE\" >JOS\u00c9 CLEMENTE MARRERO ORTIZ, EN CALIDAD DE APODERADO LEGAL DE RAFAEL ALEJANDRO MORENO C\u00c1RDENAS Y JUAN GUALBERTO ALONZO REBOLLEDO EN SU CAR\u00c1CTER DE REPRESENTANTE PROPIETARIO DEL PARTIDO REVOLUCIONARIO INSTITUCIONAL ANTE EL CONSEJO GENERAL DEL INSTITUTO ELECTORAL DEL ESTADO DE CAMPECHE <\/td><td data-cell-id=\"C173\" data-x=\"2\" data-y=\"173\" data-db-index=\"173\" class=\"fsize-18\" data-cell-type=\"text\" data-original-value=\"JUNTA GENERAL EJECUTIVA DEL INSTITUTO ELECTORAL DEL ESTADO DE CAMPECHE\" data-order=\"JUNTA GENERAL EJECUTIVA DEL INSTITUTO ELECTORAL DEL ESTADO DE CAMPECHE\" >JUNTA GENERAL EJECUTIVA DEL INSTITUTO ELECTORAL DEL ESTADO DE CAMPECHE <\/td><td data-cell-id=\"D173\" data-x=\"3\" data-y=\"173\" data-db-index=\"173\" class=\"fsize-18\" data-cell-type=\"text\" data-original-value=\"&lt;a href=&quot;https:\/\/teec.org.mx\/web\/wp-content\/uploads\/2023\/09\/TEEC-RAP-23-2023-2do-acu-26-09-2023.pdf&quot; target=&quot;_blank&quot;&gt;TEEC\/RAP\/23\/2023 (ACUERDO DE CUMPLIMIENTO Y ACUMULACI\u00d3N)&lt;\/a&gt;\" data-order=\"&lt;a href=&quot;https:\/\/teec.org.mx\/web\/wp-content\/uploads\/2023\/09\/TEEC-RAP-23-2023-2do-acu-26-09-2023.pdf&quot; target=&quot;_blank&quot;&gt;TEEC\/RAP\/23\/2023 (ACUERDO DE CUMPLIMIENTO Y ACUMULACI\u00d3N)&lt;\/a&gt;\" ><a href=\"https:\/\/teec.org.mx\/web\/wp-content\/uploads\/2023\/09\/TEEC-RAP-23-2023-2do-acu-26-09-2023.pdf\" target=\"_blank\">TEEC\/RAP\/23\/2023 (ACUERDO DE CUMPLIMIENTO Y ACUMULACI\u00d3N)<\/a><\/td><\/tr><tr style=\"height:px\" ><td data-cell-id=\"A174\" data-x=\"0\" data-y=\"174\" data-db-index=\"174\" class=\"fsize-18\" data-cell-type=\"text\" data-original-value=\"26 DE SEPTIEMBRE DE 2023, A LAS 14:45 HORAS\" data-order=\"26 DE SEPTIEMBRE DE 2023, A LAS 14:45 HORAS\" >26 DE SEPTIEMBRE DE 2023, A LAS 14:45 HORAS <\/td><td data-cell-id=\"B174\" data-x=\"1\" data-y=\"174\" data-db-index=\"174\" class=\"fsize-18\" data-cell-type=\"text\" data-original-value=\"C\u00c9SAR ISMAEL MART\u00cdN EHU\u00c1N, JUAN GUALBERTO ALONZO REBOLLEDO, MAR\u00cdA DEL CARMEN P\u00c9REZ L\u00d3PEZ, PEDRO ESTRADA C\u00d3RDOVA Y ERGI DANIEL PE\u00d1A MACIEL, REPRESENTANTES PROPIETARIOS DE LOS PARTIDOS POLITICOS ACCI\u00d3N NACIONAL, REVOLUCIONARIO INSTITUCIONAL, DE LA REVOLUCI\u00d3N DEMOCR\u00c1TICA, MOVIMIENTO CIUDADANO Y ENCUENTRO SOLIDARIO, RESPECTIVAMENTE ANTE EL CONSEJO GENERAL DEL INSTITUTO ELECTORAL DEL ESTADO DE CAMPECHE\" data-order=\"C\u00c9SAR ISMAEL MART\u00cdN EHU\u00c1N, JUAN GUALBERTO ALONZO REBOLLEDO, MAR\u00cdA DEL CARMEN P\u00c9REZ L\u00d3PEZ, PEDRO ESTRADA C\u00d3RDOVA Y ERGI DANIEL PE\u00d1A MACIEL, REPRESENTANTES PROPIETARIOS DE LOS PARTIDOS POLITICOS ACCI\u00d3N NACIONAL, REVOLUCIONARIO INSTITUCIONAL, DE LA REVOLUCI\u00d3N DEMOCR\u00c1TICA, MOVIMIENTO CIUDADANO Y ENCUENTRO SOLIDARIO, RESPECTIVAMENTE ANTE EL CONSEJO GENERAL DEL INSTITUTO ELECTORAL DEL ESTADO DE CAMPECHE\" >C\u00c9SAR ISMAEL MART\u00cdN EHU\u00c1N, JUAN GUALBERTO ALONZO REBOLLEDO, MAR\u00cdA DEL CARMEN P\u00c9REZ L\u00d3PEZ, PEDRO ESTRADA C\u00d3RDOVA Y ERGI DANIEL PE\u00d1A MACIEL, REPRESENTANTES PROPIETARIOS DE LOS PARTIDOS POLITICOS ACCI\u00d3N NACIONAL, REVOLUCIONARIO INSTITUCIONAL, DE LA REVOLUCI\u00d3N DEMOCR\u00c1TICA, MOVIMIENTO CIUDADANO Y ENCUENTRO SOLIDARIO, RESPECTIVAMENTE ANTE EL CONSEJO GENERAL DEL INSTITUTO ELECTORAL DEL ESTADO DE CAMPECHE <\/td><td data-cell-id=\"C174\" data-x=\"2\" data-y=\"174\" data-db-index=\"174\" class=\"fsize-18\" data-cell-type=\"text\" data-original-value=\"CONSEJO GENERAL DEL INSTITUTO ELECTORAL DEL ESTADO DE CAMPECHE\" data-order=\"CONSEJO GENERAL DEL INSTITUTO ELECTORAL DEL ESTADO DE CAMPECHE\" >CONSEJO GENERAL DEL INSTITUTO ELECTORAL DEL ESTADO DE CAMPECHE <\/td><td data-cell-id=\"D174\" data-x=\"3\" data-y=\"174\" data-db-index=\"174\" class=\"fsize-18\" data-cell-type=\"text\" data-original-value=\"&lt;a href=&quot;https:\/\/teec.org.mx\/web\/wp-content\/uploads\/2023\/09\/TEEC-RAP-9-2023-y-acum-26-09-2023.pdf&quot; target=&quot;_blank&quot;&gt;TEEC\/RAP\/9\/2023 Y ACUMULADOS TEEC\/RAP\/10\/2023, TEEC\/RAP\/11\/2023, TEEC\/RAP\/12\/2023 Y TEEC\/RAP\/13\/2023 (ACUERDO DE CIERRE DE INSTRUCCI\u00d3N Y SOL. DE FECHA Y HORA DE SESI\u00d3N)&lt;\/a&gt;\" data-order=\"&lt;a href=&quot;https:\/\/teec.org.mx\/web\/wp-content\/uploads\/2023\/09\/TEEC-RAP-9-2023-y-acum-26-09-2023.pdf&quot; target=&quot;_blank&quot;&gt;TEEC\/RAP\/9\/2023 Y ACUMULADOS TEEC\/RAP\/10\/2023, TEEC\/RAP\/11\/2023, TEEC\/RAP\/12\/2023 Y TEEC\/RAP\/13\/2023 (ACUERDO DE CIERRE DE INSTRUCCI\u00d3N Y SOL. DE FECHA Y HORA DE SESI\u00d3N)&lt;\/a&gt;\" ><a href=\"https:\/\/teec.org.mx\/web\/wp-content\/uploads\/2023\/09\/TEEC-RAP-9-2023-y-acum-26-09-2023.pdf\" target=\"_blank\">TEEC\/RAP\/9\/2023 Y ACUMULADOS TEEC\/RAP\/10\/2023, TEEC\/RAP\/11\/2023, TEEC\/RAP\/12\/2023 Y TEEC\/RAP\/13\/2023 (ACUERDO DE CIERRE DE INSTRUCCI\u00d3N Y SOL. DE FECHA Y HORA DE SESI\u00d3N)<\/a><\/td><\/tr><tr style=\"height:px\" ><td data-cell-id=\"A175\" data-x=\"0\" data-y=\"175\" data-db-index=\"175\" class=\"fsize-18\" data-cell-type=\"text\" data-original-value=\"26 DE SEPTIEMBRE DE 2023, A LAS 14:00 HORAS\" data-order=\"26 DE SEPTIEMBRE DE 2023, A LAS 14:00 HORAS\" >26 DE SEPTIEMBRE DE 2023, A LAS 14:00 HORAS <\/td><td data-cell-id=\"B175\" data-x=\"1\" data-y=\"175\" data-db-index=\"175\" class=\"fsize-18\" data-cell-type=\"text\" data-original-value=\"PARTIDO ENCUENTRO SOLIDARIO, PARTIDO ACCI\u00d3N NACIONAL, PARTIDO REVOLUCIONARIO INSTITUCIONAL Y PARTIDO DE LA REVOLUCI\u00d3N DEMOCR\u00c1TICA\" data-order=\"PARTIDO ENCUENTRO SOLIDARIO, PARTIDO ACCI\u00d3N NACIONAL, PARTIDO REVOLUCIONARIO INSTITUCIONAL Y PARTIDO DE LA REVOLUCI\u00d3N DEMOCR\u00c1TICA\" >PARTIDO ENCUENTRO SOLIDARIO, PARTIDO ACCI\u00d3N NACIONAL, PARTIDO REVOLUCIONARIO INSTITUCIONAL Y PARTIDO DE LA REVOLUCI\u00d3N DEMOCR\u00c1TICA <\/td><td data-cell-id=\"C175\" data-x=\"2\" data-y=\"175\" data-db-index=\"175\" class=\"fsize-18\" data-cell-type=\"text\" data-original-value=\"CONSEJO GENERAL DEL INSTITUTO ELECTORAL DEL ESTADO DE CAMPECHE\" data-order=\"CONSEJO GENERAL DEL INSTITUTO ELECTORAL DEL ESTADO DE CAMPECHE\" >CONSEJO GENERAL DEL INSTITUTO ELECTORAL DEL ESTADO DE CAMPECHE <\/td><td data-cell-id=\"D175\" data-x=\"3\" data-y=\"175\" data-db-index=\"175\" class=\"fsize-18\" data-cell-type=\"text\" data-original-value=\"&lt;a href=&quot;https:\/\/teec.org.mx\/web\/wp-content\/uploads\/2023\/09\/TEEC-RAP-17-2023-y-acum-26-09-2023.pdf&quot; target=&quot;_blank&quot;&gt;TEEC\/RAP\/17\/2023, TEEC\/RAP\/18\/2023, TEEC\/RAP\/19\/2023 Y TEEC\/RAP\/20\/2023 (ACUERDO DE CIERRE DE INSTRUCCI\u00d3N Y SE FIJA FECHA Y HORA PARA SESI\u00d3N P\u00daBLICA)&lt;\/a&gt;\" data-order=\"&lt;a href=&quot;https:\/\/teec.org.mx\/web\/wp-content\/uploads\/2023\/09\/TEEC-RAP-17-2023-y-acum-26-09-2023.pdf&quot; target=&quot;_blank&quot;&gt;TEEC\/RAP\/17\/2023, TEEC\/RAP\/18\/2023, TEEC\/RAP\/19\/2023 Y TEEC\/RAP\/20\/2023 (ACUERDO DE CIERRE DE INSTRUCCI\u00d3N Y SE FIJA FECHA Y HORA PARA SESI\u00d3N P\u00daBLICA)&lt;\/a&gt;\" ><a href=\"https:\/\/teec.org.mx\/web\/wp-content\/uploads\/2023\/09\/TEEC-RAP-17-2023-y-acum-26-09-2023.pdf\" target=\"_blank\">TEEC\/RAP\/17\/2023, TEEC\/RAP\/18\/2023, TEEC\/RAP\/19\/2023 Y TEEC\/RAP\/20\/2023 (ACUERDO DE CIERRE DE INSTRUCCI\u00d3N Y SE FIJA FECHA Y HORA PARA SESI\u00d3N P\u00daBLICA)<\/a><\/td><\/tr><tr style=\"height:px\" ><td data-cell-id=\"A176\" data-x=\"0\" data-y=\"176\" data-db-index=\"176\" class=\"fsize-18\" data-cell-type=\"text\" data-original-value=\"26 DE SEPTIEMBRE DE 2023, A LAS 12:30 HORAS\" data-order=\"26 DE SEPTIEMBRE DE 2023, A LAS 12:30 HORAS\" >26 DE SEPTIEMBRE DE 2023, A LAS 12:30 HORAS <\/td><td data-cell-id=\"B176\" data-x=\"1\" data-y=\"176\" data-db-index=\"176\" class=\"fsize-18\" data-cell-type=\"text\" data-original-value=\"JOS\u00c9 CLEMENTE MARRERO ORTIZ Y JUAN GUALBERTO ALONZO REBOLLEDO EN CALIDAD DE APODERADOS LEGALES DE RAFAEL ALEJANDRO MORENO C\u00c1RDENAS\" data-order=\"JOS\u00c9 CLEMENTE MARRERO ORTIZ Y JUAN GUALBERTO ALONZO REBOLLEDO EN CALIDAD DE APODERADOS LEGALES DE RAFAEL ALEJANDRO MORENO C\u00c1RDENAS\" >JOS\u00c9 CLEMENTE MARRERO ORTIZ Y JUAN GUALBERTO ALONZO REBOLLEDO EN CALIDAD DE APODERADOS LEGALES DE RAFAEL ALEJANDRO MORENO C\u00c1RDENAS <\/td><td data-cell-id=\"C176\" data-x=\"2\" data-y=\"176\" data-db-index=\"176\" class=\"fsize-18\" data-cell-type=\"text\" data-original-value=\"JUNTA GENERAL EJECUTIVA DEL INSTITUTO ELECTORAL DEL ESTADO DE CAMPECHE\" data-order=\"JUNTA GENERAL EJECUTIVA DEL INSTITUTO ELECTORAL DEL ESTADO DE CAMPECHE\" >JUNTA GENERAL EJECUTIVA DEL INSTITUTO ELECTORAL DEL ESTADO DE CAMPECHE <\/td><td data-cell-id=\"D176\" data-x=\"3\" data-y=\"176\" data-db-index=\"176\" class=\"fsize-18\" data-cell-type=\"text\" data-original-value=\"&lt;a href=&quot;https:\/\/teec.org.mx\/web\/wp-content\/uploads\/2023\/09\/TEEC-RAP-23-2023-26-09-2023.pdf&quot; target=&quot;_blank&quot;&gt;TEEC\/RAP\/23\/2023 (ACUERDO DE TURNO)&lt;\/a&gt;\" data-order=\"&lt;a href=&quot;https:\/\/teec.org.mx\/web\/wp-content\/uploads\/2023\/09\/TEEC-RAP-23-2023-26-09-2023.pdf&quot; target=&quot;_blank&quot;&gt;TEEC\/RAP\/23\/2023 (ACUERDO DE TURNO)&lt;\/a&gt;\" ><a href=\"https:\/\/teec.org.mx\/web\/wp-content\/uploads\/2023\/09\/TEEC-RAP-23-2023-26-09-2023.pdf\" target=\"_blank\">TEEC\/RAP\/23\/2023 (ACUERDO DE TURNO)<\/a><\/td><\/tr><tr style=\"height:px\" ><td data-cell-id=\"A177\" data-x=\"0\" data-y=\"177\" data-db-index=\"177\" class=\"fsize-18\" data-cell-type=\"text\" data-original-value=\"25 DE SEPTIEMBRE DE 2023, A LAS 14:45 HORAS\" data-order=\"25 DE SEPTIEMBRE DE 2023, A LAS 14:45 HORAS\" >25 DE SEPTIEMBRE DE 2023, A LAS 14:45 HORAS <\/td><td data-cell-id=\"B177\" data-x=\"1\" data-y=\"177\" data-db-index=\"177\" class=\"fsize-18\" data-cell-type=\"text\" data-original-value=\"JOS\u00c9 CLEMENTE MARRERO ORTIZ, EN CALIDAD DE APODERADO LEGAL DE RAFAEL ALEJANDRO MORENO C\u00c1RDENAS Y JUAN GUALBERTO ALONZO REBOLLEDO EN SU CAR\u00c1CTER DE REPRESENTANTE PROPIETARIO DEL PARTIDO REVOLUCIONARIO INSTITUCIONAL ANTE EL CONSEJO GENERAL DEL INSTITUTO ELECTORAL DEL ESTADO DE CAMPECHE\" data-order=\"JOS\u00c9 CLEMENTE MARRERO ORTIZ, EN CALIDAD DE APODERADO LEGAL DE RAFAEL ALEJANDRO MORENO C\u00c1RDENAS Y JUAN GUALBERTO ALONZO REBOLLEDO EN SU CAR\u00c1CTER DE REPRESENTANTE PROPIETARIO DEL PARTIDO REVOLUCIONARIO INSTITUCIONAL ANTE EL CONSEJO GENERAL DEL INSTITUTO ELECTORAL DEL ESTADO DE CAMPECHE\" >JOS\u00c9 CLEMENTE MARRERO ORTIZ, EN CALIDAD DE APODERADO LEGAL DE RAFAEL ALEJANDRO MORENO C\u00c1RDENAS Y JUAN GUALBERTO ALONZO REBOLLEDO EN SU CAR\u00c1CTER DE REPRESENTANTE PROPIETARIO DEL PARTIDO REVOLUCIONARIO INSTITUCIONAL ANTE EL CONSEJO GENERAL DEL INSTITUTO ELECTORAL DEL ESTADO DE CAMPECHE <\/td><td data-cell-id=\"C177\" data-x=\"2\" data-y=\"177\" data-db-index=\"177\" class=\"fsize-18\" data-cell-type=\"text\" data-original-value=\"JUNTA GENERAL EJECUTIVA DEL INSTITUTO ELECTORAL DEL ESTADO DE CAMPECHE\" data-order=\"JUNTA GENERAL EJECUTIVA DEL INSTITUTO ELECTORAL DEL ESTADO DE CAMPECHE\" >JUNTA GENERAL EJECUTIVA DEL INSTITUTO ELECTORAL DEL ESTADO DE CAMPECHE <\/td><td data-cell-id=\"D177\" data-x=\"3\" data-y=\"177\" data-db-index=\"177\" class=\"fsize-18\" data-cell-type=\"text\" data-original-value=\"&lt;a href=&quot;https:\/\/teec.org.mx\/web\/wp-content\/uploads\/2023\/09\/TEEC-RAP-23-2023-2do-acu-25-09-2023.pdf&quot; target=&quot;_blank&quot;&gt;TEEC\/RAP\/23\/2023 (ACUERDO DE TURNO)&lt;\/a&gt;\" data-order=\"&lt;a href=&quot;https:\/\/teec.org.mx\/web\/wp-content\/uploads\/2023\/09\/TEEC-RAP-23-2023-2do-acu-25-09-2023.pdf&quot; target=&quot;_blank&quot;&gt;TEEC\/RAP\/23\/2023 (ACUERDO DE TURNO)&lt;\/a&gt;\" ><a href=\"https:\/\/teec.org.mx\/web\/wp-content\/uploads\/2023\/09\/TEEC-RAP-23-2023-2do-acu-25-09-2023.pdf\" target=\"_blank\">TEEC\/RAP\/23\/2023 (ACUERDO DE TURNO)<\/a><\/td><\/tr><tr style=\"height:px\" ><td data-cell-id=\"A178\" data-x=\"0\" data-y=\"178\" data-db-index=\"178\" class=\"fsize-18\" data-cell-type=\"text\" data-original-value=\"25 DE SEPTIEMBRE DE 2023, A LAS 14:25 HORAS\" data-order=\"25 DE SEPTIEMBRE DE 2023, A LAS 14:25 HORAS\" >25 DE SEPTIEMBRE DE 2023, A LAS 14:25 HORAS <\/td><td data-cell-id=\"B178\" data-x=\"1\" data-y=\"178\" data-db-index=\"178\" class=\"fsize-18\" data-cell-type=\"text\" data-original-value=\"JOS\u00c9 CLEMENTE MARRERO ORTIZ, EN CALIDAD DE APODERADO LEGAL DE RAFAEL ALEJANDRO MORENO C\u00c1RDENAS Y JUAN GUALBERTO ALONZO REBOLLEDO EN SU CAR\u00c1CTER DE REPRESENTANTE PROPIETARIO DEL PARTIDO REVOLUCIONARIO INSTITUCIONAL ANTE EL CONSEJO GENERAL DEL INSTITUTO ELECTORAL DEL ESTADO DE CAMPECHE\" data-order=\"JOS\u00c9 CLEMENTE MARRERO ORTIZ, EN CALIDAD DE APODERADO LEGAL DE RAFAEL ALEJANDRO MORENO C\u00c1RDENAS Y JUAN GUALBERTO ALONZO REBOLLEDO EN SU CAR\u00c1CTER DE REPRESENTANTE PROPIETARIO DEL PARTIDO REVOLUCIONARIO INSTITUCIONAL ANTE EL CONSEJO GENERAL DEL INSTITUTO ELECTORAL DEL ESTADO DE CAMPECHE\" >JOS\u00c9 CLEMENTE MARRERO ORTIZ, EN CALIDAD DE APODERADO LEGAL DE RAFAEL ALEJANDRO MORENO C\u00c1RDENAS Y JUAN GUALBERTO ALONZO REBOLLEDO EN SU CAR\u00c1CTER DE REPRESENTANTE PROPIETARIO DEL PARTIDO REVOLUCIONARIO INSTITUCIONAL ANTE EL CONSEJO GENERAL DEL INSTITUTO ELECTORAL DEL ESTADO DE CAMPECHE <\/td><td data-cell-id=\"C178\" data-x=\"2\" data-y=\"178\" data-db-index=\"178\" class=\"fsize-18\" data-cell-type=\"text\" data-original-value=\"JUNTA GENERAL EJECUTIVA DEL INSTITUTO ELECTORAL DEL ESTADO DE CAMPECHE\" data-order=\"JUNTA GENERAL EJECUTIVA DEL INSTITUTO ELECTORAL DEL ESTADO DE CAMPECHE\" >JUNTA GENERAL EJECUTIVA DEL INSTITUTO ELECTORAL DEL ESTADO DE CAMPECHE <\/td><td data-cell-id=\"D178\" data-x=\"3\" data-y=\"178\" data-db-index=\"178\" class=\"fsize-18\" data-cell-type=\"text\" data-original-value=\"&lt;a href=&quot;https:\/\/teec.org.mx\/web\/wp-content\/uploads\/2023\/09\/TEEC-RAP-23-2023-1er-acu-25-09-2023.pdf&quot; target=&quot;_blank&quot;&gt;TEEC\/RAP\/23\/2023 (ACUERDO DE REQUERIMIENTO)&lt;\/a&gt;\" data-order=\"&lt;a href=&quot;https:\/\/teec.org.mx\/web\/wp-content\/uploads\/2023\/09\/TEEC-RAP-23-2023-1er-acu-25-09-2023.pdf&quot; target=&quot;_blank&quot;&gt;TEEC\/RAP\/23\/2023 (ACUERDO DE REQUERIMIENTO)&lt;\/a&gt;\" ><a href=\"https:\/\/teec.org.mx\/web\/wp-content\/uploads\/2023\/09\/TEEC-RAP-23-2023-1er-acu-25-09-2023.pdf\" target=\"_blank\">TEEC\/RAP\/23\/2023 (ACUERDO DE REQUERIMIENTO)<\/a><\/td><\/tr><tr style=\"height:px\" ><td data-cell-id=\"A179\" data-x=\"0\" data-y=\"179\" data-db-index=\"179\" class=\"fsize-18\" data-cell-type=\"text\" data-original-value=\"25 DE SEPTIEMBRE DE 2023, A LAS 12:50 HORAS\" data-order=\"25 DE SEPTIEMBRE DE 2023, A LAS 12:50 HORAS\" >25 DE SEPTIEMBRE DE 2023, A LAS 12:50 HORAS <\/td><td data-cell-id=\"B179\" data-x=\"1\" data-y=\"179\" data-db-index=\"179\" class=\"fsize-18\" data-cell-type=\"text\" data-original-value=\"JUAN GUALBERTO ALONZO REBOLLEDO, REPRESENTANTE PROPIETARIO DEL PARTIDO REVOLUCIONARIO INSTITUCIONAL ANTE EL CONSEJO GENERAL DEL INSTITUTO ELECTORAL DEL ESTADO DE CAMPECHE, PEDRO ESTRADA C\u00d3RDOVA, REPRESENTANTE PROPIETARIO DEL PARTIDO MOVIMIENTO CIUDADANO ANTE EL CONSEJO GENERAL DEL INSTITUTO ELECTORAL DEL ESTADO DE CAMPECHE, C\u00c9SAR ISMAEL MART\u00cdN EHU\u00c1N, REPRESENTANTE PROPIETARIO DEL PARTIDO ACCI\u00d3N NACIONAL ANTE EL CONSEJO GENERAL DEL INSTITUTO ELECTORAL DEL ESTADO DE CAMPECHE\" data-order=\"JUAN GUALBERTO ALONZO REBOLLEDO, REPRESENTANTE PROPIETARIO DEL PARTIDO REVOLUCIONARIO INSTITUCIONAL ANTE EL CONSEJO GENERAL DEL INSTITUTO ELECTORAL DEL ESTADO DE CAMPECHE, PEDRO ESTRADA C\u00d3RDOVA, REPRESENTANTE PROPIETARIO DEL PARTIDO MOVIMIENTO CIUDADANO ANTE EL CONSEJO GENERAL DEL INSTITUTO ELECTORAL DEL ESTADO DE CAMPECHE, C\u00c9SAR ISMAEL MART\u00cdN EHU\u00c1N, REPRESENTANTE PROPIETARIO DEL PARTIDO ACCI\u00d3N NACIONAL ANTE EL CONSEJO GENERAL DEL INSTITUTO ELECTORAL DEL ESTADO DE CAMPECHE\" >JUAN GUALBERTO ALONZO REBOLLEDO, REPRESENTANTE PROPIETARIO DEL PARTIDO REVOLUCIONARIO INSTITUCIONAL ANTE EL CONSEJO GENERAL DEL INSTITUTO ELECTORAL DEL ESTADO DE CAMPECHE, PEDRO ESTRADA C\u00d3RDOVA, REPRESENTANTE PROPIETARIO DEL PARTIDO MOVIMIENTO CIUDADANO ANTE EL CONSEJO GENERAL DEL INSTITUTO ELECTORAL DEL ESTADO DE CAMPECHE, C\u00c9SAR ISMAEL MART\u00cdN EHU\u00c1N, REPRESENTANTE PROPIETARIO DEL PARTIDO ACCI\u00d3N NACIONAL ANTE EL CONSEJO GENERAL DEL INSTITUTO ELECTORAL DEL ESTADO DE CAMPECHE <\/td><td data-cell-id=\"C179\" data-x=\"2\" data-y=\"179\" data-db-index=\"179\" class=\"fsize-18\" data-cell-type=\"text\" data-original-value=\"CONSEJO GENERAL DEL INSTITUTO ELECTORAL DEL ESTADO DE CAMPECHE\" data-order=\"CONSEJO GENERAL DEL INSTITUTO ELECTORAL DEL ESTADO DE CAMPECHE\" >CONSEJO GENERAL DEL INSTITUTO ELECTORAL DEL ESTADO DE CAMPECHE <\/td><td data-cell-id=\"D179\" data-x=\"3\" data-y=\"179\" data-db-index=\"179\" class=\"fsize-18\" data-cell-type=\"text\" data-original-value=\"&lt;a href=&quot;https:\/\/teec.org.mx\/web\/wp-content\/uploads\/2023\/09\/TEEC-RAP-14-2023-y-acum-sentencia-25-09-2023.pdf&quot; target=&quot;_blank&quot;&gt;TEEC\/RAP\/14\/2023 Y SUS ACUMULADOS TEEC\/RAP\/15\/2023 Y TEEC\/RAP\/16\/2023 (SENTENCIA)&lt;\/a&gt;\" data-order=\"&lt;a href=&quot;https:\/\/teec.org.mx\/web\/wp-content\/uploads\/2023\/09\/TEEC-RAP-14-2023-y-acum-sentencia-25-09-2023.pdf&quot; target=&quot;_blank&quot;&gt;TEEC\/RAP\/14\/2023 Y SUS ACUMULADOS TEEC\/RAP\/15\/2023 Y TEEC\/RAP\/16\/2023 (SENTENCIA)&lt;\/a&gt;\" ><a href=\"https:\/\/teec.org.mx\/web\/wp-content\/uploads\/2023\/09\/TEEC-RAP-14-2023-y-acum-sentencia-25-09-2023.pdf\" target=\"_blank\">TEEC\/RAP\/14\/2023 Y SUS ACUMULADOS TEEC\/RAP\/15\/2023 Y TEEC\/RAP\/16\/2023 (SENTENCIA)<\/a><\/td><\/tr><tr style=\"height:px\" ><td data-cell-id=\"A180\" data-x=\"0\" data-y=\"180\" data-db-index=\"180\" class=\"fsize-18\" data-cell-type=\"text\" data-original-value=\"22 DE SEPTIEMBRE DE 2023, A LAS 15:00 HORAS\" data-order=\"22 DE SEPTIEMBRE DE 2023, A LAS 15:00 HORAS\" >22 DE SEPTIEMBRE DE 2023, A LAS 15:00 HORAS <\/td><td data-cell-id=\"B180\" data-x=\"1\" data-y=\"180\" data-db-index=\"180\" class=\"fsize-18\" data-cell-type=\"text\" data-original-value=\"JOSE CLEMENTE MARRERO ORTIZ, EN CALIDAD DE APODERADO LEGAL DE RAFAEL ALEJANDRO MORENO C\u00c1RDENAS Y JUAN GUALBERTO ALONZO REBOLLEDO, EN SU CAR\u00c1CTER DE REPRESENTANTE PROPIETARIO DEL PARTIDO REVOLUCIONARIO INSTITUCIONAL ANTE EL CONSEJO GENERAL DEL INSTITUTO ELECTORAL DEL ESTADO DE CAMPECHE\" data-order=\"JOSE CLEMENTE MARRERO ORTIZ, EN CALIDAD DE APODERADO LEGAL DE RAFAEL ALEJANDRO MORENO C\u00c1RDENAS Y JUAN GUALBERTO ALONZO REBOLLEDO, EN SU CAR\u00c1CTER DE REPRESENTANTE PROPIETARIO DEL PARTIDO REVOLUCIONARIO INSTITUCIONAL ANTE EL CONSEJO GENERAL DEL INSTITUTO ELECTORAL DEL ESTADO DE CAMPECHE\" >JOSE CLEMENTE MARRERO ORTIZ, EN CALIDAD DE APODERADO LEGAL DE RAFAEL ALEJANDRO MORENO C\u00c1RDENAS Y JUAN GUALBERTO ALONZO REBOLLEDO, EN SU CAR\u00c1CTER DE REPRESENTANTE PROPIETARIO DEL PARTIDO REVOLUCIONARIO INSTITUCIONAL ANTE EL CONSEJO GENERAL DEL INSTITUTO ELECTORAL DEL ESTADO DE CAMPECHE <\/td><td data-cell-id=\"C180\" data-x=\"2\" data-y=\"180\" data-db-index=\"180\" class=\"fsize-18\" data-cell-type=\"text\" data-original-value=\"JUNTA GENERAL EJECUTIVA DEL INSTITUTO ELECTORAL DEL ESTADO DE CAMPECHE\" data-order=\"JUNTA GENERAL EJECUTIVA DEL INSTITUTO ELECTORAL DEL ESTADO DE CAMPECHE\" >JUNTA GENERAL EJECUTIVA DEL INSTITUTO ELECTORAL DEL ESTADO DE CAMPECHE <\/td><td data-cell-id=\"D180\" data-x=\"3\" data-y=\"180\" data-db-index=\"180\" class=\"fsize-18\" data-cell-type=\"text\" data-original-value=\"&lt;a href=&quot;https:\/\/teec.org.mx\/web\/wp-content\/uploads\/2023\/09\/TEEC-RAP-23-2023-Diligencia-22-09-2023.pdf&quot; target=&quot;_blank&quot;&gt;TEEC\/RAP\/23\/2023 (DILIGENCIA DE DESAHOGO DE PRUEBA T\u00c9CNICA)&lt;\/a&gt;\" data-order=\"&lt;a href=&quot;https:\/\/teec.org.mx\/web\/wp-content\/uploads\/2023\/09\/TEEC-RAP-23-2023-Diligencia-22-09-2023.pdf&quot; target=&quot;_blank&quot;&gt;TEEC\/RAP\/23\/2023 (DILIGENCIA DE DESAHOGO DE PRUEBA T\u00c9CNICA)&lt;\/a&gt;\" ><a href=\"https:\/\/teec.org.mx\/web\/wp-content\/uploads\/2023\/09\/TEEC-RAP-23-2023-Diligencia-22-09-2023.pdf\" target=\"_blank\">TEEC\/RAP\/23\/2023 (DILIGENCIA DE DESAHOGO DE PRUEBA T\u00c9CNICA)<\/a><\/td><\/tr><tr style=\"height:px\" ><td data-cell-id=\"A181\" data-x=\"0\" data-y=\"181\" data-db-index=\"181\" class=\"fsize-18\" data-cell-type=\"text\" data-original-value=\"22 DE SEPTIEMBRE DE 2023, A LAS 13:10 HORAS\" data-order=\"22 DE SEPTIEMBRE DE 2023, A LAS 13:10 HORAS\" >22 DE SEPTIEMBRE DE 2023, A LAS 13:10 HORAS <\/td><td data-cell-id=\"B181\" data-x=\"1\" data-y=\"181\" data-db-index=\"181\" class=\"fsize-18\" data-cell-type=\"text\" data-original-value=\"JOS\u00c9 CLEMENTE MARRERO ORTIZ Y JUAN GUALBERTO ALONZO REBOLLEDO EN CALIDAD DE APODERADOS LEGALES DE RAFAEL ALEJANDRO MORENO C\u00c1RDENAS\" data-order=\"JOS\u00c9 CLEMENTE MARRERO ORTIZ Y JUAN GUALBERTO ALONZO REBOLLEDO EN CALIDAD DE APODERADOS LEGALES DE RAFAEL ALEJANDRO MORENO C\u00c1RDENAS\" >JOS\u00c9 CLEMENTE MARRERO ORTIZ Y JUAN GUALBERTO ALONZO REBOLLEDO EN CALIDAD DE APODERADOS LEGALES DE RAFAEL ALEJANDRO MORENO C\u00c1RDENAS <\/td><td data-cell-id=\"C181\" data-x=\"2\" data-y=\"181\" data-db-index=\"181\" class=\"fsize-18\" data-cell-type=\"text\" data-original-value=\"JUNTA GENERAL EJECUTIVA DEL INSTITUTO ELECTORAL DEL ESTADO DE CAMPECHE\" data-order=\"JUNTA GENERAL EJECUTIVA DEL INSTITUTO ELECTORAL DEL ESTADO DE CAMPECHE\" >JUNTA GENERAL EJECUTIVA DEL INSTITUTO ELECTORAL DEL ESTADO DE CAMPECHE <\/td><td data-cell-id=\"D181\" data-x=\"3\" data-y=\"181\" data-db-index=\"181\" class=\"fsize-18\" data-cell-type=\"text\" data-original-value=\"&lt;a href=&quot;https:\/\/teec.org.mx\/web\/wp-content\/uploads\/2023\/09\/TEEC-RAP-23-2023-2do-acu-22-09-23.pdf&quot; target=&quot;_blank&quot;&gt;TEEC\/RAP\/23\/2023 (ACUERDO DE TURNO)&lt;\/a&gt;\" data-order=\"&lt;a href=&quot;https:\/\/teec.org.mx\/web\/wp-content\/uploads\/2023\/09\/TEEC-RAP-23-2023-2do-acu-22-09-23.pdf&quot; target=&quot;_blank&quot;&gt;TEEC\/RAP\/23\/2023 (ACUERDO DE TURNO)&lt;\/a&gt;\" ><a href=\"https:\/\/teec.org.mx\/web\/wp-content\/uploads\/2023\/09\/TEEC-RAP-23-2023-2do-acu-22-09-23.pdf\" target=\"_blank\">TEEC\/RAP\/23\/2023 (ACUERDO DE TURNO)<\/a><\/td><\/tr><tr style=\"height:px\" ><td data-cell-id=\"A182\" data-x=\"0\" data-y=\"182\" data-db-index=\"182\" class=\"fsize-18\" data-cell-type=\"text\" data-original-value=\"22 DE SEPTIEMBRE DE 2023, A LAS 12:19 HORAS\" data-order=\"22 DE SEPTIEMBRE DE 2023, A LAS 12:19 HORAS\" >22 DE SEPTIEMBRE DE 2023, A LAS 12:19 HORAS <\/td><td data-cell-id=\"B182\" data-x=\"1\" data-y=\"182\" data-db-index=\"182\" class=\"fsize-18\" data-cell-type=\"text\" data-original-value=\"JOSE CLEMENTE MARRERO ORTIZ, EN CALIDAD DE APODERADO LEGAL DE RAFAEL ALEJANDRO MORENO C\u00c1RDENAS Y JUAN GUALBERTO ALONZO REBOLLEDO, EN SU CAR\u00c1CTER DE REPRESENTANTE PROPIETARIO DEL PARTIDO REVOLUCIONARIO INSTITUCIONAL ANTE EL CONSEJO GENERAL DEL INSTITUTO ELECTORAL DEL ESTADO DE CAMPECHE\" data-order=\"JOSE CLEMENTE MARRERO ORTIZ, EN CALIDAD DE APODERADO LEGAL DE RAFAEL ALEJANDRO MORENO C\u00c1RDENAS Y JUAN GUALBERTO ALONZO REBOLLEDO, EN SU CAR\u00c1CTER DE REPRESENTANTE PROPIETARIO DEL PARTIDO REVOLUCIONARIO INSTITUCIONAL ANTE EL CONSEJO GENERAL DEL INSTITUTO ELECTORAL DEL ESTADO DE CAMPECHE\" >JOSE CLEMENTE MARRERO ORTIZ, EN CALIDAD DE APODERADO LEGAL DE RAFAEL ALEJANDRO MORENO C\u00c1RDENAS Y JUAN GUALBERTO ALONZO REBOLLEDO, EN SU CAR\u00c1CTER DE REPRESENTANTE PROPIETARIO DEL PARTIDO REVOLUCIONARIO INSTITUCIONAL ANTE EL CONSEJO GENERAL DEL INSTITUTO ELECTORAL DEL ESTADO DE CAMPECHE <\/td><td data-cell-id=\"C182\" data-x=\"2\" data-y=\"182\" data-db-index=\"182\" class=\"fsize-18\" data-cell-type=\"text\" data-original-value=\"JUNTA GENERAL EJECUTIVA DEL INSTITUTO ELECTORAL DEL ESTADO DE CAMPECHE\" data-order=\"JUNTA GENERAL EJECUTIVA DEL INSTITUTO ELECTORAL DEL ESTADO DE CAMPECHE\" >JUNTA GENERAL EJECUTIVA DEL INSTITUTO ELECTORAL DEL ESTADO DE CAMPECHE <\/td><td data-cell-id=\"D182\" data-x=\"3\" data-y=\"182\" data-db-index=\"182\" class=\"fsize-18\" data-cell-type=\"text\" data-original-value=\"&lt;a href=&quot;https:\/\/teec.org.mx\/web\/wp-content\/uploads\/2023\/09\/TEEC-RAP-23-2023-22-09-2023.pdf&quot; target=&quot;_blank&quot;&gt;TEEC\/RAP\/23\/2023 (ACUERDO RECEPCI\u00d3N, ACUMULACI\u00d3N, REQUERIMIENTO Y DILIGENCIA PARA MEJOR PROVEER)&lt;\/a&gt;\" data-order=\"&lt;a href=&quot;https:\/\/teec.org.mx\/web\/wp-content\/uploads\/2023\/09\/TEEC-RAP-23-2023-22-09-2023.pdf&quot; target=&quot;_blank&quot;&gt;TEEC\/RAP\/23\/2023 (ACUERDO RECEPCI\u00d3N, ACUMULACI\u00d3N, REQUERIMIENTO Y DILIGENCIA PARA MEJOR PROVEER)&lt;\/a&gt;\" ><a href=\"https:\/\/teec.org.mx\/web\/wp-content\/uploads\/2023\/09\/TEEC-RAP-23-2023-22-09-2023.pdf\" target=\"_blank\">TEEC\/RAP\/23\/2023 (ACUERDO RECEPCI\u00d3N, ACUMULACI\u00d3N, REQUERIMIENTO Y DILIGENCIA PARA MEJOR PROVEER)<\/a><\/td><\/tr><tr style=\"height:px\" ><td data-cell-id=\"A183\" data-x=\"0\" data-y=\"183\" data-db-index=\"183\" class=\"fsize-18\" data-cell-type=\"text\" data-original-value=\"21 DE SEPTIEMBRE DE 2023, A LAS 14:49 HORAS\" data-order=\"21 DE SEPTIEMBRE DE 2023, A LAS 14:49 HORAS\" >21 DE SEPTIEMBRE DE 2023, A LAS 14:49 HORAS <\/td><td data-cell-id=\"B183\" data-x=\"1\" data-y=\"183\" data-db-index=\"183\" class=\"fsize-18\" data-cell-type=\"text\" data-original-value=\"JOSE CLEMENTE MARRERO ORTIZ, EN CALIDAD DE APODERADO LEGAL DE RAFAEL ALEJANDRO MORENO C\u00c1RDENAS Y JUAN GUALBERTO ALONZO REBOLLEDO, EN SU CAR\u00c1CTER DE REPRESENTANTE PROPIETARIO DEL PARTIDO REVOLUCIONARIO INSTITUCIONAL ANTE EL CONSEJO GENERAL DEL INSTITUTO ELECTORAL DEL ESTADO DE CAMPECHE\" data-order=\"JOSE CLEMENTE MARRERO ORTIZ, EN CALIDAD DE APODERADO LEGAL DE RAFAEL ALEJANDRO MORENO C\u00c1RDENAS Y JUAN GUALBERTO ALONZO REBOLLEDO, EN SU CAR\u00c1CTER DE REPRESENTANTE PROPIETARIO DEL PARTIDO REVOLUCIONARIO INSTITUCIONAL ANTE EL CONSEJO GENERAL DEL INSTITUTO ELECTORAL DEL ESTADO DE CAMPECHE\" >JOSE CLEMENTE MARRERO ORTIZ, EN CALIDAD DE APODERADO LEGAL DE RAFAEL ALEJANDRO MORENO C\u00c1RDENAS Y JUAN GUALBERTO ALONZO REBOLLEDO, EN SU CAR\u00c1CTER DE REPRESENTANTE PROPIETARIO DEL PARTIDO REVOLUCIONARIO INSTITUCIONAL ANTE EL CONSEJO GENERAL DEL INSTITUTO ELECTORAL DEL ESTADO DE CAMPECHE <\/td><td data-cell-id=\"C183\" data-x=\"2\" data-y=\"183\" data-db-index=\"183\" class=\"fsize-18\" data-cell-type=\"text\" data-original-value=\"JUNTA GENERAL EJECUTIVA DEL INSTITUTO ELECTORAL DEL ESTADO DE CAMPECHE\" data-order=\"JUNTA GENERAL EJECUTIVA DEL INSTITUTO ELECTORAL DEL ESTADO DE CAMPECHE\" >JUNTA GENERAL EJECUTIVA DEL INSTITUTO ELECTORAL DEL ESTADO DE CAMPECHE <\/td><td data-cell-id=\"D183\" data-x=\"3\" data-y=\"183\" data-db-index=\"183\" class=\"fsize-18\" data-cell-type=\"text\" data-original-value=\"&lt;a href=&quot;https:\/\/teec.org.mx\/web\/wp-content\/uploads\/2023\/09\/TEEC-RAP-23-2023-2do-acu-21-09-2023.pdf&quot; target=&quot;_blank&quot;&gt;TEEC\/RAP\/23\/2023 (ACUERDO SE TURNA DOCUMENTACI\u00d3N)&lt;\/a&gt;\" data-order=\"&lt;a href=&quot;https:\/\/teec.org.mx\/web\/wp-content\/uploads\/2023\/09\/TEEC-RAP-23-2023-2do-acu-21-09-2023.pdf&quot; target=&quot;_blank&quot;&gt;TEEC\/RAP\/23\/2023 (ACUERDO SE TURNA DOCUMENTACI\u00d3N)&lt;\/a&gt;\" ><a href=\"https:\/\/teec.org.mx\/web\/wp-content\/uploads\/2023\/09\/TEEC-RAP-23-2023-2do-acu-21-09-2023.pdf\" target=\"_blank\">TEEC\/RAP\/23\/2023 (ACUERDO SE TURNA DOCUMENTACI\u00d3N)<\/a><\/td><\/tr><tr style=\"height:px\" ><td data-cell-id=\"A184\" data-x=\"0\" data-y=\"184\" data-db-index=\"184\" class=\"fsize-18\" data-cell-type=\"text\" data-original-value=\"21 DE SEPTIEMBRE DE 2023, A LAS 11:05 HORA\" data-order=\"21 DE SEPTIEMBRE DE 2023, A LAS 11:05 HORA\" >21 DE SEPTIEMBRE DE 2023, A LAS 11:05 HORA <\/td><td data-cell-id=\"B184\" data-x=\"1\" data-y=\"184\" data-db-index=\"184\" class=\"fsize-18\" data-cell-type=\"text\" data-original-value=\"C\u00c9SAR CUAUHT\u00c9MOC S\u00c1NCHEZ CABRERA DIRECTOR GENERAL DE LO CONTENCIOSO DE LA CONSEJER\u00cdA JUR\u00cdDICA DEL PODER EJECUTIVO DEL ESTADO DE CAMPECHE, EN REPRESENTACI\u00d3N DE LA GOBERNADORA CONSTITUCIONAL DEL ESTADO DE CAMPECHE\" data-order=\"C\u00c9SAR CUAUHT\u00c9MOC S\u00c1NCHEZ CABRERA DIRECTOR GENERAL DE LO CONTENCIOSO DE LA CONSEJER\u00cdA JUR\u00cdDICA DEL PODER EJECUTIVO DEL ESTADO DE CAMPECHE, EN REPRESENTACI\u00d3N DE LA GOBERNADORA CONSTITUCIONAL DEL ESTADO DE CAMPECHE\" >C\u00c9SAR CUAUHT\u00c9MOC S\u00c1NCHEZ CABRERA DIRECTOR GENERAL DE LO CONTENCIOSO DE LA CONSEJER\u00cdA JUR\u00cdDICA DEL PODER EJECUTIVO DEL ESTADO DE CAMPECHE, EN REPRESENTACI\u00d3N DE LA GOBERNADORA CONSTITUCIONAL DEL ESTADO DE CAMPECHE <\/td><td data-cell-id=\"C184\" data-x=\"2\" data-y=\"184\" data-db-index=\"184\" class=\"fsize-18\" data-cell-type=\"text\" data-original-value=\"TRIBUNAL ELECTORAL DEL ESTADO DE CAMPECHE\" data-order=\"TRIBUNAL ELECTORAL DEL ESTADO DE CAMPECHE\" >TRIBUNAL ELECTORAL DEL ESTADO DE CAMPECHE <\/td><td data-cell-id=\"D184\" data-x=\"3\" data-y=\"184\" data-db-index=\"184\" class=\"fsize-18\" data-cell-type=\"text\" data-original-value=\"&lt;a href=&quot;https:\/\/teec.org.mx\/web\/wp-content\/uploads\/2023\/09\/TEEC-RAP-23-2023-21-09-2023.pdf&quot; target=&quot;_blank&quot;&gt;TEEC\/RAP\/23\/2023 (RETIRO DE C\u00c9D. DE PUBLICITACI\u00d3N Y NO COMPARECENCIA DE TERCERO INTERESADO)&lt;\/a&gt;\" data-order=\"&lt;a href=&quot;https:\/\/teec.org.mx\/web\/wp-content\/uploads\/2023\/09\/TEEC-RAP-23-2023-21-09-2023.pdf&quot; target=&quot;_blank&quot;&gt;TEEC\/RAP\/23\/2023 (RETIRO DE C\u00c9D. DE PUBLICITACI\u00d3N Y NO COMPARECENCIA DE TERCERO INTERESADO)&lt;\/a&gt;\" ><a href=\"https:\/\/teec.org.mx\/web\/wp-content\/uploads\/2023\/09\/TEEC-RAP-23-2023-21-09-2023.pdf\" target=\"_blank\">TEEC\/RAP\/23\/2023 (RETIRO DE C\u00c9D. DE PUBLICITACI\u00d3N Y NO COMPARECENCIA DE TERCERO INTERESADO)<\/a><\/td><\/tr><tr style=\"height:px\" ><td data-cell-id=\"A185\" data-x=\"0\" data-y=\"185\" data-db-index=\"185\" class=\"fsize-18\" data-cell-type=\"text\" data-original-value=\"21 DE SEPTIEMBRE DE 2023, A LAS 12:46 HORAS\" data-order=\"21 DE SEPTIEMBRE DE 2023, A LAS 12:46 HORAS\" >21 DE SEPTIEMBRE DE 2023, A LAS 12:46 HORAS <\/td><td data-cell-id=\"B185\" data-x=\"1\" data-y=\"185\" data-db-index=\"185\" class=\"fsize-18\" data-cell-type=\"text\" data-original-value=\"C\u00c9SAR ISMAEL MART\u00cdN EHU\u00c1N, REPRESENTANTE PROPIETARIO DEL PARTIDO ACCI\u00d3N NACIONAL ANTE EL CONSEJO GENERAL DEL INSTITUTO ELECTORAL DEL ESTADO DE CAMPECHE\" data-order=\"C\u00c9SAR ISMAEL MART\u00cdN EHU\u00c1N, REPRESENTANTE PROPIETARIO DEL PARTIDO ACCI\u00d3N NACIONAL ANTE EL CONSEJO GENERAL DEL INSTITUTO ELECTORAL DEL ESTADO DE CAMPECHE\" >C\u00c9SAR ISMAEL MART\u00cdN EHU\u00c1N, REPRESENTANTE PROPIETARIO DEL PARTIDO ACCI\u00d3N NACIONAL ANTE EL CONSEJO GENERAL DEL INSTITUTO ELECTORAL DEL ESTADO DE CAMPECHE <\/td><td data-cell-id=\"C185\" data-x=\"2\" data-y=\"185\" data-db-index=\"185\" class=\"fsize-18\" data-cell-type=\"text\" data-original-value=\"CONSEJO GENERAL DEL INSTITUTO ELECTORAL DEL ESTADO DE CAMPECHE\" data-order=\"CONSEJO GENERAL DEL INSTITUTO ELECTORAL DEL ESTADO DE CAMPECHE\" >CONSEJO GENERAL DEL INSTITUTO ELECTORAL DEL ESTADO DE CAMPECHE <\/td><td data-cell-id=\"D185\" data-x=\"3\" data-y=\"185\" data-db-index=\"185\" class=\"fsize-18\" data-cell-type=\"text\" data-original-value=\"&lt;a href=&quot;https:\/\/teec.org.mx\/web\/wp-content\/uploads\/2023\/09\/TEEC-RAP-16-2023-21-09-2023.pdf&quot; target=&quot;_blank&quot;&gt;TEEC\/RAP\/16\/2023 (ACUERDO SE FIJA FECHA Y HORA PARA SESI\u00d3N P\u00daBLICA)&lt;\/a&gt;\" data-order=\"&lt;a href=&quot;https:\/\/teec.org.mx\/web\/wp-content\/uploads\/2023\/09\/TEEC-RAP-16-2023-21-09-2023.pdf&quot; target=&quot;_blank&quot;&gt;TEEC\/RAP\/16\/2023 (ACUERDO SE FIJA FECHA Y HORA PARA SESI\u00d3N P\u00daBLICA)&lt;\/a&gt;\" ><a href=\"https:\/\/teec.org.mx\/web\/wp-content\/uploads\/2023\/09\/TEEC-RAP-16-2023-21-09-2023.pdf\" target=\"_blank\">TEEC\/RAP\/16\/2023 (ACUERDO SE FIJA FECHA Y HORA PARA SESI\u00d3N P\u00daBLICA)<\/a><\/td><\/tr><tr style=\"height:px\" ><td data-cell-id=\"A186\" data-x=\"0\" data-y=\"186\" data-db-index=\"186\" class=\"fsize-18\" data-cell-type=\"text\" data-original-value=\"21 DE SEPTIEMBRE DE 2023, A LAS 12:27 HORAS\" data-order=\"21 DE SEPTIEMBRE DE 2023, A LAS 12:27 HORAS\" >21 DE SEPTIEMBRE DE 2023, A LAS 12:27 HORAS <\/td><td data-cell-id=\"B186\" data-x=\"1\" data-y=\"186\" data-db-index=\"186\" class=\"fsize-18\" data-cell-type=\"text\" data-original-value=\"PEDRO ESTRADA C\u00d3RDOVA, REPRESENTANTE PROPIETARIO DEL PARTIDO MOVIMIENTO CIUDADANO ANTE EL CONSEJO GENERAL DEL INSTITUTO ELECTORAL DEL ESTADO DE CAMPECHE\" data-order=\"PEDRO ESTRADA C\u00d3RDOVA, REPRESENTANTE PROPIETARIO DEL PARTIDO MOVIMIENTO CIUDADANO ANTE EL CONSEJO GENERAL DEL INSTITUTO ELECTORAL DEL ESTADO DE CAMPECHE\" >PEDRO ESTRADA C\u00d3RDOVA, REPRESENTANTE PROPIETARIO DEL PARTIDO MOVIMIENTO CIUDADANO ANTE EL CONSEJO GENERAL DEL INSTITUTO ELECTORAL DEL ESTADO DE CAMPECHE <\/td><td data-cell-id=\"C186\" data-x=\"2\" data-y=\"186\" data-db-index=\"186\" class=\"fsize-18\" data-cell-type=\"text\" data-original-value=\"CONSEJO GENERAL DEL INSTITUTO ELECTORAL DEL ESTADO DE CAMPECHE\" data-order=\"CONSEJO GENERAL DEL INSTITUTO ELECTORAL DEL ESTADO DE CAMPECHE\" >CONSEJO GENERAL DEL INSTITUTO ELECTORAL DEL ESTADO DE CAMPECHE <\/td><td data-cell-id=\"D186\" data-x=\"3\" data-y=\"186\" data-db-index=\"186\" class=\"fsize-18\" data-cell-type=\"text\" data-original-value=\"&lt;a href=&quot;https:\/\/teec.org.mx\/web\/wp-content\/uploads\/2023\/09\/TEEC-RAP-15-2023-21-09-2023.pdf&quot; target=&quot;_blank&quot;&gt;TEEC\/RAP\/15\/2023 (ACUERDO SE FIJA FECHA Y HORA PARA SESI\u00d3N P\u00daBLICA)&lt;\/a&gt;\" data-order=\"&lt;a href=&quot;https:\/\/teec.org.mx\/web\/wp-content\/uploads\/2023\/09\/TEEC-RAP-15-2023-21-09-2023.pdf&quot; target=&quot;_blank&quot;&gt;TEEC\/RAP\/15\/2023 (ACUERDO SE FIJA FECHA Y HORA PARA SESI\u00d3N P\u00daBLICA)&lt;\/a&gt;\" ><a href=\"https:\/\/teec.org.mx\/web\/wp-content\/uploads\/2023\/09\/TEEC-RAP-15-2023-21-09-2023.pdf\" target=\"_blank\">TEEC\/RAP\/15\/2023 (ACUERDO SE FIJA FECHA Y HORA PARA SESI\u00d3N P\u00daBLICA)<\/a><\/td><\/tr><tr style=\"height:px\" ><td data-cell-id=\"A187\" data-x=\"0\" data-y=\"187\" data-db-index=\"187\" class=\"fsize-18\" data-cell-type=\"text\" data-original-value=\"21 DE SEPTIEMBRE DE 2023, A LAS 11:57 HORAS\" data-order=\"21 DE SEPTIEMBRE DE 2023, A LAS 11:57 HORAS\" >21 DE SEPTIEMBRE DE 2023, A LAS 11:57 HORAS <\/td><td data-cell-id=\"B187\" data-x=\"1\" data-y=\"187\" data-db-index=\"187\" class=\"fsize-18\" data-cell-type=\"text\" data-original-value=\"JUAN GUALBERTO ALONZO REBOLLEDO, REPRESENTANTE PROPIETARIO DEL PARTIDO REVOLUCIONARIO INSTITUCIONAL ANTE EL CONSEJO GENERAL DEL INSTITUTO ELECTORAL DEL ESTADO DE CAMPECHE\" data-order=\"JUAN GUALBERTO ALONZO REBOLLEDO, REPRESENTANTE PROPIETARIO DEL PARTIDO REVOLUCIONARIO INSTITUCIONAL ANTE EL CONSEJO GENERAL DEL INSTITUTO ELECTORAL DEL ESTADO DE CAMPECHE\" >JUAN GUALBERTO ALONZO REBOLLEDO, REPRESENTANTE PROPIETARIO DEL PARTIDO REVOLUCIONARIO INSTITUCIONAL ANTE EL CONSEJO GENERAL DEL INSTITUTO ELECTORAL DEL ESTADO DE CAMPECHE <\/td><td data-cell-id=\"C187\" data-x=\"2\" data-y=\"187\" data-db-index=\"187\" class=\"fsize-18\" data-cell-type=\"text\" data-original-value=\"CONSEJO GENERAL DEL INSTITUTO ELECTORAL DEL ESTADO DE CAMPECHE\" data-order=\"CONSEJO GENERAL DEL INSTITUTO ELECTORAL DEL ESTADO DE CAMPECHE\" >CONSEJO GENERAL DEL INSTITUTO ELECTORAL DEL ESTADO DE CAMPECHE <\/td><td data-cell-id=\"D187\" data-x=\"3\" data-y=\"187\" data-db-index=\"187\" class=\"fsize-18\" data-cell-type=\"text\" data-original-value=\"&lt;a href=&quot;https:\/\/teec.org.mx\/web\/wp-content\/uploads\/2023\/09\/TEEC-RAP-14-2023-21-09-2023.pdf&quot; target=&quot;_blank&quot;&gt;TEEC\/RAP\/14\/2023 (ACUERDO SE FIJA FECHA Y HORA PARA SESI\u00d3N P\u00daBLICA)&lt;\/a&gt;\" data-order=\"&lt;a href=&quot;https:\/\/teec.org.mx\/web\/wp-content\/uploads\/2023\/09\/TEEC-RAP-14-2023-21-09-2023.pdf&quot; target=&quot;_blank&quot;&gt;TEEC\/RAP\/14\/2023 (ACUERDO SE FIJA FECHA Y HORA PARA SESI\u00d3N P\u00daBLICA)&lt;\/a&gt;\" ><a href=\"https:\/\/teec.org.mx\/web\/wp-content\/uploads\/2023\/09\/TEEC-RAP-14-2023-21-09-2023.pdf\" target=\"_blank\">TEEC\/RAP\/14\/2023 (ACUERDO SE FIJA FECHA Y HORA PARA SESI\u00d3N P\u00daBLICA)<\/a><\/td><\/tr><tr style=\"height:px\" ><td data-cell-id=\"A188\" data-x=\"0\" data-y=\"188\" data-db-index=\"188\" class=\"fsize-18\" data-cell-type=\"text\" data-original-value=\"20 DE SEPTIEMBRE DE 2023, A LAS 14:10 HORAS\" data-order=\"20 DE SEPTIEMBRE DE 2023, A LAS 14:10 HORAS\" >20 DE SEPTIEMBRE DE 2023, A LAS 14:10 HORAS <\/td><td data-cell-id=\"B188\" data-x=\"1\" data-y=\"188\" data-db-index=\"188\" class=\"fsize-18\" data-cell-type=\"text\" data-original-value=\"ANTONIO G\u00d3MEZ SAUCEDO, EN SU CALIDAD DE REPRESENTANTE DEL PARTIDO DEL TRABAJO ANTE EL CONSEJO GENERAL DEL IEEC\" data-order=\"ANTONIO G\u00d3MEZ SAUCEDO, EN SU CALIDAD DE REPRESENTANTE DEL PARTIDO DEL TRABAJO ANTE EL CONSEJO GENERAL DEL IEEC\" >ANTONIO G\u00d3MEZ SAUCEDO, EN SU CALIDAD DE REPRESENTANTE DEL PARTIDO DEL TRABAJO ANTE EL CONSEJO GENERAL DEL IEEC <\/td><td data-cell-id=\"C188\" data-x=\"2\" data-y=\"188\" data-db-index=\"188\" class=\"fsize-18\" data-cell-type=\"text\" data-original-value=\"DIRECCI\u00d3N EJECUTIVA DE ADMINISTRACI\u00d3N, PRERROGATIVAS DE PARTIDOS Y ASOCIACIONES POL\u00cdTICAS DEL INSTITUTO ELECTORAL DEL ESTADO DE CAMPECHE\" data-order=\"DIRECCI\u00d3N EJECUTIVA DE ADMINISTRACI\u00d3N, PRERROGATIVAS DE PARTIDOS Y ASOCIACIONES POL\u00cdTICAS DEL INSTITUTO ELECTORAL DEL ESTADO DE CAMPECHE\" >DIRECCI\u00d3N EJECUTIVA DE ADMINISTRACI\u00d3N, PRERROGATIVAS DE PARTIDOS Y ASOCIACIONES POL\u00cdTICAS DEL INSTITUTO ELECTORAL DEL ESTADO DE CAMPECHE <\/td><td data-cell-id=\"D188\" data-x=\"3\" data-y=\"188\" data-db-index=\"188\" class=\"fsize-18\" data-cell-type=\"text\" data-original-value=\"&lt;a href=&quot;https:\/\/teec.org.mx\/web\/wp-content\/uploads\/2023\/09\/TEEC-RAP-1-2023-20-09-2023.pdf&quot; target=&quot;_blank&quot;&gt;TEEC\/RAP\/1\/2023 (ACUERDO DE REQUERIMIENTO)&lt;\/a&gt;\" data-order=\"&lt;a href=&quot;https:\/\/teec.org.mx\/web\/wp-content\/uploads\/2023\/09\/TEEC-RAP-1-2023-20-09-2023.pdf&quot; target=&quot;_blank&quot;&gt;TEEC\/RAP\/1\/2023 (ACUERDO DE REQUERIMIENTO)&lt;\/a&gt;\" ><a href=\"https:\/\/teec.org.mx\/web\/wp-content\/uploads\/2023\/09\/TEEC-RAP-1-2023-20-09-2023.pdf\" target=\"_blank\">TEEC\/RAP\/1\/2023 (ACUERDO DE REQUERIMIENTO)<\/a><\/td><\/tr><tr style=\"height:px\" ><td data-cell-id=\"A189\" data-x=\"0\" data-y=\"189\" data-db-index=\"189\" class=\"fsize-18\" data-cell-type=\"text\" data-original-value=\"20 DE SEPTIEMBRE DE 2023, A LAS 12:30 HORAS\" data-order=\"20 DE SEPTIEMBRE DE 2023, A LAS 12:30 HORAS\" >20 DE SEPTIEMBRE DE 2023, A LAS 12:30 HORAS <\/td><td data-cell-id=\"B189\" data-x=\"1\" data-y=\"189\" data-db-index=\"189\" class=\"fsize-18\" data-cell-type=\"text\" data-original-value=\"LAYDA ELENA SANSORES SAN ROM\u00c1N\" data-order=\"LAYDA ELENA SANSORES SAN ROM\u00c1N\" >LAYDA ELENA SANSORES SAN ROM\u00c1N <\/td><td data-cell-id=\"C189\" data-x=\"2\" data-y=\"189\" data-db-index=\"189\" class=\"fsize-18\" data-cell-type=\"text\" data-original-value=\"TRIBUNAL ELECTORAL DEL ESTADO DE CAMPECHE\" data-order=\"TRIBUNAL ELECTORAL DEL ESTADO DE CAMPECHE\" >TRIBUNAL ELECTORAL DEL ESTADO DE CAMPECHE <\/td><td data-cell-id=\"D189\" data-x=\"3\" data-y=\"189\" data-db-index=\"189\" class=\"fsize-18\" data-cell-type=\"text\" data-original-value=\"&lt;a href=&quot;https:\/\/teec.org.mx\/web\/wp-content\/uploads\/2023\/09\/TEEC-RAP-23-2023-20-09-2023.pdf&quot; target=&quot;_blank&quot;&gt;TEEC\/RAP\/23\/2023 (CUADERNO DE ANTESCEDENTES: SX-116\/2023, SE SOMETE A CONSIDERACI\u00d3N DE LA SALA SUPERIOR DEL TRIBUNAL ELECTORAL DEL PODER JUDICIAL DE LA FEDERACI\u00d3N)&lt;\/a&gt;\" data-order=\"&lt;a href=&quot;https:\/\/teec.org.mx\/web\/wp-content\/uploads\/2023\/09\/TEEC-RAP-23-2023-20-09-2023.pdf&quot; target=&quot;_blank&quot;&gt;TEEC\/RAP\/23\/2023 (CUADERNO DE ANTESCEDENTES: SX-116\/2023, SE SOMETE A CONSIDERACI\u00d3N DE LA SALA SUPERIOR DEL TRIBUNAL ELECTORAL DEL PODER JUDICIAL DE LA FEDERACI\u00d3N)&lt;\/a&gt;\" ><a href=\"https:\/\/teec.org.mx\/web\/wp-content\/uploads\/2023\/09\/TEEC-RAP-23-2023-20-09-2023.pdf\" target=\"_blank\">TEEC\/RAP\/23\/2023 (CUADERNO DE ANTESCEDENTES: SX-116\/2023, SE SOMETE A CONSIDERACI\u00d3N DE LA SALA SUPERIOR DEL TRIBUNAL ELECTORAL DEL PODER JUDICIAL DE LA FEDERACI\u00d3N)<\/a><\/td><\/tr><tr style=\"height:px\" ><td data-cell-id=\"A190\" data-x=\"0\" data-y=\"190\" data-db-index=\"190\" class=\"fsize-18\" data-cell-type=\"text\" data-original-value=\"20 DE SEPTIEMBRE DE 2023, A LAS 11:55 HORAS\" data-order=\"20 DE SEPTIEMBRE DE 2023, A LAS 11:55 HORAS\" >20 DE SEPTIEMBRE DE 2023, A LAS 11:55 HORAS <\/td><td data-cell-id=\"B190\" data-x=\"1\" data-y=\"190\" data-db-index=\"190\" class=\"fsize-18\" data-cell-type=\"text\" data-original-value=\"C\u00c9SAR ISMAEL MART\u00cdN EHU\u00c1N, REPRESENTANTE PROPIETARIO DEL PARTIDO ACCI\u00d3N NACIONAL ANTE EL CONSEJO GENERAL DEL INSTITUTO ELECTORAL DEL ESTADO DE CAMPECHE\" data-order=\"C\u00c9SAR ISMAEL MART\u00cdN EHU\u00c1N, REPRESENTANTE PROPIETARIO DEL PARTIDO ACCI\u00d3N NACIONAL ANTE EL CONSEJO GENERAL DEL INSTITUTO ELECTORAL DEL ESTADO DE CAMPECHE\" >C\u00c9SAR ISMAEL MART\u00cdN EHU\u00c1N, REPRESENTANTE PROPIETARIO DEL PARTIDO ACCI\u00d3N NACIONAL ANTE EL CONSEJO GENERAL DEL INSTITUTO ELECTORAL DEL ESTADO DE CAMPECHE <\/td><td data-cell-id=\"C190\" data-x=\"2\" data-y=\"190\" data-db-index=\"190\" class=\"fsize-18\" data-cell-type=\"text\" data-original-value=\"CONSEJO GENERAL DEL INSTITUTO ELECTORAL DEL ESTADO DE CAMPECHE\" data-order=\"CONSEJO GENERAL DEL INSTITUTO ELECTORAL DEL ESTADO DE CAMPECHE\" >CONSEJO GENERAL DEL INSTITUTO ELECTORAL DEL ESTADO DE CAMPECHE <\/td><td data-cell-id=\"D190\" data-x=\"3\" data-y=\"190\" data-db-index=\"190\" class=\"fsize-18\" data-cell-type=\"text\" data-original-value=\"&lt;a href=&quot;https:\/\/teec.org.mx\/web\/wp-content\/uploads\/2023\/09\/TEEC-RAP-16-2023-20-09-2023.pdf&quot; target=&quot;_blank&quot;&gt;TEEC\/RAP\/16\/2023 (ACUERDO DE CIERRE DE INSTRUCCI\u00d3N Y SOL. DE FECHA Y HORA PARA SESI\u00d3N P\u00daBLICA)&lt;\/a&gt;\" data-order=\"&lt;a href=&quot;https:\/\/teec.org.mx\/web\/wp-content\/uploads\/2023\/09\/TEEC-RAP-16-2023-20-09-2023.pdf&quot; target=&quot;_blank&quot;&gt;TEEC\/RAP\/16\/2023 (ACUERDO DE CIERRE DE INSTRUCCI\u00d3N Y SOL. DE FECHA Y HORA PARA SESI\u00d3N P\u00daBLICA)&lt;\/a&gt;\" ><a href=\"https:\/\/teec.org.mx\/web\/wp-content\/uploads\/2023\/09\/TEEC-RAP-16-2023-20-09-2023.pdf\" target=\"_blank\">TEEC\/RAP\/16\/2023 (ACUERDO DE CIERRE DE INSTRUCCI\u00d3N Y SOL. DE FECHA Y HORA PARA SESI\u00d3N P\u00daBLICA)<\/a><\/td><\/tr><tr style=\"height:px\" ><td data-cell-id=\"A191\" data-x=\"0\" data-y=\"191\" data-db-index=\"191\" class=\"fsize-18\" data-cell-type=\"text\" data-original-value=\"20 DE SEPTIEMBRE DE 2023, A LAS 11:45 HORAS\" data-order=\"20 DE SEPTIEMBRE DE 2023, A LAS 11:45 HORAS\" >20 DE SEPTIEMBRE DE 2023, A LAS 11:45 HORAS <\/td><td data-cell-id=\"B191\" data-x=\"1\" data-y=\"191\" data-db-index=\"191\" class=\"fsize-18\" data-cell-type=\"text\" data-original-value=\"PEDRO ESTRADA C\u00d3RDOVA, REPRESENTANTE PROPIETARIO DEL PARTIDO MOVIMIENTO CIUDADANO ANTE EL CONSEJO GENERAL DEL INSTITUTO ELECTORAL DEL ESTADO DE CAMPECHE\" data-order=\"PEDRO ESTRADA C\u00d3RDOVA, REPRESENTANTE PROPIETARIO DEL PARTIDO MOVIMIENTO CIUDADANO ANTE EL CONSEJO GENERAL DEL INSTITUTO ELECTORAL DEL ESTADO DE CAMPECHE\" >PEDRO ESTRADA C\u00d3RDOVA, REPRESENTANTE PROPIETARIO DEL PARTIDO MOVIMIENTO CIUDADANO ANTE EL CONSEJO GENERAL DEL INSTITUTO ELECTORAL DEL ESTADO DE CAMPECHE <\/td><td data-cell-id=\"C191\" data-x=\"2\" data-y=\"191\" data-db-index=\"191\" class=\"fsize-18\" data-cell-type=\"text\" data-original-value=\"CONSEJO GENERAL DEL INSTITUTO ELECTORAL DEL ESTADO DE CAMPECHE\" data-order=\"CONSEJO GENERAL DEL INSTITUTO ELECTORAL DEL ESTADO DE CAMPECHE\" >CONSEJO GENERAL DEL INSTITUTO ELECTORAL DEL ESTADO DE CAMPECHE <\/td><td data-cell-id=\"D191\" data-x=\"3\" data-y=\"191\" data-db-index=\"191\" class=\"fsize-18\" data-cell-type=\"text\" data-original-value=\"&lt;a href=&quot;https:\/\/teec.org.mx\/web\/wp-content\/uploads\/2023\/09\/TEEC-RAP-15-2023-20-09-2023.pdf&quot; target=&quot;_blank&quot;&gt;TEEC\/RAP\/15\/2023 (ACUERDO DE CIERRE DE INSTRUCCI\u00d3N Y SOL. DE FECHA Y HORA PARA SESI\u00d3N P\u00daBLICA)&lt;\/a&gt;\" data-order=\"&lt;a href=&quot;https:\/\/teec.org.mx\/web\/wp-content\/uploads\/2023\/09\/TEEC-RAP-15-2023-20-09-2023.pdf&quot; target=&quot;_blank&quot;&gt;TEEC\/RAP\/15\/2023 (ACUERDO DE CIERRE DE INSTRUCCI\u00d3N Y SOL. DE FECHA Y HORA PARA SESI\u00d3N P\u00daBLICA)&lt;\/a&gt;\" ><a href=\"https:\/\/teec.org.mx\/web\/wp-content\/uploads\/2023\/09\/TEEC-RAP-15-2023-20-09-2023.pdf\" target=\"_blank\">TEEC\/RAP\/15\/2023 (ACUERDO DE CIERRE DE INSTRUCCI\u00d3N Y SOL. DE FECHA Y HORA PARA SESI\u00d3N P\u00daBLICA)<\/a><\/td><\/tr><tr style=\"height:px\" ><td data-cell-id=\"A192\" data-x=\"0\" data-y=\"192\" data-db-index=\"192\" class=\"fsize-18\" data-cell-type=\"text\" data-original-value=\"20 DE SEPTIEMBRE DE 2023, A LAS 11:37 HORAS\" data-order=\"20 DE SEPTIEMBRE DE 2023, A LAS 11:37 HORAS\" >20 DE SEPTIEMBRE DE 2023, A LAS 11:37 HORAS <\/td><td data-cell-id=\"B192\" data-x=\"1\" data-y=\"192\" data-db-index=\"192\" class=\"fsize-18\" data-cell-type=\"text\" data-original-value=\"JUAN GUALBERTO ALONZO REBOLLEDO, REPRESENTANTE PROPIETARIO DEL PARTIDO REVOLUCIONARIO INSTITUCIONAL ANTE EL CONSEJO GENERAL DEL INSTITUTO ELECTORAL DEL ESTADO DE CAMPECHE\" data-order=\"JUAN GUALBERTO ALONZO REBOLLEDO, REPRESENTANTE PROPIETARIO DEL PARTIDO REVOLUCIONARIO INSTITUCIONAL ANTE EL CONSEJO GENERAL DEL INSTITUTO ELECTORAL DEL ESTADO DE CAMPECHE\" >JUAN GUALBERTO ALONZO REBOLLEDO, REPRESENTANTE PROPIETARIO DEL PARTIDO REVOLUCIONARIO INSTITUCIONAL ANTE EL CONSEJO GENERAL DEL INSTITUTO ELECTORAL DEL ESTADO DE CAMPECHE <\/td><td data-cell-id=\"C192\" data-x=\"2\" data-y=\"192\" data-db-index=\"192\" class=\"fsize-18\" data-cell-type=\"text\" data-original-value=\"CONSEJO GENERAL DEL INSTITUTO ELECTORAL DEL ESTADO DE CAMPECHE\" data-order=\"CONSEJO GENERAL DEL INSTITUTO ELECTORAL DEL ESTADO DE CAMPECHE\" >CONSEJO GENERAL DEL INSTITUTO ELECTORAL DEL ESTADO DE CAMPECHE <\/td><td data-cell-id=\"D192\" data-x=\"3\" data-y=\"192\" data-db-index=\"192\" class=\"fsize-18\" data-cell-type=\"text\" data-original-value=\"&lt;a href=&quot;https:\/\/teec.org.mx\/web\/wp-content\/uploads\/2023\/09\/TEEC-RAP-14-2023-20-09-2023.pdf&quot; target=&quot;_blank&quot;&gt;TEEC\/RAP\/14\/2023 (ACUERDO DE ADMISI\u00d3N, CIERRE DE INSTRUCCI\u00d3N Y SOL. DE FECHA Y HORA PARA SESI\u00d3N P\u00daBLICA)&lt;\/a&gt;\" data-order=\"&lt;a href=&quot;https:\/\/teec.org.mx\/web\/wp-content\/uploads\/2023\/09\/TEEC-RAP-14-2023-20-09-2023.pdf&quot; target=&quot;_blank&quot;&gt;TEEC\/RAP\/14\/2023 (ACUERDO DE ADMISI\u00d3N, CIERRE DE INSTRUCCI\u00d3N Y SOL. DE FECHA Y HORA PARA SESI\u00d3N P\u00daBLICA)&lt;\/a&gt;\" ><a href=\"https:\/\/teec.org.mx\/web\/wp-content\/uploads\/2023\/09\/TEEC-RAP-14-2023-20-09-2023.pdf\" target=\"_blank\">TEEC\/RAP\/14\/2023 (ACUERDO DE ADMISI\u00d3N, CIERRE DE INSTRUCCI\u00d3N Y SOL. DE FECHA Y HORA PARA SESI\u00d3N P\u00daBLICA)<\/a><\/td><\/tr><tr style=\"height:px\" ><td data-cell-id=\"A193\" data-x=\"0\" data-y=\"193\" data-db-index=\"193\" class=\"fsize-18\" data-cell-type=\"text\" data-original-value=\"19 DE SEPTIEMBRE DE 2023, A LAS 12:16 HORAS\" data-order=\"19 DE SEPTIEMBRE DE 2023, A LAS 12:16 HORAS\" >19 DE SEPTIEMBRE DE 2023, A LAS 12:16 HORAS <\/td><td data-cell-id=\"B193\" data-x=\"1\" data-y=\"193\" data-db-index=\"193\" class=\"fsize-18\" data-cell-type=\"text\" data-original-value=\"JOSE CLEMENTE MARRERO ORTIZ, EN CALIDAD DE APODERADO LEGAL DE RAFAEL ALEJANDRO MORENO C\u00c1RDENAS Y JUAN GUALBERTO ALONZO REBOLLEDO, EN SU CAR\u00c1CTER DE REPRESENTANTE PROPIETARIO DEL PARTIDO REVOLUCIONARIO INSTITUCIONAL ANTE EL CONSEJO GENERAL DEL INSTITUTO ELECTORAL DEL ESTADO DE CAMPECHE\" data-order=\"JOSE CLEMENTE MARRERO ORTIZ, EN CALIDAD DE APODERADO LEGAL DE RAFAEL ALEJANDRO MORENO C\u00c1RDENAS Y JUAN GUALBERTO ALONZO REBOLLEDO, EN SU CAR\u00c1CTER DE REPRESENTANTE PROPIETARIO DEL PARTIDO REVOLUCIONARIO INSTITUCIONAL ANTE EL CONSEJO GENERAL DEL INSTITUTO ELECTORAL DEL ESTADO DE CAMPECHE\" >JOSE CLEMENTE MARRERO ORTIZ, EN CALIDAD DE APODERADO LEGAL DE RAFAEL ALEJANDRO MORENO C\u00c1RDENAS Y JUAN GUALBERTO ALONZO REBOLLEDO, EN SU CAR\u00c1CTER DE REPRESENTANTE PROPIETARIO DEL PARTIDO REVOLUCIONARIO INSTITUCIONAL ANTE EL CONSEJO GENERAL DEL INSTITUTO ELECTORAL DEL ESTADO DE CAMPECHE <\/td><td data-cell-id=\"C193\" data-x=\"2\" data-y=\"193\" data-db-index=\"193\" class=\"fsize-18\" data-cell-type=\"text\" data-original-value=\"JUNTA GENERAL EJECUTIVA DEL INSTITUTO ELECTORAL DEL ESTADO DE CAMPECHE\" data-order=\"JUNTA GENERAL EJECUTIVA DEL INSTITUTO ELECTORAL DEL ESTADO DE CAMPECHE\" >JUNTA GENERAL EJECUTIVA DEL INSTITUTO ELECTORAL DEL ESTADO DE CAMPECHE <\/td><td data-cell-id=\"D193\" data-x=\"3\" data-y=\"193\" data-db-index=\"193\" class=\"fsize-18\" data-cell-type=\"text\" data-original-value=\"&lt;a href=&quot;https:\/\/teec.org.mx\/web\/wp-content\/uploads\/2023\/09\/TEEC-RAP-23-2023-19-09-2023.pdf&quot; target=&quot;_blank&quot;&gt;TEEC\/RAP\/23\/2023 (ACUERDO DE REQUERIMIENTO)&lt;\/a&gt;\" data-order=\"&lt;a href=&quot;https:\/\/teec.org.mx\/web\/wp-content\/uploads\/2023\/09\/TEEC-RAP-23-2023-19-09-2023.pdf&quot; target=&quot;_blank&quot;&gt;TEEC\/RAP\/23\/2023 (ACUERDO DE REQUERIMIENTO)&lt;\/a&gt;\" ><a href=\"https:\/\/teec.org.mx\/web\/wp-content\/uploads\/2023\/09\/TEEC-RAP-23-2023-19-09-2023.pdf\" target=\"_blank\">TEEC\/RAP\/23\/2023 (ACUERDO DE REQUERIMIENTO)<\/a><\/td><\/tr><tr style=\"height:px\" ><td data-cell-id=\"A194\" data-x=\"0\" data-y=\"194\" data-db-index=\"194\" class=\"fsize-18\" data-cell-type=\"text\" data-original-value=\"19 DE SEPTIEMBRE DE 2023, A LAS 11:40 HORAS\" data-order=\"19 DE SEPTIEMBRE DE 2023, A LAS 11:40 HORAS\" >19 DE SEPTIEMBRE DE 2023, A LAS 11:40 HORAS <\/td><td data-cell-id=\"B194\" data-x=\"1\" data-y=\"194\" data-db-index=\"194\" class=\"fsize-18\" data-cell-type=\"text\" data-original-value=\"PARTIDO REVOLUCIONARIO INSTITUCIONAL\" data-order=\"PARTIDO REVOLUCIONARIO INSTITUCIONAL\" >PARTIDO REVOLUCIONARIO INSTITUCIONAL <\/td><td data-cell-id=\"C194\" data-x=\"2\" data-y=\"194\" data-db-index=\"194\" class=\"fsize-18\" data-cell-type=\"text\" data-original-value=\"CONSEJO GENERAL DEL INSTITUTO ELECTORAL DEL ESTADO DE CAMPECHE\" data-order=\"CONSEJO GENERAL DEL INSTITUTO ELECTORAL DEL ESTADO DE CAMPECHE\" >CONSEJO GENERAL DEL INSTITUTO ELECTORAL DEL ESTADO DE CAMPECHE <\/td><td data-cell-id=\"D194\" data-x=\"3\" data-y=\"194\" data-db-index=\"194\" class=\"fsize-18\" data-cell-type=\"text\" data-original-value=\"&lt;a href=&quot;https:\/\/teec.org.mx\/web\/wp-content\/uploads\/2023\/09\/TEEC-RAP-14-2023-19-09-2023.pdf&quot; target=&quot;_blank&quot;&gt;TEEC\/RAP\/14\/2023 (TURNO)&lt;\/a&gt;\" data-order=\"&lt;a href=&quot;https:\/\/teec.org.mx\/web\/wp-content\/uploads\/2023\/09\/TEEC-RAP-14-2023-19-09-2023.pdf&quot; target=&quot;_blank&quot;&gt;TEEC\/RAP\/14\/2023 (TURNO)&lt;\/a&gt;\" ><a href=\"https:\/\/teec.org.mx\/web\/wp-content\/uploads\/2023\/09\/TEEC-RAP-14-2023-19-09-2023.pdf\" target=\"_blank\">TEEC\/RAP\/14\/2023 (TURNO)<\/a><\/td><\/tr><tr style=\"height:px\" ><td data-cell-id=\"A195\" data-x=\"0\" data-y=\"195\" data-db-index=\"195\" class=\"fsize-18\" data-cell-type=\"text\" data-original-value=\"18 DE SEPTIEMBRE DE 2023, A LAS 12:24 HORAS\" data-order=\"18 DE SEPTIEMBRE DE 2023, A LAS 12:24 HORAS\" >18 DE SEPTIEMBRE DE 2023, A LAS 12:24 HORAS <\/td><td data-cell-id=\"B195\" data-x=\"1\" data-y=\"195\" data-db-index=\"195\" class=\"fsize-18\" data-cell-type=\"text\" data-original-value=\"CESAR ISMAEL MART\u00cdN EHU\u00c1N, REPRESENTANTE PROPIETARIO DEL PARTIDO ACCI\u00d3N NACIONAL ANTE EL CONSEJO GENERAL DEL INSTITUTO ELECTORAL DEL ESTADO DE CAMPECHE Y PEDRO ESTRADA C\u00d3RDOVA, REPRESENTANTE PROPIETARIO DEL PARTIDO MOVIMIENTO CIUDADANO ANTE EL CONSEJO GENERAL DEL INSTITUTO ELECTORAL DEL ESTADO DE CAMPECHE\" data-order=\"CESAR ISMAEL MART\u00cdN EHU\u00c1N, REPRESENTANTE PROPIETARIO DEL PARTIDO ACCI\u00d3N NACIONAL ANTE EL CONSEJO GENERAL DEL INSTITUTO ELECTORAL DEL ESTADO DE CAMPECHE Y PEDRO ESTRADA C\u00d3RDOVA, REPRESENTANTE PROPIETARIO DEL PARTIDO MOVIMIENTO CIUDADANO ANTE EL CONSEJO GENERAL DEL INSTITUTO ELECTORAL DEL ESTADO DE CAMPECHE\" >CESAR ISMAEL MART\u00cdN EHU\u00c1N, REPRESENTANTE PROPIETARIO DEL PARTIDO ACCI\u00d3N NACIONAL ANTE EL CONSEJO GENERAL DEL INSTITUTO ELECTORAL DEL ESTADO DE CAMPECHE Y PEDRO ESTRADA C\u00d3RDOVA, REPRESENTANTE PROPIETARIO DEL PARTIDO MOVIMIENTO CIUDADANO ANTE EL CONSEJO GENERAL DEL INSTITUTO ELECTORAL DEL ESTADO DE CAMPECHE <\/td><td data-cell-id=\"C195\" data-x=\"2\" data-y=\"195\" data-db-index=\"195\" class=\"fsize-18\" data-cell-type=\"text\" data-original-value=\"CONSEJO GENERAL DEL INSTITUTO ELECTORAL DEL ESTADO DE CAMPECHE\" data-order=\"CONSEJO GENERAL DEL INSTITUTO ELECTORAL DEL ESTADO DE CAMPECHE\" >CONSEJO GENERAL DEL INSTITUTO ELECTORAL DEL ESTADO DE CAMPECHE <\/td><td data-cell-id=\"D195\" data-x=\"3\" data-y=\"195\" data-db-index=\"195\" class=\"fsize-18\" data-cell-type=\"text\" data-original-value=\"&lt;a href=&quot;https:\/\/teec.org.mx\/web\/wp-content\/uploads\/2023\/09\/TEEC-RAP-2-2023-y-acum-18-09-2023.pdf&quot; target=&quot;_blank&quot;&gt;TEEC\/RAP\/2\/2023 Y SU ACUMULADO TEEC\/RAP\/3\/2023 (ACUERDO DE ACUMULACI\u00d3N)&lt;\/a&gt;\" data-order=\"&lt;a href=&quot;https:\/\/teec.org.mx\/web\/wp-content\/uploads\/2023\/09\/TEEC-RAP-2-2023-y-acum-18-09-2023.pdf&quot; target=&quot;_blank&quot;&gt;TEEC\/RAP\/2\/2023 Y SU ACUMULADO TEEC\/RAP\/3\/2023 (ACUERDO DE ACUMULACI\u00d3N)&lt;\/a&gt;\" ><a href=\"https:\/\/teec.org.mx\/web\/wp-content\/uploads\/2023\/09\/TEEC-RAP-2-2023-y-acum-18-09-2023.pdf\" target=\"_blank\">TEEC\/RAP\/2\/2023 Y SU ACUMULADO TEEC\/RAP\/3\/2023 (ACUERDO DE ACUMULACI\u00d3N)<\/a><\/td><\/tr><tr style=\"height:px\" ><td data-cell-id=\"A196\" data-x=\"0\" data-y=\"196\" data-db-index=\"196\" class=\"fsize-18\" data-cell-type=\"text\" data-original-value=\"18 DE SEPTIEMBRE DE 2023, A LAS 8:45 HORAS\" data-order=\"18 DE SEPTIEMBRE DE 2023, A LAS 8:45 HORAS\" >18 DE SEPTIEMBRE DE 2023, A LAS 8:45 HORAS <\/td><td data-cell-id=\"B196\" data-x=\"1\" data-y=\"196\" data-db-index=\"196\" class=\"fsize-18\" data-cell-type=\"text\" data-original-value=\"C\u00c9SAR CUAUHT\u00c9MOC S\u00c1NCHEZ CABRERA DIRECTOR GENERAL DE LO CONTENCIOSO DE LA CONSEJER\u00cdA JUR\u00cdDICA DEL PODER EJECUTIVO DEL ESTADO DE CAMPECHE, EN REPRESENTACI\u00d3N DE LA GOBERNADORA CONSTITUCIONAL DEL ESTADO DE CAMPECHE\" data-order=\"C\u00c9SAR CUAUHT\u00c9MOC S\u00c1NCHEZ CABRERA DIRECTOR GENERAL DE LO CONTENCIOSO DE LA CONSEJER\u00cdA JUR\u00cdDICA DEL PODER EJECUTIVO DEL ESTADO DE CAMPECHE, EN REPRESENTACI\u00d3N DE LA GOBERNADORA CONSTITUCIONAL DEL ESTADO DE CAMPECHE\" >C\u00c9SAR CUAUHT\u00c9MOC S\u00c1NCHEZ CABRERA DIRECTOR GENERAL DE LO CONTENCIOSO DE LA CONSEJER\u00cdA JUR\u00cdDICA DEL PODER EJECUTIVO DEL ESTADO DE CAMPECHE, EN REPRESENTACI\u00d3N DE LA GOBERNADORA CONSTITUCIONAL DEL ESTADO DE CAMPECHE <\/td><td data-cell-id=\"C196\" data-x=\"2\" data-y=\"196\" data-db-index=\"196\" class=\"fsize-18\" data-cell-type=\"text\" data-original-value=\"TRIBUNAL ELECTORAL DEL ESTADO DE CAMPECHE\" data-order=\"TRIBUNAL ELECTORAL DEL ESTADO DE CAMPECHE\" >TRIBUNAL ELECTORAL DEL ESTADO DE CAMPECHE <\/td><td data-cell-id=\"D196\" data-x=\"3\" data-y=\"196\" data-db-index=\"196\" class=\"fsize-18\" data-cell-type=\"text\" data-original-value=\"&lt;a href=&quot;https:\/\/teec.org.mx\/web\/wp-content\/uploads\/2023\/09\/TEEC-RAP-23-2023-18-09-2023.pdf&quot; target=&quot;_blank&quot;&gt;TEEC\/RAP\/23\/2023 (TR\u00c1MITE DE MEDIO DE IMPUGNACI\u00d3N FEDERAL)&lt;\/a&gt;\" data-order=\"&lt;a href=&quot;https:\/\/teec.org.mx\/web\/wp-content\/uploads\/2023\/09\/TEEC-RAP-23-2023-18-09-2023.pdf&quot; target=&quot;_blank&quot;&gt;TEEC\/RAP\/23\/2023 (TR\u00c1MITE DE MEDIO DE IMPUGNACI\u00d3N FEDERAL)&lt;\/a&gt;\" ><a href=\"https:\/\/teec.org.mx\/web\/wp-content\/uploads\/2023\/09\/TEEC-RAP-23-2023-18-09-2023.pdf\" target=\"_blank\">TEEC\/RAP\/23\/2023 (TR\u00c1MITE DE MEDIO DE IMPUGNACI\u00d3N FEDERAL)<\/a><\/td><\/tr><tr style=\"height:px\" ><td data-cell-id=\"A197\" data-x=\"0\" data-y=\"197\" data-db-index=\"197\" class=\"fsize-18\" data-cell-type=\"text\" data-original-value=\"14 DE SEPTIEMBRE DE 2023, A LAS 10:46 HORAS\" data-order=\"14 DE SEPTIEMBRE DE 2023, A LAS 10:46 HORAS\" >14 DE SEPTIEMBRE DE 2023, A LAS 10:46 HORAS <\/td><td data-cell-id=\"B197\" data-x=\"1\" data-y=\"197\" data-db-index=\"197\" class=\"fsize-18\" data-cell-type=\"text\" data-original-value=\"PARTIDO ENCUENTRO SOLIDARIO, PARTIDO ACCI\u00d3N NACIONAL, PARTIDO REVOLUCIONARIO INSTITUCIONAL Y PARTIDO DE LA REVOLUCI\u00d3N DEMOCR\u00c1TICA\" data-order=\"PARTIDO ENCUENTRO SOLIDARIO, PARTIDO ACCI\u00d3N NACIONAL, PARTIDO REVOLUCIONARIO INSTITUCIONAL Y PARTIDO DE LA REVOLUCI\u00d3N DEMOCR\u00c1TICA\" >PARTIDO ENCUENTRO SOLIDARIO, PARTIDO ACCI\u00d3N NACIONAL, PARTIDO REVOLUCIONARIO INSTITUCIONAL Y PARTIDO DE LA REVOLUCI\u00d3N DEMOCR\u00c1TICA <\/td><td data-cell-id=\"C197\" data-x=\"2\" data-y=\"197\" data-db-index=\"197\" class=\"fsize-18\" data-cell-type=\"text\" data-original-value=\"CONSEJO GENERAL DEL INSTITUTO ELECTORAL DEL ESTADO DE CAMPECHE\" data-order=\"CONSEJO GENERAL DEL INSTITUTO ELECTORAL DEL ESTADO DE CAMPECHE\" >CONSEJO GENERAL DEL INSTITUTO ELECTORAL DEL ESTADO DE CAMPECHE <\/td><td data-cell-id=\"D197\" data-x=\"3\" data-y=\"197\" data-db-index=\"197\" class=\"fsize-18\" data-cell-type=\"text\" data-original-value=\"&lt;a href=&quot;https:\/\/teec.org.mx\/web\/wp-content\/uploads\/2023\/09\/TEEC-RAP-17-2023-y-acum-14-09-2023.pdf&quot; target=&quot;_blank&quot;&gt;TEEC\/RAP\/17\/2023 Y ACUMULADOS TEEC\/RAP\/18\/2023, TEEC\/RAP\/19\/2023 Y TEEC\/RAP\/20\/2023 (ACUERDO DE ADMISI\u00d3N)&lt;\/a&gt;\" data-order=\"&lt;a href=&quot;https:\/\/teec.org.mx\/web\/wp-content\/uploads\/2023\/09\/TEEC-RAP-17-2023-y-acum-14-09-2023.pdf&quot; target=&quot;_blank&quot;&gt;TEEC\/RAP\/17\/2023 Y ACUMULADOS TEEC\/RAP\/18\/2023, TEEC\/RAP\/19\/2023 Y TEEC\/RAP\/20\/2023 (ACUERDO DE ADMISI\u00d3N)&lt;\/a&gt;\" ><a href=\"https:\/\/teec.org.mx\/web\/wp-content\/uploads\/2023\/09\/TEEC-RAP-17-2023-y-acum-14-09-2023.pdf\" target=\"_blank\">TEEC\/RAP\/17\/2023 Y ACUMULADOS TEEC\/RAP\/18\/2023, TEEC\/RAP\/19\/2023 Y TEEC\/RAP\/20\/2023 (ACUERDO DE ADMISI\u00d3N)<\/a><\/td><\/tr><tr style=\"height:px\" ><td data-cell-id=\"A198\" data-x=\"0\" data-y=\"198\" data-db-index=\"198\" class=\"fsize-18\" data-cell-type=\"text\" data-original-value=\"14 DE SEPTIEMBRE DE 2023, A LAS 10:55 HORAS\" data-order=\"14 DE SEPTIEMBRE DE 2023, A LAS 10:55 HORAS\" >14 DE SEPTIEMBRE DE 2023, A LAS 10:55 HORAS <\/td><td data-cell-id=\"B198\" data-x=\"1\" data-y=\"198\" data-db-index=\"198\" class=\"fsize-18\" data-cell-type=\"text\" data-original-value=\"CESAR ISMAEL MART\u00cdN EHU\u00c1N, REPRESENTANTE PROPIETARIO DEL PARTIDO ACCI\u00d3N NACIONAL ANTE EL CONSEJO GENERAL DEL INSTITUTO ELECTORAL DEL ESTADO DE CAMPECHE Y PEDRO ESTRADA C\u00d3RDOVA\" data-order=\"CESAR ISMAEL MART\u00cdN EHU\u00c1N, REPRESENTANTE PROPIETARIO DEL PARTIDO ACCI\u00d3N NACIONAL ANTE EL CONSEJO GENERAL DEL INSTITUTO ELECTORAL DEL ESTADO DE CAMPECHE Y PEDRO ESTRADA C\u00d3RDOVA\" >CESAR ISMAEL MART\u00cdN EHU\u00c1N, REPRESENTANTE PROPIETARIO DEL PARTIDO ACCI\u00d3N NACIONAL ANTE EL CONSEJO GENERAL DEL INSTITUTO ELECTORAL DEL ESTADO DE CAMPECHE Y PEDRO ESTRADA C\u00d3RDOVA <\/td><td data-cell-id=\"C198\" data-x=\"2\" data-y=\"198\" data-db-index=\"198\" class=\"fsize-18\" data-cell-type=\"text\" data-original-value=\"CONSEJO GENERAL DEL INSTITUTO ELECTORAL DEL ESTADO DE CAMPECHE\" data-order=\"CONSEJO GENERAL DEL INSTITUTO ELECTORAL DEL ESTADO DE CAMPECHE\" >CONSEJO GENERAL DEL INSTITUTO ELECTORAL DEL ESTADO DE CAMPECHE <\/td><td data-cell-id=\"D198\" data-x=\"3\" data-y=\"198\" data-db-index=\"198\" class=\"fsize-18\" data-cell-type=\"text\" data-original-value=\"&lt;a href=&quot;https:\/\/teec.org.mx\/web\/wp-content\/uploads\/2023\/09\/TEEC-RAP-2-2023-y-acum-14-09-2023.pdf&quot; target=&quot;_blank&quot;&gt;TEEC\/RAP\/2\/2023 Y SU ACUMULADO TEEC\/RAP\/3\/2023 (SE TURNA DOCUMENTACI\u00d3N)&lt;\/a&gt;\" data-order=\"&lt;a href=&quot;https:\/\/teec.org.mx\/web\/wp-content\/uploads\/2023\/09\/TEEC-RAP-2-2023-y-acum-14-09-2023.pdf&quot; target=&quot;_blank&quot;&gt;TEEC\/RAP\/2\/2023 Y SU ACUMULADO TEEC\/RAP\/3\/2023 (SE TURNA DOCUMENTACI\u00d3N)&lt;\/a&gt;\" ><a href=\"https:\/\/teec.org.mx\/web\/wp-content\/uploads\/2023\/09\/TEEC-RAP-2-2023-y-acum-14-09-2023.pdf\" target=\"_blank\">TEEC\/RAP\/2\/2023 Y SU ACUMULADO TEEC\/RAP\/3\/2023 (SE TURNA DOCUMENTACI\u00d3N)<\/a><\/td><\/tr><tr style=\"height:px\" ><td data-cell-id=\"A199\" data-x=\"0\" data-y=\"199\" data-db-index=\"199\" class=\"fsize-18\" data-cell-type=\"text\" data-original-value=\"12 DE SEPTIEMBRE DE 2023, A LAS 13:43 HORAS\" data-order=\"12 DE SEPTIEMBRE DE 2023, A LAS 13:43 HORAS\" >12 DE SEPTIEMBRE DE 2023, A LAS 13:43 HORAS <\/td><td data-cell-id=\"B199\" data-x=\"1\" data-y=\"199\" data-db-index=\"199\" class=\"fsize-18\" data-cell-type=\"text\" data-original-value=\"C\u00c9SAR ISMAEL MART\u00cdN EHU\u00c1N, JUAN GUALBERTO ALONZO REBOLLEDO, MAR\u00cdA DEL CARMEN P\u00c9REZ L\u00d3PEZ, PEDRO ESTRADA C\u00d3RDOVA Y ERGI DANIEL PE\u00d1A MACIEL, QUIENES SE OSTENTA COMO REPRESENTANTES PPROPIETARIOS DE LOS PARTIDOS POL\u00cdTICOS ACCI\u00d3N NACIONAL, REVOLUCIONARIO INSTITUCIONAL, DE LA REVOLUCI\u00d3N DEMOCR\u00c1TICA, MOVIMIENTO CIUDADANO Y ENCUENTRO SOLIDARIO, RESPECTIVAMENTE, ANTE EL CONSEJO GENERAL DEL INSTITUTO ELECTORAL DEL ESTADO DE CAMPECHE\" data-order=\"C\u00c9SAR ISMAEL MART\u00cdN EHU\u00c1N, JUAN GUALBERTO ALONZO REBOLLEDO, MAR\u00cdA DEL CARMEN P\u00c9REZ L\u00d3PEZ, PEDRO ESTRADA C\u00d3RDOVA Y ERGI DANIEL PE\u00d1A MACIEL, QUIENES SE OSTENTA COMO REPRESENTANTES PPROPIETARIOS DE LOS PARTIDOS POL\u00cdTICOS ACCI\u00d3N NACIONAL, REVOLUCIONARIO INSTITUCIONAL, DE LA REVOLUCI\u00d3N DEMOCR\u00c1TICA, MOVIMIENTO CIUDADANO Y ENCUENTRO SOLIDARIO, RESPECTIVAMENTE, ANTE EL CONSEJO GENERAL DEL INSTITUTO ELECTORAL DEL ESTADO DE CAMPECHE\" >C\u00c9SAR ISMAEL MART\u00cdN EHU\u00c1N, JUAN GUALBERTO ALONZO REBOLLEDO, MAR\u00cdA DEL CARMEN P\u00c9REZ L\u00d3PEZ, PEDRO ESTRADA C\u00d3RDOVA Y ERGI DANIEL PE\u00d1A MACIEL, QUIENES SE OSTENTA COMO REPRESENTANTES PPROPIETARIOS DE LOS PARTIDOS POL\u00cdTICOS ACCI\u00d3N NACIONAL, REVOLUCIONARIO INSTITUCIONAL, DE LA REVOLUCI\u00d3N DEMOCR\u00c1TICA, MOVIMIENTO CIUDADANO Y ENCUENTRO SOLIDARIO, RESPECTIVAMENTE, ANTE EL CONSEJO GENERAL DEL INSTITUTO ELECTORAL DEL ESTADO DE CAMPECHE <\/td><td data-cell-id=\"C199\" data-x=\"2\" data-y=\"199\" data-db-index=\"199\" class=\"fsize-18\" data-cell-type=\"text\" data-original-value=\"CONSEJO GENERAL DEL INSTITUTO ELECTORAL DEL ESTADO DE CAMPECHE\" data-order=\"CONSEJO GENERAL DEL INSTITUTO ELECTORAL DEL ESTADO DE CAMPECHE\" >CONSEJO GENERAL DEL INSTITUTO ELECTORAL DEL ESTADO DE CAMPECHE <\/td><td data-cell-id=\"D199\" data-x=\"3\" data-y=\"199\" data-db-index=\"199\" class=\"fsize-18\" data-cell-type=\"text\" data-original-value=\"&lt;a href=&quot;https:\/\/teec.org.mx\/web\/wp-content\/uploads\/2023\/09\/TEEC-RAP-9-2023-y-acum-12-09-2023.pdf&quot; target=&quot;_blank&quot;&gt;TEEC\/RAP\/9\/2023, TEEC\/RAP\/10\/2023, TEEC\/RAP\/11\/2023, TEEC\/RAP\/12\/2023 Y TEEC\/RAP\/13\/2023 (ACUERDO DE ADMISI\u00d3N Y SOLICITUD DE COPIAS CERTIFICADAS)&lt;\/a&gt;\" data-order=\"&lt;a href=&quot;https:\/\/teec.org.mx\/web\/wp-content\/uploads\/2023\/09\/TEEC-RAP-9-2023-y-acum-12-09-2023.pdf&quot; target=&quot;_blank&quot;&gt;TEEC\/RAP\/9\/2023, TEEC\/RAP\/10\/2023, TEEC\/RAP\/11\/2023, TEEC\/RAP\/12\/2023 Y TEEC\/RAP\/13\/2023 (ACUERDO DE ADMISI\u00d3N Y SOLICITUD DE COPIAS CERTIFICADAS)&lt;\/a&gt;\" ><a href=\"https:\/\/teec.org.mx\/web\/wp-content\/uploads\/2023\/09\/TEEC-RAP-9-2023-y-acum-12-09-2023.pdf\" target=\"_blank\">TEEC\/RAP\/9\/2023, TEEC\/RAP\/10\/2023, TEEC\/RAP\/11\/2023, TEEC\/RAP\/12\/2023 Y TEEC\/RAP\/13\/2023 (ACUERDO DE ADMISI\u00d3N Y SOLICITUD DE COPIAS CERTIFICADAS)<\/a><\/td><\/tr><tr style=\"height:px\" ><td data-cell-id=\"A200\" data-x=\"0\" data-y=\"200\" data-db-index=\"200\" class=\"fsize-18\" data-cell-type=\"text\" data-original-value=\"12 DE SEPTIEMBRE DE 2023, A LAS 11:15 HORAS\" data-order=\"12 DE SEPTIEMBRE DE 2023, A LAS 11:15 HORAS\" >12 DE SEPTIEMBRE DE 2023, A LAS 11:15 HORAS <\/td><td data-cell-id=\"B200\" data-x=\"1\" data-y=\"200\" data-db-index=\"200\" class=\"fsize-18\" data-cell-type=\"text\" data-original-value=\"PEDRO ESTRADA C\u00d3RDOVA, REPRESENTANTE PROPIETARIO DEL PARTIDO MOVIMIENTO CIUDADANO ANTE EL CONSEJO GENERAL DEL INSTITUTO ELECTORAL DEL ESTADO DE CAMPECHE\" data-order=\"PEDRO ESTRADA C\u00d3RDOVA, REPRESENTANTE PROPIETARIO DEL PARTIDO MOVIMIENTO CIUDADANO ANTE EL CONSEJO GENERAL DEL INSTITUTO ELECTORAL DEL ESTADO DE CAMPECHE\" >PEDRO ESTRADA C\u00d3RDOVA, REPRESENTANTE PROPIETARIO DEL PARTIDO MOVIMIENTO CIUDADANO ANTE EL CONSEJO GENERAL DEL INSTITUTO ELECTORAL DEL ESTADO DE CAMPECHE <\/td><td data-cell-id=\"C200\" data-x=\"2\" data-y=\"200\" data-db-index=\"200\" class=\"fsize-18\" data-cell-type=\"text\" data-original-value=\"CONSEJO GENERAL DEL INSTITUTO ELECTORAL DEL ESTADO DE CAMPECHE\" data-order=\"CONSEJO GENERAL DEL INSTITUTO ELECTORAL DEL ESTADO DE CAMPECHE\" >CONSEJO GENERAL DEL INSTITUTO ELECTORAL DEL ESTADO DE CAMPECHE <\/td><td data-cell-id=\"D200\" data-x=\"3\" data-y=\"200\" data-db-index=\"200\" class=\"fsize-18\" data-cell-type=\"text\" data-original-value=\"&lt;a href=&quot;https:\/\/teec.org.mx\/web\/wp-content\/uploads\/2023\/09\/TEEC-RAP-15-2023-diligencia-12-09-2023.pdf&quot; target=&quot;_blank&quot;&gt;TEEC\/RAP\/15\/2023 (DESAHOGO DE DILIGENCIA DE INSPECCI\u00d3N)&lt;\/a&gt;\" data-order=\"&lt;a href=&quot;https:\/\/teec.org.mx\/web\/wp-content\/uploads\/2023\/09\/TEEC-RAP-15-2023-diligencia-12-09-2023.pdf&quot; target=&quot;_blank&quot;&gt;TEEC\/RAP\/15\/2023 (DESAHOGO DE DILIGENCIA DE INSPECCI\u00d3N)&lt;\/a&gt;\" ><a href=\"https:\/\/teec.org.mx\/web\/wp-content\/uploads\/2023\/09\/TEEC-RAP-15-2023-diligencia-12-09-2023.pdf\" target=\"_blank\">TEEC\/RAP\/15\/2023 (DESAHOGO DE DILIGENCIA DE INSPECCI\u00d3N)<\/a><\/td><\/tr><tr style=\"height:px\" ><td data-cell-id=\"A201\" data-x=\"0\" data-y=\"201\" data-db-index=\"201\" class=\"fsize-18\" data-cell-type=\"text\" data-original-value=\"08 DE SEPTIEMBRE DE 2023, A LAS 14:32 HORAS\" data-order=\"08 DE SEPTIEMBRE DE 2023, A LAS 14:32 HORAS\" >08 DE SEPTIEMBRE DE 2023, A LAS 14:32 HORAS <\/td><td data-cell-id=\"B201\" data-x=\"1\" data-y=\"201\" data-db-index=\"201\" class=\"fsize-18\" data-cell-type=\"text\" data-original-value=\"JOSE CLEMENTE MARRERO ORTIZ, EN CALIDAD DE APODERADO LEGAL DE RAFAEL ALEJANDRO MORENO C\u00c1RDENAS Y JUAN GUALBERTO ALONZO REBOLLEDO, EN SU CAR\u00c1CTER DE REPRESENTANTE PROPIETARIO DEL PARTIDO REVOLUCIONARIO INSTITUCIONAL ANTE EL CONSEJO GENERAL DEL INSTITUTO ELECTORAL DEL ESTADO DE CAMPECHE\" data-order=\"JOSE CLEMENTE MARRERO ORTIZ, EN CALIDAD DE APODERADO LEGAL DE RAFAEL ALEJANDRO MORENO C\u00c1RDENAS Y JUAN GUALBERTO ALONZO REBOLLEDO, EN SU CAR\u00c1CTER DE REPRESENTANTE PROPIETARIO DEL PARTIDO REVOLUCIONARIO INSTITUCIONAL ANTE EL CONSEJO GENERAL DEL INSTITUTO ELECTORAL DEL ESTADO DE CAMPECHE\" >JOSE CLEMENTE MARRERO ORTIZ, EN CALIDAD DE APODERADO LEGAL DE RAFAEL ALEJANDRO MORENO C\u00c1RDENAS Y JUAN GUALBERTO ALONZO REBOLLEDO, EN SU CAR\u00c1CTER DE REPRESENTANTE PROPIETARIO DEL PARTIDO REVOLUCIONARIO INSTITUCIONAL ANTE EL CONSEJO GENERAL DEL INSTITUTO ELECTORAL DEL ESTADO DE CAMPECHE <\/td><td data-cell-id=\"C201\" data-x=\"2\" data-y=\"201\" data-db-index=\"201\" class=\"fsize-18\" data-cell-type=\"text\" data-original-value=\"JUNTA GENERAL EJECUTIVA DEL INSTITUTO ELECTORAL DEL ESTADO DE CAMPECHE\" data-order=\"JUNTA GENERAL EJECUTIVA DEL INSTITUTO ELECTORAL DEL ESTADO DE CAMPECHE\" >JUNTA GENERAL EJECUTIVA DEL INSTITUTO ELECTORAL DEL ESTADO DE CAMPECHE <\/td><td data-cell-id=\"D201\" data-x=\"3\" data-y=\"201\" data-db-index=\"201\" class=\"fsize-18\" data-cell-type=\"text\" data-original-value=\"&lt;a href=&quot;https:\/\/teec.org.mx\/web\/wp-content\/uploads\/2023\/09\/TEEC-RAP-23-2023-08-09-2023.pdf&quot; target=&quot;_blank&quot;&gt;TEEC\/RAP\/23\/2023 (ACUERDO DE RECEPCI\u00d3N, RADICACI\u00d3N Y SE RESERVA LA ADMISI\u00d3N)&lt;\/a&gt;\" data-order=\"&lt;a href=&quot;https:\/\/teec.org.mx\/web\/wp-content\/uploads\/2023\/09\/TEEC-RAP-23-2023-08-09-2023.pdf&quot; target=&quot;_blank&quot;&gt;TEEC\/RAP\/23\/2023 (ACUERDO DE RECEPCI\u00d3N, RADICACI\u00d3N Y SE RESERVA LA ADMISI\u00d3N)&lt;\/a&gt;\" ><a href=\"https:\/\/teec.org.mx\/web\/wp-content\/uploads\/2023\/09\/TEEC-RAP-23-2023-08-09-2023.pdf\" target=\"_blank\">TEEC\/RAP\/23\/2023 (ACUERDO DE RECEPCI\u00d3N, RADICACI\u00d3N Y SE RESERVA LA ADMISI\u00d3N)<\/a><\/td><\/tr><tr style=\"height:px\" ><td data-cell-id=\"A202\" data-x=\"0\" data-y=\"202\" data-db-index=\"202\" class=\"fsize-18\" data-cell-type=\"text\" data-original-value=\"07 DE SEPTIEMBRE DE 2023, A LAS 13:14 HORAS\" data-order=\"07 DE SEPTIEMBRE DE 2023, A LAS 13:14 HORAS\" >07 DE SEPTIEMBRE DE 2023, A LAS 13:14 HORAS <\/td><td data-cell-id=\"B202\" data-x=\"1\" data-y=\"202\" data-db-index=\"202\" class=\"fsize-18\" data-cell-type=\"text\" data-original-value=\"PARTIDO ENCUENTRO SOLIDARIO CAMPECHE\" data-order=\"PARTIDO ENCUENTRO SOLIDARIO CAMPECHE\" >PARTIDO ENCUENTRO SOLIDARIO CAMPECHE <\/td><td data-cell-id=\"C202\" data-x=\"2\" data-y=\"202\" data-db-index=\"202\" class=\"fsize-18\" data-cell-type=\"text\" data-original-value=\"CONSEJO GENERAL DEL INSTITUTO ELECTORAL DEL ESTADO DE CAMPECHE\" data-order=\"CONSEJO GENERAL DEL INSTITUTO ELECTORAL DEL ESTADO DE CAMPECHE\" >CONSEJO GENERAL DEL INSTITUTO ELECTORAL DEL ESTADO DE CAMPECHE <\/td><td data-cell-id=\"D202\" data-x=\"3\" data-y=\"202\" data-db-index=\"202\" class=\"fsize-18\" data-cell-type=\"text\" data-original-value=\"&lt;a href=&quot;https:\/\/teec.org.mx\/web\/wp-content\/uploads\/2023\/09\/TEEC-RAP-17-2023-y-acum.-07-09-2023.pdf&quot; target=&quot;_blank&quot;&gt;TEEC\/RAP\/17\/2023 Y SUS ACUMULADOS TEEC\/RAP\/18\/2023, TEEC\/RAP\/19\/2023 Y TEEC\/RAP\/20\/2023 (TURNO)&lt;\/a&gt;\" data-order=\"&lt;a href=&quot;https:\/\/teec.org.mx\/web\/wp-content\/uploads\/2023\/09\/TEEC-RAP-17-2023-y-acum.-07-09-2023.pdf&quot; target=&quot;_blank&quot;&gt;TEEC\/RAP\/17\/2023 Y SUS ACUMULADOS TEEC\/RAP\/18\/2023, TEEC\/RAP\/19\/2023 Y TEEC\/RAP\/20\/2023 (TURNO)&lt;\/a&gt;\" ><a href=\"https:\/\/teec.org.mx\/web\/wp-content\/uploads\/2023\/09\/TEEC-RAP-17-2023-y-acum.-07-09-2023.pdf\" target=\"_blank\">TEEC\/RAP\/17\/2023 Y SUS ACUMULADOS TEEC\/RAP\/18\/2023, TEEC\/RAP\/19\/2023 Y TEEC\/RAP\/20\/2023 (TURNO)<\/a><\/td><\/tr><tr style=\"height:px\" ><td data-cell-id=\"A203\" data-x=\"0\" data-y=\"203\" data-db-index=\"203\" class=\"fsize-18\" data-cell-type=\"text\" data-original-value=\"07 DE SEPTIEMBRE DE 2023, A LAS 12:40 HORAS\" data-order=\"07 DE SEPTIEMBRE DE 2023, A LAS 12:40 HORAS\" >07 DE SEPTIEMBRE DE 2023, A LAS 12:40 HORAS <\/td><td data-cell-id=\"B203\" data-x=\"1\" data-y=\"203\" data-db-index=\"203\" class=\"fsize-18\" data-cell-type=\"text\" data-original-value=\"C\u00c9SAR ISMAEL MART\u00cdN EHU\u00c1N, REPRESENTANTE PROPIETARIO DEL PARTIDO ACCI\u00d3N NACIONAL ANTE EL CONSEJO GENERAL DEL INSTITUTO ELECTORAL DEL ESTADO DE CAMPECHE\" data-order=\"C\u00c9SAR ISMAEL MART\u00cdN EHU\u00c1N, REPRESENTANTE PROPIETARIO DEL PARTIDO ACCI\u00d3N NACIONAL ANTE EL CONSEJO GENERAL DEL INSTITUTO ELECTORAL DEL ESTADO DE CAMPECHE\" >C\u00c9SAR ISMAEL MART\u00cdN EHU\u00c1N, REPRESENTANTE PROPIETARIO DEL PARTIDO ACCI\u00d3N NACIONAL ANTE EL CONSEJO GENERAL DEL INSTITUTO ELECTORAL DEL ESTADO DE CAMPECHE <\/td><td data-cell-id=\"C203\" data-x=\"2\" data-y=\"203\" data-db-index=\"203\" class=\"fsize-18\" data-cell-type=\"text\" data-original-value=\"CONSEJO GENERAL DEL INSTITUTO ELECTORAL DEL ESTADO DE CAMPECHE\" data-order=\"CONSEJO GENERAL DEL INSTITUTO ELECTORAL DEL ESTADO DE CAMPECHE\" >CONSEJO GENERAL DEL INSTITUTO ELECTORAL DEL ESTADO DE CAMPECHE <\/td><td data-cell-id=\"D203\" data-x=\"3\" data-y=\"203\" data-db-index=\"203\" class=\"fsize-18\" data-cell-type=\"text\" data-original-value=\"&lt;a href=&quot;https:\/\/teec.org.mx\/web\/wp-content\/uploads\/2023\/09\/TEEC-RAP-16-2023-07-09-2023.pdf&quot; target=&quot;_blank&quot;&gt;TEEC\/RAP\/16\/2023 (ACUERDO DE ADMISI\u00d3N)&lt;\/a&gt;\" data-order=\"&lt;a href=&quot;https:\/\/teec.org.mx\/web\/wp-content\/uploads\/2023\/09\/TEEC-RAP-16-2023-07-09-2023.pdf&quot; target=&quot;_blank&quot;&gt;TEEC\/RAP\/16\/2023 (ACUERDO DE ADMISI\u00d3N)&lt;\/a&gt;\" ><a href=\"https:\/\/teec.org.mx\/web\/wp-content\/uploads\/2023\/09\/TEEC-RAP-16-2023-07-09-2023.pdf\" target=\"_blank\">TEEC\/RAP\/16\/2023 (ACUERDO DE ADMISI\u00d3N)<\/a><\/td><\/tr><tr style=\"height:px\" ><td data-cell-id=\"A204\" data-x=\"0\" data-y=\"204\" data-db-index=\"204\" class=\"fsize-18\" data-cell-type=\"text\" data-original-value=\"07 DE SEPTIEMBRE DE 2023, A LAS 12:11 HORAS\" data-order=\"07 DE SEPTIEMBRE DE 2023, A LAS 12:11 HORAS\" >07 DE SEPTIEMBRE DE 2023, A LAS 12:11 HORAS <\/td><td data-cell-id=\"B204\" data-x=\"1\" data-y=\"204\" data-db-index=\"204\" class=\"fsize-18\" data-cell-type=\"text\" data-original-value=\"PEDRO ESTRADA C\u00d3RDOVA, REPRESENTANTE PROPIETARIO DEL PARTIDO MOVIMIENTO CIUDADANO ANTE EL CONSEJO GENERAL DEL INSTITUTO ELECTORAL DEL ESTADO DE CAMPECHE\" data-order=\"PEDRO ESTRADA C\u00d3RDOVA, REPRESENTANTE PROPIETARIO DEL PARTIDO MOVIMIENTO CIUDADANO ANTE EL CONSEJO GENERAL DEL INSTITUTO ELECTORAL DEL ESTADO DE CAMPECHE\" >PEDRO ESTRADA C\u00d3RDOVA, REPRESENTANTE PROPIETARIO DEL PARTIDO MOVIMIENTO CIUDADANO ANTE EL CONSEJO GENERAL DEL INSTITUTO ELECTORAL DEL ESTADO DE CAMPECHE <\/td><td data-cell-id=\"C204\" data-x=\"2\" data-y=\"204\" data-db-index=\"204\" class=\"fsize-18\" data-cell-type=\"text\" data-original-value=\"CONSEJO GENERAL DEL INSTITUTO ELECTORAL DEL ESTADO DE CAMPECHE\" data-order=\"CONSEJO GENERAL DEL INSTITUTO ELECTORAL DEL ESTADO DE CAMPECHE\" >CONSEJO GENERAL DEL INSTITUTO ELECTORAL DEL ESTADO DE CAMPECHE <\/td><td data-cell-id=\"D204\" data-x=\"3\" data-y=\"204\" data-db-index=\"204\" class=\"fsize-18\" data-cell-type=\"text\" data-original-value=\"&lt;a href=&quot;https:\/\/teec.org.mx\/web\/wp-content\/uploads\/2023\/09\/TEEC-RAP-15-2023-07-09-2023.pdf&quot; target=&quot;_blank&quot;&gt;TEEC\/RAP\/15\/2023 (ACUERDO DE ADMISI\u00d3N)&lt;\/a&gt;\" data-order=\"&lt;a href=&quot;https:\/\/teec.org.mx\/web\/wp-content\/uploads\/2023\/09\/TEEC-RAP-15-2023-07-09-2023.pdf&quot; target=&quot;_blank&quot;&gt;TEEC\/RAP\/15\/2023 (ACUERDO DE ADMISI\u00d3N)&lt;\/a&gt;\" ><a href=\"https:\/\/teec.org.mx\/web\/wp-content\/uploads\/2023\/09\/TEEC-RAP-15-2023-07-09-2023.pdf\" target=\"_blank\">TEEC\/RAP\/15\/2023 (ACUERDO DE ADMISI\u00d3N)<\/a><\/td><\/tr><tr style=\"height:px\" ><td data-cell-id=\"A205\" data-x=\"0\" data-y=\"205\" data-db-index=\"205\" class=\"fsize-18\" data-cell-type=\"text\" data-original-value=\"07 DE SEPTIEMBRE DE 2023, A LAS 12:05 HORAS\" data-order=\"07 DE SEPTIEMBRE DE 2023, A LAS 12:05 HORAS\" >07 DE SEPTIEMBRE DE 2023, A LAS 12:05 HORAS <\/td><td data-cell-id=\"B205\" data-x=\"1\" data-y=\"205\" data-db-index=\"205\" class=\"fsize-18\" data-cell-type=\"text\" data-original-value=\"JOS\u00c9 CLEMENTE MARRERO ORTIZ Y JUAN GUALBERTO ALONZO REBOLLEDO EN CALIDAD DE APODERADOS LEGALES DE RAFAEL ALEJANDRO MORENO C\u00c1RDENAS\" data-order=\"JOS\u00c9 CLEMENTE MARRERO ORTIZ Y JUAN GUALBERTO ALONZO REBOLLEDO EN CALIDAD DE APODERADOS LEGALES DE RAFAEL ALEJANDRO MORENO C\u00c1RDENAS\" >JOS\u00c9 CLEMENTE MARRERO ORTIZ Y JUAN GUALBERTO ALONZO REBOLLEDO EN CALIDAD DE APODERADOS LEGALES DE RAFAEL ALEJANDRO MORENO C\u00c1RDENAS <\/td><td data-cell-id=\"C205\" data-x=\"2\" data-y=\"205\" data-db-index=\"205\" class=\"fsize-18\" data-cell-type=\"text\" data-original-value=\"JUNTA GENERAL EJECUTIVA DEL INSTITUTO ELECTORAL DEL ESTADO DE CAMPECHE\" data-order=\"JUNTA GENERAL EJECUTIVA DEL INSTITUTO ELECTORAL DEL ESTADO DE CAMPECHE\" >JUNTA GENERAL EJECUTIVA DEL INSTITUTO ELECTORAL DEL ESTADO DE CAMPECHE <\/td><td data-cell-id=\"D205\" data-x=\"3\" data-y=\"205\" data-db-index=\"205\" class=\"fsize-18\" data-cell-type=\"text\" data-original-value=\"&lt;a href=&quot;https:\/\/teec.org.mx\/web\/wp-content\/uploads\/2023\/09\/TEEC-RAP-23-2023-07-09-2023.pdf&quot; target=&quot;_blank&quot;&gt;TEEC\/RAP\/23\/2023 (ACUERDO DE TURNO)&lt;\/a&gt;\" data-order=\"&lt;a href=&quot;https:\/\/teec.org.mx\/web\/wp-content\/uploads\/2023\/09\/TEEC-RAP-23-2023-07-09-2023.pdf&quot; target=&quot;_blank&quot;&gt;TEEC\/RAP\/23\/2023 (ACUERDO DE TURNO)&lt;\/a&gt;\" ><a href=\"https:\/\/teec.org.mx\/web\/wp-content\/uploads\/2023\/09\/TEEC-RAP-23-2023-07-09-2023.pdf\" target=\"_blank\">TEEC\/RAP\/23\/2023 (ACUERDO DE TURNO)<\/a><\/td><\/tr><tr style=\"height:px\" ><td data-cell-id=\"A206\" data-x=\"0\" data-y=\"206\" data-db-index=\"206\" class=\"fsize-18\" data-cell-type=\"text\" data-original-value=\"07 DE SEPTIEMBRE DE 2023, A LAS 11:25 HORAS\" data-order=\"07 DE SEPTIEMBRE DE 2023, A LAS 11:25 HORAS\" >07 DE SEPTIEMBRE DE 2023, A LAS 11:25 HORAS <\/td><td data-cell-id=\"B206\" data-x=\"1\" data-y=\"206\" data-db-index=\"206\" class=\"fsize-18\" data-cell-type=\"text\" data-original-value=\"JUAN GUALBERTO ALONZO REBOLLEDO, REPRESENTANTE PROPIETARIO DEL PARTIDO REVOLUCIONARIO INSTITUCIONAL ANTE EL CONSEJO GENERAL DEL INSTITUTO ELECTORAL DEL ESTADO DE CAMPECHE\" data-order=\"JUAN GUALBERTO ALONZO REBOLLEDO, REPRESENTANTE PROPIETARIO DEL PARTIDO REVOLUCIONARIO INSTITUCIONAL ANTE EL CONSEJO GENERAL DEL INSTITUTO ELECTORAL DEL ESTADO DE CAMPECHE\" >JUAN GUALBERTO ALONZO REBOLLEDO, REPRESENTANTE PROPIETARIO DEL PARTIDO REVOLUCIONARIO INSTITUCIONAL ANTE EL CONSEJO GENERAL DEL INSTITUTO ELECTORAL DEL ESTADO DE CAMPECHE <\/td><td data-cell-id=\"C206\" data-x=\"2\" data-y=\"206\" data-db-index=\"206\" class=\"fsize-18\" data-cell-type=\"text\" data-original-value=\"CONSEJO GENERAL DEL INSTITUTO ELECTORAL DEL ESTADO DE CAMPECHE\" data-order=\"CONSEJO GENERAL DEL INSTITUTO ELECTORAL DEL ESTADO DE CAMPECHE\" >CONSEJO GENERAL DEL INSTITUTO ELECTORAL DEL ESTADO DE CAMPECHE <\/td><td data-cell-id=\"D206\" data-x=\"3\" data-y=\"206\" data-db-index=\"206\" class=\"fsize-18\" data-cell-type=\"text\" data-original-value=\"&lt;a href=&quot;https:\/\/teec.org.mx\/web\/wp-content\/uploads\/2023\/09\/TEEC-RAP-14-2023-07-09-2023.pdf&quot; target=&quot;_blank&quot;&gt;TEEC\/RAP\/14\/2023 (ACUERDO DE ADMISI\u00d3N)&lt;\/a&gt;\" data-order=\"&lt;a href=&quot;https:\/\/teec.org.mx\/web\/wp-content\/uploads\/2023\/09\/TEEC-RAP-14-2023-07-09-2023.pdf&quot; target=&quot;_blank&quot;&gt;TEEC\/RAP\/14\/2023 (ACUERDO DE ADMISI\u00d3N)&lt;\/a&gt;\" ><a href=\"https:\/\/teec.org.mx\/web\/wp-content\/uploads\/2023\/09\/TEEC-RAP-14-2023-07-09-2023.pdf\" target=\"_blank\">TEEC\/RAP\/14\/2023 (ACUERDO DE ADMISI\u00d3N)<\/a><\/td><\/tr><tr style=\"height:px\" ><td data-cell-id=\"A207\" data-x=\"0\" data-y=\"207\" data-db-index=\"207\" class=\"fsize-18\" data-cell-type=\"text\" data-original-value=\"05 DE SEPTIEMBRE DE 2023, A LAS 12:20 HORAS\" data-order=\"05 DE SEPTIEMBRE DE 2023, A LAS 12:20 HORAS\" >05 DE SEPTIEMBRE DE 2023, A LAS 12:20 HORAS <\/td><td data-cell-id=\"B207\" data-x=\"1\" data-y=\"207\" data-db-index=\"207\" class=\"fsize-18\" data-cell-type=\"text\" data-original-value=\"PARTIDO ENCUENTRO SOLIDARIO, PARTIDO ACCI\u00d3N NACIONAL, PARTIDO REVOLUCIONARIO INSTITUCIONAL Y PARTIDO DE LA REVOLUCI\u00d3N DEMOCR\u00c1TICA\" data-order=\"PARTIDO ENCUENTRO SOLIDARIO, PARTIDO ACCI\u00d3N NACIONAL, PARTIDO REVOLUCIONARIO INSTITUCIONAL Y PARTIDO DE LA REVOLUCI\u00d3N DEMOCR\u00c1TICA\" >PARTIDO ENCUENTRO SOLIDARIO, PARTIDO ACCI\u00d3N NACIONAL, PARTIDO REVOLUCIONARIO INSTITUCIONAL Y PARTIDO DE LA REVOLUCI\u00d3N DEMOCR\u00c1TICA <\/td><td data-cell-id=\"C207\" data-x=\"2\" data-y=\"207\" data-db-index=\"207\" class=\"fsize-18\" data-cell-type=\"text\" data-original-value=\"CONSEJO GENERAL DEL INSTITUTO ELECTORAL DEL ESTADO DE CAMPECHE\" data-order=\"CONSEJO GENERAL DEL INSTITUTO ELECTORAL DEL ESTADO DE CAMPECHE\" >CONSEJO GENERAL DEL INSTITUTO ELECTORAL DEL ESTADO DE CAMPECHE <\/td><td data-cell-id=\"D207\" data-x=\"3\" data-y=\"207\" data-db-index=\"207\" class=\"fsize-18\" data-cell-type=\"text\" data-original-value=\"&lt;a href=&quot;https:\/\/teec.org.mx\/web\/wp-content\/uploads\/2023\/09\/TEEC-RAP-17-2023-y-acum.-Acuerdo-Plenario-05-09-2023.pdf&quot; target=&quot;_blank&quot;&gt;TEEC\/RAP\/17\/2023, TEEC\/RAP\/18\/2023, TEEC\/RAP\/19\/2023 Y TEEC\/RAP\/20\/2023 (ACUERDO PLENARIO DE ACUMULACI\u00d3N)&lt;\/a&gt;\" data-order=\"&lt;a href=&quot;https:\/\/teec.org.mx\/web\/wp-content\/uploads\/2023\/09\/TEEC-RAP-17-2023-y-acum.-Acuerdo-Plenario-05-09-2023.pdf&quot; target=&quot;_blank&quot;&gt;TEEC\/RAP\/17\/2023, TEEC\/RAP\/18\/2023, TEEC\/RAP\/19\/2023 Y TEEC\/RAP\/20\/2023 (ACUERDO PLENARIO DE ACUMULACI\u00d3N)&lt;\/a&gt;\" ><a href=\"https:\/\/teec.org.mx\/web\/wp-content\/uploads\/2023\/09\/TEEC-RAP-17-2023-y-acum.-Acuerdo-Plenario-05-09-2023.pdf\" target=\"_blank\">TEEC\/RAP\/17\/2023, TEEC\/RAP\/18\/2023, TEEC\/RAP\/19\/2023 Y TEEC\/RAP\/20\/2023 (ACUERDO PLENARIO DE ACUMULACI\u00d3N)<\/a><\/td><\/tr><tr style=\"height:px\" ><td data-cell-id=\"A208\" data-x=\"0\" data-y=\"208\" data-db-index=\"208\" class=\"fsize-18\" data-cell-type=\"text\" data-original-value=\"05 DE SEPTIEMBRE DE 2023, A LAS 12:00 HORAS\" data-order=\"05 DE SEPTIEMBRE DE 2023, A LAS 12:00 HORAS\" >05 DE SEPTIEMBRE DE 2023, A LAS 12:00 HORAS <\/td><td data-cell-id=\"B208\" data-x=\"1\" data-y=\"208\" data-db-index=\"208\" class=\"fsize-18\" data-cell-type=\"text\" data-original-value=\"C\u00c9SAR ISMAEL MART\u00cdN EHU\u00c1N, JUAN GUALBERTO ALONZO REBOLLEDO, MAR\u00cdA DEL CARMEN P\u00c9REZ L\u00d3PEZ, PEDRO ESTRADA C\u00d3RDOVA Y ERGI DANIEL PE\u00d1A MACIEL, QUIENES SE OSTENTA COMO REPRESENTANTES PPROPIETARIOS DE LOS PARTIDOS POL\u00cdTICOS ACCI\u00d3N NACIONAL, REVOLUCIONARIO INSTITUCIONAL, DE LA REVOLUCI\u00d3N DEMOCR\u00c1TICA, MOVIMIENTO CIUDADANO Y ENCUENTRO SOLIDARIO, RESPECTIVAMENTE, ANTE EL CONSEJO GENERAL DEL INSTITUTO ELECTORAL DEL ESTADO DE CAMPECHE\" data-order=\"C\u00c9SAR ISMAEL MART\u00cdN EHU\u00c1N, JUAN GUALBERTO ALONZO REBOLLEDO, MAR\u00cdA DEL CARMEN P\u00c9REZ L\u00d3PEZ, PEDRO ESTRADA C\u00d3RDOVA Y ERGI DANIEL PE\u00d1A MACIEL, QUIENES SE OSTENTA COMO REPRESENTANTES PPROPIETARIOS DE LOS PARTIDOS POL\u00cdTICOS ACCI\u00d3N NACIONAL, REVOLUCIONARIO INSTITUCIONAL, DE LA REVOLUCI\u00d3N DEMOCR\u00c1TICA, MOVIMIENTO CIUDADANO Y ENCUENTRO SOLIDARIO, RESPECTIVAMENTE, ANTE EL CONSEJO GENERAL DEL INSTITUTO ELECTORAL DEL ESTADO DE CAMPECHE\" >C\u00c9SAR ISMAEL MART\u00cdN EHU\u00c1N, JUAN GUALBERTO ALONZO REBOLLEDO, MAR\u00cdA DEL CARMEN P\u00c9REZ L\u00d3PEZ, PEDRO ESTRADA C\u00d3RDOVA Y ERGI DANIEL PE\u00d1A MACIEL, QUIENES SE OSTENTA COMO REPRESENTANTES PPROPIETARIOS DE LOS PARTIDOS POL\u00cdTICOS ACCI\u00d3N NACIONAL, REVOLUCIONARIO INSTITUCIONAL, DE LA REVOLUCI\u00d3N DEMOCR\u00c1TICA, MOVIMIENTO CIUDADANO Y ENCUENTRO SOLIDARIO, RESPECTIVAMENTE, ANTE EL CONSEJO GENERAL DEL INSTITUTO ELECTORAL DEL ESTADO DE CAMPECHE <\/td><td data-cell-id=\"C208\" data-x=\"2\" data-y=\"208\" data-db-index=\"208\" class=\"fsize-18\" data-cell-type=\"text\" data-original-value=\"CONSEJO GENERAL DEL INSTITUTO ELECTORAL DEL ESTADO DE CAMPECHE\" data-order=\"CONSEJO GENERAL DEL INSTITUTO ELECTORAL DEL ESTADO DE CAMPECHE\" >CONSEJO GENERAL DEL INSTITUTO ELECTORAL DEL ESTADO DE CAMPECHE <\/td><td data-cell-id=\"D208\" data-x=\"3\" data-y=\"208\" data-db-index=\"208\" class=\"fsize-18\" data-cell-type=\"text\" data-original-value=\"&lt;a href=&quot;https:\/\/teec.org.mx\/web\/wp-content\/uploads\/2023\/09\/TEEC-RAP-9-2023-y-acum-Acuerdo-Plenario-05-09-2023.pdf&quot; target=&quot;_blank&quot;&gt;TEEC\/RAP\/9\/2023, TEEC\/RAP\/10\/2023, TEEC\/RAP\/11\/2023, TEEC\/RAP\/12\/2023 Y TEEC\/RAP\/13\/2023 (ACUERDO PLENARIO DE ACUMULACI\u00d3N)&lt;\/a&gt;\" data-order=\"&lt;a href=&quot;https:\/\/teec.org.mx\/web\/wp-content\/uploads\/2023\/09\/TEEC-RAP-9-2023-y-acum-Acuerdo-Plenario-05-09-2023.pdf&quot; target=&quot;_blank&quot;&gt;TEEC\/RAP\/9\/2023, TEEC\/RAP\/10\/2023, TEEC\/RAP\/11\/2023, TEEC\/RAP\/12\/2023 Y TEEC\/RAP\/13\/2023 (ACUERDO PLENARIO DE ACUMULACI\u00d3N)&lt;\/a&gt;\" ><a href=\"https:\/\/teec.org.mx\/web\/wp-content\/uploads\/2023\/09\/TEEC-RAP-9-2023-y-acum-Acuerdo-Plenario-05-09-2023.pdf\" target=\"_blank\">TEEC\/RAP\/9\/2023, TEEC\/RAP\/10\/2023, TEEC\/RAP\/11\/2023, TEEC\/RAP\/12\/2023 Y TEEC\/RAP\/13\/2023 (ACUERDO PLENARIO DE ACUMULACI\u00d3N)<\/a><\/td><\/tr><tr style=\"height:px\" ><td data-cell-id=\"A209\" data-x=\"0\" data-y=\"209\" data-db-index=\"209\" class=\"fsize-18\" data-cell-type=\"text\" data-original-value=\"04 DE SEPTIEMBRE DE 2023, A LAS 15:55 HORAS\" data-order=\"04 DE SEPTIEMBRE DE 2023, A LAS 15:55 HORAS\" >04 DE SEPTIEMBRE DE 2023, A LAS 15:55 HORAS <\/td><td data-cell-id=\"B209\" data-x=\"1\" data-y=\"209\" data-db-index=\"209\" class=\"fsize-18\" data-cell-type=\"text\" data-original-value=\"C\u00c9SAR ISMAEL MART\u00cdN EHU\u00c1N, REPRESENTANTE PROPIETARIO DEL PARTIDO ACCI\u00d3N NACIONAL EN CAMPECHE\" data-order=\"C\u00c9SAR ISMAEL MART\u00cdN EHU\u00c1N, REPRESENTANTE PROPIETARIO DEL PARTIDO ACCI\u00d3N NACIONAL EN CAMPECHE\" >C\u00c9SAR ISMAEL MART\u00cdN EHU\u00c1N, REPRESENTANTE PROPIETARIO DEL PARTIDO ACCI\u00d3N NACIONAL EN CAMPECHE <\/td><td data-cell-id=\"C209\" data-x=\"2\" data-y=\"209\" data-db-index=\"209\" class=\"fsize-18\" data-cell-type=\"text\" data-original-value=\"CONSEJO GENERAL DEL INSTITUTO ELECTORAL DEL ESTADO DE CAMPECHE\" data-order=\"CONSEJO GENERAL DEL INSTITUTO ELECTORAL DEL ESTADO DE CAMPECHE\" >CONSEJO GENERAL DEL INSTITUTO ELECTORAL DEL ESTADO DE CAMPECHE <\/td><td data-cell-id=\"D209\" data-x=\"3\" data-y=\"209\" data-db-index=\"209\" class=\"fsize-18\" data-cell-type=\"text\" data-original-value=\"&lt;a href=&quot;https:\/\/teec.org.mx\/web\/wp-content\/uploads\/2023\/09\/TEEC-RAP-22-2023-2do-acu-04-09-2023.pdf&quot; target=&quot;_blank&quot;&gt;TEEC\/RAP\/22\/2023 (ACUERDO SE FIJA FECHA Y HORA PARA SESI\u00d3N PRIVADA)&lt;\/a&gt;\" data-order=\"&lt;a href=&quot;https:\/\/teec.org.mx\/web\/wp-content\/uploads\/2023\/09\/TEEC-RAP-22-2023-2do-acu-04-09-2023.pdf&quot; target=&quot;_blank&quot;&gt;TEEC\/RAP\/22\/2023 (ACUERDO SE FIJA FECHA Y HORA PARA SESI\u00d3N PRIVADA)&lt;\/a&gt;\" ><a href=\"https:\/\/teec.org.mx\/web\/wp-content\/uploads\/2023\/09\/TEEC-RAP-22-2023-2do-acu-04-09-2023.pdf\" target=\"_blank\">TEEC\/RAP\/22\/2023 (ACUERDO SE FIJA FECHA Y HORA PARA SESI\u00d3N PRIVADA)<\/a><\/td><\/tr><tr style=\"height:px\" ><td data-cell-id=\"A210\" data-x=\"0\" data-y=\"210\" data-db-index=\"210\" class=\"fsize-18\" data-cell-type=\"text\" data-original-value=\"04 DE SEPTIEMBRE DE 2023, A LAS 15:49 HORAS.\" data-order=\"04 DE SEPTIEMBRE DE 2023, A LAS 15:49 HORAS.\" >04 DE SEPTIEMBRE DE 2023, A LAS 15:49 HORAS. <\/td><td data-cell-id=\"B210\" data-x=\"1\" data-y=\"210\" data-db-index=\"210\" class=\"fsize-18\" data-cell-type=\"text\" data-original-value=\"C\u00c9SAR ISMAEL MART\u00cdN EHU\u00c1N, QUIEN SE OSTENTA COMO REPRESENTANTE PROPIETARIO DEL PARTIDO ACCI\u00d3N NACIONAL ANTE EL CONSEJO GENERAL DEL INSTITUTO ELECTORAL DEL ESTADO DE CAMPECHE\" data-order=\"C\u00c9SAR ISMAEL MART\u00cdN EHU\u00c1N, QUIEN SE OSTENTA COMO REPRESENTANTE PROPIETARIO DEL PARTIDO ACCI\u00d3N NACIONAL ANTE EL CONSEJO GENERAL DEL INSTITUTO ELECTORAL DEL ESTADO DE CAMPECHE\" >C\u00c9SAR ISMAEL MART\u00cdN EHU\u00c1N, QUIEN SE OSTENTA COMO REPRESENTANTE PROPIETARIO DEL PARTIDO ACCI\u00d3N NACIONAL ANTE EL CONSEJO GENERAL DEL INSTITUTO ELECTORAL DEL ESTADO DE CAMPECHE <\/td><td data-cell-id=\"C210\" data-x=\"2\" data-y=\"210\" data-db-index=\"210\" class=\"fsize-18\" data-cell-type=\"text\" data-original-value=\"CONSEJO GENERAL DEL INSTITUTO ELECTORAL DEL ESTADO DE CAMPECHE\" data-order=\"CONSEJO GENERAL DEL INSTITUTO ELECTORAL DEL ESTADO DE CAMPECHE\" >CONSEJO GENERAL DEL INSTITUTO ELECTORAL DEL ESTADO DE CAMPECHE <\/td><td data-cell-id=\"D210\" data-x=\"3\" data-y=\"210\" data-db-index=\"210\" class=\"fsize-18\" data-cell-type=\"text\" data-original-value=\"&lt;a href=&quot;https:\/\/teec.org.mx\/web\/wp-content\/uploads\/2023\/09\/TEEC-RAP-21-2023-2do-acu-04-09-2023.pdf&quot; target=&quot;_blank&quot;&gt;TEEC\/RAP\/21\/2023 (ACUERDO SE FIJA FECHA Y HORA PARA SESI\u00d3N PRIVADA)&lt;\/a&gt;\" data-order=\"&lt;a href=&quot;https:\/\/teec.org.mx\/web\/wp-content\/uploads\/2023\/09\/TEEC-RAP-21-2023-2do-acu-04-09-2023.pdf&quot; target=&quot;_blank&quot;&gt;TEEC\/RAP\/21\/2023 (ACUERDO SE FIJA FECHA Y HORA PARA SESI\u00d3N PRIVADA)&lt;\/a&gt;\" ><a href=\"https:\/\/teec.org.mx\/web\/wp-content\/uploads\/2023\/09\/TEEC-RAP-21-2023-2do-acu-04-09-2023.pdf\" target=\"_blank\">TEEC\/RAP\/21\/2023 (ACUERDO SE FIJA FECHA Y HORA PARA SESI\u00d3N PRIVADA)<\/a><\/td><\/tr><tr style=\"height:px\" ><td data-cell-id=\"A211\" data-x=\"0\" data-y=\"211\" data-db-index=\"211\" class=\"fsize-18\" data-cell-type=\"text\" data-original-value=\"04 DE SEPTIEMBRE DE 2023, A LAS 15:43 HORAS\" data-order=\"04 DE SEPTIEMBRE DE 2023, A LAS 15:43 HORAS\" >04 DE SEPTIEMBRE DE 2023, A LAS 15:43 HORAS <\/td><td data-cell-id=\"B211\" data-x=\"1\" data-y=\"211\" data-db-index=\"211\" class=\"fsize-18\" data-cell-type=\"text\" data-original-value=\"ERGI DANIEL PE\u00d1A MACIEL, QUIEN SE OSTENTA COMO REPRESENTANTE PROPIETARIO DEL PARTIDO ENCUENTRO SOLIDARIO ANTE EL CONSEJO GENERAL DEL INSTITUTO ELECTORAL DEL ESTADO DE CAMPECHE\" data-order=\"ERGI DANIEL PE\u00d1A MACIEL, QUIEN SE OSTENTA COMO REPRESENTANTE PROPIETARIO DEL PARTIDO ENCUENTRO SOLIDARIO ANTE EL CONSEJO GENERAL DEL INSTITUTO ELECTORAL DEL ESTADO DE CAMPECHE\" >ERGI DANIEL PE\u00d1A MACIEL, QUIEN SE OSTENTA COMO REPRESENTANTE PROPIETARIO DEL PARTIDO ENCUENTRO SOLIDARIO ANTE EL CONSEJO GENERAL DEL INSTITUTO ELECTORAL DEL ESTADO DE CAMPECHE <\/td><td data-cell-id=\"C211\" data-x=\"2\" data-y=\"211\" data-db-index=\"211\" class=\"fsize-18\" data-cell-type=\"text\" data-original-value=\"CONSEJO GENERAL DEL INSTITUTO ELECTORAL DEL ESTADO DE CAMPECHE\" data-order=\"CONSEJO GENERAL DEL INSTITUTO ELECTORAL DEL ESTADO DE CAMPECHE\" >CONSEJO GENERAL DEL INSTITUTO ELECTORAL DEL ESTADO DE CAMPECHE <\/td><td data-cell-id=\"D211\" data-x=\"3\" data-y=\"211\" data-db-index=\"211\" class=\"fsize-18\" data-cell-type=\"text\" data-original-value=\"&lt;a href=&quot;https:\/\/teec.org.mx\/web\/wp-content\/uploads\/2023\/09\/TEEC-RAP-13-2023-2do-acu-04-09-2023.pdf&quot; target=&quot;_blank&quot;&gt;TEEC\/RAP\/13\/2023 (ACUERDO SE FIJA FECHA Y HORA PARA SESI\u00d3N PRIVADA)&lt;\/a&gt;\" data-order=\"&lt;a href=&quot;https:\/\/teec.org.mx\/web\/wp-content\/uploads\/2023\/09\/TEEC-RAP-13-2023-2do-acu-04-09-2023.pdf&quot; target=&quot;_blank&quot;&gt;TEEC\/RAP\/13\/2023 (ACUERDO SE FIJA FECHA Y HORA PARA SESI\u00d3N PRIVADA)&lt;\/a&gt;\" ><a href=\"https:\/\/teec.org.mx\/web\/wp-content\/uploads\/2023\/09\/TEEC-RAP-13-2023-2do-acu-04-09-2023.pdf\" target=\"_blank\">TEEC\/RAP\/13\/2023 (ACUERDO SE FIJA FECHA Y HORA PARA SESI\u00d3N PRIVADA)<\/a><\/td><\/tr><tr style=\"height:px\" ><td data-cell-id=\"A212\" data-x=\"0\" data-y=\"212\" data-db-index=\"212\" class=\"fsize-18\" data-cell-type=\"text\" data-original-value=\"04 DE SEPTIEMBRE DE 2023, A LAS 15:37 HORAS\" data-order=\"04 DE SEPTIEMBRE DE 2023, A LAS 15:37 HORAS\" >04 DE SEPTIEMBRE DE 2023, A LAS 15:37 HORAS <\/td><td data-cell-id=\"B212\" data-x=\"1\" data-y=\"212\" data-db-index=\"212\" class=\"fsize-18\" data-cell-type=\"text\" data-original-value=\"PEDRO ESTRADA CORDOVA, QUIEN SE OSTENTA COMO REPRESENTANTE DEL PARTIDO MOVIMIENTO CIUDADANO ANTE EL CONSEJO GENERAL DEL INSTITUTO ELECTORAL DEL ESTADO DE CAMPECHE\" data-order=\"PEDRO ESTRADA CORDOVA, QUIEN SE OSTENTA COMO REPRESENTANTE DEL PARTIDO MOVIMIENTO CIUDADANO ANTE EL CONSEJO GENERAL DEL INSTITUTO ELECTORAL DEL ESTADO DE CAMPECHE\" >PEDRO ESTRADA CORDOVA, QUIEN SE OSTENTA COMO REPRESENTANTE DEL PARTIDO MOVIMIENTO CIUDADANO ANTE EL CONSEJO GENERAL DEL INSTITUTO ELECTORAL DEL ESTADO DE CAMPECHE <\/td><td data-cell-id=\"C212\" data-x=\"2\" data-y=\"212\" data-db-index=\"212\" class=\"fsize-18\" data-cell-type=\"text\" data-original-value=\"CONSEJO GENERAL DEL INSTITUTO ELECTORAL DEL ESTADO DE CAMPECHE\" data-order=\"CONSEJO GENERAL DEL INSTITUTO ELECTORAL DEL ESTADO DE CAMPECHE\" >CONSEJO GENERAL DEL INSTITUTO ELECTORAL DEL ESTADO DE CAMPECHE <\/td><td data-cell-id=\"D212\" data-x=\"3\" data-y=\"212\" data-db-index=\"212\" class=\"fsize-18\" data-cell-type=\"text\" data-original-value=\"&lt;a href=&quot;https:\/\/teec.org.mx\/web\/wp-content\/uploads\/2023\/09\/TEEC-RAP-12-2023-2do-acu-04-09-2023.pdf&quot; target=&quot;_blank&quot;&gt;TEEC\/RAP\/12\/2023 (ACUERDO SE FIJA FECHA Y HORA PARA SESI\u00d3N PRIVADA)&lt;\/a&gt;\" data-order=\"&lt;a href=&quot;https:\/\/teec.org.mx\/web\/wp-content\/uploads\/2023\/09\/TEEC-RAP-12-2023-2do-acu-04-09-2023.pdf&quot; target=&quot;_blank&quot;&gt;TEEC\/RAP\/12\/2023 (ACUERDO SE FIJA FECHA Y HORA PARA SESI\u00d3N PRIVADA)&lt;\/a&gt;\" ><a href=\"https:\/\/teec.org.mx\/web\/wp-content\/uploads\/2023\/09\/TEEC-RAP-12-2023-2do-acu-04-09-2023.pdf\" target=\"_blank\">TEEC\/RAP\/12\/2023 (ACUERDO SE FIJA FECHA Y HORA PARA SESI\u00d3N PRIVADA)<\/a><\/td><\/tr><tr style=\"height:px\" ><td data-cell-id=\"A213\" data-x=\"0\" data-y=\"213\" data-db-index=\"213\" class=\"fsize-18\" data-cell-type=\"text\" data-original-value=\"04 DE SEPTIEMBRE DE 2023, A LAS 15:32 HORAS\" data-order=\"04 DE SEPTIEMBRE DE 2023, A LAS 15:32 HORAS\" >04 DE SEPTIEMBRE DE 2023, A LAS 15:32 HORAS <\/td><td data-cell-id=\"B213\" data-x=\"1\" data-y=\"213\" data-db-index=\"213\" class=\"fsize-18\" data-cell-type=\"text\" data-original-value=\"MAR\u00cdA DEL CARMEN P\u00c9REZ L\u00d3PEZ, QUIEN SE OSTENTA COMO REPRESENTANTE PROPIETARIA DEL PARTIDO DE LA REVOLUCI\u00d3N DEMOCR\u00c1TICA ANTE EL CONSEJO GENERAL DEL INSTITUTO ELECTORAL DEL ESTADO DE CAMPECHE\" data-order=\"MAR\u00cdA DEL CARMEN P\u00c9REZ L\u00d3PEZ, QUIEN SE OSTENTA COMO REPRESENTANTE PROPIETARIA DEL PARTIDO DE LA REVOLUCI\u00d3N DEMOCR\u00c1TICA ANTE EL CONSEJO GENERAL DEL INSTITUTO ELECTORAL DEL ESTADO DE CAMPECHE\" >MAR\u00cdA DEL CARMEN P\u00c9REZ L\u00d3PEZ, QUIEN SE OSTENTA COMO REPRESENTANTE PROPIETARIA DEL PARTIDO DE LA REVOLUCI\u00d3N DEMOCR\u00c1TICA ANTE EL CONSEJO GENERAL DEL INSTITUTO ELECTORAL DEL ESTADO DE CAMPECHE <\/td><td data-cell-id=\"C213\" data-x=\"2\" data-y=\"213\" data-db-index=\"213\" class=\"fsize-18\" data-cell-type=\"text\" data-original-value=\"CONSEJO GENERAL DEL INSTITUTO ELECTORAL DEL ESTADO DE CAMPECHE\" data-order=\"CONSEJO GENERAL DEL INSTITUTO ELECTORAL DEL ESTADO DE CAMPECHE\" >CONSEJO GENERAL DEL INSTITUTO ELECTORAL DEL ESTADO DE CAMPECHE <\/td><td data-cell-id=\"D213\" data-x=\"3\" data-y=\"213\" data-db-index=\"213\" class=\"fsize-18\" data-cell-type=\"text\" data-original-value=\"&lt;a href=&quot;https:\/\/teec.org.mx\/web\/wp-content\/uploads\/2023\/09\/TEEC-RAP-11-2023-2do-acu-04-09-2023.pdf&quot; target=&quot;_blank&quot;&gt;TEEC\/RAP\/11\/2023 (ACUERDO SE FIJA FECHA Y HORA PARA SESI\u00d3N PRIVADA)&lt;\/a&gt;\" data-order=\"&lt;a href=&quot;https:\/\/teec.org.mx\/web\/wp-content\/uploads\/2023\/09\/TEEC-RAP-11-2023-2do-acu-04-09-2023.pdf&quot; target=&quot;_blank&quot;&gt;TEEC\/RAP\/11\/2023 (ACUERDO SE FIJA FECHA Y HORA PARA SESI\u00d3N PRIVADA)&lt;\/a&gt;\" ><a href=\"https:\/\/teec.org.mx\/web\/wp-content\/uploads\/2023\/09\/TEEC-RAP-11-2023-2do-acu-04-09-2023.pdf\" target=\"_blank\">TEEC\/RAP\/11\/2023 (ACUERDO SE FIJA FECHA Y HORA PARA SESI\u00d3N PRIVADA)<\/a><\/td><\/tr><tr style=\"height:px\" ><td data-cell-id=\"A214\" data-x=\"0\" data-y=\"214\" data-db-index=\"214\" class=\"fsize-18\" data-cell-type=\"text\" data-original-value=\"04 DE SEPTIEMBRE DE 2023, A LAS 15:25 HORAS\" data-order=\"04 DE SEPTIEMBRE DE 2023, A LAS 15:25 HORAS\" >04 DE SEPTIEMBRE DE 2023, A LAS 15:25 HORAS <\/td><td data-cell-id=\"B214\" data-x=\"1\" data-y=\"214\" data-db-index=\"214\" class=\"fsize-18\" data-cell-type=\"text\" data-original-value=\"JUAN GUALBERTO ALONZO REBOLLEDO, QUIEN SE OSTENTA COMO REPRESENTANTE PROPIETARIO DEL PARTIDO REVOLUCIONARIO INSTITUCIONAL ANTE EL CONSEJO GENERAL DEL INSTITUTO ELECTORAL DEL ESTADO DE CAMPECHE\" data-order=\"JUAN GUALBERTO ALONZO REBOLLEDO, QUIEN SE OSTENTA COMO REPRESENTANTE PROPIETARIO DEL PARTIDO REVOLUCIONARIO INSTITUCIONAL ANTE EL CONSEJO GENERAL DEL INSTITUTO ELECTORAL DEL ESTADO DE CAMPECHE\" >JUAN GUALBERTO ALONZO REBOLLEDO, QUIEN SE OSTENTA COMO REPRESENTANTE PROPIETARIO DEL PARTIDO REVOLUCIONARIO INSTITUCIONAL ANTE EL CONSEJO GENERAL DEL INSTITUTO ELECTORAL DEL ESTADO DE CAMPECHE <\/td><td data-cell-id=\"C214\" data-x=\"2\" data-y=\"214\" data-db-index=\"214\" class=\"fsize-18\" data-cell-type=\"text\" data-original-value=\"CONSEJO GENERAL DEL INSTITUTO ELECTORAL DEL ESTADO DE CAMPECHE\" data-order=\"CONSEJO GENERAL DEL INSTITUTO ELECTORAL DEL ESTADO DE CAMPECHE\" >CONSEJO GENERAL DEL INSTITUTO ELECTORAL DEL ESTADO DE CAMPECHE <\/td><td data-cell-id=\"D214\" data-x=\"3\" data-y=\"214\" data-db-index=\"214\" class=\"fsize-18\" data-cell-type=\"text\" data-original-value=\"&lt;a href=&quot;https:\/\/teec.org.mx\/web\/wp-content\/uploads\/2023\/09\/TEEC-RAP-10-2023-2do-acu-04-09-2023.pdf&quot; target=&quot;_blank&quot;&gt;TEEC\/RAP\/10\/2023 (ACUERDO SE FIJA FECHA Y HORA PARA SESI\u00d3N PRIVADA)&lt;\/a&gt;\" data-order=\"&lt;a href=&quot;https:\/\/teec.org.mx\/web\/wp-content\/uploads\/2023\/09\/TEEC-RAP-10-2023-2do-acu-04-09-2023.pdf&quot; target=&quot;_blank&quot;&gt;TEEC\/RAP\/10\/2023 (ACUERDO SE FIJA FECHA Y HORA PARA SESI\u00d3N PRIVADA)&lt;\/a&gt;\" ><a href=\"https:\/\/teec.org.mx\/web\/wp-content\/uploads\/2023\/09\/TEEC-RAP-10-2023-2do-acu-04-09-2023.pdf\" target=\"_blank\">TEEC\/RAP\/10\/2023 (ACUERDO SE FIJA FECHA Y HORA PARA SESI\u00d3N PRIVADA)<\/a><\/td><\/tr><tr style=\"height:px\" ><td data-cell-id=\"A215\" data-x=\"0\" data-y=\"215\" data-db-index=\"215\" class=\"fsize-18\" data-cell-type=\"text\" data-original-value=\"04 DE SEPTIEMBRE DE 2023, A LAS 15:18 HORAS\" data-order=\"04 DE SEPTIEMBRE DE 2023, A LAS 15:18 HORAS\" >04 DE SEPTIEMBRE DE 2023, A LAS 15:18 HORAS <\/td><td data-cell-id=\"B215\" data-x=\"1\" data-y=\"215\" data-db-index=\"215\" class=\"fsize-18\" data-cell-type=\"text\" data-original-value=\"C\u00c9SAR ISMAEL MART\u00cdN EHU\u00c1N, QUIEN SE OSTENTA COMO REPRESENTANTE PPROPIETARIO DEL PARTIDO ACCI\u00d3N NACIONAL ANTE EL CONSEJO GENERAL DEL INSTITUTO ELECTORAL DEL ESTADO DE CAMPECHE\" data-order=\"C\u00c9SAR ISMAEL MART\u00cdN EHU\u00c1N, QUIEN SE OSTENTA COMO REPRESENTANTE PPROPIETARIO DEL PARTIDO ACCI\u00d3N NACIONAL ANTE EL CONSEJO GENERAL DEL INSTITUTO ELECTORAL DEL ESTADO DE CAMPECHE\" >C\u00c9SAR ISMAEL MART\u00cdN EHU\u00c1N, QUIEN SE OSTENTA COMO REPRESENTANTE PPROPIETARIO DEL PARTIDO ACCI\u00d3N NACIONAL ANTE EL CONSEJO GENERAL DEL INSTITUTO ELECTORAL DEL ESTADO DE CAMPECHE <\/td><td data-cell-id=\"C215\" data-x=\"2\" data-y=\"215\" data-db-index=\"215\" class=\"fsize-18\" data-cell-type=\"text\" data-original-value=\"CONSEJO GENERAL DEL INSTITUTO ELECTORAL DEL ESTADO DE CAMPECHE\" data-order=\"CONSEJO GENERAL DEL INSTITUTO ELECTORAL DEL ESTADO DE CAMPECHE\" >CONSEJO GENERAL DEL INSTITUTO ELECTORAL DEL ESTADO DE CAMPECHE <\/td><td data-cell-id=\"D215\" data-x=\"3\" data-y=\"215\" data-db-index=\"215\" class=\"fsize-18\" data-cell-type=\"text\" data-original-value=\"&lt;a href=&quot;https:\/\/teec.org.mx\/web\/wp-content\/uploads\/2023\/09\/TEEC-RAP-9-2023-2do-acu-04-09-2023.pdf&quot; target=&quot;_blank&quot;&gt;TEEC\/RAP\/9\/2023 (ACUERDO SE FIJA FECHA Y HORA PARA SESI\u00d3N PRIVADA)&lt;\/a&gt;\" data-order=\"&lt;a href=&quot;https:\/\/teec.org.mx\/web\/wp-content\/uploads\/2023\/09\/TEEC-RAP-9-2023-2do-acu-04-09-2023.pdf&quot; target=&quot;_blank&quot;&gt;TEEC\/RAP\/9\/2023 (ACUERDO SE FIJA FECHA Y HORA PARA SESI\u00d3N PRIVADA)&lt;\/a&gt;\" ><a href=\"https:\/\/teec.org.mx\/web\/wp-content\/uploads\/2023\/09\/TEEC-RAP-9-2023-2do-acu-04-09-2023.pdf\" target=\"_blank\">TEEC\/RAP\/9\/2023 (ACUERDO SE FIJA FECHA Y HORA PARA SESI\u00d3N PRIVADA)<\/a><\/td><\/tr><tr style=\"height:px\" ><td data-cell-id=\"A216\" data-x=\"0\" data-y=\"216\" data-db-index=\"216\" class=\"fsize-18\" data-cell-type=\"text\" data-original-value=\"04 DE SEPTIEMBRE DE 2023, A LAS 14:16 HORAS\" data-order=\"04 DE SEPTIEMBRE DE 2023, A LAS 14:16 HORAS\" >04 DE SEPTIEMBRE DE 2023, A LAS 14:16 HORAS <\/td><td data-cell-id=\"B216\" data-x=\"1\" data-y=\"216\" data-db-index=\"216\" class=\"fsize-18\" data-cell-type=\"text\" data-original-value=\"ERGI DANIEL PE\u00d1A MACIEL, QUIEN SE OSTENTA COMO REPRESENTANTE PROPIETARIO DEL PARTIDO ENCUENTRO SOLIDARIO ANTE EL CONSEJO GENERAL DEL INSTITUTO ELECTORAL DEL ESTADO DE CAMPECHE\" data-order=\"ERGI DANIEL PE\u00d1A MACIEL, QUIEN SE OSTENTA COMO REPRESENTANTE PROPIETARIO DEL PARTIDO ENCUENTRO SOLIDARIO ANTE EL CONSEJO GENERAL DEL INSTITUTO ELECTORAL DEL ESTADO DE CAMPECHE\" >ERGI DANIEL PE\u00d1A MACIEL, QUIEN SE OSTENTA COMO REPRESENTANTE PROPIETARIO DEL PARTIDO ENCUENTRO SOLIDARIO ANTE EL CONSEJO GENERAL DEL INSTITUTO ELECTORAL DEL ESTADO DE CAMPECHE <\/td><td data-cell-id=\"C216\" data-x=\"2\" data-y=\"216\" data-db-index=\"216\" class=\"fsize-18\" data-cell-type=\"text\" data-original-value=\"CONSEJO GENERAL DEL INSTITUTO ELECTORAL DEL ESTADO DE CAMPECHE\" data-order=\"CONSEJO GENERAL DEL INSTITUTO ELECTORAL DEL ESTADO DE CAMPECHE\" >CONSEJO GENERAL DEL INSTITUTO ELECTORAL DEL ESTADO DE CAMPECHE <\/td><td data-cell-id=\"D216\" data-x=\"3\" data-y=\"216\" data-db-index=\"216\" class=\"fsize-18\" data-cell-type=\"text\" data-original-value=\"&lt;a href=&quot;https:\/\/teec.org.mx\/web\/wp-content\/uploads\/2023\/09\/TEEC-RAP-13-2023-04-09-2023.pdf&quot; target=&quot;_blank&quot;&gt;TEEC\/RAP\/13\/2023 (ACUERDO DESOL. DE FECHA Y HORA PARA SESI\u00d3N PRIVADA)&lt;\/a&gt;\" data-order=\"&lt;a href=&quot;https:\/\/teec.org.mx\/web\/wp-content\/uploads\/2023\/09\/TEEC-RAP-13-2023-04-09-2023.pdf&quot; target=&quot;_blank&quot;&gt;TEEC\/RAP\/13\/2023 (ACUERDO DESOL. DE FECHA Y HORA PARA SESI\u00d3N PRIVADA)&lt;\/a&gt;\" ><a href=\"https:\/\/teec.org.mx\/web\/wp-content\/uploads\/2023\/09\/TEEC-RAP-13-2023-04-09-2023.pdf\" target=\"_blank\">TEEC\/RAP\/13\/2023 (ACUERDO DESOL. DE FECHA Y HORA PARA SESI\u00d3N PRIVADA)<\/a><\/td><\/tr><tr style=\"height:px\" ><td data-cell-id=\"A217\" data-x=\"0\" data-y=\"217\" data-db-index=\"217\" class=\"fsize-18\" data-cell-type=\"text\" data-original-value=\"04 DE SEPTIEMBRE DE 2023, A LAS 14:08 HORAS\" data-order=\"04 DE SEPTIEMBRE DE 2023, A LAS 14:08 HORAS\" >04 DE SEPTIEMBRE DE 2023, A LAS 14:08 HORAS <\/td><td data-cell-id=\"B217\" data-x=\"1\" data-y=\"217\" data-db-index=\"217\" class=\"fsize-18\" data-cell-type=\"text\" data-original-value=\"PEDRO ESTRADA CORDOVA, QUIEN SE OSTENTA COMO REPRESENTANTE DEL PARTIDO MOVIMIENTO CIUDADANO ANTE EL CONSEJO GENERAL DEL INSTITUTO ELECTORAL DEL ESTADO DE CAMPECHE\" data-order=\"PEDRO ESTRADA CORDOVA, QUIEN SE OSTENTA COMO REPRESENTANTE DEL PARTIDO MOVIMIENTO CIUDADANO ANTE EL CONSEJO GENERAL DEL INSTITUTO ELECTORAL DEL ESTADO DE CAMPECHE\" >PEDRO ESTRADA CORDOVA, QUIEN SE OSTENTA COMO REPRESENTANTE DEL PARTIDO MOVIMIENTO CIUDADANO ANTE EL CONSEJO GENERAL DEL INSTITUTO ELECTORAL DEL ESTADO DE CAMPECHE <\/td><td data-cell-id=\"C217\" data-x=\"2\" data-y=\"217\" data-db-index=\"217\" class=\"fsize-18\" data-cell-type=\"text\" data-original-value=\"CONSEJO GENERAL DEL INSTITUTO ELECTORAL DEL ESTADO DE CAMPECHE\" data-order=\"CONSEJO GENERAL DEL INSTITUTO ELECTORAL DEL ESTADO DE CAMPECHE\" >CONSEJO GENERAL DEL INSTITUTO ELECTORAL DEL ESTADO DE CAMPECHE <\/td><td data-cell-id=\"D217\" data-x=\"3\" data-y=\"217\" data-db-index=\"217\" class=\"fsize-18\" data-cell-type=\"text\" data-original-value=\"&lt;a href=&quot;https:\/\/teec.org.mx\/web\/wp-content\/uploads\/2023\/09\/TEEC-RAP-12-2023-04-09-2023.pdf&quot; target=&quot;_blank&quot;&gt;TEEC\/RAP\/12\/2023 (ACUERDO DE SOL. DE FECHA Y HORA PARA SESI\u00d3N PRIVADA)&lt;\/a&gt;\" data-order=\"&lt;a href=&quot;https:\/\/teec.org.mx\/web\/wp-content\/uploads\/2023\/09\/TEEC-RAP-12-2023-04-09-2023.pdf&quot; target=&quot;_blank&quot;&gt;TEEC\/RAP\/12\/2023 (ACUERDO DE SOL. DE FECHA Y HORA PARA SESI\u00d3N PRIVADA)&lt;\/a&gt;\" ><a href=\"https:\/\/teec.org.mx\/web\/wp-content\/uploads\/2023\/09\/TEEC-RAP-12-2023-04-09-2023.pdf\" target=\"_blank\">TEEC\/RAP\/12\/2023 (ACUERDO DE SOL. DE FECHA Y HORA PARA SESI\u00d3N PRIVADA)<\/a><\/td><\/tr><tr style=\"height:px\" ><td data-cell-id=\"A218\" data-x=\"0\" data-y=\"218\" data-db-index=\"218\" class=\"fsize-18\" data-cell-type=\"text\" data-original-value=\"04 DE SEPTIEMBRE DE 2023, A LAS 14:02 HORAS\" data-order=\"04 DE SEPTIEMBRE DE 2023, A LAS 14:02 HORAS\" >04 DE SEPTIEMBRE DE 2023, A LAS 14:02 HORAS <\/td><td data-cell-id=\"B218\" data-x=\"1\" data-y=\"218\" data-db-index=\"218\" class=\"fsize-18\" data-cell-type=\"text\" data-original-value=\"MAR\u00cdA DEL CARMEN P\u00c9REZ L\u00d3PEZ, QUIEN SE OSTENTA COMO REPRESENTANTE PROPIETARIA DEL PARTIDO DE LA REVOLUCI\u00d3N DEMOCR\u00c1TICA ANTE EL CONSEJO GENERAL DEL INSTITUTO ELECTORAL DEL ESTADO DE CAMPECHE\" data-order=\"MAR\u00cdA DEL CARMEN P\u00c9REZ L\u00d3PEZ, QUIEN SE OSTENTA COMO REPRESENTANTE PROPIETARIA DEL PARTIDO DE LA REVOLUCI\u00d3N DEMOCR\u00c1TICA ANTE EL CONSEJO GENERAL DEL INSTITUTO ELECTORAL DEL ESTADO DE CAMPECHE\" >MAR\u00cdA DEL CARMEN P\u00c9REZ L\u00d3PEZ, QUIEN SE OSTENTA COMO REPRESENTANTE PROPIETARIA DEL PARTIDO DE LA REVOLUCI\u00d3N DEMOCR\u00c1TICA ANTE EL CONSEJO GENERAL DEL INSTITUTO ELECTORAL DEL ESTADO DE CAMPECHE <\/td><td data-cell-id=\"C218\" data-x=\"2\" data-y=\"218\" data-db-index=\"218\" class=\"fsize-18\" data-cell-type=\"text\" data-original-value=\"CONSEJO GENERAL DEL INSTITUTO ELECTORAL DEL ESTADO DE CAMPECHE\" data-order=\"CONSEJO GENERAL DEL INSTITUTO ELECTORAL DEL ESTADO DE CAMPECHE\" >CONSEJO GENERAL DEL INSTITUTO ELECTORAL DEL ESTADO DE CAMPECHE <\/td><td data-cell-id=\"D218\" data-x=\"3\" data-y=\"218\" data-db-index=\"218\" class=\"fsize-18\" data-cell-type=\"text\" data-original-value=\"&lt;a href=&quot;https:\/\/teec.org.mx\/web\/wp-content\/uploads\/2023\/09\/TEEC-RAP-11-2023-04-09-2023.pdf&quot; target=&quot;_blank&quot;&gt;TEEC\/RAP\/11\/2023 (ACUERDO DE SOL. DE FECHA Y HORA PARA SESI\u00d3N PRIVADA)&lt;\/a&gt;\" data-order=\"&lt;a href=&quot;https:\/\/teec.org.mx\/web\/wp-content\/uploads\/2023\/09\/TEEC-RAP-11-2023-04-09-2023.pdf&quot; target=&quot;_blank&quot;&gt;TEEC\/RAP\/11\/2023 (ACUERDO DE SOL. DE FECHA Y HORA PARA SESI\u00d3N PRIVADA)&lt;\/a&gt;\" ><a href=\"https:\/\/teec.org.mx\/web\/wp-content\/uploads\/2023\/09\/TEEC-RAP-11-2023-04-09-2023.pdf\" target=\"_blank\">TEEC\/RAP\/11\/2023 (ACUERDO DE SOL. DE FECHA Y HORA PARA SESI\u00d3N PRIVADA)<\/a><\/td><\/tr><tr style=\"height:px\" ><td data-cell-id=\"A219\" data-x=\"0\" data-y=\"219\" data-db-index=\"219\" class=\"fsize-18\" data-cell-type=\"text\" data-original-value=\"04 DE SEPTIEMBRE DE 2023, A LAS 13:55 HORAS\" data-order=\"04 DE SEPTIEMBRE DE 2023, A LAS 13:55 HORAS\" >04 DE SEPTIEMBRE DE 2023, A LAS 13:55 HORAS <\/td><td data-cell-id=\"B219\" data-x=\"1\" data-y=\"219\" data-db-index=\"219\" class=\"fsize-18\" data-cell-type=\"text\" data-original-value=\"JUAN GUALBERTO ALONZO REBOLLEDO, QUIEN SE OSTENTA COMO REPRESENTANTE PROPIETARIO DEL PARTIDO REVOLUCIONARIO INSTITUCIONAL ANTE EL CONSEJO GENERAL DEL INSTITUTO ELECTORAL DEL ESTADO DE CAMPECHE\" data-order=\"JUAN GUALBERTO ALONZO REBOLLEDO, QUIEN SE OSTENTA COMO REPRESENTANTE PROPIETARIO DEL PARTIDO REVOLUCIONARIO INSTITUCIONAL ANTE EL CONSEJO GENERAL DEL INSTITUTO ELECTORAL DEL ESTADO DE CAMPECHE\" >JUAN GUALBERTO ALONZO REBOLLEDO, QUIEN SE OSTENTA COMO REPRESENTANTE PROPIETARIO DEL PARTIDO REVOLUCIONARIO INSTITUCIONAL ANTE EL CONSEJO GENERAL DEL INSTITUTO ELECTORAL DEL ESTADO DE CAMPECHE <\/td><td data-cell-id=\"C219\" data-x=\"2\" data-y=\"219\" data-db-index=\"219\" class=\"fsize-18\" data-cell-type=\"text\" data-original-value=\"CONSEJO GENERAL DEL INSTITUTO ELECTORAL DEL ESTADO DE CAMPECHE\" data-order=\"CONSEJO GENERAL DEL INSTITUTO ELECTORAL DEL ESTADO DE CAMPECHE\" >CONSEJO GENERAL DEL INSTITUTO ELECTORAL DEL ESTADO DE CAMPECHE <\/td><td data-cell-id=\"D219\" data-x=\"3\" data-y=\"219\" data-db-index=\"219\" class=\"fsize-18\" data-cell-type=\"text\" data-original-value=\"&lt;a href=&quot;https:\/\/teec.org.mx\/web\/wp-content\/uploads\/2023\/09\/TEEC-RAP-10-2023-04-09-2023.pdf&quot; target=&quot;_blank&quot;&gt;TEEC\/RAP\/10\/2023 (ACUERDO DE SOL. DE FECHA Y HORA PARA SESI\u00d3N PRIVADA)&lt;\/a&gt;\" data-order=\"&lt;a href=&quot;https:\/\/teec.org.mx\/web\/wp-content\/uploads\/2023\/09\/TEEC-RAP-10-2023-04-09-2023.pdf&quot; target=&quot;_blank&quot;&gt;TEEC\/RAP\/10\/2023 (ACUERDO DE SOL. DE FECHA Y HORA PARA SESI\u00d3N PRIVADA)&lt;\/a&gt;\" ><a href=\"https:\/\/teec.org.mx\/web\/wp-content\/uploads\/2023\/09\/TEEC-RAP-10-2023-04-09-2023.pdf\" target=\"_blank\">TEEC\/RAP\/10\/2023 (ACUERDO DE SOL. DE FECHA Y HORA PARA SESI\u00d3N PRIVADA)<\/a><\/td><\/tr><tr style=\"height:px\" ><td data-cell-id=\"A220\" data-x=\"0\" data-y=\"220\" data-db-index=\"220\" class=\"fsize-18\" data-cell-type=\"text\" data-original-value=\"04 DE SEPTIEMBRE DE 2023, A LAS 13:49 HORAS\" data-order=\"04 DE SEPTIEMBRE DE 2023, A LAS 13:49 HORAS\" >04 DE SEPTIEMBRE DE 2023, A LAS 13:49 HORAS <\/td><td data-cell-id=\"B220\" data-x=\"1\" data-y=\"220\" data-db-index=\"220\" class=\"fsize-18\" data-cell-type=\"text\" data-original-value=\"C\u00c9SAR ISMAEL MART\u00cdN EHU\u00c1N, QUIEN SE OSTENTA COMO REPRESENTANTE PPROPIETARIO DEL PARTIDO ACCI\u00d3N NACIONAL ANTE EL CONSEJO GENERAL DEL INSTITUTO ELECTORAL DEL ESTADO DE CAMPECHE\" data-order=\"C\u00c9SAR ISMAEL MART\u00cdN EHU\u00c1N, QUIEN SE OSTENTA COMO REPRESENTANTE PPROPIETARIO DEL PARTIDO ACCI\u00d3N NACIONAL ANTE EL CONSEJO GENERAL DEL INSTITUTO ELECTORAL DEL ESTADO DE CAMPECHE\" >C\u00c9SAR ISMAEL MART\u00cdN EHU\u00c1N, QUIEN SE OSTENTA COMO REPRESENTANTE PPROPIETARIO DEL PARTIDO ACCI\u00d3N NACIONAL ANTE EL CONSEJO GENERAL DEL INSTITUTO ELECTORAL DEL ESTADO DE CAMPECHE <\/td><td data-cell-id=\"C220\" data-x=\"2\" data-y=\"220\" data-db-index=\"220\" class=\"fsize-18\" data-cell-type=\"text\" data-original-value=\"CONSEJO GENERAL DEL INSTITUTO ELECTORAL DEL ESTADO DE CAMPECHE\" data-order=\"CONSEJO GENERAL DEL INSTITUTO ELECTORAL DEL ESTADO DE CAMPECHE\" >CONSEJO GENERAL DEL INSTITUTO ELECTORAL DEL ESTADO DE CAMPECHE <\/td><td data-cell-id=\"D220\" data-x=\"3\" data-y=\"220\" data-db-index=\"220\" class=\"fsize-18\" data-cell-type=\"text\" data-original-value=\"&lt;a href=&quot;https:\/\/teec.org.mx\/web\/wp-content\/uploads\/2023\/09\/TEEC-RAP-9-2023-04-09-2023.pdf&quot; target=&quot;_blank&quot;&gt;TEEC\/RAP\/9\/2023 (ACUERDO DE SOL. DE FECHA Y HORA PARA SESI\u00d3N PRIVADA)&lt;\/a&gt;\" data-order=\"&lt;a href=&quot;https:\/\/teec.org.mx\/web\/wp-content\/uploads\/2023\/09\/TEEC-RAP-9-2023-04-09-2023.pdf&quot; target=&quot;_blank&quot;&gt;TEEC\/RAP\/9\/2023 (ACUERDO DE SOL. DE FECHA Y HORA PARA SESI\u00d3N PRIVADA)&lt;\/a&gt;\" ><a href=\"https:\/\/teec.org.mx\/web\/wp-content\/uploads\/2023\/09\/TEEC-RAP-9-2023-04-09-2023.pdf\" target=\"_blank\">TEEC\/RAP\/9\/2023 (ACUERDO DE SOL. DE FECHA Y HORA PARA SESI\u00d3N PRIVADA)<\/a><\/td><\/tr><tr style=\"height:px\" ><td data-cell-id=\"A221\" data-x=\"0\" data-y=\"221\" data-db-index=\"221\" class=\"fsize-18\" data-cell-type=\"text\" data-original-value=\"04 DE SEPTIEMBRE DE 2023, A LAS 11:26 HORAS\" data-order=\"04 DE SEPTIEMBRE DE 2023, A LAS 11:26 HORAS\" >04 DE SEPTIEMBRE DE 2023, A LAS 11:26 HORAS <\/td><td data-cell-id=\"B221\" data-x=\"1\" data-y=\"221\" data-db-index=\"221\" class=\"fsize-18\" data-cell-type=\"text\" data-original-value=\"PARTIDO DE LA REVOLUCI\u00d3N DEMOCR\u00c1TICA\" data-order=\"PARTIDO DE LA REVOLUCI\u00d3N DEMOCR\u00c1TICA\" >PARTIDO DE LA REVOLUCI\u00d3N DEMOCR\u00c1TICA <\/td><td data-cell-id=\"C221\" data-x=\"2\" data-y=\"221\" data-db-index=\"221\" class=\"fsize-18\" data-cell-type=\"text\" data-original-value=\"CONSEJO GENERAL DEL INSTITUTO ELECTORAL DEL ESTADO DE CAMPECHE\" data-order=\"CONSEJO GENERAL DEL INSTITUTO ELECTORAL DEL ESTADO DE CAMPECHE\" >CONSEJO GENERAL DEL INSTITUTO ELECTORAL DEL ESTADO DE CAMPECHE <\/td><td data-cell-id=\"D221\" data-x=\"3\" data-y=\"221\" data-db-index=\"221\" class=\"fsize-18\" data-cell-type=\"text\" data-original-value=\"&lt;a href=&quot;https:\/\/teec.org.mx\/web\/wp-content\/uploads\/2023\/09\/TEEC-RAP-20-2023-04-09-2023.pdf&quot; target=&quot;_blank&quot;&gt;TEEC\/RAP\/20\/2023 (ACUERDO SE FIJA FECHA Y HORA PARA SESI\u00d3N)&lt;\/a&gt;\" data-order=\"&lt;a href=&quot;https:\/\/teec.org.mx\/web\/wp-content\/uploads\/2023\/09\/TEEC-RAP-20-2023-04-09-2023.pdf&quot; target=&quot;_blank&quot;&gt;TEEC\/RAP\/20\/2023 (ACUERDO SE FIJA FECHA Y HORA PARA SESI\u00d3N)&lt;\/a&gt;\" ><a href=\"https:\/\/teec.org.mx\/web\/wp-content\/uploads\/2023\/09\/TEEC-RAP-20-2023-04-09-2023.pdf\" target=\"_blank\">TEEC\/RAP\/20\/2023 (ACUERDO SE FIJA FECHA Y HORA PARA SESI\u00d3N)<\/a><\/td><\/tr><tr style=\"height:px\" ><td data-cell-id=\"A222\" data-x=\"0\" data-y=\"222\" data-db-index=\"222\" class=\"fsize-18\" data-cell-type=\"text\" data-original-value=\"04 DE SEPTIEMBRE DE 2023, A LAS 11:18 HORAS\" data-order=\"04 DE SEPTIEMBRE DE 2023, A LAS 11:18 HORAS\" >04 DE SEPTIEMBRE DE 2023, A LAS 11:18 HORAS <\/td><td data-cell-id=\"B222\" data-x=\"1\" data-y=\"222\" data-db-index=\"222\" class=\"fsize-18\" data-cell-type=\"text\" data-original-value=\"PARTIDO REVOLUCIONARIO INSTITUCIONAL\" data-order=\"PARTIDO REVOLUCIONARIO INSTITUCIONAL\" >PARTIDO REVOLUCIONARIO INSTITUCIONAL <\/td><td data-cell-id=\"C222\" data-x=\"2\" data-y=\"222\" data-db-index=\"222\" class=\"fsize-18\" data-cell-type=\"text\" data-original-value=\"CONSEJO GENERAL DEL INSTITUTO ELECTORAL DEL ESTADO DE CAMPECHE\" data-order=\"CONSEJO GENERAL DEL INSTITUTO ELECTORAL DEL ESTADO DE CAMPECHE\" >CONSEJO GENERAL DEL INSTITUTO ELECTORAL DEL ESTADO DE CAMPECHE <\/td><td data-cell-id=\"D222\" data-x=\"3\" data-y=\"222\" data-db-index=\"222\" class=\"fsize-18\" data-cell-type=\"text\" data-original-value=\"&lt;a href=&quot;https:\/\/teec.org.mx\/web\/wp-content\/uploads\/2023\/09\/TEEC-RAP-19-2023-04-09-2023.pdf&quot; target=&quot;_blank&quot;&gt;TEEC\/RAP\/19\/2023 (ACUERDO SE FIJA FECHA Y HORA PARA SESI\u00d3N)&lt;\/a&gt;\" data-order=\"&lt;a href=&quot;https:\/\/teec.org.mx\/web\/wp-content\/uploads\/2023\/09\/TEEC-RAP-19-2023-04-09-2023.pdf&quot; target=&quot;_blank&quot;&gt;TEEC\/RAP\/19\/2023 (ACUERDO SE FIJA FECHA Y HORA PARA SESI\u00d3N)&lt;\/a&gt;\" ><a href=\"https:\/\/teec.org.mx\/web\/wp-content\/uploads\/2023\/09\/TEEC-RAP-19-2023-04-09-2023.pdf\" target=\"_blank\">TEEC\/RAP\/19\/2023 (ACUERDO SE FIJA FECHA Y HORA PARA SESI\u00d3N)<\/a><\/td><\/tr><tr style=\"height:px\" ><td data-cell-id=\"A223\" data-x=\"0\" data-y=\"223\" data-db-index=\"223\" class=\"fsize-18\" data-cell-type=\"text\" data-original-value=\"04 DE SEPTIEMBRE DE 2023, A LAS 11:08 HORAS\" data-order=\"04 DE SEPTIEMBRE DE 2023, A LAS 11:08 HORAS\" >04 DE SEPTIEMBRE DE 2023, A LAS 11:08 HORAS <\/td><td data-cell-id=\"B223\" data-x=\"1\" data-y=\"223\" data-db-index=\"223\" class=\"fsize-18\" data-cell-type=\"text\" data-original-value=\"PARTIDO ACCI\u00d3N NACIONAL\" data-order=\"PARTIDO ACCI\u00d3N NACIONAL\" >PARTIDO ACCI\u00d3N NACIONAL <\/td><td data-cell-id=\"C223\" data-x=\"2\" data-y=\"223\" data-db-index=\"223\" class=\"fsize-18\" data-cell-type=\"text\" data-original-value=\"CONSEJO GENERAL DEL INSTITUTO ELECTORAL DEL ESTADO DE CAMPECHE\" data-order=\"CONSEJO GENERAL DEL INSTITUTO ELECTORAL DEL ESTADO DE CAMPECHE\" >CONSEJO GENERAL DEL INSTITUTO ELECTORAL DEL ESTADO DE CAMPECHE <\/td><td data-cell-id=\"D223\" data-x=\"3\" data-y=\"223\" data-db-index=\"223\" class=\"fsize-18\" data-cell-type=\"text\" data-original-value=\"&lt;a href=&quot;https:\/\/teec.org.mx\/web\/wp-content\/uploads\/2023\/09\/TEEC-RAP-18-2023-04-09-2023.pdf&quot; target=&quot;_blank&quot;&gt;TEEC\/RAP\/18\/2023 (ACUERDO SE FIJA FECHA Y HORA PARA SESI\u00d3N)&lt;\/a&gt;\" data-order=\"&lt;a href=&quot;https:\/\/teec.org.mx\/web\/wp-content\/uploads\/2023\/09\/TEEC-RAP-18-2023-04-09-2023.pdf&quot; target=&quot;_blank&quot;&gt;TEEC\/RAP\/18\/2023 (ACUERDO SE FIJA FECHA Y HORA PARA SESI\u00d3N)&lt;\/a&gt;\" ><a href=\"https:\/\/teec.org.mx\/web\/wp-content\/uploads\/2023\/09\/TEEC-RAP-18-2023-04-09-2023.pdf\" target=\"_blank\">TEEC\/RAP\/18\/2023 (ACUERDO SE FIJA FECHA Y HORA PARA SESI\u00d3N)<\/a><\/td><\/tr><tr style=\"height:px\" ><td data-cell-id=\"A224\" data-x=\"0\" data-y=\"224\" data-db-index=\"224\" class=\"fsize-18\" data-cell-type=\"text\" data-original-value=\"04 DE SEPTIEMBRE DE 2023, A LAS 11:00 HORAS\" data-order=\"04 DE SEPTIEMBRE DE 2023, A LAS 11:00 HORAS\" >04 DE SEPTIEMBRE DE 2023, A LAS 11:00 HORAS <\/td><td data-cell-id=\"B224\" data-x=\"1\" data-y=\"224\" data-db-index=\"224\" class=\"fsize-18\" data-cell-type=\"text\" data-original-value=\"PARTIDO ENCUENTRO SOLIDARIO\" data-order=\"PARTIDO ENCUENTRO SOLIDARIO\" >PARTIDO ENCUENTRO SOLIDARIO <\/td><td data-cell-id=\"C224\" data-x=\"2\" data-y=\"224\" data-db-index=\"224\" class=\"fsize-18\" data-cell-type=\"text\" data-original-value=\"CONSEJO GENERAL DEL INSTITUTO ELECTORAL DEL ESTADO DE CAMPECHE\" data-order=\"CONSEJO GENERAL DEL INSTITUTO ELECTORAL DEL ESTADO DE CAMPECHE\" >CONSEJO GENERAL DEL INSTITUTO ELECTORAL DEL ESTADO DE CAMPECHE <\/td><td data-cell-id=\"D224\" data-x=\"3\" data-y=\"224\" data-db-index=\"224\" class=\"fsize-18\" data-cell-type=\"text\" data-original-value=\"&lt;a href=&quot;https:\/\/teec.org.mx\/web\/wp-content\/uploads\/2023\/09\/TEEC-RAP-17-2023-04-09-2023.pdf&quot; target=&quot;_blank&quot;&gt;TEEC\/RAP\/17\/2023 (ACUERDO SE FIJA FECHA Y HORA PARA SESI\u00d3N)&lt;\/a&gt;\" data-order=\"&lt;a href=&quot;https:\/\/teec.org.mx\/web\/wp-content\/uploads\/2023\/09\/TEEC-RAP-17-2023-04-09-2023.pdf&quot; target=&quot;_blank&quot;&gt;TEEC\/RAP\/17\/2023 (ACUERDO SE FIJA FECHA Y HORA PARA SESI\u00d3N)&lt;\/a&gt;\" ><a href=\"https:\/\/teec.org.mx\/web\/wp-content\/uploads\/2023\/09\/TEEC-RAP-17-2023-04-09-2023.pdf\" target=\"_blank\">TEEC\/RAP\/17\/2023 (ACUERDO SE FIJA FECHA Y HORA PARA SESI\u00d3N)<\/a><\/td><\/tr><tr style=\"height:px\" ><td data-cell-id=\"A225\" data-x=\"0\" data-y=\"225\" data-db-index=\"225\" class=\"fsize-18\" data-cell-type=\"text\" data-original-value=\"04 DE SEPTIEMBRE DE 2023, A LAS 10:28 HORAS\" data-order=\"04 DE SEPTIEMBRE DE 2023, A LAS 10:28 HORAS\" >04 DE SEPTIEMBRE DE 2023, A LAS 10:28 HORAS <\/td><td data-cell-id=\"B225\" data-x=\"1\" data-y=\"225\" data-db-index=\"225\" class=\"fsize-18\" data-cell-type=\"text\" data-original-value=\"C\u00c9SAR ISMAEL MART\u00cdN EHU\u00c1N, REPRESENTANTE PROPIETARIO DEL PARTIDO ACCI\u00d3N NACIONAL EN CAMPECHE\" data-order=\"C\u00c9SAR ISMAEL MART\u00cdN EHU\u00c1N, REPRESENTANTE PROPIETARIO DEL PARTIDO ACCI\u00d3N NACIONAL EN CAMPECHE\" >C\u00c9SAR ISMAEL MART\u00cdN EHU\u00c1N, REPRESENTANTE PROPIETARIO DEL PARTIDO ACCI\u00d3N NACIONAL EN CAMPECHE <\/td><td data-cell-id=\"C225\" data-x=\"2\" data-y=\"225\" data-db-index=\"225\" class=\"fsize-18\" data-cell-type=\"text\" data-original-value=\"CONSEJO GENERAL DEL INSTITUTO ELECTORAL DEL ESTADO DE CAMPECHE\" data-order=\"CONSEJO GENERAL DEL INSTITUTO ELECTORAL DEL ESTADO DE CAMPECHE\" >CONSEJO GENERAL DEL INSTITUTO ELECTORAL DEL ESTADO DE CAMPECHE <\/td><td data-cell-id=\"D225\" data-x=\"3\" data-y=\"225\" data-db-index=\"225\" class=\"fsize-18\" data-cell-type=\"text\" data-original-value=\"&lt;a href=&quot;https:\/\/teec.org.mx\/web\/wp-content\/uploads\/2023\/09\/TEEC-RAP-22-2023-04-09-2023.pdf&quot; target=&quot;_blank&quot;&gt;TEEC\/RAP\/22\/2023 (ACUERDO DE SOL. DE FECHA Y HORA PARA SESI\u00d3N)&lt;\/a&gt;\" data-order=\"&lt;a href=&quot;https:\/\/teec.org.mx\/web\/wp-content\/uploads\/2023\/09\/TEEC-RAP-22-2023-04-09-2023.pdf&quot; target=&quot;_blank&quot;&gt;TEEC\/RAP\/22\/2023 (ACUERDO DE SOL. DE FECHA Y HORA PARA SESI\u00d3N)&lt;\/a&gt;\" ><a href=\"https:\/\/teec.org.mx\/web\/wp-content\/uploads\/2023\/09\/TEEC-RAP-22-2023-04-09-2023.pdf\" target=\"_blank\">TEEC\/RAP\/22\/2023 (ACUERDO DE SOL. DE FECHA Y HORA PARA SESI\u00d3N)<\/a><\/td><\/tr><tr style=\"height:px\" ><td data-cell-id=\"A226\" data-x=\"0\" data-y=\"226\" data-db-index=\"226\" class=\"fsize-18\" data-cell-type=\"text\" data-original-value=\"04 DE SEPTIEMBRE DE 2023, A LAS 10:22 HORAS\" data-order=\"04 DE SEPTIEMBRE DE 2023, A LAS 10:22 HORAS\" >04 DE SEPTIEMBRE DE 2023, A LAS 10:22 HORAS <\/td><td data-cell-id=\"B226\" data-x=\"1\" data-y=\"226\" data-db-index=\"226\" class=\"fsize-18\" data-cell-type=\"text\" data-original-value=\"C\u00c9SAR ISMAEL MART\u00cdN EHU\u00c1N, QUIEN SE OSTENTA COMO REPRESENTANTE PROPIETARIO DEL PARTIDO ACCI\u00d3N NACIONAL ANTE EL CONSEJO GENERAL DEL INSTITUTO ELECTORAL DEL ESTADO DE CAMPECHE\" data-order=\"C\u00c9SAR ISMAEL MART\u00cdN EHU\u00c1N, QUIEN SE OSTENTA COMO REPRESENTANTE PROPIETARIO DEL PARTIDO ACCI\u00d3N NACIONAL ANTE EL CONSEJO GENERAL DEL INSTITUTO ELECTORAL DEL ESTADO DE CAMPECHE\" >C\u00c9SAR ISMAEL MART\u00cdN EHU\u00c1N, QUIEN SE OSTENTA COMO REPRESENTANTE PROPIETARIO DEL PARTIDO ACCI\u00d3N NACIONAL ANTE EL CONSEJO GENERAL DEL INSTITUTO ELECTORAL DEL ESTADO DE CAMPECHE <\/td><td data-cell-id=\"C226\" data-x=\"2\" data-y=\"226\" data-db-index=\"226\" class=\"fsize-18\" data-cell-type=\"text\" data-original-value=\"CONSEJO GENERAL DEL INSTITUTO ELECTORAL DEL ESTADO DE CAMPECHE\" data-order=\"CONSEJO GENERAL DEL INSTITUTO ELECTORAL DEL ESTADO DE CAMPECHE\" >CONSEJO GENERAL DEL INSTITUTO ELECTORAL DEL ESTADO DE CAMPECHE <\/td><td data-cell-id=\"D226\" data-x=\"3\" data-y=\"226\" data-db-index=\"226\" class=\"fsize-18\" data-cell-type=\"text\" data-original-value=\"&lt;a href=&quot;https:\/\/teec.org.mx\/web\/wp-content\/uploads\/2023\/09\/TEEC-RAP-21-2023-04-09-2023.pdf&quot; target=&quot;_self&quot;&gt;TEEC\/RAP\/21\/2023 (ACUERDO DE SOL. DE FECHA Y HORA PARA SESI\u00d3N)&lt;\/a&gt;\" data-order=\"&lt;a href=&quot;https:\/\/teec.org.mx\/web\/wp-content\/uploads\/2023\/09\/TEEC-RAP-21-2023-04-09-2023.pdf&quot; target=&quot;_self&quot;&gt;TEEC\/RAP\/21\/2023 (ACUERDO DE SOL. DE FECHA Y HORA PARA SESI\u00d3N)&lt;\/a&gt;\" ><a href=\"https:\/\/teec.org.mx\/web\/wp-content\/uploads\/2023\/09\/TEEC-RAP-21-2023-04-09-2023.pdf\" target=\"_self\">TEEC\/RAP\/21\/2023 (ACUERDO DE SOL. DE FECHA Y HORA PARA SESI\u00d3N)<\/a><\/td><\/tr><tr style=\"height:px\" ><td data-cell-id=\"A227\" data-x=\"0\" data-y=\"227\" data-db-index=\"227\" class=\"fsize-18\" data-cell-type=\"text\" data-original-value=\"29 DE AGOSTO DE 2023, A LAS 11:48 HORAS\" data-order=\"29 DE AGOSTO DE 2023, A LAS 11:48 HORAS\" >29 DE AGOSTO DE 2023, A LAS 11:48 HORAS <\/td><td data-cell-id=\"B227\" data-x=\"1\" data-y=\"227\" data-db-index=\"227\" class=\"fsize-18\" data-cell-type=\"text\" data-original-value=\"C\u00c9SAR ISMAEL MART\u00cdN EHU\u00c1N, REPRESENTANTE PROPIETARIO DEL PARTIDO ACCI\u00d3N NACIONAL ANTE EL CONSEJO GENERAL DEL INSTITUTO ELECTORAL DEL ESTADO DE CAMPECHE\" data-order=\"C\u00c9SAR ISMAEL MART\u00cdN EHU\u00c1N, REPRESENTANTE PROPIETARIO DEL PARTIDO ACCI\u00d3N NACIONAL ANTE EL CONSEJO GENERAL DEL INSTITUTO ELECTORAL DEL ESTADO DE CAMPECHE\" >C\u00c9SAR ISMAEL MART\u00cdN EHU\u00c1N, REPRESENTANTE PROPIETARIO DEL PARTIDO ACCI\u00d3N NACIONAL ANTE EL CONSEJO GENERAL DEL INSTITUTO ELECTORAL DEL ESTADO DE CAMPECHE <\/td><td data-cell-id=\"C227\" data-x=\"2\" data-y=\"227\" data-db-index=\"227\" class=\"fsize-18\" data-cell-type=\"text\" data-original-value=\"CONSEJO GENERAL DEL INSTITUTO ELECTORAL DEL ESTADO DE CAMPECHE\" data-order=\"CONSEJO GENERAL DEL INSTITUTO ELECTORAL DEL ESTADO DE CAMPECHE\" >CONSEJO GENERAL DEL INSTITUTO ELECTORAL DEL ESTADO DE CAMPECHE <\/td><td data-cell-id=\"D227\" data-x=\"3\" data-y=\"227\" data-db-index=\"227\" class=\"fsize-18\" data-cell-type=\"text\" data-original-value=\"&lt;a href=&quot;https:\/\/teec.org.mx\/web\/wp-content\/uploads\/2023\/08\/TEEC-RAP-16-2023-29-08-2023.pdf&quot; target=&quot;_blank&quot;&gt;TEEC\/RAP\/16\/2023 (ACUERDO DE RECEPCI\u00d3N Y RADICACI\u00d3N)&lt;\/a&gt;\" data-order=\"&lt;a href=&quot;https:\/\/teec.org.mx\/web\/wp-content\/uploads\/2023\/08\/TEEC-RAP-16-2023-29-08-2023.pdf&quot; target=&quot;_blank&quot;&gt;TEEC\/RAP\/16\/2023 (ACUERDO DE RECEPCI\u00d3N Y RADICACI\u00d3N)&lt;\/a&gt;\" ><a href=\"https:\/\/teec.org.mx\/web\/wp-content\/uploads\/2023\/08\/TEEC-RAP-16-2023-29-08-2023.pdf\" target=\"_blank\">TEEC\/RAP\/16\/2023 (ACUERDO DE RECEPCI\u00d3N Y RADICACI\u00d3N)<\/a><\/td><\/tr><tr style=\"height:px\" ><td data-cell-id=\"A228\" data-x=\"0\" data-y=\"228\" data-db-index=\"228\" class=\"fsize-18\" data-cell-type=\"text\" data-original-value=\"29 DE AGOSTO DE 2023, A LAS 11:38 HORAS\" data-order=\"29 DE AGOSTO DE 2023, A LAS 11:38 HORAS\" >29 DE AGOSTO DE 2023, A LAS 11:38 HORAS <\/td><td data-cell-id=\"B228\" data-x=\"1\" data-y=\"228\" data-db-index=\"228\" class=\"fsize-18\" data-cell-type=\"text\" data-original-value=\"PEDRO ESTRADA C\u00d3RDOVA, REPRESENTANTE PROPIETARIO DEL PARTIDO MOVIMIENTO CIUDADANO ANTE EL CONSEJO GENERAL DEL INSTITUTO ELECTORAL DEL ESTADO DE CAMPECHE\" data-order=\"PEDRO ESTRADA C\u00d3RDOVA, REPRESENTANTE PROPIETARIO DEL PARTIDO MOVIMIENTO CIUDADANO ANTE EL CONSEJO GENERAL DEL INSTITUTO ELECTORAL DEL ESTADO DE CAMPECHE\" >PEDRO ESTRADA C\u00d3RDOVA, REPRESENTANTE PROPIETARIO DEL PARTIDO MOVIMIENTO CIUDADANO ANTE EL CONSEJO GENERAL DEL INSTITUTO ELECTORAL DEL ESTADO DE CAMPECHE <\/td><td data-cell-id=\"C228\" data-x=\"2\" data-y=\"228\" data-db-index=\"228\" class=\"fsize-18\" data-cell-type=\"text\" data-original-value=\"CONSEJO GENERAL DEL INSTITUTO ELECTORAL DEL ESTADO DE CAMPECHE\" data-order=\"CONSEJO GENERAL DEL INSTITUTO ELECTORAL DEL ESTADO DE CAMPECHE\" >CONSEJO GENERAL DEL INSTITUTO ELECTORAL DEL ESTADO DE CAMPECHE <\/td><td data-cell-id=\"D228\" data-x=\"3\" data-y=\"228\" data-db-index=\"228\" class=\"fsize-18\" data-cell-type=\"text\" data-original-value=\"&lt;a href=&quot;https:\/\/teec.org.mx\/web\/wp-content\/uploads\/2023\/08\/TEEC-RAP-15-2023-29-08-2023.pdf&quot; target=&quot;_blank&quot;&gt;TEEC\/RAP\/15\/2023 (ACUERDO DE RECEPCI\u00d3N Y RADICACI\u00d3N)&lt;\/a&gt;\" data-order=\"&lt;a href=&quot;https:\/\/teec.org.mx\/web\/wp-content\/uploads\/2023\/08\/TEEC-RAP-15-2023-29-08-2023.pdf&quot; target=&quot;_blank&quot;&gt;TEEC\/RAP\/15\/2023 (ACUERDO DE RECEPCI\u00d3N Y RADICACI\u00d3N)&lt;\/a&gt;\" ><a href=\"https:\/\/teec.org.mx\/web\/wp-content\/uploads\/2023\/08\/TEEC-RAP-15-2023-29-08-2023.pdf\" target=\"_blank\">TEEC\/RAP\/15\/2023 (ACUERDO DE RECEPCI\u00d3N Y RADICACI\u00d3N)<\/a><\/td><\/tr><tr style=\"height:px\" ><td data-cell-id=\"A229\" data-x=\"0\" data-y=\"229\" data-db-index=\"229\" class=\"fsize-18\" data-cell-type=\"text\" data-original-value=\"29 DE AGOSTO DE 2023, A LAS 11:25 HORAS\" data-order=\"29 DE AGOSTO DE 2023, A LAS 11:25 HORAS\" >29 DE AGOSTO DE 2023, A LAS 11:25 HORAS <\/td><td data-cell-id=\"B229\" data-x=\"1\" data-y=\"229\" data-db-index=\"229\" class=\"fsize-18\" data-cell-type=\"text\" data-original-value=\"JUAN GUALBERTO ALONZO REBOLLEDO, REPRESENTANTE PROPIETARIO DEL PARTIDO REVOLUCIONARIO INSTITUCIONAL ANTE EL CONSEJO GENERAL DEL INSTITUTO ELECTORAL DEL ESTADO DE CAMPECHE\" data-order=\"JUAN GUALBERTO ALONZO REBOLLEDO, REPRESENTANTE PROPIETARIO DEL PARTIDO REVOLUCIONARIO INSTITUCIONAL ANTE EL CONSEJO GENERAL DEL INSTITUTO ELECTORAL DEL ESTADO DE CAMPECHE\" >JUAN GUALBERTO ALONZO REBOLLEDO, REPRESENTANTE PROPIETARIO DEL PARTIDO REVOLUCIONARIO INSTITUCIONAL ANTE EL CONSEJO GENERAL DEL INSTITUTO ELECTORAL DEL ESTADO DE CAMPECHE <\/td><td data-cell-id=\"C229\" data-x=\"2\" data-y=\"229\" data-db-index=\"229\" class=\"fsize-18\" data-cell-type=\"text\" data-original-value=\"CONSEJO GENERAL DEL INSTITUTO ELECTORAL DEL ESTADO DE CAMPECHE\" data-order=\"CONSEJO GENERAL DEL INSTITUTO ELECTORAL DEL ESTADO DE CAMPECHE\" >CONSEJO GENERAL DEL INSTITUTO ELECTORAL DEL ESTADO DE CAMPECHE <\/td><td data-cell-id=\"D229\" data-x=\"3\" data-y=\"229\" data-db-index=\"229\" class=\"fsize-18\" data-cell-type=\"text\" data-original-value=\"&lt;a href=&quot;https:\/\/teec.org.mx\/web\/wp-content\/uploads\/2023\/08\/TEEC-RAP-14-2023-29-08-2023.pdf&quot; target=&quot;_blank&quot;&gt;TEEC\/RAP\/14\/2023 (ACUERDO DE RECEPCI\u00d3N Y RADICACI\u00d3N)&lt;\/a&gt;\" data-order=\"&lt;a href=&quot;https:\/\/teec.org.mx\/web\/wp-content\/uploads\/2023\/08\/TEEC-RAP-14-2023-29-08-2023.pdf&quot; target=&quot;_blank&quot;&gt;TEEC\/RAP\/14\/2023 (ACUERDO DE RECEPCI\u00d3N Y RADICACI\u00d3N)&lt;\/a&gt;\" ><a href=\"https:\/\/teec.org.mx\/web\/wp-content\/uploads\/2023\/08\/TEEC-RAP-14-2023-29-08-2023.pdf\" target=\"_blank\">TEEC\/RAP\/14\/2023 (ACUERDO DE RECEPCI\u00d3N Y RADICACI\u00d3N)<\/a><\/td><\/tr><tr style=\"height:px\" ><td data-cell-id=\"A230\" data-x=\"0\" data-y=\"230\" data-db-index=\"230\" class=\"fsize-18\" data-cell-type=\"text\" data-original-value=\"29 DE AGOSTO DE 2023, A LAS 10:16 HORAS\" data-order=\"29 DE AGOSTO DE 2023, A LAS 10:16 HORAS\" >29 DE AGOSTO DE 2023, A LAS 10:16 HORAS <\/td><td data-cell-id=\"B230\" data-x=\"1\" data-y=\"230\" data-db-index=\"230\" class=\"fsize-18\" data-cell-type=\"text\" data-original-value=\"C\u00c9SAR ISMAEL MART\u00cdN EHU\u00c1N, REPRESENTANTE PROPIETARIO DEL PARTIDO ACCI\u00d3N NACIONAL EN CAMPECHE\" data-order=\"C\u00c9SAR ISMAEL MART\u00cdN EHU\u00c1N, REPRESENTANTE PROPIETARIO DEL PARTIDO ACCI\u00d3N NACIONAL EN CAMPECHE\" >C\u00c9SAR ISMAEL MART\u00cdN EHU\u00c1N, REPRESENTANTE PROPIETARIO DEL PARTIDO ACCI\u00d3N NACIONAL EN CAMPECHE <\/td><td data-cell-id=\"C230\" data-x=\"2\" data-y=\"230\" data-db-index=\"230\" class=\"fsize-18\" data-cell-type=\"text\" data-original-value=\"CONSEJO GENERAL DEL INSTITUTO ELECTORAL DEL ESTADO DE CAMPECHE\" data-order=\"CONSEJO GENERAL DEL INSTITUTO ELECTORAL DEL ESTADO DE CAMPECHE\" >CONSEJO GENERAL DEL INSTITUTO ELECTORAL DEL ESTADO DE CAMPECHE <\/td><td data-cell-id=\"D230\" data-x=\"3\" data-y=\"230\" data-db-index=\"230\" class=\"fsize-18\" data-cell-type=\"text\" data-original-value=\"&lt;a href=&quot;https:\/\/teec.org.mx\/web\/wp-content\/uploads\/2023\/08\/TEEC-RAP-22-2023-29-08-2023.pdf&quot; target=&quot;_blank&quot;&gt;TEEC\/RAP\/22\/2023 (ACUERDO DE RECEPCI\u00d3N Y RADICACI\u00d3N)&lt;\/a&gt;\" data-order=\"&lt;a href=&quot;https:\/\/teec.org.mx\/web\/wp-content\/uploads\/2023\/08\/TEEC-RAP-22-2023-29-08-2023.pdf&quot; target=&quot;_blank&quot;&gt;TEEC\/RAP\/22\/2023 (ACUERDO DE RECEPCI\u00d3N Y RADICACI\u00d3N)&lt;\/a&gt;\" ><a href=\"https:\/\/teec.org.mx\/web\/wp-content\/uploads\/2023\/08\/TEEC-RAP-22-2023-29-08-2023.pdf\" target=\"_blank\">TEEC\/RAP\/22\/2023 (ACUERDO DE RECEPCI\u00d3N Y RADICACI\u00d3N)<\/a><\/td><\/tr><tr style=\"height:px\" ><td data-cell-id=\"A231\" data-x=\"0\" data-y=\"231\" data-db-index=\"231\" class=\"fsize-18\" data-cell-type=\"text\" data-original-value=\"28 DE AGOSTO DE 2023, A LAS 11:26 HORAS\" data-order=\"28 DE AGOSTO DE 2023, A LAS 11:26 HORAS\" >28 DE AGOSTO DE 2023, A LAS 11:26 HORAS <\/td><td data-cell-id=\"B231\" data-x=\"1\" data-y=\"231\" data-db-index=\"231\" class=\"fsize-18\" data-cell-type=\"text\" data-original-value=\"PARTIDO DE LA REVOLUCI\u00d3N DEMOCR\u00c1TICA\" data-order=\"PARTIDO DE LA REVOLUCI\u00d3N DEMOCR\u00c1TICA\" >PARTIDO DE LA REVOLUCI\u00d3N DEMOCR\u00c1TICA <\/td><td data-cell-id=\"C231\" data-x=\"2\" data-y=\"231\" data-db-index=\"231\" class=\"fsize-18\" data-cell-type=\"text\" data-original-value=\"CONSEJO GENERAL DEL INSTITUTO ELECTORAL DEL ESTADO DE CAMPECHE\" data-order=\"CONSEJO GENERAL DEL INSTITUTO ELECTORAL DEL ESTADO DE CAMPECHE\" >CONSEJO GENERAL DEL INSTITUTO ELECTORAL DEL ESTADO DE CAMPECHE <\/td><td data-cell-id=\"D231\" data-x=\"3\" data-y=\"231\" data-db-index=\"231\" class=\"fsize-18\" data-cell-type=\"text\" data-original-value=\"&lt;a href=&quot;https:\/\/teec.org.mx\/web\/wp-content\/uploads\/2023\/08\/TEEC-RAP-20-2023-28-08-2023.pdf&quot; target=&quot;_blank&quot;&gt;TEEC\/RAP\/20\/2023 (RECEPCI\u00d3N Y RADICACI\u00d3N)&lt;\/a&gt;\" data-order=\"&lt;a href=&quot;https:\/\/teec.org.mx\/web\/wp-content\/uploads\/2023\/08\/TEEC-RAP-20-2023-28-08-2023.pdf&quot; target=&quot;_blank&quot;&gt;TEEC\/RAP\/20\/2023 (RECEPCI\u00d3N Y RADICACI\u00d3N)&lt;\/a&gt;\" ><a href=\"https:\/\/teec.org.mx\/web\/wp-content\/uploads\/2023\/08\/TEEC-RAP-20-2023-28-08-2023.pdf\" target=\"_blank\">TEEC\/RAP\/20\/2023 (RECEPCI\u00d3N Y RADICACI\u00d3N)<\/a><\/td><\/tr><tr style=\"height:px\" ><td data-cell-id=\"A232\" data-x=\"0\" data-y=\"232\" data-db-index=\"232\" class=\"fsize-18\" data-cell-type=\"text\" data-original-value=\"28 DE AGOSTO DE 2023, A LAS 11:18 HORAS\" data-order=\"28 DE AGOSTO DE 2023, A LAS 11:18 HORAS\" >28 DE AGOSTO DE 2023, A LAS 11:18 HORAS <\/td><td data-cell-id=\"B232\" data-x=\"1\" data-y=\"232\" data-db-index=\"232\" class=\"fsize-18\" data-cell-type=\"text\" data-original-value=\"PARTIDO REVOLUCIONARIO INSTITUCIONAL\" data-order=\"PARTIDO REVOLUCIONARIO INSTITUCIONAL\" >PARTIDO REVOLUCIONARIO INSTITUCIONAL <\/td><td data-cell-id=\"C232\" data-x=\"2\" data-y=\"232\" data-db-index=\"232\" class=\"fsize-18\" data-cell-type=\"text\" data-original-value=\"CONSEJO GENERAL DEL INSTITUTO ELECTORAL DEL ESTADO DE CAMPECHE\" data-order=\"CONSEJO GENERAL DEL INSTITUTO ELECTORAL DEL ESTADO DE CAMPECHE\" >CONSEJO GENERAL DEL INSTITUTO ELECTORAL DEL ESTADO DE CAMPECHE <\/td><td data-cell-id=\"D232\" data-x=\"3\" data-y=\"232\" data-db-index=\"232\" class=\"fsize-18\" data-cell-type=\"text\" data-original-value=\"&lt;a href=&quot;https:\/\/teec.org.mx\/web\/wp-content\/uploads\/2023\/08\/TEEC-RAP-19-2023-28-08-2023.pdf&quot; target=&quot;_blank&quot;&gt;TEEC\/RAP\/19\/2023 (RECEPCI\u00d3N Y RADICACI\u00d3N)&lt;\/a&gt;\" data-order=\"&lt;a href=&quot;https:\/\/teec.org.mx\/web\/wp-content\/uploads\/2023\/08\/TEEC-RAP-19-2023-28-08-2023.pdf&quot; target=&quot;_blank&quot;&gt;TEEC\/RAP\/19\/2023 (RECEPCI\u00d3N Y RADICACI\u00d3N)&lt;\/a&gt;\" ><a href=\"https:\/\/teec.org.mx\/web\/wp-content\/uploads\/2023\/08\/TEEC-RAP-19-2023-28-08-2023.pdf\" target=\"_blank\">TEEC\/RAP\/19\/2023 (RECEPCI\u00d3N Y RADICACI\u00d3N)<\/a><\/td><\/tr><tr style=\"height:px\" ><td data-cell-id=\"A233\" data-x=\"0\" data-y=\"233\" data-db-index=\"233\" class=\"fsize-18\" data-cell-type=\"text\" data-original-value=\"28 DE AGOSTO DE 2023, A LAS 11:09 HORAS\" data-order=\"28 DE AGOSTO DE 2023, A LAS 11:09 HORAS\" >28 DE AGOSTO DE 2023, A LAS 11:09 HORAS <\/td><td data-cell-id=\"B233\" data-x=\"1\" data-y=\"233\" data-db-index=\"233\" class=\"fsize-18\" data-cell-type=\"text\" data-original-value=\"PARTIDO ACCI\u00d3N NACIONAL\" data-order=\"PARTIDO ACCI\u00d3N NACIONAL\" >PARTIDO ACCI\u00d3N NACIONAL <\/td><td data-cell-id=\"C233\" data-x=\"2\" data-y=\"233\" data-db-index=\"233\" class=\"fsize-18\" data-cell-type=\"text\" data-original-value=\"CONSEJO GENERAL DEL INSTITUTO ELECTORAL DEL ESTADO DE CAMPECHE\" data-order=\"CONSEJO GENERAL DEL INSTITUTO ELECTORAL DEL ESTADO DE CAMPECHE\" >CONSEJO GENERAL DEL INSTITUTO ELECTORAL DEL ESTADO DE CAMPECHE <\/td><td data-cell-id=\"D233\" data-x=\"3\" data-y=\"233\" data-db-index=\"233\" class=\"fsize-18\" data-cell-type=\"text\" data-original-value=\"&lt;a href=&quot;https:\/\/teec.org.mx\/web\/wp-content\/uploads\/2023\/08\/TEEC-RAP-18-2023-28-08-2023.pdf&quot; target=&quot;_blank&quot;&gt;TEEC\/RAP\/18\/2023 (RECEPCI\u00d3N Y RADICACI\u00d3N)&lt;\/a&gt;\" data-order=\"&lt;a href=&quot;https:\/\/teec.org.mx\/web\/wp-content\/uploads\/2023\/08\/TEEC-RAP-18-2023-28-08-2023.pdf&quot; target=&quot;_blank&quot;&gt;TEEC\/RAP\/18\/2023 (RECEPCI\u00d3N Y RADICACI\u00d3N)&lt;\/a&gt;\" ><a href=\"https:\/\/teec.org.mx\/web\/wp-content\/uploads\/2023\/08\/TEEC-RAP-18-2023-28-08-2023.pdf\" target=\"_blank\">TEEC\/RAP\/18\/2023 (RECEPCI\u00d3N Y RADICACI\u00d3N)<\/a><\/td><\/tr><tr style=\"height:px\" ><td data-cell-id=\"A234\" data-x=\"0\" data-y=\"234\" data-db-index=\"234\" class=\"fsize-18\" data-cell-type=\"text\" data-original-value=\"28 DE AGOSTO DE 2023, A LAS 10:58 HORAS\" data-order=\"28 DE AGOSTO DE 2023, A LAS 10:58 HORAS\" >28 DE AGOSTO DE 2023, A LAS 10:58 HORAS <\/td><td data-cell-id=\"B234\" data-x=\"1\" data-y=\"234\" data-db-index=\"234\" class=\"fsize-18\" data-cell-type=\"text\" data-original-value=\"PARTIDO ENCUENTRO SOLIDARIO CAMPECHE\" data-order=\"PARTIDO ENCUENTRO SOLIDARIO CAMPECHE\" >PARTIDO ENCUENTRO SOLIDARIO CAMPECHE <\/td><td data-cell-id=\"C234\" data-x=\"2\" data-y=\"234\" data-db-index=\"234\" class=\"fsize-18\" data-cell-type=\"text\" data-original-value=\"CONSEJO GENERAL DEL INSTITUTO ELECTORAL DEL ESTADO DE CAMPECHE\" data-order=\"CONSEJO GENERAL DEL INSTITUTO ELECTORAL DEL ESTADO DE CAMPECHE\" >CONSEJO GENERAL DEL INSTITUTO ELECTORAL DEL ESTADO DE CAMPECHE <\/td><td data-cell-id=\"D234\" data-x=\"3\" data-y=\"234\" data-db-index=\"234\" class=\"fsize-18\" data-cell-type=\"text\" data-original-value=\"&lt;a href=&quot;https:\/\/teec.org.mx\/web\/wp-content\/uploads\/2023\/08\/TEEC-RAP-17-2023-28-08-2023.pdf&quot; target=&quot;_blank&quot;&gt;TEEC\/RAP\/17\/2023 (RECEPCI\u00d3N Y RADICACI\u00d3N)&lt;\/a&gt;\" data-order=\"&lt;a href=&quot;https:\/\/teec.org.mx\/web\/wp-content\/uploads\/2023\/08\/TEEC-RAP-17-2023-28-08-2023.pdf&quot; target=&quot;_blank&quot;&gt;TEEC\/RAP\/17\/2023 (RECEPCI\u00d3N Y RADICACI\u00d3N)&lt;\/a&gt;\" ><a href=\"https:\/\/teec.org.mx\/web\/wp-content\/uploads\/2023\/08\/TEEC-RAP-17-2023-28-08-2023.pdf\" target=\"_blank\">TEEC\/RAP\/17\/2023 (RECEPCI\u00d3N Y RADICACI\u00d3N)<\/a><\/td><\/tr><tr style=\"height:px\" ><td data-cell-id=\"A235\" data-x=\"0\" data-y=\"235\" data-db-index=\"235\" class=\"fsize-18\" data-cell-type=\"text\" data-original-value=\"25 DE AGOSTO DE 2023, A LAS 14:10 HORAS\" data-order=\"25 DE AGOSTO DE 2023, A LAS 14:10 HORAS\" >25 DE AGOSTO DE 2023, A LAS 14:10 HORAS <\/td><td data-cell-id=\"B235\" data-x=\"1\" data-y=\"235\" data-db-index=\"235\" class=\"fsize-18\" data-cell-type=\"text\" data-original-value=\"ERGI DANIEL PE\u00d1A MACIEL, QUIEN SE OSTENTA COMO REPRESENTANTE PROPIETARIO DEL PARTIDO ENCUENTRO SOLIDARIO ANTE EL CONSEJO GENERAL DEL INSTITUTO ELECTORAL DEL ESTADO DE CAMPECHE\" data-order=\"ERGI DANIEL PE\u00d1A MACIEL, QUIEN SE OSTENTA COMO REPRESENTANTE PROPIETARIO DEL PARTIDO ENCUENTRO SOLIDARIO ANTE EL CONSEJO GENERAL DEL INSTITUTO ELECTORAL DEL ESTADO DE CAMPECHE\" >ERGI DANIEL PE\u00d1A MACIEL, QUIEN SE OSTENTA COMO REPRESENTANTE PROPIETARIO DEL PARTIDO ENCUENTRO SOLIDARIO ANTE EL CONSEJO GENERAL DEL INSTITUTO ELECTORAL DEL ESTADO DE CAMPECHE <\/td><td data-cell-id=\"C235\" data-x=\"2\" data-y=\"235\" data-db-index=\"235\" class=\"fsize-18\" data-cell-type=\"text\" data-original-value=\"CONSEJO GENERAL DEL INSTITUTO ELECTORAL DEL ESTADO DE CAMPECHE\" data-order=\"CONSEJO GENERAL DEL INSTITUTO ELECTORAL DEL ESTADO DE CAMPECHE\" >CONSEJO GENERAL DEL INSTITUTO ELECTORAL DEL ESTADO DE CAMPECHE <\/td><td data-cell-id=\"D235\" data-x=\"3\" data-y=\"235\" data-db-index=\"235\" class=\"fsize-18\" data-cell-type=\"text\" data-original-value=\"&lt;a href=&quot;https:\/\/teec.org.mx\/web\/wp-content\/uploads\/2023\/08\/TEEC-RAP-13-2023-25-08-2023.pdf&quot; target=&quot;_blank&quot;&gt;TEEC\/RAP\/13\/2023 (ACUERDO DE RECEPCI\u00d3N Y RADICACI\u00d3N)&lt;\/a&gt;\" data-order=\"&lt;a href=&quot;https:\/\/teec.org.mx\/web\/wp-content\/uploads\/2023\/08\/TEEC-RAP-13-2023-25-08-2023.pdf&quot; target=&quot;_blank&quot;&gt;TEEC\/RAP\/13\/2023 (ACUERDO DE RECEPCI\u00d3N Y RADICACI\u00d3N)&lt;\/a&gt;\" ><a href=\"https:\/\/teec.org.mx\/web\/wp-content\/uploads\/2023\/08\/TEEC-RAP-13-2023-25-08-2023.pdf\" target=\"_blank\">TEEC\/RAP\/13\/2023 (ACUERDO DE RECEPCI\u00d3N Y RADICACI\u00d3N)<\/a><\/td><\/tr><tr style=\"height:px\" ><td data-cell-id=\"A236\" data-x=\"0\" data-y=\"236\" data-db-index=\"236\" class=\"fsize-18\" data-cell-type=\"text\" data-original-value=\"25 DE AGOSTO DE 2023, A LAS 14:04 HORAS\" data-order=\"25 DE AGOSTO DE 2023, A LAS 14:04 HORAS\" >25 DE AGOSTO DE 2023, A LAS 14:04 HORAS <\/td><td data-cell-id=\"B236\" data-x=\"1\" data-y=\"236\" data-db-index=\"236\" class=\"fsize-18\" data-cell-type=\"text\" data-original-value=\"PEDRO ESTRADA CORDOVA, QUIEN SE OSTENTA COMO REPRESENTANTE DEL PARTIDO MOVIMIENTO CIUDADANO ANTE EL CONSEJO GENERAL DEL INSTITUTO ELECTORAL DEL ESTADO DE CAMPECHE\" data-order=\"PEDRO ESTRADA CORDOVA, QUIEN SE OSTENTA COMO REPRESENTANTE DEL PARTIDO MOVIMIENTO CIUDADANO ANTE EL CONSEJO GENERAL DEL INSTITUTO ELECTORAL DEL ESTADO DE CAMPECHE\" >PEDRO ESTRADA CORDOVA, QUIEN SE OSTENTA COMO REPRESENTANTE DEL PARTIDO MOVIMIENTO CIUDADANO ANTE EL CONSEJO GENERAL DEL INSTITUTO ELECTORAL DEL ESTADO DE CAMPECHE <\/td><td data-cell-id=\"C236\" data-x=\"2\" data-y=\"236\" data-db-index=\"236\" class=\"fsize-18\" data-cell-type=\"text\" data-original-value=\"CONSEJO GENERAL DEL INSTITUTO ELECTORAL DEL ESTADO DE CAMPECHE\" data-order=\"CONSEJO GENERAL DEL INSTITUTO ELECTORAL DEL ESTADO DE CAMPECHE\" >CONSEJO GENERAL DEL INSTITUTO ELECTORAL DEL ESTADO DE CAMPECHE <\/td><td data-cell-id=\"D236\" data-x=\"3\" data-y=\"236\" data-db-index=\"236\" class=\"fsize-18\" data-cell-type=\"text\" data-original-value=\"&lt;a href=&quot;https:\/\/teec.org.mx\/web\/wp-content\/uploads\/2023\/09\/TEEC-RAP-12-2023-25-08-2023.pdf&quot; target=&quot;_blank&quot;&gt;TEEC\/RAP\/12\/2023 (ACUERDO DE RECEPCI\u00d3N Y RADICACI\u00d3N)&lt;\/a&gt;\" data-order=\"&lt;a href=&quot;https:\/\/teec.org.mx\/web\/wp-content\/uploads\/2023\/09\/TEEC-RAP-12-2023-25-08-2023.pdf&quot; target=&quot;_blank&quot;&gt;TEEC\/RAP\/12\/2023 (ACUERDO DE RECEPCI\u00d3N Y RADICACI\u00d3N)&lt;\/a&gt;\" ><a href=\"https:\/\/teec.org.mx\/web\/wp-content\/uploads\/2023\/09\/TEEC-RAP-12-2023-25-08-2023.pdf\" target=\"_blank\">TEEC\/RAP\/12\/2023 (ACUERDO DE RECEPCI\u00d3N Y RADICACI\u00d3N)<\/a><\/td><\/tr><tr style=\"height:px\" ><td data-cell-id=\"A237\" data-x=\"0\" data-y=\"237\" data-db-index=\"237\" class=\"fsize-18\" data-cell-type=\"text\" data-original-value=\"25 DE AGOSTO DE 2023, A LAS 13:55 HORAS\" data-order=\"25 DE AGOSTO DE 2023, A LAS 13:55 HORAS\" >25 DE AGOSTO DE 2023, A LAS 13:55 HORAS <\/td><td data-cell-id=\"B237\" data-x=\"1\" data-y=\"237\" data-db-index=\"237\" class=\"fsize-18\" data-cell-type=\"text\" data-original-value=\"MAR\u00cdA DEL CARMEN P\u00c9REZ L\u00d3PEZ, QUIEN SE OSTENTA COMO REPRESENTANTE PROPIETARIA DEL PARTIDO DE LA REVOLUCI\u00d3N DEMOCR\u00c1TICA ANTE EL CONSEJO GENERAL DEL INSTITUTO ELECTORAL DEL ESTADO DE CAMPECHE\" data-order=\"MAR\u00cdA DEL CARMEN P\u00c9REZ L\u00d3PEZ, QUIEN SE OSTENTA COMO REPRESENTANTE PROPIETARIA DEL PARTIDO DE LA REVOLUCI\u00d3N DEMOCR\u00c1TICA ANTE EL CONSEJO GENERAL DEL INSTITUTO ELECTORAL DEL ESTADO DE CAMPECHE\" >MAR\u00cdA DEL CARMEN P\u00c9REZ L\u00d3PEZ, QUIEN SE OSTENTA COMO REPRESENTANTE PROPIETARIA DEL PARTIDO DE LA REVOLUCI\u00d3N DEMOCR\u00c1TICA ANTE EL CONSEJO GENERAL DEL INSTITUTO ELECTORAL DEL ESTADO DE CAMPECHE <\/td><td data-cell-id=\"C237\" data-x=\"2\" data-y=\"237\" data-db-index=\"237\" class=\"fsize-18\" data-cell-type=\"text\" data-original-value=\"CONSEJO GENERAL DEL INSTITUTO ELECTORAL DEL ESTADO DE CAMPECHE\" data-order=\"CONSEJO GENERAL DEL INSTITUTO ELECTORAL DEL ESTADO DE CAMPECHE\" >CONSEJO GENERAL DEL INSTITUTO ELECTORAL DEL ESTADO DE CAMPECHE <\/td><td data-cell-id=\"D237\" data-x=\"3\" data-y=\"237\" data-db-index=\"237\" class=\"fsize-18\" data-cell-type=\"text\" data-original-value=\"&lt;a href=&quot;https:\/\/teec.org.mx\/web\/wp-content\/uploads\/2023\/08\/TEEC-RAP-11-2023-25-08-2023.pdf&quot; target=&quot;_blank&quot;&gt;TEEC\/RAP\/11\/2023 (ACUERDO DE RECEPCI\u00d3N Y RADICACI\u00d3N)&lt;\/a&gt;\" data-order=\"&lt;a href=&quot;https:\/\/teec.org.mx\/web\/wp-content\/uploads\/2023\/08\/TEEC-RAP-11-2023-25-08-2023.pdf&quot; target=&quot;_blank&quot;&gt;TEEC\/RAP\/11\/2023 (ACUERDO DE RECEPCI\u00d3N Y RADICACI\u00d3N)&lt;\/a&gt;\" ><a href=\"https:\/\/teec.org.mx\/web\/wp-content\/uploads\/2023\/08\/TEEC-RAP-11-2023-25-08-2023.pdf\" target=\"_blank\">TEEC\/RAP\/11\/2023 (ACUERDO DE RECEPCI\u00d3N Y RADICACI\u00d3N)<\/a><\/td><\/tr><tr style=\"height:px\" ><td data-cell-id=\"A238\" data-x=\"0\" data-y=\"238\" data-db-index=\"238\" class=\"fsize-18\" data-cell-type=\"text\" data-original-value=\"25 DE AGOSTO DE 2023, A LAS 13:45 HORAS\" data-order=\"25 DE AGOSTO DE 2023, A LAS 13:45 HORAS\" >25 DE AGOSTO DE 2023, A LAS 13:45 HORAS <\/td><td data-cell-id=\"B238\" data-x=\"1\" data-y=\"238\" data-db-index=\"238\" class=\"fsize-18\" data-cell-type=\"text\" data-original-value=\"JUAN GUALBERTO ALONZO REBOLLEDO, QUIEN SE OSTENTA COMO REPRESENTANTE PROPIETARIO DEL PARTIDO REVOLUCIONARIO INSTITUCIONAL ANTE EL CONSEJO GENERAL DEL INSTITUTO ELECTORAL DEL ESTADO DE CAMPECHE\" data-order=\"JUAN GUALBERTO ALONZO REBOLLEDO, QUIEN SE OSTENTA COMO REPRESENTANTE PROPIETARIO DEL PARTIDO REVOLUCIONARIO INSTITUCIONAL ANTE EL CONSEJO GENERAL DEL INSTITUTO ELECTORAL DEL ESTADO DE CAMPECHE\" >JUAN GUALBERTO ALONZO REBOLLEDO, QUIEN SE OSTENTA COMO REPRESENTANTE PROPIETARIO DEL PARTIDO REVOLUCIONARIO INSTITUCIONAL ANTE EL CONSEJO GENERAL DEL INSTITUTO ELECTORAL DEL ESTADO DE CAMPECHE <\/td><td data-cell-id=\"C238\" data-x=\"2\" data-y=\"238\" data-db-index=\"238\" class=\"fsize-18\" data-cell-type=\"text\" data-original-value=\"CONSEJO GENERAL DEL INSTITUTO ELECTORAL DEL ESTADO DE CAMPECHE\" data-order=\"CONSEJO GENERAL DEL INSTITUTO ELECTORAL DEL ESTADO DE CAMPECHE\" >CONSEJO GENERAL DEL INSTITUTO ELECTORAL DEL ESTADO DE CAMPECHE <\/td><td data-cell-id=\"D238\" data-x=\"3\" data-y=\"238\" data-db-index=\"238\" class=\"fsize-18\" data-cell-type=\"text\" data-original-value=\"&lt;a href=&quot;https:\/\/teec.org.mx\/web\/wp-content\/uploads\/2023\/08\/TEEC-RAP-10-2023-25-08-2023.pdf&quot; target=&quot;_blank&quot;&gt;TEEC\/RAP\/10\/2023 (ACUERDO DE RECEPCI\u00d3N Y RADICACI\u00d3N)&lt;\/a&gt;\" data-order=\"&lt;a href=&quot;https:\/\/teec.org.mx\/web\/wp-content\/uploads\/2023\/08\/TEEC-RAP-10-2023-25-08-2023.pdf&quot; target=&quot;_blank&quot;&gt;TEEC\/RAP\/10\/2023 (ACUERDO DE RECEPCI\u00d3N Y RADICACI\u00d3N)&lt;\/a&gt;\" ><a href=\"https:\/\/teec.org.mx\/web\/wp-content\/uploads\/2023\/08\/TEEC-RAP-10-2023-25-08-2023.pdf\" target=\"_blank\">TEEC\/RAP\/10\/2023 (ACUERDO DE RECEPCI\u00d3N Y RADICACI\u00d3N)<\/a><\/td><\/tr><tr style=\"height:px\" ><td data-cell-id=\"A239\" data-x=\"0\" data-y=\"239\" data-db-index=\"239\" class=\"fsize-18\" data-cell-type=\"text\" data-original-value=\"25 DE AGOSTO DE 2023, A LAS 13:31 HORAS\" data-order=\"25 DE AGOSTO DE 2023, A LAS 13:31 HORAS\" >25 DE AGOSTO DE 2023, A LAS 13:31 HORAS <\/td><td data-cell-id=\"B239\" data-x=\"1\" data-y=\"239\" data-db-index=\"239\" class=\"fsize-18\" data-cell-type=\"text\" data-original-value=\"C\u00c9SAR ISMAEL MART\u00cdN EHU\u00c1N, QUIEN SE OSTENTA COMO REPRESENTANTE PPROPIETARIO DEL PARTIDO ACCI\u00d3N NACIONAL ANTE EL CONSEJO GENERAL DEL INSTITUTO ELECTORAL DEL ESTADO DE CAMPECHE\" data-order=\"C\u00c9SAR ISMAEL MART\u00cdN EHU\u00c1N, QUIEN SE OSTENTA COMO REPRESENTANTE PPROPIETARIO DEL PARTIDO ACCI\u00d3N NACIONAL ANTE EL CONSEJO GENERAL DEL INSTITUTO ELECTORAL DEL ESTADO DE CAMPECHE\" >C\u00c9SAR ISMAEL MART\u00cdN EHU\u00c1N, QUIEN SE OSTENTA COMO REPRESENTANTE PPROPIETARIO DEL PARTIDO ACCI\u00d3N NACIONAL ANTE EL CONSEJO GENERAL DEL INSTITUTO ELECTORAL DEL ESTADO DE CAMPECHE <\/td><td data-cell-id=\"C239\" data-x=\"2\" data-y=\"239\" data-db-index=\"239\" class=\"fsize-18\" data-cell-type=\"text\" data-original-value=\"CONSEJO GENERAL DEL INSTITUTO ELECTORAL DEL ESTADO DE CAMPECHE\" data-order=\"CONSEJO GENERAL DEL INSTITUTO ELECTORAL DEL ESTADO DE CAMPECHE\" >CONSEJO GENERAL DEL INSTITUTO ELECTORAL DEL ESTADO DE CAMPECHE <\/td><td data-cell-id=\"D239\" data-x=\"3\" data-y=\"239\" data-db-index=\"239\" class=\"fsize-18\" data-cell-type=\"text\" data-original-value=\"&lt;a href=&quot;https:\/\/teec.org.mx\/web\/wp-content\/uploads\/2023\/08\/TEEC-RAP-9-2023-25-08-2023.pdf&quot; target=&quot;_self&quot;&gt;TEEC\/RAP\/9\/2023 (ACUERDO DE RECEPCI\u00d3N Y RADICACI\u00d3N)&lt;\/a&gt;\" data-order=\"&lt;a href=&quot;https:\/\/teec.org.mx\/web\/wp-content\/uploads\/2023\/08\/TEEC-RAP-9-2023-25-08-2023.pdf&quot; target=&quot;_self&quot;&gt;TEEC\/RAP\/9\/2023 (ACUERDO DE RECEPCI\u00d3N Y RADICACI\u00d3N)&lt;\/a&gt;\" ><a href=\"https:\/\/teec.org.mx\/web\/wp-content\/uploads\/2023\/08\/TEEC-RAP-9-2023-25-08-2023.pdf\" target=\"_self\">TEEC\/RAP\/9\/2023 (ACUERDO DE RECEPCI\u00d3N Y RADICACI\u00d3N)<\/a><\/td><\/tr><tr style=\"height:px\" ><td data-cell-id=\"A240\" data-x=\"0\" data-y=\"240\" data-db-index=\"240\" class=\"fsize-18\" data-cell-type=\"text\" data-original-value=\"25 DE AGOSTO DE 2023, A LAS 12:08 HORAS\" data-order=\"25 DE AGOSTO DE 2023, A LAS 12:08 HORAS\" >25 DE AGOSTO DE 2023, A LAS 12:08 HORAS <\/td><td data-cell-id=\"B240\" data-x=\"1\" data-y=\"240\" data-db-index=\"240\" class=\"fsize-18\" data-cell-type=\"text\" data-original-value=\"C\u00c9SAR ISMAEL MART\u00cdN EHU\u00c1N, QUIEN SE OSTENTA COMO REPRESENTANTE PROPIETARIO DEL PARTIDO ACCI\u00d3N NACIONAL ANTE EL CONSEJO GENERAL DEL INSTITUTO ELECTORAL DEL ESTADO DE CAMPECHE\" data-order=\"C\u00c9SAR ISMAEL MART\u00cdN EHU\u00c1N, QUIEN SE OSTENTA COMO REPRESENTANTE PROPIETARIO DEL PARTIDO ACCI\u00d3N NACIONAL ANTE EL CONSEJO GENERAL DEL INSTITUTO ELECTORAL DEL ESTADO DE CAMPECHE\" >C\u00c9SAR ISMAEL MART\u00cdN EHU\u00c1N, QUIEN SE OSTENTA COMO REPRESENTANTE PROPIETARIO DEL PARTIDO ACCI\u00d3N NACIONAL ANTE EL CONSEJO GENERAL DEL INSTITUTO ELECTORAL DEL ESTADO DE CAMPECHE <\/td><td data-cell-id=\"C240\" data-x=\"2\" data-y=\"240\" data-db-index=\"240\" class=\"fsize-18\" data-cell-type=\"text\" data-original-value=\"CONSEJO GENERAL DEL INSTITUTO ELECTORAL DEL ESTADO DE CAMPECHE\" data-order=\"CONSEJO GENERAL DEL INSTITUTO ELECTORAL DEL ESTADO DE CAMPECHE\" >CONSEJO GENERAL DEL INSTITUTO ELECTORAL DEL ESTADO DE CAMPECHE <\/td><td data-cell-id=\"D240\" data-x=\"3\" data-y=\"240\" data-db-index=\"240\" class=\"fsize-18\" data-cell-type=\"text\" data-original-value=\"&lt;a href=&quot;https:\/\/teec.org.mx\/web\/wp-content\/uploads\/2023\/08\/TEEC-RAP-21-2023-25-08-2023.pdf&quot; target=&quot;_blank&quot;&gt;TEEC\/RAP\/21\/2023 (ACUERDO DE RECEPCI\u00d3N Y RADICACI\u00d3N)&lt;\/a&gt;\" data-order=\"&lt;a href=&quot;https:\/\/teec.org.mx\/web\/wp-content\/uploads\/2023\/08\/TEEC-RAP-21-2023-25-08-2023.pdf&quot; target=&quot;_blank&quot;&gt;TEEC\/RAP\/21\/2023 (ACUERDO DE RECEPCI\u00d3N Y RADICACI\u00d3N)&lt;\/a&gt;\" ><a href=\"https:\/\/teec.org.mx\/web\/wp-content\/uploads\/2023\/08\/TEEC-RAP-21-2023-25-08-2023.pdf\" target=\"_blank\">TEEC\/RAP\/21\/2023 (ACUERDO DE RECEPCI\u00d3N Y RADICACI\u00d3N)<\/a><\/td><\/tr><tr style=\"height:px\" ><td data-cell-id=\"A241\" data-x=\"0\" data-y=\"241\" data-db-index=\"241\" class=\"fsize-18\" data-cell-type=\"text\" data-original-value=\"24 DE AGOSTO DE 2023, A LAS 14:05 HORAS\" data-order=\"24 DE AGOSTO DE 2023, A LAS 14:05 HORAS\" >24 DE AGOSTO DE 2023, A LAS 14:05 HORAS <\/td><td data-cell-id=\"B241\" data-x=\"1\" data-y=\"241\" data-db-index=\"241\" class=\"fsize-18\" data-cell-type=\"text\" data-original-value=\"C\u00c9SAR ISMAEL MART\u00cdN EHU\u00c1N, REPRESENTANTE PROPIETARIO DEL PARTIDO ACCI\u00d3N NACIONAL\" data-order=\"C\u00c9SAR ISMAEL MART\u00cdN EHU\u00c1N, REPRESENTANTE PROPIETARIO DEL PARTIDO ACCI\u00d3N NACIONAL\" >C\u00c9SAR ISMAEL MART\u00cdN EHU\u00c1N, REPRESENTANTE PROPIETARIO DEL PARTIDO ACCI\u00d3N NACIONAL <\/td><td data-cell-id=\"C241\" data-x=\"2\" data-y=\"241\" data-db-index=\"241\" class=\"fsize-18\" data-cell-type=\"text\" data-original-value=\"CONSEJO GENERAL DEL INSTITUTO ELECTORAL DEL ESTADO DE CAMPECHE\" data-order=\"CONSEJO GENERAL DEL INSTITUTO ELECTORAL DEL ESTADO DE CAMPECHE\" >CONSEJO GENERAL DEL INSTITUTO ELECTORAL DEL ESTADO DE CAMPECHE <\/td><td data-cell-id=\"D241\" data-x=\"3\" data-y=\"241\" data-db-index=\"241\" class=\"fsize-18\" data-cell-type=\"text\" data-original-value=\"&lt;a href=&quot;https:\/\/teec.org.mx\/web\/wp-content\/uploads\/2023\/08\/TEEC-RAP-21-2023-24-08-2023.pdf&quot; target=&quot;_blank&quot;&gt;TEEC\/RAP\/21\/2023 (TURNO)&lt;\/a&gt;\" data-order=\"&lt;a href=&quot;https:\/\/teec.org.mx\/web\/wp-content\/uploads\/2023\/08\/TEEC-RAP-21-2023-24-08-2023.pdf&quot; target=&quot;_blank&quot;&gt;TEEC\/RAP\/21\/2023 (TURNO)&lt;\/a&gt;\" ><a href=\"https:\/\/teec.org.mx\/web\/wp-content\/uploads\/2023\/08\/TEEC-RAP-21-2023-24-08-2023.pdf\" target=\"_blank\">TEEC\/RAP\/21\/2023 (TURNO)<\/a><\/td><\/tr><tr style=\"height:px\" ><td data-cell-id=\"A242\" data-x=\"0\" data-y=\"242\" data-db-index=\"242\" class=\"fsize-18\" data-cell-type=\"text\" data-original-value=\"24 DE AGOSTO DE 2023, A LAS 12:32 HORAS\" data-order=\"24 DE AGOSTO DE 2023, A LAS 12:32 HORAS\" >24 DE AGOSTO DE 2023, A LAS 12:32 HORAS <\/td><td data-cell-id=\"B242\" data-x=\"1\" data-y=\"242\" data-db-index=\"242\" class=\"fsize-18\" data-cell-type=\"text\" data-original-value=\"C\u00c9SAR ISMAEL MART\u00cdN EHU\u00c1N, REPRESENTANTE PROPIETARIO DEL PARTIDO ACCI\u00d3N NACIONAL\" data-order=\"C\u00c9SAR ISMAEL MART\u00cdN EHU\u00c1N, REPRESENTANTE PROPIETARIO DEL PARTIDO ACCI\u00d3N NACIONAL\" >C\u00c9SAR ISMAEL MART\u00cdN EHU\u00c1N, REPRESENTANTE PROPIETARIO DEL PARTIDO ACCI\u00d3N NACIONAL <\/td><td data-cell-id=\"C242\" data-x=\"2\" data-y=\"242\" data-db-index=\"242\" class=\"fsize-18\" data-cell-type=\"text\" data-original-value=\"CONSEJO GENERAL DEL INSTITUTO ELECTORAL DEL ESTADO DE CAMPECHE\" data-order=\"CONSEJO GENERAL DEL INSTITUTO ELECTORAL DEL ESTADO DE CAMPECHE\" >CONSEJO GENERAL DEL INSTITUTO ELECTORAL DEL ESTADO DE CAMPECHE <\/td><td data-cell-id=\"D242\" data-x=\"3\" data-y=\"242\" data-db-index=\"242\" class=\"fsize-18\" data-cell-type=\"text\" data-original-value=\"&lt;a href=&quot;https:\/\/teec.org.mx\/web\/wp-content\/uploads\/2023\/08\/TEEC-RAP-22-2023-24-08-2023.pdf&quot; target=&quot;_blank&quot;&gt;TEEC\/RAP\/22\/2023 (TURNO)&lt;\/a&gt;\" data-order=\"&lt;a href=&quot;https:\/\/teec.org.mx\/web\/wp-content\/uploads\/2023\/08\/TEEC-RAP-22-2023-24-08-2023.pdf&quot; target=&quot;_blank&quot;&gt;TEEC\/RAP\/22\/2023 (TURNO)&lt;\/a&gt;\" ><a href=\"https:\/\/teec.org.mx\/web\/wp-content\/uploads\/2023\/08\/TEEC-RAP-22-2023-24-08-2023.pdf\" target=\"_blank\">TEEC\/RAP\/22\/2023 (TURNO)<\/a><\/td><\/tr><tr style=\"height:px\" ><td data-cell-id=\"A243\" data-x=\"0\" data-y=\"243\" data-db-index=\"243\" class=\"fsize-18\" data-cell-type=\"text\" data-original-value=\"24 DE AGOSTO DE 2023, A LAS 11:37 HORAS\" data-order=\"24 DE AGOSTO DE 2023, A LAS 11:37 HORAS\" >24 DE AGOSTO DE 2023, A LAS 11:37 HORAS <\/td><td data-cell-id=\"B243\" data-x=\"1\" data-y=\"243\" data-db-index=\"243\" class=\"fsize-18\" data-cell-type=\"text\" data-original-value=\"MOVIMIENTO CIUDADANO\" data-order=\"MOVIMIENTO CIUDADANO\" >MOVIMIENTO CIUDADANO <\/td><td data-cell-id=\"C243\" data-x=\"2\" data-y=\"243\" data-db-index=\"243\" class=\"fsize-18\" data-cell-type=\"text\" data-original-value=\"TRIBUNAL ELECTORAL DEL ESTADO DE CAMPECHE\" data-order=\"TRIBUNAL ELECTORAL DEL ESTADO DE CAMPECHE\" >TRIBUNAL ELECTORAL DEL ESTADO DE CAMPECHE <\/td><td data-cell-id=\"D243\" data-x=\"3\" data-y=\"243\" data-db-index=\"243\" class=\"fsize-18\" data-cell-type=\"text\" data-original-value=\"&lt;a href=&quot;https:\/\/teec.org.mx\/web\/wp-content\/uploads\/2023\/08\/TEEC-RAP-2-2023-y-acum.-24-08-2023.pdf&quot; target=&quot;_blank&quot;&gt;TEEC\/RAP\/2\/2023 Y SU ACUMULADO TEEC\/RAP\/3\/2023 (SE TIENE POR RECIBIDO EL OFICIO DE REMISI\u00d3N DE DOCUMENTACI\u00d3N)&lt;\/a&gt;\" data-order=\"&lt;a href=&quot;https:\/\/teec.org.mx\/web\/wp-content\/uploads\/2023\/08\/TEEC-RAP-2-2023-y-acum.-24-08-2023.pdf&quot; target=&quot;_blank&quot;&gt;TEEC\/RAP\/2\/2023 Y SU ACUMULADO TEEC\/RAP\/3\/2023 (SE TIENE POR RECIBIDO EL OFICIO DE REMISI\u00d3N DE DOCUMENTACI\u00d3N)&lt;\/a&gt;\" ><a href=\"https:\/\/teec.org.mx\/web\/wp-content\/uploads\/2023\/08\/TEEC-RAP-2-2023-y-acum.-24-08-2023.pdf\" target=\"_blank\">TEEC\/RAP\/2\/2023 Y SU ACUMULADO TEEC\/RAP\/3\/2023 (SE TIENE POR RECIBIDO EL OFICIO DE REMISI\u00d3N DE DOCUMENTACI\u00d3N)<\/a><\/td><\/tr><tr style=\"height:px\" ><td data-cell-id=\"A244\" data-x=\"0\" data-y=\"244\" data-db-index=\"244\" class=\"fsize-18\" data-cell-type=\"text\" data-original-value=\"24 DE AGOSTO DE 2023, A LAS 11:20 HORAS\" data-order=\"24 DE AGOSTO DE 2023, A LAS 11:20 HORAS\" >24 DE AGOSTO DE 2023, A LAS 11:20 HORAS <\/td><td data-cell-id=\"B244\" data-x=\"1\" data-y=\"244\" data-db-index=\"244\" class=\"fsize-18\" data-cell-type=\"text\" data-original-value=\"C\u00c9SAR ISMAEL MART\u00cdN EHU\u00c1N, EN REPRESENTACI\u00d3N DEL PARTIDO ACCI\u00d3N NACIONAL\" data-order=\"C\u00c9SAR ISMAEL MART\u00cdN EHU\u00c1N, EN REPRESENTACI\u00d3N DEL PARTIDO ACCI\u00d3N NACIONAL\" >C\u00c9SAR ISMAEL MART\u00cdN EHU\u00c1N, EN REPRESENTACI\u00d3N DEL PARTIDO ACCI\u00d3N NACIONAL <\/td><td data-cell-id=\"C244\" data-x=\"2\" data-y=\"244\" data-db-index=\"244\" class=\"fsize-18\" data-cell-type=\"text\" data-original-value=\"CONSEJO GENERAL EJECUTIVA DEL INSTITUTO ELECTORAL DEL ESTADO DE CAMPECHE\" data-order=\"CONSEJO GENERAL EJECUTIVA DEL INSTITUTO ELECTORAL DEL ESTADO DE CAMPECHE\" >CONSEJO GENERAL EJECUTIVA DEL INSTITUTO ELECTORAL DEL ESTADO DE CAMPECHE <\/td><td data-cell-id=\"D244\" data-x=\"3\" data-y=\"244\" data-db-index=\"244\" class=\"fsize-18\" data-cell-type=\"text\" data-original-value=\"&lt;a href=&quot;https:\/\/teec.org.mx\/web\/wp-content\/uploads\/2023\/08\/TEEC-RAP-6-2023-24-08-2023.pdf&quot; target=&quot;_blank&quot;&gt;TEEC\/RAP\/6\/2023 (SE TIENE POR RECIBIDO EL OFICIO DE REMISI\u00d3N DE DOCUMENTACI\u00d3N)&lt;\/a&gt;\" data-order=\"&lt;a href=&quot;https:\/\/teec.org.mx\/web\/wp-content\/uploads\/2023\/08\/TEEC-RAP-6-2023-24-08-2023.pdf&quot; target=&quot;_blank&quot;&gt;TEEC\/RAP\/6\/2023 (SE TIENE POR RECIBIDO EL OFICIO DE REMISI\u00d3N DE DOCUMENTACI\u00d3N)&lt;\/a&gt;\" ><a href=\"https:\/\/teec.org.mx\/web\/wp-content\/uploads\/2023\/08\/TEEC-RAP-6-2023-24-08-2023.pdf\" target=\"_blank\">TEEC\/RAP\/6\/2023 (SE TIENE POR RECIBIDO EL OFICIO DE REMISI\u00d3N DE DOCUMENTACI\u00d3N)<\/a><\/td><\/tr><tr style=\"height:px\" ><td data-cell-id=\"A245\" data-x=\"0\" data-y=\"245\" data-db-index=\"245\" class=\"fsize-18\" data-cell-type=\"text\" data-original-value=\"24 DE AGOSTO DE 2023, A LAS 11:07 HORAS\" data-order=\"24 DE AGOSTO DE 2023, A LAS 11:07 HORAS\" >24 DE AGOSTO DE 2023, A LAS 11:07 HORAS <\/td><td data-cell-id=\"B245\" data-x=\"1\" data-y=\"245\" data-db-index=\"245\" class=\"fsize-18\" data-cell-type=\"text\" data-original-value=\"PARTIDO DE LA REVOLUCI\u00d3N DEMOCR\u00c1TICA\" data-order=\"PARTIDO DE LA REVOLUCI\u00d3N DEMOCR\u00c1TICA\" >PARTIDO DE LA REVOLUCI\u00d3N DEMOCR\u00c1TICA <\/td><td data-cell-id=\"C245\" data-x=\"2\" data-y=\"245\" data-db-index=\"245\" class=\"fsize-18\" data-cell-type=\"text\" data-original-value=\"CONSEJO GENERAL DEL INSTITUTO ELECTORAL DEL ESTADO DE CAMPECHE\" data-order=\"CONSEJO GENERAL DEL INSTITUTO ELECTORAL DEL ESTADO DE CAMPECHE\" >CONSEJO GENERAL DEL INSTITUTO ELECTORAL DEL ESTADO DE CAMPECHE <\/td><td data-cell-id=\"D245\" data-x=\"3\" data-y=\"245\" data-db-index=\"245\" class=\"fsize-18\" data-cell-type=\"text\" data-original-value=\"&lt;a href=&quot;https:\/\/teec.org.mx\/web\/wp-content\/uploads\/2023\/08\/TEEC-RAP-20-2023-24-08-2023.pdf&quot; target=&quot;_blank&quot;&gt;TEEC\/RAP\/20\/2023 (TURNO)&lt;\/a&gt;\" data-order=\"&lt;a href=&quot;https:\/\/teec.org.mx\/web\/wp-content\/uploads\/2023\/08\/TEEC-RAP-20-2023-24-08-2023.pdf&quot; target=&quot;_blank&quot;&gt;TEEC\/RAP\/20\/2023 (TURNO)&lt;\/a&gt;\" ><a href=\"https:\/\/teec.org.mx\/web\/wp-content\/uploads\/2023\/08\/TEEC-RAP-20-2023-24-08-2023.pdf\" target=\"_blank\">TEEC\/RAP\/20\/2023 (TURNO)<\/a><\/td><\/tr><tr style=\"height:px\" ><td data-cell-id=\"A246\" data-x=\"0\" data-y=\"246\" data-db-index=\"246\" class=\"fsize-18\" data-cell-type=\"text\" data-original-value=\"24 DE AGOSTO DE 2023, A LAS 10:46 HORAS\" data-order=\"24 DE AGOSTO DE 2023, A LAS 10:46 HORAS\" >24 DE AGOSTO DE 2023, A LAS 10:46 HORAS <\/td><td data-cell-id=\"B246\" data-x=\"1\" data-y=\"246\" data-db-index=\"246\" class=\"fsize-18\" data-cell-type=\"text\" data-original-value=\"PARTIDO REVOLUCIONARIO INSTITUCIONAL\" data-order=\"PARTIDO REVOLUCIONARIO INSTITUCIONAL\" >PARTIDO REVOLUCIONARIO INSTITUCIONAL <\/td><td data-cell-id=\"C246\" data-x=\"2\" data-y=\"246\" data-db-index=\"246\" class=\"fsize-18\" data-cell-type=\"text\" data-original-value=\"CONSEJO GENERAL DEL INSTITUTO ELECTORAL DEL ESTADO DE CAMPECHE\" data-order=\"CONSEJO GENERAL DEL INSTITUTO ELECTORAL DEL ESTADO DE CAMPECHE\" >CONSEJO GENERAL DEL INSTITUTO ELECTORAL DEL ESTADO DE CAMPECHE <\/td><td data-cell-id=\"D246\" data-x=\"3\" data-y=\"246\" data-db-index=\"246\" class=\"fsize-18\" data-cell-type=\"text\" data-original-value=\"&lt;a href=&quot;https:\/\/teec.org.mx\/web\/wp-content\/uploads\/2023\/08\/TEEC-RAP-19-2023-24-08-2023.pdf&quot; target=&quot;_blank&quot;&gt;TEEC\/RAP\/19\/2023 (TURNO)&lt;\/a&gt;\" data-order=\"&lt;a href=&quot;https:\/\/teec.org.mx\/web\/wp-content\/uploads\/2023\/08\/TEEC-RAP-19-2023-24-08-2023.pdf&quot; target=&quot;_blank&quot;&gt;TEEC\/RAP\/19\/2023 (TURNO)&lt;\/a&gt;\" ><a href=\"https:\/\/teec.org.mx\/web\/wp-content\/uploads\/2023\/08\/TEEC-RAP-19-2023-24-08-2023.pdf\" target=\"_blank\">TEEC\/RAP\/19\/2023 (TURNO)<\/a><\/td><\/tr><tr style=\"height:px\" ><td data-cell-id=\"A247\" data-x=\"0\" data-y=\"247\" data-db-index=\"247\" class=\"fsize-18\" data-cell-type=\"text\" data-original-value=\"24 DE AGOSTO DE 2023, A LAS 10:32 HORAS\" data-order=\"24 DE AGOSTO DE 2023, A LAS 10:32 HORAS\" >24 DE AGOSTO DE 2023, A LAS 10:32 HORAS <\/td><td data-cell-id=\"B247\" data-x=\"1\" data-y=\"247\" data-db-index=\"247\" class=\"fsize-18\" data-cell-type=\"text\" data-original-value=\"PARTIDO ACCI\u00d3N NACION\" data-order=\"PARTIDO ACCI\u00d3N NACION\" >PARTIDO ACCI\u00d3N NACION <\/td><td data-cell-id=\"C247\" data-x=\"2\" data-y=\"247\" data-db-index=\"247\" class=\"fsize-18\" data-cell-type=\"text\" data-original-value=\"CONSEJO GENERAL DEL INSTITUTO ELECTORAL DEL ESTADO DE CAMPECHE\" data-order=\"CONSEJO GENERAL DEL INSTITUTO ELECTORAL DEL ESTADO DE CAMPECHE\" >CONSEJO GENERAL DEL INSTITUTO ELECTORAL DEL ESTADO DE CAMPECHE <\/td><td data-cell-id=\"D247\" data-x=\"3\" data-y=\"247\" data-db-index=\"247\" class=\"fsize-18\" data-cell-type=\"text\" data-original-value=\"&lt;a href=&quot;https:\/\/teec.org.mx\/web\/wp-content\/uploads\/2023\/08\/TEEC-RAP-18-2023-24-08-2023.pdf&quot; target=&quot;_blank&quot;&gt;TEEC\/RAP\/18\/2023 (TURNO)&lt;\/a&gt;\" data-order=\"&lt;a href=&quot;https:\/\/teec.org.mx\/web\/wp-content\/uploads\/2023\/08\/TEEC-RAP-18-2023-24-08-2023.pdf&quot; target=&quot;_blank&quot;&gt;TEEC\/RAP\/18\/2023 (TURNO)&lt;\/a&gt;\" ><a href=\"https:\/\/teec.org.mx\/web\/wp-content\/uploads\/2023\/08\/TEEC-RAP-18-2023-24-08-2023.pdf\" target=\"_blank\">TEEC\/RAP\/18\/2023 (TURNO)<\/a><\/td><\/tr><tr style=\"height:px\" ><td data-cell-id=\"A248\" data-x=\"0\" data-y=\"248\" data-db-index=\"248\" class=\"fsize-18\" data-cell-type=\"text\" data-original-value=\"24 DE AGOSTO DE 2023, A LAS 10:20 HORAS\" data-order=\"24 DE AGOSTO DE 2023, A LAS 10:20 HORAS\" >24 DE AGOSTO DE 2023, A LAS 10:20 HORAS <\/td><td data-cell-id=\"B248\" data-x=\"1\" data-y=\"248\" data-db-index=\"248\" class=\"fsize-18\" data-cell-type=\"text\" data-original-value=\"PARTIDO ENCUENTRO SOLIDARIO CAMPECHE\" data-order=\"PARTIDO ENCUENTRO SOLIDARIO CAMPECHE\" >PARTIDO ENCUENTRO SOLIDARIO CAMPECHE <\/td><td data-cell-id=\"C248\" data-x=\"2\" data-y=\"248\" data-db-index=\"248\" class=\"fsize-18\" data-cell-type=\"text\" data-original-value=\"CONSEJO GENERAL DEL INSTITUTO ELECTORAL DEL ESTADO DE CAMPECHE\" data-order=\"CONSEJO GENERAL DEL INSTITUTO ELECTORAL DEL ESTADO DE CAMPECHE\" >CONSEJO GENERAL DEL INSTITUTO ELECTORAL DEL ESTADO DE CAMPECHE <\/td><td data-cell-id=\"D248\" data-x=\"3\" data-y=\"248\" data-db-index=\"248\" class=\"fsize-18\" data-cell-type=\"text\" data-original-value=\"&lt;a href=&quot;https:\/\/teec.org.mx\/web\/wp-content\/uploads\/2023\/08\/TEEC-RAP-17-2023-24-08-2023.pdf&quot; target=&quot;_blank&quot;&gt;TEEC\/RAP\/17\/2023 (TURNO)&lt;\/a&gt;\" data-order=\"&lt;a href=&quot;https:\/\/teec.org.mx\/web\/wp-content\/uploads\/2023\/08\/TEEC-RAP-17-2023-24-08-2023.pdf&quot; target=&quot;_blank&quot;&gt;TEEC\/RAP\/17\/2023 (TURNO)&lt;\/a&gt;\" ><a href=\"https:\/\/teec.org.mx\/web\/wp-content\/uploads\/2023\/08\/TEEC-RAP-17-2023-24-08-2023.pdf\" target=\"_blank\">TEEC\/RAP\/17\/2023 (TURNO)<\/a><\/td><\/tr><tr style=\"height:px\" ><td data-cell-id=\"A249\" data-x=\"0\" data-y=\"249\" data-db-index=\"249\" class=\"fsize-18\" data-cell-type=\"text\" data-original-value=\"24 DE AGOSTO DE 2023, A LAS 10:05 HORAS\" data-order=\"24 DE AGOSTO DE 2023, A LAS 10:05 HORAS\" >24 DE AGOSTO DE 2023, A LAS 10:05 HORAS <\/td><td data-cell-id=\"B249\" data-x=\"1\" data-y=\"249\" data-db-index=\"249\" class=\"fsize-18\" data-cell-type=\"text\" data-original-value=\"PARTIDO ACCI\u00d3N NACIONAL\" data-order=\"PARTIDO ACCI\u00d3N NACIONAL\" >PARTIDO ACCI\u00d3N NACIONAL <\/td><td data-cell-id=\"C249\" data-x=\"2\" data-y=\"249\" data-db-index=\"249\" class=\"fsize-18\" data-cell-type=\"text\" data-original-value=\"CONSEJO GENERAL DEL INSTITUTO ELECTORAL DEL ESTADO DE CAMPECHE\" data-order=\"CONSEJO GENERAL DEL INSTITUTO ELECTORAL DEL ESTADO DE CAMPECHE\" >CONSEJO GENERAL DEL INSTITUTO ELECTORAL DEL ESTADO DE CAMPECHE <\/td><td data-cell-id=\"D249\" data-x=\"3\" data-y=\"249\" data-db-index=\"249\" class=\"fsize-18\" data-cell-type=\"text\" data-original-value=\"&lt;a href=&quot;https:\/\/teec.org.mx\/web\/wp-content\/uploads\/2023\/08\/TEEC-RAP-16-2023-24-08-2023.pdf&quot; target=&quot;_blank&quot;&gt;TEEC\/RAP\/16\/2023 (TURNO)&lt;\/a&gt;\" data-order=\"&lt;a href=&quot;https:\/\/teec.org.mx\/web\/wp-content\/uploads\/2023\/08\/TEEC-RAP-16-2023-24-08-2023.pdf&quot; target=&quot;_blank&quot;&gt;TEEC\/RAP\/16\/2023 (TURNO)&lt;\/a&gt;\" ><a href=\"https:\/\/teec.org.mx\/web\/wp-content\/uploads\/2023\/08\/TEEC-RAP-16-2023-24-08-2023.pdf\" target=\"_blank\">TEEC\/RAP\/16\/2023 (TURNO)<\/a><\/td><\/tr><tr style=\"height:px\" ><td data-cell-id=\"A250\" data-x=\"0\" data-y=\"250\" data-db-index=\"250\" class=\"fsize-18\" data-cell-type=\"text\" data-original-value=\"24 DE AGOSTO DE 2023, A LAS 9:50 HORAS\" data-order=\"24 DE AGOSTO DE 2023, A LAS 9:50 HORAS\" >24 DE AGOSTO DE 2023, A LAS 9:50 HORAS <\/td><td data-cell-id=\"B250\" data-x=\"1\" data-y=\"250\" data-db-index=\"250\" class=\"fsize-18\" data-cell-type=\"text\" data-original-value=\"PARTIDO MOVIMIENTO CIUDADANO\" data-order=\"PARTIDO MOVIMIENTO CIUDADANO\" >PARTIDO MOVIMIENTO CIUDADANO <\/td><td data-cell-id=\"C250\" data-x=\"2\" data-y=\"250\" data-db-index=\"250\" class=\"fsize-18\" data-cell-type=\"text\" data-original-value=\"CONSEJO GENERAL DEL INSTITUTO ELECTORAL DEL ESTADO DE CAMPECHE\" data-order=\"CONSEJO GENERAL DEL INSTITUTO ELECTORAL DEL ESTADO DE CAMPECHE\" >CONSEJO GENERAL DEL INSTITUTO ELECTORAL DEL ESTADO DE CAMPECHE <\/td><td data-cell-id=\"D250\" data-x=\"3\" data-y=\"250\" data-db-index=\"250\" class=\"fsize-18\" data-cell-type=\"text\" data-original-value=\"&lt;a href=&quot;https:\/\/teec.org.mx\/web\/wp-content\/uploads\/2023\/08\/TEEC-RAP-15-2023-24-08-2023.pdf&quot; target=&quot;_blank&quot;&gt;TEEC\/RAP\/15\/2023 (TURNO)&lt;\/a&gt;\" data-order=\"&lt;a href=&quot;https:\/\/teec.org.mx\/web\/wp-content\/uploads\/2023\/08\/TEEC-RAP-15-2023-24-08-2023.pdf&quot; target=&quot;_blank&quot;&gt;TEEC\/RAP\/15\/2023 (TURNO)&lt;\/a&gt;\" ><a href=\"https:\/\/teec.org.mx\/web\/wp-content\/uploads\/2023\/08\/TEEC-RAP-15-2023-24-08-2023.pdf\" target=\"_blank\">TEEC\/RAP\/15\/2023 (TURNO)<\/a><\/td><\/tr><tr style=\"height:px\" ><td data-cell-id=\"A251\" data-x=\"0\" data-y=\"251\" data-db-index=\"251\" class=\"fsize-18\" data-cell-type=\"text\" data-original-value=\"24 DE AGOSTO DE 2023, A LAS 9:38 HORAS\" data-order=\"24 DE AGOSTO DE 2023, A LAS 9:38 HORAS\" >24 DE AGOSTO DE 2023, A LAS 9:38 HORAS <\/td><td data-cell-id=\"B251\" data-x=\"1\" data-y=\"251\" data-db-index=\"251\" class=\"fsize-18\" data-cell-type=\"text\" data-original-value=\"PARTIDO REVOLUCIONARIO INSTITUCIONAL\" data-order=\"PARTIDO REVOLUCIONARIO INSTITUCIONAL\" >PARTIDO REVOLUCIONARIO INSTITUCIONAL <\/td><td data-cell-id=\"C251\" data-x=\"2\" data-y=\"251\" data-db-index=\"251\" class=\"fsize-18\" data-cell-type=\"text\" data-original-value=\"CONSEJO GENERAL DEL INSTITUTO ELECTORAL DEL ESTADO DE CAMPECHE\" data-order=\"CONSEJO GENERAL DEL INSTITUTO ELECTORAL DEL ESTADO DE CAMPECHE\" >CONSEJO GENERAL DEL INSTITUTO ELECTORAL DEL ESTADO DE CAMPECHE <\/td><td data-cell-id=\"D251\" data-x=\"3\" data-y=\"251\" data-db-index=\"251\" class=\"fsize-18\" data-cell-type=\"text\" data-original-value=\"&lt;a href=&quot;https:\/\/teec.org.mx\/web\/wp-content\/uploads\/2023\/08\/TEEC-RAP-14-2023-24-08-2023.pdf&quot; target=&quot;_blank&quot;&gt;TEEC\/RAP\/14\/2023 (TURNO)&lt;\/a&gt;\" data-order=\"&lt;a href=&quot;https:\/\/teec.org.mx\/web\/wp-content\/uploads\/2023\/08\/TEEC-RAP-14-2023-24-08-2023.pdf&quot; target=&quot;_blank&quot;&gt;TEEC\/RAP\/14\/2023 (TURNO)&lt;\/a&gt;\" ><a href=\"https:\/\/teec.org.mx\/web\/wp-content\/uploads\/2023\/08\/TEEC-RAP-14-2023-24-08-2023.pdf\" target=\"_blank\">TEEC\/RAP\/14\/2023 (TURNO)<\/a><\/td><\/tr><tr style=\"height:px\" ><td data-cell-id=\"A252\" data-x=\"0\" data-y=\"252\" data-db-index=\"252\" class=\"fsize-18\" data-cell-type=\"text\" data-original-value=\"24 DE AGOSTO DE 2023, A LAS 9:25 HORAS\" data-order=\"24 DE AGOSTO DE 2023, A LAS 9:25 HORAS\" >24 DE AGOSTO DE 2023, A LAS 9:25 HORAS <\/td><td data-cell-id=\"B252\" data-x=\"1\" data-y=\"252\" data-db-index=\"252\" class=\"fsize-18\" data-cell-type=\"text\" data-original-value=\"PARTIDO ENCUENTRO SOLIDARIO CAMPECHE\" data-order=\"PARTIDO ENCUENTRO SOLIDARIO CAMPECHE\" >PARTIDO ENCUENTRO SOLIDARIO CAMPECHE <\/td><td data-cell-id=\"C252\" data-x=\"2\" data-y=\"252\" data-db-index=\"252\" class=\"fsize-18\" data-cell-type=\"text\" data-original-value=\"CONSEJO GENERAL DEL INSTITUTO ELECTORAL DEL ESTADO DE CAMPECHE\" data-order=\"CONSEJO GENERAL DEL INSTITUTO ELECTORAL DEL ESTADO DE CAMPECHE\" >CONSEJO GENERAL DEL INSTITUTO ELECTORAL DEL ESTADO DE CAMPECHE <\/td><td data-cell-id=\"D252\" data-x=\"3\" data-y=\"252\" data-db-index=\"252\" class=\"fsize-18\" data-cell-type=\"text\" data-original-value=\"&lt;a href=&quot;https:\/\/teec.org.mx\/web\/wp-content\/uploads\/2023\/08\/TEEC-RAP-13-2023-24-08-2023.pdf&quot; target=&quot;_blank&quot;&gt;TEEC\/RAP\/13\/2023 (TURNO)&lt;\/a&gt;\" data-order=\"&lt;a href=&quot;https:\/\/teec.org.mx\/web\/wp-content\/uploads\/2023\/08\/TEEC-RAP-13-2023-24-08-2023.pdf&quot; target=&quot;_blank&quot;&gt;TEEC\/RAP\/13\/2023 (TURNO)&lt;\/a&gt;\" ><a href=\"https:\/\/teec.org.mx\/web\/wp-content\/uploads\/2023\/08\/TEEC-RAP-13-2023-24-08-2023.pdf\" target=\"_blank\">TEEC\/RAP\/13\/2023 (TURNO)<\/a><\/td><\/tr><tr style=\"height:px\" ><td data-cell-id=\"A253\" data-x=\"0\" data-y=\"253\" data-db-index=\"253\" class=\"fsize-18\" data-cell-type=\"text\" data-original-value=\"24 DE AGOSTO DE 2023, A LAS 9:10 HORAS\" data-order=\"24 DE AGOSTO DE 2023, A LAS 9:10 HORAS\" >24 DE AGOSTO DE 2023, A LAS 9:10 HORAS <\/td><td data-cell-id=\"B253\" data-x=\"1\" data-y=\"253\" data-db-index=\"253\" class=\"fsize-18\" data-cell-type=\"text\" data-original-value=\"PARTIDO POL\u00cdTICO NACIONAL MOVIMIENTO CIUDADANO\" data-order=\"PARTIDO POL\u00cdTICO NACIONAL MOVIMIENTO CIUDADANO\" >PARTIDO POL\u00cdTICO NACIONAL MOVIMIENTO CIUDADANO <\/td><td data-cell-id=\"C253\" data-x=\"2\" data-y=\"253\" data-db-index=\"253\" class=\"fsize-18\" data-cell-type=\"text\" data-original-value=\"CONSEJO GENERAL DEL INSTITUTO ELECTORAL DEL ESTADO DE CAMPECHE\" data-order=\"CONSEJO GENERAL DEL INSTITUTO ELECTORAL DEL ESTADO DE CAMPECHE\" >CONSEJO GENERAL DEL INSTITUTO ELECTORAL DEL ESTADO DE CAMPECHE <\/td><td data-cell-id=\"D253\" data-x=\"3\" data-y=\"253\" data-db-index=\"253\" class=\"fsize-18\" data-cell-type=\"text\" data-original-value=\"&lt;a href=&quot;https:\/\/teec.org.mx\/web\/wp-content\/uploads\/2023\/08\/TEEC-RAP-12-2023-24-08-2023.pdf&quot; target=&quot;_blank&quot;&gt;TEEC\/RAP\/12\/2023 (TURNO)&lt;\/a&gt;\" data-order=\"&lt;a href=&quot;https:\/\/teec.org.mx\/web\/wp-content\/uploads\/2023\/08\/TEEC-RAP-12-2023-24-08-2023.pdf&quot; target=&quot;_blank&quot;&gt;TEEC\/RAP\/12\/2023 (TURNO)&lt;\/a&gt;\" ><a href=\"https:\/\/teec.org.mx\/web\/wp-content\/uploads\/2023\/08\/TEEC-RAP-12-2023-24-08-2023.pdf\" target=\"_blank\">TEEC\/RAP\/12\/2023 (TURNO)<\/a><\/td><\/tr><tr style=\"height:px\" ><td data-cell-id=\"A254\" data-x=\"0\" data-y=\"254\" data-db-index=\"254\" class=\"fsize-18\" data-cell-type=\"text\" data-original-value=\"24 DE AGOSTO DE 2023, A LAS 8:59 HORAS\" data-order=\"24 DE AGOSTO DE 2023, A LAS 8:59 HORAS\" >24 DE AGOSTO DE 2023, A LAS 8:59 HORAS <\/td><td data-cell-id=\"B254\" data-x=\"1\" data-y=\"254\" data-db-index=\"254\" class=\"fsize-18\" data-cell-type=\"text\" data-original-value=\"PARTIDO POL\u00cdTICO NACIONAL DE LA REVOLUCI\u00d3N DEMOCR\u00c1TICA\" data-order=\"PARTIDO POL\u00cdTICO NACIONAL DE LA REVOLUCI\u00d3N DEMOCR\u00c1TICA\" >PARTIDO POL\u00cdTICO NACIONAL DE LA REVOLUCI\u00d3N DEMOCR\u00c1TICA <\/td><td data-cell-id=\"C254\" data-x=\"2\" data-y=\"254\" data-db-index=\"254\" class=\"fsize-18\" data-cell-type=\"text\" data-original-value=\"CONSEJO GENERAL DEL INSTITUTO ELECTORAL DEL ESTADO DE CAMPECHE\" data-order=\"CONSEJO GENERAL DEL INSTITUTO ELECTORAL DEL ESTADO DE CAMPECHE\" >CONSEJO GENERAL DEL INSTITUTO ELECTORAL DEL ESTADO DE CAMPECHE <\/td><td data-cell-id=\"D254\" data-x=\"3\" data-y=\"254\" data-db-index=\"254\" class=\"fsize-18\" data-cell-type=\"text\" data-original-value=\"&lt;a href=&quot;https:\/\/teec.org.mx\/web\/wp-content\/uploads\/2023\/08\/TEEC-RAP-11-2023-24-08-2023.pdf&quot; target=&quot;_blank&quot;&gt;TEEC\/RAP\/11\/2023 (TURNO)&lt;\/a&gt;\" data-order=\"&lt;a href=&quot;https:\/\/teec.org.mx\/web\/wp-content\/uploads\/2023\/08\/TEEC-RAP-11-2023-24-08-2023.pdf&quot; target=&quot;_blank&quot;&gt;TEEC\/RAP\/11\/2023 (TURNO)&lt;\/a&gt;\" ><a href=\"https:\/\/teec.org.mx\/web\/wp-content\/uploads\/2023\/08\/TEEC-RAP-11-2023-24-08-2023.pdf\" target=\"_blank\">TEEC\/RAP\/11\/2023 (TURNO)<\/a><\/td><\/tr><tr style=\"height:px\" ><td data-cell-id=\"A255\" data-x=\"0\" data-y=\"255\" data-db-index=\"255\" class=\"fsize-18\" data-cell-type=\"text\" data-original-value=\"24 DE AGOSTO DE 2023, A LAS 8:47 HORAS\" data-order=\"24 DE AGOSTO DE 2023, A LAS 8:47 HORAS\" >24 DE AGOSTO DE 2023, A LAS 8:47 HORAS <\/td><td data-cell-id=\"B255\" data-x=\"1\" data-y=\"255\" data-db-index=\"255\" class=\"fsize-18\" data-cell-type=\"text\" data-original-value=\"PARTIDO REVOLUCIONARIO INSTITUCIONAL\" data-order=\"PARTIDO REVOLUCIONARIO INSTITUCIONAL\" >PARTIDO REVOLUCIONARIO INSTITUCIONAL <\/td><td data-cell-id=\"C255\" data-x=\"2\" data-y=\"255\" data-db-index=\"255\" class=\"fsize-18\" data-cell-type=\"text\" data-original-value=\"CONSEJO GENERAL DEL INSTITUTO ELECTORAL DEL ESTADO DE CAMPECHE\" data-order=\"CONSEJO GENERAL DEL INSTITUTO ELECTORAL DEL ESTADO DE CAMPECHE\" >CONSEJO GENERAL DEL INSTITUTO ELECTORAL DEL ESTADO DE CAMPECHE <\/td><td data-cell-id=\"D255\" data-x=\"3\" data-y=\"255\" data-db-index=\"255\" class=\"fsize-18\" data-cell-type=\"text\" data-original-value=\"&lt;a href=&quot;https:\/\/teec.org.mx\/web\/wp-content\/uploads\/2023\/08\/TEEC-RAP-10-2023-24-08-2023.pdf&quot; target=&quot;_blank&quot;&gt;TEEC\/RAP\/10\/2023 (TURNO)&lt;\/a&gt;\" data-order=\"&lt;a href=&quot;https:\/\/teec.org.mx\/web\/wp-content\/uploads\/2023\/08\/TEEC-RAP-10-2023-24-08-2023.pdf&quot; target=&quot;_blank&quot;&gt;TEEC\/RAP\/10\/2023 (TURNO)&lt;\/a&gt;\" ><a href=\"https:\/\/teec.org.mx\/web\/wp-content\/uploads\/2023\/08\/TEEC-RAP-10-2023-24-08-2023.pdf\" target=\"_blank\">TEEC\/RAP\/10\/2023 (TURNO)<\/a><\/td><\/tr><tr style=\"height:px\" ><td data-cell-id=\"A256\" data-x=\"0\" data-y=\"256\" data-db-index=\"256\" class=\"fsize-18\" data-cell-type=\"text\" data-original-value=\"24 DE AGOSTO DE 2023, A LAS 8:35 HORAS\" data-order=\"24 DE AGOSTO DE 2023, A LAS 8:35 HORAS\" >24 DE AGOSTO DE 2023, A LAS 8:35 HORAS <\/td><td data-cell-id=\"B256\" data-x=\"1\" data-y=\"256\" data-db-index=\"256\" class=\"fsize-18\" data-cell-type=\"text\" data-original-value=\"PARTIDO ACCI\u00d3N NACIONAL\" data-order=\"PARTIDO ACCI\u00d3N NACIONAL\" >PARTIDO ACCI\u00d3N NACIONAL <\/td><td data-cell-id=\"C256\" data-x=\"2\" data-y=\"256\" data-db-index=\"256\" class=\"fsize-18\" data-cell-type=\"text\" data-original-value=\"CONSEJO GENERAL DEL INSTITUTO ELECTORAL DEL ESTADO DE CAMPECHE\" data-order=\"CONSEJO GENERAL DEL INSTITUTO ELECTORAL DEL ESTADO DE CAMPECHE\" >CONSEJO GENERAL DEL INSTITUTO ELECTORAL DEL ESTADO DE CAMPECHE <\/td><td data-cell-id=\"D256\" data-x=\"3\" data-y=\"256\" data-db-index=\"256\" class=\"fsize-18\" data-cell-type=\"text\" data-original-value=\"&lt;a href=&quot;https:\/\/teec.org.mx\/web\/wp-content\/uploads\/2023\/08\/TEEC-RAP-9-2023-24-08-2023.pdf&quot; target=&quot;_blank&quot;&gt;TEEC\/RAP\/9\/2023 (TURNO)&lt;\/a&gt;\" data-order=\"&lt;a href=&quot;https:\/\/teec.org.mx\/web\/wp-content\/uploads\/2023\/08\/TEEC-RAP-9-2023-24-08-2023.pdf&quot; target=&quot;_blank&quot;&gt;TEEC\/RAP\/9\/2023 (TURNO)&lt;\/a&gt;\" ><a href=\"https:\/\/teec.org.mx\/web\/wp-content\/uploads\/2023\/08\/TEEC-RAP-9-2023-24-08-2023.pdf\" target=\"_blank\">TEEC\/RAP\/9\/2023 (TURNO)<\/a><\/td><\/tr><tr style=\"height:px\" ><td data-cell-id=\"A257\" data-x=\"0\" data-y=\"257\" data-db-index=\"257\" class=\"fsize-18\" data-cell-type=\"text\" data-original-value=\"28 DE JULIO DE 2023, A LAS 15:05 HORAS\" data-order=\"28 DE JULIO DE 2023, A LAS 15:05 HORAS\" >28 DE JULIO DE 2023, A LAS 15:05 HORAS <\/td><td data-cell-id=\"B257\" data-x=\"1\" data-y=\"257\" data-db-index=\"257\" class=\"fsize-18\" data-cell-type=\"text\" data-original-value=\"C\u00c9SAR ISMAEL MART\u00cdN EHU\u00c1N, QUIEN SE OSTENTA COMO REPRESENTANTE PROPIETARIO DEL PARTIDO ACCI\u00d3N NACIONAL ANTE EL CONSEJO GENERAL DEL INSTITUTO ELECTORAL DEL ESTADO DE CAMPECHE\" data-order=\"C\u00c9SAR ISMAEL MART\u00cdN EHU\u00c1N, QUIEN SE OSTENTA COMO REPRESENTANTE PROPIETARIO DEL PARTIDO ACCI\u00d3N NACIONAL ANTE EL CONSEJO GENERAL DEL INSTITUTO ELECTORAL DEL ESTADO DE CAMPECHE\" >C\u00c9SAR ISMAEL MART\u00cdN EHU\u00c1N, QUIEN SE OSTENTA COMO REPRESENTANTE PROPIETARIO DEL PARTIDO ACCI\u00d3N NACIONAL ANTE EL CONSEJO GENERAL DEL INSTITUTO ELECTORAL DEL ESTADO DE CAMPECHE <\/td><td data-cell-id=\"C257\" data-x=\"2\" data-y=\"257\" data-db-index=\"257\" class=\"fsize-18\" data-cell-type=\"text\" data-original-value=\"CONSEJO GENERAL EJECUTIVA DEL INSTITUTO ELECTORAL DEL ESTADO DE CAMPECHE\" data-order=\"CONSEJO GENERAL EJECUTIVA DEL INSTITUTO ELECTORAL DEL ESTADO DE CAMPECHE\" >CONSEJO GENERAL EJECUTIVA DEL INSTITUTO ELECTORAL DEL ESTADO DE CAMPECHE <\/td><td data-cell-id=\"D257\" data-x=\"3\" data-y=\"257\" data-db-index=\"257\" class=\"fsize-18\" data-cell-type=\"text\" data-original-value=\"&lt;a href=&quot;https:\/\/teec.org.mx\/web\/wp-content\/uploads\/2023\/07\/TEEC-RAP-6-2023-28-07-2023.pdf&quot; target=&quot;_blank&quot;&gt;TEEC\/RAP\/6\/2023 (ACUERDO DE CUMPLIMIENTO)&lt;\/a&gt;\" data-order=\"&lt;a href=&quot;https:\/\/teec.org.mx\/web\/wp-content\/uploads\/2023\/07\/TEEC-RAP-6-2023-28-07-2023.pdf&quot; target=&quot;_blank&quot;&gt;TEEC\/RAP\/6\/2023 (ACUERDO DE CUMPLIMIENTO)&lt;\/a&gt;\" ><a href=\"https:\/\/teec.org.mx\/web\/wp-content\/uploads\/2023\/07\/TEEC-RAP-6-2023-28-07-2023.pdf\" target=\"_blank\">TEEC\/RAP\/6\/2023 (ACUERDO DE CUMPLIMIENTO)<\/a><\/td><\/tr><tr style=\"height:px\" ><td data-cell-id=\"A258\" data-x=\"0\" data-y=\"258\" data-db-index=\"258\" class=\"fsize-18\" data-cell-type=\"text\" data-original-value=\"28 DE JULIO DE 2023, A LAS 14:02 HORAS\" data-order=\"28 DE JULIO DE 2023, A LAS 14:02 HORAS\" >28 DE JULIO DE 2023, A LAS 14:02 HORAS <\/td><td data-cell-id=\"B258\" data-x=\"1\" data-y=\"258\" data-db-index=\"258\" class=\"fsize-18\" data-cell-type=\"text\" data-original-value=\"PARTIDO ACCI\u00d3N NACIONAL Y MOVIMIENTO CIUDADANO\" data-order=\"PARTIDO ACCI\u00d3N NACIONAL Y MOVIMIENTO CIUDADANO\" >PARTIDO ACCI\u00d3N NACIONAL Y MOVIMIENTO CIUDADANO <\/td><td data-cell-id=\"C258\" data-x=\"2\" data-y=\"258\" data-db-index=\"258\" class=\"fsize-18\" data-cell-type=\"text\" data-original-value=\"TRIBUNAL ELECTORAL DEL ESTADO DE CAMPECHE\" data-order=\"TRIBUNAL ELECTORAL DEL ESTADO DE CAMPECHE\" >TRIBUNAL ELECTORAL DEL ESTADO DE CAMPECHE <\/td><td data-cell-id=\"D258\" data-x=\"3\" data-y=\"258\" data-db-index=\"258\" class=\"fsize-18\" data-cell-type=\"text\" data-original-value=\"&lt;a href=&quot;https:\/\/teec.org.mx\/web\/wp-content\/uploads\/2023\/07\/TEEC-RAP-2-2023-y-acum.-28-07-2023.pdf&quot; target=&quot;_blank&quot;&gt;TEEC\/RAP\/2\/2023 Y SU ACUMULADO TEEC\/RAP\/3\/2023 (SE DA POR NOTIFICADA ESTA AUTORIDAD DE LA SENTENCIA DE SALA SUPERIOR)&lt;\/a&gt;\" data-order=\"&lt;a href=&quot;https:\/\/teec.org.mx\/web\/wp-content\/uploads\/2023\/07\/TEEC-RAP-2-2023-y-acum.-28-07-2023.pdf&quot; target=&quot;_blank&quot;&gt;TEEC\/RAP\/2\/2023 Y SU ACUMULADO TEEC\/RAP\/3\/2023 (SE DA POR NOTIFICADA ESTA AUTORIDAD DE LA SENTENCIA DE SALA SUPERIOR)&lt;\/a&gt;\" ><a href=\"https:\/\/teec.org.mx\/web\/wp-content\/uploads\/2023\/07\/TEEC-RAP-2-2023-y-acum.-28-07-2023.pdf\" target=\"_blank\">TEEC\/RAP\/2\/2023 Y SU ACUMULADO TEEC\/RAP\/3\/2023 (SE DA POR NOTIFICADA ESTA AUTORIDAD DE LA SENTENCIA DE SALA SUPERIOR)<\/a><\/td><\/tr><tr style=\"height:px\" ><td data-cell-id=\"A259\" data-x=\"0\" data-y=\"259\" data-db-index=\"259\" class=\"fsize-18\" data-cell-type=\"text\" data-original-value=\"28 DE JULIO DE 2023, A LAS 10:14 HORAS\" data-order=\"28 DE JULIO DE 2023, A LAS 10:14 HORAS\" >28 DE JULIO DE 2023, A LAS 10:14 HORAS <\/td><td data-cell-id=\"B259\" data-x=\"1\" data-y=\"259\" data-db-index=\"259\" class=\"fsize-18\" data-cell-type=\"text\" data-original-value=\"MARCO ANTONIO S\u00c1NCHEZ ABNAAL Y EFRAIN CABALLERO SANDOVAL, REPRESENTANTES LEGALES DE LA ORGANIZACI\u00d3N DE CIUDADANOS DENOMINADA \u201cESPACIO DEMOCR\u00c1TICO DE CAMPECHE A.C.\u201d \" data-order=\"MARCO ANTONIO S\u00c1NCHEZ ABNAAL Y EFRAIN CABALLERO SANDOVAL, REPRESENTANTES LEGALES DE LA ORGANIZACI\u00d3N DE CIUDADANOS DENOMINADA \u201cESPACIO DEMOCR\u00c1TICO DE CAMPECHE A.C.\u201d \" >MARCO ANTONIO S\u00c1NCHEZ ABNAAL Y EFRAIN CABALLERO SANDOVAL, REPRESENTANTES LEGALES DE LA ORGANIZACI\u00d3N DE CIUDADANOS DENOMINADA \u201cESPACIO DEMOCR\u00c1TICO DE CAMPECHE A.C.\u201d <\/td><td data-cell-id=\"C259\" data-x=\"2\" data-y=\"259\" data-db-index=\"259\" class=\"fsize-18\" data-cell-type=\"text\" data-original-value=\"CONSEJO GENERAL DEL INSTITUTO ELECTORAL DEL ESTADO DE CAMPECHE\" data-order=\"CONSEJO GENERAL DEL INSTITUTO ELECTORAL DEL ESTADO DE CAMPECHE\" >CONSEJO GENERAL DEL INSTITUTO ELECTORAL DEL ESTADO DE CAMPECHE <\/td><td data-cell-id=\"D259\" data-x=\"3\" data-y=\"259\" data-db-index=\"259\" class=\"fsize-18\" data-cell-type=\"text\" data-original-value=\"&lt;a href=&quot;https:\/\/teec.org.mx\/web\/wp-content\/uploads\/2023\/07\/TEEC-RAP-7-2023-28-07-2023.pdf&quot; target=&quot;_blank&quot;&gt;TEEC\/RAP\/7\/2023 (ACUERDO DE CUMPLIMIENTO)&lt;\/a&gt;\" data-order=\"&lt;a href=&quot;https:\/\/teec.org.mx\/web\/wp-content\/uploads\/2023\/07\/TEEC-RAP-7-2023-28-07-2023.pdf&quot; target=&quot;_blank&quot;&gt;TEEC\/RAP\/7\/2023 (ACUERDO DE CUMPLIMIENTO)&lt;\/a&gt;\" ><a href=\"https:\/\/teec.org.mx\/web\/wp-content\/uploads\/2023\/07\/TEEC-RAP-7-2023-28-07-2023.pdf\" target=\"_blank\">TEEC\/RAP\/7\/2023 (ACUERDO DE CUMPLIMIENTO)<\/a><\/td><\/tr><tr style=\"height:px\" ><td data-cell-id=\"A260\" data-x=\"0\" data-y=\"260\" data-db-index=\"260\" class=\"fsize-18\" data-cell-type=\"text\" data-original-value=\"27 DE JULIO DE 2023, A LAS 12:53 HORAS\" data-order=\"27 DE JULIO DE 2023, A LAS 12:53 HORAS\" >27 DE JULIO DE 2023, A LAS 12:53 HORAS <\/td><td data-cell-id=\"B260\" data-x=\"1\" data-y=\"260\" data-db-index=\"260\" class=\"fsize-18\" data-cell-type=\"text\" data-original-value=\"MARCO ANTONIO S\u00c1NCHEZ ABNAAL Y EFRAIN CABALLERO SANDOVAL, REPRESENTANTES LEGALES DE LA ORGANIZACI\u00d3N DE CIUDADANOS DENOMINADA \u201cESPACIO DEMOCR\u00c1TICO DE CAMPECHE A.C.\u201d\" data-order=\"MARCO ANTONIO S\u00c1NCHEZ ABNAAL Y EFRAIN CABALLERO SANDOVAL, REPRESENTANTES LEGALES DE LA ORGANIZACI\u00d3N DE CIUDADANOS DENOMINADA \u201cESPACIO DEMOCR\u00c1TICO DE CAMPECHE A.C.\u201d\" >MARCO ANTONIO S\u00c1NCHEZ ABNAAL Y EFRAIN CABALLERO SANDOVAL, REPRESENTANTES LEGALES DE LA ORGANIZACI\u00d3N DE CIUDADANOS DENOMINADA \u201cESPACIO DEMOCR\u00c1TICO DE CAMPECHE A.C.\u201d <\/td><td data-cell-id=\"C260\" data-x=\"2\" data-y=\"260\" data-db-index=\"260\" class=\"fsize-18\" data-cell-type=\"text\" data-original-value=\"CONSEJO GENERAL Y COMISI\u00d3N DE ORGANIZACI\u00d3N ELECTORAL, PARTIDO Y AGRUPACIONES POL\u00cdTICAS DEL INSTITUTO ELECTORAL DEL ESTADO DE CAMPECHE\" data-order=\"CONSEJO GENERAL Y COMISI\u00d3N DE ORGANIZACI\u00d3N ELECTORAL, PARTIDO Y AGRUPACIONES POL\u00cdTICAS DEL INSTITUTO ELECTORAL DEL ESTADO DE CAMPECHE\" >CONSEJO GENERAL Y COMISI\u00d3N DE ORGANIZACI\u00d3N ELECTORAL, PARTIDO Y AGRUPACIONES POL\u00cdTICAS DEL INSTITUTO ELECTORAL DEL ESTADO DE CAMPECHE <\/td><td data-cell-id=\"D260\" data-x=\"3\" data-y=\"260\" data-db-index=\"260\" class=\"fsize-18\" data-cell-type=\"text\" data-original-value=\"&lt;a href=&quot;https:\/\/teec.org.mx\/web\/wp-content\/uploads\/2023\/07\/TEEC-RAP-7-2023-27-07-2023.pdf&quot; target=&quot;_blank&quot;&gt;TEEC\/RAP\/7\/2023 (SE TURNA DOCUMENTACI\u00d3N)&lt;\/a&gt;\" data-order=\"&lt;a href=&quot;https:\/\/teec.org.mx\/web\/wp-content\/uploads\/2023\/07\/TEEC-RAP-7-2023-27-07-2023.pdf&quot; target=&quot;_blank&quot;&gt;TEEC\/RAP\/7\/2023 (SE TURNA DOCUMENTACI\u00d3N)&lt;\/a&gt;\" ><a href=\"https:\/\/teec.org.mx\/web\/wp-content\/uploads\/2023\/07\/TEEC-RAP-7-2023-27-07-2023.pdf\" target=\"_blank\">TEEC\/RAP\/7\/2023 (SE TURNA DOCUMENTACI\u00d3N)<\/a><\/td><\/tr><tr style=\"height:px\" ><td data-cell-id=\"A261\" data-x=\"0\" data-y=\"261\" data-db-index=\"261\" class=\"fsize-18\" data-cell-type=\"text\" data-original-value=\"27 DE JULIO DE 2023, A LAS 12:41 HORAS\" data-order=\"27 DE JULIO DE 2023, A LAS 12:41 HORAS\" >27 DE JULIO DE 2023, A LAS 12:41 HORAS <\/td><td data-cell-id=\"B261\" data-x=\"1\" data-y=\"261\" data-db-index=\"261\" class=\"fsize-18\" data-cell-type=\"text\" data-original-value=\"C\u00c9SAR ISMAEL MART\u00cdN EHU\u00c1N, QUIEN SE OSTENTA COMO REPRESENTANTE PROPIETARIO DEL PARTIDO ACCI\u00d3N NACIONAL ANTE EL CONSEJO GENERAL DEL INSTITUTO ELECTORAL DEL ESTADO DE CAMPECHE\" data-order=\"C\u00c9SAR ISMAEL MART\u00cdN EHU\u00c1N, QUIEN SE OSTENTA COMO REPRESENTANTE PROPIETARIO DEL PARTIDO ACCI\u00d3N NACIONAL ANTE EL CONSEJO GENERAL DEL INSTITUTO ELECTORAL DEL ESTADO DE CAMPECHE\" >C\u00c9SAR ISMAEL MART\u00cdN EHU\u00c1N, QUIEN SE OSTENTA COMO REPRESENTANTE PROPIETARIO DEL PARTIDO ACCI\u00d3N NACIONAL ANTE EL CONSEJO GENERAL DEL INSTITUTO ELECTORAL DEL ESTADO DE CAMPECHE <\/td><td data-cell-id=\"C261\" data-x=\"2\" data-y=\"261\" data-db-index=\"261\" class=\"fsize-18\" data-cell-type=\"text\" data-original-value=\"CONSEJO GENERAL EJECUTIVA DEL INSTITUTO ELECTORAL DEL ESTADO DE CAMPECHE\" data-order=\"CONSEJO GENERAL EJECUTIVA DEL INSTITUTO ELECTORAL DEL ESTADO DE CAMPECHE\" >CONSEJO GENERAL EJECUTIVA DEL INSTITUTO ELECTORAL DEL ESTADO DE CAMPECHE <\/td><td data-cell-id=\"D261\" data-x=\"3\" data-y=\"261\" data-db-index=\"261\" class=\"fsize-18\" data-cell-type=\"text\" data-original-value=\"&lt;a href=&quot;https:\/\/teec.org.mx\/web\/wp-content\/uploads\/2023\/07\/TEEC-RAP-6-2023-27-07-2023.pdf&quot; target=&quot;_blank&quot;&gt;TEEC\/RAP\/6\/2023 (SE TURNA DOCUMENTACI\u00d3N)&lt;\/a&gt;\" data-order=\"&lt;a href=&quot;https:\/\/teec.org.mx\/web\/wp-content\/uploads\/2023\/07\/TEEC-RAP-6-2023-27-07-2023.pdf&quot; target=&quot;_blank&quot;&gt;TEEC\/RAP\/6\/2023 (SE TURNA DOCUMENTACI\u00d3N)&lt;\/a&gt;\" ><a href=\"https:\/\/teec.org.mx\/web\/wp-content\/uploads\/2023\/07\/TEEC-RAP-6-2023-27-07-2023.pdf\" target=\"_blank\">TEEC\/RAP\/6\/2023 (SE TURNA DOCUMENTACI\u00d3N)<\/a><\/td><\/tr><tr style=\"height:px\" ><td data-cell-id=\"A262\" data-x=\"0\" data-y=\"262\" data-db-index=\"262\" class=\"fsize-18\" data-cell-type=\"text\" data-original-value=\"25 DE JULIO DE 2023, A LAS 11:30 HORAS\" data-order=\"25 DE JULIO DE 2023, A LAS 11:30 HORAS\" >25 DE JULIO DE 2023, A LAS 11:30 HORAS <\/td><td data-cell-id=\"B262\" data-x=\"1\" data-y=\"262\" data-db-index=\"262\" class=\"fsize-18\" data-cell-type=\"text\" data-original-value=\"CESAR ISMAEL MART\u00cdN EHU\u00c1N, REPRESENTANTE PROPIETARIO DEL PARTIDO ACCI\u00d3N NACIONAL ANTE EL CONSEJO GENERAL DEL INSTITUTO ELECTORAL DEL ESTADO DE CAMPECHE Y PEDRO ESTRADA C\u00d3RDOVA, REPRESENTANTE PROPIETARIO DEL PARTIDO MOVIMIENTO CIUDADANO ANTE EL CONSEJO GENERAL DEL INSTITUTO ELECTORAL DEL ESTADO DE CAMPECHE\" data-order=\"CESAR ISMAEL MART\u00cdN EHU\u00c1N, REPRESENTANTE PROPIETARIO DEL PARTIDO ACCI\u00d3N NACIONAL ANTE EL CONSEJO GENERAL DEL INSTITUTO ELECTORAL DEL ESTADO DE CAMPECHE Y PEDRO ESTRADA C\u00d3RDOVA, REPRESENTANTE PROPIETARIO DEL PARTIDO MOVIMIENTO CIUDADANO ANTE EL CONSEJO GENERAL DEL INSTITUTO ELECTORAL DEL ESTADO DE CAMPECHE\" >CESAR ISMAEL MART\u00cdN EHU\u00c1N, REPRESENTANTE PROPIETARIO DEL PARTIDO ACCI\u00d3N NACIONAL ANTE EL CONSEJO GENERAL DEL INSTITUTO ELECTORAL DEL ESTADO DE CAMPECHE Y PEDRO ESTRADA C\u00d3RDOVA, REPRESENTANTE PROPIETARIO DEL PARTIDO MOVIMIENTO CIUDADANO ANTE EL CONSEJO GENERAL DEL INSTITUTO ELECTORAL DEL ESTADO DE CAMPECHE <\/td><td data-cell-id=\"C262\" data-x=\"2\" data-y=\"262\" data-db-index=\"262\" class=\"fsize-18\" data-cell-type=\"text\" data-original-value=\"CONSEJO GENERAL DEL INSTITUTO ELECTORAL DEL ESTADO DE CAMPECHE\" data-order=\"CONSEJO GENERAL DEL INSTITUTO ELECTORAL DEL ESTADO DE CAMPECHE\" >CONSEJO GENERAL DEL INSTITUTO ELECTORAL DEL ESTADO DE CAMPECHE <\/td><td data-cell-id=\"D262\" data-x=\"3\" data-y=\"262\" data-db-index=\"262\" class=\"fsize-18\" data-cell-type=\"text\" data-original-value=\"&lt;a href=&quot;https:\/\/teec.org.mx\/web\/wp-content\/uploads\/2023\/07\/TEEC-RAP-2-2023-y-acum.-05-07-2023.pdf&quot; target=&quot;_blank&quot;&gt;TEEC\/RAP\/2\/2023 Y SU ACUMULADO TEEC\/RAP\/3\/2023 (SE TURNA DOCUMENTACI\u00d3N)&lt;\/a&gt;\" data-order=\"&lt;a href=&quot;https:\/\/teec.org.mx\/web\/wp-content\/uploads\/2023\/07\/TEEC-RAP-2-2023-y-acum.-05-07-2023.pdf&quot; target=&quot;_blank&quot;&gt;TEEC\/RAP\/2\/2023 Y SU ACUMULADO TEEC\/RAP\/3\/2023 (SE TURNA DOCUMENTACI\u00d3N)&lt;\/a&gt;\" ><a href=\"https:\/\/teec.org.mx\/web\/wp-content\/uploads\/2023\/07\/TEEC-RAP-2-2023-y-acum.-05-07-2023.pdf\" target=\"_blank\">TEEC\/RAP\/2\/2023 Y SU ACUMULADO TEEC\/RAP\/3\/2023 (SE TURNA DOCUMENTACI\u00d3N)<\/a><\/td><\/tr><tr style=\"height:px\" ><td data-cell-id=\"A263\" data-x=\"0\" data-y=\"263\" data-db-index=\"263\" class=\"fsize-18\" data-cell-type=\"text\" data-original-value=\"20 DE JULIO DE 2023, A LAS 12:10 HORAS\" data-order=\"20 DE JULIO DE 2023, A LAS 12:10 HORAS\" >20 DE JULIO DE 2023, A LAS 12:10 HORAS <\/td><td data-cell-id=\"B263\" data-x=\"1\" data-y=\"263\" data-db-index=\"263\" class=\"fsize-18\" data-cell-type=\"text\" data-original-value=\"HELLEN SARAH\u00cd DOM\u00cdNGUEZ CERVERA Y OTRAS PERSONAS\" data-order=\"HELLEN SARAH\u00cd DOM\u00cdNGUEZ CERVERA Y OTRAS PERSONAS\" >HELLEN SARAH\u00cd DOM\u00cdNGUEZ CERVERA Y OTRAS PERSONAS <\/td><td data-cell-id=\"C263\" data-x=\"2\" data-y=\"263\" data-db-index=\"263\" class=\"fsize-18\" data-cell-type=\"text\" data-original-value=\"TRIBUNAL ELECTORAL DEL ESTADO DE CAMPECHE\" data-order=\"TRIBUNAL ELECTORAL DEL ESTADO DE CAMPECHE\" >TRIBUNAL ELECTORAL DEL ESTADO DE CAMPECHE <\/td><td data-cell-id=\"D263\" data-x=\"3\" data-y=\"263\" data-db-index=\"263\" class=\"fsize-18\" data-cell-type=\"text\" data-original-value=\"&lt;a href=&quot;https:\/\/teec.org.mx\/web\/wp-content\/uploads\/2023\/07\/TEEC-RAP-6-2023-20-07-2023.pdf&quot; target=&quot;_blank&quot;&gt;TEEC\/RAP\/6\/2023 (SE DA POR NOTIFICADA ESTA AUTORIDAD DE LA SENTENCIA DE SALA REGIONAL)&lt;\/a&gt;\" data-order=\"&lt;a href=&quot;https:\/\/teec.org.mx\/web\/wp-content\/uploads\/2023\/07\/TEEC-RAP-6-2023-20-07-2023.pdf&quot; target=&quot;_blank&quot;&gt;TEEC\/RAP\/6\/2023 (SE DA POR NOTIFICADA ESTA AUTORIDAD DE LA SENTENCIA DE SALA REGIONAL)&lt;\/a&gt;\" ><a href=\"https:\/\/teec.org.mx\/web\/wp-content\/uploads\/2023\/07\/TEEC-RAP-6-2023-20-07-2023.pdf\" target=\"_blank\">TEEC\/RAP\/6\/2023 (SE DA POR NOTIFICADA ESTA AUTORIDAD DE LA SENTENCIA DE SALA REGIONAL)<\/a><\/td><\/tr><tr style=\"height:px\" ><td data-cell-id=\"A264\" data-x=\"0\" data-y=\"264\" data-db-index=\"264\" class=\"fsize-18\" data-cell-type=\"text\" data-original-value=\"17 DE JULIO DE 2023, A LAS 14:35 HORAS\" data-order=\"17 DE JULIO DE 2023, A LAS 14:35 HORAS\" >17 DE JULIO DE 2023, A LAS 14:35 HORAS <\/td><td data-cell-id=\"B264\" data-x=\"1\" data-y=\"264\" data-db-index=\"264\" class=\"fsize-18\" data-cell-type=\"text\" data-original-value=\"MOVIMIENTO LABORISTA CAMPECHE A.C.\" data-order=\"MOVIMIENTO LABORISTA CAMPECHE A.C.\" >MOVIMIENTO LABORISTA CAMPECHE A.C. <\/td><td data-cell-id=\"C264\" data-x=\"2\" data-y=\"264\" data-db-index=\"264\" class=\"fsize-18\" data-cell-type=\"text\" data-original-value=\"CONSEJO GENERAL DEL INSTITUTO ELECTORAL DEL ESTADO DE CAMPECHE. (sic)\" data-order=\"CONSEJO GENERAL DEL INSTITUTO ELECTORAL DEL ESTADO DE CAMPECHE. (sic)\" >CONSEJO GENERAL DEL INSTITUTO ELECTORAL DEL ESTADO DE CAMPECHE. (sic) <\/td><td data-cell-id=\"D264\" data-x=\"3\" data-y=\"264\" data-db-index=\"264\" class=\"fsize-18\" data-cell-type=\"text\" data-original-value=\"&lt;a href=&quot;https:\/\/teec.org.mx\/web\/wp-content\/uploads\/2023\/07\/TEEC-RAP-8-2023-17-07-2023.pdf&quot; target=&quot;_blank&quot;&gt;TEEC\/RAP\/8\/2023 (QUEDA FIRME EL ACUERDO PLENARIO)&lt;\/a&gt;\" data-order=\"&lt;a href=&quot;https:\/\/teec.org.mx\/web\/wp-content\/uploads\/2023\/07\/TEEC-RAP-8-2023-17-07-2023.pdf&quot; target=&quot;_blank&quot;&gt;TEEC\/RAP\/8\/2023 (QUEDA FIRME EL ACUERDO PLENARIO)&lt;\/a&gt;\" ><a href=\"https:\/\/teec.org.mx\/web\/wp-content\/uploads\/2023\/07\/TEEC-RAP-8-2023-17-07-2023.pdf\" target=\"_blank\">TEEC\/RAP\/8\/2023 (QUEDA FIRME EL ACUERDO PLENARIO)<\/a><\/td><\/tr><tr style=\"height:px\" ><td data-cell-id=\"A265\" data-x=\"0\" data-y=\"265\" data-db-index=\"265\" class=\"fsize-18\" data-cell-type=\"text\" data-original-value=\"17 DE JULIO DE 2023, A LAS 14:25 HORAS\" data-order=\"17 DE JULIO DE 2023, A LAS 14:25 HORAS\" >17 DE JULIO DE 2023, A LAS 14:25 HORAS <\/td><td data-cell-id=\"B265\" data-x=\"1\" data-y=\"265\" data-db-index=\"265\" class=\"fsize-18\" data-cell-type=\"text\" data-original-value=\"MARCO ANTONIO S\u00c1NCHEZ ABNAAL Y EFRAIN CABALLERO SANDOVAL, REPRESENTANTES LEGALES DE LA ORGANIZACI\u00d3N DE CIUDADANOS DENOMINADA \u201cESPACIO DEMOCR\u00c1TICO DE CAMPECHE A.C.\u201d \" data-order=\"MARCO ANTONIO S\u00c1NCHEZ ABNAAL Y EFRAIN CABALLERO SANDOVAL, REPRESENTANTES LEGALES DE LA ORGANIZACI\u00d3N DE CIUDADANOS DENOMINADA \u201cESPACIO DEMOCR\u00c1TICO DE CAMPECHE A.C.\u201d \" >MARCO ANTONIO S\u00c1NCHEZ ABNAAL Y EFRAIN CABALLERO SANDOVAL, REPRESENTANTES LEGALES DE LA ORGANIZACI\u00d3N DE CIUDADANOS DENOMINADA \u201cESPACIO DEMOCR\u00c1TICO DE CAMPECHE A.C.\u201d <\/td><td data-cell-id=\"C265\" data-x=\"2\" data-y=\"265\" data-db-index=\"265\" class=\"fsize-18\" data-cell-type=\"text\" data-original-value=\"CONSEJO GENERAL DEL INSTITUTO ELECTORAL DEL ESTADO DE CAMPECHE Y COMISI\u00d3N DE ORGANIZACI\u00d3N ELECTORAL, PARTIDOS Y AGRUPACIONES POL\u00cdTICAS DE ESTE INSTITUTO\" data-order=\"CONSEJO GENERAL DEL INSTITUTO ELECTORAL DEL ESTADO DE CAMPECHE Y COMISI\u00d3N DE ORGANIZACI\u00d3N ELECTORAL, PARTIDOS Y AGRUPACIONES POL\u00cdTICAS DE ESTE INSTITUTO\" >CONSEJO GENERAL DEL INSTITUTO ELECTORAL DEL ESTADO DE CAMPECHE Y COMISI\u00d3N DE ORGANIZACI\u00d3N ELECTORAL, PARTIDOS Y AGRUPACIONES POL\u00cdTICAS DE ESTE INSTITUTO <\/td><td data-cell-id=\"D265\" data-x=\"3\" data-y=\"265\" data-db-index=\"265\" class=\"fsize-18\" data-cell-type=\"text\" data-original-value=\"&lt;a href=&quot;https:\/\/teec.org.mx\/web\/wp-content\/uploads\/2023\/07\/TEEC-RAP-7-2023-17-07-2023.pdf&quot; target=&quot;_blank&quot;&gt;TEEC\/RAP\/7\/2023 (QUEDA FIRME EL ACUERDO PLENARIO)&lt;\/a&gt;\" data-order=\"&lt;a href=&quot;https:\/\/teec.org.mx\/web\/wp-content\/uploads\/2023\/07\/TEEC-RAP-7-2023-17-07-2023.pdf&quot; target=&quot;_blank&quot;&gt;TEEC\/RAP\/7\/2023 (QUEDA FIRME EL ACUERDO PLENARIO)&lt;\/a&gt;\" ><a href=\"https:\/\/teec.org.mx\/web\/wp-content\/uploads\/2023\/07\/TEEC-RAP-7-2023-17-07-2023.pdf\" target=\"_blank\">TEEC\/RAP\/7\/2023 (QUEDA FIRME EL ACUERDO PLENARIO)<\/a><\/td><\/tr><tr style=\"height:px\" ><td data-cell-id=\"A266\" data-x=\"0\" data-y=\"266\" data-db-index=\"266\" class=\"fsize-18\" data-cell-type=\"text\" data-original-value=\"07 DE JULIO DE 2023, A LAS 12:10 HORAS\" data-order=\"07 DE JULIO DE 2023, A LAS 12:10 HORAS\" >07 DE JULIO DE 2023, A LAS 12:10 HORAS <\/td><td data-cell-id=\"B266\" data-x=\"1\" data-y=\"266\" data-db-index=\"266\" class=\"fsize-18\" data-cell-type=\"text\" data-original-value=\"CARLOS ALBERTO PLATA DOM\u00cdNGUEZ, MILITANTE DEL PARTIDO POL\u00cdTICO LOCAL \u201cCAMPECHE LIBRE\u201d\" data-order=\"CARLOS ALBERTO PLATA DOM\u00cdNGUEZ, MILITANTE DEL PARTIDO POL\u00cdTICO LOCAL \u201cCAMPECHE LIBRE\u201d\" >CARLOS ALBERTO PLATA DOM\u00cdNGUEZ, MILITANTE DEL PARTIDO POL\u00cdTICO LOCAL \u201cCAMPECHE LIBRE\u201d <\/td><td data-cell-id=\"C266\" data-x=\"2\" data-y=\"266\" data-db-index=\"266\" class=\"fsize-18\" data-cell-type=\"text\" data-original-value=\"TRIBUNAL ELECTORAL DEL ESTADO DE CAMPECHE\" data-order=\"TRIBUNAL ELECTORAL DEL ESTADO DE CAMPECHE\" >TRIBUNAL ELECTORAL DEL ESTADO DE CAMPECHE <\/td><td data-cell-id=\"D266\" data-x=\"3\" data-y=\"266\" data-db-index=\"266\" class=\"fsize-18\" data-cell-type=\"text\" data-original-value=\"&lt;a href=&quot;https:\/\/teec.org.mx\/web\/wp-content\/uploads\/2023\/07\/TEEC-RAP-6-2023-5to-acu.-07-07-2023.pdf&quot; target=&quot;_blank&quot;&gt;TEEC\/RAP\/6\/2023 (SE COMUNICA C\u00c9DULA DE RETIRO Y NO COMPARECENCIA DE TERCERO INTERESADO)&lt;\/a&gt;\" data-order=\"&lt;a href=&quot;https:\/\/teec.org.mx\/web\/wp-content\/uploads\/2023\/07\/TEEC-RAP-6-2023-5to-acu.-07-07-2023.pdf&quot; target=&quot;_blank&quot;&gt;TEEC\/RAP\/6\/2023 (SE COMUNICA C\u00c9DULA DE RETIRO Y NO COMPARECENCIA DE TERCERO INTERESADO)&lt;\/a&gt;\" ><a href=\"https:\/\/teec.org.mx\/web\/wp-content\/uploads\/2023\/07\/TEEC-RAP-6-2023-5to-acu.-07-07-2023.pdf\" target=\"_blank\">TEEC\/RAP\/6\/2023 (SE COMUNICA C\u00c9DULA DE RETIRO Y NO COMPARECENCIA DE TERCERO INTERESADO)<\/a><\/td><\/tr><tr style=\"height:px\" ><td data-cell-id=\"A267\" data-x=\"0\" data-y=\"267\" data-db-index=\"267\" class=\"fsize-18\" data-cell-type=\"text\" data-original-value=\"07 DE JULIO DE 2023, A LAS 11:55 HORAS\" data-order=\"07 DE JULIO DE 2023, A LAS 11:55 HORAS\" >07 DE JULIO DE 2023, A LAS 11:55 HORAS <\/td><td data-cell-id=\"B267\" data-x=\"1\" data-y=\"267\" data-db-index=\"267\" class=\"fsize-18\" data-cell-type=\"text\" data-original-value=\"CARLOS PLATA GONZ\u00c1LEZ Y \u00c1NGEL BURGOS CARTAS, REPRESENTANTES LEGALES DE LA ORGANIZACI\u00d3N CIUDADANA DENOMINADA \u201cCAMPECHE LIBRE\u201d\" data-order=\"CARLOS PLATA GONZ\u00c1LEZ Y \u00c1NGEL BURGOS CARTAS, REPRESENTANTES LEGALES DE LA ORGANIZACI\u00d3N CIUDADANA DENOMINADA \u201cCAMPECHE LIBRE\u201d\" >CARLOS PLATA GONZ\u00c1LEZ Y \u00c1NGEL BURGOS CARTAS, REPRESENTANTES LEGALES DE LA ORGANIZACI\u00d3N CIUDADANA DENOMINADA \u201cCAMPECHE LIBRE\u201d <\/td><td data-cell-id=\"C267\" data-x=\"2\" data-y=\"267\" data-db-index=\"267\" class=\"fsize-18\" data-cell-type=\"text\" data-original-value=\"TRIBUNAL ELECTORAL DEL ESTADO DE CAMPECHE\" data-order=\"TRIBUNAL ELECTORAL DEL ESTADO DE CAMPECHE\" >TRIBUNAL ELECTORAL DEL ESTADO DE CAMPECHE <\/td><td data-cell-id=\"D267\" data-x=\"3\" data-y=\"267\" data-db-index=\"267\" class=\"fsize-18\" data-cell-type=\"text\" data-original-value=\"&lt;a href=&quot;https:\/\/teec.org.mx\/web\/wp-content\/uploads\/2023\/07\/TTEC-RAP-6-2023-4to-acu.-07-07-2023.pdf&quot; target=&quot;_blank&quot;&gt;TEEC\/RAP\/6\/2023 (SE COMUNICA RETIRO DE C\u00c9DULA DE RETIRO Y NO COMPARECENCIA DE TERCERO INTERESADO)&lt;\/a&gt;\" data-order=\"&lt;a href=&quot;https:\/\/teec.org.mx\/web\/wp-content\/uploads\/2023\/07\/TTEC-RAP-6-2023-4to-acu.-07-07-2023.pdf&quot; target=&quot;_blank&quot;&gt;TEEC\/RAP\/6\/2023 (SE COMUNICA RETIRO DE C\u00c9DULA DE RETIRO Y NO COMPARECENCIA DE TERCERO INTERESADO)&lt;\/a&gt;\" ><a href=\"https:\/\/teec.org.mx\/web\/wp-content\/uploads\/2023\/07\/TTEC-RAP-6-2023-4to-acu.-07-07-2023.pdf\" target=\"_blank\">TEEC\/RAP\/6\/2023 (SE COMUNICA RETIRO DE C\u00c9DULA DE RETIRO Y NO COMPARECENCIA DE TERCERO INTERESADO)<\/a><\/td><\/tr><tr style=\"height:px\" ><td data-cell-id=\"A268\" data-x=\"0\" data-y=\"268\" data-db-index=\"268\" class=\"fsize-18\" data-cell-type=\"text\" data-original-value=\"07 DE JULIO DE 2023, A LAS 11:37 HORAS\" data-order=\"07 DE JULIO DE 2023, A LAS 11:37 HORAS\" >07 DE JULIO DE 2023, A LAS 11:37 HORAS <\/td><td data-cell-id=\"B268\" data-x=\"1\" data-y=\"268\" data-db-index=\"268\" class=\"fsize-18\" data-cell-type=\"text\" data-original-value=\"AURORA NOEMI DUARTE ANCHEVIDA, MILITANTE DEL PARTIDO POL\u00cdTICO LOCAL \u201cCAMPECHE LIBRE\u201d\" data-order=\"AURORA NOEMI DUARTE ANCHEVIDA, MILITANTE DEL PARTIDO POL\u00cdTICO LOCAL \u201cCAMPECHE LIBRE\u201d\" >AURORA NOEMI DUARTE ANCHEVIDA, MILITANTE DEL PARTIDO POL\u00cdTICO LOCAL \u201cCAMPECHE LIBRE\u201d <\/td><td data-cell-id=\"C268\" data-x=\"2\" data-y=\"268\" data-db-index=\"268\" class=\"fsize-18\" data-cell-type=\"text\" data-original-value=\"TRIBUNAL ELECTORAL DEL ESTADO DE CAMPECHE\" data-order=\"TRIBUNAL ELECTORAL DEL ESTADO DE CAMPECHE\" >TRIBUNAL ELECTORAL DEL ESTADO DE CAMPECHE <\/td><td data-cell-id=\"D268\" data-x=\"3\" data-y=\"268\" data-db-index=\"268\" class=\"fsize-18\" data-cell-type=\"text\" data-original-value=\"&lt;a href=&quot;https:\/\/teec.org.mx\/web\/wp-content\/uploads\/2023\/07\/TEEC-RAP-6-2023-3er-acu.-07-07-2023.pdf&quot; target=&quot;_blank&quot;&gt;TEEC\/RAP\/6\/2023 (SE COMUNICA C\u00c9DULA DE RETIRO Y NO COMPARECENCIA DE TERCERO INTERESADO)&lt;\/a&gt;\" data-order=\"&lt;a href=&quot;https:\/\/teec.org.mx\/web\/wp-content\/uploads\/2023\/07\/TEEC-RAP-6-2023-3er-acu.-07-07-2023.pdf&quot; target=&quot;_blank&quot;&gt;TEEC\/RAP\/6\/2023 (SE COMUNICA C\u00c9DULA DE RETIRO Y NO COMPARECENCIA DE TERCERO INTERESADO)&lt;\/a&gt;\" ><a href=\"https:\/\/teec.org.mx\/web\/wp-content\/uploads\/2023\/07\/TEEC-RAP-6-2023-3er-acu.-07-07-2023.pdf\" target=\"_blank\">TEEC\/RAP\/6\/2023 (SE COMUNICA C\u00c9DULA DE RETIRO Y NO COMPARECENCIA DE TERCERO INTERESADO)<\/a><\/td><\/tr><tr style=\"height:px\" ><td data-cell-id=\"A269\" data-x=\"0\" data-y=\"269\" data-db-index=\"269\" class=\"fsize-18\" data-cell-type=\"text\" data-original-value=\"07 DE JULIO DE 2023, A LAS 11:29 HORAS\" data-order=\"07 DE JULIO DE 2023, A LAS 11:29 HORAS\" >07 DE JULIO DE 2023, A LAS 11:29 HORAS <\/td><td data-cell-id=\"B269\" data-x=\"1\" data-y=\"269\" data-db-index=\"269\" class=\"fsize-18\" data-cell-type=\"text\" data-original-value=\"MAR\u00cdA ELENA CERVERA NAJERA, MILITANTE DEL PARTIDO POL\u00cdTICO LOCAL \u201cCAMPECHE LIBRE\u201d\" data-order=\"MAR\u00cdA ELENA CERVERA NAJERA, MILITANTE DEL PARTIDO POL\u00cdTICO LOCAL \u201cCAMPECHE LIBRE\u201d\" >MAR\u00cdA ELENA CERVERA NAJERA, MILITANTE DEL PARTIDO POL\u00cdTICO LOCAL \u201cCAMPECHE LIBRE\u201d <\/td><td data-cell-id=\"C269\" data-x=\"2\" data-y=\"269\" data-db-index=\"269\" class=\"fsize-18\" data-cell-type=\"text\" data-original-value=\"TRIBUNAL ELECTORAL DEL ESTADO DE CAMPECHE\" data-order=\"TRIBUNAL ELECTORAL DEL ESTADO DE CAMPECHE\" >TRIBUNAL ELECTORAL DEL ESTADO DE CAMPECHE <\/td><td data-cell-id=\"D269\" data-x=\"3\" data-y=\"269\" data-db-index=\"269\" class=\"fsize-18\" data-cell-type=\"text\" data-original-value=\"&lt;a href=&quot;https:\/\/teec.org.mx\/web\/wp-content\/uploads\/2023\/07\/TEEC-RAP-6-2023-2do-acu.-07-07-2023.pdf&quot; target=&quot;_blank&quot;&gt;TEEC\/RAP\/6\/2023 (SE COMUNICA C\u00c9DULA DE RETIRO Y NO COMPARECENCIA DE TERCERO INTERESADO)&lt;\/a&gt;\" data-order=\"&lt;a href=&quot;https:\/\/teec.org.mx\/web\/wp-content\/uploads\/2023\/07\/TEEC-RAP-6-2023-2do-acu.-07-07-2023.pdf&quot; target=&quot;_blank&quot;&gt;TEEC\/RAP\/6\/2023 (SE COMUNICA C\u00c9DULA DE RETIRO Y NO COMPARECENCIA DE TERCERO INTERESADO)&lt;\/a&gt;\" ><a href=\"https:\/\/teec.org.mx\/web\/wp-content\/uploads\/2023\/07\/TEEC-RAP-6-2023-2do-acu.-07-07-2023.pdf\" target=\"_blank\">TEEC\/RAP\/6\/2023 (SE COMUNICA C\u00c9DULA DE RETIRO Y NO COMPARECENCIA DE TERCERO INTERESADO)<\/a><\/td><\/tr><tr style=\"height:px\" ><td data-cell-id=\"A270\" data-x=\"0\" data-y=\"270\" data-db-index=\"270\" class=\"fsize-18\" data-cell-type=\"text\" data-original-value=\"07 DE JULIO DE 2023, A LAS 11:13 HORAS\" data-order=\"07 DE JULIO DE 2023, A LAS 11:13 HORAS\" >07 DE JULIO DE 2023, A LAS 11:13 HORAS <\/td><td data-cell-id=\"B270\" data-x=\"1\" data-y=\"270\" data-db-index=\"270\" class=\"fsize-18\" data-cell-type=\"text\" data-original-value=\"HELLEN SARAH\u00cd DOM\u00cdNGUEZ CERVERA, MILITANTE DEL PARTIDO POL\u00cdTICO LOCAL \u201cCAMPECHE LIBRE\u201d\" data-order=\"HELLEN SARAH\u00cd DOM\u00cdNGUEZ CERVERA, MILITANTE DEL PARTIDO POL\u00cdTICO LOCAL \u201cCAMPECHE LIBRE\u201d\" >HELLEN SARAH\u00cd DOM\u00cdNGUEZ CERVERA, MILITANTE DEL PARTIDO POL\u00cdTICO LOCAL \u201cCAMPECHE LIBRE\u201d <\/td><td data-cell-id=\"C270\" data-x=\"2\" data-y=\"270\" data-db-index=\"270\" class=\"fsize-18\" data-cell-type=\"text\" data-original-value=\"TRIBUNAL ELECTORAL DEL ESTADO DE CAMPECHE\" data-order=\"TRIBUNAL ELECTORAL DEL ESTADO DE CAMPECHE\" >TRIBUNAL ELECTORAL DEL ESTADO DE CAMPECHE <\/td><td data-cell-id=\"D270\" data-x=\"3\" data-y=\"270\" data-db-index=\"270\" class=\"fsize-18\" data-cell-type=\"text\" data-original-value=\"&lt;a href=&quot;https:\/\/teec.org.mx\/web\/wp-content\/uploads\/2023\/07\/TEEC-RAP-6-2023-1er-acu.-07-07-2023.pdf&quot; target=&quot;_blank&quot;&gt;TEEC\/RAP\/6\/2023 (SE COMUNICA C\u00c9DULA DE RETIRO Y NO COMPARECENCIA DE TERCERO INTERESADO)&lt;\/a&gt;\" data-order=\"&lt;a href=&quot;https:\/\/teec.org.mx\/web\/wp-content\/uploads\/2023\/07\/TEEC-RAP-6-2023-1er-acu.-07-07-2023.pdf&quot; target=&quot;_blank&quot;&gt;TEEC\/RAP\/6\/2023 (SE COMUNICA C\u00c9DULA DE RETIRO Y NO COMPARECENCIA DE TERCERO INTERESADO)&lt;\/a&gt;\" ><a href=\"https:\/\/teec.org.mx\/web\/wp-content\/uploads\/2023\/07\/TEEC-RAP-6-2023-1er-acu.-07-07-2023.pdf\" target=\"_blank\">TEEC\/RAP\/6\/2023 (SE COMUNICA C\u00c9DULA DE RETIRO Y NO COMPARECENCIA DE TERCERO INTERESADO)<\/a><\/td><\/tr><tr style=\"height:px\" ><td data-cell-id=\"A271\" data-x=\"0\" data-y=\"271\" data-db-index=\"271\" class=\"fsize-18\" data-cell-type=\"text\" data-original-value=\"04 DE JULIO DE 2023, A LAS 11:50 HORAS\" data-order=\"04 DE JULIO DE 2023, A LAS 11:50 HORAS\" >04 DE JULIO DE 2023, A LAS 11:50 HORAS <\/td><td data-cell-id=\"B271\" data-x=\"1\" data-y=\"271\" data-db-index=\"271\" class=\"fsize-18\" data-cell-type=\"text\" data-original-value=\"CARLOS ALBERTO PLATA DOM\u00cdNGUEZ, MILITANTE DEL PARTIDO POL\u00cdTICO LOCAL \u201cCAMPECHE LIBRE\u201d\" data-order=\"CARLOS ALBERTO PLATA DOM\u00cdNGUEZ, MILITANTE DEL PARTIDO POL\u00cdTICO LOCAL \u201cCAMPECHE LIBRE\u201d\" >CARLOS ALBERTO PLATA DOM\u00cdNGUEZ, MILITANTE DEL PARTIDO POL\u00cdTICO LOCAL \u201cCAMPECHE LIBRE\u201d <\/td><td data-cell-id=\"C271\" data-x=\"2\" data-y=\"271\" data-db-index=\"271\" class=\"fsize-18\" data-cell-type=\"text\" data-original-value=\"TRIBUNAL ELECTORAL DEL ESTADO DE CAMPECHE\" data-order=\"TRIBUNAL ELECTORAL DEL ESTADO DE CAMPECHE\" >TRIBUNAL ELECTORAL DEL ESTADO DE CAMPECHE <\/td><td data-cell-id=\"D271\" data-x=\"3\" data-y=\"271\" data-db-index=\"271\" class=\"fsize-18\" data-cell-type=\"text\" data-original-value=\"&lt;a href=&quot;https:\/\/teec.org.mx\/web\/wp-content\/uploads\/2023\/07\/TEEC-RAP-6-2023-5to-acu.-04-07-2023.pdf&quot; target=&quot;_blank&quot;&gt;TEEC\/RAP\/6\/2023 (TRAMITE AL MEDIO DE IMPUGNACI\u00d3N FEDERAL)&lt;\/a&gt;\" data-order=\"&lt;a href=&quot;https:\/\/teec.org.mx\/web\/wp-content\/uploads\/2023\/07\/TEEC-RAP-6-2023-5to-acu.-04-07-2023.pdf&quot; target=&quot;_blank&quot;&gt;TEEC\/RAP\/6\/2023 (TRAMITE AL MEDIO DE IMPUGNACI\u00d3N FEDERAL)&lt;\/a&gt;\" ><a href=\"https:\/\/teec.org.mx\/web\/wp-content\/uploads\/2023\/07\/TEEC-RAP-6-2023-5to-acu.-04-07-2023.pdf\" target=\"_blank\">TEEC\/RAP\/6\/2023 (TRAMITE AL MEDIO DE IMPUGNACI\u00d3N FEDERAL)<\/a><\/td><\/tr><tr style=\"height:px\" ><td data-cell-id=\"A272\" data-x=\"0\" data-y=\"272\" data-db-index=\"272\" class=\"fsize-18\" data-cell-type=\"text\" data-original-value=\"04 DE JULIO DE 2023, A LAS 11:35 HORAS\" data-order=\"04 DE JULIO DE 2023, A LAS 11:35 HORAS\" >04 DE JULIO DE 2023, A LAS 11:35 HORAS <\/td><td data-cell-id=\"B272\" data-x=\"1\" data-y=\"272\" data-db-index=\"272\" class=\"fsize-18\" data-cell-type=\"text\" data-original-value=\"CARLOS PLATA GONZ\u00c1LEZ Y \u00c1NGEL BURGOS CARTAS, REPRESENTANTES LEGALES DE LA ORGANIZACI\u00d3N CIUDADANA DENOMINADA \u201cCAMPECHE LIBRE\u201d\" data-order=\"CARLOS PLATA GONZ\u00c1LEZ Y \u00c1NGEL BURGOS CARTAS, REPRESENTANTES LEGALES DE LA ORGANIZACI\u00d3N CIUDADANA DENOMINADA \u201cCAMPECHE LIBRE\u201d\" >CARLOS PLATA GONZ\u00c1LEZ Y \u00c1NGEL BURGOS CARTAS, REPRESENTANTES LEGALES DE LA ORGANIZACI\u00d3N CIUDADANA DENOMINADA \u201cCAMPECHE LIBRE\u201d <\/td><td data-cell-id=\"C272\" data-x=\"2\" data-y=\"272\" data-db-index=\"272\" class=\"fsize-18\" data-cell-type=\"text\" data-original-value=\"TRIBUNAL ELECTORAL DEL ESTADO DE CAMPECHE\" data-order=\"TRIBUNAL ELECTORAL DEL ESTADO DE CAMPECHE\" >TRIBUNAL ELECTORAL DEL ESTADO DE CAMPECHE <\/td><td data-cell-id=\"D272\" data-x=\"3\" data-y=\"272\" data-db-index=\"272\" class=\"fsize-18\" data-cell-type=\"text\" data-original-value=\"&lt;a href=&quot;https:\/\/teec.org.mx\/web\/wp-content\/uploads\/2023\/07\/TEEC-RAP-6-2023-4to-acu.-04-07-2023.pdf&quot; target=&quot;_blank&quot;&gt;TEEC\/RAP\/6\/2023 (TRAMITE AL MEDIO DE IMPUGNACI\u00d3N FEDERAL)&lt;\/a&gt;\" data-order=\"&lt;a href=&quot;https:\/\/teec.org.mx\/web\/wp-content\/uploads\/2023\/07\/TEEC-RAP-6-2023-4to-acu.-04-07-2023.pdf&quot; target=&quot;_blank&quot;&gt;TEEC\/RAP\/6\/2023 (TRAMITE AL MEDIO DE IMPUGNACI\u00d3N FEDERAL)&lt;\/a&gt;\" ><a href=\"https:\/\/teec.org.mx\/web\/wp-content\/uploads\/2023\/07\/TEEC-RAP-6-2023-4to-acu.-04-07-2023.pdf\" target=\"_blank\">TEEC\/RAP\/6\/2023 (TRAMITE AL MEDIO DE IMPUGNACI\u00d3N FEDERAL)<\/a><\/td><\/tr><tr style=\"height:px\" ><td data-cell-id=\"A273\" data-x=\"0\" data-y=\"273\" data-db-index=\"273\" class=\"fsize-18\" data-cell-type=\"text\" data-original-value=\"04 DE JULIO DE 2023, A LAS 11:20 HORAS\" data-order=\"04 DE JULIO DE 2023, A LAS 11:20 HORAS\" >04 DE JULIO DE 2023, A LAS 11:20 HORAS <\/td><td data-cell-id=\"B273\" data-x=\"1\" data-y=\"273\" data-db-index=\"273\" class=\"fsize-18\" data-cell-type=\"text\" data-original-value=\"AURORA NOEMI DUARTE ANCHEVIDA, MILITANTE DEL PARTIDO POL\u00cdTICO LOCAL \u201cCAMPECHE LIBRE\u201d.\" data-order=\"AURORA NOEMI DUARTE ANCHEVIDA, MILITANTE DEL PARTIDO POL\u00cdTICO LOCAL \u201cCAMPECHE LIBRE\u201d.\" >AURORA NOEMI DUARTE ANCHEVIDA, MILITANTE DEL PARTIDO POL\u00cdTICO LOCAL \u201cCAMPECHE LIBRE\u201d. <\/td><td data-cell-id=\"C273\" data-x=\"2\" data-y=\"273\" data-db-index=\"273\" class=\"fsize-18\" data-cell-type=\"text\" data-original-value=\"TRIBUNAL ELECTORAL DEL ESTADO DE CAMPECHE\" data-order=\"TRIBUNAL ELECTORAL DEL ESTADO DE CAMPECHE\" >TRIBUNAL ELECTORAL DEL ESTADO DE CAMPECHE <\/td><td data-cell-id=\"D273\" data-x=\"3\" data-y=\"273\" data-db-index=\"273\" class=\"fsize-18\" data-cell-type=\"text\" data-original-value=\"&lt;a href=&quot;https:\/\/teec.org.mx\/web\/wp-content\/uploads\/2023\/07\/TEEC-RAP-6-2023-3er-acu.-04-07-2023.pdf&quot; target=&quot;_blank&quot;&gt;TEEC\/RAP\/6\/2023 (TRAMITE AL MEDIO DE IMPUGNACI\u00d3N FEDERAL)&lt;\/a&gt;\" data-order=\"&lt;a href=&quot;https:\/\/teec.org.mx\/web\/wp-content\/uploads\/2023\/07\/TEEC-RAP-6-2023-3er-acu.-04-07-2023.pdf&quot; target=&quot;_blank&quot;&gt;TEEC\/RAP\/6\/2023 (TRAMITE AL MEDIO DE IMPUGNACI\u00d3N FEDERAL)&lt;\/a&gt;\" ><a href=\"https:\/\/teec.org.mx\/web\/wp-content\/uploads\/2023\/07\/TEEC-RAP-6-2023-3er-acu.-04-07-2023.pdf\" target=\"_blank\">TEEC\/RAP\/6\/2023 (TRAMITE AL MEDIO DE IMPUGNACI\u00d3N FEDERAL)<\/a><\/td><\/tr><tr style=\"height:px\" ><td data-cell-id=\"A274\" data-x=\"0\" data-y=\"274\" data-db-index=\"274\" class=\"fsize-18\" data-cell-type=\"text\" data-original-value=\"04 DE JULIO DE 2023, A LAS 11:08 HORAS\" data-order=\"04 DE JULIO DE 2023, A LAS 11:08 HORAS\" >04 DE JULIO DE 2023, A LAS 11:08 HORAS <\/td><td data-cell-id=\"B274\" data-x=\"1\" data-y=\"274\" data-db-index=\"274\" class=\"fsize-18\" data-cell-type=\"text\" data-original-value=\"MAR\u00cdA ELENA CERVERA NAJERA, MILITANTE DEL PARTIDO POL\u00cdTICO LOCAL \u201cCAMPECHE LIBRE\u201d\" data-order=\"MAR\u00cdA ELENA CERVERA NAJERA, MILITANTE DEL PARTIDO POL\u00cdTICO LOCAL \u201cCAMPECHE LIBRE\u201d\" >MAR\u00cdA ELENA CERVERA NAJERA, MILITANTE DEL PARTIDO POL\u00cdTICO LOCAL \u201cCAMPECHE LIBRE\u201d <\/td><td data-cell-id=\"C274\" data-x=\"2\" data-y=\"274\" data-db-index=\"274\" class=\"fsize-18\" data-cell-type=\"text\" data-original-value=\"TRIBUNAL ELECTORAL DEL ESTADO DE CAMPECHE\" data-order=\"TRIBUNAL ELECTORAL DEL ESTADO DE CAMPECHE\" >TRIBUNAL ELECTORAL DEL ESTADO DE CAMPECHE <\/td><td data-cell-id=\"D274\" data-x=\"3\" data-y=\"274\" data-db-index=\"274\" class=\"fsize-18\" data-cell-type=\"text\" data-original-value=\"&lt;a href=&quot;https:\/\/teec.org.mx\/web\/wp-content\/uploads\/2023\/07\/TEEC-RAP-6-2023-2do-acu.-04-07-2023.pdf&quot; target=&quot;_blank&quot;&gt;TEEC\/RAP\/6\/2023 (TRAMITE AL MEDIO DE IMPUGNACI\u00d3N FEDERAL)&lt;\/a&gt;\" data-order=\"&lt;a href=&quot;https:\/\/teec.org.mx\/web\/wp-content\/uploads\/2023\/07\/TEEC-RAP-6-2023-2do-acu.-04-07-2023.pdf&quot; target=&quot;_blank&quot;&gt;TEEC\/RAP\/6\/2023 (TRAMITE AL MEDIO DE IMPUGNACI\u00d3N FEDERAL)&lt;\/a&gt;\" ><a href=\"https:\/\/teec.org.mx\/web\/wp-content\/uploads\/2023\/07\/TEEC-RAP-6-2023-2do-acu.-04-07-2023.pdf\" target=\"_blank\">TEEC\/RAP\/6\/2023 (TRAMITE AL MEDIO DE IMPUGNACI\u00d3N FEDERAL)<\/a><\/td><\/tr><tr style=\"height:px\" ><td data-cell-id=\"A275\" data-x=\"0\" data-y=\"275\" data-db-index=\"275\" class=\"fsize-18\" data-cell-type=\"text\" data-original-value=\"04 DE JULIO DE 2023, A LAS 10:50 HORAS\" data-order=\"04 DE JULIO DE 2023, A LAS 10:50 HORAS\" >04 DE JULIO DE 2023, A LAS 10:50 HORAS <\/td><td data-cell-id=\"B275\" data-x=\"1\" data-y=\"275\" data-db-index=\"275\" class=\"fsize-18\" data-cell-type=\"text\" data-original-value=\"HELLEN SARAH\u00cd DOM\u00cdNGUEZ CERVERA, MILITANTE DEL PARTIDO POL\u00cdTICO LOCAL \u201cCAMPECHE LIBRE\u201d\" data-order=\"HELLEN SARAH\u00cd DOM\u00cdNGUEZ CERVERA, MILITANTE DEL PARTIDO POL\u00cdTICO LOCAL \u201cCAMPECHE LIBRE\u201d\" >HELLEN SARAH\u00cd DOM\u00cdNGUEZ CERVERA, MILITANTE DEL PARTIDO POL\u00cdTICO LOCAL \u201cCAMPECHE LIBRE\u201d <\/td><td data-cell-id=\"C275\" data-x=\"2\" data-y=\"275\" data-db-index=\"275\" class=\"fsize-18\" data-cell-type=\"text\" data-original-value=\"TRIBUNAL ELECTORAL DEL ESTADO DE CAMPECHE\" data-order=\"TRIBUNAL ELECTORAL DEL ESTADO DE CAMPECHE\" >TRIBUNAL ELECTORAL DEL ESTADO DE CAMPECHE <\/td><td data-cell-id=\"D275\" data-x=\"3\" data-y=\"275\" data-db-index=\"275\" class=\"fsize-18\" data-cell-type=\"text\" data-original-value=\"&lt;a href=&quot;https:\/\/teec.org.mx\/web\/wp-content\/uploads\/2023\/07\/TEEC-RAP-6-2023-1er-acu.-04-07-2023.pdf&quot; target=&quot;_blank&quot;&gt;TEEC\/RAP\/6\/2023 (TRAMITE AL MEDIO DE IMPUGNACI\u00d3N FEDERAL)&lt;\/a&gt;\" data-order=\"&lt;a href=&quot;https:\/\/teec.org.mx\/web\/wp-content\/uploads\/2023\/07\/TEEC-RAP-6-2023-1er-acu.-04-07-2023.pdf&quot; target=&quot;_blank&quot;&gt;TEEC\/RAP\/6\/2023 (TRAMITE AL MEDIO DE IMPUGNACI\u00d3N FEDERAL)&lt;\/a&gt;\" ><a href=\"https:\/\/teec.org.mx\/web\/wp-content\/uploads\/2023\/07\/TEEC-RAP-6-2023-1er-acu.-04-07-2023.pdf\" target=\"_blank\">TEEC\/RAP\/6\/2023 (TRAMITE AL MEDIO DE IMPUGNACI\u00d3N FEDERAL)<\/a><\/td><\/tr><tr style=\"height:px\" ><td data-cell-id=\"A276\" data-x=\"0\" data-y=\"276\" data-db-index=\"276\" class=\"fsize-18\" data-cell-type=\"text\" data-original-value=\"30 DE JUNIO DE 2023, A LAS 13:45 HORAS\" data-order=\"30 DE JUNIO DE 2023, A LAS 13:45 HORAS\" >30 DE JUNIO DE 2023, A LAS 13:45 HORAS <\/td><td data-cell-id=\"B276\" data-x=\"1\" data-y=\"276\" data-db-index=\"276\" class=\"fsize-18\" data-cell-type=\"text\" data-original-value=\"\u201cMOVIMIENTO LABORISTA CAMPECHE A.C.\u201d \" data-order=\"\u201cMOVIMIENTO LABORISTA CAMPECHE A.C.\u201d \" >\u201cMOVIMIENTO LABORISTA CAMPECHE A.C.\u201d <\/td><td data-cell-id=\"C276\" data-x=\"2\" data-y=\"276\" data-db-index=\"276\" class=\"fsize-18\" data-cell-type=\"text\" data-original-value=\"CONSEJO GENERAL DEL INSTITUTO ELECTORAL DEL ESTADO DE CAMPECHE\" data-order=\"CONSEJO GENERAL DEL INSTITUTO ELECTORAL DEL ESTADO DE CAMPECHE\" >CONSEJO GENERAL DEL INSTITUTO ELECTORAL DEL ESTADO DE CAMPECHE <\/td><td data-cell-id=\"D276\" data-x=\"3\" data-y=\"276\" data-db-index=\"276\" class=\"fsize-18\" data-cell-type=\"text\" data-original-value=\"&lt;a href=&quot;https:\/\/teec.org.mx\/web\/wp-content\/uploads\/2023\/06\/TEEC-RAP-8-2023-sentencia-30-06-2023.pdf&quot; target=&quot;_blank&quot;&gt;TEEC\/RAP\/8\/2023 (SENTENCIA)&lt;\/a&gt;\" data-order=\"&lt;a href=&quot;https:\/\/teec.org.mx\/web\/wp-content\/uploads\/2023\/06\/TEEC-RAP-8-2023-sentencia-30-06-2023.pdf&quot; target=&quot;_blank&quot;&gt;TEEC\/RAP\/8\/2023 (SENTENCIA)&lt;\/a&gt;\" ><a href=\"https:\/\/teec.org.mx\/web\/wp-content\/uploads\/2023\/06\/TEEC-RAP-8-2023-sentencia-30-06-2023.pdf\" target=\"_blank\">TEEC\/RAP\/8\/2023 (SENTENCIA)<\/a><\/td><\/tr><tr style=\"height:px\" ><td data-cell-id=\"A277\" data-x=\"0\" data-y=\"277\" data-db-index=\"277\" class=\"fsize-18\" data-cell-type=\"text\" data-original-value=\"30 DE JUNIO DE 2023, A LAS 13:40 HORAS\" data-order=\"30 DE JUNIO DE 2023, A LAS 13:40 HORAS\" >30 DE JUNIO DE 2023, A LAS 13:40 HORAS <\/td><td data-cell-id=\"B277\" data-x=\"1\" data-y=\"277\" data-db-index=\"277\" class=\"fsize-18\" data-cell-type=\"text\" data-original-value=\"MARCO ANTONIO S\u00c1NCHEZ ABNAAL Y EFRAIN CABALLERO SANDOVAL, REPRESENTANTES LEGALES DE LA ORGANIZACI\u00d3N DE CIUDADANOS DENOMINADA \u201cESPACIO DEMOCR\u00c1TICO DE CAMPECHE A.C.\u201d \" data-order=\"MARCO ANTONIO S\u00c1NCHEZ ABNAAL Y EFRAIN CABALLERO SANDOVAL, REPRESENTANTES LEGALES DE LA ORGANIZACI\u00d3N DE CIUDADANOS DENOMINADA \u201cESPACIO DEMOCR\u00c1TICO DE CAMPECHE A.C.\u201d \" >MARCO ANTONIO S\u00c1NCHEZ ABNAAL Y EFRAIN CABALLERO SANDOVAL, REPRESENTANTES LEGALES DE LA ORGANIZACI\u00d3N DE CIUDADANOS DENOMINADA \u201cESPACIO DEMOCR\u00c1TICO DE CAMPECHE A.C.\u201d <\/td><td data-cell-id=\"C277\" data-x=\"2\" data-y=\"277\" data-db-index=\"277\" class=\"fsize-18\" data-cell-type=\"text\" data-original-value=\"CONSEJO GENERAL DEL INSTITUTO ELECTORAL DEL ESTADO DE CAMPECHE\" data-order=\"CONSEJO GENERAL DEL INSTITUTO ELECTORAL DEL ESTADO DE CAMPECHE\" >CONSEJO GENERAL DEL INSTITUTO ELECTORAL DEL ESTADO DE CAMPECHE <\/td><td data-cell-id=\"D277\" data-x=\"3\" data-y=\"277\" data-db-index=\"277\" class=\"fsize-18\" data-cell-type=\"text\" data-original-value=\"&lt;a href=&quot;https:\/\/teec.org.mx\/web\/wp-content\/uploads\/2023\/06\/TEEC-RAP-7-2023-sentencia-30-06-2023.pdf&quot; target=&quot;_blank&quot;&gt;TEEC\/RAP\/7\/2023 (SENTENCIA)&lt;\/a&gt;\" data-order=\"&lt;a href=&quot;https:\/\/teec.org.mx\/web\/wp-content\/uploads\/2023\/06\/TEEC-RAP-7-2023-sentencia-30-06-2023.pdf&quot; target=&quot;_blank&quot;&gt;TEEC\/RAP\/7\/2023 (SENTENCIA)&lt;\/a&gt;\" ><a href=\"https:\/\/teec.org.mx\/web\/wp-content\/uploads\/2023\/06\/TEEC-RAP-7-2023-sentencia-30-06-2023.pdf\" target=\"_blank\">TEEC\/RAP\/7\/2023 (SENTENCIA)<\/a><\/td><\/tr><tr style=\"height:px\" ><td data-cell-id=\"A278\" data-x=\"0\" data-y=\"278\" data-db-index=\"278\" class=\"fsize-18\" data-cell-type=\"text\" data-original-value=\"29 DE JUNIO DE 2023, A LAS 10:05 HORAS\" data-order=\"29 DE JUNIO DE 2023, A LAS 10:05 HORAS\" >29 DE JUNIO DE 2023, A LAS 10:05 HORAS <\/td><td data-cell-id=\"B278\" data-x=\"1\" data-y=\"278\" data-db-index=\"278\" class=\"fsize-18\" data-cell-type=\"text\" data-original-value=\"\u201cMOVIMIENTO LABORISTA CAMPECHE A.C.\u201d \" data-order=\"\u201cMOVIMIENTO LABORISTA CAMPECHE A.C.\u201d \" >\u201cMOVIMIENTO LABORISTA CAMPECHE A.C.\u201d <\/td><td data-cell-id=\"C278\" data-x=\"2\" data-y=\"278\" data-db-index=\"278\" class=\"fsize-18\" data-cell-type=\"text\" data-original-value=\"CONSEJO GENERAL DEL INSTITUTO ELECTORAL DEL ESTADO DE CAMPECHE\" data-order=\"CONSEJO GENERAL DEL INSTITUTO ELECTORAL DEL ESTADO DE CAMPECHE\" >CONSEJO GENERAL DEL INSTITUTO ELECTORAL DEL ESTADO DE CAMPECHE <\/td><td data-cell-id=\"D278\" data-x=\"3\" data-y=\"278\" data-db-index=\"278\" class=\"fsize-18\" data-cell-type=\"text\" data-original-value=\"&lt;a href=&quot;https:\/\/teec.org.mx\/web\/wp-content\/uploads\/2023\/06\/TEEC-RAP-8-2023-29-06-2023.pdf&quot; target=&quot;_blank&quot;&gt;TEEC\/RAP\/8\/2023 (ACUERDO DE DIFERIMIENTO DE HORA DE SESI\u00d3N)&lt;\/a&gt;\" data-order=\"&lt;a href=&quot;https:\/\/teec.org.mx\/web\/wp-content\/uploads\/2023\/06\/TEEC-RAP-8-2023-29-06-2023.pdf&quot; target=&quot;_blank&quot;&gt;TEEC\/RAP\/8\/2023 (ACUERDO DE DIFERIMIENTO DE HORA DE SESI\u00d3N)&lt;\/a&gt;\" ><a href=\"https:\/\/teec.org.mx\/web\/wp-content\/uploads\/2023\/06\/TEEC-RAP-8-2023-29-06-2023.pdf\" target=\"_blank\">TEEC\/RAP\/8\/2023 (ACUERDO DE DIFERIMIENTO DE HORA DE SESI\u00d3N)<\/a><\/td><\/tr><tr style=\"height:px\" ><td data-cell-id=\"A279\" data-x=\"0\" data-y=\"279\" data-db-index=\"279\" class=\"fsize-18\" data-cell-type=\"text\" data-original-value=\"28 DE JUNIO DE 2023, A LAS 13:30 HORAS\" data-order=\"28 DE JUNIO DE 2023, A LAS 13:30 HORAS\" >28 DE JUNIO DE 2023, A LAS 13:30 HORAS <\/td><td data-cell-id=\"B279\" data-x=\"1\" data-y=\"279\" data-db-index=\"279\" class=\"fsize-18\" data-cell-type=\"text\" data-original-value=\"MARCO ANTONIO S\u00c1NCHEZ ABNAAL Y EFRAIN CABALLERO SANDOVAL, REPRESENTANTES LEGALES DE LA ORGANIZACI\u00d3N DE CIUDADANOS DENOMINADA \u201cESPACIO DEMOCR\u00c1TICO DE CAMPECHE A.C.\u201d \" data-order=\"MARCO ANTONIO S\u00c1NCHEZ ABNAAL Y EFRAIN CABALLERO SANDOVAL, REPRESENTANTES LEGALES DE LA ORGANIZACI\u00d3N DE CIUDADANOS DENOMINADA \u201cESPACIO DEMOCR\u00c1TICO DE CAMPECHE A.C.\u201d \" >MARCO ANTONIO S\u00c1NCHEZ ABNAAL Y EFRAIN CABALLERO SANDOVAL, REPRESENTANTES LEGALES DE LA ORGANIZACI\u00d3N DE CIUDADANOS DENOMINADA \u201cESPACIO DEMOCR\u00c1TICO DE CAMPECHE A.C.\u201d <\/td><td data-cell-id=\"C279\" data-x=\"2\" data-y=\"279\" data-db-index=\"279\" class=\"fsize-18\" data-cell-type=\"text\" data-original-value=\"CONSEJO GENERAL DEL INSTITUTO ELECTORAL DEL ESTADO DE CAMPECHE\" data-order=\"CONSEJO GENERAL DEL INSTITUTO ELECTORAL DEL ESTADO DE CAMPECHE\" >CONSEJO GENERAL DEL INSTITUTO ELECTORAL DEL ESTADO DE CAMPECHE <\/td><td data-cell-id=\"D279\" data-x=\"3\" data-y=\"279\" data-db-index=\"279\" class=\"fsize-18\" data-cell-type=\"text\" data-original-value=\"&lt;a href=&quot;https:\/\/teec.org.mx\/web\/wp-content\/uploads\/2023\/06\/TEEC-RAP-7-2023-2do-acu.-28-06-2023.pdf&quot; target=&quot;_blank&quot;&gt;TEEC\/RAP\/7\/2023 (SE FIJA FECHA Y HORA PARA SESI\u00d3N P\u00daBLICA)&lt;\/a&gt;\" data-order=\"&lt;a href=&quot;https:\/\/teec.org.mx\/web\/wp-content\/uploads\/2023\/06\/TEEC-RAP-7-2023-2do-acu.-28-06-2023.pdf&quot; target=&quot;_blank&quot;&gt;TEEC\/RAP\/7\/2023 (SE FIJA FECHA Y HORA PARA SESI\u00d3N P\u00daBLICA)&lt;\/a&gt;\" ><a href=\"https:\/\/teec.org.mx\/web\/wp-content\/uploads\/2023\/06\/TEEC-RAP-7-2023-2do-acu.-28-06-2023.pdf\" target=\"_blank\">TEEC\/RAP\/7\/2023 (SE FIJA FECHA Y HORA PARA SESI\u00d3N P\u00daBLICA)<\/a><\/td><\/tr><tr style=\"height:px\" ><td data-cell-id=\"A280\" data-x=\"0\" data-y=\"280\" data-db-index=\"280\" class=\"fsize-18\" data-cell-type=\"text\" data-original-value=\"28 DE JUNIO DE 2023, A LAS 13:10 HORAS\" data-order=\"28 DE JUNIO DE 2023, A LAS 13:10 HORAS\" >28 DE JUNIO DE 2023, A LAS 13:10 HORAS <\/td><td data-cell-id=\"B280\" data-x=\"1\" data-y=\"280\" data-db-index=\"280\" class=\"fsize-18\" data-cell-type=\"text\" data-original-value=\"MARCO ANTONIO S\u00c1NCHEZ ABNAAL Y EFRAIN CABALLERO SANDOVAL, REPRESENTANTES LEGALES DE LA ORGANIZACI\u00d3N DE CIUDADANOS DENOMINADA \u201cESPACIO DEMOCR\u00c1TICO DE CAMPECHE A.C.\u201d \" data-order=\"MARCO ANTONIO S\u00c1NCHEZ ABNAAL Y EFRAIN CABALLERO SANDOVAL, REPRESENTANTES LEGALES DE LA ORGANIZACI\u00d3N DE CIUDADANOS DENOMINADA \u201cESPACIO DEMOCR\u00c1TICO DE CAMPECHE A.C.\u201d \" >MARCO ANTONIO S\u00c1NCHEZ ABNAAL Y EFRAIN CABALLERO SANDOVAL, REPRESENTANTES LEGALES DE LA ORGANIZACI\u00d3N DE CIUDADANOS DENOMINADA \u201cESPACIO DEMOCR\u00c1TICO DE CAMPECHE A.C.\u201d <\/td><td data-cell-id=\"C280\" data-x=\"2\" data-y=\"280\" data-db-index=\"280\" class=\"fsize-18\" data-cell-type=\"text\" data-original-value=\"CONSEJO GENERAL DEL INSTITUTO ELECTORAL DEL ESTADO DE CAMPECHE.\" data-order=\"CONSEJO GENERAL DEL INSTITUTO ELECTORAL DEL ESTADO DE CAMPECHE.\" >CONSEJO GENERAL DEL INSTITUTO ELECTORAL DEL ESTADO DE CAMPECHE. <\/td><td data-cell-id=\"D280\" data-x=\"3\" data-y=\"280\" data-db-index=\"280\" class=\"fsize-18\" data-cell-type=\"text\" data-original-value=\"&lt;a href=&quot;https:\/\/teec.org.mx\/web\/wp-content\/uploads\/2023\/06\/TEEC-RAP-7-2023-28-06-2023.pdf&quot; target=&quot;_blank&quot;&gt;TEEC\/RAP\/7\/2023 (ACUERDO DE CIERRE DE INSTRUCCI\u00d3N Y SOLICITUD DE FECHA Y HORA DE SESI\u00d3N)&lt;\/a&gt;\" data-order=\"&lt;a href=&quot;https:\/\/teec.org.mx\/web\/wp-content\/uploads\/2023\/06\/TEEC-RAP-7-2023-28-06-2023.pdf&quot; target=&quot;_blank&quot;&gt;TEEC\/RAP\/7\/2023 (ACUERDO DE CIERRE DE INSTRUCCI\u00d3N Y SOLICITUD DE FECHA Y HORA DE SESI\u00d3N)&lt;\/a&gt;\" ><a href=\"https:\/\/teec.org.mx\/web\/wp-content\/uploads\/2023\/06\/TEEC-RAP-7-2023-28-06-2023.pdf\" target=\"_blank\">TEEC\/RAP\/7\/2023 (ACUERDO DE CIERRE DE INSTRUCCI\u00d3N Y SOLICITUD DE FECHA Y HORA DE SESI\u00d3N)<\/a><\/td><\/tr><tr style=\"height:px\" ><td data-cell-id=\"A281\" data-x=\"0\" data-y=\"281\" data-db-index=\"281\" class=\"fsize-18\" data-cell-type=\"text\" data-original-value=\"27 DE JUNIO DE 2023, A LAS 14:31 HORAS\" data-order=\"27 DE JUNIO DE 2023, A LAS 14:31 HORAS\" >27 DE JUNIO DE 2023, A LAS 14:31 HORAS <\/td><td data-cell-id=\"B281\" data-x=\"1\" data-y=\"281\" data-db-index=\"281\" class=\"fsize-18\" data-cell-type=\"text\" data-original-value=\"\u201cMOVIMIENTO LABORISTA CAMPECHE A.C.\u201d \" data-order=\"\u201cMOVIMIENTO LABORISTA CAMPECHE A.C.\u201d \" >\u201cMOVIMIENTO LABORISTA CAMPECHE A.C.\u201d <\/td><td data-cell-id=\"C281\" data-x=\"2\" data-y=\"281\" data-db-index=\"281\" class=\"fsize-18\" data-cell-type=\"text\" data-original-value=\"CONSEJO GENERAL DEL INSTITUTO ELECTORAL DEL ESTADO DE CAMPECHE\" data-order=\"CONSEJO GENERAL DEL INSTITUTO ELECTORAL DEL ESTADO DE CAMPECHE\" >CONSEJO GENERAL DEL INSTITUTO ELECTORAL DEL ESTADO DE CAMPECHE <\/td><td data-cell-id=\"D281\" data-x=\"3\" data-y=\"281\" data-db-index=\"281\" class=\"fsize-18\" data-cell-type=\"text\" data-original-value=\"&lt;a href=&quot;https:\/\/teec.org.mx\/web\/wp-content\/uploads\/2023\/06\/TEEC-RAP-8-2023-27-06-2023.pdf&quot; target=&quot;_blank&quot;&gt;TEEC\/RAP\/8\/2023 (ACUERDO DE CIERRE DE INSTRUCCI\u00d3N Y SE FIJA FECHA Y HORA PARA SESI\u00d3N)&lt;\/a&gt;\" data-order=\"&lt;a href=&quot;https:\/\/teec.org.mx\/web\/wp-content\/uploads\/2023\/06\/TEEC-RAP-8-2023-27-06-2023.pdf&quot; target=&quot;_blank&quot;&gt;TEEC\/RAP\/8\/2023 (ACUERDO DE CIERRE DE INSTRUCCI\u00d3N Y SE FIJA FECHA Y HORA PARA SESI\u00d3N)&lt;\/a&gt;\" ><a href=\"https:\/\/teec.org.mx\/web\/wp-content\/uploads\/2023\/06\/TEEC-RAP-8-2023-27-06-2023.pdf\" target=\"_blank\">TEEC\/RAP\/8\/2023 (ACUERDO DE CIERRE DE INSTRUCCI\u00d3N Y SE FIJA FECHA Y HORA PARA SESI\u00d3N)<\/a><\/td><\/tr><tr style=\"height:px\" ><td data-cell-id=\"A282\" data-x=\"0\" data-y=\"282\" data-db-index=\"282\" class=\"fsize-18\" data-cell-type=\"text\" data-original-value=\"27 DE JUNIO DE 2023, A LAS 12:35 HORAS\" data-order=\"27 DE JUNIO DE 2023, A LAS 12:35 HORAS\" >27 DE JUNIO DE 2023, A LAS 12:35 HORAS <\/td><td data-cell-id=\"B282\" data-x=\"1\" data-y=\"282\" data-db-index=\"282\" class=\"fsize-18\" data-cell-type=\"text\" data-original-value=\"PEDRO ESTRADA C\u00d3RDOVA, EN SU CALIDAD DE REPRESENTANTE ANTE EL CONSEJO GENERAL DEL INSTITUTO ELECTORAL DEL ESTADO DE CAMPECHE DEL PARTIDO MOVIMIENTO CIUDADANO\" data-order=\"PEDRO ESTRADA C\u00d3RDOVA, EN SU CALIDAD DE REPRESENTANTE ANTE EL CONSEJO GENERAL DEL INSTITUTO ELECTORAL DEL ESTADO DE CAMPECHE DEL PARTIDO MOVIMIENTO CIUDADANO\" >PEDRO ESTRADA C\u00d3RDOVA, EN SU CALIDAD DE REPRESENTANTE ANTE EL CONSEJO GENERAL DEL INSTITUTO ELECTORAL DEL ESTADO DE CAMPECHE DEL PARTIDO MOVIMIENTO CIUDADANO <\/td><td data-cell-id=\"C282\" data-x=\"2\" data-y=\"282\" data-db-index=\"282\" class=\"fsize-18\" data-cell-type=\"text\" data-original-value=\"TRIBUNAL ELECTORAL DEL ESTADO DE CAMPECHE\" data-order=\"TRIBUNAL ELECTORAL DEL ESTADO DE CAMPECHE\" >TRIBUNAL ELECTORAL DEL ESTADO DE CAMPECHE <\/td><td data-cell-id=\"D282\" data-x=\"3\" data-y=\"282\" data-db-index=\"282\" class=\"fsize-18\" data-cell-type=\"text\" data-original-value=\"&lt;a href=&quot;https:\/\/teec.org.mx\/web\/wp-content\/uploads\/2023\/06\/TEEC-RAP-2-2023-y-acu.-27-06-2023.pdf&quot; target=&quot;_blank&quot;&gt;TEEC\/RAP\/2\/2023 Y SU ACUMULADO TEEC\/RAP\/3\/2023 (SE DA POR NOTIFICADA ESTA AUTORIDAD DEL ACUERDO EMITIDO POR LA SALA REGIONAL XALAPA)&lt;\/a&gt;\" data-order=\"&lt;a href=&quot;https:\/\/teec.org.mx\/web\/wp-content\/uploads\/2023\/06\/TEEC-RAP-2-2023-y-acu.-27-06-2023.pdf&quot; target=&quot;_blank&quot;&gt;TEEC\/RAP\/2\/2023 Y SU ACUMULADO TEEC\/RAP\/3\/2023 (SE DA POR NOTIFICADA ESTA AUTORIDAD DEL ACUERDO EMITIDO POR LA SALA REGIONAL XALAPA)&lt;\/a&gt;\" ><a href=\"https:\/\/teec.org.mx\/web\/wp-content\/uploads\/2023\/06\/TEEC-RAP-2-2023-y-acu.-27-06-2023.pdf\" target=\"_blank\">TEEC\/RAP\/2\/2023 Y SU ACUMULADO TEEC\/RAP\/3\/2023 (SE DA POR NOTIFICADA ESTA AUTORIDAD DEL ACUERDO EMITIDO POR LA SALA REGIONAL XALAPA)<\/a><\/td><\/tr><tr style=\"height:px\" ><td data-cell-id=\"A283\" data-x=\"0\" data-y=\"283\" data-db-index=\"283\" class=\"fsize-18\" data-cell-type=\"text\" data-original-value=\"27 DE JUNIO DE 2023, A LAS 10:15 HORAS\" data-order=\"27 DE JUNIO DE 2023, A LAS 10:15 HORAS\" >27 DE JUNIO DE 2023, A LAS 10:15 HORAS <\/td><td data-cell-id=\"B283\" data-x=\"1\" data-y=\"283\" data-db-index=\"283\" class=\"fsize-18\" data-cell-type=\"text\" data-original-value=\"C\u00c9SAR ISMAEL MART\u00cdN EHU\u00c1N, QUIEN SE OSTENTA COMO REPRESENTANTE PROPIETARIO DEL PARTIDO ACCI\u00d3N NACIONAL ANTE EL CONSEJO GENERAL DEL INSTITUTO ELECTORAL DEL ESTADO DE CAMPECHE\" data-order=\"C\u00c9SAR ISMAEL MART\u00cdN EHU\u00c1N, QUIEN SE OSTENTA COMO REPRESENTANTE PROPIETARIO DEL PARTIDO ACCI\u00d3N NACIONAL ANTE EL CONSEJO GENERAL DEL INSTITUTO ELECTORAL DEL ESTADO DE CAMPECHE\" >C\u00c9SAR ISMAEL MART\u00cdN EHU\u00c1N, QUIEN SE OSTENTA COMO REPRESENTANTE PROPIETARIO DEL PARTIDO ACCI\u00d3N NACIONAL ANTE EL CONSEJO GENERAL DEL INSTITUTO ELECTORAL DEL ESTADO DE CAMPECHE <\/td><td data-cell-id=\"C283\" data-x=\"2\" data-y=\"283\" data-db-index=\"283\" class=\"fsize-18\" data-cell-type=\"text\" data-original-value=\"CONSEJO GENERAL EJECUTIVA DEL INSTITUTO ELECTORAL DEL ESTADO DE CAMPECHE\" data-order=\"CONSEJO GENERAL EJECUTIVA DEL INSTITUTO ELECTORAL DEL ESTADO DE CAMPECHE\" >CONSEJO GENERAL EJECUTIVA DEL INSTITUTO ELECTORAL DEL ESTADO DE CAMPECHE <\/td><td data-cell-id=\"D283\" data-x=\"3\" data-y=\"283\" data-db-index=\"283\" class=\"fsize-18\" data-cell-type=\"text\" data-original-value=\"&lt;a href=&quot;https:\/\/teec.org.mx\/web\/wp-content\/uploads\/2023\/06\/TEEC-RAP-6-2023-sentencia-27-06-2023.pdf&quot; target=&quot;_blank&quot;&gt;TEEC\/RAP\/6\/2023 (SENTENCIA)&lt;\/a&gt;\" data-order=\"&lt;a href=&quot;https:\/\/teec.org.mx\/web\/wp-content\/uploads\/2023\/06\/TEEC-RAP-6-2023-sentencia-27-06-2023.pdf&quot; target=&quot;_blank&quot;&gt;TEEC\/RAP\/6\/2023 (SENTENCIA)&lt;\/a&gt;\" ><a href=\"https:\/\/teec.org.mx\/web\/wp-content\/uploads\/2023\/06\/TEEC-RAP-6-2023-sentencia-27-06-2023.pdf\" target=\"_blank\">TEEC\/RAP\/6\/2023 (SENTENCIA)<\/a><\/td><\/tr><tr style=\"height:px\" ><td data-cell-id=\"A284\" data-x=\"0\" data-y=\"284\" data-db-index=\"284\" class=\"fsize-18\" data-cell-type=\"text\" data-original-value=\"26 DE JUNIO DE 2023, A LAS 11:40 HORAS\" data-order=\"26 DE JUNIO DE 2023, A LAS 11:40 HORAS\" >26 DE JUNIO DE 2023, A LAS 11:40 HORAS <\/td><td data-cell-id=\"B284\" data-x=\"1\" data-y=\"284\" data-db-index=\"284\" class=\"fsize-18\" data-cell-type=\"text\" data-original-value=\"PEDRO ESTRADA C\u00d3RDOVA, EN SU CALIDAD DE REPRESENTANTE ANTE EL CONSEJO GENERAL DEL INSTITUTO ELECTORAL DEL ESTADO DE CAMPECHE DEL PARTIDO MOVIMIENTO CIUDADANO\" data-order=\"PEDRO ESTRADA C\u00d3RDOVA, EN SU CALIDAD DE REPRESENTANTE ANTE EL CONSEJO GENERAL DEL INSTITUTO ELECTORAL DEL ESTADO DE CAMPECHE DEL PARTIDO MOVIMIENTO CIUDADANO\" >PEDRO ESTRADA C\u00d3RDOVA, EN SU CALIDAD DE REPRESENTANTE ANTE EL CONSEJO GENERAL DEL INSTITUTO ELECTORAL DEL ESTADO DE CAMPECHE DEL PARTIDO MOVIMIENTO CIUDADANO <\/td><td data-cell-id=\"C284\" data-x=\"2\" data-y=\"284\" data-db-index=\"284\" class=\"fsize-18\" data-cell-type=\"text\" data-original-value=\"TRIBUNAL ELECTORAL DEL ESTADO DE CAMPECHE\" data-order=\"TRIBUNAL ELECTORAL DEL ESTADO DE CAMPECHE\" >TRIBUNAL ELECTORAL DEL ESTADO DE CAMPECHE <\/td><td data-cell-id=\"D284\" data-x=\"3\" data-y=\"284\" data-db-index=\"284\" class=\"fsize-18\" data-cell-type=\"text\" data-original-value=\"&lt;a href=&quot;https:\/\/teec.org.mx\/web\/wp-content\/uploads\/2023\/06\/TEEC-RAP-2-2023-y-acum.-2do-acu.-23-06-2023.pdf&quot; target=&quot;_blank&quot;&gt;TEEC\/RAP\/2\/2023 Y SU ACUMULADO TEEC\/RAP\/3\/2023 (SE INFORMA C\u00c9DULA DE RETIRO Y NO COMPARECENCIA DE TERCERO INTERESADO)&lt;\/a&gt;\" data-order=\"&lt;a href=&quot;https:\/\/teec.org.mx\/web\/wp-content\/uploads\/2023\/06\/TEEC-RAP-2-2023-y-acum.-2do-acu.-23-06-2023.pdf&quot; target=&quot;_blank&quot;&gt;TEEC\/RAP\/2\/2023 Y SU ACUMULADO TEEC\/RAP\/3\/2023 (SE INFORMA C\u00c9DULA DE RETIRO Y NO COMPARECENCIA DE TERCERO INTERESADO)&lt;\/a&gt;\" ><a href=\"https:\/\/teec.org.mx\/web\/wp-content\/uploads\/2023\/06\/TEEC-RAP-2-2023-y-acum.-2do-acu.-23-06-2023.pdf\" target=\"_blank\">TEEC\/RAP\/2\/2023 Y SU ACUMULADO TEEC\/RAP\/3\/2023 (SE INFORMA C\u00c9DULA DE RETIRO Y NO COMPARECENCIA DE TERCERO INTERESADO)<\/a><\/td><\/tr><tr style=\"height:px\" ><td data-cell-id=\"A285\" data-x=\"0\" data-y=\"285\" data-db-index=\"285\" class=\"fsize-18\" data-cell-type=\"text\" data-original-value=\"26 DE JUNIO DE 2023, A LAS 11:30 HORAS\" data-order=\"26 DE JUNIO DE 2023, A LAS 11:30 HORAS\" >26 DE JUNIO DE 2023, A LAS 11:30 HORAS <\/td><td data-cell-id=\"B285\" data-x=\"1\" data-y=\"285\" data-db-index=\"285\" class=\"fsize-18\" data-cell-type=\"text\" data-original-value=\"C\u00c9SAR ISMAEL MART\u00cdN EHU\u00c1N, EN SU CALIDAD DE REPRESENTANTE PROPIETARIO DEL PARTIDO ACCI\u00d3N NACIONAL ANTE EL CONSEJO GENERAL DEL INSTITUTO ELECTORAL DEL ESTADO DE CAMPECHE\" data-order=\"C\u00c9SAR ISMAEL MART\u00cdN EHU\u00c1N, EN SU CALIDAD DE REPRESENTANTE PROPIETARIO DEL PARTIDO ACCI\u00d3N NACIONAL ANTE EL CONSEJO GENERAL DEL INSTITUTO ELECTORAL DEL ESTADO DE CAMPECHE\" >C\u00c9SAR ISMAEL MART\u00cdN EHU\u00c1N, EN SU CALIDAD DE REPRESENTANTE PROPIETARIO DEL PARTIDO ACCI\u00d3N NACIONAL ANTE EL CONSEJO GENERAL DEL INSTITUTO ELECTORAL DEL ESTADO DE CAMPECHE <\/td><td data-cell-id=\"C285\" data-x=\"2\" data-y=\"285\" data-db-index=\"285\" class=\"fsize-18\" data-cell-type=\"text\" data-original-value=\"TRIBUNAL ELECTORAL DEL ESTADO DE CAMPECHE\" data-order=\"TRIBUNAL ELECTORAL DEL ESTADO DE CAMPECHE\" >TRIBUNAL ELECTORAL DEL ESTADO DE CAMPECHE <\/td><td data-cell-id=\"D285\" data-x=\"3\" data-y=\"285\" data-db-index=\"285\" class=\"fsize-18\" data-cell-type=\"text\" data-original-value=\"&lt;a href=&quot;https:\/\/teec.org.mx\/web\/wp-content\/uploads\/2023\/06\/TEEC-RAP-2-2023-y-acum-1er-acu.-23-06-2023.pdf&quot; target=&quot;_blank&quot;&gt;TEEC\/RAP\/2\/2023 Y SU ACUMULADO TEEC\/RAP\/3\/2023 (SE INFORMA C\u00c9DULA DE RETIRO Y NO COMPARECENCIA DE TERCERO INTERESADO)&lt;\/a&gt;\" data-order=\"&lt;a href=&quot;https:\/\/teec.org.mx\/web\/wp-content\/uploads\/2023\/06\/TEEC-RAP-2-2023-y-acum-1er-acu.-23-06-2023.pdf&quot; target=&quot;_blank&quot;&gt;TEEC\/RAP\/2\/2023 Y SU ACUMULADO TEEC\/RAP\/3\/2023 (SE INFORMA C\u00c9DULA DE RETIRO Y NO COMPARECENCIA DE TERCERO INTERESADO)&lt;\/a&gt;\" ><a href=\"https:\/\/teec.org.mx\/web\/wp-content\/uploads\/2023\/06\/TEEC-RAP-2-2023-y-acum-1er-acu.-23-06-2023.pdf\" target=\"_blank\">TEEC\/RAP\/2\/2023 Y SU ACUMULADO TEEC\/RAP\/3\/2023 (SE INFORMA C\u00c9DULA DE RETIRO Y NO COMPARECENCIA DE TERCERO INTERESADO)<\/a><\/td><\/tr><tr style=\"height:px\" ><td data-cell-id=\"A286\" data-x=\"0\" data-y=\"286\" data-db-index=\"286\" class=\"fsize-18\" data-cell-type=\"text\" data-original-value=\"23 DE JUNIO DE 2023, A LAS 12:45 HORAS\" data-order=\"23 DE JUNIO DE 2023, A LAS 12:45 HORAS\" >23 DE JUNIO DE 2023, A LAS 12:45 HORAS <\/td><td data-cell-id=\"B286\" data-x=\"1\" data-y=\"286\" data-db-index=\"286\" class=\"fsize-18\" data-cell-type=\"text\" data-original-value=\"C\u00c9SAR ISMAEL MART\u00cdN EHU\u00c1N, QUIEN SE OSTENTA COMO REPRESENTANTE PROPIETARIO DEL PARTIDO ACCI\u00d3N NACIONAL ANTE EL CONSEJO GENERAL DEL INSTITUTO ELECTORAL DEL ESTADO DE CAMPECHE\" data-order=\"C\u00c9SAR ISMAEL MART\u00cdN EHU\u00c1N, QUIEN SE OSTENTA COMO REPRESENTANTE PROPIETARIO DEL PARTIDO ACCI\u00d3N NACIONAL ANTE EL CONSEJO GENERAL DEL INSTITUTO ELECTORAL DEL ESTADO DE CAMPECHE\" >C\u00c9SAR ISMAEL MART\u00cdN EHU\u00c1N, QUIEN SE OSTENTA COMO REPRESENTANTE PROPIETARIO DEL PARTIDO ACCI\u00d3N NACIONAL ANTE EL CONSEJO GENERAL DEL INSTITUTO ELECTORAL DEL ESTADO DE CAMPECHE <\/td><td data-cell-id=\"C286\" data-x=\"2\" data-y=\"286\" data-db-index=\"286\" class=\"fsize-18\" data-cell-type=\"text\" data-original-value=\"CONSEJO GENERAL EJECUTIVA DEL INSTITUTO ELECTORAL DEL ESTADO DE CAMPECHE\" data-order=\"CONSEJO GENERAL EJECUTIVA DEL INSTITUTO ELECTORAL DEL ESTADO DE CAMPECHE\" >CONSEJO GENERAL EJECUTIVA DEL INSTITUTO ELECTORAL DEL ESTADO DE CAMPECHE <\/td><td data-cell-id=\"D286\" data-x=\"3\" data-y=\"286\" data-db-index=\"286\" class=\"fsize-18\" data-cell-type=\"text\" data-original-value=\"&lt;a href=&quot;https:\/\/teec.org.mx\/web\/wp-content\/uploads\/2023\/06\/TEEC-RAP-6-2023-23-06-2023.pdf&quot; target=&quot;_blank&quot;&gt;TEEC\/RAP\/6\/2023 (ACUERDO SE FIJA FECHA Y HORA PARA SESI\u00d3N)&lt;\/a&gt;\" data-order=\"&lt;a href=&quot;https:\/\/teec.org.mx\/web\/wp-content\/uploads\/2023\/06\/TEEC-RAP-6-2023-23-06-2023.pdf&quot; target=&quot;_blank&quot;&gt;TEEC\/RAP\/6\/2023 (ACUERDO SE FIJA FECHA Y HORA PARA SESI\u00d3N)&lt;\/a&gt;\" ><a href=\"https:\/\/teec.org.mx\/web\/wp-content\/uploads\/2023\/06\/TEEC-RAP-6-2023-23-06-2023.pdf\" target=\"_blank\">TEEC\/RAP\/6\/2023 (ACUERDO SE FIJA FECHA Y HORA PARA SESI\u00d3N)<\/a><\/td><\/tr><tr style=\"height:px\" ><td data-cell-id=\"A287\" data-x=\"0\" data-y=\"287\" data-db-index=\"287\" class=\"fsize-18\" data-cell-type=\"text\" data-original-value=\"23 DE JUNIO DE 2023, A LAS 10:50 HORAS\" data-order=\"23 DE JUNIO DE 2023, A LAS 10:50 HORAS\" >23 DE JUNIO DE 2023, A LAS 10:50 HORAS <\/td><td data-cell-id=\"B287\" data-x=\"1\" data-y=\"287\" data-db-index=\"287\" class=\"fsize-18\" data-cell-type=\"text\" data-original-value=\"MOVIMIENTO CIUDADANO\" data-order=\"MOVIMIENTO CIUDADANO\" >MOVIMIENTO CIUDADANO <\/td><td data-cell-id=\"C287\" data-x=\"2\" data-y=\"287\" data-db-index=\"287\" class=\"fsize-18\" data-cell-type=\"text\" data-original-value=\"TRIBUNAL ELECTORAL DEL ESTADO DE CAMPECHE\" data-order=\"TRIBUNAL ELECTORAL DEL ESTADO DE CAMPECHE\" >TRIBUNAL ELECTORAL DEL ESTADO DE CAMPECHE <\/td><td data-cell-id=\"D287\" data-x=\"3\" data-y=\"287\" data-db-index=\"287\" class=\"fsize-18\" data-cell-type=\"text\" data-original-value=\"&lt;a href=&quot;https:\/\/teec.org.mx\/web\/wp-content\/uploads\/2023\/06\/TEEC-RAP-4-2023-y-acum.-23-06-2023.pdf&quot; target=&quot;_blank&quot;&gt;TEEC\/RAP\/4\/2023 Y SU ACUMULADO TEEC\/RAP\/5\/2023 (SE TIENE POR RECIBIDO EL EXPEDIENTE REMITIDO POR LA SALA REGIONAL XALAPA)&lt;\/a&gt;\" data-order=\"&lt;a href=&quot;https:\/\/teec.org.mx\/web\/wp-content\/uploads\/2023\/06\/TEEC-RAP-4-2023-y-acum.-23-06-2023.pdf&quot; target=&quot;_blank&quot;&gt;TEEC\/RAP\/4\/2023 Y SU ACUMULADO TEEC\/RAP\/5\/2023 (SE TIENE POR RECIBIDO EL EXPEDIENTE REMITIDO POR LA SALA REGIONAL XALAPA)&lt;\/a&gt;\" ><a href=\"https:\/\/teec.org.mx\/web\/wp-content\/uploads\/2023\/06\/TEEC-RAP-4-2023-y-acum.-23-06-2023.pdf\" target=\"_blank\">TEEC\/RAP\/4\/2023 Y SU ACUMULADO TEEC\/RAP\/5\/2023 (SE TIENE POR RECIBIDO EL EXPEDIENTE REMITIDO POR LA SALA REGIONAL XALAPA)<\/a><\/td><\/tr><tr style=\"height:px\" ><td data-cell-id=\"A288\" data-x=\"0\" data-y=\"288\" data-db-index=\"288\" class=\"fsize-18\" data-cell-type=\"text\" data-original-value=\"22 DE JUNIO DE 2023, A LAS 12:45 HORAS\" data-order=\"22 DE JUNIO DE 2023, A LAS 12:45 HORAS\" >22 DE JUNIO DE 2023, A LAS 12:45 HORAS <\/td><td data-cell-id=\"B288\" data-x=\"1\" data-y=\"288\" data-db-index=\"288\" class=\"fsize-18\" data-cell-type=\"text\" data-original-value=\"C\u00c9SAR ISMAEL MART\u00cdN EHU\u00c1N, REPRESENTANTE PROPIETARIO DEL PARTIDO ACCI\u00d3N NACIONAL ANTE EL CONSEJO GENERAL DEL INSTITUTO ELECTORAL DEL ESTADO DE CAMPECHE\" data-order=\"C\u00c9SAR ISMAEL MART\u00cdN EHU\u00c1N, REPRESENTANTE PROPIETARIO DEL PARTIDO ACCI\u00d3N NACIONAL ANTE EL CONSEJO GENERAL DEL INSTITUTO ELECTORAL DEL ESTADO DE CAMPECHE\" >C\u00c9SAR ISMAEL MART\u00cdN EHU\u00c1N, REPRESENTANTE PROPIETARIO DEL PARTIDO ACCI\u00d3N NACIONAL ANTE EL CONSEJO GENERAL DEL INSTITUTO ELECTORAL DEL ESTADO DE CAMPECHE <\/td><td data-cell-id=\"C288\" data-x=\"2\" data-y=\"288\" data-db-index=\"288\" class=\"fsize-18\" data-cell-type=\"text\" data-original-value=\"CONSEJO GENERAL DEL INSTITUTO ELECTORAL DEL ESTADO DE CAMPECHE\" data-order=\"CONSEJO GENERAL DEL INSTITUTO ELECTORAL DEL ESTADO DE CAMPECHE\" >CONSEJO GENERAL DEL INSTITUTO ELECTORAL DEL ESTADO DE CAMPECHE <\/td><td data-cell-id=\"D288\" data-x=\"3\" data-y=\"288\" data-db-index=\"288\" class=\"fsize-18\" data-cell-type=\"text\" data-original-value=\"&lt;a href=&quot;https:\/\/teec.org.mx\/web\/wp-content\/uploads\/2023\/06\/TEEC-RAP-6-2023-22-06-2023.pdf&quot; target=&quot;_blank&quot;&gt;TEEC\/RAP\/6\/2023 (ACUERDO DE CIERRE DE INSTRUCCI\u00d3N Y SOLICITUD DE FECHA Y HORA PARA SESI\u00d3N)&lt;\/a&gt;\" data-order=\"&lt;a href=&quot;https:\/\/teec.org.mx\/web\/wp-content\/uploads\/2023\/06\/TEEC-RAP-6-2023-22-06-2023.pdf&quot; target=&quot;_blank&quot;&gt;TEEC\/RAP\/6\/2023 (ACUERDO DE CIERRE DE INSTRUCCI\u00d3N Y SOLICITUD DE FECHA Y HORA PARA SESI\u00d3N)&lt;\/a&gt;\" ><a href=\"https:\/\/teec.org.mx\/web\/wp-content\/uploads\/2023\/06\/TEEC-RAP-6-2023-22-06-2023.pdf\" target=\"_blank\">TEEC\/RAP\/6\/2023 (ACUERDO DE CIERRE DE INSTRUCCI\u00d3N Y SOLICITUD DE FECHA Y HORA PARA SESI\u00d3N)<\/a><\/td><\/tr><tr style=\"height:px\" ><td data-cell-id=\"A289\" data-x=\"0\" data-y=\"289\" data-db-index=\"289\" class=\"fsize-18\" data-cell-type=\"text\" data-original-value=\"21 DE JUNIO DE 2023, A LAS 10:45 HORAS\" data-order=\"21 DE JUNIO DE 2023, A LAS 10:45 HORAS\" >21 DE JUNIO DE 2023, A LAS 10:45 HORAS <\/td><td data-cell-id=\"B289\" data-x=\"1\" data-y=\"289\" data-db-index=\"289\" class=\"fsize-18\" data-cell-type=\"text\" data-original-value=\"PEDRO ESTRADA C\u00d3RDOVA, EN SU CALIDAD DE REPRESENTANTE ANTE EL CONSEJO GENERAL DEL INSTITUTO ELECTORAL DEL ESTADO DE CAMPECHE DEL PARTIDO MOVIMIENTO CIUDADANO\" data-order=\"PEDRO ESTRADA C\u00d3RDOVA, EN SU CALIDAD DE REPRESENTANTE ANTE EL CONSEJO GENERAL DEL INSTITUTO ELECTORAL DEL ESTADO DE CAMPECHE DEL PARTIDO MOVIMIENTO CIUDADANO\" >PEDRO ESTRADA C\u00d3RDOVA, EN SU CALIDAD DE REPRESENTANTE ANTE EL CONSEJO GENERAL DEL INSTITUTO ELECTORAL DEL ESTADO DE CAMPECHE DEL PARTIDO MOVIMIENTO CIUDADANO <\/td><td data-cell-id=\"C289\" data-x=\"2\" data-y=\"289\" data-db-index=\"289\" class=\"fsize-18\" data-cell-type=\"text\" data-original-value=\"TRIBUNAL ELECTORAL DEL ESTADO DE CAMPECHE\" data-order=\"TRIBUNAL ELECTORAL DEL ESTADO DE CAMPECHE\" >TRIBUNAL ELECTORAL DEL ESTADO DE CAMPECHE <\/td><td data-cell-id=\"D289\" data-x=\"3\" data-y=\"289\" data-db-index=\"289\" class=\"fsize-18\" data-cell-type=\"text\" data-original-value=\"&lt;a href=&quot;https:\/\/teec.org.mx\/web\/wp-content\/uploads\/2023\/06\/TEEC-RAP-2-2023-y-acum.-2do-acu.-21-06-2023.pdf&quot; target=&quot;_blank&quot;&gt;TEEC\/RAP\/2\/2023 Y SU ACUMULADO TEEC\/RAP\/3\/2023 (SE DA TRAMITE A MEDIO DE IMPUGNACI\u00d3N FEDERAL)&lt;\/a&gt;\" data-order=\"&lt;a href=&quot;https:\/\/teec.org.mx\/web\/wp-content\/uploads\/2023\/06\/TEEC-RAP-2-2023-y-acum.-2do-acu.-21-06-2023.pdf&quot; target=&quot;_blank&quot;&gt;TEEC\/RAP\/2\/2023 Y SU ACUMULADO TEEC\/RAP\/3\/2023 (SE DA TRAMITE A MEDIO DE IMPUGNACI\u00d3N FEDERAL)&lt;\/a&gt;\" ><a href=\"https:\/\/teec.org.mx\/web\/wp-content\/uploads\/2023\/06\/TEEC-RAP-2-2023-y-acum.-2do-acu.-21-06-2023.pdf\" target=\"_blank\">TEEC\/RAP\/2\/2023 Y SU ACUMULADO TEEC\/RAP\/3\/2023 (SE DA TRAMITE A MEDIO DE IMPUGNACI\u00d3N FEDERAL)<\/a><\/td><\/tr><tr style=\"height:px\" ><td data-cell-id=\"A290\" data-x=\"0\" data-y=\"290\" data-db-index=\"290\" class=\"fsize-18\" data-cell-type=\"text\" data-original-value=\"21 DE JUNIO DE 2023, A LAS 10:35 HORAS\" data-order=\"21 DE JUNIO DE 2023, A LAS 10:35 HORAS\" >21 DE JUNIO DE 2023, A LAS 10:35 HORAS <\/td><td data-cell-id=\"B290\" data-x=\"1\" data-y=\"290\" data-db-index=\"290\" class=\"fsize-18\" data-cell-type=\"text\" data-original-value=\"C\u00c9SAR ISMAEL MART\u00cdN EHU\u00c1N, EN SU CALIDAD DE REPRESENTANTE PROPIETARIO DEL PARTIDO ACCI\u00d3N NACIONAL ANTE EL CONSEJO GENERAL DEL INSTITUTO ELECTORAL DEL ESTADO DE CAMPECHE\" data-order=\"C\u00c9SAR ISMAEL MART\u00cdN EHU\u00c1N, EN SU CALIDAD DE REPRESENTANTE PROPIETARIO DEL PARTIDO ACCI\u00d3N NACIONAL ANTE EL CONSEJO GENERAL DEL INSTITUTO ELECTORAL DEL ESTADO DE CAMPECHE\" >C\u00c9SAR ISMAEL MART\u00cdN EHU\u00c1N, EN SU CALIDAD DE REPRESENTANTE PROPIETARIO DEL PARTIDO ACCI\u00d3N NACIONAL ANTE EL CONSEJO GENERAL DEL INSTITUTO ELECTORAL DEL ESTADO DE CAMPECHE <\/td><td data-cell-id=\"C290\" data-x=\"2\" data-y=\"290\" data-db-index=\"290\" class=\"fsize-18\" data-cell-type=\"text\" data-original-value=\"TRIBUNAL ELECTORAL DEL ESTADO DE CAMPECHE\" data-order=\"TRIBUNAL ELECTORAL DEL ESTADO DE CAMPECHE\" >TRIBUNAL ELECTORAL DEL ESTADO DE CAMPECHE <\/td><td data-cell-id=\"D290\" data-x=\"3\" data-y=\"290\" data-db-index=\"290\" class=\"fsize-18\" data-cell-type=\"text\" data-original-value=\"&lt;a href=&quot;https:\/\/teec.org.mx\/web\/wp-content\/uploads\/2023\/06\/TEEC-RAP-2-2023-y-acum.-1er-acu.-21-06-2023.pdf&quot; target=&quot;_blank&quot;&gt;TEEC\/RAP\/2\/2023 Y SU ACUMULADO TEEC\/RAP\/3\/2023 (SE DA TRAMITE A MEDIO DE IMPUGNACI\u00d3N FEDERAL)&lt;\/a&gt;\" data-order=\"&lt;a href=&quot;https:\/\/teec.org.mx\/web\/wp-content\/uploads\/2023\/06\/TEEC-RAP-2-2023-y-acum.-1er-acu.-21-06-2023.pdf&quot; target=&quot;_blank&quot;&gt;TEEC\/RAP\/2\/2023 Y SU ACUMULADO TEEC\/RAP\/3\/2023 (SE DA TRAMITE A MEDIO DE IMPUGNACI\u00d3N FEDERAL)&lt;\/a&gt;\" ><a href=\"https:\/\/teec.org.mx\/web\/wp-content\/uploads\/2023\/06\/TEEC-RAP-2-2023-y-acum.-1er-acu.-21-06-2023.pdf\" target=\"_blank\">TEEC\/RAP\/2\/2023 Y SU ACUMULADO TEEC\/RAP\/3\/2023 (SE DA TRAMITE A MEDIO DE IMPUGNACI\u00d3N FEDERAL)<\/a><\/td><\/tr><tr style=\"height:px\" ><td data-cell-id=\"A291\" data-x=\"0\" data-y=\"291\" data-db-index=\"291\" class=\"fsize-18\" data-cell-type=\"text\" data-original-value=\"19 DE JUNIO DE 2023, A LAS 12:55 HORAS\" data-order=\"19 DE JUNIO DE 2023, A LAS 12:55 HORAS\" >19 DE JUNIO DE 2023, A LAS 12:55 HORAS <\/td><td data-cell-id=\"B291\" data-x=\"1\" data-y=\"291\" data-db-index=\"291\" class=\"fsize-18\" data-cell-type=\"text\" data-original-value=\"\u201cMOVIMIENTO LABORISTA CAMPECHE A.C.\u201d \" data-order=\"\u201cMOVIMIENTO LABORISTA CAMPECHE A.C.\u201d \" >\u201cMOVIMIENTO LABORISTA CAMPECHE A.C.\u201d <\/td><td data-cell-id=\"C291\" data-x=\"2\" data-y=\"291\" data-db-index=\"291\" class=\"fsize-18\" data-cell-type=\"text\" data-original-value=\"CONSEJO GENERAL DEL INSTITUTO ELECTORAL DEL ESTADO DE CAMPECHE\" data-order=\"CONSEJO GENERAL DEL INSTITUTO ELECTORAL DEL ESTADO DE CAMPECHE\" >CONSEJO GENERAL DEL INSTITUTO ELECTORAL DEL ESTADO DE CAMPECHE <\/td><td data-cell-id=\"D291\" data-x=\"3\" data-y=\"291\" data-db-index=\"291\" class=\"fsize-18\" data-cell-type=\"text\" data-original-value=\"&lt;a href=&quot;https:\/\/teec.org.mx\/web\/wp-content\/uploads\/2023\/06\/TEEC-RAP-8-2023-19-06-2023.pdf&quot; target=&quot;_blank&quot;&gt;TEEC\/RAP\/8\/2023 (ACUERDO DE ADMISI\u00d3N)&lt;\/a&gt;\" data-order=\"&lt;a href=&quot;https:\/\/teec.org.mx\/web\/wp-content\/uploads\/2023\/06\/TEEC-RAP-8-2023-19-06-2023.pdf&quot; target=&quot;_blank&quot;&gt;TEEC\/RAP\/8\/2023 (ACUERDO DE ADMISI\u00d3N)&lt;\/a&gt;\" ><a href=\"https:\/\/teec.org.mx\/web\/wp-content\/uploads\/2023\/06\/TEEC-RAP-8-2023-19-06-2023.pdf\" target=\"_blank\">TEEC\/RAP\/8\/2023 (ACUERDO DE ADMISI\u00d3N)<\/a><\/td><\/tr><tr style=\"height:px\" ><td data-cell-id=\"A292\" data-x=\"0\" data-y=\"292\" data-db-index=\"292\" class=\"fsize-18\" data-cell-type=\"text\" data-original-value=\"15 DE JUNIO DE 2023, A LAS 12:00 HORAS\" data-order=\"15 DE JUNIO DE 2023, A LAS 12:00 HORAS\" >15 DE JUNIO DE 2023, A LAS 12:00 HORAS <\/td><td data-cell-id=\"B292\" data-x=\"1\" data-y=\"292\" data-db-index=\"292\" class=\"fsize-18\" data-cell-type=\"text\" data-original-value=\"MOVIMIENTO CIUDADANO\" data-order=\"MOVIMIENTO CIUDADANO\" >MOVIMIENTO CIUDADANO <\/td><td data-cell-id=\"C292\" data-x=\"2\" data-y=\"292\" data-db-index=\"292\" class=\"fsize-18\" data-cell-type=\"text\" data-original-value=\"TRIBUNAL ELECTORAL DEL ESTADO DE CAMPECHE\" data-order=\"TRIBUNAL ELECTORAL DEL ESTADO DE CAMPECHE\" >TRIBUNAL ELECTORAL DEL ESTADO DE CAMPECHE <\/td><td data-cell-id=\"D292\" data-x=\"3\" data-y=\"292\" data-db-index=\"292\" class=\"fsize-18\" data-cell-type=\"text\" data-original-value=\"&lt;a href=&quot;https:\/\/teec.org.mx\/web\/wp-content\/uploads\/2023\/06\/TEEC-RAP-4-2023-y-acum.-15-06-2023.pdf&quot; target=&quot;_blank&quot;&gt;TEEC\/RAP\/4\/2023 Y SU ACUMULADO TEEC\/RAP\/5\/2023 (SE DA POR NOTIFICADA ESTA AUTORIDAD DE LA SENTENCIA EMITIDA POR LA SALA REGIONAL XALAPA)&lt;\/a&gt;\" data-order=\"&lt;a href=&quot;https:\/\/teec.org.mx\/web\/wp-content\/uploads\/2023\/06\/TEEC-RAP-4-2023-y-acum.-15-06-2023.pdf&quot; target=&quot;_blank&quot;&gt;TEEC\/RAP\/4\/2023 Y SU ACUMULADO TEEC\/RAP\/5\/2023 (SE DA POR NOTIFICADA ESTA AUTORIDAD DE LA SENTENCIA EMITIDA POR LA SALA REGIONAL XALAPA)&lt;\/a&gt;\" ><a href=\"https:\/\/teec.org.mx\/web\/wp-content\/uploads\/2023\/06\/TEEC-RAP-4-2023-y-acum.-15-06-2023.pdf\" target=\"_blank\">TEEC\/RAP\/4\/2023 Y SU ACUMULADO TEEC\/RAP\/5\/2023 (SE DA POR NOTIFICADA ESTA AUTORIDAD DE LA SENTENCIA EMITIDA POR LA SALA REGIONAL XALAPA)<\/a><\/td><\/tr><tr style=\"height:px\" ><td data-cell-id=\"A293\" data-x=\"0\" data-y=\"293\" data-db-index=\"293\" class=\"fsize-18\" data-cell-type=\"text\" data-original-value=\"14 DE JUNIO DE 2023, A LAS 14:50 HORAS\" data-order=\"14 DE JUNIO DE 2023, A LAS 14:50 HORAS\" >14 DE JUNIO DE 2023, A LAS 14:50 HORAS <\/td><td data-cell-id=\"B293\" data-x=\"1\" data-y=\"293\" data-db-index=\"293\" class=\"fsize-18\" data-cell-type=\"text\" data-original-value=\"\u201cMOVIMIENTO LABORISTA CAMPECHE A.C.\u201d \" data-order=\"\u201cMOVIMIENTO LABORISTA CAMPECHE A.C.\u201d \" >\u201cMOVIMIENTO LABORISTA CAMPECHE A.C.\u201d <\/td><td data-cell-id=\"C293\" data-x=\"2\" data-y=\"293\" data-db-index=\"293\" class=\"fsize-18\" data-cell-type=\"text\" data-original-value=\"CONSEJO GENERAL DEL INSTITUTO ELECTORAL DEL ESTADO DE CAMPECHE\" data-order=\"CONSEJO GENERAL DEL INSTITUTO ELECTORAL DEL ESTADO DE CAMPECHE\" >CONSEJO GENERAL DEL INSTITUTO ELECTORAL DEL ESTADO DE CAMPECHE <\/td><td data-cell-id=\"D293\" data-x=\"3\" data-y=\"293\" data-db-index=\"293\" class=\"fsize-18\" data-cell-type=\"text\" data-original-value=\"&lt;a href=&quot;https:\/\/teec.org.mx\/web\/wp-content\/uploads\/2023\/06\/TEEC-RAP-8-2023-14-06-2023.pdf&quot; target=&quot;_blank&quot;&gt;TEEC\/RAP\/8\/2023 (ACUERDO DE RECEPCI\u00d3N, ACUMULACI\u00d3N Y CUMPLIMIENTO)&lt;\/a&gt;\" data-order=\"&lt;a href=&quot;https:\/\/teec.org.mx\/web\/wp-content\/uploads\/2023\/06\/TEEC-RAP-8-2023-14-06-2023.pdf&quot; target=&quot;_blank&quot;&gt;TEEC\/RAP\/8\/2023 (ACUERDO DE RECEPCI\u00d3N, ACUMULACI\u00d3N Y CUMPLIMIENTO)&lt;\/a&gt;\" ><a href=\"https:\/\/teec.org.mx\/web\/wp-content\/uploads\/2023\/06\/TEEC-RAP-8-2023-14-06-2023.pdf\" target=\"_blank\">TEEC\/RAP\/8\/2023 (ACUERDO DE RECEPCI\u00d3N, ACUMULACI\u00d3N Y CUMPLIMIENTO)<\/a><\/td><\/tr><tr style=\"height:px\" ><td data-cell-id=\"A294\" data-x=\"0\" data-y=\"294\" data-db-index=\"294\" class=\"fsize-18\" data-cell-type=\"text\" data-original-value=\"14 DE JUNIO DE 2023, A LAS 12:50 HORAS\" data-order=\"14 DE JUNIO DE 2023, A LAS 12:50 HORAS\" >14 DE JUNIO DE 2023, A LAS 12:50 HORAS <\/td><td data-cell-id=\"B294\" data-x=\"1\" data-y=\"294\" data-db-index=\"294\" class=\"fsize-18\" data-cell-type=\"text\" data-original-value=\"CESAR ISMAEL MART\u00cdN EHU\u00c1N, REPRESENTANTE PROPIETARIO DEL PARTIDO ACCI\u00d3N NACIONAL ANTE EL CONSEJO GENERAL DEL INSTITUTO ELECTORAL DEL ESTADO DE CAMPECHE Y PEDRO ESTRADA C\u00d3RDOVA, REPRESENTANTE PROPIETARIO DEL PARTIDO MOVIMIENTO CIUDADANO ANTE EL CONSEJO GENERAL DEL INSTITUTO ELECTORAL DEL ESTADO DE CAMPECHE\" data-order=\"CESAR ISMAEL MART\u00cdN EHU\u00c1N, REPRESENTANTE PROPIETARIO DEL PARTIDO ACCI\u00d3N NACIONAL ANTE EL CONSEJO GENERAL DEL INSTITUTO ELECTORAL DEL ESTADO DE CAMPECHE Y PEDRO ESTRADA C\u00d3RDOVA, REPRESENTANTE PROPIETARIO DEL PARTIDO MOVIMIENTO CIUDADANO ANTE EL CONSEJO GENERAL DEL INSTITUTO ELECTORAL DEL ESTADO DE CAMPECHE\" >CESAR ISMAEL MART\u00cdN EHU\u00c1N, REPRESENTANTE PROPIETARIO DEL PARTIDO ACCI\u00d3N NACIONAL ANTE EL CONSEJO GENERAL DEL INSTITUTO ELECTORAL DEL ESTADO DE CAMPECHE Y PEDRO ESTRADA C\u00d3RDOVA, REPRESENTANTE PROPIETARIO DEL PARTIDO MOVIMIENTO CIUDADANO ANTE EL CONSEJO GENERAL DEL INSTITUTO ELECTORAL DEL ESTADO DE CAMPECHE <\/td><td data-cell-id=\"C294\" data-x=\"2\" data-y=\"294\" data-db-index=\"294\" class=\"fsize-18\" data-cell-type=\"text\" data-original-value=\"CONSEJO GENERAL DEL INSTITUTO ELECTORAL DEL ESTADO DE CAMPECHE\" data-order=\"CONSEJO GENERAL DEL INSTITUTO ELECTORAL DEL ESTADO DE CAMPECHE\" >CONSEJO GENERAL DEL INSTITUTO ELECTORAL DEL ESTADO DE CAMPECHE <\/td><td data-cell-id=\"D294\" data-x=\"3\" data-y=\"294\" data-db-index=\"294\" class=\"fsize-18\" data-cell-type=\"text\" data-original-value=\"&lt;a href=&quot;https:\/\/teec.org.mx\/web\/wp-content\/uploads\/2023\/06\/TEEC-RAP-2-2023-y-acum-sentencia-14-06-2023.pdf&quot; target=&quot;_blank&quot;&gt;TEEC\/RAP\/2\/2023 Y SU ACUMULADO TEEC\/RAP\/3\/2023 (SENTENCIA)&lt;\/a&gt;\" data-order=\"&lt;a href=&quot;https:\/\/teec.org.mx\/web\/wp-content\/uploads\/2023\/06\/TEEC-RAP-2-2023-y-acum-sentencia-14-06-2023.pdf&quot; target=&quot;_blank&quot;&gt;TEEC\/RAP\/2\/2023 Y SU ACUMULADO TEEC\/RAP\/3\/2023 (SENTENCIA)&lt;\/a&gt;\" ><a href=\"https:\/\/teec.org.mx\/web\/wp-content\/uploads\/2023\/06\/TEEC-RAP-2-2023-y-acum-sentencia-14-06-2023.pdf\" target=\"_blank\">TEEC\/RAP\/2\/2023 Y SU ACUMULADO TEEC\/RAP\/3\/2023 (SENTENCIA)<\/a><\/td><\/tr><tr style=\"height:px\" ><td data-cell-id=\"A295\" data-x=\"0\" data-y=\"295\" data-db-index=\"295\" class=\"fsize-18\" data-cell-type=\"text\" data-original-value=\"14 DE JUNIO DE 2023, A LAS 11:53 HORAS\" data-order=\"14 DE JUNIO DE 2023, A LAS 11:53 HORAS\" >14 DE JUNIO DE 2023, A LAS 11:53 HORAS <\/td><td data-cell-id=\"B295\" data-x=\"1\" data-y=\"295\" data-db-index=\"295\" class=\"fsize-18\" data-cell-type=\"text\" data-original-value=\"MARCO ANTONIO S\u00c1NCHEZ ABNAAL Y EFRAIN CABALLERO SANDOVAL, REPRESENTANTES LEGALES DE LA ORGANIZACI\u00d3N DE CIUDADANOS DENOMINADA \u201cESPACIO DEMOCR\u00c1TICO DE CAMPECHE A.C.\u201d \" data-order=\"MARCO ANTONIO S\u00c1NCHEZ ABNAAL Y EFRAIN CABALLERO SANDOVAL, REPRESENTANTES LEGALES DE LA ORGANIZACI\u00d3N DE CIUDADANOS DENOMINADA \u201cESPACIO DEMOCR\u00c1TICO DE CAMPECHE A.C.\u201d \" >MARCO ANTONIO S\u00c1NCHEZ ABNAAL Y EFRAIN CABALLERO SANDOVAL, REPRESENTANTES LEGALES DE LA ORGANIZACI\u00d3N DE CIUDADANOS DENOMINADA \u201cESPACIO DEMOCR\u00c1TICO DE CAMPECHE A.C.\u201d <\/td><td data-cell-id=\"C295\" data-x=\"2\" data-y=\"295\" data-db-index=\"295\" class=\"fsize-18\" data-cell-type=\"text\" data-original-value=\"CONSEJO DEL INSTITUTO ELECTORAL DEL ESTADO DE CAMPECHE\" data-order=\"CONSEJO DEL INSTITUTO ELECTORAL DEL ESTADO DE CAMPECHE\" >CONSEJO DEL INSTITUTO ELECTORAL DEL ESTADO DE CAMPECHE <\/td><td data-cell-id=\"D295\" data-x=\"3\" data-y=\"295\" data-db-index=\"295\" class=\"fsize-18\" data-cell-type=\"text\" data-original-value=\"&lt;a href=&quot;https:\/\/teec.org.mx\/web\/wp-content\/uploads\/2023\/06\/TEEC-RAP-7-2023-2do-acu-14-06-2023.pdf&quot; target=&quot;_blank&quot;&gt;TEEC\/RAP\/7\/2023 (ACUERDO DE CUMPLIMIENTO DE REQUERIMIENTO, ACUMULACI\u00d3N Y ADMISI\u00d3N)&lt;\/a&gt;\" data-order=\"&lt;a href=&quot;https:\/\/teec.org.mx\/web\/wp-content\/uploads\/2023\/06\/TEEC-RAP-7-2023-2do-acu-14-06-2023.pdf&quot; target=&quot;_blank&quot;&gt;TEEC\/RAP\/7\/2023 (ACUERDO DE CUMPLIMIENTO DE REQUERIMIENTO, ACUMULACI\u00d3N Y ADMISI\u00d3N)&lt;\/a&gt;\" ><a href=\"https:\/\/teec.org.mx\/web\/wp-content\/uploads\/2023\/06\/TEEC-RAP-7-2023-2do-acu-14-06-2023.pdf\" target=\"_blank\">TEEC\/RAP\/7\/2023 (ACUERDO DE CUMPLIMIENTO DE REQUERIMIENTO, ACUMULACI\u00d3N Y ADMISI\u00d3N)<\/a><\/td><\/tr><tr style=\"height:px\" ><td data-cell-id=\"A296\" data-x=\"0\" data-y=\"296\" data-db-index=\"296\" class=\"fsize-18\" data-cell-type=\"text\" data-original-value=\"14 DE JUNIO DE 2023, A LAS 10:10 HORAS\" data-order=\"14 DE JUNIO DE 2023, A LAS 10:10 HORAS\" >14 DE JUNIO DE 2023, A LAS 10:10 HORAS <\/td><td data-cell-id=\"B296\" data-x=\"1\" data-y=\"296\" data-db-index=\"296\" class=\"fsize-18\" data-cell-type=\"text\" data-original-value=\"MARCO ANTONIO S\u00c1NCHEZ ABNAAL Y EFRAIN CABALLERO SANDOVAL, REPRESENTANTES LEGALES DE LA ORGANIZACI\u00d3N DE CIUDADANOS DENOMINADA \u201cESPACIO DEMOCR\u00c1TICO DE CAMPECHE A.C.\u201d \" data-order=\"MARCO ANTONIO S\u00c1NCHEZ ABNAAL Y EFRAIN CABALLERO SANDOVAL, REPRESENTANTES LEGALES DE LA ORGANIZACI\u00d3N DE CIUDADANOS DENOMINADA \u201cESPACIO DEMOCR\u00c1TICO DE CAMPECHE A.C.\u201d \" >MARCO ANTONIO S\u00c1NCHEZ ABNAAL Y EFRAIN CABALLERO SANDOVAL, REPRESENTANTES LEGALES DE LA ORGANIZACI\u00d3N DE CIUDADANOS DENOMINADA \u201cESPACIO DEMOCR\u00c1TICO DE CAMPECHE A.C.\u201d <\/td><td data-cell-id=\"C296\" data-x=\"2\" data-y=\"296\" data-db-index=\"296\" class=\"fsize-18\" data-cell-type=\"text\" data-original-value=\"CONSEJO GENERAL Y COMISI\u00d3N DE ORGANIZACI\u00d3N ELECTORAL, PARTIDOS Y AGRUPACIONES POL\u00cdTICAS DEL INSTITUTO ELECTORAL DEL ESTADO DE CAMPECHE\" data-order=\"CONSEJO GENERAL Y COMISI\u00d3N DE ORGANIZACI\u00d3N ELECTORAL, PARTIDOS Y AGRUPACIONES POL\u00cdTICAS DEL INSTITUTO ELECTORAL DEL ESTADO DE CAMPECHE\" >CONSEJO GENERAL Y COMISI\u00d3N DE ORGANIZACI\u00d3N ELECTORAL, PARTIDOS Y AGRUPACIONES POL\u00cdTICAS DEL INSTITUTO ELECTORAL DEL ESTADO DE CAMPECHE <\/td><td data-cell-id=\"D296\" data-x=\"3\" data-y=\"296\" data-db-index=\"296\" class=\"fsize-18\" data-cell-type=\"text\" data-original-value=\"&lt;a href=&quot;https:\/\/teec.org.mx\/web\/wp-content\/uploads\/2023\/06\/TEEC-RAP-7-2023-14-06-2023.pdf&quot; target=&quot;_blank&quot;&gt;TEEC\/RAP\/7\/2023 (ACUERDO DE TURNO DE DOCUMENTACI\u00d3N)&lt;\/a&gt;\" data-order=\"&lt;a href=&quot;https:\/\/teec.org.mx\/web\/wp-content\/uploads\/2023\/06\/TEEC-RAP-7-2023-14-06-2023.pdf&quot; target=&quot;_blank&quot;&gt;TEEC\/RAP\/7\/2023 (ACUERDO DE TURNO DE DOCUMENTACI\u00d3N)&lt;\/a&gt;\" ><a href=\"https:\/\/teec.org.mx\/web\/wp-content\/uploads\/2023\/06\/TEEC-RAP-7-2023-14-06-2023.pdf\" target=\"_blank\">TEEC\/RAP\/7\/2023 (ACUERDO DE TURNO DE DOCUMENTACI\u00d3N)<\/a><\/td><\/tr><tr style=\"height:px\" ><td data-cell-id=\"A297\" data-x=\"0\" data-y=\"297\" data-db-index=\"297\" class=\"fsize-18\" data-cell-type=\"text\" data-original-value=\"13 DE JUNIO DE 2023, A LAS 14:40 HORAS\" data-order=\"13 DE JUNIO DE 2023, A LAS 14:40 HORAS\" >13 DE JUNIO DE 2023, A LAS 14:40 HORAS <\/td><td data-cell-id=\"B297\" data-x=\"1\" data-y=\"297\" data-db-index=\"297\" class=\"fsize-18\" data-cell-type=\"text\" data-original-value=\"\u201cMOVIMIENTO LABORISTA CAMPECHE A.C.\u201d \" data-order=\"\u201cMOVIMIENTO LABORISTA CAMPECHE A.C.\u201d \" >\u201cMOVIMIENTO LABORISTA CAMPECHE A.C.\u201d <\/td><td data-cell-id=\"C297\" data-x=\"2\" data-y=\"297\" data-db-index=\"297\" class=\"fsize-18\" data-cell-type=\"text\" data-original-value=\"CONSEJO GENERAL DEL INSTITUTO ELECTORAL DEL ESTADO DE CAMPECHE. (sic).\" data-order=\"CONSEJO GENERAL DEL INSTITUTO ELECTORAL DEL ESTADO DE CAMPECHE. (sic).\" >CONSEJO GENERAL DEL INSTITUTO ELECTORAL DEL ESTADO DE CAMPECHE. (sic). <\/td><td data-cell-id=\"D297\" data-x=\"3\" data-y=\"297\" data-db-index=\"297\" class=\"fsize-18\" data-cell-type=\"text\" data-original-value=\"&lt;a href=&quot;https:\/\/teec.org.mx\/web\/wp-content\/uploads\/2023\/06\/TEEC-RAP-8-2023-13-06-2023.pdf&quot; target=&quot;_blank&quot;&gt;TEEC\/RAP\/8\/2023 (ACUERDO DE TURNO DE DOCUMENTACI\u00d3N)&lt;\/a&gt;\" data-order=\"&lt;a href=&quot;https:\/\/teec.org.mx\/web\/wp-content\/uploads\/2023\/06\/TEEC-RAP-8-2023-13-06-2023.pdf&quot; target=&quot;_blank&quot;&gt;TEEC\/RAP\/8\/2023 (ACUERDO DE TURNO DE DOCUMENTACI\u00d3N)&lt;\/a&gt;\" ><a href=\"https:\/\/teec.org.mx\/web\/wp-content\/uploads\/2023\/06\/TEEC-RAP-8-2023-13-06-2023.pdf\" target=\"_blank\">TEEC\/RAP\/8\/2023 (ACUERDO DE TURNO DE DOCUMENTACI\u00d3N)<\/a><\/td><\/tr><tr style=\"height:px\" ><td data-cell-id=\"A298\" data-x=\"0\" data-y=\"298\" data-db-index=\"298\" class=\"fsize-18\" data-cell-type=\"text\" data-original-value=\"13 DE JUNIO DE 2023, A LAS 13:18 HORAS\" data-order=\"13 DE JUNIO DE 2023, A LAS 13:18 HORAS\" >13 DE JUNIO DE 2023, A LAS 13:18 HORAS <\/td><td data-cell-id=\"B298\" data-x=\"1\" data-y=\"298\" data-db-index=\"298\" class=\"fsize-18\" data-cell-type=\"text\" data-original-value=\"CESAR ISMAEL MART\u00cdN EHU\u00c1N, REPRESENTANTE PROPIETARIO DEL PARTIDO ACCI\u00d3N NACIONAL ANTE EL CONSEJO GENERAL DEL INSTITUTO ELECTORAL DEL ESTADO DE CAMPECHE Y PEDRO ESTRADA C\u00d3RDOVA, REPRESENTANTE PROPIETARIO DEL PARTIDO MOVIMIENTO CIUDADANO ANTE EL CONSEJO GENERAL DEL INSTITUTO ELECTORAL DEL ESTADO DE CAMPECHE\" data-order=\"CESAR ISMAEL MART\u00cdN EHU\u00c1N, REPRESENTANTE PROPIETARIO DEL PARTIDO ACCI\u00d3N NACIONAL ANTE EL CONSEJO GENERAL DEL INSTITUTO ELECTORAL DEL ESTADO DE CAMPECHE Y PEDRO ESTRADA C\u00d3RDOVA, REPRESENTANTE PROPIETARIO DEL PARTIDO MOVIMIENTO CIUDADANO ANTE EL CONSEJO GENERAL DEL INSTITUTO ELECTORAL DEL ESTADO DE CAMPECHE\" >CESAR ISMAEL MART\u00cdN EHU\u00c1N, REPRESENTANTE PROPIETARIO DEL PARTIDO ACCI\u00d3N NACIONAL ANTE EL CONSEJO GENERAL DEL INSTITUTO ELECTORAL DEL ESTADO DE CAMPECHE Y PEDRO ESTRADA C\u00d3RDOVA, REPRESENTANTE PROPIETARIO DEL PARTIDO MOVIMIENTO CIUDADANO ANTE EL CONSEJO GENERAL DEL INSTITUTO ELECTORAL DEL ESTADO DE CAMPECHE <\/td><td data-cell-id=\"C298\" data-x=\"2\" data-y=\"298\" data-db-index=\"298\" class=\"fsize-18\" data-cell-type=\"text\" data-original-value=\"CONSEJO GENERAL DEL INSTITUTO ELECTORAL DEL ESTADO DE CAMPECHE\" data-order=\"CONSEJO GENERAL DEL INSTITUTO ELECTORAL DEL ESTADO DE CAMPECHE\" >CONSEJO GENERAL DEL INSTITUTO ELECTORAL DEL ESTADO DE CAMPECHE <\/td><td data-cell-id=\"D298\" data-x=\"3\" data-y=\"298\" data-db-index=\"298\" class=\"fsize-18\" data-cell-type=\"text\" data-original-value=\"&lt;a href=&quot;https:\/\/teec.org.mx\/web\/wp-content\/uploads\/2023\/06\/TEEC-RAP-2-2023-y-acum.-13-06-2023.pdf&quot; target=&quot;_blank&quot;&gt;TEEC\/RAP\/2\/2023 Y SU ACUMULADO TEEC\/RAP\/3\/2023 (SE FIJA FECHA Y HORA PARA SESI\u00d3N)&lt;\/a&gt;\" data-order=\"&lt;a href=&quot;https:\/\/teec.org.mx\/web\/wp-content\/uploads\/2023\/06\/TEEC-RAP-2-2023-y-acum.-13-06-2023.pdf&quot; target=&quot;_blank&quot;&gt;TEEC\/RAP\/2\/2023 Y SU ACUMULADO TEEC\/RAP\/3\/2023 (SE FIJA FECHA Y HORA PARA SESI\u00d3N)&lt;\/a&gt;\" ><a href=\"https:\/\/teec.org.mx\/web\/wp-content\/uploads\/2023\/06\/TEEC-RAP-2-2023-y-acum.-13-06-2023.pdf\" target=\"_blank\">TEEC\/RAP\/2\/2023 Y SU ACUMULADO TEEC\/RAP\/3\/2023 (SE FIJA FECHA Y HORA PARA SESI\u00d3N)<\/a><\/td><\/tr><tr style=\"height:px\" ><td data-cell-id=\"A299\" data-x=\"0\" data-y=\"299\" data-db-index=\"299\" class=\"fsize-18\" data-cell-type=\"text\" data-original-value=\"13 DE JUNIO DE 2023, A LAS 11:50 HORAS\" data-order=\"13 DE JUNIO DE 2023, A LAS 11:50 HORAS\" >13 DE JUNIO DE 2023, A LAS 11:50 HORAS <\/td><td data-cell-id=\"B299\" data-x=\"1\" data-y=\"299\" data-db-index=\"299\" class=\"fsize-18\" data-cell-type=\"text\" data-original-value=\"MARCO ANTONIO S\u00c1NCHEZ ABNAAL Y EFRAIN CABALLERO SANDOVAL, REPRESENTANTES LEGALES DE LA ORGANIZACI\u00d3N DE CIUDADANOS DENOMINADA \u201cESPACIO DEMOCR\u00c1TICO DE CAMPECHE A.C.\u201d \" data-order=\"MARCO ANTONIO S\u00c1NCHEZ ABNAAL Y EFRAIN CABALLERO SANDOVAL, REPRESENTANTES LEGALES DE LA ORGANIZACI\u00d3N DE CIUDADANOS DENOMINADA \u201cESPACIO DEMOCR\u00c1TICO DE CAMPECHE A.C.\u201d \" >MARCO ANTONIO S\u00c1NCHEZ ABNAAL Y EFRAIN CABALLERO SANDOVAL, REPRESENTANTES LEGALES DE LA ORGANIZACI\u00d3N DE CIUDADANOS DENOMINADA \u201cESPACIO DEMOCR\u00c1TICO DE CAMPECHE A.C.\u201d <\/td><td data-cell-id=\"C299\" data-x=\"2\" data-y=\"299\" data-db-index=\"299\" class=\"fsize-18\" data-cell-type=\"text\" data-original-value=\"CONSEJO GENERAL Y COMISI\u00d3N DE ORGANIZACI\u00d3N ELECTORAL, PARTIDOS Y AGRUPACIONES POL\u00cdTICAS DEL INSTITUTO ELECTORAL DEL ESTADO DE CAMPECHE\" data-order=\"CONSEJO GENERAL Y COMISI\u00d3N DE ORGANIZACI\u00d3N ELECTORAL, PARTIDOS Y AGRUPACIONES POL\u00cdTICAS DEL INSTITUTO ELECTORAL DEL ESTADO DE CAMPECHE\" >CONSEJO GENERAL Y COMISI\u00d3N DE ORGANIZACI\u00d3N ELECTORAL, PARTIDOS Y AGRUPACIONES POL\u00cdTICAS DEL INSTITUTO ELECTORAL DEL ESTADO DE CAMPECHE <\/td><td data-cell-id=\"D299\" data-x=\"3\" data-y=\"299\" data-db-index=\"299\" class=\"fsize-18\" data-cell-type=\"text\" data-original-value=\"&lt;a href=&quot;https:\/\/teec.org.mx\/web\/wp-content\/uploads\/2023\/06\/TEEC-RAP-7-2023-13-06-2023.pdf&quot; target=&quot;_blank&quot;&gt;TEEC\/RAP\/7\/2023 (ACUERDO DE REQUERIMIENTO)&lt;\/a&gt;\" data-order=\"&lt;a href=&quot;https:\/\/teec.org.mx\/web\/wp-content\/uploads\/2023\/06\/TEEC-RAP-7-2023-13-06-2023.pdf&quot; target=&quot;_blank&quot;&gt;TEEC\/RAP\/7\/2023 (ACUERDO DE REQUERIMIENTO)&lt;\/a&gt;\" ><a href=\"https:\/\/teec.org.mx\/web\/wp-content\/uploads\/2023\/06\/TEEC-RAP-7-2023-13-06-2023.pdf\" target=\"_blank\">TEEC\/RAP\/7\/2023 (ACUERDO DE REQUERIMIENTO)<\/a><\/td><\/tr><tr style=\"height:px\" ><td data-cell-id=\"A300\" data-x=\"0\" data-y=\"300\" data-db-index=\"300\" class=\"fsize-18\" data-cell-type=\"text\" data-original-value=\"13 DE JUNIO DE 2023, A LAS 9:25 HORAS\" data-order=\"13 DE JUNIO DE 2023, A LAS 9:25 HORAS\" >13 DE JUNIO DE 2023, A LAS 9:25 HORAS <\/td><td data-cell-id=\"B300\" data-x=\"1\" data-y=\"300\" data-db-index=\"300\" class=\"fsize-18\" data-cell-type=\"text\" data-original-value=\"CESAR ISMAEL MART\u00cdN EHU\u00c1N, REPRESENTANTE PROPIETARIO DEL PARTIDO ACCI\u00d3N NACIONAL ANTE EL CONSEJO GENERAL DEL INSTITUTO ELECTORAL DEL ESTADO DE CAMPECHE Y PEDRO ESTRADA C\u00d3RDOVA, REPRESENTANTE PROPIETARIO DEL PARTIDO MOVIMIENTO CIUDADANO ANTE EL CONSEJO GENERAL DEL INSTITUTO ELECTORAL DEL ESTADO DE CAMPECHE\" data-order=\"CESAR ISMAEL MART\u00cdN EHU\u00c1N, REPRESENTANTE PROPIETARIO DEL PARTIDO ACCI\u00d3N NACIONAL ANTE EL CONSEJO GENERAL DEL INSTITUTO ELECTORAL DEL ESTADO DE CAMPECHE Y PEDRO ESTRADA C\u00d3RDOVA, REPRESENTANTE PROPIETARIO DEL PARTIDO MOVIMIENTO CIUDADANO ANTE EL CONSEJO GENERAL DEL INSTITUTO ELECTORAL DEL ESTADO DE CAMPECHE\" >CESAR ISMAEL MART\u00cdN EHU\u00c1N, REPRESENTANTE PROPIETARIO DEL PARTIDO ACCI\u00d3N NACIONAL ANTE EL CONSEJO GENERAL DEL INSTITUTO ELECTORAL DEL ESTADO DE CAMPECHE Y PEDRO ESTRADA C\u00d3RDOVA, REPRESENTANTE PROPIETARIO DEL PARTIDO MOVIMIENTO CIUDADANO ANTE EL CONSEJO GENERAL DEL INSTITUTO ELECTORAL DEL ESTADO DE CAMPECHE <\/td><td data-cell-id=\"C300\" data-x=\"2\" data-y=\"300\" data-db-index=\"300\" class=\"fsize-18\" data-cell-type=\"text\" data-original-value=\"CONSEJO GENERAL DEL INSTITUTO ELECTORAL DEL ESTADO DE CAMPECHE\" data-order=\"CONSEJO GENERAL DEL INSTITUTO ELECTORAL DEL ESTADO DE CAMPECHE\" >CONSEJO GENERAL DEL INSTITUTO ELECTORAL DEL ESTADO DE CAMPECHE <\/td><td data-cell-id=\"D300\" data-x=\"3\" data-y=\"300\" data-db-index=\"300\" class=\"fsize-18\" data-cell-type=\"text\" data-original-value=\"&lt;a href=&quot;https:\/\/teec.org.mx\/web\/wp-content\/uploads\/2023\/06\/TEEC-RAP-2-2023-y-acum.-1er-acu.-13-06-2023.pdf&quot; target=&quot;_blank&quot;&gt;TEEC\/RAP\/2\/2023 Y SU ACUMULADO TEEC\/RAP\/3\/2023 (CUMPLIMIENTO DE SOLICITUD Y ACUMULACI\u00d3N)&lt;\/a&gt;\" data-order=\"&lt;a href=&quot;https:\/\/teec.org.mx\/web\/wp-content\/uploads\/2023\/06\/TEEC-RAP-2-2023-y-acum.-1er-acu.-13-06-2023.pdf&quot; target=&quot;_blank&quot;&gt;TEEC\/RAP\/2\/2023 Y SU ACUMULADO TEEC\/RAP\/3\/2023 (CUMPLIMIENTO DE SOLICITUD Y ACUMULACI\u00d3N)&lt;\/a&gt;\" ><a href=\"https:\/\/teec.org.mx\/web\/wp-content\/uploads\/2023\/06\/TEEC-RAP-2-2023-y-acum.-1er-acu.-13-06-2023.pdf\" target=\"_blank\">TEEC\/RAP\/2\/2023 Y SU ACUMULADO TEEC\/RAP\/3\/2023 (CUMPLIMIENTO DE SOLICITUD Y ACUMULACI\u00d3N)<\/a><\/td><\/tr><tr style=\"height:px\" ><td data-cell-id=\"A301\" data-x=\"0\" data-y=\"301\" data-db-index=\"301\" class=\"fsize-18\" data-cell-type=\"text\" data-original-value=\"12 DE JUNIO DE 2023, A LAS 14:25 HORAS\" data-order=\"12 DE JUNIO DE 2023, A LAS 14:25 HORAS\" >12 DE JUNIO DE 2023, A LAS 14:25 HORAS <\/td><td data-cell-id=\"B301\" data-x=\"1\" data-y=\"301\" data-db-index=\"301\" class=\"fsize-18\" data-cell-type=\"text\" data-original-value=\"\u201cMOVIMIENTO LABORISTA CAMPECHE A.C.\u201d \" data-order=\"\u201cMOVIMIENTO LABORISTA CAMPECHE A.C.\u201d \" >\u201cMOVIMIENTO LABORISTA CAMPECHE A.C.\u201d <\/td><td data-cell-id=\"C301\" data-x=\"2\" data-y=\"301\" data-db-index=\"301\" class=\"fsize-18\" data-cell-type=\"text\" data-original-value=\"CONSEJO GENERAL DEL INSTITUTO ELECTORAL DEL ESTADO DE CAMPECHE. (sic)\" data-order=\"CONSEJO GENERAL DEL INSTITUTO ELECTORAL DEL ESTADO DE CAMPECHE. (sic)\" >CONSEJO GENERAL DEL INSTITUTO ELECTORAL DEL ESTADO DE CAMPECHE. (sic) <\/td><td data-cell-id=\"D301\" data-x=\"3\" data-y=\"301\" data-db-index=\"301\" class=\"fsize-18\" data-cell-type=\"text\" data-original-value=\"&lt;a href=&quot;https:\/\/teec.org.mx\/web\/wp-content\/uploads\/2023\/06\/TEEC-RAP-8-2023-12-06-2023.pdf&quot; target=&quot;_blank&quot;&gt;TEEC\/RAP\/8\/2023 (ACUERDO DE RECEPCI\u00d3N, RADICACI\u00d3N Y REQUERIMIENTO)&lt;\/a&gt;\" data-order=\"&lt;a href=&quot;https:\/\/teec.org.mx\/web\/wp-content\/uploads\/2023\/06\/TEEC-RAP-8-2023-12-06-2023.pdf&quot; target=&quot;_blank&quot;&gt;TEEC\/RAP\/8\/2023 (ACUERDO DE RECEPCI\u00d3N, RADICACI\u00d3N Y REQUERIMIENTO)&lt;\/a&gt;\" ><a href=\"https:\/\/teec.org.mx\/web\/wp-content\/uploads\/2023\/06\/TEEC-RAP-8-2023-12-06-2023.pdf\" target=\"_blank\">TEEC\/RAP\/8\/2023 (ACUERDO DE RECEPCI\u00d3N, RADICACI\u00d3N Y REQUERIMIENTO)<\/a><\/td><\/tr><tr style=\"height:px\" ><td data-cell-id=\"A302\" data-x=\"0\" data-y=\"302\" data-db-index=\"302\" class=\"fsize-18\" data-cell-type=\"text\" data-original-value=\"12 DE JUNIO DE 2023, A LAS 14:05 HORAS\" data-order=\"12 DE JUNIO DE 2023, A LAS 14:05 HORAS\" >12 DE JUNIO DE 2023, A LAS 14:05 HORAS <\/td><td data-cell-id=\"B302\" data-x=\"1\" data-y=\"302\" data-db-index=\"302\" class=\"fsize-18\" data-cell-type=\"text\" data-original-value=\"CESAR ISMAEL MART\u00cdN EHU\u00c1N, REPRESENTANTE PROPIETARIO DEL PARTIDO ACCI\u00d3N NACIONAL ANTE EL CONSEJO GENERAL DEL INSTITUTO ELECTORAL DEL ESTADO DE CAMPECHE Y PEDRO ESTRADA C\u00d3RDOVA, REPRESENTANTE PROPIETARIO DEL PARTIDO MOVIMIENTO CIUDADANO ANTE EL CONSEJO GENERAL DEL INSTITUTO ELECTORAL DEL ESTADO DE CAMPECHE\" data-order=\"CESAR ISMAEL MART\u00cdN EHU\u00c1N, REPRESENTANTE PROPIETARIO DEL PARTIDO ACCI\u00d3N NACIONAL ANTE EL CONSEJO GENERAL DEL INSTITUTO ELECTORAL DEL ESTADO DE CAMPECHE Y PEDRO ESTRADA C\u00d3RDOVA, REPRESENTANTE PROPIETARIO DEL PARTIDO MOVIMIENTO CIUDADANO ANTE EL CONSEJO GENERAL DEL INSTITUTO ELECTORAL DEL ESTADO DE CAMPECHE\" >CESAR ISMAEL MART\u00cdN EHU\u00c1N, REPRESENTANTE PROPIETARIO DEL PARTIDO ACCI\u00d3N NACIONAL ANTE EL CONSEJO GENERAL DEL INSTITUTO ELECTORAL DEL ESTADO DE CAMPECHE Y PEDRO ESTRADA C\u00d3RDOVA, REPRESENTANTE PROPIETARIO DEL PARTIDO MOVIMIENTO CIUDADANO ANTE EL CONSEJO GENERAL DEL INSTITUTO ELECTORAL DEL ESTADO DE CAMPECHE <\/td><td data-cell-id=\"C302\" data-x=\"2\" data-y=\"302\" data-db-index=\"302\" class=\"fsize-18\" data-cell-type=\"text\" data-original-value=\"CONSEJO GENERAL DEL INSTITUTO ELECTORAL DEL ESTADO DE CAMPECHE\" data-order=\"CONSEJO GENERAL DEL INSTITUTO ELECTORAL DEL ESTADO DE CAMPECHE\" >CONSEJO GENERAL DEL INSTITUTO ELECTORAL DEL ESTADO DE CAMPECHE <\/td><td data-cell-id=\"D302\" data-x=\"3\" data-y=\"302\" data-db-index=\"302\" class=\"fsize-18\" data-cell-type=\"text\" data-original-value=\"&lt;a href=&quot;https:\/\/teec.org.mx\/web\/wp-content\/uploads\/2023\/06\/TEEC-RAP-2-2023-y-acum.-12-06-2023.pdf&quot; target=&quot;_blank&quot;&gt;TEEC\/RAP\/2\/2023 Y SU ACUMULADO TEEC\/RAP\/3\/2023 (SE DEJA SIN EFECTO EL ACUERDO DE FECHA 7 DE JUNIO DE 2023 Y SE SOL. FECHA Y HORA PARA SESI\u00d3N)&lt;\/a&gt;\" data-order=\"&lt;a href=&quot;https:\/\/teec.org.mx\/web\/wp-content\/uploads\/2023\/06\/TEEC-RAP-2-2023-y-acum.-12-06-2023.pdf&quot; target=&quot;_blank&quot;&gt;TEEC\/RAP\/2\/2023 Y SU ACUMULADO TEEC\/RAP\/3\/2023 (SE DEJA SIN EFECTO EL ACUERDO DE FECHA 7 DE JUNIO DE 2023 Y SE SOL. FECHA Y HORA PARA SESI\u00d3N)&lt;\/a&gt;\" ><a href=\"https:\/\/teec.org.mx\/web\/wp-content\/uploads\/2023\/06\/TEEC-RAP-2-2023-y-acum.-12-06-2023.pdf\" target=\"_blank\">TEEC\/RAP\/2\/2023 Y SU ACUMULADO TEEC\/RAP\/3\/2023 (SE DEJA SIN EFECTO EL ACUERDO DE FECHA 7 DE JUNIO DE 2023 Y SE SOL. FECHA Y HORA PARA SESI\u00d3N)<\/a><\/td><\/tr><tr style=\"height:px\" ><td data-cell-id=\"A303\" data-x=\"0\" data-y=\"303\" data-db-index=\"303\" class=\"fsize-18\" data-cell-type=\"text\" data-original-value=\"09 DE JUNIO DE 2023, A LAS 14:05 HORAS\" data-order=\"09 DE JUNIO DE 2023, A LAS 14:05 HORAS\" >09 DE JUNIO DE 2023, A LAS 14:05 HORAS <\/td><td data-cell-id=\"B303\" data-x=\"1\" data-y=\"303\" data-db-index=\"303\" class=\"fsize-18\" data-cell-type=\"text\" data-original-value=\"MOVIMIENTO LABORISTA CAMPECHE A.C.\" data-order=\"MOVIMIENTO LABORISTA CAMPECHE A.C.\" >MOVIMIENTO LABORISTA CAMPECHE A.C. <\/td><td data-cell-id=\"C303\" data-x=\"2\" data-y=\"303\" data-db-index=\"303\" class=\"fsize-18\" data-cell-type=\"text\" data-original-value=\"CONSEJO GENERAL DEL INSTITUTO ELECTORAL DEL ESTADO DE CAMPECHE. (sic).\" data-order=\"CONSEJO GENERAL DEL INSTITUTO ELECTORAL DEL ESTADO DE CAMPECHE. (sic).\" >CONSEJO GENERAL DEL INSTITUTO ELECTORAL DEL ESTADO DE CAMPECHE. (sic). <\/td><td data-cell-id=\"D303\" data-x=\"3\" data-y=\"303\" data-db-index=\"303\" class=\"fsize-18\" data-cell-type=\"text\" data-original-value=\"&lt;a href=&quot;https:\/\/teec.org.mx\/web\/wp-content\/uploads\/2023\/06\/TEEC-RAP-8-2023-09-06-2023.pdf&quot; target=&quot;_blank&quot;&gt;TEEC\/RAP\/8\/2023 (TURNO)&lt;\/a&gt;\" data-order=\"&lt;a href=&quot;https:\/\/teec.org.mx\/web\/wp-content\/uploads\/2023\/06\/TEEC-RAP-8-2023-09-06-2023.pdf&quot; target=&quot;_blank&quot;&gt;TEEC\/RAP\/8\/2023 (TURNO)&lt;\/a&gt;\" ><a href=\"https:\/\/teec.org.mx\/web\/wp-content\/uploads\/2023\/06\/TEEC-RAP-8-2023-09-06-2023.pdf\" target=\"_blank\">TEEC\/RAP\/8\/2023 (TURNO)<\/a><\/td><\/tr><tr style=\"height:px\" ><td data-cell-id=\"A304\" data-x=\"0\" data-y=\"304\" data-db-index=\"304\" class=\"fsize-18\" data-cell-type=\"text\" data-original-value=\"08 DE JUNIO DE 2023, A LAS 13:20 HORAS\" data-order=\"08 DE JUNIO DE 2023, A LAS 13:20 HORAS\" >08 DE JUNIO DE 2023, A LAS 13:20 HORAS <\/td><td data-cell-id=\"B304\" data-x=\"1\" data-y=\"304\" data-db-index=\"304\" class=\"fsize-18\" data-cell-type=\"text\" data-original-value=\"C\u00c9SAR ISMAEL MART\u00cdN EHU\u00c1N, QUIEN SE OSTENTA COMO REPRESENTANTE PROPIETARIO DEL PARTIDO ACCI\u00d3N NACIONAL ANTE EL CONSEJO GENERAL DEL INSTITUTO ELECTORAL DEL ESTADO DE CAMPECHE\" data-order=\"C\u00c9SAR ISMAEL MART\u00cdN EHU\u00c1N, QUIEN SE OSTENTA COMO REPRESENTANTE PROPIETARIO DEL PARTIDO ACCI\u00d3N NACIONAL ANTE EL CONSEJO GENERAL DEL INSTITUTO ELECTORAL DEL ESTADO DE CAMPECHE\" >C\u00c9SAR ISMAEL MART\u00cdN EHU\u00c1N, QUIEN SE OSTENTA COMO REPRESENTANTE PROPIETARIO DEL PARTIDO ACCI\u00d3N NACIONAL ANTE EL CONSEJO GENERAL DEL INSTITUTO ELECTORAL DEL ESTADO DE CAMPECHE <\/td><td data-cell-id=\"C304\" data-x=\"2\" data-y=\"304\" data-db-index=\"304\" class=\"fsize-18\" data-cell-type=\"text\" data-original-value=\"CONSEJO GENERAL EJECUTIVA DEL INSTITUTO ELECTORAL DEL ESTADO DE CAMPECHE\" data-order=\"CONSEJO GENERAL EJECUTIVA DEL INSTITUTO ELECTORAL DEL ESTADO DE CAMPECHE\" >CONSEJO GENERAL EJECUTIVA DEL INSTITUTO ELECTORAL DEL ESTADO DE CAMPECHE <\/td><td data-cell-id=\"D304\" data-x=\"3\" data-y=\"304\" data-db-index=\"304\" class=\"fsize-18\" data-cell-type=\"text\" data-original-value=\"&lt;a href=&quot;https:\/\/teec.org.mx\/web\/wp-content\/uploads\/2023\/06\/TEEC-RAP-6-2023-08-06-2023.pdf&quot; target=&quot;_blank&quot;&gt;TEEC\/RAP\/6\/2023 (ACUERDO SE DEJA SIN EFECTO LA SESI\u00d3N P\u00daBLICA Y SE ADMITE RECURSO DE APELACI\u00d3N)&lt;\/a&gt;\" data-order=\"&lt;a href=&quot;https:\/\/teec.org.mx\/web\/wp-content\/uploads\/2023\/06\/TEEC-RAP-6-2023-08-06-2023.pdf&quot; target=&quot;_blank&quot;&gt;TEEC\/RAP\/6\/2023 (ACUERDO SE DEJA SIN EFECTO LA SESI\u00d3N P\u00daBLICA Y SE ADMITE RECURSO DE APELACI\u00d3N)&lt;\/a&gt;\" ><a href=\"https:\/\/teec.org.mx\/web\/wp-content\/uploads\/2023\/06\/TEEC-RAP-6-2023-08-06-2023.pdf\" target=\"_blank\">TEEC\/RAP\/6\/2023 (ACUERDO SE DEJA SIN EFECTO LA SESI\u00d3N P\u00daBLICA Y SE ADMITE RECURSO DE APELACI\u00d3N)<\/a><\/td><\/tr><tr style=\"height:px\" ><td data-cell-id=\"A305\" data-x=\"0\" data-y=\"305\" data-db-index=\"305\" class=\"fsize-18\" data-cell-type=\"text\" data-original-value=\"08 DE JUNIO DE 2023, A LAS 12:10 HORAS\" data-order=\"08 DE JUNIO DE 2023, A LAS 12:10 HORAS\" >08 DE JUNIO DE 2023, A LAS 12:10 HORAS <\/td><td data-cell-id=\"B305\" data-x=\"1\" data-y=\"305\" data-db-index=\"305\" class=\"fsize-18\" data-cell-type=\"text\" data-original-value=\"MARCO ANTONIO S\u00c1NCHEZ ABNAAL Y EFRAIN CABALLERO SANDOVAL, REPRESENTANTES LEGALES DE LA ORGANIZACI\u00d3N DE CIUDADANOS DENOMINADA \u201cESPACIO DEMOCR\u00c1TICO DE CAMPECHE A.C.\u201d \" data-order=\"MARCO ANTONIO S\u00c1NCHEZ ABNAAL Y EFRAIN CABALLERO SANDOVAL, REPRESENTANTES LEGALES DE LA ORGANIZACI\u00d3N DE CIUDADANOS DENOMINADA \u201cESPACIO DEMOCR\u00c1TICO DE CAMPECHE A.C.\u201d \" >MARCO ANTONIO S\u00c1NCHEZ ABNAAL Y EFRAIN CABALLERO SANDOVAL, REPRESENTANTES LEGALES DE LA ORGANIZACI\u00d3N DE CIUDADANOS DENOMINADA \u201cESPACIO DEMOCR\u00c1TICO DE CAMPECHE A.C.\u201d <\/td><td data-cell-id=\"C305\" data-x=\"2\" data-y=\"305\" data-db-index=\"305\" class=\"fsize-18\" data-cell-type=\"text\" data-original-value=\"CONSEJO GENERAL Y COMISI\u00d3N DE ORGANIZACI\u00d3N ELECTORAL, PARTIDOS Y AGRUPACIONES POL\u00cdTICAS DEL INSTITUTO ELECTORAL DEL ESTADO DE CAMPECHE\" data-order=\"CONSEJO GENERAL Y COMISI\u00d3N DE ORGANIZACI\u00d3N ELECTORAL, PARTIDOS Y AGRUPACIONES POL\u00cdTICAS DEL INSTITUTO ELECTORAL DEL ESTADO DE CAMPECHE\" >CONSEJO GENERAL Y COMISI\u00d3N DE ORGANIZACI\u00d3N ELECTORAL, PARTIDOS Y AGRUPACIONES POL\u00cdTICAS DEL INSTITUTO ELECTORAL DEL ESTADO DE CAMPECHE <\/td><td data-cell-id=\"D305\" data-x=\"3\" data-y=\"305\" data-db-index=\"305\" class=\"fsize-18\" data-cell-type=\"text\" data-original-value=\"&lt;a href=&quot;https:\/\/teec.org.mx\/web\/wp-content\/uploads\/2023\/06\/TEEC-RAP-7-2023-08-06-2023.pdf&quot; target=&quot;_blank&quot;&gt;TEEC\/RAP\/7\/2023 (ACUERDO DE RECEPCI\u00d3N Y RADICACI\u00d3N)&lt;\/a&gt;\" data-order=\"&lt;a href=&quot;https:\/\/teec.org.mx\/web\/wp-content\/uploads\/2023\/06\/TEEC-RAP-7-2023-08-06-2023.pdf&quot; target=&quot;_blank&quot;&gt;TEEC\/RAP\/7\/2023 (ACUERDO DE RECEPCI\u00d3N Y RADICACI\u00d3N)&lt;\/a&gt;\" ><a href=\"https:\/\/teec.org.mx\/web\/wp-content\/uploads\/2023\/06\/TEEC-RAP-7-2023-08-06-2023.pdf\" target=\"_blank\">TEEC\/RAP\/7\/2023 (ACUERDO DE RECEPCI\u00d3N Y RADICACI\u00d3N)<\/a><\/td><\/tr><tr style=\"height:px\" ><td data-cell-id=\"A306\" data-x=\"0\" data-y=\"306\" data-db-index=\"306\" class=\"fsize-18\" data-cell-type=\"text\" data-original-value=\"07 DE JUNIO DE 2023, A LAS 13:15 HORAS\" data-order=\"07 DE JUNIO DE 2023, A LAS 13:15 HORAS\" >07 DE JUNIO DE 2023, A LAS 13:15 HORAS <\/td><td data-cell-id=\"B306\" data-x=\"1\" data-y=\"306\" data-db-index=\"306\" class=\"fsize-18\" data-cell-type=\"text\" data-original-value=\"C\u00c9SAR ISMAEL MART\u00cdN EHU\u00c1N, QUIEN SE OSTENTA COMO REPRESENTANTE PROPIETARIO DEL PARTIDO ACCI\u00d3N NACIONAL ANTE EL CONSEJO GENERAL DEL INSTITUTO ELECTORAL DEL ESTADO DE CAMPECHE\" data-order=\"C\u00c9SAR ISMAEL MART\u00cdN EHU\u00c1N, QUIEN SE OSTENTA COMO REPRESENTANTE PROPIETARIO DEL PARTIDO ACCI\u00d3N NACIONAL ANTE EL CONSEJO GENERAL DEL INSTITUTO ELECTORAL DEL ESTADO DE CAMPECHE\" >C\u00c9SAR ISMAEL MART\u00cdN EHU\u00c1N, QUIEN SE OSTENTA COMO REPRESENTANTE PROPIETARIO DEL PARTIDO ACCI\u00d3N NACIONAL ANTE EL CONSEJO GENERAL DEL INSTITUTO ELECTORAL DEL ESTADO DE CAMPECHE <\/td><td data-cell-id=\"C306\" data-x=\"2\" data-y=\"306\" data-db-index=\"306\" class=\"fsize-18\" data-cell-type=\"text\" data-original-value=\"CONSEJO GENERAL EJECUTIVA DEL INSTITUTO ELECTORAL DEL ESTADO DE CAMPECH\" data-order=\"CONSEJO GENERAL EJECUTIVA DEL INSTITUTO ELECTORAL DEL ESTADO DE CAMPECH\" >CONSEJO GENERAL EJECUTIVA DEL INSTITUTO ELECTORAL DEL ESTADO DE CAMPECH <\/td><td data-cell-id=\"D306\" data-x=\"3\" data-y=\"306\" data-db-index=\"306\" class=\"fsize-18\" data-cell-type=\"text\" data-original-value=\"&lt;a href=&quot;https:\/\/teec.org.mx\/web\/wp-content\/uploads\/2023\/06\/TEEC-RAP-6-2023-2do-acu.-07-06-2023.pdf&quot; target=&quot;_blank&quot;&gt;TEEC\/RAP\/6\/2023 (ACUERDO SE FIJA FECHA Y HORA PARA SESI\u00d3N)&lt;\/a&gt;\" data-order=\"&lt;a href=&quot;https:\/\/teec.org.mx\/web\/wp-content\/uploads\/2023\/06\/TEEC-RAP-6-2023-2do-acu.-07-06-2023.pdf&quot; target=&quot;_blank&quot;&gt;TEEC\/RAP\/6\/2023 (ACUERDO SE FIJA FECHA Y HORA PARA SESI\u00d3N)&lt;\/a&gt;\" ><a href=\"https:\/\/teec.org.mx\/web\/wp-content\/uploads\/2023\/06\/TEEC-RAP-6-2023-2do-acu.-07-06-2023.pdf\" target=\"_blank\">TEEC\/RAP\/6\/2023 (ACUERDO SE FIJA FECHA Y HORA PARA SESI\u00d3N)<\/a><\/td><\/tr><tr style=\"height:px\" ><td data-cell-id=\"A307\" data-x=\"0\" data-y=\"307\" data-db-index=\"307\" class=\"fsize-18\" data-cell-type=\"text\" data-original-value=\"07 DE JUNIO DE 2023, A LAS 12:00 HORAS\" data-order=\"07 DE JUNIO DE 2023, A LAS 12:00 HORAS\" >07 DE JUNIO DE 2023, A LAS 12:00 HORAS <\/td><td data-cell-id=\"B307\" data-x=\"1\" data-y=\"307\" data-db-index=\"307\" class=\"fsize-18\" data-cell-type=\"text\" data-original-value=\"PEDRO ESTRADA C\u00d3RDOVA\" data-order=\"PEDRO ESTRADA C\u00d3RDOVA\" >PEDRO ESTRADA C\u00d3RDOVA <\/td><td data-cell-id=\"C307\" data-x=\"2\" data-y=\"307\" data-db-index=\"307\" class=\"fsize-18\" data-cell-type=\"text\" data-original-value=\"TRIBUNAL ELECTORAL DEL ESTADO DE CAMPECHE\" data-order=\"TRIBUNAL ELECTORAL DEL ESTADO DE CAMPECHE\" >TRIBUNAL ELECTORAL DEL ESTADO DE CAMPECHE <\/td><td data-cell-id=\"D307\" data-x=\"3\" data-y=\"307\" data-db-index=\"307\" class=\"fsize-18\" data-cell-type=\"text\" data-original-value=\"&lt;a href=&quot;https:\/\/teec.org.mx\/web\/wp-content\/uploads\/2023\/06\/TEEC-RAP-4-2023-y-acum.-07-06-2023.pdf&quot; target=&quot;_blank&quot;&gt;TEEC\/RAP\/4\/2023 Y SU ACUMULADO TEEC\/RAP\/5\/2023 (SE COMUNICA C\u00c9DULA DE RETIRO Y COMPARECENCIA DE TERCERO INTERESADO)&lt;\/a&gt;\" data-order=\"&lt;a href=&quot;https:\/\/teec.org.mx\/web\/wp-content\/uploads\/2023\/06\/TEEC-RAP-4-2023-y-acum.-07-06-2023.pdf&quot; target=&quot;_blank&quot;&gt;TEEC\/RAP\/4\/2023 Y SU ACUMULADO TEEC\/RAP\/5\/2023 (SE COMUNICA C\u00c9DULA DE RETIRO Y COMPARECENCIA DE TERCERO INTERESADO)&lt;\/a&gt;\" ><a href=\"https:\/\/teec.org.mx\/web\/wp-content\/uploads\/2023\/06\/TEEC-RAP-4-2023-y-acum.-07-06-2023.pdf\" target=\"_blank\">TEEC\/RAP\/4\/2023 Y SU ACUMULADO TEEC\/RAP\/5\/2023 (SE COMUNICA C\u00c9DULA DE RETIRO Y COMPARECENCIA DE TERCERO INTERESADO)<\/a><\/td><\/tr><tr style=\"height:px\" ><td data-cell-id=\"A308\" data-x=\"0\" data-y=\"308\" data-db-index=\"308\" class=\"fsize-18\" data-cell-type=\"text\" data-original-value=\"07 DE JUNIO DE 2023, A LAS 11:35 HORAS\" data-order=\"07 DE JUNIO DE 2023, A LAS 11:35 HORAS\" >07 DE JUNIO DE 2023, A LAS 11:35 HORAS <\/td><td data-cell-id=\"B308\" data-x=\"1\" data-y=\"308\" data-db-index=\"308\" class=\"fsize-18\" data-cell-type=\"text\" data-original-value=\"C\u00c9SAR ISMAEL MART\u00cdN EHU\u00c1N, QUIEN SE OSTENTA COMO REPRESENTANTE PROPIETARIO DEL PARTIDO ACCI\u00d3N NACIONAL ANTE EL CONSEJO GENERAL DEL INSTITUTO ELECTORAL DEL ESTADO DE CAMPECHE\" data-order=\"C\u00c9SAR ISMAEL MART\u00cdN EHU\u00c1N, QUIEN SE OSTENTA COMO REPRESENTANTE PROPIETARIO DEL PARTIDO ACCI\u00d3N NACIONAL ANTE EL CONSEJO GENERAL DEL INSTITUTO ELECTORAL DEL ESTADO DE CAMPECHE\" >C\u00c9SAR ISMAEL MART\u00cdN EHU\u00c1N, QUIEN SE OSTENTA COMO REPRESENTANTE PROPIETARIO DEL PARTIDO ACCI\u00d3N NACIONAL ANTE EL CONSEJO GENERAL DEL INSTITUTO ELECTORAL DEL ESTADO DE CAMPECHE <\/td><td data-cell-id=\"C308\" data-x=\"2\" data-y=\"308\" data-db-index=\"308\" class=\"fsize-18\" data-cell-type=\"text\" data-original-value=\"CONSEJO GENERAL EJECUTIVA DEL INSTITUTO ELECTORAL DEL ESTADO DE CAMPECHE\" data-order=\"CONSEJO GENERAL EJECUTIVA DEL INSTITUTO ELECTORAL DEL ESTADO DE CAMPECHE\" >CONSEJO GENERAL EJECUTIVA DEL INSTITUTO ELECTORAL DEL ESTADO DE CAMPECHE <\/td><td data-cell-id=\"D308\" data-x=\"3\" data-y=\"308\" data-db-index=\"308\" class=\"fsize-18\" data-cell-type=\"text\" data-original-value=\"&lt;a href=&quot;https:\/\/teec.org.mx\/web\/wp-content\/uploads\/2023\/06\/TEEC-RAP-6-2023-07-06-2023.pdf&quot; target=&quot;_blank&quot;&gt;TEEC\/RAP\/6\/2023 (ACUERDO DE SOLICITUD DE FECHA Y HORA PARA SESI\u00d3N)&lt;\/a&gt;\" data-order=\"&lt;a href=&quot;https:\/\/teec.org.mx\/web\/wp-content\/uploads\/2023\/06\/TEEC-RAP-6-2023-07-06-2023.pdf&quot; target=&quot;_blank&quot;&gt;TEEC\/RAP\/6\/2023 (ACUERDO DE SOLICITUD DE FECHA Y HORA PARA SESI\u00d3N)&lt;\/a&gt;\" ><a href=\"https:\/\/teec.org.mx\/web\/wp-content\/uploads\/2023\/06\/TEEC-RAP-6-2023-07-06-2023.pdf\" target=\"_blank\">TEEC\/RAP\/6\/2023 (ACUERDO DE SOLICITUD DE FECHA Y HORA PARA SESI\u00d3N)<\/a><\/td><\/tr><tr style=\"height:px\" ><td data-cell-id=\"A309\" data-x=\"0\" data-y=\"309\" data-db-index=\"309\" class=\"fsize-18\" data-cell-type=\"text\" data-original-value=\"07 DE JUNIO DE 2023, A LAS 10:30 HORAS\" data-order=\"07 DE JUNIO DE 2023, A LAS 10:30 HORAS\" >07 DE JUNIO DE 2023, A LAS 10:30 HORAS <\/td><td data-cell-id=\"B309\" data-x=\"1\" data-y=\"309\" data-db-index=\"309\" class=\"fsize-18\" data-cell-type=\"text\" data-original-value=\"CESAR ISMAEL MART\u00cdN EHU\u00c1N, REPRESENTANTE PROPIETARIO DEL PARTIDO ACCI\u00d3N NACIONAL ANTE EL CONSEJO GENERAL DEL INSTITUTO ELECTORAL DEL ESTADO DE CAMPECHE Y PEDRO ESTRADA C\u00d3RDOVA, REPRESENTANTE PROPIETARIO DEL PARTIDO MOVIMIENTO CIUDADANO ANTE EL CONSEJO GENERAL DEL INSTITUTO ELECTORAL DEL ESTADO DE CAMPECHE\" data-order=\"CESAR ISMAEL MART\u00cdN EHU\u00c1N, REPRESENTANTE PROPIETARIO DEL PARTIDO ACCI\u00d3N NACIONAL ANTE EL CONSEJO GENERAL DEL INSTITUTO ELECTORAL DEL ESTADO DE CAMPECHE Y PEDRO ESTRADA C\u00d3RDOVA, REPRESENTANTE PROPIETARIO DEL PARTIDO MOVIMIENTO CIUDADANO ANTE EL CONSEJO GENERAL DEL INSTITUTO ELECTORAL DEL ESTADO DE CAMPECHE\" >CESAR ISMAEL MART\u00cdN EHU\u00c1N, REPRESENTANTE PROPIETARIO DEL PARTIDO ACCI\u00d3N NACIONAL ANTE EL CONSEJO GENERAL DEL INSTITUTO ELECTORAL DEL ESTADO DE CAMPECHE Y PEDRO ESTRADA C\u00d3RDOVA, REPRESENTANTE PROPIETARIO DEL PARTIDO MOVIMIENTO CIUDADANO ANTE EL CONSEJO GENERAL DEL INSTITUTO ELECTORAL DEL ESTADO DE CAMPECHE <\/td><td data-cell-id=\"C309\" data-x=\"2\" data-y=\"309\" data-db-index=\"309\" class=\"fsize-18\" data-cell-type=\"text\" data-original-value=\"CONSEJO GENERAL DEL INSTITUTO ELECTORAL DEL ESTADO DE CAMPECHE\" data-order=\"CONSEJO GENERAL DEL INSTITUTO ELECTORAL DEL ESTADO DE CAMPECHE\" >CONSEJO GENERAL DEL INSTITUTO ELECTORAL DEL ESTADO DE CAMPECHE <\/td><td data-cell-id=\"D309\" data-x=\"3\" data-y=\"309\" data-db-index=\"309\" class=\"fsize-18\" data-cell-type=\"text\" data-original-value=\"&lt;a href=&quot;https:\/\/teec.org.mx\/web\/wp-content\/uploads\/2023\/06\/TEEC-RAP-2-2023-y-acum.-07-06-2023.pdf&quot; target=&quot;_blank&quot;&gt;TEEC\/RAP\/2\/2023 Y SU ACUMULADO TEEC\/RAP\/3\/2023 (DILIGENCIA PARA MEJOR PROVEER)&lt;\/a&gt;\" data-order=\"&lt;a href=&quot;https:\/\/teec.org.mx\/web\/wp-content\/uploads\/2023\/06\/TEEC-RAP-2-2023-y-acum.-07-06-2023.pdf&quot; target=&quot;_blank&quot;&gt;TEEC\/RAP\/2\/2023 Y SU ACUMULADO TEEC\/RAP\/3\/2023 (DILIGENCIA PARA MEJOR PROVEER)&lt;\/a&gt;\" ><a href=\"https:\/\/teec.org.mx\/web\/wp-content\/uploads\/2023\/06\/TEEC-RAP-2-2023-y-acum.-07-06-2023.pdf\" target=\"_blank\">TEEC\/RAP\/2\/2023 Y SU ACUMULADO TEEC\/RAP\/3\/2023 (DILIGENCIA PARA MEJOR PROVEER)<\/a><\/td><\/tr><tr style=\"height:px\" ><td data-cell-id=\"A310\" data-x=\"0\" data-y=\"310\" data-db-index=\"310\" class=\"fsize-18\" data-cell-type=\"text\" data-original-value=\"06 DE JUNIO DE 2023, A LAS 13:50 HORAS\" data-order=\"06 DE JUNIO DE 2023, A LAS 13:50 HORAS\" >06 DE JUNIO DE 2023, A LAS 13:50 HORAS <\/td><td data-cell-id=\"B310\" data-x=\"1\" data-y=\"310\" data-db-index=\"310\" class=\"fsize-18\" data-cell-type=\"text\" data-original-value=\"MARCO ANTONIO S\u00c1NCHEZ ABNAAL Y EFRAIN CABALLERO SANDOVAL REPRESENTANTES LEGALES DE LA ORGANIZACI\u00d3N DE CIUDADANOS DENOMINADA ESPACIO DEMOCR\u00c1TICO DE CAMPECHE A.C. \" data-order=\"MARCO ANTONIO S\u00c1NCHEZ ABNAAL Y EFRAIN CABALLERO SANDOVAL REPRESENTANTES LEGALES DE LA ORGANIZACI\u00d3N DE CIUDADANOS DENOMINADA ESPACIO DEMOCR\u00c1TICO DE CAMPECHE A.C. \" >MARCO ANTONIO S\u00c1NCHEZ ABNAAL Y EFRAIN CABALLERO SANDOVAL REPRESENTANTES LEGALES DE LA ORGANIZACI\u00d3N DE CIUDADANOS DENOMINADA ESPACIO DEMOCR\u00c1TICO DE CAMPECHE A.C. <\/td><td data-cell-id=\"C310\" data-x=\"2\" data-y=\"310\" data-db-index=\"310\" class=\"fsize-18\" data-cell-type=\"text\" data-original-value=\"CONSEJO GENERAL Y COMISI\u00d3N DE ORGANIZACI\u00d3N ELECTORAL, PARTIDOS Y AGRUPACIONES POL\u00cdTICAS DE ESTE INSTITUTO\" data-order=\"CONSEJO GENERAL Y COMISI\u00d3N DE ORGANIZACI\u00d3N ELECTORAL, PARTIDOS Y AGRUPACIONES POL\u00cdTICAS DE ESTE INSTITUTO\" >CONSEJO GENERAL Y COMISI\u00d3N DE ORGANIZACI\u00d3N ELECTORAL, PARTIDOS Y AGRUPACIONES POL\u00cdTICAS DE ESTE INSTITUTO <\/td><td data-cell-id=\"D310\" data-x=\"3\" data-y=\"310\" data-db-index=\"310\" class=\"fsize-18\" data-cell-type=\"text\" data-original-value=\"&lt;a href=&quot;https:\/\/teec.org.mx\/web\/wp-content\/uploads\/2023\/06\/TEEC-RAP-7-2023-06-06-2023.pdf&quot; target=&quot;_blank&quot;&gt;TEEC\/RAP\/7\/2023 (TURNO)&lt;\/a&gt;\" data-order=\"&lt;a href=&quot;https:\/\/teec.org.mx\/web\/wp-content\/uploads\/2023\/06\/TEEC-RAP-7-2023-06-06-2023.pdf&quot; target=&quot;_blank&quot;&gt;TEEC\/RAP\/7\/2023 (TURNO)&lt;\/a&gt;\" ><a href=\"https:\/\/teec.org.mx\/web\/wp-content\/uploads\/2023\/06\/TEEC-RAP-7-2023-06-06-2023.pdf\" target=\"_blank\">TEEC\/RAP\/7\/2023 (TURNO)<\/a><\/td><\/tr><tr style=\"height:px\" ><td data-cell-id=\"A311\" data-x=\"0\" data-y=\"311\" data-db-index=\"311\" class=\"fsize-18\" data-cell-type=\"text\" data-original-value=\"02 DE JUNIO DE 2023, A LAS 11:10 HORAS\" data-order=\"02 DE JUNIO DE 2023, A LAS 11:10 HORAS\" >02 DE JUNIO DE 2023, A LAS 11:10 HORAS <\/td><td data-cell-id=\"B311\" data-x=\"1\" data-y=\"311\" data-db-index=\"311\" class=\"fsize-18\" data-cell-type=\"text\" data-original-value=\"PEDRO ESTRADA C\u00d3RDOVA\" data-order=\"PEDRO ESTRADA C\u00d3RDOVA\" >PEDRO ESTRADA C\u00d3RDOVA <\/td><td data-cell-id=\"C311\" data-x=\"2\" data-y=\"311\" data-db-index=\"311\" class=\"fsize-18\" data-cell-type=\"text\" data-original-value=\"TRIBUNAL ELECTORAL DEL ESTADO DE CAMPECHE\" data-order=\"TRIBUNAL ELECTORAL DEL ESTADO DE CAMPECHE\" >TRIBUNAL ELECTORAL DEL ESTADO DE CAMPECHE <\/td><td data-cell-id=\"D311\" data-x=\"3\" data-y=\"311\" data-db-index=\"311\" class=\"fsize-18\" data-cell-type=\"text\" data-original-value=\"&lt;a href=&quot;https:\/\/teec.org.mx\/web\/wp-content\/uploads\/2023\/06\/TEEC-RAP-4-2023-y-acum.-02-06-2023.pdf&quot; target=&quot;_blank&quot;&gt;TEEC\/RAP\/4\/2023 Y SU ACUMULADO TEEC\/RAP\/5\/2023 (SE DA TR\u00c1MITE A MEDIO DE IMPUGNACI\u00d3N FEDERAL)&lt;\/a&gt;\" data-order=\"&lt;a href=&quot;https:\/\/teec.org.mx\/web\/wp-content\/uploads\/2023\/06\/TEEC-RAP-4-2023-y-acum.-02-06-2023.pdf&quot; target=&quot;_blank&quot;&gt;TEEC\/RAP\/4\/2023 Y SU ACUMULADO TEEC\/RAP\/5\/2023 (SE DA TR\u00c1MITE A MEDIO DE IMPUGNACI\u00d3N FEDERAL)&lt;\/a&gt;\" ><a href=\"https:\/\/teec.org.mx\/web\/wp-content\/uploads\/2023\/06\/TEEC-RAP-4-2023-y-acum.-02-06-2023.pdf\" target=\"_blank\">TEEC\/RAP\/4\/2023 Y SU ACUMULADO TEEC\/RAP\/5\/2023 (SE DA TR\u00c1MITE A MEDIO DE IMPUGNACI\u00d3N FEDERAL)<\/a><\/td><\/tr><tr style=\"height:px\" ><td data-cell-id=\"A312\" data-x=\"0\" data-y=\"312\" data-db-index=\"312\" class=\"fsize-18\" data-cell-type=\"text\" data-original-value=\"30 DE MAYO DE 2023, A LAS 13:36 HORAS\" data-order=\"30 DE MAYO DE 2023, A LAS 13:36 HORAS\" >30 DE MAYO DE 2023, A LAS 13:36 HORAS <\/td><td data-cell-id=\"B312\" data-x=\"1\" data-y=\"312\" data-db-index=\"312\" class=\"fsize-18\" data-cell-type=\"text\" data-original-value=\"C\u00c9SAR ISMAEL MART\u00cdN EHU\u00c1N, REPRESENTANTE PROPIETARIO DEL PARTIDO ACCI\u00d3N NACIONAL ANTE EL CONSEJO GENERAL DEL INSTITUTO ELECTORAL DEL ESTADO DE CAMPECHE\" data-order=\"C\u00c9SAR ISMAEL MART\u00cdN EHU\u00c1N, REPRESENTANTE PROPIETARIO DEL PARTIDO ACCI\u00d3N NACIONAL ANTE EL CONSEJO GENERAL DEL INSTITUTO ELECTORAL DEL ESTADO DE CAMPECHE\" >C\u00c9SAR ISMAEL MART\u00cdN EHU\u00c1N, REPRESENTANTE PROPIETARIO DEL PARTIDO ACCI\u00d3N NACIONAL ANTE EL CONSEJO GENERAL DEL INSTITUTO ELECTORAL DEL ESTADO DE CAMPECHE <\/td><td data-cell-id=\"C312\" data-x=\"2\" data-y=\"312\" data-db-index=\"312\" class=\"fsize-18\" data-cell-type=\"text\" data-original-value=\"CONSEJO GENERAL DEL INSTITUTO ELECTORAL DEL ESTADO DE CAMPECHE\" data-order=\"CONSEJO GENERAL DEL INSTITUTO ELECTORAL DEL ESTADO DE CAMPECHE\" >CONSEJO GENERAL DEL INSTITUTO ELECTORAL DEL ESTADO DE CAMPECHE <\/td><td data-cell-id=\"D312\" data-x=\"3\" data-y=\"312\" data-db-index=\"312\" class=\"fsize-18\" data-cell-type=\"text\" data-original-value=\"&lt;a href=&quot;https:\/\/teec.org.mx\/web\/wp-content\/uploads\/2023\/05\/TEEC-RAP-6-2023-30-05-2023.pdf&quot; target=&quot;_blank&quot;&gt;TEEC\/RAP\/6\/2023 (ACUERDO DE RECEPCI\u00d3N, RADICACI\u00d3N Y ACUMULACI\u00d3N)&lt;\/a&gt;\" data-order=\"&lt;a href=&quot;https:\/\/teec.org.mx\/web\/wp-content\/uploads\/2023\/05\/TEEC-RAP-6-2023-30-05-2023.pdf&quot; target=&quot;_blank&quot;&gt;TEEC\/RAP\/6\/2023 (ACUERDO DE RECEPCI\u00d3N, RADICACI\u00d3N Y ACUMULACI\u00d3N)&lt;\/a&gt;\" ><a href=\"https:\/\/teec.org.mx\/web\/wp-content\/uploads\/2023\/05\/TEEC-RAP-6-2023-30-05-2023.pdf\" target=\"_blank\">TEEC\/RAP\/6\/2023 (ACUERDO DE RECEPCI\u00d3N, RADICACI\u00d3N Y ACUMULACI\u00d3N)<\/a><\/td><\/tr><tr style=\"height:px\" ><td data-cell-id=\"A313\" data-x=\"0\" data-y=\"313\" data-db-index=\"313\" class=\"fsize-18\" data-cell-type=\"text\" data-original-value=\"29 DE MAYO DE 2023, A LAS 9:30 HORAS\" data-order=\"29 DE MAYO DE 2023, A LAS 9:30 HORAS\" >29 DE MAYO DE 2023, A LAS 9:30 HORAS <\/td><td data-cell-id=\"B313\" data-x=\"1\" data-y=\"313\" data-db-index=\"313\" class=\"fsize-18\" data-cell-type=\"text\" data-original-value=\"C\u00c9SAR ISMAEL MART\u00cdN EHU\u00c1N EN REPRESENTACI\u00d3N DEL PARTIDO ACCI\u00d3N NACIONAL\" data-order=\"C\u00c9SAR ISMAEL MART\u00cdN EHU\u00c1N EN REPRESENTACI\u00d3N DEL PARTIDO ACCI\u00d3N NACIONAL\" >C\u00c9SAR ISMAEL MART\u00cdN EHU\u00c1N EN REPRESENTACI\u00d3N DEL PARTIDO ACCI\u00d3N NACIONAL <\/td><td data-cell-id=\"C313\" data-x=\"2\" data-y=\"313\" data-db-index=\"313\" class=\"fsize-18\" data-cell-type=\"text\" data-original-value=\"CONSEJO GENERAL EJECUTIVA DEL INSTITUTO ELECTORAL DEL ESTADO DE CAMPECHE\" data-order=\"CONSEJO GENERAL EJECUTIVA DEL INSTITUTO ELECTORAL DEL ESTADO DE CAMPECHE\" >CONSEJO GENERAL EJECUTIVA DEL INSTITUTO ELECTORAL DEL ESTADO DE CAMPECHE <\/td><td data-cell-id=\"D313\" data-x=\"3\" data-y=\"313\" data-db-index=\"313\" class=\"fsize-18\" data-cell-type=\"text\" data-original-value=\"&lt;a href=&quot;https:\/\/teec.org.mx\/web\/wp-content\/uploads\/2023\/05\/TEEC-RAP-6-2023-29-05-2023.pdf&quot; target=&quot;_blank&quot;&gt;TEEC\/RAP\/6\/2023 (ACUERDO SE TURNA DOCUMENTACI\u00d3N)&lt;\/a&gt;\" data-order=\"&lt;a href=&quot;https:\/\/teec.org.mx\/web\/wp-content\/uploads\/2023\/05\/TEEC-RAP-6-2023-29-05-2023.pdf&quot; target=&quot;_blank&quot;&gt;TEEC\/RAP\/6\/2023 (ACUERDO SE TURNA DOCUMENTACI\u00d3N)&lt;\/a&gt;\" ><a href=\"https:\/\/teec.org.mx\/web\/wp-content\/uploads\/2023\/05\/TEEC-RAP-6-2023-29-05-2023.pdf\" target=\"_blank\">TEEC\/RAP\/6\/2023 (ACUERDO SE TURNA DOCUMENTACI\u00d3N)<\/a><\/td><\/tr><tr style=\"height:px\" ><td data-cell-id=\"A314\" data-x=\"0\" data-y=\"314\" data-db-index=\"314\" class=\"fsize-18\" data-cell-type=\"text\" data-original-value=\"26 DE MAYO DE 2023, A LAS 14:05 HORAS\" data-order=\"26 DE MAYO DE 2023, A LAS 14:05 HORAS\" >26 DE MAYO DE 2023, A LAS 14:05 HORAS <\/td><td data-cell-id=\"B314\" data-x=\"1\" data-y=\"314\" data-db-index=\"314\" class=\"fsize-18\" data-cell-type=\"text\" data-original-value=\"ALEX ABRAHAM NAAL QUINTAL, EN SU CALIDAD DE REPRESENTANTE SUPLENTE ANTE EL CONSEJO GENERAL DEL INSTITUTO ELECTORAL DEL ESTADO DE CAMPECHE DEL PARTIDO POLITICO MOVIMIENTO CIUDADANO Y DATO PROTEGIDO\" data-order=\"ALEX ABRAHAM NAAL QUINTAL, EN SU CALIDAD DE REPRESENTANTE SUPLENTE ANTE EL CONSEJO GENERAL DEL INSTITUTO ELECTORAL DEL ESTADO DE CAMPECHE DEL PARTIDO POLITICO MOVIMIENTO CIUDADANO Y DATO PROTEGIDO\" >ALEX ABRAHAM NAAL QUINTAL, EN SU CALIDAD DE REPRESENTANTE SUPLENTE ANTE EL CONSEJO GENERAL DEL INSTITUTO ELECTORAL DEL ESTADO DE CAMPECHE DEL PARTIDO POLITICO MOVIMIENTO CIUDADANO Y DATO PROTEGIDO <\/td><td data-cell-id=\"C314\" data-x=\"2\" data-y=\"314\" data-db-index=\"314\" class=\"fsize-18\" data-cell-type=\"text\" data-original-value=\"JUNTA GENERAL EJECUTIVA DEL INSTITUTO ELECTORAL DEL ESTADO DE CAMPECHE\" data-order=\"JUNTA GENERAL EJECUTIVA DEL INSTITUTO ELECTORAL DEL ESTADO DE CAMPECHE\" >JUNTA GENERAL EJECUTIVA DEL INSTITUTO ELECTORAL DEL ESTADO DE CAMPECHE <\/td><td data-cell-id=\"D314\" data-x=\"3\" data-y=\"314\" data-db-index=\"314\" class=\"fsize-18\" data-cell-type=\"text\" data-original-value=\"&lt;a href=&quot;https:\/\/teec.org.mx\/web\/wp-content\/uploads\/2023\/05\/TEEC-RAP-4-2023-y-acum.-sentencia-26-05-2023.pdf&quot; target=&quot;_blank&quot;&gt;TEEC\/RAP\/4\/2023 Y SU ACUMULADO TEEC\/RAP\/5\/2023 (SENTENCIA)&lt;\/a&gt;\" data-order=\"&lt;a href=&quot;https:\/\/teec.org.mx\/web\/wp-content\/uploads\/2023\/05\/TEEC-RAP-4-2023-y-acum.-sentencia-26-05-2023.pdf&quot; target=&quot;_blank&quot;&gt;TEEC\/RAP\/4\/2023 Y SU ACUMULADO TEEC\/RAP\/5\/2023 (SENTENCIA)&lt;\/a&gt;\" ><a href=\"https:\/\/teec.org.mx\/web\/wp-content\/uploads\/2023\/05\/TEEC-RAP-4-2023-y-acum.-sentencia-26-05-2023.pdf\" target=\"_blank\">TEEC\/RAP\/4\/2023 Y SU ACUMULADO TEEC\/RAP\/5\/2023 (SENTENCIA)<\/a><\/td><\/tr><tr style=\"height:px\" ><td data-cell-id=\"A315\" data-x=\"0\" data-y=\"315\" data-db-index=\"315\" class=\"fsize-18\" data-cell-type=\"text\" data-original-value=\"25 DE MAYO DE 2023, A LAS 14:54 HORAS\" data-order=\"25 DE MAYO DE 2023, A LAS 14:54 HORAS\" >25 DE MAYO DE 2023, A LAS 14:54 HORAS <\/td><td data-cell-id=\"B315\" data-x=\"1\" data-y=\"315\" data-db-index=\"315\" class=\"fsize-18\" data-cell-type=\"text\" data-original-value=\"C\u00c9SAR ISMAEL MART\u00cdN EHU\u00c1N EN REPRESENTACI\u00d3N DEL PARTIDO ACCI\u00d3N NACIONAL\" data-order=\"C\u00c9SAR ISMAEL MART\u00cdN EHU\u00c1N EN REPRESENTACI\u00d3N DEL PARTIDO ACCI\u00d3N NACIONAL\" >C\u00c9SAR ISMAEL MART\u00cdN EHU\u00c1N EN REPRESENTACI\u00d3N DEL PARTIDO ACCI\u00d3N NACIONAL <\/td><td data-cell-id=\"C315\" data-x=\"2\" data-y=\"315\" data-db-index=\"315\" class=\"fsize-18\" data-cell-type=\"text\" data-original-value=\"CONSEJO GENERAL EJECUTIVA DEL INSTITUTO ELECTORAL DEL ESTADO DE CAMPECHE\" data-order=\"CONSEJO GENERAL EJECUTIVA DEL INSTITUTO ELECTORAL DEL ESTADO DE CAMPECHE\" >CONSEJO GENERAL EJECUTIVA DEL INSTITUTO ELECTORAL DEL ESTADO DE CAMPECHE <\/td><td data-cell-id=\"D315\" data-x=\"3\" data-y=\"315\" data-db-index=\"315\" class=\"fsize-18\" data-cell-type=\"text\" data-original-value=\"&lt;a href=&quot;https:\/\/teec.org.mx\/web\/wp-content\/uploads\/2023\/05\/TEEC-RAP-6-2023-25-05-2023.pdf&quot; target=&quot;_blank&quot;&gt;TEEC\/RAP\/6\/2023 (ACUERDO DE TURNO)&lt;\/a&gt;\" data-order=\"&lt;a href=&quot;https:\/\/teec.org.mx\/web\/wp-content\/uploads\/2023\/05\/TEEC-RAP-6-2023-25-05-2023.pdf&quot; target=&quot;_blank&quot;&gt;TEEC\/RAP\/6\/2023 (ACUERDO DE TURNO)&lt;\/a&gt;\" ><a href=\"https:\/\/teec.org.mx\/web\/wp-content\/uploads\/2023\/05\/TEEC-RAP-6-2023-25-05-2023.pdf\" target=\"_blank\">TEEC\/RAP\/6\/2023 (ACUERDO DE TURNO)<\/a><\/td><\/tr><tr style=\"height:px\" ><td data-cell-id=\"A316\" data-x=\"0\" data-y=\"316\" data-db-index=\"316\" class=\"fsize-18\" data-cell-type=\"text\" data-original-value=\"25 DE MAYO DE 2023, A LAS 14:07 HORAS\" data-order=\"25 DE MAYO DE 2023, A LAS 14:07 HORAS\" >25 DE MAYO DE 2023, A LAS 14:07 HORAS <\/td><td data-cell-id=\"B316\" data-x=\"1\" data-y=\"316\" data-db-index=\"316\" class=\"fsize-18\" data-cell-type=\"text\" data-original-value=\"DATOS PROTEGIDOS \" data-order=\"DATOS PROTEGIDOS \" >DATOS PROTEGIDOS <\/td><td data-cell-id=\"C316\" data-x=\"2\" data-y=\"316\" data-db-index=\"316\" class=\"fsize-18\" data-cell-type=\"text\" data-original-value=\"JUNTA GENERAL EJECUTIVA DEL INSTITUTO ELECTORAL DEL ESTADO DE CAMPECHE\" data-order=\"JUNTA GENERAL EJECUTIVA DEL INSTITUTO ELECTORAL DEL ESTADO DE CAMPECHE\" >JUNTA GENERAL EJECUTIVA DEL INSTITUTO ELECTORAL DEL ESTADO DE CAMPECHE <\/td><td data-cell-id=\"D316\" data-x=\"3\" data-y=\"316\" data-db-index=\"316\" class=\"fsize-18\" data-cell-type=\"text\" data-original-value=\"&lt;a href=&quot;https:\/\/teec.org.mx\/web\/wp-content\/uploads\/2023\/05\/TEEC-RAP-5-2023-25-05-2023.pdf&quot; target=&quot;_blank&quot;&gt;TEEC\/RAP\/5\/2023 (ACUERDO SE FIJA FECHA Y HORA PARA SESI\u00d3N)&lt;\/a&gt;\" data-order=\"&lt;a href=&quot;https:\/\/teec.org.mx\/web\/wp-content\/uploads\/2023\/05\/TEEC-RAP-5-2023-25-05-2023.pdf&quot; target=&quot;_blank&quot;&gt;TEEC\/RAP\/5\/2023 (ACUERDO SE FIJA FECHA Y HORA PARA SESI\u00d3N)&lt;\/a&gt;\" ><a href=\"https:\/\/teec.org.mx\/web\/wp-content\/uploads\/2023\/05\/TEEC-RAP-5-2023-25-05-2023.pdf\" target=\"_blank\">TEEC\/RAP\/5\/2023 (ACUERDO SE FIJA FECHA Y HORA PARA SESI\u00d3N)<\/a><\/td><\/tr><tr style=\"height:px\" ><td data-cell-id=\"A317\" data-x=\"0\" data-y=\"317\" data-db-index=\"317\" class=\"fsize-18\" data-cell-type=\"text\" data-original-value=\"25 DE MAYO DE 2023, A LAS 13:00 HORAS\" data-order=\"25 DE MAYO DE 2023, A LAS 13:00 HORAS\" >25 DE MAYO DE 2023, A LAS 13:00 HORAS <\/td><td data-cell-id=\"B317\" data-x=\"1\" data-y=\"317\" data-db-index=\"317\" class=\"fsize-18\" data-cell-type=\"text\" data-original-value=\"ALEX ABRAHAM NAAL QUINTAL, EN SU CALIDAD DE REPRESENTANTE SUPLENTE ANTE EL CONSEJO GENERAL DEL INSTITUTO ELECTORAL DEL ESTADO DE CAMPECHE\" data-order=\"ALEX ABRAHAM NAAL QUINTAL, EN SU CALIDAD DE REPRESENTANTE SUPLENTE ANTE EL CONSEJO GENERAL DEL INSTITUTO ELECTORAL DEL ESTADO DE CAMPECHE\" >ALEX ABRAHAM NAAL QUINTAL, EN SU CALIDAD DE REPRESENTANTE SUPLENTE ANTE EL CONSEJO GENERAL DEL INSTITUTO ELECTORAL DEL ESTADO DE CAMPECHE <\/td><td data-cell-id=\"C317\" data-x=\"2\" data-y=\"317\" data-db-index=\"317\" class=\"fsize-18\" data-cell-type=\"text\" data-original-value=\"JUNTA GENERAL EJECUTIVA DEL INSTITUTO ELECTORAL DEL ESTADO DE CAMPECHE\" data-order=\"JUNTA GENERAL EJECUTIVA DEL INSTITUTO ELECTORAL DEL ESTADO DE CAMPECHE\" >JUNTA GENERAL EJECUTIVA DEL INSTITUTO ELECTORAL DEL ESTADO DE CAMPECHE <\/td><td data-cell-id=\"D317\" data-x=\"3\" data-y=\"317\" data-db-index=\"317\" class=\"fsize-18\" data-cell-type=\"text\" data-original-value=\"&lt;a href=&quot;https:\/\/teec.org.mx\/web\/wp-content\/uploads\/2023\/05\/TEEC-RAP-4-2023-25-05-2023.pdf&quot; target=&quot;_blank&quot;&gt;TEEC\/RAP\/4\/2023 (ACUERDO SE FIJA FECHA Y HORA PARA SESI\u00d3N)&lt;\/a&gt;\" data-order=\"&lt;a href=&quot;https:\/\/teec.org.mx\/web\/wp-content\/uploads\/2023\/05\/TEEC-RAP-4-2023-25-05-2023.pdf&quot; target=&quot;_blank&quot;&gt;TEEC\/RAP\/4\/2023 (ACUERDO SE FIJA FECHA Y HORA PARA SESI\u00d3N)&lt;\/a&gt;\" ><a href=\"https:\/\/teec.org.mx\/web\/wp-content\/uploads\/2023\/05\/TEEC-RAP-4-2023-25-05-2023.pdf\" target=\"_blank\">TEEC\/RAP\/4\/2023 (ACUERDO SE FIJA FECHA Y HORA PARA SESI\u00d3N)<\/a><\/td><\/tr><tr style=\"height:px\" ><td data-cell-id=\"A318\" data-x=\"0\" data-y=\"318\" data-db-index=\"318\" class=\"fsize-18\" data-cell-type=\"text\" data-original-value=\"24 DE MAYO DE 2023, A LAS 14:43 HORAS\" data-order=\"24 DE MAYO DE 2023, A LAS 14:43 HORAS\" >24 DE MAYO DE 2023, A LAS 14:43 HORAS <\/td><td data-cell-id=\"B318\" data-x=\"1\" data-y=\"318\" data-db-index=\"318\" class=\"fsize-18\" data-cell-type=\"text\" data-original-value=\"DATOS PROTEGIDOS \" data-order=\"DATOS PROTEGIDOS \" >DATOS PROTEGIDOS <\/td><td data-cell-id=\"C318\" data-x=\"2\" data-y=\"318\" data-db-index=\"318\" class=\"fsize-18\" data-cell-type=\"text\" data-original-value=\"JUNTA GENERAL EJECUTIVA DEL INSTITUTO ELECTORAL DEL ESTADO DE CAMPECHE\" data-order=\"JUNTA GENERAL EJECUTIVA DEL INSTITUTO ELECTORAL DEL ESTADO DE CAMPECHE\" >JUNTA GENERAL EJECUTIVA DEL INSTITUTO ELECTORAL DEL ESTADO DE CAMPECHE <\/td><td data-cell-id=\"D318\" data-x=\"3\" data-y=\"318\" data-db-index=\"318\" class=\"fsize-18\" data-cell-type=\"text\" data-original-value=\"&lt;a href=&quot;https:\/\/teec.org.mx\/web\/wp-content\/uploads\/2023\/05\/TEEC-RAP-5-2023-24-05-2023.pdf&quot; target=&quot;_blank&quot;&gt;TEEC\/RAP\/5\/2023 (ACUERDO DE SOL. DE FECHA Y HORA PARA SESI\u00d3N)&lt;\/a&gt;\" data-order=\"&lt;a href=&quot;https:\/\/teec.org.mx\/web\/wp-content\/uploads\/2023\/05\/TEEC-RAP-5-2023-24-05-2023.pdf&quot; target=&quot;_blank&quot;&gt;TEEC\/RAP\/5\/2023 (ACUERDO DE SOL. DE FECHA Y HORA PARA SESI\u00d3N)&lt;\/a&gt;\" ><a href=\"https:\/\/teec.org.mx\/web\/wp-content\/uploads\/2023\/05\/TEEC-RAP-5-2023-24-05-2023.pdf\" target=\"_blank\">TEEC\/RAP\/5\/2023 (ACUERDO DE SOL. DE FECHA Y HORA PARA SESI\u00d3N)<\/a><\/td><\/tr><tr style=\"height:px\" ><td data-cell-id=\"A319\" data-x=\"0\" data-y=\"319\" data-db-index=\"319\" class=\"fsize-18\" data-cell-type=\"text\" data-original-value=\"24 DE MAYO DE 2023, A LAS 14:23 HORAS\" data-order=\"24 DE MAYO DE 2023, A LAS 14:23 HORAS\" >24 DE MAYO DE 2023, A LAS 14:23 HORAS <\/td><td data-cell-id=\"B319\" data-x=\"1\" data-y=\"319\" data-db-index=\"319\" class=\"fsize-18\" data-cell-type=\"text\" data-original-value=\"ALEX ABRAHAM NAAL QUINTAL, EN SU CALIDAD DE REPRESENTANTE SUPLENTE ANTE EL CONSEJO GENERAL DEL INSTITUTO ELECTORAL DEL ESTADO DE CAMPECHE\" data-order=\"ALEX ABRAHAM NAAL QUINTAL, EN SU CALIDAD DE REPRESENTANTE SUPLENTE ANTE EL CONSEJO GENERAL DEL INSTITUTO ELECTORAL DEL ESTADO DE CAMPECHE\" >ALEX ABRAHAM NAAL QUINTAL, EN SU CALIDAD DE REPRESENTANTE SUPLENTE ANTE EL CONSEJO GENERAL DEL INSTITUTO ELECTORAL DEL ESTADO DE CAMPECHE <\/td><td data-cell-id=\"C319\" data-x=\"2\" data-y=\"319\" data-db-index=\"319\" class=\"fsize-18\" data-cell-type=\"text\" data-original-value=\"JUNTA GENERAL EJECUTIVA DEL INSTITUTO ELECTORAL DEL ESTADO DE CAMPECHE\" data-order=\"JUNTA GENERAL EJECUTIVA DEL INSTITUTO ELECTORAL DEL ESTADO DE CAMPECHE\" >JUNTA GENERAL EJECUTIVA DEL INSTITUTO ELECTORAL DEL ESTADO DE CAMPECHE <\/td><td data-cell-id=\"D319\" data-x=\"3\" data-y=\"319\" data-db-index=\"319\" class=\"fsize-18\" data-cell-type=\"text\" data-original-value=\"&lt;a href=&quot;https:\/\/teec.org.mx\/web\/wp-content\/uploads\/2023\/05\/TEEC-RAP-4-2023-24-05-2023.pdf&quot; target=&quot;_blank&quot;&gt;TEEC\/RAP\/4\/2023 (ACUERDO DE SOL. DE FECHA Y HORA PARA SESI\u00d3N)&lt;\/a&gt;\" data-order=\"&lt;a href=&quot;https:\/\/teec.org.mx\/web\/wp-content\/uploads\/2023\/05\/TEEC-RAP-4-2023-24-05-2023.pdf&quot; target=&quot;_blank&quot;&gt;TEEC\/RAP\/4\/2023 (ACUERDO DE SOL. DE FECHA Y HORA PARA SESI\u00d3N)&lt;\/a&gt;\" ><a href=\"https:\/\/teec.org.mx\/web\/wp-content\/uploads\/2023\/05\/TEEC-RAP-4-2023-24-05-2023.pdf\" target=\"_blank\">TEEC\/RAP\/4\/2023 (ACUERDO DE SOL. DE FECHA Y HORA PARA SESI\u00d3N)<\/a><\/td><\/tr><tr style=\"height:px\" ><td data-cell-id=\"A320\" data-x=\"0\" data-y=\"320\" data-db-index=\"320\" class=\"fsize-18\" data-cell-type=\"text\" data-original-value=\"24 DE MAYO DE 2023, A LAS 14:08 HORAS\" data-order=\"24 DE MAYO DE 2023, A LAS 14:08 HORAS\" >24 DE MAYO DE 2023, A LAS 14:08 HORAS <\/td><td data-cell-id=\"B320\" data-x=\"1\" data-y=\"320\" data-db-index=\"320\" class=\"fsize-18\" data-cell-type=\"text\" data-original-value=\"MOVIMIENTO CIUDADANO\" data-order=\"MOVIMIENTO CIUDADANO\" >MOVIMIENTO CIUDADANO <\/td><td data-cell-id=\"C320\" data-x=\"2\" data-y=\"320\" data-db-index=\"320\" class=\"fsize-18\" data-cell-type=\"text\" data-original-value=\"TRIBUNAL ELECTORAL DEL ESTADO DE CAMPECHE\" data-order=\"TRIBUNAL ELECTORAL DEL ESTADO DE CAMPECHE\" >TRIBUNAL ELECTORAL DEL ESTADO DE CAMPECHE <\/td><td data-cell-id=\"D320\" data-x=\"3\" data-y=\"320\" data-db-index=\"320\" class=\"fsize-18\" data-cell-type=\"text\" data-original-value=\"&lt;a href=&quot;https:\/\/teec.org.mx\/web\/wp-content\/uploads\/2023\/05\/TEEC-RAP-2-2023-y-acum.-24-05-2023.pdf&quot; target=&quot;_blank&quot;&gt;TEEC\/RAP\/2\/2023 Y SU ACUMULADO TEEC\/RAP\/3\/2023 (SE TIENE POR RECIBIDO EL EXPEDIENTE REMITIDO POR SALA REGIONAL XALAPA)&lt;\/a&gt;\" data-order=\"&lt;a href=&quot;https:\/\/teec.org.mx\/web\/wp-content\/uploads\/2023\/05\/TEEC-RAP-2-2023-y-acum.-24-05-2023.pdf&quot; target=&quot;_blank&quot;&gt;TEEC\/RAP\/2\/2023 Y SU ACUMULADO TEEC\/RAP\/3\/2023 (SE TIENE POR RECIBIDO EL EXPEDIENTE REMITIDO POR SALA REGIONAL XALAPA)&lt;\/a&gt;\" ><a href=\"https:\/\/teec.org.mx\/web\/wp-content\/uploads\/2023\/05\/TEEC-RAP-2-2023-y-acum.-24-05-2023.pdf\" target=\"_blank\">TEEC\/RAP\/2\/2023 Y SU ACUMULADO TEEC\/RAP\/3\/2023 (SE TIENE POR RECIBIDO EL EXPEDIENTE REMITIDO POR SALA REGIONAL XALAPA)<\/a><\/td><\/tr><tr style=\"height:px\" ><td data-cell-id=\"A321\" data-x=\"0\" data-y=\"321\" data-db-index=\"321\" class=\"fsize-18\" data-cell-type=\"text\" data-original-value=\"23 DE MAYO DE 2023, A LAS 13:15 HORAS.\" data-order=\"23 DE MAYO DE 2023, A LAS 13:15 HORAS.\" >23 DE MAYO DE 2023, A LAS 13:15 HORAS. <\/td><td data-cell-id=\"B321\" data-x=\"1\" data-y=\"321\" data-db-index=\"321\" class=\"fsize-18\" data-cell-type=\"text\" data-original-value=\"DATOS PROTEGIDOS\" data-order=\"DATOS PROTEGIDOS\" >DATOS PROTEGIDOS <\/td><td data-cell-id=\"C321\" data-x=\"2\" data-y=\"321\" data-db-index=\"321\" class=\"fsize-18\" data-cell-type=\"text\" data-original-value=\"JUNTA GENERAL EJECUTIVA DEL INSTITUTO ELECTORAL DEL ESTADO DE CAMPECHE\" data-order=\"JUNTA GENERAL EJECUTIVA DEL INSTITUTO ELECTORAL DEL ESTADO DE CAMPECHE\" >JUNTA GENERAL EJECUTIVA DEL INSTITUTO ELECTORAL DEL ESTADO DE CAMPECHE <\/td><td data-cell-id=\"D321\" data-x=\"3\" data-y=\"321\" data-db-index=\"321\" class=\"fsize-18\" data-cell-type=\"text\" data-original-value=\"&lt;a href=&quot;https:\/\/teec.org.mx\/web\/wp-content\/uploads\/2023\/05\/TEEC-RAP-5-2023-23-05-2023.pdf&quot; target=&quot;_blank&quot;&gt;TEEC\/RAP\/5\/2023 (ACUERDO DE ACUMULACI\u00d3N Y DATOS PERSONALES)&lt;\/a&gt;\" data-order=\"&lt;a href=&quot;https:\/\/teec.org.mx\/web\/wp-content\/uploads\/2023\/05\/TEEC-RAP-5-2023-23-05-2023.pdf&quot; target=&quot;_blank&quot;&gt;TEEC\/RAP\/5\/2023 (ACUERDO DE ACUMULACI\u00d3N Y DATOS PERSONALES)&lt;\/a&gt;\" ><a href=\"https:\/\/teec.org.mx\/web\/wp-content\/uploads\/2023\/05\/TEEC-RAP-5-2023-23-05-2023.pdf\" target=\"_blank\">TEEC\/RAP\/5\/2023 (ACUERDO DE ACUMULACI\u00d3N Y DATOS PERSONALES)<\/a><\/td><\/tr><tr style=\"height:px\" ><td data-cell-id=\"A322\" data-x=\"0\" data-y=\"322\" data-db-index=\"322\" class=\"fsize-18\" data-cell-type=\"text\" data-original-value=\"23 DE MAYO DE 2023, A LAS 13:05 HORAS\" data-order=\"23 DE MAYO DE 2023, A LAS 13:05 HORAS\" >23 DE MAYO DE 2023, A LAS 13:05 HORAS <\/td><td data-cell-id=\"B322\" data-x=\"1\" data-y=\"322\" data-db-index=\"322\" class=\"fsize-18\" data-cell-type=\"text\" data-original-value=\"ALEX ABRAHAM NAAL QUINTAL, EN SU CALIDAD DE REPRESENTANTE SUPLENTE ANTE EL CONSEJO GENERAL DEL INSTITUTO ELECTORAL DEL ESTADO DE CAMPECHE\" data-order=\"ALEX ABRAHAM NAAL QUINTAL, EN SU CALIDAD DE REPRESENTANTE SUPLENTE ANTE EL CONSEJO GENERAL DEL INSTITUTO ELECTORAL DEL ESTADO DE CAMPECHE\" >ALEX ABRAHAM NAAL QUINTAL, EN SU CALIDAD DE REPRESENTANTE SUPLENTE ANTE EL CONSEJO GENERAL DEL INSTITUTO ELECTORAL DEL ESTADO DE CAMPECHE <\/td><td data-cell-id=\"C322\" data-x=\"2\" data-y=\"322\" data-db-index=\"322\" class=\"fsize-18\" data-cell-type=\"text\" data-original-value=\"JUNTA GENERAL EJECUTIVA DEL INSTITUTO ELECTORAL DEL ESTADO DE CAMPECHE\" data-order=\"JUNTA GENERAL EJECUTIVA DEL INSTITUTO ELECTORAL DEL ESTADO DE CAMPECHE\" >JUNTA GENERAL EJECUTIVA DEL INSTITUTO ELECTORAL DEL ESTADO DE CAMPECHE <\/td><td data-cell-id=\"D322\" data-x=\"3\" data-y=\"322\" data-db-index=\"322\" class=\"fsize-18\" data-cell-type=\"text\" data-original-value=\"&lt;a href=&quot;https:\/\/teec.org.mx\/web\/wp-content\/uploads\/2023\/05\/TEEC-RAP-4-2023-23-05-2023.pdf&quot; target=&quot;_blank&quot;&gt;TEEC\/RAP\/4\/2023 (ACUERDO DE ACUMULACI\u00d3N Y DATOS PERSONALES)&lt;\/a&gt;\" data-order=\"&lt;a href=&quot;https:\/\/teec.org.mx\/web\/wp-content\/uploads\/2023\/05\/TEEC-RAP-4-2023-23-05-2023.pdf&quot; target=&quot;_blank&quot;&gt;TEEC\/RAP\/4\/2023 (ACUERDO DE ACUMULACI\u00d3N Y DATOS PERSONALES)&lt;\/a&gt;\" ><a href=\"https:\/\/teec.org.mx\/web\/wp-content\/uploads\/2023\/05\/TEEC-RAP-4-2023-23-05-2023.pdf\" target=\"_blank\">TEEC\/RAP\/4\/2023 (ACUERDO DE ACUMULACI\u00d3N Y DATOS PERSONALES)<\/a><\/td><\/tr><tr style=\"height:px\" ><td data-cell-id=\"A323\" data-x=\"0\" data-y=\"323\" data-db-index=\"323\" class=\"fsize-18\" data-cell-type=\"text\" data-original-value=\"22 DE MAYO DE 2023, A LAS 14:38 HORAS\" data-order=\"22 DE MAYO DE 2023, A LAS 14:38 HORAS\" >22 DE MAYO DE 2023, A LAS 14:38 HORAS <\/td><td data-cell-id=\"B323\" data-x=\"1\" data-y=\"323\" data-db-index=\"323\" class=\"fsize-18\" data-cell-type=\"text\" data-original-value=\"DATOS PROTEGIDOS\" data-order=\"DATOS PROTEGIDOS\" >DATOS PROTEGIDOS <\/td><td data-cell-id=\"C323\" data-x=\"2\" data-y=\"323\" data-db-index=\"323\" class=\"fsize-18\" data-cell-type=\"text\" data-original-value=\"JUNTA GENERAL EJECUTIVA DEL INSTITUTO ELECTORAL DEL ESTADO DE CAMPECHE\" data-order=\"JUNTA GENERAL EJECUTIVA DEL INSTITUTO ELECTORAL DEL ESTADO DE CAMPECHE\" >JUNTA GENERAL EJECUTIVA DEL INSTITUTO ELECTORAL DEL ESTADO DE CAMPECHE <\/td><td data-cell-id=\"D323\" data-x=\"3\" data-y=\"323\" data-db-index=\"323\" class=\"fsize-18\" data-cell-type=\"text\" data-original-value=\"&lt;a href=&quot;https:\/\/teec.org.mx\/web\/wp-content\/uploads\/2023\/05\/TEEC-RAP-5-2023-22-05-2023.pdf&quot; target=&quot;_blank&quot;&gt;TEEC\/RAP\/5\/2023 (ACUERDO DE TURNO)&lt;\/a&gt;\" data-order=\"&lt;a href=&quot;https:\/\/teec.org.mx\/web\/wp-content\/uploads\/2023\/05\/TEEC-RAP-5-2023-22-05-2023.pdf&quot; target=&quot;_blank&quot;&gt;TEEC\/RAP\/5\/2023 (ACUERDO DE TURNO)&lt;\/a&gt;\" ><a href=\"https:\/\/teec.org.mx\/web\/wp-content\/uploads\/2023\/05\/TEEC-RAP-5-2023-22-05-2023.pdf\" target=\"_blank\">TEEC\/RAP\/5\/2023 (ACUERDO DE TURNO)<\/a><\/td><\/tr><tr style=\"height:px\" ><td data-cell-id=\"A324\" data-x=\"0\" data-y=\"324\" data-db-index=\"324\" class=\"fsize-18\" data-cell-type=\"text\" data-original-value=\"22 DE MAYO DE 2023, A LAS 14:30 HORAS\" data-order=\"22 DE MAYO DE 2023, A LAS 14:30 HORAS\" >22 DE MAYO DE 2023, A LAS 14:30 HORAS <\/td><td data-cell-id=\"B324\" data-x=\"1\" data-y=\"324\" data-db-index=\"324\" class=\"fsize-18\" data-cell-type=\"text\" data-original-value=\"ALEX ABRAHAM NAAL QUINTAL, EN SU CALIDAD DE REPRESENTANTE SUPLENTE ANTE EL CONSEJO GENERAL DEL INSTITUTO ELECTORAL DEL ESTADO DE CAMPECHE\" data-order=\"ALEX ABRAHAM NAAL QUINTAL, EN SU CALIDAD DE REPRESENTANTE SUPLENTE ANTE EL CONSEJO GENERAL DEL INSTITUTO ELECTORAL DEL ESTADO DE CAMPECHE\" >ALEX ABRAHAM NAAL QUINTAL, EN SU CALIDAD DE REPRESENTANTE SUPLENTE ANTE EL CONSEJO GENERAL DEL INSTITUTO ELECTORAL DEL ESTADO DE CAMPECHE <\/td><td data-cell-id=\"C324\" data-x=\"2\" data-y=\"324\" data-db-index=\"324\" class=\"fsize-18\" data-cell-type=\"text\" data-original-value=\"JUNTA GENERAL EJECUTIVA DEL INSTITUTO ELECTORAL DEL ESTADO DE CAMPECHE\" data-order=\"JUNTA GENERAL EJECUTIVA DEL INSTITUTO ELECTORAL DEL ESTADO DE CAMPECHE\" >JUNTA GENERAL EJECUTIVA DEL INSTITUTO ELECTORAL DEL ESTADO DE CAMPECHE <\/td><td data-cell-id=\"D324\" data-x=\"3\" data-y=\"324\" data-db-index=\"324\" class=\"fsize-18\" data-cell-type=\"text\" data-original-value=\"&lt;a href=&quot;https:\/\/teec.org.mx\/web\/wp-content\/uploads\/2023\/05\/TEEC-RAP-4-2023-22-05-2023.pdf&quot; target=&quot;_blank&quot;&gt;TEEC\/RAP\/4\/2023 (ACUERDO DE TURNO)&lt;\/a&gt;\" data-order=\"&lt;a href=&quot;https:\/\/teec.org.mx\/web\/wp-content\/uploads\/2023\/05\/TEEC-RAP-4-2023-22-05-2023.pdf&quot; target=&quot;_blank&quot;&gt;TEEC\/RAP\/4\/2023 (ACUERDO DE TURNO)&lt;\/a&gt;\" ><a href=\"https:\/\/teec.org.mx\/web\/wp-content\/uploads\/2023\/05\/TEEC-RAP-4-2023-22-05-2023.pdf\" target=\"_blank\">TEEC\/RAP\/4\/2023 (ACUERDO DE TURNO)<\/a><\/td><\/tr><tr style=\"height:px\" ><td data-cell-id=\"A325\" data-x=\"0\" data-y=\"325\" data-db-index=\"325\" class=\"fsize-18\" data-cell-type=\"text\" data-original-value=\"19 DE MAYO DE 2023, A LAS 13:20 HORAS\" data-order=\"19 DE MAYO DE 2023, A LAS 13:20 HORAS\" >19 DE MAYO DE 2023, A LAS 13:20 HORAS <\/td><td data-cell-id=\"B325\" data-x=\"1\" data-y=\"325\" data-db-index=\"325\" class=\"fsize-18\" data-cell-type=\"text\" data-original-value=\"PARTIDO ACCI\u00d3N NACIONAL Y MOVIMIENTO CIUDADANO\" data-order=\"PARTIDO ACCI\u00d3N NACIONAL Y MOVIMIENTO CIUDADANO\" >PARTIDO ACCI\u00d3N NACIONAL Y MOVIMIENTO CIUDADANO <\/td><td data-cell-id=\"C325\" data-x=\"2\" data-y=\"325\" data-db-index=\"325\" class=\"fsize-18\" data-cell-type=\"text\" data-original-value=\"TRIBUNAL ELECTORAL DEL ESTADO DE CAMPECHE\" data-order=\"TRIBUNAL ELECTORAL DEL ESTADO DE CAMPECHE\" >TRIBUNAL ELECTORAL DEL ESTADO DE CAMPECHE <\/td><td data-cell-id=\"D325\" data-x=\"3\" data-y=\"325\" data-db-index=\"325\" class=\"fsize-18\" data-cell-type=\"text\" data-original-value=\"&lt;a href=&quot;https:\/\/teec.org.mx\/web\/wp-content\/uploads\/2023\/05\/TEEC-RAP-2-2023-y-acum.-19-05-2023.pdf&quot; target=&quot;_blank&quot;&gt;TEEC\/RAP\/2\/2023 Y SU ACUMULADO TEEC\/RAP\/3\/2023 (SE DA POR NOTIFICADA ESTA AUTORIDAD DE LA SENTENCIA DE SALA SUPERIOR Y EN AUXILIO SE ORDENA NOTIFICACI\u00d3N)&lt;\/a&gt;\" data-order=\"&lt;a href=&quot;https:\/\/teec.org.mx\/web\/wp-content\/uploads\/2023\/05\/TEEC-RAP-2-2023-y-acum.-19-05-2023.pdf&quot; target=&quot;_blank&quot;&gt;TEEC\/RAP\/2\/2023 Y SU ACUMULADO TEEC\/RAP\/3\/2023 (SE DA POR NOTIFICADA ESTA AUTORIDAD DE LA SENTENCIA DE SALA SUPERIOR Y EN AUXILIO SE ORDENA NOTIFICACI\u00d3N)&lt;\/a&gt;\" ><a href=\"https:\/\/teec.org.mx\/web\/wp-content\/uploads\/2023\/05\/TEEC-RAP-2-2023-y-acum.-19-05-2023.pdf\" target=\"_blank\">TEEC\/RAP\/2\/2023 Y SU ACUMULADO TEEC\/RAP\/3\/2023 (SE DA POR NOTIFICADA ESTA AUTORIDAD DE LA SENTENCIA DE SALA SUPERIOR Y EN AUXILIO SE ORDENA NOTIFICACI\u00d3N)<\/a><\/td><\/tr><tr style=\"height:px\" ><td data-cell-id=\"A326\" data-x=\"0\" data-y=\"326\" data-db-index=\"326\" class=\"fsize-18\" data-cell-type=\"text\" data-original-value=\"17 DE MAYO DE 2023, A LAS 14:35 HORAS\" data-order=\"17 DE MAYO DE 2023, A LAS 14:35 HORAS\" >17 DE MAYO DE 2023, A LAS 14:35 HORAS <\/td><td data-cell-id=\"B326\" data-x=\"1\" data-y=\"326\" data-db-index=\"326\" class=\"fsize-18\" data-cell-type=\"text\" data-original-value=\"DATOS PROTEGIDOS \" data-order=\"DATOS PROTEGIDOS \" >DATOS PROTEGIDOS <\/td><td data-cell-id=\"C326\" data-x=\"2\" data-y=\"326\" data-db-index=\"326\" class=\"fsize-18\" data-cell-type=\"text\" data-original-value=\"JUNTA GENERAL EJECUTIVA DEL INSTITUTO ELECTORAL DEL ESTADO DE CAMPECHE\" data-order=\"JUNTA GENERAL EJECUTIVA DEL INSTITUTO ELECTORAL DEL ESTADO DE CAMPECHE\" >JUNTA GENERAL EJECUTIVA DEL INSTITUTO ELECTORAL DEL ESTADO DE CAMPECHE <\/td><td data-cell-id=\"D326\" data-x=\"3\" data-y=\"326\" data-db-index=\"326\" class=\"fsize-18\" data-cell-type=\"text\" data-original-value=\"&lt;a href=&quot;https:\/\/teec.org.mx\/web\/wp-content\/uploads\/2023\/05\/TEEC-RAP-5-2023-17-05-2023.pdf&quot; target=&quot;_blank&quot;&gt;TEEC\/RAP\/5\/2023 (ACUERDO DE RECEPCI\u00d3N, RADICACI\u00d3N Y DATOS PERSONALES)&lt;\/a&gt;\" data-order=\"&lt;a href=&quot;https:\/\/teec.org.mx\/web\/wp-content\/uploads\/2023\/05\/TEEC-RAP-5-2023-17-05-2023.pdf&quot; target=&quot;_blank&quot;&gt;TEEC\/RAP\/5\/2023 (ACUERDO DE RECEPCI\u00d3N, RADICACI\u00d3N Y DATOS PERSONALES)&lt;\/a&gt;\" ><a href=\"https:\/\/teec.org.mx\/web\/wp-content\/uploads\/2023\/05\/TEEC-RAP-5-2023-17-05-2023.pdf\" target=\"_blank\">TEEC\/RAP\/5\/2023 (ACUERDO DE RECEPCI\u00d3N, RADICACI\u00d3N Y DATOS PERSONALES)<\/a><\/td><\/tr><tr style=\"height:px\" ><td data-cell-id=\"A327\" data-x=\"0\" data-y=\"327\" data-db-index=\"327\" class=\"fsize-18\" data-cell-type=\"text\" data-original-value=\"17 DE MAYO DE 2023, A LAS 13:58 HORAS\" data-order=\"17 DE MAYO DE 2023, A LAS 13:58 HORAS\" >17 DE MAYO DE 2023, A LAS 13:58 HORAS <\/td><td data-cell-id=\"B327\" data-x=\"1\" data-y=\"327\" data-db-index=\"327\" class=\"fsize-18\" data-cell-type=\"text\" data-original-value=\"ALEX ABRAHAM NAAL QUINTAL, EN SU CALIDAD DE REPRESENTANTE SUPLENTE ANTE EL CONSEJO GENERAL DEL INSTITUTO ELECTORAL DEL ESTADO DE CAMPECHE\" data-order=\"ALEX ABRAHAM NAAL QUINTAL, EN SU CALIDAD DE REPRESENTANTE SUPLENTE ANTE EL CONSEJO GENERAL DEL INSTITUTO ELECTORAL DEL ESTADO DE CAMPECHE\" >ALEX ABRAHAM NAAL QUINTAL, EN SU CALIDAD DE REPRESENTANTE SUPLENTE ANTE EL CONSEJO GENERAL DEL INSTITUTO ELECTORAL DEL ESTADO DE CAMPECHE <\/td><td data-cell-id=\"C327\" data-x=\"2\" data-y=\"327\" data-db-index=\"327\" class=\"fsize-18\" data-cell-type=\"text\" data-original-value=\"JUNTA GENERAL EJECUTIVA DEL INSTITUTO ELECTORAL DEL ESTADO DE CAMPECHE\" data-order=\"JUNTA GENERAL EJECUTIVA DEL INSTITUTO ELECTORAL DEL ESTADO DE CAMPECHE\" >JUNTA GENERAL EJECUTIVA DEL INSTITUTO ELECTORAL DEL ESTADO DE CAMPECHE <\/td><td data-cell-id=\"D327\" data-x=\"3\" data-y=\"327\" data-db-index=\"327\" class=\"fsize-18\" data-cell-type=\"text\" data-original-value=\"&lt;a href=&quot;https:\/\/teec.org.mx\/web\/wp-content\/uploads\/2023\/05\/TEEC-RAP-4-2023-17-05-2023.pdf&quot; target=&quot;_blank&quot;&gt;TEEC\/RAP\/4\/2023 (ACUERDO DE RECEPCI\u00d3N, RADICACI\u00d3N Y DATOS PERSONALES)&lt;\/a&gt;\" data-order=\"&lt;a href=&quot;https:\/\/teec.org.mx\/web\/wp-content\/uploads\/2023\/05\/TEEC-RAP-4-2023-17-05-2023.pdf&quot; target=&quot;_blank&quot;&gt;TEEC\/RAP\/4\/2023 (ACUERDO DE RECEPCI\u00d3N, RADICACI\u00d3N Y DATOS PERSONALES)&lt;\/a&gt;\" ><a href=\"https:\/\/teec.org.mx\/web\/wp-content\/uploads\/2023\/05\/TEEC-RAP-4-2023-17-05-2023.pdf\" target=\"_blank\">TEEC\/RAP\/4\/2023 (ACUERDO DE RECEPCI\u00d3N, RADICACI\u00d3N Y DATOS PERSONALES)<\/a><\/td><\/tr><tr style=\"height:px\" ><td data-cell-id=\"A328\" data-x=\"0\" data-y=\"328\" data-db-index=\"328\" class=\"fsize-18\" data-cell-type=\"text\" data-original-value=\"17 DE MAYO DE 2023, A LAS 12:15 HORAS\" data-order=\"17 DE MAYO DE 2023, A LAS 12:15 HORAS\" >17 DE MAYO DE 2023, A LAS 12:15 HORAS <\/td><td data-cell-id=\"B328\" data-x=\"1\" data-y=\"328\" data-db-index=\"328\" class=\"fsize-18\" data-cell-type=\"text\" data-original-value=\"ANTONIO G\u00d3MEZ SAUCEDO, EN SU CALIDAD DE REPRESENTANTE DEL PARTIDO DEL TRABAJO ANTE EL CONSEJO GENERAL DEL INSTITUTO ELECTORAL DEL ESTADO DE CAMPECHE\" data-order=\"ANTONIO G\u00d3MEZ SAUCEDO, EN SU CALIDAD DE REPRESENTANTE DEL PARTIDO DEL TRABAJO ANTE EL CONSEJO GENERAL DEL INSTITUTO ELECTORAL DEL ESTADO DE CAMPECHE\" >ANTONIO G\u00d3MEZ SAUCEDO, EN SU CALIDAD DE REPRESENTANTE DEL PARTIDO DEL TRABAJO ANTE EL CONSEJO GENERAL DEL INSTITUTO ELECTORAL DEL ESTADO DE CAMPECHE <\/td><td data-cell-id=\"C328\" data-x=\"2\" data-y=\"328\" data-db-index=\"328\" class=\"fsize-18\" data-cell-type=\"text\" data-original-value=\"DIRECCI\u00d3N EJECUTIVA DE ADMINISTRACI\u00d3N, PRERROGATIVAS DE PARTIDOS Y AGRUPACIONES POL\u00cdTICAS DEL INSTITUTO ELECTORAL DEL ESTADO DE CAMPECHE\" data-order=\"DIRECCI\u00d3N EJECUTIVA DE ADMINISTRACI\u00d3N, PRERROGATIVAS DE PARTIDOS Y AGRUPACIONES POL\u00cdTICAS DEL INSTITUTO ELECTORAL DEL ESTADO DE CAMPECHE\" >DIRECCI\u00d3N EJECUTIVA DE ADMINISTRACI\u00d3N, PRERROGATIVAS DE PARTIDOS Y AGRUPACIONES POL\u00cdTICAS DEL INSTITUTO ELECTORAL DEL ESTADO DE CAMPECHE <\/td><td data-cell-id=\"D328\" data-x=\"3\" data-y=\"328\" data-db-index=\"328\" class=\"fsize-18\" data-cell-type=\"text\" data-original-value=\"&lt;a href=&quot;https:\/\/teec.org.mx\/web\/wp-content\/uploads\/2023\/05\/TEEC-RAP-1-2023-acuerdo-plenario-17-05-2023.pdf&quot; target=&quot;_blank&quot;&gt;TEEC\/RAP\/1\/2023 (ACUERDO PLENARIO)&lt;\/a&gt;\" data-order=\"&lt;a href=&quot;https:\/\/teec.org.mx\/web\/wp-content\/uploads\/2023\/05\/TEEC-RAP-1-2023-acuerdo-plenario-17-05-2023.pdf&quot; target=&quot;_blank&quot;&gt;TEEC\/RAP\/1\/2023 (ACUERDO PLENARIO)&lt;\/a&gt;\" ><a href=\"https:\/\/teec.org.mx\/web\/wp-content\/uploads\/2023\/05\/TEEC-RAP-1-2023-acuerdo-plenario-17-05-2023.pdf\" target=\"_blank\">TEEC\/RAP\/1\/2023 (ACUERDO PLENARIO)<\/a><\/td><\/tr><tr style=\"height:px\" ><td data-cell-id=\"A329\" data-x=\"0\" data-y=\"329\" data-db-index=\"329\" class=\"fsize-18\" data-cell-type=\"text\" data-original-value=\"16 DE MAYO DE 2023, A LAS 12:55 HORAS\" data-order=\"16 DE MAYO DE 2023, A LAS 12:55 HORAS\" >16 DE MAYO DE 2023, A LAS 12:55 HORAS <\/td><td data-cell-id=\"B329\" data-x=\"1\" data-y=\"329\" data-db-index=\"329\" class=\"fsize-18\" data-cell-type=\"text\" data-original-value=\"ANTONIO G\u00d3MEZ SAUCEDO, EN SU CALIDAD DE REPRESENTANTE DEL PARTIDO DEL TRABAJO ANTE EL CONSEJO GENERAL DEL IEEC\" data-order=\"ANTONIO G\u00d3MEZ SAUCEDO, EN SU CALIDAD DE REPRESENTANTE DEL PARTIDO DEL TRABAJO ANTE EL CONSEJO GENERAL DEL IEEC\" >ANTONIO G\u00d3MEZ SAUCEDO, EN SU CALIDAD DE REPRESENTANTE DEL PARTIDO DEL TRABAJO ANTE EL CONSEJO GENERAL DEL IEEC <\/td><td data-cell-id=\"C329\" data-x=\"2\" data-y=\"329\" data-db-index=\"329\" class=\"fsize-18\" data-cell-type=\"text\" data-original-value=\"DIRECCI\u00d3N EJECUTIVA DE ADMINISTRACI\u00d3N, PRERROGATIVAS DE PARTIDOS Y ASOCIACIONES POL\u00cdTICAS DEL INSTITUTO ELECTORAL DEL ESTADO DE CAMPECHE\" data-order=\"DIRECCI\u00d3N EJECUTIVA DE ADMINISTRACI\u00d3N, PRERROGATIVAS DE PARTIDOS Y ASOCIACIONES POL\u00cdTICAS DEL INSTITUTO ELECTORAL DEL ESTADO DE CAMPECHE\" >DIRECCI\u00d3N EJECUTIVA DE ADMINISTRACI\u00d3N, PRERROGATIVAS DE PARTIDOS Y ASOCIACIONES POL\u00cdTICAS DEL INSTITUTO ELECTORAL DEL ESTADO DE CAMPECHE <\/td><td data-cell-id=\"D329\" data-x=\"3\" data-y=\"329\" data-db-index=\"329\" class=\"fsize-18\" data-cell-type=\"text\" data-original-value=\"&lt;a href=&quot;https:\/\/teec.org.mx\/web\/wp-content\/uploads\/2023\/05\/TEEC-RAP-1-2023-16-05-2023.pdf&quot; target=&quot;_blank&quot;&gt;TEEC\/RAP\/1\/2023 (ACUERDO DE ACUMULACI\u00d3N Y SE FIJA FECHA Y HORA PARA SESI\u00d3N PRIVADA)&lt;\/a&gt;\" data-order=\"&lt;a href=&quot;https:\/\/teec.org.mx\/web\/wp-content\/uploads\/2023\/05\/TEEC-RAP-1-2023-16-05-2023.pdf&quot; target=&quot;_blank&quot;&gt;TEEC\/RAP\/1\/2023 (ACUERDO DE ACUMULACI\u00d3N Y SE FIJA FECHA Y HORA PARA SESI\u00d3N PRIVADA)&lt;\/a&gt;\" ><a href=\"https:\/\/teec.org.mx\/web\/wp-content\/uploads\/2023\/05\/TEEC-RAP-1-2023-16-05-2023.pdf\" target=\"_blank\">TEEC\/RAP\/1\/2023 (ACUERDO DE ACUMULACI\u00d3N Y SE FIJA FECHA Y HORA PARA SESI\u00d3N PRIVADA)<\/a><\/td><\/tr><tr style=\"height:px\" ><td data-cell-id=\"A330\" data-x=\"0\" data-y=\"330\" data-db-index=\"330\" class=\"fsize-18\" data-cell-type=\"text\" data-original-value=\"15 DE MAYO DE 2023, A LAS 13:55 HORAS\" data-order=\"15 DE MAYO DE 2023, A LAS 13:55 HORAS\" >15 DE MAYO DE 2023, A LAS 13:55 HORAS <\/td><td data-cell-id=\"B330\" data-x=\"1\" data-y=\"330\" data-db-index=\"330\" class=\"fsize-18\" data-cell-type=\"text\" data-original-value=\"ANTONIO G\u00d3MEZ SAUCEDO, EN SU CALIDAD DE REPRESENTANTE DEL PARTIDO DEL TRABAJO ANTE EL CONSEJO GENERAL DEL IEEC\" data-order=\"ANTONIO G\u00d3MEZ SAUCEDO, EN SU CALIDAD DE REPRESENTANTE DEL PARTIDO DEL TRABAJO ANTE EL CONSEJO GENERAL DEL IEEC\" >ANTONIO G\u00d3MEZ SAUCEDO, EN SU CALIDAD DE REPRESENTANTE DEL PARTIDO DEL TRABAJO ANTE EL CONSEJO GENERAL DEL IEEC <\/td><td data-cell-id=\"C330\" data-x=\"2\" data-y=\"330\" data-db-index=\"330\" class=\"fsize-18\" data-cell-type=\"text\" data-original-value=\"DIRECCI\u00d3N EJECUTIVA DE ADMINISTRACI\u00d3N, PRERROGATIVAS DE PARTIDOS Y ASOCIACIONES POL\u00cdTICAS DEL INSTITUTO ELECTORAL DEL ESTADO DE CAMPECHE\" data-order=\"DIRECCI\u00d3N EJECUTIVA DE ADMINISTRACI\u00d3N, PRERROGATIVAS DE PARTIDOS Y ASOCIACIONES POL\u00cdTICAS DEL INSTITUTO ELECTORAL DEL ESTADO DE CAMPECHE\" >DIRECCI\u00d3N EJECUTIVA DE ADMINISTRACI\u00d3N, PRERROGATIVAS DE PARTIDOS Y ASOCIACIONES POL\u00cdTICAS DEL INSTITUTO ELECTORAL DEL ESTADO DE CAMPECHE <\/td><td data-cell-id=\"D330\" data-x=\"3\" data-y=\"330\" data-db-index=\"330\" class=\"fsize-18\" data-cell-type=\"text\" data-original-value=\"&lt;a href=&quot;https:\/\/teec.org.mx\/web\/wp-content\/uploads\/2023\/05\/TEEC-RAP-1-2023-15-05-2023.pdf&quot; target=&quot;_blank&quot;&gt;TEEC\/RAP\/1\/2023 (SE TURNA DOCUMENTACI\u00d3N)&lt;\/a&gt;\" data-order=\"&lt;a href=&quot;https:\/\/teec.org.mx\/web\/wp-content\/uploads\/2023\/05\/TEEC-RAP-1-2023-15-05-2023.pdf&quot; target=&quot;_blank&quot;&gt;TEEC\/RAP\/1\/2023 (SE TURNA DOCUMENTACI\u00d3N)&lt;\/a&gt;\" ><a href=\"https:\/\/teec.org.mx\/web\/wp-content\/uploads\/2023\/05\/TEEC-RAP-1-2023-15-05-2023.pdf\" target=\"_blank\">TEEC\/RAP\/1\/2023 (SE TURNA DOCUMENTACI\u00d3N)<\/a><\/td><\/tr><tr style=\"height:px\" ><td data-cell-id=\"A331\" data-x=\"0\" data-y=\"331\" data-db-index=\"331\" class=\"fsize-18\" data-cell-type=\"text\" data-original-value=\"15 DE MAYO DE 2023, A LAS 13:05 HORAS\" data-order=\"15 DE MAYO DE 2023, A LAS 13:05 HORAS\" >15 DE MAYO DE 2023, A LAS 13:05 HORAS <\/td><td data-cell-id=\"B331\" data-x=\"1\" data-y=\"331\" data-db-index=\"331\" class=\"fsize-18\" data-cell-type=\"text\" data-original-value=\"C\u00c9SAR CUAUHT\u00c9MOC S\u00c1NCHEZ CABRERA DIRECTOR GENERAL DE LO CONTENCIOSO DE LA CONSEJER\u00cdA JUR\u00cdDICA DEL PODER EJECUTIVO DEL ESTADO DE CAMPECHE\" data-order=\"C\u00c9SAR CUAUHT\u00c9MOC S\u00c1NCHEZ CABRERA DIRECTOR GENERAL DE LO CONTENCIOSO DE LA CONSEJER\u00cdA JUR\u00cdDICA DEL PODER EJECUTIVO DEL ESTADO DE CAMPECHE\" >C\u00c9SAR CUAUHT\u00c9MOC S\u00c1NCHEZ CABRERA DIRECTOR GENERAL DE LO CONTENCIOSO DE LA CONSEJER\u00cdA JUR\u00cdDICA DEL PODER EJECUTIVO DEL ESTADO DE CAMPECHE <\/td><td data-cell-id=\"C331\" data-x=\"2\" data-y=\"331\" data-db-index=\"331\" class=\"fsize-18\" data-cell-type=\"text\" data-original-value=\"JUNTA GENERAL EJECUTIVA DEL INSTITUTO ELECTORAL DEL ESTADO DE CAMPECHE\" data-order=\"JUNTA GENERAL EJECUTIVA DEL INSTITUTO ELECTORAL DEL ESTADO DE CAMPECHE\" >JUNTA GENERAL EJECUTIVA DEL INSTITUTO ELECTORAL DEL ESTADO DE CAMPECHE <\/td><td data-cell-id=\"D331\" data-x=\"3\" data-y=\"331\" data-db-index=\"331\" class=\"fsize-18\" data-cell-type=\"text\" data-original-value=\"&lt;a href=&quot;https:\/\/teec.org.mx\/web\/wp-content\/uploads\/2023\/05\/TEEC-RAP-5-2023-15-05-2023.pdf&quot; target=&quot;_blank&quot;&gt;TEEC\/RAP\/5\/2023 (ACUERDO DE TURNO)&lt;\/a&gt;\" data-order=\"&lt;a href=&quot;https:\/\/teec.org.mx\/web\/wp-content\/uploads\/2023\/05\/TEEC-RAP-5-2023-15-05-2023.pdf&quot; target=&quot;_blank&quot;&gt;TEEC\/RAP\/5\/2023 (ACUERDO DE TURNO)&lt;\/a&gt;\" ><a href=\"https:\/\/teec.org.mx\/web\/wp-content\/uploads\/2023\/05\/TEEC-RAP-5-2023-15-05-2023.pdf\" target=\"_blank\">TEEC\/RAP\/5\/2023 (ACUERDO DE TURNO)<\/a><\/td><\/tr><tr style=\"height:px\" ><td data-cell-id=\"A332\" data-x=\"0\" data-y=\"332\" data-db-index=\"332\" class=\"fsize-18\" data-cell-type=\"text\" data-original-value=\"15 DE MAYO DE 2023, A LAS 11:15 HORAS\" data-order=\"15 DE MAYO DE 2023, A LAS 11:15 HORAS\" >15 DE MAYO DE 2023, A LAS 11:15 HORAS <\/td><td data-cell-id=\"B332\" data-x=\"1\" data-y=\"332\" data-db-index=\"332\" class=\"fsize-18\" data-cell-type=\"text\" data-original-value=\"ALEX ABRAHAM NAAL QUINTAL, EN SU CALIDAD DE REPRESENTANTE SUPLENTE ANTE EL CONSEJO GENERAL DEL INSTITUTO ELECTORAL DEL ESTADO DE CAMP\" data-order=\"ALEX ABRAHAM NAAL QUINTAL, EN SU CALIDAD DE REPRESENTANTE SUPLENTE ANTE EL CONSEJO GENERAL DEL INSTITUTO ELECTORAL DEL ESTADO DE CAMP\" >ALEX ABRAHAM NAAL QUINTAL, EN SU CALIDAD DE REPRESENTANTE SUPLENTE ANTE EL CONSEJO GENERAL DEL INSTITUTO ELECTORAL DEL ESTADO DE CAMP <\/td><td data-cell-id=\"C332\" data-x=\"2\" data-y=\"332\" data-db-index=\"332\" class=\"fsize-18\" data-cell-type=\"text\" data-original-value=\"JUNTA GENERAL EJECUTIVA DEL INSTITUTO ELECTORAL DEL ESTADO DE CAMPECHE\" data-order=\"JUNTA GENERAL EJECUTIVA DEL INSTITUTO ELECTORAL DEL ESTADO DE CAMPECHE\" >JUNTA GENERAL EJECUTIVA DEL INSTITUTO ELECTORAL DEL ESTADO DE CAMPECHE <\/td><td data-cell-id=\"D332\" data-x=\"3\" data-y=\"332\" data-db-index=\"332\" class=\"fsize-18\" data-cell-type=\"text\" data-original-value=\"&lt;a href=&quot;https:\/\/teec.org.mx\/web\/wp-content\/uploads\/2023\/05\/TEEC-RAP-4-2023-15-05-2023.pdf&quot; target=&quot;_blank&quot;&gt;TEEC\/RAP\/4\/2023 (ACUERDO DE TURNO)&lt;\/a&gt;\" data-order=\"&lt;a href=&quot;https:\/\/teec.org.mx\/web\/wp-content\/uploads\/2023\/05\/TEEC-RAP-4-2023-15-05-2023.pdf&quot; target=&quot;_blank&quot;&gt;TEEC\/RAP\/4\/2023 (ACUERDO DE TURNO)&lt;\/a&gt;\" ><a href=\"https:\/\/teec.org.mx\/web\/wp-content\/uploads\/2023\/05\/TEEC-RAP-4-2023-15-05-2023.pdf\" target=\"_blank\">TEEC\/RAP\/4\/2023 (ACUERDO DE TURNO)<\/a><\/td><\/tr><tr style=\"height:px\" ><td data-cell-id=\"A333\" data-x=\"0\" data-y=\"333\" data-db-index=\"333\" class=\"fsize-18\" data-cell-type=\"text\" data-original-value=\"04 DE MAYO DE 2023, A LAS 10:25 HORAS\" data-order=\"04 DE MAYO DE 2023, A LAS 10:25 HORAS\" >04 DE MAYO DE 2023, A LAS 10:25 HORAS <\/td><td data-cell-id=\"B333\" data-x=\"1\" data-y=\"333\" data-db-index=\"333\" class=\"fsize-18\" data-cell-type=\"text\" data-original-value=\"PEDRO ESTRADA C\u00d3RDOVA, REPRESENTANTE DEL PARTIDO MOVIMIENTO CIUDADANO ANTE EL CONSEJO GENERAL DEL INSTITUTO ELECTORAL DEL ESTADO DE CAMPECHE\" data-order=\"PEDRO ESTRADA C\u00d3RDOVA, REPRESENTANTE DEL PARTIDO MOVIMIENTO CIUDADANO ANTE EL CONSEJO GENERAL DEL INSTITUTO ELECTORAL DEL ESTADO DE CAMPECHE\" >PEDRO ESTRADA C\u00d3RDOVA, REPRESENTANTE DEL PARTIDO MOVIMIENTO CIUDADANO ANTE EL CONSEJO GENERAL DEL INSTITUTO ELECTORAL DEL ESTADO DE CAMPECHE <\/td><td data-cell-id=\"C333\" data-x=\"2\" data-y=\"333\" data-db-index=\"333\" class=\"fsize-18\" data-cell-type=\"text\" data-original-value=\"TRIBUNAL ELECTORAL DEL ESTADO DE CAMPECHE\" data-order=\"TRIBUNAL ELECTORAL DEL ESTADO DE CAMPECHE\" >TRIBUNAL ELECTORAL DEL ESTADO DE CAMPECHE <\/td><td data-cell-id=\"D333\" data-x=\"3\" data-y=\"333\" data-db-index=\"333\" class=\"fsize-18\" data-cell-type=\"text\" data-original-value=\"&lt;a href=&quot;https:\/\/teec.org.mx\/web\/wp-content\/uploads\/2023\/05\/TEEC-RAP-2-2023-y-acum.-3er-acu.-04-05-2023.pdf&quot; target=&quot;_blank&quot;&gt;TEEC\/RAP\/2\/2023 Y SU ACUMULADO TEEC\/RAP\/3\/2023 (SE COMUNICA C\u00c9DULA DE RETIRO Y NO COMPARECENCIA DE TERCERO INTERESADO)&lt;\/a&gt;\" data-order=\"&lt;a href=&quot;https:\/\/teec.org.mx\/web\/wp-content\/uploads\/2023\/05\/TEEC-RAP-2-2023-y-acum.-3er-acu.-04-05-2023.pdf&quot; target=&quot;_blank&quot;&gt;TEEC\/RAP\/2\/2023 Y SU ACUMULADO TEEC\/RAP\/3\/2023 (SE COMUNICA C\u00c9DULA DE RETIRO Y NO COMPARECENCIA DE TERCERO INTERESADO)&lt;\/a&gt;\" ><a href=\"https:\/\/teec.org.mx\/web\/wp-content\/uploads\/2023\/05\/TEEC-RAP-2-2023-y-acum.-3er-acu.-04-05-2023.pdf\" target=\"_blank\">TEEC\/RAP\/2\/2023 Y SU ACUMULADO TEEC\/RAP\/3\/2023 (SE COMUNICA C\u00c9DULA DE RETIRO Y NO COMPARECENCIA DE TERCERO INTERESADO)<\/a><\/td><\/tr><tr style=\"height:px\" ><td data-cell-id=\"A334\" data-x=\"0\" data-y=\"334\" data-db-index=\"334\" class=\"fsize-18\" data-cell-type=\"text\" data-original-value=\"04 DE MAYO DE 2023, A LAS 10:15 HORAS\" data-order=\"04 DE MAYO DE 2023, A LAS 10:15 HORAS\" >04 DE MAYO DE 2023, A LAS 10:15 HORAS <\/td><td data-cell-id=\"B334\" data-x=\"1\" data-y=\"334\" data-db-index=\"334\" class=\"fsize-18\" data-cell-type=\"text\" data-original-value=\"CESAR ISMAEL MART\u00cdN EHU\u00c1N, REPRESENTANTE PROPIETARIO DEL PARTIDO ACCI\u00d3N NACIONAL ANTE EL CONSEJO GENERAL DEL INSTITUTO ELECTORAL DEL ESTADO DE CAMPECHE\" data-order=\"CESAR ISMAEL MART\u00cdN EHU\u00c1N, REPRESENTANTE PROPIETARIO DEL PARTIDO ACCI\u00d3N NACIONAL ANTE EL CONSEJO GENERAL DEL INSTITUTO ELECTORAL DEL ESTADO DE CAMPECHE\" >CESAR ISMAEL MART\u00cdN EHU\u00c1N, REPRESENTANTE PROPIETARIO DEL PARTIDO ACCI\u00d3N NACIONAL ANTE EL CONSEJO GENERAL DEL INSTITUTO ELECTORAL DEL ESTADO DE CAMPECHE <\/td><td data-cell-id=\"C334\" data-x=\"2\" data-y=\"334\" data-db-index=\"334\" class=\"fsize-18\" data-cell-type=\"text\" data-original-value=\"TRIBUNAL ELECTORAL DEL ESTADO DE CAMPECHE\" data-order=\"TRIBUNAL ELECTORAL DEL ESTADO DE CAMPECHE\" >TRIBUNAL ELECTORAL DEL ESTADO DE CAMPECHE <\/td><td data-cell-id=\"D334\" data-x=\"3\" data-y=\"334\" data-db-index=\"334\" class=\"fsize-18\" data-cell-type=\"text\" data-original-value=\"&lt;a href=&quot;https:\/\/teec.org.mx\/web\/wp-content\/uploads\/2023\/05\/TEEC-RAP-2-2023-y-acum.-2do-acu.-04-05-2023.pdf&quot; target=&quot;_blank&quot;&gt;TEEC\/RAP\/2\/2023 Y SU ACUMULADO TEEC\/RAP\/3\/2023 (SE COMUNICA C\u00c9DULA DE RETIRO Y NO COMPARECENCIA DE TERCERO INTERESADO)&lt;\/a&gt;\" data-order=\"&lt;a href=&quot;https:\/\/teec.org.mx\/web\/wp-content\/uploads\/2023\/05\/TEEC-RAP-2-2023-y-acum.-2do-acu.-04-05-2023.pdf&quot; target=&quot;_blank&quot;&gt;TEEC\/RAP\/2\/2023 Y SU ACUMULADO TEEC\/RAP\/3\/2023 (SE COMUNICA C\u00c9DULA DE RETIRO Y NO COMPARECENCIA DE TERCERO INTERESADO)&lt;\/a&gt;\" ><a href=\"https:\/\/teec.org.mx\/web\/wp-content\/uploads\/2023\/05\/TEEC-RAP-2-2023-y-acum.-2do-acu.-04-05-2023.pdf\" target=\"_blank\">TEEC\/RAP\/2\/2023 Y SU ACUMULADO TEEC\/RAP\/3\/2023 (SE COMUNICA C\u00c9DULA DE RETIRO Y NO COMPARECENCIA DE TERCERO INTERESADO)<\/a><\/td><\/tr><tr style=\"height:px\" ><td data-cell-id=\"A335\" data-x=\"0\" data-y=\"335\" data-db-index=\"335\" class=\"fsize-18\" data-cell-type=\"text\" data-original-value=\"04 DE MAYO DE 2023, A LAS 9:45 HORAS\" data-order=\"04 DE MAYO DE 2023, A LAS 9:45 HORAS\" >04 DE MAYO DE 2023, A LAS 9:45 HORAS <\/td><td data-cell-id=\"B335\" data-x=\"1\" data-y=\"335\" data-db-index=\"335\" class=\"fsize-18\" data-cell-type=\"text\" data-original-value=\"MOVIMIENTO CIUDADANO\" data-order=\"MOVIMIENTO CIUDADANO\" >MOVIMIENTO CIUDADANO <\/td><td data-cell-id=\"C335\" data-x=\"2\" data-y=\"335\" data-db-index=\"335\" class=\"fsize-18\" data-cell-type=\"text\" data-original-value=\"TRIBUNAL ELECTORAL DEL ESTADO DE CAMPECHE\" data-order=\"TRIBUNAL ELECTORAL DEL ESTADO DE CAMPECHE\" >TRIBUNAL ELECTORAL DEL ESTADO DE CAMPECHE <\/td><td data-cell-id=\"D335\" data-x=\"3\" data-y=\"335\" data-db-index=\"335\" class=\"fsize-18\" data-cell-type=\"text\" data-original-value=\"&lt;a href=&quot;https:\/\/teec.org.mx\/web\/wp-content\/uploads\/2023\/05\/TEEC-RAP-2-2023-y-acum.-04-05-2023.pdf&quot; target=&quot;_blank&quot;&gt;TEEC\/RAP\/2\/2023 Y SU ACUMULADO TEEC\/RAP\/3\/2023 (SE DA POR NOTIFICADA ESTA AUTORIDAD DEL ACUERDO DE SALA REGIONAL)&lt;\/a&gt;\" data-order=\"&lt;a href=&quot;https:\/\/teec.org.mx\/web\/wp-content\/uploads\/2023\/05\/TEEC-RAP-2-2023-y-acum.-04-05-2023.pdf&quot; target=&quot;_blank&quot;&gt;TEEC\/RAP\/2\/2023 Y SU ACUMULADO TEEC\/RAP\/3\/2023 (SE DA POR NOTIFICADA ESTA AUTORIDAD DEL ACUERDO DE SALA REGIONAL)&lt;\/a&gt;\" ><a href=\"https:\/\/teec.org.mx\/web\/wp-content\/uploads\/2023\/05\/TEEC-RAP-2-2023-y-acum.-04-05-2023.pdf\" target=\"_blank\">TEEC\/RAP\/2\/2023 Y SU ACUMULADO TEEC\/RAP\/3\/2023 (SE DA POR NOTIFICADA ESTA AUTORIDAD DEL ACUERDO DE SALA REGIONAL)<\/a><\/td><\/tr><tr style=\"height:px\" ><td data-cell-id=\"A336\" data-x=\"0\" data-y=\"336\" data-db-index=\"336\" class=\"fsize-18\" data-cell-type=\"text\" data-original-value=\"04 DE ABRIL DE 2023, A LAS 13:15 HORAS\" data-order=\"04 DE ABRIL DE 2023, A LAS 13:15 HORAS\" >04 DE ABRIL DE 2023, A LAS 13:15 HORAS <\/td><td data-cell-id=\"B336\" data-x=\"1\" data-y=\"336\" data-db-index=\"336\" class=\"fsize-18\" data-cell-type=\"text\" data-original-value=\"ANTONIO G\u00d3MEZ SAUCEDO, EN SU CALIDAD DE REPRESENTANTE DEL PARTIDO DEL TRABAJO ANTE EL CONSEJO GENERAL DEL INSTITUTO ELECTORAL DEL ESTADO DE CAMPECHE\" data-order=\"ANTONIO G\u00d3MEZ SAUCEDO, EN SU CALIDAD DE REPRESENTANTE DEL PARTIDO DEL TRABAJO ANTE EL CONSEJO GENERAL DEL INSTITUTO ELECTORAL DEL ESTADO DE CAMPECHE\" >ANTONIO G\u00d3MEZ SAUCEDO, EN SU CALIDAD DE REPRESENTANTE DEL PARTIDO DEL TRABAJO ANTE EL CONSEJO GENERAL DEL INSTITUTO ELECTORAL DEL ESTADO DE CAMPECHE <\/td><td data-cell-id=\"C336\" data-x=\"2\" data-y=\"336\" data-db-index=\"336\" class=\"fsize-18\" data-cell-type=\"text\" data-original-value=\"DIRECCI\u00d3N EJECUTIVA DE ADMINISTRACI\u00d3N, PRERROGATIVAS DE PARTIDOS Y ASOCIACIONES POL\u00cdTICAS DEL INSTITUTO ELECTORAL DEL ESTADO DE CAMPECHE\" data-order=\"DIRECCI\u00d3N EJECUTIVA DE ADMINISTRACI\u00d3N, PRERROGATIVAS DE PARTIDOS Y ASOCIACIONES POL\u00cdTICAS DEL INSTITUTO ELECTORAL DEL ESTADO DE CAMPECHE\" >DIRECCI\u00d3N EJECUTIVA DE ADMINISTRACI\u00d3N, PRERROGATIVAS DE PARTIDOS Y ASOCIACIONES POL\u00cdTICAS DEL INSTITUTO ELECTORAL DEL ESTADO DE CAMPECHE <\/td><td data-cell-id=\"D336\" data-x=\"3\" data-y=\"336\" data-db-index=\"336\" class=\"fsize-18\" data-cell-type=\"text\" data-original-value=\"&lt;a href=&quot;https:\/\/teec.org.mx\/web\/wp-content\/uploads\/2023\/04\/TEEC-RAP-1-2023-04-04-2023.pdf&quot; target=&quot;_blank&quot;&gt;TEEC\/RAP\/1\/2023 (SE ACUMULA DOCUMENTACI\u00d3N)&lt;\/a&gt;\" data-order=\"&lt;a href=&quot;https:\/\/teec.org.mx\/web\/wp-content\/uploads\/2023\/04\/TEEC-RAP-1-2023-04-04-2023.pdf&quot; target=&quot;_blank&quot;&gt;TEEC\/RAP\/1\/2023 (SE ACUMULA DOCUMENTACI\u00d3N)&lt;\/a&gt;\" ><a href=\"https:\/\/teec.org.mx\/web\/wp-content\/uploads\/2023\/04\/TEEC-RAP-1-2023-04-04-2023.pdf\" target=\"_blank\">TEEC\/RAP\/1\/2023 (SE ACUMULA DOCUMENTACI\u00d3N)<\/a><\/td><\/tr><tr style=\"height:px\" ><td data-cell-id=\"A337\" data-x=\"0\" data-y=\"337\" data-db-index=\"337\" class=\"fsize-18\" data-cell-type=\"text\" data-original-value=\"04 DE ABRIL DE 2023, A LAS 9:40 HORAS\" data-order=\"04 DE ABRIL DE 2023, A LAS 9:40 HORAS\" >04 DE ABRIL DE 2023, A LAS 9:40 HORAS <\/td><td data-cell-id=\"B337\" data-x=\"1\" data-y=\"337\" data-db-index=\"337\" class=\"fsize-18\" data-cell-type=\"text\" data-original-value=\"PEDRO ESTRADA C\u00d3RDOVA, REPRESENTANTE DEL PARTIDO MOVIMIENTO CIUDADANO ANTE EL CONSEJO GENERAL DEL INSTITUTO ELECTORAL DEL ESTADO DE CAMPECHE\" data-order=\"PEDRO ESTRADA C\u00d3RDOVA, REPRESENTANTE DEL PARTIDO MOVIMIENTO CIUDADANO ANTE EL CONSEJO GENERAL DEL INSTITUTO ELECTORAL DEL ESTADO DE CAMPECHE\" >PEDRO ESTRADA C\u00d3RDOVA, REPRESENTANTE DEL PARTIDO MOVIMIENTO CIUDADANO ANTE EL CONSEJO GENERAL DEL INSTITUTO ELECTORAL DEL ESTADO DE CAMPECHE <\/td><td data-cell-id=\"C337\" data-x=\"2\" data-y=\"337\" data-db-index=\"337\" class=\"fsize-18\" data-cell-type=\"text\" data-original-value=\"TRIBUNAL ELECTORAL DEL ESTADO DE CAMPECHE\" data-order=\"TRIBUNAL ELECTORAL DEL ESTADO DE CAMPECHE\" >TRIBUNAL ELECTORAL DEL ESTADO DE CAMPECHE <\/td><td data-cell-id=\"D337\" data-x=\"3\" data-y=\"337\" data-db-index=\"337\" class=\"fsize-18\" data-cell-type=\"text\" data-original-value=\"&lt;a href=&quot;https:\/\/teec.org.mx\/web\/wp-content\/uploads\/2023\/04\/TEEC-RAP-2-2023-y-acum.-2do-acu.-04-04-2023.pdf&quot; target=&quot;_blank&quot;&gt;TEEC\/RAP\/2\/2023 Y SU ACUMULADO TEEC\/RAP\/3\/2023 (SE DA TRAMITE A MEDIO DE IMPUGNACI\u00d3N FEDERAL)&lt;\/a&gt;\" data-order=\"&lt;a href=&quot;https:\/\/teec.org.mx\/web\/wp-content\/uploads\/2023\/04\/TEEC-RAP-2-2023-y-acum.-2do-acu.-04-04-2023.pdf&quot; target=&quot;_blank&quot;&gt;TEEC\/RAP\/2\/2023 Y SU ACUMULADO TEEC\/RAP\/3\/2023 (SE DA TRAMITE A MEDIO DE IMPUGNACI\u00d3N FEDERAL)&lt;\/a&gt;\" ><a href=\"https:\/\/teec.org.mx\/web\/wp-content\/uploads\/2023\/04\/TEEC-RAP-2-2023-y-acum.-2do-acu.-04-04-2023.pdf\" target=\"_blank\">TEEC\/RAP\/2\/2023 Y SU ACUMULADO TEEC\/RAP\/3\/2023 (SE DA TRAMITE A MEDIO DE IMPUGNACI\u00d3N FEDERAL)<\/a><\/td><\/tr><tr style=\"height:px\" ><td data-cell-id=\"A338\" data-x=\"0\" data-y=\"338\" data-db-index=\"338\" class=\"fsize-18\" data-cell-type=\"text\" data-original-value=\"04 DE ABRIL DE 2023, A LAS 9:30 HORAS\" data-order=\"04 DE ABRIL DE 2023, A LAS 9:30 HORAS\" >04 DE ABRIL DE 2023, A LAS 9:30 HORAS <\/td><td data-cell-id=\"B338\" data-x=\"1\" data-y=\"338\" data-db-index=\"338\" class=\"fsize-18\" data-cell-type=\"text\" data-original-value=\"CESAR ISMAEL MART\u00cdN EHU\u00c1N, REPRESENTANTE PROPIETARIO DEL PARTIDO ACCI\u00d3N NACIONAL ANTE EL CONSEJO GENERAL DEL INSTITUTO ELECTORAL DEL ESTADO DE CAMPECHE\" data-order=\"CESAR ISMAEL MART\u00cdN EHU\u00c1N, REPRESENTANTE PROPIETARIO DEL PARTIDO ACCI\u00d3N NACIONAL ANTE EL CONSEJO GENERAL DEL INSTITUTO ELECTORAL DEL ESTADO DE CAMPECHE\" >CESAR ISMAEL MART\u00cdN EHU\u00c1N, REPRESENTANTE PROPIETARIO DEL PARTIDO ACCI\u00d3N NACIONAL ANTE EL CONSEJO GENERAL DEL INSTITUTO ELECTORAL DEL ESTADO DE CAMPECHE <\/td><td data-cell-id=\"C338\" data-x=\"2\" data-y=\"338\" data-db-index=\"338\" class=\"fsize-18\" data-cell-type=\"text\" data-original-value=\"TRIBUNAL ELECTORAL DEL ESTADO DE CAMPECHE\" data-order=\"TRIBUNAL ELECTORAL DEL ESTADO DE CAMPECHE\" >TRIBUNAL ELECTORAL DEL ESTADO DE CAMPECHE <\/td><td data-cell-id=\"D338\" data-x=\"3\" data-y=\"338\" data-db-index=\"338\" class=\"fsize-18\" data-cell-type=\"text\" data-original-value=\"&lt;a href=&quot;https:\/\/teec.org.mx\/web\/wp-content\/uploads\/2023\/04\/TEEC-RAP-2-2023-y-acum.-1er-acu.-04-04-2023.pdf&quot; target=&quot;_blank&quot;&gt;TEEC\/RAP\/2\/2023 Y SU ACUMULADO TEEC\/RAP\/3\/2023 (SE DA TRAMITE A MEDIO DE IMPUGNACI\u00d3N FEDERAL)&lt;\/a&gt;\" data-order=\"&lt;a href=&quot;https:\/\/teec.org.mx\/web\/wp-content\/uploads\/2023\/04\/TEEC-RAP-2-2023-y-acum.-1er-acu.-04-04-2023.pdf&quot; target=&quot;_blank&quot;&gt;TEEC\/RAP\/2\/2023 Y SU ACUMULADO TEEC\/RAP\/3\/2023 (SE DA TRAMITE A MEDIO DE IMPUGNACI\u00d3N FEDERAL)&lt;\/a&gt;\" ><a href=\"https:\/\/teec.org.mx\/web\/wp-content\/uploads\/2023\/04\/TEEC-RAP-2-2023-y-acum.-1er-acu.-04-04-2023.pdf\" target=\"_blank\">TEEC\/RAP\/2\/2023 Y SU ACUMULADO TEEC\/RAP\/3\/2023 (SE DA TRAMITE A MEDIO DE IMPUGNACI\u00d3N FEDERAL)<\/a><\/td><\/tr><tr style=\"height:px\" ><td data-cell-id=\"A339\" data-x=\"0\" data-y=\"339\" data-db-index=\"339\" class=\"fsize-18\" data-cell-type=\"text\" data-original-value=\"04 DE ABRIL DE 2023, A LAS 09:15 HORAS\" data-order=\"04 DE ABRIL DE 2023, A LAS 09:15 HORAS\" >04 DE ABRIL DE 2023, A LAS 09:15 HORAS <\/td><td data-cell-id=\"B339\" data-x=\"1\" data-y=\"339\" data-db-index=\"339\" class=\"fsize-18\" data-cell-type=\"text\" data-original-value=\"CESAR ISMAEL MART\u00cdN EHU\u00c1N, REPRESENTANTE PROPIETARIO DEL PARTIDO ACCI\u00d3N NACIONAL ANTE EL CONSEJO GENERAL DEL INSTITUTO ELECTORAL DEL ESTADO DE CAMPECHE Y PEDRO ESTRADA C\u00d3RDOVA, REPRESENTANTE PROPIETARIO DEL PARTIDO MOVIMIENTO CIUDADANO ANTE EL CONSEJO GENERAL DEL INSTITUTO ELECTORAL DEL ESTADO DE CAMPECHE\" data-order=\"CESAR ISMAEL MART\u00cdN EHU\u00c1N, REPRESENTANTE PROPIETARIO DEL PARTIDO ACCI\u00d3N NACIONAL ANTE EL CONSEJO GENERAL DEL INSTITUTO ELECTORAL DEL ESTADO DE CAMPECHE Y PEDRO ESTRADA C\u00d3RDOVA, REPRESENTANTE PROPIETARIO DEL PARTIDO MOVIMIENTO CIUDADANO ANTE EL CONSEJO GENERAL DEL INSTITUTO ELECTORAL DEL ESTADO DE CAMPECHE\" >CESAR ISMAEL MART\u00cdN EHU\u00c1N, REPRESENTANTE PROPIETARIO DEL PARTIDO ACCI\u00d3N NACIONAL ANTE EL CONSEJO GENERAL DEL INSTITUTO ELECTORAL DEL ESTADO DE CAMPECHE Y PEDRO ESTRADA C\u00d3RDOVA, REPRESENTANTE PROPIETARIO DEL PARTIDO MOVIMIENTO CIUDADANO ANTE EL CONSEJO GENERAL DEL INSTITUTO ELECTORAL DEL ESTADO DE CAMPECHE <\/td><td data-cell-id=\"C339\" data-x=\"2\" data-y=\"339\" data-db-index=\"339\" class=\"fsize-18\" data-cell-type=\"text\" data-original-value=\"CONSEJO GENERAL DEL INSTITUTO ELECTORAL DEL ESTADO DE CAMPECHE\" data-order=\"CONSEJO GENERAL DEL INSTITUTO ELECTORAL DEL ESTADO DE CAMPECHE\" >CONSEJO GENERAL DEL INSTITUTO ELECTORAL DEL ESTADO DE CAMPECHE <\/td><td data-cell-id=\"D339\" data-x=\"3\" data-y=\"339\" data-db-index=\"339\" class=\"fsize-18\" data-cell-type=\"text\" data-original-value=\"&lt;a href=&quot;https:\/\/teec.org.mx\/web\/wp-content\/uploads\/2023\/04\/TEEC-RAP-2-2023-y-acum.-04-04-2023.pdf&quot; target=&quot;_blank&quot;&gt;TEEC\/RAP\/2\/2023 Y SU ACUMULADO TEEC\/RAP\/3\/2023 (ACUERDO DE ACUMULACI\u00d3N DE CUMPLIMIENTO AL RESOLUTIVO QUINTO DE SENTENCIA)&lt;\/a&gt;\" data-order=\"&lt;a href=&quot;https:\/\/teec.org.mx\/web\/wp-content\/uploads\/2023\/04\/TEEC-RAP-2-2023-y-acum.-04-04-2023.pdf&quot; target=&quot;_blank&quot;&gt;TEEC\/RAP\/2\/2023 Y SU ACUMULADO TEEC\/RAP\/3\/2023 (ACUERDO DE ACUMULACI\u00d3N DE CUMPLIMIENTO AL RESOLUTIVO QUINTO DE SENTENCIA)&lt;\/a&gt;\" ><a href=\"https:\/\/teec.org.mx\/web\/wp-content\/uploads\/2023\/04\/TEEC-RAP-2-2023-y-acum.-04-04-2023.pdf\" target=\"_blank\">TEEC\/RAP\/2\/2023 Y SU ACUMULADO TEEC\/RAP\/3\/2023 (ACUERDO DE ACUMULACI\u00d3N DE CUMPLIMIENTO AL RESOLUTIVO QUINTO DE SENTENCIA)<\/a><\/td><\/tr><tr style=\"height:px\" ><td data-cell-id=\"A340\" data-x=\"0\" data-y=\"340\" data-db-index=\"340\" class=\"fsize-18\" data-cell-type=\"text\" data-original-value=\"03 DE ABRIL DE 2023, A LAS 13:40 HORAS\" data-order=\"03 DE ABRIL DE 2023, A LAS 13:40 HORAS\" >03 DE ABRIL DE 2023, A LAS 13:40 HORAS <\/td><td data-cell-id=\"B340\" data-x=\"1\" data-y=\"340\" data-db-index=\"340\" class=\"fsize-18\" data-cell-type=\"text\" data-original-value=\"CESAR ISMAEL MART\u00cdN EHU\u00c1N, REPRESENTANTE PROPIETARIO DEL PARTIDO ACCI\u00d3N NACIONAL ANTE EL CONSEJO GENERAL DEL INSTITUTO ELECTORAL DEL ESTADO DE CAMPECHE Y PEDRO ESTRADA C\u00d3RDOVA, REPRESENTANTE PROPIETARIO DEL PARTIDO MOVIMIENTO CIUDADANO ANTE EL CONSEJO GENERAL DEL INSTITUTO ELECTORAL DEL ESTADO DE CAMPECHE\" data-order=\"CESAR ISMAEL MART\u00cdN EHU\u00c1N, REPRESENTANTE PROPIETARIO DEL PARTIDO ACCI\u00d3N NACIONAL ANTE EL CONSEJO GENERAL DEL INSTITUTO ELECTORAL DEL ESTADO DE CAMPECHE Y PEDRO ESTRADA C\u00d3RDOVA, REPRESENTANTE PROPIETARIO DEL PARTIDO MOVIMIENTO CIUDADANO ANTE EL CONSEJO GENERAL DEL INSTITUTO ELECTORAL DEL ESTADO DE CAMPECHE\" >CESAR ISMAEL MART\u00cdN EHU\u00c1N, REPRESENTANTE PROPIETARIO DEL PARTIDO ACCI\u00d3N NACIONAL ANTE EL CONSEJO GENERAL DEL INSTITUTO ELECTORAL DEL ESTADO DE CAMPECHE Y PEDRO ESTRADA C\u00d3RDOVA, REPRESENTANTE PROPIETARIO DEL PARTIDO MOVIMIENTO CIUDADANO ANTE EL CONSEJO GENERAL DEL INSTITUTO ELECTORAL DEL ESTADO DE CAMPECHE <\/td><td data-cell-id=\"C340\" data-x=\"2\" data-y=\"340\" data-db-index=\"340\" class=\"fsize-18\" data-cell-type=\"text\" data-original-value=\"CONSEJO GENERAL DEL INSTITUTO ELECTORAL DEL ESTADO DE CAMPECHE\" data-order=\"CONSEJO GENERAL DEL INSTITUTO ELECTORAL DEL ESTADO DE CAMPECHE\" >CONSEJO GENERAL DEL INSTITUTO ELECTORAL DEL ESTADO DE CAMPECHE <\/td><td data-cell-id=\"D340\" data-x=\"3\" data-y=\"340\" data-db-index=\"340\" class=\"fsize-18\" data-cell-type=\"text\" data-original-value=\"&lt;a href=&quot;https:\/\/teec.org.mx\/web\/wp-content\/uploads\/2023\/04\/TEEC-RAP-2-2023-y-acum.-03-04-2023.pdf&quot; target=&quot;_blank&quot;&gt;TEEC\/RAP\/2\/2023 Y SU ACUMULADO TEEC\/RAP\/3\/2023 (SE TURNA DOCUMENTACI\u00d3N)&lt;\/a&gt;\" data-order=\"&lt;a href=&quot;https:\/\/teec.org.mx\/web\/wp-content\/uploads\/2023\/04\/TEEC-RAP-2-2023-y-acum.-03-04-2023.pdf&quot; target=&quot;_blank&quot;&gt;TEEC\/RAP\/2\/2023 Y SU ACUMULADO TEEC\/RAP\/3\/2023 (SE TURNA DOCUMENTACI\u00d3N)&lt;\/a&gt;\" ><a href=\"https:\/\/teec.org.mx\/web\/wp-content\/uploads\/2023\/04\/TEEC-RAP-2-2023-y-acum.-03-04-2023.pdf\" target=\"_blank\">TEEC\/RAP\/2\/2023 Y SU ACUMULADO TEEC\/RAP\/3\/2023 (SE TURNA DOCUMENTACI\u00d3N)<\/a><\/td><\/tr><tr style=\"height:px\" ><td data-cell-id=\"A341\" data-x=\"0\" data-y=\"341\" data-db-index=\"341\" class=\"fsize-18\" data-cell-type=\"text\" data-original-value=\"03 DE ABRIL DE 2023, A LAS 13:06 HORAS\" data-order=\"03 DE ABRIL DE 2023, A LAS 13:06 HORAS\" >03 DE ABRIL DE 2023, A LAS 13:06 HORAS <\/td><td data-cell-id=\"B341\" data-x=\"1\" data-y=\"341\" data-db-index=\"341\" class=\"fsize-18\" data-cell-type=\"text\" data-original-value=\"ANTONIO G\u00d3MEZ SAUCEDO, EN SU CALIDAD DE REPRESENTANTE DEL PARTIDO DEL TRABAJO ANTE EL CONSEJO GENERAL DEL INSTITUTO ELECTORAL DEL ESTADO DE CAMPECHE\" data-order=\"ANTONIO G\u00d3MEZ SAUCEDO, EN SU CALIDAD DE REPRESENTANTE DEL PARTIDO DEL TRABAJO ANTE EL CONSEJO GENERAL DEL INSTITUTO ELECTORAL DEL ESTADO DE CAMPECHE\" >ANTONIO G\u00d3MEZ SAUCEDO, EN SU CALIDAD DE REPRESENTANTE DEL PARTIDO DEL TRABAJO ANTE EL CONSEJO GENERAL DEL INSTITUTO ELECTORAL DEL ESTADO DE CAMPECHE <\/td><td data-cell-id=\"C341\" data-x=\"2\" data-y=\"341\" data-db-index=\"341\" class=\"fsize-18\" data-cell-type=\"text\" data-original-value=\"DIRECCI\u00d3N EJECUTIVA DE ADMINISTRACI\u00d3N, PRERROGATIVAS DE PARTIDOS Y ASOCIACIONES POL\u00cdTICAS DEL INSTITUTO ELECTORAL DEL ESTADO DE CAMPECHE\" data-order=\"DIRECCI\u00d3N EJECUTIVA DE ADMINISTRACI\u00d3N, PRERROGATIVAS DE PARTIDOS Y ASOCIACIONES POL\u00cdTICAS DEL INSTITUTO ELECTORAL DEL ESTADO DE CAMPECHE\" >DIRECCI\u00d3N EJECUTIVA DE ADMINISTRACI\u00d3N, PRERROGATIVAS DE PARTIDOS Y ASOCIACIONES POL\u00cdTICAS DEL INSTITUTO ELECTORAL DEL ESTADO DE CAMPECHE <\/td><td data-cell-id=\"D341\" data-x=\"3\" data-y=\"341\" data-db-index=\"341\" class=\"fsize-18\" data-cell-type=\"text\" data-original-value=\"&lt;a href=&quot;https:\/\/teec.org.mx\/web\/wp-content\/uploads\/2023\/04\/TEEC-RAP-1-2023-03-04-2023.pdf&quot; target=&quot;_blank&quot;&gt;TEEC\/RAP\/1\/2023 (ACUERDO SE TURNA DOCUMENTACI\u00d3N)&lt;\/a&gt;\" data-order=\"&lt;a href=&quot;https:\/\/teec.org.mx\/web\/wp-content\/uploads\/2023\/04\/TEEC-RAP-1-2023-03-04-2023.pdf&quot; target=&quot;_blank&quot;&gt;TEEC\/RAP\/1\/2023 (ACUERDO SE TURNA DOCUMENTACI\u00d3N)&lt;\/a&gt;\" ><a href=\"https:\/\/teec.org.mx\/web\/wp-content\/uploads\/2023\/04\/TEEC-RAP-1-2023-03-04-2023.pdf\" target=\"_blank\">TEEC\/RAP\/1\/2023 (ACUERDO SE TURNA DOCUMENTACI\u00d3N)<\/a><\/td><\/tr><tr style=\"height:px\" ><td data-cell-id=\"A342\" data-x=\"0\" data-y=\"342\" data-db-index=\"342\" class=\"fsize-18\" data-cell-type=\"text\" data-original-value=\"28 DE MARZO DE 2023, A LAS 11:45 HORAS\" data-order=\"28 DE MARZO DE 2023, A LAS 11:45 HORAS\" >28 DE MARZO DE 2023, A LAS 11:45 HORAS <\/td><td data-cell-id=\"B342\" data-x=\"1\" data-y=\"342\" data-db-index=\"342\" class=\"fsize-18\" data-cell-type=\"text\" data-original-value=\"CESAR ISMAEL MART\u00cdN EHU\u00c1N, REPRESENTANTE PROPIETARIO DEL PARTIDO ACCI\u00d3N NACIONAL ANTE EL CONSEJO GENERAL DEL INSTITUTO ELECTORAL DEL ESTADO DE CAMPECHE Y PEDRO ESTRADA C\u00d3RDOVA, REPRESENTANTE PROPIETARIO DEL PARTIDO MOVIMIENTO CIUDADANO ANTE EL CONSEJO GENERAL DEL INSTITUTO ELECTORAL DEL ESTADO DE CAMPECHE\" data-order=\"CESAR ISMAEL MART\u00cdN EHU\u00c1N, REPRESENTANTE PROPIETARIO DEL PARTIDO ACCI\u00d3N NACIONAL ANTE EL CONSEJO GENERAL DEL INSTITUTO ELECTORAL DEL ESTADO DE CAMPECHE Y PEDRO ESTRADA C\u00d3RDOVA, REPRESENTANTE PROPIETARIO DEL PARTIDO MOVIMIENTO CIUDADANO ANTE EL CONSEJO GENERAL DEL INSTITUTO ELECTORAL DEL ESTADO DE CAMPECHE\" >CESAR ISMAEL MART\u00cdN EHU\u00c1N, REPRESENTANTE PROPIETARIO DEL PARTIDO ACCI\u00d3N NACIONAL ANTE EL CONSEJO GENERAL DEL INSTITUTO ELECTORAL DEL ESTADO DE CAMPECHE Y PEDRO ESTRADA C\u00d3RDOVA, REPRESENTANTE PROPIETARIO DEL PARTIDO MOVIMIENTO CIUDADANO ANTE EL CONSEJO GENERAL DEL INSTITUTO ELECTORAL DEL ESTADO DE CAMPECHE <\/td><td data-cell-id=\"C342\" data-x=\"2\" data-y=\"342\" data-db-index=\"342\" class=\"fsize-18\" data-cell-type=\"text\" data-original-value=\"CONSEJO GENERAL DEL INSTITUTO ELECTORAL DEL ESTADO DE CAMPECHE\" data-order=\"CONSEJO GENERAL DEL INSTITUTO ELECTORAL DEL ESTADO DE CAMPECHE\" >CONSEJO GENERAL DEL INSTITUTO ELECTORAL DEL ESTADO DE CAMPECHE <\/td><td data-cell-id=\"D342\" data-x=\"3\" data-y=\"342\" data-db-index=\"342\" class=\"fsize-18\" data-cell-type=\"text\" data-original-value=\"&lt;a href=&quot;https:\/\/teec.org.mx\/web\/wp-content\/uploads\/2023\/03\/TEEC-RAP-2-023-y-acum.-sentencia-28-03-2023.pdf&quot; target=&quot;_blank&quot;&gt;TEEC\/RAP\/2\/2023 Y SU ACUMULADO TEEC\/RAP\/3\/2023 (SENTENCIA)&lt;\/a&gt;\" data-order=\"&lt;a href=&quot;https:\/\/teec.org.mx\/web\/wp-content\/uploads\/2023\/03\/TEEC-RAP-2-023-y-acum.-sentencia-28-03-2023.pdf&quot; target=&quot;_blank&quot;&gt;TEEC\/RAP\/2\/2023 Y SU ACUMULADO TEEC\/RAP\/3\/2023 (SENTENCIA)&lt;\/a&gt;\" ><a href=\"https:\/\/teec.org.mx\/web\/wp-content\/uploads\/2023\/03\/TEEC-RAP-2-023-y-acum.-sentencia-28-03-2023.pdf\" target=\"_blank\">TEEC\/RAP\/2\/2023 Y SU ACUMULADO TEEC\/RAP\/3\/2023 (SENTENCIA)<\/a><\/td><\/tr><tr style=\"height:px\" ><td data-cell-id=\"A343\" data-x=\"0\" data-y=\"343\" data-db-index=\"343\" class=\"fsize-18\" data-cell-type=\"text\" data-original-value=\"24 DE MARZO DE 2023, A LAS 14:42 HORAS\" data-order=\"24 DE MARZO DE 2023, A LAS 14:42 HORAS\" >24 DE MARZO DE 2023, A LAS 14:42 HORAS <\/td><td data-cell-id=\"B343\" data-x=\"1\" data-y=\"343\" data-db-index=\"343\" class=\"fsize-18\" data-cell-type=\"text\" data-original-value=\"PEDRO ESTRADA C\u00d3RDOVA, REPRESENTANTE DEL PARTIDO MOVIMIENTO CIUDADANO ANTE EL CONSEJO GENERAL DEL INSTITUTO ELECTORAL DEL ESTADO DE CAMPECHE\" data-order=\"PEDRO ESTRADA C\u00d3RDOVA, REPRESENTANTE DEL PARTIDO MOVIMIENTO CIUDADANO ANTE EL CONSEJO GENERAL DEL INSTITUTO ELECTORAL DEL ESTADO DE CAMPECHE\" >PEDRO ESTRADA C\u00d3RDOVA, REPRESENTANTE DEL PARTIDO MOVIMIENTO CIUDADANO ANTE EL CONSEJO GENERAL DEL INSTITUTO ELECTORAL DEL ESTADO DE CAMPECHE <\/td><td data-cell-id=\"C343\" data-x=\"2\" data-y=\"343\" data-db-index=\"343\" class=\"fsize-18\" data-cell-type=\"text\" data-original-value=\"CONSEJO GENERAL DEL INSTITUTO ELECTORAL DEL ESTADO DE CAMPECHE\" data-order=\"CONSEJO GENERAL DEL INSTITUTO ELECTORAL DEL ESTADO DE CAMPECHE\" >CONSEJO GENERAL DEL INSTITUTO ELECTORAL DEL ESTADO DE CAMPECHE <\/td><td data-cell-id=\"D343\" data-x=\"3\" data-y=\"343\" data-db-index=\"343\" class=\"fsize-18\" data-cell-type=\"text\" data-original-value=\"&lt;a href=&quot;https:\/\/teec.org.mx\/web\/wp-content\/uploads\/2023\/03\/TEEC-RAP-3-2023-2do-acu.-24-03-2023.pdf&quot; target=&quot;_blank&quot;&gt;TEEC\/RAP\/3\/2023 (SE FIJA FECHA Y HORA PARA SESI\u00d3N)&lt;\/a&gt;\" data-order=\"&lt;a href=&quot;https:\/\/teec.org.mx\/web\/wp-content\/uploads\/2023\/03\/TEEC-RAP-3-2023-2do-acu.-24-03-2023.pdf&quot; target=&quot;_blank&quot;&gt;TEEC\/RAP\/3\/2023 (SE FIJA FECHA Y HORA PARA SESI\u00d3N)&lt;\/a&gt;\" ><a href=\"https:\/\/teec.org.mx\/web\/wp-content\/uploads\/2023\/03\/TEEC-RAP-3-2023-2do-acu.-24-03-2023.pdf\" target=\"_blank\">TEEC\/RAP\/3\/2023 (SE FIJA FECHA Y HORA PARA SESI\u00d3N)<\/a><\/td><\/tr><tr style=\"height:px\" ><td data-cell-id=\"A344\" data-x=\"0\" data-y=\"344\" data-db-index=\"344\" class=\"fsize-18\" data-cell-type=\"text\" data-original-value=\"24 DE MARZO DE 2023, A LAS 14:11 HORAS\" data-order=\"24 DE MARZO DE 2023, A LAS 14:11 HORAS\" >24 DE MARZO DE 2023, A LAS 14:11 HORAS <\/td><td data-cell-id=\"B344\" data-x=\"1\" data-y=\"344\" data-db-index=\"344\" class=\"fsize-18\" data-cell-type=\"text\" data-original-value=\"CESAR ISMAEL MART\u00cdN EHU\u00c1N, REPRESENTANTE PROPIETARIO DEL PARTIDO ACCI\u00d3N NACIONAL ANTE EL CONSEJO GENERAL DEL INSTITUTO ELECTORAL DEL ESTADO DE CAMPECHE\" data-order=\"CESAR ISMAEL MART\u00cdN EHU\u00c1N, REPRESENTANTE PROPIETARIO DEL PARTIDO ACCI\u00d3N NACIONAL ANTE EL CONSEJO GENERAL DEL INSTITUTO ELECTORAL DEL ESTADO DE CAMPECHE\" >CESAR ISMAEL MART\u00cdN EHU\u00c1N, REPRESENTANTE PROPIETARIO DEL PARTIDO ACCI\u00d3N NACIONAL ANTE EL CONSEJO GENERAL DEL INSTITUTO ELECTORAL DEL ESTADO DE CAMPECHE <\/td><td data-cell-id=\"C344\" data-x=\"2\" data-y=\"344\" data-db-index=\"344\" class=\"fsize-18\" data-cell-type=\"text\" data-original-value=\"CONSEJO GENERAL DEL INSTITUTO ELECTORAL DEL ESTADO DE CAMPECHE\" data-order=\"CONSEJO GENERAL DEL INSTITUTO ELECTORAL DEL ESTADO DE CAMPECHE\" >CONSEJO GENERAL DEL INSTITUTO ELECTORAL DEL ESTADO DE CAMPECHE <\/td><td data-cell-id=\"D344\" data-x=\"3\" data-y=\"344\" data-db-index=\"344\" class=\"fsize-18\" data-cell-type=\"text\" data-original-value=\"&lt;a href=&quot;https:\/\/teec.org.mx\/web\/wp-content\/uploads\/2023\/03\/TEEC-RAP-2-2023-2do-acu.-24-03-2023.pdf&quot; target=&quot;_blank&quot;&gt;TEEC\/RAP\/2\/2023 (SE FIJA FECHA Y HORA PARA SESI\u00d3N)&lt;\/a&gt;\" data-order=\"&lt;a href=&quot;https:\/\/teec.org.mx\/web\/wp-content\/uploads\/2023\/03\/TEEC-RAP-2-2023-2do-acu.-24-03-2023.pdf&quot; target=&quot;_blank&quot;&gt;TEEC\/RAP\/2\/2023 (SE FIJA FECHA Y HORA PARA SESI\u00d3N)&lt;\/a&gt;\" ><a href=\"https:\/\/teec.org.mx\/web\/wp-content\/uploads\/2023\/03\/TEEC-RAP-2-2023-2do-acu.-24-03-2023.pdf\" target=\"_blank\">TEEC\/RAP\/2\/2023 (SE FIJA FECHA Y HORA PARA SESI\u00d3N)<\/a><\/td><\/tr><tr style=\"height:px\" ><td data-cell-id=\"A345\" data-x=\"0\" data-y=\"345\" data-db-index=\"345\" class=\"fsize-18\" data-cell-type=\"text\" data-original-value=\"24 DE MARZO DE 2023, A LAS 11:15 HORAS\" data-order=\"24 DE MARZO DE 2023, A LAS 11:15 HORAS\" >24 DE MARZO DE 2023, A LAS 11:15 HORAS <\/td><td data-cell-id=\"B345\" data-x=\"1\" data-y=\"345\" data-db-index=\"345\" class=\"fsize-18\" data-cell-type=\"text\" data-original-value=\"PEDRO ESTRADA C\u00d3RDOVA, REPRESENTANTE DEL PARTIDO MOVIMIENTO CIUDADANO ANTE EL CONSEJO GENERAL DEL INSTITUTO ELECTORAL DEL ESTADO DE CAMPECHE\" data-order=\"PEDRO ESTRADA C\u00d3RDOVA, REPRESENTANTE DEL PARTIDO MOVIMIENTO CIUDADANO ANTE EL CONSEJO GENERAL DEL INSTITUTO ELECTORAL DEL ESTADO DE CAMPECHE\" >PEDRO ESTRADA C\u00d3RDOVA, REPRESENTANTE DEL PARTIDO MOVIMIENTO CIUDADANO ANTE EL CONSEJO GENERAL DEL INSTITUTO ELECTORAL DEL ESTADO DE CAMPECHE <\/td><td data-cell-id=\"C345\" data-x=\"2\" data-y=\"345\" data-db-index=\"345\" class=\"fsize-18\" data-cell-type=\"text\" data-original-value=\"CONSEJO GENERAL DEL INSTITUTO ELECTORAL DEL ESTADO DE CAMPECHE\" data-order=\"CONSEJO GENERAL DEL INSTITUTO ELECTORAL DEL ESTADO DE CAMPECHE\" >CONSEJO GENERAL DEL INSTITUTO ELECTORAL DEL ESTADO DE CAMPECHE <\/td><td data-cell-id=\"D345\" data-x=\"3\" data-y=\"345\" data-db-index=\"345\" class=\"fsize-18\" data-cell-type=\"text\" data-original-value=\"&lt;a href=&quot;https:\/\/teec.org.mx\/web\/wp-content\/uploads\/2023\/03\/TEEC-RAP-3-2023-1er-acu.-24-03-2023.pdf&quot; target=&quot;_blank&quot;&gt;TEEC\/RAP\/3\/2023 (CIERRE DE INSTRUCCI\u00d3N Y SOL. DE FECHA Y HORA PARA SESI\u00d3N)&lt;\/a&gt;\" data-order=\"&lt;a href=&quot;https:\/\/teec.org.mx\/web\/wp-content\/uploads\/2023\/03\/TEEC-RAP-3-2023-1er-acu.-24-03-2023.pdf&quot; target=&quot;_blank&quot;&gt;TEEC\/RAP\/3\/2023 (CIERRE DE INSTRUCCI\u00d3N Y SOL. DE FECHA Y HORA PARA SESI\u00d3N)&lt;\/a&gt;\" ><a href=\"https:\/\/teec.org.mx\/web\/wp-content\/uploads\/2023\/03\/TEEC-RAP-3-2023-1er-acu.-24-03-2023.pdf\" target=\"_blank\">TEEC\/RAP\/3\/2023 (CIERRE DE INSTRUCCI\u00d3N Y SOL. DE FECHA Y HORA PARA SESI\u00d3N)<\/a><\/td><\/tr><tr style=\"height:px\" ><td data-cell-id=\"A346\" data-x=\"0\" data-y=\"346\" data-db-index=\"346\" class=\"fsize-18\" data-cell-type=\"text\" data-original-value=\"24 DE MARZO DE 2023, A LAS 11:00 HORAS\" data-order=\"24 DE MARZO DE 2023, A LAS 11:00 HORAS\" >24 DE MARZO DE 2023, A LAS 11:00 HORAS <\/td><td data-cell-id=\"B346\" data-x=\"1\" data-y=\"346\" data-db-index=\"346\" class=\"fsize-18\" data-cell-type=\"text\" data-original-value=\"CESAR ISMAEL MART\u00cdN EHU\u00c1N, REPRESENTANTE PROPIETARIO DEL PARTIDO ACCI\u00d3N NACIONAL ANTE EL CONSEJO GENERAL DEL INSTITUTO ELECTORAL DEL ESTADO DE CAMPECHE\" data-order=\"CESAR ISMAEL MART\u00cdN EHU\u00c1N, REPRESENTANTE PROPIETARIO DEL PARTIDO ACCI\u00d3N NACIONAL ANTE EL CONSEJO GENERAL DEL INSTITUTO ELECTORAL DEL ESTADO DE CAMPECHE\" >CESAR ISMAEL MART\u00cdN EHU\u00c1N, REPRESENTANTE PROPIETARIO DEL PARTIDO ACCI\u00d3N NACIONAL ANTE EL CONSEJO GENERAL DEL INSTITUTO ELECTORAL DEL ESTADO DE CAMPECHE <\/td><td data-cell-id=\"C346\" data-x=\"2\" data-y=\"346\" data-db-index=\"346\" class=\"fsize-18\" data-cell-type=\"text\" data-original-value=\"CONSEJO GENERAL DEL INSTITUTO ELECTORAL DEL ESTADO DE CAMPECHE\" data-order=\"CONSEJO GENERAL DEL INSTITUTO ELECTORAL DEL ESTADO DE CAMPECHE\" >CONSEJO GENERAL DEL INSTITUTO ELECTORAL DEL ESTADO DE CAMPECHE <\/td><td data-cell-id=\"D346\" data-x=\"3\" data-y=\"346\" data-db-index=\"346\" class=\"fsize-18\" data-cell-type=\"text\" data-original-value=\"&lt;a href=&quot;https:\/\/teec.org.mx\/web\/wp-content\/uploads\/2023\/03\/TEEC-RAP-2-2023-1er-acu.-24-03-2023.pdf&quot; target=&quot;_blank&quot;&gt;TEEC\/RAP\/2\/2023 (CIERRE DE INSTRUCCI\u00d3N Y SOL. DE FECHA Y HORA PARA SESI\u00d3N)&lt;\/a&gt;\" data-order=\"&lt;a href=&quot;https:\/\/teec.org.mx\/web\/wp-content\/uploads\/2023\/03\/TEEC-RAP-2-2023-1er-acu.-24-03-2023.pdf&quot; target=&quot;_blank&quot;&gt;TEEC\/RAP\/2\/2023 (CIERRE DE INSTRUCCI\u00d3N Y SOL. DE FECHA Y HORA PARA SESI\u00d3N)&lt;\/a&gt;\" ><a href=\"https:\/\/teec.org.mx\/web\/wp-content\/uploads\/2023\/03\/TEEC-RAP-2-2023-1er-acu.-24-03-2023.pdf\" target=\"_blank\">TEEC\/RAP\/2\/2023 (CIERRE DE INSTRUCCI\u00d3N Y SOL. DE FECHA Y HORA PARA SESI\u00d3N)<\/a><\/td><\/tr><tr style=\"height:px\" ><td data-cell-id=\"A347\" data-x=\"0\" data-y=\"347\" data-db-index=\"347\" class=\"fsize-18\" data-cell-type=\"text\" data-original-value=\"14 DE MARZO DE 2023, A LAS 12:00 HORAS\" data-order=\"14 DE MARZO DE 2023, A LAS 12:00 HORAS\" >14 DE MARZO DE 2023, A LAS 12:00 HORAS <\/td><td data-cell-id=\"B347\" data-x=\"1\" data-y=\"347\" data-db-index=\"347\" class=\"fsize-18\" data-cell-type=\"text\" data-original-value=\"CESAR ISMAEL MART\u00cdN EHU\u00c1N, REPRESENTANTE PROPIETARIO DEL PARTIDO ACCI\u00d3N NACIONAL ANTE EL CONSEJO GENERAL DEL INSTITUTO ELECTORAL DEL ESTADO DE CAMPECHE\" data-order=\"CESAR ISMAEL MART\u00cdN EHU\u00c1N, REPRESENTANTE PROPIETARIO DEL PARTIDO ACCI\u00d3N NACIONAL ANTE EL CONSEJO GENERAL DEL INSTITUTO ELECTORAL DEL ESTADO DE CAMPECHE\" >CESAR ISMAEL MART\u00cdN EHU\u00c1N, REPRESENTANTE PROPIETARIO DEL PARTIDO ACCI\u00d3N NACIONAL ANTE EL CONSEJO GENERAL DEL INSTITUTO ELECTORAL DEL ESTADO DE CAMPECHE <\/td><td data-cell-id=\"C347\" data-x=\"2\" data-y=\"347\" data-db-index=\"347\" class=\"fsize-18\" data-cell-type=\"text\" data-original-value=\"CONSEJO GENERAL DEL INSTITUTO ELECTORAL DEL ESTADO DE CAMPECHE\" data-order=\"CONSEJO GENERAL DEL INSTITUTO ELECTORAL DEL ESTADO DE CAMPECHE\" >CONSEJO GENERAL DEL INSTITUTO ELECTORAL DEL ESTADO DE CAMPECHE <\/td><td data-cell-id=\"D347\" data-x=\"3\" data-y=\"347\" data-db-index=\"347\" class=\"fsize-18\" data-cell-type=\"text\" data-original-value=\"&lt;a href=&quot;https:\/\/teec.org.mx\/web\/wp-content\/uploads\/2023\/03\/TEEC-RAP-2-2023-14-03-2023.pdf&quot; target=&quot;_blank&quot;&gt;TEEC\/RAP\/2\/2023 (DILIGENCIA DE INSPECCI\u00d3N)&lt;\/a&gt;\" data-order=\"&lt;a href=&quot;https:\/\/teec.org.mx\/web\/wp-content\/uploads\/2023\/03\/TEEC-RAP-2-2023-14-03-2023.pdf&quot; target=&quot;_blank&quot;&gt;TEEC\/RAP\/2\/2023 (DILIGENCIA DE INSPECCI\u00d3N)&lt;\/a&gt;\" ><a href=\"https:\/\/teec.org.mx\/web\/wp-content\/uploads\/2023\/03\/TEEC-RAP-2-2023-14-03-2023.pdf\" target=\"_blank\">TEEC\/RAP\/2\/2023 (DILIGENCIA DE INSPECCI\u00d3N)<\/a><\/td><\/tr><tr style=\"height:px\" ><td data-cell-id=\"A348\" data-x=\"0\" data-y=\"348\" data-db-index=\"348\" class=\"fsize-18\" data-cell-type=\"text\" data-original-value=\"13 DE MARZO DE 2023, A LAS 12:05 HORAS\" data-order=\"13 DE MARZO DE 2023, A LAS 12:05 HORAS\" >13 DE MARZO DE 2023, A LAS 12:05 HORAS <\/td><td data-cell-id=\"B348\" data-x=\"1\" data-y=\"348\" data-db-index=\"348\" class=\"fsize-18\" data-cell-type=\"text\" data-original-value=\"ANTONIO G\u00d3MEZ SAUCEDO, EN SU CALIDAD DE REPRESENTANTE DEL PARTIDO DEL TRABAJO ANTE EL CONSEJO GENERAL DEL IEEC\" data-order=\"ANTONIO G\u00d3MEZ SAUCEDO, EN SU CALIDAD DE REPRESENTANTE DEL PARTIDO DEL TRABAJO ANTE EL CONSEJO GENERAL DEL IEEC\" >ANTONIO G\u00d3MEZ SAUCEDO, EN SU CALIDAD DE REPRESENTANTE DEL PARTIDO DEL TRABAJO ANTE EL CONSEJO GENERAL DEL IEEC <\/td><td data-cell-id=\"C348\" data-x=\"2\" data-y=\"348\" data-db-index=\"348\" class=\"fsize-18\" data-cell-type=\"text\" data-original-value=\"DIRECCI\u00d3N EJECUTIVA DE ADMINISTRACI\u00d3N, PRERROGATIVAS DE PARTIDOS Y AGRUPACIONES POL\u00cdTICAS DEL INSTITUTO ELECTORAL DEL ESTADO DE CAMPECHE\" data-order=\"DIRECCI\u00d3N EJECUTIVA DE ADMINISTRACI\u00d3N, PRERROGATIVAS DE PARTIDOS Y AGRUPACIONES POL\u00cdTICAS DEL INSTITUTO ELECTORAL DEL ESTADO DE CAMPECHE\" >DIRECCI\u00d3N EJECUTIVA DE ADMINISTRACI\u00d3N, PRERROGATIVAS DE PARTIDOS Y AGRUPACIONES POL\u00cdTICAS DEL INSTITUTO ELECTORAL DEL ESTADO DE CAMPECHE <\/td><td data-cell-id=\"D348\" data-x=\"3\" data-y=\"348\" data-db-index=\"348\" class=\"fsize-18\" data-cell-type=\"text\" data-original-value=\"&lt;a href=&quot;https:\/\/teec.org.mx\/web\/wp-content\/uploads\/2023\/03\/TEEC-RAP-1-2023-13-03-2023.pdf&quot; target=&quot;_blank&quot;&gt;TEEC\/RAP\/1\/2023 (QUEDA FIRME LA SENTENCIA)&lt;\/a&gt;\" data-order=\"&lt;a href=&quot;https:\/\/teec.org.mx\/web\/wp-content\/uploads\/2023\/03\/TEEC-RAP-1-2023-13-03-2023.pdf&quot; target=&quot;_blank&quot;&gt;TEEC\/RAP\/1\/2023 (QUEDA FIRME LA SENTENCIA)&lt;\/a&gt;\" ><a href=\"https:\/\/teec.org.mx\/web\/wp-content\/uploads\/2023\/03\/TEEC-RAP-1-2023-13-03-2023.pdf\" target=\"_blank\">TEEC\/RAP\/1\/2023 (QUEDA FIRME LA SENTENCIA)<\/a><\/td><\/tr><tr style=\"height:px\" ><td data-cell-id=\"A349\" data-x=\"0\" data-y=\"349\" data-db-index=\"349\" class=\"fsize-18\" data-cell-type=\"text\" data-original-value=\"13 DE MARZO DE 2023, A LAS 11:52 HORAS\" data-order=\"13 DE MARZO DE 2023, A LAS 11:52 HORAS\" >13 DE MARZO DE 2023, A LAS 11:52 HORAS <\/td><td data-cell-id=\"B349\" data-x=\"1\" data-y=\"349\" data-db-index=\"349\" class=\"fsize-18\" data-cell-type=\"text\" data-original-value=\"PEDRO ESTRADA C\u00d3RDOVA, REPRESENTANTE DEL PARTIDO MOVIMIENTO CIUDADANO ANTE EL CONSEJO GENERAL DEL INSTITUTO ELECTORAL DEL ESTADO DE CAMPECHE\" data-order=\"PEDRO ESTRADA C\u00d3RDOVA, REPRESENTANTE DEL PARTIDO MOVIMIENTO CIUDADANO ANTE EL CONSEJO GENERAL DEL INSTITUTO ELECTORAL DEL ESTADO DE CAMPECHE\" >PEDRO ESTRADA C\u00d3RDOVA, REPRESENTANTE DEL PARTIDO MOVIMIENTO CIUDADANO ANTE EL CONSEJO GENERAL DEL INSTITUTO ELECTORAL DEL ESTADO DE CAMPECHE <\/td><td data-cell-id=\"C349\" data-x=\"2\" data-y=\"349\" data-db-index=\"349\" class=\"fsize-18\" data-cell-type=\"text\" data-original-value=\"CONSEJO GENERAL DEL INSTITUTO ELECTORAL DEL ESTADO DE CAMPECHE\" data-order=\"CONSEJO GENERAL DEL INSTITUTO ELECTORAL DEL ESTADO DE CAMPECHE\" >CONSEJO GENERAL DEL INSTITUTO ELECTORAL DEL ESTADO DE CAMPECHE <\/td><td data-cell-id=\"D349\" data-x=\"3\" data-y=\"349\" data-db-index=\"349\" class=\"fsize-18\" data-cell-type=\"text\" data-original-value=\"&lt;a href=&quot;https:\/\/teec.org.mx\/web\/wp-content\/uploads\/2023\/03\/TEEC-RAP-3-2023-13-03-2023.pdf&quot; target=&quot;_blank&quot;&gt;TEEC\/RAP\/3\/2023 (DILIGENCIA DE INSPECCI\u00d3N)&lt;\/a&gt;\" data-order=\"&lt;a href=&quot;https:\/\/teec.org.mx\/web\/wp-content\/uploads\/2023\/03\/TEEC-RAP-3-2023-13-03-2023.pdf&quot; target=&quot;_blank&quot;&gt;TEEC\/RAP\/3\/2023 (DILIGENCIA DE INSPECCI\u00d3N)&lt;\/a&gt;\" ><a href=\"https:\/\/teec.org.mx\/web\/wp-content\/uploads\/2023\/03\/TEEC-RAP-3-2023-13-03-2023.pdf\" target=\"_blank\">TEEC\/RAP\/3\/2023 (DILIGENCIA DE INSPECCI\u00d3N)<\/a><\/td><\/tr><tr style=\"height:px\" ><td data-cell-id=\"A350\" data-x=\"0\" data-y=\"350\" data-db-index=\"350\" class=\"fsize-18\" data-cell-type=\"text\" data-original-value=\"09 DE MARZO DE 2023, A LAS 12:53 HORAS\" data-order=\"09 DE MARZO DE 2023, A LAS 12:53 HORAS\" >09 DE MARZO DE 2023, A LAS 12:53 HORAS <\/td><td data-cell-id=\"B350\" data-x=\"1\" data-y=\"350\" data-db-index=\"350\" class=\"fsize-18\" data-cell-type=\"text\" data-original-value=\"PEDRO ESTRADA C\u00d3RDOVA, REPRESENTANTE DEL PARTIDO MOVIMIENTO CIUDADANO ANTE EL CONSEJO GENERAL DEL INSTITUTO ELECTORAL DEL ESTADO DE CAMPECHE\" data-order=\"PEDRO ESTRADA C\u00d3RDOVA, REPRESENTANTE DEL PARTIDO MOVIMIENTO CIUDADANO ANTE EL CONSEJO GENERAL DEL INSTITUTO ELECTORAL DEL ESTADO DE CAMPECHE\" >PEDRO ESTRADA C\u00d3RDOVA, REPRESENTANTE DEL PARTIDO MOVIMIENTO CIUDADANO ANTE EL CONSEJO GENERAL DEL INSTITUTO ELECTORAL DEL ESTADO DE CAMPECHE <\/td><td data-cell-id=\"C350\" data-x=\"2\" data-y=\"350\" data-db-index=\"350\" class=\"fsize-18\" data-cell-type=\"text\" data-original-value=\"CONSEJO GENERAL DEL INSTITUTO ELECTORAL DEL ESTADO DE CAMPECHE\" data-order=\"CONSEJO GENERAL DEL INSTITUTO ELECTORAL DEL ESTADO DE CAMPECHE\" >CONSEJO GENERAL DEL INSTITUTO ELECTORAL DEL ESTADO DE CAMPECHE <\/td><td data-cell-id=\"D350\" data-x=\"3\" data-y=\"350\" data-db-index=\"350\" class=\"fsize-18\" data-cell-type=\"text\" data-original-value=\"&lt;a href=&quot;https:\/\/teec.org.mx\/web\/wp-content\/uploads\/2023\/03\/TEEC-RAP-3-2023-09-03-2023.pdf&quot; target=&quot;_blank&quot;&gt;TEEC\/RAP\/3\/2023 (ACUERDO DE RECEPCI\u00d3N, RADICACI\u00d3N Y ADMISI\u00d3N)&lt;\/a&gt;\" data-order=\"&lt;a href=&quot;https:\/\/teec.org.mx\/web\/wp-content\/uploads\/2023\/03\/TEEC-RAP-3-2023-09-03-2023.pdf&quot; target=&quot;_blank&quot;&gt;TEEC\/RAP\/3\/2023 (ACUERDO DE RECEPCI\u00d3N, RADICACI\u00d3N Y ADMISI\u00d3N)&lt;\/a&gt;\" ><a href=\"https:\/\/teec.org.mx\/web\/wp-content\/uploads\/2023\/03\/TEEC-RAP-3-2023-09-03-2023.pdf\" target=\"_blank\">TEEC\/RAP\/3\/2023 (ACUERDO DE RECEPCI\u00d3N, RADICACI\u00d3N Y ADMISI\u00d3N)<\/a><\/td><\/tr><tr style=\"height:px\" ><td data-cell-id=\"A351\" data-x=\"0\" data-y=\"351\" data-db-index=\"351\" class=\"fsize-18\" data-cell-type=\"text\" data-original-value=\"09 DE MARZO DE 2023, A LAS 12:08 HORAS\" data-order=\"09 DE MARZO DE 2023, A LAS 12:08 HORAS\" >09 DE MARZO DE 2023, A LAS 12:08 HORAS <\/td><td data-cell-id=\"B351\" data-x=\"1\" data-y=\"351\" data-db-index=\"351\" class=\"fsize-18\" data-cell-type=\"text\" data-original-value=\"CESAR ISMAEL MART\u00cdN EHU\u00c1N, REPRESENTANTE PROPIETARIO DEL PARTIDO ACCI\u00d3N NACIONAL ANTE EL CONSEJO GENERAL DEL INSTITUTO ELECTORAL DEL ESTADO DE CAMPECHE\" data-order=\"CESAR ISMAEL MART\u00cdN EHU\u00c1N, REPRESENTANTE PROPIETARIO DEL PARTIDO ACCI\u00d3N NACIONAL ANTE EL CONSEJO GENERAL DEL INSTITUTO ELECTORAL DEL ESTADO DE CAMPECHE\" >CESAR ISMAEL MART\u00cdN EHU\u00c1N, REPRESENTANTE PROPIETARIO DEL PARTIDO ACCI\u00d3N NACIONAL ANTE EL CONSEJO GENERAL DEL INSTITUTO ELECTORAL DEL ESTADO DE CAMPECHE <\/td><td data-cell-id=\"C351\" data-x=\"2\" data-y=\"351\" data-db-index=\"351\" class=\"fsize-18\" data-cell-type=\"text\" data-original-value=\"CONSEJO GENERAL DEL INSTITUTO ELECTORAL DEL ESTADO DE CAMPECHE\" data-order=\"CONSEJO GENERAL DEL INSTITUTO ELECTORAL DEL ESTADO DE CAMPECHE\" >CONSEJO GENERAL DEL INSTITUTO ELECTORAL DEL ESTADO DE CAMPECHE <\/td><td data-cell-id=\"D351\" data-x=\"3\" data-y=\"351\" data-db-index=\"351\" class=\"fsize-18\" data-cell-type=\"text\" data-original-value=\"&lt;a href=&quot;https:\/\/teec.org.mx\/web\/wp-content\/uploads\/2023\/03\/TEEC-RAP-2-2023-09-03-2023.pdf&quot; target=&quot;_blank&quot;&gt;TEEC\/RAP\/2\/2023 (ACUERDO DE RECEPCI\u00d3N, RADICACI\u00d3N Y ADMISI\u00d3N)&lt;\/a&gt;\" data-order=\"&lt;a href=&quot;https:\/\/teec.org.mx\/web\/wp-content\/uploads\/2023\/03\/TEEC-RAP-2-2023-09-03-2023.pdf&quot; target=&quot;_blank&quot;&gt;TEEC\/RAP\/2\/2023 (ACUERDO DE RECEPCI\u00d3N, RADICACI\u00d3N Y ADMISI\u00d3N)&lt;\/a&gt;\" ><a href=\"https:\/\/teec.org.mx\/web\/wp-content\/uploads\/2023\/03\/TEEC-RAP-2-2023-09-03-2023.pdf\" target=\"_blank\">TEEC\/RAP\/2\/2023 (ACUERDO DE RECEPCI\u00d3N, RADICACI\u00d3N Y ADMISI\u00d3N)<\/a><\/td><\/tr><tr style=\"height:px\" ><td data-cell-id=\"A352\" data-x=\"0\" data-y=\"352\" data-db-index=\"352\" class=\"fsize-18\" data-cell-type=\"text\" data-original-value=\"08 DE MARZO DE 2023, A LAS 10:10 HORAS\" data-order=\"08 DE MARZO DE 2023, A LAS 10:10 HORAS\" >08 DE MARZO DE 2023, A LAS 10:10 HORAS <\/td><td data-cell-id=\"B352\" data-x=\"1\" data-y=\"352\" data-db-index=\"352\" class=\"fsize-18\" data-cell-type=\"text\" data-original-value=\"MORENA\" data-order=\"MORENA\" >MORENA <\/td><td data-cell-id=\"C352\" data-x=\"2\" data-y=\"352\" data-db-index=\"352\" class=\"fsize-18\" data-cell-type=\"text\" data-original-value=\"TRIBUNAL ELECTORAL DEL ESTADO DE CAMPECHE\" data-order=\"TRIBUNAL ELECTORAL DEL ESTADO DE CAMPECHE\" >TRIBUNAL ELECTORAL DEL ESTADO DE CAMPECHE <\/td><td data-cell-id=\"D352\" data-x=\"3\" data-y=\"352\" data-db-index=\"352\" class=\"fsize-18\" data-cell-type=\"text\" data-original-value=\"&lt;a href=&quot;https:\/\/teec.org.mx\/web\/wp-content\/uploads\/2023\/03\/TEEC-RAP-14-2023-08-03-2023.pdf&quot; target=&quot;_blank&quot;&gt;TEEC\/RAP\/14\/2022 (SE DEV. EXP. POR LA SALA XALAPA)&lt;\/a&gt;\" data-order=\"&lt;a href=&quot;https:\/\/teec.org.mx\/web\/wp-content\/uploads\/2023\/03\/TEEC-RAP-14-2023-08-03-2023.pdf&quot; target=&quot;_blank&quot;&gt;TEEC\/RAP\/14\/2022 (SE DEV. EXP. POR LA SALA XALAPA)&lt;\/a&gt;\" ><a href=\"https:\/\/teec.org.mx\/web\/wp-content\/uploads\/2023\/03\/TEEC-RAP-14-2023-08-03-2023.pdf\" target=\"_blank\">TEEC\/RAP\/14\/2022 (SE DEV. EXP. POR LA SALA XALAPA)<\/a><\/td><\/tr><tr style=\"height:px\" ><td data-cell-id=\"A353\" data-x=\"0\" data-y=\"353\" data-db-index=\"353\" class=\"fsize-18\" data-cell-type=\"text\" data-original-value=\"03 DE MARZO DE 2023, A LAS 13:37 HORAS\" data-order=\"03 DE MARZO DE 2023, A LAS 13:37 HORAS\" >03 DE MARZO DE 2023, A LAS 13:37 HORAS <\/td><td data-cell-id=\"B353\" data-x=\"1\" data-y=\"353\" data-db-index=\"353\" class=\"fsize-18\" data-cell-type=\"text\" data-original-value=\"ANTONIO G\u00d3MEZ SAUCEDO, EN SU CALIDAD DE REPRESENTANTE DEL PARTIDO DEL TRABAJO ANTE EL CONSEJO GENERAL DEL INSTITUTO ELECTORAL DEL ESTADO DE CAMPECHE\" data-order=\"ANTONIO G\u00d3MEZ SAUCEDO, EN SU CALIDAD DE REPRESENTANTE DEL PARTIDO DEL TRABAJO ANTE EL CONSEJO GENERAL DEL INSTITUTO ELECTORAL DEL ESTADO DE CAMPECHE\" >ANTONIO G\u00d3MEZ SAUCEDO, EN SU CALIDAD DE REPRESENTANTE DEL PARTIDO DEL TRABAJO ANTE EL CONSEJO GENERAL DEL INSTITUTO ELECTORAL DEL ESTADO DE CAMPECHE <\/td><td data-cell-id=\"C353\" data-x=\"2\" data-y=\"353\" data-db-index=\"353\" class=\"fsize-18\" data-cell-type=\"text\" data-original-value=\"DIRECCI\u00d3N EJECUTIVA DE ADMINISTRACI\u00d3N, PRERROGATIVAS DE PARTIDOS Y AGRUPACIONES POL\u00cdTICAS DEL INSTITUTO ELECTORAL DEL ESTADO DE CAMPECHE\" data-order=\"DIRECCI\u00d3N EJECUTIVA DE ADMINISTRACI\u00d3N, PRERROGATIVAS DE PARTIDOS Y AGRUPACIONES POL\u00cdTICAS DEL INSTITUTO ELECTORAL DEL ESTADO DE CAMPECHE\" >DIRECCI\u00d3N EJECUTIVA DE ADMINISTRACI\u00d3N, PRERROGATIVAS DE PARTIDOS Y AGRUPACIONES POL\u00cdTICAS DEL INSTITUTO ELECTORAL DEL ESTADO DE CAMPECHE <\/td><td data-cell-id=\"D353\" data-x=\"3\" data-y=\"353\" data-db-index=\"353\" class=\"fsize-18\" data-cell-type=\"text\" data-original-value=\"&lt;a href=&quot;https:\/\/teec.org.mx\/web\/wp-content\/uploads\/2023\/03\/TEEC-RAP-1-2023-sentencia-03-03-2023.pdf&quot; target=&quot;_blank&quot;&gt;TEEC\/RAP\/1\/2023 (SENTENCIA)&lt;\/a&gt;\" data-order=\"&lt;a href=&quot;https:\/\/teec.org.mx\/web\/wp-content\/uploads\/2023\/03\/TEEC-RAP-1-2023-sentencia-03-03-2023.pdf&quot; target=&quot;_blank&quot;&gt;TEEC\/RAP\/1\/2023 (SENTENCIA)&lt;\/a&gt;\" ><a href=\"https:\/\/teec.org.mx\/web\/wp-content\/uploads\/2023\/03\/TEEC-RAP-1-2023-sentencia-03-03-2023.pdf\" target=\"_blank\">TEEC\/RAP\/1\/2023 (SENTENCIA)<\/a><\/td><\/tr><tr style=\"height:px\" ><td data-cell-id=\"A354\" data-x=\"0\" data-y=\"354\" data-db-index=\"354\" class=\"fsize-18\" data-cell-type=\"text\" data-original-value=\"28 DE FEBRERO DE 2023, A LAS 12:43 HORAS\" data-order=\"28 DE FEBRERO DE 2023, A LAS 12:43 HORAS\" >28 DE FEBRERO DE 2023, A LAS 12:43 HORAS <\/td><td data-cell-id=\"B354\" data-x=\"1\" data-y=\"354\" data-db-index=\"354\" class=\"fsize-18\" data-cell-type=\"text\" data-original-value=\"ANTONIO G\u00d3MEZ SAUCEDO, EN SU CALIDAD DE REPRESENTANTE DEL PARTIDO DEL TRABAJO ANTE EL CONSEJO GENERAL DEL INSTITUTO ELECTORAL DEL ESTADO DE CAMPECHE\" data-order=\"ANTONIO G\u00d3MEZ SAUCEDO, EN SU CALIDAD DE REPRESENTANTE DEL PARTIDO DEL TRABAJO ANTE EL CONSEJO GENERAL DEL INSTITUTO ELECTORAL DEL ESTADO DE CAMPECHE\" >ANTONIO G\u00d3MEZ SAUCEDO, EN SU CALIDAD DE REPRESENTANTE DEL PARTIDO DEL TRABAJO ANTE EL CONSEJO GENERAL DEL INSTITUTO ELECTORAL DEL ESTADO DE CAMPECHE <\/td><td data-cell-id=\"C354\" data-x=\"2\" data-y=\"354\" data-db-index=\"354\" class=\"fsize-18\" data-cell-type=\"text\" data-original-value=\"DIRECCI\u00d3N EJECUTIVA DE ADMINISTRACI\u00d3N, PRERROGATIVAS DE PARTIDOS Y AGRUPACIONES POL\u00cdTICAS DEL INSTITUTO ELECTORAL DEL ESTADO DE CAMPECHE\" data-order=\"DIRECCI\u00d3N EJECUTIVA DE ADMINISTRACI\u00d3N, PRERROGATIVAS DE PARTIDOS Y AGRUPACIONES POL\u00cdTICAS DEL INSTITUTO ELECTORAL DEL ESTADO DE CAMPECHE\" >DIRECCI\u00d3N EJECUTIVA DE ADMINISTRACI\u00d3N, PRERROGATIVAS DE PARTIDOS Y AGRUPACIONES POL\u00cdTICAS DEL INSTITUTO ELECTORAL DEL ESTADO DE CAMPECHE <\/td><td data-cell-id=\"D354\" data-x=\"3\" data-y=\"354\" data-db-index=\"354\" class=\"fsize-18\" data-cell-type=\"text\" data-original-value=\"&lt;a href=&quot;https:\/\/teec.org.mx\/web\/wp-content\/uploads\/2023\/02\/TEEC-RAP-1-2023-28-02-2023.pdf&quot; target=&quot;_blank&quot;&gt;TEEC\/RAP\/1\/2023 (SE FIJA FECHA Y HORA PARA SESI\u00d3N P\u00daBLICA)&lt;\/a&gt;\" data-order=\"&lt;a href=&quot;https:\/\/teec.org.mx\/web\/wp-content\/uploads\/2023\/02\/TEEC-RAP-1-2023-28-02-2023.pdf&quot; target=&quot;_blank&quot;&gt;TEEC\/RAP\/1\/2023 (SE FIJA FECHA Y HORA PARA SESI\u00d3N P\u00daBLICA)&lt;\/a&gt;\" ><a href=\"https:\/\/teec.org.mx\/web\/wp-content\/uploads\/2023\/02\/TEEC-RAP-1-2023-28-02-2023.pdf\" target=\"_blank\">TEEC\/RAP\/1\/2023 (SE FIJA FECHA Y HORA PARA SESI\u00d3N P\u00daBLICA)<\/a><\/td><\/tr><tr style=\"height:px\" ><td data-cell-id=\"A355\" data-x=\"0\" data-y=\"355\" data-db-index=\"355\" class=\"fsize-18\" data-cell-type=\"text\" data-original-value=\"28 DE FEBRERO DE 2023, A LAS 12:32 HORAS\" data-order=\"28 DE FEBRERO DE 2023, A LAS 12:32 HORAS\" >28 DE FEBRERO DE 2023, A LAS 12:32 HORAS <\/td><td data-cell-id=\"B355\" data-x=\"1\" data-y=\"355\" data-db-index=\"355\" class=\"fsize-18\" data-cell-type=\"text\" data-original-value=\"PEDRO ESTRADA C\u00d3RDOVA, REPRESENTANTE DEL PARTIDO MOVIMIENTO CIUDADANO ANTE EL CONSEJO GENERAL DEL INSTITUTO ELECTORAL DEL ESTADO DE CAMPECHE\" data-order=\"PEDRO ESTRADA C\u00d3RDOVA, REPRESENTANTE DEL PARTIDO MOVIMIENTO CIUDADANO ANTE EL CONSEJO GENERAL DEL INSTITUTO ELECTORAL DEL ESTADO DE CAMPECHE\" >PEDRO ESTRADA C\u00d3RDOVA, REPRESENTANTE DEL PARTIDO MOVIMIENTO CIUDADANO ANTE EL CONSEJO GENERAL DEL INSTITUTO ELECTORAL DEL ESTADO DE CAMPECHE <\/td><td data-cell-id=\"C355\" data-x=\"2\" data-y=\"355\" data-db-index=\"355\" class=\"fsize-18\" data-cell-type=\"text\" data-original-value=\"CONSEJO GENERAL DEL INSTITUTO ELECTORAL DEL ESTADO DE CAMPECHE\" data-order=\"CONSEJO GENERAL DEL INSTITUTO ELECTORAL DEL ESTADO DE CAMPECHE\" >CONSEJO GENERAL DEL INSTITUTO ELECTORAL DEL ESTADO DE CAMPECHE <\/td><td data-cell-id=\"D355\" data-x=\"3\" data-y=\"355\" data-db-index=\"355\" class=\"fsize-18\" data-cell-type=\"text\" data-original-value=\"&lt;a href=&quot;https:\/\/teec.org.mx\/web\/wp-content\/uploads\/2023\/02\/TEEC-RAP-3-2023-28-02-2023.pdf&quot; target=&quot;_blank&quot;&gt;TEEC\/RAP\/3\/2023 (ACUERDO DE RESERVA DE ADMISI\u00d3N)&lt;\/a&gt;\" data-order=\"&lt;a href=&quot;https:\/\/teec.org.mx\/web\/wp-content\/uploads\/2023\/02\/TEEC-RAP-3-2023-28-02-2023.pdf&quot; target=&quot;_blank&quot;&gt;TEEC\/RAP\/3\/2023 (ACUERDO DE RESERVA DE ADMISI\u00d3N)&lt;\/a&gt;\" ><a href=\"https:\/\/teec.org.mx\/web\/wp-content\/uploads\/2023\/02\/TEEC-RAP-3-2023-28-02-2023.pdf\" target=\"_blank\">TEEC\/RAP\/3\/2023 (ACUERDO DE RESERVA DE ADMISI\u00d3N)<\/a><\/td><\/tr><tr style=\"height:px\" ><td data-cell-id=\"A356\" data-x=\"0\" data-y=\"356\" data-db-index=\"356\" class=\"fsize-18\" data-cell-type=\"text\" data-original-value=\"28 DE FEBRERO DE 2023, A LAS 12:12 HORAS\" data-order=\"28 DE FEBRERO DE 2023, A LAS 12:12 HORAS\" >28 DE FEBRERO DE 2023, A LAS 12:12 HORAS <\/td><td data-cell-id=\"B356\" data-x=\"1\" data-y=\"356\" data-db-index=\"356\" class=\"fsize-18\" data-cell-type=\"text\" data-original-value=\"CESAR ISMAEL MART\u00cdN EHU\u00c1N, QUIEN SE OSTENTA COMO REPRESENTANTE PROPIETARIO DEL PARTIDO ACCI\u00d3N NACIONAL ANTE EL CONSEJO GENERAL DEL INSTITUTO ELECTORAL DEL ESTADO DE CAMPECHE\" data-order=\"CESAR ISMAEL MART\u00cdN EHU\u00c1N, QUIEN SE OSTENTA COMO REPRESENTANTE PROPIETARIO DEL PARTIDO ACCI\u00d3N NACIONAL ANTE EL CONSEJO GENERAL DEL INSTITUTO ELECTORAL DEL ESTADO DE CAMPECHE\" >CESAR ISMAEL MART\u00cdN EHU\u00c1N, QUIEN SE OSTENTA COMO REPRESENTANTE PROPIETARIO DEL PARTIDO ACCI\u00d3N NACIONAL ANTE EL CONSEJO GENERAL DEL INSTITUTO ELECTORAL DEL ESTADO DE CAMPECHE <\/td><td data-cell-id=\"C356\" data-x=\"2\" data-y=\"356\" data-db-index=\"356\" class=\"fsize-18\" data-cell-type=\"text\" data-original-value=\"CONSEJO GENERAL DEL INSTITUTO ELECTORAL DEL ESTADO DE CAMPECHE\" data-order=\"CONSEJO GENERAL DEL INSTITUTO ELECTORAL DEL ESTADO DE CAMPECHE\" >CONSEJO GENERAL DEL INSTITUTO ELECTORAL DEL ESTADO DE CAMPECHE <\/td><td data-cell-id=\"D356\" data-x=\"3\" data-y=\"356\" data-db-index=\"356\" class=\"fsize-18\" data-cell-type=\"text\" data-original-value=\"&lt;a href=&quot;https:\/\/teec.org.mx\/web\/wp-content\/uploads\/2023\/02\/TEEC-RAP-2-2023-28-02-2023.pdf&quot; target=&quot;_blank&quot;&gt;TEEC\/RAP\/2\/2023 (ACUERDO SE RESERVA ADMISI\u00d3N)&lt;\/a&gt;\" data-order=\"&lt;a href=&quot;https:\/\/teec.org.mx\/web\/wp-content\/uploads\/2023\/02\/TEEC-RAP-2-2023-28-02-2023.pdf&quot; target=&quot;_blank&quot;&gt;TEEC\/RAP\/2\/2023 (ACUERDO SE RESERVA ADMISI\u00d3N)&lt;\/a&gt;\" ><a href=\"https:\/\/teec.org.mx\/web\/wp-content\/uploads\/2023\/02\/TEEC-RAP-2-2023-28-02-2023.pdf\" target=\"_blank\">TEEC\/RAP\/2\/2023 (ACUERDO SE RESERVA ADMISI\u00d3N)<\/a><\/td><\/tr><tr style=\"height:px\" ><td data-cell-id=\"A357\" data-x=\"0\" data-y=\"357\" data-db-index=\"357\" class=\"fsize-18\" data-cell-type=\"text\" data-original-value=\"24 DE FEBRERO DE 2023, A LAS 14:33 HORAS\" data-order=\"24 DE FEBRERO DE 2023, A LAS 14:33 HORAS\" >24 DE FEBRERO DE 2023, A LAS 14:33 HORAS <\/td><td data-cell-id=\"B357\" data-x=\"1\" data-y=\"357\" data-db-index=\"357\" class=\"fsize-18\" data-cell-type=\"text\" data-original-value=\"MORENA\" data-order=\"MORENA\" >MORENA <\/td><td data-cell-id=\"C357\" data-x=\"2\" data-y=\"357\" data-db-index=\"357\" class=\"fsize-18\" data-cell-type=\"text\" data-original-value=\"TRIBUNAL ELECTORAL DEL ESTADO DE CAMPECHE\" data-order=\"TRIBUNAL ELECTORAL DEL ESTADO DE CAMPECHE\" >TRIBUNAL ELECTORAL DEL ESTADO DE CAMPECHE <\/td><td data-cell-id=\"D357\" data-x=\"3\" data-y=\"357\" data-db-index=\"357\" class=\"fsize-18\" data-cell-type=\"text\" data-original-value=\"&lt;a href=&quot;https:\/\/teec.org.mx\/web\/wp-content\/uploads\/2023\/02\/TEEC-RAP-14-2022-2do-acu.-24-02-2023.pdf&quot; target=&quot;_blank&quot;&gt;TEEC\/RAP\/14\/2022 (SE NOT. SENTENCIA DE SALA XALAPA)&lt;\/a&gt;\" data-order=\"&lt;a href=&quot;https:\/\/teec.org.mx\/web\/wp-content\/uploads\/2023\/02\/TEEC-RAP-14-2022-2do-acu.-24-02-2023.pdf&quot; target=&quot;_blank&quot;&gt;TEEC\/RAP\/14\/2022 (SE NOT. SENTENCIA DE SALA XALAPA)&lt;\/a&gt;\" ><a href=\"https:\/\/teec.org.mx\/web\/wp-content\/uploads\/2023\/02\/TEEC-RAP-14-2022-2do-acu.-24-02-2023.pdf\" target=\"_blank\">TEEC\/RAP\/14\/2022 (SE NOT. SENTENCIA DE SALA XALAPA)<\/a><\/td><\/tr><tr style=\"height:px\" ><td data-cell-id=\"A358\" data-x=\"0\" data-y=\"358\" data-db-index=\"358\" class=\"fsize-18\" data-cell-type=\"text\" data-original-value=\"24 DE FEBRERO DE 2023, A LAS 14:26 HORAS\" data-order=\"24 DE FEBRERO DE 2023, A LAS 14:26 HORAS\" >24 DE FEBRERO DE 2023, A LAS 14:26 HORAS <\/td><td data-cell-id=\"B358\" data-x=\"1\" data-y=\"358\" data-db-index=\"358\" class=\"fsize-18\" data-cell-type=\"text\" data-original-value=\"MORENA\" data-order=\"MORENA\" >MORENA <\/td><td data-cell-id=\"C358\" data-x=\"2\" data-y=\"358\" data-db-index=\"358\" class=\"fsize-18\" data-cell-type=\"text\" data-original-value=\"TRIBUNAL ELECTORAL DEL ESTADO DE CAMPECHE\" data-order=\"TRIBUNAL ELECTORAL DEL ESTADO DE CAMPECHE\" >TRIBUNAL ELECTORAL DEL ESTADO DE CAMPECHE <\/td><td data-cell-id=\"D358\" data-x=\"3\" data-y=\"358\" data-db-index=\"358\" class=\"fsize-18\" data-cell-type=\"text\" data-original-value=\"&lt;a href=&quot;https:\/\/teec.org.mx\/web\/wp-content\/uploads\/2023\/02\/TEEC-RAP-14-2022-1er-acu.-24-02-2023.pdf&quot; target=&quot;_blank&quot;&gt;TEEC\/RAP\/14\/2022 (SE NOT. SENTENCIA DE SALA XALAPA)&lt;\/a&gt;\" data-order=\"&lt;a href=&quot;https:\/\/teec.org.mx\/web\/wp-content\/uploads\/2023\/02\/TEEC-RAP-14-2022-1er-acu.-24-02-2023.pdf&quot; target=&quot;_blank&quot;&gt;TEEC\/RAP\/14\/2022 (SE NOT. SENTENCIA DE SALA XALAPA)&lt;\/a&gt;\" ><a href=\"https:\/\/teec.org.mx\/web\/wp-content\/uploads\/2023\/02\/TEEC-RAP-14-2022-1er-acu.-24-02-2023.pdf\" target=\"_blank\">TEEC\/RAP\/14\/2022 (SE NOT. SENTENCIA DE SALA XALAPA)<\/a><\/td><\/tr><tr style=\"height:px\" ><td data-cell-id=\"A359\" data-x=\"0\" data-y=\"359\" data-db-index=\"359\" class=\"fsize-18\" data-cell-type=\"text\" data-original-value=\"15 DE FEBRERO DE 2023, A LAS 14:27 HORAS\" data-order=\"15 DE FEBRERO DE 2023, A LAS 14:27 HORAS\" >15 DE FEBRERO DE 2023, A LAS 14:27 HORAS <\/td><td data-cell-id=\"B359\" data-x=\"1\" data-y=\"359\" data-db-index=\"359\" class=\"fsize-18\" data-cell-type=\"text\" data-original-value=\"PEDRO ESTRADA C\u00d3RDOVA, REPRESENTANTE DEL PARTIDO MOVIMIENTO CIUDADANO ANTE EL CONSEJO GENERAL DEL INSTITUTO ELECTORAL DEL ESTADO DE CAMPECHE\" data-order=\"PEDRO ESTRADA C\u00d3RDOVA, REPRESENTANTE DEL PARTIDO MOVIMIENTO CIUDADANO ANTE EL CONSEJO GENERAL DEL INSTITUTO ELECTORAL DEL ESTADO DE CAMPECHE\" >PEDRO ESTRADA C\u00d3RDOVA, REPRESENTANTE DEL PARTIDO MOVIMIENTO CIUDADANO ANTE EL CONSEJO GENERAL DEL INSTITUTO ELECTORAL DEL ESTADO DE CAMPECHE <\/td><td data-cell-id=\"C359\" data-x=\"2\" data-y=\"359\" data-db-index=\"359\" class=\"fsize-18\" data-cell-type=\"text\" data-original-value=\"CONSEJO GENERAL DEL INSTITUTO ELECTORAL DEL ESTADO DE CAMPECHE\" data-order=\"CONSEJO GENERAL DEL INSTITUTO ELECTORAL DEL ESTADO DE CAMPECHE\" >CONSEJO GENERAL DEL INSTITUTO ELECTORAL DEL ESTADO DE CAMPECHE <\/td><td data-cell-id=\"D359\" data-x=\"3\" data-y=\"359\" data-db-index=\"359\" class=\"fsize-18\" data-cell-type=\"text\" data-original-value=\"&lt;a href=&quot;https:\/\/teec.org.mx\/web\/wp-content\/uploads\/2023\/02\/TEEC-RAP-3-2023-2do-acu-15-02-2023.pdf&quot; target=&quot;_blank&quot;&gt;TEEC\/RAP\/3\/2023 (ACUERDO DE RECEPCI\u00d3N Y RADICACI\u00d3N)&lt;\/a&gt;\" data-order=\"&lt;a href=&quot;https:\/\/teec.org.mx\/web\/wp-content\/uploads\/2023\/02\/TEEC-RAP-3-2023-2do-acu-15-02-2023.pdf&quot; target=&quot;_blank&quot;&gt;TEEC\/RAP\/3\/2023 (ACUERDO DE RECEPCI\u00d3N Y RADICACI\u00d3N)&lt;\/a&gt;\" ><a href=\"https:\/\/teec.org.mx\/web\/wp-content\/uploads\/2023\/02\/TEEC-RAP-3-2023-2do-acu-15-02-2023.pdf\" target=\"_blank\">TEEC\/RAP\/3\/2023 (ACUERDO DE RECEPCI\u00d3N Y RADICACI\u00d3N)<\/a><\/td><\/tr><tr style=\"height:px\" ><td data-cell-id=\"A360\" data-x=\"0\" data-y=\"360\" data-db-index=\"360\" class=\"fsize-18\" data-cell-type=\"text\" data-original-value=\"15 DE FEBRERO DE 2023, A LAS 10:15 HORAS\" data-order=\"15 DE FEBRERO DE 2023, A LAS 10:15 HORAS\" >15 DE FEBRERO DE 2023, A LAS 10:15 HORAS <\/td><td data-cell-id=\"B360\" data-x=\"1\" data-y=\"360\" data-db-index=\"360\" class=\"fsize-18\" data-cell-type=\"text\" data-original-value=\"PEDRO ESTRADA C\u00d3RDOVA, QUIEN SE OSTENTA COMO REPRESENTANTE DEL PARTIDO MOVIMIENTO CIUDADANO ANTE EL CONSEJO GENERAL DEL INSTITUTO ELECTORAL DEL ESTADO DE CAMPECHE\" data-order=\"PEDRO ESTRADA C\u00d3RDOVA, QUIEN SE OSTENTA COMO REPRESENTANTE DEL PARTIDO MOVIMIENTO CIUDADANO ANTE EL CONSEJO GENERAL DEL INSTITUTO ELECTORAL DEL ESTADO DE CAMPECHE\" >PEDRO ESTRADA C\u00d3RDOVA, QUIEN SE OSTENTA COMO REPRESENTANTE DEL PARTIDO MOVIMIENTO CIUDADANO ANTE EL CONSEJO GENERAL DEL INSTITUTO ELECTORAL DEL ESTADO DE CAMPECHE <\/td><td data-cell-id=\"C360\" data-x=\"2\" data-y=\"360\" data-db-index=\"360\" class=\"fsize-18\" data-cell-type=\"text\" data-original-value=\"CONSEJO GENERAL DEL INSTITUTO ELECTORAL DEL ESTADO DE CAMPECHE\" data-order=\"CONSEJO GENERAL DEL INSTITUTO ELECTORAL DEL ESTADO DE CAMPECHE\" >CONSEJO GENERAL DEL INSTITUTO ELECTORAL DEL ESTADO DE CAMPECHE <\/td><td data-cell-id=\"D360\" data-x=\"3\" data-y=\"360\" data-db-index=\"360\" class=\"fsize-18\" data-cell-type=\"text\" data-original-value=\"&lt;a href=&quot;https:\/\/teec.org.mx\/web\/wp-content\/uploads\/2023\/02\/TEEC-RAP-3-2023-15-02-2023.pdf&quot; target=&quot;_blank&quot;&gt;TEEC\/RAP\/3\/2023 (ACUERDO DE TURNO)&lt;\/a&gt;\" data-order=\"&lt;a href=&quot;https:\/\/teec.org.mx\/web\/wp-content\/uploads\/2023\/02\/TEEC-RAP-3-2023-15-02-2023.pdf&quot; target=&quot;_blank&quot;&gt;TEEC\/RAP\/3\/2023 (ACUERDO DE TURNO)&lt;\/a&gt;\" ><a href=\"https:\/\/teec.org.mx\/web\/wp-content\/uploads\/2023\/02\/TEEC-RAP-3-2023-15-02-2023.pdf\" target=\"_blank\">TEEC\/RAP\/3\/2023 (ACUERDO DE TURNO)<\/a><\/td><\/tr><tr style=\"height:px\" ><td data-cell-id=\"A361\" data-x=\"0\" data-y=\"361\" data-db-index=\"361\" class=\"fsize-18\" data-cell-type=\"text\" data-original-value=\"15 DE FEBRERO DE 2023, A LAS 10:05 HORAS\" data-order=\"15 DE FEBRERO DE 2023, A LAS 10:05 HORAS\" >15 DE FEBRERO DE 2023, A LAS 10:05 HORAS <\/td><td data-cell-id=\"B361\" data-x=\"1\" data-y=\"361\" data-db-index=\"361\" class=\"fsize-18\" data-cell-type=\"text\" data-original-value=\"CESAR ISMAEL MART\u00cdN EHU\u00c1N, QUIEN SE OSTENTA COMO REPRESENTANTE PROPIETARIO DEL PARTIDO ACCI\u00d3N NACIONAL ANTE EL CONSEJO GENERAL DEL INSTITUTO ELECTORAL DEL ESTADO DE CAMPECHE\" data-order=\"CESAR ISMAEL MART\u00cdN EHU\u00c1N, QUIEN SE OSTENTA COMO REPRESENTANTE PROPIETARIO DEL PARTIDO ACCI\u00d3N NACIONAL ANTE EL CONSEJO GENERAL DEL INSTITUTO ELECTORAL DEL ESTADO DE CAMPECHE\" >CESAR ISMAEL MART\u00cdN EHU\u00c1N, QUIEN SE OSTENTA COMO REPRESENTANTE PROPIETARIO DEL PARTIDO ACCI\u00d3N NACIONAL ANTE EL CONSEJO GENERAL DEL INSTITUTO ELECTORAL DEL ESTADO DE CAMPECHE <\/td><td data-cell-id=\"C361\" data-x=\"2\" data-y=\"361\" data-db-index=\"361\" class=\"fsize-18\" data-cell-type=\"text\" data-original-value=\"CONSEJO GENERAL DEL INSTITUTO ELECTORAL DEL ESTADO DE CAMPECHE\" data-order=\"CONSEJO GENERAL DEL INSTITUTO ELECTORAL DEL ESTADO DE CAMPECHE\" >CONSEJO GENERAL DEL INSTITUTO ELECTORAL DEL ESTADO DE CAMPECHE <\/td><td data-cell-id=\"D361\" data-x=\"3\" data-y=\"361\" data-db-index=\"361\" class=\"fsize-18\" data-cell-type=\"text\" data-original-value=\"&lt;a href=&quot;https:\/\/teec.org.mx\/web\/wp-content\/uploads\/2023\/02\/TEEC-RAP-2-2023-15-02-2023.pdf&quot; target=&quot;_blank&quot;&gt;TEEC\/RAP\/2\/2023 (ACUERDO DE TURNO)&lt;\/a&gt;\" data-order=\"&lt;a href=&quot;https:\/\/teec.org.mx\/web\/wp-content\/uploads\/2023\/02\/TEEC-RAP-2-2023-15-02-2023.pdf&quot; target=&quot;_blank&quot;&gt;TEEC\/RAP\/2\/2023 (ACUERDO DE TURNO)&lt;\/a&gt;\" ><a href=\"https:\/\/teec.org.mx\/web\/wp-content\/uploads\/2023\/02\/TEEC-RAP-2-2023-15-02-2023.pdf\" target=\"_blank\">TEEC\/RAP\/2\/2023 (ACUERDO DE TURNO)<\/a><\/td><\/tr><tr style=\"height:px\" ><td data-cell-id=\"A362\" data-x=\"0\" data-y=\"362\" data-db-index=\"362\" class=\"fsize-18\" data-cell-type=\"text\" data-original-value=\"14 DE FEBRERO DE 2023, A LAS 12:15 HORAS\" data-order=\"14 DE FEBRERO DE 2023, A LAS 12:15 HORAS\" >14 DE FEBRERO DE 2023, A LAS 12:15 HORAS <\/td><td data-cell-id=\"B362\" data-x=\"1\" data-y=\"362\" data-db-index=\"362\" class=\"fsize-18\" data-cell-type=\"text\" data-original-value=\"MORENA\" data-order=\"MORENA\" >MORENA <\/td><td data-cell-id=\"C362\" data-x=\"2\" data-y=\"362\" data-db-index=\"362\" class=\"fsize-18\" data-cell-type=\"text\" data-original-value=\"TRIBUNAL ELECTORAL DEL ESTADO DE CAMPECHE\" data-order=\"TRIBUNAL ELECTORAL DEL ESTADO DE CAMPECHE\" >TRIBUNAL ELECTORAL DEL ESTADO DE CAMPECHE <\/td><td data-cell-id=\"D362\" data-x=\"3\" data-y=\"362\" data-db-index=\"362\" class=\"fsize-18\" data-cell-type=\"text\" data-original-value=\"&lt;a href=&quot;https:\/\/teec.org.mx\/web\/wp-content\/uploads\/2023\/02\/TEEC-RAP-14-2023-14-02-2023.pdf&quot; target=&quot;_blank&quot;&gt;TEEC\/RAP\/14\/2022 (SE COMUNICA RETIRO DE C\u00c9D. DE P\u00daB. Y NO COMPARECENCIA DE TERCERO INTERESADO)&lt;\/a&gt;\" data-order=\"&lt;a href=&quot;https:\/\/teec.org.mx\/web\/wp-content\/uploads\/2023\/02\/TEEC-RAP-14-2023-14-02-2023.pdf&quot; target=&quot;_blank&quot;&gt;TEEC\/RAP\/14\/2022 (SE COMUNICA RETIRO DE C\u00c9D. DE P\u00daB. Y NO COMPARECENCIA DE TERCERO INTERESADO)&lt;\/a&gt;\" ><a href=\"https:\/\/teec.org.mx\/web\/wp-content\/uploads\/2023\/02\/TEEC-RAP-14-2023-14-02-2023.pdf\" target=\"_blank\">TEEC\/RAP\/14\/2022 (SE COMUNICA RETIRO DE C\u00c9D. DE P\u00daB. Y NO COMPARECENCIA DE TERCERO INTERESADO)<\/a><\/td><\/tr><tr style=\"height:px\" ><td data-cell-id=\"A363\" data-x=\"0\" data-y=\"363\" data-db-index=\"363\" class=\"fsize-18\" data-cell-type=\"text\" data-original-value=\"13 DE FEBRERO DE 2023, A LAS 14:58 HORAS\" data-order=\"13 DE FEBRERO DE 2023, A LAS 14:58 HORAS\" >13 DE FEBRERO DE 2023, A LAS 14:58 HORAS <\/td><td data-cell-id=\"B363\" data-x=\"1\" data-y=\"363\" data-db-index=\"363\" class=\"fsize-18\" data-cell-type=\"text\" data-original-value=\"MORENA\" data-order=\"MORENA\" >MORENA <\/td><td data-cell-id=\"C363\" data-x=\"2\" data-y=\"363\" data-db-index=\"363\" class=\"fsize-18\" data-cell-type=\"text\" data-original-value=\"TRIBUNAL ELECTORAL DEL ESTADO DE CAMPECHE\" data-order=\"TRIBUNAL ELECTORAL DEL ESTADO DE CAMPECHE\" >TRIBUNAL ELECTORAL DEL ESTADO DE CAMPECHE <\/td><td data-cell-id=\"D363\" data-x=\"3\" data-y=\"363\" data-db-index=\"363\" class=\"fsize-18\" data-cell-type=\"text\" data-original-value=\"&lt;a href=&quot;https:\/\/teec.org.mx\/web\/wp-content\/uploads\/2023\/02\/TEEC-RAP-14-2023-13-02-2023.pdf&quot; target=&quot;_blank&quot;&gt;TEEC\/RAP\/14\/2022 (SE REMITE CED. DE RETIRO Y NO COMPARENCIA DE TERCERO INT)&lt;\/a&gt;\" data-order=\"&lt;a href=&quot;https:\/\/teec.org.mx\/web\/wp-content\/uploads\/2023\/02\/TEEC-RAP-14-2023-13-02-2023.pdf&quot; target=&quot;_blank&quot;&gt;TEEC\/RAP\/14\/2022 (SE REMITE CED. DE RETIRO Y NO COMPARENCIA DE TERCERO INT)&lt;\/a&gt;\" ><a href=\"https:\/\/teec.org.mx\/web\/wp-content\/uploads\/2023\/02\/TEEC-RAP-14-2023-13-02-2023.pdf\" target=\"_blank\">TEEC\/RAP\/14\/2022 (SE REMITE CED. DE RETIRO Y NO COMPARENCIA DE TERCERO INT)<\/a><\/td><\/tr><tr style=\"height:px\" ><td data-cell-id=\"A364\" data-x=\"0\" data-y=\"364\" data-db-index=\"364\" class=\"fsize-18\" data-cell-type=\"text\" data-original-value=\"10 DE FEBRERO DE 2023, A LAS 12:55 HORAS\" data-order=\"10 DE FEBRERO DE 2023, A LAS 12:55 HORAS\" >10 DE FEBRERO DE 2023, A LAS 12:55 HORAS <\/td><td data-cell-id=\"B364\" data-x=\"1\" data-y=\"364\" data-db-index=\"364\" class=\"fsize-18\" data-cell-type=\"text\" data-original-value=\"ANTONIO G\u00d3MEZ SAUCEDO, EN SU CALIDAD DE REPRESENTANTE PROPIETARIO DEL PARTIDO DEL TRABAJO ANTE EL CONSEJO GENERAL DEL INSTITUTO ELECTORAL DEL ESTADO DE CAMPECHE\" data-order=\"ANTONIO G\u00d3MEZ SAUCEDO, EN SU CALIDAD DE REPRESENTANTE PROPIETARIO DEL PARTIDO DEL TRABAJO ANTE EL CONSEJO GENERAL DEL INSTITUTO ELECTORAL DEL ESTADO DE CAMPECHE\" >ANTONIO G\u00d3MEZ SAUCEDO, EN SU CALIDAD DE REPRESENTANTE PROPIETARIO DEL PARTIDO DEL TRABAJO ANTE EL CONSEJO GENERAL DEL INSTITUTO ELECTORAL DEL ESTADO DE CAMPECHE <\/td><td data-cell-id=\"C364\" data-x=\"2\" data-y=\"364\" data-db-index=\"364\" class=\"fsize-18\" data-cell-type=\"text\" data-original-value=\"DIRECCI\u00d3N EJECUTIVA DE ADMINISTRACI\u00d3N, PRERROGATIVAS DE PARTIDOS Y ASOCIACIONES POL\u00cdTICAS DEL INSTITUTO ELECTORAL DEL ESTADO DE CAMPECHE\" data-order=\"DIRECCI\u00d3N EJECUTIVA DE ADMINISTRACI\u00d3N, PRERROGATIVAS DE PARTIDOS Y ASOCIACIONES POL\u00cdTICAS DEL INSTITUTO ELECTORAL DEL ESTADO DE CAMPECHE\" >DIRECCI\u00d3N EJECUTIVA DE ADMINISTRACI\u00d3N, PRERROGATIVAS DE PARTIDOS Y ASOCIACIONES POL\u00cdTICAS DEL INSTITUTO ELECTORAL DEL ESTADO DE CAMPECHE <\/td><td data-cell-id=\"D364\" data-x=\"3\" data-y=\"364\" data-db-index=\"364\" class=\"fsize-18\" data-cell-type=\"text\" data-original-value=\"&lt;a href=&quot;https:\/\/teec.org.mx\/web\/wp-content\/uploads\/2023\/02\/TEEC-RAP-1-2023-10-02-2023.pdf&quot; target=&quot;_blank&quot;&gt;TEEC\/RAP\/1\/2023 (ACUERDO DE ADMISI\u00d3N)&lt;\/a&gt;\" data-order=\"&lt;a href=&quot;https:\/\/teec.org.mx\/web\/wp-content\/uploads\/2023\/02\/TEEC-RAP-1-2023-10-02-2023.pdf&quot; target=&quot;_blank&quot;&gt;TEEC\/RAP\/1\/2023 (ACUERDO DE ADMISI\u00d3N)&lt;\/a&gt;\" ><a href=\"https:\/\/teec.org.mx\/web\/wp-content\/uploads\/2023\/02\/TEEC-RAP-1-2023-10-02-2023.pdf\" target=\"_blank\">TEEC\/RAP\/1\/2023 (ACUERDO DE ADMISI\u00d3N)<\/a><\/td><\/tr><tr style=\"height:px\" ><td data-cell-id=\"A365\" data-x=\"0\" data-y=\"365\" data-db-index=\"365\" class=\"fsize-18\" data-cell-type=\"text\" data-original-value=\"09 DE FEBRERO DE 2023, A LAS 12:50 HORAS\" data-order=\"09 DE FEBRERO DE 2023, A LAS 12:50 HORAS\" >09 DE FEBRERO DE 2023, A LAS 12:50 HORAS <\/td><td data-cell-id=\"B365\" data-x=\"1\" data-y=\"365\" data-db-index=\"365\" class=\"fsize-18\" data-cell-type=\"text\" data-original-value=\"ANTONIO G\u00d3MEZ SAUCEDO, EN SU CALIDAD DE REPRESENTANTE DEL PARTIDO DEL TRABAJO ANTE EL CONSEJO GENERAL DEL INSTITUTO ELECTORAL DEL ESTADO DE CAMPECHE\" data-order=\"ANTONIO G\u00d3MEZ SAUCEDO, EN SU CALIDAD DE REPRESENTANTE DEL PARTIDO DEL TRABAJO ANTE EL CONSEJO GENERAL DEL INSTITUTO ELECTORAL DEL ESTADO DE CAMPECHE\" >ANTONIO G\u00d3MEZ SAUCEDO, EN SU CALIDAD DE REPRESENTANTE DEL PARTIDO DEL TRABAJO ANTE EL CONSEJO GENERAL DEL INSTITUTO ELECTORAL DEL ESTADO DE CAMPECHE <\/td><td data-cell-id=\"C365\" data-x=\"2\" data-y=\"365\" data-db-index=\"365\" class=\"fsize-18\" data-cell-type=\"text\" data-original-value=\"DIRECCI\u00d3N EJECUTIVA DE ADMINISTRACI\u00d3N, PRERROGATIVAS DE PARTIDOS Y ASOCIACIONES POL\u00cdTICAS DEL INSTITUTO ELECTORAL DEL ESTADO DE CAMPECHE\" data-order=\"DIRECCI\u00d3N EJECUTIVA DE ADMINISTRACI\u00d3N, PRERROGATIVAS DE PARTIDOS Y ASOCIACIONES POL\u00cdTICAS DEL INSTITUTO ELECTORAL DEL ESTADO DE CAMPECHE\" >DIRECCI\u00d3N EJECUTIVA DE ADMINISTRACI\u00d3N, PRERROGATIVAS DE PARTIDOS Y ASOCIACIONES POL\u00cdTICAS DEL INSTITUTO ELECTORAL DEL ESTADO DE CAMPECHE <\/td><td data-cell-id=\"D365\" data-x=\"3\" data-y=\"365\" data-db-index=\"365\" class=\"fsize-18\" data-cell-type=\"text\" data-original-value=\"&lt;a href=&quot;https:\/\/teec.org.mx\/web\/wp-content\/uploads\/2023\/02\/TEEC-RAP-1-2023-09-02-2023.pdf&quot; target=&quot;_blank&quot;&gt;TEEC\/RAP\/1\/2023 (ACUERDO DE CUMPL. DE REQUERIMIENTO Y ACUMULACI\u00d3N)&lt;\/a&gt;\" data-order=\"&lt;a href=&quot;https:\/\/teec.org.mx\/web\/wp-content\/uploads\/2023\/02\/TEEC-RAP-1-2023-09-02-2023.pdf&quot; target=&quot;_blank&quot;&gt;TEEC\/RAP\/1\/2023 (ACUERDO DE CUMPL. DE REQUERIMIENTO Y ACUMULACI\u00d3N)&lt;\/a&gt;\" ><a href=\"https:\/\/teec.org.mx\/web\/wp-content\/uploads\/2023\/02\/TEEC-RAP-1-2023-09-02-2023.pdf\" target=\"_blank\">TEEC\/RAP\/1\/2023 (ACUERDO DE CUMPL. DE REQUERIMIENTO Y ACUMULACI\u00d3N)<\/a><\/td><\/tr><tr style=\"height:px\" ><td data-cell-id=\"A366\" data-x=\"0\" data-y=\"366\" data-db-index=\"366\" class=\"fsize-18\" data-cell-type=\"text\" data-original-value=\"09 DE FEBRERO DE 2023, A LAS 11:45 HORAS\" data-order=\"09 DE FEBRERO DE 2023, A LAS 11:45 HORAS\" >09 DE FEBRERO DE 2023, A LAS 11:45 HORAS <\/td><td data-cell-id=\"B366\" data-x=\"1\" data-y=\"366\" data-db-index=\"366\" class=\"fsize-18\" data-cell-type=\"text\" data-original-value=\"MORENA\" data-order=\"MORENA\" >MORENA <\/td><td data-cell-id=\"C366\" data-x=\"2\" data-y=\"366\" data-db-index=\"366\" class=\"fsize-18\" data-cell-type=\"text\" data-original-value=\"TRIBUNAL ELECTORAL DEL ESTADO DE CAMPECHE\" data-order=\"TRIBUNAL ELECTORAL DEL ESTADO DE CAMPECHE\" >TRIBUNAL ELECTORAL DEL ESTADO DE CAMPECHE <\/td><td data-cell-id=\"D366\" data-x=\"3\" data-y=\"366\" data-db-index=\"366\" class=\"fsize-18\" data-cell-type=\"text\" data-original-value=\"&lt;a href=&quot;https:\/\/teec.org.mx\/web\/wp-content\/uploads\/2023\/02\/TEEC-RAP-14-2022-09-02-2023.pdf&quot; target=&quot;_blank&quot;&gt;TEEC\/RAP\/14\/2022 (TRAMITE DE MEDIO DE IMPUGNACI\u00d3N REMITIDO POR SALA XALAPA)&lt;\/a&gt;\" data-order=\"&lt;a href=&quot;https:\/\/teec.org.mx\/web\/wp-content\/uploads\/2023\/02\/TEEC-RAP-14-2022-09-02-2023.pdf&quot; target=&quot;_blank&quot;&gt;TEEC\/RAP\/14\/2022 (TRAMITE DE MEDIO DE IMPUGNACI\u00d3N REMITIDO POR SALA XALAPA)&lt;\/a&gt;\" ><a href=\"https:\/\/teec.org.mx\/web\/wp-content\/uploads\/2023\/02\/TEEC-RAP-14-2022-09-02-2023.pdf\" target=\"_blank\">TEEC\/RAP\/14\/2022 (TRAMITE DE MEDIO DE IMPUGNACI\u00d3N REMITIDO POR SALA XALAPA)<\/a><\/td><\/tr><tr style=\"height:px\" ><td data-cell-id=\"A367\" data-x=\"0\" data-y=\"367\" data-db-index=\"367\" class=\"fsize-18\" data-cell-type=\"text\" data-original-value=\"08 DE FEBRERO DE 2023, A LAS 13:20 HORAS\" data-order=\"08 DE FEBRERO DE 2023, A LAS 13:20 HORAS\" >08 DE FEBRERO DE 2023, A LAS 13:20 HORAS <\/td><td data-cell-id=\"B367\" data-x=\"1\" data-y=\"367\" data-db-index=\"367\" class=\"fsize-18\" data-cell-type=\"text\" data-original-value=\"MORENA\" data-order=\"MORENA\" >MORENA <\/td><td data-cell-id=\"C367\" data-x=\"2\" data-y=\"367\" data-db-index=\"367\" class=\"fsize-18\" data-cell-type=\"text\" data-original-value=\"TRIBUNAL ELECTORAL DEL ESTADO DE CAMPECHE\" data-order=\"TRIBUNAL ELECTORAL DEL ESTADO DE CAMPECHE\" >TRIBUNAL ELECTORAL DEL ESTADO DE CAMPECHE <\/td><td data-cell-id=\"D367\" data-x=\"3\" data-y=\"367\" data-db-index=\"367\" class=\"fsize-18\" data-cell-type=\"text\" data-original-value=\"&lt;a href=&quot;https:\/\/teec.org.mx\/web\/wp-content\/uploads\/2023\/02\/TEEC-RAP-14-2022-08-02-2023.pdf&quot; target=&quot;_blank&quot;&gt;TEEC\/RAP\/14\/2022 (TRAMITE DE MEDIO DE IMPUGNACI\u00d3N FEDERAL)&lt;\/a&gt;\" data-order=\"&lt;a href=&quot;https:\/\/teec.org.mx\/web\/wp-content\/uploads\/2023\/02\/TEEC-RAP-14-2022-08-02-2023.pdf&quot; target=&quot;_blank&quot;&gt;TEEC\/RAP\/14\/2022 (TRAMITE DE MEDIO DE IMPUGNACI\u00d3N FEDERAL)&lt;\/a&gt;\" ><a href=\"https:\/\/teec.org.mx\/web\/wp-content\/uploads\/2023\/02\/TEEC-RAP-14-2022-08-02-2023.pdf\" target=\"_blank\">TEEC\/RAP\/14\/2022 (TRAMITE DE MEDIO DE IMPUGNACI\u00d3N FEDERAL)<\/a><\/td><\/tr><tr style=\"height:px\" ><td data-cell-id=\"A368\" data-x=\"0\" data-y=\"368\" data-db-index=\"368\" class=\"fsize-18\" data-cell-type=\"text\" data-original-value=\"08 DE FEBRERO DE 2023, A LAS 12:10 HORAS\" data-order=\"08 DE FEBRERO DE 2023, A LAS 12:10 HORAS\" >08 DE FEBRERO DE 2023, A LAS 12:10 HORAS <\/td><td data-cell-id=\"B368\" data-x=\"1\" data-y=\"368\" data-db-index=\"368\" class=\"fsize-18\" data-cell-type=\"text\" data-original-value=\"ANTONIO G\u00d3MEZ SAUCEDO, EN SU CALIDAD DE REPRESENTANTE DEL PARTIDO DEL TRABAJO ANTE EL CONSEJO GENERAL DEL INSTITUTO ELECTORAL DEL ESTADO DE CAMPECHE\" data-order=\"ANTONIO G\u00d3MEZ SAUCEDO, EN SU CALIDAD DE REPRESENTANTE DEL PARTIDO DEL TRABAJO ANTE EL CONSEJO GENERAL DEL INSTITUTO ELECTORAL DEL ESTADO DE CAMPECHE\" >ANTONIO G\u00d3MEZ SAUCEDO, EN SU CALIDAD DE REPRESENTANTE DEL PARTIDO DEL TRABAJO ANTE EL CONSEJO GENERAL DEL INSTITUTO ELECTORAL DEL ESTADO DE CAMPECHE <\/td><td data-cell-id=\"C368\" data-x=\"2\" data-y=\"368\" data-db-index=\"368\" class=\"fsize-18\" data-cell-type=\"text\" data-original-value=\"DIRECCI\u00d3N EJECUTIVA DE ADMINISTRACI\u00d3N, PRERROGATIVAS DE PARTIDOS Y ASOCIACIONES POL\u00cdTICAS DEL INSTITUTO ELECTORAL DEL ESTADO DE CAMPECHE\" data-order=\"DIRECCI\u00d3N EJECUTIVA DE ADMINISTRACI\u00d3N, PRERROGATIVAS DE PARTIDOS Y ASOCIACIONES POL\u00cdTICAS DEL INSTITUTO ELECTORAL DEL ESTADO DE CAMPECHE\" >DIRECCI\u00d3N EJECUTIVA DE ADMINISTRACI\u00d3N, PRERROGATIVAS DE PARTIDOS Y ASOCIACIONES POL\u00cdTICAS DEL INSTITUTO ELECTORAL DEL ESTADO DE CAMPECHE <\/td><td data-cell-id=\"D368\" data-x=\"3\" data-y=\"368\" data-db-index=\"368\" class=\"fsize-18\" data-cell-type=\"text\" data-original-value=\"&lt;a href=&quot;https:\/\/teec.org.mx\/web\/wp-content\/uploads\/2023\/02\/TEEC-RAP-1-2023-08-02-2023.pdf&quot; target=&quot;_blank&quot;&gt;TEEC\/RAP\/1\/2023 (ACUERDO SE TURNA DOCUMENTACI\u00d3N)&lt;\/a&gt;\" data-order=\"&lt;a href=&quot;https:\/\/teec.org.mx\/web\/wp-content\/uploads\/2023\/02\/TEEC-RAP-1-2023-08-02-2023.pdf&quot; target=&quot;_blank&quot;&gt;TEEC\/RAP\/1\/2023 (ACUERDO SE TURNA DOCUMENTACI\u00d3N)&lt;\/a&gt;\" ><a href=\"https:\/\/teec.org.mx\/web\/wp-content\/uploads\/2023\/02\/TEEC-RAP-1-2023-08-02-2023.pdf\" target=\"_blank\">TEEC\/RAP\/1\/2023 (ACUERDO SE TURNA DOCUMENTACI\u00d3N)<\/a><\/td><\/tr><tr style=\"height:px\" ><td data-cell-id=\"A369\" data-x=\"0\" data-y=\"369\" data-db-index=\"369\" class=\"fsize-18\" data-cell-type=\"text\" data-original-value=\"01 DE FEBRERO DE 2023, A LAS 12:20 HORAS\" data-order=\"01 DE FEBRERO DE 2023, A LAS 12:20 HORAS\" >01 DE FEBRERO DE 2023, A LAS 12:20 HORAS <\/td><td data-cell-id=\"B369\" data-x=\"1\" data-y=\"369\" data-db-index=\"369\" class=\"fsize-18\" data-cell-type=\"text\" data-original-value=\"ANTONIO G\u00d3MEZ SAUCEDO, EN SU CALIDAD DE REPRESENTANTE DEL PARTIDO DEL TRABAJO ANTE EL CONSEJO GENERAL DEL INSTITUTO ELECTORAL DEL ESTADO DE CAMPECHE\" data-order=\"ANTONIO G\u00d3MEZ SAUCEDO, EN SU CALIDAD DE REPRESENTANTE DEL PARTIDO DEL TRABAJO ANTE EL CONSEJO GENERAL DEL INSTITUTO ELECTORAL DEL ESTADO DE CAMPECHE\" >ANTONIO G\u00d3MEZ SAUCEDO, EN SU CALIDAD DE REPRESENTANTE DEL PARTIDO DEL TRABAJO ANTE EL CONSEJO GENERAL DEL INSTITUTO ELECTORAL DEL ESTADO DE CAMPECHE <\/td><td data-cell-id=\"C369\" data-x=\"2\" data-y=\"369\" data-db-index=\"369\" class=\"fsize-18\" data-cell-type=\"text\" data-original-value=\"DIRECCI\u00d3N EJECUTIVA DE ADMINISTRACI\u00d3N, PRERROGATIVAS DE PARTIDOS Y ASOCIACIONES POL\u00cdTICAS DEL INSTITUTO ELECTORAL DEL ESTADO DE CAMPECHE\" data-order=\"DIRECCI\u00d3N EJECUTIVA DE ADMINISTRACI\u00d3N, PRERROGATIVAS DE PARTIDOS Y ASOCIACIONES POL\u00cdTICAS DEL INSTITUTO ELECTORAL DEL ESTADO DE CAMPECHE\" >DIRECCI\u00d3N EJECUTIVA DE ADMINISTRACI\u00d3N, PRERROGATIVAS DE PARTIDOS Y ASOCIACIONES POL\u00cdTICAS DEL INSTITUTO ELECTORAL DEL ESTADO DE CAMPECHE <\/td><td data-cell-id=\"D369\" data-x=\"3\" data-y=\"369\" data-db-index=\"369\" class=\"fsize-18\" data-cell-type=\"text\" data-original-value=\"&lt;a href=&quot;https:\/\/teec.org.mx\/web\/wp-content\/uploads\/2023\/02\/TEEC-RAP-1-2023-01-02-2023.pdf&quot; target=&quot;_blank&quot;&gt;TEEC\/RAP\/1\/2023 (ACUERDO DE REQUERIMIENTO)&lt;\/a&gt;\" data-order=\"&lt;a href=&quot;https:\/\/teec.org.mx\/web\/wp-content\/uploads\/2023\/02\/TEEC-RAP-1-2023-01-02-2023.pdf&quot; target=&quot;_blank&quot;&gt;TEEC\/RAP\/1\/2023 (ACUERDO DE REQUERIMIENTO)&lt;\/a&gt;\" ><a href=\"https:\/\/teec.org.mx\/web\/wp-content\/uploads\/2023\/02\/TEEC-RAP-1-2023-01-02-2023.pdf\" target=\"_blank\">TEEC\/RAP\/1\/2023 (ACUERDO DE REQUERIMIENTO)<\/a><\/td><\/tr><tr style=\"height:px\" ><td data-cell-id=\"A370\" data-x=\"0\" data-y=\"370\" data-db-index=\"370\" class=\"fsize-18\" data-cell-type=\"text\" data-original-value=\"31 DE ENERO DE 2023, A LAS 11:50 HORAS\" data-order=\"31 DE ENERO DE 2023, A LAS 11:50 HORAS\" >31 DE ENERO DE 2023, A LAS 11:50 HORAS <\/td><td data-cell-id=\"B370\" data-x=\"1\" data-y=\"370\" data-db-index=\"370\" class=\"fsize-18\" data-cell-type=\"text\" data-original-value=\"ERICK ALEJANDRO REYES LE\u00d3N, EN SU CALIDAD DE REPRESENTANTE PROPIETARIO DEL PARTIDO POL\u00cdTICO MORENA EN EL ESTADO DE CAMPECHE, ANTE EL CONSEJO GENERAL DEL INSTITUTO ELECTORAL DEL ESTADO DE CAMPECHE\" data-order=\"ERICK ALEJANDRO REYES LE\u00d3N, EN SU CALIDAD DE REPRESENTANTE PROPIETARIO DEL PARTIDO POL\u00cdTICO MORENA EN EL ESTADO DE CAMPECHE, ANTE EL CONSEJO GENERAL DEL INSTITUTO ELECTORAL DEL ESTADO DE CAMPECHE\" >ERICK ALEJANDRO REYES LE\u00d3N, EN SU CALIDAD DE REPRESENTANTE PROPIETARIO DEL PARTIDO POL\u00cdTICO MORENA EN EL ESTADO DE CAMPECHE, ANTE EL CONSEJO GENERAL DEL INSTITUTO ELECTORAL DEL ESTADO DE CAMPECHE <\/td><td data-cell-id=\"C370\" data-x=\"2\" data-y=\"370\" data-db-index=\"370\" class=\"fsize-18\" data-cell-type=\"text\" data-original-value=\"DIRECCI\u00d3N EJECUTIVA DE ADMINISTRACI\u00d3N, PRERROGATIVAS DE PARTIDOS Y AGRUPACIONES POL\u00cdTICAS DEL INSTITUTO ELECTORAL DEL ESTADO DE CAMPECHE\" data-order=\"DIRECCI\u00d3N EJECUTIVA DE ADMINISTRACI\u00d3N, PRERROGATIVAS DE PARTIDOS Y AGRUPACIONES POL\u00cdTICAS DEL INSTITUTO ELECTORAL DEL ESTADO DE CAMPECHE\" >DIRECCI\u00d3N EJECUTIVA DE ADMINISTRACI\u00d3N, PRERROGATIVAS DE PARTIDOS Y AGRUPACIONES POL\u00cdTICAS DEL INSTITUTO ELECTORAL DEL ESTADO DE CAMPECHE <\/td><td data-cell-id=\"D370\" data-x=\"3\" data-y=\"370\" data-db-index=\"370\" class=\"fsize-18\" data-cell-type=\"text\" data-original-value=\"&lt;a href=&quot;https:\/\/teec.org.mx\/web\/wp-content\/uploads\/2023\/01\/TEEC-RAP-14-2022-sentencia-31-01-2023.pdf&quot; target=&quot;_blank&quot;&gt;TEEC\/RAP\/14\/2022 (SE DICT\u00d3 SENTENCIA)&lt;\/a&gt;\" data-order=\"&lt;a href=&quot;https:\/\/teec.org.mx\/web\/wp-content\/uploads\/2023\/01\/TEEC-RAP-14-2022-sentencia-31-01-2023.pdf&quot; target=&quot;_blank&quot;&gt;TEEC\/RAP\/14\/2022 (SE DICT\u00d3 SENTENCIA)&lt;\/a&gt;\" ><a href=\"https:\/\/teec.org.mx\/web\/wp-content\/uploads\/2023\/01\/TEEC-RAP-14-2022-sentencia-31-01-2023.pdf\" target=\"_blank\">TEEC\/RAP\/14\/2022 (SE DICT\u00d3 SENTENCIA)<\/a><\/td><\/tr><tr style=\"height:px\" ><td data-cell-id=\"A371\" data-x=\"0\" data-y=\"371\" data-db-index=\"371\" class=\"fsize-18\" data-cell-type=\"text\" data-original-value=\"30 DE ENERO DE 2023, A LAS 10:30 HORAS\" data-order=\"30 DE ENERO DE 2023, A LAS 10:30 HORAS\" >30 DE ENERO DE 2023, A LAS 10:30 HORAS <\/td><td data-cell-id=\"B371\" data-x=\"1\" data-y=\"371\" data-db-index=\"371\" class=\"fsize-18\" data-cell-type=\"text\" data-original-value=\"ANTONIO G\u00d3MEZ SAUCEDO, EN SU CALIDAD DE REPRESENTANTE DEL PARTIDO DEL TRABAJO ANTE EL CONSEJO GENERAL DEL IEEC\" data-order=\"ANTONIO G\u00d3MEZ SAUCEDO, EN SU CALIDAD DE REPRESENTANTE DEL PARTIDO DEL TRABAJO ANTE EL CONSEJO GENERAL DEL IEEC\" >ANTONIO G\u00d3MEZ SAUCEDO, EN SU CALIDAD DE REPRESENTANTE DEL PARTIDO DEL TRABAJO ANTE EL CONSEJO GENERAL DEL IEEC <\/td><td data-cell-id=\"C371\" data-x=\"2\" data-y=\"371\" data-db-index=\"371\" class=\"fsize-18\" data-cell-type=\"text\" data-original-value=\"DIRECCI\u00d3N EJECUTIVA DE ADMINISTRACI\u00d3N, PRERROGATIVAS DE PARTIDOS Y AGRUPACIONES POL\u00cdTICAS DEL INSTITUTO ELECTORAL DEL ESTADO DE CAMPECHE\" data-order=\"DIRECCI\u00d3N EJECUTIVA DE ADMINISTRACI\u00d3N, PRERROGATIVAS DE PARTIDOS Y AGRUPACIONES POL\u00cdTICAS DEL INSTITUTO ELECTORAL DEL ESTADO DE CAMPECHE\" >DIRECCI\u00d3N EJECUTIVA DE ADMINISTRACI\u00d3N, PRERROGATIVAS DE PARTIDOS Y AGRUPACIONES POL\u00cdTICAS DEL INSTITUTO ELECTORAL DEL ESTADO DE CAMPECHE <\/td><td data-cell-id=\"D371\" data-x=\"3\" data-y=\"371\" data-db-index=\"371\" class=\"fsize-18\" data-cell-type=\"text\" data-original-value=\"&lt;a href=&quot;https:\/\/teec.org.mx\/web\/wp-content\/uploads\/2023\/01\/TEEC-RAP-1-2023-30-01-2023.pdf&quot; target=&quot;_blank&quot;&gt;TEEC\/RAP\/1\/2023 (ACUERDO DE RECEPCI\u00d3N Y RADICACI\u00d3N)&lt;\/a&gt;\" data-order=\"&lt;a href=&quot;https:\/\/teec.org.mx\/web\/wp-content\/uploads\/2023\/01\/TEEC-RAP-1-2023-30-01-2023.pdf&quot; target=&quot;_blank&quot;&gt;TEEC\/RAP\/1\/2023 (ACUERDO DE RECEPCI\u00d3N Y RADICACI\u00d3N)&lt;\/a&gt;\" ><a href=\"https:\/\/teec.org.mx\/web\/wp-content\/uploads\/2023\/01\/TEEC-RAP-1-2023-30-01-2023.pdf\" target=\"_blank\">TEEC\/RAP\/1\/2023 (ACUERDO DE RECEPCI\u00d3N Y RADICACI\u00d3N)<\/a><\/td><\/tr><tr style=\"height:px\" ><td data-cell-id=\"A372\" data-x=\"0\" data-y=\"372\" data-db-index=\"372\" class=\"fsize-18\" data-cell-type=\"text\" data-original-value=\"27 DE ENERO DE 2023, A LAS 10:00 HORAS\" data-order=\"27 DE ENERO DE 2023, A LAS 10:00 HORAS\" >27 DE ENERO DE 2023, A LAS 10:00 HORAS <\/td><td data-cell-id=\"B372\" data-x=\"1\" data-y=\"372\" data-db-index=\"372\" class=\"fsize-18\" data-cell-type=\"text\" data-original-value=\"ERICK ALEJANDRO REYES LE\u00d3N, EN SU CALIDAD DE REPRESENTANTE PROPIETARIO DEL PARTIDO POL\u00cdTICO MORENA EN EL ESTADO DE CAMPECHE, ANTE EL CONSEJO GENERAL DEL INSTITUTO ELECTORAL DEL ESTADO DE CAMPECHE\" data-order=\"ERICK ALEJANDRO REYES LE\u00d3N, EN SU CALIDAD DE REPRESENTANTE PROPIETARIO DEL PARTIDO POL\u00cdTICO MORENA EN EL ESTADO DE CAMPECHE, ANTE EL CONSEJO GENERAL DEL INSTITUTO ELECTORAL DEL ESTADO DE CAMPECHE\" >ERICK ALEJANDRO REYES LE\u00d3N, EN SU CALIDAD DE REPRESENTANTE PROPIETARIO DEL PARTIDO POL\u00cdTICO MORENA EN EL ESTADO DE CAMPECHE, ANTE EL CONSEJO GENERAL DEL INSTITUTO ELECTORAL DEL ESTADO DE CAMPECHE <\/td><td data-cell-id=\"C372\" data-x=\"2\" data-y=\"372\" data-db-index=\"372\" class=\"fsize-18\" data-cell-type=\"text\" data-original-value=\"DIRECCI\u00d3N EJECUTIVA DE ADMINISTRACI\u00d3N, PRERROGATIVAS DE PARTIDOS Y AGRUPACIONES POL\u00cdTICAS DEL INSTITUTO ELECTORAL DEL ESTADO DE CAMPECHE\" data-order=\"DIRECCI\u00d3N EJECUTIVA DE ADMINISTRACI\u00d3N, PRERROGATIVAS DE PARTIDOS Y AGRUPACIONES POL\u00cdTICAS DEL INSTITUTO ELECTORAL DEL ESTADO DE CAMPECHE\" >DIRECCI\u00d3N EJECUTIVA DE ADMINISTRACI\u00d3N, PRERROGATIVAS DE PARTIDOS Y AGRUPACIONES POL\u00cdTICAS DEL INSTITUTO ELECTORAL DEL ESTADO DE CAMPECHE <\/td><td data-cell-id=\"D372\" data-x=\"3\" data-y=\"372\" data-db-index=\"372\" class=\"fsize-18\" data-cell-type=\"text\" data-original-value=\"&lt;a href=&quot;https:\/\/teec.org.mx\/web\/wp-content\/uploads\/2023\/01\/TEEC-RAP-14-2022-27-01-2023.pdf&quot; target=&quot;_blank&quot;&gt;TEEC\/RAP\/14\/2022 (ACUERDO SE FIJA FECHA Y HORA PARA SESI\u00d3N PUBLICA)&lt;\/a&gt;\" data-order=\"&lt;a href=&quot;https:\/\/teec.org.mx\/web\/wp-content\/uploads\/2023\/01\/TEEC-RAP-14-2022-27-01-2023.pdf&quot; target=&quot;_blank&quot;&gt;TEEC\/RAP\/14\/2022 (ACUERDO SE FIJA FECHA Y HORA PARA SESI\u00d3N PUBLICA)&lt;\/a&gt;\" ><a href=\"https:\/\/teec.org.mx\/web\/wp-content\/uploads\/2023\/01\/TEEC-RAP-14-2022-27-01-2023.pdf\" target=\"_blank\">TEEC\/RAP\/14\/2022 (ACUERDO SE FIJA FECHA Y HORA PARA SESI\u00d3N PUBLICA)<\/a><\/td><\/tr><tr style=\"height:px\" ><td data-cell-id=\"A373\" data-x=\"0\" data-y=\"373\" data-db-index=\"373\" class=\"fsize-18\" data-cell-type=\"text\" data-original-value=\"26 DE ENERO DE 2023, A LAS 14:00 HORAS\" data-order=\"26 DE ENERO DE 2023, A LAS 14:00 HORAS\" >26 DE ENERO DE 2023, A LAS 14:00 HORAS <\/td><td data-cell-id=\"B373\" data-x=\"1\" data-y=\"373\" data-db-index=\"373\" class=\"fsize-18\" data-cell-type=\"text\" data-original-value=\"ERICK ALEJANDRO REYES LE\u00d3N, EN SU CALIDAD DE REPRESENTANTE PROPIETARIO DEL PARTIDO POL\u00cdTICO MORENA EN EL ESTADO DE CAMPECHE, ANTE EL CONSEJO GENERAL DEL INSTITUTO ELECTORAL DEL ESTADO DE CAMPECHE\" data-order=\"ERICK ALEJANDRO REYES LE\u00d3N, EN SU CALIDAD DE REPRESENTANTE PROPIETARIO DEL PARTIDO POL\u00cdTICO MORENA EN EL ESTADO DE CAMPECHE, ANTE EL CONSEJO GENERAL DEL INSTITUTO ELECTORAL DEL ESTADO DE CAMPECHE\" >ERICK ALEJANDRO REYES LE\u00d3N, EN SU CALIDAD DE REPRESENTANTE PROPIETARIO DEL PARTIDO POL\u00cdTICO MORENA EN EL ESTADO DE CAMPECHE, ANTE EL CONSEJO GENERAL DEL INSTITUTO ELECTORAL DEL ESTADO DE CAMPECHE <\/td><td data-cell-id=\"C373\" data-x=\"2\" data-y=\"373\" data-db-index=\"373\" class=\"fsize-18\" data-cell-type=\"text\" data-original-value=\"DIRECCI\u00d3N EJECUTIVA DE ADMINISTRACI\u00d3N, PRERROGATIVAS DE PARTIDOS Y AGRUPACIONES POL\u00cdTICAS DEL INSTITUTO ELECTORAL DEL ESTADO DE CAMPECHE\" data-order=\"DIRECCI\u00d3N EJECUTIVA DE ADMINISTRACI\u00d3N, PRERROGATIVAS DE PARTIDOS Y AGRUPACIONES POL\u00cdTICAS DEL INSTITUTO ELECTORAL DEL ESTADO DE CAMPECHE\" >DIRECCI\u00d3N EJECUTIVA DE ADMINISTRACI\u00d3N, PRERROGATIVAS DE PARTIDOS Y AGRUPACIONES POL\u00cdTICAS DEL INSTITUTO ELECTORAL DEL ESTADO DE CAMPECHE <\/td><td data-cell-id=\"D373\" data-x=\"3\" data-y=\"373\" data-db-index=\"373\" class=\"fsize-18\" data-cell-type=\"text\" data-original-value=\"&lt;a href=&quot;https:\/\/teec.org.mx\/web\/wp-content\/uploads\/2023\/01\/TEEC-RAP-14-2022-26-01-2023.pdf&quot; target=&quot;_blank&quot;&gt;TEEC\/RAP\/14\/2022 (ACUERDO DE CIERRE DE INSTRUCCI\u00d3N Y SOLICITUD DE FECHA Y HORA DE SESI\u00d3N)&lt;\/a&gt;\" data-order=\"&lt;a href=&quot;https:\/\/teec.org.mx\/web\/wp-content\/uploads\/2023\/01\/TEEC-RAP-14-2022-26-01-2023.pdf&quot; target=&quot;_blank&quot;&gt;TEEC\/RAP\/14\/2022 (ACUERDO DE CIERRE DE INSTRUCCI\u00d3N Y SOLICITUD DE FECHA Y HORA DE SESI\u00d3N)&lt;\/a&gt;\" ><a href=\"https:\/\/teec.org.mx\/web\/wp-content\/uploads\/2023\/01\/TEEC-RAP-14-2022-26-01-2023.pdf\" target=\"_blank\">TEEC\/RAP\/14\/2022 (ACUERDO DE CIERRE DE INSTRUCCI\u00d3N Y SOLICITUD DE FECHA Y HORA DE SESI\u00d3N)<\/a><\/td><\/tr><tr style=\"height:px\" ><td data-cell-id=\"A374\" data-x=\"0\" data-y=\"374\" data-db-index=\"374\" class=\"fsize-18\" data-cell-type=\"text\" data-original-value=\"26 DE ENERO DE 2023, A LAS 11:15 HORAS\" data-order=\"26 DE ENERO DE 2023, A LAS 11:15 HORAS\" >26 DE ENERO DE 2023, A LAS 11:15 HORAS <\/td><td data-cell-id=\"B374\" data-x=\"1\" data-y=\"374\" data-db-index=\"374\" class=\"fsize-18\" data-cell-type=\"text\" data-original-value=\"ANTONIO G\u00d3MEZ SAUCEDO, EN SU CALIDAD DE REPRESENTANTE DEL PARTIDO DEL TRABAJO ANTE EL CONSEJO GENERAL DEL IEEC\" data-order=\"ANTONIO G\u00d3MEZ SAUCEDO, EN SU CALIDAD DE REPRESENTANTE DEL PARTIDO DEL TRABAJO ANTE EL CONSEJO GENERAL DEL IEEC\" >ANTONIO G\u00d3MEZ SAUCEDO, EN SU CALIDAD DE REPRESENTANTE DEL PARTIDO DEL TRABAJO ANTE EL CONSEJO GENERAL DEL IEEC <\/td><td data-cell-id=\"C374\" data-x=\"2\" data-y=\"374\" data-db-index=\"374\" class=\"fsize-18\" data-cell-type=\"text\" data-original-value=\"DIRECCI\u00d3N EJECUTIVA DE ADMINISTRACI\u00d3N, PRERROGATIVAS DE PARTIDOS Y AGRUPACIONES POL\u00cdTICAS DEL INSTITUTO ELECTORAL DEL ESTADO DE CAMPECHE\" data-order=\"DIRECCI\u00d3N EJECUTIVA DE ADMINISTRACI\u00d3N, PRERROGATIVAS DE PARTIDOS Y AGRUPACIONES POL\u00cdTICAS DEL INSTITUTO ELECTORAL DEL ESTADO DE CAMPECHE\" >DIRECCI\u00d3N EJECUTIVA DE ADMINISTRACI\u00d3N, PRERROGATIVAS DE PARTIDOS Y AGRUPACIONES POL\u00cdTICAS DEL INSTITUTO ELECTORAL DEL ESTADO DE CAMPECHE <\/td><td data-cell-id=\"D374\" data-x=\"3\" data-y=\"374\" data-db-index=\"374\" class=\"fsize-18\" data-cell-type=\"text\" data-original-value=\"&lt;a href=&quot;https:\/\/teec.org.mx\/web\/wp-content\/uploads\/2023\/01\/TEEC-RAP-1-2023-26-01-2023.pdf&quot; target=&quot;_blank&quot;&gt;TEEC\/RAP\/1\/2023 (ACUERDO DE TURNO)&lt;\/a&gt;\" data-order=\"&lt;a href=&quot;https:\/\/teec.org.mx\/web\/wp-content\/uploads\/2023\/01\/TEEC-RAP-1-2023-26-01-2023.pdf&quot; target=&quot;_blank&quot;&gt;TEEC\/RAP\/1\/2023 (ACUERDO DE TURNO)&lt;\/a&gt;\" ><a href=\"https:\/\/teec.org.mx\/web\/wp-content\/uploads\/2023\/01\/TEEC-RAP-1-2023-26-01-2023.pdf\" target=\"_blank\">TEEC\/RAP\/1\/2023 (ACUERDO DE TURNO)<\/a><\/td><\/tr><tr style=\"height:px\" ><td data-cell-id=\"A375\" data-x=\"0\" data-y=\"375\" data-db-index=\"375\" class=\"fsize-18\" data-cell-type=\"text\" data-original-value=\"18 DE ENERO DE 2023, A LAS 13:00 HORAS\" data-order=\"18 DE ENERO DE 2023, A LAS 13:00 HORAS\" >18 DE ENERO DE 2023, A LAS 13:00 HORAS <\/td><td data-cell-id=\"B375\" data-x=\"1\" data-y=\"375\" data-db-index=\"375\" class=\"fsize-18\" data-cell-type=\"text\" data-original-value=\"ERICK ALEJANDRO REYES LE\u00d3N, EN SU CALIDAD DE REPRESENTANTE PROPIETARIO DEL PARTIDO POL\u00cdTICO MORENA EN EL ESTADO DE CAMPECHE, ANTE EL CONSEJO GENERAL DEL INSTITUTO ELECTORAL DEL ESTADO DE CAMPECHE\" data-order=\"ERICK ALEJANDRO REYES LE\u00d3N, EN SU CALIDAD DE REPRESENTANTE PROPIETARIO DEL PARTIDO POL\u00cdTICO MORENA EN EL ESTADO DE CAMPECHE, ANTE EL CONSEJO GENERAL DEL INSTITUTO ELECTORAL DEL ESTADO DE CAMPECHE\" >ERICK ALEJANDRO REYES LE\u00d3N, EN SU CALIDAD DE REPRESENTANTE PROPIETARIO DEL PARTIDO POL\u00cdTICO MORENA EN EL ESTADO DE CAMPECHE, ANTE EL CONSEJO GENERAL DEL INSTITUTO ELECTORAL DEL ESTADO DE CAMPECHE <\/td><td data-cell-id=\"C375\" data-x=\"2\" data-y=\"375\" data-db-index=\"375\" class=\"fsize-18\" data-cell-type=\"text\" data-original-value=\"DIRECCI\u00d3N EJECUTIVA DE ADMINISTRACI\u00d3N, PRERROGATIVAS DE PARTIDOS Y AGRUPACIONES POL\u00cdTICAS DEL INSTITUTO ELECTORAL DEL ESTADO DE CAMPECHE\" data-order=\"DIRECCI\u00d3N EJECUTIVA DE ADMINISTRACI\u00d3N, PRERROGATIVAS DE PARTIDOS Y AGRUPACIONES POL\u00cdTICAS DEL INSTITUTO ELECTORAL DEL ESTADO DE CAMPECHE\" >DIRECCI\u00d3N EJECUTIVA DE ADMINISTRACI\u00d3N, PRERROGATIVAS DE PARTIDOS Y AGRUPACIONES POL\u00cdTICAS DEL INSTITUTO ELECTORAL DEL ESTADO DE CAMPECHE <\/td><td data-cell-id=\"D375\" data-x=\"3\" data-y=\"375\" data-db-index=\"375\" class=\"fsize-18\" data-cell-type=\"text\" data-original-value=\"&lt;a href=&quot;https:\/\/teec.org.mx\/web\/wp-content\/uploads\/2023\/01\/TEEC-RAP-14-2022-18-01-2023.pdf&quot; target=&quot;_blank&quot;&gt;TEEC\/RAP\/14\/2022 (ACUERDO DE DILIGENCIA DE DESAHOGO DE PRUEBAS T\u00c9CNICAS)&lt;\/a&gt;\" data-order=\"&lt;a href=&quot;https:\/\/teec.org.mx\/web\/wp-content\/uploads\/2023\/01\/TEEC-RAP-14-2022-18-01-2023.pdf&quot; target=&quot;_blank&quot;&gt;TEEC\/RAP\/14\/2022 (ACUERDO DE DILIGENCIA DE DESAHOGO DE PRUEBAS T\u00c9CNICAS)&lt;\/a&gt;\" ><a href=\"https:\/\/teec.org.mx\/web\/wp-content\/uploads\/2023\/01\/TEEC-RAP-14-2022-18-01-2023.pdf\" target=\"_blank\">TEEC\/RAP\/14\/2022 (ACUERDO DE DILIGENCIA DE DESAHOGO DE PRUEBAS T\u00c9CNICAS)<\/a><\/td><\/tr><tr style=\"height:px\" ><td data-cell-id=\"A376\" data-x=\"0\" data-y=\"376\" data-db-index=\"376\" class=\"fsize-18\" data-cell-type=\"text\" data-original-value=\"16 DE ENERO DE 2023, A LAS 12:00 HORAS\" data-order=\"16 DE ENERO DE 2023, A LAS 12:00 HORAS\" >16 DE ENERO DE 2023, A LAS 12:00 HORAS <\/td><td data-cell-id=\"B376\" data-x=\"1\" data-y=\"376\" data-db-index=\"376\" class=\"fsize-18\" data-cell-type=\"text\" data-original-value=\"ERICK ALEJANDRO REYES LE\u00d3N, EN SU CALIDAD DE REPRESENTANTE PROPIETARIO DEL PARTIDO POL\u00cdTICO MORENA EN EL ESTADO DE CAMPECHE, ANTE EL CONSEJO GENERAL DEL INSTITUTO ELECTORAL DEL ESTADO DE CAMPECHE\" data-order=\"ERICK ALEJANDRO REYES LE\u00d3N, EN SU CALIDAD DE REPRESENTANTE PROPIETARIO DEL PARTIDO POL\u00cdTICO MORENA EN EL ESTADO DE CAMPECHE, ANTE EL CONSEJO GENERAL DEL INSTITUTO ELECTORAL DEL ESTADO DE CAMPECHE\" >ERICK ALEJANDRO REYES LE\u00d3N, EN SU CALIDAD DE REPRESENTANTE PROPIETARIO DEL PARTIDO POL\u00cdTICO MORENA EN EL ESTADO DE CAMPECHE, ANTE EL CONSEJO GENERAL DEL INSTITUTO ELECTORAL DEL ESTADO DE CAMPECHE <\/td><td data-cell-id=\"C376\" data-x=\"2\" data-y=\"376\" data-db-index=\"376\" class=\"fsize-18\" data-cell-type=\"text\" data-original-value=\"DIRECCI\u00d3N EJECUTIVA DE ADMINISTRACI\u00d3N, PRERROGATIVAS DE PARTIDOS Y AGRUPACIONES POL\u00cdTICAS DEL INSTITUTO ELECTORAL DEL ESTADO DE CAMPECHE\" data-order=\"DIRECCI\u00d3N EJECUTIVA DE ADMINISTRACI\u00d3N, PRERROGATIVAS DE PARTIDOS Y AGRUPACIONES POL\u00cdTICAS DEL INSTITUTO ELECTORAL DEL ESTADO DE CAMPECHE\" >DIRECCI\u00d3N EJECUTIVA DE ADMINISTRACI\u00d3N, PRERROGATIVAS DE PARTIDOS Y AGRUPACIONES POL\u00cdTICAS DEL INSTITUTO ELECTORAL DEL ESTADO DE CAMPECHE <\/td><td data-cell-id=\"D376\" data-x=\"3\" data-y=\"376\" data-db-index=\"376\" class=\"fsize-18\" data-cell-type=\"text\" data-original-value=\"&lt;a href=&quot;https:\/\/teec.org.mx\/web\/wp-content\/uploads\/2023\/01\/TEEC-RAP-14-2022-16-01-2023.pdf&quot; target=&quot;_blank&quot;&gt;TEEC\/RAP\/14\/2022 (ACUERDO DE ADMISI\u00d3N)&lt;\/a&gt;\" data-order=\"&lt;a href=&quot;https:\/\/teec.org.mx\/web\/wp-content\/uploads\/2023\/01\/TEEC-RAP-14-2022-16-01-2023.pdf&quot; target=&quot;_blank&quot;&gt;TEEC\/RAP\/14\/2022 (ACUERDO DE ADMISI\u00d3N)&lt;\/a&gt;\" ><a href=\"https:\/\/teec.org.mx\/web\/wp-content\/uploads\/2023\/01\/TEEC-RAP-14-2022-16-01-2023.pdf\" target=\"_blank\">TEEC\/RAP\/14\/2022 (ACUERDO DE ADMISI\u00d3N)<\/a><\/td><\/tr><\/tbody><\/table><!-- \/#supsystic-table-83.supsystic-table --><div class=\"stbConditionsData\" ><\/div><\/div><!-- \/.supsystic-tables-wrap --><!-- Tables Generator by Supsystic --><!-- Version:1.10.47 --><!-- http:\/\/supsystic.com\/ --><a title=\"WordPress Responsive Table\" style=\"display:none;\" href=\"https:\/\/supsystic.com\/plugins\/wordpress-data-table-plugin\/?utm_medium=love_link\" target=\"_blank\">WordPress Responsive Table<\/a><\/p>\n<p>\u00a0<\/p>","protected":false},"excerpt":{"rendered":"<p>Recursos de apelaci\u00f3n 2023 \u00a0 \u00a0<\/p>\n","protected":false},"author":1,"featured_media":0,"parent":0,"menu_order":0,"comment_status":"closed","ping_status":"closed","template":"","meta":{"footnotes":""},"yst_prominent_words":[],"_links":{"self":[{"href":"https:\/\/teec.org.mx\/web\/wp-json\/wp\/v2\/pages\/17222"}],"collection":[{"href":"https:\/\/teec.org.mx\/web\/wp-json\/wp\/v2\/pages"}],"about":[{"href":"https:\/\/teec.org.mx\/web\/wp-json\/wp\/v2\/types\/page"}],"author":[{"embeddable":true,"href":"https:\/\/teec.org.mx\/web\/wp-json\/wp\/v2\/users\/1"}],"replies":[{"embeddable":true,"href":"https:\/\/teec.org.mx\/web\/wp-json\/wp\/v2\/comments?post=17222"}],"version-history":[{"count":2,"href":"https:\/\/teec.org.mx\/web\/wp-json\/wp\/v2\/pages\/17222\/revisions"}],"predecessor-version":[{"id":20138,"href":"https:\/\/teec.org.mx\/web\/wp-json\/wp\/v2\/pages\/17222\/revisions\/20138"}],"wp:attachment":[{"href":"https:\/\/teec.org.mx\/web\/wp-json\/wp\/v2\/media?parent=17222"}],"wp:term":[{"taxonomy":"yst_prominent_words","embeddable":true,"href":"https:\/\/teec.org.mx\/web\/wp-json\/wp\/v2\/yst_prominent_words?post=17222"}],"curies":[{"name":"wp","href":"https:\/\/api.w.org\/{rel}","templated":true}]}}