{"id":17224,"date":"2023-01-16T12:05:52","date_gmt":"2023-01-16T18:05:52","guid":{"rendered":"https:\/\/teec.org.mx\/web\/?page_id=17224"},"modified":"2024-01-02T15:05:20","modified_gmt":"2024-01-02T21:05:20","slug":"inc-2023","status":"publish","type":"page","link":"https:\/\/teec.org.mx\/web\/inc-2023\/","title":{"rendered":"INC 2023"},"content":{"rendered":"\n<h2 class=\"wp-block-heading has-text-align-center\">Cuaderno Incidental 2023<\/h2>\n\n\n<p>\u00a0<\/p>\n<p style=\"text-align: center;\"><div class=\"supsystic-table-loader la-ball-beat la-2x\" style=\"color:#000000\"><div><\/div><div><\/div><div><\/div><\/div><div id=\"supsystic-table-84_75213\" class=\"supsystic-tables-wrap pagination-large\" style=\" width:100%; visibility: hidden; \" data-table-width-fixed=\"100%\" data-table-width-mobile=\"100%\" ><div class=\"supsystic-tables-features\"><\/div><table id=\"supsystic-table-84\" class=\"supsystic-table border cell-border\" data-id=\"84\" data-view-id=\"84_75213\" data-title=\"INC 2023\" data-currency-format=\"$1,000.00\" data-percent-format=\"10.00%\" data-date-format=\"DD.MM.YYYY\" data-time-format=\"HH:mm\" data-features=\"[&quot;info&quot;,&quot;paging&quot;,&quot;searching&quot;,&quot;after_table_loaded_script&quot;]\" data-search-value=\"\" data-head=\"on\" data-head-rows-count=\"1\" data-pagination-length=\"10,25,50,100,All\" data-auto-index=\"off\" data-searching-settings=\"{&quot;columnSearchPosition&quot;:&quot;bottom&quot;,&quot;minChars&quot;:&quot;0&quot;}\" data-lang=\"Spanish\" data-override=\"{&quot;emptyTable&quot;:&quot;&quot;,&quot;info&quot;:&quot;&quot;,&quot;infoEmpty&quot;:&quot;&quot;,&quot;infoFiltered&quot;:&quot;&quot;,&quot;lengthMenu&quot;:&quot;&quot;,&quot;search&quot;:&quot;&quot;,&quot;zeroRecords&quot;:&quot;&quot;,&quot;exportLabel&quot;:&quot;&quot;,&quot;file&quot;:&quot;Spanish&quot;}\" data-merged=\"[]\" data-responsive-mode=\"0\" data-from-history=\"0\" ><thead><tr><th data-cell-id=\"A1\" data-x=\"0\" data-y=\"1\" data-db-index=\"1\" class=\"bg-d49820 color-ffffff bold htCenter fsize-18\" data-cell-type=\"text\" data-original-value=\"FECHA Y HORA DE NOTIFICACI\u00d3N\" data-order=\"FECHA Y HORA DE NOTIFICACI\u00d3N\" style=\"min-width:23.4848%; \" >FECHA Y HORA DE NOTIFICACI\u00d3N <\/th><th data-cell-id=\"B1\" data-x=\"1\" data-y=\"1\" data-db-index=\"1\" class=\"bg-d49820 color-ffffff bold htCenter fsize-18\" data-cell-type=\"text\" data-original-value=\"PROMOVENTE\" data-order=\"PROMOVENTE\" style=\"min-width:26.7045%; \" >PROMOVENTE <\/th><th data-cell-id=\"C1\" data-x=\"2\" data-y=\"1\" data-db-index=\"1\" class=\"bg-d49820 color-ffffff bold htCenter fsize-18\" data-cell-type=\"text\" data-original-value=\"AUTORIDAD RESPONSABLE\" data-order=\"AUTORIDAD RESPONSABLE\" style=\"min-width:26.5152%; \" >AUTORIDAD RESPONSABLE <\/th><th data-cell-id=\"D1\" data-x=\"3\" data-y=\"1\" data-db-index=\"1\" class=\"bg-d49820 color-ffffff bold htCenter fsize-18\" data-cell-type=\"text\" data-original-value=\"ARCHIVO\" data-order=\"ARCHIVO\" style=\"min-width:23.2955%; \" >ARCHIVO <\/th><\/tr><\/thead><tbody><tr style=\"height:px\" ><td data-cell-id=\"A2\" data-x=\"0\" data-y=\"2\" data-db-index=\"2\" class=\"fsize-18\" data-cell-type=\"text\" data-original-value=\"22 DE DICIEMBRE DE 2023, A LAS 11:20 HORAS\" data-order=\"22 DE DICIEMBRE DE 2023, A LAS 11:20 HORAS\" >22 DE DICIEMBRE DE 2023, A LAS 11:20 HORAS <\/td><td data-cell-id=\"B2\" data-x=\"1\" data-y=\"2\" data-db-index=\"2\" class=\"fsize-18\" data-cell-type=\"text\" data-original-value=\"PEDRO ESTRADA C\u00d3RDOVA REPRESENTANTE PROPIETARIO DEL PARTIDO MOVIMIENTO CIUDADANO ANTE EL CONSEJO GENERAL DEL INSTITUTO ELECTORAL DEL ESTADO DE CAMPECHE\" data-order=\"PEDRO ESTRADA C\u00d3RDOVA REPRESENTANTE PROPIETARIO DEL PARTIDO MOVIMIENTO CIUDADANO ANTE EL CONSEJO GENERAL DEL INSTITUTO ELECTORAL DEL ESTADO DE CAMPECHE\" >PEDRO ESTRADA C\u00d3RDOVA REPRESENTANTE PROPIETARIO DEL PARTIDO MOVIMIENTO CIUDADANO ANTE EL CONSEJO GENERAL DEL INSTITUTO ELECTORAL DEL ESTADO DE CAMPECHE <\/td><td data-cell-id=\"C2\" data-x=\"2\" data-y=\"2\" data-db-index=\"2\" class=\"fsize-18\" data-cell-type=\"text\" data-original-value=\"INSTITUTO ELECTORAL DEL ESTADO DE CAMPECHE Y LA DIRECCI\u00d3N EJECUTIVA DE ADMINISTRACI\u00d3N Y PRERROGATIVAS DEL INSTITUTO ELECTORAL DEL ESTADO DE CAMPECHE\" data-order=\"INSTITUTO ELECTORAL DEL ESTADO DE CAMPECHE Y LA DIRECCI\u00d3N EJECUTIVA DE ADMINISTRACI\u00d3N Y PRERROGATIVAS DEL INSTITUTO ELECTORAL DEL ESTADO DE CAMPECHE\" >INSTITUTO ELECTORAL DEL ESTADO DE CAMPECHE Y LA DIRECCI\u00d3N EJECUTIVA DE ADMINISTRACI\u00d3N Y PRERROGATIVAS DEL INSTITUTO ELECTORAL DEL ESTADO DE CAMPECHE <\/td><td data-cell-id=\"D2\" data-x=\"3\" data-y=\"2\" data-db-index=\"2\" class=\"fsize-18\" data-cell-type=\"text\" data-original-value=\"&lt;a href=&quot;https:\/\/teec.org.mx\/web\/wp-content\/uploads\/2023\/12\/TEEC-JE-10-2023-INC-Acuerdo-Plenario-22-12-2023.pdf&quot; target=&quot;_blank&quot;&gt;TEEC\/JE\/10\/2023\/INC (ACUERDO PLENARIO)&lt;\/a&gt;\" data-order=\"&lt;a href=&quot;https:\/\/teec.org.mx\/web\/wp-content\/uploads\/2023\/12\/TEEC-JE-10-2023-INC-Acuerdo-Plenario-22-12-2023.pdf&quot; target=&quot;_blank&quot;&gt;TEEC\/JE\/10\/2023\/INC (ACUERDO PLENARIO)&lt;\/a&gt;\" ><a href=\"https:\/\/teec.org.mx\/web\/wp-content\/uploads\/2023\/12\/TEEC-JE-10-2023-INC-Acuerdo-Plenario-22-12-2023.pdf\" target=\"_blank\">TEEC\/JE\/10\/2023\/INC (ACUERDO PLENARIO)<\/a><\/td><\/tr><tr style=\"height:px\" ><td data-cell-id=\"A3\" data-x=\"0\" data-y=\"3\" data-db-index=\"3\" class=\"fsize-18\" data-cell-type=\"text\" data-original-value=\"21 DE DICIEMBRE DE 2023, A LAS 13:25 HORAS\" data-order=\"21 DE DICIEMBRE DE 2023, A LAS 13:25 HORAS\" >21 DE DICIEMBRE DE 2023, A LAS 13:25 HORAS <\/td><td data-cell-id=\"B3\" data-x=\"1\" data-y=\"3\" data-db-index=\"3\" class=\"fsize-18\" data-cell-type=\"text\" data-original-value=\"PEDRO ESTRADA C\u00d3RDOVA REPRESENTANTE PROPIETARIO DEL PARTIDO MOVIMIENTO CIUDADANO ANTE EL CONSEJO GENERAL DEL INSTITUTO ELECTORAL DEL ESTADO DE CAMPECHE\" data-order=\"PEDRO ESTRADA C\u00d3RDOVA REPRESENTANTE PROPIETARIO DEL PARTIDO MOVIMIENTO CIUDADANO ANTE EL CONSEJO GENERAL DEL INSTITUTO ELECTORAL DEL ESTADO DE CAMPECHE\" >PEDRO ESTRADA C\u00d3RDOVA REPRESENTANTE PROPIETARIO DEL PARTIDO MOVIMIENTO CIUDADANO ANTE EL CONSEJO GENERAL DEL INSTITUTO ELECTORAL DEL ESTADO DE CAMPECHE <\/td><td data-cell-id=\"C3\" data-x=\"2\" data-y=\"3\" data-db-index=\"3\" class=\"fsize-18\" data-cell-type=\"text\" data-original-value=\"INSTITUTO ELECTORAL DEL ESTADO DE CAMPECHE Y LA DIRECCI\u00d3N EJECUTIVA DE ADMINISTRACI\u00d3N Y PRERROGATIVAS DEL INSTITUTO ELECTORAL DEL ESTADO DE CAMPECHE\" data-order=\"INSTITUTO ELECTORAL DEL ESTADO DE CAMPECHE Y LA DIRECCI\u00d3N EJECUTIVA DE ADMINISTRACI\u00d3N Y PRERROGATIVAS DEL INSTITUTO ELECTORAL DEL ESTADO DE CAMPECHE\" >INSTITUTO ELECTORAL DEL ESTADO DE CAMPECHE Y LA DIRECCI\u00d3N EJECUTIVA DE ADMINISTRACI\u00d3N Y PRERROGATIVAS DEL INSTITUTO ELECTORAL DEL ESTADO DE CAMPECHE <\/td><td data-cell-id=\"D3\" data-x=\"3\" data-y=\"3\" data-db-index=\"3\" class=\"fsize-18\" data-cell-type=\"text\" data-original-value=\"&lt;a href=&quot;https:\/\/teec.org.mx\/web\/wp-content\/uploads\/2023\/12\/TEEC-JE-10-2023-INC-2do-acu-21-12-2023.pdf&quot; target=&quot;_blank&quot;&gt;TEEC\/JE\/10\/2023\/INC (SE FIJA FECHA Y HORA PARA SESI\u00d3N PRIVADA)&lt;\/a&gt;\" data-order=\"&lt;a href=&quot;https:\/\/teec.org.mx\/web\/wp-content\/uploads\/2023\/12\/TEEC-JE-10-2023-INC-2do-acu-21-12-2023.pdf&quot; target=&quot;_blank&quot;&gt;TEEC\/JE\/10\/2023\/INC (SE FIJA FECHA Y HORA PARA SESI\u00d3N PRIVADA)&lt;\/a&gt;\" ><a href=\"https:\/\/teec.org.mx\/web\/wp-content\/uploads\/2023\/12\/TEEC-JE-10-2023-INC-2do-acu-21-12-2023.pdf\" target=\"_blank\">TEEC\/JE\/10\/2023\/INC (SE FIJA FECHA Y HORA PARA SESI\u00d3N PRIVADA)<\/a><\/td><\/tr><tr style=\"height:px\" ><td data-cell-id=\"A4\" data-x=\"0\" data-y=\"4\" data-db-index=\"4\" class=\"fsize-18\" data-cell-type=\"text\" data-original-value=\"21 DE DICIEMBRE DE 2023, A LAS 12:42 HORAS\" data-order=\"21 DE DICIEMBRE DE 2023, A LAS 12:42 HORAS\" >21 DE DICIEMBRE DE 2023, A LAS 12:42 HORAS <\/td><td data-cell-id=\"B4\" data-x=\"1\" data-y=\"4\" data-db-index=\"4\" class=\"fsize-18\" data-cell-type=\"text\" data-original-value=\"PEDRO ESTRADA C\u00d3RDOVA REPRESENTANTE PROPIETARIO DEL PARTIDO MOVIMIENTO CIUDADANO ANTE EL CONSEJO GENERAL DEL INSTITUTO ELECTORAL DEL ESTADO DE CAMPECHE\" data-order=\"PEDRO ESTRADA C\u00d3RDOVA REPRESENTANTE PROPIETARIO DEL PARTIDO MOVIMIENTO CIUDADANO ANTE EL CONSEJO GENERAL DEL INSTITUTO ELECTORAL DEL ESTADO DE CAMPECHE\" >PEDRO ESTRADA C\u00d3RDOVA REPRESENTANTE PROPIETARIO DEL PARTIDO MOVIMIENTO CIUDADANO ANTE EL CONSEJO GENERAL DEL INSTITUTO ELECTORAL DEL ESTADO DE CAMPECHE <\/td><td data-cell-id=\"C4\" data-x=\"2\" data-y=\"4\" data-db-index=\"4\" class=\"fsize-18\" data-cell-type=\"text\" data-original-value=\"INSTITUTO ELECTORAL DEL ESTADO DE CAMPECHE Y LA DIRECCI\u00d3N EJECUTIVA DE ADMINISTRACI\u00d3N Y PRERROGATIVAS DEL INSTITUTO ELECTORAL DEL ESTADO DE CAMPECHE\" data-order=\"INSTITUTO ELECTORAL DEL ESTADO DE CAMPECHE Y LA DIRECCI\u00d3N EJECUTIVA DE ADMINISTRACI\u00d3N Y PRERROGATIVAS DEL INSTITUTO ELECTORAL DEL ESTADO DE CAMPECHE\" >INSTITUTO ELECTORAL DEL ESTADO DE CAMPECHE Y LA DIRECCI\u00d3N EJECUTIVA DE ADMINISTRACI\u00d3N Y PRERROGATIVAS DEL INSTITUTO ELECTORAL DEL ESTADO DE CAMPECHE <\/td><td data-cell-id=\"D4\" data-x=\"3\" data-y=\"4\" data-db-index=\"4\" class=\"fsize-18\" data-cell-type=\"text\" data-original-value=\"&lt;a href=&quot;https:\/\/teec.org.mx\/web\/wp-content\/uploads\/2023\/12\/TEEC-JE-10-2023-INC-21-12-2023.pdf&quot; target=&quot;_blank&quot;&gt;TEEC\/JE\/10\/2023\/INC (ACUERDO DE CIERRE DE INSTRUCCI\u00d3N Y SOLICITUD DE FECHA Y HORA PARA SESI\u00d3N PRIVADA)&lt;\/a&gt;\" data-order=\"&lt;a href=&quot;https:\/\/teec.org.mx\/web\/wp-content\/uploads\/2023\/12\/TEEC-JE-10-2023-INC-21-12-2023.pdf&quot; target=&quot;_blank&quot;&gt;TEEC\/JE\/10\/2023\/INC (ACUERDO DE CIERRE DE INSTRUCCI\u00d3N Y SOLICITUD DE FECHA Y HORA PARA SESI\u00d3N PRIVADA)&lt;\/a&gt;\" ><a href=\"https:\/\/teec.org.mx\/web\/wp-content\/uploads\/2023\/12\/TEEC-JE-10-2023-INC-21-12-2023.pdf\" target=\"_blank\">TEEC\/JE\/10\/2023\/INC (ACUERDO DE CIERRE DE INSTRUCCI\u00d3N Y SOLICITUD DE FECHA Y HORA PARA SESI\u00d3N PRIVADA)<\/a><\/td><\/tr><tr style=\"height:px\" ><td data-cell-id=\"A5\" data-x=\"0\" data-y=\"5\" data-db-index=\"5\" class=\"fsize-18\" data-cell-type=\"text\" data-original-value=\"11 DE DICIEMBRE DE 2023, A LAS 12:44 HORAS\" data-order=\"11 DE DICIEMBRE DE 2023, A LAS 12:44 HORAS\" >11 DE DICIEMBRE DE 2023, A LAS 12:44 HORAS <\/td><td data-cell-id=\"B5\" data-x=\"1\" data-y=\"5\" data-db-index=\"5\" class=\"fsize-18\" data-cell-type=\"text\" data-original-value=\"PEDRO ESTRADA C\u00d3RDOVA REPRESENTANTE PROPIETARIO DEL PARTIDO MOVIMIENTO CIUDADANO ANTE EL CONSEJO GENERAL DEL INSTITUTO ELECTORAL DEL ESTADO DE CAMPECHE\" data-order=\"PEDRO ESTRADA C\u00d3RDOVA REPRESENTANTE PROPIETARIO DEL PARTIDO MOVIMIENTO CIUDADANO ANTE EL CONSEJO GENERAL DEL INSTITUTO ELECTORAL DEL ESTADO DE CAMPECHE\" >PEDRO ESTRADA C\u00d3RDOVA REPRESENTANTE PROPIETARIO DEL PARTIDO MOVIMIENTO CIUDADANO ANTE EL CONSEJO GENERAL DEL INSTITUTO ELECTORAL DEL ESTADO DE CAMPECHE <\/td><td data-cell-id=\"C5\" data-x=\"2\" data-y=\"5\" data-db-index=\"5\" class=\"fsize-18\" data-cell-type=\"text\" data-original-value=\"INSTITUTO ELECTORAL DEL ESTADO DE CAMPECHE Y LA DIRECCI\u00d3N EJECUTIVA DE ADMINISTRACI\u00d3N Y PRERROGATIVAS DEL INSTITUTO ELECTORAL DEL ESTADO DE CAMPECHE\" data-order=\"INSTITUTO ELECTORAL DEL ESTADO DE CAMPECHE Y LA DIRECCI\u00d3N EJECUTIVA DE ADMINISTRACI\u00d3N Y PRERROGATIVAS DEL INSTITUTO ELECTORAL DEL ESTADO DE CAMPECHE\" >INSTITUTO ELECTORAL DEL ESTADO DE CAMPECHE Y LA DIRECCI\u00d3N EJECUTIVA DE ADMINISTRACI\u00d3N Y PRERROGATIVAS DEL INSTITUTO ELECTORAL DEL ESTADO DE CAMPECHE <\/td><td data-cell-id=\"D5\" data-x=\"3\" data-y=\"5\" data-db-index=\"5\" class=\"fsize-18\" data-cell-type=\"text\" data-original-value=\"&lt;a href=&quot;https:\/\/teec.org.mx\/web\/wp-content\/uploads\/2023\/12\/TEEC-JE-10-2023-INC-11-12-2023.pdf&quot; target=&quot;_blank&quot;&gt;TEEC\/JE\/10\/2023\/INC (ACUERDO DE ACUMULACI\u00d3N DE DOCUMENTACI\u00d3N)&lt;\/a&gt;\" data-order=\"&lt;a href=&quot;https:\/\/teec.org.mx\/web\/wp-content\/uploads\/2023\/12\/TEEC-JE-10-2023-INC-11-12-2023.pdf&quot; target=&quot;_blank&quot;&gt;TEEC\/JE\/10\/2023\/INC (ACUERDO DE ACUMULACI\u00d3N DE DOCUMENTACI\u00d3N)&lt;\/a&gt;\" ><a href=\"https:\/\/teec.org.mx\/web\/wp-content\/uploads\/2023\/12\/TEEC-JE-10-2023-INC-11-12-2023.pdf\" target=\"_blank\">TEEC\/JE\/10\/2023\/INC (ACUERDO DE ACUMULACI\u00d3N DE DOCUMENTACI\u00d3N)<\/a><\/td><\/tr><tr style=\"height:px\" ><td data-cell-id=\"A6\" data-x=\"0\" data-y=\"6\" data-db-index=\"6\" class=\"fsize-18\" data-cell-type=\"text\" data-original-value=\"07 DE DICIEMBRE DE 2023, A LAS 14:54 HORAS\" data-order=\"07 DE DICIEMBRE DE 2023, A LAS 14:54 HORAS\" >07 DE DICIEMBRE DE 2023, A LAS 14:54 HORAS <\/td><td data-cell-id=\"B6\" data-x=\"1\" data-y=\"6\" data-db-index=\"6\" class=\"fsize-18\" data-cell-type=\"text\" data-original-value=\"PEDRO ESTRADA C\u00d3RDOVA REPRESENTANTE PROPIETARIO DEL PARTIDO MOVIMIENTO CIUDADANO ANTE EL CONSEJO GENERAL DEL INSTITUTO ELECTORAL DEL ESTADO DE CAMPECHE\" data-order=\"PEDRO ESTRADA C\u00d3RDOVA REPRESENTANTE PROPIETARIO DEL PARTIDO MOVIMIENTO CIUDADANO ANTE EL CONSEJO GENERAL DEL INSTITUTO ELECTORAL DEL ESTADO DE CAMPECHE\" >PEDRO ESTRADA C\u00d3RDOVA REPRESENTANTE PROPIETARIO DEL PARTIDO MOVIMIENTO CIUDADANO ANTE EL CONSEJO GENERAL DEL INSTITUTO ELECTORAL DEL ESTADO DE CAMPECHE <\/td><td data-cell-id=\"C6\" data-x=\"2\" data-y=\"6\" data-db-index=\"6\" class=\"fsize-18\" data-cell-type=\"text\" data-original-value=\"INSTITUTO ELECTORAL DEL ESTADO DE CAMPECHE Y LA DIRECCI\u00d3N EJECUTIVA DE ADMINISTRACI\u00d3N Y PRERROGATIVAS DEL INSTITUTO ELECTORAL DEL ESTADO DE CAMPECHE\" data-order=\"INSTITUTO ELECTORAL DEL ESTADO DE CAMPECHE Y LA DIRECCI\u00d3N EJECUTIVA DE ADMINISTRACI\u00d3N Y PRERROGATIVAS DEL INSTITUTO ELECTORAL DEL ESTADO DE CAMPECHE\" >INSTITUTO ELECTORAL DEL ESTADO DE CAMPECHE Y LA DIRECCI\u00d3N EJECUTIVA DE ADMINISTRACI\u00d3N Y PRERROGATIVAS DEL INSTITUTO ELECTORAL DEL ESTADO DE CAMPECHE <\/td><td data-cell-id=\"D6\" data-x=\"3\" data-y=\"6\" data-db-index=\"6\" class=\"fsize-18\" data-cell-type=\"text\" data-original-value=\"&lt;a href=&quot;https:\/\/teec.org.mx\/web\/wp-content\/uploads\/2023\/12\/TEEC-JE-10-2023-INC-07-12-2023.pdf&quot; target=&quot;_blank&quot;&gt;TEEC\/JE\/10\/2023\/INC (SE TURNA DOCUMENTACI\u00d3N)&lt;\/a&gt;\" data-order=\"&lt;a href=&quot;https:\/\/teec.org.mx\/web\/wp-content\/uploads\/2023\/12\/TEEC-JE-10-2023-INC-07-12-2023.pdf&quot; target=&quot;_blank&quot;&gt;TEEC\/JE\/10\/2023\/INC (SE TURNA DOCUMENTACI\u00d3N)&lt;\/a&gt;\" ><a href=\"https:\/\/teec.org.mx\/web\/wp-content\/uploads\/2023\/12\/TEEC-JE-10-2023-INC-07-12-2023.pdf\" target=\"_blank\">TEEC\/JE\/10\/2023\/INC (SE TURNA DOCUMENTACI\u00d3N)<\/a><\/td><\/tr><tr style=\"height:px\" ><td data-cell-id=\"A7\" data-x=\"0\" data-y=\"7\" data-db-index=\"7\" class=\"fsize-18\" data-cell-type=\"text\" data-original-value=\"04 DE DICIEMBRE DE 2023, A LAS 12:30 HORAS\" data-order=\"04 DE DICIEMBRE DE 2023, A LAS 12:30 HORAS\" >04 DE DICIEMBRE DE 2023, A LAS 12:30 HORAS <\/td><td data-cell-id=\"B7\" data-x=\"1\" data-y=\"7\" data-db-index=\"7\" class=\"fsize-18\" data-cell-type=\"text\" data-original-value=\"PEDRO ESTRADA C\u00d3RDOVA REPRESENTANTE PROPIETARIO DEL PARTIDO MOVIMIENTO CIUDADANO ANTE EL CONSEJO GENERAL DEL INSTITUTO ELECTORAL DEL ESTADO DE CAMPECHE\" data-order=\"PEDRO ESTRADA C\u00d3RDOVA REPRESENTANTE PROPIETARIO DEL PARTIDO MOVIMIENTO CIUDADANO ANTE EL CONSEJO GENERAL DEL INSTITUTO ELECTORAL DEL ESTADO DE CAMPECHE\" >PEDRO ESTRADA C\u00d3RDOVA REPRESENTANTE PROPIETARIO DEL PARTIDO MOVIMIENTO CIUDADANO ANTE EL CONSEJO GENERAL DEL INSTITUTO ELECTORAL DEL ESTADO DE CAMPECHE <\/td><td data-cell-id=\"C7\" data-x=\"2\" data-y=\"7\" data-db-index=\"7\" class=\"fsize-18\" data-cell-type=\"text\" data-original-value=\"INSTITUTO ELECTORAL DEL ESTADO DE CAMPECHE Y LA DIRECCI\u00d3N EJECUTIVA DE ADMINISTRACI\u00d3N Y PRERROGATIVAS DEL INSTITUTO ELECTORAL DEL ESTADO DE CAMPECHE\" data-order=\"INSTITUTO ELECTORAL DEL ESTADO DE CAMPECHE Y LA DIRECCI\u00d3N EJECUTIVA DE ADMINISTRACI\u00d3N Y PRERROGATIVAS DEL INSTITUTO ELECTORAL DEL ESTADO DE CAMPECHE\" >INSTITUTO ELECTORAL DEL ESTADO DE CAMPECHE Y LA DIRECCI\u00d3N EJECUTIVA DE ADMINISTRACI\u00d3N Y PRERROGATIVAS DEL INSTITUTO ELECTORAL DEL ESTADO DE CAMPECHE <\/td><td data-cell-id=\"D7\" data-x=\"3\" data-y=\"7\" data-db-index=\"7\" class=\"fsize-18\" data-cell-type=\"text\" data-original-value=\"&lt;a href=&quot;https:\/\/teec.org.mx\/web\/wp-content\/uploads\/2023\/12\/TEEC-JE-10-2023-INC-04-12-2023.pdf&quot; target=&quot;_blank&quot;&gt;TEEC\/JE\/10\/2023\/INC (RECEPCI\u00d3N, RADICACI\u00d3N, ADMISI\u00d3N Y APERTURA DE INSTRUCCI\u00d3N, REQUERIMIENTO Y RESERVA DE ADMISI\u00d3N DEL INCIDENTE)&lt;\/a&gt;\" data-order=\"&lt;a href=&quot;https:\/\/teec.org.mx\/web\/wp-content\/uploads\/2023\/12\/TEEC-JE-10-2023-INC-04-12-2023.pdf&quot; target=&quot;_blank&quot;&gt;TEEC\/JE\/10\/2023\/INC (RECEPCI\u00d3N, RADICACI\u00d3N, ADMISI\u00d3N Y APERTURA DE INSTRUCCI\u00d3N, REQUERIMIENTO Y RESERVA DE ADMISI\u00d3N DEL INCIDENTE)&lt;\/a&gt;\" ><a href=\"https:\/\/teec.org.mx\/web\/wp-content\/uploads\/2023\/12\/TEEC-JE-10-2023-INC-04-12-2023.pdf\" target=\"_blank\">TEEC\/JE\/10\/2023\/INC (RECEPCI\u00d3N, RADICACI\u00d3N, ADMISI\u00d3N Y APERTURA DE INSTRUCCI\u00d3N, REQUERIMIENTO Y RESERVA DE ADMISI\u00d3N DEL INCIDENTE)<\/a><\/td><\/tr><tr style=\"height:px\" ><td data-cell-id=\"A8\" data-x=\"0\" data-y=\"8\" data-db-index=\"8\" class=\"fsize-18\" data-cell-type=\"text\" data-original-value=\"28 DE NOVIEMBRE DE 2023, A LAS 14:15 HORAS\" data-order=\"28 DE NOVIEMBRE DE 2023, A LAS 14:15 HORAS\" >28 DE NOVIEMBRE DE 2023, A LAS 14:15 HORAS <\/td><td data-cell-id=\"B8\" data-x=\"1\" data-y=\"8\" data-db-index=\"8\" class=\"fsize-18\" data-cell-type=\"text\" data-original-value=\"PEDRO ESTRADA C\u00d3RDOVA REPRESENTANTE PROPIETARIO DEL PARTIDO MOVIMIENTO CIUDADANO ANTE EL CONSEJO GENERAL DEL INSTITUTO ELECTORAL DEL ESTADO DE CAMPECHE\" data-order=\"PEDRO ESTRADA C\u00d3RDOVA REPRESENTANTE PROPIETARIO DEL PARTIDO MOVIMIENTO CIUDADANO ANTE EL CONSEJO GENERAL DEL INSTITUTO ELECTORAL DEL ESTADO DE CAMPECHE\" >PEDRO ESTRADA C\u00d3RDOVA REPRESENTANTE PROPIETARIO DEL PARTIDO MOVIMIENTO CIUDADANO ANTE EL CONSEJO GENERAL DEL INSTITUTO ELECTORAL DEL ESTADO DE CAMPECHE <\/td><td data-cell-id=\"C8\" data-x=\"2\" data-y=\"8\" data-db-index=\"8\" class=\"fsize-18\" data-cell-type=\"text\" data-original-value=\"INSTITUTO ELECTORAL DEL ESTADO DE CAMPECHE Y LA DIRECCI\u00d3N EJECUTIVA DE ADMINISTRACI\u00d3N Y PRERROGATIVAS DEL INSTITUTO ELECTORAL DEL ESTADO DE CAMPECHE\" data-order=\"INSTITUTO ELECTORAL DEL ESTADO DE CAMPECHE Y LA DIRECCI\u00d3N EJECUTIVA DE ADMINISTRACI\u00d3N Y PRERROGATIVAS DEL INSTITUTO ELECTORAL DEL ESTADO DE CAMPECHE\" >INSTITUTO ELECTORAL DEL ESTADO DE CAMPECHE Y LA DIRECCI\u00d3N EJECUTIVA DE ADMINISTRACI\u00d3N Y PRERROGATIVAS DEL INSTITUTO ELECTORAL DEL ESTADO DE CAMPECHE <\/td><td data-cell-id=\"D8\" data-x=\"3\" data-y=\"8\" data-db-index=\"8\" class=\"fsize-18\" data-cell-type=\"text\" data-original-value=\"&lt;a href=&quot;https:\/\/teec.org.mx\/web\/wp-content\/uploads\/2023\/11\/TEEC-JE-10-2023-INC-28-11-2023.pdf&quot; target=&quot;_blank&quot;&gt;TEEC\/JE\/10\/2023\/INC (APERTURA DE INCIDENTE DE INEJECUCI\u00d3N DE SENTENCIA)&lt;\/a&gt;\" data-order=\"&lt;a href=&quot;https:\/\/teec.org.mx\/web\/wp-content\/uploads\/2023\/11\/TEEC-JE-10-2023-INC-28-11-2023.pdf&quot; target=&quot;_blank&quot;&gt;TEEC\/JE\/10\/2023\/INC (APERTURA DE INCIDENTE DE INEJECUCI\u00d3N DE SENTENCIA)&lt;\/a&gt;\" ><a href=\"https:\/\/teec.org.mx\/web\/wp-content\/uploads\/2023\/11\/TEEC-JE-10-2023-INC-28-11-2023.pdf\" target=\"_blank\">TEEC\/JE\/10\/2023\/INC (APERTURA DE INCIDENTE DE INEJECUCI\u00d3N DE SENTENCIA)<\/a><\/td><\/tr><tr style=\"height:px\" ><td data-cell-id=\"A9\" data-x=\"0\" data-y=\"9\" data-db-index=\"9\" class=\"fsize-18\" data-cell-type=\"text\" data-original-value=\"23 DE OCTUBRE DE 2023, A LAS 13:52 HORAS\" data-order=\"23 DE OCTUBRE DE 2023, A LAS 13:52 HORAS\" >23 DE OCTUBRE DE 2023, A LAS 13:52 HORAS <\/td><td data-cell-id=\"B9\" data-x=\"1\" data-y=\"9\" data-db-index=\"9\" class=\"fsize-18\" data-cell-type=\"text\" data-original-value=\"LUISA YAEL AMADOR GAMBOA\" data-order=\"LUISA YAEL AMADOR GAMBOA\" >LUISA YAEL AMADOR GAMBOA <\/td><td data-cell-id=\"C9\" data-x=\"2\" data-y=\"9\" data-db-index=\"9\" class=\"fsize-18\" data-cell-type=\"text\" data-original-value=\"MAR\u00cdA DEL ROSARIO CRUZ HERN\u00c1NDEZ PRESIDENTA DEL COMIT\u00c9 DIRECTIVO DEL PARTIDO ACCI\u00d3N NACIONAL EN CAMPECHE, JOSHUE DE JES\u00daS RODR\u00cdGUEZ GOLIB SECRETARIO GENERAL DEL COMIT\u00c9 DIRECTIVO ESTATAL DEL PARTIDO ACCI\u00d3N NACIONAL EN CAMPECHE Y ROSALBA BARRERA LIRA TESORERA DEL COMIT\u00c9 DIRECTIVO ESTATAL DEL PARTIDO ACCI\u00d3N EN CAMPECHE\" data-order=\"MAR\u00cdA DEL ROSARIO CRUZ HERN\u00c1NDEZ PRESIDENTA DEL COMIT\u00c9 DIRECTIVO DEL PARTIDO ACCI\u00d3N NACIONAL EN CAMPECHE, JOSHUE DE JES\u00daS RODR\u00cdGUEZ GOLIB SECRETARIO GENERAL DEL COMIT\u00c9 DIRECTIVO ESTATAL DEL PARTIDO ACCI\u00d3N NACIONAL EN CAMPECHE Y ROSALBA BARRERA LIRA TESORERA DEL COMIT\u00c9 DIRECTIVO ESTATAL DEL PARTIDO ACCI\u00d3N EN CAMPECHE\" >MAR\u00cdA DEL ROSARIO CRUZ HERN\u00c1NDEZ PRESIDENTA DEL COMIT\u00c9 DIRECTIVO DEL PARTIDO ACCI\u00d3N NACIONAL EN CAMPECHE, JOSHUE DE JES\u00daS RODR\u00cdGUEZ GOLIB SECRETARIO GENERAL DEL COMIT\u00c9 DIRECTIVO ESTATAL DEL PARTIDO ACCI\u00d3N NACIONAL EN CAMPECHE Y ROSALBA BARRERA LIRA TESORERA DEL COMIT\u00c9 DIRECTIVO ESTATAL DEL PARTIDO ACCI\u00d3N EN CAMPECHE <\/td><td data-cell-id=\"D9\" data-x=\"3\" data-y=\"9\" data-db-index=\"9\" class=\"fsize-18\" data-cell-type=\"text\" data-original-value=\"&lt;a href=&quot;https:\/\/teec.org.mx\/web\/wp-content\/uploads\/2023\/10\/TEEC-JDC-15-2023-INC-23-10-2023.pdf&quot; target=&quot;_blank&quot;&gt;TEEC\/JDC\/15\/2023\/INC (ACUERDO DE ACUMULACI\u00d3N DE DOCUMENTACI\u00d3N)&lt;\/a&gt;\" data-order=\"&lt;a href=&quot;https:\/\/teec.org.mx\/web\/wp-content\/uploads\/2023\/10\/TEEC-JDC-15-2023-INC-23-10-2023.pdf&quot; target=&quot;_blank&quot;&gt;TEEC\/JDC\/15\/2023\/INC (ACUERDO DE ACUMULACI\u00d3N DE DOCUMENTACI\u00d3N)&lt;\/a&gt;\" ><a href=\"https:\/\/teec.org.mx\/web\/wp-content\/uploads\/2023\/10\/TEEC-JDC-15-2023-INC-23-10-2023.pdf\" target=\"_blank\">TEEC\/JDC\/15\/2023\/INC (ACUERDO DE ACUMULACI\u00d3N DE DOCUMENTACI\u00d3N)<\/a><\/td><\/tr><tr style=\"height:px\" ><td data-cell-id=\"A10\" data-x=\"0\" data-y=\"10\" data-db-index=\"10\" class=\"fsize-18\" data-cell-type=\"text\" data-original-value=\"05 DE OCTUBRE DE 2023, A LAS 12:30 HORAS\" data-order=\"05 DE OCTUBRE DE 2023, A LAS 12:30 HORAS\" >05 DE OCTUBRE DE 2023, A LAS 12:30 HORAS <\/td><td data-cell-id=\"B10\" data-x=\"1\" data-y=\"10\" data-db-index=\"10\" class=\"fsize-18\" data-cell-type=\"text\" data-original-value=\"C\u00c9SAR ISMAEL MART\u00cdN EHU\u00c1N, REPRESENTANTE SUPLENTE DEL PARTIDO ACCI\u00d3N ACIONAL, ANTE EL CONSEJO GENERAL DEL INSTITUTO ELECTORAL DEL ESTADO DE CAMPECHE\" data-order=\"C\u00c9SAR ISMAEL MART\u00cdN EHU\u00c1N, REPRESENTANTE SUPLENTE DEL PARTIDO ACCI\u00d3N ACIONAL, ANTE EL CONSEJO GENERAL DEL INSTITUTO ELECTORAL DEL ESTADO DE CAMPECHE\" >C\u00c9SAR ISMAEL MART\u00cdN EHU\u00c1N, REPRESENTANTE SUPLENTE DEL PARTIDO ACCI\u00d3N ACIONAL, ANTE EL CONSEJO GENERAL DEL INSTITUTO ELECTORAL DEL ESTADO DE CAMPECHE <\/td><td data-cell-id=\"C10\" data-x=\"2\" data-y=\"10\" data-db-index=\"10\" class=\"fsize-18\" data-cell-type=\"text\" data-original-value=\"CONSEJO GENERAL DEL INSTITUTO ELECTORAL DEL ESTADO DE CAMPECHE\" data-order=\"CONSEJO GENERAL DEL INSTITUTO ELECTORAL DEL ESTADO DE CAMPECHE\" >CONSEJO GENERAL DEL INSTITUTO ELECTORAL DEL ESTADO DE CAMPECHE <\/td><td data-cell-id=\"D10\" data-x=\"3\" data-y=\"10\" data-db-index=\"10\" class=\"fsize-18\" data-cell-type=\"text\" data-original-value=\"&lt;a href=&quot;https:\/\/teec.org.mx\/web\/wp-content\/uploads\/2023\/10\/TEEC-JE-19-2023-INC-05-10-2023.pdf&quot; target=&quot;_blank&quot;&gt;TEEC\/JE\/19\/2022\/INC (SE DECLARA FIRME Y VALEDERO EL ACUERDO PLENARIO)&lt;\/a&gt;\" data-order=\"&lt;a href=&quot;https:\/\/teec.org.mx\/web\/wp-content\/uploads\/2023\/10\/TEEC-JE-19-2023-INC-05-10-2023.pdf&quot; target=&quot;_blank&quot;&gt;TEEC\/JE\/19\/2022\/INC (SE DECLARA FIRME Y VALEDERO EL ACUERDO PLENARIO)&lt;\/a&gt;\" ><a href=\"https:\/\/teec.org.mx\/web\/wp-content\/uploads\/2023\/10\/TEEC-JE-19-2023-INC-05-10-2023.pdf\" target=\"_blank\">TEEC\/JE\/19\/2022\/INC (SE DECLARA FIRME Y VALEDERO EL ACUERDO PLENARIO)<\/a><\/td><\/tr><tr style=\"height:px\" ><td data-cell-id=\"A11\" data-x=\"0\" data-y=\"11\" data-db-index=\"11\" class=\"fsize-18\" data-cell-type=\"text\" data-original-value=\"29 DE SEPTIEMBRE DE 2023, A LAS 14:40 HORAS\" data-order=\"29 DE SEPTIEMBRE DE 2023, A LAS 14:40 HORAS\" >29 DE SEPTIEMBRE DE 2023, A LAS 14:40 HORAS <\/td><td data-cell-id=\"B11\" data-x=\"1\" data-y=\"11\" data-db-index=\"11\" class=\"fsize-18\" data-cell-type=\"text\" data-original-value=\"DATOS PROTEGIDOS \" data-order=\"DATOS PROTEGIDOS \" >DATOS PROTEGIDOS <\/td><td data-cell-id=\"C11\" data-x=\"2\" data-y=\"11\" data-db-index=\"11\" class=\"fsize-18\" data-cell-type=\"text\" data-original-value=\"ELISEO FERN\u00c1NDEZ MONTUFAR\" data-order=\"ELISEO FERN\u00c1NDEZ MONTUFAR\" >ELISEO FERN\u00c1NDEZ MONTUFAR <\/td><td data-cell-id=\"D11\" data-x=\"3\" data-y=\"11\" data-db-index=\"11\" class=\"fsize-18\" data-cell-type=\"text\" data-original-value=\"&lt;a href=&quot;https:\/\/teec.org.mx\/web\/wp-content\/uploads\/2023\/09\/TEEC-PES-1-2023-INC2-29-09-2023.pdf&quot; target=&quot;_blank&quot;&gt;TEEC\/PES\/1\/2023\/INC2 (SE AUTORIZA EXPEDICI\u00d3N DE COPIAS CERTIFICADAS)&lt;\/a&gt;\" data-order=\"&lt;a href=&quot;https:\/\/teec.org.mx\/web\/wp-content\/uploads\/2023\/09\/TEEC-PES-1-2023-INC2-29-09-2023.pdf&quot; target=&quot;_blank&quot;&gt;TEEC\/PES\/1\/2023\/INC2 (SE AUTORIZA EXPEDICI\u00d3N DE COPIAS CERTIFICADAS)&lt;\/a&gt;\" ><a href=\"https:\/\/teec.org.mx\/web\/wp-content\/uploads\/2023\/09\/TEEC-PES-1-2023-INC2-29-09-2023.pdf\" target=\"_blank\">TEEC\/PES\/1\/2023\/INC2 (SE AUTORIZA EXPEDICI\u00d3N DE COPIAS CERTIFICADAS)<\/a><\/td><\/tr><tr style=\"height:px\" ><td data-cell-id=\"A12\" data-x=\"0\" data-y=\"12\" data-db-index=\"12\" class=\"fsize-18\" data-cell-type=\"text\" data-original-value=\"29 DE SEPTIEMBRE DE 2023, A LAS 12:40 HORAS\" data-order=\"29 DE SEPTIEMBRE DE 2023, A LAS 12:40 HORAS\" >29 DE SEPTIEMBRE DE 2023, A LAS 12:40 HORAS <\/td><td data-cell-id=\"B12\" data-x=\"1\" data-y=\"12\" data-db-index=\"12\" class=\"fsize-18\" data-cell-type=\"text\" data-original-value=\"DATO PROTEGIDO\" data-order=\"DATO PROTEGIDO\" >DATO PROTEGIDO <\/td><td data-cell-id=\"C12\" data-x=\"2\" data-y=\"12\" data-db-index=\"12\" class=\"fsize-18\" data-cell-type=\"text\" data-original-value=\"PEDRO FERRIZ HIJAR\" data-order=\"PEDRO FERRIZ HIJAR\" >PEDRO FERRIZ HIJAR <\/td><td data-cell-id=\"D12\" data-x=\"3\" data-y=\"12\" data-db-index=\"12\" class=\"fsize-18\" data-cell-type=\"text\" data-original-value=\"&lt;a href=&quot;https:\/\/teec.org.mx\/web\/wp-content\/uploads\/2023\/09\/TEEC-PES-6-2023-INC-copias-certificadas-29-09-2023.pdf&quot; target=&quot;_blank&quot;&gt;TEEC\/PES\/6\/2023\/INC (EXPEDICI\u00d3N DE COPIAS CERTIFICADAS)&lt;\/a&gt;\" data-order=\"&lt;a href=&quot;https:\/\/teec.org.mx\/web\/wp-content\/uploads\/2023\/09\/TEEC-PES-6-2023-INC-copias-certificadas-29-09-2023.pdf&quot; target=&quot;_blank&quot;&gt;TEEC\/PES\/6\/2023\/INC (EXPEDICI\u00d3N DE COPIAS CERTIFICADAS)&lt;\/a&gt;\" ><a href=\"https:\/\/teec.org.mx\/web\/wp-content\/uploads\/2023\/09\/TEEC-PES-6-2023-INC-copias-certificadas-29-09-2023.pdf\" target=\"_blank\">TEEC\/PES\/6\/2023\/INC (EXPEDICI\u00d3N DE COPIAS CERTIFICADAS)<\/a><\/td><\/tr><tr style=\"height:px\" ><td data-cell-id=\"A13\" data-x=\"0\" data-y=\"13\" data-db-index=\"13\" class=\"fsize-18\" data-cell-type=\"text\" data-original-value=\"29 DE SEPTIEMBRE DE 2023, A LAS 11:30 HORAS\" data-order=\"29 DE SEPTIEMBRE DE 2023, A LAS 11:30 HORAS\" >29 DE SEPTIEMBRE DE 2023, A LAS 11:30 HORAS <\/td><td data-cell-id=\"B13\" data-x=\"1\" data-y=\"13\" data-db-index=\"13\" class=\"fsize-18\" data-cell-type=\"text\" data-original-value=\"DATO PROTEGIDO\" data-order=\"DATO PROTEGIDO\" >DATO PROTEGIDO <\/td><td data-cell-id=\"C13\" data-x=\"2\" data-y=\"13\" data-db-index=\"13\" class=\"fsize-18\" data-cell-type=\"text\" data-original-value=\"PEDRO FERRIZ HIJAR Y\/O QUI\u00c9N RESULTE RESPONSABLE\" data-order=\"PEDRO FERRIZ HIJAR Y\/O QUI\u00c9N RESULTE RESPONSABLE\" >PEDRO FERRIZ HIJAR Y\/O QUI\u00c9N RESULTE RESPONSABLE <\/td><td data-cell-id=\"D13\" data-x=\"3\" data-y=\"13\" data-db-index=\"13\" class=\"fsize-18\" data-cell-type=\"text\" data-original-value=\"&lt;a href=&quot;https:\/\/teec.org.mx\/web\/wp-content\/uploads\/2023\/09\/TEEC-PES-6-2023-INC-29-09-2023.pdf&quot; target=&quot;_blank&quot;&gt;TEEC\/PES\/6\/2023\/INC (ACUERDO DE TURNO DE DOCUMENTACI\u00d3N)&lt;\/a&gt;\" data-order=\"&lt;a href=&quot;https:\/\/teec.org.mx\/web\/wp-content\/uploads\/2023\/09\/TEEC-PES-6-2023-INC-29-09-2023.pdf&quot; target=&quot;_blank&quot;&gt;TEEC\/PES\/6\/2023\/INC (ACUERDO DE TURNO DE DOCUMENTACI\u00d3N)&lt;\/a&gt;\" ><a href=\"https:\/\/teec.org.mx\/web\/wp-content\/uploads\/2023\/09\/TEEC-PES-6-2023-INC-29-09-2023.pdf\" target=\"_blank\">TEEC\/PES\/6\/2023\/INC (ACUERDO DE TURNO DE DOCUMENTACI\u00d3N)<\/a><\/td><\/tr><tr style=\"height:px\" ><td data-cell-id=\"A14\" data-x=\"0\" data-y=\"14\" data-db-index=\"14\" class=\"fsize-18\" data-cell-type=\"text\" data-original-value=\"29 DE SEPTIEMBRE DE 2023, A LAS 11:15 HORAS\" data-order=\"29 DE SEPTIEMBRE DE 2023, A LAS 11:15 HORAS\" >29 DE SEPTIEMBRE DE 2023, A LAS 11:15 HORAS <\/td><td data-cell-id=\"B14\" data-x=\"1\" data-y=\"14\" data-db-index=\"14\" class=\"fsize-18\" data-cell-type=\"text\" data-original-value=\"DATO PROTEGIDO\" data-order=\"DATO PROTEGIDO\" >DATO PROTEGIDO <\/td><td data-cell-id=\"C14\" data-x=\"2\" data-y=\"14\" data-db-index=\"14\" class=\"fsize-18\" data-cell-type=\"text\" data-original-value=\"CARLOS MARIN MART\u00cdNEZ\" data-order=\"CARLOS MARIN MART\u00cdNEZ\" >CARLOS MARIN MART\u00cdNEZ <\/td><td data-cell-id=\"D14\" data-x=\"3\" data-y=\"14\" data-db-index=\"14\" class=\"fsize-18\" data-cell-type=\"text\" data-original-value=\"&lt;a href=&quot;https:\/\/teec.org.mx\/web\/wp-content\/uploads\/2023\/09\/TEEC-PES-5-2023-INC-29-09-2023.pdf&quot; target=&quot;_blank&quot;&gt;TEEC\/PES\/5\/2023\/INC (ACUERDO SE TURNA DOCUMENTACI\u00d3N)&lt;\/a&gt;\" data-order=\"&lt;a href=&quot;https:\/\/teec.org.mx\/web\/wp-content\/uploads\/2023\/09\/TEEC-PES-5-2023-INC-29-09-2023.pdf&quot; target=&quot;_blank&quot;&gt;TEEC\/PES\/5\/2023\/INC (ACUERDO SE TURNA DOCUMENTACI\u00d3N)&lt;\/a&gt;\" ><a href=\"https:\/\/teec.org.mx\/web\/wp-content\/uploads\/2023\/09\/TEEC-PES-5-2023-INC-29-09-2023.pdf\" target=\"_blank\">TEEC\/PES\/5\/2023\/INC (ACUERDO SE TURNA DOCUMENTACI\u00d3N)<\/a><\/td><\/tr><tr style=\"height:px\" ><td data-cell-id=\"A15\" data-x=\"0\" data-y=\"15\" data-db-index=\"15\" class=\"fsize-18\" data-cell-type=\"text\" data-original-value=\"29 DE SEPTIEMBRE DE 2023, A LAS 11:00 HORAS\" data-order=\"29 DE SEPTIEMBRE DE 2023, A LAS 11:00 HORAS\" >29 DE SEPTIEMBRE DE 2023, A LAS 11:00 HORAS <\/td><td data-cell-id=\"B15\" data-x=\"1\" data-y=\"15\" data-db-index=\"15\" class=\"fsize-18\" data-cell-type=\"text\" data-original-value=\"DATOS PROTEGIDOS\" data-order=\"DATOS PROTEGIDOS\" >DATOS PROTEGIDOS <\/td><td data-cell-id=\"C15\" data-x=\"2\" data-y=\"15\" data-db-index=\"15\" class=\"fsize-18\" data-cell-type=\"text\" data-original-value=\"CARLOS ALAZRAKI GROSSMAN\" data-order=\"CARLOS ALAZRAKI GROSSMAN\" >CARLOS ALAZRAKI GROSSMAN <\/td><td data-cell-id=\"D15\" data-x=\"3\" data-y=\"15\" data-db-index=\"15\" class=\"fsize-18\" data-cell-type=\"text\" data-original-value=\"&lt;a href=&quot;https:\/\/teec.org.mx\/web\/wp-content\/uploads\/2023\/09\/TEEC-PES-3-2023-INC-29-09-2023.pdf&quot; target=&quot;_blank&quot;&gt;TEEC\/PES\/3\/2023\/INC (ACUERDO SE TURNA DOCUMENTACI\u00d3N)&lt;\/a&gt;\" data-order=\"&lt;a href=&quot;https:\/\/teec.org.mx\/web\/wp-content\/uploads\/2023\/09\/TEEC-PES-3-2023-INC-29-09-2023.pdf&quot; target=&quot;_blank&quot;&gt;TEEC\/PES\/3\/2023\/INC (ACUERDO SE TURNA DOCUMENTACI\u00d3N)&lt;\/a&gt;\" ><a href=\"https:\/\/teec.org.mx\/web\/wp-content\/uploads\/2023\/09\/TEEC-PES-3-2023-INC-29-09-2023.pdf\" target=\"_blank\">TEEC\/PES\/3\/2023\/INC (ACUERDO SE TURNA DOCUMENTACI\u00d3N)<\/a><\/td><\/tr><tr style=\"height:px\" ><td data-cell-id=\"A16\" data-x=\"0\" data-y=\"16\" data-db-index=\"16\" class=\"fsize-18\" data-cell-type=\"text\" data-original-value=\"29 DE SEPTIEMBRE DE 2023, A LAS 10:45 HORAS\" data-order=\"29 DE SEPTIEMBRE DE 2023, A LAS 10:45 HORAS\" >29 DE SEPTIEMBRE DE 2023, A LAS 10:45 HORAS <\/td><td data-cell-id=\"B16\" data-x=\"1\" data-y=\"16\" data-db-index=\"16\" class=\"fsize-18\" data-cell-type=\"text\" data-original-value=\"DATOS PROTEGIDOS\" data-order=\"DATOS PROTEGIDOS\" >DATOS PROTEGIDOS <\/td><td data-cell-id=\"C16\" data-x=\"2\" data-y=\"16\" data-db-index=\"16\" class=\"fsize-18\" data-cell-type=\"text\" data-original-value=\"ELISEO FERN\u00c1NDEZ MONTUFAR\" data-order=\"ELISEO FERN\u00c1NDEZ MONTUFAR\" >ELISEO FERN\u00c1NDEZ MONTUFAR <\/td><td data-cell-id=\"D16\" data-x=\"3\" data-y=\"16\" data-db-index=\"16\" class=\"fsize-18\" data-cell-type=\"text\" data-original-value=\"&lt;a href=&quot;https:\/\/teec.org.mx\/web\/wp-content\/uploads\/2023\/09\/TEEC-PES-1-2023-INC-29-09-2023.pdf&quot; target=&quot;_blank&quot;&gt;TEEC\/PES\/1\/2023\/INC (ACUERDO DE TURNO DE DOCUMENTACI\u00d3N)&lt;\/a&gt;\" data-order=\"&lt;a href=&quot;https:\/\/teec.org.mx\/web\/wp-content\/uploads\/2023\/09\/TEEC-PES-1-2023-INC-29-09-2023.pdf&quot; target=&quot;_blank&quot;&gt;TEEC\/PES\/1\/2023\/INC (ACUERDO DE TURNO DE DOCUMENTACI\u00d3N)&lt;\/a&gt;\" ><a href=\"https:\/\/teec.org.mx\/web\/wp-content\/uploads\/2023\/09\/TEEC-PES-1-2023-INC-29-09-2023.pdf\" target=\"_blank\">TEEC\/PES\/1\/2023\/INC (ACUERDO DE TURNO DE DOCUMENTACI\u00d3N)<\/a><\/td><\/tr><tr style=\"height:px\" ><td data-cell-id=\"A17\" data-x=\"0\" data-y=\"17\" data-db-index=\"17\" class=\"fsize-18\" data-cell-type=\"text\" data-original-value=\"27 DE SEPTIEMBRE DE 2023, A LAS 13:50 HORAS\" data-order=\"27 DE SEPTIEMBRE DE 2023, A LAS 13:50 HORAS\" >27 DE SEPTIEMBRE DE 2023, A LAS 13:50 HORAS <\/td><td data-cell-id=\"B17\" data-x=\"1\" data-y=\"17\" data-db-index=\"17\" class=\"fsize-18\" data-cell-type=\"text\" data-original-value=\"DATOS PROTEGIDOS \" data-order=\"DATOS PROTEGIDOS \" >DATOS PROTEGIDOS <\/td><td data-cell-id=\"C17\" data-x=\"2\" data-y=\"17\" data-db-index=\"17\" class=\"fsize-18\" data-cell-type=\"text\" data-original-value=\"ELISEO FERN\u00c1NDEZ MONTUFAR\" data-order=\"ELISEO FERN\u00c1NDEZ MONTUFAR\" >ELISEO FERN\u00c1NDEZ MONTUFAR <\/td><td data-cell-id=\"D17\" data-x=\"3\" data-y=\"17\" data-db-index=\"17\" class=\"fsize-18\" data-cell-type=\"text\" data-original-value=\"&lt;a href=&quot;https:\/\/teec.org.mx\/web\/wp-content\/uploads\/2023\/09\/TEEC-PES-1-2023-INC2-27-09-2023.pdf&quot; target=&quot;_blank&quot;&gt;TEEC\/PES\/1\/2023\/INC2 (SE DECLARA FIRME Y VALEDERO)&lt;\/a&gt;\" data-order=\"&lt;a href=&quot;https:\/\/teec.org.mx\/web\/wp-content\/uploads\/2023\/09\/TEEC-PES-1-2023-INC2-27-09-2023.pdf&quot; target=&quot;_blank&quot;&gt;TEEC\/PES\/1\/2023\/INC2 (SE DECLARA FIRME Y VALEDERO)&lt;\/a&gt;\" ><a href=\"https:\/\/teec.org.mx\/web\/wp-content\/uploads\/2023\/09\/TEEC-PES-1-2023-INC2-27-09-2023.pdf\" target=\"_blank\">TEEC\/PES\/1\/2023\/INC2 (SE DECLARA FIRME Y VALEDERO)<\/a><\/td><\/tr><tr style=\"height:px\" ><td data-cell-id=\"A18\" data-x=\"0\" data-y=\"18\" data-db-index=\"18\" class=\"fsize-18\" data-cell-type=\"text\" data-original-value=\"27 DE SEPTIEMBRE DE 2023, A LAS 13:15 HORAS\" data-order=\"27 DE SEPTIEMBRE DE 2023, A LAS 13:15 HORAS\" >27 DE SEPTIEMBRE DE 2023, A LAS 13:15 HORAS <\/td><td data-cell-id=\"B18\" data-x=\"1\" data-y=\"18\" data-db-index=\"18\" class=\"fsize-18\" data-cell-type=\"text\" data-original-value=\"DATO PROTEGIDO\" data-order=\"DATO PROTEGIDO\" >DATO PROTEGIDO <\/td><td data-cell-id=\"C18\" data-x=\"2\" data-y=\"18\" data-db-index=\"18\" class=\"fsize-18\" data-cell-type=\"text\" data-original-value=\"PEDRO FERRIZ HIJAR\" data-order=\"PEDRO FERRIZ HIJAR\" >PEDRO FERRIZ HIJAR <\/td><td data-cell-id=\"D18\" data-x=\"3\" data-y=\"18\" data-db-index=\"18\" class=\"fsize-18\" data-cell-type=\"text\" data-original-value=\"&lt;a href=&quot;https:\/\/teec.org.mx\/web\/wp-content\/uploads\/2023\/09\/TEEC-PES-6-2023-INC-27-09-2023.pdf&quot; target=&quot;_blank&quot;&gt;TEEC\/PES\/6\/2023\/INC (QUEDA FIRME Y VALEDERO)&lt;\/a&gt;\" data-order=\"&lt;a href=&quot;https:\/\/teec.org.mx\/web\/wp-content\/uploads\/2023\/09\/TEEC-PES-6-2023-INC-27-09-2023.pdf&quot; target=&quot;_blank&quot;&gt;TEEC\/PES\/6\/2023\/INC (QUEDA FIRME Y VALEDERO)&lt;\/a&gt;\" ><a href=\"https:\/\/teec.org.mx\/web\/wp-content\/uploads\/2023\/09\/TEEC-PES-6-2023-INC-27-09-2023.pdf\" target=\"_blank\">TEEC\/PES\/6\/2023\/INC (QUEDA FIRME Y VALEDERO)<\/a><\/td><\/tr><tr style=\"height:px\" ><td data-cell-id=\"A19\" data-x=\"0\" data-y=\"19\" data-db-index=\"19\" class=\"fsize-18\" data-cell-type=\"text\" data-original-value=\"25 DE SEPTIEMBRE DE 2023, A LAS 13:30 HORAS\" data-order=\"25 DE SEPTIEMBRE DE 2023, A LAS 13:30 HORAS\" >25 DE SEPTIEMBRE DE 2023, A LAS 13:30 HORAS <\/td><td data-cell-id=\"B19\" data-x=\"1\" data-y=\"19\" data-db-index=\"19\" class=\"fsize-18\" data-cell-type=\"text\" data-original-value=\"C\u00c9SAR ISMAEL MART\u00cdN EHU\u00c1N, REPRESENTANTE SUPLENTE DEL PARTIDO ACCI\u00d3N ACIONAL, ANTE EL CONSEJO GENERAL DEL INSTITUTO ELECTORAL DEL ESTADO DE CAMPECHE\" data-order=\"C\u00c9SAR ISMAEL MART\u00cdN EHU\u00c1N, REPRESENTANTE SUPLENTE DEL PARTIDO ACCI\u00d3N ACIONAL, ANTE EL CONSEJO GENERAL DEL INSTITUTO ELECTORAL DEL ESTADO DE CAMPECHE\" >C\u00c9SAR ISMAEL MART\u00cdN EHU\u00c1N, REPRESENTANTE SUPLENTE DEL PARTIDO ACCI\u00d3N ACIONAL, ANTE EL CONSEJO GENERAL DEL INSTITUTO ELECTORAL DEL ESTADO DE CAMPECHE <\/td><td data-cell-id=\"C19\" data-x=\"2\" data-y=\"19\" data-db-index=\"19\" class=\"fsize-18\" data-cell-type=\"text\" data-original-value=\"CONSEJO GENERAL DEL INSTITUTO ELECTORAL DEL ESTADO DE CAMPECHE\" data-order=\"CONSEJO GENERAL DEL INSTITUTO ELECTORAL DEL ESTADO DE CAMPECHE\" >CONSEJO GENERAL DEL INSTITUTO ELECTORAL DEL ESTADO DE CAMPECHE <\/td><td data-cell-id=\"D19\" data-x=\"3\" data-y=\"19\" data-db-index=\"19\" class=\"fsize-18\" data-cell-type=\"text\" data-original-value=\"&lt;a href=&quot;https:\/\/teec.org.mx\/web\/wp-content\/uploads\/2023\/09\/TEEC-JE-19-2022-INC-Acuerdo-Plenario-25-09-2023.pdf&quot; target=&quot;_blank&quot;&gt;TEEC\/JE\/19\/2022\/INC (ACUERDO PLENARIO)&lt;\/a&gt;\" data-order=\"&lt;a href=&quot;https:\/\/teec.org.mx\/web\/wp-content\/uploads\/2023\/09\/TEEC-JE-19-2022-INC-Acuerdo-Plenario-25-09-2023.pdf&quot; target=&quot;_blank&quot;&gt;TEEC\/JE\/19\/2022\/INC (ACUERDO PLENARIO)&lt;\/a&gt;\" ><a href=\"https:\/\/teec.org.mx\/web\/wp-content\/uploads\/2023\/09\/TEEC-JE-19-2022-INC-Acuerdo-Plenario-25-09-2023.pdf\" target=\"_blank\">TEEC\/JE\/19\/2022\/INC (ACUERDO PLENARIO)<\/a><\/td><\/tr><tr style=\"height:px\" ><td data-cell-id=\"A20\" data-x=\"0\" data-y=\"20\" data-db-index=\"20\" class=\"fsize-18\" data-cell-type=\"text\" data-original-value=\"25 DE SEPTIEMBRE DE 2023, A LAS 11:10 HORAS\" data-order=\"25 DE SEPTIEMBRE DE 2023, A LAS 11:10 HORAS\" >25 DE SEPTIEMBRE DE 2023, A LAS 11:10 HORAS <\/td><td data-cell-id=\"B20\" data-x=\"1\" data-y=\"20\" data-db-index=\"20\" class=\"fsize-18\" data-cell-type=\"text\" data-original-value=\"DATOS PROTEGIDOS\" data-order=\"DATOS PROTEGIDOS\" >DATOS PROTEGIDOS <\/td><td data-cell-id=\"C20\" data-x=\"2\" data-y=\"20\" data-db-index=\"20\" class=\"fsize-18\" data-cell-type=\"text\" data-original-value=\"COMIT\u00c9 EJECUTIVO NACIONAL Y COMISI\u00d3N DE JUSTICIA DEL CONSEJO NACIONAL, AMBAS DEL PARTIDO ACCI\u00d3N NACIONAL, MAR\u00cdA DEL ROSARIO CRUZ HERN\u00c1NDEZ, PRESIDENTA DEL COMIT\u00c9 DIRECTIVO DEL PARTIDO ACCI\u00d3N NACIONAL EN CAMPECHE; JOSHUE DE JES\u00daS RODR\u00cdGUEZ GOLIB, SECRETARIO GENERAL DEL COMIT\u00c9 DIRECTIVO ESTATAL DEL PARTIDO ACCI\u00d3N NACIONAL EN CAMPECHE Y, ROSALBA BARRERA LIRA, TESORERA DEL COMIT\u00c9 DIRECTIVO ESTATAL DEL PARTIDO ACCI\u00d3N EN CAMPECHE\" data-order=\"COMIT\u00c9 EJECUTIVO NACIONAL Y COMISI\u00d3N DE JUSTICIA DEL CONSEJO NACIONAL, AMBAS DEL PARTIDO ACCI\u00d3N NACIONAL, MAR\u00cdA DEL ROSARIO CRUZ HERN\u00c1NDEZ, PRESIDENTA DEL COMIT\u00c9 DIRECTIVO DEL PARTIDO ACCI\u00d3N NACIONAL EN CAMPECHE; JOSHUE DE JES\u00daS RODR\u00cdGUEZ GOLIB, SECRETARIO GENERAL DEL COMIT\u00c9 DIRECTIVO ESTATAL DEL PARTIDO ACCI\u00d3N NACIONAL EN CAMPECHE Y, ROSALBA BARRERA LIRA, TESORERA DEL COMIT\u00c9 DIRECTIVO ESTATAL DEL PARTIDO ACCI\u00d3N EN CAMPECHE\" >COMIT\u00c9 EJECUTIVO NACIONAL Y COMISI\u00d3N DE JUSTICIA DEL CONSEJO NACIONAL, AMBAS DEL PARTIDO ACCI\u00d3N NACIONAL, MAR\u00cdA DEL ROSARIO CRUZ HERN\u00c1NDEZ, PRESIDENTA DEL COMIT\u00c9 DIRECTIVO DEL PARTIDO ACCI\u00d3N NACIONAL EN CAMPECHE; JOSHUE DE JES\u00daS RODR\u00cdGUEZ GOLIB, SECRETARIO GENERAL DEL COMIT\u00c9 DIRECTIVO ESTATAL DEL PARTIDO ACCI\u00d3N NACIONAL EN CAMPECHE Y, ROSALBA BARRERA LIRA, TESORERA DEL COMIT\u00c9 DIRECTIVO ESTATAL DEL PARTIDO ACCI\u00d3N EN CAMPECHE <\/td><td data-cell-id=\"D20\" data-x=\"3\" data-y=\"20\" data-db-index=\"20\" class=\"fsize-18\" data-cell-type=\"text\" data-original-value=\"&lt;a href=&quot;https:\/\/teec.org.mx\/web\/wp-content\/uploads\/2023\/09\/TEEC-JDC-15-2023-INC-Acuerdo-Plenario-25-09-2023.pdf&quot; target=&quot;_blank&quot;&gt;TEEC\/JDC\/15\/2023\/INC (ACUERDO PLENARIO)&lt;\/a&gt;\" data-order=\"&lt;a href=&quot;https:\/\/teec.org.mx\/web\/wp-content\/uploads\/2023\/09\/TEEC-JDC-15-2023-INC-Acuerdo-Plenario-25-09-2023.pdf&quot; target=&quot;_blank&quot;&gt;TEEC\/JDC\/15\/2023\/INC (ACUERDO PLENARIO)&lt;\/a&gt;\" ><a href=\"https:\/\/teec.org.mx\/web\/wp-content\/uploads\/2023\/09\/TEEC-JDC-15-2023-INC-Acuerdo-Plenario-25-09-2023.pdf\" target=\"_blank\">TEEC\/JDC\/15\/2023\/INC (ACUERDO PLENARIO)<\/a><\/td><\/tr><tr style=\"height:px\" ><td data-cell-id=\"A21\" data-x=\"0\" data-y=\"21\" data-db-index=\"21\" class=\"fsize-18\" data-cell-type=\"text\" data-original-value=\"22 DE SEPTIEMBRE DE 2023, A LAS 12:45 HORAS\" data-order=\"22 DE SEPTIEMBRE DE 2023, A LAS 12:45 HORAS\" >22 DE SEPTIEMBRE DE 2023, A LAS 12:45 HORAS <\/td><td data-cell-id=\"B21\" data-x=\"1\" data-y=\"21\" data-db-index=\"21\" class=\"fsize-18\" data-cell-type=\"text\" data-original-value=\"C\u00c9SAR ISMAEL MART\u00cdN EHU\u00c1N, REPRESENTANTE SUPLENTE DEL PARTIDO ACCI\u00d3N ACIONAL, ANTE EL CONSEJO GENERAL DEL INSTITUTO ELECTORAL DEL ESTADO DE CAMPECHE\" data-order=\"C\u00c9SAR ISMAEL MART\u00cdN EHU\u00c1N, REPRESENTANTE SUPLENTE DEL PARTIDO ACCI\u00d3N ACIONAL, ANTE EL CONSEJO GENERAL DEL INSTITUTO ELECTORAL DEL ESTADO DE CAMPECHE\" >C\u00c9SAR ISMAEL MART\u00cdN EHU\u00c1N, REPRESENTANTE SUPLENTE DEL PARTIDO ACCI\u00d3N ACIONAL, ANTE EL CONSEJO GENERAL DEL INSTITUTO ELECTORAL DEL ESTADO DE CAMPECHE <\/td><td data-cell-id=\"C21\" data-x=\"2\" data-y=\"21\" data-db-index=\"21\" class=\"fsize-18\" data-cell-type=\"text\" data-original-value=\"CONSEJO GENERAL DEL INSTITUTO ELECTORAL DEL ESTADO DE CAMPECHE\" data-order=\"CONSEJO GENERAL DEL INSTITUTO ELECTORAL DEL ESTADO DE CAMPECHE\" >CONSEJO GENERAL DEL INSTITUTO ELECTORAL DEL ESTADO DE CAMPECHE <\/td><td data-cell-id=\"D21\" data-x=\"3\" data-y=\"21\" data-db-index=\"21\" class=\"fsize-18\" data-cell-type=\"text\" data-original-value=\"&lt;a href=&quot;https:\/\/teec.org.mx\/web\/wp-content\/uploads\/2023\/09\/TEEC-JE-19-2022-INC-2do-acu-22-09-2023.pdf&quot; target=&quot;_blank&quot;&gt;TEEC\/JE\/19\/2022\/INC (SE FIJA FECHA Y HORA PARA SESION PRIVADA DEL PLENO)&lt;\/a&gt;\" data-order=\"&lt;a href=&quot;https:\/\/teec.org.mx\/web\/wp-content\/uploads\/2023\/09\/TEEC-JE-19-2022-INC-2do-acu-22-09-2023.pdf&quot; target=&quot;_blank&quot;&gt;TEEC\/JE\/19\/2022\/INC (SE FIJA FECHA Y HORA PARA SESION PRIVADA DEL PLENO)&lt;\/a&gt;\" ><a href=\"https:\/\/teec.org.mx\/web\/wp-content\/uploads\/2023\/09\/TEEC-JE-19-2022-INC-2do-acu-22-09-2023.pdf\" target=\"_blank\">TEEC\/JE\/19\/2022\/INC (SE FIJA FECHA Y HORA PARA SESION PRIVADA DEL PLENO)<\/a><\/td><\/tr><tr style=\"height:px\" ><td data-cell-id=\"A22\" data-x=\"0\" data-y=\"22\" data-db-index=\"22\" class=\"fsize-18\" data-cell-type=\"text\" data-original-value=\"22 DE SEPTIEMBRE DE 2023, A LAS 10:35 HORAS\" data-order=\"22 DE SEPTIEMBRE DE 2023, A LAS 10:35 HORAS\" >22 DE SEPTIEMBRE DE 2023, A LAS 10:35 HORAS <\/td><td data-cell-id=\"B22\" data-x=\"1\" data-y=\"22\" data-db-index=\"22\" class=\"fsize-18\" data-cell-type=\"text\" data-original-value=\"C\u00c9SAR ISMAEL MART\u00cdN EHU\u00c1N, REPRESENTANTE SUPLENTE DEL PARTIDO ACCI\u00d3N ACIONAL, ANTE EL CONSEJO GENERAL DEL INSTITUO ELECTORAL DEL ESTADO DE CAMPECHE\" data-order=\"C\u00c9SAR ISMAEL MART\u00cdN EHU\u00c1N, REPRESENTANTE SUPLENTE DEL PARTIDO ACCI\u00d3N ACIONAL, ANTE EL CONSEJO GENERAL DEL INSTITUO ELECTORAL DEL ESTADO DE CAMPECHE\" >C\u00c9SAR ISMAEL MART\u00cdN EHU\u00c1N, REPRESENTANTE SUPLENTE DEL PARTIDO ACCI\u00d3N ACIONAL, ANTE EL CONSEJO GENERAL DEL INSTITUO ELECTORAL DEL ESTADO DE CAMPECHE <\/td><td data-cell-id=\"C22\" data-x=\"2\" data-y=\"22\" data-db-index=\"22\" class=\"fsize-18\" data-cell-type=\"text\" data-original-value=\"CONSEJO GENERAL DEL INSTITUTO ELECTORAL DEL ESTADO DE CAMPECHE\" data-order=\"CONSEJO GENERAL DEL INSTITUTO ELECTORAL DEL ESTADO DE CAMPECHE\" >CONSEJO GENERAL DEL INSTITUTO ELECTORAL DEL ESTADO DE CAMPECHE <\/td><td data-cell-id=\"D22\" data-x=\"3\" data-y=\"22\" data-db-index=\"22\" class=\"fsize-18\" data-cell-type=\"text\" data-original-value=\"&lt;a href=&quot;https:\/\/teec.org.mx\/web\/wp-content\/uploads\/2023\/09\/TEEC-JE-19-2022-INC-22-09-2023.pdf&quot; target=&quot;_blank&quot;&gt;TEEC\/JE\/19\/2022\/INC (SE SOL. FECHA Y HORA PARA SESI\u00d3N PRIVADA)&lt;\/a&gt;\" data-order=\"&lt;a href=&quot;https:\/\/teec.org.mx\/web\/wp-content\/uploads\/2023\/09\/TEEC-JE-19-2022-INC-22-09-2023.pdf&quot; target=&quot;_blank&quot;&gt;TEEC\/JE\/19\/2022\/INC (SE SOL. FECHA Y HORA PARA SESI\u00d3N PRIVADA)&lt;\/a&gt;\" ><a href=\"https:\/\/teec.org.mx\/web\/wp-content\/uploads\/2023\/09\/TEEC-JE-19-2022-INC-22-09-2023.pdf\" target=\"_blank\">TEEC\/JE\/19\/2022\/INC (SE SOL. FECHA Y HORA PARA SESI\u00d3N PRIVADA)<\/a><\/td><\/tr><tr style=\"height:px\" ><td data-cell-id=\"A23\" data-x=\"0\" data-y=\"23\" data-db-index=\"23\" class=\"fsize-18\" data-cell-type=\"text\" data-original-value=\"22 DE SEPTIEMBRE DE 2023, A LAS 11:50 HORAS\" data-order=\"22 DE SEPTIEMBRE DE 2023, A LAS 11:50 HORAS\" >22 DE SEPTIEMBRE DE 2023, A LAS 11:50 HORAS <\/td><td data-cell-id=\"B23\" data-x=\"1\" data-y=\"23\" data-db-index=\"23\" class=\"fsize-18\" data-cell-type=\"text\" data-original-value=\"DATOS PROTEGIDOS\" data-order=\"DATOS PROTEGIDOS\" >DATOS PROTEGIDOS <\/td><td data-cell-id=\"C23\" data-x=\"2\" data-y=\"23\" data-db-index=\"23\" class=\"fsize-18\" data-cell-type=\"text\" data-original-value=\"CARLOS MARIN MART\u00cdNEZ\" data-order=\"CARLOS MARIN MART\u00cdNEZ\" >CARLOS MARIN MART\u00cdNEZ <\/td><td data-cell-id=\"D23\" data-x=\"3\" data-y=\"23\" data-db-index=\"23\" class=\"fsize-18\" data-cell-type=\"text\" data-original-value=\"&lt;a href=&quot;https:\/\/teec.org.mx\/web\/wp-content\/uploads\/2023\/09\/TEEC-PES-5-2023-INC-Acuerdo-Plenario-22-09-2023.pdf&quot; target=&quot;_blank&quot;&gt;TEEC\/PES\/5\/2023\/INC (ACUERDO PLENARIO)&lt;\/a&gt;\" data-order=\"&lt;a href=&quot;https:\/\/teec.org.mx\/web\/wp-content\/uploads\/2023\/09\/TEEC-PES-5-2023-INC-Acuerdo-Plenario-22-09-2023.pdf&quot; target=&quot;_blank&quot;&gt;TEEC\/PES\/5\/2023\/INC (ACUERDO PLENARIO)&lt;\/a&gt;\" ><a href=\"https:\/\/teec.org.mx\/web\/wp-content\/uploads\/2023\/09\/TEEC-PES-5-2023-INC-Acuerdo-Plenario-22-09-2023.pdf\" target=\"_blank\">TEEC\/PES\/5\/2023\/INC (ACUERDO PLENARIO)<\/a><\/td><\/tr><tr style=\"height:px\" ><td data-cell-id=\"A24\" data-x=\"0\" data-y=\"24\" data-db-index=\"24\" class=\"fsize-18\" data-cell-type=\"text\" data-original-value=\"22 DE SEPTIEMBRE DE 2023, A LAS 11:19 HORAS\" data-order=\"22 DE SEPTIEMBRE DE 2023, A LAS 11:19 HORAS\" >22 DE SEPTIEMBRE DE 2023, A LAS 11:19 HORAS <\/td><td data-cell-id=\"B24\" data-x=\"1\" data-y=\"24\" data-db-index=\"24\" class=\"fsize-18\" data-cell-type=\"text\" data-original-value=\"DATOS PROTEGIDOS\" data-order=\"DATOS PROTEGIDOS\" >DATOS PROTEGIDOS <\/td><td data-cell-id=\"C24\" data-x=\"2\" data-y=\"24\" data-db-index=\"24\" class=\"fsize-18\" data-cell-type=\"text\" data-original-value=\"CARLOS ALAZRAKI GROSSMAN\" data-order=\"CARLOS ALAZRAKI GROSSMAN\" >CARLOS ALAZRAKI GROSSMAN <\/td><td data-cell-id=\"D24\" data-x=\"3\" data-y=\"24\" data-db-index=\"24\" class=\"fsize-18\" data-cell-type=\"text\" data-original-value=\"&lt;a href=&quot;https:\/\/teec.org.mx\/web\/wp-content\/uploads\/2023\/09\/TEEC-PES-3-2023-INC2-Acuerdo-Plenario-22-09-2023.pdf&quot; target=&quot;_blank&quot;&gt;TEEC\/PES\/3\/2023\/INC2 (ACUERDO PLENARIO)&lt;\/a&gt;\" data-order=\"&lt;a href=&quot;https:\/\/teec.org.mx\/web\/wp-content\/uploads\/2023\/09\/TEEC-PES-3-2023-INC2-Acuerdo-Plenario-22-09-2023.pdf&quot; target=&quot;_blank&quot;&gt;TEEC\/PES\/3\/2023\/INC2 (ACUERDO PLENARIO)&lt;\/a&gt;\" ><a href=\"https:\/\/teec.org.mx\/web\/wp-content\/uploads\/2023\/09\/TEEC-PES-3-2023-INC2-Acuerdo-Plenario-22-09-2023.pdf\" target=\"_blank\">TEEC\/PES\/3\/2023\/INC2 (ACUERDO PLENARIO)<\/a><\/td><\/tr><tr style=\"height:px\" ><td data-cell-id=\"A25\" data-x=\"0\" data-y=\"25\" data-db-index=\"25\" class=\"fsize-18\" data-cell-type=\"text\" data-original-value=\"21 DE SEPTIEMBRE DE 2023, A LAS 12:50 HORAS\" data-order=\"21 DE SEPTIEMBRE DE 2023, A LAS 12:50 HORAS\" >21 DE SEPTIEMBRE DE 2023, A LAS 12:50 HORAS <\/td><td data-cell-id=\"B25\" data-x=\"1\" data-y=\"25\" data-db-index=\"25\" class=\"fsize-18\" data-cell-type=\"text\" data-original-value=\"DATOS PROTEGIDOS\" data-order=\"DATOS PROTEGIDOS\" >DATOS PROTEGIDOS <\/td><td data-cell-id=\"C25\" data-x=\"2\" data-y=\"25\" data-db-index=\"25\" class=\"fsize-18\" data-cell-type=\"text\" data-original-value=\"COMIT\u00c9 EJECUTIVO NACIONAL Y COMISI\u00d3N DE JUSTICIA DEL CONSEJO NACIONAL, AMBAS DEL PARTIDO ACCI\u00d3N NACIONAL, MAR\u00cdA DEL ROSARIO CRUZ HERN\u00c1NDEZ, PRESIDENTA DEL COMIT\u00c9 DIRECTIVO DEL PARTIDO ACCI\u00d3N NACIONAL EN CAMPECHE; JOSHUE DE JES\u00daS RODR\u00cdGUEZ GOLIB, SECRETARIO GENERAL DEL COMIT\u00c9 DIRECTIVO ESTATAL DEL PARTIDO ACCI\u00d3N NACIONAL EN CAMPECHE Y, ROSALBA BARRERA LIRA, TESORERA DEL COMIT\u00c9 DIRECTIVO ESTATAL DEL PARTIDO ACCI\u00d3N EN CAMPECHE\" data-order=\"COMIT\u00c9 EJECUTIVO NACIONAL Y COMISI\u00d3N DE JUSTICIA DEL CONSEJO NACIONAL, AMBAS DEL PARTIDO ACCI\u00d3N NACIONAL, MAR\u00cdA DEL ROSARIO CRUZ HERN\u00c1NDEZ, PRESIDENTA DEL COMIT\u00c9 DIRECTIVO DEL PARTIDO ACCI\u00d3N NACIONAL EN CAMPECHE; JOSHUE DE JES\u00daS RODR\u00cdGUEZ GOLIB, SECRETARIO GENERAL DEL COMIT\u00c9 DIRECTIVO ESTATAL DEL PARTIDO ACCI\u00d3N NACIONAL EN CAMPECHE Y, ROSALBA BARRERA LIRA, TESORERA DEL COMIT\u00c9 DIRECTIVO ESTATAL DEL PARTIDO ACCI\u00d3N EN CAMPECHE\" >COMIT\u00c9 EJECUTIVO NACIONAL Y COMISI\u00d3N DE JUSTICIA DEL CONSEJO NACIONAL, AMBAS DEL PARTIDO ACCI\u00d3N NACIONAL, MAR\u00cdA DEL ROSARIO CRUZ HERN\u00c1NDEZ, PRESIDENTA DEL COMIT\u00c9 DIRECTIVO DEL PARTIDO ACCI\u00d3N NACIONAL EN CAMPECHE; JOSHUE DE JES\u00daS RODR\u00cdGUEZ GOLIB, SECRETARIO GENERAL DEL COMIT\u00c9 DIRECTIVO ESTATAL DEL PARTIDO ACCI\u00d3N NACIONAL EN CAMPECHE Y, ROSALBA BARRERA LIRA, TESORERA DEL COMIT\u00c9 DIRECTIVO ESTATAL DEL PARTIDO ACCI\u00d3N EN CAMPECHE <\/td><td data-cell-id=\"D25\" data-x=\"3\" data-y=\"25\" data-db-index=\"25\" class=\"fsize-18\" data-cell-type=\"text\" data-original-value=\"&lt;a href=&quot;https:\/\/teec.org.mx\/web\/wp-content\/uploads\/2023\/09\/TEEC-JDC-15-2023-INC-21-09-2023.pdf&quot; target=&quot;_blank&quot;&gt;TEEC\/JDC\/15\/2023\/INC (ACUERDO DE ADMISI\u00d3N Y OTROS)&lt;\/a&gt;\" data-order=\"&lt;a href=&quot;https:\/\/teec.org.mx\/web\/wp-content\/uploads\/2023\/09\/TEEC-JDC-15-2023-INC-21-09-2023.pdf&quot; target=&quot;_blank&quot;&gt;TEEC\/JDC\/15\/2023\/INC (ACUERDO DE ADMISI\u00d3N Y OTROS)&lt;\/a&gt;\" ><a href=\"https:\/\/teec.org.mx\/web\/wp-content\/uploads\/2023\/09\/TEEC-JDC-15-2023-INC-21-09-2023.pdf\" target=\"_blank\">TEEC\/JDC\/15\/2023\/INC (ACUERDO DE ADMISI\u00d3N Y OTROS)<\/a><\/td><\/tr><tr style=\"height:px\" ><td data-cell-id=\"A26\" data-x=\"0\" data-y=\"26\" data-db-index=\"26\" class=\"fsize-18\" data-cell-type=\"text\" data-original-value=\"20 DE SEPTIEMBRE DE 2023, A LAS 13:26 HORAS\" data-order=\"20 DE SEPTIEMBRE DE 2023, A LAS 13:26 HORAS\" >20 DE SEPTIEMBRE DE 2023, A LAS 13:26 HORAS <\/td><td data-cell-id=\"B26\" data-x=\"1\" data-y=\"26\" data-db-index=\"26\" class=\"fsize-18\" data-cell-type=\"text\" data-original-value=\"DATOS PROTEGIDOS\" data-order=\"DATOS PROTEGIDOS\" >DATOS PROTEGIDOS <\/td><td data-cell-id=\"C26\" data-x=\"2\" data-y=\"26\" data-db-index=\"26\" class=\"fsize-18\" data-cell-type=\"text\" data-original-value=\"CARLOS MARIN MART\u00cdNEZ\" data-order=\"CARLOS MARIN MART\u00cdNEZ\" >CARLOS MARIN MART\u00cdNEZ <\/td><td data-cell-id=\"D26\" data-x=\"3\" data-y=\"26\" data-db-index=\"26\" class=\"fsize-18\" data-cell-type=\"text\" data-original-value=\"&lt;a href=&quot;https:\/\/teec.org.mx\/web\/wp-content\/uploads\/2023\/09\/TEEC-PES-5-2023-INC-20-09-2023.pdf&quot; target=&quot;_blank&quot;&gt;TEEC\/PES\/5\/2023\/INC (ACUERDO SE FIJA FECHA Y HORA PARA SESI\u00d3N PRIVADA)&lt;\/a&gt;\" data-order=\"&lt;a href=&quot;https:\/\/teec.org.mx\/web\/wp-content\/uploads\/2023\/09\/TEEC-PES-5-2023-INC-20-09-2023.pdf&quot; target=&quot;_blank&quot;&gt;TEEC\/PES\/5\/2023\/INC (ACUERDO SE FIJA FECHA Y HORA PARA SESI\u00d3N PRIVADA)&lt;\/a&gt;\" ><a href=\"https:\/\/teec.org.mx\/web\/wp-content\/uploads\/2023\/09\/TEEC-PES-5-2023-INC-20-09-2023.pdf\" target=\"_blank\">TEEC\/PES\/5\/2023\/INC (ACUERDO SE FIJA FECHA Y HORA PARA SESI\u00d3N PRIVADA)<\/a><\/td><\/tr><tr style=\"height:px\" ><td data-cell-id=\"A27\" data-x=\"0\" data-y=\"27\" data-db-index=\"27\" class=\"fsize-18\" data-cell-type=\"text\" data-original-value=\"20 DE SEPTIEMBRE DE 2023, A LAS 12:51 HORAS\" data-order=\"20 DE SEPTIEMBRE DE 2023, A LAS 12:51 HORAS\" >20 DE SEPTIEMBRE DE 2023, A LAS 12:51 HORAS <\/td><td data-cell-id=\"B27\" data-x=\"1\" data-y=\"27\" data-db-index=\"27\" class=\"fsize-18\" data-cell-type=\"text\" data-original-value=\"DATOS PROTEGIDOS\" data-order=\"DATOS PROTEGIDOS\" >DATOS PROTEGIDOS <\/td><td data-cell-id=\"C27\" data-x=\"2\" data-y=\"27\" data-db-index=\"27\" class=\"fsize-18\" data-cell-type=\"text\" data-original-value=\"CARLOS ALAZRAKI GROSSMAN\" data-order=\"CARLOS ALAZRAKI GROSSMAN\" >CARLOS ALAZRAKI GROSSMAN <\/td><td data-cell-id=\"D27\" data-x=\"3\" data-y=\"27\" data-db-index=\"27\" class=\"fsize-18\" data-cell-type=\"text\" data-original-value=\"&lt;a href=&quot;https:\/\/teec.org.mx\/web\/wp-content\/uploads\/2023\/09\/TEEC-PES-3-2023-INC2-20-09-2023.pdf&quot; target=&quot;_blank&quot;&gt;TEEC\/PES\/3\/2023\/INC2 (ACUERDO SE FIJA FECHA Y HORA PARA SESI\u00d3N PRIVADA)&lt;\/a&gt;\" data-order=\"&lt;a href=&quot;https:\/\/teec.org.mx\/web\/wp-content\/uploads\/2023\/09\/TEEC-PES-3-2023-INC2-20-09-2023.pdf&quot; target=&quot;_blank&quot;&gt;TEEC\/PES\/3\/2023\/INC2 (ACUERDO SE FIJA FECHA Y HORA PARA SESI\u00d3N PRIVADA)&lt;\/a&gt;\" ><a href=\"https:\/\/teec.org.mx\/web\/wp-content\/uploads\/2023\/09\/TEEC-PES-3-2023-INC2-20-09-2023.pdf\" target=\"_blank\">TEEC\/PES\/3\/2023\/INC2 (ACUERDO SE FIJA FECHA Y HORA PARA SESI\u00d3N PRIVADA)<\/a><\/td><\/tr><tr style=\"height:px\" ><td data-cell-id=\"A28\" data-x=\"0\" data-y=\"28\" data-db-index=\"28\" class=\"fsize-18\" data-cell-type=\"text\" data-original-value=\"19 DE SEPTIEMBRE DE 2023, A LAS 12:30 HORAS\" data-order=\"19 DE SEPTIEMBRE DE 2023, A LAS 12:30 HORAS\" >19 DE SEPTIEMBRE DE 2023, A LAS 12:30 HORAS <\/td><td data-cell-id=\"B28\" data-x=\"1\" data-y=\"28\" data-db-index=\"28\" class=\"fsize-18\" data-cell-type=\"text\" data-original-value=\"DATO PROTEGIDO\" data-order=\"DATO PROTEGIDO\" >DATO PROTEGIDO <\/td><td data-cell-id=\"C28\" data-x=\"2\" data-y=\"28\" data-db-index=\"28\" class=\"fsize-18\" data-cell-type=\"text\" data-original-value=\"ELISEO FERN\u00c1NDEZ MONTUFAR\" data-order=\"ELISEO FERN\u00c1NDEZ MONTUFAR\" >ELISEO FERN\u00c1NDEZ MONTUFAR <\/td><td data-cell-id=\"D28\" data-x=\"3\" data-y=\"28\" data-db-index=\"28\" class=\"fsize-18\" data-cell-type=\"text\" data-original-value=\"&lt;a href=&quot;https:\/\/teec.org.mx\/web\/wp-content\/uploads\/2023\/09\/TEEC-PES-1-2023-INC2-Acuerdo-Plenario-19-09-2023.pdf&quot; target=&quot;_blank&quot;&gt;TEEC\/PES\/1\/2023\/INC2 (ACUERDO PLENARIO)&lt;\/a&gt;\" data-order=\"&lt;a href=&quot;https:\/\/teec.org.mx\/web\/wp-content\/uploads\/2023\/09\/TEEC-PES-1-2023-INC2-Acuerdo-Plenario-19-09-2023.pdf&quot; target=&quot;_blank&quot;&gt;TEEC\/PES\/1\/2023\/INC2 (ACUERDO PLENARIO)&lt;\/a&gt;\" ><a href=\"https:\/\/teec.org.mx\/web\/wp-content\/uploads\/2023\/09\/TEEC-PES-1-2023-INC2-Acuerdo-Plenario-19-09-2023.pdf\" target=\"_blank\">TEEC\/PES\/1\/2023\/INC2 (ACUERDO PLENARIO)<\/a><\/td><\/tr><tr style=\"height:px\" ><td data-cell-id=\"A29\" data-x=\"0\" data-y=\"29\" data-db-index=\"29\" class=\"fsize-18\" data-cell-type=\"text\" data-original-value=\"18 DE SEPTIEMBRE DE 2023, A LAS 13:33 HORAS\" data-order=\"18 DE SEPTIEMBRE DE 2023, A LAS 13:33 HORAS\" >18 DE SEPTIEMBRE DE 2023, A LAS 13:33 HORAS <\/td><td data-cell-id=\"B29\" data-x=\"1\" data-y=\"29\" data-db-index=\"29\" class=\"fsize-18\" data-cell-type=\"text\" data-original-value=\"Dato protegido\" data-order=\"Dato protegido\" >Dato protegido <\/td><td data-cell-id=\"C29\" data-x=\"2\" data-y=\"29\" data-db-index=\"29\" class=\"fsize-18\" data-cell-type=\"text\" data-original-value=\"CARLOS MARIN MART\u00cdNEZ\" data-order=\"CARLOS MARIN MART\u00cdNEZ\" >CARLOS MARIN MART\u00cdNEZ <\/td><td data-cell-id=\"D29\" data-x=\"3\" data-y=\"29\" data-db-index=\"29\" class=\"fsize-18\" data-cell-type=\"text\" data-original-value=\"&lt;a href=&quot;https:\/\/teec.org.mx\/web\/wp-content\/uploads\/2023\/09\/TEEC-PES-5-2023-INC-18-09-2023.pdf&quot; target=&quot;_blank&quot;&gt;TEEC\/PES\/5\/2023\/INC (ACUERDO DE ADMISION Y CIERRE DE INSTRUCCI\u00d3N)&lt;\/a&gt;\" data-order=\"&lt;a href=&quot;https:\/\/teec.org.mx\/web\/wp-content\/uploads\/2023\/09\/TEEC-PES-5-2023-INC-18-09-2023.pdf&quot; target=&quot;_blank&quot;&gt;TEEC\/PES\/5\/2023\/INC (ACUERDO DE ADMISION Y CIERRE DE INSTRUCCI\u00d3N)&lt;\/a&gt;\" ><a href=\"https:\/\/teec.org.mx\/web\/wp-content\/uploads\/2023\/09\/TEEC-PES-5-2023-INC-18-09-2023.pdf\" target=\"_blank\">TEEC\/PES\/5\/2023\/INC (ACUERDO DE ADMISION Y CIERRE DE INSTRUCCI\u00d3N)<\/a><\/td><\/tr><tr style=\"height:px\" ><td data-cell-id=\"A30\" data-x=\"0\" data-y=\"30\" data-db-index=\"30\" class=\"fsize-18\" data-cell-type=\"text\" data-original-value=\"18 DE SEPTIEMBRE DE 2023, A LAS 13:42 HORAS\" data-order=\"18 DE SEPTIEMBRE DE 2023, A LAS 13:42 HORAS\" >18 DE SEPTIEMBRE DE 2023, A LAS 13:42 HORAS <\/td><td data-cell-id=\"B30\" data-x=\"1\" data-y=\"30\" data-db-index=\"30\" class=\"fsize-18\" data-cell-type=\"text\" data-original-value=\"DATO PROTEGIDO\" data-order=\"DATO PROTEGIDO\" >DATO PROTEGIDO <\/td><td data-cell-id=\"C30\" data-x=\"2\" data-y=\"30\" data-db-index=\"30\" class=\"fsize-18\" data-cell-type=\"text\" data-original-value=\"ELISEO FERN\u00c1NDEZ MONTUFAR\" data-order=\"ELISEO FERN\u00c1NDEZ MONTUFAR\" >ELISEO FERN\u00c1NDEZ MONTUFAR <\/td><td data-cell-id=\"D30\" data-x=\"3\" data-y=\"30\" data-db-index=\"30\" class=\"fsize-18\" data-cell-type=\"text\" data-original-value=\"&lt;a href=&quot;https:\/\/teec.org.mx\/web\/wp-content\/uploads\/2023\/09\/TEEC-PES-1-2023-INC2-2do-acu-18-09-2023.pdf&quot; target=&quot;_blank&quot;&gt;TEEC\/PES\/1\/2023\/INC2(ACUERDO SE FIJA FECHA Y HORA PARA SESI\u00d3N PRIVADA)&lt;\/a&gt;\" data-order=\"&lt;a href=&quot;https:\/\/teec.org.mx\/web\/wp-content\/uploads\/2023\/09\/TEEC-PES-1-2023-INC2-2do-acu-18-09-2023.pdf&quot; target=&quot;_blank&quot;&gt;TEEC\/PES\/1\/2023\/INC2(ACUERDO SE FIJA FECHA Y HORA PARA SESI\u00d3N PRIVADA)&lt;\/a&gt;\" ><a href=\"https:\/\/teec.org.mx\/web\/wp-content\/uploads\/2023\/09\/TEEC-PES-1-2023-INC2-2do-acu-18-09-2023.pdf\" target=\"_blank\">TEEC\/PES\/1\/2023\/INC2(ACUERDO SE FIJA FECHA Y HORA PARA SESI\u00d3N PRIVADA)<\/a><\/td><\/tr><tr style=\"height:px\" ><td data-cell-id=\"A31\" data-x=\"0\" data-y=\"31\" data-db-index=\"31\" class=\"fsize-18\" data-cell-type=\"text\" data-original-value=\"18 DE SEPTIEMBRE DE 2023, A LAS 13:10 HORAS\" data-order=\"18 DE SEPTIEMBRE DE 2023, A LAS 13:10 HORAS\" >18 DE SEPTIEMBRE DE 2023, A LAS 13:10 HORAS <\/td><td data-cell-id=\"B31\" data-x=\"1\" data-y=\"31\" data-db-index=\"31\" class=\"fsize-18\" data-cell-type=\"text\" data-original-value=\"DATOS PROTEGIDOS\" data-order=\"DATOS PROTEGIDOS\" >DATOS PROTEGIDOS <\/td><td data-cell-id=\"C31\" data-x=\"2\" data-y=\"31\" data-db-index=\"31\" class=\"fsize-18\" data-cell-type=\"text\" data-original-value=\"CARLOS ALAZRAKI GROSSMAN\" data-order=\"CARLOS ALAZRAKI GROSSMAN\" >CARLOS ALAZRAKI GROSSMAN <\/td><td data-cell-id=\"D31\" data-x=\"3\" data-y=\"31\" data-db-index=\"31\" class=\"fsize-18\" data-cell-type=\"text\" data-original-value=\"&lt;a href=&quot;https:\/\/teec.org.mx\/web\/wp-content\/uploads\/2023\/09\/TEEC-PES-3-2023-INC2-18-09-2023.pdf&quot; target=&quot;_blank&quot;&gt;TEEC\/PES\/3\/2023\/INC2 (ACUERDO DE ADMISI\u00d3N Y CIERRE DE INSTRUCCI\u00d3N)&lt;\/a&gt;\" data-order=\"&lt;a href=&quot;https:\/\/teec.org.mx\/web\/wp-content\/uploads\/2023\/09\/TEEC-PES-3-2023-INC2-18-09-2023.pdf&quot; target=&quot;_blank&quot;&gt;TEEC\/PES\/3\/2023\/INC2 (ACUERDO DE ADMISI\u00d3N Y CIERRE DE INSTRUCCI\u00d3N)&lt;\/a&gt;\" ><a href=\"https:\/\/teec.org.mx\/web\/wp-content\/uploads\/2023\/09\/TEEC-PES-3-2023-INC2-18-09-2023.pdf\" target=\"_blank\">TEEC\/PES\/3\/2023\/INC2 (ACUERDO DE ADMISI\u00d3N Y CIERRE DE INSTRUCCI\u00d3N)<\/a><\/td><\/tr><tr style=\"height:px\" ><td data-cell-id=\"A32\" data-x=\"0\" data-y=\"32\" data-db-index=\"32\" class=\"fsize-18\" data-cell-type=\"text\" data-original-value=\"18 DE SEPTIEMBRE DE 2023, A LAS 12:56 HORAS\" data-order=\"18 DE SEPTIEMBRE DE 2023, A LAS 12:56 HORAS\" >18 DE SEPTIEMBRE DE 2023, A LAS 12:56 HORAS <\/td><td data-cell-id=\"B32\" data-x=\"1\" data-y=\"32\" data-db-index=\"32\" class=\"fsize-18\" data-cell-type=\"text\" data-original-value=\"DATO PROTEGIDO\" data-order=\"DATO PROTEGIDO\" >DATO PROTEGIDO <\/td><td data-cell-id=\"C32\" data-x=\"2\" data-y=\"32\" data-db-index=\"32\" class=\"fsize-18\" data-cell-type=\"text\" data-original-value=\"ELISEO FERN\u00c1NDEZ MONTUFAR\" data-order=\"ELISEO FERN\u00c1NDEZ MONTUFAR\" >ELISEO FERN\u00c1NDEZ MONTUFAR <\/td><td data-cell-id=\"D32\" data-x=\"3\" data-y=\"32\" data-db-index=\"32\" class=\"fsize-18\" data-cell-type=\"text\" data-original-value=\"&lt;a href=&quot;https:\/\/teec.org.mx\/web\/wp-content\/uploads\/2023\/09\/TEEC-PES-1-2023-INC2-18-09-2023.pdf&quot; target=&quot;_blank&quot;&gt;TEEC\/PES\/1\/2023\/INC2 (ACUERDO DE SOL. DE FECHA Y HORA PARA SESI\u00d3N PRIVADA)&lt;\/a&gt;\" data-order=\"&lt;a href=&quot;https:\/\/teec.org.mx\/web\/wp-content\/uploads\/2023\/09\/TEEC-PES-1-2023-INC2-18-09-2023.pdf&quot; target=&quot;_blank&quot;&gt;TEEC\/PES\/1\/2023\/INC2 (ACUERDO DE SOL. DE FECHA Y HORA PARA SESI\u00d3N PRIVADA)&lt;\/a&gt;\" ><a href=\"https:\/\/teec.org.mx\/web\/wp-content\/uploads\/2023\/09\/TEEC-PES-1-2023-INC2-18-09-2023.pdf\" target=\"_blank\">TEEC\/PES\/1\/2023\/INC2 (ACUERDO DE SOL. DE FECHA Y HORA PARA SESI\u00d3N PRIVADA)<\/a><\/td><\/tr><tr style=\"height:px\" ><td data-cell-id=\"A33\" data-x=\"0\" data-y=\"33\" data-db-index=\"33\" class=\"fsize-18\" data-cell-type=\"text\" data-original-value=\"14 DE SEPTIEMBRE DE 2023, A LAS 14:36 HORAS\" data-order=\"14 DE SEPTIEMBRE DE 2023, A LAS 14:36 HORAS\" >14 DE SEPTIEMBRE DE 2023, A LAS 14:36 HORAS <\/td><td data-cell-id=\"B33\" data-x=\"1\" data-y=\"33\" data-db-index=\"33\" class=\"fsize-18\" data-cell-type=\"text\" data-original-value=\"DATO PROTEGIDO \" data-order=\"DATO PROTEGIDO \" >DATO PROTEGIDO <\/td><td data-cell-id=\"C33\" data-x=\"2\" data-y=\"33\" data-db-index=\"33\" class=\"fsize-18\" data-cell-type=\"text\" data-original-value=\"PEDRO FERRIZ HIJAR\" data-order=\"PEDRO FERRIZ HIJAR\" >PEDRO FERRIZ HIJAR <\/td><td data-cell-id=\"D33\" data-x=\"3\" data-y=\"33\" data-db-index=\"33\" class=\"fsize-18\" data-cell-type=\"text\" data-original-value=\"&lt;a href=&quot;https:\/\/teec.org.mx\/web\/wp-content\/uploads\/2023\/09\/TEEC-PES-6-2023-INC-14-09-2023.pdf&quot; target=&quot;_blank&quot;&gt;TEEC\/PES\/6\/2023\/INC (ACUERDO PLENARIO)&lt;\/a&gt;\" data-order=\"&lt;a href=&quot;https:\/\/teec.org.mx\/web\/wp-content\/uploads\/2023\/09\/TEEC-PES-6-2023-INC-14-09-2023.pdf&quot; target=&quot;_blank&quot;&gt;TEEC\/PES\/6\/2023\/INC (ACUERDO PLENARIO)&lt;\/a&gt;\" ><a href=\"https:\/\/teec.org.mx\/web\/wp-content\/uploads\/2023\/09\/TEEC-PES-6-2023-INC-14-09-2023.pdf\" target=\"_blank\">TEEC\/PES\/6\/2023\/INC (ACUERDO PLENARIO)<\/a><\/td><\/tr><tr style=\"height:px\" ><td data-cell-id=\"A34\" data-x=\"0\" data-y=\"34\" data-db-index=\"34\" class=\"fsize-18\" data-cell-type=\"text\" data-original-value=\"14 DE SEPTIEMBRE DE 2023, A LAS 13:00 HORAS\" data-order=\"14 DE SEPTIEMBRE DE 2023, A LAS 13:00 HORAS\" >14 DE SEPTIEMBRE DE 2023, A LAS 13:00 HORAS <\/td><td data-cell-id=\"B34\" data-x=\"1\" data-y=\"34\" data-db-index=\"34\" class=\"fsize-18\" data-cell-type=\"text\" data-original-value=\"C\u00c9SAR ISMAEL MART\u00cdN EHU\u00c1N, REPRESENTANTE SUPLENTE DEL PARTIDO ACCI\u00d3N ACIONAL, ANTE EL CONSEJO GENERAL DEL INSTITUTO ELECTORAL DEL ESTADO DE CAMPECHE\" data-order=\"C\u00c9SAR ISMAEL MART\u00cdN EHU\u00c1N, REPRESENTANTE SUPLENTE DEL PARTIDO ACCI\u00d3N ACIONAL, ANTE EL CONSEJO GENERAL DEL INSTITUTO ELECTORAL DEL ESTADO DE CAMPECHE\" >C\u00c9SAR ISMAEL MART\u00cdN EHU\u00c1N, REPRESENTANTE SUPLENTE DEL PARTIDO ACCI\u00d3N ACIONAL, ANTE EL CONSEJO GENERAL DEL INSTITUTO ELECTORAL DEL ESTADO DE CAMPECHE <\/td><td data-cell-id=\"C34\" data-x=\"2\" data-y=\"34\" data-db-index=\"34\" class=\"fsize-18\" data-cell-type=\"text\" data-original-value=\"CONSEJO GENERAL DEL INSTITUTO ELECTORAL DEL ESTADO DE CAMPECHE\" data-order=\"CONSEJO GENERAL DEL INSTITUTO ELECTORAL DEL ESTADO DE CAMPECHE\" >CONSEJO GENERAL DEL INSTITUTO ELECTORAL DEL ESTADO DE CAMPECHE <\/td><td data-cell-id=\"D34\" data-x=\"3\" data-y=\"34\" data-db-index=\"34\" class=\"fsize-18\" data-cell-type=\"text\" data-original-value=\"&lt;a href=&quot;https:\/\/teec.org.mx\/web\/wp-content\/uploads\/2023\/09\/TEEC-JE-19-2022-INC-14-09-2023.pdf&quot; target=&quot;_blank&quot;&gt;TEEC\/JE\/19\/2022\/INC (ACUERDO DE CUMPLIMIENTO A LAS VISTAS Y ACUM)&lt;\/a&gt;\" data-order=\"&lt;a href=&quot;https:\/\/teec.org.mx\/web\/wp-content\/uploads\/2023\/09\/TEEC-JE-19-2022-INC-14-09-2023.pdf&quot; target=&quot;_blank&quot;&gt;TEEC\/JE\/19\/2022\/INC (ACUERDO DE CUMPLIMIENTO A LAS VISTAS Y ACUM)&lt;\/a&gt;\" ><a href=\"https:\/\/teec.org.mx\/web\/wp-content\/uploads\/2023\/09\/TEEC-JE-19-2022-INC-14-09-2023.pdf\" target=\"_blank\">TEEC\/JE\/19\/2022\/INC (ACUERDO DE CUMPLIMIENTO A LAS VISTAS Y ACUM)<\/a><\/td><\/tr><tr style=\"height:px\" ><td data-cell-id=\"A35\" data-x=\"0\" data-y=\"35\" data-db-index=\"35\" class=\"fsize-18\" data-cell-type=\"text\" data-original-value=\"13 DE SEPTIEMBRE DE 2023, A LAS 14:49 HORAS\" data-order=\"13 DE SEPTIEMBRE DE 2023, A LAS 14:49 HORAS\" >13 DE SEPTIEMBRE DE 2023, A LAS 14:49 HORAS <\/td><td data-cell-id=\"B35\" data-x=\"1\" data-y=\"35\" data-db-index=\"35\" class=\"fsize-18\" data-cell-type=\"text\" data-original-value=\"DATOS PROTEGIDOS\" data-order=\"DATOS PROTEGIDOS\" >DATOS PROTEGIDOS <\/td><td data-cell-id=\"C35\" data-x=\"2\" data-y=\"35\" data-db-index=\"35\" class=\"fsize-18\" data-cell-type=\"text\" data-original-value=\"PEDRO FERRIZ HIJAR Y\/O CONTRA QUIEN RESULTE RESPONSABLE\" data-order=\"PEDRO FERRIZ HIJAR Y\/O CONTRA QUIEN RESULTE RESPONSABLE\" >PEDRO FERRIZ HIJAR Y\/O CONTRA QUIEN RESULTE RESPONSABLE <\/td><td data-cell-id=\"D35\" data-x=\"3\" data-y=\"35\" data-db-index=\"35\" class=\"fsize-18\" data-cell-type=\"text\" data-original-value=\"&lt;a href=&quot;https:\/\/teec.org.mx\/web\/wp-content\/uploads\/2023\/09\/TEEC-PES-6-2023-INC-13-09-2023.pdf&quot; target=&quot;_blank&quot;&gt;TEEC\/PES\/6\/2023\/INC (ACUERDO SE FIJA FECHA Y HORA PARA SESI\u00d3N PRIVADA)&lt;\/a&gt;\" data-order=\"&lt;a href=&quot;https:\/\/teec.org.mx\/web\/wp-content\/uploads\/2023\/09\/TEEC-PES-6-2023-INC-13-09-2023.pdf&quot; target=&quot;_blank&quot;&gt;TEEC\/PES\/6\/2023\/INC (ACUERDO SE FIJA FECHA Y HORA PARA SESI\u00d3N PRIVADA)&lt;\/a&gt;\" ><a href=\"https:\/\/teec.org.mx\/web\/wp-content\/uploads\/2023\/09\/TEEC-PES-6-2023-INC-13-09-2023.pdf\" target=\"_blank\">TEEC\/PES\/6\/2023\/INC (ACUERDO SE FIJA FECHA Y HORA PARA SESI\u00d3N PRIVADA)<\/a><\/td><\/tr><tr style=\"height:px\" ><td data-cell-id=\"A36\" data-x=\"0\" data-y=\"36\" data-db-index=\"36\" class=\"fsize-18\" data-cell-type=\"text\" data-original-value=\"12 DE SEPTIEMBRE DE 2023, A LAS 11:45 HORAS\" data-order=\"12 DE SEPTIEMBRE DE 2023, A LAS 11:45 HORAS\" >12 DE SEPTIEMBRE DE 2023, A LAS 11:45 HORAS <\/td><td data-cell-id=\"B36\" data-x=\"1\" data-y=\"36\" data-db-index=\"36\" class=\"fsize-18\" data-cell-type=\"text\" data-original-value=\"C\u00c9SAR ISMAEL MART\u00cdN EHU\u00c1N, REPRESENTANTE SUPLENTE DEL PARTIDO ACCI\u00d3N ACIONAL, ANTE EL CONSEJO GENERAL DEL INSTITUO ELECTORAL DEL ESTADO DE CAMPECHE\" data-order=\"C\u00c9SAR ISMAEL MART\u00cdN EHU\u00c1N, REPRESENTANTE SUPLENTE DEL PARTIDO ACCI\u00d3N ACIONAL, ANTE EL CONSEJO GENERAL DEL INSTITUO ELECTORAL DEL ESTADO DE CAMPECHE\" >C\u00c9SAR ISMAEL MART\u00cdN EHU\u00c1N, REPRESENTANTE SUPLENTE DEL PARTIDO ACCI\u00d3N ACIONAL, ANTE EL CONSEJO GENERAL DEL INSTITUO ELECTORAL DEL ESTADO DE CAMPECHE <\/td><td data-cell-id=\"C36\" data-x=\"2\" data-y=\"36\" data-db-index=\"36\" class=\"fsize-18\" data-cell-type=\"text\" data-original-value=\"CONSEJO GENERAL DEL INSTITUTO ELECTORAL DEL ESTADO DE CAMPECHE\" data-order=\"CONSEJO GENERAL DEL INSTITUTO ELECTORAL DEL ESTADO DE CAMPECHE\" >CONSEJO GENERAL DEL INSTITUTO ELECTORAL DEL ESTADO DE CAMPECHE <\/td><td data-cell-id=\"D36\" data-x=\"3\" data-y=\"36\" data-db-index=\"36\" class=\"fsize-18\" data-cell-type=\"text\" data-original-value=\"&lt;a href=&quot;https:\/\/teec.org.mx\/web\/wp-content\/uploads\/2023\/09\/TEEC-JE-19-2022-12-09-2023.pdf&quot; target=&quot;_blank&quot;&gt;TEEC\/JE\/19\/2022 (SE TURNA DOCUMENTACI\u00d3N)&lt;\/a&gt;\" data-order=\"&lt;a href=&quot;https:\/\/teec.org.mx\/web\/wp-content\/uploads\/2023\/09\/TEEC-JE-19-2022-12-09-2023.pdf&quot; target=&quot;_blank&quot;&gt;TEEC\/JE\/19\/2022 (SE TURNA DOCUMENTACI\u00d3N)&lt;\/a&gt;\" ><a href=\"https:\/\/teec.org.mx\/web\/wp-content\/uploads\/2023\/09\/TEEC-JE-19-2022-12-09-2023.pdf\" target=\"_blank\">TEEC\/JE\/19\/2022 (SE TURNA DOCUMENTACI\u00d3N)<\/a><\/td><\/tr><tr style=\"height:px\" ><td data-cell-id=\"A37\" data-x=\"0\" data-y=\"37\" data-db-index=\"37\" class=\"fsize-18\" data-cell-type=\"text\" data-original-value=\"12 DE SEPTIEMBRE DE 2023, A LAS 11:28 HORAS\" data-order=\"12 DE SEPTIEMBRE DE 2023, A LAS 11:28 HORAS\" >12 DE SEPTIEMBRE DE 2023, A LAS 11:28 HORAS <\/td><td data-cell-id=\"B37\" data-x=\"1\" data-y=\"37\" data-db-index=\"37\" class=\"fsize-18\" data-cell-type=\"text\" data-original-value=\"DATOS PROTEGIDOS\" data-order=\"DATOS PROTEGIDOS\" >DATOS PROTEGIDOS <\/td><td data-cell-id=\"C37\" data-x=\"2\" data-y=\"37\" data-db-index=\"37\" class=\"fsize-18\" data-cell-type=\"text\" data-original-value=\"PEDRO FERRIZ HIJAR\" data-order=\"PEDRO FERRIZ HIJAR\" >PEDRO FERRIZ HIJAR <\/td><td data-cell-id=\"D37\" data-x=\"3\" data-y=\"37\" data-db-index=\"37\" class=\"fsize-18\" data-cell-type=\"text\" data-original-value=\"&lt;a href=&quot;https:\/\/teec.org.mx\/web\/wp-content\/uploads\/2023\/09\/TEEC-PES-6-2023-INC-12-09-2023.pdf&quot; target=&quot;_blank&quot;&gt;TEEC\/PES\/6\/2023\/INC (ACUERDO DE SOLICITUD DE FECHA Y HORA PARA SESI\u00d3N PRIVADA)&lt;\/a&gt;\" data-order=\"&lt;a href=&quot;https:\/\/teec.org.mx\/web\/wp-content\/uploads\/2023\/09\/TEEC-PES-6-2023-INC-12-09-2023.pdf&quot; target=&quot;_blank&quot;&gt;TEEC\/PES\/6\/2023\/INC (ACUERDO DE SOLICITUD DE FECHA Y HORA PARA SESI\u00d3N PRIVADA)&lt;\/a&gt;\" ><a href=\"https:\/\/teec.org.mx\/web\/wp-content\/uploads\/2023\/09\/TEEC-PES-6-2023-INC-12-09-2023.pdf\" target=\"_blank\">TEEC\/PES\/6\/2023\/INC (ACUERDO DE SOLICITUD DE FECHA Y HORA PARA SESI\u00d3N PRIVADA)<\/a><\/td><\/tr><tr style=\"height:px\" ><td data-cell-id=\"A38\" data-x=\"0\" data-y=\"38\" data-db-index=\"38\" class=\"fsize-18\" data-cell-type=\"text\" data-original-value=\"08 DE SEPTIEMBRE DE 2023, A LAS 11:25 HORAS\" data-order=\"08 DE SEPTIEMBRE DE 2023, A LAS 11:25 HORAS\" >08 DE SEPTIEMBRE DE 2023, A LAS 11:25 HORAS <\/td><td data-cell-id=\"B38\" data-x=\"1\" data-y=\"38\" data-db-index=\"38\" class=\"fsize-18\" data-cell-type=\"text\" data-original-value=\"DATO PROTEGIDO\" data-order=\"DATO PROTEGIDO\" >DATO PROTEGIDO <\/td><td data-cell-id=\"C38\" data-x=\"2\" data-y=\"38\" data-db-index=\"38\" class=\"fsize-18\" data-cell-type=\"text\" data-original-value=\"COMIT\u00c9 EJECUTIVO NACIONAL Y COMISI\u00d3N DE JUSTICIA DEL CONSEJO NACIONAL, AMBAS DEL PARTIDO ACCI\u00d3N NACIONAL\" data-order=\"COMIT\u00c9 EJECUTIVO NACIONAL Y COMISI\u00d3N DE JUSTICIA DEL CONSEJO NACIONAL, AMBAS DEL PARTIDO ACCI\u00d3N NACIONAL\" >COMIT\u00c9 EJECUTIVO NACIONAL Y COMISI\u00d3N DE JUSTICIA DEL CONSEJO NACIONAL, AMBAS DEL PARTIDO ACCI\u00d3N NACIONAL <\/td><td data-cell-id=\"D38\" data-x=\"3\" data-y=\"38\" data-db-index=\"38\" class=\"fsize-18\" data-cell-type=\"text\" data-original-value=\"&lt;a href=&quot;https:\/\/teec.org.mx\/web\/wp-content\/uploads\/2023\/09\/TEEC-JDC-15-2023-INC-2do-acu-08-09-2023.pdf&quot; target=&quot;_blank&quot;&gt;TEEC\/JDC\/15\/2023\/INC (ACUERDO DE CUMPLIMIENTO Y VISTA)&lt;\/a&gt;\" data-order=\"&lt;a href=&quot;https:\/\/teec.org.mx\/web\/wp-content\/uploads\/2023\/09\/TEEC-JDC-15-2023-INC-2do-acu-08-09-2023.pdf&quot; target=&quot;_blank&quot;&gt;TEEC\/JDC\/15\/2023\/INC (ACUERDO DE CUMPLIMIENTO Y VISTA)&lt;\/a&gt;\" ><a href=\"https:\/\/teec.org.mx\/web\/wp-content\/uploads\/2023\/09\/TEEC-JDC-15-2023-INC-2do-acu-08-09-2023.pdf\" target=\"_blank\">TEEC\/JDC\/15\/2023\/INC (ACUERDO DE CUMPLIMIENTO Y VISTA)<\/a><\/td><\/tr><tr style=\"height:px\" ><td data-cell-id=\"A39\" data-x=\"0\" data-y=\"39\" data-db-index=\"39\" class=\"fsize-18\" data-cell-type=\"text\" data-original-value=\"08 DE SEPTIEMBRE DE 2023, A LAS 12:13 HORAS\" data-order=\"08 DE SEPTIEMBRE DE 2023, A LAS 12:13 HORAS\" >08 DE SEPTIEMBRE DE 2023, A LAS 12:13 HORAS <\/td><td data-cell-id=\"B39\" data-x=\"1\" data-y=\"39\" data-db-index=\"39\" class=\"fsize-18\" data-cell-type=\"text\" data-original-value=\"DATOS PROTEGIDOS\" data-order=\"DATOS PROTEGIDOS\" >DATOS PROTEGIDOS <\/td><td data-cell-id=\"C39\" data-x=\"2\" data-y=\"39\" data-db-index=\"39\" class=\"fsize-18\" data-cell-type=\"text\" data-original-value=\"CARLOS ALAZRAKI GROSSMAN\" data-order=\"CARLOS ALAZRAKI GROSSMAN\" >CARLOS ALAZRAKI GROSSMAN <\/td><td data-cell-id=\"D39\" data-x=\"3\" data-y=\"39\" data-db-index=\"39\" class=\"fsize-18\" data-cell-type=\"text\" data-original-value=\"&lt;a href=&quot;https:\/\/teec.org.mx\/web\/wp-content\/uploads\/2023\/09\/TEEC-PES-3-2023-INC2-08-09-2023.pdf&quot; target=&quot;_blank&quot;&gt;TEEC\/PES\/3\/2023\/INC2 (ACUERDO DE INCUMPLIMIENTO DE REQUERIMIENTO)&lt;\/a&gt;\" data-order=\"&lt;a href=&quot;https:\/\/teec.org.mx\/web\/wp-content\/uploads\/2023\/09\/TEEC-PES-3-2023-INC2-08-09-2023.pdf&quot; target=&quot;_blank&quot;&gt;TEEC\/PES\/3\/2023\/INC2 (ACUERDO DE INCUMPLIMIENTO DE REQUERIMIENTO)&lt;\/a&gt;\" ><a href=\"https:\/\/teec.org.mx\/web\/wp-content\/uploads\/2023\/09\/TEEC-PES-3-2023-INC2-08-09-2023.pdf\" target=\"_blank\">TEEC\/PES\/3\/2023\/INC2 (ACUERDO DE INCUMPLIMIENTO DE REQUERIMIENTO)<\/a><\/td><\/tr><tr style=\"height:px\" ><td data-cell-id=\"A40\" data-x=\"0\" data-y=\"40\" data-db-index=\"40\" class=\"fsize-18\" data-cell-type=\"text\" data-original-value=\"08 DE SEPTIEMBRE DE 2023, A LAS 10:14 HORAS\" data-order=\"08 DE SEPTIEMBRE DE 2023, A LAS 10:14 HORAS\" >08 DE SEPTIEMBRE DE 2023, A LAS 10:14 HORAS <\/td><td data-cell-id=\"B40\" data-x=\"1\" data-y=\"40\" data-db-index=\"40\" class=\"fsize-18\" data-cell-type=\"text\" data-original-value=\"DATOS PROTEGIDOS\" data-order=\"DATOS PROTEGIDOS\" >DATOS PROTEGIDOS <\/td><td data-cell-id=\"C40\" data-x=\"2\" data-y=\"40\" data-db-index=\"40\" class=\"fsize-18\" data-cell-type=\"text\" data-original-value=\"MAR\u00cdA DEL ROSARIO CRUZ HERN\u00c1NDEZ PRESIDENTA DEL COMIT\u00c9 DIRECTIVO DEL PARTIDO ACCI\u00d3N NACIONAL EN CAMPECHE, JOSHUE DE JES\u00daS RODR\u00cdGUEZ GOLIB SECRETARIO GENERAL DEL COMIT\u00c9 DIRECTIVO ESTATAL DEL PARTIDO ACCI\u00d3N NACIONAL EN CAMPECHE Y ROSALBA BARRERA LIRA TESORERA DEL COMIT\u00c9 DIRECTIVO ESTATAL DEL PARTIDO ACCI\u00d3N EN CAMPECHE\" data-order=\"MAR\u00cdA DEL ROSARIO CRUZ HERN\u00c1NDEZ PRESIDENTA DEL COMIT\u00c9 DIRECTIVO DEL PARTIDO ACCI\u00d3N NACIONAL EN CAMPECHE, JOSHUE DE JES\u00daS RODR\u00cdGUEZ GOLIB SECRETARIO GENERAL DEL COMIT\u00c9 DIRECTIVO ESTATAL DEL PARTIDO ACCI\u00d3N NACIONAL EN CAMPECHE Y ROSALBA BARRERA LIRA TESORERA DEL COMIT\u00c9 DIRECTIVO ESTATAL DEL PARTIDO ACCI\u00d3N EN CAMPECHE\" >MAR\u00cdA DEL ROSARIO CRUZ HERN\u00c1NDEZ PRESIDENTA DEL COMIT\u00c9 DIRECTIVO DEL PARTIDO ACCI\u00d3N NACIONAL EN CAMPECHE, JOSHUE DE JES\u00daS RODR\u00cdGUEZ GOLIB SECRETARIO GENERAL DEL COMIT\u00c9 DIRECTIVO ESTATAL DEL PARTIDO ACCI\u00d3N NACIONAL EN CAMPECHE Y ROSALBA BARRERA LIRA TESORERA DEL COMIT\u00c9 DIRECTIVO ESTATAL DEL PARTIDO ACCI\u00d3N EN CAMPECHE <\/td><td data-cell-id=\"D40\" data-x=\"3\" data-y=\"40\" data-db-index=\"40\" class=\"fsize-18\" data-cell-type=\"text\" data-original-value=\"&lt;a href=&quot;https:\/\/teec.org.mx\/web\/wp-content\/uploads\/2023\/09\/TEEC-JDC-15-2023-INC-08-09-2023.pdf&quot; target=&quot;_blank&quot;&gt;TEEC\/JDC\/15\/2023\/INC (ACUERDO DE TURNO DE DOCUMENTACI\u00d3N)&lt;\/a&gt;\" data-order=\"&lt;a href=&quot;https:\/\/teec.org.mx\/web\/wp-content\/uploads\/2023\/09\/TEEC-JDC-15-2023-INC-08-09-2023.pdf&quot; target=&quot;_blank&quot;&gt;TEEC\/JDC\/15\/2023\/INC (ACUERDO DE TURNO DE DOCUMENTACI\u00d3N)&lt;\/a&gt;\" ><a href=\"https:\/\/teec.org.mx\/web\/wp-content\/uploads\/2023\/09\/TEEC-JDC-15-2023-INC-08-09-2023.pdf\" target=\"_blank\">TEEC\/JDC\/15\/2023\/INC (ACUERDO DE TURNO DE DOCUMENTACI\u00d3N)<\/a><\/td><\/tr><tr style=\"height:px\" ><td data-cell-id=\"A41\" data-x=\"0\" data-y=\"41\" data-db-index=\"41\" class=\"fsize-18\" data-cell-type=\"text\" data-original-value=\"07 DE SEPTIEMBRE DE 2023, A LAS 13:42 HORAS\" data-order=\"07 DE SEPTIEMBRE DE 2023, A LAS 13:42 HORAS\" >07 DE SEPTIEMBRE DE 2023, A LAS 13:42 HORAS <\/td><td data-cell-id=\"B41\" data-x=\"1\" data-y=\"41\" data-db-index=\"41\" class=\"fsize-18\" data-cell-type=\"text\" data-original-value=\"Dato protegido \" data-order=\"Dato protegido \" >Dato protegido <\/td><td data-cell-id=\"C41\" data-x=\"2\" data-y=\"41\" data-db-index=\"41\" class=\"fsize-18\" data-cell-type=\"text\" data-original-value=\"PEDRO FERRIZ HIJAR\" data-order=\"PEDRO FERRIZ HIJAR\" >PEDRO FERRIZ HIJAR <\/td><td data-cell-id=\"D41\" data-x=\"3\" data-y=\"41\" data-db-index=\"41\" class=\"fsize-18\" data-cell-type=\"text\" data-original-value=\"&lt;a href=&quot;https:\/\/teec.org.mx\/web\/wp-content\/uploads\/2023\/09\/TEEC-PES-6-2023-INC-07-09-2023.pdf&quot; target=&quot;_blank&quot;&gt;TEEC\/PES\/6\/2023\/INC (ACUERDO DE DESAHOGO)&lt;\/a&gt;\" data-order=\"&lt;a href=&quot;https:\/\/teec.org.mx\/web\/wp-content\/uploads\/2023\/09\/TEEC-PES-6-2023-INC-07-09-2023.pdf&quot; target=&quot;_blank&quot;&gt;TEEC\/PES\/6\/2023\/INC (ACUERDO DE DESAHOGO)&lt;\/a&gt;\" ><a href=\"https:\/\/teec.org.mx\/web\/wp-content\/uploads\/2023\/09\/TEEC-PES-6-2023-INC-07-09-2023.pdf\" target=\"_blank\">TEEC\/PES\/6\/2023\/INC (ACUERDO DE DESAHOGO)<\/a><\/td><\/tr><tr style=\"height:px\" ><td data-cell-id=\"A42\" data-x=\"0\" data-y=\"42\" data-db-index=\"42\" class=\"fsize-18\" data-cell-type=\"text\" data-original-value=\"05 DE SEPTIEMBRE DE 2023, A LAS 16:35 HORAS\" data-order=\"05 DE SEPTIEMBRE DE 2023, A LAS 16:35 HORAS\" >05 DE SEPTIEMBRE DE 2023, A LAS 16:35 HORAS <\/td><td data-cell-id=\"B42\" data-x=\"1\" data-y=\"42\" data-db-index=\"42\" class=\"fsize-18\" data-cell-type=\"text\" data-original-value=\"C\u00c9SAR ISMAEL MART\u00cdN EHU\u00c1N, REPRESENTANTE SUPLENTE DEL PARTIDO ACCI\u00d3N ACIONAL, ANTE EL CONSEJO GENERAL DEL INSTITUTO ELECTORAL DEL ESTADO DE CAMPECHE\" data-order=\"C\u00c9SAR ISMAEL MART\u00cdN EHU\u00c1N, REPRESENTANTE SUPLENTE DEL PARTIDO ACCI\u00d3N ACIONAL, ANTE EL CONSEJO GENERAL DEL INSTITUTO ELECTORAL DEL ESTADO DE CAMPECHE\" >C\u00c9SAR ISMAEL MART\u00cdN EHU\u00c1N, REPRESENTANTE SUPLENTE DEL PARTIDO ACCI\u00d3N ACIONAL, ANTE EL CONSEJO GENERAL DEL INSTITUTO ELECTORAL DEL ESTADO DE CAMPECHE <\/td><td data-cell-id=\"C42\" data-x=\"2\" data-y=\"42\" data-db-index=\"42\" class=\"fsize-18\" data-cell-type=\"text\" data-original-value=\"CONSEJO GENERAL DEL INSTITUTO ELECTORAL DEL ESTADO DE CAMPECHE\" data-order=\"CONSEJO GENERAL DEL INSTITUTO ELECTORAL DEL ESTADO DE CAMPECHE\" >CONSEJO GENERAL DEL INSTITUTO ELECTORAL DEL ESTADO DE CAMPECHE <\/td><td data-cell-id=\"D42\" data-x=\"3\" data-y=\"42\" data-db-index=\"42\" class=\"fsize-18\" data-cell-type=\"text\" data-original-value=\"&lt;a href=&quot;https:\/\/teec.org.mx\/web\/wp-content\/uploads\/2023\/09\/TEE-JE-19-2022-INC-05-09-2023.pdf&quot; target=&quot;_blank&quot;&gt;TEEC\/JE\/19\/2022\/INC (ACUERDO DE RECEPCION, RADICACI\u00d3N Y VISTA)&lt;\/a&gt;\" data-order=\"&lt;a href=&quot;https:\/\/teec.org.mx\/web\/wp-content\/uploads\/2023\/09\/TEE-JE-19-2022-INC-05-09-2023.pdf&quot; target=&quot;_blank&quot;&gt;TEEC\/JE\/19\/2022\/INC (ACUERDO DE RECEPCION, RADICACI\u00d3N Y VISTA)&lt;\/a&gt;\" ><a href=\"https:\/\/teec.org.mx\/web\/wp-content\/uploads\/2023\/09\/TEE-JE-19-2022-INC-05-09-2023.pdf\" target=\"_blank\">TEEC\/JE\/19\/2022\/INC (ACUERDO DE RECEPCION, RADICACI\u00d3N Y VISTA)<\/a><\/td><\/tr><tr style=\"height:px\" ><td data-cell-id=\"A43\" data-x=\"0\" data-y=\"43\" data-db-index=\"43\" class=\"fsize-18\" data-cell-type=\"text\" data-original-value=\"05 DE SEPTIEMBRE DE 2023, A LAS 15:35 HORAS\" data-order=\"05 DE SEPTIEMBRE DE 2023, A LAS 15:35 HORAS\" >05 DE SEPTIEMBRE DE 2023, A LAS 15:35 HORAS <\/td><td data-cell-id=\"B43\" data-x=\"1\" data-y=\"43\" data-db-index=\"43\" class=\"fsize-18\" data-cell-type=\"text\" data-original-value=\"Dato protegido \" data-order=\"Dato protegido \" >Dato protegido <\/td><td data-cell-id=\"C43\" data-x=\"2\" data-y=\"43\" data-db-index=\"43\" class=\"fsize-18\" data-cell-type=\"text\" data-original-value=\"CARLOS MARIN MART\u00cdNEZ\" data-order=\"CARLOS MARIN MART\u00cdNEZ\" >CARLOS MARIN MART\u00cdNEZ <\/td><td data-cell-id=\"D43\" data-x=\"3\" data-y=\"43\" data-db-index=\"43\" class=\"fsize-18\" data-cell-type=\"text\" data-original-value=\"&lt;a href=&quot;https:\/\/teec.org.mx\/web\/wp-content\/uploads\/2023\/09\/TEEC-PES-5-2023-INC-05-09-2023.pdf&quot; target=&quot;_blank&quot;&gt;TEEC\/PES\/5\/2023\/INC (DILIGENCIA DE DESAHOGO PRUEBAS T\u00c9CNICAS)&lt;\/a&gt;\" data-order=\"&lt;a href=&quot;https:\/\/teec.org.mx\/web\/wp-content\/uploads\/2023\/09\/TEEC-PES-5-2023-INC-05-09-2023.pdf&quot; target=&quot;_blank&quot;&gt;TEEC\/PES\/5\/2023\/INC (DILIGENCIA DE DESAHOGO PRUEBAS T\u00c9CNICAS)&lt;\/a&gt;\" ><a href=\"https:\/\/teec.org.mx\/web\/wp-content\/uploads\/2023\/09\/TEEC-PES-5-2023-INC-05-09-2023.pdf\" target=\"_blank\">TEEC\/PES\/5\/2023\/INC (DILIGENCIA DE DESAHOGO PRUEBAS T\u00c9CNICAS)<\/a><\/td><\/tr><tr style=\"height:px\" ><td data-cell-id=\"A44\" data-x=\"0\" data-y=\"44\" data-db-index=\"44\" class=\"fsize-18\" data-cell-type=\"text\" data-original-value=\"05 DE SEPTIEMBRE DE 2023, A LAS 15:20 HORAS\" data-order=\"05 DE SEPTIEMBRE DE 2023, A LAS 15:20 HORAS\" >05 DE SEPTIEMBRE DE 2023, A LAS 15:20 HORAS <\/td><td data-cell-id=\"B44\" data-x=\"1\" data-y=\"44\" data-db-index=\"44\" class=\"fsize-18\" data-cell-type=\"text\" data-original-value=\"LUISA YAEL AMADOR GAMBOA\" data-order=\"LUISA YAEL AMADOR GAMBOA\" >LUISA YAEL AMADOR GAMBOA <\/td><td data-cell-id=\"C44\" data-x=\"2\" data-y=\"44\" data-db-index=\"44\" class=\"fsize-18\" data-cell-type=\"text\" data-original-value=\"MAR\u00cdA DEL ROSARIO CRUZ HERN\u00c1NDEZ, PRESIDENTA DEL COMIT\u00c9 DIRECTIVO DEL PARTIDO ACCI\u00d3N NACIONAL EN CAMPECHE; JOSHUE DE JES\u00daS RODR\u00cdGUEZ GOLIB, SECRETARIO GENERAL DEL COMIT\u00c9 DIRECTIVO ESTATAL DEL PARTIDO ACCI\u00d3N NACIONAL EN CAMPECHE Y, ROSALBA BARRERA LIRA, TESORERA DEL COMIT\u00c9 DIRECTIVO ESTATAL DEL PARTIDO ACCI\u00d3N EN CAMPECHE\" data-order=\"MAR\u00cdA DEL ROSARIO CRUZ HERN\u00c1NDEZ, PRESIDENTA DEL COMIT\u00c9 DIRECTIVO DEL PARTIDO ACCI\u00d3N NACIONAL EN CAMPECHE; JOSHUE DE JES\u00daS RODR\u00cdGUEZ GOLIB, SECRETARIO GENERAL DEL COMIT\u00c9 DIRECTIVO ESTATAL DEL PARTIDO ACCI\u00d3N NACIONAL EN CAMPECHE Y, ROSALBA BARRERA LIRA, TESORERA DEL COMIT\u00c9 DIRECTIVO ESTATAL DEL PARTIDO ACCI\u00d3N EN CAMPECHE\" >MAR\u00cdA DEL ROSARIO CRUZ HERN\u00c1NDEZ, PRESIDENTA DEL COMIT\u00c9 DIRECTIVO DEL PARTIDO ACCI\u00d3N NACIONAL EN CAMPECHE; JOSHUE DE JES\u00daS RODR\u00cdGUEZ GOLIB, SECRETARIO GENERAL DEL COMIT\u00c9 DIRECTIVO ESTATAL DEL PARTIDO ACCI\u00d3N NACIONAL EN CAMPECHE Y, ROSALBA BARRERA LIRA, TESORERA DEL COMIT\u00c9 DIRECTIVO ESTATAL DEL PARTIDO ACCI\u00d3N EN CAMPECHE <\/td><td data-cell-id=\"D44\" data-x=\"3\" data-y=\"44\" data-db-index=\"44\" class=\"fsize-18\" data-cell-type=\"text\" data-original-value=\"&lt;a href=&quot;https:\/\/teec.org.mx\/web\/wp-content\/uploads\/2023\/09\/TEEC-JDC-15-2023-INC-05-09-2023.pdf&quot; target=&quot;_blank&quot;&gt;TEEC\/JDC\/15\/2023\/INC (ACUERDO DE TURNO DE DOCUMENTACI\u00d3N)&lt;\/a&gt;\" data-order=\"&lt;a href=&quot;https:\/\/teec.org.mx\/web\/wp-content\/uploads\/2023\/09\/TEEC-JDC-15-2023-INC-05-09-2023.pdf&quot; target=&quot;_blank&quot;&gt;TEEC\/JDC\/15\/2023\/INC (ACUERDO DE TURNO DE DOCUMENTACI\u00d3N)&lt;\/a&gt;\" ><a href=\"https:\/\/teec.org.mx\/web\/wp-content\/uploads\/2023\/09\/TEEC-JDC-15-2023-INC-05-09-2023.pdf\" target=\"_blank\">TEEC\/JDC\/15\/2023\/INC (ACUERDO DE TURNO DE DOCUMENTACI\u00d3N)<\/a><\/td><\/tr><tr style=\"height:px\" ><td data-cell-id=\"A45\" data-x=\"0\" data-y=\"45\" data-db-index=\"45\" class=\"fsize-18\" data-cell-type=\"text\" data-original-value=\"04 DE SEPTIEMBRE DE 2023, A LAS 16:21 HORAS\" data-order=\"04 DE SEPTIEMBRE DE 2023, A LAS 16:21 HORAS\" >04 DE SEPTIEMBRE DE 2023, A LAS 16:21 HORAS <\/td><td data-cell-id=\"B45\" data-x=\"1\" data-y=\"45\" data-db-index=\"45\" class=\"fsize-18\" data-cell-type=\"text\" data-original-value=\"DATOS PROTEGIDOS\" data-order=\"DATOS PROTEGIDOS\" >DATOS PROTEGIDOS <\/td><td data-cell-id=\"C45\" data-x=\"2\" data-y=\"45\" data-db-index=\"45\" class=\"fsize-18\" data-cell-type=\"text\" data-original-value=\"CARLOS ALAZRAKI GROSSMAN\" data-order=\"CARLOS ALAZRAKI GROSSMAN\" >CARLOS ALAZRAKI GROSSMAN <\/td><td data-cell-id=\"D45\" data-x=\"3\" data-y=\"45\" data-db-index=\"45\" class=\"fsize-18\" data-cell-type=\"text\" data-original-value=\"&lt;a href=&quot;https:\/\/teec.org.mx\/web\/wp-content\/uploads\/2023\/09\/TEEC-PES-3-2023-INC2-Diligencia-04-09-2023.pdf&quot; target=&quot;_blank&quot;&gt;TEEC\/PES\/3\/2023\/INC2 (DILIGENCIA DE DESAHOGO DE PRUEBA T\u00c9CNICA)&lt;\/a&gt;\" data-order=\"&lt;a href=&quot;https:\/\/teec.org.mx\/web\/wp-content\/uploads\/2023\/09\/TEEC-PES-3-2023-INC2-Diligencia-04-09-2023.pdf&quot; target=&quot;_blank&quot;&gt;TEEC\/PES\/3\/2023\/INC2 (DILIGENCIA DE DESAHOGO DE PRUEBA T\u00c9CNICA)&lt;\/a&gt;\" ><a href=\"https:\/\/teec.org.mx\/web\/wp-content\/uploads\/2023\/09\/TEEC-PES-3-2023-INC2-Diligencia-04-09-2023.pdf\" target=\"_blank\">TEEC\/PES\/3\/2023\/INC2 (DILIGENCIA DE DESAHOGO DE PRUEBA T\u00c9CNICA)<\/a><\/td><\/tr><tr style=\"height:px\" ><td data-cell-id=\"A46\" data-x=\"0\" data-y=\"46\" data-db-index=\"46\" class=\"fsize-18\" data-cell-type=\"text\" data-original-value=\"04 DE SEPTIEMBRE DE 2023, A LAS 14:50 HORAS\" data-order=\"04 DE SEPTIEMBRE DE 2023, A LAS 14:50 HORAS\" >04 DE SEPTIEMBRE DE 2023, A LAS 14:50 HORAS <\/td><td data-cell-id=\"B46\" data-x=\"1\" data-y=\"46\" data-db-index=\"46\" class=\"fsize-18\" data-cell-type=\"text\" data-original-value=\"DATOS PROTEGIDOS \" data-order=\"DATOS PROTEGIDOS \" >DATOS PROTEGIDOS <\/td><td data-cell-id=\"C46\" data-x=\"2\" data-y=\"46\" data-db-index=\"46\" class=\"fsize-18\" data-cell-type=\"text\" data-original-value=\"PEDRO FERRIZ HIJAR\" data-order=\"PEDRO FERRIZ HIJAR\" >PEDRO FERRIZ HIJAR <\/td><td data-cell-id=\"D46\" data-x=\"3\" data-y=\"46\" data-db-index=\"46\" class=\"fsize-18\" data-cell-type=\"text\" data-original-value=\"&lt;a href=&quot;https:\/\/teec.org.mx\/web\/wp-content\/uploads\/2023\/09\/TEEC-PES-6-2023-INC-04-09-2023.pdf&quot; target=&quot;_blank&quot;&gt;TEEC\/PES\/6\/2023\/INC (ACUERDO DE SOL DE DILIGENCIAS PARA MEJOR PROVEER)&lt;\/a&gt;\" data-order=\"&lt;a href=&quot;https:\/\/teec.org.mx\/web\/wp-content\/uploads\/2023\/09\/TEEC-PES-6-2023-INC-04-09-2023.pdf&quot; target=&quot;_blank&quot;&gt;TEEC\/PES\/6\/2023\/INC (ACUERDO DE SOL DE DILIGENCIAS PARA MEJOR PROVEER)&lt;\/a&gt;\" ><a href=\"https:\/\/teec.org.mx\/web\/wp-content\/uploads\/2023\/09\/TEEC-PES-6-2023-INC-04-09-2023.pdf\" target=\"_blank\">TEEC\/PES\/6\/2023\/INC (ACUERDO DE SOL DE DILIGENCIAS PARA MEJOR PROVEER)<\/a><\/td><\/tr><tr style=\"height:px\" ><td data-cell-id=\"A47\" data-x=\"0\" data-y=\"47\" data-db-index=\"47\" class=\"fsize-18\" data-cell-type=\"text\" data-original-value=\"04 DE SEPTIEMBRE DE 2023, A LAS 14:20 HORAS\" data-order=\"04 DE SEPTIEMBRE DE 2023, A LAS 14:20 HORAS\" >04 DE SEPTIEMBRE DE 2023, A LAS 14:20 HORAS <\/td><td data-cell-id=\"B47\" data-x=\"1\" data-y=\"47\" data-db-index=\"47\" class=\"fsize-18\" data-cell-type=\"text\" data-original-value=\"DATOS PROTEGIDOS \" data-order=\"DATOS PROTEGIDOS \" >DATOS PROTEGIDOS <\/td><td data-cell-id=\"C47\" data-x=\"2\" data-y=\"47\" data-db-index=\"47\" class=\"fsize-18\" data-cell-type=\"text\" data-original-value=\"ELISEO FERN\u00c1NDEZ MONTUFAR\" data-order=\"ELISEO FERN\u00c1NDEZ MONTUFAR\" >ELISEO FERN\u00c1NDEZ MONTUFAR <\/td><td data-cell-id=\"D47\" data-x=\"3\" data-y=\"47\" data-db-index=\"47\" class=\"fsize-18\" data-cell-type=\"text\" data-original-value=\"&lt;a href=&quot;https:\/\/teec.org.mx\/web\/wp-content\/uploads\/2023\/09\/TEEC-PES-1-2023-INC2-04-09-2023.pdf&quot; target=&quot;_blank&quot;&gt;TEEC\/PES\/1\/2023\/INC2 (DILIGENCIA DE DESAHOGO DE PRUEBAS T\u00c9CNICAS)&lt;\/a&gt;\" data-order=\"&lt;a href=&quot;https:\/\/teec.org.mx\/web\/wp-content\/uploads\/2023\/09\/TEEC-PES-1-2023-INC2-04-09-2023.pdf&quot; target=&quot;_blank&quot;&gt;TEEC\/PES\/1\/2023\/INC2 (DILIGENCIA DE DESAHOGO DE PRUEBAS T\u00c9CNICAS)&lt;\/a&gt;\" ><a href=\"https:\/\/teec.org.mx\/web\/wp-content\/uploads\/2023\/09\/TEEC-PES-1-2023-INC2-04-09-2023.pdf\" target=\"_blank\">TEEC\/PES\/1\/2023\/INC2 (DILIGENCIA DE DESAHOGO DE PRUEBAS T\u00c9CNICAS)<\/a><\/td><\/tr><tr style=\"height:px\" ><td data-cell-id=\"A48\" data-x=\"0\" data-y=\"48\" data-db-index=\"48\" class=\"fsize-18\" data-cell-type=\"text\" data-original-value=\"04 DE SEPTIEMBRE DE 2023, A LAS 14:29 HORAS\" data-order=\"04 DE SEPTIEMBRE DE 2023, A LAS 14:29 HORAS\" >04 DE SEPTIEMBRE DE 2023, A LAS 14:29 HORAS <\/td><td data-cell-id=\"B48\" data-x=\"1\" data-y=\"48\" data-db-index=\"48\" class=\"fsize-18\" data-cell-type=\"text\" data-original-value=\"DATOS PROTEGIDOS\" data-order=\"DATOS PROTEGIDOS\" >DATOS PROTEGIDOS <\/td><td data-cell-id=\"C48\" data-x=\"2\" data-y=\"48\" data-db-index=\"48\" class=\"fsize-18\" data-cell-type=\"text\" data-original-value=\"CARLOS ALAZRAKI GROSSMAN\" data-order=\"CARLOS ALAZRAKI GROSSMAN\" >CARLOS ALAZRAKI GROSSMAN <\/td><td data-cell-id=\"D48\" data-x=\"3\" data-y=\"48\" data-db-index=\"48\" class=\"fsize-18\" data-cell-type=\"text\" data-original-value=\"&lt;a href=&quot;https:\/\/teec.org.mx\/web\/wp-content\/uploads\/2023\/09\/TEEC-PES-3-2023-INC2-04-09-2023.pdf&quot; target=&quot;_blank&quot;&gt;TEEC\/PES\/3\/2023\/INC2 (ACUERDO DE REQUERIMIENTO)&lt;\/a&gt;\" data-order=\"&lt;a href=&quot;https:\/\/teec.org.mx\/web\/wp-content\/uploads\/2023\/09\/TEEC-PES-3-2023-INC2-04-09-2023.pdf&quot; target=&quot;_blank&quot;&gt;TEEC\/PES\/3\/2023\/INC2 (ACUERDO DE REQUERIMIENTO)&lt;\/a&gt;\" ><a href=\"https:\/\/teec.org.mx\/web\/wp-content\/uploads\/2023\/09\/TEEC-PES-3-2023-INC2-04-09-2023.pdf\" target=\"_blank\">TEEC\/PES\/3\/2023\/INC2 (ACUERDO DE REQUERIMIENTO)<\/a><\/td><\/tr><tr style=\"height:px\" ><td data-cell-id=\"A49\" data-x=\"0\" data-y=\"49\" data-db-index=\"49\" class=\"fsize-18\" data-cell-type=\"text\" data-original-value=\"04 DE SEPTIEMBRE DE 2023, A LAS 13:02 HORAS\" data-order=\"04 DE SEPTIEMBRE DE 2023, A LAS 13:02 HORAS\" >04 DE SEPTIEMBRE DE 2023, A LAS 13:02 HORAS <\/td><td data-cell-id=\"B49\" data-x=\"1\" data-y=\"49\" data-db-index=\"49\" class=\"fsize-18\" data-cell-type=\"text\" data-original-value=\"Dato protegido \" data-order=\"Dato protegido \" >Dato protegido <\/td><td data-cell-id=\"C49\" data-x=\"2\" data-y=\"49\" data-db-index=\"49\" class=\"fsize-18\" data-cell-type=\"text\" data-original-value=\"CARLOS MARIN MART\u00cdNEZ\" data-order=\"CARLOS MARIN MART\u00cdNEZ\" >CARLOS MARIN MART\u00cdNEZ <\/td><td data-cell-id=\"D49\" data-x=\"3\" data-y=\"49\" data-db-index=\"49\" class=\"fsize-18\" data-cell-type=\"text\" data-original-value=\"&lt;a href=&quot;https:\/\/teec.org.mx\/web\/wp-content\/uploads\/2023\/09\/TEEC-PES-5-2023-INC-04-09-2023.pdf&quot; target=&quot;_blank&quot;&gt;TEEC\/PES\/5\/2023\/INC (ACUERDO DE INCUMPLIMIENTO)&lt;\/a&gt;\" data-order=\"&lt;a href=&quot;https:\/\/teec.org.mx\/web\/wp-content\/uploads\/2023\/09\/TEEC-PES-5-2023-INC-04-09-2023.pdf&quot; target=&quot;_blank&quot;&gt;TEEC\/PES\/5\/2023\/INC (ACUERDO DE INCUMPLIMIENTO)&lt;\/a&gt;\" ><a href=\"https:\/\/teec.org.mx\/web\/wp-content\/uploads\/2023\/09\/TEEC-PES-5-2023-INC-04-09-2023.pdf\" target=\"_blank\">TEEC\/PES\/5\/2023\/INC (ACUERDO DE INCUMPLIMIENTO)<\/a><\/td><\/tr><tr style=\"height:px\" ><td data-cell-id=\"A50\" data-x=\"0\" data-y=\"50\" data-db-index=\"50\" class=\"fsize-18\" data-cell-type=\"text\" data-original-value=\"01 DE SEPTIEMBRE DE 2023, A LAS 11:50 HORAS\" data-order=\"01 DE SEPTIEMBRE DE 2023, A LAS 11:50 HORAS\" >01 DE SEPTIEMBRE DE 2023, A LAS 11:50 HORAS <\/td><td data-cell-id=\"B50\" data-x=\"1\" data-y=\"50\" data-db-index=\"50\" class=\"fsize-18\" data-cell-type=\"text\" data-original-value=\"DATOS PROTEGIDOS \" data-order=\"DATOS PROTEGIDOS \" >DATOS PROTEGIDOS <\/td><td data-cell-id=\"C50\" data-x=\"2\" data-y=\"50\" data-db-index=\"50\" class=\"fsize-18\" data-cell-type=\"text\" data-original-value=\"CARLOS MARIN MART\u00cdNEZ\" data-order=\"CARLOS MARIN MART\u00cdNEZ\" >CARLOS MARIN MART\u00cdNEZ <\/td><td data-cell-id=\"D50\" data-x=\"3\" data-y=\"50\" data-db-index=\"50\" class=\"fsize-18\" data-cell-type=\"text\" data-original-value=\"&lt;a href=&quot;https:\/\/teec.org.mx\/web\/wp-content\/uploads\/2023\/09\/TEEC-PES-5-2023-INC-01-09-2023.pdf&quot; target=&quot;_blank&quot;&gt;TEEC\/PES\/5\/2023\/INC (ACUERDO PARA MEJOR PROVEER)&lt;\/a&gt;\" data-order=\"&lt;a href=&quot;https:\/\/teec.org.mx\/web\/wp-content\/uploads\/2023\/09\/TEEC-PES-5-2023-INC-01-09-2023.pdf&quot; target=&quot;_blank&quot;&gt;TEEC\/PES\/5\/2023\/INC (ACUERDO PARA MEJOR PROVEER)&lt;\/a&gt;\" ><a href=\"https:\/\/teec.org.mx\/web\/wp-content\/uploads\/2023\/09\/TEEC-PES-5-2023-INC-01-09-2023.pdf\" target=\"_blank\">TEEC\/PES\/5\/2023\/INC (ACUERDO PARA MEJOR PROVEER)<\/a><\/td><\/tr><tr style=\"height:px\" ><td data-cell-id=\"A51\" data-x=\"0\" data-y=\"51\" data-db-index=\"51\" class=\"fsize-18\" data-cell-type=\"text\" data-original-value=\"01 DE SEPTIEMBRE DE 2023, A LAS 11:37 HORAS\" data-order=\"01 DE SEPTIEMBRE DE 2023, A LAS 11:37 HORAS\" >01 DE SEPTIEMBRE DE 2023, A LAS 11:37 HORAS <\/td><td data-cell-id=\"B51\" data-x=\"1\" data-y=\"51\" data-db-index=\"51\" class=\"fsize-18\" data-cell-type=\"text\" data-original-value=\"DATOS PROTEGIDOS\" data-order=\"DATOS PROTEGIDOS\" >DATOS PROTEGIDOS <\/td><td data-cell-id=\"C51\" data-x=\"2\" data-y=\"51\" data-db-index=\"51\" class=\"fsize-18\" data-cell-type=\"text\" data-original-value=\"CARLOS ALAZRAKI GROSSMAN \" data-order=\"CARLOS ALAZRAKI GROSSMAN \" >CARLOS ALAZRAKI GROSSMAN <\/td><td data-cell-id=\"D51\" data-x=\"3\" data-y=\"51\" data-db-index=\"51\" class=\"fsize-18\" data-cell-type=\"text\" data-original-value=\"&lt;a href=&quot;https:\/\/teec.org.mx\/web\/wp-content\/uploads\/2023\/09\/TEEC-PES-3-2023-INC2-01-09-2023.pdf&quot; target=&quot;_blank&quot;&gt;TEEC\/PES\/3\/2023\/INC2 (ACUERDO PARA MEJOR PROVEER)&lt;\/a&gt;\" data-order=\"&lt;a href=&quot;https:\/\/teec.org.mx\/web\/wp-content\/uploads\/2023\/09\/TEEC-PES-3-2023-INC2-01-09-2023.pdf&quot; target=&quot;_blank&quot;&gt;TEEC\/PES\/3\/2023\/INC2 (ACUERDO PARA MEJOR PROVEER)&lt;\/a&gt;\" ><a href=\"https:\/\/teec.org.mx\/web\/wp-content\/uploads\/2023\/09\/TEEC-PES-3-2023-INC2-01-09-2023.pdf\" target=\"_blank\">TEEC\/PES\/3\/2023\/INC2 (ACUERDO PARA MEJOR PROVEER)<\/a><\/td><\/tr><tr style=\"height:px\" ><td data-cell-id=\"A52\" data-x=\"0\" data-y=\"52\" data-db-index=\"52\" class=\"fsize-18\" data-cell-type=\"text\" data-original-value=\"30 DE AGOSTO DE 2023, A LAS 14:25 HORAS\" data-order=\"30 DE AGOSTO DE 2023, A LAS 14:25 HORAS\" >30 DE AGOSTO DE 2023, A LAS 14:25 HORAS <\/td><td data-cell-id=\"B52\" data-x=\"1\" data-y=\"52\" data-db-index=\"52\" class=\"fsize-18\" data-cell-type=\"text\" data-original-value=\"DATO PROTEGIDO\" data-order=\"DATO PROTEGIDO\" >DATO PROTEGIDO <\/td><td data-cell-id=\"C52\" data-x=\"2\" data-y=\"52\" data-db-index=\"52\" class=\"fsize-18\" data-cell-type=\"text\" data-original-value=\"COMIT\u00c9 EJECUTIVO NACIONAL Y COMISI\u00d3N DE JUSTICIA DEL CONSEJO NACIONAL, AMBAS DEL PARTIDO ACCI\u00d3N NACIONAL, MAR\u00cdA DEL ROSARIO CRUZ HERN\u00c1NDEZ, PRESIDENTA DEL COMIT\u00c9 DIRECTIVO DEL PARTIDO ACCI\u00d3N NACIONAL EN CAMPECHE, JOSHUE DE JES\u00daS RODR\u00cdGUEZ GOLIB, SECRETARIO GENERAL DEL COMIT\u00c9 DIRECTIVO ESTATAL DEL PARTIDO ACCI\u00d3N NACIONAL EN CAMPECHE Y ROSALBA BARRERA LIRA TESORERA DEL COMIT\u00c9 DIRECTIVO ESTATAL DEL PARTIDO ACCI\u00d3N EN CAMPECHE\" data-order=\"COMIT\u00c9 EJECUTIVO NACIONAL Y COMISI\u00d3N DE JUSTICIA DEL CONSEJO NACIONAL, AMBAS DEL PARTIDO ACCI\u00d3N NACIONAL, MAR\u00cdA DEL ROSARIO CRUZ HERN\u00c1NDEZ, PRESIDENTA DEL COMIT\u00c9 DIRECTIVO DEL PARTIDO ACCI\u00d3N NACIONAL EN CAMPECHE, JOSHUE DE JES\u00daS RODR\u00cdGUEZ GOLIB, SECRETARIO GENERAL DEL COMIT\u00c9 DIRECTIVO ESTATAL DEL PARTIDO ACCI\u00d3N NACIONAL EN CAMPECHE Y ROSALBA BARRERA LIRA TESORERA DEL COMIT\u00c9 DIRECTIVO ESTATAL DEL PARTIDO ACCI\u00d3N EN CAMPECHE\" >COMIT\u00c9 EJECUTIVO NACIONAL Y COMISI\u00d3N DE JUSTICIA DEL CONSEJO NACIONAL, AMBAS DEL PARTIDO ACCI\u00d3N NACIONAL, MAR\u00cdA DEL ROSARIO CRUZ HERN\u00c1NDEZ, PRESIDENTA DEL COMIT\u00c9 DIRECTIVO DEL PARTIDO ACCI\u00d3N NACIONAL EN CAMPECHE, JOSHUE DE JES\u00daS RODR\u00cdGUEZ GOLIB, SECRETARIO GENERAL DEL COMIT\u00c9 DIRECTIVO ESTATAL DEL PARTIDO ACCI\u00d3N NACIONAL EN CAMPECHE Y ROSALBA BARRERA LIRA TESORERA DEL COMIT\u00c9 DIRECTIVO ESTATAL DEL PARTIDO ACCI\u00d3N EN CAMPECHE <\/td><td data-cell-id=\"D52\" data-x=\"3\" data-y=\"52\" data-db-index=\"52\" class=\"fsize-18\" data-cell-type=\"text\" data-original-value=\"&lt;a href=&quot;https:\/\/teec.org.mx\/web\/wp-content\/uploads\/2023\/08\/TEEC-JDC-15-2023-INC-2do-acu.-30-08-2023.pdf&quot; target=&quot;_blank&quot;&gt;TEEC\/JDC\/15\/2023\/INC (ACUERDO DE RECEPCI\u00d3N, RADICACI\u00d3N, VISTA, REQUERIMIENTO Y OTROS)&lt;\/a&gt;\" data-order=\"&lt;a href=&quot;https:\/\/teec.org.mx\/web\/wp-content\/uploads\/2023\/08\/TEEC-JDC-15-2023-INC-2do-acu.-30-08-2023.pdf&quot; target=&quot;_blank&quot;&gt;TEEC\/JDC\/15\/2023\/INC (ACUERDO DE RECEPCI\u00d3N, RADICACI\u00d3N, VISTA, REQUERIMIENTO Y OTROS)&lt;\/a&gt;\" ><a href=\"https:\/\/teec.org.mx\/web\/wp-content\/uploads\/2023\/08\/TEEC-JDC-15-2023-INC-2do-acu.-30-08-2023.pdf\" target=\"_blank\">TEEC\/JDC\/15\/2023\/INC (ACUERDO DE RECEPCI\u00d3N, RADICACI\u00d3N, VISTA, REQUERIMIENTO Y OTROS)<\/a><\/td><\/tr><tr style=\"height:px\" ><td data-cell-id=\"A53\" data-x=\"0\" data-y=\"53\" data-db-index=\"53\" class=\"fsize-18\" data-cell-type=\"text\" data-original-value=\"30 DE AGOSTO DE 2023, A LAS 11:15 HORAS\" data-order=\"30 DE AGOSTO DE 2023, A LAS 11:15 HORAS\" >30 DE AGOSTO DE 2023, A LAS 11:15 HORAS <\/td><td data-cell-id=\"B53\" data-x=\"1\" data-y=\"53\" data-db-index=\"53\" class=\"fsize-18\" data-cell-type=\"text\" data-original-value=\"C\u00c9SAR ISMAEL MART\u00cdN EHU\u00c1N, REPRESENTANTE SUPLENTE DEL PARTIDO ACCI\u00d3N ACIONAL, ANTE EL CONSEJO GENERAL DEL INSTITUO ELECTORAL DEL ESTADO DE CAMPECHE\" data-order=\"C\u00c9SAR ISMAEL MART\u00cdN EHU\u00c1N, REPRESENTANTE SUPLENTE DEL PARTIDO ACCI\u00d3N ACIONAL, ANTE EL CONSEJO GENERAL DEL INSTITUO ELECTORAL DEL ESTADO DE CAMPECHE\" >C\u00c9SAR ISMAEL MART\u00cdN EHU\u00c1N, REPRESENTANTE SUPLENTE DEL PARTIDO ACCI\u00d3N ACIONAL, ANTE EL CONSEJO GENERAL DEL INSTITUO ELECTORAL DEL ESTADO DE CAMPECHE <\/td><td data-cell-id=\"C53\" data-x=\"2\" data-y=\"53\" data-db-index=\"53\" class=\"fsize-18\" data-cell-type=\"text\" data-original-value=\"CONSEJO GENERAL DEL INSTITUTO ELECTORAL DEL ESTADO DE CAMPECHE\" data-order=\"CONSEJO GENERAL DEL INSTITUTO ELECTORAL DEL ESTADO DE CAMPECHE\" >CONSEJO GENERAL DEL INSTITUTO ELECTORAL DEL ESTADO DE CAMPECHE <\/td><td data-cell-id=\"D53\" data-x=\"3\" data-y=\"53\" data-db-index=\"53\" class=\"fsize-18\" data-cell-type=\"text\" data-original-value=\"&lt;a href=&quot;https:\/\/teec.org.mx\/web\/wp-content\/uploads\/2023\/08\/TEEC-JE-19-2022-INC-30-08-2023.pdf&quot; target=&quot;_blank&quot;&gt;TEEC\/JE\/19\/2022\/INC (APERTURA DE INCIDENTE DE INEJECUCI\u00d3N DE SENTENCIA)&lt;\/a&gt;\" data-order=\"&lt;a href=&quot;https:\/\/teec.org.mx\/web\/wp-content\/uploads\/2023\/08\/TEEC-JE-19-2022-INC-30-08-2023.pdf&quot; target=&quot;_blank&quot;&gt;TEEC\/JE\/19\/2022\/INC (APERTURA DE INCIDENTE DE INEJECUCI\u00d3N DE SENTENCIA)&lt;\/a&gt;\" ><a href=\"https:\/\/teec.org.mx\/web\/wp-content\/uploads\/2023\/08\/TEEC-JE-19-2022-INC-30-08-2023.pdf\" target=\"_blank\">TEEC\/JE\/19\/2022\/INC (APERTURA DE INCIDENTE DE INEJECUCI\u00d3N DE SENTENCIA)<\/a><\/td><\/tr><tr style=\"height:px\" ><td data-cell-id=\"A54\" data-x=\"0\" data-y=\"54\" data-db-index=\"54\" class=\"fsize-18\" data-cell-type=\"text\" data-original-value=\"30 DE AGOSTO DE 2023, A LAS 10:14 HORAS\" data-order=\"30 DE AGOSTO DE 2023, A LAS 10:14 HORAS\" >30 DE AGOSTO DE 2023, A LAS 10:14 HORAS <\/td><td data-cell-id=\"B54\" data-x=\"1\" data-y=\"54\" data-db-index=\"54\" class=\"fsize-18\" data-cell-type=\"text\" data-original-value=\"LUISA YAEL AMADOR GAMBOA, QUIEN SE OSTENTA COMO SECRETARIA DE PROMOCI\u00d3N POL\u00cdTICA DE LA MUJER DEL COMIT\u00c9 DIRECTIVO ESTATAL DEL PARTIDO ACCI\u00d3N NACIONAL EN CAMPECHE\" data-order=\"LUISA YAEL AMADOR GAMBOA, QUIEN SE OSTENTA COMO SECRETARIA DE PROMOCI\u00d3N POL\u00cdTICA DE LA MUJER DEL COMIT\u00c9 DIRECTIVO ESTATAL DEL PARTIDO ACCI\u00d3N NACIONAL EN CAMPECHE\" >LUISA YAEL AMADOR GAMBOA, QUIEN SE OSTENTA COMO SECRETARIA DE PROMOCI\u00d3N POL\u00cdTICA DE LA MUJER DEL COMIT\u00c9 DIRECTIVO ESTATAL DEL PARTIDO ACCI\u00d3N NACIONAL EN CAMPECHE <\/td><td data-cell-id=\"C54\" data-x=\"2\" data-y=\"54\" data-db-index=\"54\" class=\"fsize-18\" data-cell-type=\"text\" data-original-value=\"MAR\u00cdA DEL ROSARIO CRUZ HERN\u00c1NDEZ PRESIDENTA DEL COMIT\u00c9 DIRECTIVO DEL PARTIDO ACCI\u00d3N NACIONAL EN CAMPECHE, JOSHUE DE JES\u00daS RODR\u00cdGUEZ GOLIB SECRETARIO GENERAL DEL COMIT\u00c9 DIRECTIVO ESTATAL DEL PARTIDO ACCI\u00d3N NACIONAL EN CAMPECHE Y ROSALBA BARRERA LIRA TESORERA DEL COMIT\u00c9 DIRECTIVO ESTATAL DEL PARTIDO ACCI\u00d3N EN CAMPECHE\" data-order=\"MAR\u00cdA DEL ROSARIO CRUZ HERN\u00c1NDEZ PRESIDENTA DEL COMIT\u00c9 DIRECTIVO DEL PARTIDO ACCI\u00d3N NACIONAL EN CAMPECHE, JOSHUE DE JES\u00daS RODR\u00cdGUEZ GOLIB SECRETARIO GENERAL DEL COMIT\u00c9 DIRECTIVO ESTATAL DEL PARTIDO ACCI\u00d3N NACIONAL EN CAMPECHE Y ROSALBA BARRERA LIRA TESORERA DEL COMIT\u00c9 DIRECTIVO ESTATAL DEL PARTIDO ACCI\u00d3N EN CAMPECHE\" >MAR\u00cdA DEL ROSARIO CRUZ HERN\u00c1NDEZ PRESIDENTA DEL COMIT\u00c9 DIRECTIVO DEL PARTIDO ACCI\u00d3N NACIONAL EN CAMPECHE, JOSHUE DE JES\u00daS RODR\u00cdGUEZ GOLIB SECRETARIO GENERAL DEL COMIT\u00c9 DIRECTIVO ESTATAL DEL PARTIDO ACCI\u00d3N NACIONAL EN CAMPECHE Y ROSALBA BARRERA LIRA TESORERA DEL COMIT\u00c9 DIRECTIVO ESTATAL DEL PARTIDO ACCI\u00d3N EN CAMPECHE <\/td><td data-cell-id=\"D54\" data-x=\"3\" data-y=\"54\" data-db-index=\"54\" class=\"fsize-18\" data-cell-type=\"text\" data-original-value=\"&lt;a href=&quot;https:\/\/teec.org.mx\/web\/wp-content\/uploads\/2023\/08\/TEEC-JDC-15-2023-INC-30-08-2023.pdf&quot; target=&quot;_blank&quot;&gt;TEEC\/JDC\/15\/2023\/INC (APERTURA DE INCIDENTE DE INCUMPLIMIENTO DE ACUERDO PLENARIO)&lt;\/a&gt;\" data-order=\"&lt;a href=&quot;https:\/\/teec.org.mx\/web\/wp-content\/uploads\/2023\/08\/TEEC-JDC-15-2023-INC-30-08-2023.pdf&quot; target=&quot;_blank&quot;&gt;TEEC\/JDC\/15\/2023\/INC (APERTURA DE INCIDENTE DE INCUMPLIMIENTO DE ACUERDO PLENARIO)&lt;\/a&gt;\" ><a href=\"https:\/\/teec.org.mx\/web\/wp-content\/uploads\/2023\/08\/TEEC-JDC-15-2023-INC-30-08-2023.pdf\" target=\"_blank\">TEEC\/JDC\/15\/2023\/INC (APERTURA DE INCIDENTE DE INCUMPLIMIENTO DE ACUERDO PLENARIO)<\/a><\/td><\/tr><tr style=\"height:px\" ><td data-cell-id=\"A55\" data-x=\"0\" data-y=\"55\" data-db-index=\"55\" class=\"fsize-18\" data-cell-type=\"text\" data-original-value=\"29 DE AGOSTO DE 2023, A LAS 11:10 HORAS\" data-order=\"29 DE AGOSTO DE 2023, A LAS 11:10 HORAS\" >29 DE AGOSTO DE 2023, A LAS 11:10 HORAS <\/td><td data-cell-id=\"B55\" data-x=\"1\" data-y=\"55\" data-db-index=\"55\" class=\"fsize-18\" data-cell-type=\"text\" data-original-value=\"DATOS PROTEGIDOS\" data-order=\"DATOS PROTEGIDOS\" >DATOS PROTEGIDOS <\/td><td data-cell-id=\"C55\" data-x=\"2\" data-y=\"55\" data-db-index=\"55\" class=\"fsize-18\" data-cell-type=\"text\" data-original-value=\"ELISEO FERN\u00c1NDEZ MONTUFAR\" data-order=\"ELISEO FERN\u00c1NDEZ MONTUFAR\" >ELISEO FERN\u00c1NDEZ MONTUFAR <\/td><td data-cell-id=\"D55\" data-x=\"3\" data-y=\"55\" data-db-index=\"55\" class=\"fsize-18\" data-cell-type=\"text\" data-original-value=\"&lt;a href=&quot;https:\/\/teec.org.mx\/web\/wp-content\/uploads\/2023\/08\/TEEC-PES-1-2023-INC2-Diligencia-29-08-2023.pdf&quot; target=&quot;_blank&quot;&gt;TEEC\/PES\/1\/2023\/INC2 (DILIGENCIA DE DESAHOGO DE PRUEBAS T\u00c9CNICAS)&lt;\/a&gt;\" data-order=\"&lt;a href=&quot;https:\/\/teec.org.mx\/web\/wp-content\/uploads\/2023\/08\/TEEC-PES-1-2023-INC2-Diligencia-29-08-2023.pdf&quot; target=&quot;_blank&quot;&gt;TEEC\/PES\/1\/2023\/INC2 (DILIGENCIA DE DESAHOGO DE PRUEBAS T\u00c9CNICAS)&lt;\/a&gt;\" ><a href=\"https:\/\/teec.org.mx\/web\/wp-content\/uploads\/2023\/08\/TEEC-PES-1-2023-INC2-Diligencia-29-08-2023.pdf\" target=\"_blank\">TEEC\/PES\/1\/2023\/INC2 (DILIGENCIA DE DESAHOGO DE PRUEBAS T\u00c9CNICAS)<\/a><\/td><\/tr><tr style=\"height:px\" ><td data-cell-id=\"A56\" data-x=\"0\" data-y=\"56\" data-db-index=\"56\" class=\"fsize-18\" data-cell-type=\"text\" data-original-value=\"29 DE AGOSTO DE 2023, A LAS 9:00 HORAS\" data-order=\"29 DE AGOSTO DE 2023, A LAS 9:00 HORAS\" >29 DE AGOSTO DE 2023, A LAS 9:00 HORAS <\/td><td data-cell-id=\"B56\" data-x=\"1\" data-y=\"56\" data-db-index=\"56\" class=\"fsize-18\" data-cell-type=\"text\" data-original-value=\"DATO PROTEGIDO\" data-order=\"DATO PROTEGIDO\" >DATO PROTEGIDO <\/td><td data-cell-id=\"C56\" data-x=\"2\" data-y=\"56\" data-db-index=\"56\" class=\"fsize-18\" data-cell-type=\"text\" data-original-value=\"ELISEO FERN\u00c1NDEZ MONTUFAR\" data-order=\"ELISEO FERN\u00c1NDEZ MONTUFAR\" >ELISEO FERN\u00c1NDEZ MONTUFAR <\/td><td data-cell-id=\"D56\" data-x=\"3\" data-y=\"56\" data-db-index=\"56\" class=\"fsize-18\" data-cell-type=\"text\" data-original-value=\"&lt;a href=&quot;https:\/\/teec.org.mx\/web\/wp-content\/uploads\/2023\/08\/TEEC-PES-1-2023-INC2-29-08-2023.pdf&quot; target=&quot;_blank&quot;&gt;TEEC\/PES\/1\/2023\/INC2 (APERTURA DE INCIDENTE DE INEJECUCI\u00d3N DE SENTENCIA)&lt;\/a&gt;\" data-order=\"&lt;a href=&quot;https:\/\/teec.org.mx\/web\/wp-content\/uploads\/2023\/08\/TEEC-PES-1-2023-INC2-29-08-2023.pdf&quot; target=&quot;_blank&quot;&gt;TEEC\/PES\/1\/2023\/INC2 (APERTURA DE INCIDENTE DE INEJECUCI\u00d3N DE SENTENCIA)&lt;\/a&gt;\" ><a href=\"https:\/\/teec.org.mx\/web\/wp-content\/uploads\/2023\/08\/TEEC-PES-1-2023-INC2-29-08-2023.pdf\" target=\"_blank\">TEEC\/PES\/1\/2023\/INC2 (APERTURA DE INCIDENTE DE INEJECUCI\u00d3N DE SENTENCIA)<\/a><\/td><\/tr><tr style=\"height:px\" ><td data-cell-id=\"A57\" data-x=\"0\" data-y=\"57\" data-db-index=\"57\" class=\"fsize-18\" data-cell-type=\"text\" data-original-value=\"29 DE AGOSTO DE 2023, A LAS 10:34 HORAS.\" data-order=\"29 DE AGOSTO DE 2023, A LAS 10:34 HORAS.\" >29 DE AGOSTO DE 2023, A LAS 10:34 HORAS. <\/td><td data-cell-id=\"B57\" data-x=\"1\" data-y=\"57\" data-db-index=\"57\" class=\"fsize-18\" data-cell-type=\"text\" data-original-value=\"DATOS PROTEGIDOS\" data-order=\"DATOS PROTEGIDOS\" >DATOS PROTEGIDOS <\/td><td data-cell-id=\"C57\" data-x=\"2\" data-y=\"57\" data-db-index=\"57\" class=\"fsize-18\" data-cell-type=\"text\" data-original-value=\"MAR\u00cdA LILLY DEL CARMEN TELLEZ GARC\u00cdA\" data-order=\"MAR\u00cdA LILLY DEL CARMEN TELLEZ GARC\u00cdA\" >MAR\u00cdA LILLY DEL CARMEN TELLEZ GARC\u00cdA <\/td><td data-cell-id=\"D57\" data-x=\"3\" data-y=\"57\" data-db-index=\"57\" class=\"fsize-18\" data-cell-type=\"text\" data-original-value=\"&lt;a href=&quot;https:\/\/teec.org.mx\/web\/wp-content\/uploads\/2023\/08\/TEEC-PES-2-2023-INC-29-08-2023.pdf&quot; target=&quot;_blank&quot;&gt;TEEC\/PES\/2\/2023\/INC (ACUERDO FIRME Y VALEDERO)&lt;\/a&gt;\" data-order=\"&lt;a href=&quot;https:\/\/teec.org.mx\/web\/wp-content\/uploads\/2023\/08\/TEEC-PES-2-2023-INC-29-08-2023.pdf&quot; target=&quot;_blank&quot;&gt;TEEC\/PES\/2\/2023\/INC (ACUERDO FIRME Y VALEDERO)&lt;\/a&gt;\" ><a href=\"https:\/\/teec.org.mx\/web\/wp-content\/uploads\/2023\/08\/TEEC-PES-2-2023-INC-29-08-2023.pdf\" target=\"_blank\">TEEC\/PES\/2\/2023\/INC (ACUERDO FIRME Y VALEDERO)<\/a><\/td><\/tr><tr style=\"height:px\" ><td data-cell-id=\"A58\" data-x=\"0\" data-y=\"58\" data-db-index=\"58\" class=\"fsize-18\" data-cell-type=\"text\" data-original-value=\"28 DE AGOSTO DE 2023, A LAS 15:24 HORAS\" data-order=\"28 DE AGOSTO DE 2023, A LAS 15:24 HORAS\" >28 DE AGOSTO DE 2023, A LAS 15:24 HORAS <\/td><td data-cell-id=\"B58\" data-x=\"1\" data-y=\"58\" data-db-index=\"58\" class=\"fsize-18\" data-cell-type=\"text\" data-original-value=\"DATOS PROTEGIDOS \" data-order=\"DATOS PROTEGIDOS \" >DATOS PROTEGIDOS <\/td><td data-cell-id=\"C58\" data-x=\"2\" data-y=\"58\" data-db-index=\"58\" class=\"fsize-18\" data-cell-type=\"text\" data-original-value=\"ELISEO FERN\u00c1NDEZ MONTUFAR\" data-order=\"ELISEO FERN\u00c1NDEZ MONTUFAR\" >ELISEO FERN\u00c1NDEZ MONTUFAR <\/td><td data-cell-id=\"D58\" data-x=\"3\" data-y=\"58\" data-db-index=\"58\" class=\"fsize-18\" data-cell-type=\"text\" data-original-value=\"&lt;a href=&quot;https:\/\/teec.org.mx\/web\/wp-content\/uploads\/2023\/08\/TEEC-PES-1-2023-INC-28-08-2023.pdf&quot; target=&quot;_blank&quot;&gt;TEEC\/PES\/1\/2023\/INC (APERTURA DE INCIDENTE)&lt;\/a&gt;\" data-order=\"&lt;a href=&quot;https:\/\/teec.org.mx\/web\/wp-content\/uploads\/2023\/08\/TEEC-PES-1-2023-INC-28-08-2023.pdf&quot; target=&quot;_blank&quot;&gt;TEEC\/PES\/1\/2023\/INC (APERTURA DE INCIDENTE)&lt;\/a&gt;\" ><a href=\"https:\/\/teec.org.mx\/web\/wp-content\/uploads\/2023\/08\/TEEC-PES-1-2023-INC-28-08-2023.pdf\" target=\"_blank\">TEEC\/PES\/1\/2023\/INC (APERTURA DE INCIDENTE)<\/a><\/td><\/tr><tr style=\"height:px\" ><td data-cell-id=\"A59\" data-x=\"0\" data-y=\"59\" data-db-index=\"59\" class=\"fsize-18\" data-cell-type=\"text\" data-original-value=\"28 DE AGOSTO DE 2023, A LAS 14:48 HORAS\" data-order=\"28 DE AGOSTO DE 2023, A LAS 14:48 HORAS\" >28 DE AGOSTO DE 2023, A LAS 14:48 HORAS <\/td><td data-cell-id=\"B59\" data-x=\"1\" data-y=\"59\" data-db-index=\"59\" class=\"fsize-18\" data-cell-type=\"text\" data-original-value=\"DATO PROTEGIDO\" data-order=\"DATO PROTEGIDO\" >DATO PROTEGIDO <\/td><td data-cell-id=\"C59\" data-x=\"2\" data-y=\"59\" data-db-index=\"59\" class=\"fsize-18\" data-cell-type=\"text\" data-original-value=\"PEDRO FERRIZ HIJAR\" data-order=\"PEDRO FERRIZ HIJAR\" >PEDRO FERRIZ HIJAR <\/td><td data-cell-id=\"D59\" data-x=\"3\" data-y=\"59\" data-db-index=\"59\" class=\"fsize-18\" data-cell-type=\"text\" data-original-value=\"&lt;a href=&quot;https:\/\/teec.org.mx\/web\/wp-content\/uploads\/2023\/08\/TEEC-PES-6-2023-INC-28-08-2023.pdf&quot; target=&quot;_blank&quot;&gt;TEEC\/PES\/6\/2023\/INC (ACUERDO DE RECEPCI\u00d3N Y VISTA)&lt;\/a&gt;\" data-order=\"&lt;a href=&quot;https:\/\/teec.org.mx\/web\/wp-content\/uploads\/2023\/08\/TEEC-PES-6-2023-INC-28-08-2023.pdf&quot; target=&quot;_blank&quot;&gt;TEEC\/PES\/6\/2023\/INC (ACUERDO DE RECEPCI\u00d3N Y VISTA)&lt;\/a&gt;\" ><a href=\"https:\/\/teec.org.mx\/web\/wp-content\/uploads\/2023\/08\/TEEC-PES-6-2023-INC-28-08-2023.pdf\" target=\"_blank\">TEEC\/PES\/6\/2023\/INC (ACUERDO DE RECEPCI\u00d3N Y VISTA)<\/a><\/td><\/tr><tr style=\"height:px\" ><td data-cell-id=\"A60\" data-x=\"0\" data-y=\"60\" data-db-index=\"60\" class=\"fsize-18\" data-cell-type=\"text\" data-original-value=\"28 DE AGOSTO DE 2023, A LAS 14:41 HORAS\" data-order=\"28 DE AGOSTO DE 2023, A LAS 14:41 HORAS\" >28 DE AGOSTO DE 2023, A LAS 14:41 HORAS <\/td><td data-cell-id=\"B60\" data-x=\"1\" data-y=\"60\" data-db-index=\"60\" class=\"fsize-18\" data-cell-type=\"text\" data-original-value=\"DATOS PROTEGIDOS\" data-order=\"DATOS PROTEGIDOS\" >DATOS PROTEGIDOS <\/td><td data-cell-id=\"C60\" data-x=\"2\" data-y=\"60\" data-db-index=\"60\" class=\"fsize-18\" data-cell-type=\"text\" data-original-value=\"CARLOS MARIN MART\u00cdNEZ\" data-order=\"CARLOS MARIN MART\u00cdNEZ\" >CARLOS MARIN MART\u00cdNEZ <\/td><td data-cell-id=\"D60\" data-x=\"3\" data-y=\"60\" data-db-index=\"60\" class=\"fsize-18\" data-cell-type=\"text\" data-original-value=\"&lt;a href=&quot;https:\/\/teec.org.mx\/web\/wp-content\/uploads\/2023\/08\/TEEC-PES-5-2023-INC-28-08-2023.pdf&quot; target=&quot;_blank&quot;&gt;TEEC\/PES\/5\/2023\/INC (ACUERDO DE RECEPCI\u00d3N, RADICACI\u00d3N, VISTA, REQUERIMIENTO Y OTROS)&lt;\/a&gt;\" data-order=\"&lt;a href=&quot;https:\/\/teec.org.mx\/web\/wp-content\/uploads\/2023\/08\/TEEC-PES-5-2023-INC-28-08-2023.pdf&quot; target=&quot;_blank&quot;&gt;TEEC\/PES\/5\/2023\/INC (ACUERDO DE RECEPCI\u00d3N, RADICACI\u00d3N, VISTA, REQUERIMIENTO Y OTROS)&lt;\/a&gt;\" ><a href=\"https:\/\/teec.org.mx\/web\/wp-content\/uploads\/2023\/08\/TEEC-PES-5-2023-INC-28-08-2023.pdf\" target=\"_blank\">TEEC\/PES\/5\/2023\/INC (ACUERDO DE RECEPCI\u00d3N, RADICACI\u00d3N, VISTA, REQUERIMIENTO Y OTROS)<\/a><\/td><\/tr><tr style=\"height:px\" ><td data-cell-id=\"A61\" data-x=\"0\" data-y=\"61\" data-db-index=\"61\" class=\"fsize-18\" data-cell-type=\"text\" data-original-value=\"28 DE AGOSTO DE 2023, A LAS 13:13 HORAS\" data-order=\"28 DE AGOSTO DE 2023, A LAS 13:13 HORAS\" >28 DE AGOSTO DE 2023, A LAS 13:13 HORAS <\/td><td data-cell-id=\"B61\" data-x=\"1\" data-y=\"61\" data-db-index=\"61\" class=\"fsize-18\" data-cell-type=\"text\" data-original-value=\"DATOS PROTEGIDOS\" data-order=\"DATOS PROTEGIDOS\" >DATOS PROTEGIDOS <\/td><td data-cell-id=\"C61\" data-x=\"2\" data-y=\"61\" data-db-index=\"61\" class=\"fsize-18\" data-cell-type=\"text\" data-original-value=\"CARLOS ALAZRAKI GROSSMAN\" data-order=\"CARLOS ALAZRAKI GROSSMAN\" >CARLOS ALAZRAKI GROSSMAN <\/td><td data-cell-id=\"D61\" data-x=\"3\" data-y=\"61\" data-db-index=\"61\" class=\"fsize-18\" data-cell-type=\"text\" data-original-value=\"&lt;a href=&quot;https:\/\/teec.org.mx\/web\/wp-content\/uploads\/2023\/08\/TEEC-PES-3-2023-INC2-2do-acu.-28-08-2023.pdf&quot; target=&quot;_blank&quot;&gt;TEEC\/PES\/3\/2023\/INC2 (ACUERDO DE RECEPCI\u00d3N, RADICACI\u00d3N, VISTA, REQUERIMIENTO Y OTROS)&lt;\/a&gt;\" data-order=\"&lt;a href=&quot;https:\/\/teec.org.mx\/web\/wp-content\/uploads\/2023\/08\/TEEC-PES-3-2023-INC2-2do-acu.-28-08-2023.pdf&quot; target=&quot;_blank&quot;&gt;TEEC\/PES\/3\/2023\/INC2 (ACUERDO DE RECEPCI\u00d3N, RADICACI\u00d3N, VISTA, REQUERIMIENTO Y OTROS)&lt;\/a&gt;\" ><a href=\"https:\/\/teec.org.mx\/web\/wp-content\/uploads\/2023\/08\/TEEC-PES-3-2023-INC2-2do-acu.-28-08-2023.pdf\" target=\"_blank\">TEEC\/PES\/3\/2023\/INC2 (ACUERDO DE RECEPCI\u00d3N, RADICACI\u00d3N, VISTA, REQUERIMIENTO Y OTROS)<\/a><\/td><\/tr><tr style=\"height:px\" ><td data-cell-id=\"A62\" data-x=\"0\" data-y=\"62\" data-db-index=\"62\" class=\"fsize-18\" data-cell-type=\"text\" data-original-value=\"28 DE AGOSTO DE 2023, A LAS 11:47 HORAS\" data-order=\"28 DE AGOSTO DE 2023, A LAS 11:47 HORAS\" >28 DE AGOSTO DE 2023, A LAS 11:47 HORAS <\/td><td data-cell-id=\"B62\" data-x=\"1\" data-y=\"62\" data-db-index=\"62\" class=\"fsize-18\" data-cell-type=\"text\" data-original-value=\"DATOS PROTEGIDOS\" data-order=\"DATOS PROTEGIDOS\" >DATOS PROTEGIDOS <\/td><td data-cell-id=\"C62\" data-x=\"2\" data-y=\"62\" data-db-index=\"62\" class=\"fsize-18\" data-cell-type=\"text\" data-original-value=\"CARLOS ALAZRAKI GROSSMAN\" data-order=\"CARLOS ALAZRAKI GROSSMAN\" >CARLOS ALAZRAKI GROSSMAN <\/td><td data-cell-id=\"D62\" data-x=\"3\" data-y=\"62\" data-db-index=\"62\" class=\"fsize-18\" data-cell-type=\"text\" data-original-value=\"&lt;a href=&quot;https:\/\/teec.org.mx\/web\/wp-content\/uploads\/2023\/08\/TEEC-PES-3-2023-INC2-28-08-2023.pdf&quot; target=&quot;_blank&quot;&gt;TEEC\/PES\/3\/2023\/INC2 (APERTURA DE INCIDENTE DE INEJECUCI\u00d3N DE SENTENCIA)&lt;\/a&gt;\" data-order=\"&lt;a href=&quot;https:\/\/teec.org.mx\/web\/wp-content\/uploads\/2023\/08\/TEEC-PES-3-2023-INC2-28-08-2023.pdf&quot; target=&quot;_blank&quot;&gt;TEEC\/PES\/3\/2023\/INC2 (APERTURA DE INCIDENTE DE INEJECUCI\u00d3N DE SENTENCIA)&lt;\/a&gt;\" ><a href=\"https:\/\/teec.org.mx\/web\/wp-content\/uploads\/2023\/08\/TEEC-PES-3-2023-INC2-28-08-2023.pdf\" target=\"_blank\">TEEC\/PES\/3\/2023\/INC2 (APERTURA DE INCIDENTE DE INEJECUCI\u00d3N DE SENTENCIA)<\/a><\/td><\/tr><tr style=\"height:px\" ><td data-cell-id=\"A63\" data-x=\"0\" data-y=\"63\" data-db-index=\"63\" class=\"fsize-18\" data-cell-type=\"text\" data-original-value=\"28 DE AGOSTO DE 2023, A LAS 10:17 HORAS\" data-order=\"28 DE AGOSTO DE 2023, A LAS 10:17 HORAS\" >28 DE AGOSTO DE 2023, A LAS 10:17 HORAS <\/td><td data-cell-id=\"B63\" data-x=\"1\" data-y=\"63\" data-db-index=\"63\" class=\"fsize-18\" data-cell-type=\"text\" data-original-value=\"DATOS PROTEGIDOS\" data-order=\"DATOS PROTEGIDOS\" >DATOS PROTEGIDOS <\/td><td data-cell-id=\"C63\" data-x=\"2\" data-y=\"63\" data-db-index=\"63\" class=\"fsize-18\" data-cell-type=\"text\" data-original-value=\"CARLOS ALAZRAKI GROSSMAN\" data-order=\"CARLOS ALAZRAKI GROSSMAN\" >CARLOS ALAZRAKI GROSSMAN <\/td><td data-cell-id=\"D63\" data-x=\"3\" data-y=\"63\" data-db-index=\"63\" class=\"fsize-18\" data-cell-type=\"text\" data-original-value=\"&lt;a href=&quot;https:\/\/teec.org.mx\/web\/wp-content\/uploads\/2023\/08\/TEEC-PES-3-2023-INC-28-08-2023.pdf&quot; target=&quot;_blank&quot;&gt;TEEC\/PES\/3\/2023\/INC (APERTURA DE INCIDENTE)&lt;\/a&gt;\" data-order=\"&lt;a href=&quot;https:\/\/teec.org.mx\/web\/wp-content\/uploads\/2023\/08\/TEEC-PES-3-2023-INC-28-08-2023.pdf&quot; target=&quot;_blank&quot;&gt;TEEC\/PES\/3\/2023\/INC (APERTURA DE INCIDENTE)&lt;\/a&gt;\" ><a href=\"https:\/\/teec.org.mx\/web\/wp-content\/uploads\/2023\/08\/TEEC-PES-3-2023-INC-28-08-2023.pdf\" target=\"_blank\">TEEC\/PES\/3\/2023\/INC (APERTURA DE INCIDENTE)<\/a><\/td><\/tr><tr style=\"height:px\" ><td data-cell-id=\"A64\" data-x=\"0\" data-y=\"64\" data-db-index=\"64\" class=\"fsize-18\" data-cell-type=\"text\" data-original-value=\"25 DE AGOSTO DE 2023, A LAS 10:58 HORAS\" data-order=\"25 DE AGOSTO DE 2023, A LAS 10:58 HORAS\" >25 DE AGOSTO DE 2023, A LAS 10:58 HORAS <\/td><td data-cell-id=\"B64\" data-x=\"1\" data-y=\"64\" data-db-index=\"64\" class=\"fsize-18\" data-cell-type=\"text\" data-original-value=\"dato protegido \" data-order=\"dato protegido \" >dato protegido <\/td><td data-cell-id=\"C64\" data-x=\"2\" data-y=\"64\" data-db-index=\"64\" class=\"fsize-18\" data-cell-type=\"text\" data-original-value=\"MIGUEL \u00c1NGEL G\u00d3MEZ ESCAMILLA\" data-order=\"MIGUEL \u00c1NGEL G\u00d3MEZ ESCAMILLA\" >MIGUEL \u00c1NGEL G\u00d3MEZ ESCAMILLA <\/td><td data-cell-id=\"D64\" data-x=\"3\" data-y=\"64\" data-db-index=\"64\" class=\"fsize-18\" data-cell-type=\"text\" data-original-value=\"&lt;a href=&quot;https:\/\/teec.org.mx\/web\/wp-content\/uploads\/2023\/08\/TEEC-PES-4-2023-INC-25-08-2023.pdf&quot; target=&quot;_blank&quot;&gt;TEEC\/PES\/4\/2023\/INC (SE DECLARA FIRME Y VALEDERO)&lt;\/a&gt;\" data-order=\"&lt;a href=&quot;https:\/\/teec.org.mx\/web\/wp-content\/uploads\/2023\/08\/TEEC-PES-4-2023-INC-25-08-2023.pdf&quot; target=&quot;_blank&quot;&gt;TEEC\/PES\/4\/2023\/INC (SE DECLARA FIRME Y VALEDERO)&lt;\/a&gt;\" ><a href=\"https:\/\/teec.org.mx\/web\/wp-content\/uploads\/2023\/08\/TEEC-PES-4-2023-INC-25-08-2023.pdf\" target=\"_blank\">TEEC\/PES\/4\/2023\/INC (SE DECLARA FIRME Y VALEDERO)<\/a><\/td><\/tr><tr style=\"height:px\" ><td data-cell-id=\"A65\" data-x=\"0\" data-y=\"65\" data-db-index=\"65\" class=\"fsize-18\" data-cell-type=\"text\" data-original-value=\"24 DE AGOSTO DE 2023, A LAS 13:18 HORAS\" data-order=\"24 DE AGOSTO DE 2023, A LAS 13:18 HORAS\" >24 DE AGOSTO DE 2023, A LAS 13:18 HORAS <\/td><td data-cell-id=\"B65\" data-x=\"1\" data-y=\"65\" data-db-index=\"65\" class=\"fsize-18\" data-cell-type=\"text\" data-original-value=\"DATOS PROTEGIDOS\" data-order=\"DATOS PROTEGIDOS\" >DATOS PROTEGIDOS <\/td><td data-cell-id=\"C65\" data-x=\"2\" data-y=\"65\" data-db-index=\"65\" class=\"fsize-18\" data-cell-type=\"text\" data-original-value=\"ELISEO FERN\u00c1NDEZ MONTUFAR\" data-order=\"ELISEO FERN\u00c1NDEZ MONTUFAR\" >ELISEO FERN\u00c1NDEZ MONTUFAR <\/td><td data-cell-id=\"D65\" data-x=\"3\" data-y=\"65\" data-db-index=\"65\" class=\"fsize-18\" data-cell-type=\"text\" data-original-value=\"&lt;a href=&quot;https:\/\/teec.org.mx\/web\/wp-content\/uploads\/2023\/08\/TEEC-PES-1-2023-INC-24-08-2023.pdf&quot; target=&quot;_blank&quot;&gt;TEEC\/PES\/1\/2023\/INC (ACUERDO DE ACUMULACI\u00d3N Y DILIGENCIA DE INSPECCI\u00d3N)&lt;\/a&gt;\" data-order=\"&lt;a href=&quot;https:\/\/teec.org.mx\/web\/wp-content\/uploads\/2023\/08\/TEEC-PES-1-2023-INC-24-08-2023.pdf&quot; target=&quot;_blank&quot;&gt;TEEC\/PES\/1\/2023\/INC (ACUERDO DE ACUMULACI\u00d3N Y DILIGENCIA DE INSPECCI\u00d3N)&lt;\/a&gt;\" ><a href=\"https:\/\/teec.org.mx\/web\/wp-content\/uploads\/2023\/08\/TEEC-PES-1-2023-INC-24-08-2023.pdf\" target=\"_blank\">TEEC\/PES\/1\/2023\/INC (ACUERDO DE ACUMULACI\u00d3N Y DILIGENCIA DE INSPECCI\u00d3N)<\/a><\/td><\/tr><tr style=\"height:px\" ><td data-cell-id=\"A66\" data-x=\"0\" data-y=\"66\" data-db-index=\"66\" class=\"fsize-18\" data-cell-type=\"text\" data-original-value=\"23 DE AGOSTO DE 2023, A LAS 14:48 HORAS\" data-order=\"23 DE AGOSTO DE 2023, A LAS 14:48 HORAS\" >23 DE AGOSTO DE 2023, A LAS 14:48 HORAS <\/td><td data-cell-id=\"B66\" data-x=\"1\" data-y=\"66\" data-db-index=\"66\" class=\"fsize-18\" data-cell-type=\"text\" data-original-value=\"DATO PROTEGIDO\" data-order=\"DATO PROTEGIDO\" >DATO PROTEGIDO <\/td><td data-cell-id=\"C66\" data-x=\"2\" data-y=\"66\" data-db-index=\"66\" class=\"fsize-18\" data-cell-type=\"text\" data-original-value=\"PEDRO FERRIZ HIJAR Y\/O QUI\u00c9N RESULTE RESPONSABLE\" data-order=\"PEDRO FERRIZ HIJAR Y\/O QUI\u00c9N RESULTE RESPONSABLE\" >PEDRO FERRIZ HIJAR Y\/O QUI\u00c9N RESULTE RESPONSABLE <\/td><td data-cell-id=\"D66\" data-x=\"3\" data-y=\"66\" data-db-index=\"66\" class=\"fsize-18\" data-cell-type=\"text\" data-original-value=\"&lt;a href=&quot;https:\/\/teec.org.mx\/web\/wp-content\/uploads\/2023\/08\/TEEC-PES-6-2023-INC-23-08-2023.pdf&quot; target=&quot;_blank&quot;&gt;TEEC\/PES\/6\/2023\/INC (APERTURA DE INCIDENTE DE INEJECUCI\u00d3N DE SENTENCIA)&lt;\/a&gt;\" data-order=\"&lt;a href=&quot;https:\/\/teec.org.mx\/web\/wp-content\/uploads\/2023\/08\/TEEC-PES-6-2023-INC-23-08-2023.pdf&quot; target=&quot;_blank&quot;&gt;TEEC\/PES\/6\/2023\/INC (APERTURA DE INCIDENTE DE INEJECUCI\u00d3N DE SENTENCIA)&lt;\/a&gt;\" ><a href=\"https:\/\/teec.org.mx\/web\/wp-content\/uploads\/2023\/08\/TEEC-PES-6-2023-INC-23-08-2023.pdf\" target=\"_blank\">TEEC\/PES\/6\/2023\/INC (APERTURA DE INCIDENTE DE INEJECUCI\u00d3N DE SENTENCIA)<\/a><\/td><\/tr><tr style=\"height:px\" ><td data-cell-id=\"A67\" data-x=\"0\" data-y=\"67\" data-db-index=\"67\" class=\"fsize-18\" data-cell-type=\"text\" data-original-value=\"23 DE AGOSTO DE 2023, A LAS 14:32 HORAS\" data-order=\"23 DE AGOSTO DE 2023, A LAS 14:32 HORAS\" >23 DE AGOSTO DE 2023, A LAS 14:32 HORAS <\/td><td data-cell-id=\"B67\" data-x=\"1\" data-y=\"67\" data-db-index=\"67\" class=\"fsize-18\" data-cell-type=\"text\" data-original-value=\"Dato protegido\" data-order=\"Dato protegido\" >Dato protegido <\/td><td data-cell-id=\"C67\" data-x=\"2\" data-y=\"67\" data-db-index=\"67\" class=\"fsize-18\" data-cell-type=\"text\" data-original-value=\"CARLOS MARIN MART\u00cdNEZ\" data-order=\"CARLOS MARIN MART\u00cdNEZ\" >CARLOS MARIN MART\u00cdNEZ <\/td><td data-cell-id=\"D67\" data-x=\"3\" data-y=\"67\" data-db-index=\"67\" class=\"fsize-18\" data-cell-type=\"text\" data-original-value=\"&lt;a href=&quot;https:\/\/teec.org.mx\/web\/wp-content\/uploads\/2023\/08\/TEEC-PES-5-2023-INC-23-08-2023.pdf&quot; target=&quot;_blank&quot;&gt;TEEC\/PES\/5\/2023\/INC (APERTURA DE INCIDENTE DE INEJECUCI\u00d3N DE SENTENCIA)&lt;\/a&gt;\" data-order=\"&lt;a href=&quot;https:\/\/teec.org.mx\/web\/wp-content\/uploads\/2023\/08\/TEEC-PES-5-2023-INC-23-08-2023.pdf&quot; target=&quot;_blank&quot;&gt;TEEC\/PES\/5\/2023\/INC (APERTURA DE INCIDENTE DE INEJECUCI\u00d3N DE SENTENCIA)&lt;\/a&gt;\" ><a href=\"https:\/\/teec.org.mx\/web\/wp-content\/uploads\/2023\/08\/TEEC-PES-5-2023-INC-23-08-2023.pdf\" target=\"_blank\">TEEC\/PES\/5\/2023\/INC (APERTURA DE INCIDENTE DE INEJECUCI\u00d3N DE SENTENCIA)<\/a><\/td><\/tr><tr style=\"height:px\" ><td data-cell-id=\"A68\" data-x=\"0\" data-y=\"68\" data-db-index=\"68\" class=\"fsize-18\" data-cell-type=\"text\" data-original-value=\"23 DE AGOSTO DE 2023, A LAS 14:20 HORAS\" data-order=\"23 DE AGOSTO DE 2023, A LAS 14:20 HORAS\" >23 DE AGOSTO DE 2023, A LAS 14:20 HORAS <\/td><td data-cell-id=\"B68\" data-x=\"1\" data-y=\"68\" data-db-index=\"68\" class=\"fsize-18\" data-cell-type=\"text\" data-original-value=\"LAYDA ELENA SANSORES SAN ROM\u00c1N, EN SU CALIDAD DE GOBERNADORA CONSTITUCIONAL DEL ESTADO DE CAMPECHE\" data-order=\"LAYDA ELENA SANSORES SAN ROM\u00c1N, EN SU CALIDAD DE GOBERNADORA CONSTITUCIONAL DEL ESTADO DE CAMPECHE\" >LAYDA ELENA SANSORES SAN ROM\u00c1N, EN SU CALIDAD DE GOBERNADORA CONSTITUCIONAL DEL ESTADO DE CAMPECHE <\/td><td data-cell-id=\"C68\" data-x=\"2\" data-y=\"68\" data-db-index=\"68\" class=\"fsize-18\" data-cell-type=\"text\" data-original-value=\"CARLOS ALAZRAKI GROSSMAN\" data-order=\"CARLOS ALAZRAKI GROSSMAN\" >CARLOS ALAZRAKI GROSSMAN <\/td><td data-cell-id=\"D68\" data-x=\"3\" data-y=\"68\" data-db-index=\"68\" class=\"fsize-18\" data-cell-type=\"text\" data-original-value=\"&lt;a href=&quot;https:\/\/teec.org.mx\/web\/wp-content\/uploads\/2023\/08\/TEEC-PES-3-2023-INC-23-08-2023.pdf&quot; target=&quot;_blank&quot;&gt;TEEC\/PES\/3\/2023\/INC (SE TURNA DOCUMENTACI\u00d3N)&lt;\/a&gt;\" data-order=\"&lt;a href=&quot;https:\/\/teec.org.mx\/web\/wp-content\/uploads\/2023\/08\/TEEC-PES-3-2023-INC-23-08-2023.pdf&quot; target=&quot;_blank&quot;&gt;TEEC\/PES\/3\/2023\/INC (SE TURNA DOCUMENTACI\u00d3N)&lt;\/a&gt;\" ><a href=\"https:\/\/teec.org.mx\/web\/wp-content\/uploads\/2023\/08\/TEEC-PES-3-2023-INC-23-08-2023.pdf\" target=\"_blank\">TEEC\/PES\/3\/2023\/INC (SE TURNA DOCUMENTACI\u00d3N)<\/a><\/td><\/tr><tr style=\"height:px\" ><td data-cell-id=\"A69\" data-x=\"0\" data-y=\"69\" data-db-index=\"69\" class=\"fsize-18\" data-cell-type=\"text\" data-original-value=\"23 DE AGOSTO DE 2023, A LAS 14:10 HORAS\" data-order=\"23 DE AGOSTO DE 2023, A LAS 14:10 HORAS\" >23 DE AGOSTO DE 2023, A LAS 14:10 HORAS <\/td><td data-cell-id=\"B69\" data-x=\"1\" data-y=\"69\" data-db-index=\"69\" class=\"fsize-18\" data-cell-type=\"text\" data-original-value=\"DATOS PROTEGIDOS\" data-order=\"DATOS PROTEGIDOS\" >DATOS PROTEGIDOS <\/td><td data-cell-id=\"C69\" data-x=\"2\" data-y=\"69\" data-db-index=\"69\" class=\"fsize-18\" data-cell-type=\"text\" data-original-value=\"ELISEO FERN\u00c1NDEZ MONTUFAR\" data-order=\"ELISEO FERN\u00c1NDEZ MONTUFAR\" >ELISEO FERN\u00c1NDEZ MONTUFAR <\/td><td data-cell-id=\"D69\" data-x=\"3\" data-y=\"69\" data-db-index=\"69\" class=\"fsize-18\" data-cell-type=\"text\" data-original-value=\"&lt;a href=&quot;https:\/\/teec.org.mx\/web\/wp-content\/uploads\/2023\/08\/TEEC-PES-1-2023-INC-23-08-2023.pdf&quot; target=&quot;_blank&quot;&gt;TEEC\/PES\/1\/2023\/INC (SE TURNA DOCUMENTACI\u00d3N)&lt;\/a&gt;\" data-order=\"&lt;a href=&quot;https:\/\/teec.org.mx\/web\/wp-content\/uploads\/2023\/08\/TEEC-PES-1-2023-INC-23-08-2023.pdf&quot; target=&quot;_blank&quot;&gt;TEEC\/PES\/1\/2023\/INC (SE TURNA DOCUMENTACI\u00d3N)&lt;\/a&gt;\" ><a href=\"https:\/\/teec.org.mx\/web\/wp-content\/uploads\/2023\/08\/TEEC-PES-1-2023-INC-23-08-2023.pdf\" target=\"_blank\">TEEC\/PES\/1\/2023\/INC (SE TURNA DOCUMENTACI\u00d3N)<\/a><\/td><\/tr><tr style=\"height:px\" ><td data-cell-id=\"A70\" data-x=\"0\" data-y=\"70\" data-db-index=\"70\" class=\"fsize-18\" data-cell-type=\"text\" data-original-value=\"28 DE JULIO DE 2023, A LAS 12:42 HORAS\" data-order=\"28 DE JULIO DE 2023, A LAS 12:42 HORAS\" >28 DE JULIO DE 2023, A LAS 12:42 HORAS <\/td><td data-cell-id=\"B70\" data-x=\"1\" data-y=\"70\" data-db-index=\"70\" class=\"fsize-18\" data-cell-type=\"text\" data-original-value=\"DATOS PROTEGIDOS\" data-order=\"DATOS PROTEGIDOS\" >DATOS PROTEGIDOS <\/td><td data-cell-id=\"C70\" data-x=\"2\" data-y=\"70\" data-db-index=\"70\" class=\"fsize-18\" data-cell-type=\"text\" data-original-value=\"MAR\u00cdA LILLY DEL CARMEN TELLEZ GARC\u00cdA\" data-order=\"MAR\u00cdA LILLY DEL CARMEN TELLEZ GARC\u00cdA\" >MAR\u00cdA LILLY DEL CARMEN TELLEZ GARC\u00cdA <\/td><td data-cell-id=\"D70\" data-x=\"3\" data-y=\"70\" data-db-index=\"70\" class=\"fsize-18\" data-cell-type=\"text\" data-original-value=\"&lt;a href=&quot;https:\/\/teec.org.mx\/web\/wp-content\/uploads\/2023\/07\/TEEC-PES-2-2023-INC-Acuerdo-Plenario-28-07-2023.pdf&quot; target=&quot;_blank&quot;&gt;TEEC\/PES\/2\/2023\/INC (ACUERDO PLENARIO)&lt;\/a&gt;\" data-order=\"&lt;a href=&quot;https:\/\/teec.org.mx\/web\/wp-content\/uploads\/2023\/07\/TEEC-PES-2-2023-INC-Acuerdo-Plenario-28-07-2023.pdf&quot; target=&quot;_blank&quot;&gt;TEEC\/PES\/2\/2023\/INC (ACUERDO PLENARIO)&lt;\/a&gt;\" ><a href=\"https:\/\/teec.org.mx\/web\/wp-content\/uploads\/2023\/07\/TEEC-PES-2-2023-INC-Acuerdo-Plenario-28-07-2023.pdf\" target=\"_blank\">TEEC\/PES\/2\/2023\/INC (ACUERDO PLENARIO)<\/a><\/td><\/tr><tr style=\"height:px\" ><td data-cell-id=\"A71\" data-x=\"0\" data-y=\"71\" data-db-index=\"71\" class=\"fsize-18\" data-cell-type=\"text\" data-original-value=\"26 DE JULIO DE 2023, A LAS 13:43 HORAS\" data-order=\"26 DE JULIO DE 2023, A LAS 13:43 HORAS\" >26 DE JULIO DE 2023, A LAS 13:43 HORAS <\/td><td data-cell-id=\"B71\" data-x=\"1\" data-y=\"71\" data-db-index=\"71\" class=\"fsize-18\" data-cell-type=\"text\" data-original-value=\"DATOS PROTEGIDOS\" data-order=\"DATOS PROTEGIDOS\" >DATOS PROTEGIDOS <\/td><td data-cell-id=\"C71\" data-x=\"2\" data-y=\"71\" data-db-index=\"71\" class=\"fsize-18\" data-cell-type=\"text\" data-original-value=\"MAR\u00cdA LILLY DEL CARMEN TELLEZ GARC\u00cdA\" data-order=\"MAR\u00cdA LILLY DEL CARMEN TELLEZ GARC\u00cdA\" >MAR\u00cdA LILLY DEL CARMEN TELLEZ GARC\u00cdA <\/td><td data-cell-id=\"D71\" data-x=\"3\" data-y=\"71\" data-db-index=\"71\" class=\"fsize-18\" data-cell-type=\"text\" data-original-value=\"&lt;a href=&quot;https:\/\/teec.org.mx\/web\/wp-content\/uploads\/2023\/07\/TEEC-PES-2-2023-INC-2do-acu.-26-07-2023.pdf&quot; target=&quot;_blank&quot;&gt;TEEC\/PES\/2\/2023\/INC (SE FIJA FECHA Y HORA PARA SESI\u00d3N PRIVADA)&lt;\/a&gt;\" data-order=\"&lt;a href=&quot;https:\/\/teec.org.mx\/web\/wp-content\/uploads\/2023\/07\/TEEC-PES-2-2023-INC-2do-acu.-26-07-2023.pdf&quot; target=&quot;_blank&quot;&gt;TEEC\/PES\/2\/2023\/INC (SE FIJA FECHA Y HORA PARA SESI\u00d3N PRIVADA)&lt;\/a&gt;\" ><a href=\"https:\/\/teec.org.mx\/web\/wp-content\/uploads\/2023\/07\/TEEC-PES-2-2023-INC-2do-acu.-26-07-2023.pdf\" target=\"_blank\">TEEC\/PES\/2\/2023\/INC (SE FIJA FECHA Y HORA PARA SESI\u00d3N PRIVADA)<\/a><\/td><\/tr><tr style=\"height:px\" ><td data-cell-id=\"A72\" data-x=\"0\" data-y=\"72\" data-db-index=\"72\" class=\"fsize-18\" data-cell-type=\"text\" data-original-value=\"26 DE JULIO DE 2023, A LAS 10:30 HORAS\" data-order=\"26 DE JULIO DE 2023, A LAS 10:30 HORAS\" >26 DE JULIO DE 2023, A LAS 10:30 HORAS <\/td><td data-cell-id=\"B72\" data-x=\"1\" data-y=\"72\" data-db-index=\"72\" class=\"fsize-18\" data-cell-type=\"text\" data-original-value=\"DATOS PROTEGIDOS\" data-order=\"DATOS PROTEGIDOS\" >DATOS PROTEGIDOS <\/td><td data-cell-id=\"C72\" data-x=\"2\" data-y=\"72\" data-db-index=\"72\" class=\"fsize-18\" data-cell-type=\"text\" data-original-value=\"MAR\u00cdA LILLY DEL CARMEN TELLEZ GARC\u00cdA\" data-order=\"MAR\u00cdA LILLY DEL CARMEN TELLEZ GARC\u00cdA\" >MAR\u00cdA LILLY DEL CARMEN TELLEZ GARC\u00cdA <\/td><td data-cell-id=\"D72\" data-x=\"3\" data-y=\"72\" data-db-index=\"72\" class=\"fsize-18\" data-cell-type=\"text\" data-original-value=\"&lt;a href=&quot;https:\/\/teec.org.mx\/web\/wp-content\/uploads\/2023\/07\/TEEC-PES-2-2023-INC-26-07-2023.pdf&quot; target=&quot;_blank&quot;&gt;TEEC\/PES\/2\/2023\/INC (DESAHOGO DE PRUEBA T\u00c9CNICA)&lt;\/a&gt;\" data-order=\"&lt;a href=&quot;https:\/\/teec.org.mx\/web\/wp-content\/uploads\/2023\/07\/TEEC-PES-2-2023-INC-26-07-2023.pdf&quot; target=&quot;_blank&quot;&gt;TEEC\/PES\/2\/2023\/INC (DESAHOGO DE PRUEBA T\u00c9CNICA)&lt;\/a&gt;\" ><a href=\"https:\/\/teec.org.mx\/web\/wp-content\/uploads\/2023\/07\/TEEC-PES-2-2023-INC-26-07-2023.pdf\" target=\"_blank\">TEEC\/PES\/2\/2023\/INC (DESAHOGO DE PRUEBA T\u00c9CNICA)<\/a><\/td><\/tr><tr style=\"height:px\" ><td data-cell-id=\"A73\" data-x=\"0\" data-y=\"73\" data-db-index=\"73\" class=\"fsize-18\" data-cell-type=\"text\" data-original-value=\"26 DE JULIO DE 2023, A LAS 8:15 HORAS\" data-order=\"26 DE JULIO DE 2023, A LAS 8:15 HORAS\" >26 DE JULIO DE 2023, A LAS 8:15 HORAS <\/td><td data-cell-id=\"B73\" data-x=\"1\" data-y=\"73\" data-db-index=\"73\" class=\"fsize-18\" data-cell-type=\"text\" data-original-value=\"DATOS PROTEGIDOS\" data-order=\"DATOS PROTEGIDOS\" >DATOS PROTEGIDOS <\/td><td data-cell-id=\"C73\" data-x=\"2\" data-y=\"73\" data-db-index=\"73\" class=\"fsize-18\" data-cell-type=\"text\" data-original-value=\"MAR\u00cdA LILLY DEL CARMEN TELLEZ GARC\u00cdA\" data-order=\"MAR\u00cdA LILLY DEL CARMEN TELLEZ GARC\u00cdA\" >MAR\u00cdA LILLY DEL CARMEN TELLEZ GARC\u00cdA <\/td><td data-cell-id=\"D73\" data-x=\"3\" data-y=\"73\" data-db-index=\"73\" class=\"fsize-18\" data-cell-type=\"text\" data-original-value=\"&lt;a href=&quot;https:\/\/teec.org.mx\/web\/wp-content\/uploads\/2023\/07\/TEEC-PES-2-2023-INC-1er-acu.-26-07-2023.pdf&quot; target=&quot;_blank&quot;&gt;TEEC\/PES\/2\/2023\/INC (ACUERDO DE DILIGENCIA PARA MEJOR PROVEER Y SOL. DE FECHA Y HORA PARA SESI\u00d3N PRIVADA)&lt;\/a&gt;\" data-order=\"&lt;a href=&quot;https:\/\/teec.org.mx\/web\/wp-content\/uploads\/2023\/07\/TEEC-PES-2-2023-INC-1er-acu.-26-07-2023.pdf&quot; target=&quot;_blank&quot;&gt;TEEC\/PES\/2\/2023\/INC (ACUERDO DE DILIGENCIA PARA MEJOR PROVEER Y SOL. DE FECHA Y HORA PARA SESI\u00d3N PRIVADA)&lt;\/a&gt;\" ><a href=\"https:\/\/teec.org.mx\/web\/wp-content\/uploads\/2023\/07\/TEEC-PES-2-2023-INC-1er-acu.-26-07-2023.pdf\" target=\"_blank\">TEEC\/PES\/2\/2023\/INC (ACUERDO DE DILIGENCIA PARA MEJOR PROVEER Y SOL. DE FECHA Y HORA PARA SESI\u00d3N PRIVADA)<\/a><\/td><\/tr><tr style=\"height:px\" ><td data-cell-id=\"A74\" data-x=\"0\" data-y=\"74\" data-db-index=\"74\" class=\"fsize-18\" data-cell-type=\"text\" data-original-value=\"25 DE JULIO DE 2023, A LAS 12:38 HORAS.\" data-order=\"25 DE JULIO DE 2023, A LAS 12:38 HORAS.\" >25 DE JULIO DE 2023, A LAS 12:38 HORAS. <\/td><td data-cell-id=\"B74\" data-x=\"1\" data-y=\"74\" data-db-index=\"74\" class=\"fsize-18\" data-cell-type=\"text\" data-original-value=\"DATO PROTEGIDO\" data-order=\"DATO PROTEGIDO\" >DATO PROTEGIDO <\/td><td data-cell-id=\"C74\" data-x=\"2\" data-y=\"74\" data-db-index=\"74\" class=\"fsize-18\" data-cell-type=\"text\" data-original-value=\"MIGUEL \u00c1NGEL G\u00d3MEZ ESCAMILLA\" data-order=\"MIGUEL \u00c1NGEL G\u00d3MEZ ESCAMILLA\" >MIGUEL \u00c1NGEL G\u00d3MEZ ESCAMILLA <\/td><td data-cell-id=\"D74\" data-x=\"3\" data-y=\"74\" data-db-index=\"74\" class=\"fsize-18\" data-cell-type=\"text\" data-original-value=\"&lt;a href=&quot;https:\/\/teec.org.mx\/web\/wp-content\/uploads\/2023\/07\/TEEC-PES-4-2023-INC-resolucion-interlocutoria-25-07-2023.pdf&quot; target=&quot;_blank&quot;&gt;TEEC\/PES\/4\/2023\/INC (RESOLUCI\u00d3N INTERLOCUTORIA)&lt;\/a&gt;\" data-order=\"&lt;a href=&quot;https:\/\/teec.org.mx\/web\/wp-content\/uploads\/2023\/07\/TEEC-PES-4-2023-INC-resolucion-interlocutoria-25-07-2023.pdf&quot; target=&quot;_blank&quot;&gt;TEEC\/PES\/4\/2023\/INC (RESOLUCI\u00d3N INTERLOCUTORIA)&lt;\/a&gt;\" ><a href=\"https:\/\/teec.org.mx\/web\/wp-content\/uploads\/2023\/07\/TEEC-PES-4-2023-INC-resolucion-interlocutoria-25-07-2023.pdf\" target=\"_blank\">TEEC\/PES\/4\/2023\/INC (RESOLUCI\u00d3N INTERLOCUTORIA)<\/a><\/td><\/tr><tr style=\"height:px\" ><td data-cell-id=\"A75\" data-x=\"0\" data-y=\"75\" data-db-index=\"75\" class=\"fsize-18\" data-cell-type=\"text\" data-original-value=\"25 DE JULIO DE 2023, A LAS 11:57 HORAS\" data-order=\"25 DE JULIO DE 2023, A LAS 11:57 HORAS\" >25 DE JULIO DE 2023, A LAS 11:57 HORAS <\/td><td data-cell-id=\"B75\" data-x=\"1\" data-y=\"75\" data-db-index=\"75\" class=\"fsize-18\" data-cell-type=\"text\" data-original-value=\"DIRECTOR GENERAL DE LO CONTENCIOSO DE LA CONSEJER\u00cdA JUR\u00cdDICA DEL PODER EJECUTIVO DEL ESTADO DE CAMPECHE, REPRESENTANTE DE LA GOBERNADORA CONSTITUCIONAL DEL ESTADO DE CAMPECHE\" data-order=\"DIRECTOR GENERAL DE LO CONTENCIOSO DE LA CONSEJER\u00cdA JUR\u00cdDICA DEL PODER EJECUTIVO DEL ESTADO DE CAMPECHE, REPRESENTANTE DE LA GOBERNADORA CONSTITUCIONAL DEL ESTADO DE CAMPECHE\" >DIRECTOR GENERAL DE LO CONTENCIOSO DE LA CONSEJER\u00cdA JUR\u00cdDICA DEL PODER EJECUTIVO DEL ESTADO DE CAMPECHE, REPRESENTANTE DE LA GOBERNADORA CONSTITUCIONAL DEL ESTADO DE CAMPECHE <\/td><td data-cell-id=\"C75\" data-x=\"2\" data-y=\"75\" data-db-index=\"75\" class=\"fsize-18\" data-cell-type=\"text\" data-original-value=\"CARLOS ALAZRAKI GROSSMAN\" data-order=\"CARLOS ALAZRAKI GROSSMAN\" >CARLOS ALAZRAKI GROSSMAN <\/td><td data-cell-id=\"D75\" data-x=\"3\" data-y=\"75\" data-db-index=\"75\" class=\"fsize-18\" data-cell-type=\"text\" data-original-value=\"&lt;a href=&quot;https:\/\/teec.org.mx\/web\/wp-content\/uploads\/2023\/07\/TEEC-PES-3-2023-INC-25-07-2023.pdf&quot; target=&quot;_blank&quot;&gt;TEEC\/PES\/3\/2023\/INC (QUEDA FIRME EL ACUERDO PLENARIO)&lt;\/a&gt;\" data-order=\"&lt;a href=&quot;https:\/\/teec.org.mx\/web\/wp-content\/uploads\/2023\/07\/TEEC-PES-3-2023-INC-25-07-2023.pdf&quot; target=&quot;_blank&quot;&gt;TEEC\/PES\/3\/2023\/INC (QUEDA FIRME EL ACUERDO PLENARIO)&lt;\/a&gt;\" ><a href=\"https:\/\/teec.org.mx\/web\/wp-content\/uploads\/2023\/07\/TEEC-PES-3-2023-INC-25-07-2023.pdf\" target=\"_blank\">TEEC\/PES\/3\/2023\/INC (QUEDA FIRME EL ACUERDO PLENARIO)<\/a><\/td><\/tr><tr style=\"height:px\" ><td data-cell-id=\"A76\" data-x=\"0\" data-y=\"76\" data-db-index=\"76\" class=\"fsize-18\" data-cell-type=\"text\" data-original-value=\"24 DE JULIO DE 2023, A LAS 14:03 HORAS\" data-order=\"24 DE JULIO DE 2023, A LAS 14:03 HORAS\" >24 DE JULIO DE 2023, A LAS 14:03 HORAS <\/td><td data-cell-id=\"B76\" data-x=\"1\" data-y=\"76\" data-db-index=\"76\" class=\"fsize-18\" data-cell-type=\"text\" data-original-value=\"DATO PROTEGIDO\" data-order=\"DATO PROTEGIDO\" >DATO PROTEGIDO <\/td><td data-cell-id=\"C76\" data-x=\"2\" data-y=\"76\" data-db-index=\"76\" class=\"fsize-18\" data-cell-type=\"text\" data-original-value=\"MIGUEL \u00c1NGEL G\u00d3MEZ ESCAMILLA\" data-order=\"MIGUEL \u00c1NGEL G\u00d3MEZ ESCAMILLA\" >MIGUEL \u00c1NGEL G\u00d3MEZ ESCAMILLA <\/td><td data-cell-id=\"D76\" data-x=\"3\" data-y=\"76\" data-db-index=\"76\" class=\"fsize-18\" data-cell-type=\"text\" data-original-value=\"&lt;a href=&quot;https:\/\/teec.org.mx\/web\/wp-content\/uploads\/2023\/07\/TEEC-PES-4-2023-INC-4to-acu.-24-07-2023.pdf&quot; target=&quot;_blank&quot;&gt;TEEC\/PES\/4\/2023\/INC (ACUERDO SE FIJA FECHA Y HORA PARA SESI\u00d3N PRIVADA)&lt;\/a&gt;\" data-order=\"&lt;a href=&quot;https:\/\/teec.org.mx\/web\/wp-content\/uploads\/2023\/07\/TEEC-PES-4-2023-INC-4to-acu.-24-07-2023.pdf&quot; target=&quot;_blank&quot;&gt;TEEC\/PES\/4\/2023\/INC (ACUERDO SE FIJA FECHA Y HORA PARA SESI\u00d3N PRIVADA)&lt;\/a&gt;\" ><a href=\"https:\/\/teec.org.mx\/web\/wp-content\/uploads\/2023\/07\/TEEC-PES-4-2023-INC-4to-acu.-24-07-2023.pdf\" target=\"_blank\">TEEC\/PES\/4\/2023\/INC (ACUERDO SE FIJA FECHA Y HORA PARA SESI\u00d3N PRIVADA)<\/a><\/td><\/tr><tr style=\"height:px\" ><td data-cell-id=\"A77\" data-x=\"0\" data-y=\"77\" data-db-index=\"77\" class=\"fsize-18\" data-cell-type=\"text\" data-original-value=\"24 DE JULIO DE 2023, A LAS 13:40 HORAS\" data-order=\"24 DE JULIO DE 2023, A LAS 13:40 HORAS\" >24 DE JULIO DE 2023, A LAS 13:40 HORAS <\/td><td data-cell-id=\"B77\" data-x=\"1\" data-y=\"77\" data-db-index=\"77\" class=\"fsize-18\" data-cell-type=\"text\" data-original-value=\"DATO PROTEGIDO\" data-order=\"DATO PROTEGIDO\" >DATO PROTEGIDO <\/td><td data-cell-id=\"C77\" data-x=\"2\" data-y=\"77\" data-db-index=\"77\" class=\"fsize-18\" data-cell-type=\"text\" data-original-value=\"MIGUEL \u00c1NGEL G\u00d3MEZ ESCAMILLA\" data-order=\"MIGUEL \u00c1NGEL G\u00d3MEZ ESCAMILLA\" >MIGUEL \u00c1NGEL G\u00d3MEZ ESCAMILLA <\/td><td data-cell-id=\"D77\" data-x=\"3\" data-y=\"77\" data-db-index=\"77\" class=\"fsize-18\" data-cell-type=\"text\" data-original-value=\"&lt;a href=&quot;https:\/\/teec.org.mx\/web\/wp-content\/uploads\/2023\/07\/TEEC-PES-4-2023-INC-3er-acu.-24-07-2023.pdf&quot; target=&quot;_blank&quot;&gt;TEEC\/PES\/4\/2023 (ACUERDO DE SOL. DE FECHA Y HORA PARA SESI\u00d3N PRIVADA)&lt;\/a&gt;\" data-order=\"&lt;a href=&quot;https:\/\/teec.org.mx\/web\/wp-content\/uploads\/2023\/07\/TEEC-PES-4-2023-INC-3er-acu.-24-07-2023.pdf&quot; target=&quot;_blank&quot;&gt;TEEC\/PES\/4\/2023 (ACUERDO DE SOL. DE FECHA Y HORA PARA SESI\u00d3N PRIVADA)&lt;\/a&gt;\" ><a href=\"https:\/\/teec.org.mx\/web\/wp-content\/uploads\/2023\/07\/TEEC-PES-4-2023-INC-3er-acu.-24-07-2023.pdf\" target=\"_blank\">TEEC\/PES\/4\/2023 (ACUERDO DE SOL. DE FECHA Y HORA PARA SESI\u00d3N PRIVADA)<\/a><\/td><\/tr><tr style=\"height:px\" ><td data-cell-id=\"A78\" data-x=\"0\" data-y=\"78\" data-db-index=\"78\" class=\"fsize-18\" data-cell-type=\"text\" data-original-value=\"24 DE JULIO DE 2023, A LAS 13:00 HORAS\" data-order=\"24 DE JULIO DE 2023, A LAS 13:00 HORAS\" >24 DE JULIO DE 2023, A LAS 13:00 HORAS <\/td><td data-cell-id=\"B78\" data-x=\"1\" data-y=\"78\" data-db-index=\"78\" class=\"fsize-18\" data-cell-type=\"text\" data-original-value=\"DATO PROTEGIDO\" data-order=\"DATO PROTEGIDO\" >DATO PROTEGIDO <\/td><td data-cell-id=\"C78\" data-x=\"2\" data-y=\"78\" data-db-index=\"78\" class=\"fsize-18\" data-cell-type=\"text\" data-original-value=\"MIGUEL \u00c1NGEL G\u00d3MEZ ESCAMILLA\" data-order=\"MIGUEL \u00c1NGEL G\u00d3MEZ ESCAMILLA\" >MIGUEL \u00c1NGEL G\u00d3MEZ ESCAMILLA <\/td><td data-cell-id=\"D78\" data-x=\"3\" data-y=\"78\" data-db-index=\"78\" class=\"fsize-18\" data-cell-type=\"text\" data-original-value=\"&lt;a href=&quot;https:\/\/teec.org.mx\/web\/wp-content\/uploads\/2023\/07\/TEEC-PES-4-2023-INC-2do-acu.-24-07-2023.pdf&quot; target=&quot;_blank&quot;&gt;TEEC\/PES\/4\/2023\/INC (DILIGENCIA DE INSPECCI\u00d3N)&lt;\/a&gt;\" data-order=\"&lt;a href=&quot;https:\/\/teec.org.mx\/web\/wp-content\/uploads\/2023\/07\/TEEC-PES-4-2023-INC-2do-acu.-24-07-2023.pdf&quot; target=&quot;_blank&quot;&gt;TEEC\/PES\/4\/2023\/INC (DILIGENCIA DE INSPECCI\u00d3N)&lt;\/a&gt;\" ><a href=\"https:\/\/teec.org.mx\/web\/wp-content\/uploads\/2023\/07\/TEEC-PES-4-2023-INC-2do-acu.-24-07-2023.pdf\" target=\"_blank\">TEEC\/PES\/4\/2023\/INC (DILIGENCIA DE INSPECCI\u00d3N)<\/a><\/td><\/tr><tr style=\"height:px\" ><td data-cell-id=\"A79\" data-x=\"0\" data-y=\"79\" data-db-index=\"79\" class=\"fsize-18\" data-cell-type=\"text\" data-original-value=\"24 DE JULIO DE 2023, A LAS 10:36 HORAS\" data-order=\"24 DE JULIO DE 2023, A LAS 10:36 HORAS\" >24 DE JULIO DE 2023, A LAS 10:36 HORAS <\/td><td data-cell-id=\"B79\" data-x=\"1\" data-y=\"79\" data-db-index=\"79\" class=\"fsize-18\" data-cell-type=\"text\" data-original-value=\"DATO PROTEGIDO\" data-order=\"DATO PROTEGIDO\" >DATO PROTEGIDO <\/td><td data-cell-id=\"C79\" data-x=\"2\" data-y=\"79\" data-db-index=\"79\" class=\"fsize-18\" data-cell-type=\"text\" data-original-value=\"MIGUEL \u00c1NGEL G\u00d3MEZ ESCAMILLA\" data-order=\"MIGUEL \u00c1NGEL G\u00d3MEZ ESCAMILLA\" >MIGUEL \u00c1NGEL G\u00d3MEZ ESCAMILLA <\/td><td data-cell-id=\"D79\" data-x=\"3\" data-y=\"79\" data-db-index=\"79\" class=\"fsize-18\" data-cell-type=\"text\" data-original-value=\"&lt;a href=&quot;https:\/\/teec.org.mx\/web\/wp-content\/uploads\/2023\/07\/TEEC-PES-4-2023-INC-1er-acu.-24-07-2023.pdf&quot; target=&quot;_blank&quot;&gt;TEEC\/PES\/4\/2023\/INC (DILIGENCIA PARA MEJOR PROVEER E INSPECCI\u00d3N DE LA CUENTA DE LA RED SOCIAL DEL DENUNCIADO)&lt;\/a&gt;\" data-order=\"&lt;a href=&quot;https:\/\/teec.org.mx\/web\/wp-content\/uploads\/2023\/07\/TEEC-PES-4-2023-INC-1er-acu.-24-07-2023.pdf&quot; target=&quot;_blank&quot;&gt;TEEC\/PES\/4\/2023\/INC (DILIGENCIA PARA MEJOR PROVEER E INSPECCI\u00d3N DE LA CUENTA DE LA RED SOCIAL DEL DENUNCIADO)&lt;\/a&gt;\" ><a href=\"https:\/\/teec.org.mx\/web\/wp-content\/uploads\/2023\/07\/TEEC-PES-4-2023-INC-1er-acu.-24-07-2023.pdf\" target=\"_blank\">TEEC\/PES\/4\/2023\/INC (DILIGENCIA PARA MEJOR PROVEER E INSPECCI\u00d3N DE LA CUENTA DE LA RED SOCIAL DEL DENUNCIADO)<\/a><\/td><\/tr><tr style=\"height:px\" ><td data-cell-id=\"A80\" data-x=\"0\" data-y=\"80\" data-db-index=\"80\" class=\"fsize-18\" data-cell-type=\"text\" data-original-value=\"24 DE JULIO DE 2023, A LAS 10:25 HORAS\" data-order=\"24 DE JULIO DE 2023, A LAS 10:25 HORAS\" >24 DE JULIO DE 2023, A LAS 10:25 HORAS <\/td><td data-cell-id=\"B80\" data-x=\"1\" data-y=\"80\" data-db-index=\"80\" class=\"fsize-18\" data-cell-type=\"text\" data-original-value=\"DATOS PROTEGIDOS\" data-order=\"DATOS PROTEGIDOS\" >DATOS PROTEGIDOS <\/td><td data-cell-id=\"C80\" data-x=\"2\" data-y=\"80\" data-db-index=\"80\" class=\"fsize-18\" data-cell-type=\"text\" data-original-value=\"ELISEO FERN\u00c1NDEZ MONTUFAR\" data-order=\"ELISEO FERN\u00c1NDEZ MONTUFAR\" >ELISEO FERN\u00c1NDEZ MONTUFAR <\/td><td data-cell-id=\"D80\" data-x=\"3\" data-y=\"80\" data-db-index=\"80\" class=\"fsize-18\" data-cell-type=\"text\" data-original-value=\"&lt;a href=&quot;https:\/\/teec.org.mx\/web\/wp-content\/uploads\/2023\/07\/TEEC-PES-1-2023-INC-24-07-2023.pdf&quot; target=&quot;_blank&quot;&gt;TEEC\/PES\/1\/2023\/INC (QUEDA FIRME EL ACUERDO PLENARIO)&lt;\/a&gt;\" data-order=\"&lt;a href=&quot;https:\/\/teec.org.mx\/web\/wp-content\/uploads\/2023\/07\/TEEC-PES-1-2023-INC-24-07-2023.pdf&quot; target=&quot;_blank&quot;&gt;TEEC\/PES\/1\/2023\/INC (QUEDA FIRME EL ACUERDO PLENARIO)&lt;\/a&gt;\" ><a href=\"https:\/\/teec.org.mx\/web\/wp-content\/uploads\/2023\/07\/TEEC-PES-1-2023-INC-24-07-2023.pdf\" target=\"_blank\">TEEC\/PES\/1\/2023\/INC (QUEDA FIRME EL ACUERDO PLENARIO)<\/a><\/td><\/tr><tr style=\"height:px\" ><td data-cell-id=\"A81\" data-x=\"0\" data-y=\"81\" data-db-index=\"81\" class=\"fsize-18\" data-cell-type=\"text\" data-original-value=\"14 DE JULIO DE 2023, A LAS 14:27 HORAS\" data-order=\"14 DE JULIO DE 2023, A LAS 14:27 HORAS\" >14 DE JULIO DE 2023, A LAS 14:27 HORAS <\/td><td data-cell-id=\"B81\" data-x=\"1\" data-y=\"81\" data-db-index=\"81\" class=\"fsize-18\" data-cell-type=\"text\" data-original-value=\"DATOS PROTEGIDOS\" data-order=\"DATOS PROTEGIDOS\" >DATOS PROTEGIDOS <\/td><td data-cell-id=\"C81\" data-x=\"2\" data-y=\"81\" data-db-index=\"81\" class=\"fsize-18\" data-cell-type=\"text\" data-original-value=\"ELISEO FERN\u00c1NDEZ MONTUFAR\" data-order=\"ELISEO FERN\u00c1NDEZ MONTUFAR\" >ELISEO FERN\u00c1NDEZ MONTUFAR <\/td><td data-cell-id=\"D81\" data-x=\"3\" data-y=\"81\" data-db-index=\"81\" class=\"fsize-18\" data-cell-type=\"text\" data-original-value=\"&lt;a href=&quot;https:\/\/teec.org.mx\/web\/wp-content\/uploads\/2023\/07\/TEEC-PES-1-2023-INC-Auerdo-Plenario-14-07-2023.pdf&quot; target=&quot;_blank&quot;&gt;TEEC\/PES\/1\/2023\/INC (ACUERDO PLENARIO)&lt;\/a&gt;\" data-order=\"&lt;a href=&quot;https:\/\/teec.org.mx\/web\/wp-content\/uploads\/2023\/07\/TEEC-PES-1-2023-INC-Auerdo-Plenario-14-07-2023.pdf&quot; target=&quot;_blank&quot;&gt;TEEC\/PES\/1\/2023\/INC (ACUERDO PLENARIO)&lt;\/a&gt;\" ><a href=\"https:\/\/teec.org.mx\/web\/wp-content\/uploads\/2023\/07\/TEEC-PES-1-2023-INC-Auerdo-Plenario-14-07-2023.pdf\" target=\"_blank\">TEEC\/PES\/1\/2023\/INC (ACUERDO PLENARIO)<\/a><\/td><\/tr><tr style=\"height:px\" ><td data-cell-id=\"A82\" data-x=\"0\" data-y=\"82\" data-db-index=\"82\" class=\"fsize-18\" data-cell-type=\"text\" data-original-value=\"14 DE JULIO DE 2023, A LAS 13:50 HORAS\" data-order=\"14 DE JULIO DE 2023, A LAS 13:50 HORAS\" >14 DE JULIO DE 2023, A LAS 13:50 HORAS <\/td><td data-cell-id=\"B82\" data-x=\"1\" data-y=\"82\" data-db-index=\"82\" class=\"fsize-18\" data-cell-type=\"text\" data-original-value=\"DATOS PROTEGIDOS\" data-order=\"DATOS PROTEGIDOS\" >DATOS PROTEGIDOS <\/td><td data-cell-id=\"C82\" data-x=\"2\" data-y=\"82\" data-db-index=\"82\" class=\"fsize-18\" data-cell-type=\"text\" data-original-value=\"MAR\u00cdA LILLY DEL CARMEN TELLEZ GARC\u00cdA\" data-order=\"MAR\u00cdA LILLY DEL CARMEN TELLEZ GARC\u00cdA\" >MAR\u00cdA LILLY DEL CARMEN TELLEZ GARC\u00cdA <\/td><td data-cell-id=\"D82\" data-x=\"3\" data-y=\"82\" data-db-index=\"82\" class=\"fsize-18\" data-cell-type=\"text\" data-original-value=\"&lt;a href=&quot;https:\/\/teec.org.mx\/web\/wp-content\/uploads\/2023\/07\/TEEC-PES-2-2023-INC-14-07-2023.pdf&quot; target=&quot;_blank&quot;&gt;TEEC\/PES\/2\/2023\/INC (DESAHOGO DE PRUEBA T\u00c9CNICA)&lt;\/a&gt;\" data-order=\"&lt;a href=&quot;https:\/\/teec.org.mx\/web\/wp-content\/uploads\/2023\/07\/TEEC-PES-2-2023-INC-14-07-2023.pdf&quot; target=&quot;_blank&quot;&gt;TEEC\/PES\/2\/2023\/INC (DESAHOGO DE PRUEBA T\u00c9CNICA)&lt;\/a&gt;\" ><a href=\"https:\/\/teec.org.mx\/web\/wp-content\/uploads\/2023\/07\/TEEC-PES-2-2023-INC-14-07-2023.pdf\" target=\"_blank\">TEEC\/PES\/2\/2023\/INC (DESAHOGO DE PRUEBA T\u00c9CNICA)<\/a><\/td><\/tr><tr style=\"height:px\" ><td data-cell-id=\"A83\" data-x=\"0\" data-y=\"83\" data-db-index=\"83\" class=\"fsize-18\" data-cell-type=\"text\" data-original-value=\"14 DE JULIO DE 2023, A LAS 11:00 HORAS\" data-order=\"14 DE JULIO DE 2023, A LAS 11:00 HORAS\" >14 DE JULIO DE 2023, A LAS 11:00 HORAS <\/td><td data-cell-id=\"B83\" data-x=\"1\" data-y=\"83\" data-db-index=\"83\" class=\"fsize-18\" data-cell-type=\"text\" data-original-value=\"DATOS PROTEGIDOS\" data-order=\"DATOS PROTEGIDOS\" >DATOS PROTEGIDOS <\/td><td data-cell-id=\"C83\" data-x=\"2\" data-y=\"83\" data-db-index=\"83\" class=\"fsize-18\" data-cell-type=\"text\" data-original-value=\"CARLOS ALAZRAKI GROSSMAN\" data-order=\"CARLOS ALAZRAKI GROSSMAN\" >CARLOS ALAZRAKI GROSSMAN <\/td><td data-cell-id=\"D83\" data-x=\"3\" data-y=\"83\" data-db-index=\"83\" class=\"fsize-18\" data-cell-type=\"text\" data-original-value=\"&lt;a href=&quot;https:\/\/teec.org.mx\/web\/wp-content\/uploads\/2023\/07\/TEEC-PES-3-2023-INC-14-07-2023.pdf&quot; target=&quot;_blank&quot;&gt;TEEC\/PES\/3\/2023\/INC (INCUMPLIMIENTO A LA VISTA, CIERRE DE INSTRUCCI\u00d3N Y SE FIJA FECHA Y HORA PARA SESI\u00d3N PRIVADA)&lt;\/a&gt;\" data-order=\"&lt;a href=&quot;https:\/\/teec.org.mx\/web\/wp-content\/uploads\/2023\/07\/TEEC-PES-3-2023-INC-14-07-2023.pdf&quot; target=&quot;_blank&quot;&gt;TEEC\/PES\/3\/2023\/INC (INCUMPLIMIENTO A LA VISTA, CIERRE DE INSTRUCCI\u00d3N Y SE FIJA FECHA Y HORA PARA SESI\u00d3N PRIVADA)&lt;\/a&gt;\" ><a href=\"https:\/\/teec.org.mx\/web\/wp-content\/uploads\/2023\/07\/TEEC-PES-3-2023-INC-14-07-2023.pdf\" target=\"_blank\">TEEC\/PES\/3\/2023\/INC (INCUMPLIMIENTO A LA VISTA, CIERRE DE INSTRUCCI\u00d3N Y SE FIJA FECHA Y HORA PARA SESI\u00d3N PRIVADA)<\/a><\/td><\/tr><tr style=\"height:px\" ><td data-cell-id=\"A84\" data-x=\"0\" data-y=\"84\" data-db-index=\"84\" class=\"fsize-18\" data-cell-type=\"text\" data-original-value=\"13 DE JULIO DE 2023, A LAS 13:05 HORAS\" data-order=\"13 DE JULIO DE 2023, A LAS 13:05 HORAS\" >13 DE JULIO DE 2023, A LAS 13:05 HORAS <\/td><td data-cell-id=\"B84\" data-x=\"1\" data-y=\"84\" data-db-index=\"84\" class=\"fsize-18\" data-cell-type=\"text\" data-original-value=\"DATOS PROTEGIDOS\" data-order=\"DATOS PROTEGIDOS\" >DATOS PROTEGIDOS <\/td><td data-cell-id=\"C84\" data-x=\"2\" data-y=\"84\" data-db-index=\"84\" class=\"fsize-18\" data-cell-type=\"text\" data-original-value=\"ELISEO FERN\u00c1NDEZ MONTUFAR\" data-order=\"ELISEO FERN\u00c1NDEZ MONTUFAR\" >ELISEO FERN\u00c1NDEZ MONTUFAR <\/td><td data-cell-id=\"D84\" data-x=\"3\" data-y=\"84\" data-db-index=\"84\" class=\"fsize-18\" data-cell-type=\"text\" data-original-value=\"&lt;a href=&quot;https:\/\/teec.org.mx\/web\/wp-content\/uploads\/2023\/07\/TEEC-PES-1-2023-INC-2do-acu.-13-07-2023.pdf&quot; target=&quot;_blank&quot;&gt;TEEC\/PES\/1\/2023\/INC (SE FIJA FECHA Y HORA PARA SESI\u00d3N PRIVADA)&lt;\/a&gt;\" data-order=\"&lt;a href=&quot;https:\/\/teec.org.mx\/web\/wp-content\/uploads\/2023\/07\/TEEC-PES-1-2023-INC-2do-acu.-13-07-2023.pdf&quot; target=&quot;_blank&quot;&gt;TEEC\/PES\/1\/2023\/INC (SE FIJA FECHA Y HORA PARA SESI\u00d3N PRIVADA)&lt;\/a&gt;\" ><a href=\"https:\/\/teec.org.mx\/web\/wp-content\/uploads\/2023\/07\/TEEC-PES-1-2023-INC-2do-acu.-13-07-2023.pdf\" target=\"_blank\">TEEC\/PES\/1\/2023\/INC (SE FIJA FECHA Y HORA PARA SESI\u00d3N PRIVADA)<\/a><\/td><\/tr><tr style=\"height:px\" ><td data-cell-id=\"A85\" data-x=\"0\" data-y=\"85\" data-db-index=\"85\" class=\"fsize-18\" data-cell-type=\"text\" data-original-value=\"13 DE JULIO DE 2023, A LAS 12:28 HORAS\" data-order=\"13 DE JULIO DE 2023, A LAS 12:28 HORAS\" >13 DE JULIO DE 2023, A LAS 12:28 HORAS <\/td><td data-cell-id=\"B85\" data-x=\"1\" data-y=\"85\" data-db-index=\"85\" class=\"fsize-18\" data-cell-type=\"text\" data-original-value=\"DATOS PROTEGIDOS\" data-order=\"DATOS PROTEGIDOS\" >DATOS PROTEGIDOS <\/td><td data-cell-id=\"C85\" data-x=\"2\" data-y=\"85\" data-db-index=\"85\" class=\"fsize-18\" data-cell-type=\"text\" data-original-value=\"ELISEO FERN\u00c1NDEZ MONTUFAR\" data-order=\"ELISEO FERN\u00c1NDEZ MONTUFAR\" >ELISEO FERN\u00c1NDEZ MONTUFAR <\/td><td data-cell-id=\"D85\" data-x=\"3\" data-y=\"85\" data-db-index=\"85\" class=\"fsize-18\" data-cell-type=\"text\" data-original-value=\"&lt;a href=&quot;https:\/\/teec.org.mx\/web\/wp-content\/uploads\/2023\/07\/TEEC-PES-1-2023-INC-13-07-2023.pdf&quot; target=&quot;_blank&quot;&gt;TEEC\/PES\/1\/2023\/INC (ACUERDO DE SOLICITUD DE FECHA Y HORA PARA SESI\u00d3N)&lt;\/a&gt;\" data-order=\"&lt;a href=&quot;https:\/\/teec.org.mx\/web\/wp-content\/uploads\/2023\/07\/TEEC-PES-1-2023-INC-13-07-2023.pdf&quot; target=&quot;_blank&quot;&gt;TEEC\/PES\/1\/2023\/INC (ACUERDO DE SOLICITUD DE FECHA Y HORA PARA SESI\u00d3N)&lt;\/a&gt;\" ><a href=\"https:\/\/teec.org.mx\/web\/wp-content\/uploads\/2023\/07\/TEEC-PES-1-2023-INC-13-07-2023.pdf\" target=\"_blank\">TEEC\/PES\/1\/2023\/INC (ACUERDO DE SOLICITUD DE FECHA Y HORA PARA SESI\u00d3N)<\/a><\/td><\/tr><tr style=\"height:px\" ><td data-cell-id=\"A86\" data-x=\"0\" data-y=\"86\" data-db-index=\"86\" class=\"fsize-18\" data-cell-type=\"text\" data-original-value=\"13 DE JULIO DE 2023, A LAS 11:25 HORAS\" data-order=\"13 DE JULIO DE 2023, A LAS 11:25 HORAS\" >13 DE JULIO DE 2023, A LAS 11:25 HORAS <\/td><td data-cell-id=\"B86\" data-x=\"1\" data-y=\"86\" data-db-index=\"86\" class=\"fsize-18\" data-cell-type=\"text\" data-original-value=\"DATOS PROTEGIDOS\" data-order=\"DATOS PROTEGIDOS\" >DATOS PROTEGIDOS <\/td><td data-cell-id=\"C86\" data-x=\"2\" data-y=\"86\" data-db-index=\"86\" class=\"fsize-18\" data-cell-type=\"text\" data-original-value=\"MAR\u00cdA LILLY DEL CARMEN TELLEZ GARC\u00cdA\" data-order=\"MAR\u00cdA LILLY DEL CARMEN TELLEZ GARC\u00cdA\" >MAR\u00cdA LILLY DEL CARMEN TELLEZ GARC\u00cdA <\/td><td data-cell-id=\"D86\" data-x=\"3\" data-y=\"86\" data-db-index=\"86\" class=\"fsize-18\" data-cell-type=\"text\" data-original-value=\"&lt;a href=&quot;https:\/\/teec.org.mx\/web\/wp-content\/uploads\/2023\/07\/TEEC-PES-2-2023-INC-2do-acu.-13-07-2023.pdf&quot; target=&quot;_blank&quot;&gt;TEEC\/PES\/2\/2023\/INC (ACUERDO DE ACUMULACI\u00d3N)&lt;\/a&gt;\" data-order=\"&lt;a href=&quot;https:\/\/teec.org.mx\/web\/wp-content\/uploads\/2023\/07\/TEEC-PES-2-2023-INC-2do-acu.-13-07-2023.pdf&quot; target=&quot;_blank&quot;&gt;TEEC\/PES\/2\/2023\/INC (ACUERDO DE ACUMULACI\u00d3N)&lt;\/a&gt;\" ><a href=\"https:\/\/teec.org.mx\/web\/wp-content\/uploads\/2023\/07\/TEEC-PES-2-2023-INC-2do-acu.-13-07-2023.pdf\" target=\"_blank\">TEEC\/PES\/2\/2023\/INC (ACUERDO DE ACUMULACI\u00d3N)<\/a><\/td><\/tr><tr style=\"height:px\" ><td data-cell-id=\"A87\" data-x=\"0\" data-y=\"87\" data-db-index=\"87\" class=\"fsize-18\" data-cell-type=\"text\" data-original-value=\"13 DE JULIO DE 2023, A LAS 10:15 HORAS\" data-order=\"13 DE JULIO DE 2023, A LAS 10:15 HORAS\" >13 DE JULIO DE 2023, A LAS 10:15 HORAS <\/td><td data-cell-id=\"B87\" data-x=\"1\" data-y=\"87\" data-db-index=\"87\" class=\"fsize-18\" data-cell-type=\"text\" data-original-value=\"DATOS PROTEGIDOS\" data-order=\"DATOS PROTEGIDOS\" >DATOS PROTEGIDOS <\/td><td data-cell-id=\"C87\" data-x=\"2\" data-y=\"87\" data-db-index=\"87\" class=\"fsize-18\" data-cell-type=\"text\" data-original-value=\"MAR\u00cdA LILLY DEL CARMEN TELLEZ GARC\u00cdA\" data-order=\"MAR\u00cdA LILLY DEL CARMEN TELLEZ GARC\u00cdA\" >MAR\u00cdA LILLY DEL CARMEN TELLEZ GARC\u00cdA <\/td><td data-cell-id=\"D87\" data-x=\"3\" data-y=\"87\" data-db-index=\"87\" class=\"fsize-18\" data-cell-type=\"text\" data-original-value=\"&lt;a href=&quot;https:\/\/teec.org.mx\/web\/wp-content\/uploads\/2023\/07\/TEEC-PES-2-2023-INC-13-07-2023.pdf&quot; target=&quot;_blank&quot;&gt;TEEC\/PES\/2\/2023\/INC (ACUERDO DE TURNO DE DOCUMENTACI\u00d3N)&lt;\/a&gt;\" data-order=\"&lt;a href=&quot;https:\/\/teec.org.mx\/web\/wp-content\/uploads\/2023\/07\/TEEC-PES-2-2023-INC-13-07-2023.pdf&quot; target=&quot;_blank&quot;&gt;TEEC\/PES\/2\/2023\/INC (ACUERDO DE TURNO DE DOCUMENTACI\u00d3N)&lt;\/a&gt;\" ><a href=\"https:\/\/teec.org.mx\/web\/wp-content\/uploads\/2023\/07\/TEEC-PES-2-2023-INC-13-07-2023.pdf\" target=\"_blank\">TEEC\/PES\/2\/2023\/INC (ACUERDO DE TURNO DE DOCUMENTACI\u00d3N)<\/a><\/td><\/tr><tr style=\"height:px\" ><td data-cell-id=\"A88\" data-x=\"0\" data-y=\"88\" data-db-index=\"88\" class=\"fsize-18\" data-cell-type=\"text\" data-original-value=\"12 DE JULIO DE 2023, A LAS 14:30 HORAS\" data-order=\"12 DE JULIO DE 2023, A LAS 14:30 HORAS\" >12 DE JULIO DE 2023, A LAS 14:30 HORAS <\/td><td data-cell-id=\"B88\" data-x=\"1\" data-y=\"88\" data-db-index=\"88\" class=\"fsize-18\" data-cell-type=\"text\" data-original-value=\"DATOS PROTEGIDOS\" data-order=\"DATOS PROTEGIDOS\" >DATOS PROTEGIDOS <\/td><td data-cell-id=\"C88\" data-x=\"2\" data-y=\"88\" data-db-index=\"88\" class=\"fsize-18\" data-cell-type=\"text\" data-original-value=\"ELISEO FERN\u00c1NDEZ MONTUFAR\" data-order=\"ELISEO FERN\u00c1NDEZ MONTUFAR\" >ELISEO FERN\u00c1NDEZ MONTUFAR <\/td><td data-cell-id=\"D88\" data-x=\"3\" data-y=\"88\" data-db-index=\"88\" class=\"fsize-18\" data-cell-type=\"text\" data-original-value=\"&lt;a href=&quot;https:\/\/teec.org.mx\/web\/wp-content\/uploads\/2023\/07\/TEEC-PES-1-2023-INC-12-07-2023.pdf&quot; target=&quot;_blank&quot;&gt;TEEC\/PES\/1\/2023\/INC (DILIGENCIA DE INSPECCI\u00d3N)&lt;\/a&gt;\" data-order=\"&lt;a href=&quot;https:\/\/teec.org.mx\/web\/wp-content\/uploads\/2023\/07\/TEEC-PES-1-2023-INC-12-07-2023.pdf&quot; target=&quot;_blank&quot;&gt;TEEC\/PES\/1\/2023\/INC (DILIGENCIA DE INSPECCI\u00d3N)&lt;\/a&gt;\" ><a href=\"https:\/\/teec.org.mx\/web\/wp-content\/uploads\/2023\/07\/TEEC-PES-1-2023-INC-12-07-2023.pdf\" target=\"_blank\">TEEC\/PES\/1\/2023\/INC (DILIGENCIA DE INSPECCI\u00d3N)<\/a><\/td><\/tr><tr style=\"height:px\" ><td data-cell-id=\"A89\" data-x=\"0\" data-y=\"89\" data-db-index=\"89\" class=\"fsize-18\" data-cell-type=\"text\" data-original-value=\"12 DE JULIO DE 2023, A LAS 13:50 HORAS\" data-order=\"12 DE JULIO DE 2023, A LAS 13:50 HORAS\" >12 DE JULIO DE 2023, A LAS 13:50 HORAS <\/td><td data-cell-id=\"B89\" data-x=\"1\" data-y=\"89\" data-db-index=\"89\" class=\"fsize-18\" data-cell-type=\"text\" data-original-value=\"DATO PROTEGIDO\" data-order=\"DATO PROTEGIDO\" >DATO PROTEGIDO <\/td><td data-cell-id=\"C89\" data-x=\"2\" data-y=\"89\" data-db-index=\"89\" class=\"fsize-18\" data-cell-type=\"text\" data-original-value=\"MIGUEL \u00c1NGEL G\u00d3MEZ ESCAMILLA\" data-order=\"MIGUEL \u00c1NGEL G\u00d3MEZ ESCAMILLA\" >MIGUEL \u00c1NGEL G\u00d3MEZ ESCAMILLA <\/td><td data-cell-id=\"D89\" data-x=\"3\" data-y=\"89\" data-db-index=\"89\" class=\"fsize-18\" data-cell-type=\"text\" data-original-value=\"&lt;a href=&quot;https:\/\/teec.org.mx\/web\/wp-content\/uploads\/2023\/07\/TEEC-PES-4-2023-INC-12-07-2023.pdf&quot; target=&quot;_blank&quot;&gt;TEEC\/PES\/4\/2023\/INC (DILIGENCIA DE INSPECCI\u00d3N)&lt;\/a&gt;\" data-order=\"&lt;a href=&quot;https:\/\/teec.org.mx\/web\/wp-content\/uploads\/2023\/07\/TEEC-PES-4-2023-INC-12-07-2023.pdf&quot; target=&quot;_blank&quot;&gt;TEEC\/PES\/4\/2023\/INC (DILIGENCIA DE INSPECCI\u00d3N)&lt;\/a&gt;\" ><a href=\"https:\/\/teec.org.mx\/web\/wp-content\/uploads\/2023\/07\/TEEC-PES-4-2023-INC-12-07-2023.pdf\" target=\"_blank\">TEEC\/PES\/4\/2023\/INC (DILIGENCIA DE INSPECCI\u00d3N)<\/a><\/td><\/tr><tr style=\"height:px\" ><td data-cell-id=\"A90\" data-x=\"0\" data-y=\"90\" data-db-index=\"90\" class=\"fsize-18\" data-cell-type=\"text\" data-original-value=\"11 DE JULIO DE 2023, A LAS 12:41 HORAS\" data-order=\"11 DE JULIO DE 2023, A LAS 12:41 HORAS\" >11 DE JULIO DE 2023, A LAS 12:41 HORAS <\/td><td data-cell-id=\"B90\" data-x=\"1\" data-y=\"90\" data-db-index=\"90\" class=\"fsize-18\" data-cell-type=\"text\" data-original-value=\"DATOS PROTEGIDOS\" data-order=\"DATOS PROTEGIDOS\" >DATOS PROTEGIDOS <\/td><td data-cell-id=\"C90\" data-x=\"2\" data-y=\"90\" data-db-index=\"90\" class=\"fsize-18\" data-cell-type=\"text\" data-original-value=\"MAR\u00cdA LILLY DEL CARMEN TELLEZ GARC\u00cdA\" data-order=\"MAR\u00cdA LILLY DEL CARMEN TELLEZ GARC\u00cdA\" >MAR\u00cdA LILLY DEL CARMEN TELLEZ GARC\u00cdA <\/td><td data-cell-id=\"D90\" data-x=\"3\" data-y=\"90\" data-db-index=\"90\" class=\"fsize-18\" data-cell-type=\"text\" data-original-value=\"&lt;a href=&quot;https:\/\/teec.org.mx\/web\/wp-content\/uploads\/2023\/07\/TEEC-PES-2-2023-INC-11-07-2023.pdf&quot; target=&quot;_blank&quot;&gt;TEEC\/PES\/2\/2023\/INC (ACUERDO DE INCUMPLIMIENTO A LA VISTA Y DILIGENCIA PARA MEJOR PROVEER E INSPECCI\u00d3N DE LA CUENTA DE TWITTER DE LA DENUNCIADA)&lt;\/a&gt;\" data-order=\"&lt;a href=&quot;https:\/\/teec.org.mx\/web\/wp-content\/uploads\/2023\/07\/TEEC-PES-2-2023-INC-11-07-2023.pdf&quot; target=&quot;_blank&quot;&gt;TEEC\/PES\/2\/2023\/INC (ACUERDO DE INCUMPLIMIENTO A LA VISTA Y DILIGENCIA PARA MEJOR PROVEER E INSPECCI\u00d3N DE LA CUENTA DE TWITTER DE LA DENUNCIADA)&lt;\/a&gt;\" ><a href=\"https:\/\/teec.org.mx\/web\/wp-content\/uploads\/2023\/07\/TEEC-PES-2-2023-INC-11-07-2023.pdf\" target=\"_blank\">TEEC\/PES\/2\/2023\/INC (ACUERDO DE INCUMPLIMIENTO A LA VISTA Y DILIGENCIA PARA MEJOR PROVEER E INSPECCI\u00d3N DE LA CUENTA DE TWITTER DE LA DENUNCIADA)<\/a><\/td><\/tr><tr style=\"height:px\" ><td data-cell-id=\"A91\" data-x=\"0\" data-y=\"91\" data-db-index=\"91\" class=\"fsize-18\" data-cell-type=\"text\" data-original-value=\"11 DE JULIO DE 2023, A LAS 11:20 HORAS\" data-order=\"11 DE JULIO DE 2023, A LAS 11:20 HORAS\" >11 DE JULIO DE 2023, A LAS 11:20 HORAS <\/td><td data-cell-id=\"B91\" data-x=\"1\" data-y=\"91\" data-db-index=\"91\" class=\"fsize-18\" data-cell-type=\"text\" data-original-value=\"DATO PROTEGIDO \" data-order=\"DATO PROTEGIDO \" >DATO PROTEGIDO <\/td><td data-cell-id=\"C91\" data-x=\"2\" data-y=\"91\" data-db-index=\"91\" class=\"fsize-18\" data-cell-type=\"text\" data-original-value=\"MIGUEL \u00c1NGEL G\u00d3MEZ ESCAMILLA\" data-order=\"MIGUEL \u00c1NGEL G\u00d3MEZ ESCAMILLA\" >MIGUEL \u00c1NGEL G\u00d3MEZ ESCAMILLA <\/td><td data-cell-id=\"D91\" data-x=\"3\" data-y=\"91\" data-db-index=\"91\" class=\"fsize-18\" data-cell-type=\"text\" data-original-value=\"&lt;a href=&quot;https:\/\/teec.org.mx\/web\/wp-content\/uploads\/2023\/07\/TEEC-PES-4-2023-INC-11-07-2023.pdf&quot; target=&quot;_blank&quot;&gt;TEEC\/PES\/4\/2023\/INC (ACUERDO PARA DILIGENCIA DE MEJOR PROVEER E INSPECCI\u00d3N DE LA CUENTA DE LA RED SOCIAL DEL DENUNCIADO)&lt;\/a&gt;\" data-order=\"&lt;a href=&quot;https:\/\/teec.org.mx\/web\/wp-content\/uploads\/2023\/07\/TEEC-PES-4-2023-INC-11-07-2023.pdf&quot; target=&quot;_blank&quot;&gt;TEEC\/PES\/4\/2023\/INC (ACUERDO PARA DILIGENCIA DE MEJOR PROVEER E INSPECCI\u00d3N DE LA CUENTA DE LA RED SOCIAL DEL DENUNCIADO)&lt;\/a&gt;\" ><a href=\"https:\/\/teec.org.mx\/web\/wp-content\/uploads\/2023\/07\/TEEC-PES-4-2023-INC-11-07-2023.pdf\" target=\"_blank\">TEEC\/PES\/4\/2023\/INC (ACUERDO PARA DILIGENCIA DE MEJOR PROVEER E INSPECCI\u00d3N DE LA CUENTA DE LA RED SOCIAL DEL DENUNCIADO)<\/a><\/td><\/tr><tr style=\"height:px\" ><td data-cell-id=\"A92\" data-x=\"0\" data-y=\"92\" data-db-index=\"92\" class=\"fsize-18\" data-cell-type=\"text\" data-original-value=\"10 DE JULIO DE 2023, A LAS 14:58 HORAS\" data-order=\"10 DE JULIO DE 2023, A LAS 14:58 HORAS\" >10 DE JULIO DE 2023, A LAS 14:58 HORAS <\/td><td data-cell-id=\"B92\" data-x=\"1\" data-y=\"92\" data-db-index=\"92\" class=\"fsize-18\" data-cell-type=\"text\" data-original-value=\"DATOS PROTEGIDOS \" data-order=\"DATOS PROTEGIDOS \" >DATOS PROTEGIDOS <\/td><td data-cell-id=\"C92\" data-x=\"2\" data-y=\"92\" data-db-index=\"92\" class=\"fsize-18\" data-cell-type=\"text\" data-original-value=\"CARLOS ALAZRAKI GROSSMAN\" data-order=\"CARLOS ALAZRAKI GROSSMAN\" >CARLOS ALAZRAKI GROSSMAN <\/td><td data-cell-id=\"D92\" data-x=\"3\" data-y=\"92\" data-db-index=\"92\" class=\"fsize-18\" data-cell-type=\"text\" data-original-value=\"&lt;a href=&quot;https:\/\/teec.org.mx\/web\/wp-content\/uploads\/2023\/07\/TEEC-PES-3-2023-INC-10-07-2023.pdf&quot; target=&quot;_blank&quot;&gt;TEEC\/PES\/3\/2023\/INC (DILIGENCIA DE DESAHOGO DE PRUEBA T\u00c9CNICA)&lt;\/a&gt;\" data-order=\"&lt;a href=&quot;https:\/\/teec.org.mx\/web\/wp-content\/uploads\/2023\/07\/TEEC-PES-3-2023-INC-10-07-2023.pdf&quot; target=&quot;_blank&quot;&gt;TEEC\/PES\/3\/2023\/INC (DILIGENCIA DE DESAHOGO DE PRUEBA T\u00c9CNICA)&lt;\/a&gt;\" ><a href=\"https:\/\/teec.org.mx\/web\/wp-content\/uploads\/2023\/07\/TEEC-PES-3-2023-INC-10-07-2023.pdf\" target=\"_blank\">TEEC\/PES\/3\/2023\/INC (DILIGENCIA DE DESAHOGO DE PRUEBA T\u00c9CNICA)<\/a><\/td><\/tr><tr style=\"height:px\" ><td data-cell-id=\"A93\" data-x=\"0\" data-y=\"93\" data-db-index=\"93\" class=\"fsize-18\" data-cell-type=\"text\" data-original-value=\"10 DE JULIO DE 2023, A LAS 14:15 HORAS\" data-order=\"10 DE JULIO DE 2023, A LAS 14:15 HORAS\" >10 DE JULIO DE 2023, A LAS 14:15 HORAS <\/td><td data-cell-id=\"B93\" data-x=\"1\" data-y=\"93\" data-db-index=\"93\" class=\"fsize-18\" data-cell-type=\"text\" data-original-value=\"DATO PROTEGIDO \" data-order=\"DATO PROTEGIDO \" >DATO PROTEGIDO <\/td><td data-cell-id=\"C93\" data-x=\"2\" data-y=\"93\" data-db-index=\"93\" class=\"fsize-18\" data-cell-type=\"text\" data-original-value=\"ANGEL ESCAMILLA Y\/O QUIEN RESULTE SER EL ADMINISTRADOR DEL USUARIO DENOMINADO COMO \u201cANGEL ESCAMILLA\u201d EN LA RED SOCIAL \u201cFACEBOOK\u201d (sic), Y\/O MIGUEL \u00c1NGEL G\u00d3MEZ ESCAMILLA\" data-order=\"ANGEL ESCAMILLA Y\/O QUIEN RESULTE SER EL ADMINISTRADOR DEL USUARIO DENOMINADO COMO \u201cANGEL ESCAMILLA\u201d EN LA RED SOCIAL \u201cFACEBOOK\u201d (sic), Y\/O MIGUEL \u00c1NGEL G\u00d3MEZ ESCAMILLA\" >ANGEL ESCAMILLA Y\/O QUIEN RESULTE SER EL ADMINISTRADOR DEL USUARIO DENOMINADO COMO \u201cANGEL ESCAMILLA\u201d EN LA RED SOCIAL \u201cFACEBOOK\u201d (sic), Y\/O MIGUEL \u00c1NGEL G\u00d3MEZ ESCAMILLA <\/td><td data-cell-id=\"D93\" data-x=\"3\" data-y=\"93\" data-db-index=\"93\" class=\"fsize-18\" data-cell-type=\"text\" data-original-value=\"&lt;a href=&quot;https:\/\/teec.org.mx\/web\/wp-content\/uploads\/2023\/07\/TEEC-PES-4-2023-INC-10-07-2023.pdf&quot; target=&quot;_blank&quot;&gt;TEEC\/PES\/4\/2023\/INC (ACUERDO DE TURNO DE DOCUMENTACI\u00d3N)&lt;\/a&gt;\" data-order=\"&lt;a href=&quot;https:\/\/teec.org.mx\/web\/wp-content\/uploads\/2023\/07\/TEEC-PES-4-2023-INC-10-07-2023.pdf&quot; target=&quot;_blank&quot;&gt;TEEC\/PES\/4\/2023\/INC (ACUERDO DE TURNO DE DOCUMENTACI\u00d3N)&lt;\/a&gt;\" ><a href=\"https:\/\/teec.org.mx\/web\/wp-content\/uploads\/2023\/07\/TEEC-PES-4-2023-INC-10-07-2023.pdf\" target=\"_blank\">TEEC\/PES\/4\/2023\/INC (ACUERDO DE TURNO DE DOCUMENTACI\u00d3N)<\/a><\/td><\/tr><tr style=\"height:px\" ><td data-cell-id=\"A94\" data-x=\"0\" data-y=\"94\" data-db-index=\"94\" class=\"fsize-18\" data-cell-type=\"text\" data-original-value=\"10 DE JULIO DE 2023, A LAS 13:45 HORAS\" data-order=\"10 DE JULIO DE 2023, A LAS 13:45 HORAS\" >10 DE JULIO DE 2023, A LAS 13:45 HORAS <\/td><td data-cell-id=\"B94\" data-x=\"1\" data-y=\"94\" data-db-index=\"94\" class=\"fsize-18\" data-cell-type=\"text\" data-original-value=\"DATOS PROTEGIDOS\" data-order=\"DATOS PROTEGIDOS\" >DATOS PROTEGIDOS <\/td><td data-cell-id=\"C94\" data-x=\"2\" data-y=\"94\" data-db-index=\"94\" class=\"fsize-18\" data-cell-type=\"text\" data-original-value=\"ELISEO FERN\u00c1NDEZ MONTUFAR\" data-order=\"ELISEO FERN\u00c1NDEZ MONTUFAR\" >ELISEO FERN\u00c1NDEZ MONTUFAR <\/td><td data-cell-id=\"D94\" data-x=\"3\" data-y=\"94\" data-db-index=\"94\" class=\"fsize-18\" data-cell-type=\"text\" data-original-value=\"&lt;a href=&quot;https:\/\/teec.org.mx\/web\/wp-content\/uploads\/2023\/07\/TEEC-PES-1-2023-INC-10-07-2023.pdf&quot; target=&quot;_blank&quot;&gt;TEEC\/PES\/1\/2023\/INC (ACUERDO PARA MEJOR PROVEER E INSPECCI\u00d3N DE CUENTAS DE REDES SOCIALES)&lt;\/a&gt;\" data-order=\"&lt;a href=&quot;https:\/\/teec.org.mx\/web\/wp-content\/uploads\/2023\/07\/TEEC-PES-1-2023-INC-10-07-2023.pdf&quot; target=&quot;_blank&quot;&gt;TEEC\/PES\/1\/2023\/INC (ACUERDO PARA MEJOR PROVEER E INSPECCI\u00d3N DE CUENTAS DE REDES SOCIALES)&lt;\/a&gt;\" ><a href=\"https:\/\/teec.org.mx\/web\/wp-content\/uploads\/2023\/07\/TEEC-PES-1-2023-INC-10-07-2023.pdf\" target=\"_blank\">TEEC\/PES\/1\/2023\/INC (ACUERDO PARA MEJOR PROVEER E INSPECCI\u00d3N DE CUENTAS DE REDES SOCIALES)<\/a><\/td><\/tr><tr style=\"height:px\" ><td data-cell-id=\"A95\" data-x=\"0\" data-y=\"95\" data-db-index=\"95\" class=\"fsize-18\" data-cell-type=\"text\" data-original-value=\"06 DE JULIO DE 2023, A LAS 11:18 HORAS\" data-order=\"06 DE JULIO DE 2023, A LAS 11:18 HORAS\" >06 DE JULIO DE 2023, A LAS 11:18 HORAS <\/td><td data-cell-id=\"B95\" data-x=\"1\" data-y=\"95\" data-db-index=\"95\" class=\"fsize-18\" data-cell-type=\"text\" data-original-value=\"DATOS PROTEGIDOS \" data-order=\"DATOS PROTEGIDOS \" >DATOS PROTEGIDOS <\/td><td data-cell-id=\"C95\" data-x=\"2\" data-y=\"95\" data-db-index=\"95\" class=\"fsize-18\" data-cell-type=\"text\" data-original-value=\"CARLOS ALAZRAKI GROSSMAN\" data-order=\"CARLOS ALAZRAKI GROSSMAN\" >CARLOS ALAZRAKI GROSSMAN <\/td><td data-cell-id=\"D95\" data-x=\"3\" data-y=\"95\" data-db-index=\"95\" class=\"fsize-18\" data-cell-type=\"text\" data-original-value=\"&lt;a href=&quot;https:\/\/teec.org.mx\/web\/wp-content\/uploads\/2023\/07\/TEEC-PES-3-2023-INC-06-07-2023.pdf&quot; target=&quot;_blank&quot;&gt;TEEC\/PES\/3\/2023\/INC (ACUERDO PARA DESAHOGO DE DILIGENCIA)&lt;\/a&gt;\" data-order=\"&lt;a href=&quot;https:\/\/teec.org.mx\/web\/wp-content\/uploads\/2023\/07\/TEEC-PES-3-2023-INC-06-07-2023.pdf&quot; target=&quot;_blank&quot;&gt;TEEC\/PES\/3\/2023\/INC (ACUERDO PARA DESAHOGO DE DILIGENCIA)&lt;\/a&gt;\" ><a href=\"https:\/\/teec.org.mx\/web\/wp-content\/uploads\/2023\/07\/TEEC-PES-3-2023-INC-06-07-2023.pdf\" target=\"_blank\">TEEC\/PES\/3\/2023\/INC (ACUERDO PARA DESAHOGO DE DILIGENCIA)<\/a><\/td><\/tr><tr style=\"height:px\" ><td data-cell-id=\"A96\" data-x=\"0\" data-y=\"96\" data-db-index=\"96\" class=\"fsize-18\" data-cell-type=\"text\" data-original-value=\"04 DE JULIO DE 2023, A LAS 14:30 HORAS\" data-order=\"04 DE JULIO DE 2023, A LAS 14:30 HORAS\" >04 DE JULIO DE 2023, A LAS 14:30 HORAS <\/td><td data-cell-id=\"B96\" data-x=\"1\" data-y=\"96\" data-db-index=\"96\" class=\"fsize-18\" data-cell-type=\"text\" data-original-value=\"DATO PROTEGIDO\" data-order=\"DATO PROTEGIDO\" >DATO PROTEGIDO <\/td><td data-cell-id=\"C96\" data-x=\"2\" data-y=\"96\" data-db-index=\"96\" class=\"fsize-18\" data-cell-type=\"text\" data-original-value=\"ANGEL ESCAMILLA Y\/O QUIEN RESULTE SER EL ADMINISTRADOR DEL USUARIO DENOMINADO COMO \u201cANGEL ESCAMILLA\u201d EN LA RED SOCIAL \u201cFACEBOOK\u201d (sic), Y\/O MIGUEL \u00c1NGEL G\u00d3MEZ ESCAMILLA\" data-order=\"ANGEL ESCAMILLA Y\/O QUIEN RESULTE SER EL ADMINISTRADOR DEL USUARIO DENOMINADO COMO \u201cANGEL ESCAMILLA\u201d EN LA RED SOCIAL \u201cFACEBOOK\u201d (sic), Y\/O MIGUEL \u00c1NGEL G\u00d3MEZ ESCAMILLA\" >ANGEL ESCAMILLA Y\/O QUIEN RESULTE SER EL ADMINISTRADOR DEL USUARIO DENOMINADO COMO \u201cANGEL ESCAMILLA\u201d EN LA RED SOCIAL \u201cFACEBOOK\u201d (sic), Y\/O MIGUEL \u00c1NGEL G\u00d3MEZ ESCAMILLA <\/td><td data-cell-id=\"D96\" data-x=\"3\" data-y=\"96\" data-db-index=\"96\" class=\"fsize-18\" data-cell-type=\"text\" data-original-value=\"&lt;a href=&quot;https:\/\/teec.org.mx\/web\/wp-content\/uploads\/2023\/07\/TEEC-PES-4-2023-INC-04-07-2023.pdf&quot; target=&quot;_blank&quot;&gt;TEEC\/PES\/4\/2023\/INC (ACUERDO DE RECEPCI\u00d3N, RADICACI\u00d3N Y RESERVA DE ADMISI\u00d3N)&lt;\/a&gt;\" data-order=\"&lt;a href=&quot;https:\/\/teec.org.mx\/web\/wp-content\/uploads\/2023\/07\/TEEC-PES-4-2023-INC-04-07-2023.pdf&quot; target=&quot;_blank&quot;&gt;TEEC\/PES\/4\/2023\/INC (ACUERDO DE RECEPCI\u00d3N, RADICACI\u00d3N Y RESERVA DE ADMISI\u00d3N)&lt;\/a&gt;\" ><a href=\"https:\/\/teec.org.mx\/web\/wp-content\/uploads\/2023\/07\/TEEC-PES-4-2023-INC-04-07-2023.pdf\" target=\"_blank\">TEEC\/PES\/4\/2023\/INC (ACUERDO DE RECEPCI\u00d3N, RADICACI\u00d3N Y RESERVA DE ADMISI\u00d3N)<\/a><\/td><\/tr><tr style=\"height:px\" ><td data-cell-id=\"A97\" data-x=\"0\" data-y=\"97\" data-db-index=\"97\" class=\"fsize-18\" data-cell-type=\"text\" data-original-value=\"04 DE JULIO DE 2023, A LAS 14:05 HORAS\" data-order=\"04 DE JULIO DE 2023, A LAS 14:05 HORAS\" >04 DE JULIO DE 2023, A LAS 14:05 HORAS <\/td><td data-cell-id=\"B97\" data-x=\"1\" data-y=\"97\" data-db-index=\"97\" class=\"fsize-18\" data-cell-type=\"text\" data-original-value=\"DATOS PROTEGIDOS\" data-order=\"DATOS PROTEGIDOS\" >DATOS PROTEGIDOS <\/td><td data-cell-id=\"C97\" data-x=\"2\" data-y=\"97\" data-db-index=\"97\" class=\"fsize-18\" data-cell-type=\"text\" data-original-value=\"CARLOS ALAZRAKI GROSSMAN\" data-order=\"CARLOS ALAZRAKI GROSSMAN\" >CARLOS ALAZRAKI GROSSMAN <\/td><td data-cell-id=\"D97\" data-x=\"3\" data-y=\"97\" data-db-index=\"97\" class=\"fsize-18\" data-cell-type=\"text\" data-original-value=\"&lt;a href=&quot;https:\/\/teec.org.mx\/web\/wp-content\/uploads\/2023\/07\/TEEC-PES-3-2023-INC-04-07-2023.pdf&quot; target=&quot;_blank&quot;&gt;TEEC\/PES\/3\/2023\/INC (ACUERDO DE RECEPCI\u00d3N, RADICACI\u00d3N, VISTA, REQUERIMIENTO Y OTROS)&lt;\/a&gt;\" data-order=\"&lt;a href=&quot;https:\/\/teec.org.mx\/web\/wp-content\/uploads\/2023\/07\/TEEC-PES-3-2023-INC-04-07-2023.pdf&quot; target=&quot;_blank&quot;&gt;TEEC\/PES\/3\/2023\/INC (ACUERDO DE RECEPCI\u00d3N, RADICACI\u00d3N, VISTA, REQUERIMIENTO Y OTROS)&lt;\/a&gt;\" ><a href=\"https:\/\/teec.org.mx\/web\/wp-content\/uploads\/2023\/07\/TEEC-PES-3-2023-INC-04-07-2023.pdf\" target=\"_blank\">TEEC\/PES\/3\/2023\/INC (ACUERDO DE RECEPCI\u00d3N, RADICACI\u00d3N, VISTA, REQUERIMIENTO Y OTROS)<\/a><\/td><\/tr><tr style=\"height:px\" ><td data-cell-id=\"A98\" data-x=\"0\" data-y=\"98\" data-db-index=\"98\" class=\"fsize-18\" data-cell-type=\"text\" data-original-value=\"04 DE JULIO DE 2023, A LAS 13:39 HORAS\" data-order=\"04 DE JULIO DE 2023, A LAS 13:39 HORAS\" >04 DE JULIO DE 2023, A LAS 13:39 HORAS <\/td><td data-cell-id=\"B98\" data-x=\"1\" data-y=\"98\" data-db-index=\"98\" class=\"fsize-18\" data-cell-type=\"text\" data-original-value=\"DATO PROTEGIDO \" data-order=\"DATO PROTEGIDO \" >DATO PROTEGIDO <\/td><td data-cell-id=\"C98\" data-x=\"2\" data-y=\"98\" data-db-index=\"98\" class=\"fsize-18\" data-cell-type=\"text\" data-original-value=\"MAR\u00cdA LILLY DEL CARMEN TELLEZ GARC\u00cdA.\" data-order=\"MAR\u00cdA LILLY DEL CARMEN TELLEZ GARC\u00cdA.\" >MAR\u00cdA LILLY DEL CARMEN TELLEZ GARC\u00cdA. <\/td><td data-cell-id=\"D98\" data-x=\"3\" data-y=\"98\" data-db-index=\"98\" class=\"fsize-18\" data-cell-type=\"text\" data-original-value=\"&lt;a href=&quot;https:\/\/teec.org.mx\/web\/wp-content\/uploads\/2023\/07\/TEEC-PES-2-2023-INC-04-07-2023.pdf&quot; target=&quot;_blank&quot;&gt;TEEC\/PES\/2\/2023\/INC (ACUERDO DE RECEPCI\u00d3N Y VISTA)&lt;\/a&gt;\" data-order=\"&lt;a href=&quot;https:\/\/teec.org.mx\/web\/wp-content\/uploads\/2023\/07\/TEEC-PES-2-2023-INC-04-07-2023.pdf&quot; target=&quot;_blank&quot;&gt;TEEC\/PES\/2\/2023\/INC (ACUERDO DE RECEPCI\u00d3N Y VISTA)&lt;\/a&gt;\" ><a href=\"https:\/\/teec.org.mx\/web\/wp-content\/uploads\/2023\/07\/TEEC-PES-2-2023-INC-04-07-2023.pdf\" target=\"_blank\">TEEC\/PES\/2\/2023\/INC (ACUERDO DE RECEPCI\u00d3N Y VISTA)<\/a><\/td><\/tr><tr style=\"height:px\" ><td data-cell-id=\"A99\" data-x=\"0\" data-y=\"99\" data-db-index=\"99\" class=\"fsize-18\" data-cell-type=\"text\" data-original-value=\"04 DE JULIO DE 2023, A LAS 13:06 HORAS\" data-order=\"04 DE JULIO DE 2023, A LAS 13:06 HORAS\" >04 DE JULIO DE 2023, A LAS 13:06 HORAS <\/td><td data-cell-id=\"B99\" data-x=\"1\" data-y=\"99\" data-db-index=\"99\" class=\"fsize-18\" data-cell-type=\"text\" data-original-value=\"DATOS PROTEGIDOS\" data-order=\"DATOS PROTEGIDOS\" >DATOS PROTEGIDOS <\/td><td data-cell-id=\"C99\" data-x=\"2\" data-y=\"99\" data-db-index=\"99\" class=\"fsize-18\" data-cell-type=\"text\" data-original-value=\"ELISEO FERN\u00c1NDEZ MONTUFAR\" data-order=\"ELISEO FERN\u00c1NDEZ MONTUFAR\" >ELISEO FERN\u00c1NDEZ MONTUFAR <\/td><td data-cell-id=\"D99\" data-x=\"3\" data-y=\"99\" data-db-index=\"99\" class=\"fsize-18\" data-cell-type=\"text\" data-original-value=\"&lt;a href=&quot;https:\/\/teec.org.mx\/web\/wp-content\/uploads\/2023\/07\/TEEC-PES-1-2023-INC-04-07-2023.pdf&quot; target=&quot;_blank&quot;&gt;TEEC\/PES\/1\/2023\/INC (ACUERDO DE RECEPCI\u00d3N RADICACI\u00d3N Y VISTA)&lt;\/a&gt;\" data-order=\"&lt;a href=&quot;https:\/\/teec.org.mx\/web\/wp-content\/uploads\/2023\/07\/TEEC-PES-1-2023-INC-04-07-2023.pdf&quot; target=&quot;_blank&quot;&gt;TEEC\/PES\/1\/2023\/INC (ACUERDO DE RECEPCI\u00d3N RADICACI\u00d3N Y VISTA)&lt;\/a&gt;\" ><a href=\"https:\/\/teec.org.mx\/web\/wp-content\/uploads\/2023\/07\/TEEC-PES-1-2023-INC-04-07-2023.pdf\" target=\"_blank\">TEEC\/PES\/1\/2023\/INC (ACUERDO DE RECEPCI\u00d3N RADICACI\u00d3N Y VISTA)<\/a><\/td><\/tr><tr style=\"height:px\" ><td data-cell-id=\"A100\" data-x=\"0\" data-y=\"100\" data-db-index=\"100\" class=\"fsize-18\" data-cell-type=\"text\" data-original-value=\"03 DE JULIO DE 2023, A LAS 11:00 HORAS\" data-order=\"03 DE JULIO DE 2023, A LAS 11:00 HORAS\" >03 DE JULIO DE 2023, A LAS 11:00 HORAS <\/td><td data-cell-id=\"B100\" data-x=\"1\" data-y=\"100\" data-db-index=\"100\" class=\"fsize-18\" data-cell-type=\"text\" data-original-value=\"DATO PROTEGIDO\" data-order=\"DATO PROTEGIDO\" >DATO PROTEGIDO <\/td><td data-cell-id=\"C100\" data-x=\"2\" data-y=\"100\" data-db-index=\"100\" class=\"fsize-18\" data-cell-type=\"text\" data-original-value=\"ANGEL ESCAMILLA Y\/O QUIEN RESULTE SER EL ADMINISTRADOR DEL USUARIO DENOMINADO COMO \u201cANGEL ESCAMILLA\u201d EN LA RED SOCIAL \u201cFACEBOOK\u201d (sic), Y\/O MIGUEL \u00c1NGEL G\u00d3MEZ ESCAMILLA\" data-order=\"ANGEL ESCAMILLA Y\/O QUIEN RESULTE SER EL ADMINISTRADOR DEL USUARIO DENOMINADO COMO \u201cANGEL ESCAMILLA\u201d EN LA RED SOCIAL \u201cFACEBOOK\u201d (sic), Y\/O MIGUEL \u00c1NGEL G\u00d3MEZ ESCAMILLA\" >ANGEL ESCAMILLA Y\/O QUIEN RESULTE SER EL ADMINISTRADOR DEL USUARIO DENOMINADO COMO \u201cANGEL ESCAMILLA\u201d EN LA RED SOCIAL \u201cFACEBOOK\u201d (sic), Y\/O MIGUEL \u00c1NGEL G\u00d3MEZ ESCAMILLA <\/td><td data-cell-id=\"D100\" data-x=\"3\" data-y=\"100\" data-db-index=\"100\" class=\"fsize-18\" data-cell-type=\"text\" data-original-value=\"&lt;a href=&quot;https:\/\/teec.org.mx\/web\/wp-content\/uploads\/2023\/07\/TEEC-PES-4-2023-INC-03-07-2023.pdf&quot; target=&quot;_blank&quot;&gt;TEEC\/PES\/4\/2023\/INC (ACUERDO DE APERTURA DE INCIDENTE DE INEJECUCI\u00d3N DE SENTENCIA)&lt;\/a&gt;\" data-order=\"&lt;a href=&quot;https:\/\/teec.org.mx\/web\/wp-content\/uploads\/2023\/07\/TEEC-PES-4-2023-INC-03-07-2023.pdf&quot; target=&quot;_blank&quot;&gt;TEEC\/PES\/4\/2023\/INC (ACUERDO DE APERTURA DE INCIDENTE DE INEJECUCI\u00d3N DE SENTENCIA)&lt;\/a&gt;\" ><a href=\"https:\/\/teec.org.mx\/web\/wp-content\/uploads\/2023\/07\/TEEC-PES-4-2023-INC-03-07-2023.pdf\" target=\"_blank\">TEEC\/PES\/4\/2023\/INC (ACUERDO DE APERTURA DE INCIDENTE DE INEJECUCI\u00d3N DE SENTENCIA)<\/a><\/td><\/tr><tr style=\"height:px\" ><td data-cell-id=\"A101\" data-x=\"0\" data-y=\"101\" data-db-index=\"101\" class=\"fsize-18\" data-cell-type=\"text\" data-original-value=\"03 DE JULIO DE 2023, A LAS 10:50 HORAS\" data-order=\"03 DE JULIO DE 2023, A LAS 10:50 HORAS\" >03 DE JULIO DE 2023, A LAS 10:50 HORAS <\/td><td data-cell-id=\"B101\" data-x=\"1\" data-y=\"101\" data-db-index=\"101\" class=\"fsize-18\" data-cell-type=\"text\" data-original-value=\"DATOS PROTEGIDOS\" data-order=\"DATOS PROTEGIDOS\" >DATOS PROTEGIDOS <\/td><td data-cell-id=\"C101\" data-x=\"2\" data-y=\"101\" data-db-index=\"101\" class=\"fsize-18\" data-cell-type=\"text\" data-original-value=\"CARLOS ALAZRAKI GROSSMAN\" data-order=\"CARLOS ALAZRAKI GROSSMAN\" >CARLOS ALAZRAKI GROSSMAN <\/td><td data-cell-id=\"D101\" data-x=\"3\" data-y=\"101\" data-db-index=\"101\" class=\"fsize-18\" data-cell-type=\"text\" data-original-value=\"&lt;a href=&quot;https:\/\/teec.org.mx\/web\/wp-content\/uploads\/2023\/07\/TEEC-PES-3-2023-INC-03-07-2023.pdf&quot; target=&quot;_blank&quot;&gt;TEEC\/PES\/3\/2023\/INC (ACUERDO DE APERTURA DE INCIDENTE DE INEJECUCI\u00d3N DE SENTENCIA)&lt;\/a&gt;\" data-order=\"&lt;a href=&quot;https:\/\/teec.org.mx\/web\/wp-content\/uploads\/2023\/07\/TEEC-PES-3-2023-INC-03-07-2023.pdf&quot; target=&quot;_blank&quot;&gt;TEEC\/PES\/3\/2023\/INC (ACUERDO DE APERTURA DE INCIDENTE DE INEJECUCI\u00d3N DE SENTENCIA)&lt;\/a&gt;\" ><a href=\"https:\/\/teec.org.mx\/web\/wp-content\/uploads\/2023\/07\/TEEC-PES-3-2023-INC-03-07-2023.pdf\" target=\"_blank\">TEEC\/PES\/3\/2023\/INC (ACUERDO DE APERTURA DE INCIDENTE DE INEJECUCI\u00d3N DE SENTENCIA)<\/a><\/td><\/tr><tr style=\"height:px\" ><td data-cell-id=\"A102\" data-x=\"0\" data-y=\"102\" data-db-index=\"102\" class=\"fsize-18\" data-cell-type=\"text\" data-original-value=\"03 DE JULIO DE 2023, A LAS 10:40 HORAS\" data-order=\"03 DE JULIO DE 2023, A LAS 10:40 HORAS\" >03 DE JULIO DE 2023, A LAS 10:40 HORAS <\/td><td data-cell-id=\"B102\" data-x=\"1\" data-y=\"102\" data-db-index=\"102\" class=\"fsize-18\" data-cell-type=\"text\" data-original-value=\"DATOS PROTEGIDOS\" data-order=\"DATOS PROTEGIDOS\" >DATOS PROTEGIDOS <\/td><td data-cell-id=\"C102\" data-x=\"2\" data-y=\"102\" data-db-index=\"102\" class=\"fsize-18\" data-cell-type=\"text\" data-original-value=\"MAR\u00cdA LILLY DEL CARMEN TELLEZ GARC\u00cdA\" data-order=\"MAR\u00cdA LILLY DEL CARMEN TELLEZ GARC\u00cdA\" >MAR\u00cdA LILLY DEL CARMEN TELLEZ GARC\u00cdA <\/td><td data-cell-id=\"D102\" data-x=\"3\" data-y=\"102\" data-db-index=\"102\" class=\"fsize-18\" data-cell-type=\"text\" data-original-value=\"&lt;a href=&quot;https:\/\/teec.org.mx\/web\/wp-content\/uploads\/2023\/07\/TEEC-PES-2-2023-INC-03-07-2023.pdf&quot; target=&quot;_blank&quot;&gt;TEEC\/PES\/2\/2023\/INC (ACUERDO DE APERTURA DE INCIDENTE DE INEJECUCI\u00d3N DE SENTENCIA)&lt;\/a&gt;\" data-order=\"&lt;a href=&quot;https:\/\/teec.org.mx\/web\/wp-content\/uploads\/2023\/07\/TEEC-PES-2-2023-INC-03-07-2023.pdf&quot; target=&quot;_blank&quot;&gt;TEEC\/PES\/2\/2023\/INC (ACUERDO DE APERTURA DE INCIDENTE DE INEJECUCI\u00d3N DE SENTENCIA)&lt;\/a&gt;\" ><a href=\"https:\/\/teec.org.mx\/web\/wp-content\/uploads\/2023\/07\/TEEC-PES-2-2023-INC-03-07-2023.pdf\" target=\"_blank\">TEEC\/PES\/2\/2023\/INC (ACUERDO DE APERTURA DE INCIDENTE DE INEJECUCI\u00d3N DE SENTENCIA)<\/a><\/td><\/tr><tr style=\"height:px\" ><td data-cell-id=\"A103\" data-x=\"0\" data-y=\"103\" data-db-index=\"103\" class=\"fsize-18\" data-cell-type=\"text\" data-original-value=\"03 DE JULIO DE 2023, A LAS 10:30 HORAS\" data-order=\"03 DE JULIO DE 2023, A LAS 10:30 HORAS\" >03 DE JULIO DE 2023, A LAS 10:30 HORAS <\/td><td data-cell-id=\"B103\" data-x=\"1\" data-y=\"103\" data-db-index=\"103\" class=\"fsize-18\" data-cell-type=\"text\" data-original-value=\"DATOS PROTEGIDOS\" data-order=\"DATOS PROTEGIDOS\" >DATOS PROTEGIDOS <\/td><td data-cell-id=\"C103\" data-x=\"2\" data-y=\"103\" data-db-index=\"103\" class=\"fsize-18\" data-cell-type=\"text\" data-original-value=\"ELISEO FERN\u00c1NDEZ MONTUFAR\" data-order=\"ELISEO FERN\u00c1NDEZ MONTUFAR\" >ELISEO FERN\u00c1NDEZ MONTUFAR <\/td><td data-cell-id=\"D103\" data-x=\"3\" data-y=\"103\" data-db-index=\"103\" class=\"fsize-18\" data-cell-type=\"text\" data-original-value=\"&lt;a href=&quot;https:\/\/teec.org.mx\/web\/wp-content\/uploads\/2023\/07\/TEEC-PES-1-2023-INC-03-07-2023.pdf&quot; target=&quot;_blank&quot;&gt;TEEC\/PES\/1\/2023\/INC (ACUERDO DE APERTURA DE INCIDENTE DE INEJECUCI\u00d3N DE SENTENCIA)&lt;\/a&gt;\" data-order=\"&lt;a href=&quot;https:\/\/teec.org.mx\/web\/wp-content\/uploads\/2023\/07\/TEEC-PES-1-2023-INC-03-07-2023.pdf&quot; target=&quot;_blank&quot;&gt;TEEC\/PES\/1\/2023\/INC (ACUERDO DE APERTURA DE INCIDENTE DE INEJECUCI\u00d3N DE SENTENCIA)&lt;\/a&gt;\" ><a href=\"https:\/\/teec.org.mx\/web\/wp-content\/uploads\/2023\/07\/TEEC-PES-1-2023-INC-03-07-2023.pdf\" target=\"_blank\">TEEC\/PES\/1\/2023\/INC (ACUERDO DE APERTURA DE INCIDENTE DE INEJECUCI\u00d3N DE SENTENCIA)<\/a><\/td><\/tr><tr style=\"height:px\" ><td data-cell-id=\"A104\" data-x=\"0\" data-y=\"104\" data-db-index=\"104\" class=\"fsize-18\" data-cell-type=\"text\" data-original-value=\"20 DE ENERO DE 2023, A LAS 08:40 HORAS\" data-order=\"20 DE ENERO DE 2023, A LAS 08:40 HORAS\" >20 DE ENERO DE 2023, A LAS 08:40 HORAS <\/td><td data-cell-id=\"B104\" data-x=\"1\" data-y=\"104\" data-db-index=\"104\" class=\"fsize-18\" data-cell-type=\"text\" data-original-value=\"JOS\u00c9 DEL CARMEN SEGOVIA CRUZ, QUIEN SE OSTENTA COMO DIRIGENTE DEL PARTIDO DE LA REVOLUCI\u00d3N DEMOCR\u00c1TICA EN CAMPECHE\" data-order=\"JOS\u00c9 DEL CARMEN SEGOVIA CRUZ, QUIEN SE OSTENTA COMO DIRIGENTE DEL PARTIDO DE LA REVOLUCI\u00d3N DEMOCR\u00c1TICA EN CAMPECHE\" >JOS\u00c9 DEL CARMEN SEGOVIA CRUZ, QUIEN SE OSTENTA COMO DIRIGENTE DEL PARTIDO DE LA REVOLUCI\u00d3N DEMOCR\u00c1TICA EN CAMPECHE <\/td><td data-cell-id=\"C104\" data-x=\"2\" data-y=\"104\" data-db-index=\"104\" class=\"fsize-18\" data-cell-type=\"text\" data-original-value=\"INSTITUTO ELECTORAL DEL ESTADO DE CAMPECHE\" data-order=\"INSTITUTO ELECTORAL DEL ESTADO DE CAMPECHE\" >INSTITUTO ELECTORAL DEL ESTADO DE CAMPECHE <\/td><td data-cell-id=\"D104\" data-x=\"3\" data-y=\"104\" data-db-index=\"104\" class=\"fsize-18\" data-cell-type=\"text\" data-original-value=\"&lt;a href=&quot;https:\/\/teec.org.mx\/web\/wp-content\/uploads\/2023\/01\/TEEC-JE-1-2022-INC-20-01-2023.pdf&quot; target=&quot;_blank&quot;&gt;TEEC\/JE\/1\/2022\/INC (ACUERDO FIRME Y VALEDERO EL ACUERDO PLENARIO)&lt;\/a&gt;\" data-order=\"&lt;a href=&quot;https:\/\/teec.org.mx\/web\/wp-content\/uploads\/2023\/01\/TEEC-JE-1-2022-INC-20-01-2023.pdf&quot; target=&quot;_blank&quot;&gt;TEEC\/JE\/1\/2022\/INC (ACUERDO FIRME Y VALEDERO EL ACUERDO PLENARIO)&lt;\/a&gt;\" ><a href=\"https:\/\/teec.org.mx\/web\/wp-content\/uploads\/2023\/01\/TEEC-JE-1-2022-INC-20-01-2023.pdf\" target=\"_blank\">TEEC\/JE\/1\/2022\/INC (ACUERDO FIRME Y VALEDERO EL ACUERDO PLENARIO)<\/a><\/td><\/tr><\/tbody><\/table><!-- \/#supsystic-table-84.supsystic-table --><div class=\"stbConditionsData\" ><\/div><\/div><!-- \/.supsystic-tables-wrap --><!-- Tables Generator by Supsystic --><!-- Version:1.10.47 --><!-- http:\/\/supsystic.com\/ --><a title=\"WordPress Responsive Table\" style=\"display:none;\" href=\"https:\/\/supsystic.com\/plugins\/wordpress-data-table-plugin\/?utm_medium=love_link\" target=\"_blank\">WordPress Responsive Table<\/a><\/p>\n<p>\u00a0<\/p>","protected":false},"excerpt":{"rendered":"<p>Cuaderno Incidental 2023 \u00a0 \u00a0<\/p>\n","protected":false},"author":1,"featured_media":0,"parent":0,"menu_order":0,"comment_status":"closed","ping_status":"closed","template":"","meta":{"footnotes":""},"yst_prominent_words":[],"_links":{"self":[{"href":"https:\/\/teec.org.mx\/web\/wp-json\/wp\/v2\/pages\/17224"}],"collection":[{"href":"https:\/\/teec.org.mx\/web\/wp-json\/wp\/v2\/pages"}],"about":[{"href":"https:\/\/teec.org.mx\/web\/wp-json\/wp\/v2\/types\/page"}],"author":[{"embeddable":true,"href":"https:\/\/teec.org.mx\/web\/wp-json\/wp\/v2\/users\/1"}],"replies":[{"embeddable":true,"href":"https:\/\/teec.org.mx\/web\/wp-json\/wp\/v2\/comments?post=17224"}],"version-history":[{"count":2,"href":"https:\/\/teec.org.mx\/web\/wp-json\/wp\/v2\/pages\/17224\/revisions"}],"predecessor-version":[{"id":20154,"href":"https:\/\/teec.org.mx\/web\/wp-json\/wp\/v2\/pages\/17224\/revisions\/20154"}],"wp:attachment":[{"href":"https:\/\/teec.org.mx\/web\/wp-json\/wp\/v2\/media?parent=17224"}],"wp:term":[{"taxonomy":"yst_prominent_words","embeddable":true,"href":"https:\/\/teec.org.mx\/web\/wp-json\/wp\/v2\/yst_prominent_words?post=17224"}],"curies":[{"name":"wp","href":"https:\/\/api.w.org\/{rel}","templated":true}]}}