{"id":17231,"date":"2023-01-16T12:57:01","date_gmt":"2023-01-16T18:57:01","guid":{"rendered":"https:\/\/teec.org.mx\/web\/?page_id=17231"},"modified":"2024-01-29T11:59:33","modified_gmt":"2024-01-29T17:59:33","slug":"expedientillos-2023","status":"publish","type":"page","link":"https:\/\/teec.org.mx\/web\/expedientillos-2023\/","title":{"rendered":"Expedientillos 2023"},"content":{"rendered":"\n<h3 class=\"wp-block-heading has-text-align-center\">Expedientillos 2023<\/h3>\n\n\n<p>\u00a0<\/p>\n<p style=\"text-align: center;\"><div class=\"supsystic-table-loader la-ball-beat la-2x\" style=\"color:#000000\"><div><\/div><div><\/div><div><\/div><\/div><div id=\"supsystic-table-87_26091\" class=\"supsystic-tables-wrap pagination-small\" style=\" width:100%; visibility: hidden; \" data-table-width-fixed=\"100%\" data-table-width-mobile=\"100%\" ><div class=\"supsystic-tables-features\"><\/div><table id=\"supsystic-table-87\" class=\"supsystic-table border cell-border\" data-id=\"87\" data-view-id=\"87_26091\" data-title=\"Expedientillos 2023\" data-currency-format=\"$1,000.00\" data-percent-format=\"10.00%\" data-date-format=\"DD.MM.YYYY\" data-time-format=\"HH:mm\" data-features=\"[&quot;info&quot;,&quot;paging&quot;,&quot;searching&quot;,&quot;after_table_loaded_script&quot;]\" data-search-value=\"\" data-head=\"on\" data-head-rows-count=\"1\" data-pagination-length=\"10,25,50,100,All\" data-auto-index=\"off\" data-searching-settings=\"{&quot;columnSearchPosition&quot;:&quot;bottom&quot;,&quot;minChars&quot;:&quot;0&quot;}\" data-lang=\"Spanish\" data-override=\"{&quot;emptyTable&quot;:&quot;&quot;,&quot;info&quot;:&quot;&quot;,&quot;infoEmpty&quot;:&quot;&quot;,&quot;infoFiltered&quot;:&quot;&quot;,&quot;lengthMenu&quot;:&quot;&quot;,&quot;search&quot;:&quot;&quot;,&quot;zeroRecords&quot;:&quot;&quot;,&quot;exportLabel&quot;:&quot;&quot;,&quot;file&quot;:&quot;Spanish&quot;}\" data-merged=\"[]\" data-responsive-mode=\"0\" data-from-history=\"0\" ><thead><tr><th data-cell-id=\"A1\" data-x=\"0\" data-y=\"1\" data-db-index=\"1\" class=\"bg-d49820 bold htCenter color-f7f4f7 fsize-18\" data-cell-type=\"text\" data-original-value=\"FECHA Y HORA DE NOTIFICACI\u00d3N\" data-order=\"FECHA Y HORA DE NOTIFICACI\u00d3N\" style=\"min-width:26.0077%; \" >FECHA Y HORA DE NOTIFICACI\u00d3N <\/th><th data-cell-id=\"B1\" data-x=\"1\" data-y=\"1\" data-db-index=\"1\" class=\"bg-d49820 bold htCenter color-f7f4f7 fsize-18\" data-cell-type=\"text\" data-original-value=\"ACTOR\" data-order=\"ACTOR\" style=\"min-width:40.9789%; \" >ACTOR <\/th><th data-cell-id=\"C1\" data-x=\"2\" data-y=\"1\" data-db-index=\"1\" class=\"bg-d49820 bold htCenter color-f7f4f7 fsize-18\" data-cell-type=\"text\" data-original-value=\"ARCHIVO\" data-order=\"ARCHIVO\" style=\"min-width:33.0134%; \" >ARCHIVO <\/th><\/tr><\/thead><tbody><tr style=\"height:px\" ><td data-cell-id=\"A2\" data-x=\"0\" data-y=\"2\" data-db-index=\"2\" class=\"fsize-18\" data-cell-type=\"text\" data-original-value=\"18 DE DICIEMBRE DE 2023, A LAS 12:00 HORAS\" data-order=\"18 DE DICIEMBRE DE 2023, A LAS 12:00 HORAS\" >18 DE DICIEMBRE DE 2023, A LAS 12:00 HORAS <\/td><td data-cell-id=\"B2\" data-x=\"1\" data-y=\"2\" data-db-index=\"2\" class=\"fsize-18\" data-cell-type=\"text\" data-original-value=\"ISMAEL ENRIQUE ARJONA P\u00c9REZ\" data-order=\"ISMAEL ENRIQUE ARJONA P\u00c9REZ\" >ISMAEL ENRIQUE ARJONA P\u00c9REZ <\/td><td data-cell-id=\"C2\" data-x=\"2\" data-y=\"2\" data-db-index=\"2\" class=\"fsize-18\" data-cell-type=\"text\" data-original-value=\"&lt;a href=&quot;https:\/\/teec.org.mx\/web\/wp-content\/uploads\/2023\/12\/TEEC-EXP-22-2023-18-12-2023.pdf&quot; target=&quot;_blank&quot;&gt;TEEC\/EXP\/22\/2023 (ACUERDO DE TR\u00c1MITE DE MEDIO DE IMPUGNACI\u00d3N)&lt;\/a&gt;\" data-order=\"&lt;a href=&quot;https:\/\/teec.org.mx\/web\/wp-content\/uploads\/2023\/12\/TEEC-EXP-22-2023-18-12-2023.pdf&quot; target=&quot;_blank&quot;&gt;TEEC\/EXP\/22\/2023 (ACUERDO DE TR\u00c1MITE DE MEDIO DE IMPUGNACI\u00d3N)&lt;\/a&gt;\" ><a href=\"https:\/\/teec.org.mx\/web\/wp-content\/uploads\/2023\/12\/TEEC-EXP-22-2023-18-12-2023.pdf\" target=\"_blank\">TEEC\/EXP\/22\/2023 (ACUERDO DE TR\u00c1MITE DE MEDIO DE IMPUGNACI\u00d3N)<\/a><\/td><\/tr><tr style=\"height:px\" ><td data-cell-id=\"A3\" data-x=\"0\" data-y=\"3\" data-db-index=\"3\" class=\"fsize-18\" data-cell-type=\"text\" data-original-value=\"06 DE NOVIEMBRE DE 2023, A LAS 14:55 HORAS\" data-order=\"06 DE NOVIEMBRE DE 2023, A LAS 14:55 HORAS\" >06 DE NOVIEMBRE DE 2023, A LAS 14:55 HORAS <\/td><td data-cell-id=\"B3\" data-x=\"1\" data-y=\"3\" data-db-index=\"3\" class=\"fsize-18\" data-cell-type=\"text\" data-original-value=\"LIRIO GUADALUPE SU\u00c1REZ AM\u00c9NDOLA, JUAN CARLOS MENA ZAPATA, FATIMA GISSELLE MEUNIER ROSAS, ABNER RONCES MEX, CLARA CONCEPCI\u00d3N CASTRO G\u00d3MEZ, DANNY ALBERTO G\u00d3NGORA MOO Y NADINE ABIGAIL MOGUEL CEBALLOS EN SU CAR\u00c1CTER DE CONSEJERAS Y CONSEJEROS ELECTORALES DEL INSTITUTO ELECTORAL DEL ESTADO DE CAMPECHE\" data-order=\"LIRIO GUADALUPE SU\u00c1REZ AM\u00c9NDOLA, JUAN CARLOS MENA ZAPATA, FATIMA GISSELLE MEUNIER ROSAS, ABNER RONCES MEX, CLARA CONCEPCI\u00d3N CASTRO G\u00d3MEZ, DANNY ALBERTO G\u00d3NGORA MOO Y NADINE ABIGAIL MOGUEL CEBALLOS EN SU CAR\u00c1CTER DE CONSEJERAS Y CONSEJEROS ELECTORALES DEL INSTITUTO ELECTORAL DEL ESTADO DE CAMPECHE\" >LIRIO GUADALUPE SU\u00c1REZ AM\u00c9NDOLA, JUAN CARLOS MENA ZAPATA, FATIMA GISSELLE MEUNIER ROSAS, ABNER RONCES MEX, CLARA CONCEPCI\u00d3N CASTRO G\u00d3MEZ, DANNY ALBERTO G\u00d3NGORA MOO Y NADINE ABIGAIL MOGUEL CEBALLOS EN SU CAR\u00c1CTER DE CONSEJERAS Y CONSEJEROS ELECTORALES DEL INSTITUTO ELECTORAL DEL ESTADO DE CAMPECHE <\/td><td data-cell-id=\"C3\" data-x=\"2\" data-y=\"3\" data-db-index=\"3\" class=\"fsize-18\" data-cell-type=\"text\" data-original-value=\"&lt;a href=&quot;https:\/\/teec.org.mx\/web\/wp-content\/uploads\/2023\/11\/TEEC-EXP-20-2023-06-11-2023.pdf&quot; target=&quot;_blank&quot;&gt;TEEC\/EXP\/20\/2023 (ACUERDO DE ACUMULACI\u00d3N)&lt;\/a&gt;\" data-order=\"&lt;a href=&quot;https:\/\/teec.org.mx\/web\/wp-content\/uploads\/2023\/11\/TEEC-EXP-20-2023-06-11-2023.pdf&quot; target=&quot;_blank&quot;&gt;TEEC\/EXP\/20\/2023 (ACUERDO DE ACUMULACI\u00d3N)&lt;\/a&gt;\" ><a href=\"https:\/\/teec.org.mx\/web\/wp-content\/uploads\/2023\/11\/TEEC-EXP-20-2023-06-11-2023.pdf\" target=\"_blank\">TEEC\/EXP\/20\/2023 (ACUERDO DE ACUMULACI\u00d3N)<\/a><\/td><\/tr><tr style=\"height:px\" ><td data-cell-id=\"A4\" data-x=\"0\" data-y=\"4\" data-db-index=\"4\" class=\"fsize-18\" data-cell-type=\"text\" data-original-value=\"31 DE OCTUBRE DE 2023, A LAS 9:52 HORAS\" data-order=\"31 DE OCTUBRE DE 2023, A LAS 9:52 HORAS\" >31 DE OCTUBRE DE 2023, A LAS 9:52 HORAS <\/td><td data-cell-id=\"B4\" data-x=\"1\" data-y=\"4\" data-db-index=\"4\" class=\"fsize-18\" data-cell-type=\"text\" data-original-value=\"ALEJANDRO G\u00d3MEZ CAZAR\u00cdN\" data-order=\"ALEJANDRO G\u00d3MEZ CAZAR\u00cdN\" >ALEJANDRO G\u00d3MEZ CAZAR\u00cdN <\/td><td data-cell-id=\"C4\" data-x=\"2\" data-y=\"4\" data-db-index=\"4\" class=\"fsize-18\" data-cell-type=\"text\" data-original-value=\"&lt;a href=&quot;https:\/\/teec.org.mx\/web\/wp-content\/uploads\/2023\/10\/TEEC-EXP-21-2023-31-10-2023.pdf&quot; target=&quot;_blank&quot;&gt;TEEC\/EXP\/21\/2023 (TR\u00c1MITE DE MEDIO DE IMPUGNACI\u00d3N)&lt;\/a&gt;\" data-order=\"&lt;a href=&quot;https:\/\/teec.org.mx\/web\/wp-content\/uploads\/2023\/10\/TEEC-EXP-21-2023-31-10-2023.pdf&quot; target=&quot;_blank&quot;&gt;TEEC\/EXP\/21\/2023 (TR\u00c1MITE DE MEDIO DE IMPUGNACI\u00d3N)&lt;\/a&gt;\" ><a href=\"https:\/\/teec.org.mx\/web\/wp-content\/uploads\/2023\/10\/TEEC-EXP-21-2023-31-10-2023.pdf\" target=\"_blank\">TEEC\/EXP\/21\/2023 (TR\u00c1MITE DE MEDIO DE IMPUGNACI\u00d3N)<\/a><\/td><\/tr><tr style=\"height:px\" ><td data-cell-id=\"A5\" data-x=\"0\" data-y=\"5\" data-db-index=\"5\" class=\"fsize-18\" data-cell-type=\"text\" data-original-value=\"18 DE OCTUBRE DE 2023, A LAS 12:30 HORAS\" data-order=\"18 DE OCTUBRE DE 2023, A LAS 12:30 HORAS\" >18 DE OCTUBRE DE 2023, A LAS 12:30 HORAS <\/td><td data-cell-id=\"B5\" data-x=\"1\" data-y=\"5\" data-db-index=\"5\" class=\"fsize-18\" data-cell-type=\"text\" data-original-value=\"LIRIO GUADALUPE SU\u00c1REZ AM\u00c9NDOLA, JUAN CARLOS MENA ZAPATA, FATIMA GISSELLE MEUNIER ROSAS, ABNER RONCES MEX, CLARA CONCEPCI\u00d3N CASTRO G\u00d3MEZ, DANNY ALBERTO G\u00d3NGORA MOO Y NADINE ABIGAIL MOGUEL CEBALLOS EN SU CAR\u00c1CTER DE CONSEJERAS Y CONSEJEROS ELECTORALES DEL INSTITUTO ELECTORAL DEL ESTADO DE CAMPECHE\" data-order=\"LIRIO GUADALUPE SU\u00c1REZ AM\u00c9NDOLA, JUAN CARLOS MENA ZAPATA, FATIMA GISSELLE MEUNIER ROSAS, ABNER RONCES MEX, CLARA CONCEPCI\u00d3N CASTRO G\u00d3MEZ, DANNY ALBERTO G\u00d3NGORA MOO Y NADINE ABIGAIL MOGUEL CEBALLOS EN SU CAR\u00c1CTER DE CONSEJERAS Y CONSEJEROS ELECTORALES DEL INSTITUTO ELECTORAL DEL ESTADO DE CAMPECHE\" >LIRIO GUADALUPE SU\u00c1REZ AM\u00c9NDOLA, JUAN CARLOS MENA ZAPATA, FATIMA GISSELLE MEUNIER ROSAS, ABNER RONCES MEX, CLARA CONCEPCI\u00d3N CASTRO G\u00d3MEZ, DANNY ALBERTO G\u00d3NGORA MOO Y NADINE ABIGAIL MOGUEL CEBALLOS EN SU CAR\u00c1CTER DE CONSEJERAS Y CONSEJEROS ELECTORALES DEL INSTITUTO ELECTORAL DEL ESTADO DE CAMPECHE <\/td><td data-cell-id=\"C5\" data-x=\"2\" data-y=\"5\" data-db-index=\"5\" class=\"fsize-18\" data-cell-type=\"text\" data-original-value=\"&lt;a href=&quot;https:\/\/teec.org.mx\/web\/wp-content\/uploads\/2023\/10\/TEEC-EXP-20-2023-18-10-2023.pdf&quot; target=&quot;_blank&quot;&gt;TEEC\/EXP\/20\/2023 (SE ACUMULA ESCRITO)&lt;\/a&gt;\" data-order=\"&lt;a href=&quot;https:\/\/teec.org.mx\/web\/wp-content\/uploads\/2023\/10\/TEEC-EXP-20-2023-18-10-2023.pdf&quot; target=&quot;_blank&quot;&gt;TEEC\/EXP\/20\/2023 (SE ACUMULA ESCRITO)&lt;\/a&gt;\" ><a href=\"https:\/\/teec.org.mx\/web\/wp-content\/uploads\/2023\/10\/TEEC-EXP-20-2023-18-10-2023.pdf\" target=\"_blank\">TEEC\/EXP\/20\/2023 (SE ACUMULA ESCRITO)<\/a><\/td><\/tr><tr style=\"height:px\" ><td data-cell-id=\"A6\" data-x=\"0\" data-y=\"6\" data-db-index=\"6\" class=\"fsize-18\" data-cell-type=\"text\" data-original-value=\"10 DE OCTUBRE DE 2023, A LAS 14:30 HORAS\" data-order=\"10 DE OCTUBRE DE 2023, A LAS 14:30 HORAS\" >10 DE OCTUBRE DE 2023, A LAS 14:30 HORAS <\/td><td data-cell-id=\"B6\" data-x=\"1\" data-y=\"6\" data-db-index=\"6\" class=\"fsize-18\" data-cell-type=\"text\" data-original-value=\"LIRIO GUADALUPE SU\u00c1REZ AM\u00c9NDOLA, JUAN CARLOS MENA ZAPATA, FATIMA GISSELLE MEUNIER ROSAS, ABNER RONCES MEX, CLARA CONCEPCI\u00d3N CASTRO G\u00d3MEZ, DANNY ALBERTO G\u00d3NGORA MOO Y NADINE ABIGAIL MOGUEL CEBALLOS EN SU CAR\u00c1CTER DE CONSEJERAS Y CONSEJEROS ELECTORALES DEL INSTITUTO ELECTORAL DEL ESTADO DE CAMPECHE\" data-order=\"LIRIO GUADALUPE SU\u00c1REZ AM\u00c9NDOLA, JUAN CARLOS MENA ZAPATA, FATIMA GISSELLE MEUNIER ROSAS, ABNER RONCES MEX, CLARA CONCEPCI\u00d3N CASTRO G\u00d3MEZ, DANNY ALBERTO G\u00d3NGORA MOO Y NADINE ABIGAIL MOGUEL CEBALLOS EN SU CAR\u00c1CTER DE CONSEJERAS Y CONSEJEROS ELECTORALES DEL INSTITUTO ELECTORAL DEL ESTADO DE CAMPECHE\" >LIRIO GUADALUPE SU\u00c1REZ AM\u00c9NDOLA, JUAN CARLOS MENA ZAPATA, FATIMA GISSELLE MEUNIER ROSAS, ABNER RONCES MEX, CLARA CONCEPCI\u00d3N CASTRO G\u00d3MEZ, DANNY ALBERTO G\u00d3NGORA MOO Y NADINE ABIGAIL MOGUEL CEBALLOS EN SU CAR\u00c1CTER DE CONSEJERAS Y CONSEJEROS ELECTORALES DEL INSTITUTO ELECTORAL DEL ESTADO DE CAMPECHE <\/td><td data-cell-id=\"C6\" data-x=\"2\" data-y=\"6\" data-db-index=\"6\" class=\"fsize-18\" data-cell-type=\"text\" data-original-value=\"&lt;a href=&quot;https:\/\/teec.org.mx\/web\/wp-content\/uploads\/2023\/10\/TEEC-EXP-20-2023-10-10-2023.pdf&quot; target=&quot;_blank&quot;&gt;TEEC\/EXP\/20\/2023 (SE REQUIERE TRAMITE DE MEDIO DE IMPUGNACI\u00d3N)&lt;\/a&gt;\" data-order=\"&lt;a href=&quot;https:\/\/teec.org.mx\/web\/wp-content\/uploads\/2023\/10\/TEEC-EXP-20-2023-10-10-2023.pdf&quot; target=&quot;_blank&quot;&gt;TEEC\/EXP\/20\/2023 (SE REQUIERE TRAMITE DE MEDIO DE IMPUGNACI\u00d3N)&lt;\/a&gt;\" ><a href=\"https:\/\/teec.org.mx\/web\/wp-content\/uploads\/2023\/10\/TEEC-EXP-20-2023-10-10-2023.pdf\" target=\"_blank\">TEEC\/EXP\/20\/2023 (SE REQUIERE TRAMITE DE MEDIO DE IMPUGNACI\u00d3N)<\/a><\/td><\/tr><tr style=\"height:px\" ><td data-cell-id=\"A7\" data-x=\"0\" data-y=\"7\" data-db-index=\"7\" class=\"fsize-18\" data-cell-type=\"text\" data-original-value=\"06 DE OCTUBRE DE 2023, A LAS 12:54 HORAS\" data-order=\"06 DE OCTUBRE DE 2023, A LAS 12:54 HORAS\" >06 DE OCTUBRE DE 2023, A LAS 12:54 HORAS <\/td><td data-cell-id=\"B7\" data-x=\"1\" data-y=\"7\" data-db-index=\"7\" class=\"fsize-18\" data-cell-type=\"text\" data-original-value=\"LIRIO GUADALUPE SU\u00c1REZ AM\u00c9NDOLA, JUAN CARLOS MENA ZAPATA, FATIMA GISSELLE MEUNIER ROSAS, ABNER RONCES MEX, CLARA CONCEPCI\u00d3N CASTRO G\u00d3MEZ, DANNY ALBERTO G\u00d3NGORA MOO Y NADINE ABIGAIL MOGUEL CEBALLOS EN SU CAR\u00c1CTER DE CONSEJERAS Y CONSEJEROS ELECTORALES DEL INSTITUTO ELECTORAL DEL ESTADO DE CAMPECHE\" data-order=\"LIRIO GUADALUPE SU\u00c1REZ AM\u00c9NDOLA, JUAN CARLOS MENA ZAPATA, FATIMA GISSELLE MEUNIER ROSAS, ABNER RONCES MEX, CLARA CONCEPCI\u00d3N CASTRO G\u00d3MEZ, DANNY ALBERTO G\u00d3NGORA MOO Y NADINE ABIGAIL MOGUEL CEBALLOS EN SU CAR\u00c1CTER DE CONSEJERAS Y CONSEJEROS ELECTORALES DEL INSTITUTO ELECTORAL DEL ESTADO DE CAMPECHE\" >LIRIO GUADALUPE SU\u00c1REZ AM\u00c9NDOLA, JUAN CARLOS MENA ZAPATA, FATIMA GISSELLE MEUNIER ROSAS, ABNER RONCES MEX, CLARA CONCEPCI\u00d3N CASTRO G\u00d3MEZ, DANNY ALBERTO G\u00d3NGORA MOO Y NADINE ABIGAIL MOGUEL CEBALLOS EN SU CAR\u00c1CTER DE CONSEJERAS Y CONSEJEROS ELECTORALES DEL INSTITUTO ELECTORAL DEL ESTADO DE CAMPECHE <\/td><td data-cell-id=\"C7\" data-x=\"2\" data-y=\"7\" data-db-index=\"7\" class=\"fsize-18\" data-cell-type=\"text\" data-original-value=\"&lt;a href=&quot;https:\/\/teec.org.mx\/web\/wp-content\/uploads\/2023\/10\/TEEC-EXP-20-2023-06-10-2023.pdf&quot; target=&quot;_blank&quot;&gt;TEEC\/EXP\/20\/2023 (SE DA VISTA A LOS PROMOVENTES)&lt;\/a&gt;\" data-order=\"&lt;a href=&quot;https:\/\/teec.org.mx\/web\/wp-content\/uploads\/2023\/10\/TEEC-EXP-20-2023-06-10-2023.pdf&quot; target=&quot;_blank&quot;&gt;TEEC\/EXP\/20\/2023 (SE DA VISTA A LOS PROMOVENTES)&lt;\/a&gt;\" ><a href=\"https:\/\/teec.org.mx\/web\/wp-content\/uploads\/2023\/10\/TEEC-EXP-20-2023-06-10-2023.pdf\" target=\"_blank\">TEEC\/EXP\/20\/2023 (SE DA VISTA A LOS PROMOVENTES)<\/a><\/td><\/tr><tr style=\"height:px\" ><td data-cell-id=\"A8\" data-x=\"0\" data-y=\"8\" data-db-index=\"8\" class=\"fsize-18\" data-cell-type=\"text\" data-original-value=\"04 DE OCTUBRE DE 2023, A LAS 9:20 HORAS\" data-order=\"04 DE OCTUBRE DE 2023, A LAS 9:20 HORAS\" >04 DE OCTUBRE DE 2023, A LAS 9:20 HORAS <\/td><td data-cell-id=\"B8\" data-x=\"1\" data-y=\"8\" data-db-index=\"8\" class=\"fsize-18\" data-cell-type=\"text\" data-original-value=\"LIRIO GUADALUPE SU\u00c1REZ AM\u00c9NDOLA, JUAN CARLOS MENA ZAPATA, FATIMA GISSELLE MEUNIER ROSAS, ABNER RONCES MEX, CLARA CONCEPCI\u00d3N CASTRO G\u00d3MEZ, DANNY ALBERTO G\u00d3NGORA MOO Y NADINE ABIGAIL MOGUEL CEBALLOS EN SU CAR\u00c1CTER DE CONSEJERAS Y CONSEJEROS ELECTORALES DEL INSTITUTO ELECTORAL DEL ESTADO DE CAMPECHE\" data-order=\"LIRIO GUADALUPE SU\u00c1REZ AM\u00c9NDOLA, JUAN CARLOS MENA ZAPATA, FATIMA GISSELLE MEUNIER ROSAS, ABNER RONCES MEX, CLARA CONCEPCI\u00d3N CASTRO G\u00d3MEZ, DANNY ALBERTO G\u00d3NGORA MOO Y NADINE ABIGAIL MOGUEL CEBALLOS EN SU CAR\u00c1CTER DE CONSEJERAS Y CONSEJEROS ELECTORALES DEL INSTITUTO ELECTORAL DEL ESTADO DE CAMPECHE\" >LIRIO GUADALUPE SU\u00c1REZ AM\u00c9NDOLA, JUAN CARLOS MENA ZAPATA, FATIMA GISSELLE MEUNIER ROSAS, ABNER RONCES MEX, CLARA CONCEPCI\u00d3N CASTRO G\u00d3MEZ, DANNY ALBERTO G\u00d3NGORA MOO Y NADINE ABIGAIL MOGUEL CEBALLOS EN SU CAR\u00c1CTER DE CONSEJERAS Y CONSEJEROS ELECTORALES DEL INSTITUTO ELECTORAL DEL ESTADO DE CAMPECHE <\/td><td data-cell-id=\"C8\" data-x=\"2\" data-y=\"8\" data-db-index=\"8\" class=\"fsize-18\" data-cell-type=\"text\" data-original-value=\"&lt;a href=&quot;https:\/\/teec.org.mx\/web\/wp-content\/uploads\/2023\/10\/TEEC-EXP-20-2023-04-10-2023.pdf&quot; target=&quot;_blank&quot;&gt;TEEC\/EXP\/20\/2023 (SE DA VISTA A LOS PROMOVENTES Y SE ENVIA NUEVAMENTE OFICIO)&lt;\/a&gt;\" data-order=\"&lt;a href=&quot;https:\/\/teec.org.mx\/web\/wp-content\/uploads\/2023\/10\/TEEC-EXP-20-2023-04-10-2023.pdf&quot; target=&quot;_blank&quot;&gt;TEEC\/EXP\/20\/2023 (SE DA VISTA A LOS PROMOVENTES Y SE ENVIA NUEVAMENTE OFICIO)&lt;\/a&gt;\" ><a href=\"https:\/\/teec.org.mx\/web\/wp-content\/uploads\/2023\/10\/TEEC-EXP-20-2023-04-10-2023.pdf\" target=\"_blank\">TEEC\/EXP\/20\/2023 (SE DA VISTA A LOS PROMOVENTES Y SE ENVIA NUEVAMENTE OFICIO)<\/a><\/td><\/tr><tr style=\"height:px\" ><td data-cell-id=\"A9\" data-x=\"0\" data-y=\"9\" data-db-index=\"9\" class=\"fsize-18\" data-cell-type=\"text\" data-original-value=\"27 DE SEPTIEMBRE DE 2023, A LAS 12:42 HORAS\" data-order=\"27 DE SEPTIEMBRE DE 2023, A LAS 12:42 HORAS\" >27 DE SEPTIEMBRE DE 2023, A LAS 12:42 HORAS <\/td><td data-cell-id=\"B9\" data-x=\"1\" data-y=\"9\" data-db-index=\"9\" class=\"fsize-18\" data-cell-type=\"text\" data-original-value=\"LIRIO GUADALUPE SU\u00c1REZ AM\u00c9NDOLA, JUAN CARLOS MENA ZAPATA, FATIMA GISSELLE MEUNIER ROSAS, ABNER RONCES MEX, CLARA CONCEPCI\u00d3N CASTRO G\u00d3MEZ, DANNY ALBERTO G\u00d3NGORA MOO Y NADINE ABIGAIL MOGUEL CEBALLOS EN SU CAR\u00c1CTER DE CONSEJERAS Y CONSEJEROS ELECTORALES DEL INSTITUTO ELECTORAL DEL ESTADO DE CAMPECHE\" data-order=\"LIRIO GUADALUPE SU\u00c1REZ AM\u00c9NDOLA, JUAN CARLOS MENA ZAPATA, FATIMA GISSELLE MEUNIER ROSAS, ABNER RONCES MEX, CLARA CONCEPCI\u00d3N CASTRO G\u00d3MEZ, DANNY ALBERTO G\u00d3NGORA MOO Y NADINE ABIGAIL MOGUEL CEBALLOS EN SU CAR\u00c1CTER DE CONSEJERAS Y CONSEJEROS ELECTORALES DEL INSTITUTO ELECTORAL DEL ESTADO DE CAMPECHE\" >LIRIO GUADALUPE SU\u00c1REZ AM\u00c9NDOLA, JUAN CARLOS MENA ZAPATA, FATIMA GISSELLE MEUNIER ROSAS, ABNER RONCES MEX, CLARA CONCEPCI\u00d3N CASTRO G\u00d3MEZ, DANNY ALBERTO G\u00d3NGORA MOO Y NADINE ABIGAIL MOGUEL CEBALLOS EN SU CAR\u00c1CTER DE CONSEJERAS Y CONSEJEROS ELECTORALES DEL INSTITUTO ELECTORAL DEL ESTADO DE CAMPECHE <\/td><td data-cell-id=\"C9\" data-x=\"2\" data-y=\"9\" data-db-index=\"9\" class=\"fsize-18\" data-cell-type=\"text\" data-original-value=\"&lt;a href=&quot;https:\/\/teec.org.mx\/web\/wp-content\/uploads\/2023\/09\/TEEC-EXP-20-2023-27-09-2023.pdf&quot; target=&quot;_blank&quot;&gt;TEEC\/EXP\/20\/2023 (ACUERDO DE ACUMULACI\u00d3N)&lt;\/a&gt;\" data-order=\"&lt;a href=&quot;https:\/\/teec.org.mx\/web\/wp-content\/uploads\/2023\/09\/TEEC-EXP-20-2023-27-09-2023.pdf&quot; target=&quot;_blank&quot;&gt;TEEC\/EXP\/20\/2023 (ACUERDO DE ACUMULACI\u00d3N)&lt;\/a&gt;\" ><a href=\"https:\/\/teec.org.mx\/web\/wp-content\/uploads\/2023\/09\/TEEC-EXP-20-2023-27-09-2023.pdf\" target=\"_blank\">TEEC\/EXP\/20\/2023 (ACUERDO DE ACUMULACI\u00d3N)<\/a><\/td><\/tr><tr style=\"height:px\" ><td data-cell-id=\"A10\" data-x=\"0\" data-y=\"10\" data-db-index=\"10\" class=\"fsize-18\" data-cell-type=\"text\" data-original-value=\"18 DE SEPTIEMBRE DE 2023, A LAS 12:40 HORAS\" data-order=\"18 DE SEPTIEMBRE DE 2023, A LAS 12:40 HORAS\" >18 DE SEPTIEMBRE DE 2023, A LAS 12:40 HORAS <\/td><td data-cell-id=\"B10\" data-x=\"1\" data-y=\"10\" data-db-index=\"10\" class=\"fsize-18\" data-cell-type=\"text\" data-original-value=\"LIRIO GUADALUPE SU\u00c1REZ AM\u00c9NDOLA, JUAN CARLOS MENA ZAPATA, FATIMA GISSELLE MEUNIER ROSAS, ABNER RONCES MEX, CLARA CONCEPCI\u00d3N CASTRO G\u00d3MEZ, DANNY ALBERTO G\u00d3NGORA MOO Y NADINE ABIGAIL MOGUEL CEBALLOS EN SU CAR\u00c1CTER DE CONSEJERAS Y CONSEJEROS ELECTORALES DEL INSTITUTO ELECTORAL DEL ESTADO DE CAMPECHE\" data-order=\"LIRIO GUADALUPE SU\u00c1REZ AM\u00c9NDOLA, JUAN CARLOS MENA ZAPATA, FATIMA GISSELLE MEUNIER ROSAS, ABNER RONCES MEX, CLARA CONCEPCI\u00d3N CASTRO G\u00d3MEZ, DANNY ALBERTO G\u00d3NGORA MOO Y NADINE ABIGAIL MOGUEL CEBALLOS EN SU CAR\u00c1CTER DE CONSEJERAS Y CONSEJEROS ELECTORALES DEL INSTITUTO ELECTORAL DEL ESTADO DE CAMPECHE\" >LIRIO GUADALUPE SU\u00c1REZ AM\u00c9NDOLA, JUAN CARLOS MENA ZAPATA, FATIMA GISSELLE MEUNIER ROSAS, ABNER RONCES MEX, CLARA CONCEPCI\u00d3N CASTRO G\u00d3MEZ, DANNY ALBERTO G\u00d3NGORA MOO Y NADINE ABIGAIL MOGUEL CEBALLOS EN SU CAR\u00c1CTER DE CONSEJERAS Y CONSEJEROS ELECTORALES DEL INSTITUTO ELECTORAL DEL ESTADO DE CAMPECHE <\/td><td data-cell-id=\"C10\" data-x=\"2\" data-y=\"10\" data-db-index=\"10\" class=\"fsize-18\" data-cell-type=\"text\" data-original-value=\"&lt;a href=&quot;https:\/\/teec.org.mx\/web\/wp-content\/uploads\/2023\/09\/TEEC-EXP-20-2023-18-09-2023.pdf&quot; target=&quot;_blank&quot;&gt;TEEC\/EXP\/20\/2023 (TR\u00c1MITE DE MEDIO DE IMPUGNACI\u00d3N)&lt;\/a&gt;\" data-order=\"&lt;a href=&quot;https:\/\/teec.org.mx\/web\/wp-content\/uploads\/2023\/09\/TEEC-EXP-20-2023-18-09-2023.pdf&quot; target=&quot;_blank&quot;&gt;TEEC\/EXP\/20\/2023 (TR\u00c1MITE DE MEDIO DE IMPUGNACI\u00d3N)&lt;\/a&gt;\" ><a href=\"https:\/\/teec.org.mx\/web\/wp-content\/uploads\/2023\/09\/TEEC-EXP-20-2023-18-09-2023.pdf\" target=\"_blank\">TEEC\/EXP\/20\/2023 (TR\u00c1MITE DE MEDIO DE IMPUGNACI\u00d3N)<\/a><\/td><\/tr><tr style=\"height:px\" ><td data-cell-id=\"A11\" data-x=\"0\" data-y=\"11\" data-db-index=\"11\" class=\"fsize-18\" data-cell-type=\"text\" data-original-value=\"22 DE JUNIO DE 2023, A LAS 11:55 HORAS\" data-order=\"22 DE JUNIO DE 2023, A LAS 11:55 HORAS\" >22 DE JUNIO DE 2023, A LAS 11:55 HORAS <\/td><td data-cell-id=\"B11\" data-x=\"1\" data-y=\"11\" data-db-index=\"11\" class=\"fsize-18\" data-cell-type=\"text\" data-original-value=\"MODESTO ARC\u00c1NGEL PECH UITZ INTEGRANTE DEL COMIT\u00c9 DIRECTIVO ESTATAL DEL PARTIDO ACCI\u00d3N NACIONAL EN CAMPECHE\" data-order=\"MODESTO ARC\u00c1NGEL PECH UITZ INTEGRANTE DEL COMIT\u00c9 DIRECTIVO ESTATAL DEL PARTIDO ACCI\u00d3N NACIONAL EN CAMPECHE\" >MODESTO ARC\u00c1NGEL PECH UITZ INTEGRANTE DEL COMIT\u00c9 DIRECTIVO ESTATAL DEL PARTIDO ACCI\u00d3N NACIONAL EN CAMPECHE <\/td><td data-cell-id=\"C11\" data-x=\"2\" data-y=\"11\" data-db-index=\"11\" class=\"fsize-18\" data-cell-type=\"text\" data-original-value=\"&lt;a href=&quot;https:\/\/teec.org.mx\/web\/wp-content\/uploads\/2023\/06\/TEEC-EXP-19-2023-22-06-2023.pdf&quot; target=&quot;_blank&quot;&gt;TEEC\/EXP\/19\/2023 (TR\u00c1MITE DE MEDIO DE IMPUGNACI\u00d3N)&lt;\/a&gt;\" data-order=\"&lt;a href=&quot;https:\/\/teec.org.mx\/web\/wp-content\/uploads\/2023\/06\/TEEC-EXP-19-2023-22-06-2023.pdf&quot; target=&quot;_blank&quot;&gt;TEEC\/EXP\/19\/2023 (TR\u00c1MITE DE MEDIO DE IMPUGNACI\u00d3N)&lt;\/a&gt;\" ><a href=\"https:\/\/teec.org.mx\/web\/wp-content\/uploads\/2023\/06\/TEEC-EXP-19-2023-22-06-2023.pdf\" target=\"_blank\">TEEC\/EXP\/19\/2023 (TR\u00c1MITE DE MEDIO DE IMPUGNACI\u00d3N)<\/a><\/td><\/tr><tr style=\"height:px\" ><td data-cell-id=\"A12\" data-x=\"0\" data-y=\"12\" data-db-index=\"12\" class=\"fsize-18\" data-cell-type=\"text\" data-original-value=\"02 DE JUNIO DE 2023, A LAS 13:20 HORAS\" data-order=\"02 DE JUNIO DE 2023, A LAS 13:20 HORAS\" >02 DE JUNIO DE 2023, A LAS 13:20 HORAS <\/td><td data-cell-id=\"B12\" data-x=\"1\" data-y=\"12\" data-db-index=\"12\" class=\"fsize-18\" data-cell-type=\"text\" data-original-value=\"LUISA YAEL AMADOR GAMBOA, INTEGRANTE DEL COMIT\u00c9 DIRECTIVO ESTATAL DEL PARTIDO ACCI\u00d3N NACIONAL EN CAMPECHE\" data-order=\"LUISA YAEL AMADOR GAMBOA, INTEGRANTE DEL COMIT\u00c9 DIRECTIVO ESTATAL DEL PARTIDO ACCI\u00d3N NACIONAL EN CAMPECHE\" >LUISA YAEL AMADOR GAMBOA, INTEGRANTE DEL COMIT\u00c9 DIRECTIVO ESTATAL DEL PARTIDO ACCI\u00d3N NACIONAL EN CAMPECHE <\/td><td data-cell-id=\"C12\" data-x=\"2\" data-y=\"12\" data-db-index=\"12\" class=\"fsize-18\" data-cell-type=\"text\" data-original-value=\"&lt;a href=&quot;https:\/\/teec.org.mx\/web\/wp-content\/uploads\/2023\/06\/TEEC-EXP-18-2023-02-06-2023.pdf&quot; target=&quot;_blank&quot;&gt;TEEC\/EXP\/18\/2023 (TR\u00c1MITE DE MEDIO DE IMPUGNACI\u00d3N)&lt;\/a&gt;\" data-order=\"&lt;a href=&quot;https:\/\/teec.org.mx\/web\/wp-content\/uploads\/2023\/06\/TEEC-EXP-18-2023-02-06-2023.pdf&quot; target=&quot;_blank&quot;&gt;TEEC\/EXP\/18\/2023 (TR\u00c1MITE DE MEDIO DE IMPUGNACI\u00d3N)&lt;\/a&gt;\" ><a href=\"https:\/\/teec.org.mx\/web\/wp-content\/uploads\/2023\/06\/TEEC-EXP-18-2023-02-06-2023.pdf\" target=\"_blank\">TEEC\/EXP\/18\/2023 (TR\u00c1MITE DE MEDIO DE IMPUGNACI\u00d3N)<\/a><\/td><\/tr><tr style=\"height:px\" ><td data-cell-id=\"A13\" data-x=\"0\" data-y=\"13\" data-db-index=\"13\" class=\"fsize-18\" data-cell-type=\"text\" data-original-value=\"08 DE MAYO DE 2023, A LAS 13:10 HORAS\" data-order=\"08 DE MAYO DE 2023, A LAS 13:10 HORAS\" >08 DE MAYO DE 2023, A LAS 13:10 HORAS <\/td><td data-cell-id=\"B13\" data-x=\"1\" data-y=\"13\" data-db-index=\"13\" class=\"fsize-18\" data-cell-type=\"text\" data-original-value=\"ERICK ALEJANDRO REYES LE\u00d3N\" data-order=\"ERICK ALEJANDRO REYES LE\u00d3N\" >ERICK ALEJANDRO REYES LE\u00d3N <\/td><td data-cell-id=\"C13\" data-x=\"2\" data-y=\"13\" data-db-index=\"13\" class=\"fsize-18\" data-cell-type=\"text\" data-original-value=\"&lt;a href=&quot;https:\/\/teec.org.mx\/web\/wp-content\/uploads\/2023\/05\/TEEC-EXP-17-2023-08-05-2023.pdf&quot; target=&quot;_blank&quot;&gt;TEEC\/EXP\/17\/2023 (PARA CONOCIMIENTO)&lt;\/a&gt;\" data-order=\"&lt;a href=&quot;https:\/\/teec.org.mx\/web\/wp-content\/uploads\/2023\/05\/TEEC-EXP-17-2023-08-05-2023.pdf&quot; target=&quot;_blank&quot;&gt;TEEC\/EXP\/17\/2023 (PARA CONOCIMIENTO)&lt;\/a&gt;\" ><a href=\"https:\/\/teec.org.mx\/web\/wp-content\/uploads\/2023\/05\/TEEC-EXP-17-2023-08-05-2023.pdf\" target=\"_blank\">TEEC\/EXP\/17\/2023 (PARA CONOCIMIENTO)<\/a><\/td><\/tr><tr style=\"height:px\" ><td data-cell-id=\"A14\" data-x=\"0\" data-y=\"14\" data-db-index=\"14\" class=\"fsize-18\" data-cell-type=\"text\" data-original-value=\"03 DE ABRIL DE 2023, A LAS 13:50 HORAS\" data-order=\"03 DE ABRIL DE 2023, A LAS 13:50 HORAS\" >03 DE ABRIL DE 2023, A LAS 13:50 HORAS <\/td><td data-cell-id=\"B14\" data-x=\"1\" data-y=\"14\" data-db-index=\"14\" class=\"fsize-18\" data-cell-type=\"text\" data-original-value=\"LUISA YAEL AMADOR GAMBOA INTEGRANTE DEL COMIT\u00c9 DIRECTIVO ESTATAL DEL PARTIDO ACCI\u00d3N NACIONAL EN CAMPECHE Y SECRETARIA DE PROMOCI\u00d3N POL\u00cdTICA DE LA MUJER\" data-order=\"LUISA YAEL AMADOR GAMBOA INTEGRANTE DEL COMIT\u00c9 DIRECTIVO ESTATAL DEL PARTIDO ACCI\u00d3N NACIONAL EN CAMPECHE Y SECRETARIA DE PROMOCI\u00d3N POL\u00cdTICA DE LA MUJER\" >LUISA YAEL AMADOR GAMBOA INTEGRANTE DEL COMIT\u00c9 DIRECTIVO ESTATAL DEL PARTIDO ACCI\u00d3N NACIONAL EN CAMPECHE Y SECRETARIA DE PROMOCI\u00d3N POL\u00cdTICA DE LA MUJER <\/td><td data-cell-id=\"C14\" data-x=\"2\" data-y=\"14\" data-db-index=\"14\" class=\"fsize-18\" data-cell-type=\"text\" data-original-value=\"&lt;a href=&quot;https:\/\/teec.org.mx\/web\/wp-content\/uploads\/2023\/04\/TEEC-EXP-16-2023-03-04-2023.pdf&quot; target=&quot;_blank&quot;&gt;TEEC\/EXP\/16\/2023 (SE TIENE POR NO PRESENTADO EL MEDIO DE IMPUGNACION)&lt;\/a&gt;\" data-order=\"&lt;a href=&quot;https:\/\/teec.org.mx\/web\/wp-content\/uploads\/2023\/04\/TEEC-EXP-16-2023-03-04-2023.pdf&quot; target=&quot;_blank&quot;&gt;TEEC\/EXP\/16\/2023 (SE TIENE POR NO PRESENTADO EL MEDIO DE IMPUGNACION)&lt;\/a&gt;\" ><a href=\"https:\/\/teec.org.mx\/web\/wp-content\/uploads\/2023\/04\/TEEC-EXP-16-2023-03-04-2023.pdf\" target=\"_blank\">TEEC\/EXP\/16\/2023 (SE TIENE POR NO PRESENTADO EL MEDIO DE IMPUGNACION)<\/a><\/td><\/tr><tr style=\"height:px\" ><td data-cell-id=\"A15\" data-x=\"0\" data-y=\"15\" data-db-index=\"15\" class=\"fsize-18\" data-cell-type=\"text\" data-original-value=\"29 DE MARZO DE 2023, A LAS 13:42 HORAS\" data-order=\"29 DE MARZO DE 2023, A LAS 13:42 HORAS\" >29 DE MARZO DE 2023, A LAS 13:42 HORAS <\/td><td data-cell-id=\"B15\" data-x=\"1\" data-y=\"15\" data-db-index=\"15\" class=\"fsize-18\" data-cell-type=\"text\" data-original-value=\"MODESTO ARCANGEL PECH UITZ, INTEGRANTE DEL COMIT\u00c9 DIRECTIVO ESTATAL DEL PARTIDO ACCI\u00d3N NACIONAL EN CAMPECHE\" data-order=\"MODESTO ARCANGEL PECH UITZ, INTEGRANTE DEL COMIT\u00c9 DIRECTIVO ESTATAL DEL PARTIDO ACCI\u00d3N NACIONAL EN CAMPECHE\" >MODESTO ARCANGEL PECH UITZ, INTEGRANTE DEL COMIT\u00c9 DIRECTIVO ESTATAL DEL PARTIDO ACCI\u00d3N NACIONAL EN CAMPECHE <\/td><td data-cell-id=\"C15\" data-x=\"2\" data-y=\"15\" data-db-index=\"15\" class=\"fsize-18\" data-cell-type=\"text\" data-original-value=\"&lt;a href=&quot;https:\/\/teec.org.mx\/web\/wp-content\/uploads\/2023\/03\/TEEC-EXP-15-2023-29-03-2023.pdf&quot; target=&quot;_blank&quot;&gt;TEEC\/EXP\/15\/2023 (SE TIENE POR NO PRESENTADO EL MEDIO DE IMPUGNACION)&lt;\/a&gt;\" data-order=\"&lt;a href=&quot;https:\/\/teec.org.mx\/web\/wp-content\/uploads\/2023\/03\/TEEC-EXP-15-2023-29-03-2023.pdf&quot; target=&quot;_blank&quot;&gt;TEEC\/EXP\/15\/2023 (SE TIENE POR NO PRESENTADO EL MEDIO DE IMPUGNACION)&lt;\/a&gt;\" ><a href=\"https:\/\/teec.org.mx\/web\/wp-content\/uploads\/2023\/03\/TEEC-EXP-15-2023-29-03-2023.pdf\" target=\"_blank\">TEEC\/EXP\/15\/2023 (SE TIENE POR NO PRESENTADO EL MEDIO DE IMPUGNACION)<\/a><\/td><\/tr><tr style=\"height:px\" ><td data-cell-id=\"A16\" data-x=\"0\" data-y=\"16\" data-db-index=\"16\" class=\"fsize-18\" data-cell-type=\"text\" data-original-value=\"08 DE MARZO DE 2023, A LAS 10:30 HORAS\" data-order=\"08 DE MARZO DE 2023, A LAS 10:30 HORAS\" >08 DE MARZO DE 2023, A LAS 10:30 HORAS <\/td><td data-cell-id=\"B16\" data-x=\"1\" data-y=\"16\" data-db-index=\"16\" class=\"fsize-18\" data-cell-type=\"text\" data-original-value=\"ROYER RODOLFO RAYGOZA QUIJANO, EN CALIDAD DE EXCANDIDATO A COMISARIO MUNICIPAL DE CHIN\u00c1, CAMPECHE\" data-order=\"ROYER RODOLFO RAYGOZA QUIJANO, EN CALIDAD DE EXCANDIDATO A COMISARIO MUNICIPAL DE CHIN\u00c1, CAMPECHE\" >ROYER RODOLFO RAYGOZA QUIJANO, EN CALIDAD DE EXCANDIDATO A COMISARIO MUNICIPAL DE CHIN\u00c1, CAMPECHE <\/td><td data-cell-id=\"C16\" data-x=\"2\" data-y=\"16\" data-db-index=\"16\" class=\"fsize-18\" data-cell-type=\"text\" data-original-value=\"&lt;a href=&quot;https:\/\/teec.org.mx\/web\/wp-content\/uploads\/2023\/03\/TEEC-EXP-14-2023-08-03-2023.pdf&quot; target=&quot;_blank&quot;&gt;TEEC\/EXP\/14\/2023 (ACUERDO DE TR\u00c1MITE DE MEDIO DE IMPUGNACI\u00d3N)&lt;\/a&gt;\" data-order=\"&lt;a href=&quot;https:\/\/teec.org.mx\/web\/wp-content\/uploads\/2023\/03\/TEEC-EXP-14-2023-08-03-2023.pdf&quot; target=&quot;_blank&quot;&gt;TEEC\/EXP\/14\/2023 (ACUERDO DE TR\u00c1MITE DE MEDIO DE IMPUGNACI\u00d3N)&lt;\/a&gt;\" ><a href=\"https:\/\/teec.org.mx\/web\/wp-content\/uploads\/2023\/03\/TEEC-EXP-14-2023-08-03-2023.pdf\" target=\"_blank\">TEEC\/EXP\/14\/2023 (ACUERDO DE TR\u00c1MITE DE MEDIO DE IMPUGNACI\u00d3N)<\/a><\/td><\/tr><tr style=\"height:px\" ><td data-cell-id=\"A17\" data-x=\"0\" data-y=\"17\" data-db-index=\"17\" class=\"fsize-18\" data-cell-type=\"text\" data-original-value=\"13 DE FEBRERO DE 2023, A LAS 13:50 HORAS\" data-order=\"13 DE FEBRERO DE 2023, A LAS 13:50 HORAS\" >13 DE FEBRERO DE 2023, A LAS 13:50 HORAS <\/td><td data-cell-id=\"B17\" data-x=\"1\" data-y=\"17\" data-db-index=\"17\" class=\"fsize-18\" data-cell-type=\"text\" data-original-value=\"FRANCISCA ALEJANDRA NAAL CAZAN\" data-order=\"FRANCISCA ALEJANDRA NAAL CAZAN\" >FRANCISCA ALEJANDRA NAAL CAZAN <\/td><td data-cell-id=\"C17\" data-x=\"2\" data-y=\"17\" data-db-index=\"17\" class=\"fsize-18\" data-cell-type=\"text\" data-original-value=\"&lt;a href=&quot;https:\/\/teec.org.mx\/web\/wp-content\/uploads\/2023\/02\/TEEC-EXP-13-2023-13-02-2023.pdf&quot; target=&quot;_blank&quot;&gt;TEEC\/EXP\/13\/2023 (SE ORDENA TR\u00c1MITE DE MEDIO DE IMPUGNACI\u00d3N)&lt;\/a&gt;\" data-order=\"&lt;a href=&quot;https:\/\/teec.org.mx\/web\/wp-content\/uploads\/2023\/02\/TEEC-EXP-13-2023-13-02-2023.pdf&quot; target=&quot;_blank&quot;&gt;TEEC\/EXP\/13\/2023 (SE ORDENA TR\u00c1MITE DE MEDIO DE IMPUGNACI\u00d3N)&lt;\/a&gt;\" ><a href=\"https:\/\/teec.org.mx\/web\/wp-content\/uploads\/2023\/02\/TEEC-EXP-13-2023-13-02-2023.pdf\" target=\"_blank\">TEEC\/EXP\/13\/2023 (SE ORDENA TR\u00c1MITE DE MEDIO DE IMPUGNACI\u00d3N)<\/a><\/td><\/tr><tr style=\"height:px\" ><td data-cell-id=\"A18\" data-x=\"0\" data-y=\"18\" data-db-index=\"18\" class=\"fsize-18\" data-cell-type=\"text\" data-original-value=\"13 DE FEBRERO DE 2023, A LAS 13:43 HORAS\" data-order=\"13 DE FEBRERO DE 2023, A LAS 13:43 HORAS\" >13 DE FEBRERO DE 2023, A LAS 13:43 HORAS <\/td><td data-cell-id=\"B18\" data-x=\"1\" data-y=\"18\" data-db-index=\"18\" class=\"fsize-18\" data-cell-type=\"text\" data-original-value=\"PAULA JAQUELINE PECH GARC\u00cdA\" data-order=\"PAULA JAQUELINE PECH GARC\u00cdA\" >PAULA JAQUELINE PECH GARC\u00cdA <\/td><td data-cell-id=\"C18\" data-x=\"2\" data-y=\"18\" data-db-index=\"18\" class=\"fsize-18\" data-cell-type=\"text\" data-original-value=\"&lt;a href=&quot;https:\/\/teec.org.mx\/web\/wp-content\/uploads\/2023\/02\/TEEC-EXP-12-2023-13-02-2023.pdf&quot; target=&quot;_blank&quot;&gt;TEEC\/EXP\/12\/2023 (SE ORDENA TR\u00c1MITE DE MEDIO DE IMPUGNACI\u00d3N)&lt;\/a&gt;\" data-order=\"&lt;a href=&quot;https:\/\/teec.org.mx\/web\/wp-content\/uploads\/2023\/02\/TEEC-EXP-12-2023-13-02-2023.pdf&quot; target=&quot;_blank&quot;&gt;TEEC\/EXP\/12\/2023 (SE ORDENA TR\u00c1MITE DE MEDIO DE IMPUGNACI\u00d3N)&lt;\/a&gt;\" ><a href=\"https:\/\/teec.org.mx\/web\/wp-content\/uploads\/2023\/02\/TEEC-EXP-12-2023-13-02-2023.pdf\" target=\"_blank\">TEEC\/EXP\/12\/2023 (SE ORDENA TR\u00c1MITE DE MEDIO DE IMPUGNACI\u00d3N)<\/a><\/td><\/tr><tr style=\"height:px\" ><td data-cell-id=\"A19\" data-x=\"0\" data-y=\"19\" data-db-index=\"19\" class=\"fsize-18\" data-cell-type=\"text\" data-original-value=\"13 DE FEBRERO DE 2023, A LAS 13:37 HORAS\" data-order=\"13 DE FEBRERO DE 2023, A LAS 13:37 HORAS\" >13 DE FEBRERO DE 2023, A LAS 13:37 HORAS <\/td><td data-cell-id=\"B19\" data-x=\"1\" data-y=\"19\" data-db-index=\"19\" class=\"fsize-18\" data-cell-type=\"text\" data-original-value=\"DOLORES ASCENCIO BALAN\" data-order=\"DOLORES ASCENCIO BALAN\" >DOLORES ASCENCIO BALAN <\/td><td data-cell-id=\"C19\" data-x=\"2\" data-y=\"19\" data-db-index=\"19\" class=\"fsize-18\" data-cell-type=\"text\" data-original-value=\"&lt;a href=&quot;https:\/\/teec.org.mx\/web\/wp-content\/uploads\/2023\/02\/TEEC-EXP-11-2023-13-02-2023.pdf&quot; target=&quot;_blank&quot;&gt;TEEC\/EXP\/11\/2023 (SE ORDENA TR\u00c1MITE DE MEDIO DE IMPUGNACI\u00d3N)&lt;\/a&gt;\" data-order=\"&lt;a href=&quot;https:\/\/teec.org.mx\/web\/wp-content\/uploads\/2023\/02\/TEEC-EXP-11-2023-13-02-2023.pdf&quot; target=&quot;_blank&quot;&gt;TEEC\/EXP\/11\/2023 (SE ORDENA TR\u00c1MITE DE MEDIO DE IMPUGNACI\u00d3N)&lt;\/a&gt;\" ><a href=\"https:\/\/teec.org.mx\/web\/wp-content\/uploads\/2023\/02\/TEEC-EXP-11-2023-13-02-2023.pdf\" target=\"_blank\">TEEC\/EXP\/11\/2023 (SE ORDENA TR\u00c1MITE DE MEDIO DE IMPUGNACI\u00d3N)<\/a><\/td><\/tr><tr style=\"height:px\" ><td data-cell-id=\"A20\" data-x=\"0\" data-y=\"20\" data-db-index=\"20\" class=\"fsize-18\" data-cell-type=\"text\" data-original-value=\"13 DE FEBRERO DE 2023, A LAS 13:31 HORAS\" data-order=\"13 DE FEBRERO DE 2023, A LAS 13:31 HORAS\" >13 DE FEBRERO DE 2023, A LAS 13:31 HORAS <\/td><td data-cell-id=\"B20\" data-x=\"1\" data-y=\"20\" data-db-index=\"20\" class=\"fsize-18\" data-cell-type=\"text\" data-original-value=\"JUAN FRANCISCO PORTELA RODR\u00cdGUEZ\" data-order=\"JUAN FRANCISCO PORTELA RODR\u00cdGUEZ\" >JUAN FRANCISCO PORTELA RODR\u00cdGUEZ <\/td><td data-cell-id=\"C20\" data-x=\"2\" data-y=\"20\" data-db-index=\"20\" class=\"fsize-18\" data-cell-type=\"text\" data-original-value=\"&lt;a href=&quot;https:\/\/teec.org.mx\/web\/wp-content\/uploads\/2023\/02\/TEEC-EXP-10-2023-13-02-2023.pdf&quot; target=&quot;_blank&quot;&gt;TEEC\/EXP\/10\/2023 (SE ORDENA TR\u00c1MITE DE MEDIO DE IMPUGNACI\u00d3N)&lt;\/a&gt;\" data-order=\"&lt;a href=&quot;https:\/\/teec.org.mx\/web\/wp-content\/uploads\/2023\/02\/TEEC-EXP-10-2023-13-02-2023.pdf&quot; target=&quot;_blank&quot;&gt;TEEC\/EXP\/10\/2023 (SE ORDENA TR\u00c1MITE DE MEDIO DE IMPUGNACI\u00d3N)&lt;\/a&gt;\" ><a href=\"https:\/\/teec.org.mx\/web\/wp-content\/uploads\/2023\/02\/TEEC-EXP-10-2023-13-02-2023.pdf\" target=\"_blank\">TEEC\/EXP\/10\/2023 (SE ORDENA TR\u00c1MITE DE MEDIO DE IMPUGNACI\u00d3N)<\/a><\/td><\/tr><tr style=\"height:px\" ><td data-cell-id=\"A21\" data-x=\"0\" data-y=\"21\" data-db-index=\"21\" class=\"fsize-18\" data-cell-type=\"text\" data-original-value=\"13 DE FEBRERO DE 2023, A LAS 13:28 HORAS\" data-order=\"13 DE FEBRERO DE 2023, A LAS 13:28 HORAS\" >13 DE FEBRERO DE 2023, A LAS 13:28 HORAS <\/td><td data-cell-id=\"B21\" data-x=\"1\" data-y=\"21\" data-db-index=\"21\" class=\"fsize-18\" data-cell-type=\"text\" data-original-value=\"JAIR STEVE SOSA SOSA\" data-order=\"JAIR STEVE SOSA SOSA\" >JAIR STEVE SOSA SOSA <\/td><td data-cell-id=\"C21\" data-x=\"2\" data-y=\"21\" data-db-index=\"21\" class=\"fsize-18\" data-cell-type=\"text\" data-original-value=\"&lt;a href=&quot;https:\/\/teec.org.mx\/web\/wp-content\/uploads\/2023\/02\/TEEC-EXP-9-2023-13-02-2023.pdf&quot; target=&quot;_blank&quot;&gt;TEEC\/EXP\/9\/2023 (SE ORDENA TR\u00c1MITE DE MEDIO DE IMPUGNACI\u00d3N)&lt;\/a&gt;\" data-order=\"&lt;a href=&quot;https:\/\/teec.org.mx\/web\/wp-content\/uploads\/2023\/02\/TEEC-EXP-9-2023-13-02-2023.pdf&quot; target=&quot;_blank&quot;&gt;TEEC\/EXP\/9\/2023 (SE ORDENA TR\u00c1MITE DE MEDIO DE IMPUGNACI\u00d3N)&lt;\/a&gt;\" ><a href=\"https:\/\/teec.org.mx\/web\/wp-content\/uploads\/2023\/02\/TEEC-EXP-9-2023-13-02-2023.pdf\" target=\"_blank\">TEEC\/EXP\/9\/2023 (SE ORDENA TR\u00c1MITE DE MEDIO DE IMPUGNACI\u00d3N)<\/a><\/td><\/tr><tr style=\"height:px\" ><td data-cell-id=\"A22\" data-x=\"0\" data-y=\"22\" data-db-index=\"22\" class=\"fsize-18\" data-cell-type=\"text\" data-original-value=\"13 DE FEBRERO DE 2023, A LAS 13:22 HORAS\" data-order=\"13 DE FEBRERO DE 2023, A LAS 13:22 HORAS\" >13 DE FEBRERO DE 2023, A LAS 13:22 HORAS <\/td><td data-cell-id=\"B22\" data-x=\"1\" data-y=\"22\" data-db-index=\"22\" class=\"fsize-18\" data-cell-type=\"text\" data-original-value=\"ENRIQUE ARMANDO RODR\u00cdGUEZ CHAN\" data-order=\"ENRIQUE ARMANDO RODR\u00cdGUEZ CHAN\" >ENRIQUE ARMANDO RODR\u00cdGUEZ CHAN <\/td><td data-cell-id=\"C22\" data-x=\"2\" data-y=\"22\" data-db-index=\"22\" class=\"fsize-18\" data-cell-type=\"text\" data-original-value=\"&lt;a href=&quot;https:\/\/teec.org.mx\/web\/wp-content\/uploads\/2023\/02\/TEEC-EXP-8-2023-13-02-2023.pdf&quot; target=&quot;_blank&quot;&gt;TEEC\/EXP\/8\/2023 (SE ORDENA TR\u00c1MITE DE MEDIO DE IMPUGNACI\u00d3N)&lt;\/a&gt;\" data-order=\"&lt;a href=&quot;https:\/\/teec.org.mx\/web\/wp-content\/uploads\/2023\/02\/TEEC-EXP-8-2023-13-02-2023.pdf&quot; target=&quot;_blank&quot;&gt;TEEC\/EXP\/8\/2023 (SE ORDENA TR\u00c1MITE DE MEDIO DE IMPUGNACI\u00d3N)&lt;\/a&gt;\" ><a href=\"https:\/\/teec.org.mx\/web\/wp-content\/uploads\/2023\/02\/TEEC-EXP-8-2023-13-02-2023.pdf\" target=\"_blank\">TEEC\/EXP\/8\/2023 (SE ORDENA TR\u00c1MITE DE MEDIO DE IMPUGNACI\u00d3N)<\/a><\/td><\/tr><tr style=\"height:px\" ><td data-cell-id=\"A23\" data-x=\"0\" data-y=\"23\" data-db-index=\"23\" class=\"fsize-18\" data-cell-type=\"text\" data-original-value=\"13 DE FEBRERO DE 2023, A LAS 13:16 HORAS\" data-order=\"13 DE FEBRERO DE 2023, A LAS 13:16 HORAS\" >13 DE FEBRERO DE 2023, A LAS 13:16 HORAS <\/td><td data-cell-id=\"B23\" data-x=\"1\" data-y=\"23\" data-db-index=\"23\" class=\"fsize-18\" data-cell-type=\"text\" data-original-value=\"EDER ARIEL LOEZA RODR\u00cdGUEZ\" data-order=\"EDER ARIEL LOEZA RODR\u00cdGUEZ\" >EDER ARIEL LOEZA RODR\u00cdGUEZ <\/td><td data-cell-id=\"C23\" data-x=\"2\" data-y=\"23\" data-db-index=\"23\" class=\"fsize-18\" data-cell-type=\"text\" data-original-value=\"&lt;a href=&quot;https:\/\/teec.org.mx\/web\/wp-content\/uploads\/2023\/02\/TEEC-EXP-7-2023-13-02-2023.pdf&quot; target=&quot;_blank&quot;&gt;TEEC\/EXP\/7\/2023 (SE ORDENA TR\u00c1MITE DE MEDIO DE IMPUGNACI\u00d3N)&lt;\/a&gt;\" data-order=\"&lt;a href=&quot;https:\/\/teec.org.mx\/web\/wp-content\/uploads\/2023\/02\/TEEC-EXP-7-2023-13-02-2023.pdf&quot; target=&quot;_blank&quot;&gt;TEEC\/EXP\/7\/2023 (SE ORDENA TR\u00c1MITE DE MEDIO DE IMPUGNACI\u00d3N)&lt;\/a&gt;\" ><a href=\"https:\/\/teec.org.mx\/web\/wp-content\/uploads\/2023\/02\/TEEC-EXP-7-2023-13-02-2023.pdf\" target=\"_blank\">TEEC\/EXP\/7\/2023 (SE ORDENA TR\u00c1MITE DE MEDIO DE IMPUGNACI\u00d3N)<\/a><\/td><\/tr><tr style=\"height:px\" ><td data-cell-id=\"A24\" data-x=\"0\" data-y=\"24\" data-db-index=\"24\" class=\"fsize-18\" data-cell-type=\"text\" data-original-value=\"13 DE FEBRERO DE 2023, A LAS 13:10 HORAS\" data-order=\"13 DE FEBRERO DE 2023, A LAS 13:10 HORAS\" >13 DE FEBRERO DE 2023, A LAS 13:10 HORAS <\/td><td data-cell-id=\"B24\" data-x=\"1\" data-y=\"24\" data-db-index=\"24\" class=\"fsize-18\" data-cell-type=\"text\" data-original-value=\"CELIA DEL CARMEN HUCHIN COBOS\" data-order=\"CELIA DEL CARMEN HUCHIN COBOS\" >CELIA DEL CARMEN HUCHIN COBOS <\/td><td data-cell-id=\"C24\" data-x=\"2\" data-y=\"24\" data-db-index=\"24\" class=\"fsize-18\" data-cell-type=\"text\" data-original-value=\"&lt;a href=&quot;https:\/\/teec.org.mx\/web\/wp-content\/uploads\/2023\/02\/TEEC-EXP-6-2023-13-02-2023.pdf&quot; target=&quot;_blank&quot;&gt;TEEC\/EXP\/6\/2023 (SE ORDENA TR\u00c1MITE DE MEDIO DE IMPUGNACI\u00d3N)&lt;\/a&gt;\" data-order=\"&lt;a href=&quot;https:\/\/teec.org.mx\/web\/wp-content\/uploads\/2023\/02\/TEEC-EXP-6-2023-13-02-2023.pdf&quot; target=&quot;_blank&quot;&gt;TEEC\/EXP\/6\/2023 (SE ORDENA TR\u00c1MITE DE MEDIO DE IMPUGNACI\u00d3N)&lt;\/a&gt;\" ><a href=\"https:\/\/teec.org.mx\/web\/wp-content\/uploads\/2023\/02\/TEEC-EXP-6-2023-13-02-2023.pdf\" target=\"_blank\">TEEC\/EXP\/6\/2023 (SE ORDENA TR\u00c1MITE DE MEDIO DE IMPUGNACI\u00d3N)<\/a><\/td><\/tr><tr style=\"height:px\" ><td data-cell-id=\"A25\" data-x=\"0\" data-y=\"25\" data-db-index=\"25\" class=\"fsize-18\" data-cell-type=\"text\" data-original-value=\"13 DE FEBRERO DE 2023, A LAS 13:00 HORAS\" data-order=\"13 DE FEBRERO DE 2023, A LAS 13:00 HORAS\" >13 DE FEBRERO DE 2023, A LAS 13:00 HORAS <\/td><td data-cell-id=\"B25\" data-x=\"1\" data-y=\"25\" data-db-index=\"25\" class=\"fsize-18\" data-cell-type=\"text\" data-original-value=\"WENDY FABIOLA CASANOVA MENDOZA\" data-order=\"WENDY FABIOLA CASANOVA MENDOZA\" >WENDY FABIOLA CASANOVA MENDOZA <\/td><td data-cell-id=\"C25\" data-x=\"2\" data-y=\"25\" data-db-index=\"25\" class=\"fsize-18\" data-cell-type=\"text\" data-original-value=\"&lt;a href=&quot;https:\/\/teec.org.mx\/web\/wp-content\/uploads\/2023\/02\/TEEC-EXP-5-2023-13-02-2023.pdf&quot; target=&quot;_blank&quot;&gt;TEEC\/EXP\/5\/2023 (SE ORDENA TR\u00c1MITE DE MEDIO DE IMPUGNACI\u00d3N)&lt;\/a&gt;\" data-order=\"&lt;a href=&quot;https:\/\/teec.org.mx\/web\/wp-content\/uploads\/2023\/02\/TEEC-EXP-5-2023-13-02-2023.pdf&quot; target=&quot;_blank&quot;&gt;TEEC\/EXP\/5\/2023 (SE ORDENA TR\u00c1MITE DE MEDIO DE IMPUGNACI\u00d3N)&lt;\/a&gt;\" ><a href=\"https:\/\/teec.org.mx\/web\/wp-content\/uploads\/2023\/02\/TEEC-EXP-5-2023-13-02-2023.pdf\" target=\"_blank\">TEEC\/EXP\/5\/2023 (SE ORDENA TR\u00c1MITE DE MEDIO DE IMPUGNACI\u00d3N)<\/a><\/td><\/tr><tr style=\"height:px\" ><td data-cell-id=\"A26\" data-x=\"0\" data-y=\"26\" data-db-index=\"26\" class=\"fsize-18\" data-cell-type=\"text\" data-original-value=\"08 DE FEBRERO DE 2023, A LAS 14:56 HORAS\" data-order=\"08 DE FEBRERO DE 2023, A LAS 14:56 HORAS\" >08 DE FEBRERO DE 2023, A LAS 14:56 HORAS <\/td><td data-cell-id=\"B26\" data-x=\"1\" data-y=\"26\" data-db-index=\"26\" class=\"fsize-18\" data-cell-type=\"text\" data-original-value=\"FRANCISCA ALEJANDRA NAAL CAZAN\" data-order=\"FRANCISCA ALEJANDRA NAAL CAZAN\" >FRANCISCA ALEJANDRA NAAL CAZAN <\/td><td data-cell-id=\"C26\" data-x=\"2\" data-y=\"26\" data-db-index=\"26\" class=\"fsize-18\" data-cell-type=\"text\" data-original-value=\"&lt;a href=&quot;https:\/\/teec.org.mx\/web\/wp-content\/uploads\/2023\/02\/TEEC-EXP-13-2023-08-02-2023.pdf&quot; target=&quot;_blank&quot;&gt;TEEC\/EXP\/13\/2023 (TR\u00c1MITE DE MEDIO DE IMPUGNACI\u00d3N)&lt;\/a&gt;\" data-order=\"&lt;a href=&quot;https:\/\/teec.org.mx\/web\/wp-content\/uploads\/2023\/02\/TEEC-EXP-13-2023-08-02-2023.pdf&quot; target=&quot;_blank&quot;&gt;TEEC\/EXP\/13\/2023 (TR\u00c1MITE DE MEDIO DE IMPUGNACI\u00d3N)&lt;\/a&gt;\" ><a href=\"https:\/\/teec.org.mx\/web\/wp-content\/uploads\/2023\/02\/TEEC-EXP-13-2023-08-02-2023.pdf\" target=\"_blank\">TEEC\/EXP\/13\/2023 (TR\u00c1MITE DE MEDIO DE IMPUGNACI\u00d3N)<\/a><\/td><\/tr><tr style=\"height:px\" ><td data-cell-id=\"A27\" data-x=\"0\" data-y=\"27\" data-db-index=\"27\" class=\"fsize-18\" data-cell-type=\"text\" data-original-value=\"08 DE FEBRERO DE 2023, A LAS 14:50 HORAS\" data-order=\"08 DE FEBRERO DE 2023, A LAS 14:50 HORAS\" >08 DE FEBRERO DE 2023, A LAS 14:50 HORAS <\/td><td data-cell-id=\"B27\" data-x=\"1\" data-y=\"27\" data-db-index=\"27\" class=\"fsize-18\" data-cell-type=\"text\" data-original-value=\"PAULA JAQUELINE PECH GARC\u00cdA\" data-order=\"PAULA JAQUELINE PECH GARC\u00cdA\" >PAULA JAQUELINE PECH GARC\u00cdA <\/td><td data-cell-id=\"C27\" data-x=\"2\" data-y=\"27\" data-db-index=\"27\" class=\"fsize-18\" data-cell-type=\"text\" data-original-value=\"&lt;a href=&quot;https:\/\/teec.org.mx\/web\/wp-content\/uploads\/2023\/02\/TEEC-EXP-12-2023-08-02-2023.pdf&quot; target=&quot;_blank&quot;&gt;TEEC\/EXP\/12\/2023 (TR\u00c1MITE DE MEDIO DE IMPUGNACI\u00d3N)&lt;\/a&gt;\" data-order=\"&lt;a href=&quot;https:\/\/teec.org.mx\/web\/wp-content\/uploads\/2023\/02\/TEEC-EXP-12-2023-08-02-2023.pdf&quot; target=&quot;_blank&quot;&gt;TEEC\/EXP\/12\/2023 (TR\u00c1MITE DE MEDIO DE IMPUGNACI\u00d3N)&lt;\/a&gt;\" ><a href=\"https:\/\/teec.org.mx\/web\/wp-content\/uploads\/2023\/02\/TEEC-EXP-12-2023-08-02-2023.pdf\" target=\"_blank\">TEEC\/EXP\/12\/2023 (TR\u00c1MITE DE MEDIO DE IMPUGNACI\u00d3N)<\/a><\/td><\/tr><tr style=\"height:px\" ><td data-cell-id=\"A28\" data-x=\"0\" data-y=\"28\" data-db-index=\"28\" class=\"fsize-18\" data-cell-type=\"text\" data-original-value=\"08 DE FEBRERO DE 2023, A LAS 14:40 HORAS\" data-order=\"08 DE FEBRERO DE 2023, A LAS 14:40 HORAS\" >08 DE FEBRERO DE 2023, A LAS 14:40 HORAS <\/td><td data-cell-id=\"B28\" data-x=\"1\" data-y=\"28\" data-db-index=\"28\" class=\"fsize-18\" data-cell-type=\"text\" data-original-value=\"DOLORES ASCENCIO BALAN\" data-order=\"DOLORES ASCENCIO BALAN\" >DOLORES ASCENCIO BALAN <\/td><td data-cell-id=\"C28\" data-x=\"2\" data-y=\"28\" data-db-index=\"28\" class=\"fsize-18\" data-cell-type=\"text\" data-original-value=\"&lt;a href=&quot;https:\/\/teec.org.mx\/web\/wp-content\/uploads\/2023\/02\/TEEC-EXP-11-2023-08-02-2023.pdf&quot; target=&quot;_blank&quot;&gt;TEEC\/EXP\/11\/2023 (TR\u00c1MITE DE MEDIO DE IMPUGNACI\u00d3N)&lt;\/a&gt;\" data-order=\"&lt;a href=&quot;https:\/\/teec.org.mx\/web\/wp-content\/uploads\/2023\/02\/TEEC-EXP-11-2023-08-02-2023.pdf&quot; target=&quot;_blank&quot;&gt;TEEC\/EXP\/11\/2023 (TR\u00c1MITE DE MEDIO DE IMPUGNACI\u00d3N)&lt;\/a&gt;\" ><a href=\"https:\/\/teec.org.mx\/web\/wp-content\/uploads\/2023\/02\/TEEC-EXP-11-2023-08-02-2023.pdf\" target=\"_blank\">TEEC\/EXP\/11\/2023 (TR\u00c1MITE DE MEDIO DE IMPUGNACI\u00d3N)<\/a><\/td><\/tr><tr style=\"height:px\" ><td data-cell-id=\"A29\" data-x=\"0\" data-y=\"29\" data-db-index=\"29\" class=\"fsize-18\" data-cell-type=\"text\" data-original-value=\"08 DE FEBRERO DE 2023, A LAS 14:30 HORAS\" data-order=\"08 DE FEBRERO DE 2023, A LAS 14:30 HORAS\" >08 DE FEBRERO DE 2023, A LAS 14:30 HORAS <\/td><td data-cell-id=\"B29\" data-x=\"1\" data-y=\"29\" data-db-index=\"29\" class=\"fsize-18\" data-cell-type=\"text\" data-original-value=\"JUAN FRANCISCO PORTELA RODR\u00cdGUEZ\" data-order=\"JUAN FRANCISCO PORTELA RODR\u00cdGUEZ\" >JUAN FRANCISCO PORTELA RODR\u00cdGUEZ <\/td><td data-cell-id=\"C29\" data-x=\"2\" data-y=\"29\" data-db-index=\"29\" class=\"fsize-18\" data-cell-type=\"text\" data-original-value=\"&lt;a href=&quot;https:\/\/teec.org.mx\/web\/wp-content\/uploads\/2023\/02\/TEEC-EXP-10-2023-08-02-2023.pdf&quot; target=&quot;_blank&quot;&gt;TEEC\/EXP\/10\/2023 (TR\u00c1MITE DE MEDIO DE IMPUGNACI\u00d3N)&lt;\/a&gt;\" data-order=\"&lt;a href=&quot;https:\/\/teec.org.mx\/web\/wp-content\/uploads\/2023\/02\/TEEC-EXP-10-2023-08-02-2023.pdf&quot; target=&quot;_blank&quot;&gt;TEEC\/EXP\/10\/2023 (TR\u00c1MITE DE MEDIO DE IMPUGNACI\u00d3N)&lt;\/a&gt;\" ><a href=\"https:\/\/teec.org.mx\/web\/wp-content\/uploads\/2023\/02\/TEEC-EXP-10-2023-08-02-2023.pdf\" target=\"_blank\">TEEC\/EXP\/10\/2023 (TR\u00c1MITE DE MEDIO DE IMPUGNACI\u00d3N)<\/a><\/td><\/tr><tr style=\"height:px\" ><td data-cell-id=\"A30\" data-x=\"0\" data-y=\"30\" data-db-index=\"30\" class=\"fsize-18\" data-cell-type=\"text\" data-original-value=\"08 DE FEBRERO DE 2023, A LAS 14:20 HORAS\" data-order=\"08 DE FEBRERO DE 2023, A LAS 14:20 HORAS\" >08 DE FEBRERO DE 2023, A LAS 14:20 HORAS <\/td><td data-cell-id=\"B30\" data-x=\"1\" data-y=\"30\" data-db-index=\"30\" class=\"fsize-18\" data-cell-type=\"text\" data-original-value=\"JAIR STEVE SOSA SOSA\" data-order=\"JAIR STEVE SOSA SOSA\" >JAIR STEVE SOSA SOSA <\/td><td data-cell-id=\"C30\" data-x=\"2\" data-y=\"30\" data-db-index=\"30\" class=\"fsize-18\" data-cell-type=\"text\" data-original-value=\"&lt;a href=&quot;https:\/\/teec.org.mx\/web\/wp-content\/uploads\/2023\/02\/TEEC-EXP-9-2023-08-02-2023.pdf&quot; target=&quot;_blank&quot;&gt;TEEC\/EXP\/9\/2023 (TR\u00c1MITE DE MEDIO DE IMPUGNACI\u00d3N)&lt;\/a&gt;\" data-order=\"&lt;a href=&quot;https:\/\/teec.org.mx\/web\/wp-content\/uploads\/2023\/02\/TEEC-EXP-9-2023-08-02-2023.pdf&quot; target=&quot;_blank&quot;&gt;TEEC\/EXP\/9\/2023 (TR\u00c1MITE DE MEDIO DE IMPUGNACI\u00d3N)&lt;\/a&gt;\" ><a href=\"https:\/\/teec.org.mx\/web\/wp-content\/uploads\/2023\/02\/TEEC-EXP-9-2023-08-02-2023.pdf\" target=\"_blank\">TEEC\/EXP\/9\/2023 (TR\u00c1MITE DE MEDIO DE IMPUGNACI\u00d3N)<\/a><\/td><\/tr><tr style=\"height:px\" ><td data-cell-id=\"A31\" data-x=\"0\" data-y=\"31\" data-db-index=\"31\" class=\"fsize-18\" data-cell-type=\"text\" data-original-value=\"08 DE FEBRERO DE 2023, A LAS 14:10 HORAS\" data-order=\"08 DE FEBRERO DE 2023, A LAS 14:10 HORAS\" >08 DE FEBRERO DE 2023, A LAS 14:10 HORAS <\/td><td data-cell-id=\"B31\" data-x=\"1\" data-y=\"31\" data-db-index=\"31\" class=\"fsize-18\" data-cell-type=\"text\" data-original-value=\"ENRIQUE ARMANDO RODR\u00cdGUEZ CHAN\" data-order=\"ENRIQUE ARMANDO RODR\u00cdGUEZ CHAN\" >ENRIQUE ARMANDO RODR\u00cdGUEZ CHAN <\/td><td data-cell-id=\"C31\" data-x=\"2\" data-y=\"31\" data-db-index=\"31\" class=\"fsize-18\" data-cell-type=\"text\" data-original-value=\"&lt;a href=&quot;https:\/\/teec.org.mx\/web\/wp-content\/uploads\/2023\/02\/TEEC-EXP-8-2023-08-02-2023.pdf&quot; target=&quot;_blank&quot;&gt;TEEC\/EXP\/8\/2023 (TR\u00c1MITE DE MEDIO DE IMPUGNACI\u00d3N)&lt;\/a&gt;\" data-order=\"&lt;a href=&quot;https:\/\/teec.org.mx\/web\/wp-content\/uploads\/2023\/02\/TEEC-EXP-8-2023-08-02-2023.pdf&quot; target=&quot;_blank&quot;&gt;TEEC\/EXP\/8\/2023 (TR\u00c1MITE DE MEDIO DE IMPUGNACI\u00d3N)&lt;\/a&gt;\" ><a href=\"https:\/\/teec.org.mx\/web\/wp-content\/uploads\/2023\/02\/TEEC-EXP-8-2023-08-02-2023.pdf\" target=\"_blank\">TEEC\/EXP\/8\/2023 (TR\u00c1MITE DE MEDIO DE IMPUGNACI\u00d3N)<\/a><\/td><\/tr><tr style=\"height:px\" ><td data-cell-id=\"A32\" data-x=\"0\" data-y=\"32\" data-db-index=\"32\" class=\"fsize-18\" data-cell-type=\"text\" data-original-value=\"08 DE FEBRERO DE 2023, A LAS 13:58 HORAS\" data-order=\"08 DE FEBRERO DE 2023, A LAS 13:58 HORAS\" >08 DE FEBRERO DE 2023, A LAS 13:58 HORAS <\/td><td data-cell-id=\"B32\" data-x=\"1\" data-y=\"32\" data-db-index=\"32\" class=\"fsize-18\" data-cell-type=\"text\" data-original-value=\"EDER ARIEL LOEZA RODR\u00cdGUEZ\" data-order=\"EDER ARIEL LOEZA RODR\u00cdGUEZ\" >EDER ARIEL LOEZA RODR\u00cdGUEZ <\/td><td data-cell-id=\"C32\" data-x=\"2\" data-y=\"32\" data-db-index=\"32\" class=\"fsize-18\" data-cell-type=\"text\" data-original-value=\"&lt;a href=&quot;https:\/\/teec.org.mx\/web\/wp-content\/uploads\/2023\/02\/TEEC-EXP-7-2023-08-02-2023.pdf&quot; target=&quot;_blank&quot;&gt;TEEC\/EXP\/7\/2023 (TR\u00c1MITE DE MEDIO DE IMPUGNACI\u00d3N)&lt;\/a&gt;\" data-order=\"&lt;a href=&quot;https:\/\/teec.org.mx\/web\/wp-content\/uploads\/2023\/02\/TEEC-EXP-7-2023-08-02-2023.pdf&quot; target=&quot;_blank&quot;&gt;TEEC\/EXP\/7\/2023 (TR\u00c1MITE DE MEDIO DE IMPUGNACI\u00d3N)&lt;\/a&gt;\" ><a href=\"https:\/\/teec.org.mx\/web\/wp-content\/uploads\/2023\/02\/TEEC-EXP-7-2023-08-02-2023.pdf\" target=\"_blank\">TEEC\/EXP\/7\/2023 (TR\u00c1MITE DE MEDIO DE IMPUGNACI\u00d3N)<\/a><\/td><\/tr><tr style=\"height:px\" ><td data-cell-id=\"A33\" data-x=\"0\" data-y=\"33\" data-db-index=\"33\" class=\"fsize-18\" data-cell-type=\"text\" data-original-value=\"08 DE FEBRERO DE 2023, A LAS 13:49 HORAS\" data-order=\"08 DE FEBRERO DE 2023, A LAS 13:49 HORAS\" >08 DE FEBRERO DE 2023, A LAS 13:49 HORAS <\/td><td data-cell-id=\"B33\" data-x=\"1\" data-y=\"33\" data-db-index=\"33\" class=\"fsize-18\" data-cell-type=\"text\" data-original-value=\"CELIA DEL CARMEN HUCHIN COBOS\" data-order=\"CELIA DEL CARMEN HUCHIN COBOS\" >CELIA DEL CARMEN HUCHIN COBOS <\/td><td data-cell-id=\"C33\" data-x=\"2\" data-y=\"33\" data-db-index=\"33\" class=\"fsize-18\" data-cell-type=\"text\" data-original-value=\"&lt;a href=&quot;https:\/\/teec.org.mx\/web\/wp-content\/uploads\/2023\/02\/TEEC-EXP-6-2023-08-02-2023.pdf&quot; target=&quot;_blank&quot;&gt;TEEC\/EXP\/6\/2023 (TR\u00c1MITE DE MEDIO DE IMPUGNACI\u00d3N)&lt;\/a&gt;\" data-order=\"&lt;a href=&quot;https:\/\/teec.org.mx\/web\/wp-content\/uploads\/2023\/02\/TEEC-EXP-6-2023-08-02-2023.pdf&quot; target=&quot;_blank&quot;&gt;TEEC\/EXP\/6\/2023 (TR\u00c1MITE DE MEDIO DE IMPUGNACI\u00d3N)&lt;\/a&gt;\" ><a href=\"https:\/\/teec.org.mx\/web\/wp-content\/uploads\/2023\/02\/TEEC-EXP-6-2023-08-02-2023.pdf\" target=\"_blank\">TEEC\/EXP\/6\/2023 (TR\u00c1MITE DE MEDIO DE IMPUGNACI\u00d3N)<\/a><\/td><\/tr><tr style=\"height:px\" ><td data-cell-id=\"A34\" data-x=\"0\" data-y=\"34\" data-db-index=\"34\" class=\"fsize-18\" data-cell-type=\"text\" data-original-value=\"08 DE FEBRERO DE 2023, A LAS 13:40 HORAS\" data-order=\"08 DE FEBRERO DE 2023, A LAS 13:40 HORAS\" >08 DE FEBRERO DE 2023, A LAS 13:40 HORAS <\/td><td data-cell-id=\"B34\" data-x=\"1\" data-y=\"34\" data-db-index=\"34\" class=\"fsize-18\" data-cell-type=\"text\" data-original-value=\"WENDY FABIOLA CASANOVA MENDOZA\" data-order=\"WENDY FABIOLA CASANOVA MENDOZA\" >WENDY FABIOLA CASANOVA MENDOZA <\/td><td data-cell-id=\"C34\" data-x=\"2\" data-y=\"34\" data-db-index=\"34\" class=\"fsize-18\" data-cell-type=\"text\" data-original-value=\"&lt;a href=&quot;https:\/\/teec.org.mx\/web\/wp-content\/uploads\/2023\/02\/TEEC-EXP-5-2023-08-02-2023.pdf&quot; target=&quot;_blank&quot;&gt;TEEC\/EXP\/5\/2023 (TR\u00c1MITE DE MEDIO DE IMPUGNACI\u00d3N)&lt;\/a&gt;\" data-order=\"&lt;a href=&quot;https:\/\/teec.org.mx\/web\/wp-content\/uploads\/2023\/02\/TEEC-EXP-5-2023-08-02-2023.pdf&quot; target=&quot;_blank&quot;&gt;TEEC\/EXP\/5\/2023 (TR\u00c1MITE DE MEDIO DE IMPUGNACI\u00d3N)&lt;\/a&gt;\" ><a href=\"https:\/\/teec.org.mx\/web\/wp-content\/uploads\/2023\/02\/TEEC-EXP-5-2023-08-02-2023.pdf\" target=\"_blank\">TEEC\/EXP\/5\/2023 (TR\u00c1MITE DE MEDIO DE IMPUGNACI\u00d3N)<\/a><\/td><\/tr><tr style=\"height:px\" ><td data-cell-id=\"A35\" data-x=\"0\" data-y=\"35\" data-db-index=\"35\" class=\"fsize-18\" data-cell-type=\"text\" data-original-value=\"08 DE FEBRERO DE 2023, A LAS 10:30 HORAS\" data-order=\"08 DE FEBRERO DE 2023, A LAS 10:30 HORAS\" >08 DE FEBRERO DE 2023, A LAS 10:30 HORAS <\/td><td data-cell-id=\"B35\" data-x=\"1\" data-y=\"35\" data-db-index=\"35\" class=\"fsize-18\" data-cell-type=\"text\" data-original-value=\"LUIS HUMBERTO GUTI\u00c9RREZ RAM\u00cdREZ\" data-order=\"LUIS HUMBERTO GUTI\u00c9RREZ RAM\u00cdREZ\" >LUIS HUMBERTO GUTI\u00c9RREZ RAM\u00cdREZ <\/td><td data-cell-id=\"C35\" data-x=\"2\" data-y=\"35\" data-db-index=\"35\" class=\"fsize-18\" data-cell-type=\"text\" data-original-value=\"&lt;a href=&quot;https:\/\/teec.org.mx\/web\/wp-content\/uploads\/2023\/02\/TEEC-EXP-4-2023-08-02-2023.pdf&quot; target=&quot;_blank&quot;&gt;TEEC\/EXP\/4\/2023 (SE REMITE DOCUMENTACI\u00d3N)&lt;\/a&gt;\" data-order=\"&lt;a href=&quot;https:\/\/teec.org.mx\/web\/wp-content\/uploads\/2023\/02\/TEEC-EXP-4-2023-08-02-2023.pdf&quot; target=&quot;_blank&quot;&gt;TEEC\/EXP\/4\/2023 (SE REMITE DOCUMENTACI\u00d3N)&lt;\/a&gt;\" ><a href=\"https:\/\/teec.org.mx\/web\/wp-content\/uploads\/2023\/02\/TEEC-EXP-4-2023-08-02-2023.pdf\" target=\"_blank\">TEEC\/EXP\/4\/2023 (SE REMITE DOCUMENTACI\u00d3N)<\/a><\/td><\/tr><tr style=\"height:px\" ><td data-cell-id=\"A36\" data-x=\"0\" data-y=\"36\" data-db-index=\"36\" class=\"fsize-18\" data-cell-type=\"text\" data-original-value=\"27 DE ENERO DE 2023, A LAS 14:30 HORAS\" data-order=\"27 DE ENERO DE 2023, A LAS 14:30 HORAS\" >27 DE ENERO DE 2023, A LAS 14:30 HORAS <\/td><td data-cell-id=\"B36\" data-x=\"1\" data-y=\"36\" data-db-index=\"36\" class=\"fsize-18\" data-cell-type=\"text\" data-original-value=\"ARMANDO JAVIER G\u00d3MEZ VELA, PRESIDENTE DEL COMIT\u00c9 DIRECTIVO MUNICIPAL DEL PAN\" data-order=\"ARMANDO JAVIER G\u00d3MEZ VELA, PRESIDENTE DEL COMIT\u00c9 DIRECTIVO MUNICIPAL DEL PAN\" >ARMANDO JAVIER G\u00d3MEZ VELA, PRESIDENTE DEL COMIT\u00c9 DIRECTIVO MUNICIPAL DEL PAN <\/td><td data-cell-id=\"C36\" data-x=\"2\" data-y=\"36\" data-db-index=\"36\" class=\"fsize-18\" data-cell-type=\"text\" data-original-value=\"&lt;a href=&quot;https:\/\/teec.org.mx\/web\/wp-content\/uploads\/2023\/01\/TEEC-EXP-3-2023-27-01-2023.pdf&quot; target=&quot;_blank&quot;&gt;TEEC\/EXP\/3\/2023 (ACUERDO DE TR\u00c1MITE)&lt;\/a&gt;\" data-order=\"&lt;a href=&quot;https:\/\/teec.org.mx\/web\/wp-content\/uploads\/2023\/01\/TEEC-EXP-3-2023-27-01-2023.pdf&quot; target=&quot;_blank&quot;&gt;TEEC\/EXP\/3\/2023 (ACUERDO DE TR\u00c1MITE)&lt;\/a&gt;\" ><a href=\"https:\/\/teec.org.mx\/web\/wp-content\/uploads\/2023\/01\/TEEC-EXP-3-2023-27-01-2023.pdf\" target=\"_blank\">TEEC\/EXP\/3\/2023 (ACUERDO DE TR\u00c1MITE)<\/a><\/td><\/tr><tr style=\"height:px\" ><td data-cell-id=\"A37\" data-x=\"0\" data-y=\"37\" data-db-index=\"37\" class=\"fsize-18\" data-cell-type=\"text\" data-original-value=\"18 DE ENERO DE 2023, A LAS 10:30 HORAS\" data-order=\"18 DE ENERO DE 2023, A LAS 10:30 HORAS\" >18 DE ENERO DE 2023, A LAS 10:30 HORAS <\/td><td data-cell-id=\"B37\" data-x=\"1\" data-y=\"37\" data-db-index=\"37\" class=\"fsize-18\" data-cell-type=\"text\" data-original-value=\"JOS\u00c9 DEL CARMEN SEGOVIA CRUZ, DIRIGENTE DEL PARTIDO DE LA REVOLUCI\u00d3N DEMOCR\u00c1TICA EN EL ESTADO\" data-order=\"JOS\u00c9 DEL CARMEN SEGOVIA CRUZ, DIRIGENTE DEL PARTIDO DE LA REVOLUCI\u00d3N DEMOCR\u00c1TICA EN EL ESTADO\" >JOS\u00c9 DEL CARMEN SEGOVIA CRUZ, DIRIGENTE DEL PARTIDO DE LA REVOLUCI\u00d3N DEMOCR\u00c1TICA EN EL ESTADO <\/td><td data-cell-id=\"C37\" data-x=\"2\" data-y=\"37\" data-db-index=\"37\" class=\"fsize-18\" data-cell-type=\"text\" data-original-value=\"&lt;a href=&quot;https:\/\/teec.org.mx\/web\/wp-content\/uploads\/2023\/01\/TEEC-EXP-2-2023-18-01-2023.pdf&quot; target=&quot;_blank&quot;&gt;TEEC\/EXP\/2\/2023 (ACUERDO DE TR\u00c1MITE)&lt;\/a&gt;\" data-order=\"&lt;a href=&quot;https:\/\/teec.org.mx\/web\/wp-content\/uploads\/2023\/01\/TEEC-EXP-2-2023-18-01-2023.pdf&quot; target=&quot;_blank&quot;&gt;TEEC\/EXP\/2\/2023 (ACUERDO DE TR\u00c1MITE)&lt;\/a&gt;\" ><a href=\"https:\/\/teec.org.mx\/web\/wp-content\/uploads\/2023\/01\/TEEC-EXP-2-2023-18-01-2023.pdf\" target=\"_blank\">TEEC\/EXP\/2\/2023 (ACUERDO DE TR\u00c1MITE)<\/a><\/td><\/tr><tr style=\"height:px\" ><td data-cell-id=\"A38\" data-x=\"0\" data-y=\"38\" data-db-index=\"38\" class=\"fsize-18\" data-cell-type=\"text\" data-original-value=\"17 DE ENERO DE 2023, A LAS 14:40 HORAS\" data-order=\"17 DE ENERO DE 2023, A LAS 14:40 HORAS\" >17 DE ENERO DE 2023, A LAS 14:40 HORAS <\/td><td data-cell-id=\"B38\" data-x=\"1\" data-y=\"38\" data-db-index=\"38\" class=\"fsize-18\" data-cell-type=\"text\" data-original-value=\"ARMANDO JAVIER G\u00d3MEZ VELA\" data-order=\"ARMANDO JAVIER G\u00d3MEZ VELA\" >ARMANDO JAVIER G\u00d3MEZ VELA <\/td><td data-cell-id=\"C38\" data-x=\"2\" data-y=\"38\" data-db-index=\"38\" class=\"fsize-18\" data-cell-type=\"text\" data-original-value=\"&lt;a href=&quot;https:\/\/teec.org.mx\/web\/wp-content\/uploads\/2023\/01\/TEEC-EXP-1-2023-17-01-2023.pdf&quot; target=&quot;_blank&quot;&gt;TEEC\/EXP\/1\/2023 (SE TIENE POR NO PRESENTADO EL MEDIO DE IMPUGNACION)&lt;\/a&gt;\" data-order=\"&lt;a href=&quot;https:\/\/teec.org.mx\/web\/wp-content\/uploads\/2023\/01\/TEEC-EXP-1-2023-17-01-2023.pdf&quot; target=&quot;_blank&quot;&gt;TEEC\/EXP\/1\/2023 (SE TIENE POR NO PRESENTADO EL MEDIO DE IMPUGNACION)&lt;\/a&gt;\" ><a href=\"https:\/\/teec.org.mx\/web\/wp-content\/uploads\/2023\/01\/TEEC-EXP-1-2023-17-01-2023.pdf\" target=\"_blank\">TEEC\/EXP\/1\/2023 (SE TIENE POR NO PRESENTADO EL MEDIO DE IMPUGNACION)<\/a><\/td><\/tr><tr style=\"height:px\" ><td data-cell-id=\"A39\" data-x=\"0\" data-y=\"39\" data-db-index=\"39\" class=\"fsize-18\" data-cell-type=\"text\" data-original-value=\"17 DE ENERO DE 2023, A LAS 13:40 HORAS\" data-order=\"17 DE ENERO DE 2023, A LAS 13:40 HORAS\" >17 DE ENERO DE 2023, A LAS 13:40 HORAS <\/td><td data-cell-id=\"B39\" data-x=\"1\" data-y=\"39\" data-db-index=\"39\" class=\"fsize-18\" data-cell-type=\"text\" data-original-value=\"INSTITUTO ELECTORAL DEL ESTADO DE CAMPECHE\" data-order=\"INSTITUTO ELECTORAL DEL ESTADO DE CAMPECHE\" >INSTITUTO ELECTORAL DEL ESTADO DE CAMPECHE <\/td><td data-cell-id=\"C39\" data-x=\"2\" data-y=\"39\" data-db-index=\"39\" class=\"fsize-14\" data-cell-type=\"text\" data-original-value=\"&lt;a href=&quot;https:\/\/teec.org.mx\/web\/wp-content\/uploads\/2023\/01\/TEEC-EXP-11-2022-17-01-2023.pdf&quot; target=&quot;_blank&quot;&gt;TEEC\/EXP\/11\/2022 (\u201cEL DECRETO POR EL QUE SE EXPIDE LA LEY DE PRESUPUESTO DE EGRESOS DEL ESTADO DE CAMPECHE PARA EL EJERCICIO FISCAL 2023 Y CONSULTABLE EN https:\/\/www.congresocam.gob.mx\/wp-content\/uploads\/adjuntos_sitito\/SG\/LXIV\/GACETAS\/SEGUNDO_ANO_LEGISLATIVO\/00\/1_PRIMER_PERIODO_ORDINARIO\/094_GACETA_16DICIEMBRE2022.pdf\u201d (sic))&lt;\/a&gt;\" data-order=\"&lt;a href=&quot;https:\/\/teec.org.mx\/web\/wp-content\/uploads\/2023\/01\/TEEC-EXP-11-2022-17-01-2023.pdf&quot; target=&quot;_blank&quot;&gt;TEEC\/EXP\/11\/2022 (\u201cEL DECRETO POR EL QUE SE EXPIDE LA LEY DE PRESUPUESTO DE EGRESOS DEL ESTADO DE CAMPECHE PARA EL EJERCICIO FISCAL 2023 Y CONSULTABLE EN https:\/\/www.congresocam.gob.mx\/wp-content\/uploads\/adjuntos_sitito\/SG\/LXIV\/GACETAS\/SEGUNDO_ANO_LEGISLATIVO\/00\/1_PRIMER_PERIODO_ORDINARIO\/094_GACETA_16DICIEMBRE2022.pdf\u201d (sic))&lt;\/a&gt;\" ><a href=\"https:\/\/teec.org.mx\/web\/wp-content\/uploads\/2023\/01\/TEEC-EXP-11-2022-17-01-2023.pdf\" target=\"_blank\">TEEC\/EXP\/11\/2022 (\u201cEL DECRETO POR EL QUE SE EXPIDE LA LEY DE PRESUPUESTO DE EGRESOS DEL ESTADO DE CAMPECHE PARA EL EJERCICIO FISCAL 2023 Y CONSULTABLE EN https:\/\/www.congresocam.gob.mx\/wp-content\/uploads\/adjuntos_sitito\/SG\/LXIV\/GACETAS\/SEGUNDO_ANO_LEGISLATIVO\/00\/1_PRIMER_PERIODO_ORDINARIO\/094_GACETA_16DICIEMBRE2022.pdf\u201d (sic))<\/a><\/td><\/tr><\/tbody><\/table><!-- \/#supsystic-table-87.supsystic-table --><div class=\"stbConditionsData\" ><\/div><\/div><!-- \/.supsystic-tables-wrap --><!-- Tables Generator by Supsystic --><!-- Version:1.10.47 --><!-- http:\/\/supsystic.com\/ --><a title=\"WordPress Responsive Table\" style=\"display:none;\" href=\"https:\/\/supsystic.com\/plugins\/wordpress-data-table-plugin\/?utm_medium=love_link\" target=\"_blank\">WordPress Responsive Table<\/a><\/p>\n<p>\u00a0<\/p>","protected":false},"excerpt":{"rendered":"<p>Expedientillos 2023 \u00a0 \u00a0<\/p>\n","protected":false},"author":1,"featured_media":0,"parent":0,"menu_order":0,"comment_status":"closed","ping_status":"closed","template":"","meta":{"footnotes":""},"yst_prominent_words":[],"_links":{"self":[{"href":"https:\/\/teec.org.mx\/web\/wp-json\/wp\/v2\/pages\/17231"}],"collection":[{"href":"https:\/\/teec.org.mx\/web\/wp-json\/wp\/v2\/pages"}],"about":[{"href":"https:\/\/teec.org.mx\/web\/wp-json\/wp\/v2\/types\/page"}],"author":[{"embeddable":true,"href":"https:\/\/teec.org.mx\/web\/wp-json\/wp\/v2\/users\/1"}],"replies":[{"embeddable":true,"href":"https:\/\/teec.org.mx\/web\/wp-json\/wp\/v2\/comments?post=17231"}],"version-history":[{"count":2,"href":"https:\/\/teec.org.mx\/web\/wp-json\/wp\/v2\/pages\/17231\/revisions"}],"predecessor-version":[{"id":20472,"href":"https:\/\/teec.org.mx\/web\/wp-json\/wp\/v2\/pages\/17231\/revisions\/20472"}],"wp:attachment":[{"href":"https:\/\/teec.org.mx\/web\/wp-json\/wp\/v2\/media?parent=17231"}],"wp:term":[{"taxonomy":"yst_prominent_words","embeddable":true,"href":"https:\/\/teec.org.mx\/web\/wp-json\/wp\/v2\/yst_prominent_words?post=17231"}],"curies":[{"name":"wp","href":"https:\/\/api.w.org\/{rel}","templated":true}]}}