{"id":17233,"date":"2023-01-16T13:02:16","date_gmt":"2023-01-16T19:02:16","guid":{"rendered":"https:\/\/teec.org.mx\/web\/?page_id=17233"},"modified":"2024-01-22T14:58:05","modified_gmt":"2024-01-22T20:58:05","slug":"pes-2023","status":"publish","type":"page","link":"https:\/\/teec.org.mx\/web\/pes-2023\/","title":{"rendered":"PES 2023"},"content":{"rendered":"\n<h3 class=\"wp-block-heading has-text-align-center\">Procedimiento Especial Sancionador 2023<\/h3>\n\n\n<p>\u00a0<\/p>\n<p style=\"text-align: center;\"><div class=\"supsystic-table-loader la-ball-beat la-2x\" style=\"color:#000000\"><div><\/div><div><\/div><div><\/div><\/div><div id=\"supsystic-table-88_31507\" class=\"supsystic-tables-wrap pagination-medium\" style=\" width:100%; visibility: hidden; \" data-table-width-fixed=\"100%\" data-table-width-mobile=\"100%\" ><div class=\"supsystic-tables-features\"><\/div><table id=\"supsystic-table-88\" class=\"supsystic-table border cell-border\" data-id=\"88\" data-view-id=\"88_31507\" data-title=\"PES 2023\" data-currency-format=\"$1,000.00\" data-percent-format=\"10.00%\" data-date-format=\"DD.MM.YYYY\" data-time-format=\"HH:mm\" data-features=\"[&quot;info&quot;,&quot;paging&quot;,&quot;searching&quot;,&quot;after_table_loaded_script&quot;]\" data-search-value=\"\" data-head=\"on\" data-head-rows-count=\"1\" data-pagination-length=\"10,25,50,100,All\" data-auto-index=\"off\" data-searching-settings=\"{&quot;columnSearchPosition&quot;:&quot;bottom&quot;,&quot;minChars&quot;:&quot;0&quot;}\" data-lang=\"Spanish\" data-override=\"{&quot;emptyTable&quot;:&quot;&quot;,&quot;info&quot;:&quot;&quot;,&quot;infoEmpty&quot;:&quot;&quot;,&quot;infoFiltered&quot;:&quot;&quot;,&quot;lengthMenu&quot;:&quot;&quot;,&quot;search&quot;:&quot;&quot;,&quot;previous&quot;:&quot;&quot;,&quot;next&quot;:&quot;&quot;,&quot;zeroRecords&quot;:&quot;&quot;,&quot;exportLabel&quot;:&quot;&quot;,&quot;file&quot;:&quot;Spanish&quot;}\" data-merged=\"[]\" data-responsive-mode=\"0\" data-from-history=\"0\" ><thead><tr><th data-cell-id=\"A1\" data-x=\"0\" data-y=\"1\" data-db-index=\"1\" class=\"htCenter bg-d49820 color-ffffff bold fsize-18\" data-cell-type=\"text\" data-original-value=\"Fecha y hora de notificaci\u00f3n\" data-order=\"Fecha y hora de notificaci\u00f3n\" style=\"min-width:19.5733%; \" >Fecha y hora de notificaci\u00f3n <\/th><th data-cell-id=\"B1\" data-x=\"1\" data-y=\"1\" data-db-index=\"1\" class=\"htCenter bg-d49820 color-ffffff bold fsize-18\" data-cell-type=\"text\" data-original-value=\"Promovente \" data-order=\"Promovente \" style=\"min-width:25.4174%; \" >Promovente <\/th><th data-cell-id=\"C1\" data-x=\"2\" data-y=\"1\" data-db-index=\"1\" class=\"htCenter bg-d49820 color-ffffff bold fsize-18\" data-cell-type=\"text\" data-original-value=\"Persona denunciada\" data-order=\"Persona denunciada\" style=\"min-width:24.397%; \" >Persona denunciada <\/th><th data-cell-id=\"D1\" data-x=\"3\" data-y=\"1\" data-db-index=\"1\" class=\"htCenter bg-d49820 color-ffffff bold fsize-18\" data-cell-type=\"text\" data-original-value=\"Archivo\" data-order=\"Archivo\" style=\"min-width:30.6122%; \" >Archivo <\/th><\/tr><\/thead><tbody><tr style=\"height:px\" ><td data-cell-id=\"A2\" data-x=\"0\" data-y=\"2\" data-db-index=\"2\" class=\"fsize-18\" data-cell-type=\"text\" data-original-value=\"14 DE DICIEMBRE DE 2023, A LAS 11:20 HORAS\" data-order=\"14 DE DICIEMBRE DE 2023, A LAS 11:20 HORAS\" >14 DE DICIEMBRE DE 2023, A LAS 11:20 HORAS <\/td><td data-cell-id=\"B2\" data-x=\"1\" data-y=\"2\" data-db-index=\"2\" class=\"fsize-18\" data-cell-type=\"text\" data-original-value=\"CARLOS MAR\u00cdN MART\u00cdNEZ\" data-order=\"CARLOS MAR\u00cdN MART\u00cdNEZ\" >CARLOS MAR\u00cdN MART\u00cdNEZ <\/td><td data-cell-id=\"C2\" data-x=\"2\" data-y=\"2\" data-db-index=\"2\" class=\"fsize-18\" data-cell-type=\"text\" data-original-value=\"TRIBUNAL ELECTORAL DEL ESTADO DE CAMPECHE\" data-order=\"TRIBUNAL ELECTORAL DEL ESTADO DE CAMPECHE\" >TRIBUNAL ELECTORAL DEL ESTADO DE CAMPECHE <\/td><td data-cell-id=\"D2\" data-x=\"3\" data-y=\"2\" data-db-index=\"2\" class=\"fsize-18\" data-cell-type=\"text\" data-original-value=\"&lt;a href=&quot;https:\/\/teec.org.mx\/web\/wp-content\/uploads\/2023\/12\/TEEC-PES-5-2023-14-12-2023.pdf&quot; target=&quot;_blank&quot;&gt;TEEC\/PES\/5\/2023 (SE TIENE POR RECIBIDO EL EXPEDIENTE QUE REMITE LA SALA REGIONAL XALAPA)&lt;\/a&gt;\" data-order=\"&lt;a href=&quot;https:\/\/teec.org.mx\/web\/wp-content\/uploads\/2023\/12\/TEEC-PES-5-2023-14-12-2023.pdf&quot; target=&quot;_blank&quot;&gt;TEEC\/PES\/5\/2023 (SE TIENE POR RECIBIDO EL EXPEDIENTE QUE REMITE LA SALA REGIONAL XALAPA)&lt;\/a&gt;\" ><a href=\"https:\/\/teec.org.mx\/web\/wp-content\/uploads\/2023\/12\/TEEC-PES-5-2023-14-12-2023.pdf\" target=\"_blank\">TEEC\/PES\/5\/2023 (SE TIENE POR RECIBIDO EL EXPEDIENTE QUE REMITE LA SALA REGIONAL XALAPA)<\/a><\/td><\/tr><tr style=\"height:px\" ><td data-cell-id=\"A3\" data-x=\"0\" data-y=\"3\" data-db-index=\"3\" class=\"fsize-18\" data-cell-type=\"text\" data-original-value=\"08 DE DICIEMBRE DE 2023, A LAS 13:50 HORAS\" data-order=\"08 DE DICIEMBRE DE 2023, A LAS 13:50 HORAS\" >08 DE DICIEMBRE DE 2023, A LAS 13:50 HORAS <\/td><td data-cell-id=\"B3\" data-x=\"1\" data-y=\"3\" data-db-index=\"3\" class=\"fsize-18\" data-cell-type=\"text\" data-original-value=\"DATOS PROTEGIDOS\" data-order=\"DATOS PROTEGIDOS\" >DATOS PROTEGIDOS <\/td><td data-cell-id=\"C3\" data-x=\"2\" data-y=\"3\" data-db-index=\"3\" class=\"fsize-18\" data-cell-type=\"text\" data-original-value=\"MIGUEL ANGEL GOMEZ ESCAMILLA\" data-order=\"MIGUEL ANGEL GOMEZ ESCAMILLA\" >MIGUEL ANGEL GOMEZ ESCAMILLA <\/td><td data-cell-id=\"D3\" data-x=\"3\" data-y=\"3\" data-db-index=\"3\" class=\"fsize-18\" data-cell-type=\"text\" data-original-value=\"&lt;a href=&quot;https:\/\/teec.org.mx\/web\/wp-content\/uploads\/2023\/12\/TEEC-PES-4-2023-08-12-2023.pdf&quot; target=&quot;_blank&quot;&gt;TEEC\/PES\/4\/2023 (ACUERDO DE ACUMULACI\u00d3N)&lt;\/a&gt;\" data-order=\"&lt;a href=&quot;https:\/\/teec.org.mx\/web\/wp-content\/uploads\/2023\/12\/TEEC-PES-4-2023-08-12-2023.pdf&quot; target=&quot;_blank&quot;&gt;TEEC\/PES\/4\/2023 (ACUERDO DE ACUMULACI\u00d3N)&lt;\/a&gt;\" ><a href=\"https:\/\/teec.org.mx\/web\/wp-content\/uploads\/2023\/12\/TEEC-PES-4-2023-08-12-2023.pdf\" target=\"_blank\">TEEC\/PES\/4\/2023 (ACUERDO DE ACUMULACI\u00d3N)<\/a><\/td><\/tr><tr style=\"height:px\" ><td data-cell-id=\"A4\" data-x=\"0\" data-y=\"4\" data-db-index=\"4\" class=\"fsize-18\" data-cell-type=\"text\" data-original-value=\"06 DE DICIEMBRE DE 2023, A LAS 14:50 HORAS\" data-order=\"06 DE DICIEMBRE DE 2023, A LAS 14:50 HORAS\" >06 DE DICIEMBRE DE 2023, A LAS 14:50 HORAS <\/td><td data-cell-id=\"B4\" data-x=\"1\" data-y=\"4\" data-db-index=\"4\" class=\"fsize-18\" data-cell-type=\"text\" data-original-value=\"DATOS PROTEGIDOS\" data-order=\"DATOS PROTEGIDOS\" >DATOS PROTEGIDOS <\/td><td data-cell-id=\"C4\" data-x=\"2\" data-y=\"4\" data-db-index=\"4\" class=\"fsize-18\" data-cell-type=\"text\" data-original-value=\"PERSONA MORAL DENOMINADA \u201cEDITORIAL DEL SURESTE\u201d S.A. DE C.V. A TRAV\u00c9S DE SU REPRESENTANTE LEGAL Y DEL DIRECTOR GENERAL DEL PERI\u00d3DICO TRIBUNA DE CAMPECHE, EL C. JORGE GONZ\u00c1LEZ VALDEZ Y\/O CONTRA QUIEN RESULTE RESPONSABLE\u201d (SIC)\" data-order=\"PERSONA MORAL DENOMINADA \u201cEDITORIAL DEL SURESTE\u201d S.A. DE C.V. A TRAV\u00c9S DE SU REPRESENTANTE LEGAL Y DEL DIRECTOR GENERAL DEL PERI\u00d3DICO TRIBUNA DE CAMPECHE, EL C. JORGE GONZ\u00c1LEZ VALDEZ Y\/O CONTRA QUIEN RESULTE RESPONSABLE\u201d (SIC)\" >PERSONA MORAL DENOMINADA \u201cEDITORIAL DEL SURESTE\u201d S.A. DE C.V. A TRAV\u00c9S DE SU REPRESENTANTE LEGAL Y DEL DIRECTOR GENERAL DEL PERI\u00d3DICO TRIBUNA DE CAMPECHE, EL C. JORGE GONZ\u00c1LEZ VALDEZ Y\/O CONTRA QUIEN RESULTE RESPONSABLE\u201d (SIC) <\/td><td data-cell-id=\"D4\" data-x=\"3\" data-y=\"4\" data-db-index=\"4\" class=\"fsize-18\" data-cell-type=\"text\" data-original-value=\"&lt;a href=&quot;https:\/\/teec.org.mx\/web\/wp-content\/uploads\/2023\/12\/TEEC-PES-7-2023-06-12-2023.pdf&quot; target=&quot;_blank&quot;&gt;TEEC\/PES\/7\/2023 (ACUERDO DE ACUMULACI\u00d3N)&lt;\/a&gt;\" data-order=\"&lt;a href=&quot;https:\/\/teec.org.mx\/web\/wp-content\/uploads\/2023\/12\/TEEC-PES-7-2023-06-12-2023.pdf&quot; target=&quot;_blank&quot;&gt;TEEC\/PES\/7\/2023 (ACUERDO DE ACUMULACI\u00d3N)&lt;\/a&gt;\" ><a href=\"https:\/\/teec.org.mx\/web\/wp-content\/uploads\/2023\/12\/TEEC-PES-7-2023-06-12-2023.pdf\" target=\"_blank\">TEEC\/PES\/7\/2023 (ACUERDO DE ACUMULACI\u00d3N)<\/a><\/td><\/tr><tr style=\"height:px\" ><td data-cell-id=\"A5\" data-x=\"0\" data-y=\"5\" data-db-index=\"5\" class=\"fsize-18\" data-cell-type=\"text\" data-original-value=\"06 DE DICIEMBRE DE 2023, A LAS 14:30 HORAS\" data-order=\"06 DE DICIEMBRE DE 2023, A LAS 14:30 HORAS\" >06 DE DICIEMBRE DE 2023, A LAS 14:30 HORAS <\/td><td data-cell-id=\"B5\" data-x=\"1\" data-y=\"5\" data-db-index=\"5\" class=\"fsize-18\" data-cell-type=\"text\" data-original-value=\"DATOS PROTEGIDOS\" data-order=\"DATOS PROTEGIDOS\" >DATOS PROTEGIDOS <\/td><td data-cell-id=\"C5\" data-x=\"2\" data-y=\"5\" data-db-index=\"5\" class=\"fsize-18\" data-cell-type=\"text\" data-original-value=\"ANGEL ESCAMILLA Y\/O QUIEN RESULTE SER EL ADMINISTRADOR DEL USUARIO DENOMINADO COMO \u201cANGEL ESCAMILLA\u201d EN LA RED SOCIAL \u201cFACEBOOK\u201d (sic)\" data-order=\"ANGEL ESCAMILLA Y\/O QUIEN RESULTE SER EL ADMINISTRADOR DEL USUARIO DENOMINADO COMO \u201cANGEL ESCAMILLA\u201d EN LA RED SOCIAL \u201cFACEBOOK\u201d (sic)\" >ANGEL ESCAMILLA Y\/O QUIEN RESULTE SER EL ADMINISTRADOR DEL USUARIO DENOMINADO COMO \u201cANGEL ESCAMILLA\u201d EN LA RED SOCIAL \u201cFACEBOOK\u201d (sic) <\/td><td data-cell-id=\"D5\" data-x=\"3\" data-y=\"5\" data-db-index=\"5\" class=\"fsize-18\" data-cell-type=\"text\" data-original-value=\"&lt;a href=&quot;https:\/\/teec.org.mx\/web\/wp-content\/uploads\/2023\/12\/TEEC-PES-4-2023-06-12-2023.pdf&quot; target=&quot;_blank&quot;&gt;TEEC\/PES\/4\/2023 (ACUERDO DE TURNO DE DOCUMENTACI\u00d3N)&lt;\/a&gt;\" data-order=\"&lt;a href=&quot;https:\/\/teec.org.mx\/web\/wp-content\/uploads\/2023\/12\/TEEC-PES-4-2023-06-12-2023.pdf&quot; target=&quot;_blank&quot;&gt;TEEC\/PES\/4\/2023 (ACUERDO DE TURNO DE DOCUMENTACI\u00d3N)&lt;\/a&gt;\" ><a href=\"https:\/\/teec.org.mx\/web\/wp-content\/uploads\/2023\/12\/TEEC-PES-4-2023-06-12-2023.pdf\" target=\"_blank\">TEEC\/PES\/4\/2023 (ACUERDO DE TURNO DE DOCUMENTACI\u00d3N)<\/a><\/td><\/tr><tr style=\"height:px\" ><td data-cell-id=\"A6\" data-x=\"0\" data-y=\"6\" data-db-index=\"6\" class=\"fsize-18\" data-cell-type=\"text\" data-original-value=\"30 DE NOVIEMBRE DE 2023, A LAS 11:55 HORAS\" data-order=\"30 DE NOVIEMBRE DE 2023, A LAS 11:55 HORAS\" >30 DE NOVIEMBRE DE 2023, A LAS 11:55 HORAS <\/td><td data-cell-id=\"B6\" data-x=\"1\" data-y=\"6\" data-db-index=\"6\" class=\"fsize-18\" data-cell-type=\"text\" data-original-value=\"DATOS PROTEGIDOS\" data-order=\"DATOS PROTEGIDOS\" >DATOS PROTEGIDOS <\/td><td data-cell-id=\"C6\" data-x=\"2\" data-y=\"6\" data-db-index=\"6\" class=\"fsize-18\" data-cell-type=\"text\" data-original-value=\"TRIBUNAL ELECTORAL DEL ESTADO DE CAMPECHE Y OTRA\" data-order=\"TRIBUNAL ELECTORAL DEL ESTADO DE CAMPECHE Y OTRA\" >TRIBUNAL ELECTORAL DEL ESTADO DE CAMPECHE Y OTRA <\/td><td data-cell-id=\"D6\" data-x=\"3\" data-y=\"6\" data-db-index=\"6\" class=\"fsize-18\" data-cell-type=\"text\" data-original-value=\"&lt;a href=&quot;https:\/\/teec.org.mx\/web\/wp-content\/uploads\/2023\/11\/TEEC-PES-5-2023-30-11-2023.pdf&quot; target=&quot;_blank&quot;&gt;TEEC\/PES\/5\/2023 (SE DA POR NOTIFICADO ESTE \u00d3RGANO JURISDICCIONAL ELECTORAL LOCAL)&lt;\/a&gt;\" data-order=\"&lt;a href=&quot;https:\/\/teec.org.mx\/web\/wp-content\/uploads\/2023\/11\/TEEC-PES-5-2023-30-11-2023.pdf&quot; target=&quot;_blank&quot;&gt;TEEC\/PES\/5\/2023 (SE DA POR NOTIFICADO ESTE \u00d3RGANO JURISDICCIONAL ELECTORAL LOCAL)&lt;\/a&gt;\" ><a href=\"https:\/\/teec.org.mx\/web\/wp-content\/uploads\/2023\/11\/TEEC-PES-5-2023-30-11-2023.pdf\" target=\"_blank\">TEEC\/PES\/5\/2023 (SE DA POR NOTIFICADO ESTE \u00d3RGANO JURISDICCIONAL ELECTORAL LOCAL)<\/a><\/td><\/tr><tr style=\"height:px\" ><td data-cell-id=\"A7\" data-x=\"0\" data-y=\"7\" data-db-index=\"7\" class=\"fsize-18\" data-cell-type=\"text\" data-original-value=\"21 DE NOVIEMBRE DE 2023, A LAS 12:05 HORAS\" data-order=\"21 DE NOVIEMBRE DE 2023, A LAS 12:05 HORAS\" >21 DE NOVIEMBRE DE 2023, A LAS 12:05 HORAS <\/td><td data-cell-id=\"B7\" data-x=\"1\" data-y=\"7\" data-db-index=\"7\" class=\"fsize-18\" data-cell-type=\"text\" data-original-value=\"DATOS PROTEGIDOS\" data-order=\"DATOS PROTEGIDOS\" >DATOS PROTEGIDOS <\/td><td data-cell-id=\"C7\" data-x=\"2\" data-y=\"7\" data-db-index=\"7\" class=\"fsize-18\" data-cell-type=\"text\" data-original-value=\"PERSONA MORAL DENOMINADA \u201cEDITORIAL DEL SURESTE\u201d S.A. DE C.V. A TRAV\u00c9S DE SU REPRESENTANTE LEGAL Y DEL DIRECTOR GENERAL DEL PERI\u00d3DICO TRIBUNA DE CAMPECHE, EL C. JORGE GONZ\u00c1LEZ VALDEZ Y\/O CONTRA QUIEN RESULTE RESPONSABLE\u201d (SIC)\" data-order=\"PERSONA MORAL DENOMINADA \u201cEDITORIAL DEL SURESTE\u201d S.A. DE C.V. A TRAV\u00c9S DE SU REPRESENTANTE LEGAL Y DEL DIRECTOR GENERAL DEL PERI\u00d3DICO TRIBUNA DE CAMPECHE, EL C. JORGE GONZ\u00c1LEZ VALDEZ Y\/O CONTRA QUIEN RESULTE RESPONSABLE\u201d (SIC)\" >PERSONA MORAL DENOMINADA \u201cEDITORIAL DEL SURESTE\u201d S.A. DE C.V. A TRAV\u00c9S DE SU REPRESENTANTE LEGAL Y DEL DIRECTOR GENERAL DEL PERI\u00d3DICO TRIBUNA DE CAMPECHE, EL C. JORGE GONZ\u00c1LEZ VALDEZ Y\/O CONTRA QUIEN RESULTE RESPONSABLE\u201d (SIC) <\/td><td data-cell-id=\"D7\" data-x=\"3\" data-y=\"7\" data-db-index=\"7\" class=\"fsize-18\" data-cell-type=\"text\" data-original-value=\"&lt;a href=&quot;https:\/\/teec.org.mx\/web\/wp-content\/uploads\/2023\/11\/TEEC-PES-7-2023-21-11-2023.pdf&quot; target=&quot;_blank&quot;&gt;TEEC\/PES\/7\/2023 (ACUERDO DE ACUMULACI\u00d3N)&lt;\/a&gt;\" data-order=\"&lt;a href=&quot;https:\/\/teec.org.mx\/web\/wp-content\/uploads\/2023\/11\/TEEC-PES-7-2023-21-11-2023.pdf&quot; target=&quot;_blank&quot;&gt;TEEC\/PES\/7\/2023 (ACUERDO DE ACUMULACI\u00d3N)&lt;\/a&gt;\" ><a href=\"https:\/\/teec.org.mx\/web\/wp-content\/uploads\/2023\/11\/TEEC-PES-7-2023-21-11-2023.pdf\" target=\"_blank\">TEEC\/PES\/7\/2023 (ACUERDO DE ACUMULACI\u00d3N)<\/a><\/td><\/tr><tr style=\"height:px\" ><td data-cell-id=\"A8\" data-x=\"0\" data-y=\"8\" data-db-index=\"8\" class=\"fsize-18\" data-cell-type=\"text\" data-original-value=\"21 DE NOVIEMBRE DE 2023, A LAS 11:40 HORAS\" data-order=\"21 DE NOVIEMBRE DE 2023, A LAS 11:40 HORAS\" >21 DE NOVIEMBRE DE 2023, A LAS 11:40 HORAS <\/td><td data-cell-id=\"B8\" data-x=\"1\" data-y=\"8\" data-db-index=\"8\" class=\"fsize-18\" data-cell-type=\"text\" data-original-value=\"CARLOS MAR\u00cdN MART\u00cdNEZ\" data-order=\"CARLOS MAR\u00cdN MART\u00cdNEZ\" >CARLOS MAR\u00cdN MART\u00cdNEZ <\/td><td data-cell-id=\"C8\" data-x=\"2\" data-y=\"8\" data-db-index=\"8\" class=\"fsize-18\" data-cell-type=\"text\" data-original-value=\"TRIBUNAL ELECTORAL DEL ESTADO DE CAMPECHE Y OTRA\" data-order=\"TRIBUNAL ELECTORAL DEL ESTADO DE CAMPECHE Y OTRA\" >TRIBUNAL ELECTORAL DEL ESTADO DE CAMPECHE Y OTRA <\/td><td data-cell-id=\"D8\" data-x=\"3\" data-y=\"8\" data-db-index=\"8\" class=\"fsize-18\" data-cell-type=\"text\" data-original-value=\"&lt;a href=&quot;https:\/\/teec.org.mx\/web\/wp-content\/uploads\/2023\/11\/TEEC-PES-5-2023-21-11-2023.pdf&quot; target=&quot;_blank&quot;&gt;TEEC\/PES\/5\/2023 (SE DA POR NOTIFICADO ESTE \u00d3RGANO JURISDICCIONAL ELECTORAL LOCAL)&lt;\/a&gt;\" data-order=\"&lt;a href=&quot;https:\/\/teec.org.mx\/web\/wp-content\/uploads\/2023\/11\/TEEC-PES-5-2023-21-11-2023.pdf&quot; target=&quot;_blank&quot;&gt;TEEC\/PES\/5\/2023 (SE DA POR NOTIFICADO ESTE \u00d3RGANO JURISDICCIONAL ELECTORAL LOCAL)&lt;\/a&gt;\" ><a href=\"https:\/\/teec.org.mx\/web\/wp-content\/uploads\/2023\/11\/TEEC-PES-5-2023-21-11-2023.pdf\" target=\"_blank\">TEEC\/PES\/5\/2023 (SE DA POR NOTIFICADO ESTE \u00d3RGANO JURISDICCIONAL ELECTORAL LOCAL)<\/a><\/td><\/tr><tr style=\"height:px\" ><td data-cell-id=\"A9\" data-x=\"0\" data-y=\"9\" data-db-index=\"9\" class=\"fsize-18\" data-cell-type=\"text\" data-original-value=\"13 DE NOVIEMBRE DE 2023, A LAS 12:10 HORAS\" data-order=\"13 DE NOVIEMBRE DE 2023, A LAS 12:10 HORAS\" >13 DE NOVIEMBRE DE 2023, A LAS 12:10 HORAS <\/td><td data-cell-id=\"B9\" data-x=\"1\" data-y=\"9\" data-db-index=\"9\" class=\"fsize-18\" data-cell-type=\"text\" data-original-value=\"CARLOS MAR\u00cdN MART\u00cdNEZ\" data-order=\"CARLOS MAR\u00cdN MART\u00cdNEZ\" >CARLOS MAR\u00cdN MART\u00cdNEZ <\/td><td data-cell-id=\"C9\" data-x=\"2\" data-y=\"9\" data-db-index=\"9\" class=\"fsize-18\" data-cell-type=\"text\" data-original-value=\"TRIBUNAL ELECTORAL DEL ESTADO DE CAMPECHE Y OTRA\" data-order=\"TRIBUNAL ELECTORAL DEL ESTADO DE CAMPECHE Y OTRA\" >TRIBUNAL ELECTORAL DEL ESTADO DE CAMPECHE Y OTRA <\/td><td data-cell-id=\"D9\" data-x=\"3\" data-y=\"9\" data-db-index=\"9\" class=\"fsize-18\" data-cell-type=\"text\" data-original-value=\"&lt;a href=&quot;https:\/\/teec.org.mx\/web\/wp-content\/uploads\/2023\/11\/TEEC-PES-5-2023-13-11-2023.pdf&quot; target=&quot;_blank&quot;&gt;TEEC\/PES\/5\/2023&lt;\/a&gt;\" data-order=\"&lt;a href=&quot;https:\/\/teec.org.mx\/web\/wp-content\/uploads\/2023\/11\/TEEC-PES-5-2023-13-11-2023.pdf&quot; target=&quot;_blank&quot;&gt;TEEC\/PES\/5\/2023&lt;\/a&gt;\" ><a href=\"https:\/\/teec.org.mx\/web\/wp-content\/uploads\/2023\/11\/TEEC-PES-5-2023-13-11-2023.pdf\" target=\"_blank\">TEEC\/PES\/5\/2023<\/a><\/td><\/tr><tr style=\"height:px\" ><td data-cell-id=\"A10\" data-x=\"0\" data-y=\"10\" data-db-index=\"10\" class=\"fsize-18\" data-cell-type=\"text\" data-original-value=\"10 DE NOVIEMBRE DE 2023, A LAS 14:15 HORAS\" data-order=\"10 DE NOVIEMBRE DE 2023, A LAS 14:15 HORAS\" >10 DE NOVIEMBRE DE 2023, A LAS 14:15 HORAS <\/td><td data-cell-id=\"B10\" data-x=\"1\" data-y=\"10\" data-db-index=\"10\" class=\"fsize-18\" data-cell-type=\"text\" data-original-value=\"DATO PROTEGIDO\" data-order=\"DATO PROTEGIDO\" >DATO PROTEGIDO <\/td><td data-cell-id=\"C10\" data-x=\"2\" data-y=\"10\" data-db-index=\"10\" class=\"fsize-18\" data-cell-type=\"text\" data-original-value=\"MAR\u00cdA LILLY DEL CARMEN TELLEZ GARC\u00cdA\" data-order=\"MAR\u00cdA LILLY DEL CARMEN TELLEZ GARC\u00cdA\" >MAR\u00cdA LILLY DEL CARMEN TELLEZ GARC\u00cdA <\/td><td data-cell-id=\"D10\" data-x=\"3\" data-y=\"10\" data-db-index=\"10\" class=\"fsize-18\" data-cell-type=\"text\" data-original-value=\"&lt;a href=&quot;https:\/\/teec.org.mx\/web\/wp-content\/uploads\/2023\/11\/TEEC-PES-2-2023-10-11-2023.pdf&quot; target=&quot;_blank&quot;&gt;TEEC\/PES\/2\/2023 (SE ORDENA EXPEDIR COPIAS CERTIFICADAS)&lt;\/a&gt;\" data-order=\"&lt;a href=&quot;https:\/\/teec.org.mx\/web\/wp-content\/uploads\/2023\/11\/TEEC-PES-2-2023-10-11-2023.pdf&quot; target=&quot;_blank&quot;&gt;TEEC\/PES\/2\/2023 (SE ORDENA EXPEDIR COPIAS CERTIFICADAS)&lt;\/a&gt;\" ><a href=\"https:\/\/teec.org.mx\/web\/wp-content\/uploads\/2023\/11\/TEEC-PES-2-2023-10-11-2023.pdf\" target=\"_blank\">TEEC\/PES\/2\/2023 (SE ORDENA EXPEDIR COPIAS CERTIFICADAS)<\/a><\/td><\/tr><tr style=\"height:px\" ><td data-cell-id=\"A11\" data-x=\"0\" data-y=\"11\" data-db-index=\"11\" class=\"fsize-18\" data-cell-type=\"text\" data-original-value=\"09 DE NOVIEMBRE DE 2023, A LAS 14:53 HORAS\" data-order=\"09 DE NOVIEMBRE DE 2023, A LAS 14:53 HORAS\" >09 DE NOVIEMBRE DE 2023, A LAS 14:53 HORAS <\/td><td data-cell-id=\"B11\" data-x=\"1\" data-y=\"11\" data-db-index=\"11\" class=\"fsize-18\" data-cell-type=\"text\" data-original-value=\"DATO PROTEGIDO\" data-order=\"DATO PROTEGIDO\" >DATO PROTEGIDO <\/td><td data-cell-id=\"C11\" data-x=\"2\" data-y=\"11\" data-db-index=\"11\" class=\"fsize-18\" data-cell-type=\"text\" data-original-value=\"MAR\u00cdA LILLY DEL CARMEN TELLEZ GARC\u00cdA\" data-order=\"MAR\u00cdA LILLY DEL CARMEN TELLEZ GARC\u00cdA\" >MAR\u00cdA LILLY DEL CARMEN TELLEZ GARC\u00cdA <\/td><td data-cell-id=\"D11\" data-x=\"3\" data-y=\"11\" data-db-index=\"11\" class=\"fsize-18\" data-cell-type=\"text\" data-original-value=\"&lt;a href=&quot;https:\/\/teec.org.mx\/web\/wp-content\/uploads\/2023\/11\/TEEC-PES-2-2023-09-11-2023.pdf&quot; target=&quot;_blank&quot;&gt;TEEC\/PES\/2\/2023 (ACUERDO DE TURNO DE DOCUMENTACI\u00d3N)&lt;\/a&gt;\" data-order=\"&lt;a href=&quot;https:\/\/teec.org.mx\/web\/wp-content\/uploads\/2023\/11\/TEEC-PES-2-2023-09-11-2023.pdf&quot; target=&quot;_blank&quot;&gt;TEEC\/PES\/2\/2023 (ACUERDO DE TURNO DE DOCUMENTACI\u00d3N)&lt;\/a&gt;\" ><a href=\"https:\/\/teec.org.mx\/web\/wp-content\/uploads\/2023\/11\/TEEC-PES-2-2023-09-11-2023.pdf\" target=\"_blank\">TEEC\/PES\/2\/2023 (ACUERDO DE TURNO DE DOCUMENTACI\u00d3N)<\/a><\/td><\/tr><tr style=\"height:px\" ><td data-cell-id=\"A12\" data-x=\"0\" data-y=\"12\" data-db-index=\"12\" class=\"fsize-18\" data-cell-type=\"text\" data-original-value=\"09 DE NOVIEMBRE DE 2023, A LAS 14:45 HORAS\" data-order=\"09 DE NOVIEMBRE DE 2023, A LAS 14:45 HORAS\" >09 DE NOVIEMBRE DE 2023, A LAS 14:45 HORAS <\/td><td data-cell-id=\"B12\" data-x=\"1\" data-y=\"12\" data-db-index=\"12\" class=\"fsize-18\" data-cell-type=\"text\" data-original-value=\"CARLOS MAR\u00cdN MART\u00cdNEZ\" data-order=\"CARLOS MAR\u00cdN MART\u00cdNEZ\" >CARLOS MAR\u00cdN MART\u00cdNEZ <\/td><td data-cell-id=\"C12\" data-x=\"2\" data-y=\"12\" data-db-index=\"12\" class=\"fsize-18\" data-cell-type=\"text\" data-original-value=\"TRIBUNAL ELECTORAL DEL ESTADO DE CAMPECHE\" data-order=\"TRIBUNAL ELECTORAL DEL ESTADO DE CAMPECHE\" >TRIBUNAL ELECTORAL DEL ESTADO DE CAMPECHE <\/td><td data-cell-id=\"D12\" data-x=\"3\" data-y=\"12\" data-db-index=\"12\" class=\"fsize-18\" data-cell-type=\"text\" data-original-value=\"&lt;a href=&quot;https:\/\/teec.org.mx\/web\/wp-content\/uploads\/2023\/11\/TEEC-PES-5-2023-09-11-2023.pdf&quot; target=&quot;_blank&quot;&gt;TEEC\/PES\/5\/2023 (RETIRO DE C\u00c9D. DE PUBLICITACI\u00d3N Y COMPARECENCIA DE TERCERO INTERESADO)&lt;\/a&gt;\" data-order=\"&lt;a href=&quot;https:\/\/teec.org.mx\/web\/wp-content\/uploads\/2023\/11\/TEEC-PES-5-2023-09-11-2023.pdf&quot; target=&quot;_blank&quot;&gt;TEEC\/PES\/5\/2023 (RETIRO DE C\u00c9D. DE PUBLICITACI\u00d3N Y COMPARECENCIA DE TERCERO INTERESADO)&lt;\/a&gt;\" ><a href=\"https:\/\/teec.org.mx\/web\/wp-content\/uploads\/2023\/11\/TEEC-PES-5-2023-09-11-2023.pdf\" target=\"_blank\">TEEC\/PES\/5\/2023 (RETIRO DE C\u00c9D. DE PUBLICITACI\u00d3N Y COMPARECENCIA DE TERCERO INTERESADO)<\/a><\/td><\/tr><tr style=\"height:px\" ><td data-cell-id=\"A13\" data-x=\"0\" data-y=\"13\" data-db-index=\"13\" class=\"fsize-18\" data-cell-type=\"text\" data-original-value=\"06 DE NOVIEMBRE DE 2023, A LAS 14:05 HORAS\" data-order=\"06 DE NOVIEMBRE DE 2023, A LAS 14:05 HORAS\" >06 DE NOVIEMBRE DE 2023, A LAS 14:05 HORAS <\/td><td data-cell-id=\"B13\" data-x=\"1\" data-y=\"13\" data-db-index=\"13\" class=\"fsize-18\" data-cell-type=\"text\" data-original-value=\"CARLOS MAR\u00cdN MART\u00cdNEZ\" data-order=\"CARLOS MAR\u00cdN MART\u00cdNEZ\" >CARLOS MAR\u00cdN MART\u00cdNEZ <\/td><td data-cell-id=\"C13\" data-x=\"2\" data-y=\"13\" data-db-index=\"13\" class=\"fsize-18\" data-cell-type=\"text\" data-original-value=\"TRIBUNAL ELECTORAL DEL ESTADO DE CAMPECHE\" data-order=\"TRIBUNAL ELECTORAL DEL ESTADO DE CAMPECHE\" >TRIBUNAL ELECTORAL DEL ESTADO DE CAMPECHE <\/td><td data-cell-id=\"D13\" data-x=\"3\" data-y=\"13\" data-db-index=\"13\" class=\"fsize-18\" data-cell-type=\"text\" data-original-value=\"&lt;a href=&quot;https:\/\/teec.org.mx\/web\/wp-content\/uploads\/2023\/11\/TEEC-PES-5-2023-06-11-2023.pdf&quot; target=&quot;_blank&quot;&gt;TEEC\/PES\/5\/2023 (TR\u00c1MITE AL MEDIO DE IMPUGNACI\u00d3N FEDERAL)&lt;\/a&gt;\" data-order=\"&lt;a href=&quot;https:\/\/teec.org.mx\/web\/wp-content\/uploads\/2023\/11\/TEEC-PES-5-2023-06-11-2023.pdf&quot; target=&quot;_blank&quot;&gt;TEEC\/PES\/5\/2023 (TR\u00c1MITE AL MEDIO DE IMPUGNACI\u00d3N FEDERAL)&lt;\/a&gt;\" ><a href=\"https:\/\/teec.org.mx\/web\/wp-content\/uploads\/2023\/11\/TEEC-PES-5-2023-06-11-2023.pdf\" target=\"_blank\">TEEC\/PES\/5\/2023 (TR\u00c1MITE AL MEDIO DE IMPUGNACI\u00d3N FEDERAL)<\/a><\/td><\/tr><tr style=\"height:px\" ><td data-cell-id=\"A14\" data-x=\"0\" data-y=\"14\" data-db-index=\"14\" class=\"fsize-18\" data-cell-type=\"text\" data-original-value=\"30 DE OCTUBRE DE 2023, A LAS 11:20 HORAS\" data-order=\"30 DE OCTUBRE DE 2023, A LAS 11:20 HORAS\" >30 DE OCTUBRE DE 2023, A LAS 11:20 HORAS <\/td><td data-cell-id=\"B14\" data-x=\"1\" data-y=\"14\" data-db-index=\"14\" class=\"fsize-18\" data-cell-type=\"text\" data-original-value=\"YESMI YARET DEL PILAR CASTILLO COUOH, APODERADA GENERAL PARA PLEITOS Y COBRANZAS DE BIBY KAREN RABELO DE LA TORRE\" data-order=\"YESMI YARET DEL PILAR CASTILLO COUOH, APODERADA GENERAL PARA PLEITOS Y COBRANZAS DE BIBY KAREN RABELO DE LA TORRE\" >YESMI YARET DEL PILAR CASTILLO COUOH, APODERADA GENERAL PARA PLEITOS Y COBRANZAS DE BIBY KAREN RABELO DE LA TORRE <\/td><td data-cell-id=\"C14\" data-x=\"2\" data-y=\"14\" data-db-index=\"14\" class=\"fsize-18\" data-cell-type=\"text\" data-original-value=\"ERICK ALEJANDRO REYES LE\u00d3N QUIEN SE OSTENTA COMO DIRIGENTE ESTATAL DEL MOVIMIENTO REGENERACI\u00d3N NACIONAL (MORENA) DE CAMPECHE, MINERVA CITLALLI HERN\u00c1NDEZ MORA EN SU CALIDAD DE SECRETARIA GENERAL DEL PARTIDO POL\u00cdTICO MOVIMIENTO REGENERACI\u00d3N NACIONAL (MORENA), PARTIDO POL\u00cdTICO MORENA, MEDIO DE COMUNICACI\u00d3N \u201cVECTOR\u201d Y\/O SERVIDORES P\u00daBLICOS QUE RESULTEN RESPONSABLES.\u201d (sic)\" data-order=\"ERICK ALEJANDRO REYES LE\u00d3N QUIEN SE OSTENTA COMO DIRIGENTE ESTATAL DEL MOVIMIENTO REGENERACI\u00d3N NACIONAL (MORENA) DE CAMPECHE, MINERVA CITLALLI HERN\u00c1NDEZ MORA EN SU CALIDAD DE SECRETARIA GENERAL DEL PARTIDO POL\u00cdTICO MOVIMIENTO REGENERACI\u00d3N NACIONAL (MORENA), PARTIDO POL\u00cdTICO MORENA, MEDIO DE COMUNICACI\u00d3N \u201cVECTOR\u201d Y\/O SERVIDORES P\u00daBLICOS QUE RESULTEN RESPONSABLES.\u201d (sic)\" >ERICK ALEJANDRO REYES LE\u00d3N QUIEN SE OSTENTA COMO DIRIGENTE ESTATAL DEL MOVIMIENTO REGENERACI\u00d3N NACIONAL (MORENA) DE CAMPECHE, MINERVA CITLALLI HERN\u00c1NDEZ MORA EN SU CALIDAD DE SECRETARIA GENERAL DEL PARTIDO POL\u00cdTICO MOVIMIENTO REGENERACI\u00d3N NACIONAL (MORENA), PARTIDO POL\u00cdTICO MORENA, MEDIO DE COMUNICACI\u00d3N \u201cVECTOR\u201d Y\/O SERVIDORES P\u00daBLICOS QUE RESULTEN RESPONSABLES.\u201d (sic) <\/td><td data-cell-id=\"D14\" data-x=\"3\" data-y=\"14\" data-db-index=\"14\" class=\"fsize-18\" data-cell-type=\"text\" data-original-value=\"&lt;a href=&quot;https:\/\/teec.org.mx\/web\/wp-content\/uploads\/2023\/10\/TEEC-PES-8-2023-30-10-2023.pdf&quot; target=&quot;_blank&quot;&gt;TEEC\/PES\/8\/2023 (QUEDA FIRME LA SENTENCIA)&lt;\/a&gt;\" data-order=\"&lt;a href=&quot;https:\/\/teec.org.mx\/web\/wp-content\/uploads\/2023\/10\/TEEC-PES-8-2023-30-10-2023.pdf&quot; target=&quot;_blank&quot;&gt;TEEC\/PES\/8\/2023 (QUEDA FIRME LA SENTENCIA)&lt;\/a&gt;\" ><a href=\"https:\/\/teec.org.mx\/web\/wp-content\/uploads\/2023\/10\/TEEC-PES-8-2023-30-10-2023.pdf\" target=\"_blank\">TEEC\/PES\/8\/2023 (QUEDA FIRME LA SENTENCIA)<\/a><\/td><\/tr><tr style=\"height:px\" ><td data-cell-id=\"A15\" data-x=\"0\" data-y=\"15\" data-db-index=\"15\" class=\"fsize-18\" data-cell-type=\"text\" data-original-value=\"27 DE OCTUBRE DE 2023, A LAS 14:30 HORAS\" data-order=\"27 DE OCTUBRE DE 2023, A LAS 14:30 HORAS\" >27 DE OCTUBRE DE 2023, A LAS 14:30 HORAS <\/td><td data-cell-id=\"B15\" data-x=\"1\" data-y=\"15\" data-db-index=\"15\" class=\"fsize-18\" data-cell-type=\"text\" data-original-value=\"DATOS PROTEGIDOS\" data-order=\"DATOS PROTEGIDOS\" >DATOS PROTEGIDOS <\/td><td data-cell-id=\"C15\" data-x=\"2\" data-y=\"15\" data-db-index=\"15\" class=\"fsize-18\" data-cell-type=\"text\" data-original-value=\"PERSONA MORAL DENOMINADA \u201cEDITORIAL DEL SURESTE\u201d S.A. DE C.V. A TRAV\u00c9S DE SU REPRESENTANTE LEGAL Y DEL DIRECTOR GENERAL DEL PERI\u00d3DICO TRIBUNA DE CAMPECHE, EL C. JORGE GONZ\u00c1LEZ VALDEZ Y\/O CONTRA QUIEN RESULTE RESPONSABLE\u201d (SIC)\" data-order=\"PERSONA MORAL DENOMINADA \u201cEDITORIAL DEL SURESTE\u201d S.A. DE C.V. A TRAV\u00c9S DE SU REPRESENTANTE LEGAL Y DEL DIRECTOR GENERAL DEL PERI\u00d3DICO TRIBUNA DE CAMPECHE, EL C. JORGE GONZ\u00c1LEZ VALDEZ Y\/O CONTRA QUIEN RESULTE RESPONSABLE\u201d (SIC)\" >PERSONA MORAL DENOMINADA \u201cEDITORIAL DEL SURESTE\u201d S.A. DE C.V. A TRAV\u00c9S DE SU REPRESENTANTE LEGAL Y DEL DIRECTOR GENERAL DEL PERI\u00d3DICO TRIBUNA DE CAMPECHE, EL C. JORGE GONZ\u00c1LEZ VALDEZ Y\/O CONTRA QUIEN RESULTE RESPONSABLE\u201d (SIC) <\/td><td data-cell-id=\"D15\" data-x=\"3\" data-y=\"15\" data-db-index=\"15\" class=\"fsize-18\" data-cell-type=\"text\" data-original-value=\"&lt;a href=&quot;https:\/\/teec.org.mx\/web\/wp-content\/uploads\/2023\/10\/TEEC-PES-7-2023-27-10-2023.pdf&quot; target=&quot;_blank&quot;&gt;TEEC\/PES\/7\/2023 (SE DECLARA FIRME Y VALEDERA)&lt;\/a&gt;\" data-order=\"&lt;a href=&quot;https:\/\/teec.org.mx\/web\/wp-content\/uploads\/2023\/10\/TEEC-PES-7-2023-27-10-2023.pdf&quot; target=&quot;_blank&quot;&gt;TEEC\/PES\/7\/2023 (SE DECLARA FIRME Y VALEDERA)&lt;\/a&gt;\" ><a href=\"https:\/\/teec.org.mx\/web\/wp-content\/uploads\/2023\/10\/TEEC-PES-7-2023-27-10-2023.pdf\" target=\"_blank\">TEEC\/PES\/7\/2023 (SE DECLARA FIRME Y VALEDERA)<\/a><\/td><\/tr><tr style=\"height:px\" ><td data-cell-id=\"A16\" data-x=\"0\" data-y=\"16\" data-db-index=\"16\" class=\"fsize-18\" data-cell-type=\"text\" data-original-value=\"19 DE OCTUBRE DE 2023, A LAS 12:39 HORAS\" data-order=\"19 DE OCTUBRE DE 2023, A LAS 12:39 HORAS\" >19 DE OCTUBRE DE 2023, A LAS 12:39 HORAS <\/td><td data-cell-id=\"B16\" data-x=\"1\" data-y=\"16\" data-db-index=\"16\" class=\"fsize-18\" data-cell-type=\"text\" data-original-value=\"YESMI YARET DEL PILAR CASTILLO COUOH APODERADA LEGAL GENERAL PARA PLEITOS Y COBRANZAS DE BIBY KAREN RABELO DE LA TORRE\" data-order=\"YESMI YARET DEL PILAR CASTILLO COUOH APODERADA LEGAL GENERAL PARA PLEITOS Y COBRANZAS DE BIBY KAREN RABELO DE LA TORRE\" >YESMI YARET DEL PILAR CASTILLO COUOH APODERADA LEGAL GENERAL PARA PLEITOS Y COBRANZAS DE BIBY KAREN RABELO DE LA TORRE <\/td><td data-cell-id=\"C16\" data-x=\"2\" data-y=\"16\" data-db-index=\"16\" class=\"fsize-18\" data-cell-type=\"text\" data-original-value=\"ERICK ALEJANDRO REYES LE\u00d3N, PRESIDENTE DEL COMIT\u00c9 EJECUTIVO ESTATAL DE MORENA EN CAMPECHE, MINERVA CITLALLI HERN\u00c1NDEZ MORA, EN SU CALIDAD DE SECRETARIA GENERAL DEL PARTIDO POLITICO MOVIMIENTO REGENERACION NACIONAL (MORENA), PARTIDO MORENA, MEDIO DE COMUNICACI\u00d3N \u201cVECTOR\u201d Y\/O SERVIDORES P\u00daBLICOS QUE RESULTEN RESPONSABLES\" data-order=\"ERICK ALEJANDRO REYES LE\u00d3N, PRESIDENTE DEL COMIT\u00c9 EJECUTIVO ESTATAL DE MORENA EN CAMPECHE, MINERVA CITLALLI HERN\u00c1NDEZ MORA, EN SU CALIDAD DE SECRETARIA GENERAL DEL PARTIDO POLITICO MOVIMIENTO REGENERACION NACIONAL (MORENA), PARTIDO MORENA, MEDIO DE COMUNICACI\u00d3N \u201cVECTOR\u201d Y\/O SERVIDORES P\u00daBLICOS QUE RESULTEN RESPONSABLES\" >ERICK ALEJANDRO REYES LE\u00d3N, PRESIDENTE DEL COMIT\u00c9 EJECUTIVO ESTATAL DE MORENA EN CAMPECHE, MINERVA CITLALLI HERN\u00c1NDEZ MORA, EN SU CALIDAD DE SECRETARIA GENERAL DEL PARTIDO POLITICO MOVIMIENTO REGENERACION NACIONAL (MORENA), PARTIDO MORENA, MEDIO DE COMUNICACI\u00d3N \u201cVECTOR\u201d Y\/O SERVIDORES P\u00daBLICOS QUE RESULTEN RESPONSABLES <\/td><td data-cell-id=\"D16\" data-x=\"3\" data-y=\"16\" data-db-index=\"16\" class=\"fsize-18\" data-cell-type=\"text\" data-original-value=\"&lt;a href=&quot;https:\/\/teec.org.mx\/web\/wp-content\/uploads\/2023\/10\/TEEC-PES-8-2023-sentencia-19-10-2023.pdf&quot; target=&quot;_blank&quot;&gt;TEEC\/PES\/8\/2023 (SENTENCIA)&lt;\/a&gt;\" data-order=\"&lt;a href=&quot;https:\/\/teec.org.mx\/web\/wp-content\/uploads\/2023\/10\/TEEC-PES-8-2023-sentencia-19-10-2023.pdf&quot; target=&quot;_blank&quot;&gt;TEEC\/PES\/8\/2023 (SENTENCIA)&lt;\/a&gt;\" ><a href=\"https:\/\/teec.org.mx\/web\/wp-content\/uploads\/2023\/10\/TEEC-PES-8-2023-sentencia-19-10-2023.pdf\" target=\"_blank\">TEEC\/PES\/8\/2023 (SENTENCIA)<\/a><\/td><\/tr><tr style=\"height:px\" ><td data-cell-id=\"A17\" data-x=\"0\" data-y=\"17\" data-db-index=\"17\" class=\"fsize-18\" data-cell-type=\"text\" data-original-value=\"18 DE OCTUBRE DE 2023, A LAS 12:09 HORAS\" data-order=\"18 DE OCTUBRE DE 2023, A LAS 12:09 HORAS\" >18 DE OCTUBRE DE 2023, A LAS 12:09 HORAS <\/td><td data-cell-id=\"B17\" data-x=\"1\" data-y=\"17\" data-db-index=\"17\" class=\"fsize-18\" data-cell-type=\"text\" data-original-value=\"DATOS PROTEGIDOS\" data-order=\"DATOS PROTEGIDOS\" >DATOS PROTEGIDOS <\/td><td data-cell-id=\"C17\" data-x=\"2\" data-y=\"17\" data-db-index=\"17\" class=\"fsize-18\" data-cell-type=\"text\" data-original-value=\"ELISEO FERN\u00c1NDEZ MONTUFAR\" data-order=\"ELISEO FERN\u00c1NDEZ MONTUFAR\" >ELISEO FERN\u00c1NDEZ MONTUFAR <\/td><td data-cell-id=\"D17\" data-x=\"3\" data-y=\"17\" data-db-index=\"17\" class=\"fsize-18\" data-cell-type=\"text\" data-original-value=\"&lt;a href=&quot;https:\/\/teec.org.mx\/web\/wp-content\/uploads\/2023\/10\/TEEC-PES-1-2023-18-10-2023.pdf&quot; target=&quot;_blank&quot;&gt;TEEC\/PES\/1\/2023 (SE ORDENA EXPEDIR COPIAS CERTIFICADAS)&lt;\/a&gt;\" data-order=\"&lt;a href=&quot;https:\/\/teec.org.mx\/web\/wp-content\/uploads\/2023\/10\/TEEC-PES-1-2023-18-10-2023.pdf&quot; target=&quot;_blank&quot;&gt;TEEC\/PES\/1\/2023 (SE ORDENA EXPEDIR COPIAS CERTIFICADAS)&lt;\/a&gt;\" ><a href=\"https:\/\/teec.org.mx\/web\/wp-content\/uploads\/2023\/10\/TEEC-PES-1-2023-18-10-2023.pdf\" target=\"_blank\">TEEC\/PES\/1\/2023 (SE ORDENA EXPEDIR COPIAS CERTIFICADAS)<\/a><\/td><\/tr><tr style=\"height:px\" ><td data-cell-id=\"A18\" data-x=\"0\" data-y=\"18\" data-db-index=\"18\" class=\"fsize-18\" data-cell-type=\"text\" data-original-value=\"17 DE OCTUBRE DE 2023, A LAS 16:00 HORAS\" data-order=\"17 DE OCTUBRE DE 2023, A LAS 16:00 HORAS\" >17 DE OCTUBRE DE 2023, A LAS 16:00 HORAS <\/td><td data-cell-id=\"B18\" data-x=\"1\" data-y=\"18\" data-db-index=\"18\" class=\"fsize-18\" data-cell-type=\"text\" data-original-value=\"DATOS PROTEGIDOS\" data-order=\"DATOS PROTEGIDOS\" >DATOS PROTEGIDOS <\/td><td data-cell-id=\"C18\" data-x=\"2\" data-y=\"18\" data-db-index=\"18\" class=\"fsize-18\" data-cell-type=\"text\" data-original-value=\"PERSONA MORAL DENOMINADA \u201cEDITORIAL DEL SURESTE\u201d S.A. DE C.V. A TRAV\u00c9S DE SU REPRESENTANTE LEGAL Y DEL DIRECTOR GENERAL DEL PERI\u00d3DICO TRIBUNA DE CAMPECHE, EL C. JORGE GONZ\u00c1LEZ VALDEZ Y\/O CONTRA QUIEN RESULTE RESPONSABLE\u201d (SIC)\" data-order=\"PERSONA MORAL DENOMINADA \u201cEDITORIAL DEL SURESTE\u201d S.A. DE C.V. A TRAV\u00c9S DE SU REPRESENTANTE LEGAL Y DEL DIRECTOR GENERAL DEL PERI\u00d3DICO TRIBUNA DE CAMPECHE, EL C. JORGE GONZ\u00c1LEZ VALDEZ Y\/O CONTRA QUIEN RESULTE RESPONSABLE\u201d (SIC)\" >PERSONA MORAL DENOMINADA \u201cEDITORIAL DEL SURESTE\u201d S.A. DE C.V. A TRAV\u00c9S DE SU REPRESENTANTE LEGAL Y DEL DIRECTOR GENERAL DEL PERI\u00d3DICO TRIBUNA DE CAMPECHE, EL C. JORGE GONZ\u00c1LEZ VALDEZ Y\/O CONTRA QUIEN RESULTE RESPONSABLE\u201d (SIC) <\/td><td data-cell-id=\"D18\" data-x=\"3\" data-y=\"18\" data-db-index=\"18\" class=\"fsize-18\" data-cell-type=\"text\" data-original-value=\"&lt;a href=&quot;https:\/\/teec.org.mx\/web\/wp-content\/uploads\/2023\/10\/TEEC-PES-7-2023-sentencia-17-10-2023.pdf&quot; target=&quot;_blank&quot;&gt;TEEC\/PES\/7\/2023 (SENTENCIA)&lt;\/a&gt;\" data-order=\"&lt;a href=&quot;https:\/\/teec.org.mx\/web\/wp-content\/uploads\/2023\/10\/TEEC-PES-7-2023-sentencia-17-10-2023.pdf&quot; target=&quot;_blank&quot;&gt;TEEC\/PES\/7\/2023 (SENTENCIA)&lt;\/a&gt;\" ><a href=\"https:\/\/teec.org.mx\/web\/wp-content\/uploads\/2023\/10\/TEEC-PES-7-2023-sentencia-17-10-2023.pdf\" target=\"_blank\">TEEC\/PES\/7\/2023 (SENTENCIA)<\/a><\/td><\/tr><tr style=\"height:px\" ><td data-cell-id=\"A19\" data-x=\"0\" data-y=\"19\" data-db-index=\"19\" class=\"fsize-18\" data-cell-type=\"text\" data-original-value=\"16 DE OCTUBRE DE 2023, A LAS 14:55 HORAS\" data-order=\"16 DE OCTUBRE DE 2023, A LAS 14:55 HORAS\" >16 DE OCTUBRE DE 2023, A LAS 14:55 HORAS <\/td><td data-cell-id=\"B19\" data-x=\"1\" data-y=\"19\" data-db-index=\"19\" class=\"fsize-18\" data-cell-type=\"text\" data-original-value=\"DATOS PROTEGIDOS \" data-order=\"DATOS PROTEGIDOS \" >DATOS PROTEGIDOS <\/td><td data-cell-id=\"C19\" data-x=\"2\" data-y=\"19\" data-db-index=\"19\" class=\"fsize-18\" data-cell-type=\"text\" data-original-value=\"ERICK ALEJANDRO REYES LE\u00d3N, PRESIDENTE DEL COMIT\u00c9 EJECUTIVO ESTATAL DE MORENA EN CAMPECHE, MINERVA CITLALLI HERN\u00c1NDEZ MORA, SECRETARIA GENERAL DEL COMIT\u00c9 EJECUTIVO NACIONAL DE MORENA, PARTIDO MORENA, MEDIO DE COMUNICACI\u00d3N \u201cVECTOR\u201d Y\/O SERVIDORES P\u00daBLICOS QUE RESULTEN RESPONSABLES\" data-order=\"ERICK ALEJANDRO REYES LE\u00d3N, PRESIDENTE DEL COMIT\u00c9 EJECUTIVO ESTATAL DE MORENA EN CAMPECHE, MINERVA CITLALLI HERN\u00c1NDEZ MORA, SECRETARIA GENERAL DEL COMIT\u00c9 EJECUTIVO NACIONAL DE MORENA, PARTIDO MORENA, MEDIO DE COMUNICACI\u00d3N \u201cVECTOR\u201d Y\/O SERVIDORES P\u00daBLICOS QUE RESULTEN RESPONSABLES\" >ERICK ALEJANDRO REYES LE\u00d3N, PRESIDENTE DEL COMIT\u00c9 EJECUTIVO ESTATAL DE MORENA EN CAMPECHE, MINERVA CITLALLI HERN\u00c1NDEZ MORA, SECRETARIA GENERAL DEL COMIT\u00c9 EJECUTIVO NACIONAL DE MORENA, PARTIDO MORENA, MEDIO DE COMUNICACI\u00d3N \u201cVECTOR\u201d Y\/O SERVIDORES P\u00daBLICOS QUE RESULTEN RESPONSABLES <\/td><td data-cell-id=\"D19\" data-x=\"3\" data-y=\"19\" data-db-index=\"19\" class=\"fsize-18\" data-cell-type=\"text\" data-original-value=\"&lt;a href=&quot;https:\/\/teec.org.mx\/web\/wp-content\/uploads\/2023\/10\/TEEC-PES-8-2023-2do-acu-16-10-2023.pdf&quot; target=&quot;_blank&quot;&gt;TEEC\/PES\/8\/2023 ( SE FIJA FECHA Y HORA PARA SESI\u00d3N P\u00daBLICA)&lt;\/a&gt;\" data-order=\"&lt;a href=&quot;https:\/\/teec.org.mx\/web\/wp-content\/uploads\/2023\/10\/TEEC-PES-8-2023-2do-acu-16-10-2023.pdf&quot; target=&quot;_blank&quot;&gt;TEEC\/PES\/8\/2023 ( SE FIJA FECHA Y HORA PARA SESI\u00d3N P\u00daBLICA)&lt;\/a&gt;\" ><a href=\"https:\/\/teec.org.mx\/web\/wp-content\/uploads\/2023\/10\/TEEC-PES-8-2023-2do-acu-16-10-2023.pdf\" target=\"_blank\">TEEC\/PES\/8\/2023 ( SE FIJA FECHA Y HORA PARA SESI\u00d3N P\u00daBLICA)<\/a><\/td><\/tr><tr style=\"height:px\" ><td data-cell-id=\"A20\" data-x=\"0\" data-y=\"20\" data-db-index=\"20\" class=\"fsize-18\" data-cell-type=\"text\" data-original-value=\"16 DE OCTUBRE DE 2023, A LAS 14:00 HORAS\" data-order=\"16 DE OCTUBRE DE 2023, A LAS 14:00 HORAS\" >16 DE OCTUBRE DE 2023, A LAS 14:00 HORAS <\/td><td data-cell-id=\"B20\" data-x=\"1\" data-y=\"20\" data-db-index=\"20\" class=\"fsize-18\" data-cell-type=\"text\" data-original-value=\"DATO PROTEGIDO\" data-order=\"DATO PROTEGIDO\" >DATO PROTEGIDO <\/td><td data-cell-id=\"C20\" data-x=\"2\" data-y=\"20\" data-db-index=\"20\" class=\"fsize-18\" data-cell-type=\"text\" data-original-value=\"ERICK ALEJANDRO REYES LE\u00d3N, PRESIDENTE DEL COMIT\u00c9 EJECUTIVO ESTATAL DE MORENA EN CAMPECHE, MINERVA CITLALLI HERN\u00c1NDEZ MORA, SECRETARIA GENERAL DEL COMIT\u00c9 EJECUTIVO NACIONAL DE MORENA, PARTIDO MORENA, MEDIO DE COMUNICACI\u00d3N \u201cVECTOR\u201d Y\/O SERVIDORES P\u00daBLICOS QUE RESULTEN RESPONSABLES\" data-order=\"ERICK ALEJANDRO REYES LE\u00d3N, PRESIDENTE DEL COMIT\u00c9 EJECUTIVO ESTATAL DE MORENA EN CAMPECHE, MINERVA CITLALLI HERN\u00c1NDEZ MORA, SECRETARIA GENERAL DEL COMIT\u00c9 EJECUTIVO NACIONAL DE MORENA, PARTIDO MORENA, MEDIO DE COMUNICACI\u00d3N \u201cVECTOR\u201d Y\/O SERVIDORES P\u00daBLICOS QUE RESULTEN RESPONSABLES\" >ERICK ALEJANDRO REYES LE\u00d3N, PRESIDENTE DEL COMIT\u00c9 EJECUTIVO ESTATAL DE MORENA EN CAMPECHE, MINERVA CITLALLI HERN\u00c1NDEZ MORA, SECRETARIA GENERAL DEL COMIT\u00c9 EJECUTIVO NACIONAL DE MORENA, PARTIDO MORENA, MEDIO DE COMUNICACI\u00d3N \u201cVECTOR\u201d Y\/O SERVIDORES P\u00daBLICOS QUE RESULTEN RESPONSABLES <\/td><td data-cell-id=\"D20\" data-x=\"3\" data-y=\"20\" data-db-index=\"20\" class=\"fsize-18\" data-cell-type=\"text\" data-original-value=\"&lt;a href=&quot;https:\/\/teec.org.mx\/web\/wp-content\/uploads\/2023\/10\/TEEC-PES-8-2023-16-10-2023.pdf&quot; target=&quot;_blank&quot;&gt;TEEC\/PES\/8\/2023 (ACUERDO DE RECEPCI\u00d3N, RADICACION, ACUMULACI\u00d3N Y SOLICITUD DE FECHA Y HORA DE SESI\u00d3N)&lt;\/a&gt;\" data-order=\"&lt;a href=&quot;https:\/\/teec.org.mx\/web\/wp-content\/uploads\/2023\/10\/TEEC-PES-8-2023-16-10-2023.pdf&quot; target=&quot;_blank&quot;&gt;TEEC\/PES\/8\/2023 (ACUERDO DE RECEPCI\u00d3N, RADICACION, ACUMULACI\u00d3N Y SOLICITUD DE FECHA Y HORA DE SESI\u00d3N)&lt;\/a&gt;\" ><a href=\"https:\/\/teec.org.mx\/web\/wp-content\/uploads\/2023\/10\/TEEC-PES-8-2023-16-10-2023.pdf\" target=\"_blank\">TEEC\/PES\/8\/2023 (ACUERDO DE RECEPCI\u00d3N, RADICACION, ACUMULACI\u00d3N Y SOLICITUD DE FECHA Y HORA DE SESI\u00d3N)<\/a><\/td><\/tr><tr style=\"height:px\" ><td data-cell-id=\"A21\" data-x=\"0\" data-y=\"21\" data-db-index=\"21\" class=\"fsize-18\" data-cell-type=\"text\" data-original-value=\"16 DE OCTUBRE DE 2023, A LAS 13:20 HORAS\" data-order=\"16 DE OCTUBRE DE 2023, A LAS 13:20 HORAS\" >16 DE OCTUBRE DE 2023, A LAS 13:20 HORAS <\/td><td data-cell-id=\"B21\" data-x=\"1\" data-y=\"21\" data-db-index=\"21\" class=\"fsize-18\" data-cell-type=\"text\" data-original-value=\"DATOS PROTEGIDOS\" data-order=\"DATOS PROTEGIDOS\" >DATOS PROTEGIDOS <\/td><td data-cell-id=\"C21\" data-x=\"2\" data-y=\"21\" data-db-index=\"21\" class=\"fsize-18\" data-cell-type=\"text\" data-original-value=\"ELISEO FERN\u00c1NDEZ MONTUFAR\" data-order=\"ELISEO FERN\u00c1NDEZ MONTUFAR\" >ELISEO FERN\u00c1NDEZ MONTUFAR <\/td><td data-cell-id=\"D21\" data-x=\"3\" data-y=\"21\" data-db-index=\"21\" class=\"fsize-18\" data-cell-type=\"text\" data-original-value=\"&lt;a href=&quot;https:\/\/teec.org.mx\/web\/wp-content\/uploads\/2023\/10\/TEEC-PES-1-2023-16-10-2023.pdf&quot; target=&quot;_blank&quot;&gt;TEEC\/PES\/1\/2023 (SE TURNA DOCUMENTACI\u00d3N)&lt;\/a&gt;\" data-order=\"&lt;a href=&quot;https:\/\/teec.org.mx\/web\/wp-content\/uploads\/2023\/10\/TEEC-PES-1-2023-16-10-2023.pdf&quot; target=&quot;_blank&quot;&gt;TEEC\/PES\/1\/2023 (SE TURNA DOCUMENTACI\u00d3N)&lt;\/a&gt;\" ><a href=\"https:\/\/teec.org.mx\/web\/wp-content\/uploads\/2023\/10\/TEEC-PES-1-2023-16-10-2023.pdf\" target=\"_blank\">TEEC\/PES\/1\/2023 (SE TURNA DOCUMENTACI\u00d3N)<\/a><\/td><\/tr><tr style=\"height:px\" ><td data-cell-id=\"A22\" data-x=\"0\" data-y=\"22\" data-db-index=\"22\" class=\"fsize-18\" data-cell-type=\"text\" data-original-value=\"13 DE OCTUBRE DE 2023, A LAS 14:20 HORAS\" data-order=\"13 DE OCTUBRE DE 2023, A LAS 14:20 HORAS\" >13 DE OCTUBRE DE 2023, A LAS 14:20 HORAS <\/td><td data-cell-id=\"B22\" data-x=\"1\" data-y=\"22\" data-db-index=\"22\" class=\"fsize-18\" data-cell-type=\"text\" data-original-value=\"DATOS PROTEGIDOS\" data-order=\"DATOS PROTEGIDOS\" >DATOS PROTEGIDOS <\/td><td data-cell-id=\"C22\" data-x=\"2\" data-y=\"22\" data-db-index=\"22\" class=\"fsize-18\" data-cell-type=\"text\" data-original-value=\"PERSONA MORAL DENOMINADA \u201cEDITORIAL DEL SURESTE\u201d S.A. DE C.V. A TRAV\u00c9S DE SU REPRESENTANTE LEGAL Y DEL DIRECTOR GENERAL DEL PERI\u00d3DICO TRIBUNA DE CAMPECHE, EL C. JORGE GONZ\u00c1LEZ VALDEZ Y\/O CONTRA QUIEN RESULTE RESPONSABLE\u201d (SIC)\" data-order=\"PERSONA MORAL DENOMINADA \u201cEDITORIAL DEL SURESTE\u201d S.A. DE C.V. A TRAV\u00c9S DE SU REPRESENTANTE LEGAL Y DEL DIRECTOR GENERAL DEL PERI\u00d3DICO TRIBUNA DE CAMPECHE, EL C. JORGE GONZ\u00c1LEZ VALDEZ Y\/O CONTRA QUIEN RESULTE RESPONSABLE\u201d (SIC)\" >PERSONA MORAL DENOMINADA \u201cEDITORIAL DEL SURESTE\u201d S.A. DE C.V. A TRAV\u00c9S DE SU REPRESENTANTE LEGAL Y DEL DIRECTOR GENERAL DEL PERI\u00d3DICO TRIBUNA DE CAMPECHE, EL C. JORGE GONZ\u00c1LEZ VALDEZ Y\/O CONTRA QUIEN RESULTE RESPONSABLE\u201d (SIC) <\/td><td data-cell-id=\"D22\" data-x=\"3\" data-y=\"22\" data-db-index=\"22\" class=\"fsize-18\" data-cell-type=\"text\" data-original-value=\"&lt;a href=&quot;https:\/\/teec.org.mx\/web\/wp-content\/uploads\/2023\/10\/TEEC-PES-7-2023-13-10-2023.pdf&quot; target=&quot;_blank&quot;&gt;TEEC\/PES\/7\/2023 (ACUERDO DE FIJACI\u00d3N DE FECHA Y HORA)&lt;\/a&gt;\" data-order=\"&lt;a href=&quot;https:\/\/teec.org.mx\/web\/wp-content\/uploads\/2023\/10\/TEEC-PES-7-2023-13-10-2023.pdf&quot; target=&quot;_blank&quot;&gt;TEEC\/PES\/7\/2023 (ACUERDO DE FIJACI\u00d3N DE FECHA Y HORA)&lt;\/a&gt;\" ><a href=\"https:\/\/teec.org.mx\/web\/wp-content\/uploads\/2023\/10\/TEEC-PES-7-2023-13-10-2023.pdf\" target=\"_blank\">TEEC\/PES\/7\/2023 (ACUERDO DE FIJACI\u00d3N DE FECHA Y HORA)<\/a><\/td><\/tr><tr style=\"height:px\" ><td data-cell-id=\"A23\" data-x=\"0\" data-y=\"23\" data-db-index=\"23\" class=\"fsize-18\" data-cell-type=\"text\" data-original-value=\"09 DE OCTUBRE DE 2023, A LAS 12:40 HORAS\" data-order=\"09 DE OCTUBRE DE 2023, A LAS 12:40 HORAS\" >09 DE OCTUBRE DE 2023, A LAS 12:40 HORAS <\/td><td data-cell-id=\"B23\" data-x=\"1\" data-y=\"23\" data-db-index=\"23\" class=\"fsize-18\" data-cell-type=\"text\" data-original-value=\"DATOS PROTEGIDOS\" data-order=\"DATOS PROTEGIDOS\" >DATOS PROTEGIDOS <\/td><td data-cell-id=\"C23\" data-x=\"2\" data-y=\"23\" data-db-index=\"23\" class=\"fsize-18\" data-cell-type=\"text\" data-original-value=\"PERSONA MORAL DENOMINADA \u201cEDITORIAL DEL SURESTE\u201d S.A. DE C.V. A TRAV\u00c9S DE SU REPRESENTANTE LEGAL Y DEL DIRECTOR GENERAL DEL PERI\u00d3DICO TRIBUNA DE CAMPECHE, EL C. JORGE GONZ\u00c1LEZ VALDEZ Y\/O CONTRA QUIEN RESULTE RESPONSABLE\u201d (SIC)\" data-order=\"PERSONA MORAL DENOMINADA \u201cEDITORIAL DEL SURESTE\u201d S.A. DE C.V. A TRAV\u00c9S DE SU REPRESENTANTE LEGAL Y DEL DIRECTOR GENERAL DEL PERI\u00d3DICO TRIBUNA DE CAMPECHE, EL C. JORGE GONZ\u00c1LEZ VALDEZ Y\/O CONTRA QUIEN RESULTE RESPONSABLE\u201d (SIC)\" >PERSONA MORAL DENOMINADA \u201cEDITORIAL DEL SURESTE\u201d S.A. DE C.V. A TRAV\u00c9S DE SU REPRESENTANTE LEGAL Y DEL DIRECTOR GENERAL DEL PERI\u00d3DICO TRIBUNA DE CAMPECHE, EL C. JORGE GONZ\u00c1LEZ VALDEZ Y\/O CONTRA QUIEN RESULTE RESPONSABLE\u201d (SIC) <\/td><td data-cell-id=\"D23\" data-x=\"3\" data-y=\"23\" data-db-index=\"23\" class=\"fsize-18\" data-cell-type=\"text\" data-original-value=\"&lt;a href=&quot;https:\/\/teec.org.mx\/web\/wp-content\/uploads\/2023\/10\/TEEC-PES-7-2023-09-10-2023.pdf&quot; target=&quot;_blank&quot;&gt;TEEC\/PES\/7\/2023 (ACUERDO DE RECEPCI\u00d3N, RADICACI\u00d3N, CUMPLIMIENTO Y ACUMULACI\u00d3N)&lt;\/a&gt;\" data-order=\"&lt;a href=&quot;https:\/\/teec.org.mx\/web\/wp-content\/uploads\/2023\/10\/TEEC-PES-7-2023-09-10-2023.pdf&quot; target=&quot;_blank&quot;&gt;TEEC\/PES\/7\/2023 (ACUERDO DE RECEPCI\u00d3N, RADICACI\u00d3N, CUMPLIMIENTO Y ACUMULACI\u00d3N)&lt;\/a&gt;\" ><a href=\"https:\/\/teec.org.mx\/web\/wp-content\/uploads\/2023\/10\/TEEC-PES-7-2023-09-10-2023.pdf\" target=\"_blank\">TEEC\/PES\/7\/2023 (ACUERDO DE RECEPCI\u00d3N, RADICACI\u00d3N, CUMPLIMIENTO Y ACUMULACI\u00d3N)<\/a><\/td><\/tr><tr style=\"height:px\" ><td data-cell-id=\"A24\" data-x=\"0\" data-y=\"24\" data-db-index=\"24\" class=\"fsize-18\" data-cell-type=\"text\" data-original-value=\"09 DE OCTUBRE DE 2023, A LAS 11:00 HORAS\" data-order=\"09 DE OCTUBRE DE 2023, A LAS 11:00 HORAS\" >09 DE OCTUBRE DE 2023, A LAS 11:00 HORAS <\/td><td data-cell-id=\"B24\" data-x=\"1\" data-y=\"24\" data-db-index=\"24\" class=\"fsize-18\" data-cell-type=\"text\" data-original-value=\"DATOS PROTEGIDOS\" data-order=\"DATOS PROTEGIDOS\" >DATOS PROTEGIDOS <\/td><td data-cell-id=\"C24\" data-x=\"2\" data-y=\"24\" data-db-index=\"24\" class=\"fsize-18\" data-cell-type=\"text\" data-original-value=\"ERICK ALEJANDRO REYES LE\u00d3N QUIEN SE OSTENTA COMO DIRIGENTE ESTATAL DEL MOVIMIENTO REGENERACI\u00d3N NACIONAL (MORENA) DE CAMPECHE, MINERVA CITLALLI HERN\u00c1NDEZ MORA EN SU CALIDAD DE SECRETARIA GENERAL DEL PARTIDO POL\u00cdTICO MOVIMIENTO REGENERACI\u00d3N NACIONAL (MORENA), PARTIDO POL\u00cdTICO MORENA, MEDIO DE COMUNICACI\u00d3N \u201cVECTOR\u201d Y\/O SERVIDORES P\u00daBLICOS QUE RESULTEN RESPONSABLES.\u201d (sic)\" data-order=\"ERICK ALEJANDRO REYES LE\u00d3N QUIEN SE OSTENTA COMO DIRIGENTE ESTATAL DEL MOVIMIENTO REGENERACI\u00d3N NACIONAL (MORENA) DE CAMPECHE, MINERVA CITLALLI HERN\u00c1NDEZ MORA EN SU CALIDAD DE SECRETARIA GENERAL DEL PARTIDO POL\u00cdTICO MOVIMIENTO REGENERACI\u00d3N NACIONAL (MORENA), PARTIDO POL\u00cdTICO MORENA, MEDIO DE COMUNICACI\u00d3N \u201cVECTOR\u201d Y\/O SERVIDORES P\u00daBLICOS QUE RESULTEN RESPONSABLES.\u201d (sic)\" >ERICK ALEJANDRO REYES LE\u00d3N QUIEN SE OSTENTA COMO DIRIGENTE ESTATAL DEL MOVIMIENTO REGENERACI\u00d3N NACIONAL (MORENA) DE CAMPECHE, MINERVA CITLALLI HERN\u00c1NDEZ MORA EN SU CALIDAD DE SECRETARIA GENERAL DEL PARTIDO POL\u00cdTICO MOVIMIENTO REGENERACI\u00d3N NACIONAL (MORENA), PARTIDO POL\u00cdTICO MORENA, MEDIO DE COMUNICACI\u00d3N \u201cVECTOR\u201d Y\/O SERVIDORES P\u00daBLICOS QUE RESULTEN RESPONSABLES.\u201d (sic) <\/td><td data-cell-id=\"D24\" data-x=\"3\" data-y=\"24\" data-db-index=\"24\" class=\"fsize-18\" data-cell-type=\"text\" data-original-value=\"&lt;a href=&quot;https:\/\/teec.org.mx\/web\/wp-content\/uploads\/2023\/10\/TEEC-PES-8-2023-09-10-2023.pdf&quot; target=&quot;_blank&quot;&gt;TEEC\/PES\/8\/2023 (ACUERDO DE TURNO)&lt;\/a&gt;\" data-order=\"&lt;a href=&quot;https:\/\/teec.org.mx\/web\/wp-content\/uploads\/2023\/10\/TEEC-PES-8-2023-09-10-2023.pdf&quot; target=&quot;_blank&quot;&gt;TEEC\/PES\/8\/2023 (ACUERDO DE TURNO)&lt;\/a&gt;\" ><a href=\"https:\/\/teec.org.mx\/web\/wp-content\/uploads\/2023\/10\/TEEC-PES-8-2023-09-10-2023.pdf\" target=\"_blank\">TEEC\/PES\/8\/2023 (ACUERDO DE TURNO)<\/a><\/td><\/tr><tr style=\"height:px\" ><td data-cell-id=\"A25\" data-x=\"0\" data-y=\"25\" data-db-index=\"25\" class=\"fsize-18\" data-cell-type=\"text\" data-original-value=\"06 DE OCTUBRE DE 2023, A LAS 9:55 HORAS\" data-order=\"06 DE OCTUBRE DE 2023, A LAS 9:55 HORAS\" >06 DE OCTUBRE DE 2023, A LAS 9:55 HORAS <\/td><td data-cell-id=\"B25\" data-x=\"1\" data-y=\"25\" data-db-index=\"25\" class=\"fsize-18\" data-cell-type=\"text\" data-original-value=\"DATOS PROTEGIDOS \" data-order=\"DATOS PROTEGIDOS \" >DATOS PROTEGIDOS <\/td><td data-cell-id=\"C25\" data-x=\"2\" data-y=\"25\" data-db-index=\"25\" class=\"fsize-18\" data-cell-type=\"text\" data-original-value=\"PERSONA MORAL DENOMINADA \u201cEDITORIAL DEL SURESTE\u201d S.A. DE C.V. A TRAV\u00c9S DE SU REPRESENTANTE LEGAL Y DEL DIRECTOR GENERAL DEL PERI\u00d3DICO TRIBUNA DE CAMPECHE, EL C. JORGE GONZ\u00c1LEZ VALDEZ Y\/O CONTRA QUIEN RESULTE RESPONSABLE\u201d (SIC)\" data-order=\"PERSONA MORAL DENOMINADA \u201cEDITORIAL DEL SURESTE\u201d S.A. DE C.V. A TRAV\u00c9S DE SU REPRESENTANTE LEGAL Y DEL DIRECTOR GENERAL DEL PERI\u00d3DICO TRIBUNA DE CAMPECHE, EL C. JORGE GONZ\u00c1LEZ VALDEZ Y\/O CONTRA QUIEN RESULTE RESPONSABLE\u201d (SIC)\" >PERSONA MORAL DENOMINADA \u201cEDITORIAL DEL SURESTE\u201d S.A. DE C.V. A TRAV\u00c9S DE SU REPRESENTANTE LEGAL Y DEL DIRECTOR GENERAL DEL PERI\u00d3DICO TRIBUNA DE CAMPECHE, EL C. JORGE GONZ\u00c1LEZ VALDEZ Y\/O CONTRA QUIEN RESULTE RESPONSABLE\u201d (SIC) <\/td><td data-cell-id=\"D25\" data-x=\"3\" data-y=\"25\" data-db-index=\"25\" class=\"fsize-18\" data-cell-type=\"text\" data-original-value=\"&lt;a href=&quot;https:\/\/teec.org.mx\/web\/wp-content\/uploads\/2023\/10\/TEEC-PES-7-2023-06-10-2023-1.pdf&quot; target=&quot;_blank&quot;&gt;TEEC\/PES\/7\/2023 (TURNO)&lt;\/a&gt;\" data-order=\"&lt;a href=&quot;https:\/\/teec.org.mx\/web\/wp-content\/uploads\/2023\/10\/TEEC-PES-7-2023-06-10-2023-1.pdf&quot; target=&quot;_blank&quot;&gt;TEEC\/PES\/7\/2023 (TURNO)&lt;\/a&gt;\" ><a href=\"https:\/\/teec.org.mx\/web\/wp-content\/uploads\/2023\/10\/TEEC-PES-7-2023-06-10-2023-1.pdf\" target=\"_blank\">TEEC\/PES\/7\/2023 (TURNO)<\/a><\/td><\/tr><tr style=\"height:px\" ><td data-cell-id=\"A26\" data-x=\"0\" data-y=\"26\" data-db-index=\"26\" class=\"fsize-18\" data-cell-type=\"text\" data-original-value=\"29 DE SEPTIEMBRE DE 2023, A LAS 13:50 HORAS\" data-order=\"29 DE SEPTIEMBRE DE 2023, A LAS 13:50 HORAS\" >29 DE SEPTIEMBRE DE 2023, A LAS 13:50 HORAS <\/td><td data-cell-id=\"B26\" data-x=\"1\" data-y=\"26\" data-db-index=\"26\" class=\"fsize-18\" data-cell-type=\"text\" data-original-value=\"DATO PROTEGIDO\" data-order=\"DATO PROTEGIDO\" >DATO PROTEGIDO <\/td><td data-cell-id=\"C26\" data-x=\"2\" data-y=\"26\" data-db-index=\"26\" class=\"fsize-18\" data-cell-type=\"text\" data-original-value=\"ERICK ALEJANDRO REYES LE\u00d3N, PRESIDENTE DEL COMIT\u00c9 EJECUTIVO ESTATAL DE MORENA EN CAMPECHE, MINERVA CITLALLI HERN\u00c1NDEZ MORA, SECRETARIA GENERAL DEL COMIT\u00c9 EJECUTIVO NACIONAL DE MORENA, PARTIDO MORENA, MEDIO DE COMUNICACI\u00d3N \u201cVECTOR\u201d Y\/O SERVIDORES P\u00daBLICOS QUE RESULTEN RESPONSABLES\" data-order=\"ERICK ALEJANDRO REYES LE\u00d3N, PRESIDENTE DEL COMIT\u00c9 EJECUTIVO ESTATAL DE MORENA EN CAMPECHE, MINERVA CITLALLI HERN\u00c1NDEZ MORA, SECRETARIA GENERAL DEL COMIT\u00c9 EJECUTIVO NACIONAL DE MORENA, PARTIDO MORENA, MEDIO DE COMUNICACI\u00d3N \u201cVECTOR\u201d Y\/O SERVIDORES P\u00daBLICOS QUE RESULTEN RESPONSABLES\" >ERICK ALEJANDRO REYES LE\u00d3N, PRESIDENTE DEL COMIT\u00c9 EJECUTIVO ESTATAL DE MORENA EN CAMPECHE, MINERVA CITLALLI HERN\u00c1NDEZ MORA, SECRETARIA GENERAL DEL COMIT\u00c9 EJECUTIVO NACIONAL DE MORENA, PARTIDO MORENA, MEDIO DE COMUNICACI\u00d3N \u201cVECTOR\u201d Y\/O SERVIDORES P\u00daBLICOS QUE RESULTEN RESPONSABLES <\/td><td data-cell-id=\"D26\" data-x=\"3\" data-y=\"26\" data-db-index=\"26\" class=\"fsize-18\" data-cell-type=\"text\" data-original-value=\"&lt;a href=&quot;https:\/\/teec.org.mx\/web\/wp-content\/uploads\/2023\/09\/TEEC-PES-8-2023-29-09-2023.pdf&quot; target=&quot;_blank&quot;&gt;TEEC\/PES\/8\/2023 (ACUERDO DE RECEPCI\u00d3N, RADICACION Y DILIGENCIA PARA MEJOR PROVEER)&lt;\/a&gt;\" data-order=\"&lt;a href=&quot;https:\/\/teec.org.mx\/web\/wp-content\/uploads\/2023\/09\/TEEC-PES-8-2023-29-09-2023.pdf&quot; target=&quot;_blank&quot;&gt;TEEC\/PES\/8\/2023 (ACUERDO DE RECEPCI\u00d3N, RADICACION Y DILIGENCIA PARA MEJOR PROVEER)&lt;\/a&gt;\" ><a href=\"https:\/\/teec.org.mx\/web\/wp-content\/uploads\/2023\/09\/TEEC-PES-8-2023-29-09-2023.pdf\" target=\"_blank\">TEEC\/PES\/8\/2023 (ACUERDO DE RECEPCI\u00d3N, RADICACION Y DILIGENCIA PARA MEJOR PROVEER)<\/a><\/td><\/tr><tr style=\"height:px\" ><td data-cell-id=\"A27\" data-x=\"0\" data-y=\"27\" data-db-index=\"27\" class=\"fsize-18\" data-cell-type=\"text\" data-original-value=\"22 DE SETIEMBRE DE 2023, A LAS 10:32 HORAS\" data-order=\"22 DE SETIEMBRE DE 2023, A LAS 10:32 HORAS\" >22 DE SETIEMBRE DE 2023, A LAS 10:32 HORAS <\/td><td data-cell-id=\"B27\" data-x=\"1\" data-y=\"27\" data-db-index=\"27\" class=\"fsize-18\" data-cell-type=\"text\" data-original-value=\"YESMI YARET DEL PILAR CASTILLO COUOH APODERADA LEGAL DE BIBY KAREN RABELO DE LA TORRE\" data-order=\"YESMI YARET DEL PILAR CASTILLO COUOH APODERADA LEGAL DE BIBY KAREN RABELO DE LA TORRE\" >YESMI YARET DEL PILAR CASTILLO COUOH APODERADA LEGAL DE BIBY KAREN RABELO DE LA TORRE <\/td><td data-cell-id=\"C27\" data-x=\"2\" data-y=\"27\" data-db-index=\"27\" class=\"fsize-18\" data-cell-type=\"text\" data-original-value=\"ERICK ALEJANDRO REYES LE\u00d3N QUIEN SE OSTENTA COMO DIRIGENTE ESTATAL DEL MOVIMIENTO REGENERACI\u00d3N NACIONAL (MORENA) DE CAMPECHE, MINERVA CITLALLI HERN\u00c1NDEZ MORA EN SU CALIDAD DE SECRETARIA GENERAL DEL PARTIDO POL\u00cdTICO MOVIMIENTO REGENERACI\u00d3N NACIONAL (MORENA), PARTIDO POL\u00cdTICO MORENA, MEDIO DE COMUNICACI\u00d3N \u201cVECTOR\u201d Y\/O SERVIDORES P\u00daBLICOS QUE RESULTEN RESPONSABLES.\u201d (sic)\" data-order=\"ERICK ALEJANDRO REYES LE\u00d3N QUIEN SE OSTENTA COMO DIRIGENTE ESTATAL DEL MOVIMIENTO REGENERACI\u00d3N NACIONAL (MORENA) DE CAMPECHE, MINERVA CITLALLI HERN\u00c1NDEZ MORA EN SU CALIDAD DE SECRETARIA GENERAL DEL PARTIDO POL\u00cdTICO MOVIMIENTO REGENERACI\u00d3N NACIONAL (MORENA), PARTIDO POL\u00cdTICO MORENA, MEDIO DE COMUNICACI\u00d3N \u201cVECTOR\u201d Y\/O SERVIDORES P\u00daBLICOS QUE RESULTEN RESPONSABLES.\u201d (sic)\" >ERICK ALEJANDRO REYES LE\u00d3N QUIEN SE OSTENTA COMO DIRIGENTE ESTATAL DEL MOVIMIENTO REGENERACI\u00d3N NACIONAL (MORENA) DE CAMPECHE, MINERVA CITLALLI HERN\u00c1NDEZ MORA EN SU CALIDAD DE SECRETARIA GENERAL DEL PARTIDO POL\u00cdTICO MOVIMIENTO REGENERACI\u00d3N NACIONAL (MORENA), PARTIDO POL\u00cdTICO MORENA, MEDIO DE COMUNICACI\u00d3N \u201cVECTOR\u201d Y\/O SERVIDORES P\u00daBLICOS QUE RESULTEN RESPONSABLES.\u201d (sic) <\/td><td data-cell-id=\"D27\" data-x=\"3\" data-y=\"27\" data-db-index=\"27\" class=\"fsize-18\" data-cell-type=\"text\" data-original-value=\"&lt;a href=&quot;https:\/\/teec.org.mx\/web\/wp-content\/uploads\/2023\/09\/TEEC-PES-8-2023-22-09-2023.pdf&quot; target=&quot;_blank&quot;&gt;TEEC\/PES\/8\/2023 (ACUERDO DE TURNO)&lt;\/a&gt;\" data-order=\"&lt;a href=&quot;https:\/\/teec.org.mx\/web\/wp-content\/uploads\/2023\/09\/TEEC-PES-8-2023-22-09-2023.pdf&quot; target=&quot;_blank&quot;&gt;TEEC\/PES\/8\/2023 (ACUERDO DE TURNO)&lt;\/a&gt;\" ><a href=\"https:\/\/teec.org.mx\/web\/wp-content\/uploads\/2023\/09\/TEEC-PES-8-2023-22-09-2023.pdf\" target=\"_blank\">TEEC\/PES\/8\/2023 (ACUERDO DE TURNO)<\/a><\/td><\/tr><tr style=\"height:px\" ><td data-cell-id=\"A28\" data-x=\"0\" data-y=\"28\" data-db-index=\"28\" class=\"fsize-18\" data-cell-type=\"text\" data-original-value=\"21 DE SEPTIEMBRE DE 2023, A LAS 14:50 HORAS\" data-order=\"21 DE SEPTIEMBRE DE 2023, A LAS 14:50 HORAS\" >21 DE SEPTIEMBRE DE 2023, A LAS 14:50 HORAS <\/td><td data-cell-id=\"B28\" data-x=\"1\" data-y=\"28\" data-db-index=\"28\" class=\"fsize-18\" data-cell-type=\"text\" data-original-value=\"Dato protegido\" data-order=\"Dato protegido\" >Dato protegido <\/td><td data-cell-id=\"C28\" data-x=\"2\" data-y=\"28\" data-db-index=\"28\" class=\"fsize-18\" data-cell-type=\"text\" data-original-value=\"CARLOS MARIN MART\u00cdNEZ\" data-order=\"CARLOS MARIN MART\u00cdNEZ\" >CARLOS MARIN MART\u00cdNEZ <\/td><td data-cell-id=\"D28\" data-x=\"3\" data-y=\"28\" data-db-index=\"28\" class=\"fsize-18\" data-cell-type=\"text\" data-original-value=\"&lt;a href=&quot;https:\/\/teec.org.mx\/web\/wp-content\/uploads\/2023\/09\/TEEC-PES-5-2023-21-09-2023.pdf&quot; target=&quot;_blank&quot;&gt;TEEC\/PES\/5\/2023 (ACUERDO DE ACUMULACI\u00d3N)&lt;\/a&gt;\" data-order=\"&lt;a href=&quot;https:\/\/teec.org.mx\/web\/wp-content\/uploads\/2023\/09\/TEEC-PES-5-2023-21-09-2023.pdf&quot; target=&quot;_blank&quot;&gt;TEEC\/PES\/5\/2023 (ACUERDO DE ACUMULACI\u00d3N)&lt;\/a&gt;\" ><a href=\"https:\/\/teec.org.mx\/web\/wp-content\/uploads\/2023\/09\/TEEC-PES-5-2023-21-09-2023.pdf\" target=\"_blank\">TEEC\/PES\/5\/2023 (ACUERDO DE ACUMULACI\u00d3N)<\/a><\/td><\/tr><tr style=\"height:px\" ><td data-cell-id=\"A29\" data-x=\"0\" data-y=\"29\" data-db-index=\"29\" class=\"fsize-18\" data-cell-type=\"text\" data-original-value=\"11 DE SEPTIEMBRE DE 2023, A LAS 12:46 HORAS\" data-order=\"11 DE SEPTIEMBRE DE 2023, A LAS 12:46 HORAS\" >11 DE SEPTIEMBRE DE 2023, A LAS 12:46 HORAS <\/td><td data-cell-id=\"B29\" data-x=\"1\" data-y=\"29\" data-db-index=\"29\" class=\"fsize-18\" data-cell-type=\"text\" data-original-value=\"Dato protegido \" data-order=\"Dato protegido \" >Dato protegido <\/td><td data-cell-id=\"C29\" data-x=\"2\" data-y=\"29\" data-db-index=\"29\" class=\"fsize-18\" data-cell-type=\"text\" data-original-value=\"CARLOS MARIN MART\u00cdNEZ\" data-order=\"CARLOS MARIN MART\u00cdNEZ\" >CARLOS MARIN MART\u00cdNEZ <\/td><td data-cell-id=\"D29\" data-x=\"3\" data-y=\"29\" data-db-index=\"29\" class=\"fsize-18\" data-cell-type=\"text\" data-original-value=\"&lt;a href=&quot;https:\/\/teec.org.mx\/web\/wp-content\/uploads\/2023\/09\/TEEC-PES-5-2023-11-09-2023.pdf&quot; target=&quot;_blank&quot;&gt;TEEC\/PES\/5\/2023 (ACUERDO DE ACUMULACI\u00d3N)&lt;\/a&gt;\" data-order=\"&lt;a href=&quot;https:\/\/teec.org.mx\/web\/wp-content\/uploads\/2023\/09\/TEEC-PES-5-2023-11-09-2023.pdf&quot; target=&quot;_blank&quot;&gt;TEEC\/PES\/5\/2023 (ACUERDO DE ACUMULACI\u00d3N)&lt;\/a&gt;\" ><a href=\"https:\/\/teec.org.mx\/web\/wp-content\/uploads\/2023\/09\/TEEC-PES-5-2023-11-09-2023.pdf\" target=\"_blank\">TEEC\/PES\/5\/2023 (ACUERDO DE ACUMULACI\u00d3N)<\/a><\/td><\/tr><tr style=\"height:px\" ><td data-cell-id=\"A30\" data-x=\"0\" data-y=\"30\" data-db-index=\"30\" class=\"fsize-18\" data-cell-type=\"text\" data-original-value=\"29 DE AGOSTO DE 2023, A LAS 11:00 HORAS\" data-order=\"29 DE AGOSTO DE 2023, A LAS 11:00 HORAS\" >29 DE AGOSTO DE 2023, A LAS 11:00 HORAS <\/td><td data-cell-id=\"B30\" data-x=\"1\" data-y=\"30\" data-db-index=\"30\" class=\"fsize-18\" data-cell-type=\"text\" data-original-value=\"DATOS PROTEGIDOS\" data-order=\"DATOS PROTEGIDOS\" >DATOS PROTEGIDOS <\/td><td data-cell-id=\"C30\" data-x=\"2\" data-y=\"30\" data-db-index=\"30\" class=\"fsize-18\" data-cell-type=\"text\" data-original-value=\"PERSONA MORAL DENOMINADA \u201cEDITORIAL DEL SURESTE\u201d S.A. DE C.V. A TRAV\u00c9S DE SU REPRESENTANTE LEGAL Y DEL DIRECTOR GENERAL DEL PERI\u00d3DICO TRIBUNA DE CAMPECHE, EL C. JORGE GONZ\u00c1LEZ VALDEZ Y\/O CONTRA QUIEN RESULTE RESPONSABLE\u201d \" data-order=\"PERSONA MORAL DENOMINADA \u201cEDITORIAL DEL SURESTE\u201d S.A. DE C.V. A TRAV\u00c9S DE SU REPRESENTANTE LEGAL Y DEL DIRECTOR GENERAL DEL PERI\u00d3DICO TRIBUNA DE CAMPECHE, EL C. JORGE GONZ\u00c1LEZ VALDEZ Y\/O CONTRA QUIEN RESULTE RESPONSABLE\u201d \" >PERSONA MORAL DENOMINADA \u201cEDITORIAL DEL SURESTE\u201d S.A. DE C.V. A TRAV\u00c9S DE SU REPRESENTANTE LEGAL Y DEL DIRECTOR GENERAL DEL PERI\u00d3DICO TRIBUNA DE CAMPECHE, EL C. JORGE GONZ\u00c1LEZ VALDEZ Y\/O CONTRA QUIEN RESULTE RESPONSABLE\u201d <\/td><td data-cell-id=\"D30\" data-x=\"3\" data-y=\"30\" data-db-index=\"30\" class=\"fsize-18\" data-cell-type=\"text\" data-original-value=\"&lt;a href=&quot;https:\/\/teec.org.mx\/web\/wp-content\/uploads\/2023\/08\/TEEC-PES-7-2023-29-08-2023.pdf&quot; target=&quot;_blank&quot;&gt;TEEC\/PES\/7\/2023 (DILIGENCIA PARA MEJOR PROVEER)&lt;\/a&gt;\" data-order=\"&lt;a href=&quot;https:\/\/teec.org.mx\/web\/wp-content\/uploads\/2023\/08\/TEEC-PES-7-2023-29-08-2023.pdf&quot; target=&quot;_blank&quot;&gt;TEEC\/PES\/7\/2023 (DILIGENCIA PARA MEJOR PROVEER)&lt;\/a&gt;\" ><a href=\"https:\/\/teec.org.mx\/web\/wp-content\/uploads\/2023\/08\/TEEC-PES-7-2023-29-08-2023.pdf\" target=\"_blank\">TEEC\/PES\/7\/2023 (DILIGENCIA PARA MEJOR PROVEER)<\/a><\/td><\/tr><tr style=\"height:px\" ><td data-cell-id=\"A31\" data-x=\"0\" data-y=\"31\" data-db-index=\"31\" class=\"fsize-18\" data-cell-type=\"text\" data-original-value=\"28 DE AGOSTO DE 2023, A LAS 14:05 HORAS\" data-order=\"28 DE AGOSTO DE 2023, A LAS 14:05 HORAS\" >28 DE AGOSTO DE 2023, A LAS 14:05 HORAS <\/td><td data-cell-id=\"B31\" data-x=\"1\" data-y=\"31\" data-db-index=\"31\" class=\"fsize-18\" data-cell-type=\"text\" data-original-value=\"Dato protegido\" data-order=\"Dato protegido\" >Dato protegido <\/td><td data-cell-id=\"C31\" data-x=\"2\" data-y=\"31\" data-db-index=\"31\" class=\"fsize-18\" data-cell-type=\"text\" data-original-value=\"CARLOS MARIN MART\u00cdNEZ\" data-order=\"CARLOS MARIN MART\u00cdNEZ\" >CARLOS MARIN MART\u00cdNEZ <\/td><td data-cell-id=\"D31\" data-x=\"3\" data-y=\"31\" data-db-index=\"31\" class=\"fsize-18\" data-cell-type=\"text\" data-original-value=\"&lt;a href=&quot;https:\/\/teec.org.mx\/web\/wp-content\/uploads\/2023\/08\/TEEC-PES-5-2023-28-08-2023.pdf&quot; target=&quot;_blank&quot;&gt;TEEC\/PES\/5\/2023 (QUEDA FIRME LA SENTENCIA)&lt;\/a&gt;\" data-order=\"&lt;a href=&quot;https:\/\/teec.org.mx\/web\/wp-content\/uploads\/2023\/08\/TEEC-PES-5-2023-28-08-2023.pdf&quot; target=&quot;_blank&quot;&gt;TEEC\/PES\/5\/2023 (QUEDA FIRME LA SENTENCIA)&lt;\/a&gt;\" ><a href=\"https:\/\/teec.org.mx\/web\/wp-content\/uploads\/2023\/08\/TEEC-PES-5-2023-28-08-2023.pdf\" target=\"_blank\">TEEC\/PES\/5\/2023 (QUEDA FIRME LA SENTENCIA)<\/a><\/td><\/tr><tr style=\"height:px\" ><td data-cell-id=\"A32\" data-x=\"0\" data-y=\"32\" data-db-index=\"32\" class=\"fsize-18\" data-cell-type=\"text\" data-original-value=\"28 DE AGOSTO DE 2023, A LAS 10:42 HORAS\" data-order=\"28 DE AGOSTO DE 2023, A LAS 10:42 HORAS\" >28 DE AGOSTO DE 2023, A LAS 10:42 HORAS <\/td><td data-cell-id=\"B32\" data-x=\"1\" data-y=\"32\" data-db-index=\"32\" class=\"fsize-18\" data-cell-type=\"text\" data-original-value=\"DATOS PROTEGIDOS \" data-order=\"DATOS PROTEGIDOS \" >DATOS PROTEGIDOS <\/td><td data-cell-id=\"C32\" data-x=\"2\" data-y=\"32\" data-db-index=\"32\" class=\"fsize-18\" data-cell-type=\"text\" data-original-value=\"PERSONA MORAL DENOMINADA \u201cEDITORIAL DEL SURESTE\u201d S.A. DE C.V. A TRAV\u00c9S DE SU REPRESENTANTE LEGAL Y DEL DIRECTOR GENERAL DEL PERI\u00d3DICO TRIBUNA DE CAMPECHE, EL C. JORGE GONZ\u00c1LEZ VALDEZ Y\/O CONTRA QUIEN RESULTE RESPONSABLE\u201d \" data-order=\"PERSONA MORAL DENOMINADA \u201cEDITORIAL DEL SURESTE\u201d S.A. DE C.V. A TRAV\u00c9S DE SU REPRESENTANTE LEGAL Y DEL DIRECTOR GENERAL DEL PERI\u00d3DICO TRIBUNA DE CAMPECHE, EL C. JORGE GONZ\u00c1LEZ VALDEZ Y\/O CONTRA QUIEN RESULTE RESPONSABLE\u201d \" >PERSONA MORAL DENOMINADA \u201cEDITORIAL DEL SURESTE\u201d S.A. DE C.V. A TRAV\u00c9S DE SU REPRESENTANTE LEGAL Y DEL DIRECTOR GENERAL DEL PERI\u00d3DICO TRIBUNA DE CAMPECHE, EL C. JORGE GONZ\u00c1LEZ VALDEZ Y\/O CONTRA QUIEN RESULTE RESPONSABLE\u201d <\/td><td data-cell-id=\"D32\" data-x=\"3\" data-y=\"32\" data-db-index=\"32\" class=\"fsize-18\" data-cell-type=\"text\" data-original-value=\"&lt;a href=&quot;https:\/\/teec.org.mx\/web\/wp-content\/uploads\/2023\/08\/TEEC-PES-7-2023-28-08-2023.pdf&quot; target=&quot;_blank&quot;&gt;TEEC\/PES\/7\/2023 (RECEPCI\u00d3N Y RADICACI\u00d3N)&lt;\/a&gt;\" data-order=\"&lt;a href=&quot;https:\/\/teec.org.mx\/web\/wp-content\/uploads\/2023\/08\/TEEC-PES-7-2023-28-08-2023.pdf&quot; target=&quot;_blank&quot;&gt;TEEC\/PES\/7\/2023 (RECEPCI\u00d3N Y RADICACI\u00d3N)&lt;\/a&gt;\" ><a href=\"https:\/\/teec.org.mx\/web\/wp-content\/uploads\/2023\/08\/TEEC-PES-7-2023-28-08-2023.pdf\" target=\"_blank\">TEEC\/PES\/7\/2023 (RECEPCI\u00d3N Y RADICACI\u00d3N)<\/a><\/td><\/tr><tr style=\"height:px\" ><td data-cell-id=\"A33\" data-x=\"0\" data-y=\"33\" data-db-index=\"33\" class=\"fsize-18\" data-cell-type=\"text\" data-original-value=\"25 DE AGOSTO DE 2023, A LAS 12:21 HORAS\" data-order=\"25 DE AGOSTO DE 2023, A LAS 12:21 HORAS\" >25 DE AGOSTO DE 2023, A LAS 12:21 HORAS <\/td><td data-cell-id=\"B33\" data-x=\"1\" data-y=\"33\" data-db-index=\"33\" class=\"fsize-18\" data-cell-type=\"text\" data-original-value=\"LAYDA ELENA SANSORES SAN ROM\u00c1N, GOBERNADORA CONSTITUCIONAL DEL ESTADO DE CAMPECHE\" data-order=\"LAYDA ELENA SANSORES SAN ROM\u00c1N, GOBERNADORA CONSTITUCIONAL DEL ESTADO DE CAMPECHE\" >LAYDA ELENA SANSORES SAN ROM\u00c1N, GOBERNADORA CONSTITUCIONAL DEL ESTADO DE CAMPECHE <\/td><td data-cell-id=\"C33\" data-x=\"2\" data-y=\"33\" data-db-index=\"33\" class=\"fsize-18\" data-cell-type=\"text\" data-original-value=\"PERSONA MORAL DENOMINADA \u201cEDITORIAL DEL SURESTE\u201d S.A. DE C.V. A TRAV\u00c9S DE SU REPRESENTANTE LEGAL Y DEL DIRECTOR GENERAL DEL PERI\u00d3DICO TRIBUNA DE CAMPECHE, EL C. JORGE GONZ\u00c1LEZ VALDEZ Y\/O CONTRA QUIEN RESULTE RESPONSABLE\u201d (SIC)\" data-order=\"PERSONA MORAL DENOMINADA \u201cEDITORIAL DEL SURESTE\u201d S.A. DE C.V. A TRAV\u00c9S DE SU REPRESENTANTE LEGAL Y DEL DIRECTOR GENERAL DEL PERI\u00d3DICO TRIBUNA DE CAMPECHE, EL C. JORGE GONZ\u00c1LEZ VALDEZ Y\/O CONTRA QUIEN RESULTE RESPONSABLE\u201d (SIC)\" >PERSONA MORAL DENOMINADA \u201cEDITORIAL DEL SURESTE\u201d S.A. DE C.V. A TRAV\u00c9S DE SU REPRESENTANTE LEGAL Y DEL DIRECTOR GENERAL DEL PERI\u00d3DICO TRIBUNA DE CAMPECHE, EL C. JORGE GONZ\u00c1LEZ VALDEZ Y\/O CONTRA QUIEN RESULTE RESPONSABLE\u201d (SIC) <\/td><td data-cell-id=\"D33\" data-x=\"3\" data-y=\"33\" data-db-index=\"33\" class=\"fsize-18\" data-cell-type=\"text\" data-original-value=\"&lt;a href=&quot;https:\/\/teec.org.mx\/web\/wp-content\/uploads\/2023\/08\/TEEC-PES-7-2023-25-08-2023.pdf&quot; target=&quot;_blank&quot;&gt;TEEC\/PES\/7\/2023 (SE TURNA DOCUMENTACI\u00d3N)&lt;\/a&gt;\" data-order=\"&lt;a href=&quot;https:\/\/teec.org.mx\/web\/wp-content\/uploads\/2023\/08\/TEEC-PES-7-2023-25-08-2023.pdf&quot; target=&quot;_blank&quot;&gt;TEEC\/PES\/7\/2023 (SE TURNA DOCUMENTACI\u00d3N)&lt;\/a&gt;\" ><a href=\"https:\/\/teec.org.mx\/web\/wp-content\/uploads\/2023\/08\/TEEC-PES-7-2023-25-08-2023.pdf\" target=\"_blank\">TEEC\/PES\/7\/2023 (SE TURNA DOCUMENTACI\u00d3N)<\/a><\/td><\/tr><tr style=\"height:px\" ><td data-cell-id=\"A34\" data-x=\"0\" data-y=\"34\" data-db-index=\"34\" class=\"fsize-18\" data-cell-type=\"text\" data-original-value=\"23 DE AGOSTO DE 2023, A LAS 13:58 HORAS\" data-order=\"23 DE AGOSTO DE 2023, A LAS 13:58 HORAS\" >23 DE AGOSTO DE 2023, A LAS 13:58 HORAS <\/td><td data-cell-id=\"B34\" data-x=\"1\" data-y=\"34\" data-db-index=\"34\" class=\"fsize-18\" data-cell-type=\"text\" data-original-value=\"DATOS PROTEGIDOS\" data-order=\"DATOS PROTEGIDOS\" >DATOS PROTEGIDOS <\/td><td data-cell-id=\"C34\" data-x=\"2\" data-y=\"34\" data-db-index=\"34\" class=\"fsize-18\" data-cell-type=\"text\" data-original-value=\"ELISEO FERN\u00c1NDEZ MONTUFAR\" data-order=\"ELISEO FERN\u00c1NDEZ MONTUFAR\" >ELISEO FERN\u00c1NDEZ MONTUFAR <\/td><td data-cell-id=\"D34\" data-x=\"3\" data-y=\"34\" data-db-index=\"34\" class=\"fsize-18\" data-cell-type=\"text\" data-original-value=\"&lt;a href=&quot;https:\/\/teec.org.mx\/web\/wp-content\/uploads\/2023\/08\/TEEC-PES-1-2023-23-08-2023.pdf&quot; target=&quot;_blank&quot;&gt;TEEC\/PES\/1\/2023 (SE TURNA DOCUMENTACI\u00d3N)&lt;\/a&gt;\" data-order=\"&lt;a href=&quot;https:\/\/teec.org.mx\/web\/wp-content\/uploads\/2023\/08\/TEEC-PES-1-2023-23-08-2023.pdf&quot; target=&quot;_blank&quot;&gt;TEEC\/PES\/1\/2023 (SE TURNA DOCUMENTACI\u00d3N)&lt;\/a&gt;\" ><a href=\"https:\/\/teec.org.mx\/web\/wp-content\/uploads\/2023\/08\/TEEC-PES-1-2023-23-08-2023.pdf\" target=\"_blank\">TEEC\/PES\/1\/2023 (SE TURNA DOCUMENTACI\u00d3N)<\/a><\/td><\/tr><tr style=\"height:px\" ><td data-cell-id=\"A35\" data-x=\"0\" data-y=\"35\" data-db-index=\"35\" class=\"fsize-18\" data-cell-type=\"text\" data-original-value=\"23 DE AGOSTO DE 2023, A LAS 9:10 HORAS\" data-order=\"23 DE AGOSTO DE 2023, A LAS 9:10 HORAS\" >23 DE AGOSTO DE 2023, A LAS 9:10 HORAS <\/td><td data-cell-id=\"B35\" data-x=\"1\" data-y=\"35\" data-db-index=\"35\" class=\"fsize-18\" data-cell-type=\"text\" data-original-value=\"LAYDA ELENA SANSORES SAN ROM\u00c1N, GOBERNADORA CONSTITUCIONAL DEL ESTADO DE CAMPECHE\" data-order=\"LAYDA ELENA SANSORES SAN ROM\u00c1N, GOBERNADORA CONSTITUCIONAL DEL ESTADO DE CAMPECHE\" >LAYDA ELENA SANSORES SAN ROM\u00c1N, GOBERNADORA CONSTITUCIONAL DEL ESTADO DE CAMPECHE <\/td><td data-cell-id=\"C35\" data-x=\"2\" data-y=\"35\" data-db-index=\"35\" class=\"fsize-18\" data-cell-type=\"text\" data-original-value=\"PERSONA MORAL DENOMINADA \u201cEDITORIAL DEL SURESTE\u201d S.A. DE C.V. A TRAV\u00c9S DE SU REPRESENTANTE LEGAL Y DEL DIRECTOR GENERAL DEL PERI\u00d3DICO TRIBUNA DE CAMPECHE, EL C. JORGE GONZ\u00c1LEZ VALDEZ Y\/O CONTRA QUIEN RESULTE RESPONSABLE\u201d (SIC)\" data-order=\"PERSONA MORAL DENOMINADA \u201cEDITORIAL DEL SURESTE\u201d S.A. DE C.V. A TRAV\u00c9S DE SU REPRESENTANTE LEGAL Y DEL DIRECTOR GENERAL DEL PERI\u00d3DICO TRIBUNA DE CAMPECHE, EL C. JORGE GONZ\u00c1LEZ VALDEZ Y\/O CONTRA QUIEN RESULTE RESPONSABLE\u201d (SIC)\" >PERSONA MORAL DENOMINADA \u201cEDITORIAL DEL SURESTE\u201d S.A. DE C.V. A TRAV\u00c9S DE SU REPRESENTANTE LEGAL Y DEL DIRECTOR GENERAL DEL PERI\u00d3DICO TRIBUNA DE CAMPECHE, EL C. JORGE GONZ\u00c1LEZ VALDEZ Y\/O CONTRA QUIEN RESULTE RESPONSABLE\u201d (SIC) <\/td><td data-cell-id=\"D35\" data-x=\"3\" data-y=\"35\" data-db-index=\"35\" class=\"fsize-18\" data-cell-type=\"text\" data-original-value=\"&lt;a href=&quot;https:\/\/teec.org.mx\/web\/wp-content\/uploads\/2023\/08\/TEEC-PES-7-2023-23-08-2023.pdf&quot; target=&quot;_blank&quot;&gt;TEEC\/PES\/7\/2023 (ACUERDO DE TURNO)&lt;\/a&gt;\" data-order=\"&lt;a href=&quot;https:\/\/teec.org.mx\/web\/wp-content\/uploads\/2023\/08\/TEEC-PES-7-2023-23-08-2023.pdf&quot; target=&quot;_blank&quot;&gt;TEEC\/PES\/7\/2023 (ACUERDO DE TURNO)&lt;\/a&gt;\" ><a href=\"https:\/\/teec.org.mx\/web\/wp-content\/uploads\/2023\/08\/TEEC-PES-7-2023-23-08-2023.pdf\" target=\"_blank\">TEEC\/PES\/7\/2023 (ACUERDO DE TURNO)<\/a><\/td><\/tr><tr style=\"height:px\" ><td data-cell-id=\"A36\" data-x=\"0\" data-y=\"36\" data-db-index=\"36\" class=\"fsize-18\" data-cell-type=\"text\" data-original-value=\"26 DE JULIO DE 2023, A LAS 13:50 HORAS\" data-order=\"26 DE JULIO DE 2023, A LAS 13:50 HORAS\" >26 DE JULIO DE 2023, A LAS 13:50 HORAS <\/td><td data-cell-id=\"B36\" data-x=\"1\" data-y=\"36\" data-db-index=\"36\" class=\"fsize-18\" data-cell-type=\"text\" data-original-value=\"DATO PROTEGIDO\" data-order=\"DATO PROTEGIDO\" >DATO PROTEGIDO <\/td><td data-cell-id=\"C36\" data-x=\"2\" data-y=\"36\" data-db-index=\"36\" class=\"fsize-18\" data-cell-type=\"text\" data-original-value=\"PEDRO FERRIZ HIJAR Y\/O QUI\u00c9N RESULTE RESPONSABLE\" data-order=\"PEDRO FERRIZ HIJAR Y\/O QUI\u00c9N RESULTE RESPONSABLE\" >PEDRO FERRIZ HIJAR Y\/O QUI\u00c9N RESULTE RESPONSABLE <\/td><td data-cell-id=\"D36\" data-x=\"3\" data-y=\"36\" data-db-index=\"36\" class=\"fsize-18\" data-cell-type=\"text\" data-original-value=\"&lt;a href=&quot;https:\/\/teec.org.mx\/web\/wp-content\/uploads\/2023\/07\/TEEC-PES-6-2023-26-07-2023.pdf&quot; target=&quot;_blank&quot;&gt;TEEC\/PES\/6\/2023 (ACUERDO DE ACUMULACI\u00d3N DE DOCUMENTACI\u00d3N)&lt;\/a&gt;\" data-order=\"&lt;a href=&quot;https:\/\/teec.org.mx\/web\/wp-content\/uploads\/2023\/07\/TEEC-PES-6-2023-26-07-2023.pdf&quot; target=&quot;_blank&quot;&gt;TEEC\/PES\/6\/2023 (ACUERDO DE ACUMULACI\u00d3N DE DOCUMENTACI\u00d3N)&lt;\/a&gt;\" ><a href=\"https:\/\/teec.org.mx\/web\/wp-content\/uploads\/2023\/07\/TEEC-PES-6-2023-26-07-2023.pdf\" target=\"_blank\">TEEC\/PES\/6\/2023 (ACUERDO DE ACUMULACI\u00d3N DE DOCUMENTACI\u00d3N)<\/a><\/td><\/tr><tr style=\"height:px\" ><td data-cell-id=\"A37\" data-x=\"0\" data-y=\"37\" data-db-index=\"37\" class=\"fsize-18\" data-cell-type=\"text\" data-original-value=\"25 DE JULIO DE 2023, A LAS 13:35 HORAS\" data-order=\"25 DE JULIO DE 2023, A LAS 13:35 HORAS\" >25 DE JULIO DE 2023, A LAS 13:35 HORAS <\/td><td data-cell-id=\"B37\" data-x=\"1\" data-y=\"37\" data-db-index=\"37\" class=\"fsize-18\" data-cell-type=\"text\" data-original-value=\"DATO PROTEGIDO\" data-order=\"DATO PROTEGIDO\" >DATO PROTEGIDO <\/td><td data-cell-id=\"C37\" data-x=\"2\" data-y=\"37\" data-db-index=\"37\" class=\"fsize-18\" data-cell-type=\"text\" data-original-value=\"PEDRO FERRIZ HIJAR Y\/O QUI\u00c9N RESULTE RESPONSABLE\" data-order=\"PEDRO FERRIZ HIJAR Y\/O QUI\u00c9N RESULTE RESPONSABLE\" >PEDRO FERRIZ HIJAR Y\/O QUI\u00c9N RESULTE RESPONSABLE <\/td><td data-cell-id=\"D37\" data-x=\"3\" data-y=\"37\" data-db-index=\"37\" class=\"fsize-18\" data-cell-type=\"text\" data-original-value=\"&lt;a href=&quot;https:\/\/teec.org.mx\/web\/wp-content\/uploads\/2023\/07\/TEEC-PES-6-2023-25-07-2023.pdf&quot; target=&quot;_blank&quot;&gt;TEEC\/PES\/6\/2023 (ACUERDO SE TURNA DOCUMENTACI\u00d3N)&lt;\/a&gt;\" data-order=\"&lt;a href=&quot;https:\/\/teec.org.mx\/web\/wp-content\/uploads\/2023\/07\/TEEC-PES-6-2023-25-07-2023.pdf&quot; target=&quot;_blank&quot;&gt;TEEC\/PES\/6\/2023 (ACUERDO SE TURNA DOCUMENTACI\u00d3N)&lt;\/a&gt;\" ><a href=\"https:\/\/teec.org.mx\/web\/wp-content\/uploads\/2023\/07\/TEEC-PES-6-2023-25-07-2023.pdf\" target=\"_blank\">TEEC\/PES\/6\/2023 (ACUERDO SE TURNA DOCUMENTACI\u00d3N)<\/a><\/td><\/tr><tr style=\"height:px\" ><td data-cell-id=\"A38\" data-x=\"0\" data-y=\"38\" data-db-index=\"38\" class=\"fsize-18\" data-cell-type=\"text\" data-original-value=\"25 DE JULIO DE 2023, A LAS 12:56 HORAS\" data-order=\"25 DE JULIO DE 2023, A LAS 12:56 HORAS\" >25 DE JULIO DE 2023, A LAS 12:56 HORAS <\/td><td data-cell-id=\"B38\" data-x=\"1\" data-y=\"38\" data-db-index=\"38\" class=\"fsize-18\" data-cell-type=\"text\" data-original-value=\"DATO PROTEGIDO\" data-order=\"DATO PROTEGIDO\" >DATO PROTEGIDO <\/td><td data-cell-id=\"C38\" data-x=\"2\" data-y=\"38\" data-db-index=\"38\" class=\"fsize-18\" data-cell-type=\"text\" data-original-value=\"CARLOS MARIN MART\u00cdNEZ\" data-order=\"CARLOS MARIN MART\u00cdNEZ\" >CARLOS MARIN MART\u00cdNEZ <\/td><td data-cell-id=\"D38\" data-x=\"3\" data-y=\"38\" data-db-index=\"38\" class=\"fsize-18\" data-cell-type=\"text\" data-original-value=\"&lt;a href=&quot;https:\/\/teec.org.mx\/web\/wp-content\/uploads\/2023\/07\/TEEC-PES-5-2023-25-07-2023.pdf&quot; target=&quot;_blank&quot;&gt;TEEC\/PES\/5\/2023 (ACUERDO DE ACUMULACI\u00d3N DE DOCUMENTACI\u00d3N)&lt;\/a&gt;\" data-order=\"&lt;a href=&quot;https:\/\/teec.org.mx\/web\/wp-content\/uploads\/2023\/07\/TEEC-PES-5-2023-25-07-2023.pdf&quot; target=&quot;_blank&quot;&gt;TEEC\/PES\/5\/2023 (ACUERDO DE ACUMULACI\u00d3N DE DOCUMENTACI\u00d3N)&lt;\/a&gt;\" ><a href=\"https:\/\/teec.org.mx\/web\/wp-content\/uploads\/2023\/07\/TEEC-PES-5-2023-25-07-2023.pdf\" target=\"_blank\">TEEC\/PES\/5\/2023 (ACUERDO DE ACUMULACI\u00d3N DE DOCUMENTACI\u00d3N)<\/a><\/td><\/tr><tr style=\"height:px\" ><td data-cell-id=\"A39\" data-x=\"0\" data-y=\"39\" data-db-index=\"39\" class=\"fsize-18\" data-cell-type=\"text\" data-original-value=\"24 DE JULIO DE 2023, A LAS 14:25 HORAS\" data-order=\"24 DE JULIO DE 2023, A LAS 14:25 HORAS\" >24 DE JULIO DE 2023, A LAS 14:25 HORAS <\/td><td data-cell-id=\"B39\" data-x=\"1\" data-y=\"39\" data-db-index=\"39\" class=\"fsize-18\" data-cell-type=\"text\" data-original-value=\"DATO PROTEGIDO \" data-order=\"DATO PROTEGIDO \" >DATO PROTEGIDO <\/td><td data-cell-id=\"C39\" data-x=\"2\" data-y=\"39\" data-db-index=\"39\" class=\"fsize-18\" data-cell-type=\"text\" data-original-value=\"CARLOS MARIN MART\u00cdNEZ\" data-order=\"CARLOS MARIN MART\u00cdNEZ\" >CARLOS MARIN MART\u00cdNEZ <\/td><td data-cell-id=\"D39\" data-x=\"3\" data-y=\"39\" data-db-index=\"39\" class=\"fsize-18\" data-cell-type=\"text\" data-original-value=\"&lt;a href=&quot;https:\/\/teec.org.mx\/web\/wp-content\/uploads\/2023\/07\/TEEC-PES-5-2023-sentencia-24-07-2023.pdf&quot; target=&quot;_blank&quot;&gt;TEEC\/PES\/5\/2023 (SENTENCIA)&lt;\/a&gt;\" data-order=\"&lt;a href=&quot;https:\/\/teec.org.mx\/web\/wp-content\/uploads\/2023\/07\/TEEC-PES-5-2023-sentencia-24-07-2023.pdf&quot; target=&quot;_blank&quot;&gt;TEEC\/PES\/5\/2023 (SENTENCIA)&lt;\/a&gt;\" ><a href=\"https:\/\/teec.org.mx\/web\/wp-content\/uploads\/2023\/07\/TEEC-PES-5-2023-sentencia-24-07-2023.pdf\" target=\"_blank\">TEEC\/PES\/5\/2023 (SENTENCIA)<\/a><\/td><\/tr><tr style=\"height:px\" ><td data-cell-id=\"A40\" data-x=\"0\" data-y=\"40\" data-db-index=\"40\" class=\"fsize-18\" data-cell-type=\"text\" data-original-value=\"21 DE JULIO DE 2023, A LAS 10:40 HORAS\" data-order=\"21 DE JULIO DE 2023, A LAS 10:40 HORAS\" >21 DE JULIO DE 2023, A LAS 10:40 HORAS <\/td><td data-cell-id=\"B40\" data-x=\"1\" data-y=\"40\" data-db-index=\"40\" class=\"fsize-18\" data-cell-type=\"text\" data-original-value=\"DATO PROTEGIDO\" data-order=\"DATO PROTEGIDO\" >DATO PROTEGIDO <\/td><td data-cell-id=\"C40\" data-x=\"2\" data-y=\"40\" data-db-index=\"40\" class=\"fsize-18\" data-cell-type=\"text\" data-original-value=\"CARLOS MARIN MART\u00cdNEZ\" data-order=\"CARLOS MARIN MART\u00cdNEZ\" >CARLOS MARIN MART\u00cdNEZ <\/td><td data-cell-id=\"D40\" data-x=\"3\" data-y=\"40\" data-db-index=\"40\" class=\"fsize-18\" data-cell-type=\"text\" data-original-value=\"&lt;a href=&quot;https:\/\/teec.org.mx\/web\/wp-content\/uploads\/2023\/07\/TEEC-PES-5-2023-21-07-2023.pdf&quot; target=&quot;_blank&quot;&gt;TEEC\/PES\/5\/2023 (SE FIJA FECHA Y HORA PARA SESI\u00d3N P\u00daBLICA)&lt;\/a&gt;\" data-order=\"&lt;a href=&quot;https:\/\/teec.org.mx\/web\/wp-content\/uploads\/2023\/07\/TEEC-PES-5-2023-21-07-2023.pdf&quot; target=&quot;_blank&quot;&gt;TEEC\/PES\/5\/2023 (SE FIJA FECHA Y HORA PARA SESI\u00d3N P\u00daBLICA)&lt;\/a&gt;\" ><a href=\"https:\/\/teec.org.mx\/web\/wp-content\/uploads\/2023\/07\/TEEC-PES-5-2023-21-07-2023.pdf\" target=\"_blank\">TEEC\/PES\/5\/2023 (SE FIJA FECHA Y HORA PARA SESI\u00d3N P\u00daBLICA)<\/a><\/td><\/tr><tr style=\"height:px\" ><td data-cell-id=\"A41\" data-x=\"0\" data-y=\"41\" data-db-index=\"41\" class=\"fsize-18\" data-cell-type=\"text\" data-original-value=\"18 DE JULIO DE 2023, A LAS 14:22 HORAS\" data-order=\"18 DE JULIO DE 2023, A LAS 14:22 HORAS\" >18 DE JULIO DE 2023, A LAS 14:22 HORAS <\/td><td data-cell-id=\"B41\" data-x=\"1\" data-y=\"41\" data-db-index=\"41\" class=\"fsize-18\" data-cell-type=\"text\" data-original-value=\"DATO PROTEGIDO\" data-order=\"DATO PROTEGIDO\" >DATO PROTEGIDO <\/td><td data-cell-id=\"C41\" data-x=\"2\" data-y=\"41\" data-db-index=\"41\" class=\"fsize-18\" data-cell-type=\"text\" data-original-value=\"PEDRO FERRIZ HIJAR Y\/O QUI\u00c9N RESULTE RESPONSABLE\" data-order=\"PEDRO FERRIZ HIJAR Y\/O QUI\u00c9N RESULTE RESPONSABLE\" >PEDRO FERRIZ HIJAR Y\/O QUI\u00c9N RESULTE RESPONSABLE <\/td><td data-cell-id=\"D41\" data-x=\"3\" data-y=\"41\" data-db-index=\"41\" class=\"fsize-18\" data-cell-type=\"text\" data-original-value=\"&lt;a href=&quot;https:\/\/teec.org.mx\/web\/wp-content\/uploads\/2023\/07\/TEEC-PES-6-2023-2do-acu.-18-07-2023.pdf&quot; target=&quot;_blank&quot;&gt;TEEC\/PES\/6\/2023 (ACUERDO DE ACUMULACI\u00d3N)&lt;\/a&gt;\" data-order=\"&lt;a href=&quot;https:\/\/teec.org.mx\/web\/wp-content\/uploads\/2023\/07\/TEEC-PES-6-2023-2do-acu.-18-07-2023.pdf&quot; target=&quot;_blank&quot;&gt;TEEC\/PES\/6\/2023 (ACUERDO DE ACUMULACI\u00d3N)&lt;\/a&gt;\" ><a href=\"https:\/\/teec.org.mx\/web\/wp-content\/uploads\/2023\/07\/TEEC-PES-6-2023-2do-acu.-18-07-2023.pdf\" target=\"_blank\">TEEC\/PES\/6\/2023 (ACUERDO DE ACUMULACI\u00d3N)<\/a><\/td><\/tr><tr style=\"height:px\" ><td data-cell-id=\"A42\" data-x=\"0\" data-y=\"42\" data-db-index=\"42\" class=\"fsize-18\" data-cell-type=\"text\" data-original-value=\"18 DE JULIO DE 2023, A LAS 12:20 HORAS\" data-order=\"18 DE JULIO DE 2023, A LAS 12:20 HORAS\" >18 DE JULIO DE 2023, A LAS 12:20 HORAS <\/td><td data-cell-id=\"B42\" data-x=\"1\" data-y=\"42\" data-db-index=\"42\" class=\"fsize-18\" data-cell-type=\"text\" data-original-value=\"DATO PROTEGIDO\" data-order=\"DATO PROTEGIDO\" >DATO PROTEGIDO <\/td><td data-cell-id=\"C42\" data-x=\"2\" data-y=\"42\" data-db-index=\"42\" class=\"fsize-18\" data-cell-type=\"text\" data-original-value=\"CARLOS MARIN MART\u00cdNEZ\" data-order=\"CARLOS MARIN MART\u00cdNEZ\" >CARLOS MARIN MART\u00cdNEZ <\/td><td data-cell-id=\"D42\" data-x=\"3\" data-y=\"42\" data-db-index=\"42\" class=\"fsize-18\" data-cell-type=\"text\" data-original-value=\"&lt;a href=&quot;https:\/\/teec.org.mx\/web\/wp-content\/uploads\/2023\/07\/TEEC-PES-5-2023-18-07-2023.pdf&quot; target=&quot;_blank&quot;&gt;TEEC\/PES\/5\/2023 (ACUERDO DE RECEPCI\u00d3N, RADICACI\u00d3N Y SUPRESI\u00d3N DE DATOS PERSONALES)&lt;\/a&gt;\" data-order=\"&lt;a href=&quot;https:\/\/teec.org.mx\/web\/wp-content\/uploads\/2023\/07\/TEEC-PES-5-2023-18-07-2023.pdf&quot; target=&quot;_blank&quot;&gt;TEEC\/PES\/5\/2023 (ACUERDO DE RECEPCI\u00d3N, RADICACI\u00d3N Y SUPRESI\u00d3N DE DATOS PERSONALES)&lt;\/a&gt;\" ><a href=\"https:\/\/teec.org.mx\/web\/wp-content\/uploads\/2023\/07\/TEEC-PES-5-2023-18-07-2023.pdf\" target=\"_blank\">TEEC\/PES\/5\/2023 (ACUERDO DE RECEPCI\u00d3N, RADICACI\u00d3N Y SUPRESI\u00d3N DE DATOS PERSONALES)<\/a><\/td><\/tr><tr style=\"height:px\" ><td data-cell-id=\"A43\" data-x=\"0\" data-y=\"43\" data-db-index=\"43\" class=\"fsize-18\" data-cell-type=\"text\" data-original-value=\"18 DE JULIO DE 2023, A LAS 12:12 HORAS\" data-order=\"18 DE JULIO DE 2023, A LAS 12:12 HORAS\" >18 DE JULIO DE 2023, A LAS 12:12 HORAS <\/td><td data-cell-id=\"B43\" data-x=\"1\" data-y=\"43\" data-db-index=\"43\" class=\"fsize-18\" data-cell-type=\"text\" data-original-value=\"DATOS PROTEGIDOS\" data-order=\"DATOS PROTEGIDOS\" >DATOS PROTEGIDOS <\/td><td data-cell-id=\"C43\" data-x=\"2\" data-y=\"43\" data-db-index=\"43\" class=\"fsize-18\" data-cell-type=\"text\" data-original-value=\"PEDRO FERRIZ HIJAR Y\/O QUI\u00c9N RESULTE RESPONSABLE\" data-order=\"PEDRO FERRIZ HIJAR Y\/O QUI\u00c9N RESULTE RESPONSABLE\" >PEDRO FERRIZ HIJAR Y\/O QUI\u00c9N RESULTE RESPONSABLE <\/td><td data-cell-id=\"D43\" data-x=\"3\" data-y=\"43\" data-db-index=\"43\" class=\"fsize-18\" data-cell-type=\"text\" data-original-value=\"&lt;a href=&quot;https:\/\/teec.org.mx\/web\/wp-content\/uploads\/2023\/07\/TEEC-PES-6-2023-18-07-2023.pdf&quot; target=&quot;_blank&quot;&gt;TEEC\/PES\/6\/2023 (ACUERDO DE TURNO DE DOCUMENTACI\u00d3N)&lt;\/a&gt;\" data-order=\"&lt;a href=&quot;https:\/\/teec.org.mx\/web\/wp-content\/uploads\/2023\/07\/TEEC-PES-6-2023-18-07-2023.pdf&quot; target=&quot;_blank&quot;&gt;TEEC\/PES\/6\/2023 (ACUERDO DE TURNO DE DOCUMENTACI\u00d3N)&lt;\/a&gt;\" ><a href=\"https:\/\/teec.org.mx\/web\/wp-content\/uploads\/2023\/07\/TEEC-PES-6-2023-18-07-2023.pdf\" target=\"_blank\">TEEC\/PES\/6\/2023 (ACUERDO DE TURNO DE DOCUMENTACI\u00d3N)<\/a><\/td><\/tr><tr style=\"height:px\" ><td data-cell-id=\"A44\" data-x=\"0\" data-y=\"44\" data-db-index=\"44\" class=\"fsize-18\" data-cell-type=\"text\" data-original-value=\"17 DE JULIO DE 2023, A LAS 14:45 HORAS\" data-order=\"17 DE JULIO DE 2023, A LAS 14:45 HORAS\" >17 DE JULIO DE 2023, A LAS 14:45 HORAS <\/td><td data-cell-id=\"B44\" data-x=\"1\" data-y=\"44\" data-db-index=\"44\" class=\"fsize-18\" data-cell-type=\"text\" data-original-value=\"DATOS PROTEGIDOS\" data-order=\"DATOS PROTEGIDOS\" >DATOS PROTEGIDOS <\/td><td data-cell-id=\"C44\" data-x=\"2\" data-y=\"44\" data-db-index=\"44\" class=\"fsize-18\" data-cell-type=\"text\" data-original-value=\"TRIBUNAL ELECTORAL DEL ESTADO DE CAMPECHE\" data-order=\"TRIBUNAL ELECTORAL DEL ESTADO DE CAMPECHE\" >TRIBUNAL ELECTORAL DEL ESTADO DE CAMPECHE <\/td><td data-cell-id=\"D44\" data-x=\"3\" data-y=\"44\" data-db-index=\"44\" class=\"fsize-18\" data-cell-type=\"text\" data-original-value=\"&lt;a href=&quot;https:\/\/teec.org.mx\/web\/wp-content\/uploads\/2023\/07\/TEEC-PES-5-2023-17-07-2023.pdf&quot; target=&quot;_blank&quot;&gt;TEEC\/PES\/5\/2023 (SE TURNA EXPEDIENTE)&lt;\/a&gt;\" data-order=\"&lt;a href=&quot;https:\/\/teec.org.mx\/web\/wp-content\/uploads\/2023\/07\/TEEC-PES-5-2023-17-07-2023.pdf&quot; target=&quot;_blank&quot;&gt;TEEC\/PES\/5\/2023 (SE TURNA EXPEDIENTE)&lt;\/a&gt;\" ><a href=\"https:\/\/teec.org.mx\/web\/wp-content\/uploads\/2023\/07\/TEEC-PES-5-2023-17-07-2023.pdf\" target=\"_blank\">TEEC\/PES\/5\/2023 (SE TURNA EXPEDIENTE)<\/a><\/td><\/tr><tr style=\"height:px\" ><td data-cell-id=\"A45\" data-x=\"0\" data-y=\"45\" data-db-index=\"45\" class=\"fsize-18\" data-cell-type=\"text\" data-original-value=\"14 DE JULIO DE 2023, A LAS 12:22 HORAS\" data-order=\"14 DE JULIO DE 2023, A LAS 12:22 HORAS\" >14 DE JULIO DE 2023, A LAS 12:22 HORAS <\/td><td data-cell-id=\"B45\" data-x=\"1\" data-y=\"45\" data-db-index=\"45\" class=\"fsize-18\" data-cell-type=\"text\" data-original-value=\"DATO PROTEGIDO \" data-order=\"DATO PROTEGIDO \" >DATO PROTEGIDO <\/td><td data-cell-id=\"C45\" data-x=\"2\" data-y=\"45\" data-db-index=\"45\" class=\"fsize-18\" data-cell-type=\"text\" data-original-value=\"PEDRO FERRIZ HIJAR Y\/O QUI\u00c9N RESULTE RESPONSABLE\" data-order=\"PEDRO FERRIZ HIJAR Y\/O QUI\u00c9N RESULTE RESPONSABLE\" >PEDRO FERRIZ HIJAR Y\/O QUI\u00c9N RESULTE RESPONSABLE <\/td><td data-cell-id=\"D45\" data-x=\"3\" data-y=\"45\" data-db-index=\"45\" class=\"fsize-18\" data-cell-type=\"text\" data-original-value=\"&lt;a href=&quot;https:\/\/teec.org.mx\/web\/wp-content\/uploads\/2023\/07\/TEEC-PES-6-2023-14-07-2023.pdf&quot; target=&quot;_blank&quot;&gt;TEEC\/PES\/6\/2023 (QUEDA FIRME LA SENTENCIA)&lt;\/a&gt;\" data-order=\"&lt;a href=&quot;https:\/\/teec.org.mx\/web\/wp-content\/uploads\/2023\/07\/TEEC-PES-6-2023-14-07-2023.pdf&quot; target=&quot;_blank&quot;&gt;TEEC\/PES\/6\/2023 (QUEDA FIRME LA SENTENCIA)&lt;\/a&gt;\" ><a href=\"https:\/\/teec.org.mx\/web\/wp-content\/uploads\/2023\/07\/TEEC-PES-6-2023-14-07-2023.pdf\" target=\"_blank\">TEEC\/PES\/6\/2023 (QUEDA FIRME LA SENTENCIA)<\/a><\/td><\/tr><tr style=\"height:px\" ><td data-cell-id=\"A46\" data-x=\"0\" data-y=\"46\" data-db-index=\"46\" class=\"fsize-18\" data-cell-type=\"text\" data-original-value=\"11 DE JULIO DE 2023, A LAS 10:45 HORAS\" data-order=\"11 DE JULIO DE 2023, A LAS 10:45 HORAS\" >11 DE JULIO DE 2023, A LAS 10:45 HORAS <\/td><td data-cell-id=\"B46\" data-x=\"1\" data-y=\"46\" data-db-index=\"46\" class=\"fsize-18\" data-cell-type=\"text\" data-original-value=\"DATO PROTEGIDO \" data-order=\"DATO PROTEGIDO \" >DATO PROTEGIDO <\/td><td data-cell-id=\"C46\" data-x=\"2\" data-y=\"46\" data-db-index=\"46\" class=\"fsize-18\" data-cell-type=\"text\" data-original-value=\"ANGEL ESCAMILLA Y\/O QUIEN RESULTE SER EL ADMINISTRADOR DEL USUARIO DENOMINADO COMO \u201cANGEL ESCAMILLA\u201d EN LA RED SOCIAL \u201cFACEBOOK\u201d\" data-order=\"ANGEL ESCAMILLA Y\/O QUIEN RESULTE SER EL ADMINISTRADOR DEL USUARIO DENOMINADO COMO \u201cANGEL ESCAMILLA\u201d EN LA RED SOCIAL \u201cFACEBOOK\u201d\" >ANGEL ESCAMILLA Y\/O QUIEN RESULTE SER EL ADMINISTRADOR DEL USUARIO DENOMINADO COMO \u201cANGEL ESCAMILLA\u201d EN LA RED SOCIAL \u201cFACEBOOK\u201d <\/td><td data-cell-id=\"D46\" data-x=\"3\" data-y=\"46\" data-db-index=\"46\" class=\"fsize-18\" data-cell-type=\"text\" data-original-value=\"&lt;a href=&quot;https:\/\/teec.org.mx\/web\/wp-content\/uploads\/2023\/07\/TEEC-PES-4-2023-11-07-2023.pdf&quot; target=&quot;_blank&quot;&gt;TEEC\/PES\/4\/2023 (ACUERDO DE ACUMULACI\u00d3N)&lt;\/a&gt;\" data-order=\"&lt;a href=&quot;https:\/\/teec.org.mx\/web\/wp-content\/uploads\/2023\/07\/TEEC-PES-4-2023-11-07-2023.pdf&quot; target=&quot;_blank&quot;&gt;TEEC\/PES\/4\/2023 (ACUERDO DE ACUMULACI\u00d3N)&lt;\/a&gt;\" ><a href=\"https:\/\/teec.org.mx\/web\/wp-content\/uploads\/2023\/07\/TEEC-PES-4-2023-11-07-2023.pdf\" target=\"_blank\">TEEC\/PES\/4\/2023 (ACUERDO DE ACUMULACI\u00d3N)<\/a><\/td><\/tr><tr style=\"height:px\" ><td data-cell-id=\"A47\" data-x=\"0\" data-y=\"47\" data-db-index=\"47\" class=\"fsize-18\" data-cell-type=\"text\" data-original-value=\"04 DE JULIO DE 2023, A LAS 11:14 HORAS\" data-order=\"04 DE JULIO DE 2023, A LAS 11:14 HORAS\" >04 DE JULIO DE 2023, A LAS 11:14 HORAS <\/td><td data-cell-id=\"B47\" data-x=\"1\" data-y=\"47\" data-db-index=\"47\" class=\"fsize-18\" data-cell-type=\"text\" data-original-value=\"DATOS PROTEGIDOS\" data-order=\"DATOS PROTEGIDOS\" >DATOS PROTEGIDOS <\/td><td data-cell-id=\"C47\" data-x=\"2\" data-y=\"47\" data-db-index=\"47\" class=\"fsize-18\" data-cell-type=\"text\" data-original-value=\"TRIBUNAL ELECTORAL DEL ESTADO DE CAMPECHE\" data-order=\"TRIBUNAL ELECTORAL DEL ESTADO DE CAMPECHE\" >TRIBUNAL ELECTORAL DEL ESTADO DE CAMPECHE <\/td><td data-cell-id=\"D47\" data-x=\"3\" data-y=\"47\" data-db-index=\"47\" class=\"fsize-18\" data-cell-type=\"text\" data-original-value=\"&lt;a href=&quot;https:\/\/teec.org.mx\/web\/wp-content\/uploads\/2023\/07\/TEEC-PES-5-2023-04-07-2023.pdf&quot; target=&quot;_blank&quot;&gt;TEEC\/PES\/5\/2023 (SE COMUNICA RETIRO DE C\u00c9DULA Y NO COMPARECENCIA DE TERCERO INTERESADO)&lt;\/a&gt;\" data-order=\"&lt;a href=&quot;https:\/\/teec.org.mx\/web\/wp-content\/uploads\/2023\/07\/TEEC-PES-5-2023-04-07-2023.pdf&quot; target=&quot;_blank&quot;&gt;TEEC\/PES\/5\/2023 (SE COMUNICA RETIRO DE C\u00c9DULA Y NO COMPARECENCIA DE TERCERO INTERESADO)&lt;\/a&gt;\" ><a href=\"https:\/\/teec.org.mx\/web\/wp-content\/uploads\/2023\/07\/TEEC-PES-5-2023-04-07-2023.pdf\" target=\"_blank\">TEEC\/PES\/5\/2023 (SE COMUNICA RETIRO DE C\u00c9DULA Y NO COMPARECENCIA DE TERCERO INTERESADO)<\/a><\/td><\/tr><tr style=\"height:px\" ><td data-cell-id=\"A48\" data-x=\"0\" data-y=\"48\" data-db-index=\"48\" class=\"fsize-18\" data-cell-type=\"text\" data-original-value=\"03 DE JULIO DE 2023, A LAS 13:55 HORAS.\" data-order=\"03 DE JULIO DE 2023, A LAS 13:55 HORAS.\" >03 DE JULIO DE 2023, A LAS 13:55 HORAS. <\/td><td data-cell-id=\"B48\" data-x=\"1\" data-y=\"48\" data-db-index=\"48\" class=\"fsize-18\" data-cell-type=\"text\" data-original-value=\"DATO PROTEGIDO \" data-order=\"DATO PROTEGIDO \" >DATO PROTEGIDO <\/td><td data-cell-id=\"C48\" data-x=\"2\" data-y=\"48\" data-db-index=\"48\" class=\"fsize-18\" data-cell-type=\"text\" data-original-value=\"PEDRO FERRIZ HIJAR Y\/O QUI\u00c9N RESULTE RESPONSABLE\" data-order=\"PEDRO FERRIZ HIJAR Y\/O QUI\u00c9N RESULTE RESPONSABLE\" >PEDRO FERRIZ HIJAR Y\/O QUI\u00c9N RESULTE RESPONSABLE <\/td><td data-cell-id=\"D48\" data-x=\"3\" data-y=\"48\" data-db-index=\"48\" class=\"fsize-18\" data-cell-type=\"text\" data-original-value=\"&lt;a href=&quot;https:\/\/teec.org.mx\/web\/wp-content\/uploads\/2023\/07\/TEEC-PES-6-2023-sentencia-03-07-2023.pdf&quot; target=&quot;_blank&quot;&gt;TEEC\/PES\/6\/2023 (SENTENCIA)&lt;\/a&gt;\" data-order=\"&lt;a href=&quot;https:\/\/teec.org.mx\/web\/wp-content\/uploads\/2023\/07\/TEEC-PES-6-2023-sentencia-03-07-2023.pdf&quot; target=&quot;_blank&quot;&gt;TEEC\/PES\/6\/2023 (SENTENCIA)&lt;\/a&gt;\" ><a href=\"https:\/\/teec.org.mx\/web\/wp-content\/uploads\/2023\/07\/TEEC-PES-6-2023-sentencia-03-07-2023.pdf\" target=\"_blank\">TEEC\/PES\/6\/2023 (SENTENCIA)<\/a><\/td><\/tr><tr style=\"height:px\" ><td data-cell-id=\"A49\" data-x=\"0\" data-y=\"49\" data-db-index=\"49\" class=\"fsize-18\" data-cell-type=\"text\" data-original-value=\"30 DE JUNIO DE 2023, A LAS 12:45 HORAS\" data-order=\"30 DE JUNIO DE 2023, A LAS 12:45 HORAS\" >30 DE JUNIO DE 2023, A LAS 12:45 HORAS <\/td><td data-cell-id=\"B49\" data-x=\"1\" data-y=\"49\" data-db-index=\"49\" class=\"fsize-18\" data-cell-type=\"text\" data-original-value=\"DATO PROTEGIDO \" data-order=\"DATO PROTEGIDO \" >DATO PROTEGIDO <\/td><td data-cell-id=\"C49\" data-x=\"2\" data-y=\"49\" data-db-index=\"49\" class=\"fsize-18\" data-cell-type=\"text\" data-original-value=\"PEDRO FERRIZ HIJAR Y\/O QUI\u00c9N RESULTE RESPONSABLE\" data-order=\"PEDRO FERRIZ HIJAR Y\/O QUI\u00c9N RESULTE RESPONSABLE\" >PEDRO FERRIZ HIJAR Y\/O QUI\u00c9N RESULTE RESPONSABLE <\/td><td data-cell-id=\"D49\" data-x=\"3\" data-y=\"49\" data-db-index=\"49\" class=\"fsize-18\" data-cell-type=\"text\" data-original-value=\"&lt;a href=&quot;https:\/\/teec.org.mx\/web\/wp-content\/uploads\/2023\/06\/TEEC-PES-6-2023-2do-acu.-30-06-2023.pdf&quot; target=&quot;_blank&quot;&gt;TEEC\/PES\/6\/2023 (SE FIJA FECHA Y HORA PARA SESI\u00d3N)&lt;\/a&gt;\" data-order=\"&lt;a href=&quot;https:\/\/teec.org.mx\/web\/wp-content\/uploads\/2023\/06\/TEEC-PES-6-2023-2do-acu.-30-06-2023.pdf&quot; target=&quot;_blank&quot;&gt;TEEC\/PES\/6\/2023 (SE FIJA FECHA Y HORA PARA SESI\u00d3N)&lt;\/a&gt;\" ><a href=\"https:\/\/teec.org.mx\/web\/wp-content\/uploads\/2023\/06\/TEEC-PES-6-2023-2do-acu.-30-06-2023.pdf\" target=\"_blank\">TEEC\/PES\/6\/2023 (SE FIJA FECHA Y HORA PARA SESI\u00d3N)<\/a><\/td><\/tr><tr style=\"height:px\" ><td data-cell-id=\"A50\" data-x=\"0\" data-y=\"50\" data-db-index=\"50\" class=\"fsize-18\" data-cell-type=\"text\" data-original-value=\"30 DE JUNIO DE 2023, A LAS 12:15 HORAS\" data-order=\"30 DE JUNIO DE 2023, A LAS 12:15 HORAS\" >30 DE JUNIO DE 2023, A LAS 12:15 HORAS <\/td><td data-cell-id=\"B50\" data-x=\"1\" data-y=\"50\" data-db-index=\"50\" class=\"fsize-18\" data-cell-type=\"text\" data-original-value=\"DATO PROTEGIDO \" data-order=\"DATO PROTEGIDO \" >DATO PROTEGIDO <\/td><td data-cell-id=\"C50\" data-x=\"2\" data-y=\"50\" data-db-index=\"50\" class=\"fsize-18\" data-cell-type=\"text\" data-original-value=\"PEDRO FERRIZ HIJAR Y\/O QUI\u00c9N RESULTE RESPONSABLE\" data-order=\"PEDRO FERRIZ HIJAR Y\/O QUI\u00c9N RESULTE RESPONSABLE\" >PEDRO FERRIZ HIJAR Y\/O QUI\u00c9N RESULTE RESPONSABLE <\/td><td data-cell-id=\"D50\" data-x=\"3\" data-y=\"50\" data-db-index=\"50\" class=\"fsize-18\" data-cell-type=\"text\" data-original-value=\"&lt;a href=&quot;https:\/\/teec.org.mx\/web\/wp-content\/uploads\/2023\/06\/TEEC-PES-6-2023-1er-acu.-30-06-2023.pdf&quot; target=&quot;_blank&quot;&gt;TEEC\/PES\/6\/2023 (SOLICITUD DE FECHA Y HORA PARA SESI\u00d3N)&lt;\/a&gt;\" data-order=\"&lt;a href=&quot;https:\/\/teec.org.mx\/web\/wp-content\/uploads\/2023\/06\/TEEC-PES-6-2023-1er-acu.-30-06-2023.pdf&quot; target=&quot;_blank&quot;&gt;TEEC\/PES\/6\/2023 (SOLICITUD DE FECHA Y HORA PARA SESI\u00d3N)&lt;\/a&gt;\" ><a href=\"https:\/\/teec.org.mx\/web\/wp-content\/uploads\/2023\/06\/TEEC-PES-6-2023-1er-acu.-30-06-2023.pdf\" target=\"_blank\">TEEC\/PES\/6\/2023 (SOLICITUD DE FECHA Y HORA PARA SESI\u00d3N)<\/a><\/td><\/tr><tr style=\"height:px\" ><td data-cell-id=\"A51\" data-x=\"0\" data-y=\"51\" data-db-index=\"51\" class=\"fsize-18\" data-cell-type=\"text\" data-original-value=\"29 DE JUNIO DE 2023, A LAS 10:45 HORAS\" data-order=\"29 DE JUNIO DE 2023, A LAS 10:45 HORAS\" >29 DE JUNIO DE 2023, A LAS 10:45 HORAS <\/td><td data-cell-id=\"B51\" data-x=\"1\" data-y=\"51\" data-db-index=\"51\" class=\"fsize-18\" data-cell-type=\"text\" data-original-value=\"DATOS PROTEGIDOS\" data-order=\"DATOS PROTEGIDOS\" >DATOS PROTEGIDOS <\/td><td data-cell-id=\"C51\" data-x=\"2\" data-y=\"51\" data-db-index=\"51\" class=\"fsize-18\" data-cell-type=\"text\" data-original-value=\"TRIBUNAL ELECTORAL DEL ESTADO DE CAMPECHE\" data-order=\"TRIBUNAL ELECTORAL DEL ESTADO DE CAMPECHE\" >TRIBUNAL ELECTORAL DEL ESTADO DE CAMPECHE <\/td><td data-cell-id=\"D51\" data-x=\"3\" data-y=\"51\" data-db-index=\"51\" class=\"fsize-18\" data-cell-type=\"text\" data-original-value=\"&lt;a href=&quot;https:\/\/teec.org.mx\/web\/wp-content\/uploads\/2023\/06\/TEEC-PES-5-2023-29-06-2023.pdf&quot; target=&quot;_blank&quot;&gt;TEEC\/PES\/5\/2023 (TR\u00c1MITE AL MEDIO DE IMPUGNACI\u00d3N FEDERAL)&lt;\/a&gt;\" data-order=\"&lt;a href=&quot;https:\/\/teec.org.mx\/web\/wp-content\/uploads\/2023\/06\/TEEC-PES-5-2023-29-06-2023.pdf&quot; target=&quot;_blank&quot;&gt;TEEC\/PES\/5\/2023 (TR\u00c1MITE AL MEDIO DE IMPUGNACI\u00d3N FEDERAL)&lt;\/a&gt;\" ><a href=\"https:\/\/teec.org.mx\/web\/wp-content\/uploads\/2023\/06\/TEEC-PES-5-2023-29-06-2023.pdf\" target=\"_blank\">TEEC\/PES\/5\/2023 (TR\u00c1MITE AL MEDIO DE IMPUGNACI\u00d3N FEDERAL)<\/a><\/td><\/tr><tr style=\"height:px\" ><td data-cell-id=\"A52\" data-x=\"0\" data-y=\"52\" data-db-index=\"52\" class=\"fsize-18\" data-cell-type=\"text\" data-original-value=\"27 DE JUNIO DE 2023, A LAS 11:50 HORAS\" data-order=\"27 DE JUNIO DE 2023, A LAS 11:50 HORAS\" >27 DE JUNIO DE 2023, A LAS 11:50 HORAS <\/td><td data-cell-id=\"B52\" data-x=\"1\" data-y=\"52\" data-db-index=\"52\" class=\"fsize-18\" data-cell-type=\"text\" data-original-value=\"DATO PROTEGIDO \" data-order=\"DATO PROTEGIDO \" >DATO PROTEGIDO <\/td><td data-cell-id=\"C52\" data-x=\"2\" data-y=\"52\" data-db-index=\"52\" class=\"fsize-18\" data-cell-type=\"text\" data-original-value=\"PEDRO FERRIZ HIJAR Y\/O QUI\u00c9N RESULTE RESPONSABLE\" data-order=\"PEDRO FERRIZ HIJAR Y\/O QUI\u00c9N RESULTE RESPONSABLE\" >PEDRO FERRIZ HIJAR Y\/O QUI\u00c9N RESULTE RESPONSABLE <\/td><td data-cell-id=\"D52\" data-x=\"3\" data-y=\"52\" data-db-index=\"52\" class=\"fsize-18\" data-cell-type=\"text\" data-original-value=\"&lt;a href=&quot;https:\/\/teec.org.mx\/web\/wp-content\/uploads\/2023\/06\/TEEC-PES-6-2023-23-06-2023.pdf&quot; target=&quot;_blank&quot;&gt;TEEC\/PES\/6\/2023 (ACUERDO DE RECEPCI\u00d3N, RADICACI\u00d3N Y ACUMULACI\u00d3N)&lt;\/a&gt;\" data-order=\"&lt;a href=&quot;https:\/\/teec.org.mx\/web\/wp-content\/uploads\/2023\/06\/TEEC-PES-6-2023-23-06-2023.pdf&quot; target=&quot;_blank&quot;&gt;TEEC\/PES\/6\/2023 (ACUERDO DE RECEPCI\u00d3N, RADICACI\u00d3N Y ACUMULACI\u00d3N)&lt;\/a&gt;\" ><a href=\"https:\/\/teec.org.mx\/web\/wp-content\/uploads\/2023\/06\/TEEC-PES-6-2023-23-06-2023.pdf\" target=\"_blank\">TEEC\/PES\/6\/2023 (ACUERDO DE RECEPCI\u00d3N, RADICACI\u00d3N Y ACUMULACI\u00d3N)<\/a><\/td><\/tr><tr style=\"height:px\" ><td data-cell-id=\"A53\" data-x=\"0\" data-y=\"53\" data-db-index=\"53\" class=\"fsize-18\" data-cell-type=\"text\" data-original-value=\"26 DE JUNIO DE 2023, A LAS 12:10 HORAS\" data-order=\"26 DE JUNIO DE 2023, A LAS 12:10 HORAS\" >26 DE JUNIO DE 2023, A LAS 12:10 HORAS <\/td><td data-cell-id=\"B53\" data-x=\"1\" data-y=\"53\" data-db-index=\"53\" class=\"fsize-18\" data-cell-type=\"text\" data-original-value=\"DATO PROTEGIDO \" data-order=\"DATO PROTEGIDO \" >DATO PROTEGIDO <\/td><td data-cell-id=\"C53\" data-x=\"2\" data-y=\"53\" data-db-index=\"53\" class=\"fsize-18\" data-cell-type=\"text\" data-original-value=\"CARLOS MARIN MART\u00cdNEZ\" data-order=\"CARLOS MARIN MART\u00cdNEZ\" >CARLOS MARIN MART\u00cdNEZ <\/td><td data-cell-id=\"D53\" data-x=\"3\" data-y=\"53\" data-db-index=\"53\" class=\"fsize-18\" data-cell-type=\"text\" data-original-value=\"&lt;a href=&quot;https:\/\/teec.org.mx\/web\/wp-content\/uploads\/2023\/06\/TEEC-PES-5-2023-23-06-2023.pdf&quot; target=&quot;_blank&quot;&gt;TEEC\/PES\/5\/2023 (ACUERDO DE ACUMULACI\u00d3N)&lt;\/a&gt;\" data-order=\"&lt;a href=&quot;https:\/\/teec.org.mx\/web\/wp-content\/uploads\/2023\/06\/TEEC-PES-5-2023-23-06-2023.pdf&quot; target=&quot;_blank&quot;&gt;TEEC\/PES\/5\/2023 (ACUERDO DE ACUMULACI\u00d3N)&lt;\/a&gt;\" ><a href=\"https:\/\/teec.org.mx\/web\/wp-content\/uploads\/2023\/06\/TEEC-PES-5-2023-23-06-2023.pdf\" target=\"_blank\">TEEC\/PES\/5\/2023 (ACUERDO DE ACUMULACI\u00d3N)<\/a><\/td><\/tr><tr style=\"height:px\" ><td data-cell-id=\"A54\" data-x=\"0\" data-y=\"54\" data-db-index=\"54\" class=\"fsize-18\" data-cell-type=\"text\" data-original-value=\"26 DE JUNIO DE 2023, A LAS 10:10 HORAS\" data-order=\"26 DE JUNIO DE 2023, A LAS 10:10 HORAS\" >26 DE JUNIO DE 2023, A LAS 10:10 HORAS <\/td><td data-cell-id=\"B54\" data-x=\"1\" data-y=\"54\" data-db-index=\"54\" class=\"fsize-18\" data-cell-type=\"text\" data-original-value=\"DATO PROTEGIDO\" data-order=\"DATO PROTEGIDO\" >DATO PROTEGIDO <\/td><td data-cell-id=\"C54\" data-x=\"2\" data-y=\"54\" data-db-index=\"54\" class=\"fsize-18\" data-cell-type=\"text\" data-original-value=\"PEDRO FERRIZ HIJAR Y\/O QUI\u00c9N RESULTE RESPONSABLE.\" data-order=\"PEDRO FERRIZ HIJAR Y\/O QUI\u00c9N RESULTE RESPONSABLE.\" >PEDRO FERRIZ HIJAR Y\/O QUI\u00c9N RESULTE RESPONSABLE. <\/td><td data-cell-id=\"D54\" data-x=\"3\" data-y=\"54\" data-db-index=\"54\" class=\"fsize-18\" data-cell-type=\"text\" data-original-value=\"&lt;a href=&quot;https:\/\/teec.org.mx\/web\/wp-content\/uploads\/2023\/06\/TEEC-PES-6-2023-26-06-2023.pdf&quot; target=&quot;_blank&quot;&gt;TEEC\/PES\/6\/2023 (ACUERDO DE TURNO)&lt;\/a&gt;\" data-order=\"&lt;a href=&quot;https:\/\/teec.org.mx\/web\/wp-content\/uploads\/2023\/06\/TEEC-PES-6-2023-26-06-2023.pdf&quot; target=&quot;_blank&quot;&gt;TEEC\/PES\/6\/2023 (ACUERDO DE TURNO)&lt;\/a&gt;\" ><a href=\"https:\/\/teec.org.mx\/web\/wp-content\/uploads\/2023\/06\/TEEC-PES-6-2023-26-06-2023.pdf\" target=\"_blank\">TEEC\/PES\/6\/2023 (ACUERDO DE TURNO)<\/a><\/td><\/tr><tr style=\"height:px\" ><td data-cell-id=\"A55\" data-x=\"0\" data-y=\"55\" data-db-index=\"55\" class=\"fsize-18\" data-cell-type=\"text\" data-original-value=\"22 DE JUNIO DE 2023, A LAS 13:45 HORAS\" data-order=\"22 DE JUNIO DE 2023, A LAS 13:45 HORAS\" >22 DE JUNIO DE 2023, A LAS 13:45 HORAS <\/td><td data-cell-id=\"B55\" data-x=\"1\" data-y=\"55\" data-db-index=\"55\" class=\"fsize-18\" data-cell-type=\"text\" data-original-value=\"DATO PROTEGIDO\" data-order=\"DATO PROTEGIDO\" >DATO PROTEGIDO <\/td><td data-cell-id=\"C55\" data-x=\"2\" data-y=\"55\" data-db-index=\"55\" class=\"fsize-18\" data-cell-type=\"text\" data-original-value=\"CARLOS MARIN MART\u00cdNEZ\" data-order=\"CARLOS MARIN MART\u00cdNEZ\" >CARLOS MARIN MART\u00cdNEZ <\/td><td data-cell-id=\"D55\" data-x=\"3\" data-y=\"55\" data-db-index=\"55\" class=\"fsize-18\" data-cell-type=\"text\" data-original-value=\"&lt;a href=&quot;https:\/\/teec.org.mx\/web\/wp-content\/uploads\/2023\/06\/TEEC-PES-5-2023-sentencia-22-06-2023.pdf&quot; target=&quot;_blank&quot;&gt;TEEC\/PES\/5\/2023 (SENTENCIA)&lt;\/a&gt;\" data-order=\"&lt;a href=&quot;https:\/\/teec.org.mx\/web\/wp-content\/uploads\/2023\/06\/TEEC-PES-5-2023-sentencia-22-06-2023.pdf&quot; target=&quot;_blank&quot;&gt;TEEC\/PES\/5\/2023 (SENTENCIA)&lt;\/a&gt;\" ><a href=\"https:\/\/teec.org.mx\/web\/wp-content\/uploads\/2023\/06\/TEEC-PES-5-2023-sentencia-22-06-2023.pdf\" target=\"_blank\">TEEC\/PES\/5\/2023 (SENTENCIA)<\/a><\/td><\/tr><tr style=\"height:px\" ><td data-cell-id=\"A56\" data-x=\"0\" data-y=\"56\" data-db-index=\"56\" class=\"fsize-19\" data-cell-type=\"text\" data-original-value=\"21 DE JUNIO DE 2023, A LAS 12:45 HORAS\" data-order=\"21 DE JUNIO DE 2023, A LAS 12:45 HORAS\" >21 DE JUNIO DE 2023, A LAS 12:45 HORAS <\/td><td data-cell-id=\"B56\" data-x=\"1\" data-y=\"56\" data-db-index=\"56\" class=\"fsize-19\" data-cell-type=\"text\" data-original-value=\"DATO PROTEGIDO\" data-order=\"DATO PROTEGIDO\" >DATO PROTEGIDO <\/td><td data-cell-id=\"C56\" data-x=\"2\" data-y=\"56\" data-db-index=\"56\" class=\"fsize-19\" data-cell-type=\"text\" data-original-value=\"CARLOS MARIN MART\u00cdNEZ\" data-order=\"CARLOS MARIN MART\u00cdNEZ\" >CARLOS MARIN MART\u00cdNEZ <\/td><td data-cell-id=\"D56\" data-x=\"3\" data-y=\"56\" data-db-index=\"56\" class=\"fsize-19\" data-cell-type=\"text\" data-original-value=\"&lt;a href=&quot;https:\/\/teec.org.mx\/web\/wp-content\/uploads\/2023\/06\/TEEC-PES-5-2023-21-06-2023.pdf&quot; target=&quot;_blank&quot;&gt;TEEC\/PES\/5\/2023 (SE FIJA FECHA Y HORA PARA SESI\u00d3N P\u00daBLICA)&lt;\/a&gt;\" data-order=\"&lt;a href=&quot;https:\/\/teec.org.mx\/web\/wp-content\/uploads\/2023\/06\/TEEC-PES-5-2023-21-06-2023.pdf&quot; target=&quot;_blank&quot;&gt;TEEC\/PES\/5\/2023 (SE FIJA FECHA Y HORA PARA SESI\u00d3N P\u00daBLICA)&lt;\/a&gt;\" ><a href=\"https:\/\/teec.org.mx\/web\/wp-content\/uploads\/2023\/06\/TEEC-PES-5-2023-21-06-2023.pdf\" target=\"_blank\">TEEC\/PES\/5\/2023 (SE FIJA FECHA Y HORA PARA SESI\u00d3N P\u00daBLICA)<\/a><\/td><\/tr><tr style=\"height:px\" ><td data-cell-id=\"A57\" data-x=\"0\" data-y=\"57\" data-db-index=\"57\" class=\"fsize-18\" data-cell-type=\"text\" data-original-value=\"20 DE JUNIO DE 2023, A LAS 14:00 HORAS\" data-order=\"20 DE JUNIO DE 2023, A LAS 14:00 HORAS\" >20 DE JUNIO DE 2023, A LAS 14:00 HORAS <\/td><td data-cell-id=\"B57\" data-x=\"1\" data-y=\"57\" data-db-index=\"57\" class=\"fsize-18\" data-cell-type=\"text\" data-original-value=\"DATO PROTEGIDO\" data-order=\"DATO PROTEGIDO\" >DATO PROTEGIDO <\/td><td data-cell-id=\"C57\" data-x=\"2\" data-y=\"57\" data-db-index=\"57\" class=\"fsize-18\" data-cell-type=\"text\" data-original-value=\"ANGEL ESCAMILLA Y\/O QUIEN RESULTE SER EL ADMINISTRADOR DEL USUARIO DENOMINADO COMO \u201cANGEL ESCAMILLA\u201d EN LA RED SOCIAL \u201cFACEBOOK\u201d (sic), Y\/O MIGUEL \u00c1NGEL G\u00d3MEZ ESCAMILLA\" data-order=\"ANGEL ESCAMILLA Y\/O QUIEN RESULTE SER EL ADMINISTRADOR DEL USUARIO DENOMINADO COMO \u201cANGEL ESCAMILLA\u201d EN LA RED SOCIAL \u201cFACEBOOK\u201d (sic), Y\/O MIGUEL \u00c1NGEL G\u00d3MEZ ESCAMILLA\" >ANGEL ESCAMILLA Y\/O QUIEN RESULTE SER EL ADMINISTRADOR DEL USUARIO DENOMINADO COMO \u201cANGEL ESCAMILLA\u201d EN LA RED SOCIAL \u201cFACEBOOK\u201d (sic), Y\/O MIGUEL \u00c1NGEL G\u00d3MEZ ESCAMILLA <\/td><td data-cell-id=\"D57\" data-x=\"3\" data-y=\"57\" data-db-index=\"57\" class=\"fsize-18\" data-cell-type=\"text\" data-original-value=\"&lt;a href=&quot;https:\/\/teec.org.mx\/web\/wp-content\/uploads\/2023\/06\/TEEC-PES-4-2023-2do-acu.-20-06-2023.pdf&quot; target=&quot;_blank&quot;&gt;TEEC\/PES\/4\/2023 (ACUERDO SE ORDENA EXPEDIR COPIAS)&lt;\/a&gt;\" data-order=\"&lt;a href=&quot;https:\/\/teec.org.mx\/web\/wp-content\/uploads\/2023\/06\/TEEC-PES-4-2023-2do-acu.-20-06-2023.pdf&quot; target=&quot;_blank&quot;&gt;TEEC\/PES\/4\/2023 (ACUERDO SE ORDENA EXPEDIR COPIAS)&lt;\/a&gt;\" ><a href=\"https:\/\/teec.org.mx\/web\/wp-content\/uploads\/2023\/06\/TEEC-PES-4-2023-2do-acu.-20-06-2023.pdf\" target=\"_blank\">TEEC\/PES\/4\/2023 (ACUERDO SE ORDENA EXPEDIR COPIAS)<\/a><\/td><\/tr><tr style=\"height:px\" ><td data-cell-id=\"A58\" data-x=\"0\" data-y=\"58\" data-db-index=\"58\" class=\"fsize-18\" data-cell-type=\"text\" data-original-value=\"20 DE JUNIO DE 2023, A LAS 13:43 HORAS\" data-order=\"20 DE JUNIO DE 2023, A LAS 13:43 HORAS\" >20 DE JUNIO DE 2023, A LAS 13:43 HORAS <\/td><td data-cell-id=\"B58\" data-x=\"1\" data-y=\"58\" data-db-index=\"58\" class=\"fsize-18\" data-cell-type=\"text\" data-original-value=\"DATO PROTEGIDO \" data-order=\"DATO PROTEGIDO \" >DATO PROTEGIDO <\/td><td data-cell-id=\"C58\" data-x=\"2\" data-y=\"58\" data-db-index=\"58\" class=\"fsize-18\" data-cell-type=\"text\" data-original-value=\"ANGEL ESCAMILLA Y\/O QUIEN RESULTE SER EL ADMINISTRADOR DEL USUARIO DENOMINADO COMO \u201cANGEL ESCAMILLA\u201d EN LA RED SOCIAL \u201cFACEBOOK\u201d (sic), Y\/O MIGUEL \u00c1NGEL G\u00d3MEZ ESCAMILLA\" data-order=\"ANGEL ESCAMILLA Y\/O QUIEN RESULTE SER EL ADMINISTRADOR DEL USUARIO DENOMINADO COMO \u201cANGEL ESCAMILLA\u201d EN LA RED SOCIAL \u201cFACEBOOK\u201d (sic), Y\/O MIGUEL \u00c1NGEL G\u00d3MEZ ESCAMILLA\" >ANGEL ESCAMILLA Y\/O QUIEN RESULTE SER EL ADMINISTRADOR DEL USUARIO DENOMINADO COMO \u201cANGEL ESCAMILLA\u201d EN LA RED SOCIAL \u201cFACEBOOK\u201d (sic), Y\/O MIGUEL \u00c1NGEL G\u00d3MEZ ESCAMILLA <\/td><td data-cell-id=\"D58\" data-x=\"3\" data-y=\"58\" data-db-index=\"58\" class=\"fsize-18\" data-cell-type=\"text\" data-original-value=\"&lt;a href=&quot;https:\/\/teec.org.mx\/web\/wp-content\/uploads\/2023\/06\/TEEC-PES-4-2023-1er-acu.-20-06-2023.pdf&quot; target=&quot;_blank&quot;&gt;TEEC\/PES\/4\/2023 (ACUERDO SE TURNA DOCUMENTACI\u00d3N)&lt;\/a&gt;\" data-order=\"&lt;a href=&quot;https:\/\/teec.org.mx\/web\/wp-content\/uploads\/2023\/06\/TEEC-PES-4-2023-1er-acu.-20-06-2023.pdf&quot; target=&quot;_blank&quot;&gt;TEEC\/PES\/4\/2023 (ACUERDO SE TURNA DOCUMENTACI\u00d3N)&lt;\/a&gt;\" ><a href=\"https:\/\/teec.org.mx\/web\/wp-content\/uploads\/2023\/06\/TEEC-PES-4-2023-1er-acu.-20-06-2023.pdf\" target=\"_blank\">TEEC\/PES\/4\/2023 (ACUERDO SE TURNA DOCUMENTACI\u00d3N)<\/a><\/td><\/tr><tr style=\"height:px\" ><td data-cell-id=\"A59\" data-x=\"0\" data-y=\"59\" data-db-index=\"59\" class=\"fsize-18\" data-cell-type=\"text\" data-original-value=\"19 DE JUNIO DE 2023, A LAS 14:58 HORAS\" data-order=\"19 DE JUNIO DE 2023, A LAS 14:58 HORAS\" >19 DE JUNIO DE 2023, A LAS 14:58 HORAS <\/td><td data-cell-id=\"B59\" data-x=\"1\" data-y=\"59\" data-db-index=\"59\" class=\"fsize-18\" data-cell-type=\"text\" data-original-value=\"DATO PROTEGIDO\" data-order=\"DATO PROTEGIDO\" >DATO PROTEGIDO <\/td><td data-cell-id=\"C59\" data-x=\"2\" data-y=\"59\" data-db-index=\"59\" class=\"fsize-18\" data-cell-type=\"text\" data-original-value=\"MAR\u00cdA LILLY DEL CARMEN TELLEZ GARC\u00cdA\" data-order=\"MAR\u00cdA LILLY DEL CARMEN TELLEZ GARC\u00cdA\" >MAR\u00cdA LILLY DEL CARMEN TELLEZ GARC\u00cdA <\/td><td data-cell-id=\"D59\" data-x=\"3\" data-y=\"59\" data-db-index=\"59\" class=\"fsize-18\" data-cell-type=\"text\" data-original-value=\"&lt;a href=&quot;https:\/\/teec.org.mx\/web\/wp-content\/uploads\/2023\/06\/TEEC-PES-2-2023-2do-acu.-19-06-2023.pdf&quot; target=&quot;_blank&quot;&gt;TEEC\/PES\/2\/2023 (ACUERDO DE ACUMULACI\u00d3N)&lt;\/a&gt;\" data-order=\"&lt;a href=&quot;https:\/\/teec.org.mx\/web\/wp-content\/uploads\/2023\/06\/TEEC-PES-2-2023-2do-acu.-19-06-2023.pdf&quot; target=&quot;_blank&quot;&gt;TEEC\/PES\/2\/2023 (ACUERDO DE ACUMULACI\u00d3N)&lt;\/a&gt;\" ><a href=\"https:\/\/teec.org.mx\/web\/wp-content\/uploads\/2023\/06\/TEEC-PES-2-2023-2do-acu.-19-06-2023.pdf\" target=\"_blank\">TEEC\/PES\/2\/2023 (ACUERDO DE ACUMULACI\u00d3N)<\/a><\/td><\/tr><tr style=\"height:px\" ><td data-cell-id=\"A60\" data-x=\"0\" data-y=\"60\" data-db-index=\"60\" class=\"fsize-18\" data-cell-type=\"text\" data-original-value=\"19 DE JUNIO DE 2023, A LAS 14:50 HORAS\" data-order=\"19 DE JUNIO DE 2023, A LAS 14:50 HORAS\" >19 DE JUNIO DE 2023, A LAS 14:50 HORAS <\/td><td data-cell-id=\"B60\" data-x=\"1\" data-y=\"60\" data-db-index=\"60\" class=\"fsize-18\" data-cell-type=\"text\" data-original-value=\"DATO PROTEGIDO\" data-order=\"DATO PROTEGIDO\" >DATO PROTEGIDO <\/td><td data-cell-id=\"C60\" data-x=\"2\" data-y=\"60\" data-db-index=\"60\" class=\"fsize-18\" data-cell-type=\"text\" data-original-value=\"MAR\u00cdA LILLY DEL CARMEN TELLEZ GARC\u00cdA\" data-order=\"MAR\u00cdA LILLY DEL CARMEN TELLEZ GARC\u00cdA\" >MAR\u00cdA LILLY DEL CARMEN TELLEZ GARC\u00cdA <\/td><td data-cell-id=\"D60\" data-x=\"3\" data-y=\"60\" data-db-index=\"60\" class=\"fsize-18\" data-cell-type=\"text\" data-original-value=\"&lt;a href=&quot;https:\/\/teec.org.mx\/web\/wp-content\/uploads\/2023\/06\/TEEC-PES-2-2023-1er-acu.-19-06-2023.pdf&quot; target=&quot;_blank&quot;&gt;TEEC\/PES\/2\/2023 (ACUERDO DE TURNO DE DOCUMENTACI\u00d3N)&lt;\/a&gt;\" data-order=\"&lt;a href=&quot;https:\/\/teec.org.mx\/web\/wp-content\/uploads\/2023\/06\/TEEC-PES-2-2023-1er-acu.-19-06-2023.pdf&quot; target=&quot;_blank&quot;&gt;TEEC\/PES\/2\/2023 (ACUERDO DE TURNO DE DOCUMENTACI\u00d3N)&lt;\/a&gt;\" ><a href=\"https:\/\/teec.org.mx\/web\/wp-content\/uploads\/2023\/06\/TEEC-PES-2-2023-1er-acu.-19-06-2023.pdf\" target=\"_blank\">TEEC\/PES\/2\/2023 (ACUERDO DE TURNO DE DOCUMENTACI\u00d3N)<\/a><\/td><\/tr><tr style=\"height:px\" ><td data-cell-id=\"A61\" data-x=\"0\" data-y=\"61\" data-db-index=\"61\" class=\"fsize-18\" data-cell-type=\"text\" data-original-value=\"16 DE JUNIO DE 2023, A LAS 13:30 HORAS\" data-order=\"16 DE JUNIO DE 2023, A LAS 13:30 HORAS\" >16 DE JUNIO DE 2023, A LAS 13:30 HORAS <\/td><td data-cell-id=\"B61\" data-x=\"1\" data-y=\"61\" data-db-index=\"61\" class=\"fsize-18\" data-cell-type=\"text\" data-original-value=\"DATO PROTEGIDO\" data-order=\"DATO PROTEGIDO\" >DATO PROTEGIDO <\/td><td data-cell-id=\"C61\" data-x=\"2\" data-y=\"61\" data-db-index=\"61\" class=\"fsize-18\" data-cell-type=\"text\" data-original-value=\"MAR\u00cdA LILLY DEL CARMEN TELLEZ GARC\u00cdA\" data-order=\"MAR\u00cdA LILLY DEL CARMEN TELLEZ GARC\u00cdA\" >MAR\u00cdA LILLY DEL CARMEN TELLEZ GARC\u00cdA <\/td><td data-cell-id=\"D61\" data-x=\"3\" data-y=\"61\" data-db-index=\"61\" class=\"fsize-18\" data-cell-type=\"text\" data-original-value=\"&lt;a href=&quot;https:\/\/teec.org.mx\/web\/wp-content\/uploads\/2023\/06\/TEEC-PES-2-2023-2do-acu-16-06-2023.pdf&quot; target=&quot;_blank&quot;&gt;TEEC\/PES\/2\/2023 (ACUERDO SE ORDENA EXPEDIR COPIAS)&lt;\/a&gt;\" data-order=\"&lt;a href=&quot;https:\/\/teec.org.mx\/web\/wp-content\/uploads\/2023\/06\/TEEC-PES-2-2023-2do-acu-16-06-2023.pdf&quot; target=&quot;_blank&quot;&gt;TEEC\/PES\/2\/2023 (ACUERDO SE ORDENA EXPEDIR COPIAS)&lt;\/a&gt;\" ><a href=\"https:\/\/teec.org.mx\/web\/wp-content\/uploads\/2023\/06\/TEEC-PES-2-2023-2do-acu-16-06-2023.pdf\" target=\"_blank\">TEEC\/PES\/2\/2023 (ACUERDO SE ORDENA EXPEDIR COPIAS)<\/a><\/td><\/tr><tr style=\"height:px\" ><td data-cell-id=\"A62\" data-x=\"0\" data-y=\"62\" data-db-index=\"62\" class=\"fsize-18\" data-cell-type=\"text\" data-original-value=\"16 DE JUNIO DE 2023, A LAS 12:25 HORAS\" data-order=\"16 DE JUNIO DE 2023, A LAS 12:25 HORAS\" >16 DE JUNIO DE 2023, A LAS 12:25 HORAS <\/td><td data-cell-id=\"B62\" data-x=\"1\" data-y=\"62\" data-db-index=\"62\" class=\"fsize-18\" data-cell-type=\"text\" data-original-value=\"DATO PROTEGIDO\" data-order=\"DATO PROTEGIDO\" >DATO PROTEGIDO <\/td><td data-cell-id=\"C62\" data-x=\"2\" data-y=\"62\" data-db-index=\"62\" class=\"fsize-18\" data-cell-type=\"text\" data-original-value=\"MAR\u00cdA LILLY DEL CARMEN TELLEZ GARC\u00cdA\" data-order=\"MAR\u00cdA LILLY DEL CARMEN TELLEZ GARC\u00cdA\" >MAR\u00cdA LILLY DEL CARMEN TELLEZ GARC\u00cdA <\/td><td data-cell-id=\"D62\" data-x=\"3\" data-y=\"62\" data-db-index=\"62\" class=\"fsize-18\" data-cell-type=\"text\" data-original-value=\"&lt;a href=&quot;https:\/\/teec.org.mx\/web\/wp-content\/uploads\/2023\/06\/TEEC-PES-2-2023-16-06-2023.pdf&quot; target=&quot;_blank&quot;&gt;TEEC\/PES\/2\/2023 (ACUERDO DE TURNO DE DOCUMENTACI\u00d3N)&lt;\/a&gt;\" data-order=\"&lt;a href=&quot;https:\/\/teec.org.mx\/web\/wp-content\/uploads\/2023\/06\/TEEC-PES-2-2023-16-06-2023.pdf&quot; target=&quot;_blank&quot;&gt;TEEC\/PES\/2\/2023 (ACUERDO DE TURNO DE DOCUMENTACI\u00d3N)&lt;\/a&gt;\" ><a href=\"https:\/\/teec.org.mx\/web\/wp-content\/uploads\/2023\/06\/TEEC-PES-2-2023-16-06-2023.pdf\" target=\"_blank\">TEEC\/PES\/2\/2023 (ACUERDO DE TURNO DE DOCUMENTACI\u00d3N)<\/a><\/td><\/tr><tr style=\"height:px\" ><td data-cell-id=\"A63\" data-x=\"0\" data-y=\"63\" data-db-index=\"63\" class=\"fsize-18\" data-cell-type=\"text\" data-original-value=\"15 DE JUNIO DE 2023, A LAS 14:48 HORAS\" data-order=\"15 DE JUNIO DE 2023, A LAS 14:48 HORAS\" >15 DE JUNIO DE 2023, A LAS 14:48 HORAS <\/td><td data-cell-id=\"B63\" data-x=\"1\" data-y=\"63\" data-db-index=\"63\" class=\"fsize-18\" data-cell-type=\"text\" data-original-value=\"MAR\u00cdA LILLY DEL CARMEN T\u00c9LLEZ\" data-order=\"MAR\u00cdA LILLY DEL CARMEN T\u00c9LLEZ\" >MAR\u00cdA LILLY DEL CARMEN T\u00c9LLEZ <\/td><td data-cell-id=\"C63\" data-x=\"2\" data-y=\"63\" data-db-index=\"63\" class=\"fsize-18\" data-cell-type=\"text\" data-original-value=\"SALA REGIONAL DEL TRIBUNAL ELECTORAL DEL PODER JUDICIAL DE LA FEDERACI\u00d3N CORRESPONDIENTE A LA TERCERA CIRCUNSCRIPCI\u00d3N PLURINOMINAL, CON SEDE EN XALAPA, VERACRUZ\" data-order=\"SALA REGIONAL DEL TRIBUNAL ELECTORAL DEL PODER JUDICIAL DE LA FEDERACI\u00d3N CORRESPONDIENTE A LA TERCERA CIRCUNSCRIPCI\u00d3N PLURINOMINAL, CON SEDE EN XALAPA, VERACRUZ\" >SALA REGIONAL DEL TRIBUNAL ELECTORAL DEL PODER JUDICIAL DE LA FEDERACI\u00d3N CORRESPONDIENTE A LA TERCERA CIRCUNSCRIPCI\u00d3N PLURINOMINAL, CON SEDE EN XALAPA, VERACRUZ <\/td><td data-cell-id=\"D63\" data-x=\"3\" data-y=\"63\" data-db-index=\"63\" class=\"fsize-18\" data-cell-type=\"text\" data-original-value=\"&lt;a href=&quot;https:\/\/teec.org.mx\/web\/wp-content\/uploads\/2023\/06\/TEEC-PES-2-2023-15-06-2023.pdf&quot; target=&quot;_blank&quot;&gt;TEEC\/PES\/2\/2023 (SE DA POR NOTIFICADO ESTA AUTORIDAD DE LA SENTENCIA DE LA SALA SUPERIOR)&lt;\/a&gt;\" data-order=\"&lt;a href=&quot;https:\/\/teec.org.mx\/web\/wp-content\/uploads\/2023\/06\/TEEC-PES-2-2023-15-06-2023.pdf&quot; target=&quot;_blank&quot;&gt;TEEC\/PES\/2\/2023 (SE DA POR NOTIFICADO ESTA AUTORIDAD DE LA SENTENCIA DE LA SALA SUPERIOR)&lt;\/a&gt;\" ><a href=\"https:\/\/teec.org.mx\/web\/wp-content\/uploads\/2023\/06\/TEEC-PES-2-2023-15-06-2023.pdf\" target=\"_blank\">TEEC\/PES\/2\/2023 (SE DA POR NOTIFICADO ESTA AUTORIDAD DE LA SENTENCIA DE LA SALA SUPERIOR)<\/a><\/td><\/tr><tr style=\"height:px\" ><td data-cell-id=\"A64\" data-x=\"0\" data-y=\"64\" data-db-index=\"64\" class=\"fsize-18\" data-cell-type=\"text\" data-original-value=\"15 DE JUNIO DE 2023, A LAS 14:26 HORAS\" data-order=\"15 DE JUNIO DE 2023, A LAS 14:26 HORAS\" >15 DE JUNIO DE 2023, A LAS 14:26 HORAS <\/td><td data-cell-id=\"B64\" data-x=\"1\" data-y=\"64\" data-db-index=\"64\" class=\"fsize-18\" data-cell-type=\"text\" data-original-value=\"DATO PROTEGIDO\" data-order=\"DATO PROTEGIDO\" >DATO PROTEGIDO <\/td><td data-cell-id=\"C64\" data-x=\"2\" data-y=\"64\" data-db-index=\"64\" class=\"fsize-18\" data-cell-type=\"text\" data-original-value=\"PEDRO FERRIZ HIJAR Y\/O QUI\u00c9N RESULTE RESPONSABLE\" data-order=\"PEDRO FERRIZ HIJAR Y\/O QUI\u00c9N RESULTE RESPONSABLE\" >PEDRO FERRIZ HIJAR Y\/O QUI\u00c9N RESULTE RESPONSABLE <\/td><td data-cell-id=\"D64\" data-x=\"3\" data-y=\"64\" data-db-index=\"64\" class=\"fsize-18\" data-cell-type=\"text\" data-original-value=\"&lt;a href=&quot;https:\/\/teec.org.mx\/web\/wp-content\/uploads\/2023\/06\/TEEC-PES-6-2023-15-06-2023.pdf&quot; target=&quot;_blank&quot;&gt;TEEC\/PES\/6\/2023 (ACUERDO DE TURNO DE DOCUMENTACI\u00d3N)&lt;\/a&gt;\" data-order=\"&lt;a href=&quot;https:\/\/teec.org.mx\/web\/wp-content\/uploads\/2023\/06\/TEEC-PES-6-2023-15-06-2023.pdf&quot; target=&quot;_blank&quot;&gt;TEEC\/PES\/6\/2023 (ACUERDO DE TURNO DE DOCUMENTACI\u00d3N)&lt;\/a&gt;\" ><a href=\"https:\/\/teec.org.mx\/web\/wp-content\/uploads\/2023\/06\/TEEC-PES-6-2023-15-06-2023.pdf\" target=\"_blank\">TEEC\/PES\/6\/2023 (ACUERDO DE TURNO DE DOCUMENTACI\u00d3N)<\/a><\/td><\/tr><tr style=\"height:px\" ><td data-cell-id=\"A65\" data-x=\"0\" data-y=\"65\" data-db-index=\"65\" class=\"fsize-18\" data-cell-type=\"text\" data-original-value=\"14 DE JUNIO DE 2023, A LAS 14:37 HORAS\" data-order=\"14 DE JUNIO DE 2023, A LAS 14:37 HORAS\" >14 DE JUNIO DE 2023, A LAS 14:37 HORAS <\/td><td data-cell-id=\"B65\" data-x=\"1\" data-y=\"65\" data-db-index=\"65\" class=\"fsize-18\" data-cell-type=\"text\" data-original-value=\"DATO PROTEGIDO\" data-order=\"DATO PROTEGIDO\" >DATO PROTEGIDO <\/td><td data-cell-id=\"C65\" data-x=\"2\" data-y=\"65\" data-db-index=\"65\" class=\"fsize-18\" data-cell-type=\"text\" data-original-value=\"CARLOS MARIN MART\u00cdNEZ\" data-order=\"CARLOS MARIN MART\u00cdNEZ\" >CARLOS MARIN MART\u00cdNEZ <\/td><td data-cell-id=\"D65\" data-x=\"3\" data-y=\"65\" data-db-index=\"65\" class=\"fsize-18\" data-cell-type=\"text\" data-original-value=\"&lt;a href=&quot;https:\/\/teec.org.mx\/web\/wp-content\/uploads\/2023\/06\/TEEC-PES-5-2023-14-06-2023.pdf&quot; target=&quot;_blank&quot;&gt;TEEC\/PES\/5\/2023 (ACUERDO DE RECEPCI\u00d3N, RADICACI\u00d3N, CUMPLIMIENTO Y ACUMULACI\u00d3N)&lt;\/a&gt;\" data-order=\"&lt;a href=&quot;https:\/\/teec.org.mx\/web\/wp-content\/uploads\/2023\/06\/TEEC-PES-5-2023-14-06-2023.pdf&quot; target=&quot;_blank&quot;&gt;TEEC\/PES\/5\/2023 (ACUERDO DE RECEPCI\u00d3N, RADICACI\u00d3N, CUMPLIMIENTO Y ACUMULACI\u00d3N)&lt;\/a&gt;\" ><a href=\"https:\/\/teec.org.mx\/web\/wp-content\/uploads\/2023\/06\/TEEC-PES-5-2023-14-06-2023.pdf\" target=\"_blank\">TEEC\/PES\/5\/2023 (ACUERDO DE RECEPCI\u00d3N, RADICACI\u00d3N, CUMPLIMIENTO Y ACUMULACI\u00d3N)<\/a><\/td><\/tr><tr style=\"height:px\" ><td data-cell-id=\"A66\" data-x=\"0\" data-y=\"66\" data-db-index=\"66\" class=\"fsize-18\" data-cell-type=\"text\" data-original-value=\"13 DE JUNIO DE 2023, A LAS 12:40 HORAS\" data-order=\"13 DE JUNIO DE 2023, A LAS 12:40 HORAS\" >13 DE JUNIO DE 2023, A LAS 12:40 HORAS <\/td><td data-cell-id=\"B66\" data-x=\"1\" data-y=\"66\" data-db-index=\"66\" class=\"fsize-18\" data-cell-type=\"text\" data-original-value=\"DATO PROTEGIDO\" data-order=\"DATO PROTEGIDO\" >DATO PROTEGIDO <\/td><td data-cell-id=\"C66\" data-x=\"2\" data-y=\"66\" data-db-index=\"66\" class=\"fsize-18\" data-cell-type=\"text\" data-original-value=\"CARLOS MARIN MART\u00cdNEZ\" data-order=\"CARLOS MARIN MART\u00cdNEZ\" >CARLOS MARIN MART\u00cdNEZ <\/td><td data-cell-id=\"D66\" data-x=\"3\" data-y=\"66\" data-db-index=\"66\" class=\"fsize-18\" data-cell-type=\"text\" data-original-value=\"&lt;a href=&quot;https:\/\/teec.org.mx\/web\/wp-content\/uploads\/2023\/06\/TEEC-PES-5-2023-13-06-2023.pdf&quot; target=&quot;_blank&quot;&gt;TEEC\/PES\/5\/2023 (SE TURNA NUEVAMENTE EL EXPEDIENTE)&lt;\/a&gt;\" data-order=\"&lt;a href=&quot;https:\/\/teec.org.mx\/web\/wp-content\/uploads\/2023\/06\/TEEC-PES-5-2023-13-06-2023.pdf&quot; target=&quot;_blank&quot;&gt;TEEC\/PES\/5\/2023 (SE TURNA NUEVAMENTE EL EXPEDIENTE)&lt;\/a&gt;\" ><a href=\"https:\/\/teec.org.mx\/web\/wp-content\/uploads\/2023\/06\/TEEC-PES-5-2023-13-06-2023.pdf\" target=\"_blank\">TEEC\/PES\/5\/2023 (SE TURNA NUEVAMENTE EL EXPEDIENTE)<\/a><\/td><\/tr><tr style=\"height:px\" ><td data-cell-id=\"A67\" data-x=\"0\" data-y=\"67\" data-db-index=\"67\" class=\"fsize-18\" data-cell-type=\"text\" data-original-value=\"07 DE JUNIO DE 2023, A LAS 14:50 HORAS\" data-order=\"07 DE JUNIO DE 2023, A LAS 14:50 HORAS\" >07 DE JUNIO DE 2023, A LAS 14:50 HORAS <\/td><td data-cell-id=\"B67\" data-x=\"1\" data-y=\"67\" data-db-index=\"67\" class=\"fsize-18\" data-cell-type=\"text\" data-original-value=\"DATO PROTEGIDO\" data-order=\"DATO PROTEGIDO\" >DATO PROTEGIDO <\/td><td data-cell-id=\"C67\" data-x=\"2\" data-y=\"67\" data-db-index=\"67\" class=\"fsize-18\" data-cell-type=\"text\" data-original-value=\"PEDRO FERRIZ HIJAR Y\/O QUI\u00c9N RESULTE RESPONSABLE\" data-order=\"PEDRO FERRIZ HIJAR Y\/O QUI\u00c9N RESULTE RESPONSABLE\" >PEDRO FERRIZ HIJAR Y\/O QUI\u00c9N RESULTE RESPONSABLE <\/td><td data-cell-id=\"D67\" data-x=\"3\" data-y=\"67\" data-db-index=\"67\" class=\"fsize-18\" data-cell-type=\"text\" data-original-value=\"&lt;a href=&quot;https:\/\/teec.org.mx\/web\/wp-content\/uploads\/2023\/06\/TEEC-PES-6-2023-07-06-2023.pdf&quot; target=&quot;_blank&quot;&gt;TEEC\/PES\/6\/2023 (ACUERDO DE RECEPCI\u00d3N, RADICACI\u00d3N Y DILIGENCIA PARA MEJOR PROVEER)&lt;\/a&gt;\" data-order=\"&lt;a href=&quot;https:\/\/teec.org.mx\/web\/wp-content\/uploads\/2023\/06\/TEEC-PES-6-2023-07-06-2023.pdf&quot; target=&quot;_blank&quot;&gt;TEEC\/PES\/6\/2023 (ACUERDO DE RECEPCI\u00d3N, RADICACI\u00d3N Y DILIGENCIA PARA MEJOR PROVEER)&lt;\/a&gt;\" ><a href=\"https:\/\/teec.org.mx\/web\/wp-content\/uploads\/2023\/06\/TEEC-PES-6-2023-07-06-2023.pdf\" target=\"_blank\">TEEC\/PES\/6\/2023 (ACUERDO DE RECEPCI\u00d3N, RADICACI\u00d3N Y DILIGENCIA PARA MEJOR PROVEER)<\/a><\/td><\/tr><tr style=\"height:px\" ><td data-cell-id=\"A68\" data-x=\"0\" data-y=\"68\" data-db-index=\"68\" class=\"fsize-18\" data-cell-type=\"text\" data-original-value=\"07 DE JUNIO DE 2023, A LAS 10:10 HORAS\" data-order=\"07 DE JUNIO DE 2023, A LAS 10:10 HORAS\" >07 DE JUNIO DE 2023, A LAS 10:10 HORAS <\/td><td data-cell-id=\"B68\" data-x=\"1\" data-y=\"68\" data-db-index=\"68\" class=\"fsize-18\" data-cell-type=\"text\" data-original-value=\"DATO PROTEGIDO \" data-order=\"DATO PROTEGIDO \" >DATO PROTEGIDO <\/td><td data-cell-id=\"C68\" data-x=\"2\" data-y=\"68\" data-db-index=\"68\" class=\"fsize-18\" data-cell-type=\"text\" data-original-value=\"ANGEL ESCAMILLA Y\/O QUIEN RESULTE SER EL ADMINISTRADOR DEL USUARIO DENOMINADO COMO \u201cANGEL ESCAMILLA\u201d EN LA RED SOCIAL \u201cFACEBOOK\u201d (sic), Y\/O MIGUEL \u00c1NGEL G\u00d3MEZ ESCAMILLA\" data-order=\"ANGEL ESCAMILLA Y\/O QUIEN RESULTE SER EL ADMINISTRADOR DEL USUARIO DENOMINADO COMO \u201cANGEL ESCAMILLA\u201d EN LA RED SOCIAL \u201cFACEBOOK\u201d (sic), Y\/O MIGUEL \u00c1NGEL G\u00d3MEZ ESCAMILLA\" >ANGEL ESCAMILLA Y\/O QUIEN RESULTE SER EL ADMINISTRADOR DEL USUARIO DENOMINADO COMO \u201cANGEL ESCAMILLA\u201d EN LA RED SOCIAL \u201cFACEBOOK\u201d (sic), Y\/O MIGUEL \u00c1NGEL G\u00d3MEZ ESCAMILLA <\/td><td data-cell-id=\"D68\" data-x=\"3\" data-y=\"68\" data-db-index=\"68\" class=\"fsize-18\" data-cell-type=\"text\" data-original-value=\"&lt;a href=&quot;https:\/\/teec.org.mx\/web\/wp-content\/uploads\/2023\/06\/TEEC-PES-4-2023-07-06-2023.pdf&quot; target=&quot;_blank&quot;&gt;TEEC\/PES\/4\/2023 (ACUERDO DE ACUMULACI\u00d3N Y CUMPLIMIENTO DE SENTENCIA)&lt;\/a&gt;\" data-order=\"&lt;a href=&quot;https:\/\/teec.org.mx\/web\/wp-content\/uploads\/2023\/06\/TEEC-PES-4-2023-07-06-2023.pdf&quot; target=&quot;_blank&quot;&gt;TEEC\/PES\/4\/2023 (ACUERDO DE ACUMULACI\u00d3N Y CUMPLIMIENTO DE SENTENCIA)&lt;\/a&gt;\" ><a href=\"https:\/\/teec.org.mx\/web\/wp-content\/uploads\/2023\/06\/TEEC-PES-4-2023-07-06-2023.pdf\" target=\"_blank\">TEEC\/PES\/4\/2023 (ACUERDO DE ACUMULACI\u00d3N Y CUMPLIMIENTO DE SENTENCIA)<\/a><\/td><\/tr><tr style=\"height:px\" ><td data-cell-id=\"A69\" data-x=\"0\" data-y=\"69\" data-db-index=\"69\" class=\"fsize-18\" data-cell-type=\"text\" data-original-value=\"05 DE JUNIO DE 2023, A LAS 14:23 HORAS\" data-order=\"05 DE JUNIO DE 2023, A LAS 14:23 HORAS\" >05 DE JUNIO DE 2023, A LAS 14:23 HORAS <\/td><td data-cell-id=\"B69\" data-x=\"1\" data-y=\"69\" data-db-index=\"69\" class=\"fsize-18\" data-cell-type=\"text\" data-original-value=\"LAYDA ELENA SANSORES SAN ROM\u00c1N EN CALIDAD DE GOBERNADORA CONSTITUCIONAL DEL ESTADO DE CAMPECHE\" data-order=\"LAYDA ELENA SANSORES SAN ROM\u00c1N EN CALIDAD DE GOBERNADORA CONSTITUCIONAL DEL ESTADO DE CAMPECHE\" >LAYDA ELENA SANSORES SAN ROM\u00c1N EN CALIDAD DE GOBERNADORA CONSTITUCIONAL DEL ESTADO DE CAMPECHE <\/td><td data-cell-id=\"C69\" data-x=\"2\" data-y=\"69\" data-db-index=\"69\" class=\"fsize-18\" data-cell-type=\"text\" data-original-value=\"PEDRO FERRIZ HIJAR Y\/O CONTRA QUIEN RESULTE RESPONSABLE\" data-order=\"PEDRO FERRIZ HIJAR Y\/O CONTRA QUIEN RESULTE RESPONSABLE\" >PEDRO FERRIZ HIJAR Y\/O CONTRA QUIEN RESULTE RESPONSABLE <\/td><td data-cell-id=\"D69\" data-x=\"3\" data-y=\"69\" data-db-index=\"69\" class=\"fsize-18\" data-cell-type=\"text\" data-original-value=\"&lt;a href=&quot;https:\/\/teec.org.mx\/web\/wp-content\/uploads\/2023\/06\/TEEC-PES-6-2023-05-06-2023.pdf&quot; target=&quot;_blank&quot;&gt;TEEC\/PES\/6\/2023 (ACUERDO DE TURNO DE DOCUMENTACI\u00d3N)&lt;\/a&gt;\" data-order=\"&lt;a href=&quot;https:\/\/teec.org.mx\/web\/wp-content\/uploads\/2023\/06\/TEEC-PES-6-2023-05-06-2023.pdf&quot; target=&quot;_blank&quot;&gt;TEEC\/PES\/6\/2023 (ACUERDO DE TURNO DE DOCUMENTACI\u00d3N)&lt;\/a&gt;\" ><a href=\"https:\/\/teec.org.mx\/web\/wp-content\/uploads\/2023\/06\/TEEC-PES-6-2023-05-06-2023.pdf\" target=\"_blank\">TEEC\/PES\/6\/2023 (ACUERDO DE TURNO DE DOCUMENTACI\u00d3N)<\/a><\/td><\/tr><tr style=\"height:px\" ><td data-cell-id=\"A70\" data-x=\"0\" data-y=\"70\" data-db-index=\"70\" class=\"fsize-18\" data-cell-type=\"text\" data-original-value=\"02 DE JUNIO DE 2023, A LAS 12:50 HORAS\" data-order=\"02 DE JUNIO DE 2023, A LAS 12:50 HORAS\" >02 DE JUNIO DE 2023, A LAS 12:50 HORAS <\/td><td data-cell-id=\"B70\" data-x=\"1\" data-y=\"70\" data-db-index=\"70\" class=\"fsize-18\" data-cell-type=\"text\" data-original-value=\"DATO PROTEGIDO\" data-order=\"DATO PROTEGIDO\" >DATO PROTEGIDO <\/td><td data-cell-id=\"C70\" data-x=\"2\" data-y=\"70\" data-db-index=\"70\" class=\"fsize-18\" data-cell-type=\"text\" data-original-value=\"ANGEL ESCAMILLA Y\/O QUIEN RESULTE SER EL ADMINISTRADOR DEL USUARIO DENOMINADO COMO \u201cANGEL ESCAMILLA\u201d EN LA RED SOCIAL \u201cFACEBOOK\u201d (sic), Y\/O MIGUEL \u00c1NGEL G\u00d3MEZ ESCAMILLA\" data-order=\"ANGEL ESCAMILLA Y\/O QUIEN RESULTE SER EL ADMINISTRADOR DEL USUARIO DENOMINADO COMO \u201cANGEL ESCAMILLA\u201d EN LA RED SOCIAL \u201cFACEBOOK\u201d (sic), Y\/O MIGUEL \u00c1NGEL G\u00d3MEZ ESCAMILLA\" >ANGEL ESCAMILLA Y\/O QUIEN RESULTE SER EL ADMINISTRADOR DEL USUARIO DENOMINADO COMO \u201cANGEL ESCAMILLA\u201d EN LA RED SOCIAL \u201cFACEBOOK\u201d (sic), Y\/O MIGUEL \u00c1NGEL G\u00d3MEZ ESCAMILLA <\/td><td data-cell-id=\"D70\" data-x=\"3\" data-y=\"70\" data-db-index=\"70\" class=\"fsize-18\" data-cell-type=\"text\" data-original-value=\"&lt;a href=&quot;https:\/\/teec.org.mx\/web\/wp-content\/uploads\/2023\/06\/TEEC-PES-4-2023-02-06-2023.pdf&quot; target=&quot;_blank&quot;&gt;TEEC\/PES\/4\/2023 (ACUERDO DE TURNO DE DOCUMENTACI\u00d3N)&lt;\/a&gt;\" data-order=\"&lt;a href=&quot;https:\/\/teec.org.mx\/web\/wp-content\/uploads\/2023\/06\/TEEC-PES-4-2023-02-06-2023.pdf&quot; target=&quot;_blank&quot;&gt;TEEC\/PES\/4\/2023 (ACUERDO DE TURNO DE DOCUMENTACI\u00d3N)&lt;\/a&gt;\" ><a href=\"https:\/\/teec.org.mx\/web\/wp-content\/uploads\/2023\/06\/TEEC-PES-4-2023-02-06-2023.pdf\" target=\"_blank\">TEEC\/PES\/4\/2023 (ACUERDO DE TURNO DE DOCUMENTACI\u00d3N)<\/a><\/td><\/tr><tr style=\"height:px\" ><td data-cell-id=\"A71\" data-x=\"0\" data-y=\"71\" data-db-index=\"71\" class=\"fsize-18\" data-cell-type=\"text\" data-original-value=\"02 DE JUNIO DE 2023, A LAS 11:20 HORAS\" data-order=\"02 DE JUNIO DE 2023, A LAS 11:20 HORAS\" >02 DE JUNIO DE 2023, A LAS 11:20 HORAS <\/td><td data-cell-id=\"B71\" data-x=\"1\" data-y=\"71\" data-db-index=\"71\" class=\"fsize-18\" data-cell-type=\"text\" data-original-value=\"LAYDA ELENA SANSORES SAN ROM\u00c1N EN CALIDAD DE GOBERNADORA CONSTITUCIONAL DEL ESTADO DE CAMPECHE\" data-order=\"LAYDA ELENA SANSORES SAN ROM\u00c1N EN CALIDAD DE GOBERNADORA CONSTITUCIONAL DEL ESTADO DE CAMPECHE\" >LAYDA ELENA SANSORES SAN ROM\u00c1N EN CALIDAD DE GOBERNADORA CONSTITUCIONAL DEL ESTADO DE CAMPECHE <\/td><td data-cell-id=\"C71\" data-x=\"2\" data-y=\"71\" data-db-index=\"71\" class=\"fsize-18\" data-cell-type=\"text\" data-original-value=\"PEDRO FERRIZ HIJAR Y\/O CONTRA QUIEN RESULTE RESPONSABLE\" data-order=\"PEDRO FERRIZ HIJAR Y\/O CONTRA QUIEN RESULTE RESPONSABLE\" >PEDRO FERRIZ HIJAR Y\/O CONTRA QUIEN RESULTE RESPONSABLE <\/td><td data-cell-id=\"D71\" data-x=\"3\" data-y=\"71\" data-db-index=\"71\" class=\"fsize-18\" data-cell-type=\"text\" data-original-value=\"&lt;a href=&quot;https:\/\/teec.org.mx\/web\/wp-content\/uploads\/2023\/06\/TEEC-PES-6-2023-02-06-2023.pdf&quot; target=&quot;_blank&quot;&gt;TEEC\/PES\/6\/2023 (ACUERDO DE TURNO)&lt;\/a&gt;\" data-order=\"&lt;a href=&quot;https:\/\/teec.org.mx\/web\/wp-content\/uploads\/2023\/06\/TEEC-PES-6-2023-02-06-2023.pdf&quot; target=&quot;_blank&quot;&gt;TEEC\/PES\/6\/2023 (ACUERDO DE TURNO)&lt;\/a&gt;\" ><a href=\"https:\/\/teec.org.mx\/web\/wp-content\/uploads\/2023\/06\/TEEC-PES-6-2023-02-06-2023.pdf\" target=\"_blank\">TEEC\/PES\/6\/2023 (ACUERDO DE TURNO)<\/a><\/td><\/tr><tr style=\"height:px\" ><td data-cell-id=\"A72\" data-x=\"0\" data-y=\"72\" data-db-index=\"72\" class=\"fsize-18\" data-cell-type=\"text\" data-original-value=\"01 DE JUNIO DE 2023, A LAS 14:00 HORAS.\" data-order=\"01 DE JUNIO DE 2023, A LAS 14:00 HORAS.\" >01 DE JUNIO DE 2023, A LAS 14:00 HORAS. <\/td><td data-cell-id=\"B72\" data-x=\"1\" data-y=\"72\" data-db-index=\"72\" class=\"fsize-18\" data-cell-type=\"text\" data-original-value=\"DATO PROTEGIDO\" data-order=\"DATO PROTEGIDO\" >DATO PROTEGIDO <\/td><td data-cell-id=\"C72\" data-x=\"2\" data-y=\"72\" data-db-index=\"72\" class=\"fsize-18\" data-cell-type=\"text\" data-original-value=\"CARLOS MARIN MART\u00cdNEZ\" data-order=\"CARLOS MARIN MART\u00cdNEZ\" >CARLOS MARIN MART\u00cdNEZ <\/td><td data-cell-id=\"D72\" data-x=\"3\" data-y=\"72\" data-db-index=\"72\" class=\"fsize-18\" data-cell-type=\"text\" data-original-value=\"&lt;a href=&quot;https:\/\/teec.org.mx\/web\/wp-content\/uploads\/2023\/06\/TEEC-PES-5-2023-01-06-2023.pdf&quot; target=&quot;_blank&quot;&gt;TEEC\/PES\/5\/2023 (ACUERDO DE PARA MEJOR PROVEER)&lt;\/a&gt;\" data-order=\"&lt;a href=&quot;https:\/\/teec.org.mx\/web\/wp-content\/uploads\/2023\/06\/TEEC-PES-5-2023-01-06-2023.pdf&quot; target=&quot;_blank&quot;&gt;TEEC\/PES\/5\/2023 (ACUERDO DE PARA MEJOR PROVEER)&lt;\/a&gt;\" ><a href=\"https:\/\/teec.org.mx\/web\/wp-content\/uploads\/2023\/06\/TEEC-PES-5-2023-01-06-2023.pdf\" target=\"_blank\">TEEC\/PES\/5\/2023 (ACUERDO DE PARA MEJOR PROVEER)<\/a><\/td><\/tr><tr style=\"height:px\" ><td data-cell-id=\"A73\" data-x=\"0\" data-y=\"73\" data-db-index=\"73\" class=\"fsize-18\" data-cell-type=\"text\" data-original-value=\"31 DE MAYO DE 2023, A LAS 13:10 HORAS\" data-order=\"31 DE MAYO DE 2023, A LAS 13:10 HORAS\" >31 DE MAYO DE 2023, A LAS 13:10 HORAS <\/td><td data-cell-id=\"B73\" data-x=\"1\" data-y=\"73\" data-db-index=\"73\" class=\"fsize-18\" data-cell-type=\"text\" data-original-value=\"DATO PROTEGIDO \" data-order=\"DATO PROTEGIDO \" >DATO PROTEGIDO <\/td><td data-cell-id=\"C73\" data-x=\"2\" data-y=\"73\" data-db-index=\"73\" class=\"fsize-18\" data-cell-type=\"text\" data-original-value=\"ANGEL ESCAMILLA Y\/O QUIEN RESULTE SER EL ADMINISTRADOR DEL USUARIO DENOMINADO COMO \u201cANGEL ESCAMILLA\u201d EN LA RED SOCIAL \u201cFACEBOOK\u201d (sic), Y\/O MIGUEL \u00c1NGEL G\u00d3MEZ ESCAMILLA\" data-order=\"ANGEL ESCAMILLA Y\/O QUIEN RESULTE SER EL ADMINISTRADOR DEL USUARIO DENOMINADO COMO \u201cANGEL ESCAMILLA\u201d EN LA RED SOCIAL \u201cFACEBOOK\u201d (sic), Y\/O MIGUEL \u00c1NGEL G\u00d3MEZ ESCAMILLA\" >ANGEL ESCAMILLA Y\/O QUIEN RESULTE SER EL ADMINISTRADOR DEL USUARIO DENOMINADO COMO \u201cANGEL ESCAMILLA\u201d EN LA RED SOCIAL \u201cFACEBOOK\u201d (sic), Y\/O MIGUEL \u00c1NGEL G\u00d3MEZ ESCAMILLA <\/td><td data-cell-id=\"D73\" data-x=\"3\" data-y=\"73\" data-db-index=\"73\" class=\"fsize-18\" data-cell-type=\"text\" data-original-value=\"&lt;a href=&quot;https:\/\/teec.org.mx\/web\/wp-content\/uploads\/2023\/05\/TEEC-PES-4-2023-31-05-2023.pdf&quot; target=&quot;_blank&quot;&gt;TEEC\/PES\/4\/2023 (ACUERDO DE TURNO DE DOCUMENTACI\u00d3N)&lt;\/a&gt;\" data-order=\"&lt;a href=&quot;https:\/\/teec.org.mx\/web\/wp-content\/uploads\/2023\/05\/TEEC-PES-4-2023-31-05-2023.pdf&quot; target=&quot;_blank&quot;&gt;TEEC\/PES\/4\/2023 (ACUERDO DE TURNO DE DOCUMENTACI\u00d3N)&lt;\/a&gt;\" ><a href=\"https:\/\/teec.org.mx\/web\/wp-content\/uploads\/2023\/05\/TEEC-PES-4-2023-31-05-2023.pdf\" target=\"_blank\">TEEC\/PES\/4\/2023 (ACUERDO DE TURNO DE DOCUMENTACI\u00d3N)<\/a><\/td><\/tr><tr style=\"height:px\" ><td data-cell-id=\"A74\" data-x=\"0\" data-y=\"74\" data-db-index=\"74\" class=\"fsize-18\" data-cell-type=\"text\" data-original-value=\"29 DE MAYO DE 2023, A LAS 12:20 HORAS\" data-order=\"29 DE MAYO DE 2023, A LAS 12:20 HORAS\" >29 DE MAYO DE 2023, A LAS 12:20 HORAS <\/td><td data-cell-id=\"B74\" data-x=\"1\" data-y=\"74\" data-db-index=\"74\" class=\"fsize-18\" data-cell-type=\"text\" data-original-value=\"DATO PROTEGIDO\" data-order=\"DATO PROTEGIDO\" >DATO PROTEGIDO <\/td><td data-cell-id=\"C74\" data-x=\"2\" data-y=\"74\" data-db-index=\"74\" class=\"fsize-18\" data-cell-type=\"text\" data-original-value=\"ANGEL ESCAMILLA Y\/O QUIEN RESULTE SER EL ADMINISTRADOR DEL USUARIO DENOMINADO COMO \u201cANGEL ESCAMILLA\u201d EN LA RED SOCIAL \u201cFACEBOOK\u201d (sic), Y\/O MIGUEL \u00c1NGEL G\u00d3MEZ ESCAMILLA\" data-order=\"ANGEL ESCAMILLA Y\/O QUIEN RESULTE SER EL ADMINISTRADOR DEL USUARIO DENOMINADO COMO \u201cANGEL ESCAMILLA\u201d EN LA RED SOCIAL \u201cFACEBOOK\u201d (sic), Y\/O MIGUEL \u00c1NGEL G\u00d3MEZ ESCAMILLA\" >ANGEL ESCAMILLA Y\/O QUIEN RESULTE SER EL ADMINISTRADOR DEL USUARIO DENOMINADO COMO \u201cANGEL ESCAMILLA\u201d EN LA RED SOCIAL \u201cFACEBOOK\u201d (sic), Y\/O MIGUEL \u00c1NGEL G\u00d3MEZ ESCAMILLA <\/td><td data-cell-id=\"D74\" data-x=\"3\" data-y=\"74\" data-db-index=\"74\" class=\"fsize-18\" data-cell-type=\"text\" data-original-value=\"&lt;a href=&quot;https:\/\/teec.org.mx\/web\/wp-content\/uploads\/2023\/05\/TEEC-PES-4-2023-29-05-2023.pdf&quot; target=&quot;_blank&quot;&gt;TEEC\/PES\/4\/2023 (ACUERDO DELTR\u00c1MITE LEGAL CORRESPONDIENTE)&lt;\/a&gt;\" data-order=\"&lt;a href=&quot;https:\/\/teec.org.mx\/web\/wp-content\/uploads\/2023\/05\/TEEC-PES-4-2023-29-05-2023.pdf&quot; target=&quot;_blank&quot;&gt;TEEC\/PES\/4\/2023 (ACUERDO DELTR\u00c1MITE LEGAL CORRESPONDIENTE)&lt;\/a&gt;\" ><a href=\"https:\/\/teec.org.mx\/web\/wp-content\/uploads\/2023\/05\/TEEC-PES-4-2023-29-05-2023.pdf\" target=\"_blank\">TEEC\/PES\/4\/2023 (ACUERDO DELTR\u00c1MITE LEGAL CORRESPONDIENTE)<\/a><\/td><\/tr><tr style=\"height:px\" ><td data-cell-id=\"A75\" data-x=\"0\" data-y=\"75\" data-db-index=\"75\" class=\"fsize-18\" data-cell-type=\"text\" data-original-value=\"26 DE MAYO DE 2023, A LAS 11:39 HORAS\" data-order=\"26 DE MAYO DE 2023, A LAS 11:39 HORAS\" >26 DE MAYO DE 2023, A LAS 11:39 HORAS <\/td><td data-cell-id=\"B75\" data-x=\"1\" data-y=\"75\" data-db-index=\"75\" class=\"fsize-18\" data-cell-type=\"text\" data-original-value=\"DATO PROTEGIDO \" data-order=\"DATO PROTEGIDO \" >DATO PROTEGIDO <\/td><td data-cell-id=\"C75\" data-x=\"2\" data-y=\"75\" data-db-index=\"75\" class=\"fsize-18\" data-cell-type=\"text\" data-original-value=\"CARLOS MARIN MART\u00cdNEZ\" data-order=\"CARLOS MARIN MART\u00cdNEZ\" >CARLOS MARIN MART\u00cdNEZ <\/td><td data-cell-id=\"D75\" data-x=\"3\" data-y=\"75\" data-db-index=\"75\" class=\"fsize-18\" data-cell-type=\"text\" data-original-value=\"&lt;a href=&quot;https:\/\/teec.org.mx\/web\/wp-content\/uploads\/2023\/05\/TEEC-PES-5-2023-26-05-2023.pdf&quot; target=&quot;_blank&quot;&gt;TEEC\/PES\/5\/2023 (ACUERDO DE RECEPCI\u00d3N, RADICACI\u00d3N Y SUPRESI\u00d3N DE DATOS PERSONALES)&lt;\/a&gt;\" data-order=\"&lt;a href=&quot;https:\/\/teec.org.mx\/web\/wp-content\/uploads\/2023\/05\/TEEC-PES-5-2023-26-05-2023.pdf&quot; target=&quot;_blank&quot;&gt;TEEC\/PES\/5\/2023 (ACUERDO DE RECEPCI\u00d3N, RADICACI\u00d3N Y SUPRESI\u00d3N DE DATOS PERSONALES)&lt;\/a&gt;\" ><a href=\"https:\/\/teec.org.mx\/web\/wp-content\/uploads\/2023\/05\/TEEC-PES-5-2023-26-05-2023.pdf\" target=\"_blank\">TEEC\/PES\/5\/2023 (ACUERDO DE RECEPCI\u00d3N, RADICACI\u00d3N Y SUPRESI\u00d3N DE DATOS PERSONALES)<\/a><\/td><\/tr><tr style=\"height:px\" ><td data-cell-id=\"A76\" data-x=\"0\" data-y=\"76\" data-db-index=\"76\" class=\"fsize-18\" data-cell-type=\"text\" data-original-value=\"25 DE MAYO DE 2023, A LAS 11:30 HORAS\" data-order=\"25 DE MAYO DE 2023, A LAS 11:30 HORAS\" >25 DE MAYO DE 2023, A LAS 11:30 HORAS <\/td><td data-cell-id=\"B76\" data-x=\"1\" data-y=\"76\" data-db-index=\"76\" class=\"fsize-18\" data-cell-type=\"text\" data-original-value=\"LAYDA ELENA SANSORES SAN ROM\u00c1N EN CALIDAD DE GOBERNADORA CONSTITUCIONAL DEL ESTADO DE CAMPECHE\" data-order=\"LAYDA ELENA SANSORES SAN ROM\u00c1N EN CALIDAD DE GOBERNADORA CONSTITUCIONAL DEL ESTADO DE CAMPECHE\" >LAYDA ELENA SANSORES SAN ROM\u00c1N EN CALIDAD DE GOBERNADORA CONSTITUCIONAL DEL ESTADO DE CAMPECHE <\/td><td data-cell-id=\"C76\" data-x=\"2\" data-y=\"76\" data-db-index=\"76\" class=\"fsize-18\" data-cell-type=\"text\" data-original-value=\"CARLOS MARIN MART\u00cdNEZ\" data-order=\"CARLOS MARIN MART\u00cdNEZ\" >CARLOS MARIN MART\u00cdNEZ <\/td><td data-cell-id=\"D76\" data-x=\"3\" data-y=\"76\" data-db-index=\"76\" class=\"fsize-18\" data-cell-type=\"text\" data-original-value=\"&lt;a href=&quot;https:\/\/teec.org.mx\/web\/wp-content\/uploads\/2023\/05\/TEEC-PES-5-2023-25-05-2023.pdf&quot; target=&quot;_blank&quot;&gt;TEEC\/PES\/5\/2023 (ACUERDO DE TURNO)&lt;\/a&gt;\" data-order=\"&lt;a href=&quot;https:\/\/teec.org.mx\/web\/wp-content\/uploads\/2023\/05\/TEEC-PES-5-2023-25-05-2023.pdf&quot; target=&quot;_blank&quot;&gt;TEEC\/PES\/5\/2023 (ACUERDO DE TURNO)&lt;\/a&gt;\" ><a href=\"https:\/\/teec.org.mx\/web\/wp-content\/uploads\/2023\/05\/TEEC-PES-5-2023-25-05-2023.pdf\" target=\"_blank\">TEEC\/PES\/5\/2023 (ACUERDO DE TURNO)<\/a><\/td><\/tr><tr style=\"height:px\" ><td data-cell-id=\"A77\" data-x=\"0\" data-y=\"77\" data-db-index=\"77\" class=\"fsize-18\" data-cell-type=\"text\" data-original-value=\"24 DE MAYO DE 2023, A LAS 12:10 HORAS\" data-order=\"24 DE MAYO DE 2023, A LAS 12:10 HORAS\" >24 DE MAYO DE 2023, A LAS 12:10 HORAS <\/td><td data-cell-id=\"B77\" data-x=\"1\" data-y=\"77\" data-db-index=\"77\" class=\"fsize-18\" data-cell-type=\"text\" data-original-value=\"DATOS PROTEGIDOS\" data-order=\"DATOS PROTEGIDOS\" >DATOS PROTEGIDOS <\/td><td data-cell-id=\"C77\" data-x=\"2\" data-y=\"77\" data-db-index=\"77\" class=\"fsize-18\" data-cell-type=\"text\" data-original-value=\"ELISEO FERN\u00c1NDEZ MONTUFAR\" data-order=\"ELISEO FERN\u00c1NDEZ MONTUFAR\" >ELISEO FERN\u00c1NDEZ MONTUFAR <\/td><td data-cell-id=\"D77\" data-x=\"3\" data-y=\"77\" data-db-index=\"77\" class=\"fsize-18\" data-cell-type=\"text\" data-original-value=\"&lt;a href=&quot;https:\/\/teec.org.mx\/web\/wp-content\/uploads\/2023\/05\/TEEC-PES-1-2023-24-05-2023.pdf&quot; target=&quot;_blank&quot;&gt;TEEC\/PES\/1\/2023 (SE ORDENA EXPEDIR COPIAS)&lt;\/a&gt;\" data-order=\"&lt;a href=&quot;https:\/\/teec.org.mx\/web\/wp-content\/uploads\/2023\/05\/TEEC-PES-1-2023-24-05-2023.pdf&quot; target=&quot;_blank&quot;&gt;TEEC\/PES\/1\/2023 (SE ORDENA EXPEDIR COPIAS)&lt;\/a&gt;\" ><a href=\"https:\/\/teec.org.mx\/web\/wp-content\/uploads\/2023\/05\/TEEC-PES-1-2023-24-05-2023.pdf\" target=\"_blank\">TEEC\/PES\/1\/2023 (SE ORDENA EXPEDIR COPIAS)<\/a><\/td><\/tr><tr style=\"height:px\" ><td data-cell-id=\"A78\" data-x=\"0\" data-y=\"78\" data-db-index=\"78\" class=\"fsize-18\" data-cell-type=\"text\" data-original-value=\"23 DE MAYO DE 2023, A LAS 14:30 HORAS\" data-order=\"23 DE MAYO DE 2023, A LAS 14:30 HORAS\" >23 DE MAYO DE 2023, A LAS 14:30 HORAS <\/td><td data-cell-id=\"B78\" data-x=\"1\" data-y=\"78\" data-db-index=\"78\" class=\"fsize-18\" data-cell-type=\"text\" data-original-value=\"DATOS PROTEGIDOS\" data-order=\"DATOS PROTEGIDOS\" >DATOS PROTEGIDOS <\/td><td data-cell-id=\"C78\" data-x=\"2\" data-y=\"78\" data-db-index=\"78\" class=\"fsize-18\" data-cell-type=\"text\" data-original-value=\"ELISEO FERN\u00c1NDEZ MONTUFAR\" data-order=\"ELISEO FERN\u00c1NDEZ MONTUFAR\" >ELISEO FERN\u00c1NDEZ MONTUFAR <\/td><td data-cell-id=\"D78\" data-x=\"3\" data-y=\"78\" data-db-index=\"78\" class=\"fsize-18\" data-cell-type=\"text\" data-original-value=\"&lt;a href=&quot;https:\/\/teec.org.mx\/web\/wp-content\/uploads\/2023\/05\/TEEC-PES-1-2023-23-05-2023.pdf&quot; target=&quot;_blank&quot;&gt;TEEC\/PES\/1\/2023 (SE TURNA DOCUMENTACI\u00d3N)&lt;\/a&gt;\" data-order=\"&lt;a href=&quot;https:\/\/teec.org.mx\/web\/wp-content\/uploads\/2023\/05\/TEEC-PES-1-2023-23-05-2023.pdf&quot; target=&quot;_blank&quot;&gt;TEEC\/PES\/1\/2023 (SE TURNA DOCUMENTACI\u00d3N)&lt;\/a&gt;\" ><a href=\"https:\/\/teec.org.mx\/web\/wp-content\/uploads\/2023\/05\/TEEC-PES-1-2023-23-05-2023.pdf\" target=\"_blank\">TEEC\/PES\/1\/2023 (SE TURNA DOCUMENTACI\u00d3N)<\/a><\/td><\/tr><tr style=\"height:px\" ><td data-cell-id=\"A79\" data-x=\"0\" data-y=\"79\" data-db-index=\"79\" class=\"fsize-18\" data-cell-type=\"text\" data-original-value=\"23 DE MAYO DE 2023, A LAS 11:53 HORAS\" data-order=\"23 DE MAYO DE 2023, A LAS 11:53 HORAS\" >23 DE MAYO DE 2023, A LAS 11:53 HORAS <\/td><td data-cell-id=\"B79\" data-x=\"1\" data-y=\"79\" data-db-index=\"79\" class=\"fsize-18\" data-cell-type=\"text\" data-original-value=\"DATO PROTEGIDO \" data-order=\"DATO PROTEGIDO \" >DATO PROTEGIDO <\/td><td data-cell-id=\"C79\" data-x=\"2\" data-y=\"79\" data-db-index=\"79\" class=\"fsize-18\" data-cell-type=\"text\" data-original-value=\"ANGEL ESCAMILLA Y\/O QUIEN RESULTE SER EL ADMINISTRADOR DEL USUARIO DENOMINADO COMO \u201cANGEL ESCAMILLA\u201d EN LA RED SOCIAL \u201cFACEBOOK\u201d. (sic)\" data-order=\"ANGEL ESCAMILLA Y\/O QUIEN RESULTE SER EL ADMINISTRADOR DEL USUARIO DENOMINADO COMO \u201cANGEL ESCAMILLA\u201d EN LA RED SOCIAL \u201cFACEBOOK\u201d. (sic)\" >ANGEL ESCAMILLA Y\/O QUIEN RESULTE SER EL ADMINISTRADOR DEL USUARIO DENOMINADO COMO \u201cANGEL ESCAMILLA\u201d EN LA RED SOCIAL \u201cFACEBOOK\u201d. (sic) <\/td><td data-cell-id=\"D79\" data-x=\"3\" data-y=\"79\" data-db-index=\"79\" class=\"fsize-18\" data-cell-type=\"text\" data-original-value=\"&lt;a href=&quot;https:\/\/teec.org.mx\/web\/wp-content\/uploads\/2023\/05\/TEEC-PES-4-2023-23-05-2023.pdf&quot; target=&quot;_blank&quot;&gt;TEEC\/PES\/4\/2023 (ACUERDO SE ORDENA EXPEDIR COPIAS)&lt;\/a&gt;\" data-order=\"&lt;a href=&quot;https:\/\/teec.org.mx\/web\/wp-content\/uploads\/2023\/05\/TEEC-PES-4-2023-23-05-2023.pdf&quot; target=&quot;_blank&quot;&gt;TEEC\/PES\/4\/2023 (ACUERDO SE ORDENA EXPEDIR COPIAS)&lt;\/a&gt;\" ><a href=\"https:\/\/teec.org.mx\/web\/wp-content\/uploads\/2023\/05\/TEEC-PES-4-2023-23-05-2023.pdf\" target=\"_blank\">TEEC\/PES\/4\/2023 (ACUERDO SE ORDENA EXPEDIR COPIAS)<\/a><\/td><\/tr><tr style=\"height:px\" ><td data-cell-id=\"A80\" data-x=\"0\" data-y=\"80\" data-db-index=\"80\" class=\"fsize-18\" data-cell-type=\"text\" data-original-value=\"22 DE MAYO DE 2023, A LAS 14:50 HORAS\" data-order=\"22 DE MAYO DE 2023, A LAS 14:50 HORAS\" >22 DE MAYO DE 2023, A LAS 14:50 HORAS <\/td><td data-cell-id=\"B80\" data-x=\"1\" data-y=\"80\" data-db-index=\"80\" class=\"fsize-18\" data-cell-type=\"text\" data-original-value=\"DATO PROTEGIDO \" data-order=\"DATO PROTEGIDO \" >DATO PROTEGIDO <\/td><td data-cell-id=\"C80\" data-x=\"2\" data-y=\"80\" data-db-index=\"80\" class=\"fsize-18\" data-cell-type=\"text\" data-original-value=\"ANGEL ESCAMILLA Y\/O QUIEN RESULTE SER EL ADMINISTRADOR DEL USUARIO DENOMINADO COMO \u201cANGEL ESCAMILLA\u201d EN LA RED SOCIAL \u201cFACEBOOK\u201d. (sic)\" data-order=\"ANGEL ESCAMILLA Y\/O QUIEN RESULTE SER EL ADMINISTRADOR DEL USUARIO DENOMINADO COMO \u201cANGEL ESCAMILLA\u201d EN LA RED SOCIAL \u201cFACEBOOK\u201d. (sic)\" >ANGEL ESCAMILLA Y\/O QUIEN RESULTE SER EL ADMINISTRADOR DEL USUARIO DENOMINADO COMO \u201cANGEL ESCAMILLA\u201d EN LA RED SOCIAL \u201cFACEBOOK\u201d. (sic) <\/td><td data-cell-id=\"D80\" data-x=\"3\" data-y=\"80\" data-db-index=\"80\" class=\"fsize-18\" data-cell-type=\"text\" data-original-value=\"&lt;a href=&quot;https:\/\/teec.org.mx\/web\/wp-content\/uploads\/2023\/05\/TEEC-PES-4-2023-2do-acu-22-05-2023.pdf&quot; target=&quot;_blank&quot;&gt;TEEC\/PES\/4\/2023 (ACUERDO DE TURNO)&lt;\/a&gt;\" data-order=\"&lt;a href=&quot;https:\/\/teec.org.mx\/web\/wp-content\/uploads\/2023\/05\/TEEC-PES-4-2023-2do-acu-22-05-2023.pdf&quot; target=&quot;_blank&quot;&gt;TEEC\/PES\/4\/2023 (ACUERDO DE TURNO)&lt;\/a&gt;\" ><a href=\"https:\/\/teec.org.mx\/web\/wp-content\/uploads\/2023\/05\/TEEC-PES-4-2023-2do-acu-22-05-2023.pdf\" target=\"_blank\">TEEC\/PES\/4\/2023 (ACUERDO DE TURNO)<\/a><\/td><\/tr><tr style=\"height:px\" ><td data-cell-id=\"A81\" data-x=\"0\" data-y=\"81\" data-db-index=\"81\" class=\"fsize-18\" data-cell-type=\"text\" data-original-value=\"22 DE MAYO DE 2023, A LAS 11:50 HORAS\" data-order=\"22 DE MAYO DE 2023, A LAS 11:50 HORAS\" >22 DE MAYO DE 2023, A LAS 11:50 HORAS <\/td><td data-cell-id=\"B81\" data-x=\"1\" data-y=\"81\" data-db-index=\"81\" class=\"fsize-18\" data-cell-type=\"text\" data-original-value=\"MIGUEL \u00c1NGEL G\u00d3MEZ ESCAMILLA\" data-order=\"MIGUEL \u00c1NGEL G\u00d3MEZ ESCAMILLA\" >MIGUEL \u00c1NGEL G\u00d3MEZ ESCAMILLA <\/td><td data-cell-id=\"C81\" data-x=\"2\" data-y=\"81\" data-db-index=\"81\" class=\"fsize-18\" data-cell-type=\"text\" data-original-value=\"TRIBUNAL ELECTORAL DEL ESTADO DE CAMPECHE\" data-order=\"TRIBUNAL ELECTORAL DEL ESTADO DE CAMPECHE\" >TRIBUNAL ELECTORAL DEL ESTADO DE CAMPECHE <\/td><td data-cell-id=\"D81\" data-x=\"3\" data-y=\"81\" data-db-index=\"81\" class=\"fsize-18\" data-cell-type=\"text\" data-original-value=\"&lt;a href=&quot;https:\/\/teec.org.mx\/web\/wp-content\/uploads\/2023\/05\/TEEC-PES-4-2023-22-05-2023.pdf&quot; target=&quot;_blank&quot;&gt;TEEC\/PES\/4\/2023 (SE TIENE POR RECIBIDO EL EXPEDIENTE REMITIDO POR LA SALA REGIONAL XALAPA)&lt;\/a&gt;\" data-order=\"&lt;a href=&quot;https:\/\/teec.org.mx\/web\/wp-content\/uploads\/2023\/05\/TEEC-PES-4-2023-22-05-2023.pdf&quot; target=&quot;_blank&quot;&gt;TEEC\/PES\/4\/2023 (SE TIENE POR RECIBIDO EL EXPEDIENTE REMITIDO POR LA SALA REGIONAL XALAPA)&lt;\/a&gt;\" ><a href=\"https:\/\/teec.org.mx\/web\/wp-content\/uploads\/2023\/05\/TEEC-PES-4-2023-22-05-2023.pdf\" target=\"_blank\">TEEC\/PES\/4\/2023 (SE TIENE POR RECIBIDO EL EXPEDIENTE REMITIDO POR LA SALA REGIONAL XALAPA)<\/a><\/td><\/tr><tr style=\"height:px\" ><td data-cell-id=\"A82\" data-x=\"0\" data-y=\"82\" data-db-index=\"82\" class=\"fsize-18\" data-cell-type=\"text\" data-original-value=\"22 DE MAYO DE 2023, A LAS 11:30 HORAS\" data-order=\"22 DE MAYO DE 2023, A LAS 11:30 HORAS\" >22 DE MAYO DE 2023, A LAS 11:30 HORAS <\/td><td data-cell-id=\"B82\" data-x=\"1\" data-y=\"82\" data-db-index=\"82\" class=\"fsize-18\" data-cell-type=\"text\" data-original-value=\"MAR\u00cdA LILLY DEL CARMEN T\u00c9LLEZ GARC\u00cdA Y OTRAS PERSONAS\" data-order=\"MAR\u00cdA LILLY DEL CARMEN T\u00c9LLEZ GARC\u00cdA Y OTRAS PERSONAS\" >MAR\u00cdA LILLY DEL CARMEN T\u00c9LLEZ GARC\u00cdA Y OTRAS PERSONAS <\/td><td data-cell-id=\"C82\" data-x=\"2\" data-y=\"82\" data-db-index=\"82\" class=\"fsize-18\" data-cell-type=\"text\" data-original-value=\"TRIBUNAL ELECTORAL DEL ESTADO DE CAMPECHE\" data-order=\"TRIBUNAL ELECTORAL DEL ESTADO DE CAMPECHE\" >TRIBUNAL ELECTORAL DEL ESTADO DE CAMPECHE <\/td><td data-cell-id=\"D82\" data-x=\"3\" data-y=\"82\" data-db-index=\"82\" class=\"fsize-18\" data-cell-type=\"text\" data-original-value=\"\" data-order=\"\" ><\/td><\/tr><tr style=\"height:px\" ><td data-cell-id=\"A83\" data-x=\"0\" data-y=\"83\" data-db-index=\"83\" class=\"fsize-18\" data-cell-type=\"text\" data-original-value=\"15 DE MAYO DE 2023, A LAS 13:33 HORAS\" data-order=\"15 DE MAYO DE 2023, A LAS 13:33 HORAS\" >15 DE MAYO DE 2023, A LAS 13:33 HORAS <\/td><td data-cell-id=\"B83\" data-x=\"1\" data-y=\"83\" data-db-index=\"83\" class=\"fsize-18\" data-cell-type=\"text\" data-original-value=\"MAR\u00cdA LILLY DEL CARMEN T\u00c9LLEZ GARC\u00cdA Y OTRAS PERSONAS\" data-order=\"MAR\u00cdA LILLY DEL CARMEN T\u00c9LLEZ GARC\u00cdA Y OTRAS PERSONAS\" >MAR\u00cdA LILLY DEL CARMEN T\u00c9LLEZ GARC\u00cdA Y OTRAS PERSONAS <\/td><td data-cell-id=\"C83\" data-x=\"2\" data-y=\"83\" data-db-index=\"83\" class=\"fsize-18\" data-cell-type=\"text\" data-original-value=\"TRIBUNAL ELECTORAL DEL ESTADO DE CAMPECHE\" data-order=\"TRIBUNAL ELECTORAL DEL ESTADO DE CAMPECHE\" >TRIBUNAL ELECTORAL DEL ESTADO DE CAMPECHE <\/td><td data-cell-id=\"D83\" data-x=\"3\" data-y=\"83\" data-db-index=\"83\" class=\"fsize-18\" data-cell-type=\"text\" data-original-value=\"&lt;a href=&quot;https:\/\/teec.org.mx\/web\/wp-content\/uploads\/2023\/05\/TEEC-PES-2-2023-15-05-2023.pdf&quot; target=&quot;_blank&quot;&gt;TEEC\/PES\/2\/2023 (SE DA POR NOTIFICADO ESTA AUTORIDAD DE LA SENTENCIA DE SALA XALAPA)&lt;\/a&gt;\" data-order=\"&lt;a href=&quot;https:\/\/teec.org.mx\/web\/wp-content\/uploads\/2023\/05\/TEEC-PES-2-2023-15-05-2023.pdf&quot; target=&quot;_blank&quot;&gt;TEEC\/PES\/2\/2023 (SE DA POR NOTIFICADO ESTA AUTORIDAD DE LA SENTENCIA DE SALA XALAPA)&lt;\/a&gt;\" ><a href=\"https:\/\/teec.org.mx\/web\/wp-content\/uploads\/2023\/05\/TEEC-PES-2-2023-15-05-2023.pdf\" target=\"_blank\">TEEC\/PES\/2\/2023 (SE DA POR NOTIFICADO ESTA AUTORIDAD DE LA SENTENCIA DE SALA XALAPA)<\/a><\/td><\/tr><tr style=\"height:px\" ><td data-cell-id=\"A84\" data-x=\"0\" data-y=\"84\" data-db-index=\"84\" class=\"fsize-18\" data-cell-type=\"text\" data-original-value=\"11 DE MAYO DE 2023, A LAS 13:45 HORAS\" data-order=\"11 DE MAYO DE 2023, A LAS 13:45 HORAS\" >11 DE MAYO DE 2023, A LAS 13:45 HORAS <\/td><td data-cell-id=\"B84\" data-x=\"1\" data-y=\"84\" data-db-index=\"84\" class=\"fsize-18\" data-cell-type=\"text\" data-original-value=\"DATOS PROTEGIDOS\" data-order=\"DATOS PROTEGIDOS\" >DATOS PROTEGIDOS <\/td><td data-cell-id=\"C84\" data-x=\"2\" data-y=\"84\" data-db-index=\"84\" class=\"fsize-18\" data-cell-type=\"text\" data-original-value=\"ELISEO FERN\u00c1NDEZ MONTUFAR\" data-order=\"ELISEO FERN\u00c1NDEZ MONTUFAR\" >ELISEO FERN\u00c1NDEZ MONTUFAR <\/td><td data-cell-id=\"D84\" data-x=\"3\" data-y=\"84\" data-db-index=\"84\" class=\"fsize-18\" data-cell-type=\"text\" data-original-value=\"&lt;a href=&quot;https:\/\/teec.org.mx\/web\/wp-content\/uploads\/2023\/05\/TEEC-PES-1-2023-11-05-2023.pdf&quot; target=&quot;_blank&quot;&gt;TEEC\/PES\/1\/2023 (ACUERDO DE ACUMULACI\u00d3N Y CUMPLIMIENTO)&lt;\/a&gt;\" data-order=\"&lt;a href=&quot;https:\/\/teec.org.mx\/web\/wp-content\/uploads\/2023\/05\/TEEC-PES-1-2023-11-05-2023.pdf&quot; target=&quot;_blank&quot;&gt;TEEC\/PES\/1\/2023 (ACUERDO DE ACUMULACI\u00d3N Y CUMPLIMIENTO)&lt;\/a&gt;\" ><a href=\"https:\/\/teec.org.mx\/web\/wp-content\/uploads\/2023\/05\/TEEC-PES-1-2023-11-05-2023.pdf\" target=\"_blank\">TEEC\/PES\/1\/2023 (ACUERDO DE ACUMULACI\u00d3N Y CUMPLIMIENTO)<\/a><\/td><\/tr><tr style=\"height:px\" ><td data-cell-id=\"A85\" data-x=\"0\" data-y=\"85\" data-db-index=\"85\" class=\"fsize-18\" data-cell-type=\"text\" data-original-value=\"09 DE MAYO DE 2023, A LAS 12:37 HORAS\" data-order=\"09 DE MAYO DE 2023, A LAS 12:37 HORAS\" >09 DE MAYO DE 2023, A LAS 12:37 HORAS <\/td><td data-cell-id=\"B85\" data-x=\"1\" data-y=\"85\" data-db-index=\"85\" class=\"fsize-18\" data-cell-type=\"text\" data-original-value=\"DATOS PROTEGIDOS\" data-order=\"DATOS PROTEGIDOS\" >DATOS PROTEGIDOS <\/td><td data-cell-id=\"C85\" data-x=\"2\" data-y=\"85\" data-db-index=\"85\" class=\"fsize-18\" data-cell-type=\"text\" data-original-value=\"ELISEO FERN\u00c1NDEZ MONTUFAR\" data-order=\"ELISEO FERN\u00c1NDEZ MONTUFAR\" >ELISEO FERN\u00c1NDEZ MONTUFAR <\/td><td data-cell-id=\"D85\" data-x=\"3\" data-y=\"85\" data-db-index=\"85\" class=\"fsize-18\" data-cell-type=\"text\" data-original-value=\"&lt;a href=&quot;https:\/\/teec.org.mx\/web\/wp-content\/uploads\/2023\/05\/TEEC-PES-1-2023-09-05-2023.pdf&quot; target=&quot;_blank&quot;&gt;TEEC\/PES\/1\/2023 (SE TURNA DOCUMENTACI\u00d3N)&lt;\/a&gt;\" data-order=\"&lt;a href=&quot;https:\/\/teec.org.mx\/web\/wp-content\/uploads\/2023\/05\/TEEC-PES-1-2023-09-05-2023.pdf&quot; target=&quot;_blank&quot;&gt;TEEC\/PES\/1\/2023 (SE TURNA DOCUMENTACI\u00d3N)&lt;\/a&gt;\" ><a href=\"https:\/\/teec.org.mx\/web\/wp-content\/uploads\/2023\/05\/TEEC-PES-1-2023-09-05-2023.pdf\" target=\"_blank\">TEEC\/PES\/1\/2023 (SE TURNA DOCUMENTACI\u00d3N)<\/a><\/td><\/tr><tr style=\"height:px\" ><td data-cell-id=\"A86\" data-x=\"0\" data-y=\"86\" data-db-index=\"86\" class=\"fsize-18\" data-cell-type=\"text\" data-original-value=\"09 DE MAYO DE 2023, A LAS 10:00 HORAS\" data-order=\"09 DE MAYO DE 2023, A LAS 10:00 HORAS\" >09 DE MAYO DE 2023, A LAS 10:00 HORAS <\/td><td data-cell-id=\"B86\" data-x=\"1\" data-y=\"86\" data-db-index=\"86\" class=\"fsize-18\" data-cell-type=\"text\" data-original-value=\"MIGUEL \u00c1NGEL G\u00d3MEZ ESCAMILLA\" data-order=\"MIGUEL \u00c1NGEL G\u00d3MEZ ESCAMILLA\" >MIGUEL \u00c1NGEL G\u00d3MEZ ESCAMILLA <\/td><td data-cell-id=\"C86\" data-x=\"2\" data-y=\"86\" data-db-index=\"86\" class=\"fsize-18\" data-cell-type=\"text\" data-original-value=\"TRIBUNAL ELECTORAL DEL ESTADO DE CAMPECHE\" data-order=\"TRIBUNAL ELECTORAL DEL ESTADO DE CAMPECHE\" >TRIBUNAL ELECTORAL DEL ESTADO DE CAMPECHE <\/td><td data-cell-id=\"D86\" data-x=\"3\" data-y=\"86\" data-db-index=\"86\" class=\"fsize-18\" data-cell-type=\"text\" data-original-value=\"&lt;a href=&quot;https:\/\/teec.org.mx\/web\/wp-content\/uploads\/2023\/05\/TEEC-PES-4-2023-09-05-2023.pdf&quot; target=&quot;_blank&quot;&gt;TEEC\/PES\/4\/2023 (SE DA POR NOTIFICADA ESTA AUTORIDAD DE LA SENTENCIA EMITIDA POR LA SALA XALAPA)&lt;\/a&gt;\" data-order=\"&lt;a href=&quot;https:\/\/teec.org.mx\/web\/wp-content\/uploads\/2023\/05\/TEEC-PES-4-2023-09-05-2023.pdf&quot; target=&quot;_blank&quot;&gt;TEEC\/PES\/4\/2023 (SE DA POR NOTIFICADA ESTA AUTORIDAD DE LA SENTENCIA EMITIDA POR LA SALA XALAPA)&lt;\/a&gt;\" ><a href=\"https:\/\/teec.org.mx\/web\/wp-content\/uploads\/2023\/05\/TEEC-PES-4-2023-09-05-2023.pdf\" target=\"_blank\">TEEC\/PES\/4\/2023 (SE DA POR NOTIFICADA ESTA AUTORIDAD DE LA SENTENCIA EMITIDA POR LA SALA XALAPA)<\/a><\/td><\/tr><tr style=\"height:px\" ><td data-cell-id=\"A87\" data-x=\"0\" data-y=\"87\" data-db-index=\"87\" class=\"fsize-18\" data-cell-type=\"text\" data-original-value=\"08 DE MAYO DE 2023, A LAS 13:55 HORAS\" data-order=\"08 DE MAYO DE 2023, A LAS 13:55 HORAS\" >08 DE MAYO DE 2023, A LAS 13:55 HORAS <\/td><td data-cell-id=\"B87\" data-x=\"1\" data-y=\"87\" data-db-index=\"87\" class=\"fsize-18\" data-cell-type=\"text\" data-original-value=\"DATO PROTEGIDO\" data-order=\"DATO PROTEGIDO\" >DATO PROTEGIDO <\/td><td data-cell-id=\"C87\" data-x=\"2\" data-y=\"87\" data-db-index=\"87\" class=\"fsize-18\" data-cell-type=\"text\" data-original-value=\"ANGEL ESCAMILLA Y\/O QUIEN RESULTE SER EL ADMINISTRADOR DEL USUARIO DENOMINADO COMO \u201cANGEL ESCAMILLA\u201d EN LA RED SOCIAL \u201cFACEBOOK\u201d. (sic\" data-order=\"ANGEL ESCAMILLA Y\/O QUIEN RESULTE SER EL ADMINISTRADOR DEL USUARIO DENOMINADO COMO \u201cANGEL ESCAMILLA\u201d EN LA RED SOCIAL \u201cFACEBOOK\u201d. (sic\" >ANGEL ESCAMILLA Y\/O QUIEN RESULTE SER EL ADMINISTRADOR DEL USUARIO DENOMINADO COMO \u201cANGEL ESCAMILLA\u201d EN LA RED SOCIAL \u201cFACEBOOK\u201d. (sic <\/td><td data-cell-id=\"D87\" data-x=\"3\" data-y=\"87\" data-db-index=\"87\" class=\"fsize-18\" data-cell-type=\"text\" data-original-value=\"&lt;a href=&quot;https:\/\/teec.org.mx\/web\/wp-content\/uploads\/2023\/05\/TEEC-PES-4-2023-08-05-2023.pdf&quot; target=&quot;_blank&quot;&gt;TEEC\/PES\/4\/2023 (ACUERDO DE ACUMULACI\u00d3N DE DOCUMENTACI\u00d3N)&lt;\/a&gt;\" data-order=\"&lt;a href=&quot;https:\/\/teec.org.mx\/web\/wp-content\/uploads\/2023\/05\/TEEC-PES-4-2023-08-05-2023.pdf&quot; target=&quot;_blank&quot;&gt;TEEC\/PES\/4\/2023 (ACUERDO DE ACUMULACI\u00d3N DE DOCUMENTACI\u00d3N)&lt;\/a&gt;\" ><a href=\"https:\/\/teec.org.mx\/web\/wp-content\/uploads\/2023\/05\/TEEC-PES-4-2023-08-05-2023.pdf\" target=\"_blank\">TEEC\/PES\/4\/2023 (ACUERDO DE ACUMULACI\u00d3N DE DOCUMENTACI\u00d3N)<\/a><\/td><\/tr><tr style=\"height:px\" ><td data-cell-id=\"A88\" data-x=\"0\" data-y=\"88\" data-db-index=\"88\" class=\"fsize-18\" data-cell-type=\"text\" data-original-value=\"04 DE MAYO DE 2023, A LAS 14:55 HORAS\" data-order=\"04 DE MAYO DE 2023, A LAS 14:55 HORAS\" >04 DE MAYO DE 2023, A LAS 14:55 HORAS <\/td><td data-cell-id=\"B88\" data-x=\"1\" data-y=\"88\" data-db-index=\"88\" class=\"fsize-18\" data-cell-type=\"text\" data-original-value=\"DATOS PROTEGIDOS \" data-order=\"DATOS PROTEGIDOS \" >DATOS PROTEGIDOS <\/td><td data-cell-id=\"C88\" data-x=\"2\" data-y=\"88\" data-db-index=\"88\" class=\"fsize-18\" data-cell-type=\"text\" data-original-value=\"CARLOS ALAZRAKI GROSSMAN\" data-order=\"CARLOS ALAZRAKI GROSSMAN\" >CARLOS ALAZRAKI GROSSMAN <\/td><td data-cell-id=\"D88\" data-x=\"3\" data-y=\"88\" data-db-index=\"88\" class=\"fsize-18\" data-cell-type=\"text\" data-original-value=\"&lt;a href=&quot;https:\/\/teec.org.mx\/web\/wp-content\/uploads\/2023\/05\/TEEC-PES-3-2023-2do-acu.-04-05-2023.pdf&quot; target=&quot;_blank&quot;&gt;TEEC\/PES\/3\/2023 (ACUERDO DE ACUMULACI\u00d3N DE DOCUMENTACI\u00d3N)&lt;\/a&gt;\" data-order=\"&lt;a href=&quot;https:\/\/teec.org.mx\/web\/wp-content\/uploads\/2023\/05\/TEEC-PES-3-2023-2do-acu.-04-05-2023.pdf&quot; target=&quot;_blank&quot;&gt;TEEC\/PES\/3\/2023 (ACUERDO DE ACUMULACI\u00d3N DE DOCUMENTACI\u00d3N)&lt;\/a&gt;\" ><a href=\"https:\/\/teec.org.mx\/web\/wp-content\/uploads\/2023\/05\/TEEC-PES-3-2023-2do-acu.-04-05-2023.pdf\" target=\"_blank\">TEEC\/PES\/3\/2023 (ACUERDO DE ACUMULACI\u00d3N DE DOCUMENTACI\u00d3N)<\/a><\/td><\/tr><tr style=\"height:px\" ><td data-cell-id=\"A89\" data-x=\"0\" data-y=\"89\" data-db-index=\"89\" class=\"fsize-18\" data-cell-type=\"text\" data-original-value=\"04 DE MAYO DE 2023, A LAS 14:45 HORAS\" data-order=\"04 DE MAYO DE 2023, A LAS 14:45 HORAS\" >04 DE MAYO DE 2023, A LAS 14:45 HORAS <\/td><td data-cell-id=\"B89\" data-x=\"1\" data-y=\"89\" data-db-index=\"89\" class=\"fsize-18\" data-cell-type=\"text\" data-original-value=\"DATO PROTEGIDO \" data-order=\"DATO PROTEGIDO \" >DATO PROTEGIDO <\/td><td data-cell-id=\"C89\" data-x=\"2\" data-y=\"89\" data-db-index=\"89\" class=\"fsize-18\" data-cell-type=\"text\" data-original-value=\"ANGEL ESCAMILLA Y\/O QUIEN RESULTE SER EL ADMINISTRADOR DEL USUARIO DENOMINADO COMO \u201cANGEL ESCAMILLA\u201d EN LA RED SOCIAL \u201cFACEBOOK\u201d. (sic)\" data-order=\"ANGEL ESCAMILLA Y\/O QUIEN RESULTE SER EL ADMINISTRADOR DEL USUARIO DENOMINADO COMO \u201cANGEL ESCAMILLA\u201d EN LA RED SOCIAL \u201cFACEBOOK\u201d. (sic)\" >ANGEL ESCAMILLA Y\/O QUIEN RESULTE SER EL ADMINISTRADOR DEL USUARIO DENOMINADO COMO \u201cANGEL ESCAMILLA\u201d EN LA RED SOCIAL \u201cFACEBOOK\u201d. (sic) <\/td><td data-cell-id=\"D89\" data-x=\"3\" data-y=\"89\" data-db-index=\"89\" class=\"fsize-18\" data-cell-type=\"text\" data-original-value=\"&lt;a href=&quot;https:\/\/teec.org.mx\/web\/wp-content\/uploads\/2023\/05\/TEEC-PES-4-2023-04-05-2023.pdf&quot; target=&quot;_blank&quot;&gt;TEEC\/PES\/4\/2023 (SE TURNA DOCUMENTACI\u00d3N)&lt;\/a&gt;\" data-order=\"&lt;a href=&quot;https:\/\/teec.org.mx\/web\/wp-content\/uploads\/2023\/05\/TEEC-PES-4-2023-04-05-2023.pdf&quot; target=&quot;_blank&quot;&gt;TEEC\/PES\/4\/2023 (SE TURNA DOCUMENTACI\u00d3N)&lt;\/a&gt;\" ><a href=\"https:\/\/teec.org.mx\/web\/wp-content\/uploads\/2023\/05\/TEEC-PES-4-2023-04-05-2023.pdf\" target=\"_blank\">TEEC\/PES\/4\/2023 (SE TURNA DOCUMENTACI\u00d3N)<\/a><\/td><\/tr><tr style=\"height:px\" ><td data-cell-id=\"A90\" data-x=\"0\" data-y=\"90\" data-db-index=\"90\" class=\"fsize-18\" data-cell-type=\"text\" data-original-value=\"04 DE MAYO DE 2023, A LAS 10:36 HORAS\" data-order=\"04 DE MAYO DE 2023, A LAS 10:36 HORAS\" >04 DE MAYO DE 2023, A LAS 10:36 HORAS <\/td><td data-cell-id=\"B90\" data-x=\"1\" data-y=\"90\" data-db-index=\"90\" class=\"fsize-18\" data-cell-type=\"text\" data-original-value=\"ELISEO FERN\u00c1NDEZ MONTUFAR\" data-order=\"ELISEO FERN\u00c1NDEZ MONTUFAR\" >ELISEO FERN\u00c1NDEZ MONTUFAR <\/td><td data-cell-id=\"C90\" data-x=\"2\" data-y=\"90\" data-db-index=\"90\" class=\"fsize-18\" data-cell-type=\"text\" data-original-value=\"TRIBUNAL ELECTORAL DEL ESTADO DE CAMPECHE\" data-order=\"TRIBUNAL ELECTORAL DEL ESTADO DE CAMPECHE\" >TRIBUNAL ELECTORAL DEL ESTADO DE CAMPECHE <\/td><td data-cell-id=\"D90\" data-x=\"3\" data-y=\"90\" data-db-index=\"90\" class=\"fsize-18\" data-cell-type=\"text\" data-original-value=\"&lt;a href=&quot;https:\/\/teec.org.mx\/web\/wp-content\/uploads\/2023\/05\/TEEC-PES-1-2023-2do-acu.-04-05-2023.pdf&quot; target=&quot;_blank&quot;&gt;TEEC\/PES\/1\/2023 (SE DA POR NOTIFICADA ESTA AUTORIDAD DE LAS SENTENCIAS EMITIDAS POR SALA XALAPA Y SALA SUPERIOR Y SE GIRAN OFICIOS)&lt;\/a&gt;\" data-order=\"&lt;a href=&quot;https:\/\/teec.org.mx\/web\/wp-content\/uploads\/2023\/05\/TEEC-PES-1-2023-2do-acu.-04-05-2023.pdf&quot; target=&quot;_blank&quot;&gt;TEEC\/PES\/1\/2023 (SE DA POR NOTIFICADA ESTA AUTORIDAD DE LAS SENTENCIAS EMITIDAS POR SALA XALAPA Y SALA SUPERIOR Y SE GIRAN OFICIOS)&lt;\/a&gt;\" ><a href=\"https:\/\/teec.org.mx\/web\/wp-content\/uploads\/2023\/05\/TEEC-PES-1-2023-2do-acu.-04-05-2023.pdf\" target=\"_blank\">TEEC\/PES\/1\/2023 (SE DA POR NOTIFICADA ESTA AUTORIDAD DE LAS SENTENCIAS EMITIDAS POR SALA XALAPA Y SALA SUPERIOR Y SE GIRAN OFICIOS)<\/a><\/td><\/tr><tr style=\"height:px\" ><td data-cell-id=\"A91\" data-x=\"0\" data-y=\"91\" data-db-index=\"91\" class=\"fsize-18\" data-cell-type=\"text\" data-original-value=\"04 DE MAYO DE 2023, A LAS 9:25 HORAS\" data-order=\"04 DE MAYO DE 2023, A LAS 9:25 HORAS\" >04 DE MAYO DE 2023, A LAS 9:25 HORAS <\/td><td data-cell-id=\"B91\" data-x=\"1\" data-y=\"91\" data-db-index=\"91\" class=\"fsize-18\" data-cell-type=\"text\" data-original-value=\"DATOS PROTEGIDOS\" data-order=\"DATOS PROTEGIDOS\" >DATOS PROTEGIDOS <\/td><td data-cell-id=\"C91\" data-x=\"2\" data-y=\"91\" data-db-index=\"91\" class=\"fsize-18\" data-cell-type=\"text\" data-original-value=\"CARLOS ALAZRAKI GROSSMAN\" data-order=\"CARLOS ALAZRAKI GROSSMAN\" >CARLOS ALAZRAKI GROSSMAN <\/td><td data-cell-id=\"D91\" data-x=\"3\" data-y=\"91\" data-db-index=\"91\" class=\"fsize-18\" data-cell-type=\"text\" data-original-value=\"&lt;a href=&quot;https:\/\/teec.org.mx\/web\/wp-content\/uploads\/2023\/05\/TEEC-PES-3-2023-04-05-2023.pdf&quot; target=&quot;_blank&quot;&gt;TEEC\/PES\/3\/2023 (SE ORDENA EXPEDIR COPIAS CERTIFICADAS)&lt;\/a&gt;\" data-order=\"&lt;a href=&quot;https:\/\/teec.org.mx\/web\/wp-content\/uploads\/2023\/05\/TEEC-PES-3-2023-04-05-2023.pdf&quot; target=&quot;_blank&quot;&gt;TEEC\/PES\/3\/2023 (SE ORDENA EXPEDIR COPIAS CERTIFICADAS)&lt;\/a&gt;\" ><a href=\"https:\/\/teec.org.mx\/web\/wp-content\/uploads\/2023\/05\/TEEC-PES-3-2023-04-05-2023.pdf\" target=\"_blank\">TEEC\/PES\/3\/2023 (SE ORDENA EXPEDIR COPIAS CERTIFICADAS)<\/a><\/td><\/tr><tr style=\"height:px\" ><td data-cell-id=\"A92\" data-x=\"0\" data-y=\"92\" data-db-index=\"92\" class=\"fsize-18\" data-cell-type=\"text\" data-original-value=\"04 DE MAYO DE 2023, A LAS 9:15 HORAS\" data-order=\"04 DE MAYO DE 2023, A LAS 9:15 HORAS\" >04 DE MAYO DE 2023, A LAS 9:15 HORAS <\/td><td data-cell-id=\"B92\" data-x=\"1\" data-y=\"92\" data-db-index=\"92\" class=\"fsize-18\" data-cell-type=\"text\" data-original-value=\"DATO PROTEGIDO \" data-order=\"DATO PROTEGIDO \" >DATO PROTEGIDO <\/td><td data-cell-id=\"C92\" data-x=\"2\" data-y=\"92\" data-db-index=\"92\" class=\"fsize-18\" data-cell-type=\"text\" data-original-value=\"MAR\u00cdA LILLY DEL CARMEN TELLEZ GARC\u00cdA\" data-order=\"MAR\u00cdA LILLY DEL CARMEN TELLEZ GARC\u00cdA\" >MAR\u00cdA LILLY DEL CARMEN TELLEZ GARC\u00cdA <\/td><td data-cell-id=\"D92\" data-x=\"3\" data-y=\"92\" data-db-index=\"92\" class=\"fsize-18\" data-cell-type=\"text\" data-original-value=\"&lt;a href=&quot;https:\/\/teec.org.mx\/web\/wp-content\/uploads\/2023\/05\/TEEC-PES-2-2023-04-05-2023.pdf&quot; target=&quot;_blank&quot;&gt;TEEC\/PES\/2\/2023 (SE ORDENA EXPEDIR COPIAS CERTIFICADAS)&lt;\/a&gt;\" data-order=\"&lt;a href=&quot;https:\/\/teec.org.mx\/web\/wp-content\/uploads\/2023\/05\/TEEC-PES-2-2023-04-05-2023.pdf&quot; target=&quot;_blank&quot;&gt;TEEC\/PES\/2\/2023 (SE ORDENA EXPEDIR COPIAS CERTIFICADAS)&lt;\/a&gt;\" ><a href=\"https:\/\/teec.org.mx\/web\/wp-content\/uploads\/2023\/05\/TEEC-PES-2-2023-04-05-2023.pdf\" target=\"_blank\">TEEC\/PES\/2\/2023 (SE ORDENA EXPEDIR COPIAS CERTIFICADAS)<\/a><\/td><\/tr><tr style=\"height:px\" ><td data-cell-id=\"A93\" data-x=\"0\" data-y=\"93\" data-db-index=\"93\" class=\"fsize-18\" data-cell-type=\"text\" data-original-value=\"04 DE MAYO DE 2023, A LAS 9:05 HORAS\" data-order=\"04 DE MAYO DE 2023, A LAS 9:05 HORAS\" >04 DE MAYO DE 2023, A LAS 9:05 HORAS <\/td><td data-cell-id=\"B93\" data-x=\"1\" data-y=\"93\" data-db-index=\"93\" class=\"fsize-18\" data-cell-type=\"text\" data-original-value=\"DATOS PROTEGIDOS\" data-order=\"DATOS PROTEGIDOS\" >DATOS PROTEGIDOS <\/td><td data-cell-id=\"C93\" data-x=\"2\" data-y=\"93\" data-db-index=\"93\" class=\"fsize-18\" data-cell-type=\"text\" data-original-value=\"ELISEO FERN\u00c1NDEZ MONTUFAR\" data-order=\"ELISEO FERN\u00c1NDEZ MONTUFAR\" >ELISEO FERN\u00c1NDEZ MONTUFAR <\/td><td data-cell-id=\"D93\" data-x=\"3\" data-y=\"93\" data-db-index=\"93\" class=\"fsize-18\" data-cell-type=\"text\" data-original-value=\"&lt;a href=&quot;https:\/\/teec.org.mx\/web\/wp-content\/uploads\/2023\/05\/TEEC-PES-1-2023-04-05-2023.pdf&quot; target=&quot;_blank&quot;&gt;TEEC\/PES\/1\/2023 (SE ORDENA EXPEDIR COPIAS CERTIFICADAS)&lt;\/a&gt;\" data-order=\"&lt;a href=&quot;https:\/\/teec.org.mx\/web\/wp-content\/uploads\/2023\/05\/TEEC-PES-1-2023-04-05-2023.pdf&quot; target=&quot;_blank&quot;&gt;TEEC\/PES\/1\/2023 (SE ORDENA EXPEDIR COPIAS CERTIFICADAS)&lt;\/a&gt;\" ><a href=\"https:\/\/teec.org.mx\/web\/wp-content\/uploads\/2023\/05\/TEEC-PES-1-2023-04-05-2023.pdf\" target=\"_blank\">TEEC\/PES\/1\/2023 (SE ORDENA EXPEDIR COPIAS CERTIFICADAS)<\/a><\/td><\/tr><tr style=\"height:px\" ><td data-cell-id=\"A94\" data-x=\"0\" data-y=\"94\" data-db-index=\"94\" class=\"fsize-18\" data-cell-type=\"text\" data-original-value=\"03 DE MAYO DE 2023, A LAS 13:40 HORAS\" data-order=\"03 DE MAYO DE 2023, A LAS 13:40 HORAS\" >03 DE MAYO DE 2023, A LAS 13:40 HORAS <\/td><td data-cell-id=\"B94\" data-x=\"1\" data-y=\"94\" data-db-index=\"94\" class=\"fsize-18\" data-cell-type=\"text\" data-original-value=\"FABIOLA MAULE\u00d3N P\u00c9REZ Y OTRAS\" data-order=\"FABIOLA MAULE\u00d3N P\u00c9REZ Y OTRAS\" >FABIOLA MAULE\u00d3N P\u00c9REZ Y OTRAS <\/td><td data-cell-id=\"C94\" data-x=\"2\" data-y=\"94\" data-db-index=\"94\" class=\"fsize-18\" data-cell-type=\"text\" data-original-value=\"TRIBUNAL ELECTORAL DEL ESTADO DE CAMPECHE\" data-order=\"TRIBUNAL ELECTORAL DEL ESTADO DE CAMPECHE\" >TRIBUNAL ELECTORAL DEL ESTADO DE CAMPECHE <\/td><td data-cell-id=\"D94\" data-x=\"3\" data-y=\"94\" data-db-index=\"94\" class=\"fsize-18\" data-cell-type=\"text\" data-original-value=\"&lt;a href=&quot;https:\/\/teec.org.mx\/web\/wp-content\/uploads\/2023\/05\/TEEC-PES-2-2023-03-05-2023.pdf&quot; target=&quot;_blank&quot;&gt;TEEC\/PES\/2\/2023 (SE TIENE POR NOTIFICADA ESTA UTORIDAD DEL ACUERDO DE SALA SUPERIOR)&lt;\/a&gt;\" data-order=\"&lt;a href=&quot;https:\/\/teec.org.mx\/web\/wp-content\/uploads\/2023\/05\/TEEC-PES-2-2023-03-05-2023.pdf&quot; target=&quot;_blank&quot;&gt;TEEC\/PES\/2\/2023 (SE TIENE POR NOTIFICADA ESTA UTORIDAD DEL ACUERDO DE SALA SUPERIOR)&lt;\/a&gt;\" ><a href=\"https:\/\/teec.org.mx\/web\/wp-content\/uploads\/2023\/05\/TEEC-PES-2-2023-03-05-2023.pdf\" target=\"_blank\">TEEC\/PES\/2\/2023 (SE TIENE POR NOTIFICADA ESTA UTORIDAD DEL ACUERDO DE SALA SUPERIOR)<\/a><\/td><\/tr><tr style=\"height:px\" ><td data-cell-id=\"A95\" data-x=\"0\" data-y=\"95\" data-db-index=\"95\" class=\"fsize-18\" data-cell-type=\"text\" data-original-value=\"26 DE ABRIL DE 2023, A LAS 10:00 HORAS\" data-order=\"26 DE ABRIL DE 2023, A LAS 10:00 HORAS\" >26 DE ABRIL DE 2023, A LAS 10:00 HORAS <\/td><td data-cell-id=\"B95\" data-x=\"1\" data-y=\"95\" data-db-index=\"95\" class=\"fsize-18\" data-cell-type=\"text\" data-original-value=\"MIGUEL \u00c1NGEL G\u00d3MEZ ESCAMILLA\" data-order=\"MIGUEL \u00c1NGEL G\u00d3MEZ ESCAMILLA\" >MIGUEL \u00c1NGEL G\u00d3MEZ ESCAMILLA <\/td><td data-cell-id=\"C95\" data-x=\"2\" data-y=\"95\" data-db-index=\"95\" class=\"fsize-18\" data-cell-type=\"text\" data-original-value=\"TRIBUNAL ELECTORAL DEL ESTADO DE CAMPECHE\" data-order=\"TRIBUNAL ELECTORAL DEL ESTADO DE CAMPECHE\" >TRIBUNAL ELECTORAL DEL ESTADO DE CAMPECHE <\/td><td data-cell-id=\"D95\" data-x=\"3\" data-y=\"95\" data-db-index=\"95\" class=\"fsize-18\" data-cell-type=\"text\" data-original-value=\"&lt;a href=&quot;https:\/\/teec.org.mx\/web\/wp-content\/uploads\/2023\/04\/TEEC-PES-4-2023-26-04-2023.pdf&quot; target=&quot;_blank&quot;&gt;TEEC\/PES\/4\/2023 (SE RETIRA C\u00c9DULA DE PUBLICITACI\u00d3N Y SE INFORMA QUE COMPARECI\u00d3 TERCERO INTERESADO)&lt;\/a&gt;\" data-order=\"&lt;a href=&quot;https:\/\/teec.org.mx\/web\/wp-content\/uploads\/2023\/04\/TEEC-PES-4-2023-26-04-2023.pdf&quot; target=&quot;_blank&quot;&gt;TEEC\/PES\/4\/2023 (SE RETIRA C\u00c9DULA DE PUBLICITACI\u00d3N Y SE INFORMA QUE COMPARECI\u00d3 TERCERO INTERESADO)&lt;\/a&gt;\" ><a href=\"https:\/\/teec.org.mx\/web\/wp-content\/uploads\/2023\/04\/TEEC-PES-4-2023-26-04-2023.pdf\" target=\"_blank\">TEEC\/PES\/4\/2023 (SE RETIRA C\u00c9DULA DE PUBLICITACI\u00d3N Y SE INFORMA QUE COMPARECI\u00d3 TERCERO INTERESADO)<\/a><\/td><\/tr><tr style=\"height:px\" ><td data-cell-id=\"A96\" data-x=\"0\" data-y=\"96\" data-db-index=\"96\" class=\"fsize-18\" data-cell-type=\"text\" data-original-value=\"21 DE ABRIL DE 2023, A LAS 9:15 HORAS\" data-order=\"21 DE ABRIL DE 2023, A LAS 9:15 HORAS\" >21 DE ABRIL DE 2023, A LAS 9:15 HORAS <\/td><td data-cell-id=\"B96\" data-x=\"1\" data-y=\"96\" data-db-index=\"96\" class=\"fsize-18\" data-cell-type=\"text\" data-original-value=\"MIGUEL \u00c1NGEL G\u00d3MEZ ESCAMILLA\" data-order=\"MIGUEL \u00c1NGEL G\u00d3MEZ ESCAMILLA\" >MIGUEL \u00c1NGEL G\u00d3MEZ ESCAMILLA <\/td><td data-cell-id=\"C96\" data-x=\"2\" data-y=\"96\" data-db-index=\"96\" class=\"fsize-18\" data-cell-type=\"text\" data-original-value=\"TRIBUNAL ELECTORAL DEL ESTADO DE CAMPECHE\" data-order=\"TRIBUNAL ELECTORAL DEL ESTADO DE CAMPECHE\" >TRIBUNAL ELECTORAL DEL ESTADO DE CAMPECHE <\/td><td data-cell-id=\"D96\" data-x=\"3\" data-y=\"96\" data-db-index=\"96\" class=\"fsize-18\" data-cell-type=\"text\" data-original-value=\"&lt;a href=&quot;https:\/\/teec.org.mx\/web\/wp-content\/uploads\/2023\/04\/TEEC-PES-4-2023-21-04-2023.pdf&quot; target=&quot;_blank&quot;&gt;TEEC\/PES\/4\/2023 (TRAMITE DE MEDIO DE IMPUGNACI\u00d3N)&lt;\/a&gt;\" data-order=\"&lt;a href=&quot;https:\/\/teec.org.mx\/web\/wp-content\/uploads\/2023\/04\/TEEC-PES-4-2023-21-04-2023.pdf&quot; target=&quot;_blank&quot;&gt;TEEC\/PES\/4\/2023 (TRAMITE DE MEDIO DE IMPUGNACI\u00d3N)&lt;\/a&gt;\" ><a href=\"https:\/\/teec.org.mx\/web\/wp-content\/uploads\/2023\/04\/TEEC-PES-4-2023-21-04-2023.pdf\" target=\"_blank\">TEEC\/PES\/4\/2023 (TRAMITE DE MEDIO DE IMPUGNACI\u00d3N)<\/a><\/td><\/tr><tr style=\"height:px\" ><td data-cell-id=\"A97\" data-x=\"0\" data-y=\"97\" data-db-index=\"97\" class=\"fsize-18\" data-cell-type=\"text\" data-original-value=\"04 DE ABRIL DE 2023, A LAS 12:47 HORAS\" data-order=\"04 DE ABRIL DE 2023, A LAS 12:47 HORAS\" >04 DE ABRIL DE 2023, A LAS 12:47 HORAS <\/td><td data-cell-id=\"B97\" data-x=\"1\" data-y=\"97\" data-db-index=\"97\" class=\"fsize-18\" data-cell-type=\"text\" data-original-value=\"DATO PROTEGIDO\" data-order=\"DATO PROTEGIDO\" >DATO PROTEGIDO <\/td><td data-cell-id=\"C97\" data-x=\"2\" data-y=\"97\" data-db-index=\"97\" class=\"fsize-18\" data-cell-type=\"text\" data-original-value=\"ANGEL ESCAMILLA Y\/O QUIEN RESULTE SER EL ADMINISTRADOR DEL USUARIO DENOMINADO COMO \u201cANGEL ESCAMILLA\u201d EN LA RED SOCIAL \u201cFACEBOOK\u201d (sic), Y\/O MIGUEL \u00c1NGEL G\u00d3MEZ ESCAMILLA\" data-order=\"ANGEL ESCAMILLA Y\/O QUIEN RESULTE SER EL ADMINISTRADOR DEL USUARIO DENOMINADO COMO \u201cANGEL ESCAMILLA\u201d EN LA RED SOCIAL \u201cFACEBOOK\u201d (sic), Y\/O MIGUEL \u00c1NGEL G\u00d3MEZ ESCAMILLA\" >ANGEL ESCAMILLA Y\/O QUIEN RESULTE SER EL ADMINISTRADOR DEL USUARIO DENOMINADO COMO \u201cANGEL ESCAMILLA\u201d EN LA RED SOCIAL \u201cFACEBOOK\u201d (sic), Y\/O MIGUEL \u00c1NGEL G\u00d3MEZ ESCAMILLA <\/td><td data-cell-id=\"D97\" data-x=\"3\" data-y=\"97\" data-db-index=\"97\" class=\"fsize-18\" data-cell-type=\"text\" data-original-value=\"&lt;a href=&quot;https:\/\/teec.org.mx\/web\/wp-content\/uploads\/2023\/04\/TEEC-PES-4-2023-sentncia-04-04-2023.pdf&quot; target=&quot;_blank&quot;&gt;TEEC\/PES\/4\/2023 (SENTENCIA)&lt;\/a&gt;\" data-order=\"&lt;a href=&quot;https:\/\/teec.org.mx\/web\/wp-content\/uploads\/2023\/04\/TEEC-PES-4-2023-sentncia-04-04-2023.pdf&quot; target=&quot;_blank&quot;&gt;TEEC\/PES\/4\/2023 (SENTENCIA)&lt;\/a&gt;\" ><a href=\"https:\/\/teec.org.mx\/web\/wp-content\/uploads\/2023\/04\/TEEC-PES-4-2023-sentncia-04-04-2023.pdf\" target=\"_blank\">TEEC\/PES\/4\/2023 (SENTENCIA)<\/a><\/td><\/tr><tr style=\"height:px\" ><td data-cell-id=\"A98\" data-x=\"0\" data-y=\"98\" data-db-index=\"98\" class=\"fsize-18\" data-cell-type=\"text\" data-original-value=\"03 DE ABRIL DE 2023, A LAS 13:34 HORAS\" data-order=\"03 DE ABRIL DE 2023, A LAS 13:34 HORAS\" >03 DE ABRIL DE 2023, A LAS 13:34 HORAS <\/td><td data-cell-id=\"B98\" data-x=\"1\" data-y=\"98\" data-db-index=\"98\" class=\"fsize-18\" data-cell-type=\"text\" data-original-value=\"DATO PROTEGIDO\" data-order=\"DATO PROTEGIDO\" >DATO PROTEGIDO <\/td><td data-cell-id=\"C98\" data-x=\"2\" data-y=\"98\" data-db-index=\"98\" class=\"fsize-18\" data-cell-type=\"text\" data-original-value=\"MAR\u00cdA LILLY DEL CARMEN TELLEZ GARC\u00cdA\" data-order=\"MAR\u00cdA LILLY DEL CARMEN TELLEZ GARC\u00cdA\" >MAR\u00cdA LILLY DEL CARMEN TELLEZ GARC\u00cdA <\/td><td data-cell-id=\"D98\" data-x=\"3\" data-y=\"98\" data-db-index=\"98\" class=\"fsize-18\" data-cell-type=\"text\" data-original-value=\"&lt;a href=&quot;https:\/\/teec.org.mx\/web\/wp-content\/uploads\/2023\/04\/TEEC-PES-2-2023-2do-acu.-03-04-2023.pdf&quot; target=&quot;_blank&quot;&gt;TEEC\/PES\/2\/2023 (ACUMULACI\u00d3N Y CUMPLIMIENTO DE REQUERIMIENTO)&lt;\/a&gt;\" data-order=\"&lt;a href=&quot;https:\/\/teec.org.mx\/web\/wp-content\/uploads\/2023\/04\/TEEC-PES-2-2023-2do-acu.-03-04-2023.pdf&quot; target=&quot;_blank&quot;&gt;TEEC\/PES\/2\/2023 (ACUMULACI\u00d3N Y CUMPLIMIENTO DE REQUERIMIENTO)&lt;\/a&gt;\" ><a href=\"https:\/\/teec.org.mx\/web\/wp-content\/uploads\/2023\/04\/TEEC-PES-2-2023-2do-acu.-03-04-2023.pdf\" target=\"_blank\">TEEC\/PES\/2\/2023 (ACUMULACI\u00d3N Y CUMPLIMIENTO DE REQUERIMIENTO)<\/a><\/td><\/tr><tr style=\"height:px\" ><td data-cell-id=\"A99\" data-x=\"0\" data-y=\"99\" data-db-index=\"99\" class=\"fsize-18\" data-cell-type=\"text\" data-original-value=\"03 DE ABRIL DE 2023, A LAS 13:28 HORAS\" data-order=\"03 DE ABRIL DE 2023, A LAS 13:28 HORAS\" >03 DE ABRIL DE 2023, A LAS 13:28 HORAS <\/td><td data-cell-id=\"B99\" data-x=\"1\" data-y=\"99\" data-db-index=\"99\" class=\"fsize-18\" data-cell-type=\"text\" data-original-value=\"DATOS PROTEGIDOS\" data-order=\"DATOS PROTEGIDOS\" >DATOS PROTEGIDOS <\/td><td data-cell-id=\"C99\" data-x=\"2\" data-y=\"99\" data-db-index=\"99\" class=\"fsize-18\" data-cell-type=\"text\" data-original-value=\"ELISEO FERN\u00c1NDEZ MONTUFAR\" data-order=\"ELISEO FERN\u00c1NDEZ MONTUFAR\" >ELISEO FERN\u00c1NDEZ MONTUFAR <\/td><td data-cell-id=\"D99\" data-x=\"3\" data-y=\"99\" data-db-index=\"99\" class=\"fsize-18\" data-cell-type=\"text\" data-original-value=\"&lt;a href=&quot;https:\/\/teec.org.mx\/web\/wp-content\/uploads\/2023\/04\/TEEC-PES-1-2023-2do-acu.-03-04-2023.pdf&quot; target=&quot;_blank&quot;&gt;TEEC\/PES\/1\/2023 (ACUERDO DE CUMPLIMIENTO Y ACUMULACI\u00d3N)&lt;\/a&gt;\" data-order=\"&lt;a href=&quot;https:\/\/teec.org.mx\/web\/wp-content\/uploads\/2023\/04\/TEEC-PES-1-2023-2do-acu.-03-04-2023.pdf&quot; target=&quot;_blank&quot;&gt;TEEC\/PES\/1\/2023 (ACUERDO DE CUMPLIMIENTO Y ACUMULACI\u00d3N)&lt;\/a&gt;\" ><a href=\"https:\/\/teec.org.mx\/web\/wp-content\/uploads\/2023\/04\/TEEC-PES-1-2023-2do-acu.-03-04-2023.pdf\" target=\"_blank\">TEEC\/PES\/1\/2023 (ACUERDO DE CUMPLIMIENTO Y ACUMULACI\u00d3N)<\/a><\/td><\/tr><tr style=\"height:px\" ><td data-cell-id=\"A100\" data-x=\"0\" data-y=\"100\" data-db-index=\"100\" class=\"fsize-18\" data-cell-type=\"text\" data-original-value=\"03 DE ABRIL DE 2023, A LAS 14:10 HORAS\" data-order=\"03 DE ABRIL DE 2023, A LAS 14:10 HORAS\" >03 DE ABRIL DE 2023, A LAS 14:10 HORAS <\/td><td data-cell-id=\"B100\" data-x=\"1\" data-y=\"100\" data-db-index=\"100\" class=\"fsize-18\" data-cell-type=\"text\" data-original-value=\"DATO PROTEGIDO \" data-order=\"DATO PROTEGIDO \" >DATO PROTEGIDO <\/td><td data-cell-id=\"C100\" data-x=\"2\" data-y=\"100\" data-db-index=\"100\" class=\"fsize-18\" data-cell-type=\"text\" data-original-value=\"ANGEL ESCAMILLA Y\/O QUIEN RESULTE SER EL ADMINISTRADOR DEL USUARIO DENOMINADO COMO \u201cANGEL ESCAMILLA\u201d EN LA RED SOCIAL \u201cFACEBOOK\u201d. (sic)\" data-order=\"ANGEL ESCAMILLA Y\/O QUIEN RESULTE SER EL ADMINISTRADOR DEL USUARIO DENOMINADO COMO \u201cANGEL ESCAMILLA\u201d EN LA RED SOCIAL \u201cFACEBOOK\u201d. (sic)\" >ANGEL ESCAMILLA Y\/O QUIEN RESULTE SER EL ADMINISTRADOR DEL USUARIO DENOMINADO COMO \u201cANGEL ESCAMILLA\u201d EN LA RED SOCIAL \u201cFACEBOOK\u201d. (sic) <\/td><td data-cell-id=\"D100\" data-x=\"3\" data-y=\"100\" data-db-index=\"100\" class=\"fsize-18\" data-cell-type=\"text\" data-original-value=\"&lt;a href=&quot;https:\/\/teec.org.mx\/web\/wp-content\/uploads\/2023\/04\/TEEC-PES-4-2023-2do-acu.-03-04-2023.pdf&quot; target=&quot;_blank&quot;&gt;TEEC\/PES\/4\/2023 (SE FIJA FECHA Y HORA PARA SESI\u00d3N)&lt;\/a&gt;\" data-order=\"&lt;a href=&quot;https:\/\/teec.org.mx\/web\/wp-content\/uploads\/2023\/04\/TEEC-PES-4-2023-2do-acu.-03-04-2023.pdf&quot; target=&quot;_blank&quot;&gt;TEEC\/PES\/4\/2023 (SE FIJA FECHA Y HORA PARA SESI\u00d3N)&lt;\/a&gt;\" ><a href=\"https:\/\/teec.org.mx\/web\/wp-content\/uploads\/2023\/04\/TEEC-PES-4-2023-2do-acu.-03-04-2023.pdf\" target=\"_blank\">TEEC\/PES\/4\/2023 (SE FIJA FECHA Y HORA PARA SESI\u00d3N)<\/a><\/td><\/tr><tr style=\"height:px\" ><td data-cell-id=\"A101\" data-x=\"0\" data-y=\"101\" data-db-index=\"101\" class=\"fsize-18\" data-cell-type=\"text\" data-original-value=\"03 DE ABRIL DE 2023, A LAS 10:50 HORAS\" data-order=\"03 DE ABRIL DE 2023, A LAS 10:50 HORAS\" >03 DE ABRIL DE 2023, A LAS 10:50 HORAS <\/td><td data-cell-id=\"B101\" data-x=\"1\" data-y=\"101\" data-db-index=\"101\" class=\"fsize-18\" data-cell-type=\"text\" data-original-value=\"DATO PROTEGIDO\" data-order=\"DATO PROTEGIDO\" >DATO PROTEGIDO <\/td><td data-cell-id=\"C101\" data-x=\"2\" data-y=\"101\" data-db-index=\"101\" class=\"fsize-18\" data-cell-type=\"text\" data-original-value=\"ANGEL ESCAMILLA Y\/O QUIEN RESULTE SER EL ADMINISTRADOR DEL USUARIO DENOMINADO COMO \u201cANGEL ESCAMILLA\u201d EN LA RED SOCIAL \u201cFACEBOOK\u201d. (sic)\" data-order=\"ANGEL ESCAMILLA Y\/O QUIEN RESULTE SER EL ADMINISTRADOR DEL USUARIO DENOMINADO COMO \u201cANGEL ESCAMILLA\u201d EN LA RED SOCIAL \u201cFACEBOOK\u201d. (sic)\" >ANGEL ESCAMILLA Y\/O QUIEN RESULTE SER EL ADMINISTRADOR DEL USUARIO DENOMINADO COMO \u201cANGEL ESCAMILLA\u201d EN LA RED SOCIAL \u201cFACEBOOK\u201d. (sic) <\/td><td data-cell-id=\"D101\" data-x=\"3\" data-y=\"101\" data-db-index=\"101\" class=\"fsize-18\" data-cell-type=\"text\" data-original-value=\"&lt;a href=&quot;https:\/\/teec.org.mx\/web\/wp-content\/uploads\/2023\/04\/TEEC-PES-4-2023-1er-acu.-03-04-2023.pdf&quot; target=&quot;_blank&quot;&gt;TEEC\/PES\/4\/2023 (CIERRE DE INSTRUCCI\u00d3N Y SOL. DE FECHA Y HORA PARA SESI\u00d3N)&lt;\/a&gt;\" data-order=\"&lt;a href=&quot;https:\/\/teec.org.mx\/web\/wp-content\/uploads\/2023\/04\/TEEC-PES-4-2023-1er-acu.-03-04-2023.pdf&quot; target=&quot;_blank&quot;&gt;TEEC\/PES\/4\/2023 (CIERRE DE INSTRUCCI\u00d3N Y SOL. DE FECHA Y HORA PARA SESI\u00d3N)&lt;\/a&gt;\" ><a href=\"https:\/\/teec.org.mx\/web\/wp-content\/uploads\/2023\/04\/TEEC-PES-4-2023-1er-acu.-03-04-2023.pdf\" target=\"_blank\">TEEC\/PES\/4\/2023 (CIERRE DE INSTRUCCI\u00d3N Y SOL. DE FECHA Y HORA PARA SESI\u00d3N)<\/a><\/td><\/tr><tr style=\"height:px\" ><td data-cell-id=\"A102\" data-x=\"0\" data-y=\"102\" data-db-index=\"102\" class=\"fsize-18\" data-cell-type=\"text\" data-original-value=\"03 DE ABRIL DE 2023, A LAS 10:35 HORAS\" data-order=\"03 DE ABRIL DE 2023, A LAS 10:35 HORAS\" >03 DE ABRIL DE 2023, A LAS 10:35 HORAS <\/td><td data-cell-id=\"B102\" data-x=\"1\" data-y=\"102\" data-db-index=\"102\" class=\"fsize-18\" data-cell-type=\"text\" data-original-value=\"DATOS PROTEGIDOS\" data-order=\"DATOS PROTEGIDOS\" >DATOS PROTEGIDOS <\/td><td data-cell-id=\"C102\" data-x=\"2\" data-y=\"102\" data-db-index=\"102\" class=\"fsize-18\" data-cell-type=\"text\" data-original-value=\"ELISEO FERN\u00c1NDEZ MONTUFAR\" data-order=\"ELISEO FERN\u00c1NDEZ MONTUFAR\" >ELISEO FERN\u00c1NDEZ MONTUFAR <\/td><td data-cell-id=\"D102\" data-x=\"3\" data-y=\"102\" data-db-index=\"102\" class=\"fsize-18\" data-cell-type=\"text\" data-original-value=\"&lt;a href=&quot;https:\/\/teec.org.mx\/web\/wp-content\/uploads\/2023\/04\/TEEC-PES-1-2023-03-04-2023.pdf&quot; target=&quot;_blank&quot;&gt;TEEC\/PES\/1\/2023 (SE TURNA DOCUMENTACI\u00d3N)&lt;\/a&gt;\" data-order=\"&lt;a href=&quot;https:\/\/teec.org.mx\/web\/wp-content\/uploads\/2023\/04\/TEEC-PES-1-2023-03-04-2023.pdf&quot; target=&quot;_blank&quot;&gt;TEEC\/PES\/1\/2023 (SE TURNA DOCUMENTACI\u00d3N)&lt;\/a&gt;\" ><a href=\"https:\/\/teec.org.mx\/web\/wp-content\/uploads\/2023\/04\/TEEC-PES-1-2023-03-04-2023.pdf\" target=\"_blank\">TEEC\/PES\/1\/2023 (SE TURNA DOCUMENTACI\u00d3N)<\/a><\/td><\/tr><tr style=\"height:px\" ><td data-cell-id=\"A103\" data-x=\"0\" data-y=\"103\" data-db-index=\"103\" class=\"fsize-18\" data-cell-type=\"text\" data-original-value=\"03 DE ABRIL DE 2023, A LAS 10:20 HORAS\" data-order=\"03 DE ABRIL DE 2023, A LAS 10:20 HORAS\" >03 DE ABRIL DE 2023, A LAS 10:20 HORAS <\/td><td data-cell-id=\"B103\" data-x=\"1\" data-y=\"103\" data-db-index=\"103\" class=\"fsize-18\" data-cell-type=\"text\" data-original-value=\"DATO PROTEGIDO \" data-order=\"DATO PROTEGIDO \" >DATO PROTEGIDO <\/td><td data-cell-id=\"C103\" data-x=\"2\" data-y=\"103\" data-db-index=\"103\" class=\"fsize-18\" data-cell-type=\"text\" data-original-value=\"MAR\u00cdA LILLY DEL CARMEN TELLEZ GARC\u00cdA\" data-order=\"MAR\u00cdA LILLY DEL CARMEN TELLEZ GARC\u00cdA\" >MAR\u00cdA LILLY DEL CARMEN TELLEZ GARC\u00cdA <\/td><td data-cell-id=\"D103\" data-x=\"3\" data-y=\"103\" data-db-index=\"103\" class=\"fsize-18\" data-cell-type=\"text\" data-original-value=\"&lt;a href=&quot;https:\/\/teec.org.mx\/web\/wp-content\/uploads\/2023\/04\/TEEC-PES-2-2023-03-04-2023.pdf&quot; target=&quot;_blank&quot;&gt;TEEC\/PES\/2\/2023 (SE TURNA DOCUMENTACI\u00d3N)&lt;\/a&gt;\" data-order=\"&lt;a href=&quot;https:\/\/teec.org.mx\/web\/wp-content\/uploads\/2023\/04\/TEEC-PES-2-2023-03-04-2023.pdf&quot; target=&quot;_blank&quot;&gt;TEEC\/PES\/2\/2023 (SE TURNA DOCUMENTACI\u00d3N)&lt;\/a&gt;\" ><a href=\"https:\/\/teec.org.mx\/web\/wp-content\/uploads\/2023\/04\/TEEC-PES-2-2023-03-04-2023.pdf\" target=\"_blank\">TEEC\/PES\/2\/2023 (SE TURNA DOCUMENTACI\u00d3N)<\/a><\/td><\/tr><tr style=\"height:px\" ><td data-cell-id=\"A104\" data-x=\"0\" data-y=\"104\" data-db-index=\"104\" class=\"fsize-18\" data-cell-type=\"text\" data-original-value=\"30 DE MARZO DE 2023, A LAS 14:20 HORAS\" data-order=\"30 DE MARZO DE 2023, A LAS 14:20 HORAS\" >30 DE MARZO DE 2023, A LAS 14:20 HORAS <\/td><td data-cell-id=\"B104\" data-x=\"1\" data-y=\"104\" data-db-index=\"104\" class=\"fsize-18\" data-cell-type=\"text\" data-original-value=\"DATOS PROTEGIDOS \" data-order=\"DATOS PROTEGIDOS \" >DATOS PROTEGIDOS <\/td><td data-cell-id=\"C104\" data-x=\"2\" data-y=\"104\" data-db-index=\"104\" class=\"fsize-18\" data-cell-type=\"text\" data-original-value=\"CARLOS ALAZRAKI GROSSMAN\" data-order=\"CARLOS ALAZRAKI GROSSMAN\" >CARLOS ALAZRAKI GROSSMAN <\/td><td data-cell-id=\"D104\" data-x=\"3\" data-y=\"104\" data-db-index=\"104\" class=\"fsize-18\" data-cell-type=\"text\" data-original-value=\"&lt;a href=&quot;https:\/\/teec.org.mx\/web\/wp-content\/uploads\/2023\/03\/TEEC-PES-3-2023-30-03-2023.pdf&quot; target=&quot;_blank&quot;&gt;TEEC\/PES\/3\/2023 (QUEDA FIRME LA SENTENCIA)&lt;\/a&gt;\" data-order=\"&lt;a href=&quot;https:\/\/teec.org.mx\/web\/wp-content\/uploads\/2023\/03\/TEEC-PES-3-2023-30-03-2023.pdf&quot; target=&quot;_blank&quot;&gt;TEEC\/PES\/3\/2023 (QUEDA FIRME LA SENTENCIA)&lt;\/a&gt;\" ><a href=\"https:\/\/teec.org.mx\/web\/wp-content\/uploads\/2023\/03\/TEEC-PES-3-2023-30-03-2023.pdf\" target=\"_blank\">TEEC\/PES\/3\/2023 (QUEDA FIRME LA SENTENCIA)<\/a><\/td><\/tr><tr style=\"height:px\" ><td data-cell-id=\"A105\" data-x=\"0\" data-y=\"105\" data-db-index=\"105\" class=\"fsize-18\" data-cell-type=\"text\" data-original-value=\"30 DE MARZO DE 2023, A LAS 14:00 HORAS\" data-order=\"30 DE MARZO DE 2023, A LAS 14:00 HORAS\" >30 DE MARZO DE 2023, A LAS 14:00 HORAS <\/td><td data-cell-id=\"B105\" data-x=\"1\" data-y=\"105\" data-db-index=\"105\" class=\"fsize-18\" data-cell-type=\"text\" data-original-value=\"ELISEO FERN\u00c1NDEZ MONTUFAR\" data-order=\"ELISEO FERN\u00c1NDEZ MONTUFAR\" >ELISEO FERN\u00c1NDEZ MONTUFAR <\/td><td data-cell-id=\"C105\" data-x=\"2\" data-y=\"105\" data-db-index=\"105\" class=\"fsize-18\" data-cell-type=\"text\" data-original-value=\"TRIBUNAL ELECTORAL DEL ESTADO DE CAMPECHE\" data-order=\"TRIBUNAL ELECTORAL DEL ESTADO DE CAMPECHE\" >TRIBUNAL ELECTORAL DEL ESTADO DE CAMPECHE <\/td><td data-cell-id=\"D105\" data-x=\"3\" data-y=\"105\" data-db-index=\"105\" class=\"fsize-18\" data-cell-type=\"text\" data-original-value=\"&lt;a href=&quot;https:\/\/teec.org.mx\/web\/wp-content\/uploads\/2023\/03\/TEEC-PES-1-2023-30-03-2023.pdf&quot; target=&quot;_blank&quot;&gt;TEEC\/PES\/1\/2023 (SE COMUNICA RETIRO DE C\u00c9D. Y COMPARECENCIA DE TERCERO INTERESADO)&lt;\/a&gt;\" data-order=\"&lt;a href=&quot;https:\/\/teec.org.mx\/web\/wp-content\/uploads\/2023\/03\/TEEC-PES-1-2023-30-03-2023.pdf&quot; target=&quot;_blank&quot;&gt;TEEC\/PES\/1\/2023 (SE COMUNICA RETIRO DE C\u00c9D. Y COMPARECENCIA DE TERCERO INTERESADO)&lt;\/a&gt;\" ><a href=\"https:\/\/teec.org.mx\/web\/wp-content\/uploads\/2023\/03\/TEEC-PES-1-2023-30-03-2023.pdf\" target=\"_blank\">TEEC\/PES\/1\/2023 (SE COMUNICA RETIRO DE C\u00c9D. Y COMPARECENCIA DE TERCERO INTERESADO)<\/a><\/td><\/tr><tr style=\"height:px\" ><td data-cell-id=\"A106\" data-x=\"0\" data-y=\"106\" data-db-index=\"106\" class=\"fsize-18\" data-cell-type=\"text\" data-original-value=\"29 DE MARZO DE 2023, A LAS 14:50 HORAS\" data-order=\"29 DE MARZO DE 2023, A LAS 14:50 HORAS\" >29 DE MARZO DE 2023, A LAS 14:50 HORAS <\/td><td data-cell-id=\"B106\" data-x=\"1\" data-y=\"106\" data-db-index=\"106\" class=\"fsize-18\" data-cell-type=\"text\" data-original-value=\"JUNTA GENERAL EJECUTIVA DEL INSTITUTO ELECTORAL DEL ESTADO DE CAMPECHE\" data-order=\"JUNTA GENERAL EJECUTIVA DEL INSTITUTO ELECTORAL DEL ESTADO DE CAMPECHE\" >JUNTA GENERAL EJECUTIVA DEL INSTITUTO ELECTORAL DEL ESTADO DE CAMPECHE <\/td><td data-cell-id=\"C106\" data-x=\"2\" data-y=\"106\" data-db-index=\"106\" class=\"fsize-18\" data-cell-type=\"text\" data-original-value=\"TRIBUNAL ELECTORAL DEL ESTADO DE CAMPECHE\" data-order=\"TRIBUNAL ELECTORAL DEL ESTADO DE CAMPECHE\" >TRIBUNAL ELECTORAL DEL ESTADO DE CAMPECHE <\/td><td data-cell-id=\"D106\" data-x=\"3\" data-y=\"106\" data-db-index=\"106\" class=\"fsize-18\" data-cell-type=\"text\" data-original-value=\"&lt;a href=&quot;https:\/\/teec.org.mx\/web\/wp-content\/uploads\/2023\/03\/TEEC-PES-1-2023-2do-acu.-29-03-2023.pdf&quot; target=&quot;_blank&quot;&gt;TEEC\/PES\/1\/2023 (SE DA POR NOTIFICADA ESTA AUTORIDAD DE LA SENTENCIA EMITIDA POR SALA XALAPA)&lt;\/a&gt;\" data-order=\"&lt;a href=&quot;https:\/\/teec.org.mx\/web\/wp-content\/uploads\/2023\/03\/TEEC-PES-1-2023-2do-acu.-29-03-2023.pdf&quot; target=&quot;_blank&quot;&gt;TEEC\/PES\/1\/2023 (SE DA POR NOTIFICADA ESTA AUTORIDAD DE LA SENTENCIA EMITIDA POR SALA XALAPA)&lt;\/a&gt;\" ><a href=\"https:\/\/teec.org.mx\/web\/wp-content\/uploads\/2023\/03\/TEEC-PES-1-2023-2do-acu.-29-03-2023.pdf\" target=\"_blank\">TEEC\/PES\/1\/2023 (SE DA POR NOTIFICADA ESTA AUTORIDAD DE LA SENTENCIA EMITIDA POR SALA XALAPA)<\/a><\/td><\/tr><tr style=\"height:px\" ><td data-cell-id=\"A107\" data-x=\"0\" data-y=\"107\" data-db-index=\"107\" class=\"fsize-18\" data-cell-type=\"text\" data-original-value=\"29 DE MARZO DE 2023, A LAS 13:17 HORAS\" data-order=\"29 DE MARZO DE 2023, A LAS 13:17 HORAS\" >29 DE MARZO DE 2023, A LAS 13:17 HORAS <\/td><td data-cell-id=\"B107\" data-x=\"1\" data-y=\"107\" data-db-index=\"107\" class=\"fsize-18\" data-cell-type=\"text\" data-original-value=\"LAS Y LOS INTEGRANTES DE LA JUNTA GENERAL EJECUTIVA DEL INSTITUTO ELECTORAL DEL ESTADO DE CAMPECHE\" data-order=\"LAS Y LOS INTEGRANTES DE LA JUNTA GENERAL EJECUTIVA DEL INSTITUTO ELECTORAL DEL ESTADO DE CAMPECHE\" >LAS Y LOS INTEGRANTES DE LA JUNTA GENERAL EJECUTIVA DEL INSTITUTO ELECTORAL DEL ESTADO DE CAMPECHE <\/td><td data-cell-id=\"C107\" data-x=\"2\" data-y=\"107\" data-db-index=\"107\" class=\"fsize-18\" data-cell-type=\"text\" data-original-value=\"TRIBUNAL ELECTORAL DEL ESTADO DE CAMPECHE\" data-order=\"TRIBUNAL ELECTORAL DEL ESTADO DE CAMPECHE\" >TRIBUNAL ELECTORAL DEL ESTADO DE CAMPECHE <\/td><td data-cell-id=\"D107\" data-x=\"3\" data-y=\"107\" data-db-index=\"107\" class=\"fsize-18\" data-cell-type=\"text\" data-original-value=\"&lt;a href=&quot;https:\/\/teec.org.mx\/web\/wp-content\/uploads\/2023\/03\/TEEC-PES-2-2023-3er-acu.-29-03-2023.pdf&quot; target=&quot;_blank&quot;&gt;TEEC\/PES\/2\/2023 (SE DA POR NOTIFICADO ESTA AUTORIDAD DEL ACUERDO DE SALA XALAPA)&lt;\/a&gt;\" data-order=\"&lt;a href=&quot;https:\/\/teec.org.mx\/web\/wp-content\/uploads\/2023\/03\/TEEC-PES-2-2023-3er-acu.-29-03-2023.pdf&quot; target=&quot;_blank&quot;&gt;TEEC\/PES\/2\/2023 (SE DA POR NOTIFICADO ESTA AUTORIDAD DEL ACUERDO DE SALA XALAPA)&lt;\/a&gt;\" ><a href=\"https:\/\/teec.org.mx\/web\/wp-content\/uploads\/2023\/03\/TEEC-PES-2-2023-3er-acu.-29-03-2023.pdf\" target=\"_blank\">TEEC\/PES\/2\/2023 (SE DA POR NOTIFICADO ESTA AUTORIDAD DEL ACUERDO DE SALA XALAPA)<\/a><\/td><\/tr><tr style=\"height:px\" ><td data-cell-id=\"A108\" data-x=\"0\" data-y=\"108\" data-db-index=\"108\" class=\"fsize-18\" data-cell-type=\"text\" data-original-value=\"29 DE MARZO DE 2023, A LAS 13:05 HORAS\" data-order=\"29 DE MARZO DE 2023, A LAS 13:05 HORAS\" >29 DE MARZO DE 2023, A LAS 13:05 HORAS <\/td><td data-cell-id=\"B108\" data-x=\"1\" data-y=\"108\" data-db-index=\"108\" class=\"fsize-18\" data-cell-type=\"text\" data-original-value=\"MAR\u00cdA LILLY DEL CARMEN TELLEZ GARC\u00cdA\" data-order=\"MAR\u00cdA LILLY DEL CARMEN TELLEZ GARC\u00cdA\" >MAR\u00cdA LILLY DEL CARMEN TELLEZ GARC\u00cdA <\/td><td data-cell-id=\"C108\" data-x=\"2\" data-y=\"108\" data-db-index=\"108\" class=\"fsize-18\" data-cell-type=\"text\" data-original-value=\"TRIBUNAL ELECTORAL DEL ESTADO DE CAMPECHE\" data-order=\"TRIBUNAL ELECTORAL DEL ESTADO DE CAMPECHE\" >TRIBUNAL ELECTORAL DEL ESTADO DE CAMPECHE <\/td><td data-cell-id=\"D108\" data-x=\"3\" data-y=\"108\" data-db-index=\"108\" class=\"fsize-18\" data-cell-type=\"text\" data-original-value=\"&lt;a href=&quot;https:\/\/teec.org.mx\/web\/wp-content\/uploads\/2023\/03\/TEEC-PES-2-2023-2do-acu.-29-03-2023.pdf&quot; target=&quot;_blank&quot;&gt;TEEC\/PES\/2\/2023 (SE DA POR NOTIFICADO ESTA AUTORIDAD DEL ACUERDO DE SALA XALAPA)&lt;\/a&gt;\" data-order=\"&lt;a href=&quot;https:\/\/teec.org.mx\/web\/wp-content\/uploads\/2023\/03\/TEEC-PES-2-2023-2do-acu.-29-03-2023.pdf&quot; target=&quot;_blank&quot;&gt;TEEC\/PES\/2\/2023 (SE DA POR NOTIFICADO ESTA AUTORIDAD DEL ACUERDO DE SALA XALAPA)&lt;\/a&gt;\" ><a href=\"https:\/\/teec.org.mx\/web\/wp-content\/uploads\/2023\/03\/TEEC-PES-2-2023-2do-acu.-29-03-2023.pdf\" target=\"_blank\">TEEC\/PES\/2\/2023 (SE DA POR NOTIFICADO ESTA AUTORIDAD DEL ACUERDO DE SALA XALAPA)<\/a><\/td><\/tr><tr style=\"height:px\" ><td data-cell-id=\"A109\" data-x=\"0\" data-y=\"109\" data-db-index=\"109\" class=\"fsize-18\" data-cell-type=\"text\" data-original-value=\"29 DE MARZO DE 2023, A LAS 12:50 HORAS\" data-order=\"29 DE MARZO DE 2023, A LAS 12:50 HORAS\" >29 DE MARZO DE 2023, A LAS 12:50 HORAS <\/td><td data-cell-id=\"B109\" data-x=\"1\" data-y=\"109\" data-db-index=\"109\" class=\"fsize-18\" data-cell-type=\"text\" data-original-value=\"FABIOLA MAULE\u00d3N P\u00c9REZ, SECRETARIA EJECUTIVA DEL INSTITUTO ELECTORAL DEL ESTADO DE CAMPECHE\" data-order=\"FABIOLA MAULE\u00d3N P\u00c9REZ, SECRETARIA EJECUTIVA DEL INSTITUTO ELECTORAL DEL ESTADO DE CAMPECHE\" >FABIOLA MAULE\u00d3N P\u00c9REZ, SECRETARIA EJECUTIVA DEL INSTITUTO ELECTORAL DEL ESTADO DE CAMPECHE <\/td><td data-cell-id=\"C109\" data-x=\"2\" data-y=\"109\" data-db-index=\"109\" class=\"fsize-18\" data-cell-type=\"text\" data-original-value=\"TRIBUNAL ELECTORAL DEL ESTADO DE CAMPECHE\" data-order=\"TRIBUNAL ELECTORAL DEL ESTADO DE CAMPECHE\" >TRIBUNAL ELECTORAL DEL ESTADO DE CAMPECHE <\/td><td data-cell-id=\"D109\" data-x=\"3\" data-y=\"109\" data-db-index=\"109\" class=\"fsize-18\" data-cell-type=\"text\" data-original-value=\"&lt;a href=&quot;https:\/\/teec.org.mx\/web\/wp-content\/uploads\/2023\/03\/TEEC-PES-2-2023-1er-acu.-29-03-2023.pdf&quot; target=&quot;_blank&quot;&gt;TEEC\/PES\/2\/2023 (SE DA POR NOTIFICADA ESTA AUTORIDAD DEL ACUERDO DE LA SALA XALAPA)&lt;\/a&gt;\" data-order=\"&lt;a href=&quot;https:\/\/teec.org.mx\/web\/wp-content\/uploads\/2023\/03\/TEEC-PES-2-2023-1er-acu.-29-03-2023.pdf&quot; target=&quot;_blank&quot;&gt;TEEC\/PES\/2\/2023 (SE DA POR NOTIFICADA ESTA AUTORIDAD DEL ACUERDO DE LA SALA XALAPA)&lt;\/a&gt;\" ><a href=\"https:\/\/teec.org.mx\/web\/wp-content\/uploads\/2023\/03\/TEEC-PES-2-2023-1er-acu.-29-03-2023.pdf\" target=\"_blank\">TEEC\/PES\/2\/2023 (SE DA POR NOTIFICADA ESTA AUTORIDAD DEL ACUERDO DE LA SALA XALAPA)<\/a><\/td><\/tr><tr style=\"height:px\" ><td data-cell-id=\"A110\" data-x=\"0\" data-y=\"110\" data-db-index=\"110\" class=\"fsize-18\" data-cell-type=\"text\" data-original-value=\"29 DE MARZO DE 2023, A LAS 12:40 HORAS\" data-order=\"29 DE MARZO DE 2023, A LAS 12:40 HORAS\" >29 DE MARZO DE 2023, A LAS 12:40 HORAS <\/td><td data-cell-id=\"B110\" data-x=\"1\" data-y=\"110\" data-db-index=\"110\" class=\"fsize-18\" data-cell-type=\"text\" data-original-value=\"ELISEO FERN\u00c1NDEZ MONTUFAR\" data-order=\"ELISEO FERN\u00c1NDEZ MONTUFAR\" >ELISEO FERN\u00c1NDEZ MONTUFAR <\/td><td data-cell-id=\"C110\" data-x=\"2\" data-y=\"110\" data-db-index=\"110\" class=\"fsize-18\" data-cell-type=\"text\" data-original-value=\"TRIBUNAL ELECTORAL DEL ESTADO DE CAMPECHE\" data-order=\"TRIBUNAL ELECTORAL DEL ESTADO DE CAMPECHE\" >TRIBUNAL ELECTORAL DEL ESTADO DE CAMPECHE <\/td><td data-cell-id=\"D110\" data-x=\"3\" data-y=\"110\" data-db-index=\"110\" class=\"fsize-18\" data-cell-type=\"text\" data-original-value=\"&lt;a href=&quot;https:\/\/teec.org.mx\/web\/wp-content\/uploads\/2023\/03\/TEEC-PES-1-2023-29-03-2023.pdf&quot; target=&quot;_blank&quot;&gt;TEEC\/PES\/1\/2023 (SE DA POR NOTIFICADA ESTA AUTORIDAD DEL ACUERDO DE LA SALA XALAPA)&lt;\/a&gt;\" data-order=\"&lt;a href=&quot;https:\/\/teec.org.mx\/web\/wp-content\/uploads\/2023\/03\/TEEC-PES-1-2023-29-03-2023.pdf&quot; target=&quot;_blank&quot;&gt;TEEC\/PES\/1\/2023 (SE DA POR NOTIFICADA ESTA AUTORIDAD DEL ACUERDO DE LA SALA XALAPA)&lt;\/a&gt;\" ><a href=\"https:\/\/teec.org.mx\/web\/wp-content\/uploads\/2023\/03\/TEEC-PES-1-2023-29-03-2023.pdf\" target=\"_blank\">TEEC\/PES\/1\/2023 (SE DA POR NOTIFICADA ESTA AUTORIDAD DEL ACUERDO DE LA SALA XALAPA)<\/a><\/td><\/tr><tr style=\"height:px\" ><td data-cell-id=\"A111\" data-x=\"0\" data-y=\"111\" data-db-index=\"111\" class=\"fsize-18\" data-cell-type=\"text\" data-original-value=\"28 DE MARZO DE 2023, A LAS 13:37 HORAS\" data-order=\"28 DE MARZO DE 2023, A LAS 13:37 HORAS\" >28 DE MARZO DE 2023, A LAS 13:37 HORAS <\/td><td data-cell-id=\"B111\" data-x=\"1\" data-y=\"111\" data-db-index=\"111\" class=\"fsize-18\" data-cell-type=\"text\" data-original-value=\"DATO PROTEGIDO \" data-order=\"DATO PROTEGIDO \" >DATO PROTEGIDO <\/td><td data-cell-id=\"C111\" data-x=\"2\" data-y=\"111\" data-db-index=\"111\" class=\"fsize-18\" data-cell-type=\"text\" data-original-value=\"ANGEL ESCAMILLA Y\/O QUIEN RESULTE SER EL ADMINISTRADOR DEL USUARIO DENOMINADO COMO \u201cANGEL ESCAMILLA\u201d EN LA RED SOCIAL \u201cFACEBOOK\u201d. (sic)\" data-order=\"ANGEL ESCAMILLA Y\/O QUIEN RESULTE SER EL ADMINISTRADOR DEL USUARIO DENOMINADO COMO \u201cANGEL ESCAMILLA\u201d EN LA RED SOCIAL \u201cFACEBOOK\u201d. (sic)\" >ANGEL ESCAMILLA Y\/O QUIEN RESULTE SER EL ADMINISTRADOR DEL USUARIO DENOMINADO COMO \u201cANGEL ESCAMILLA\u201d EN LA RED SOCIAL \u201cFACEBOOK\u201d. (sic) <\/td><td data-cell-id=\"D111\" data-x=\"3\" data-y=\"111\" data-db-index=\"111\" class=\"fsize-18\" data-cell-type=\"text\" data-original-value=\"&lt;a href=&quot;https:\/\/teec.org.mx\/web\/wp-content\/uploads\/2023\/03\/TEEC-PES-4-2023-28-03-2023.pdf&quot; target=&quot;_blank&quot;&gt;TEEC\/PES\/4\/2023 (CUMPLIMIENTO DE REQUERIMIENTO Y OPOSICI\u00d3N A DATOS PERSONALES)&lt;\/a&gt;\" data-order=\"&lt;a href=&quot;https:\/\/teec.org.mx\/web\/wp-content\/uploads\/2023\/03\/TEEC-PES-4-2023-28-03-2023.pdf&quot; target=&quot;_blank&quot;&gt;TEEC\/PES\/4\/2023 (CUMPLIMIENTO DE REQUERIMIENTO Y OPOSICI\u00d3N A DATOS PERSONALES)&lt;\/a&gt;\" ><a href=\"https:\/\/teec.org.mx\/web\/wp-content\/uploads\/2023\/03\/TEEC-PES-4-2023-28-03-2023.pdf\" target=\"_blank\">TEEC\/PES\/4\/2023 (CUMPLIMIENTO DE REQUERIMIENTO Y OPOSICI\u00d3N A DATOS PERSONALES)<\/a><\/td><\/tr><tr style=\"height:px\" ><td data-cell-id=\"A112\" data-x=\"0\" data-y=\"112\" data-db-index=\"112\" class=\"fsize-18\" data-cell-type=\"text\" data-original-value=\"28 DE MARZO DE 2023, A LAS 13:25 HORAS\" data-order=\"28 DE MARZO DE 2023, A LAS 13:25 HORAS\" >28 DE MARZO DE 2023, A LAS 13:25 HORAS <\/td><td data-cell-id=\"B112\" data-x=\"1\" data-y=\"112\" data-db-index=\"112\" class=\"fsize-18\" data-cell-type=\"text\" data-original-value=\"FABIOLA MAULE\u00d3N P\u00c9REZ, SECRETARIA EJECUTIVA DEL INSTITUTO ELECTORAL DEL ESTADO DE CAMPECHE\" data-order=\"FABIOLA MAULE\u00d3N P\u00c9REZ, SECRETARIA EJECUTIVA DEL INSTITUTO ELECTORAL DEL ESTADO DE CAMPECHE\" >FABIOLA MAULE\u00d3N P\u00c9REZ, SECRETARIA EJECUTIVA DEL INSTITUTO ELECTORAL DEL ESTADO DE CAMPECHE <\/td><td data-cell-id=\"C112\" data-x=\"2\" data-y=\"112\" data-db-index=\"112\" class=\"fsize-18\" data-cell-type=\"text\" data-original-value=\"TRIBUNAL ELECTORAL DEL ESTADO DE CAMPECHE\" data-order=\"TRIBUNAL ELECTORAL DEL ESTADO DE CAMPECHE\" >TRIBUNAL ELECTORAL DEL ESTADO DE CAMPECHE <\/td><td data-cell-id=\"D112\" data-x=\"3\" data-y=\"112\" data-db-index=\"112\" class=\"fsize-18\" data-cell-type=\"text\" data-original-value=\"&lt;a href=&quot;https:\/\/teec.org.mx\/web\/wp-content\/uploads\/2023\/03\/TEEC-PES-2-2023-2do-acu.-28-03-2023.pdf&quot; target=&quot;_blank&quot;&gt;TEEC\/PES\/2\/2023 (SE COMUNICA C\u00c9D. DE RETIRO Y NO COMPARECENCIA DE TERCERO INTERESADO)&lt;\/a&gt;\" data-order=\"&lt;a href=&quot;https:\/\/teec.org.mx\/web\/wp-content\/uploads\/2023\/03\/TEEC-PES-2-2023-2do-acu.-28-03-2023.pdf&quot; target=&quot;_blank&quot;&gt;TEEC\/PES\/2\/2023 (SE COMUNICA C\u00c9D. DE RETIRO Y NO COMPARECENCIA DE TERCERO INTERESADO)&lt;\/a&gt;\" ><a href=\"https:\/\/teec.org.mx\/web\/wp-content\/uploads\/2023\/03\/TEEC-PES-2-2023-2do-acu.-28-03-2023.pdf\" target=\"_blank\">TEEC\/PES\/2\/2023 (SE COMUNICA C\u00c9D. DE RETIRO Y NO COMPARECENCIA DE TERCERO INTERESADO)<\/a><\/td><\/tr><tr style=\"height:px\" ><td data-cell-id=\"A113\" data-x=\"0\" data-y=\"113\" data-db-index=\"113\" class=\"fsize-18\" data-cell-type=\"text\" data-original-value=\"28 DE MARZO DE 2023, A LAS 13:15 HORAS\" data-order=\"28 DE MARZO DE 2023, A LAS 13:15 HORAS\" >28 DE MARZO DE 2023, A LAS 13:15 HORAS <\/td><td data-cell-id=\"B113\" data-x=\"1\" data-y=\"113\" data-db-index=\"113\" class=\"fsize-18\" data-cell-type=\"text\" data-original-value=\"LAS Y LOS INTEGRANTES DE LA JUNTA GENERAL EJECUTIVA DEL INSTITUTO ELECTORAL DEL ESTADO DE CAMPECHE\" data-order=\"LAS Y LOS INTEGRANTES DE LA JUNTA GENERAL EJECUTIVA DEL INSTITUTO ELECTORAL DEL ESTADO DE CAMPECHE\" >LAS Y LOS INTEGRANTES DE LA JUNTA GENERAL EJECUTIVA DEL INSTITUTO ELECTORAL DEL ESTADO DE CAMPECHE <\/td><td data-cell-id=\"C113\" data-x=\"2\" data-y=\"113\" data-db-index=\"113\" class=\"fsize-18\" data-cell-type=\"text\" data-original-value=\"TRIBUNAL ELECTORAL DEL ESTADO DE CAMPECHE\" data-order=\"TRIBUNAL ELECTORAL DEL ESTADO DE CAMPECHE\" >TRIBUNAL ELECTORAL DEL ESTADO DE CAMPECHE <\/td><td data-cell-id=\"D113\" data-x=\"3\" data-y=\"113\" data-db-index=\"113\" class=\"fsize-18\" data-cell-type=\"text\" data-original-value=\"&lt;a href=&quot;https:\/\/teec.org.mx\/web\/wp-content\/uploads\/2023\/03\/TEEC-PES-2-2023-1er-acu.-28-03-2023.pdf&quot; target=&quot;_blank&quot;&gt;TEEC\/PES\/2\/2023 (SE COMUNICA C\u00c9D. DE RETIRO Y NO COMPARECENCIA DE TERCERO INTERESADO)&lt;\/a&gt;\" data-order=\"&lt;a href=&quot;https:\/\/teec.org.mx\/web\/wp-content\/uploads\/2023\/03\/TEEC-PES-2-2023-1er-acu.-28-03-2023.pdf&quot; target=&quot;_blank&quot;&gt;TEEC\/PES\/2\/2023 (SE COMUNICA C\u00c9D. DE RETIRO Y NO COMPARECENCIA DE TERCERO INTERESADO)&lt;\/a&gt;\" ><a href=\"https:\/\/teec.org.mx\/web\/wp-content\/uploads\/2023\/03\/TEEC-PES-2-2023-1er-acu.-28-03-2023.pdf\" target=\"_blank\">TEEC\/PES\/2\/2023 (SE COMUNICA C\u00c9D. DE RETIRO Y NO COMPARECENCIA DE TERCERO INTERESADO)<\/a><\/td><\/tr><tr style=\"height:px\" ><td data-cell-id=\"A114\" data-x=\"0\" data-y=\"114\" data-db-index=\"114\" class=\"fsize-18\" data-cell-type=\"text\" data-original-value=\"27 DE MARZO DE 2023, A LAS 13:30 HORAS\" data-order=\"27 DE MARZO DE 2023, A LAS 13:30 HORAS\" >27 DE MARZO DE 2023, A LAS 13:30 HORAS <\/td><td data-cell-id=\"B114\" data-x=\"1\" data-y=\"114\" data-db-index=\"114\" class=\"fsize-18\" data-cell-type=\"text\" data-original-value=\"DATO PROTEGIDO \" data-order=\"DATO PROTEGIDO \" >DATO PROTEGIDO <\/td><td data-cell-id=\"C114\" data-x=\"2\" data-y=\"114\" data-db-index=\"114\" class=\"fsize-18\" data-cell-type=\"text\" data-original-value=\"ANGEL ESCAMILLA Y\/O QUIEN RESULTE SER EL ADMINISTRADOR DEL USUARIO DENOMINADO COMO \u201cANGEL ESCAMILLA\u201d EN LA RED SOCIAL \u201cFACEBOOK\u201d. (sic)\" data-order=\"ANGEL ESCAMILLA Y\/O QUIEN RESULTE SER EL ADMINISTRADOR DEL USUARIO DENOMINADO COMO \u201cANGEL ESCAMILLA\u201d EN LA RED SOCIAL \u201cFACEBOOK\u201d. (sic)\" >ANGEL ESCAMILLA Y\/O QUIEN RESULTE SER EL ADMINISTRADOR DEL USUARIO DENOMINADO COMO \u201cANGEL ESCAMILLA\u201d EN LA RED SOCIAL \u201cFACEBOOK\u201d. (sic) <\/td><td data-cell-id=\"D114\" data-x=\"3\" data-y=\"114\" data-db-index=\"114\" class=\"fsize-18\" data-cell-type=\"text\" data-original-value=\"&lt;a href=&quot;https:\/\/teec.org.mx\/web\/wp-content\/uploads\/2023\/03\/TEEC-PES-4-2023-27-03-2023.pdf&quot; target=&quot;_blank&quot;&gt;TEEC\/PES\/4\/2023 (SE TURNA DOCUMENTACI\u00d3N)&lt;\/a&gt;\" data-order=\"&lt;a href=&quot;https:\/\/teec.org.mx\/web\/wp-content\/uploads\/2023\/03\/TEEC-PES-4-2023-27-03-2023.pdf&quot; target=&quot;_blank&quot;&gt;TEEC\/PES\/4\/2023 (SE TURNA DOCUMENTACI\u00d3N)&lt;\/a&gt;\" ><a href=\"https:\/\/teec.org.mx\/web\/wp-content\/uploads\/2023\/03\/TEEC-PES-4-2023-27-03-2023.pdf\" target=\"_blank\">TEEC\/PES\/4\/2023 (SE TURNA DOCUMENTACI\u00d3N)<\/a><\/td><\/tr><tr style=\"height:px\" ><td data-cell-id=\"A115\" data-x=\"0\" data-y=\"115\" data-db-index=\"115\" class=\"fsize-18\" data-cell-type=\"text\" data-original-value=\"27 DE MARZO DE 2023, A LAS 13:00 HORAS\" data-order=\"27 DE MARZO DE 2023, A LAS 13:00 HORAS\" >27 DE MARZO DE 2023, A LAS 13:00 HORAS <\/td><td data-cell-id=\"B115\" data-x=\"1\" data-y=\"115\" data-db-index=\"115\" class=\"fsize-18\" data-cell-type=\"text\" data-original-value=\"ELISEO FERN\u00c1NDEZ MONTUFAR\" data-order=\"ELISEO FERN\u00c1NDEZ MONTUFAR\" >ELISEO FERN\u00c1NDEZ MONTUFAR <\/td><td data-cell-id=\"C115\" data-x=\"2\" data-y=\"115\" data-db-index=\"115\" class=\"fsize-18\" data-cell-type=\"text\" data-original-value=\"TRIBUNAL ELECTORAL DEL ESTADO DE CAMPECHE\" data-order=\"TRIBUNAL ELECTORAL DEL ESTADO DE CAMPECHE\" >TRIBUNAL ELECTORAL DEL ESTADO DE CAMPECHE <\/td><td data-cell-id=\"D115\" data-x=\"3\" data-y=\"115\" data-db-index=\"115\" class=\"fsize-18\" data-cell-type=\"text\" data-original-value=\"&lt;a href=&quot;https:\/\/teec.org.mx\/web\/wp-content\/uploads\/2023\/03\/TEEC-PES-1-2023-27-03-2023.pdf&quot; target=&quot;_blank&quot;&gt;TEEC\/PES\/1\/2023 (TRAMITE DE MEDIO DE IMPUGNACI\u00d3N FEDERAL)&lt;\/a&gt;\" data-order=\"&lt;a href=&quot;https:\/\/teec.org.mx\/web\/wp-content\/uploads\/2023\/03\/TEEC-PES-1-2023-27-03-2023.pdf&quot; target=&quot;_blank&quot;&gt;TEEC\/PES\/1\/2023 (TRAMITE DE MEDIO DE IMPUGNACI\u00d3N FEDERAL)&lt;\/a&gt;\" ><a href=\"https:\/\/teec.org.mx\/web\/wp-content\/uploads\/2023\/03\/TEEC-PES-1-2023-27-03-2023.pdf\" target=\"_blank\">TEEC\/PES\/1\/2023 (TRAMITE DE MEDIO DE IMPUGNACI\u00d3N FEDERAL)<\/a><\/td><\/tr><tr style=\"height:px\" ><td data-cell-id=\"A116\" data-x=\"0\" data-y=\"116\" data-db-index=\"116\" class=\"fsize-18\" data-cell-type=\"text\" data-original-value=\"27 DE MARZO DE 2023, A LAS 12:45 HORAS\" data-order=\"27 DE MARZO DE 2023, A LAS 12:45 HORAS\" >27 DE MARZO DE 2023, A LAS 12:45 HORAS <\/td><td data-cell-id=\"B116\" data-x=\"1\" data-y=\"116\" data-db-index=\"116\" class=\"fsize-18\" data-cell-type=\"text\" data-original-value=\"MAR\u00cdA LILLY DEL CARMEN TELLEZ GARC\u00cdA\" data-order=\"MAR\u00cdA LILLY DEL CARMEN TELLEZ GARC\u00cdA\" >MAR\u00cdA LILLY DEL CARMEN TELLEZ GARC\u00cdA <\/td><td data-cell-id=\"C116\" data-x=\"2\" data-y=\"116\" data-db-index=\"116\" class=\"fsize-18\" data-cell-type=\"text\" data-original-value=\"TRIBUNAL ELECTORAL DEL ESTADO DE CAMPECHE\" data-order=\"TRIBUNAL ELECTORAL DEL ESTADO DE CAMPECHE\" >TRIBUNAL ELECTORAL DEL ESTADO DE CAMPECHE <\/td><td data-cell-id=\"D116\" data-x=\"3\" data-y=\"116\" data-db-index=\"116\" class=\"fsize-18\" data-cell-type=\"text\" data-original-value=\"&lt;a href=&quot;https:\/\/teec.org.mx\/web\/wp-content\/uploads\/2023\/03\/TEEC-PES-2-2023-27-03-2023.pdf&quot; target=&quot;_blank&quot;&gt;TEEC\/PES\/2\/2023 (SE COMUNICA RETIRO DE C\u00c9D. DE PUBLICITACI\u00d3N Y NO COMPARECENCIA DE TERCERO INTERESADO)&lt;\/a&gt;\" data-order=\"&lt;a href=&quot;https:\/\/teec.org.mx\/web\/wp-content\/uploads\/2023\/03\/TEEC-PES-2-2023-27-03-2023.pdf&quot; target=&quot;_blank&quot;&gt;TEEC\/PES\/2\/2023 (SE COMUNICA RETIRO DE C\u00c9D. DE PUBLICITACI\u00d3N Y NO COMPARECENCIA DE TERCERO INTERESADO)&lt;\/a&gt;\" ><a href=\"https:\/\/teec.org.mx\/web\/wp-content\/uploads\/2023\/03\/TEEC-PES-2-2023-27-03-2023.pdf\" target=\"_blank\">TEEC\/PES\/2\/2023 (SE COMUNICA RETIRO DE C\u00c9D. DE PUBLICITACI\u00d3N Y NO COMPARECENCIA DE TERCERO INTERESADO)<\/a><\/td><\/tr><tr style=\"height:px\" ><td data-cell-id=\"A117\" data-x=\"0\" data-y=\"117\" data-db-index=\"117\" class=\"fsize-18\" data-cell-type=\"text\" data-original-value=\"24 DE MARZO DE 2023, A LAS 11:30 HORAS\" data-order=\"24 DE MARZO DE 2023, A LAS 11:30 HORAS\" >24 DE MARZO DE 2023, A LAS 11:30 HORAS <\/td><td data-cell-id=\"B117\" data-x=\"1\" data-y=\"117\" data-db-index=\"117\" class=\"fsize-18\" data-cell-type=\"text\" data-original-value=\"MAR\u00cdA LILLY DEL CARMEN TELLEZ GARC\u00cdA\" data-order=\"MAR\u00cdA LILLY DEL CARMEN TELLEZ GARC\u00cdA\" >MAR\u00cdA LILLY DEL CARMEN TELLEZ GARC\u00cdA <\/td><td data-cell-id=\"C117\" data-x=\"2\" data-y=\"117\" data-db-index=\"117\" class=\"fsize-18\" data-cell-type=\"text\" data-original-value=\"TRIBUNAL ELECTORAL DEL ESTADO DE CAMPECHE\" data-order=\"TRIBUNAL ELECTORAL DEL ESTADO DE CAMPECHE\" >TRIBUNAL ELECTORAL DEL ESTADO DE CAMPECHE <\/td><td data-cell-id=\"D117\" data-x=\"3\" data-y=\"117\" data-db-index=\"117\" class=\"fsize-18\" data-cell-type=\"text\" data-original-value=\"&lt;a href=&quot;https:\/\/teec.org.mx\/web\/wp-content\/uploads\/2023\/03\/TEEC-PES-2-2023-24-03-2023.pdf&quot; target=&quot;_blank&quot;&gt;TEEC\/PES\/2\/2023 (SE REMITE DOCUMENTACI\u00d3N A SALA XALAPA)&lt;\/a&gt;\" data-order=\"&lt;a href=&quot;https:\/\/teec.org.mx\/web\/wp-content\/uploads\/2023\/03\/TEEC-PES-2-2023-24-03-2023.pdf&quot; target=&quot;_blank&quot;&gt;TEEC\/PES\/2\/2023 (SE REMITE DOCUMENTACI\u00d3N A SALA XALAPA)&lt;\/a&gt;\" ><a href=\"https:\/\/teec.org.mx\/web\/wp-content\/uploads\/2023\/03\/TEEC-PES-2-2023-24-03-2023.pdf\" target=\"_blank\">TEEC\/PES\/2\/2023 (SE REMITE DOCUMENTACI\u00d3N A SALA XALAPA)<\/a><\/td><\/tr><tr style=\"height:px\" ><td data-cell-id=\"A118\" data-x=\"0\" data-y=\"118\" data-db-index=\"118\" class=\"fsize-18\" data-cell-type=\"text\" data-original-value=\"23 DE MARZO DE 2023, A LAS 14:16 HORAS\" data-order=\"23 DE MARZO DE 2023, A LAS 14:16 HORAS\" >23 DE MARZO DE 2023, A LAS 14:16 HORAS <\/td><td data-cell-id=\"B118\" data-x=\"1\" data-y=\"118\" data-db-index=\"118\" class=\"fsize-18\" data-cell-type=\"text\" data-original-value=\"DATO PROTEGIDO\" data-order=\"DATO PROTEGIDO\" >DATO PROTEGIDO <\/td><td data-cell-id=\"C118\" data-x=\"2\" data-y=\"118\" data-db-index=\"118\" class=\"fsize-18\" data-cell-type=\"text\" data-original-value=\"ELISEO FERN\u00c1NDEZ MONTUFAR\" data-order=\"ELISEO FERN\u00c1NDEZ MONTUFAR\" >ELISEO FERN\u00c1NDEZ MONTUFAR <\/td><td data-cell-id=\"D118\" data-x=\"3\" data-y=\"118\" data-db-index=\"118\" class=\"fsize-18\" data-cell-type=\"text\" data-original-value=\"&lt;a href=&quot;https:\/\/teec.org.mx\/web\/wp-content\/uploads\/2023\/03\/TEEC-PES-1-2023-23-03-2023.pdf&quot; target=&quot;_blank&quot;&gt;TEEC\/PES\/1\/2023 (SE ANEXA OFICIO)&lt;\/a&gt;\" data-order=\"&lt;a href=&quot;https:\/\/teec.org.mx\/web\/wp-content\/uploads\/2023\/03\/TEEC-PES-1-2023-23-03-2023.pdf&quot; target=&quot;_blank&quot;&gt;TEEC\/PES\/1\/2023 (SE ANEXA OFICIO)&lt;\/a&gt;\" ><a href=\"https:\/\/teec.org.mx\/web\/wp-content\/uploads\/2023\/03\/TEEC-PES-1-2023-23-03-2023.pdf\" target=\"_blank\">TEEC\/PES\/1\/2023 (SE ANEXA OFICIO)<\/a><\/td><\/tr><tr style=\"height:px\" ><td data-cell-id=\"A119\" data-x=\"0\" data-y=\"119\" data-db-index=\"119\" class=\"fsize-18\" data-cell-type=\"text\" data-original-value=\"23 DE MARZO DE 2023, A LAS 11:45 HORAS\" data-order=\"23 DE MARZO DE 2023, A LAS 11:45 HORAS\" >23 DE MARZO DE 2023, A LAS 11:45 HORAS <\/td><td data-cell-id=\"B119\" data-x=\"1\" data-y=\"119\" data-db-index=\"119\" class=\"fsize-18\" data-cell-type=\"text\" data-original-value=\"FABIOLA MAULE\u00d3N P\u00c9REZ, SECRETARIA EJECUTIVA DEL INSTITUTO ELECTORAL DEL ESTADO DE CAMPECHE\" data-order=\"FABIOLA MAULE\u00d3N P\u00c9REZ, SECRETARIA EJECUTIVA DEL INSTITUTO ELECTORAL DEL ESTADO DE CAMPECHE\" >FABIOLA MAULE\u00d3N P\u00c9REZ, SECRETARIA EJECUTIVA DEL INSTITUTO ELECTORAL DEL ESTADO DE CAMPECHE <\/td><td data-cell-id=\"C119\" data-x=\"2\" data-y=\"119\" data-db-index=\"119\" class=\"fsize-18\" data-cell-type=\"text\" data-original-value=\"TRIBUNAL ELECTORAL DEL ESTADO DE CAMPECHE\" data-order=\"TRIBUNAL ELECTORAL DEL ESTADO DE CAMPECHE\" >TRIBUNAL ELECTORAL DEL ESTADO DE CAMPECHE <\/td><td data-cell-id=\"D119\" data-x=\"3\" data-y=\"119\" data-db-index=\"119\" class=\"fsize-18\" data-cell-type=\"text\" data-original-value=\"&lt;a href=&quot;https:\/\/teec.org.mx\/web\/wp-content\/uploads\/2023\/03\/TEEC-PES-2-2023-2do-acu.-23-03-2023.pdf&quot; target=&quot;_blank&quot;&gt;TEEC\/PES\/2\/2023 (TRAMITE DE MEDIO DE IMPUGNACI\u00d3N FEDERAL)&lt;\/a&gt;\" data-order=\"&lt;a href=&quot;https:\/\/teec.org.mx\/web\/wp-content\/uploads\/2023\/03\/TEEC-PES-2-2023-2do-acu.-23-03-2023.pdf&quot; target=&quot;_blank&quot;&gt;TEEC\/PES\/2\/2023 (TRAMITE DE MEDIO DE IMPUGNACI\u00d3N FEDERAL)&lt;\/a&gt;\" ><a href=\"https:\/\/teec.org.mx\/web\/wp-content\/uploads\/2023\/03\/TEEC-PES-2-2023-2do-acu.-23-03-2023.pdf\" target=\"_blank\">TEEC\/PES\/2\/2023 (TRAMITE DE MEDIO DE IMPUGNACI\u00d3N FEDERAL)<\/a><\/td><\/tr><tr style=\"height:px\" ><td data-cell-id=\"A120\" data-x=\"0\" data-y=\"120\" data-db-index=\"120\" class=\"fsize-18\" data-cell-type=\"text\" data-original-value=\"23 DE MARZO DE 2023, A LAS 11:35 HORAS\" data-order=\"23 DE MARZO DE 2023, A LAS 11:35 HORAS\" >23 DE MARZO DE 2023, A LAS 11:35 HORAS <\/td><td data-cell-id=\"B120\" data-x=\"1\" data-y=\"120\" data-db-index=\"120\" class=\"fsize-18\" data-cell-type=\"text\" data-original-value=\"LAS Y LOS INTEGRANTES DE LA JUNTA GENERAL EJECUTIVA DEL INSTITUTO ELECTORAL DEL ESTADO DE CAMPECHE\" data-order=\"LAS Y LOS INTEGRANTES DE LA JUNTA GENERAL EJECUTIVA DEL INSTITUTO ELECTORAL DEL ESTADO DE CAMPECHE\" >LAS Y LOS INTEGRANTES DE LA JUNTA GENERAL EJECUTIVA DEL INSTITUTO ELECTORAL DEL ESTADO DE CAMPECHE <\/td><td data-cell-id=\"C120\" data-x=\"2\" data-y=\"120\" data-db-index=\"120\" class=\"fsize-18\" data-cell-type=\"text\" data-original-value=\"TRIBUNAL ELECTORAL DEL ESTADO DE CAMPECHE\" data-order=\"TRIBUNAL ELECTORAL DEL ESTADO DE CAMPECHE\" >TRIBUNAL ELECTORAL DEL ESTADO DE CAMPECHE <\/td><td data-cell-id=\"D120\" data-x=\"3\" data-y=\"120\" data-db-index=\"120\" class=\"fsize-18\" data-cell-type=\"text\" data-original-value=\"&lt;a href=&quot;https:\/\/teec.org.mx\/web\/wp-content\/uploads\/2023\/03\/TEEC-PES-2-2023-1er-acu.-23-03-2023.pdf&quot; target=&quot;_blank&quot;&gt;TEEC\/PES\/2\/2023 (TRAMITE DE MEDIO DE IMPUGNACI\u00d3N FEDERAL)&lt;\/a&gt;\" data-order=\"&lt;a href=&quot;https:\/\/teec.org.mx\/web\/wp-content\/uploads\/2023\/03\/TEEC-PES-2-2023-1er-acu.-23-03-2023.pdf&quot; target=&quot;_blank&quot;&gt;TEEC\/PES\/2\/2023 (TRAMITE DE MEDIO DE IMPUGNACI\u00d3N FEDERAL)&lt;\/a&gt;\" ><a href=\"https:\/\/teec.org.mx\/web\/wp-content\/uploads\/2023\/03\/TEEC-PES-2-2023-1er-acu.-23-03-2023.pdf\" target=\"_blank\">TEEC\/PES\/2\/2023 (TRAMITE DE MEDIO DE IMPUGNACI\u00d3N FEDERAL)<\/a><\/td><\/tr><tr style=\"height:px\" ><td data-cell-id=\"A121\" data-x=\"0\" data-y=\"121\" data-db-index=\"121\" class=\"fsize-18\" data-cell-type=\"text\" data-original-value=\"22 DE MARZO DE 2023, A LAS 11:43 HORAS\" data-order=\"22 DE MARZO DE 2023, A LAS 11:43 HORAS\" >22 DE MARZO DE 2023, A LAS 11:43 HORAS <\/td><td data-cell-id=\"B121\" data-x=\"1\" data-y=\"121\" data-db-index=\"121\" class=\"fsize-18\" data-cell-type=\"text\" data-original-value=\"LAS Y LOS INTEGRANTES DE LA JUNTA GENERAL EJECUTIVA DEL INSTITUTO ELECTORAL DEL ESTADO DE CAMPECHE\" data-order=\"LAS Y LOS INTEGRANTES DE LA JUNTA GENERAL EJECUTIVA DEL INSTITUTO ELECTORAL DEL ESTADO DE CAMPECHE\" >LAS Y LOS INTEGRANTES DE LA JUNTA GENERAL EJECUTIVA DEL INSTITUTO ELECTORAL DEL ESTADO DE CAMPECHE <\/td><td data-cell-id=\"C121\" data-x=\"2\" data-y=\"121\" data-db-index=\"121\" class=\"fsize-18\" data-cell-type=\"text\" data-original-value=\"TRIBUNAL ELECTORAL DEL ESTADO DE CAMPECHE\" data-order=\"TRIBUNAL ELECTORAL DEL ESTADO DE CAMPECHE\" >TRIBUNAL ELECTORAL DEL ESTADO DE CAMPECHE <\/td><td data-cell-id=\"D121\" data-x=\"3\" data-y=\"121\" data-db-index=\"121\" class=\"fsize-18\" data-cell-type=\"text\" data-original-value=\"&lt;a href=&quot;https:\/\/teec.org.mx\/web\/wp-content\/uploads\/2023\/03\/TEEC-PES-1-2023-22-03-2023.pdf&quot; target=&quot;_blank&quot;&gt;TEEC\/PES\/1\/2023 (RETIRO DE CED. Y NO COMPARECENCIA DE TERCERO INTERESADO)&lt;\/a&gt;\" data-order=\"&lt;a href=&quot;https:\/\/teec.org.mx\/web\/wp-content\/uploads\/2023\/03\/TEEC-PES-1-2023-22-03-2023.pdf&quot; target=&quot;_blank&quot;&gt;TEEC\/PES\/1\/2023 (RETIRO DE CED. Y NO COMPARECENCIA DE TERCERO INTERESADO)&lt;\/a&gt;\" ><a href=\"https:\/\/teec.org.mx\/web\/wp-content\/uploads\/2023\/03\/TEEC-PES-1-2023-22-03-2023.pdf\" target=\"_blank\">TEEC\/PES\/1\/2023 (RETIRO DE CED. Y NO COMPARECENCIA DE TERCERO INTERESADO)<\/a><\/td><\/tr><tr style=\"height:px\" ><td data-cell-id=\"A122\" data-x=\"0\" data-y=\"122\" data-db-index=\"122\" class=\"fsize-18\" data-cell-type=\"text\" data-original-value=\"22 DE MARZO DE 2023, A LAS 13:28 HORAS\" data-order=\"22 DE MARZO DE 2023, A LAS 13:28 HORAS\" >22 DE MARZO DE 2023, A LAS 13:28 HORAS <\/td><td data-cell-id=\"B122\" data-x=\"1\" data-y=\"122\" data-db-index=\"122\" class=\"fsize-18\" data-cell-type=\"text\" data-original-value=\"DATO PROTEGIDO\" data-order=\"DATO PROTEGIDO\" >DATO PROTEGIDO <\/td><td data-cell-id=\"C122\" data-x=\"2\" data-y=\"122\" data-db-index=\"122\" class=\"fsize-18\" data-cell-type=\"text\" data-original-value=\"ANGEL ESCAMILLA Y\/O QUIEN RESULTE SER EL ADMINISTRADOR DEL USUARIO DENOMINADO COMO \u201cANGEL ESCAMILLA\u201d EN LA RED SOCIAL \u201cFACEBOOK\u201d. (sic)\" data-order=\"ANGEL ESCAMILLA Y\/O QUIEN RESULTE SER EL ADMINISTRADOR DEL USUARIO DENOMINADO COMO \u201cANGEL ESCAMILLA\u201d EN LA RED SOCIAL \u201cFACEBOOK\u201d. (sic)\" >ANGEL ESCAMILLA Y\/O QUIEN RESULTE SER EL ADMINISTRADOR DEL USUARIO DENOMINADO COMO \u201cANGEL ESCAMILLA\u201d EN LA RED SOCIAL \u201cFACEBOOK\u201d. (sic) <\/td><td data-cell-id=\"D122\" data-x=\"3\" data-y=\"122\" data-db-index=\"122\" class=\"fsize-18\" data-cell-type=\"text\" data-original-value=\"&lt;a href=&quot;https:\/\/teec.org.mx\/web\/wp-content\/uploads\/2023\/03\/TEEC-PES-4-2023-22-03-2023.pdf&quot; target=&quot;_blank&quot;&gt;TEEC\/PES\/4\/2023 (ACUERDO DE RECEPCI\u00d3N, RADICACI\u00d3N, DATOS PERSONALES Y REQUERIMIENTO)&lt;\/a&gt;\" data-order=\"&lt;a href=&quot;https:\/\/teec.org.mx\/web\/wp-content\/uploads\/2023\/03\/TEEC-PES-4-2023-22-03-2023.pdf&quot; target=&quot;_blank&quot;&gt;TEEC\/PES\/4\/2023 (ACUERDO DE RECEPCI\u00d3N, RADICACI\u00d3N, DATOS PERSONALES Y REQUERIMIENTO)&lt;\/a&gt;\" ><a href=\"https:\/\/teec.org.mx\/web\/wp-content\/uploads\/2023\/03\/TEEC-PES-4-2023-22-03-2023.pdf\" target=\"_blank\">TEEC\/PES\/4\/2023 (ACUERDO DE RECEPCI\u00d3N, RADICACI\u00d3N, DATOS PERSONALES Y REQUERIMIENTO)<\/a><\/td><\/tr><tr style=\"height:px\" ><td data-cell-id=\"A123\" data-x=\"0\" data-y=\"123\" data-db-index=\"123\" class=\"fsize-18\" data-cell-type=\"text\" data-original-value=\"22 DE MARZO DE 2023, A LAS 11:55 HORAS\" data-order=\"22 DE MARZO DE 2023, A LAS 11:55 HORAS\" >22 DE MARZO DE 2023, A LAS 11:55 HORAS <\/td><td data-cell-id=\"B123\" data-x=\"1\" data-y=\"123\" data-db-index=\"123\" class=\"fsize-18\" data-cell-type=\"text\" data-original-value=\"MAR\u00cdA LILLY DEL CARMEN TELLEZ GARC\u00cdA\" data-order=\"MAR\u00cdA LILLY DEL CARMEN TELLEZ GARC\u00cdA\" >MAR\u00cdA LILLY DEL CARMEN TELLEZ GARC\u00cdA <\/td><td data-cell-id=\"C123\" data-x=\"2\" data-y=\"123\" data-db-index=\"123\" class=\"fsize-18\" data-cell-type=\"text\" data-original-value=\"TRIBUNAL ELECTORAL DEL ESTADO DE CAMPECHE\" data-order=\"TRIBUNAL ELECTORAL DEL ESTADO DE CAMPECHE\" >TRIBUNAL ELECTORAL DEL ESTADO DE CAMPECHE <\/td><td data-cell-id=\"D123\" data-x=\"3\" data-y=\"123\" data-db-index=\"123\" class=\"fsize-18\" data-cell-type=\"text\" data-original-value=\"&lt;a href=&quot;https:\/\/teec.org.mx\/web\/wp-content\/uploads\/2023\/03\/TEEC-PES-2-2023-22-03-2023.pdf&quot; target=&quot;_blank&quot;&gt;TEEC\/PES\/2\/2023 (TRAMITE DE MEDIO DE IMPUGNACI\u00d3N FEDERAL)&lt;\/a&gt;\" data-order=\"&lt;a href=&quot;https:\/\/teec.org.mx\/web\/wp-content\/uploads\/2023\/03\/TEEC-PES-2-2023-22-03-2023.pdf&quot; target=&quot;_blank&quot;&gt;TEEC\/PES\/2\/2023 (TRAMITE DE MEDIO DE IMPUGNACI\u00d3N FEDERAL)&lt;\/a&gt;\" ><a href=\"https:\/\/teec.org.mx\/web\/wp-content\/uploads\/2023\/03\/TEEC-PES-2-2023-22-03-2023.pdf\" target=\"_blank\">TEEC\/PES\/2\/2023 (TRAMITE DE MEDIO DE IMPUGNACI\u00d3N FEDERAL)<\/a><\/td><\/tr><tr style=\"height:px\" ><td data-cell-id=\"A124\" data-x=\"0\" data-y=\"124\" data-db-index=\"124\" class=\"fsize-18\" data-cell-type=\"text\" data-original-value=\"21 DE MARZO DE 2023, A LAS 13:35 HORAS\" data-order=\"21 DE MARZO DE 2023, A LAS 13:35 HORAS\" >21 DE MARZO DE 2023, A LAS 13:35 HORAS <\/td><td data-cell-id=\"B124\" data-x=\"1\" data-y=\"124\" data-db-index=\"124\" class=\"fsize-18\" data-cell-type=\"text\" data-original-value=\"DATOS PROTEGIDOS \" data-order=\"DATOS PROTEGIDOS \" >DATOS PROTEGIDOS <\/td><td data-cell-id=\"C124\" data-x=\"2\" data-y=\"124\" data-db-index=\"124\" class=\"fsize-18\" data-cell-type=\"text\" data-original-value=\"CARLOS ALAZRAKI GROSSMAN\" data-order=\"CARLOS ALAZRAKI GROSSMAN\" >CARLOS ALAZRAKI GROSSMAN <\/td><td data-cell-id=\"D124\" data-x=\"3\" data-y=\"124\" data-db-index=\"124\" class=\"fsize-18\" data-cell-type=\"text\" data-original-value=\"&lt;a href=&quot;https:\/\/teec.org.mx\/web\/wp-content\/uploads\/2023\/03\/TEEC-PES-3-2023-sentencia-vp-21-03-2023.pdf&quot; target=&quot;_blank&quot;&gt;TEEC\/PES\/3\/2023 (SENTENCIA)&lt;\/a&gt;\" data-order=\"&lt;a href=&quot;https:\/\/teec.org.mx\/web\/wp-content\/uploads\/2023\/03\/TEEC-PES-3-2023-sentencia-vp-21-03-2023.pdf&quot; target=&quot;_blank&quot;&gt;TEEC\/PES\/3\/2023 (SENTENCIA)&lt;\/a&gt;\" ><a href=\"https:\/\/teec.org.mx\/web\/wp-content\/uploads\/2023\/03\/TEEC-PES-3-2023-sentencia-vp-21-03-2023.pdf\" target=\"_blank\">TEEC\/PES\/3\/2023 (SENTENCIA)<\/a><\/td><\/tr><tr style=\"height:px\" ><td data-cell-id=\"A125\" data-x=\"0\" data-y=\"125\" data-db-index=\"125\" class=\"fsize-18\" data-cell-type=\"text\" data-original-value=\"17 DE MARZO DE 2023, A LAS 17:30 HORAS\" data-order=\"17 DE MARZO DE 2023, A LAS 17:30 HORAS\" >17 DE MARZO DE 2023, A LAS 17:30 HORAS <\/td><td data-cell-id=\"B125\" data-x=\"1\" data-y=\"125\" data-db-index=\"125\" class=\"fsize-18\" data-cell-type=\"text\" data-original-value=\"DATOS PROTEGIDOS\" data-order=\"DATOS PROTEGIDOS\" >DATOS PROTEGIDOS <\/td><td data-cell-id=\"C125\" data-x=\"2\" data-y=\"125\" data-db-index=\"125\" class=\"fsize-18\" data-cell-type=\"text\" data-original-value=\"ELISEO FERN\u00c1NDEZ MONTUFAR\" data-order=\"ELISEO FERN\u00c1NDEZ MONTUFAR\" >ELISEO FERN\u00c1NDEZ MONTUFAR <\/td><td data-cell-id=\"D125\" data-x=\"3\" data-y=\"125\" data-db-index=\"125\" class=\"fsize-18\" data-cell-type=\"text\" data-original-value=\"&lt;a href=&quot;https:\/\/teec.org.mx\/web\/wp-content\/uploads\/2023\/03\/TEEC-PES-1-2023-17-03-2023.pdf&quot; target=&quot;_blank&quot;&gt;TEEC\/PES\/1\/ (SE NOTIFICA ACUERDO Y SENTENCIA)&lt;\/a&gt;\" data-order=\"&lt;a href=&quot;https:\/\/teec.org.mx\/web\/wp-content\/uploads\/2023\/03\/TEEC-PES-1-2023-17-03-2023.pdf&quot; target=&quot;_blank&quot;&gt;TEEC\/PES\/1\/ (SE NOTIFICA ACUERDO Y SENTENCIA)&lt;\/a&gt;\" ><a href=\"https:\/\/teec.org.mx\/web\/wp-content\/uploads\/2023\/03\/TEEC-PES-1-2023-17-03-2023.pdf\" target=\"_blank\">TEEC\/PES\/1\/ (SE NOTIFICA ACUERDO Y SENTENCIA)<\/a><\/td><\/tr><tr style=\"height:px\" ><td data-cell-id=\"A126\" data-x=\"0\" data-y=\"126\" data-db-index=\"126\" class=\"fsize-18\" data-cell-type=\"text\" data-original-value=\"17 DE MARZO DE 2023, A LAS 9:30 HORAS\" data-order=\"17 DE MARZO DE 2023, A LAS 9:30 HORAS\" >17 DE MARZO DE 2023, A LAS 9:30 HORAS <\/td><td data-cell-id=\"B126\" data-x=\"1\" data-y=\"126\" data-db-index=\"126\" class=\"fsize-18\" data-cell-type=\"text\" data-original-value=\"LAYDA ELENA SANSORES SAN ROM\u00c1N EN CALIDAD DE GOBERNADORA CONSTITUCIONAL DEL ESTADO DE CAMPECHE\" data-order=\"LAYDA ELENA SANSORES SAN ROM\u00c1N EN CALIDAD DE GOBERNADORA CONSTITUCIONAL DEL ESTADO DE CAMPECHE\" >LAYDA ELENA SANSORES SAN ROM\u00c1N EN CALIDAD DE GOBERNADORA CONSTITUCIONAL DEL ESTADO DE CAMPECHE <\/td><td data-cell-id=\"C126\" data-x=\"2\" data-y=\"126\" data-db-index=\"126\" class=\"fsize-18\" data-cell-type=\"text\" data-original-value=\"ANGEL ESCAMILLA Y\/O QUIEN RESULTE SER EL ADMINISTRADOR DEL USUARIO DENOMINADO COMO \u201cANGEL ESCAMILLA\u201d EN LA RED SOCIAL \u201cFACEBOOK\u201d. (sic)\" data-order=\"ANGEL ESCAMILLA Y\/O QUIEN RESULTE SER EL ADMINISTRADOR DEL USUARIO DENOMINADO COMO \u201cANGEL ESCAMILLA\u201d EN LA RED SOCIAL \u201cFACEBOOK\u201d. (sic)\" >ANGEL ESCAMILLA Y\/O QUIEN RESULTE SER EL ADMINISTRADOR DEL USUARIO DENOMINADO COMO \u201cANGEL ESCAMILLA\u201d EN LA RED SOCIAL \u201cFACEBOOK\u201d. (sic) <\/td><td data-cell-id=\"D126\" data-x=\"3\" data-y=\"126\" data-db-index=\"126\" class=\"fsize-18\" data-cell-type=\"text\" data-original-value=\"&lt;a href=&quot;https:\/\/teec.org.mx\/web\/wp-content\/uploads\/2023\/03\/TEEC-PES-4-2023-17-03-2023.pdf&quot; target=&quot;_blank&quot;&gt;TEEC\/PES\/4\/2023 (ACUERDO DE TURNO)&lt;\/a&gt;\" data-order=\"&lt;a href=&quot;https:\/\/teec.org.mx\/web\/wp-content\/uploads\/2023\/03\/TEEC-PES-4-2023-17-03-2023.pdf&quot; target=&quot;_blank&quot;&gt;TEEC\/PES\/4\/2023 (ACUERDO DE TURNO)&lt;\/a&gt;\" ><a href=\"https:\/\/teec.org.mx\/web\/wp-content\/uploads\/2023\/03\/TEEC-PES-4-2023-17-03-2023.pdf\" target=\"_blank\">TEEC\/PES\/4\/2023 (ACUERDO DE TURNO)<\/a><\/td><\/tr><tr style=\"height:px\" ><td data-cell-id=\"A127\" data-x=\"0\" data-y=\"127\" data-db-index=\"127\" class=\"fsize-18\" data-cell-type=\"text\" data-original-value=\"16 DE MARZO DE 2023, A LAS 13:35 HORAS\" data-order=\"16 DE MARZO DE 2023, A LAS 13:35 HORAS\" >16 DE MARZO DE 2023, A LAS 13:35 HORAS <\/td><td data-cell-id=\"B127\" data-x=\"1\" data-y=\"127\" data-db-index=\"127\" class=\"fsize-18\" data-cell-type=\"text\" data-original-value=\"DATOS PROTEGIDOS \" data-order=\"DATOS PROTEGIDOS \" >DATOS PROTEGIDOS <\/td><td data-cell-id=\"C127\" data-x=\"2\" data-y=\"127\" data-db-index=\"127\" class=\"fsize-18\" data-cell-type=\"text\" data-original-value=\"CARLOS ALAZRAKI GROSSMAN\" data-order=\"CARLOS ALAZRAKI GROSSMAN\" >CARLOS ALAZRAKI GROSSMAN <\/td><td data-cell-id=\"D127\" data-x=\"3\" data-y=\"127\" data-db-index=\"127\" class=\"fsize-18\" data-cell-type=\"text\" data-original-value=\"&lt;a href=&quot;https:\/\/teec.org.mx\/web\/wp-content\/uploads\/2023\/03\/TEEC-PES-3-2023-16-03-2023.pdf&quot; target=&quot;_blank&quot;&gt;TEEC\/PES\/3\/2023 (CUMPL. DE REQUERIMIENTO, ACUMULACI\u00d3N, SUPRESI\u00d3N DE DATOS PERSONALES Y SE FIJA FECHA Y HORA PARA SESI\u00d3N)&lt;\/a&gt;\" data-order=\"&lt;a href=&quot;https:\/\/teec.org.mx\/web\/wp-content\/uploads\/2023\/03\/TEEC-PES-3-2023-16-03-2023.pdf&quot; target=&quot;_blank&quot;&gt;TEEC\/PES\/3\/2023 (CUMPL. DE REQUERIMIENTO, ACUMULACI\u00d3N, SUPRESI\u00d3N DE DATOS PERSONALES Y SE FIJA FECHA Y HORA PARA SESI\u00d3N)&lt;\/a&gt;\" ><a href=\"https:\/\/teec.org.mx\/web\/wp-content\/uploads\/2023\/03\/TEEC-PES-3-2023-16-03-2023.pdf\" target=\"_blank\">TEEC\/PES\/3\/2023 (CUMPL. DE REQUERIMIENTO, ACUMULACI\u00d3N, SUPRESI\u00d3N DE DATOS PERSONALES Y SE FIJA FECHA Y HORA PARA SESI\u00d3N)<\/a><\/td><\/tr><tr style=\"height:px\" ><td data-cell-id=\"A128\" data-x=\"0\" data-y=\"128\" data-db-index=\"128\" class=\"fsize-18\" data-cell-type=\"text\" data-original-value=\"16 DE MARZO DE 2023, A LAS 10:50 HORAS\" data-order=\"16 DE MARZO DE 2023, A LAS 10:50 HORAS\" >16 DE MARZO DE 2023, A LAS 10:50 HORAS <\/td><td data-cell-id=\"B128\" data-x=\"1\" data-y=\"128\" data-db-index=\"128\" class=\"fsize-18\" data-cell-type=\"text\" data-original-value=\"LAS Y LOS INTEGRANTES DE LA JUNTA GENERAL EJECUTIVA DEL INSTITUTO ELECTORAL DEL ESTADO DE CAMPECHE\" data-order=\"LAS Y LOS INTEGRANTES DE LA JUNTA GENERAL EJECUTIVA DEL INSTITUTO ELECTORAL DEL ESTADO DE CAMPECHE\" >LAS Y LOS INTEGRANTES DE LA JUNTA GENERAL EJECUTIVA DEL INSTITUTO ELECTORAL DEL ESTADO DE CAMPECHE <\/td><td data-cell-id=\"C128\" data-x=\"2\" data-y=\"128\" data-db-index=\"128\" class=\"fsize-18\" data-cell-type=\"text\" data-original-value=\"TRIBUNAL ELECTORAL DEL ESTADO DE CAMPECHE\" data-order=\"TRIBUNAL ELECTORAL DEL ESTADO DE CAMPECHE\" >TRIBUNAL ELECTORAL DEL ESTADO DE CAMPECHE <\/td><td data-cell-id=\"D128\" data-x=\"3\" data-y=\"128\" data-db-index=\"128\" class=\"fsize-18\" data-cell-type=\"text\" data-original-value=\"&lt;a href=&quot;https:\/\/teec.org.mx\/web\/wp-content\/uploads\/2023\/03\/TEEC-PES-1-2023-16-03-2023.pdf&quot; target=&quot;_blank&quot;&gt;TEEC\/PES\/1\/2023 (TRAMITE DE MEDIO DE IMPUGNACI\u00d3N FEDERAL)&lt;\/a&gt;\" data-order=\"&lt;a href=&quot;https:\/\/teec.org.mx\/web\/wp-content\/uploads\/2023\/03\/TEEC-PES-1-2023-16-03-2023.pdf&quot; target=&quot;_blank&quot;&gt;TEEC\/PES\/1\/2023 (TRAMITE DE MEDIO DE IMPUGNACI\u00d3N FEDERAL)&lt;\/a&gt;\" ><a href=\"https:\/\/teec.org.mx\/web\/wp-content\/uploads\/2023\/03\/TEEC-PES-1-2023-16-03-2023.pdf\" target=\"_blank\">TEEC\/PES\/1\/2023 (TRAMITE DE MEDIO DE IMPUGNACI\u00d3N FEDERAL)<\/a><\/td><\/tr><tr style=\"height:px\" ><td data-cell-id=\"A129\" data-x=\"0\" data-y=\"129\" data-db-index=\"129\" class=\"fsize-18\" data-cell-type=\"text\" data-original-value=\"15 DE MARZO DE 2023, A LAS 12:20 HORAS\" data-order=\"15 DE MARZO DE 2023, A LAS 12:20 HORAS\" >15 DE MARZO DE 2023, A LAS 12:20 HORAS <\/td><td data-cell-id=\"B129\" data-x=\"1\" data-y=\"129\" data-db-index=\"129\" class=\"fsize-18\" data-cell-type=\"text\" data-original-value=\"DATO PROTEGIDO \" data-order=\"DATO PROTEGIDO \" >DATO PROTEGIDO <\/td><td data-cell-id=\"C129\" data-x=\"2\" data-y=\"129\" data-db-index=\"129\" class=\"fsize-18\" data-cell-type=\"text\" data-original-value=\"MAR\u00cdA LILLY DEL CARMEN TELLEZ GARC\u00cdA\" data-order=\"MAR\u00cdA LILLY DEL CARMEN TELLEZ GARC\u00cdA\" >MAR\u00cdA LILLY DEL CARMEN TELLEZ GARC\u00cdA <\/td><td data-cell-id=\"D129\" data-x=\"3\" data-y=\"129\" data-db-index=\"129\" class=\"fsize-18\" data-cell-type=\"text\" data-original-value=\"&lt;a href=&quot;https:\/\/teec.org.mx\/web\/wp-content\/uploads\/2023\/03\/TEEC-PES-2-2023-vp-sentencia-15-03-2023.pdf&quot; target=&quot;_blank&quot;&gt;TEEC\/PES\/2\/2023 (SENTENCIA)&lt;\/a&gt;\" data-order=\"&lt;a href=&quot;https:\/\/teec.org.mx\/web\/wp-content\/uploads\/2023\/03\/TEEC-PES-2-2023-vp-sentencia-15-03-2023.pdf&quot; target=&quot;_blank&quot;&gt;TEEC\/PES\/2\/2023 (SENTENCIA)&lt;\/a&gt;\" ><a href=\"https:\/\/teec.org.mx\/web\/wp-content\/uploads\/2023\/03\/TEEC-PES-2-2023-vp-sentencia-15-03-2023.pdf\" target=\"_blank\">TEEC\/PES\/2\/2023 (SENTENCIA)<\/a><\/td><\/tr><tr style=\"height:px\" ><td data-cell-id=\"A130\" data-x=\"0\" data-y=\"130\" data-db-index=\"130\" class=\"fsize-18\" data-cell-type=\"text\" data-original-value=\"15 DE MARZO DE 2023, A LAS 11:20 HORAS\" data-order=\"15 DE MARZO DE 2023, A LAS 11:20 HORAS\" >15 DE MARZO DE 2023, A LAS 11:20 HORAS <\/td><td data-cell-id=\"B130\" data-x=\"1\" data-y=\"130\" data-db-index=\"130\" class=\"fsize-18\" data-cell-type=\"text\" data-original-value=\"DATOS PROTEGIDOS\" data-order=\"DATOS PROTEGIDOS\" >DATOS PROTEGIDOS <\/td><td data-cell-id=\"C130\" data-x=\"2\" data-y=\"130\" data-db-index=\"130\" class=\"fsize-18\" data-cell-type=\"text\" data-original-value=\"CARLOS ALAZRAKI GROSSMAN\" data-order=\"CARLOS ALAZRAKI GROSSMAN\" >CARLOS ALAZRAKI GROSSMAN <\/td><td data-cell-id=\"D130\" data-x=\"3\" data-y=\"130\" data-db-index=\"130\" class=\"fsize-18\" data-cell-type=\"text\" data-original-value=\"&lt;a href=&quot;https:\/\/teec.org.mx\/web\/wp-content\/uploads\/2023\/03\/TEEC-PES-3-2023-15-03-2023.pdf&quot; target=&quot;_blank&quot;&gt;TEEC\/PES\/3\/2023 (ACUERDO DE TURNO DE DOCUMENTACI\u00d3N)&lt;\/a&gt;\" data-order=\"&lt;a href=&quot;https:\/\/teec.org.mx\/web\/wp-content\/uploads\/2023\/03\/TEEC-PES-3-2023-15-03-2023.pdf&quot; target=&quot;_blank&quot;&gt;TEEC\/PES\/3\/2023 (ACUERDO DE TURNO DE DOCUMENTACI\u00d3N)&lt;\/a&gt;\" ><a href=\"https:\/\/teec.org.mx\/web\/wp-content\/uploads\/2023\/03\/TEEC-PES-3-2023-15-03-2023.pdf\" target=\"_blank\">TEEC\/PES\/3\/2023 (ACUERDO DE TURNO DE DOCUMENTACI\u00d3N)<\/a><\/td><\/tr><tr style=\"height:px\" ><td data-cell-id=\"A131\" data-x=\"0\" data-y=\"131\" data-db-index=\"131\" class=\"fsize-18\" data-cell-type=\"text\" data-original-value=\"14 DE MARZO DE 2023, A LAS 13:10 HORAS\" data-order=\"14 DE MARZO DE 2023, A LAS 13:10 HORAS\" >14 DE MARZO DE 2023, A LAS 13:10 HORAS <\/td><td data-cell-id=\"B131\" data-x=\"1\" data-y=\"131\" data-db-index=\"131\" class=\"fsize-18\" data-cell-type=\"text\" data-original-value=\"DATO PROTEGIDO \" data-order=\"DATO PROTEGIDO \" >DATO PROTEGIDO <\/td><td data-cell-id=\"C131\" data-x=\"2\" data-y=\"131\" data-db-index=\"131\" class=\"fsize-18\" data-cell-type=\"text\" data-original-value=\"MAR\u00cdA LILLY DEL CARMEN TELLEZ GARC\u00cdA\" data-order=\"MAR\u00cdA LILLY DEL CARMEN TELLEZ GARC\u00cdA\" >MAR\u00cdA LILLY DEL CARMEN TELLEZ GARC\u00cdA <\/td><td data-cell-id=\"D131\" data-x=\"3\" data-y=\"131\" data-db-index=\"131\" class=\"fsize-18\" data-cell-type=\"text\" data-original-value=\"&lt;a href=&quot;https:\/\/teec.org.mx\/web\/wp-content\/uploads\/2023\/03\/TEEC-PES-2-2023-14-03-2023.pdf&quot; target=&quot;_blank&quot;&gt;TEEC\/PES\/2\/2023 (SE FIJA FECHA Y HORA PARA SESI\u00d3N)&lt;\/a&gt;\" data-order=\"&lt;a href=&quot;https:\/\/teec.org.mx\/web\/wp-content\/uploads\/2023\/03\/TEEC-PES-2-2023-14-03-2023.pdf&quot; target=&quot;_blank&quot;&gt;TEEC\/PES\/2\/2023 (SE FIJA FECHA Y HORA PARA SESI\u00d3N)&lt;\/a&gt;\" ><a href=\"https:\/\/teec.org.mx\/web\/wp-content\/uploads\/2023\/03\/TEEC-PES-2-2023-14-03-2023.pdf\" target=\"_blank\">TEEC\/PES\/2\/2023 (SE FIJA FECHA Y HORA PARA SESI\u00d3N)<\/a><\/td><\/tr><tr style=\"height:px\" ><td data-cell-id=\"A132\" data-x=\"0\" data-y=\"132\" data-db-index=\"132\" class=\"fsize-18\" data-cell-type=\"text\" data-original-value=\"13 DE MARZO DE 2023, A LAS 14:00 HORAS\" data-order=\"13 DE MARZO DE 2023, A LAS 14:00 HORAS\" >13 DE MARZO DE 2023, A LAS 14:00 HORAS <\/td><td data-cell-id=\"B132\" data-x=\"1\" data-y=\"132\" data-db-index=\"132\" class=\"fsize-18\" data-cell-type=\"text\" data-original-value=\"DATO PROTEGIDO \" data-order=\"DATO PROTEGIDO \" >DATO PROTEGIDO <\/td><td data-cell-id=\"C132\" data-x=\"2\" data-y=\"132\" data-db-index=\"132\" class=\"fsize-18\" data-cell-type=\"text\" data-original-value=\"MAR\u00cdA LILLY DEL CARMEN TELLEZ GARC\u00cdA\" data-order=\"MAR\u00cdA LILLY DEL CARMEN TELLEZ GARC\u00cdA\" >MAR\u00cdA LILLY DEL CARMEN TELLEZ GARC\u00cdA <\/td><td data-cell-id=\"D132\" data-x=\"3\" data-y=\"132\" data-db-index=\"132\" class=\"fsize-18\" data-cell-type=\"text\" data-original-value=\"&lt;a href=&quot;https:\/\/teec.org.mx\/web\/wp-content\/uploads\/2023\/03\/TEEC-PES-2-2023-13-03-2023.pdf&quot; target=&quot;_blank&quot;&gt;TEEC\/PES\/2\/2023 (ACUERDO DE RECEPCI\u00d3N, RADICACI\u00d3N Y SOL. DE FECHA Y HORA PARA SESI\u00d3N)&lt;\/a&gt;\" data-order=\"&lt;a href=&quot;https:\/\/teec.org.mx\/web\/wp-content\/uploads\/2023\/03\/TEEC-PES-2-2023-13-03-2023.pdf&quot; target=&quot;_blank&quot;&gt;TEEC\/PES\/2\/2023 (ACUERDO DE RECEPCI\u00d3N, RADICACI\u00d3N Y SOL. DE FECHA Y HORA PARA SESI\u00d3N)&lt;\/a&gt;\" ><a href=\"https:\/\/teec.org.mx\/web\/wp-content\/uploads\/2023\/03\/TEEC-PES-2-2023-13-03-2023.pdf\" target=\"_blank\">TEEC\/PES\/2\/2023 (ACUERDO DE RECEPCI\u00d3N, RADICACI\u00d3N Y SOL. DE FECHA Y HORA PARA SESI\u00d3N)<\/a><\/td><\/tr><tr style=\"height:px\" ><td data-cell-id=\"A133\" data-x=\"0\" data-y=\"133\" data-db-index=\"133\" class=\"fsize-18\" data-cell-type=\"text\" data-original-value=\"13 DE MARZO DE 2023, A LAS 10:30 HORAS\" data-order=\"13 DE MARZO DE 2023, A LAS 10:30 HORAS\" >13 DE MARZO DE 2023, A LAS 10:30 HORAS <\/td><td data-cell-id=\"B133\" data-x=\"1\" data-y=\"133\" data-db-index=\"133\" class=\"fsize-18\" data-cell-type=\"text\" data-original-value=\"DATOS PROTEGIDOS \" data-order=\"DATOS PROTEGIDOS \" >DATOS PROTEGIDOS <\/td><td data-cell-id=\"C133\" data-x=\"2\" data-y=\"133\" data-db-index=\"133\" class=\"fsize-18\" data-cell-type=\"text\" data-original-value=\"CARLOS ALAZRAKI GROSSMAN\" data-order=\"CARLOS ALAZRAKI GROSSMAN\" >CARLOS ALAZRAKI GROSSMAN <\/td><td data-cell-id=\"D133\" data-x=\"3\" data-y=\"133\" data-db-index=\"133\" class=\"fsize-18\" data-cell-type=\"text\" data-original-value=\"&lt;a href=&quot;https:\/\/teec.org.mx\/web\/wp-content\/uploads\/2023\/03\/TEEC-PES-3-2023-13-03-2023.pdf&quot; target=&quot;_blank&quot;&gt;TEEC\/PES\/3\/2023 (ACUERDO DE RECEPCI\u00d3N, RADICACI\u00d3N Y DATOS PERSONALES)&lt;\/a&gt;\" data-order=\"&lt;a href=&quot;https:\/\/teec.org.mx\/web\/wp-content\/uploads\/2023\/03\/TEEC-PES-3-2023-13-03-2023.pdf&quot; target=&quot;_blank&quot;&gt;TEEC\/PES\/3\/2023 (ACUERDO DE RECEPCI\u00d3N, RADICACI\u00d3N Y DATOS PERSONALES)&lt;\/a&gt;\" ><a href=\"https:\/\/teec.org.mx\/web\/wp-content\/uploads\/2023\/03\/TEEC-PES-3-2023-13-03-2023.pdf\" target=\"_blank\">TEEC\/PES\/3\/2023 (ACUERDO DE RECEPCI\u00d3N, RADICACI\u00d3N Y DATOS PERSONALES)<\/a><\/td><\/tr><tr style=\"height:px\" ><td data-cell-id=\"A134\" data-x=\"0\" data-y=\"134\" data-db-index=\"134\" class=\"fsize-18\" data-cell-type=\"text\" data-original-value=\"09 DE MARZO DE 2023, A LAS 14:57 HORAS\" data-order=\"09 DE MARZO DE 2023, A LAS 14:57 HORAS\" >09 DE MARZO DE 2023, A LAS 14:57 HORAS <\/td><td data-cell-id=\"B134\" data-x=\"1\" data-y=\"134\" data-db-index=\"134\" class=\"fsize-18\" data-cell-type=\"text\" data-original-value=\"LAYDA ELENA SANSORES SAN ROM\u00c1N EN CALIDAD DE GOBERNADORA CONSTITUCIONAL DEL ESTADO DE CAMPECHE\" data-order=\"LAYDA ELENA SANSORES SAN ROM\u00c1N EN CALIDAD DE GOBERNADORA CONSTITUCIONAL DEL ESTADO DE CAMPECHE\" >LAYDA ELENA SANSORES SAN ROM\u00c1N EN CALIDAD DE GOBERNADORA CONSTITUCIONAL DEL ESTADO DE CAMPECHE <\/td><td data-cell-id=\"C134\" data-x=\"2\" data-y=\"134\" data-db-index=\"134\" class=\"fsize-18\" data-cell-type=\"text\" data-original-value=\"MAR\u00cdA LILLY DEL CARMEN TELLEZ GARC\u00cdA\" data-order=\"MAR\u00cdA LILLY DEL CARMEN TELLEZ GARC\u00cdA\" >MAR\u00cdA LILLY DEL CARMEN TELLEZ GARC\u00cdA <\/td><td data-cell-id=\"D134\" data-x=\"3\" data-y=\"134\" data-db-index=\"134\" class=\"fsize-18\" data-cell-type=\"text\" data-original-value=\"&lt;a href=&quot;https:\/\/teec.org.mx\/web\/wp-content\/uploads\/2023\/03\/TEEC-PES-2-2023-09-03-2023.pdf&quot; target=&quot;_blank&quot;&gt;TEEC\/PES\/2\/2023 (ACUERDO DE TURNO DE DOCUMENTACI\u00d3N)&lt;\/a&gt;\" data-order=\"&lt;a href=&quot;https:\/\/teec.org.mx\/web\/wp-content\/uploads\/2023\/03\/TEEC-PES-2-2023-09-03-2023.pdf&quot; target=&quot;_blank&quot;&gt;TEEC\/PES\/2\/2023 (ACUERDO DE TURNO DE DOCUMENTACI\u00d3N)&lt;\/a&gt;\" ><a href=\"https:\/\/teec.org.mx\/web\/wp-content\/uploads\/2023\/03\/TEEC-PES-2-2023-09-03-2023.pdf\" target=\"_blank\">TEEC\/PES\/2\/2023 (ACUERDO DE TURNO DE DOCUMENTACI\u00d3N)<\/a><\/td><\/tr><tr style=\"height:px\" ><td data-cell-id=\"A135\" data-x=\"0\" data-y=\"135\" data-db-index=\"135\" class=\"fsize-18\" data-cell-type=\"text\" data-original-value=\"09 DE MARZO DE 2023, A LAS 14:00 HORAS\" data-order=\"09 DE MARZO DE 2023, A LAS 14:00 HORAS\" >09 DE MARZO DE 2023, A LAS 14:00 HORAS <\/td><td data-cell-id=\"B135\" data-x=\"1\" data-y=\"135\" data-db-index=\"135\" class=\"fsize-18\" data-cell-type=\"text\" data-original-value=\"DATOS PROTEGIDOS\" data-order=\"DATOS PROTEGIDOS\" >DATOS PROTEGIDOS <\/td><td data-cell-id=\"C135\" data-x=\"2\" data-y=\"135\" data-db-index=\"135\" class=\"fsize-18\" data-cell-type=\"text\" data-original-value=\"ELISEO FERN\u00c1NDEZ MONTUFAR\" data-order=\"ELISEO FERN\u00c1NDEZ MONTUFAR\" >ELISEO FERN\u00c1NDEZ MONTUFAR <\/td><td data-cell-id=\"D135\" data-x=\"3\" data-y=\"135\" data-db-index=\"135\" class=\"fsize-18\" data-cell-type=\"text\" data-original-value=\"&lt;a href=&quot;https:\/\/teec.org.mx\/web\/wp-content\/uploads\/2023\/03\/TEEC-PES-1-2023-vp-sentencia-09-03-2023.pdf&quot; target=&quot;_blank&quot;&gt;TEEC\/PES\/1\/2023 (SENTENCIA)&lt;\/a&gt;\" data-order=\"&lt;a href=&quot;https:\/\/teec.org.mx\/web\/wp-content\/uploads\/2023\/03\/TEEC-PES-1-2023-vp-sentencia-09-03-2023.pdf&quot; target=&quot;_blank&quot;&gt;TEEC\/PES\/1\/2023 (SENTENCIA)&lt;\/a&gt;\" ><a href=\"https:\/\/teec.org.mx\/web\/wp-content\/uploads\/2023\/03\/TEEC-PES-1-2023-vp-sentencia-09-03-2023.pdf\" target=\"_blank\">TEEC\/PES\/1\/2023 (SENTENCIA)<\/a><\/td><\/tr><tr style=\"height:px\" ><td data-cell-id=\"A136\" data-x=\"0\" data-y=\"136\" data-db-index=\"136\" class=\"fsize-18\" data-cell-type=\"text\" data-original-value=\"09 DE MARZO DE 2023, A LAS 9:20 HORAS\" data-order=\"09 DE MARZO DE 2023, A LAS 9:20 HORAS\" >09 DE MARZO DE 2023, A LAS 9:20 HORAS <\/td><td data-cell-id=\"B136\" data-x=\"1\" data-y=\"136\" data-db-index=\"136\" class=\"fsize-18\" data-cell-type=\"text\" data-original-value=\"LAYDA ELENA SANSORES SAN ROM\u00c1N EN CALIDAD DE GOBERNADORA CONSTITUCIONAL DEL ESTADO DE CAMPECHE\" data-order=\"LAYDA ELENA SANSORES SAN ROM\u00c1N EN CALIDAD DE GOBERNADORA CONSTITUCIONAL DEL ESTADO DE CAMPECHE\" >LAYDA ELENA SANSORES SAN ROM\u00c1N EN CALIDAD DE GOBERNADORA CONSTITUCIONAL DEL ESTADO DE CAMPECHE <\/td><td data-cell-id=\"C136\" data-x=\"2\" data-y=\"136\" data-db-index=\"136\" class=\"fsize-18\" data-cell-type=\"text\" data-original-value=\"CARLOS ALAZRAKI GROSSMAN\" data-order=\"CARLOS ALAZRAKI GROSSMAN\" >CARLOS ALAZRAKI GROSSMAN <\/td><td data-cell-id=\"D136\" data-x=\"3\" data-y=\"136\" data-db-index=\"136\" class=\"fsize-18\" data-cell-type=\"text\" data-original-value=\"&lt;a href=&quot;https:\/\/teec.org.mx\/web\/wp-content\/uploads\/2023\/03\/TEEC-PES-3-2023-09-03-2023.pdf&quot; target=&quot;_blank&quot;&gt;TEEC\/PES\/3\/2023 (ACUERDO DE TURNO)&lt;\/a&gt;\" data-order=\"&lt;a href=&quot;https:\/\/teec.org.mx\/web\/wp-content\/uploads\/2023\/03\/TEEC-PES-3-2023-09-03-2023.pdf&quot; target=&quot;_blank&quot;&gt;TEEC\/PES\/3\/2023 (ACUERDO DE TURNO)&lt;\/a&gt;\" ><a href=\"https:\/\/teec.org.mx\/web\/wp-content\/uploads\/2023\/03\/TEEC-PES-3-2023-09-03-2023.pdf\" target=\"_blank\">TEEC\/PES\/3\/2023 (ACUERDO DE TURNO)<\/a><\/td><\/tr><tr style=\"height:px\" ><td data-cell-id=\"A137\" data-x=\"0\" data-y=\"137\" data-db-index=\"137\" class=\"fsize-18\" data-cell-type=\"text\" data-original-value=\"08 DE MARZO DE 2023, A LAS 14:00 HORAS\" data-order=\"08 DE MARZO DE 2023, A LAS 14:00 HORAS\" >08 DE MARZO DE 2023, A LAS 14:00 HORAS <\/td><td data-cell-id=\"B137\" data-x=\"1\" data-y=\"137\" data-db-index=\"137\" class=\"fsize-18\" data-cell-type=\"text\" data-original-value=\"DATOS PROTEGIDOS\" data-order=\"DATOS PROTEGIDOS\" >DATOS PROTEGIDOS <\/td><td data-cell-id=\"C137\" data-x=\"2\" data-y=\"137\" data-db-index=\"137\" class=\"fsize-18\" data-cell-type=\"text\" data-original-value=\"ELISEO FERN\u00c1NDEZ MONTUFAR\" data-order=\"ELISEO FERN\u00c1NDEZ MONTUFAR\" >ELISEO FERN\u00c1NDEZ MONTUFAR <\/td><td data-cell-id=\"D137\" data-x=\"3\" data-y=\"137\" data-db-index=\"137\" class=\"fsize-18\" data-cell-type=\"text\" data-original-value=\"&lt;a href=&quot;https:\/\/teec.org.mx\/web\/wp-content\/uploads\/2023\/03\/TEEC-PES-1-2023-vp-2do-acu-08-03-2023.pdf&quot; target=&quot;_blank&quot;&gt;TEEC\/PES\/1\/2023 (SE FIJA FECHA Y HORA PARA SESI\u00d3N P\u00daBLICA)&lt;\/a&gt;\" data-order=\"&lt;a href=&quot;https:\/\/teec.org.mx\/web\/wp-content\/uploads\/2023\/03\/TEEC-PES-1-2023-vp-2do-acu-08-03-2023.pdf&quot; target=&quot;_blank&quot;&gt;TEEC\/PES\/1\/2023 (SE FIJA FECHA Y HORA PARA SESI\u00d3N P\u00daBLICA)&lt;\/a&gt;\" ><a href=\"https:\/\/teec.org.mx\/web\/wp-content\/uploads\/2023\/03\/TEEC-PES-1-2023-vp-2do-acu-08-03-2023.pdf\" target=\"_blank\">TEEC\/PES\/1\/2023 (SE FIJA FECHA Y HORA PARA SESI\u00d3N P\u00daBLICA)<\/a><\/td><\/tr><tr style=\"height:px\" ><td data-cell-id=\"A138\" data-x=\"0\" data-y=\"138\" data-db-index=\"138\" class=\"fsize-18\" data-cell-type=\"text\" data-original-value=\"08 DE MARZO DE 2023, A LAS 12:40 HORAS\" data-order=\"08 DE MARZO DE 2023, A LAS 12:40 HORAS\" >08 DE MARZO DE 2023, A LAS 12:40 HORAS <\/td><td data-cell-id=\"B138\" data-x=\"1\" data-y=\"138\" data-db-index=\"138\" class=\"fsize-18\" data-cell-type=\"text\" data-original-value=\"DATOS PROTEGIDOS\" data-order=\"DATOS PROTEGIDOS\" >DATOS PROTEGIDOS <\/td><td data-cell-id=\"C138\" data-x=\"2\" data-y=\"138\" data-db-index=\"138\" class=\"fsize-18\" data-cell-type=\"text\" data-original-value=\"ELISEO FERN\u00c1NDEZ MONTUFAR\" data-order=\"ELISEO FERN\u00c1NDEZ MONTUFAR\" >ELISEO FERN\u00c1NDEZ MONTUFAR <\/td><td data-cell-id=\"D138\" data-x=\"3\" data-y=\"138\" data-db-index=\"138\" class=\"fsize-18\" data-cell-type=\"text\" data-original-value=\"&lt;a href=&quot;https:\/\/teec.org.mx\/web\/wp-content\/uploads\/2023\/03\/TEEC-PES-1-2023-vp-08-03-2023.pdf&quot; target=&quot;_blank&quot;&gt;TEEC\/PES\/1\/20 (ACUERDO DE RECEPCI\u00d3N, RADICACI\u00d3N, SOLICITUD DE FECHA Y HORA PARA SESI\u00d3N Y ACUMULACI\u00d3N)&lt;\/a&gt;\" data-order=\"&lt;a href=&quot;https:\/\/teec.org.mx\/web\/wp-content\/uploads\/2023\/03\/TEEC-PES-1-2023-vp-08-03-2023.pdf&quot; target=&quot;_blank&quot;&gt;TEEC\/PES\/1\/20 (ACUERDO DE RECEPCI\u00d3N, RADICACI\u00d3N, SOLICITUD DE FECHA Y HORA PARA SESI\u00d3N Y ACUMULACI\u00d3N)&lt;\/a&gt;\" ><a href=\"https:\/\/teec.org.mx\/web\/wp-content\/uploads\/2023\/03\/TEEC-PES-1-2023-vp-08-03-2023.pdf\" target=\"_blank\">TEEC\/PES\/1\/20 (ACUERDO DE RECEPCI\u00d3N, RADICACI\u00d3N, SOLICITUD DE FECHA Y HORA PARA SESI\u00d3N Y ACUMULACI\u00d3N)<\/a><\/td><\/tr><tr style=\"height:px\" ><td data-cell-id=\"A139\" data-x=\"0\" data-y=\"139\" data-db-index=\"139\" class=\"fsize-18\" data-cell-type=\"text\" data-original-value=\"07 DE MARZO DE 2023, A LAS 10:00 HORAS\" data-order=\"07 DE MARZO DE 2023, A LAS 10:00 HORAS\" >07 DE MARZO DE 2023, A LAS 10:00 HORAS <\/td><td data-cell-id=\"B139\" data-x=\"1\" data-y=\"139\" data-db-index=\"139\" class=\"fsize-18\" data-cell-type=\"text\" data-original-value=\"LAYDA ELENA SANSORES SAN ROM\u00c1N EN CALIDAD DE GOBERNADORA CONSTITUCIONAL DEL ESTADO DE CAMPECHE\" data-order=\"LAYDA ELENA SANSORES SAN ROM\u00c1N EN CALIDAD DE GOBERNADORA CONSTITUCIONAL DEL ESTADO DE CAMPECHE\" >LAYDA ELENA SANSORES SAN ROM\u00c1N EN CALIDAD DE GOBERNADORA CONSTITUCIONAL DEL ESTADO DE CAMPECHE <\/td><td data-cell-id=\"C139\" data-x=\"2\" data-y=\"139\" data-db-index=\"139\" class=\"fsize-18\" data-cell-type=\"text\" data-original-value=\"MAR\u00cdA LILLY DEL CARMEN TELLEZ GARC\u00cdA\" data-order=\"MAR\u00cdA LILLY DEL CARMEN TELLEZ GARC\u00cdA\" >MAR\u00cdA LILLY DEL CARMEN TELLEZ GARC\u00cdA <\/td><td data-cell-id=\"D139\" data-x=\"3\" data-y=\"139\" data-db-index=\"139\" class=\"fsize-18\" data-cell-type=\"text\" data-original-value=\"&lt;a href=&quot;https:\/\/teec.org.mx\/web\/wp-content\/uploads\/2023\/03\/TEEC-PES-2-2023-07-03-2023.pdf&quot; target=&quot;_blank&quot;&gt;TEEC\/PES\/2\/2023 (ACUERDO RECEPCI\u00d3N, RADICACI\u00d3N Y DIL. PARA MEJOR PROVEER)&lt;\/a&gt;\" data-order=\"&lt;a href=&quot;https:\/\/teec.org.mx\/web\/wp-content\/uploads\/2023\/03\/TEEC-PES-2-2023-07-03-2023.pdf&quot; target=&quot;_blank&quot;&gt;TEEC\/PES\/2\/2023 (ACUERDO RECEPCI\u00d3N, RADICACI\u00d3N Y DIL. PARA MEJOR PROVEER)&lt;\/a&gt;\" ><a href=\"https:\/\/teec.org.mx\/web\/wp-content\/uploads\/2023\/03\/TEEC-PES-2-2023-07-03-2023.pdf\" target=\"_blank\">TEEC\/PES\/2\/2023 (ACUERDO RECEPCI\u00d3N, RADICACI\u00d3N Y DIL. PARA MEJOR PROVEER)<\/a><\/td><\/tr><tr style=\"height:px\" ><td data-cell-id=\"A140\" data-x=\"0\" data-y=\"140\" data-db-index=\"140\" class=\"fsize-18\" data-cell-type=\"text\" data-original-value=\"02 DE MARZO DE 2023, A LAS 11:33 HORAS\" data-order=\"02 DE MARZO DE 2023, A LAS 11:33 HORAS\" >02 DE MARZO DE 2023, A LAS 11:33 HORAS <\/td><td data-cell-id=\"B140\" data-x=\"1\" data-y=\"140\" data-db-index=\"140\" class=\"fsize-18\" data-cell-type=\"text\" data-original-value=\"LAYDA ELENA SANSORES SAN ROM\u00c1N EN CALIDAD DE GOBERNADORA CONSTITUCIONAL DEL ESTADO DE CAMPECHE\" data-order=\"LAYDA ELENA SANSORES SAN ROM\u00c1N EN CALIDAD DE GOBERNADORA CONSTITUCIONAL DEL ESTADO DE CAMPECHE\" >LAYDA ELENA SANSORES SAN ROM\u00c1N EN CALIDAD DE GOBERNADORA CONSTITUCIONAL DEL ESTADO DE CAMPECHE <\/td><td data-cell-id=\"C140\" data-x=\"2\" data-y=\"140\" data-db-index=\"140\" class=\"fsize-18\" data-cell-type=\"text\" data-original-value=\"MAR\u00cdA LILLY DEL CARMEN TELLEZ GARC\u00cdA\" data-order=\"MAR\u00cdA LILLY DEL CARMEN TELLEZ GARC\u00cdA\" >MAR\u00cdA LILLY DEL CARMEN TELLEZ GARC\u00cdA <\/td><td data-cell-id=\"D140\" data-x=\"3\" data-y=\"140\" data-db-index=\"140\" class=\"fsize-18\" data-cell-type=\"text\" data-original-value=\"&lt;a href=&quot;https:\/\/teec.org.mx\/web\/wp-content\/uploads\/2023\/03\/TEEC-PES-2-2023-02-03-2023.pdf&quot; target=&quot;_blank&quot;&gt;TEEC\/PES\/2\/2023 (ACUERDO DE TURNO)&lt;\/a&gt;\" data-order=\"&lt;a href=&quot;https:\/\/teec.org.mx\/web\/wp-content\/uploads\/2023\/03\/TEEC-PES-2-2023-02-03-2023.pdf&quot; target=&quot;_blank&quot;&gt;TEEC\/PES\/2\/2023 (ACUERDO DE TURNO)&lt;\/a&gt;\" ><a href=\"https:\/\/teec.org.mx\/web\/wp-content\/uploads\/2023\/03\/TEEC-PES-2-2023-02-03-2023.pdf\" target=\"_blank\">TEEC\/PES\/2\/2023 (ACUERDO DE TURNO)<\/a><\/td><\/tr><tr style=\"height:px\" ><td data-cell-id=\"A141\" data-x=\"0\" data-y=\"141\" data-db-index=\"141\" class=\"fsize-18\" data-cell-type=\"text\" data-original-value=\"28 DE FEBRERO DE 2023, A LAS 12:20 HORAS\" data-order=\"28 DE FEBRERO DE 2023, A LAS 12:20 HORAS\" >28 DE FEBRERO DE 2023, A LAS 12:20 HORAS <\/td><td data-cell-id=\"B141\" data-x=\"1\" data-y=\"141\" data-db-index=\"141\" class=\"fsize-18\" data-cell-type=\"text\" data-original-value=\"LAYDA ELENA SANSORES SAN ROM\u00c1N, EN SU CALIDAD DE GOBERNADORA CONTITUCIONAL DEL ESTADO DE CAMPECHE\" data-order=\"LAYDA ELENA SANSORES SAN ROM\u00c1N, EN SU CALIDAD DE GOBERNADORA CONTITUCIONAL DEL ESTADO DE CAMPECHE\" >LAYDA ELENA SANSORES SAN ROM\u00c1N, EN SU CALIDAD DE GOBERNADORA CONTITUCIONAL DEL ESTADO DE CAMPECHE <\/td><td data-cell-id=\"C141\" data-x=\"2\" data-y=\"141\" data-db-index=\"141\" class=\"fsize-18\" data-cell-type=\"text\" data-original-value=\"ELISEO FERN\u00c1NDEZ MONTUFAR\" data-order=\"ELISEO FERN\u00c1NDEZ MONTUFAR\" >ELISEO FERN\u00c1NDEZ MONTUFAR <\/td><td data-cell-id=\"D141\" data-x=\"3\" data-y=\"141\" data-db-index=\"141\" class=\"fsize-18\" data-cell-type=\"text\" data-original-value=\"&lt;a href=&quot;https:\/\/teec.org.mx\/web\/wp-content\/uploads\/2023\/02\/TEEC-PES-1-2023-28-02-2023.pdf&quot; target=&quot;_blank&quot;&gt;TEEC\/PES\/1\/2023 (ACUERDO DE TURNO)&lt;\/a&gt;\" data-order=\"&lt;a href=&quot;https:\/\/teec.org.mx\/web\/wp-content\/uploads\/2023\/02\/TEEC-PES-1-2023-28-02-2023.pdf&quot; target=&quot;_blank&quot;&gt;TEEC\/PES\/1\/2023 (ACUERDO DE TURNO)&lt;\/a&gt;\" ><a href=\"https:\/\/teec.org.mx\/web\/wp-content\/uploads\/2023\/02\/TEEC-PES-1-2023-28-02-2023.pdf\" target=\"_blank\">TEEC\/PES\/1\/2023 (ACUERDO DE TURNO)<\/a><\/td><\/tr><\/tbody><\/table><!-- \/#supsystic-table-88.supsystic-table --><div class=\"stbConditionsData\" ><\/div><\/div><!-- \/.supsystic-tables-wrap --><!-- Tables Generator by Supsystic --><!-- Version:1.10.47 --><!-- http:\/\/supsystic.com\/ --><a title=\"WordPress Responsive Table\" style=\"display:none;\" href=\"https:\/\/supsystic.com\/plugins\/wordpress-data-table-plugin\/?utm_medium=love_link\" target=\"_blank\">WordPress Responsive Table<\/a><\/p>\n<p>\u00a0<\/p>","protected":false},"excerpt":{"rendered":"<p>Procedimiento Especial Sancionador 2023 \u00a0 \u00a0<\/p>\n","protected":false},"author":1,"featured_media":0,"parent":0,"menu_order":0,"comment_status":"closed","ping_status":"closed","template":"","meta":{"footnotes":""},"yst_prominent_words":[],"_links":{"self":[{"href":"https:\/\/teec.org.mx\/web\/wp-json\/wp\/v2\/pages\/17233"}],"collection":[{"href":"https:\/\/teec.org.mx\/web\/wp-json\/wp\/v2\/pages"}],"about":[{"href":"https:\/\/teec.org.mx\/web\/wp-json\/wp\/v2\/types\/page"}],"author":[{"embeddable":true,"href":"https:\/\/teec.org.mx\/web\/wp-json\/wp\/v2\/users\/1"}],"replies":[{"embeddable":true,"href":"https:\/\/teec.org.mx\/web\/wp-json\/wp\/v2\/comments?post=17233"}],"version-history":[{"count":4,"href":"https:\/\/teec.org.mx\/web\/wp-json\/wp\/v2\/pages\/17233\/revisions"}],"predecessor-version":[{"id":20385,"href":"https:\/\/teec.org.mx\/web\/wp-json\/wp\/v2\/pages\/17233\/revisions\/20385"}],"wp:attachment":[{"href":"https:\/\/teec.org.mx\/web\/wp-json\/wp\/v2\/media?parent=17233"}],"wp:term":[{"taxonomy":"yst_prominent_words","embeddable":true,"href":"https:\/\/teec.org.mx\/web\/wp-json\/wp\/v2\/yst_prominent_words?post=17233"}],"curies":[{"name":"wp","href":"https:\/\/api.w.org\/{rel}","templated":true}]}}