{"id":417,"date":"2020-02-10T05:31:04","date_gmt":"2020-02-10T05:31:04","guid":{"rendered":"http:\/\/teec.org.mx\/web\/?page_id=417"},"modified":"2020-02-11T18:41:11","modified_gmt":"2020-02-11T18:41:11","slug":"expedientillos-2020","status":"publish","type":"page","link":"https:\/\/teec.org.mx\/web\/expedientillos-2020\/","title":{"rendered":"Expedientillos 2020"},"content":{"rendered":"\n<h3 class=\"has-text-align-center wp-block-heading\">Expedientillos 2020<\/h3>\n\n\n\n<p>\u00a0<\/p>\n<p style=\"text-align: center;\"><div class=\"supsystic-table-loader la-ball-beat la-2x\" style=\"color:#000000\"><div><\/div><div><\/div><div><\/div><\/div><div id=\"supsystic-table-2_1838\" class=\"supsystic-tables-wrap pagination-small\" style=\" width:100%; visibility: hidden; \" data-table-width-fixed=\"100%\" data-table-width-mobile=\"100%\" ><div class=\"supsystic-tables-features\"><\/div><table id=\"supsystic-table-2\" class=\"supsystic-table border cell-border\" data-id=\"2\" data-view-id=\"2_1838\" data-title=\"Expedientillos 2020\" data-currency-format=\"$1,000.00\" data-percent-format=\"10.00%\" data-date-format=\"DD.MM.YYYY\" data-time-format=\"HH:mm\" data-features=\"[&quot;info&quot;,&quot;paging&quot;,&quot;searching&quot;,&quot;after_table_loaded_script&quot;]\" data-search-value=\"\" data-head=\"on\" data-head-rows-count=\"1\" data-pagination-length=\"10,25,50,100,All\" data-auto-index=\"off\" data-searching-settings=\"{&quot;columnSearchPosition&quot;:&quot;bottom&quot;,&quot;minChars&quot;:&quot;0&quot;}\" data-lang=\"Spanish\" data-override=\"{&quot;emptyTable&quot;:&quot;&quot;,&quot;info&quot;:&quot;&quot;,&quot;infoEmpty&quot;:&quot;&quot;,&quot;infoFiltered&quot;:&quot;&quot;,&quot;lengthMenu&quot;:&quot;&quot;,&quot;search&quot;:&quot;&quot;,&quot;zeroRecords&quot;:&quot;&quot;,&quot;exportLabel&quot;:&quot;&quot;,&quot;file&quot;:&quot;Spanish&quot;}\" data-merged=\"[]\" data-responsive-mode=\"0\" data-from-history=\"0\" ><thead><tr><th data-cell-id=\"A1\" data-x=\"0\" data-y=\"1\" data-db-index=\"1\" class=\"bg-d49820 bold color-f7f4f7 fsize-19 htCenter\" data-cell-type=\"text\" data-original-value=\"Fecha y hora de notificaci\u00f3n\" data-order=\"Fecha y hora de notificaci\u00f3n\" style=\"min-width:21.074%; \" >Fecha y hora de notificaci\u00f3n <\/th><th data-cell-id=\"B1\" data-x=\"1\" data-y=\"1\" data-db-index=\"1\" class=\"bg-d49820 bold color-f7f4f7 fsize-19 htCenter\" data-cell-type=\"text\" data-original-value=\"Actor\" data-order=\"Actor\" style=\"min-width:24.2148%; \" >Actor <\/th><th data-cell-id=\"C1\" data-x=\"2\" data-y=\"1\" data-db-index=\"1\" class=\"bg-d49820 bold color-f7f4f7 fsize-19 htCenter\" data-cell-type=\"text\" data-original-value=\"Autoridad responsable\" data-order=\"Autoridad responsable\" style=\"min-width:29.382%; \" >Autoridad responsable <\/th><th data-cell-id=\"D1\" data-x=\"3\" data-y=\"1\" data-db-index=\"1\" class=\"bg-d49820 bold color-f7f4f7 fsize-19 htCenter\" data-cell-type=\"text\" data-original-value=\"Archivo\" data-order=\"Archivo\" style=\"min-width:25.3293%; \" >Archivo <\/th><\/tr><\/thead><tbody><tr style=\"height:px\" ><td data-cell-id=\"A2\" data-x=\"0\" data-y=\"2\" data-db-index=\"2\" class=\"fsize-18\" data-cell-type=\"text\" data-original-value=\"29 de diciembre de 2020, a las 11:30 horas\" data-order=\"29 de diciembre de 2020, a las 11:30 horas\" >29 de diciembre de 2020, a las 11:30 horas <\/td><td data-cell-id=\"B2\" data-x=\"1\" data-y=\"2\" data-db-index=\"2\" class=\"fsize-18\" data-cell-type=\"text\" data-original-value=\"Ciudadana Patricia Le\u00f3n L\u00f3pez\" data-order=\"Ciudadana Patricia Le\u00f3n L\u00f3pez\" >Ciudadana Patricia Le\u00f3n L\u00f3pez <\/td><td data-cell-id=\"C2\" data-x=\"2\" data-y=\"2\" data-db-index=\"2\" class=\"fsize-18\" data-cell-type=\"text\" data-original-value=\"Director Ejecutivo de Prerrogativas y Partidos Pol\u00edticos del Instituto Nacional Electoral\" data-order=\"Director Ejecutivo de Prerrogativas y Partidos Pol\u00edticos del Instituto Nacional Electoral\" >Director Ejecutivo de Prerrogativas y Partidos Pol\u00edticos del Instituto Nacional Electoral <\/td><td data-cell-id=\"D2\" data-x=\"3\" data-y=\"2\" data-db-index=\"2\" class=\"fsize-18\" data-cell-type=\"text\" data-original-value=\"&lt;a href=&quot;https:\/\/teec.org.mx\/web\/wp-content\/uploads\/2020\/12\/TEC-EXP-19-2020-29-12-2020.pdf&quot; target=&quot;_blank&quot;&gt;TEEC\/EXP\/19\/2020 (Acuerdo de auxilio de notificaci\u00f3n de la Sala Regional Xalapa)&lt;\/a&gt;\" data-order=\"&lt;a href=&quot;https:\/\/teec.org.mx\/web\/wp-content\/uploads\/2020\/12\/TEC-EXP-19-2020-29-12-2020.pdf&quot; target=&quot;_blank&quot;&gt;TEEC\/EXP\/19\/2020 (Acuerdo de auxilio de notificaci\u00f3n de la Sala Regional Xalapa)&lt;\/a&gt;\" ><a href=\"https:\/\/teec.org.mx\/web\/wp-content\/uploads\/2020\/12\/TEC-EXP-19-2020-29-12-2020.pdf\" target=\"_blank\">TEEC\/EXP\/19\/2020 (Acuerdo de auxilio de notificaci\u00f3n de la Sala Regional Xalapa)<\/a><\/td><\/tr><tr style=\"height:px\" ><td data-cell-id=\"A3\" data-x=\"0\" data-y=\"3\" data-db-index=\"3\" class=\"fsize-18\" data-cell-type=\"text\" data-original-value=\"11 de diciembre de 2020, a las 10:30 horas\" data-order=\"11 de diciembre de 2020, a las 10:30 horas\" >11 de diciembre de 2020, a las 10:30 horas <\/td><td data-cell-id=\"B3\" data-x=\"1\" data-y=\"3\" data-db-index=\"3\" class=\"fsize-18\" data-cell-type=\"text\" data-original-value=\"Ciudadano Rub\u00e9n Ricardo Saravia Cuevas, Suplente del Presidente del H. Ayuntamiento del Municipio de Campeche, Campeche\" data-order=\"Ciudadano Rub\u00e9n Ricardo Saravia Cuevas, Suplente del Presidente del H. Ayuntamiento del Municipio de Campeche, Campeche\" >Ciudadano Rub\u00e9n Ricardo Saravia Cuevas, Suplente del Presidente del H. Ayuntamiento del Municipio de Campeche, Campeche <\/td><td data-cell-id=\"C3\" data-x=\"2\" data-y=\"3\" data-db-index=\"3\" class=\"fsize-18\" data-cell-type=\"text\" data-original-value=\"\" data-order=\"\" ><\/td><td data-cell-id=\"D3\" data-x=\"3\" data-y=\"3\" data-db-index=\"3\" class=\"fsize-18\" data-cell-type=\"text\" data-original-value=\"&lt;a href=&quot;https:\/\/teec.org.mx\/web\/wp-content\/uploads\/2020\/12\/TEEC-EXP-18-2020-11-12-2020.pdf&quot; target=&quot;_blank&quot;&gt;TEEC\/EXP\/18\/2020 (Acuerdo de tr\u00e1mite para la autoridad responsable)&lt;\/a&gt;\" data-order=\"&lt;a href=&quot;https:\/\/teec.org.mx\/web\/wp-content\/uploads\/2020\/12\/TEEC-EXP-18-2020-11-12-2020.pdf&quot; target=&quot;_blank&quot;&gt;TEEC\/EXP\/18\/2020 (Acuerdo de tr\u00e1mite para la autoridad responsable)&lt;\/a&gt;\" ><a href=\"https:\/\/teec.org.mx\/web\/wp-content\/uploads\/2020\/12\/TEEC-EXP-18-2020-11-12-2020.pdf\" target=\"_blank\">TEEC\/EXP\/18\/2020 (Acuerdo de tr\u00e1mite para la autoridad responsable)<\/a><\/td><\/tr><tr style=\"height:px\" ><td data-cell-id=\"A4\" data-x=\"0\" data-y=\"4\" data-db-index=\"4\" class=\"fsize-18\" data-cell-type=\"text\" data-original-value=\"09 de diciembre de 2020, a las 12:50 horas\" data-order=\"09 de diciembre de 2020, a las 12:50 horas\" >09 de diciembre de 2020, a las 12:50 horas <\/td><td data-cell-id=\"B4\" data-x=\"1\" data-y=\"4\" data-db-index=\"4\" class=\"fsize-18\" data-cell-type=\"text\" data-original-value=\"Ingeniero Mois\u00e9s Carre\u00f3n Cabrera, quien se ostenta como Regidor del H. Ayuntamiento del Municipio de Calakmul, Campeche\" data-order=\"Ingeniero Mois\u00e9s Carre\u00f3n Cabrera, quien se ostenta como Regidor del H. Ayuntamiento del Municipio de Calakmul, Campeche\" >Ingeniero Mois\u00e9s Carre\u00f3n Cabrera, quien se ostenta como Regidor del H. Ayuntamiento del Municipio de Calakmul, Campeche <\/td><td data-cell-id=\"C4\" data-x=\"2\" data-y=\"4\" data-db-index=\"4\" class=\"fsize-18\" data-cell-type=\"text\" data-original-value=\"H. Ayuntamiento del Municipio de Calakmul, Campeche, a trav\u00e9s de su Presidente Municipal Ciudadano Luis Felipe Mora Hern\u00e1ndez\" data-order=\"H. Ayuntamiento del Municipio de Calakmul, Campeche, a trav\u00e9s de su Presidente Municipal Ciudadano Luis Felipe Mora Hern\u00e1ndez\" >H. Ayuntamiento del Municipio de Calakmul, Campeche, a trav\u00e9s de su Presidente Municipal Ciudadano Luis Felipe Mora Hern\u00e1ndez <\/td><td data-cell-id=\"D4\" data-x=\"3\" data-y=\"4\" data-db-index=\"4\" class=\"fsize-18\" data-cell-type=\"text\" data-original-value=\"&lt;a href=&quot;https:\/\/teec.org.mx\/web\/wp-content\/uploads\/2021\/01\/TEEC-EXP-17-2020-2do-Acu.-09-12-2020.pdf&quot; target=&quot;_blank&quot;&gt;TEEC\/EXP\/17\/2020 (Se requiere a la Aut. Resp. dar tr\u00e1mite al medio de impugnaci\u00f3n)&lt;\/a&gt;\" data-order=\"&lt;a href=&quot;https:\/\/teec.org.mx\/web\/wp-content\/uploads\/2021\/01\/TEEC-EXP-17-2020-2do-Acu.-09-12-2020.pdf&quot; target=&quot;_blank&quot;&gt;TEEC\/EXP\/17\/2020 (Se requiere a la Aut. Resp. dar tr\u00e1mite al medio de impugnaci\u00f3n)&lt;\/a&gt;\" ><a href=\"https:\/\/teec.org.mx\/web\/wp-content\/uploads\/2021\/01\/TEEC-EXP-17-2020-2do-Acu.-09-12-2020.pdf\" target=\"_blank\">TEEC\/EXP\/17\/2020 (Se requiere a la Aut. Resp. dar tr\u00e1mite al medio de impugnaci\u00f3n)<\/a><\/td><\/tr><tr style=\"height:px\" ><td data-cell-id=\"A5\" data-x=\"0\" data-y=\"5\" data-db-index=\"5\" class=\"fsize-18\" data-cell-type=\"text\" data-original-value=\"09 de diciembre de 2020, a las 10:30 horas\" data-order=\"09 de diciembre de 2020, a las 10:30 horas\" >09 de diciembre de 2020, a las 10:30 horas <\/td><td data-cell-id=\"B5\" data-x=\"1\" data-y=\"5\" data-db-index=\"5\" class=\"fsize-18\" data-cell-type=\"text\" data-original-value=\"Ingeniero Mois\u00e9s Carre\u00f3n Cabrera, quien se ostenta como Regidor del H. Ayuntamiento del Municipio de Calakmul, Campeche\" data-order=\"Ingeniero Mois\u00e9s Carre\u00f3n Cabrera, quien se ostenta como Regidor del H. Ayuntamiento del Municipio de Calakmul, Campeche\" >Ingeniero Mois\u00e9s Carre\u00f3n Cabrera, quien se ostenta como Regidor del H. Ayuntamiento del Municipio de Calakmul, Campeche <\/td><td data-cell-id=\"C5\" data-x=\"2\" data-y=\"5\" data-db-index=\"5\" class=\"fsize-18\" data-cell-type=\"text\" data-original-value=\"\" data-order=\"\" ><\/td><td data-cell-id=\"D5\" data-x=\"3\" data-y=\"5\" data-db-index=\"5\" class=\"fsize-18\" data-cell-type=\"text\" data-original-value=\"&lt;a href=&quot;https:\/\/teec.org.mx\/web\/wp-content\/uploads\/2020\/12\/TEEC-EXP-17-2020-09-12-2020.pdf&quot; target=&quot;_blank&quot;&gt;TEEC\/EXP\/17\/2020 (Diligencia de ratificaci\u00f3n de contenido y firma)&lt;\/a&gt;\" data-order=\"&lt;a href=&quot;https:\/\/teec.org.mx\/web\/wp-content\/uploads\/2020\/12\/TEEC-EXP-17-2020-09-12-2020.pdf&quot; target=&quot;_blank&quot;&gt;TEEC\/EXP\/17\/2020 (Diligencia de ratificaci\u00f3n de contenido y firma)&lt;\/a&gt;\" ><a href=\"https:\/\/teec.org.mx\/web\/wp-content\/uploads\/2020\/12\/TEEC-EXP-17-2020-09-12-2020.pdf\" target=\"_blank\">TEEC\/EXP\/17\/2020 (Diligencia de ratificaci\u00f3n de contenido y firma)<\/a><\/td><\/tr><tr style=\"height:px\" ><td data-cell-id=\"A6\" data-x=\"0\" data-y=\"6\" data-db-index=\"6\" class=\"fsize-18\" data-cell-type=\"text\" data-original-value=\"08 de diciembre de 2020, a las 12:35 horas\" data-order=\"08 de diciembre de 2020, a las 12:35 horas\" >08 de diciembre de 2020, a las 12:35 horas <\/td><td data-cell-id=\"B6\" data-x=\"1\" data-y=\"6\" data-db-index=\"6\" class=\"fsize-18\" data-cell-type=\"text\" data-original-value=\"Ingeniero Mois\u00e9s Care\u00f3n Cabrera, quien se ostenta como Regidor del H. Ayuntamiento del Municipio de Calakmul, Campeche\" data-order=\"Ingeniero Mois\u00e9s Care\u00f3n Cabrera, quien se ostenta como Regidor del H. Ayuntamiento del Municipio de Calakmul, Campeche\" >Ingeniero Mois\u00e9s Care\u00f3n Cabrera, quien se ostenta como Regidor del H. Ayuntamiento del Municipio de Calakmul, Campeche <\/td><td data-cell-id=\"C6\" data-x=\"2\" data-y=\"6\" data-db-index=\"6\" class=\"fsize-18\" data-cell-type=\"text\" data-original-value=\"\" data-order=\"\" ><\/td><td data-cell-id=\"D6\" data-x=\"3\" data-y=\"6\" data-db-index=\"6\" class=\"fsize-18\" data-cell-type=\"text\" data-original-value=\"&lt;a href=&quot;https:\/\/teec.org.mx\/web\/wp-content\/uploads\/2020\/12\/TEEC-EXP-17-2020-08-12-2020.pdf&quot; target=&quot;_blank&quot;&gt;TEEC\/EXP\/17\/2020 (Se fija diligencia virtual de ratificaci\u00f3n)&lt;\/a&gt;\" data-order=\"&lt;a href=&quot;https:\/\/teec.org.mx\/web\/wp-content\/uploads\/2020\/12\/TEEC-EXP-17-2020-08-12-2020.pdf&quot; target=&quot;_blank&quot;&gt;TEEC\/EXP\/17\/2020 (Se fija diligencia virtual de ratificaci\u00f3n)&lt;\/a&gt;\" ><a href=\"https:\/\/teec.org.mx\/web\/wp-content\/uploads\/2020\/12\/TEEC-EXP-17-2020-08-12-2020.pdf\" target=\"_blank\">TEEC\/EXP\/17\/2020 (Se fija diligencia virtual de ratificaci\u00f3n)<\/a><\/td><\/tr><tr style=\"height:px\" ><td data-cell-id=\"A7\" data-x=\"0\" data-y=\"7\" data-db-index=\"7\" class=\"fsize-18\" data-cell-type=\"text\" data-original-value=\"30 de noviembre de 2020, a las 13:10 horas\" data-order=\"30 de noviembre de 2020, a las 13:10 horas\" >30 de noviembre de 2020, a las 13:10 horas <\/td><td data-cell-id=\"B7\" data-x=\"1\" data-y=\"7\" data-db-index=\"7\" class=\"fsize-18\" data-cell-type=\"text\" data-original-value=\"Ciudadano Licenciado Juan Francisco P\u00f3rtela Rodr\u00edguez, quien se ostenta como miembro activo del Partido Acci\u00f3n Nacional\" data-order=\"Ciudadano Licenciado Juan Francisco P\u00f3rtela Rodr\u00edguez, quien se ostenta como miembro activo del Partido Acci\u00f3n Nacional\" >Ciudadano Licenciado Juan Francisco P\u00f3rtela Rodr\u00edguez, quien se ostenta como miembro activo del Partido Acci\u00f3n Nacional <\/td><td data-cell-id=\"C7\" data-x=\"2\" data-y=\"7\" data-db-index=\"7\" class=\"fsize-18\" data-cell-type=\"text\" data-original-value=\"\" data-order=\"\" ><\/td><td data-cell-id=\"D7\" data-x=\"3\" data-y=\"7\" data-db-index=\"7\" class=\"fsize-18\" data-cell-type=\"text\" data-original-value=\"&lt;a href=&quot;https:\/\/teec.org.mx\/web\/wp-content\/uploads\/2020\/11\/TEEC-EXP-16-2020-30-11-2020.pdf&quot; target=&quot;_blank&quot;&gt;TEEC\/EXP\/16\/2020 (Se notifica acuerdo de requerimiento)&lt;\/a&gt;\" data-order=\"&lt;a href=&quot;https:\/\/teec.org.mx\/web\/wp-content\/uploads\/2020\/11\/TEEC-EXP-16-2020-30-11-2020.pdf&quot; target=&quot;_blank&quot;&gt;TEEC\/EXP\/16\/2020 (Se notifica acuerdo de requerimiento)&lt;\/a&gt;\" ><a href=\"https:\/\/teec.org.mx\/web\/wp-content\/uploads\/2020\/11\/TEEC-EXP-16-2020-30-11-2020.pdf\" target=\"_blank\">TEEC\/EXP\/16\/2020 (Se notifica acuerdo de requerimiento)<\/a><\/td><\/tr><tr style=\"height:px\" ><td data-cell-id=\"A8\" data-x=\"0\" data-y=\"8\" data-db-index=\"8\" class=\"fsize-18\" data-cell-type=\"text\" data-original-value=\"26 de noviembre de 2020, a las 12:10 horas\" data-order=\"26 de noviembre de 2020, a las 12:10 horas\" >26 de noviembre de 2020, a las 12:10 horas <\/td><td data-cell-id=\"B8\" data-x=\"1\" data-y=\"8\" data-db-index=\"8\" class=\"fsize-18\" data-cell-type=\"text\" data-original-value=\"Ciudadana Patricia Le\u00f3n L\u00f3pez, quien se ostenta como Secretaria General en Funciones de Presidente del Partido Nacional Movimiento de Regeneraci\u00f3n Nacional (MORENA)\" data-order=\"Ciudadana Patricia Le\u00f3n L\u00f3pez, quien se ostenta como Secretaria General en Funciones de Presidente del Partido Nacional Movimiento de Regeneraci\u00f3n Nacional (MORENA)\" >Ciudadana Patricia Le\u00f3n L\u00f3pez, quien se ostenta como Secretaria General en Funciones de Presidente del Partido Nacional Movimiento de Regeneraci\u00f3n Nacional (MORENA) <\/td><td data-cell-id=\"C8\" data-x=\"2\" data-y=\"8\" data-db-index=\"8\" class=\"fsize-18\" data-cell-type=\"text\" data-original-value=\"\" data-order=\"\" ><\/td><td data-cell-id=\"D8\" data-x=\"3\" data-y=\"8\" data-db-index=\"8\" class=\"fsize-18\" data-cell-type=\"text\" data-original-value=\"&lt;a href=&quot;https:\/\/teec.org.mx\/web\/wp-content\/uploads\/2020\/11\/TEEC-EXP-15-2020-26-11-2020.pdf&quot; target=&quot;_blank&quot;&gt;TEEC\/EXP\/15\/2020 (Se notifica acuerdo de requerimiento a la promovente)&lt;\/a&gt;\" data-order=\"&lt;a href=&quot;https:\/\/teec.org.mx\/web\/wp-content\/uploads\/2020\/11\/TEEC-EXP-15-2020-26-11-2020.pdf&quot; target=&quot;_blank&quot;&gt;TEEC\/EXP\/15\/2020 (Se notifica acuerdo de requerimiento a la promovente)&lt;\/a&gt;\" ><a href=\"https:\/\/teec.org.mx\/web\/wp-content\/uploads\/2020\/11\/TEEC-EXP-15-2020-26-11-2020.pdf\" target=\"_blank\">TEEC\/EXP\/15\/2020 (Se notifica acuerdo de requerimiento a la promovente)<\/a><\/td><\/tr><tr style=\"height:px\" ><td data-cell-id=\"A9\" data-x=\"0\" data-y=\"9\" data-db-index=\"9\" class=\"fsize-18\" data-cell-type=\"text\" data-original-value=\"25 de noviembre de 2020, a las 13:35 horas\" data-order=\"25 de noviembre de 2020, a las 13:35 horas\" >25 de noviembre de 2020, a las 13:35 horas <\/td><td data-cell-id=\"B9\" data-x=\"1\" data-y=\"9\" data-db-index=\"9\" class=\"fsize-18\" data-cell-type=\"text\" data-original-value=\"Ciudadana Patricia Le\u00f3n L\u00f3pez, quien se ostenta como Secretaria General en Funciones de Presidente del Partido Nacional Movimiento de Regeneraci\u00f3n Nacional (MORENA)\" data-order=\"Ciudadana Patricia Le\u00f3n L\u00f3pez, quien se ostenta como Secretaria General en Funciones de Presidente del Partido Nacional Movimiento de Regeneraci\u00f3n Nacional (MORENA)\" >Ciudadana Patricia Le\u00f3n L\u00f3pez, quien se ostenta como Secretaria General en Funciones de Presidente del Partido Nacional Movimiento de Regeneraci\u00f3n Nacional (MORENA) <\/td><td data-cell-id=\"C9\" data-x=\"2\" data-y=\"9\" data-db-index=\"9\" class=\"fsize-18\" data-cell-type=\"text\" data-original-value=\"\" data-order=\"\" ><\/td><td data-cell-id=\"D9\" data-x=\"3\" data-y=\"9\" data-db-index=\"9\" class=\"fsize-18\" data-cell-type=\"text\" data-original-value=\"&lt;a href=&quot;https:\/\/teec.org.mx\/web\/wp-content\/uploads\/2020\/11\/TEEC-EXP-15-2020-25-11-2020.pdf&quot; target=&quot;_blank&quot;&gt;TEEC\/EXP\/15\/2020 (Se notifica cumplimiento de diligencia de ratificaci\u00f3n de firma)&lt;\/a&gt;\" data-order=\"&lt;a href=&quot;https:\/\/teec.org.mx\/web\/wp-content\/uploads\/2020\/11\/TEEC-EXP-15-2020-25-11-2020.pdf&quot; target=&quot;_blank&quot;&gt;TEEC\/EXP\/15\/2020 (Se notifica cumplimiento de diligencia de ratificaci\u00f3n de firma)&lt;\/a&gt;\" ><a href=\"https:\/\/teec.org.mx\/web\/wp-content\/uploads\/2020\/11\/TEEC-EXP-15-2020-25-11-2020.pdf\" target=\"_blank\">TEEC\/EXP\/15\/2020 (Se notifica cumplimiento de diligencia de ratificaci\u00f3n de firma)<\/a><\/td><\/tr><tr style=\"height:px\" ><td data-cell-id=\"A10\" data-x=\"0\" data-y=\"10\" data-db-index=\"10\" class=\"fsize-18\" data-cell-type=\"text\" data-original-value=\"24 de noviembre de 2020, a las 14:40 horas\" data-order=\"24 de noviembre de 2020, a las 14:40 horas\" >24 de noviembre de 2020, a las 14:40 horas <\/td><td data-cell-id=\"B10\" data-x=\"1\" data-y=\"10\" data-db-index=\"10\" class=\"fsize-18\" data-cell-type=\"text\" data-original-value=\"Ciudadana Patricia Le\u00f3n L\u00f3pez, quien se ostenta como Secretaria General en Funciones de Presidente del Partido Nacional Movimiento de Regeneraci\u00f3n Nacional (Morena)\" data-order=\"Ciudadana Patricia Le\u00f3n L\u00f3pez, quien se ostenta como Secretaria General en Funciones de Presidente del Partido Nacional Movimiento de Regeneraci\u00f3n Nacional (Morena)\" >Ciudadana Patricia Le\u00f3n L\u00f3pez, quien se ostenta como Secretaria General en Funciones de Presidente del Partido Nacional Movimiento de Regeneraci\u00f3n Nacional (Morena) <\/td><td data-cell-id=\"C10\" data-x=\"2\" data-y=\"10\" data-db-index=\"10\" class=\"fsize-18\" data-cell-type=\"text\" data-original-value=\"\" data-order=\"\" ><\/td><td data-cell-id=\"D10\" data-x=\"3\" data-y=\"10\" data-db-index=\"10\" class=\"fsize-18\" data-cell-type=\"text\" data-original-value=\"&lt;a href=&quot;https:\/\/teec.org.mx\/web\/wp-content\/uploads\/2020\/11\/TEEC-EXP-15-2020-24-11-2020.pdf&quot; target=&quot;_blank&quot;&gt;TEEC\/EXP\/15\/2020 (Se notifica diligencia de ratificaci\u00f3n de firma)&lt;\/a&gt;\" data-order=\"&lt;a href=&quot;https:\/\/teec.org.mx\/web\/wp-content\/uploads\/2020\/11\/TEEC-EXP-15-2020-24-11-2020.pdf&quot; target=&quot;_blank&quot;&gt;TEEC\/EXP\/15\/2020 (Se notifica diligencia de ratificaci\u00f3n de firma)&lt;\/a&gt;\" ><a href=\"https:\/\/teec.org.mx\/web\/wp-content\/uploads\/2020\/11\/TEEC-EXP-15-2020-24-11-2020.pdf\" target=\"_blank\">TEEC\/EXP\/15\/2020 (Se notifica diligencia de ratificaci\u00f3n de firma)<\/a><\/td><\/tr><tr style=\"height:px\" ><td data-cell-id=\"A11\" data-x=\"0\" data-y=\"11\" data-db-index=\"11\" class=\"fsize-18\" data-cell-type=\"text\" data-original-value=\"24 de noviembre de 2020, a las 11:30 horas\" data-order=\"24 de noviembre de 2020, a las 11:30 horas\" >24 de noviembre de 2020, a las 11:30 horas <\/td><td data-cell-id=\"B11\" data-x=\"1\" data-y=\"11\" data-db-index=\"11\" class=\"fsize-18\" data-cell-type=\"text\" data-original-value=\"Licenciado Jos\u00e9 Luis Flores Pacheco\" data-order=\"Licenciado Jos\u00e9 Luis Flores Pacheco\" >Licenciado Jos\u00e9 Luis Flores Pacheco <\/td><td data-cell-id=\"C11\" data-x=\"2\" data-y=\"11\" data-db-index=\"11\" class=\"fsize-18\" data-cell-type=\"text\" data-original-value=\"Direcci\u00f3n de Prerrogativas y Partidos Pol\u00edticos del Instituto Nacional Electoral a trav\u00e9s de su Director Maestro Patricio Valladlos Villag\u00f3mez\" data-order=\"Direcci\u00f3n de Prerrogativas y Partidos Pol\u00edticos del Instituto Nacional Electoral a trav\u00e9s de su Director Maestro Patricio Valladlos Villag\u00f3mez\" >Direcci\u00f3n de Prerrogativas y Partidos Pol\u00edticos del Instituto Nacional Electoral a trav\u00e9s de su Director Maestro Patricio Valladlos Villag\u00f3mez <\/td><td data-cell-id=\"D11\" data-x=\"3\" data-y=\"11\" data-db-index=\"11\" class=\"fsize-18\" data-cell-type=\"text\" data-original-value=\"&lt;a href=&quot;https:\/\/teec.org.mx\/web\/wp-content\/uploads\/2020\/11\/TEEC-EXP-14-2020-24-11-2020.pdf&quot; target=&quot;_blank&quot;&gt;TEEC\/EXP\/14\/2020 (Se solicita a la autoridad responsable dar tr\u00e1mite)&lt;\/a&gt;\" data-order=\"&lt;a href=&quot;https:\/\/teec.org.mx\/web\/wp-content\/uploads\/2020\/11\/TEEC-EXP-14-2020-24-11-2020.pdf&quot; target=&quot;_blank&quot;&gt;TEEC\/EXP\/14\/2020 (Se solicita a la autoridad responsable dar tr\u00e1mite)&lt;\/a&gt;\" ><a href=\"https:\/\/teec.org.mx\/web\/wp-content\/uploads\/2020\/11\/TEEC-EXP-14-2020-24-11-2020.pdf\" target=\"_blank\">TEEC\/EXP\/14\/2020 (Se solicita a la autoridad responsable dar tr\u00e1mite)<\/a><\/td><\/tr><tr style=\"height:px\" ><td data-cell-id=\"A12\" data-x=\"0\" data-y=\"12\" data-db-index=\"12\" class=\"fsize-18\" data-cell-type=\"text\" data-original-value=\"28 de octubre de 2020, a las 11:35 horas\" data-order=\"28 de octubre de 2020, a las 11:35 horas\" >28 de octubre de 2020, a las 11:35 horas <\/td><td data-cell-id=\"B12\" data-x=\"1\" data-y=\"12\" data-db-index=\"12\" class=\"fsize-18\" data-cell-type=\"text\" data-original-value=\"Profesor Ricardo S\u00e1nchez Cerino\" data-order=\"Profesor Ricardo S\u00e1nchez Cerino\" >Profesor Ricardo S\u00e1nchez Cerino <\/td><td data-cell-id=\"C12\" data-x=\"2\" data-y=\"12\" data-db-index=\"12\" class=\"fsize-18\" data-cell-type=\"text\" data-original-value=\"Comisi\u00f3n Nacional de Honestidad y Justicia del Partido Pol\u00edtico Morena\" data-order=\"Comisi\u00f3n Nacional de Honestidad y Justicia del Partido Pol\u00edtico Morena\" >Comisi\u00f3n Nacional de Honestidad y Justicia del Partido Pol\u00edtico Morena <\/td><td data-cell-id=\"D12\" data-x=\"3\" data-y=\"12\" data-db-index=\"12\" class=\"fsize-18\" data-cell-type=\"text\" data-original-value=\"&lt;a href=&quot;https:\/\/teec.org.mx\/web\/wp-content\/uploads\/2020\/10\/TEEC-EXP-13-2020-28-10-2020.pdf&quot; target=&quot;_blank&quot;&gt;TEEC\/EXP\/13\/2020 (Se ordena a la autoridad responsable dar tr\u00e1mite al medio de impugnaci\u00f3n)&lt;\/a&gt;\" data-order=\"&lt;a href=&quot;https:\/\/teec.org.mx\/web\/wp-content\/uploads\/2020\/10\/TEEC-EXP-13-2020-28-10-2020.pdf&quot; target=&quot;_blank&quot;&gt;TEEC\/EXP\/13\/2020 (Se ordena a la autoridad responsable dar tr\u00e1mite al medio de impugnaci\u00f3n)&lt;\/a&gt;\" ><a href=\"https:\/\/teec.org.mx\/web\/wp-content\/uploads\/2020\/10\/TEEC-EXP-13-2020-28-10-2020.pdf\" target=\"_blank\">TEEC\/EXP\/13\/2020 (Se ordena a la autoridad responsable dar tr\u00e1mite al medio de impugnaci\u00f3n)<\/a><\/td><\/tr><tr style=\"height:px\" ><td data-cell-id=\"A13\" data-x=\"0\" data-y=\"13\" data-db-index=\"13\" class=\"fsize-18\" data-cell-type=\"text\" data-original-value=\"28 de octubre de 2020, a las 9:40 horas\" data-order=\"28 de octubre de 2020, a las 9:40 horas\" >28 de octubre de 2020, a las 9:40 horas <\/td><td data-cell-id=\"B13\" data-x=\"1\" data-y=\"13\" data-db-index=\"13\" class=\"fsize-18\" data-cell-type=\"text\" data-original-value=\"Ciudadana Mar\u00eda Zaira S\u00e1nchez Huerta\" data-order=\"Ciudadana Mar\u00eda Zaira S\u00e1nchez Huerta\" >Ciudadana Mar\u00eda Zaira S\u00e1nchez Huerta <\/td><td data-cell-id=\"C13\" data-x=\"2\" data-y=\"13\" data-db-index=\"13\" class=\"fsize-18\" data-cell-type=\"text\" data-original-value=\"Comisi\u00f3n Nacional de Honestidad y Justicia del Partido Pol\u00edtico Morena\" data-order=\"Comisi\u00f3n Nacional de Honestidad y Justicia del Partido Pol\u00edtico Morena\" >Comisi\u00f3n Nacional de Honestidad y Justicia del Partido Pol\u00edtico Morena <\/td><td data-cell-id=\"D13\" data-x=\"3\" data-y=\"13\" data-db-index=\"13\" class=\"fsize-18\" data-cell-type=\"text\" data-original-value=\"&lt;a href=&quot;https:\/\/teec.org.mx\/web\/wp-content\/uploads\/2020\/10\/TEEC-EXP-12-2020-28-10-2020.pdf&quot; target=&quot;_blank&quot;&gt;TEEC\/EXP\/12\/2020 (Se ordena a la autoridad responsable dar tr\u00e1mite al medio de impugnaci\u00f3n)&lt;\/a&gt;\" data-order=\"&lt;a href=&quot;https:\/\/teec.org.mx\/web\/wp-content\/uploads\/2020\/10\/TEEC-EXP-12-2020-28-10-2020.pdf&quot; target=&quot;_blank&quot;&gt;TEEC\/EXP\/12\/2020 (Se ordena a la autoridad responsable dar tr\u00e1mite al medio de impugnaci\u00f3n)&lt;\/a&gt;\" ><a href=\"https:\/\/teec.org.mx\/web\/wp-content\/uploads\/2020\/10\/TEEC-EXP-12-2020-28-10-2020.pdf\" target=\"_blank\">TEEC\/EXP\/12\/2020 (Se ordena a la autoridad responsable dar tr\u00e1mite al medio de impugnaci\u00f3n)<\/a><\/td><\/tr><tr style=\"height:px\" ><td data-cell-id=\"A14\" data-x=\"0\" data-y=\"14\" data-db-index=\"14\" class=\"fsize-18\" data-cell-type=\"text\" data-original-value=\"27 de octubre de 2020, a las 13:55 horas\" data-order=\"27 de octubre de 2020, a las 13:55 horas\" >27 de octubre de 2020, a las 13:55 horas <\/td><td data-cell-id=\"B14\" data-x=\"1\" data-y=\"14\" data-db-index=\"14\" class=\"fsize-18\" data-cell-type=\"text\" data-original-value=\"Profesor Ricardo S\u00e1nchez Cerino\" data-order=\"Profesor Ricardo S\u00e1nchez Cerino\" >Profesor Ricardo S\u00e1nchez Cerino <\/td><td data-cell-id=\"C14\" data-x=\"2\" data-y=\"14\" data-db-index=\"14\" class=\"fsize-18\" data-cell-type=\"text\" data-original-value=\"Comisi\u00f3n Nacional de Honestidad y Justicia del Partido Pol\u00edtico Morena\" data-order=\"Comisi\u00f3n Nacional de Honestidad y Justicia del Partido Pol\u00edtico Morena\" >Comisi\u00f3n Nacional de Honestidad y Justicia del Partido Pol\u00edtico Morena <\/td><td data-cell-id=\"D14\" data-x=\"3\" data-y=\"14\" data-db-index=\"14\" class=\"fsize-18\" data-cell-type=\"text\" data-original-value=\"&lt;a href=&quot;https:\/\/teec.org.mx\/web\/wp-content\/uploads\/2020\/10\/TEEC-EXP-13-2020-27-10-2020.pdf&quot; target=&quot;_blank&quot;&gt;TEEC\/EXP\/13\/2020 (Diligencia de ratificaci\u00f3n de firma)&lt;\/a&gt;\" data-order=\"&lt;a href=&quot;https:\/\/teec.org.mx\/web\/wp-content\/uploads\/2020\/10\/TEEC-EXP-13-2020-27-10-2020.pdf&quot; target=&quot;_blank&quot;&gt;TEEC\/EXP\/13\/2020 (Diligencia de ratificaci\u00f3n de firma)&lt;\/a&gt;\" ><a href=\"https:\/\/teec.org.mx\/web\/wp-content\/uploads\/2020\/10\/TEEC-EXP-13-2020-27-10-2020.pdf\" target=\"_blank\">TEEC\/EXP\/13\/2020 (Diligencia de ratificaci\u00f3n de firma)<\/a><\/td><\/tr><tr style=\"height:px\" ><td data-cell-id=\"A15\" data-x=\"0\" data-y=\"15\" data-db-index=\"15\" class=\"fsize-18\" data-cell-type=\"text\" data-original-value=\"27 de octubre de 2020, a las 13:45 horas\" data-order=\"27 de octubre de 2020, a las 13:45 horas\" >27 de octubre de 2020, a las 13:45 horas <\/td><td data-cell-id=\"B15\" data-x=\"1\" data-y=\"15\" data-db-index=\"15\" class=\"fsize-18\" data-cell-type=\"text\" data-original-value=\"Ciudadana Mar\u00eda Zaira S\u00e1nchez Huerta\" data-order=\"Ciudadana Mar\u00eda Zaira S\u00e1nchez Huerta\" >Ciudadana Mar\u00eda Zaira S\u00e1nchez Huerta <\/td><td data-cell-id=\"C15\" data-x=\"2\" data-y=\"15\" data-db-index=\"15\" class=\"fsize-18\" data-cell-type=\"text\" data-original-value=\"Comisi\u00f3n Nacional de Honestidad y Justicia del Partido Pol\u00edtico Morena\" data-order=\"Comisi\u00f3n Nacional de Honestidad y Justicia del Partido Pol\u00edtico Morena\" >Comisi\u00f3n Nacional de Honestidad y Justicia del Partido Pol\u00edtico Morena <\/td><td data-cell-id=\"D15\" data-x=\"3\" data-y=\"15\" data-db-index=\"15\" class=\"fsize-18\" data-cell-type=\"text\" data-original-value=\"&lt;a href=&quot;https:\/\/teec.org.mx\/web\/wp-content\/uploads\/2020\/10\/TEEC-EXP-12-2020-27-10-2020.pdf&quot; target=&quot;_blank&quot;&gt;TEEC\/EXP\/12\/2020 (Diligencia de ratificaci\u00f3n de firma)&lt;\/a&gt;\" data-order=\"&lt;a href=&quot;https:\/\/teec.org.mx\/web\/wp-content\/uploads\/2020\/10\/TEEC-EXP-12-2020-27-10-2020.pdf&quot; target=&quot;_blank&quot;&gt;TEEC\/EXP\/12\/2020 (Diligencia de ratificaci\u00f3n de firma)&lt;\/a&gt;\" ><a href=\"https:\/\/teec.org.mx\/web\/wp-content\/uploads\/2020\/10\/TEEC-EXP-12-2020-27-10-2020.pdf\" target=\"_blank\">TEEC\/EXP\/12\/2020 (Diligencia de ratificaci\u00f3n de firma)<\/a><\/td><\/tr><tr style=\"height:px\" ><td data-cell-id=\"A16\" data-x=\"0\" data-y=\"16\" data-db-index=\"16\" class=\"fsize-18\" data-cell-type=\"text\" data-original-value=\"26 de octubre de 2020, a las 14:02 horas\" data-order=\"26 de octubre de 2020, a las 14:02 horas\" >26 de octubre de 2020, a las 14:02 horas <\/td><td data-cell-id=\"B16\" data-x=\"1\" data-y=\"16\" data-db-index=\"16\" class=\"fsize-18\" data-cell-type=\"text\" data-original-value=\"Profesor Ricardo S\u00e1nchez Cerino\" data-order=\"Profesor Ricardo S\u00e1nchez Cerino\" >Profesor Ricardo S\u00e1nchez Cerino <\/td><td data-cell-id=\"C16\" data-x=\"2\" data-y=\"16\" data-db-index=\"16\" class=\"fsize-18\" data-cell-type=\"text\" data-original-value=\"Comisi\u00f3n Nacional de Honestidad y Justicia del Partido Pol\u00edtico Morena\" data-order=\"Comisi\u00f3n Nacional de Honestidad y Justicia del Partido Pol\u00edtico Morena\" >Comisi\u00f3n Nacional de Honestidad y Justicia del Partido Pol\u00edtico Morena <\/td><td data-cell-id=\"D16\" data-x=\"3\" data-y=\"16\" data-db-index=\"16\" class=\"fsize-18\" data-cell-type=\"text\" data-original-value=\"&lt;a href=&quot;https:\/\/teec.org.mx\/web\/wp-content\/uploads\/2020\/10\/TEEC-EXP-13-2020-26-10-2020.pdf&quot; target=&quot;_blank&quot;&gt;TEEC\/EXP\/13\/2020 (Se fija diligencia virtual de ratificaci\u00f3n)&lt;\/a&gt;\" data-order=\"&lt;a href=&quot;https:\/\/teec.org.mx\/web\/wp-content\/uploads\/2020\/10\/TEEC-EXP-13-2020-26-10-2020.pdf&quot; target=&quot;_blank&quot;&gt;TEEC\/EXP\/13\/2020 (Se fija diligencia virtual de ratificaci\u00f3n)&lt;\/a&gt;\" ><a href=\"https:\/\/teec.org.mx\/web\/wp-content\/uploads\/2020\/10\/TEEC-EXP-13-2020-26-10-2020.pdf\" target=\"_blank\">TEEC\/EXP\/13\/2020 (Se fija diligencia virtual de ratificaci\u00f3n)<\/a><\/td><\/tr><tr style=\"height:px\" ><td data-cell-id=\"A17\" data-x=\"0\" data-y=\"17\" data-db-index=\"17\" class=\"fsize-18\" data-cell-type=\"text\" data-original-value=\"26 de octubre de 2020, a las 13:26 horas\" data-order=\"26 de octubre de 2020, a las 13:26 horas\" >26 de octubre de 2020, a las 13:26 horas <\/td><td data-cell-id=\"B17\" data-x=\"1\" data-y=\"17\" data-db-index=\"17\" class=\"fsize-18\" data-cell-type=\"text\" data-original-value=\"Ciudadana Mar\u00eda Zaira S\u00e1nchez Huerta\" data-order=\"Ciudadana Mar\u00eda Zaira S\u00e1nchez Huerta\" >Ciudadana Mar\u00eda Zaira S\u00e1nchez Huerta <\/td><td data-cell-id=\"C17\" data-x=\"2\" data-y=\"17\" data-db-index=\"17\" class=\"fsize-18\" data-cell-type=\"text\" data-original-value=\"Comisi\u00f3n Nacional de Honestidad y Justicia del Partido Pol\u00edtico Morena\" data-order=\"Comisi\u00f3n Nacional de Honestidad y Justicia del Partido Pol\u00edtico Morena\" >Comisi\u00f3n Nacional de Honestidad y Justicia del Partido Pol\u00edtico Morena <\/td><td data-cell-id=\"D17\" data-x=\"3\" data-y=\"17\" data-db-index=\"17\" class=\"fsize-18\" data-cell-type=\"text\" data-original-value=\"&lt;a href=&quot;https:\/\/teec.org.mx\/web\/wp-content\/uploads\/2020\/10\/TEEC-EXP-12-2020-26-10-2020.pdf&quot; target=&quot;_blank&quot;&gt;TEEC\/EXP\/12\/2020 (Se fija diligencia virtual de ratificaci\u00f3n)&lt;\/a&gt;\" data-order=\"&lt;a href=&quot;https:\/\/teec.org.mx\/web\/wp-content\/uploads\/2020\/10\/TEEC-EXP-12-2020-26-10-2020.pdf&quot; target=&quot;_blank&quot;&gt;TEEC\/EXP\/12\/2020 (Se fija diligencia virtual de ratificaci\u00f3n)&lt;\/a&gt;\" ><a href=\"https:\/\/teec.org.mx\/web\/wp-content\/uploads\/2020\/10\/TEEC-EXP-12-2020-26-10-2020.pdf\" target=\"_blank\">TEEC\/EXP\/12\/2020 (Se fija diligencia virtual de ratificaci\u00f3n)<\/a><\/td><\/tr><tr style=\"height:px\" ><td data-cell-id=\"A18\" data-x=\"0\" data-y=\"18\" data-db-index=\"18\" class=\"fsize-18\" data-cell-type=\"text\" data-original-value=\"19 de octubre de 2020, a las 14:15 horas\" data-order=\"19 de octubre de 2020, a las 14:15 horas\" >19 de octubre de 2020, a las 14:15 horas <\/td><td data-cell-id=\"B18\" data-x=\"1\" data-y=\"18\" data-db-index=\"18\" class=\"fsize-18\" data-cell-type=\"text\" data-original-value=\"Licenciado Juan Francisco Portela Rodr\u00edguez, quien se ostenta como Miembro Activo del Partido Acci\u00f3n Nacional\" data-order=\"Licenciado Juan Francisco Portela Rodr\u00edguez, quien se ostenta como Miembro Activo del Partido Acci\u00f3n Nacional\" >Licenciado Juan Francisco Portela Rodr\u00edguez, quien se ostenta como Miembro Activo del Partido Acci\u00f3n Nacional <\/td><td data-cell-id=\"C18\" data-x=\"2\" data-y=\"18\" data-db-index=\"18\" class=\"fsize-18\" data-cell-type=\"text\" data-original-value=\"Ciudadano Josu\u00e9 Jes\u00fas Rodr\u00edguez Golib, Presidente del Comit\u00e9 Directivo Municipal de San Francisco de Campeche\" data-order=\"Ciudadano Josu\u00e9 Jes\u00fas Rodr\u00edguez Golib, Presidente del Comit\u00e9 Directivo Municipal de San Francisco de Campeche\" >Ciudadano Josu\u00e9 Jes\u00fas Rodr\u00edguez Golib, Presidente del Comit\u00e9 Directivo Municipal de San Francisco de Campeche <\/td><td data-cell-id=\"D18\" data-x=\"3\" data-y=\"18\" data-db-index=\"18\" class=\"fsize-18\" data-cell-type=\"text\" data-original-value=\"&lt;a href=&quot;https:\/\/teec.org.mx\/web\/wp-content\/uploads\/2020\/10\/TEEC-EXP-11-2020-19-10-2020.pdf&quot; target=&quot;_blank&quot;&gt;TEEC\/EXP\/11\/2020 (Se comunica al prom. aobre las correcciones y aclaraciones pertinentes hechas a la aut. resp.)&lt;\/a&gt;\" data-order=\"&lt;a href=&quot;https:\/\/teec.org.mx\/web\/wp-content\/uploads\/2020\/10\/TEEC-EXP-11-2020-19-10-2020.pdf&quot; target=&quot;_blank&quot;&gt;TEEC\/EXP\/11\/2020 (Se comunica al prom. aobre las correcciones y aclaraciones pertinentes hechas a la aut. resp.)&lt;\/a&gt;\" ><a href=\"https:\/\/teec.org.mx\/web\/wp-content\/uploads\/2020\/10\/TEEC-EXP-11-2020-19-10-2020.pdf\" target=\"_blank\">TEEC\/EXP\/11\/2020 (Se comunica al prom. aobre las correcciones y aclaraciones pertinentes hechas a la aut. resp.)<\/a><\/td><\/tr><tr style=\"height:px\" ><td data-cell-id=\"A19\" data-x=\"0\" data-y=\"19\" data-db-index=\"19\" class=\"fsize-18\" data-cell-type=\"text\" data-original-value=\"13 de octubre de 2020, a las 14:55 horas\" data-order=\"13 de octubre de 2020, a las 14:55 horas\" >13 de octubre de 2020, a las 14:55 horas <\/td><td data-cell-id=\"B19\" data-x=\"1\" data-y=\"19\" data-db-index=\"19\" class=\"fsize-18\" data-cell-type=\"text\" data-original-value=\"Licenciado Juan Francisco Portela Rodr\u00edguez, quien se ostenta como miembro activo del Partido Acci\u00f3n Nacional\" data-order=\"Licenciado Juan Francisco Portela Rodr\u00edguez, quien se ostenta como miembro activo del Partido Acci\u00f3n Nacional\" >Licenciado Juan Francisco Portela Rodr\u00edguez, quien se ostenta como miembro activo del Partido Acci\u00f3n Nacional <\/td><td data-cell-id=\"C19\" data-x=\"2\" data-y=\"19\" data-db-index=\"19\" class=\"fsize-18\" data-cell-type=\"text\" data-original-value=\"Ciudadano Josu\u00e9 Jes\u00fas Rodr\u00edguez Golib, Presidente del Comit\u00e9 Directivo Municipal de San Francisco de Campeche\" data-order=\"Ciudadano Josu\u00e9 Jes\u00fas Rodr\u00edguez Golib, Presidente del Comit\u00e9 Directivo Municipal de San Francisco de Campeche\" >Ciudadano Josu\u00e9 Jes\u00fas Rodr\u00edguez Golib, Presidente del Comit\u00e9 Directivo Municipal de San Francisco de Campeche <\/td><td data-cell-id=\"D19\" data-x=\"3\" data-y=\"19\" data-db-index=\"19\" class=\"fsize-18\" data-cell-type=\"text\" data-original-value=\"&lt;a href=&quot;https:\/\/teec.org.mx\/web\/wp-content\/uploads\/2020\/10\/TEEC-EXP-11-2020-13-10-2020.pdf&quot; target=&quot;_blank&quot;&gt;TEEC\/EXP\/11\/2020 (Acuerdo de aclaraci\u00f3n de nombre)&lt;\/a&gt;\" data-order=\"&lt;a href=&quot;https:\/\/teec.org.mx\/web\/wp-content\/uploads\/2020\/10\/TEEC-EXP-11-2020-13-10-2020.pdf&quot; target=&quot;_blank&quot;&gt;TEEC\/EXP\/11\/2020 (Acuerdo de aclaraci\u00f3n de nombre)&lt;\/a&gt;\" ><a href=\"https:\/\/teec.org.mx\/web\/wp-content\/uploads\/2020\/10\/TEEC-EXP-11-2020-13-10-2020.pdf\" target=\"_blank\">TEEC\/EXP\/11\/2020 (Acuerdo de aclaraci\u00f3n de nombre)<\/a><\/td><\/tr><tr style=\"height:px\" ><td data-cell-id=\"A20\" data-x=\"0\" data-y=\"20\" data-db-index=\"20\" class=\"fsize-18\" data-cell-type=\"text\" data-original-value=\"12 de octubre de 2020, a las 12:15 horas\" data-order=\"12 de octubre de 2020, a las 12:15 horas\" >12 de octubre de 2020, a las 12:15 horas <\/td><td data-cell-id=\"B20\" data-x=\"1\" data-y=\"20\" data-db-index=\"20\" class=\"fsize-18\" data-cell-type=\"text\" data-original-value=\"Licenciado Juan Francisco Portela Ram\u00edrez, quien se ostenta como Miembro activo del Partido Acci\u00f3n Nacional\" data-order=\"Licenciado Juan Francisco Portela Ram\u00edrez, quien se ostenta como Miembro activo del Partido Acci\u00f3n Nacional\" >Licenciado Juan Francisco Portela Ram\u00edrez, quien se ostenta como Miembro activo del Partido Acci\u00f3n Nacional <\/td><td data-cell-id=\"C20\" data-x=\"2\" data-y=\"20\" data-db-index=\"20\" class=\"fsize-18\" data-cell-type=\"text\" data-original-value=\"Ciudadano Josu\u00e9 Jes\u00fas Rodr\u00edguez Golib, Presidente del Comit\u00e9 Directivo Municipal de San Francisco de Campeche\" data-order=\"Ciudadano Josu\u00e9 Jes\u00fas Rodr\u00edguez Golib, Presidente del Comit\u00e9 Directivo Municipal de San Francisco de Campeche\" >Ciudadano Josu\u00e9 Jes\u00fas Rodr\u00edguez Golib, Presidente del Comit\u00e9 Directivo Municipal de San Francisco de Campeche <\/td><td data-cell-id=\"D20\" data-x=\"3\" data-y=\"20\" data-db-index=\"20\" class=\"fsize-18\" data-cell-type=\"text\" data-original-value=\"&lt;a href=&quot;https:\/\/teec.org.mx\/web\/wp-content\/uploads\/2020\/10\/TEEC-EXP-11-2020-12-10-2020.pdf&quot; target=&quot;_blank&quot;&gt;TEEC\/EXP\/11\/2020 (Se solicita a la autoridad responsable dar tr\u00e1mite al medio de impugnaci\u00f3n)&lt;\/a&gt;\" data-order=\"&lt;a href=&quot;https:\/\/teec.org.mx\/web\/wp-content\/uploads\/2020\/10\/TEEC-EXP-11-2020-12-10-2020.pdf&quot; target=&quot;_blank&quot;&gt;TEEC\/EXP\/11\/2020 (Se solicita a la autoridad responsable dar tr\u00e1mite al medio de impugnaci\u00f3n)&lt;\/a&gt;\" ><a href=\"https:\/\/teec.org.mx\/web\/wp-content\/uploads\/2020\/10\/TEEC-EXP-11-2020-12-10-2020.pdf\" target=\"_blank\">TEEC\/EXP\/11\/2020 (Se solicita a la autoridad responsable dar tr\u00e1mite al medio de impugnaci\u00f3n)<\/a><\/td><\/tr><tr style=\"height:px\" ><td data-cell-id=\"A21\" data-x=\"0\" data-y=\"21\" data-db-index=\"21\" class=\"fsize-18\" data-cell-type=\"text\" data-original-value=\"15 de septiembre de 2020, a las 13:40 horas\" data-order=\"15 de septiembre de 2020, a las 13:40 horas\" >15 de septiembre de 2020, a las 13:40 horas <\/td><td data-cell-id=\"B21\" data-x=\"1\" data-y=\"21\" data-db-index=\"21\" class=\"fsize-18\" data-cell-type=\"text\" data-original-value=\"Ciudadana Maricela Flores Moo, quien se ostenta como Sindica del Ayuntamiento del Municipio de Calakmul, Campeche\" data-order=\"Ciudadana Maricela Flores Moo, quien se ostenta como Sindica del Ayuntamiento del Municipio de Calakmul, Campeche\" >Ciudadana Maricela Flores Moo, quien se ostenta como Sindica del Ayuntamiento del Municipio de Calakmul, Campeche <\/td><td data-cell-id=\"C21\" data-x=\"2\" data-y=\"21\" data-db-index=\"21\" class=\"fsize-18\" data-cell-type=\"text\" data-original-value=\"Ciudadanos Luis Felipe Mora Hern\u00e1ndez, Presidente del Ayuntamiento del Municipio de Calakmul, y Carlos Julian Arteaga Abreu, Representante Legal del Citado Ayuntamiento\" data-order=\"Ciudadanos Luis Felipe Mora Hern\u00e1ndez, Presidente del Ayuntamiento del Municipio de Calakmul, y Carlos Julian Arteaga Abreu, Representante Legal del Citado Ayuntamiento\" >Ciudadanos Luis Felipe Mora Hern\u00e1ndez, Presidente del Ayuntamiento del Municipio de Calakmul, y Carlos Julian Arteaga Abreu, Representante Legal del Citado Ayuntamiento <\/td><td data-cell-id=\"D21\" data-x=\"3\" data-y=\"21\" data-db-index=\"21\" class=\"fsize-18\" data-cell-type=\"text\" data-original-value=\"&lt;a href=&quot;https:\/\/teec.org.mx\/web\/wp-content\/uploads\/2020\/09\/TEEC-EXP-10-2020-Diligencia-15-09-2020.pdf&quot; target=&quot;_blank&quot;&gt;TEEC\/EXP\/10\/2020 (Diligencia de ratificaci\u00f3n de firma)&lt;\/a&gt;\" data-order=\"&lt;a href=&quot;https:\/\/teec.org.mx\/web\/wp-content\/uploads\/2020\/09\/TEEC-EXP-10-2020-Diligencia-15-09-2020.pdf&quot; target=&quot;_blank&quot;&gt;TEEC\/EXP\/10\/2020 (Diligencia de ratificaci\u00f3n de firma)&lt;\/a&gt;\" ><a href=\"https:\/\/teec.org.mx\/web\/wp-content\/uploads\/2020\/09\/TEEC-EXP-10-2020-Diligencia-15-09-2020.pdf\" target=\"_blank\">TEEC\/EXP\/10\/2020 (Diligencia de ratificaci\u00f3n de firma)<\/a><\/td><\/tr><tr style=\"height:px\" ><td data-cell-id=\"A22\" data-x=\"0\" data-y=\"22\" data-db-index=\"22\" class=\"fsize-18\" data-cell-type=\"text\" data-original-value=\"14 de septiembre de 2020, a las 14:00 horas\" data-order=\"14 de septiembre de 2020, a las 14:00 horas\" >14 de septiembre de 2020, a las 14:00 horas <\/td><td data-cell-id=\"B22\" data-x=\"1\" data-y=\"22\" data-db-index=\"22\" class=\"fsize-18\" data-cell-type=\"text\" data-original-value=\"Ciudadana Maricela Flores Moo, quien se ostenta como Sindica del Ayuntamiento del Municipio de Calakmul, Campeche\" data-order=\"Ciudadana Maricela Flores Moo, quien se ostenta como Sindica del Ayuntamiento del Municipio de Calakmul, Campeche\" >Ciudadana Maricela Flores Moo, quien se ostenta como Sindica del Ayuntamiento del Municipio de Calakmul, Campeche <\/td><td data-cell-id=\"C22\" data-x=\"2\" data-y=\"22\" data-db-index=\"22\" class=\"fsize-18\" data-cell-type=\"text\" data-original-value=\"Cudadanos Luis Felipe Mora Hern\u00e1ndez, Presidente del Ayuntamiento del Municipio de Calakmul, y Carlos Julian Arteaga Abreu, Representante Legal del Citado Ayuntamiento\" data-order=\"Cudadanos Luis Felipe Mora Hern\u00e1ndez, Presidente del Ayuntamiento del Municipio de Calakmul, y Carlos Julian Arteaga Abreu, Representante Legal del Citado Ayuntamiento\" >Cudadanos Luis Felipe Mora Hern\u00e1ndez, Presidente del Ayuntamiento del Municipio de Calakmul, y Carlos Julian Arteaga Abreu, Representante Legal del Citado Ayuntamiento <\/td><td data-cell-id=\"D22\" data-x=\"3\" data-y=\"22\" data-db-index=\"22\" class=\"fsize-18\" data-cell-type=\"text\" data-original-value=\"&lt;a href=&quot;https:\/\/teec.org.mx\/web\/wp-content\/uploads\/2020\/09\/TEEC-EXP-10-2020-14-09-2020.pdf&quot; target=&quot;_blank&quot;&gt;TEEC\/EXP\/10\/2020 (Se fija fecha y hora para ratificaci\u00f3n de firma)&lt;\/a&gt;\" data-order=\"&lt;a href=&quot;https:\/\/teec.org.mx\/web\/wp-content\/uploads\/2020\/09\/TEEC-EXP-10-2020-14-09-2020.pdf&quot; target=&quot;_blank&quot;&gt;TEEC\/EXP\/10\/2020 (Se fija fecha y hora para ratificaci\u00f3n de firma)&lt;\/a&gt;\" ><a href=\"https:\/\/teec.org.mx\/web\/wp-content\/uploads\/2020\/09\/TEEC-EXP-10-2020-14-09-2020.pdf\" target=\"_blank\">TEEC\/EXP\/10\/2020 (Se fija fecha y hora para ratificaci\u00f3n de firma)<\/a><\/td><\/tr><tr style=\"height:px\" ><td data-cell-id=\"A23\" data-x=\"0\" data-y=\"23\" data-db-index=\"23\" class=\"fsize-18\" data-cell-type=\"text\" data-original-value=\"11 de septiembre de 2020, a las 12:30 horas\" data-order=\"11 de septiembre de 2020, a las 12:30 horas\" >11 de septiembre de 2020, a las 12:30 horas <\/td><td data-cell-id=\"B23\" data-x=\"1\" data-y=\"23\" data-db-index=\"23\" class=\"fsize-18\" data-cell-type=\"text\" data-original-value=\"Ciudadano Jos\u00e9 Luis Flores Pacheco\" data-order=\"Ciudadano Jos\u00e9 Luis Flores Pacheco\" >Ciudadano Jos\u00e9 Luis Flores Pacheco <\/td><td data-cell-id=\"C23\" data-x=\"2\" data-y=\"23\" data-db-index=\"23\" class=\"fsize-18\" data-cell-type=\"text\" data-original-value=\"Comisi\u00f3n Nacional de Honestidad y Justicia de Morena\" data-order=\"Comisi\u00f3n Nacional de Honestidad y Justicia de Morena\" >Comisi\u00f3n Nacional de Honestidad y Justicia de Morena <\/td><td data-cell-id=\"D23\" data-x=\"3\" data-y=\"23\" data-db-index=\"23\" class=\"fsize-18\" data-cell-type=\"text\" data-original-value=\"&lt;a href=&quot;https:\/\/teec.org.mx\/web\/wp-content\/uploads\/2020\/09\/TEEC-EXP-9-2020-11-09-2020.pdf&quot; target=&quot;_blank&quot;&gt;TEEC\/EXP\/9\/2020 (Se solicita a la autoridad responsable dar tr\u00e1mite al medio de impugnaci\u00f3n)&lt;\/a&gt;\" data-order=\"&lt;a href=&quot;https:\/\/teec.org.mx\/web\/wp-content\/uploads\/2020\/09\/TEEC-EXP-9-2020-11-09-2020.pdf&quot; target=&quot;_blank&quot;&gt;TEEC\/EXP\/9\/2020 (Se solicita a la autoridad responsable dar tr\u00e1mite al medio de impugnaci\u00f3n)&lt;\/a&gt;\" ><a href=\"https:\/\/teec.org.mx\/web\/wp-content\/uploads\/2020\/09\/TEEC-EXP-9-2020-11-09-2020.pdf\" target=\"_blank\">TEEC\/EXP\/9\/2020 (Se solicita a la autoridad responsable dar tr\u00e1mite al medio de impugnaci\u00f3n)<\/a><\/td><\/tr><tr style=\"height:px\" ><td data-cell-id=\"A24\" data-x=\"0\" data-y=\"24\" data-db-index=\"24\" class=\"fsize-18\" data-cell-type=\"text\" data-original-value=\"09 de septiembre de 2020, a las 14:55 horas\" data-order=\"09 de septiembre de 2020, a las 14:55 horas\" >09 de septiembre de 2020, a las 14:55 horas <\/td><td data-cell-id=\"B24\" data-x=\"1\" data-y=\"24\" data-db-index=\"24\" class=\"fsize-18\" data-cell-type=\"text\" data-original-value=\"Ciudadano Wilford Rodr\u00edguez Gil, en su car\u00e1cter de Ciudadano Mexicano en Pleno Ejercicio de sus Derechos Civiles y Pol\u00edticos, Protagonista del Cambio Verdadero del Partido Morena\" data-order=\"Ciudadano Wilford Rodr\u00edguez Gil, en su car\u00e1cter de Ciudadano Mexicano en Pleno Ejercicio de sus Derechos Civiles y Pol\u00edticos, Protagonista del Cambio Verdadero del Partido Morena\" >Ciudadano Wilford Rodr\u00edguez Gil, en su car\u00e1cter de Ciudadano Mexicano en Pleno Ejercicio de sus Derechos Civiles y Pol\u00edticos, Protagonista del Cambio Verdadero del Partido Morena <\/td><td data-cell-id=\"C24\" data-x=\"2\" data-y=\"24\" data-db-index=\"24\" class=\"fsize-18\" data-cell-type=\"text\" data-original-value=\"Secretaria de Organizaci\u00f3n del Comit\u00e9 Ejecutivo Nacional del Partido Morena y dem\u00e1s \u00d3rganos Partidarios\" data-order=\"Secretaria de Organizaci\u00f3n del Comit\u00e9 Ejecutivo Nacional del Partido Morena y dem\u00e1s \u00d3rganos Partidarios\" >Secretaria de Organizaci\u00f3n del Comit\u00e9 Ejecutivo Nacional del Partido Morena y dem\u00e1s \u00d3rganos Partidarios <\/td><td data-cell-id=\"D24\" data-x=\"3\" data-y=\"24\" data-db-index=\"24\" class=\"fsize-18\" data-cell-type=\"text\" data-original-value=\"&lt;a href=&quot;https:\/\/teec.org.mx\/web\/wp-content\/uploads\/2020\/09\/TEEC-EXP-7-2020-acuerdo-09-09-2020.pdf&quot; target=&quot;_blank&quot;&gt;TEEC\/EXP\/7\/2020 (Se tiene por no interpuesto JDC)&lt;\/a&gt;\" data-order=\"&lt;a href=&quot;https:\/\/teec.org.mx\/web\/wp-content\/uploads\/2020\/09\/TEEC-EXP-7-2020-acuerdo-09-09-2020.pdf&quot; target=&quot;_blank&quot;&gt;TEEC\/EXP\/7\/2020 (Se tiene por no interpuesto JDC)&lt;\/a&gt;\" ><a href=\"https:\/\/teec.org.mx\/web\/wp-content\/uploads\/2020\/09\/TEEC-EXP-7-2020-acuerdo-09-09-2020.pdf\" target=\"_blank\">TEEC\/EXP\/7\/2020 (Se tiene por no interpuesto JDC)<\/a><\/td><\/tr><tr style=\"height:px\" ><td data-cell-id=\"A25\" data-x=\"0\" data-y=\"25\" data-db-index=\"25\" class=\"fsize-18\" data-cell-type=\"text\" data-original-value=\"09 de septiembre de 2020, a las 12:05 horas\" data-order=\"09 de septiembre de 2020, a las 12:05 horas\" >09 de septiembre de 2020, a las 12:05 horas <\/td><td data-cell-id=\"B25\" data-x=\"1\" data-y=\"25\" data-db-index=\"25\" class=\"fsize-18\" data-cell-type=\"text\" data-original-value=\"Ciudadano Wilford Rodr\u00edguez Gil, en su car\u00e1cter de Ciudadano Mexicano en Pleno Ejercicio de sus Derechos Civiles y Pol\u00edticos, Protagonista del Cambio Verdadero del Partido Morena\" data-order=\"Ciudadano Wilford Rodr\u00edguez Gil, en su car\u00e1cter de Ciudadano Mexicano en Pleno Ejercicio de sus Derechos Civiles y Pol\u00edticos, Protagonista del Cambio Verdadero del Partido Morena\" >Ciudadano Wilford Rodr\u00edguez Gil, en su car\u00e1cter de Ciudadano Mexicano en Pleno Ejercicio de sus Derechos Civiles y Pol\u00edticos, Protagonista del Cambio Verdadero del Partido Morena <\/td><td data-cell-id=\"C25\" data-x=\"2\" data-y=\"25\" data-db-index=\"25\" class=\"fsize-18\" data-cell-type=\"text\" data-original-value=\"Secretaria de Organizaci\u00f3n del Comit\u00e9 Ejecutivo Nacional del Partido Morena y dem\u00e1s \u00d3rganos Partidarios\" data-order=\"Secretaria de Organizaci\u00f3n del Comit\u00e9 Ejecutivo Nacional del Partido Morena y dem\u00e1s \u00d3rganos Partidarios\" >Secretaria de Organizaci\u00f3n del Comit\u00e9 Ejecutivo Nacional del Partido Morena y dem\u00e1s \u00d3rganos Partidarios <\/td><td data-cell-id=\"D25\" data-x=\"3\" data-y=\"25\" data-db-index=\"25\" class=\"fsize-18\" data-cell-type=\"text\" data-original-value=\"&lt;a href=&quot;https:\/\/teec.org.mx\/web\/wp-content\/uploads\/2020\/09\/TEEC-EXP-7-2020-diligencia-09-09-2020.pdf&quot; target=&quot;_blank&quot;&gt;TEEC\/EXP\/7\/2020 (Se notifica diligencia)&lt;\/a&gt;\" data-order=\"&lt;a href=&quot;https:\/\/teec.org.mx\/web\/wp-content\/uploads\/2020\/09\/TEEC-EXP-7-2020-diligencia-09-09-2020.pdf&quot; target=&quot;_blank&quot;&gt;TEEC\/EXP\/7\/2020 (Se notifica diligencia)&lt;\/a&gt;\" ><a href=\"https:\/\/teec.org.mx\/web\/wp-content\/uploads\/2020\/09\/TEEC-EXP-7-2020-diligencia-09-09-2020.pdf\" target=\"_blank\">TEEC\/EXP\/7\/2020 (Se notifica diligencia)<\/a><\/td><\/tr><tr style=\"height:px\" ><td data-cell-id=\"A26\" data-x=\"0\" data-y=\"26\" data-db-index=\"26\" class=\"fsize-18\" data-cell-type=\"text\" data-original-value=\"09 de septiembre de 2020, a las 11:10 horas\" data-order=\"09 de septiembre de 2020, a las 11:10 horas\" >09 de septiembre de 2020, a las 11:10 horas <\/td><td data-cell-id=\"B26\" data-x=\"1\" data-y=\"26\" data-db-index=\"26\" class=\"fsize-18\" data-cell-type=\"text\" data-original-value=\"Ciudadano Jos\u00e9 Luis Flores Pacheco, quien se ostenta como Representante del Consejo Estatal del Partido Morena en el Estado de Campeche, y Militante del Citado Partido\" data-order=\"Ciudadano Jos\u00e9 Luis Flores Pacheco, quien se ostenta como Representante del Consejo Estatal del Partido Morena en el Estado de Campeche, y Militante del Citado Partido\" >Ciudadano Jos\u00e9 Luis Flores Pacheco, quien se ostenta como Representante del Consejo Estatal del Partido Morena en el Estado de Campeche, y Militante del Citado Partido <\/td><td data-cell-id=\"C26\" data-x=\"2\" data-y=\"26\" data-db-index=\"26\" class=\"fsize-18\" data-cell-type=\"text\" data-original-value=\"Comit\u00e9 Ejecutivo Estatal del Partido Morena en Campeche y\/o Consejo Estatal del Partido Morena en Campeche\" data-order=\"Comit\u00e9 Ejecutivo Estatal del Partido Morena en Campeche y\/o Consejo Estatal del Partido Morena en Campeche\" >Comit\u00e9 Ejecutivo Estatal del Partido Morena en Campeche y\/o Consejo Estatal del Partido Morena en Campeche <\/td><td data-cell-id=\"D26\" data-x=\"3\" data-y=\"26\" data-db-index=\"26\" class=\"fsize-18\" data-cell-type=\"text\" data-original-value=\"&lt;a href=&quot;https:\/\/teec.org.mx\/web\/wp-content\/uploads\/2020\/09\/TEEC-EXP-8-2020-09-09-2020.pdf&quot; target=&quot;_blank&quot;&gt;TEEC\/EXP\/8\/2020 (Se requiere a la aut. resp. dar tr\u00e1mite al medio de impugnaci\u00f3n)&lt;\/a&gt;\" data-order=\"&lt;a href=&quot;https:\/\/teec.org.mx\/web\/wp-content\/uploads\/2020\/09\/TEEC-EXP-8-2020-09-09-2020.pdf&quot; target=&quot;_blank&quot;&gt;TEEC\/EXP\/8\/2020 (Se requiere a la aut. resp. dar tr\u00e1mite al medio de impugnaci\u00f3n)&lt;\/a&gt;\" ><a href=\"https:\/\/teec.org.mx\/web\/wp-content\/uploads\/2020\/09\/TEEC-EXP-8-2020-09-09-2020.pdf\" target=\"_blank\">TEEC\/EXP\/8\/2020 (Se requiere a la aut. resp. dar tr\u00e1mite al medio de impugnaci\u00f3n)<\/a><\/td><\/tr><tr style=\"height:px\" ><td data-cell-id=\"A27\" data-x=\"0\" data-y=\"27\" data-db-index=\"27\" class=\"fsize-18\" data-cell-type=\"text\" data-original-value=\"07 de septiembre de 2020, a las 15:45 horas\" data-order=\"07 de septiembre de 2020, a las 15:45 horas\" >07 de septiembre de 2020, a las 15:45 horas <\/td><td data-cell-id=\"B27\" data-x=\"1\" data-y=\"27\" data-db-index=\"27\" class=\"fsize-18\" data-cell-type=\"text\" data-original-value=\"Ciudadano Wilford Rodr\u00edguez Gil\" data-order=\"Ciudadano Wilford Rodr\u00edguez Gil\" >Ciudadano Wilford Rodr\u00edguez Gil <\/td><td data-cell-id=\"C27\" data-x=\"2\" data-y=\"27\" data-db-index=\"27\" class=\"fsize-18\" data-cell-type=\"text\" data-original-value=\"Secretar\u00eda de Organizaci\u00f3n del Comit\u00e9 Ejecutivo Nacional del Partido Morena y dem\u00e1s \u00d3rganos Partidarios\" data-order=\"Secretar\u00eda de Organizaci\u00f3n del Comit\u00e9 Ejecutivo Nacional del Partido Morena y dem\u00e1s \u00d3rganos Partidarios\" >Secretar\u00eda de Organizaci\u00f3n del Comit\u00e9 Ejecutivo Nacional del Partido Morena y dem\u00e1s \u00d3rganos Partidarios <\/td><td data-cell-id=\"D27\" data-x=\"3\" data-y=\"27\" data-db-index=\"27\" class=\"fsize-18\" data-cell-type=\"text\" data-original-value=\"&lt;a href=&quot;https:\/\/teec.org.mx\/web\/wp-content\/uploads\/2020\/09\/TEEC-EXP-7-2020-07-09-2020.pdf&quot; target=&quot;_blank&quot;&gt;TEEC\/EXP\/7\/2020 (Se fija nueva fecha y hora para ratificaci\u00f3n de firma)&lt;\/a&gt;\" data-order=\"&lt;a href=&quot;https:\/\/teec.org.mx\/web\/wp-content\/uploads\/2020\/09\/TEEC-EXP-7-2020-07-09-2020.pdf&quot; target=&quot;_blank&quot;&gt;TEEC\/EXP\/7\/2020 (Se fija nueva fecha y hora para ratificaci\u00f3n de firma)&lt;\/a&gt;\" ><a href=\"https:\/\/teec.org.mx\/web\/wp-content\/uploads\/2020\/09\/TEEC-EXP-7-2020-07-09-2020.pdf\" target=\"_blank\">TEEC\/EXP\/7\/2020 (Se fija nueva fecha y hora para ratificaci\u00f3n de firma)<\/a><\/td><\/tr><tr style=\"height:px\" ><td data-cell-id=\"A28\" data-x=\"0\" data-y=\"28\" data-db-index=\"28\" class=\"fsize-18\" data-cell-type=\"text\" data-original-value=\"04 de septiembre de 2020, a las 12:55 horas\" data-order=\"04 de septiembre de 2020, a las 12:55 horas\" >04 de septiembre de 2020, a las 12:55 horas <\/td><td data-cell-id=\"B28\" data-x=\"1\" data-y=\"28\" data-db-index=\"28\" class=\"fsize-18\" data-cell-type=\"text\" data-original-value=\"Ciudadano Wilford Rodr\u00edguez Gil\" data-order=\"Ciudadano Wilford Rodr\u00edguez Gil\" >Ciudadano Wilford Rodr\u00edguez Gil <\/td><td data-cell-id=\"C28\" data-x=\"2\" data-y=\"28\" data-db-index=\"28\" class=\"fsize-18\" data-cell-type=\"text\" data-original-value=\"Secretar\u00eda de Organizaci\u00f3n del Comit\u00e9 Ejecutivo Nacional del Partido Morena y dem\u00e1s \u00d3rganos Partidarios\" data-order=\"Secretar\u00eda de Organizaci\u00f3n del Comit\u00e9 Ejecutivo Nacional del Partido Morena y dem\u00e1s \u00d3rganos Partidarios\" >Secretar\u00eda de Organizaci\u00f3n del Comit\u00e9 Ejecutivo Nacional del Partido Morena y dem\u00e1s \u00d3rganos Partidarios <\/td><td data-cell-id=\"D28\" data-x=\"3\" data-y=\"28\" data-db-index=\"28\" class=\"fsize-18\" data-cell-type=\"text\" data-original-value=\"&lt;a href=&quot;https:\/\/teec.org.mx\/web\/wp-content\/uploads\/2020\/09\/TEEC-EXP-7-2020-Diligencia-04-09-2020.pdf&quot; target=&quot;_blank&quot;&gt;TEEC\/EXP\/7\/2020 (Se notifica diligencia)&lt;\/a&gt;\" data-order=\"&lt;a href=&quot;https:\/\/teec.org.mx\/web\/wp-content\/uploads\/2020\/09\/TEEC-EXP-7-2020-Diligencia-04-09-2020.pdf&quot; target=&quot;_blank&quot;&gt;TEEC\/EXP\/7\/2020 (Se notifica diligencia)&lt;\/a&gt;\" ><a href=\"https:\/\/teec.org.mx\/web\/wp-content\/uploads\/2020\/09\/TEEC-EXP-7-2020-Diligencia-04-09-2020.pdf\" target=\"_blank\">TEEC\/EXP\/7\/2020 (Se notifica diligencia)<\/a><\/td><\/tr><tr style=\"height:px\" ><td data-cell-id=\"A29\" data-x=\"0\" data-y=\"29\" data-db-index=\"29\" class=\"fsize-18\" data-cell-type=\"text\" data-original-value=\"03 de septiembre de 2020, a las 12:50 horas\" data-order=\"03 de septiembre de 2020, a las 12:50 horas\" >03 de septiembre de 2020, a las 12:50 horas <\/td><td data-cell-id=\"B29\" data-x=\"1\" data-y=\"29\" data-db-index=\"29\" class=\"fsize-18\" data-cell-type=\"text\" data-original-value=\"Ciudadano Wilford Rodr\u00edguez Gil\" data-order=\"Ciudadano Wilford Rodr\u00edguez Gil\" >Ciudadano Wilford Rodr\u00edguez Gil <\/td><td data-cell-id=\"C29\" data-x=\"2\" data-y=\"29\" data-db-index=\"29\" class=\"fsize-18\" data-cell-type=\"text\" data-original-value=\"Secretar\u00eda de Organizaci\u00f3n del Comit\u00e9 Ejecutivo Nacional del Partido Morena y dem\u00e1s \u00d3rganos Partidarios\" data-order=\"Secretar\u00eda de Organizaci\u00f3n del Comit\u00e9 Ejecutivo Nacional del Partido Morena y dem\u00e1s \u00d3rganos Partidarios\" >Secretar\u00eda de Organizaci\u00f3n del Comit\u00e9 Ejecutivo Nacional del Partido Morena y dem\u00e1s \u00d3rganos Partidarios <\/td><td data-cell-id=\"D29\" data-x=\"3\" data-y=\"29\" data-db-index=\"29\" class=\"fsize-18\" data-cell-type=\"text\" data-original-value=\"&lt;a href=&quot;https:\/\/teec.org.mx\/web\/wp-content\/uploads\/2020\/09\/TEEC-JDC-7-2020-03-09-2020.pdf&quot; target=&quot;_blank&quot;&gt;TEEC\/EXP\/7\/2020 (Se fija fecha y hora para ratificaci\u00f3n de firma)&lt;\/a&gt;\" data-order=\"&lt;a href=&quot;https:\/\/teec.org.mx\/web\/wp-content\/uploads\/2020\/09\/TEEC-JDC-7-2020-03-09-2020.pdf&quot; target=&quot;_blank&quot;&gt;TEEC\/EXP\/7\/2020 (Se fija fecha y hora para ratificaci\u00f3n de firma)&lt;\/a&gt;\" ><a href=\"https:\/\/teec.org.mx\/web\/wp-content\/uploads\/2020\/09\/TEEC-JDC-7-2020-03-09-2020.pdf\" target=\"_blank\">TEEC\/EXP\/7\/2020 (Se fija fecha y hora para ratificaci\u00f3n de firma)<\/a><\/td><\/tr><tr style=\"height:px\" ><td data-cell-id=\"A30\" data-x=\"0\" data-y=\"30\" data-db-index=\"30\" class=\"fsize-18\" data-cell-type=\"text\" data-original-value=\"28 de enero de 2020, a las 13:10 horas\" data-order=\"28 de enero de 2020, a las 13:10 horas\" >28 de enero de 2020, a las 13:10 horas <\/td><td data-cell-id=\"B30\" data-x=\"1\" data-y=\"30\" data-db-index=\"30\" class=\"fsize-18\" data-cell-type=\"text\" data-original-value=\"Ciudadano V\u00edctor Javier Hern\u00e1ndez Ponce\" data-order=\"Ciudadano V\u00edctor Javier Hern\u00e1ndez Ponce\" >Ciudadano V\u00edctor Javier Hern\u00e1ndez Ponce <\/td><td data-cell-id=\"C30\" data-x=\"2\" data-y=\"30\" data-db-index=\"30\" class=\"fsize-18\" data-cell-type=\"text\" data-original-value=\"Comisi\u00f3n Nacional de Honor y Justicia del Partido Pol\u00edtico Morena\" data-order=\"Comisi\u00f3n Nacional de Honor y Justicia del Partido Pol\u00edtico Morena\" >Comisi\u00f3n Nacional de Honor y Justicia del Partido Pol\u00edtico Morena <\/td><td data-cell-id=\"D30\" data-x=\"3\" data-y=\"30\" data-db-index=\"30\" class=\"fsize-18\" data-cell-type=\"text\" data-original-value=\"&lt;a href=&quot;https:\/\/teec.org.mx\/web\/wp-content\/uploads\/2020\/09\/TEEC-EXP-6-2020-28-01-2020.pdf&quot; target=&quot;_blank&quot;&gt;TEEC\/EXP\/6\/2020 (Asunto: Tramite de JDC)&lt;\/a&gt;\" data-order=\"&lt;a href=&quot;https:\/\/teec.org.mx\/web\/wp-content\/uploads\/2020\/09\/TEEC-EXP-6-2020-28-01-2020.pdf&quot; target=&quot;_blank&quot;&gt;TEEC\/EXP\/6\/2020 (Asunto: Tramite de JDC)&lt;\/a&gt;\" ><a href=\"https:\/\/teec.org.mx\/web\/wp-content\/uploads\/2020\/09\/TEEC-EXP-6-2020-28-01-2020.pdf\" target=\"_blank\">TEEC\/EXP\/6\/2020 (Asunto: Tramite de JDC)<\/a><\/td><\/tr><tr style=\"height:px\" ><td data-cell-id=\"A31\" data-x=\"0\" data-y=\"31\" data-db-index=\"31\" class=\"fsize-18\" data-cell-type=\"text\" data-original-value=\"28 de enero de 2020, a las 13:00 horas\" data-order=\"28 de enero de 2020, a las 13:00 horas\" >28 de enero de 2020, a las 13:00 horas <\/td><td data-cell-id=\"B31\" data-x=\"1\" data-y=\"31\" data-db-index=\"31\" class=\"fsize-18\" data-cell-type=\"text\" data-original-value=\"Ciudadano Carlos Ram\u00edrez Cortez\" data-order=\"Ciudadano Carlos Ram\u00edrez Cortez\" >Ciudadano Carlos Ram\u00edrez Cortez <\/td><td data-cell-id=\"C31\" data-x=\"2\" data-y=\"31\" data-db-index=\"31\" class=\"fsize-18\" data-cell-type=\"text\" data-original-value=\"Comisi\u00f3n Nacional de Honor y Justicia del Partido Pol\u00edtico Morena\" data-order=\"Comisi\u00f3n Nacional de Honor y Justicia del Partido Pol\u00edtico Morena\" >Comisi\u00f3n Nacional de Honor y Justicia del Partido Pol\u00edtico Morena <\/td><td data-cell-id=\"D31\" data-x=\"3\" data-y=\"31\" data-db-index=\"31\" class=\"fsize-18\" data-cell-type=\"text\" data-original-value=\"&lt;a href=&quot;https:\/\/teec.org.mx\/web\/wp-content\/uploads\/2020\/09\/TEEC-EXP-5-2020-28-01-2020.pdf&quot; target=&quot;_blank&quot;&gt;TEEC\/EXP\/5\/2020 (Asunto: Tramite de JDC)&lt;\/a&gt;\" data-order=\"&lt;a href=&quot;https:\/\/teec.org.mx\/web\/wp-content\/uploads\/2020\/09\/TEEC-EXP-5-2020-28-01-2020.pdf&quot; target=&quot;_blank&quot;&gt;TEEC\/EXP\/5\/2020 (Asunto: Tramite de JDC)&lt;\/a&gt;\" ><a href=\"https:\/\/teec.org.mx\/web\/wp-content\/uploads\/2020\/09\/TEEC-EXP-5-2020-28-01-2020.pdf\" target=\"_blank\">TEEC\/EXP\/5\/2020 (Asunto: Tramite de JDC)<\/a><\/td><\/tr><tr style=\"height:px\" ><td data-cell-id=\"A32\" data-x=\"0\" data-y=\"32\" data-db-index=\"32\" class=\"fsize-18\" data-cell-type=\"text\" data-original-value=\"27 de enero de 2020, a las 10:30 horas\" data-order=\"27 de enero de 2020, a las 10:30 horas\" >27 de enero de 2020, a las 10:30 horas <\/td><td data-cell-id=\"B32\" data-x=\"1\" data-y=\"32\" data-db-index=\"32\" class=\"fsize-18\" data-cell-type=\"text\" data-original-value=\"Ciudadano Carlos Ren\u00e9 Balam Medina\" data-order=\"Ciudadano Carlos Ren\u00e9 Balam Medina\" >Ciudadano Carlos Ren\u00e9 Balam Medina <\/td><td data-cell-id=\"C32\" data-x=\"2\" data-y=\"32\" data-db-index=\"32\" class=\"fsize-18\" data-cell-type=\"text\" data-original-value=\"H. Ayuntamiento del Municipio de Hecelchak\u00e1n, Campeche\" data-order=\"H. Ayuntamiento del Municipio de Hecelchak\u00e1n, Campeche\" >H. Ayuntamiento del Municipio de Hecelchak\u00e1n, Campeche <\/td><td data-cell-id=\"D32\" data-x=\"3\" data-y=\"32\" data-db-index=\"32\" class=\"fsize-18\" data-cell-type=\"text\" data-original-value=\"&lt;a href=&quot;http:\/\/teec.org.mx\/web\/wp-content\/uploads\/2020\/02\/TEEC-EXP-4-2020-27-01-2020.pdf&quot; target=&quot;_blank&quot;&gt;TEEC\/EXP\/4\/2020 (Asunto: Para tr\u00e1mite de JDC)&lt;\/a&gt;\" data-order=\"&lt;a href=&quot;http:\/\/teec.org.mx\/web\/wp-content\/uploads\/2020\/02\/TEEC-EXP-4-2020-27-01-2020.pdf&quot; target=&quot;_blank&quot;&gt;TEEC\/EXP\/4\/2020 (Asunto: Para tr\u00e1mite de JDC)&lt;\/a&gt;\" ><a href=\"http:\/\/teec.org.mx\/web\/wp-content\/uploads\/2020\/02\/TEEC-EXP-4-2020-27-01-2020.pdf\" target=\"_blank\">TEEC\/EXP\/4\/2020 (Asunto: Para tr\u00e1mite de JDC)<\/a><\/td><\/tr><tr style=\"height:px\" ><td data-cell-id=\"A33\" data-x=\"0\" data-y=\"33\" data-db-index=\"33\" class=\"fsize-18\" data-cell-type=\"text\" data-original-value=\"27 de enero de 2020, a las 10:20 horas\" data-order=\"27 de enero de 2020, a las 10:20 horas\" >27 de enero de 2020, a las 10:20 horas <\/td><td data-cell-id=\"B33\" data-x=\"1\" data-y=\"33\" data-db-index=\"33\" class=\"fsize-18\" data-cell-type=\"text\" data-original-value=\"Ciudadana Mar\u00eda Guadalupe Balam Mezeta\" data-order=\"Ciudadana Mar\u00eda Guadalupe Balam Mezeta\" >Ciudadana Mar\u00eda Guadalupe Balam Mezeta <\/td><td data-cell-id=\"C33\" data-x=\"2\" data-y=\"33\" data-db-index=\"33\" class=\"fsize-18\" data-cell-type=\"text\" data-original-value=\"H. Ayuntamiento del Municipio de Hecelchak\u00e1n, Campeche\" data-order=\"H. Ayuntamiento del Municipio de Hecelchak\u00e1n, Campeche\" >H. Ayuntamiento del Municipio de Hecelchak\u00e1n, Campeche <\/td><td data-cell-id=\"D33\" data-x=\"3\" data-y=\"33\" data-db-index=\"33\" class=\"fsize-18\" data-cell-type=\"text\" data-original-value=\"&lt;a href=&quot;http:\/\/teec.org.mx\/web\/wp-content\/uploads\/2020\/02\/TEEC-EXP-3-2020-27-01-2020.pdf&quot; target=&quot;_blank&quot;&gt;TEEC\/EXP\/3\/2020 (Asunto: Para tr\u00e1mite de JDC)&lt;\/a&gt;\" data-order=\"&lt;a href=&quot;http:\/\/teec.org.mx\/web\/wp-content\/uploads\/2020\/02\/TEEC-EXP-3-2020-27-01-2020.pdf&quot; target=&quot;_blank&quot;&gt;TEEC\/EXP\/3\/2020 (Asunto: Para tr\u00e1mite de JDC)&lt;\/a&gt;\" ><a href=\"http:\/\/teec.org.mx\/web\/wp-content\/uploads\/2020\/02\/TEEC-EXP-3-2020-27-01-2020.pdf\" target=\"_blank\">TEEC\/EXP\/3\/2020 (Asunto: Para tr\u00e1mite de JDC)<\/a><\/td><\/tr><tr style=\"height:px\" ><td data-cell-id=\"A34\" data-x=\"0\" data-y=\"34\" data-db-index=\"34\" class=\"fsize-18\" data-cell-type=\"text\" data-original-value=\"27 de enero de 2020, a las 10:10 horas\" data-order=\"27 de enero de 2020, a las 10:10 horas\" >27 de enero de 2020, a las 10:10 horas <\/td><td data-cell-id=\"B34\" data-x=\"1\" data-y=\"34\" data-db-index=\"34\" class=\"fsize-18\" data-cell-type=\"text\" data-original-value=\"Ciudadana Martha Elena Tuz Hass\" data-order=\"Ciudadana Martha Elena Tuz Hass\" >Ciudadana Martha Elena Tuz Hass <\/td><td data-cell-id=\"C34\" data-x=\"2\" data-y=\"34\" data-db-index=\"34\" class=\"fsize-18\" data-cell-type=\"text\" data-original-value=\"H. Ayuntamiento del Municipio de Hecelchak\u00e1n, Campeche\" data-order=\"H. Ayuntamiento del Municipio de Hecelchak\u00e1n, Campeche\" >H. Ayuntamiento del Municipio de Hecelchak\u00e1n, Campeche <\/td><td data-cell-id=\"D34\" data-x=\"3\" data-y=\"34\" data-db-index=\"34\" class=\"fsize-18\" data-cell-type=\"text\" data-original-value=\"&lt;a href=&quot;http:\/\/teec.org.mx\/web\/wp-content\/uploads\/2020\/02\/TEEC-EXP-2-2020-27-01-2020.pdf&quot; target=&quot;_blank&quot;&gt;TEEC\/EXP\/2\/2020 (Asunto: Para tr\u00e1mite de JDC)&lt;\/a&gt;\" data-order=\"&lt;a href=&quot;http:\/\/teec.org.mx\/web\/wp-content\/uploads\/2020\/02\/TEEC-EXP-2-2020-27-01-2020.pdf&quot; target=&quot;_blank&quot;&gt;TEEC\/EXP\/2\/2020 (Asunto: Para tr\u00e1mite de JDC)&lt;\/a&gt;\" ><a href=\"http:\/\/teec.org.mx\/web\/wp-content\/uploads\/2020\/02\/TEEC-EXP-2-2020-27-01-2020.pdf\" target=\"_blank\">TEEC\/EXP\/2\/2020 (Asunto: Para tr\u00e1mite de JDC)<\/a><\/td><\/tr><tr style=\"height:px\" ><td data-cell-id=\"A35\" data-x=\"0\" data-y=\"35\" data-db-index=\"35\" class=\"fsize-18\" data-cell-type=\"text\" data-original-value=\"27 de enero de 2020, a las 10:00 horas\" data-order=\"27 de enero de 2020, a las 10:00 horas\" >27 de enero de 2020, a las 10:00 horas <\/td><td data-cell-id=\"B35\" data-x=\"1\" data-y=\"35\" data-db-index=\"35\" class=\"fsize-18\" data-cell-type=\"text\" data-original-value=\"Ciudadano Fredy Alberto Eu\u00e1n Ch\u00ed\" data-order=\"Ciudadano Fredy Alberto Eu\u00e1n Ch\u00ed\" >Ciudadano Fredy Alberto Eu\u00e1n Ch\u00ed <\/td><td data-cell-id=\"C35\" data-x=\"2\" data-y=\"35\" data-db-index=\"35\" class=\"fsize-18\" data-cell-type=\"text\" data-original-value=\"H. Ayuntamiento del Municipio de Hecelchak\u00e1n, Campeche\" data-order=\"H. Ayuntamiento del Municipio de Hecelchak\u00e1n, Campeche\" >H. Ayuntamiento del Municipio de Hecelchak\u00e1n, Campeche <\/td><td data-cell-id=\"D35\" data-x=\"3\" data-y=\"35\" data-db-index=\"35\" class=\"fsize-18\" data-cell-type=\"text\" data-original-value=\"&lt;a href=&quot;http:\/\/teec.org.mx\/web\/wp-content\/uploads\/2020\/02\/TEEC-EXP-1-2020-27-01-2020.pdf&quot; target=&quot;_blank&quot;&gt;TEEC\/EXP\/1\/2020 (Asunto: Para tr\u00e1mite de JDC)&lt;\/a&gt;\" data-order=\"&lt;a href=&quot;http:\/\/teec.org.mx\/web\/wp-content\/uploads\/2020\/02\/TEEC-EXP-1-2020-27-01-2020.pdf&quot; target=&quot;_blank&quot;&gt;TEEC\/EXP\/1\/2020 (Asunto: Para tr\u00e1mite de JDC)&lt;\/a&gt;\" ><a href=\"http:\/\/teec.org.mx\/web\/wp-content\/uploads\/2020\/02\/TEEC-EXP-1-2020-27-01-2020.pdf\" target=\"_blank\">TEEC\/EXP\/1\/2020 (Asunto: Para tr\u00e1mite de JDC)<\/a><\/td><\/tr><\/tbody><\/table><!-- \/#supsystic-table-2.supsystic-table --><div class=\"stbConditionsData\" ><\/div><\/div><!-- \/.supsystic-tables-wrap --><!-- Tables Generator by Supsystic --><!-- Version:1.10.47 --><!-- http:\/\/supsystic.com\/ --><a title=\"WordPress Responsive Table\" style=\"display:none;\" href=\"https:\/\/supsystic.com\/plugins\/wordpress-data-table-plugin\/?utm_medium=love_link\" target=\"_blank\">WordPress Responsive Table<\/a><\/p>\n<p>\u00a0<\/p>\n","protected":false},"excerpt":{"rendered":"<p>Expedientillos 2020 \u00a0 \u00a0<\/p>\n","protected":false},"author":1,"featured_media":0,"parent":0,"menu_order":0,"comment_status":"closed","ping_status":"closed","template":"","meta":{"footnotes":""},"yst_prominent_words":[],"_links":{"self":[{"href":"https:\/\/teec.org.mx\/web\/wp-json\/wp\/v2\/pages\/417"}],"collection":[{"href":"https:\/\/teec.org.mx\/web\/wp-json\/wp\/v2\/pages"}],"about":[{"href":"https:\/\/teec.org.mx\/web\/wp-json\/wp\/v2\/types\/page"}],"author":[{"embeddable":true,"href":"https:\/\/teec.org.mx\/web\/wp-json\/wp\/v2\/users\/1"}],"replies":[{"embeddable":true,"href":"https:\/\/teec.org.mx\/web\/wp-json\/wp\/v2\/comments?post=417"}],"version-history":[{"count":4,"href":"https:\/\/teec.org.mx\/web\/wp-json\/wp\/v2\/pages\/417\/revisions"}],"predecessor-version":[{"id":8548,"href":"https:\/\/teec.org.mx\/web\/wp-json\/wp\/v2\/pages\/417\/revisions\/8548"}],"wp:attachment":[{"href":"https:\/\/teec.org.mx\/web\/wp-json\/wp\/v2\/media?parent=417"}],"wp:term":[{"taxonomy":"yst_prominent_words","embeddable":true,"href":"https:\/\/teec.org.mx\/web\/wp-json\/wp\/v2\/yst_prominent_words?post=417"}],"curies":[{"name":"wp","href":"https:\/\/api.w.org\/{rel}","templated":true}]}}