{"id":435,"date":"2020-02-10T14:46:20","date_gmt":"2020-02-10T14:46:20","guid":{"rendered":"http:\/\/teec.org.mx\/web\/?page_id=435"},"modified":"2020-07-11T14:02:20","modified_gmt":"2020-07-11T19:02:20","slug":"jdc-2020","status":"publish","type":"page","link":"https:\/\/teec.org.mx\/web\/jdc-2020\/","title":{"rendered":"JDC 2020"},"content":{"rendered":"\n<h3 class=\"has-text-align-center wp-block-heading\">Juicio para la protecci\u00f3n de los derechos pol\u00edticos- electorales de la ciudadan\u00eda<\/h3>\n\n\n\n<p>&nbsp;<\/p>\n<p style=\"text-align: center;\"><div class=\"supsystic-table-loader la-ball-beat la-2x\" style=\"color:#000000\"><div><\/div><div><\/div><div><\/div><\/div><div id=\"supsystic-table-3_29814\" class=\"supsystic-tables-wrap pagination-small\" style=\" width:100%; visibility: hidden; \" data-table-width-fixed=\"100%\" data-table-width-mobile=\"100%\" ><div class=\"supsystic-tables-features\"><\/div><table id=\"supsystic-table-3\" class=\"supsystic-table border cell-border\" data-id=\"3\" data-view-id=\"3_29814\" data-title=\"JDC 2020\" data-currency-format=\"$1,000.00\" data-percent-format=\"10.00%\" data-date-format=\"DD.MM.YYYY\" data-time-format=\"HH:mm\" data-features=\"[&quot;info&quot;,&quot;paging&quot;,&quot;searching&quot;,&quot;after_table_loaded_script&quot;]\" data-search-value=\"\" data-head=\"on\" data-head-rows-count=\"1\" data-pagination-length=\"10,25,50,100,All\" data-auto-index=\"off\" data-searching-settings=\"{&quot;columnSearchPosition&quot;:&quot;bottom&quot;,&quot;minChars&quot;:&quot;0&quot;}\" data-lang=\"Spanish\" data-override=\"{&quot;emptyTable&quot;:&quot;&quot;,&quot;info&quot;:&quot;&quot;,&quot;infoEmpty&quot;:&quot;&quot;,&quot;infoFiltered&quot;:&quot;&quot;,&quot;lengthMenu&quot;:&quot;&quot;,&quot;search&quot;:&quot;&quot;,&quot;previous&quot;:&quot;&quot;,&quot;next&quot;:&quot;&quot;,&quot;zeroRecords&quot;:&quot;&quot;,&quot;exportLabel&quot;:&quot;&quot;,&quot;file&quot;:&quot;Spanish&quot;}\" data-merged=\"[]\" data-responsive-mode=\"0\" data-from-history=\"0\" ><thead><tr><th data-cell-id=\"A1\" data-x=\"0\" data-y=\"1\" data-db-index=\"1\" class=\"bg-d49820 color-fffcff fsize-19 htCenter bold\" data-cell-type=\"text\" data-original-value=\"Fecha y hora de notificaci\u00f3n\" data-order=\"Fecha y hora de notificaci\u00f3n\" style=\"min-width:23.1491%; \" >Fecha y hora de notificaci\u00f3n <\/th><th data-cell-id=\"B1\" data-x=\"1\" data-y=\"1\" data-db-index=\"1\" class=\"bg-d49820 color-fffcff fsize-19 htCenter bold\" data-cell-type=\"text\" data-original-value=\"Promovente\" data-order=\"Promovente\" style=\"min-width:21.7935%; \" >Promovente <\/th><th data-cell-id=\"C1\" data-x=\"2\" data-y=\"1\" data-db-index=\"1\" class=\"bg-d49820 color-fffcff fsize-19 htCenter bold\" data-cell-type=\"text\" data-original-value=\"Autoridad responsable\" data-order=\"Autoridad responsable\" style=\"min-width:18.7696%; \" >Autoridad responsable <\/th><th data-cell-id=\"D1\" data-x=\"3\" data-y=\"1\" data-db-index=\"1\" class=\"bg-d49820 color-fffcff fsize-19 htCenter bold\" data-cell-type=\"text\" data-original-value=\"Archivo\" data-order=\"Archivo\" style=\"min-width:36.2878%; \" >Archivo <\/th><\/tr><\/thead><tbody><tr style=\"height:px\" ><td data-cell-id=\"A2\" data-x=\"0\" data-y=\"2\" data-db-index=\"2\" class=\"fsize-18 htLeft\" data-cell-type=\"text\" data-original-value=\"31 de diciembre de 2020, a las 14:50 horas\" data-order=\"31 de diciembre de 2020, a las 14:50 horas\" >31 de diciembre de 2020, a las 14:50 horas <\/td><td data-cell-id=\"B2\" data-x=\"1\" data-y=\"2\" data-db-index=\"2\" class=\"fsize-18 htLeft\" data-cell-type=\"text\" data-original-value=\"Licenciado Juan Francisco Portela Rodr\u00edguez, quien se ostenta como Miembro Activo del Partido Acci\u00f3n Nacional\" data-order=\"Licenciado Juan Francisco Portela Rodr\u00edguez, quien se ostenta como Miembro Activo del Partido Acci\u00f3n Nacional\" >Licenciado Juan Francisco Portela Rodr\u00edguez, quien se ostenta como Miembro Activo del Partido Acci\u00f3n Nacional <\/td><td data-cell-id=\"C2\" data-x=\"2\" data-y=\"2\" data-db-index=\"2\" class=\"fsize-18 htLeft\" data-cell-type=\"text\" data-original-value=\"Ciudadana Marisol Vargas B\u00e1rcena, Presidente de la Comisi\u00f3n de Orden y Disciplina Intrapartidista del Comit\u00e9 Ejecutivo Nacional del Partido Acci\u00f3n Nacional\" data-order=\"Ciudadana Marisol Vargas B\u00e1rcena, Presidente de la Comisi\u00f3n de Orden y Disciplina Intrapartidista del Comit\u00e9 Ejecutivo Nacional del Partido Acci\u00f3n Nacional\" >Ciudadana Marisol Vargas B\u00e1rcena, Presidente de la Comisi\u00f3n de Orden y Disciplina Intrapartidista del Comit\u00e9 Ejecutivo Nacional del Partido Acci\u00f3n Nacional <\/td><td data-cell-id=\"D2\" data-x=\"3\" data-y=\"2\" data-db-index=\"2\" class=\"fsize-18 htLeft\" data-cell-type=\"text\" data-original-value=\"&lt;a href=&quot;https:\/\/teec.org.mx\/web\/wp-content\/uploads\/2020\/12\/TEEC-JDC-17-2020-31-12-2020.pdf&quot; target=&quot;_blank&quot;&gt;TEEC\/JDC\/17\/2020 (Queda firme el acuerdo plenario)&lt;\/a&gt;\" data-order=\"&lt;a href=&quot;https:\/\/teec.org.mx\/web\/wp-content\/uploads\/2020\/12\/TEEC-JDC-17-2020-31-12-2020.pdf&quot; target=&quot;_blank&quot;&gt;TEEC\/JDC\/17\/2020 (Queda firme el acuerdo plenario)&lt;\/a&gt;\" ><a href=\"https:\/\/teec.org.mx\/web\/wp-content\/uploads\/2020\/12\/TEEC-JDC-17-2020-31-12-2020.pdf\" target=\"_blank\">TEEC\/JDC\/17\/2020 (Queda firme el acuerdo plenario)<\/a><\/td><\/tr><tr style=\"height:px\" ><td data-cell-id=\"A3\" data-x=\"0\" data-y=\"3\" data-db-index=\"3\" class=\"fsize-18 htLeft\" data-cell-type=\"text\" data-original-value=\"31 de diciembre de 2020, a las 14:30 horas\" data-order=\"31 de diciembre de 2020, a las 14:30 horas\" >31 de diciembre de 2020, a las 14:30 horas <\/td><td data-cell-id=\"B3\" data-x=\"1\" data-y=\"3\" data-db-index=\"3\" class=\"fsize-18 htLeft\" data-cell-type=\"text\" data-original-value=\"Ciudadana Patricia Le\u00f3n L\u00f3pez, quien se ostenta como Secretaria General en Funciones de Presidente del Partido Nacional Movimiento de Regeneraci\u00f3n Nacional (MORENA)\" data-order=\"Ciudadana Patricia Le\u00f3n L\u00f3pez, quien se ostenta como Secretaria General en Funciones de Presidente del Partido Nacional Movimiento de Regeneraci\u00f3n Nacional (MORENA)\" >Ciudadana Patricia Le\u00f3n L\u00f3pez, quien se ostenta como Secretaria General en Funciones de Presidente del Partido Nacional Movimiento de Regeneraci\u00f3n Nacional (MORENA) <\/td><td data-cell-id=\"C3\" data-x=\"2\" data-y=\"3\" data-db-index=\"3\" class=\"fsize-18 htLeft\" data-cell-type=\"text\" data-original-value=\"Consejeros Estatales del Partido Morena en Campeche: Ciudadanas Blanca Guadalupe Lissette Uc Mart\u00ednez, Carlos Ucan Yam, Mildred Jes\u00fas Can Hern\u00e1ndez, Jos\u00e9 Ram\u00f3n Maga\u00f1a Mart\u00ednez y Mar\u00eda del Carmen Molina Chabl\u00e9. Comit\u00e9 Ejecutivo Nacional del Partido Morena Nacional a trav\u00e9s del Ciudadano Alfonso Ram\u00edrez Cuellar\" data-order=\"Consejeros Estatales del Partido Morena en Campeche: Ciudadanas Blanca Guadalupe Lissette Uc Mart\u00ednez, Carlos Ucan Yam, Mildred Jes\u00fas Can Hern\u00e1ndez, Jos\u00e9 Ram\u00f3n Maga\u00f1a Mart\u00ednez y Mar\u00eda del Carmen Molina Chabl\u00e9. Comit\u00e9 Ejecutivo Nacional del Partido Morena Nacional a trav\u00e9s del Ciudadano Alfonso Ram\u00edrez Cuellar\" >Consejeros Estatales del Partido Morena en Campeche: Ciudadanas Blanca Guadalupe Lissette Uc Mart\u00ednez, Carlos Ucan Yam, Mildred Jes\u00fas Can Hern\u00e1ndez, Jos\u00e9 Ram\u00f3n Maga\u00f1a Mart\u00ednez y Mar\u00eda del Carmen Molina Chabl\u00e9. Comit\u00e9 Ejecutivo Nacional del Partido Morena Nacional a trav\u00e9s del Ciudadano Alfonso Ram\u00edrez Cuellar <\/td><td data-cell-id=\"D3\" data-x=\"3\" data-y=\"3\" data-db-index=\"3\" class=\"fsize-18 htLeft\" data-cell-type=\"text\" data-original-value=\"&lt;a href=&quot;https:\/\/teec.org.mx\/web\/wp-content\/uploads\/2020\/12\/TEEC-JDC-15-2020-y-su-acum.-TEEC-JDC-18-2020-sent-31-12-2020.pdf&quot; target=&quot;_blank&quot;&gt;TEEC\/JDC\/15\/2020 y su acumulado TEEC\/JDC\/18\/2020 (Se dicta sentencia)&lt;\/a&gt;\" data-order=\"&lt;a href=&quot;https:\/\/teec.org.mx\/web\/wp-content\/uploads\/2020\/12\/TEEC-JDC-15-2020-y-su-acum.-TEEC-JDC-18-2020-sent-31-12-2020.pdf&quot; target=&quot;_blank&quot;&gt;TEEC\/JDC\/15\/2020 y su acumulado TEEC\/JDC\/18\/2020 (Se dicta sentencia)&lt;\/a&gt;\" ><a href=\"https:\/\/teec.org.mx\/web\/wp-content\/uploads\/2020\/12\/TEEC-JDC-15-2020-y-su-acum.-TEEC-JDC-18-2020-sent-31-12-2020.pdf\" target=\"_blank\">TEEC\/JDC\/15\/2020 y su acumulado TEEC\/JDC\/18\/2020 (Se dicta sentencia)<\/a><\/td><\/tr><tr style=\"height:px\" ><td data-cell-id=\"A4\" data-x=\"0\" data-y=\"4\" data-db-index=\"4\" class=\"fsize-18 htLeft\" data-cell-type=\"text\" data-original-value=\"31 de diciembre de 2020, a las 13:00 horas\" data-order=\"31 de diciembre de 2020, a las 13:00 horas\" >31 de diciembre de 2020, a las 13:00 horas <\/td><td data-cell-id=\"B4\" data-x=\"1\" data-y=\"4\" data-db-index=\"4\" class=\"fsize-18 htLeft\" data-cell-type=\"text\" data-original-value=\"Licenciado Jos\u00e9 Luis Flores Pacheco, quien se ostenta como Presidente del Partido Morena en el Estado de Campeche y Militante de dicho Partido\" data-order=\"Licenciado Jos\u00e9 Luis Flores Pacheco, quien se ostenta como Presidente del Partido Morena en el Estado de Campeche y Militante de dicho Partido\" >Licenciado Jos\u00e9 Luis Flores Pacheco, quien se ostenta como Presidente del Partido Morena en el Estado de Campeche y Militante de dicho Partido <\/td><td data-cell-id=\"C4\" data-x=\"2\" data-y=\"4\" data-db-index=\"4\" class=\"fsize-18 htLeft\" data-cell-type=\"text\" data-original-value=\"Direcci\u00f3n de Prerrogativas y Partidos Pol\u00edticos del Instituto Nacional Electoral a trav\u00e9s de su Director Maestro Patricio Ballados Villag\u00f3mez\" data-order=\"Direcci\u00f3n de Prerrogativas y Partidos Pol\u00edticos del Instituto Nacional Electoral a trav\u00e9s de su Director Maestro Patricio Ballados Villag\u00f3mez\" >Direcci\u00f3n de Prerrogativas y Partidos Pol\u00edticos del Instituto Nacional Electoral a trav\u00e9s de su Director Maestro Patricio Ballados Villag\u00f3mez <\/td><td data-cell-id=\"D4\" data-x=\"3\" data-y=\"4\" data-db-index=\"4\" class=\"fsize-18 htLeft\" data-cell-type=\"text\" data-original-value=\"&lt;a href=&quot;https:\/\/teec.org.mx\/web\/wp-content\/uploads\/2020\/12\/TEEC-JDC-16-2020-31-12-2020.pdf&quot; target=&quot;_blank&quot;&gt;TEEC\/JDC\/16\/2020 (Se notifica acuerdo de Sala Xalapa)&lt;\/a&gt;\" data-order=\"&lt;a href=&quot;https:\/\/teec.org.mx\/web\/wp-content\/uploads\/2020\/12\/TEEC-JDC-16-2020-31-12-2020.pdf&quot; target=&quot;_blank&quot;&gt;TEEC\/JDC\/16\/2020 (Se notifica acuerdo de Sala Xalapa)&lt;\/a&gt;\" ><a href=\"https:\/\/teec.org.mx\/web\/wp-content\/uploads\/2020\/12\/TEEC-JDC-16-2020-31-12-2020.pdf\" target=\"_blank\">TEEC\/JDC\/16\/2020 (Se notifica acuerdo de Sala Xalapa)<\/a><\/td><\/tr><tr style=\"height:px\" ><td data-cell-id=\"A5\" data-x=\"0\" data-y=\"5\" data-db-index=\"5\" class=\"fsize-18 htLeft\" data-cell-type=\"text\" data-original-value=\"31 de diciembre de 2020, a las 12:30 horas\" data-order=\"31 de diciembre de 2020, a las 12:30 horas\" >31 de diciembre de 2020, a las 12:30 horas <\/td><td data-cell-id=\"B5\" data-x=\"1\" data-y=\"5\" data-db-index=\"5\" class=\"fsize-18 htLeft\" data-cell-type=\"text\" data-original-value=\"Ciudadano Rub\u00e9n Ricardo Saravia Cuevas, Suplente del Presidente del H. Ayuntamiento del Municipio de Campeche, Campeche\" data-order=\"Ciudadano Rub\u00e9n Ricardo Saravia Cuevas, Suplente del Presidente del H. Ayuntamiento del Municipio de Campeche, Campeche\" >Ciudadano Rub\u00e9n Ricardo Saravia Cuevas, Suplente del Presidente del H. Ayuntamiento del Municipio de Campeche, Campeche <\/td><td data-cell-id=\"C5\" data-x=\"2\" data-y=\"5\" data-db-index=\"5\" class=\"fsize-18 htLeft\" data-cell-type=\"text\" data-original-value=\"H. Ayuntamiento del Municipio de Campeche\" data-order=\"H. Ayuntamiento del Municipio de Campeche\" >H. Ayuntamiento del Municipio de Campeche <\/td><td data-cell-id=\"D5\" data-x=\"3\" data-y=\"5\" data-db-index=\"5\" class=\"fsize-18 htLeft\" data-cell-type=\"text\" data-original-value=\"&lt;a href=&quot;https:\/\/teec.org.mx\/web\/wp-content\/uploads\/2020\/12\/TEEC-JDC-19-2020-2do-acu.-31-12-2020.pdf&quot; target=&quot;_blank&quot;&gt;TEEC\/JDC\/19\/2020 (Acuerdo de fecha y hora para sesi\u00f3n)&lt;\/a&gt;\" data-order=\"&lt;a href=&quot;https:\/\/teec.org.mx\/web\/wp-content\/uploads\/2020\/12\/TEEC-JDC-19-2020-2do-acu.-31-12-2020.pdf&quot; target=&quot;_blank&quot;&gt;TEEC\/JDC\/19\/2020 (Acuerdo de fecha y hora para sesi\u00f3n)&lt;\/a&gt;\" ><a href=\"https:\/\/teec.org.mx\/web\/wp-content\/uploads\/2020\/12\/TEEC-JDC-19-2020-2do-acu.-31-12-2020.pdf\" target=\"_blank\">TEEC\/JDC\/19\/2020 (Acuerdo de fecha y hora para sesi\u00f3n)<\/a><\/td><\/tr><tr style=\"height:px\" ><td data-cell-id=\"A6\" data-x=\"0\" data-y=\"6\" data-db-index=\"6\" class=\"fsize-18 htLeft\" data-cell-type=\"text\" data-original-value=\"31 de diciembre de 2020, a las 12:00 horas\" data-order=\"31 de diciembre de 2020, a las 12:00 horas\" >31 de diciembre de 2020, a las 12:00 horas <\/td><td data-cell-id=\"B6\" data-x=\"1\" data-y=\"6\" data-db-index=\"6\" class=\"fsize-18 htLeft\" data-cell-type=\"text\" data-original-value=\"Ciudadano Rub\u00e9n Ricardo Saravia Cuevas, Suplente del Presidente del H. Ayuntamiento del Municipio de Campeche, Campeche\" data-order=\"Ciudadano Rub\u00e9n Ricardo Saravia Cuevas, Suplente del Presidente del H. Ayuntamiento del Municipio de Campeche, Campeche\" >Ciudadano Rub\u00e9n Ricardo Saravia Cuevas, Suplente del Presidente del H. Ayuntamiento del Municipio de Campeche, Campeche <\/td><td data-cell-id=\"C6\" data-x=\"2\" data-y=\"6\" data-db-index=\"6\" class=\"fsize-18 htLeft\" data-cell-type=\"text\" data-original-value=\"Ayuntamiento del Municipio de Campeche\" data-order=\"Ayuntamiento del Municipio de Campeche\" >Ayuntamiento del Municipio de Campeche <\/td><td data-cell-id=\"D6\" data-x=\"3\" data-y=\"6\" data-db-index=\"6\" class=\"fsize-18 htLeft\" data-cell-type=\"text\" data-original-value=\"&lt;a href=&quot;https:\/\/teec.org.mx\/web\/wp-content\/uploads\/2020\/12\/TEEC-JDC-19-2020-31-12-2020.pdf&quot; target=&quot;_blank&quot;&gt;TEEC\/JDC\/19\/2020 (Acuerdo de cierre de instrucci\u00f3n y solicitud de fecha y hora para sesi\u00f3n)&lt;\/a&gt;\" data-order=\"&lt;a href=&quot;https:\/\/teec.org.mx\/web\/wp-content\/uploads\/2020\/12\/TEEC-JDC-19-2020-31-12-2020.pdf&quot; target=&quot;_blank&quot;&gt;TEEC\/JDC\/19\/2020 (Acuerdo de cierre de instrucci\u00f3n y solicitud de fecha y hora para sesi\u00f3n)&lt;\/a&gt;\" ><a href=\"https:\/\/teec.org.mx\/web\/wp-content\/uploads\/2020\/12\/TEEC-JDC-19-2020-31-12-2020.pdf\" target=\"_blank\">TEEC\/JDC\/19\/2020 (Acuerdo de cierre de instrucci\u00f3n y solicitud de fecha y hora para sesi\u00f3n)<\/a><\/td><\/tr><tr style=\"height:px\" ><td data-cell-id=\"A7\" data-x=\"0\" data-y=\"7\" data-db-index=\"7\" class=\"fsize-18 htLeft\" data-cell-type=\"text\" data-original-value=\"31 de diciembre de 2020\" data-order=\"31 de diciembre de 2020\" >31 de diciembre de 2020 <\/td><td data-cell-id=\"B7\" data-x=\"1\" data-y=\"7\" data-db-index=\"7\" class=\"fsize-18 htLeft\" data-cell-type=\"text\" data-original-value=\"\" data-order=\"\" ><\/td><td data-cell-id=\"C7\" data-x=\"2\" data-y=\"7\" data-db-index=\"7\" class=\"fsize-18 htLeft\" data-cell-type=\"text\" data-original-value=\"\" data-order=\"\" ><\/td><td data-cell-id=\"D7\" data-x=\"3\" data-y=\"7\" data-db-index=\"7\" class=\"fsize-18 htLeft\" data-cell-type=\"text\" data-original-value=\"&lt;a href=&quot;https:\/\/teec.org.mx\/web\/wp-content\/uploads\/2020\/12\/TEEC-JDC-20-2020-Desahogo-de-prueba-tecnica-31-12-2020.pdf&quot; target=&quot;_blank&quot;&gt;TEEC JDC 20 2020 (Desahogo de prueba tecnica)&lt;\/a&gt;\" data-order=\"&lt;a href=&quot;https:\/\/teec.org.mx\/web\/wp-content\/uploads\/2020\/12\/TEEC-JDC-20-2020-Desahogo-de-prueba-tecnica-31-12-2020.pdf&quot; target=&quot;_blank&quot;&gt;TEEC JDC 20 2020 (Desahogo de prueba tecnica)&lt;\/a&gt;\" ><a href=\"https:\/\/teec.org.mx\/web\/wp-content\/uploads\/2020\/12\/TEEC-JDC-20-2020-Desahogo-de-prueba-tecnica-31-12-2020.pdf\" target=\"_blank\">TEEC JDC 20 2020 (Desahogo de prueba tecnica)<\/a><\/td><\/tr><tr style=\"height:px\" ><td data-cell-id=\"A8\" data-x=\"0\" data-y=\"8\" data-db-index=\"8\" class=\"fsize-18 htLeft\" data-cell-type=\"text\" data-original-value=\"29 de diciembre de 2020, a las 14:55 horas\" data-order=\"29 de diciembre de 2020, a las 14:55 horas\" >29 de diciembre de 2020, a las 14:55 horas <\/td><td data-cell-id=\"B8\" data-x=\"1\" data-y=\"8\" data-db-index=\"8\" class=\"fsize-18 htLeft\" data-cell-type=\"text\" data-original-value=\"Ciudadana Patricia Le\u00f3n L\u00f3pez, quien se ostenta como Secretaria General en Funciones de Presidente del Partido Nacional Movimiento de Regeneraci\u00f3n Nacional (MORENA)\" data-order=\"Ciudadana Patricia Le\u00f3n L\u00f3pez, quien se ostenta como Secretaria General en Funciones de Presidente del Partido Nacional Movimiento de Regeneraci\u00f3n Nacional (MORENA)\" >Ciudadana Patricia Le\u00f3n L\u00f3pez, quien se ostenta como Secretaria General en Funciones de Presidente del Partido Nacional Movimiento de Regeneraci\u00f3n Nacional (MORENA) <\/td><td data-cell-id=\"C8\" data-x=\"2\" data-y=\"8\" data-db-index=\"8\" class=\"fsize-18 htLeft\" data-cell-type=\"text\" data-original-value=\"Consejeros Estatales del Partido Morena en Campeche: Ciudadanas Blanca Guadalupe Lissette Uc Mart\u00ednez, Carlos Ucan Yam, Mildred Jes\u00fas Can Hern\u00e1ndez, Jos\u00e9 Ram\u00f3n Maga\u00f1a Mart\u00ednez y Mar\u00eda del Carmen Molina Chabl\u00e9. Comit\u00e9 Ejecutivo Nacional del Partido Morena Nacional a trav\u00e9s del Ciudadano Alfonso Ram\u00edrez Cuellar\" data-order=\"Consejeros Estatales del Partido Morena en Campeche: Ciudadanas Blanca Guadalupe Lissette Uc Mart\u00ednez, Carlos Ucan Yam, Mildred Jes\u00fas Can Hern\u00e1ndez, Jos\u00e9 Ram\u00f3n Maga\u00f1a Mart\u00ednez y Mar\u00eda del Carmen Molina Chabl\u00e9. Comit\u00e9 Ejecutivo Nacional del Partido Morena Nacional a trav\u00e9s del Ciudadano Alfonso Ram\u00edrez Cuellar\" >Consejeros Estatales del Partido Morena en Campeche: Ciudadanas Blanca Guadalupe Lissette Uc Mart\u00ednez, Carlos Ucan Yam, Mildred Jes\u00fas Can Hern\u00e1ndez, Jos\u00e9 Ram\u00f3n Maga\u00f1a Mart\u00ednez y Mar\u00eda del Carmen Molina Chabl\u00e9. Comit\u00e9 Ejecutivo Nacional del Partido Morena Nacional a trav\u00e9s del Ciudadano Alfonso Ram\u00edrez Cuellar <\/td><td data-cell-id=\"D8\" data-x=\"3\" data-y=\"8\" data-db-index=\"8\" class=\"fsize-18 htLeft\" data-cell-type=\"text\" data-original-value=\"&lt;a href=&quot;https:\/\/teec.org.mx\/web\/wp-content\/uploads\/2020\/12\/TEEC-JDC-15-2020-y-acum-TEEC-JDC-18-2020-3er-acu.-29-12-2020.pdf&quot; target=&quot;_blank&quot;&gt;TEEC\/JDC\/15\/2020 y su acumulado TEEC\/JDC\/18\/2020 (Acuerdo en la cual se declara firme el acuerdo plenario)&lt;\/a&gt;\" data-order=\"&lt;a href=&quot;https:\/\/teec.org.mx\/web\/wp-content\/uploads\/2020\/12\/TEEC-JDC-15-2020-y-acum-TEEC-JDC-18-2020-3er-acu.-29-12-2020.pdf&quot; target=&quot;_blank&quot;&gt;TEEC\/JDC\/15\/2020 y su acumulado TEEC\/JDC\/18\/2020 (Acuerdo en la cual se declara firme el acuerdo plenario)&lt;\/a&gt;\" ><a href=\"https:\/\/teec.org.mx\/web\/wp-content\/uploads\/2020\/12\/TEEC-JDC-15-2020-y-acum-TEEC-JDC-18-2020-3er-acu.-29-12-2020.pdf\" target=\"_blank\">TEEC\/JDC\/15\/2020 y su acumulado TEEC\/JDC\/18\/2020 (Acuerdo en la cual se declara firme el acuerdo plenario)<\/a><\/td><\/tr><tr style=\"height:px\" ><td data-cell-id=\"A9\" data-x=\"0\" data-y=\"9\" data-db-index=\"9\" class=\"fsize-18 htLeft\" data-cell-type=\"text\" data-original-value=\"29 de diciembre de 2020, a las 14:20 horas\" data-order=\"29 de diciembre de 2020, a las 14:20 horas\" >29 de diciembre de 2020, a las 14:20 horas <\/td><td data-cell-id=\"B9\" data-x=\"1\" data-y=\"9\" data-db-index=\"9\" class=\"fsize-18 htLeft\" data-cell-type=\"text\" data-original-value=\"Ingeniero Mois\u00e9s Carre\u00f3n Cabrera, quien se ostenta como Regidor del H. Ayuntamiento del Municipio de Calakmul, Campeche\" data-order=\"Ingeniero Mois\u00e9s Carre\u00f3n Cabrera, quien se ostenta como Regidor del H. Ayuntamiento del Municipio de Calakmul, Campeche\" >Ingeniero Mois\u00e9s Carre\u00f3n Cabrera, quien se ostenta como Regidor del H. Ayuntamiento del Municipio de Calakmul, Campeche <\/td><td data-cell-id=\"C9\" data-x=\"2\" data-y=\"9\" data-db-index=\"9\" class=\"fsize-18 htLeft\" data-cell-type=\"text\" data-original-value=\"H. Ayuntamiento del Municipio de Calakmul, Campeche, a trav\u00e9s de su Presidente Municipal Luis Felipe Mora Hern\u00e1ndez\" data-order=\"H. Ayuntamiento del Municipio de Calakmul, Campeche, a trav\u00e9s de su Presidente Municipal Luis Felipe Mora Hern\u00e1ndez\" >H. Ayuntamiento del Municipio de Calakmul, Campeche, a trav\u00e9s de su Presidente Municipal Luis Felipe Mora Hern\u00e1ndez <\/td><td data-cell-id=\"D9\" data-x=\"3\" data-y=\"9\" data-db-index=\"9\" class=\"fsize-18 htLeft\" data-cell-type=\"text\" data-original-value=\"&lt;a href=&quot;https:\/\/teec.org.mx\/web\/wp-content\/uploads\/2020\/12\/TEEC-JDC-20-2020-29-12-2020.pdf&quot; target=&quot;_blank&quot;&gt;TEEC\/JDC\/20\/2020 (Acuerdo de admisi\u00f3n)&lt;\/a&gt;\" data-order=\"&lt;a href=&quot;https:\/\/teec.org.mx\/web\/wp-content\/uploads\/2020\/12\/TEEC-JDC-20-2020-29-12-2020.pdf&quot; target=&quot;_blank&quot;&gt;TEEC\/JDC\/20\/2020 (Acuerdo de admisi\u00f3n)&lt;\/a&gt;\" ><a href=\"https:\/\/teec.org.mx\/web\/wp-content\/uploads\/2020\/12\/TEEC-JDC-20-2020-29-12-2020.pdf\" target=\"_blank\">TEEC\/JDC\/20\/2020 (Acuerdo de admisi\u00f3n)<\/a><\/td><\/tr><tr style=\"height:px\" ><td data-cell-id=\"A10\" data-x=\"0\" data-y=\"10\" data-db-index=\"10\" class=\"fsize-18 htLeft\" data-cell-type=\"text\" data-original-value=\"29 de diciembre de 2020, a las 12:45 horas\" data-order=\"29 de diciembre de 2020, a las 12:45 horas\" >29 de diciembre de 2020, a las 12:45 horas <\/td><td data-cell-id=\"B10\" data-x=\"1\" data-y=\"10\" data-db-index=\"10\" class=\"fsize-18 htLeft\" data-cell-type=\"text\" data-original-value=\"Ciudadana Patricia Le\u00f3n L\u00f3pez, quien se ostenta como Secretaria General en Funciones de Presidente del Partido Nacional Movimiento de Regeneraci\u00f3n Nacional (MORENA)\" data-order=\"Ciudadana Patricia Le\u00f3n L\u00f3pez, quien se ostenta como Secretaria General en Funciones de Presidente del Partido Nacional Movimiento de Regeneraci\u00f3n Nacional (MORENA)\" >Ciudadana Patricia Le\u00f3n L\u00f3pez, quien se ostenta como Secretaria General en Funciones de Presidente del Partido Nacional Movimiento de Regeneraci\u00f3n Nacional (MORENA) <\/td><td data-cell-id=\"C10\" data-x=\"2\" data-y=\"10\" data-db-index=\"10\" class=\"fsize-18 htLeft\" data-cell-type=\"text\" data-original-value=\"Consejeros Estatales del Partido Morena en Campeche: Ciudadanas Blanca Guadalupe Lissette Uc Mart\u00ednez, Carlos Ucan Yam, Mildred Jes\u00fas Can Hern\u00e1ndez, Jos\u00e9 Ram\u00f3n Maga\u00f1a Mart\u00ednez y Mar\u00eda del Carmen Molina Chabl\u00e9. Comit\u00e9 Ejecutivo Nacional del Partido Morena Nacional a trav\u00e9s del Ciudadano Alfonso Ram\u00edrez Cuellar\" data-order=\"Consejeros Estatales del Partido Morena en Campeche: Ciudadanas Blanca Guadalupe Lissette Uc Mart\u00ednez, Carlos Ucan Yam, Mildred Jes\u00fas Can Hern\u00e1ndez, Jos\u00e9 Ram\u00f3n Maga\u00f1a Mart\u00ednez y Mar\u00eda del Carmen Molina Chabl\u00e9. Comit\u00e9 Ejecutivo Nacional del Partido Morena Nacional a trav\u00e9s del Ciudadano Alfonso Ram\u00edrez Cuellar\" >Consejeros Estatales del Partido Morena en Campeche: Ciudadanas Blanca Guadalupe Lissette Uc Mart\u00ednez, Carlos Ucan Yam, Mildred Jes\u00fas Can Hern\u00e1ndez, Jos\u00e9 Ram\u00f3n Maga\u00f1a Mart\u00ednez y Mar\u00eda del Carmen Molina Chabl\u00e9. Comit\u00e9 Ejecutivo Nacional del Partido Morena Nacional a trav\u00e9s del Ciudadano Alfonso Ram\u00edrez Cuellar <\/td><td data-cell-id=\"D10\" data-x=\"3\" data-y=\"10\" data-db-index=\"10\" class=\"fsize-18 htLeft\" data-cell-type=\"text\" data-original-value=\"&lt;a href=&quot;https:\/\/teec.org.mx\/web\/wp-content\/uploads\/2020\/12\/TEEC-JDC-15-2020-y-acum.-TEEC-JDC-18-2020-2do-acu.-29-12-2020.pdf&quot; target=&quot;_blank&quot;&gt;TEEC\/JDC\/15\/2020 y su acumulado TEEC\/JDC\/18\/2020 (Acuerdo se fija fecha y hora para sesi\u00f3n p\u00fablica virtual)&lt;\/a&gt;\" data-order=\"&lt;a href=&quot;https:\/\/teec.org.mx\/web\/wp-content\/uploads\/2020\/12\/TEEC-JDC-15-2020-y-acum.-TEEC-JDC-18-2020-2do-acu.-29-12-2020.pdf&quot; target=&quot;_blank&quot;&gt;TEEC\/JDC\/15\/2020 y su acumulado TEEC\/JDC\/18\/2020 (Acuerdo se fija fecha y hora para sesi\u00f3n p\u00fablica virtual)&lt;\/a&gt;\" ><a href=\"https:\/\/teec.org.mx\/web\/wp-content\/uploads\/2020\/12\/TEEC-JDC-15-2020-y-acum.-TEEC-JDC-18-2020-2do-acu.-29-12-2020.pdf\" target=\"_blank\">TEEC\/JDC\/15\/2020 y su acumulado TEEC\/JDC\/18\/2020 (Acuerdo se fija fecha y hora para sesi\u00f3n p\u00fablica virtual)<\/a><\/td><\/tr><tr style=\"height:px\" ><td data-cell-id=\"A11\" data-x=\"0\" data-y=\"11\" data-db-index=\"11\" class=\"fsize-18 htLeft\" data-cell-type=\"text\" data-original-value=\"29 de diciembre de 2020, a las 12:30 horas\" data-order=\"29 de diciembre de 2020, a las 12:30 horas\" >29 de diciembre de 2020, a las 12:30 horas <\/td><td data-cell-id=\"B11\" data-x=\"1\" data-y=\"11\" data-db-index=\"11\" class=\"fsize-18 htLeft\" data-cell-type=\"text\" data-original-value=\"Ciudadana Patricia Le\u00f3n L\u00f3pez, quien se ostenta como Secretaria General en Funciones de Presidente del Partido Nacional Movimiento de Regeneraci\u00f3n Nacional (MORENA)\" data-order=\"Ciudadana Patricia Le\u00f3n L\u00f3pez, quien se ostenta como Secretaria General en Funciones de Presidente del Partido Nacional Movimiento de Regeneraci\u00f3n Nacional (MORENA)\" >Ciudadana Patricia Le\u00f3n L\u00f3pez, quien se ostenta como Secretaria General en Funciones de Presidente del Partido Nacional Movimiento de Regeneraci\u00f3n Nacional (MORENA) <\/td><td data-cell-id=\"C11\" data-x=\"2\" data-y=\"11\" data-db-index=\"11\" class=\"fsize-18 htLeft\" data-cell-type=\"text\" data-original-value=\"Consejeros Estatales del Partido Morena en Campeche: Ciudadanas Blanca Guadalupe Lissette Uc Mart\u00ednez, Carlos Ucan Yam, Mildred Jes\u00fas Can Hern\u00e1ndez, Jos\u00e9 Ram\u00f3n Maga\u00f1a Mart\u00ednez y Mar\u00eda del Carmen Molina Chabl\u00e9. Comit\u00e9 Ejecutivo Nacional del Partido Morena Nacional a trav\u00e9s del Ciudadano Alfonso Ram\u00edrez Cuellar\" data-order=\"Consejeros Estatales del Partido Morena en Campeche: Ciudadanas Blanca Guadalupe Lissette Uc Mart\u00ednez, Carlos Ucan Yam, Mildred Jes\u00fas Can Hern\u00e1ndez, Jos\u00e9 Ram\u00f3n Maga\u00f1a Mart\u00ednez y Mar\u00eda del Carmen Molina Chabl\u00e9. Comit\u00e9 Ejecutivo Nacional del Partido Morena Nacional a trav\u00e9s del Ciudadano Alfonso Ram\u00edrez Cuellar\" >Consejeros Estatales del Partido Morena en Campeche: Ciudadanas Blanca Guadalupe Lissette Uc Mart\u00ednez, Carlos Ucan Yam, Mildred Jes\u00fas Can Hern\u00e1ndez, Jos\u00e9 Ram\u00f3n Maga\u00f1a Mart\u00ednez y Mar\u00eda del Carmen Molina Chabl\u00e9. Comit\u00e9 Ejecutivo Nacional del Partido Morena Nacional a trav\u00e9s del Ciudadano Alfonso Ram\u00edrez Cuellar <\/td><td data-cell-id=\"D11\" data-x=\"3\" data-y=\"11\" data-db-index=\"11\" class=\"fsize-18 htLeft\" data-cell-type=\"text\" data-original-value=\"&lt;a href=&quot;https:\/\/teec.org.mx\/web\/wp-content\/uploads\/2020\/12\/TEEC-JDC-15-y-su-acum.-TEEC-JDC-18-2020-29-12-2020.pdf&quot; target=&quot;_blank&quot;&gt;TEEC\/JDC\/15\/2020 y su acumulado TEEC\/JDC\/18\/2020 (Acuerdo de cierre de instrucci\u00f3n y solicitud de fecha y hora para sesi\u00f3n p\u00fablica virtual)&lt;\/a&gt;\" data-order=\"&lt;a href=&quot;https:\/\/teec.org.mx\/web\/wp-content\/uploads\/2020\/12\/TEEC-JDC-15-y-su-acum.-TEEC-JDC-18-2020-29-12-2020.pdf&quot; target=&quot;_blank&quot;&gt;TEEC\/JDC\/15\/2020 y su acumulado TEEC\/JDC\/18\/2020 (Acuerdo de cierre de instrucci\u00f3n y solicitud de fecha y hora para sesi\u00f3n p\u00fablica virtual)&lt;\/a&gt;\" ><a href=\"https:\/\/teec.org.mx\/web\/wp-content\/uploads\/2020\/12\/TEEC-JDC-15-y-su-acum.-TEEC-JDC-18-2020-29-12-2020.pdf\" target=\"_blank\">TEEC\/JDC\/15\/2020 y su acumulado TEEC\/JDC\/18\/2020 (Acuerdo de cierre de instrucci\u00f3n y solicitud de fecha y hora para sesi\u00f3n p\u00fablica virtual)<\/a><\/td><\/tr><tr style=\"height:px\" ><td data-cell-id=\"A12\" data-x=\"0\" data-y=\"12\" data-db-index=\"12\" class=\"fsize-18 htLeft\" data-cell-type=\"text\" data-original-value=\"28 de diciembre de 2020\" data-order=\"28 de diciembre de 2020\" >28 de diciembre de 2020 <\/td><td data-cell-id=\"B12\" data-x=\"1\" data-y=\"12\" data-db-index=\"12\" class=\"fsize-18 htLeft\" data-cell-type=\"text\" data-original-value=\"\" data-order=\"\" ><\/td><td data-cell-id=\"C12\" data-x=\"2\" data-y=\"12\" data-db-index=\"12\" class=\"fsize-18 htLeft\" data-cell-type=\"text\" data-original-value=\"\" data-order=\"\" ><\/td><td data-cell-id=\"D12\" data-x=\"3\" data-y=\"12\" data-db-index=\"12\" class=\"fsize-18 htLeft\" data-cell-type=\"text\" data-original-value=\"&lt;a href=&quot;https:\/\/teec.org.mx\/web\/wp-content\/uploads\/2020\/12\/TEEC-JDC-15-2020-y-acum.-TEEC-JDC-18-2020-Prueba-Tecnica-28-12-2020.pdf&quot; target=&quot;_blank&quot;&gt;TEEC JDC 15 2020 y acumulado TEEC JDC 18 2020 (Prueba T\u00e9cnica)&lt;\/a&gt;\" data-order=\"&lt;a href=&quot;https:\/\/teec.org.mx\/web\/wp-content\/uploads\/2020\/12\/TEEC-JDC-15-2020-y-acum.-TEEC-JDC-18-2020-Prueba-Tecnica-28-12-2020.pdf&quot; target=&quot;_blank&quot;&gt;TEEC JDC 15 2020 y acumulado TEEC JDC 18 2020 (Prueba T\u00e9cnica)&lt;\/a&gt;\" ><a href=\"https:\/\/teec.org.mx\/web\/wp-content\/uploads\/2020\/12\/TEEC-JDC-15-2020-y-acum.-TEEC-JDC-18-2020-Prueba-Tecnica-28-12-2020.pdf\" target=\"_blank\">TEEC JDC 15 2020 y acumulado TEEC JDC 18 2020 (Prueba T\u00e9cnica)<\/a><\/td><\/tr><tr style=\"height:px\" ><td data-cell-id=\"A13\" data-x=\"0\" data-y=\"13\" data-db-index=\"13\" class=\"fsize-18 htLeft\" data-cell-type=\"text\" data-original-value=\"24 de diciembre de 2020, a las 14:50 horas\" data-order=\"24 de diciembre de 2020, a las 14:50 horas\" >24 de diciembre de 2020, a las 14:50 horas <\/td><td data-cell-id=\"B13\" data-x=\"1\" data-y=\"13\" data-db-index=\"13\" class=\"fsize-18 htLeft\" data-cell-type=\"text\" data-original-value=\"Ciudadano Rub\u00e9n Ricardo Saravia Cuevas, Suplente del Presidente del H. Ayuntamiento del Municipio de Campeche, Campeche\" data-order=\"Ciudadano Rub\u00e9n Ricardo Saravia Cuevas, Suplente del Presidente del H. Ayuntamiento del Municipio de Campeche, Campeche\" >Ciudadano Rub\u00e9n Ricardo Saravia Cuevas, Suplente del Presidente del H. Ayuntamiento del Municipio de Campeche, Campeche <\/td><td data-cell-id=\"C13\" data-x=\"2\" data-y=\"13\" data-db-index=\"13\" class=\"fsize-18 htLeft\" data-cell-type=\"text\" data-original-value=\"H. Ayuntamiento del Municipio de Campeche\" data-order=\"H. Ayuntamiento del Municipio de Campeche\" >H. Ayuntamiento del Municipio de Campeche <\/td><td data-cell-id=\"D13\" data-x=\"3\" data-y=\"13\" data-db-index=\"13\" class=\"fsize-18 htLeft\" data-cell-type=\"text\" data-original-value=\"&lt;a href=&quot;https:\/\/teec.org.mx\/web\/wp-content\/uploads\/2020\/12\/TEEC-JDC-19-2020-24-12-2020.pdf&quot; target=&quot;_blank&quot;&gt;TEEC\/JDC\/19\/2020 (Acuerdo de admisi\u00f3n, acumulaci\u00f3n, cumplimiento, se fija fecha y hora para alegatos y apertura de instrucci\u00f3n)&lt;\/a&gt;\" data-order=\"&lt;a href=&quot;https:\/\/teec.org.mx\/web\/wp-content\/uploads\/2020\/12\/TEEC-JDC-19-2020-24-12-2020.pdf&quot; target=&quot;_blank&quot;&gt;TEEC\/JDC\/19\/2020 (Acuerdo de admisi\u00f3n, acumulaci\u00f3n, cumplimiento, se fija fecha y hora para alegatos y apertura de instrucci\u00f3n)&lt;\/a&gt;\" ><a href=\"https:\/\/teec.org.mx\/web\/wp-content\/uploads\/2020\/12\/TEEC-JDC-19-2020-24-12-2020.pdf\" target=\"_blank\">TEEC\/JDC\/19\/2020 (Acuerdo de admisi\u00f3n, acumulaci\u00f3n, cumplimiento, se fija fecha y hora para alegatos y apertura de instrucci\u00f3n)<\/a><\/td><\/tr><tr style=\"height:px\" ><td data-cell-id=\"A14\" data-x=\"0\" data-y=\"14\" data-db-index=\"14\" class=\"fsize-18 htLeft\" data-cell-type=\"text\" data-original-value=\"24 de diciembre de 2020, a las 14:30 horas\" data-order=\"24 de diciembre de 2020, a las 14:30 horas\" >24 de diciembre de 2020, a las 14:30 horas <\/td><td data-cell-id=\"B14\" data-x=\"1\" data-y=\"14\" data-db-index=\"14\" class=\"fsize-18 htLeft\" data-cell-type=\"text\" data-original-value=\"Licenciado Jos\u00e9 Luis Flores Pacheco, quien se ostenta como Presidente del Partido Morena en el Estado de Campeche y Militante de dicho Partido\" data-order=\"Licenciado Jos\u00e9 Luis Flores Pacheco, quien se ostenta como Presidente del Partido Morena en el Estado de Campeche y Militante de dicho Partido\" >Licenciado Jos\u00e9 Luis Flores Pacheco, quien se ostenta como Presidente del Partido Morena en el Estado de Campeche y Militante de dicho Partido <\/td><td data-cell-id=\"C14\" data-x=\"2\" data-y=\"14\" data-db-index=\"14\" class=\"fsize-18 htLeft\" data-cell-type=\"text\" data-original-value=\"Direcci\u00f3n de Prerrogativas y Partidos Pol\u00edticos del Instituto Nacional Electoral a trav\u00e9s de su Director Maestro Patricio Ballados Villag\u00f3mez\" data-order=\"Direcci\u00f3n de Prerrogativas y Partidos Pol\u00edticos del Instituto Nacional Electoral a trav\u00e9s de su Director Maestro Patricio Ballados Villag\u00f3mez\" >Direcci\u00f3n de Prerrogativas y Partidos Pol\u00edticos del Instituto Nacional Electoral a trav\u00e9s de su Director Maestro Patricio Ballados Villag\u00f3mez <\/td><td data-cell-id=\"D14\" data-x=\"3\" data-y=\"14\" data-db-index=\"14\" class=\"fsize-18 htLeft\" data-cell-type=\"text\" data-original-value=\"&lt;a href=&quot;https:\/\/teec.org.mx\/web\/wp-content\/uploads\/2020\/12\/TEEC-JDC-16-2020-24-12-2020.pdf&quot; target=&quot;_blank&quot;&gt;TEEC\/JDC\/16\/2020 (Acuerdo de acumulaci\u00f3n y remisi\u00f3n)&lt;\/a&gt;\" data-order=\"&lt;a href=&quot;https:\/\/teec.org.mx\/web\/wp-content\/uploads\/2020\/12\/TEEC-JDC-16-2020-24-12-2020.pdf&quot; target=&quot;_blank&quot;&gt;TEEC\/JDC\/16\/2020 (Acuerdo de acumulaci\u00f3n y remisi\u00f3n)&lt;\/a&gt;\" ><a href=\"https:\/\/teec.org.mx\/web\/wp-content\/uploads\/2020\/12\/TEEC-JDC-16-2020-24-12-2020.pdf\" target=\"_blank\">TEEC\/JDC\/16\/2020 (Acuerdo de acumulaci\u00f3n y remisi\u00f3n)<\/a><\/td><\/tr><tr style=\"height:px\" ><td data-cell-id=\"A15\" data-x=\"0\" data-y=\"15\" data-db-index=\"15\" class=\"fsize-18 htLeft\" data-cell-type=\"text\" data-original-value=\"23 de diciembre de 2020, a las 15:30 horas\" data-order=\"23 de diciembre de 2020, a las 15:30 horas\" >23 de diciembre de 2020, a las 15:30 horas <\/td><td data-cell-id=\"B15\" data-x=\"1\" data-y=\"15\" data-db-index=\"15\" class=\"fsize-18 htLeft\" data-cell-type=\"text\" data-original-value=\"Ciudadana Patricia Le\u00f3n L\u00f3pez, quien se ostenta como Secretaria General en Funciones de Presidente del Partido Nacional Movimiento de Regeneraci\u00f3n Nacional (MORENA)\" data-order=\"Ciudadana Patricia Le\u00f3n L\u00f3pez, quien se ostenta como Secretaria General en Funciones de Presidente del Partido Nacional Movimiento de Regeneraci\u00f3n Nacional (MORENA)\" >Ciudadana Patricia Le\u00f3n L\u00f3pez, quien se ostenta como Secretaria General en Funciones de Presidente del Partido Nacional Movimiento de Regeneraci\u00f3n Nacional (MORENA) <\/td><td data-cell-id=\"C15\" data-x=\"2\" data-y=\"15\" data-db-index=\"15\" class=\"fsize-18 htLeft\" data-cell-type=\"text\" data-original-value=\"Consejeros Estatales del Partido Morena en Campeche: Ciudadanas Blanca Guadalupe Lissette Uc Mart\u00ednez, Carlos Ucan Yam, Mildred Jes\u00fas Can Hern\u00e1ndez, Jos\u00e9 Ram\u00f3n Maga\u00f1a Mart\u00ednez y Mar\u00eda del Carmen Molina Chabl\u00e9. Comit\u00e9 Ejecutivo Nacional del Partido Morena Nacional a trav\u00e9s del Ciudadano Alfonso Ram\u00edrez Cuellar\" data-order=\"Consejeros Estatales del Partido Morena en Campeche: Ciudadanas Blanca Guadalupe Lissette Uc Mart\u00ednez, Carlos Ucan Yam, Mildred Jes\u00fas Can Hern\u00e1ndez, Jos\u00e9 Ram\u00f3n Maga\u00f1a Mart\u00ednez y Mar\u00eda del Carmen Molina Chabl\u00e9. Comit\u00e9 Ejecutivo Nacional del Partido Morena Nacional a trav\u00e9s del Ciudadano Alfonso Ram\u00edrez Cuellar\" >Consejeros Estatales del Partido Morena en Campeche: Ciudadanas Blanca Guadalupe Lissette Uc Mart\u00ednez, Carlos Ucan Yam, Mildred Jes\u00fas Can Hern\u00e1ndez, Jos\u00e9 Ram\u00f3n Maga\u00f1a Mart\u00ednez y Mar\u00eda del Carmen Molina Chabl\u00e9. Comit\u00e9 Ejecutivo Nacional del Partido Morena Nacional a trav\u00e9s del Ciudadano Alfonso Ram\u00edrez Cuellar <\/td><td data-cell-id=\"D15\" data-x=\"3\" data-y=\"15\" data-db-index=\"15\" class=\"fsize-18 htLeft\" data-cell-type=\"text\" data-original-value=\"&lt;a href=&quot;https:\/\/teec.org.mx\/web\/wp-content\/uploads\/2020\/12\/TEEC-JDC-15-2020-y-acum.-TEEC-JDC-18-2020-23-12-2020.pdf&quot; target=&quot;_blank&quot;&gt;TEEC\/JDC\/15\/2020 y su acumulado TEEC\/JDC\/18\/2020 (Acuerdo de admisi\u00f3n)&lt;\/a&gt;\" data-order=\"&lt;a href=&quot;https:\/\/teec.org.mx\/web\/wp-content\/uploads\/2020\/12\/TEEC-JDC-15-2020-y-acum.-TEEC-JDC-18-2020-23-12-2020.pdf&quot; target=&quot;_blank&quot;&gt;TEEC\/JDC\/15\/2020 y su acumulado TEEC\/JDC\/18\/2020 (Acuerdo de admisi\u00f3n)&lt;\/a&gt;\" ><a href=\"https:\/\/teec.org.mx\/web\/wp-content\/uploads\/2020\/12\/TEEC-JDC-15-2020-y-acum.-TEEC-JDC-18-2020-23-12-2020.pdf\" target=\"_blank\">TEEC\/JDC\/15\/2020 y su acumulado TEEC\/JDC\/18\/2020 (Acuerdo de admisi\u00f3n)<\/a><\/td><\/tr><tr style=\"height:px\" ><td data-cell-id=\"A16\" data-x=\"0\" data-y=\"16\" data-db-index=\"16\" class=\"fsize-18 htLeft\" data-cell-type=\"text\" data-original-value=\"22 de diciembre de 2020, a las 14:10 horas\" data-order=\"22 de diciembre de 2020, a las 14:10 horas\" >22 de diciembre de 2020, a las 14:10 horas <\/td><td data-cell-id=\"B16\" data-x=\"1\" data-y=\"16\" data-db-index=\"16\" class=\"fsize-18 htLeft\" data-cell-type=\"text\" data-original-value=\"Licenciado Juan Francisco Portela Rodr\u00edguez, quien se ostenta como Miembro Activo del Partido Acci\u00f3n Nacional\" data-order=\"Licenciado Juan Francisco Portela Rodr\u00edguez, quien se ostenta como Miembro Activo del Partido Acci\u00f3n Nacional\" >Licenciado Juan Francisco Portela Rodr\u00edguez, quien se ostenta como Miembro Activo del Partido Acci\u00f3n Nacional <\/td><td data-cell-id=\"C16\" data-x=\"2\" data-y=\"16\" data-db-index=\"16\" class=\"fsize-18 htLeft\" data-cell-type=\"text\" data-original-value=\"Ciudadana Marisol Vargas B\u00e1rcena, Presidente de la Comisi\u00f3n de Orden y Disciplina Intrapartidista del Comit\u00e9 Ejecutivo Nacional del Partido Acci\u00f3n Nacional\" data-order=\"Ciudadana Marisol Vargas B\u00e1rcena, Presidente de la Comisi\u00f3n de Orden y Disciplina Intrapartidista del Comit\u00e9 Ejecutivo Nacional del Partido Acci\u00f3n Nacional\" >Ciudadana Marisol Vargas B\u00e1rcena, Presidente de la Comisi\u00f3n de Orden y Disciplina Intrapartidista del Comit\u00e9 Ejecutivo Nacional del Partido Acci\u00f3n Nacional <\/td><td data-cell-id=\"D16\" data-x=\"3\" data-y=\"16\" data-db-index=\"16\" class=\"fsize-18 htLeft\" data-cell-type=\"text\" data-original-value=\"&lt;a href=&quot;https:\/\/teec.org.mx\/web\/wp-content\/uploads\/2020\/12\/TEEC-JDC-17-2020-22-12-2020.pdf&quot; target=&quot;_blank&quot;&gt;TEEC\/JDC\/17\/2020 (Acuerdo plenario)&lt;\/a&gt;\" data-order=\"&lt;a href=&quot;https:\/\/teec.org.mx\/web\/wp-content\/uploads\/2020\/12\/TEEC-JDC-17-2020-22-12-2020.pdf&quot; target=&quot;_blank&quot;&gt;TEEC\/JDC\/17\/2020 (Acuerdo plenario)&lt;\/a&gt;\" ><a href=\"https:\/\/teec.org.mx\/web\/wp-content\/uploads\/2020\/12\/TEEC-JDC-17-2020-22-12-2020.pdf\" target=\"_blank\">TEEC\/JDC\/17\/2020 (Acuerdo plenario)<\/a><\/td><\/tr><tr style=\"height:px\" ><td data-cell-id=\"A17\" data-x=\"0\" data-y=\"17\" data-db-index=\"17\" class=\"fsize-18 htLeft\" data-cell-type=\"text\" data-original-value=\"22 de diciembre de 2020, a las 10:50 horas\" data-order=\"22 de diciembre de 2020, a las 10:50 horas\" >22 de diciembre de 2020, a las 10:50 horas <\/td><td data-cell-id=\"B17\" data-x=\"1\" data-y=\"17\" data-db-index=\"17\" class=\"fsize-18 htLeft\" data-cell-type=\"text\" data-original-value=\"Ciudadano Rub\u00e9n Ricardo Saravia Cuevas, Suplente del Presidente del H. Ayuntamiento del Municipio de Campeche, Campeche\" data-order=\"Ciudadano Rub\u00e9n Ricardo Saravia Cuevas, Suplente del Presidente del H. Ayuntamiento del Municipio de Campeche, Campeche\" >Ciudadano Rub\u00e9n Ricardo Saravia Cuevas, Suplente del Presidente del H. Ayuntamiento del Municipio de Campeche, Campeche <\/td><td data-cell-id=\"C17\" data-x=\"2\" data-y=\"17\" data-db-index=\"17\" class=\"fsize-18 htLeft\" data-cell-type=\"text\" data-original-value=\"H. Ayuntamiento del Municipio de Campeche\" data-order=\"H. Ayuntamiento del Municipio de Campeche\" >H. Ayuntamiento del Municipio de Campeche <\/td><td data-cell-id=\"D17\" data-x=\"3\" data-y=\"17\" data-db-index=\"17\" class=\"fsize-18 htLeft\" data-cell-type=\"text\" data-original-value=\"&lt;a href=&quot;https:\/\/teec.org.mx\/web\/wp-content\/uploads\/2020\/12\/TEEC-JDC-19-2020-22-12-2020.pdf&quot; target=&quot;_blank&quot;&gt;TEEC\/JDC\/19\/2020 (Acuerdo de requerimiento)&lt;\/a&gt;\" data-order=\"&lt;a href=&quot;https:\/\/teec.org.mx\/web\/wp-content\/uploads\/2020\/12\/TEEC-JDC-19-2020-22-12-2020.pdf&quot; target=&quot;_blank&quot;&gt;TEEC\/JDC\/19\/2020 (Acuerdo de requerimiento)&lt;\/a&gt;\" ><a href=\"https:\/\/teec.org.mx\/web\/wp-content\/uploads\/2020\/12\/TEEC-JDC-19-2020-22-12-2020.pdf\" target=\"_blank\">TEEC\/JDC\/19\/2020 (Acuerdo de requerimiento)<\/a><\/td><\/tr><tr style=\"height:px\" ><td data-cell-id=\"A18\" data-x=\"0\" data-y=\"18\" data-db-index=\"18\" class=\"fsize-18 htLeft\" data-cell-type=\"text\" data-original-value=\"22 de noviembre de 2020, a las 10:30 horas\" data-order=\"22 de noviembre de 2020, a las 10:30 horas\" >22 de noviembre de 2020, a las 10:30 horas <\/td><td data-cell-id=\"B18\" data-x=\"1\" data-y=\"18\" data-db-index=\"18\" class=\"fsize-18 htLeft\" data-cell-type=\"text\" data-original-value=\"Ciudadana Deysi Cristina Rodr\u00edguez Hern\u00e1ndez, Regidora de la Junta Municipal de Mamantel, Carmen, Campeche\" data-order=\"Ciudadana Deysi Cristina Rodr\u00edguez Hern\u00e1ndez, Regidora de la Junta Municipal de Mamantel, Carmen, Campeche\" >Ciudadana Deysi Cristina Rodr\u00edguez Hern\u00e1ndez, Regidora de la Junta Municipal de Mamantel, Carmen, Campeche <\/td><td data-cell-id=\"C18\" data-x=\"2\" data-y=\"18\" data-db-index=\"18\" class=\"fsize-18 htLeft\" data-cell-type=\"text\" data-original-value=\"Presidente Licenciado Benigno Mart\u00ednez Canul y Tesorera Ciudadana Elizabeth Hern\u00e1ndez Ascencio, ambos de la Junta Municipal de Mamantel, Carmen, Campeche\" data-order=\"Presidente Licenciado Benigno Mart\u00ednez Canul y Tesorera Ciudadana Elizabeth Hern\u00e1ndez Ascencio, ambos de la Junta Municipal de Mamantel, Carmen, Campeche\" >Presidente Licenciado Benigno Mart\u00ednez Canul y Tesorera Ciudadana Elizabeth Hern\u00e1ndez Ascencio, ambos de la Junta Municipal de Mamantel, Carmen, Campeche <\/td><td data-cell-id=\"D18\" data-x=\"3\" data-y=\"18\" data-db-index=\"18\" class=\"fsize-18 htLeft\" data-cell-type=\"text\" data-original-value=\"&lt;a href=&quot;https:\/\/teec.org.mx\/web\/wp-content\/uploads\/2020\/12\/TEEC-JDC-8-2020-22-12-2020.pdf&quot; target=&quot;_blank&quot;&gt;TEEC\/JDC\/8\/2020 (Cumplimiento de sentencia Inst. de la mujer)&lt;\/a&gt;\" data-order=\"&lt;a href=&quot;https:\/\/teec.org.mx\/web\/wp-content\/uploads\/2020\/12\/TEEC-JDC-8-2020-22-12-2020.pdf&quot; target=&quot;_blank&quot;&gt;TEEC\/JDC\/8\/2020 (Cumplimiento de sentencia Inst. de la mujer)&lt;\/a&gt;\" ><a href=\"https:\/\/teec.org.mx\/web\/wp-content\/uploads\/2020\/12\/TEEC-JDC-8-2020-22-12-2020.pdf\" target=\"_blank\">TEEC\/JDC\/8\/2020 (Cumplimiento de sentencia Inst. de la mujer)<\/a><\/td><\/tr><tr style=\"height:px\" ><td data-cell-id=\"A19\" data-x=\"0\" data-y=\"19\" data-db-index=\"19\" class=\"fsize-18 htLeft\" data-cell-type=\"text\" data-original-value=\"22 de diciembre de 2020, a las 10:20 horas\" data-order=\"22 de diciembre de 2020, a las 10:20 horas\" >22 de diciembre de 2020, a las 10:20 horas <\/td><td data-cell-id=\"B19\" data-x=\"1\" data-y=\"19\" data-db-index=\"19\" class=\"fsize-18 htLeft\" data-cell-type=\"text\" data-original-value=\"Ciudadanos Ricardo S\u00e1nchez Cerino y Mar\u00eda Zaira S\u00e1nchez Huerta en sus Calidades de Militante del Partido Morena\" data-order=\"Ciudadanos Ricardo S\u00e1nchez Cerino y Mar\u00eda Zaira S\u00e1nchez Huerta en sus Calidades de Militante del Partido Morena\" >Ciudadanos Ricardo S\u00e1nchez Cerino y Mar\u00eda Zaira S\u00e1nchez Huerta en sus Calidades de Militante del Partido Morena <\/td><td data-cell-id=\"C19\" data-x=\"2\" data-y=\"19\" data-db-index=\"19\" class=\"fsize-18 htLeft\" data-cell-type=\"text\" data-original-value=\"Comisi\u00f3n Nacional de Honestidad y Justicia de Morena\" data-order=\"Comisi\u00f3n Nacional de Honestidad y Justicia de Morena\" >Comisi\u00f3n Nacional de Honestidad y Justicia de Morena <\/td><td data-cell-id=\"D19\" data-x=\"3\" data-y=\"19\" data-db-index=\"19\" class=\"fsize-18 htLeft\" data-cell-type=\"text\" data-original-value=\"&lt;a href=&quot;https:\/\/teec.org.mx\/web\/wp-content\/uploads\/2020\/12\/TEEC-JDC-13-2020-y-acum.-TEEC-JDC-14-2020-22-12-2020.pdf&quot; target=&quot;_blank&quot;&gt;TEEC\/JDC\/13\/2020 y su acumulado TEEC\/JDC\/14\/2020 (Se dicta acuerdo en la que queda firme la sentencia)&lt;\/a&gt;\" data-order=\"&lt;a href=&quot;https:\/\/teec.org.mx\/web\/wp-content\/uploads\/2020\/12\/TEEC-JDC-13-2020-y-acum.-TEEC-JDC-14-2020-22-12-2020.pdf&quot; target=&quot;_blank&quot;&gt;TEEC\/JDC\/13\/2020 y su acumulado TEEC\/JDC\/14\/2020 (Se dicta acuerdo en la que queda firme la sentencia)&lt;\/a&gt;\" ><a href=\"https:\/\/teec.org.mx\/web\/wp-content\/uploads\/2020\/12\/TEEC-JDC-13-2020-y-acum.-TEEC-JDC-14-2020-22-12-2020.pdf\" target=\"_blank\">TEEC\/JDC\/13\/2020 y su acumulado TEEC\/JDC\/14\/2020 (Se dicta acuerdo en la que queda firme la sentencia)<\/a><\/td><\/tr><tr style=\"height:px\" ><td data-cell-id=\"A20\" data-x=\"0\" data-y=\"20\" data-db-index=\"20\" class=\"fsize-18 htLeft\" data-cell-type=\"text\" data-original-value=\"21 de diciembre de 2020, a las 13:50 horas\" data-order=\"21 de diciembre de 2020, a las 13:50 horas\" >21 de diciembre de 2020, a las 13:50 horas <\/td><td data-cell-id=\"B20\" data-x=\"1\" data-y=\"20\" data-db-index=\"20\" class=\"fsize-18 htLeft\" data-cell-type=\"text\" data-original-value=\"Ciudadana Patricia Le\u00f3n L\u00f3pez, quien se ostenta como Secretaria General en Funciones de Presidente del Partido Nacional Movimiento de Regeneraci\u00f3n Nacional (MORENA)\" data-order=\"Ciudadana Patricia Le\u00f3n L\u00f3pez, quien se ostenta como Secretaria General en Funciones de Presidente del Partido Nacional Movimiento de Regeneraci\u00f3n Nacional (MORENA)\" >Ciudadana Patricia Le\u00f3n L\u00f3pez, quien se ostenta como Secretaria General en Funciones de Presidente del Partido Nacional Movimiento de Regeneraci\u00f3n Nacional (MORENA) <\/td><td data-cell-id=\"C20\" data-x=\"2\" data-y=\"20\" data-db-index=\"20\" class=\"fsize-18 htLeft\" data-cell-type=\"text\" data-original-value=\"Consejeros Estatales del Partido Morena en Campeche: Ciudadanas Blanca Guadalupe Lissette Uc Mart\u00ednez, Carlos Ucan Yam, Mildred Jes\u00fas Can Hern\u00e1ndez, Jos\u00e9 Ram\u00f3n Maga\u00f1a Mart\u00ednez y Mar\u00eda del Carmen Molina Chabl\u00e9. Comit\u00e9 Ejecutivo Nacional del Partido Morena Nacional a trav\u00e9s del Ciudadano Alfonso Ram\u00edrez Cuellar\" data-order=\"Consejeros Estatales del Partido Morena en Campeche: Ciudadanas Blanca Guadalupe Lissette Uc Mart\u00ednez, Carlos Ucan Yam, Mildred Jes\u00fas Can Hern\u00e1ndez, Jos\u00e9 Ram\u00f3n Maga\u00f1a Mart\u00ednez y Mar\u00eda del Carmen Molina Chabl\u00e9. Comit\u00e9 Ejecutivo Nacional del Partido Morena Nacional a trav\u00e9s del Ciudadano Alfonso Ram\u00edrez Cuellar\" >Consejeros Estatales del Partido Morena en Campeche: Ciudadanas Blanca Guadalupe Lissette Uc Mart\u00ednez, Carlos Ucan Yam, Mildred Jes\u00fas Can Hern\u00e1ndez, Jos\u00e9 Ram\u00f3n Maga\u00f1a Mart\u00ednez y Mar\u00eda del Carmen Molina Chabl\u00e9. Comit\u00e9 Ejecutivo Nacional del Partido Morena Nacional a trav\u00e9s del Ciudadano Alfonso Ram\u00edrez Cuellar <\/td><td data-cell-id=\"D20\" data-x=\"3\" data-y=\"20\" data-db-index=\"20\" class=\"fsize-18 htLeft\" data-cell-type=\"text\" data-original-value=\"&lt;a href=&quot;https:\/\/teec.org.mx\/web\/wp-content\/uploads\/2020\/12\/TEEC-JDC-15-2020-y-su-acum.-TEEC-JDC-18-2020-21-12-2020.pdf&quot; target=&quot;_blank&quot;&gt;TEEC\/JDC\/15\/2020 y su acumulado TEEC\/JDC\/18\/2020 (Acuerdo de recepci\u00f3n y acumulaci\u00f3n)&lt;\/a&gt;\" data-order=\"&lt;a href=&quot;https:\/\/teec.org.mx\/web\/wp-content\/uploads\/2020\/12\/TEEC-JDC-15-2020-y-su-acum.-TEEC-JDC-18-2020-21-12-2020.pdf&quot; target=&quot;_blank&quot;&gt;TEEC\/JDC\/15\/2020 y su acumulado TEEC\/JDC\/18\/2020 (Acuerdo de recepci\u00f3n y acumulaci\u00f3n)&lt;\/a&gt;\" ><a href=\"https:\/\/teec.org.mx\/web\/wp-content\/uploads\/2020\/12\/TEEC-JDC-15-2020-y-su-acum.-TEEC-JDC-18-2020-21-12-2020.pdf\" target=\"_blank\">TEEC\/JDC\/15\/2020 y su acumulado TEEC\/JDC\/18\/2020 (Acuerdo de recepci\u00f3n y acumulaci\u00f3n)<\/a><\/td><\/tr><tr style=\"height:px\" ><td data-cell-id=\"A21\" data-x=\"0\" data-y=\"21\" data-db-index=\"21\" class=\"fsize-18 htLeft\" data-cell-type=\"text\" data-original-value=\"21 de diciembre de 2020, a las 13:30 horas\" data-order=\"21 de diciembre de 2020, a las 13:30 horas\" >21 de diciembre de 2020, a las 13:30 horas <\/td><td data-cell-id=\"B21\" data-x=\"1\" data-y=\"21\" data-db-index=\"21\" class=\"fsize-18 htLeft\" data-cell-type=\"text\" data-original-value=\"Ingeniero Mois\u00e9s Carre\u00f3n Cabrera, quien se ostenta como Regidor del H. Ayuntamiento del Municipio de Calakmul, Campeche\" data-order=\"Ingeniero Mois\u00e9s Carre\u00f3n Cabrera, quien se ostenta como Regidor del H. Ayuntamiento del Municipio de Calakmul, Campeche\" >Ingeniero Mois\u00e9s Carre\u00f3n Cabrera, quien se ostenta como Regidor del H. Ayuntamiento del Municipio de Calakmul, Campeche <\/td><td data-cell-id=\"C21\" data-x=\"2\" data-y=\"21\" data-db-index=\"21\" class=\"fsize-18 htLeft\" data-cell-type=\"text\" data-original-value=\"H. Ayuntamiento del Municipio de Calakmul, Campeche, a trav\u00e9s de su Presidente Municipal Luis Felipe Mora Hern\u00e1ndez\" data-order=\"H. Ayuntamiento del Municipio de Calakmul, Campeche, a trav\u00e9s de su Presidente Municipal Luis Felipe Mora Hern\u00e1ndez\" >H. Ayuntamiento del Municipio de Calakmul, Campeche, a trav\u00e9s de su Presidente Municipal Luis Felipe Mora Hern\u00e1ndez <\/td><td data-cell-id=\"D21\" data-x=\"3\" data-y=\"21\" data-db-index=\"21\" class=\"fsize-18 htLeft\" data-cell-type=\"text\" data-original-value=\"&lt;a href=&quot;https:\/\/teec.org.mx\/web\/wp-content\/uploads\/2020\/12\/TEEC-JDC-20-2020-21-12-2020.pdf&quot; target=&quot;_blank&quot;&gt;TEEC\/JDC\/20\/2020 (Acuerdo de radicaci\u00f3n y requerimiento)&lt;\/a&gt;\" data-order=\"&lt;a href=&quot;https:\/\/teec.org.mx\/web\/wp-content\/uploads\/2020\/12\/TEEC-JDC-20-2020-21-12-2020.pdf&quot; target=&quot;_blank&quot;&gt;TEEC\/JDC\/20\/2020 (Acuerdo de radicaci\u00f3n y requerimiento)&lt;\/a&gt;\" ><a href=\"https:\/\/teec.org.mx\/web\/wp-content\/uploads\/2020\/12\/TEEC-JDC-20-2020-21-12-2020.pdf\" target=\"_blank\">TEEC\/JDC\/20\/2020 (Acuerdo de radicaci\u00f3n y requerimiento)<\/a><\/td><\/tr><tr style=\"height:px\" ><td data-cell-id=\"A22\" data-x=\"0\" data-y=\"22\" data-db-index=\"22\" class=\"fsize-18 htLeft\" data-cell-type=\"text\" data-original-value=\"21 de diciembre de 2020, a las 9:30 horas\" data-order=\"21 de diciembre de 2020, a las 9:30 horas\" >21 de diciembre de 2020, a las 9:30 horas <\/td><td data-cell-id=\"B22\" data-x=\"1\" data-y=\"22\" data-db-index=\"22\" class=\"fsize-18 htLeft\" data-cell-type=\"text\" data-original-value=\"Licenciado Juan Francisco Portela Rodr\u00edguez, quien se ostenta como Miembro Activo del Partido Acci\u00f3n Nacional\" data-order=\"Licenciado Juan Francisco Portela Rodr\u00edguez, quien se ostenta como Miembro Activo del Partido Acci\u00f3n Nacional\" >Licenciado Juan Francisco Portela Rodr\u00edguez, quien se ostenta como Miembro Activo del Partido Acci\u00f3n Nacional <\/td><td data-cell-id=\"C22\" data-x=\"2\" data-y=\"22\" data-db-index=\"22\" class=\"fsize-18 htLeft\" data-cell-type=\"text\" data-original-value=\"Ciudadana Marisol Vargas B\u00e1rcena, Presidente de la Comisi\u00f3n de Orden y Disciplina Intrapartidista del Comit\u00e9 Ejecutivo Nacional del Partido Acci\u00f3n Nacional\" data-order=\"Ciudadana Marisol Vargas B\u00e1rcena, Presidente de la Comisi\u00f3n de Orden y Disciplina Intrapartidista del Comit\u00e9 Ejecutivo Nacional del Partido Acci\u00f3n Nacional\" >Ciudadana Marisol Vargas B\u00e1rcena, Presidente de la Comisi\u00f3n de Orden y Disciplina Intrapartidista del Comit\u00e9 Ejecutivo Nacional del Partido Acci\u00f3n Nacional <\/td><td data-cell-id=\"D22\" data-x=\"3\" data-y=\"22\" data-db-index=\"22\" class=\"fsize-18 htLeft\" data-cell-type=\"text\" data-original-value=\"&lt;a href=&quot;https:\/\/teec.org.mx\/web\/wp-content\/uploads\/2020\/12\/TEEC-JDC-17-2020-21-12-2020.pdf&quot; target=&quot;_blank&quot;&gt;TEEC\/JDC\/17\/2020 (Acuerdo se fija fecha y hora para sesi\u00f3n privada)&lt;\/a&gt;\" data-order=\"&lt;a href=&quot;https:\/\/teec.org.mx\/web\/wp-content\/uploads\/2020\/12\/TEEC-JDC-17-2020-21-12-2020.pdf&quot; target=&quot;_blank&quot;&gt;TEEC\/JDC\/17\/2020 (Acuerdo se fija fecha y hora para sesi\u00f3n privada)&lt;\/a&gt;\" ><a href=\"https:\/\/teec.org.mx\/web\/wp-content\/uploads\/2020\/12\/TEEC-JDC-17-2020-21-12-2020.pdf\" target=\"_blank\">TEEC\/JDC\/17\/2020 (Acuerdo se fija fecha y hora para sesi\u00f3n privada)<\/a><\/td><\/tr><tr style=\"height:px\" ><td data-cell-id=\"A23\" data-x=\"0\" data-y=\"23\" data-db-index=\"23\" class=\"fsize-18 htLeft\" data-cell-type=\"text\" data-original-value=\"18 de diciembre de 2020, a las 14:50 horas\" data-order=\"18 de diciembre de 2020, a las 14:50 horas\" >18 de diciembre de 2020, a las 14:50 horas <\/td><td data-cell-id=\"B23\" data-x=\"1\" data-y=\"23\" data-db-index=\"23\" class=\"fsize-18 htLeft\" data-cell-type=\"text\" data-original-value=\"Ciudadana Patricia Le\u00f3n L\u00f3pez, quien se ostenta como Secretaria General en Funciones de Presidente del Partido Nacional Movimiento de Regeneraci\u00f3n Nacional (MORENA)\" data-order=\"Ciudadana Patricia Le\u00f3n L\u00f3pez, quien se ostenta como Secretaria General en Funciones de Presidente del Partido Nacional Movimiento de Regeneraci\u00f3n Nacional (MORENA)\" >Ciudadana Patricia Le\u00f3n L\u00f3pez, quien se ostenta como Secretaria General en Funciones de Presidente del Partido Nacional Movimiento de Regeneraci\u00f3n Nacional (MORENA) <\/td><td data-cell-id=\"C23\" data-x=\"2\" data-y=\"23\" data-db-index=\"23\" class=\"fsize-18 htLeft\" data-cell-type=\"text\" data-original-value=\"Consejeros Estatales del Partido Morena en Campeche: Ciudadanas Blanca Guadalupe Lissette Uc Mart\u00ednez, Carlos Ucan Yam, Mildred Jes\u00fas Can Hern\u00e1ndez, Jos\u00e9 Ram\u00f3n Maga\u00f1a Mart\u00ednez y Mar\u00eda del Carmen Molina Chabl\u00e9. Comit\u00e9 Ejecutivo Nacional del Partido Morena Nacional a trav\u00e9s del Ciudadano Alfonso Ram\u00edrez Cuellar\" data-order=\"Consejeros Estatales del Partido Morena en Campeche: Ciudadanas Blanca Guadalupe Lissette Uc Mart\u00ednez, Carlos Ucan Yam, Mildred Jes\u00fas Can Hern\u00e1ndez, Jos\u00e9 Ram\u00f3n Maga\u00f1a Mart\u00ednez y Mar\u00eda del Carmen Molina Chabl\u00e9. Comit\u00e9 Ejecutivo Nacional del Partido Morena Nacional a trav\u00e9s del Ciudadano Alfonso Ram\u00edrez Cuellar\" >Consejeros Estatales del Partido Morena en Campeche: Ciudadanas Blanca Guadalupe Lissette Uc Mart\u00ednez, Carlos Ucan Yam, Mildred Jes\u00fas Can Hern\u00e1ndez, Jos\u00e9 Ram\u00f3n Maga\u00f1a Mart\u00ednez y Mar\u00eda del Carmen Molina Chabl\u00e9. Comit\u00e9 Ejecutivo Nacional del Partido Morena Nacional a trav\u00e9s del Ciudadano Alfonso Ram\u00edrez Cuellar <\/td><td data-cell-id=\"D23\" data-x=\"3\" data-y=\"23\" data-db-index=\"23\" class=\"fsize-18 htLeft\" data-cell-type=\"text\" data-original-value=\"&lt;a href=&quot;https:\/\/teec.org.mx\/web\/wp-content\/uploads\/2020\/12\/TEEC-JDC-15-2020-y-acum.-TEEC-JDC-18-2020-18-12-2020.pdf&quot; target=&quot;_blank&quot;&gt;TEEC\/JDC\/15\/2020 y su acumulado TEEC\/JDC\/18\/2020 (Acuerdo se declara firme el acuerdo plenario)&lt;\/a&gt;\" data-order=\"&lt;a href=&quot;https:\/\/teec.org.mx\/web\/wp-content\/uploads\/2020\/12\/TEEC-JDC-15-2020-y-acum.-TEEC-JDC-18-2020-18-12-2020.pdf&quot; target=&quot;_blank&quot;&gt;TEEC\/JDC\/15\/2020 y su acumulado TEEC\/JDC\/18\/2020 (Acuerdo se declara firme el acuerdo plenario)&lt;\/a&gt;\" ><a href=\"https:\/\/teec.org.mx\/web\/wp-content\/uploads\/2020\/12\/TEEC-JDC-15-2020-y-acum.-TEEC-JDC-18-2020-18-12-2020.pdf\" target=\"_blank\">TEEC\/JDC\/15\/2020 y su acumulado TEEC\/JDC\/18\/2020 (Acuerdo se declara firme el acuerdo plenario)<\/a><\/td><\/tr><tr style=\"height:px\" ><td data-cell-id=\"A24\" data-x=\"0\" data-y=\"24\" data-db-index=\"24\" class=\"fsize-18 htLeft\" data-cell-type=\"text\" data-original-value=\"18 de diciembre de 2020, a las 13:10 horas\" data-order=\"18 de diciembre de 2020, a las 13:10 horas\" >18 de diciembre de 2020, a las 13:10 horas <\/td><td data-cell-id=\"B24\" data-x=\"1\" data-y=\"24\" data-db-index=\"24\" class=\"fsize-18 htLeft\" data-cell-type=\"text\" data-original-value=\"Ciudadano Rub\u00e9n Ricardo Saravia Cuevas, Suplente del Presidente del H. Ayuntamiento del Municipio de Campeche, Campeche\" data-order=\"Ciudadano Rub\u00e9n Ricardo Saravia Cuevas, Suplente del Presidente del H. Ayuntamiento del Municipio de Campeche, Campeche\" >Ciudadano Rub\u00e9n Ricardo Saravia Cuevas, Suplente del Presidente del H. Ayuntamiento del Municipio de Campeche, Campeche <\/td><td data-cell-id=\"C24\" data-x=\"2\" data-y=\"24\" data-db-index=\"24\" class=\"fsize-18 htLeft\" data-cell-type=\"text\" data-original-value=\"H. Ayuntamiento del Municipio de Campeche\" data-order=\"H. Ayuntamiento del Municipio de Campeche\" >H. Ayuntamiento del Municipio de Campeche <\/td><td data-cell-id=\"D24\" data-x=\"3\" data-y=\"24\" data-db-index=\"24\" class=\"fsize-18 htLeft\" data-cell-type=\"text\" data-original-value=\"&lt;a href=&quot;https:\/\/teec.org.mx\/web\/wp-content\/uploads\/2020\/12\/TEEC-JDC-19-2020-18-12-2020.pdf&quot; target=&quot;_blank&quot;&gt;TEEC\/JDC\/19\/2020 (Acuerdo de recepci\u00f3n y radicaci\u00f3n)&lt;\/a&gt;\" data-order=\"&lt;a href=&quot;https:\/\/teec.org.mx\/web\/wp-content\/uploads\/2020\/12\/TEEC-JDC-19-2020-18-12-2020.pdf&quot; target=&quot;_blank&quot;&gt;TEEC\/JDC\/19\/2020 (Acuerdo de recepci\u00f3n y radicaci\u00f3n)&lt;\/a&gt;\" ><a href=\"https:\/\/teec.org.mx\/web\/wp-content\/uploads\/2020\/12\/TEEC-JDC-19-2020-18-12-2020.pdf\" target=\"_blank\">TEEC\/JDC\/19\/2020 (Acuerdo de recepci\u00f3n y radicaci\u00f3n)<\/a><\/td><\/tr><tr style=\"height:px\" ><td data-cell-id=\"A25\" data-x=\"0\" data-y=\"25\" data-db-index=\"25\" class=\"fsize-18 htLeft\" data-cell-type=\"text\" data-original-value=\"18 de diciembre de 2020, a las 13:00 horas\" data-order=\"18 de diciembre de 2020, a las 13:00 horas\" >18 de diciembre de 2020, a las 13:00 horas <\/td><td data-cell-id=\"B25\" data-x=\"1\" data-y=\"25\" data-db-index=\"25\" class=\"fsize-18 htLeft\" data-cell-type=\"text\" data-original-value=\"Ingeniero Mois\u00e9s Carre\u00f3n Cabrera, quien se ostenta como Regidor del H. Ayuntamiento del Municipio de Calakmul, Campeche\" data-order=\"Ingeniero Mois\u00e9s Carre\u00f3n Cabrera, quien se ostenta como Regidor del H. Ayuntamiento del Municipio de Calakmul, Campeche\" >Ingeniero Mois\u00e9s Carre\u00f3n Cabrera, quien se ostenta como Regidor del H. Ayuntamiento del Municipio de Calakmul, Campeche <\/td><td data-cell-id=\"C25\" data-x=\"2\" data-y=\"25\" data-db-index=\"25\" class=\"fsize-18 htLeft\" data-cell-type=\"text\" data-original-value=\"H. Ayuntamiento del Municipio de Calakmul, Campeche, a trav\u00e9s de su Presidente Municipal Luis Felipe Mora Hern\u00e1ndez\" data-order=\"H. Ayuntamiento del Municipio de Calakmul, Campeche, a trav\u00e9s de su Presidente Municipal Luis Felipe Mora Hern\u00e1ndez\" >H. Ayuntamiento del Municipio de Calakmul, Campeche, a trav\u00e9s de su Presidente Municipal Luis Felipe Mora Hern\u00e1ndez <\/td><td data-cell-id=\"D25\" data-x=\"3\" data-y=\"25\" data-db-index=\"25\" class=\"fsize-18 htLeft\" data-cell-type=\"text\" data-original-value=\"&lt;a href=&quot;https:\/\/teec.org.mx\/web\/wp-content\/uploads\/2020\/12\/TEEC-JDC-20-2020-18-12-2020.pdf&quot; target=&quot;_blank&quot;&gt;TEEC\/JDC\/20\/2020 (Acuerdo de turno)&lt;\/a&gt;\" data-order=\"&lt;a href=&quot;https:\/\/teec.org.mx\/web\/wp-content\/uploads\/2020\/12\/TEEC-JDC-20-2020-18-12-2020.pdf&quot; target=&quot;_blank&quot;&gt;TEEC\/JDC\/20\/2020 (Acuerdo de turno)&lt;\/a&gt;\" ><a href=\"https:\/\/teec.org.mx\/web\/wp-content\/uploads\/2020\/12\/TEEC-JDC-20-2020-18-12-2020.pdf\" target=\"_blank\">TEEC\/JDC\/20\/2020 (Acuerdo de turno)<\/a><\/td><\/tr><tr style=\"height:px\" ><td data-cell-id=\"A26\" data-x=\"0\" data-y=\"26\" data-db-index=\"26\" class=\"fsize-18 htLeft\" data-cell-type=\"text\" data-original-value=\"17 de diciembre de 2020, a las 14:40 horas\" data-order=\"17 de diciembre de 2020, a las 14:40 horas\" >17 de diciembre de 2020, a las 14:40 horas <\/td><td data-cell-id=\"B26\" data-x=\"1\" data-y=\"26\" data-db-index=\"26\" class=\"fsize-18 htLeft\" data-cell-type=\"text\" data-original-value=\"Ciudadano Jos\u00e9 Luis Flores Pacheco, quien se ostenta como Presidente del Consejo Estatal del Partido Pol\u00edtico Morena en el Estado de Campeche y Militante del citado Partido\" data-order=\"Ciudadano Jos\u00e9 Luis Flores Pacheco, quien se ostenta como Presidente del Consejo Estatal del Partido Pol\u00edtico Morena en el Estado de Campeche y Militante del citado Partido\" >Ciudadano Jos\u00e9 Luis Flores Pacheco, quien se ostenta como Presidente del Consejo Estatal del Partido Pol\u00edtico Morena en el Estado de Campeche y Militante del citado Partido <\/td><td data-cell-id=\"C26\" data-x=\"2\" data-y=\"26\" data-db-index=\"26\" class=\"fsize-18 htLeft\" data-cell-type=\"text\" data-original-value=\"Comisi\u00f3n Nacional de Honestidad y Justicia del Partido Morena\" data-order=\"Comisi\u00f3n Nacional de Honestidad y Justicia del Partido Morena\" >Comisi\u00f3n Nacional de Honestidad y Justicia del Partido Morena <\/td><td data-cell-id=\"D26\" data-x=\"3\" data-y=\"26\" data-db-index=\"26\" class=\"fsize-18 htLeft\" data-cell-type=\"text\" data-original-value=\"&lt;a href=&quot;https:\/\/teec.org.mx\/web\/wp-content\/uploads\/2020\/12\/TEEC-JDC-9-2020-17-12-2020.pdf&quot; target=&quot;_blank&quot;&gt;TEEC\/JDC\/9\/2020\/C.I.2 (Acuerdo se declara firme la resoluci\u00f3n)&lt;\/a&gt;\" data-order=\"&lt;a href=&quot;https:\/\/teec.org.mx\/web\/wp-content\/uploads\/2020\/12\/TEEC-JDC-9-2020-17-12-2020.pdf&quot; target=&quot;_blank&quot;&gt;TEEC\/JDC\/9\/2020\/C.I.2 (Acuerdo se declara firme la resoluci\u00f3n)&lt;\/a&gt;\" ><a href=\"https:\/\/teec.org.mx\/web\/wp-content\/uploads\/2020\/12\/TEEC-JDC-9-2020-17-12-2020.pdf\" target=\"_blank\">TEEC\/JDC\/9\/2020\/C.I.2 (Acuerdo se declara firme la resoluci\u00f3n)<\/a><\/td><\/tr><tr style=\"height:px\" ><td data-cell-id=\"A27\" data-x=\"0\" data-y=\"27\" data-db-index=\"27\" class=\"fsize-18 htLeft\" data-cell-type=\"text\" data-original-value=\"17 de diciembre de 2020, a las 14:40 horas\" data-order=\"17 de diciembre de 2020, a las 14:40 horas\" >17 de diciembre de 2020, a las 14:40 horas <\/td><td data-cell-id=\"B27\" data-x=\"1\" data-y=\"27\" data-db-index=\"27\" class=\"fsize-18 htLeft\" data-cell-type=\"text\" data-original-value=\"Ciudadana Patricia Le\u00f3n L\u00f3pez, quien se ostenta como Secretaria General en Funciones de Presidente del Partido Nacional Movimiento de Regeneraci\u00f3n Nacional (MORENA)\" data-order=\"Ciudadana Patricia Le\u00f3n L\u00f3pez, quien se ostenta como Secretaria General en Funciones de Presidente del Partido Nacional Movimiento de Regeneraci\u00f3n Nacional (MORENA)\" >Ciudadana Patricia Le\u00f3n L\u00f3pez, quien se ostenta como Secretaria General en Funciones de Presidente del Partido Nacional Movimiento de Regeneraci\u00f3n Nacional (MORENA) <\/td><td data-cell-id=\"C27\" data-x=\"2\" data-y=\"27\" data-db-index=\"27\" class=\"fsize-18 htLeft\" data-cell-type=\"text\" data-original-value=\"Consejeros Estatales del Partido Morena en Campeche: Ciudadanas Blanca Guadalupe Lissette Uc Mart\u00ednez, Carlos Ucan Yam, Mildred Jes\u00fas Can Hern\u00e1ndez, Jos\u00e9 Ram\u00f3n Maga\u00f1a Mart\u00ednez y Mar\u00eda del Carmen Molina Chabl\u00e9. Comit\u00e9 Ejecutivo Nacional del Partido Morena Nacional a trav\u00e9s del Ciudadano Alfonso Ram\u00edrez Cuellar\" data-order=\"Consejeros Estatales del Partido Morena en Campeche: Ciudadanas Blanca Guadalupe Lissette Uc Mart\u00ednez, Carlos Ucan Yam, Mildred Jes\u00fas Can Hern\u00e1ndez, Jos\u00e9 Ram\u00f3n Maga\u00f1a Mart\u00ednez y Mar\u00eda del Carmen Molina Chabl\u00e9. Comit\u00e9 Ejecutivo Nacional del Partido Morena Nacional a trav\u00e9s del Ciudadano Alfonso Ram\u00edrez Cuellar\" >Consejeros Estatales del Partido Morena en Campeche: Ciudadanas Blanca Guadalupe Lissette Uc Mart\u00ednez, Carlos Ucan Yam, Mildred Jes\u00fas Can Hern\u00e1ndez, Jos\u00e9 Ram\u00f3n Maga\u00f1a Mart\u00ednez y Mar\u00eda del Carmen Molina Chabl\u00e9. Comit\u00e9 Ejecutivo Nacional del Partido Morena Nacional a trav\u00e9s del Ciudadano Alfonso Ram\u00edrez Cuellar <\/td><td data-cell-id=\"D27\" data-x=\"3\" data-y=\"27\" data-db-index=\"27\" class=\"fsize-18 htLeft\" data-cell-type=\"text\" data-original-value=\"&lt;a href=&quot;https:\/\/teec.org.mx\/web\/wp-content\/uploads\/2020\/12\/TEEC-JDC-15-2020-y-acum.-TEEC-JDC-18-2020-2do-acu-17-12-2020.pdf&quot; target=&quot;_blank&quot;&gt;TEEC\/JDC\/15\/2020 y su acumulado TEEC\/JDC\/18\/2020(Acuerdo de recepci\u00f3n, acumulaci\u00f3n)&lt;\/a&gt;\" data-order=\"&lt;a href=&quot;https:\/\/teec.org.mx\/web\/wp-content\/uploads\/2020\/12\/TEEC-JDC-15-2020-y-acum.-TEEC-JDC-18-2020-2do-acu-17-12-2020.pdf&quot; target=&quot;_blank&quot;&gt;TEEC\/JDC\/15\/2020 y su acumulado TEEC\/JDC\/18\/2020(Acuerdo de recepci\u00f3n, acumulaci\u00f3n)&lt;\/a&gt;\" ><a href=\"https:\/\/teec.org.mx\/web\/wp-content\/uploads\/2020\/12\/TEEC-JDC-15-2020-y-acum.-TEEC-JDC-18-2020-2do-acu-17-12-2020.pdf\" target=\"_blank\">TEEC\/JDC\/15\/2020 y su acumulado TEEC\/JDC\/18\/2020(Acuerdo de recepci\u00f3n, acumulaci\u00f3n)<\/a><\/td><\/tr><tr style=\"height:px\" ><td data-cell-id=\"A28\" data-x=\"0\" data-y=\"28\" data-db-index=\"28\" class=\"fsize-18 htLeft\" data-cell-type=\"text\" data-original-value=\"17 de diciembre de 2020, a las 12:30 horas\" data-order=\"17 de diciembre de 2020, a las 12:30 horas\" >17 de diciembre de 2020, a las 12:30 horas <\/td><td data-cell-id=\"B28\" data-x=\"1\" data-y=\"28\" data-db-index=\"28\" class=\"fsize-18 htLeft\" data-cell-type=\"text\" data-original-value=\"Ciudadana Patricia Le\u00f3n L\u00f3pez, quien se ostenta como Secretaria General en Funciones de Presidente del Partido Nacional Movimiento de Regeneraci\u00f3n Nacional (MORENA)\" data-order=\"Ciudadana Patricia Le\u00f3n L\u00f3pez, quien se ostenta como Secretaria General en Funciones de Presidente del Partido Nacional Movimiento de Regeneraci\u00f3n Nacional (MORENA)\" >Ciudadana Patricia Le\u00f3n L\u00f3pez, quien se ostenta como Secretaria General en Funciones de Presidente del Partido Nacional Movimiento de Regeneraci\u00f3n Nacional (MORENA) <\/td><td data-cell-id=\"C28\" data-x=\"2\" data-y=\"28\" data-db-index=\"28\" class=\"fsize-18 htLeft\" data-cell-type=\"text\" data-original-value=\"Consejeros Estatales del Partido Morena en Campeche: Ciudadanas Blanca Guadalupe Lissette Uc Mart\u00ednez, Carlos Ucan Yam, Mildred Jes\u00fas Can Hern\u00e1ndez, Jos\u00e9 Ram\u00f3n Maga\u00f1a Mart\u00ednez y Mar\u00eda del Carmen Molina Chabl\u00e9. Comit\u00e9 Ejecutivo Nacional del Partido Morena Nacional a trav\u00e9s del Ciudadano Alfonso Ram\u00edrez Cuellar\" data-order=\"Consejeros Estatales del Partido Morena en Campeche: Ciudadanas Blanca Guadalupe Lissette Uc Mart\u00ednez, Carlos Ucan Yam, Mildred Jes\u00fas Can Hern\u00e1ndez, Jos\u00e9 Ram\u00f3n Maga\u00f1a Mart\u00ednez y Mar\u00eda del Carmen Molina Chabl\u00e9. Comit\u00e9 Ejecutivo Nacional del Partido Morena Nacional a trav\u00e9s del Ciudadano Alfonso Ram\u00edrez Cuellar\" >Consejeros Estatales del Partido Morena en Campeche: Ciudadanas Blanca Guadalupe Lissette Uc Mart\u00ednez, Carlos Ucan Yam, Mildred Jes\u00fas Can Hern\u00e1ndez, Jos\u00e9 Ram\u00f3n Maga\u00f1a Mart\u00ednez y Mar\u00eda del Carmen Molina Chabl\u00e9. Comit\u00e9 Ejecutivo Nacional del Partido Morena Nacional a trav\u00e9s del Ciudadano Alfonso Ram\u00edrez Cuellar <\/td><td data-cell-id=\"D28\" data-x=\"3\" data-y=\"28\" data-db-index=\"28\" class=\"fsize-18 htLeft\" data-cell-type=\"text\" data-original-value=\"&lt;a href=&quot;https:\/\/teec.org.mx\/web\/wp-content\/uploads\/2020\/12\/TEEC-JDC-15-2020-y-acum.-TEEC-JDC-18-2020-17-12-2020.pdf&quot; target=&quot;_blank&quot;&gt;TEEC\/JDC\/15\/2020 y su acumulado TEEC\/JDC\/18\/2020 (Acuerdo plenario)&lt;\/a&gt;\" data-order=\"&lt;a href=&quot;https:\/\/teec.org.mx\/web\/wp-content\/uploads\/2020\/12\/TEEC-JDC-15-2020-y-acum.-TEEC-JDC-18-2020-17-12-2020.pdf&quot; target=&quot;_blank&quot;&gt;TEEC\/JDC\/15\/2020 y su acumulado TEEC\/JDC\/18\/2020 (Acuerdo plenario)&lt;\/a&gt;\" ><a href=\"https:\/\/teec.org.mx\/web\/wp-content\/uploads\/2020\/12\/TEEC-JDC-15-2020-y-acum.-TEEC-JDC-18-2020-17-12-2020.pdf\" target=\"_blank\">TEEC\/JDC\/15\/2020 y su acumulado TEEC\/JDC\/18\/2020 (Acuerdo plenario)<\/a><\/td><\/tr><tr style=\"height:px\" ><td data-cell-id=\"A29\" data-x=\"0\" data-y=\"29\" data-db-index=\"29\" class=\"fsize-18 htLeft\" data-cell-type=\"text\" data-original-value=\"16 de diciembre de 2020, a las 15:00 horas\" data-order=\"16 de diciembre de 2020, a las 15:00 horas\" >16 de diciembre de 2020, a las 15:00 horas <\/td><td data-cell-id=\"B29\" data-x=\"1\" data-y=\"29\" data-db-index=\"29\" class=\"fsize-18 htLeft\" data-cell-type=\"text\" data-original-value=\"Ciudadano Rub\u00e9n Ricardo Saravia Cuevas, Suplente del Presidente del H. Ayuntamiento del Municipio de Campeche, Campeche\" data-order=\"Ciudadano Rub\u00e9n Ricardo Saravia Cuevas, Suplente del Presidente del H. Ayuntamiento del Municipio de Campeche, Campeche\" >Ciudadano Rub\u00e9n Ricardo Saravia Cuevas, Suplente del Presidente del H. Ayuntamiento del Municipio de Campeche, Campeche <\/td><td data-cell-id=\"C29\" data-x=\"2\" data-y=\"29\" data-db-index=\"29\" class=\"fsize-18 htLeft\" data-cell-type=\"text\" data-original-value=\"H. Ayuntamiento del Municipio de Campeche\" data-order=\"H. Ayuntamiento del Municipio de Campeche\" >H. Ayuntamiento del Municipio de Campeche <\/td><td data-cell-id=\"D29\" data-x=\"3\" data-y=\"29\" data-db-index=\"29\" class=\"fsize-18 htLeft\" data-cell-type=\"text\" data-original-value=\"&lt;a href=&quot;https:\/\/teec.org.mx\/web\/wp-content\/uploads\/2020\/12\/TEEC-JDC-19-2020-16-12-2020.pdf&quot; target=&quot;_blank&quot;&gt;TEEC\/JDC\/19\/2020 (Acuerdo de turno)&lt;\/a&gt;\" data-order=\"&lt;a href=&quot;https:\/\/teec.org.mx\/web\/wp-content\/uploads\/2020\/12\/TEEC-JDC-19-2020-16-12-2020.pdf&quot; target=&quot;_blank&quot;&gt;TEEC\/JDC\/19\/2020 (Acuerdo de turno)&lt;\/a&gt;\" ><a href=\"https:\/\/teec.org.mx\/web\/wp-content\/uploads\/2020\/12\/TEEC-JDC-19-2020-16-12-2020.pdf\" target=\"_blank\">TEEC\/JDC\/19\/2020 (Acuerdo de turno)<\/a><\/td><\/tr><tr style=\"height:px\" ><td data-cell-id=\"A30\" data-x=\"0\" data-y=\"30\" data-db-index=\"30\" class=\"fsize-18 htLeft\" data-cell-type=\"text\" data-original-value=\"16 de diciembre de 2020, a las 14:30 horas\" data-order=\"16 de diciembre de 2020, a las 14:30 horas\" >16 de diciembre de 2020, a las 14:30 horas <\/td><td data-cell-id=\"B30\" data-x=\"1\" data-y=\"30\" data-db-index=\"30\" class=\"fsize-18 htLeft\" data-cell-type=\"text\" data-original-value=\"Ciudadana Patricia Le\u00f3n L\u00f3pez, quien se ostenta como Secretaria General del Partido Nacional Movimiento de Regeneraci\u00f3n Nacional (Morena) en el Estado de Campeche \" data-order=\"Ciudadana Patricia Le\u00f3n L\u00f3pez, quien se ostenta como Secretaria General del Partido Nacional Movimiento de Regeneraci\u00f3n Nacional (Morena) en el Estado de Campeche \" >Ciudadana Patricia Le\u00f3n L\u00f3pez, quien se ostenta como Secretaria General del Partido Nacional Movimiento de Regeneraci\u00f3n Nacional (Morena) en el Estado de Campeche <\/td><td data-cell-id=\"C30\" data-x=\"2\" data-y=\"30\" data-db-index=\"30\" class=\"fsize-18 htLeft\" data-cell-type=\"text\" data-original-value=\"Consejeros del Consejo Estatal Morena del Estado de Campeche, Ciudadanas Blanca Guadalupe Lissette Uc Mart\u00ednez, Mildred Jes\u00fas Can Hern\u00e1ndez, Carlos Enrique Ucan Yam, Jos\u00e9 Ram\u00f3n Maga\u00f1a Mart\u00ednez, y Mar\u00eda del Carmen Molina Chabl\u00e9 \" data-order=\"Consejeros del Consejo Estatal Morena del Estado de Campeche, Ciudadanas Blanca Guadalupe Lissette Uc Mart\u00ednez, Mildred Jes\u00fas Can Hern\u00e1ndez, Carlos Enrique Ucan Yam, Jos\u00e9 Ram\u00f3n Maga\u00f1a Mart\u00ednez, y Mar\u00eda del Carmen Molina Chabl\u00e9 \" >Consejeros del Consejo Estatal Morena del Estado de Campeche, Ciudadanas Blanca Guadalupe Lissette Uc Mart\u00ednez, Mildred Jes\u00fas Can Hern\u00e1ndez, Carlos Enrique Ucan Yam, Jos\u00e9 Ram\u00f3n Maga\u00f1a Mart\u00ednez, y Mar\u00eda del Carmen Molina Chabl\u00e9 <\/td><td data-cell-id=\"D30\" data-x=\"3\" data-y=\"30\" data-db-index=\"30\" class=\"fsize-18 htLeft\" data-cell-type=\"text\" data-original-value=\"&lt;a href=&quot;https:\/\/teec.org.mx\/web\/wp-content\/uploads\/2020\/12\/TEEC-JDC-18-2020-2do.-acue.-16-12-2020.pdf&quot; target=&quot;_blank&quot;&gt;TEEC\/JDC\/18\/2020 (Acuerdo se fija fecha y hora para sesi\u00f3n privada)&lt;\/a&gt;\" data-order=\"&lt;a href=&quot;https:\/\/teec.org.mx\/web\/wp-content\/uploads\/2020\/12\/TEEC-JDC-18-2020-2do.-acue.-16-12-2020.pdf&quot; target=&quot;_blank&quot;&gt;TEEC\/JDC\/18\/2020 (Acuerdo se fija fecha y hora para sesi\u00f3n privada)&lt;\/a&gt;\" ><a href=\"https:\/\/teec.org.mx\/web\/wp-content\/uploads\/2020\/12\/TEEC-JDC-18-2020-2do.-acue.-16-12-2020.pdf\" target=\"_blank\">TEEC\/JDC\/18\/2020 (Acuerdo se fija fecha y hora para sesi\u00f3n privada)<\/a><\/td><\/tr><tr style=\"height:px\" ><td data-cell-id=\"A31\" data-x=\"0\" data-y=\"31\" data-db-index=\"31\" class=\"fsize-18 htLeft\" data-cell-type=\"text\" data-original-value=\"16 de diciembre de 2020, a las 14:20 horas\" data-order=\"16 de diciembre de 2020, a las 14:20 horas\" >16 de diciembre de 2020, a las 14:20 horas <\/td><td data-cell-id=\"B31\" data-x=\"1\" data-y=\"31\" data-db-index=\"31\" class=\"fsize-18 htLeft\" data-cell-type=\"text\" data-original-value=\"Ciudadana Patricia Le\u00f3n L\u00f3pez, quien se ostenta como Secretaria General en Funciones de Presidente del Partido Nacional Movimiento de Regeneraci\u00f3n Nacional (MORENA)\" data-order=\"Ciudadana Patricia Le\u00f3n L\u00f3pez, quien se ostenta como Secretaria General en Funciones de Presidente del Partido Nacional Movimiento de Regeneraci\u00f3n Nacional (MORENA)\" >Ciudadana Patricia Le\u00f3n L\u00f3pez, quien se ostenta como Secretaria General en Funciones de Presidente del Partido Nacional Movimiento de Regeneraci\u00f3n Nacional (MORENA) <\/td><td data-cell-id=\"C31\" data-x=\"2\" data-y=\"31\" data-db-index=\"31\" class=\"fsize-18 htLeft\" data-cell-type=\"text\" data-original-value=\"Ciudadanos Blanca Guadalupe Lissette Uc Mart\u00ednez, Carlos Ucan Yam, Mildred Jes\u00fas Can Hern\u00e1ndez y Jos\u00e9 Ram\u00f3n Maga\u00f1a Mart\u00ednez, como Consejeros Estatales del Partido Morena en Campeche, y Presidente del Comit\u00e9 Ejecutivo Nacional del Partido Morena Nacional a trav\u00e9s del Ciudadano Alfonso Ram\u00edrez Cuellar\" data-order=\"Ciudadanos Blanca Guadalupe Lissette Uc Mart\u00ednez, Carlos Ucan Yam, Mildred Jes\u00fas Can Hern\u00e1ndez y Jos\u00e9 Ram\u00f3n Maga\u00f1a Mart\u00ednez, como Consejeros Estatales del Partido Morena en Campeche, y Presidente del Comit\u00e9 Ejecutivo Nacional del Partido Morena Nacional a trav\u00e9s del Ciudadano Alfonso Ram\u00edrez Cuellar\" >Ciudadanos Blanca Guadalupe Lissette Uc Mart\u00ednez, Carlos Ucan Yam, Mildred Jes\u00fas Can Hern\u00e1ndez y Jos\u00e9 Ram\u00f3n Maga\u00f1a Mart\u00ednez, como Consejeros Estatales del Partido Morena en Campeche, y Presidente del Comit\u00e9 Ejecutivo Nacional del Partido Morena Nacional a trav\u00e9s del Ciudadano Alfonso Ram\u00edrez Cuellar <\/td><td data-cell-id=\"D31\" data-x=\"3\" data-y=\"31\" data-db-index=\"31\" class=\"fsize-18 htLeft\" data-cell-type=\"text\" data-original-value=\"&lt;a href=&quot;https:\/\/teec.org.mx\/web\/wp-content\/uploads\/2020\/12\/TEEC-JDC-15-2020-2do-acu.-16-12-2020.pdf&quot; target=&quot;_blank&quot;&gt;TEEC\/JDC\/15\/2020 (Acuerdo se fija fecha y hora para sesi\u00f3n privada)&lt;\/a&gt;\" data-order=\"&lt;a href=&quot;https:\/\/teec.org.mx\/web\/wp-content\/uploads\/2020\/12\/TEEC-JDC-15-2020-2do-acu.-16-12-2020.pdf&quot; target=&quot;_blank&quot;&gt;TEEC\/JDC\/15\/2020 (Acuerdo se fija fecha y hora para sesi\u00f3n privada)&lt;\/a&gt;\" ><a href=\"https:\/\/teec.org.mx\/web\/wp-content\/uploads\/2020\/12\/TEEC-JDC-15-2020-2do-acu.-16-12-2020.pdf\" target=\"_blank\">TEEC\/JDC\/15\/2020 (Acuerdo se fija fecha y hora para sesi\u00f3n privada)<\/a><\/td><\/tr><tr style=\"height:px\" ><td data-cell-id=\"A32\" data-x=\"0\" data-y=\"32\" data-db-index=\"32\" class=\"fsize-18 htLeft\" data-cell-type=\"text\" data-original-value=\"16 de diciembre de 2020, a las 11:40 horas\" data-order=\"16 de diciembre de 2020, a las 11:40 horas\" >16 de diciembre de 2020, a las 11:40 horas <\/td><td data-cell-id=\"B32\" data-x=\"1\" data-y=\"32\" data-db-index=\"32\" class=\"fsize-18 htLeft\" data-cell-type=\"text\" data-original-value=\"Ciudadana Patricia Le\u00f3n L\u00f3pez, quien se ostenta como Secretaria General del Partido Nacional Movimiento de Regeneraci\u00f3n Nacional (Morena) en el Estado de Campeche\" data-order=\"Ciudadana Patricia Le\u00f3n L\u00f3pez, quien se ostenta como Secretaria General del Partido Nacional Movimiento de Regeneraci\u00f3n Nacional (Morena) en el Estado de Campeche\" >Ciudadana Patricia Le\u00f3n L\u00f3pez, quien se ostenta como Secretaria General del Partido Nacional Movimiento de Regeneraci\u00f3n Nacional (Morena) en el Estado de Campeche <\/td><td data-cell-id=\"C32\" data-x=\"2\" data-y=\"32\" data-db-index=\"32\" class=\"fsize-18 htLeft\" data-cell-type=\"text\" data-original-value=\"Consejeros del Consejo Estatal Morena del Estado de Campeche, Ciudadanas Blanca Guadalupe Lissette Uc Mart\u00ednez, Mildred Jes\u00fas Can Hern\u00e1ndez, Carlos Enrique Ucan Yam, Jos\u00e9 Ram\u00f3n Maga\u00f1a Mart\u00ednez, y Mar\u00eda del Carmen Molina Chabl\u00e9\" data-order=\"Consejeros del Consejo Estatal Morena del Estado de Campeche, Ciudadanas Blanca Guadalupe Lissette Uc Mart\u00ednez, Mildred Jes\u00fas Can Hern\u00e1ndez, Carlos Enrique Ucan Yam, Jos\u00e9 Ram\u00f3n Maga\u00f1a Mart\u00ednez, y Mar\u00eda del Carmen Molina Chabl\u00e9\" >Consejeros del Consejo Estatal Morena del Estado de Campeche, Ciudadanas Blanca Guadalupe Lissette Uc Mart\u00ednez, Mildred Jes\u00fas Can Hern\u00e1ndez, Carlos Enrique Ucan Yam, Jos\u00e9 Ram\u00f3n Maga\u00f1a Mart\u00ednez, y Mar\u00eda del Carmen Molina Chabl\u00e9 <\/td><td data-cell-id=\"D32\" data-x=\"3\" data-y=\"32\" data-db-index=\"32\" class=\"fsize-18 htLeft\" data-cell-type=\"text\" data-original-value=\"&lt;a href=&quot;https:\/\/teec.org.mx\/web\/wp-content\/uploads\/2020\/12\/TEEC-JDC-18-2020-16-12-2020.pdf&quot; target=&quot;_blank&quot;&gt;TEEC\/JDC\/18\/2020 (Acuerdo de recepci\u00f3n, radicaci\u00f3n y solicitud de fecha y hora para sesi\u00f3n privada)&lt;\/a&gt;\" data-order=\"&lt;a href=&quot;https:\/\/teec.org.mx\/web\/wp-content\/uploads\/2020\/12\/TEEC-JDC-18-2020-16-12-2020.pdf&quot; target=&quot;_blank&quot;&gt;TEEC\/JDC\/18\/2020 (Acuerdo de recepci\u00f3n, radicaci\u00f3n y solicitud de fecha y hora para sesi\u00f3n privada)&lt;\/a&gt;\" ><a href=\"https:\/\/teec.org.mx\/web\/wp-content\/uploads\/2020\/12\/TEEC-JDC-18-2020-16-12-2020.pdf\" target=\"_blank\">TEEC\/JDC\/18\/2020 (Acuerdo de recepci\u00f3n, radicaci\u00f3n y solicitud de fecha y hora para sesi\u00f3n privada)<\/a><\/td><\/tr><tr style=\"height:px\" ><td data-cell-id=\"A33\" data-x=\"0\" data-y=\"33\" data-db-index=\"33\" class=\"fsize-18 htLeft\" data-cell-type=\"text\" data-original-value=\"16 de diciembre de 2020, a las 11:20 horas\" data-order=\"16 de diciembre de 2020, a las 11:20 horas\" >16 de diciembre de 2020, a las 11:20 horas <\/td><td data-cell-id=\"B33\" data-x=\"1\" data-y=\"33\" data-db-index=\"33\" class=\"fsize-18 htLeft\" data-cell-type=\"text\" data-original-value=\"Ciudadana Patricia Le\u00f3n L\u00f3pez, quien se ostenta como Secretaria General en Funciones de Presidente del Partido Nacional Movimiento de Regeneraci\u00f3n Nacional (MORENA)\" data-order=\"Ciudadana Patricia Le\u00f3n L\u00f3pez, quien se ostenta como Secretaria General en Funciones de Presidente del Partido Nacional Movimiento de Regeneraci\u00f3n Nacional (MORENA)\" >Ciudadana Patricia Le\u00f3n L\u00f3pez, quien se ostenta como Secretaria General en Funciones de Presidente del Partido Nacional Movimiento de Regeneraci\u00f3n Nacional (MORENA) <\/td><td data-cell-id=\"C33\" data-x=\"2\" data-y=\"33\" data-db-index=\"33\" class=\"fsize-18 htLeft\" data-cell-type=\"text\" data-original-value=\"Ciudadanos Blanca Guadalupe Lissette Uc Mart\u00ednez, Carlos Ucan Yam, Mildred Jes\u00fas Can Hern\u00e1ndez y Jos\u00e9 Ram\u00f3n Maga\u00f1a Mart\u00ednez, como Consejeros Estatales del Partido Morena en Campeche, y Presidente del Comit\u00e9 Ejecutivo Nacional del Partido Morena Nacional a trav\u00e9s del Ciudadano Alfonso Ram\u00edrez Cuellar\" data-order=\"Ciudadanos Blanca Guadalupe Lissette Uc Mart\u00ednez, Carlos Ucan Yam, Mildred Jes\u00fas Can Hern\u00e1ndez y Jos\u00e9 Ram\u00f3n Maga\u00f1a Mart\u00ednez, como Consejeros Estatales del Partido Morena en Campeche, y Presidente del Comit\u00e9 Ejecutivo Nacional del Partido Morena Nacional a trav\u00e9s del Ciudadano Alfonso Ram\u00edrez Cuellar\" >Ciudadanos Blanca Guadalupe Lissette Uc Mart\u00ednez, Carlos Ucan Yam, Mildred Jes\u00fas Can Hern\u00e1ndez y Jos\u00e9 Ram\u00f3n Maga\u00f1a Mart\u00ednez, como Consejeros Estatales del Partido Morena en Campeche, y Presidente del Comit\u00e9 Ejecutivo Nacional del Partido Morena Nacional a trav\u00e9s del Ciudadano Alfonso Ram\u00edrez Cuellar <\/td><td data-cell-id=\"D33\" data-x=\"3\" data-y=\"33\" data-db-index=\"33\" class=\"fsize-18 htLeft\" data-cell-type=\"text\" data-original-value=\"&lt;a href=&quot;https:\/\/teec.org.mx\/web\/wp-content\/uploads\/2020\/12\/TEEC-JDC-15-2020-16-12-2020.pdf&quot; target=&quot;_blank&quot;&gt;TEEC\/JDC\/15\/2020 (Acuerdo de recepci\u00f3n, acumulaci\u00f3n y solicitud de fecha y hora para sesi\u00f3n privada)&lt;\/a&gt;\" data-order=\"&lt;a href=&quot;https:\/\/teec.org.mx\/web\/wp-content\/uploads\/2020\/12\/TEEC-JDC-15-2020-16-12-2020.pdf&quot; target=&quot;_blank&quot;&gt;TEEC\/JDC\/15\/2020 (Acuerdo de recepci\u00f3n, acumulaci\u00f3n y solicitud de fecha y hora para sesi\u00f3n privada)&lt;\/a&gt;\" ><a href=\"https:\/\/teec.org.mx\/web\/wp-content\/uploads\/2020\/12\/TEEC-JDC-15-2020-16-12-2020.pdf\" target=\"_blank\">TEEC\/JDC\/15\/2020 (Acuerdo de recepci\u00f3n, acumulaci\u00f3n y solicitud de fecha y hora para sesi\u00f3n privada)<\/a><\/td><\/tr><tr style=\"height:px\" ><td data-cell-id=\"A34\" data-x=\"0\" data-y=\"34\" data-db-index=\"34\" class=\"fsize-18 htLeft\" data-cell-type=\"text\" data-original-value=\"15 de diciembre de 2020, a las 14:55 horas\" data-order=\"15 de diciembre de 2020, a las 14:55 horas\" >15 de diciembre de 2020, a las 14:55 horas <\/td><td data-cell-id=\"B34\" data-x=\"1\" data-y=\"34\" data-db-index=\"34\" class=\"fsize-18 htLeft\" data-cell-type=\"text\" data-original-value=\"Licenciado Juan Francisco Portela Rodr\u00edguez, quien se ostenta como Miembro Activo del Partido Acci\u00f3n Nacional\" data-order=\"Licenciado Juan Francisco Portela Rodr\u00edguez, quien se ostenta como Miembro Activo del Partido Acci\u00f3n Nacional\" >Licenciado Juan Francisco Portela Rodr\u00edguez, quien se ostenta como Miembro Activo del Partido Acci\u00f3n Nacional <\/td><td data-cell-id=\"C34\" data-x=\"2\" data-y=\"34\" data-db-index=\"34\" class=\"fsize-18 htLeft\" data-cell-type=\"text\" data-original-value=\"Ciudadana Marisol Vargas B\u00e1rcena, Presidente de la Comisi\u00f3n de Orden y Disciplina Intrapartidista del Comit\u00e9 Ejecutivo Nacional del Partido Acci\u00f3n Nacional\" data-order=\"Ciudadana Marisol Vargas B\u00e1rcena, Presidente de la Comisi\u00f3n de Orden y Disciplina Intrapartidista del Comit\u00e9 Ejecutivo Nacional del Partido Acci\u00f3n Nacional\" >Ciudadana Marisol Vargas B\u00e1rcena, Presidente de la Comisi\u00f3n de Orden y Disciplina Intrapartidista del Comit\u00e9 Ejecutivo Nacional del Partido Acci\u00f3n Nacional <\/td><td data-cell-id=\"D34\" data-x=\"3\" data-y=\"34\" data-db-index=\"34\" class=\"fsize-18 htLeft\" data-cell-type=\"text\" data-original-value=\"&lt;a href=&quot;https:\/\/teec.org.mx\/web\/wp-content\/uploads\/2020\/12\/TEEC-JDC-17-2020-15-12-2020.pdf&quot; target=&quot;_blank&quot;&gt;TEEC\/JDC\/17\/2020 (Acuerdo se dicta acuerdo plenario)&lt;\/a&gt;\" data-order=\"&lt;a href=&quot;https:\/\/teec.org.mx\/web\/wp-content\/uploads\/2020\/12\/TEEC-JDC-17-2020-15-12-2020.pdf&quot; target=&quot;_blank&quot;&gt;TEEC\/JDC\/17\/2020 (Acuerdo se dicta acuerdo plenario)&lt;\/a&gt;\" ><a href=\"https:\/\/teec.org.mx\/web\/wp-content\/uploads\/2020\/12\/TEEC-JDC-17-2020-15-12-2020.pdf\" target=\"_blank\">TEEC\/JDC\/17\/2020 (Acuerdo se dicta acuerdo plenario)<\/a><\/td><\/tr><tr style=\"height:px\" ><td data-cell-id=\"A35\" data-x=\"0\" data-y=\"35\" data-db-index=\"35\" class=\"fsize-18 htLeft\" data-cell-type=\"text\" data-original-value=\"15 de diciembre de 2020, a las 14:45 horas\" data-order=\"15 de diciembre de 2020, a las 14:45 horas\" >15 de diciembre de 2020, a las 14:45 horas <\/td><td data-cell-id=\"B35\" data-x=\"1\" data-y=\"35\" data-db-index=\"35\" class=\"fsize-18 htLeft\" data-cell-type=\"text\" data-original-value=\"Ciudadana Patricia Le\u00f3n L\u00f3pez, quien se ostenta como Secretaria General en Funciones de Presidente del Partido Nacional Movimiento de Regeneraci\u00f3n Nacional (MORENA)\" data-order=\"Ciudadana Patricia Le\u00f3n L\u00f3pez, quien se ostenta como Secretaria General en Funciones de Presidente del Partido Nacional Movimiento de Regeneraci\u00f3n Nacional (MORENA)\" >Ciudadana Patricia Le\u00f3n L\u00f3pez, quien se ostenta como Secretaria General en Funciones de Presidente del Partido Nacional Movimiento de Regeneraci\u00f3n Nacional (MORENA) <\/td><td data-cell-id=\"C35\" data-x=\"2\" data-y=\"35\" data-db-index=\"35\" class=\"fsize-18 htLeft\" data-cell-type=\"text\" data-original-value=\"Ciudadanos Blanca Guadalupe Lissette Uc Mart\u00ednez, Carlos Ucan Yam, Mildred Jes\u00fas Can Hern\u00e1ndez y Jos\u00e9 Ram\u00f3n Maga\u00f1a Mart\u00ednez, como Consejeros Estatales del Partido Morena en Campeche, y Presidente del Comit\u00e9 Ejecutivo Nacional del Partido Morena Nacional a trav\u00e9s del Ciudadano Alfonso Ram\u00edrez Cuellar\" data-order=\"Ciudadanos Blanca Guadalupe Lissette Uc Mart\u00ednez, Carlos Ucan Yam, Mildred Jes\u00fas Can Hern\u00e1ndez y Jos\u00e9 Ram\u00f3n Maga\u00f1a Mart\u00ednez, como Consejeros Estatales del Partido Morena en Campeche, y Presidente del Comit\u00e9 Ejecutivo Nacional del Partido Morena Nacional a trav\u00e9s del Ciudadano Alfonso Ram\u00edrez Cuellar\" >Ciudadanos Blanca Guadalupe Lissette Uc Mart\u00ednez, Carlos Ucan Yam, Mildred Jes\u00fas Can Hern\u00e1ndez y Jos\u00e9 Ram\u00f3n Maga\u00f1a Mart\u00ednez, como Consejeros Estatales del Partido Morena en Campeche, y Presidente del Comit\u00e9 Ejecutivo Nacional del Partido Morena Nacional a trav\u00e9s del Ciudadano Alfonso Ram\u00edrez Cuellar <\/td><td data-cell-id=\"D35\" data-x=\"3\" data-y=\"35\" data-db-index=\"35\" class=\"fsize-18 htLeft\" data-cell-type=\"text\" data-original-value=\"&lt;a href=&quot;https:\/\/teec.org.mx\/web\/wp-content\/uploads\/2020\/12\/TEEC-JDC-15-2020-15-12-2020.pdf&quot; target=&quot;_blank&quot;&gt;TEEC\/JDC\/15\/2020 (Acuerdo de recepci\u00f3n y acumulaci\u00f3n)&lt;\/a&gt;\" data-order=\"&lt;a href=&quot;https:\/\/teec.org.mx\/web\/wp-content\/uploads\/2020\/12\/TEEC-JDC-15-2020-15-12-2020.pdf&quot; target=&quot;_blank&quot;&gt;TEEC\/JDC\/15\/2020 (Acuerdo de recepci\u00f3n y acumulaci\u00f3n)&lt;\/a&gt;\" ><a href=\"https:\/\/teec.org.mx\/web\/wp-content\/uploads\/2020\/12\/TEEC-JDC-15-2020-15-12-2020.pdf\" target=\"_blank\">TEEC\/JDC\/15\/2020 (Acuerdo de recepci\u00f3n y acumulaci\u00f3n)<\/a><\/td><\/tr><tr style=\"height:px\" ><td data-cell-id=\"A36\" data-x=\"0\" data-y=\"36\" data-db-index=\"36\" class=\"fsize-18 htLeft\" data-cell-type=\"text\" data-original-value=\"15 de diciembre de 2020, a las 12:30 horas\" data-order=\"15 de diciembre de 2020, a las 12:30 horas\" >15 de diciembre de 2020, a las 12:30 horas <\/td><td data-cell-id=\"B36\" data-x=\"1\" data-y=\"36\" data-db-index=\"36\" class=\"fsize-18 htLeft\" data-cell-type=\"text\" data-original-value=\"Ciudadana Patricia Le\u00f3n L\u00f3pez, quien se ostenta como Secretaria General del Partido Nacional Movimiento de Regeneraci\u00f3n Nacional (Morena) en el Estado de Campeche\" data-order=\"Ciudadana Patricia Le\u00f3n L\u00f3pez, quien se ostenta como Secretaria General del Partido Nacional Movimiento de Regeneraci\u00f3n Nacional (Morena) en el Estado de Campeche\" >Ciudadana Patricia Le\u00f3n L\u00f3pez, quien se ostenta como Secretaria General del Partido Nacional Movimiento de Regeneraci\u00f3n Nacional (Morena) en el Estado de Campeche <\/td><td data-cell-id=\"C36\" data-x=\"2\" data-y=\"36\" data-db-index=\"36\" class=\"fsize-18 htLeft\" data-cell-type=\"text\" data-original-value=\"Consejeros del Consejo Estatal Morena del Estado de Campeche, Ciudadanas Blanca Guadalupe Lissette Uc Mart\u00ednez, Mildred Jes\u00fas Can Hern\u00e1ndez, Carlos Enrique Ucan Yam, Jos\u00e9 Ram\u00f3n Maga\u00f1a Mart\u00ednez, y Mar\u00eda del Carmen Molina Chabl\u00e9\" data-order=\"Consejeros del Consejo Estatal Morena del Estado de Campeche, Ciudadanas Blanca Guadalupe Lissette Uc Mart\u00ednez, Mildred Jes\u00fas Can Hern\u00e1ndez, Carlos Enrique Ucan Yam, Jos\u00e9 Ram\u00f3n Maga\u00f1a Mart\u00ednez, y Mar\u00eda del Carmen Molina Chabl\u00e9\" >Consejeros del Consejo Estatal Morena del Estado de Campeche, Ciudadanas Blanca Guadalupe Lissette Uc Mart\u00ednez, Mildred Jes\u00fas Can Hern\u00e1ndez, Carlos Enrique Ucan Yam, Jos\u00e9 Ram\u00f3n Maga\u00f1a Mart\u00ednez, y Mar\u00eda del Carmen Molina Chabl\u00e9 <\/td><td data-cell-id=\"D36\" data-x=\"3\" data-y=\"36\" data-db-index=\"36\" class=\"fsize-18 htLeft\" data-cell-type=\"text\" data-original-value=\"&lt;a href=&quot;https:\/\/teec.org.mx\/web\/wp-content\/uploads\/2020\/12\/TEEC-JDC-18-2020-15-12-2020.pdf&quot; target=&quot;_blank&quot;&gt;TEEC\/JDC\/18\/2020 (Acuerdo de turno)&lt;\/a&gt;\" data-order=\"&lt;a href=&quot;https:\/\/teec.org.mx\/web\/wp-content\/uploads\/2020\/12\/TEEC-JDC-18-2020-15-12-2020.pdf&quot; target=&quot;_blank&quot;&gt;TEEC\/JDC\/18\/2020 (Acuerdo de turno)&lt;\/a&gt;\" ><a href=\"https:\/\/teec.org.mx\/web\/wp-content\/uploads\/2020\/12\/TEEC-JDC-18-2020-15-12-2020.pdf\" target=\"_blank\">TEEC\/JDC\/18\/2020 (Acuerdo de turno)<\/a><\/td><\/tr><tr style=\"height:px\" ><td data-cell-id=\"A37\" data-x=\"0\" data-y=\"37\" data-db-index=\"37\" class=\"fsize-18 htLeft\" data-cell-type=\"text\" data-original-value=\"14 de diciembre de 2020, a las 14:50 horas\" data-order=\"14 de diciembre de 2020, a las 14:50 horas\" >14 de diciembre de 2020, a las 14:50 horas <\/td><td data-cell-id=\"B37\" data-x=\"1\" data-y=\"37\" data-db-index=\"37\" class=\"fsize-18 htLeft\" data-cell-type=\"text\" data-original-value=\"Licenciado Juan Francisco Portela Rodr\u00edguez, quien se ostenta como Miembro Activo del Partido Acci\u00f3n Nacional\" data-order=\"Licenciado Juan Francisco Portela Rodr\u00edguez, quien se ostenta como Miembro Activo del Partido Acci\u00f3n Nacional\" >Licenciado Juan Francisco Portela Rodr\u00edguez, quien se ostenta como Miembro Activo del Partido Acci\u00f3n Nacional <\/td><td data-cell-id=\"C37\" data-x=\"2\" data-y=\"37\" data-db-index=\"37\" class=\"fsize-18 htLeft\" data-cell-type=\"text\" data-original-value=\"Ciudadana Marisol Vargas B\u00e1rcena, Presidente de la Comisi\u00f3n de Orden y Disciplina Intrapartidista del Comit\u00e9 Ejecutivo Nacional del Partido Acci\u00f3n Nacional\" data-order=\"Ciudadana Marisol Vargas B\u00e1rcena, Presidente de la Comisi\u00f3n de Orden y Disciplina Intrapartidista del Comit\u00e9 Ejecutivo Nacional del Partido Acci\u00f3n Nacional\" >Ciudadana Marisol Vargas B\u00e1rcena, Presidente de la Comisi\u00f3n de Orden y Disciplina Intrapartidista del Comit\u00e9 Ejecutivo Nacional del Partido Acci\u00f3n Nacional <\/td><td data-cell-id=\"D37\" data-x=\"3\" data-y=\"37\" data-db-index=\"37\" class=\"fsize-18 htLeft\" data-cell-type=\"text\" data-original-value=\"&lt;a href=&quot;https:\/\/teec.org.mx\/web\/wp-content\/uploads\/2020\/12\/TEEC-JDC-17-2020-14-12-2020.pdf&quot; target=&quot;_blank&quot;&gt;TEEC\/JDC\/17\/2020 (Acuerdo se fija fecha y hora para sesi\u00f3n)&lt;\/a&gt;\" data-order=\"&lt;a href=&quot;https:\/\/teec.org.mx\/web\/wp-content\/uploads\/2020\/12\/TEEC-JDC-17-2020-14-12-2020.pdf&quot; target=&quot;_blank&quot;&gt;TEEC\/JDC\/17\/2020 (Acuerdo se fija fecha y hora para sesi\u00f3n)&lt;\/a&gt;\" ><a href=\"https:\/\/teec.org.mx\/web\/wp-content\/uploads\/2020\/12\/TEEC-JDC-17-2020-14-12-2020.pdf\" target=\"_blank\">TEEC\/JDC\/17\/2020 (Acuerdo se fija fecha y hora para sesi\u00f3n)<\/a><\/td><\/tr><tr style=\"height:px\" ><td data-cell-id=\"A38\" data-x=\"0\" data-y=\"38\" data-db-index=\"38\" class=\"fsize-18 htLeft\" data-cell-type=\"text\" data-original-value=\"14 de diciembre de 2020, a las 14:40 horas\" data-order=\"14 de diciembre de 2020, a las 14:40 horas\" >14 de diciembre de 2020, a las 14:40 horas <\/td><td data-cell-id=\"B38\" data-x=\"1\" data-y=\"38\" data-db-index=\"38\" class=\"fsize-18 htLeft\" data-cell-type=\"text\" data-original-value=\"Ciudadanos Ricardo S\u00e1nchez Cerino y Mar\u00eda Zaira S\u00e1nchez Huerta en sus Calidades de Militante del Partido Morena\" data-order=\"Ciudadanos Ricardo S\u00e1nchez Cerino y Mar\u00eda Zaira S\u00e1nchez Huerta en sus Calidades de Militante del Partido Morena\" >Ciudadanos Ricardo S\u00e1nchez Cerino y Mar\u00eda Zaira S\u00e1nchez Huerta en sus Calidades de Militante del Partido Morena <\/td><td data-cell-id=\"C38\" data-x=\"2\" data-y=\"38\" data-db-index=\"38\" class=\"fsize-18 htLeft\" data-cell-type=\"text\" data-original-value=\"Comisi\u00f3n Nacional de Honestidad y Justicia de Morena\" data-order=\"Comisi\u00f3n Nacional de Honestidad y Justicia de Morena\" >Comisi\u00f3n Nacional de Honestidad y Justicia de Morena <\/td><td data-cell-id=\"D38\" data-x=\"3\" data-y=\"38\" data-db-index=\"38\" class=\"fsize-18 htLeft\" data-cell-type=\"text\" data-original-value=\"&lt;a href=&quot;https:\/\/teec.org.mx\/web\/wp-content\/uploads\/2020\/12\/TEEC-JDC-13-2020-acum-TEEC-JDC-14-2020-sent.-14-12-2020.pdf&quot; target=&quot;_blank&quot;&gt;TEEC\/JDC\/13\/2020 y su acumulado TEEC\/JDC\/14\/2020 (Se dicta sentencia)&lt;\/a&gt;\" data-order=\"&lt;a href=&quot;https:\/\/teec.org.mx\/web\/wp-content\/uploads\/2020\/12\/TEEC-JDC-13-2020-acum-TEEC-JDC-14-2020-sent.-14-12-2020.pdf&quot; target=&quot;_blank&quot;&gt;TEEC\/JDC\/13\/2020 y su acumulado TEEC\/JDC\/14\/2020 (Se dicta sentencia)&lt;\/a&gt;\" ><a href=\"https:\/\/teec.org.mx\/web\/wp-content\/uploads\/2020\/12\/TEEC-JDC-13-2020-acum-TEEC-JDC-14-2020-sent.-14-12-2020.pdf\" target=\"_blank\">TEEC\/JDC\/13\/2020 y su acumulado TEEC\/JDC\/14\/2020 (Se dicta sentencia)<\/a><\/td><\/tr><tr style=\"height:px\" ><td data-cell-id=\"A39\" data-x=\"0\" data-y=\"39\" data-db-index=\"39\" class=\"fsize-18 htLeft\" data-cell-type=\"text\" data-original-value=\"14 de diciembre de 2020, a las 12:30 horas\" data-order=\"14 de diciembre de 2020, a las 12:30 horas\" >14 de diciembre de 2020, a las 12:30 horas <\/td><td data-cell-id=\"B39\" data-x=\"1\" data-y=\"39\" data-db-index=\"39\" class=\"fsize-18 htLeft\" data-cell-type=\"text\" data-original-value=\"Ciudadana Patricia Le\u00f3n L\u00f3pez, quien se ostenta como Secretaria General en Funciones de Presidente del Partido Nacional Movimiento de Regeneraci\u00f3n Nacional (MORENA)\" data-order=\"Ciudadana Patricia Le\u00f3n L\u00f3pez, quien se ostenta como Secretaria General en Funciones de Presidente del Partido Nacional Movimiento de Regeneraci\u00f3n Nacional (MORENA)\" >Ciudadana Patricia Le\u00f3n L\u00f3pez, quien se ostenta como Secretaria General en Funciones de Presidente del Partido Nacional Movimiento de Regeneraci\u00f3n Nacional (MORENA) <\/td><td data-cell-id=\"C39\" data-x=\"2\" data-y=\"39\" data-db-index=\"39\" class=\"fsize-18 htLeft\" data-cell-type=\"text\" data-original-value=\"Ciudadanas Blanca Guadalupe Lissette Uc Mart\u00ednez, Carlos Ucan Yam y Mildred Jes\u00fas Can Hern\u00e1ndez y Ciudadano Jos\u00e9 Ram\u00f3n Maga\u00f1a Mart\u00ednez, como Consejeros Estatales del Partido Morena en Campeche. Presidente del Comit\u00e9 Ejecutivo Nacional del Partido Morena Nacional a trav\u00e9s del Ciudadano Alfonso Ram\u00edrez Cuellar\" data-order=\"Ciudadanas Blanca Guadalupe Lissette Uc Mart\u00ednez, Carlos Ucan Yam y Mildred Jes\u00fas Can Hern\u00e1ndez y Ciudadano Jos\u00e9 Ram\u00f3n Maga\u00f1a Mart\u00ednez, como Consejeros Estatales del Partido Morena en Campeche. Presidente del Comit\u00e9 Ejecutivo Nacional del Partido Morena Nacional a trav\u00e9s del Ciudadano Alfonso Ram\u00edrez Cuellar\" >Ciudadanas Blanca Guadalupe Lissette Uc Mart\u00ednez, Carlos Ucan Yam y Mildred Jes\u00fas Can Hern\u00e1ndez y Ciudadano Jos\u00e9 Ram\u00f3n Maga\u00f1a Mart\u00ednez, como Consejeros Estatales del Partido Morena en Campeche. Presidente del Comit\u00e9 Ejecutivo Nacional del Partido Morena Nacional a trav\u00e9s del Ciudadano Alfonso Ram\u00edrez Cuellar <\/td><td data-cell-id=\"D39\" data-x=\"3\" data-y=\"39\" data-db-index=\"39\" class=\"fsize-18 htLeft\" data-cell-type=\"text\" data-original-value=\"&lt;a href=&quot;https:\/\/teec.org.mx\/web\/wp-content\/uploads\/2020\/12\/TEEC-JDC-15-2020-14-12-2020.pdf&quot; target=&quot;_blank&quot;&gt;TEEC\/JDC\/15\/2020 (Acuerdo de requerimiento)&lt;\/a&gt;\" data-order=\"&lt;a href=&quot;https:\/\/teec.org.mx\/web\/wp-content\/uploads\/2020\/12\/TEEC-JDC-15-2020-14-12-2020.pdf&quot; target=&quot;_blank&quot;&gt;TEEC\/JDC\/15\/2020 (Acuerdo de requerimiento)&lt;\/a&gt;\" ><a href=\"https:\/\/teec.org.mx\/web\/wp-content\/uploads\/2020\/12\/TEEC-JDC-15-2020-14-12-2020.pdf\" target=\"_blank\">TEEC\/JDC\/15\/2020 (Acuerdo de requerimiento)<\/a><\/td><\/tr><tr style=\"height:px\" ><td data-cell-id=\"A40\" data-x=\"0\" data-y=\"40\" data-db-index=\"40\" class=\"fsize-18 htLeft\" data-cell-type=\"text\" data-original-value=\"14 de diciembre de 2020, a las 12:05 horas\" data-order=\"14 de diciembre de 2020, a las 12:05 horas\" >14 de diciembre de 2020, a las 12:05 horas <\/td><td data-cell-id=\"B40\" data-x=\"1\" data-y=\"40\" data-db-index=\"40\" class=\"fsize-18 htLeft\" data-cell-type=\"text\" data-original-value=\"Licenciado Jos\u00e9 Luis Flores Pacheco, quien se ostenta como Presidente del Partido Morena en el Estado de Campeche y Militante de dicho Partido\" data-order=\"Licenciado Jos\u00e9 Luis Flores Pacheco, quien se ostenta como Presidente del Partido Morena en el Estado de Campeche y Militante de dicho Partido\" >Licenciado Jos\u00e9 Luis Flores Pacheco, quien se ostenta como Presidente del Partido Morena en el Estado de Campeche y Militante de dicho Partido <\/td><td data-cell-id=\"C40\" data-x=\"2\" data-y=\"40\" data-db-index=\"40\" class=\"fsize-18 htLeft\" data-cell-type=\"text\" data-original-value=\"Direcci\u00f3n de Prerrogativas y Partidos Pol\u00edticos del Instituto Nacional Electoral a trav\u00e9s de su Director Maestro Patricio Ballados Villag\u00f3mez\" data-order=\"Direcci\u00f3n de Prerrogativas y Partidos Pol\u00edticos del Instituto Nacional Electoral a trav\u00e9s de su Director Maestro Patricio Ballados Villag\u00f3mez\" >Direcci\u00f3n de Prerrogativas y Partidos Pol\u00edticos del Instituto Nacional Electoral a trav\u00e9s de su Director Maestro Patricio Ballados Villag\u00f3mez <\/td><td data-cell-id=\"D40\" data-x=\"3\" data-y=\"40\" data-db-index=\"40\" class=\"fsize-18 htLeft\" data-cell-type=\"text\" data-original-value=\"&lt;a href=&quot;https:\/\/teec.org.mx\/web\/wp-content\/uploads\/2020\/12\/TEEC-JDC-16-2020-14-12-2020.pdf&quot; target=&quot;_blank&quot;&gt;TEEC\/JDC\/16\/2020 (Se notifica acuerdo de Sala Xalapa)&lt;\/a&gt;\" data-order=\"&lt;a href=&quot;https:\/\/teec.org.mx\/web\/wp-content\/uploads\/2020\/12\/TEEC-JDC-16-2020-14-12-2020.pdf&quot; target=&quot;_blank&quot;&gt;TEEC\/JDC\/16\/2020 (Se notifica acuerdo de Sala Xalapa)&lt;\/a&gt;\" ><a href=\"https:\/\/teec.org.mx\/web\/wp-content\/uploads\/2020\/12\/TEEC-JDC-16-2020-14-12-2020.pdf\" target=\"_blank\">TEEC\/JDC\/16\/2020 (Se notifica acuerdo de Sala Xalapa)<\/a><\/td><\/tr><tr style=\"height:px\" ><td data-cell-id=\"A41\" data-x=\"0\" data-y=\"41\" data-db-index=\"41\" class=\"fsize-18 htLeft\" data-cell-type=\"text\" data-original-value=\"11 de diciembre de 2020, a las 14:30 horas\" data-order=\"11 de diciembre de 2020, a las 14:30 horas\" >11 de diciembre de 2020, a las 14:30 horas <\/td><td data-cell-id=\"B41\" data-x=\"1\" data-y=\"41\" data-db-index=\"41\" class=\"fsize-18 htLeft\" data-cell-type=\"text\" data-original-value=\"Ciudadana Patricia Le\u00f3n L\u00f3pez, quien se ostenta como Secretaria General en Funciones de Presidente del Partido Nacional Movimiento de Regeneraci\u00f3n Nacional (MORENA)\" data-order=\"Ciudadana Patricia Le\u00f3n L\u00f3pez, quien se ostenta como Secretaria General en Funciones de Presidente del Partido Nacional Movimiento de Regeneraci\u00f3n Nacional (MORENA)\" >Ciudadana Patricia Le\u00f3n L\u00f3pez, quien se ostenta como Secretaria General en Funciones de Presidente del Partido Nacional Movimiento de Regeneraci\u00f3n Nacional (MORENA) <\/td><td data-cell-id=\"C41\" data-x=\"2\" data-y=\"41\" data-db-index=\"41\" class=\"fsize-18 htLeft\" data-cell-type=\"text\" data-original-value=\"Ciudadanas Blanca Guadalupe Lissette Uc Mart\u00ednez, Carlos Ucan Yam y Mildred Jes\u00fas Can Hern\u00e1ndez y Ciudadano Jos\u00e9 Ram\u00f3n Maga\u00f1a Mart\u00ednez, como Consejeros Estatales del Partido Morena en Campeche. Presidente del Comit\u00e9 Ejecutivo Nacional del Partido Morena Nacional a trav\u00e9s del Ciudadano Alfonso Ram\u00edrez Cuellar\" data-order=\"Ciudadanas Blanca Guadalupe Lissette Uc Mart\u00ednez, Carlos Ucan Yam y Mildred Jes\u00fas Can Hern\u00e1ndez y Ciudadano Jos\u00e9 Ram\u00f3n Maga\u00f1a Mart\u00ednez, como Consejeros Estatales del Partido Morena en Campeche. Presidente del Comit\u00e9 Ejecutivo Nacional del Partido Morena Nacional a trav\u00e9s del Ciudadano Alfonso Ram\u00edrez Cuellar\" >Ciudadanas Blanca Guadalupe Lissette Uc Mart\u00ednez, Carlos Ucan Yam y Mildred Jes\u00fas Can Hern\u00e1ndez y Ciudadano Jos\u00e9 Ram\u00f3n Maga\u00f1a Mart\u00ednez, como Consejeros Estatales del Partido Morena en Campeche. Presidente del Comit\u00e9 Ejecutivo Nacional del Partido Morena Nacional a trav\u00e9s del Ciudadano Alfonso Ram\u00edrez Cuellar <\/td><td data-cell-id=\"D41\" data-x=\"3\" data-y=\"41\" data-db-index=\"41\" class=\"fsize-18 htLeft\" data-cell-type=\"text\" data-original-value=\"&lt;a href=&quot;https:\/\/teec.org.mx\/web\/wp-content\/uploads\/2020\/12\/TEEC-JDC-15-2020-Acuerdo-Plenario-11-12-2020.pdf&quot; target=&quot;_blank&quot;&gt;TEEC\/JDC\/15\/2020 (Acuerdo plenario)&lt;\/a&gt;\" data-order=\"&lt;a href=&quot;https:\/\/teec.org.mx\/web\/wp-content\/uploads\/2020\/12\/TEEC-JDC-15-2020-Acuerdo-Plenario-11-12-2020.pdf&quot; target=&quot;_blank&quot;&gt;TEEC\/JDC\/15\/2020 (Acuerdo plenario)&lt;\/a&gt;\" ><a href=\"https:\/\/teec.org.mx\/web\/wp-content\/uploads\/2020\/12\/TEEC-JDC-15-2020-Acuerdo-Plenario-11-12-2020.pdf\" target=\"_blank\">TEEC\/JDC\/15\/2020 (Acuerdo plenario)<\/a><\/td><\/tr><tr style=\"height:px\" ><td data-cell-id=\"A42\" data-x=\"0\" data-y=\"42\" data-db-index=\"42\" class=\"fsize-18 htLeft\" data-cell-type=\"text\" data-original-value=\"11 de diciembre de 2020, a las 13:00 horas\" data-order=\"11 de diciembre de 2020, a las 13:00 horas\" >11 de diciembre de 2020, a las 13:00 horas <\/td><td data-cell-id=\"B42\" data-x=\"1\" data-y=\"42\" data-db-index=\"42\" class=\"fsize-18 htLeft\" data-cell-type=\"text\" data-original-value=\"Ciudadana Patricia Le\u00f3n L\u00f3pez, quien se ostenta como Secretaria General en Funciones de Presidente del Partido Nacional Movimiento de Regeneraci\u00f3n Nacional (MORENA)\" data-order=\"Ciudadana Patricia Le\u00f3n L\u00f3pez, quien se ostenta como Secretaria General en Funciones de Presidente del Partido Nacional Movimiento de Regeneraci\u00f3n Nacional (MORENA)\" >Ciudadana Patricia Le\u00f3n L\u00f3pez, quien se ostenta como Secretaria General en Funciones de Presidente del Partido Nacional Movimiento de Regeneraci\u00f3n Nacional (MORENA) <\/td><td data-cell-id=\"C42\" data-x=\"2\" data-y=\"42\" data-db-index=\"42\" class=\"fsize-18 htLeft\" data-cell-type=\"text\" data-original-value=\"Ciudadanas Blanca Guadalupe Lissette Uc Mart\u00ednez, Carlos Ucan Yam y Mildred Jes\u00fas Can Hern\u00e1ndez y Ciudadano Jos\u00e9 Ram\u00f3n Maga\u00f1a Mart\u00ednez, como Consejeros Estatales del Partido Morena en Campeche. Presidente del Comit\u00e9 Ejecutivo Nacional del Partido Morena Nacional a trav\u00e9s del Ciudadano Alfonso Ram\u00edrez Cuellar\" data-order=\"Ciudadanas Blanca Guadalupe Lissette Uc Mart\u00ednez, Carlos Ucan Yam y Mildred Jes\u00fas Can Hern\u00e1ndez y Ciudadano Jos\u00e9 Ram\u00f3n Maga\u00f1a Mart\u00ednez, como Consejeros Estatales del Partido Morena en Campeche. Presidente del Comit\u00e9 Ejecutivo Nacional del Partido Morena Nacional a trav\u00e9s del Ciudadano Alfonso Ram\u00edrez Cuellar\" >Ciudadanas Blanca Guadalupe Lissette Uc Mart\u00ednez, Carlos Ucan Yam y Mildred Jes\u00fas Can Hern\u00e1ndez y Ciudadano Jos\u00e9 Ram\u00f3n Maga\u00f1a Mart\u00ednez, como Consejeros Estatales del Partido Morena en Campeche. Presidente del Comit\u00e9 Ejecutivo Nacional del Partido Morena Nacional a trav\u00e9s del Ciudadano Alfonso Ram\u00edrez Cuellar <\/td><td data-cell-id=\"D42\" data-x=\"3\" data-y=\"42\" data-db-index=\"42\" class=\"fsize-18 htLeft\" data-cell-type=\"text\" data-original-value=\"&lt;a href=&quot;https:\/\/teec.org.mx\/web\/wp-content\/uploads\/2020\/12\/TEEC-JDC-15-2020-11-12-2020.pdf&quot; target=&quot;_blank&quot;&gt;TEEC\/JDC\/15\/2020 (Acuerdo de requerimiento)&lt;\/a&gt;\" data-order=\"&lt;a href=&quot;https:\/\/teec.org.mx\/web\/wp-content\/uploads\/2020\/12\/TEEC-JDC-15-2020-11-12-2020.pdf&quot; target=&quot;_blank&quot;&gt;TEEC\/JDC\/15\/2020 (Acuerdo de requerimiento)&lt;\/a&gt;\" ><a href=\"https:\/\/teec.org.mx\/web\/wp-content\/uploads\/2020\/12\/TEEC-JDC-15-2020-11-12-2020.pdf\" target=\"_blank\">TEEC\/JDC\/15\/2020 (Acuerdo de requerimiento)<\/a><\/td><\/tr><tr style=\"height:px\" ><td data-cell-id=\"A43\" data-x=\"0\" data-y=\"43\" data-db-index=\"43\" class=\"fsize-18 htLeft\" data-cell-type=\"text\" data-original-value=\"10 de diciembre de 2020, a las 15:20 horas\" data-order=\"10 de diciembre de 2020, a las 15:20 horas\" >10 de diciembre de 2020, a las 15:20 horas <\/td><td data-cell-id=\"B43\" data-x=\"1\" data-y=\"43\" data-db-index=\"43\" class=\"fsize-18 htLeft\" data-cell-type=\"text\" data-original-value=\"Ciudadana Patricia Le\u00f3n L\u00f3pez, quien se ostenta como Secretaria General en Funciones de Presidente del Partido Nacional Movimiento de Regeneraci\u00f3n Nacional (MORENA)\" data-order=\"Ciudadana Patricia Le\u00f3n L\u00f3pez, quien se ostenta como Secretaria General en Funciones de Presidente del Partido Nacional Movimiento de Regeneraci\u00f3n Nacional (MORENA)\" >Ciudadana Patricia Le\u00f3n L\u00f3pez, quien se ostenta como Secretaria General en Funciones de Presidente del Partido Nacional Movimiento de Regeneraci\u00f3n Nacional (MORENA) <\/td><td data-cell-id=\"C43\" data-x=\"2\" data-y=\"43\" data-db-index=\"43\" class=\"fsize-18 htLeft\" data-cell-type=\"text\" data-original-value=\"Ciudadanos Blanca Guadalupe Lissette Uc Mart\u00ednez, Carlos Ucan Yam, Mildred Jes\u00fas Can Hern\u00e1ndez y Jos\u00e9 Ram\u00f3n Maga\u00f1a Mart\u00ednez, como Consejeros Estatales del Partido Morena en Campeche, y Presidente del Comit\u00e9 Ejecutivo Nacional del Partido Morena Nacional a trav\u00e9s del Ciudadano Alfonso Ram\u00edrez Cuellar\" data-order=\"Ciudadanos Blanca Guadalupe Lissette Uc Mart\u00ednez, Carlos Ucan Yam, Mildred Jes\u00fas Can Hern\u00e1ndez y Jos\u00e9 Ram\u00f3n Maga\u00f1a Mart\u00ednez, como Consejeros Estatales del Partido Morena en Campeche, y Presidente del Comit\u00e9 Ejecutivo Nacional del Partido Morena Nacional a trav\u00e9s del Ciudadano Alfonso Ram\u00edrez Cuellar\" >Ciudadanos Blanca Guadalupe Lissette Uc Mart\u00ednez, Carlos Ucan Yam, Mildred Jes\u00fas Can Hern\u00e1ndez y Jos\u00e9 Ram\u00f3n Maga\u00f1a Mart\u00ednez, como Consejeros Estatales del Partido Morena en Campeche, y Presidente del Comit\u00e9 Ejecutivo Nacional del Partido Morena Nacional a trav\u00e9s del Ciudadano Alfonso Ram\u00edrez Cuellar <\/td><td data-cell-id=\"D43\" data-x=\"3\" data-y=\"43\" data-db-index=\"43\" class=\"fsize-18 htLeft\" data-cell-type=\"text\" data-original-value=\"&lt;a href=&quot;https:\/\/teec.org.mx\/web\/wp-content\/uploads\/2020\/12\/TEEC-JDC-15-2020-2do-acu.-10-12-2020.pdf&quot; target=&quot;_blank&quot;&gt;TEEC\/JDC\/15\/2020 (Acuerdo de requerimiento)&lt;\/a&gt;\" data-order=\"&lt;a href=&quot;https:\/\/teec.org.mx\/web\/wp-content\/uploads\/2020\/12\/TEEC-JDC-15-2020-2do-acu.-10-12-2020.pdf&quot; target=&quot;_blank&quot;&gt;TEEC\/JDC\/15\/2020 (Acuerdo de requerimiento)&lt;\/a&gt;\" ><a href=\"https:\/\/teec.org.mx\/web\/wp-content\/uploads\/2020\/12\/TEEC-JDC-15-2020-2do-acu.-10-12-2020.pdf\" target=\"_blank\">TEEC\/JDC\/15\/2020 (Acuerdo de requerimiento)<\/a><\/td><\/tr><tr style=\"height:px\" ><td data-cell-id=\"A44\" data-x=\"0\" data-y=\"44\" data-db-index=\"44\" class=\"fsize-18 htLeft\" data-cell-type=\"text\" data-original-value=\"10 de diciembre de 2020, a las 14:20 horas\" data-order=\"10 de diciembre de 2020, a las 14:20 horas\" >10 de diciembre de 2020, a las 14:20 horas <\/td><td data-cell-id=\"B44\" data-x=\"1\" data-y=\"44\" data-db-index=\"44\" class=\"fsize-18 htLeft\" data-cell-type=\"text\" data-original-value=\"Ciudadana Mar\u00eda Zaira S\u00e1nchez Huerta, en su Calidad de Militante del Partido Morena\" data-order=\"Ciudadana Mar\u00eda Zaira S\u00e1nchez Huerta, en su Calidad de Militante del Partido Morena\" >Ciudadana Mar\u00eda Zaira S\u00e1nchez Huerta, en su Calidad de Militante del Partido Morena <\/td><td data-cell-id=\"C44\" data-x=\"2\" data-y=\"44\" data-db-index=\"44\" class=\"fsize-18 htLeft\" data-cell-type=\"text\" data-original-value=\"Comisi\u00f3n Nacional de Honestidad y Justicia de Morena\" data-order=\"Comisi\u00f3n Nacional de Honestidad y Justicia de Morena\" >Comisi\u00f3n Nacional de Honestidad y Justicia de Morena <\/td><td data-cell-id=\"D44\" data-x=\"3\" data-y=\"44\" data-db-index=\"44\" class=\"fsize-18 htLeft\" data-cell-type=\"text\" data-original-value=\"&lt;a href=&quot;https:\/\/teec.org.mx\/web\/wp-content\/uploads\/2020\/12\/TEEC-JDC-14-2020-2do-acu.-10-12-2020.pdf&quot; target=&quot;_blank&quot;&gt;TEEC\/JDC\/14\/2020 (Se fija fecha y hora para sesi\u00f3n de pleno de forma virtual)&lt;\/a&gt;\" data-order=\"&lt;a href=&quot;https:\/\/teec.org.mx\/web\/wp-content\/uploads\/2020\/12\/TEEC-JDC-14-2020-2do-acu.-10-12-2020.pdf&quot; target=&quot;_blank&quot;&gt;TEEC\/JDC\/14\/2020 (Se fija fecha y hora para sesi\u00f3n de pleno de forma virtual)&lt;\/a&gt;\" ><a href=\"https:\/\/teec.org.mx\/web\/wp-content\/uploads\/2020\/12\/TEEC-JDC-14-2020-2do-acu.-10-12-2020.pdf\" target=\"_blank\">TEEC\/JDC\/14\/2020 (Se fija fecha y hora para sesi\u00f3n de pleno de forma virtual)<\/a><\/td><\/tr><tr style=\"height:px\" ><td data-cell-id=\"A45\" data-x=\"0\" data-y=\"45\" data-db-index=\"45\" class=\"fsize-18 htLeft\" data-cell-type=\"text\" data-original-value=\"10 de diciembre de 2020, a las 14:10 horas\" data-order=\"10 de diciembre de 2020, a las 14:10 horas\" >10 de diciembre de 2020, a las 14:10 horas <\/td><td data-cell-id=\"B45\" data-x=\"1\" data-y=\"45\" data-db-index=\"45\" class=\"fsize-18 htLeft\" data-cell-type=\"text\" data-original-value=\"Profesor Ricardo S\u00e1nchez Cerino, en su Calidad de Militante del Partido Morena\" data-order=\"Profesor Ricardo S\u00e1nchez Cerino, en su Calidad de Militante del Partido Morena\" >Profesor Ricardo S\u00e1nchez Cerino, en su Calidad de Militante del Partido Morena <\/td><td data-cell-id=\"C45\" data-x=\"2\" data-y=\"45\" data-db-index=\"45\" class=\"fsize-18 htLeft\" data-cell-type=\"text\" data-original-value=\"Comisi\u00f3n Nacional de Honestidad y Justicia de Morena\" data-order=\"Comisi\u00f3n Nacional de Honestidad y Justicia de Morena\" >Comisi\u00f3n Nacional de Honestidad y Justicia de Morena <\/td><td data-cell-id=\"D45\" data-x=\"3\" data-y=\"45\" data-db-index=\"45\" class=\"fsize-18 htLeft\" data-cell-type=\"text\" data-original-value=\"&lt;a href=&quot;https:\/\/teec.org.mx\/web\/wp-content\/uploads\/2020\/12\/TEEC-JDC-13-2020-2do-acu.-10-12-2020.pdf&quot; target=&quot;_blank&quot;&gt;TEEC\/JDC\/13\/2020 (Se fija fecha y hora para sesi\u00f3n de pleno de forma virtual)&lt;\/a&gt;\" data-order=\"&lt;a href=&quot;https:\/\/teec.org.mx\/web\/wp-content\/uploads\/2020\/12\/TEEC-JDC-13-2020-2do-acu.-10-12-2020.pdf&quot; target=&quot;_blank&quot;&gt;TEEC\/JDC\/13\/2020 (Se fija fecha y hora para sesi\u00f3n de pleno de forma virtual)&lt;\/a&gt;\" ><a href=\"https:\/\/teec.org.mx\/web\/wp-content\/uploads\/2020\/12\/TEEC-JDC-13-2020-2do-acu.-10-12-2020.pdf\" target=\"_blank\">TEEC\/JDC\/13\/2020 (Se fija fecha y hora para sesi\u00f3n de pleno de forma virtual)<\/a><\/td><\/tr><tr style=\"height:px\" ><td data-cell-id=\"A46\" data-x=\"0\" data-y=\"46\" data-db-index=\"46\" class=\"fsize-18 htLeft\" data-cell-type=\"text\" data-original-value=\"10 de diciembre de 2020, a las 13:20 horas\" data-order=\"10 de diciembre de 2020, a las 13:20 horas\" >10 de diciembre de 2020, a las 13:20 horas <\/td><td data-cell-id=\"B46\" data-x=\"1\" data-y=\"46\" data-db-index=\"46\" class=\"fsize-18 htLeft\" data-cell-type=\"text\" data-original-value=\"Ciudadano Jos\u00e9 Luis Flores Pacheco, quien se ostenta como Presidente del Consejo Estatal del Partido Pol\u00edtico Morena en el Estado de Campeche y Militante del citado Partido\" data-order=\"Ciudadano Jos\u00e9 Luis Flores Pacheco, quien se ostenta como Presidente del Consejo Estatal del Partido Pol\u00edtico Morena en el Estado de Campeche y Militante del citado Partido\" >Ciudadano Jos\u00e9 Luis Flores Pacheco, quien se ostenta como Presidente del Consejo Estatal del Partido Pol\u00edtico Morena en el Estado de Campeche y Militante del citado Partido <\/td><td data-cell-id=\"C46\" data-x=\"2\" data-y=\"46\" data-db-index=\"46\" class=\"fsize-18 htLeft\" data-cell-type=\"text\" data-original-value=\"Comisi\u00f3n Nacional de Honestidad y Justicia del Partido Morena\" data-order=\"Comisi\u00f3n Nacional de Honestidad y Justicia del Partido Morena\" >Comisi\u00f3n Nacional de Honestidad y Justicia del Partido Morena <\/td><td data-cell-id=\"D46\" data-x=\"3\" data-y=\"46\" data-db-index=\"46\" class=\"fsize-18 htLeft\" data-cell-type=\"text\" data-original-value=\"&lt;a href=&quot;https:\/\/teec.org.mx\/web\/wp-content\/uploads\/2020\/12\/TEEC-JDC-9-2020-C.I.-2-Acu.-Plenario-10-12-2020.pdf&quot; target=&quot;_blank&quot;&gt;TEEC\/JDC\/9\/2020\/C.I.-2 (Acuerdo plenario)&lt;\/a&gt;\" data-order=\"&lt;a href=&quot;https:\/\/teec.org.mx\/web\/wp-content\/uploads\/2020\/12\/TEEC-JDC-9-2020-C.I.-2-Acu.-Plenario-10-12-2020.pdf&quot; target=&quot;_blank&quot;&gt;TEEC\/JDC\/9\/2020\/C.I.-2 (Acuerdo plenario)&lt;\/a&gt;\" ><a href=\"https:\/\/teec.org.mx\/web\/wp-content\/uploads\/2020\/12\/TEEC-JDC-9-2020-C.I.-2-Acu.-Plenario-10-12-2020.pdf\" target=\"_blank\">TEEC\/JDC\/9\/2020\/C.I.-2 (Acuerdo plenario)<\/a><\/td><\/tr><tr style=\"height:px\" ><td data-cell-id=\"A47\" data-x=\"0\" data-y=\"47\" data-db-index=\"47\" class=\"fsize-18 htLeft\" data-cell-type=\"text\" data-original-value=\"10 de diciembre de 2020, a las 13:00 horas\" data-order=\"10 de diciembre de 2020, a las 13:00 horas\" >10 de diciembre de 2020, a las 13:00 horas <\/td><td data-cell-id=\"B47\" data-x=\"1\" data-y=\"47\" data-db-index=\"47\" class=\"fsize-18 htLeft\" data-cell-type=\"text\" data-original-value=\"Ciudadana Mar\u00eda Zaira S\u00e1nchez Huerta, en su Calidad de Militante del Partido Morena\" data-order=\"Ciudadana Mar\u00eda Zaira S\u00e1nchez Huerta, en su Calidad de Militante del Partido Morena\" >Ciudadana Mar\u00eda Zaira S\u00e1nchez Huerta, en su Calidad de Militante del Partido Morena <\/td><td data-cell-id=\"C47\" data-x=\"2\" data-y=\"47\" data-db-index=\"47\" class=\"fsize-18 htLeft\" data-cell-type=\"text\" data-original-value=\"Comisi\u00f3n Nacional de Honestidad y Justicia de Morena\" data-order=\"Comisi\u00f3n Nacional de Honestidad y Justicia de Morena\" >Comisi\u00f3n Nacional de Honestidad y Justicia de Morena <\/td><td data-cell-id=\"D47\" data-x=\"3\" data-y=\"47\" data-db-index=\"47\" class=\"fsize-18 htLeft\" data-cell-type=\"text\" data-original-value=\"&lt;a href=&quot;https:\/\/teec.org.mx\/web\/wp-content\/uploads\/2020\/12\/TEEC-JDC-14-2020-10-12-2020.pdf&quot; target=&quot;_blank&quot;&gt;TEEC\/JDC\/14\/2020 (Acuerdo de cierre de instrucci\u00f3n y solicitud de fecha y hora para sesi\u00f3n de pleno de forma virtual)&lt;\/a&gt;\" data-order=\"&lt;a href=&quot;https:\/\/teec.org.mx\/web\/wp-content\/uploads\/2020\/12\/TEEC-JDC-14-2020-10-12-2020.pdf&quot; target=&quot;_blank&quot;&gt;TEEC\/JDC\/14\/2020 (Acuerdo de cierre de instrucci\u00f3n y solicitud de fecha y hora para sesi\u00f3n de pleno de forma virtual)&lt;\/a&gt;\" ><a href=\"https:\/\/teec.org.mx\/web\/wp-content\/uploads\/2020\/12\/TEEC-JDC-14-2020-10-12-2020.pdf\" target=\"_blank\">TEEC\/JDC\/14\/2020 (Acuerdo de cierre de instrucci\u00f3n y solicitud de fecha y hora para sesi\u00f3n de pleno de forma virtual)<\/a><\/td><\/tr><tr style=\"height:px\" ><td data-cell-id=\"A48\" data-x=\"0\" data-y=\"48\" data-db-index=\"48\" class=\"fsize-18 htLeft\" data-cell-type=\"text\" data-original-value=\"10 de diciembre de 2020, a las 12:50 horas\" data-order=\"10 de diciembre de 2020, a las 12:50 horas\" >10 de diciembre de 2020, a las 12:50 horas <\/td><td data-cell-id=\"B48\" data-x=\"1\" data-y=\"48\" data-db-index=\"48\" class=\"fsize-18 htLeft\" data-cell-type=\"text\" data-original-value=\"Profesor Ricardo S\u00e1nchez Cerino, en su Calidad de Militante del Partido Morena\" data-order=\"Profesor Ricardo S\u00e1nchez Cerino, en su Calidad de Militante del Partido Morena\" >Profesor Ricardo S\u00e1nchez Cerino, en su Calidad de Militante del Partido Morena <\/td><td data-cell-id=\"C48\" data-x=\"2\" data-y=\"48\" data-db-index=\"48\" class=\"fsize-18 htLeft\" data-cell-type=\"text\" data-original-value=\"Comisi\u00f3n Nacional de Honestidad y Justicia de Morena\" data-order=\"Comisi\u00f3n Nacional de Honestidad y Justicia de Morena\" >Comisi\u00f3n Nacional de Honestidad y Justicia de Morena <\/td><td data-cell-id=\"D48\" data-x=\"3\" data-y=\"48\" data-db-index=\"48\" class=\"fsize-18 htLeft\" data-cell-type=\"text\" data-original-value=\"&lt;a href=&quot;https:\/\/teec.org.mx\/web\/wp-content\/uploads\/2020\/12\/TEEC-JDC-13-2020-10-12-2020.pdf&quot; target=&quot;_blank&quot;&gt;TEEC\/JDC\/13\/2020 (Acuerdo de cierre de instrucci\u00f3n y solicitud de fecha y hora para sesi\u00f3n de pleno de forma virtual)&lt;\/a&gt;\" data-order=\"&lt;a href=&quot;https:\/\/teec.org.mx\/web\/wp-content\/uploads\/2020\/12\/TEEC-JDC-13-2020-10-12-2020.pdf&quot; target=&quot;_blank&quot;&gt;TEEC\/JDC\/13\/2020 (Acuerdo de cierre de instrucci\u00f3n y solicitud de fecha y hora para sesi\u00f3n de pleno de forma virtual)&lt;\/a&gt;\" ><a href=\"https:\/\/teec.org.mx\/web\/wp-content\/uploads\/2020\/12\/TEEC-JDC-13-2020-10-12-2020.pdf\" target=\"_blank\">TEEC\/JDC\/13\/2020 (Acuerdo de cierre de instrucci\u00f3n y solicitud de fecha y hora para sesi\u00f3n de pleno de forma virtual)<\/a><\/td><\/tr><tr style=\"height:px\" ><td data-cell-id=\"A49\" data-x=\"0\" data-y=\"49\" data-db-index=\"49\" class=\"fsize-18 htLeft\" data-cell-type=\"text\" data-original-value=\"10 de diciembre de 2020, a las 12:30 horas\" data-order=\"10 de diciembre de 2020, a las 12:30 horas\" >10 de diciembre de 2020, a las 12:30 horas <\/td><td data-cell-id=\"B49\" data-x=\"1\" data-y=\"49\" data-db-index=\"49\" class=\"fsize-18 htLeft\" data-cell-type=\"text\" data-original-value=\"Ciudadana Patricia Le\u00f3n L\u00f3pez, quien se ostenta como Secretaria General en Funciones de Presidente del Partido Nacional Movimiento de Regeneraci\u00f3n Nacional (MORENA)\" data-order=\"Ciudadana Patricia Le\u00f3n L\u00f3pez, quien se ostenta como Secretaria General en Funciones de Presidente del Partido Nacional Movimiento de Regeneraci\u00f3n Nacional (MORENA)\" >Ciudadana Patricia Le\u00f3n L\u00f3pez, quien se ostenta como Secretaria General en Funciones de Presidente del Partido Nacional Movimiento de Regeneraci\u00f3n Nacional (MORENA) <\/td><td data-cell-id=\"C49\" data-x=\"2\" data-y=\"49\" data-db-index=\"49\" class=\"fsize-18 htLeft\" data-cell-type=\"text\" data-original-value=\"Ciudadanos Blanca Guadalupe Lissette Uc Mart\u00ednez, Carlos Ucan Yam, Mildred Jes\u00fas Can Hern\u00e1ndez y Jos\u00e9 Ram\u00f3n Maga\u00f1a Mart\u00ednez, como Consejeros Estatales del Partido Morena En Campeche, y Presidente del Comit\u00e9 Ejecutivo Nacional del Partido Morena Nacional a trav\u00e9s del Ciudadano Alfonso Ram\u00edrez Cuellar\" data-order=\"Ciudadanos Blanca Guadalupe Lissette Uc Mart\u00ednez, Carlos Ucan Yam, Mildred Jes\u00fas Can Hern\u00e1ndez y Jos\u00e9 Ram\u00f3n Maga\u00f1a Mart\u00ednez, como Consejeros Estatales del Partido Morena En Campeche, y Presidente del Comit\u00e9 Ejecutivo Nacional del Partido Morena Nacional a trav\u00e9s del Ciudadano Alfonso Ram\u00edrez Cuellar\" >Ciudadanos Blanca Guadalupe Lissette Uc Mart\u00ednez, Carlos Ucan Yam, Mildred Jes\u00fas Can Hern\u00e1ndez y Jos\u00e9 Ram\u00f3n Maga\u00f1a Mart\u00ednez, como Consejeros Estatales del Partido Morena En Campeche, y Presidente del Comit\u00e9 Ejecutivo Nacional del Partido Morena Nacional a trav\u00e9s del Ciudadano Alfonso Ram\u00edrez Cuellar <\/td><td data-cell-id=\"D49\" data-x=\"3\" data-y=\"49\" data-db-index=\"49\" class=\"fsize-18 htLeft\" data-cell-type=\"text\" data-original-value=\"&lt;a href=&quot;https:\/\/teec.org.mx\/web\/wp-content\/uploads\/2020\/12\/TEEC-JDC-15-2020-10-12-2020.pdf&quot; target=&quot;_blank&quot;&gt;TEEC\/JDC\/15\/2020 (Se declara firme el acuerdo plenario de medidas cautelares)&lt;\/a&gt;\" data-order=\"&lt;a href=&quot;https:\/\/teec.org.mx\/web\/wp-content\/uploads\/2020\/12\/TEEC-JDC-15-2020-10-12-2020.pdf&quot; target=&quot;_blank&quot;&gt;TEEC\/JDC\/15\/2020 (Se declara firme el acuerdo plenario de medidas cautelares)&lt;\/a&gt;\" ><a href=\"https:\/\/teec.org.mx\/web\/wp-content\/uploads\/2020\/12\/TEEC-JDC-15-2020-10-12-2020.pdf\" target=\"_blank\">TEEC\/JDC\/15\/2020 (Se declara firme el acuerdo plenario de medidas cautelares)<\/a><\/td><\/tr><tr style=\"height:px\" ><td data-cell-id=\"A50\" data-x=\"0\" data-y=\"50\" data-db-index=\"50\" class=\"fsize-18 htLeft\" data-cell-type=\"text\" data-original-value=\"09 de diciembre de 2020, a las 14:30 horas\" data-order=\"09 de diciembre de 2020, a las 14:30 horas\" >09 de diciembre de 2020, a las 14:30 horas <\/td><td data-cell-id=\"B50\" data-x=\"1\" data-y=\"50\" data-db-index=\"50\" class=\"fsize-18 htLeft\" data-cell-type=\"text\" data-original-value=\"Ciudadana Patricia Le\u00f3n L\u00f3pez, quien se ostenta como Secretaria General en Funciones de Presidente del Partido Nacional Movimiento de Regeneraci\u00f3n Nacional (MORENA)\" data-order=\"Ciudadana Patricia Le\u00f3n L\u00f3pez, quien se ostenta como Secretaria General en Funciones de Presidente del Partido Nacional Movimiento de Regeneraci\u00f3n Nacional (MORENA)\" >Ciudadana Patricia Le\u00f3n L\u00f3pez, quien se ostenta como Secretaria General en Funciones de Presidente del Partido Nacional Movimiento de Regeneraci\u00f3n Nacional (MORENA) <\/td><td data-cell-id=\"C50\" data-x=\"2\" data-y=\"50\" data-db-index=\"50\" class=\"fsize-18 htLeft\" data-cell-type=\"text\" data-original-value=\"Ciudadanos Blanca Guadalupe Lissette Uc Mart\u00ednez, Carlos Ucan Yam, Mildred Jes\u00fas Can Hern\u00e1ndez y Jos\u00e9 Ram\u00f3n Maga\u00f1a Mart\u00ednez, como Consejeros Estatales del Partido Morena en Campeche, y Presidente del Comit\u00e9 Ejecutivo Nacional del Partido Morena Nacional a trav\u00e9s del Ciudadano Alfonso Ram\u00edrez Cuellar\" data-order=\"Ciudadanos Blanca Guadalupe Lissette Uc Mart\u00ednez, Carlos Ucan Yam, Mildred Jes\u00fas Can Hern\u00e1ndez y Jos\u00e9 Ram\u00f3n Maga\u00f1a Mart\u00ednez, como Consejeros Estatales del Partido Morena en Campeche, y Presidente del Comit\u00e9 Ejecutivo Nacional del Partido Morena Nacional a trav\u00e9s del Ciudadano Alfonso Ram\u00edrez Cuellar\" >Ciudadanos Blanca Guadalupe Lissette Uc Mart\u00ednez, Carlos Ucan Yam, Mildred Jes\u00fas Can Hern\u00e1ndez y Jos\u00e9 Ram\u00f3n Maga\u00f1a Mart\u00ednez, como Consejeros Estatales del Partido Morena en Campeche, y Presidente del Comit\u00e9 Ejecutivo Nacional del Partido Morena Nacional a trav\u00e9s del Ciudadano Alfonso Ram\u00edrez Cuellar <\/td><td data-cell-id=\"D50\" data-x=\"3\" data-y=\"50\" data-db-index=\"50\" class=\"fsize-18 htLeft\" data-cell-type=\"text\" data-original-value=\"&lt;a href=&quot;https:\/\/teec.org.mx\/web\/wp-content\/uploads\/2020\/12\/TEEC-JDC-15-2020-3er-acu.-09-12-2020.pdf&quot; target=&quot;_blank&quot;&gt;TEEC\/JDC\/15\/2020 (Acuerdo de requerimiento)&lt;\/a&gt;\" data-order=\"&lt;a href=&quot;https:\/\/teec.org.mx\/web\/wp-content\/uploads\/2020\/12\/TEEC-JDC-15-2020-3er-acu.-09-12-2020.pdf&quot; target=&quot;_blank&quot;&gt;TEEC\/JDC\/15\/2020 (Acuerdo de requerimiento)&lt;\/a&gt;\" ><a href=\"https:\/\/teec.org.mx\/web\/wp-content\/uploads\/2020\/12\/TEEC-JDC-15-2020-3er-acu.-09-12-2020.pdf\" target=\"_blank\">TEEC\/JDC\/15\/2020 (Acuerdo de requerimiento)<\/a><\/td><\/tr><tr style=\"height:px\" ><td data-cell-id=\"A51\" data-x=\"0\" data-y=\"51\" data-db-index=\"51\" class=\"fsize-18 htLeft\" data-cell-type=\"text\" data-original-value=\"09 de diciembre de 2020, a las 13:50 horas\" data-order=\"09 de diciembre de 2020, a las 13:50 horas\" >09 de diciembre de 2020, a las 13:50 horas <\/td><td data-cell-id=\"B51\" data-x=\"1\" data-y=\"51\" data-db-index=\"51\" class=\"fsize-18 htLeft\" data-cell-type=\"text\" data-original-value=\"Ciudadana Patricia Le\u00f3n L\u00f3pez, quien se ostenta como Secretaria General en Funciones de Presidente del Partido Nacional Movimiento de Regeneraci\u00f3n Nacional (MORENA)\" data-order=\"Ciudadana Patricia Le\u00f3n L\u00f3pez, quien se ostenta como Secretaria General en Funciones de Presidente del Partido Nacional Movimiento de Regeneraci\u00f3n Nacional (MORENA)\" >Ciudadana Patricia Le\u00f3n L\u00f3pez, quien se ostenta como Secretaria General en Funciones de Presidente del Partido Nacional Movimiento de Regeneraci\u00f3n Nacional (MORENA) <\/td><td data-cell-id=\"C51\" data-x=\"2\" data-y=\"51\" data-db-index=\"51\" class=\"fsize-18 htLeft\" data-cell-type=\"text\" data-original-value=\"Ciudadanos Blanca Guadalupe Lissette Uc Mart\u00ednez, Carlos Ucan Yam, Mildred Jes\u00fas Can Hern\u00e1ndez y Jos\u00e9 Ram\u00f3n Maga\u00f1a Mart\u00ednez, como Consejeros Estatales del Partido Morena en Campeche, y Presidente del Comit\u00e9 Ejecutivo Nacional del Partido Morena Nacional a trav\u00e9s del Ciudadano Alfonso Ram\u00edrez Cuellar\" data-order=\"Ciudadanos Blanca Guadalupe Lissette Uc Mart\u00ednez, Carlos Ucan Yam, Mildred Jes\u00fas Can Hern\u00e1ndez y Jos\u00e9 Ram\u00f3n Maga\u00f1a Mart\u00ednez, como Consejeros Estatales del Partido Morena en Campeche, y Presidente del Comit\u00e9 Ejecutivo Nacional del Partido Morena Nacional a trav\u00e9s del Ciudadano Alfonso Ram\u00edrez Cuellar\" >Ciudadanos Blanca Guadalupe Lissette Uc Mart\u00ednez, Carlos Ucan Yam, Mildred Jes\u00fas Can Hern\u00e1ndez y Jos\u00e9 Ram\u00f3n Maga\u00f1a Mart\u00ednez, como Consejeros Estatales del Partido Morena en Campeche, y Presidente del Comit\u00e9 Ejecutivo Nacional del Partido Morena Nacional a trav\u00e9s del Ciudadano Alfonso Ram\u00edrez Cuellar <\/td><td data-cell-id=\"D51\" data-x=\"3\" data-y=\"51\" data-db-index=\"51\" class=\"fsize-18 htLeft\" data-cell-type=\"text\" data-original-value=\"&lt;a href=&quot;https:\/\/teec.org.mx\/web\/wp-content\/uploads\/2020\/12\/TEEC-JDC-15-2020-2do-acu.-09-12-2020.pdf&quot; target=&quot;_blank&quot;&gt;TEEC\/JDC\/15\/2020 (Se fija fecha y hora para sesi\u00f3n privada virtual de pleno)&lt;\/a&gt;\" data-order=\"&lt;a href=&quot;https:\/\/teec.org.mx\/web\/wp-content\/uploads\/2020\/12\/TEEC-JDC-15-2020-2do-acu.-09-12-2020.pdf&quot; target=&quot;_blank&quot;&gt;TEEC\/JDC\/15\/2020 (Se fija fecha y hora para sesi\u00f3n privada virtual de pleno)&lt;\/a&gt;\" ><a href=\"https:\/\/teec.org.mx\/web\/wp-content\/uploads\/2020\/12\/TEEC-JDC-15-2020-2do-acu.-09-12-2020.pdf\" target=\"_blank\">TEEC\/JDC\/15\/2020 (Se fija fecha y hora para sesi\u00f3n privada virtual de pleno)<\/a><\/td><\/tr><tr style=\"height:px\" ><td data-cell-id=\"A52\" data-x=\"0\" data-y=\"52\" data-db-index=\"52\" class=\"fsize-18 htLeft\" data-cell-type=\"text\" data-original-value=\"09 de diciembre de 2020, a las 13:30 horas\" data-order=\"09 de diciembre de 2020, a las 13:30 horas\" >09 de diciembre de 2020, a las 13:30 horas <\/td><td data-cell-id=\"B52\" data-x=\"1\" data-y=\"52\" data-db-index=\"52\" class=\"fsize-18 htLeft\" data-cell-type=\"text\" data-original-value=\"Ciudadana Patricia Le\u00f3n L\u00f3pez, quien se ostenta como Secretaria General en Funciones de Presidente del Partido Nacional Movimiento de Regeneraci\u00f3n Nacional (MORENA)\" data-order=\"Ciudadana Patricia Le\u00f3n L\u00f3pez, quien se ostenta como Secretaria General en Funciones de Presidente del Partido Nacional Movimiento de Regeneraci\u00f3n Nacional (MORENA)\" >Ciudadana Patricia Le\u00f3n L\u00f3pez, quien se ostenta como Secretaria General en Funciones de Presidente del Partido Nacional Movimiento de Regeneraci\u00f3n Nacional (MORENA) <\/td><td data-cell-id=\"C52\" data-x=\"2\" data-y=\"52\" data-db-index=\"52\" class=\"fsize-18 htLeft\" data-cell-type=\"text\" data-original-value=\"Ciudadanos Blanca Guadalupe Lissette Uc Mart\u00ednez, Carlos Ucan Yam, Mildred Jes\u00fas Can Hern\u00e1ndez y Jos\u00e9 Ram\u00f3n Maga\u00f1a Mart\u00ednez, como Consejeros Estatales del Partido Morena en Campeche, y Presidente del Comit\u00e9 Ejecutivo Nacional del Partido Morena Nacional a trav\u00e9s del Ciudadano Alfonso Ram\u00edrez Cuellar\" data-order=\"Ciudadanos Blanca Guadalupe Lissette Uc Mart\u00ednez, Carlos Ucan Yam, Mildred Jes\u00fas Can Hern\u00e1ndez y Jos\u00e9 Ram\u00f3n Maga\u00f1a Mart\u00ednez, como Consejeros Estatales del Partido Morena en Campeche, y Presidente del Comit\u00e9 Ejecutivo Nacional del Partido Morena Nacional a trav\u00e9s del Ciudadano Alfonso Ram\u00edrez Cuellar\" >Ciudadanos Blanca Guadalupe Lissette Uc Mart\u00ednez, Carlos Ucan Yam, Mildred Jes\u00fas Can Hern\u00e1ndez y Jos\u00e9 Ram\u00f3n Maga\u00f1a Mart\u00ednez, como Consejeros Estatales del Partido Morena en Campeche, y Presidente del Comit\u00e9 Ejecutivo Nacional del Partido Morena Nacional a trav\u00e9s del Ciudadano Alfonso Ram\u00edrez Cuellar <\/td><td data-cell-id=\"D52\" data-x=\"3\" data-y=\"52\" data-db-index=\"52\" class=\"fsize-18 htLeft\" data-cell-type=\"text\" data-original-value=\"&lt;a href=&quot;https:\/\/teec.org.mx\/web\/wp-content\/uploads\/2020\/12\/TEEC-JDC-15-2020-09-12-2020.pdf&quot; target=&quot;_blank&quot;&gt;TEEC\/JDC\/15\/2020 (Se solicita fecha y hora para sesi\u00f3n privada virtual de pleno)&lt;\/a&gt;\" data-order=\"&lt;a href=&quot;https:\/\/teec.org.mx\/web\/wp-content\/uploads\/2020\/12\/TEEC-JDC-15-2020-09-12-2020.pdf&quot; target=&quot;_blank&quot;&gt;TEEC\/JDC\/15\/2020 (Se solicita fecha y hora para sesi\u00f3n privada virtual de pleno)&lt;\/a&gt;\" ><a href=\"https:\/\/teec.org.mx\/web\/wp-content\/uploads\/2020\/12\/TEEC-JDC-15-2020-09-12-2020.pdf\" target=\"_blank\">TEEC\/JDC\/15\/2020 (Se solicita fecha y hora para sesi\u00f3n privada virtual de pleno)<\/a><\/td><\/tr><tr style=\"height:px\" ><td data-cell-id=\"A53\" data-x=\"0\" data-y=\"53\" data-db-index=\"53\" class=\"fsize-18 htLeft\" data-cell-type=\"text\" data-original-value=\"09 de diciembre de 2020, a las 12:25 horas\" data-order=\"09 de diciembre de 2020, a las 12:25 horas\" >09 de diciembre de 2020, a las 12:25 horas <\/td><td data-cell-id=\"B53\" data-x=\"1\" data-y=\"53\" data-db-index=\"53\" class=\"fsize-18 htLeft\" data-cell-type=\"text\" data-original-value=\"Ciudadano Jos\u00e9 Luis Flores Pacheco, quien se ostenta como Presidente del Consejo Estatal del Partido Pol\u00edtico Morena en el Estado de Campeche y Militante del citado Partido\" data-order=\"Ciudadano Jos\u00e9 Luis Flores Pacheco, quien se ostenta como Presidente del Consejo Estatal del Partido Pol\u00edtico Morena en el Estado de Campeche y Militante del citado Partido\" >Ciudadano Jos\u00e9 Luis Flores Pacheco, quien se ostenta como Presidente del Consejo Estatal del Partido Pol\u00edtico Morena en el Estado de Campeche y Militante del citado Partido <\/td><td data-cell-id=\"C53\" data-x=\"2\" data-y=\"53\" data-db-index=\"53\" class=\"fsize-18 htLeft\" data-cell-type=\"text\" data-original-value=\"Comisi\u00f3n Nacional de Honestidad y Justicia del Partido MORENA\" data-order=\"Comisi\u00f3n Nacional de Honestidad y Justicia del Partido MORENA\" >Comisi\u00f3n Nacional de Honestidad y Justicia del Partido MORENA <\/td><td data-cell-id=\"D53\" data-x=\"3\" data-y=\"53\" data-db-index=\"53\" class=\"fsize-18 htLeft\" data-cell-type=\"text\" data-original-value=\"&lt;a href=&quot;https:\/\/teec.org.mx\/web\/wp-content\/uploads\/2020\/12\/TEEC-JDC-9-2020-C.I.-2-09-12-2020.pdf&quot; target=&quot;_blank&quot;&gt;TEEC\/JDC\/9\/2020\/C.I.-2 (Acuerdo de recepci\u00f3n y acumulaci\u00f3n)&lt;\/a&gt;\" data-order=\"&lt;a href=&quot;https:\/\/teec.org.mx\/web\/wp-content\/uploads\/2020\/12\/TEEC-JDC-9-2020-C.I.-2-09-12-2020.pdf&quot; target=&quot;_blank&quot;&gt;TEEC\/JDC\/9\/2020\/C.I.-2 (Acuerdo de recepci\u00f3n y acumulaci\u00f3n)&lt;\/a&gt;\" ><a href=\"https:\/\/teec.org.mx\/web\/wp-content\/uploads\/2020\/12\/TEEC-JDC-9-2020-C.I.-2-09-12-2020.pdf\" target=\"_blank\">TEEC\/JDC\/9\/2020\/C.I.-2 (Acuerdo de recepci\u00f3n y acumulaci\u00f3n)<\/a><\/td><\/tr><tr style=\"height:px\" ><td data-cell-id=\"A54\" data-x=\"0\" data-y=\"54\" data-db-index=\"54\" class=\"fsize-18 htLeft\" data-cell-type=\"text\" data-original-value=\"08 de diciembre de 2020, a las 14:40 horas\" data-order=\"08 de diciembre de 2020, a las 14:40 horas\" >08 de diciembre de 2020, a las 14:40 horas <\/td><td data-cell-id=\"B54\" data-x=\"1\" data-y=\"54\" data-db-index=\"54\" class=\"fsize-18 htLeft\" data-cell-type=\"text\" data-original-value=\"Licenciado Juan Francisco Portela Rodr\u00edguez, quien se ostenta como Miembro Activo del Partido Acci\u00f3n Nacional\" data-order=\"Licenciado Juan Francisco Portela Rodr\u00edguez, quien se ostenta como Miembro Activo del Partido Acci\u00f3n Nacional\" >Licenciado Juan Francisco Portela Rodr\u00edguez, quien se ostenta como Miembro Activo del Partido Acci\u00f3n Nacional <\/td><td data-cell-id=\"C54\" data-x=\"2\" data-y=\"54\" data-db-index=\"54\" class=\"fsize-18 htLeft\" data-cell-type=\"text\" data-original-value=\"Ciudadana Marisol Vargas B\u00e1rcena, Presidente de la Comisi\u00f3n de Orden y Disciplina Intrapartidista del Comit\u00e9 Ejecutivo Nacional del Partido Acci\u00f3n Nacional\" data-order=\"Ciudadana Marisol Vargas B\u00e1rcena, Presidente de la Comisi\u00f3n de Orden y Disciplina Intrapartidista del Comit\u00e9 Ejecutivo Nacional del Partido Acci\u00f3n Nacional\" >Ciudadana Marisol Vargas B\u00e1rcena, Presidente de la Comisi\u00f3n de Orden y Disciplina Intrapartidista del Comit\u00e9 Ejecutivo Nacional del Partido Acci\u00f3n Nacional <\/td><td data-cell-id=\"D54\" data-x=\"3\" data-y=\"54\" data-db-index=\"54\" class=\"fsize-18 htLeft\" data-cell-type=\"text\" data-original-value=\"&lt;a href=&quot;https:\/\/teec.org.mx\/web\/wp-content\/uploads\/2020\/12\/TEEC-JDC-17-2020-08-12-2020.pdf&quot; target=&quot;_blank&quot;&gt;TEEC\/JDC\/17\/2020 (Acuerdo de recepci\u00f3n y radicaci\u00f3n)&lt;\/a&gt;\" data-order=\"&lt;a href=&quot;https:\/\/teec.org.mx\/web\/wp-content\/uploads\/2020\/12\/TEEC-JDC-17-2020-08-12-2020.pdf&quot; target=&quot;_blank&quot;&gt;TEEC\/JDC\/17\/2020 (Acuerdo de recepci\u00f3n y radicaci\u00f3n)&lt;\/a&gt;\" ><a href=\"https:\/\/teec.org.mx\/web\/wp-content\/uploads\/2020\/12\/TEEC-JDC-17-2020-08-12-2020.pdf\" target=\"_blank\">TEEC\/JDC\/17\/2020 (Acuerdo de recepci\u00f3n y radicaci\u00f3n)<\/a><\/td><\/tr><tr style=\"height:px\" ><td data-cell-id=\"A55\" data-x=\"0\" data-y=\"55\" data-db-index=\"55\" class=\"fsize-18 htLeft\" data-cell-type=\"text\" data-original-value=\"07 de diciembre de 2020, a las 14:55 horas\" data-order=\"07 de diciembre de 2020, a las 14:55 horas\" >07 de diciembre de 2020, a las 14:55 horas <\/td><td data-cell-id=\"B55\" data-x=\"1\" data-y=\"55\" data-db-index=\"55\" class=\"fsize-18 htLeft\" data-cell-type=\"text\" data-original-value=\"Licenciado Jos\u00e9 Luis Flores Pacheco, quien se ostenta como Presidente del Partido Morena en el Estado de Campeche y Militante de dicho Partido\" data-order=\"Licenciado Jos\u00e9 Luis Flores Pacheco, quien se ostenta como Presidente del Partido Morena en el Estado de Campeche y Militante de dicho Partido\" >Licenciado Jos\u00e9 Luis Flores Pacheco, quien se ostenta como Presidente del Partido Morena en el Estado de Campeche y Militante de dicho Partido <\/td><td data-cell-id=\"C55\" data-x=\"2\" data-y=\"55\" data-db-index=\"55\" class=\"fsize-18 htLeft\" data-cell-type=\"text\" data-original-value=\"Direcci\u00f3n de Prerrogativas y Partidos Pol\u00edticos del Instituto Nacional Electoral a trav\u00e9s de su Director Maestro Patricio Ballados Villag\u00f3mez\" data-order=\"Direcci\u00f3n de Prerrogativas y Partidos Pol\u00edticos del Instituto Nacional Electoral a trav\u00e9s de su Director Maestro Patricio Ballados Villag\u00f3mez\" >Direcci\u00f3n de Prerrogativas y Partidos Pol\u00edticos del Instituto Nacional Electoral a trav\u00e9s de su Director Maestro Patricio Ballados Villag\u00f3mez <\/td><td data-cell-id=\"D55\" data-x=\"3\" data-y=\"55\" data-db-index=\"55\" class=\"fsize-18 htLeft\" data-cell-type=\"text\" data-original-value=\"&lt;a href=&quot;https:\/\/teec.org.mx\/web\/wp-content\/uploads\/2020\/12\/TEEC-JDC-16-2020-Acu.-Plenario-07-12-2020.pdf&quot; target=&quot;_blank&quot;&gt;TEEC\/JDC\/16\/2020 (Acuerdo plenario)&lt;\/a&gt;\" data-order=\"&lt;a href=&quot;https:\/\/teec.org.mx\/web\/wp-content\/uploads\/2020\/12\/TEEC-JDC-16-2020-Acu.-Plenario-07-12-2020.pdf&quot; target=&quot;_blank&quot;&gt;TEEC\/JDC\/16\/2020 (Acuerdo plenario)&lt;\/a&gt;\" ><a href=\"https:\/\/teec.org.mx\/web\/wp-content\/uploads\/2020\/12\/TEEC-JDC-16-2020-Acu.-Plenario-07-12-2020.pdf\" target=\"_blank\">TEEC\/JDC\/16\/2020 (Acuerdo plenario)<\/a><\/td><\/tr><tr style=\"height:px\" ><td data-cell-id=\"A56\" data-x=\"0\" data-y=\"56\" data-db-index=\"56\" class=\"fsize-18 htLeft\" data-cell-type=\"text\" data-original-value=\"07 de diciembre de 2020, a las 14:35 horas\" data-order=\"07 de diciembre de 2020, a las 14:35 horas\" >07 de diciembre de 2020, a las 14:35 horas <\/td><td data-cell-id=\"B56\" data-x=\"1\" data-y=\"56\" data-db-index=\"56\" class=\"fsize-18 htLeft\" data-cell-type=\"text\" data-original-value=\"Ciudadano Jos\u00e9 Luis Flores Pacheco, quien se ostenta como Presidente del Consejo Estatal del Partido Pol\u00edtico Morena en el Estado de Campeche y Militante del citado Partido\" data-order=\"Ciudadano Jos\u00e9 Luis Flores Pacheco, quien se ostenta como Presidente del Consejo Estatal del Partido Pol\u00edtico Morena en el Estado de Campeche y Militante del citado Partido\" >Ciudadano Jos\u00e9 Luis Flores Pacheco, quien se ostenta como Presidente del Consejo Estatal del Partido Pol\u00edtico Morena en el Estado de Campeche y Militante del citado Partido <\/td><td data-cell-id=\"C56\" data-x=\"2\" data-y=\"56\" data-db-index=\"56\" class=\"fsize-18 htLeft\" data-cell-type=\"text\" data-original-value=\"Comisi\u00f3n Nacional de Honestidad y Justicia del Partido MORENA\" data-order=\"Comisi\u00f3n Nacional de Honestidad y Justicia del Partido MORENA\" >Comisi\u00f3n Nacional de Honestidad y Justicia del Partido MORENA <\/td><td data-cell-id=\"D56\" data-x=\"3\" data-y=\"56\" data-db-index=\"56\" class=\"fsize-18 htLeft\" data-cell-type=\"text\" data-original-value=\"&lt;a href=&quot;https:\/\/teec.org.mx\/web\/wp-content\/uploads\/2020\/12\/TEEC-JDC-9-2020-C.I.-2-2do-acu.-07-12-2020.pdf&quot; target=&quot;_blank&quot;&gt;TEEC\/JDC\/9\/2020\/C.I.-2 (Se fija fecha y hora para sesi\u00f3n privada virtual de pleno)&lt;\/a&gt;\" data-order=\"&lt;a href=&quot;https:\/\/teec.org.mx\/web\/wp-content\/uploads\/2020\/12\/TEEC-JDC-9-2020-C.I.-2-2do-acu.-07-12-2020.pdf&quot; target=&quot;_blank&quot;&gt;TEEC\/JDC\/9\/2020\/C.I.-2 (Se fija fecha y hora para sesi\u00f3n privada virtual de pleno)&lt;\/a&gt;\" ><a href=\"https:\/\/teec.org.mx\/web\/wp-content\/uploads\/2020\/12\/TEEC-JDC-9-2020-C.I.-2-2do-acu.-07-12-2020.pdf\" target=\"_blank\">TEEC\/JDC\/9\/2020\/C.I.-2 (Se fija fecha y hora para sesi\u00f3n privada virtual de pleno)<\/a><\/td><\/tr><tr style=\"height:px\" ><td data-cell-id=\"A57\" data-x=\"0\" data-y=\"57\" data-db-index=\"57\" class=\"fsize-18 htLeft\" data-cell-type=\"text\" data-original-value=\"07 de diciembre de 2020, a las 14:05 horas\" data-order=\"07 de diciembre de 2020, a las 14:05 horas\" >07 de diciembre de 2020, a las 14:05 horas <\/td><td data-cell-id=\"B57\" data-x=\"1\" data-y=\"57\" data-db-index=\"57\" class=\"fsize-18 htLeft\" data-cell-type=\"text\" data-original-value=\"Ciudadana Patricia Le\u00f3n L\u00f3pez, quien se ostenta como Secretaria General en Funciones de Presidente del Partido Nacional Movimiento de Regeneraci\u00f3n Nacional (MORENA)\" data-order=\"Ciudadana Patricia Le\u00f3n L\u00f3pez, quien se ostenta como Secretaria General en Funciones de Presidente del Partido Nacional Movimiento de Regeneraci\u00f3n Nacional (MORENA)\" >Ciudadana Patricia Le\u00f3n L\u00f3pez, quien se ostenta como Secretaria General en Funciones de Presidente del Partido Nacional Movimiento de Regeneraci\u00f3n Nacional (MORENA) <\/td><td data-cell-id=\"C57\" data-x=\"2\" data-y=\"57\" data-db-index=\"57\" class=\"fsize-18 htLeft\" data-cell-type=\"text\" data-original-value=\"Ciudadanos Blanca Guadalupe Lissette Uc Mart\u00ednez, Carlos Ucan Yam, Mildred Jes\u00fas Can Hern\u00e1ndez y Jos\u00e9 Ram\u00f3n Maga\u00f1a Mart\u00ednez, como Consejeros Estatales del Partido Morena en Campeche, y Presidente del Comit\u00e9 Ejecutivo Nacional del Partido Morena Nacional a trav\u00e9s del Ciudadano Alfonso Ram\u00edrez Cuellar\" data-order=\"Ciudadanos Blanca Guadalupe Lissette Uc Mart\u00ednez, Carlos Ucan Yam, Mildred Jes\u00fas Can Hern\u00e1ndez y Jos\u00e9 Ram\u00f3n Maga\u00f1a Mart\u00ednez, como Consejeros Estatales del Partido Morena en Campeche, y Presidente del Comit\u00e9 Ejecutivo Nacional del Partido Morena Nacional a trav\u00e9s del Ciudadano Alfonso Ram\u00edrez Cuellar\" >Ciudadanos Blanca Guadalupe Lissette Uc Mart\u00ednez, Carlos Ucan Yam, Mildred Jes\u00fas Can Hern\u00e1ndez y Jos\u00e9 Ram\u00f3n Maga\u00f1a Mart\u00ednez, como Consejeros Estatales del Partido Morena en Campeche, y Presidente del Comit\u00e9 Ejecutivo Nacional del Partido Morena Nacional a trav\u00e9s del Ciudadano Alfonso Ram\u00edrez Cuellar <\/td><td data-cell-id=\"D57\" data-x=\"3\" data-y=\"57\" data-db-index=\"57\" class=\"fsize-18 htLeft\" data-cell-type=\"text\" data-original-value=\"&lt;a href=&quot;https:\/\/teec.org.mx\/web\/wp-content\/uploads\/2020\/12\/TEEC-JDC-15-2020-07-12-2020.pdf&quot; target=&quot;_blank&quot;&gt;TEEC\/JDC\/15\/2020 (Acuerdo de recepci\u00f3n y acumulaci\u00f3n)&lt;\/a&gt;\" data-order=\"&lt;a href=&quot;https:\/\/teec.org.mx\/web\/wp-content\/uploads\/2020\/12\/TEEC-JDC-15-2020-07-12-2020.pdf&quot; target=&quot;_blank&quot;&gt;TEEC\/JDC\/15\/2020 (Acuerdo de recepci\u00f3n y acumulaci\u00f3n)&lt;\/a&gt;\" ><a href=\"https:\/\/teec.org.mx\/web\/wp-content\/uploads\/2020\/12\/TEEC-JDC-15-2020-07-12-2020.pdf\" target=\"_blank\">TEEC\/JDC\/15\/2020 (Acuerdo de recepci\u00f3n y acumulaci\u00f3n)<\/a><\/td><\/tr><tr style=\"height:px\" ><td data-cell-id=\"A58\" data-x=\"0\" data-y=\"58\" data-db-index=\"58\" class=\"fsize-18 htLeft\" data-cell-type=\"text\" data-original-value=\"07 de diciembre de 2020, a las 13:35 horas\" data-order=\"07 de diciembre de 2020, a las 13:35 horas\" >07 de diciembre de 2020, a las 13:35 horas <\/td><td data-cell-id=\"B58\" data-x=\"1\" data-y=\"58\" data-db-index=\"58\" class=\"fsize-18 htLeft\" data-cell-type=\"text\" data-original-value=\"Licenciado Juan Francisco Portela Rodr\u00edguez, quien se ostenta como Miembro Activo del Partido Acci\u00f3n Nacional\" data-order=\"Licenciado Juan Francisco Portela Rodr\u00edguez, quien se ostenta como Miembro Activo del Partido Acci\u00f3n Nacional\" >Licenciado Juan Francisco Portela Rodr\u00edguez, quien se ostenta como Miembro Activo del Partido Acci\u00f3n Nacional <\/td><td data-cell-id=\"C58\" data-x=\"2\" data-y=\"58\" data-db-index=\"58\" class=\"fsize-18 htLeft\" data-cell-type=\"text\" data-original-value=\"Ciudadana Marisol Vargas B\u00e1rcena, Presidente de la Comisi\u00f3n de Orden y Disciplina Intrapartidista del Comit\u00e9 Ejecutivo Nacional del Partido Acci\u00f3n Nacional\" data-order=\"Ciudadana Marisol Vargas B\u00e1rcena, Presidente de la Comisi\u00f3n de Orden y Disciplina Intrapartidista del Comit\u00e9 Ejecutivo Nacional del Partido Acci\u00f3n Nacional\" >Ciudadana Marisol Vargas B\u00e1rcena, Presidente de la Comisi\u00f3n de Orden y Disciplina Intrapartidista del Comit\u00e9 Ejecutivo Nacional del Partido Acci\u00f3n Nacional <\/td><td data-cell-id=\"D58\" data-x=\"3\" data-y=\"58\" data-db-index=\"58\" class=\"fsize-18 htLeft\" data-cell-type=\"text\" data-original-value=\"&lt;a href=&quot;https:\/\/teec.org.mx\/web\/wp-content\/uploads\/2020\/12\/TEEC-JDC-17-2020-07-12-2020.pdf&quot; target=&quot;_blank&quot;&gt;TEEC\/JDC\/17\/2020 (Acuerdo de turno)&lt;\/a&gt;\" data-order=\"&lt;a href=&quot;https:\/\/teec.org.mx\/web\/wp-content\/uploads\/2020\/12\/TEEC-JDC-17-2020-07-12-2020.pdf&quot; target=&quot;_blank&quot;&gt;TEEC\/JDC\/17\/2020 (Acuerdo de turno)&lt;\/a&gt;\" ><a href=\"https:\/\/teec.org.mx\/web\/wp-content\/uploads\/2020\/12\/TEEC-JDC-17-2020-07-12-2020.pdf\" target=\"_blank\">TEEC\/JDC\/17\/2020 (Acuerdo de turno)<\/a><\/td><\/tr><tr style=\"height:px\" ><td data-cell-id=\"A59\" data-x=\"0\" data-y=\"59\" data-db-index=\"59\" class=\"fsize-18 htLeft\" data-cell-type=\"text\" data-original-value=\"07 de diciembre de 2020, a las 12:40 horas\" data-order=\"07 de diciembre de 2020, a las 12:40 horas\" >07 de diciembre de 2020, a las 12:40 horas <\/td><td data-cell-id=\"B59\" data-x=\"1\" data-y=\"59\" data-db-index=\"59\" class=\"fsize-18 htLeft\" data-cell-type=\"text\" data-original-value=\"Ciudadano Jos\u00e9 Luis Flores Pacheco, quien se ostenta como Presidente del Consejo Estatal del Partido Pol\u00edtico Morena en el Estado de Campeche y Militante del citado Partido\" data-order=\"Ciudadano Jos\u00e9 Luis Flores Pacheco, quien se ostenta como Presidente del Consejo Estatal del Partido Pol\u00edtico Morena en el Estado de Campeche y Militante del citado Partido\" >Ciudadano Jos\u00e9 Luis Flores Pacheco, quien se ostenta como Presidente del Consejo Estatal del Partido Pol\u00edtico Morena en el Estado de Campeche y Militante del citado Partido <\/td><td data-cell-id=\"C59\" data-x=\"2\" data-y=\"59\" data-db-index=\"59\" class=\"fsize-18 htLeft\" data-cell-type=\"text\" data-original-value=\"Comisi\u00f3n Nacional de Honestidad y Justicia del Partido MORENA\" data-order=\"Comisi\u00f3n Nacional de Honestidad y Justicia del Partido MORENA\" >Comisi\u00f3n Nacional de Honestidad y Justicia del Partido MORENA <\/td><td data-cell-id=\"D59\" data-x=\"3\" data-y=\"59\" data-db-index=\"59\" class=\"fsize-18 htLeft\" data-cell-type=\"text\" data-original-value=\"&lt;a href=&quot;https:\/\/teec.org.mx\/web\/wp-content\/uploads\/2020\/12\/TEEC-JDC-9-2020-C.I.-2-07-12-2020.pdf&quot; target=&quot;_blank&quot;&gt;TEEC\/JDC\/9\/2020\/C.I.-2 (Recepci\u00f3n, acumulaci\u00f3n, cierre de instrucci\u00f3n y solicitud de fecha y hora para sesi\u00f3n privada virtual de pleno)&lt;\/a&gt;\" data-order=\"&lt;a href=&quot;https:\/\/teec.org.mx\/web\/wp-content\/uploads\/2020\/12\/TEEC-JDC-9-2020-C.I.-2-07-12-2020.pdf&quot; target=&quot;_blank&quot;&gt;TEEC\/JDC\/9\/2020\/C.I.-2 (Recepci\u00f3n, acumulaci\u00f3n, cierre de instrucci\u00f3n y solicitud de fecha y hora para sesi\u00f3n privada virtual de pleno)&lt;\/a&gt;\" ><a href=\"https:\/\/teec.org.mx\/web\/wp-content\/uploads\/2020\/12\/TEEC-JDC-9-2020-C.I.-2-07-12-2020.pdf\" target=\"_blank\">TEEC\/JDC\/9\/2020\/C.I.-2 (Recepci\u00f3n, acumulaci\u00f3n, cierre de instrucci\u00f3n y solicitud de fecha y hora para sesi\u00f3n privada virtual de pleno)<\/a><\/td><\/tr><tr style=\"height:px\" ><td data-cell-id=\"A60\" data-x=\"0\" data-y=\"60\" data-db-index=\"60\" class=\"fsize-18 htLeft\" data-cell-type=\"text\" data-original-value=\"04 de diciembre de 2020, a las 13:55 horas\" data-order=\"04 de diciembre de 2020, a las 13:55 horas\" >04 de diciembre de 2020, a las 13:55 horas <\/td><td data-cell-id=\"B60\" data-x=\"1\" data-y=\"60\" data-db-index=\"60\" class=\"fsize-18 htLeft\" data-cell-type=\"text\" data-original-value=\"Licenciado Jos\u00e9 Luis Flores Pacheco, quien se ostenta como Presidente del Partido Morena En El Estado De Campeche Y Militante De Dicho Partido\" data-order=\"Licenciado Jos\u00e9 Luis Flores Pacheco, quien se ostenta como Presidente del Partido Morena En El Estado De Campeche Y Militante De Dicho Partido\" >Licenciado Jos\u00e9 Luis Flores Pacheco, quien se ostenta como Presidente del Partido Morena En El Estado De Campeche Y Militante De Dicho Partido <\/td><td data-cell-id=\"C60\" data-x=\"2\" data-y=\"60\" data-db-index=\"60\" class=\"fsize-18 htLeft\" data-cell-type=\"text\" data-original-value=\"Direcci\u00f3n de Prerrogativas y Partidos Pol\u00edticos del Instituto Nacional Electoral a trav\u00e9s de su Director Maestro Patricio Ballados Villag\u00f3mez\" data-order=\"Direcci\u00f3n de Prerrogativas y Partidos Pol\u00edticos del Instituto Nacional Electoral a trav\u00e9s de su Director Maestro Patricio Ballados Villag\u00f3mez\" >Direcci\u00f3n de Prerrogativas y Partidos Pol\u00edticos del Instituto Nacional Electoral a trav\u00e9s de su Director Maestro Patricio Ballados Villag\u00f3mez <\/td><td data-cell-id=\"D60\" data-x=\"3\" data-y=\"60\" data-db-index=\"60\" class=\"fsize-18 htLeft\" data-cell-type=\"text\" data-original-value=\"&lt;a href=&quot;https:\/\/teec.org.mx\/web\/wp-content\/uploads\/2020\/12\/TEEC-JDC-16-2020-2do.-acu.-04-12-2020.pdf&quot; target=&quot;_blank&quot;&gt;TEEC\/JDC\/16\/2020 (Se fija fecha y hora para sesi\u00f3n privada virtual de pleno)&lt;\/a&gt;\" data-order=\"&lt;a href=&quot;https:\/\/teec.org.mx\/web\/wp-content\/uploads\/2020\/12\/TEEC-JDC-16-2020-2do.-acu.-04-12-2020.pdf&quot; target=&quot;_blank&quot;&gt;TEEC\/JDC\/16\/2020 (Se fija fecha y hora para sesi\u00f3n privada virtual de pleno)&lt;\/a&gt;\" ><a href=\"https:\/\/teec.org.mx\/web\/wp-content\/uploads\/2020\/12\/TEEC-JDC-16-2020-2do.-acu.-04-12-2020.pdf\" target=\"_blank\">TEEC\/JDC\/16\/2020 (Se fija fecha y hora para sesi\u00f3n privada virtual de pleno)<\/a><\/td><\/tr><tr style=\"height:px\" ><td data-cell-id=\"A61\" data-x=\"0\" data-y=\"61\" data-db-index=\"61\" class=\"fsize-18 htLeft\" data-cell-type=\"text\" data-original-value=\"04 de diciembre de 2020, a las 11:25 horas\" data-order=\"04 de diciembre de 2020, a las 11:25 horas\" >04 de diciembre de 2020, a las 11:25 horas <\/td><td data-cell-id=\"B61\" data-x=\"1\" data-y=\"61\" data-db-index=\"61\" class=\"fsize-18 htLeft\" data-cell-type=\"text\" data-original-value=\"Licenciado Jos\u00e9 Luis Flores Pacheco, quien se ostenta como Presidente del Partido Morena en el Estado de Campeche y Militante de dicho Partido\" data-order=\"Licenciado Jos\u00e9 Luis Flores Pacheco, quien se ostenta como Presidente del Partido Morena en el Estado de Campeche y Militante de dicho Partido\" >Licenciado Jos\u00e9 Luis Flores Pacheco, quien se ostenta como Presidente del Partido Morena en el Estado de Campeche y Militante de dicho Partido <\/td><td data-cell-id=\"C61\" data-x=\"2\" data-y=\"61\" data-db-index=\"61\" class=\"fsize-18 htLeft\" data-cell-type=\"text\" data-original-value=\"Direcci\u00f3n de Prerrogativas y Partidos Pol\u00edticos del Instituto Nacional Electoral a trav\u00e9s de su Director Maestro Patricio Ballados Villag\u00f3mez\" data-order=\"Direcci\u00f3n de Prerrogativas y Partidos Pol\u00edticos del Instituto Nacional Electoral a trav\u00e9s de su Director Maestro Patricio Ballados Villag\u00f3mez\" >Direcci\u00f3n de Prerrogativas y Partidos Pol\u00edticos del Instituto Nacional Electoral a trav\u00e9s de su Director Maestro Patricio Ballados Villag\u00f3mez <\/td><td data-cell-id=\"D61\" data-x=\"3\" data-y=\"61\" data-db-index=\"61\" class=\"fsize-18 htLeft\" data-cell-type=\"text\" data-original-value=\"&lt;a href=&quot;https:\/\/teec.org.mx\/web\/wp-content\/uploads\/2020\/12\/TEEC-JDC-16-2020-04-12-2020.pdf&quot; target=&quot;_blank&quot;&gt;TEEC\/JDC\/16\/2020 (Recepci\u00f3n, radicaci\u00f3n y solicitud de fecha y hora para sesi\u00f3n)&lt;\/a&gt;\" data-order=\"&lt;a href=&quot;https:\/\/teec.org.mx\/web\/wp-content\/uploads\/2020\/12\/TEEC-JDC-16-2020-04-12-2020.pdf&quot; target=&quot;_blank&quot;&gt;TEEC\/JDC\/16\/2020 (Recepci\u00f3n, radicaci\u00f3n y solicitud de fecha y hora para sesi\u00f3n)&lt;\/a&gt;\" ><a href=\"https:\/\/teec.org.mx\/web\/wp-content\/uploads\/2020\/12\/TEEC-JDC-16-2020-04-12-2020.pdf\" target=\"_blank\">TEEC\/JDC\/16\/2020 (Recepci\u00f3n, radicaci\u00f3n y solicitud de fecha y hora para sesi\u00f3n)<\/a><\/td><\/tr><tr style=\"height:px\" ><td data-cell-id=\"A62\" data-x=\"0\" data-y=\"62\" data-db-index=\"62\" class=\"fsize-18 htLeft\" data-cell-type=\"text\" data-original-value=\"03 de diciembre de 2020, a las 14:00 horas\" data-order=\"03 de diciembre de 2020, a las 14:00 horas\" >03 de diciembre de 2020, a las 14:00 horas <\/td><td data-cell-id=\"B62\" data-x=\"1\" data-y=\"62\" data-db-index=\"62\" class=\"fsize-18 htLeft\" data-cell-type=\"text\" data-original-value=\"Ciudadana Patricia Le\u00f3n L\u00f3pez, quien se ostenta como Secretaria General en Funciones de Presidente del Partido Nacional Movimiento de Regeneraci\u00f3n Nacional (MORENA)\" data-order=\"Ciudadana Patricia Le\u00f3n L\u00f3pez, quien se ostenta como Secretaria General en Funciones de Presidente del Partido Nacional Movimiento de Regeneraci\u00f3n Nacional (MORENA)\" >Ciudadana Patricia Le\u00f3n L\u00f3pez, quien se ostenta como Secretaria General en Funciones de Presidente del Partido Nacional Movimiento de Regeneraci\u00f3n Nacional (MORENA) <\/td><td data-cell-id=\"C62\" data-x=\"2\" data-y=\"62\" data-db-index=\"62\" class=\"fsize-18 htLeft\" data-cell-type=\"text\" data-original-value=\"- Ciudadanas Blanca Guadalupe Lissette Uc Martinez, Carlos Ucan Yam y Mildred Jes\u00fas Can Hern\u00e1ndez y Ciudadano Jos\u00e9 Ram\u00f3n Maga\u00f1a Mart\u00ednez, como Consejeros Estatales del Partido Morena en Campeche - Presidente del Comit\u00e9 Ejecutivo Nacional del Partido Morena Nacional a trav\u00e9s del Ciudadano Alfonso Ram\u00edrez Cuellar\" data-order=\"- Ciudadanas Blanca Guadalupe Lissette Uc Martinez, Carlos Ucan Yam y Mildred Jes\u00fas Can Hern\u00e1ndez y Ciudadano Jos\u00e9 Ram\u00f3n Maga\u00f1a Mart\u00ednez, como Consejeros Estatales del Partido Morena en Campeche - Presidente del Comit\u00e9 Ejecutivo Nacional del Partido Morena Nacional a trav\u00e9s del Ciudadano Alfonso Ram\u00edrez Cuellar\" >- Ciudadanas Blanca Guadalupe Lissette Uc Martinez, Carlos Ucan Yam y Mildred Jes\u00fas Can Hern\u00e1ndez y Ciudadano Jos\u00e9 Ram\u00f3n Maga\u00f1a Mart\u00ednez, como Consejeros Estatales del Partido Morena en Campeche - Presidente del Comit\u00e9 Ejecutivo Nacional del Partido Morena Nacional a trav\u00e9s del Ciudadano Alfonso Ram\u00edrez Cuellar <\/td><td data-cell-id=\"D62\" data-x=\"3\" data-y=\"62\" data-db-index=\"62\" class=\"fsize-18 htLeft\" data-cell-type=\"text\" data-original-value=\"&lt;a href=&quot;https:\/\/teec.org.mx\/web\/wp-content\/uploads\/2020\/12\/TEEC-JDC-15-2020-sent-03-12-2020.pdf&quot; target=&quot;_blank&quot;&gt;TEEC\/JDC\/15\/2020 (Acuerdo plenario)&lt;\/a&gt;\" data-order=\"&lt;a href=&quot;https:\/\/teec.org.mx\/web\/wp-content\/uploads\/2020\/12\/TEEC-JDC-15-2020-sent-03-12-2020.pdf&quot; target=&quot;_blank&quot;&gt;TEEC\/JDC\/15\/2020 (Acuerdo plenario)&lt;\/a&gt;\" ><a href=\"https:\/\/teec.org.mx\/web\/wp-content\/uploads\/2020\/12\/TEEC-JDC-15-2020-sent-03-12-2020.pdf\" target=\"_blank\">TEEC\/JDC\/15\/2020 (Acuerdo plenario)<\/a><\/td><\/tr><tr style=\"height:px\" ><td data-cell-id=\"A63\" data-x=\"0\" data-y=\"63\" data-db-index=\"63\" class=\"\" data-cell-type=\"text\" data-original-value=\"1 de diciembre de 2020, a las 14:30 horas\" data-order=\"1 de diciembre de 2020, a las 14:30 horas\" >1 de diciembre de 2020, a las 14:30 horas <\/td><td data-cell-id=\"B63\" data-x=\"1\" data-y=\"63\" data-db-index=\"63\" class=\"\" data-cell-type=\"text\" data-original-value=\"Ciudadana Patricia Le\u00f3n L\u00f3pez, Quien se ostenta como Secretaria General en Funciones en Presidente del Partido Nacional Movimiento de Regeneraci\u00f3n Nacional (MORENA)\" data-order=\"Ciudadana Patricia Le\u00f3n L\u00f3pez, Quien se ostenta como Secretaria General en Funciones en Presidente del Partido Nacional Movimiento de Regeneraci\u00f3n Nacional (MORENA)\" >Ciudadana Patricia Le\u00f3n L\u00f3pez, Quien se ostenta como Secretaria General en Funciones en Presidente del Partido Nacional Movimiento de Regeneraci\u00f3n Nacional (MORENA) <\/td><td data-cell-id=\"C63\" data-x=\"2\" data-y=\"63\" data-db-index=\"63\" class=\"\" data-cell-type=\"text\" data-original-value=\"- Ciudadanas Blanca Guadalupe Lissette Uc Martinez, Carlos Ucan Yam y Mildred Jes\u00fas Can Hern\u00e1ndez y Ciudadano Jos\u00e9 Ram\u00f3n Maga\u00f1a Mart\u00ednez, como Consejeros Estatales del Partido Morena en Campeche - Presidente del Comit\u00e9 Ejecutivo Nacional del Partido Morena Nacional a trav\u00e9s del Ciudadano Alfonso Ram\u00edrez Cuellar\" data-order=\"- Ciudadanas Blanca Guadalupe Lissette Uc Martinez, Carlos Ucan Yam y Mildred Jes\u00fas Can Hern\u00e1ndez y Ciudadano Jos\u00e9 Ram\u00f3n Maga\u00f1a Mart\u00ednez, como Consejeros Estatales del Partido Morena en Campeche - Presidente del Comit\u00e9 Ejecutivo Nacional del Partido Morena Nacional a trav\u00e9s del Ciudadano Alfonso Ram\u00edrez Cuellar\" >- Ciudadanas Blanca Guadalupe Lissette Uc Martinez, Carlos Ucan Yam y Mildred Jes\u00fas Can Hern\u00e1ndez y Ciudadano Jos\u00e9 Ram\u00f3n Maga\u00f1a Mart\u00ednez, como Consejeros Estatales del Partido Morena en Campeche - Presidente del Comit\u00e9 Ejecutivo Nacional del Partido Morena Nacional a trav\u00e9s del Ciudadano Alfonso Ram\u00edrez Cuellar <\/td><td data-cell-id=\"D63\" data-x=\"3\" data-y=\"63\" data-db-index=\"63\" class=\"\" data-cell-type=\"text\" data-original-value=\"&lt;a href=&quot;https:\/\/teec.org.mx\/web\/wp-content\/uploads\/2020\/12\/TEEC-JDC-15-2020-2do-acu-1-12-2020.pdf&quot; target=&quot;_blank&quot;&gt;TEEC\/JDC\/15\/2020 (Acuerdo se fija fecha y hora para sesi\u00f3n privada)&lt;\/a&gt;\" data-order=\"&lt;a href=&quot;https:\/\/teec.org.mx\/web\/wp-content\/uploads\/2020\/12\/TEEC-JDC-15-2020-2do-acu-1-12-2020.pdf&quot; target=&quot;_blank&quot;&gt;TEEC\/JDC\/15\/2020 (Acuerdo se fija fecha y hora para sesi\u00f3n privada)&lt;\/a&gt;\" ><a href=\"https:\/\/teec.org.mx\/web\/wp-content\/uploads\/2020\/12\/TEEC-JDC-15-2020-2do-acu-1-12-2020.pdf\" target=\"_blank\">TEEC\/JDC\/15\/2020 (Acuerdo se fija fecha y hora para sesi\u00f3n privada)<\/a><\/td><\/tr><tr style=\"height:px\" ><td data-cell-id=\"A64\" data-x=\"0\" data-y=\"64\" data-db-index=\"64\" class=\"\" data-cell-type=\"text\" data-original-value=\"1 de diciembre de 2020, a las 14:00 horas\" data-order=\"1 de diciembre de 2020, a las 14:00 horas\" >1 de diciembre de 2020, a las 14:00 horas <\/td><td data-cell-id=\"B64\" data-x=\"1\" data-y=\"64\" data-db-index=\"64\" class=\"\" data-cell-type=\"text\" data-original-value=\"Ciudadana Patricia Le\u00f3n L\u00f3pez, quien se ostenta como Secretaria General en Funciones de Presidente del Partido Nacional Movimiento de Regeneraci\u00f3n Nacional (MORENA)\" data-order=\"Ciudadana Patricia Le\u00f3n L\u00f3pez, quien se ostenta como Secretaria General en Funciones de Presidente del Partido Nacional Movimiento de Regeneraci\u00f3n Nacional (MORENA)\" >Ciudadana Patricia Le\u00f3n L\u00f3pez, quien se ostenta como Secretaria General en Funciones de Presidente del Partido Nacional Movimiento de Regeneraci\u00f3n Nacional (MORENA) <\/td><td data-cell-id=\"C64\" data-x=\"2\" data-y=\"64\" data-db-index=\"64\" class=\"\" data-cell-type=\"text\" data-original-value=\"- Ciudadanas Blanca Guadalupe Lissette Uc Martinez, Carlos Ucan Yam y Mildred Jes\u00fas Can Hern\u00e1ndez y Ciudadano Jos\u00e9 Ram\u00f3n Maga\u00f1a Mart\u00ednez, como Consejeros Estatales del Partido Morena en Campeche - Presidente del Comit\u00e9 Ejecutivo Nacional del Partido Morena Nacional a trav\u00e9s del Ciudadano Alfonso Ram\u00edrez Cuellar\" data-order=\"- Ciudadanas Blanca Guadalupe Lissette Uc Martinez, Carlos Ucan Yam y Mildred Jes\u00fas Can Hern\u00e1ndez y Ciudadano Jos\u00e9 Ram\u00f3n Maga\u00f1a Mart\u00ednez, como Consejeros Estatales del Partido Morena en Campeche - Presidente del Comit\u00e9 Ejecutivo Nacional del Partido Morena Nacional a trav\u00e9s del Ciudadano Alfonso Ram\u00edrez Cuellar\" >- Ciudadanas Blanca Guadalupe Lissette Uc Martinez, Carlos Ucan Yam y Mildred Jes\u00fas Can Hern\u00e1ndez y Ciudadano Jos\u00e9 Ram\u00f3n Maga\u00f1a Mart\u00ednez, como Consejeros Estatales del Partido Morena en Campeche - Presidente del Comit\u00e9 Ejecutivo Nacional del Partido Morena Nacional a trav\u00e9s del Ciudadano Alfonso Ram\u00edrez Cuellar <\/td><td data-cell-id=\"D64\" data-x=\"3\" data-y=\"64\" data-db-index=\"64\" class=\"\" data-cell-type=\"text\" data-original-value=\"&lt;a href=&quot;https:\/\/teec.org.mx\/web\/wp-content\/uploads\/2020\/12\/TEEC-JDC-15-2020-01-12-2020.pdf&quot; target=&quot;_blank&quot;&gt;TEEC\/JDC\/15\/2020 (Acuerdo de solicitud de fecha y hora para sesi\u00f3n privada)&lt;\/a&gt;\" data-order=\"&lt;a href=&quot;https:\/\/teec.org.mx\/web\/wp-content\/uploads\/2020\/12\/TEEC-JDC-15-2020-01-12-2020.pdf&quot; target=&quot;_blank&quot;&gt;TEEC\/JDC\/15\/2020 (Acuerdo de solicitud de fecha y hora para sesi\u00f3n privada)&lt;\/a&gt;\" ><a href=\"https:\/\/teec.org.mx\/web\/wp-content\/uploads\/2020\/12\/TEEC-JDC-15-2020-01-12-2020.pdf\" target=\"_blank\">TEEC\/JDC\/15\/2020 (Acuerdo de solicitud de fecha y hora para sesi\u00f3n privada)<\/a><\/td><\/tr><tr style=\"height:px\" ><td data-cell-id=\"A65\" data-x=\"0\" data-y=\"65\" data-db-index=\"65\" class=\"\" data-cell-type=\"text\" data-original-value=\"1 de diciembre de 2020, a las 11:05 horas\" data-order=\"1 de diciembre de 2020, a las 11:05 horas\" >1 de diciembre de 2020, a las 11:05 horas <\/td><td data-cell-id=\"B65\" data-x=\"1\" data-y=\"65\" data-db-index=\"65\" class=\"\" data-cell-type=\"text\" data-original-value=\"Ciudadano Jos\u00e9 Luis Flores Pacheco, quien se ostenta como Presidente del Consejo Estatal del Partido Pol\u00edtico Morena en el Estado de Campeche y Militante del citado Partido\" data-order=\"Ciudadano Jos\u00e9 Luis Flores Pacheco, quien se ostenta como Presidente del Consejo Estatal del Partido Pol\u00edtico Morena en el Estado de Campeche y Militante del citado Partido\" >Ciudadano Jos\u00e9 Luis Flores Pacheco, quien se ostenta como Presidente del Consejo Estatal del Partido Pol\u00edtico Morena en el Estado de Campeche y Militante del citado Partido <\/td><td data-cell-id=\"C65\" data-x=\"2\" data-y=\"65\" data-db-index=\"65\" class=\"\" data-cell-type=\"text\" data-original-value=\"Comisi\u00f3n Nacional de Honestidad y Justicia del Partido MORENA\" data-order=\"Comisi\u00f3n Nacional de Honestidad y Justicia del Partido MORENA\" >Comisi\u00f3n Nacional de Honestidad y Justicia del Partido MORENA <\/td><td data-cell-id=\"D65\" data-x=\"3\" data-y=\"65\" data-db-index=\"65\" class=\"\" data-cell-type=\"text\" data-original-value=\"&lt;a href=&quot;https:\/\/teec.org.mx\/web\/wp-content\/uploads\/2020\/12\/TEEC-JDC-9-2020-INC-01-12-2020.pdf&quot; target=&quot;_blank&quot;&gt;TEEC\/JDC\/9\/2020\/C.I.2 (Acuerdo de recepci\u00f3n, acumulaci\u00f3n)&lt;\/a&gt;\" data-order=\"&lt;a href=&quot;https:\/\/teec.org.mx\/web\/wp-content\/uploads\/2020\/12\/TEEC-JDC-9-2020-INC-01-12-2020.pdf&quot; target=&quot;_blank&quot;&gt;TEEC\/JDC\/9\/2020\/C.I.2 (Acuerdo de recepci\u00f3n, acumulaci\u00f3n)&lt;\/a&gt;\" ><a href=\"https:\/\/teec.org.mx\/web\/wp-content\/uploads\/2020\/12\/TEEC-JDC-9-2020-INC-01-12-2020.pdf\" target=\"_blank\">TEEC\/JDC\/9\/2020\/C.I.2 (Acuerdo de recepci\u00f3n, acumulaci\u00f3n)<\/a><\/td><\/tr><tr style=\"height:px\" ><td data-cell-id=\"A66\" data-x=\"0\" data-y=\"66\" data-db-index=\"66\" class=\"\" data-cell-type=\"text\" data-original-value=\"30 de noviembre de 2020, a las 14:11 horas\" data-order=\"30 de noviembre de 2020, a las 14:11 horas\" >30 de noviembre de 2020, a las 14:11 horas <\/td><td data-cell-id=\"B66\" data-x=\"1\" data-y=\"66\" data-db-index=\"66\" class=\"\" data-cell-type=\"text\" data-original-value=\"Ciudadana Patricia Le\u00f3n L\u00f3pez, quien se ostenta como Secretaria General en Funciones de Presidente del Partido Nacional Movimiento de Regeneraci\u00f3n Nacional (MORENA)\" data-order=\"Ciudadana Patricia Le\u00f3n L\u00f3pez, quien se ostenta como Secretaria General en Funciones de Presidente del Partido Nacional Movimiento de Regeneraci\u00f3n Nacional (MORENA)\" >Ciudadana Patricia Le\u00f3n L\u00f3pez, quien se ostenta como Secretaria General en Funciones de Presidente del Partido Nacional Movimiento de Regeneraci\u00f3n Nacional (MORENA) <\/td><td data-cell-id=\"C66\" data-x=\"2\" data-y=\"66\" data-db-index=\"66\" class=\"\" data-cell-type=\"text\" data-original-value=\"- Ciudadanas Blanca Guadalupe Lissette Uc Martinez, Carlos Ucan Yam y Mildred Jes\u00fas Can Hern\u00e1ndez y Ciudadano Jos\u00e9 Ram\u00f3n Maga\u00f1a Mart\u00ednez, como Consejeros Estatales del Partido Morena en Campeche - Presidente del Comit\u00e9 Ejecutivo Nacional del Partido Morena Nacional a trav\u00e9s del Ciudadano Alfonso Ram\u00edrez Cuellar\" data-order=\"- Ciudadanas Blanca Guadalupe Lissette Uc Martinez, Carlos Ucan Yam y Mildred Jes\u00fas Can Hern\u00e1ndez y Ciudadano Jos\u00e9 Ram\u00f3n Maga\u00f1a Mart\u00ednez, como Consejeros Estatales del Partido Morena en Campeche - Presidente del Comit\u00e9 Ejecutivo Nacional del Partido Morena Nacional a trav\u00e9s del Ciudadano Alfonso Ram\u00edrez Cuellar\" >- Ciudadanas Blanca Guadalupe Lissette Uc Martinez, Carlos Ucan Yam y Mildred Jes\u00fas Can Hern\u00e1ndez y Ciudadano Jos\u00e9 Ram\u00f3n Maga\u00f1a Mart\u00ednez, como Consejeros Estatales del Partido Morena en Campeche - Presidente del Comit\u00e9 Ejecutivo Nacional del Partido Morena Nacional a trav\u00e9s del Ciudadano Alfonso Ram\u00edrez Cuellar <\/td><td data-cell-id=\"D66\" data-x=\"3\" data-y=\"66\" data-db-index=\"66\" class=\"\" data-cell-type=\"text\" data-original-value=\"&lt;a href=&quot;https:\/\/teec.org.mx\/web\/wp-content\/uploads\/2020\/11\/TEEC-JDC-15-2020-30-11-2020.pdf&quot; target=&quot;_blank&quot;&gt;TEEC\/JDC\/15\/2020 (Acuerdo de radicaci\u00f3n)&lt;\/a&gt;\" data-order=\"&lt;a href=&quot;https:\/\/teec.org.mx\/web\/wp-content\/uploads\/2020\/11\/TEEC-JDC-15-2020-30-11-2020.pdf&quot; target=&quot;_blank&quot;&gt;TEEC\/JDC\/15\/2020 (Acuerdo de radicaci\u00f3n)&lt;\/a&gt;\" ><a href=\"https:\/\/teec.org.mx\/web\/wp-content\/uploads\/2020\/11\/TEEC-JDC-15-2020-30-11-2020.pdf\" target=\"_blank\">TEEC\/JDC\/15\/2020 (Acuerdo de radicaci\u00f3n)<\/a><\/td><\/tr><tr style=\"height:px\" ><td data-cell-id=\"A67\" data-x=\"0\" data-y=\"67\" data-db-index=\"67\" class=\"\" data-cell-type=\"text\" data-original-value=\"30 de noviembre de 2020, a las 13:10 horas\" data-order=\"30 de noviembre de 2020, a las 13:10 horas\" >30 de noviembre de 2020, a las 13:10 horas <\/td><td data-cell-id=\"B67\" data-x=\"1\" data-y=\"67\" data-db-index=\"67\" class=\"\" data-cell-type=\"text\" data-original-value=\"Licenciado Jos\u00e9 Luis Flores Pacheco, quien de ostenta como Presidente del Partido Morena en el Estado de Campeche y Militante de dicho Partido\" data-order=\"Licenciado Jos\u00e9 Luis Flores Pacheco, quien de ostenta como Presidente del Partido Morena en el Estado de Campeche y Militante de dicho Partido\" >Licenciado Jos\u00e9 Luis Flores Pacheco, quien de ostenta como Presidente del Partido Morena en el Estado de Campeche y Militante de dicho Partido <\/td><td data-cell-id=\"C67\" data-x=\"2\" data-y=\"67\" data-db-index=\"67\" class=\"\" data-cell-type=\"text\" data-original-value=\"Direcci\u00f3n de Prerrogativas y Partidos Pol\u00edticos del Instituto Nacional Electoral a trav\u00e9s de su Director Maestro Patricio Ballados Villag\u00f3mez\" data-order=\"Direcci\u00f3n de Prerrogativas y Partidos Pol\u00edticos del Instituto Nacional Electoral a trav\u00e9s de su Director Maestro Patricio Ballados Villag\u00f3mez\" >Direcci\u00f3n de Prerrogativas y Partidos Pol\u00edticos del Instituto Nacional Electoral a trav\u00e9s de su Director Maestro Patricio Ballados Villag\u00f3mez <\/td><td data-cell-id=\"D67\" data-x=\"3\" data-y=\"67\" data-db-index=\"67\" class=\"\" data-cell-type=\"text\" data-original-value=\"&lt;a href=&quot;https:\/\/teec.org.mx\/web\/wp-content\/uploads\/2020\/11\/TEEC-JDC-16-2020-30-11-2020.pdf&quot; target=&quot;_blank&quot;&gt;TEEC\/JDC\/16\/2020 (Acuerdo de turno)&lt;\/a&gt;\" data-order=\"&lt;a href=&quot;https:\/\/teec.org.mx\/web\/wp-content\/uploads\/2020\/11\/TEEC-JDC-16-2020-30-11-2020.pdf&quot; target=&quot;_blank&quot;&gt;TEEC\/JDC\/16\/2020 (Acuerdo de turno)&lt;\/a&gt;\" ><a href=\"https:\/\/teec.org.mx\/web\/wp-content\/uploads\/2020\/11\/TEEC-JDC-16-2020-30-11-2020.pdf\" target=\"_blank\">TEEC\/JDC\/16\/2020 (Acuerdo de turno)<\/a><\/td><\/tr><tr style=\"height:px\" ><td data-cell-id=\"A68\" data-x=\"0\" data-y=\"68\" data-db-index=\"68\" class=\"\" data-cell-type=\"text\" data-original-value=\"27 de noviembre de 2020, a las 14:00 horas\" data-order=\"27 de noviembre de 2020, a las 14:00 horas\" >27 de noviembre de 2020, a las 14:00 horas <\/td><td data-cell-id=\"B68\" data-x=\"1\" data-y=\"68\" data-db-index=\"68\" class=\"\" data-cell-type=\"text\" data-original-value=\"Ciudadana Patricia Le\u00f3n L\u00f3pez, quien se ostenta como Secretaria General en Funciones de Presidente del Partido Nacional Movimiento de Regeneraci\u00f3n Nacional (MORENA)\" data-order=\"Ciudadana Patricia Le\u00f3n L\u00f3pez, quien se ostenta como Secretaria General en Funciones de Presidente del Partido Nacional Movimiento de Regeneraci\u00f3n Nacional (MORENA)\" >Ciudadana Patricia Le\u00f3n L\u00f3pez, quien se ostenta como Secretaria General en Funciones de Presidente del Partido Nacional Movimiento de Regeneraci\u00f3n Nacional (MORENA) <\/td><td data-cell-id=\"C68\" data-x=\"2\" data-y=\"68\" data-db-index=\"68\" class=\"\" data-cell-type=\"text\" data-original-value=\"- Ciudadanas Blanca Guadalupe Lissette Uc Martinez, Carlos Ucan Yam y Mildred Jes\u00fas Can Hern\u00e1ndez y Ciudadano Jos\u00e9 Ram\u00f3n Maga\u00f1a Mart\u00ednez, como Consejeros Estatales del Partido Morena en Campeche - Presidente del Comit\u00e9 Ejecutivo Nacional del Partido Morena Nacional a trav\u00e9s del Ciudadano Alfonso Ram\u00edrez Cuellar\" data-order=\"- Ciudadanas Blanca Guadalupe Lissette Uc Martinez, Carlos Ucan Yam y Mildred Jes\u00fas Can Hern\u00e1ndez y Ciudadano Jos\u00e9 Ram\u00f3n Maga\u00f1a Mart\u00ednez, como Consejeros Estatales del Partido Morena en Campeche - Presidente del Comit\u00e9 Ejecutivo Nacional del Partido Morena Nacional a trav\u00e9s del Ciudadano Alfonso Ram\u00edrez Cuellar\" >- Ciudadanas Blanca Guadalupe Lissette Uc Martinez, Carlos Ucan Yam y Mildred Jes\u00fas Can Hern\u00e1ndez y Ciudadano Jos\u00e9 Ram\u00f3n Maga\u00f1a Mart\u00ednez, como Consejeros Estatales del Partido Morena en Campeche - Presidente del Comit\u00e9 Ejecutivo Nacional del Partido Morena Nacional a trav\u00e9s del Ciudadano Alfonso Ram\u00edrez Cuellar <\/td><td data-cell-id=\"D68\" data-x=\"3\" data-y=\"68\" data-db-index=\"68\" class=\"\" data-cell-type=\"text\" data-original-value=\"&lt;a href=&quot;https:\/\/teec.org.mx\/web\/wp-content\/uploads\/2020\/11\/TEEC-JDC-15-2020-27-11-2020.pdf&quot; target=&quot;_blank&quot;&gt;TEEC\/JDC\/15\/2020 (Acuerdo de turno)&lt;\/a&gt;\" data-order=\"&lt;a href=&quot;https:\/\/teec.org.mx\/web\/wp-content\/uploads\/2020\/11\/TEEC-JDC-15-2020-27-11-2020.pdf&quot; target=&quot;_blank&quot;&gt;TEEC\/JDC\/15\/2020 (Acuerdo de turno)&lt;\/a&gt;\" ><a href=\"https:\/\/teec.org.mx\/web\/wp-content\/uploads\/2020\/11\/TEEC-JDC-15-2020-27-11-2020.pdf\" target=\"_blank\">TEEC\/JDC\/15\/2020 (Acuerdo de turno)<\/a><\/td><\/tr><tr style=\"height:px\" ><td data-cell-id=\"A69\" data-x=\"0\" data-y=\"69\" data-db-index=\"69\" class=\"\" data-cell-type=\"text\" data-original-value=\"26 de noviembre de 2020, a las 14:20 horas\" data-order=\"26 de noviembre de 2020, a las 14:20 horas\" >26 de noviembre de 2020, a las 14:20 horas <\/td><td data-cell-id=\"B69\" data-x=\"1\" data-y=\"69\" data-db-index=\"69\" class=\"\" data-cell-type=\"text\" data-original-value=\"Ciudadano Jos\u00e9 Luis Flores Pacheco, quien se ostenta como Presidente del Consejo Estatal del Partido Pol\u00edtico Morena en el Estado de Campeche y Militante del citado Partido\" data-order=\"Ciudadano Jos\u00e9 Luis Flores Pacheco, quien se ostenta como Presidente del Consejo Estatal del Partido Pol\u00edtico Morena en el Estado de Campeche y Militante del citado Partido\" >Ciudadano Jos\u00e9 Luis Flores Pacheco, quien se ostenta como Presidente del Consejo Estatal del Partido Pol\u00edtico Morena en el Estado de Campeche y Militante del citado Partido <\/td><td data-cell-id=\"C69\" data-x=\"2\" data-y=\"69\" data-db-index=\"69\" class=\"\" data-cell-type=\"text\" data-original-value=\"Comisi\u00f3n Nacional de Honestidad y Justicia del Partido MORENA\" data-order=\"Comisi\u00f3n Nacional de Honestidad y Justicia del Partido MORENA\" >Comisi\u00f3n Nacional de Honestidad y Justicia del Partido MORENA <\/td><td data-cell-id=\"D69\" data-x=\"3\" data-y=\"69\" data-db-index=\"69\" class=\"\" data-cell-type=\"text\" data-original-value=\"&lt;a href=&quot;https:\/\/teec.org.mx\/web\/wp-content\/uploads\/2020\/11\/TEEC-JDC-9-2020-INC-26-11-2020.pdf&quot; target=&quot;_blank&quot;&gt;TEEC\/JDC\/9\/2020\/C.I.2 (Acuerdo de recepci\u00f3n, acumulaci\u00f3n y vista)&lt;\/a&gt;\" data-order=\"&lt;a href=&quot;https:\/\/teec.org.mx\/web\/wp-content\/uploads\/2020\/11\/TEEC-JDC-9-2020-INC-26-11-2020.pdf&quot; target=&quot;_blank&quot;&gt;TEEC\/JDC\/9\/2020\/C.I.2 (Acuerdo de recepci\u00f3n, acumulaci\u00f3n y vista)&lt;\/a&gt;\" ><a href=\"https:\/\/teec.org.mx\/web\/wp-content\/uploads\/2020\/11\/TEEC-JDC-9-2020-INC-26-11-2020.pdf\" target=\"_blank\">TEEC\/JDC\/9\/2020\/C.I.2 (Acuerdo de recepci\u00f3n, acumulaci\u00f3n y vista)<\/a><\/td><\/tr><tr style=\"height:px\" ><td data-cell-id=\"A70\" data-x=\"0\" data-y=\"70\" data-db-index=\"70\" class=\"\" data-cell-type=\"text\" data-original-value=\"23 de noviembre de 2020, a las 10:10 horas\" data-order=\"23 de noviembre de 2020, a las 10:10 horas\" >23 de noviembre de 2020, a las 10:10 horas <\/td><td data-cell-id=\"B70\" data-x=\"1\" data-y=\"70\" data-db-index=\"70\" class=\"\" data-cell-type=\"text\" data-original-value=\"Ciudadana Deysi Cristina Rodr\u00edguez Hern\u00e1ndez, Regidora de la Junta Municipal de Mamantel, Carmen, Campeche\" data-order=\"Ciudadana Deysi Cristina Rodr\u00edguez Hern\u00e1ndez, Regidora de la Junta Municipal de Mamantel, Carmen, Campeche\" >Ciudadana Deysi Cristina Rodr\u00edguez Hern\u00e1ndez, Regidora de la Junta Municipal de Mamantel, Carmen, Campeche <\/td><td data-cell-id=\"C70\" data-x=\"2\" data-y=\"70\" data-db-index=\"70\" class=\"\" data-cell-type=\"text\" data-original-value=\"Presidente Licenciado Benigno Mart\u00ednez Canul y Tesorera Ciudadana Elizabeth Hern\u00e1ndez Ascencio, ambos de la Junta Municipal de Mamantel, Carmen, Campeche\" data-order=\"Presidente Licenciado Benigno Mart\u00ednez Canul y Tesorera Ciudadana Elizabeth Hern\u00e1ndez Ascencio, ambos de la Junta Municipal de Mamantel, Carmen, Campeche\" >Presidente Licenciado Benigno Mart\u00ednez Canul y Tesorera Ciudadana Elizabeth Hern\u00e1ndez Ascencio, ambos de la Junta Municipal de Mamantel, Carmen, Campeche <\/td><td data-cell-id=\"D70\" data-x=\"3\" data-y=\"70\" data-db-index=\"70\" class=\"\" data-cell-type=\"text\" data-original-value=\"&lt;a href=&quot;https:\/\/teec.org.mx\/web\/wp-content\/uploads\/2020\/11\/TEEC-JDC-8-2020-23-11-2020.pdf&quot; target=&quot;_blank&quot;&gt;TEEC\/JDC\/8\/2020 (Cumplimiento de sentencia inst. De la mujer)&lt;\/a&gt;\" data-order=\"&lt;a href=&quot;https:\/\/teec.org.mx\/web\/wp-content\/uploads\/2020\/11\/TEEC-JDC-8-2020-23-11-2020.pdf&quot; target=&quot;_blank&quot;&gt;TEEC\/JDC\/8\/2020 (Cumplimiento de sentencia inst. De la mujer)&lt;\/a&gt;\" ><a href=\"https:\/\/teec.org.mx\/web\/wp-content\/uploads\/2020\/11\/TEEC-JDC-8-2020-23-11-2020.pdf\" target=\"_blank\">TEEC\/JDC\/8\/2020 (Cumplimiento de sentencia inst. De la mujer)<\/a><\/td><\/tr><tr style=\"height:px\" ><td data-cell-id=\"A71\" data-x=\"0\" data-y=\"71\" data-db-index=\"71\" class=\"\" data-cell-type=\"text\" data-original-value=\"20 de noviembre de 2020, a las 10:05 horas\" data-order=\"20 de noviembre de 2020, a las 10:05 horas\" >20 de noviembre de 2020, a las 10:05 horas <\/td><td data-cell-id=\"B71\" data-x=\"1\" data-y=\"71\" data-db-index=\"71\" class=\"\" data-cell-type=\"text\" data-original-value=\"Ciudadano Jos\u00e9 Luis Flores Pacheco, quien se ostenta como Presidente del Consejo Estatal del Partido Pol\u00edtico Morena en el Estado de Campeche y Militante del citado Partido\" data-order=\"Ciudadano Jos\u00e9 Luis Flores Pacheco, quien se ostenta como Presidente del Consejo Estatal del Partido Pol\u00edtico Morena en el Estado de Campeche y Militante del citado Partido\" >Ciudadano Jos\u00e9 Luis Flores Pacheco, quien se ostenta como Presidente del Consejo Estatal del Partido Pol\u00edtico Morena en el Estado de Campeche y Militante del citado Partido <\/td><td data-cell-id=\"C71\" data-x=\"2\" data-y=\"71\" data-db-index=\"71\" class=\"\" data-cell-type=\"text\" data-original-value=\"Comisi\u00f3n Nacional de Honestidad y Justicia del Partido Morena\" data-order=\"Comisi\u00f3n Nacional de Honestidad y Justicia del Partido Morena\" >Comisi\u00f3n Nacional de Honestidad y Justicia del Partido Morena <\/td><td data-cell-id=\"D71\" data-x=\"3\" data-y=\"71\" data-db-index=\"71\" class=\"\" data-cell-type=\"text\" data-original-value=\"&lt;a href=&quot;https:\/\/teec.org.mx\/web\/wp-content\/uploads\/2020\/11\/TEEC-JDC-9-2020-INC-20-11-2020.pdf&quot; target=&quot;_blank&quot;&gt;TEEC\/JDC\/9\/2020\/C.I.2 (Acuerdo de recepci\u00f3n, radicaci\u00f3n, admisi\u00f3n y requerimiento)&lt;\/a&gt;\" data-order=\"&lt;a href=&quot;https:\/\/teec.org.mx\/web\/wp-content\/uploads\/2020\/11\/TEEC-JDC-9-2020-INC-20-11-2020.pdf&quot; target=&quot;_blank&quot;&gt;TEEC\/JDC\/9\/2020\/C.I.2 (Acuerdo de recepci\u00f3n, radicaci\u00f3n, admisi\u00f3n y requerimiento)&lt;\/a&gt;\" ><a href=\"https:\/\/teec.org.mx\/web\/wp-content\/uploads\/2020\/11\/TEEC-JDC-9-2020-INC-20-11-2020.pdf\" target=\"_blank\">TEEC\/JDC\/9\/2020\/C.I.2 (Acuerdo de recepci\u00f3n, radicaci\u00f3n, admisi\u00f3n y requerimiento)<\/a><\/td><\/tr><tr style=\"height:px\" ><td data-cell-id=\"A72\" data-x=\"0\" data-y=\"72\" data-db-index=\"72\" class=\"\" data-cell-type=\"text\" data-original-value=\"19 de noviembre de 2020, a las 12:45 horas\" data-order=\"19 de noviembre de 2020, a las 12:45 horas\" >19 de noviembre de 2020, a las 12:45 horas <\/td><td data-cell-id=\"B72\" data-x=\"1\" data-y=\"72\" data-db-index=\"72\" class=\"\" data-cell-type=\"text\" data-original-value=\"Ciudadano Jos\u00e9 Luis Flores Pacheco, quien se ostenta como Presidente del Consejo Estatal del Partido Pol\u00edtico Morena en el Estado de Campeche y Militante del citado Partido\" data-order=\"Ciudadano Jos\u00e9 Luis Flores Pacheco, quien se ostenta como Presidente del Consejo Estatal del Partido Pol\u00edtico Morena en el Estado de Campeche y Militante del citado Partido\" >Ciudadano Jos\u00e9 Luis Flores Pacheco, quien se ostenta como Presidente del Consejo Estatal del Partido Pol\u00edtico Morena en el Estado de Campeche y Militante del citado Partido <\/td><td data-cell-id=\"C72\" data-x=\"2\" data-y=\"72\" data-db-index=\"72\" class=\"\" data-cell-type=\"text\" data-original-value=\"Comisi\u00f3n Nacional de Honestidad y Justicia del Partido Morena\" data-order=\"Comisi\u00f3n Nacional de Honestidad y Justicia del Partido Morena\" >Comisi\u00f3n Nacional de Honestidad y Justicia del Partido Morena <\/td><td data-cell-id=\"D72\" data-x=\"3\" data-y=\"72\" data-db-index=\"72\" class=\"\" data-cell-type=\"text\" data-original-value=\"&lt;a href=&quot;https:\/\/teec.org.mx\/web\/wp-content\/uploads\/2020\/11\/TEEC-JDC-9-2020-INC-19-11-2020.pdf&quot; target=&quot;_blank&quot;&gt;TEEC\/JDC\/9\/2020\/C.I.2 (Acuerdo de recepci\u00f3n e integraci\u00f3n de expediente incidental)&lt;\/a&gt;\" data-order=\"&lt;a href=&quot;https:\/\/teec.org.mx\/web\/wp-content\/uploads\/2020\/11\/TEEC-JDC-9-2020-INC-19-11-2020.pdf&quot; target=&quot;_blank&quot;&gt;TEEC\/JDC\/9\/2020\/C.I.2 (Acuerdo de recepci\u00f3n e integraci\u00f3n de expediente incidental)&lt;\/a&gt;\" ><a href=\"https:\/\/teec.org.mx\/web\/wp-content\/uploads\/2020\/11\/TEEC-JDC-9-2020-INC-19-11-2020.pdf\" target=\"_blank\">TEEC\/JDC\/9\/2020\/C.I.2 (Acuerdo de recepci\u00f3n e integraci\u00f3n de expediente incidental)<\/a><\/td><\/tr><tr style=\"height:px\" ><td data-cell-id=\"A73\" data-x=\"0\" data-y=\"73\" data-db-index=\"73\" class=\"\" data-cell-type=\"text\" data-original-value=\"18 de noviembre de 2020, a las 14:15 horas\" data-order=\"18 de noviembre de 2020, a las 14:15 horas\" >18 de noviembre de 2020, a las 14:15 horas <\/td><td data-cell-id=\"B73\" data-x=\"1\" data-y=\"73\" data-db-index=\"73\" class=\"\" data-cell-type=\"text\" data-original-value=\"Ciudadana Mar\u00eda Zaira S\u00e1nchez Huerta, en su Calidad de Militante del Partido Morena\" data-order=\"Ciudadana Mar\u00eda Zaira S\u00e1nchez Huerta, en su Calidad de Militante del Partido Morena\" >Ciudadana Mar\u00eda Zaira S\u00e1nchez Huerta, en su Calidad de Militante del Partido Morena <\/td><td data-cell-id=\"C73\" data-x=\"2\" data-y=\"73\" data-db-index=\"73\" class=\"\" data-cell-type=\"text\" data-original-value=\"Comisi\u00f3n Nacional de Honestidad y Justicia de Morena\" data-order=\"Comisi\u00f3n Nacional de Honestidad y Justicia de Morena\" >Comisi\u00f3n Nacional de Honestidad y Justicia de Morena <\/td><td data-cell-id=\"D73\" data-x=\"3\" data-y=\"73\" data-db-index=\"73\" class=\"\" data-cell-type=\"text\" data-original-value=\"&lt;a href=&quot;https:\/\/teec.org.mx\/web\/wp-content\/uploads\/2020\/11\/TEEC-JDC-14-2020-18-11-2020.pdf&quot; target=&quot;_blank&quot;&gt;TEEC\/JDC\/14\/2020 (Acuerdo de admisi\u00f3n)&lt;\/a&gt;\" data-order=\"&lt;a href=&quot;https:\/\/teec.org.mx\/web\/wp-content\/uploads\/2020\/11\/TEEC-JDC-14-2020-18-11-2020.pdf&quot; target=&quot;_blank&quot;&gt;TEEC\/JDC\/14\/2020 (Acuerdo de admisi\u00f3n)&lt;\/a&gt;\" ><a href=\"https:\/\/teec.org.mx\/web\/wp-content\/uploads\/2020\/11\/TEEC-JDC-14-2020-18-11-2020.pdf\" target=\"_blank\">TEEC\/JDC\/14\/2020 (Acuerdo de admisi\u00f3n)<\/a><\/td><\/tr><tr style=\"height:px\" ><td data-cell-id=\"A74\" data-x=\"0\" data-y=\"74\" data-db-index=\"74\" class=\"\" data-cell-type=\"text\" data-original-value=\"18 de noviembre de 2020, a las 14:05 horas\" data-order=\"18 de noviembre de 2020, a las 14:05 horas\" >18 de noviembre de 2020, a las 14:05 horas <\/td><td data-cell-id=\"B74\" data-x=\"1\" data-y=\"74\" data-db-index=\"74\" class=\"\" data-cell-type=\"text\" data-original-value=\"Profesor Ricardo S\u00e1nchez Cerino, en su Calidad de Militante del Partido Morena\" data-order=\"Profesor Ricardo S\u00e1nchez Cerino, en su Calidad de Militante del Partido Morena\" >Profesor Ricardo S\u00e1nchez Cerino, en su Calidad de Militante del Partido Morena <\/td><td data-cell-id=\"C74\" data-x=\"2\" data-y=\"74\" data-db-index=\"74\" class=\"\" data-cell-type=\"text\" data-original-value=\"Comisi\u00f3n Nacional de Honestidad y Justicia de Morena\" data-order=\"Comisi\u00f3n Nacional de Honestidad y Justicia de Morena\" >Comisi\u00f3n Nacional de Honestidad y Justicia de Morena <\/td><td data-cell-id=\"D74\" data-x=\"3\" data-y=\"74\" data-db-index=\"74\" class=\"\" data-cell-type=\"text\" data-original-value=\"&lt;a href=&quot;https:\/\/teec.org.mx\/web\/wp-content\/uploads\/2020\/11\/TEEC-JDC-13-2020-18-11-2020.pdf&quot; target=&quot;_blank&quot;&gt;TEEC\/JDC\/13\/2020 (Acuerdo de admisi\u00f3n)&lt;\/a&gt;\" data-order=\"&lt;a href=&quot;https:\/\/teec.org.mx\/web\/wp-content\/uploads\/2020\/11\/TEEC-JDC-13-2020-18-11-2020.pdf&quot; target=&quot;_blank&quot;&gt;TEEC\/JDC\/13\/2020 (Acuerdo de admisi\u00f3n)&lt;\/a&gt;\" ><a href=\"https:\/\/teec.org.mx\/web\/wp-content\/uploads\/2020\/11\/TEEC-JDC-13-2020-18-11-2020.pdf\" target=\"_blank\">TEEC\/JDC\/13\/2020 (Acuerdo de admisi\u00f3n)<\/a><\/td><\/tr><tr style=\"height:px\" ><td data-cell-id=\"A75\" data-x=\"0\" data-y=\"75\" data-db-index=\"75\" class=\"\" data-cell-type=\"text\" data-original-value=\"13 de noviembre de 2020, a las 12:20 horas\" data-order=\"13 de noviembre de 2020, a las 12:20 horas\" >13 de noviembre de 2020, a las 12:20 horas <\/td><td data-cell-id=\"B75\" data-x=\"1\" data-y=\"75\" data-db-index=\"75\" class=\"\" data-cell-type=\"text\" data-original-value=\"Licenciado Juan Francisco Portela Rodr\u00edguez, en su Calidad de Ciudadano Campechano y Miembro Activo del Partido Acci\u00f3n Nacional\" data-order=\"Licenciado Juan Francisco Portela Rodr\u00edguez, en su Calidad de Ciudadano Campechano y Miembro Activo del Partido Acci\u00f3n Nacional\" >Licenciado Juan Francisco Portela Rodr\u00edguez, en su Calidad de Ciudadano Campechano y Miembro Activo del Partido Acci\u00f3n Nacional <\/td><td data-cell-id=\"C75\" data-x=\"2\" data-y=\"75\" data-db-index=\"75\" class=\"\" data-cell-type=\"text\" data-original-value=\"Ciudadano Josu\u00e9 Jes\u00fas Rodr\u00edguez Golib, Presidente del Comit\u00e9 Directivo Municipal del Partido Acci\u00f3n Nacional en Campeche\" data-order=\"Ciudadano Josu\u00e9 Jes\u00fas Rodr\u00edguez Golib, Presidente del Comit\u00e9 Directivo Municipal del Partido Acci\u00f3n Nacional en Campeche\" >Ciudadano Josu\u00e9 Jes\u00fas Rodr\u00edguez Golib, Presidente del Comit\u00e9 Directivo Municipal del Partido Acci\u00f3n Nacional en Campeche <\/td><td data-cell-id=\"D75\" data-x=\"3\" data-y=\"75\" data-db-index=\"75\" class=\"\" data-cell-type=\"text\" data-original-value=\"&lt;a href=&quot;https:\/\/teec.org.mx\/web\/wp-content\/uploads\/2020\/11\/TEEC-JDC-12-2020-13-11-2020.pdf&quot; target=&quot;_blank&quot;&gt;TEEC\/JDC\/12\/2020 (Se declara firme la sentencia)&lt;\/a&gt;\" data-order=\"&lt;a href=&quot;https:\/\/teec.org.mx\/web\/wp-content\/uploads\/2020\/11\/TEEC-JDC-12-2020-13-11-2020.pdf&quot; target=&quot;_blank&quot;&gt;TEEC\/JDC\/12\/2020 (Se declara firme la sentencia)&lt;\/a&gt;\" ><a href=\"https:\/\/teec.org.mx\/web\/wp-content\/uploads\/2020\/11\/TEEC-JDC-12-2020-13-11-2020.pdf\" target=\"_blank\">TEEC\/JDC\/12\/2020 (Se declara firme la sentencia)<\/a><\/td><\/tr><tr style=\"height:px\" ><td data-cell-id=\"A76\" data-x=\"0\" data-y=\"76\" data-db-index=\"76\" class=\"\" data-cell-type=\"text\" data-original-value=\"10 de noviembre de 2020, a las 14:00 horas\" data-order=\"10 de noviembre de 2020, a las 14:00 horas\" >10 de noviembre de 2020, a las 14:00 horas <\/td><td data-cell-id=\"B76\" data-x=\"1\" data-y=\"76\" data-db-index=\"76\" class=\"\" data-cell-type=\"text\" data-original-value=\"Ciudadana Mar\u00eda Zaira S\u00e1nchez Huerta, en su Calidad de Militante del Partido Morena\" data-order=\"Ciudadana Mar\u00eda Zaira S\u00e1nchez Huerta, en su Calidad de Militante del Partido Morena\" >Ciudadana Mar\u00eda Zaira S\u00e1nchez Huerta, en su Calidad de Militante del Partido Morena <\/td><td data-cell-id=\"C76\" data-x=\"2\" data-y=\"76\" data-db-index=\"76\" class=\"\" data-cell-type=\"text\" data-original-value=\"Comisi\u00f3n Nacional de Honestidad y Justicia de Morena\" data-order=\"Comisi\u00f3n Nacional de Honestidad y Justicia de Morena\" >Comisi\u00f3n Nacional de Honestidad y Justicia de Morena <\/td><td data-cell-id=\"D76\" data-x=\"3\" data-y=\"76\" data-db-index=\"76\" class=\"\" data-cell-type=\"text\" data-original-value=\"&lt;a href=&quot;https:\/\/teec.org.mx\/web\/wp-content\/uploads\/2020\/11\/TEEC-JDC-14-2020-10-11-2020.pdf&quot; target=&quot;_blank&quot;&gt;TEEC\/JDC\/14\/2020 (Acuerdo de recepci\u00f3n y radicaci\u00f3n)&lt;\/a&gt;\" data-order=\"&lt;a href=&quot;https:\/\/teec.org.mx\/web\/wp-content\/uploads\/2020\/11\/TEEC-JDC-14-2020-10-11-2020.pdf&quot; target=&quot;_blank&quot;&gt;TEEC\/JDC\/14\/2020 (Acuerdo de recepci\u00f3n y radicaci\u00f3n)&lt;\/a&gt;\" ><a href=\"https:\/\/teec.org.mx\/web\/wp-content\/uploads\/2020\/11\/TEEC-JDC-14-2020-10-11-2020.pdf\" target=\"_blank\">TEEC\/JDC\/14\/2020 (Acuerdo de recepci\u00f3n y radicaci\u00f3n)<\/a><\/td><\/tr><tr style=\"height:px\" ><td data-cell-id=\"A77\" data-x=\"0\" data-y=\"77\" data-db-index=\"77\" class=\"\" data-cell-type=\"text\" data-original-value=\"10 de noviembre de 2020, a las 13:50 horas\" data-order=\"10 de noviembre de 2020, a las 13:50 horas\" >10 de noviembre de 2020, a las 13:50 horas <\/td><td data-cell-id=\"B77\" data-x=\"1\" data-y=\"77\" data-db-index=\"77\" class=\"\" data-cell-type=\"text\" data-original-value=\"Profesor Ricardo S\u00e1nchez Cerino, en su Calidad de Militante del Partido Morena\" data-order=\"Profesor Ricardo S\u00e1nchez Cerino, en su Calidad de Militante del Partido Morena\" >Profesor Ricardo S\u00e1nchez Cerino, en su Calidad de Militante del Partido Morena <\/td><td data-cell-id=\"C77\" data-x=\"2\" data-y=\"77\" data-db-index=\"77\" class=\"\" data-cell-type=\"text\" data-original-value=\"Comisi\u00f3n Nacional de Honestidad y Justicia de Morena\" data-order=\"Comisi\u00f3n Nacional de Honestidad y Justicia de Morena\" >Comisi\u00f3n Nacional de Honestidad y Justicia de Morena <\/td><td data-cell-id=\"D77\" data-x=\"3\" data-y=\"77\" data-db-index=\"77\" class=\"\" data-cell-type=\"text\" data-original-value=\"&lt;a href=&quot;https:\/\/teec.org.mx\/web\/wp-content\/uploads\/2020\/11\/TEEC-JDC-13-2020-10-11-2020.pdf&quot; target=&quot;_blank&quot;&gt;TEEC\/JDC\/13\/2020 (Acuerdo de recepci\u00f3n y radicaci\u00f3n)&lt;\/a&gt;\" data-order=\"&lt;a href=&quot;https:\/\/teec.org.mx\/web\/wp-content\/uploads\/2020\/11\/TEEC-JDC-13-2020-10-11-2020.pdf&quot; target=&quot;_blank&quot;&gt;TEEC\/JDC\/13\/2020 (Acuerdo de recepci\u00f3n y radicaci\u00f3n)&lt;\/a&gt;\" ><a href=\"https:\/\/teec.org.mx\/web\/wp-content\/uploads\/2020\/11\/TEEC-JDC-13-2020-10-11-2020.pdf\" target=\"_blank\">TEEC\/JDC\/13\/2020 (Acuerdo de recepci\u00f3n y radicaci\u00f3n)<\/a><\/td><\/tr><tr style=\"height:px\" ><td data-cell-id=\"A78\" data-x=\"0\" data-y=\"78\" data-db-index=\"78\" class=\"\" data-cell-type=\"text\" data-original-value=\"09 de noviembre de 2020, a las 13:30 horas\" data-order=\"09 de noviembre de 2020, a las 13:30 horas\" >09 de noviembre de 2020, a las 13:30 horas <\/td><td data-cell-id=\"B78\" data-x=\"1\" data-y=\"78\" data-db-index=\"78\" class=\"\" data-cell-type=\"text\" data-original-value=\"Ciudadana Patricia Le\u00f3n L\u00f3pez, quien se ostenta como Secretaria General del Comit\u00e9 Ejecutivo Estatal del Partido Morena; as\u00ed como Militante y Consejera Nacional de dicho Partido\" data-order=\"Ciudadana Patricia Le\u00f3n L\u00f3pez, quien se ostenta como Secretaria General del Comit\u00e9 Ejecutivo Estatal del Partido Morena; as\u00ed como Militante y Consejera Nacional de dicho Partido\" >Ciudadana Patricia Le\u00f3n L\u00f3pez, quien se ostenta como Secretaria General del Comit\u00e9 Ejecutivo Estatal del Partido Morena; as\u00ed como Militante y Consejera Nacional de dicho Partido <\/td><td data-cell-id=\"C78\" data-x=\"2\" data-y=\"78\" data-db-index=\"78\" class=\"\" data-cell-type=\"text\" data-original-value=\"Comisi\u00f3n Nacional de Honor y Justicia del Partido Pol\u00edtico Morena\" data-order=\"Comisi\u00f3n Nacional de Honor y Justicia del Partido Pol\u00edtico Morena\" >Comisi\u00f3n Nacional de Honor y Justicia del Partido Pol\u00edtico Morena <\/td><td data-cell-id=\"D78\" data-x=\"3\" data-y=\"78\" data-db-index=\"78\" class=\"\" data-cell-type=\"text\" data-original-value=\"&lt;a href=&quot;https:\/\/teec.org.mx\/web\/wp-content\/uploads\/2020\/11\/TEEC-JDC-7-2020-09-11-2020.pdf&quot; target=&quot;_blank&quot;&gt;TEEC\/JDC\/7\/2020 (Se declara definitivo y firme el presente asunto)&lt;\/a&gt;\" data-order=\"&lt;a href=&quot;https:\/\/teec.org.mx\/web\/wp-content\/uploads\/2020\/11\/TEEC-JDC-7-2020-09-11-2020.pdf&quot; target=&quot;_blank&quot;&gt;TEEC\/JDC\/7\/2020 (Se declara definitivo y firme el presente asunto)&lt;\/a&gt;\" ><a href=\"https:\/\/teec.org.mx\/web\/wp-content\/uploads\/2020\/11\/TEEC-JDC-7-2020-09-11-2020.pdf\" target=\"_blank\">TEEC\/JDC\/7\/2020 (Se declara definitivo y firme el presente asunto)<\/a><\/td><\/tr><tr style=\"height:px\" ><td data-cell-id=\"A79\" data-x=\"0\" data-y=\"79\" data-db-index=\"79\" class=\"\" data-cell-type=\"text\" data-original-value=\"06 de noviembre de 2020, a las 15:13 horas\" data-order=\"06 de noviembre de 2020, a las 15:13 horas\" >06 de noviembre de 2020, a las 15:13 horas <\/td><td data-cell-id=\"B79\" data-x=\"1\" data-y=\"79\" data-db-index=\"79\" class=\"\" data-cell-type=\"text\" data-original-value=\"Licenciado Juan Francisco Portela Rodr\u00edguez, en su Calidad de Ciudadano Campechano y Miembro Activo del Partido Acci\u00f3n Nacional\" data-order=\"Licenciado Juan Francisco Portela Rodr\u00edguez, en su Calidad de Ciudadano Campechano y Miembro Activo del Partido Acci\u00f3n Nacional\" >Licenciado Juan Francisco Portela Rodr\u00edguez, en su Calidad de Ciudadano Campechano y Miembro Activo del Partido Acci\u00f3n Nacional <\/td><td data-cell-id=\"C79\" data-x=\"2\" data-y=\"79\" data-db-index=\"79\" class=\"\" data-cell-type=\"text\" data-original-value=\"Ciudadano Josu\u00e9 Jes\u00fas Rodr\u00edguez Golib, Presidente del Comit\u00e9 Directivo Municipal del Partido Acci\u00f3n Nacional en Campeche\" data-order=\"Ciudadano Josu\u00e9 Jes\u00fas Rodr\u00edguez Golib, Presidente del Comit\u00e9 Directivo Municipal del Partido Acci\u00f3n Nacional en Campeche\" >Ciudadano Josu\u00e9 Jes\u00fas Rodr\u00edguez Golib, Presidente del Comit\u00e9 Directivo Municipal del Partido Acci\u00f3n Nacional en Campeche <\/td><td data-cell-id=\"D79\" data-x=\"3\" data-y=\"79\" data-db-index=\"79\" class=\"\" data-cell-type=\"text\" data-original-value=\"&lt;a href=&quot;https:\/\/teec.org.mx\/web\/wp-content\/uploads\/2020\/11\/TEEC-JDC-12-2020-sent.-06-11-2020.pdf&quot; target=&quot;_blank&quot;&gt;TEEC\/JDC\/12\/2020 (Sentencia)&lt;\/a&gt;\" data-order=\"&lt;a href=&quot;https:\/\/teec.org.mx\/web\/wp-content\/uploads\/2020\/11\/TEEC-JDC-12-2020-sent.-06-11-2020.pdf&quot; target=&quot;_blank&quot;&gt;TEEC\/JDC\/12\/2020 (Sentencia)&lt;\/a&gt;\" ><a href=\"https:\/\/teec.org.mx\/web\/wp-content\/uploads\/2020\/11\/TEEC-JDC-12-2020-sent.-06-11-2020.pdf\" target=\"_blank\">TEEC\/JDC\/12\/2020 (Sentencia)<\/a><\/td><\/tr><tr style=\"height:px\" ><td data-cell-id=\"A80\" data-x=\"0\" data-y=\"80\" data-db-index=\"80\" class=\"\" data-cell-type=\"text\" data-original-value=\"06 de noviembre de 2020, a las 14:50 horas\" data-order=\"06 de noviembre de 2020, a las 14:50 horas\" >06 de noviembre de 2020, a las 14:50 horas <\/td><td data-cell-id=\"B80\" data-x=\"1\" data-y=\"80\" data-db-index=\"80\" class=\"\" data-cell-type=\"text\" data-original-value=\"Ciudadana Mar\u00eda Zaira S\u00e1nchez Huerta\" data-order=\"Ciudadana Mar\u00eda Zaira S\u00e1nchez Huerta\" >Ciudadana Mar\u00eda Zaira S\u00e1nchez Huerta <\/td><td data-cell-id=\"C80\" data-x=\"2\" data-y=\"80\" data-db-index=\"80\" class=\"\" data-cell-type=\"text\" data-original-value=\"Comisi\u00f3n Nacional de Honestidad y Justicia del Partido Pol\u00edtico Morena\" data-order=\"Comisi\u00f3n Nacional de Honestidad y Justicia del Partido Pol\u00edtico Morena\" >Comisi\u00f3n Nacional de Honestidad y Justicia del Partido Pol\u00edtico Morena <\/td><td data-cell-id=\"D80\" data-x=\"3\" data-y=\"80\" data-db-index=\"80\" class=\"\" data-cell-type=\"text\" data-original-value=\"&lt;a href=&quot;https:\/\/teec.org.mx\/web\/wp-content\/uploads\/2020\/11\/TEEC-JDC-14-2020-06-11-2020.pdf&quot; target=&quot;_blank&quot;&gt;TEEC\/JDC\/14\/2020 (Acuerdo de turno)&lt;\/a&gt;\" data-order=\"&lt;a href=&quot;https:\/\/teec.org.mx\/web\/wp-content\/uploads\/2020\/11\/TEEC-JDC-14-2020-06-11-2020.pdf&quot; target=&quot;_blank&quot;&gt;TEEC\/JDC\/14\/2020 (Acuerdo de turno)&lt;\/a&gt;\" ><a href=\"https:\/\/teec.org.mx\/web\/wp-content\/uploads\/2020\/11\/TEEC-JDC-14-2020-06-11-2020.pdf\" target=\"_blank\">TEEC\/JDC\/14\/2020 (Acuerdo de turno)<\/a><\/td><\/tr><tr style=\"height:px\" ><td data-cell-id=\"A81\" data-x=\"0\" data-y=\"81\" data-db-index=\"81\" class=\"\" data-cell-type=\"text\" data-original-value=\"06 de noviembre de 2020, a las 14:39 horas\" data-order=\"06 de noviembre de 2020, a las 14:39 horas\" >06 de noviembre de 2020, a las 14:39 horas <\/td><td data-cell-id=\"B81\" data-x=\"1\" data-y=\"81\" data-db-index=\"81\" class=\"\" data-cell-type=\"text\" data-original-value=\"Profesor Ricardo S\u00e1nchez Cerino\" data-order=\"Profesor Ricardo S\u00e1nchez Cerino\" >Profesor Ricardo S\u00e1nchez Cerino <\/td><td data-cell-id=\"C81\" data-x=\"2\" data-y=\"81\" data-db-index=\"81\" class=\"\" data-cell-type=\"text\" data-original-value=\"Comisi\u00f3n Nacional de Honestidad y Justicia del Partido Pol\u00edtico Morena\" data-order=\"Comisi\u00f3n Nacional de Honestidad y Justicia del Partido Pol\u00edtico Morena\" >Comisi\u00f3n Nacional de Honestidad y Justicia del Partido Pol\u00edtico Morena <\/td><td data-cell-id=\"D81\" data-x=\"3\" data-y=\"81\" data-db-index=\"81\" class=\"\" data-cell-type=\"text\" data-original-value=\"&lt;a href=&quot;https:\/\/teec.org.mx\/web\/wp-content\/uploads\/2020\/11\/TEEC-JDC-13-2020-06-11-2020.pdf&quot; target=&quot;_blank&quot;&gt;TEEC\/JDC\/13\/2020 (Acuerdo de turno)&lt;\/a&gt;\" data-order=\"&lt;a href=&quot;https:\/\/teec.org.mx\/web\/wp-content\/uploads\/2020\/11\/TEEC-JDC-13-2020-06-11-2020.pdf&quot; target=&quot;_blank&quot;&gt;TEEC\/JDC\/13\/2020 (Acuerdo de turno)&lt;\/a&gt;\" ><a href=\"https:\/\/teec.org.mx\/web\/wp-content\/uploads\/2020\/11\/TEEC-JDC-13-2020-06-11-2020.pdf\" target=\"_blank\">TEEC\/JDC\/13\/2020 (Acuerdo de turno)<\/a><\/td><\/tr><tr style=\"height:px\" ><td data-cell-id=\"A82\" data-x=\"0\" data-y=\"82\" data-db-index=\"82\" class=\"\" data-cell-type=\"text\" data-original-value=\"06 de noviembre de 2020, a las 11:20 horas\" data-order=\"06 de noviembre de 2020, a las 11:20 horas\" >06 de noviembre de 2020, a las 11:20 horas <\/td><td data-cell-id=\"B82\" data-x=\"1\" data-y=\"82\" data-db-index=\"82\" class=\"\" data-cell-type=\"text\" data-original-value=\"Ciudadana Maricela Flores Moo, quien se ostenta como Sindica del Ayuntamiento del Municipio de Calakmul, Campeche\" data-order=\"Ciudadana Maricela Flores Moo, quien se ostenta como Sindica del Ayuntamiento del Municipio de Calakmul, Campeche\" >Ciudadana Maricela Flores Moo, quien se ostenta como Sindica del Ayuntamiento del Municipio de Calakmul, Campeche <\/td><td data-cell-id=\"C82\" data-x=\"2\" data-y=\"82\" data-db-index=\"82\" class=\"\" data-cell-type=\"text\" data-original-value=\"Ciudadanos Luis Felipe Mora Hern\u00e1ndez, Presidente del Ayuntamiento del Municipio de Calakmul, y Carlos Juli\u00e1n Arteaga Abreu, Representante Legal del citado Ayuntamiento\" data-order=\"Ciudadanos Luis Felipe Mora Hern\u00e1ndez, Presidente del Ayuntamiento del Municipio de Calakmul, y Carlos Juli\u00e1n Arteaga Abreu, Representante Legal del citado Ayuntamiento\" >Ciudadanos Luis Felipe Mora Hern\u00e1ndez, Presidente del Ayuntamiento del Municipio de Calakmul, y Carlos Juli\u00e1n Arteaga Abreu, Representante Legal del citado Ayuntamiento <\/td><td data-cell-id=\"D82\" data-x=\"3\" data-y=\"82\" data-db-index=\"82\" class=\"\" data-cell-type=\"text\" data-original-value=\"&lt;a href=&quot;https:\/\/teec.org.mx\/web\/wp-content\/uploads\/2020\/11\/TEEC-JDC-10-2020-06-11-2020.pdf&quot; target=&quot;_blank&quot;&gt;TEEC\/JDC\/10\/2020 (Acuerdo de acumulaci\u00f3n)&lt;\/a&gt;\" data-order=\"&lt;a href=&quot;https:\/\/teec.org.mx\/web\/wp-content\/uploads\/2020\/11\/TEEC-JDC-10-2020-06-11-2020.pdf&quot; target=&quot;_blank&quot;&gt;TEEC\/JDC\/10\/2020 (Acuerdo de acumulaci\u00f3n)&lt;\/a&gt;\" ><a href=\"https:\/\/teec.org.mx\/web\/wp-content\/uploads\/2020\/11\/TEEC-JDC-10-2020-06-11-2020.pdf\" target=\"_blank\">TEEC\/JDC\/10\/2020 (Acuerdo de acumulaci\u00f3n)<\/a><\/td><\/tr><tr style=\"height:px\" ><td data-cell-id=\"A83\" data-x=\"0\" data-y=\"83\" data-db-index=\"83\" class=\"\" data-cell-type=\"text\" data-original-value=\"05 de noviembre de 2020, a las 13:35 horas\" data-order=\"05 de noviembre de 2020, a las 13:35 horas\" >05 de noviembre de 2020, a las 13:35 horas <\/td><td data-cell-id=\"B83\" data-x=\"1\" data-y=\"83\" data-db-index=\"83\" class=\"\" data-cell-type=\"text\" data-original-value=\"Ciudadana Maricela Flores Moo, quien se ostenta como Sindica del Ayuntamiento del Municipio de Calakmul, Campeche\" data-order=\"Ciudadana Maricela Flores Moo, quien se ostenta como Sindica del Ayuntamiento del Municipio de Calakmul, Campeche\" >Ciudadana Maricela Flores Moo, quien se ostenta como Sindica del Ayuntamiento del Municipio de Calakmul, Campeche <\/td><td data-cell-id=\"C83\" data-x=\"2\" data-y=\"83\" data-db-index=\"83\" class=\"\" data-cell-type=\"text\" data-original-value=\"Ciudadanos Luis Felipe Mora Hern\u00e1ndez, Presidente del Ayuntamiento del Municipio de Calakmul, y Carlos Juli\u00e1n Arteaga Abreu, Representante Legal del citado Ayuntamiento\" data-order=\"Ciudadanos Luis Felipe Mora Hern\u00e1ndez, Presidente del Ayuntamiento del Municipio de Calakmul, y Carlos Juli\u00e1n Arteaga Abreu, Representante Legal del citado Ayuntamiento\" >Ciudadanos Luis Felipe Mora Hern\u00e1ndez, Presidente del Ayuntamiento del Municipio de Calakmul, y Carlos Juli\u00e1n Arteaga Abreu, Representante Legal del citado Ayuntamiento <\/td><td data-cell-id=\"D83\" data-x=\"3\" data-y=\"83\" data-db-index=\"83\" class=\"\" data-cell-type=\"text\" data-original-value=\"&lt;a href=&quot;https:\/\/teec.org.mx\/web\/wp-content\/uploads\/2020\/11\/TEEC-JDC-10-2020-05-11-2020.pdf&quot; target=&quot;_blank&quot;&gt;TEEC\/JDC\/10\/2020 (Se declara firme la sentencia y apercibimiento a la aut. responsable)&lt;\/a&gt;\" data-order=\"&lt;a href=&quot;https:\/\/teec.org.mx\/web\/wp-content\/uploads\/2020\/11\/TEEC-JDC-10-2020-05-11-2020.pdf&quot; target=&quot;_blank&quot;&gt;TEEC\/JDC\/10\/2020 (Se declara firme la sentencia y apercibimiento a la aut. responsable)&lt;\/a&gt;\" ><a href=\"https:\/\/teec.org.mx\/web\/wp-content\/uploads\/2020\/11\/TEEC-JDC-10-2020-05-11-2020.pdf\" target=\"_blank\">TEEC\/JDC\/10\/2020 (Se declara firme la sentencia y apercibimiento a la aut. responsable)<\/a><\/td><\/tr><tr style=\"height:px\" ><td data-cell-id=\"A84\" data-x=\"0\" data-y=\"84\" data-db-index=\"84\" class=\"\" data-cell-type=\"text\" data-original-value=\"05 de noviembre de 2020, a las 10:45 horas\" data-order=\"05 de noviembre de 2020, a las 10:45 horas\" >05 de noviembre de 2020, a las 10:45 horas <\/td><td data-cell-id=\"B84\" data-x=\"1\" data-y=\"84\" data-db-index=\"84\" class=\"\" data-cell-type=\"text\" data-original-value=\"Licenciado Juan Francisco Portela Rodr\u00edguez, en su Calidad de Ciudadano Campechano y Miembro Activo del Partido Acci\u00f3n Nacional\" data-order=\"Licenciado Juan Francisco Portela Rodr\u00edguez, en su Calidad de Ciudadano Campechano y Miembro Activo del Partido Acci\u00f3n Nacional\" >Licenciado Juan Francisco Portela Rodr\u00edguez, en su Calidad de Ciudadano Campechano y Miembro Activo del Partido Acci\u00f3n Nacional <\/td><td data-cell-id=\"C84\" data-x=\"2\" data-y=\"84\" data-db-index=\"84\" class=\"\" data-cell-type=\"text\" data-original-value=\"Ciudadano Josu\u00e9 Jes\u00fas Rodr\u00edguez Golib, Presidente del Comit\u00e9 Directivo Municipal del Partido Acci\u00f3n Nacional en Campeche\" data-order=\"Ciudadano Josu\u00e9 Jes\u00fas Rodr\u00edguez Golib, Presidente del Comit\u00e9 Directivo Municipal del Partido Acci\u00f3n Nacional en Campeche\" >Ciudadano Josu\u00e9 Jes\u00fas Rodr\u00edguez Golib, Presidente del Comit\u00e9 Directivo Municipal del Partido Acci\u00f3n Nacional en Campeche <\/td><td data-cell-id=\"D84\" data-x=\"3\" data-y=\"84\" data-db-index=\"84\" class=\"\" data-cell-type=\"text\" data-original-value=\"&lt;a href=&quot;https:\/\/teec.org.mx\/web\/wp-content\/uploads\/2020\/11\/TEEC-JDC-12-2020-05-11-2020.pdf&quot; target=&quot;_blank&quot;&gt;TEEC\/JDC\/12\/2020 (Se fija fecha y hora para sesi\u00f3n p\u00fablica de manera virtual)&lt;\/a&gt;\" data-order=\"&lt;a href=&quot;https:\/\/teec.org.mx\/web\/wp-content\/uploads\/2020\/11\/TEEC-JDC-12-2020-05-11-2020.pdf&quot; target=&quot;_blank&quot;&gt;TEEC\/JDC\/12\/2020 (Se fija fecha y hora para sesi\u00f3n p\u00fablica de manera virtual)&lt;\/a&gt;\" ><a href=\"https:\/\/teec.org.mx\/web\/wp-content\/uploads\/2020\/11\/TEEC-JDC-12-2020-05-11-2020.pdf\" target=\"_blank\">TEEC\/JDC\/12\/2020 (Se fija fecha y hora para sesi\u00f3n p\u00fablica de manera virtual)<\/a><\/td><\/tr><tr style=\"height:px\" ><td data-cell-id=\"A85\" data-x=\"0\" data-y=\"85\" data-db-index=\"85\" class=\"\" data-cell-type=\"text\" data-original-value=\"04 de noviembre de 2020, a las 14:15 horas\" data-order=\"04 de noviembre de 2020, a las 14:15 horas\" >04 de noviembre de 2020, a las 14:15 horas <\/td><td data-cell-id=\"B85\" data-x=\"1\" data-y=\"85\" data-db-index=\"85\" class=\"\" data-cell-type=\"text\" data-original-value=\"Licenciado Juan Francisco Portela Rodr\u00edguez, en su Calidad de Ciudadano Campechano y Miembro Activo del Partido Acci\u00f3n Nacional\" data-order=\"Licenciado Juan Francisco Portela Rodr\u00edguez, en su Calidad de Ciudadano Campechano y Miembro Activo del Partido Acci\u00f3n Nacional\" >Licenciado Juan Francisco Portela Rodr\u00edguez, en su Calidad de Ciudadano Campechano y Miembro Activo del Partido Acci\u00f3n Nacional <\/td><td data-cell-id=\"C85\" data-x=\"2\" data-y=\"85\" data-db-index=\"85\" class=\"\" data-cell-type=\"text\" data-original-value=\"Ciudadano Josu\u00e9 Jes\u00fas Rodr\u00edguez Golib, Presidente del Comit\u00e9 Directivo Municipal del Partido Acci\u00f3n Nacional en Campeche\" data-order=\"Ciudadano Josu\u00e9 Jes\u00fas Rodr\u00edguez Golib, Presidente del Comit\u00e9 Directivo Municipal del Partido Acci\u00f3n Nacional en Campeche\" >Ciudadano Josu\u00e9 Jes\u00fas Rodr\u00edguez Golib, Presidente del Comit\u00e9 Directivo Municipal del Partido Acci\u00f3n Nacional en Campeche <\/td><td data-cell-id=\"D85\" data-x=\"3\" data-y=\"85\" data-db-index=\"85\" class=\"\" data-cell-type=\"text\" data-original-value=\"&lt;a href=&quot;https:\/\/teec.org.mx\/web\/wp-content\/uploads\/2020\/11\/TEEC-JDC-12-2020-2do-acu.-04-11-2020.pdf&quot; target=&quot;_blank&quot;&gt;TEEC\/JDC\/12\/2020 (Recepci\u00f3n y acumulaci\u00f3n)&lt;\/a&gt;\" data-order=\"&lt;a href=&quot;https:\/\/teec.org.mx\/web\/wp-content\/uploads\/2020\/11\/TEEC-JDC-12-2020-2do-acu.-04-11-2020.pdf&quot; target=&quot;_blank&quot;&gt;TEEC\/JDC\/12\/2020 (Recepci\u00f3n y acumulaci\u00f3n)&lt;\/a&gt;\" ><a href=\"https:\/\/teec.org.mx\/web\/wp-content\/uploads\/2020\/11\/TEEC-JDC-12-2020-2do-acu.-04-11-2020.pdf\" target=\"_blank\">TEEC\/JDC\/12\/2020 (Recepci\u00f3n y acumulaci\u00f3n)<\/a><\/td><\/tr><tr style=\"height:px\" ><td data-cell-id=\"A86\" data-x=\"0\" data-y=\"86\" data-db-index=\"86\" class=\"\" data-cell-type=\"text\" data-original-value=\"04 de noviembre de 2020, a las 11:40 horas\" data-order=\"04 de noviembre de 2020, a las 11:40 horas\" >04 de noviembre de 2020, a las 11:40 horas <\/td><td data-cell-id=\"B86\" data-x=\"1\" data-y=\"86\" data-db-index=\"86\" class=\"\" data-cell-type=\"text\" data-original-value=\"Licenciado Juan Francisco Portela Rodr\u00edguez, en su Calidad de Ciudadano Campechano y Miembro Activo del Partido Acci\u00f3n Nacional\" data-order=\"Licenciado Juan Francisco Portela Rodr\u00edguez, en su Calidad de Ciudadano Campechano y Miembro Activo del Partido Acci\u00f3n Nacional\" >Licenciado Juan Francisco Portela Rodr\u00edguez, en su Calidad de Ciudadano Campechano y Miembro Activo del Partido Acci\u00f3n Nacional <\/td><td data-cell-id=\"C86\" data-x=\"2\" data-y=\"86\" data-db-index=\"86\" class=\"\" data-cell-type=\"text\" data-original-value=\"Ciudadano Josu\u00e9 Jes\u00fas Rodr\u00edguez Golib, Presidente del Comit\u00e9 Directivo Municipal del Partido Acci\u00f3n Nacional en Campeche\" data-order=\"Ciudadano Josu\u00e9 Jes\u00fas Rodr\u00edguez Golib, Presidente del Comit\u00e9 Directivo Municipal del Partido Acci\u00f3n Nacional en Campeche\" >Ciudadano Josu\u00e9 Jes\u00fas Rodr\u00edguez Golib, Presidente del Comit\u00e9 Directivo Municipal del Partido Acci\u00f3n Nacional en Campeche <\/td><td data-cell-id=\"D86\" data-x=\"3\" data-y=\"86\" data-db-index=\"86\" class=\"\" data-cell-type=\"text\" data-original-value=\"&lt;a href=&quot;https:\/\/teec.org.mx\/web\/wp-content\/uploads\/2020\/11\/TEEC-JDC-12-2020-04-11-2020.pdf&quot; target=&quot;_blank&quot;&gt;TEEC\/JDC\/12\/2020 (Cierre de instrucci\u00f3n y solicitud fecha y hora para sesi\u00f3n)&lt;\/a&gt;\" data-order=\"&lt;a href=&quot;https:\/\/teec.org.mx\/web\/wp-content\/uploads\/2020\/11\/TEEC-JDC-12-2020-04-11-2020.pdf&quot; target=&quot;_blank&quot;&gt;TEEC\/JDC\/12\/2020 (Cierre de instrucci\u00f3n y solicitud fecha y hora para sesi\u00f3n)&lt;\/a&gt;\" ><a href=\"https:\/\/teec.org.mx\/web\/wp-content\/uploads\/2020\/11\/TEEC-JDC-12-2020-04-11-2020.pdf\" target=\"_blank\">TEEC\/JDC\/12\/2020 (Cierre de instrucci\u00f3n y solicitud fecha y hora para sesi\u00f3n)<\/a><\/td><\/tr><tr style=\"height:px\" ><td data-cell-id=\"A87\" data-x=\"0\" data-y=\"87\" data-db-index=\"87\" class=\"\" data-cell-type=\"text\" data-original-value=\"04 de noviembre de 2020, a las 10:30 horas\" data-order=\"04 de noviembre de 2020, a las 10:30 horas\" >04 de noviembre de 2020, a las 10:30 horas <\/td><td data-cell-id=\"B87\" data-x=\"1\" data-y=\"87\" data-db-index=\"87\" class=\"\" data-cell-type=\"text\" data-original-value=\"Ciudadano Jos\u00e9 Luis Flores Pacheco, quien se ostenta como Presidente del Consejo Estatal del Partido Pol\u00edtico Morena en el Estado de Campeche y Militante del citado Partido\" data-order=\"Ciudadano Jos\u00e9 Luis Flores Pacheco, quien se ostenta como Presidente del Consejo Estatal del Partido Pol\u00edtico Morena en el Estado de Campeche y Militante del citado Partido\" >Ciudadano Jos\u00e9 Luis Flores Pacheco, quien se ostenta como Presidente del Consejo Estatal del Partido Pol\u00edtico Morena en el Estado de Campeche y Militante del citado Partido <\/td><td data-cell-id=\"C87\" data-x=\"2\" data-y=\"87\" data-db-index=\"87\" class=\"\" data-cell-type=\"text\" data-original-value=\"Comisi\u00f3n Nacional de Honestidad y Justicia del Partido Morena\" data-order=\"Comisi\u00f3n Nacional de Honestidad y Justicia del Partido Morena\" >Comisi\u00f3n Nacional de Honestidad y Justicia del Partido Morena <\/td><td data-cell-id=\"D87\" data-x=\"3\" data-y=\"87\" data-db-index=\"87\" class=\"\" data-cell-type=\"text\" data-original-value=\"&lt;a href=&quot;https:\/\/teec.org.mx\/web\/wp-content\/uploads\/2020\/11\/TEEC-JCD-9-2020-INC-04-11-2020.pdf&quot; target=&quot;_blank&quot;&gt;TEEC\/JDC\/9\/2020\/C.I. (Se declara firme el acuerdo plenario)&lt;\/a&gt;\" data-order=\"&lt;a href=&quot;https:\/\/teec.org.mx\/web\/wp-content\/uploads\/2020\/11\/TEEC-JCD-9-2020-INC-04-11-2020.pdf&quot; target=&quot;_blank&quot;&gt;TEEC\/JDC\/9\/2020\/C.I. (Se declara firme el acuerdo plenario)&lt;\/a&gt;\" ><a href=\"https:\/\/teec.org.mx\/web\/wp-content\/uploads\/2020\/11\/TEEC-JCD-9-2020-INC-04-11-2020.pdf\" target=\"_blank\">TEEC\/JDC\/9\/2020\/C.I. (Se declara firme el acuerdo plenario)<\/a><\/td><\/tr><tr style=\"height:px\" ><td data-cell-id=\"A88\" data-x=\"0\" data-y=\"88\" data-db-index=\"88\" class=\"\" data-cell-type=\"text\" data-original-value=\"30 de octubre de 2020, a las 13:35 horas\" data-order=\"30 de octubre de 2020, a las 13:35 horas\" >30 de octubre de 2020, a las 13:35 horas <\/td><td data-cell-id=\"B88\" data-x=\"1\" data-y=\"88\" data-db-index=\"88\" class=\"\" data-cell-type=\"text\" data-original-value=\"Ciudadano Jos\u00e9 Luis Flores Pacheco\" data-order=\"Ciudadano Jos\u00e9 Luis Flores Pacheco\" >Ciudadano Jos\u00e9 Luis Flores Pacheco <\/td><td data-cell-id=\"C88\" data-x=\"2\" data-y=\"88\" data-db-index=\"88\" class=\"\" data-cell-type=\"text\" data-original-value=\"Comisi\u00f3n Nacional de Honestidad y Justicia De Morena\" data-order=\"Comisi\u00f3n Nacional de Honestidad y Justicia De Morena\" >Comisi\u00f3n Nacional de Honestidad y Justicia De Morena <\/td><td data-cell-id=\"D88\" data-x=\"3\" data-y=\"88\" data-db-index=\"88\" class=\"\" data-cell-type=\"text\" data-original-value=\"&lt;a href=&quot;https:\/\/teec.org.mx\/web\/wp-content\/uploads\/2020\/10\/TEEC-JDC-11-2020-30-10-2020.pdf&quot; target=&quot;_blank&quot;&gt;TEEC\/JDC\/11\/2020 (Queda firme la sentencia y se requiere a la aut. responsable)&lt;\/a&gt;\" data-order=\"&lt;a href=&quot;https:\/\/teec.org.mx\/web\/wp-content\/uploads\/2020\/10\/TEEC-JDC-11-2020-30-10-2020.pdf&quot; target=&quot;_blank&quot;&gt;TEEC\/JDC\/11\/2020 (Queda firme la sentencia y se requiere a la aut. responsable)&lt;\/a&gt;\" ><a href=\"https:\/\/teec.org.mx\/web\/wp-content\/uploads\/2020\/10\/TEEC-JDC-11-2020-30-10-2020.pdf\" target=\"_blank\">TEEC\/JDC\/11\/2020 (Queda firme la sentencia y se requiere a la aut. responsable)<\/a><\/td><\/tr><tr style=\"height:px\" ><td data-cell-id=\"A89\" data-x=\"0\" data-y=\"89\" data-db-index=\"89\" class=\"\" data-cell-type=\"text\" data-original-value=\"30 de octubre de 2020, a las 11:50 horas\" data-order=\"30 de octubre de 2020, a las 11:50 horas\" >30 de octubre de 2020, a las 11:50 horas <\/td><td data-cell-id=\"B89\" data-x=\"1\" data-y=\"89\" data-db-index=\"89\" class=\"\" data-cell-type=\"text\" data-original-value=\"Ciudadano Jos\u00e9 Luis Flores Pacheco, quien se ostenta como Presidente del Consejo Estatal del Partido Pol\u00edtico Morena en el Estado de Campeche y Militante del Citado Partido\" data-order=\"Ciudadano Jos\u00e9 Luis Flores Pacheco, quien se ostenta como Presidente del Consejo Estatal del Partido Pol\u00edtico Morena en el Estado de Campeche y Militante del Citado Partido\" >Ciudadano Jos\u00e9 Luis Flores Pacheco, quien se ostenta como Presidente del Consejo Estatal del Partido Pol\u00edtico Morena en el Estado de Campeche y Militante del Citado Partido <\/td><td data-cell-id=\"C89\" data-x=\"2\" data-y=\"89\" data-db-index=\"89\" class=\"\" data-cell-type=\"text\" data-original-value=\"Comisi\u00f3n Nacional de Honestidad y Justicia del Partido Morena\" data-order=\"Comisi\u00f3n Nacional de Honestidad y Justicia del Partido Morena\" >Comisi\u00f3n Nacional de Honestidad y Justicia del Partido Morena <\/td><td data-cell-id=\"D89\" data-x=\"3\" data-y=\"89\" data-db-index=\"89\" class=\"\" data-cell-type=\"text\" data-original-value=\"&lt;a href=&quot;https:\/\/teec.org.mx\/web\/wp-content\/uploads\/2020\/10\/TEEC-JDC-9-2020-INC.-30-10-2020.pdf&quot; target=&quot;_blank&quot;&gt;TEEC\/JDC\/9\/2020\/C.I. (Cumplimiento parcial a lo ordenado en el acuerdo plenario)&lt;\/a&gt;\" data-order=\"&lt;a href=&quot;https:\/\/teec.org.mx\/web\/wp-content\/uploads\/2020\/10\/TEEC-JDC-9-2020-INC.-30-10-2020.pdf&quot; target=&quot;_blank&quot;&gt;TEEC\/JDC\/9\/2020\/C.I. (Cumplimiento parcial a lo ordenado en el acuerdo plenario)&lt;\/a&gt;\" ><a href=\"https:\/\/teec.org.mx\/web\/wp-content\/uploads\/2020\/10\/TEEC-JDC-9-2020-INC.-30-10-2020.pdf\" target=\"_blank\">TEEC\/JDC\/9\/2020\/C.I. (Cumplimiento parcial a lo ordenado en el acuerdo plenario)<\/a><\/td><\/tr><tr style=\"height:px\" ><td data-cell-id=\"A90\" data-x=\"0\" data-y=\"90\" data-db-index=\"90\" class=\"\" data-cell-type=\"text\" data-original-value=\"29 de octubre de 2020, a las 14:05 horas\" data-order=\"29 de octubre de 2020, a las 14:05 horas\" >29 de octubre de 2020, a las 14:05 horas <\/td><td data-cell-id=\"B90\" data-x=\"1\" data-y=\"90\" data-db-index=\"90\" class=\"\" data-cell-type=\"text\" data-original-value=\"Licenciado Juan Francisco Portela Rodr\u00edguez, en su Calidad de Ciudadano Campechano y Miembro Activo del Partido Acci\u00f3n Nacional\" data-order=\"Licenciado Juan Francisco Portela Rodr\u00edguez, en su Calidad de Ciudadano Campechano y Miembro Activo del Partido Acci\u00f3n Nacional\" >Licenciado Juan Francisco Portela Rodr\u00edguez, en su Calidad de Ciudadano Campechano y Miembro Activo del Partido Acci\u00f3n Nacional <\/td><td data-cell-id=\"C90\" data-x=\"2\" data-y=\"90\" data-db-index=\"90\" class=\"\" data-cell-type=\"text\" data-original-value=\"Ciudadano Josu\u00e9 Jes\u00fas Rodr\u00edguez Golib, Presidente del Comit\u00e9 Directivo Municipal del Partido Acci\u00f3n Nacional en Campeche\" data-order=\"Ciudadano Josu\u00e9 Jes\u00fas Rodr\u00edguez Golib, Presidente del Comit\u00e9 Directivo Municipal del Partido Acci\u00f3n Nacional en Campeche\" >Ciudadano Josu\u00e9 Jes\u00fas Rodr\u00edguez Golib, Presidente del Comit\u00e9 Directivo Municipal del Partido Acci\u00f3n Nacional en Campeche <\/td><td data-cell-id=\"D90\" data-x=\"3\" data-y=\"90\" data-db-index=\"90\" class=\"\" data-cell-type=\"text\" data-original-value=\"&lt;a href=&quot;https:\/\/teec.org.mx\/web\/wp-content\/uploads\/2020\/10\/TEEC-JDC-12-2020-29-10-2020.pdf&quot; target=&quot;_blank&quot;&gt;TEEC\/JDC\/12\/2020 (Acuerdo de admisi\u00f3n y se abre instrucci\u00f3n)&lt;\/a&gt;\" data-order=\"&lt;a href=&quot;https:\/\/teec.org.mx\/web\/wp-content\/uploads\/2020\/10\/TEEC-JDC-12-2020-29-10-2020.pdf&quot; target=&quot;_blank&quot;&gt;TEEC\/JDC\/12\/2020 (Acuerdo de admisi\u00f3n y se abre instrucci\u00f3n)&lt;\/a&gt;\" ><a href=\"https:\/\/teec.org.mx\/web\/wp-content\/uploads\/2020\/10\/TEEC-JDC-12-2020-29-10-2020.pdf\" target=\"_blank\">TEEC\/JDC\/12\/2020 (Acuerdo de admisi\u00f3n y se abre instrucci\u00f3n)<\/a><\/td><\/tr><tr style=\"height:px\" ><td data-cell-id=\"A91\" data-x=\"0\" data-y=\"91\" data-db-index=\"91\" class=\"\" data-cell-type=\"text\" data-original-value=\"28 de octubre de 2020, a las 13:45 horas\" data-order=\"28 de octubre de 2020, a las 13:45 horas\" >28 de octubre de 2020, a las 13:45 horas <\/td><td data-cell-id=\"B91\" data-x=\"1\" data-y=\"91\" data-db-index=\"91\" class=\"\" data-cell-type=\"text\" data-original-value=\"Ciudadana Maricela Flores Moo, quien se ostenta como Sindica del Ayuntamiento del municipio de Calakmul, Campeche\" data-order=\"Ciudadana Maricela Flores Moo, quien se ostenta como Sindica del Ayuntamiento del municipio de Calakmul, Campeche\" >Ciudadana Maricela Flores Moo, quien se ostenta como Sindica del Ayuntamiento del municipio de Calakmul, Campeche <\/td><td data-cell-id=\"C91\" data-x=\"2\" data-y=\"91\" data-db-index=\"91\" class=\"\" data-cell-type=\"text\" data-original-value=\"Ciudadanos Luis Felipe Mora Hern\u00e1ndez, Presidente del Ayuntamiento del Municipio de Calakmul, y Carlos Juli\u00e1n Arteaga Abreu, Representante Legal del citado Ayuntamiento\" data-order=\"Ciudadanos Luis Felipe Mora Hern\u00e1ndez, Presidente del Ayuntamiento del Municipio de Calakmul, y Carlos Juli\u00e1n Arteaga Abreu, Representante Legal del citado Ayuntamiento\" >Ciudadanos Luis Felipe Mora Hern\u00e1ndez, Presidente del Ayuntamiento del Municipio de Calakmul, y Carlos Juli\u00e1n Arteaga Abreu, Representante Legal del citado Ayuntamiento <\/td><td data-cell-id=\"D91\" data-x=\"3\" data-y=\"91\" data-db-index=\"91\" class=\"\" data-cell-type=\"text\" data-original-value=\"&lt;a href=&quot;https:\/\/teec.org.mx\/web\/wp-content\/uploads\/2020\/10\/TEEC-JDC-10-2020-sentencia-28-10-2020.pdf&quot; target=&quot;_blank&quot;&gt;TEEC\/JDC\/10\/2020 (Sentencia)&lt;\/a&gt;\" data-order=\"&lt;a href=&quot;https:\/\/teec.org.mx\/web\/wp-content\/uploads\/2020\/10\/TEEC-JDC-10-2020-sentencia-28-10-2020.pdf&quot; target=&quot;_blank&quot;&gt;TEEC\/JDC\/10\/2020 (Sentencia)&lt;\/a&gt;\" ><a href=\"https:\/\/teec.org.mx\/web\/wp-content\/uploads\/2020\/10\/TEEC-JDC-10-2020-sentencia-28-10-2020.pdf\" target=\"_blank\">TEEC\/JDC\/10\/2020 (Sentencia)<\/a><\/td><\/tr><tr style=\"height:px\" ><td data-cell-id=\"A92\" data-x=\"0\" data-y=\"92\" data-db-index=\"92\" class=\"\" data-cell-type=\"text\" data-original-value=\"27 de octubre de 2020, a las 12:40 horas\" data-order=\"27 de octubre de 2020, a las 12:40 horas\" >27 de octubre de 2020, a las 12:40 horas <\/td><td data-cell-id=\"B92\" data-x=\"1\" data-y=\"92\" data-db-index=\"92\" class=\"\" data-cell-type=\"text\" data-original-value=\"Ciudadano Jos\u00e9 Luis Flores Pacheco, quien se ostenta como Presidente del Consejo Estatal del Partido Pol\u00edtico Morena en el Estado de Campeche y Militante del citado Partido\" data-order=\"Ciudadano Jos\u00e9 Luis Flores Pacheco, quien se ostenta como Presidente del Consejo Estatal del Partido Pol\u00edtico Morena en el Estado de Campeche y Militante del citado Partido\" >Ciudadano Jos\u00e9 Luis Flores Pacheco, quien se ostenta como Presidente del Consejo Estatal del Partido Pol\u00edtico Morena en el Estado de Campeche y Militante del citado Partido <\/td><td data-cell-id=\"C92\" data-x=\"2\" data-y=\"92\" data-db-index=\"92\" class=\"\" data-cell-type=\"text\" data-original-value=\"Comisi\u00f3n Nacional de Honestidad y Justicia del Partido Morena\" data-order=\"Comisi\u00f3n Nacional de Honestidad y Justicia del Partido Morena\" >Comisi\u00f3n Nacional de Honestidad y Justicia del Partido Morena <\/td><td data-cell-id=\"D92\" data-x=\"3\" data-y=\"92\" data-db-index=\"92\" class=\"\" data-cell-type=\"text\" data-original-value=\"&lt;a href=&quot;https:\/\/teec.org.mx\/web\/wp-content\/uploads\/2020\/10\/TEEC-JDC-9-2020-INC-Acu.-Plenario-27-10-2020.pdf&quot; target=&quot;_blank&quot;&gt;TEEC\/JDC\/9\/2020\/C.I. (Acuerdo plenario)&lt;\/a&gt;\" data-order=\"&lt;a href=&quot;https:\/\/teec.org.mx\/web\/wp-content\/uploads\/2020\/10\/TEEC-JDC-9-2020-INC-Acu.-Plenario-27-10-2020.pdf&quot; target=&quot;_blank&quot;&gt;TEEC\/JDC\/9\/2020\/C.I. (Acuerdo plenario)&lt;\/a&gt;\" ><a href=\"https:\/\/teec.org.mx\/web\/wp-content\/uploads\/2020\/10\/TEEC-JDC-9-2020-INC-Acu.-Plenario-27-10-2020.pdf\" target=\"_blank\">TEEC\/JDC\/9\/2020\/C.I. (Acuerdo plenario)<\/a><\/td><\/tr><tr style=\"height:px\" ><td data-cell-id=\"A93\" data-x=\"0\" data-y=\"93\" data-db-index=\"93\" class=\"\" data-cell-type=\"text\" data-original-value=\"27 de octubre de 2020, a las 8:30 horas\" data-order=\"27 de octubre de 2020, a las 8:30 horas\" >27 de octubre de 2020, a las 8:30 horas <\/td><td data-cell-id=\"B93\" data-x=\"1\" data-y=\"93\" data-db-index=\"93\" class=\"\" data-cell-type=\"text\" data-original-value=\"Ciudadana Maricela Flores Moo, quien se ostenta como Sindica del Ayuntamiento del Municipio de Calakmul, Campeche\" data-order=\"Ciudadana Maricela Flores Moo, quien se ostenta como Sindica del Ayuntamiento del Municipio de Calakmul, Campeche\" >Ciudadana Maricela Flores Moo, quien se ostenta como Sindica del Ayuntamiento del Municipio de Calakmul, Campeche <\/td><td data-cell-id=\"C93\" data-x=\"2\" data-y=\"93\" data-db-index=\"93\" class=\"\" data-cell-type=\"text\" data-original-value=\"Ciudadanos Luis Felipe Mora Hern\u00e1ndez, Presidente del Ayuntamiento del Municipio de Calakmul, y Carlos Juli\u00e1n Arteaga Abreu, Representante Legal del citado Ayuntamiento\" data-order=\"Ciudadanos Luis Felipe Mora Hern\u00e1ndez, Presidente del Ayuntamiento del Municipio de Calakmul, y Carlos Juli\u00e1n Arteaga Abreu, Representante Legal del citado Ayuntamiento\" >Ciudadanos Luis Felipe Mora Hern\u00e1ndez, Presidente del Ayuntamiento del Municipio de Calakmul, y Carlos Juli\u00e1n Arteaga Abreu, Representante Legal del citado Ayuntamiento <\/td><td data-cell-id=\"D93\" data-x=\"3\" data-y=\"93\" data-db-index=\"93\" class=\"\" data-cell-type=\"text\" data-original-value=\"&lt;a href=&quot;https:\/\/teec.org.mx\/web\/wp-content\/uploads\/2020\/10\/TEEC-JDC-10-2020-27-10-2020.pdf&quot; target=&quot;_blank&quot;&gt;TEEC\/JDC\/10\/2020 Se fija fecha y hora para sesi\u00f3n p\u00fablica virtual)&lt;\/a&gt;\" data-order=\"&lt;a href=&quot;https:\/\/teec.org.mx\/web\/wp-content\/uploads\/2020\/10\/TEEC-JDC-10-2020-27-10-2020.pdf&quot; target=&quot;_blank&quot;&gt;TEEC\/JDC\/10\/2020 Se fija fecha y hora para sesi\u00f3n p\u00fablica virtual)&lt;\/a&gt;\" ><a href=\"https:\/\/teec.org.mx\/web\/wp-content\/uploads\/2020\/10\/TEEC-JDC-10-2020-27-10-2020.pdf\" target=\"_blank\">TEEC\/JDC\/10\/2020 Se fija fecha y hora para sesi\u00f3n p\u00fablica virtual)<\/a><\/td><\/tr><tr style=\"height:px\" ><td data-cell-id=\"A94\" data-x=\"0\" data-y=\"94\" data-db-index=\"94\" class=\"\" data-cell-type=\"text\" data-original-value=\"26 de octubre de 2020, a las 14:50 horas\" data-order=\"26 de octubre de 2020, a las 14:50 horas\" >26 de octubre de 2020, a las 14:50 horas <\/td><td data-cell-id=\"B94\" data-x=\"1\" data-y=\"94\" data-db-index=\"94\" class=\"\" data-cell-type=\"text\" data-original-value=\"Ciudadana Maricela Flores Moo, quien se ostenta como Sindica del Ayuntamiento del Municipio de Calakmul, Campeche\" data-order=\"Ciudadana Maricela Flores Moo, quien se ostenta como Sindica del Ayuntamiento del Municipio de Calakmul, Campeche\" >Ciudadana Maricela Flores Moo, quien se ostenta como Sindica del Ayuntamiento del Municipio de Calakmul, Campeche <\/td><td data-cell-id=\"C94\" data-x=\"2\" data-y=\"94\" data-db-index=\"94\" class=\"\" data-cell-type=\"text\" data-original-value=\"Ciudadanos Luis Felipe Mora Hern\u00e1ndez, Presidente del Ayuntamiento del Municipio de Calakmul, y Carlos Julian Arteaga Abreu, Representante Legal del citado Ayuntamiento\" data-order=\"Ciudadanos Luis Felipe Mora Hern\u00e1ndez, Presidente del Ayuntamiento del Municipio de Calakmul, y Carlos Julian Arteaga Abreu, Representante Legal del citado Ayuntamiento\" >Ciudadanos Luis Felipe Mora Hern\u00e1ndez, Presidente del Ayuntamiento del Municipio de Calakmul, y Carlos Julian Arteaga Abreu, Representante Legal del citado Ayuntamiento <\/td><td data-cell-id=\"D94\" data-x=\"3\" data-y=\"94\" data-db-index=\"94\" class=\"\" data-cell-type=\"text\" data-original-value=\"&lt;a href=&quot;https:\/\/teec.org.mx\/web\/wp-content\/uploads\/2020\/10\/TEEC-JDC-10-2020-26-10-2020.pdf&quot; target=&quot;_blank&quot;&gt;TEEC\/JDC\/10\/2020 (Cierre de instrucci\u00f3n y solicitud de fecha y hora para sesi\u00f3n)&lt;\/a&gt;\" data-order=\"&lt;a href=&quot;https:\/\/teec.org.mx\/web\/wp-content\/uploads\/2020\/10\/TEEC-JDC-10-2020-26-10-2020.pdf&quot; target=&quot;_blank&quot;&gt;TEEC\/JDC\/10\/2020 (Cierre de instrucci\u00f3n y solicitud de fecha y hora para sesi\u00f3n)&lt;\/a&gt;\" ><a href=\"https:\/\/teec.org.mx\/web\/wp-content\/uploads\/2020\/10\/TEEC-JDC-10-2020-26-10-2020.pdf\" target=\"_blank\">TEEC\/JDC\/10\/2020 (Cierre de instrucci\u00f3n y solicitud de fecha y hora para sesi\u00f3n)<\/a><\/td><\/tr><tr style=\"height:px\" ><td data-cell-id=\"A95\" data-x=\"0\" data-y=\"95\" data-db-index=\"95\" class=\"\" data-cell-type=\"text\" data-original-value=\"26 de octubre de 2020, a las 14:23 horas\" data-order=\"26 de octubre de 2020, a las 14:23 horas\" >26 de octubre de 2020, a las 14:23 horas <\/td><td data-cell-id=\"B95\" data-x=\"1\" data-y=\"95\" data-db-index=\"95\" class=\"\" data-cell-type=\"text\" data-original-value=\"Licenciado Juan Francisco Portela Rodr\u00edguez, quien se ostenta como Miembro Activo del Partido Acci\u00f3n Nacional\" data-order=\"Licenciado Juan Francisco Portela Rodr\u00edguez, quien se ostenta como Miembro Activo del Partido Acci\u00f3n Nacional\" >Licenciado Juan Francisco Portela Rodr\u00edguez, quien se ostenta como Miembro Activo del Partido Acci\u00f3n Nacional <\/td><td data-cell-id=\"C95\" data-x=\"2\" data-y=\"95\" data-db-index=\"95\" class=\"\" data-cell-type=\"text\" data-original-value=\"Ciudadano Josu\u00e9 Jes\u00fas Rodr\u00edguez Golib, Presidente del Comit\u00e9 Directivo Municipal de San Francisco de Campeche\" data-order=\"Ciudadano Josu\u00e9 Jes\u00fas Rodr\u00edguez Golib, Presidente del Comit\u00e9 Directivo Municipal de San Francisco de Campeche\" >Ciudadano Josu\u00e9 Jes\u00fas Rodr\u00edguez Golib, Presidente del Comit\u00e9 Directivo Municipal de San Francisco de Campeche <\/td><td data-cell-id=\"D95\" data-x=\"3\" data-y=\"95\" data-db-index=\"95\" class=\"\" data-cell-type=\"text\" data-original-value=\"&lt;a href=&quot;https:\/\/teec.org.mx\/web\/wp-content\/uploads\/2020\/10\/TEEC-JDC-12-2020-26-10-2020.pdf&quot; target=&quot;_blank&quot;&gt;TEEC\/JDC\/12\/2020 (Cumplimiento y requerimiento con apercibimiento)&lt;\/a&gt;\" data-order=\"&lt;a href=&quot;https:\/\/teec.org.mx\/web\/wp-content\/uploads\/2020\/10\/TEEC-JDC-12-2020-26-10-2020.pdf&quot; target=&quot;_blank&quot;&gt;TEEC\/JDC\/12\/2020 (Cumplimiento y requerimiento con apercibimiento)&lt;\/a&gt;\" ><a href=\"https:\/\/teec.org.mx\/web\/wp-content\/uploads\/2020\/10\/TEEC-JDC-12-2020-26-10-2020.pdf\" target=\"_blank\">TEEC\/JDC\/12\/2020 (Cumplimiento y requerimiento con apercibimiento)<\/a><\/td><\/tr><tr style=\"height:px\" ><td data-cell-id=\"A96\" data-x=\"0\" data-y=\"96\" data-db-index=\"96\" class=\"\" data-cell-type=\"text\" data-original-value=\"26 de octubre de 2020, a las 12:40 horas\" data-order=\"26 de octubre de 2020, a las 12:40 horas\" >26 de octubre de 2020, a las 12:40 horas <\/td><td data-cell-id=\"B96\" data-x=\"1\" data-y=\"96\" data-db-index=\"96\" class=\"\" data-cell-type=\"text\" data-original-value=\"Ciudadano Jos\u00e9 Luis Flores Pacheco, quien se ostenta como Presidente del Consejo Estatal del Partido Pol\u00edtico Morena en el Estado de Campeche y Militante del citado Partido\" data-order=\"Ciudadano Jos\u00e9 Luis Flores Pacheco, quien se ostenta como Presidente del Consejo Estatal del Partido Pol\u00edtico Morena en el Estado de Campeche y Militante del citado Partido\" >Ciudadano Jos\u00e9 Luis Flores Pacheco, quien se ostenta como Presidente del Consejo Estatal del Partido Pol\u00edtico Morena en el Estado de Campeche y Militante del citado Partido <\/td><td data-cell-id=\"C96\" data-x=\"2\" data-y=\"96\" data-db-index=\"96\" class=\"\" data-cell-type=\"text\" data-original-value=\"Comisi\u00f3n Nacional de Honestidad y Justicia del Partido Morena\" data-order=\"Comisi\u00f3n Nacional de Honestidad y Justicia del Partido Morena\" >Comisi\u00f3n Nacional de Honestidad y Justicia del Partido Morena <\/td><td data-cell-id=\"D96\" data-x=\"3\" data-y=\"96\" data-db-index=\"96\" class=\"\" data-cell-type=\"text\" data-original-value=\"&lt;a href=&quot;https:\/\/teec.org.mx\/web\/wp-content\/uploads\/2020\/10\/TEEC-JDC-9-2020-INC-2do-acu.-26-10-2020.pdf&quot; target=&quot;_blank&quot;&gt;TEEC\/JDC\/9\/2020\/C.I. (Se fija fecha y hora para sesi\u00f3n privada)&lt;\/a&gt;\" data-order=\"&lt;a href=&quot;https:\/\/teec.org.mx\/web\/wp-content\/uploads\/2020\/10\/TEEC-JDC-9-2020-INC-2do-acu.-26-10-2020.pdf&quot; target=&quot;_blank&quot;&gt;TEEC\/JDC\/9\/2020\/C.I. (Se fija fecha y hora para sesi\u00f3n privada)&lt;\/a&gt;\" ><a href=\"https:\/\/teec.org.mx\/web\/wp-content\/uploads\/2020\/10\/TEEC-JDC-9-2020-INC-2do-acu.-26-10-2020.pdf\" target=\"_blank\">TEEC\/JDC\/9\/2020\/C.I. (Se fija fecha y hora para sesi\u00f3n privada)<\/a><\/td><\/tr><tr style=\"height:px\" ><td data-cell-id=\"A97\" data-x=\"0\" data-y=\"97\" data-db-index=\"97\" class=\"\" data-cell-type=\"text\" data-original-value=\"26 de octubre de 2020, a las 11:50 horas\" data-order=\"26 de octubre de 2020, a las 11:50 horas\" >26 de octubre de 2020, a las 11:50 horas <\/td><td data-cell-id=\"B97\" data-x=\"1\" data-y=\"97\" data-db-index=\"97\" class=\"\" data-cell-type=\"text\" data-original-value=\"Ciudadano Jos\u00e9 Luis Flores Pacheco, quien se ostenta como Presidente del Consejo Estatal del Partido Pol\u00edtico Morena en el Estado de Campeche y Militante del citado Partido\" data-order=\"Ciudadano Jos\u00e9 Luis Flores Pacheco, quien se ostenta como Presidente del Consejo Estatal del Partido Pol\u00edtico Morena en el Estado de Campeche y Militante del citado Partido\" >Ciudadano Jos\u00e9 Luis Flores Pacheco, quien se ostenta como Presidente del Consejo Estatal del Partido Pol\u00edtico Morena en el Estado de Campeche y Militante del citado Partido <\/td><td data-cell-id=\"C97\" data-x=\"2\" data-y=\"97\" data-db-index=\"97\" class=\"\" data-cell-type=\"text\" data-original-value=\"Comisi\u00f3n Nacional de Honestidad y Justicia del Partido Morena\" data-order=\"Comisi\u00f3n Nacional de Honestidad y Justicia del Partido Morena\" >Comisi\u00f3n Nacional de Honestidad y Justicia del Partido Morena <\/td><td data-cell-id=\"D97\" data-x=\"3\" data-y=\"97\" data-db-index=\"97\" class=\"\" data-cell-type=\"text\" data-original-value=\"&lt;a href=&quot;https:\/\/teec.org.mx\/web\/wp-content\/uploads\/2020\/10\/TEEC-JDC-9-2020-Inc-26-10-2020.pdf&quot; target=&quot;_blank&quot;&gt;TEEC\/JDC\/9\/2020\/C.I. (Se solicita fecha y hora para sesi\u00f3n)&lt;\/a&gt;\" data-order=\"&lt;a href=&quot;https:\/\/teec.org.mx\/web\/wp-content\/uploads\/2020\/10\/TEEC-JDC-9-2020-Inc-26-10-2020.pdf&quot; target=&quot;_blank&quot;&gt;TEEC\/JDC\/9\/2020\/C.I. (Se solicita fecha y hora para sesi\u00f3n)&lt;\/a&gt;\" ><a href=\"https:\/\/teec.org.mx\/web\/wp-content\/uploads\/2020\/10\/TEEC-JDC-9-2020-Inc-26-10-2020.pdf\" target=\"_blank\">TEEC\/JDC\/9\/2020\/C.I. (Se solicita fecha y hora para sesi\u00f3n)<\/a><\/td><\/tr><tr style=\"height:px\" ><td data-cell-id=\"A98\" data-x=\"0\" data-y=\"98\" data-db-index=\"98\" class=\"\" data-cell-type=\"text\" data-original-value=\"23 de octubre de 2020, a las 13:45 horas\" data-order=\"23 de octubre de 2020, a las 13:45 horas\" >23 de octubre de 2020, a las 13:45 horas <\/td><td data-cell-id=\"B98\" data-x=\"1\" data-y=\"98\" data-db-index=\"98\" class=\"\" data-cell-type=\"text\" data-original-value=\"Ciudadano Jos\u00e9 Luis Flores Pacheco\" data-order=\"Ciudadano Jos\u00e9 Luis Flores Pacheco\" >Ciudadano Jos\u00e9 Luis Flores Pacheco <\/td><td data-cell-id=\"C98\" data-x=\"2\" data-y=\"98\" data-db-index=\"98\" class=\"\" data-cell-type=\"text\" data-original-value=\"Comisi\u00f3n Nacional de Honestidad y Justicia de MORENA\" data-order=\"Comisi\u00f3n Nacional de Honestidad y Justicia de MORENA\" >Comisi\u00f3n Nacional de Honestidad y Justicia de MORENA <\/td><td data-cell-id=\"D98\" data-x=\"3\" data-y=\"98\" data-db-index=\"98\" class=\"\" data-cell-type=\"text\" data-original-value=\"&lt;a href=&quot;https:\/\/teec.org.mx\/web\/wp-content\/uploads\/2020\/10\/TEEC-JDC-11-2020-sent-23-10-2020.pdf&quot; target=&quot;_blank&quot;&gt;TEEC\/JDC\/11\/2020 (Sentencia)&lt;\/a&gt;\" data-order=\"&lt;a href=&quot;https:\/\/teec.org.mx\/web\/wp-content\/uploads\/2020\/10\/TEEC-JDC-11-2020-sent-23-10-2020.pdf&quot; target=&quot;_blank&quot;&gt;TEEC\/JDC\/11\/2020 (Sentencia)&lt;\/a&gt;\" ><a href=\"https:\/\/teec.org.mx\/web\/wp-content\/uploads\/2020\/10\/TEEC-JDC-11-2020-sent-23-10-2020.pdf\" target=\"_blank\">TEEC\/JDC\/11\/2020 (Sentencia)<\/a><\/td><\/tr><tr style=\"height:px\" ><td data-cell-id=\"A99\" data-x=\"0\" data-y=\"99\" data-db-index=\"99\" class=\"\" data-cell-type=\"text\" data-original-value=\"22 de octubre de 2020, a las 14:45 horas\" data-order=\"22 de octubre de 2020, a las 14:45 horas\" >22 de octubre de 2020, a las 14:45 horas <\/td><td data-cell-id=\"B99\" data-x=\"1\" data-y=\"99\" data-db-index=\"99\" class=\"\" data-cell-type=\"text\" data-original-value=\"Licenciado Juan Francisco Portela Rodr\u00edguez, quien se ostenta como Miembro Activo del Partido Acci\u00f3n Nacional\" data-order=\"Licenciado Juan Francisco Portela Rodr\u00edguez, quien se ostenta como Miembro Activo del Partido Acci\u00f3n Nacional\" >Licenciado Juan Francisco Portela Rodr\u00edguez, quien se ostenta como Miembro Activo del Partido Acci\u00f3n Nacional <\/td><td data-cell-id=\"C99\" data-x=\"2\" data-y=\"99\" data-db-index=\"99\" class=\"\" data-cell-type=\"text\" data-original-value=\"Ciudadano Josu\u00e9 Jes\u00fas Rodr\u00edguez Golib, Presidente del Comit\u00e9 Directivo Municipal de San Francisco de Campeche\" data-order=\"Ciudadano Josu\u00e9 Jes\u00fas Rodr\u00edguez Golib, Presidente del Comit\u00e9 Directivo Municipal de San Francisco de Campeche\" >Ciudadano Josu\u00e9 Jes\u00fas Rodr\u00edguez Golib, Presidente del Comit\u00e9 Directivo Municipal de San Francisco de Campeche <\/td><td data-cell-id=\"D99\" data-x=\"3\" data-y=\"99\" data-db-index=\"99\" class=\"\" data-cell-type=\"text\" data-original-value=\"&lt;a href=&quot;https:\/\/teec.org.mx\/web\/wp-content\/uploads\/2020\/10\/TEEC-JDC-12-2020-22-10-2020.pdf&quot; target=&quot;_blank&quot;&gt;TEEC\/JDC\/12\/2020 (Acuerdo de radicaci\u00f3n y requerimiento)&lt;\/a&gt;\" data-order=\"&lt;a href=&quot;https:\/\/teec.org.mx\/web\/wp-content\/uploads\/2020\/10\/TEEC-JDC-12-2020-22-10-2020.pdf&quot; target=&quot;_blank&quot;&gt;TEEC\/JDC\/12\/2020 (Acuerdo de radicaci\u00f3n y requerimiento)&lt;\/a&gt;\" ><a href=\"https:\/\/teec.org.mx\/web\/wp-content\/uploads\/2020\/10\/TEEC-JDC-12-2020-22-10-2020.pdf\" target=\"_blank\">TEEC\/JDC\/12\/2020 (Acuerdo de radicaci\u00f3n y requerimiento)<\/a><\/td><\/tr><tr style=\"height:px\" ><td data-cell-id=\"A100\" data-x=\"0\" data-y=\"100\" data-db-index=\"100\" class=\"\" data-cell-type=\"text\" data-original-value=\"22 de octubre de 2020, a las 13:20 horas\" data-order=\"22 de octubre de 2020, a las 13:20 horas\" >22 de octubre de 2020, a las 13:20 horas <\/td><td data-cell-id=\"B100\" data-x=\"1\" data-y=\"100\" data-db-index=\"100\" class=\"\" data-cell-type=\"text\" data-original-value=\"Ciudadano Jos\u00e9 Luis Flores Pacheco, quien se ostenta como Presidente del Consejo Estatal del Partido Pol\u00edtico Morena en el Estado de Campeche y Militante del citado Partido\" data-order=\"Ciudadano Jos\u00e9 Luis Flores Pacheco, quien se ostenta como Presidente del Consejo Estatal del Partido Pol\u00edtico Morena en el Estado de Campeche y Militante del citado Partido\" >Ciudadano Jos\u00e9 Luis Flores Pacheco, quien se ostenta como Presidente del Consejo Estatal del Partido Pol\u00edtico Morena en el Estado de Campeche y Militante del citado Partido <\/td><td data-cell-id=\"C100\" data-x=\"2\" data-y=\"100\" data-db-index=\"100\" class=\"\" data-cell-type=\"text\" data-original-value=\"Comisi\u00f3n Nacional de Honestidad y Justicia del Partido Morena\" data-order=\"Comisi\u00f3n Nacional de Honestidad y Justicia del Partido Morena\" >Comisi\u00f3n Nacional de Honestidad y Justicia del Partido Morena <\/td><td data-cell-id=\"D100\" data-x=\"3\" data-y=\"100\" data-db-index=\"100\" class=\"\" data-cell-type=\"text\" data-original-value=\"&lt;a href=&quot;https:\/\/teec.org.mx\/web\/wp-content\/uploads\/2020\/10\/TEEC-JDC-9-2020-INC-22-10-2020.pdf&quot; target=&quot;_blank&quot;&gt;TEEC\/JDC\/9\/2020\/C.I. (Cierre de instrucci\u00f3n)&lt;\/a&gt;\" data-order=\"&lt;a href=&quot;https:\/\/teec.org.mx\/web\/wp-content\/uploads\/2020\/10\/TEEC-JDC-9-2020-INC-22-10-2020.pdf&quot; target=&quot;_blank&quot;&gt;TEEC\/JDC\/9\/2020\/C.I. (Cierre de instrucci\u00f3n)&lt;\/a&gt;\" ><a href=\"https:\/\/teec.org.mx\/web\/wp-content\/uploads\/2020\/10\/TEEC-JDC-9-2020-INC-22-10-2020.pdf\" target=\"_blank\">TEEC\/JDC\/9\/2020\/C.I. (Cierre de instrucci\u00f3n)<\/a><\/td><\/tr><tr style=\"height:px\" ><td data-cell-id=\"A101\" data-x=\"0\" data-y=\"101\" data-db-index=\"101\" class=\"\" data-cell-type=\"text\" data-original-value=\"22 de octubre de 2020, a las 12:10 horas\" data-order=\"22 de octubre de 2020, a las 12:10 horas\" >22 de octubre de 2020, a las 12:10 horas <\/td><td data-cell-id=\"B101\" data-x=\"1\" data-y=\"101\" data-db-index=\"101\" class=\"\" data-cell-type=\"text\" data-original-value=\"Ciudadana Maricela Flores Moo, quien se ostenta como Sindica del Ayuntamiento del Municipio de Calakmul, Campeche\" data-order=\"Ciudadana Maricela Flores Moo, quien se ostenta como Sindica del Ayuntamiento del Municipio de Calakmul, Campeche\" >Ciudadana Maricela Flores Moo, quien se ostenta como Sindica del Ayuntamiento del Municipio de Calakmul, Campeche <\/td><td data-cell-id=\"C101\" data-x=\"2\" data-y=\"101\" data-db-index=\"101\" class=\"\" data-cell-type=\"text\" data-original-value=\"Ciudadanos Luis Felipe Mora Hern\u00e1ndez, Presidente del Ayuntamiento del Municipio de Calakmul, y Carlos Juli\u00e1n Arteaga Abreu, Representante Legal del citado Ayuntamiento\" data-order=\"Ciudadanos Luis Felipe Mora Hern\u00e1ndez, Presidente del Ayuntamiento del Municipio de Calakmul, y Carlos Juli\u00e1n Arteaga Abreu, Representante Legal del citado Ayuntamiento\" >Ciudadanos Luis Felipe Mora Hern\u00e1ndez, Presidente del Ayuntamiento del Municipio de Calakmul, y Carlos Juli\u00e1n Arteaga Abreu, Representante Legal del citado Ayuntamiento <\/td><td data-cell-id=\"D101\" data-x=\"3\" data-y=\"101\" data-db-index=\"101\" class=\"\" data-cell-type=\"text\" data-original-value=\"&lt;a href=&quot;https:\/\/teec.org.mx\/web\/wp-content\/uploads\/2020\/10\/TEEC-JDC-10-2020-22-10-2020.pdf&quot; target=&quot;_blank&quot;&gt;TEEC\/JDC\/10\/2020 (Se fija fecha de alegatos)&lt;\/a&gt;\" data-order=\"&lt;a href=&quot;https:\/\/teec.org.mx\/web\/wp-content\/uploads\/2020\/10\/TEEC-JDC-10-2020-22-10-2020.pdf&quot; target=&quot;_blank&quot;&gt;TEEC\/JDC\/10\/2020 (Se fija fecha de alegatos)&lt;\/a&gt;\" ><a href=\"https:\/\/teec.org.mx\/web\/wp-content\/uploads\/2020\/10\/TEEC-JDC-10-2020-22-10-2020.pdf\" target=\"_blank\">TEEC\/JDC\/10\/2020 (Se fija fecha de alegatos)<\/a><\/td><\/tr><tr style=\"height:px\" ><td data-cell-id=\"A102\" data-x=\"0\" data-y=\"102\" data-db-index=\"102\" class=\"\" data-cell-type=\"text\" data-original-value=\"21 de octubre de 2020, a las 14:40 horas\" data-order=\"21 de octubre de 2020, a las 14:40 horas\" >21 de octubre de 2020, a las 14:40 horas <\/td><td data-cell-id=\"B102\" data-x=\"1\" data-y=\"102\" data-db-index=\"102\" class=\"\" data-cell-type=\"text\" data-original-value=\"Licenciado Juan Francisco Portela Rodr\u00edguez, quien se ostenta como Miembro Activo del Partido Acci\u00f3n Nacional\" data-order=\"Licenciado Juan Francisco Portela Rodr\u00edguez, quien se ostenta como Miembro Activo del Partido Acci\u00f3n Nacional\" >Licenciado Juan Francisco Portela Rodr\u00edguez, quien se ostenta como Miembro Activo del Partido Acci\u00f3n Nacional <\/td><td data-cell-id=\"C102\" data-x=\"2\" data-y=\"102\" data-db-index=\"102\" class=\"\" data-cell-type=\"text\" data-original-value=\"Ciudadano Josu\u00e9 Jes\u00fas Rodr\u00edguez Golib, Presidente del Comit\u00e9 Directivo Municipal de San Francisco de Campeche\" data-order=\"Ciudadano Josu\u00e9 Jes\u00fas Rodr\u00edguez Golib, Presidente del Comit\u00e9 Directivo Municipal de San Francisco de Campeche\" >Ciudadano Josu\u00e9 Jes\u00fas Rodr\u00edguez Golib, Presidente del Comit\u00e9 Directivo Municipal de San Francisco de Campeche <\/td><td data-cell-id=\"D102\" data-x=\"3\" data-y=\"102\" data-db-index=\"102\" class=\"\" data-cell-type=\"text\" data-original-value=\"&lt;a href=&quot;https:\/\/teec.org.mx\/web\/wp-content\/uploads\/2020\/10\/TEEC-JDC-12-2020-21-10-2020.pdf&quot; target=&quot;_blank&quot;&gt;TEEC\/JDC\/12\/2020 (Acuerdo de turno)&lt;\/a&gt;\" data-order=\"&lt;a href=&quot;https:\/\/teec.org.mx\/web\/wp-content\/uploads\/2020\/10\/TEEC-JDC-12-2020-21-10-2020.pdf&quot; target=&quot;_blank&quot;&gt;TEEC\/JDC\/12\/2020 (Acuerdo de turno)&lt;\/a&gt;\" ><a href=\"https:\/\/teec.org.mx\/web\/wp-content\/uploads\/2020\/10\/TEEC-JDC-12-2020-21-10-2020.pdf\" target=\"_blank\">TEEC\/JDC\/12\/2020 (Acuerdo de turno)<\/a><\/td><\/tr><tr style=\"height:px\" ><td data-cell-id=\"A103\" data-x=\"0\" data-y=\"103\" data-db-index=\"103\" class=\"\" data-cell-type=\"text\" data-original-value=\"20 de octubre de 2020, a las 13:30 horas\" data-order=\"20 de octubre de 2020, a las 13:30 horas\" >20 de octubre de 2020, a las 13:30 horas <\/td><td data-cell-id=\"B103\" data-x=\"1\" data-y=\"103\" data-db-index=\"103\" class=\"\" data-cell-type=\"text\" data-original-value=\"Ciudadana Maricela Flores Moo, quien se ostenta como Sindica del Ayuntamiento del Municipio de Calakmul, Campeche\" data-order=\"Ciudadana Maricela Flores Moo, quien se ostenta como Sindica del Ayuntamiento del Municipio de Calakmul, Campeche\" >Ciudadana Maricela Flores Moo, quien se ostenta como Sindica del Ayuntamiento del Municipio de Calakmul, Campeche <\/td><td data-cell-id=\"C103\" data-x=\"2\" data-y=\"103\" data-db-index=\"103\" class=\"\" data-cell-type=\"text\" data-original-value=\"Ciudadanos Luis Felipe Mora Hern\u00e1ndez, Presidente del Ayuntamiento del Municipio de Calakmul, y Carlos Juli\u00e1n Arteaga Abreu, Representante Legal del citado Ayuntamiento\" data-order=\"Ciudadanos Luis Felipe Mora Hern\u00e1ndez, Presidente del Ayuntamiento del Municipio de Calakmul, y Carlos Juli\u00e1n Arteaga Abreu, Representante Legal del citado Ayuntamiento\" >Ciudadanos Luis Felipe Mora Hern\u00e1ndez, Presidente del Ayuntamiento del Municipio de Calakmul, y Carlos Juli\u00e1n Arteaga Abreu, Representante Legal del citado Ayuntamiento <\/td><td data-cell-id=\"D103\" data-x=\"3\" data-y=\"103\" data-db-index=\"103\" class=\"\" data-cell-type=\"text\" data-original-value=\"&lt;a href=&quot;https:\/\/teec.org.mx\/web\/wp-content\/uploads\/2020\/10\/TEEC-JDC-10-2020-20-10-2020.pdf&quot; target=&quot;_blank&quot;&gt;TEEC\/JDC\/10\/2020 (Inspecci\u00f3n de USB)&lt;\/a&gt;\" data-order=\"&lt;a href=&quot;https:\/\/teec.org.mx\/web\/wp-content\/uploads\/2020\/10\/TEEC-JDC-10-2020-20-10-2020.pdf&quot; target=&quot;_blank&quot;&gt;TEEC\/JDC\/10\/2020 (Inspecci\u00f3n de USB)&lt;\/a&gt;\" ><a href=\"https:\/\/teec.org.mx\/web\/wp-content\/uploads\/2020\/10\/TEEC-JDC-10-2020-20-10-2020.pdf\" target=\"_blank\">TEEC\/JDC\/10\/2020 (Inspecci\u00f3n de USB)<\/a><\/td><\/tr><tr style=\"height:px\" ><td data-cell-id=\"A104\" data-x=\"0\" data-y=\"104\" data-db-index=\"104\" class=\"\" data-cell-type=\"text\" data-original-value=\"20 de octubre de 2020, a las 12:30 horas\" data-order=\"20 de octubre de 2020, a las 12:30 horas\" >20 de octubre de 2020, a las 12:30 horas <\/td><td data-cell-id=\"B104\" data-x=\"1\" data-y=\"104\" data-db-index=\"104\" class=\"\" data-cell-type=\"text\" data-original-value=\"Ciudadano Jos\u00e9 Luis Flores Pacheco\" data-order=\"Ciudadano Jos\u00e9 Luis Flores Pacheco\" >Ciudadano Jos\u00e9 Luis Flores Pacheco <\/td><td data-cell-id=\"C104\" data-x=\"2\" data-y=\"104\" data-db-index=\"104\" class=\"\" data-cell-type=\"text\" data-original-value=\"Comisi\u00f3n Nacional de Honestidad y Justicia de Morena\" data-order=\"Comisi\u00f3n Nacional de Honestidad y Justicia de Morena\" >Comisi\u00f3n Nacional de Honestidad y Justicia de Morena <\/td><td data-cell-id=\"D104\" data-x=\"3\" data-y=\"104\" data-db-index=\"104\" class=\"\" data-cell-type=\"text\" data-original-value=\"&lt;a href=&quot;https:\/\/teec.org.mx\/web\/wp-content\/uploads\/2020\/10\/TEEC-JDC-11-2020-20-10-2020.pdf&quot; target=&quot;_blank&quot;&gt;TEEC\/JDC\/11\/2020 (Se fija fecha y hora para sesi\u00f3n p\u00fablica virtual)&lt;\/a&gt;\" data-order=\"&lt;a href=&quot;https:\/\/teec.org.mx\/web\/wp-content\/uploads\/2020\/10\/TEEC-JDC-11-2020-20-10-2020.pdf&quot; target=&quot;_blank&quot;&gt;TEEC\/JDC\/11\/2020 (Se fija fecha y hora para sesi\u00f3n p\u00fablica virtual)&lt;\/a&gt;\" ><a href=\"https:\/\/teec.org.mx\/web\/wp-content\/uploads\/2020\/10\/TEEC-JDC-11-2020-20-10-2020.pdf\" target=\"_blank\">TEEC\/JDC\/11\/2020 (Se fija fecha y hora para sesi\u00f3n p\u00fablica virtual)<\/a><\/td><\/tr><tr style=\"height:px\" ><td data-cell-id=\"A105\" data-x=\"0\" data-y=\"105\" data-db-index=\"105\" class=\"\" data-cell-type=\"text\" data-original-value=\"16 de octubre de 2020, a las 14:35 horas\" data-order=\"16 de octubre de 2020, a las 14:35 horas\" >16 de octubre de 2020, a las 14:35 horas <\/td><td data-cell-id=\"B105\" data-x=\"1\" data-y=\"105\" data-db-index=\"105\" class=\"\" data-cell-type=\"text\" data-original-value=\"Ciudadana Maricela Flores Moo, quien se ostenta como Sindica del Ayuntamiento del Municipio de Calakmul, Campeche\" data-order=\"Ciudadana Maricela Flores Moo, quien se ostenta como Sindica del Ayuntamiento del Municipio de Calakmul, Campeche\" >Ciudadana Maricela Flores Moo, quien se ostenta como Sindica del Ayuntamiento del Municipio de Calakmul, Campeche <\/td><td data-cell-id=\"C105\" data-x=\"2\" data-y=\"105\" data-db-index=\"105\" class=\"\" data-cell-type=\"text\" data-original-value=\"Ciudadanos Luis Felipe Mora Hern\u00e1ndez, Presidente del Ayuntamiento del Municipio de Calakmul, y Carlos Juli\u00e1n Arteaga Abreu, Representante Legal del citado Ayuntamiento\" data-order=\"Ciudadanos Luis Felipe Mora Hern\u00e1ndez, Presidente del Ayuntamiento del Municipio de Calakmul, y Carlos Juli\u00e1n Arteaga Abreu, Representante Legal del citado Ayuntamiento\" >Ciudadanos Luis Felipe Mora Hern\u00e1ndez, Presidente del Ayuntamiento del Municipio de Calakmul, y Carlos Juli\u00e1n Arteaga Abreu, Representante Legal del citado Ayuntamiento <\/td><td data-cell-id=\"D105\" data-x=\"3\" data-y=\"105\" data-db-index=\"105\" class=\"\" data-cell-type=\"text\" data-original-value=\"&lt;a href=&quot;https:\/\/teec.org.mx\/web\/wp-content\/uploads\/2020\/10\/TEEC-JDC-10-2020-16-10-2020.pdf&quot; target=&quot;_blank&quot;&gt;TEEC\/JDC\/10\/2020 (Se fija fecha de alegatos)&lt;\/a&gt;\" data-order=\"&lt;a href=&quot;https:\/\/teec.org.mx\/web\/wp-content\/uploads\/2020\/10\/TEEC-JDC-10-2020-16-10-2020.pdf&quot; target=&quot;_blank&quot;&gt;TEEC\/JDC\/10\/2020 (Se fija fecha de alegatos)&lt;\/a&gt;\" ><a href=\"https:\/\/teec.org.mx\/web\/wp-content\/uploads\/2020\/10\/TEEC-JDC-10-2020-16-10-2020.pdf\" target=\"_blank\">TEEC\/JDC\/10\/2020 (Se fija fecha de alegatos)<\/a><\/td><\/tr><tr style=\"height:px\" ><td data-cell-id=\"A106\" data-x=\"0\" data-y=\"106\" data-db-index=\"106\" class=\"\" data-cell-type=\"text\" data-original-value=\"16 de octubre de 2020, a las 13:55 horas\" data-order=\"16 de octubre de 2020, a las 13:55 horas\" >16 de octubre de 2020, a las 13:55 horas <\/td><td data-cell-id=\"B106\" data-x=\"1\" data-y=\"106\" data-db-index=\"106\" class=\"\" data-cell-type=\"text\" data-original-value=\"Ciudadano Jos\u00e9 Luis Flores Pacheco, quien se ostenta como Presidente del Consejo Estatal del Partido Pol\u00edtico Morena en el Estado de Campeche y Militante del citado Partido\" data-order=\"Ciudadano Jos\u00e9 Luis Flores Pacheco, quien se ostenta como Presidente del Consejo Estatal del Partido Pol\u00edtico Morena en el Estado de Campeche y Militante del citado Partido\" >Ciudadano Jos\u00e9 Luis Flores Pacheco, quien se ostenta como Presidente del Consejo Estatal del Partido Pol\u00edtico Morena en el Estado de Campeche y Militante del citado Partido <\/td><td data-cell-id=\"C106\" data-x=\"2\" data-y=\"106\" data-db-index=\"106\" class=\"\" data-cell-type=\"text\" data-original-value=\"Comisi\u00f3n Nacional de Honestidad y Justicia del Partido Morena\" data-order=\"Comisi\u00f3n Nacional de Honestidad y Justicia del Partido Morena\" >Comisi\u00f3n Nacional de Honestidad y Justicia del Partido Morena <\/td><td data-cell-id=\"D106\" data-x=\"3\" data-y=\"106\" data-db-index=\"106\" class=\"\" data-cell-type=\"text\" data-original-value=\"&lt;a href=&quot;https:\/\/teec.org.mx\/web\/wp-content\/uploads\/2020\/10\/TEEC-JDC-9-2020-INC-16-10-2020.pdf&quot; target=&quot;_blank&quot;&gt;TEEC\/JDC\/9\/2020\/C.I. (Se da vista al actor)&lt;\/a&gt;\" data-order=\"&lt;a href=&quot;https:\/\/teec.org.mx\/web\/wp-content\/uploads\/2020\/10\/TEEC-JDC-9-2020-INC-16-10-2020.pdf&quot; target=&quot;_blank&quot;&gt;TEEC\/JDC\/9\/2020\/C.I. (Se da vista al actor)&lt;\/a&gt;\" ><a href=\"https:\/\/teec.org.mx\/web\/wp-content\/uploads\/2020\/10\/TEEC-JDC-9-2020-INC-16-10-2020.pdf\" target=\"_blank\">TEEC\/JDC\/9\/2020\/C.I. (Se da vista al actor)<\/a><\/td><\/tr><tr style=\"height:px\" ><td data-cell-id=\"A107\" data-x=\"0\" data-y=\"107\" data-db-index=\"107\" class=\"\" data-cell-type=\"text\" data-original-value=\"16 de octubre de 2020, a las 12:40 horas\" data-order=\"16 de octubre de 2020, a las 12:40 horas\" >16 de octubre de 2020, a las 12:40 horas <\/td><td data-cell-id=\"B107\" data-x=\"1\" data-y=\"107\" data-db-index=\"107\" class=\"\" data-cell-type=\"text\" data-original-value=\"Ciudadano Jos\u00e9 Luis Flores Pacheco\" data-order=\"Ciudadano Jos\u00e9 Luis Flores Pacheco\" >Ciudadano Jos\u00e9 Luis Flores Pacheco <\/td><td data-cell-id=\"C107\" data-x=\"2\" data-y=\"107\" data-db-index=\"107\" class=\"\" data-cell-type=\"text\" data-original-value=\"Comisi\u00f3n Nacional de Honestidad y Justicia de Morena\" data-order=\"Comisi\u00f3n Nacional de Honestidad y Justicia de Morena\" >Comisi\u00f3n Nacional de Honestidad y Justicia de Morena <\/td><td data-cell-id=\"D107\" data-x=\"3\" data-y=\"107\" data-db-index=\"107\" class=\"\" data-cell-type=\"text\" data-original-value=\"&lt;a href=&quot;https:\/\/teec.org.mx\/web\/wp-content\/uploads\/2020\/10\/TEEC-JDC-11-2020-16-10-2020.pdf&quot; target=&quot;_blank&quot;&gt;TEEC\/JDC\/11\/2020 (Cumplimiento de requerimiento)&lt;\/a&gt;\" data-order=\"&lt;a href=&quot;https:\/\/teec.org.mx\/web\/wp-content\/uploads\/2020\/10\/TEEC-JDC-11-2020-16-10-2020.pdf&quot; target=&quot;_blank&quot;&gt;TEEC\/JDC\/11\/2020 (Cumplimiento de requerimiento)&lt;\/a&gt;\" ><a href=\"https:\/\/teec.org.mx\/web\/wp-content\/uploads\/2020\/10\/TEEC-JDC-11-2020-16-10-2020.pdf\" target=\"_blank\">TEEC\/JDC\/11\/2020 (Cumplimiento de requerimiento)<\/a><\/td><\/tr><tr style=\"height:px\" ><td data-cell-id=\"A108\" data-x=\"0\" data-y=\"108\" data-db-index=\"108\" class=\"\" data-cell-type=\"text\" data-original-value=\"14 de octubre de 2020, a las 13:20 horas\" data-order=\"14 de octubre de 2020, a las 13:20 horas\" >14 de octubre de 2020, a las 13:20 horas <\/td><td data-cell-id=\"B108\" data-x=\"1\" data-y=\"108\" data-db-index=\"108\" class=\"\" data-cell-type=\"text\" data-original-value=\"Ciudadana Maricela Flores Moo, quien se ostenta como Sindica del Ayuntamiento de Municipio de Calakmul, Campeche\" data-order=\"Ciudadana Maricela Flores Moo, quien se ostenta como Sindica del Ayuntamiento de Municipio de Calakmul, Campeche\" >Ciudadana Maricela Flores Moo, quien se ostenta como Sindica del Ayuntamiento de Municipio de Calakmul, Campeche <\/td><td data-cell-id=\"C108\" data-x=\"2\" data-y=\"108\" data-db-index=\"108\" class=\"\" data-cell-type=\"text\" data-original-value=\"Ciudadanos Luis Felipe Mora Hern\u00e1ndez, Presidente del Ayuntamiento del Municipio de Calakmul, y Carlos Juli\u00e1n Arteaga Abreu, Representante Legal del citado Ayuntamiento\" data-order=\"Ciudadanos Luis Felipe Mora Hern\u00e1ndez, Presidente del Ayuntamiento del Municipio de Calakmul, y Carlos Juli\u00e1n Arteaga Abreu, Representante Legal del citado Ayuntamiento\" >Ciudadanos Luis Felipe Mora Hern\u00e1ndez, Presidente del Ayuntamiento del Municipio de Calakmul, y Carlos Juli\u00e1n Arteaga Abreu, Representante Legal del citado Ayuntamiento <\/td><td data-cell-id=\"D108\" data-x=\"3\" data-y=\"108\" data-db-index=\"108\" class=\"\" data-cell-type=\"text\" data-original-value=\"&lt;a href=&quot;https:\/\/teec.org.mx\/web\/wp-content\/uploads\/2020\/10\/TEEC-JDC-10-2020-14-10-2020.pdf&quot; target=&quot;_blank&quot;&gt;Cumplimiento de requerimiento, acumulaci\u00f3n y desecha prueba por no ser supervenientes)&lt;\/a&gt;\" data-order=\"&lt;a href=&quot;https:\/\/teec.org.mx\/web\/wp-content\/uploads\/2020\/10\/TEEC-JDC-10-2020-14-10-2020.pdf&quot; target=&quot;_blank&quot;&gt;Cumplimiento de requerimiento, acumulaci\u00f3n y desecha prueba por no ser supervenientes)&lt;\/a&gt;\" ><a href=\"https:\/\/teec.org.mx\/web\/wp-content\/uploads\/2020\/10\/TEEC-JDC-10-2020-14-10-2020.pdf\" target=\"_blank\">Cumplimiento de requerimiento, acumulaci\u00f3n y desecha prueba por no ser supervenientes)<\/a><\/td><\/tr><tr style=\"height:px\" ><td data-cell-id=\"A109\" data-x=\"0\" data-y=\"109\" data-db-index=\"109\" class=\"\" data-cell-type=\"text\" data-original-value=\"12 de octubre de 2020, a las 12:40 horas\" data-order=\"12 de octubre de 2020, a las 12:40 horas\" >12 de octubre de 2020, a las 12:40 horas <\/td><td data-cell-id=\"B109\" data-x=\"1\" data-y=\"109\" data-db-index=\"109\" class=\"\" data-cell-type=\"text\" data-original-value=\"Ciudadano Jos\u00e9 Luis Flores Pacheco, quien se ostenta como Presidente del Consejo Estatal del Partido Pol\u00edtico Morena en el Estado de Campeche y Militante del citado Partido\" data-order=\"Ciudadano Jos\u00e9 Luis Flores Pacheco, quien se ostenta como Presidente del Consejo Estatal del Partido Pol\u00edtico Morena en el Estado de Campeche y Militante del citado Partido\" >Ciudadano Jos\u00e9 Luis Flores Pacheco, quien se ostenta como Presidente del Consejo Estatal del Partido Pol\u00edtico Morena en el Estado de Campeche y Militante del citado Partido <\/td><td data-cell-id=\"C109\" data-x=\"2\" data-y=\"109\" data-db-index=\"109\" class=\"\" data-cell-type=\"text\" data-original-value=\"Comit\u00e9 Ejecutivo Estatal del Partido Morena en Campeche, y\/o Consejo Estatal del Partido Morena en Campeche e Integrantes\" data-order=\"Comit\u00e9 Ejecutivo Estatal del Partido Morena en Campeche, y\/o Consejo Estatal del Partido Morena en Campeche e Integrantes\" >Comit\u00e9 Ejecutivo Estatal del Partido Morena en Campeche, y\/o Consejo Estatal del Partido Morena en Campeche e Integrantes <\/td><td data-cell-id=\"D109\" data-x=\"3\" data-y=\"109\" data-db-index=\"109\" class=\"\" data-cell-type=\"text\" data-original-value=\"&lt;a href=&quot;https:\/\/teec.org.mx\/web\/wp-content\/uploads\/2020\/10\/TEEC-JDC-9-2020-12-10-2020.pdf&quot; target=&quot;_blank&quot;&gt;TEEC\/JDC\/9\/2020 (Recepci\u00f3n, radicaci\u00f3n, admisi\u00f3n y requerimiento)&lt;\/a&gt;\" data-order=\"&lt;a href=&quot;https:\/\/teec.org.mx\/web\/wp-content\/uploads\/2020\/10\/TEEC-JDC-9-2020-12-10-2020.pdf&quot; target=&quot;_blank&quot;&gt;TEEC\/JDC\/9\/2020 (Recepci\u00f3n, radicaci\u00f3n, admisi\u00f3n y requerimiento)&lt;\/a&gt;\" ><a href=\"https:\/\/teec.org.mx\/web\/wp-content\/uploads\/2020\/10\/TEEC-JDC-9-2020-12-10-2020.pdf\" target=\"_blank\">TEEC\/JDC\/9\/2020 (Recepci\u00f3n, radicaci\u00f3n, admisi\u00f3n y requerimiento)<\/a><\/td><\/tr><tr style=\"height:px\" ><td data-cell-id=\"A110\" data-x=\"0\" data-y=\"110\" data-db-index=\"110\" class=\"\" data-cell-type=\"text\" data-original-value=\"09 de octubre de 2020, a las 15:00 horas\" data-order=\"09 de octubre de 2020, a las 15:00 horas\" >09 de octubre de 2020, a las 15:00 horas <\/td><td data-cell-id=\"B110\" data-x=\"1\" data-y=\"110\" data-db-index=\"110\" class=\"\" data-cell-type=\"text\" data-original-value=\"Ciudadana Maricela Flores Moo, quien se ostenta como Sindica del Ayuntamiento del Municipio de Calakmul, Campeche\" data-order=\"Ciudadana Maricela Flores Moo, quien se ostenta como Sindica del Ayuntamiento del Municipio de Calakmul, Campeche\" >Ciudadana Maricela Flores Moo, quien se ostenta como Sindica del Ayuntamiento del Municipio de Calakmul, Campeche <\/td><td data-cell-id=\"C110\" data-x=\"2\" data-y=\"110\" data-db-index=\"110\" class=\"\" data-cell-type=\"text\" data-original-value=\"Ciudadanos Luis Felipe Mora Hern\u00e1ndez, Presidente del Ayuntamiento del Municipio de Calakmul, y Carlos Juli\u00e1n Arteaga Abreu, Representante Legal del ctado Ayuntamiento\" data-order=\"Ciudadanos Luis Felipe Mora Hern\u00e1ndez, Presidente del Ayuntamiento del Municipio de Calakmul, y Carlos Juli\u00e1n Arteaga Abreu, Representante Legal del ctado Ayuntamiento\" >Ciudadanos Luis Felipe Mora Hern\u00e1ndez, Presidente del Ayuntamiento del Municipio de Calakmul, y Carlos Juli\u00e1n Arteaga Abreu, Representante Legal del ctado Ayuntamiento <\/td><td data-cell-id=\"D110\" data-x=\"3\" data-y=\"110\" data-db-index=\"110\" class=\"\" data-cell-type=\"text\" data-original-value=\"&lt;a href=&quot;https:\/\/teec.org.mx\/web\/wp-content\/uploads\/2020\/10\/TEEC-JDC-10-2020-09-10-2020.pdf&quot; target=&quot;_blank&quot;&gt;TEEC\/JDC\/10\/2020 (Desahogo de pruebas)&lt;\/a&gt;\" data-order=\"&lt;a href=&quot;https:\/\/teec.org.mx\/web\/wp-content\/uploads\/2020\/10\/TEEC-JDC-10-2020-09-10-2020.pdf&quot; target=&quot;_blank&quot;&gt;TEEC\/JDC\/10\/2020 (Desahogo de pruebas)&lt;\/a&gt;\" ><a href=\"https:\/\/teec.org.mx\/web\/wp-content\/uploads\/2020\/10\/TEEC-JDC-10-2020-09-10-2020.pdf\" target=\"_blank\">TEEC\/JDC\/10\/2020 (Desahogo de pruebas)<\/a><\/td><\/tr><tr style=\"height:px\" ><td data-cell-id=\"A111\" data-x=\"0\" data-y=\"111\" data-db-index=\"111\" class=\"\" data-cell-type=\"text\" data-original-value=\"09 de octubre de 2020, a las 14:00 horas\" data-order=\"09 de octubre de 2020, a las 14:00 horas\" >09 de octubre de 2020, a las 14:00 horas <\/td><td data-cell-id=\"B111\" data-x=\"1\" data-y=\"111\" data-db-index=\"111\" class=\"\" data-cell-type=\"text\" data-original-value=\"Ciudadano Jos\u00e9 Luis Flores Pacheco, quien se ostenta como Presidente del Consejo Estatal del Partido Pol\u00edtico Morena en el Estado de Campeche y Militante del citado Partido\" data-order=\"Ciudadano Jos\u00e9 Luis Flores Pacheco, quien se ostenta como Presidente del Consejo Estatal del Partido Pol\u00edtico Morena en el Estado de Campeche y Militante del citado Partido\" >Ciudadano Jos\u00e9 Luis Flores Pacheco, quien se ostenta como Presidente del Consejo Estatal del Partido Pol\u00edtico Morena en el Estado de Campeche y Militante del citado Partido <\/td><td data-cell-id=\"C111\" data-x=\"2\" data-y=\"111\" data-db-index=\"111\" class=\"\" data-cell-type=\"text\" data-original-value=\"Comit\u00e9 Ejecutivo Estatal del Partido Morena en Campeche, y\/o Consejo Estatal del Partido Morena en Campeche e Integrantes\" data-order=\"Comit\u00e9 Ejecutivo Estatal del Partido Morena en Campeche, y\/o Consejo Estatal del Partido Morena en Campeche e Integrantes\" >Comit\u00e9 Ejecutivo Estatal del Partido Morena en Campeche, y\/o Consejo Estatal del Partido Morena en Campeche e Integrantes <\/td><td data-cell-id=\"D111\" data-x=\"3\" data-y=\"111\" data-db-index=\"111\" class=\"\" data-cell-type=\"text\" data-original-value=\"&lt;a href=&quot;https:\/\/teec.org.mx\/web\/wp-content\/uploads\/2020\/10\/TEEC-JDC-9-2020-09-10-2020.pdf&quot; target=&quot;_blank&quot;&gt;TEEC\/JDC\/9\/2020 (Recepci\u00f3n e integraci\u00f3n de exp. incidental)&lt;\/a&gt;\" data-order=\"&lt;a href=&quot;https:\/\/teec.org.mx\/web\/wp-content\/uploads\/2020\/10\/TEEC-JDC-9-2020-09-10-2020.pdf&quot; target=&quot;_blank&quot;&gt;TEEC\/JDC\/9\/2020 (Recepci\u00f3n e integraci\u00f3n de exp. incidental)&lt;\/a&gt;\" ><a href=\"https:\/\/teec.org.mx\/web\/wp-content\/uploads\/2020\/10\/TEEC-JDC-9-2020-09-10-2020.pdf\" target=\"_blank\">TEEC\/JDC\/9\/2020 (Recepci\u00f3n e integraci\u00f3n de exp. incidental)<\/a><\/td><\/tr><tr style=\"height:px\" ><td data-cell-id=\"A112\" data-x=\"0\" data-y=\"112\" data-db-index=\"112\" class=\"\" data-cell-type=\"text\" data-original-value=\"09 de octubre de 2020, a las 13:45 horas\" data-order=\"09 de octubre de 2020, a las 13:45 horas\" >09 de octubre de 2020, a las 13:45 horas <\/td><td data-cell-id=\"B112\" data-x=\"1\" data-y=\"112\" data-db-index=\"112\" class=\"\" data-cell-type=\"text\" data-original-value=\"Ciudadano Jos\u00e9 Luis Flores Pacheco\" data-order=\"Ciudadano Jos\u00e9 Luis Flores Pacheco\" >Ciudadano Jos\u00e9 Luis Flores Pacheco <\/td><td data-cell-id=\"C112\" data-x=\"2\" data-y=\"112\" data-db-index=\"112\" class=\"\" data-cell-type=\"text\" data-original-value=\"Comisi\u00f3n Nacional de Honestidad y Justicia de Morena\" data-order=\"Comisi\u00f3n Nacional de Honestidad y Justicia de Morena\" >Comisi\u00f3n Nacional de Honestidad y Justicia de Morena <\/td><td data-cell-id=\"D112\" data-x=\"3\" data-y=\"112\" data-db-index=\"112\" class=\"\" data-cell-type=\"text\" data-original-value=\"&lt;a href=&quot;https:\/\/teec.org.mx\/web\/wp-content\/uploads\/2020\/10\/TEEC-JDC-11-2020-09-10-2020.pdf&quot; target=&quot;_blank&quot;&gt;TEEC\/JDC\/11\/2020 (Requerimiento)&lt;\/a&gt;\" data-order=\"&lt;a href=&quot;https:\/\/teec.org.mx\/web\/wp-content\/uploads\/2020\/10\/TEEC-JDC-11-2020-09-10-2020.pdf&quot; target=&quot;_blank&quot;&gt;TEEC\/JDC\/11\/2020 (Requerimiento)&lt;\/a&gt;\" ><a href=\"https:\/\/teec.org.mx\/web\/wp-content\/uploads\/2020\/10\/TEEC-JDC-11-2020-09-10-2020.pdf\" target=\"_blank\">TEEC\/JDC\/11\/2020 (Requerimiento)<\/a><\/td><\/tr><tr style=\"height:px\" ><td data-cell-id=\"A113\" data-x=\"0\" data-y=\"113\" data-db-index=\"113\" class=\"\" data-cell-type=\"text\" data-original-value=\"09 de octubre de 2020, a las 13:10 horas\" data-order=\"09 de octubre de 2020, a las 13:10 horas\" >09 de octubre de 2020, a las 13:10 horas <\/td><td data-cell-id=\"B113\" data-x=\"1\" data-y=\"113\" data-db-index=\"113\" class=\"\" data-cell-type=\"text\" data-original-value=\"Ciudadana Deysi Cristina Rodr\u00edguez Hern\u00e1ndez, Regidora de la Junta Municipal de Mamantel, Carmen, Campeche\" data-order=\"Ciudadana Deysi Cristina Rodr\u00edguez Hern\u00e1ndez, Regidora de la Junta Municipal de Mamantel, Carmen, Campeche\" >Ciudadana Deysi Cristina Rodr\u00edguez Hern\u00e1ndez, Regidora de la Junta Municipal de Mamantel, Carmen, Campeche <\/td><td data-cell-id=\"C113\" data-x=\"2\" data-y=\"113\" data-db-index=\"113\" class=\"\" data-cell-type=\"text\" data-original-value=\"Presidente Licenciado Benigno Mart\u00ednez Canul y Tesorera Ciudadana Elizabeth Hern\u00e1ndez Ascencio, ambos de la Junta Municipal de Mamantel, Carmen, Campeche\" data-order=\"Presidente Licenciado Benigno Mart\u00ednez Canul y Tesorera Ciudadana Elizabeth Hern\u00e1ndez Ascencio, ambos de la Junta Municipal de Mamantel, Carmen, Campeche\" >Presidente Licenciado Benigno Mart\u00ednez Canul y Tesorera Ciudadana Elizabeth Hern\u00e1ndez Ascencio, ambos de la Junta Municipal de Mamantel, Carmen, Campeche <\/td><td data-cell-id=\"D113\" data-x=\"3\" data-y=\"113\" data-db-index=\"113\" class=\"\" data-cell-type=\"text\" data-original-value=\"&lt;a href=&quot;https:\/\/teec.org.mx\/web\/wp-content\/uploads\/2020\/10\/TEEC-JDC-8-2020-09-10-2020.pdf&quot; target=&quot;_blank&quot;&gt;TEEC\/JDC\/8\/2020 (Cumplimiento de sentencia inst. de la mujer)&lt;\/a&gt;\" data-order=\"&lt;a href=&quot;https:\/\/teec.org.mx\/web\/wp-content\/uploads\/2020\/10\/TEEC-JDC-8-2020-09-10-2020.pdf&quot; target=&quot;_blank&quot;&gt;TEEC\/JDC\/8\/2020 (Cumplimiento de sentencia inst. de la mujer)&lt;\/a&gt;\" ><a href=\"https:\/\/teec.org.mx\/web\/wp-content\/uploads\/2020\/10\/TEEC-JDC-8-2020-09-10-2020.pdf\" target=\"_blank\">TEEC\/JDC\/8\/2020 (Cumplimiento de sentencia inst. de la mujer)<\/a><\/td><\/tr><tr style=\"height:px\" ><td data-cell-id=\"A114\" data-x=\"0\" data-y=\"114\" data-db-index=\"114\" class=\"\" data-cell-type=\"text\" data-original-value=\"06 de octubre de 2020, a las 12:50 horas\" data-order=\"06 de octubre de 2020, a las 12:50 horas\" >06 de octubre de 2020, a las 12:50 horas <\/td><td data-cell-id=\"B114\" data-x=\"1\" data-y=\"114\" data-db-index=\"114\" class=\"\" data-cell-type=\"text\" data-original-value=\"Ciudadano Jos\u00e9 Luis Flores Pacheco, quien se ostenta como Presidente del Consejo Estatal del Partido Pol\u00edtico Morena en el Estado de Campeche y Militante del citado Partido\" data-order=\"Ciudadano Jos\u00e9 Luis Flores Pacheco, quien se ostenta como Presidente del Consejo Estatal del Partido Pol\u00edtico Morena en el Estado de Campeche y Militante del citado Partido\" >Ciudadano Jos\u00e9 Luis Flores Pacheco, quien se ostenta como Presidente del Consejo Estatal del Partido Pol\u00edtico Morena en el Estado de Campeche y Militante del citado Partido <\/td><td data-cell-id=\"C114\" data-x=\"2\" data-y=\"114\" data-db-index=\"114\" class=\"\" data-cell-type=\"text\" data-original-value=\"Comit\u00e9 Ejecutivo Estatal del Partido Morena en Campeche, y\/y Consejo Estatal del Partido Morena en Campeche e Integrantes\" data-order=\"Comit\u00e9 Ejecutivo Estatal del Partido Morena en Campeche, y\/y Consejo Estatal del Partido Morena en Campeche e Integrantes\" >Comit\u00e9 Ejecutivo Estatal del Partido Morena en Campeche, y\/y Consejo Estatal del Partido Morena en Campeche e Integrantes <\/td><td data-cell-id=\"D114\" data-x=\"3\" data-y=\"114\" data-db-index=\"114\" class=\"\" data-cell-type=\"text\" data-original-value=\"&lt;a href=&quot;https:\/\/teec.org.mx\/web\/wp-content\/uploads\/2020\/10\/TEEC-JDC-9-2020-06-10-2020.pdf&quot; target=&quot;_blank&quot;&gt;TEEC\/JDC\/9\/2020 (Turno de incidente)&lt;\/a&gt;\" data-order=\"&lt;a href=&quot;https:\/\/teec.org.mx\/web\/wp-content\/uploads\/2020\/10\/TEEC-JDC-9-2020-06-10-2020.pdf&quot; target=&quot;_blank&quot;&gt;TEEC\/JDC\/9\/2020 (Turno de incidente)&lt;\/a&gt;\" ><a href=\"https:\/\/teec.org.mx\/web\/wp-content\/uploads\/2020\/10\/TEEC-JDC-9-2020-06-10-2020.pdf\" target=\"_blank\">TEEC\/JDC\/9\/2020 (Turno de incidente)<\/a><\/td><\/tr><tr style=\"height:px\" ><td data-cell-id=\"A115\" data-x=\"0\" data-y=\"115\" data-db-index=\"115\" class=\"\" data-cell-type=\"text\" data-original-value=\"06 de octubre de 2020, a las 12:00 horas\" data-order=\"06 de octubre de 2020, a las 12:00 horas\" >06 de octubre de 2020, a las 12:00 horas <\/td><td data-cell-id=\"B115\" data-x=\"1\" data-y=\"115\" data-db-index=\"115\" class=\"\" data-cell-type=\"text\" data-original-value=\"Ciudadana Maricela Flores Moo, quien se ostenta como Sindica del Ayuntamiento del Municipio de Calakmul, Campeche\" data-order=\"Ciudadana Maricela Flores Moo, quien se ostenta como Sindica del Ayuntamiento del Municipio de Calakmul, Campeche\" >Ciudadana Maricela Flores Moo, quien se ostenta como Sindica del Ayuntamiento del Municipio de Calakmul, Campeche <\/td><td data-cell-id=\"C115\" data-x=\"2\" data-y=\"115\" data-db-index=\"115\" class=\"\" data-cell-type=\"text\" data-original-value=\"Ciudadanos Luis Felipe Mora Hern\u00e1ndez, Presidente del Ayuntamiento del Municipio de Calakmul, y Carlos Juli\u00e1n Arteaga Abreu, Representante Legal del ctado Ayuntamiento\" data-order=\"Ciudadanos Luis Felipe Mora Hern\u00e1ndez, Presidente del Ayuntamiento del Municipio de Calakmul, y Carlos Juli\u00e1n Arteaga Abreu, Representante Legal del ctado Ayuntamiento\" >Ciudadanos Luis Felipe Mora Hern\u00e1ndez, Presidente del Ayuntamiento del Municipio de Calakmul, y Carlos Juli\u00e1n Arteaga Abreu, Representante Legal del ctado Ayuntamiento <\/td><td data-cell-id=\"D115\" data-x=\"3\" data-y=\"115\" data-db-index=\"115\" class=\"\" data-cell-type=\"text\" data-original-value=\"&lt;a href=&quot;https:\/\/teec.org.mx\/web\/wp-content\/uploads\/2020\/10\/TEEC-JDC-10-2020-06-10-2020.pdf&quot; target=&quot;_blank&quot;&gt;TEEC\/JDC\/10\/2020 (Requerimiento)&lt;\/a&gt;\" data-order=\"&lt;a href=&quot;https:\/\/teec.org.mx\/web\/wp-content\/uploads\/2020\/10\/TEEC-JDC-10-2020-06-10-2020.pdf&quot; target=&quot;_blank&quot;&gt;TEEC\/JDC\/10\/2020 (Requerimiento)&lt;\/a&gt;\" ><a href=\"https:\/\/teec.org.mx\/web\/wp-content\/uploads\/2020\/10\/TEEC-JDC-10-2020-06-10-2020.pdf\" target=\"_blank\">TEEC\/JDC\/10\/2020 (Requerimiento)<\/a><\/td><\/tr><tr style=\"height:px\" ><td data-cell-id=\"A116\" data-x=\"0\" data-y=\"116\" data-db-index=\"116\" class=\"\" data-cell-type=\"text\" data-original-value=\"05 de octubre de 2020, a las 14:20 horas\" data-order=\"05 de octubre de 2020, a las 14:20 horas\" >05 de octubre de 2020, a las 14:20 horas <\/td><td data-cell-id=\"B116\" data-x=\"1\" data-y=\"116\" data-db-index=\"116\" class=\"\" data-cell-type=\"text\" data-original-value=\"Ciudadana Maricela Flores Moo, quien se ostenta como Sindica del Ayuntamiento del Municipio de Calakmul, Campeche\" data-order=\"Ciudadana Maricela Flores Moo, quien se ostenta como Sindica del Ayuntamiento del Municipio de Calakmul, Campeche\" >Ciudadana Maricela Flores Moo, quien se ostenta como Sindica del Ayuntamiento del Municipio de Calakmul, Campeche <\/td><td data-cell-id=\"C116\" data-x=\"2\" data-y=\"116\" data-db-index=\"116\" class=\"\" data-cell-type=\"text\" data-original-value=\"Ciudadanos Luis Felipe Mora Hern\u00e1ndez, Presidente del Ayuntamiento del Municipio de Calakmul, y Carlos Julian Arteaga Abreu, Representante Legal del citado Ayuntamiento\" data-order=\"Ciudadanos Luis Felipe Mora Hern\u00e1ndez, Presidente del Ayuntamiento del Municipio de Calakmul, y Carlos Julian Arteaga Abreu, Representante Legal del citado Ayuntamiento\" >Ciudadanos Luis Felipe Mora Hern\u00e1ndez, Presidente del Ayuntamiento del Municipio de Calakmul, y Carlos Julian Arteaga Abreu, Representante Legal del citado Ayuntamiento <\/td><td data-cell-id=\"D116\" data-x=\"3\" data-y=\"116\" data-db-index=\"116\" class=\"\" data-cell-type=\"text\" data-original-value=\"&lt;a href=&quot;https:\/\/teec.org.mx\/web\/wp-content\/uploads\/2020\/10\/TEEC-JDC-10-2020-05-10-2020.pdf&quot; target=&quot;_blank&quot;&gt;TEEC\/JDC\/10\/2020 (Cumplimiento de requerimiento y acumulaci\u00f3n)&lt;\/a&gt;\" data-order=\"&lt;a href=&quot;https:\/\/teec.org.mx\/web\/wp-content\/uploads\/2020\/10\/TEEC-JDC-10-2020-05-10-2020.pdf&quot; target=&quot;_blank&quot;&gt;TEEC\/JDC\/10\/2020 (Cumplimiento de requerimiento y acumulaci\u00f3n)&lt;\/a&gt;\" ><a href=\"https:\/\/teec.org.mx\/web\/wp-content\/uploads\/2020\/10\/TEEC-JDC-10-2020-05-10-2020.pdf\" target=\"_blank\">TEEC\/JDC\/10\/2020 (Cumplimiento de requerimiento y acumulaci\u00f3n)<\/a><\/td><\/tr><tr style=\"height:px\" ><td data-cell-id=\"A117\" data-x=\"0\" data-y=\"117\" data-db-index=\"117\" class=\"\" data-cell-type=\"text\" data-original-value=\"02 de octubre de 2020, a las 11:15 horas\" data-order=\"02 de octubre de 2020, a las 11:15 horas\" >02 de octubre de 2020, a las 11:15 horas <\/td><td data-cell-id=\"B117\" data-x=\"1\" data-y=\"117\" data-db-index=\"117\" class=\"\" data-cell-type=\"text\" data-original-value=\"Ciudadano Jos\u00e9 Luis Flores Pacheco\" data-order=\"Ciudadano Jos\u00e9 Luis Flores Pacheco\" >Ciudadano Jos\u00e9 Luis Flores Pacheco <\/td><td data-cell-id=\"C117\" data-x=\"2\" data-y=\"117\" data-db-index=\"117\" class=\"\" data-cell-type=\"text\" data-original-value=\"Comisi\u00f3n Nacional de Honestidad y Justicia de Morena\" data-order=\"Comisi\u00f3n Nacional de Honestidad y Justicia de Morena\" >Comisi\u00f3n Nacional de Honestidad y Justicia de Morena <\/td><td data-cell-id=\"D117\" data-x=\"3\" data-y=\"117\" data-db-index=\"117\" class=\"\" data-cell-type=\"text\" data-original-value=\"&lt;a href=&quot;https:\/\/teec.org.mx\/web\/wp-content\/uploads\/2020\/10\/TEEC-JDC-11-2020-02-10-2020.pdf&quot; target=&quot;_blank&quot;&gt;TEEC\/JDC\/11\/2020 (Acuerdo de radicaci\u00f3n)&lt;\/a&gt;\" data-order=\"&lt;a href=&quot;https:\/\/teec.org.mx\/web\/wp-content\/uploads\/2020\/10\/TEEC-JDC-11-2020-02-10-2020.pdf&quot; target=&quot;_blank&quot;&gt;TEEC\/JDC\/11\/2020 (Acuerdo de radicaci\u00f3n)&lt;\/a&gt;\" ><a href=\"https:\/\/teec.org.mx\/web\/wp-content\/uploads\/2020\/10\/TEEC-JDC-11-2020-02-10-2020.pdf\" target=\"_blank\">TEEC\/JDC\/11\/2020 (Acuerdo de radicaci\u00f3n)<\/a><\/td><\/tr><tr style=\"height:px\" ><td data-cell-id=\"A118\" data-x=\"0\" data-y=\"118\" data-db-index=\"118\" class=\"\" data-cell-type=\"text\" data-original-value=\"02 de octubre de 2020, a las 8:45 horas\" data-order=\"02 de octubre de 2020, a las 8:45 horas\" >02 de octubre de 2020, a las 8:45 horas <\/td><td data-cell-id=\"B118\" data-x=\"1\" data-y=\"118\" data-db-index=\"118\" class=\"\" data-cell-type=\"text\" data-original-value=\"Ciudadano Jos\u00e9 Luis Flores Pacheco, quien se ostenta como Presidente del Consejo Estatal del Partido Pol\u00edtico Morena en el Estado de Campeche y Militante del citado Partido\" data-order=\"Ciudadano Jos\u00e9 Luis Flores Pacheco, quien se ostenta como Presidente del Consejo Estatal del Partido Pol\u00edtico Morena en el Estado de Campeche y Militante del citado Partido\" >Ciudadano Jos\u00e9 Luis Flores Pacheco, quien se ostenta como Presidente del Consejo Estatal del Partido Pol\u00edtico Morena en el Estado de Campeche y Militante del citado Partido <\/td><td data-cell-id=\"C118\" data-x=\"2\" data-y=\"118\" data-db-index=\"118\" class=\"\" data-cell-type=\"text\" data-original-value=\"Comit\u00e9 Ejecutivo Estatal del Partido Morena en Campeche, y\/o Consejo Estatal del Partido Morena en Campeche e Integrantes\" data-order=\"Comit\u00e9 Ejecutivo Estatal del Partido Morena en Campeche, y\/o Consejo Estatal del Partido Morena en Campeche e Integrantes\" >Comit\u00e9 Ejecutivo Estatal del Partido Morena en Campeche, y\/o Consejo Estatal del Partido Morena en Campeche e Integrantes <\/td><td data-cell-id=\"D118\" data-x=\"3\" data-y=\"118\" data-db-index=\"118\" class=\"\" data-cell-type=\"text\" data-original-value=\"&lt;a href=&quot;https:\/\/teec.org.mx\/web\/wp-content\/uploads\/2020\/10\/TEEC-JDC-9-2020-02-10-2020.pdf&quot; target=&quot;_blank&quot;&gt;TEEC\/JDC\/9\/2020 (Se declara firme la resoluci\u00f3n)&lt;\/a&gt;\" data-order=\"&lt;a href=&quot;https:\/\/teec.org.mx\/web\/wp-content\/uploads\/2020\/10\/TEEC-JDC-9-2020-02-10-2020.pdf&quot; target=&quot;_blank&quot;&gt;TEEC\/JDC\/9\/2020 (Se declara firme la resoluci\u00f3n)&lt;\/a&gt;\" ><a href=\"https:\/\/teec.org.mx\/web\/wp-content\/uploads\/2020\/10\/TEEC-JDC-9-2020-02-10-2020.pdf\" target=\"_blank\">TEEC\/JDC\/9\/2020 (Se declara firme la resoluci\u00f3n)<\/a><\/td><\/tr><tr style=\"height:px\" ><td data-cell-id=\"A119\" data-x=\"0\" data-y=\"119\" data-db-index=\"119\" class=\"\" data-cell-type=\"text\" data-original-value=\"30 de septiembre de 2020, a las 11:10 horas\" data-order=\"30 de septiembre de 2020, a las 11:10 horas\" >30 de septiembre de 2020, a las 11:10 horas <\/td><td data-cell-id=\"B119\" data-x=\"1\" data-y=\"119\" data-db-index=\"119\" class=\"\" data-cell-type=\"text\" data-original-value=\"Ciudadana Maricela Flores Moo, quien se ostenta como Sindica del Ayuntamiento del Municipio de Calakmul, Campeche\" data-order=\"Ciudadana Maricela Flores Moo, quien se ostenta como Sindica del Ayuntamiento del Municipio de Calakmul, Campeche\" >Ciudadana Maricela Flores Moo, quien se ostenta como Sindica del Ayuntamiento del Municipio de Calakmul, Campeche <\/td><td data-cell-id=\"C119\" data-x=\"2\" data-y=\"119\" data-db-index=\"119\" class=\"\" data-cell-type=\"text\" data-original-value=\"Ciudadanos Luis Felipe Mora Hern\u00e1ndez, Presidente del Ayuntamiento del Municipio de Calakmul, y Carlos Juli\u00e1n Arteaga Abreu, Representante Legal del citado Ayuntamiento\" data-order=\"Ciudadanos Luis Felipe Mora Hern\u00e1ndez, Presidente del Ayuntamiento del Municipio de Calakmul, y Carlos Juli\u00e1n Arteaga Abreu, Representante Legal del citado Ayuntamiento\" >Ciudadanos Luis Felipe Mora Hern\u00e1ndez, Presidente del Ayuntamiento del Municipio de Calakmul, y Carlos Juli\u00e1n Arteaga Abreu, Representante Legal del citado Ayuntamiento <\/td><td data-cell-id=\"D119\" data-x=\"3\" data-y=\"119\" data-db-index=\"119\" class=\"\" data-cell-type=\"text\" data-original-value=\"&lt;a href=&quot;https:\/\/teec.org.mx\/web\/wp-content\/uploads\/2020\/09\/TEEC-JDC-10-2020-30-09-2020.pdf&quot; target=&quot;_blank&quot;&gt;TEEC\/JDC\/10\/2020 (Se declara firme el acuerdo de medidas cautelares y requerimiento)&lt;\/a&gt;\" data-order=\"&lt;a href=&quot;https:\/\/teec.org.mx\/web\/wp-content\/uploads\/2020\/09\/TEEC-JDC-10-2020-30-09-2020.pdf&quot; target=&quot;_blank&quot;&gt;TEEC\/JDC\/10\/2020 (Se declara firme el acuerdo de medidas cautelares y requerimiento)&lt;\/a&gt;\" ><a href=\"https:\/\/teec.org.mx\/web\/wp-content\/uploads\/2020\/09\/TEEC-JDC-10-2020-30-09-2020.pdf\" target=\"_blank\">TEEC\/JDC\/10\/2020 (Se declara firme el acuerdo de medidas cautelares y requerimiento)<\/a><\/td><\/tr><tr style=\"height:px\" ><td data-cell-id=\"A120\" data-x=\"0\" data-y=\"120\" data-db-index=\"120\" class=\"\" data-cell-type=\"text\" data-original-value=\"28 de septiembre de 2020, a las 12:00 horas\" data-order=\"28 de septiembre de 2020, a las 12:00 horas\" >28 de septiembre de 2020, a las 12:00 horas <\/td><td data-cell-id=\"B120\" data-x=\"1\" data-y=\"120\" data-db-index=\"120\" class=\"\" data-cell-type=\"text\" data-original-value=\"Ciudadano Jos\u00e9 Luis Flores Pacheco\" data-order=\"Ciudadano Jos\u00e9 Luis Flores Pacheco\" >Ciudadano Jos\u00e9 Luis Flores Pacheco <\/td><td data-cell-id=\"C120\" data-x=\"2\" data-y=\"120\" data-db-index=\"120\" class=\"\" data-cell-type=\"text\" data-original-value=\"Comisi\u00f3n Nacional de Honestidad y Justicia de Morena\" data-order=\"Comisi\u00f3n Nacional de Honestidad y Justicia de Morena\" >Comisi\u00f3n Nacional de Honestidad y Justicia de Morena <\/td><td data-cell-id=\"D120\" data-x=\"3\" data-y=\"120\" data-db-index=\"120\" class=\"\" data-cell-type=\"text\" data-original-value=\"&lt;a href=&quot;https:\/\/teec.org.mx\/web\/wp-content\/uploads\/2020\/09\/TEEC-JDC-11-2020-28-09-2020.pdf&quot; target=&quot;_blank&quot;&gt;TEEC\/JDC\/11\/2020 (Acuerdo de requerimiento)&lt;\/a&gt;\" data-order=\"&lt;a href=&quot;https:\/\/teec.org.mx\/web\/wp-content\/uploads\/2020\/09\/TEEC-JDC-11-2020-28-09-2020.pdf&quot; target=&quot;_blank&quot;&gt;TEEC\/JDC\/11\/2020 (Acuerdo de requerimiento)&lt;\/a&gt;\" ><a href=\"https:\/\/teec.org.mx\/web\/wp-content\/uploads\/2020\/09\/TEEC-JDC-11-2020-28-09-2020.pdf\" target=\"_blank\">TEEC\/JDC\/11\/2020 (Acuerdo de requerimiento)<\/a><\/td><\/tr><tr style=\"height:px\" ><td data-cell-id=\"A121\" data-x=\"0\" data-y=\"121\" data-db-index=\"121\" class=\"\" data-cell-type=\"text\" data-original-value=\"28 de septiembre de 2020, a las 11:30 horas\" data-order=\"28 de septiembre de 2020, a las 11:30 horas\" >28 de septiembre de 2020, a las 11:30 horas <\/td><td data-cell-id=\"B121\" data-x=\"1\" data-y=\"121\" data-db-index=\"121\" class=\"\" data-cell-type=\"text\" data-original-value=\"Ciudadana Maricela Flores Moo, quien se ostenta como Sindica cel Ayuntamiento del Municipio de Calakmul, Campeche\" data-order=\"Ciudadana Maricela Flores Moo, quien se ostenta como Sindica cel Ayuntamiento del Municipio de Calakmul, Campeche\" >Ciudadana Maricela Flores Moo, quien se ostenta como Sindica cel Ayuntamiento del Municipio de Calakmul, Campeche <\/td><td data-cell-id=\"C121\" data-x=\"2\" data-y=\"121\" data-db-index=\"121\" class=\"\" data-cell-type=\"text\" data-original-value=\"Ciudadanos Luis Felipe Mora Hern\u00e1ndez, Presidente del Ayuntamiento del Municipio de Calakmul, y Carlos Juli\u00e1n Arteaga Abreu, Representante Legal del ditado Ayuntamiento\" data-order=\"Ciudadanos Luis Felipe Mora Hern\u00e1ndez, Presidente del Ayuntamiento del Municipio de Calakmul, y Carlos Juli\u00e1n Arteaga Abreu, Representante Legal del ditado Ayuntamiento\" >Ciudadanos Luis Felipe Mora Hern\u00e1ndez, Presidente del Ayuntamiento del Municipio de Calakmul, y Carlos Juli\u00e1n Arteaga Abreu, Representante Legal del ditado Ayuntamiento <\/td><td data-cell-id=\"D121\" data-x=\"3\" data-y=\"121\" data-db-index=\"121\" class=\"\" data-cell-type=\"text\" data-original-value=\"&lt;a href=&quot;https:\/\/teec.org.mx\/web\/wp-content\/uploads\/2020\/09\/TEEC-JDC-10-2020-28-09-2020.pdf&quot; target=&quot;_blank&quot;&gt;TEEC\/JDC\/10\/2020 (Acuerdo de acumulaci\u00f3n, admisi\u00f3n y desahogo de pruebas)&lt;\/a&gt;\" data-order=\"&lt;a href=&quot;https:\/\/teec.org.mx\/web\/wp-content\/uploads\/2020\/09\/TEEC-JDC-10-2020-28-09-2020.pdf&quot; target=&quot;_blank&quot;&gt;TEEC\/JDC\/10\/2020 (Acuerdo de acumulaci\u00f3n, admisi\u00f3n y desahogo de pruebas)&lt;\/a&gt;\" ><a href=\"https:\/\/teec.org.mx\/web\/wp-content\/uploads\/2020\/09\/TEEC-JDC-10-2020-28-09-2020.pdf\" target=\"_blank\">TEEC\/JDC\/10\/2020 (Acuerdo de acumulaci\u00f3n, admisi\u00f3n y desahogo de pruebas)<\/a><\/td><\/tr><tr style=\"height:px\" ><td data-cell-id=\"A122\" data-x=\"0\" data-y=\"122\" data-db-index=\"122\" class=\"\" data-cell-type=\"text\" data-original-value=\"25 de septiembre de 2020, a las 10:45 horas\" data-order=\"25 de septiembre de 2020, a las 10:45 horas\" >25 de septiembre de 2020, a las 10:45 horas <\/td><td data-cell-id=\"B122\" data-x=\"1\" data-y=\"122\" data-db-index=\"122\" class=\"\" data-cell-type=\"text\" data-original-value=\"Ciudadana Deysi Cristina Rodr\u00edguez Hern\u00e1ndez, Regidora de la Junta Municipal de Mamantel, Carmen, Campeche\" data-order=\"Ciudadana Deysi Cristina Rodr\u00edguez Hern\u00e1ndez, Regidora de la Junta Municipal de Mamantel, Carmen, Campeche\" >Ciudadana Deysi Cristina Rodr\u00edguez Hern\u00e1ndez, Regidora de la Junta Municipal de Mamantel, Carmen, Campeche <\/td><td data-cell-id=\"C122\" data-x=\"2\" data-y=\"122\" data-db-index=\"122\" class=\"\" data-cell-type=\"text\" data-original-value=\"Presidente Licenciado Benigno Mart\u00ednez Canul y Tesorera Ciudadana Elizabeth Hern\u00e1ndez Ascencio, ambos de la Junta Municipal de Mamantel, Carmen, Campeche\" data-order=\"Presidente Licenciado Benigno Mart\u00ednez Canul y Tesorera Ciudadana Elizabeth Hern\u00e1ndez Ascencio, ambos de la Junta Municipal de Mamantel, Carmen, Campeche\" >Presidente Licenciado Benigno Mart\u00ednez Canul y Tesorera Ciudadana Elizabeth Hern\u00e1ndez Ascencio, ambos de la Junta Municipal de Mamantel, Carmen, Campeche <\/td><td data-cell-id=\"D122\" data-x=\"3\" data-y=\"122\" data-db-index=\"122\" class=\"\" data-cell-type=\"text\" data-original-value=\"&lt;a href=&quot;https:\/\/teec.org.mx\/web\/wp-content\/uploads\/2020\/09\/TEEC-JDC-8-2020-25-09-2020.pdf&quot; target=&quot;_blank&quot;&gt;TEEC\/JDC\/8\/2020 (Cumpl. de sentencia inst. de la mujer)&lt;\/a&gt;\" data-order=\"&lt;a href=&quot;https:\/\/teec.org.mx\/web\/wp-content\/uploads\/2020\/09\/TEEC-JDC-8-2020-25-09-2020.pdf&quot; target=&quot;_blank&quot;&gt;TEEC\/JDC\/8\/2020 (Cumpl. de sentencia inst. de la mujer)&lt;\/a&gt;\" ><a href=\"https:\/\/teec.org.mx\/web\/wp-content\/uploads\/2020\/09\/TEEC-JDC-8-2020-25-09-2020.pdf\" target=\"_blank\">TEEC\/JDC\/8\/2020 (Cumpl. de sentencia inst. de la mujer)<\/a><\/td><\/tr><tr style=\"height:px\" ><td data-cell-id=\"A123\" data-x=\"0\" data-y=\"123\" data-db-index=\"123\" class=\"\" data-cell-type=\"text\" data-original-value=\"24 de septiembre de 2020, a las 14:50 horas\" data-order=\"24 de septiembre de 2020, a las 14:50 horas\" >24 de septiembre de 2020, a las 14:50 horas <\/td><td data-cell-id=\"B123\" data-x=\"1\" data-y=\"123\" data-db-index=\"123\" class=\"\" data-cell-type=\"text\" data-original-value=\"Ciudadano Jos\u00e9 Luis Flores Pacheco\" data-order=\"Ciudadano Jos\u00e9 Luis Flores Pacheco\" >Ciudadano Jos\u00e9 Luis Flores Pacheco <\/td><td data-cell-id=\"C123\" data-x=\"2\" data-y=\"123\" data-db-index=\"123\" class=\"\" data-cell-type=\"text\" data-original-value=\"Comisi\u00f3n Nacional de Honestidad y Justicia de Morena\" data-order=\"Comisi\u00f3n Nacional de Honestidad y Justicia de Morena\" >Comisi\u00f3n Nacional de Honestidad y Justicia de Morena <\/td><td data-cell-id=\"D123\" data-x=\"3\" data-y=\"123\" data-db-index=\"123\" class=\"\" data-cell-type=\"text\" data-original-value=\"&lt;a href=&quot;https:\/\/teec.org.mx\/web\/wp-content\/uploads\/2020\/09\/TEEC-JDC-11-2020-24-09-2020.pdf&quot; target=&quot;_blank&quot;&gt;TEEC\/JDC\/11\/2020 (Acuerdo de turno)&lt;\/a&gt;\" data-order=\"&lt;a href=&quot;https:\/\/teec.org.mx\/web\/wp-content\/uploads\/2020\/09\/TEEC-JDC-11-2020-24-09-2020.pdf&quot; target=&quot;_blank&quot;&gt;TEEC\/JDC\/11\/2020 (Acuerdo de turno)&lt;\/a&gt;\" ><a href=\"https:\/\/teec.org.mx\/web\/wp-content\/uploads\/2020\/09\/TEEC-JDC-11-2020-24-09-2020.pdf\" target=\"_blank\">TEEC\/JDC\/11\/2020 (Acuerdo de turno)<\/a><\/td><\/tr><tr style=\"height:px\" ><td data-cell-id=\"A124\" data-x=\"0\" data-y=\"124\" data-db-index=\"124\" class=\"\" data-cell-type=\"text\" data-original-value=\"24 de septiembre de 2020, a las 13:00 horas\" data-order=\"24 de septiembre de 2020, a las 13:00 horas\" >24 de septiembre de 2020, a las 13:00 horas <\/td><td data-cell-id=\"B124\" data-x=\"1\" data-y=\"124\" data-db-index=\"124\" class=\"\" data-cell-type=\"text\" data-original-value=\"Ciudadano Jos\u00e9 Luis Flores Pacheco, quien se ostenta como Presidente del Consejo Estatal del Partido Pol\u00edtico Morena en el Estado de Campeche y Militante del citado Partido\" data-order=\"Ciudadano Jos\u00e9 Luis Flores Pacheco, quien se ostenta como Presidente del Consejo Estatal del Partido Pol\u00edtico Morena en el Estado de Campeche y Militante del citado Partido\" >Ciudadano Jos\u00e9 Luis Flores Pacheco, quien se ostenta como Presidente del Consejo Estatal del Partido Pol\u00edtico Morena en el Estado de Campeche y Militante del citado Partido <\/td><td data-cell-id=\"C124\" data-x=\"2\" data-y=\"124\" data-db-index=\"124\" class=\"\" data-cell-type=\"text\" data-original-value=\"Comit\u00e9 Ejecutivo Estatal del Partido Morena en Campeche, y\/o Consejo Estatal del Partido Morena en Campeche e Integrantes\" data-order=\"Comit\u00e9 Ejecutivo Estatal del Partido Morena en Campeche, y\/o Consejo Estatal del Partido Morena en Campeche e Integrantes\" >Comit\u00e9 Ejecutivo Estatal del Partido Morena en Campeche, y\/o Consejo Estatal del Partido Morena en Campeche e Integrantes <\/td><td data-cell-id=\"D124\" data-x=\"3\" data-y=\"124\" data-db-index=\"124\" class=\"\" data-cell-type=\"text\" data-original-value=\"&lt;a href=&quot;https:\/\/teec.org.mx\/web\/wp-content\/uploads\/2020\/09\/TEEC-JDC-9-2020-Acu.-plenario-24-09-2020.pdf&quot; target=&quot;_blank&quot;&gt;TEEC\/JDC\/9\/2020 (Acuerdo plenario de reencauzamiento)&lt;\/a&gt;\" data-order=\"&lt;a href=&quot;https:\/\/teec.org.mx\/web\/wp-content\/uploads\/2020\/09\/TEEC-JDC-9-2020-Acu.-plenario-24-09-2020.pdf&quot; target=&quot;_blank&quot;&gt;TEEC\/JDC\/9\/2020 (Acuerdo plenario de reencauzamiento)&lt;\/a&gt;\" ><a href=\"https:\/\/teec.org.mx\/web\/wp-content\/uploads\/2020\/09\/TEEC-JDC-9-2020-Acu.-plenario-24-09-2020.pdf\" target=\"_blank\">TEEC\/JDC\/9\/2020 (Acuerdo plenario de reencauzamiento)<\/a><\/td><\/tr><tr style=\"height:px\" ><td data-cell-id=\"A125\" data-x=\"0\" data-y=\"125\" data-db-index=\"125\" class=\"\" data-cell-type=\"text\" data-original-value=\"23 de septiembre de 2020, a las 10:05 horas\" data-order=\"23 de septiembre de 2020, a las 10:05 horas\" >23 de septiembre de 2020, a las 10:05 horas <\/td><td data-cell-id=\"B125\" data-x=\"1\" data-y=\"125\" data-db-index=\"125\" class=\"\" data-cell-type=\"text\" data-original-value=\"Ciudadano Jos\u00e9 Luis Flores Pacheco, quien se ostenta como Presidente del Consejo Estatal del Partido Pol\u00edtico Morena en el Estado de Campeche y Militante del citado Partido\" data-order=\"Ciudadano Jos\u00e9 Luis Flores Pacheco, quien se ostenta como Presidente del Consejo Estatal del Partido Pol\u00edtico Morena en el Estado de Campeche y Militante del citado Partido\" >Ciudadano Jos\u00e9 Luis Flores Pacheco, quien se ostenta como Presidente del Consejo Estatal del Partido Pol\u00edtico Morena en el Estado de Campeche y Militante del citado Partido <\/td><td data-cell-id=\"C125\" data-x=\"2\" data-y=\"125\" data-db-index=\"125\" class=\"\" data-cell-type=\"text\" data-original-value=\"Comit\u00e9 Ejecutivo Estatal del Partido Morena en Campeche, y\/o Consejo Estatal del Partido Morena en Campeche e Integrantes\" data-order=\"Comit\u00e9 Ejecutivo Estatal del Partido Morena en Campeche, y\/o Consejo Estatal del Partido Morena en Campeche e Integrantes\" >Comit\u00e9 Ejecutivo Estatal del Partido Morena en Campeche, y\/o Consejo Estatal del Partido Morena en Campeche e Integrantes <\/td><td data-cell-id=\"D125\" data-x=\"3\" data-y=\"125\" data-db-index=\"125\" class=\"\" data-cell-type=\"text\" data-original-value=\"&lt;a href=&quot;https:\/\/teec.org.mx\/web\/wp-content\/uploads\/2020\/09\/TEEC-JDC-9-2020-23-09-2020.pdf&quot; target=&quot;_blank&quot;&gt;TEEC\/JDC\/9\/2020 (Se fija fecha y hora para sesi\u00f3n privada)&lt;\/a&gt;\" data-order=\"&lt;a href=&quot;https:\/\/teec.org.mx\/web\/wp-content\/uploads\/2020\/09\/TEEC-JDC-9-2020-23-09-2020.pdf&quot; target=&quot;_blank&quot;&gt;TEEC\/JDC\/9\/2020 (Se fija fecha y hora para sesi\u00f3n privada)&lt;\/a&gt;\" ><a href=\"https:\/\/teec.org.mx\/web\/wp-content\/uploads\/2020\/09\/TEEC-JDC-9-2020-23-09-2020.pdf\" target=\"_blank\">TEEC\/JDC\/9\/2020 (Se fija fecha y hora para sesi\u00f3n privada)<\/a><\/td><\/tr><tr style=\"height:px\" ><td data-cell-id=\"A126\" data-x=\"0\" data-y=\"126\" data-db-index=\"126\" class=\"\" data-cell-type=\"text\" data-original-value=\"22 de septiembre de 2020, a las 9:50 horas\" data-order=\"22 de septiembre de 2020, a las 9:50 horas\" >22 de septiembre de 2020, a las 9:50 horas <\/td><td data-cell-id=\"B126\" data-x=\"1\" data-y=\"126\" data-db-index=\"126\" class=\"\" data-cell-type=\"text\" data-original-value=\"Ciudadana Maricela Flores Moo, quien se ostenta como Sindica del Ayuntamiento del Municipio de Calakmul, Campeche\" data-order=\"Ciudadana Maricela Flores Moo, quien se ostenta como Sindica del Ayuntamiento del Municipio de Calakmul, Campeche\" >Ciudadana Maricela Flores Moo, quien se ostenta como Sindica del Ayuntamiento del Municipio de Calakmul, Campeche <\/td><td data-cell-id=\"C126\" data-x=\"2\" data-y=\"126\" data-db-index=\"126\" class=\"\" data-cell-type=\"text\" data-original-value=\"Ciudadanos Luis Felipe Mora Hern\u00e1ndez, Presidente del Ayuntamiento del Municipio de Calakmul, y Carlos Juli\u00e1n Arteaga Abreu, Representante Legal del citado Ayuntamiento\" data-order=\"Ciudadanos Luis Felipe Mora Hern\u00e1ndez, Presidente del Ayuntamiento del Municipio de Calakmul, y Carlos Juli\u00e1n Arteaga Abreu, Representante Legal del citado Ayuntamiento\" >Ciudadanos Luis Felipe Mora Hern\u00e1ndez, Presidente del Ayuntamiento del Municipio de Calakmul, y Carlos Juli\u00e1n Arteaga Abreu, Representante Legal del citado Ayuntamiento <\/td><td data-cell-id=\"D126\" data-x=\"3\" data-y=\"126\" data-db-index=\"126\" class=\"\" data-cell-type=\"text\" data-original-value=\"&lt;a href=&quot;https:\/\/teec.org.mx\/web\/wp-content\/uploads\/2020\/09\/TEEC-JDC-10-2020-22-09-2020.pdf&quot; target=&quot;_blank&quot;&gt;TEEC\/JDC\/10\/2020 (Acuerdo de requerimiento)&lt;\/a&gt;\" data-order=\"&lt;a href=&quot;https:\/\/teec.org.mx\/web\/wp-content\/uploads\/2020\/09\/TEEC-JDC-10-2020-22-09-2020.pdf&quot; target=&quot;_blank&quot;&gt;TEEC\/JDC\/10\/2020 (Acuerdo de requerimiento)&lt;\/a&gt;\" ><a href=\"https:\/\/teec.org.mx\/web\/wp-content\/uploads\/2020\/09\/TEEC-JDC-10-2020-22-09-2020.pdf\" target=\"_blank\">TEEC\/JDC\/10\/2020 (Acuerdo de requerimiento)<\/a><\/td><\/tr><tr style=\"height:px\" ><td data-cell-id=\"A127\" data-x=\"0\" data-y=\"127\" data-db-index=\"127\" class=\"\" data-cell-type=\"text\" data-original-value=\"22 de septiembre de 2020, a las 9:40 horas\" data-order=\"22 de septiembre de 2020, a las 9:40 horas\" >22 de septiembre de 2020, a las 9:40 horas <\/td><td data-cell-id=\"B127\" data-x=\"1\" data-y=\"127\" data-db-index=\"127\" class=\"\" data-cell-type=\"text\" data-original-value=\"Ciudadano Jos\u00e9 Luis Flores Pacheco, quien se ostenta como Presidente del Consejo Estatal del Partido Pol\u00edtico Morena en el Estado de Campeche y Militante del citado Partido\" data-order=\"Ciudadano Jos\u00e9 Luis Flores Pacheco, quien se ostenta como Presidente del Consejo Estatal del Partido Pol\u00edtico Morena en el Estado de Campeche y Militante del citado Partido\" >Ciudadano Jos\u00e9 Luis Flores Pacheco, quien se ostenta como Presidente del Consejo Estatal del Partido Pol\u00edtico Morena en el Estado de Campeche y Militante del citado Partido <\/td><td data-cell-id=\"C127\" data-x=\"2\" data-y=\"127\" data-db-index=\"127\" class=\"\" data-cell-type=\"text\" data-original-value=\"Comit\u00e9 Ejecutivo Estatal del Partido Morena en Campeche, y\/o Consejo Estatal del Partido Morena en Campeche e Integrantes\" data-order=\"Comit\u00e9 Ejecutivo Estatal del Partido Morena en Campeche, y\/o Consejo Estatal del Partido Morena en Campeche e Integrantes\" >Comit\u00e9 Ejecutivo Estatal del Partido Morena en Campeche, y\/o Consejo Estatal del Partido Morena en Campeche e Integrantes <\/td><td data-cell-id=\"D127\" data-x=\"3\" data-y=\"127\" data-db-index=\"127\" class=\"\" data-cell-type=\"text\" data-original-value=\"&lt;a href=&quot;https:\/\/teec.org.mx\/web\/wp-content\/uploads\/2020\/09\/TEEC-JDC-9-2020-22-09-2020.pdf&quot; target=&quot;_blank&quot;&gt;TEEC\/JDC\/9\/2020 (Se solicita fecha y hora para sesi\u00f3n privada)&lt;\/a&gt;\" data-order=\"&lt;a href=&quot;https:\/\/teec.org.mx\/web\/wp-content\/uploads\/2020\/09\/TEEC-JDC-9-2020-22-09-2020.pdf&quot; target=&quot;_blank&quot;&gt;TEEC\/JDC\/9\/2020 (Se solicita fecha y hora para sesi\u00f3n privada)&lt;\/a&gt;\" ><a href=\"https:\/\/teec.org.mx\/web\/wp-content\/uploads\/2020\/09\/TEEC-JDC-9-2020-22-09-2020.pdf\" target=\"_blank\">TEEC\/JDC\/9\/2020 (Se solicita fecha y hora para sesi\u00f3n privada)<\/a><\/td><\/tr><tr style=\"height:px\" ><td data-cell-id=\"A128\" data-x=\"0\" data-y=\"128\" data-db-index=\"128\" class=\"\" data-cell-type=\"text\" data-original-value=\"21 de septiembre de 2020, a las 12:50 horas\" data-order=\"21 de septiembre de 2020, a las 12:50 horas\" >21 de septiembre de 2020, a las 12:50 horas <\/td><td data-cell-id=\"B128\" data-x=\"1\" data-y=\"128\" data-db-index=\"128\" class=\"\" data-cell-type=\"text\" data-original-value=\"Ciudadana Maricela Flores Moo, quien se ostenta como Sindica del Ayuntamiento del Municipio de Calakmul, Campeche\" data-order=\"Ciudadana Maricela Flores Moo, quien se ostenta como Sindica del Ayuntamiento del Municipio de Calakmul, Campeche\" >Ciudadana Maricela Flores Moo, quien se ostenta como Sindica del Ayuntamiento del Municipio de Calakmul, Campeche <\/td><td data-cell-id=\"C128\" data-x=\"2\" data-y=\"128\" data-db-index=\"128\" class=\"\" data-cell-type=\"text\" data-original-value=\"Ciudadanos Luis Felipe Mora Hern\u00e1ndez, Presidente del Ayuntamiento del Municipio de Calakmul, y Carlos Juli\u00e1n Arteaga Abreu, Representante Legal del ditado Ayuntamiento\" data-order=\"Ciudadanos Luis Felipe Mora Hern\u00e1ndez, Presidente del Ayuntamiento del Municipio de Calakmul, y Carlos Juli\u00e1n Arteaga Abreu, Representante Legal del ditado Ayuntamiento\" >Ciudadanos Luis Felipe Mora Hern\u00e1ndez, Presidente del Ayuntamiento del Municipio de Calakmul, y Carlos Juli\u00e1n Arteaga Abreu, Representante Legal del ditado Ayuntamiento <\/td><td data-cell-id=\"D128\" data-x=\"3\" data-y=\"128\" data-db-index=\"128\" class=\"\" data-cell-type=\"text\" data-original-value=\"&lt;a href=&quot;https:\/\/teec.org.mx\/web\/wp-content\/uploads\/2020\/09\/TEEC-JDC-10-2020-Acu.-Plenario-21-09-2020.pdf&quot; target=&quot;_blank&quot;&gt;TEEC\/JDC\/10\/2020 (Acuerdo plenario de medidas cautelares)&lt;\/a&gt;\" data-order=\"&lt;a href=&quot;https:\/\/teec.org.mx\/web\/wp-content\/uploads\/2020\/09\/TEEC-JDC-10-2020-Acu.-Plenario-21-09-2020.pdf&quot; target=&quot;_blank&quot;&gt;TEEC\/JDC\/10\/2020 (Acuerdo plenario de medidas cautelares)&lt;\/a&gt;\" ><a href=\"https:\/\/teec.org.mx\/web\/wp-content\/uploads\/2020\/09\/TEEC-JDC-10-2020-Acu.-Plenario-21-09-2020.pdf\" target=\"_blank\">TEEC\/JDC\/10\/2020 (Acuerdo plenario de medidas cautelares)<\/a><\/td><\/tr><tr style=\"height:px\" ><td data-cell-id=\"A129\" data-x=\"0\" data-y=\"129\" data-db-index=\"129\" class=\"\" data-cell-type=\"text\" data-original-value=\"21 de septiembre de 2020, a las 12:25 horas\" data-order=\"21 de septiembre de 2020, a las 12:25 horas\" >21 de septiembre de 2020, a las 12:25 horas <\/td><td data-cell-id=\"B129\" data-x=\"1\" data-y=\"129\" data-db-index=\"129\" class=\"\" data-cell-type=\"text\" data-original-value=\"Ciudadana Deysi Cristina Rodr\u00edguez Hern\u00e1ndez, Regidora de la Junta Municipal de Mamantel, Carmen, Campeche\" data-order=\"Ciudadana Deysi Cristina Rodr\u00edguez Hern\u00e1ndez, Regidora de la Junta Municipal de Mamantel, Carmen, Campeche\" >Ciudadana Deysi Cristina Rodr\u00edguez Hern\u00e1ndez, Regidora de la Junta Municipal de Mamantel, Carmen, Campeche <\/td><td data-cell-id=\"C129\" data-x=\"2\" data-y=\"129\" data-db-index=\"129\" class=\"\" data-cell-type=\"text\" data-original-value=\"Presidente Licenciado Benigno Mart\u00ednez Canul y Tesorera Ciudadana Elizabeth Hern\u00e1ndez Ascencio, ambos de la Junta Municipal de Mamantel, Carmen, Campeche\" data-order=\"Presidente Licenciado Benigno Mart\u00ednez Canul y Tesorera Ciudadana Elizabeth Hern\u00e1ndez Ascencio, ambos de la Junta Municipal de Mamantel, Carmen, Campeche\" >Presidente Licenciado Benigno Mart\u00ednez Canul y Tesorera Ciudadana Elizabeth Hern\u00e1ndez Ascencio, ambos de la Junta Municipal de Mamantel, Carmen, Campeche <\/td><td data-cell-id=\"D129\" data-x=\"3\" data-y=\"129\" data-db-index=\"129\" class=\"\" data-cell-type=\"text\" data-original-value=\"&lt;a href=&quot;https:\/\/teec.org.mx\/web\/wp-content\/uploads\/2020\/09\/TEEC-JDC-8-2020-21-09-2020.pdf&quot; target=&quot;_blank&quot;&gt;TEEC\/JDC\/8\/2020 (Cumplimiento parcial de sentencia)&lt;\/a&gt;\" data-order=\"&lt;a href=&quot;https:\/\/teec.org.mx\/web\/wp-content\/uploads\/2020\/09\/TEEC-JDC-8-2020-21-09-2020.pdf&quot; target=&quot;_blank&quot;&gt;TEEC\/JDC\/8\/2020 (Cumplimiento parcial de sentencia)&lt;\/a&gt;\" ><a href=\"https:\/\/teec.org.mx\/web\/wp-content\/uploads\/2020\/09\/TEEC-JDC-8-2020-21-09-2020.pdf\" target=\"_blank\">TEEC\/JDC\/8\/2020 (Cumplimiento parcial de sentencia)<\/a><\/td><\/tr><tr style=\"height:px\" ><td data-cell-id=\"A130\" data-x=\"0\" data-y=\"130\" data-db-index=\"130\" class=\"\" data-cell-type=\"text\" data-original-value=\"18 de septiembre de 2020, a las 14:20 horas\" data-order=\"18 de septiembre de 2020, a las 14:20 horas\" >18 de septiembre de 2020, a las 14:20 horas <\/td><td data-cell-id=\"B130\" data-x=\"1\" data-y=\"130\" data-db-index=\"130\" class=\"\" data-cell-type=\"text\" data-original-value=\"Ciudadano Jos\u00e9 Luis Flores Pacheco, quien se ostenta como Presidente del Consejo Estatal del Partido Pol\u00edtico Morena en el Estado de Campeche y Militante del citado Partido\" data-order=\"Ciudadano Jos\u00e9 Luis Flores Pacheco, quien se ostenta como Presidente del Consejo Estatal del Partido Pol\u00edtico Morena en el Estado de Campeche y Militante del citado Partido\" >Ciudadano Jos\u00e9 Luis Flores Pacheco, quien se ostenta como Presidente del Consejo Estatal del Partido Pol\u00edtico Morena en el Estado de Campeche y Militante del citado Partido <\/td><td data-cell-id=\"C130\" data-x=\"2\" data-y=\"130\" data-db-index=\"130\" class=\"\" data-cell-type=\"text\" data-original-value=\"Comit\u00e9 Ejecutivo Estatal del Partido Morena en Campeche, y\/o Consejo Estatal del Partido Morena en Campeche e Integrantes\" data-order=\"Comit\u00e9 Ejecutivo Estatal del Partido Morena en Campeche, y\/o Consejo Estatal del Partido Morena en Campeche e Integrantes\" >Comit\u00e9 Ejecutivo Estatal del Partido Morena en Campeche, y\/o Consejo Estatal del Partido Morena en Campeche e Integrantes <\/td><td data-cell-id=\"D130\" data-x=\"3\" data-y=\"130\" data-db-index=\"130\" class=\"\" data-cell-type=\"text\" data-original-value=\"&lt;a href=&quot;https:\/\/teec.org.mx\/web\/wp-content\/uploads\/2020\/09\/TEEC-JDC-9-2020-2do-acu.-18-09-2020.pdf&quot; target=&quot;_blank&quot;&gt;TEEC\/JDC\/9\/2020 (Se ordena expedir copias al promovente)&lt;\/a&gt;\" data-order=\"&lt;a href=&quot;https:\/\/teec.org.mx\/web\/wp-content\/uploads\/2020\/09\/TEEC-JDC-9-2020-2do-acu.-18-09-2020.pdf&quot; target=&quot;_blank&quot;&gt;TEEC\/JDC\/9\/2020 (Se ordena expedir copias al promovente)&lt;\/a&gt;\" ><a href=\"https:\/\/teec.org.mx\/web\/wp-content\/uploads\/2020\/09\/TEEC-JDC-9-2020-2do-acu.-18-09-2020.pdf\" target=\"_blank\">TEEC\/JDC\/9\/2020 (Se ordena expedir copias al promovente)<\/a><\/td><\/tr><tr style=\"height:px\" ><td data-cell-id=\"A131\" data-x=\"0\" data-y=\"131\" data-db-index=\"131\" class=\"\" data-cell-type=\"text\" data-original-value=\"18 de septiembre de 2020, a las 10:30 horas\" data-order=\"18 de septiembre de 2020, a las 10:30 horas\" >18 de septiembre de 2020, a las 10:30 horas <\/td><td data-cell-id=\"B131\" data-x=\"1\" data-y=\"131\" data-db-index=\"131\" class=\"\" data-cell-type=\"text\" data-original-value=\"Ciudadano Jos\u00e9 Luis Flores Pacheco, quien se ostenta como Presidente del Consejo Estatal del Partido Pol\u00edtico Morena en el Estado de Campeche y Militante del citado Partido\" data-order=\"Ciudadano Jos\u00e9 Luis Flores Pacheco, quien se ostenta como Presidente del Consejo Estatal del Partido Pol\u00edtico Morena en el Estado de Campeche y Militante del citado Partido\" >Ciudadano Jos\u00e9 Luis Flores Pacheco, quien se ostenta como Presidente del Consejo Estatal del Partido Pol\u00edtico Morena en el Estado de Campeche y Militante del citado Partido <\/td><td data-cell-id=\"C131\" data-x=\"2\" data-y=\"131\" data-db-index=\"131\" class=\"\" data-cell-type=\"text\" data-original-value=\"Comit\u00e9 Ejecutivo Estatal del Partido Morena en Campeche, y\/o Consejo Estatal del Partido Morena en Campeche e Integrantes\" data-order=\"Comit\u00e9 Ejecutivo Estatal del Partido Morena en Campeche, y\/o Consejo Estatal del Partido Morena en Campeche e Integrantes\" >Comit\u00e9 Ejecutivo Estatal del Partido Morena en Campeche, y\/o Consejo Estatal del Partido Morena en Campeche e Integrantes <\/td><td data-cell-id=\"D131\" data-x=\"3\" data-y=\"131\" data-db-index=\"131\" class=\"\" data-cell-type=\"text\" data-original-value=\"&lt;a href=&quot;https:\/\/teec.org.mx\/web\/wp-content\/uploads\/2020\/09\/TEEC-JDC-9-2020-18-09-2020.pdf&quot; target=&quot;_blank&quot;&gt;TEEC\/JDC\/9\/2020 (Acumulaci\u00f3n, recepci\u00f3n y radicaci\u00f3n)&lt;\/a&gt;\" data-order=\"&lt;a href=&quot;https:\/\/teec.org.mx\/web\/wp-content\/uploads\/2020\/09\/TEEC-JDC-9-2020-18-09-2020.pdf&quot; target=&quot;_blank&quot;&gt;TEEC\/JDC\/9\/2020 (Acumulaci\u00f3n, recepci\u00f3n y radicaci\u00f3n)&lt;\/a&gt;\" ><a href=\"https:\/\/teec.org.mx\/web\/wp-content\/uploads\/2020\/09\/TEEC-JDC-9-2020-18-09-2020.pdf\" target=\"_blank\">TEEC\/JDC\/9\/2020 (Acumulaci\u00f3n, recepci\u00f3n y radicaci\u00f3n)<\/a><\/td><\/tr><tr style=\"height:px\" ><td data-cell-id=\"A132\" data-x=\"0\" data-y=\"132\" data-db-index=\"132\" class=\"\" data-cell-type=\"text\" data-original-value=\"18 de septiembre de 2020, a las 10:05 horas\" data-order=\"18 de septiembre de 2020, a las 10:05 horas\" >18 de septiembre de 2020, a las 10:05 horas <\/td><td data-cell-id=\"B132\" data-x=\"1\" data-y=\"132\" data-db-index=\"132\" class=\"\" data-cell-type=\"text\" data-original-value=\"Ciudadana Maricela Flores Moo, quien se ostenta como Sindica del Ayuntamiento del Municipio de Calakmul, Campeche\" data-order=\"Ciudadana Maricela Flores Moo, quien se ostenta como Sindica del Ayuntamiento del Municipio de Calakmul, Campeche\" >Ciudadana Maricela Flores Moo, quien se ostenta como Sindica del Ayuntamiento del Municipio de Calakmul, Campeche <\/td><td data-cell-id=\"C132\" data-x=\"2\" data-y=\"132\" data-db-index=\"132\" class=\"\" data-cell-type=\"text\" data-original-value=\"Ciudadanos Luis Felipe Mora Hern\u00e1ndez, Presidente del Ayuntamiento del Municipio de Calakmul, y Carlos Juli\u00e1n Arteaga Abreu, Representante Legal del citado Ayuntamiento\" data-order=\"Ciudadanos Luis Felipe Mora Hern\u00e1ndez, Presidente del Ayuntamiento del Municipio de Calakmul, y Carlos Juli\u00e1n Arteaga Abreu, Representante Legal del citado Ayuntamiento\" >Ciudadanos Luis Felipe Mora Hern\u00e1ndez, Presidente del Ayuntamiento del Municipio de Calakmul, y Carlos Juli\u00e1n Arteaga Abreu, Representante Legal del citado Ayuntamiento <\/td><td data-cell-id=\"D132\" data-x=\"3\" data-y=\"132\" data-db-index=\"132\" class=\"\" data-cell-type=\"text\" data-original-value=\"&lt;a href=&quot;https:\/\/teec.org.mx\/web\/wp-content\/uploads\/2020\/09\/TEEC-JDC-10-2020-18-09-2020.pdf&quot; target=&quot;_blank&quot;&gt;TEEC\/JDC\/10\/2020 (Se fija fecha y hora para sesi\u00f3n privada virtual)&lt;\/a&gt;\" data-order=\"&lt;a href=&quot;https:\/\/teec.org.mx\/web\/wp-content\/uploads\/2020\/09\/TEEC-JDC-10-2020-18-09-2020.pdf&quot; target=&quot;_blank&quot;&gt;TEEC\/JDC\/10\/2020 (Se fija fecha y hora para sesi\u00f3n privada virtual)&lt;\/a&gt;\" ><a href=\"https:\/\/teec.org.mx\/web\/wp-content\/uploads\/2020\/09\/TEEC-JDC-10-2020-18-09-2020.pdf\" target=\"_blank\">TEEC\/JDC\/10\/2020 (Se fija fecha y hora para sesi\u00f3n privada virtual)<\/a><\/td><\/tr><tr style=\"height:px\" ><td data-cell-id=\"A133\" data-x=\"0\" data-y=\"133\" data-db-index=\"133\" class=\"\" data-cell-type=\"text\" data-original-value=\"17 de septiembre de 2020, a las 12:05 horas\" data-order=\"17 de septiembre de 2020, a las 12:05 horas\" >17 de septiembre de 2020, a las 12:05 horas <\/td><td data-cell-id=\"B133\" data-x=\"1\" data-y=\"133\" data-db-index=\"133\" class=\"\" data-cell-type=\"text\" data-original-value=\"Ciudadana Maricela Flores Moo, quien se ostenta como Sindica del Ayuntamiento del Municipio de Calakmul, Campeche\" data-order=\"Ciudadana Maricela Flores Moo, quien se ostenta como Sindica del Ayuntamiento del Municipio de Calakmul, Campeche\" >Ciudadana Maricela Flores Moo, quien se ostenta como Sindica del Ayuntamiento del Municipio de Calakmul, Campeche <\/td><td data-cell-id=\"C133\" data-x=\"2\" data-y=\"133\" data-db-index=\"133\" class=\"\" data-cell-type=\"text\" data-original-value=\"Ciudadanos Luis Felipe Mora Hern\u00e1ndez, Presidente del Ayuntamiento del Municipio de Calakmul, y Carlos Julian Arteaga Abreu, Representante Legal del citado Ayuntamiento\" data-order=\"Ciudadanos Luis Felipe Mora Hern\u00e1ndez, Presidente del Ayuntamiento del Municipio de Calakmul, y Carlos Julian Arteaga Abreu, Representante Legal del citado Ayuntamiento\" >Ciudadanos Luis Felipe Mora Hern\u00e1ndez, Presidente del Ayuntamiento del Municipio de Calakmul, y Carlos Julian Arteaga Abreu, Representante Legal del citado Ayuntamiento <\/td><td data-cell-id=\"D133\" data-x=\"3\" data-y=\"133\" data-db-index=\"133\" class=\"\" data-cell-type=\"text\" data-original-value=\"&lt;a href=&quot;https:\/\/teec.org.mx\/web\/wp-content\/uploads\/2020\/09\/TEEC-JDC-10-2020-17-09-2020.pdf&quot; target=&quot;_blank&quot;&gt;TEEC\/JDC\/10\/2020 (Se solicita fecha y hora para sesi\u00f3n privada)&lt;\/a&gt;\" data-order=\"&lt;a href=&quot;https:\/\/teec.org.mx\/web\/wp-content\/uploads\/2020\/09\/TEEC-JDC-10-2020-17-09-2020.pdf&quot; target=&quot;_blank&quot;&gt;TEEC\/JDC\/10\/2020 (Se solicita fecha y hora para sesi\u00f3n privada)&lt;\/a&gt;\" ><a href=\"https:\/\/teec.org.mx\/web\/wp-content\/uploads\/2020\/09\/TEEC-JDC-10-2020-17-09-2020.pdf\" target=\"_blank\">TEEC\/JDC\/10\/2020 (Se solicita fecha y hora para sesi\u00f3n privada)<\/a><\/td><\/tr><tr style=\"height:px\" ><td data-cell-id=\"A134\" data-x=\"0\" data-y=\"134\" data-db-index=\"134\" class=\"\" data-cell-type=\"text\" data-original-value=\"15 de septiembre de 2020, a las 15:30 horas\" data-order=\"15 de septiembre de 2020, a las 15:30 horas\" >15 de septiembre de 2020, a las 15:30 horas <\/td><td data-cell-id=\"B134\" data-x=\"1\" data-y=\"134\" data-db-index=\"134\" class=\"\" data-cell-type=\"text\" data-original-value=\"Ciudadana Maricela Flores Moo, quien se ostenta como Sindica del Ayuntamiento del Municipio de Calakmul, Campeche\" data-order=\"Ciudadana Maricela Flores Moo, quien se ostenta como Sindica del Ayuntamiento del Municipio de Calakmul, Campeche\" >Ciudadana Maricela Flores Moo, quien se ostenta como Sindica del Ayuntamiento del Municipio de Calakmul, Campeche <\/td><td data-cell-id=\"C134\" data-x=\"2\" data-y=\"134\" data-db-index=\"134\" class=\"\" data-cell-type=\"text\" data-original-value=\"Ciudadanos Luis Felipe Mora Hern\u00e1ndez, Presidente del Ayuntamiento del Municipio de Calakmul, y Carlos Julian Arteaga Abreu, Representante Legal del Citado Ayuntamiento\" data-order=\"Ciudadanos Luis Felipe Mora Hern\u00e1ndez, Presidente del Ayuntamiento del Municipio de Calakmul, y Carlos Julian Arteaga Abreu, Representante Legal del Citado Ayuntamiento\" >Ciudadanos Luis Felipe Mora Hern\u00e1ndez, Presidente del Ayuntamiento del Municipio de Calakmul, y Carlos Julian Arteaga Abreu, Representante Legal del Citado Ayuntamiento <\/td><td data-cell-id=\"D134\" data-x=\"3\" data-y=\"134\" data-db-index=\"134\" class=\"\" data-cell-type=\"text\" data-original-value=\"&lt;a href=&quot;https:\/\/teec.org.mx\/web\/wp-content\/uploads\/2020\/09\/TEEC-JDC-10-2020-15-09-2020.pdf&quot; target=&quot;_blank&quot;&gt;TEEC\/JDC\/10\/2020 (Se requiere a la aut. Resp. D\u00e9 tr\u00e1mite al medio de impugnaci\u00f3n y se turnan los autos al magistrado ponente)&lt;\/a&gt;\" data-order=\"&lt;a href=&quot;https:\/\/teec.org.mx\/web\/wp-content\/uploads\/2020\/09\/TEEC-JDC-10-2020-15-09-2020.pdf&quot; target=&quot;_blank&quot;&gt;TEEC\/JDC\/10\/2020 (Se requiere a la aut. Resp. D\u00e9 tr\u00e1mite al medio de impugnaci\u00f3n y se turnan los autos al magistrado ponente)&lt;\/a&gt;\" ><a href=\"https:\/\/teec.org.mx\/web\/wp-content\/uploads\/2020\/09\/TEEC-JDC-10-2020-15-09-2020.pdf\" target=\"_blank\">TEEC\/JDC\/10\/2020 (Se requiere a la aut. Resp. D\u00e9 tr\u00e1mite al medio de impugnaci\u00f3n y se turnan los autos al magistrado ponente)<\/a><\/td><\/tr><tr style=\"height:px\" ><td data-cell-id=\"A135\" data-x=\"0\" data-y=\"135\" data-db-index=\"135\" class=\"\" data-cell-type=\"text\" data-original-value=\"15 de septiembre de 2020, a las 14:50 horas\" data-order=\"15 de septiembre de 2020, a las 14:50 horas\" >15 de septiembre de 2020, a las 14:50 horas <\/td><td data-cell-id=\"B135\" data-x=\"1\" data-y=\"135\" data-db-index=\"135\" class=\"\" data-cell-type=\"text\" data-original-value=\"Ciudadano Jos\u00e9 Luis Flores Pacheco, quien se ostenta como Presidente del Consejo Estatal del Partido Pol\u00edtico Morena en el Estado de Campeche y Militante del Citado Partido\" data-order=\"Ciudadano Jos\u00e9 Luis Flores Pacheco, quien se ostenta como Presidente del Consejo Estatal del Partido Pol\u00edtico Morena en el Estado de Campeche y Militante del Citado Partido\" >Ciudadano Jos\u00e9 Luis Flores Pacheco, quien se ostenta como Presidente del Consejo Estatal del Partido Pol\u00edtico Morena en el Estado de Campeche y Militante del Citado Partido <\/td><td data-cell-id=\"C135\" data-x=\"2\" data-y=\"135\" data-db-index=\"135\" class=\"\" data-cell-type=\"text\" data-original-value=\"Comit\u00e9 Ejecutivo Estatal del Partido Morena en Campeche, y\/o Consejo Estatal del Partido Morena en Campeche e Integrantes\" data-order=\"Comit\u00e9 Ejecutivo Estatal del Partido Morena en Campeche, y\/o Consejo Estatal del Partido Morena en Campeche e Integrantes\" >Comit\u00e9 Ejecutivo Estatal del Partido Morena en Campeche, y\/o Consejo Estatal del Partido Morena en Campeche e Integrantes <\/td><td data-cell-id=\"D135\" data-x=\"3\" data-y=\"135\" data-db-index=\"135\" class=\"\" data-cell-type=\"text\" data-original-value=\"&lt;a href=&quot;https:\/\/teec.org.mx\/web\/wp-content\/uploads\/2020\/09\/TEEC-JDC-9-2020-2do-acu.-15-09-2020.pdf&quot; target=&quot;_blank&quot;&gt;TEEC\/JDC\/9\/2020 (Comparece tercero interesado)&lt;\/a&gt;\" data-order=\"&lt;a href=&quot;https:\/\/teec.org.mx\/web\/wp-content\/uploads\/2020\/09\/TEEC-JDC-9-2020-2do-acu.-15-09-2020.pdf&quot; target=&quot;_blank&quot;&gt;TEEC\/JDC\/9\/2020 (Comparece tercero interesado)&lt;\/a&gt;\" ><a href=\"https:\/\/teec.org.mx\/web\/wp-content\/uploads\/2020\/09\/TEEC-JDC-9-2020-2do-acu.-15-09-2020.pdf\" target=\"_blank\">TEEC\/JDC\/9\/2020 (Comparece tercero interesado)<\/a><\/td><\/tr><tr style=\"height:px\" ><td data-cell-id=\"A136\" data-x=\"0\" data-y=\"136\" data-db-index=\"136\" class=\"\" data-cell-type=\"text\" data-original-value=\"15 de septiembre de 2020, a las 13:15 horas\" data-order=\"15 de septiembre de 2020, a las 13:15 horas\" >15 de septiembre de 2020, a las 13:15 horas <\/td><td data-cell-id=\"B136\" data-x=\"1\" data-y=\"136\" data-db-index=\"136\" class=\"\" data-cell-type=\"text\" data-original-value=\"Ciudadana Deysi Cristina Rodr\u00edguez Hern\u00e1ndez, Regidora de la Junta Municipal de Mamantel, Carmen, Campeche\" data-order=\"Ciudadana Deysi Cristina Rodr\u00edguez Hern\u00e1ndez, Regidora de la Junta Municipal de Mamantel, Carmen, Campeche\" >Ciudadana Deysi Cristina Rodr\u00edguez Hern\u00e1ndez, Regidora de la Junta Municipal de Mamantel, Carmen, Campeche <\/td><td data-cell-id=\"C136\" data-x=\"2\" data-y=\"136\" data-db-index=\"136\" class=\"\" data-cell-type=\"text\" data-original-value=\"Presidente Licenciado Benigno Mart\u00ednez Canul y Tesorera Ciudadana Elizabeth Hern\u00e1ndez Ascencio, ambos de la Junta Municipal de Mamantel, Carmen, Campeche\" data-order=\"Presidente Licenciado Benigno Mart\u00ednez Canul y Tesorera Ciudadana Elizabeth Hern\u00e1ndez Ascencio, ambos de la Junta Municipal de Mamantel, Carmen, Campeche\" >Presidente Licenciado Benigno Mart\u00ednez Canul y Tesorera Ciudadana Elizabeth Hern\u00e1ndez Ascencio, ambos de la Junta Municipal de Mamantel, Carmen, Campeche <\/td><td data-cell-id=\"D136\" data-x=\"3\" data-y=\"136\" data-db-index=\"136\" class=\"\" data-cell-type=\"text\" data-original-value=\"&lt;a href=&quot;https:\/\/teec.org.mx\/web\/wp-content\/uploads\/2020\/09\/TEEC-JDC-8-2020-15-09-2020.pdf&quot; target=&quot;_blank&quot;&gt;TEEC\/JDC\/8\/2020 (Cumplimiento)&lt;\/a&gt;\" data-order=\"&lt;a href=&quot;https:\/\/teec.org.mx\/web\/wp-content\/uploads\/2020\/09\/TEEC-JDC-8-2020-15-09-2020.pdf&quot; target=&quot;_blank&quot;&gt;TEEC\/JDC\/8\/2020 (Cumplimiento)&lt;\/a&gt;\" ><a href=\"https:\/\/teec.org.mx\/web\/wp-content\/uploads\/2020\/09\/TEEC-JDC-8-2020-15-09-2020.pdf\" target=\"_blank\">TEEC\/JDC\/8\/2020 (Cumplimiento)<\/a><\/td><\/tr><tr style=\"height:px\" ><td data-cell-id=\"A137\" data-x=\"0\" data-y=\"137\" data-db-index=\"137\" class=\"\" data-cell-type=\"text\" data-original-value=\"15 de septiembre de 2020, a las 11:15 horas\" data-order=\"15 de septiembre de 2020, a las 11:15 horas\" >15 de septiembre de 2020, a las 11:15 horas <\/td><td data-cell-id=\"B137\" data-x=\"1\" data-y=\"137\" data-db-index=\"137\" class=\"\" data-cell-type=\"text\" data-original-value=\"Ciudadano Jos\u00e9 Luis Flores Pacheco, quien se ostenta como Presidente del Consejo Estatal del Partido Pol\u00edtico Morena En El Estado De Campeche Y Militante Del Citado Partido\" data-order=\"Ciudadano Jos\u00e9 Luis Flores Pacheco, quien se ostenta como Presidente del Consejo Estatal del Partido Pol\u00edtico Morena En El Estado De Campeche Y Militante Del Citado Partido\" >Ciudadano Jos\u00e9 Luis Flores Pacheco, quien se ostenta como Presidente del Consejo Estatal del Partido Pol\u00edtico Morena En El Estado De Campeche Y Militante Del Citado Partido <\/td><td data-cell-id=\"C137\" data-x=\"2\" data-y=\"137\" data-db-index=\"137\" class=\"\" data-cell-type=\"text\" data-original-value=\"Comit\u00e9 Ejecutivo Estatal del Partido Morena en Campeche, y\/o Consejo Estatal del Partido Morena en Campeche e Integrantes\" data-order=\"Comit\u00e9 Ejecutivo Estatal del Partido Morena en Campeche, y\/o Consejo Estatal del Partido Morena en Campeche e Integrantes\" >Comit\u00e9 Ejecutivo Estatal del Partido Morena en Campeche, y\/o Consejo Estatal del Partido Morena en Campeche e Integrantes <\/td><td data-cell-id=\"D137\" data-x=\"3\" data-y=\"137\" data-db-index=\"137\" class=\"\" data-cell-type=\"text\" data-original-value=\"&lt;a href=&quot;https:\/\/teec.org.mx\/web\/wp-content\/uploads\/2020\/09\/TEEC-JDC-9-2020-15-09-2020.pdf&quot; target=&quot;_blank&quot;&gt;TEEC\/JDC\/9\/2020 (Acuerdo de turno)&lt;\/a&gt;\" data-order=\"&lt;a href=&quot;https:\/\/teec.org.mx\/web\/wp-content\/uploads\/2020\/09\/TEEC-JDC-9-2020-15-09-2020.pdf&quot; target=&quot;_blank&quot;&gt;TEEC\/JDC\/9\/2020 (Acuerdo de turno)&lt;\/a&gt;\" ><a href=\"https:\/\/teec.org.mx\/web\/wp-content\/uploads\/2020\/09\/TEEC-JDC-9-2020-15-09-2020.pdf\" target=\"_blank\">TEEC\/JDC\/9\/2020 (Acuerdo de turno)<\/a><\/td><\/tr><tr style=\"height:px\" ><td data-cell-id=\"A138\" data-x=\"0\" data-y=\"138\" data-db-index=\"138\" class=\"\" data-cell-type=\"text\" data-original-value=\"14 de septiembre de 2020, a las 13:25 horas\" data-order=\"14 de septiembre de 2020, a las 13:25 horas\" >14 de septiembre de 2020, a las 13:25 horas <\/td><td data-cell-id=\"B138\" data-x=\"1\" data-y=\"138\" data-db-index=\"138\" class=\"\" data-cell-type=\"text\" data-original-value=\"Ciudadana Deysi Cristina Rodr\u00edguez Hern\u00e1ndez, Regidora de la Junta Municipal de Mamantel, Carmen, Campeche\" data-order=\"Ciudadana Deysi Cristina Rodr\u00edguez Hern\u00e1ndez, Regidora de la Junta Municipal de Mamantel, Carmen, Campeche\" >Ciudadana Deysi Cristina Rodr\u00edguez Hern\u00e1ndez, Regidora de la Junta Municipal de Mamantel, Carmen, Campeche <\/td><td data-cell-id=\"C138\" data-x=\"2\" data-y=\"138\" data-db-index=\"138\" class=\"\" data-cell-type=\"text\" data-original-value=\"Presidente Licenciado Benigno Mart\u00ednez Canul y Tesorera Ciudadana Elizabeth Hern\u00e1ndez Ascencio, ambos de la Junta Municipal de Mamantel, Carmen, Campeche\" data-order=\"Presidente Licenciado Benigno Mart\u00ednez Canul y Tesorera Ciudadana Elizabeth Hern\u00e1ndez Ascencio, ambos de la Junta Municipal de Mamantel, Carmen, Campeche\" >Presidente Licenciado Benigno Mart\u00ednez Canul y Tesorera Ciudadana Elizabeth Hern\u00e1ndez Ascencio, ambos de la Junta Municipal de Mamantel, Carmen, Campeche <\/td><td data-cell-id=\"D138\" data-x=\"3\" data-y=\"138\" data-db-index=\"138\" class=\"\" data-cell-type=\"text\" data-original-value=\"&lt;a href=&quot;https:\/\/teec.org.mx\/web\/wp-content\/uploads\/2020\/09\/TEEC-JDC-8-2020-14-09-2020.pdf&quot; target=&quot;_blank&quot;&gt;TEEC\/JDC\/8\/2020 (Requerimiento con apercibimiento a la autoridad responsable)&lt;\/a&gt;\" data-order=\"&lt;a href=&quot;https:\/\/teec.org.mx\/web\/wp-content\/uploads\/2020\/09\/TEEC-JDC-8-2020-14-09-2020.pdf&quot; target=&quot;_blank&quot;&gt;TEEC\/JDC\/8\/2020 (Requerimiento con apercibimiento a la autoridad responsable)&lt;\/a&gt;\" ><a href=\"https:\/\/teec.org.mx\/web\/wp-content\/uploads\/2020\/09\/TEEC-JDC-8-2020-14-09-2020.pdf\" target=\"_blank\">TEEC\/JDC\/8\/2020 (Requerimiento con apercibimiento a la autoridad responsable)<\/a><\/td><\/tr><tr style=\"height:px\" ><td data-cell-id=\"A139\" data-x=\"0\" data-y=\"139\" data-db-index=\"139\" class=\"\" data-cell-type=\"text\" data-original-value=\"14 de septiembre de 2020, a las 12:00 horas\" data-order=\"14 de septiembre de 2020, a las 12:00 horas\" >14 de septiembre de 2020, a las 12:00 horas <\/td><td data-cell-id=\"B139\" data-x=\"1\" data-y=\"139\" data-db-index=\"139\" class=\"\" data-cell-type=\"text\" data-original-value=\"Ciudadano Carlos Augusto Izquierdo M\u00e9ndez\" data-order=\"Ciudadano Carlos Augusto Izquierdo M\u00e9ndez\" >Ciudadano Carlos Augusto Izquierdo M\u00e9ndez <\/td><td data-cell-id=\"C139\" data-x=\"2\" data-y=\"139\" data-db-index=\"139\" class=\"\" data-cell-type=\"text\" data-original-value=\"Tribunal Electoral del Estado de Campeche\" data-order=\"Tribunal Electoral del Estado de Campeche\" >Tribunal Electoral del Estado de Campeche <\/td><td data-cell-id=\"D139\" data-x=\"3\" data-y=\"139\" data-db-index=\"139\" class=\"\" data-cell-type=\"text\" data-original-value=\"&lt;a href=&quot;https:\/\/teec.org.mx\/web\/wp-content\/uploads\/2020\/09\/TEEC-JDC-7-2020-2do-acu.-14-09-2020.pdf&quot; target=&quot;_blank&quot;&gt;TEEC\/JDC\/7\/2020 (Se tiene por not. este \u00f3rgano jurisdiccional de la sentencia emitida por la Sala Regional Xalapa en el EXP. SX-JDC-215\/2020)&lt;\/a&gt;\" data-order=\"&lt;a href=&quot;https:\/\/teec.org.mx\/web\/wp-content\/uploads\/2020\/09\/TEEC-JDC-7-2020-2do-acu.-14-09-2020.pdf&quot; target=&quot;_blank&quot;&gt;TEEC\/JDC\/7\/2020 (Se tiene por not. este \u00f3rgano jurisdiccional de la sentencia emitida por la Sala Regional Xalapa en el EXP. SX-JDC-215\/2020)&lt;\/a&gt;\" ><a href=\"https:\/\/teec.org.mx\/web\/wp-content\/uploads\/2020\/09\/TEEC-JDC-7-2020-2do-acu.-14-09-2020.pdf\" target=\"_blank\">TEEC\/JDC\/7\/2020 (Se tiene por not. este \u00f3rgano jurisdiccional de la sentencia emitida por la Sala Regional Xalapa en el EXP. SX-JDC-215\/2020)<\/a><\/td><\/tr><tr style=\"height:px\" ><td data-cell-id=\"A140\" data-x=\"0\" data-y=\"140\" data-db-index=\"140\" class=\"\" data-cell-type=\"text\" data-original-value=\"14 de septiembre de 2020, a las 11:50 horas\" data-order=\"14 de septiembre de 2020, a las 11:50 horas\" >14 de septiembre de 2020, a las 11:50 horas <\/td><td data-cell-id=\"B140\" data-x=\"1\" data-y=\"140\" data-db-index=\"140\" class=\"\" data-cell-type=\"text\" data-original-value=\"MORENA\" data-order=\"MORENA\" >MORENA <\/td><td data-cell-id=\"C140\" data-x=\"2\" data-y=\"140\" data-db-index=\"140\" class=\"\" data-cell-type=\"text\" data-original-value=\"Tribunal Electoral del Estado de Campeche\" data-order=\"Tribunal Electoral del Estado de Campeche\" >Tribunal Electoral del Estado de Campeche <\/td><td data-cell-id=\"D140\" data-x=\"3\" data-y=\"140\" data-db-index=\"140\" class=\"\" data-cell-type=\"text\" data-original-value=\"&lt;a href=&quot;https:\/\/teec.org.mx\/web\/wp-content\/uploads\/2020\/09\/TEEC-JDC-7-2020-1er-acu.-14-09-2020.pdf&quot; target=&quot;_blank&quot;&gt;TEEC\/JDC\/7\/2020 (Se tiene por not. este \u00f3rgano jurisdiccional de la sentencia emitida por la Sala regional Xalapa en el Exp. SX-JRC-6\/2020)&lt;\/a&gt;\" data-order=\"&lt;a href=&quot;https:\/\/teec.org.mx\/web\/wp-content\/uploads\/2020\/09\/TEEC-JDC-7-2020-1er-acu.-14-09-2020.pdf&quot; target=&quot;_blank&quot;&gt;TEEC\/JDC\/7\/2020 (Se tiene por not. este \u00f3rgano jurisdiccional de la sentencia emitida por la Sala regional Xalapa en el Exp. SX-JRC-6\/2020)&lt;\/a&gt;\" ><a href=\"https:\/\/teec.org.mx\/web\/wp-content\/uploads\/2020\/09\/TEEC-JDC-7-2020-1er-acu.-14-09-2020.pdf\" target=\"_blank\">TEEC\/JDC\/7\/2020 (Se tiene por not. este \u00f3rgano jurisdiccional de la sentencia emitida por la Sala regional Xalapa en el Exp. SX-JRC-6\/2020)<\/a><\/td><\/tr><tr style=\"height:px\" ><td data-cell-id=\"A141\" data-x=\"0\" data-y=\"141\" data-db-index=\"141\" class=\"\" data-cell-type=\"text\" data-original-value=\"11 de septiembre de 2020, a las 15:20 horas\" data-order=\"11 de septiembre de 2020, a las 15:20 horas\" >11 de septiembre de 2020, a las 15:20 horas <\/td><td data-cell-id=\"B141\" data-x=\"1\" data-y=\"141\" data-db-index=\"141\" class=\"\" data-cell-type=\"text\" data-original-value=\"Ciudadana Deysi Cristina Rodr\u00edguez Hern\u00e1ndez, Regidora de la Junta Municipal de Mamantel, Carmen, Campeche\" data-order=\"Ciudadana Deysi Cristina Rodr\u00edguez Hern\u00e1ndez, Regidora de la Junta Municipal de Mamantel, Carmen, Campeche\" >Ciudadana Deysi Cristina Rodr\u00edguez Hern\u00e1ndez, Regidora de la Junta Municipal de Mamantel, Carmen, Campeche <\/td><td data-cell-id=\"C141\" data-x=\"2\" data-y=\"141\" data-db-index=\"141\" class=\"\" data-cell-type=\"text\" data-original-value=\"Presidente Licenciado Benigno Mart\u00ednez Canul y Tesorera Ciudadana Elizabeth Hern\u00e1ndez Ascencio, ambos de la Junta Municipal de Mamantel, Carmen, Campeche\" data-order=\"Presidente Licenciado Benigno Mart\u00ednez Canul y Tesorera Ciudadana Elizabeth Hern\u00e1ndez Ascencio, ambos de la Junta Municipal de Mamantel, Carmen, Campeche\" >Presidente Licenciado Benigno Mart\u00ednez Canul y Tesorera Ciudadana Elizabeth Hern\u00e1ndez Ascencio, ambos de la Junta Municipal de Mamantel, Carmen, Campeche <\/td><td data-cell-id=\"D141\" data-x=\"3\" data-y=\"141\" data-db-index=\"141\" class=\"\" data-cell-type=\"text\" data-original-value=\"&lt;a href=&quot;https:\/\/teec.org.mx\/web\/wp-content\/uploads\/2020\/09\/TEEC-JDC-8-2020-11-09-2020.pdf&quot; target=&quot;_blank&quot;&gt;TEEC\/JDC\/8\/2020 (Queda firme la resoluci\u00f3n y se apercibe a la aut. Responsable)&lt;\/a&gt;\" data-order=\"&lt;a href=&quot;https:\/\/teec.org.mx\/web\/wp-content\/uploads\/2020\/09\/TEEC-JDC-8-2020-11-09-2020.pdf&quot; target=&quot;_blank&quot;&gt;TEEC\/JDC\/8\/2020 (Queda firme la resoluci\u00f3n y se apercibe a la aut. Responsable)&lt;\/a&gt;\" ><a href=\"https:\/\/teec.org.mx\/web\/wp-content\/uploads\/2020\/09\/TEEC-JDC-8-2020-11-09-2020.pdf\" target=\"_blank\">TEEC\/JDC\/8\/2020 (Queda firme la resoluci\u00f3n y se apercibe a la aut. Responsable)<\/a><\/td><\/tr><tr style=\"height:px\" ><td data-cell-id=\"A142\" data-x=\"0\" data-y=\"142\" data-db-index=\"142\" class=\"\" data-cell-type=\"text\" data-original-value=\"04 de septiembre de 2020, a las 8:00 horas\" data-order=\"04 de septiembre de 2020, a las 8:00 horas\" >04 de septiembre de 2020, a las 8:00 horas <\/td><td data-cell-id=\"B142\" data-x=\"1\" data-y=\"142\" data-db-index=\"142\" class=\"\" data-cell-type=\"text\" data-original-value=\"Ciudadana Deysi Cristina Rodr\u00edguez Hern\u00e1ndez, Regidora de la Junta Municipal de Mamantel, Carmen, Campeche\" data-order=\"Ciudadana Deysi Cristina Rodr\u00edguez Hern\u00e1ndez, Regidora de la Junta Municipal de Mamantel, Carmen, Campeche\" >Ciudadana Deysi Cristina Rodr\u00edguez Hern\u00e1ndez, Regidora de la Junta Municipal de Mamantel, Carmen, Campeche <\/td><td data-cell-id=\"C142\" data-x=\"2\" data-y=\"142\" data-db-index=\"142\" class=\"\" data-cell-type=\"text\" data-original-value=\"Presidente Licenciado Benigno Mart\u00ednez Canul y Tesorera Ciudadana Elizabeth Hern\u00e1ndez Ascencio, ambos de la Junta Municipal de Mamantel, Carmen, Campeche\" data-order=\"Presidente Licenciado Benigno Mart\u00ednez Canul y Tesorera Ciudadana Elizabeth Hern\u00e1ndez Ascencio, ambos de la Junta Municipal de Mamantel, Carmen, Campeche\" >Presidente Licenciado Benigno Mart\u00ednez Canul y Tesorera Ciudadana Elizabeth Hern\u00e1ndez Ascencio, ambos de la Junta Municipal de Mamantel, Carmen, Campeche <\/td><td data-cell-id=\"D142\" data-x=\"3\" data-y=\"142\" data-db-index=\"142\" class=\"\" data-cell-type=\"text\" data-original-value=\"&lt;a href=&quot;https:\/\/teec.org.mx\/web\/wp-content\/uploads\/2020\/09\/TEEC-JDC-8-2020-sentencia-03-09-2020.pdf&quot; target=&quot;_blank&quot;&gt;TEEC\/JDC\/8\/2020 (Sentencia)&lt;\/a&gt;\" data-order=\"&lt;a href=&quot;https:\/\/teec.org.mx\/web\/wp-content\/uploads\/2020\/09\/TEEC-JDC-8-2020-sentencia-03-09-2020.pdf&quot; target=&quot;_blank&quot;&gt;TEEC\/JDC\/8\/2020 (Sentencia)&lt;\/a&gt;\" ><a href=\"https:\/\/teec.org.mx\/web\/wp-content\/uploads\/2020\/09\/TEEC-JDC-8-2020-sentencia-03-09-2020.pdf\" target=\"_blank\">TEEC\/JDC\/8\/2020 (Sentencia)<\/a><\/td><\/tr><tr style=\"height:px\" ><td data-cell-id=\"A143\" data-x=\"0\" data-y=\"143\" data-db-index=\"143\" class=\"\" data-cell-type=\"text\" data-original-value=\"03 de septiembre de 2020, a las 14:45 horas\" data-order=\"03 de septiembre de 2020, a las 14:45 horas\" >03 de septiembre de 2020, a las 14:45 horas <\/td><td data-cell-id=\"B143\" data-x=\"1\" data-y=\"143\" data-db-index=\"143\" class=\"\" data-cell-type=\"text\" data-original-value=\"Ciudadana Patricia Le\u00f3n L\u00f3pez, quien se ostenta como Secretaria General del Comit\u00e9 Ejecutivo Estatal del Partido Morena, as\u00ed cmo Militante y Consejera Nacional de dicho Partido Pol\u00edtico\" data-order=\"Ciudadana Patricia Le\u00f3n L\u00f3pez, quien se ostenta como Secretaria General del Comit\u00e9 Ejecutivo Estatal del Partido Morena, as\u00ed cmo Militante y Consejera Nacional de dicho Partido Pol\u00edtico\" >Ciudadana Patricia Le\u00f3n L\u00f3pez, quien se ostenta como Secretaria General del Comit\u00e9 Ejecutivo Estatal del Partido Morena, as\u00ed cmo Militante y Consejera Nacional de dicho Partido Pol\u00edtico <\/td><td data-cell-id=\"C143\" data-x=\"2\" data-y=\"143\" data-db-index=\"143\" class=\"\" data-cell-type=\"text\" data-original-value=\"Comisi\u00f3n Nacional de Honor y Justicia de Morena\" data-order=\"Comisi\u00f3n Nacional de Honor y Justicia de Morena\" >Comisi\u00f3n Nacional de Honor y Justicia de Morena <\/td><td data-cell-id=\"D143\" data-x=\"3\" data-y=\"143\" data-db-index=\"143\" class=\"\" data-cell-type=\"text\" data-original-value=\"&lt;a href=&quot;https:\/\/teec.org.mx\/web\/wp-content\/uploads\/2020\/09\/TEEC-JDC-7-2020-acumulaci\u00f3n-03-09-2020.pdf&quot; target=&quot;_blank&quot;&gt;TEEC\/JDC\/7\/2020 (Acumulaci\u00f3n)&lt;\/a&gt;\" data-order=\"&lt;a href=&quot;https:\/\/teec.org.mx\/web\/wp-content\/uploads\/2020\/09\/TEEC-JDC-7-2020-acumulaci\u00f3n-03-09-2020.pdf&quot; target=&quot;_blank&quot;&gt;TEEC\/JDC\/7\/2020 (Acumulaci\u00f3n)&lt;\/a&gt;\" ><a href=\"https:\/\/teec.org.mx\/web\/wp-content\/uploads\/2020\/09\/TEEC-JDC-7-2020-acumulaci\u00f3n-03-09-2020.pdf\" target=\"_blank\">TEEC\/JDC\/7\/2020 (Acumulaci\u00f3n)<\/a><\/td><\/tr><tr style=\"height:px\" ><td data-cell-id=\"A144\" data-x=\"0\" data-y=\"144\" data-db-index=\"144\" class=\"\" data-cell-type=\"text\" data-original-value=\"01 de septiembre de 2020, a las 16:00 horas\" data-order=\"01 de septiembre de 2020, a las 16:00 horas\" >01 de septiembre de 2020, a las 16:00 horas <\/td><td data-cell-id=\"B144\" data-x=\"1\" data-y=\"144\" data-db-index=\"144\" class=\"\" data-cell-type=\"text\" data-original-value=\"MORENA\" data-order=\"MORENA\" >MORENA <\/td><td data-cell-id=\"C144\" data-x=\"2\" data-y=\"144\" data-db-index=\"144\" class=\"\" data-cell-type=\"text\" data-original-value=\"Tribunal Electoral del Estado de Campeche\" data-order=\"Tribunal Electoral del Estado de Campeche\" >Tribunal Electoral del Estado de Campeche <\/td><td data-cell-id=\"D144\" data-x=\"3\" data-y=\"144\" data-db-index=\"144\" class=\"\" data-cell-type=\"text\" data-original-value=\"&lt;a href=&quot;https:\/\/teec.org.mx\/web\/wp-content\/uploads\/2020\/09\/TEEC-JDC-7-2020-01-09-2020.pdf&quot; target=&quot;_blank&quot;&gt;TEEC\/JDC\/7\/2020 (Se comunica tercero interesado y retiro de c\u00e9dula)&lt;\/a&gt;\" data-order=\"&lt;a href=&quot;https:\/\/teec.org.mx\/web\/wp-content\/uploads\/2020\/09\/TEEC-JDC-7-2020-01-09-2020.pdf&quot; target=&quot;_blank&quot;&gt;TEEC\/JDC\/7\/2020 (Se comunica tercero interesado y retiro de c\u00e9dula)&lt;\/a&gt;\" ><a href=\"https:\/\/teec.org.mx\/web\/wp-content\/uploads\/2020\/09\/TEEC-JDC-7-2020-01-09-2020.pdf\" target=\"_blank\">TEEC\/JDC\/7\/2020 (Se comunica tercero interesado y retiro de c\u00e9dula)<\/a><\/td><\/tr><tr style=\"height:px\" ><td data-cell-id=\"A145\" data-x=\"0\" data-y=\"145\" data-db-index=\"145\" class=\"\" data-cell-type=\"text\" data-original-value=\"01 de septiembre de 2020, a las 11:00 horas\" data-order=\"01 de septiembre de 2020, a las 11:00 horas\" >01 de septiembre de 2020, a las 11:00 horas <\/td><td data-cell-id=\"B145\" data-x=\"1\" data-y=\"145\" data-db-index=\"145\" class=\"\" data-cell-type=\"text\" data-original-value=\"Ciudadana Deysi Cristina Rodr\u00edguez Hern\u00e1ndez, Regidora de la Junta Municipal de Mamantel, Carmen, Campeche\" data-order=\"Ciudadana Deysi Cristina Rodr\u00edguez Hern\u00e1ndez, Regidora de la Junta Municipal de Mamantel, Carmen, Campeche\" >Ciudadana Deysi Cristina Rodr\u00edguez Hern\u00e1ndez, Regidora de la Junta Municipal de Mamantel, Carmen, Campeche <\/td><td data-cell-id=\"C145\" data-x=\"2\" data-y=\"145\" data-db-index=\"145\" class=\"\" data-cell-type=\"text\" data-original-value=\"Presidente Licenciado Benigno Mart\u00ednez Canul y Tesorera Ciudadana Elizabeth Hern\u00e1ndez Ascencio, ambos de la Junta Municipal de Mamantel, Carmen, Campeche\" data-order=\"Presidente Licenciado Benigno Mart\u00ednez Canul y Tesorera Ciudadana Elizabeth Hern\u00e1ndez Ascencio, ambos de la Junta Municipal de Mamantel, Carmen, Campeche\" >Presidente Licenciado Benigno Mart\u00ednez Canul y Tesorera Ciudadana Elizabeth Hern\u00e1ndez Ascencio, ambos de la Junta Municipal de Mamantel, Carmen, Campeche <\/td><td data-cell-id=\"D145\" data-x=\"3\" data-y=\"145\" data-db-index=\"145\" class=\"\" data-cell-type=\"text\" data-original-value=\"&lt;a href=&quot;https:\/\/teec.org.mx\/web\/wp-content\/uploads\/2020\/09\/TEEC-JDC-8-2020-01-09-2020.pdf&quot; target=&quot;_blank&quot;&gt;TEEC\/JDC\/8\/2020 (Cump. de requerimiento, cierre de instrucci\u00f3n y se fija fecha y hora para sesi\u00f3n)&lt;\/a&gt;\" data-order=\"&lt;a href=&quot;https:\/\/teec.org.mx\/web\/wp-content\/uploads\/2020\/09\/TEEC-JDC-8-2020-01-09-2020.pdf&quot; target=&quot;_blank&quot;&gt;TEEC\/JDC\/8\/2020 (Cump. de requerimiento, cierre de instrucci\u00f3n y se fija fecha y hora para sesi\u00f3n)&lt;\/a&gt;\" ><a href=\"https:\/\/teec.org.mx\/web\/wp-content\/uploads\/2020\/09\/TEEC-JDC-8-2020-01-09-2020.pdf\" target=\"_blank\">TEEC\/JDC\/8\/2020 (Cump. de requerimiento, cierre de instrucci\u00f3n y se fija fecha y hora para sesi\u00f3n)<\/a><\/td><\/tr><tr style=\"height:px\" ><td data-cell-id=\"A146\" data-x=\"0\" data-y=\"146\" data-db-index=\"146\" class=\"\" data-cell-type=\"text\" data-original-value=\"28 de agosto de 2020, a las 17:15 horas\" data-order=\"28 de agosto de 2020, a las 17:15 horas\" >28 de agosto de 2020, a las 17:15 horas <\/td><td data-cell-id=\"B146\" data-x=\"1\" data-y=\"146\" data-db-index=\"146\" class=\"\" data-cell-type=\"text\" data-original-value=\"Ciudadano Carlos Augusto Izquierdo M\u00e9ndez\" data-order=\"Ciudadano Carlos Augusto Izquierdo M\u00e9ndez\" >Ciudadano Carlos Augusto Izquierdo M\u00e9ndez <\/td><td data-cell-id=\"C146\" data-x=\"2\" data-y=\"146\" data-db-index=\"146\" class=\"\" data-cell-type=\"text\" data-original-value=\"Tribunal Electoral del Estado de Campeche\" data-order=\"Tribunal Electoral del Estado de Campeche\" >Tribunal Electoral del Estado de Campeche <\/td><td data-cell-id=\"D146\" data-x=\"3\" data-y=\"146\" data-db-index=\"146\" class=\"\" data-cell-type=\"text\" data-original-value=\"&lt;a href=&quot;https:\/\/teec.org.mx\/web\/wp-content\/uploads\/2020\/08\/TEEC-JDC-7-2020-28-08-2020.pdf&quot; target=&quot;_blank&quot;&gt;TEEC\/JDC\/7\/2020 (Se comunica retiro de c\u00e9dula y escrito de tercero interesado)&lt;\/a&gt;\" data-order=\"&lt;a href=&quot;https:\/\/teec.org.mx\/web\/wp-content\/uploads\/2020\/08\/TEEC-JDC-7-2020-28-08-2020.pdf&quot; target=&quot;_blank&quot;&gt;TEEC\/JDC\/7\/2020 (Se comunica retiro de c\u00e9dula y escrito de tercero interesado)&lt;\/a&gt;\" ><a href=\"https:\/\/teec.org.mx\/web\/wp-content\/uploads\/2020\/08\/TEEC-JDC-7-2020-28-08-2020.pdf\" target=\"_blank\">TEEC\/JDC\/7\/2020 (Se comunica retiro de c\u00e9dula y escrito de tercero interesado)<\/a><\/td><\/tr><tr style=\"height:px\" ><td data-cell-id=\"A147\" data-x=\"0\" data-y=\"147\" data-db-index=\"147\" class=\"\" data-cell-type=\"text\" data-original-value=\"27 de agosto de 2020, a las 14:50 horas\" data-order=\"27 de agosto de 2020, a las 14:50 horas\" >27 de agosto de 2020, a las 14:50 horas <\/td><td data-cell-id=\"B147\" data-x=\"1\" data-y=\"147\" data-db-index=\"147\" class=\"\" data-cell-type=\"text\" data-original-value=\"MORENA\" data-order=\"MORENA\" >MORENA <\/td><td data-cell-id=\"C147\" data-x=\"2\" data-y=\"147\" data-db-index=\"147\" class=\"\" data-cell-type=\"text\" data-original-value=\"Tribunal Electoral del Estado de Campeche\" data-order=\"Tribunal Electoral del Estado de Campeche\" >Tribunal Electoral del Estado de Campeche <\/td><td data-cell-id=\"D147\" data-x=\"3\" data-y=\"147\" data-db-index=\"147\" class=\"\" data-cell-type=\"text\" data-original-value=\"&lt;a href=&quot;https:\/\/teec.org.mx\/web\/wp-content\/uploads\/2020\/08\/TEEC-JDC-7-2020-27-08-2020.pdf&quot; target=&quot;_blank&quot;&gt;TEEC\/JDC\/7\/2020 (Se ordena publicitar medio de impugnaci\u00f3n)&lt;\/a&gt;\" data-order=\"&lt;a href=&quot;https:\/\/teec.org.mx\/web\/wp-content\/uploads\/2020\/08\/TEEC-JDC-7-2020-27-08-2020.pdf&quot; target=&quot;_blank&quot;&gt;TEEC\/JDC\/7\/2020 (Se ordena publicitar medio de impugnaci\u00f3n)&lt;\/a&gt;\" ><a href=\"https:\/\/teec.org.mx\/web\/wp-content\/uploads\/2020\/08\/TEEC-JDC-7-2020-27-08-2020.pdf\" target=\"_blank\">TEEC\/JDC\/7\/2020 (Se ordena publicitar medio de impugnaci\u00f3n)<\/a><\/td><\/tr><tr style=\"height:px\" ><td data-cell-id=\"A148\" data-x=\"0\" data-y=\"148\" data-db-index=\"148\" class=\"\" data-cell-type=\"text\" data-original-value=\"26 de agosto de 2020, a las 17:50 horas\" data-order=\"26 de agosto de 2020, a las 17:50 horas\" >26 de agosto de 2020, a las 17:50 horas <\/td><td data-cell-id=\"B148\" data-x=\"1\" data-y=\"148\" data-db-index=\"148\" class=\"\" data-cell-type=\"text\" data-original-value=\"Ciudadana Deysi Cristina Rodr\u00edguez Hern\u00e1ndez, Regidora de la Junta Municipal de Mamantel, Carmen, Campeche\" data-order=\"Ciudadana Deysi Cristina Rodr\u00edguez Hern\u00e1ndez, Regidora de la Junta Municipal de Mamantel, Carmen, Campeche\" >Ciudadana Deysi Cristina Rodr\u00edguez Hern\u00e1ndez, Regidora de la Junta Municipal de Mamantel, Carmen, Campeche <\/td><td data-cell-id=\"C148\" data-x=\"2\" data-y=\"148\" data-db-index=\"148\" class=\"\" data-cell-type=\"text\" data-original-value=\"Presidente Licenciado Benigno Mart\u00ednez Canul y Tesorera Ciudadana Elizabeth Hern\u00e1ndez Ascencio, ambos de la Junta Municipal de Mamantel, Carmen, Campeche\" data-order=\"Presidente Licenciado Benigno Mart\u00ednez Canul y Tesorera Ciudadana Elizabeth Hern\u00e1ndez Ascencio, ambos de la Junta Municipal de Mamantel, Carmen, Campeche\" >Presidente Licenciado Benigno Mart\u00ednez Canul y Tesorera Ciudadana Elizabeth Hern\u00e1ndez Ascencio, ambos de la Junta Municipal de Mamantel, Carmen, Campeche <\/td><td data-cell-id=\"D148\" data-x=\"3\" data-y=\"148\" data-db-index=\"148\" class=\"\" data-cell-type=\"text\" data-original-value=\"&lt;a href=&quot;https:\/\/teec.org.mx\/web\/wp-content\/uploads\/2020\/08\/TEEC-JDC-8-2020-26-08-2020.pdf&quot; target=&quot;_blank&quot;&gt;TEEC\/JDC\/8\/2020 (Requerimiento con apercibimiento)&lt;\/a&gt;\" data-order=\"&lt;a href=&quot;https:\/\/teec.org.mx\/web\/wp-content\/uploads\/2020\/08\/TEEC-JDC-8-2020-26-08-2020.pdf&quot; target=&quot;_blank&quot;&gt;TEEC\/JDC\/8\/2020 (Requerimiento con apercibimiento)&lt;\/a&gt;\" ><a href=\"https:\/\/teec.org.mx\/web\/wp-content\/uploads\/2020\/08\/TEEC-JDC-8-2020-26-08-2020.pdf\" target=\"_blank\">TEEC\/JDC\/8\/2020 (Requerimiento con apercibimiento)<\/a><\/td><\/tr><tr style=\"height:px\" ><td data-cell-id=\"A149\" data-x=\"0\" data-y=\"149\" data-db-index=\"149\" class=\"\" data-cell-type=\"text\" data-original-value=\"25 de agosto de 2020, a las 14:50 horas\" data-order=\"25 de agosto de 2020, a las 14:50 horas\" >25 de agosto de 2020, a las 14:50 horas <\/td><td data-cell-id=\"B149\" data-x=\"1\" data-y=\"149\" data-db-index=\"149\" class=\"\" data-cell-type=\"text\" data-original-value=\"Ciudadano Carlos Augusto Izquierdo M\u00e9ndez\" data-order=\"Ciudadano Carlos Augusto Izquierdo M\u00e9ndez\" >Ciudadano Carlos Augusto Izquierdo M\u00e9ndez <\/td><td data-cell-id=\"C149\" data-x=\"2\" data-y=\"149\" data-db-index=\"149\" class=\"\" data-cell-type=\"text\" data-original-value=\"Tribunal Electoral del Estado de Campeche\" data-order=\"Tribunal Electoral del Estado de Campeche\" >Tribunal Electoral del Estado de Campeche <\/td><td data-cell-id=\"D149\" data-x=\"3\" data-y=\"149\" data-db-index=\"149\" class=\"\" data-cell-type=\"text\" data-original-value=\"&lt;a href=&quot;https:\/\/teec.org.mx\/web\/wp-content\/uploads\/2020\/08\/TEEC-JDC-7-2020-2do-acu-25-08-2020.pdf&quot; target=&quot;_blank&quot;&gt;TEEC\/JDC\/7\/2020 (Se ordena publicitar medio de impugnaci\u00f3n)&lt;\/a&gt;\" data-order=\"&lt;a href=&quot;https:\/\/teec.org.mx\/web\/wp-content\/uploads\/2020\/08\/TEEC-JDC-7-2020-2do-acu-25-08-2020.pdf&quot; target=&quot;_blank&quot;&gt;TEEC\/JDC\/7\/2020 (Se ordena publicitar medio de impugnaci\u00f3n)&lt;\/a&gt;\" ><a href=\"https:\/\/teec.org.mx\/web\/wp-content\/uploads\/2020\/08\/TEEC-JDC-7-2020-2do-acu-25-08-2020.pdf\" target=\"_blank\">TEEC\/JDC\/7\/2020 (Se ordena publicitar medio de impugnaci\u00f3n)<\/a><\/td><\/tr><tr style=\"height:px\" ><td data-cell-id=\"A150\" data-x=\"0\" data-y=\"150\" data-db-index=\"150\" class=\"\" data-cell-type=\"text\" data-original-value=\"25 de agosto de 2020, a las 14:00 horas\" data-order=\"25 de agosto de 2020, a las 14:00 horas\" >25 de agosto de 2020, a las 14:00 horas <\/td><td data-cell-id=\"B150\" data-x=\"1\" data-y=\"150\" data-db-index=\"150\" class=\"\" data-cell-type=\"text\" data-original-value=\"Ciudadana Patricia Le\u00f3n L\u00f3pez, quien se ostenta como Secretaria General del Comit\u00e9 Ejecutivo Estatal del Partido Morena; as\u00ed como Militante y Consejera Nacional de dicho Partido\" data-order=\"Ciudadana Patricia Le\u00f3n L\u00f3pez, quien se ostenta como Secretaria General del Comit\u00e9 Ejecutivo Estatal del Partido Morena; as\u00ed como Militante y Consejera Nacional de dicho Partido\" >Ciudadana Patricia Le\u00f3n L\u00f3pez, quien se ostenta como Secretaria General del Comit\u00e9 Ejecutivo Estatal del Partido Morena; as\u00ed como Militante y Consejera Nacional de dicho Partido <\/td><td data-cell-id=\"C150\" data-x=\"2\" data-y=\"150\" data-db-index=\"150\" class=\"\" data-cell-type=\"text\" data-original-value=\"Comisi\u00f3n Nacional de Honor y Justicia de Morena\" data-order=\"Comisi\u00f3n Nacional de Honor y Justicia de Morena\" >Comisi\u00f3n Nacional de Honor y Justicia de Morena <\/td><td data-cell-id=\"D150\" data-x=\"3\" data-y=\"150\" data-db-index=\"150\" class=\"\" data-cell-type=\"text\" data-original-value=\"&lt;a href=&quot;https:\/\/teec.org.mx\/web\/wp-content\/uploads\/2020\/08\/TEEC-JDC-7-2020-Acu-de-acumulaci\u00f3n-25-08-2020.pdf&quot; target=&quot;_blank&quot;&gt;TEEC\/JDC\/7\/2020 (Acuerdo de acumulaci\u00f3n)&lt;\/a&gt;\" data-order=\"&lt;a href=&quot;https:\/\/teec.org.mx\/web\/wp-content\/uploads\/2020\/08\/TEEC-JDC-7-2020-Acu-de-acumulaci\u00f3n-25-08-2020.pdf&quot; target=&quot;_blank&quot;&gt;TEEC\/JDC\/7\/2020 (Acuerdo de acumulaci\u00f3n)&lt;\/a&gt;\" ><a href=\"https:\/\/teec.org.mx\/web\/wp-content\/uploads\/2020\/08\/TEEC-JDC-7-2020-Acu-de-acumulaci\u00f3n-25-08-2020.pdf\" target=\"_blank\">TEEC\/JDC\/7\/2020 (Acuerdo de acumulaci\u00f3n)<\/a><\/td><\/tr><tr style=\"height:px\" ><td data-cell-id=\"A151\" data-x=\"0\" data-y=\"151\" data-db-index=\"151\" class=\"\" data-cell-type=\"text\" data-original-value=\"24 de agosto de 2020, a las 11:10 horas\" data-order=\"24 de agosto de 2020, a las 11:10 horas\" >24 de agosto de 2020, a las 11:10 horas <\/td><td data-cell-id=\"B151\" data-x=\"1\" data-y=\"151\" data-db-index=\"151\" class=\"\" data-cell-type=\"text\" data-original-value=\"Partido Pol\u00edtico Morena\" data-order=\"Partido Pol\u00edtico Morena\" >Partido Pol\u00edtico Morena <\/td><td data-cell-id=\"C151\" data-x=\"2\" data-y=\"151\" data-db-index=\"151\" class=\"\" data-cell-type=\"text\" data-original-value=\"Tribunal Electoral del Estado de Campeche\" data-order=\"Tribunal Electoral del Estado de Campeche\" >Tribunal Electoral del Estado de Campeche <\/td><td data-cell-id=\"D151\" data-x=\"3\" data-y=\"151\" data-db-index=\"151\" class=\"\" data-cell-type=\"text\" data-original-value=\"&lt;a href=&quot;https:\/\/teec.org.mx\/web\/wp-content\/uploads\/2020\/08\/TEEC-JDC-7-2020-24-08-2020.pdf&quot; target=&quot;_blank&quot;&gt;TEEC\/JDC\/7\/2020 (Se tiene por not. el acuerdo de sala superior)&lt;\/a&gt;\" data-order=\"&lt;a href=&quot;https:\/\/teec.org.mx\/web\/wp-content\/uploads\/2020\/08\/TEEC-JDC-7-2020-24-08-2020.pdf&quot; target=&quot;_blank&quot;&gt;TEEC\/JDC\/7\/2020 (Se tiene por not. el acuerdo de sala superior)&lt;\/a&gt;\" ><a href=\"https:\/\/teec.org.mx\/web\/wp-content\/uploads\/2020\/08\/TEEC-JDC-7-2020-24-08-2020.pdf\" target=\"_blank\">TEEC\/JDC\/7\/2020 (Se tiene por not. el acuerdo de sala superior)<\/a><\/td><\/tr><tr style=\"height:px\" ><td data-cell-id=\"A152\" data-x=\"0\" data-y=\"152\" data-db-index=\"152\" class=\"\" data-cell-type=\"text\" data-original-value=\"21 de agosto de 2020, a las 11:20 horas\" data-order=\"21 de agosto de 2020, a las 11:20 horas\" >21 de agosto de 2020, a las 11:20 horas <\/td><td data-cell-id=\"B152\" data-x=\"1\" data-y=\"152\" data-db-index=\"152\" class=\"\" data-cell-type=\"text\" data-original-value=\"Ciudadana Deysi Cristina Rodr\u00edguez Hern\u00e1ndez, Regidora de la Junta Municipal de Mamantel, Carmen, Campeche\" data-order=\"Ciudadana Deysi Cristina Rodr\u00edguez Hern\u00e1ndez, Regidora de la Junta Municipal de Mamantel, Carmen, Campeche\" >Ciudadana Deysi Cristina Rodr\u00edguez Hern\u00e1ndez, Regidora de la Junta Municipal de Mamantel, Carmen, Campeche <\/td><td data-cell-id=\"C152\" data-x=\"2\" data-y=\"152\" data-db-index=\"152\" class=\"\" data-cell-type=\"text\" data-original-value=\"Presidente Licenciado Benigno Mart\u00ednez Canul y Tesorera Ciudadana Elizabeth Hern\u00e1ndez Ascencio, ambos de la Junta Municipal De Mamantel, Carmen, Campeche\" data-order=\"Presidente Licenciado Benigno Mart\u00ednez Canul y Tesorera Ciudadana Elizabeth Hern\u00e1ndez Ascencio, ambos de la Junta Municipal De Mamantel, Carmen, Campeche\" >Presidente Licenciado Benigno Mart\u00ednez Canul y Tesorera Ciudadana Elizabeth Hern\u00e1ndez Ascencio, ambos de la Junta Municipal De Mamantel, Carmen, Campeche <\/td><td data-cell-id=\"D152\" data-x=\"3\" data-y=\"152\" data-db-index=\"152\" class=\"\" data-cell-type=\"text\" data-original-value=\"&lt;a href=&quot;https:\/\/teec.org.mx\/web\/wp-content\/uploads\/2020\/08\/TEEC-JDC-8-2020-21-08-2020.pdf&quot; target=&quot;_blank&quot;&gt;TEEC\/JDC\/8\/2020 (Acumulaci\u00f3n y requerimiento)&lt;\/a&gt;\" data-order=\"&lt;a href=&quot;https:\/\/teec.org.mx\/web\/wp-content\/uploads\/2020\/08\/TEEC-JDC-8-2020-21-08-2020.pdf&quot; target=&quot;_blank&quot;&gt;TEEC\/JDC\/8\/2020 (Acumulaci\u00f3n y requerimiento)&lt;\/a&gt;\" ><a href=\"https:\/\/teec.org.mx\/web\/wp-content\/uploads\/2020\/08\/TEEC-JDC-8-2020-21-08-2020.pdf\" target=\"_blank\">TEEC\/JDC\/8\/2020 (Acumulaci\u00f3n y requerimiento)<\/a><\/td><\/tr><tr style=\"height:px\" ><td data-cell-id=\"A153\" data-x=\"0\" data-y=\"153\" data-db-index=\"153\" class=\"\" data-cell-type=\"text\" data-original-value=\"19 de agosto de 2020, a las 14:40 horas\" data-order=\"19 de agosto de 2020, a las 14:40 horas\" >19 de agosto de 2020, a las 14:40 horas <\/td><td data-cell-id=\"B153\" data-x=\"1\" data-y=\"153\" data-db-index=\"153\" class=\"\" data-cell-type=\"text\" data-original-value=\"Ciudadana Deysi Cristina Rodr\u00edguez Hern\u00e1ndez, Regidora de la Junta Municipal de Mamantel, Carmen, Campeche\" data-order=\"Ciudadana Deysi Cristina Rodr\u00edguez Hern\u00e1ndez, Regidora de la Junta Municipal de Mamantel, Carmen, Campeche\" >Ciudadana Deysi Cristina Rodr\u00edguez Hern\u00e1ndez, Regidora de la Junta Municipal de Mamantel, Carmen, Campeche <\/td><td data-cell-id=\"C153\" data-x=\"2\" data-y=\"153\" data-db-index=\"153\" class=\"\" data-cell-type=\"text\" data-original-value=\"Presidente Licenciado Benigno Mart\u00ednez Canul y Tesorera Ciudadana Elizabeth Hern\u00e1ndez Ascencio, ambos de la Junta Municipal de Mamantel, Carmen, Campeche\" data-order=\"Presidente Licenciado Benigno Mart\u00ednez Canul y Tesorera Ciudadana Elizabeth Hern\u00e1ndez Ascencio, ambos de la Junta Municipal de Mamantel, Carmen, Campeche\" >Presidente Licenciado Benigno Mart\u00ednez Canul y Tesorera Ciudadana Elizabeth Hern\u00e1ndez Ascencio, ambos de la Junta Municipal de Mamantel, Carmen, Campeche <\/td><td data-cell-id=\"D153\" data-x=\"3\" data-y=\"153\" data-db-index=\"153\" class=\"\" data-cell-type=\"text\" data-original-value=\"&lt;a href=&quot;https:\/\/teec.org.mx\/web\/wp-content\/uploads\/2020\/08\/TEEC-JDC-8-2020-19-08-2020.pdf&quot; target=&quot;_blank&quot;&gt;TEEC\/JDC\/8\/2020 (Cumplimiento de requerimiento y se fija audiencia de alegatos)&lt;\/a&gt;\" data-order=\"&lt;a href=&quot;https:\/\/teec.org.mx\/web\/wp-content\/uploads\/2020\/08\/TEEC-JDC-8-2020-19-08-2020.pdf&quot; target=&quot;_blank&quot;&gt;TEEC\/JDC\/8\/2020 (Cumplimiento de requerimiento y se fija audiencia de alegatos)&lt;\/a&gt;\" ><a href=\"https:\/\/teec.org.mx\/web\/wp-content\/uploads\/2020\/08\/TEEC-JDC-8-2020-19-08-2020.pdf\" target=\"_blank\">TEEC\/JDC\/8\/2020 (Cumplimiento de requerimiento y se fija audiencia de alegatos)<\/a><\/td><\/tr><tr style=\"height:px\" ><td data-cell-id=\"A154\" data-x=\"0\" data-y=\"154\" data-db-index=\"154\" class=\"\" data-cell-type=\"text\" data-original-value=\"17 de agosto de 2020, a las 14:45 horas\" data-order=\"17 de agosto de 2020, a las 14:45 horas\" >17 de agosto de 2020, a las 14:45 horas <\/td><td data-cell-id=\"B154\" data-x=\"1\" data-y=\"154\" data-db-index=\"154\" class=\"\" data-cell-type=\"text\" data-original-value=\"Ciudadana Deysi Cristina Rodr\u00edguez Hern\u00e1ndez, regidora de la Junta Municipal de Mamantel, Carmen, Campeche\" data-order=\"Ciudadana Deysi Cristina Rodr\u00edguez Hern\u00e1ndez, regidora de la Junta Municipal de Mamantel, Carmen, Campeche\" >Ciudadana Deysi Cristina Rodr\u00edguez Hern\u00e1ndez, regidora de la Junta Municipal de Mamantel, Carmen, Campeche <\/td><td data-cell-id=\"C154\" data-x=\"2\" data-y=\"154\" data-db-index=\"154\" class=\"\" data-cell-type=\"text\" data-original-value=\"Presidente Licenciado Benigno Mart\u00ednez Canul y Tesorera Ciudadana Elizabeth Hern\u00e1ndez Ascencio, ambos de la Junta Municipal de Mamantel, Carmen, Campeche\" data-order=\"Presidente Licenciado Benigno Mart\u00ednez Canul y Tesorera Ciudadana Elizabeth Hern\u00e1ndez Ascencio, ambos de la Junta Municipal de Mamantel, Carmen, Campeche\" >Presidente Licenciado Benigno Mart\u00ednez Canul y Tesorera Ciudadana Elizabeth Hern\u00e1ndez Ascencio, ambos de la Junta Municipal de Mamantel, Carmen, Campeche <\/td><td data-cell-id=\"D154\" data-x=\"3\" data-y=\"154\" data-db-index=\"154\" class=\"\" data-cell-type=\"text\" data-original-value=\"&lt;a href=&quot;https:\/\/teec.org.mx\/web\/wp-content\/uploads\/2020\/08\/TEEC-JDC-8-2020-17-08-2020.pdf&quot; target=&quot;_blank&quot;&gt;TEEC\/JDC\/8\/2020 (Se fija audiencia de alegatos)&lt;\/a&gt;\" data-order=\"&lt;a href=&quot;https:\/\/teec.org.mx\/web\/wp-content\/uploads\/2020\/08\/TEEC-JDC-8-2020-17-08-2020.pdf&quot; target=&quot;_blank&quot;&gt;TEEC\/JDC\/8\/2020 (Se fija audiencia de alegatos)&lt;\/a&gt;\" ><a href=\"https:\/\/teec.org.mx\/web\/wp-content\/uploads\/2020\/08\/TEEC-JDC-8-2020-17-08-2020.pdf\" target=\"_blank\">TEEC\/JDC\/8\/2020 (Se fija audiencia de alegatos)<\/a><\/td><\/tr><tr style=\"height:px\" ><td data-cell-id=\"A155\" data-x=\"0\" data-y=\"155\" data-db-index=\"155\" class=\"\" data-cell-type=\"text\" data-original-value=\"14 de agosto de 2020, a las 8:10 horas\" data-order=\"14 de agosto de 2020, a las 8:10 horas\" >14 de agosto de 2020, a las 8:10 horas <\/td><td data-cell-id=\"B155\" data-x=\"1\" data-y=\"155\" data-db-index=\"155\" class=\"\" data-cell-type=\"text\" data-original-value=\"Ciudadana Deysi Cristina Rodr\u00edguez Hern\u00e1ndez, Regidora de la Junta Municipal de Mamantel, Carmen, Campeche\" data-order=\"Ciudadana Deysi Cristina Rodr\u00edguez Hern\u00e1ndez, Regidora de la Junta Municipal de Mamantel, Carmen, Campeche\" >Ciudadana Deysi Cristina Rodr\u00edguez Hern\u00e1ndez, Regidora de la Junta Municipal de Mamantel, Carmen, Campeche <\/td><td data-cell-id=\"C155\" data-x=\"2\" data-y=\"155\" data-db-index=\"155\" class=\"\" data-cell-type=\"text\" data-original-value=\"Presidente Licenciado Benigno Mart\u00ednez Canul y Tesorera Ciudadana Elizabeth Hern\u00e1ndez Ascencio, ambos de la Junta Municipal de Mamantel, Carmen, Campeche\" data-order=\"Presidente Licenciado Benigno Mart\u00ednez Canul y Tesorera Ciudadana Elizabeth Hern\u00e1ndez Ascencio, ambos de la Junta Municipal de Mamantel, Carmen, Campeche\" >Presidente Licenciado Benigno Mart\u00ednez Canul y Tesorera Ciudadana Elizabeth Hern\u00e1ndez Ascencio, ambos de la Junta Municipal de Mamantel, Carmen, Campeche <\/td><td data-cell-id=\"D155\" data-x=\"3\" data-y=\"155\" data-db-index=\"155\" class=\"\" data-cell-type=\"text\" data-original-value=\"&lt;a href=&quot;https:\/\/teec.org.mx\/web\/wp-content\/uploads\/2020\/08\/TEEC-JDC-8-2020-14-08-2020.pdf&quot; target=&quot;_blank&quot;&gt;TEEC\/JDC\/8\/2020 (Acuerdo de requerimiento)&lt;\/a&gt;\" data-order=\"&lt;a href=&quot;https:\/\/teec.org.mx\/web\/wp-content\/uploads\/2020\/08\/TEEC-JDC-8-2020-14-08-2020.pdf&quot; target=&quot;_blank&quot;&gt;TEEC\/JDC\/8\/2020 (Acuerdo de requerimiento)&lt;\/a&gt;\" ><a href=\"https:\/\/teec.org.mx\/web\/wp-content\/uploads\/2020\/08\/TEEC-JDC-8-2020-14-08-2020.pdf\" target=\"_blank\">TEEC\/JDC\/8\/2020 (Acuerdo de requerimiento)<\/a><\/td><\/tr><tr style=\"height:px\" ><td data-cell-id=\"A156\" data-x=\"0\" data-y=\"156\" data-db-index=\"156\" class=\"\" data-cell-type=\"text\" data-original-value=\"10 de agosto de 2020, a las 13:30 horas\" data-order=\"10 de agosto de 2020, a las 13:30 horas\" >10 de agosto de 2020, a las 13:30 horas <\/td><td data-cell-id=\"B156\" data-x=\"1\" data-y=\"156\" data-db-index=\"156\" class=\"\" data-cell-type=\"text\" data-original-value=\"Ciudadano Licenciado Carlos Ram\u00edrez Cortez, quien se ostenta como Representante Propietario ante el Consejo General del Instituto Electoral del Estado de Campeche, por el Partido Pol\u00edtico Morena\" data-order=\"Ciudadano Licenciado Carlos Ram\u00edrez Cortez, quien se ostenta como Representante Propietario ante el Consejo General del Instituto Electoral del Estado de Campeche, por el Partido Pol\u00edtico Morena\" >Ciudadano Licenciado Carlos Ram\u00edrez Cortez, quien se ostenta como Representante Propietario ante el Consejo General del Instituto Electoral del Estado de Campeche, por el Partido Pol\u00edtico Morena <\/td><td data-cell-id=\"C156\" data-x=\"2\" data-y=\"156\" data-db-index=\"156\" class=\"\" data-cell-type=\"text\" data-original-value=\"Comisi\u00f3n Nacional de Honor y Justicia del Partido Pol\u00edtico Morena\" data-order=\"Comisi\u00f3n Nacional de Honor y Justicia del Partido Pol\u00edtico Morena\" >Comisi\u00f3n Nacional de Honor y Justicia del Partido Pol\u00edtico Morena <\/td><td data-cell-id=\"D156\" data-x=\"3\" data-y=\"156\" data-db-index=\"156\" class=\"\" data-cell-type=\"text\" data-original-value=\"&lt;a href=&quot;https:\/\/teec.org.mx\/web\/wp-content\/uploads\/2020\/08\/TEEC-JDC-59-2019-10-08-2020.pdf&quot; target=&quot;_blank&quot;&gt;TEEC\/JDC\/59\/2019 (Cumplimiento de acuerdo plenario)&lt;\/a&gt;\" data-order=\"&lt;a href=&quot;https:\/\/teec.org.mx\/web\/wp-content\/uploads\/2020\/08\/TEEC-JDC-59-2019-10-08-2020.pdf&quot; target=&quot;_blank&quot;&gt;TEEC\/JDC\/59\/2019 (Cumplimiento de acuerdo plenario)&lt;\/a&gt;\" ><a href=\"https:\/\/teec.org.mx\/web\/wp-content\/uploads\/2020\/08\/TEEC-JDC-59-2019-10-08-2020.pdf\" target=\"_blank\">TEEC\/JDC\/59\/2019 (Cumplimiento de acuerdo plenario)<\/a><\/td><\/tr><tr style=\"height:px\" ><td data-cell-id=\"A157\" data-x=\"0\" data-y=\"157\" data-db-index=\"157\" class=\"\" data-cell-type=\"text\" data-original-value=\"06 de agosto de 2020, a las 14:30 horas\" data-order=\"06 de agosto de 2020, a las 14:30 horas\" >06 de agosto de 2020, a las 14:30 horas <\/td><td data-cell-id=\"B157\" data-x=\"1\" data-y=\"157\" data-db-index=\"157\" class=\"\" data-cell-type=\"text\" data-original-value=\"Ciudadana Patricia Le\u00f3n L\u00f3pez, quien se ostenta como Secretaria General del Comit\u00e9 Ejecutivo Estatal del Partido Morena; as\u00ed como Militante y Consejera Nacional de Dicho Partido\" data-order=\"Ciudadana Patricia Le\u00f3n L\u00f3pez, quien se ostenta como Secretaria General del Comit\u00e9 Ejecutivo Estatal del Partido Morena; as\u00ed como Militante y Consejera Nacional de Dicho Partido\" >Ciudadana Patricia Le\u00f3n L\u00f3pez, quien se ostenta como Secretaria General del Comit\u00e9 Ejecutivo Estatal del Partido Morena; as\u00ed como Militante y Consejera Nacional de Dicho Partido <\/td><td data-cell-id=\"C157\" data-x=\"2\" data-y=\"157\" data-db-index=\"157\" class=\"\" data-cell-type=\"text\" data-original-value=\"Comisi\u00f3n Nacional de Honor y Justicia del Partido Pol\u00edtico Morena\" data-order=\"Comisi\u00f3n Nacional de Honor y Justicia del Partido Pol\u00edtico Morena\" >Comisi\u00f3n Nacional de Honor y Justicia del Partido Pol\u00edtico Morena <\/td><td data-cell-id=\"D157\" data-x=\"3\" data-y=\"157\" data-db-index=\"157\" class=\"\" data-cell-type=\"text\" data-original-value=\"&lt;a href=&quot;https:\/\/teec.org.mx\/web\/wp-content\/uploads\/2020\/08\/TEEC-JDC-7-2020-Sentencia-06-08-2020.pdf&quot; target=&quot;_blank&quot;&gt;TEEC\/JDC\/7\/2020 (Sentencia definitiva)&lt;\/a&gt;\" data-order=\"&lt;a href=&quot;https:\/\/teec.org.mx\/web\/wp-content\/uploads\/2020\/08\/TEEC-JDC-7-2020-Sentencia-06-08-2020.pdf&quot; target=&quot;_blank&quot;&gt;TEEC\/JDC\/7\/2020 (Sentencia definitiva)&lt;\/a&gt;\" ><a href=\"https:\/\/teec.org.mx\/web\/wp-content\/uploads\/2020\/08\/TEEC-JDC-7-2020-Sentencia-06-08-2020.pdf\" target=\"_blank\">TEEC\/JDC\/7\/2020 (Sentencia definitiva)<\/a><\/td><\/tr><tr style=\"height:px\" ><td data-cell-id=\"A158\" data-x=\"0\" data-y=\"158\" data-db-index=\"158\" class=\"\" data-cell-type=\"text\" data-original-value=\"06 de agosto de 2020, a las 12:05 horas\" data-order=\"06 de agosto de 2020, a las 12:05 horas\" >06 de agosto de 2020, a las 12:05 horas <\/td><td data-cell-id=\"B158\" data-x=\"1\" data-y=\"158\" data-db-index=\"158\" class=\"\" data-cell-type=\"text\" data-original-value=\"Ciudadana Deysi Cristina Rodr\u00edguez Hern\u00e1ndez, Regidora de la Junta Municipal de Mamantel, Carmen, Campeche\" data-order=\"Ciudadana Deysi Cristina Rodr\u00edguez Hern\u00e1ndez, Regidora de la Junta Municipal de Mamantel, Carmen, Campeche\" >Ciudadana Deysi Cristina Rodr\u00edguez Hern\u00e1ndez, Regidora de la Junta Municipal de Mamantel, Carmen, Campeche <\/td><td data-cell-id=\"C158\" data-x=\"2\" data-y=\"158\" data-db-index=\"158\" class=\"\" data-cell-type=\"text\" data-original-value=\"Presidente Licenciado Benigno Mart\u00ednez Canul y Tesorera Ciudadana Elizabeth Hern\u00e1ndez Ascencio, ambos de la Junta Municipal de Mamantel, Carmen, Campeche\" data-order=\"Presidente Licenciado Benigno Mart\u00ednez Canul y Tesorera Ciudadana Elizabeth Hern\u00e1ndez Ascencio, ambos de la Junta Municipal de Mamantel, Carmen, Campeche\" >Presidente Licenciado Benigno Mart\u00ednez Canul y Tesorera Ciudadana Elizabeth Hern\u00e1ndez Ascencio, ambos de la Junta Municipal de Mamantel, Carmen, Campeche <\/td><td data-cell-id=\"D158\" data-x=\"3\" data-y=\"158\" data-db-index=\"158\" class=\"\" data-cell-type=\"text\" data-original-value=\"&lt;a href=&quot;https:\/\/teec.org.mx\/web\/wp-content\/uploads\/2020\/08\/TEEC-JDC-8-2020-06-08-2020.pdf&quot; target=&quot;_blank&quot;&gt;TEEC\/JDC\/8\/2020 (Se deja firme el acuerdo de medidas cautelares)&lt;\/a&gt;\" data-order=\"&lt;a href=&quot;https:\/\/teec.org.mx\/web\/wp-content\/uploads\/2020\/08\/TEEC-JDC-8-2020-06-08-2020.pdf&quot; target=&quot;_blank&quot;&gt;TEEC\/JDC\/8\/2020 (Se deja firme el acuerdo de medidas cautelares)&lt;\/a&gt;\" ><a href=\"https:\/\/teec.org.mx\/web\/wp-content\/uploads\/2020\/08\/TEEC-JDC-8-2020-06-08-2020.pdf\" target=\"_blank\">TEEC\/JDC\/8\/2020 (Se deja firme el acuerdo de medidas cautelares)<\/a><\/td><\/tr><tr style=\"height:px\" ><td data-cell-id=\"A159\" data-x=\"0\" data-y=\"159\" data-db-index=\"159\" class=\"\" data-cell-type=\"text\" data-original-value=\"05 de agosto de 2020, a las 14:40 horas\" data-order=\"05 de agosto de 2020, a las 14:40 horas\" >05 de agosto de 2020, a las 14:40 horas <\/td><td data-cell-id=\"B159\" data-x=\"1\" data-y=\"159\" data-db-index=\"159\" class=\"\" data-cell-type=\"text\" data-original-value=\"Ciudadana Patricia Le\u00f3n L\u00f3pez, quien se ostenta como Secretaria General del Comit\u00e9 Ejecutivo Estatal del Partido Morena; as\u00ed como Militante y Consejera Nacional de dicho Partido\" data-order=\"Ciudadana Patricia Le\u00f3n L\u00f3pez, quien se ostenta como Secretaria General del Comit\u00e9 Ejecutivo Estatal del Partido Morena; as\u00ed como Militante y Consejera Nacional de dicho Partido\" >Ciudadana Patricia Le\u00f3n L\u00f3pez, quien se ostenta como Secretaria General del Comit\u00e9 Ejecutivo Estatal del Partido Morena; as\u00ed como Militante y Consejera Nacional de dicho Partido <\/td><td data-cell-id=\"C159\" data-x=\"2\" data-y=\"159\" data-db-index=\"159\" class=\"\" data-cell-type=\"text\" data-original-value=\"Comisi\u00f3n Nacional de Honor y Justicia de Morena\" data-order=\"Comisi\u00f3n Nacional de Honor y Justicia de Morena\" >Comisi\u00f3n Nacional de Honor y Justicia de Morena <\/td><td data-cell-id=\"D159\" data-x=\"3\" data-y=\"159\" data-db-index=\"159\" class=\"\" data-cell-type=\"text\" data-original-value=\"&lt;a href=&quot;https:\/\/teec.org.mx\/web\/wp-content\/uploads\/2020\/08\/TEEC-JDC-7-2020-Se-fija-fecha-y-hora-05-08-2020.pdf&quot; target=&quot;_blank&quot;&gt;TEEC\/JDC\/7\/2020 (Se fija fecha y hora para sesi\u00f3n)&lt;\/a&gt;\" data-order=\"&lt;a href=&quot;https:\/\/teec.org.mx\/web\/wp-content\/uploads\/2020\/08\/TEEC-JDC-7-2020-Se-fija-fecha-y-hora-05-08-2020.pdf&quot; target=&quot;_blank&quot;&gt;TEEC\/JDC\/7\/2020 (Se fija fecha y hora para sesi\u00f3n)&lt;\/a&gt;\" ><a href=\"https:\/\/teec.org.mx\/web\/wp-content\/uploads\/2020\/08\/TEEC-JDC-7-2020-Se-fija-fecha-y-hora-05-08-2020.pdf\" target=\"_blank\">TEEC\/JDC\/7\/2020 (Se fija fecha y hora para sesi\u00f3n)<\/a><\/td><\/tr><tr style=\"height:px\" ><td data-cell-id=\"A160\" data-x=\"0\" data-y=\"160\" data-db-index=\"160\" class=\"\" data-cell-type=\"text\" data-original-value=\"05 de agosto de 2020, a las 13:30 horas\" data-order=\"05 de agosto de 2020, a las 13:30 horas\" >05 de agosto de 2020, a las 13:30 horas <\/td><td data-cell-id=\"B160\" data-x=\"1\" data-y=\"160\" data-db-index=\"160\" class=\"\" data-cell-type=\"text\" data-original-value=\"Ciudadana Deysi Cristina Rodr\u00edguez Hern\u00e1ndez, Regidora de la Junta Municipal de Mamantel, Carmen, Campeche\" data-order=\"Ciudadana Deysi Cristina Rodr\u00edguez Hern\u00e1ndez, Regidora de la Junta Municipal de Mamantel, Carmen, Campeche\" >Ciudadana Deysi Cristina Rodr\u00edguez Hern\u00e1ndez, Regidora de la Junta Municipal de Mamantel, Carmen, Campeche <\/td><td data-cell-id=\"C160\" data-x=\"2\" data-y=\"160\" data-db-index=\"160\" class=\"\" data-cell-type=\"text\" data-original-value=\"Presidente Licenciado Benigno Mart\u00ednez Canul y Tesorera Ciudadana Elizabeth Hern\u00e1ndez Ascencio, ambos de la Junta Municipal de Mamantel, Carmen, Campeche\" data-order=\"Presidente Licenciado Benigno Mart\u00ednez Canul y Tesorera Ciudadana Elizabeth Hern\u00e1ndez Ascencio, ambos de la Junta Municipal de Mamantel, Carmen, Campeche\" >Presidente Licenciado Benigno Mart\u00ednez Canul y Tesorera Ciudadana Elizabeth Hern\u00e1ndez Ascencio, ambos de la Junta Municipal de Mamantel, Carmen, Campeche <\/td><td data-cell-id=\"D160\" data-x=\"3\" data-y=\"160\" data-db-index=\"160\" class=\"\" data-cell-type=\"text\" data-original-value=\"&lt;a href=&quot;https:\/\/teec.org.mx\/web\/wp-content\/uploads\/2020\/08\/TEEC-JDC-8-2020-Audiencia-de-alegatos-05-08-2020.pdf&quot; target=&quot;_blank&quot;&gt;TEEC\/JDC\/8\/2020 (Se fija audiencia de alegatos)&lt;\/a&gt;\" data-order=\"&lt;a href=&quot;https:\/\/teec.org.mx\/web\/wp-content\/uploads\/2020\/08\/TEEC-JDC-8-2020-Audiencia-de-alegatos-05-08-2020.pdf&quot; target=&quot;_blank&quot;&gt;TEEC\/JDC\/8\/2020 (Se fija audiencia de alegatos)&lt;\/a&gt;\" ><a href=\"https:\/\/teec.org.mx\/web\/wp-content\/uploads\/2020\/08\/TEEC-JDC-8-2020-Audiencia-de-alegatos-05-08-2020.pdf\" target=\"_blank\">TEEC\/JDC\/8\/2020 (Se fija audiencia de alegatos)<\/a><\/td><\/tr><tr style=\"height:px\" ><td data-cell-id=\"A161\" data-x=\"0\" data-y=\"161\" data-db-index=\"161\" class=\"\" data-cell-type=\"text\" data-original-value=\"05 de agosto de 2020, a las 13:00 horas\" data-order=\"05 de agosto de 2020, a las 13:00 horas\" >05 de agosto de 2020, a las 13:00 horas <\/td><td data-cell-id=\"B161\" data-x=\"1\" data-y=\"161\" data-db-index=\"161\" class=\"\" data-cell-type=\"text\" data-original-value=\"Ciudadana Patricia Le\u00f3n L\u00f3pez, quien se ostenta como Secretaria General del Comit\u00e9 Ejecutivo Estatal del Partido Morena; as\u00ed como Militante y Consejera Nacional de dicho Partido\" data-order=\"Ciudadana Patricia Le\u00f3n L\u00f3pez, quien se ostenta como Secretaria General del Comit\u00e9 Ejecutivo Estatal del Partido Morena; as\u00ed como Militante y Consejera Nacional de dicho Partido\" >Ciudadana Patricia Le\u00f3n L\u00f3pez, quien se ostenta como Secretaria General del Comit\u00e9 Ejecutivo Estatal del Partido Morena; as\u00ed como Militante y Consejera Nacional de dicho Partido <\/td><td data-cell-id=\"C161\" data-x=\"2\" data-y=\"161\" data-db-index=\"161\" class=\"\" data-cell-type=\"text\" data-original-value=\"Comisi\u00f3n Nacional de Honor y Justicia de Morena\" data-order=\"Comisi\u00f3n Nacional de Honor y Justicia de Morena\" >Comisi\u00f3n Nacional de Honor y Justicia de Morena <\/td><td data-cell-id=\"D161\" data-x=\"3\" data-y=\"161\" data-db-index=\"161\" class=\"\" data-cell-type=\"text\" data-original-value=\"&lt;a href=&quot;https:\/\/teec.org.mx\/web\/wp-content\/uploads\/2020\/08\/TEEC-JDC-7-2020-cierre-de-instrucci\u00f3n-05-08-2020.pdf&quot; target=&quot;_blank&quot;&gt;TEEC\/JDC\/7\/2020 (Cierre de instrucci\u00f3n y solicitud de fecha y hora para sesi\u00f3n)&lt;\/a&gt;\" data-order=\"&lt;a href=&quot;https:\/\/teec.org.mx\/web\/wp-content\/uploads\/2020\/08\/TEEC-JDC-7-2020-cierre-de-instrucci\u00f3n-05-08-2020.pdf&quot; target=&quot;_blank&quot;&gt;TEEC\/JDC\/7\/2020 (Cierre de instrucci\u00f3n y solicitud de fecha y hora para sesi\u00f3n)&lt;\/a&gt;\" ><a href=\"https:\/\/teec.org.mx\/web\/wp-content\/uploads\/2020\/08\/TEEC-JDC-7-2020-cierre-de-instrucci\u00f3n-05-08-2020.pdf\" target=\"_blank\">TEEC\/JDC\/7\/2020 (Cierre de instrucci\u00f3n y solicitud de fecha y hora para sesi\u00f3n)<\/a><\/td><\/tr><tr style=\"height:px\" ><td data-cell-id=\"A162\" data-x=\"0\" data-y=\"162\" data-db-index=\"162\" class=\"\" data-cell-type=\"text\" data-original-value=\"04 de agosto de 2020, a las 10:00 horas\" data-order=\"04 de agosto de 2020, a las 10:00 horas\" >04 de agosto de 2020, a las 10:00 horas <\/td><td data-cell-id=\"B162\" data-x=\"1\" data-y=\"162\" data-db-index=\"162\" class=\"\" data-cell-type=\"text\" data-original-value=\"Ciudadana Deysi Cristina Rodr\u00edguez Hern\u00e1ndez, Regidora de la Junta Municipal de Mamantel, Carmen, Campeche\" data-order=\"Ciudadana Deysi Cristina Rodr\u00edguez Hern\u00e1ndez, Regidora de la Junta Municipal de Mamantel, Carmen, Campeche\" >Ciudadana Deysi Cristina Rodr\u00edguez Hern\u00e1ndez, Regidora de la Junta Municipal de Mamantel, Carmen, Campeche <\/td><td data-cell-id=\"C162\" data-x=\"2\" data-y=\"162\" data-db-index=\"162\" class=\"\" data-cell-type=\"text\" data-original-value=\"Presidente Licenciado Benigno Mart\u00ednez Canul yTesorera Ciudadana Elizabeth Hern\u00e1ndez Ascencio, Ambos de la Junta Municipal de Mamantel, Carmen, Campeche\" data-order=\"Presidente Licenciado Benigno Mart\u00ednez Canul yTesorera Ciudadana Elizabeth Hern\u00e1ndez Ascencio, Ambos de la Junta Municipal de Mamantel, Carmen, Campeche\" >Presidente Licenciado Benigno Mart\u00ednez Canul yTesorera Ciudadana Elizabeth Hern\u00e1ndez Ascencio, Ambos de la Junta Municipal de Mamantel, Carmen, Campeche <\/td><td data-cell-id=\"D162\" data-x=\"3\" data-y=\"162\" data-db-index=\"162\" class=\"\" data-cell-type=\"text\" data-original-value=\"&lt;a href=&quot;https:\/\/teec.org.mx\/web\/wp-content\/uploads\/2020\/08\/TEEC-JDC-8-2020-Desahogo-de-pruebas-04-08-2020.pdf&quot; target=&quot;_blank&quot;&gt;TEEC\/JDC\/8\/2020 (Desahogo de pruebas)&lt;\/a&gt;\" data-order=\"&lt;a href=&quot;https:\/\/teec.org.mx\/web\/wp-content\/uploads\/2020\/08\/TEEC-JDC-8-2020-Desahogo-de-pruebas-04-08-2020.pdf&quot; target=&quot;_blank&quot;&gt;TEEC\/JDC\/8\/2020 (Desahogo de pruebas)&lt;\/a&gt;\" ><a href=\"https:\/\/teec.org.mx\/web\/wp-content\/uploads\/2020\/08\/TEEC-JDC-8-2020-Desahogo-de-pruebas-04-08-2020.pdf\" target=\"_blank\">TEEC\/JDC\/8\/2020 (Desahogo de pruebas)<\/a><\/td><\/tr><tr style=\"height:px\" ><td data-cell-id=\"A163\" data-x=\"0\" data-y=\"163\" data-db-index=\"163\" class=\"\" data-cell-type=\"text\" data-original-value=\"31 de julio de 2020, a las 8:40 horas\" data-order=\"31 de julio de 2020, a las 8:40 horas\" >31 de julio de 2020, a las 8:40 horas <\/td><td data-cell-id=\"B163\" data-x=\"1\" data-y=\"163\" data-db-index=\"163\" class=\"\" data-cell-type=\"text\" data-original-value=\"Ciudadana Deysi Cristina Rodr\u00edguez Hern\u00e1ndez, Regidora de la Junta Municipal de Mamantel, Carmen, Campeche\" data-order=\"Ciudadana Deysi Cristina Rodr\u00edguez Hern\u00e1ndez, Regidora de la Junta Municipal de Mamantel, Carmen, Campeche\" >Ciudadana Deysi Cristina Rodr\u00edguez Hern\u00e1ndez, Regidora de la Junta Municipal de Mamantel, Carmen, Campeche <\/td><td data-cell-id=\"C163\" data-x=\"2\" data-y=\"163\" data-db-index=\"163\" class=\"\" data-cell-type=\"text\" data-original-value=\"Presidente Licenciado Benigno Mart\u00ednez Canul yTesorera Ciudadana Elizabeth Hern\u00e1ndez Ascencio, Ambos de la Junta Municipal de Mamantel, Carmen, Campeche\" data-order=\"Presidente Licenciado Benigno Mart\u00ednez Canul yTesorera Ciudadana Elizabeth Hern\u00e1ndez Ascencio, Ambos de la Junta Municipal de Mamantel, Carmen, Campeche\" >Presidente Licenciado Benigno Mart\u00ednez Canul yTesorera Ciudadana Elizabeth Hern\u00e1ndez Ascencio, Ambos de la Junta Municipal de Mamantel, Carmen, Campeche <\/td><td data-cell-id=\"D163\" data-x=\"3\" data-y=\"163\" data-db-index=\"163\" class=\"\" data-cell-type=\"text\" data-original-value=\"&lt;a href=&quot;https:\/\/teec.org.mx\/web\/wp-content\/uploads\/2020\/07\/TEEC-JDC-8-2020-Acu.-plenario-31-07-2020.pdf&quot; target=&quot;_blank&quot;&gt;TEEC\/JDC\/8\/2020 (Acuerdo de acumulaci\u00f3n, admisi\u00f3n y desahogo de pruebas)&lt;\/a&gt;\" data-order=\"&lt;a href=&quot;https:\/\/teec.org.mx\/web\/wp-content\/uploads\/2020\/07\/TEEC-JDC-8-2020-Acu.-plenario-31-07-2020.pdf&quot; target=&quot;_blank&quot;&gt;TEEC\/JDC\/8\/2020 (Acuerdo de acumulaci\u00f3n, admisi\u00f3n y desahogo de pruebas)&lt;\/a&gt;\" ><a href=\"https:\/\/teec.org.mx\/web\/wp-content\/uploads\/2020\/07\/TEEC-JDC-8-2020-Acu.-plenario-31-07-2020.pdf\" target=\"_blank\">TEEC\/JDC\/8\/2020 (Acuerdo de acumulaci\u00f3n, admisi\u00f3n y desahogo de pruebas)<\/a><\/td><\/tr><tr style=\"height:px\" ><td data-cell-id=\"A164\" data-x=\"0\" data-y=\"164\" data-db-index=\"164\" class=\"\" data-cell-type=\"text\" data-original-value=\"27 de julio de 2020, a las 8:30 horas\" data-order=\"27 de julio de 2020, a las 8:30 horas\" >27 de julio de 2020, a las 8:30 horas <\/td><td data-cell-id=\"B164\" data-x=\"1\" data-y=\"164\" data-db-index=\"164\" class=\"\" data-cell-type=\"text\" data-original-value=\"Ciudadana Deysi Cristina Rodr\u00edguez Hern\u00e1ndez, Regidora de la Junta Municipal de Mamantel, Carmen, Campeche\" data-order=\"Ciudadana Deysi Cristina Rodr\u00edguez Hern\u00e1ndez, Regidora de la Junta Municipal de Mamantel, Carmen, Campeche\" >Ciudadana Deysi Cristina Rodr\u00edguez Hern\u00e1ndez, Regidora de la Junta Municipal de Mamantel, Carmen, Campeche <\/td><td data-cell-id=\"C164\" data-x=\"2\" data-y=\"164\" data-db-index=\"164\" class=\"\" data-cell-type=\"text\" data-original-value=\"Presidente Licenciado Benigno Mart\u00ednez Canul y Tesorera Ciudadana Elizabeth Hern\u00e1ndez Ascencio, ambos de la Junta Municipal de Mamantel, Carmen, Campeche\" data-order=\"Presidente Licenciado Benigno Mart\u00ednez Canul y Tesorera Ciudadana Elizabeth Hern\u00e1ndez Ascencio, ambos de la Junta Municipal de Mamantel, Carmen, Campeche\" >Presidente Licenciado Benigno Mart\u00ednez Canul y Tesorera Ciudadana Elizabeth Hern\u00e1ndez Ascencio, ambos de la Junta Municipal de Mamantel, Carmen, Campeche <\/td><td data-cell-id=\"D164\" data-x=\"3\" data-y=\"164\" data-db-index=\"164\" class=\"\" data-cell-type=\"text\" data-original-value=\"&lt;a href=&quot;https:\/\/teec.org.mx\/web\/wp-content\/uploads\/2020\/07\/TEEC-JDC-8-2020-Acu.-plenario-27-07-2020.pdf&quot; target=&quot;_blank&quot;&gt;TEEC\/JDC\/8\/2020 (Acuerdo plenario del 24 de julio 2020)&lt;\/a&gt;\" data-order=\"&lt;a href=&quot;https:\/\/teec.org.mx\/web\/wp-content\/uploads\/2020\/07\/TEEC-JDC-8-2020-Acu.-plenario-27-07-2020.pdf&quot; target=&quot;_blank&quot;&gt;TEEC\/JDC\/8\/2020 (Acuerdo plenario del 24 de julio 2020)&lt;\/a&gt;\" ><a href=\"https:\/\/teec.org.mx\/web\/wp-content\/uploads\/2020\/07\/TEEC-JDC-8-2020-Acu.-plenario-27-07-2020.pdf\" target=\"_blank\">TEEC\/JDC\/8\/2020 (Acuerdo plenario del 24 de julio 2020)<\/a><\/td><\/tr><tr style=\"height:px\" ><td data-cell-id=\"A165\" data-x=\"0\" data-y=\"165\" data-db-index=\"165\" class=\"\" data-cell-type=\"text\" data-original-value=\"24 de julio de 2020, a las 13:55 horas\" data-order=\"24 de julio de 2020, a las 13:55 horas\" >24 de julio de 2020, a las 13:55 horas <\/td><td data-cell-id=\"B165\" data-x=\"1\" data-y=\"165\" data-db-index=\"165\" class=\"\" data-cell-type=\"text\" data-original-value=\"Ciudadana Patricia Le\u00f3n L\u00f3pez, quien se ostenta como Secretaria General del Comit\u00e9 Ejecutivo Estatal del Partido Morena, as\u00ed como Militante y Consejera Nacional de Dicho Partido Pol\u00edtico\" data-order=\"Ciudadana Patricia Le\u00f3n L\u00f3pez, quien se ostenta como Secretaria General del Comit\u00e9 Ejecutivo Estatal del Partido Morena, as\u00ed como Militante y Consejera Nacional de Dicho Partido Pol\u00edtico\" >Ciudadana Patricia Le\u00f3n L\u00f3pez, quien se ostenta como Secretaria General del Comit\u00e9 Ejecutivo Estatal del Partido Morena, as\u00ed como Militante y Consejera Nacional de Dicho Partido Pol\u00edtico <\/td><td data-cell-id=\"C165\" data-x=\"2\" data-y=\"165\" data-db-index=\"165\" class=\"\" data-cell-type=\"text\" data-original-value=\"Comisi\u00f3n Nacional de Honor y Justicia de Morena\" data-order=\"Comisi\u00f3n Nacional de Honor y Justicia de Morena\" >Comisi\u00f3n Nacional de Honor y Justicia de Morena <\/td><td data-cell-id=\"D165\" data-x=\"3\" data-y=\"165\" data-db-index=\"165\" class=\"\" data-cell-type=\"text\" data-original-value=\"&lt;a href=&quot;https:\/\/teec.org.mx\/web\/wp-content\/uploads\/2020\/07\/TEEC-JDC-7-2020-Acu.-de-alegatos-24-07-2020.pdf&quot; target=&quot;_blank&quot;&gt;TEEC\/JDC\/7\/2020 (Diligencia de alegatos)&lt;\/a&gt;\" data-order=\"&lt;a href=&quot;https:\/\/teec.org.mx\/web\/wp-content\/uploads\/2020\/07\/TEEC-JDC-7-2020-Acu.-de-alegatos-24-07-2020.pdf&quot; target=&quot;_blank&quot;&gt;TEEC\/JDC\/7\/2020 (Diligencia de alegatos)&lt;\/a&gt;\" ><a href=\"https:\/\/teec.org.mx\/web\/wp-content\/uploads\/2020\/07\/TEEC-JDC-7-2020-Acu.-de-alegatos-24-07-2020.pdf\" target=\"_blank\">TEEC\/JDC\/7\/2020 (Diligencia de alegatos)<\/a><\/td><\/tr><tr style=\"height:px\" ><td data-cell-id=\"A166\" data-x=\"0\" data-y=\"166\" data-db-index=\"166\" class=\"\" data-cell-type=\"text\" data-original-value=\"24 de julio de 2020, a las 11:15 horas\" data-order=\"24 de julio de 2020, a las 11:15 horas\" >24 de julio de 2020, a las 11:15 horas <\/td><td data-cell-id=\"B166\" data-x=\"1\" data-y=\"166\" data-db-index=\"166\" class=\"\" data-cell-type=\"text\" data-original-value=\"Ciudadana Deysi Cristina Rodr\u00edguez Hern\u00e1ndez, Regidora de la Junta Municipal de Mamantel, Carmen, Campeche\" data-order=\"Ciudadana Deysi Cristina Rodr\u00edguez Hern\u00e1ndez, Regidora de la Junta Municipal de Mamantel, Carmen, Campeche\" >Ciudadana Deysi Cristina Rodr\u00edguez Hern\u00e1ndez, Regidora de la Junta Municipal de Mamantel, Carmen, Campeche <\/td><td data-cell-id=\"C166\" data-x=\"2\" data-y=\"166\" data-db-index=\"166\" class=\"\" data-cell-type=\"text\" data-original-value=\"Presidente Licenciado Benigno Mart\u00ednez Canul y Tesorera Ciudadana Elizabeth Hern\u00e1ndez Ascencio, ambos de la Junta Municipal de Mamantel, Carmen, Campeche\" data-order=\"Presidente Licenciado Benigno Mart\u00ednez Canul y Tesorera Ciudadana Elizabeth Hern\u00e1ndez Ascencio, ambos de la Junta Municipal de Mamantel, Carmen, Campeche\" >Presidente Licenciado Benigno Mart\u00ednez Canul y Tesorera Ciudadana Elizabeth Hern\u00e1ndez Ascencio, ambos de la Junta Municipal de Mamantel, Carmen, Campeche <\/td><td data-cell-id=\"D166\" data-x=\"3\" data-y=\"166\" data-db-index=\"166\" class=\"\" data-cell-type=\"text\" data-original-value=\"&lt;a href=&quot;https:\/\/teec.org.mx\/web\/wp-content\/uploads\/2020\/07\/TEEC-JDC-8-2020-Acu.-de-rec.-y-rad.-24-07-2020.pdf&quot; target=&quot;_blank&quot;&gt;TEEC\/JDC\/8\/2020 (Acuerdo de recepci\u00f3n y radicaci\u00f3n)&lt;\/a&gt;\" data-order=\"&lt;a href=&quot;https:\/\/teec.org.mx\/web\/wp-content\/uploads\/2020\/07\/TEEC-JDC-8-2020-Acu.-de-rec.-y-rad.-24-07-2020.pdf&quot; target=&quot;_blank&quot;&gt;TEEC\/JDC\/8\/2020 (Acuerdo de recepci\u00f3n y radicaci\u00f3n)&lt;\/a&gt;\" ><a href=\"https:\/\/teec.org.mx\/web\/wp-content\/uploads\/2020\/07\/TEEC-JDC-8-2020-Acu.-de-rec.-y-rad.-24-07-2020.pdf\" target=\"_blank\">TEEC\/JDC\/8\/2020 (Acuerdo de recepci\u00f3n y radicaci\u00f3n)<\/a><\/td><\/tr><tr style=\"height:px\" ><td data-cell-id=\"A167\" data-x=\"0\" data-y=\"167\" data-db-index=\"167\" class=\"\" data-cell-type=\"text\" data-original-value=\"22 de julio de 2020, a las 14:10 horas\" data-order=\"22 de julio de 2020, a las 14:10 horas\" >22 de julio de 2020, a las 14:10 horas <\/td><td data-cell-id=\"B167\" data-x=\"1\" data-y=\"167\" data-db-index=\"167\" class=\"\" data-cell-type=\"text\" data-original-value=\"Ciudadana Deysi Cristina Rodr\u00edguez Hern\u00e1ndez, Regidora de la Junta Municipal de Mamantel, Carmen, Campeche\" data-order=\"Ciudadana Deysi Cristina Rodr\u00edguez Hern\u00e1ndez, Regidora de la Junta Municipal de Mamantel, Carmen, Campeche\" >Ciudadana Deysi Cristina Rodr\u00edguez Hern\u00e1ndez, Regidora de la Junta Municipal de Mamantel, Carmen, Campeche <\/td><td data-cell-id=\"C167\" data-x=\"2\" data-y=\"167\" data-db-index=\"167\" class=\"\" data-cell-type=\"text\" data-original-value=\"Presidente Licenciado Benigno Mart\u00ednez Canul y Tesorera Ciudadana Elizabeth Hern\u00e1ndez Ascencio, ambos de la Junta Municipal de Mamantel, Carmen, Campeche\" data-order=\"Presidente Licenciado Benigno Mart\u00ednez Canul y Tesorera Ciudadana Elizabeth Hern\u00e1ndez Ascencio, ambos de la Junta Municipal de Mamantel, Carmen, Campeche\" >Presidente Licenciado Benigno Mart\u00ednez Canul y Tesorera Ciudadana Elizabeth Hern\u00e1ndez Ascencio, ambos de la Junta Municipal de Mamantel, Carmen, Campeche <\/td><td data-cell-id=\"D167\" data-x=\"3\" data-y=\"167\" data-db-index=\"167\" class=\"\" data-cell-type=\"text\" data-original-value=\"&lt;a href=&quot;https:\/\/teec.org.mx\/web\/wp-content\/uploads\/2020\/07\/TEEC-JDC-8-2020-Acu.-tramite-y-turno-22-07-2020.pdf&quot; target=&quot;_blank&quot;&gt;TEEC\/JDC\/8\/ (Acuerdo de tr\u00e1mite y turno)&lt;\/a&gt;\" data-order=\"&lt;a href=&quot;https:\/\/teec.org.mx\/web\/wp-content\/uploads\/2020\/07\/TEEC-JDC-8-2020-Acu.-tramite-y-turno-22-07-2020.pdf&quot; target=&quot;_blank&quot;&gt;TEEC\/JDC\/8\/ (Acuerdo de tr\u00e1mite y turno)&lt;\/a&gt;\" ><a href=\"https:\/\/teec.org.mx\/web\/wp-content\/uploads\/2020\/07\/TEEC-JDC-8-2020-Acu.-tramite-y-turno-22-07-2020.pdf\" target=\"_blank\">TEEC\/JDC\/8\/ (Acuerdo de tr\u00e1mite y turno)<\/a><\/td><\/tr><tr style=\"height:px\" ><td data-cell-id=\"A168\" data-x=\"0\" data-y=\"168\" data-db-index=\"168\" class=\"\" data-cell-type=\"text\" data-original-value=\"22 de julio de 2020, a las 11:15 horas\" data-order=\"22 de julio de 2020, a las 11:15 horas\" >22 de julio de 2020, a las 11:15 horas <\/td><td data-cell-id=\"B168\" data-x=\"1\" data-y=\"168\" data-db-index=\"168\" class=\"\" data-cell-type=\"text\" data-original-value=\"Ciudadana Deysi Cristina Rodr\u00edguez Hern\u00e1ndez, Regidora de la Junta Municipal de Mamantel, Carmen, Campeche\" data-order=\"Ciudadana Deysi Cristina Rodr\u00edguez Hern\u00e1ndez, Regidora de la Junta Municipal de Mamantel, Carmen, Campeche\" >Ciudadana Deysi Cristina Rodr\u00edguez Hern\u00e1ndez, Regidora de la Junta Municipal de Mamantel, Carmen, Campeche <\/td><td data-cell-id=\"C168\" data-x=\"2\" data-y=\"168\" data-db-index=\"168\" class=\"\" data-cell-type=\"text\" data-original-value=\"Presidente Licenciado Benigno Mart\u00ednez Canul y Tesorera Ciudadana Elizabeth Hern\u00e1ndez Ascencio, ambos de la Junta Municipal de Mamantel, Carmen, Campeche\" data-order=\"Presidente Licenciado Benigno Mart\u00ednez Canul y Tesorera Ciudadana Elizabeth Hern\u00e1ndez Ascencio, ambos de la Junta Municipal de Mamantel, Carmen, Campeche\" >Presidente Licenciado Benigno Mart\u00ednez Canul y Tesorera Ciudadana Elizabeth Hern\u00e1ndez Ascencio, ambos de la Junta Municipal de Mamantel, Carmen, Campeche <\/td><td data-cell-id=\"D168\" data-x=\"3\" data-y=\"168\" data-db-index=\"168\" class=\"\" data-cell-type=\"text\" data-original-value=\"&lt;a href=&quot;https:\/\/teec.org.mx\/web\/wp-content\/uploads\/2020\/07\/TEEC-JDC-8-2020-22-07-2020.pdf&quot; target=&quot;_blank&quot;&gt;TEEC\/JDC\/8\/2020 (Diligencia de ratificaci\u00f3n de firma aut\u00f3grafa)&lt;\/a&gt;\" data-order=\"&lt;a href=&quot;https:\/\/teec.org.mx\/web\/wp-content\/uploads\/2020\/07\/TEEC-JDC-8-2020-22-07-2020.pdf&quot; target=&quot;_blank&quot;&gt;TEEC\/JDC\/8\/2020 (Diligencia de ratificaci\u00f3n de firma aut\u00f3grafa)&lt;\/a&gt;\" ><a href=\"https:\/\/teec.org.mx\/web\/wp-content\/uploads\/2020\/07\/TEEC-JDC-8-2020-22-07-2020.pdf\" target=\"_blank\">TEEC\/JDC\/8\/2020 (Diligencia de ratificaci\u00f3n de firma aut\u00f3grafa)<\/a><\/td><\/tr><tr style=\"height:px\" ><td data-cell-id=\"A169\" data-x=\"0\" data-y=\"169\" data-db-index=\"169\" class=\"\" data-cell-type=\"text\" data-original-value=\"20 de julio de 2020, a las 14:40 horas\" data-order=\"20 de julio de 2020, a las 14:40 horas\" >20 de julio de 2020, a las 14:40 horas <\/td><td data-cell-id=\"B169\" data-x=\"1\" data-y=\"169\" data-db-index=\"169\" class=\"\" data-cell-type=\"text\" data-original-value=\"Ciudadana Patricia Le\u00f3n L\u00f3pez\" data-order=\"Ciudadana Patricia Le\u00f3n L\u00f3pez\" >Ciudadana Patricia Le\u00f3n L\u00f3pez <\/td><td data-cell-id=\"C169\" data-x=\"2\" data-y=\"169\" data-db-index=\"169\" class=\"\" data-cell-type=\"text\" data-original-value=\"Comisi\u00f3n Nacional de Honor y Justicia de Morena\" data-order=\"Comisi\u00f3n Nacional de Honor y Justicia de Morena\" >Comisi\u00f3n Nacional de Honor y Justicia de Morena <\/td><td data-cell-id=\"D169\" data-x=\"3\" data-y=\"169\" data-db-index=\"169\" class=\"\" data-cell-type=\"text\" data-original-value=\"&lt;a href=&quot;https:\/\/teec.org.mx\/web\/wp-content\/uploads\/2020\/07\/TEEC-JDC-7-2020-Acu.-de-admisi\u00f3n-20-07-2020.pdf&quot; target=&quot;_blank&quot;&gt;TEEC\/JDC\/7\/2020 (Acuerdo de admisi\u00f3n)&lt;\/a&gt;\" data-order=\"&lt;a href=&quot;https:\/\/teec.org.mx\/web\/wp-content\/uploads\/2020\/07\/TEEC-JDC-7-2020-Acu.-de-admisi\u00f3n-20-07-2020.pdf&quot; target=&quot;_blank&quot;&gt;TEEC\/JDC\/7\/2020 (Acuerdo de admisi\u00f3n)&lt;\/a&gt;\" ><a href=\"https:\/\/teec.org.mx\/web\/wp-content\/uploads\/2020\/07\/TEEC-JDC-7-2020-Acu.-de-admisi\u00f3n-20-07-2020.pdf\" target=\"_blank\">TEEC\/JDC\/7\/2020 (Acuerdo de admisi\u00f3n)<\/a><\/td><\/tr><tr style=\"height:px\" ><td data-cell-id=\"A170\" data-x=\"0\" data-y=\"170\" data-db-index=\"170\" class=\"\" data-cell-type=\"text\" data-original-value=\"15 de julio de 2020, a las 14:50 horas\" data-order=\"15 de julio de 2020, a las 14:50 horas\" >15 de julio de 2020, a las 14:50 horas <\/td><td data-cell-id=\"B170\" data-x=\"1\" data-y=\"170\" data-db-index=\"170\" class=\"\" data-cell-type=\"text\" data-original-value=\"Ciudadana Patricia Le\u00f3n L\u00f3pez\" data-order=\"Ciudadana Patricia Le\u00f3n L\u00f3pez\" >Ciudadana Patricia Le\u00f3n L\u00f3pez <\/td><td data-cell-id=\"C170\" data-x=\"2\" data-y=\"170\" data-db-index=\"170\" class=\"\" data-cell-type=\"text\" data-original-value=\"Comisi\u00f3n Nacional de Honor y Justicia de Morena\" data-order=\"Comisi\u00f3n Nacional de Honor y Justicia de Morena\" >Comisi\u00f3n Nacional de Honor y Justicia de Morena <\/td><td data-cell-id=\"D170\" data-x=\"3\" data-y=\"170\" data-db-index=\"170\" class=\"\" data-cell-type=\"text\" data-original-value=\"&lt;a href=&quot;https:\/\/teec.org.mx\/web\/wp-content\/uploads\/2020\/07\/TEEC-JDC-7-2020-2do-acu-15-07-2020.pdf&quot; target=&quot;_blank&quot;&gt;TEEC\/JDC\/7\/2020 (Acuerdo de requerimiento)&lt;\/a&gt;\" data-order=\"&lt;a href=&quot;https:\/\/teec.org.mx\/web\/wp-content\/uploads\/2020\/07\/TEEC-JDC-7-2020-2do-acu-15-07-2020.pdf&quot; target=&quot;_blank&quot;&gt;TEEC\/JDC\/7\/2020 (Acuerdo de requerimiento)&lt;\/a&gt;\" ><a href=\"https:\/\/teec.org.mx\/web\/wp-content\/uploads\/2020\/07\/TEEC-JDC-7-2020-2do-acu-15-07-2020.pdf\" target=\"_blank\">TEEC\/JDC\/7\/2020 (Acuerdo de requerimiento)<\/a><\/td><\/tr><tr style=\"height:px\" ><td data-cell-id=\"A171\" data-x=\"0\" data-y=\"171\" data-db-index=\"171\" class=\"\" data-cell-type=\"text\" data-original-value=\"15 de julio de 2020, a las 13:00 horas\" data-order=\"15 de julio de 2020, a las 13:00 horas\" >15 de julio de 2020, a las 13:00 horas <\/td><td data-cell-id=\"B171\" data-x=\"1\" data-y=\"171\" data-db-index=\"171\" class=\"\" data-cell-type=\"text\" data-original-value=\"Ciudadana Patricia Le\u00f3n L\u00f3pez\" data-order=\"Ciudadana Patricia Le\u00f3n L\u00f3pez\" >Ciudadana Patricia Le\u00f3n L\u00f3pez <\/td><td data-cell-id=\"C171\" data-x=\"2\" data-y=\"171\" data-db-index=\"171\" class=\"\" data-cell-type=\"text\" data-original-value=\"Comisi\u00f3n Nacional de Honor y Justicia de Morena\" data-order=\"Comisi\u00f3n Nacional de Honor y Justicia de Morena\" >Comisi\u00f3n Nacional de Honor y Justicia de Morena <\/td><td data-cell-id=\"D171\" data-x=\"3\" data-y=\"171\" data-db-index=\"171\" class=\"\" data-cell-type=\"text\" data-original-value=\"&lt;a href=&quot;https:\/\/teec.org.mx\/web\/wp-content\/uploads\/2020\/07\/TEEC-JDC-7-2020-ratificaci%C3%B3n-videollamada-15-07-2020.pdf&quot; target=&quot;_blank&quot;&gt;TEEC\/JDC\/7\/2020 (Diligencia de ratificaci\u00f3n de firma)&lt;\/a&gt;\" data-order=\"&lt;a href=&quot;https:\/\/teec.org.mx\/web\/wp-content\/uploads\/2020\/07\/TEEC-JDC-7-2020-ratificaci%C3%B3n-videollamada-15-07-2020.pdf&quot; target=&quot;_blank&quot;&gt;TEEC\/JDC\/7\/2020 (Diligencia de ratificaci\u00f3n de firma)&lt;\/a&gt;\" ><a href=\"https:\/\/teec.org.mx\/web\/wp-content\/uploads\/2020\/07\/TEEC-JDC-7-2020-ratificaci%C3%B3n-videollamada-15-07-2020.pdf\" target=\"_blank\">TEEC\/JDC\/7\/2020 (Diligencia de ratificaci\u00f3n de firma)<\/a><\/td><\/tr><tr style=\"height:px\" ><td data-cell-id=\"A172\" data-x=\"0\" data-y=\"172\" data-db-index=\"172\" class=\"\" data-cell-type=\"text\" data-original-value=\"14 de julio de 2020, a las 12:50 horas\" data-order=\"14 de julio de 2020, a las 12:50 horas\" >14 de julio de 2020, a las 12:50 horas <\/td><td data-cell-id=\"B172\" data-x=\"1\" data-y=\"172\" data-db-index=\"172\" class=\"\" data-cell-type=\"text\" data-original-value=\"Ciudadana Patricia Le\u00f3n L\u00f3pez\" data-order=\"Ciudadana Patricia Le\u00f3n L\u00f3pez\" >Ciudadana Patricia Le\u00f3n L\u00f3pez <\/td><td data-cell-id=\"C172\" data-x=\"2\" data-y=\"172\" data-db-index=\"172\" class=\"\" data-cell-type=\"text\" data-original-value=\"Comisi\u00f3n Nacional de Honor y Justicia de Morena\" data-order=\"Comisi\u00f3n Nacional de Honor y Justicia de Morena\" >Comisi\u00f3n Nacional de Honor y Justicia de Morena <\/td><td data-cell-id=\"D172\" data-x=\"3\" data-y=\"172\" data-db-index=\"172\" class=\"\" data-cell-type=\"text\" data-original-value=\"&lt;a href=&quot;https:\/\/teec.org.mx\/web\/wp-content\/uploads\/2020\/07\/TEEC-JDC-7-2020-acu.-turno-14-07-2020.pdf&quot; target=&quot;_blank&quot;&gt;TEEC\/JDC\/7\/2020 (Acuerdo de ratificaci\u00f3n de firma)&lt;\/a&gt;\" data-order=\"&lt;a href=&quot;https:\/\/teec.org.mx\/web\/wp-content\/uploads\/2020\/07\/TEEC-JDC-7-2020-acu.-turno-14-07-2020.pdf&quot; target=&quot;_blank&quot;&gt;TEEC\/JDC\/7\/2020 (Acuerdo de ratificaci\u00f3n de firma)&lt;\/a&gt;\" ><a href=\"https:\/\/teec.org.mx\/web\/wp-content\/uploads\/2020\/07\/TEEC-JDC-7-2020-acu.-turno-14-07-2020.pdf\" target=\"_blank\">TEEC\/JDC\/7\/2020 (Acuerdo de ratificaci\u00f3n de firma)<\/a><\/td><\/tr><tr style=\"height:px\" ><td data-cell-id=\"A173\" data-x=\"0\" data-y=\"173\" data-db-index=\"173\" class=\"\" data-cell-type=\"text\" data-original-value=\"09 de julio de 2020, a las 13:30 horas\" data-order=\"09 de julio de 2020, a las 13:30 horas\" >09 de julio de 2020, a las 13:30 horas <\/td><td data-cell-id=\"B173\" data-x=\"1\" data-y=\"173\" data-db-index=\"173\" class=\"\" data-cell-type=\"text\" data-original-value=\"Ciudadana Patricia Le\u00f3n L\u00f3pez\" data-order=\"Ciudadana Patricia Le\u00f3n L\u00f3pez\" >Ciudadana Patricia Le\u00f3n L\u00f3pez <\/td><td data-cell-id=\"C173\" data-x=\"2\" data-y=\"173\" data-db-index=\"173\" class=\"\" data-cell-type=\"text\" data-original-value=\"Comisi\u00f3n Nacional de Honor y Justicia de Morena\" data-order=\"Comisi\u00f3n Nacional de Honor y Justicia de Morena\" >Comisi\u00f3n Nacional de Honor y Justicia de Morena <\/td><td data-cell-id=\"D173\" data-x=\"3\" data-y=\"173\" data-db-index=\"173\" class=\"\" data-cell-type=\"text\" data-original-value=\"&lt;a href=&quot;https:\/\/teec.org.mx\/web\/wp-content\/uploads\/2020\/07\/TEEC-JDC-7-2020-Acu.-de-turno-09-07-2020.pdf&quot; target=&quot;_blank&quot;&gt;TEEC\/JDC\/7\/2020 (Acuerdo de turno)&lt;\/a&gt;\" data-order=\"&lt;a href=&quot;https:\/\/teec.org.mx\/web\/wp-content\/uploads\/2020\/07\/TEEC-JDC-7-2020-Acu.-de-turno-09-07-2020.pdf&quot; target=&quot;_blank&quot;&gt;TEEC\/JDC\/7\/2020 (Acuerdo de turno)&lt;\/a&gt;\" ><a href=\"https:\/\/teec.org.mx\/web\/wp-content\/uploads\/2020\/07\/TEEC-JDC-7-2020-Acu.-de-turno-09-07-2020.pdf\" target=\"_blank\">TEEC\/JDC\/7\/2020 (Acuerdo de turno)<\/a><\/td><\/tr><tr style=\"height:px\" ><td data-cell-id=\"A174\" data-x=\"0\" data-y=\"174\" data-db-index=\"174\" class=\"\" data-cell-type=\"text\" data-original-value=\"17 de marzo de 2020, a las 11:15 horas\" data-order=\"17 de marzo de 2020, a las 11:15 horas\" >17 de marzo de 2020, a las 11:15 horas <\/td><td data-cell-id=\"B174\" data-x=\"1\" data-y=\"174\" data-db-index=\"174\" class=\"\" data-cell-type=\"text\" data-original-value=\"Ciudadano Fredy Alberto Eu\u00e1n Ch\u00ed, Ciudadana Martha Elena Tuz Hass, Ciudadana Mar\u00eda Guadalupe Balam Mezeta y Ciudadano Carlos Ren\u00e9 Balam Medina\" data-order=\"Ciudadano Fredy Alberto Eu\u00e1n Ch\u00ed, Ciudadana Martha Elena Tuz Hass, Ciudadana Mar\u00eda Guadalupe Balam Mezeta y Ciudadano Carlos Ren\u00e9 Balam Medina\" >Ciudadano Fredy Alberto Eu\u00e1n Ch\u00ed, Ciudadana Martha Elena Tuz Hass, Ciudadana Mar\u00eda Guadalupe Balam Mezeta y Ciudadano Carlos Ren\u00e9 Balam Medina <\/td><td data-cell-id=\"C174\" data-x=\"2\" data-y=\"174\" data-db-index=\"174\" class=\"\" data-cell-type=\"text\" data-original-value=\"H. Ayuntamiento del Municipio de Hecelchak\u00e1n, Campeche\" data-order=\"H. Ayuntamiento del Municipio de Hecelchak\u00e1n, Campeche\" >H. Ayuntamiento del Municipio de Hecelchak\u00e1n, Campeche <\/td><td data-cell-id=\"D174\" data-x=\"3\" data-y=\"174\" data-db-index=\"174\" class=\"\" data-cell-type=\"text\" data-original-value=\"&lt;a href=&quot;https:\/\/teec.org.mx\/web\/wp-content\/uploads\/2020\/03\/TEEC-JDC-1-2020-y-acum.-17-03-2020.pdf&quot; target=&quot;_blank&quot;&gt;TEEC\/JDC\/1\/2020 y sus acumulados TEEC\/JDC\/2\/2020, TEEC\/JDC\/3\/2020 y TEEC\/JDC\/4\/2020 (Cumplimiento de requerimiento)&lt;\/a&gt;\" data-order=\"&lt;a href=&quot;https:\/\/teec.org.mx\/web\/wp-content\/uploads\/2020\/03\/TEEC-JDC-1-2020-y-acum.-17-03-2020.pdf&quot; target=&quot;_blank&quot;&gt;TEEC\/JDC\/1\/2020 y sus acumulados TEEC\/JDC\/2\/2020, TEEC\/JDC\/3\/2020 y TEEC\/JDC\/4\/2020 (Cumplimiento de requerimiento)&lt;\/a&gt;\" ><a href=\"https:\/\/teec.org.mx\/web\/wp-content\/uploads\/2020\/03\/TEEC-JDC-1-2020-y-acum.-17-03-2020.pdf\" target=\"_blank\">TEEC\/JDC\/1\/2020 y sus acumulados TEEC\/JDC\/2\/2020, TEEC\/JDC\/3\/2020 y TEEC\/JDC\/4\/2020 (Cumplimiento de requerimiento)<\/a><\/td><\/tr><tr style=\"height:px\" ><td data-cell-id=\"A175\" data-x=\"0\" data-y=\"175\" data-db-index=\"175\" class=\"\" data-cell-type=\"text\" data-original-value=\"13 de marzo de 2019, a las 11:40 horas\" data-order=\"13 de marzo de 2019, a las 11:40 horas\" >13 de marzo de 2019, a las 11:40 horas <\/td><td data-cell-id=\"B175\" data-x=\"1\" data-y=\"175\" data-db-index=\"175\" class=\"\" data-cell-type=\"text\" data-original-value=\"Ciudadanos Mayda Aracely Mas Tun, Ana Luisa Chi Pech, Victor Manuel Interian Chin, Luis Fernando Cahuich Cahuich, Marlene Concepci\u00f3n Pech Pech, Alvino Cauich Chan, Elisa Cauich Dzul, Rolando Ku Ek, Idelfonso Dzul Chan, Manuela Dzul Chan, Delmi Araceli Dzul Naal y Eusebio Ek Uc\" data-order=\"Ciudadanos Mayda Aracely Mas Tun, Ana Luisa Chi Pech, Victor Manuel Interian Chin, Luis Fernando Cahuich Cahuich, Marlene Concepci\u00f3n Pech Pech, Alvino Cauich Chan, Elisa Cauich Dzul, Rolando Ku Ek, Idelfonso Dzul Chan, Manuela Dzul Chan, Delmi Araceli Dzul Naal y Eusebio Ek Uc\" >Ciudadanos Mayda Aracely Mas Tun, Ana Luisa Chi Pech, Victor Manuel Interian Chin, Luis Fernando Cahuich Cahuich, Marlene Concepci\u00f3n Pech Pech, Alvino Cauich Chan, Elisa Cauich Dzul, Rolando Ku Ek, Idelfonso Dzul Chan, Manuela Dzul Chan, Delmi Araceli Dzul Naal y Eusebio Ek Uc <\/td><td data-cell-id=\"C175\" data-x=\"2\" data-y=\"175\" data-db-index=\"175\" class=\"\" data-cell-type=\"text\" data-original-value=\"Secretar\u00eda de Organizaci\u00f3n del Comit\u00e9 Ejecutivo Nacional de Morena\" data-order=\"Secretar\u00eda de Organizaci\u00f3n del Comit\u00e9 Ejecutivo Nacional de Morena\" >Secretar\u00eda de Organizaci\u00f3n del Comit\u00e9 Ejecutivo Nacional de Morena <\/td><td data-cell-id=\"D175\" data-x=\"3\" data-y=\"175\" data-db-index=\"175\" class=\"\" data-cell-type=\"text\" data-original-value=\"&lt;a href=&quot;https:\/\/teec.org.mx\/web\/wp-content\/uploads\/2020\/03\/TEEC-JDC-12-2019-y-sus-acum.-13-03-2020.pdf&quot; target=&quot;_blank&quot;&gt;TEEC\/JDC\/12\/2019 y sus acumulados TEEC\/JDC\/13\/2019, TEEC\/JDC\/14\/2019, TEEC\/JDC\/15\/2019, TEEC\/JDC\/16\/2019, TEEC\/JDC\/17\/2019, TEEC\/JDC\/18\/2019, TEEC\/JDC\/19\/2019, TEEC\/JDC\/20\/2019, TEEC\/JDC\/21\/2019, TEEC\/JDC\/22\/2019, TEEC\/JDC\/23\/2019 (Acuerdo acumulaci\u00f3n de documentaci\u00f3n de la autoridad responsable)&lt;\/a&gt;\" data-order=\"&lt;a href=&quot;https:\/\/teec.org.mx\/web\/wp-content\/uploads\/2020\/03\/TEEC-JDC-12-2019-y-sus-acum.-13-03-2020.pdf&quot; target=&quot;_blank&quot;&gt;TEEC\/JDC\/12\/2019 y sus acumulados TEEC\/JDC\/13\/2019, TEEC\/JDC\/14\/2019, TEEC\/JDC\/15\/2019, TEEC\/JDC\/16\/2019, TEEC\/JDC\/17\/2019, TEEC\/JDC\/18\/2019, TEEC\/JDC\/19\/2019, TEEC\/JDC\/20\/2019, TEEC\/JDC\/21\/2019, TEEC\/JDC\/22\/2019, TEEC\/JDC\/23\/2019 (Acuerdo acumulaci\u00f3n de documentaci\u00f3n de la autoridad responsable)&lt;\/a&gt;\" ><a href=\"https:\/\/teec.org.mx\/web\/wp-content\/uploads\/2020\/03\/TEEC-JDC-12-2019-y-sus-acum.-13-03-2020.pdf\" target=\"_blank\">TEEC\/JDC\/12\/2019 y sus acumulados TEEC\/JDC\/13\/2019, TEEC\/JDC\/14\/2019, TEEC\/JDC\/15\/2019, TEEC\/JDC\/16\/2019, TEEC\/JDC\/17\/2019, TEEC\/JDC\/18\/2019, TEEC\/JDC\/19\/2019, TEEC\/JDC\/20\/2019, TEEC\/JDC\/21\/2019, TEEC\/JDC\/22\/2019, TEEC\/JDC\/23\/2019 (Acuerdo acumulaci\u00f3n de documentaci\u00f3n de la autoridad responsable)<\/a><\/td><\/tr><tr style=\"height:px\" ><td data-cell-id=\"A176\" data-x=\"0\" data-y=\"176\" data-db-index=\"176\" class=\"\" data-cell-type=\"text\" data-original-value=\"13 de marzo de 2020, a las 11:35 horas\" data-order=\"13 de marzo de 2020, a las 11:35 horas\" >13 de marzo de 2020, a las 11:35 horas <\/td><td data-cell-id=\"B176\" data-x=\"1\" data-y=\"176\" data-db-index=\"176\" class=\"\" data-cell-type=\"text\" data-original-value=\"Ciudadanos Carlos Ram\u00edrez Cortez y V\u00edctor Javier Hern\u00e1ndez Ponce \" data-order=\"Ciudadanos Carlos Ram\u00edrez Cortez y V\u00edctor Javier Hern\u00e1ndez Ponce \" >Ciudadanos Carlos Ram\u00edrez Cortez y V\u00edctor Javier Hern\u00e1ndez Ponce <\/td><td data-cell-id=\"C176\" data-x=\"2\" data-y=\"176\" data-db-index=\"176\" class=\"\" data-cell-type=\"text\" data-original-value=\"Comisi\u00f3n Nacional de Honor y Justicia del Partido Pol\u00edtico Morena\" data-order=\"Comisi\u00f3n Nacional de Honor y Justicia del Partido Pol\u00edtico Morena\" >Comisi\u00f3n Nacional de Honor y Justicia del Partido Pol\u00edtico Morena <\/td><td data-cell-id=\"D176\" data-x=\"3\" data-y=\"176\" data-db-index=\"176\" class=\"\" data-cell-type=\"text\" data-original-value=\"&lt;a href=&quot;https:\/\/teec.org.mx\/web\/wp-content\/uploads\/2020\/03\/TEEC-JDC-5-2020-y-su-acum.-13-03-2020.pdf&quot; target=&quot;_blank&quot;&gt;TEEC\/JDC\/5\/2020 y su acumulado TEEC\/JDC\/6\/2020 (Se declara firme la sentencia)&lt;\/a&gt;\" data-order=\"&lt;a href=&quot;https:\/\/teec.org.mx\/web\/wp-content\/uploads\/2020\/03\/TEEC-JDC-5-2020-y-su-acum.-13-03-2020.pdf&quot; target=&quot;_blank&quot;&gt;TEEC\/JDC\/5\/2020 y su acumulado TEEC\/JDC\/6\/2020 (Se declara firme la sentencia)&lt;\/a&gt;\" ><a href=\"https:\/\/teec.org.mx\/web\/wp-content\/uploads\/2020\/03\/TEEC-JDC-5-2020-y-su-acum.-13-03-2020.pdf\" target=\"_blank\">TEEC\/JDC\/5\/2020 y su acumulado TEEC\/JDC\/6\/2020 (Se declara firme la sentencia)<\/a><\/td><\/tr><tr style=\"height:px\" ><td data-cell-id=\"A177\" data-x=\"0\" data-y=\"177\" data-db-index=\"177\" class=\"\" data-cell-type=\"text\" data-original-value=\"12 de marzo de 2020, a las 11:30 horas\" data-order=\"12 de marzo de 2020, a las 11:30 horas\" >12 de marzo de 2020, a las 11:30 horas <\/td><td data-cell-id=\"B177\" data-x=\"1\" data-y=\"177\" data-db-index=\"177\" class=\"\" data-cell-type=\"text\" data-original-value=\"Ciudadano Fredy Alberto Eu\u00e1n Ch\u00ed, Ciudadana Martha Elena Tuz Hass, Ciudadana Maria Guadalupe Balam Mezeta y Ciudadano Carlos Ren\u00e9 Balam Medina\" data-order=\"Ciudadano Fredy Alberto Eu\u00e1n Ch\u00ed, Ciudadana Martha Elena Tuz Hass, Ciudadana Maria Guadalupe Balam Mezeta y Ciudadano Carlos Ren\u00e9 Balam Medina\" >Ciudadano Fredy Alberto Eu\u00e1n Ch\u00ed, Ciudadana Martha Elena Tuz Hass, Ciudadana Maria Guadalupe Balam Mezeta y Ciudadano Carlos Ren\u00e9 Balam Medina <\/td><td data-cell-id=\"C177\" data-x=\"2\" data-y=\"177\" data-db-index=\"177\" class=\"\" data-cell-type=\"text\" data-original-value=\"H. Ayuntamiento del Municipio de Hecelchak\u00e1n, Campeche\" data-order=\"H. Ayuntamiento del Municipio de Hecelchak\u00e1n, Campeche\" >H. Ayuntamiento del Municipio de Hecelchak\u00e1n, Campeche <\/td><td data-cell-id=\"D177\" data-x=\"3\" data-y=\"177\" data-db-index=\"177\" class=\"\" data-cell-type=\"text\" data-original-value=\"&lt;a href=&quot;https:\/\/teec.org.mx\/web\/wp-content\/uploads\/2020\/03\/TEEC-JDC-1-2020-12-03-2020.pdf&quot; target=&quot;_blank&quot;&gt;TEEC\/JDC\/1\/2020 y sus acumulados TEEC\/JDC\/2\/2020, TEEC\/JDC\/3\/2020 y TEEC\/JDC\/4\/2020 (Acuerdo)&lt;\/a&gt;\" data-order=\"&lt;a href=&quot;https:\/\/teec.org.mx\/web\/wp-content\/uploads\/2020\/03\/TEEC-JDC-1-2020-12-03-2020.pdf&quot; target=&quot;_blank&quot;&gt;TEEC\/JDC\/1\/2020 y sus acumulados TEEC\/JDC\/2\/2020, TEEC\/JDC\/3\/2020 y TEEC\/JDC\/4\/2020 (Acuerdo)&lt;\/a&gt;\" ><a href=\"https:\/\/teec.org.mx\/web\/wp-content\/uploads\/2020\/03\/TEEC-JDC-1-2020-12-03-2020.pdf\" target=\"_blank\">TEEC\/JDC\/1\/2020 y sus acumulados TEEC\/JDC\/2\/2020, TEEC\/JDC\/3\/2020 y TEEC\/JDC\/4\/2020 (Acuerdo)<\/a><\/td><\/tr><tr style=\"height:px\" ><td data-cell-id=\"A178\" data-x=\"0\" data-y=\"178\" data-db-index=\"178\" class=\"\" data-cell-type=\"text\" data-original-value=\"05 de marzo de 2020, a las 11:20 horas\" data-order=\"05 de marzo de 2020, a las 11:20 horas\" >05 de marzo de 2020, a las 11:20 horas <\/td><td data-cell-id=\"B178\" data-x=\"1\" data-y=\"178\" data-db-index=\"178\" class=\"\" data-cell-type=\"text\" data-original-value=\"Ciudadano Fredy Alberto Eu\u00e1n Ch\u00ed, Ciudadana Martha Elena Tuz Hass, Ciudadana Mar\u00eda Guadalupe Balam Mezeta y Ciudadano Carlos Ren\u00e9 Balam Medina\" data-order=\"Ciudadano Fredy Alberto Eu\u00e1n Ch\u00ed, Ciudadana Martha Elena Tuz Hass, Ciudadana Mar\u00eda Guadalupe Balam Mezeta y Ciudadano Carlos Ren\u00e9 Balam Medina\" >Ciudadano Fredy Alberto Eu\u00e1n Ch\u00ed, Ciudadana Martha Elena Tuz Hass, Ciudadana Mar\u00eda Guadalupe Balam Mezeta y Ciudadano Carlos Ren\u00e9 Balam Medina <\/td><td data-cell-id=\"C178\" data-x=\"2\" data-y=\"178\" data-db-index=\"178\" class=\"\" data-cell-type=\"text\" data-original-value=\"H. Ayuntamiento del Municipio de Hecelchak\u00e1n, Campeche\" data-order=\"H. Ayuntamiento del Municipio de Hecelchak\u00e1n, Campeche\" >H. Ayuntamiento del Municipio de Hecelchak\u00e1n, Campeche <\/td><td data-cell-id=\"D178\" data-x=\"3\" data-y=\"178\" data-db-index=\"178\" class=\"\" data-cell-type=\"text\" data-original-value=\"&lt;a href=&quot;https:\/\/teec.org.mx\/web\/wp-content\/uploads\/2020\/03\/TEEC-JDC-1-2020-y-acum.-Sentencia-05-03-2020.pdf&quot; target=&quot;_blank&quot;&gt;TEEC\/JDC\/1\/2020 y sus acumulados TEEC\/JDC\/2\/2020, TEEC\/JDC\/3\/2020 y TEEC\/JDC\/4\/2020 (Sentencia)&lt;\/a&gt;\" data-order=\"&lt;a href=&quot;https:\/\/teec.org.mx\/web\/wp-content\/uploads\/2020\/03\/TEEC-JDC-1-2020-y-acum.-Sentencia-05-03-2020.pdf&quot; target=&quot;_blank&quot;&gt;TEEC\/JDC\/1\/2020 y sus acumulados TEEC\/JDC\/2\/2020, TEEC\/JDC\/3\/2020 y TEEC\/JDC\/4\/2020 (Sentencia)&lt;\/a&gt;\" ><a href=\"https:\/\/teec.org.mx\/web\/wp-content\/uploads\/2020\/03\/TEEC-JDC-1-2020-y-acum.-Sentencia-05-03-2020.pdf\" target=\"_blank\">TEEC\/JDC\/1\/2020 y sus acumulados TEEC\/JDC\/2\/2020, TEEC\/JDC\/3\/2020 y TEEC\/JDC\/4\/2020 (Sentencia)<\/a><\/td><\/tr><tr style=\"height:px\" ><td data-cell-id=\"A179\" data-x=\"0\" data-y=\"179\" data-db-index=\"179\" class=\"\" data-cell-type=\"text\" data-original-value=\"05 de marzo de 2020, a las 11:05 horas\" data-order=\"05 de marzo de 2020, a las 11:05 horas\" >05 de marzo de 2020, a las 11:05 horas <\/td><td data-cell-id=\"B179\" data-x=\"1\" data-y=\"179\" data-db-index=\"179\" class=\"\" data-cell-type=\"text\" data-original-value=\"Ciudadanos Carlos Ram\u00edrez Cortez y V\u00edctor Javier Hern\u00e1ndez Ponce\" data-order=\"Ciudadanos Carlos Ram\u00edrez Cortez y V\u00edctor Javier Hern\u00e1ndez Ponce\" >Ciudadanos Carlos Ram\u00edrez Cortez y V\u00edctor Javier Hern\u00e1ndez Ponce <\/td><td data-cell-id=\"C179\" data-x=\"2\" data-y=\"179\" data-db-index=\"179\" class=\"\" data-cell-type=\"text\" data-original-value=\"Comisi\u00f3n Nacional de Honestidad y Justicia del Partido Morena\" data-order=\"Comisi\u00f3n Nacional de Honestidad y Justicia del Partido Morena\" >Comisi\u00f3n Nacional de Honestidad y Justicia del Partido Morena <\/td><td data-cell-id=\"D179\" data-x=\"3\" data-y=\"179\" data-db-index=\"179\" class=\"\" data-cell-type=\"text\" data-original-value=\"&lt;a href=&quot;https:\/\/teec.org.mx\/web\/wp-content\/uploads\/2020\/03\/TEEC-JDC-5-2020-y-su-acum.-Sentencia-05-03-2020.pdf&quot; target=&quot;_blank&quot;&gt;TEEC\/JDC\/5\/2020 y su acumulado TEEC\/JDC\/6\/2020 (Sentencia)&lt;\/a&gt;\" data-order=\"&lt;a href=&quot;https:\/\/teec.org.mx\/web\/wp-content\/uploads\/2020\/03\/TEEC-JDC-5-2020-y-su-acum.-Sentencia-05-03-2020.pdf&quot; target=&quot;_blank&quot;&gt;TEEC\/JDC\/5\/2020 y su acumulado TEEC\/JDC\/6\/2020 (Sentencia)&lt;\/a&gt;\" ><a href=\"https:\/\/teec.org.mx\/web\/wp-content\/uploads\/2020\/03\/TEEC-JDC-5-2020-y-su-acum.-Sentencia-05-03-2020.pdf\" target=\"_blank\">TEEC\/JDC\/5\/2020 y su acumulado TEEC\/JDC\/6\/2020 (Sentencia)<\/a><\/td><\/tr><tr style=\"height:px\" ><td data-cell-id=\"A180\" data-x=\"0\" data-y=\"180\" data-db-index=\"180\" class=\"\" data-cell-type=\"text\" data-original-value=\"04 de marzo de 2020, a las 9:00 horas\" data-order=\"04 de marzo de 2020, a las 9:00 horas\" >04 de marzo de 2020, a las 9:00 horas <\/td><td data-cell-id=\"B180\" data-x=\"1\" data-y=\"180\" data-db-index=\"180\" class=\"\" data-cell-type=\"text\" data-original-value=\"Ciudadano Fredy Alberto Eu\u00e1n Ch\u00ed, Ciudadana Martha Elena Tuz Hass, Ciudadana Maria Guadalupe Balam Mezeta y Ciudadano Carlos Ren\u00e9 Balam Medina\" data-order=\"Ciudadano Fredy Alberto Eu\u00e1n Ch\u00ed, Ciudadana Martha Elena Tuz Hass, Ciudadana Maria Guadalupe Balam Mezeta y Ciudadano Carlos Ren\u00e9 Balam Medina\" >Ciudadano Fredy Alberto Eu\u00e1n Ch\u00ed, Ciudadana Martha Elena Tuz Hass, Ciudadana Maria Guadalupe Balam Mezeta y Ciudadano Carlos Ren\u00e9 Balam Medina <\/td><td data-cell-id=\"C180\" data-x=\"2\" data-y=\"180\" data-db-index=\"180\" class=\"\" data-cell-type=\"text\" data-original-value=\"H. Ayuntamiento del Municipio de Hecelchak\u00e1n, Campeche\" data-order=\"H. Ayuntamiento del Municipio de Hecelchak\u00e1n, Campeche\" >H. Ayuntamiento del Municipio de Hecelchak\u00e1n, Campeche <\/td><td data-cell-id=\"D180\" data-x=\"3\" data-y=\"180\" data-db-index=\"180\" class=\"\" data-cell-type=\"text\" data-original-value=\"&lt;a href=&quot;https:\/\/teec.org.mx\/web\/wp-content\/uploads\/2020\/03\/TEEC-JDC-1-2020-y-sus-acum.-04-03-2020.pdf&quot; target=&quot;_blank&quot;&gt;TEEC\/JDC\/1\/2020 y sus acumulados TEEC\/JDC\/2\/2020, TEEC\/JDC\/3\/2020 y TEEC\/JDC\/4\/2020 (Cierre de instrucci\u00f3n y se fija fecha y hora para sesi\u00f3n)&lt;\/a&gt;\" data-order=\"&lt;a href=&quot;https:\/\/teec.org.mx\/web\/wp-content\/uploads\/2020\/03\/TEEC-JDC-1-2020-y-sus-acum.-04-03-2020.pdf&quot; target=&quot;_blank&quot;&gt;TEEC\/JDC\/1\/2020 y sus acumulados TEEC\/JDC\/2\/2020, TEEC\/JDC\/3\/2020 y TEEC\/JDC\/4\/2020 (Cierre de instrucci\u00f3n y se fija fecha y hora para sesi\u00f3n)&lt;\/a&gt;\" ><a href=\"https:\/\/teec.org.mx\/web\/wp-content\/uploads\/2020\/03\/TEEC-JDC-1-2020-y-sus-acum.-04-03-2020.pdf\" target=\"_blank\">TEEC\/JDC\/1\/2020 y sus acumulados TEEC\/JDC\/2\/2020, TEEC\/JDC\/3\/2020 y TEEC\/JDC\/4\/2020 (Cierre de instrucci\u00f3n y se fija fecha y hora para sesi\u00f3n)<\/a><\/td><\/tr><tr style=\"height:px\" ><td data-cell-id=\"A181\" data-x=\"0\" data-y=\"181\" data-db-index=\"181\" class=\"\" data-cell-type=\"text\" data-original-value=\"03 de marzo de 2020, a las 12:15 horas\" data-order=\"03 de marzo de 2020, a las 12:15 horas\" >03 de marzo de 2020, a las 12:15 horas <\/td><td data-cell-id=\"B181\" data-x=\"1\" data-y=\"181\" data-db-index=\"181\" class=\"\" data-cell-type=\"text\" data-original-value=\"Ciudadano Fredy Alberto Eu\u00e1n Ch\u00ed, Ciudadana Martha Elena Tuz Hass, Ciudadana Maria Guadalupe Balam Mezeta y Ciudadano Carlos Ren\u00e9 Balam Medina\" data-order=\"Ciudadano Fredy Alberto Eu\u00e1n Ch\u00ed, Ciudadana Martha Elena Tuz Hass, Ciudadana Maria Guadalupe Balam Mezeta y Ciudadano Carlos Ren\u00e9 Balam Medina\" >Ciudadano Fredy Alberto Eu\u00e1n Ch\u00ed, Ciudadana Martha Elena Tuz Hass, Ciudadana Maria Guadalupe Balam Mezeta y Ciudadano Carlos Ren\u00e9 Balam Medina <\/td><td data-cell-id=\"C181\" data-x=\"2\" data-y=\"181\" data-db-index=\"181\" class=\"\" data-cell-type=\"text\" data-original-value=\"H. Ayuntamiento del Municipio de Hecelchak\u00e1n, Campeche\" data-order=\"H. Ayuntamiento del Municipio de Hecelchak\u00e1n, Campeche\" >H. Ayuntamiento del Municipio de Hecelchak\u00e1n, Campeche <\/td><td data-cell-id=\"D181\" data-x=\"3\" data-y=\"181\" data-db-index=\"181\" class=\"\" data-cell-type=\"text\" data-original-value=\"&lt;a href=&quot;https:\/\/teec.org.mx\/web\/wp-content\/uploads\/2020\/03\/TEEC-JDC-1-2020-y-acum.-03-03-2020.pdf&quot; target=&quot;_blank&quot;&gt;TEEC\/JDC\/1\/2020 y sus acumulados TEEC\/JDC\/2\/2020, TEEC\/JDC\/3\/2020 y TEEC\/JDC\/4\/2020 (Radicaci\u00f3n, admisi\u00f3n, pruebas y alegatos)&lt;\/a&gt;\" data-order=\"&lt;a href=&quot;https:\/\/teec.org.mx\/web\/wp-content\/uploads\/2020\/03\/TEEC-JDC-1-2020-y-acum.-03-03-2020.pdf&quot; target=&quot;_blank&quot;&gt;TEEC\/JDC\/1\/2020 y sus acumulados TEEC\/JDC\/2\/2020, TEEC\/JDC\/3\/2020 y TEEC\/JDC\/4\/2020 (Radicaci\u00f3n, admisi\u00f3n, pruebas y alegatos)&lt;\/a&gt;\" ><a href=\"https:\/\/teec.org.mx\/web\/wp-content\/uploads\/2020\/03\/TEEC-JDC-1-2020-y-acum.-03-03-2020.pdf\" target=\"_blank\">TEEC\/JDC\/1\/2020 y sus acumulados TEEC\/JDC\/2\/2020, TEEC\/JDC\/3\/2020 y TEEC\/JDC\/4\/2020 (Radicaci\u00f3n, admisi\u00f3n, pruebas y alegatos)<\/a><\/td><\/tr><tr style=\"height:px\" ><td data-cell-id=\"A182\" data-x=\"0\" data-y=\"182\" data-db-index=\"182\" class=\"\" data-cell-type=\"text\" data-original-value=\"03 de marzo de 2020, a las 11:20 horas\" data-order=\"03 de marzo de 2020, a las 11:20 horas\" >03 de marzo de 2020, a las 11:20 horas <\/td><td data-cell-id=\"B182\" data-x=\"1\" data-y=\"182\" data-db-index=\"182\" class=\"\" data-cell-type=\"text\" data-original-value=\"Ciudadano V\u00edctor Javier Hern\u00e1ndez Ponce\" data-order=\"Ciudadano V\u00edctor Javier Hern\u00e1ndez Ponce\" >Ciudadano V\u00edctor Javier Hern\u00e1ndez Ponce <\/td><td data-cell-id=\"C182\" data-x=\"2\" data-y=\"182\" data-db-index=\"182\" class=\"\" data-cell-type=\"text\" data-original-value=\"Comisi\u00f3n Nacional de Honor y Justicia del Partido Pol\u00edtico Morena\" data-order=\"Comisi\u00f3n Nacional de Honor y Justicia del Partido Pol\u00edtico Morena\" >Comisi\u00f3n Nacional de Honor y Justicia del Partido Pol\u00edtico Morena <\/td><td data-cell-id=\"D182\" data-x=\"3\" data-y=\"182\" data-db-index=\"182\" class=\"\" data-cell-type=\"text\" data-original-value=\"&lt;a href=&quot;https:\/\/teec.org.mx\/web\/wp-content\/uploads\/2020\/03\/TEEC-JDC-6-2020-2do-acu.-03-03-2020.pdf&quot; target=&quot;_blank&quot;&gt;TEEC\/JDC\/6\/2020 (2do acuerdo, se fija fecha y hora para sesi\u00f3n)&lt;\/a&gt;\" data-order=\"&lt;a href=&quot;https:\/\/teec.org.mx\/web\/wp-content\/uploads\/2020\/03\/TEEC-JDC-6-2020-2do-acu.-03-03-2020.pdf&quot; target=&quot;_blank&quot;&gt;TEEC\/JDC\/6\/2020 (2do acuerdo, se fija fecha y hora para sesi\u00f3n)&lt;\/a&gt;\" ><a href=\"https:\/\/teec.org.mx\/web\/wp-content\/uploads\/2020\/03\/TEEC-JDC-6-2020-2do-acu.-03-03-2020.pdf\" target=\"_blank\">TEEC\/JDC\/6\/2020 (2do acuerdo, se fija fecha y hora para sesi\u00f3n)<\/a><\/td><\/tr><tr style=\"height:px\" ><td data-cell-id=\"A183\" data-x=\"0\" data-y=\"183\" data-db-index=\"183\" class=\"\" data-cell-type=\"text\" data-original-value=\"03 de marzo de 2020, a las 11:15 horas\" data-order=\"03 de marzo de 2020, a las 11:15 horas\" >03 de marzo de 2020, a las 11:15 horas <\/td><td data-cell-id=\"B183\" data-x=\"1\" data-y=\"183\" data-db-index=\"183\" class=\"\" data-cell-type=\"text\" data-original-value=\"Ciudadano Carlos Ram\u00edrez Cortez\" data-order=\"Ciudadano Carlos Ram\u00edrez Cortez\" >Ciudadano Carlos Ram\u00edrez Cortez <\/td><td data-cell-id=\"C183\" data-x=\"2\" data-y=\"183\" data-db-index=\"183\" class=\"\" data-cell-type=\"text\" data-original-value=\"Comisi\u00f3n Nacional de Honor y Justicia del Partido Pol\u00edtico Morena\" data-order=\"Comisi\u00f3n Nacional de Honor y Justicia del Partido Pol\u00edtico Morena\" >Comisi\u00f3n Nacional de Honor y Justicia del Partido Pol\u00edtico Morena <\/td><td data-cell-id=\"D183\" data-x=\"3\" data-y=\"183\" data-db-index=\"183\" class=\"\" data-cell-type=\"text\" data-original-value=\"&lt;a href=&quot;https:\/\/teec.org.mx\/web\/wp-content\/uploads\/2020\/03\/TEEC-JDC-5-2020-2do-acu.-03-03-2020.pdf&quot; target=&quot;_blank&quot;&gt;TEEC\/JDC\/5\/2020 (2do acuerdo, se fija fecha y hora para sesi\u00f3n)&lt;\/a&gt;\" data-order=\"&lt;a href=&quot;https:\/\/teec.org.mx\/web\/wp-content\/uploads\/2020\/03\/TEEC-JDC-5-2020-2do-acu.-03-03-2020.pdf&quot; target=&quot;_blank&quot;&gt;TEEC\/JDC\/5\/2020 (2do acuerdo, se fija fecha y hora para sesi\u00f3n)&lt;\/a&gt;\" ><a href=\"https:\/\/teec.org.mx\/web\/wp-content\/uploads\/2020\/03\/TEEC-JDC-5-2020-2do-acu.-03-03-2020.pdf\" target=\"_blank\">TEEC\/JDC\/5\/2020 (2do acuerdo, se fija fecha y hora para sesi\u00f3n)<\/a><\/td><\/tr><tr style=\"height:px\" ><td data-cell-id=\"A184\" data-x=\"0\" data-y=\"184\" data-db-index=\"184\" class=\"\" data-cell-type=\"text\" data-original-value=\"03 de marzo de 2020, a las 10:25 horas\" data-order=\"03 de marzo de 2020, a las 10:25 horas\" >03 de marzo de 2020, a las 10:25 horas <\/td><td data-cell-id=\"B184\" data-x=\"1\" data-y=\"184\" data-db-index=\"184\" class=\"\" data-cell-type=\"text\" data-original-value=\"Ciudadano V\u00edctor Javier Hern\u00e1ndez Ponce\" data-order=\"Ciudadano V\u00edctor Javier Hern\u00e1ndez Ponce\" >Ciudadano V\u00edctor Javier Hern\u00e1ndez Ponce <\/td><td data-cell-id=\"C184\" data-x=\"2\" data-y=\"184\" data-db-index=\"184\" class=\"\" data-cell-type=\"text\" data-original-value=\"Comisi\u00f3n Nacional de Honor y Justicia del Partido Pol\u00edtico Morena\" data-order=\"Comisi\u00f3n Nacional de Honor y Justicia del Partido Pol\u00edtico Morena\" >Comisi\u00f3n Nacional de Honor y Justicia del Partido Pol\u00edtico Morena <\/td><td data-cell-id=\"D184\" data-x=\"3\" data-y=\"184\" data-db-index=\"184\" class=\"\" data-cell-type=\"text\" data-original-value=\"&lt;a href=&quot;https:\/\/teec.org.mx\/web\/wp-content\/uploads\/2020\/03\/TEEC-JDC-6-2020-03-03-2020.pdf&quot; target=&quot;_blank&quot;&gt;TEEC\/JDC\/6\/2020 (Se declara cerrada la instrucci\u00f3n y se sol. Fecha y hora para sesi\u00f3n)&lt;\/a&gt;\" data-order=\"&lt;a href=&quot;https:\/\/teec.org.mx\/web\/wp-content\/uploads\/2020\/03\/TEEC-JDC-6-2020-03-03-2020.pdf&quot; target=&quot;_blank&quot;&gt;TEEC\/JDC\/6\/2020 (Se declara cerrada la instrucci\u00f3n y se sol. Fecha y hora para sesi\u00f3n)&lt;\/a&gt;\" ><a href=\"https:\/\/teec.org.mx\/web\/wp-content\/uploads\/2020\/03\/TEEC-JDC-6-2020-03-03-2020.pdf\" target=\"_blank\">TEEC\/JDC\/6\/2020 (Se declara cerrada la instrucci\u00f3n y se sol. Fecha y hora para sesi\u00f3n)<\/a><\/td><\/tr><tr style=\"height:px\" ><td data-cell-id=\"A185\" data-x=\"0\" data-y=\"185\" data-db-index=\"185\" class=\"\" data-cell-type=\"text\" data-original-value=\"03 de marzo de 2020, a las 10:20 horas\" data-order=\"03 de marzo de 2020, a las 10:20 horas\" >03 de marzo de 2020, a las 10:20 horas <\/td><td data-cell-id=\"B185\" data-x=\"1\" data-y=\"185\" data-db-index=\"185\" class=\"\" data-cell-type=\"text\" data-original-value=\"Ciudadano Carlos Ram\u00edrez Cortez\" data-order=\"Ciudadano Carlos Ram\u00edrez Cortez\" >Ciudadano Carlos Ram\u00edrez Cortez <\/td><td data-cell-id=\"C185\" data-x=\"2\" data-y=\"185\" data-db-index=\"185\" class=\"\" data-cell-type=\"text\" data-original-value=\"Comisi\u00f3n Nacional de Honor y Justicia del Partido Pol\u00edtico Morena\" data-order=\"Comisi\u00f3n Nacional de Honor y Justicia del Partido Pol\u00edtico Morena\" >Comisi\u00f3n Nacional de Honor y Justicia del Partido Pol\u00edtico Morena <\/td><td data-cell-id=\"D185\" data-x=\"3\" data-y=\"185\" data-db-index=\"185\" class=\"\" data-cell-type=\"text\" data-original-value=\"&lt;a href=&quot;https:\/\/teec.org.mx\/web\/wp-content\/uploads\/2020\/03\/TEEC-JDC-5-2020-03-03-2020.pdf&quot; target=&quot;_blank&quot;&gt;TEEC\/JDC\/5\/2020 (Se declara cerrada la instrucci\u00f3n y se sol. fecha y hora para sesi\u00f3n)&lt;\/a&gt;\" data-order=\"&lt;a href=&quot;https:\/\/teec.org.mx\/web\/wp-content\/uploads\/2020\/03\/TEEC-JDC-5-2020-03-03-2020.pdf&quot; target=&quot;_blank&quot;&gt;TEEC\/JDC\/5\/2020 (Se declara cerrada la instrucci\u00f3n y se sol. fecha y hora para sesi\u00f3n)&lt;\/a&gt;\" ><a href=\"https:\/\/teec.org.mx\/web\/wp-content\/uploads\/2020\/03\/TEEC-JDC-5-2020-03-03-2020.pdf\" target=\"_blank\">TEEC\/JDC\/5\/2020 (Se declara cerrada la instrucci\u00f3n y se sol. fecha y hora para sesi\u00f3n)<\/a><\/td><\/tr><tr style=\"height:px\" ><td data-cell-id=\"A186\" data-x=\"0\" data-y=\"186\" data-db-index=\"186\" class=\"\" data-cell-type=\"text\" data-original-value=\"27 de febrero de 2020, a las 13:30 horas\" data-order=\"27 de febrero de 2020, a las 13:30 horas\" >27 de febrero de 2020, a las 13:30 horas <\/td><td data-cell-id=\"B186\" data-x=\"1\" data-y=\"186\" data-db-index=\"186\" class=\"\" data-cell-type=\"text\" data-original-value=\"Ciudadano Fredy Alberto Eu\u00e1n Ch\u00ed\" data-order=\"Ciudadano Fredy Alberto Eu\u00e1n Ch\u00ed\" >Ciudadano Fredy Alberto Eu\u00e1n Ch\u00ed <\/td><td data-cell-id=\"C186\" data-x=\"2\" data-y=\"186\" data-db-index=\"186\" class=\"\" data-cell-type=\"text\" data-original-value=\"Tribunal Electoral del Estado de Campeche\" data-order=\"Tribunal Electoral del Estado de Campeche\" >Tribunal Electoral del Estado de Campeche <\/td><td data-cell-id=\"D186\" data-x=\"3\" data-y=\"186\" data-db-index=\"186\" class=\"\" data-cell-type=\"text\" data-original-value=\"&lt;a href=&quot;https:\/\/teec.org.mx\/web\/wp-content\/uploads\/2020\/02\/TEEC-JDC-1-2020-y-acum-27-02-2020.pdf&quot; target=&quot;_blank&quot;&gt;TEEC\/JDC\/1\/2020 y sus acumulados TEEC\/JDC\/2\/2020, TEEC\/JDC\/3\/2020 y TEEC\/JDC\/4\/2020 (En auxilio de las labores de la Sala Regional Xalapa se ordena not. personalmente al actor)&lt;\/a&gt;\" data-order=\"&lt;a href=&quot;https:\/\/teec.org.mx\/web\/wp-content\/uploads\/2020\/02\/TEEC-JDC-1-2020-y-acum-27-02-2020.pdf&quot; target=&quot;_blank&quot;&gt;TEEC\/JDC\/1\/2020 y sus acumulados TEEC\/JDC\/2\/2020, TEEC\/JDC\/3\/2020 y TEEC\/JDC\/4\/2020 (En auxilio de las labores de la Sala Regional Xalapa se ordena not. personalmente al actor)&lt;\/a&gt;\" ><a href=\"https:\/\/teec.org.mx\/web\/wp-content\/uploads\/2020\/02\/TEEC-JDC-1-2020-y-acum-27-02-2020.pdf\" target=\"_blank\">TEEC\/JDC\/1\/2020 y sus acumulados TEEC\/JDC\/2\/2020, TEEC\/JDC\/3\/2020 y TEEC\/JDC\/4\/2020 (En auxilio de las labores de la Sala Regional Xalapa se ordena not. personalmente al actor)<\/a><\/td><\/tr><tr style=\"height:px\" ><td data-cell-id=\"A187\" data-x=\"0\" data-y=\"187\" data-db-index=\"187\" class=\"\" data-cell-type=\"text\" data-original-value=\"21 de febrero de 2020, a las 15:30 horas\" data-order=\"21 de febrero de 2020, a las 15:30 horas\" >21 de febrero de 2020, a las 15:30 horas <\/td><td data-cell-id=\"B187\" data-x=\"1\" data-y=\"187\" data-db-index=\"187\" class=\"\" data-cell-type=\"text\" data-original-value=\"Ciudadano Fredy Alberto Eu\u00e1n Ch\u00ed\" data-order=\"Ciudadano Fredy Alberto Eu\u00e1n Ch\u00ed\" >Ciudadano Fredy Alberto Eu\u00e1n Ch\u00ed <\/td><td data-cell-id=\"C187\" data-x=\"2\" data-y=\"187\" data-db-index=\"187\" class=\"\" data-cell-type=\"text\" data-original-value=\"Tribunal Electoral del Estado de Campeche\" data-order=\"Tribunal Electoral del Estado de Campeche\" >Tribunal Electoral del Estado de Campeche <\/td><td data-cell-id=\"D187\" data-x=\"3\" data-y=\"187\" data-db-index=\"187\" class=\"\" data-cell-type=\"text\" data-original-value=\"&lt;a href=&quot;https:\/\/teec.org.mx\/web\/wp-content\/uploads\/2020\/02\/TEEC-JDC-1-2020-y-acum-21-02-2020.pdf&quot; target=&quot;_blank&quot;&gt;TEEC\/JDC\/1\/2020 y sus acumulados TEEC\/JDC\/2\/2020, TEEC\/JDC\/3\/2020 y TEEC\/JDC\/4\/2020 (Se remite ced. de retiro y se da aviso a sala Xalapa de la no presentaci\u00f3n de tercero interesado)&lt;\/a&gt;\" data-order=\"&lt;a href=&quot;https:\/\/teec.org.mx\/web\/wp-content\/uploads\/2020\/02\/TEEC-JDC-1-2020-y-acum-21-02-2020.pdf&quot; target=&quot;_blank&quot;&gt;TEEC\/JDC\/1\/2020 y sus acumulados TEEC\/JDC\/2\/2020, TEEC\/JDC\/3\/2020 y TEEC\/JDC\/4\/2020 (Se remite ced. de retiro y se da aviso a sala Xalapa de la no presentaci\u00f3n de tercero interesado)&lt;\/a&gt;\" ><a href=\"https:\/\/teec.org.mx\/web\/wp-content\/uploads\/2020\/02\/TEEC-JDC-1-2020-y-acum-21-02-2020.pdf\" target=\"_blank\">TEEC\/JDC\/1\/2020 y sus acumulados TEEC\/JDC\/2\/2020, TEEC\/JDC\/3\/2020 y TEEC\/JDC\/4\/2020 (Se remite ced. de retiro y se da aviso a sala Xalapa de la no presentaci\u00f3n de tercero interesado)<\/a><\/td><\/tr><tr style=\"height:px\" ><td data-cell-id=\"A188\" data-x=\"0\" data-y=\"188\" data-db-index=\"188\" class=\"\" data-cell-type=\"text\" data-original-value=\"20 de febrero de 2020, a las 14:55 horas\" data-order=\"20 de febrero de 2020, a las 14:55 horas\" >20 de febrero de 2020, a las 14:55 horas <\/td><td data-cell-id=\"B188\" data-x=\"1\" data-y=\"188\" data-db-index=\"188\" class=\"\" data-cell-type=\"text\" data-original-value=\"Ciudadano Diego Ram\u00f3n Palmer Flores\" data-order=\"Ciudadano Diego Ram\u00f3n Palmer Flores\" >Ciudadano Diego Ram\u00f3n Palmer Flores <\/td><td data-cell-id=\"C188\" data-x=\"2\" data-y=\"188\" data-db-index=\"188\" class=\"\" data-cell-type=\"text\" data-original-value=\"Comit\u00e9 Ejecutivo Nacional de Morena, Secretar\u00eda de Organizaci\u00f3n del Comit\u00e9 Ejecutivo Nacional de Morena\" data-order=\"Comit\u00e9 Ejecutivo Nacional de Morena, Secretar\u00eda de Organizaci\u00f3n del Comit\u00e9 Ejecutivo Nacional de Morena\" >Comit\u00e9 Ejecutivo Nacional de Morena, Secretar\u00eda de Organizaci\u00f3n del Comit\u00e9 Ejecutivo Nacional de Morena <\/td><td data-cell-id=\"D188\" data-x=\"3\" data-y=\"188\" data-db-index=\"188\" class=\"\" data-cell-type=\"text\" data-original-value=\"&lt;a href=&quot;https:\/\/teec.org.mx\/web\/wp-content\/uploads\/2020\/02\/TEEC-JDC-25-2019-20-02-2020.pdf&quot; target=&quot;_blank&quot;&gt;TEEC\/JDC\/25\/2019 (Acumulaci\u00f3n y requerimiento a la aut. responsable)&lt;\/a&gt;\" data-order=\"&lt;a href=&quot;https:\/\/teec.org.mx\/web\/wp-content\/uploads\/2020\/02\/TEEC-JDC-25-2019-20-02-2020.pdf&quot; target=&quot;_blank&quot;&gt;TEEC\/JDC\/25\/2019 (Acumulaci\u00f3n y requerimiento a la aut. responsable)&lt;\/a&gt;\" ><a href=\"https:\/\/teec.org.mx\/web\/wp-content\/uploads\/2020\/02\/TEEC-JDC-25-2019-20-02-2020.pdf\" target=\"_blank\">TEEC\/JDC\/25\/2019 (Acumulaci\u00f3n y requerimiento a la aut. responsable)<\/a><\/td><\/tr><tr style=\"height:px\" ><td data-cell-id=\"A189\" data-x=\"0\" data-y=\"189\" data-db-index=\"189\" class=\"\" data-cell-type=\"text\" data-original-value=\"20 de febrero de 2020, a las 8:55 horas\" data-order=\"20 de febrero de 2020, a las 8:55 horas\" >20 de febrero de 2020, a las 8:55 horas <\/td><td data-cell-id=\"B189\" data-x=\"1\" data-y=\"189\" data-db-index=\"189\" class=\"\" data-cell-type=\"text\" data-original-value=\"Ciudadano V\u00edctor Javier Hern\u00e1ndez Ponce\" data-order=\"Ciudadano V\u00edctor Javier Hern\u00e1ndez Ponce\" >Ciudadano V\u00edctor Javier Hern\u00e1ndez Ponce <\/td><td data-cell-id=\"C189\" data-x=\"2\" data-y=\"189\" data-db-index=\"189\" class=\"\" data-cell-type=\"text\" data-original-value=\"Comisi\u00f3n Nacional de Honor y Justicia del Partido Pol\u00edtico Morena\" data-order=\"Comisi\u00f3n Nacional de Honor y Justicia del Partido Pol\u00edtico Morena\" >Comisi\u00f3n Nacional de Honor y Justicia del Partido Pol\u00edtico Morena <\/td><td data-cell-id=\"D189\" data-x=\"3\" data-y=\"189\" data-db-index=\"189\" class=\"\" data-cell-type=\"text\" data-original-value=\"&lt;a href=&quot;https:\/\/teec.org.mx\/web\/wp-content\/uploads\/2020\/02\/TEEC-JDC-6-2020-20-02-2020.pdf&quot; target=&quot;_blank&quot;&gt;TEEC\/JDC\/6\/2020 (Acuerdo de recepci\u00f3n, radicaci\u00f3n, admisi\u00f3n y se abre instrucci\u00f3n)&lt;\/a&gt;\" data-order=\"&lt;a href=&quot;https:\/\/teec.org.mx\/web\/wp-content\/uploads\/2020\/02\/TEEC-JDC-6-2020-20-02-2020.pdf&quot; target=&quot;_blank&quot;&gt;TEEC\/JDC\/6\/2020 (Acuerdo de recepci\u00f3n, radicaci\u00f3n, admisi\u00f3n y se abre instrucci\u00f3n)&lt;\/a&gt;\" ><a href=\"https:\/\/teec.org.mx\/web\/wp-content\/uploads\/2020\/02\/TEEC-JDC-6-2020-20-02-2020.pdf\" target=\"_blank\">TEEC\/JDC\/6\/2020 (Acuerdo de recepci\u00f3n, radicaci\u00f3n, admisi\u00f3n y se abre instrucci\u00f3n)<\/a><\/td><\/tr><tr style=\"height:px\" ><td data-cell-id=\"A190\" data-x=\"0\" data-y=\"190\" data-db-index=\"190\" class=\"\" data-cell-type=\"text\" data-original-value=\"20 de febrero de 2020, a las 8:50 horas\" data-order=\"20 de febrero de 2020, a las 8:50 horas\" >20 de febrero de 2020, a las 8:50 horas <\/td><td data-cell-id=\"B190\" data-x=\"1\" data-y=\"190\" data-db-index=\"190\" class=\"\" data-cell-type=\"text\" data-original-value=\"Ciudadano Carlos Ram\u00edrez Cortez\" data-order=\"Ciudadano Carlos Ram\u00edrez Cortez\" >Ciudadano Carlos Ram\u00edrez Cortez <\/td><td data-cell-id=\"C190\" data-x=\"2\" data-y=\"190\" data-db-index=\"190\" class=\"\" data-cell-type=\"text\" data-original-value=\"Ciudadano Carlos Ram\u00edrez Cortez\" data-order=\"Ciudadano Carlos Ram\u00edrez Cortez\" >Ciudadano Carlos Ram\u00edrez Cortez <\/td><td data-cell-id=\"D190\" data-x=\"3\" data-y=\"190\" data-db-index=\"190\" class=\"\" data-cell-type=\"text\" data-original-value=\"&lt;a href=&quot;https:\/\/teec.org.mx\/web\/wp-content\/uploads\/2020\/02\/TEEC-JDC-5-2020-20-02-2020.pdf&quot; target=&quot;_blank&quot;&gt;TEEC\/JDC\/5\/2020 (Acuerdo de recepci\u00f3n, radicaci\u00f3n, admisi\u00f3n y se abre instrucci\u00f3n)&lt;\/a&gt;\" data-order=\"&lt;a href=&quot;https:\/\/teec.org.mx\/web\/wp-content\/uploads\/2020\/02\/TEEC-JDC-5-2020-20-02-2020.pdf&quot; target=&quot;_blank&quot;&gt;TEEC\/JDC\/5\/2020 (Acuerdo de recepci\u00f3n, radicaci\u00f3n, admisi\u00f3n y se abre instrucci\u00f3n)&lt;\/a&gt;\" ><a href=\"https:\/\/teec.org.mx\/web\/wp-content\/uploads\/2020\/02\/TEEC-JDC-5-2020-20-02-2020.pdf\" target=\"_blank\">TEEC\/JDC\/5\/2020 (Acuerdo de recepci\u00f3n, radicaci\u00f3n, admisi\u00f3n y se abre instrucci\u00f3n)<\/a><\/td><\/tr><tr style=\"height:px\" ><td data-cell-id=\"A191\" data-x=\"0\" data-y=\"191\" data-db-index=\"191\" class=\"\" data-cell-type=\"text\" data-original-value=\"18 de febrero de 2020, a las 14:45 horas\" data-order=\"18 de febrero de 2020, a las 14:45 horas\" >18 de febrero de 2020, a las 14:45 horas <\/td><td data-cell-id=\"B191\" data-x=\"1\" data-y=\"191\" data-db-index=\"191\" class=\"\" data-cell-type=\"text\" data-original-value=\"Ciudadano Fredy Alberto Eu\u00e1n Ch\u00ed\" data-order=\"Ciudadano Fredy Alberto Eu\u00e1n Ch\u00ed\" >Ciudadano Fredy Alberto Eu\u00e1n Ch\u00ed <\/td><td data-cell-id=\"C191\" data-x=\"2\" data-y=\"191\" data-db-index=\"191\" class=\"\" data-cell-type=\"text\" data-original-value=\"Tribunal Electoral del Estado de Campeche\" data-order=\"Tribunal Electoral del Estado de Campeche\" >Tribunal Electoral del Estado de Campeche <\/td><td data-cell-id=\"D191\" data-x=\"3\" data-y=\"191\" data-db-index=\"191\" class=\"\" data-cell-type=\"text\" data-original-value=\"&lt;a href=&quot;https:\/\/teec.org.mx\/web\/wp-content\/uploads\/2020\/02\/TEEC-JDC-1-2020-y-acum.-18-02-2020.pdf&quot; target=&quot;_blank&quot;&gt;TEEC\/JDC\/1\/2020 y sus acumulados TEEC\/JDC\/2\/2020, TEEC\/JDC\/3\/2020 y TEEC\/JDC\/4\/2020 (Se remite para tr\u00e1mite, a la sala regional Xalapa, el medio de impugnaci\u00f3n)&lt;\/a&gt;\" data-order=\"&lt;a href=&quot;https:\/\/teec.org.mx\/web\/wp-content\/uploads\/2020\/02\/TEEC-JDC-1-2020-y-acum.-18-02-2020.pdf&quot; target=&quot;_blank&quot;&gt;TEEC\/JDC\/1\/2020 y sus acumulados TEEC\/JDC\/2\/2020, TEEC\/JDC\/3\/2020 y TEEC\/JDC\/4\/2020 (Se remite para tr\u00e1mite, a la sala regional Xalapa, el medio de impugnaci\u00f3n)&lt;\/a&gt;\" ><a href=\"https:\/\/teec.org.mx\/web\/wp-content\/uploads\/2020\/02\/TEEC-JDC-1-2020-y-acum.-18-02-2020.pdf\" target=\"_blank\">TEEC\/JDC\/1\/2020 y sus acumulados TEEC\/JDC\/2\/2020, TEEC\/JDC\/3\/2020 y TEEC\/JDC\/4\/2020 (Se remite para tr\u00e1mite, a la sala regional Xalapa, el medio de impugnaci\u00f3n)<\/a><\/td><\/tr><tr style=\"height:px\" ><td data-cell-id=\"A192\" data-x=\"0\" data-y=\"192\" data-db-index=\"192\" class=\"\" data-cell-type=\"text\" data-original-value=\"17 de febrero de 2020, a las 10:40 horas\" data-order=\"17 de febrero de 2020, a las 10:40 horas\" >17 de febrero de 2020, a las 10:40 horas <\/td><td data-cell-id=\"B192\" data-x=\"1\" data-y=\"192\" data-db-index=\"192\" class=\"\" data-cell-type=\"text\" data-original-value=\"Ciudadano Eliseo Fern\u00e1ndez Montufar\" data-order=\"Ciudadano Eliseo Fern\u00e1ndez Montufar\" >Ciudadano Eliseo Fern\u00e1ndez Montufar <\/td><td data-cell-id=\"C192\" data-x=\"2\" data-y=\"192\" data-db-index=\"192\" class=\"\" data-cell-type=\"text\" data-original-value=\"Tribunal Electoral del Estado de Campeche\" data-order=\"Tribunal Electoral del Estado de Campeche\" >Tribunal Electoral del Estado de Campeche <\/td><td data-cell-id=\"D192\" data-x=\"3\" data-y=\"192\" data-db-index=\"192\" class=\"\" data-cell-type=\"text\" data-original-value=\"&lt;a href=&quot;https:\/\/teec.org.mx\/web\/wp-content\/uploads\/2020\/02\/TEEC-JDC-60-2019-17-02-2020.pdf&quot; target=&quot;_blank&quot;&gt;TEEC\/JDC\/60\/2019 (Se declara firme y definitivo el presente asunto)&lt;\/a&gt;\" data-order=\"&lt;a href=&quot;https:\/\/teec.org.mx\/web\/wp-content\/uploads\/2020\/02\/TEEC-JDC-60-2019-17-02-2020.pdf&quot; target=&quot;_blank&quot;&gt;TEEC\/JDC\/60\/2019 (Se declara firme y definitivo el presente asunto)&lt;\/a&gt;\" ><a href=\"https:\/\/teec.org.mx\/web\/wp-content\/uploads\/2020\/02\/TEEC-JDC-60-2019-17-02-2020.pdf\" target=\"_blank\">TEEC\/JDC\/60\/2019 (Se declara firme y definitivo el presente asunto)<\/a><\/td><\/tr><tr style=\"height:px\" ><td data-cell-id=\"A193\" data-x=\"0\" data-y=\"193\" data-db-index=\"193\" class=\"\" data-cell-type=\"text\" data-original-value=\"14 de febrero de 2020, a las 11:20 horas\" data-order=\"14 de febrero de 2020, a las 11:20 horas\" >14 de febrero de 2020, a las 11:20 horas <\/td><td data-cell-id=\"B193\" data-x=\"1\" data-y=\"193\" data-db-index=\"193\" class=\"\" data-cell-type=\"text\" data-original-value=\"Ciudadano Eliseo Fern\u00e1ndez Montufar\" data-order=\"Ciudadano Eliseo Fern\u00e1ndez Montufar\" >Ciudadano Eliseo Fern\u00e1ndez Montufar <\/td><td data-cell-id=\"C193\" data-x=\"2\" data-y=\"193\" data-db-index=\"193\" class=\"\" data-cell-type=\"text\" data-original-value=\"Tribunal Electoral del Estado de Campeche\" data-order=\"Tribunal Electoral del Estado de Campeche\" >Tribunal Electoral del Estado de Campeche <\/td><td data-cell-id=\"D193\" data-x=\"3\" data-y=\"193\" data-db-index=\"193\" class=\"\" data-cell-type=\"text\" data-original-value=\"&lt;a href=&quot;https:\/\/teec.org.mx\/web\/wp-content\/uploads\/2020\/02\/TEEC-JDC-60-2019-14-02-2020.pdf&quot; target=&quot;_blank&quot;&gt;TEEC\/JDC\/60\/2019 (Se acumula cedula y sentencia de la sala superior)&lt;\/a&gt;\" data-order=\"&lt;a href=&quot;https:\/\/teec.org.mx\/web\/wp-content\/uploads\/2020\/02\/TEEC-JDC-60-2019-14-02-2020.pdf&quot; target=&quot;_blank&quot;&gt;TEEC\/JDC\/60\/2019 (Se acumula cedula y sentencia de la sala superior)&lt;\/a&gt;\" ><a href=\"https:\/\/teec.org.mx\/web\/wp-content\/uploads\/2020\/02\/TEEC-JDC-60-2019-14-02-2020.pdf\" target=\"_blank\">TEEC\/JDC\/60\/2019 (Se acumula cedula y sentencia de la sala superior)<\/a><\/td><\/tr><tr style=\"height:px\" ><td data-cell-id=\"A194\" data-x=\"0\" data-y=\"194\" data-db-index=\"194\" class=\"\" data-cell-type=\"text\" data-original-value=\"12 de febrero de 2020, a las 13:30 horas\" data-order=\"12 de febrero de 2020, a las 13:30 horas\" >12 de febrero de 2020, a las 13:30 horas <\/td><td data-cell-id=\"B194\" data-x=\"1\" data-y=\"194\" data-db-index=\"194\" class=\"\" data-cell-type=\"text\" data-original-value=\"Ciudadano V\u00edctor Javier Hern\u00e1ndez Ponce\" data-order=\"Ciudadano V\u00edctor Javier Hern\u00e1ndez Ponce\" >Ciudadano V\u00edctor Javier Hern\u00e1ndez Ponce <\/td><td data-cell-id=\"C194\" data-x=\"2\" data-y=\"194\" data-db-index=\"194\" class=\"\" data-cell-type=\"text\" data-original-value=\"Comisi\u00f3n Nacional de Honor y Justicia del Partido Pol\u00edtico Morena\" data-order=\"Comisi\u00f3n Nacional de Honor y Justicia del Partido Pol\u00edtico Morena\" >Comisi\u00f3n Nacional de Honor y Justicia del Partido Pol\u00edtico Morena <\/td><td data-cell-id=\"D194\" data-x=\"3\" data-y=\"194\" data-db-index=\"194\" class=\"\" data-cell-type=\"text\" data-original-value=\"&lt;a href=&quot;http:\/\/teec.org.mx\/web\/wp-content\/uploads\/2020\/02\/TEEC-JDC-6-2020-12-02-2020.pdf&quot; target=&quot;_blank&quot;&gt;TEEC\/JDC\/6\/2020 (Acuerdo de turno)&lt;\/a&gt;\" data-order=\"&lt;a href=&quot;http:\/\/teec.org.mx\/web\/wp-content\/uploads\/2020\/02\/TEEC-JDC-6-2020-12-02-2020.pdf&quot; target=&quot;_blank&quot;&gt;TEEC\/JDC\/6\/2020 (Acuerdo de turno)&lt;\/a&gt;\" ><a href=\"http:\/\/teec.org.mx\/web\/wp-content\/uploads\/2020\/02\/TEEC-JDC-6-2020-12-02-2020.pdf\" target=\"_blank\">TEEC\/JDC\/6\/2020 (Acuerdo de turno)<\/a><\/td><\/tr><tr style=\"height:px\" ><td data-cell-id=\"A195\" data-x=\"0\" data-y=\"195\" data-db-index=\"195\" class=\"\" data-cell-type=\"text\" data-original-value=\"12 de febrero de 2020, a las 13:20 horas\" data-order=\"12 de febrero de 2020, a las 13:20 horas\" >12 de febrero de 2020, a las 13:20 horas <\/td><td data-cell-id=\"B195\" data-x=\"1\" data-y=\"195\" data-db-index=\"195\" class=\"\" data-cell-type=\"text\" data-original-value=\"Ciudadano Carlos Ram\u00edrez Cortez\" data-order=\"Ciudadano Carlos Ram\u00edrez Cortez\" >Ciudadano Carlos Ram\u00edrez Cortez <\/td><td data-cell-id=\"C195\" data-x=\"2\" data-y=\"195\" data-db-index=\"195\" class=\"\" data-cell-type=\"text\" data-original-value=\"Comisi\u00f3n Nacional de Honor y Justicia del Partido Pol\u00edtico Morena\" data-order=\"Comisi\u00f3n Nacional de Honor y Justicia del Partido Pol\u00edtico Morena\" >Comisi\u00f3n Nacional de Honor y Justicia del Partido Pol\u00edtico Morena <\/td><td data-cell-id=\"D195\" data-x=\"3\" data-y=\"195\" data-db-index=\"195\" class=\"\" data-cell-type=\"text\" data-original-value=\"&lt;a href=&quot;http:\/\/teec.org.mx\/web\/wp-content\/uploads\/2020\/02\/TEEC-JDC-5-2020-12-02-2020.pdf&quot; target=&quot;_blank&quot;&gt;TEEC\/JDC\/5\/2020 (Acuerdo de turno)&lt;\/a&gt;\" data-order=\"&lt;a href=&quot;http:\/\/teec.org.mx\/web\/wp-content\/uploads\/2020\/02\/TEEC-JDC-5-2020-12-02-2020.pdf&quot; target=&quot;_blank&quot;&gt;TEEC\/JDC\/5\/2020 (Acuerdo de turno)&lt;\/a&gt;\" ><a href=\"http:\/\/teec.org.mx\/web\/wp-content\/uploads\/2020\/02\/TEEC-JDC-5-2020-12-02-2020.pdf\" target=\"_blank\">TEEC\/JDC\/5\/2020 (Acuerdo de turno)<\/a><\/td><\/tr><tr style=\"height:px\" ><td data-cell-id=\"A196\" data-x=\"0\" data-y=\"196\" data-db-index=\"196\" class=\"\" data-cell-type=\"text\" data-original-value=\"12 de febrero de 2020, a las 13:10 horas\" data-order=\"12 de febrero de 2020, a las 13:10 horas\" >12 de febrero de 2020, a las 13:10 horas <\/td><td data-cell-id=\"B196\" data-x=\"1\" data-y=\"196\" data-db-index=\"196\" class=\"\" data-cell-type=\"text\" data-original-value=\"Ciudadanos Elberth Gustavo Chim Pacheco, \u00c1ngel Rodrigo Villarino Ram\u00edrez, Karen Jaqueline Aguiar Le\u00f3n, Manuel Jes\u00fas Uc Hass, Martha Isabel Canul Coll\u00ed, Juan Gabriel Moo Coll\u00ed y Bella Isabel De La Cruz Ascencio\" data-order=\"Ciudadanos Elberth Gustavo Chim Pacheco, \u00c1ngel Rodrigo Villarino Ram\u00edrez, Karen Jaqueline Aguiar Le\u00f3n, Manuel Jes\u00fas Uc Hass, Martha Isabel Canul Coll\u00ed, Juan Gabriel Moo Coll\u00ed y Bella Isabel De La Cruz Ascencio\" >Ciudadanos Elberth Gustavo Chim Pacheco, \u00c1ngel Rodrigo Villarino Ram\u00edrez, Karen Jaqueline Aguiar Le\u00f3n, Manuel Jes\u00fas Uc Hass, Martha Isabel Canul Coll\u00ed, Juan Gabriel Moo Coll\u00ed y Bella Isabel De La Cruz Ascencio <\/td><td data-cell-id=\"C196\" data-x=\"2\" data-y=\"196\" data-db-index=\"196\" class=\"\" data-cell-type=\"text\" data-original-value=\"Secretar\u00eda de Organizaci\u00f3n del Comit\u00e9 Ejecutivo Nacional de Morena\" data-order=\"Secretar\u00eda de Organizaci\u00f3n del Comit\u00e9 Ejecutivo Nacional de Morena\" >Secretar\u00eda de Organizaci\u00f3n del Comit\u00e9 Ejecutivo Nacional de Morena <\/td><td data-cell-id=\"D196\" data-x=\"3\" data-y=\"196\" data-db-index=\"196\" class=\"\" data-cell-type=\"text\" data-original-value=\"&lt;a href=&quot;http:\/\/teec.org.mx\/web\/wp-content\/uploads\/2020\/02\/TEEC-JDC-5-2019-y-acum.-12-02-2020.pdf&quot; target=&quot;_blank&quot;&gt;TEEC\/JDC\/5\/2019 y sus acumulados TEEC\/JDC\/6\/2019, TEEC\/JDC\/7\/2019, TEEC\/JDC\/8\/2019, TEEC\/JDC\/9\/2019, TEEC\/JDC\/10\/2019 y TEEC\/JDC\/11\/2019 (Cumplimiento parcial y requerimiento a la aut. Responsable)&lt;\/a&gt;\" data-order=\"&lt;a href=&quot;http:\/\/teec.org.mx\/web\/wp-content\/uploads\/2020\/02\/TEEC-JDC-5-2019-y-acum.-12-02-2020.pdf&quot; target=&quot;_blank&quot;&gt;TEEC\/JDC\/5\/2019 y sus acumulados TEEC\/JDC\/6\/2019, TEEC\/JDC\/7\/2019, TEEC\/JDC\/8\/2019, TEEC\/JDC\/9\/2019, TEEC\/JDC\/10\/2019 y TEEC\/JDC\/11\/2019 (Cumplimiento parcial y requerimiento a la aut. Responsable)&lt;\/a&gt;\" ><a href=\"http:\/\/teec.org.mx\/web\/wp-content\/uploads\/2020\/02\/TEEC-JDC-5-2019-y-acum.-12-02-2020.pdf\" target=\"_blank\">TEEC\/JDC\/5\/2019 y sus acumulados TEEC\/JDC\/6\/2019, TEEC\/JDC\/7\/2019, TEEC\/JDC\/8\/2019, TEEC\/JDC\/9\/2019, TEEC\/JDC\/10\/2019 y TEEC\/JDC\/11\/2019 (Cumplimiento parcial y requerimiento a la aut. Responsable)<\/a><\/td><\/tr><tr style=\"height:px\" ><td data-cell-id=\"A197\" data-x=\"0\" data-y=\"197\" data-db-index=\"197\" class=\"\" data-cell-type=\"text\" data-original-value=\"11 de febrero de 2020, a las 14:50 horas\" data-order=\"11 de febrero de 2020, a las 14:50 horas\" >11 de febrero de 2020, a las 14:50 horas <\/td><td data-cell-id=\"B197\" data-x=\"1\" data-y=\"197\" data-db-index=\"197\" class=\"\" data-cell-type=\"text\" data-original-value=\"Ciudadano Fredy Alberto Eu\u00e1n Ch\u00ed, Ciudadana Martha Elena Tuz Hass, Ciudadana Maria Guadalupe Balam Mezeta y Ciudadano Carlos Ren\u00e9 Balam Medina\" data-order=\"Ciudadano Fredy Alberto Eu\u00e1n Ch\u00ed, Ciudadana Martha Elena Tuz Hass, Ciudadana Maria Guadalupe Balam Mezeta y Ciudadano Carlos Ren\u00e9 Balam Medina\" >Ciudadano Fredy Alberto Eu\u00e1n Ch\u00ed, Ciudadana Martha Elena Tuz Hass, Ciudadana Maria Guadalupe Balam Mezeta y Ciudadano Carlos Ren\u00e9 Balam Medina <\/td><td data-cell-id=\"C197\" data-x=\"2\" data-y=\"197\" data-db-index=\"197\" class=\"\" data-cell-type=\"text\" data-original-value=\"H. Ayuntamiento del Municipio de Hecelchak\u00e1n, Campeche\" data-order=\"H. Ayuntamiento del Municipio de Hecelchak\u00e1n, Campeche\" >H. Ayuntamiento del Municipio de Hecelchak\u00e1n, Campeche <\/td><td data-cell-id=\"D197\" data-x=\"3\" data-y=\"197\" data-db-index=\"197\" class=\"\" data-cell-type=\"text\" data-original-value=\"&lt;a href=&quot;http:\/\/teec.org.mx\/web\/wp-content\/uploads\/2020\/02\/TEEC-JDC-1-2020-y-acum.-Acu.-plenario-11-02-2020.pdf&quot; target=&quot;_blank&quot;&gt;TEEC\/JDC\/1\/2020 y sus acumulados TEEC\/JDC\/2\/2020, TEEC\/JDC\/3\/2020 Y TEEC\/JDC\/4\/2020 (Acuerdo plenario de reencauzamiento)&lt;\/a&gt;\" data-order=\"&lt;a href=&quot;http:\/\/teec.org.mx\/web\/wp-content\/uploads\/2020\/02\/TEEC-JDC-1-2020-y-acum.-Acu.-plenario-11-02-2020.pdf&quot; target=&quot;_blank&quot;&gt;TEEC\/JDC\/1\/2020 y sus acumulados TEEC\/JDC\/2\/2020, TEEC\/JDC\/3\/2020 Y TEEC\/JDC\/4\/2020 (Acuerdo plenario de reencauzamiento)&lt;\/a&gt;\" ><a href=\"http:\/\/teec.org.mx\/web\/wp-content\/uploads\/2020\/02\/TEEC-JDC-1-2020-y-acum.-Acu.-plenario-11-02-2020.pdf\" target=\"_blank\">TEEC\/JDC\/1\/2020 y sus acumulados TEEC\/JDC\/2\/2020, TEEC\/JDC\/3\/2020 Y TEEC\/JDC\/4\/2020 (Acuerdo plenario de reencauzamiento)<\/a><\/td><\/tr><tr style=\"height:px\" ><td data-cell-id=\"A198\" data-x=\"0\" data-y=\"198\" data-db-index=\"198\" class=\"\" data-cell-type=\"text\" data-original-value=\"11 de febrero de 2020, a las 14:40 horas\" data-order=\"11 de febrero de 2020, a las 14:40 horas\" >11 de febrero de 2020, a las 14:40 horas <\/td><td data-cell-id=\"B198\" data-x=\"1\" data-y=\"198\" data-db-index=\"198\" class=\"\" data-cell-type=\"text\" data-original-value=\"Ciudadanos Mayda Aracely Mas Tun, Ana Luisa Chi Pech, Victor Manuel Interian Chin, Luis Fernando Cahuich Cahuich, Marlene Concepci\u00f3n Pech Pech, Alvino Cauich Chan, Elisa Cauich Dzul, Rolando Ku Ek, Idelfonso Dzul Chan, Manuela Dzul Chan, Delmi Araceli Dzul Naal y Eusebio Ek Uc\" data-order=\"Ciudadanos Mayda Aracely Mas Tun, Ana Luisa Chi Pech, Victor Manuel Interian Chin, Luis Fernando Cahuich Cahuich, Marlene Concepci\u00f3n Pech Pech, Alvino Cauich Chan, Elisa Cauich Dzul, Rolando Ku Ek, Idelfonso Dzul Chan, Manuela Dzul Chan, Delmi Araceli Dzul Naal y Eusebio Ek Uc\" >Ciudadanos Mayda Aracely Mas Tun, Ana Luisa Chi Pech, Victor Manuel Interian Chin, Luis Fernando Cahuich Cahuich, Marlene Concepci\u00f3n Pech Pech, Alvino Cauich Chan, Elisa Cauich Dzul, Rolando Ku Ek, Idelfonso Dzul Chan, Manuela Dzul Chan, Delmi Araceli Dzul Naal y Eusebio Ek Uc <\/td><td data-cell-id=\"C198\" data-x=\"2\" data-y=\"198\" data-db-index=\"198\" class=\"\" data-cell-type=\"text\" data-original-value=\"Secretar\u00eda de Organizaci\u00f3n del Comit\u00e9 Ejecutivo Nacional de Morena\" data-order=\"Secretar\u00eda de Organizaci\u00f3n del Comit\u00e9 Ejecutivo Nacional de Morena\" >Secretar\u00eda de Organizaci\u00f3n del Comit\u00e9 Ejecutivo Nacional de Morena <\/td><td data-cell-id=\"D198\" data-x=\"3\" data-y=\"198\" data-db-index=\"198\" class=\"\" data-cell-type=\"text\" data-original-value=\"&lt;a href=&quot;http:\/\/teec.org.mx\/web\/wp-content\/uploads\/2020\/02\/TEEC-JDC-12-2019-y-acum.-11-02-2020.pdf&quot; target=&quot;_blank&quot;&gt;TEEC\/JDC\/12\/2019 y sus acumulados TEEC\/JDC\/13\/2019, TEEC\/JDC\/14\/2019, TEEC\/JDC\/15\/2019, TEEC\/JDC\/16\/2019, TEEC\/JDC\/17\/2019, TEEC\/JDC\/18\/2019, TEEC\/JDC\/19\/2019, TEEC\/JDC\/20\/2019, TEEC\/JDC\/21\/2019, TEEC\/JDC\/22\/2019, TEEC\/JDC\/23\/2019 (Cumplimiento parcial y requerimiento a la aut. responsable)&lt;\/a&gt;\" data-order=\"&lt;a href=&quot;http:\/\/teec.org.mx\/web\/wp-content\/uploads\/2020\/02\/TEEC-JDC-12-2019-y-acum.-11-02-2020.pdf&quot; target=&quot;_blank&quot;&gt;TEEC\/JDC\/12\/2019 y sus acumulados TEEC\/JDC\/13\/2019, TEEC\/JDC\/14\/2019, TEEC\/JDC\/15\/2019, TEEC\/JDC\/16\/2019, TEEC\/JDC\/17\/2019, TEEC\/JDC\/18\/2019, TEEC\/JDC\/19\/2019, TEEC\/JDC\/20\/2019, TEEC\/JDC\/21\/2019, TEEC\/JDC\/22\/2019, TEEC\/JDC\/23\/2019 (Cumplimiento parcial y requerimiento a la aut. responsable)&lt;\/a&gt;\" ><a href=\"http:\/\/teec.org.mx\/web\/wp-content\/uploads\/2020\/02\/TEEC-JDC-12-2019-y-acum.-11-02-2020.pdf\" target=\"_blank\">TEEC\/JDC\/12\/2019 y sus acumulados TEEC\/JDC\/13\/2019, TEEC\/JDC\/14\/2019, TEEC\/JDC\/15\/2019, TEEC\/JDC\/16\/2019, TEEC\/JDC\/17\/2019, TEEC\/JDC\/18\/2019, TEEC\/JDC\/19\/2019, TEEC\/JDC\/20\/2019, TEEC\/JDC\/21\/2019, TEEC\/JDC\/22\/2019, TEEC\/JDC\/23\/2019 (Cumplimiento parcial y requerimiento a la aut. responsable)<\/a><\/td><\/tr><tr style=\"height:px\" ><td data-cell-id=\"A199\" data-x=\"0\" data-y=\"199\" data-db-index=\"199\" class=\"\" data-cell-type=\"text\" data-original-value=\"11 de febrero de 2020, a las 13:55 horas\" data-order=\"11 de febrero de 2020, a las 13:55 horas\" >11 de febrero de 2020, a las 13:55 horas <\/td><td data-cell-id=\"B199\" data-x=\"1\" data-y=\"199\" data-db-index=\"199\" class=\"\" data-cell-type=\"text\" data-original-value=\"Ciudadano Diego Ram\u00f3n Palmer Flores\" data-order=\"Ciudadano Diego Ram\u00f3n Palmer Flores\" >Ciudadano Diego Ram\u00f3n Palmer Flores <\/td><td data-cell-id=\"C199\" data-x=\"2\" data-y=\"199\" data-db-index=\"199\" class=\"\" data-cell-type=\"text\" data-original-value=\"Comit\u00e9 Ejecutivo Nacional de Morena, Secretar\u00eda de Organizaci\u00f3n del Comit\u00e9 Ejecutivo Nacional de Morena\" data-order=\"Comit\u00e9 Ejecutivo Nacional de Morena, Secretar\u00eda de Organizaci\u00f3n del Comit\u00e9 Ejecutivo Nacional de Morena\" >Comit\u00e9 Ejecutivo Nacional de Morena, Secretar\u00eda de Organizaci\u00f3n del Comit\u00e9 Ejecutivo Nacional de Morena <\/td><td data-cell-id=\"D199\" data-x=\"3\" data-y=\"199\" data-db-index=\"199\" class=\"\" data-cell-type=\"text\" data-original-value=\"&lt;a href=&quot;http:\/\/teec.org.mx\/web\/wp-content\/uploads\/2020\/02\/TEEC-JDC-25-2019-11-02-2020.pdf&quot; target=&quot;_blank&quot;&gt;TEEC\/JDC\/25\/2019 (Cumplimiento parcial y requerimiento a la aut. responsable)&lt;\/a&gt;\" data-order=\"&lt;a href=&quot;http:\/\/teec.org.mx\/web\/wp-content\/uploads\/2020\/02\/TEEC-JDC-25-2019-11-02-2020.pdf&quot; target=&quot;_blank&quot;&gt;TEEC\/JDC\/25\/2019 (Cumplimiento parcial y requerimiento a la aut. responsable)&lt;\/a&gt;\" ><a href=\"http:\/\/teec.org.mx\/web\/wp-content\/uploads\/2020\/02\/TEEC-JDC-25-2019-11-02-2020.pdf\" target=\"_blank\">TEEC\/JDC\/25\/2019 (Cumplimiento parcial y requerimiento a la aut. responsable)<\/a><\/td><\/tr><tr style=\"height:px\" ><td data-cell-id=\"A200\" data-x=\"0\" data-y=\"200\" data-db-index=\"200\" class=\"\" data-cell-type=\"text\" data-original-value=\"10 de febrero de 2019, a las 13:00 horas\" data-order=\"10 de febrero de 2019, a las 13:00 horas\" >10 de febrero de 2019, a las 13:00 horas <\/td><td data-cell-id=\"B200\" data-x=\"1\" data-y=\"200\" data-db-index=\"200\" class=\"\" data-cell-type=\"text\" data-original-value=\"Ciudadanos Licenciados Carlos Ram\u00edrez Cortez y V\u00edctor Hern\u00e1ndez Ponce, Militantes del Partido Morena\" data-order=\"Ciudadanos Licenciados Carlos Ram\u00edrez Cortez y V\u00edctor Hern\u00e1ndez Ponce, Militantes del Partido Morena\" >Ciudadanos Licenciados Carlos Ram\u00edrez Cortez y V\u00edctor Hern\u00e1ndez Ponce, Militantes del Partido Morena <\/td><td data-cell-id=\"C200\" data-x=\"2\" data-y=\"200\" data-db-index=\"200\" class=\"\" data-cell-type=\"text\" data-original-value=\"Secretar\u00eda de Organizaci\u00f3n del Comit\u00e9 Ejecutivo Nacional de Morena\" data-order=\"Secretar\u00eda de Organizaci\u00f3n del Comit\u00e9 Ejecutivo Nacional de Morena\" >Secretar\u00eda de Organizaci\u00f3n del Comit\u00e9 Ejecutivo Nacional de Morena <\/td><td data-cell-id=\"D200\" data-x=\"3\" data-y=\"200\" data-db-index=\"200\" class=\"\" data-cell-type=\"text\" data-original-value=\"&lt;a href=&quot;http:\/\/teec.org.mx\/web\/wp-content\/uploads\/2020\/02\/TEEC-JDC-24-2019-10-02-2020.pdf&quot; target=&quot;_blank&quot;&gt;TEEC\/JDC\/24\/2019 (No ha lugar acordar favorablemente la solicitud)&lt;\/a&gt;\" data-order=\"&lt;a href=&quot;http:\/\/teec.org.mx\/web\/wp-content\/uploads\/2020\/02\/TEEC-JDC-24-2019-10-02-2020.pdf&quot; target=&quot;_blank&quot;&gt;TEEC\/JDC\/24\/2019 (No ha lugar acordar favorablemente la solicitud)&lt;\/a&gt;\" ><a href=\"http:\/\/teec.org.mx\/web\/wp-content\/uploads\/2020\/02\/TEEC-JDC-24-2019-10-02-2020.pdf\" target=\"_blank\">TEEC\/JDC\/24\/2019 (No ha lugar acordar favorablemente la solicitud)<\/a><\/td><\/tr><tr style=\"height:px\" ><td data-cell-id=\"A201\" data-x=\"0\" data-y=\"201\" data-db-index=\"201\" class=\"\" data-cell-type=\"text\" data-original-value=\"06 de febrero de 2020, a las 14:55 horas\" data-order=\"06 de febrero de 2020, a las 14:55 horas\" >06 de febrero de 2020, a las 14:55 horas <\/td><td data-cell-id=\"B201\" data-x=\"1\" data-y=\"201\" data-db-index=\"201\" class=\"\" data-cell-type=\"text\" data-original-value=\"Ciudadano Eliseo Fern\u00e1ndez Montufar\" data-order=\"Ciudadano Eliseo Fern\u00e1ndez Montufar\" >Ciudadano Eliseo Fern\u00e1ndez Montufar <\/td><td data-cell-id=\"C201\" data-x=\"2\" data-y=\"201\" data-db-index=\"201\" class=\"\" data-cell-type=\"text\" data-original-value=\"Tribunal Electoral del Estado de Campeche\" data-order=\"Tribunal Electoral del Estado de Campeche\" >Tribunal Electoral del Estado de Campeche <\/td><td data-cell-id=\"D201\" data-x=\"3\" data-y=\"201\" data-db-index=\"201\" class=\"\" data-cell-type=\"text\" data-original-value=\"&lt;a href=&quot;http:\/\/teec.org.mx\/web\/wp-content\/uploads\/2020\/02\/TEEC-JDC-60-2019-06-02-2020.pdf&quot; target=&quot;_blank&quot;&gt;TEEC\/JDC\/60\/2019 (Se informa ced. de retiro y tercero interesado)&lt;\/a&gt;\" data-order=\"&lt;a href=&quot;http:\/\/teec.org.mx\/web\/wp-content\/uploads\/2020\/02\/TEEC-JDC-60-2019-06-02-2020.pdf&quot; target=&quot;_blank&quot;&gt;TEEC\/JDC\/60\/2019 (Se informa ced. de retiro y tercero interesado)&lt;\/a&gt;\" ><a href=\"http:\/\/teec.org.mx\/web\/wp-content\/uploads\/2020\/02\/TEEC-JDC-60-2019-06-02-2020.pdf\" target=\"_blank\">TEEC\/JDC\/60\/2019 (Se informa ced. de retiro y tercero interesado)<\/a><\/td><\/tr><tr style=\"height:px\" ><td data-cell-id=\"A202\" data-x=\"0\" data-y=\"202\" data-db-index=\"202\" class=\"\" data-cell-type=\"text\" data-original-value=\"06 de febrero de 2020, a las 9:30 horas\" data-order=\"06 de febrero de 2020, a las 9:30 horas\" >06 de febrero de 2020, a las 9:30 horas <\/td><td data-cell-id=\"B202\" data-x=\"1\" data-y=\"202\" data-db-index=\"202\" class=\"\" data-cell-type=\"text\" data-original-value=\"Ciudadano Carlos Ren\u00e9 Balam Medina\" data-order=\"Ciudadano Carlos Ren\u00e9 Balam Medina\" >Ciudadano Carlos Ren\u00e9 Balam Medina <\/td><td data-cell-id=\"C202\" data-x=\"2\" data-y=\"202\" data-db-index=\"202\" class=\"\" data-cell-type=\"text\" data-original-value=\"H. Ayuntamiento del Municipio de Hecelchak\u00e1n, Campeche\" data-order=\"H. Ayuntamiento del Municipio de Hecelchak\u00e1n, Campeche\" >H. Ayuntamiento del Municipio de Hecelchak\u00e1n, Campeche <\/td><td data-cell-id=\"D202\" data-x=\"3\" data-y=\"202\" data-db-index=\"202\" class=\"\" data-cell-type=\"text\" data-original-value=\"&lt;a href=&quot;http:\/\/teec.org.mx\/web\/wp-content\/uploads\/2020\/02\/TEEC-JDC-4-2020-06-02-2020.pdf&quot; target=&quot;_blank&quot;&gt;TEEC\/JDC\/4\/2020 (Acuerdo de turno)&lt;\/a&gt;\" data-order=\"&lt;a href=&quot;http:\/\/teec.org.mx\/web\/wp-content\/uploads\/2020\/02\/TEEC-JDC-4-2020-06-02-2020.pdf&quot; target=&quot;_blank&quot;&gt;TEEC\/JDC\/4\/2020 (Acuerdo de turno)&lt;\/a&gt;\" ><a href=\"http:\/\/teec.org.mx\/web\/wp-content\/uploads\/2020\/02\/TEEC-JDC-4-2020-06-02-2020.pdf\" target=\"_blank\">TEEC\/JDC\/4\/2020 (Acuerdo de turno)<\/a><\/td><\/tr><tr style=\"height:px\" ><td data-cell-id=\"A203\" data-x=\"0\" data-y=\"203\" data-db-index=\"203\" class=\"\" data-cell-type=\"text\" data-original-value=\"06 de febrero de 2020, a las 9:20 horas\" data-order=\"06 de febrero de 2020, a las 9:20 horas\" >06 de febrero de 2020, a las 9:20 horas <\/td><td data-cell-id=\"B203\" data-x=\"1\" data-y=\"203\" data-db-index=\"203\" class=\"\" data-cell-type=\"text\" data-original-value=\"Ciudadana Mar\u00eda Guadalupe Balam Mezeta\" data-order=\"Ciudadana Mar\u00eda Guadalupe Balam Mezeta\" >Ciudadana Mar\u00eda Guadalupe Balam Mezeta <\/td><td data-cell-id=\"C203\" data-x=\"2\" data-y=\"203\" data-db-index=\"203\" class=\"\" data-cell-type=\"text\" data-original-value=\"H. Ayuntamiento del Municipio de Hecelchak\u00e1n, Campeche\" data-order=\"H. Ayuntamiento del Municipio de Hecelchak\u00e1n, Campeche\" >H. Ayuntamiento del Municipio de Hecelchak\u00e1n, Campeche <\/td><td data-cell-id=\"D203\" data-x=\"3\" data-y=\"203\" data-db-index=\"203\" class=\"\" data-cell-type=\"text\" data-original-value=\"&lt;a href=&quot;http:\/\/teec.org.mx\/web\/wp-content\/uploads\/2020\/02\/TEEC-JDC-3-2020-06-02-2020.pdf&quot; target=&quot;_blank&quot;&gt;TEEC\/JDC\/3\/2020 (Acuerdo de tr\u00e1mite)&lt;\/a&gt;\" data-order=\"&lt;a href=&quot;http:\/\/teec.org.mx\/web\/wp-content\/uploads\/2020\/02\/TEEC-JDC-3-2020-06-02-2020.pdf&quot; target=&quot;_blank&quot;&gt;TEEC\/JDC\/3\/2020 (Acuerdo de tr\u00e1mite)&lt;\/a&gt;\" ><a href=\"http:\/\/teec.org.mx\/web\/wp-content\/uploads\/2020\/02\/TEEC-JDC-3-2020-06-02-2020.pdf\" target=\"_blank\">TEEC\/JDC\/3\/2020 (Acuerdo de tr\u00e1mite)<\/a><\/td><\/tr><tr style=\"height:px\" ><td data-cell-id=\"A204\" data-x=\"0\" data-y=\"204\" data-db-index=\"204\" class=\"\" data-cell-type=\"text\" data-original-value=\"06 de febrero de 2020, a las 9:10 horas\" data-order=\"06 de febrero de 2020, a las 9:10 horas\" >06 de febrero de 2020, a las 9:10 horas <\/td><td data-cell-id=\"B204\" data-x=\"1\" data-y=\"204\" data-db-index=\"204\" class=\"\" data-cell-type=\"text\" data-original-value=\"Ciudadana Martha Elena Tuz Hass\" data-order=\"Ciudadana Martha Elena Tuz Hass\" >Ciudadana Martha Elena Tuz Hass <\/td><td data-cell-id=\"C204\" data-x=\"2\" data-y=\"204\" data-db-index=\"204\" class=\"\" data-cell-type=\"text\" data-original-value=\"H. Ayuntamiento del Municipio de Hecelchak\u00e1n, Campeche\" data-order=\"H. Ayuntamiento del Municipio de Hecelchak\u00e1n, Campeche\" >H. Ayuntamiento del Municipio de Hecelchak\u00e1n, Campeche <\/td><td data-cell-id=\"D204\" data-x=\"3\" data-y=\"204\" data-db-index=\"204\" class=\"\" data-cell-type=\"text\" data-original-value=\"&lt;a href=&quot;http:\/\/teec.org.mx\/web\/wp-content\/uploads\/2020\/02\/TEEC-JDC-2-2020-06-02-2020.pdf&quot; target=&quot;_blank&quot;&gt;TEEC\/JDC\/2\/2020 (Acuerdo de turno)&lt;\/a&gt;\" data-order=\"&lt;a href=&quot;http:\/\/teec.org.mx\/web\/wp-content\/uploads\/2020\/02\/TEEC-JDC-2-2020-06-02-2020.pdf&quot; target=&quot;_blank&quot;&gt;TEEC\/JDC\/2\/2020 (Acuerdo de turno)&lt;\/a&gt;\" ><a href=\"http:\/\/teec.org.mx\/web\/wp-content\/uploads\/2020\/02\/TEEC-JDC-2-2020-06-02-2020.pdf\" target=\"_blank\">TEEC\/JDC\/2\/2020 (Acuerdo de turno)<\/a><\/td><\/tr><tr style=\"height:px\" ><td data-cell-id=\"A205\" data-x=\"0\" data-y=\"205\" data-db-index=\"205\" class=\"\" data-cell-type=\"text\" data-original-value=\"06 de febrero de 2020, a las 9:00 hrs\" data-order=\"06 de febrero de 2020, a las 9:00 hrs\" >06 de febrero de 2020, a las 9:00 hrs <\/td><td data-cell-id=\"B205\" data-x=\"1\" data-y=\"205\" data-db-index=\"205\" class=\"\" data-cell-type=\"text\" data-original-value=\"Ciudadano Fredy Alberto Eu\u00e1n Ch\u00ed\" data-order=\"Ciudadano Fredy Alberto Eu\u00e1n Ch\u00ed\" >Ciudadano Fredy Alberto Eu\u00e1n Ch\u00ed <\/td><td data-cell-id=\"C205\" data-x=\"2\" data-y=\"205\" data-db-index=\"205\" class=\"\" data-cell-type=\"text\" data-original-value=\"H. Ayuntamiento del Municipio de Hecelchak\u00e1n, Campeche\" data-order=\"H. Ayuntamiento del Municipio de Hecelchak\u00e1n, Campeche\" >H. Ayuntamiento del Municipio de Hecelchak\u00e1n, Campeche <\/td><td data-cell-id=\"D205\" data-x=\"3\" data-y=\"205\" data-db-index=\"205\" class=\"\" data-cell-type=\"text\" data-original-value=\"&lt;a href=&quot;http:\/\/teec.org.mx\/web\/wp-content\/uploads\/2020\/02\/TEEC-JDC-1-2020-06-02-2020.pdf&quot; target=&quot;_blank&quot;&gt;TEEC\/JDC\/1\/2020 (Acuerdo de turno)&lt;\/a&gt;\" data-order=\"&lt;a href=&quot;http:\/\/teec.org.mx\/web\/wp-content\/uploads\/2020\/02\/TEEC-JDC-1-2020-06-02-2020.pdf&quot; target=&quot;_blank&quot;&gt;TEEC\/JDC\/1\/2020 (Acuerdo de turno)&lt;\/a&gt;\" ><a href=\"http:\/\/teec.org.mx\/web\/wp-content\/uploads\/2020\/02\/TEEC-JDC-1-2020-06-02-2020.pdf\" target=\"_blank\">TEEC\/JDC\/1\/2020 (Acuerdo de turno)<\/a><\/td><\/tr><tr style=\"height:px\" ><td data-cell-id=\"A206\" data-x=\"0\" data-y=\"206\" data-db-index=\"206\" class=\"\" data-cell-type=\"text\" data-original-value=\"31 de enero de 2020, a las 13:35 horas\" data-order=\"31 de enero de 2020, a las 13:35 horas\" >31 de enero de 2020, a las 13:35 horas <\/td><td data-cell-id=\"B206\" data-x=\"1\" data-y=\"206\" data-db-index=\"206\" class=\"\" data-cell-type=\"text\" data-original-value=\"Ciudadano Eliseo Fern\u00e1ndez Montufar\" data-order=\"Ciudadano Eliseo Fern\u00e1ndez Montufar\" >Ciudadano Eliseo Fern\u00e1ndez Montufar <\/td><td data-cell-id=\"C206\" data-x=\"2\" data-y=\"206\" data-db-index=\"206\" class=\"\" data-cell-type=\"text\" data-original-value=\"Tribunal Electoral del Estado de Campeche\" data-order=\"Tribunal Electoral del Estado de Campeche\" >Tribunal Electoral del Estado de Campeche <\/td><td data-cell-id=\"D206\" data-x=\"3\" data-y=\"206\" data-db-index=\"206\" class=\"\" data-cell-type=\"text\" data-original-value=\"&lt;a href=&quot;http:\/\/teec.org.mx\/web\/wp-content\/uploads\/2020\/02\/TEEC-JDC-60-2019-31-01-2020.pdf&quot; target=&quot;_blank&quot;&gt;TEEC\/JDC\/60\/2019 (Tramite de medio de impugnaci\u00f3n)&lt;\/a&gt;\" data-order=\"&lt;a href=&quot;http:\/\/teec.org.mx\/web\/wp-content\/uploads\/2020\/02\/TEEC-JDC-60-2019-31-01-2020.pdf&quot; target=&quot;_blank&quot;&gt;TEEC\/JDC\/60\/2019 (Tramite de medio de impugnaci\u00f3n)&lt;\/a&gt;\" ><a href=\"http:\/\/teec.org.mx\/web\/wp-content\/uploads\/2020\/02\/TEEC-JDC-60-2019-31-01-2020.pdf\" target=\"_blank\">TEEC\/JDC\/60\/2019 (Tramite de medio de impugnaci\u00f3n)<\/a><\/td><\/tr><tr style=\"height:px\" ><td data-cell-id=\"A207\" data-x=\"0\" data-y=\"207\" data-db-index=\"207\" class=\"\" data-cell-type=\"text\" data-original-value=\"29 de enero de 2020, a las 11:35 horas\" data-order=\"29 de enero de 2020, a las 11:35 horas\" >29 de enero de 2020, a las 11:35 horas <\/td><td data-cell-id=\"B207\" data-x=\"1\" data-y=\"207\" data-db-index=\"207\" class=\"\" data-cell-type=\"text\" data-original-value=\"Ciudadano Diego Ram\u00f3n Palmer Flores\" data-order=\"Ciudadano Diego Ram\u00f3n Palmer Flores\" >Ciudadano Diego Ram\u00f3n Palmer Flores <\/td><td data-cell-id=\"C207\" data-x=\"2\" data-y=\"207\" data-db-index=\"207\" class=\"\" data-cell-type=\"text\" data-original-value=\"Comit\u00e9 Ejecutivo Nacional de Morena, Secretar\u00eda de Organizaci\u00f3n del Comit\u00e9 Ejecutivo Nacional de Morena\" data-order=\"Comit\u00e9 Ejecutivo Nacional de Morena, Secretar\u00eda de Organizaci\u00f3n del Comit\u00e9 Ejecutivo Nacional de Morena\" >Comit\u00e9 Ejecutivo Nacional de Morena, Secretar\u00eda de Organizaci\u00f3n del Comit\u00e9 Ejecutivo Nacional de Morena <\/td><td data-cell-id=\"D207\" data-x=\"3\" data-y=\"207\" data-db-index=\"207\" class=\"\" data-cell-type=\"text\" data-original-value=\"&lt;a href=&quot;http:\/\/teec.org.mx\/web\/wp-content\/uploads\/2020\/02\/TEEC-JDC-25-2019-29-01-2020.pdf&quot; target=&quot;_blank&quot;&gt;TEEC\/JDC\/25\/2019 (Acuerdo se apercibe a la autoridad resp. informe cumplimiento a los requerimientos)&lt;\/a&gt;\" data-order=\"&lt;a href=&quot;http:\/\/teec.org.mx\/web\/wp-content\/uploads\/2020\/02\/TEEC-JDC-25-2019-29-01-2020.pdf&quot; target=&quot;_blank&quot;&gt;TEEC\/JDC\/25\/2019 (Acuerdo se apercibe a la autoridad resp. informe cumplimiento a los requerimientos)&lt;\/a&gt;\" ><a href=\"http:\/\/teec.org.mx\/web\/wp-content\/uploads\/2020\/02\/TEEC-JDC-25-2019-29-01-2020.pdf\" target=\"_blank\">TEEC\/JDC\/25\/2019 (Acuerdo se apercibe a la autoridad resp. informe cumplimiento a los requerimientos)<\/a><\/td><\/tr><tr style=\"height:px\" ><td data-cell-id=\"A208\" data-x=\"0\" data-y=\"208\" data-db-index=\"208\" class=\"\" data-cell-type=\"text\" data-original-value=\"29 de enero de 2020, a las 11:25 horas\" data-order=\"29 de enero de 2020, a las 11:25 horas\" >29 de enero de 2020, a las 11:25 horas <\/td><td data-cell-id=\"B208\" data-x=\"1\" data-y=\"208\" data-db-index=\"208\" class=\"\" data-cell-type=\"text\" data-original-value=\"Ciudadanos Licenciados Carlos Ram\u00edrez Cortez y V\u00edctor Hern\u00e1ndez Ponce, Militantes del Partido Morena\" data-order=\"Ciudadanos Licenciados Carlos Ram\u00edrez Cortez y V\u00edctor Hern\u00e1ndez Ponce, Militantes del Partido Morena\" >Ciudadanos Licenciados Carlos Ram\u00edrez Cortez y V\u00edctor Hern\u00e1ndez Ponce, Militantes del Partido Morena <\/td><td data-cell-id=\"C208\" data-x=\"2\" data-y=\"208\" data-db-index=\"208\" class=\"\" data-cell-type=\"text\" data-original-value=\"Comit\u00e9 Ejecutivo Nacional de Morena\" data-order=\"Comit\u00e9 Ejecutivo Nacional de Morena\" >Comit\u00e9 Ejecutivo Nacional de Morena <\/td><td data-cell-id=\"D208\" data-x=\"3\" data-y=\"208\" data-db-index=\"208\" class=\"\" data-cell-type=\"text\" data-original-value=\"&lt;a href=&quot;http:\/\/teec.org.mx\/web\/wp-content\/uploads\/2020\/02\/TEEC-JDC-24-2019-29-01-2020.pdf&quot; target=&quot;_blank&quot;&gt;TEEC\/JDC\/24\/2019 (Acuerdo se apercibe a la autoridad resp. informe cumplimiento a los requerimientos)&lt;\/a&gt;\" data-order=\"&lt;a href=&quot;http:\/\/teec.org.mx\/web\/wp-content\/uploads\/2020\/02\/TEEC-JDC-24-2019-29-01-2020.pdf&quot; target=&quot;_blank&quot;&gt;TEEC\/JDC\/24\/2019 (Acuerdo se apercibe a la autoridad resp. informe cumplimiento a los requerimientos)&lt;\/a&gt;\" ><a href=\"http:\/\/teec.org.mx\/web\/wp-content\/uploads\/2020\/02\/TEEC-JDC-24-2019-29-01-2020.pdf\" target=\"_blank\">TEEC\/JDC\/24\/2019 (Acuerdo se apercibe a la autoridad resp. informe cumplimiento a los requerimientos)<\/a><\/td><\/tr><tr style=\"height:px\" ><td data-cell-id=\"A209\" data-x=\"0\" data-y=\"209\" data-db-index=\"209\" class=\"\" data-cell-type=\"text\" data-original-value=\"29 de enero de 2020, a las 11:20 horas\" data-order=\"29 de enero de 2020, a las 11:20 horas\" >29 de enero de 2020, a las 11:20 horas <\/td><td data-cell-id=\"B209\" data-x=\"1\" data-y=\"209\" data-db-index=\"209\" class=\"\" data-cell-type=\"text\" data-original-value=\"Ciudadanos Mayda Aracely Mas Tun, Ana Luisa Chi Pech, Victor Manuel Interian Chin, Luis Fernando Cahuich Cahuich, Marlene Concepci\u00f3n Pech Pech, Alvino Cauich Chan, Elisa Cauich Dzul, Rolando Ku Ek, Idelfonso Dzul Chan, Manuela Dzul Chan, Delmi Araceli Dzul Naal y Eusebio Ek Uc\" data-order=\"Ciudadanos Mayda Aracely Mas Tun, Ana Luisa Chi Pech, Victor Manuel Interian Chin, Luis Fernando Cahuich Cahuich, Marlene Concepci\u00f3n Pech Pech, Alvino Cauich Chan, Elisa Cauich Dzul, Rolando Ku Ek, Idelfonso Dzul Chan, Manuela Dzul Chan, Delmi Araceli Dzul Naal y Eusebio Ek Uc\" >Ciudadanos Mayda Aracely Mas Tun, Ana Luisa Chi Pech, Victor Manuel Interian Chin, Luis Fernando Cahuich Cahuich, Marlene Concepci\u00f3n Pech Pech, Alvino Cauich Chan, Elisa Cauich Dzul, Rolando Ku Ek, Idelfonso Dzul Chan, Manuela Dzul Chan, Delmi Araceli Dzul Naal y Eusebio Ek Uc <\/td><td data-cell-id=\"C209\" data-x=\"2\" data-y=\"209\" data-db-index=\"209\" class=\"\" data-cell-type=\"text\" data-original-value=\"Secretar\u00eda de Organizaci\u00f3n del Comit\u00e9 Ejecutivo Nacional de Morena\" data-order=\"Secretar\u00eda de Organizaci\u00f3n del Comit\u00e9 Ejecutivo Nacional de Morena\" >Secretar\u00eda de Organizaci\u00f3n del Comit\u00e9 Ejecutivo Nacional de Morena <\/td><td data-cell-id=\"D209\" data-x=\"3\" data-y=\"209\" data-db-index=\"209\" class=\"\" data-cell-type=\"text\" data-original-value=\"&lt;a href=&quot;http:\/\/teec.org.mx\/web\/wp-content\/uploads\/2020\/02\/TEEC-JDC-12-2019-Acum.-29-01-2020.pdf&quot; target=&quot;_blank&quot;&gt;TEEC\/JDC\/12\/2019 y sus acumulados TEEC\/JDC\/13\/2019, TEEC\/JDC\/14\/2019, TEEC\/JDC\/15\/2019, TEEC\/JDC\/16\/2019, TEEC\/JDC\/17\/2019, TEEC\/JDC\/18\/2019, TEEC\/JDC\/19\/2019, TEEC\/JDC\/20\/2019, TEEC\/JDC\/21\/2019, TEEC\/JDC\/22\/2019, TEEC\/JDC\/23\/2019 (Acuerdo se apercibe a la autoridad resp. informe cumplimiento a los requerimientos)&lt;\/a&gt;\" data-order=\"&lt;a href=&quot;http:\/\/teec.org.mx\/web\/wp-content\/uploads\/2020\/02\/TEEC-JDC-12-2019-Acum.-29-01-2020.pdf&quot; target=&quot;_blank&quot;&gt;TEEC\/JDC\/12\/2019 y sus acumulados TEEC\/JDC\/13\/2019, TEEC\/JDC\/14\/2019, TEEC\/JDC\/15\/2019, TEEC\/JDC\/16\/2019, TEEC\/JDC\/17\/2019, TEEC\/JDC\/18\/2019, TEEC\/JDC\/19\/2019, TEEC\/JDC\/20\/2019, TEEC\/JDC\/21\/2019, TEEC\/JDC\/22\/2019, TEEC\/JDC\/23\/2019 (Acuerdo se apercibe a la autoridad resp. informe cumplimiento a los requerimientos)&lt;\/a&gt;\" ><a href=\"http:\/\/teec.org.mx\/web\/wp-content\/uploads\/2020\/02\/TEEC-JDC-12-2019-Acum.-29-01-2020.pdf\" target=\"_blank\">TEEC\/JDC\/12\/2019 y sus acumulados TEEC\/JDC\/13\/2019, TEEC\/JDC\/14\/2019, TEEC\/JDC\/15\/2019, TEEC\/JDC\/16\/2019, TEEC\/JDC\/17\/2019, TEEC\/JDC\/18\/2019, TEEC\/JDC\/19\/2019, TEEC\/JDC\/20\/2019, TEEC\/JDC\/21\/2019, TEEC\/JDC\/22\/2019, TEEC\/JDC\/23\/2019 (Acuerdo se apercibe a la autoridad resp. informe cumplimiento a los requerimientos)<\/a><\/td><\/tr><tr style=\"height:px\" ><td data-cell-id=\"A210\" data-x=\"0\" data-y=\"210\" data-db-index=\"210\" class=\"\" data-cell-type=\"text\" data-original-value=\"29 de enero de 2020, a las 11:15 horas\" data-order=\"29 de enero de 2020, a las 11:15 horas\" >29 de enero de 2020, a las 11:15 horas <\/td><td data-cell-id=\"B210\" data-x=\"1\" data-y=\"210\" data-db-index=\"210\" class=\"\" data-cell-type=\"text\" data-original-value=\"Ciudadanos Elberth Gustavo Chim Pacheco, \u00c1ngel Rodrigo Villarino Ram\u00edrez, Karen Jaqueline Aguiar Le\u00f3n, Manuel Jes\u00fas Uc Hass, Martha Isabel Canul Coll\u00ed, Juan Gabriel Moo Coll\u00ed y Bella Isabel De La Cruz Ascencio\" data-order=\"Ciudadanos Elberth Gustavo Chim Pacheco, \u00c1ngel Rodrigo Villarino Ram\u00edrez, Karen Jaqueline Aguiar Le\u00f3n, Manuel Jes\u00fas Uc Hass, Martha Isabel Canul Coll\u00ed, Juan Gabriel Moo Coll\u00ed y Bella Isabel De La Cruz Ascencio\" >Ciudadanos Elberth Gustavo Chim Pacheco, \u00c1ngel Rodrigo Villarino Ram\u00edrez, Karen Jaqueline Aguiar Le\u00f3n, Manuel Jes\u00fas Uc Hass, Martha Isabel Canul Coll\u00ed, Juan Gabriel Moo Coll\u00ed y Bella Isabel De La Cruz Ascencio <\/td><td data-cell-id=\"C210\" data-x=\"2\" data-y=\"210\" data-db-index=\"210\" class=\"\" data-cell-type=\"text\" data-original-value=\"Secretar\u00eda de Organizaci\u00f3n del Comit\u00e9 Ejecutivo Nacional de Morena\" data-order=\"Secretar\u00eda de Organizaci\u00f3n del Comit\u00e9 Ejecutivo Nacional de Morena\" >Secretar\u00eda de Organizaci\u00f3n del Comit\u00e9 Ejecutivo Nacional de Morena <\/td><td data-cell-id=\"D210\" data-x=\"3\" data-y=\"210\" data-db-index=\"210\" class=\"\" data-cell-type=\"text\" data-original-value=\"&lt;a href=&quot;http:\/\/teec.org.mx\/web\/wp-content\/uploads\/2020\/02\/TEEC-JDC-5-2019-Acum.-29-01-2020.pdf&quot; target=&quot;_blank&quot;&gt;TEEC\/JDC\/5\/2019 y sus acumulados TEEC\/JDC\/6\/2019, TEEC\/JDC\/7\/2019, TEEC\/JDC\/8\/2019, TEEC\/JDC\/9\/2019, TEEC\/JDC\/10\/2019 y TEEC\/JDC\/11\/2019 (Acuerdo se apercibe a la autoridad responsable informe cumplimiento a los requerimientos)&lt;\/a&gt;\" data-order=\"&lt;a href=&quot;http:\/\/teec.org.mx\/web\/wp-content\/uploads\/2020\/02\/TEEC-JDC-5-2019-Acum.-29-01-2020.pdf&quot; target=&quot;_blank&quot;&gt;TEEC\/JDC\/5\/2019 y sus acumulados TEEC\/JDC\/6\/2019, TEEC\/JDC\/7\/2019, TEEC\/JDC\/8\/2019, TEEC\/JDC\/9\/2019, TEEC\/JDC\/10\/2019 y TEEC\/JDC\/11\/2019 (Acuerdo se apercibe a la autoridad responsable informe cumplimiento a los requerimientos)&lt;\/a&gt;\" ><a href=\"http:\/\/teec.org.mx\/web\/wp-content\/uploads\/2020\/02\/TEEC-JDC-5-2019-Acum.-29-01-2020.pdf\" target=\"_blank\">TEEC\/JDC\/5\/2019 y sus acumulados TEEC\/JDC\/6\/2019, TEEC\/JDC\/7\/2019, TEEC\/JDC\/8\/2019, TEEC\/JDC\/9\/2019, TEEC\/JDC\/10\/2019 y TEEC\/JDC\/11\/2019 (Acuerdo se apercibe a la autoridad responsable informe cumplimiento a los requerimientos)<\/a><\/td><\/tr><tr style=\"height:px\" ><td data-cell-id=\"A211\" data-x=\"0\" data-y=\"211\" data-db-index=\"211\" class=\"\" data-cell-type=\"text\" data-original-value=\"27 de enero de 2020, a las 13:45 horas\" data-order=\"27 de enero de 2020, a las 13:45 horas\" >27 de enero de 2020, a las 13:45 horas <\/td><td data-cell-id=\"B211\" data-x=\"1\" data-y=\"211\" data-db-index=\"211\" class=\"\" data-cell-type=\"text\" data-original-value=\"Ciudadano Eliseo Fern\u00e1ndez Montufar\" data-order=\"Ciudadano Eliseo Fern\u00e1ndez Montufar\" >Ciudadano Eliseo Fern\u00e1ndez Montufar <\/td><td data-cell-id=\"C211\" data-x=\"2\" data-y=\"211\" data-db-index=\"211\" class=\"\" data-cell-type=\"text\" data-original-value=\"Congreso del Estado de Campeche\" data-order=\"Congreso del Estado de Campeche\" >Congreso del Estado de Campeche <\/td><td data-cell-id=\"D211\" data-x=\"3\" data-y=\"211\" data-db-index=\"211\" class=\"\" data-cell-type=\"text\" data-original-value=\"&lt;a href=&quot;http:\/\/teec.org.mx\/web\/wp-content\/uploads\/2020\/02\/TEEC-JDC-60-2019-Sentencia-27-01-2020.pdf&quot; target=&quot;_blank&quot;&gt;TEEC\/JDC\/60\/2019 (Sentencia)&lt;\/a&gt;\" data-order=\"&lt;a href=&quot;http:\/\/teec.org.mx\/web\/wp-content\/uploads\/2020\/02\/TEEC-JDC-60-2019-Sentencia-27-01-2020.pdf&quot; target=&quot;_blank&quot;&gt;TEEC\/JDC\/60\/2019 (Sentencia)&lt;\/a&gt;\" ><a href=\"http:\/\/teec.org.mx\/web\/wp-content\/uploads\/2020\/02\/TEEC-JDC-60-2019-Sentencia-27-01-2020.pdf\" target=\"_blank\">TEEC\/JDC\/60\/2019 (Sentencia)<\/a><\/td><\/tr><tr style=\"height:px\" ><td data-cell-id=\"A212\" data-x=\"0\" data-y=\"212\" data-db-index=\"212\" class=\"\" data-cell-type=\"text\" data-original-value=\"24 de enero de 2020, a las 12:05 horas\" data-order=\"24 de enero de 2020, a las 12:05 horas\" >24 de enero de 2020, a las 12:05 horas <\/td><td data-cell-id=\"B212\" data-x=\"1\" data-y=\"212\" data-db-index=\"212\" class=\"\" data-cell-type=\"text\" data-original-value=\"Ciudadano Eliseo Fern\u00e1ndez Montufar\" data-order=\"Ciudadano Eliseo Fern\u00e1ndez Montufar\" >Ciudadano Eliseo Fern\u00e1ndez Montufar <\/td><td data-cell-id=\"C212\" data-x=\"2\" data-y=\"212\" data-db-index=\"212\" class=\"\" data-cell-type=\"text\" data-original-value=\"Congreso Del Estado De Campeche\" data-order=\"Congreso Del Estado De Campeche\" >Congreso Del Estado De Campeche <\/td><td data-cell-id=\"D212\" data-x=\"3\" data-y=\"212\" data-db-index=\"212\" class=\"\" data-cell-type=\"text\" data-original-value=\"&lt;a href=&quot;http:\/\/teec.org.mx\/web\/wp-content\/uploads\/2020\/02\/TEEC-JDC-60-2019-2do.-Acu.-24-01-2020.pdf&quot; target=&quot;_blank&quot;&gt;TEEC\/JDC\/60\/2019 (Acuerdo se fija fecha y hora para sesi\u00f3n)&lt;\/a&gt;\" data-order=\"&lt;a href=&quot;http:\/\/teec.org.mx\/web\/wp-content\/uploads\/2020\/02\/TEEC-JDC-60-2019-2do.-Acu.-24-01-2020.pdf&quot; target=&quot;_blank&quot;&gt;TEEC\/JDC\/60\/2019 (Acuerdo se fija fecha y hora para sesi\u00f3n)&lt;\/a&gt;\" ><a href=\"http:\/\/teec.org.mx\/web\/wp-content\/uploads\/2020\/02\/TEEC-JDC-60-2019-2do.-Acu.-24-01-2020.pdf\" target=\"_blank\">TEEC\/JDC\/60\/2019 (Acuerdo se fija fecha y hora para sesi\u00f3n)<\/a><\/td><\/tr><tr style=\"height:px\" ><td data-cell-id=\"A213\" data-x=\"0\" data-y=\"213\" data-db-index=\"213\" class=\"\" data-cell-type=\"text\" data-original-value=\"24 de enero de 2020, a las 10:00 horas\" data-order=\"24 de enero de 2020, a las 10:00 horas\" >24 de enero de 2020, a las 10:00 horas <\/td><td data-cell-id=\"B213\" data-x=\"1\" data-y=\"213\" data-db-index=\"213\" class=\"\" data-cell-type=\"text\" data-original-value=\"Ciudadano Eliseo Fern\u00e1ndez Montufar\" data-order=\"Ciudadano Eliseo Fern\u00e1ndez Montufar\" >Ciudadano Eliseo Fern\u00e1ndez Montufar <\/td><td data-cell-id=\"C213\" data-x=\"2\" data-y=\"213\" data-db-index=\"213\" class=\"\" data-cell-type=\"text\" data-original-value=\"Congreso del Estado de Campeche\" data-order=\"Congreso del Estado de Campeche\" >Congreso del Estado de Campeche <\/td><td data-cell-id=\"D213\" data-x=\"3\" data-y=\"213\" data-db-index=\"213\" class=\"\" data-cell-type=\"text\" data-original-value=\"&lt;a href=&quot;http:\/\/teec.org.mx\/web\/wp-content\/uploads\/2020\/02\/TEEC-JDC-60-2019-1er-Acu.-24-01-2020.pdf&quot; target=&quot;_blank&quot;&gt;TEEC\/JDC\/60\/2019 (Acuerdo de cierre de instrucci\u00f3n y sol. De fecha y hora para sesi\u00f3n)&lt;\/a&gt;\" data-order=\"&lt;a href=&quot;http:\/\/teec.org.mx\/web\/wp-content\/uploads\/2020\/02\/TEEC-JDC-60-2019-1er-Acu.-24-01-2020.pdf&quot; target=&quot;_blank&quot;&gt;TEEC\/JDC\/60\/2019 (Acuerdo de cierre de instrucci\u00f3n y sol. De fecha y hora para sesi\u00f3n)&lt;\/a&gt;\" ><a href=\"http:\/\/teec.org.mx\/web\/wp-content\/uploads\/2020\/02\/TEEC-JDC-60-2019-1er-Acu.-24-01-2020.pdf\" target=\"_blank\">TEEC\/JDC\/60\/2019 (Acuerdo de cierre de instrucci\u00f3n y sol. De fecha y hora para sesi\u00f3n)<\/a><\/td><\/tr><tr style=\"height:px\" ><td data-cell-id=\"A214\" data-x=\"0\" data-y=\"214\" data-db-index=\"214\" class=\"\" data-cell-type=\"text\" data-original-value=\"09 de enero de 2020, a las 13:10 horas\" data-order=\"09 de enero de 2020, a las 13:10 horas\" >09 de enero de 2020, a las 13:10 horas <\/td><td data-cell-id=\"B214\" data-x=\"1\" data-y=\"214\" data-db-index=\"214\" class=\"\" data-cell-type=\"text\" data-original-value=\"Ciudadano Eliseo Fern\u00e1ndez Montufar\" data-order=\"Ciudadano Eliseo Fern\u00e1ndez Montufar\" >Ciudadano Eliseo Fern\u00e1ndez Montufar <\/td><td data-cell-id=\"C214\" data-x=\"2\" data-y=\"214\" data-db-index=\"214\" class=\"\" data-cell-type=\"text\" data-original-value=\"Congreso del Estado de Campeche\" data-order=\"Congreso del Estado de Campeche\" >Congreso del Estado de Campeche <\/td><td data-cell-id=\"D214\" data-x=\"3\" data-y=\"214\" data-db-index=\"214\" class=\"\" data-cell-type=\"text\" data-original-value=\"&lt;a href=&quot;http:\/\/teec.org.mx\/web\/wp-content\/uploads\/2020\/02\/TEEC-JDC-60-2019-09-01-2020.pdf&quot; target=&quot;_blank&quot;&gt;TEEC\/JDC\/60\/2019 (Acuerdo de Acumulaci\u00f3n y Admisi\u00f3n)&lt;\/a&gt;\" data-order=\"&lt;a href=&quot;http:\/\/teec.org.mx\/web\/wp-content\/uploads\/2020\/02\/TEEC-JDC-60-2019-09-01-2020.pdf&quot; target=&quot;_blank&quot;&gt;TEEC\/JDC\/60\/2019 (Acuerdo de Acumulaci\u00f3n y Admisi\u00f3n)&lt;\/a&gt;\" ><a href=\"http:\/\/teec.org.mx\/web\/wp-content\/uploads\/2020\/02\/TEEC-JDC-60-2019-09-01-2020.pdf\" target=\"_blank\">TEEC\/JDC\/60\/2019 (Acuerdo de Acumulaci\u00f3n y Admisi\u00f3n)<\/a><\/td><\/tr><\/tbody><\/table><!-- \/#supsystic-table-3.supsystic-table --><div class=\"stbConditionsData\" ><\/div><\/div><!-- \/.supsystic-tables-wrap --><!-- Tables Generator by Supsystic --><!-- Version:1.10.47 --><!-- http:\/\/supsystic.com\/ --><a title=\"WordPress Responsive Table\" style=\"display:none;\" href=\"https:\/\/supsystic.com\/plugins\/wordpress-data-table-plugin\/?utm_medium=love_link\" target=\"_blank\">WordPress Responsive Table<\/a><\/p>\n<p>&nbsp;<\/p>\n","protected":false},"excerpt":{"rendered":"<p>Juicio para la protecci\u00f3n de los derechos pol\u00edticos- electorales de la ciudadan\u00eda &nbsp; &nbsp;<\/p>\n","protected":false},"author":1,"featured_media":0,"parent":0,"menu_order":0,"comment_status":"closed","ping_status":"closed","template":"","meta":{"footnotes":""},"yst_prominent_words":[],"_links":{"self":[{"href":"https:\/\/teec.org.mx\/web\/wp-json\/wp\/v2\/pages\/435"}],"collection":[{"href":"https:\/\/teec.org.mx\/web\/wp-json\/wp\/v2\/pages"}],"about":[{"href":"https:\/\/teec.org.mx\/web\/wp-json\/wp\/v2\/types\/page"}],"author":[{"embeddable":true,"href":"https:\/\/teec.org.mx\/web\/wp-json\/wp\/v2\/users\/1"}],"replies":[{"embeddable":true,"href":"https:\/\/teec.org.mx\/web\/wp-json\/wp\/v2\/comments?post=435"}],"version-history":[{"count":3,"href":"https:\/\/teec.org.mx\/web\/wp-json\/wp\/v2\/pages\/435\/revisions"}],"predecessor-version":[{"id":8512,"href":"https:\/\/teec.org.mx\/web\/wp-json\/wp\/v2\/pages\/435\/revisions\/8512"}],"wp:attachment":[{"href":"https:\/\/teec.org.mx\/web\/wp-json\/wp\/v2\/media?parent=435"}],"wp:term":[{"taxonomy":"yst_prominent_words","embeddable":true,"href":"https:\/\/teec.org.mx\/web\/wp-json\/wp\/v2\/yst_prominent_words?post=435"}],"curies":[{"name":"wp","href":"https:\/\/api.w.org\/{rel}","templated":true}]}}