{"id":7820,"date":"2020-11-26T15:19:51","date_gmt":"2020-11-26T21:19:51","guid":{"rendered":"https:\/\/teec.org.mx\/web\/?page_id=7820"},"modified":"2021-01-28T15:13:04","modified_gmt":"2021-01-28T21:13:04","slug":"pes-2020","status":"publish","type":"page","link":"https:\/\/teec.org.mx\/web\/pes-2020\/","title":{"rendered":"PES 2020"},"content":{"rendered":"\n<h3 class=\"has-text-align-center wp-block-heading\">Procedimiento Especial Sancionador 2020<\/h3>\n\n\n\n<p>&nbsp;<\/p>\n<p style=\"text-align: center;\"><div class=\"supsystic-table-loader la-ball-beat la-2x\" style=\"color:#000000\"><div><\/div><div><\/div><div><\/div><\/div><div id=\"supsystic-table-53_2461\" class=\"supsystic-tables-wrap pagination-medium\" style=\" width:100%; visibility: hidden; \" data-table-width-fixed=\"100%\" data-table-width-mobile=\"100%\" ><div class=\"supsystic-tables-features\"><\/div><table id=\"supsystic-table-53\" class=\"supsystic-table border cell-border\" data-id=\"53\" data-view-id=\"53_2461\" data-title=\"PES 2020\" data-currency-format=\"$1,000.00\" data-percent-format=\"10.00%\" data-date-format=\"DD.MM.YYYY\" data-time-format=\"HH:mm\" data-features=\"[&quot;info&quot;,&quot;paging&quot;,&quot;searching&quot;,&quot;after_table_loaded_script&quot;,&quot;import&quot;]\" data-search-value=\"\" data-head=\"on\" data-head-rows-count=\"1\" data-pagination-length=\"10,25,50,100,All\" data-auto-index=\"off\" data-searching-settings=\"{&quot;columnSearchPosition&quot;:&quot;bottom&quot;,&quot;minChars&quot;:&quot;0&quot;}\" data-lang=\"Spanish\" data-override=\"{&quot;emptyTable&quot;:&quot;&quot;,&quot;info&quot;:&quot;&quot;,&quot;infoEmpty&quot;:&quot;&quot;,&quot;infoFiltered&quot;:&quot;&quot;,&quot;lengthMenu&quot;:&quot;&quot;,&quot;search&quot;:&quot;&quot;,&quot;zeroRecords&quot;:&quot;&quot;,&quot;exportLabel&quot;:&quot;&quot;,&quot;file&quot;:&quot;Spanish&quot;}\" data-merged=\"[]\" data-responsive-mode=\"0\" data-from-history=\"0\" ><thead><tr><th data-cell-id=\"A1\" data-x=\"0\" data-y=\"1\" data-db-index=\"1\" class=\"htCenter bg-d49820 color-ffffff bold fsize-20\" data-cell-type=\"text\" data-original-value=\"Fecha y hora de notificaci\u00f3n\" data-order=\"Fecha y hora de notificaci\u00f3n\" style=\"min-width:21.2487%; \" >Fecha y hora de notificaci\u00f3n <\/th><th data-cell-id=\"B1\" data-x=\"1\" data-y=\"1\" data-db-index=\"1\" class=\"htCenter bg-d49820 color-ffffff bold fsize-20\" data-cell-type=\"text\" data-original-value=\"Promovente\" data-order=\"Promovente\" style=\"min-width:27.3917%; \" >Promovente <\/th><th data-cell-id=\"C1\" data-x=\"2\" data-y=\"1\" data-db-index=\"1\" class=\"htCenter bg-d49820 color-ffffff bold fsize-20\" data-cell-type=\"text\" data-original-value=\"Persona denunciada\" data-order=\"Persona denunciada\" style=\"min-width:26.284%; \" >Persona denunciada <\/th><th data-cell-id=\"D1\" data-x=\"3\" data-y=\"1\" data-db-index=\"1\" class=\"htCenter bg-d49820 color-ffffff bold fsize-20\" data-cell-type=\"text\" data-original-value=\"Archivo\" data-order=\"Archivo\" style=\"min-width:25.0755%; \" >Archivo <\/th><\/tr><\/thead><tbody><tr style=\"height:px\" ><td data-cell-id=\"A2\" data-x=\"0\" data-y=\"2\" data-db-index=\"2\" class=\"fsize-18\" data-cell-type=\"text\" data-original-value=\"29 de diciembre de 2020, a las 14:40 horas\" data-order=\"29 de diciembre de 2020, a las 14:40 horas\" >29 de diciembre de 2020, a las 14:40 horas <\/td><td data-cell-id=\"B2\" data-x=\"1\" data-y=\"2\" data-db-index=\"2\" class=\"fsize-18\" data-cell-type=\"text\" data-original-value=\"Ciudadano V\u00edctor Javier Hern\u00e1ndez Ponce, quien se ostenta como Representante Suplente del Partido Morena ante el Consejo General del Instituto Electoral del Estado de Campeche\" data-order=\"Ciudadano V\u00edctor Javier Hern\u00e1ndez Ponce, quien se ostenta como Representante Suplente del Partido Morena ante el Consejo General del Instituto Electoral del Estado de Campeche\" >Ciudadano V\u00edctor Javier Hern\u00e1ndez Ponce, quien se ostenta como Representante Suplente del Partido Morena ante el Consejo General del Instituto Electoral del Estado de Campeche <\/td><td data-cell-id=\"C2\" data-x=\"2\" data-y=\"2\" data-db-index=\"2\" class=\"fsize-18\" data-cell-type=\"text\" data-original-value=\"Ciudadana Biby Karen Rabelo de la Torre\" data-order=\"Ciudadana Biby Karen Rabelo de la Torre\" >Ciudadana Biby Karen Rabelo de la Torre <\/td><td data-cell-id=\"D2\" data-x=\"3\" data-y=\"2\" data-db-index=\"2\" class=\"fsize-18\" data-cell-type=\"text\" data-original-value=\"&lt;a href=&quot;https:\/\/teec.org.mx\/web\/wp-content\/uploads\/2020\/12\/TEEC-PES-2-2020-Sent-29-12-2020.pdf&quot; target=&quot;_blank&quot;&gt;TEEC\/PES\/2\/2020 (Sentencia)&lt;\/a&gt;\" data-order=\"&lt;a href=&quot;https:\/\/teec.org.mx\/web\/wp-content\/uploads\/2020\/12\/TEEC-PES-2-2020-Sent-29-12-2020.pdf&quot; target=&quot;_blank&quot;&gt;TEEC\/PES\/2\/2020 (Sentencia)&lt;\/a&gt;\" ><a href=\"https:\/\/teec.org.mx\/web\/wp-content\/uploads\/2020\/12\/TEEC-PES-2-2020-Sent-29-12-2020.pdf\" target=\"_blank\">TEEC\/PES\/2\/2020 (Sentencia)<\/a><\/td><\/tr><tr style=\"height:px\" ><td data-cell-id=\"A3\" data-x=\"0\" data-y=\"3\" data-db-index=\"3\" class=\"fsize-18\" data-cell-type=\"text\" data-original-value=\"24 de diciembre de 2020, a las 11:30 horas\" data-order=\"24 de diciembre de 2020, a las 11:30 horas\" >24 de diciembre de 2020, a las 11:30 horas <\/td><td data-cell-id=\"B3\" data-x=\"1\" data-y=\"3\" data-db-index=\"3\" class=\"fsize-18\" data-cell-type=\"text\" data-original-value=\"Ciudadano V\u00edctor Javier Hern\u00e1ndez Ponce, quien se ostenta como Representante Suplente del Partido Morena ante el Consejo General del Instituto Electoral del Estado de Campeche\" data-order=\"Ciudadano V\u00edctor Javier Hern\u00e1ndez Ponce, quien se ostenta como Representante Suplente del Partido Morena ante el Consejo General del Instituto Electoral del Estado de Campeche\" >Ciudadano V\u00edctor Javier Hern\u00e1ndez Ponce, quien se ostenta como Representante Suplente del Partido Morena ante el Consejo General del Instituto Electoral del Estado de Campeche <\/td><td data-cell-id=\"C3\" data-x=\"2\" data-y=\"3\" data-db-index=\"3\" class=\"fsize-18\" data-cell-type=\"text\" data-original-value=\"Ciudadana Biby Karen Rabelo de la Torre\" data-order=\"Ciudadana Biby Karen Rabelo de la Torre\" >Ciudadana Biby Karen Rabelo de la Torre <\/td><td data-cell-id=\"D3\" data-x=\"3\" data-y=\"3\" data-db-index=\"3\" class=\"fsize-18\" data-cell-type=\"text\" data-original-value=\"&lt;a href=&quot;https:\/\/teec.org.mx\/web\/wp-content\/uploads\/2020\/12\/TEEC-PES-2-2020-24-12-2020.pdf&quot; target=&quot;_blank&quot;&gt;TEEC\/PES\/2\/2020 (Se notifica acuerdo recepci\u00f3n, radicaci\u00f3n y se fija fecha y hora para sesi\u00f3n publica virtual)&lt;\/a&gt;\" data-order=\"&lt;a href=&quot;https:\/\/teec.org.mx\/web\/wp-content\/uploads\/2020\/12\/TEEC-PES-2-2020-24-12-2020.pdf&quot; target=&quot;_blank&quot;&gt;TEEC\/PES\/2\/2020 (Se notifica acuerdo recepci\u00f3n, radicaci\u00f3n y se fija fecha y hora para sesi\u00f3n publica virtual)&lt;\/a&gt;\" ><a href=\"https:\/\/teec.org.mx\/web\/wp-content\/uploads\/2020\/12\/TEEC-PES-2-2020-24-12-2020.pdf\" target=\"_blank\">TEEC\/PES\/2\/2020 (Se notifica acuerdo recepci\u00f3n, radicaci\u00f3n y se fija fecha y hora para sesi\u00f3n publica virtual)<\/a><\/td><\/tr><tr style=\"height:px\" ><td data-cell-id=\"A4\" data-x=\"0\" data-y=\"4\" data-db-index=\"4\" class=\"fsize-18\" data-cell-type=\"text\" data-original-value=\"17 de diciembre de 2020, a las 9:30 horas\" data-order=\"17 de diciembre de 2020, a las 9:30 horas\" >17 de diciembre de 2020, a las 9:30 horas <\/td><td data-cell-id=\"B4\" data-x=\"1\" data-y=\"4\" data-db-index=\"4\" class=\"fsize-18\" data-cell-type=\"text\" data-original-value=\"Ciudadano V\u00edctor Javier Hern\u00e1ndez Ponce, quien se ostenta como Representante Suplente del Partido Morena ante el Consejo General del Instituto Electoral del Estado de Campeche\" data-order=\"Ciudadano V\u00edctor Javier Hern\u00e1ndez Ponce, quien se ostenta como Representante Suplente del Partido Morena ante el Consejo General del Instituto Electoral del Estado de Campeche\" >Ciudadano V\u00edctor Javier Hern\u00e1ndez Ponce, quien se ostenta como Representante Suplente del Partido Morena ante el Consejo General del Instituto Electoral del Estado de Campeche <\/td><td data-cell-id=\"C4\" data-x=\"2\" data-y=\"4\" data-db-index=\"4\" class=\"fsize-18\" data-cell-type=\"text\" data-original-value=\"Ciudadana Biby Karen Rabelo de la Torre\" data-order=\"Ciudadana Biby Karen Rabelo de la Torre\" >Ciudadana Biby Karen Rabelo de la Torre <\/td><td data-cell-id=\"D4\" data-x=\"3\" data-y=\"4\" data-db-index=\"4\" class=\"fsize-18\" data-cell-type=\"text\" data-original-value=\"&lt;a href=&quot;https:\/\/teec.org.mx\/web\/wp-content\/uploads\/2020\/12\/TEEC-PES-2-2020-17-12-2020.pdf&quot; target=&quot;_blank&quot;&gt;TEEC\/PES\/2\/2020 (Se notifica acuerdo de turno)&lt;\/a&gt;\" data-order=\"&lt;a href=&quot;https:\/\/teec.org.mx\/web\/wp-content\/uploads\/2020\/12\/TEEC-PES-2-2020-17-12-2020.pdf&quot; target=&quot;_blank&quot;&gt;TEEC\/PES\/2\/2020 (Se notifica acuerdo de turno)&lt;\/a&gt;\" ><a href=\"https:\/\/teec.org.mx\/web\/wp-content\/uploads\/2020\/12\/TEEC-PES-2-2020-17-12-2020.pdf\" target=\"_blank\">TEEC\/PES\/2\/2020 (Se notifica acuerdo de turno)<\/a><\/td><\/tr><tr style=\"height:px\" ><td data-cell-id=\"A5\" data-x=\"0\" data-y=\"5\" data-db-index=\"5\" class=\"fsize-18\" data-cell-type=\"text\" data-original-value=\"10 de diciembre de 2020, a las 13:50 horas\" data-order=\"10 de diciembre de 2020, a las 13:50 horas\" >10 de diciembre de 2020, a las 13:50 horas <\/td><td data-cell-id=\"B5\" data-x=\"1\" data-y=\"5\" data-db-index=\"5\" class=\"fsize-18\" data-cell-type=\"text\" data-original-value=\"Ciudadano Carlos Ram\u00edrez Cort\u00e9z, quien se ostenta como Representante del Partido Morena ante el Consejo General del Instituto Electoral del Estado de Campeche\" data-order=\"Ciudadano Carlos Ram\u00edrez Cort\u00e9z, quien se ostenta como Representante del Partido Morena ante el Consejo General del Instituto Electoral del Estado de Campeche\" >Ciudadano Carlos Ram\u00edrez Cort\u00e9z, quien se ostenta como Representante del Partido Morena ante el Consejo General del Instituto Electoral del Estado de Campeche <\/td><td data-cell-id=\"C5\" data-x=\"2\" data-y=\"5\" data-db-index=\"5\" class=\"fsize-18\" data-cell-type=\"text\" data-original-value=\"Partido Revolucionario Institucional, Representado por el Ciudadano Ricardo Medina Farf\u00e1n. Ciudadano Cristian Castro Bello, Titular de la Secretar\u00eda de Desarrollo Social y Humano\" data-order=\"Partido Revolucionario Institucional, Representado por el Ciudadano Ricardo Medina Farf\u00e1n. Ciudadano Cristian Castro Bello, Titular de la Secretar\u00eda de Desarrollo Social y Humano\" >Partido Revolucionario Institucional, Representado por el Ciudadano Ricardo Medina Farf\u00e1n. Ciudadano Cristian Castro Bello, Titular de la Secretar\u00eda de Desarrollo Social y Humano <\/td><td data-cell-id=\"D5\" data-x=\"3\" data-y=\"5\" data-db-index=\"5\" class=\"fsize-18\" data-cell-type=\"text\" data-original-value=\"&lt;a href=&quot;https:\/\/teec.org.mx\/web\/wp-content\/uploads\/2020\/12\/TEEC-PES-1-2020-10-12-2020.pdf&quot; target=&quot;_blank&quot;&gt;TEEC\/PES\/1\/2020 (Se declara firme la sentencia)&lt;\/a&gt;\" data-order=\"&lt;a href=&quot;https:\/\/teec.org.mx\/web\/wp-content\/uploads\/2020\/12\/TEEC-PES-1-2020-10-12-2020.pdf&quot; target=&quot;_blank&quot;&gt;TEEC\/PES\/1\/2020 (Se declara firme la sentencia)&lt;\/a&gt;\" ><a href=\"https:\/\/teec.org.mx\/web\/wp-content\/uploads\/2020\/12\/TEEC-PES-1-2020-10-12-2020.pdf\" target=\"_blank\">TEEC\/PES\/1\/2020 (Se declara firme la sentencia)<\/a><\/td><\/tr><tr style=\"height:px\" ><td data-cell-id=\"A6\" data-x=\"0\" data-y=\"6\" data-db-index=\"6\" class=\"fsize-18\" data-cell-type=\"text\" data-original-value=\"03 de diciembre de 2020, a las14:30 horas\" data-order=\"03 de diciembre de 2020, a las14:30 horas\" >03 de diciembre de 2020, a las14:30 horas <\/td><td data-cell-id=\"B6\" data-x=\"1\" data-y=\"6\" data-db-index=\"6\" class=\"fsize-18\" data-cell-type=\"text\" data-original-value=\"Ciudadano Carlos Ram\u00edrez Cort\u00e9z, quien se ostenta como Representante del Partido Morena ante el Consejo General del Instituto Electoral del Estado de Campeche\" data-order=\"Ciudadano Carlos Ram\u00edrez Cort\u00e9z, quien se ostenta como Representante del Partido Morena ante el Consejo General del Instituto Electoral del Estado de Campeche\" >Ciudadano Carlos Ram\u00edrez Cort\u00e9z, quien se ostenta como Representante del Partido Morena ante el Consejo General del Instituto Electoral del Estado de Campeche <\/td><td data-cell-id=\"C6\" data-x=\"2\" data-y=\"6\" data-db-index=\"6\" class=\"fsize-18\" data-cell-type=\"text\" data-original-value=\"Partido Revolucionario Institucional, Representado por el Ciudadano Ricardo Medina Farf\u00e1n. Ciudadano Cristian Castro Bello, Titular de la Secretar\u00eda de Desarrollo Social y Humano\" data-order=\"Partido Revolucionario Institucional, Representado por el Ciudadano Ricardo Medina Farf\u00e1n. Ciudadano Cristian Castro Bello, Titular de la Secretar\u00eda de Desarrollo Social y Humano\" >Partido Revolucionario Institucional, Representado por el Ciudadano Ricardo Medina Farf\u00e1n. Ciudadano Cristian Castro Bello, Titular de la Secretar\u00eda de Desarrollo Social y Humano <\/td><td data-cell-id=\"D6\" data-x=\"3\" data-y=\"6\" data-db-index=\"6\" class=\"fsize-18\" data-cell-type=\"text\" data-original-value=\"&lt;a href=&quot;https:\/\/teec.org.mx\/web\/wp-content\/uploads\/2020\/12\/TEEC-PES-1-2020-03-12-2020.pdf&quot; target=&quot;_blank&quot;&gt;TEEC\/PES\/1\/2020 (Se notifica sentencia)&lt;\/a&gt;\" data-order=\"&lt;a href=&quot;https:\/\/teec.org.mx\/web\/wp-content\/uploads\/2020\/12\/TEEC-PES-1-2020-03-12-2020.pdf&quot; target=&quot;_blank&quot;&gt;TEEC\/PES\/1\/2020 (Se notifica sentencia)&lt;\/a&gt;\" ><a href=\"https:\/\/teec.org.mx\/web\/wp-content\/uploads\/2020\/12\/TEEC-PES-1-2020-03-12-2020.pdf\" target=\"_blank\">TEEC\/PES\/1\/2020 (Se notifica sentencia)<\/a><\/td><\/tr><tr style=\"height:px\" ><td data-cell-id=\"A7\" data-x=\"0\" data-y=\"7\" data-db-index=\"7\" class=\"fsize-18\" data-cell-type=\"text\" data-original-value=\"27 de noviembre de 2020, a las 14:50 horas\" data-order=\"27 de noviembre de 2020, a las 14:50 horas\" >27 de noviembre de 2020, a las 14:50 horas <\/td><td data-cell-id=\"B7\" data-x=\"1\" data-y=\"7\" data-db-index=\"7\" class=\"fsize-18\" data-cell-type=\"text\" data-original-value=\"Ciudadano Carlos Ram\u00edrez Cort\u00e9z, quien se ostenta como Representante del Partido Morena ante el Consejo General del Instituto Electoral del Estado de Campeche\" data-order=\"Ciudadano Carlos Ram\u00edrez Cort\u00e9z, quien se ostenta como Representante del Partido Morena ante el Consejo General del Instituto Electoral del Estado de Campeche\" >Ciudadano Carlos Ram\u00edrez Cort\u00e9z, quien se ostenta como Representante del Partido Morena ante el Consejo General del Instituto Electoral del Estado de Campeche <\/td><td data-cell-id=\"C7\" data-x=\"2\" data-y=\"7\" data-db-index=\"7\" class=\"fsize-18\" data-cell-type=\"text\" data-original-value=\"Partido Revolucionario Institucional, Representado por el Ciudadano Ricardo Medina Farf\u00e1n. Ciudadano Cristian Castro Bello, Titular de la Secretar\u00eda de Desarrollo Social y Humano\" data-order=\"Partido Revolucionario Institucional, Representado por el Ciudadano Ricardo Medina Farf\u00e1n. Ciudadano Cristian Castro Bello, Titular de la Secretar\u00eda de Desarrollo Social y Humano\" >Partido Revolucionario Institucional, Representado por el Ciudadano Ricardo Medina Farf\u00e1n. Ciudadano Cristian Castro Bello, Titular de la Secretar\u00eda de Desarrollo Social y Humano <\/td><td data-cell-id=\"D7\" data-x=\"3\" data-y=\"7\" data-db-index=\"7\" class=\"fsize-18\" data-cell-type=\"text\" data-original-value=\"&lt;a href=&quot;https:\/\/teec.org.mx\/web\/wp-content\/uploads\/2020\/11\/TEEC-PES-1-2020-27-11-2020.pdf&quot; target=&quot;_blank&quot;&gt;TEEC\/PES\/1\/2020 (Se notifica acuerdo de radicaci\u00f3n y se fija fecha y hora para sesi\u00f3n p\u00fablica)&lt;\/a&gt;\" data-order=\"&lt;a href=&quot;https:\/\/teec.org.mx\/web\/wp-content\/uploads\/2020\/11\/TEEC-PES-1-2020-27-11-2020.pdf&quot; target=&quot;_blank&quot;&gt;TEEC\/PES\/1\/2020 (Se notifica acuerdo de radicaci\u00f3n y se fija fecha y hora para sesi\u00f3n p\u00fablica)&lt;\/a&gt;\" ><a href=\"https:\/\/teec.org.mx\/web\/wp-content\/uploads\/2020\/11\/TEEC-PES-1-2020-27-11-2020.pdf\" target=\"_blank\">TEEC\/PES\/1\/2020 (Se notifica acuerdo de radicaci\u00f3n y se fija fecha y hora para sesi\u00f3n p\u00fablica)<\/a><\/td><\/tr><tr style=\"height:px\" ><td data-cell-id=\"A8\" data-x=\"0\" data-y=\"8\" data-db-index=\"8\" class=\"fsize-18\" data-cell-type=\"text\" data-original-value=\"26 de noviembre de 2020, a las 13:52 horas\" data-order=\"26 de noviembre de 2020, a las 13:52 horas\" >26 de noviembre de 2020, a las 13:52 horas <\/td><td data-cell-id=\"B8\" data-x=\"1\" data-y=\"8\" data-db-index=\"8\" class=\"fsize-18\" data-cell-type=\"text\" data-original-value=\"Ciudadano Carlos Ram\u00edrez Cort\u00e9z, quien se ostenta como Representante del Partido Morena ante el Consejo General del Instituto Electoral del Estado de Campeche\" data-order=\"Ciudadano Carlos Ram\u00edrez Cort\u00e9z, quien se ostenta como Representante del Partido Morena ante el Consejo General del Instituto Electoral del Estado de Campeche\" >Ciudadano Carlos Ram\u00edrez Cort\u00e9z, quien se ostenta como Representante del Partido Morena ante el Consejo General del Instituto Electoral del Estado de Campeche <\/td><td data-cell-id=\"C8\" data-x=\"2\" data-y=\"8\" data-db-index=\"8\" class=\"fsize-18\" data-cell-type=\"text\" data-original-value=\"Partido Revolucionario Institucional, Representado por el Ciudadano Ricardo Medina Farf\u00e1n. Ciudadano Cristian Castro Bello, Titular de la Secretar\u00eda de Desarrollo Social y Humano\" data-order=\"Partido Revolucionario Institucional, Representado por el Ciudadano Ricardo Medina Farf\u00e1n. Ciudadano Cristian Castro Bello, Titular de la Secretar\u00eda de Desarrollo Social y Humano\" >Partido Revolucionario Institucional, Representado por el Ciudadano Ricardo Medina Farf\u00e1n. Ciudadano Cristian Castro Bello, Titular de la Secretar\u00eda de Desarrollo Social y Humano <\/td><td data-cell-id=\"D8\" data-x=\"3\" data-y=\"8\" data-db-index=\"8\" class=\"fsize-18\" data-cell-type=\"text\" data-original-value=\"&lt;a href=&quot;https:\/\/teec.org.mx\/web\/wp-content\/uploads\/2020\/11\/TEEC-PES-1-2020-26-11-2020.pdf&quot; target=&quot;_blank&quot;&gt;TEEC\/PES\/1\/2020 (Se notifica acuerdo de turno)&lt;\/a&gt;\" data-order=\"&lt;a href=&quot;https:\/\/teec.org.mx\/web\/wp-content\/uploads\/2020\/11\/TEEC-PES-1-2020-26-11-2020.pdf&quot; target=&quot;_blank&quot;&gt;TEEC\/PES\/1\/2020 (Se notifica acuerdo de turno)&lt;\/a&gt;\" ><a href=\"https:\/\/teec.org.mx\/web\/wp-content\/uploads\/2020\/11\/TEEC-PES-1-2020-26-11-2020.pdf\" target=\"_blank\">TEEC\/PES\/1\/2020 (Se notifica acuerdo de turno)<\/a><\/td><\/tr><\/tbody><\/table><!-- \/#supsystic-table-53.supsystic-table --><div class=\"stbConditionsData\" ><\/div><\/div><!-- \/.supsystic-tables-wrap --><!-- Tables Generator by Supsystic --><!-- Version:1.10.47 --><!-- http:\/\/supsystic.com\/ --><a title=\"WordPress Responsive Table\" style=\"display:none;\" href=\"https:\/\/supsystic.com\/plugins\/wordpress-data-table-plugin\/?utm_medium=love_link\" target=\"_blank\">WordPress Responsive Table<\/a><\/p>\n","protected":false},"excerpt":{"rendered":"<p>Procedimiento Especial Sancionador 2020 &nbsp;<\/p>\n","protected":false},"author":1,"featured_media":0,"parent":0,"menu_order":0,"comment_status":"closed","ping_status":"closed","template":"","meta":{"footnotes":""},"yst_prominent_words":[],"_links":{"self":[{"href":"https:\/\/teec.org.mx\/web\/wp-json\/wp\/v2\/pages\/7820"}],"collection":[{"href":"https:\/\/teec.org.mx\/web\/wp-json\/wp\/v2\/pages"}],"about":[{"href":"https:\/\/teec.org.mx\/web\/wp-json\/wp\/v2\/types\/page"}],"author":[{"embeddable":true,"href":"https:\/\/teec.org.mx\/web\/wp-json\/wp\/v2\/users\/1"}],"replies":[{"embeddable":true,"href":"https:\/\/teec.org.mx\/web\/wp-json\/wp\/v2\/comments?post=7820"}],"version-history":[{"count":5,"href":"https:\/\/teec.org.mx\/web\/wp-json\/wp\/v2\/pages\/7820\/revisions"}],"predecessor-version":[{"id":9062,"href":"https:\/\/teec.org.mx\/web\/wp-json\/wp\/v2\/pages\/7820\/revisions\/9062"}],"wp:attachment":[{"href":"https:\/\/teec.org.mx\/web\/wp-json\/wp\/v2\/media?parent=7820"}],"wp:term":[{"taxonomy":"yst_prominent_words","embeddable":true,"href":"https:\/\/teec.org.mx\/web\/wp-json\/wp\/v2\/yst_prominent_words?post=7820"}],"curies":[{"name":"wp","href":"https:\/\/api.w.org\/{rel}","templated":true}]}}